{"id":169112,"date":"2026-09-05T14:05:41","date_gmt":"2026-09-05T14:05:41","guid":{"rendered":"https:\/\/iwell-guard.com\/?page_id=169112"},"modified":"2026-09-05T14:32:33","modified_gmt":"2026-09-05T14:32:33","slug":"sansin","status":"publish","type":"page","link":"https:\/\/iwell-guard.com\/is\/sansin\/","title":{"rendered":"Sansin"},"content":{"rendered":"\t\t<div data-elementor-type=\"wp-page\" data-elementor-id=\"169112\" class=\"elementor elementor-169112 elementor-3055 elementor-bc-flex-widget\" data-elementor-post-type=\"page\">\n\t\t\t\t<div class=\"elementor-element elementor-element-0fa5432 e-flex e-con-boxed e-con e-parent\" data-id=\"0fa5432\" data-element_type=\"container\" data-e-type=\"container\" data-settings=\"{&quot;background_background&quot;:&quot;classic&quot;}\">\n\t\t\t\t\t<div class=\"e-con-inner\">\n\t\t<div class=\"elementor-element elementor-element-e71104a e-flex e-con-boxed e-con e-child\" data-id=\"e71104a\" data-element_type=\"container\" data-e-type=\"container\">\n\t\t\t\t\t<div class=\"e-con-inner\">\n\t\t<div class=\"elementor-element elementor-element-23a6631 e-con-full e-flex e-con e-child\" data-id=\"23a6631\" data-element_type=\"container\" data-e-type=\"container\">\n\t\t\t\t<div class=\"elementor-element elementor-element-be1262b elementor-widget elementor-widget-heading\" data-id=\"be1262b\" data-element_type=\"widget\" data-e-type=\"widget\" data-widget_type=\"heading.default\">\n\t\t\t\t\t<h1 class=\"elementor-heading-title elementor-size-default\">Sansin, k\u00f3reskur fjallagu\u00f0<\/h1>\t\t\t\t<\/div>\n\t\t\t\t<div class=\"elementor-element elementor-element-4439582 elementor-widget elementor-widget-text-editor\" data-id=\"4439582\" data-element_type=\"widget\" data-e-type=\"widget\" data-widget_type=\"text-editor.default\">\n\t\t\t\t\t\t\t\t\t<p>Sansin er k\u00f3reskur fjallagu\u00f0 sem \u00e1 s\u00e9r helgista\u00f0i \u00e1 heil\u00f6gum fj\u00f6llum og vakir yfir landi, sk\u00f3gi og villid\u00fdrum \u00e1 yfirr\u00e1\u00f0asv\u00e6\u00f0i s\u00ednu. Sansin (k\u00f3reska \uc0b0\uc2e0, \u5c71\u795e) er k\u00f3reski fjallagu\u00f0inn og er talinn mikilv\u00e6gasta sta\u00f0bundna verndarveran \u00ed k\u00f3reskri \u00fej\u00f3\u00f0tr\u00fa.<\/p><p>\u00d3l\u00edkt hinum fjarl\u00e6ga himnaherra Hananim e\u00f0a hinum yfirskilvitlegu bodhisattvum b\u00faddismans er Sansin sta\u00f0bundin <span class=\"iwg-fachbegriff\" data-tooltip=\"Vera sem er d\u00fdrku\u00f0 sem gu\u00f0leg innan tr\u00faarbrag\u00f0a.\" tabindex=\"0\">gu\u00f0vera<\/span> sem h\u00e6gt er a\u00f0 \u00e1kalla me\u00f0 \u00e1\u00fereifanlegum h\u00e6tti og \u00e1 helgista\u00f0i s\u00edna a\u00f0 finna \u00ed fj\u00f6llum K\u00f3reu. Fjallad\u00fdrkun er me\u00f0al elstu tr\u00faarlegu i\u00f0kana k\u00f3resku skagans og hefur haldist vi\u00f0 hli\u00f0 b\u00fadd\u00edskra, konf\u00fas\u00edanskra og sjaman\u00edskra hef\u00f0a allt fram \u00e1 okkar daga.<\/p>\t\t\t\t\t\t\t\t<\/div>\n\t\t\t\t<\/div>\n\t\t<div class=\"elementor-element elementor-element-2a5263a e-con-full e-flex e-con e-parent\" data-id=\"2a5263a\" data-element_type=\"container\" data-e-type=\"container\">\n\t\t\t\t<div class=\"elementor-element elementor-element-392eea8 elementor-widget elementor-widget-html\" data-id=\"392eea8\" data-element_type=\"widget\" data-e-type=\"widget\" data-widget_type=\"html.default\">\n\t\t\t\t\t<div class=\"iwg-pill-row\"><span class=\"iwg-klasse-badge\" tabindex=\"0\" data-tooltip=\"Gu\u00f0 \/ Gy\u00f0ja: Pers\u00f3nuger\u00f0 \u00e6\u00f0sta m\u00e1ttarvald \u00ed go\u00f0aheimi menningar, me\u00f0 sk\u00fdr valdsvi\u00f0 \u2014 n\u00e1tt\u00faru\u00f6fl, \u00f6rl\u00f6g, str\u00ed\u00f0, frj\u00f3semi. Tilbe\u00f0in me\u00f0 d\u00fdrkun, f\u00f3rnum og hofastofnunum.\">Gu\u00f0<\/span><a href=\"https:\/\/iwell-guard.com\/is\/korea\/\" class=\"iwg-kultur-badge\" tabindex=\"0\" data-tooltip=\"K\u00f3reskur heimur gu\u00f0a, sjamana og \u00fej\u00f3\u00f0aranda.\">K\u00f3rea<\/a><\/div>\t\t\t\t<\/div>\n\t\t\t\t<\/div>\n\t\t<div class=\"elementor-element elementor-element-7363c79 e-con-full e-flex e-con e-child\" data-id=\"7363c79\" data-element_type=\"container\" data-e-type=\"container\">\n\t\t\t\t<div class=\"elementor-element elementor-element-4ebd61f elementor-toc--minimized-on-tablet elementor-widget elementor-widget-table-of-contents\" data-id=\"4ebd61f\" data-element_type=\"widget\" data-e-type=\"widget\" data-settings=\"{&quot;exclude_headings_by_selector&quot;:[],&quot;no_headings_message&quot;:&quot;Engar undirfyrirsagnir fundust \\u00e1 \\u00feessari s\\u00ed\\u00f0u.&quot;,&quot;headings_by_tags&quot;:[&quot;h2&quot;,&quot;h3&quot;],&quot;marker_view&quot;:&quot;bullets&quot;,&quot;icon&quot;:{&quot;value&quot;:&quot;fas fa-circle&quot;,&quot;library&quot;:&quot;fa-solid&quot;,&quot;rendered_tag&quot;:&quot;&lt;svg class=\\&quot;e-font-icon-svg e-fas-circle\\&quot; viewBox=\\&quot;0 0 512 512\\&quot; xmlns=\\&quot;http:\\\/\\\/www.w3.org\\\/2000\\\/svg\\&quot;&gt;&lt;path d=\\&quot;M256 8C119 8 8 119 8 256s111 248 248 248 248-111 248-248S393 8 256 8z\\&quot;&gt;&lt;\\\/path&gt;&lt;\\\/svg&gt;&quot;},&quot;minimize_box&quot;:&quot;yes&quot;,&quot;minimized_on&quot;:&quot;tablet&quot;,&quot;hierarchical_view&quot;:&quot;yes&quot;,&quot;min_height&quot;:{&quot;unit&quot;:&quot;px&quot;,&quot;size&quot;:&quot;&quot;,&quot;sizes&quot;:[]},&quot;min_height_tablet&quot;:{&quot;unit&quot;:&quot;px&quot;,&quot;size&quot;:&quot;&quot;,&quot;sizes&quot;:[]},&quot;min_height_mobile&quot;:{&quot;unit&quot;:&quot;px&quot;,&quot;size&quot;:&quot;&quot;,&quot;sizes&quot;:[]}}\" data-widget_type=\"table-of-contents.default\">\n\t\t\t\t\t\t\t\t\t<div class=\"elementor-toc__header\">\n\t\t\t\t\t\t<h2 class=\"elementor-toc__header-title\">\n\t\t\t\tEfnisyfirlit\t\t\t<\/h2>\n\t\t\t\t\t\t\t\t\t\t<div class=\"elementor-toc__toggle-button elementor-toc__toggle-button--expand\" role=\"button\" tabindex=\"0\" aria-controls=\"elementor-toc__4ebd61f\" aria-expanded=\"true\" aria-label=\"Open table of contents\"><svg aria-hidden=\"true\" class=\"e-font-icon-svg e-fas-chevron-down\" viewBox=\"0 0 448 512\" xmlns=\"http:\/\/www.w3.org\/2000\/svg\"><path d=\"M207.029 381.476L12.686 187.132c-9.373-9.373-9.373-24.569 0-33.941l22.667-22.667c9.357-9.357 24.522-9.375 33.901-.04L224 284.505l154.745-154.021c9.379-9.335 24.544-9.317 33.901.04l22.667 22.667c9.373 9.373 9.373 24.569 0 33.941L240.971 381.476c-9.373 9.372-24.569 9.372-33.942 0z\"><\/path><\/svg><\/div>\n\t\t\t\t<div class=\"elementor-toc__toggle-button elementor-toc__toggle-button--collapse\" role=\"button\" tabindex=\"0\" aria-controls=\"elementor-toc__4ebd61f\" aria-expanded=\"true\" aria-label=\"Close table of contents\"><svg aria-hidden=\"true\" class=\"e-font-icon-svg e-fas-chevron-up\" viewBox=\"0 0 448 512\" xmlns=\"http:\/\/www.w3.org\/2000\/svg\"><path d=\"M240.971 130.524l194.343 194.343c9.373 9.373 9.373 24.569 0 33.941l-22.667 22.667c-9.357 9.357-24.522 9.375-33.901.04L224 227.495 69.255 381.516c-9.379 9.335-24.544 9.317-33.901-.04l-22.667-22.667c-9.373-9.373-9.373-24.569 0-33.941L207.03 130.525c9.372-9.373 24.568-9.373 33.941-.001z\"><\/path><\/svg><\/div>\n\t\t\t\t\t<\/div>\n\t\t\t\t<div id=\"elementor-toc__4ebd61f\" class=\"elementor-toc__body\">\n\t\t\t<div class=\"elementor-toc__spinner-container\">\n\t\t\t\t<svg class=\"elementor-toc__spinner eicon-animation-spin e-font-icon-svg e-eicon-loading\" aria-hidden=\"true\" viewBox=\"0 0 1000 1000\" xmlns=\"http:\/\/www.w3.org\/2000\/svg\"><path d=\"M500 975V858C696 858 858 696 858 500S696 142 500 142 142 304 142 500H25C25 237 238 25 500 25S975 237 975 500 763 975 500 975Z\"><\/path><\/svg>\t\t\t<\/div>\n\t\t<\/div>\n\t\t\t\t\t\t<\/div>\n\t\t\t\t<\/div>\n\t\t\t\t\t<\/div>\n\t\t\t\t<\/div>\n\t\t<div class=\"elementor-element elementor-element-2e2429f e-con-full e-flex e-con e-child\" data-id=\"2e2429f\" data-element_type=\"container\" data-e-type=\"container\">\n\t\t\t\t<div class=\"elementor-element elementor-element-dee3458 iwg-hero-image elementor-widget elementor-widget-image\" data-id=\"dee3458\" data-element_type=\"widget\" data-e-type=\"widget\" data-widget_type=\"image.default\">\n\t\t\t\t\t\t\t\t\t\t\t\t\t\t\t<img fetchpriority=\"high\" decoding=\"async\" width=\"683\" height=\"1024\" src=\"https:\/\/iwell-guard.com\/wp-content\/uploads\/2026\/05\/goetter_korea_sansin-1-683x1024.webp\" class=\"attachment-large size-large wp-image-170708\" alt=\"Sansin - gu\u00f0ir \u00far k\u00f3reskri hef\u00f0, s\u00f6guleg mynd\" srcset=\"https:\/\/iwell-guard.com\/wp-content\/uploads\/2026\/05\/goetter_korea_sansin-1-683x1024.webp 683w, https:\/\/iwell-guard.com\/wp-content\/uploads\/2026\/05\/goetter_korea_sansin-1-200x300.webp 200w, https:\/\/iwell-guard.com\/wp-content\/uploads\/2026\/05\/goetter_korea_sansin-1-768x1152.webp 768w, https:\/\/iwell-guard.com\/wp-content\/uploads\/2026\/05\/goetter_korea_sansin-1.webp 1024w\" sizes=\"(max-width: 683px) 100vw, 683px\" \/>\t\t\t\t\t\t\t\t\t\t\t\t\t\t\t<\/div>\n\t\t\t\t<\/div>\n\t\t\t\t\t<\/div>\n\t\t\t\t<\/div>\n\t\t<div class=\"elementor-element elementor-element-38d3269 e-con-boxed e-flex e-con e-parent\" data-id=\"38d3269\" data-element_type=\"container\" data-e-type=\"container\">\n\t\t\t\t\t<div class=\"e-con-inner\">\n\t\t<div class=\"elementor-element elementor-element-03c9e37 e-con-full e-flex e-con e-child\" data-id=\"03c9e37\" data-element_type=\"container\" data-e-type=\"container\">\n\t\t\t\t<div class=\"elementor-element elementor-element-a42e5ab elementor-widget elementor-widget-heading\" data-id=\"a42e5ab\" data-element_type=\"widget\" data-e-type=\"widget\" data-widget_type=\"heading.default\">\n\t\t\t\t\t<h2 class=\"elementor-heading-title elementor-size-default\">Heimildasta\u00f0a<\/h2>\t\t\t\t<\/div>\n\t\t\t\t<div class=\"elementor-element elementor-element-073e3ab elementor-widget elementor-widget-text-editor\" data-id=\"073e3ab\" data-element_type=\"widget\" data-e-type=\"widget\" data-widget_type=\"text-editor.default\">\n\t\t\t\t\t\t\t\t\t<p>Skriflegar heimildir um d\u00fdrkun Sansin n\u00e1 aftur til \u00der\u00edr\u00edkjat\u00edmans (1. til 7. \u00f6ld). Ritin \u00abSamguk Sagi\u00bb og \u00abSamguk Yusa\u00bb greina fr\u00e1 fjallarit\u00faalum \u00e1 heil\u00f6gum tindum sem taldir voru a\u00f0setur sta\u00f0bundinna gu\u00f0d\u00f3ma.<\/p><p>Landfr\u00e6\u00f0iriti\u00f0 \u00abDongguk Yeoji Seungnam\u00bb (\u00abV\u00ed\u00f0t\u00e6kt yfirlit yfir landafr\u00e6\u00f0i K\u00f3reu\u00bb, 1481) skr\u00e1ir einnig fj\u00f6lda fjallahelgista\u00f0a me\u00f0 s\u00ednum sta\u00f0bundnu Sansin-gu\u00f0um. B\u00fadd\u00edsk hef\u00f0 K\u00f3reu, fr\u00e1 4. \u00f6ld, felldi fjallad\u00fdrkunina inn \u00ed klausturuppbyggingu s\u00edna; hvert st\u00e6rra <span class=\"iwg-fachbegriff\" data-tooltip=\"Byggingu sem er \u00e6tlu\u00f0 til d\u00fdrkunar \u00e1 einum e\u00f0a fleiri gu\u00f0d\u00f3mum.\" tabindex=\"0\">hof<\/span> hefur litla sal fyrir Sansin, oft reista fyrir aftan a\u00f0al-B\u00faddah\u00f6llina.<\/p>\n\n<p>James Grayson og Don Baker hafa dregi\u00f0 saman heimildast\u00f6\u00f0una \u00ed yfirlitsritum s\u00ednum um tr\u00faars\u00f6gu. Boudewijn Walraven hefur \u00ed s\u00e9rt\u00e6kum ranns\u00f3knum \u00e1 k\u00f3reskri sjamanai\u00f0kun s\u00fdnt a\u00f0 Sansin er einnig \u00e1kalla\u00f0ur \u00ed sjaman\u00edskum rit\u00faalum (\u00abgut\u00bb), s\u00e9rstaklega \u00ed l\u00e6kninga- og verndarrit\u00faalum. Antonetta Bruno hefur skr\u00e1\u00f0 me\u00f0 kerfisbundnum h\u00e6tti \u00e1letranir og myndr\u00e6nar framsetningar \u00far fjallahelgist\u00f6\u00f0unum.<\/p>\t\t\t\t\t\t\t\t<\/div>\n\t\t\t\t<\/div>\n\t\t<div class=\"elementor-element elementor-element-2eafe57 e-con-full e-flex e-con e-child\" data-id=\"2eafe57\" data-element_type=\"container\" data-e-type=\"container\">\n\t\t\t\t<div class=\"elementor-element elementor-element-56460ff elementor-widget elementor-widget-heading\" data-id=\"56460ff\" data-element_type=\"widget\" data-e-type=\"widget\" data-widget_type=\"heading.default\">\n\t\t\t\t\t<h2 class=\"elementor-heading-title elementor-size-default\">Myndlist og framsetning<\/h2>\t\t\t\t<\/div>\n\t\t\t\t<div class=\"elementor-element elementor-element-12abafe elementor-widget elementor-widget-text-editor\" data-id=\"12abafe\" data-element_type=\"widget\" data-e-type=\"widget\" data-widget_type=\"text-editor.default\">\n\t\t\t\t\t\t\t\t\t<p>\u00cd myndlistarhef\u00f0inni er Sansin oftast s\u00fdndur sem aldra\u00f0ur, hv\u00edtskeggja\u00f0ur ma\u00f0ur sem sest undir furutr\u00e9, kl\u00e6\u00f0ist hef\u00f0bundinni k\u00f3reskri skikkju og heldur \u00e1 bl\u00e6v\u00e6ng e\u00f0a staf. Vi\u00f0 hli\u00f0 hans fylgir t\u00edgrisd\u00fdr sem \u00fej\u00f3nar sem rei\u00f0skj\u00f3ti e\u00f0a sendibo\u00f0i.<\/p><p>\u00deessi myndbygging hefur veri\u00f0 sta\u00f0f\u00e6r\u00f0 myndlistarlega fr\u00e1 17. \u00f6ld. \u00cd sumum sv\u00e6\u00f0um, s\u00e9rstaklega \u00ed Gangwon-h\u00e9ra\u00f0i, er Sansin einnig s\u00fdndur sem \u00f6ldru\u00f0 kona, sem minnir \u00e1 m\u00e6\u00f0raveldiskennda fjallakulta sem fjalla\u00f0 er um \u00ed fr\u00e6\u00f0unum.<\/p>\n\n<p>T\u00edgrisd\u00fdri\u00f0 er mikilv\u00e6gasta fylgid\u00fdr Sansin og hefur v\u00ed\u00f0t\u00e6ka t\u00e1knr\u00e6na merkingu \u00ed k\u00f3reskri <span class=\"iwg-fachbegriff\" data-tooltip=\"Fr\u00e6\u00f0igrein sem rannsakar hversdagsmenningu, si\u00f0i og hef\u00f0bundnar hugmyndir.\" tabindex=\"0\">\u00fej\u00f3\u00f0fr\u00e6\u00f0i<\/span>. \u00dea\u00f0 er tali\u00f0 v\u00f6r\u00f0ur fjallanna, refsiv\u00f6ndur Sansin og verndari hinna tr\u00fau\u00f0u.<\/p><p>\u00cd sumum sta\u00f0bundnum hef\u00f0um sameinast t\u00edgrisd\u00fdri\u00f0 sj\u00e1lfu fjallagu\u00f0inum, sem hefur \u00e1hrif allt inn \u00ed k\u00f3reska ritkerfi\u00f0: k\u00ednverska t\u00e1kni\u00f0 fyrir \u00abfjallagu\u00f0\u00bb (\u5c71\u795e) er stundum skipt \u00fat fyrir \u00abt\u00edgrisd\u00fdrat\u00e1kn\u00bb.<\/p>\t\t\t\t\t\t\t\t<\/div>\n\t\t\t\t<\/div>\n\t\t<div class=\"elementor-element elementor-element-48ccbd1 e-con-full e-flex e-con e-child\" data-id=\"48ccbd1\" data-element_type=\"container\" data-e-type=\"container\">\n\t\t\t\t<div class=\"elementor-element elementor-element-3966636 elementor-widget elementor-widget-heading\" data-id=\"3966636\" data-element_type=\"widget\" data-e-type=\"widget\" data-widget_type=\"heading.default\">\n\t\t\t\t\t<h2 class=\"elementor-heading-title elementor-size-default\">Helgista\u00f0ir og fjallakultir<\/h2>\t\t\t\t<\/div>\n\t\t\t\t<div class=\"elementor-element elementor-element-a5d7e67 elementor-widget elementor-widget-text-editor\" data-id=\"a5d7e67\" data-element_type=\"widget\" data-e-type=\"widget\" data-widget_type=\"text-editor.default\">\n\t\t\t\t\t\t\t\t\t<p>Mikilv\u00e6gustu helgista\u00f0ir Sansin eru \u00absansin-gak\u00bb, litlir helgireitir sem reistir voru n\u00e1l\u00e6gt fjallaklaustrum e\u00f0a \u00e1 s\u00e9rst\u00f6kum tindum.<\/p><p>Helgireitah\u00f3pur samanstendur venjulega af mi\u00f0l\u00e6gu a\u00f0alherbergi me\u00f0 mynd af Sansin og t\u00edgrisd\u00fdri hans, oft \u00e1samt reykelsisst\u00f6ndum og f\u00f3rnarb\u00f6kkum. \u00cd klausturumhverfi er helgista\u00f0num sinnt af b\u00fadd\u00edskum munki, en \u00ed \u00feorpsumhverfi af sta\u00f0bundnum \u00f6ldungum e\u00f0a sjam\u00f6num.<\/p>\n\n<p>Kunn fjallahelgisv\u00e6\u00f0i eru \u00e1 Baekdu-fjalli (\u00ed nor\u00f0ri, sem er einnig tali\u00f0 vera Hwanung-Hwanin-fjall), \u00e1 Jirisan, \u00e1 Hallasan \u00e1 Jeju, \u00e1 Seoraksan og \u00e1 Bukhan n\u00e1l\u00e6gt Seoul.<\/p><p>Hver \u00feessara helgista\u00f0a hefur s\u00ednar eigin sta\u00f0bundnu hef\u00f0ir, h\u00e1t\u00ed\u00f0isdaga og go\u00f0sagnas\u00f6gur. Boudewijn Walraven hefur \u00ed vettvangsranns\u00f3knum s\u00ednum skr\u00e1\u00f0 fj\u00f6lbreytileika \u00feessara sta\u00f0bundnu kulta og s\u00fdnt a\u00f0 fjallad\u00fdrkunin, \u00fer\u00e1tt fyrir yfirbor\u00f0slegan einsleitleika, hefur mj\u00f6g sterka sta\u00f0bundna s\u00e9rst\u00f6\u00f0u.<\/p>\t\t\t\t\t\t\t\t<\/div>\n\t\t\t\t<\/div>\n\t\t<div class=\"elementor-element elementor-element-39611fd e-con-full e-flex e-con e-child\" data-id=\"39611fd\" data-element_type=\"container\" data-e-type=\"container\">\n\t\t\t\t<div class=\"elementor-element elementor-element-fceafa5 elementor-widget elementor-widget-heading\" data-id=\"fceafa5\" data-element_type=\"widget\" data-e-type=\"widget\" data-widget_type=\"heading.default\">\n\t\t\t\t\t<h2 class=\"elementor-heading-title elementor-size-default\">Samband vi\u00f0 b\u00faddisma<\/h2>\t\t\t\t<\/div>\n\t\t\t\t<div class=\"elementor-element elementor-element-196563c elementor-widget elementor-widget-text-editor\" data-id=\"196563c\" data-element_type=\"widget\" data-e-type=\"widget\" data-widget_type=\"text-editor.default\">\n\t\t\t\t\t\t\t\t\t<p>Saml\u00f6gun Sansin inn \u00ed b\u00fadd\u00edska klausturuppbyggingu er athyglisver\u00f0ur ferill. \u00c1 4. og 5. \u00f6ld, \u00feegar b\u00faddismi kom fr\u00e1 K\u00edna til K\u00f3reu, fann hann fj\u00f6llin \u00feegar <span class=\"iwg-fachbegriff\" data-tooltip=\"\u00dea\u00f0 sem tilheyrir hinu gu\u00f0lega og er \u00fear me\u00f0 undanskili\u00f0 hversdagslegri notkun.\" tabindex=\"0\">helgum<\/span> \u00feyrmt.<\/p><p>\u00cd sta\u00f0 \u00feess a\u00f0 berjast \u00e1 m\u00f3ti fjallad\u00fdrkuninni felldu munkarnir hana inn \u00ed klaustursv\u00e6\u00f0i s\u00edn og g\u00e1fu sta\u00f0bundnum fjallagu\u00f0um fastan sta\u00f0 innan klaustursins, \u00fe\u00f3 \u00ed hlutverki v\u00edkjandi verndarv\u00e6ttar. Don Baker hefur l\u00fdst \u00feessari i\u00f0kun sem d\u00e6miger\u00f0u tilviki \u00abstigveldislegrar saml\u00f6gunar\u00bb.<\/p>\n\n<p>\u00cd hverju k\u00f3resku b\u00fadd\u00edsku <span class=\"iwg-fachbegriff\" data-tooltip=\"Byggingu sem er \u00e6tlu\u00f0 til d\u00fdrkunar \u00e1 einum e\u00f0a fleiri gu\u00f0d\u00f3mum.\" tabindex=\"0\">hofi<\/span> er \u00feess vegna \u00ed dag salur kalla\u00f0ur \u00abSansin-gak\u00bb, \u00fear sem mynd fjallagu\u00f0sins me\u00f0 t\u00edgrisd\u00fdri s\u00ednu stendur.<\/p><p>Fyrir framan \u00feessa mynd eru framkv\u00e6mdar s\u00e9rstakar reykelsisathafnir og b\u00e6nir, s\u00e9rstaklega af leikm\u00f6nnum sem bi\u00f0ja um vernd fyrir fj\u00f6lskylduna, \u00e1rangur \u00ed vi\u00f0skiptam\u00e1lum e\u00f0a l\u00e6kningu sj\u00fakd\u00f3ma. \u00deessi i\u00f0kun er \u00ed dag sj\u00e1lfsag\u00f0ur hluti af heims\u00f3kn \u00ed k\u00f3reskt hof.<\/p>\t\t\t\t\t\t\t\t<\/div>\n\t\t\t\t<\/div>\n\t\t<div class=\"elementor-element elementor-element-c6c70df e-con-full e-flex e-con e-child\" data-id=\"c6c70df\" data-element_type=\"container\" data-e-type=\"container\">\n\t\t\t\t<div class=\"elementor-element elementor-element-2e116e6 elementor-widget elementor-widget-heading\" data-id=\"2e116e6\" data-element_type=\"widget\" data-e-type=\"widget\" data-widget_type=\"heading.default\">\n\t\t\t\t\t<h2 class=\"elementor-heading-title elementor-size-default\">Konf\u00fas\u00edsk og sjaman\u00edsk a\u00f0l\u00f6gun<\/h2>\t\t\t\t<\/div>\n\t\t\t\t<div class=\"elementor-element elementor-element-52106e3 elementor-widget elementor-widget-text-editor\" data-id=\"52106e3\" data-element_type=\"widget\" data-e-type=\"widget\" data-widget_type=\"text-editor.default\">\n\t\t\t\t\t\t\t\t\t<p>Konf\u00fas\u00edska hef\u00f0in \u00e1 Joseon-t\u00edmanum (1392 til 1910) \u00fatr\u00fdmdi ekki fjallatignun me\u00f0 \u00f6llu. Konungleg fjallasi\u00f0ir voru hluti af hinum opinbera r\u00edkisk\u00falti; konungurinn f\u00e6r\u00f0i f\u00f3rnir vi\u00f0 nokkur fj\u00f6ll sem talin voru vernda r\u00edki\u00f0.<\/p><p>Bukhansan-fjall n\u00e1l\u00e6gt Se\u00fal var eitt af \u00feessum \u00abfj\u00f3rum verndarfj\u00f6llum\u00bb. \u00deessar opinberu athafnir voru a\u00f0 forminu til a\u00f0greindar fr\u00e1 al\u00fe\u00fd\u00f0utr\u00faarlegri i\u00f0kun en bygg\u00f0u \u00e1 s\u00f6mu hugmyndinni um heilagleika fjallanna.<\/p>\n\n<p>\u00cd sjaman\u00edsku samhengi er Sansin kalla\u00f0ur fram sem einn af mikilv\u00e6gustu andunum sem koma fram \u00ed \u00abgut\u00bb-ath\u00f6fnum. Sjamaninn e\u00f0a <span class=\"iwg-fachbegriff\" data-tooltip=\"Tr\u00faarlegur s\u00e9rfr\u00e6\u00f0ingur sem sag\u00f0ur er mi\u00f0la milli manna og andaheims.\" tabindex=\"0\">shamaninn<\/span> holdgerir hann t\u00edmabundi\u00f0 og mi\u00f0lar bo\u00f0skap hans til vi\u00f0staddra.<\/p><p>\u00deessi hlutverk millig\u00f6ngu er megin\u00fe\u00e1ttur \u00ed k\u00f3reskri sjaman\u00edu. Boudewijn Walraven hefur \u00ed ranns\u00f3knum s\u00ednum \u00e1 sjaman\u00edu \u00ed Songdo og Seoul s\u00fdnt fram \u00e1 a\u00f0 Sansin hefur h\u00e1a st\u00f6\u00f0u \u00ed sjaman\u00edskri stigveldi, \u00e1n \u00feess a\u00f0 vera eini h\u00f6fu\u00f0andinn.<\/p>\t\t\t\t\t\t\t\t<\/div>\n\t\t\t\t<\/div>\n\t\t<div class=\"elementor-element elementor-element-1346c7f e-con-full e-flex e-con e-child\" data-id=\"1346c7f\" data-element_type=\"container\" data-e-type=\"container\">\n\t\t\t\t<div class=\"elementor-element elementor-element-2ac0ad8 elementor-widget elementor-widget-heading\" data-id=\"2ac0ad8\" data-element_type=\"widget\" data-e-type=\"widget\" data-widget_type=\"heading.default\">\n\t\t\t\t\t<h2 class=\"elementor-heading-title elementor-size-default\">Sansin og Dangun<\/h2>\t\t\t\t<\/div>\n\t\t\t\t<div class=\"elementor-element elementor-element-eff8cb0 elementor-widget elementor-widget-text-editor\" data-id=\"eff8cb0\" data-element_type=\"widget\" data-e-type=\"widget\" data-widget_type=\"text-editor.default\">\n\t\t\t\t\t\t\t\t\t<p>Athyglisver\u00f0 tengsl eru milli Sansin og Dangun, hins go\u00f0s\u00f6gulega forf\u00f6\u00f0ur K\u00f3reu. Samkv\u00e6mt sumum \u00fatg\u00e1fum af Dangun-<span class=\"iwg-fachbegriff\" data-tooltip=\"Munnleg e\u00f0a skrifleg fr\u00e1s\u00f6gn um gu\u00f0i, uppruna og skipulag heimsins.\" tabindex=\"0\">go\u00f0s\u00f6gninni<\/span> dr\u00f3 Dangun sig \u00ed hl\u00e9 til Asadal-fjalls \u00ed lok l\u00edfs s\u00edns og var\u00f0 \u00fear Sansin.<\/p><p>\u00deessi samsemd tengir hinn \u00fej\u00f3\u00f0lega stofnunargo\u00f0s\u00f6gn vi\u00f0 al\u00fe\u00fd\u00f0utr\u00faarlega fjallatignun og veitir Sansin nokkurs konar \u00fej\u00f3\u00f0ar-tr\u00faarlegan bl\u00e6. James Grayson hefur bent \u00e1 a\u00f0 \u00feessi tengsl voru \u00fer\u00f3u\u00f0 frekar \u00e1 tr\u00fafr\u00e6\u00f0ilegan h\u00e1tt innan Daejonggyo-hreyfingarinnar \u00e1 20. \u00f6ld.<\/p>\n\n<p>\u00cd sumum fjallahelgist\u00f6\u00f0um, s\u00e9rstaklega \u00ed nor\u00f0ri, er Sansin \u00fev\u00ed samsama\u00f0ur Dangun e\u00f0a d\u00fdrka\u00f0ur sem arftaki hans. \u00deessi tv\u00f6falda sj\u00e1lfsmynd myndar br\u00fa milli hins hreinlega sta\u00f0bundna <span class=\"iwg-fachbegriff\" data-tooltip=\"Heild tr\u00faarlegra d\u00fdrkunarathafna fyrir gu\u00f0 e\u00f0a heilaga v\u00e6ttarveru.\" tabindex=\"0\">k\u00falts<\/span> og hinnar \u00fej\u00f3\u00f0legu <span class=\"iwg-fachbegriff\" data-tooltip=\"Munnleg e\u00f0a skrifleg fr\u00e1s\u00f6gn um gu\u00f0i, uppruna og skipulag heimsins.\" tabindex=\"0\">go\u00f0s\u00f6gu<\/span>. H\u00fan er d\u00e6mi um sveigjanleika k\u00f3reskrar tr\u00faari\u00f0kunar, sem getur tengt saman mj\u00f6g \u00f3l\u00edk tr\u00faarleg l\u00f6g \u00ed einni v\u00e6ttarveru.<\/p>\t\t\t\t\t\t\t\t<\/div>\n\t\t\t\t<\/div>\n\t\t<div class=\"elementor-element elementor-element-6a60d21 e-con-full e-flex e-con e-child\" data-id=\"6a60d21\" data-element_type=\"container\" data-e-type=\"container\">\n\t\t\t\t<div class=\"elementor-element elementor-element-60f580f elementor-widget elementor-widget-heading\" data-id=\"60f580f\" data-element_type=\"widget\" data-e-type=\"widget\" data-widget_type=\"heading.default\">\n\t\t\t\t\t<h2 class=\"elementor-heading-title elementor-size-default\">Ranns\u00f3knarsta\u00f0a og n\u00fat\u00ed\u00f0<\/h2>\t\t\t\t<\/div>\n\t\t\t\t<div class=\"elementor-element elementor-element-669cfb6 elementor-widget elementor-widget-text-editor\" data-id=\"669cfb6\" data-element_type=\"widget\" data-e-type=\"widget\" data-widget_type=\"text-editor.default\">\n\t\t\t\t\t\t\t\t\t<p>Ranns\u00f3knir \u00e1 Sansin eru fyrst og fremst bornar uppi af k\u00f3reskum tr\u00faarbrag\u00f0afr\u00e6\u00f0ingum. \u00c1 al\u00fej\u00f3\u00f0avettvangi hafa Boudewijn Walraven, James Grayson, Don Baker, Hong-Key Yoon og Antonetta Bruno lagt fram mikilv\u00e6gustu ranns\u00f3knirnar. Hong-Key Yoon hefur \u00fat fr\u00e1 sj\u00f3narhorni menningarlandafr\u00e6\u00f0i s\u00fdnt fram \u00e1 hvernig fjallahelgista\u00f0irnir m\u00f3ta r\u00famskilning k\u00f3reska landslagsins og hvernig fjallatignunin tengist Pungsu (jar\u00f0sp\u00e1d\u00f3msfr\u00e6\u00f0i).<\/p>\n\n<p>\u00cd n\u00fat\u00edma k\u00f3reskri tr\u00fa er Sansin enn n\u00e1l\u00e6gur \u00fer\u00e1tt fyrir borgv\u00e6\u00f0ingu og n\u00fat\u00edmav\u00e6\u00f0ingu. Fjallg\u00f6nguf\u00f3lk \u00ed \u00fej\u00f3\u00f0g\u00f6r\u00f0unum heims\u00e6kir Sansin-gak og kveikir \u00e1 reykelsi; sjamanar fer\u00f0ast til heilagra fjalla vegna s\u00e9rstakra athafna; og \u00ed st\u00f3ru klaustrunum er heims\u00f3kn \u00ed Sansin-h\u00f6llina fastur li\u00f0ur \u00ed dagskr\u00e1 margra tr\u00faa\u00f0ra.<\/p><p>Fjallagu\u00f0inn stendur \u00feannig fyrir tr\u00faarlegt lag sem heldur \u00e1fram a\u00f0 hafa \u00e1hrif undir breytilegum megin\u00e1tr\u00fana\u00f0i og m\u00f3tar k\u00f3reska tr\u00faari\u00f0kun enn \u00feann dag \u00ed dag.<\/p>\t\t\t\t\t\t\t\t<\/div>\n\t\t\t\t<\/div>\n\t\t<div class=\"elementor-element elementor-element-be9a0c1 e-con-full e-flex e-con e-child\" data-id=\"be9a0c1\" data-element_type=\"container\" data-e-type=\"container\">\n\t\t\t\t<div class=\"elementor-element elementor-element-04f0a57 elementor-widget elementor-widget-heading\" data-id=\"04f0a57\" data-element_type=\"widget\" data-e-type=\"widget\" data-widget_type=\"heading.default\">\n\t\t\t\t\t<h2 class=\"elementor-heading-title elementor-size-default\">Sansin \u00ed al\u00fe\u00fd\u00f0ulist<\/h2>\t\t\t\t<\/div>\n\t\t\t\t<div class=\"elementor-element elementor-element-9de710a elementor-widget elementor-widget-text-editor\" data-id=\"9de710a\" data-element_type=\"widget\" data-e-type=\"widget\" data-widget_type=\"text-editor.default\">\n\t\t\t\t\t\t\t\t\t<p>K\u00f3resk al\u00fe\u00fd\u00f0ulist hefur var\u00f0veitt Sansin \u00ed fj\u00f6lm\u00f6rgum myndaspj\u00f6ldum, tr\u00e9skur\u00f0armyndum og \u00fatsaumi. \u00c1 s\u00ed\u00f0ari hluta Joseon-t\u00edmans var\u00f0 til myndger\u00f0in \u00absansin-do\u00bb, fjallagu\u00f0-spjaldi\u00f0, sem \u00e1 mj\u00f6g st\u00edlf\u00e6r\u00f0an h\u00e1tt s\u00fdnir Sansin me\u00f0 t\u00edgrisd\u00fdr, furu, furuk\u00f6nglum og stundan ferskju.<\/p><p>\u00deessi myndaspj\u00f6ld voru d\u00fdrku\u00f0 \u00ed klaustrum og eru oft til s\u00fdnis \u00ed al\u00fe\u00fd\u00f0ulistas\u00f6fnum. St\u00edlfr\u00e6\u00f0ilega blanda \u00feau saman b\u00fadd\u00edskum myndm\u00e1lshef\u00f0um og al\u00fe\u00fd\u00f0ulegri einfeldni.<\/p>\n\n<p>Einnig hefur b\u00f3kmenntahef\u00f0 Joseon-t\u00edmans fjalla\u00f0 um Sansin. \u00cd fj\u00f6lm\u00f6rgum \u00fej\u00f3\u00f0s\u00f6gum (\u00abminhwa\u00bb) kemur hann fram sem pr\u00f3fari, hj\u00e1lpari e\u00f0a sem s\u00e1 er refsar fyrir mannlega yfirtro\u00f0slu. \u00deessar fr\u00e1sagnir s\u00fdna hann sem si\u00f0fer\u00f0ilegt yfirvald me\u00f0 sk\u00fdrt reglusetjandi hlutverk, sem greinir hann fr\u00e1 fremur \u00f3rei\u00f0ukenndum fjalla\u00f6ndum.<\/p><p>Antonetta Bruno hefur \u00ed verkum s\u00ednum um k\u00f3reska \u00fej\u00f3\u00f0sagnahef\u00f0 s\u00fdnt hvernig \u00feetta si\u00f0fer\u00f0ilega hlutverk hefur upphafi\u00f0 Sansin til st\u00f6\u00f0u nokkurs konar konf\u00fas\u00edsks dygg\u00f0aryfirvalds, \u00e1n \u00feess a\u00f0 hann s\u00e9 hluti af hinu opinbera konf\u00fas\u00edska go\u00f0asafni.<\/p>\t\t\t\t\t\t\t\t<\/div>\n\t\t\t\t<\/div>\n\t\t<div class=\"elementor-element elementor-element-eedaa40 e-con-full e-flex e-con e-child\" data-id=\"eedaa40\" data-element_type=\"container\" data-e-type=\"container\">\n\t\t\t\t<div class=\"elementor-element elementor-element-4a64f96 elementor-widget elementor-widget-heading\" data-id=\"4a64f96\" data-element_type=\"widget\" data-e-type=\"widget\" data-widget_type=\"heading.default\">\n\t\t\t\t\t<h2 class=\"elementor-heading-title elementor-size-default\">David A. Mason og \u00fej\u00f3\u00f0h\u00e1ttafr\u00e6\u00f0ileg \u00fattekt<\/h2>\t\t\t\t<\/div>\n\t\t\t\t<div class=\"elementor-element elementor-element-e6f43d5 elementor-widget elementor-widget-text-editor\" data-id=\"e6f43d5\" data-element_type=\"widget\" data-e-type=\"widget\" data-widget_type=\"text-editor.default\">\n\t\t\t\t\t\t\t\t\t<p>Umfangsmestu \u00fej\u00f3\u00f0h\u00e1ttafr\u00e6\u00f0ilegu skr\u00e1ningu \u00e1 Sansin-k\u00faltinum hefur bandar\u00edski K\u00f3reu-s\u00e9rfr\u00e6\u00f0ingurinn David A. Mason lagt fram.<\/p><p><span data-nosnippet>Verk hans \u00abSpirit of the Mountains: Korea&#8217;s San-shin and Traditions of Mountain-Worship\u00bb (Seoul 1999) skr\u00e1ir yfir tv\u00f6 hundru\u00f0 Sansin-helgista\u00f0i \u00ed k\u00f3reskum klaustrum og \u00feorpum og l\u00fdsir sv\u00e6\u00f0isbundnum \u00fatg\u00e1fum af <span class=\"iwg-fachbegriff\" data-tooltip=\"Fr\u00e6\u00f0i um myndm\u00e1l og merkingu \u00feess.\" tabindex=\"0\">helgimyndafr\u00e6\u00f0i<\/span>.<\/span><\/p><p>Mason s\u00fdnir a\u00f0 hin vir\u00f0ist einsleita myndhef\u00f0 samanstendur af \u00feremur \u00fe\u00e1ttum sem eru sameina\u00f0ir \u00e1 mismunandi vegu eftir sv\u00e6\u00f0um: fe\u00f0raveldislegur hv\u00edtskeggja\u00f0ur Sansin \u00ed mi\u00f0h\u00e9ru\u00f0unum, kvenlegur Sansin \u00e1 Jeju og \u00ed hlutum Jeolla, og Sansin sem samsama\u00f0ur er Dangun \u00ed nor\u00f0ri.<\/p>\n<p>\u00dar \u00fattekt Masons kemur fram a\u00f0 Sansin-h\u00f6llin \u00ed k\u00f3resku klaustri stendur venjulega austan e\u00f0a nor\u00f0austan af a\u00f0al b\u00faddah\u00f6llinni og er sta\u00f0sett samkv\u00e6mt Pungsu-vi\u00f0mi\u00f0um (k\u00f3reskri jar\u00f0sp\u00e1d\u00f3msfr\u00e6\u00f0i) \u00feannig a\u00f0 h\u00fan endurspegli \u00abfjalli\u00f0 a\u00f0 aftan\u00bb (\u00abjinsan\u00bb) klaustursins.<\/p><p><span data-nosnippet>\u00deessi byggingarlega hef\u00f0 bindur fjallagu\u00f0ad\u00fdrkunina r\u00famfr\u00e6\u00f0ilega vi\u00f0 hina b\u00fadd\u00edsku klausturskipan. Hong-Key Yoon hefur l\u00fdst \u00feessari jar\u00f0sp\u00e1d\u00f3msfr\u00e6\u00f0ilegu r\u00f6kfr\u00e6\u00f0i \u00e1 kerfisbundinn h\u00e1tt \u00ed \u00abThe Culture of <span class=\"iwg-fachbegriff\" data-tooltip=\"K\u00ednversk fr\u00e6\u00f0i um samr\u00e6mda skipan bygginga og r\u00fdma.\" tabindex=\"0\">Fengshui<\/span> in Korea\u00bb (2006) og s\u00fdnt hvernig fjalli\u00f0 sj\u00e1lft er gert a\u00f0 andlegri st\u00e6r\u00f0 me\u00f0 Pungsu-t\u00falkuninni.<\/span><\/p>\t\t\t\t\t\t\t\t<\/div>\n\t\t\t\t<\/div>\n\t\t<div class=\"elementor-element elementor-element-ad745d7 e-con-full e-flex e-con e-child\" data-id=\"ad745d7\" data-element_type=\"container\" data-e-type=\"container\">\n\t\t\t\t<div class=\"elementor-element elementor-element-7916a8e elementor-widget elementor-widget-heading\" data-id=\"7916a8e\" data-element_type=\"widget\" data-e-type=\"widget\" data-widget_type=\"heading.default\">\n\t\t\t\t\t<h2 class=\"elementor-heading-title elementor-size-default\">Jeju-eyja og kvenleg Sansin-hef\u00f0<\/h2>\t\t\t\t<\/div>\n\t\t\t\t<div class=\"elementor-element elementor-element-ff39712 elementor-widget elementor-widget-text-editor\" data-id=\"ff39712\" data-element_type=\"widget\" data-e-type=\"widget\" data-widget_type=\"text-editor.default\">\n\t\t\t\t\t\t\t\t\t<p>\u00c1 eyjunni Jeju hefur var\u00f0veist sj\u00e1lfst\u00e6\u00f0 fjallgu\u00f0s-hef\u00f0 \u00fear sem fjallgy\u00f0jan Seolmundae Halmang (&#8222;Amma Seolmundae&#8220;) er \u00ed mi\u00f0ju. Halmang er risavaxin skapargy\u00f0ja sem samkv\u00e6mt <span class=\"iwg-fachbegriff\" data-tooltip=\"Heildarsafn hinna var\u00f0veittu gu\u00f0asagna \u00ed tiltekinni menningu.\" tabindex=\"0\">Jeju-go\u00f0afr\u00e6\u00f0i<\/span> mynda\u00f0i eyjuna og hi\u00f0 mi\u00f0l\u00e6ga eldfjall hennar, Hallasan.<\/p><p>H\u00fan er talin m\u00f3\u00f0ir 500 sona og er d\u00fdrku\u00f0 \u00ed fj\u00f6lm\u00f6rgum sta\u00f0bundnum helgireitum. Sagnaarfurinn er var\u00f0veittur \u00ed &#8222;Cheonjiwang-bonpuri&#8220; og &#8222;Seolmundae-bonpuri&#8220;, munnlegum sjamanas\u00f6ngvum sem koreskir \u00fej\u00f3\u00f0fr\u00e6\u00f0ingar skr\u00e1\u00f0u \u00e1 20. \u00f6ld.<\/p>\n<p><span data-nosnippet>Laurel Kendall kanna\u00f0i \u00ed &#8222;Shamans, Nostalgias and the IMF&#8220; (2009) mikilv\u00e6gi Halmang-hef\u00f0arinnar fyrir menningarlega sj\u00e1lfsmynd Jeju. UNESCO b\u00e6tti \u00e1ri\u00f0 2009 sjamanah\u00e1t\u00ed\u00f0 Jeju, &#8222;Chilmeoridang Yeongdeunggut&#8220;, \u00e1 skr\u00e1 yfir \u00f3\u00e1\u00fereifanlegan menningararf heimsins, sem hefur f\u00e6rt Halmang-d\u00fdrkunina inn \u00ed stofnanav\u00e6dda verndun.<\/span><\/p><p>Kvenkyns fjallgu\u00f0s-hef\u00f0 Jeju er \u00ed samanbur\u00f0ar<span class=\"iwg-fachbegriff\" data-tooltip=\"Fr\u00e6\u00f0igreinin sem rannsakar tr\u00faarbr\u00f6g\u00f0 me\u00f0 samanbur\u00f0i og \u00e1n tr\u00faarlegrar skuldbindingar.\" tabindex=\"0\">tr\u00faarbrag\u00f0afr\u00e6\u00f0i<\/span> talin mikilv\u00e6g v\u00edsbending um kenningu um m\u00e6\u00f0raveldislag \u00ed frumkoreskri tr\u00faari\u00f0kun, \u00e1n \u00feess a\u00f0 s\u00fa kenning ver\u00f0i stutt me\u00f0 \u00f3yggjandi h\u00e6tti fornleifafr\u00e6\u00f0ilega.<\/p>\t\t\t\t\t\t\t\t<\/div>\n\t\t\t\t<\/div>\n\t\t<div class=\"elementor-element elementor-element-ff26c9d e-con-full e-flex e-con e-child\" data-id=\"ff26c9d\" data-element_type=\"container\" data-e-type=\"container\">\n\t\t\t\t<div class=\"elementor-element elementor-element-b609f0c elementor-widget elementor-widget-heading\" data-id=\"b609f0c\" data-element_type=\"widget\" data-e-type=\"widget\" data-widget_type=\"heading.default\">\n\t\t\t\t\t<h2 class=\"elementor-heading-title elementor-size-default\">R\u00edkisrekinn fjallgu\u00f0ad\u00fdrkun Joseon-t\u00edmans<\/h2>\t\t\t\t<\/div>\n\t\t\t\t<div class=\"elementor-element elementor-element-17287e8 elementor-widget elementor-widget-text-editor\" data-id=\"17287e8\" data-element_type=\"widget\" data-e-type=\"widget\" data-widget_type=\"text-editor.default\">\n\t\t\t\t\t\t\t\t\t<p><span data-nosnippet>Joseon-\u00e6ttarveldi\u00f0 (1392 til 1910) ger\u00f0i fjallgu\u00f0s<span class=\"iwg-fachbegriff\" data-tooltip=\"Heildarsafn tr\u00faarlegra d\u00fdrkunarathafna fyrir gu\u00f0 e\u00f0a heilaga v\u00e6ttu.\" tabindex=\"0\">d\u00fdrkunina<\/span> a\u00f0 hluta af hinni opinberu r\u00edkisd\u00fdrkun. Fj\u00f6gur &#8222;st\u00f3rfj\u00f6ll&#8220; (&#8222;sa-ak&#8220;) myndu\u00f0u ge\u00f3mant\u00edsk-tr\u00faarlegan ramma r\u00edkisins: Baekdusan \u00ed nor\u00f0ri, Jirisan \u00ed su\u00f0ri, Geumgangsan \u00ed austri og Myohyangsan \u00ed vestri.<\/span><\/p><p>Vi\u00f0 b\u00e6ttust &#8222;fimm var\u00f0fj\u00f6llin&#8220; (&#8222;o-jin&#8220;) og &#8222;fj\u00f6gur eyjafj\u00f6llin&#8220;. \u00deetta fjallakerfi er n\u00e1kv\u00e6mlega l\u00fdst \u00ed &#8222;Joseon Wangjo Sillok&#8220; (&#8222;Ann\u00e1lar Joseon-\u00e6ttarveldisins&#8220;) og \u00ed &#8222;Kukcho oryeui&#8220; (&#8222;Fimm r\u00edkisathafnir&#8220;, 1474).<\/p>\n<p>Konungleg fjallah\u00e1t\u00ed\u00f0ah\u00f6ld voru fr\u00e1brug\u00f0in \u00fej\u00f3\u00f0tr\u00faari\u00f0kun me\u00f0 konf\u00fas\u00edskri h\u00e1t\u00ed\u00f0leika sinni: \u00cd sta\u00f0 myndr\u00e6nnar framsetningar Sansin voru minningart\u00f6flur me\u00f0 konf\u00fas\u00edskri <span class=\"iwg-fachbegriff\" data-tooltip=\"Texti sem er greyptur e\u00f0a h\u00f6ggvinn \u00ed varanlegt efni.\" tabindex=\"0\">\u00e1letrun<\/span>, athafnirnir fylgdu formi &#8222;jerye&#8220; og voru framkv\u00e6mdar af h\u00e1ttsettum emb\u00e6ttism\u00f6nnum e\u00f0a konunginum sj\u00e1lfum.<\/p><p>\u00der\u00e1tt fyrir \u00fea\u00f0 vi\u00f0urkenndu einnig hinar konf\u00fas\u00edsku yfirst\u00e9ttir tilvist sta\u00f0bundinna fjallgu\u00f0a, sem s\u00fdnir tr\u00faarlegt umbur\u00f0arlyndi Joseon-stj\u00f3rns\u00fdslunnar \u00fer\u00e1tt fyrir opinbera konf\u00fas\u00edska stefnu hennar. Boudewijn Walraven hefur \u00ed &#8222;Songs of the Shaman&#8220; (1994) og \u00ed fj\u00f6lm\u00f6rgum greinum s\u00fdnt hvernig \u00feessi tv\u00f6falda uppbygging, opinber konf\u00fas\u00edanisering og sta\u00f0reyndaleg vi\u00f0halding fjallad\u00fdrkunar, m\u00f3ta\u00f0i tr\u00faari\u00f0kun Joseon-t\u00edmans.<\/p>\t\t\t\t\t\t\t\t<\/div>\n\t\t\t\t<\/div>\n\t\t<div class=\"elementor-element elementor-element-97f8599 e-con-full e-flex e-con e-child\" data-id=\"97f8599\" data-element_type=\"container\" data-e-type=\"container\">\n\t\t\t\t<div class=\"elementor-element elementor-element-d6cd5ed elementor-widget elementor-widget-heading\" data-id=\"d6cd5ed\" data-element_type=\"widget\" data-e-type=\"widget\" data-widget_type=\"heading.default\">\n\t\t\t\t\t<h2 class=\"elementor-heading-title elementor-size-default\">Heimildir og fr\u00e6\u00f0irit<\/h2>\t\t\t\t<\/div>\n\t\t\t\t<div class=\"elementor-element elementor-element-58c1a0d elementor-widget elementor-widget-text-editor\" data-id=\"58c1a0d\" data-element_type=\"widget\" data-e-type=\"widget\" data-widget_type=\"text-editor.default\">\n\t\t\t\t\t\t\t\t\t<footer class=\"iwg-literatur\"><p><span data-nosnippet>Frumheimildir: Iryeon, \u00abSamguk Yusa\u00bb (1281); \u00abSamguk Sagi\u00bb (1145); \u00abDongguk Yeoji Seungnam\u00bb (1481); \u00abJoseon Wangjo Sillok\u00bb (Ann\u00e1lar Joseon-\u00e6ttarveldisins); \u00abKukcho oryeui\u00bb (1474). Sjaman\u00edskir textar fr\u00e1 Jeju: \u00abCheonjiwang-bonpuri\u00bb og \u00abSeolmundae-bonpuri\u00bb \u00ed safni Hyun Yong-jun, \u00abJeju-do musok charyo sajeon\u00bb (Seoul 1980).<\/span><\/p><p>Fr\u00e6\u00f0irit:<\/p><ul><li><span data-nosnippet>David A. Mason, \u00abSpirit of the Mountains: Korea&#8217;s San-shin and Traditions of Mountain-Worship\u00bb (Seoul 1999).<\/span><\/li><li><span data-nosnippet>James H. Grayson, \u00abKorea: A Religious History\u00bb (Oxford 1989, 2002) og \u00abMyths and Legends from Korea\u00bb (Richmond 2001).<\/span><\/li><li><span data-nosnippet>Don Baker, \u00abKorean Spirituality\u00bb (Honolulu 2008).<\/span><\/li><li><span data-nosnippet>Hong-Key Yoon, \u00abThe Culture of <span class=\"iwg-fachbegriff\" data-tooltip=\"K\u00ednversk fr\u00e6\u00f0i um samr\u00e6ma skipan bygginga og r\u00fdma.\" tabindex=\"0\">Fengshui<\/span> in Korea\u00bb (Lanham 2006).<\/span><\/li><li><span data-nosnippet>Laurel Kendall, \u00abShamans, Housewives, and Other Restless Spirits\u00bb (Honolulu 1985) og \u00abShamans, Nostalgias and the IMF\u00bb (Honolulu 2009).<\/span><\/li><li><span data-nosnippet>Boudewijn Walraven, \u00abSongs of the Shaman\u00bb (London 1994).<\/span><\/li><li><span data-nosnippet>Antonetta Bruno, \u00abThe Gate of Words\u00bb (Leiden 2002).<\/span><\/li><li><span data-nosnippet>Hyun-key Kim Hogarth, \u00abKorean Shamanism and Cultural Nationalism\u00bb (Seoul 1999).<\/span><\/li><li><span data-nosnippet>Daniel Kister, \u00abKorean Shamanist <span class=\"iwg-fachbegriff\" data-tooltip=\"Regluleg r\u00f6\u00f0 t\u00e1knr\u00e6nna athafna me\u00f0 tr\u00faarlega e\u00f0a menningarlega merkingu.\" tabindex=\"0\">Ritual<\/span>: Symbols and Dramas of Transformation\u00bb (Budapest 1997).<\/span><\/li><\/ul><\/footer>\t\t\t\t\t\t\t\t<\/div>\n\t\t\t\t<\/div>\n\t\t\t\t\t<\/div>\n\t\t\t\t<\/div>\n\t\t\t\t<\/div>\n\t\t","protected":false},"excerpt":{"rendered":"","protected":false},"author":3,"featured_media":3246,"parent":0,"menu_order":0,"comment_status":"closed","ping_status":"closed","template":"elementor_header_footer","meta":{"_yoast_wpseo_focuskw":"Sansin","_yoast_wpseo_title":"Sansin \u2013 K\u00f3reskur fjallagu\u00f0 | iWell Guard","_yoast_wpseo_metadesc":"Sansin er k\u00f3reskur fjallagu\u00f0: verndarv\u00e6ttur heilagra fjalla, verndari t\u00edgrisd\u00fdra, d\u00fdrka\u00f0ur einnig \u00ed b\u00fadd\u00edskum hofum K\u00f3reu.","_yoast_wpseo_meta-robots-noindex":"","_yoast_wpseo_canonical":"","_angie_page":false,"gefaehrdungsstufe":"1","wesen_kultur":"korea","wesen_klasse":"goetter","footnotes":""},"categories":[],"class_list":["post-169112","page","type-page","status-publish","has-post-thumbnail","hentry"],"yoast_head":"<!-- This site is optimized with the Yoast SEO Premium plugin v27.7 (Yoast SEO v28.3) - https:\/\/yoast.com\/product\/yoast-seo-premium-wordpress\/ -->\n<title>Sansin \u2013 K\u00f3reskur fjallagu\u00f0 | iWell Guard<\/title>\n<meta name=\"description\" content=\"Sansin er k\u00f3reskur fjallagu\u00f0: verndarv\u00e6ttur heilagra fjalla, verndari t\u00edgrisd\u00fdra, d\u00fdrka\u00f0ur einnig \u00ed b\u00fadd\u00edskum hofum K\u00f3reu.\" \/>\n<meta name=\"robots\" content=\"index, follow, max-snippet:-1, max-image-preview:large, max-video-preview:-1\" \/>\n<link rel=\"canonical\" href=\"https:\/\/iwell-guard.com\/is\/sansin\/\" \/>\n<meta property=\"og:locale\" content=\"is_IS\" \/>\n<meta property=\"og:type\" content=\"article\" \/>\n<meta property=\"og:title\" content=\"Sansin\" \/>\n<meta property=\"og:description\" content=\"Sansin er k\u00f3reskur fjallagu\u00f0: verndarv\u00e6ttur heilagra fjalla, verndari t\u00edgrisd\u00fdra, d\u00fdrka\u00f0ur einnig \u00ed b\u00fadd\u00edskum hofum K\u00f3reu.\" \/>\n<meta property=\"og:url\" content=\"https:\/\/iwell-guard.com\/is\/sansin\/\" \/>\n<meta property=\"og:site_name\" content=\"iWell Guard\" \/>\n<meta property=\"article:modified_time\" content=\"2026-09-05T14:32:33+00:00\" \/>\n<meta property=\"og:image\" content=\"https:\/\/iwell-guard.com\/wp-content\/uploads\/2026\/05\/goetter_korea_sansin-1.webp\" \/>\n\t<meta property=\"og:image:width\" content=\"1024\" \/>\n\t<meta property=\"og:image:height\" content=\"1536\" \/>\n\t<meta property=\"og:image:type\" content=\"image\/webp\" \/>\n<meta name=\"twitter:card\" content=\"summary_large_image\" \/>\n<script type=\"application\/ld+json\" class=\"yoast-schema-graph\">{\"@context\":\"https:\\\/\\\/schema.org\",\"@graph\":[{\"@type\":\"WebPage\",\"@id\":\"https:\\\/\\\/iwell-guard.com\\\/is\\\/sansin\\\/\",\"url\":\"https:\\\/\\\/iwell-guard.com\\\/is\\\/sansin\\\/\",\"name\":\"Sansin \u2013 K\u00f3reskur fjallagu\u00f0 | iWell Guard\",\"isPartOf\":{\"@id\":\"https:\\\/\\\/iwell-guard.com\\\/is\\\/#website\"},\"primaryImageOfPage\":{\"@id\":\"https:\\\/\\\/iwell-guard.com\\\/is\\\/sansin\\\/#primaryimage\"},\"image\":{\"@id\":\"https:\\\/\\\/iwell-guard.com\\\/is\\\/sansin\\\/#primaryimage\"},\"thumbnailUrl\":\"https:\\\/\\\/iwell-guard.com\\\/wp-content\\\/uploads\\\/2026\\\/05\\\/goetter_korea_sansin-1.webp\",\"datePublished\":\"2026-09-05T14:05:41+00:00\",\"dateModified\":\"2026-09-05T14:32:33+00:00\",\"description\":\"Sansin er k\u00f3reskur fjallagu\u00f0: verndarv\u00e6ttur heilagra fjalla, verndari t\u00edgrisd\u00fdra, d\u00fdrka\u00f0ur einnig \u00ed b\u00fadd\u00edskum hofum K\u00f3reu.\",\"breadcrumb\":{\"@id\":\"https:\\\/\\\/iwell-guard.com\\\/is\\\/sansin\\\/#breadcrumb\"},\"inLanguage\":\"is\",\"potentialAction\":[{\"@type\":\"ReadAction\",\"target\":[\"https:\\\/\\\/iwell-guard.com\\\/is\\\/sansin\\\/\"]}]},{\"@type\":\"ImageObject\",\"inLanguage\":\"is\",\"@id\":\"https:\\\/\\\/iwell-guard.com\\\/is\\\/sansin\\\/#primaryimage\",\"url\":\"https:\\\/\\\/iwell-guard.com\\\/wp-content\\\/uploads\\\/2026\\\/05\\\/goetter_korea_sansin-1.webp\",\"contentUrl\":\"https:\\\/\\\/iwell-guard.com\\\/wp-content\\\/uploads\\\/2026\\\/05\\\/goetter_korea_sansin-1.webp\",\"width\":1024,\"height\":1536,\"caption\":\"Gu\u00f0ir \u00far k\u00f3reskri hef\u00f0.\"},{\"@type\":\"BreadcrumbList\",\"@id\":\"https:\\\/\\\/iwell-guard.com\\\/is\\\/sansin\\\/#breadcrumb\",\"itemListElement\":[{\"@type\":\"ListItem\",\"position\":1,\"name\":\"Start\",\"item\":\"https:\\\/\\\/iwell-guard.com\\\/is\\\/?page_id=168580\"},{\"@type\":\"ListItem\",\"position\":2,\"name\":\"Sansin\"}]},{\"@type\":\"WebSite\",\"@id\":\"https:\\\/\\\/iwell-guard.com\\\/is\\\/#website\",\"url\":\"https:\\\/\\\/iwell-guard.com\\\/is\\\/\",\"name\":\"iWell Guard\",\"description\":\"Schutz vor dunklen Einfl\u00fcssen\",\"publisher\":{\"@id\":\"https:\\\/\\\/iwell-guard.com\\\/is\\\/#organization\"},\"potentialAction\":[{\"@type\":\"SearchAction\",\"target\":{\"@type\":\"EntryPoint\",\"urlTemplate\":\"https:\\\/\\\/iwell-guard.com\\\/is\\\/?s={search_term_string}\"},\"query-input\":{\"@type\":\"PropertyValueSpecification\",\"valueRequired\":true,\"valueName\":\"search_term_string\"}}],\"inLanguage\":\"is\"},{\"@type\":\"Organization\",\"@id\":\"https:\\\/\\\/iwell-guard.com\\\/is\\\/#organization\",\"name\":\"Ittermann electronic GmbH\",\"url\":\"https:\\\/\\\/iwell-guard.com\\\/is\\\/\",\"logo\":{\"@type\":\"ImageObject\",\"inLanguage\":\"is\",\"@id\":\"https:\\\/\\\/iwell-guard.com\\\/is\\\/#\\\/schema\\\/logo\\\/image\\\/\",\"url\":\"https:\\\/\\\/iwell-guard.com\\\/wp-content\\\/uploads\\\/2026\\\/05\\\/Ittermann-Logo-1182x237-1.png\",\"contentUrl\":\"https:\\\/\\\/iwell-guard.com\\\/wp-content\\\/uploads\\\/2026\\\/05\\\/Ittermann-Logo-1182x237-1.png\",\"width\":1182,\"height\":237,\"caption\":\"Ittermann electronic GmbH\"},\"image\":{\"@id\":\"https:\\\/\\\/iwell-guard.com\\\/is\\\/#\\\/schema\\\/logo\\\/image\\\/\"},\"sameAs\":[\"https:\\\/\\\/pantip.com\\\/profile\\\/9367242\",\"https:\\\/\\\/micro.blog\\\/iwellguard\",\"https:\\\/\\\/www.diggerslist.com\\\/iwellguard\\\/about\",\"https:\\\/\\\/skitterphoto.com\\\/photographers\\\/2870314\\\/iwell-guard\",\"https:\\\/\\\/iwellguard.wordpress.com\\\/2026\\\/06\\\/06\\\/iwell-guard\\\/\",\"https:\\\/\\\/hub.docker.com\\\/u\\\/iwellguard\",\"https:\\\/\\\/www.pinterest.com\\\/iwellguard\\\/\",\"https:\\\/\\\/bit.ly\\\/m\\\/iwellguard\",\"https:\\\/\\\/entre-vos-mains.alsace.eu\\\/profiles\\\/iwellguard\\\/activity\",\"https:\\\/\\\/gravatar.com\\\/reallybeded8fd34\",\"https:\\\/\\\/naijamatta.com\\\/iwellguard\",\"https:\\\/\\\/www.goodreads.com\\\/iwellguard\",\"https:\\\/\\\/profile.hatena.ne.jp\\\/iwellguard\\\/\",\"https:\\\/\\\/experiment.com\\\/users\\\/iwellguard\",\"https:\\\/\\\/wakelet.com\\\/@iWellGuard82270\",\"https:\\\/\\\/www.chordie.com\\\/forum\\\/profile.php?id=2555664\",\"https:\\\/\\\/www.instapaper.com\\\/p\\\/17757966\",\"https:\\\/\\\/www.mapleprimes.com\\\/users\\\/iwellguard\",\"https:\\\/\\\/businesslistingplus.com\\\/profile\\\/iwell-guard\\\/\",\"https:\\\/\\\/telegra.ph\\\/iWell-Guard-06-06\",\"https:\\\/\\\/pbase.com\\\/iwellguard\\\/iwellguard\",\"https:\\\/\\\/b.hatena.ne.jp\\\/iwellguard\\\/20260607#bookmark-4788405196491818882\",\"https:\\\/\\\/fliphtml5.com\\\/home\\\/iwellguard\",\"https:\\\/\\\/anyflip.com\\\/homepage\\\/cmiwl#About\",\"https:\\\/\\\/transfur.com\\\/Users\\\/iwellguard\",\"http:\\\/\\\/delphi.larsbo.org\\\/user\\\/iwellguard\",\"https:\\\/\\\/jobs.lajobsportal.org\\\/profiles\\\/8380803-iwell-guard\",\"https:\\\/\\\/md.chaosdorf.de\\\/s\\\/jfbe5SBdJD\",\"https:\\\/\\\/www.lingvolive.com\\\/en-us\\\/profile\\\/9ecaeaca-ce11-4e51-9e71-01d55e2bff36\\\/translations\",\"https:\\\/\\\/www.fitday.com\\\/fitness\\\/forums\\\/members\\\/iwellguard.html\",\"https:\\\/\\\/www.mymeetbook.com\\\/iwellguard\",\"https:\\\/\\\/pxhere.com\\\/en\\\/photographer-me\\\/5040798\",\"https:\\\/\\\/disqus.com\\\/by\\\/iwellguard\\\/about\\\/\",\"https:\\\/\\\/pastelink.net\\\/hjwciqwq\",\"https:\\\/\\\/pubhtml5.com\\\/homepage\\\/scjhn\\\/\",\"https:\\\/\\\/www.bitchute.com\\\/channel\\\/2O2eOKzNqujT\",\"https:\\\/\\\/audiomack.com\\\/iwellguard\"]},{\"@type\":\"Article\",\"@id\":\"https:\\\/\\\/iwell-guard.com\\\/is\\\/sansin\\\/#article\",\"isPartOf\":{\"@id\":\"https:\\\/\\\/iwell-guard.com\\\/is\\\/sansin\\\/\"},\"author\":{\"name\":\"Ralf Ittermann\",\"@id\":\"https:\\\/\\\/iwell-guard.com\\\/is\\\/#\\\/schema\\\/person\\\/ee2a27f1cac3406c7c6fb5820cb7349f\"},\"headline\":\"Sansin\",\"datePublished\":\"2026-09-05T14:05:41+00:00\",\"dateModified\":\"2026-09-05T14:32:33+00:00\",\"mainEntityOfPage\":{\"@id\":\"https:\\\/\\\/iwell-guard.com\\\/is\\\/sansin\\\/\"},\"publisher\":{\"@id\":\"https:\\\/\\\/iwell-guard.com\\\/is\\\/#organization\"},\"image\":{\"@id\":\"https:\\\/\\\/iwell-guard.com\\\/is\\\/sansin\\\/#primaryimage\"},\"thumbnailUrl\":\"https:\\\/\\\/iwell-guard.com\\\/wp-content\\\/uploads\\\/2026\\\/05\\\/goetter_korea_sansin-1.webp\",\"inLanguage\":\"is\",\"description\":\"Sansin er k\u00f3reskur fjallagu\u00f0: verndarv\u00e6ttur heilagra fjalla, verndari t\u00edgrisd\u00fdra, d\u00fdrka\u00f0ur einnig \u00ed b\u00fadd\u00edskum hofum K\u00f3reu.\"}]}<\/script>\n<!-- \/ Yoast SEO Premium plugin. -->","yoast_head_json":{"title":"Sansin \u2013 K\u00f3reskur fjallagu\u00f0 | iWell Guard","description":"Sansin er k\u00f3reskur fjallagu\u00f0: verndarv\u00e6ttur heilagra fjalla, verndari t\u00edgrisd\u00fdra, d\u00fdrka\u00f0ur einnig \u00ed b\u00fadd\u00edskum hofum K\u00f3reu.","robots":{"index":"index","follow":"follow","max-snippet":"max-snippet:-1","max-image-preview":"max-image-preview:large","max-video-preview":"max-video-preview:-1"},"canonical":"https:\/\/iwell-guard.com\/is\/sansin\/","og_locale":"is_IS","og_type":"article","og_title":"Sansin","og_description":"Sansin er k\u00f3reskur fjallagu\u00f0: verndarv\u00e6ttur heilagra fjalla, verndari t\u00edgrisd\u00fdra, d\u00fdrka\u00f0ur einnig \u00ed b\u00fadd\u00edskum hofum K\u00f3reu.","og_url":"https:\/\/iwell-guard.com\/is\/sansin\/","og_site_name":"iWell Guard","article_modified_time":"2026-09-05T14:32:33+00:00","og_image":[{"width":1024,"height":1536,"url":"https:\/\/iwell-guard.com\/wp-content\/uploads\/2026\/05\/goetter_korea_sansin-1.webp","type":"image\/webp"}],"twitter_card":"summary_large_image","schema":{"@context":"https:\/\/schema.org","@graph":[{"@type":"Article","@id":"https:\/\/iwell-guard.com\/is\/sansin\/#article","isPartOf":{"@id":"https:\/\/iwell-guard.com\/is\/sansin\/"},"author":{"name":"Ralf Ittermann","@id":"https:\/\/iwell-guard.com\/is\/#\/schema\/person\/ee2a27f1cac3406c7c6fb5820cb7349f"},"headline":"Sansin","datePublished":"2026-09-05T14:05:41+00:00","dateModified":"2026-09-05T14:32:33+00:00","mainEntityOfPage":{"@id":"https:\/\/iwell-guard.com\/is\/sansin\/"},"publisher":{"@id":"https:\/\/iwell-guard.com\/is\/#organization"},"image":{"@id":"https:\/\/iwell-guard.com\/is\/sansin\/#primaryimage"},"thumbnailUrl":"https:\/\/iwell-guard.com\/wp-content\/uploads\/2026\/05\/goetter_korea_sansin-1.webp","inLanguage":"is","description":"Sansin er k\u00f3reskur fjallagu\u00f0: verndarv\u00e6ttur heilagra fjalla, verndari t\u00edgrisd\u00fdra, d\u00fdrka\u00f0ur einnig \u00ed b\u00fadd\u00edskum hofum K\u00f3reu."},{"@type":"WebPage","@id":"https:\/\/iwell-guard.com\/is\/sansin\/","url":"https:\/\/iwell-guard.com\/is\/sansin\/","name":"Sansin \u2013 K\u00f3reskur fjallagu\u00f0 | iWell Guard","isPartOf":{"@id":"https:\/\/iwell-guard.com\/is\/#website"},"primaryImageOfPage":{"@id":"https:\/\/iwell-guard.com\/is\/sansin\/#primaryimage"},"image":{"@id":"https:\/\/iwell-guard.com\/is\/sansin\/#primaryimage"},"thumbnailUrl":"https:\/\/iwell-guard.com\/wp-content\/uploads\/2026\/05\/goetter_korea_sansin-1.webp","datePublished":"2026-09-05T14:05:41+00:00","dateModified":"2026-09-05T14:32:33+00:00","description":"Sansin er k\u00f3reskur fjallagu\u00f0: verndarv\u00e6ttur heilagra fjalla, verndari t\u00edgrisd\u00fdra, d\u00fdrka\u00f0ur einnig \u00ed b\u00fadd\u00edskum hofum K\u00f3reu.","breadcrumb":{"@id":"https:\/\/iwell-guard.com\/is\/sansin\/#breadcrumb"},"inLanguage":"is","potentialAction":[{"@type":"ReadAction","target":["https:\/\/iwell-guard.com\/is\/sansin\/"]}]},{"@type":"ImageObject","inLanguage":"is","@id":"https:\/\/iwell-guard.com\/is\/sansin\/#primaryimage","url":"https:\/\/iwell-guard.com\/wp-content\/uploads\/2026\/05\/goetter_korea_sansin-1.webp","contentUrl":"https:\/\/iwell-guard.com\/wp-content\/uploads\/2026\/05\/goetter_korea_sansin-1.webp","width":1024,"height":1536,"caption":"Gu\u00f0ir \u00far k\u00f3reskri hef\u00f0."},{"@type":"BreadcrumbList","@id":"https:\/\/iwell-guard.com\/is\/sansin\/#breadcrumb","itemListElement":[{"@type":"ListItem","position":1,"name":"Start","item":"https:\/\/iwell-guard.com\/is\/?page_id=168580"},{"@type":"ListItem","position":2,"name":"Sansin"}]},{"@type":"WebSite","@id":"https:\/\/iwell-guard.com\/is\/#website","url":"https:\/\/iwell-guard.com\/is\/","name":"iWell Guard","description":"Schutz vor dunklen Einfl\u00fcssen","publisher":{"@id":"https:\/\/iwell-guard.com\/is\/#organization"},"potentialAction":[{"@type":"SearchAction","target":{"@type":"EntryPoint","urlTemplate":"https:\/\/iwell-guard.com\/is\/?s={search_term_string}"},"query-input":{"@type":"PropertyValueSpecification","valueRequired":true,"valueName":"search_term_string"}}],"inLanguage":"is"},{"@type":"Organization","@id":"https:\/\/iwell-guard.com\/is\/#organization","name":"Ittermann electronic GmbH","url":"https:\/\/iwell-guard.com\/is\/","logo":{"@type":"ImageObject","inLanguage":"is","@id":"https:\/\/iwell-guard.com\/is\/#\/schema\/logo\/image\/","url":"https:\/\/iwell-guard.com\/wp-content\/uploads\/2026\/05\/Ittermann-Logo-1182x237-1.png","contentUrl":"https:\/\/iwell-guard.com\/wp-content\/uploads\/2026\/05\/Ittermann-Logo-1182x237-1.png","width":1182,"height":237,"caption":"Ittermann electronic GmbH"},"image":{"@id":"https:\/\/iwell-guard.com\/is\/#\/schema\/logo\/image\/"},"sameAs":["https:\/\/pantip.com\/profile\/9367242","https:\/\/micro.blog\/iwellguard","https:\/\/www.diggerslist.com\/iwellguard\/about","https:\/\/skitterphoto.com\/photographers\/2870314\/iwell-guard","https:\/\/iwellguard.wordpress.com\/2026\/06\/06\/iwell-guard\/","https:\/\/hub.docker.com\/u\/iwellguard","https:\/\/www.pinterest.com\/iwellguard\/","https:\/\/bit.ly\/m\/iwellguard","https:\/\/entre-vos-mains.alsace.eu\/profiles\/iwellguard\/activity","https:\/\/gravatar.com\/reallybeded8fd34","https:\/\/naijamatta.com\/iwellguard","https:\/\/www.goodreads.com\/iwellguard","https:\/\/profile.hatena.ne.jp\/iwellguard\/","https:\/\/experiment.com\/users\/iwellguard","https:\/\/wakelet.com\/@iWellGuard82270","https:\/\/www.chordie.com\/forum\/profile.php?id=2555664","https:\/\/www.instapaper.com\/p\/17757966","https:\/\/www.mapleprimes.com\/users\/iwellguard","https:\/\/businesslistingplus.com\/profile\/iwell-guard\/","https:\/\/telegra.ph\/iWell-Guard-06-06","https:\/\/pbase.com\/iwellguard\/iwellguard","https:\/\/b.hatena.ne.jp\/iwellguard\/20260607#bookmark-4788405196491818882","https:\/\/fliphtml5.com\/home\/iwellguard","https:\/\/anyflip.com\/homepage\/cmiwl#About","https:\/\/transfur.com\/Users\/iwellguard","http:\/\/delphi.larsbo.org\/user\/iwellguard","https:\/\/jobs.lajobsportal.org\/profiles\/8380803-iwell-guard","https:\/\/md.chaosdorf.de\/s\/jfbe5SBdJD","https:\/\/www.lingvolive.com\/en-us\/profile\/9ecaeaca-ce11-4e51-9e71-01d55e2bff36\/translations","https:\/\/www.fitday.com\/fitness\/forums\/members\/iwellguard.html","https:\/\/www.mymeetbook.com\/iwellguard","https:\/\/pxhere.com\/en\/photographer-me\/5040798","https:\/\/disqus.com\/by\/iwellguard\/about\/","https:\/\/pastelink.net\/hjwciqwq","https:\/\/pubhtml5.com\/homepage\/scjhn\/","https:\/\/www.bitchute.com\/channel\/2O2eOKzNqujT","https:\/\/audiomack.com\/iwellguard"]},{"@type":"Person","@id":"https:\/\/iwell-guard.com\/is\/#\/schema\/person\/ee2a27f1cac3406c7c6fb5820cb7349f","name":"Ralf Ittermann","image":{"@type":"ImageObject","inLanguage":"is","@id":"https:\/\/secure.gravatar.com\/avatar\/073c0153e350a5005b68eb752b445fea71f6b24a26da9449ad7e155e6b446c9d?s=96&d=mm&r=g","url":"https:\/\/secure.gravatar.com\/avatar\/073c0153e350a5005b68eb752b445fea71f6b24a26da9449ad7e155e6b446c9d?s=96&d=mm&r=g","contentUrl":"https:\/\/secure.gravatar.com\/avatar\/073c0153e350a5005b68eb752b445fea71f6b24a26da9449ad7e155e6b446c9d?s=96&d=mm&r=g","caption":"Ralf Ittermann"},"givenName":"Ralf","familyName":"Ittermann","jobTitle":"Gesch\u00e4ftsf\u00fchrer und redaktioneller Verantwortlicher","url":"https:\/\/iwell-guard.com\/is\/author\/claude\/","description":"Ralf Ittermann ist Gesch\u00e4ftsf\u00fchrer der Ittermann electronic GmbH und redaktioneller Verantwortlicher des iWell-Guard-Lexikons. Er verbindet langj\u00e4hrige Erfahrung in der Pr\u00e4zisionsfertigung mit medialer Praxis und religionsgeschichtlicher Quellenarbeit.","worksFor":{"@type":"Organization","name":"Ittermann electronic GmbH","url":"https:\/\/ittermann.de\/","address":{"@type":"PostalAddress","streetAddress":"K\u00f6hlergasse 16-18","postalCode":"99842","addressLocality":"Ruhla","addressCountry":"DE"}},"knowsAbout":["Religionsgeschichte","Mythologie","Mediale Praxis","Energetische Diagnostik","Schutzpraxis","Volksglauben","Westliche Esoterik"]},{"@type":"Article","@id":"https:\/\/iwell-guard.com\/is\/sansin\/#article","isPartOf":{"@id":"https:\/\/iwell-guard.com\/is\/sansin\/"},"author":{"name":"Ralf Ittermann","@id":"https:\/\/iwell-guard.com\/is\/#\/schema\/person\/ee2a27f1cac3406c7c6fb5820cb7349f"},"headline":"Sansin","datePublished":"2026-09-05T14:05:41+00:00","dateModified":"2026-09-05T14:32:33+00:00","mainEntityOfPage":{"@id":"https:\/\/iwell-guard.com\/is\/sansin\/"},"publisher":{"@id":"https:\/\/iwell-guard.com\/is\/#organization"},"image":{"@id":"https:\/\/iwell-guard.com\/is\/sansin\/#primaryimage"},"thumbnailUrl":"https:\/\/iwell-guard.com\/wp-content\/uploads\/2026\/05\/goetter_korea_sansin-1.webp","inLanguage":"is","description":"Sansin er k\u00f3reskur fjallagu\u00f0: verndarv\u00e6ttur heilagra fjalla, verndari t\u00edgrisd\u00fdra, d\u00fdrka\u00f0ur einnig \u00ed b\u00fadd\u00edskum hofum K\u00f3reu."}]}},"_links":{"self":[{"href":"https:\/\/iwell-guard.com\/is\/wp-json\/wp\/v2\/pages\/169112","targetHints":{"allow":["GET"]}}],"collection":[{"href":"https:\/\/iwell-guard.com\/is\/wp-json\/wp\/v2\/pages"}],"about":[{"href":"https:\/\/iwell-guard.com\/is\/wp-json\/wp\/v2\/types\/page"}],"author":[{"embeddable":true,"href":"https:\/\/iwell-guard.com\/is\/wp-json\/wp\/v2\/users\/3"}],"replies":[{"embeddable":true,"href":"https:\/\/iwell-guard.com\/is\/wp-json\/wp\/v2\/comments?post=169112"}],"version-history":[{"count":0,"href":"https:\/\/iwell-guard.com\/is\/wp-json\/wp\/v2\/pages\/169112\/revisions"}],"wp:featuredmedia":[{"embeddable":true,"href":"https:\/\/iwell-guard.com\/is\/wp-json\/wp\/v2\/media\/3246"}],"wp:attachment":[{"href":"https:\/\/iwell-guard.com\/is\/wp-json\/wp\/v2\/media?parent=169112"}],"wp:term":[{"taxonomy":"category","embeddable":true,"href":"https:\/\/iwell-guard.com\/is\/wp-json\/wp\/v2\/categories?post=169112"}],"curies":[{"name":"wp","href":"https:\/\/api.w.org\/{rel}","templated":true}]}}