{"id":169111,"date":"2026-09-05T14:05:40","date_gmt":"2026-09-05T14:05:40","guid":{"rendered":"https:\/\/iwell-guard.com\/?page_id=169111"},"modified":"2026-09-05T14:32:32","modified_gmt":"2026-09-05T14:32:32","slug":"hananim","status":"publish","type":"page","link":"https:\/\/iwell-guard.com\/is\/hananim\/","title":{"rendered":"Hananim"},"content":{"rendered":"\t\t<div data-elementor-type=\"wp-page\" data-elementor-id=\"169111\" class=\"elementor elementor-169111 elementor-3054 elementor-bc-flex-widget\" data-elementor-post-type=\"page\">\n\t\t\t\t<div class=\"elementor-element elementor-element-94c829f e-flex e-con-boxed e-con e-parent\" data-id=\"94c829f\" data-element_type=\"container\" data-e-type=\"container\" data-settings=\"{&quot;background_background&quot;:&quot;classic&quot;}\">\n\t\t\t\t\t<div class=\"e-con-inner\">\n\t\t<div class=\"elementor-element elementor-element-b923208 e-flex e-con-boxed e-con e-child\" data-id=\"b923208\" data-element_type=\"container\" data-e-type=\"container\">\n\t\t\t\t\t<div class=\"e-con-inner\">\n\t\t<div class=\"elementor-element elementor-element-774a445 e-con-full e-flex e-con e-child\" data-id=\"774a445\" data-element_type=\"container\" data-e-type=\"container\">\n\t\t\t\t<div class=\"elementor-element elementor-element-3d35426 elementor-widget elementor-widget-heading\" data-id=\"3d35426\" data-element_type=\"widget\" data-e-type=\"widget\" data-widget_type=\"heading.default\">\n\t\t\t\t\t<h1 class=\"elementor-heading-title elementor-size-default\">Hananim, h\u00e6sti gu\u00f0 k\u00f3reskrar sjamanatr\u00faar<\/h1>\t\t\t\t<\/div>\n\t\t\t\t<div class=\"elementor-element elementor-element-fdceee8 elementor-widget elementor-widget-text-editor\" data-id=\"fdceee8\" data-element_type=\"widget\" data-e-type=\"widget\" data-widget_type=\"text-editor.default\">\n\t\t\t\t\t\t\t\t\t<p>Hananim (\u00e1 k\u00f3resku \ud558\ub098\ub2d8) er n\u00fat\u00edmalegt k\u00f3reskt hugtak fyrir \u00abhimnaherra\u00bb e\u00f0a \u00abh\u00e6sta gu\u00f0\u00bb. \u00d3l\u00edkt Hwanin, sem er go\u00f0sagnalega bundin pers\u00f3na \u00ed stofns\u00f6gunni, er Hananim tilt\u00f6lulega ungt hugtak \u00ed tr\u00faars\u00f6gulegu tilliti, sem hefur allt fr\u00e1 19. \u00f6ld veri\u00f0 nota\u00f0 fyrst og fremst \u00ed kristnu, n\u00fdtr\u00faarlegu og \u00fej\u00f3\u00f0legu andlegu samhengi.<\/p><p>Uppgangur hans sem eins helsta gu\u00f0snafns er hluti af tr\u00faarlegri umbreytingu K\u00f3reu \u00ed kj\u00f6lfar kynna af vestr\u00e6nni kristni og innlendra tr\u00faarlegra endurb\u00f3tahreyfinga.<\/p>\t\t\t\t\t\t\t\t<\/div>\n\t\t\t\t<\/div>\n\t\t<div class=\"elementor-element elementor-element-c0a87fc e-con-full e-flex e-con e-parent\" data-id=\"c0a87fc\" data-element_type=\"container\" data-e-type=\"container\">\n\t\t\t\t<div class=\"elementor-element elementor-element-000caa7 elementor-widget elementor-widget-html\" data-id=\"000caa7\" data-element_type=\"widget\" data-e-type=\"widget\" data-widget_type=\"html.default\">\n\t\t\t\t\t<div class=\"iwg-pill-row\"><span class=\"iwg-klasse-badge\" tabindex=\"0\" data-tooltip=\"Gu\u00f0 \/ Gy\u00f0ja: Pers\u00f3nuger\u00f0 \u00e6\u00f0sta m\u00e1ttarvald \u00ed go\u00f0aheimi menningar, me\u00f0 sk\u00fdr valdsvi\u00f0 \u2014 n\u00e1tt\u00faru\u00f6fl, \u00f6rl\u00f6g, str\u00ed\u00f0, frj\u00f3semi. Tilbe\u00f0in me\u00f0 d\u00fdrkun, f\u00f3rnum og hofastofnunum.\">Gu\u00f0<\/span><a href=\"https:\/\/iwell-guard.com\/is\/korea\/\" class=\"iwg-kultur-badge\" tabindex=\"0\" data-tooltip=\"K\u00f3reskur heimur gu\u00f0a, sjamana og \u00fej\u00f3\u00f0aranda.\">K\u00f3rea<\/a><\/div>\t\t\t\t<\/div>\n\t\t\t\t<\/div>\n\t\t<div class=\"elementor-element elementor-element-8cc34b5 e-con-full e-flex e-con e-child\" data-id=\"8cc34b5\" data-element_type=\"container\" data-e-type=\"container\">\n\t\t\t\t<div class=\"elementor-element elementor-element-2508a21 elementor-toc--minimized-on-tablet elementor-widget elementor-widget-table-of-contents\" data-id=\"2508a21\" data-element_type=\"widget\" data-e-type=\"widget\" data-settings=\"{&quot;exclude_headings_by_selector&quot;:[],&quot;no_headings_message&quot;:&quot;Engar undirfyrirsagnir fundust \\u00e1 \\u00feessari s\\u00ed\\u00f0u.&quot;,&quot;headings_by_tags&quot;:[&quot;h2&quot;,&quot;h3&quot;],&quot;marker_view&quot;:&quot;bullets&quot;,&quot;icon&quot;:{&quot;value&quot;:&quot;fas fa-circle&quot;,&quot;library&quot;:&quot;fa-solid&quot;,&quot;rendered_tag&quot;:&quot;&lt;svg class=\\&quot;e-font-icon-svg e-fas-circle\\&quot; viewBox=\\&quot;0 0 512 512\\&quot; xmlns=\\&quot;http:\\\/\\\/www.w3.org\\\/2000\\\/svg\\&quot;&gt;&lt;path d=\\&quot;M256 8C119 8 8 119 8 256s111 248 248 248 248-111 248-248S393 8 256 8z\\&quot;&gt;&lt;\\\/path&gt;&lt;\\\/svg&gt;&quot;},&quot;minimize_box&quot;:&quot;yes&quot;,&quot;minimized_on&quot;:&quot;tablet&quot;,&quot;hierarchical_view&quot;:&quot;yes&quot;,&quot;min_height&quot;:{&quot;unit&quot;:&quot;px&quot;,&quot;size&quot;:&quot;&quot;,&quot;sizes&quot;:[]},&quot;min_height_tablet&quot;:{&quot;unit&quot;:&quot;px&quot;,&quot;size&quot;:&quot;&quot;,&quot;sizes&quot;:[]},&quot;min_height_mobile&quot;:{&quot;unit&quot;:&quot;px&quot;,&quot;size&quot;:&quot;&quot;,&quot;sizes&quot;:[]}}\" data-widget_type=\"table-of-contents.default\">\n\t\t\t\t\t\t\t\t\t<div class=\"elementor-toc__header\">\n\t\t\t\t\t\t<h2 class=\"elementor-toc__header-title\">\n\t\t\t\tEfnisyfirlit\t\t\t<\/h2>\n\t\t\t\t\t\t\t\t\t\t<div class=\"elementor-toc__toggle-button elementor-toc__toggle-button--expand\" role=\"button\" tabindex=\"0\" aria-controls=\"elementor-toc__2508a21\" aria-expanded=\"true\" aria-label=\"Open table of contents\"><svg aria-hidden=\"true\" class=\"e-font-icon-svg e-fas-chevron-down\" viewBox=\"0 0 448 512\" xmlns=\"http:\/\/www.w3.org\/2000\/svg\"><path d=\"M207.029 381.476L12.686 187.132c-9.373-9.373-9.373-24.569 0-33.941l22.667-22.667c9.357-9.357 24.522-9.375 33.901-.04L224 284.505l154.745-154.021c9.379-9.335 24.544-9.317 33.901.04l22.667 22.667c9.373 9.373 9.373 24.569 0 33.941L240.971 381.476c-9.373 9.372-24.569 9.372-33.942 0z\"><\/path><\/svg><\/div>\n\t\t\t\t<div class=\"elementor-toc__toggle-button elementor-toc__toggle-button--collapse\" role=\"button\" tabindex=\"0\" aria-controls=\"elementor-toc__2508a21\" aria-expanded=\"true\" aria-label=\"Close table of contents\"><svg aria-hidden=\"true\" class=\"e-font-icon-svg e-fas-chevron-up\" viewBox=\"0 0 448 512\" xmlns=\"http:\/\/www.w3.org\/2000\/svg\"><path d=\"M240.971 130.524l194.343 194.343c9.373 9.373 9.373 24.569 0 33.941l-22.667 22.667c-9.357 9.357-24.522 9.375-33.901.04L224 227.495 69.255 381.516c-9.379 9.335-24.544 9.317-33.901-.04l-22.667-22.667c-9.373-9.373-9.373-24.569 0-33.941L207.03 130.525c9.372-9.373 24.568-9.373 33.941-.001z\"><\/path><\/svg><\/div>\n\t\t\t\t\t<\/div>\n\t\t\t\t<div id=\"elementor-toc__2508a21\" class=\"elementor-toc__body\">\n\t\t\t<div class=\"elementor-toc__spinner-container\">\n\t\t\t\t<svg class=\"elementor-toc__spinner eicon-animation-spin e-font-icon-svg e-eicon-loading\" aria-hidden=\"true\" viewBox=\"0 0 1000 1000\" xmlns=\"http:\/\/www.w3.org\/2000\/svg\"><path d=\"M500 975V858C696 858 858 696 858 500S696 142 500 142 142 304 142 500H25C25 237 238 25 500 25S975 237 975 500 763 975 500 975Z\"><\/path><\/svg>\t\t\t<\/div>\n\t\t<\/div>\n\t\t\t\t\t\t<\/div>\n\t\t\t\t<\/div>\n\t\t\t\t\t<\/div>\n\t\t\t\t<\/div>\n\t\t<div class=\"elementor-element elementor-element-b31242e e-con-full e-flex e-con e-child\" data-id=\"b31242e\" data-element_type=\"container\" data-e-type=\"container\">\n\t\t\t\t<div class=\"elementor-element elementor-element-3873cfc iwg-hero-image elementor-widget elementor-widget-image\" data-id=\"3873cfc\" data-element_type=\"widget\" data-e-type=\"widget\" data-widget_type=\"image.default\">\n\t\t\t\t\t\t\t\t\t\t\t\t\t\t\t<img fetchpriority=\"high\" decoding=\"async\" width=\"683\" height=\"1024\" src=\"https:\/\/iwell-guard.com\/wp-content\/uploads\/2026\/05\/goetter_korea_hananim-683x1024.webp\" class=\"attachment-large size-large wp-image-170711\" alt=\"Hananim - gu\u00f0ir \u00far k\u00f3reskri hef\u00f0, s\u00f6gulega myndskreytt\" srcset=\"https:\/\/iwell-guard.com\/wp-content\/uploads\/2026\/05\/goetter_korea_hananim-683x1024.webp 683w, https:\/\/iwell-guard.com\/wp-content\/uploads\/2026\/05\/goetter_korea_hananim-200x300.webp 200w, https:\/\/iwell-guard.com\/wp-content\/uploads\/2026\/05\/goetter_korea_hananim-768x1152.webp 768w, https:\/\/iwell-guard.com\/wp-content\/uploads\/2026\/05\/goetter_korea_hananim.webp 1024w\" sizes=\"(max-width: 683px) 100vw, 683px\" \/>\t\t\t\t\t\t\t\t\t\t\t\t\t\t\t<\/div>\n\t\t\t\t<\/div>\n\t\t\t\t\t<\/div>\n\t\t\t\t<\/div>\n\t\t<div class=\"elementor-element elementor-element-b057e62 e-con-boxed e-flex e-con e-parent\" data-id=\"b057e62\" data-element_type=\"container\" data-e-type=\"container\">\n\t\t\t\t\t<div class=\"e-con-inner\">\n\t\t<div class=\"elementor-element elementor-element-dc0b35b e-con-full e-flex e-con e-child\" data-id=\"dc0b35b\" data-element_type=\"container\" data-e-type=\"container\">\n\t\t\t\t<div class=\"elementor-element elementor-element-f71efa8 elementor-widget elementor-widget-heading\" data-id=\"f71efa8\" data-element_type=\"widget\" data-e-type=\"widget\" data-widget_type=\"heading.default\">\n\t\t\t\t\t<h2 class=\"elementor-heading-title elementor-size-default\">Or\u00f0sifjar og or\u00f0s\u00f6guleg \u00fer\u00f3un<\/h2>\t\t\t\t<\/div>\n\t\t\t\t<div class=\"elementor-element elementor-element-b763f60 elementor-widget elementor-widget-text-editor\" data-id=\"b763f60\" data-element_type=\"widget\" data-e-type=\"widget\" data-widget_type=\"text-editor.default\">\n\t\t\t\t\t\t\t\t\t<p>Hugtaki\u00f0 Hananim er samsett \u00far k\u00f3reska or\u00f0inu \u00abhaneul\u00bb (himinn) og vir\u00f0ingarvi\u00f0skeytinu \u00ab-nim\u00bb, sem \u00fe\u00fd\u00f0ir b\u00f3kstaflega \u00abhinn vir\u00f0ulegi himinn\u00bb e\u00f0a \u00abherra himinsins\u00bb. \u00cd eldri mynd var \u00fea\u00f0 Hanunim e\u00f0a Hanonim, og \u00e1 r\u00e6tur \u00ed \u00fej\u00f3\u00f0legri i\u00f0ju a\u00f0 \u00e1varpa himininn sem pers\u00f3nulegt vald.<\/p><p><span data-nosnippet>Don Baker s\u00fdndi \u00ed \u00abKorean Spirituality\u00bb (2008) a\u00f0 \u00feessi or\u00f0mynd er sta\u00f0fest \u00ed \u00fej\u00f3\u00f0legri i\u00f0ju allt fr\u00e1 17. og 18. \u00f6ld, \u00e1n \u00feess a\u00f0 h\u00fan hafi veri\u00f0 m\u00f3tu\u00f0 sem samr\u00e6md gu\u00f0fr\u00e6\u00f0i.<\/span><\/p>\n\n<p><span data-nosnippet>James Grayson benti \u00ed \u00abKorea: A Religious History\u00bb (1989) \u00e1 a\u00f0 hugtaki\u00f0 \u00ed sinni n\u00fat\u00edmalegu mynd, Hananim, festi sig ekki \u00ed sessi fyrr en \u00e1 19. \u00f6ld, hj\u00e1 fyrstu k\u00f3resku ka\u00fe\u00f3lsku tr\u00faskiptingunum og einkum me\u00f0al m\u00f3tm\u00e6lendatr\u00fabo\u00f0a seint \u00e1 19. \u00f6ld.<\/span><\/p><p><span data-nosnippet>Skosku tr\u00fabo\u00f0arnir John Ross og John MacIntyre, sem 1882 unnu fyrstu k\u00f3resku bibl\u00edu\u00fe\u00fd\u00f0inguna \u00ed Mukden, v\u00f6ldu Hananim sem \u00fe\u00fd\u00f0ingu \u00e1 hebresk-gr\u00edska gu\u00f0snafninu. \u00deetta val haf\u00f0i varanleg \u00e1hrif \u00e1 s\u00ed\u00f0ari m\u00f3tm\u00e6lendahef\u00f0 K\u00f3reu.<\/span><\/p>\t\t\t\t\t\t\t\t<\/div>\n\t\t\t\t<\/div>\n\t\t<div class=\"elementor-element elementor-element-982ee3c e-con-full e-flex e-con e-child\" data-id=\"982ee3c\" data-element_type=\"container\" data-e-type=\"container\">\n\t\t\t\t<div class=\"elementor-element elementor-element-b40a6e0 elementor-widget elementor-widget-heading\" data-id=\"b40a6e0\" data-element_type=\"widget\" data-e-type=\"widget\" data-widget_type=\"heading.default\">\n\t\t\t\t\t<h2 class=\"elementor-heading-title elementor-size-default\">Hananim \u00ed \u00fej\u00f3\u00f0tr\u00faarhef\u00f0inni<\/h2>\t\t\t\t<\/div>\n\t\t\t\t<div class=\"elementor-element elementor-element-26981b1 elementor-widget elementor-widget-text-editor\" data-id=\"26981b1\" data-element_type=\"widget\" data-e-type=\"widget\" data-widget_type=\"text-editor.default\">\n\t\t\t\t\t\t\t\t\t<p>\u00c1\u00f0ur en kristnu tr\u00fabo\u00f0arnir t\u00f3ku hugtaki\u00f0 upp var Hananim e\u00f0a Hanunim \u00e1varp til himinsins \u00ed fj\u00f6lm\u00f6rgum k\u00f3reskum \u00fej\u00f3\u00f0legum si\u00f0um.<\/p><p>B\u00e6ndur \u00e1k\u00f6llu\u00f0u hann fyrir s\u00e1ningu, sjamanar nefndu hann \u00ed harmagr\u00e1tb\u00e6num, og foreldrar \u00e1v\u00f6rpu\u00f0u hann vi\u00f0 f\u00e6\u00f0ingu og andl\u00e1t. \u00deessi tilbei\u00f0sla var ekki hluti af samr\u00e6mdu <span class=\"iwg-fachbegriff\" data-tooltip=\"Heild gu\u00f0anna \u00ed tr\u00faarbr\u00f6g\u00f0um e\u00f0a menningu.\" tabindex=\"0\">go\u00f0aveldi<\/span>, heldur birtist sem vi\u00f0b\u00f3tarlag samhli\u00f0a b\u00fadd\u00edskri, konf\u00fas\u00edskri og sjaman\u00edskri tr\u00faarvitund.<\/p>\n\n<p>Boudewijn Walraven hefur \u00ed verkum s\u00ednum um k\u00f3reska <span class=\"iwg-fachbegriff\" data-tooltip=\"Tr\u00faarkerfi \u00fear sem s\u00e9rfr\u00e6\u00f0ingar hafa samskipti vi\u00f0 andaheiminn.\" tabindex=\"0\">sjamanisma<\/span> bent \u00e1 a\u00f0 sjamanarnir (\u00abmudang\u00bb) \u00e1k\u00f6llu\u00f0u himnaherrann oft sem fjarl\u00e6gt, varla \u00edhlutandi vald, me\u00f0an hin eiginlega l\u00e6kningarvinna f\u00f3r fram gagnvart sta\u00f0bundnum \u00f6ndum og fjallagu\u00f0um.<\/p><p>Hananim st\u00f3\u00f0 efst \u00ed tr\u00faarlegu stigveldinu \u00e1n \u00feess a\u00f0 hafa bein helgisi\u00f0afr\u00e6\u00f0ilega \u00fe\u00fd\u00f0ingu \u00ed daglegu l\u00edfi. \u00deessi \u00abDeus otiosus\u00bb-ger\u00f0 er samkv\u00e6mt Mircea Eliade d\u00e6miger\u00f0 fyrir nor\u00f0uras\u00edska himintr\u00fa.<\/p>\t\t\t\t\t\t\t\t<\/div>\n\t\t\t\t<\/div>\n\t\t<div class=\"elementor-element elementor-element-bfceb0c e-con-full e-flex e-con e-child\" data-id=\"bfceb0c\" data-element_type=\"container\" data-e-type=\"container\">\n\t\t\t\t<div class=\"elementor-element elementor-element-9f63af3 elementor-widget elementor-widget-heading\" data-id=\"9f63af3\" data-element_type=\"widget\" data-e-type=\"widget\" data-widget_type=\"heading.default\">\n\t\t\t\t\t<h2 class=\"elementor-heading-title elementor-size-default\">Kristileg eignun \u00e1 19. \u00f6ld<\/h2>\t\t\t\t<\/div>\n\t\t\t\t<div class=\"elementor-element elementor-element-76c8d34 elementor-widget elementor-widget-text-editor\" data-id=\"76c8d34\" data-element_type=\"widget\" data-e-type=\"widget\" data-widget_type=\"text-editor.default\">\n\t\t\t\t\t\t\t\t\t<p>Vali\u00f0 \u00e1 Hananim sem \u00fe\u00fd\u00f0ingu \u00e1 bibl\u00edulega gu\u00f0snafninu var v\u00edsvitandi \u00e1kv\u00f6r\u00f0un m\u00f3tm\u00e6lendatr\u00fabo\u00f0sins. Me\u00f0al valkosta voru Sanonim (fjallaherra), Shinjeo (gu\u00f0leg m\u00e1ttur) og Sangje (h\u00e6sti valdhafi, konf\u00fas\u00edskt hugtak).<\/p><p>John Ross og fylgismenn hans v\u00f6ldu gegn Sangje, \u00fev\u00ed \u00fea\u00f0 var of n\u00e1tengt konf\u00fas\u00edska hir\u00f0si\u00f0num, og gegn Shinjeo, sem g\u00e6ti veri\u00f0 skili\u00f0 \u00e1 fj\u00f6lgy\u00f0islegan e\u00f0a alheimsgu\u00f0fr\u00e6\u00f0ilegan h\u00e1tt. Hananim haf\u00f0i \u00feann kost a\u00f0 vera \u00feegar r\u00f3tfest \u00ed \u00fej\u00f3\u00f0tr\u00fanni sem pers\u00f3nulegt, einstakt vald.<\/p>\n\n<p><span data-nosnippet>\u00d6nnur bylgja m\u00f3tm\u00e6lendatr\u00fabo\u00f0a, a\u00f0allega me\u00fe\u00f3distar og prestb\u00fdterar fr\u00e1 Bandar\u00edkjunum, t\u00f3k upp \u00feetta val \u00e1 1880 og 1890. Horace Underwood og Henry Appenzeller, sem komu til Seoul 1885, notu\u00f0u Hananim \u00ed bibl\u00edu\u00fe\u00fd\u00f0ingu sinni og \u00ed helgisi\u00f0aframkv\u00e6md.<\/span><\/p><p><span data-nosnippet>\u00dear me\u00f0 var hugtaki\u00f0 or\u00f0i\u00f0 r\u00f3tfast \u00ed k\u00f3resku bibl\u00edunni fyrir \u00e1ri\u00f0 1900, sta\u00f0reynd sem \u00e1 s\u00e9r ekki samsv\u00f6run \u00ed neinni annarri austuras\u00edskri hef\u00f0 (K\u00edna, Japan) me\u00f0 samb\u00e6rilegri innlendri fors\u00f6gu.<\/span><\/p>\t\t\t\t\t\t\t\t<\/div>\n\t\t\t\t<\/div>\n\t\t<div class=\"elementor-element elementor-element-0d0280a e-con-full e-flex e-con e-child\" data-id=\"0d0280a\" data-element_type=\"container\" data-e-type=\"container\">\n\t\t\t\t<div class=\"elementor-element elementor-element-95d7af3 elementor-widget elementor-widget-heading\" data-id=\"95d7af3\" data-element_type=\"widget\" data-e-type=\"widget\" data-widget_type=\"heading.default\">\n\t\t\t\t\t<h2 class=\"elementor-heading-title elementor-size-default\">Hananim og ka\u00fe\u00f3lska hef\u00f0in<\/h2>\t\t\t\t<\/div>\n\t\t\t\t<div class=\"elementor-element elementor-element-9f96e12 elementor-widget elementor-widget-text-editor\" data-id=\"9f96e12\" data-element_type=\"widget\" data-e-type=\"widget\" data-widget_type=\"text-editor.default\">\n\t\t\t\t\t\t\t\t\t<p>Eldri ka\u00fe\u00f3lska hef\u00f0 K\u00f3reu, sem var flutt inn fr\u00e1 K\u00edna seint \u00e1 18. \u00f6ld, nota\u00f0i fyrst hi\u00f0 k\u00ednversk-m\u00f3ta\u00f0a hugtak Cheonju (\u00abherra himinsins\u00bb), sem Matteo Ricci haf\u00f0i innleitt.<\/p><p>\u00deetta hugtak hefur haldist \u00ed k\u00f3reskri ka\u00fe\u00f3lskri <span class=\"iwg-fachbegriff\" data-tooltip=\"Fastm\u00f3tu\u00f0 skipan gu\u00f0s\u00fej\u00f3nustu tr\u00faf\u00e9lags.\" tabindex=\"0\">helgisi\u00f0aframkv\u00e6md<\/span> allt til dagsins \u00ed dag. \u00dear me\u00f0 er \u00ed k\u00f3reskri kristni um tr\u00faardeildaskipta greinarmun \u00e1 gu\u00f0snafni: m\u00f3tm\u00e6lendur kalla hann Hananim, ka\u00fe\u00f3likkar Cheonju. B\u00e6\u00f0i hugt\u00f6kin eru r\u00f3tfest \u00ed daglegu m\u00e1li.<\/p>\n\n<p>\u00deessi skipting gu\u00f0snafnsins er tr\u00faars\u00f6gulega athyglisver\u00f0 og hefur \u00e1 s\u00ed\u00f0ustu \u00e1ratugum leitt til samkirkjulegra umr\u00e6\u00f0na. Don Baker hefur bent \u00e1 a\u00f0 vali\u00f0 \u00e1 mismunandi gu\u00f0sn\u00f6fnum er meira en einf\u00f6ld \u00fe\u00fd\u00f0ingarspurning; \u00fea\u00f0 markar mismunandi gu\u00f0fr\u00e6\u00f0ilega afst\u00f6\u00f0u: Cheonju tengist stigskiptri, konf\u00fas\u00edskri hef\u00f0, Hananim \u00fej\u00f3\u00f0tr\u00faarlegri himind\u00fdrkun.<\/p>\t\t\t\t\t\t\t\t<\/div>\n\t\t\t\t<\/div>\n\t\t<div class=\"elementor-element elementor-element-511364e e-con-full e-flex e-con e-child\" data-id=\"511364e\" data-element_type=\"container\" data-e-type=\"container\">\n\t\t\t\t<div class=\"elementor-element elementor-element-8483d68 elementor-widget elementor-widget-heading\" data-id=\"8483d68\" data-element_type=\"widget\" data-e-type=\"widget\" data-widget_type=\"heading.default\">\n\t\t\t\t\t<h2 class=\"elementor-heading-title elementor-size-default\">N\u00fdtr\u00faarlegar hreyfingar<\/h2>\t\t\t\t<\/div>\n\t\t\t\t<div class=\"elementor-element elementor-element-bb2d9e2 elementor-widget elementor-widget-text-editor\" data-id=\"bb2d9e2\" data-element_type=\"widget\" data-e-type=\"widget\" data-widget_type=\"text-editor.default\">\n\t\t\t\t\t\t\t\t\t<p>\u00cd k\u00f3reskum n\u00fdtr\u00faarlegum hreyfingum s\u00ed\u00f0la Joseon-t\u00edmabilsins og \u00e1 n\u00fdlendut\u00edmanum leikur Hananim einnig lykilhlutverk.<\/p><p><span data-nosnippet>Donghak-hreyfingin, stofnu\u00f0 1860 af Choe Je-u, tilb\u00e1\u00f0i Hannolnim, \u00fatg\u00e1fu af Hananim, sem pers\u00f3nuger\u00f0an himinn sem er n\u00e1l\u00e6gur \u00ed hverri manneskju (\u00ed hinni \u00feekktu setningu \u00abinnaecheon\u00bb, \u00abma\u00f0urinn er himinn\u00bb). \u00deessi hreyfing leiddi til hins mikla Donghak-uppreisnar 1894 og var s\u00ed\u00f0ar stofnanav\u00e6dd sem Cheondogyo.<\/span><\/p>\n\n<p>Daejonggyo, sem 1909 m\u00f3ta\u00f0i kerfisbundi\u00f0 Dangun-Hwanin-hef\u00f0ina, notar einnig Hananim sem heiti \u00e1 h\u00e6sta gu\u00f0i hinnar heil\u00f6gu \u00ferenningar. S\u00ed\u00f0ar til komin Sun Myung Moon-hreyfingin (Sameiningarkirkjan) t\u00f3k hugtaki\u00f0 upp \u00far k\u00f3reskri kristinni hef\u00f0. \u00deessi fj\u00f6lbreytni s\u00fdnir hversu opi\u00f0 Hananim er sem tr\u00faarlegt tungutak og hvernig \u00f3l\u00edkar stefnur hafa gert \u00fea\u00f0 noth\u00e6ft fyrir mismunandi gu\u00f0fr\u00e6\u00f0ileg markmi\u00f0.<\/p>\t\t\t\t\t\t\t\t<\/div>\n\t\t\t\t<\/div>\n\t\t<div class=\"elementor-element elementor-element-8badfd1 e-con-full e-flex e-con e-child\" data-id=\"8badfd1\" data-element_type=\"container\" data-e-type=\"container\">\n\t\t\t\t<div class=\"elementor-element elementor-element-165c229 elementor-widget elementor-widget-heading\" data-id=\"165c229\" data-element_type=\"widget\" data-e-type=\"widget\" data-widget_type=\"heading.default\">\n\t\t\t\t\t<h2 class=\"elementor-heading-title elementor-size-default\">Hananim og Cheonju \u00ed samanbur\u00f0i<\/h2>\t\t\t\t<\/div>\n\t\t\t\t<div class=\"elementor-element elementor-element-616653e elementor-widget elementor-widget-text-editor\" data-id=\"616653e\" data-element_type=\"widget\" data-e-type=\"widget\" data-widget_type=\"text-editor.default\">\n\t\t\t\t\t\t\t\t\t<p>Vali\u00f0 milli Hananim og Cheonju er ekki bara j\u00e1tningarlegt, heldur m\u00e1 einnig l\u00fdsa \u00fev\u00ed fr\u00e1 sj\u00f3narh\u00f3li m\u00e1ls\u00f6gu. Hananim er hreint k\u00f3reskt or\u00f0, en Cheonju er s\u00edn\u00f3-k\u00f3resk myndun. \u00deessi m\u00e1lmunur endurspeglast \u00ed \u00fev\u00ed hvernig tr\u00faa\u00f0ir upplifa or\u00f0in.<\/p><p>\u00c1 me\u00f0an Hananim er upplifa\u00f0 sem kunnuglegt, al\u00fe\u00fd\u00f0legt og pers\u00f3nulegt, er Cheonju tali\u00f0 formlegra, vir\u00f0ulegra og b\u00f3km\u00e1lslegra. \u00deannig hafa hugt\u00f6kin tv\u00e6r \u00f3l\u00edkar merkingarbl\u00e6, \u00e1n \u00feess a\u00f0 nokkur sk\u00fdr gu\u00f0fr\u00e6\u00f0ilegur stigveldismunur r\u00edki milli \u00feeirra.<\/p>\n\n<p>Antonetta Bruno hefur \u00ed ranns\u00f3knum s\u00ednum \u00e1 k\u00f3resku tr\u00faarm\u00e1li lagt til a\u00f0 skilja \u00feennan a\u00f0greining sem v\u00edsvitandi var\u00f0veitta fj\u00f6ltyngi innan k\u00f3reskrar tr\u00faarhef\u00f0ar. H\u00fan s\u00fdnir hvernig eitt tungum\u00e1l getur haft tv\u00f6 or\u00f0 fyrir sama gu\u00f0fr\u00e6\u00f0ilega grunnhugtaki\u00f0 \u00e1n \u00feess a\u00f0 \u00fea\u00f0 valdi rugli.<\/p>\t\t\t\t\t\t\t\t<\/div>\n\t\t\t\t<\/div>\n\t\t<div class=\"elementor-element elementor-element-7f80e53 e-con-full e-flex e-con e-child\" data-id=\"7f80e53\" data-element_type=\"container\" data-e-type=\"container\">\n\t\t\t\t<div class=\"elementor-element elementor-element-7a56984 elementor-widget elementor-widget-heading\" data-id=\"7a56984\" data-element_type=\"widget\" data-e-type=\"widget\" data-widget_type=\"heading.default\">\n\t\t\t\t\t<h2 class=\"elementor-heading-title elementor-size-default\">Notkun \u00ed dag<\/h2>\t\t\t\t<\/div>\n\t\t\t\t<div class=\"elementor-element elementor-element-ed8050a elementor-widget elementor-widget-text-editor\" data-id=\"ed8050a\" data-element_type=\"widget\" data-e-type=\"widget\" data-widget_type=\"text-editor.default\">\n\t\t\t\t\t\t\t\t\t<p>\u00cd dag er Hananim sta\u00f0alor\u00f0i\u00f0 fyrir hinn kristna gu\u00f0 \u00ed k\u00f3resku m\u00f3tm\u00e6lendahef\u00f0inni. Me\u00f0 yfir t\u00edu millj\u00f3num m\u00f3tm\u00e6lenda \u00ed Su\u00f0ur-K\u00f3reu og sterkri vi\u00f0veru k\u00f3reskra kirkna erlendis hefur or\u00f0i\u00f0 n\u00e1\u00f0 mikilli \u00fatbrei\u00f0slu.<\/p><p>\u00c1 sama t\u00edma er \u00fea\u00f0 nota\u00f0 \u00ed b\u00f3kmenntalegu og tr\u00faarlausu samhengi sem almenn gu\u00f0sheiti, til d\u00e6mis \u00ed lj\u00f3\u00f0um, \u00ed daglegum upphr\u00f3punum og \u00ed heimspekilegu m\u00e1li.<\/p>\n\n<p>Var\u00f0veisla or\u00f0sins \u00ed n\u00fat\u00edma k\u00f3resku or\u00f0afari er athyglisvert d\u00e6mi um tr\u00faars\u00f6gulegan slagkraft \u00e1varps sem upphaflega heyr\u00f0i til al\u00fe\u00fd\u00f0utr\u00faar, en var\u00f0 a\u00f0 megingu\u00f0fr\u00e6\u00f0ilegu hugtaki fyrir tilstilli tr\u00fabo\u00f0slegrar yfirt\u00f6ku.<\/p><p>James Grayson hefur l\u00fdst \u00feessu ferli sem \u201ehlutfallslega einst\u00f6ku \u00ed tr\u00fabo\u00f0ss\u00f6gu kristninnar \u00e1 heimsv\u00edsu\u201c, \u00fev\u00ed \u00ed flestum \u00f6\u00f0rum tungum\u00e1lum ur\u00f0u bibl\u00edu\u00fe\u00fd\u00f0endur a\u00f0 skapa n\u00fdtt or\u00f0 e\u00f0a endurskilgreina fyrirliggjandi or\u00f0 verulega. \u00cd k\u00f3reska tilvikinu h\u00e9lt fyrirliggjandi or\u00f0i\u00f0 a\u00f0 mestu merkingu sinni og var a\u00f0eins skerpt gu\u00f0fr\u00e6\u00f0ilega me\u00f0 kristinni notkun.<\/p>\t\t\t\t\t\t\t\t<\/div>\n\t\t\t\t<\/div>\n\t\t<div class=\"elementor-element elementor-element-93d633f e-con-full e-flex e-con e-child\" data-id=\"93d633f\" data-element_type=\"container\" data-e-type=\"container\">\n\t\t\t\t<div class=\"elementor-element elementor-element-4e4d127 elementor-widget elementor-widget-heading\" data-id=\"4e4d127\" data-element_type=\"widget\" data-e-type=\"widget\" data-widget_type=\"heading.default\">\n\t\t\t\t\t<h2 class=\"elementor-heading-title elementor-size-default\">St\u00f6\u00f0u ranns\u00f3kna<\/h2>\t\t\t\t<\/div>\n\t\t\t\t<div class=\"elementor-element elementor-element-c170e14 elementor-widget elementor-widget-text-editor\" data-id=\"c170e14\" data-element_type=\"widget\" data-e-type=\"widget\" data-widget_type=\"text-editor.default\">\n\t\t\t\t\t\t\t\t\t<p>Ranns\u00f3knir \u00e1 Hananim eru fyrst og fremst bornar uppi af James Grayson, Don Baker, Boudewijn Walraven og Antonetta Bruno. \u00deau hafa \u00e1 s\u00ed\u00f0ustu \u00feremur \u00e1ratugum unni\u00f0 \u00far hinu dj\u00fapa s\u00f6guferli og hinni s\u00f6gulegu \u00fe\u00fd\u00f0ingu hugtaksins.<\/p><p>Kerfisbundin or\u00f0s\u00f6guleg \u00fattekt me\u00f0 \u00f6llum vi\u00f0eigandi v\u00edsunum \u00far al\u00fe\u00fd\u00f0utr\u00faarlegum, kristnum og n\u00fdtr\u00faarlegum textum hefur \u00fe\u00f3 ekki veri\u00f0 l\u00f6g\u00f0 fram til fulls enn. Maurizio Riotto hefur \u00ed m\u00f6rgum greinum um k\u00f3reska tr\u00faars\u00f6gu r\u00e6tt tengslin vi\u00f0 nor\u00f0uras\u00edska Tengri-hef\u00f0ina, me\u00f0 \u00feeirri varf\u00e6rnu ni\u00f0urst\u00f6\u00f0u a\u00f0 ekki s\u00e9 unnt a\u00f0 draga beina l\u00ednu.<\/p>\n\n<p>\u00cd v\u00ed\u00f0ara v\u00edsindalegu samhengi er Hananim d\u00e6mi um \u00fe\u00e1 fr\u00e6\u00f0ilegu umr\u00e6\u00f0u um \u201efrumgu\u00f0sspurninguna\u201c sem Mircea Eliade og Wilhelm Schmidt settu \u00ed brennidepil \u00e1 fyrri hluta 20. aldar.<\/p><p>Kenningin um upprunalegan h\u00e1gu\u00f0 sem s\u00ed\u00f0ar er yfirlag\u00f0ur af \u00f6\u00f0rum gu\u00f0um hefur s\u00e6tt gagnr\u00fdni \u00ed n\u00fat\u00edma tr\u00faarbrag\u00f0afr\u00e6\u00f0um, en er \u00fe\u00f3 \u00e1fram vi\u00f0eigandi umr\u00e6\u00f0urammi fyrir k\u00f3reska efni\u00f0.<\/p><p>Hananim s\u00fdnir hvernig al\u00fe\u00fd\u00f0utr\u00faarlegt h\u00e1gu\u00f0shugtak getur veri\u00f0 til sta\u00f0ar \u00f6ldum saman \u00e1n \u00feess a\u00f0 vera innfellt \u00ed loka\u00f0 <span class=\"iwg-fachbegriff\" data-tooltip=\"V\u00edsindaleg fr\u00e6\u00f0i um gu\u00f0 og tr\u00fa innan tiltekinna tr\u00faarbrag\u00f0a.\" tabindex=\"0\">gu\u00f0fr\u00e6\u00f0i<\/span>kerfi, og hvernig \u00fea\u00f0 getur veri\u00f0 endurvaki\u00f0 af utana\u00f0komandi gu\u00f0fr\u00e6\u00f0ilegum \u00e1\u00e6tlunum.<\/p>\t\t\t\t\t\t\t\t<\/div>\n\t\t\t\t<\/div>\n\t\t<div class=\"elementor-element elementor-element-75e7f10 e-con-full e-flex e-con e-child\" data-id=\"75e7f10\" data-element_type=\"container\" data-e-type=\"container\">\n\t\t\t\t<div class=\"elementor-element elementor-element-ac99849 elementor-widget elementor-widget-heading\" data-id=\"ac99849\" data-element_type=\"widget\" data-e-type=\"widget\" data-widget_type=\"heading.default\">\n\t\t\t\t\t<h2 class=\"elementor-heading-title elementor-size-default\">Donghak, Choe Je-u og Hannolnim-gu\u00f0fr\u00e6\u00f0in<\/h2>\t\t\t\t<\/div>\n\t\t\t\t<div class=\"elementor-element elementor-element-852ff55 elementor-widget elementor-widget-text-editor\" data-id=\"852ff55\" data-element_type=\"widget\" data-e-type=\"widget\" data-widget_type=\"text-editor.default\">\n\t\t\t\t\t\t\t\t\t<p><span data-nosnippet>Mikilv\u00e6gasta sj\u00e1lfst\u00e6\u00f0a k\u00f3reska <span class=\"iwg-fachbegriff\" data-tooltip=\"V\u00edsindaleg fr\u00e6\u00f0i um gu\u00f0 og tr\u00fa innan tiltekinna tr\u00faarbrag\u00f0a.\" tabindex=\"0\">gu\u00f0fr\u00e6\u00f0in<\/span> \u00e1 19. \u00f6ld tengist Hananim. Choe Je-u (1824 til 1864), stofnandi Donghak-hreyfingarinnar (\u201eAusturlensk kenning\u201c), sag\u00f0i fr\u00e1 dul\u00fa\u00f0ugri reynslu \u00e1ri\u00f0 1860, \u00fear sem himnaherrinn Hannolnim opinbera\u00f0i honum kenninguna um innri himin.<\/span><\/p><p><span data-nosnippet>Textar hans, teknir saman \u00ed \u201eDonggyeong daejeon\u201c (1880) og \u201eYongdam yusa\u201c (1881), setja fram grunnkenninguna um a\u00f0 ma\u00f0ur og himinn s\u00e9u ekki a\u00f0skilin. Meginsetningin \u201esi cheonju\u201c (\u201ea\u00f0 bera himnaherrann \u00ed s\u00e9r\u201c) \u00fer\u00f3a\u00f0ist hj\u00e1 eftirmanni hans, Choe Si-hyeong, og s\u00e9rstaklega hj\u00e1 Son Byong-hi \u00ed hina r\u00f3tt\u00e6kari form\u00falu \u201einnaecheon\u201c (\u201ema\u00f0urinn er himinn\u201c).<\/span><\/p>\n<p><span data-nosnippet>\u00deessi gu\u00f0fr\u00e6\u00f0ilega sta\u00f0a tengdist samf\u00e9lagslega gagnr\u00fdnni starfsemi sem kosta\u00f0i Choe Je-u l\u00edfi\u00f0 \u00e1ri\u00f0 1864; hann var tekinn af l\u00edfi fyrir <span class=\"iwg-fachbegriff\" data-tooltip=\"Tr\u00faarsko\u00f0un sem v\u00edkur fr\u00e1 vi\u00f0urkenndri kirkjulegri l\u00e6rd\u00f3mi.\" tabindex=\"0\">villutr\u00fa<\/span> og uppreisn. Hreyfingin leiddi til hins mikla Donghak-b\u00e6ndauppreisnar \u00e1ri\u00f0 1894, sem n\u00e1\u00f0i fyrst sv\u00e6\u00f0isbundnum \u00e1rangri, en var s\u00ed\u00f0an barin ni\u00f0ur herna\u00f0arlega af jap\u00f6nskum og konf\u00fas\u00edsk-k\u00f3reskum hersveitum.<\/span><\/p><p>Don Baker og Susan Shin hafa \u00ed ranns\u00f3knum s\u00ednum \u00e1 Donghak-hreyfingunni s\u00fdnt a\u00f0 Hananim-<span class=\"iwg-fachbegriff\" data-tooltip=\"V\u00edsindaleg fr\u00e6\u00f0i um gu\u00f0 og tr\u00fa innan tiltekinna tr\u00faarbrag\u00f0a.\" tabindex=\"0\">gu\u00f0fr\u00e6\u00f0i<\/span> Donghak er sj\u00e1lfst\u00e6\u00f0 k\u00f3resk tilraun til a\u00f0 m\u00f3ta n\u00fdt\u00edzkulega tr\u00faarbr\u00f6g\u00f0, \u00e1n \u00feess a\u00f0 undirgangast vestr\u00e6na kristni e\u00f0a konf\u00fas\u00edska hir\u00f0d\u00fdrkun.<\/p><p><span data-nosnippet>Son Byong-hi kom hreyfingunni \u00e1 stofnanagrundv\u00f6ll \u00e1ri\u00f0 1905 sem Cheondogyo (\u201eTr\u00faarbr\u00f6g\u00f0 himneska vegarins\u201c), sem l\u00e9k mikilv\u00e6gt hlutverk \u00ed sj\u00e1lfst\u00e6\u00f0isbar\u00e1ttunni \u00e1 n\u00fdlendut\u00edmanum, me\u00f0al annars \u00ed Mars-hreyfingunni 1919.<\/span><\/p>\t\t\t\t\t\t\t\t<\/div>\n\t\t\t\t<\/div>\n\t\t<div class=\"elementor-element elementor-element-d393860 e-con-full e-flex e-con e-child\" data-id=\"d393860\" data-element_type=\"container\" data-e-type=\"container\">\n\t\t\t\t<div class=\"elementor-element elementor-element-531e742 elementor-widget elementor-widget-heading\" data-id=\"531e742\" data-element_type=\"widget\" data-e-type=\"widget\" data-widget_type=\"heading.default\">\n\t\t\t\t\t<h2 class=\"elementor-heading-title elementor-size-default\">K\u00f3reska hugtaki\u00f0 Question<\/h2>\t\t\t\t<\/div>\n\t\t\t\t<div class=\"elementor-element elementor-element-794cfb9 elementor-widget elementor-widget-text-editor\" data-id=\"794cfb9\" data-element_type=\"widget\" data-e-type=\"widget\" data-widget_type=\"text-editor.default\">\n\t\t\t\t\t\t\t\t\t<p>\u00c1kv\u00f6r\u00f0un m\u00f3tm\u00e6lendatr\u00fabo\u00f0a um a\u00f0 nota Hananim er hluti af v\u00ed\u00f0t\u00e6kari austuras\u00edskri umr\u00e6\u00f0u sem k\u00f6llu\u00f0 er \u00abk\u00f3reska hugtakavandam\u00e1li\u00f0\u00bb (Korean Term Question). \u00cd K\u00edna leiddi samsvarandi spurning milli Shen, Shangdi og Tianzhu til aldalangra deilna sem h\u00f3fust me\u00f0 a\u00f0l\u00f6gunartilraunum Matteo Riccis.<\/p><p>\u00cd Japan v\u00f6ldu tr\u00fabo\u00f0ar \u00e1 19. \u00f6ld or\u00f0i\u00f0 <span class=\"iwg-fachbegriff\" data-tooltip=\"\u00cd jap\u00f6nskum shinto-si\u00f0 eru \u00feetta d\u00fdrka\u00f0ar andaverur og gu\u00f0legir m\u00e1ttir.\" tabindex=\"0\">Kami<\/span> sem \u00fe\u00fd\u00f0ingaror\u00f0, me\u00f0 talsver\u00f0u merkingartapi. \u00cd k\u00f3reska tilvikinu gekk m\u00e1li\u00f0 hlutfallslega hratt og \u00e1takal\u00edti\u00f0 fyrir sig, sem Don Baker rekur til \u00feess hve n\u00e1l\u00e6g al\u00fe\u00fd\u00f0utr\u00faarhugmyndin um Hananim var \u00feegar or\u00f0in pers\u00f3nulegum \u00e6\u00f0sta gu\u00f0i.<\/p>\n<p><span data-nosnippet>John Ross gaf \u00fat \u00abCorean Primer\u00bb \u00e1ri\u00f0 1877 og fyrstu bibl\u00edu\u00fe\u00fd\u00f0ingarnar \u00far gr\u00edska N\u00fdja testamentinu 1882. \u00cd samstarfsh\u00f3pi hans voru me\u00f0al annars fyrstu k\u00f3resku tr\u00faskiptingarnir Seo Sang-ryun og Baek Hong-jun.<\/span><\/p><p>Ross r\u00f6kstuddi vali\u00f0 \u00e1 Hananim me\u00f0 \u00fev\u00ed a\u00f0 k\u00f3reskur almenningur \u00ab\u00feekkti \u00feegar hinn h\u00e6sta gu\u00f0 undir \u00feessu nafni\u00bb, ni\u00f0urst\u00f6\u00f0u sem s\u00ed\u00f0ari ranns\u00f3knir telja r\u00e9ttm\u00e6ta en gu\u00f0fr\u00e6\u00f0ilega einhli\u00f0a.<\/p><p><span data-nosnippet>Bandar\u00edski gu\u00f0fr\u00e6\u00f0ingurinn James Scarth Gale efldi b\u00f3kmenntalega mi\u00f0lun Hananims til hins enskum\u00e6landi heims \u00ed verkum s\u00ednum \u00abKorean Sketches\u00bb (1898) og \u00abThe Cloud Dream of the Nine\u00bb (1922).<\/span><\/p>\t\t\t\t\t\t\t\t<\/div>\n\t\t\t\t<\/div>\n\t\t<div class=\"elementor-element elementor-element-0904447 e-con-full e-flex e-con e-child\" data-id=\"0904447\" data-element_type=\"container\" data-e-type=\"container\">\n\t\t\t\t<div class=\"elementor-element elementor-element-6ea33b8 elementor-widget elementor-widget-heading\" data-id=\"6ea33b8\" data-element_type=\"widget\" data-e-type=\"widget\" data-widget_type=\"heading.default\">\n\t\t\t\t\t<h2 class=\"elementor-heading-title elementor-size-default\">Hananim \u00ed n\u00fat\u00edmagu\u00f0fr\u00e6\u00f0i og menningu<\/h2>\t\t\t\t<\/div>\n\t\t\t\t<div class=\"elementor-element elementor-element-cf2fc1b elementor-widget elementor-widget-text-editor\" data-id=\"cf2fc1b\" data-element_type=\"widget\" data-e-type=\"widget\" data-widget_type=\"text-editor.default\">\n\t\t\t\t\t\t\t\t\t<p>\u00c1 20. og 21. \u00f6ld hefur Hananim fengi\u00f0 margar gu\u00f0fr\u00e6\u00f0ilegar \u00fatf\u00e6rslur. K\u00f3reska minjung-<span class=\"iwg-fachbegriff\" data-tooltip=\"Fr\u00e6\u00f0igreinin um Gu\u00f0 og tr\u00fa tiltekinnar tr\u00faarbrag\u00f0a.\" tabindex=\"0\">gu\u00f0fr\u00e6\u00f0in<\/span>, frelsunargu\u00f0fr\u00e6\u00f0i fr\u00e1 1970 og 1980 kennd vi\u00f0 Suh Nam-dong og <span class=\"iwg-fachbegriff\" data-tooltip=\"Forfa\u00f0ir sem \u00ed m\u00f6rgum menningarheimum er d\u00fdrka\u00f0ur sem verndarm\u00e1ttur.\" tabindex=\"0\">Ahn<\/span> Byung-mu, samsama\u00f0i Hananim gu\u00f0i hinna k\u00fagu\u00f0u og undiroku\u00f0u og tengdi hann Han-reynslunni, sameiginlegri \u00fej\u00e1ningu k\u00f3resku \u00fej\u00f3\u00f0arinnar undir n\u00fdlendustj\u00f3rn, str\u00ed\u00f0i og einr\u00e6\u00f0i.<\/p><p>\u00deessi gu\u00f0fr\u00e6\u00f0ilega tenging Hananims vi\u00f0 f\u00e9lagslega \u00fej\u00e1ningu hefur m\u00f3ta\u00f0 sj\u00e1lfsmynd k\u00f3reskra m\u00f3tm\u00e6lenda allt til \u00feessa dags.<\/p>\n<p><span data-nosnippet>\u00c1 m\u00f3ti stendur <span class=\"iwg-fachbegriff\" data-tooltip=\"Fr\u00e6\u00f0igreinin um Gu\u00f0 og tr\u00fa tiltekinnar tr\u00faarbrag\u00f0a.\" tabindex=\"0\">gu\u00f0fr\u00e6\u00f0i<\/span> k\u00f3reskra hv\u00edtasunnukirkna, s\u00e9rstaklega Yoido Full Gospel Church undir stj\u00f3rn Cho Yong-gis (1936 til 2021), sem tala\u00f0i um Hananim sem blessandi gjafa efnislegra og andlegra g\u00e6\u00f0a.<\/span><\/p><p>B\u00e1\u00f0ar t\u00falkanirnar, hin f\u00e9lagslega og hin velgengnismi\u00f0a\u00f0a, hafa fest Hananim sem k\u00f3reskt gu\u00f0snafn dj\u00fapt \u00ed n\u00fat\u00edmavitund tr\u00faarl\u00edfsins. Sebastian Kim, James Grayson og Robert Buswell hafa \u00ed verkum s\u00ednum um n\u00fat\u00edma k\u00f3reskt tr\u00faarl\u00edf skjalfest fj\u00f6lbreytileika \u00feessara a\u00f0laga \u00e1 Hananim.<\/p>\t\t\t\t\t\t\t\t<\/div>\n\t\t\t\t<\/div>\n\t\t<div class=\"elementor-element elementor-element-2f594dd e-con-full e-flex e-con e-child\" data-id=\"2f594dd\" data-element_type=\"container\" data-e-type=\"container\">\n\t\t\t\t<div class=\"elementor-element elementor-element-f84ec19 elementor-widget elementor-widget-heading\" data-id=\"f84ec19\" data-element_type=\"widget\" data-e-type=\"widget\" data-widget_type=\"heading.default\">\n\t\t\t\t\t<h2 class=\"elementor-heading-title elementor-size-default\">Heimildir og fr\u00e6\u00f0irit<\/h2>\t\t\t\t<\/div>\n\t\t\t\t<div class=\"elementor-element elementor-element-c5fcbcf elementor-widget elementor-widget-text-editor\" data-id=\"c5fcbcf\" data-element_type=\"widget\" data-e-type=\"widget\" data-widget_type=\"text-editor.default\">\n\t\t\t\t\t\t\t\t\t<footer class=\"iwg-literatur\"><p><span data-nosnippet>Frumheimildir: Choe Je-u, \u00abDonggyeong daejeon\u00bb (gefi\u00f0 \u00fat eftir dau\u00f0a hans 1880) og \u00abYongdam yusa\u00bb (gefi\u00f0 \u00fat eftir dau\u00f0a hans 1881); John Ross, \u00abHistory of Corea, Ancient and Modern\u00bb (Paisley 1879) og \u00abCorean Primer\u00bb (Shanghai 1877); James Scarth Gale, \u00abKorean Sketches\u00bb (New York 1898); Horace G. Underwood, \u00abThe Religions of Eastern Asia\u00bb (New York 1910).<\/span><\/p><p>Fr\u00e6\u00f0irit:<\/p><ul><li><span data-nosnippet>James H. Grayson, \u00abKorea: A Religious History\u00bb (Oxford 1989, 2002) og \u00abEarly Buddhism and Christianity in Korea\u00bb (Leiden 1985).<\/span><\/li><li><span data-nosnippet>Don Baker, \u00abKorean Spirituality\u00bb (Honolulu 2008) og \u00abCatholics and Anti-Catholicism in Choson Korea\u00bb (Honolulu 2017).<\/span><\/li><li><span data-nosnippet>Boudewijn Walraven, \u00abSongs of the Shaman\u00bb (London 1994).<\/span><\/li><li><span data-nosnippet>Susan Shin, \u00abTonghak Thought: The Roots of Revolution\u00bb, \u00ed \u00abKorea Journal\u00bb 19 (1979).<\/span><\/li><li><span data-nosnippet>Sebastian Kim, \u00abIn Search of Identity: Debates on Religious Conversion in India\u00bb me\u00f0 k\u00f3reskum samanbur\u00f0ark\u00f6flum (Oxford 2003).<\/span><\/li><li><span data-nosnippet>George Paik, \u00abThe History of Protestant Missions in Korea 1832-1910\u00bb (Pyongyang 1929, endurprentun Seoul 1980).<\/span><\/li><\/ul><p><span data-nosnippet>Um hugtakavandam\u00e1li\u00f0 sj\u00e1 Sung-Deuk Oak, \u00abThe Making of Korean Christianity\u00bb (Waco 2013).<\/span><\/p><\/footer>\t\t\t\t\t\t\t\t<\/div>\n\t\t\t\t<\/div>\n\t\t\t\t\t<\/div>\n\t\t\t\t<\/div>\n\t\t\t\t<\/div>\n\t\t","protected":false},"excerpt":{"rendered":"","protected":false},"author":3,"featured_media":3243,"parent":0,"menu_order":0,"comment_status":"closed","ping_status":"closed","template":"elementor_header_footer","meta":{"_yoast_wpseo_focuskw":"Hananim","_yoast_wpseo_title":"Hananim \u2013 H\u00e6sti gu\u00f0 K\u00f3reu | iWell Guard","_yoast_wpseo_metadesc":"Hananim er h\u00e6sti himnagu\u00f0 k\u00f3reskrar sjamanatr\u00faar: skapari alheimsins, tekinn upp \u00ed kristni sem gu\u00f0snafn.","_yoast_wpseo_meta-robots-noindex":"","_yoast_wpseo_canonical":"","_angie_page":false,"gefaehrdungsstufe":"","wesen_kultur":"","wesen_klasse":"","footnotes":""},"categories":[],"class_list":["post-169111","page","type-page","status-publish","has-post-thumbnail","hentry"],"yoast_head":"<!-- This site is optimized with the Yoast SEO Premium plugin v27.7 (Yoast SEO v28.3) - https:\/\/yoast.com\/product\/yoast-seo-premium-wordpress\/ -->\n<title>Hananim \u2013 H\u00e6sti gu\u00f0 K\u00f3reu | iWell Guard<\/title>\n<meta name=\"description\" content=\"Hananim er h\u00e6sti himnagu\u00f0 k\u00f3reskrar sjamanatr\u00faar: skapari alheimsins, tekinn upp \u00ed kristni sem gu\u00f0snafn.\" \/>\n<meta name=\"robots\" content=\"index, follow, max-snippet:-1, max-image-preview:large, max-video-preview:-1\" \/>\n<link rel=\"canonical\" href=\"https:\/\/iwell-guard.com\/is\/hananim\/\" \/>\n<meta property=\"og:locale\" content=\"is_IS\" \/>\n<meta property=\"og:type\" content=\"article\" \/>\n<meta property=\"og:title\" content=\"Hananim\" \/>\n<meta property=\"og:description\" content=\"Hananim er h\u00e6sti himnagu\u00f0 k\u00f3reskrar sjamanatr\u00faar: skapari alheimsins, tekinn upp \u00ed kristni sem gu\u00f0snafn.\" \/>\n<meta property=\"og:url\" content=\"https:\/\/iwell-guard.com\/is\/hananim\/\" \/>\n<meta property=\"og:site_name\" content=\"iWell Guard\" \/>\n<meta property=\"article:modified_time\" content=\"2026-09-05T14:32:32+00:00\" \/>\n<meta property=\"og:image\" content=\"https:\/\/iwell-guard.com\/wp-content\/uploads\/2026\/05\/goetter_korea_hananim.webp\" \/>\n\t<meta property=\"og:image:width\" content=\"1024\" \/>\n\t<meta property=\"og:image:height\" content=\"1536\" \/>\n\t<meta property=\"og:image:type\" content=\"image\/webp\" \/>\n<meta name=\"twitter:card\" content=\"summary_large_image\" \/>\n<script type=\"application\/ld+json\" class=\"yoast-schema-graph\">{\"@context\":\"https:\\\/\\\/schema.org\",\"@graph\":[{\"@type\":\"WebPage\",\"@id\":\"https:\\\/\\\/iwell-guard.com\\\/is\\\/hananim\\\/\",\"url\":\"https:\\\/\\\/iwell-guard.com\\\/is\\\/hananim\\\/\",\"name\":\"Hananim \u2013 H\u00e6sti gu\u00f0 K\u00f3reu | iWell Guard\",\"isPartOf\":{\"@id\":\"https:\\\/\\\/iwell-guard.com\\\/is\\\/#website\"},\"primaryImageOfPage\":{\"@id\":\"https:\\\/\\\/iwell-guard.com\\\/is\\\/hananim\\\/#primaryimage\"},\"image\":{\"@id\":\"https:\\\/\\\/iwell-guard.com\\\/is\\\/hananim\\\/#primaryimage\"},\"thumbnailUrl\":\"https:\\\/\\\/iwell-guard.com\\\/wp-content\\\/uploads\\\/2026\\\/05\\\/goetter_korea_hananim.webp\",\"datePublished\":\"2026-09-05T14:05:40+00:00\",\"dateModified\":\"2026-09-05T14:32:32+00:00\",\"description\":\"Hananim er h\u00e6sti himnagu\u00f0 k\u00f3reskrar sjamanatr\u00faar: skapari alheimsins, tekinn upp \u00ed kristni sem gu\u00f0snafn.\",\"breadcrumb\":{\"@id\":\"https:\\\/\\\/iwell-guard.com\\\/is\\\/hananim\\\/#breadcrumb\"},\"inLanguage\":\"is\",\"potentialAction\":[{\"@type\":\"ReadAction\",\"target\":[\"https:\\\/\\\/iwell-guard.com\\\/is\\\/hananim\\\/\"]}]},{\"@type\":\"ImageObject\",\"inLanguage\":\"is\",\"@id\":\"https:\\\/\\\/iwell-guard.com\\\/is\\\/hananim\\\/#primaryimage\",\"url\":\"https:\\\/\\\/iwell-guard.com\\\/wp-content\\\/uploads\\\/2026\\\/05\\\/goetter_korea_hananim.webp\",\"contentUrl\":\"https:\\\/\\\/iwell-guard.com\\\/wp-content\\\/uploads\\\/2026\\\/05\\\/goetter_korea_hananim.webp\",\"width\":1024,\"height\":1536,\"caption\":\"Gu\u00f0ir \u00far k\u00f3reskri hef\u00f0.\"},{\"@type\":\"BreadcrumbList\",\"@id\":\"https:\\\/\\\/iwell-guard.com\\\/is\\\/hananim\\\/#breadcrumb\",\"itemListElement\":[{\"@type\":\"ListItem\",\"position\":1,\"name\":\"Start\",\"item\":\"https:\\\/\\\/iwell-guard.com\\\/is\\\/?page_id=168580\"},{\"@type\":\"ListItem\",\"position\":2,\"name\":\"Hananim\"}]},{\"@type\":\"WebSite\",\"@id\":\"https:\\\/\\\/iwell-guard.com\\\/is\\\/#website\",\"url\":\"https:\\\/\\\/iwell-guard.com\\\/is\\\/\",\"name\":\"iWell Guard\",\"description\":\"Schutz vor dunklen Einfl\u00fcssen\",\"publisher\":{\"@id\":\"https:\\\/\\\/iwell-guard.com\\\/is\\\/#organization\"},\"potentialAction\":[{\"@type\":\"SearchAction\",\"target\":{\"@type\":\"EntryPoint\",\"urlTemplate\":\"https:\\\/\\\/iwell-guard.com\\\/is\\\/?s={search_term_string}\"},\"query-input\":{\"@type\":\"PropertyValueSpecification\",\"valueRequired\":true,\"valueName\":\"search_term_string\"}}],\"inLanguage\":\"is\"},{\"@type\":\"Organization\",\"@id\":\"https:\\\/\\\/iwell-guard.com\\\/is\\\/#organization\",\"name\":\"Ittermann electronic GmbH\",\"url\":\"https:\\\/\\\/iwell-guard.com\\\/is\\\/\",\"logo\":{\"@type\":\"ImageObject\",\"inLanguage\":\"is\",\"@id\":\"https:\\\/\\\/iwell-guard.com\\\/is\\\/#\\\/schema\\\/logo\\\/image\\\/\",\"url\":\"https:\\\/\\\/iwell-guard.com\\\/wp-content\\\/uploads\\\/2026\\\/05\\\/Ittermann-Logo-1182x237-1.png\",\"contentUrl\":\"https:\\\/\\\/iwell-guard.com\\\/wp-content\\\/uploads\\\/2026\\\/05\\\/Ittermann-Logo-1182x237-1.png\",\"width\":1182,\"height\":237,\"caption\":\"Ittermann electronic GmbH\"},\"image\":{\"@id\":\"https:\\\/\\\/iwell-guard.com\\\/is\\\/#\\\/schema\\\/logo\\\/image\\\/\"},\"sameAs\":[\"https:\\\/\\\/pantip.com\\\/profile\\\/9367242\",\"https:\\\/\\\/micro.blog\\\/iwellguard\",\"https:\\\/\\\/www.diggerslist.com\\\/iwellguard\\\/about\",\"https:\\\/\\\/skitterphoto.com\\\/photographers\\\/2870314\\\/iwell-guard\",\"https:\\\/\\\/iwellguard.wordpress.com\\\/2026\\\/06\\\/06\\\/iwell-guard\\\/\",\"https:\\\/\\\/hub.docker.com\\\/u\\\/iwellguard\",\"https:\\\/\\\/www.pinterest.com\\\/iwellguard\\\/\",\"https:\\\/\\\/bit.ly\\\/m\\\/iwellguard\",\"https:\\\/\\\/entre-vos-mains.alsace.eu\\\/profiles\\\/iwellguard\\\/activity\",\"https:\\\/\\\/gravatar.com\\\/reallybeded8fd34\",\"https:\\\/\\\/naijamatta.com\\\/iwellguard\",\"https:\\\/\\\/www.goodreads.com\\\/iwellguard\",\"https:\\\/\\\/profile.hatena.ne.jp\\\/iwellguard\\\/\",\"https:\\\/\\\/experiment.com\\\/users\\\/iwellguard\",\"https:\\\/\\\/wakelet.com\\\/@iWellGuard82270\",\"https:\\\/\\\/www.chordie.com\\\/forum\\\/profile.php?id=2555664\",\"https:\\\/\\\/www.instapaper.com\\\/p\\\/17757966\",\"https:\\\/\\\/www.mapleprimes.com\\\/users\\\/iwellguard\",\"https:\\\/\\\/businesslistingplus.com\\\/profile\\\/iwell-guard\\\/\",\"https:\\\/\\\/telegra.ph\\\/iWell-Guard-06-06\",\"https:\\\/\\\/pbase.com\\\/iwellguard\\\/iwellguard\",\"https:\\\/\\\/b.hatena.ne.jp\\\/iwellguard\\\/20260607#bookmark-4788405196491818882\",\"https:\\\/\\\/fliphtml5.com\\\/home\\\/iwellguard\",\"https:\\\/\\\/anyflip.com\\\/homepage\\\/cmiwl#About\",\"https:\\\/\\\/transfur.com\\\/Users\\\/iwellguard\",\"http:\\\/\\\/delphi.larsbo.org\\\/user\\\/iwellguard\",\"https:\\\/\\\/jobs.lajobsportal.org\\\/profiles\\\/8380803-iwell-guard\",\"https:\\\/\\\/md.chaosdorf.de\\\/s\\\/jfbe5SBdJD\",\"https:\\\/\\\/www.lingvolive.com\\\/en-us\\\/profile\\\/9ecaeaca-ce11-4e51-9e71-01d55e2bff36\\\/translations\",\"https:\\\/\\\/www.fitday.com\\\/fitness\\\/forums\\\/members\\\/iwellguard.html\",\"https:\\\/\\\/www.mymeetbook.com\\\/iwellguard\",\"https:\\\/\\\/pxhere.com\\\/en\\\/photographer-me\\\/5040798\",\"https:\\\/\\\/disqus.com\\\/by\\\/iwellguard\\\/about\\\/\",\"https:\\\/\\\/pastelink.net\\\/hjwciqwq\",\"https:\\\/\\\/pubhtml5.com\\\/homepage\\\/scjhn\\\/\",\"https:\\\/\\\/www.bitchute.com\\\/channel\\\/2O2eOKzNqujT\",\"https:\\\/\\\/audiomack.com\\\/iwellguard\"]}]}<\/script>\n<!-- \/ Yoast SEO Premium plugin. -->","yoast_head_json":{"title":"Hananim \u2013 H\u00e6sti gu\u00f0 K\u00f3reu | iWell Guard","description":"Hananim er h\u00e6sti himnagu\u00f0 k\u00f3reskrar sjamanatr\u00faar: skapari alheimsins, tekinn upp \u00ed kristni sem gu\u00f0snafn.","robots":{"index":"index","follow":"follow","max-snippet":"max-snippet:-1","max-image-preview":"max-image-preview:large","max-video-preview":"max-video-preview:-1"},"canonical":"https:\/\/iwell-guard.com\/is\/hananim\/","og_locale":"is_IS","og_type":"article","og_title":"Hananim","og_description":"Hananim er h\u00e6sti himnagu\u00f0 k\u00f3reskrar sjamanatr\u00faar: skapari alheimsins, tekinn upp \u00ed kristni sem gu\u00f0snafn.","og_url":"https:\/\/iwell-guard.com\/is\/hananim\/","og_site_name":"iWell Guard","article_modified_time":"2026-09-05T14:32:32+00:00","og_image":[{"width":1024,"height":1536,"url":"https:\/\/iwell-guard.com\/wp-content\/uploads\/2026\/05\/goetter_korea_hananim.webp","type":"image\/webp"}],"twitter_card":"summary_large_image","schema":{"@context":"https:\/\/schema.org","@graph":[{"@type":"WebPage","@id":"https:\/\/iwell-guard.com\/is\/hananim\/","url":"https:\/\/iwell-guard.com\/is\/hananim\/","name":"Hananim \u2013 H\u00e6sti gu\u00f0 K\u00f3reu | iWell Guard","isPartOf":{"@id":"https:\/\/iwell-guard.com\/is\/#website"},"primaryImageOfPage":{"@id":"https:\/\/iwell-guard.com\/is\/hananim\/#primaryimage"},"image":{"@id":"https:\/\/iwell-guard.com\/is\/hananim\/#primaryimage"},"thumbnailUrl":"https:\/\/iwell-guard.com\/wp-content\/uploads\/2026\/05\/goetter_korea_hananim.webp","datePublished":"2026-09-05T14:05:40+00:00","dateModified":"2026-09-05T14:32:32+00:00","description":"Hananim er h\u00e6sti himnagu\u00f0 k\u00f3reskrar sjamanatr\u00faar: skapari alheimsins, tekinn upp \u00ed kristni sem gu\u00f0snafn.","breadcrumb":{"@id":"https:\/\/iwell-guard.com\/is\/hananim\/#breadcrumb"},"inLanguage":"is","potentialAction":[{"@type":"ReadAction","target":["https:\/\/iwell-guard.com\/is\/hananim\/"]}]},{"@type":"ImageObject","inLanguage":"is","@id":"https:\/\/iwell-guard.com\/is\/hananim\/#primaryimage","url":"https:\/\/iwell-guard.com\/wp-content\/uploads\/2026\/05\/goetter_korea_hananim.webp","contentUrl":"https:\/\/iwell-guard.com\/wp-content\/uploads\/2026\/05\/goetter_korea_hananim.webp","width":1024,"height":1536,"caption":"Gu\u00f0ir \u00far k\u00f3reskri hef\u00f0."},{"@type":"BreadcrumbList","@id":"https:\/\/iwell-guard.com\/is\/hananim\/#breadcrumb","itemListElement":[{"@type":"ListItem","position":1,"name":"Start","item":"https:\/\/iwell-guard.com\/is\/?page_id=168580"},{"@type":"ListItem","position":2,"name":"Hananim"}]},{"@type":"WebSite","@id":"https:\/\/iwell-guard.com\/is\/#website","url":"https:\/\/iwell-guard.com\/is\/","name":"iWell Guard","description":"Schutz vor dunklen Einfl\u00fcssen","publisher":{"@id":"https:\/\/iwell-guard.com\/is\/#organization"},"potentialAction":[{"@type":"SearchAction","target":{"@type":"EntryPoint","urlTemplate":"https:\/\/iwell-guard.com\/is\/?s={search_term_string}"},"query-input":{"@type":"PropertyValueSpecification","valueRequired":true,"valueName":"search_term_string"}}],"inLanguage":"is"},{"@type":"Organization","@id":"https:\/\/iwell-guard.com\/is\/#organization","name":"Ittermann electronic GmbH","url":"https:\/\/iwell-guard.com\/is\/","logo":{"@type":"ImageObject","inLanguage":"is","@id":"https:\/\/iwell-guard.com\/is\/#\/schema\/logo\/image\/","url":"https:\/\/iwell-guard.com\/wp-content\/uploads\/2026\/05\/Ittermann-Logo-1182x237-1.png","contentUrl":"https:\/\/iwell-guard.com\/wp-content\/uploads\/2026\/05\/Ittermann-Logo-1182x237-1.png","width":1182,"height":237,"caption":"Ittermann electronic GmbH"},"image":{"@id":"https:\/\/iwell-guard.com\/is\/#\/schema\/logo\/image\/"},"sameAs":["https:\/\/pantip.com\/profile\/9367242","https:\/\/micro.blog\/iwellguard","https:\/\/www.diggerslist.com\/iwellguard\/about","https:\/\/skitterphoto.com\/photographers\/2870314\/iwell-guard","https:\/\/iwellguard.wordpress.com\/2026\/06\/06\/iwell-guard\/","https:\/\/hub.docker.com\/u\/iwellguard","https:\/\/www.pinterest.com\/iwellguard\/","https:\/\/bit.ly\/m\/iwellguard","https:\/\/entre-vos-mains.alsace.eu\/profiles\/iwellguard\/activity","https:\/\/gravatar.com\/reallybeded8fd34","https:\/\/naijamatta.com\/iwellguard","https:\/\/www.goodreads.com\/iwellguard","https:\/\/profile.hatena.ne.jp\/iwellguard\/","https:\/\/experiment.com\/users\/iwellguard","https:\/\/wakelet.com\/@iWellGuard82270","https:\/\/www.chordie.com\/forum\/profile.php?id=2555664","https:\/\/www.instapaper.com\/p\/17757966","https:\/\/www.mapleprimes.com\/users\/iwellguard","https:\/\/businesslistingplus.com\/profile\/iwell-guard\/","https:\/\/telegra.ph\/iWell-Guard-06-06","https:\/\/pbase.com\/iwellguard\/iwellguard","https:\/\/b.hatena.ne.jp\/iwellguard\/20260607#bookmark-4788405196491818882","https:\/\/fliphtml5.com\/home\/iwellguard","https:\/\/anyflip.com\/homepage\/cmiwl#About","https:\/\/transfur.com\/Users\/iwellguard","http:\/\/delphi.larsbo.org\/user\/iwellguard","https:\/\/jobs.lajobsportal.org\/profiles\/8380803-iwell-guard","https:\/\/md.chaosdorf.de\/s\/jfbe5SBdJD","https:\/\/www.lingvolive.com\/en-us\/profile\/9ecaeaca-ce11-4e51-9e71-01d55e2bff36\/translations","https:\/\/www.fitday.com\/fitness\/forums\/members\/iwellguard.html","https:\/\/www.mymeetbook.com\/iwellguard","https:\/\/pxhere.com\/en\/photographer-me\/5040798","https:\/\/disqus.com\/by\/iwellguard\/about\/","https:\/\/pastelink.net\/hjwciqwq","https:\/\/pubhtml5.com\/homepage\/scjhn\/","https:\/\/www.bitchute.com\/channel\/2O2eOKzNqujT","https:\/\/audiomack.com\/iwellguard"]}]}},"_links":{"self":[{"href":"https:\/\/iwell-guard.com\/is\/wp-json\/wp\/v2\/pages\/169111","targetHints":{"allow":["GET"]}}],"collection":[{"href":"https:\/\/iwell-guard.com\/is\/wp-json\/wp\/v2\/pages"}],"about":[{"href":"https:\/\/iwell-guard.com\/is\/wp-json\/wp\/v2\/types\/page"}],"author":[{"embeddable":true,"href":"https:\/\/iwell-guard.com\/is\/wp-json\/wp\/v2\/users\/3"}],"replies":[{"embeddable":true,"href":"https:\/\/iwell-guard.com\/is\/wp-json\/wp\/v2\/comments?post=169111"}],"version-history":[{"count":0,"href":"https:\/\/iwell-guard.com\/is\/wp-json\/wp\/v2\/pages\/169111\/revisions"}],"wp:featuredmedia":[{"embeddable":true,"href":"https:\/\/iwell-guard.com\/is\/wp-json\/wp\/v2\/media\/3243"}],"wp:attachment":[{"href":"https:\/\/iwell-guard.com\/is\/wp-json\/wp\/v2\/media?parent=169111"}],"wp:term":[{"taxonomy":"category","embeddable":true,"href":"https:\/\/iwell-guard.com\/is\/wp-json\/wp\/v2\/categories?post=169111"}],"curies":[{"name":"wp","href":"https:\/\/api.w.org\/{rel}","templated":true}]}}