{"id":169110,"date":"2026-09-05T14:05:40","date_gmt":"2026-09-05T14:05:40","guid":{"rendered":"https:\/\/iwell-guard.com\/?page_id=169110"},"modified":"2026-09-05T14:32:31","modified_gmt":"2026-09-05T14:32:31","slug":"hwanin","status":"publish","type":"page","link":"https:\/\/iwell-guard.com\/is\/hwanin\/","title":{"rendered":"Hwanin"},"content":{"rendered":"\t\t<div data-elementor-type=\"wp-page\" data-elementor-id=\"169110\" class=\"elementor elementor-169110 elementor-3053 elementor-bc-flex-widget\" data-elementor-post-type=\"page\">\n\t\t\t\t<div class=\"elementor-element elementor-element-a485098 e-flex e-con-boxed e-con e-parent\" data-id=\"a485098\" data-element_type=\"container\" data-e-type=\"container\" data-settings=\"{&quot;background_background&quot;:&quot;classic&quot;}\">\n\t\t\t\t\t<div class=\"e-con-inner\">\n\t\t<div class=\"elementor-element elementor-element-1badc31 e-flex e-con-boxed e-con e-child\" data-id=\"1badc31\" data-element_type=\"container\" data-e-type=\"container\">\n\t\t\t\t\t<div class=\"e-con-inner\">\n\t\t<div class=\"elementor-element elementor-element-1459092 e-con-full e-flex e-con e-child\" data-id=\"1459092\" data-element_type=\"container\" data-e-type=\"container\">\n\t\t\t\t<div class=\"elementor-element elementor-element-1cd092d elementor-widget elementor-widget-heading\" data-id=\"1cd092d\" data-element_type=\"widget\" data-e-type=\"widget\" data-widget_type=\"heading.default\">\n\t\t\t\t\t<h1 class=\"elementor-heading-title elementor-size-default\">Hwanin, \u00e6\u00f0sti himnagu\u00f0 K\u00f3reu<\/h1>\t\t\t\t<\/div>\n\t\t\t\t<div class=\"elementor-element elementor-element-6ec249e elementor-widget elementor-widget-text-editor\" data-id=\"6ec249e\" data-element_type=\"widget\" data-e-type=\"widget\" data-widget_type=\"text-editor.default\">\n\t\t\t\t\t\t\t\t\t<p>Hwanin er sem \u00e6\u00f0sti himnagu\u00f0 K\u00f3reu \u00ed stofns\u00f6gunni afi hins go\u00f0sagnakennda r\u00edkisstofnanda Danguns. Hwanin (k\u00f3reska \ud658\uc778, \u6853\u56e0) er \u00ed k\u00f3reskri stofns\u00f6gu \u00e6\u00f0sti himnaherra og afi hins go\u00f0sagnakennda forf\u00f6\u00f0ur Danguns.<\/p><p>Pers\u00f3na hans er tengd k\u00f3reskri sj\u00e1lfsmynd sem \u201e\u00fej\u00f3\u00f0 af himnum&#8220; og stendur \u00ed upphafi elstu var\u00f0veittu \u00e6ttars\u00f6gu k\u00f3reska konungd\u00f3msins. Mikilv\u00e6gasta rita\u00f0a heimildin er \u00abSamguk Yusa\u00bb (\u00abEftirl\u00e1tnar skr\u00e1r \u00deriggja r\u00edkja\u00bb), sem b\u00faddamunkurinn Iryeon (1206 til 1289) setti saman \u00e1ri\u00f0 1281.<\/p>\t\t\t\t\t\t\t\t<\/div>\n\t\t\t\t<\/div>\n\t\t<div class=\"elementor-element elementor-element-104a22b e-con-full e-flex e-con e-parent\" data-id=\"104a22b\" data-element_type=\"container\" data-e-type=\"container\">\n\t\t\t\t<div class=\"elementor-element elementor-element-e516c19 elementor-widget elementor-widget-html\" data-id=\"e516c19\" data-element_type=\"widget\" data-e-type=\"widget\" data-widget_type=\"html.default\">\n\t\t\t\t\t<div class=\"iwg-pill-row\"><span class=\"iwg-klasse-badge\" tabindex=\"0\" data-tooltip=\"Gu\u00f0 \/ Gy\u00f0ja: Pers\u00f3nuger\u00f0 \u00e6\u00f0sta m\u00e1ttarvald \u00ed go\u00f0aheimi menningar, me\u00f0 sk\u00fdr valdsvi\u00f0 \u2014 n\u00e1tt\u00faru\u00f6fl, \u00f6rl\u00f6g, str\u00ed\u00f0, frj\u00f3semi. Tilbe\u00f0in me\u00f0 d\u00fdrkun, f\u00f3rnum og hofastofnunum.\">Gu\u00f0<\/span><a href=\"https:\/\/iwell-guard.com\/is\/korea\/\" class=\"iwg-kultur-badge\" tabindex=\"0\" data-tooltip=\"K\u00f3reskur heimur gu\u00f0a, sjamana og \u00fej\u00f3\u00f0aranda.\">K\u00f3rea<\/a><\/div>\t\t\t\t<\/div>\n\t\t\t\t<\/div>\n\t\t<div class=\"elementor-element elementor-element-8dc93ec e-con-full e-flex e-con e-child\" data-id=\"8dc93ec\" data-element_type=\"container\" data-e-type=\"container\">\n\t\t\t\t<div class=\"elementor-element elementor-element-92fbe17 elementor-toc--minimized-on-tablet elementor-widget elementor-widget-table-of-contents\" data-id=\"92fbe17\" data-element_type=\"widget\" data-e-type=\"widget\" data-settings=\"{&quot;exclude_headings_by_selector&quot;:[],&quot;no_headings_message&quot;:&quot;Engar undirfyrirsagnir fundust \\u00e1 \\u00feessari s\\u00ed\\u00f0u.&quot;,&quot;headings_by_tags&quot;:[&quot;h2&quot;,&quot;h3&quot;],&quot;marker_view&quot;:&quot;bullets&quot;,&quot;icon&quot;:{&quot;value&quot;:&quot;fas fa-circle&quot;,&quot;library&quot;:&quot;fa-solid&quot;,&quot;rendered_tag&quot;:&quot;&lt;svg class=\\&quot;e-font-icon-svg e-fas-circle\\&quot; viewBox=\\&quot;0 0 512 512\\&quot; xmlns=\\&quot;http:\\\/\\\/www.w3.org\\\/2000\\\/svg\\&quot;&gt;&lt;path d=\\&quot;M256 8C119 8 8 119 8 256s111 248 248 248 248-111 248-248S393 8 256 8z\\&quot;&gt;&lt;\\\/path&gt;&lt;\\\/svg&gt;&quot;},&quot;minimize_box&quot;:&quot;yes&quot;,&quot;minimized_on&quot;:&quot;tablet&quot;,&quot;hierarchical_view&quot;:&quot;yes&quot;,&quot;min_height&quot;:{&quot;unit&quot;:&quot;px&quot;,&quot;size&quot;:&quot;&quot;,&quot;sizes&quot;:[]},&quot;min_height_tablet&quot;:{&quot;unit&quot;:&quot;px&quot;,&quot;size&quot;:&quot;&quot;,&quot;sizes&quot;:[]},&quot;min_height_mobile&quot;:{&quot;unit&quot;:&quot;px&quot;,&quot;size&quot;:&quot;&quot;,&quot;sizes&quot;:[]}}\" data-widget_type=\"table-of-contents.default\">\n\t\t\t\t\t\t\t\t\t<div class=\"elementor-toc__header\">\n\t\t\t\t\t\t<h2 class=\"elementor-toc__header-title\">\n\t\t\t\tEfnisyfirlit\t\t\t<\/h2>\n\t\t\t\t\t\t\t\t\t\t<div class=\"elementor-toc__toggle-button elementor-toc__toggle-button--expand\" role=\"button\" tabindex=\"0\" aria-controls=\"elementor-toc__92fbe17\" aria-expanded=\"true\" aria-label=\"Open table of contents\"><svg aria-hidden=\"true\" class=\"e-font-icon-svg e-fas-chevron-down\" viewBox=\"0 0 448 512\" xmlns=\"http:\/\/www.w3.org\/2000\/svg\"><path d=\"M207.029 381.476L12.686 187.132c-9.373-9.373-9.373-24.569 0-33.941l22.667-22.667c9.357-9.357 24.522-9.375 33.901-.04L224 284.505l154.745-154.021c9.379-9.335 24.544-9.317 33.901.04l22.667 22.667c9.373 9.373 9.373 24.569 0 33.941L240.971 381.476c-9.373 9.372-24.569 9.372-33.942 0z\"><\/path><\/svg><\/div>\n\t\t\t\t<div class=\"elementor-toc__toggle-button elementor-toc__toggle-button--collapse\" role=\"button\" tabindex=\"0\" aria-controls=\"elementor-toc__92fbe17\" aria-expanded=\"true\" aria-label=\"Close table of contents\"><svg aria-hidden=\"true\" class=\"e-font-icon-svg e-fas-chevron-up\" viewBox=\"0 0 448 512\" xmlns=\"http:\/\/www.w3.org\/2000\/svg\"><path d=\"M240.971 130.524l194.343 194.343c9.373 9.373 9.373 24.569 0 33.941l-22.667 22.667c-9.357 9.357-24.522 9.375-33.901.04L224 227.495 69.255 381.516c-9.379 9.335-24.544 9.317-33.901-.04l-22.667-22.667c-9.373-9.373-9.373-24.569 0-33.941L207.03 130.525c9.372-9.373 24.568-9.373 33.941-.001z\"><\/path><\/svg><\/div>\n\t\t\t\t\t<\/div>\n\t\t\t\t<div id=\"elementor-toc__92fbe17\" class=\"elementor-toc__body\">\n\t\t\t<div class=\"elementor-toc__spinner-container\">\n\t\t\t\t<svg class=\"elementor-toc__spinner eicon-animation-spin e-font-icon-svg e-eicon-loading\" aria-hidden=\"true\" viewBox=\"0 0 1000 1000\" xmlns=\"http:\/\/www.w3.org\/2000\/svg\"><path d=\"M500 975V858C696 858 858 696 858 500S696 142 500 142 142 304 142 500H25C25 237 238 25 500 25S975 237 975 500 763 975 500 975Z\"><\/path><\/svg>\t\t\t<\/div>\n\t\t<\/div>\n\t\t\t\t\t\t<\/div>\n\t\t\t\t<\/div>\n\t\t\t\t\t<\/div>\n\t\t\t\t<\/div>\n\t\t<div class=\"elementor-element elementor-element-e37b7dd e-con-full e-flex e-con e-child\" data-id=\"e37b7dd\" data-element_type=\"container\" data-e-type=\"container\">\n\t\t\t\t<div class=\"elementor-element elementor-element-5d6018d iwg-hero-image elementor-widget elementor-widget-image\" data-id=\"5d6018d\" data-element_type=\"widget\" data-e-type=\"widget\" data-widget_type=\"image.default\">\n\t\t\t\t\t\t\t\t\t\t\t\t\t\t\t<img fetchpriority=\"high\" decoding=\"async\" width=\"683\" height=\"1024\" src=\"https:\/\/iwell-guard.com\/wp-content\/uploads\/2026\/05\/goetter_korea_hwanin-683x1024.webp\" class=\"attachment-large size-large wp-image-170710\" alt=\"Hwanin - gu\u00f0ir \u00far k\u00f3reskri hef\u00f0, s\u00f6guleg og myndr\u00e6n framsetning\" srcset=\"https:\/\/iwell-guard.com\/wp-content\/uploads\/2026\/05\/goetter_korea_hwanin-683x1024.webp 683w, https:\/\/iwell-guard.com\/wp-content\/uploads\/2026\/05\/goetter_korea_hwanin-200x300.webp 200w, https:\/\/iwell-guard.com\/wp-content\/uploads\/2026\/05\/goetter_korea_hwanin-768x1152.webp 768w, https:\/\/iwell-guard.com\/wp-content\/uploads\/2026\/05\/goetter_korea_hwanin.webp 1024w\" sizes=\"(max-width: 683px) 100vw, 683px\" \/>\t\t\t\t\t\t\t\t\t\t\t\t\t\t\t<\/div>\n\t\t\t\t<\/div>\n\t\t\t\t\t<\/div>\n\t\t\t\t<\/div>\n\t\t<div class=\"elementor-element elementor-element-e79210a e-con-boxed e-flex e-con e-parent\" data-id=\"e79210a\" data-element_type=\"container\" data-e-type=\"container\">\n\t\t\t\t\t<div class=\"e-con-inner\">\n\t\t<div class=\"elementor-element elementor-element-a98f142 e-con-full e-flex e-con e-child\" data-id=\"a98f142\" data-element_type=\"container\" data-e-type=\"container\">\n\t\t\t\t<div class=\"elementor-element elementor-element-a7977b2 elementor-widget elementor-widget-heading\" data-id=\"a7977b2\" data-element_type=\"widget\" data-e-type=\"widget\" data-widget_type=\"heading.default\">\n\t\t\t\t\t<h2 class=\"elementor-heading-title elementor-size-default\">Heimildasta\u00f0a og textas\u00f6gulegur bakgrunnur<\/h2>\t\t\t\t<\/div>\n\t\t\t\t<div class=\"elementor-element elementor-element-26f8221 elementor-widget elementor-widget-text-editor\" data-id=\"26f8221\" data-element_type=\"widget\" data-e-type=\"widget\" data-widget_type=\"text-editor.default\">\n\t\t\t\t\t\t\t\t\t<p>\u00abSamguk Yusa\u00bb er meginheimildin fyrir Hwanin-hef\u00f0ina. Iryeon bygg\u00f0i \u00fear \u00e1 eldri, n\u00fa tapa\u00f0um ritum eins og \u00abGogi\u00bb (\u00abFornar skr\u00e1r\u00bb), sem tali\u00f0 er a\u00f0 hafi veri\u00f0 fr\u00e1 s\u00ed\u00f0ari hluta Goryeo-t\u00edmabilsins.<\/p><p>\u00d6nnur mikilv\u00e6g heimild er \u00abSamguk Sagi\u00bb (\u00abSaga \u00deriggja r\u00edkja\u00bb) eftir Kim Busik (1145), sem er \u00fe\u00f3 konf\u00fas\u00edan\u00edsk-r\u00f6khyggjuleg \u00ed e\u00f0li s\u00ednu og sleppir a\u00f0 mestu go\u00f0sagnakenndum \u00fe\u00e1ttum. Hwanin kemur \u00fear ekki fram. \u00abJewang Ungi\u00bb eftir Yi Seunghyu fr\u00e1 1287 nefnir hann \u00fe\u00f3 \u00ed lj\u00f3\u00f0s\u00f6gu sem samdi samhli\u00f0a verki Iryeons.<\/p>\n\n<p><span data-nosnippet>James Grayson hefur \u00ed \u00abKorea: A Religious History\u00bb (1989) endurgert heimildas\u00f6guna og s\u00fdnt fram \u00e1 a\u00f0 ritfesting Dangun-Hwanin-hef\u00f0arinnar \u00e1tti s\u00e9r fyrst sta\u00f0 \u00e1 s\u00ed\u00f0ari hluta Goryeo-t\u00edmabilsins, hugsanlega sem vi\u00f0br\u00f6g\u00f0 vi\u00f0 yfirr\u00e1\u00f0um Mong\u00f3la.<\/span><\/p><p>Hong-Key Yoon hefur bent \u00e1 a\u00f0 go\u00f0sagnakennd \u00e6ttarsagan l\u00e9k mikilv\u00e6gt hlutverk \u00ed sm\u00ed\u00f0i k\u00f3reskrar sameiginlegrar sj\u00e1lfsmyndar gagnvart yfirr\u00e1\u00f0um Mong\u00f3la. Maurizio Riotto hefur rannsaka\u00f0 \u00ed sm\u00e1atri\u00f0um b\u00fadd\u00edsk \u00e1hrif \u00ed verki Iryeons.<\/p>\t\t\t\t\t\t\t\t<\/div>\n\t\t\t\t<\/div>\n\t\t<div class=\"elementor-element elementor-element-0cdde47 e-con-full e-flex e-con e-child\" data-id=\"0cdde47\" data-element_type=\"container\" data-e-type=\"container\">\n\t\t\t\t<div class=\"elementor-element elementor-element-9f1e3ce elementor-widget elementor-widget-heading\" data-id=\"9f1e3ce\" data-element_type=\"widget\" data-e-type=\"widget\" data-widget_type=\"heading.default\">\n\t\t\t\t\t<h2 class=\"elementor-heading-title elementor-size-default\">Sta\u00f0a \u00ed Dangun-go\u00f0s\u00f6gninni<\/h2>\t\t\t\t<\/div>\n\t\t\t\t<div class=\"elementor-element elementor-element-428db25 elementor-widget elementor-widget-text-editor\" data-id=\"428db25\" data-element_type=\"widget\" data-e-type=\"widget\" data-widget_type=\"text-editor.default\">\n\t\t\t\t\t\t\t\t\t<p>\u00cd <span class=\"iwg-fachbegriff\" data-tooltip=\"Var\u00f0veitt fr\u00e1s\u00f6gn um gu\u00f0i, uppruna og skipan heimsins.\" tabindex=\"0\">go\u00f0s\u00f6gninni<\/span> er Hwanin \u00e6\u00f0sti himnaherra (cheonje) og fa\u00f0ir Hwanungs, sem sj\u00e1lfur er fa\u00f0ir Danguns. Hwanung vill st\u00edga ni\u00f0ur til jar\u00f0ar til a\u00f0 fr\u00e6\u00f0a mennina.<\/p><p>Fa\u00f0ir hans Hwanin gefur honum til \u00feess \u00ferj\u00e1 himnainnsigli (\u00abcheonbu inseo\u00bb) sem sta\u00f0festa vald hans sem sonar himins, og sendir hann me\u00f0 3000 fylgism\u00f6nnum til Taebaek-fjalls (n\u00fa oftast samsama\u00f0 Baekdu-fjalli). \u00dear stofnar Hwanung \u00abBorg gu\u00f0sins\u00bb (\u00abSin-si\u00bb) og fr\u00e6\u00f0ir mennina \u00ed 360 listum l\u00edfsins.<\/p>\n\n<p>\u00c1 fjallinu b\u00faa bj\u00f6rn og t\u00edgrisd\u00fdr sem vilja f\u00e1 mannlega mynd. Hwanung gefur \u00feeim malurt og hv\u00edtlauk og skipar \u00feeim a\u00f0 fasta \u00ed 100 daga \u00ed helli. T\u00edgrisd\u00fdri\u00f0 gefst upp, en bj\u00f6rninn heldur \u00fat og ver\u00f0ur a\u00f0 f\u00f6gru konunni Ungnyeo, sem eignast me\u00f0 Hwanung forf\u00f6\u00f0urinn Dangun.<\/p><p>Dangun stofnar s\u00ed\u00f0ar go\u00f0sagnakennda r\u00edki\u00f0 Joseon, sem mi\u00f0aldatextar t\u00edmasetja til \u00e1rsins 2333 fyrir Krist. Hwanin sj\u00e1lfur dvelur alla t\u00ed\u00f0 \u00e1 himnum og hlutast ekki beint til um jar\u00f0neska atbur\u00f0i.<\/p>\t\t\t\t\t\t\t\t<\/div>\n\t\t\t\t<\/div>\n\t\t<div class=\"elementor-element elementor-element-9729f85 e-con-full e-flex e-con e-child\" data-id=\"9729f85\" data-element_type=\"container\" data-e-type=\"container\">\n\t\t\t\t<div class=\"elementor-element elementor-element-57a6015 elementor-widget elementor-widget-heading\" data-id=\"57a6015\" data-element_type=\"widget\" data-e-type=\"widget\" data-widget_type=\"heading.default\">\n\t\t\t\t\t<h2 class=\"elementor-heading-title elementor-size-default\">Nafn og or\u00f0sifjar<\/h2>\t\t\t\t<\/div>\n\t\t\t\t<div class=\"elementor-element elementor-element-839c0a9 elementor-widget elementor-widget-text-editor\" data-id=\"839c0a9\" data-element_type=\"widget\" data-e-type=\"widget\" data-widget_type=\"text-editor.default\">\n\t\t\t\t\t\t\t\t\t<p>Nafni\u00f0 Hwanin er \u00ed elstu textunum skrifa\u00f0 \u00e1 k\u00ednversku sem \u6853\u56e0. Iryeon tekur sj\u00e1lfur fram a\u00f0 um s\u00e9 a\u00f0 r\u00e6\u00f0a hlj\u00f3\u00f0l\u00edkingu og a\u00f0 Hwanin s\u00e9 anna\u00f0 nafn indverska gu\u00f0sins Indra (Shakra Devanam Indra, \u00ed Mahayana-b\u00faddisma kalla\u00f0ur Sakra).<\/p><p>\u00deessi sams\u00f6mun kemur fyrst \u00e1 \u00f3vart en \u00fatsk\u00fdrist af b\u00fadd\u00edskum bakgrunni Iryeons. \u00cd b\u00fadd\u00edskri <span class=\"iwg-fachbegriff\" data-tooltip=\"Hugmyndir um uppbyggingu og skipan heimsins innan tiltekinnar menningar.\" tabindex=\"0\">heimsfr\u00e6\u00f0i<\/span> er Indra h\u00f6f\u00f0ingi Trayastrimsa-gu\u00f0anna og samsvarar \u00ed e\u00f0li s\u00ednu \u00e6\u00f0sta himnaherranum.<\/p>\n\n<p><span data-nosnippet>Don Baker hefur \u00ed \u00abKorean Spirituality\u00bb (2008) greint mikilv\u00e6gi \u00feessarar b\u00fadd\u00edsku sams\u00f6munar og s\u00fdnt fram \u00e1 a\u00f0 Iryeon tengdi hana vi\u00f0 tv\u00f6 markmi\u00f0: a\u00f0 festa k\u00f3resku stofns\u00f6guna \u00ed alt\u00e6ku b\u00fadd\u00edsku <span class=\"iwg-fachbegriff\" data-tooltip=\"Hugmyndir um uppbyggingu og skipan heimsins innan tiltekinnar menningar.\" tabindex=\"0\">heimsfr\u00e6\u00f0i<\/span>-samhengi og a\u00f0 auka vir\u00f0ingu fyrir uppruna \u00fej\u00f3\u00f0arinnar me\u00f0 tengingu vi\u00f0 einn af helstu gu\u00f0um b\u00fadd\u00edska heimsins.<\/span><\/p><p>Antonetta Bruno hefur \u00ed verkum s\u00ednum um k\u00f3reska tr\u00faars\u00f6gu lagt til a\u00f0 Hwanin hafi \u00ed frumb\u00fadd\u00edskri mynd veri\u00f0 innlendur himnagu\u00f0, en nafn hans hafi fyrst s\u00ed\u00f0ar veri\u00f0 samr\u00e6mt vi\u00f0 b\u00fadd\u00edska Indra.<\/p>\t\t\t\t\t\t\t\t<\/div>\n\t\t\t\t<\/div>\n\t\t<div class=\"elementor-element elementor-element-dfef6e0 e-con-full e-flex e-con e-child\" data-id=\"dfef6e0\" data-element_type=\"container\" data-e-type=\"container\">\n\t\t\t\t<div class=\"elementor-element elementor-element-85af212 elementor-widget elementor-widget-heading\" data-id=\"85af212\" data-element_type=\"widget\" data-e-type=\"widget\" data-widget_type=\"heading.default\">\n\t\t\t\t\t<h2 class=\"elementor-heading-title elementor-size-default\">Hlutverk \u00ed tr\u00faarkerfinu<\/h2>\t\t\t\t<\/div>\n\t\t\t\t<div class=\"elementor-element elementor-element-43cf096 elementor-widget elementor-widget-text-editor\" data-id=\"43cf096\" data-element_type=\"widget\" data-e-type=\"widget\" data-widget_type=\"text-editor.default\">\n\t\t\t\t\t\t\t\t\t<p>\u00d3l\u00edkt syni s\u00ednum Hwanung og sonarsyni s\u00ednum Dangun kemur Hwanin ekki fram sem gerandi \u00ed <span class=\"iwg-fachbegriff\" data-tooltip=\"Var\u00f0veitt fr\u00e1s\u00f6gn um gu\u00f0i, uppruna og skipan heimsins.\" tabindex=\"0\">go\u00f0s\u00f6gninni<\/span>. Hann sendir, felur verkefni og sta\u00f0festir vald, en tekur sj\u00e1lfur ekki \u00fe\u00e1tt. Hlutverk hans er hlutverk fjarl\u00e6gs bakgrunnsgu\u00f0s sem gerir heiminn m\u00f6gulegan ofan fr\u00e1 \u00e1n \u00feess a\u00f0 hlutast til um \u00f6rl\u00f6g hans.<\/p><p><span class=\"iwg-fachbegriff\" data-tooltip=\"Fr\u00e6\u00f0igreinin sem rannsakar tr\u00faarbr\u00f6g\u00f0 \u00e1 samanbur\u00f0arh\u00e1tt \u00e1n tr\u00faarlegrar afst\u00f6\u00f0u.\" tabindex=\"0\">Tr\u00faarbrag\u00f0afr\u00e6\u00f0in<\/span> kallar \u00feessa ger\u00f0 \u00abDeus otiosus\u00bb, hinn \u201ei\u00f0julausa gu\u00f0&#8220;, sem samkv\u00e6mt Mircea Eliade f\u00e6rist \u00ed m\u00f6rgum frumbyggjatr\u00faarbr\u00f6g\u00f0um sm\u00e1m saman \u00fat \u00e1 ja\u00f0ar go\u00f0aheimsins.<\/p>\n\n<p>Boudewijn Walraven hefur \u00ed verkum s\u00ednum um k\u00f3reskan <span class=\"iwg-fachbegriff\" data-tooltip=\"Tr\u00faarkerfi \u00fear sem s\u00e9rfr\u00e6\u00f0ingar hafa samskipti vi\u00f0 andaheiminn.\" tabindex=\"0\">sjamanisma<\/span> bent \u00e1 a\u00f0 Hwanin gegnir vart neinu hlutverki \u00ed sjaman\u00edskri i\u00f0kun, \u00e1 me\u00f0an sonur hans Hwanung og sonarsonur hans Dangun eru tilbe\u00f0nir a\u00f0 minnsta kosti \u00ed fjallad\u00fdrkun.<\/p><p>\u00deessi skipting fylgir klass\u00edsku mynstri \u00fear sem \u00e6\u00f0sti gu\u00f0inn dvelur \u00ed bakgrunni me\u00f0an gerandi gu\u00f0ir e\u00f0a hetjur f\u00e1 beina tilbei\u00f0slu.<\/p>\t\t\t\t\t\t\t\t<\/div>\n\t\t\t\t<\/div>\n\t\t<div class=\"elementor-element elementor-element-7ac01f5 e-con-full e-flex e-con e-child\" data-id=\"7ac01f5\" data-element_type=\"container\" data-e-type=\"container\">\n\t\t\t\t<div class=\"elementor-element elementor-element-c2f905f elementor-widget elementor-widget-heading\" data-id=\"c2f905f\" data-element_type=\"widget\" data-e-type=\"widget\" data-widget_type=\"heading.default\">\n\t\t\t\t\t<h2 class=\"elementor-heading-title elementor-size-default\">Hwanin og Daejonggyo<\/h2>\t\t\t\t<\/div>\n\t\t\t\t<div class=\"elementor-element elementor-element-31249ea elementor-widget elementor-widget-text-editor\" data-id=\"31249ea\" data-element_type=\"widget\" data-e-type=\"widget\" data-widget_type=\"text-editor.default\">\n\t\t\t\t\t\t\t\t\t<p>Seint \u00e1 19. \u00f6ld og \u00ed upphafi 20. aldar var\u00f0 til \u00ed K\u00f3reu tr\u00faarhreyfingin Daejonggyo, endurb\u00f3tahreyfing sem f\u00e6r\u00f0i <span class=\"iwg-fachbegriff\" data-tooltip=\"Yfirlifu\u00f0 fr\u00e1s\u00f6gn um gu\u00f0i, uppruna og reglu heimsins.\" tabindex=\"0\">go\u00f0s\u00f6guna<\/span> um Dangun og Hwanin (Dangun-Hwanin) yfir \u00ed n\u00fat\u00edmalega tr\u00faarlega kenningu.<\/p><p>Daejonggyo, sem Na Cheol stofna\u00f0i \u00e1ri\u00f0 1909, d\u00fdrkar \u201eheilaga \u00ferenningu\u201c Hwanins (skaparans), Hwanungs (heimsm\u00f3tarans) og Danguns (forf\u00f6\u00f0urins), sem litnir eru sem \u00ferj\u00e1r hli\u00f0ar sama gu\u00f0lega raunveruleikans. \u00deessi gu\u00f0fr\u00e6\u00f0ilega \u00fatf\u00e6rsla \u00e1tti s\u00e9r engan fyrirmyndarstig \u00ed k\u00f3reskri tr\u00fa \u00e1 t\u00edmum \u00e1\u00f0ur en kristni kom til og er skapandi samruni kristinna, b\u00fadd\u00edskra og al\u00fe\u00fd\u00f0utr\u00faarlegra \u00fe\u00e1tta.<\/p>\n\n<p>Don Baker og James Grayson hafa greint mikilv\u00e6gi Daejonggyo fyrir myndun k\u00f3reskrar sj\u00e1lfsmyndar \u00e1 n\u00fdlendut\u00edmanum. Japanska n\u00fdlendustj\u00f3rnin ofs\u00f3tti hreyfinguna \u00f6tullega \u00fev\u00ed h\u00fan var talin bera uppi k\u00f3reska \u00fej\u00f3\u00f0arvitund. \u00cd dag hefur Daejonggyo a\u00f0eins f\u00e1a fylgjendur, en hefur gegnt mikilv\u00e6gu menningarlegu hlutverki sem var\u00f0veitandi go\u00f0sagnahef\u00f0arinnar.<\/p>\t\t\t\t\t\t\t\t<\/div>\n\t\t\t\t<\/div>\n\t\t<div class=\"elementor-element elementor-element-33f3d62 e-con-full e-flex e-con e-child\" data-id=\"33f3d62\" data-element_type=\"container\" data-e-type=\"container\">\n\t\t\t\t<div class=\"elementor-element elementor-element-fec7371 elementor-widget elementor-widget-heading\" data-id=\"fec7371\" data-element_type=\"widget\" data-e-type=\"widget\" data-widget_type=\"heading.default\">\n\t\t\t\t\t<h2 class=\"elementor-heading-title elementor-size-default\">P\u00f3lit\u00edskt og \u00fej\u00f3\u00f0legt v\u00e6gi<\/h2>\t\t\t\t<\/div>\n\t\t\t\t<div class=\"elementor-element elementor-element-9cfe3d2 elementor-widget elementor-widget-text-editor\" data-id=\"9cfe3d2\" data-element_type=\"widget\" data-e-type=\"widget\" data-widget_type=\"text-editor.default\">\n\t\t\t\t\t\t\t\t\t<p>Hwanin-hef\u00f0in hefur, umfram tr\u00faarlegt svi\u00f0, sterkt \u00fej\u00f3\u00f0legt v\u00e6gi. Go\u00f0s\u00f6gulegur upphafspunktur, 2333 fyrir Krist, er \u00ed k\u00f3reskri sagnaritun talinn upphaf \u201efj\u00f3r\u00f0a \u00e1r\u00fe\u00fasundsins\u201c (Dangi-t\u00edmatali\u00f0). \u00c1 n\u00fdlendut\u00edmanum, \u00feegar japanska stj\u00f3rnin reyndi a\u00f0 leysa upp k\u00f3reska sj\u00e1lfsmynd, var\u00f0 <span class=\"iwg-fachbegriff\" data-tooltip=\"Yfirlifu\u00f0 fr\u00e1s\u00f6gn um gu\u00f0i, uppruna og reglu heimsins.\" tabindex=\"0\">go\u00f0s\u00f6gnin<\/span> um Dangun og Hwanin a\u00f0 <span class=\"iwg-fachbegriff\" data-tooltip=\"T\u00e1kn sem stendur fyrir hugmynd e\u00f0a merkingu.\" tabindex=\"0\">t\u00e1kni<\/span> andspyrnu.<\/p><p>\u00cd n\u00fat\u00edma L\u00fd\u00f0veldinu K\u00f3reu og \u00ed Nor\u00f0ur-K\u00f3reu er hef\u00f0in einnig n\u00fdtt af h\u00e1lfu r\u00edkisins, \u00fe\u00f3 \u00e1 mismunandi h\u00e1tt: \u00ed su\u00f0ri fremur sem menningararfur, \u00ed nor\u00f0ri sem s\u00f6guleg sta\u00f0reynd me\u00f0 p\u00f3lit\u00edskt hlutverk.<\/p>\n\n<p>Hong-Key Yoon hefur \u00ed ranns\u00f3knum s\u00ednum \u00e1 menningarlandafr\u00e6\u00f0i K\u00f3reu s\u00fdnt a\u00f0 go\u00f0s\u00f6gulegt s\u00e6ti Hwanungs \u00e1 fjallinu Baekdu hefur allt til \u00feessa dags vi\u00f0kv\u00e6ma p\u00f3lit\u00edska \u00fe\u00fd\u00f0ingu, \u00fev\u00ed fjalli\u00f0 liggur \u00e1 landam\u00e6rum K\u00f3reu og K\u00edna og sta\u00f0a \u00feess sem heilagt fjall er umdeild \u00ed b\u00e1\u00f0um r\u00edkishef\u00f0um.<\/p>\t\t\t\t\t\t\t\t<\/div>\n\t\t\t\t<\/div>\n\t\t<div class=\"elementor-element elementor-element-1689f05 e-con-full e-flex e-con e-child\" data-id=\"1689f05\" data-element_type=\"container\" data-e-type=\"container\">\n\t\t\t\t<div class=\"elementor-element elementor-element-e22b8c3 elementor-widget elementor-widget-heading\" data-id=\"e22b8c3\" data-element_type=\"widget\" data-e-type=\"widget\" data-widget_type=\"heading.default\">\n\t\t\t\t\t<h2 class=\"elementor-heading-title elementor-size-default\">Ranns\u00f3knir og umr\u00e6\u00f0a<\/h2>\t\t\t\t<\/div>\n\t\t\t\t<div class=\"elementor-element elementor-element-409982b elementor-widget elementor-widget-text-editor\" data-id=\"409982b\" data-element_type=\"widget\" data-e-type=\"widget\" data-widget_type=\"text-editor.default\">\n\t\t\t\t\t\t\t\t\t<p>Ranns\u00f3knir \u00e1 Hwanin standa frammi fyrir \u00feeim vanda a\u00f0 t\u00falka hef\u00f0 sem var fyrst skr\u00e1sett skriflega \u00e1 seinni t\u00edmum, en eldri l\u00f6g hennar eru ekki a\u00f0gengileg me\u00f0 beinum h\u00e6tti. Antonetta Bruno, Boudewijn Walraven, James Grayson, Don Baker og Maurizio Riotto hafa \u00e1 s\u00ed\u00f0ustu \u00e1ratugum lagt fram mikilv\u00e6gustu fr\u00e6\u00f0ilegu sk\u00fdringarnar.<\/p><p>\u00deau eru a\u00f0 mestu samm\u00e1la um a\u00f0 <span class=\"iwg-fachbegriff\" data-tooltip=\"Yfirlifu\u00f0 fr\u00e1s\u00f6gn um gu\u00f0i, uppruna og reglu heimsins.\" tabindex=\"0\">go\u00f0s\u00f6gnin<\/span> \u00ed skriflegri mynd s\u00e9 afur\u00f0 s\u00ed\u00f0ari hluta Goryeo-t\u00edmabilsins, en h\u00fan byggi \u00e1 eldri munnlegum hef\u00f0um sem ekki er unnt a\u00f0 endurgera n\u00e1kv\u00e6mlega.<\/p>\n\n<p>Tengsl vi\u00f0 s\u00edber\u00edska og mong\u00f3lska hef\u00f0 himingu\u00f0sins (Tengri-tr\u00fa) eru r\u00e6dd me\u00f0 var\u00fa\u00f0 \u00ed ranns\u00f3knum. Nokkur hli\u00f0st\u00e6\u00f0 atri\u00f0i, svo sem <span class=\"iwg-fachbegriff\" data-tooltip=\"Endurteki\u00f0 innihaldslegt atri\u00f0i \u00ed list e\u00f0a fr\u00e1s\u00f6gn.\" tabindex=\"0\">minni\u00f0<\/span> um uppruna fr\u00e1 himni og \u00fer\u00edgreinda \u00e6ttart\u00f6lu, gefa til kynna sameiginlegan nor\u00f0uras\u00edskan bakgrunn, \u00e1n \u00feess a\u00f0 unnt s\u00e9 a\u00f0 draga af \u00fev\u00ed sk\u00fdra tr\u00faars\u00f6gulega l\u00ednu.<\/p><p>Maurizio Riotto hefur bent \u00e1 a\u00f0 byggingarleg l\u00edking \u00fe\u00fd\u00f0i ekki nau\u00f0synlega \u00e6ttfr\u00e6\u00f0ilegt samband, heldur geti h\u00fan gefi\u00f0 til kynna d\u00e6miger\u00f0 tengsl milli himingu\u00f0a \u00ed alta\u00edsk-\u00faral\u00edskum og n\u00e1l\u00e6gum menningarheimum.<\/p>\t\t\t\t\t\t\t\t<\/div>\n\t\t\t\t<\/div>\n\t\t<div class=\"elementor-element elementor-element-c81cc97 e-con-full e-flex e-con e-child\" data-id=\"c81cc97\" data-element_type=\"container\" data-e-type=\"container\">\n\t\t\t\t<div class=\"elementor-element elementor-element-9fc1eb1 elementor-widget elementor-widget-heading\" data-id=\"9fc1eb1\" data-element_type=\"widget\" data-e-type=\"widget\" data-widget_type=\"heading.default\">\n\t\t\t\t\t<h2 class=\"elementor-heading-title elementor-size-default\">Hwanin \u00ed n\u00fat\u00edma k\u00f3reskum tr\u00faarheimi<\/h2>\t\t\t\t<\/div>\n\t\t\t\t<div class=\"elementor-element elementor-element-43b0d19 elementor-widget elementor-widget-text-editor\" data-id=\"43b0d19\" data-element_type=\"widget\" data-e-type=\"widget\" data-widget_type=\"text-editor.default\">\n\t\t\t\t\t\t\t\t\t<p>\u00cd Su\u00f0ur-K\u00f3reu n\u00fat\u00edmans er Hwanin, utan hins tilt\u00f6lulega litla Daejonggyo-samf\u00e9lags, ekki <span class=\"iwg-fachbegriff\" data-tooltip=\"Vera sem d\u00fdrku\u00f0 er sem gu\u00f0leg innan tr\u00faarbrag\u00f0a.\" tabindex=\"0\">gu\u00f0<\/span> sem beint er d\u00fdrka\u00f0ur. Hann er \u00fe\u00f3 \u00e1fram til sta\u00f0ar sem fr\u00e6\u00f0sluefni og vi\u00f0mi\u00f0unarpunktur \u00fej\u00f3\u00f0legrar minningar.<\/p><p>\u00cd sk\u00f3lab\u00f3kum er <span class=\"iwg-fachbegriff\" data-tooltip=\"Yfirlifu\u00f0 fr\u00e1s\u00f6gn um gu\u00f0i, uppruna og reglu heimsins.\" tabindex=\"0\">go\u00f0s\u00f6gnin<\/span> um Dangun og Hwanin kynnt sem menningararfur, \u00e1n \u00feess a\u00f0 h\u00fan s\u00e9 hafin upp \u00ed st\u00f6\u00f0u s\u00f6gulegrar sta\u00f0reyndar. \u00cd Nor\u00f0ur-K\u00f3reu hefur Pyongyang-sk\u00f3li s\u00f6gufr\u00e6\u00f0innar a\u00f0 hluta fjalla\u00f0 um <span class=\"iwg-fachbegriff\" data-tooltip=\"Yfirlifu\u00f0 fr\u00e1s\u00f6gn um gu\u00f0i, uppruna og reglu heimsins.\" tabindex=\"0\">go\u00f0s\u00f6gnina<\/span> sem s\u00f6guleg sta\u00f0reynd, sem er liti\u00f0 gagnr\u00fdnum augum \u00ed al\u00fej\u00f3\u00f0legum ranns\u00f3knum.<\/p>\n\n<p>Einnig innan kristinna kirkna \u00ed K\u00f3reu, sem \u00ed dag n\u00e1 til verulegs hluta \u00fej\u00f3\u00f0arinnar, er hef\u00f0in \u00f6\u00f0ru hvoru tekin upp.<\/p><p>Einstaka k\u00f3reskir m\u00f3tm\u00e6lendagu\u00f0fr\u00e6\u00f0ingar nota Hwanin sem menningarlegan tengipunkt til a\u00f0 flytja bo\u00f0skapinn um gu\u00f0 Bibl\u00edunnar, sem Don Baker hefur l\u00fdst sem d\u00e6miger\u00f0u ferli gu\u00f0fr\u00e6\u00f0ilegrar a\u00f0l\u00f6gunar. \u00deessi notkun er ekki \u00f3umdeild, \u00fev\u00ed h\u00fan tekur s\u00e9rstakt e\u00f0li Hwanins \u00ed \u00fej\u00f3nustu fyrir framandi hef\u00f0.<\/p>\t\t\t\t\t\t\t\t<\/div>\n\t\t\t\t<\/div>\n\t\t<div class=\"elementor-element elementor-element-ba469f6 e-con-full e-flex e-con e-child\" data-id=\"ba469f6\" data-element_type=\"container\" data-e-type=\"container\">\n\t\t\t\t<div class=\"elementor-element elementor-element-2703be5 elementor-widget elementor-widget-heading\" data-id=\"2703be5\" data-element_type=\"widget\" data-e-type=\"widget\" data-widget_type=\"heading.default\">\n\t\t\t\t\t<h2 class=\"elementor-heading-title elementor-size-default\">Fornleifafr\u00e6\u00f0ileg umr\u00e6\u00f0a og fors\u00f6gulegt bakland<\/h2>\t\t\t\t<\/div>\n\t\t\t\t<div class=\"elementor-element elementor-element-2837ad2 elementor-widget elementor-widget-text-editor\" data-id=\"2837ad2\" data-element_type=\"widget\" data-e-type=\"widget\" data-widget_type=\"text-editor.default\">\n\t\t\t\t\t\t\t\t\t<p>Fornleifaranns\u00f3knir \u00e1 kore\u00f6nsku <span class=\"iwg-fachbegriff\" data-tooltip=\"Fors\u00f6guleg t\u00edmabil \u00fear sem brons var mikilv\u00e6gasti m\u00e1lmurinn til \u00e1haldager\u00f0ar.\" tabindex=\"0\">brons\u00f6ldinni<\/span> hafa vaki\u00f0 spurninguna um hvort Dangun-Hwanin-<span class=\"iwg-fachbegriff\" data-tooltip=\"Hef\u00f0bundin fr\u00e1s\u00f6gn um gu\u00f0i, uppruna og skipan heimsins.\" tabindex=\"0\">go\u00f0s\u00f6gnin<\/span> v\u00edsi til raunverulegrar frumr\u00edkismyndunar. Liaoning-<span class=\"iwg-fachbegriff\" data-tooltip=\"Fors\u00f6guleg t\u00edmabil \u00fear sem brons var mikilv\u00e6gasti m\u00e1lmurinn til \u00e1haldager\u00f0ar.\" tabindex=\"0\">brons\u00f6ldin<\/span> (um 1500 til 300 fyrir Krist) me\u00f0 s\u00ednum einkennandi mand\u00f3l\u00ednl\u00f6gu\u00f0u r\u00fdtingum og margyrkisspeglum er talin efnislegur grundv\u00f6llur hins fornkoreanska menningarsv\u00e6\u00f0is.<\/p><p><span data-nosnippet>Sarah Nelson s\u00fdndi \u00ed \u00abThe Archaeology of Korea\u00bb (1993) a\u00f0 go\u00f0sagnalega t\u00edmasetningin 2333 fyrir Krist er ekki sta\u00f0fest af fornleifafr\u00e6\u00f0ilegum g\u00f6gnum, en a\u00f0 <span class=\"iwg-fachbegriff\" data-tooltip=\"Fors\u00f6guleg t\u00edmabil \u00fear sem brons var mikilv\u00e6gasti m\u00e1lmurinn til \u00e1haldager\u00f0ar.\" tabindex=\"0\">brons\u00f6ldin<\/span> \u00e1 Liaodong-skaganum og \u00ed Nor\u00f0ur-K\u00f3reu myndi raunverulega menningarlega einingu sem hin s\u00ed\u00f0ari Dangun-hef\u00f0 g\u00e6ti \u00e1tt r\u00e6tur \u00ed.<\/span><\/p>\n<p>Mark Byington hefur \u00ed ranns\u00f3knum s\u00ednum \u00e1 frumbyggjar\u00edkinu Gojoseon bent \u00e1 a\u00f0 tilvist bronsaldarr\u00edkis a\u00f0 nafni Gojoseon s\u00e9 fornleifafr\u00e6\u00f0ilega l\u00edkleg, en go\u00f0sagna\u00e6ttartalan me\u00f0 Hwanin sem himneskum uppruna hafi veri\u00f0 b\u00e6tt vi\u00f0 \u00e1 s\u00ed\u00f0ari t\u00edmum.<\/p><p>Nor\u00f0ur-koreanskir fr\u00e6\u00f0imenn hafa fr\u00e1 1990 sett fram meinta \u201eDangun-grafh\u00fdsi\u201c n\u00e1l\u00e6gt Pjongjang og t\u00edmasett \u00fea\u00f0 til um 5000 \u00e1ra, en \u00fea\u00f0 er \u00ed al\u00fej\u00f3\u00f0legum fr\u00e6\u00f0aheimi tali\u00f0 p\u00f3lit\u00edskt m\u00f3tu\u00f0 tilb\u00faningur. Pankaj Mohan og a\u00f0rir fr\u00e6\u00f0imenn hafa skjalfest a\u00f0fer\u00f0afr\u00e6\u00f0ileg vandam\u00e1l \u00feessarar t\u00edmasetningar.<\/p>\t\t\t\t\t\t\t\t<\/div>\n\t\t\t\t<\/div>\n\t\t<div class=\"elementor-element elementor-element-f03d26e e-con-full e-flex e-con e-child\" data-id=\"f03d26e\" data-element_type=\"container\" data-e-type=\"container\">\n\t\t\t\t<div class=\"elementor-element elementor-element-a34a24e elementor-widget elementor-widget-heading\" data-id=\"a34a24e\" data-element_type=\"widget\" data-e-type=\"widget\" data-widget_type=\"heading.default\">\n\t\t\t\t\t<h2 class=\"elementor-heading-title elementor-size-default\">Samanbur\u00f0argo\u00f0afr\u00e6\u00f0i<\/h2>\t\t\t\t<\/div>\n\t\t\t\t<div class=\"elementor-element elementor-element-407431f elementor-widget elementor-widget-text-editor\" data-id=\"407431f\" data-element_type=\"widget\" data-e-type=\"widget\" data-widget_type=\"text-editor.default\">\n\t\t\t\t\t\t\t\t\t<p>Pers\u00f3na Hwanins tilheyrir a\u00f0 ger\u00f0 til flokki nor\u00f0ur-as\u00edskra himnagu\u00f0a. Mong\u00f3lski Tenger (\u201ehiminn\u201c), tyrkneski Tengri og manch\u00far\u00edski Abka enduri eru h\u00e1st\u00e6ttir himnaherrar me\u00f0 svipa\u00f0a st\u00f6\u00f0u.<\/p><p>Roger Janelli og Dawnhee Yim Janelli hafa \u00ed ranns\u00f3knum s\u00ednum \u00e1 koreanskri \u00fej\u00f3\u00f0tr\u00fa dregi\u00f0 fram byggingarlegar hli\u00f0st\u00e6\u00f0ur milli koreanska Hananim, mong\u00f3lska Tenger og k\u00ednverska Tian (\u201ehiminn\u201c). \u00d6ll \u00ferj\u00fa hugt\u00f6kin v\u00edsa til yfirskilvitlegs himnaherra sem stendur ofar jar\u00f0neskum atbur\u00f0um og hefur \u00e1hrif \u00e1 j\u00f6r\u00f0ina gegnum milliv\u00e6ru e\u00f0a son.<\/p>\n<p>S\u00e9rst\u00f6k hli\u00f0st\u00e6\u00f0a kemur fram \u00ed jap\u00f6nsku Ninigi-no-Mikoto-<span class=\"iwg-fachbegriff\" data-tooltip=\"Hef\u00f0bundin fr\u00e1s\u00f6gn um gu\u00f0i, uppruna og skipan heimsins.\" tabindex=\"0\">go\u00f0s\u00f6gninni<\/span> \u00ed \u00abKojiki\u00bb (712) og \u00abNihon Shoki\u00bb (720). \u00dear sendir h\u00e6sta <span class=\"iwg-fachbegriff\" data-tooltip=\"Vera sem d\u00fdrku\u00f0 er sem gu\u00f0leg innan tr\u00faarbrag\u00f0a.\" tabindex=\"0\">gy\u00f0jan\/gu\u00f0inn<\/span> (Amaterasu e\u00f0a, \u00ed v\u00ed\u00f0ara samhengi, Ame-no-Minakanushi) einnig gu\u00f0legan afkomanda til jar\u00f0ar, sem ver\u00f0ur forfa\u00f0ir konungs\u00e6ttarins.<\/p><p>Maurizio Riotto hefur greint \u00feessa hli\u00f0st\u00e6\u00f0u sem d\u00e6migert form austuras\u00edskrar konungshugmyndafr\u00e6\u00f0i: h\u00e6sti gu\u00f0inn dvelur \u00e1 himnum, millili\u00f0svera flytur gu\u00f0legt vald til jar\u00f0ar. Spurningin um hvort um s\u00e9 a\u00f0 r\u00e6\u00f0a skyldleika e\u00f0a \u00f3h\u00e1\u00f0a samhli\u00f0a \u00fer\u00f3un er ekki fullkomlega \u00fatklj\u00e1\u00f0.<\/p>\t\t\t\t\t\t\t\t<\/div>\n\t\t\t\t<\/div>\n\t\t<div class=\"elementor-element elementor-element-b659d07 e-con-full e-flex e-con e-child\" data-id=\"b659d07\" data-element_type=\"container\" data-e-type=\"container\">\n\t\t\t\t<div class=\"elementor-element elementor-element-fc077cd elementor-widget elementor-widget-heading\" data-id=\"fc077cd\" data-element_type=\"widget\" data-e-type=\"widget\" data-widget_type=\"heading.default\">\n\t\t\t\t\t<h2 class=\"elementor-heading-title elementor-size-default\">Heimildir og fr\u00e6\u00f0irit<\/h2>\t\t\t\t<\/div>\n\t\t\t\t<div class=\"elementor-element elementor-element-848f1e9 elementor-widget elementor-widget-text-editor\" data-id=\"848f1e9\" data-element_type=\"widget\" data-e-type=\"widget\" data-widget_type=\"text-editor.default\">\n\t\t\t\t\t\t\t\t\t<footer class=\"iwg-literatur\"><p>Frumheimildir: Iryeon, \u00abSamguk Yusa\u00bb (1281), gagnr\u00fdnin \u00fe\u00fdsk hluta\u00fe\u00fd\u00f0ing eftir Vos og Riotto; Yi Seunghyu, \u00abJewang Ungi\u00bb (1287); Kim Busik, \u00abSamguk Sagi\u00bb (1145).<\/p><p>Fr\u00e6\u00f0irit:<\/p><ul><li><span data-nosnippet>James H. Grayson, \u00abKorea: A Religious History\u00bb (Oxford 1989, 2. \u00fatg\u00e1fa 2002) og \u00abMyths and Legends from Korea\u00bb (Richmond 2001).<\/span><\/li><li><span data-nosnippet>Don Baker, \u00abKorean Spirituality\u00bb (Honolulu 2008).<\/span><\/li><li><span data-nosnippet>Maurizio Riotto, \u00abLa leggenda di Tan&#8217;gun\u00bb (Cassino 1994).<\/span><\/li><li><span data-nosnippet>Antonetta Bruno, \u00abThe Gate of Words: Language in the Rituals of Korean Shamans\u00bb (Leiden 2002).<\/span><\/li><li><span data-nosnippet>Boudewijn Walraven, \u00abSongs of the Shaman\u00bb (London 1994).<\/span><\/li><li><span data-nosnippet>Hong-Key Yoon, \u00abThe Culture of <span class=\"iwg-fachbegriff\" data-tooltip=\"K\u00ednversk fr\u00e6\u00f0i um samr\u00e6ma skipulagningu bygginga og r\u00fdma.\" tabindex=\"0\">Fengshui<\/span> in Korea\u00bb (Lanham 2006).<\/span><\/li><li><span data-nosnippet>Sarah Nelson, \u00abThe Archaeology of Korea\u00bb (Cambridge 1993).<\/span><\/li><li><span data-nosnippet>Mark Byington, \u00abThe History and Archaeology of the Koguryo Kingdom\u00bb og greinar \u00ed \u00abThe Han Commanderies in Early Korean History\u00bb (Cambridge MA 2013).<\/span><\/li><\/ul><p><span data-nosnippet>Um nor\u00f0ur-koreanska Dangun-tilb\u00faninginn: Pankaj Mohan, \u00abRescuing a Stone from Nationalism\u00bb, \u00ed \u00abJournal of Inner and East Asian Studies\u00bb (2004).<\/span><\/p><\/footer>\t\t\t\t\t\t\t\t<\/div>\n\t\t\t\t<\/div>\n\t\t\t\t\t<\/div>\n\t\t\t\t<\/div>\n\t\t\t\t<\/div>\n\t\t","protected":false},"excerpt":{"rendered":"","protected":false},"author":3,"featured_media":3244,"parent":0,"menu_order":0,"comment_status":"closed","ping_status":"closed","template":"elementor_header_footer","meta":{"_yoast_wpseo_focuskw":"Hwanin","_yoast_wpseo_title":"Hwanin \u2013 \u00c6\u00f0sti himnagu\u00f0 K\u00f3reu | iWell Guard","_yoast_wpseo_metadesc":"Hwanin er himneskur forfa\u00f0ir K\u00f3reu, fa\u00f0ir Hwanungs og forfa\u00f0ir Danguns, \u00e6\u00f0sti gu\u00f0 \u00ed k\u00f3reskri sk\u00f6punargo\u00f0afr\u00e6\u00f0i.","_yoast_wpseo_meta-robots-noindex":"","_yoast_wpseo_canonical":"","_angie_page":false,"gefaehrdungsstufe":"","wesen_kultur":"","wesen_klasse":"","footnotes":""},"categories":[],"class_list":["post-169110","page","type-page","status-publish","has-post-thumbnail","hentry"],"yoast_head":"<!-- This site is optimized with the Yoast SEO Premium plugin v27.7 (Yoast SEO v28.3) - https:\/\/yoast.com\/product\/yoast-seo-premium-wordpress\/ -->\n<title>Hwanin \u2013 \u00c6\u00f0sti himnagu\u00f0 K\u00f3reu | iWell Guard<\/title>\n<meta name=\"description\" content=\"Hwanin er himneskur forfa\u00f0ir K\u00f3reu, fa\u00f0ir Hwanungs og forfa\u00f0ir Danguns, \u00e6\u00f0sti gu\u00f0 \u00ed k\u00f3reskri sk\u00f6punargo\u00f0afr\u00e6\u00f0i.\" \/>\n<meta name=\"robots\" content=\"index, follow, max-snippet:-1, max-image-preview:large, max-video-preview:-1\" \/>\n<link rel=\"canonical\" href=\"https:\/\/iwell-guard.com\/is\/hwanin\/\" \/>\n<meta property=\"og:locale\" content=\"is_IS\" \/>\n<meta property=\"og:type\" content=\"article\" \/>\n<meta property=\"og:title\" content=\"Hwanin\" \/>\n<meta property=\"og:description\" content=\"Hwanin er himneskur forfa\u00f0ir K\u00f3reu, fa\u00f0ir Hwanungs og forfa\u00f0ir Danguns, \u00e6\u00f0sti gu\u00f0 \u00ed k\u00f3reskri sk\u00f6punargo\u00f0afr\u00e6\u00f0i.\" \/>\n<meta property=\"og:url\" content=\"https:\/\/iwell-guard.com\/is\/hwanin\/\" \/>\n<meta property=\"og:site_name\" content=\"iWell Guard\" \/>\n<meta property=\"article:modified_time\" content=\"2026-09-05T14:32:31+00:00\" \/>\n<meta property=\"og:image\" content=\"https:\/\/iwell-guard.com\/wp-content\/uploads\/2026\/05\/goetter_korea_hwanin.webp\" \/>\n\t<meta property=\"og:image:width\" content=\"1024\" \/>\n\t<meta property=\"og:image:height\" content=\"1536\" \/>\n\t<meta property=\"og:image:type\" content=\"image\/webp\" \/>\n<meta name=\"twitter:card\" content=\"summary_large_image\" \/>\n<script type=\"application\/ld+json\" class=\"yoast-schema-graph\">{\"@context\":\"https:\\\/\\\/schema.org\",\"@graph\":[{\"@type\":\"WebPage\",\"@id\":\"https:\\\/\\\/iwell-guard.com\\\/is\\\/hwanin\\\/\",\"url\":\"https:\\\/\\\/iwell-guard.com\\\/is\\\/hwanin\\\/\",\"name\":\"Hwanin \u2013 \u00c6\u00f0sti himnagu\u00f0 K\u00f3reu | iWell Guard\",\"isPartOf\":{\"@id\":\"https:\\\/\\\/iwell-guard.com\\\/is\\\/#website\"},\"primaryImageOfPage\":{\"@id\":\"https:\\\/\\\/iwell-guard.com\\\/is\\\/hwanin\\\/#primaryimage\"},\"image\":{\"@id\":\"https:\\\/\\\/iwell-guard.com\\\/is\\\/hwanin\\\/#primaryimage\"},\"thumbnailUrl\":\"https:\\\/\\\/iwell-guard.com\\\/wp-content\\\/uploads\\\/2026\\\/05\\\/goetter_korea_hwanin.webp\",\"datePublished\":\"2026-09-05T14:05:40+00:00\",\"dateModified\":\"2026-09-05T14:32:31+00:00\",\"description\":\"Hwanin er himneskur forfa\u00f0ir K\u00f3reu, fa\u00f0ir Hwanungs og forfa\u00f0ir Danguns, \u00e6\u00f0sti gu\u00f0 \u00ed k\u00f3reskri sk\u00f6punargo\u00f0afr\u00e6\u00f0i.\",\"breadcrumb\":{\"@id\":\"https:\\\/\\\/iwell-guard.com\\\/is\\\/hwanin\\\/#breadcrumb\"},\"inLanguage\":\"is\",\"potentialAction\":[{\"@type\":\"ReadAction\",\"target\":[\"https:\\\/\\\/iwell-guard.com\\\/is\\\/hwanin\\\/\"]}]},{\"@type\":\"ImageObject\",\"inLanguage\":\"is\",\"@id\":\"https:\\\/\\\/iwell-guard.com\\\/is\\\/hwanin\\\/#primaryimage\",\"url\":\"https:\\\/\\\/iwell-guard.com\\\/wp-content\\\/uploads\\\/2026\\\/05\\\/goetter_korea_hwanin.webp\",\"contentUrl\":\"https:\\\/\\\/iwell-guard.com\\\/wp-content\\\/uploads\\\/2026\\\/05\\\/goetter_korea_hwanin.webp\",\"width\":1024,\"height\":1536,\"caption\":\"Gu\u00f0ir \u00far k\u00f3reskri hef\u00f0.\"},{\"@type\":\"BreadcrumbList\",\"@id\":\"https:\\\/\\\/iwell-guard.com\\\/is\\\/hwanin\\\/#breadcrumb\",\"itemListElement\":[{\"@type\":\"ListItem\",\"position\":1,\"name\":\"Start\",\"item\":\"https:\\\/\\\/iwell-guard.com\\\/is\\\/?page_id=168580\"},{\"@type\":\"ListItem\",\"position\":2,\"name\":\"Hwanin\"}]},{\"@type\":\"WebSite\",\"@id\":\"https:\\\/\\\/iwell-guard.com\\\/is\\\/#website\",\"url\":\"https:\\\/\\\/iwell-guard.com\\\/is\\\/\",\"name\":\"iWell Guard\",\"description\":\"Schutz vor dunklen Einfl\u00fcssen\",\"publisher\":{\"@id\":\"https:\\\/\\\/iwell-guard.com\\\/is\\\/#organization\"},\"potentialAction\":[{\"@type\":\"SearchAction\",\"target\":{\"@type\":\"EntryPoint\",\"urlTemplate\":\"https:\\\/\\\/iwell-guard.com\\\/is\\\/?s={search_term_string}\"},\"query-input\":{\"@type\":\"PropertyValueSpecification\",\"valueRequired\":true,\"valueName\":\"search_term_string\"}}],\"inLanguage\":\"is\"},{\"@type\":\"Organization\",\"@id\":\"https:\\\/\\\/iwell-guard.com\\\/is\\\/#organization\",\"name\":\"Ittermann electronic GmbH\",\"url\":\"https:\\\/\\\/iwell-guard.com\\\/is\\\/\",\"logo\":{\"@type\":\"ImageObject\",\"inLanguage\":\"is\",\"@id\":\"https:\\\/\\\/iwell-guard.com\\\/is\\\/#\\\/schema\\\/logo\\\/image\\\/\",\"url\":\"https:\\\/\\\/iwell-guard.com\\\/wp-content\\\/uploads\\\/2026\\\/05\\\/Ittermann-Logo-1182x237-1.png\",\"contentUrl\":\"https:\\\/\\\/iwell-guard.com\\\/wp-content\\\/uploads\\\/2026\\\/05\\\/Ittermann-Logo-1182x237-1.png\",\"width\":1182,\"height\":237,\"caption\":\"Ittermann electronic GmbH\"},\"image\":{\"@id\":\"https:\\\/\\\/iwell-guard.com\\\/is\\\/#\\\/schema\\\/logo\\\/image\\\/\"},\"sameAs\":[\"https:\\\/\\\/pantip.com\\\/profile\\\/9367242\",\"https:\\\/\\\/micro.blog\\\/iwellguard\",\"https:\\\/\\\/www.diggerslist.com\\\/iwellguard\\\/about\",\"https:\\\/\\\/skitterphoto.com\\\/photographers\\\/2870314\\\/iwell-guard\",\"https:\\\/\\\/iwellguard.wordpress.com\\\/2026\\\/06\\\/06\\\/iwell-guard\\\/\",\"https:\\\/\\\/hub.docker.com\\\/u\\\/iwellguard\",\"https:\\\/\\\/www.pinterest.com\\\/iwellguard\\\/\",\"https:\\\/\\\/bit.ly\\\/m\\\/iwellguard\",\"https:\\\/\\\/entre-vos-mains.alsace.eu\\\/profiles\\\/iwellguard\\\/activity\",\"https:\\\/\\\/gravatar.com\\\/reallybeded8fd34\",\"https:\\\/\\\/naijamatta.com\\\/iwellguard\",\"https:\\\/\\\/www.goodreads.com\\\/iwellguard\",\"https:\\\/\\\/profile.hatena.ne.jp\\\/iwellguard\\\/\",\"https:\\\/\\\/experiment.com\\\/users\\\/iwellguard\",\"https:\\\/\\\/wakelet.com\\\/@iWellGuard82270\",\"https:\\\/\\\/www.chordie.com\\\/forum\\\/profile.php?id=2555664\",\"https:\\\/\\\/www.instapaper.com\\\/p\\\/17757966\",\"https:\\\/\\\/www.mapleprimes.com\\\/users\\\/iwellguard\",\"https:\\\/\\\/businesslistingplus.com\\\/profile\\\/iwell-guard\\\/\",\"https:\\\/\\\/telegra.ph\\\/iWell-Guard-06-06\",\"https:\\\/\\\/pbase.com\\\/iwellguard\\\/iwellguard\",\"https:\\\/\\\/b.hatena.ne.jp\\\/iwellguard\\\/20260607#bookmark-4788405196491818882\",\"https:\\\/\\\/fliphtml5.com\\\/home\\\/iwellguard\",\"https:\\\/\\\/anyflip.com\\\/homepage\\\/cmiwl#About\",\"https:\\\/\\\/transfur.com\\\/Users\\\/iwellguard\",\"http:\\\/\\\/delphi.larsbo.org\\\/user\\\/iwellguard\",\"https:\\\/\\\/jobs.lajobsportal.org\\\/profiles\\\/8380803-iwell-guard\",\"https:\\\/\\\/md.chaosdorf.de\\\/s\\\/jfbe5SBdJD\",\"https:\\\/\\\/www.lingvolive.com\\\/en-us\\\/profile\\\/9ecaeaca-ce11-4e51-9e71-01d55e2bff36\\\/translations\",\"https:\\\/\\\/www.fitday.com\\\/fitness\\\/forums\\\/members\\\/iwellguard.html\",\"https:\\\/\\\/www.mymeetbook.com\\\/iwellguard\",\"https:\\\/\\\/pxhere.com\\\/en\\\/photographer-me\\\/5040798\",\"https:\\\/\\\/disqus.com\\\/by\\\/iwellguard\\\/about\\\/\",\"https:\\\/\\\/pastelink.net\\\/hjwciqwq\",\"https:\\\/\\\/pubhtml5.com\\\/homepage\\\/scjhn\\\/\",\"https:\\\/\\\/www.bitchute.com\\\/channel\\\/2O2eOKzNqujT\",\"https:\\\/\\\/audiomack.com\\\/iwellguard\"]}]}<\/script>\n<!-- \/ Yoast SEO Premium plugin. -->","yoast_head_json":{"title":"Hwanin \u2013 \u00c6\u00f0sti himnagu\u00f0 K\u00f3reu | iWell Guard","description":"Hwanin er himneskur forfa\u00f0ir K\u00f3reu, fa\u00f0ir Hwanungs og forfa\u00f0ir Danguns, \u00e6\u00f0sti gu\u00f0 \u00ed k\u00f3reskri sk\u00f6punargo\u00f0afr\u00e6\u00f0i.","robots":{"index":"index","follow":"follow","max-snippet":"max-snippet:-1","max-image-preview":"max-image-preview:large","max-video-preview":"max-video-preview:-1"},"canonical":"https:\/\/iwell-guard.com\/is\/hwanin\/","og_locale":"is_IS","og_type":"article","og_title":"Hwanin","og_description":"Hwanin er himneskur forfa\u00f0ir K\u00f3reu, fa\u00f0ir Hwanungs og forfa\u00f0ir Danguns, \u00e6\u00f0sti gu\u00f0 \u00ed k\u00f3reskri sk\u00f6punargo\u00f0afr\u00e6\u00f0i.","og_url":"https:\/\/iwell-guard.com\/is\/hwanin\/","og_site_name":"iWell Guard","article_modified_time":"2026-09-05T14:32:31+00:00","og_image":[{"width":1024,"height":1536,"url":"https:\/\/iwell-guard.com\/wp-content\/uploads\/2026\/05\/goetter_korea_hwanin.webp","type":"image\/webp"}],"twitter_card":"summary_large_image","schema":{"@context":"https:\/\/schema.org","@graph":[{"@type":"WebPage","@id":"https:\/\/iwell-guard.com\/is\/hwanin\/","url":"https:\/\/iwell-guard.com\/is\/hwanin\/","name":"Hwanin \u2013 \u00c6\u00f0sti himnagu\u00f0 K\u00f3reu | iWell Guard","isPartOf":{"@id":"https:\/\/iwell-guard.com\/is\/#website"},"primaryImageOfPage":{"@id":"https:\/\/iwell-guard.com\/is\/hwanin\/#primaryimage"},"image":{"@id":"https:\/\/iwell-guard.com\/is\/hwanin\/#primaryimage"},"thumbnailUrl":"https:\/\/iwell-guard.com\/wp-content\/uploads\/2026\/05\/goetter_korea_hwanin.webp","datePublished":"2026-09-05T14:05:40+00:00","dateModified":"2026-09-05T14:32:31+00:00","description":"Hwanin er himneskur forfa\u00f0ir K\u00f3reu, fa\u00f0ir Hwanungs og forfa\u00f0ir Danguns, \u00e6\u00f0sti gu\u00f0 \u00ed k\u00f3reskri sk\u00f6punargo\u00f0afr\u00e6\u00f0i.","breadcrumb":{"@id":"https:\/\/iwell-guard.com\/is\/hwanin\/#breadcrumb"},"inLanguage":"is","potentialAction":[{"@type":"ReadAction","target":["https:\/\/iwell-guard.com\/is\/hwanin\/"]}]},{"@type":"ImageObject","inLanguage":"is","@id":"https:\/\/iwell-guard.com\/is\/hwanin\/#primaryimage","url":"https:\/\/iwell-guard.com\/wp-content\/uploads\/2026\/05\/goetter_korea_hwanin.webp","contentUrl":"https:\/\/iwell-guard.com\/wp-content\/uploads\/2026\/05\/goetter_korea_hwanin.webp","width":1024,"height":1536,"caption":"Gu\u00f0ir \u00far k\u00f3reskri hef\u00f0."},{"@type":"BreadcrumbList","@id":"https:\/\/iwell-guard.com\/is\/hwanin\/#breadcrumb","itemListElement":[{"@type":"ListItem","position":1,"name":"Start","item":"https:\/\/iwell-guard.com\/is\/?page_id=168580"},{"@type":"ListItem","position":2,"name":"Hwanin"}]},{"@type":"WebSite","@id":"https:\/\/iwell-guard.com\/is\/#website","url":"https:\/\/iwell-guard.com\/is\/","name":"iWell Guard","description":"Schutz vor dunklen Einfl\u00fcssen","publisher":{"@id":"https:\/\/iwell-guard.com\/is\/#organization"},"potentialAction":[{"@type":"SearchAction","target":{"@type":"EntryPoint","urlTemplate":"https:\/\/iwell-guard.com\/is\/?s={search_term_string}"},"query-input":{"@type":"PropertyValueSpecification","valueRequired":true,"valueName":"search_term_string"}}],"inLanguage":"is"},{"@type":"Organization","@id":"https:\/\/iwell-guard.com\/is\/#organization","name":"Ittermann electronic GmbH","url":"https:\/\/iwell-guard.com\/is\/","logo":{"@type":"ImageObject","inLanguage":"is","@id":"https:\/\/iwell-guard.com\/is\/#\/schema\/logo\/image\/","url":"https:\/\/iwell-guard.com\/wp-content\/uploads\/2026\/05\/Ittermann-Logo-1182x237-1.png","contentUrl":"https:\/\/iwell-guard.com\/wp-content\/uploads\/2026\/05\/Ittermann-Logo-1182x237-1.png","width":1182,"height":237,"caption":"Ittermann electronic GmbH"},"image":{"@id":"https:\/\/iwell-guard.com\/is\/#\/schema\/logo\/image\/"},"sameAs":["https:\/\/pantip.com\/profile\/9367242","https:\/\/micro.blog\/iwellguard","https:\/\/www.diggerslist.com\/iwellguard\/about","https:\/\/skitterphoto.com\/photographers\/2870314\/iwell-guard","https:\/\/iwellguard.wordpress.com\/2026\/06\/06\/iwell-guard\/","https:\/\/hub.docker.com\/u\/iwellguard","https:\/\/www.pinterest.com\/iwellguard\/","https:\/\/bit.ly\/m\/iwellguard","https:\/\/entre-vos-mains.alsace.eu\/profiles\/iwellguard\/activity","https:\/\/gravatar.com\/reallybeded8fd34","https:\/\/naijamatta.com\/iwellguard","https:\/\/www.goodreads.com\/iwellguard","https:\/\/profile.hatena.ne.jp\/iwellguard\/","https:\/\/experiment.com\/users\/iwellguard","https:\/\/wakelet.com\/@iWellGuard82270","https:\/\/www.chordie.com\/forum\/profile.php?id=2555664","https:\/\/www.instapaper.com\/p\/17757966","https:\/\/www.mapleprimes.com\/users\/iwellguard","https:\/\/businesslistingplus.com\/profile\/iwell-guard\/","https:\/\/telegra.ph\/iWell-Guard-06-06","https:\/\/pbase.com\/iwellguard\/iwellguard","https:\/\/b.hatena.ne.jp\/iwellguard\/20260607#bookmark-4788405196491818882","https:\/\/fliphtml5.com\/home\/iwellguard","https:\/\/anyflip.com\/homepage\/cmiwl#About","https:\/\/transfur.com\/Users\/iwellguard","http:\/\/delphi.larsbo.org\/user\/iwellguard","https:\/\/jobs.lajobsportal.org\/profiles\/8380803-iwell-guard","https:\/\/md.chaosdorf.de\/s\/jfbe5SBdJD","https:\/\/www.lingvolive.com\/en-us\/profile\/9ecaeaca-ce11-4e51-9e71-01d55e2bff36\/translations","https:\/\/www.fitday.com\/fitness\/forums\/members\/iwellguard.html","https:\/\/www.mymeetbook.com\/iwellguard","https:\/\/pxhere.com\/en\/photographer-me\/5040798","https:\/\/disqus.com\/by\/iwellguard\/about\/","https:\/\/pastelink.net\/hjwciqwq","https:\/\/pubhtml5.com\/homepage\/scjhn\/","https:\/\/www.bitchute.com\/channel\/2O2eOKzNqujT","https:\/\/audiomack.com\/iwellguard"]}]}},"_links":{"self":[{"href":"https:\/\/iwell-guard.com\/is\/wp-json\/wp\/v2\/pages\/169110","targetHints":{"allow":["GET"]}}],"collection":[{"href":"https:\/\/iwell-guard.com\/is\/wp-json\/wp\/v2\/pages"}],"about":[{"href":"https:\/\/iwell-guard.com\/is\/wp-json\/wp\/v2\/types\/page"}],"author":[{"embeddable":true,"href":"https:\/\/iwell-guard.com\/is\/wp-json\/wp\/v2\/users\/3"}],"replies":[{"embeddable":true,"href":"https:\/\/iwell-guard.com\/is\/wp-json\/wp\/v2\/comments?post=169110"}],"version-history":[{"count":0,"href":"https:\/\/iwell-guard.com\/is\/wp-json\/wp\/v2\/pages\/169110\/revisions"}],"wp:featuredmedia":[{"embeddable":true,"href":"https:\/\/iwell-guard.com\/is\/wp-json\/wp\/v2\/media\/3244"}],"wp:attachment":[{"href":"https:\/\/iwell-guard.com\/is\/wp-json\/wp\/v2\/media?parent=169110"}],"wp:term":[{"taxonomy":"category","embeddable":true,"href":"https:\/\/iwell-guard.com\/is\/wp-json\/wp\/v2\/categories?post=169110"}],"curies":[{"name":"wp","href":"https:\/\/api.w.org\/{rel}","templated":true}]}}