{"id":169107,"date":"2026-09-05T14:05:38","date_gmt":"2026-09-05T14:05:38","guid":{"rendered":"https:\/\/iwell-guard.com\/?page_id=169107"},"modified":"2026-09-05T14:32:26","modified_gmt":"2026-09-05T14:32:26","slug":"ceridwen","status":"publish","type":"page","link":"https:\/\/iwell-guard.com\/is\/ceridwen\/","title":{"rendered":"Ceridwen"},"content":{"rendered":"\t\t<div data-elementor-type=\"wp-page\" data-elementor-id=\"169107\" class=\"elementor elementor-169107 elementor-3050 elementor-bc-flex-widget\" data-elementor-post-type=\"page\">\n\t\t\t\t<div class=\"elementor-element elementor-element-4574f70 e-flex e-con-boxed e-con e-parent\" data-id=\"4574f70\" data-element_type=\"container\" data-e-type=\"container\" data-settings=\"{&quot;background_background&quot;:&quot;classic&quot;}\">\n\t\t\t\t\t<div class=\"e-con-inner\">\n\t\t<div class=\"elementor-element elementor-element-e92efab e-flex e-con-boxed e-con e-child\" data-id=\"e92efab\" data-element_type=\"container\" data-e-type=\"container\">\n\t\t\t\t\t<div class=\"e-con-inner\">\n\t\t<div class=\"elementor-element elementor-element-7241c66 e-con-full e-flex e-con e-child\" data-id=\"7241c66\" data-element_type=\"container\" data-e-type=\"container\">\n\t\t\t\t<div class=\"elementor-element elementor-element-f71b140 elementor-widget elementor-widget-heading\" data-id=\"f71b140\" data-element_type=\"widget\" data-e-type=\"widget\" data-widget_type=\"heading.default\">\n\t\t\t\t\t<h1 class=\"elementor-heading-title elementor-size-default\">Ceridwen, velsk gy\u00f0ja innbl\u00e1sturs<\/h1>\t\t\t\t<\/div>\n\t\t\t\t<div class=\"elementor-element elementor-element-e0cb8c4 elementor-widget elementor-widget-text-editor\" data-id=\"e0cb8c4\" data-element_type=\"widget\" data-e-type=\"widget\" data-widget_type=\"text-editor.default\">\n\t\t\t\t\t\t\t\t\t<p>Ceridwen, einnig k\u00f6llu\u00f0 Cerridwen, er mi\u00f0l\u00e6g pers\u00f3na \u00ed velskri <span class=\"iwg-fachbegriff\" data-tooltip=\"Heildarsafn \u00feeirra fr\u00e1sagna um gu\u00f0i sem var\u00f0veist hafa innan tiltekinnar menningar.\" tabindex=\"0\">go\u00f0afr\u00e6\u00f0i<\/span> og er \u00ed mi\u00f0aldahef\u00f0inni l\u00fdst sem h\u00fasfreyju katils innbl\u00e1sturs.<\/p><p>Fr\u00e1s\u00f6gnin um hana er \u00ed brennidepli \u00ed \u00abHanes Taliesin\u00bb, \u00e6vis\u00f6gu hins go\u00f0sagnakennda velska sk\u00e1ldsins Taliesins, en elstu brotakenndu heimildir um hana n\u00e1 aftur til 9. aldar, \u00fe\u00f3tt fullkomin ger\u00f0 s\u00f6gunnar hafi ekki var\u00f0veist fyrr en \u00ed handritum fr\u00e1 s\u00ed\u00f0mi\u00f0\u00f6ldum.<\/p>\t\t\t\t\t\t\t\t<\/div>\n\t\t\t\t<\/div>\n\t\t<div class=\"elementor-element elementor-element-9182ee4 e-con-full e-flex e-con e-parent\" data-id=\"9182ee4\" data-element_type=\"container\" data-e-type=\"container\">\n\t\t\t\t<div class=\"elementor-element elementor-element-b9737c5 elementor-widget elementor-widget-html\" data-id=\"b9737c5\" data-element_type=\"widget\" data-e-type=\"widget\" data-widget_type=\"html.default\">\n\t\t\t\t\t<div class=\"iwg-pill-row\"><span class=\"iwg-klasse-badge\" tabindex=\"0\" data-tooltip=\"Gu\u00f0 \/ Gy\u00f0ja: Pers\u00f3nuger\u00f0 \u00e6\u00f0sta m\u00e1ttarvald \u00ed go\u00f0aheimi menningarheims, me\u00f0 sk\u00fdrum verksvi\u00f0um \u2014 n\u00e1tt\u00faru\u00f6fl, \u00f6rl\u00f6g, str\u00ed\u00f0, frj\u00f3semi. D\u00fdrku\u00f0 me\u00f0 helgisi\u00f0um, f\u00f3rnum og musterisstofnunum.\">Gu\u00f0<\/span><a href=\"https:\/\/iwell-guard.com\/is\/keltneskt\/\" class=\"iwg-kultur-badge\" tabindex=\"0\" data-tooltip=\"Keltnesk tr\u00faarbr\u00f6g\u00f0 Vestur-Evr\u00f3pu og Bretlandseyja, var\u00f0veitt \u00ed go\u00f0s\u00f6gulegu formi \u00ed \u00edrskum og velskum textum.\">Keltneskt<\/a><\/div>\t\t\t\t<\/div>\n\t\t\t\t<\/div>\n\t\t<div class=\"elementor-element elementor-element-d0b42c6 e-con-full e-flex e-con e-child\" data-id=\"d0b42c6\" data-element_type=\"container\" data-e-type=\"container\">\n\t\t\t\t<div class=\"elementor-element elementor-element-1a79296 elementor-toc--minimized-on-tablet elementor-widget elementor-widget-table-of-contents\" data-id=\"1a79296\" data-element_type=\"widget\" data-e-type=\"widget\" data-settings=\"{&quot;exclude_headings_by_selector&quot;:[],&quot;no_headings_message&quot;:&quot;Engar undirfyrirsagnir fundust \\u00e1 \\u00feessari s\\u00ed\\u00f0u.&quot;,&quot;headings_by_tags&quot;:[&quot;h2&quot;,&quot;h3&quot;],&quot;marker_view&quot;:&quot;bullets&quot;,&quot;icon&quot;:{&quot;value&quot;:&quot;fas fa-circle&quot;,&quot;library&quot;:&quot;fa-solid&quot;,&quot;rendered_tag&quot;:&quot;&lt;svg class=\\&quot;e-font-icon-svg e-fas-circle\\&quot; viewBox=\\&quot;0 0 512 512\\&quot; xmlns=\\&quot;http:\\\/\\\/www.w3.org\\\/2000\\\/svg\\&quot;&gt;&lt;path d=\\&quot;M256 8C119 8 8 119 8 256s111 248 248 248 248-111 248-248S393 8 256 8z\\&quot;&gt;&lt;\\\/path&gt;&lt;\\\/svg&gt;&quot;},&quot;minimize_box&quot;:&quot;yes&quot;,&quot;minimized_on&quot;:&quot;tablet&quot;,&quot;hierarchical_view&quot;:&quot;yes&quot;,&quot;min_height&quot;:{&quot;unit&quot;:&quot;px&quot;,&quot;size&quot;:&quot;&quot;,&quot;sizes&quot;:[]},&quot;min_height_tablet&quot;:{&quot;unit&quot;:&quot;px&quot;,&quot;size&quot;:&quot;&quot;,&quot;sizes&quot;:[]},&quot;min_height_mobile&quot;:{&quot;unit&quot;:&quot;px&quot;,&quot;size&quot;:&quot;&quot;,&quot;sizes&quot;:[]}}\" data-widget_type=\"table-of-contents.default\">\n\t\t\t\t\t\t\t\t\t<div class=\"elementor-toc__header\">\n\t\t\t\t\t\t<h2 class=\"elementor-toc__header-title\">\n\t\t\t\tEfnisyfirlit\t\t\t<\/h2>\n\t\t\t\t\t\t\t\t\t\t<div class=\"elementor-toc__toggle-button elementor-toc__toggle-button--expand\" role=\"button\" tabindex=\"0\" aria-controls=\"elementor-toc__1a79296\" aria-expanded=\"true\" aria-label=\"Open table of contents\"><svg aria-hidden=\"true\" class=\"e-font-icon-svg e-fas-chevron-down\" viewBox=\"0 0 448 512\" xmlns=\"http:\/\/www.w3.org\/2000\/svg\"><path d=\"M207.029 381.476L12.686 187.132c-9.373-9.373-9.373-24.569 0-33.941l22.667-22.667c9.357-9.357 24.522-9.375 33.901-.04L224 284.505l154.745-154.021c9.379-9.335 24.544-9.317 33.901.04l22.667 22.667c9.373 9.373 9.373 24.569 0 33.941L240.971 381.476c-9.373 9.372-24.569 9.372-33.942 0z\"><\/path><\/svg><\/div>\n\t\t\t\t<div class=\"elementor-toc__toggle-button elementor-toc__toggle-button--collapse\" role=\"button\" tabindex=\"0\" aria-controls=\"elementor-toc__1a79296\" aria-expanded=\"true\" aria-label=\"Close table of contents\"><svg aria-hidden=\"true\" class=\"e-font-icon-svg e-fas-chevron-up\" viewBox=\"0 0 448 512\" xmlns=\"http:\/\/www.w3.org\/2000\/svg\"><path d=\"M240.971 130.524l194.343 194.343c9.373 9.373 9.373 24.569 0 33.941l-22.667 22.667c-9.357 9.357-24.522 9.375-33.901.04L224 227.495 69.255 381.516c-9.379 9.335-24.544 9.317-33.901-.04l-22.667-22.667c-9.373-9.373-9.373-24.569 0-33.941L207.03 130.525c9.372-9.373 24.568-9.373 33.941-.001z\"><\/path><\/svg><\/div>\n\t\t\t\t\t<\/div>\n\t\t\t\t<div id=\"elementor-toc__1a79296\" class=\"elementor-toc__body\">\n\t\t\t<div class=\"elementor-toc__spinner-container\">\n\t\t\t\t<svg class=\"elementor-toc__spinner eicon-animation-spin e-font-icon-svg e-eicon-loading\" aria-hidden=\"true\" viewBox=\"0 0 1000 1000\" xmlns=\"http:\/\/www.w3.org\/2000\/svg\"><path d=\"M500 975V858C696 858 858 696 858 500S696 142 500 142 142 304 142 500H25C25 237 238 25 500 25S975 237 975 500 763 975 500 975Z\"><\/path><\/svg>\t\t\t<\/div>\n\t\t<\/div>\n\t\t\t\t\t\t<\/div>\n\t\t\t\t<\/div>\n\t\t\t\t\t<\/div>\n\t\t\t\t<\/div>\n\t\t<div class=\"elementor-element elementor-element-3e12ecb e-con-full e-flex e-con e-child\" data-id=\"3e12ecb\" data-element_type=\"container\" data-e-type=\"container\">\n\t\t\t\t<div class=\"elementor-element elementor-element-8e63264 iwg-hero-image elementor-widget elementor-widget-image\" data-id=\"8e63264\" data-element_type=\"widget\" data-e-type=\"widget\" data-widget_type=\"image.default\">\n\t\t\t\t\t\t\t\t\t\t\t\t\t\t\t<img fetchpriority=\"high\" decoding=\"async\" width=\"683\" height=\"1024\" src=\"https:\/\/iwell-guard.com\/wp-content\/uploads\/2026\/05\/goetter_keltisch_ceridwen-683x1024.webp\" class=\"attachment-large size-large wp-image-170714\" alt=\"Ceridwen - Gu\u00f0ir \u00far keltneskri hef\u00f0, s\u00f6guleg myndskreyting\" srcset=\"https:\/\/iwell-guard.com\/wp-content\/uploads\/2026\/05\/goetter_keltisch_ceridwen-683x1024.webp 683w, https:\/\/iwell-guard.com\/wp-content\/uploads\/2026\/05\/goetter_keltisch_ceridwen-200x300.webp 200w, https:\/\/iwell-guard.com\/wp-content\/uploads\/2026\/05\/goetter_keltisch_ceridwen-768x1152.webp 768w, https:\/\/iwell-guard.com\/wp-content\/uploads\/2026\/05\/goetter_keltisch_ceridwen.webp 1024w\" sizes=\"(max-width: 683px) 100vw, 683px\" \/>\t\t\t\t\t\t\t\t\t\t\t\t\t\t\t<\/div>\n\t\t\t\t<\/div>\n\t\t\t\t\t<\/div>\n\t\t\t\t<\/div>\n\t\t<div class=\"elementor-element elementor-element-166156e e-con-boxed e-flex e-con e-parent\" data-id=\"166156e\" data-element_type=\"container\" data-e-type=\"container\">\n\t\t\t\t\t<div class=\"e-con-inner\">\n\t\t<div class=\"elementor-element elementor-element-02670c8 e-con-full e-flex e-con e-child\" data-id=\"02670c8\" data-element_type=\"container\" data-e-type=\"container\">\n\t\t\t\t<div class=\"elementor-element elementor-element-bad60e7 elementor-widget elementor-widget-heading\" data-id=\"bad60e7\" data-element_type=\"widget\" data-e-type=\"widget\" data-widget_type=\"heading.default\">\n\t\t\t\t\t<h2 class=\"elementor-heading-title elementor-size-default\">Heimildasta\u00f0a og b\u00f3kmenntahef\u00f0<\/h2>\t\t\t\t<\/div>\n\t\t\t\t<div class=\"elementor-element elementor-element-247b67c elementor-widget elementor-widget-text-editor\" data-id=\"247b67c\" data-element_type=\"widget\" data-e-type=\"widget\" data-widget_type=\"text-editor.default\">\n\t\t\t\t\t\t\t\t\t<p>Mikilv\u00e6gasta heimildin um Ceridwen er \u00abHanes Taliesin\u00bb, sem var\u00f0veitist \u00ed heilli mynd hj\u00e1 Elis Gruffydd \u00e1 16. \u00f6ld og hj\u00e1 John Jones \u00ed \u00abLlanstephan-handritunum\u00bb. Brot sem v\u00edsa til mun eldri hef\u00f0ar finnast \u00ed \u00abB\u00f3k Taliesins\u00bb og \u00abB\u00f3k Aneirins\u00bb, b\u00e6\u00f0i fr\u00e1 13. \u00f6ld.<\/p><p>Patrick K. Ford fjalla\u00f0i \u00ed \u00abThe Mabinogi and Other Medieval Welsh Tales\u00bb (1977) um textafr\u00e6\u00f0ilega margbreytileika Ceridwen-hef\u00f0arins og s\u00fdndi a\u00f0 meginfr\u00e1s\u00f6gnin um umbreytingu katilsins er til \u00ed \u00fdmsum velskum og bret\u00f3nskum \u00fatg\u00e1fum.<\/p>\n\n<p>Marged Haycock hefur \u00ed ranns\u00f3knum s\u00ednum \u00e1 \u00abB\u00f3k Taliesins\u00bb bent \u00e1 a\u00f0 m\u00f6rg \u00feeirra kv\u00e6\u00f0a sem eignu\u00f0 eru Taliesin ur\u00f0u ekki til fyrr en \u00e1 9. til 12. \u00f6ld, en fr\u00e1s\u00f6gnin um Ceridwen var\u00f0veitir b\u00f3kmenntalega eldri l\u00f6g. Ranns\u00f3knir standa \u00fev\u00ed frammi fyrir \u00fev\u00ed klass\u00edska vandam\u00e1li a\u00f0 reyna a\u00f0 endurgera hugsanlega forna go\u00f0sagnalega merkingu \u00far texta sem t\u00f3k \u00e1 sig endanlega mynd \u00e1 s\u00ed\u00f0mi\u00f0\u00f6ldum.<\/p>\t\t\t\t\t\t\t\t<\/div>\n\t\t\t\t<\/div>\n\t\t<div class=\"elementor-element elementor-element-35cf2c8 e-con-full e-flex e-con e-child\" data-id=\"35cf2c8\" data-element_type=\"container\" data-e-type=\"container\">\n\t\t\t\t<div class=\"elementor-element elementor-element-20f5c6c elementor-widget elementor-widget-heading\" data-id=\"20f5c6c\" data-element_type=\"widget\" data-e-type=\"widget\" data-widget_type=\"heading.default\">\n\t\t\t\t\t<h2 class=\"elementor-heading-title elementor-size-default\">Fr\u00e1s\u00f6gnin af katlinum<\/h2>\t\t\t\t<\/div>\n\t\t\t\t<div class=\"elementor-element elementor-element-2172be2 elementor-widget elementor-widget-text-editor\" data-id=\"2172be2\" data-element_type=\"widget\" data-e-type=\"widget\" data-widget_type=\"text-editor.default\">\n\t\t\t\t\t\t\t\t\t<p>Meginfr\u00e1s\u00f6gnin segir: Ceridwen b\u00fdr me\u00f0 manni s\u00ednum Tegid Foel vi\u00f0 vatni\u00f0 Llyn Tegid (n\u00fa Bala Lake \u00ed Gwynedd) og eiga \u00feau tv\u00f6 b\u00f6rn, hina f\u00f6gru Creirwy og hinn \u00f3fr\u00ed\u00f0a Morfran (einnig kalla\u00f0ur Afagddu).<\/p><p>Til a\u00f0 Morfran, \u00fer\u00e1tt fyrir \u00f3\u00e1sj\u00e1legt \u00fatlit sitt, hlj\u00f3ti visku og innbl\u00e1stur, br\u00fdr Ceridwen s\u00e9rstakan drykk \u00ed katli innbl\u00e1sturs (\u00abpair awen\u00bb). Drykkurinn \u00fearf a\u00f0 sj\u00f3\u00f0a \u00ed \u00e1r og dag, og a\u00f0eins fyrstu \u00fer\u00edr dropar hans hafa hina t\u00f6frandi verkun; afgangurinn er eitra\u00f0ur og l\u00edfsh\u00e6ttulegur.<\/p>\n\n<p>Katilinn g\u00e6tir sveinninn Gwion Bach. Me\u00f0an hann hr\u00e6rir \u00ed honum skvettast \u00fer\u00edr dropar \u00e1 \u00feumal hans, sem hann stingur \u00f3sj\u00e1lfr\u00e1tt upp \u00ed munn s\u00e9r. Samstundis hl\u00fdtur hann \u00fe\u00e1 alsheimsvitund sem eiginlega var \u00e6tlu\u00f0 Morfran. Skelfingu lostinn fl\u00fdr hann, og katillinn brotnar.<\/p><p>Ceridwen elt hann uppi \u00ed r\u00f6\u00f0 umbreytinga: Gwion ver\u00f0ur h\u00e9ri, h\u00fan hundur, hann fiskur, h\u00fan otur, hann fugl, h\u00fan f\u00e1lki, hann korn, h\u00fan h\u00e6na sem gleypir korni\u00f0. N\u00edu m\u00e1nu\u00f0um s\u00ed\u00f0ar f\u00e6\u00f0ir h\u00fan barni\u00f0 Taliesin, sem h\u00fan kastar \u00ed le\u00f0urpoka \u00ed hafi\u00f0, \u00fear sem hinn ungi prins Elphin finnur \u00fea\u00f0 og f\u00f3strar.<\/p>\t\t\t\t\t\t\t\t<\/div>\n\t\t\t\t<\/div>\n\t\t<div class=\"elementor-element elementor-element-1953bdc e-con-full e-flex e-con e-child\" data-id=\"1953bdc\" data-element_type=\"container\" data-e-type=\"container\">\n\t\t\t\t<div class=\"elementor-element elementor-element-0dce562 elementor-widget elementor-widget-heading\" data-id=\"0dce562\" data-element_type=\"widget\" data-e-type=\"widget\" data-widget_type=\"heading.default\">\n\t\t\t\t\t<h2 class=\"elementor-heading-title elementor-size-default\">T\u00e1knm\u00e1l katilsins<\/h2>\t\t\t\t<\/div>\n\t\t\t\t<div class=\"elementor-element elementor-element-ce22367 elementor-widget elementor-widget-text-editor\" data-id=\"ce22367\" data-element_type=\"widget\" data-e-type=\"widget\" data-widget_type=\"text-editor.default\">\n\t\t\t\t\t\t\t\t\t<p>Katill Ceridwenar er me\u00f0al mikilv\u00e6gustu t\u00e1kna velskrar hef\u00f0ar. Hann tilheyrir r\u00f6\u00f0 annarra t\u00f6frandi katla, svo sem katils Brans \u00ed \u00abMabinogi\u00bb, sem l\u00edfgar hina dau\u00f0u, e\u00f0a katils Dagda \u00ed \u00edrskri hef\u00f0, sem gefur \u00f3endanlega mat.<\/p><p>Helmut Birkhan skilgreindi \u00ed \u00abKelten\u00bb (1997) katilinn sem mi\u00f0l\u00e6gt helgigrip keltneskrar tr\u00faar, sem er \u00e1\u00fereifanlegt \u00ed fornleifafundum \u00e1 bor\u00f0 vi\u00f0 Gundestrup-katilinn og katlana fr\u00e1 Br\u00e5 og Rynkeby.<\/p>\n\n<p>Miranda Aldhouse-Green hefur \u00ed \u00abThe Quest for the Shaman\u00bb (2005) vegi\u00f0 m\u00f6guleikann \u00e1 a\u00f0 katalat\u00e1knm\u00e1li\u00f0 eigi r\u00e6tur a\u00f0 rekja til sjaman\u00edskra innbl\u00e1sturs- og innv\u00edgsluathafna, \u00fear sem v\u00f6kvakennt efni var tengt \u00fev\u00ed a\u00f0 hlj\u00f3ta \u00f3venjulega \u00feekkingu. \u00deessi tilg\u00e1ta er \u00e1fram \u00e1giskun, en er studd af t\u00ed\u00f0ni katilst\u00e1knsins \u00ed keltneskri myndlist og fr\u00e1sagnahef\u00f0.<\/p>\t\t\t\t\t\t\t\t<\/div>\n\t\t\t\t<\/div>\n\t\t<div class=\"elementor-element elementor-element-f058627 e-con-full e-flex e-con e-child\" data-id=\"f058627\" data-element_type=\"container\" data-e-type=\"container\">\n\t\t\t\t<div class=\"elementor-element elementor-element-36a825d elementor-widget elementor-widget-heading\" data-id=\"36a825d\" data-element_type=\"widget\" data-e-type=\"widget\" data-widget_type=\"heading.default\">\n\t\t\t\t\t<h2 class=\"elementor-heading-title elementor-size-default\">Var Ceridwen gy\u00f0ja?<\/h2>\t\t\t\t<\/div>\n\t\t\t\t<div class=\"elementor-element elementor-element-19b670d elementor-widget elementor-widget-text-editor\" data-id=\"19b670d\" data-element_type=\"widget\" data-e-type=\"widget\" data-widget_type=\"text-editor.default\">\n\t\t\t\t\t\t\t\t\t<p>Hvort Ceridwen hafi upphaflega veri\u00f0 gy\u00f0ja er umdeilt \u00ed fr\u00e6\u00f0unum. \u00abHanes Taliesin\u00bb l\u00fdsir henni sem m\u00e1ttugri t\u00f6frakonu, \u00e1n \u00feess a\u00f0 kalla hana berum or\u00f0um gy\u00f0ju.<\/p><p>Bernhard Maier telur hana \u00ed \u00abDie Religion der Kelten\u00bb (2001) frekar b\u00f3kmenntalega pers\u00f3nu sem sameinar eiginleika eldri innbl\u00e1sturs- og umbreytingargo\u00f0a. John T. Koch hefur \u00e1 hinn b\u00f3ginn \u00ed nokkrum greinum haldi\u00f0 \u00fev\u00ed fram a\u00f0 h\u00fan megi tengja vi\u00f0 forna velska gy\u00f0ju sk\u00e1ldskapar og umbreytingar.<\/p>\n\n<p>Engin gall\u00f3romversk innbl\u00e1sturgy\u00f0ja er nafngreind \u00ed heimildum, en \u00e1letranir um Sironu, Belisama og Brigantia s\u00fdna tilvist kvenkyns sta\u00f0argo\u00f0a me\u00f0 innbl\u00e1sturs- og l\u00e6kningarm\u00e1tt. Marie-Louise Sjoestedt vakti fyrst athygli \u00e1 byggingarlegri n\u00e1l\u00e6g\u00f0 Ceridwenar vi\u00f0 \u00edrsku Brigid, sem me\u00f0al annars r\u00e6\u00f0ur yfir sk\u00e1ldskap.<\/p><p>Beinni sams\u00f6mun hafnar h\u00fan \u00fe\u00f3. N\u00faverandi meirihlutasko\u00f0un telur Ceridwen b\u00f3kmenntalega m\u00f3ta\u00f0a go\u00f0sagnapers\u00f3nu, \u00fear sem eldri go\u00f0sagnalegt efni endurhlj\u00f3mar, \u00e1n \u00feess a\u00f0 unnt s\u00e9 a\u00f0 endurgera heilst\u00e6\u00f0a \u00abtr\u00fa \u00e1 Ceridwen\u00bb.<\/p>\t\t\t\t\t\t\t\t<\/div>\n\t\t\t\t<\/div>\n\t\t<div class=\"elementor-element elementor-element-f2120e1 e-con-full e-flex e-con e-child\" data-id=\"f2120e1\" data-element_type=\"container\" data-e-type=\"container\">\n\t\t\t\t<div class=\"elementor-element elementor-element-499463a elementor-widget elementor-widget-heading\" data-id=\"499463a\" data-element_type=\"widget\" data-e-type=\"widget\" data-widget_type=\"heading.default\">\n\t\t\t\t\t<h2 class=\"elementor-heading-title elementor-size-default\">Ceridwen og Taliesin<\/h2>\t\t\t\t<\/div>\n\t\t\t\t<div class=\"elementor-element elementor-element-2ce9478 elementor-widget elementor-widget-text-editor\" data-id=\"2ce9478\" data-element_type=\"widget\" data-e-type=\"widget\" data-widget_type=\"text-editor.default\">\n\t\t\t\t\t\t\t\t\t<p>Endurf\u00e6\u00f0ing Gwion Bach sem Taliesin tengir Ceridwen-hef\u00f0ina vi\u00f0 hinn s\u00f6gulega greifanlega Taliesin, velskt hir\u00f0sk\u00e1ld fr\u00e1 6. \u00f6ld, sem \u00abB\u00f3k Taliesins\u00bb eignar hluta kv\u00e6\u00f0a sinna.<\/p><p>\u00cd s\u00ed\u00f0ari fr\u00e1s\u00f6gnum ver\u00f0ur Taliesin a\u00f0 erkit\u00fdpu innbl\u00e1sins sk\u00e1lds sem kann skil \u00e1 \u00f6llum \u00f6ldum og umbreytingum. Hin fr\u00e6gu sj\u00e1lfs\u00e6vis\u00f6gulegu kv\u00e6\u00f0i hans (\u00ab\u00c9g var vi\u00f0 sk\u00f6pun heimsins\u00bb; \u00ab\u00c9g var bl\u00e1r lax\u00bb) gera r\u00e1\u00f0 fyrir upplifunum hinnar go\u00f0sagnalegu eltingar Ceridwenar.<\/p>\n\n<p>\u00deannig hefur Ceridwen tv\u00f6falt hlutverk: h\u00fan er b\u00e6\u00f0i eltingarma\u00f0ur og m\u00f3\u00f0ir sk\u00e1ldsins. Marged Haycock hefur t\u00falka\u00f0 \u00feennan \u00fe\u00e1tt sem fyrirmynd innv\u00edgslum\u00f3\u00f0urpers\u00f3nu, sem me\u00f0 eltingu sinni skapar yfirleitt \u00fe\u00e1 kunn\u00e1ttu sem s\u00e1 innv\u00edg\u00f0i hl\u00fdtur s\u00ed\u00f0ar.<\/p><p>\u00dear me\u00f0 tilheyrir Ceridwen d\u00e6miger\u00f0ri r\u00f6\u00f0 kennslukvenna og andst\u00e6\u00f0inga \u00e1 bor\u00f0 vi\u00f0 hina \u00edrsku Sc\u00e1thach, sem \u00fej\u00e1lfar C\u00fachulainn, e\u00f0a hina norr\u00e6nu Gunnl\u00f6\u00f0u, sem g\u00e6tir sk\u00e1ldskaparmja\u00f0ar.<\/p>\t\t\t\t\t\t\t\t<\/div>\n\t\t\t\t<\/div>\n\t\t<div class=\"elementor-element elementor-element-9d40b4c e-con-full e-flex e-con e-child\" data-id=\"9d40b4c\" data-element_type=\"container\" data-e-type=\"container\">\n\t\t\t\t<div class=\"elementor-element elementor-element-657e109 elementor-widget elementor-widget-heading\" data-id=\"657e109\" data-element_type=\"widget\" data-e-type=\"widget\" data-widget_type=\"heading.default\">\n\t\t\t\t\t<h2 class=\"elementor-heading-title elementor-size-default\">Llyn Tegid og landslagstengslin<\/h2>\t\t\t\t<\/div>\n\t\t\t\t<div class=\"elementor-element elementor-element-07226c8 elementor-widget elementor-widget-text-editor\" data-id=\"07226c8\" data-element_type=\"widget\" data-e-type=\"widget\" data-widget_type=\"text-editor.default\">\n\t\t\t\t\t\t\t\t\t<p>Vatni\u00f0 Llyn Tegid (Bala Lake) \u00ed nor\u00f0vesturhluta Wales er meginsvi\u00f0 Ceridwen-s\u00f6gunnar. \u00dea\u00f0 er 6 k\u00edl\u00f3metra langt og st\u00e6rsta n\u00e1tt\u00farulega vatni\u00f0 \u00ed Wales, og hefur fr\u00e1 <span class=\"iwg-fachbegriff\" data-tooltip=\"T\u00edmabil gr\u00edsks og r\u00f3mverskrar menningar, um 800 f.Kr. til 600 e.Kr.\" tabindex=\"0\">forn\u00f6ld<\/span> veri\u00f0 tengt fj\u00f6lda sagna.<\/p><p>Mi\u00f0aldatextarnir s\u00fdna \u00fea\u00f0 sem b\u00fasta\u00f0 Tegid Foel, en nafn hans, \u00abTegid hinn skalli\u00bb, g\u00e6ti v\u00edsa\u00f0 til eldri vatnsgu\u00f0s. Tenging Ceridwen vi\u00f0 vatni\u00f0 setur hana \u00ed samhengi vi\u00f0 \u00fe\u00e1 d\u00e6miger\u00f0u tengingu kvenkyns vera vi\u00f0 st\u00f6\u00f0uvatn sem einkennir keltneska <span class=\"iwg-fachbegriff\" data-tooltip=\"Heildarsafn go\u00f0sagna sem var\u00f0veist hafa innan tiltekinnar menningar.\" tabindex=\"0\">go\u00f0afr\u00e6\u00f0i<\/span>.<\/p>\n\n<p>Brynley Roberts hefur \u00ed ranns\u00f3knum s\u00ednum \u00e1 velskri \u00f6rnefnafr\u00e6\u00f0i bent \u00e1 \u00feann m\u00f6guleika a\u00f0 vatni\u00f0 hafi upphaflega veri\u00f0 <span class=\"iwg-fachbegriff\" data-tooltip=\"Heilagur sta\u00f0ur sem er tileinka\u00f0ur tilbei\u00f0slu \u00e1 gu\u00f0i.\" tabindex=\"0\">helgista\u00f0ur<\/span> \u00fear sem innbl\u00e1sturs- og v\u00edgsluathafnir f\u00f3ru fram. Fornleifafr\u00e6\u00f0ilegar v\u00edsbendingar skortir, en fj\u00f6ldi sagna sem tengjast Llyn Tegid sty\u00f0ur \u00fe\u00e1 tilg\u00e1tu a\u00f0 vatni\u00f0 hafi haft forna helga \u00fe\u00fd\u00f0ingu.<\/p>\t\t\t\t\t\t\t\t<\/div>\n\t\t\t\t<\/div>\n\t\t<div class=\"elementor-element elementor-element-c283f72 e-con-full e-flex e-con e-child\" data-id=\"c283f72\" data-element_type=\"container\" data-e-type=\"container\">\n\t\t\t\t<div class=\"elementor-element elementor-element-6b2f780 elementor-widget elementor-widget-heading\" data-id=\"6b2f780\" data-element_type=\"widget\" data-e-type=\"widget\" data-widget_type=\"heading.default\">\n\t\t\t\t\t<h2 class=\"elementor-heading-title elementor-size-default\">Vi\u00f0t\u00f6kusaga og n\u00fat\u00edmam\u00f3tun<\/h2>\t\t\t\t<\/div>\n\t\t\t\t<div class=\"elementor-element elementor-element-e7c3738 elementor-widget elementor-widget-text-editor\" data-id=\"e7c3738\" data-element_type=\"widget\" data-e-type=\"widget\" data-widget_type=\"text-editor.default\">\n\t\t\t\t\t\t\t\t\t<p>\u00cd velskri r\u00f3mant\u00edk 18. og 19. aldar upplif\u00f0i Ceridwen b\u00f3kmenntalega endurvakningu, fyrst og fremst fyrir tilstilli Iolo Morganwg (Edward Williams), sem uppfann st\u00f3ran hluta hinnar n\u00fat\u00edmalegu \u00abkeltnesku\u00bb sk\u00e1ldahef\u00f0ar og setti Ceridwen fram sem \u00e6\u00f0stu gy\u00f0ju velsku dr\u00fa\u00eddanna.<\/p><p>\u00deessi endursm\u00ed\u00f0 er n\u00fa vi\u00f0urkennd sem uppfinning 19. aldar, en h\u00fan hefur m\u00f3ta\u00f0 opinbera mynd Ceridwen varanlega. Ronald Hutton hefur \u00ed \u00abBlood and Mistletoe\u00bb (2009) unni\u00f0 \u00far \u00feessari vi\u00f0t\u00f6kus\u00f6gu \u00e1 n\u00e1kv\u00e6man h\u00e1tt.<\/p>\n\n<p>\u00cd n\u00fat\u00edma n\u00fdhei\u00f0ni, s\u00e9rstaklega \u00ed velskt m\u00f3ta\u00f0ri dr\u00fa\u00eddahreyfingu og \u00ed Wicca-hreyfingunni, er Ceridwen mikilv\u00e6g gy\u00f0ja innbl\u00e1sturs og galdralistar. K\u00f6tlungur hennar er talinn <span class=\"iwg-fachbegriff\" data-tooltip=\"Merki sem stendur fyrir hugmynd e\u00f0a merkingu.\" tabindex=\"0\">t\u00e1kn<\/span> ummyndunar, skapandi \u00feekkingar og kvenlegs valds.<\/p><p>\u00deessi n\u00fat\u00edmavi\u00f0taka byggir minna \u00e1 mi\u00f0aldatextunum en \u00e1 \u00feeirri dr\u00fa\u00eddamynd sem Iolo Morganwg og fylgjendur hans sk\u00f6pu\u00f0u. Bein tengsl vi\u00f0 tr\u00faarbr\u00f6g\u00f0 Wales fyrir kristni eru ekki sta\u00f0fest, sem Bernhard Maier og Ronald Hutton hafa margsinnis bent \u00e1.<\/p>\t\t\t\t\t\t\t\t<\/div>\n\t\t\t\t<\/div>\n\t\t<div class=\"elementor-element elementor-element-f42b448 e-con-full e-flex e-con e-child\" data-id=\"f42b448\" data-element_type=\"container\" data-e-type=\"container\">\n\t\t\t\t<div class=\"elementor-element elementor-element-d155c5e elementor-widget elementor-widget-heading\" data-id=\"d155c5e\" data-element_type=\"widget\" data-e-type=\"widget\" data-widget_type=\"heading.default\">\n\t\t\t\t\t<h2 class=\"elementor-heading-title elementor-size-default\">Awen sem lykilhugtak<\/h2>\t\t\t\t<\/div>\n\t\t\t\t<div class=\"elementor-element elementor-element-a91c6ee elementor-widget elementor-widget-text-editor\" data-id=\"a91c6ee\" data-element_type=\"widget\" data-e-type=\"widget\" data-widget_type=\"text-editor.default\">\n\t\t\t\t\t\t\t\t\t<p>N\u00e1i\u00f0 tengt Ceridwen er hugtaki\u00f0 awen, sem \u00ed velskri hef\u00f0 merkir \u00abgu\u00f0legan innbl\u00e1stur\u00bb sem gerir sk\u00e1ld a\u00f0 fullkomnum bardd. Hugtaki\u00f0 kemur fram \u00feegar \u00ed elstu Taliesin-kv\u00e6\u00f0unum og er \u00ed mi\u00f0aldask\u00e1ldask\u00f3lanum r\u00e6tt sem \u00f3missandi eiginleiki sk\u00e1ldskapar.<\/p><p>\u00der\u00edr dropar \u00far k\u00f6tlungi Ceridwen eru \u00ed textunum skildir sem \u00e1\u00fereifanleg birting awen, sem h\u00e9r kemur ekki fram sem \u00f3hlutbundinn eiginleiki heldur sem l\u00edkamlega yfirf\u00e6ranlegt efni.<\/p>\n\n<p>Patrick Sims-Williams hefur \u00ed \u00abReligion and Literature in Western England, 600-800\u00bb (1990) s\u00fdnt a\u00f0 hugmyndin um awen var dj\u00fapt r\u00f3tf\u00f6st \u00ed keltnesk-kristnum umbreytingarformum, b\u00e6\u00f0i \u00ed velskri og \u00edrskri hef\u00f0.<\/p><p>Ceridwen-sagan er talin mikilv\u00e6gasta go\u00f0sagnalega sam\u00fej\u00f6ppun \u00feeirrar hugmyndar \u00e1 velsku sv\u00e6\u00f0inu. S\u00ed\u00f0ari velski sk\u00e1ldask\u00f3linn, s\u00e9rstaklega \u00ed kringum Eisteddfod-hef\u00f0ina, hefur var\u00f0veitt awen sem grundvallarhugtak, \u00fe\u00f3 \u00e1n hinna beinu go\u00f0sagnatengsla vi\u00f0 Ceridwen.<\/p>\t\t\t\t\t\t\t\t<\/div>\n\t\t\t\t<\/div>\n\t\t<div class=\"elementor-element elementor-element-9033a31 e-con-full e-flex e-con e-child\" data-id=\"9033a31\" data-element_type=\"container\" data-e-type=\"container\">\n\t\t\t\t<div class=\"elementor-element elementor-element-b392acd elementor-widget elementor-widget-heading\" data-id=\"b392acd\" data-element_type=\"widget\" data-e-type=\"widget\" data-widget_type=\"heading.default\">\n\t\t\t\t\t<h2 class=\"elementor-heading-title elementor-size-default\">Handritaleg var\u00f0veisla Hanes Taliesin<\/h2>\t\t\t\t<\/div>\n\t\t\t\t<div class=\"elementor-element elementor-element-e07c572 elementor-widget elementor-widget-text-editor\" data-id=\"e07c572\" data-element_type=\"widget\" data-e-type=\"widget\" data-widget_type=\"text-editor.default\">\n\t\t\t\t\t\t\t\t\t<p>Mikilv\u00e6gasta heimildin um Ceridwen er \u00abYstoria Taliesin\u00bb, einnig k\u00f6llu\u00f0 \u00abHanes Taliesin\u00bb.<\/p><p>H\u00fan er ekki \u00ed elstu velsku safnhandritunum, \u00abLlyfr Aneirin\u00bb og \u00abLlyfr Taliesin\u00bb fr\u00e1 13. og 14. \u00f6ld, heldur er h\u00fan fyrst var\u00f0veitt \u00ed pr\u00f3saformi, en elsta heilst\u00e6\u00f0a handriti\u00f0 af \u00fev\u00ed er \u00abNLW MS 5276D\u00bb (einnig kalla\u00f0 \u00abElis Gruffydd-ann\u00e1ll\u00bb, fr\u00e1 mi\u00f0ri 16. \u00f6ld).<\/p><p>Patrick Ford hefur \u00ed \u00abYstoria Taliesin\u00bb (Cardiff 1992) endurgert \u00fatg\u00e1fus\u00f6gu textans og s\u00fdnt a\u00f0 sagan er \u00ed munnlegri hef\u00f0 talsvert eldri, en \u00ed b\u00f3kmenntalegri ger\u00f0 sinni bera merki laga fr\u00e1 \u00e1rn\u00fd\u00f6ld.<\/p><p>\u00datg\u00e1fan me\u00f0 enskri \u00fe\u00fd\u00f0ingu birtist fyrst \u00ed \u00abMabinogion\u00bb-bindum Lady Charlotte Guest (1838 til 1849), sem t\u00f3k textann inn sem vi\u00f0auka \u00ed Mabinogi-<span class=\"iwg-fachbegriff\" data-tooltip=\"Safn helgra rita sem tali\u00f0 er bindandi innan tr\u00faarbrag\u00f0a.\" tabindex=\"0\">kan\u00f3nu<\/span>.<\/p>\n<p>Marged Haycock hefur \u00ed \u00abLegendary Poems from the Book of Taliesin\u00bb (Aberystwyth 2007 og \u00f6nnur \u00fatg\u00e1fa 2015) unni\u00f0 heimspekilega \u00far \u00feeim svok\u00f6llu\u00f0u \u00abgo\u00f0sagnakenndu\u00bb kv\u00e6\u00f0um sem finnast \u00ed elstu Taliesin-handritunum, og s\u00fdnir a\u00f0 pers\u00f3na Ceridwen er \u00fear nefnd oftar en einu sinni sem \u00abpeiryanvic ceridwen\u00bb, hin \u00abstr\u00ed\u00f0andi Ceridwen\u00bb, e\u00f0a sem var\u00f0veitandi k\u00f6tlungsins (\u00abpeir ceridwen\u00bb), \u00e1n \u00feess a\u00f0 nokkur fr\u00e1sagnaratbur\u00f0ur s\u00e9 \u00fatf\u00e6r\u00f0ur.<\/p><p>\u00deessar stuttu tilv\u00edsanir eru elstu lj\u00f3\u00f0r\u00e6nu textavottarnir um \u00feessa pers\u00f3nu og eru taldar fr\u00e1 9. til 11. \u00f6ld. \u00de\u00e6r s\u00fdna a\u00f0 k\u00f6tlungsminni\u00f0 er talsvert eldra en hin \u00fatf\u00e6r\u00f0a saga \u00e1rn\u00fdaldar pr\u00f3sans.<\/p>\t\t\t\t\t\t\t\t<\/div>\n\t\t\t\t<\/div>\n\t\t<div class=\"elementor-element elementor-element-947832b e-con-full e-flex e-con e-child\" data-id=\"947832b\" data-element_type=\"container\" data-e-type=\"container\">\n\t\t\t\t<div class=\"elementor-element elementor-element-6e1b492 elementor-widget elementor-widget-heading\" data-id=\"6e1b492\" data-element_type=\"widget\" data-e-type=\"widget\" data-widget_type=\"heading.default\">\n\t\t\t\t\t<h2 class=\"elementor-heading-title elementor-size-default\">Awen, innbl\u00e1stur og sk\u00e1ldahef\u00f0<\/h2>\t\t\t\t<\/div>\n\t\t\t\t<div class=\"elementor-element elementor-element-e0a1d98 elementor-widget elementor-widget-text-editor\" data-id=\"e0a1d98\" data-element_type=\"widget\" data-e-type=\"widget\" data-widget_type=\"text-editor.default\">\n\t\t\t\t\t\t\t\t\t<p>\u00dea\u00f0 efni sem er lykilatri\u00f0i \u00ed fr\u00e1s\u00f6gninni um Ceridwen, \u00fer\u00edr dropar \u00far innbl\u00e1sturskatlinum, er \u00ed velska frumtextanum nefnt \u201eawen\u201c. Or\u00f0i\u00f0 m\u00e1 rekja til or\u00f0stofnsins *au- \u201ea\u00f0 anda, bl\u00e1sa\u201c og \u00fe\u00fd\u00f0ir b\u00f3kstaflega \u201einnbl\u00e1stur\u201c, \u201egu\u00f0legur andardr\u00e1ttur\u201c.<\/p><p>\u00cd \u201eCyfraith Hywel Dda\u201c (\u201eL\u00f6gum Hywels Dda\u201c, handritum fr\u00e1 12. \u00f6ld og \u00e1fram) er \u201eawen\u201c \u00feegar sta\u00f0fest sem fagor\u00f0 hir\u00f0sk\u00e1lda (pencerdd).<\/p><p>Velska sk\u00e1ldi\u00f0 Iolo Goch (14. \u00f6ld), sem var hir\u00f0sk\u00e1ld Owains Glynd\u0175r, v\u00edsar \u00ed m\u00f6rgum kv\u00e6\u00f0um s\u00ednum til \u201eawen Ceridwen\u201c sem uppsprettu sk\u00e1ldskaparm\u00e1ttar s\u00edn.<\/p><p>Iolo Morganwg (Edward Williams, 1747 til 1826) f\u00e6r\u00f0i \u00feessa hef\u00f0 \u00e1 18. og fram \u00e1 19. \u00f6ld inn \u00ed n\u00fddr\u00fa\u00edd\u00edskt samhengi og tengdi \u00ed \u201eBarddas\u201c awen-t\u00e1knfr\u00e6\u00f0ina vi\u00f0 graf\u00edska merki\u00f0 me\u00f0 \u00feremur geislum sem lifir \u00e1fram \u00ed n\u00fat\u00edma eisteddfod-hef\u00f0inni.<\/p>\n<p>John T. Koch hefur \u00ed \u201eCeltic Culture. A Historical Encyclopedia\u201c (Santa Barbara 2006) og \u00ed greinum s\u00ednum um velska sk\u00e1ldahef\u00f0 undirstrika\u00f0 hlutverk awen-hugmyndarinnar. B\u00e6\u00f0i \u00ed sk\u00e1lda\u00fej\u00e1lfun mi\u00f0alda og \u00ed s\u00ed\u00f0ari reglum eisteddfod-h\u00e1t\u00ed\u00f0anna gegndi h\u00fan \u00feessu hlutverki. H\u00fan \u00fej\u00f3na\u00f0i sem sj\u00e1lfsr\u00e9ttl\u00e6ting fagsk\u00e1lda, sem g\u00e1tu \u00feannig s\u00fdnt list s\u00edna sem gu\u00f0lega gefna, ekki einungis l\u00e6r\u00f0a.<\/p><p>Fr\u00e1s\u00f6gnin um Ceridwen, me\u00f0 skiptum s\u00ednum milli erfi\u00f0s undirb\u00fanings \u00ed heilt \u00e1r og skyndilegs innbl\u00e1sturs \u00ed gegnum \u00ferj\u00e1 dropana, k\u00f3\u00f0ar \u00feennan tv\u00ed\u00fe\u00e6tta eiginleika sk\u00e1ldlistarins \u00e1 b\u00f3kmenntalegan h\u00e1tt.<\/p>\t\t\t\t\t\t\t\t<\/div>\n\t\t\t\t<\/div>\n\t\t<div class=\"elementor-element elementor-element-345679a e-con-full e-flex e-con e-child\" data-id=\"345679a\" data-element_type=\"container\" data-e-type=\"container\">\n\t\t\t\t<div class=\"elementor-element elementor-element-dd21ba4 elementor-widget elementor-widget-heading\" data-id=\"dd21ba4\" data-element_type=\"widget\" data-e-type=\"widget\" data-widget_type=\"heading.default\">\n\t\t\t\t\t<h2 class=\"elementor-heading-title elementor-size-default\">Umbreytingarstefi\u00f0 \u00ed samanbur\u00f0arsj\u00f3narhorni<\/h2>\t\t\t\t<\/div>\n\t\t\t\t<div class=\"elementor-element elementor-element-bc4739c elementor-widget elementor-widget-text-editor\" data-id=\"bc4739c\" data-element_type=\"widget\" data-e-type=\"widget\" data-widget_type=\"text-editor.default\">\n\t\t\t\t\t\t\t\t\t<p>Eftirf\u00f6rin milli Ceridwen og Gwion tilheyrir v\u00ed\u00f0t\u00e6ku fr\u00e1sagnarlegu <span class=\"iwg-fachbegriff\" data-tooltip=\"Endurteki\u00f0 innihaldsatri\u00f0i \u00ed list e\u00f0a fr\u00e1s\u00f6gn.\" tabindex=\"0\">stefi<\/span>, sem kallast \u201eumbreytingarkeppni\u201c.<\/p><p>Samb\u00e6rileg atbur\u00f0ar\u00e1s m\u00e1 finna \u00ed gr\u00edskri hef\u00f0 (eftirf\u00f6r Nemesis, Apollons og Daphne), \u00ed keltneskum sagnaheimi (eftirf\u00f6r \u00c9ta\u00edn \u00ed \u201eTochmarc \u00c9ta\u00edne\u201c), \u00ed norr\u00e6nni Eddu (Loki og Heimdallr) og \u00ed skoskri \u00fej\u00f3\u00f0tr\u00fa. Stith Thompson skr\u00e1\u00f0i \u00feetta <span class=\"iwg-fachbegriff\" data-tooltip=\"Endurteki\u00f0 innihaldsatri\u00f0i \u00ed list e\u00f0a fr\u00e1s\u00f6gn.\" tabindex=\"0\">stef<\/span> \u00ed \u201eMotif-Index of Folk-Literature\u201c undir D610 sem alhli\u00f0a fr\u00e1sagnarmynstur.<\/p>\n\n<p>Innan keltneskrar hef\u00f0ar er atbur\u00f0ar\u00e1sin s\u00e9rstaklega margslungin, \u00fev\u00ed h\u00fan felur ekki a\u00f0eins \u00ed s\u00e9r eftirfarardramat\u00edk heldur einnig kennara-l\u00e6rlingssamband og f\u00e6\u00f0ingar-m\u00f3\u00f0ur-og-barns samband.<\/p><p>John Carey hefur t\u00falka\u00f0 \u00feessa margbreytileika sem v\u00edsbendingu um forna v\u00edgsluskipan, \u00fear sem hinn v\u00edg\u00f0i er t\u00e1knr\u00e6nt gleyptur af kennslukonunni og f\u00e6ddur a\u00f0 n\u00fdju. Beinar heimildir um ath\u00f6fn af \u00feessu tagi skortir, en <span class=\"iwg-fachbegriff\" data-tooltip=\"Endurteki\u00f0 innihaldsatri\u00f0i \u00ed list e\u00f0a fr\u00e1s\u00f6gn.\" tabindex=\"0\">stefi\u00f0<\/span> m\u00e1 gera tr\u00falegt me\u00f0 fj\u00f6lm\u00f6rgum samanbur\u00f0ard\u00e6mum \u00far tr\u00faarbrag\u00f0afr\u00e6\u00f0um.<\/p>\t\t\t\t\t\t\t\t<\/div>\n\t\t\t\t<\/div>\n\t\t\t\t\t<\/div>\n\t\t\t\t<\/div>\n\t\t\t\t<\/div>\n\t\t","protected":false},"excerpt":{"rendered":"","protected":false},"author":3,"featured_media":3240,"parent":0,"menu_order":0,"comment_status":"closed","ping_status":"closed","template":"elementor_header_footer","meta":{"_yoast_wpseo_focuskw":"Ceridwen","_yoast_wpseo_title":"Ceridwen \u2013 velska gy\u00f0ja innbl\u00e1sturs | iWell Guard","_yoast_wpseo_metadesc":"Ceridwen er velsk norna og gy\u00f0ja sem g\u00e6tir Awen-katilsins, katils innbl\u00e1sturs. M\u00f3\u00f0ir Taliesins. Go\u00f0s\u00f6gn, dr\u00fa\u00eddatr\u00fa og sk\u00e1ldahef\u00f0.","_yoast_wpseo_meta-robots-noindex":"","_yoast_wpseo_canonical":"","_angie_page":false,"gefaehrdungsstufe":"3","wesen_kultur":"keltisch","wesen_klasse":"goetter","footnotes":""},"categories":[],"class_list":["post-169107","page","type-page","status-publish","has-post-thumbnail","hentry"],"yoast_head":"<!-- This site is optimized with the Yoast SEO Premium plugin v27.7 (Yoast SEO v28.3) - https:\/\/yoast.com\/product\/yoast-seo-premium-wordpress\/ -->\n<title>Ceridwen \u2013 velska gy\u00f0ja innbl\u00e1sturs | iWell Guard<\/title>\n<meta name=\"description\" content=\"Ceridwen er velsk norna og gy\u00f0ja sem g\u00e6tir Awen-katilsins, katils innbl\u00e1sturs. M\u00f3\u00f0ir Taliesins. Go\u00f0s\u00f6gn, dr\u00fa\u00eddatr\u00fa og sk\u00e1ldahef\u00f0.\" \/>\n<meta name=\"robots\" content=\"index, follow, max-snippet:-1, max-image-preview:large, max-video-preview:-1\" \/>\n<link rel=\"canonical\" href=\"https:\/\/iwell-guard.com\/is\/ceridwen\/\" \/>\n<meta property=\"og:locale\" content=\"is_IS\" \/>\n<meta property=\"og:type\" content=\"article\" \/>\n<meta property=\"og:title\" content=\"Ceridwen\" \/>\n<meta property=\"og:description\" content=\"Ceridwen er velsk norna og gy\u00f0ja sem g\u00e6tir Awen-katilsins, katils innbl\u00e1sturs. M\u00f3\u00f0ir Taliesins. Go\u00f0s\u00f6gn, dr\u00fa\u00eddatr\u00fa og sk\u00e1ldahef\u00f0.\" \/>\n<meta property=\"og:url\" content=\"https:\/\/iwell-guard.com\/is\/ceridwen\/\" \/>\n<meta property=\"og:site_name\" content=\"iWell Guard\" \/>\n<meta property=\"article:modified_time\" content=\"2026-09-05T14:32:26+00:00\" \/>\n<meta property=\"og:image\" content=\"https:\/\/iwell-guard.com\/wp-content\/uploads\/2026\/05\/goetter_keltisch_ceridwen.webp\" \/>\n\t<meta property=\"og:image:width\" content=\"1024\" \/>\n\t<meta property=\"og:image:height\" content=\"1536\" \/>\n\t<meta property=\"og:image:type\" content=\"image\/webp\" \/>\n<meta name=\"twitter:card\" content=\"summary_large_image\" \/>\n<script type=\"application\/ld+json\" class=\"yoast-schema-graph\">{\"@context\":\"https:\\\/\\\/schema.org\",\"@graph\":[{\"@type\":\"WebPage\",\"@id\":\"https:\\\/\\\/iwell-guard.com\\\/is\\\/ceridwen\\\/\",\"url\":\"https:\\\/\\\/iwell-guard.com\\\/is\\\/ceridwen\\\/\",\"name\":\"Ceridwen \u2013 velska gy\u00f0ja innbl\u00e1sturs | iWell Guard\",\"isPartOf\":{\"@id\":\"https:\\\/\\\/iwell-guard.com\\\/is\\\/#website\"},\"primaryImageOfPage\":{\"@id\":\"https:\\\/\\\/iwell-guard.com\\\/is\\\/ceridwen\\\/#primaryimage\"},\"image\":{\"@id\":\"https:\\\/\\\/iwell-guard.com\\\/is\\\/ceridwen\\\/#primaryimage\"},\"thumbnailUrl\":\"https:\\\/\\\/iwell-guard.com\\\/wp-content\\\/uploads\\\/2026\\\/05\\\/goetter_keltisch_ceridwen.webp\",\"datePublished\":\"2026-09-05T14:05:38+00:00\",\"dateModified\":\"2026-09-05T14:32:26+00:00\",\"description\":\"Ceridwen er velsk norna og gy\u00f0ja sem g\u00e6tir Awen-katilsins, katils innbl\u00e1sturs. M\u00f3\u00f0ir Taliesins. Go\u00f0s\u00f6gn, dr\u00fa\u00eddatr\u00fa og sk\u00e1ldahef\u00f0.\",\"breadcrumb\":{\"@id\":\"https:\\\/\\\/iwell-guard.com\\\/is\\\/ceridwen\\\/#breadcrumb\"},\"inLanguage\":\"is\",\"potentialAction\":[{\"@type\":\"ReadAction\",\"target\":[\"https:\\\/\\\/iwell-guard.com\\\/is\\\/ceridwen\\\/\"]}]},{\"@type\":\"ImageObject\",\"inLanguage\":\"is\",\"@id\":\"https:\\\/\\\/iwell-guard.com\\\/is\\\/ceridwen\\\/#primaryimage\",\"url\":\"https:\\\/\\\/iwell-guard.com\\\/wp-content\\\/uploads\\\/2026\\\/05\\\/goetter_keltisch_ceridwen.webp\",\"contentUrl\":\"https:\\\/\\\/iwell-guard.com\\\/wp-content\\\/uploads\\\/2026\\\/05\\\/goetter_keltisch_ceridwen.webp\",\"width\":1024,\"height\":1536,\"caption\":\"Gu\u00f0ir \u00far keltneskri hef\u00f0.\"},{\"@type\":\"BreadcrumbList\",\"@id\":\"https:\\\/\\\/iwell-guard.com\\\/is\\\/ceridwen\\\/#breadcrumb\",\"itemListElement\":[{\"@type\":\"ListItem\",\"position\":1,\"name\":\"Start\",\"item\":\"https:\\\/\\\/iwell-guard.com\\\/is\\\/?page_id=168580\"},{\"@type\":\"ListItem\",\"position\":2,\"name\":\"Ceridwen\"}]},{\"@type\":\"WebSite\",\"@id\":\"https:\\\/\\\/iwell-guard.com\\\/is\\\/#website\",\"url\":\"https:\\\/\\\/iwell-guard.com\\\/is\\\/\",\"name\":\"iWell Guard\",\"description\":\"Schutz vor dunklen Einfl\u00fcssen\",\"publisher\":{\"@id\":\"https:\\\/\\\/iwell-guard.com\\\/is\\\/#organization\"},\"potentialAction\":[{\"@type\":\"SearchAction\",\"target\":{\"@type\":\"EntryPoint\",\"urlTemplate\":\"https:\\\/\\\/iwell-guard.com\\\/is\\\/?s={search_term_string}\"},\"query-input\":{\"@type\":\"PropertyValueSpecification\",\"valueRequired\":true,\"valueName\":\"search_term_string\"}}],\"inLanguage\":\"is\"},{\"@type\":\"Organization\",\"@id\":\"https:\\\/\\\/iwell-guard.com\\\/is\\\/#organization\",\"name\":\"Ittermann electronic GmbH\",\"url\":\"https:\\\/\\\/iwell-guard.com\\\/is\\\/\",\"logo\":{\"@type\":\"ImageObject\",\"inLanguage\":\"is\",\"@id\":\"https:\\\/\\\/iwell-guard.com\\\/is\\\/#\\\/schema\\\/logo\\\/image\\\/\",\"url\":\"https:\\\/\\\/iwell-guard.com\\\/wp-content\\\/uploads\\\/2026\\\/05\\\/Ittermann-Logo-1182x237-1.png\",\"contentUrl\":\"https:\\\/\\\/iwell-guard.com\\\/wp-content\\\/uploads\\\/2026\\\/05\\\/Ittermann-Logo-1182x237-1.png\",\"width\":1182,\"height\":237,\"caption\":\"Ittermann electronic GmbH\"},\"image\":{\"@id\":\"https:\\\/\\\/iwell-guard.com\\\/is\\\/#\\\/schema\\\/logo\\\/image\\\/\"},\"sameAs\":[\"https:\\\/\\\/pantip.com\\\/profile\\\/9367242\",\"https:\\\/\\\/micro.blog\\\/iwellguard\",\"https:\\\/\\\/www.diggerslist.com\\\/iwellguard\\\/about\",\"https:\\\/\\\/skitterphoto.com\\\/photographers\\\/2870314\\\/iwell-guard\",\"https:\\\/\\\/iwellguard.wordpress.com\\\/2026\\\/06\\\/06\\\/iwell-guard\\\/\",\"https:\\\/\\\/hub.docker.com\\\/u\\\/iwellguard\",\"https:\\\/\\\/www.pinterest.com\\\/iwellguard\\\/\",\"https:\\\/\\\/bit.ly\\\/m\\\/iwellguard\",\"https:\\\/\\\/entre-vos-mains.alsace.eu\\\/profiles\\\/iwellguard\\\/activity\",\"https:\\\/\\\/gravatar.com\\\/reallybeded8fd34\",\"https:\\\/\\\/naijamatta.com\\\/iwellguard\",\"https:\\\/\\\/www.goodreads.com\\\/iwellguard\",\"https:\\\/\\\/profile.hatena.ne.jp\\\/iwellguard\\\/\",\"https:\\\/\\\/experiment.com\\\/users\\\/iwellguard\",\"https:\\\/\\\/wakelet.com\\\/@iWellGuard82270\",\"https:\\\/\\\/www.chordie.com\\\/forum\\\/profile.php?id=2555664\",\"https:\\\/\\\/www.instapaper.com\\\/p\\\/17757966\",\"https:\\\/\\\/www.mapleprimes.com\\\/users\\\/iwellguard\",\"https:\\\/\\\/businesslistingplus.com\\\/profile\\\/iwell-guard\\\/\",\"https:\\\/\\\/telegra.ph\\\/iWell-Guard-06-06\",\"https:\\\/\\\/pbase.com\\\/iwellguard\\\/iwellguard\",\"https:\\\/\\\/b.hatena.ne.jp\\\/iwellguard\\\/20260607#bookmark-4788405196491818882\",\"https:\\\/\\\/fliphtml5.com\\\/home\\\/iwellguard\",\"https:\\\/\\\/anyflip.com\\\/homepage\\\/cmiwl#About\",\"https:\\\/\\\/transfur.com\\\/Users\\\/iwellguard\",\"http:\\\/\\\/delphi.larsbo.org\\\/user\\\/iwellguard\",\"https:\\\/\\\/jobs.lajobsportal.org\\\/profiles\\\/8380803-iwell-guard\",\"https:\\\/\\\/md.chaosdorf.de\\\/s\\\/jfbe5SBdJD\",\"https:\\\/\\\/www.lingvolive.com\\\/en-us\\\/profile\\\/9ecaeaca-ce11-4e51-9e71-01d55e2bff36\\\/translations\",\"https:\\\/\\\/www.fitday.com\\\/fitness\\\/forums\\\/members\\\/iwellguard.html\",\"https:\\\/\\\/www.mymeetbook.com\\\/iwellguard\",\"https:\\\/\\\/pxhere.com\\\/en\\\/photographer-me\\\/5040798\",\"https:\\\/\\\/disqus.com\\\/by\\\/iwellguard\\\/about\\\/\",\"https:\\\/\\\/pastelink.net\\\/hjwciqwq\",\"https:\\\/\\\/pubhtml5.com\\\/homepage\\\/scjhn\\\/\",\"https:\\\/\\\/www.bitchute.com\\\/channel\\\/2O2eOKzNqujT\",\"https:\\\/\\\/audiomack.com\\\/iwellguard\"]},{\"@type\":\"Article\",\"@id\":\"https:\\\/\\\/iwell-guard.com\\\/is\\\/ceridwen\\\/#article\",\"isPartOf\":{\"@id\":\"https:\\\/\\\/iwell-guard.com\\\/is\\\/ceridwen\\\/\"},\"author\":{\"name\":\"Ralf Ittermann\",\"@id\":\"https:\\\/\\\/iwell-guard.com\\\/is\\\/#\\\/schema\\\/person\\\/ee2a27f1cac3406c7c6fb5820cb7349f\"},\"headline\":\"Ceridwen\",\"datePublished\":\"2026-09-05T14:05:38+00:00\",\"dateModified\":\"2026-09-05T14:32:26+00:00\",\"mainEntityOfPage\":{\"@id\":\"https:\\\/\\\/iwell-guard.com\\\/is\\\/ceridwen\\\/\"},\"publisher\":{\"@id\":\"https:\\\/\\\/iwell-guard.com\\\/is\\\/#organization\"},\"image\":{\"@id\":\"https:\\\/\\\/iwell-guard.com\\\/is\\\/ceridwen\\\/#primaryimage\"},\"thumbnailUrl\":\"https:\\\/\\\/iwell-guard.com\\\/wp-content\\\/uploads\\\/2026\\\/05\\\/goetter_keltisch_ceridwen.webp\",\"inLanguage\":\"is\",\"description\":\"Ceridwen er velsk norna og gy\u00f0ja sem g\u00e6tir Awen-katilsins, katils innbl\u00e1sturs. M\u00f3\u00f0ir Taliesins. Go\u00f0s\u00f6gn, dr\u00fa\u00eddatr\u00fa og sk\u00e1ldahef\u00f0.\"}]}<\/script>\n<!-- \/ Yoast SEO Premium plugin. -->","yoast_head_json":{"title":"Ceridwen \u2013 velska gy\u00f0ja innbl\u00e1sturs | iWell Guard","description":"Ceridwen er velsk norna og gy\u00f0ja sem g\u00e6tir Awen-katilsins, katils innbl\u00e1sturs. M\u00f3\u00f0ir Taliesins. Go\u00f0s\u00f6gn, dr\u00fa\u00eddatr\u00fa og sk\u00e1ldahef\u00f0.","robots":{"index":"index","follow":"follow","max-snippet":"max-snippet:-1","max-image-preview":"max-image-preview:large","max-video-preview":"max-video-preview:-1"},"canonical":"https:\/\/iwell-guard.com\/is\/ceridwen\/","og_locale":"is_IS","og_type":"article","og_title":"Ceridwen","og_description":"Ceridwen er velsk norna og gy\u00f0ja sem g\u00e6tir Awen-katilsins, katils innbl\u00e1sturs. M\u00f3\u00f0ir Taliesins. Go\u00f0s\u00f6gn, dr\u00fa\u00eddatr\u00fa og sk\u00e1ldahef\u00f0.","og_url":"https:\/\/iwell-guard.com\/is\/ceridwen\/","og_site_name":"iWell Guard","article_modified_time":"2026-09-05T14:32:26+00:00","og_image":[{"width":1024,"height":1536,"url":"https:\/\/iwell-guard.com\/wp-content\/uploads\/2026\/05\/goetter_keltisch_ceridwen.webp","type":"image\/webp"}],"twitter_card":"summary_large_image","schema":{"@context":"https:\/\/schema.org","@graph":[{"@type":"Article","@id":"https:\/\/iwell-guard.com\/is\/ceridwen\/#article","isPartOf":{"@id":"https:\/\/iwell-guard.com\/is\/ceridwen\/"},"author":{"name":"Ralf Ittermann","@id":"https:\/\/iwell-guard.com\/is\/#\/schema\/person\/ee2a27f1cac3406c7c6fb5820cb7349f"},"headline":"Ceridwen","datePublished":"2026-09-05T14:05:38+00:00","dateModified":"2026-09-05T14:32:26+00:00","mainEntityOfPage":{"@id":"https:\/\/iwell-guard.com\/is\/ceridwen\/"},"publisher":{"@id":"https:\/\/iwell-guard.com\/is\/#organization"},"image":{"@id":"https:\/\/iwell-guard.com\/is\/ceridwen\/#primaryimage"},"thumbnailUrl":"https:\/\/iwell-guard.com\/wp-content\/uploads\/2026\/05\/goetter_keltisch_ceridwen.webp","inLanguage":"is","description":"Ceridwen er velsk norna og gy\u00f0ja sem g\u00e6tir Awen-katilsins, katils innbl\u00e1sturs. M\u00f3\u00f0ir Taliesins. Go\u00f0s\u00f6gn, dr\u00fa\u00eddatr\u00fa og sk\u00e1ldahef\u00f0."},{"@type":"WebPage","@id":"https:\/\/iwell-guard.com\/is\/ceridwen\/","url":"https:\/\/iwell-guard.com\/is\/ceridwen\/","name":"Ceridwen \u2013 velska gy\u00f0ja innbl\u00e1sturs | iWell Guard","isPartOf":{"@id":"https:\/\/iwell-guard.com\/is\/#website"},"primaryImageOfPage":{"@id":"https:\/\/iwell-guard.com\/is\/ceridwen\/#primaryimage"},"image":{"@id":"https:\/\/iwell-guard.com\/is\/ceridwen\/#primaryimage"},"thumbnailUrl":"https:\/\/iwell-guard.com\/wp-content\/uploads\/2026\/05\/goetter_keltisch_ceridwen.webp","datePublished":"2026-09-05T14:05:38+00:00","dateModified":"2026-09-05T14:32:26+00:00","description":"Ceridwen er velsk norna og gy\u00f0ja sem g\u00e6tir Awen-katilsins, katils innbl\u00e1sturs. M\u00f3\u00f0ir Taliesins. Go\u00f0s\u00f6gn, dr\u00fa\u00eddatr\u00fa og sk\u00e1ldahef\u00f0.","breadcrumb":{"@id":"https:\/\/iwell-guard.com\/is\/ceridwen\/#breadcrumb"},"inLanguage":"is","potentialAction":[{"@type":"ReadAction","target":["https:\/\/iwell-guard.com\/is\/ceridwen\/"]}]},{"@type":"ImageObject","inLanguage":"is","@id":"https:\/\/iwell-guard.com\/is\/ceridwen\/#primaryimage","url":"https:\/\/iwell-guard.com\/wp-content\/uploads\/2026\/05\/goetter_keltisch_ceridwen.webp","contentUrl":"https:\/\/iwell-guard.com\/wp-content\/uploads\/2026\/05\/goetter_keltisch_ceridwen.webp","width":1024,"height":1536,"caption":"Gu\u00f0ir \u00far keltneskri hef\u00f0."},{"@type":"BreadcrumbList","@id":"https:\/\/iwell-guard.com\/is\/ceridwen\/#breadcrumb","itemListElement":[{"@type":"ListItem","position":1,"name":"Start","item":"https:\/\/iwell-guard.com\/is\/?page_id=168580"},{"@type":"ListItem","position":2,"name":"Ceridwen"}]},{"@type":"WebSite","@id":"https:\/\/iwell-guard.com\/is\/#website","url":"https:\/\/iwell-guard.com\/is\/","name":"iWell Guard","description":"Schutz vor dunklen Einfl\u00fcssen","publisher":{"@id":"https:\/\/iwell-guard.com\/is\/#organization"},"potentialAction":[{"@type":"SearchAction","target":{"@type":"EntryPoint","urlTemplate":"https:\/\/iwell-guard.com\/is\/?s={search_term_string}"},"query-input":{"@type":"PropertyValueSpecification","valueRequired":true,"valueName":"search_term_string"}}],"inLanguage":"is"},{"@type":"Organization","@id":"https:\/\/iwell-guard.com\/is\/#organization","name":"Ittermann electronic GmbH","url":"https:\/\/iwell-guard.com\/is\/","logo":{"@type":"ImageObject","inLanguage":"is","@id":"https:\/\/iwell-guard.com\/is\/#\/schema\/logo\/image\/","url":"https:\/\/iwell-guard.com\/wp-content\/uploads\/2026\/05\/Ittermann-Logo-1182x237-1.png","contentUrl":"https:\/\/iwell-guard.com\/wp-content\/uploads\/2026\/05\/Ittermann-Logo-1182x237-1.png","width":1182,"height":237,"caption":"Ittermann electronic GmbH"},"image":{"@id":"https:\/\/iwell-guard.com\/is\/#\/schema\/logo\/image\/"},"sameAs":["https:\/\/pantip.com\/profile\/9367242","https:\/\/micro.blog\/iwellguard","https:\/\/www.diggerslist.com\/iwellguard\/about","https:\/\/skitterphoto.com\/photographers\/2870314\/iwell-guard","https:\/\/iwellguard.wordpress.com\/2026\/06\/06\/iwell-guard\/","https:\/\/hub.docker.com\/u\/iwellguard","https:\/\/www.pinterest.com\/iwellguard\/","https:\/\/bit.ly\/m\/iwellguard","https:\/\/entre-vos-mains.alsace.eu\/profiles\/iwellguard\/activity","https:\/\/gravatar.com\/reallybeded8fd34","https:\/\/naijamatta.com\/iwellguard","https:\/\/www.goodreads.com\/iwellguard","https:\/\/profile.hatena.ne.jp\/iwellguard\/","https:\/\/experiment.com\/users\/iwellguard","https:\/\/wakelet.com\/@iWellGuard82270","https:\/\/www.chordie.com\/forum\/profile.php?id=2555664","https:\/\/www.instapaper.com\/p\/17757966","https:\/\/www.mapleprimes.com\/users\/iwellguard","https:\/\/businesslistingplus.com\/profile\/iwell-guard\/","https:\/\/telegra.ph\/iWell-Guard-06-06","https:\/\/pbase.com\/iwellguard\/iwellguard","https:\/\/b.hatena.ne.jp\/iwellguard\/20260607#bookmark-4788405196491818882","https:\/\/fliphtml5.com\/home\/iwellguard","https:\/\/anyflip.com\/homepage\/cmiwl#About","https:\/\/transfur.com\/Users\/iwellguard","http:\/\/delphi.larsbo.org\/user\/iwellguard","https:\/\/jobs.lajobsportal.org\/profiles\/8380803-iwell-guard","https:\/\/md.chaosdorf.de\/s\/jfbe5SBdJD","https:\/\/www.lingvolive.com\/en-us\/profile\/9ecaeaca-ce11-4e51-9e71-01d55e2bff36\/translations","https:\/\/www.fitday.com\/fitness\/forums\/members\/iwellguard.html","https:\/\/www.mymeetbook.com\/iwellguard","https:\/\/pxhere.com\/en\/photographer-me\/5040798","https:\/\/disqus.com\/by\/iwellguard\/about\/","https:\/\/pastelink.net\/hjwciqwq","https:\/\/pubhtml5.com\/homepage\/scjhn\/","https:\/\/www.bitchute.com\/channel\/2O2eOKzNqujT","https:\/\/audiomack.com\/iwellguard"]},{"@type":"Person","@id":"https:\/\/iwell-guard.com\/is\/#\/schema\/person\/ee2a27f1cac3406c7c6fb5820cb7349f","name":"Ralf Ittermann","image":{"@type":"ImageObject","inLanguage":"is","@id":"https:\/\/secure.gravatar.com\/avatar\/073c0153e350a5005b68eb752b445fea71f6b24a26da9449ad7e155e6b446c9d?s=96&d=mm&r=g","url":"https:\/\/secure.gravatar.com\/avatar\/073c0153e350a5005b68eb752b445fea71f6b24a26da9449ad7e155e6b446c9d?s=96&d=mm&r=g","contentUrl":"https:\/\/secure.gravatar.com\/avatar\/073c0153e350a5005b68eb752b445fea71f6b24a26da9449ad7e155e6b446c9d?s=96&d=mm&r=g","caption":"Ralf Ittermann"},"givenName":"Ralf","familyName":"Ittermann","jobTitle":"Gesch\u00e4ftsf\u00fchrer und redaktioneller Verantwortlicher","url":"https:\/\/iwell-guard.com\/is\/author\/claude\/","description":"Ralf Ittermann ist Gesch\u00e4ftsf\u00fchrer der Ittermann electronic GmbH und redaktioneller Verantwortlicher des iWell-Guard-Lexikons. Er verbindet langj\u00e4hrige Erfahrung in der Pr\u00e4zisionsfertigung mit medialer Praxis und religionsgeschichtlicher Quellenarbeit.","worksFor":{"@type":"Organization","name":"Ittermann electronic GmbH","url":"https:\/\/ittermann.de\/","address":{"@type":"PostalAddress","streetAddress":"K\u00f6hlergasse 16-18","postalCode":"99842","addressLocality":"Ruhla","addressCountry":"DE"}},"knowsAbout":["Religionsgeschichte","Mythologie","Mediale Praxis","Energetische Diagnostik","Schutzpraxis","Volksglauben","Westliche Esoterik"]},{"@type":"Article","@id":"https:\/\/iwell-guard.com\/is\/ceridwen\/#article","isPartOf":{"@id":"https:\/\/iwell-guard.com\/is\/ceridwen\/"},"author":{"name":"Ralf Ittermann","@id":"https:\/\/iwell-guard.com\/is\/#\/schema\/person\/ee2a27f1cac3406c7c6fb5820cb7349f"},"headline":"Ceridwen","datePublished":"2026-09-05T14:05:38+00:00","dateModified":"2026-09-05T14:32:26+00:00","mainEntityOfPage":{"@id":"https:\/\/iwell-guard.com\/is\/ceridwen\/"},"publisher":{"@id":"https:\/\/iwell-guard.com\/is\/#organization"},"image":{"@id":"https:\/\/iwell-guard.com\/is\/ceridwen\/#primaryimage"},"thumbnailUrl":"https:\/\/iwell-guard.com\/wp-content\/uploads\/2026\/05\/goetter_keltisch_ceridwen.webp","inLanguage":"is","description":"Ceridwen er velsk norna og gy\u00f0ja sem g\u00e6tir Awen-katilsins, katils innbl\u00e1sturs. M\u00f3\u00f0ir Taliesins. Go\u00f0s\u00f6gn, dr\u00fa\u00eddatr\u00fa og sk\u00e1ldahef\u00f0."}]}},"_links":{"self":[{"href":"https:\/\/iwell-guard.com\/is\/wp-json\/wp\/v2\/pages\/169107","targetHints":{"allow":["GET"]}}],"collection":[{"href":"https:\/\/iwell-guard.com\/is\/wp-json\/wp\/v2\/pages"}],"about":[{"href":"https:\/\/iwell-guard.com\/is\/wp-json\/wp\/v2\/types\/page"}],"author":[{"embeddable":true,"href":"https:\/\/iwell-guard.com\/is\/wp-json\/wp\/v2\/users\/3"}],"replies":[{"embeddable":true,"href":"https:\/\/iwell-guard.com\/is\/wp-json\/wp\/v2\/comments?post=169107"}],"version-history":[{"count":0,"href":"https:\/\/iwell-guard.com\/is\/wp-json\/wp\/v2\/pages\/169107\/revisions"}],"wp:featuredmedia":[{"embeddable":true,"href":"https:\/\/iwell-guard.com\/is\/wp-json\/wp\/v2\/media\/3240"}],"wp:attachment":[{"href":"https:\/\/iwell-guard.com\/is\/wp-json\/wp\/v2\/media?parent=169107"}],"wp:term":[{"taxonomy":"category","embeddable":true,"href":"https:\/\/iwell-guard.com\/is\/wp-json\/wp\/v2\/categories?post=169107"}],"curies":[{"name":"wp","href":"https:\/\/api.w.org\/{rel}","templated":true}]}}