{"id":169106,"date":"2026-09-05T14:05:38","date_gmt":"2026-09-05T14:05:38","guid":{"rendered":"https:\/\/iwell-guard.com\/?page_id=169106"},"modified":"2026-09-05T14:32:24","modified_gmt":"2026-09-05T14:32:24","slug":"aengus","status":"publish","type":"page","link":"https:\/\/iwell-guard.com\/is\/aengus\/","title":{"rendered":"Aengus"},"content":{"rendered":"\t\t<div data-elementor-type=\"wp-page\" data-elementor-id=\"169106\" class=\"elementor elementor-169106 elementor-3049 elementor-bc-flex-widget\" data-elementor-post-type=\"page\">\n\t\t\t\t<div class=\"elementor-element elementor-element-ac099aa e-flex e-con-boxed e-con e-parent\" data-id=\"ac099aa\" data-element_type=\"container\" data-e-type=\"container\" data-settings=\"{&quot;background_background&quot;:&quot;classic&quot;}\">\n\t\t\t\t\t<div class=\"e-con-inner\">\n\t\t<div class=\"elementor-element elementor-element-c4447c7 e-flex e-con-boxed e-con e-child\" data-id=\"c4447c7\" data-element_type=\"container\" data-e-type=\"container\">\n\t\t\t\t\t<div class=\"e-con-inner\">\n\t\t<div class=\"elementor-element elementor-element-db560b3 e-con-full e-flex e-con e-child\" data-id=\"db560b3\" data-element_type=\"container\" data-e-type=\"container\">\n\t\t\t\t<div class=\"elementor-element elementor-element-3adb205 elementor-widget elementor-widget-heading\" data-id=\"3adb205\" data-element_type=\"widget\" data-e-type=\"widget\" data-widget_type=\"heading.default\">\n\t\t\t\t\t<h1 class=\"elementor-heading-title elementor-size-default\">Aengus \u2014 \u00edrskur gu\u00f0 \u00e1star og \u00e6sku<\/h1>\t\t\t\t<\/div>\n\t\t\t\t<div class=\"elementor-element elementor-element-e069127 elementor-widget elementor-widget-text-editor\" data-id=\"e069127\" data-element_type=\"widget\" data-e-type=\"widget\" data-widget_type=\"text-editor.default\">\n\t\t\t\t\t\t\t\t\t<p>Aengus er \u00edrskur gu\u00f0 \u00e1star, \u00e6sku og sk\u00e1ldlegs innbl\u00e1sturs, sem gegnir fastri st\u00f6\u00f0u \u00ed sagnaheimi Tuatha D\u00e9 Danann.<\/p><p>Aengus, skrifa\u00f0 \u00d3engus mac in Daghdha e\u00f0a Mac ind \u00d3g (\u00abUngi sonurinn\u00bb) \u00ed forn\u00edru, er mi\u00f0l\u00e6g pers\u00f3na \u00ed \u00edrskri <span class=\"iwg-fachbegriff\" data-tooltip=\"Heild var\u00f0veittra go\u00f0sagna um gu\u00f0i \u00e1kve\u00f0innar menningar.\" tabindex=\"0\">go\u00f0afr\u00e6\u00f0i<\/span> og er talinn gu\u00f0 \u00e6skunnar, \u00e1starinnar og sk\u00e1ldlegs innbl\u00e1sturs.<\/p><p>Hann er sonur Dagda og Boann, gy\u00f0ju Boyne-flj\u00f3tsins, og b\u00fdr samkv\u00e6mt hef\u00f0bundinni sta\u00f0setningu \u00ed h\u00e6\u00f0argr\u00f6finni Br\u00fa na B\u00f3inne, sem n\u00fa er k\u00f6llu\u00f0 Newgrange. Elstu fr\u00e1sagnartextar um Aengus n\u00e1 aftur til 8. aldar.<\/p>\t\t\t\t\t\t\t\t<\/div>\n\t\t\t\t<\/div>\n\t\t<div class=\"elementor-element elementor-element-2bc47b3 e-con-full e-flex e-con e-parent\" data-id=\"2bc47b3\" data-element_type=\"container\" data-e-type=\"container\">\n\t\t\t\t<div class=\"elementor-element elementor-element-748962a elementor-widget elementor-widget-html\" data-id=\"748962a\" data-element_type=\"widget\" data-e-type=\"widget\" data-widget_type=\"html.default\">\n\t\t\t\t\t<div class=\"iwg-pill-row\"><span class=\"iwg-klasse-badge\" tabindex=\"0\" data-tooltip=\"Gu\u00f0 \/ Gy\u00f0ja: Pers\u00f3nuger\u00f0 \u00e6\u00f0sta m\u00e1ttarvald \u00ed go\u00f0aheimi menningarheims, me\u00f0 sk\u00fdrum verksvi\u00f0um \u2014 n\u00e1tt\u00faru\u00f6fl, \u00f6rl\u00f6g, str\u00ed\u00f0, frj\u00f3semi. D\u00fdrku\u00f0 me\u00f0 helgisi\u00f0um, f\u00f3rnum og musterisstofnunum.\">Gu\u00f0<\/span><a href=\"https:\/\/iwell-guard.com\/is\/keltneskt\/\" class=\"iwg-kultur-badge\" tabindex=\"0\" data-tooltip=\"Keltnesk tr\u00faarbr\u00f6g\u00f0 Vestur-Evr\u00f3pu og Bretlandseyja, var\u00f0veitt \u00ed go\u00f0s\u00f6gulegu formi \u00ed \u00edrskum og velskum textum.\">Keltneskt<\/a><\/div>\t\t\t\t<\/div>\n\t\t\t\t<\/div>\n\t\t<div class=\"elementor-element elementor-element-f842fa7 e-con-full e-flex e-con e-child\" data-id=\"f842fa7\" data-element_type=\"container\" data-e-type=\"container\">\n\t\t\t\t<div class=\"elementor-element elementor-element-94b3352 elementor-toc--minimized-on-tablet elementor-widget elementor-widget-table-of-contents\" data-id=\"94b3352\" data-element_type=\"widget\" data-e-type=\"widget\" data-settings=\"{&quot;exclude_headings_by_selector&quot;:[],&quot;no_headings_message&quot;:&quot;Engar undirfyrirsagnir fundust \\u00e1 \\u00feessari s\\u00ed\\u00f0u.&quot;,&quot;headings_by_tags&quot;:[&quot;h2&quot;,&quot;h3&quot;],&quot;marker_view&quot;:&quot;bullets&quot;,&quot;icon&quot;:{&quot;value&quot;:&quot;fas fa-circle&quot;,&quot;library&quot;:&quot;fa-solid&quot;,&quot;rendered_tag&quot;:&quot;&lt;svg class=\\&quot;e-font-icon-svg e-fas-circle\\&quot; viewBox=\\&quot;0 0 512 512\\&quot; xmlns=\\&quot;http:\\\/\\\/www.w3.org\\\/2000\\\/svg\\&quot;&gt;&lt;path d=\\&quot;M256 8C119 8 8 119 8 256s111 248 248 248 248-111 248-248S393 8 256 8z\\&quot;&gt;&lt;\\\/path&gt;&lt;\\\/svg&gt;&quot;},&quot;minimize_box&quot;:&quot;yes&quot;,&quot;minimized_on&quot;:&quot;tablet&quot;,&quot;hierarchical_view&quot;:&quot;yes&quot;,&quot;min_height&quot;:{&quot;unit&quot;:&quot;px&quot;,&quot;size&quot;:&quot;&quot;,&quot;sizes&quot;:[]},&quot;min_height_tablet&quot;:{&quot;unit&quot;:&quot;px&quot;,&quot;size&quot;:&quot;&quot;,&quot;sizes&quot;:[]},&quot;min_height_mobile&quot;:{&quot;unit&quot;:&quot;px&quot;,&quot;size&quot;:&quot;&quot;,&quot;sizes&quot;:[]}}\" data-widget_type=\"table-of-contents.default\">\n\t\t\t\t\t\t\t\t\t<div class=\"elementor-toc__header\">\n\t\t\t\t\t\t<h2 class=\"elementor-toc__header-title\">\n\t\t\t\tEfnisyfirlit\t\t\t<\/h2>\n\t\t\t\t\t\t\t\t\t\t<div class=\"elementor-toc__toggle-button elementor-toc__toggle-button--expand\" role=\"button\" tabindex=\"0\" aria-controls=\"elementor-toc__94b3352\" aria-expanded=\"true\" aria-label=\"Open table of contents\"><svg aria-hidden=\"true\" class=\"e-font-icon-svg e-fas-chevron-down\" viewBox=\"0 0 448 512\" xmlns=\"http:\/\/www.w3.org\/2000\/svg\"><path d=\"M207.029 381.476L12.686 187.132c-9.373-9.373-9.373-24.569 0-33.941l22.667-22.667c9.357-9.357 24.522-9.375 33.901-.04L224 284.505l154.745-154.021c9.379-9.335 24.544-9.317 33.901.04l22.667 22.667c9.373 9.373 9.373 24.569 0 33.941L240.971 381.476c-9.373 9.372-24.569 9.372-33.942 0z\"><\/path><\/svg><\/div>\n\t\t\t\t<div class=\"elementor-toc__toggle-button elementor-toc__toggle-button--collapse\" role=\"button\" tabindex=\"0\" aria-controls=\"elementor-toc__94b3352\" aria-expanded=\"true\" aria-label=\"Close table of contents\"><svg aria-hidden=\"true\" class=\"e-font-icon-svg e-fas-chevron-up\" viewBox=\"0 0 448 512\" xmlns=\"http:\/\/www.w3.org\/2000\/svg\"><path d=\"M240.971 130.524l194.343 194.343c9.373 9.373 9.373 24.569 0 33.941l-22.667 22.667c-9.357 9.357-24.522 9.375-33.901.04L224 227.495 69.255 381.516c-9.379 9.335-24.544 9.317-33.901-.04l-22.667-22.667c-9.373-9.373-9.373-24.569 0-33.941L207.03 130.525c9.372-9.373 24.568-9.373 33.941-.001z\"><\/path><\/svg><\/div>\n\t\t\t\t\t<\/div>\n\t\t\t\t<div id=\"elementor-toc__94b3352\" class=\"elementor-toc__body\">\n\t\t\t<div class=\"elementor-toc__spinner-container\">\n\t\t\t\t<svg class=\"elementor-toc__spinner eicon-animation-spin e-font-icon-svg e-eicon-loading\" aria-hidden=\"true\" viewBox=\"0 0 1000 1000\" xmlns=\"http:\/\/www.w3.org\/2000\/svg\"><path d=\"M500 975V858C696 858 858 696 858 500S696 142 500 142 142 304 142 500H25C25 237 238 25 500 25S975 237 975 500 763 975 500 975Z\"><\/path><\/svg>\t\t\t<\/div>\n\t\t<\/div>\n\t\t\t\t\t\t<\/div>\n\t\t\t\t<\/div>\n\t\t\t\t\t<\/div>\n\t\t\t\t<\/div>\n\t\t<div class=\"elementor-element elementor-element-4ea867a e-con-full e-flex e-con e-child\" data-id=\"4ea867a\" data-element_type=\"container\" data-e-type=\"container\">\n\t\t\t\t<div class=\"elementor-element elementor-element-f62e240 iwg-hero-image elementor-widget elementor-widget-image\" data-id=\"f62e240\" data-element_type=\"widget\" data-e-type=\"widget\" data-widget_type=\"image.default\">\n\t\t\t\t\t\t\t\t\t\t\t\t\t\t\t<img fetchpriority=\"high\" decoding=\"async\" width=\"683\" height=\"1024\" src=\"https:\/\/iwell-guard.com\/wp-content\/uploads\/2026\/05\/goetter_keltisch_aengus-683x1024.webp\" class=\"attachment-large size-large wp-image-170715\" alt=\"Aengus \u2013 gu\u00f0 \u00far keltnesku hef\u00f0inni, s\u00f6guleg myndskreyting\" srcset=\"https:\/\/iwell-guard.com\/wp-content\/uploads\/2026\/05\/goetter_keltisch_aengus-683x1024.webp 683w, https:\/\/iwell-guard.com\/wp-content\/uploads\/2026\/05\/goetter_keltisch_aengus-200x300.webp 200w, https:\/\/iwell-guard.com\/wp-content\/uploads\/2026\/05\/goetter_keltisch_aengus-768x1152.webp 768w, https:\/\/iwell-guard.com\/wp-content\/uploads\/2026\/05\/goetter_keltisch_aengus.webp 1024w\" sizes=\"(max-width: 683px) 100vw, 683px\" \/>\t\t\t\t\t\t\t\t\t\t\t\t\t\t\t<\/div>\n\t\t\t\t<\/div>\n\t\t\t\t\t<\/div>\n\t\t\t\t<\/div>\n\t\t<div class=\"elementor-element elementor-element-6e6e69b e-con-boxed e-flex e-con e-parent\" data-id=\"6e6e69b\" data-element_type=\"container\" data-e-type=\"container\">\n\t\t\t\t\t<div class=\"e-con-inner\">\n\t\t<div class=\"elementor-element elementor-element-bd0c179 e-con-full e-flex e-con e-child\" data-id=\"bd0c179\" data-element_type=\"container\" data-e-type=\"container\">\n\t\t\t\t<div class=\"elementor-element elementor-element-1c4dfaf elementor-widget elementor-widget-heading\" data-id=\"1c4dfaf\" data-element_type=\"widget\" data-e-type=\"widget\" data-widget_type=\"heading.default\">\n\t\t\t\t\t<h2 class=\"elementor-heading-title elementor-size-default\">Heimildir og var\u00f0veisla<\/h2>\t\t\t\t<\/div>\n\t\t\t\t<div class=\"elementor-element elementor-element-2f93be9 elementor-widget elementor-widget-text-editor\" data-id=\"2f93be9\" data-element_type=\"widget\" data-e-type=\"widget\" data-widget_type=\"text-editor.default\">\n\t\t\t\t\t\t\t\t\t<p>Mikilv\u00e6gustu textarnir um Aengus eru forn\u00edrsku fr\u00e1sagnirnir \u00abAislinge \u00d3enguso\u00bb (\u00abDraumur Aengus\u00bb, 8. \u00f6ld), \u00abTochmarc \u00c9ta\u00edne\u00bb (\u00abB\u00f3nor\u00f0 \u00c9ta\u00edn\u00bb, einnig fr\u00e1 8. til 9. \u00f6ld) og \u00e6ttfr\u00e6\u00f0ilegt efni \u00far \u00abLebor Gab\u00e1la \u00c9renn\u00bb.<\/p><p>Vi\u00f0 \u00feetta b\u00e6tast \u00abDindshenchas\u00bb, \u00f6rnefnafr\u00e1sagnirnir, sem nefna Aengus \u00edtreka\u00f0, s\u00e9rstaklega \u00ed tengslum vi\u00f0 Boyne og Br\u00fa na B\u00f3inne. \u00cd mi\u00f0\u00edrsku textanum \u00abAcallam na Sen\u00f3rach\u00bb (\u00abSamr\u00e6\u00f0ur \u00f6ldunganna\u00bb, 12. \u00f6ld) kemur Aengus fram sem aldra\u00f0ur, vitur konungur S\u00edde.<\/p>\n\n<p>John Carey hefur \u00ed verkum s\u00ednum um mi\u00f0\u00edrskar b\u00f3kmenntir (\u00abA Single Ray of the Sun\u00bb, 1999) bent \u00e1 n\u00e1in tengsl milli helgisagnahef\u00f0ar og <span class=\"iwg-fachbegriff\" data-tooltip=\"Fr\u00e1 kristnu sj\u00f3narhorni: tilheyrandi fortr\u00faarlegri e\u00f0a \u00f3kristinni tr\u00fa.\" tabindex=\"0\">hei\u00f0innar<\/span> go\u00f0sagnahef\u00f0ar.<\/p><p>Aengus kemur \u00fear fram sem d\u00e6mi um fortr\u00faarlega pers\u00f3nu sem var vissulega veraldarv\u00e6dd \u00ed kristnum ritstj\u00f3rnum, en var ekki fjarl\u00e6g\u00f0. Bernhard Maier setur Aengus inn \u00ed go\u00f0akerfi Tuatha D\u00e9 Danann, \u00fear sem hann t\u00e1knar yngstu kynsl\u00f3\u00f0ina og \u00fear me\u00f0 \u00abmeginregluna um endurn\u00fdjun\u00bb.<\/p>\t\t\t\t\t\t\t\t<\/div>\n\t\t\t\t<\/div>\n\t\t<div class=\"elementor-element elementor-element-7d8e1b0 e-con-full e-flex e-con e-child\" data-id=\"7d8e1b0\" data-element_type=\"container\" data-e-type=\"container\">\n\t\t\t\t<div class=\"elementor-element elementor-element-4116557 elementor-widget elementor-widget-heading\" data-id=\"4116557\" data-element_type=\"widget\" data-e-type=\"widget\" data-widget_type=\"heading.default\">\n\t\t\t\t\t<h2 class=\"elementor-heading-title elementor-size-default\">F\u00e6\u00f0ing og Br\u00fa na B\u00f3inne<\/h2>\t\t\t\t<\/div>\n\t\t\t\t<div class=\"elementor-element elementor-element-e822efe elementor-widget elementor-widget-text-editor\" data-id=\"e822efe\" data-element_type=\"widget\" data-e-type=\"widget\" data-widget_type=\"text-editor.default\">\n\t\t\t\t\t\t\t\t\t<p>F\u00e6\u00f0ingarsaga Aengus er n\u00e1tengd h\u00e6\u00f0argr\u00f6finni Newgrange. Dagda ver\u00f0ur \u00e1stfanginn af Boann, sem er gift Elcmar. Til a\u00f0 lengja \u00e1starn\u00f3ttina l\u00e6tur Dagda s\u00f3lina standa \u00ed sta\u00f0 \u00ed n\u00edu m\u00e1nu\u00f0i, \u00feannig a\u00f0 getna\u00f0ur, me\u00f0ganga og f\u00e6\u00f0ing Aengus fara fram \u00e1 einum degi.<\/p><p>Af \u00feessum \u00f3venjulega getna\u00f0i er nafni\u00f0 \u00abMac ind \u00d3g\u00bb (\u00abUngi sonurinn\u00bb) dregi\u00f0. Eftir f\u00e6\u00f0inguna leikur Aengus \u00e1 Elcmar og tekur sj\u00e1lfur Br\u00fa na B\u00f3inne \u00ed eigu s\u00edna me\u00f0 \u00fev\u00ed a\u00f0 krefjast \u00feess vi\u00f0 erf\u00f0askiptin a\u00f0 f\u00e1 gr\u00f6fina l\u00e1na\u00f0a \u00ab\u00ed einn dag og eina n\u00f3tt\u00bb, sem \u00e1 forn\u00edrsku getur n\u00e1\u00f0 yfir eil\u00edf\u00f0ina.<\/p>\n\n<p>\u00deessi fr\u00e1s\u00f6gn bendir til fornra tengsla Aengus vi\u00f0 steinaldargr\u00f6fina vi\u00f0 Boyne, sem var reist fornleifafr\u00e6\u00f0ilega um 3200 fyrir Krist.<\/p><p>Helmut Birkhan hefur \u00ed \u00abKelten\u00bb bent \u00e1 a\u00f0 sagan s\u00fdni yfirf\u00e6rslu, sem er d\u00e6miger\u00f0 fyrir \u00edrska hef\u00f0, fr\u00e1 fornleifalega sta\u00f0festri <span class=\"iwg-fachbegriff\" data-tooltip=\"Tilbei\u00f0sla \u00e1 framli\u00f0num fj\u00f6lskyldume\u00f0limum sem \u00e1framhaldandi verndarm\u00e1ttum.\" tabindex=\"0\">forfe\u00f0rad\u00fdrkun<\/span> til mi\u00f0aldalegrar fr\u00e1sagnar<span class=\"iwg-fachbegriff\" data-tooltip=\"Heild var\u00f0veittra go\u00f0sagna um gu\u00f0i \u00e1kve\u00f0innar menningar.\" tabindex=\"0\">go\u00f0afr\u00e6\u00f0i<\/span>. Stj\u00f6rnufr\u00e6\u00f0ileg sta\u00f0setning Newgrange gagnvart vetrars\u00f3lst\u00f6\u00f0um var ekki ger\u00f0 sk\u00fdr \u00ed mi\u00f0aldatextanum, en er \u00feekkt af fornleifaranns\u00f3knum Michael O&#8217;Kelly fr\u00e1 1969.<\/p>\t\t\t\t\t\t\t\t<\/div>\n\t\t\t\t<\/div>\n\t\t<div class=\"elementor-element elementor-element-c7e255a e-con-full e-flex e-con e-child\" data-id=\"c7e255a\" data-element_type=\"container\" data-e-type=\"container\">\n\t\t\t\t<div class=\"elementor-element elementor-element-d7c632f elementor-widget elementor-widget-heading\" data-id=\"d7c632f\" data-element_type=\"widget\" data-e-type=\"widget\" data-widget_type=\"heading.default\">\n\t\t\t\t\t<h2 class=\"elementor-heading-title elementor-size-default\">Draumur Aengus og \u00e1stin til Caer<\/h2>\t\t\t\t<\/div>\n\t\t\t\t<div class=\"elementor-element elementor-element-4d558e5 elementor-widget elementor-widget-text-editor\" data-id=\"4d558e5\" data-element_type=\"widget\" data-e-type=\"widget\" data-widget_type=\"text-editor.default\">\n\t\t\t\t\t\t\t\t\t<p>Fr\u00e6g\u00adasta go\u00f0sagan um Aengus er \u00abAislinge \u00d3enguso\u00bb, draumur hans. Aengus s\u00e9r \u00ed draumi undurfagra unga konu sem hverfur vi\u00f0 v\u00f6knun. Sj\u00fakur af \u00e1st leitar hann hennar \u00ed eitt \u00e1r, \u00fear til m\u00f3\u00f0ir hans Boann og fa\u00f0ir hans Dagda hj\u00e1lpa honum.<\/p><p>A\u00f0 lokum finnur hann Caer Ibormeith vi\u00f0 vatni\u00f0 Loch B\u00e9l Dracon, \u00fear sem h\u00fan lifir sem svanur me\u00f0al 150 svana sem breytast \u00e1rlega \u00ed fugla \u00e1 Samain. Aengus breytir s\u00e9r sj\u00e1lfur \u00ed svan og pari\u00f0 fl\u00fdgur burt, en s\u00f6nghlj\u00f3\u00f0 \u00feeirra sendir hlustendur \u00ed svefn \u00ed \u00ferj\u00e1 daga.<\/p>\n\n<p>Marie-Louise Sjoestedt hefur lesi\u00f0 \u00feessa s\u00f6gu sem d\u00e6migert keltneskt <span class=\"iwg-fachbegriff\" data-tooltip=\"Endurteki\u00f0 innihaldslegt atri\u00f0i \u00ed list e\u00f0a fr\u00e1s\u00f6gn.\" tabindex=\"0\">minni<\/span> um \u00abdraumsendibo\u00f0ann\u00bb (\u00abfith-fath\u00bb), \u00fear sem \u00e1stin milli manns og handanheimsverur er raunger\u00f0 me\u00f0 ummyndun og me\u00f0 \u00fev\u00ed a\u00f0 fara yfir m\u00f6rkin milli heimanna.<\/p><p>John Carey hefur bent \u00e1 a\u00f0 svanaummyndunin \u00ed keltneskri og germanskri hef\u00f0 er oft tengd Samain og t\u00edmaskilum, sem setur Aengus \u00ed t\u00edmatalslegan og tr\u00faarlegan ramma.<\/p>\t\t\t\t\t\t\t\t<\/div>\n\t\t\t\t<\/div>\n\t\t<div class=\"elementor-element elementor-element-c31da5b e-con-full e-flex e-con e-child\" data-id=\"c31da5b\" data-element_type=\"container\" data-e-type=\"container\">\n\t\t\t\t<div class=\"elementor-element elementor-element-5653c1e elementor-widget elementor-widget-heading\" data-id=\"5653c1e\" data-element_type=\"widget\" data-e-type=\"widget\" data-widget_type=\"heading.default\">\n\t\t\t\t\t<h2 class=\"elementor-heading-title elementor-size-default\">Hlutverk \u00ed Tochmarc \u00c9ta\u00edne<\/h2>\t\t\t\t<\/div>\n\t\t\t\t<div class=\"elementor-element elementor-element-100a5d7 elementor-widget elementor-widget-text-editor\" data-id=\"100a5d7\" data-element_type=\"widget\" data-e-type=\"widget\" data-widget_type=\"text-editor.default\">\n\t\t\t\t\t\t\t\t\t<p>\u00cd \u00abTochmarc \u00c9ta\u00edne\u00bb, einni mikilv\u00e6gustu fr\u00e1sagnarsyrpu \u00edrskrar hef\u00f0ar, leikur Aengus mi\u00f0l\u00e6gt millig\u00f6ngu\u00adhlutverk. H\u00e1lfbr\u00f3\u00f0ir hans Midir ver\u00f0ur \u00e1stfanginn af hinni f\u00f6gru \u00c9ta\u00edn, en fyrsta konan hans, F\u00faamnach, breytir henni \u00ed vatnspoll af \u00f6fund. \u00c9ta\u00edn gengur \u00ed gegnum ummyndanir, ver\u00f0ur fluga og s\u00ed\u00f0an kona sem f\u00e6\u00f0ist \u00e1 n\u00fd.<\/p><p>Aengus tekur hana inn \u00ed S\u00eddh sinn, verndar hana og s\u00e9r til \u00feess a\u00f0 h\u00fan finnur a\u00f0 lokum lei\u00f0ina til Midir aftur. Fr\u00e1s\u00f6gnin tengir hann vi\u00f0 <span class=\"iwg-fachbegriff\" data-tooltip=\"Endurteki\u00f0 innihaldslegt atri\u00f0i \u00ed list e\u00f0a fr\u00e1s\u00f6gn.\" tabindex=\"0\">minni\u00f0<\/span> um endurf\u00e6\u00f0ingu og traust innan gu\u00f0afj\u00f6lskyldunnar.<\/p>\n\n<p>Miranda Aldhouse-Green hefur \u00ed \u00abThe Gods of the Celts\u00bb (1986) bent \u00e1 formlegt hlutverk Aengus sem \u00fer\u00f6skuldsgu\u00f0: Hann stendur milli kynsl\u00f3\u00f0a, milli v\u00f6ku og draums, milli d\u00fdrs- og mannsmyndar, milli \u00feessa heims og handanheimsins. \u00deessi millig\u00f6nguhlutverk gerir hann tengjanlegan vi\u00f0 fj\u00f6lmargar fr\u00e1sagnir \u00fear sem umskipti eru m\u00f3tu\u00f0.<\/p>\t\t\t\t\t\t\t\t<\/div>\n\t\t\t\t<\/div>\n\t\t<div class=\"elementor-element elementor-element-fc0b71e e-con-full e-flex e-con e-child\" data-id=\"fc0b71e\" data-element_type=\"container\" data-e-type=\"container\">\n\t\t\t\t<div class=\"elementor-element elementor-element-f652002 elementor-widget elementor-widget-heading\" data-id=\"f652002\" data-element_type=\"widget\" data-e-type=\"widget\" data-widget_type=\"heading.default\">\n\t\t\t\t\t<h2 class=\"elementor-heading-title elementor-size-default\">Verkunarsvi\u00f0<\/h2>\t\t\t\t<\/div>\n\t\t\t\t<div class=\"elementor-element elementor-element-ec69272 elementor-widget elementor-widget-text-editor\" data-id=\"ec69272\" data-element_type=\"widget\" data-e-type=\"widget\" data-widget_type=\"text-editor.default\">\n\t\t\t\t\t\t\t\t\t<p>\u00cd textunum m\u00e1 greina nokkur virknisvi\u00f0. Aengus er gu\u00f0 ungrar \u00e1star og trygg\u00f0ar, sk\u00e1ldskapar og innbl\u00e1sturs, drauma og fyrirbo\u00f0a, auk myndbreytinga.<\/p><p>B\u00faseta hans, Br\u00fa na B\u00f3inne, er talinn heilagur sta\u00f0ur innbl\u00e1sturs og fundar vi\u00f0 s\u00ed\u00f0urna (S\u00edde). Hann er \u00edtreka\u00f0 l\u00fdstur sem gjafmildur gestgjafi og sem verndari elskenda.<\/p>\n\n<p>Bernhard Maier setur hann \u00ed virknisflokk \u00abungrar <span class=\"iwg-fachbegriff\" data-tooltip=\"Vera sem tilbe\u00f0in er sem gu\u00f0leg innan tr\u00faarbrag\u00f0a.\" tabindex=\"0\">gu\u00f0veru<\/span>\u00bb, samb\u00e6rilegan vi\u00f0 hinn germanska Baldur, hinn gr\u00edska Eros e\u00f0a hinn indverska Kama.<\/p><p>Ekki er unnt a\u00f0 s\u00fdna fram \u00e1 beina virknislega samsv\u00f6run, en hin fr\u00e6\u00f0ilega n\u00e1l\u00e6g\u00f0 s\u00fdnir vel hlutverk \u00e1star- og \u00e6skugu\u00f0s innan hins keltneska <span class=\"iwg-fachbegriff\" data-tooltip=\"Heild gu\u00f0a innan tr\u00faarbrag\u00f0a e\u00f0a menningar.\" tabindex=\"0\">go\u00f0aheims<\/span>. Helmut Birkhan hefur a\u00f0 auki dregi\u00f0 fram \u00fe\u00e1tt sk\u00e1ldskapar og <span class=\"iwg-fachbegriff\" data-tooltip=\"Athafnir sem reyna a\u00f0 hafa \u00e1hrif \u00e1 framvindu hlutanna me\u00f0 s\u00e9rst\u00f6kum gj\u00f6r\u00f0um e\u00f0a form\u00falum.\" tabindex=\"0\">galdurs<\/span>, sem tengir Aengus vi\u00f0 Brigid og vi\u00f0 filid, hina hef\u00f0bundnu \u00edrsku sk\u00e1ld.<\/p>\t\t\t\t\t\t\t\t<\/div>\n\t\t\t\t<\/div>\n\t\t<div class=\"elementor-element elementor-element-228c187 e-con-full e-flex e-con e-child\" data-id=\"228c187\" data-element_type=\"container\" data-e-type=\"container\">\n\t\t\t\t<div class=\"elementor-element elementor-element-320c189 elementor-widget elementor-widget-heading\" data-id=\"320c189\" data-element_type=\"widget\" data-e-type=\"widget\" data-widget_type=\"heading.default\">\n\t\t\t\t\t<h2 class=\"elementor-heading-title elementor-size-default\">Velskar og gallverskar hli\u00f0st\u00e6\u00f0ur<\/h2>\t\t\t\t<\/div>\n\t\t\t\t<div class=\"elementor-element elementor-element-9de5d9a elementor-widget elementor-widget-text-editor\" data-id=\"9de5d9a\" data-element_type=\"widget\" data-e-type=\"widget\" data-widget_type=\"text-editor.default\">\n\t\t\t\t\t\t\t\t\t<p>Ekki er unnt a\u00f0 benda \u00e1 neina beina velska hli\u00f0st\u00e6\u00f0u vi\u00f0 Aengus. Samb\u00e6rileg hlutverk m\u00e1 finna \u00ed pers\u00f3nu Mabons, hins unga sonar Modrons, sem kemur fram \u00ed \u00abCulhwch og Olwen\u00bb.<\/p><p>Mabon er samb\u00e6rilegur vi\u00f0 Mac ind \u00d3g, sem eldri fr\u00e6\u00f0imenn eins og Sjoestedt og yngri fr\u00e6\u00f0imenn eins og John T. Koch hafa fjalla\u00f0 um. \u00c1 meginlandinu er Maponos sta\u00f0festur \u00ed r\u00f3mverskum \u00e1letrunum, en nafn hans er beint samstofna or\u00f0sifjafr\u00e6\u00f0ilega vi\u00f0 frumkeltneska *makwo-no-s (\u00abungur sonur\u00bb).<\/p>\n\n<p>\u00deessar hli\u00f0st\u00e6\u00f0ur benda til \u00feess a\u00f0 \u00e1 keltnesku m\u00e1lsv\u00e6\u00f0i hafi veri\u00f0 til v\u00ed\u00f0a \u00fatbreidd mynd af ungum gu\u00f0i me\u00f0 hlutverk \u00e1star og innbl\u00e1sturs, sem \u00ed \u00edrskum textum t\u00f3k \u00e1 sig mynd Aengusar. Ekki er sta\u00f0fest a\u00f0 fr\u00e1sagnaruppbyggingin s\u00e9 n\u00e1kv\u00e6mlega s\u00fa sama, en hin skipulagslega fr\u00e6ndsemi er tr\u00falega r\u00e9ttm\u00e6t.<\/p>\t\t\t\t\t\t\t\t<\/div>\n\t\t\t\t<\/div>\n\t\t<div class=\"elementor-element elementor-element-e186afd e-con-full e-flex e-con e-child\" data-id=\"e186afd\" data-element_type=\"container\" data-e-type=\"container\">\n\t\t\t\t<div class=\"elementor-element elementor-element-a83fbb1 elementor-widget elementor-widget-heading\" data-id=\"a83fbb1\" data-element_type=\"widget\" data-e-type=\"widget\" data-widget_type=\"heading.default\">\n\t\t\t\t\t<h2 class=\"elementor-heading-title elementor-size-default\">M\u00f3ttaka<\/h2>\t\t\t\t<\/div>\n\t\t\t\t<div class=\"elementor-element elementor-element-dc78d2b elementor-widget elementor-widget-text-editor\" data-id=\"dc78d2b\" data-element_type=\"widget\" data-e-type=\"widget\" data-widget_type=\"text-editor.default\">\n\t\t\t\t\t\t\t\t\t<p>\u00cd n\u00fat\u00edmab\u00f3kmenntum fjalla\u00f0i William Butler Yeats um Aengus \u00ed nokkrum kv\u00e6\u00f0um, \u00feeirra \u00feekktast er \u00abThe Song of Wandering Aengus\u00bb (1899), \u00fear sem draumaminni\u00f0 er teki\u00f0 upp. Yeats og samt\u00ed\u00f0armenn hans ger\u00f0u Aengus a\u00f0 einni af \u00e1berandi pers\u00f3num \u00edrsku endurreisnarinnar.<\/p><p>\u00cd n\u00fat\u00edma keltneskri andlegri i\u00f0kun er Aengus talinn verndari ungra elskenda og innbl\u00e1stur listr\u00e6nnar vinnu. H\u00e9r er \u00e1st\u00e6\u00f0a til fr\u00e6\u00f0ilegrar vark\u00e1rni, \u00fev\u00ed n\u00fat\u00edmavi\u00f0t\u00f6kurnar byggja oft meira \u00e1 Yeats en \u00e1 mi\u00f0aldatextunum.<\/p>\n\n<p>Ranns\u00f3knir John Carey, Tom\u00e1s \u00d3 Cathasaigh og Kim McCone hafa \u00e1 s\u00ed\u00f0ustu \u00e1ratugum dregi\u00f0 fram innri byggingu textanna og s\u00fdnt a\u00f0 mi\u00f0aldamunkar sem l\u00e6r\u00f0ir voru skildu Aengus s\u00ed\u00f0ur sem hei\u00f0inn gu\u00f0 en sem hetjulega pers\u00f3nu \u00far go\u00f0sagnalegri fort\u00ed\u00f0.<\/p><p>\u00deetta bil milli tr\u00faarlegs hlutverks og b\u00f3kmenntalegs forms m\u00f3tar umr\u00e6\u00f0una \u00ed dag um \u00fea\u00f0 hvort Aengus hafi veri\u00f0 sj\u00e1lfst\u00e6tt vi\u00f0fang <span class=\"iwg-fachbegriff\" data-tooltip=\"Heild tr\u00faarlegra d\u00fdrkunarathafna fyrir gu\u00f0veru e\u00f0a heilaga pers\u00f3nu.\" tabindex=\"0\">d\u00fdrkunar<\/span> e\u00f0a fyrst og fremst b\u00f3kmenntaleg sm\u00ed\u00f0 mi\u00f0aldaskrifara.<\/p>\t\t\t\t\t\t\t\t<\/div>\n\t\t\t\t<\/div>\n\t\t<div class=\"elementor-element elementor-element-47dbe91 e-con-full e-flex e-con e-child\" data-id=\"47dbe91\" data-element_type=\"container\" data-e-type=\"container\">\n\t\t\t\t<div class=\"elementor-element elementor-element-eabb141 elementor-widget elementor-widget-heading\" data-id=\"eabb141\" data-element_type=\"widget\" data-e-type=\"widget\" data-widget_type=\"heading.default\">\n\t\t\t\t\t<h2 class=\"elementor-heading-title elementor-size-default\">Aengus sem verndari filid<\/h2>\t\t\t\t<\/div>\n\t\t\t\t<div class=\"elementor-element elementor-element-a123527 elementor-widget elementor-widget-text-editor\" data-id=\"a123527\" data-element_type=\"widget\" data-e-type=\"widget\" data-widget_type=\"text-editor.default\">\n\t\t\t\t\t\t\t\t\t<p>\u00c1kve\u00f0in l\u00edna \u00ed Aengus-hef\u00f0inni tengir hann vi\u00f0 filid, hina l\u00e6r\u00f0u sk\u00e1ldast\u00e9tt \u00cdrlands. \u00cd \u00abAcallam na Sen\u00f3rach\u00bb segir gamall herma\u00f0ur, sem pers\u00f3nulega \u00feekkti Aengus, fr\u00e1 h\u00e6fileika hans til a\u00f0 breyta veruleikanum me\u00f0 or\u00f0agaldri og t\u00f3nlist.<\/p><p>\u00deetta <span class=\"iwg-fachbegriff\" data-tooltip=\"Endurteki\u00f0 efnisatri\u00f0i \u00ed list e\u00f0a fr\u00e1s\u00f6gn.\" tabindex=\"0\">minni<\/span> tengist hinni forn\u00edrsku hugmynd um imbas forosnai, hina \u00abyfirgripsmiklu innbl\u00e1snu vitneskju\u00bb, sem filid var eignu\u00f0 \u00ed lei\u00f0slu\u00e1standi. Aengus kemur h\u00e9r ekki fyrst og fremst fram sem \u00e1stargu\u00f0, heldur sem tryggjandi sk\u00e1ldlegs innbl\u00e1sturs.<\/p>\n\n<p>Kim McCone hefur \u00ed \u00ab<span class=\"iwg-fachbegriff\" data-tooltip=\"Samheiti vi\u00f0 hei\u00f0inn; \u00fea\u00f0 sem tilheyrir tr\u00faarbr\u00f6g\u00f0um fyrir kristnit\u00f6ku.\" tabindex=\"0\">pagan<\/span> Past and Christian Present\u00bb (1990) s\u00fdnt a\u00f0 mi\u00f0aldamunkarnir, sem skrifu\u00f0u fr\u00e1sagnirnar ni\u00f0ur, m\u00f3tu\u00f0u Aengus v\u00edsvitandi sem b\u00f3kmenntalega \u00e1hrifamikla pers\u00f3nu sem flutti hei\u00f0na sk\u00e1ldlist yfir \u00ed kristinn menntaheim. \u00dear me\u00f0 er Aengus s\u00ed\u00f0ur s\u00f6guleg d\u00fdrkunarpers\u00f3na en sam\u00fe\u00e6ttandi mynd sem tengir forna fort\u00ed\u00f0 og klausturmenningu.<\/p>\t\t\t\t\t\t\t\t<\/div>\n\t\t\t\t<\/div>\n\t\t<div class=\"elementor-element elementor-element-ca05d79 e-con-full e-flex e-con e-child\" data-id=\"ca05d79\" data-element_type=\"container\" data-e-type=\"container\">\n\t\t\t\t<div class=\"elementor-element elementor-element-f289f61 elementor-widget elementor-widget-heading\" data-id=\"f289f61\" data-element_type=\"widget\" data-e-type=\"widget\" data-widget_type=\"heading.default\">\n\t\t\t\t\t<h2 class=\"elementor-heading-title elementor-size-default\">Aengus \u00ed Finn-s\u00f6gunni<\/h2>\t\t\t\t<\/div>\n\t\t\t\t<div class=\"elementor-element elementor-element-e98b883 elementor-widget elementor-widget-text-editor\" data-id=\"e98b883\" data-element_type=\"widget\" data-e-type=\"widget\" data-widget_type=\"text-editor.default\">\n\t\t\t\t\t\t\t\t\t<p>\u00cd fr\u00e1sagnarhringnum um Finn mac Cumhaill kemur Aengus \u00edtreka\u00f0 fram sem verndandi f\u00f3sturfa\u00f0ir og sem verndari Diarmuid Ua Duibhne, en m\u00f3\u00f0ir hans er s\u00f6g\u00f0 hafa sta\u00f0i\u00f0 \u00ed f\u00f3sturskyldleikatengslum vi\u00f0 hann.<\/p><p>\u00cd \u00abT\u00f3raigheacht Dhiarmada agus Ghr\u00e1inne\u00bb (\u00abEltingaleikurinn vi\u00f0 Diarmuid og Gr\u00e1inne\u00bb), en elsta handritavitnisbur\u00f0ur hennar er fr\u00e1 16. \u00f6ld en munnleg hef\u00f0 hennar n\u00e6r aftur til 10. aldar, verndar Aengus hinn fl\u00fdjandi Diarmuid \u00edtreka\u00f0 fyrir eftirs\u00f3kn Finns.<\/p><p>Eftir a\u00f0 Diarmuid deyr af v\u00f6ldum tanna hins t\u00f6frum slungna galtar fr\u00e1 Beann Gulbain (Ben Bulben) flytur Aengus l\u00edki\u00f0 til Br\u00fa na B\u00f3inne, \u00fear sem hann endurvekur hann me\u00f0 l\u00edfsanda til st\u00f6ku samr\u00e6\u00f0na.<\/p><p>Joseph Falaky Nagy hefur \u00ed \u00abThe Wisdom of the Outlaw\u00bb (Berkeley 1985) s\u00fdnt a\u00f0 \u00feessi \u00fe\u00e1ttur endurn\u00fdjar eldra minni um s\u00ed\u00f0ub\u00faann sem verndara \u00fatl\u00e6grar \u00e6sku.<\/p>\n<p>Einnig \u00ed \u00abMacgn\u00edmartha Find\u00bb (\u00abDrengsd\u00e1\u00f0ir Finns\u00bb), en texti hennar er var\u00f0veittur \u00ed \u00abLebor na hUidre\u00bb, kemur Aengus fram \u00e1 ja\u00f0ri fr\u00e1sagnarins sem trausts vitni, en \u00e1 heimili hans hl\u00fdtur Finn hluta af uppeldi s\u00ednu sem drengur.<\/p><p>\u00deessi samtvinnun go\u00f0sagnahringsins og Finn-hringsins veitir Aengus hlutverk menningarlegs millig\u00f6ngumanns sem er vi\u00f0staddur yfir m\u00f6rk fr\u00e1sagnarhringjanna. Proinsias Mac Cana hefur \u00ed \u00abCeltic Mythology\u00bb (1970) l\u00fdst \u00feessari st\u00f6\u00f0u sem einkenni \u00feess sem kallast \u00abgenet\u00edskt mi\u00f0l\u00e6gar\u00bb go\u00f0apers\u00f3nur, sem koma fram \u00ed m\u00f6rgum fr\u00e1sagnarl\u00f6gum sem sto\u00f0pers\u00f3nur.<\/p>\t\t\t\t\t\t\t\t<\/div>\n\t\t\t\t<\/div>\n\t\t<div class=\"elementor-element elementor-element-d54be97 e-con-full e-flex e-con e-child\" data-id=\"d54be97\" data-element_type=\"container\" data-e-type=\"container\">\n\t\t\t\t<div class=\"elementor-element elementor-element-e6071f9 elementor-widget elementor-widget-heading\" data-id=\"e6071f9\" data-element_type=\"widget\" data-e-type=\"widget\" data-widget_type=\"heading.default\">\n\t\t\t\t\t<h2 class=\"elementor-heading-title elementor-size-default\">M\u00e1lfr\u00e6\u00f0ilegar og myndr\u00e6nar tengingar<\/h2>\t\t\t\t<\/div>\n\t\t\t\t<div class=\"elementor-element elementor-element-8e21ed9 elementor-widget elementor-widget-text-editor\" data-id=\"8e21ed9\" data-element_type=\"widget\" data-e-type=\"widget\" data-widget_type=\"text-editor.default\">\n\t\t\t\t\t\t\t\t\t<p>Nafni\u00f0 Aengus er \u00ed s\u00f6gulegri m\u00e1lfr\u00e6\u00f0i lesi\u00f0 sem \u00ab\u00f3en-guss\u00bb, \u201eeinn kraftur\u201c e\u00f0a \u201eeini kraftur\u201c, tengt forn\u00edrska or\u00f0inu \u00abguss\u00bb \u201ekraftur, ofsi\u201c.<\/p><p>\u00deessi or\u00f0sifjask\u00fdring var \u00feegar sett fram af Whitley Stokes og Kuno Meyer \u00e1 19. \u00f6ld og er sta\u00f0fest \u00ed n\u00fat\u00edmalegum sta\u00f0alritum um forn\u00edrska nafnfr\u00e6\u00f0i, me\u00f0al annars hj\u00e1 Donncha \u00d3 Corr\u00e1in og Fidelma Maguire \u00ed \u00abGaelic Personal Names\u00bb (Dublin 1981).<\/p><p>Samkeppnislestur sem \u201eeitt val\u201c e\u00f0a \u201eeina vali\u00f0\u201c kemur fram \u00ed ja\u00f0argl\u00f3sum, en er veikari studdur \u00fat fr\u00e1 or\u00f0sifjum.<\/p><p>Athyglisvert er hi\u00f0 b\u00f3kmenntalega brag\u00f0 a\u00f0 Aengus ber vi\u00f0urnefni\u00f0 \u00abMac ind \u00d3g\u00bb (\u201esonur \u00e6skunnar\u201c e\u00f0a \u201esonur hinna tveggja unglinga\u201c), sem John Carey \u00ed \u00abStudia Celtica\u00bb bindi 19 (1984) hefur lesi\u00f0 sem markvissa umsn\u00faning \u00e1 venjulegu \u00e6ttarnafni: \u00fea\u00f0 er ekki fa\u00f0irinn sem nefnir soninn, heldur m\u00f3\u00f0irin (Boann) og elskhugi-fa\u00f0irinn (Dagda) sem saman m\u00f3ta nafnform\u00faluna.<\/p>\n<p>Fyrir Aengus eru engar \u00f6ruggar <span class=\"iwg-fachbegriff\" data-tooltip=\"T\u00edmabil gr\u00edskrar og r\u00f3mverskrar menningar, um 800 f.Kr. til 600 e.Kr.\" tabindex=\"0\">fornaldar<\/span> myndir var\u00f0veittar, \u00fev\u00ed \u00edrsk list <span class=\"iwg-fachbegriff\" data-tooltip=\"Fors\u00f6guleg t\u00edmabil eftir brons\u00f6ld, einkennt af j\u00e1rnvinnslu.\" tabindex=\"0\">j\u00e1rnaldar<\/span> er a\u00f0 mestu \u00f3myndr\u00e6n.<\/p><p>Barry Raftery hefur \u00ed \u00abPagan Celtic Ireland\u00bb (London 1994) varlega nefnt s\u00f3l- og fuglamerki fr\u00e1 s\u00ed\u00f0brons\u00f6ld \u00e1 gullinu fr\u00e1 Coggalbeg, auk svanapars-t\u00e1kna \u00ed bronsgripum \u00far Bann-\u00e1nni, sem hugsanlegan myndfr\u00e6\u00f0ilegan grunn. \u00c1 hann g\u00e6tu s\u00ed\u00f0ari s\u00f6gur, eins og umbreyting Aengus og Caer \u00ed svanapar, veri\u00f0 b\u00f3kmenntalega afturvarpa\u00f0ar. Bein sams\u00f6mun er ekki m\u00f6guleg.<\/p>\t\t\t\t\t\t\t\t<\/div>\n\t\t\t\t<\/div>\n\t\t<div class=\"elementor-element elementor-element-a894f54 e-con-full e-flex e-con e-child\" data-id=\"a894f54\" data-element_type=\"container\" data-e-type=\"container\">\n\t\t\t\t<div class=\"elementor-element elementor-element-9f1ec7d elementor-widget elementor-widget-heading\" data-id=\"9f1ec7d\" data-element_type=\"widget\" data-e-type=\"widget\" data-widget_type=\"heading.default\">\n\t\t\t\t\t<h2 class=\"elementor-heading-title elementor-size-default\">Br\u00fa na B\u00f3inne sem alheimsmi\u00f0ja<\/h2>\t\t\t\t<\/div>\n\t\t\t\t<div class=\"elementor-element elementor-element-0834f76 elementor-widget elementor-widget-text-editor\" data-id=\"0834f76\" data-element_type=\"widget\" data-e-type=\"widget\" data-widget_type=\"text-editor.default\">\n\t\t\t\t\t\t\t\t\t<p>Br\u00fa na B\u00f3inne, hi\u00f0 megal\u00edt\u00edska hauggr\u00f6f vi\u00f0 \u00e1na Boyne, er \u00ed \u00edrskri <span class=\"iwg-fachbegriff\" data-tooltip=\"Heild var\u00f0veittra go\u00f0sagna um gu\u00f0i \u00ed tiltekinni menningu.\" tabindex=\"0\">go\u00f0afr\u00e6\u00f0i<\/span> mikilv\u00e6gasti sta\u00f0ur Aengus. Hann er talinn hli\u00f0 a\u00f0 Handanheiminum, fj\u00e1rsj\u00f3\u00f0sgeymsla og samkomusta\u00f0ur Tuatha D\u00e9 Danann.<\/p><p>\u00abDindshenchas\u00bb var\u00f0veita nokkrar or\u00f0sifjask\u00fdringar \u00e1 sta\u00f0arnafninu, allar tengdar Boann e\u00f0a vatninu. Stjarnfr\u00e6\u00f0ileg sta\u00f0setning ganganna \u00ed \u00e1tt a\u00f0 vetrars\u00f3laruppr\u00e1s, sem \u00feekkt hefur veri\u00f0 fr\u00e1 fornleifaranns\u00f3knum Michael O&#8217;Kelly, er ekki nefnd \u00ed neinni mi\u00f0aldaheimild, sem undirstrikar erfi\u00f0leikana vi\u00f0 a\u00f0 tengja fornleifafundi vi\u00f0 skriflega var\u00f0veitta <span class=\"iwg-fachbegriff\" data-tooltip=\"Heild var\u00f0veittra go\u00f0sagna um gu\u00f0i \u00ed tiltekinni menningu.\" tabindex=\"0\">go\u00f0afr\u00e6\u00f0i<\/span>.<\/p>\n\n<p>\u00cd n\u00fat\u00edma keltnesku fr\u00e6\u00f0istarfi er Br\u00fa na B\u00f3inne b\u00e6\u00f0i \u00e1 heimsminjaskr\u00e1 UNESCO og h\u00e1punktur ranns\u00f3kna \u00e1 tengslum n\u00fdsteinaldar og keltneskrar <span class=\"iwg-fachbegriff\" data-tooltip=\"Heild var\u00f0veittra go\u00f0sagna um gu\u00f0i \u00ed tiltekinni menningu.\" tabindex=\"0\">go\u00f0afr\u00e6\u00f0i<\/span>.<\/p><p>Bernhard Maier hefur bent \u00e1 a\u00f0 mi\u00f0aldatextarnir byggi a\u00f0 \u00f6llum l\u00edkindum \u00e1 fornri, samfelldri minningarhef\u00f0 sem tengdi \u00e1kve\u00f0na sta\u00f0i vi\u00f0 gu\u00f0lega n\u00e6rveru, \u00e1n \u00feess a\u00f0 af \u00fev\u00ed megi rekja beina l\u00ednu til tr\u00faarl\u00edfs \u00feeirra sem reistu mannvirkin.<\/p>\t\t\t\t\t\t\t\t<\/div>\n\t\t\t\t<\/div>\n\t\t\t\t\t<\/div>\n\t\t\t\t<\/div>\n\t\t\t\t<\/div>\n\t\t","protected":false},"excerpt":{"rendered":"","protected":false},"author":3,"featured_media":3239,"parent":0,"menu_order":0,"comment_status":"closed","ping_status":"closed","template":"elementor_header_footer","meta":{"_yoast_wpseo_focuskw":"Aengus","_yoast_wpseo_title":"Aengus \u2013 \u00cdrskur gu\u00f0 \u00e1star og \u00e6sku | iWell Guard","_yoast_wpseo_metadesc":"Aengus (Aengus \u00d3g) er \u00edrskur gu\u00f0 \u00e1star, \u00e6sku og innbl\u00e1sturs, sonur Dagda og \u00edb\u00fai Newgrange-h\u00e6\u00f0arins.","_yoast_wpseo_meta-robots-noindex":"","_yoast_wpseo_canonical":"","_angie_page":false,"gefaehrdungsstufe":"1","wesen_kultur":"","wesen_klasse":"","footnotes":""},"categories":[],"class_list":["post-169106","page","type-page","status-publish","has-post-thumbnail","hentry"],"yoast_head":"<!-- This site is optimized with the Yoast SEO Premium plugin v27.7 (Yoast SEO v28.3) - https:\/\/yoast.com\/product\/yoast-seo-premium-wordpress\/ -->\n<title>Aengus \u2013 \u00cdrskur gu\u00f0 \u00e1star og \u00e6sku | iWell Guard<\/title>\n<meta name=\"description\" content=\"Aengus (Aengus \u00d3g) er \u00edrskur gu\u00f0 \u00e1star, \u00e6sku og innbl\u00e1sturs, sonur Dagda og \u00edb\u00fai Newgrange-h\u00e6\u00f0arins.\" \/>\n<meta name=\"robots\" content=\"index, follow, max-snippet:-1, max-image-preview:large, max-video-preview:-1\" \/>\n<link rel=\"canonical\" href=\"https:\/\/iwell-guard.com\/is\/aengus\/\" \/>\n<meta property=\"og:locale\" content=\"is_IS\" \/>\n<meta property=\"og:type\" content=\"article\" \/>\n<meta property=\"og:title\" content=\"Aengus\" \/>\n<meta property=\"og:description\" content=\"Aengus (Aengus \u00d3g) er \u00edrskur gu\u00f0 \u00e1star, \u00e6sku og innbl\u00e1sturs, sonur Dagda og \u00edb\u00fai Newgrange-h\u00e6\u00f0arins.\" \/>\n<meta property=\"og:url\" content=\"https:\/\/iwell-guard.com\/is\/aengus\/\" \/>\n<meta property=\"og:site_name\" content=\"iWell Guard\" \/>\n<meta property=\"article:modified_time\" content=\"2026-09-05T14:32:24+00:00\" \/>\n<meta property=\"og:image\" content=\"https:\/\/iwell-guard.com\/wp-content\/uploads\/2026\/05\/goetter_keltisch_aengus.webp\" \/>\n\t<meta property=\"og:image:width\" content=\"1024\" \/>\n\t<meta property=\"og:image:height\" content=\"1536\" \/>\n\t<meta property=\"og:image:type\" content=\"image\/webp\" \/>\n<meta name=\"twitter:card\" content=\"summary_large_image\" \/>\n<script type=\"application\/ld+json\" class=\"yoast-schema-graph\">{\"@context\":\"https:\\\/\\\/schema.org\",\"@graph\":[{\"@type\":\"WebPage\",\"@id\":\"https:\\\/\\\/iwell-guard.com\\\/is\\\/aengus\\\/\",\"url\":\"https:\\\/\\\/iwell-guard.com\\\/is\\\/aengus\\\/\",\"name\":\"Aengus \u2013 \u00cdrskur gu\u00f0 \u00e1star og \u00e6sku | iWell Guard\",\"isPartOf\":{\"@id\":\"https:\\\/\\\/iwell-guard.com\\\/is\\\/#website\"},\"primaryImageOfPage\":{\"@id\":\"https:\\\/\\\/iwell-guard.com\\\/is\\\/aengus\\\/#primaryimage\"},\"image\":{\"@id\":\"https:\\\/\\\/iwell-guard.com\\\/is\\\/aengus\\\/#primaryimage\"},\"thumbnailUrl\":\"https:\\\/\\\/iwell-guard.com\\\/wp-content\\\/uploads\\\/2026\\\/05\\\/goetter_keltisch_aengus.webp\",\"datePublished\":\"2026-09-05T14:05:38+00:00\",\"dateModified\":\"2026-09-05T14:32:24+00:00\",\"description\":\"Aengus (Aengus \u00d3g) er \u00edrskur gu\u00f0 \u00e1star, \u00e6sku og innbl\u00e1sturs, sonur Dagda og \u00edb\u00fai Newgrange-h\u00e6\u00f0arins.\",\"breadcrumb\":{\"@id\":\"https:\\\/\\\/iwell-guard.com\\\/is\\\/aengus\\\/#breadcrumb\"},\"inLanguage\":\"is\",\"potentialAction\":[{\"@type\":\"ReadAction\",\"target\":[\"https:\\\/\\\/iwell-guard.com\\\/is\\\/aengus\\\/\"]}]},{\"@type\":\"ImageObject\",\"inLanguage\":\"is\",\"@id\":\"https:\\\/\\\/iwell-guard.com\\\/is\\\/aengus\\\/#primaryimage\",\"url\":\"https:\\\/\\\/iwell-guard.com\\\/wp-content\\\/uploads\\\/2026\\\/05\\\/goetter_keltisch_aengus.webp\",\"contentUrl\":\"https:\\\/\\\/iwell-guard.com\\\/wp-content\\\/uploads\\\/2026\\\/05\\\/goetter_keltisch_aengus.webp\",\"width\":1024,\"height\":1536,\"caption\":\"Gu\u00f0ir \u00far keltneskri hef\u00f0.\"},{\"@type\":\"BreadcrumbList\",\"@id\":\"https:\\\/\\\/iwell-guard.com\\\/is\\\/aengus\\\/#breadcrumb\",\"itemListElement\":[{\"@type\":\"ListItem\",\"position\":1,\"name\":\"Start\",\"item\":\"https:\\\/\\\/iwell-guard.com\\\/is\\\/?page_id=168580\"},{\"@type\":\"ListItem\",\"position\":2,\"name\":\"Aengus\"}]},{\"@type\":\"WebSite\",\"@id\":\"https:\\\/\\\/iwell-guard.com\\\/is\\\/#website\",\"url\":\"https:\\\/\\\/iwell-guard.com\\\/is\\\/\",\"name\":\"iWell Guard\",\"description\":\"Schutz vor dunklen Einfl\u00fcssen\",\"publisher\":{\"@id\":\"https:\\\/\\\/iwell-guard.com\\\/is\\\/#organization\"},\"potentialAction\":[{\"@type\":\"SearchAction\",\"target\":{\"@type\":\"EntryPoint\",\"urlTemplate\":\"https:\\\/\\\/iwell-guard.com\\\/is\\\/?s={search_term_string}\"},\"query-input\":{\"@type\":\"PropertyValueSpecification\",\"valueRequired\":true,\"valueName\":\"search_term_string\"}}],\"inLanguage\":\"is\"},{\"@type\":\"Organization\",\"@id\":\"https:\\\/\\\/iwell-guard.com\\\/is\\\/#organization\",\"name\":\"Ittermann electronic GmbH\",\"url\":\"https:\\\/\\\/iwell-guard.com\\\/is\\\/\",\"logo\":{\"@type\":\"ImageObject\",\"inLanguage\":\"is\",\"@id\":\"https:\\\/\\\/iwell-guard.com\\\/is\\\/#\\\/schema\\\/logo\\\/image\\\/\",\"url\":\"https:\\\/\\\/iwell-guard.com\\\/wp-content\\\/uploads\\\/2026\\\/05\\\/Ittermann-Logo-1182x237-1.png\",\"contentUrl\":\"https:\\\/\\\/iwell-guard.com\\\/wp-content\\\/uploads\\\/2026\\\/05\\\/Ittermann-Logo-1182x237-1.png\",\"width\":1182,\"height\":237,\"caption\":\"Ittermann electronic GmbH\"},\"image\":{\"@id\":\"https:\\\/\\\/iwell-guard.com\\\/is\\\/#\\\/schema\\\/logo\\\/image\\\/\"},\"sameAs\":[\"https:\\\/\\\/pantip.com\\\/profile\\\/9367242\",\"https:\\\/\\\/micro.blog\\\/iwellguard\",\"https:\\\/\\\/www.diggerslist.com\\\/iwellguard\\\/about\",\"https:\\\/\\\/skitterphoto.com\\\/photographers\\\/2870314\\\/iwell-guard\",\"https:\\\/\\\/iwellguard.wordpress.com\\\/2026\\\/06\\\/06\\\/iwell-guard\\\/\",\"https:\\\/\\\/hub.docker.com\\\/u\\\/iwellguard\",\"https:\\\/\\\/www.pinterest.com\\\/iwellguard\\\/\",\"https:\\\/\\\/bit.ly\\\/m\\\/iwellguard\",\"https:\\\/\\\/entre-vos-mains.alsace.eu\\\/profiles\\\/iwellguard\\\/activity\",\"https:\\\/\\\/gravatar.com\\\/reallybeded8fd34\",\"https:\\\/\\\/naijamatta.com\\\/iwellguard\",\"https:\\\/\\\/www.goodreads.com\\\/iwellguard\",\"https:\\\/\\\/profile.hatena.ne.jp\\\/iwellguard\\\/\",\"https:\\\/\\\/experiment.com\\\/users\\\/iwellguard\",\"https:\\\/\\\/wakelet.com\\\/@iWellGuard82270\",\"https:\\\/\\\/www.chordie.com\\\/forum\\\/profile.php?id=2555664\",\"https:\\\/\\\/www.instapaper.com\\\/p\\\/17757966\",\"https:\\\/\\\/www.mapleprimes.com\\\/users\\\/iwellguard\",\"https:\\\/\\\/businesslistingplus.com\\\/profile\\\/iwell-guard\\\/\",\"https:\\\/\\\/telegra.ph\\\/iWell-Guard-06-06\",\"https:\\\/\\\/pbase.com\\\/iwellguard\\\/iwellguard\",\"https:\\\/\\\/b.hatena.ne.jp\\\/iwellguard\\\/20260607#bookmark-4788405196491818882\",\"https:\\\/\\\/fliphtml5.com\\\/home\\\/iwellguard\",\"https:\\\/\\\/anyflip.com\\\/homepage\\\/cmiwl#About\",\"https:\\\/\\\/transfur.com\\\/Users\\\/iwellguard\",\"http:\\\/\\\/delphi.larsbo.org\\\/user\\\/iwellguard\",\"https:\\\/\\\/jobs.lajobsportal.org\\\/profiles\\\/8380803-iwell-guard\",\"https:\\\/\\\/md.chaosdorf.de\\\/s\\\/jfbe5SBdJD\",\"https:\\\/\\\/www.lingvolive.com\\\/en-us\\\/profile\\\/9ecaeaca-ce11-4e51-9e71-01d55e2bff36\\\/translations\",\"https:\\\/\\\/www.fitday.com\\\/fitness\\\/forums\\\/members\\\/iwellguard.html\",\"https:\\\/\\\/www.mymeetbook.com\\\/iwellguard\",\"https:\\\/\\\/pxhere.com\\\/en\\\/photographer-me\\\/5040798\",\"https:\\\/\\\/disqus.com\\\/by\\\/iwellguard\\\/about\\\/\",\"https:\\\/\\\/pastelink.net\\\/hjwciqwq\",\"https:\\\/\\\/pubhtml5.com\\\/homepage\\\/scjhn\\\/\",\"https:\\\/\\\/www.bitchute.com\\\/channel\\\/2O2eOKzNqujT\",\"https:\\\/\\\/audiomack.com\\\/iwellguard\"]}]}<\/script>\n<!-- \/ Yoast SEO Premium plugin. -->","yoast_head_json":{"title":"Aengus \u2013 \u00cdrskur gu\u00f0 \u00e1star og \u00e6sku | iWell Guard","description":"Aengus (Aengus \u00d3g) er \u00edrskur gu\u00f0 \u00e1star, \u00e6sku og innbl\u00e1sturs, sonur Dagda og \u00edb\u00fai Newgrange-h\u00e6\u00f0arins.","robots":{"index":"index","follow":"follow","max-snippet":"max-snippet:-1","max-image-preview":"max-image-preview:large","max-video-preview":"max-video-preview:-1"},"canonical":"https:\/\/iwell-guard.com\/is\/aengus\/","og_locale":"is_IS","og_type":"article","og_title":"Aengus","og_description":"Aengus (Aengus \u00d3g) er \u00edrskur gu\u00f0 \u00e1star, \u00e6sku og innbl\u00e1sturs, sonur Dagda og \u00edb\u00fai Newgrange-h\u00e6\u00f0arins.","og_url":"https:\/\/iwell-guard.com\/is\/aengus\/","og_site_name":"iWell Guard","article_modified_time":"2026-09-05T14:32:24+00:00","og_image":[{"width":1024,"height":1536,"url":"https:\/\/iwell-guard.com\/wp-content\/uploads\/2026\/05\/goetter_keltisch_aengus.webp","type":"image\/webp"}],"twitter_card":"summary_large_image","schema":{"@context":"https:\/\/schema.org","@graph":[{"@type":"WebPage","@id":"https:\/\/iwell-guard.com\/is\/aengus\/","url":"https:\/\/iwell-guard.com\/is\/aengus\/","name":"Aengus \u2013 \u00cdrskur gu\u00f0 \u00e1star og \u00e6sku | iWell Guard","isPartOf":{"@id":"https:\/\/iwell-guard.com\/is\/#website"},"primaryImageOfPage":{"@id":"https:\/\/iwell-guard.com\/is\/aengus\/#primaryimage"},"image":{"@id":"https:\/\/iwell-guard.com\/is\/aengus\/#primaryimage"},"thumbnailUrl":"https:\/\/iwell-guard.com\/wp-content\/uploads\/2026\/05\/goetter_keltisch_aengus.webp","datePublished":"2026-09-05T14:05:38+00:00","dateModified":"2026-09-05T14:32:24+00:00","description":"Aengus (Aengus \u00d3g) er \u00edrskur gu\u00f0 \u00e1star, \u00e6sku og innbl\u00e1sturs, sonur Dagda og \u00edb\u00fai Newgrange-h\u00e6\u00f0arins.","breadcrumb":{"@id":"https:\/\/iwell-guard.com\/is\/aengus\/#breadcrumb"},"inLanguage":"is","potentialAction":[{"@type":"ReadAction","target":["https:\/\/iwell-guard.com\/is\/aengus\/"]}]},{"@type":"ImageObject","inLanguage":"is","@id":"https:\/\/iwell-guard.com\/is\/aengus\/#primaryimage","url":"https:\/\/iwell-guard.com\/wp-content\/uploads\/2026\/05\/goetter_keltisch_aengus.webp","contentUrl":"https:\/\/iwell-guard.com\/wp-content\/uploads\/2026\/05\/goetter_keltisch_aengus.webp","width":1024,"height":1536,"caption":"Gu\u00f0ir \u00far keltneskri hef\u00f0."},{"@type":"BreadcrumbList","@id":"https:\/\/iwell-guard.com\/is\/aengus\/#breadcrumb","itemListElement":[{"@type":"ListItem","position":1,"name":"Start","item":"https:\/\/iwell-guard.com\/is\/?page_id=168580"},{"@type":"ListItem","position":2,"name":"Aengus"}]},{"@type":"WebSite","@id":"https:\/\/iwell-guard.com\/is\/#website","url":"https:\/\/iwell-guard.com\/is\/","name":"iWell Guard","description":"Schutz vor dunklen Einfl\u00fcssen","publisher":{"@id":"https:\/\/iwell-guard.com\/is\/#organization"},"potentialAction":[{"@type":"SearchAction","target":{"@type":"EntryPoint","urlTemplate":"https:\/\/iwell-guard.com\/is\/?s={search_term_string}"},"query-input":{"@type":"PropertyValueSpecification","valueRequired":true,"valueName":"search_term_string"}}],"inLanguage":"is"},{"@type":"Organization","@id":"https:\/\/iwell-guard.com\/is\/#organization","name":"Ittermann electronic GmbH","url":"https:\/\/iwell-guard.com\/is\/","logo":{"@type":"ImageObject","inLanguage":"is","@id":"https:\/\/iwell-guard.com\/is\/#\/schema\/logo\/image\/","url":"https:\/\/iwell-guard.com\/wp-content\/uploads\/2026\/05\/Ittermann-Logo-1182x237-1.png","contentUrl":"https:\/\/iwell-guard.com\/wp-content\/uploads\/2026\/05\/Ittermann-Logo-1182x237-1.png","width":1182,"height":237,"caption":"Ittermann electronic GmbH"},"image":{"@id":"https:\/\/iwell-guard.com\/is\/#\/schema\/logo\/image\/"},"sameAs":["https:\/\/pantip.com\/profile\/9367242","https:\/\/micro.blog\/iwellguard","https:\/\/www.diggerslist.com\/iwellguard\/about","https:\/\/skitterphoto.com\/photographers\/2870314\/iwell-guard","https:\/\/iwellguard.wordpress.com\/2026\/06\/06\/iwell-guard\/","https:\/\/hub.docker.com\/u\/iwellguard","https:\/\/www.pinterest.com\/iwellguard\/","https:\/\/bit.ly\/m\/iwellguard","https:\/\/entre-vos-mains.alsace.eu\/profiles\/iwellguard\/activity","https:\/\/gravatar.com\/reallybeded8fd34","https:\/\/naijamatta.com\/iwellguard","https:\/\/www.goodreads.com\/iwellguard","https:\/\/profile.hatena.ne.jp\/iwellguard\/","https:\/\/experiment.com\/users\/iwellguard","https:\/\/wakelet.com\/@iWellGuard82270","https:\/\/www.chordie.com\/forum\/profile.php?id=2555664","https:\/\/www.instapaper.com\/p\/17757966","https:\/\/www.mapleprimes.com\/users\/iwellguard","https:\/\/businesslistingplus.com\/profile\/iwell-guard\/","https:\/\/telegra.ph\/iWell-Guard-06-06","https:\/\/pbase.com\/iwellguard\/iwellguard","https:\/\/b.hatena.ne.jp\/iwellguard\/20260607#bookmark-4788405196491818882","https:\/\/fliphtml5.com\/home\/iwellguard","https:\/\/anyflip.com\/homepage\/cmiwl#About","https:\/\/transfur.com\/Users\/iwellguard","http:\/\/delphi.larsbo.org\/user\/iwellguard","https:\/\/jobs.lajobsportal.org\/profiles\/8380803-iwell-guard","https:\/\/md.chaosdorf.de\/s\/jfbe5SBdJD","https:\/\/www.lingvolive.com\/en-us\/profile\/9ecaeaca-ce11-4e51-9e71-01d55e2bff36\/translations","https:\/\/www.fitday.com\/fitness\/forums\/members\/iwellguard.html","https:\/\/www.mymeetbook.com\/iwellguard","https:\/\/pxhere.com\/en\/photographer-me\/5040798","https:\/\/disqus.com\/by\/iwellguard\/about\/","https:\/\/pastelink.net\/hjwciqwq","https:\/\/pubhtml5.com\/homepage\/scjhn\/","https:\/\/www.bitchute.com\/channel\/2O2eOKzNqujT","https:\/\/audiomack.com\/iwellguard"]}]}},"_links":{"self":[{"href":"https:\/\/iwell-guard.com\/is\/wp-json\/wp\/v2\/pages\/169106","targetHints":{"allow":["GET"]}}],"collection":[{"href":"https:\/\/iwell-guard.com\/is\/wp-json\/wp\/v2\/pages"}],"about":[{"href":"https:\/\/iwell-guard.com\/is\/wp-json\/wp\/v2\/types\/page"}],"author":[{"embeddable":true,"href":"https:\/\/iwell-guard.com\/is\/wp-json\/wp\/v2\/users\/3"}],"replies":[{"embeddable":true,"href":"https:\/\/iwell-guard.com\/is\/wp-json\/wp\/v2\/comments?post=169106"}],"version-history":[{"count":0,"href":"https:\/\/iwell-guard.com\/is\/wp-json\/wp\/v2\/pages\/169106\/revisions"}],"wp:featuredmedia":[{"embeddable":true,"href":"https:\/\/iwell-guard.com\/is\/wp-json\/wp\/v2\/media\/3239"}],"wp:attachment":[{"href":"https:\/\/iwell-guard.com\/is\/wp-json\/wp\/v2\/media?parent=169106"}],"wp:term":[{"taxonomy":"category","embeddable":true,"href":"https:\/\/iwell-guard.com\/is\/wp-json\/wp\/v2\/categories?post=169106"}],"curies":[{"name":"wp","href":"https:\/\/api.w.org\/{rel}","templated":true}]}}