{"id":169105,"date":"2026-09-05T14:05:37","date_gmt":"2026-09-05T14:05:37","guid":{"rendered":"https:\/\/iwell-guard.com\/?page_id=169105"},"modified":"2026-09-05T14:32:23","modified_gmt":"2026-09-05T14:32:23","slug":"epona","status":"publish","type":"page","link":"https:\/\/iwell-guard.com\/is\/epona\/","title":{"rendered":"Epona"},"content":{"rendered":"\t\t<div data-elementor-type=\"wp-page\" data-elementor-id=\"169105\" class=\"elementor elementor-169105 elementor-3048 elementor-bc-flex-widget\" data-elementor-post-type=\"page\">\n\t\t\t\t<div class=\"elementor-element elementor-element-ff0e099 e-flex e-con-boxed e-con e-parent\" data-id=\"ff0e099\" data-element_type=\"container\" data-e-type=\"container\" data-settings=\"{&quot;background_background&quot;:&quot;classic&quot;}\">\n\t\t\t\t\t<div class=\"e-con-inner\">\n\t\t<div class=\"elementor-element elementor-element-6974cef e-flex e-con-boxed e-con e-child\" data-id=\"6974cef\" data-element_type=\"container\" data-e-type=\"container\">\n\t\t\t\t\t<div class=\"e-con-inner\">\n\t\t<div class=\"elementor-element elementor-element-3ec56d9 e-con-full e-flex e-con e-child\" data-id=\"3ec56d9\" data-element_type=\"container\" data-e-type=\"container\">\n\t\t\t\t<div class=\"elementor-element elementor-element-b1d5167 elementor-widget elementor-widget-heading\" data-id=\"b1d5167\" data-element_type=\"widget\" data-e-type=\"widget\" data-widget_type=\"heading.default\">\n\t\t\t\t\t<h1 class=\"elementor-heading-title elementor-size-default\">Epona, keltnesk hestagy\u00f0ja<\/h1>\t\t\t\t<\/div>\n\t\t\t\t<div class=\"elementor-element elementor-element-8b51227 elementor-widget elementor-widget-text-editor\" data-id=\"8b51227\" data-element_type=\"widget\" data-e-type=\"widget\" data-widget_type=\"text-editor.default\">\n\t\t\t\t\t\t\t\t\t<p>Epona er gall\u00f3r\u00f3mversk hestagy\u00f0ja en <span class=\"iwg-fachbegriff\" data-tooltip=\"Heildarsafn tr\u00faarlegra d\u00fdrkunarathafna sem tengjast gu\u00f0i e\u00f0a heilagri v\u00e6ttu.\" tabindex=\"0\">d\u00fdrkun<\/span> hennar er sannanleg um allt vestanvert keisaraveldi\u00f0 fr\u00e1 1. til 3. \u00f6ld eftir Krist. H\u00fan var d\u00fdrku\u00f0 af gallverskum rei\u00f0flokkum og barst langt \u00fat fyrir upprunasv\u00e6\u00f0i\u00f0 me\u00f0 riddarali\u00f0ssveitum r\u00f3mverska hersins.<\/p><p>\u00c1letranir og f\u00f3rnarl\u00e1gmyndir s\u00fdna hana oftast sem sitjandi konu \u00e1 hestbaki e\u00f0a milli tveggja hesta, me\u00f0 hornlaga fyllihorn, k\u00f6rfu e\u00f0a sk\u00e1l (patera) \u00ed hendi.<\/p>\t\t\t\t\t\t\t\t<\/div>\n\t\t\t\t<\/div>\n\t\t<div class=\"elementor-element elementor-element-66c120e e-con-full e-flex e-con e-parent\" data-id=\"66c120e\" data-element_type=\"container\" data-e-type=\"container\">\n\t\t\t\t<div class=\"elementor-element elementor-element-08de5b8 elementor-widget elementor-widget-html\" data-id=\"08de5b8\" data-element_type=\"widget\" data-e-type=\"widget\" data-widget_type=\"html.default\">\n\t\t\t\t\t<div class=\"iwg-pill-row\"><span class=\"iwg-klasse-badge\" tabindex=\"0\" data-tooltip=\"Gu\u00f0 \/ Gy\u00f0ja: Pers\u00f3nuger\u00f0 \u00e6\u00f0sta m\u00e1ttarvald \u00ed go\u00f0aheimi menningarheims, me\u00f0 sk\u00fdrum verksvi\u00f0um \u2014 n\u00e1tt\u00faru\u00f6fl, \u00f6rl\u00f6g, str\u00ed\u00f0, frj\u00f3semi. D\u00fdrku\u00f0 me\u00f0 helgisi\u00f0um, f\u00f3rnum og musterisstofnunum.\">Gu\u00f0<\/span><a href=\"https:\/\/iwell-guard.com\/is\/keltneskt\/\" class=\"iwg-kultur-badge\" tabindex=\"0\" data-tooltip=\"Keltnesk tr\u00faarbr\u00f6g\u00f0 Vestur-Evr\u00f3pu og Bretlandseyja, var\u00f0veitt \u00ed go\u00f0s\u00f6gulegu formi \u00ed \u00edrskum og velskum textum.\">Keltneskt<\/a><\/div>\t\t\t\t<\/div>\n\t\t\t\t<\/div>\n\t\t<div class=\"elementor-element elementor-element-6f3da32 e-con-full e-flex e-con e-child\" data-id=\"6f3da32\" data-element_type=\"container\" data-e-type=\"container\">\n\t\t\t\t<div class=\"elementor-element elementor-element-ab5f8e1 elementor-toc--minimized-on-tablet elementor-widget elementor-widget-table-of-contents\" data-id=\"ab5f8e1\" data-element_type=\"widget\" data-e-type=\"widget\" data-settings=\"{&quot;exclude_headings_by_selector&quot;:[],&quot;no_headings_message&quot;:&quot;Engar undirfyrirsagnir fundust \\u00e1 \\u00feessari s\\u00ed\\u00f0u.&quot;,&quot;headings_by_tags&quot;:[&quot;h2&quot;,&quot;h3&quot;],&quot;marker_view&quot;:&quot;bullets&quot;,&quot;icon&quot;:{&quot;value&quot;:&quot;fas fa-circle&quot;,&quot;library&quot;:&quot;fa-solid&quot;,&quot;rendered_tag&quot;:&quot;&lt;svg class=\\&quot;e-font-icon-svg e-fas-circle\\&quot; viewBox=\\&quot;0 0 512 512\\&quot; xmlns=\\&quot;http:\\\/\\\/www.w3.org\\\/2000\\\/svg\\&quot;&gt;&lt;path d=\\&quot;M256 8C119 8 8 119 8 256s111 248 248 248 248-111 248-248S393 8 256 8z\\&quot;&gt;&lt;\\\/path&gt;&lt;\\\/svg&gt;&quot;},&quot;minimize_box&quot;:&quot;yes&quot;,&quot;minimized_on&quot;:&quot;tablet&quot;,&quot;hierarchical_view&quot;:&quot;yes&quot;,&quot;min_height&quot;:{&quot;unit&quot;:&quot;px&quot;,&quot;size&quot;:&quot;&quot;,&quot;sizes&quot;:[]},&quot;min_height_tablet&quot;:{&quot;unit&quot;:&quot;px&quot;,&quot;size&quot;:&quot;&quot;,&quot;sizes&quot;:[]},&quot;min_height_mobile&quot;:{&quot;unit&quot;:&quot;px&quot;,&quot;size&quot;:&quot;&quot;,&quot;sizes&quot;:[]}}\" data-widget_type=\"table-of-contents.default\">\n\t\t\t\t\t\t\t\t\t<div class=\"elementor-toc__header\">\n\t\t\t\t\t\t<h2 class=\"elementor-toc__header-title\">\n\t\t\t\tEfnisyfirlit\t\t\t<\/h2>\n\t\t\t\t\t\t\t\t\t\t<div class=\"elementor-toc__toggle-button elementor-toc__toggle-button--expand\" role=\"button\" tabindex=\"0\" aria-controls=\"elementor-toc__ab5f8e1\" aria-expanded=\"true\" aria-label=\"Open table of contents\"><svg aria-hidden=\"true\" class=\"e-font-icon-svg e-fas-chevron-down\" viewBox=\"0 0 448 512\" xmlns=\"http:\/\/www.w3.org\/2000\/svg\"><path d=\"M207.029 381.476L12.686 187.132c-9.373-9.373-9.373-24.569 0-33.941l22.667-22.667c9.357-9.357 24.522-9.375 33.901-.04L224 284.505l154.745-154.021c9.379-9.335 24.544-9.317 33.901.04l22.667 22.667c9.373 9.373 9.373 24.569 0 33.941L240.971 381.476c-9.373 9.372-24.569 9.372-33.942 0z\"><\/path><\/svg><\/div>\n\t\t\t\t<div class=\"elementor-toc__toggle-button elementor-toc__toggle-button--collapse\" role=\"button\" tabindex=\"0\" aria-controls=\"elementor-toc__ab5f8e1\" aria-expanded=\"true\" aria-label=\"Close table of contents\"><svg aria-hidden=\"true\" class=\"e-font-icon-svg e-fas-chevron-up\" viewBox=\"0 0 448 512\" xmlns=\"http:\/\/www.w3.org\/2000\/svg\"><path d=\"M240.971 130.524l194.343 194.343c9.373 9.373 9.373 24.569 0 33.941l-22.667 22.667c-9.357 9.357-24.522 9.375-33.901.04L224 227.495 69.255 381.516c-9.379 9.335-24.544 9.317-33.901-.04l-22.667-22.667c-9.373-9.373-9.373-24.569 0-33.941L207.03 130.525c9.372-9.373 24.568-9.373 33.941-.001z\"><\/path><\/svg><\/div>\n\t\t\t\t\t<\/div>\n\t\t\t\t<div id=\"elementor-toc__ab5f8e1\" class=\"elementor-toc__body\">\n\t\t\t<div class=\"elementor-toc__spinner-container\">\n\t\t\t\t<svg class=\"elementor-toc__spinner eicon-animation-spin e-font-icon-svg e-eicon-loading\" aria-hidden=\"true\" viewBox=\"0 0 1000 1000\" xmlns=\"http:\/\/www.w3.org\/2000\/svg\"><path d=\"M500 975V858C696 858 858 696 858 500S696 142 500 142 142 304 142 500H25C25 237 238 25 500 25S975 237 975 500 763 975 500 975Z\"><\/path><\/svg>\t\t\t<\/div>\n\t\t<\/div>\n\t\t\t\t\t\t<\/div>\n\t\t\t\t<\/div>\n\t\t\t\t\t<\/div>\n\t\t\t\t<\/div>\n\t\t<div class=\"elementor-element elementor-element-b10eb2a e-con-full e-flex e-con e-child\" data-id=\"b10eb2a\" data-element_type=\"container\" data-e-type=\"container\">\n\t\t\t\t<div class=\"elementor-element elementor-element-fa2e912 iwg-hero-image elementor-widget elementor-widget-image\" data-id=\"fa2e912\" data-element_type=\"widget\" data-e-type=\"widget\" data-widget_type=\"image.default\">\n\t\t\t\t\t\t\t\t\t\t\t\t\t\t\t<img fetchpriority=\"high\" decoding=\"async\" width=\"683\" height=\"1024\" src=\"https:\/\/iwell-guard.com\/wp-content\/uploads\/2026\/05\/goetter_keltisch_epona-683x1024.webp\" class=\"attachment-large size-large wp-image-170712\" alt=\"Epona - Gu\u00f0 \u00far keltneskri hef\u00f0, s\u00f6gulega myndskreytt\" srcset=\"https:\/\/iwell-guard.com\/wp-content\/uploads\/2026\/05\/goetter_keltisch_epona-683x1024.webp 683w, https:\/\/iwell-guard.com\/wp-content\/uploads\/2026\/05\/goetter_keltisch_epona-200x300.webp 200w, https:\/\/iwell-guard.com\/wp-content\/uploads\/2026\/05\/goetter_keltisch_epona-768x1152.webp 768w, https:\/\/iwell-guard.com\/wp-content\/uploads\/2026\/05\/goetter_keltisch_epona.webp 1024w\" sizes=\"(max-width: 683px) 100vw, 683px\" \/>\t\t\t\t\t\t\t\t\t\t\t\t\t\t\t<\/div>\n\t\t\t\t<\/div>\n\t\t\t\t\t<\/div>\n\t\t\t\t<\/div>\n\t\t<div class=\"elementor-element elementor-element-b775121 e-con-boxed e-flex e-con e-parent\" data-id=\"b775121\" data-element_type=\"container\" data-e-type=\"container\">\n\t\t\t\t\t<div class=\"e-con-inner\">\n\t\t<div class=\"elementor-element elementor-element-58a5dc0 e-con-full e-flex e-con e-child\" data-id=\"58a5dc0\" data-element_type=\"container\" data-e-type=\"container\">\n\t\t\t\t<div class=\"elementor-element elementor-element-baf0e5d elementor-widget elementor-widget-heading\" data-id=\"baf0e5d\" data-element_type=\"widget\" data-e-type=\"widget\" data-widget_type=\"heading.default\">\n\t\t\t\t\t<h2 class=\"elementor-heading-title elementor-size-default\">Heimildasta\u00f0a og fornar sagnfestingar<\/h2>\t\t\t\t<\/div>\n\t\t\t\t<div class=\"elementor-element elementor-element-a615986 elementor-widget elementor-widget-text-editor\" data-id=\"a615986\" data-element_type=\"widget\" data-e-type=\"widget\" data-widget_type=\"text-editor.default\">\n\t\t\t\t\t\t\t\t\t<p>\u00d3l\u00edkt flestum keltneskum gu\u00f0um er heimildas\u00f6fnun um Eponu einstaklega r\u00edk. Yfir 300 \u00e1letranir og meira en 150 myndverk hafa veri\u00f0 skjalfest, a\u00f0allega fr\u00e1 Gall\u00edu, R\u00ednar- og D\u00f3n\u00e1rsv\u00e6\u00f0inu, Bretlandi og \u00cdtal\u00edu.<\/p><p>Apuleius nefnir hana \u00ed \u00abMetamorphoses\u00bb (III, 27) sem d\u00e6mi um d\u00fdrkun gu\u00f0amynda \u00ed hesth\u00fasum. Iuvenal gerir \u00ed sat\u00edru VIII, 157 gr\u00edn a\u00f0 r\u00f3mverskum riddurum sem \u00abtilbi\u00f0ja Eponu og illa lyktandi hestamyndir\u00bb. Nafn hennar kemur einnig fram \u00ed \u00abApologeticum\u00bb Tertullianusar og hj\u00e1 Minucius Felix.<\/p>\n\n<p>Bernhard Maier hefur \u00ed \u00abDie Religion der Kelten\u00bb (2001) bent \u00e1 a\u00f0 Epona s\u00e9 eina gall\u00f3r\u00f3mverska <span class=\"iwg-fachbegriff\" data-tooltip=\"Vera sem er d\u00fdrku\u00f0 sem gu\u00f0leg innan tr\u00faarbrag\u00f0a.\" tabindex=\"0\">gu\u00f0veran<\/span> sem f\u00e9kk formlega inng\u00f6ngu \u00ed r\u00f3mverska h\u00e1t\u00ed\u00f0ardagatali\u00f0 (Feriale Duranum), sem s\u00fdnir hversu mikils h\u00fan var metin innan riddarali\u00f0ssveita hersins.<\/p><p>Miranda Aldhouse-Green hefur \u00ed \u00ab<span class=\"iwg-fachbegriff\" data-tooltip=\"T\u00e1kn sem stendur fyrir \u00e1kve\u00f0na hugmynd e\u00f0a merkingu.\" tabindex=\"0\">Symbol<\/span> and Image in Celtic Religious Art\u00bb (1989) teki\u00f0 myndefni\u00f0 saman \u00e1 kerfisbundinn h\u00e1tt og greint \u00ferj\u00e1r myndger\u00f0ir: Epona \u00e1 hestbaki, Epona milli tveggja hesta og Epona sem keisaralegt hei\u00f0urskvendi me\u00f0 hestatengingu.<\/p>\t\t\t\t\t\t\t\t<\/div>\n\t\t\t\t<\/div>\n\t\t<div class=\"elementor-element elementor-element-b771b95 e-con-full e-flex e-con e-child\" data-id=\"b771b95\" data-element_type=\"container\" data-e-type=\"container\">\n\t\t\t\t<div class=\"elementor-element elementor-element-5baf139 elementor-widget elementor-widget-heading\" data-id=\"5baf139\" data-element_type=\"widget\" data-e-type=\"widget\" data-widget_type=\"heading.default\">\n\t\t\t\t\t<h2 class=\"elementor-heading-title elementor-size-default\">Nafn og or\u00f0sifjar<\/h2>\t\t\t\t<\/div>\n\t\t\t\t<div class=\"elementor-element elementor-element-6f92fca elementor-widget elementor-widget-text-editor\" data-id=\"6f92fca\" data-element_type=\"widget\" data-e-type=\"widget\" data-widget_type=\"text-editor.default\">\n\t\t\t\t\t\t\t\t\t<p>Nafni\u00f0 Epona er mynda\u00f0 \u00far keltneska stofninum *epo- (\u00abhestur\u00bb, samstofna lat\u00ednu equus og gr\u00edsku hippos) og vi\u00f0skeytinu -ona, sem oft var nota\u00f0 \u00ed gall\u00f3r\u00f3mverskum gu\u00f0an\u00f6fnum til a\u00f0 myndakvenkyns gy\u00f0jun\u00f6fn, samb\u00e6rilegt vi\u00f0 Sirona, Damona e\u00f0a Belisama.<\/p><p>Merkingin m\u00e1 \u00fe\u00fd\u00f0a sem \u00abhestadrottning\u00bb e\u00f0a \u00abhestagy\u00f0ja\u00bb. Wolfgang Meid hefur \u00ed ranns\u00f3knum \u00e1 gallverskri nafnfr\u00e6\u00f0i l\u00fdst or\u00f0mynduninni sem d\u00e6migert gallverskri og samr\u00e6manlegri vi\u00f0 dreifingu \u00e1letrananna.<\/p>\n\n<p>Fr\u00e1 keltnesku sj\u00f3narhorni tilheyrir Epona h\u00f3pi d\u00fdragy\u00f0ja \u00fear sem virknisvi\u00f0 er bundi\u00f0 \u00e1kve\u00f0nu d\u00fdri. Helmut Birkhan hefur \u00ed \u00abKelten\u00bb (1997) t\u00falka\u00f0 \u00feennan h\u00f3p sem d\u00e6miger\u00f0 tj\u00e1ning samf\u00e9lags sem einkenndist af b\u00fafj\u00e1rr\u00e6kt og rei\u00f0mennsku, \u00fear sem hesturinn var ekki a\u00f0eins efnahagslega mikilv\u00e6gur heldur haf\u00f0i einnig andlegt millig\u00f6nguhlutverk.<\/p>\t\t\t\t\t\t\t\t<\/div>\n\t\t\t\t<\/div>\n\t\t<div class=\"elementor-element elementor-element-3f305b1 e-con-full e-flex e-con e-child\" data-id=\"3f305b1\" data-element_type=\"container\" data-e-type=\"container\">\n\t\t\t\t<div class=\"elementor-element elementor-element-d2ca642 elementor-widget elementor-widget-heading\" data-id=\"d2ca642\" data-element_type=\"widget\" data-e-type=\"widget\" data-widget_type=\"heading.default\">\n\t\t\t\t\t<h2 class=\"elementor-heading-title elementor-size-default\">Myndlist (\u00edkon\u00f3graf\u00eda)<\/h2>\t\t\t\t<\/div>\n\t\t\t\t<div class=\"elementor-element elementor-element-a73cf16 elementor-widget elementor-widget-text-editor\" data-id=\"a73cf16\" data-element_type=\"widget\" data-e-type=\"widget\" data-widget_type=\"text-editor.default\">\n\t\t\t\t\t\t\t\t\t<p>Algengasta myndformi\u00f0 s\u00fdnir Eponu sem sitjandi unga konu \u00ed kvens\u00e6ti \u00e1 hesti sem gengur til h\u00e6gri. H\u00fan kl\u00e6\u00f0ist langri kyrtli, hefur h\u00e1ri\u00f0 oft \u00ed hn\u00fat og heldur \u00e1 sk\u00e1l (patera), fyllihorni e\u00f0a k\u00f6rfu me\u00f0 \u00e1v\u00f6xtum.<\/p><p>\u00cd \u00f6\u00f0ru \u00fatg\u00e1fuformi stendur h\u00fan milli tveggja samhverft sta\u00f0settra hesta sem h\u00fan f\u00f3\u00f0rar e\u00f0a lei\u00f0ir, samsetning sem minnir \u00e1 r\u00ednversku matr\u00f3na-<span class=\"iwg-fachbegriff\" data-tooltip=\"Fr\u00e6\u00f0igrein um myndefni og merkingu \u00feess.\" tabindex=\"0\">myndfr\u00e6\u00f0ina<\/span>. \u00deri\u00f0ja \u00fatg\u00e1fan s\u00fdnir hana \u00ed h\u00e1s\u00e6ti me\u00f0 folald vi\u00f0 f\u00e6tur s\u00e9r.<\/p>\n\n<p>T\u00e1knr\u00e6n einkenni hennar v\u00edsa til hlutverka umfram hreina hestatengingu. Fyllihorn og brau\u00f0karfa tengja hana frj\u00f3semi og f\u00e6\u00f0u, sem gefur til kynna v\u00ed\u00f0t\u00e6kara svi\u00f0 \u00abum\u00f6nnunar\u00bb.<\/p><p>Marie-Louise Sjoestedt undirstrika\u00f0i \u00feessa samtvinnun hestar\u00e6ktar, r\u00edkid\u00e6mis og frj\u00f3semi \u00e1ri\u00f0 1940 sem d\u00e6miger\u00f0a tengingu \u00ed gallverskri tr\u00faari\u00f0kun. N\u00fdlegar ranns\u00f3knir Garrett Olmsted og Miranda Aldhouse-Green sty\u00f0ja \u00feessa t\u00falkun me\u00f0 auknu myndefni.<\/p>\t\t\t\t\t\t\t\t<\/div>\n\t\t\t\t<\/div>\n\t\t<div class=\"elementor-element elementor-element-1bf68cf e-con-full e-flex e-con e-child\" data-id=\"1bf68cf\" data-element_type=\"container\" data-e-type=\"container\">\n\t\t\t\t<div class=\"elementor-element elementor-element-33f16de elementor-widget elementor-widget-heading\" data-id=\"33f16de\" data-element_type=\"widget\" data-e-type=\"widget\" data-widget_type=\"heading.default\">\n\t\t\t\t\t<h2 class=\"elementor-heading-title elementor-size-default\">Landfr\u00e6\u00f0ileg \u00fatbrei\u00f0sla<\/h2>\t\t\t\t<\/div>\n\t\t\t\t<div class=\"elementor-element elementor-element-a463e83 elementor-widget elementor-widget-text-editor\" data-id=\"a463e83\" data-element_type=\"widget\" data-e-type=\"widget\" data-widget_type=\"text-editor.default\">\n\t\t\t\t\t\t\t\t\t<p>Kjarnasv\u00e6\u00f0i Eponu-d\u00fdrkunarinnar eru austurhluti Gall\u00edu, R\u00ednarsv\u00e6\u00f0i\u00f0 me\u00f0 st\u00f3rum hersetum \u00ed Mainz, K\u00f6ln og Bonn, nor\u00edsku Alpasv\u00e6\u00f0in og D\u00f3n\u00e1rh\u00e9ru\u00f0in.<\/p><p>\u00c1letranir finnast einnig \u00ed Bretlandi og \u00e1 \u00cdber\u00eduskaga, oft \u00e1 st\u00f6\u00f0um \u00fear sem riddarali\u00f0ssveitir voru sta\u00f0settar. \u00c1 \u00edt\u00f6lsku meginsv\u00e6\u00f0inu er Epona sjaldg\u00e6fari, en h\u00fan er sta\u00f0fest \u00e1 \u00f3beinan h\u00e1tt me\u00f0 uppt\u00f6ku \u00ed r\u00f3mverska dagatali\u00f0 og me\u00f0 b\u00f3kmenntalegum tilv\u00edsunum eins og hj\u00e1 Iuvenal.<\/p>\n\n<p>\u00c1letranir eru skrifa\u00f0ar \u00e1 lat\u00ednu og nefna Eponu oftast me\u00f0 vi\u00f0urnefninu \u00abAugusta\u00bb e\u00f0a \u00abRegina\u00bb, sem s\u00fdnir yfirf\u00e6rslu fr\u00e1 sta\u00f0bundinni <span class=\"iwg-fachbegriff\" data-tooltip=\"Heildarsafn tr\u00faarlegra d\u00fdrkunarathafna sem tengjast gu\u00f0i e\u00f0a heilagri v\u00e6ttu.\" tabindex=\"0\">d\u00fdrkun<\/span> til opinberrar r\u00edkistr\u00faar. \u00deeir sem heita henni f\u00f3rnargjafir eru oft hermenn \u00far aukali\u00f0ssveitum, en einnig veraldlegir hestar\u00e6ktendur, vagnstj\u00f3rar og riddarar. F\u00e9lagsleg dreifing d\u00fdrkunarinnar er v\u00ed\u00f0t\u00e6kari en hj\u00e1 m\u00f6rgum \u00f6\u00f0rum gallverskum gu\u00f0um.<\/p>\t\t\t\t\t\t\t\t<\/div>\n\t\t\t\t<\/div>\n\t\t<div class=\"elementor-element elementor-element-9972cde e-con-full e-flex e-con e-child\" data-id=\"9972cde\" data-element_type=\"container\" data-e-type=\"container\">\n\t\t\t\t<div class=\"elementor-element elementor-element-b4899a0 elementor-widget elementor-widget-heading\" data-id=\"b4899a0\" data-element_type=\"widget\" data-e-type=\"widget\" data-widget_type=\"heading.default\">\n\t\t\t\t\t<h2 class=\"elementor-heading-title elementor-size-default\">Hlutverk og tr\u00faarlegt v\u00e6gi<\/h2>\t\t\t\t<\/div>\n\t\t\t\t<div class=\"elementor-element elementor-element-74c2dc5 elementor-widget elementor-widget-text-editor\" data-id=\"74c2dc5\" data-element_type=\"widget\" data-e-type=\"widget\" data-widget_type=\"text-editor.default\">\n\t\t\t\t\t\t\t\t\t<p>Epona bar \u00e1byrg\u00f0 \u00e1 frj\u00f3semi hesta, \u00f6ruggri f\u00e6\u00f0ingu \u00feeirra, verndun \u00feeirra \u00ed hesth\u00fasum og \u00e1 l\u00f6ngum fer\u00f0um. Riddarar \u00e1k\u00f6llu\u00f0u hana fyrir bardaga, \u00f6kumenn fyrir langar fer\u00f0ir, b\u00e6ndur fyrir s\u00e1ningu. Samsetning hennar \u00far hestatengingu og almennu t\u00e1kni um allsn\u00e6gtir ger\u00f0i hana a\u00f0 verndargy\u00f0ju b\u00e6jarins, heimilisins og fer\u00f0alaga.<\/p>\n\n<p>S\u00e9rstakt hlutverk sem s\u00e1larlei\u00f0s\u00f6guma\u00f0ur, \u00fe.e. fylgikona s\u00e1lna til handanheimsins, hefur veri\u00f0 dregi\u00f0 af tengingu hests og fer\u00f0alags af sumum fr\u00e6\u00f0im\u00f6nnum, me\u00f0al annars R\u00e9ne Magnen og Garrett Olmsted.<\/p><p>Bernhard Maier telur \u00feessa t\u00falkun m\u00f6gulega en telur hana ekki afdr\u00e1ttarlaust sta\u00f0festa af fornum heimildum. Flestar \u00e1letranir og myndir tengjast heitum og \u00e1heitagj\u00f6fum, \u00e1n sk\u00fdrrar merkingar um handanheiminn.<\/p>\t\t\t\t\t\t\t\t<\/div>\n\t\t\t\t<\/div>\n\t\t<div class=\"elementor-element elementor-element-ec119bf e-con-full e-flex e-con e-child\" data-id=\"ec119bf\" data-element_type=\"container\" data-e-type=\"container\">\n\t\t\t\t<div class=\"elementor-element elementor-element-c034a36 elementor-widget elementor-widget-heading\" data-id=\"c034a36\" data-element_type=\"widget\" data-e-type=\"widget\" data-widget_type=\"heading.default\">\n\t\t\t\t\t<h2 class=\"elementor-heading-title elementor-size-default\">Tengsl vi\u00f0 a\u00f0rar hestagy\u00f0jur<\/h2>\t\t\t\t<\/div>\n\t\t\t\t<div class=\"elementor-element elementor-element-7592912 elementor-widget elementor-widget-text-editor\" data-id=\"7592912\" data-element_type=\"widget\" data-e-type=\"widget\" data-widget_type=\"text-editor.default\">\n\t\t\t\t\t\t\t\t\t<p>\u00cd velskri <span class=\"iwg-fachbegriff\" data-tooltip=\"Heildarsafn \u00feeirra gu\u00f0asagna sem var\u00f0veist hafa \u00ed tiltekinni menningu.\" tabindex=\"0\">go\u00f0afr\u00e6\u00f0i<\/span> kemur Rhiannon fram \u00ed \u00abMabinogi\u00bb sem h\u00e1mi\u00f0aldaerfingi fornrar hestagy\u00f0ju. H\u00fan kemur r\u00ed\u00f0andi \u00e1 skjannahv\u00edtum hesti til Pwyll, er ranglega borin s\u00f6kum um barnamor\u00f0 og ver\u00f0ur sem hegning a\u00f0 bera vegfarendur \u00e1 baki s\u00ednu inn \u00ed kastalann.<\/p><p>Margir keltnesku-fr\u00e6\u00f0ingar telja \u00feessa s\u00f6gu vera brotakennda minningu um hestagy\u00f0ju af sama toga og Epona. Ekki er unnt a\u00f0 s\u00fdna fram \u00e1 tungum\u00e1lalega tengingu, en hi\u00f0 hlutverkslega samhengi er sk\u00fdrt.<\/p>\n\n<p>Einnig hin \u00edrska Macha, sem hlaupandi \u00feungu\u00f0 tekur \u00fe\u00e1tt \u00ed hestakapprei\u00f0um og hn\u00edgur ni\u00f0ur \u00ed hr\u00ed\u00f0um eftir sigurinn, tilheyrir \u00feessu samhengi. Marie-Louise Sjoestedt t\u00f3k saman Machu, Rhiannon og Eponu undir heitinu \u00abkeltneskar hestagy\u00f0jur\u00bb, h\u00f3p sem \u00e1 sameiginlegt hlutverk \u00ed tengingu hests, drottinvalds og lands.<\/p><p>John Carey hefur \u00ed n\u00fdrri verkum s\u00ednum gert \u00feessa flokkun fj\u00f6lbreyttari; hann telur Machu fyrst og fremst vera drottningar- og drottinvaldsgy\u00f0ju, \u00fear sem hestae\u00f0lis\u00fe\u00e1tturinn s\u00e9 sj\u00e1lfst\u00e6tt <span class=\"iwg-fachbegriff\" data-tooltip=\"Endurteki\u00f0 efnislegt einkenni \u00ed list e\u00f0a fr\u00e1s\u00f6gn.\" tabindex=\"0\">minni<\/span>.<\/p>\t\t\t\t\t\t\t\t<\/div>\n\t\t\t\t<\/div>\n\t\t<div class=\"elementor-element elementor-element-b41645b e-con-full e-flex e-con e-child\" data-id=\"b41645b\" data-element_type=\"container\" data-e-type=\"container\">\n\t\t\t\t<div class=\"elementor-element elementor-element-e3a198b elementor-widget elementor-widget-heading\" data-id=\"e3a198b\" data-element_type=\"widget\" data-e-type=\"widget\" data-widget_type=\"heading.default\">\n\t\t\t\t\t<h2 class=\"elementor-heading-title elementor-size-default\">Kristi\u00f0 bakslag og framhaldsl\u00edf<\/h2>\t\t\t\t<\/div>\n\t\t\t\t<div class=\"elementor-element elementor-element-9bc42d4 elementor-widget elementor-widget-text-editor\" data-id=\"9bc42d4\" data-element_type=\"widget\" data-e-type=\"widget\" data-widget_type=\"text-editor.default\">\n\t\t\t\t\t\t\t\t\t<p>Me\u00f0 kristnit\u00f6ku Gall\u00edu \u00e1 4. og 5. \u00f6ld hverfur Epona \u00far opinberum \u00e1letrunum. \u00c1 sveitasv\u00e6\u00f0um lif\u00f0u leifar af d\u00fdrkun hennar lengur, eins og synodal\u00e1kv\u00e6\u00f0i fr\u00e1 6. \u00f6ld s\u00fdna, en \u00feau banna hei\u00f0nar hestad\u00fdrkanir og fj\u00f3svi\u00f0h\u00f6fn.<\/p><p>Bernhard Maier og Bernadette Filotas (\u00ab<span class=\"iwg-fachbegriff\" data-tooltip=\"Sama og hei\u00f0inn; tilheyrandi tr\u00faarbr\u00f6g\u00f0um fr\u00e1 t\u00edmanum fyrir kristni.\" tabindex=\"0\">hei\u00f0in<\/span> Survivals\u00bb, 2005) hafa t\u00falka\u00f0 \u00feessi b\u00f6nn sem \u00f3beina vitnisbur\u00f0i um langvarandi \u00e1hrif hestagy\u00f0junnar.<\/p>\n\n<p>Fr\u00e1 s\u00ed\u00f0mi\u00f0\u00f6ldum er ekki lengur unnt a\u00f0 finna sk\u00fdrar minningar um Eponu. S\u00ed\u00f0ari \u00fej\u00f3\u00f0tr\u00faarhef\u00f0ir sem tengja hestinn vi\u00f0 vernd og heppni, t.d. a\u00f0 hengja upp hestaskeifur, m\u00e1 ekki rekja beint til Eponu-<span class=\"iwg-fachbegriff\" data-tooltip=\"Heildarsafn tr\u00faarlegra d\u00fdrkunarathafna fyrir gu\u00f0 e\u00f0a heilaga veru.\" tabindex=\"0\">d\u00fdrkunar<\/span>, heldur eru sj\u00e1lfst\u00e6\u00f0 \u00fer\u00f3un sem var ranns\u00f6ku\u00f0 \u00ed <span class=\"iwg-fachbegriff\" data-tooltip=\"Fr\u00e6\u00f0igrein sem rannsakar hversdagsmenningu, si\u00f0i og var\u00f0veittar hugmyndir.\" tabindex=\"0\">\u00fej\u00f3\u00f0fr\u00e6\u00f0i<\/span> 19. aldar.<\/p>\t\t\t\t\t\t\t\t<\/div>\n\t\t\t\t<\/div>\n\t\t<div class=\"elementor-element elementor-element-0922de5 e-con-full e-flex e-con e-child\" data-id=\"0922de5\" data-element_type=\"container\" data-e-type=\"container\">\n\t\t\t\t<div class=\"elementor-element elementor-element-9920ae2 elementor-widget elementor-widget-heading\" data-id=\"9920ae2\" data-element_type=\"widget\" data-e-type=\"widget\" data-widget_type=\"heading.default\">\n\t\t\t\t\t<h2 class=\"elementor-heading-title elementor-size-default\">Ranns\u00f3knir og m\u00f3tt\u00f6kusaga<\/h2>\t\t\t\t<\/div>\n\t\t\t\t<div class=\"elementor-element elementor-element-0c7f78d elementor-widget elementor-widget-text-editor\" data-id=\"0c7f78d\" data-element_type=\"widget\" data-e-type=\"widget\" data-widget_type=\"text-editor.default\">\n\t\t\t\t\t\t\t\t\t<p>N\u00fat\u00edma Eponu-ranns\u00f3knir hefjast me\u00f0 grunnlegri efniss\u00f6fnun R\u00e9ne Magnen, sem \u00c9mile Th\u00e9venot gaf \u00fat 1975 undir titlinum \u00ab\u00c9pona, d\u00e9esse gauloise des chevaux\u00bb. H\u00fan er enn \u00feann dag \u00ed dag meginheimildasafni\u00f0. Miranda Aldhouse-Green setti fram kerfisbundna myndgreiningu. Helmut Birkhan og Bernhard Maier hafa d\u00fdpka\u00f0 tr\u00faars\u00f6gulega sta\u00f0setningu hennar innan gall\u00f3r\u00f3mverska <span class=\"iwg-fachbegriff\" data-tooltip=\"Heildarsafn gu\u00f0a innan tr\u00faarbrag\u00f0a e\u00f0a menningar.\" tabindex=\"0\">go\u00f0aheimsins<\/span>.<\/p>\n\n<p>\u00cd n\u00fat\u00edma n\u00fdhei\u00f0inni m\u00f3tt\u00f6ku er Epona d\u00fdrku\u00f0 sem gy\u00f0ja hesta og verndar \u00e1 fer\u00f0al\u00f6gum. Hesta\u00ed\u00fer\u00f3ttasamb\u00f6nd \u00ed Frakklandi og \u00de\u00fdskalandi gr\u00edpa st\u00f6ku sinnum til hennar sem t\u00e1knmyndar.<\/p><p>\u00cd fantas\u00edub\u00f3kmenntum og hlutverkaleikjaheiminum kemur h\u00fan reglulega fram, me\u00f0al annars sem nafngjafi \u00ed leiknum \u00abThe Legend of Zelda\u00bb. \u00deessar d\u00e6gurmenningarlegu tengingar hafa efnislega l\u00edti\u00f0 a\u00f0 gera me\u00f0 fornu <span class=\"iwg-fachbegriff\" data-tooltip=\"Heildarsafn tr\u00faarlegra d\u00fdrkunarathafna fyrir gu\u00f0 e\u00f0a heilaga veru.\" tabindex=\"0\">d\u00fdrkunina<\/span>, en halda nafninu lifandi \u00ed almennri vitund.<\/p>\t\t\t\t\t\t\t\t<\/div>\n\t\t\t\t<\/div>\n\t\t<div class=\"elementor-element elementor-element-83329fb e-con-full e-flex e-con e-child\" data-id=\"83329fb\" data-element_type=\"container\" data-e-type=\"container\">\n\t\t\t\t<div class=\"elementor-element elementor-element-8da26b2 elementor-widget elementor-widget-heading\" data-id=\"8da26b2\" data-element_type=\"widget\" data-e-type=\"widget\" data-widget_type=\"heading.default\">\n\t\t\t\t\t<h2 class=\"elementor-heading-title elementor-size-default\">F\u00e9lagslegur bakhjarl d\u00fdrkunarinnar<\/h2>\t\t\t\t<\/div>\n\t\t\t\t<div class=\"elementor-element elementor-element-614e44f elementor-widget elementor-widget-text-editor\" data-id=\"614e44f\" data-element_type=\"widget\" data-e-type=\"widget\" data-widget_type=\"text-editor.default\">\n\t\t\t\t\t\t\t\t\t<p>\u00c1letrunarg\u00f6gnin gera kleift a\u00f0 l\u00fdsa f\u00e9lagslegum bakhjarli me\u00f0 nokkurri n\u00e1kv\u00e6mni. Um tveir \u00feri\u00f0ju hlutar var\u00f0veittra v\u00edgslu\u00ad\u00e1letrana koma fr\u00e1 herm\u00f6nnum, s\u00e9rstaklega riddurum \u00far Alae og Cohortes Equitatae, sem voru sta\u00f0settir \u00ed h\u00e9ru\u00f0um vi\u00f0 landam\u00e6ri r\u00edkisins. Einnig eru h\u00e1ir yfirmenn eins og pr\u00f3fastar og herforingjar skr\u00e1\u00f0ir sem gefendur.<\/p><p>\u00c1 hinu almenna svi\u00f0i koma vagnstj\u00f3rar, hestar\u00e6ktendur, m\u00falrei\u00f0armenn og p\u00f3ststj\u00f3rar fram sem gefendur, sem undirstrikar tengsl gy\u00f0junnar vi\u00f0 flutninga. St\u00f6ku sinnum finnast gjafir fr\u00e1 konum \u00far sta\u00f0bundnum yfirst\u00e9ttum, sem v\u00f6ldu Eponu sem pers\u00f3nulega verndargy\u00f0ju.<\/p>\n\n<p>S\u00e9rkenni er fj\u00f6lf\u00f6ldun d\u00fdrkunar Eponu \u00e1samt \u00abEponabus\u00bb, \u00fe.e. \u00abEponunum\u00bb \u00ed fj\u00f6lt\u00f6lu. \u00deetta sjaldg\u00e6fa form er s\u00e9rstaklega sta\u00f0fest \u00e1 R\u00ednarsv\u00e6\u00f0inu og bendir til fj\u00f6lf\u00f6ldunar veru \u00ed h\u00f3p hestagy\u00f0ja, samb\u00e6rilegt vi\u00f0 \u00fer\u00edeiningar Matronae.<\/p><p>Miranda Aldhouse-Green hefur t\u00falka\u00f0 \u00feetta form sem v\u00edsbendingu um eldri, sameiginlega d\u00fdrkun, sem hin einstaka Epona \u00fer\u00f3a\u00f0ist \u00fat fr\u00e1 sem s\u00e9rstaklega afm\u00f6rku\u00f0 vera.<\/p>\t\t\t\t\t\t\t\t<\/div>\n\t\t\t\t<\/div>\n\t\t<div class=\"elementor-element elementor-element-10fde11 e-con-full e-flex e-con e-child\" data-id=\"10fde11\" data-element_type=\"container\" data-e-type=\"container\">\n\t\t\t\t<div class=\"elementor-element elementor-element-0a7ddf7 elementor-widget elementor-widget-heading\" data-id=\"0a7ddf7\" data-element_type=\"widget\" data-e-type=\"widget\" data-widget_type=\"heading.default\">\n\t\t\t\t\t<h2 class=\"elementor-heading-title elementor-size-default\">Lykilheimildir \u00far \u00e1letrunum<\/h2>\t\t\t\t<\/div>\n\t\t\t\t<div class=\"elementor-element elementor-element-13348ba elementor-widget elementor-widget-text-editor\" data-id=\"13348ba\" data-element_type=\"widget\" data-e-type=\"widget\" data-widget_type=\"text-editor.default\">\n\t\t\t\t\t\t\t\t\t<p>Meginheimildarh\u00f3purinn um <span class=\"iwg-fachbegriff\" data-tooltip=\"\u00d6ll tr\u00faarlega tilbei\u00f0sluath\u00f6fnin fyrir gu\u00f0 e\u00f0a heilaga v\u00e6ttu.\" tabindex=\"0\">helgisi\u00f0i<\/span> Eponu er um tv\u00f6 hundru\u00f0 og fimmt\u00edu var\u00f0veittar \u00e1letranir, sem eru skjalfestar \u00ed \u00abCorpus Inscriptionum Latinarum\u00bb og \u00ed \u00abL&#8217;Ann\u00e9e \u00e9pigraphique\u00bb.<\/p><p>Me\u00f0al mikilv\u00e6gustu heimildanna eru Mainz-l\u00e1gmyndarv\u00edgslan CIL XIII 11801, \u00fear sem herma\u00f0ur \u00far Legio XXII Primigenia stofnar <span class=\"iwg-fachbegriff\" data-tooltip=\"Heilagur sta\u00f0ur tileinka\u00f0ur tilbei\u00f0slu gu\u00f0s e\u00f0a heilagrar v\u00e6ttar.\" tabindex=\"0\">helgista\u00f0<\/span> til handa \u00abEpona Augusta\u00bb, Carnuntum-<span class=\"iwg-fachbegriff\" data-tooltip=\"Texti sem hefur veri\u00f0 skorinn e\u00f0a h\u00f6ggvinn \u00ed fastan efnivi\u00f0.\" tabindex=\"0\">\u00e1letrunin<\/span> CIL III 4438 \u00far b\u00fa\u00f0um Ala I Thracum, og heit\u00e1letranirnar fr\u00e1 Antunnacum (n\u00fa Andernach) og fr\u00e1 gallverska Ales\u00edu.<\/p><p>S\u00e9rstakur sess er tekinn af s\u00ed\u00f0latnesku <span class=\"iwg-fachbegriff\" data-tooltip=\"Texti sem hefur veri\u00f0 skorinn e\u00f0a h\u00f6ggvinn \u00ed fastan efnivi\u00f0.\" tabindex=\"0\">\u00e1letruninni<\/span> CIL XII 1797 fr\u00e1 Vienne, sem kallar Eponu \u00abEpona Regina\u00bb og setur \u00feannig fram kr\u00f6fu um yfirsv\u00e6\u00f0isbundna verndargy\u00f0ju.<\/p><p>Hubert Cancik og Manfred Clauss hafa \u00ed \u00abEpigraphische Datenbank Heidelberg\u00bb og \u00ed fylgjandi sk\u00fdringum sk\u00fdrt n\u00e1nar hver bar helgihaldi\u00f0 uppi: \u00feeir sem v\u00edg\u00f0u \u00e1letranirnar voru a\u00f0 mestu karlkyns fagriddarar, hesth\u00fas\u00fej\u00f3nar og hermenn \u00e1 eftirlaunum me\u00f0 reynslu af hestum, auk einstaka einkaframlaga f\u00f3lks me\u00f0 sveitabakgrunn.<\/p>\n<p>Anne-Marie Pailler hefur \u00ed \u00ab\u00c9pona, d\u00e9esse gauloise\u00bb (Bordeaux 2006) greint t\u00f6lfr\u00e6\u00f0ilega dreifingu \u00e1letranna og bent \u00e1 \u00fe\u00e9ttingu \u00feeirra \u00e1 R\u00edn-M\u00f3sel-sv\u00e6\u00f0inu, \u00ed Pann\u00f3n\u00edu og \u00e1 Nor\u00f0ur-\u00cdtal\u00edu. T\u00edmasetningarnar spanna fr\u00e1 lokum fyrstu aldar til upphafs fj\u00f3r\u00f0u aldar eftir Krist, me\u00f0 h\u00e1marki \u00e1 valdat\u00edma Severa-keisara\u00e6ttarinnar.<\/p><p>Athygli vekur hve f\u00e1ar heimildir finnast \u00ed kjarnasv\u00e6\u00f0i gallverskra \u00fej\u00f3\u00f0flokka \u00e1 Mi\u00f0h\u00e1lendinu (Massif Central), sem Patrice Lajoye \u00ed ritger\u00f0asafni s\u00ednu \u00abCultes des sources et des eaux en Gaule\u00bb (2017) telur benda til \u00feess a\u00f0 fornleifafr\u00e6\u00f0ilega s\u00fdnilegur <span class=\"iwg-fachbegriff\" data-tooltip=\"\u00d6ll tr\u00faarlega tilbei\u00f0sluath\u00f6fnin fyrir gu\u00f0 e\u00f0a heilaga v\u00e6ttu.\" tabindex=\"0\">helgisi\u00f0ur<\/span> Eponu s\u00e9 \u00feegar r\u00f3mversk-hermannaleg endurm\u00f3tun eldri, skriftlausrar gallverskrar tilbei\u00f0slu.<\/p>\t\t\t\t\t\t\t\t<\/div>\n\t\t\t\t<\/div>\n\t\t<div class=\"elementor-element elementor-element-c6d7250 e-con-full e-flex e-con e-child\" data-id=\"c6d7250\" data-element_type=\"container\" data-e-type=\"container\">\n\t\t\t\t<div class=\"elementor-element elementor-element-ac05975 elementor-widget elementor-widget-heading\" data-id=\"ac05975\" data-element_type=\"widget\" data-e-type=\"widget\" data-widget_type=\"heading.default\">\n\t\t\t\t\t<h2 class=\"elementor-heading-title elementor-size-default\">Fornar b\u00f3kmenntalegar tilv\u00edsanir<\/h2>\t\t\t\t<\/div>\n\t\t\t\t<div class=\"elementor-element elementor-element-5368abc elementor-widget elementor-widget-text-editor\" data-id=\"5368abc\" data-element_type=\"widget\" data-e-type=\"widget\" data-widget_type=\"text-editor.default\">\n\t\t\t\t\t\t\t\t\t<p>F\u00e1ar b\u00f3kmenntalegar tilv\u00edsanir \u00ed Ep\u00f3nu \u00ed r\u00f3mverskri <span class=\"iwg-fachbegriff\" data-tooltip=\"Mi\u00f0lun \u00feekkingar og fr\u00e1sagna milli kynsl\u00f3\u00f0a.\" tabindex=\"0\">arfleif\u00f0<\/span> eru heimildafr\u00e6\u00f0ilega afar \u00e1hugaver\u00f0ar, \u00fev\u00ed \u00fe\u00e6r s\u00fdna ja\u00f0arst\u00f6\u00f0u \u00abh\u00e9ra\u00f0sbundinnar\u00bb <span class=\"iwg-fachbegriff\" data-tooltip=\"Vera sem er d\u00fdrku\u00f0 sem gu\u00f0leg innan tr\u00faarbrag\u00f0a.\" tabindex=\"0\">gy\u00f0ju<\/span> s\u00e9\u00f0 fr\u00e1 sj\u00f3narh\u00f3li yfirst\u00e9ttarinnar \u00ed R\u00f3m.<\/p><p>J\u00favenal gerir gr\u00edn \u00ed \u00e1ttunda sat\u00edrukv\u00e6\u00f0inu s\u00ednu (l\u00ednur 156 til 157) a\u00f0 r\u00e6\u00f0ismanni sem sverji \u00abiurat solam Eponam\u00bb vi\u00f0 hestatr\u00f6ngina, \u00fea\u00f0 er a\u00f0 segja a\u00f0 hann \u00feekki a\u00f0eins Ep\u00f3nu en ekki hin opinberu r\u00f3mversku gu\u00f0i. Ap\u00faleius v\u00edsar \u00ed \u00abUmbreytingunum\u00bb III 27 til n\u00edsju me\u00f0 mynd af Ep\u00f3nu \u00ed hesth\u00fasgar\u00f0i \u00e1 sveitasetri \u00ed h\u00e9ra\u00f0i, skreyttri n\u00fdskornum r\u00f3sum.<\/p><p>Min\u00fac\u00edus Felix nefnir \u00ed \u00abOctavius\u00bb 28 d\u00fdrkun Ep\u00f3nu sem d\u00e6mi um \u00abd\u00fdra- og hesth\u00fasgu\u00f0i\u00bb h\u00e9ra\u00f0anna, sem hann fer h\u00e1\u00f0sor\u00f0um um.<\/p><p>Tert\u00fall\u00edanus (\u00abApologeticum\u00bb 16, \u00abAd nationes\u00bb I 11) tekur \u00feennan h\u00e1\u00f0st\u00f3n upp og nefnir Ep\u00f3nu sem d\u00e6mi um f\u00e1r\u00e1nleika hei\u00f0innar <span class=\"iwg-fachbegriff\" data-tooltip=\"S\u00fa tr\u00faarlega afsta\u00f0a og i\u00f0kun sem einstaklingur lifir eftir.\" tabindex=\"0\">gu\u00f0r\u00e6kni<\/span>. \u00deessar b\u00f3kmenntalegu athugasemdir styrkja \u00fe\u00e1 mynd a\u00f0 <span class=\"iwg-fachbegriff\" data-tooltip=\"Heildarsafn tr\u00faarlegra d\u00fdrkunarathafna fyrir gu\u00f0 e\u00f0a heilaga veru.\" tabindex=\"0\">d\u00fdrkun<\/span> Ep\u00f3nu hafi einkum veri\u00f0 <span class=\"iwg-fachbegriff\" data-tooltip=\"Heildarsafn tr\u00faarlegra d\u00fdrkunarathafna fyrir gu\u00f0 e\u00f0a heilaga veru.\" tabindex=\"0\">d\u00fdrkun<\/span> l\u00e6gri st\u00e9tta, riddarali\u00f0shj\u00e1lparsveita og sveitab\u00e6ja.<\/p>\n<p>Auk \u00feess greinir \u00abHistoria Augusta\u00bb \u00ed \u00abVita Veri\u00bb 6 fr\u00e1 s\u00f6gu um a\u00f0 Lucius Verus hafi \u00ed str\u00ed\u00f0inu gegn P\u00f6r\u00feum bori\u00f0 me\u00f0 s\u00e9r tr\u00e9tr\u00e9haus hests sem Ep\u00f3nu-<span class=\"iwg-fachbegriff\" data-tooltip=\"T\u00e1kn sem stendur fyrir hugmynd e\u00f0a merkingu.\" tabindex=\"0\">t\u00e1kn<\/span>.<\/p><p>Bernhard Maier bendir \u00ed verkum s\u00ednum um gall\u00f3r\u00f3mverska tr\u00fa \u00e1 a\u00f0 \u00abHistoria Augusta\u00bb s\u00e9 heimildafr\u00e6\u00f0ilega \u00f3\u00e1rei\u00f0anleg, en athugasemdin endurspegli engu a\u00f0 s\u00ed\u00f0ur raunverulegan <span class=\"iwg-fachbegriff\" data-tooltip=\"I\u00f0ja sem hefur var\u00f0veist og er endurtekin reglulega innan samf\u00e9lags.\" tabindex=\"0\">si\u00f0<\/span> r\u00f3mverskra riddarasveita a\u00f0 setja upp litlar Ep\u00f3nu-myndir \u00ed b\u00fa\u00f0um s\u00ednum. \u00deessi i\u00f0ja er sta\u00f0fest fornleifafr\u00e6\u00f0ilega me\u00f0 fundum \u00far virkjunum Saalburg, Niederbieber og Carnuntum.<\/p>\t\t\t\t\t\t\t\t<\/div>\n\t\t\t\t<\/div>\n\t\t<div class=\"elementor-element elementor-element-30a6cd4 e-con-full e-flex e-con e-child\" data-id=\"30a6cd4\" data-element_type=\"container\" data-e-type=\"container\">\n\t\t\t\t<div class=\"elementor-element elementor-element-28d09aa elementor-widget elementor-widget-heading\" data-id=\"28d09aa\" data-element_type=\"widget\" data-e-type=\"widget\" data-widget_type=\"heading.default\">\n\t\t\t\t\t<h2 class=\"elementor-heading-title elementor-size-default\">A\u00f0fer\u00f0afr\u00e6\u00f0ileg vandam\u00e1l ranns\u00f3kna<\/h2>\t\t\t\t<\/div>\n\t\t\t\t<div class=\"elementor-element elementor-element-e120bec elementor-widget elementor-widget-text-editor\" data-id=\"e120bec\" data-element_type=\"widget\" data-e-type=\"widget\" data-widget_type=\"text-editor.default\">\n\t\t\t\t\t\t\t\t\t<p>Ranns\u00f3knir \u00e1 Eponu standa frammi fyrir nokkrum a\u00f0fer\u00f0afr\u00e6\u00f0ilegum erfi\u00f0leikum. Heimildirnar eru a\u00f0 v\u00edsu r\u00edkar, en \u00fe\u00e6r eru samfellt m\u00f3ta\u00f0ar af r\u00f3mverskum h\u00e9ra\u00f0s\u00e1hrifum. Hvernig hin fyrirr\u00f3mverska, hreinkeltneska mynd helgisi\u00f0arins leit \u00fat, er ekki lengur unnt a\u00f0 endurgera.<\/p><p>\u00c1letranirnar eru \u00e1 lat\u00ednu, myndverkin fylgja r\u00f3mverskum hef\u00f0um, og b\u00f3kmenntalegar heimildir eru allar fr\u00e1 r\u00f3mverskum h\u00f6fundum. \u201eEkta keltnesk&#8220; Epona ver\u00f0ur ekki dregin fram \u00far \u00feessu efni.<\/p>\n\n<p>Samt\u00edmis felur \u00fea\u00f0 \u00ed s\u00e9r \u00e1h\u00e6ttu a\u00f0 tengja myndsamsetningu vi\u00f0 Eponu, \u00fev\u00ed svipu\u00f0 riddara- og hestamyndhef\u00f0 var einnig notu\u00f0 fyrir a\u00f0rar gu\u00f0ir, svo sem \u00ferakverska riddara, ill\u00fdr\u00edsk hetjuv\u00e6ttir e\u00f0a r\u00ednarlensku matronae me\u00f0 d\u00fdrakerru.<\/p><p>Garrett Olmsted hefur krafist n\u00e1kv\u00e6ms myndfr\u00e6\u00f0ilegs vi\u00f0mi\u00f0s: a\u00f0eins myndir sem eru sta\u00f0festar me\u00f0 fylgjandi <span class=\"iwg-fachbegriff\" data-tooltip=\"Texti sem hefur veri\u00f0 skorinn e\u00f0a h\u00f6ggvinn \u00ed fastan efnivi\u00f0.\" tabindex=\"0\">\u00e1letrun<\/span> geta talist myndir af Eponu. N\u00faverandi yfirlit vinna me\u00f0 \u00feessu strengri safni, sem er t\u00f6luvert minna en heildarfj\u00f6ldi hugsanlegra mynda.<\/p>\t\t\t\t\t\t\t\t<\/div>\n\t\t\t\t<\/div>\n\t\t\t\t\t<\/div>\n\t\t\t\t<\/div>\n\t\t\t\t<\/div>\n\t\t","protected":false},"excerpt":{"rendered":"","protected":false},"author":3,"featured_media":3242,"parent":0,"menu_order":0,"comment_status":"closed","ping_status":"closed","template":"elementor_header_footer","meta":{"_yoast_wpseo_focuskw":"Epona","_yoast_wpseo_title":"Epona \u2013 Keltnesk hestagy\u00f0ja | iWell Guard","_yoast_wpseo_metadesc":"Epona er keltnesk hestagy\u00f0ja, verndargy\u00f0ja hesta, riddara og frj\u00f3semi. Var einnig d\u00fdrku\u00f0 \u00ed R\u00f3m sem verndargy\u00f0ja riddarali\u00f0sins.","_yoast_wpseo_meta-robots-noindex":"","_yoast_wpseo_canonical":"","_angie_page":false,"gefaehrdungsstufe":"","wesen_kultur":"","wesen_klasse":"","footnotes":""},"categories":[],"class_list":["post-169105","page","type-page","status-publish","has-post-thumbnail","hentry"],"yoast_head":"<!-- This site is optimized with the Yoast SEO Premium plugin v27.7 (Yoast SEO v28.3) - https:\/\/yoast.com\/product\/yoast-seo-premium-wordpress\/ -->\n<title>Epona \u2013 Keltnesk hestagy\u00f0ja | iWell Guard<\/title>\n<meta name=\"description\" content=\"Epona er keltnesk hestagy\u00f0ja, verndargy\u00f0ja hesta, riddara og frj\u00f3semi. Var einnig d\u00fdrku\u00f0 \u00ed R\u00f3m sem verndargy\u00f0ja riddarali\u00f0sins.\" \/>\n<meta name=\"robots\" content=\"index, follow, max-snippet:-1, max-image-preview:large, max-video-preview:-1\" \/>\n<link rel=\"canonical\" href=\"https:\/\/iwell-guard.com\/is\/epona\/\" \/>\n<meta property=\"og:locale\" content=\"is_IS\" \/>\n<meta property=\"og:type\" content=\"article\" \/>\n<meta property=\"og:title\" content=\"Epona\" \/>\n<meta property=\"og:description\" content=\"Epona er keltnesk hestagy\u00f0ja, verndargy\u00f0ja hesta, riddara og frj\u00f3semi. Var einnig d\u00fdrku\u00f0 \u00ed R\u00f3m sem verndargy\u00f0ja riddarali\u00f0sins.\" \/>\n<meta property=\"og:url\" content=\"https:\/\/iwell-guard.com\/is\/epona\/\" \/>\n<meta property=\"og:site_name\" content=\"iWell Guard\" \/>\n<meta property=\"article:modified_time\" content=\"2026-09-05T14:32:23+00:00\" \/>\n<meta property=\"og:image\" content=\"https:\/\/iwell-guard.com\/wp-content\/uploads\/2026\/05\/goetter_keltisch_epona.webp\" \/>\n\t<meta property=\"og:image:width\" content=\"1024\" \/>\n\t<meta property=\"og:image:height\" content=\"1536\" \/>\n\t<meta property=\"og:image:type\" content=\"image\/webp\" \/>\n<meta name=\"twitter:card\" content=\"summary_large_image\" \/>\n<script type=\"application\/ld+json\" class=\"yoast-schema-graph\">{\"@context\":\"https:\\\/\\\/schema.org\",\"@graph\":[{\"@type\":\"WebPage\",\"@id\":\"https:\\\/\\\/iwell-guard.com\\\/is\\\/epona\\\/\",\"url\":\"https:\\\/\\\/iwell-guard.com\\\/is\\\/epona\\\/\",\"name\":\"Epona \u2013 Keltnesk hestagy\u00f0ja | iWell Guard\",\"isPartOf\":{\"@id\":\"https:\\\/\\\/iwell-guard.com\\\/is\\\/#website\"},\"primaryImageOfPage\":{\"@id\":\"https:\\\/\\\/iwell-guard.com\\\/is\\\/epona\\\/#primaryimage\"},\"image\":{\"@id\":\"https:\\\/\\\/iwell-guard.com\\\/is\\\/epona\\\/#primaryimage\"},\"thumbnailUrl\":\"https:\\\/\\\/iwell-guard.com\\\/wp-content\\\/uploads\\\/2026\\\/05\\\/goetter_keltisch_epona.webp\",\"datePublished\":\"2026-09-05T14:05:37+00:00\",\"dateModified\":\"2026-09-05T14:32:23+00:00\",\"description\":\"Epona er keltnesk hestagy\u00f0ja, verndargy\u00f0ja hesta, riddara og frj\u00f3semi. Var einnig d\u00fdrku\u00f0 \u00ed R\u00f3m sem verndargy\u00f0ja riddarali\u00f0sins.\",\"breadcrumb\":{\"@id\":\"https:\\\/\\\/iwell-guard.com\\\/is\\\/epona\\\/#breadcrumb\"},\"inLanguage\":\"is\",\"potentialAction\":[{\"@type\":\"ReadAction\",\"target\":[\"https:\\\/\\\/iwell-guard.com\\\/is\\\/epona\\\/\"]}]},{\"@type\":\"ImageObject\",\"inLanguage\":\"is\",\"@id\":\"https:\\\/\\\/iwell-guard.com\\\/is\\\/epona\\\/#primaryimage\",\"url\":\"https:\\\/\\\/iwell-guard.com\\\/wp-content\\\/uploads\\\/2026\\\/05\\\/goetter_keltisch_epona.webp\",\"contentUrl\":\"https:\\\/\\\/iwell-guard.com\\\/wp-content\\\/uploads\\\/2026\\\/05\\\/goetter_keltisch_epona.webp\",\"width\":1024,\"height\":1536,\"caption\":\"Gu\u00f0ir \u00far keltneskri hef\u00f0.\"},{\"@type\":\"BreadcrumbList\",\"@id\":\"https:\\\/\\\/iwell-guard.com\\\/is\\\/epona\\\/#breadcrumb\",\"itemListElement\":[{\"@type\":\"ListItem\",\"position\":1,\"name\":\"Start\",\"item\":\"https:\\\/\\\/iwell-guard.com\\\/is\\\/?page_id=168580\"},{\"@type\":\"ListItem\",\"position\":2,\"name\":\"Epona\"}]},{\"@type\":\"WebSite\",\"@id\":\"https:\\\/\\\/iwell-guard.com\\\/is\\\/#website\",\"url\":\"https:\\\/\\\/iwell-guard.com\\\/is\\\/\",\"name\":\"iWell Guard\",\"description\":\"Schutz vor dunklen Einfl\u00fcssen\",\"publisher\":{\"@id\":\"https:\\\/\\\/iwell-guard.com\\\/is\\\/#organization\"},\"potentialAction\":[{\"@type\":\"SearchAction\",\"target\":{\"@type\":\"EntryPoint\",\"urlTemplate\":\"https:\\\/\\\/iwell-guard.com\\\/is\\\/?s={search_term_string}\"},\"query-input\":{\"@type\":\"PropertyValueSpecification\",\"valueRequired\":true,\"valueName\":\"search_term_string\"}}],\"inLanguage\":\"is\"},{\"@type\":\"Organization\",\"@id\":\"https:\\\/\\\/iwell-guard.com\\\/is\\\/#organization\",\"name\":\"Ittermann electronic GmbH\",\"url\":\"https:\\\/\\\/iwell-guard.com\\\/is\\\/\",\"logo\":{\"@type\":\"ImageObject\",\"inLanguage\":\"is\",\"@id\":\"https:\\\/\\\/iwell-guard.com\\\/is\\\/#\\\/schema\\\/logo\\\/image\\\/\",\"url\":\"https:\\\/\\\/iwell-guard.com\\\/wp-content\\\/uploads\\\/2026\\\/05\\\/Ittermann-Logo-1182x237-1.png\",\"contentUrl\":\"https:\\\/\\\/iwell-guard.com\\\/wp-content\\\/uploads\\\/2026\\\/05\\\/Ittermann-Logo-1182x237-1.png\",\"width\":1182,\"height\":237,\"caption\":\"Ittermann electronic GmbH\"},\"image\":{\"@id\":\"https:\\\/\\\/iwell-guard.com\\\/is\\\/#\\\/schema\\\/logo\\\/image\\\/\"},\"sameAs\":[\"https:\\\/\\\/pantip.com\\\/profile\\\/9367242\",\"https:\\\/\\\/micro.blog\\\/iwellguard\",\"https:\\\/\\\/www.diggerslist.com\\\/iwellguard\\\/about\",\"https:\\\/\\\/skitterphoto.com\\\/photographers\\\/2870314\\\/iwell-guard\",\"https:\\\/\\\/iwellguard.wordpress.com\\\/2026\\\/06\\\/06\\\/iwell-guard\\\/\",\"https:\\\/\\\/hub.docker.com\\\/u\\\/iwellguard\",\"https:\\\/\\\/www.pinterest.com\\\/iwellguard\\\/\",\"https:\\\/\\\/bit.ly\\\/m\\\/iwellguard\",\"https:\\\/\\\/entre-vos-mains.alsace.eu\\\/profiles\\\/iwellguard\\\/activity\",\"https:\\\/\\\/gravatar.com\\\/reallybeded8fd34\",\"https:\\\/\\\/naijamatta.com\\\/iwellguard\",\"https:\\\/\\\/www.goodreads.com\\\/iwellguard\",\"https:\\\/\\\/profile.hatena.ne.jp\\\/iwellguard\\\/\",\"https:\\\/\\\/experiment.com\\\/users\\\/iwellguard\",\"https:\\\/\\\/wakelet.com\\\/@iWellGuard82270\",\"https:\\\/\\\/www.chordie.com\\\/forum\\\/profile.php?id=2555664\",\"https:\\\/\\\/www.instapaper.com\\\/p\\\/17757966\",\"https:\\\/\\\/www.mapleprimes.com\\\/users\\\/iwellguard\",\"https:\\\/\\\/businesslistingplus.com\\\/profile\\\/iwell-guard\\\/\",\"https:\\\/\\\/telegra.ph\\\/iWell-Guard-06-06\",\"https:\\\/\\\/pbase.com\\\/iwellguard\\\/iwellguard\",\"https:\\\/\\\/b.hatena.ne.jp\\\/iwellguard\\\/20260607#bookmark-4788405196491818882\",\"https:\\\/\\\/fliphtml5.com\\\/home\\\/iwellguard\",\"https:\\\/\\\/anyflip.com\\\/homepage\\\/cmiwl#About\",\"https:\\\/\\\/transfur.com\\\/Users\\\/iwellguard\",\"http:\\\/\\\/delphi.larsbo.org\\\/user\\\/iwellguard\",\"https:\\\/\\\/jobs.lajobsportal.org\\\/profiles\\\/8380803-iwell-guard\",\"https:\\\/\\\/md.chaosdorf.de\\\/s\\\/jfbe5SBdJD\",\"https:\\\/\\\/www.lingvolive.com\\\/en-us\\\/profile\\\/9ecaeaca-ce11-4e51-9e71-01d55e2bff36\\\/translations\",\"https:\\\/\\\/www.fitday.com\\\/fitness\\\/forums\\\/members\\\/iwellguard.html\",\"https:\\\/\\\/www.mymeetbook.com\\\/iwellguard\",\"https:\\\/\\\/pxhere.com\\\/en\\\/photographer-me\\\/5040798\",\"https:\\\/\\\/disqus.com\\\/by\\\/iwellguard\\\/about\\\/\",\"https:\\\/\\\/pastelink.net\\\/hjwciqwq\",\"https:\\\/\\\/pubhtml5.com\\\/homepage\\\/scjhn\\\/\",\"https:\\\/\\\/www.bitchute.com\\\/channel\\\/2O2eOKzNqujT\",\"https:\\\/\\\/audiomack.com\\\/iwellguard\"]}]}<\/script>\n<!-- \/ Yoast SEO Premium plugin. -->","yoast_head_json":{"title":"Epona \u2013 Keltnesk hestagy\u00f0ja | iWell Guard","description":"Epona er keltnesk hestagy\u00f0ja, verndargy\u00f0ja hesta, riddara og frj\u00f3semi. Var einnig d\u00fdrku\u00f0 \u00ed R\u00f3m sem verndargy\u00f0ja riddarali\u00f0sins.","robots":{"index":"index","follow":"follow","max-snippet":"max-snippet:-1","max-image-preview":"max-image-preview:large","max-video-preview":"max-video-preview:-1"},"canonical":"https:\/\/iwell-guard.com\/is\/epona\/","og_locale":"is_IS","og_type":"article","og_title":"Epona","og_description":"Epona er keltnesk hestagy\u00f0ja, verndargy\u00f0ja hesta, riddara og frj\u00f3semi. Var einnig d\u00fdrku\u00f0 \u00ed R\u00f3m sem verndargy\u00f0ja riddarali\u00f0sins.","og_url":"https:\/\/iwell-guard.com\/is\/epona\/","og_site_name":"iWell Guard","article_modified_time":"2026-09-05T14:32:23+00:00","og_image":[{"width":1024,"height":1536,"url":"https:\/\/iwell-guard.com\/wp-content\/uploads\/2026\/05\/goetter_keltisch_epona.webp","type":"image\/webp"}],"twitter_card":"summary_large_image","schema":{"@context":"https:\/\/schema.org","@graph":[{"@type":"WebPage","@id":"https:\/\/iwell-guard.com\/is\/epona\/","url":"https:\/\/iwell-guard.com\/is\/epona\/","name":"Epona \u2013 Keltnesk hestagy\u00f0ja | iWell Guard","isPartOf":{"@id":"https:\/\/iwell-guard.com\/is\/#website"},"primaryImageOfPage":{"@id":"https:\/\/iwell-guard.com\/is\/epona\/#primaryimage"},"image":{"@id":"https:\/\/iwell-guard.com\/is\/epona\/#primaryimage"},"thumbnailUrl":"https:\/\/iwell-guard.com\/wp-content\/uploads\/2026\/05\/goetter_keltisch_epona.webp","datePublished":"2026-09-05T14:05:37+00:00","dateModified":"2026-09-05T14:32:23+00:00","description":"Epona er keltnesk hestagy\u00f0ja, verndargy\u00f0ja hesta, riddara og frj\u00f3semi. Var einnig d\u00fdrku\u00f0 \u00ed R\u00f3m sem verndargy\u00f0ja riddarali\u00f0sins.","breadcrumb":{"@id":"https:\/\/iwell-guard.com\/is\/epona\/#breadcrumb"},"inLanguage":"is","potentialAction":[{"@type":"ReadAction","target":["https:\/\/iwell-guard.com\/is\/epona\/"]}]},{"@type":"ImageObject","inLanguage":"is","@id":"https:\/\/iwell-guard.com\/is\/epona\/#primaryimage","url":"https:\/\/iwell-guard.com\/wp-content\/uploads\/2026\/05\/goetter_keltisch_epona.webp","contentUrl":"https:\/\/iwell-guard.com\/wp-content\/uploads\/2026\/05\/goetter_keltisch_epona.webp","width":1024,"height":1536,"caption":"Gu\u00f0ir \u00far keltneskri hef\u00f0."},{"@type":"BreadcrumbList","@id":"https:\/\/iwell-guard.com\/is\/epona\/#breadcrumb","itemListElement":[{"@type":"ListItem","position":1,"name":"Start","item":"https:\/\/iwell-guard.com\/is\/?page_id=168580"},{"@type":"ListItem","position":2,"name":"Epona"}]},{"@type":"WebSite","@id":"https:\/\/iwell-guard.com\/is\/#website","url":"https:\/\/iwell-guard.com\/is\/","name":"iWell Guard","description":"Schutz vor dunklen Einfl\u00fcssen","publisher":{"@id":"https:\/\/iwell-guard.com\/is\/#organization"},"potentialAction":[{"@type":"SearchAction","target":{"@type":"EntryPoint","urlTemplate":"https:\/\/iwell-guard.com\/is\/?s={search_term_string}"},"query-input":{"@type":"PropertyValueSpecification","valueRequired":true,"valueName":"search_term_string"}}],"inLanguage":"is"},{"@type":"Organization","@id":"https:\/\/iwell-guard.com\/is\/#organization","name":"Ittermann electronic GmbH","url":"https:\/\/iwell-guard.com\/is\/","logo":{"@type":"ImageObject","inLanguage":"is","@id":"https:\/\/iwell-guard.com\/is\/#\/schema\/logo\/image\/","url":"https:\/\/iwell-guard.com\/wp-content\/uploads\/2026\/05\/Ittermann-Logo-1182x237-1.png","contentUrl":"https:\/\/iwell-guard.com\/wp-content\/uploads\/2026\/05\/Ittermann-Logo-1182x237-1.png","width":1182,"height":237,"caption":"Ittermann electronic GmbH"},"image":{"@id":"https:\/\/iwell-guard.com\/is\/#\/schema\/logo\/image\/"},"sameAs":["https:\/\/pantip.com\/profile\/9367242","https:\/\/micro.blog\/iwellguard","https:\/\/www.diggerslist.com\/iwellguard\/about","https:\/\/skitterphoto.com\/photographers\/2870314\/iwell-guard","https:\/\/iwellguard.wordpress.com\/2026\/06\/06\/iwell-guard\/","https:\/\/hub.docker.com\/u\/iwellguard","https:\/\/www.pinterest.com\/iwellguard\/","https:\/\/bit.ly\/m\/iwellguard","https:\/\/entre-vos-mains.alsace.eu\/profiles\/iwellguard\/activity","https:\/\/gravatar.com\/reallybeded8fd34","https:\/\/naijamatta.com\/iwellguard","https:\/\/www.goodreads.com\/iwellguard","https:\/\/profile.hatena.ne.jp\/iwellguard\/","https:\/\/experiment.com\/users\/iwellguard","https:\/\/wakelet.com\/@iWellGuard82270","https:\/\/www.chordie.com\/forum\/profile.php?id=2555664","https:\/\/www.instapaper.com\/p\/17757966","https:\/\/www.mapleprimes.com\/users\/iwellguard","https:\/\/businesslistingplus.com\/profile\/iwell-guard\/","https:\/\/telegra.ph\/iWell-Guard-06-06","https:\/\/pbase.com\/iwellguard\/iwellguard","https:\/\/b.hatena.ne.jp\/iwellguard\/20260607#bookmark-4788405196491818882","https:\/\/fliphtml5.com\/home\/iwellguard","https:\/\/anyflip.com\/homepage\/cmiwl#About","https:\/\/transfur.com\/Users\/iwellguard","http:\/\/delphi.larsbo.org\/user\/iwellguard","https:\/\/jobs.lajobsportal.org\/profiles\/8380803-iwell-guard","https:\/\/md.chaosdorf.de\/s\/jfbe5SBdJD","https:\/\/www.lingvolive.com\/en-us\/profile\/9ecaeaca-ce11-4e51-9e71-01d55e2bff36\/translations","https:\/\/www.fitday.com\/fitness\/forums\/members\/iwellguard.html","https:\/\/www.mymeetbook.com\/iwellguard","https:\/\/pxhere.com\/en\/photographer-me\/5040798","https:\/\/disqus.com\/by\/iwellguard\/about\/","https:\/\/pastelink.net\/hjwciqwq","https:\/\/pubhtml5.com\/homepage\/scjhn\/","https:\/\/www.bitchute.com\/channel\/2O2eOKzNqujT","https:\/\/audiomack.com\/iwellguard"]}]}},"_links":{"self":[{"href":"https:\/\/iwell-guard.com\/is\/wp-json\/wp\/v2\/pages\/169105","targetHints":{"allow":["GET"]}}],"collection":[{"href":"https:\/\/iwell-guard.com\/is\/wp-json\/wp\/v2\/pages"}],"about":[{"href":"https:\/\/iwell-guard.com\/is\/wp-json\/wp\/v2\/types\/page"}],"author":[{"embeddable":true,"href":"https:\/\/iwell-guard.com\/is\/wp-json\/wp\/v2\/users\/3"}],"replies":[{"embeddable":true,"href":"https:\/\/iwell-guard.com\/is\/wp-json\/wp\/v2\/comments?post=169105"}],"version-history":[{"count":0,"href":"https:\/\/iwell-guard.com\/is\/wp-json\/wp\/v2\/pages\/169105\/revisions"}],"wp:featuredmedia":[{"embeddable":true,"href":"https:\/\/iwell-guard.com\/is\/wp-json\/wp\/v2\/media\/3242"}],"wp:attachment":[{"href":"https:\/\/iwell-guard.com\/is\/wp-json\/wp\/v2\/media?parent=169105"}],"wp:term":[{"taxonomy":"category","embeddable":true,"href":"https:\/\/iwell-guard.com\/is\/wp-json\/wp\/v2\/categories?post=169105"}],"curies":[{"name":"wp","href":"https:\/\/api.w.org\/{rel}","templated":true}]}}