{"id":169104,"date":"2026-09-05T14:05:37","date_gmt":"2026-09-05T14:05:37","guid":{"rendered":"https:\/\/iwell-guard.com\/?page_id=169104"},"modified":"2026-09-05T14:32:22","modified_gmt":"2026-09-05T14:32:22","slug":"danu","status":"publish","type":"page","link":"https:\/\/iwell-guard.com\/is\/danu\/","title":{"rendered":"Danu"},"content":{"rendered":"\t\t<div data-elementor-type=\"wp-page\" data-elementor-id=\"169104\" class=\"elementor elementor-169104 elementor-3047 elementor-bc-flex-widget\" data-elementor-post-type=\"page\">\n\t\t\t\t<div class=\"elementor-element elementor-element-42e41e0 e-flex e-con-boxed e-con e-parent\" data-id=\"42e41e0\" data-element_type=\"container\" data-e-type=\"container\" data-settings=\"{&quot;background_background&quot;:&quot;classic&quot;}\">\n\t\t\t\t\t<div class=\"e-con-inner\">\n\t\t<div class=\"elementor-element elementor-element-348661a e-flex e-con-boxed e-con e-child\" data-id=\"348661a\" data-element_type=\"container\" data-e-type=\"container\">\n\t\t\t\t\t<div class=\"e-con-inner\">\n\t\t<div class=\"elementor-element elementor-element-94fd562 e-con-full e-flex e-con e-child\" data-id=\"94fd562\" data-element_type=\"container\" data-e-type=\"container\">\n\t\t\t\t<div class=\"elementor-element elementor-element-3928093 elementor-widget elementor-widget-heading\" data-id=\"3928093\" data-element_type=\"widget\" data-e-type=\"widget\" data-widget_type=\"heading.default\">\n\t\t\t\t\t<h1 class=\"elementor-heading-title elementor-size-default\">Danu, m\u00f3\u00f0urgy\u00f0ja Tuatha D\u00e9 Danann<\/h1>\t\t\t\t<\/div>\n\t\t\t\t<div class=\"elementor-element elementor-element-427c06f elementor-widget elementor-widget-text-editor\" data-id=\"427c06f\" data-element_type=\"widget\" data-e-type=\"widget\" data-widget_type=\"text-editor.default\">\n\t\t\t\t\t\t\t\t\t<p>Danu er m\u00f3\u00f0urgy\u00f0ja Tuatha D\u00e9 Danann, hinna go\u00f0sagnakenndu go\u00f0aflokka \u00cdrlands, og er talin form\u00f3\u00f0ir kynstofns \u00feeirra. Danu, sem \u00ed velskri hef\u00f0 kallast Don, er \u00ed \u00edrskri <span class=\"iwg-fachbegriff\" data-tooltip=\"Heildarsafn hef\u00f0bundinna go\u00f0sagna innan menningarheims.\" tabindex=\"0\">go\u00f0afr\u00e6\u00f0i<\/span> talin nafngiftarform\u00f3\u00f0ir Tuatha D\u00e9 Danann, \u201e\u00fej\u00f3\u00f0ar gy\u00f0junnar Danu\u201c.<\/p><p>\u00der\u00e1tt fyrir \u00feessa mikilv\u00e6gu st\u00f6\u00f0u kemur h\u00fan varla fram sem virk pers\u00f3na \u00ed var\u00f0veittum textum, heldur er h\u00fan n\u00e6r undantekningarlaust nefnd \u00ed \u00e6ttfr\u00e6\u00f0ilegu samhengi. Fr\u00e6\u00f0imenn \u00ed tr\u00faarbrag\u00f0afr\u00e6\u00f0i t\u00falka hana sem endurspeglun frum-ind\u00f3evr\u00f3pskrar m\u00f3\u00f0ur og sem pers\u00f3nugervingu rennandi vatns.<\/p>\t\t\t\t\t\t\t\t<\/div>\n\t\t\t\t<\/div>\n\t\t<div class=\"elementor-element elementor-element-d3d3855 e-con-full e-flex e-con e-parent\" data-id=\"d3d3855\" data-element_type=\"container\" data-e-type=\"container\">\n\t\t\t\t<div class=\"elementor-element elementor-element-3e1426b elementor-widget elementor-widget-html\" data-id=\"3e1426b\" data-element_type=\"widget\" data-e-type=\"widget\" data-widget_type=\"html.default\">\n\t\t\t\t\t<div class=\"iwg-pill-row\"><span class=\"iwg-klasse-badge\" tabindex=\"0\" data-tooltip=\"Gu\u00f0 \/ Gy\u00f0ja: Pers\u00f3nuger\u00f0 \u00e6\u00f0sta m\u00e1ttarvald \u00ed go\u00f0aheimi menningarheims, me\u00f0 sk\u00fdrum verksvi\u00f0um \u2014 n\u00e1tt\u00faru\u00f6fl, \u00f6rl\u00f6g, str\u00ed\u00f0, frj\u00f3semi. D\u00fdrku\u00f0 me\u00f0 helgisi\u00f0um, f\u00f3rnum og musterisstofnunum.\">Gu\u00f0<\/span><a href=\"https:\/\/iwell-guard.com\/is\/keltneskt\/\" class=\"iwg-kultur-badge\" tabindex=\"0\" data-tooltip=\"Keltnesk tr\u00faarbr\u00f6g\u00f0 Vestur-Evr\u00f3pu og Bretlandseyja, var\u00f0veitt \u00ed go\u00f0s\u00f6gulegu formi \u00ed \u00edrskum og velskum textum.\">Keltneskt<\/a><\/div>\t\t\t\t<\/div>\n\t\t\t\t<\/div>\n\t\t<div class=\"elementor-element elementor-element-8d73214 e-con-full e-flex e-con e-child\" data-id=\"8d73214\" data-element_type=\"container\" data-e-type=\"container\">\n\t\t\t\t<div class=\"elementor-element elementor-element-a4a4ee3 elementor-toc--minimized-on-tablet elementor-widget elementor-widget-table-of-contents\" data-id=\"a4a4ee3\" data-element_type=\"widget\" data-e-type=\"widget\" data-settings=\"{&quot;exclude_headings_by_selector&quot;:[],&quot;no_headings_message&quot;:&quot;Engar undirfyrirsagnir fundust \\u00e1 \\u00feessari s\\u00ed\\u00f0u.&quot;,&quot;headings_by_tags&quot;:[&quot;h2&quot;,&quot;h3&quot;],&quot;marker_view&quot;:&quot;bullets&quot;,&quot;icon&quot;:{&quot;value&quot;:&quot;fas fa-circle&quot;,&quot;library&quot;:&quot;fa-solid&quot;,&quot;rendered_tag&quot;:&quot;&lt;svg class=\\&quot;e-font-icon-svg e-fas-circle\\&quot; viewBox=\\&quot;0 0 512 512\\&quot; xmlns=\\&quot;http:\\\/\\\/www.w3.org\\\/2000\\\/svg\\&quot;&gt;&lt;path d=\\&quot;M256 8C119 8 8 119 8 256s111 248 248 248 248-111 248-248S393 8 256 8z\\&quot;&gt;&lt;\\\/path&gt;&lt;\\\/svg&gt;&quot;},&quot;minimize_box&quot;:&quot;yes&quot;,&quot;minimized_on&quot;:&quot;tablet&quot;,&quot;hierarchical_view&quot;:&quot;yes&quot;,&quot;min_height&quot;:{&quot;unit&quot;:&quot;px&quot;,&quot;size&quot;:&quot;&quot;,&quot;sizes&quot;:[]},&quot;min_height_tablet&quot;:{&quot;unit&quot;:&quot;px&quot;,&quot;size&quot;:&quot;&quot;,&quot;sizes&quot;:[]},&quot;min_height_mobile&quot;:{&quot;unit&quot;:&quot;px&quot;,&quot;size&quot;:&quot;&quot;,&quot;sizes&quot;:[]}}\" data-widget_type=\"table-of-contents.default\">\n\t\t\t\t\t\t\t\t\t<div class=\"elementor-toc__header\">\n\t\t\t\t\t\t<h2 class=\"elementor-toc__header-title\">\n\t\t\t\tEfnisyfirlit\t\t\t<\/h2>\n\t\t\t\t\t\t\t\t\t\t<div class=\"elementor-toc__toggle-button elementor-toc__toggle-button--expand\" role=\"button\" tabindex=\"0\" aria-controls=\"elementor-toc__a4a4ee3\" aria-expanded=\"true\" aria-label=\"Open table of contents\"><svg aria-hidden=\"true\" class=\"e-font-icon-svg e-fas-chevron-down\" viewBox=\"0 0 448 512\" xmlns=\"http:\/\/www.w3.org\/2000\/svg\"><path d=\"M207.029 381.476L12.686 187.132c-9.373-9.373-9.373-24.569 0-33.941l22.667-22.667c9.357-9.357 24.522-9.375 33.901-.04L224 284.505l154.745-154.021c9.379-9.335 24.544-9.317 33.901.04l22.667 22.667c9.373 9.373 9.373 24.569 0 33.941L240.971 381.476c-9.373 9.372-24.569 9.372-33.942 0z\"><\/path><\/svg><\/div>\n\t\t\t\t<div class=\"elementor-toc__toggle-button elementor-toc__toggle-button--collapse\" role=\"button\" tabindex=\"0\" aria-controls=\"elementor-toc__a4a4ee3\" aria-expanded=\"true\" aria-label=\"Close table of contents\"><svg aria-hidden=\"true\" class=\"e-font-icon-svg e-fas-chevron-up\" viewBox=\"0 0 448 512\" xmlns=\"http:\/\/www.w3.org\/2000\/svg\"><path d=\"M240.971 130.524l194.343 194.343c9.373 9.373 9.373 24.569 0 33.941l-22.667 22.667c-9.357 9.357-24.522 9.375-33.901.04L224 227.495 69.255 381.516c-9.379 9.335-24.544 9.317-33.901-.04l-22.667-22.667c-9.373-9.373-9.373-24.569 0-33.941L207.03 130.525c9.372-9.373 24.568-9.373 33.941-.001z\"><\/path><\/svg><\/div>\n\t\t\t\t\t<\/div>\n\t\t\t\t<div id=\"elementor-toc__a4a4ee3\" class=\"elementor-toc__body\">\n\t\t\t<div class=\"elementor-toc__spinner-container\">\n\t\t\t\t<svg class=\"elementor-toc__spinner eicon-animation-spin e-font-icon-svg e-eicon-loading\" aria-hidden=\"true\" viewBox=\"0 0 1000 1000\" xmlns=\"http:\/\/www.w3.org\/2000\/svg\"><path d=\"M500 975V858C696 858 858 696 858 500S696 142 500 142 142 304 142 500H25C25 237 238 25 500 25S975 237 975 500 763 975 500 975Z\"><\/path><\/svg>\t\t\t<\/div>\n\t\t<\/div>\n\t\t\t\t\t\t<\/div>\n\t\t\t\t<\/div>\n\t\t\t\t\t<\/div>\n\t\t\t\t<\/div>\n\t\t<div class=\"elementor-element elementor-element-70ec0c0 e-con-full e-flex e-con e-child\" data-id=\"70ec0c0\" data-element_type=\"container\" data-e-type=\"container\">\n\t\t\t\t<div class=\"elementor-element elementor-element-f716535 iwg-hero-image elementor-widget elementor-widget-image\" data-id=\"f716535\" data-element_type=\"widget\" data-e-type=\"widget\" data-widget_type=\"image.default\">\n\t\t\t\t\t\t\t\t\t\t\t\t\t\t\t<img fetchpriority=\"high\" decoding=\"async\" width=\"683\" height=\"1024\" src=\"https:\/\/iwell-guard.com\/wp-content\/uploads\/2026\/05\/goetter_keltisch_danu-683x1024.webp\" class=\"attachment-large size-large wp-image-170713\" alt=\"Danu - gu\u00f0 \u00far keltneskri hef\u00f0, s\u00f6guleg mynd til sk\u00fdringar\" srcset=\"https:\/\/iwell-guard.com\/wp-content\/uploads\/2026\/05\/goetter_keltisch_danu-683x1024.webp 683w, https:\/\/iwell-guard.com\/wp-content\/uploads\/2026\/05\/goetter_keltisch_danu-200x300.webp 200w, https:\/\/iwell-guard.com\/wp-content\/uploads\/2026\/05\/goetter_keltisch_danu-768x1152.webp 768w, https:\/\/iwell-guard.com\/wp-content\/uploads\/2026\/05\/goetter_keltisch_danu.webp 1024w\" sizes=\"(max-width: 683px) 100vw, 683px\" \/>\t\t\t\t\t\t\t\t\t\t\t\t\t\t\t<\/div>\n\t\t\t\t<\/div>\n\t\t\t\t\t<\/div>\n\t\t\t\t<\/div>\n\t\t<div class=\"elementor-element elementor-element-cce5bde e-con-boxed e-flex e-con e-parent\" data-id=\"cce5bde\" data-element_type=\"container\" data-e-type=\"container\">\n\t\t\t\t\t<div class=\"e-con-inner\">\n\t\t<div class=\"elementor-element elementor-element-ab927f7 e-con-full e-flex e-con e-child\" data-id=\"ab927f7\" data-element_type=\"container\" data-e-type=\"container\">\n\t\t\t\t<div class=\"elementor-element elementor-element-e28a2cb elementor-widget elementor-widget-heading\" data-id=\"e28a2cb\" data-element_type=\"widget\" data-e-type=\"widget\" data-widget_type=\"heading.default\">\n\t\t\t\t\t<h2 class=\"elementor-heading-title elementor-size-default\">Heimildasta\u00f0a og or\u00f0sifjar nafns<\/h2>\t\t\t\t<\/div>\n\t\t\t\t<div class=\"elementor-element elementor-element-68a2d8a elementor-widget elementor-widget-text-editor\" data-id=\"68a2d8a\" data-element_type=\"widget\" data-e-type=\"widget\" data-widget_type=\"text-editor.default\">\n\t\t\t\t\t\t\t\t\t<p>Elstu heimildir um Danu koma \u00far \u00edrskum handritas\u00f6fnum mi\u00f0alda, fyrst og fremst \u201eLebor Gab\u00e1la \u00c9renn\u201c (B\u00f3k landt\u00f6kunnar, 11. \u00f6ld) og \u00e6ttfr\u00e6\u00f0ilegum ritger\u00f0um konungatala.<\/p><p>\u00cd \u201eDindshenchas\u201c, \u00f6rnefnas\u00f6gunum, kemur h\u00fan einnig fram \u00e1 st\u00f6ku sta\u00f0 sem m\u00f3\u00f0ir fjallanna \u201eDa Ch\u00edch Anann\u201c \u00e1 Kerry. \u00cd velska fj\u00f3rgreina safninu \u201eMabinogion\u201c kemur fram undir nafninu Don samb\u00e6rileg form\u00f3\u00f0ir, en b\u00f6rn hennar Gwydion, Arianrhod og Gilfaethwy koma virk fram \u00ed s\u00f6gunum.<\/p>\n\n<p>Nafni\u00f0 Danu er tali\u00f0 dregi\u00f0 af ind\u00f3evr\u00f3psku r\u00f3tinni *d\u0101nu-, sem \u00fe\u00fd\u00f0ir \u201e\u00e1, rennandi vatn\u201c. Sama r\u00f3t er undirsta\u00f0a \u00e1rheitanna D\u00f3n\u00e1 (Donau), Don, Dnjepr og Dnjestr.<\/p><p>Bernhard Maier bendir \u00ed riti s\u00ednu \u201eReligion der Kelten\u201c (2001) \u00e1 a\u00f0 sams\u00f6mun vi\u00f0 hina ved\u00edsku vatnsgy\u00f0ju Danu s\u00e9 ekki \u00f3hj\u00e1kv\u00e6mileg, en s\u00e9 r\u00e6dd sem v\u00edsbending um ind\u00f3evr\u00f3pska arfleif\u00f0. Wolfgang Meid tekur fram a\u00f0 heimildir um meginlandskeltneska gy\u00f0ju a\u00f0 nafni Danu s\u00e9u veikar og sty\u00f0jist fyrst og fremst vi\u00f0 gu\u00f0an\u00f6fn sem sta\u00f0fest eru \u00ed \u00e1letrunum, eins og Anu.<\/p>\t\t\t\t\t\t\t\t<\/div>\n\t\t\t\t<\/div>\n\t\t<div class=\"elementor-element elementor-element-6f6b27b e-con-full e-flex e-con e-child\" data-id=\"6f6b27b\" data-element_type=\"container\" data-e-type=\"container\">\n\t\t\t\t<div class=\"elementor-element elementor-element-eedb25a elementor-widget elementor-widget-heading\" data-id=\"eedb25a\" data-element_type=\"widget\" data-e-type=\"widget\" data-widget_type=\"heading.default\">\n\t\t\t\t\t<h2 class=\"elementor-heading-title elementor-size-default\">Sta\u00f0a innan Tuatha D\u00e9 Danann<\/h2>\t\t\t\t<\/div>\n\t\t\t\t<div class=\"elementor-element elementor-element-bbd8bc3 elementor-widget elementor-widget-text-editor\" data-id=\"bbd8bc3\" data-element_type=\"widget\" data-e-type=\"widget\" data-widget_type=\"text-editor.default\">\n\t\t\t\t\t\t\t\t\t<p>\u00cd \u201eLebor Gab\u00e1la \u00c9renn\u201c koma Tuatha D\u00e9 Danann til \u00cdrlands sem fj\u00f3r\u00f0a go\u00f0sagnakennda landn\u00e1msbylgjan, eftir a\u00f0 risarnir Fomorar hafa veri\u00f0 sigra\u00f0ir. \u00deau eru talin \u201ego\u00f0ab\u00f6rnin\u201c sj\u00e1lf. Danu kemur fram sem form\u00f3\u00f0ir \u00feeirra, \u00e1n \u00feess a\u00f0 nokkur sk\u00f6punarsaga um hana sj\u00e1lfa hafi var\u00f0veist.<\/p><p>Mikilv\u00e6gustu synir hennar eru, samkv\u00e6mt \u00e6ttfr\u00e6\u00f0ilegri hef\u00f0, Brian, Iuchar og Iucharba, \u201ehinir \u00fer\u00edr listfengu gu\u00f0ir\u201c. \u00cd \u00f6\u00f0rum ritger\u00f0um er Dagda, \u201ehinn g\u00f3\u00f0i gu\u00f0\u201c, talinn sonur e\u00f0a br\u00f3\u00f0ir hennar; heimildirnar stangast h\u00e9r \u00e1.<\/p>\n\n<p>Marie-Louise Sjoestedt setti fram \u00ed \u201eDieux et h\u00e9ros des Celtes\u201c (1940) a\u00f0 Danu v\u00e6ri ekki s\u00f6gupers\u00f3na heldur \u00e6ttfr\u00e6\u00f0ilegt frumt\u00e1kn sem sameinar go\u00f0a\u00e6ttina.<\/p><p>John Carey hefur \u00ed ranns\u00f3knum s\u00ednum \u00e1 \u00edrskri <span class=\"iwg-fachbegriff\" data-tooltip=\"Heildarsafn hef\u00f0bundinna go\u00f0sagna innan menningarheims.\" tabindex=\"0\">go\u00f0afr\u00e6\u00f0i<\/span> bent \u00e1 a\u00f0 Danu megi ekki samsama vi\u00f0 hina s\u00ed\u00f0ari heil\u00f6gu \u00d6nnu e\u00f0a vi\u00f0 Brigid, jafnvel \u00fe\u00f3tt \u00fej\u00f3\u00f0tr\u00fa og r\u00f3mant\u00edsk endurt\u00falkun hafi \u00edtreka\u00f0 dregi\u00f0 \u00feessar tengingar.<\/p>\t\t\t\t\t\t\t\t<\/div>\n\t\t\t\t<\/div>\n\t\t<div class=\"elementor-element elementor-element-a525907 e-con-full e-flex e-con e-child\" data-id=\"a525907\" data-element_type=\"container\" data-e-type=\"container\">\n\t\t\t\t<div class=\"elementor-element elementor-element-5477536 elementor-widget elementor-widget-heading\" data-id=\"5477536\" data-element_type=\"widget\" data-e-type=\"widget\" data-widget_type=\"heading.default\">\n\t\t\t\t\t<h2 class=\"elementor-heading-title elementor-size-default\">Velska hli\u00f0st\u00e6\u00f0an Don<\/h2>\t\t\t\t<\/div>\n\t\t\t\t<div class=\"elementor-element elementor-element-4999e7c elementor-widget elementor-widget-text-editor\" data-id=\"4999e7c\" data-element_type=\"widget\" data-e-type=\"widget\" data-widget_type=\"text-editor.default\">\n\t\t\t\t\t\t\t\t\t<p>\u00cd \u201eFj\u00f3rum greinum Mabinogi\u201c, \u00fear sem elsta handriti\u00f0 er fr\u00e1 14. \u00f6ld, kemur Don fram sem m\u00f3\u00f0ir voldugrar go\u00f0afj\u00f6lskyldu. B\u00f6rn hennar eru Gwydion, hinn slyngi t\u00f6frama\u00f0ur, Arianrhod, hin kosm\u00edska kona silfurhj\u00f3lsins, Gilfaethwy og Govannon, smi\u00f0urinn.<\/p><p>Don sj\u00e1lf hefur enga eigin s\u00f6gu. Miranda Aldhouse-Green fjalla\u00f0i r\u00e6kilega um \u00feessa formlegu hli\u00f0st\u00e6\u00f0u vi\u00f0 \u00edrsku Danu \u00ed \u201eCeltic Goddesses\u201c (1995). B\u00e1\u00f0ar pers\u00f3nurnar t\u00e1kna \u201ego\u00f0ahli\u00f0ina\u201c \u00ed tv\u00edskiptu go\u00f0sagnakerfi, \u00fear sem hin hli\u00f0in er upptekin af risav\u00f6xnu, oft glundro\u00f0akenndu kyni.<\/p>\n\n<p>Helmut Birkhan bendir \u00ed \u201eKelten\u201c (1997) \u00e1 a\u00f0 velska Don s\u00e9 \u00ed s\u00ed\u00f0ari textum st\u00f6ku sinnum rugla\u00f0 saman vi\u00f0 hinn bibl\u00edulega konung Don e\u00f0a vi\u00f0 Mathonwy, og a\u00f0 h\u00fan ver\u00f0i a\u00f0eins au\u00f0kennd \u00e1 \u00f3yggjandi h\u00e1tt sem kvenkyns form\u00f3\u00f0ir me\u00f0 hli\u00f0sj\u00f3n af krosstilv\u00edsunum. Hugmyndin um upprunalega sameiginlega \u201eeyjakeltneska\u201c m\u00f3\u00f0urgy\u00f0ju byggist \u00e1 formlegri samsv\u00f6run, ekki \u00e1 textalegri samsv\u00f6run.<\/p>\t\t\t\t\t\t\t\t<\/div>\n\t\t\t\t<\/div>\n\t\t<div class=\"elementor-element elementor-element-f70a6ca e-con-full e-flex e-con e-child\" data-id=\"f70a6ca\" data-element_type=\"container\" data-e-type=\"container\">\n\t\t\t\t<div class=\"elementor-element elementor-element-377b0d1 elementor-widget elementor-widget-heading\" data-id=\"377b0d1\" data-element_type=\"widget\" data-e-type=\"widget\" data-widget_type=\"heading.default\">\n\t\t\t\t\t<h2 class=\"elementor-heading-title elementor-size-default\">Anu, Ana og \u00edrsk \u00fej\u00f3\u00f0tr\u00fa<\/h2>\t\t\t\t<\/div>\n\t\t\t\t<div class=\"elementor-element elementor-element-804151f elementor-widget elementor-widget-text-editor\" data-id=\"804151f\" data-element_type=\"widget\" data-e-type=\"widget\" data-widget_type=\"text-editor.default\">\n\t\t\t\t\t\t\t\t\t<p>Auk Danu \u00feekkir \u00edrsk hef\u00f0 gy\u00f0juna Anu e\u00f0a Ana, sem \u00ed \u201eSanas Cormaic\u201c (Or\u00f0askr\u00e1 Cormacs, 10. \u00f6ld) er k\u00f6llu\u00f0 \u201em\u00f3\u00f0ir \u00edrsku gu\u00f0anna\u201c.<\/p><p>Hvort Anu og Danu s\u00e9u tv\u00f6 n\u00f6fn \u00e1 s\u00f6mu pers\u00f3nunni e\u00f0a upphaflega tv\u00e6r a\u00f0skildar verur er umdeilt \u00ed fr\u00e6\u00f0unum. Tveir \u00e1berandi h\u00f3lar \u00ed Kerry-s\u00fdslu, \u201ebrj\u00f3st Anu\u201c (\u201eDa Ch\u00edch Anann\u201c), gefa til kynna \u00e1kve\u00f0na tengingu Anu vi\u00f0 landslagi\u00f0, sem skortir \u00ed tilfelli Danu.<\/p>\n\n<p>\u00cd s\u00ed\u00f0ari <span class=\"iwg-fachbegriff\" data-tooltip=\"Tr\u00faarl\u00edf \u00ed daglegu l\u00edfi f\u00f3lks, oft samhli\u00f0a hinni opinberu kenningu.\" tabindex=\"0\">al\u00fe\u00fd\u00f0utr\u00fa<\/span> rann Anu saman vi\u00f0 heilaga \u00d6nnu, m\u00f3\u00f0ur Mar\u00edu, sem Bernhard Maier l\u00fdsir sem d\u00e6migert fyrirb\u00e6ri kristnit\u00f6ku kvenkyns sta\u00f0argy\u00f0ja \u00e1 \u00cdrlandi.<\/p><p>Lj\u00f3sv\u00e6ttur a\u00f0 nafni \u201e\u00c1ine\u201c \u00far Munster, sem er tengd s\u00f3l og frj\u00f3semi, er st\u00f6ku sinnum talin s\u00ed\u00f0ari sta\u00f0bundin birting Anu, en John Carey telur \u00fe\u00e1 sams\u00f6mun ekki n\u00e6gilega sta\u00f0festa.<\/p>\t\t\t\t\t\t\t\t<\/div>\n\t\t\t\t<\/div>\n\t\t<div class=\"elementor-element elementor-element-2f3611c e-con-full e-flex e-con e-child\" data-id=\"2f3611c\" data-element_type=\"container\" data-e-type=\"container\">\n\t\t\t\t<div class=\"elementor-element elementor-element-cb17709 elementor-widget elementor-widget-heading\" data-id=\"cb17709\" data-element_type=\"widget\" data-e-type=\"widget\" data-widget_type=\"heading.default\">\n\t\t\t\t\t<h2 class=\"elementor-heading-title elementor-size-default\">Tengsl vi\u00f0 meginlandskeltnesk efni<\/h2>\t\t\t\t<\/div>\n\t\t\t\t<div class=\"elementor-element elementor-element-730508b elementor-widget elementor-widget-text-editor\" data-id=\"730508b\" data-element_type=\"widget\" data-e-type=\"widget\" data-widget_type=\"text-editor.default\">\n\t\t\t\t\t\t\t\t\t<p>\u00c1 meginlandinu er kvenkyns gy\u00f0jur me\u00f0 svipu\u00f0 hlutverk fyrst og fremst a\u00f0 finna \u00ed \u00e1letrunum og myndverkum. M\u00f3\u00f0urgy\u00f0jurnar sem kalla\u00f0ar eru \u00abMatres\u00bb e\u00f0a \u00abMatronae\u00bb koma oft fram \u00ed \u00ferenningu \u00e1 R\u00ednarsv\u00e6\u00f0inu og eru tengdar vi\u00f0 gj\u00f6fulleika, frj\u00f3semi og sta\u00f0bundna vernd.<\/p><p>Bein <span class=\"iwg-fachbegriff\" data-tooltip=\"Texti sem er skorinn e\u00f0a h\u00f6ggvinn \u00ed fastan efnivi\u00f0.\" tabindex=\"0\">\u00e1letrun<\/span> sem nefnir gy\u00f0ju a\u00f0 nafni Danu hefur enn sem komi\u00f0 er ekki veri\u00f0 greind me\u00f0 \u00f3yggjandi h\u00e6tti \u00e1 meginlandinu. Caesar nefnir \u00ed \u00abDe bello Gallico\u00bb (VI, 17) \u00fdmsar gallverskar gy\u00f0jur og gu\u00f0i, en gefur \u00feeim jafnan r\u00f3mversk n\u00f6fn, \u00feannig a\u00f0 ekki er unnt a\u00f0 greina Danu \u00ed <span class=\"iwg-fachbegriff\" data-tooltip=\"Heild gu\u00f0anna \u00ed tr\u00faarbr\u00f6g\u00f0um e\u00f0a menningu.\" tabindex=\"0\">go\u00f0aveldi<\/span> hans.<\/p>\n\n<p>Diod\u00f3ros fr\u00e1 Sikiley greinir fr\u00e1 \u00fej\u00f3\u00f0h\u00e1ttafr\u00e6\u00f0ilegum athugunum \u00e1 gallverskum tr\u00faari\u00f0kunum \u00e1n \u00feess a\u00f0 nefna samb\u00e6rilega stofnm\u00f3\u00f0ur. Tilv\u00edsunin \u00ed flj\u00f3tsnafni\u00f0 D\u00f3n\u00e1 er \u00e1fram mikilv\u00e6gasta v\u00edsbendingin um a\u00f0 nafni\u00f0 Danu hafi veri\u00f0 \u00fatbreitt \u00e1 st\u00f3ru landfr\u00e6\u00f0ilegu sv\u00e6\u00f0i, en af \u00fev\u00ed er ekki unnt a\u00f0 draga \u00e1lyktun um samr\u00e6mda <span class=\"iwg-fachbegriff\" data-tooltip=\"Heild tr\u00faarlegra d\u00fdrkunarathafna gagnvart gu\u00f0i e\u00f0a heilagri v\u00e6ttu.\" tabindex=\"0\">d\u00fdrkun<\/span>.<\/p>\t\t\t\t\t\t\t\t<\/div>\n\t\t\t\t<\/div>\n\t\t<div class=\"elementor-element elementor-element-b93f02b e-con-full e-flex e-con e-child\" data-id=\"b93f02b\" data-element_type=\"container\" data-e-type=\"container\">\n\t\t\t\t<div class=\"elementor-element elementor-element-0728b73 elementor-widget elementor-widget-heading\" data-id=\"0728b73\" data-element_type=\"widget\" data-e-type=\"widget\" data-widget_type=\"heading.default\">\n\t\t\t\t\t<h2 class=\"elementor-heading-title elementor-size-default\">Hlutverkasni\u00f0 og tr\u00faarbrag\u00f0afr\u00e6\u00f0ileg greining<\/h2>\t\t\t\t<\/div>\n\t\t\t\t<div class=\"elementor-element elementor-element-4b28d1e elementor-widget elementor-widget-text-editor\" data-id=\"4b28d1e\" data-element_type=\"widget\" data-e-type=\"widget\" data-widget_type=\"text-editor.default\">\n\t\t\t\t\t\t\t\t\t<p>\u00dat fr\u00e1 heimildunum m\u00e1 l\u00fdsa Danu fyrst og fremst sem stofn- og \u00fer\u00f6skuldargy\u00f0ju. H\u00fan er m\u00f3\u00f0ir hinnar gu\u00f0legu \u00e6ttar \u00e1n \u00feess a\u00f0 sj\u00e1lf ver\u00f0a a\u00f0 athafnandi hetju. \u00deannig fellur h\u00fan \u00ed flokk me\u00f0 gr\u00edsku Gaiu, r\u00f3mversku Terru Mater og norr\u00e6nu Bestlu, sem allar myndar erf\u00f0afr\u00e6\u00f0ilegan \u00feungami\u00f0jupunkt en taka ekki a\u00f0 s\u00e9r fr\u00e1sagnarlegar a\u00f0alhlutverk.<\/p>\n\n<p>Geoffrey of Monmouth fjalla\u00f0i ekki s\u00e9rstaklega um tengslin vi\u00f0 vatn, \u00fe\u00e1 s\u00e9rstaklega vi\u00f0 lindir og flj\u00f3t, \u00ed \u00fatg\u00e1fum s\u00ednum af breskum sagnaefnum, en s\u00ed\u00f0ari m\u00f3ttaka hefur \u00fer\u00f3a\u00f0 \u00feau tengsl frekar.<\/p><p>Marija Gimbutas haf\u00f0i \u00e1 \u00e1ttunda \u00e1ratugnum flokka\u00f0 Danu sem d\u00e6mi um frum-ind\u00f3evr\u00f3pska jar\u00f0m\u00f3\u00f0urgy\u00f0ju; s\u00fa t\u00falkun er n\u00fa talin \u00farelt. N\u00faverandi keltnesk fr\u00e6\u00f0irit leggja \u00e1herslu \u00e1 ind\u00f3evr\u00f3pskan bakgrunn og brotakenndu <span class=\"iwg-fachbegriff\" data-tooltip=\"Mi\u00f0lun \u00feekkingar og fr\u00e1sagna milli kynsl\u00f3\u00f0a.\" tabindex=\"0\">munnm\u00e6lahef\u00f0ina<\/span>.<\/p>\t\t\t\t\t\t\t\t<\/div>\n\t\t\t\t<\/div>\n\t\t<div class=\"elementor-element elementor-element-c732946 e-con-full e-flex e-con e-child\" data-id=\"c732946\" data-element_type=\"container\" data-e-type=\"container\">\n\t\t\t\t<div class=\"elementor-element elementor-element-6ca7d6d elementor-widget elementor-widget-heading\" data-id=\"6ca7d6d\" data-element_type=\"widget\" data-e-type=\"widget\" data-widget_type=\"heading.default\">\n\t\t\t\t\t<h2 class=\"elementor-heading-title elementor-size-default\">M\u00f3ttaka \u00ed n\u00fdhei\u00f0ni og d\u00e6gurmenningu<\/h2>\t\t\t\t<\/div>\n\t\t\t\t<div class=\"elementor-element elementor-element-ee9a780 elementor-widget elementor-widget-text-editor\" data-id=\"ee9a780\" data-element_type=\"widget\" data-e-type=\"widget\" data-widget_type=\"text-editor.default\">\n\t\t\t\t\t\t\t\t\t<p>\u00cd n\u00fdhei\u00f0num og n\u00fddr\u00fa\u00edd\u00edskum stefnum fr\u00e1 s\u00ed\u00f0ari hluta 20. aldar hefur Danu or\u00f0i\u00f0 a\u00f0 mi\u00f0l\u00e6gri veru sem k\u00f6llu\u00f0 er \u00e1 sem jar\u00f0m\u00f3\u00f0ir, stofngy\u00f0ja e\u00f0a kosm\u00edsk uppspretta.<\/p><p>Endursk\u00f6punin byggist \u00fear meira \u00e1 myndinni af aldra\u00f0ri kvenkyns jar\u00f0gy\u00f0ju sem fr\u00e6\u00f0imenn \u00e1 bor\u00f0 vi\u00f0 Marija Gimbutas hafa dregi\u00f0 upp, en \u00e1 mi\u00f0aldaheimildunum sj\u00e1lfum. Helmut Birkhan hefur oftar en einu sinni gagnr\u00fdnt \u00feetta bil milli heimildaefnis og n\u00fat\u00edma d\u00fdrkunari\u00f0kunar.<\/p>\n\n<p>\u00cd fantas\u00edub\u00f3kmenntum, til d\u00e6mis hj\u00e1 Marion Zimmer Bradley e\u00f0a Juliet Marillier, ver\u00f0ur Danu bakgrunnspers\u00f3na \u00ed heildst\u00e6tt fem\u00edn\u00edskri mynd af Keltum. Ranns\u00f3knir \u00e1 n\u00fat\u00edma m\u00f3tt\u00f6ku Kelta, me\u00f0al annars settar fram af Marion Bowman, flokka \u00feessa hef\u00f0 sem sj\u00e1lfst\u00e6\u00f0a tr\u00faarlega hreyfingu sem er a\u00f0eins a\u00f0 hluta til tengd hinum s\u00f6guelegu keltnesku tr\u00faarbr\u00f6g\u00f0um.<\/p>\t\t\t\t\t\t\t\t<\/div>\n\t\t\t\t<\/div>\n\t\t<div class=\"elementor-element elementor-element-946a3e5 e-con-full e-flex e-con e-child\" data-id=\"946a3e5\" data-element_type=\"container\" data-e-type=\"container\">\n\t\t\t\t<div class=\"elementor-element elementor-element-0be96cf elementor-widget elementor-widget-heading\" data-id=\"0be96cf\" data-element_type=\"widget\" data-e-type=\"widget\" data-widget_type=\"heading.default\">\n\t\t\t\t\t<h2 class=\"elementor-heading-title elementor-size-default\">Sta\u00f0a ranns\u00f3kna og opnar spurningar<\/h2>\t\t\t\t<\/div>\n\t\t\t\t<div class=\"elementor-element elementor-element-fddb4bc elementor-widget elementor-widget-text-editor\" data-id=\"fddb4bc\" data-element_type=\"widget\" data-e-type=\"widget\" data-widget_type=\"text-editor.default\">\n\t\t\t\t\t\t\t\t\t<p>Meginspurningin sem er \u00f3\u00fatklj\u00e1\u00f0 er hvort Danu var sj\u00e1lfst\u00e6\u00f0 gy\u00f0ja me\u00f0 virka <span class=\"iwg-fachbegriff\" data-tooltip=\"Heild tr\u00faarlegra d\u00fdrkunarathafna gagnvart gu\u00f0i e\u00f0a heilagri v\u00e6ttu.\" tabindex=\"0\">d\u00fdrkun<\/span> e\u00f0a hvort nafn hennar fyllir fyrst og fremst erf\u00f0afr\u00e6\u00f0ilegu hlutverki.<\/p><p>Bernhard Maier, John Carey og Helmut Birkhan hallast a\u00f0 s\u00ed\u00f0ari t\u00falkuninni og telja a\u00f0 virk <span class=\"iwg-fachbegriff\" data-tooltip=\"Heild tr\u00faarlegra d\u00fdrkunarathafna gagnvart gu\u00f0i e\u00f0a heilagri v\u00e6ttu.\" tabindex=\"0\">d\u00fdrkun<\/span> hafi frekar tengst sta\u00f0bundnum v\u00e6ttum eins og Anu, Brigid e\u00f0a Matronae. Wolfgang Meid telur heimildast\u00f6\u00f0una svo veika a\u00f0 ekki s\u00e9 unnt a\u00f0 taka loka\u00e1kv\u00f6r\u00f0un.<\/p>\n\n<p>Fornleifaranns\u00f3knir hafa hinga\u00f0 til ekki greint me\u00f0 \u00f3yggjandi h\u00e6tti neina helgista\u00f0i sem g\u00e6tu talist Danu-<span class=\"iwg-fachbegriff\" data-tooltip=\"Bygging sem er tileinku\u00f0 d\u00fdrkun einnar e\u00f0a fleiri gu\u00f0a.\" tabindex=\"0\">hof<\/span>. \u00c1letranir sem nefna nafn hennar eru einnig fjarverandi.<\/p><p>Umr\u00e6\u00f0an er \u00feannig \u00e1fram bundin vi\u00f0 textana og byggist \u00e1 f\u00e1um mi\u00f0aldaheimildum, en s\u00f6guleg vitnisbur\u00f0argildi \u00feeirra fyrir forkristna tr\u00faars\u00f6gu er umdeilt. Fyrir m\u00f3tt\u00f6kus\u00f6guna er Danu \u00fe\u00f3 afar frj\u00f3 pers\u00f3na sem heldur \u00e1fram a\u00f0 hafa \u00e1hrif \u00e1 milli fr\u00e6\u00f0a, \u00fej\u00f3\u00f0hef\u00f0ar og n\u00fat\u00edma n\u00fdhei\u00f0ni fram \u00e1 \u00feennan dag.<\/p>\t\t\t\t\t\t\t\t<\/div>\n\t\t\t\t<\/div>\n\t\t<div class=\"elementor-element elementor-element-02749a1 e-con-full e-flex e-con e-child\" data-id=\"02749a1\" data-element_type=\"container\" data-e-type=\"container\">\n\t\t\t\t<div class=\"elementor-element elementor-element-33ee40a elementor-widget elementor-widget-heading\" data-id=\"33ee40a\" data-element_type=\"widget\" data-e-type=\"widget\" data-widget_type=\"heading.default\">\n\t\t\t\t\t<h2 class=\"elementor-heading-title elementor-size-default\">Ind\u00f3evr\u00f3psk samanbur\u00f0argo\u00f0afr\u00e6\u00f0i<\/h2>\t\t\t\t<\/div>\n\t\t\t\t<div class=\"elementor-element elementor-element-3b3f7cb elementor-widget elementor-widget-text-editor\" data-id=\"3b3f7cb\" data-element_type=\"widget\" data-e-type=\"widget\" data-widget_type=\"text-editor.default\">\n\t\t\t\t\t\t\t\t\t<p>Ind\u00f3evr\u00f3psk samanbur\u00f0argo\u00f0afr\u00e6\u00f0i hefur \u00edtreka\u00f0 sett Danu \u00ed samhengi vi\u00f0 a\u00f0rar stofngy\u00f0jur \u00far tengdum hef\u00f0um. \u00cd R\u00edgveda kemur fram gy\u00f0ja a\u00f0 nafni D\u0101nu, en sonur hennar Vritra fellur \u00ed hinum heimsupprunalega drekabardaga gegn Indra. H\u00e9r er D\u0101nu \u00fe\u00f3 ekki stofnm\u00f3\u00f0ir gu\u00f0anna, heldur m\u00f3\u00f0ir As\u00faranna, andst\u00e6\u00f0ingah\u00f3ps.<\/p><p>Samsv\u00f6runin er \u00fev\u00ed a\u00f0eins \u00e1 nafnastigi. Calvert Watkins endurger\u00f0i \u00ed \u00abHow to Kill a Dragon\u00bb (1995) drekabardagager\u00f0ina \u00fat fr\u00e1 ind\u00f3evr\u00f3pskum grunni, \u00e1n \u00feess a\u00f0 setja \u00edrsku Danu \u00ed \u00fe\u00e1 l\u00ednu. Bein hlutverkjafngildi er ekki unnt a\u00f0 sta\u00f0festa.<\/p>\n\n<p>Innan ind\u00f3evr\u00f3pskra vatnsgy\u00f0ja m\u00e1 nefna byggingarlegar tengingar vi\u00f0 slavnesku Mokosch, vi\u00f0 baltnesku \u017demyna og vi\u00f0 germ\u00f6nsku Nerthus, eins og Anna-Birgitta Rooth hefur unni\u00f0 \u00far \u00ed samanbur\u00f0arranns\u00f3knum s\u00ednum.<\/p><p>Tengslin vi\u00f0 streymandi lind, vi\u00f0 jar\u00f0bundna m\u00f3\u00f0ur og vi\u00f0 kosm\u00edska vatnsgy\u00f0ju eru \u00ed hverju \u00feessara tilvika vegin \u00e1 mismunandi h\u00e1tt, \u00feannig a\u00f0 a\u00f0eins er unnt a\u00f0 tala um samr\u00e6mda \u00abMiklu Gy\u00f0juna\u00bb sem fr\u00e6\u00f0ilega sm\u00ed\u00f0.<\/p><p>N\u00faverandi rit um ind\u00f3evr\u00f3pska tr\u00faars\u00f6gu, me\u00f0al annars eftir Martin L. West (\u00abIndo-European Poetry and Myth\u00bb, 2007), telja Danu vera sennilega en veikt heimildabundna pers\u00f3nu.<\/p>\t\t\t\t\t\t\t\t<\/div>\n\t\t\t\t<\/div>\n\t\t<div class=\"elementor-element elementor-element-2e1207b e-con-full e-flex e-con e-child\" data-id=\"2e1207b\" data-element_type=\"container\" data-e-type=\"container\">\n\t\t\t\t<div class=\"elementor-element elementor-element-866bcd0 elementor-widget elementor-widget-heading\" data-id=\"866bcd0\" data-element_type=\"widget\" data-e-type=\"widget\" data-widget_type=\"heading.default\">\n\t\t\t\t\t<h2 class=\"elementor-heading-title elementor-size-default\">Fornleifafr\u00e6\u00f0ilegar v\u00edsbendingar<\/h2>\t\t\t\t<\/div>\n\t\t\t\t<div class=\"elementor-element elementor-element-6f247cd elementor-widget elementor-widget-text-editor\" data-id=\"6f247cd\" data-element_type=\"widget\" data-e-type=\"widget\" data-widget_type=\"text-editor.default\">\n\t\t\t\t\t\t\t\t\t<p>Fornleifafr\u00e6\u00f0ilegar ranns\u00f3knir \u00e1 \u00cdrlandi hafa til \u00feessa ekki fundi\u00f0 neinar \u00f3tv\u00edr\u00e6\u00f0ar helgista\u00f0ir sem tengja m\u00e6tti Danu. \u201eDa Ch\u00edch Anann\u201c, hinar \u00e1berandi tv\u00edburah\u00e6\u00f0ir \u00ed Kerry, eru \u00feekktar sem \u00e1\u00fereifanleg landslagsminjar en bera nafn Anu, ekki Danu.<\/p><p>Ranns\u00f3knir Ronald Hutton (\u201eThe <span class=\"iwg-fachbegriff\" data-tooltip=\"Sama og hei\u00f0i\u00f0; tilheyrandi tr\u00fa fr\u00e1 t\u00edmanum fyrir kristni.\" tabindex=\"0\">Pagan<\/span> Religions of the Ancient British Isles\u201c, 1991) benda \u00e1 a\u00f0 heimildir um forn\u00edrska tr\u00fa fyrir kristnit\u00f6ku eru fornleifafr\u00e6\u00f0ilega f\u00e1t\u00e6klegar og a\u00f0 mikilv\u00e6gustu uppl\u00fdsingarnar komi fr\u00e1 mi\u00f0aldatextum sem kristnir munkar ritst\u00fdr\u00f0u.<\/p>\n\n<p>\u00c1letranir eru var\u00f0veittar n\u00e6r ekki neinar \u00e1 \u00cdrlandi, \u00fev\u00ed ogam-ritkerfi\u00f0 var n\u00e6r eing\u00f6ngu nota\u00f0 fyrir mannan\u00f6fn.<\/p><p>\u00c1 meginlandinu bera stakar lindar\u00e1letranir gu\u00f0fr\u00e6\u00f0ileg tilv\u00edsanir til vatns- og lindagu\u00f0d\u00f3ma sem n\u00fat\u00edmafr\u00e6\u00f0imenn tengja stundum vi\u00f0 Danu, \u00e1n \u00feess a\u00f0 \u00f6rugg lestur s\u00e9 m\u00f6gulegur. \u00deannig er Danu fyrst og fremst rittengd pers\u00f3na, en efnislegar minjar um hana eru \u00f3beinar og bygg\u00f0ar \u00e1 endurger\u00f0.<\/p>\t\t\t\t\t\t\t\t<\/div>\n\t\t\t\t<\/div>\n\t\t<div class=\"elementor-element elementor-element-fa58d34 e-con-full e-flex e-con e-child\" data-id=\"fa58d34\" data-element_type=\"container\" data-e-type=\"container\">\n\t\t\t\t<div class=\"elementor-element elementor-element-aaf6c1e elementor-widget elementor-widget-heading\" data-id=\"aaf6c1e\" data-element_type=\"widget\" data-e-type=\"widget\" data-widget_type=\"heading.default\">\n\t\t\t\t\t<h2 class=\"elementor-heading-title elementor-size-default\">Vatnafr\u00e6\u00f0i og ind\u00f3evr\u00f3pska vatnserf\u00f0in<\/h2>\t\t\t\t<\/div>\n\t\t\t\t<div class=\"elementor-element elementor-element-17c9292 elementor-widget elementor-widget-text-editor\" data-id=\"17c9292\" data-element_type=\"widget\" data-e-type=\"widget\" data-widget_type=\"text-editor.default\">\n\t\t\t\t\t\t\t\t\t<p>Or\u00f0sifjafr\u00e6\u00f0ilegt samband nafns Danu vi\u00f0 ind\u00f3evr\u00f3pska vatnsor\u00f0i\u00f0 *deh\u2082-nu- \u201estr\u00f6nd, rennandi vatn\u201c var kerfisbundi\u00f0 \u00fatlista\u00f0 af Julius Pokorny \u00ed \u201eIndogermanisches etymologisches W\u00f6rterbuch\u201c (1959, f\u00e6rsla \u201e*d\u0101-nu-\u201c).<\/p><ul><li>Flj\u00f3tan\u00f6fnin sem eru dregin af \u00feessari r\u00f3t n\u00e1 fr\u00e1 hinum keltneska vestri yfir allt \u00fatbrei\u00f0slusv\u00e6\u00f0i ind\u00f3evr\u00f3pskra m\u00e1la: D\u00f3n\u00e1 (lat\u00edna Danuvius hj\u00e1 Caesar \u201eDe bello Gallico\u201c VI 25).<\/li><li>Don, Dnjepr (fornt heiti Borysthenes, s\u00ed\u00f0ar Danapris).<\/li><li>Dnjestr (Danastris).<\/li><li>nor\u00f0urfranska Dheune, su\u00f0vesturfranska Garonne me\u00f0 \u00feverflj\u00f3ti s\u00ednu Save, og \u00e1 Indlandi ved\u00edsk vatnsgy\u00f0ja D\u0101nu, m\u00f3\u00f0ir Vritra \u00ed \u201eRigveda\u201c I 32. Patrice Lajoye hefur \u00ed \u201eL&#8217;arbre du monde\u201c (2016) og \u00ed greinum s\u00ednum um ind\u00f3evr\u00f3pska <span class=\"iwg-fachbegriff\" data-tooltip=\"V\u00edsindagreinin sem rannsakar tr\u00faarbr\u00f6g\u00f0 samanbur\u00f0arlega og \u00e1n tr\u00faarlegrar afst\u00f6\u00f0u.\" tabindex=\"0\">tr\u00faarbrag\u00f0afr\u00e6\u00f0i<\/span> haldi\u00f0 fram a\u00f0 \u00feessi nafnasams\u00f6fnun s\u00e9 ekki tilviljun, heldur eigi r\u00e6tur \u00ed fornu lagi kvenkyns vatns- og strauma-numina sem h\u00e9lst st\u00f6\u00f0ugt virkt \u00ed keltnesku, ind\u00f3-\u00edr\u00f6nsku og sk\u00fd\u00fe\u00edsku.<\/li><\/ul>\n<p>Wolfgang Meid benti \u00fear \u00e1 m\u00f3ti \u00ed \u201eDie Religion der Kelten\u201c (Innsbruck 1991, 2. \u00fatg. 2007) \u00e1 \u00fe\u00e1 a\u00f0g\u00e1t \u00ed a\u00f0fer\u00f0afr\u00e6\u00f0i sem beita \u00fearf vi\u00f0 a\u00f0 setja beint samasemmerki milli hinnar eyjakeltnesku stofnm\u00f3\u00f0ur og meginlandsheita flj\u00f3ta.<\/p><p>Bernhard Maier fylgir \u00feessari l\u00ednu \u00ed annarri \u00fatg\u00e1fu b\u00f3kar sinnar \u201eReligion der Kelten\u201c (M\u00fcnchen 2012) og gerir greinarmun \u00e1 or\u00f0sifjafr\u00e6\u00f0ilega tr\u00faver\u00f0ugum en tr\u00faars\u00f6gulega ekki afdr\u00e1ttarlausum tengslum.<\/p><p>Joseph Falaky Nagy hefur \u00ed \u201eCambridge Companion to the Celts\u201c (2015) b\u00e6tt vi\u00f0 a\u00f0 mi\u00f0aldal\u00e6r\u00f0ir \u00cdrar hafi sj\u00e1lfir enga tilraun gert til a\u00f0 tengja Danu vi\u00f0 evr\u00f3psk flj\u00f3t; tengingin s\u00e9 sm\u00ed\u00f0 samanbur\u00f0ar-ind\u00f3evr\u00f3pskra fr\u00e6\u00f0a 19. og 20. aldar.<\/p>\t\t\t\t\t\t\t\t<\/div>\n\t\t\t\t<\/div>\n\t\t<div class=\"elementor-element elementor-element-b184dfd e-con-full e-flex e-con e-child\" data-id=\"b184dfd\" data-element_type=\"container\" data-e-type=\"container\">\n\t\t\t\t<div class=\"elementor-element elementor-element-60c401a elementor-widget elementor-widget-heading\" data-id=\"60c401a\" data-element_type=\"widget\" data-e-type=\"widget\" data-widget_type=\"heading.default\">\n\t\t\t\t\t<h2 class=\"elementor-heading-title elementor-size-default\">Mi\u00f0aldavi\u00f0t\u00f6kur \u00ed \u00edrskum ann\u00e1lum<\/h2>\t\t\t\t<\/div>\n\t\t\t\t<div class=\"elementor-element elementor-element-a81572a elementor-widget elementor-widget-text-editor\" data-id=\"a81572a\" data-element_type=\"widget\" data-e-type=\"widget\" data-widget_type=\"text-editor.default\">\n\t\t\t\t\t\t\t\t\t<p>Auk \u201eLebor Gab\u00e1la \u00c9renn\u201c kemur Danu a\u00f0eins fram me\u00f0 \u00f3beinum h\u00e6tti \u00ed ann\u00e1lahef\u00f0 \u00cdrlands.<\/p><p>\u00cd \u201eAnnala Rioghachta Eireann\u201c (\u201eAnn\u00e1lar konungsr\u00edkis \u00cdrlands\u201c, teki\u00f0 saman 1632 til 1636 af Fj\u00f3rmenningunum undir forystu M\u00edche\u00e1l \u00d3 Cl\u00e9irigh) koma Tuatha D\u00e9 Danann fram sem s\u00f6guv\u00e6dd frumbyggja\u00fej\u00f3\u00f0 \u00fear sem stofnm\u00f3\u00f0irin er nefnd Danann, \u00e1n \u00feess a\u00f0 sj\u00e1lfst\u00e6\u00f0ar fr\u00e1sagnir s\u00e9u var\u00f0veittar.<\/p><p>Einnig \u201eDindshenchas \u00c9renn\u201c, hinar bundnu og \u00f3bundnu \u00f6rnefnahef\u00f0ir \u00ed handritunum \u201eRennes\u201c, \u201eBodleian\u201c og \u201eBook of Lecan\u201c, l\u00e1ta s\u00e9r n\u00e6gja a\u00f0 nefna a\u00f0 h\u00e6\u00f0ap\u00f6rin sem k\u00f6llu\u00f0 eru \u201eDa Ch\u00edch Anann\u201c \u00ed Kerry s\u00e9u nefnd eftir gy\u00f0junni.<\/p><p>John Carey hefur \u00ed ritsafninu \u201eThe Land of Promise\u201c (Aberystwyth 2018) og \u00ed \u201eA New Introduction to the Lebor Gab\u00e1la\u201c (Irish Texts Society 1993) s\u00fdnt a\u00f0 \u00feessar athugasemdir eru brot \u00far eldri hef\u00f0um sem voru miki\u00f0 styttar \u00ed kristinni ritstj\u00f3rn.<\/p>\n<p>Mikilv\u00e6g heimild \u00ed a\u00f0fer\u00f0afr\u00e6\u00f0ilegu tilliti er \u201eSanas Cormaic\u201c, or\u00f0asafn biskups Cormac mac Cuilenn\u00e1in af Cashel (d\u00f3 908), \u00fear sem Anu er sk\u00fdr\u00f0 sem \u201em\u00f3\u00f0ir \u00edrsku gu\u00f0anna\u201c. Whitley Stokes haf\u00f0i \u00ed \u00fatg\u00e1fu sinni (Kalk\u00fatta 1868) \u00feegar bent \u00e1 a\u00f0 sk\u00fdring Cormacs s\u00e9 elsta t\u00edmasetta heimild um hlutverk Anu\/Danu sem gu\u00f0legrar stofnm\u00f3\u00f0ur.<\/p><p>Proinsias Mac Cana sty\u00f0ur \u00ed \u201eCeltic Mythology\u201c (London 1970) \u00fe\u00e1 t\u00falkun a\u00f0 or\u00f0asafni\u00f0 endurspegli munnlega hef\u00f0 8. og 9. aldar og veiti \u00feannig inns\u00fdn \u00ed Tuatha D\u00e9 Danann-flokkinn \u00e1 fyrstu b\u00f3kmenntastigum hans.<\/p>\t\t\t\t\t\t\t\t<\/div>\n\t\t\t\t<\/div>\n\t\t<div class=\"elementor-element elementor-element-dbc0306 e-con-full e-flex e-con e-child\" data-id=\"dbc0306\" data-element_type=\"container\" data-e-type=\"container\">\n\t\t\t\t<div class=\"elementor-element elementor-element-581a54c elementor-widget elementor-widget-heading\" data-id=\"581a54c\" data-element_type=\"widget\" data-e-type=\"widget\" data-widget_type=\"heading.default\">\n\t\t\t\t\t<h2 class=\"elementor-heading-title elementor-size-default\">Tengsl vi\u00f0 Brigid og hina kristnu samruna<\/h2>\t\t\t\t<\/div>\n\t\t\t\t<div class=\"elementor-element elementor-element-ae9f1dc elementor-widget elementor-widget-text-editor\" data-id=\"ae9f1dc\" data-element_type=\"widget\" data-e-type=\"widget\" data-widget_type=\"text-editor.default\">\n\t\t\t\t\t\t\t\t\t<p>Ein af mikilv\u00e6gustu vi\u00f0t\u00f6kul\u00ednunum lei\u00f0ir fr\u00e1 Danu til Brigid, d\u00f3ttur Dagda, sem var sj\u00e1lf tignu\u00f0 sem gy\u00f0ja sk\u00e1ldskapar, l\u00e6knislistar og sm\u00ed\u00f0averks. \u00cd \u00edrskri <span class=\"iwg-fachbegriff\" data-tooltip=\"Tr\u00faari\u00f0kun hversdagsl\u00edfsins, oft vi\u00f0 hli\u00f0 hinnar opinberu kenningar.\" tabindex=\"0\">al\u00fe\u00fd\u00f0utr\u00fa<\/span> runnu hei\u00f0in Brigid og heilag Brigid fr\u00e1 Kildare (d\u00f3 um 525) saman, en klausturstofnun hennar var\u00f0 eitt af mikilv\u00e6gustu andlegu mi\u00f0st\u00f6\u00f0vum \u00cdrlands.<\/p><p>Bernhard Maier bendir \u00e1 a\u00f0 flutning eiginleika m\u00f3\u00f0ur- og lj\u00f3sgy\u00f0ju yfir \u00e1 hina kristnu heil\u00f6gu konu megi sko\u00f0a sem d\u00e6migert fyrirb\u00e6ri \u201etr\u00faarlegrar a\u00f0l\u00f6gunar\u201c. Beinni samsv\u00f6run Danu og Brigid hafnar hann \u00fe\u00f3.<\/p>\n\n<p>\u00cd velskri hef\u00f0 er svipu\u00f0 umbreyting a\u00f0 finna \u00ed pers\u00f3nu heilagrar Non, m\u00f3\u00f0ur heilags Dav\u00ed\u00f0s, sem var tignu\u00f0 \u00ed Wales vi\u00f0 lindarhelgista\u00f0i sem \u00e1\u00f0ur voru tengdir sta\u00f0bundnum kvengu\u00f0um.<\/p><p>H\u00e9r gildir sama: l\u00ednan lei\u00f0ir ekki beint til Don e\u00f0a Danu, heldur vitnar um v\u00ed\u00f0t\u00e6ka venju a\u00f0 flytja kvenkyns numina vi\u00f0 heilagt vatn inn \u00ed kristna d\u00fdrlingafr\u00e6\u00f0i. John Carey og Miranda Aldhouse-Green hafa t\u00falka\u00f0 \u00feessar umbreytingar sem kerfisbundna stefnu \u00ed \u00edrskri og velskri munkal\u00e6rd\u00f3mi.<\/p>\t\t\t\t\t\t\t\t<\/div>\n\t\t\t\t<\/div>\n\t\t\t\t\t<\/div>\n\t\t\t\t<\/div>\n\t\t\t\t<\/div>\n\t\t","protected":false},"excerpt":{"rendered":"","protected":false},"author":3,"featured_media":3241,"parent":0,"menu_order":0,"comment_status":"closed","ping_status":"closed","template":"elementor_header_footer","meta":{"_yoast_wpseo_focuskw":"Danu","_yoast_wpseo_title":"Danu \u2013 M\u00f3\u00f0urgy\u00f0ja Tuatha D\u00e9 Danann | iWell Guard","_yoast_wpseo_metadesc":"Danu er keltnesk m\u00f3\u00f0urgy\u00f0ja og form\u00f3\u00f0ir Tuatha D\u00e9 Danann, hins gu\u00f0d\u00f3mlega kyns \u00cdrlands. Uppruni nafnsins af D\u00f3n\u00e1, go\u00f0saga og merking.","_yoast_wpseo_meta-robots-noindex":"","_yoast_wpseo_canonical":"","_angie_page":false,"gefaehrdungsstufe":"","wesen_kultur":"","wesen_klasse":"","footnotes":""},"categories":[],"class_list":["post-169104","page","type-page","status-publish","has-post-thumbnail","hentry"],"yoast_head":"<!-- This site is optimized with the Yoast SEO Premium plugin v27.7 (Yoast SEO v28.3) - https:\/\/yoast.com\/product\/yoast-seo-premium-wordpress\/ -->\n<title>Danu \u2013 M\u00f3\u00f0urgy\u00f0ja Tuatha D\u00e9 Danann | iWell Guard<\/title>\n<meta name=\"description\" content=\"Danu er keltnesk m\u00f3\u00f0urgy\u00f0ja og form\u00f3\u00f0ir Tuatha D\u00e9 Danann, hins gu\u00f0d\u00f3mlega kyns \u00cdrlands. Uppruni nafnsins af D\u00f3n\u00e1, go\u00f0saga og merking.\" \/>\n<meta name=\"robots\" content=\"index, follow, max-snippet:-1, max-image-preview:large, max-video-preview:-1\" \/>\n<link rel=\"canonical\" href=\"https:\/\/iwell-guard.com\/is\/danu\/\" \/>\n<meta property=\"og:locale\" content=\"is_IS\" \/>\n<meta property=\"og:type\" content=\"article\" \/>\n<meta property=\"og:title\" content=\"Danu\" \/>\n<meta property=\"og:description\" content=\"Danu er keltnesk m\u00f3\u00f0urgy\u00f0ja og form\u00f3\u00f0ir Tuatha D\u00e9 Danann, hins gu\u00f0d\u00f3mlega kyns \u00cdrlands. Uppruni nafnsins af D\u00f3n\u00e1, go\u00f0saga og merking.\" \/>\n<meta property=\"og:url\" content=\"https:\/\/iwell-guard.com\/is\/danu\/\" \/>\n<meta property=\"og:site_name\" content=\"iWell Guard\" \/>\n<meta property=\"article:modified_time\" content=\"2026-09-05T14:32:22+00:00\" \/>\n<meta property=\"og:image\" content=\"https:\/\/iwell-guard.com\/wp-content\/uploads\/2026\/05\/goetter_keltisch_danu.webp\" \/>\n\t<meta property=\"og:image:width\" content=\"1024\" \/>\n\t<meta property=\"og:image:height\" content=\"1536\" \/>\n\t<meta property=\"og:image:type\" content=\"image\/webp\" \/>\n<meta name=\"twitter:card\" content=\"summary_large_image\" \/>\n<script type=\"application\/ld+json\" class=\"yoast-schema-graph\">{\"@context\":\"https:\\\/\\\/schema.org\",\"@graph\":[{\"@type\":\"WebPage\",\"@id\":\"https:\\\/\\\/iwell-guard.com\\\/is\\\/danu\\\/\",\"url\":\"https:\\\/\\\/iwell-guard.com\\\/is\\\/danu\\\/\",\"name\":\"Danu \u2013 M\u00f3\u00f0urgy\u00f0ja Tuatha D\u00e9 Danann | iWell Guard\",\"isPartOf\":{\"@id\":\"https:\\\/\\\/iwell-guard.com\\\/is\\\/#website\"},\"primaryImageOfPage\":{\"@id\":\"https:\\\/\\\/iwell-guard.com\\\/is\\\/danu\\\/#primaryimage\"},\"image\":{\"@id\":\"https:\\\/\\\/iwell-guard.com\\\/is\\\/danu\\\/#primaryimage\"},\"thumbnailUrl\":\"https:\\\/\\\/iwell-guard.com\\\/wp-content\\\/uploads\\\/2026\\\/05\\\/goetter_keltisch_danu.webp\",\"datePublished\":\"2026-09-05T14:05:37+00:00\",\"dateModified\":\"2026-09-05T14:32:22+00:00\",\"description\":\"Danu er keltnesk m\u00f3\u00f0urgy\u00f0ja og form\u00f3\u00f0ir Tuatha D\u00e9 Danann, hins gu\u00f0d\u00f3mlega kyns \u00cdrlands. Uppruni nafnsins af D\u00f3n\u00e1, go\u00f0saga og merking.\",\"breadcrumb\":{\"@id\":\"https:\\\/\\\/iwell-guard.com\\\/is\\\/danu\\\/#breadcrumb\"},\"inLanguage\":\"is\",\"potentialAction\":[{\"@type\":\"ReadAction\",\"target\":[\"https:\\\/\\\/iwell-guard.com\\\/is\\\/danu\\\/\"]}]},{\"@type\":\"ImageObject\",\"inLanguage\":\"is\",\"@id\":\"https:\\\/\\\/iwell-guard.com\\\/is\\\/danu\\\/#primaryimage\",\"url\":\"https:\\\/\\\/iwell-guard.com\\\/wp-content\\\/uploads\\\/2026\\\/05\\\/goetter_keltisch_danu.webp\",\"contentUrl\":\"https:\\\/\\\/iwell-guard.com\\\/wp-content\\\/uploads\\\/2026\\\/05\\\/goetter_keltisch_danu.webp\",\"width\":1024,\"height\":1536,\"caption\":\"Gu\u00f0ir \u00far keltneskri hef\u00f0.\"},{\"@type\":\"BreadcrumbList\",\"@id\":\"https:\\\/\\\/iwell-guard.com\\\/is\\\/danu\\\/#breadcrumb\",\"itemListElement\":[{\"@type\":\"ListItem\",\"position\":1,\"name\":\"Start\",\"item\":\"https:\\\/\\\/iwell-guard.com\\\/is\\\/?page_id=168580\"},{\"@type\":\"ListItem\",\"position\":2,\"name\":\"Danu\"}]},{\"@type\":\"WebSite\",\"@id\":\"https:\\\/\\\/iwell-guard.com\\\/is\\\/#website\",\"url\":\"https:\\\/\\\/iwell-guard.com\\\/is\\\/\",\"name\":\"iWell Guard\",\"description\":\"Schutz vor dunklen Einfl\u00fcssen\",\"publisher\":{\"@id\":\"https:\\\/\\\/iwell-guard.com\\\/is\\\/#organization\"},\"potentialAction\":[{\"@type\":\"SearchAction\",\"target\":{\"@type\":\"EntryPoint\",\"urlTemplate\":\"https:\\\/\\\/iwell-guard.com\\\/is\\\/?s={search_term_string}\"},\"query-input\":{\"@type\":\"PropertyValueSpecification\",\"valueRequired\":true,\"valueName\":\"search_term_string\"}}],\"inLanguage\":\"is\"},{\"@type\":\"Organization\",\"@id\":\"https:\\\/\\\/iwell-guard.com\\\/is\\\/#organization\",\"name\":\"Ittermann electronic GmbH\",\"url\":\"https:\\\/\\\/iwell-guard.com\\\/is\\\/\",\"logo\":{\"@type\":\"ImageObject\",\"inLanguage\":\"is\",\"@id\":\"https:\\\/\\\/iwell-guard.com\\\/is\\\/#\\\/schema\\\/logo\\\/image\\\/\",\"url\":\"https:\\\/\\\/iwell-guard.com\\\/wp-content\\\/uploads\\\/2026\\\/05\\\/Ittermann-Logo-1182x237-1.png\",\"contentUrl\":\"https:\\\/\\\/iwell-guard.com\\\/wp-content\\\/uploads\\\/2026\\\/05\\\/Ittermann-Logo-1182x237-1.png\",\"width\":1182,\"height\":237,\"caption\":\"Ittermann electronic GmbH\"},\"image\":{\"@id\":\"https:\\\/\\\/iwell-guard.com\\\/is\\\/#\\\/schema\\\/logo\\\/image\\\/\"},\"sameAs\":[\"https:\\\/\\\/pantip.com\\\/profile\\\/9367242\",\"https:\\\/\\\/micro.blog\\\/iwellguard\",\"https:\\\/\\\/www.diggerslist.com\\\/iwellguard\\\/about\",\"https:\\\/\\\/skitterphoto.com\\\/photographers\\\/2870314\\\/iwell-guard\",\"https:\\\/\\\/iwellguard.wordpress.com\\\/2026\\\/06\\\/06\\\/iwell-guard\\\/\",\"https:\\\/\\\/hub.docker.com\\\/u\\\/iwellguard\",\"https:\\\/\\\/www.pinterest.com\\\/iwellguard\\\/\",\"https:\\\/\\\/bit.ly\\\/m\\\/iwellguard\",\"https:\\\/\\\/entre-vos-mains.alsace.eu\\\/profiles\\\/iwellguard\\\/activity\",\"https:\\\/\\\/gravatar.com\\\/reallybeded8fd34\",\"https:\\\/\\\/naijamatta.com\\\/iwellguard\",\"https:\\\/\\\/www.goodreads.com\\\/iwellguard\",\"https:\\\/\\\/profile.hatena.ne.jp\\\/iwellguard\\\/\",\"https:\\\/\\\/experiment.com\\\/users\\\/iwellguard\",\"https:\\\/\\\/wakelet.com\\\/@iWellGuard82270\",\"https:\\\/\\\/www.chordie.com\\\/forum\\\/profile.php?id=2555664\",\"https:\\\/\\\/www.instapaper.com\\\/p\\\/17757966\",\"https:\\\/\\\/www.mapleprimes.com\\\/users\\\/iwellguard\",\"https:\\\/\\\/businesslistingplus.com\\\/profile\\\/iwell-guard\\\/\",\"https:\\\/\\\/telegra.ph\\\/iWell-Guard-06-06\",\"https:\\\/\\\/pbase.com\\\/iwellguard\\\/iwellguard\",\"https:\\\/\\\/b.hatena.ne.jp\\\/iwellguard\\\/20260607#bookmark-4788405196491818882\",\"https:\\\/\\\/fliphtml5.com\\\/home\\\/iwellguard\",\"https:\\\/\\\/anyflip.com\\\/homepage\\\/cmiwl#About\",\"https:\\\/\\\/transfur.com\\\/Users\\\/iwellguard\",\"http:\\\/\\\/delphi.larsbo.org\\\/user\\\/iwellguard\",\"https:\\\/\\\/jobs.lajobsportal.org\\\/profiles\\\/8380803-iwell-guard\",\"https:\\\/\\\/md.chaosdorf.de\\\/s\\\/jfbe5SBdJD\",\"https:\\\/\\\/www.lingvolive.com\\\/en-us\\\/profile\\\/9ecaeaca-ce11-4e51-9e71-01d55e2bff36\\\/translations\",\"https:\\\/\\\/www.fitday.com\\\/fitness\\\/forums\\\/members\\\/iwellguard.html\",\"https:\\\/\\\/www.mymeetbook.com\\\/iwellguard\",\"https:\\\/\\\/pxhere.com\\\/en\\\/photographer-me\\\/5040798\",\"https:\\\/\\\/disqus.com\\\/by\\\/iwellguard\\\/about\\\/\",\"https:\\\/\\\/pastelink.net\\\/hjwciqwq\",\"https:\\\/\\\/pubhtml5.com\\\/homepage\\\/scjhn\\\/\",\"https:\\\/\\\/www.bitchute.com\\\/channel\\\/2O2eOKzNqujT\",\"https:\\\/\\\/audiomack.com\\\/iwellguard\"]}]}<\/script>\n<!-- \/ Yoast SEO Premium plugin. -->","yoast_head_json":{"title":"Danu \u2013 M\u00f3\u00f0urgy\u00f0ja Tuatha D\u00e9 Danann | iWell Guard","description":"Danu er keltnesk m\u00f3\u00f0urgy\u00f0ja og form\u00f3\u00f0ir Tuatha D\u00e9 Danann, hins gu\u00f0d\u00f3mlega kyns \u00cdrlands. Uppruni nafnsins af D\u00f3n\u00e1, go\u00f0saga og merking.","robots":{"index":"index","follow":"follow","max-snippet":"max-snippet:-1","max-image-preview":"max-image-preview:large","max-video-preview":"max-video-preview:-1"},"canonical":"https:\/\/iwell-guard.com\/is\/danu\/","og_locale":"is_IS","og_type":"article","og_title":"Danu","og_description":"Danu er keltnesk m\u00f3\u00f0urgy\u00f0ja og form\u00f3\u00f0ir Tuatha D\u00e9 Danann, hins gu\u00f0d\u00f3mlega kyns \u00cdrlands. Uppruni nafnsins af D\u00f3n\u00e1, go\u00f0saga og merking.","og_url":"https:\/\/iwell-guard.com\/is\/danu\/","og_site_name":"iWell Guard","article_modified_time":"2026-09-05T14:32:22+00:00","og_image":[{"width":1024,"height":1536,"url":"https:\/\/iwell-guard.com\/wp-content\/uploads\/2026\/05\/goetter_keltisch_danu.webp","type":"image\/webp"}],"twitter_card":"summary_large_image","schema":{"@context":"https:\/\/schema.org","@graph":[{"@type":"WebPage","@id":"https:\/\/iwell-guard.com\/is\/danu\/","url":"https:\/\/iwell-guard.com\/is\/danu\/","name":"Danu \u2013 M\u00f3\u00f0urgy\u00f0ja Tuatha D\u00e9 Danann | iWell Guard","isPartOf":{"@id":"https:\/\/iwell-guard.com\/is\/#website"},"primaryImageOfPage":{"@id":"https:\/\/iwell-guard.com\/is\/danu\/#primaryimage"},"image":{"@id":"https:\/\/iwell-guard.com\/is\/danu\/#primaryimage"},"thumbnailUrl":"https:\/\/iwell-guard.com\/wp-content\/uploads\/2026\/05\/goetter_keltisch_danu.webp","datePublished":"2026-09-05T14:05:37+00:00","dateModified":"2026-09-05T14:32:22+00:00","description":"Danu er keltnesk m\u00f3\u00f0urgy\u00f0ja og form\u00f3\u00f0ir Tuatha D\u00e9 Danann, hins gu\u00f0d\u00f3mlega kyns \u00cdrlands. Uppruni nafnsins af D\u00f3n\u00e1, go\u00f0saga og merking.","breadcrumb":{"@id":"https:\/\/iwell-guard.com\/is\/danu\/#breadcrumb"},"inLanguage":"is","potentialAction":[{"@type":"ReadAction","target":["https:\/\/iwell-guard.com\/is\/danu\/"]}]},{"@type":"ImageObject","inLanguage":"is","@id":"https:\/\/iwell-guard.com\/is\/danu\/#primaryimage","url":"https:\/\/iwell-guard.com\/wp-content\/uploads\/2026\/05\/goetter_keltisch_danu.webp","contentUrl":"https:\/\/iwell-guard.com\/wp-content\/uploads\/2026\/05\/goetter_keltisch_danu.webp","width":1024,"height":1536,"caption":"Gu\u00f0ir \u00far keltneskri hef\u00f0."},{"@type":"BreadcrumbList","@id":"https:\/\/iwell-guard.com\/is\/danu\/#breadcrumb","itemListElement":[{"@type":"ListItem","position":1,"name":"Start","item":"https:\/\/iwell-guard.com\/is\/?page_id=168580"},{"@type":"ListItem","position":2,"name":"Danu"}]},{"@type":"WebSite","@id":"https:\/\/iwell-guard.com\/is\/#website","url":"https:\/\/iwell-guard.com\/is\/","name":"iWell Guard","description":"Schutz vor dunklen Einfl\u00fcssen","publisher":{"@id":"https:\/\/iwell-guard.com\/is\/#organization"},"potentialAction":[{"@type":"SearchAction","target":{"@type":"EntryPoint","urlTemplate":"https:\/\/iwell-guard.com\/is\/?s={search_term_string}"},"query-input":{"@type":"PropertyValueSpecification","valueRequired":true,"valueName":"search_term_string"}}],"inLanguage":"is"},{"@type":"Organization","@id":"https:\/\/iwell-guard.com\/is\/#organization","name":"Ittermann electronic GmbH","url":"https:\/\/iwell-guard.com\/is\/","logo":{"@type":"ImageObject","inLanguage":"is","@id":"https:\/\/iwell-guard.com\/is\/#\/schema\/logo\/image\/","url":"https:\/\/iwell-guard.com\/wp-content\/uploads\/2026\/05\/Ittermann-Logo-1182x237-1.png","contentUrl":"https:\/\/iwell-guard.com\/wp-content\/uploads\/2026\/05\/Ittermann-Logo-1182x237-1.png","width":1182,"height":237,"caption":"Ittermann electronic GmbH"},"image":{"@id":"https:\/\/iwell-guard.com\/is\/#\/schema\/logo\/image\/"},"sameAs":["https:\/\/pantip.com\/profile\/9367242","https:\/\/micro.blog\/iwellguard","https:\/\/www.diggerslist.com\/iwellguard\/about","https:\/\/skitterphoto.com\/photographers\/2870314\/iwell-guard","https:\/\/iwellguard.wordpress.com\/2026\/06\/06\/iwell-guard\/","https:\/\/hub.docker.com\/u\/iwellguard","https:\/\/www.pinterest.com\/iwellguard\/","https:\/\/bit.ly\/m\/iwellguard","https:\/\/entre-vos-mains.alsace.eu\/profiles\/iwellguard\/activity","https:\/\/gravatar.com\/reallybeded8fd34","https:\/\/naijamatta.com\/iwellguard","https:\/\/www.goodreads.com\/iwellguard","https:\/\/profile.hatena.ne.jp\/iwellguard\/","https:\/\/experiment.com\/users\/iwellguard","https:\/\/wakelet.com\/@iWellGuard82270","https:\/\/www.chordie.com\/forum\/profile.php?id=2555664","https:\/\/www.instapaper.com\/p\/17757966","https:\/\/www.mapleprimes.com\/users\/iwellguard","https:\/\/businesslistingplus.com\/profile\/iwell-guard\/","https:\/\/telegra.ph\/iWell-Guard-06-06","https:\/\/pbase.com\/iwellguard\/iwellguard","https:\/\/b.hatena.ne.jp\/iwellguard\/20260607#bookmark-4788405196491818882","https:\/\/fliphtml5.com\/home\/iwellguard","https:\/\/anyflip.com\/homepage\/cmiwl#About","https:\/\/transfur.com\/Users\/iwellguard","http:\/\/delphi.larsbo.org\/user\/iwellguard","https:\/\/jobs.lajobsportal.org\/profiles\/8380803-iwell-guard","https:\/\/md.chaosdorf.de\/s\/jfbe5SBdJD","https:\/\/www.lingvolive.com\/en-us\/profile\/9ecaeaca-ce11-4e51-9e71-01d55e2bff36\/translations","https:\/\/www.fitday.com\/fitness\/forums\/members\/iwellguard.html","https:\/\/www.mymeetbook.com\/iwellguard","https:\/\/pxhere.com\/en\/photographer-me\/5040798","https:\/\/disqus.com\/by\/iwellguard\/about\/","https:\/\/pastelink.net\/hjwciqwq","https:\/\/pubhtml5.com\/homepage\/scjhn\/","https:\/\/www.bitchute.com\/channel\/2O2eOKzNqujT","https:\/\/audiomack.com\/iwellguard"]}]}},"_links":{"self":[{"href":"https:\/\/iwell-guard.com\/is\/wp-json\/wp\/v2\/pages\/169104","targetHints":{"allow":["GET"]}}],"collection":[{"href":"https:\/\/iwell-guard.com\/is\/wp-json\/wp\/v2\/pages"}],"about":[{"href":"https:\/\/iwell-guard.com\/is\/wp-json\/wp\/v2\/types\/page"}],"author":[{"embeddable":true,"href":"https:\/\/iwell-guard.com\/is\/wp-json\/wp\/v2\/users\/3"}],"replies":[{"embeddable":true,"href":"https:\/\/iwell-guard.com\/is\/wp-json\/wp\/v2\/comments?post=169104"}],"version-history":[{"count":0,"href":"https:\/\/iwell-guard.com\/is\/wp-json\/wp\/v2\/pages\/169104\/revisions"}],"wp:featuredmedia":[{"embeddable":true,"href":"https:\/\/iwell-guard.com\/is\/wp-json\/wp\/v2\/media\/3241"}],"wp:attachment":[{"href":"https:\/\/iwell-guard.com\/is\/wp-json\/wp\/v2\/media?parent=169104"}],"wp:term":[{"taxonomy":"category","embeddable":true,"href":"https:\/\/iwell-guard.com\/is\/wp-json\/wp\/v2\/categories?post=169104"}],"curies":[{"name":"wp","href":"https:\/\/api.w.org\/{rel}","templated":true}]}}