{"id":169095,"date":"2026-09-05T14:05:32","date_gmt":"2026-09-05T14:05:32","guid":{"rendered":"https:\/\/iwell-guard.com\/?page_id=169095"},"modified":"2026-09-05T14:32:09","modified_gmt":"2026-09-05T14:32:09","slug":"tara","status":"publish","type":"page","link":"https:\/\/iwell-guard.com\/is\/tara\/","title":{"rendered":"Tara"},"content":{"rendered":"\t\t<div data-elementor-type=\"wp-page\" data-elementor-id=\"169095\" class=\"elementor elementor-169095 elementor-3036 elementor-bc-flex-widget\" data-elementor-post-type=\"page\">\n\t\t\t\t<div class=\"elementor-element elementor-element-ac84f4f e-flex e-con-boxed e-con e-parent\" data-id=\"ac84f4f\" data-element_type=\"container\" data-e-type=\"container\" data-settings=\"{&quot;background_background&quot;:&quot;classic&quot;}\">\n\t\t\t\t\t<div class=\"e-con-inner\">\n\t\t<div class=\"elementor-element elementor-element-278c97d e-flex e-con-boxed e-con e-child\" data-id=\"278c97d\" data-element_type=\"container\" data-e-type=\"container\">\n\t\t\t\t\t<div class=\"e-con-inner\">\n\t\t<div class=\"elementor-element elementor-element-c7c860e e-con-full e-flex e-con e-child\" data-id=\"c7c860e\" data-element_type=\"container\" data-e-type=\"container\">\n\t\t\t\t<div class=\"elementor-element elementor-element-16a62f8 elementor-widget elementor-widget-heading\" data-id=\"16a62f8\" data-element_type=\"widget\" data-e-type=\"widget\" data-widget_type=\"heading.default\">\n\t\t\t\t\t<h1 class=\"elementor-heading-title elementor-size-default\">Tara, Bodhisattva sam\u00fa\u00f0arins<\/h1>\t\t\t\t<\/div>\n\t\t\t\t<div class=\"elementor-element elementor-element-dca5589 elementor-widget elementor-widget-text-editor\" data-id=\"dca5589\" data-element_type=\"widget\" data-e-type=\"widget\" data-widget_type=\"text-editor.default\">\n\t\t\t\t\t\t\t\t\t<p>Tara er \u00ed Mahayana-b\u00faddisma, og s\u00e9rstaklega \u00ed t\u00edbetskum Vajrayana-b\u00faddisma, kvenkyns bodhisattva-vera af mikilli \u00fe\u00fd\u00f0ingu. Nafn hennar (sanskr\u00edt tara, \u201ehin sem flytur yfir&#8220;) v\u00edsar til hlutverks hennar sem frelsara sem lei\u00f0ir verurnar yfir \u201estrauminn&#8220; tilverusveiflunnar (samsara) til hins gagnst\u00e6\u00f0a bakka lausnarins (nirvana).<\/p><p>H\u00fan kemur fram \u00ed m\u00f6rgum birtingarmyndum, \u00feekktastar eru Gr\u00e6na og Hv\u00edta Tara, en a\u00f0 auki eru einnig og tveir tuttugu Tara-form d\u00fdrku\u00f0 samkv\u00e6mt hef\u00f0.<\/p>\t\t\t\t\t\t\t\t<\/div>\n\t\t\t\t<\/div>\n\t\t<div class=\"elementor-element elementor-element-ebefbe5 e-con-full e-flex e-con e-parent\" data-id=\"ebefbe5\" data-element_type=\"container\" data-e-type=\"container\">\n\t\t\t\t<div class=\"elementor-element elementor-element-13ef84c elementor-widget elementor-widget-html\" data-id=\"13ef84c\" data-element_type=\"widget\" data-e-type=\"widget\" data-widget_type=\"html.default\">\n\t\t\t\t\t<div class=\"iwg-pill-row\"><span class=\"iwg-klasse-badge\" tabindex=\"0\" data-tooltip=\"Gu\u00f0 \/ gy\u00f0ja: Pers\u00f3nuger\u00f0 \u00e6\u00f0sta vald \u00ed go\u00f0aheimi menningar, me\u00f0 sk\u00fdrum \u00e1byrg\u00f0arsvi\u00f0um \u2014 n\u00e1tt\u00faru\u00f6fl, \u00f6rl\u00f6g, str\u00ed\u00f0, fj\u00f6lgun. Tigna\u00f0ur me\u00f0 d\u00fdrkun, f\u00f3rnum og hofastofnunum.\">Gu\u00f0<\/span><a href=\"https:\/\/iwell-guard.com\/is\/buddhismi\/\" class=\"iwg-kultur-badge\" tabindex=\"0\" data-tooltip=\"B\u00fadd\u00edsk hef\u00f0 me\u00f0 bodhisattvum, verndargo\u00f0um, hungurandum og helv\u00edtisv\u00f6r\u00f0um.\">B\u00faddismi<\/a><\/div>\t\t\t\t<\/div>\n\t\t\t\t<\/div>\n\t\t<div class=\"elementor-element elementor-element-a426fdd e-con-full e-flex e-con e-child\" data-id=\"a426fdd\" data-element_type=\"container\" data-e-type=\"container\">\n\t\t\t\t<div class=\"elementor-element elementor-element-6f43b85 elementor-toc--minimized-on-tablet elementor-widget elementor-widget-table-of-contents\" data-id=\"6f43b85\" data-element_type=\"widget\" data-e-type=\"widget\" data-settings=\"{&quot;exclude_headings_by_selector&quot;:[],&quot;no_headings_message&quot;:&quot;Engar undirfyrirsagnir fundust \\u00e1 \\u00feessari s\\u00ed\\u00f0u.&quot;,&quot;headings_by_tags&quot;:[&quot;h2&quot;,&quot;h3&quot;],&quot;marker_view&quot;:&quot;bullets&quot;,&quot;icon&quot;:{&quot;value&quot;:&quot;fas fa-circle&quot;,&quot;library&quot;:&quot;fa-solid&quot;,&quot;rendered_tag&quot;:&quot;&lt;svg class=\\&quot;e-font-icon-svg e-fas-circle\\&quot; viewBox=\\&quot;0 0 512 512\\&quot; xmlns=\\&quot;http:\\\/\\\/www.w3.org\\\/2000\\\/svg\\&quot;&gt;&lt;path d=\\&quot;M256 8C119 8 8 119 8 256s111 248 248 248 248-111 248-248S393 8 256 8z\\&quot;&gt;&lt;\\\/path&gt;&lt;\\\/svg&gt;&quot;},&quot;minimize_box&quot;:&quot;yes&quot;,&quot;minimized_on&quot;:&quot;tablet&quot;,&quot;hierarchical_view&quot;:&quot;yes&quot;,&quot;min_height&quot;:{&quot;unit&quot;:&quot;px&quot;,&quot;size&quot;:&quot;&quot;,&quot;sizes&quot;:[]},&quot;min_height_tablet&quot;:{&quot;unit&quot;:&quot;px&quot;,&quot;size&quot;:&quot;&quot;,&quot;sizes&quot;:[]},&quot;min_height_mobile&quot;:{&quot;unit&quot;:&quot;px&quot;,&quot;size&quot;:&quot;&quot;,&quot;sizes&quot;:[]}}\" data-widget_type=\"table-of-contents.default\">\n\t\t\t\t\t\t\t\t\t<div class=\"elementor-toc__header\">\n\t\t\t\t\t\t<h2 class=\"elementor-toc__header-title\">\n\t\t\t\tEfnisyfirlit\t\t\t<\/h2>\n\t\t\t\t\t\t\t\t\t\t<div class=\"elementor-toc__toggle-button elementor-toc__toggle-button--expand\" role=\"button\" tabindex=\"0\" aria-controls=\"elementor-toc__6f43b85\" aria-expanded=\"true\" aria-label=\"Open table of contents\"><svg aria-hidden=\"true\" class=\"e-font-icon-svg e-fas-chevron-down\" viewBox=\"0 0 448 512\" xmlns=\"http:\/\/www.w3.org\/2000\/svg\"><path d=\"M207.029 381.476L12.686 187.132c-9.373-9.373-9.373-24.569 0-33.941l22.667-22.667c9.357-9.357 24.522-9.375 33.901-.04L224 284.505l154.745-154.021c9.379-9.335 24.544-9.317 33.901.04l22.667 22.667c9.373 9.373 9.373 24.569 0 33.941L240.971 381.476c-9.373 9.372-24.569 9.372-33.942 0z\"><\/path><\/svg><\/div>\n\t\t\t\t<div class=\"elementor-toc__toggle-button elementor-toc__toggle-button--collapse\" role=\"button\" tabindex=\"0\" aria-controls=\"elementor-toc__6f43b85\" aria-expanded=\"true\" aria-label=\"Close table of contents\"><svg aria-hidden=\"true\" class=\"e-font-icon-svg e-fas-chevron-up\" viewBox=\"0 0 448 512\" xmlns=\"http:\/\/www.w3.org\/2000\/svg\"><path d=\"M240.971 130.524l194.343 194.343c9.373 9.373 9.373 24.569 0 33.941l-22.667 22.667c-9.357 9.357-24.522 9.375-33.901.04L224 227.495 69.255 381.516c-9.379 9.335-24.544 9.317-33.901-.04l-22.667-22.667c-9.373-9.373-9.373-24.569 0-33.941L207.03 130.525c9.372-9.373 24.568-9.373 33.941-.001z\"><\/path><\/svg><\/div>\n\t\t\t\t\t<\/div>\n\t\t\t\t<div id=\"elementor-toc__6f43b85\" class=\"elementor-toc__body\">\n\t\t\t<div class=\"elementor-toc__spinner-container\">\n\t\t\t\t<svg class=\"elementor-toc__spinner eicon-animation-spin e-font-icon-svg e-eicon-loading\" aria-hidden=\"true\" viewBox=\"0 0 1000 1000\" xmlns=\"http:\/\/www.w3.org\/2000\/svg\"><path d=\"M500 975V858C696 858 858 696 858 500S696 142 500 142 142 304 142 500H25C25 237 238 25 500 25S975 237 975 500 763 975 500 975Z\"><\/path><\/svg>\t\t\t<\/div>\n\t\t<\/div>\n\t\t\t\t\t\t<\/div>\n\t\t\t\t<\/div>\n\t\t\t\t\t<\/div>\n\t\t\t\t<\/div>\n\t\t<div class=\"elementor-element elementor-element-135de0d e-con-full e-flex e-con e-child\" data-id=\"135de0d\" data-element_type=\"container\" data-e-type=\"container\">\n\t\t\t\t<div class=\"elementor-element elementor-element-6dd0c4d iwg-hero-image elementor-widget elementor-widget-image\" data-id=\"6dd0c4d\" data-element_type=\"widget\" data-e-type=\"widget\" data-widget_type=\"image.default\">\n\t\t\t\t\t\t\t\t\t\t\t\t\t\t\t<img fetchpriority=\"high\" decoding=\"async\" width=\"683\" height=\"1024\" src=\"https:\/\/iwell-guard.com\/wp-content\/uploads\/2026\/05\/goetter_buddhismus_tara-683x1024.webp\" class=\"attachment-large size-large wp-image-170678\" alt=\"Tara - gu\u00f0ir \u00far b\u00fadd\u00edskri hef\u00f0, s\u00f6guleg myndskreyting\" srcset=\"https:\/\/iwell-guard.com\/wp-content\/uploads\/2026\/05\/goetter_buddhismus_tara-683x1024.webp 683w, https:\/\/iwell-guard.com\/wp-content\/uploads\/2026\/05\/goetter_buddhismus_tara-200x300.webp 200w, https:\/\/iwell-guard.com\/wp-content\/uploads\/2026\/05\/goetter_buddhismus_tara-768x1152.webp 768w, https:\/\/iwell-guard.com\/wp-content\/uploads\/2026\/05\/goetter_buddhismus_tara.webp 1024w\" sizes=\"(max-width: 683px) 100vw, 683px\" \/>\t\t\t\t\t\t\t\t\t\t\t\t\t\t\t<\/div>\n\t\t\t\t<\/div>\n\t\t\t\t\t<\/div>\n\t\t\t\t<\/div>\n\t\t<div class=\"elementor-element elementor-element-cd65524 e-con-boxed e-flex e-con e-parent\" data-id=\"cd65524\" data-element_type=\"container\" data-e-type=\"container\">\n\t\t\t\t\t<div class=\"e-con-inner\">\n\t\t<div class=\"elementor-element elementor-element-eb1ea1b e-con-full e-flex e-con e-child\" data-id=\"eb1ea1b\" data-element_type=\"container\" data-e-type=\"container\">\n\t\t\t\t<div class=\"elementor-element elementor-element-5e0a479 elementor-widget elementor-widget-heading\" data-id=\"5e0a479\" data-element_type=\"widget\" data-e-type=\"widget\" data-widget_type=\"heading.default\">\n\t\t\t\t\t<h2 class=\"elementor-heading-title elementor-size-default\">Uppruni og saga<\/h2>\t\t\t\t<\/div>\n\t\t\t\t<div class=\"elementor-element elementor-element-a625c6c elementor-widget elementor-widget-text-editor\" data-id=\"a625c6c\" data-element_type=\"widget\" data-e-type=\"widget\" data-widget_type=\"text-editor.default\">\n\t\t\t\t\t\t\t\t\t<p>Elstu v\u00edsbendingar um Tara n\u00e1 aftur til 6. til 7. aldar okkar t\u00edmatals \u00ed Indlandi. Sk\u00falpt\u00farar fr\u00e1 Nalanda og \u00far Pala-r\u00edkinu (8. til 12. \u00f6ld) s\u00fdna hana \u00feegar \u00ed hinni d\u00e6miger\u00f0u sitjandi stellingu lalitasana, me\u00f0 einn f\u00f3t ni\u00f0urdinglandi sem t\u00e1kn vi\u00f0b\u00fana\u00f0ar til a\u00f0 fl\u00fdta s\u00e9r til hj\u00e1lpar \u00feeim sem b\u00e6na.<\/p><p>Hinar kan\u00f3n\u00edsku ritger\u00f0ir eru Aryatara-namashtottarashataka (Hundra\u00f0 og \u00e1tta n\u00f6fn hinnar tignu Tara) og Tara-Tantra. \u00cd T\u00edbet festist d\u00fdrkunin \u00ed sessi me\u00f0 \u00fe\u00fd\u00f0ingarstarfi fr\u00e1 8. \u00f6ld.<\/p>\n<p>Mikilv\u00e6g t\u00edbetsk hef\u00f0, var\u00f0veitt s\u00e9rstaklega \u00ed Gelug-sk\u00f3lanum, tengir Tara vi\u00f0 tv\u00e6r b\u00fadd\u00edskar konur konungs Songtsen Gampo: Bhrikuti fr\u00e1 Nepal er s\u00f6g\u00f0 birtast sem Gr\u00e6na Tara, Wencheng fr\u00e1 K\u00edna sem Hv\u00edta Tara.<\/p><p>\u00deessi <span class=\"iwg-fachbegriff\" data-tooltip=\"Uppbyggileg saga, oftast um l\u00edf heilagra.\" tabindex=\"0\">helgisaga<\/span> er ekki sta\u00f0fest \u00ed sagnfr\u00e6\u00f0i, h\u00fan er afturvirk sm\u00ed\u00f0 fr\u00e1 11. til 12. \u00f6ld sem t\u00e1knar innrei\u00f0 b\u00faddisma til T\u00edbet me\u00f0 myndr\u00e6num h\u00e6tti. David Snellgrove (\u201eIndo-Tibetan Buddhism&#8220;, London 1987) telur \u00feennan atbur\u00f0 til s\u00ed\u00f0indverskrar samruna bodhisattva-d\u00fdrkunar og tantr\u00edsks yidam-i\u00f0kunar.<\/p>\t\t\t\t\t\t\t\t<\/div>\n\t\t\t\t<\/div>\n\t\t<div class=\"elementor-element elementor-element-8d1f796 e-con-full e-flex e-con e-child\" data-id=\"8d1f796\" data-element_type=\"container\" data-e-type=\"container\">\n\t\t\t\t<div class=\"elementor-element elementor-element-1867403 elementor-widget elementor-widget-heading\" data-id=\"1867403\" data-element_type=\"widget\" data-e-type=\"widget\" data-widget_type=\"heading.default\">\n\t\t\t\t\t<h2 class=\"elementor-heading-title elementor-size-default\">Gr\u00e6na og Hv\u00edta Tara<\/h2>\t\t\t\t<\/div>\n\t\t\t\t<div class=\"elementor-element elementor-element-2308a9d elementor-widget elementor-widget-text-editor\" data-id=\"2308a9d\" data-element_type=\"widget\" data-e-type=\"widget\" data-widget_type=\"text-editor.default\">\n\t\t\t\t\t\t\t\t\t<p>Gr\u00e6na Tara (sanskr\u00edt Shyamatara, t\u00edbetska Drolma Jangu) er talin virka formi\u00f0, sem svarar hratt vi\u00f0 <span class=\"iwg-fachbegriff\" data-tooltip=\"B\u00e6n e\u00f0a \u00e1kall til gu\u00f0s e\u00f0a m\u00e1ttar.\" tabindex=\"0\">\u00e1k\u00f6llun<\/span>.<\/p><p>H\u00fan er s\u00fdnd gr\u00e6nleit, h\u00e6gri f\u00f3tur hennar hangir ni\u00f0ur af l\u00f3tusst\u00f3lnum, \u00ed h\u00e6gri hendi heldur h\u00fan bendingu \u00f3skauppfyllingar (varada-mudra), \u00ed vinstri hendi bl\u00e1an l\u00f3tusbl\u00f3ma (utpala). <span class=\"iwg-fachbegriff\" data-tooltip=\"Heilagt or\u00f0 e\u00f0a form\u00fala sem endurteki\u00f0 er \u00ed hind\u00faisma og b\u00faddisma.\" tabindex=\"0\">Mantra<\/span> hennar \u201eom tare tuttare ture svaha&#8220; er me\u00f0al \u00feeirra texta sem oftast eru fluttir \u00ed t\u00edbetskum b\u00faddisma.<\/p><p>Hv\u00edta Tara (Sitatara, Drolma Karpo) er \u00fear \u00e1 m\u00f3ti hi\u00f0 huglei\u00f0andi form, sem tengist langl\u00edfi, heilsu og vernd gegn \u00f3t\u00edmab\u00e6rum dau\u00f0a. H\u00fan sitjur \u00ed fullum l\u00f3tusstellingu, l\u00edkami hennar ber sj\u00f6 augu, eitt \u00e1 enni og eitt \u00e1 hverjum l\u00f3fa og il, sem t\u00e1kna vakandi sam\u00fa\u00f0 \u00ed allar \u00e1ttir.<\/p>\n<p>B\u00e6\u00f0i formin eru lesin \u00ed hinni myndhef\u00f0 sem tveir \u00fe\u00e6ttir s\u00f6mu kvenkyns bodhisattva: virkni og huglei\u00f0ing, hr\u00f6\u00f0 a\u00f0ger\u00f0 og langt l\u00edf. Hinar tuttugu og eina Tara \u00ed Sarvatathagatamatrtara-Visvakarmabhava-Tantra sundurgreina \u00feessa tv\u00edhyggju enn frekar, fr\u00e1 rei\u00f0ilegum verndarformum til fri\u00f0samlegra heilunarforma.<\/p>\t\t\t\t\t\t\t\t<\/div>\n\t\t\t\t<\/div>\n\t\t<div class=\"elementor-element elementor-element-f50a183 e-con-full e-flex e-con e-child\" data-id=\"f50a183\" data-element_type=\"container\" data-e-type=\"container\">\n\t\t\t\t<div class=\"elementor-element elementor-element-d6b06f1 elementor-widget elementor-widget-heading\" data-id=\"d6b06f1\" data-element_type=\"widget\" data-e-type=\"widget\" data-widget_type=\"heading.default\">\n\t\t\t\t\t<h2 class=\"elementor-heading-title elementor-size-default\">Go\u00f0s\u00f6gn og fr\u00e1sagnarhef\u00f0<\/h2>\t\t\t\t<\/div>\n\t\t\t\t<div class=\"elementor-element elementor-element-3a8b6bd elementor-widget elementor-widget-text-editor\" data-id=\"3a8b6bd\" data-element_type=\"widget\" data-e-type=\"widget\" data-widget_type=\"text-editor.default\">\n\t\t\t\t\t\t\t\t\t<p>\u00datbreidd Tara-saga \u00ed t\u00edbetsku umhverfi segir fr\u00e1 prinsessunni Yeshe Dawa, sem \u00e1 fjarl\u00e6gu t\u00edmaskei\u00f0i t\u00f3k \u00e1kv\u00f6r\u00f0un um a\u00f0 n\u00e1 upplj\u00f3mun.<\/p><p>\u00deegar l\u00e6rimeistarar hennar r\u00e1\u00f0l\u00f6g\u00f0u henni a\u00f0 f\u00e6\u00f0ast n\u00e6st \u00ed karlkyns l\u00edkama, \u00fev\u00ed hann v\u00e6ri hentugri til a\u00f0 ver\u00f0a B\u00fadda, h\u00e9t h\u00fan \u00fev\u00ed a\u00f0 f\u00e6\u00f0ast alltaf \u00ed kvenkyns mynd \u00fear til allar verur v\u00e6ru frelsa\u00f0ar.<\/p><p>\u00deessi \u00fe\u00e1ttur hefur veri\u00f0 miki\u00f0 til umr\u00e6\u00f0u \u00ed n\u00fat\u00edma fem\u00edn\u00edskri tr\u00faarbrag\u00f0afr\u00e6\u00f0i. Anne Klein (\u201eMeeting the Great Bliss Queen&#8220;, Boston 1995) les fr\u00e1s\u00f6gnina sem me\u00f0vita\u00f0a merkingu kynbundins hj\u00e1lpr\u00e6\u00f0islofor\u00f0s, sem setur m\u00f3tst\u00f6\u00f0u innan hins fe\u00f0raveldislega indverska Mahayana.<\/p>\n<p>\u00cd Tara-Tantra er h\u00fan k\u00f6llu\u00f0 \u201em\u00f3\u00f0ir allra B\u00fadda&#8220;, vir\u00f0ing sem h\u00fan deilir me\u00f0 Prajnaparamita, pers\u00f3nugervingu hinnar fullkomnu visku. \u00deessi samsv\u00f6run er ekki tilviljun, b\u00e1\u00f0ar verurnar birta kvenlega v\u00eddd upplj\u00f3munarins, \u00fear sem \u00feekking og sam\u00fa\u00f0 eru \u00f3a\u00f0skiljanleg.<\/p>\t\t\t\t\t\t\t\t<\/div>\n\t\t\t\t<\/div>\n\t\t<div class=\"elementor-element elementor-element-4c6e79f e-con-full e-flex e-con e-child\" data-id=\"4c6e79f\" data-element_type=\"container\" data-e-type=\"container\">\n\t\t\t\t<div class=\"elementor-element elementor-element-992b0fd elementor-widget elementor-widget-heading\" data-id=\"992b0fd\" data-element_type=\"widget\" data-e-type=\"widget\" data-widget_type=\"heading.default\">\n\t\t\t\t\t<h2 class=\"elementor-heading-title elementor-size-default\">I\u00f0kun, mantra og ath\u00f6fn<\/h2>\t\t\t\t<\/div>\n\t\t\t\t<div class=\"elementor-element elementor-element-c1a9105 elementor-widget elementor-widget-text-editor\" data-id=\"c1a9105\" data-element_type=\"widget\" data-e-type=\"widget\" data-widget_type=\"text-editor.default\">\n\t\t\t\t\t\t\t\t\t<p>Tara-i\u00f0kunin felur \u00ed s\u00e9r fr\u00e1teinslu, s\u00fdn og f\u00f3rnir. R\u00f3tarmantran \u201eom tare tuttare ture svaha&#8220; er notu\u00f0 b\u00e6\u00f0i \u00ed daglegu l\u00edfi og \u00ed einbeittri einangrunari\u00f0kun (drubchen).<\/p><p>\u201eLofs\u00f6ngur til hinna tuttugu og einu Tara&#8220; (Namastare ekavimsati-stotra) er hluti daglegrar <span class=\"iwg-fachbegriff\" data-tooltip=\"Fastm\u00f3tu\u00f0 skipan gu\u00f0s\u00fej\u00f3nustu tr\u00faf\u00e9lags.\" tabindex=\"0\">helgisi\u00f0askipan<\/span> n\u00e1nast \u00ed hverjum t\u00edbetskum sk\u00f3la. S\u00fdnir fylgja fyrirm\u00e6lum vi\u00f0komandi sadhana, sem tilgreinir n\u00e1kv\u00e6mlega form, lit, eiginleika og <span class=\"iwg-fachbegriff\" data-tooltip=\"Hringlaga sk\u00fdringarmynd sem s\u00fdnir heiminn \u00ed hind\u00faisma og b\u00faddisma.\" tabindex=\"0\">mandala<\/span> <span class=\"iwg-fachbegriff\" data-tooltip=\"Vera sem d\u00fdrku\u00f0 er sem gu\u00f0leg innan tr\u00faarbrag\u00f0a.\" tabindex=\"0\">gu\u00f0sverunnar<\/span>.<\/p>\n<p>\u00cd t\u00edbetska Vajrayana er Tara notu\u00f0 sem yidam (huglei\u00f0slugu\u00f0). I\u00f0kunin mi\u00f0ar a\u00f0 \u00fev\u00ed a\u00f0 l\u00e1ta eiginleika bodhisattva, ekki \u00fatlit hennar, ver\u00f0a veruleiki \u00ed eigin skynjun. Stephan Beyer skjalfesti \u00ed \u201eThe Cult of Tara&#8220; (Berkeley 1973) helgisi\u00f0akerfi t\u00edbetsks klaustursk\u00f3la me\u00f0 \u00edtarlegum h\u00e6tti og bj\u00f3 \u00feannig til rit sem enn \u00ed dag er mi\u00f0l\u00e6gt vi\u00f0mi\u00f0unarverk.<\/p>\t\t\t\t\t\t\t\t<\/div>\n\t\t\t\t<\/div>\n\t\t<div class=\"elementor-element elementor-element-7e45f64 e-con-full e-flex e-con e-child\" data-id=\"7e45f64\" data-element_type=\"container\" data-e-type=\"container\">\n\t\t\t\t<div class=\"elementor-element elementor-element-b7763cb elementor-widget elementor-widget-heading\" data-id=\"b7763cb\" data-element_type=\"widget\" data-e-type=\"widget\" data-widget_type=\"heading.default\">\n\t\t\t\t\t<h2 class=\"elementor-heading-title elementor-size-default\">\u00datbrei\u00f0sla \u00ed Mahayana<\/h2>\t\t\t\t<\/div>\n\t\t\t\t<div class=\"elementor-element elementor-element-4b42bb6 elementor-widget elementor-widget-text-editor\" data-id=\"4b42bb6\" data-element_type=\"widget\" data-e-type=\"widget\" data-widget_type=\"text-editor.default\">\n\t\t\t\t\t\t\t\t\t<p>Tara er d\u00fdrku\u00f0 ekki bara \u00ed T\u00edbet, heldur einnig \u00ed Nepal, Mong\u00f3l\u00edu, \u00ed b\u00fadd\u00edskum sv\u00e6\u00f0um B\u00faryat\u00edu og Kalmyk\u00edu, og s\u00f6guleg \u00ed Java og \u00ed k\u00ednverskum Vajrayana.<\/p><p>\u00cd Austur-As\u00edu er h\u00fan minna \u00e1berandi, \u00fear r\u00e6\u00f0ur karlkyns e\u00f0a kynlaust birt bodhisattva Avalokiteshvara r\u00edkjum, sem \u00ed K\u00edna ver\u00f0ur a\u00f0 hinni kvenlega merktu Guan Yin. \u00cd theravada-b\u00faddisma Sri Lanka og Su\u00f0austur-As\u00edu er h\u00fan ekki til sta\u00f0ar, \u00fev\u00ed hin tantr\u00edska bodhisattva-hef\u00f0 var ekki tekin upp \u00fear.<\/p>\t\t\t\t\t\t\t\t<\/div>\n\t\t\t\t<\/div>\n\t\t<div class=\"elementor-element elementor-element-e68adea e-con-full e-flex e-con e-child\" data-id=\"e68adea\" data-element_type=\"container\" data-e-type=\"container\">\n\t\t\t\t<div class=\"elementor-element elementor-element-9a4e48d elementor-widget elementor-widget-heading\" data-id=\"9a4e48d\" data-element_type=\"widget\" data-e-type=\"widget\" data-widget_type=\"heading.default\">\n\t\t\t\t\t<h2 class=\"elementor-heading-title elementor-size-default\">\u00de\u00fd\u00f0ing innan Vajrayana<\/h2>\t\t\t\t<\/div>\n\t\t\t\t<div class=\"elementor-element elementor-element-ef4d88b elementor-widget elementor-widget-text-editor\" data-id=\"ef4d88b\" data-element_type=\"widget\" data-e-type=\"widget\" data-widget_type=\"text-editor.default\">\n\t\t\t\t\t\t\t\t\t<p>\u00cd vajrayana er Tara sett \u00ed samhengi vi\u00f0 hinar \u00ferj\u00e1r B\u00fadda-fj\u00f6lskyldur (kula), og \u00ed yngri tantrum tilheyrir h\u00fan fyrst og fremst Padma- (l\u00f3tus-) fj\u00f6lskyldu B\u00fadda Amitabha. H\u00fan er talin birtingarmynd athafnasemi hans, samhli\u00f0a Avalokiteshvara.<\/p><p>\u00deessi kerfisbundna sta\u00f0setning innan hinna fimm B\u00fadda-fj\u00f6lskyldna s\u00fdnir a\u00f0 Tara tilheyrir fr\u00e6\u00f0ilega \u00fatf\u00e6r\u00f0u, kosm\u00edsku kerfi og er ekki einangru\u00f0 \u00fej\u00f3\u00f0tr\u00faargo\u00f0s\u00f6gn. Donald Lopez l\u00fdsir \u00ed \u00abBuddhism. An Introduction and Guide\u00bb (London 2001) hvernig \u00feessi flokkun m\u00f3tar t\u00edbetska <span class=\"iwg-fachbegriff\" data-tooltip=\"Heild gu\u00f0anna \u00ed tr\u00faarbr\u00f6g\u00f0um e\u00f0a menningu.\" tabindex=\"0\">pantheon<\/span>i\u00f0.<\/p>\t\t\t\t\t\t\t\t<\/div>\n\t\t\t\t<\/div>\n\t\t<div class=\"elementor-element elementor-element-a15e773 e-con-full e-flex e-con e-child\" data-id=\"a15e773\" data-element_type=\"container\" data-e-type=\"container\">\n\t\t\t\t<div class=\"elementor-element elementor-element-350fd59 elementor-widget elementor-widget-heading\" data-id=\"350fd59\" data-element_type=\"widget\" data-e-type=\"widget\" data-widget_type=\"heading.default\">\n\t\t\t\t\t<h2 class=\"elementor-heading-title elementor-size-default\">Tara og Avalokiteshvara<\/h2>\t\t\t\t<\/div>\n\t\t\t\t<div class=\"elementor-element elementor-element-bdca0b7 elementor-widget elementor-widget-text-editor\" data-id=\"bdca0b7\" data-element_type=\"widget\" data-e-type=\"widget\" data-widget_type=\"text-editor.default\">\n\t\t\t\t\t\t\t\t\t<p>Mikilv\u00e6g fr\u00e1sagnarhef\u00f0 segir a\u00f0 Tara hafi or\u00f0i\u00f0 til \u00far t\u00e1rum sem Avalokiteshvara gr\u00e9t \u00feegar hann skynja\u00f0i umfang \u00fej\u00e1ninga verunda. \u00dar einu l\u00f3tust\u00e1rinu spratt Gr\u00e6na Tara, \u00far hinu Hv\u00edta Tara.<\/p><p>\u00deessi \u00e6ttartengsl binda bodhisattvana tvo saman sem tvo \u00fe\u00e6tti me\u00f0aumkunar og gera Tara a\u00f0 beinum hj\u00e1lpara Avalokiteshvara. Fr\u00e1 tr\u00faarbrag\u00f0afr\u00e6\u00f0ilegu sj\u00f3narmi\u00f0i ber a\u00f0 lesa \u00feessa fr\u00e1s\u00f6gn sem s\u00ed\u00f0ari samtengingu tveggja upphaflega a\u00f0skilinna d\u00fdrkunarhef\u00f0a. Tara hefur eigin, eldri indverska r\u00f3t sem var ekki tengd Avalokiteshvara-flokknum fyrr en \u00e1 Pala-t\u00edmabilinu.<\/p>\t\t\t\t\t\t\t\t<\/div>\n\t\t\t\t<\/div>\n\t\t<div class=\"elementor-element elementor-element-ebf3057 e-con-full e-flex e-con e-child\" data-id=\"ebf3057\" data-element_type=\"container\" data-e-type=\"container\">\n\t\t\t\t<div class=\"elementor-element elementor-element-48bcadc elementor-widget elementor-widget-heading\" data-id=\"48bcadc\" data-element_type=\"widget\" data-e-type=\"widget\" data-widget_type=\"heading.default\">\n\t\t\t\t\t<h2 class=\"elementor-heading-title elementor-size-default\">N\u00fat\u00edmaleg vi\u00f0taka<\/h2>\t\t\t\t<\/div>\n\t\t\t\t<div class=\"elementor-element elementor-element-f1ee611 elementor-widget elementor-widget-text-editor\" data-id=\"f1ee611\" data-element_type=\"widget\" data-e-type=\"widget\" data-widget_type=\"text-editor.default\">\n\t\t\t\t\t\t\t\t\t<p>\u00cd vestr\u00e6num b\u00faddisma hefur Tara fr\u00e1 1970 veri\u00f0 ein af \u00e1berandi kvenkyns verum, s\u00e9rstaklega \u00ed t\u00edbetskt m\u00f3tu\u00f0um samf\u00e9l\u00f6gum.<\/p><p>Kennarinn Tsultrim Allione kynnti Tara \u00ed \u00abWomen of Wisdom\u00bb (London 1984) sem a\u00f0gengilega \u00e1stundunarveru fyrir n\u00fat\u00edma vestr\u00e6na i\u00f0kendur. \u00cd fem\u00edn\u00edskri b\u00fadd\u00edskri <span class=\"iwg-fachbegriff\" data-tooltip=\"Fr\u00e6\u00f0ileg kenning um Gu\u00f0 og tr\u00fa \u00ed tr\u00faarbr\u00f6g\u00f0um.\" tabindex=\"0\">gu\u00f0fr\u00e6\u00f0i<\/span> stendur h\u00fan fyrir kvenkyns upplj\u00f3munarveru sem er ekki mi\u00f0la\u00f0 gegnum karlkyns veru, heldur athafnar sig sj\u00e1lfst\u00e6tt.<\/p>\t\t\t\t\t\t\t\t<\/div>\n\t\t\t\t<\/div>\n\t\t<div class=\"elementor-element elementor-element-f9d0628 e-con-full e-flex e-con e-child\" data-id=\"f9d0628\" data-element_type=\"container\" data-e-type=\"container\">\n\t\t\t\t<div class=\"elementor-element elementor-element-4e0b227 elementor-widget elementor-widget-heading\" data-id=\"4e0b227\" data-element_type=\"widget\" data-e-type=\"widget\" data-widget_type=\"heading.default\">\n\t\t\t\t\t<h2 class=\"elementor-heading-title elementor-size-default\">Heimildir og frekari lesning<\/h2>\t\t\t\t<\/div>\n\t\t\t\t<div class=\"elementor-element elementor-element-b62f9d0 elementor-widget elementor-widget-text-editor\" data-id=\"b62f9d0\" data-element_type=\"widget\" data-e-type=\"widget\" data-widget_type=\"text-editor.default\">\n\t\t\t\t\t\t\t\t\t<footer class=\"iwg-literatur\"><div data-nosnippet=\"true\"><p>Frumheimildir: Aryatara-namashtottarashataka; Tara-Tantra; Sarvatathagatamatrtara-Visvakarmabhava-Tantra; \u00abLof til hinna tuttugu og eins Tara\u00bb (Namastare ekavimsati-stotra).<\/p>\n<p>Fr\u00e6\u00f0irit: Stephan Beyer, \u00abThe Cult of Tara\u00bb, Berkeley 1973; David Snellgrove, \u00abIndo-Tibetan Buddhism\u00bb, London 1987; Anne Klein, \u00abMeeting the Great Bliss Queen\u00bb, Boston 1995; Tsultrim Allione, \u00abWomen of Wisdom\u00bb, London 1984; Donald Lopez, \u00abBuddhism. An Introduction and Guide\u00bb, London 2001; Robert Buswell og Donald Lopez, \u00abPrinceton Dictionary of Buddhism\u00bb, Princeton 2014.<\/p><\/div><\/footer>\t\t\t\t\t\t\t\t<\/div>\n\t\t\t\t<\/div>\n\t\t<div class=\"elementor-element elementor-element-b3647d0 e-con-full e-flex e-con e-child\" data-id=\"b3647d0\" data-element_type=\"container\" data-e-type=\"container\">\n\t\t\t\t<div class=\"elementor-element elementor-element-29258d8 elementor-widget elementor-widget-heading\" data-id=\"29258d8\" data-element_type=\"widget\" data-e-type=\"widget\" data-widget_type=\"heading.default\">\n\t\t\t\t\t<h2 class=\"elementor-heading-title elementor-size-default\">Hinar tuttugu og eina Tara-myndir<\/h2>\t\t\t\t<\/div>\n\t\t\t\t<div class=\"elementor-element elementor-element-237f159 elementor-widget elementor-widget-text-editor\" data-id=\"237f159\" data-element_type=\"widget\" data-e-type=\"widget\" data-widget_type=\"text-editor.default\">\n\t\t\t\t\t\t\t\t\t<p>Hinar tuttugu og eina Tara eru kerfisbundinn <span class=\"iwg-fachbegriff\" data-tooltip=\"S\u00fa safn heilagra rita tr\u00faarbrag\u00f0a sem er vi\u00f0urkennt sem bindandi.\" tabindex=\"0\">kan\u00f3n<\/span> kvenkyns bodhisattva-birtingarmynda, sem er fyrst l\u00fdst \u00edtarlega \u00ed Sarvatathagatamatrtara-Tantra. Hver mynd hefur sinn eigin lit, s\u00edna eigin mudra-handst\u00f6\u00f0u og sitt eigi\u00f0 verksvi\u00f0.<\/p><p>Fyrsta myndin, Pravira Tara, er \u00abs\u00fa sem bjargar hratt\u00bb og stendur fyrir sn\u00f6gg vi\u00f0br\u00f6g\u00f0 vi\u00f0 ney\u00f0. Sj\u00f6unda myndin, Vajra Tara, hefur rei\u00f0ilegan karakter og er \u00e1k\u00f6llu\u00f0 gegn fjandsamlegum \u00f6flum.<\/p><p>Ellefta myndin, Vaishravana Tara, er tengd velmegun og au\u00f0\u00e6fum. Tuttugasta og fyrsta, Paripurani Tara, er \u00abs\u00fa sem fullkomnar allt\u00bb og stendur fyrir hina endanlegu framkv\u00e6md.<\/p><p>\u00deessi listi er ekki s\u00e1 sami \u00ed \u00f6llum sk\u00f3lum, Nyingma- og Gelug-hef\u00f0irnar hafa mismunandi r\u00f6\u00f0 og \u00e1herslur. Stephan Beyer hefur \u00ed \u00abThe Cult of Tara\u00bb skjalfest til fulls \u00feann lista sem er algengur \u00ed Karma-Kagy\u00fc-hef\u00f0inni.<\/p>\t\t\t\t\t\t\t\t<\/div>\n\t\t\t\t<\/div>\n\t\t<div class=\"elementor-element elementor-element-1e2374d e-con-full e-flex e-con e-child\" data-id=\"1e2374d\" data-element_type=\"container\" data-e-type=\"container\">\n\t\t\t\t<div class=\"elementor-element elementor-element-1ea53bb elementor-widget elementor-widget-heading\" data-id=\"1ea53bb\" data-element_type=\"widget\" data-e-type=\"widget\" data-widget_type=\"heading.default\">\n\t\t\t\t\t<h2 class=\"elementor-heading-title elementor-size-default\">Tara \u00ed flokkum b\u00fadd\u00edskra tantra<\/h2>\t\t\t\t<\/div>\n\t\t\t\t<div class=\"elementor-element elementor-element-e09256b elementor-widget elementor-widget-text-editor\" data-id=\"e09256b\" data-element_type=\"widget\" data-e-type=\"widget\" data-widget_type=\"text-editor.default\">\n\t\t\t\t\t\t\t\t\t<p>T\u00edbetsk tantra-flokkun greinir \u00e1 milli fj\u00f6gurra e\u00f0a sex flokka, en r\u00f6\u00f0un \u00feeirra fer eftir stigi \u00e1stundunara\u00f0gengis og fl\u00e6kjustigi sj\u00f3nmyndager\u00f0ar. Tara er me\u00f0h\u00f6ndlu\u00f0 \u00ed nokkrum \u00feessara flokka. \u00cd Kriya-tantra, l\u00e6gsta flokknum, er h\u00fan vi\u00f0st\u00f6dd sem tignarleg <span class=\"iwg-fachbegriff\" data-tooltip=\"Vera sem er d\u00fdrku\u00f0 sem gu\u00f0leg innan tr\u00faarbrag\u00f0a.\" tabindex=\"0\">gu\u00f0leg vera<\/span> me\u00f0 tilt\u00f6lulega einfaldri athafnaform. \u00cd Yoga-tantra er h\u00fan notu\u00f0 sem yidam me\u00f0 s\u00ednu eigin <span class=\"iwg-fachbegriff\" data-tooltip=\"Hringlaga sk\u00fdringarmynd sem s\u00fdnir alheiminn \u00ed hind\u00faisma og b\u00faddisma.\" tabindex=\"0\">mandala<\/span>-formi.<\/p><p>\u00cd Anuttara-j\u00f3ga-tantra, h\u00e6sta flokknum, birtist h\u00fan sem a\u00f0alpers\u00f3na Tara-Tantra, sem er tali\u00f0 sj\u00e1lfst\u00e6tt kennslusafn \u00ed s\u00ed\u00f0ari indverskri og t\u00edbetskri hef\u00f0. \u00deessi margfalda sta\u00f0setning innan tantra-flokkanna er tr\u00faarbrag\u00f0as\u00f6gulega uppl\u00fdsandi, h\u00fan s\u00fdnir a\u00f0 Tara er ekki vera einnar \u00e1kve\u00f0innar kennsluhef\u00f0ar, heldur kemur fram \u00ed m\u00f6rgum l\u00f6gum tantr\u00edsku kerfisbindingarinnar.<\/p>\t\t\t\t\t\t\t\t<\/div>\n\t\t\t\t<\/div>\n\t\t<div class=\"elementor-element elementor-element-35e89fa e-con-full e-flex e-con e-child\" data-id=\"35e89fa\" data-element_type=\"container\" data-e-type=\"container\">\n\t\t\t\t<div class=\"elementor-element elementor-element-d37ada7 elementor-widget elementor-widget-heading\" data-id=\"d37ada7\" data-element_type=\"widget\" data-e-type=\"widget\" data-widget_type=\"heading.default\">\n\t\t\t\t\t<h2 class=\"elementor-heading-title elementor-size-default\">T\u00edbetsk Tara-myndlist<\/h2>\t\t\t\t<\/div>\n\t\t\t\t<div class=\"elementor-element elementor-element-80ef122 elementor-widget elementor-widget-text-editor\" data-id=\"80ef122\" data-element_type=\"widget\" data-e-type=\"widget\" data-widget_type=\"text-editor.default\">\n\t\t\t\t\t\t\t\t\t<p>Myndlistarleg framsetning Tara fylgir str\u00f6ngum venjum sem eru \u00edtarlega \u00e1kve\u00f0nar \u00ed sadhana-textum (\u00e1stundunarlei\u00f0beiningum). Gr\u00e6na Tara er s\u00fdnd \u00ed setst\u00f6\u00f0unni lalitasana, me\u00f0 h\u00e6gri f\u00f3tinn l\u00e1tinn s\u00edga ni\u00f0ur af l\u00f3tuss\u00e6tinu. H\u00e6gri h\u00f6nd hennar s\u00fdnir varada-mudru (uppfyllingu \u00f3ska), vinstri h\u00f6ndin heldur um stilk bl\u00e1rrar utpala-bl\u00f3ms, sem bl\u00f3mstrar yfir vinstri \u00f6xl hennar.<\/p><p>H\u00fan er s\u00fdnd ung, sext\u00e1n \u00e1ra, me\u00f0 skartgripum konungslegrar prinsessu, \u00ferett\u00e1n skartmunum og hinni einkennandi tantr\u00edsku k\u00f3r\u00f3nu me\u00f0 fimm B\u00fadda-myndum.<\/p><p>Hv\u00edta Tara sest \u00ed fullri l\u00f3tusst\u00f6\u00f0u (vajraparyanka), heldur einnig h\u00e6gri h\u00f6nd \u00ed varada-mudru og vinstri fyrir brj\u00f3sti \u00ed handhreyfingu hinnar \u00ferefaldu tilhl\u00fd\u00f0ingar. L\u00edkami hennar er skreyttur sj\u00f6 augum.<\/p>\t\t\t\t\t\t\t\t<\/div>\n\t\t\t\t<\/div>\n\t\t<div class=\"elementor-element elementor-element-25ecec2 e-con-full e-flex e-con e-child\" data-id=\"25ecec2\" data-element_type=\"container\" data-e-type=\"container\">\n\t\t\t\t<div class=\"elementor-element elementor-element-721226c elementor-widget elementor-widget-heading\" data-id=\"721226c\" data-element_type=\"widget\" data-e-type=\"widget\" data-widget_type=\"heading.default\">\n\t\t\t\t\t<h2 class=\"elementor-heading-title elementor-size-default\">Tara og Karmaparnir<\/h2>\t\t\t\t<\/div>\n\t\t\t\t<div class=\"elementor-element elementor-element-aa779e7 elementor-widget elementor-widget-text-editor\" data-id=\"aa779e7\" data-element_type=\"widget\" data-e-type=\"widget\" data-widget_type=\"text-editor.default\">\n\t\t\t\t\t\t\t\t\t<p>Karmapa-l\u00ednan, elsta tulku-l\u00ednan \u00ed T\u00edbet, hefur s\u00e9rstakt tengsl vi\u00f0 Tara-d\u00fdrkun. Fyrsti Karmapinn, D\u00fcsum Khyenpa (1110 til 1193), hlaut samkv\u00e6mt hef\u00f0inni beinar Tara-s\u00fdnir sem stuttu hann \u00e1 vegi hans til upplj\u00f3munar. \u00d6nnur Karmapa-s\u00fdnin er s\u00f6g\u00f0 hafa hlotist Karma Pakshi (1204 til 1283), sem einnig kenndi Tara-\u00e1stundun vi\u00f0 mong\u00f3lska hir\u00f0ina \u00e1 t\u00edmum Yuan-veldisins.<\/p><p>Karma-Kagy\u00fc-hef\u00f0in hefur allt fr\u00e1 \u00feeim t\u00edma haldi\u00f0 eigin Tara-sadhana, sem er stunda\u00f0 daglega enn \u00ed dag \u00ed klaustrunum Rumtek (Sikkim) og Tsurphu (T\u00edbet). \u00deessi tengsl s\u00fdna hvernig bodhisattva-d\u00fdrkun er ekki bundin vi\u00f0 \u00f3hlutbundna gu\u00f0fr\u00e6\u00f0i, heldur er felld inn \u00ed raunverulegar stofnanalegar hef\u00f0ir.<\/p>\t\t\t\t\t\t\t\t<\/div>\n\t\t\t\t<\/div>\n\t\t<div class=\"elementor-element elementor-element-6d4b2cb e-con-full e-flex e-con e-child\" data-id=\"6d4b2cb\" data-element_type=\"container\" data-e-type=\"container\">\n\t\t\t\t<div class=\"elementor-element elementor-element-f21dcc3 elementor-widget elementor-widget-heading\" data-id=\"f21dcc3\" data-element_type=\"widget\" data-e-type=\"widget\" data-widget_type=\"heading.default\">\n\t\t\t\t\t<h2 class=\"elementor-heading-title elementor-size-default\">Tara \u00ed Sadhanamala<\/h2>\t\t\t\t<\/div>\n\t\t\t\t<div class=\"elementor-element elementor-element-73b9099 elementor-widget elementor-widget-text-editor\" data-id=\"73b9099\" data-element_type=\"widget\" data-e-type=\"widget\" data-widget_type=\"text-editor.default\">\n\t\t\t\t\t\t\t\t\t<p>Sadhanamala, safn 312 tantr\u00edskra sj\u00f3nsk\u00f6punartexta fr\u00e1 11. til 12. \u00f6ld, er mikilv\u00e6gasta indverska heimildin um Tara-i\u00f0kun.<\/p><p>Ein 21 texti \u00feessa safns eru helga\u00f0ir Tara, \u00ed \u00fdmsum litamyndum og me\u00f0 mismunandi <span class=\"iwg-fachbegriff\" data-tooltip=\"Heilagt or\u00f0 e\u00f0a form\u00fala sem er endurteki\u00f0 \u00ed hind\u00faisma og b\u00faddisma.\" tabindex=\"0\">mantra<\/span>-uppbyggingum. Benoytosh Bhattacharyya gaf textana gagnr\u00fdnis\u00fatgefna \u00fat 1925 og 1928 \u00ed Baroda og kerfisbatt \u00fe\u00e1 \u00ed \u00abIndian Buddhist Iconography\u00bb (Kalk\u00fatta 1958).<\/p><p>Sadhanamala-textarnir eru taldir upprunnir \u00ed klaustrunum Vikramashila og Nalanda, \u00fear sem kennarar voru me\u00f0al upphafsmanna s\u00ed\u00f0b\u00fainnar indverskrar Tara-<span class=\"iwg-fachbegriff\" data-tooltip=\"Fr\u00e6\u00f0ileg umfj\u00f6llun um gu\u00f0 og tr\u00fa innan tr\u00faarbrag\u00f0a.\" tabindex=\"0\">gu\u00f0fr\u00e6\u00f0i<\/span>. Flestar \u00feessar sadhanas voru \u00fe\u00fdddar \u00e1 t\u00edbetsku stuttu eftir a\u00f0 \u00fe\u00e6r ur\u00f0u til og eru \u00ed dag <span class=\"iwg-fachbegriff\" data-tooltip=\"Tilheyrir hinum vi\u00f0urkennda ritsafni tr\u00faarbrag\u00f0a.\" tabindex=\"0\">kan\u00f3n\u00edskar<\/span> \u00ed s\u00f6fnunum Kangyur og Tengyur.<\/p>\t\t\t\t\t\t\t\t<\/div>\n\t\t\t\t<\/div>\n\t\t<div class=\"elementor-element elementor-element-02851a7 e-con-full e-flex e-con e-child\" data-id=\"02851a7\" data-element_type=\"container\" data-e-type=\"container\">\n\t\t\t\t<div class=\"elementor-element elementor-element-9b57001 elementor-widget elementor-widget-heading\" data-id=\"9b57001\" data-element_type=\"widget\" data-e-type=\"widget\" data-widget_type=\"heading.default\">\n\t\t\t\t\t<h2 class=\"elementor-heading-title elementor-size-default\">Mi\u00f0lun At\u00edsa<\/h2>\t\t\t\t<\/div>\n\t\t\t\t<div class=\"elementor-element elementor-element-4e80ed7 elementor-widget elementor-widget-text-editor\" data-id=\"4e80ed7\" data-element_type=\"widget\" data-e-type=\"widget\" data-widget_type=\"text-editor.default\">\n\t\t\t\t\t\t\t\t\t<p>Bengalski fr\u00e6\u00f0ima\u00f0urinn At\u00edsa D\u00edpankara Shrijnana (982 til 1054) \u00e1tti s\u00e9rstaklega n\u00e1i\u00f0 samband vi\u00f0 Tara. Rit hans \u00abBodhipathapradipa\u00bb (Lj\u00f3s \u00e1 veginum til upplj\u00f3munar) er tali\u00f0 stofnrit Kadam-sk\u00f3lans. At\u00edsa kom Tara-i\u00f0kuninni til T\u00edbet, \u00fear sem h\u00fan barst \u00e1fram gegnum Drom T\u00f6npa og s\u00ed\u00f0ari Kadam-meistara til Gelug-sk\u00f3lans.<\/p><p>Hef\u00f0in segir a\u00f0 At\u00edsa hafi tilbe\u00f0i\u00f0 Tara sem pers\u00f3nulega verndargo\u00f0veru (yidam) og haft mynd hennar alltaf hj\u00e1 s\u00e9r. Nokkrir Tara-lofs\u00f6ngvar sem eigna\u00f0ir eru honum eru var\u00f0veittir \u00ed t\u00edbetska Tengyur. Robert Beer (\u00abThe Encyclopedia of Tibetan Symbols and Motifs\u00bb, Boston 1999) s\u00fdnir a\u00f0 Tara-i\u00f0kun At\u00edsa festi Mi\u00f0-As\u00edu-t\u00e1knmynd Tara varanlega \u00ed sessi \u00ed T\u00edbet.<\/p>\t\t\t\t\t\t\t\t<\/div>\n\t\t\t\t<\/div>\n\t\t<div class=\"elementor-element elementor-element-44061b1 e-con-full e-flex e-con e-child\" data-id=\"44061b1\" data-element_type=\"container\" data-e-type=\"container\">\n\t\t\t\t<div class=\"elementor-element elementor-element-ae7319c elementor-widget elementor-widget-heading\" data-id=\"ae7319c\" data-element_type=\"widget\" data-e-type=\"widget\" data-widget_type=\"heading.default\">\n\t\t\t\t\t<h2 class=\"elementor-heading-title elementor-size-default\">Cittamani-Tara og hin leynda l\u00edna<\/h2>\t\t\t\t<\/div>\n\t\t\t\t<div class=\"elementor-element elementor-element-e2723f6 elementor-widget elementor-widget-text-editor\" data-id=\"e2723f6\" data-element_type=\"widget\" data-e-type=\"widget\" data-widget_type=\"text-editor.default\">\n\t\t\t\t\t\t\t\t\t<p>S\u00e9rst\u00f6k es\u00f3ter\u00edsk l\u00edna Tara-i\u00f0kunar er Cittamani-Tara (Tara sem \u201e\u00f3skasteinn hugans\u201c). Samkv\u00e6mt hef\u00f0inni t\u00f3k indverski mahasiddhinn Takphu Garwang \u00e1 m\u00f3ti henni \u00ed vitrun, og h\u00fan tilheyrir Anuttarayoga-tantra-flokknum. \u00deessi mynd hennar var\u00f0 \u00e1berandi \u00ed Gelug-samhengi fyrir tilstilli Pabongka Rinpoche (1878 til 1941).<\/p><p>Fyrsti Dalai Lama, Gend\u00fcn Drub, samdi \u00edtarlega sadhana sem telst \u00ed dag til a\u00f0ali\u00f0kana Gelug-sk\u00f3lans. Cittamani-Tara er gr\u00e6n, sest \u00ed stellingu konungslegrar afsl\u00f6ppunar og heldur l\u00f3tus og vajra. I\u00f0kunin sameinar tilbei\u00f0slu Tara og fullkomnunarstigs-j\u00f3gun Anuttara-tantra, sem gerir hana byggingarlega a\u00f0 h\u00e6sta stigi Tara-\u00e1\u00fereifingar.<\/p>\t\t\t\t\t\t\t\t<\/div>\n\t\t\t\t<\/div>\n\t\t<div class=\"elementor-element elementor-element-c8e0a60 e-con-full e-flex e-con e-child\" data-id=\"c8e0a60\" data-element_type=\"container\" data-e-type=\"container\">\n\t\t\t\t<div class=\"elementor-element elementor-element-d9c553d elementor-widget elementor-widget-heading\" data-id=\"d9c553d\" data-element_type=\"widget\" data-e-type=\"widget\" data-widget_type=\"heading.default\">\n\t\t\t\t\t<h2 class=\"elementor-heading-title elementor-size-default\">Tara \u00ed ind\u00f3-t\u00edbetskum klaustrum<\/h2>\t\t\t\t<\/div>\n\t\t\t\t<div class=\"elementor-element elementor-element-556ae92 elementor-widget elementor-widget-text-editor\" data-id=\"556ae92\" data-element_type=\"widget\" data-e-type=\"widget\" data-widget_type=\"text-editor.default\">\n\t\t\t\t\t\t\t\t\t<p>\u00cd hinum st\u00f3ru t\u00edbetsku klaustrum Ganden, Drepung og Sera er Tara-<span class=\"iwg-fachbegriff\" data-tooltip=\"Fastm\u00f3tu\u00f0 skipan gu\u00f0s\u00fej\u00f3nustu tr\u00faarsamf\u00e9lags.\" tabindex=\"0\">helgisi\u00f0ar\u00f6\u00f0<\/span> haldi\u00f0 vi\u00f0 \u00ed f\u00f6stum \u00e1rlegum hring. \u00abTara-puja\u00bb (sgrol ma&#8217;i mchod pa) er me\u00f0al \u00feeirra helgisi\u00f0a sem oftast er fari\u00f0 me\u00f0, b\u00e6\u00f0i \u00e1 vorsamkomu M\u00f6nlam Chenmo og vi\u00f0 s\u00e9rst\u00f6k tilefni eins og sj\u00fakd\u00f3ma e\u00f0a stj\u00f3rnm\u00e1la\u00f3r\u00f3a.<\/p><p><span class=\"iwg-fachbegriff\" data-tooltip=\"Fastm\u00f3tu\u00f0 skipan gu\u00f0s\u00fej\u00f3nustu tr\u00faarsamf\u00e9lags.\" tabindex=\"0\">Helgisi\u00f0ar\u00f6\u00f0in<\/span> fylgir fastri uppbyggingu me\u00f0 lofgj\u00f6r\u00f0, <span class=\"iwg-fachbegriff\" data-tooltip=\"Hringlaga mynd sem s\u00fdnir alheiminn \u00ed hind\u00faisma og b\u00faddisma.\" tabindex=\"0\">mandala<\/span>-f\u00f3rn, <span class=\"iwg-fachbegriff\" data-tooltip=\"Heilagt or\u00f0 e\u00f0a form\u00fala sem er endurteki\u00f0 \u00ed hind\u00faisma og b\u00faddisma.\" tabindex=\"0\">mantra<\/span>-flutningi og endurtekningu \u00e1 vidya. Fj\u00f6ldi endurtekninga er breytilegur fr\u00e1 100 upp \u00ed 100.000, eftir tilefni og \u00e1setningi.<\/p><p>Robert Thurman (\u00abEssential Tibetan Buddhism\u00bb, San Francisco 1995) hefur l\u00fdst \u00feessari <span class=\"iwg-fachbegriff\" data-tooltip=\"Fastm\u00f3tu\u00f0 skipan gu\u00f0s\u00fej\u00f3nustu tr\u00faarsamf\u00e9lags.\" tabindex=\"0\">helgisi\u00f0ar\u00f6\u00f0<\/span> sem \u201et\u00edbetska hli\u00f0st\u00e6\u00f0u kristins b\u00e6nar\u00f3sakrans\u201c, saml\u00edking sem stenst innan formlegrar samanbur\u00f0ar tr\u00faarbrag\u00f0afyrirb\u00e6ra.<\/p>\t\t\t\t\t\t\t\t<\/div>\n\t\t\t\t<\/div>\n\t\t<div class=\"elementor-element elementor-element-a48bca3 e-con-full e-flex e-con e-child\" data-id=\"a48bca3\" data-element_type=\"container\" data-e-type=\"container\">\n\t\t\t\t<div class=\"elementor-element elementor-element-dd6ee90 elementor-widget elementor-widget-heading\" data-id=\"dd6ee90\" data-element_type=\"widget\" data-e-type=\"widget\" data-widget_type=\"heading.default\">\n\t\t\t\t\t<h2 class=\"elementor-heading-title elementor-size-default\">Khadiravani-Tara<\/h2>\t\t\t\t<\/div>\n\t\t\t\t<div class=\"elementor-element elementor-element-1dbd7a5 elementor-widget elementor-widget-text-editor\" data-id=\"1dbd7a5\" data-element_type=\"widget\" data-e-type=\"widget\" data-widget_type=\"text-editor.default\">\n\t\t\t\t\t\t\t\t\t<p>S\u00e9rstaklega \u00e1berandi mynd \u00ed Sadhanamala-safninu er Khadiravani-Tara, \u201eTara \u00far Khadira-sk\u00f3ginum\u201c. H\u00fan tengist akas\u00edutr\u00e9nu (khadira), sem h\u00fan er s\u00f6g\u00f0 hafa birst undir \u00e1 Potala-fjalli samkv\u00e6mt hef\u00f0inni. Myndir s\u00fdna hana \u00ed gr\u00e6num lit, umkringda af Marici (s\u00f3linni) og Ekajati (m\u00e1nanum).<\/p><p>\u00deessi \u00ferenning er eldri t\u00e1knmyndaleg samsetning sem kemur oft fyrir \u00ed styttum fr\u00e1 Pala-t\u00edmabilinu \u00ed Austur-Indlandi, me\u00f0al annars \u00ed fundum fr\u00e1 Bihar og Bengal. S\u00ed\u00f0ari t\u00edbetsk hef\u00f0 t\u00f3k \u00feessa samsetningu upp og flutti hana yfir \u00e1 veggm\u00e1lverk, me\u00f0al annars \u00ed Tabo og Alchi (Vestur-Himalaya, 11. \u00f6ld).<\/p><p>Roger Goepper hefur \u00ed ranns\u00f3knum s\u00ednum \u00e1 Alchi (\u00abAlchi. Buddhas, G\u00f6ttinnen, Mandalas\u00bb, K\u00f6ln 1982) s\u00fdnt fram \u00e1 t\u00e1knmyndalegt samhengi milli indverskra fyrirmynda og t\u00edbetskrar \u00fatf\u00e6rslu.<\/p>\t\t\t\t\t\t\t\t<\/div>\n\t\t\t\t<\/div>\n\t\t<div class=\"elementor-element elementor-element-5ce10bc e-con-full e-flex e-con e-child\" data-id=\"5ce10bc\" data-element_type=\"container\" data-e-type=\"container\">\n\t\t\t\t<div class=\"elementor-element elementor-element-8a7fcbe elementor-widget elementor-widget-heading\" data-id=\"8a7fcbe\" data-element_type=\"widget\" data-e-type=\"widget\" data-widget_type=\"heading.default\">\n\t\t\t\t\t<h2 class=\"elementor-heading-title elementor-size-default\">Tara og r\u00fdmi kvenna \u00ed b\u00faddisma<\/h2>\t\t\t\t<\/div>\n\t\t\t\t<div class=\"elementor-element elementor-element-882f709 elementor-widget elementor-widget-text-editor\" data-id=\"882f709\" data-element_type=\"widget\" data-e-type=\"widget\" data-widget_type=\"text-editor.default\">\n\t\t\t\t\t\t\t\t\t<p>Tara-hef\u00f0in er tr\u00faarbrag\u00f0as\u00f6gulega s\u00e9rst\u00f6k a\u00f0 \u00fev\u00ed leyti a\u00f0 h\u00e9r stendur kvenkyns upplj\u00f3munarvera fullgild og jafnr\u00e9tth\u00e1 karlkyns b\u00f3dh\u00eds\u00f6ttum. Tara er ekki \u201ef\u00e9lagi\u201c (prajna) karlkyns h\u00f6fu\u00f0veru, heldur sj\u00e1lfst\u00e6\u00f0 b\u00faddaform. \u00c1 12. \u00f6ld orti t\u00edbetska j\u00f3gin\u00edan Machig Labdr\u00f6n lofs\u00f6ngva til Tara sem eru enn sungnir \u00ed dag.<\/p><p>Janet Gyatso (\u00abApparitions of the Self\u00bb, Princeton 1998) og Sarah Harding (\u00abMachig&#8217;s Complete Explanation\u00bb, Ithaca 2003) hafa skjalfest \u00feessa l\u00ednu sem eina af f\u00e1um sannarlega kvenkyns r\u00f6ddum \u00ed t\u00edbetskum tr\u00faarb\u00f3kmenntum. N\u00fat\u00edma kvennahreyfing innan b\u00faddisma v\u00edsar oft til yfirl\u00fdsingar Tara: \u201e\u00dear til heimurinn er t\u00f3mur, mun \u00e9g vera b\u00fadda \u00ed kvenl\u00edkama.\u201c<\/p>\t\t\t\t\t\t\t\t<\/div>\n\t\t\t\t<\/div>\n\t\t<div class=\"elementor-element elementor-element-c1eed29 e-con-full e-flex e-con e-child\" data-id=\"c1eed29\" data-element_type=\"container\" data-e-type=\"container\">\n\t\t\t\t<div class=\"elementor-element elementor-element-2975d59 elementor-widget elementor-widget-heading\" data-id=\"2975d59\" data-element_type=\"widget\" data-e-type=\"widget\" data-widget_type=\"heading.default\">\n\t\t\t\t\t<h2 class=\"elementor-heading-title elementor-size-default\">Algengar spurningar<\/h2>\t\t\t\t<\/div>\n\t\t\t\t<div class=\"elementor-element elementor-element-3467c78 elementor-widget elementor-widget-text-editor\" data-id=\"3467c78\" data-element_type=\"widget\" data-e-type=\"widget\" data-widget_type=\"text-editor.default\">\n\t\t\t\t\t\t\t\t\t<p><strong>Er Tara b\u00fadda e\u00f0a b\u00f3dhisattva?<\/strong> H\u00fan er b\u00f3dhisattva, \u00fea\u00f0 er ver\u0430 sem er \u00e1 vegi til upplj\u00f3munar og hefur heiti\u00f0 \u00fev\u00ed a\u00f0 lei\u00f0a \u00f6nnur verur til frelsunar me\u00f0 s\u00e9r.<\/p><p>\u00cd nokkrum s\u00ed\u00f0ari tantr\u00edskum textum er h\u00fan einnig talin fullkomlega upplj\u00f3ma\u00f0ur kvenkyns b\u00faddi, en \u00feessi a\u00f0greining hefur l\u00edtil \u00e1hrif \u00e1 hina hagn\u00fdtu tilbei\u00f0slu.<\/p>\n<p><strong>Hver er munurinn \u00e1 Gr\u00e6nni og Hv\u00edtri Tara?<\/strong> Gr\u00e6na Tara er hin virka mynd hennar, k\u00f6llu\u00f0 fram \u00ed br\u00e1\u00f0um vandam\u00e1lum. Hv\u00edta Tara er hin huglei\u00f0andi mynd, tengd langl\u00edfi, heilsu og dj\u00fapum skilningi. B\u00e6\u00f0i eru talin tv\u00e6r hli\u00f0ar s\u00f6mu b\u00f3dhisattva.<\/p>\n<p><strong>Hva\u00f0a <span class=\"iwg-fachbegriff\" data-tooltip=\"Heilagt or\u00f0 e\u00f0a form\u00fala sem endurteki\u00f0 er \u00ed hind\u00faisma og b\u00faddisma.\" tabindex=\"0\">mantra<\/span> er tengt Tara?<\/strong> R\u00f3tarmantran hlj\u00f3\u00f0ar \u00abom tare tuttare ture svaha\u00bb. \u00dea\u00f0 er eitt af mest s\u00f6g\u00f0u mantrunum \u00ed t\u00edbetskum b\u00faddisma og m\u00e1 fara me\u00f0 \u00ed hva\u00f0a l\u00edfs\u00e1standi sem er.<\/p>\n<p><strong>Er tengsl milli Tara og indversku gy\u00f0junnar Durga?<\/strong> S\u00f6guleg tengsl eru umdeild. B\u00e1\u00f0ar eru kvenkyns verndarverur me\u00f0 str\u00ed\u00f0slegum \u00fe\u00e1ttum. Ekki er unnt a\u00f0 \u00fatiloka byggingarlegar hli\u00f0st\u00e6\u00f0ur, en beina yfirf\u00e6rslu er ekki h\u00e6gt a\u00f0 sanna. Anne Klein og David Snellgrove telja Tara vera sj\u00e1lfst\u00e6\u00f0a indverska b\u00f3dhisattva-\u00fer\u00f3un me\u00f0 a\u00f0eins ja\u00f0artengsl vi\u00f0 Shakta-hef\u00f0ina.<\/p>\t\t\t\t\t\t\t\t<\/div>\n\t\t\t\t<\/div>\n\t\t\t\t\t<\/div>\n\t\t\t\t<\/div>\n\t\t\t\t<\/div>\n\t\t","protected":false},"excerpt":{"rendered":"","protected":false},"author":3,"featured_media":3278,"parent":0,"menu_order":0,"comment_status":"closed","ping_status":"closed","template":"elementor_header_footer","meta":{"_yoast_wpseo_focuskw":"Tara","_yoast_wpseo_title":"Tara - Bodhisattva sam\u00fa\u00f0arins","_yoast_wpseo_metadesc":"Tara er mikilv\u00e6gasta kvenkyns B\u00fadda-vera Vajrayana: Gr\u00e6na Tara (virkni), Hv\u00edta Tara (heilun), 21 birtingarmyndir Tara.","_yoast_wpseo_meta-robots-noindex":"","_yoast_wpseo_canonical":"","_angie_page":false,"gefaehrdungsstufe":"","wesen_kultur":"","wesen_klasse":"","footnotes":""},"categories":[],"class_list":["post-169095","page","type-page","status-publish","has-post-thumbnail","hentry"],"yoast_head":"<!-- This site is optimized with the Yoast SEO Premium plugin v27.7 (Yoast SEO v28.3) - https:\/\/yoast.com\/product\/yoast-seo-premium-wordpress\/ -->\n<title>Tara - Bodhisattva sam\u00fa\u00f0arins<\/title>\n<meta name=\"description\" content=\"Tara er mikilv\u00e6gasta kvenkyns B\u00fadda-vera Vajrayana: Gr\u00e6na Tara (virkni), Hv\u00edta Tara (heilun), 21 birtingarmyndir Tara.\" \/>\n<meta name=\"robots\" content=\"index, follow, max-snippet:-1, max-image-preview:large, max-video-preview:-1\" \/>\n<link rel=\"canonical\" href=\"https:\/\/iwell-guard.com\/is\/tara\/\" \/>\n<meta property=\"og:locale\" content=\"is_IS\" \/>\n<meta property=\"og:type\" content=\"article\" \/>\n<meta property=\"og:title\" content=\"Tara\" \/>\n<meta property=\"og:description\" content=\"Tara er mikilv\u00e6gasta kvenkyns B\u00fadda-vera Vajrayana: Gr\u00e6na Tara (virkni), Hv\u00edta Tara (heilun), 21 birtingarmyndir Tara.\" \/>\n<meta property=\"og:url\" content=\"https:\/\/iwell-guard.com\/is\/tara\/\" \/>\n<meta property=\"og:site_name\" content=\"iWell Guard\" \/>\n<meta property=\"article:modified_time\" content=\"2026-09-05T14:32:09+00:00\" \/>\n<meta property=\"og:image\" content=\"https:\/\/iwell-guard.com\/wp-content\/uploads\/2026\/05\/goetter_buddhismus_tara.webp\" \/>\n\t<meta property=\"og:image:width\" content=\"1024\" \/>\n\t<meta property=\"og:image:height\" content=\"1536\" \/>\n\t<meta property=\"og:image:type\" content=\"image\/webp\" \/>\n<meta name=\"twitter:card\" content=\"summary_large_image\" \/>\n<script type=\"application\/ld+json\" class=\"yoast-schema-graph\">{\"@context\":\"https:\\\/\\\/schema.org\",\"@graph\":[{\"@type\":\"WebPage\",\"@id\":\"https:\\\/\\\/iwell-guard.com\\\/is\\\/tara\\\/\",\"url\":\"https:\\\/\\\/iwell-guard.com\\\/is\\\/tara\\\/\",\"name\":\"Tara - Bodhisattva sam\u00fa\u00f0arins\",\"isPartOf\":{\"@id\":\"https:\\\/\\\/iwell-guard.com\\\/is\\\/#website\"},\"primaryImageOfPage\":{\"@id\":\"https:\\\/\\\/iwell-guard.com\\\/is\\\/tara\\\/#primaryimage\"},\"image\":{\"@id\":\"https:\\\/\\\/iwell-guard.com\\\/is\\\/tara\\\/#primaryimage\"},\"thumbnailUrl\":\"https:\\\/\\\/iwell-guard.com\\\/wp-content\\\/uploads\\\/2026\\\/05\\\/goetter_buddhismus_tara.webp\",\"datePublished\":\"2026-09-05T14:05:32+00:00\",\"dateModified\":\"2026-09-05T14:32:09+00:00\",\"description\":\"Tara er mikilv\u00e6gasta kvenkyns B\u00fadda-vera Vajrayana: Gr\u00e6na Tara (virkni), Hv\u00edta Tara (heilun), 21 birtingarmyndir Tara.\",\"breadcrumb\":{\"@id\":\"https:\\\/\\\/iwell-guard.com\\\/is\\\/tara\\\/#breadcrumb\"},\"inLanguage\":\"is\",\"potentialAction\":[{\"@type\":\"ReadAction\",\"target\":[\"https:\\\/\\\/iwell-guard.com\\\/is\\\/tara\\\/\"]}]},{\"@type\":\"ImageObject\",\"inLanguage\":\"is\",\"@id\":\"https:\\\/\\\/iwell-guard.com\\\/is\\\/tara\\\/#primaryimage\",\"url\":\"https:\\\/\\\/iwell-guard.com\\\/wp-content\\\/uploads\\\/2026\\\/05\\\/goetter_buddhismus_tara.webp\",\"contentUrl\":\"https:\\\/\\\/iwell-guard.com\\\/wp-content\\\/uploads\\\/2026\\\/05\\\/goetter_buddhismus_tara.webp\",\"width\":1024,\"height\":1536,\"caption\":\"Gu\u00f0ir \u00far b\u00fadd\u00edskri hef\u00f0.\"},{\"@type\":\"BreadcrumbList\",\"@id\":\"https:\\\/\\\/iwell-guard.com\\\/is\\\/tara\\\/#breadcrumb\",\"itemListElement\":[{\"@type\":\"ListItem\",\"position\":1,\"name\":\"Start\",\"item\":\"https:\\\/\\\/iwell-guard.com\\\/is\\\/?page_id=168580\"},{\"@type\":\"ListItem\",\"position\":2,\"name\":\"Tara\"}]},{\"@type\":\"WebSite\",\"@id\":\"https:\\\/\\\/iwell-guard.com\\\/is\\\/#website\",\"url\":\"https:\\\/\\\/iwell-guard.com\\\/is\\\/\",\"name\":\"iWell Guard\",\"description\":\"Schutz vor dunklen Einfl\u00fcssen\",\"publisher\":{\"@id\":\"https:\\\/\\\/iwell-guard.com\\\/is\\\/#organization\"},\"potentialAction\":[{\"@type\":\"SearchAction\",\"target\":{\"@type\":\"EntryPoint\",\"urlTemplate\":\"https:\\\/\\\/iwell-guard.com\\\/is\\\/?s={search_term_string}\"},\"query-input\":{\"@type\":\"PropertyValueSpecification\",\"valueRequired\":true,\"valueName\":\"search_term_string\"}}],\"inLanguage\":\"is\"},{\"@type\":\"Organization\",\"@id\":\"https:\\\/\\\/iwell-guard.com\\\/is\\\/#organization\",\"name\":\"Ittermann electronic GmbH\",\"url\":\"https:\\\/\\\/iwell-guard.com\\\/is\\\/\",\"logo\":{\"@type\":\"ImageObject\",\"inLanguage\":\"is\",\"@id\":\"https:\\\/\\\/iwell-guard.com\\\/is\\\/#\\\/schema\\\/logo\\\/image\\\/\",\"url\":\"https:\\\/\\\/iwell-guard.com\\\/wp-content\\\/uploads\\\/2026\\\/05\\\/Ittermann-Logo-1182x237-1.png\",\"contentUrl\":\"https:\\\/\\\/iwell-guard.com\\\/wp-content\\\/uploads\\\/2026\\\/05\\\/Ittermann-Logo-1182x237-1.png\",\"width\":1182,\"height\":237,\"caption\":\"Ittermann electronic GmbH\"},\"image\":{\"@id\":\"https:\\\/\\\/iwell-guard.com\\\/is\\\/#\\\/schema\\\/logo\\\/image\\\/\"},\"sameAs\":[\"https:\\\/\\\/pantip.com\\\/profile\\\/9367242\",\"https:\\\/\\\/micro.blog\\\/iwellguard\",\"https:\\\/\\\/www.diggerslist.com\\\/iwellguard\\\/about\",\"https:\\\/\\\/skitterphoto.com\\\/photographers\\\/2870314\\\/iwell-guard\",\"https:\\\/\\\/iwellguard.wordpress.com\\\/2026\\\/06\\\/06\\\/iwell-guard\\\/\",\"https:\\\/\\\/hub.docker.com\\\/u\\\/iwellguard\",\"https:\\\/\\\/www.pinterest.com\\\/iwellguard\\\/\",\"https:\\\/\\\/bit.ly\\\/m\\\/iwellguard\",\"https:\\\/\\\/entre-vos-mains.alsace.eu\\\/profiles\\\/iwellguard\\\/activity\",\"https:\\\/\\\/gravatar.com\\\/reallybeded8fd34\",\"https:\\\/\\\/naijamatta.com\\\/iwellguard\",\"https:\\\/\\\/www.goodreads.com\\\/iwellguard\",\"https:\\\/\\\/profile.hatena.ne.jp\\\/iwellguard\\\/\",\"https:\\\/\\\/experiment.com\\\/users\\\/iwellguard\",\"https:\\\/\\\/wakelet.com\\\/@iWellGuard82270\",\"https:\\\/\\\/www.chordie.com\\\/forum\\\/profile.php?id=2555664\",\"https:\\\/\\\/www.instapaper.com\\\/p\\\/17757966\",\"https:\\\/\\\/www.mapleprimes.com\\\/users\\\/iwellguard\",\"https:\\\/\\\/businesslistingplus.com\\\/profile\\\/iwell-guard\\\/\",\"https:\\\/\\\/telegra.ph\\\/iWell-Guard-06-06\",\"https:\\\/\\\/pbase.com\\\/iwellguard\\\/iwellguard\",\"https:\\\/\\\/b.hatena.ne.jp\\\/iwellguard\\\/20260607#bookmark-4788405196491818882\",\"https:\\\/\\\/fliphtml5.com\\\/home\\\/iwellguard\",\"https:\\\/\\\/anyflip.com\\\/homepage\\\/cmiwl#About\",\"https:\\\/\\\/transfur.com\\\/Users\\\/iwellguard\",\"http:\\\/\\\/delphi.larsbo.org\\\/user\\\/iwellguard\",\"https:\\\/\\\/jobs.lajobsportal.org\\\/profiles\\\/8380803-iwell-guard\",\"https:\\\/\\\/md.chaosdorf.de\\\/s\\\/jfbe5SBdJD\",\"https:\\\/\\\/www.lingvolive.com\\\/en-us\\\/profile\\\/9ecaeaca-ce11-4e51-9e71-01d55e2bff36\\\/translations\",\"https:\\\/\\\/www.fitday.com\\\/fitness\\\/forums\\\/members\\\/iwellguard.html\",\"https:\\\/\\\/www.mymeetbook.com\\\/iwellguard\",\"https:\\\/\\\/pxhere.com\\\/en\\\/photographer-me\\\/5040798\",\"https:\\\/\\\/disqus.com\\\/by\\\/iwellguard\\\/about\\\/\",\"https:\\\/\\\/pastelink.net\\\/hjwciqwq\",\"https:\\\/\\\/pubhtml5.com\\\/homepage\\\/scjhn\\\/\",\"https:\\\/\\\/www.bitchute.com\\\/channel\\\/2O2eOKzNqujT\",\"https:\\\/\\\/audiomack.com\\\/iwellguard\"]}]}<\/script>\n<!-- \/ Yoast SEO Premium plugin. -->","yoast_head_json":{"title":"Tara - Bodhisattva sam\u00fa\u00f0arins","description":"Tara er mikilv\u00e6gasta kvenkyns B\u00fadda-vera Vajrayana: Gr\u00e6na Tara (virkni), Hv\u00edta Tara (heilun), 21 birtingarmyndir Tara.","robots":{"index":"index","follow":"follow","max-snippet":"max-snippet:-1","max-image-preview":"max-image-preview:large","max-video-preview":"max-video-preview:-1"},"canonical":"https:\/\/iwell-guard.com\/is\/tara\/","og_locale":"is_IS","og_type":"article","og_title":"Tara","og_description":"Tara er mikilv\u00e6gasta kvenkyns B\u00fadda-vera Vajrayana: Gr\u00e6na Tara (virkni), Hv\u00edta Tara (heilun), 21 birtingarmyndir Tara.","og_url":"https:\/\/iwell-guard.com\/is\/tara\/","og_site_name":"iWell Guard","article_modified_time":"2026-09-05T14:32:09+00:00","og_image":[{"width":1024,"height":1536,"url":"https:\/\/iwell-guard.com\/wp-content\/uploads\/2026\/05\/goetter_buddhismus_tara.webp","type":"image\/webp"}],"twitter_card":"summary_large_image","schema":{"@context":"https:\/\/schema.org","@graph":[{"@type":"WebPage","@id":"https:\/\/iwell-guard.com\/is\/tara\/","url":"https:\/\/iwell-guard.com\/is\/tara\/","name":"Tara - Bodhisattva sam\u00fa\u00f0arins","isPartOf":{"@id":"https:\/\/iwell-guard.com\/is\/#website"},"primaryImageOfPage":{"@id":"https:\/\/iwell-guard.com\/is\/tara\/#primaryimage"},"image":{"@id":"https:\/\/iwell-guard.com\/is\/tara\/#primaryimage"},"thumbnailUrl":"https:\/\/iwell-guard.com\/wp-content\/uploads\/2026\/05\/goetter_buddhismus_tara.webp","datePublished":"2026-09-05T14:05:32+00:00","dateModified":"2026-09-05T14:32:09+00:00","description":"Tara er mikilv\u00e6gasta kvenkyns B\u00fadda-vera Vajrayana: Gr\u00e6na Tara (virkni), Hv\u00edta Tara (heilun), 21 birtingarmyndir Tara.","breadcrumb":{"@id":"https:\/\/iwell-guard.com\/is\/tara\/#breadcrumb"},"inLanguage":"is","potentialAction":[{"@type":"ReadAction","target":["https:\/\/iwell-guard.com\/is\/tara\/"]}]},{"@type":"ImageObject","inLanguage":"is","@id":"https:\/\/iwell-guard.com\/is\/tara\/#primaryimage","url":"https:\/\/iwell-guard.com\/wp-content\/uploads\/2026\/05\/goetter_buddhismus_tara.webp","contentUrl":"https:\/\/iwell-guard.com\/wp-content\/uploads\/2026\/05\/goetter_buddhismus_tara.webp","width":1024,"height":1536,"caption":"Gu\u00f0ir \u00far b\u00fadd\u00edskri hef\u00f0."},{"@type":"BreadcrumbList","@id":"https:\/\/iwell-guard.com\/is\/tara\/#breadcrumb","itemListElement":[{"@type":"ListItem","position":1,"name":"Start","item":"https:\/\/iwell-guard.com\/is\/?page_id=168580"},{"@type":"ListItem","position":2,"name":"Tara"}]},{"@type":"WebSite","@id":"https:\/\/iwell-guard.com\/is\/#website","url":"https:\/\/iwell-guard.com\/is\/","name":"iWell Guard","description":"Schutz vor dunklen Einfl\u00fcssen","publisher":{"@id":"https:\/\/iwell-guard.com\/is\/#organization"},"potentialAction":[{"@type":"SearchAction","target":{"@type":"EntryPoint","urlTemplate":"https:\/\/iwell-guard.com\/is\/?s={search_term_string}"},"query-input":{"@type":"PropertyValueSpecification","valueRequired":true,"valueName":"search_term_string"}}],"inLanguage":"is"},{"@type":"Organization","@id":"https:\/\/iwell-guard.com\/is\/#organization","name":"Ittermann electronic GmbH","url":"https:\/\/iwell-guard.com\/is\/","logo":{"@type":"ImageObject","inLanguage":"is","@id":"https:\/\/iwell-guard.com\/is\/#\/schema\/logo\/image\/","url":"https:\/\/iwell-guard.com\/wp-content\/uploads\/2026\/05\/Ittermann-Logo-1182x237-1.png","contentUrl":"https:\/\/iwell-guard.com\/wp-content\/uploads\/2026\/05\/Ittermann-Logo-1182x237-1.png","width":1182,"height":237,"caption":"Ittermann electronic GmbH"},"image":{"@id":"https:\/\/iwell-guard.com\/is\/#\/schema\/logo\/image\/"},"sameAs":["https:\/\/pantip.com\/profile\/9367242","https:\/\/micro.blog\/iwellguard","https:\/\/www.diggerslist.com\/iwellguard\/about","https:\/\/skitterphoto.com\/photographers\/2870314\/iwell-guard","https:\/\/iwellguard.wordpress.com\/2026\/06\/06\/iwell-guard\/","https:\/\/hub.docker.com\/u\/iwellguard","https:\/\/www.pinterest.com\/iwellguard\/","https:\/\/bit.ly\/m\/iwellguard","https:\/\/entre-vos-mains.alsace.eu\/profiles\/iwellguard\/activity","https:\/\/gravatar.com\/reallybeded8fd34","https:\/\/naijamatta.com\/iwellguard","https:\/\/www.goodreads.com\/iwellguard","https:\/\/profile.hatena.ne.jp\/iwellguard\/","https:\/\/experiment.com\/users\/iwellguard","https:\/\/wakelet.com\/@iWellGuard82270","https:\/\/www.chordie.com\/forum\/profile.php?id=2555664","https:\/\/www.instapaper.com\/p\/17757966","https:\/\/www.mapleprimes.com\/users\/iwellguard","https:\/\/businesslistingplus.com\/profile\/iwell-guard\/","https:\/\/telegra.ph\/iWell-Guard-06-06","https:\/\/pbase.com\/iwellguard\/iwellguard","https:\/\/b.hatena.ne.jp\/iwellguard\/20260607#bookmark-4788405196491818882","https:\/\/fliphtml5.com\/home\/iwellguard","https:\/\/anyflip.com\/homepage\/cmiwl#About","https:\/\/transfur.com\/Users\/iwellguard","http:\/\/delphi.larsbo.org\/user\/iwellguard","https:\/\/jobs.lajobsportal.org\/profiles\/8380803-iwell-guard","https:\/\/md.chaosdorf.de\/s\/jfbe5SBdJD","https:\/\/www.lingvolive.com\/en-us\/profile\/9ecaeaca-ce11-4e51-9e71-01d55e2bff36\/translations","https:\/\/www.fitday.com\/fitness\/forums\/members\/iwellguard.html","https:\/\/www.mymeetbook.com\/iwellguard","https:\/\/pxhere.com\/en\/photographer-me\/5040798","https:\/\/disqus.com\/by\/iwellguard\/about\/","https:\/\/pastelink.net\/hjwciqwq","https:\/\/pubhtml5.com\/homepage\/scjhn\/","https:\/\/www.bitchute.com\/channel\/2O2eOKzNqujT","https:\/\/audiomack.com\/iwellguard"]}]}},"_links":{"self":[{"href":"https:\/\/iwell-guard.com\/is\/wp-json\/wp\/v2\/pages\/169095","targetHints":{"allow":["GET"]}}],"collection":[{"href":"https:\/\/iwell-guard.com\/is\/wp-json\/wp\/v2\/pages"}],"about":[{"href":"https:\/\/iwell-guard.com\/is\/wp-json\/wp\/v2\/types\/page"}],"author":[{"embeddable":true,"href":"https:\/\/iwell-guard.com\/is\/wp-json\/wp\/v2\/users\/3"}],"replies":[{"embeddable":true,"href":"https:\/\/iwell-guard.com\/is\/wp-json\/wp\/v2\/comments?post=169095"}],"version-history":[{"count":0,"href":"https:\/\/iwell-guard.com\/is\/wp-json\/wp\/v2\/pages\/169095\/revisions"}],"wp:featuredmedia":[{"embeddable":true,"href":"https:\/\/iwell-guard.com\/is\/wp-json\/wp\/v2\/media\/3278"}],"wp:attachment":[{"href":"https:\/\/iwell-guard.com\/is\/wp-json\/wp\/v2\/media?parent=169095"}],"wp:term":[{"taxonomy":"category","embeddable":true,"href":"https:\/\/iwell-guard.com\/is\/wp-json\/wp\/v2\/categories?post=169095"}],"curies":[{"name":"wp","href":"https:\/\/api.w.org\/{rel}","templated":true}]}}