{"id":169093,"date":"2026-09-05T14:05:31","date_gmt":"2026-09-05T14:05:31","guid":{"rendered":"https:\/\/iwell-guard.com\/?page_id=169093"},"modified":"2026-09-05T14:32:05","modified_gmt":"2026-09-05T14:32:05","slug":"sventovid","status":"publish","type":"page","link":"https:\/\/iwell-guard.com\/is\/sventovid\/","title":{"rendered":"Sventovid"},"content":{"rendered":"\t\t<div data-elementor-type=\"wp-page\" data-elementor-id=\"169093\" class=\"elementor elementor-169093 elementor-3034 elementor-bc-flex-widget\" data-elementor-post-type=\"page\">\n\t\t\t\t<div class=\"elementor-element elementor-element-6a6ca0a e-flex e-con-boxed e-con e-parent\" data-id=\"6a6ca0a\" data-element_type=\"container\" data-e-type=\"container\" data-settings=\"{&quot;background_background&quot;:&quot;classic&quot;}\">\n\t\t\t\t\t<div class=\"e-con-inner\">\n\t\t<div class=\"elementor-element elementor-element-44c5de4 e-flex e-con-boxed e-con e-child\" data-id=\"44c5de4\" data-element_type=\"container\" data-e-type=\"container\">\n\t\t\t\t\t<div class=\"e-con-inner\">\n\t\t<div class=\"elementor-element elementor-element-2310235 e-con-full e-flex e-con e-child\" data-id=\"2310235\" data-element_type=\"container\" data-e-type=\"container\">\n\t\t\t\t<div class=\"elementor-element elementor-element-b843a02 elementor-widget elementor-widget-heading\" data-id=\"b843a02\" data-element_type=\"widget\" data-e-type=\"widget\" data-widget_type=\"heading.default\">\n\t\t\t\t\t<h1 class=\"elementor-heading-title elementor-size-default\">Sventovid, slavneskur str\u00ed\u00f0s- og v\u00e9fr\u00e9ttargu\u00f0<\/h1>\t\t\t\t<\/div>\n\t\t\t\t<div class=\"elementor-element elementor-element-a65a288 elementor-widget elementor-widget-text-editor\" data-id=\"a65a288\" data-element_type=\"widget\" data-e-type=\"widget\" data-widget_type=\"text-editor.default\">\n\t\t\t\t\t\t\t\t\t<p>Sventovid er fj\u00f3rh\u00f6f\u00f0a, slavneskur str\u00ed\u00f0s- og v\u00e9fr\u00e9ttargu\u00f0 sem var d\u00fdrka\u00f0ur sem h\u00f6fu\u00f0gu\u00f0 Vestur-Slava \u00ed <span class=\"iwg-fachbegriff\" data-tooltip=\"Bygging sem er helgu\u00f0 d\u00fdrkun einnar e\u00f0a fleiri gu\u00f0vera.\" tabindex=\"0\">musteri<\/span> Arkona \u00e1 R\u00fcgen.<\/p><p>Sventovid (einnig kalla\u00f0ur Svantovit, Svetovid, \u00e1 lat\u00ednu Svantovithus e\u00f0a Suantevit) er megingu\u00f0d\u00f3mur pantheons Elbu- og Eystrasaltsslava \u00e1 h\u00e1mi\u00f0\u00f6ldum og einn af f\u00e1um slavneskum gu\u00f0um en musteri, l\u00edkneski og helgisi\u00f0ir eru \u00edtarlega l\u00fdst \u00ed heimildum samt\u00edmans.<\/p><p>A\u00f0alhelgista\u00f0ur hans st\u00f3\u00f0 til \u00e1rsins 1168 \u00e1 eyjunni R\u00fcgen \u00ed Arkona. Ey\u00f0ing hans af hendi danska konungsins Valdimars I. er einn best skjalfesti atbur\u00f0ur slavneskrar tr\u00faars\u00f6gu. Sventovid var str\u00ed\u00f0sgu\u00f0, v\u00e9fr\u00e9ttargu\u00f0 og h\u00f6fu\u00f0gu\u00f0 Ranverja, baltneskra Slava \u00e1 eyjunni R\u00fcgen.<\/p>\t\t\t\t\t\t\t\t<\/div>\n\t\t\t\t<\/div>\n\t\t<div class=\"elementor-element elementor-element-85fe1e7 e-con-full e-flex e-con e-parent\" data-id=\"85fe1e7\" data-element_type=\"container\" data-e-type=\"container\">\n\t\t\t\t<div class=\"elementor-element elementor-element-cc0d3fb elementor-widget elementor-widget-html\" data-id=\"cc0d3fb\" data-element_type=\"widget\" data-e-type=\"widget\" data-widget_type=\"html.default\">\n\t\t\t\t\t<div class=\"iwg-pill-row\"><span class=\"iwg-klasse-badge\" tabindex=\"0\" data-tooltip=\"Gu\u00f0 \/ gy\u00f0ja: Pers\u00f3nuger\u00f0 \u00e6\u00f0sta vald \u00ed go\u00f0aveldi menningar, me\u00f0 sk\u00fdrum \u00e1byrg\u00f0arsvi\u00f0um \u2014 n\u00e1tt\u00faru\u00f6fl, \u00f6rl\u00f6g, str\u00ed\u00f0, frj\u00f3semi. D\u00fdrku\u00f0 me\u00f0 helgisi\u00f0um, f\u00f3rnum og musterisstofnunum.\">Gu\u00f0<\/span><a href=\"https:\/\/iwell-guard.com\/is\/slavnesk\/\" class=\"iwg-kultur-badge\" tabindex=\"0\" data-tooltip=\"Slavnesk go\u00f0afr\u00e6\u00f0i og \u00fej\u00f3\u00f0tr\u00fa, kristnu\u00f0 fr\u00e1 10. \u00f6ld.\">Slavneskt<\/a><\/div>\t\t\t\t<\/div>\n\t\t\t\t<\/div>\n\t\t<div class=\"elementor-element elementor-element-c68ed40 e-con-full e-flex e-con e-child\" data-id=\"c68ed40\" data-element_type=\"container\" data-e-type=\"container\">\n\t\t\t\t<div class=\"elementor-element elementor-element-1f27fb4 elementor-toc--minimized-on-tablet elementor-widget elementor-widget-table-of-contents\" data-id=\"1f27fb4\" data-element_type=\"widget\" data-e-type=\"widget\" data-settings=\"{&quot;exclude_headings_by_selector&quot;:[],&quot;no_headings_message&quot;:&quot;Engar undirfyrirsagnir fundust \\u00e1 \\u00feessari s\\u00ed\\u00f0u.&quot;,&quot;headings_by_tags&quot;:[&quot;h2&quot;,&quot;h3&quot;],&quot;marker_view&quot;:&quot;bullets&quot;,&quot;icon&quot;:{&quot;value&quot;:&quot;fas fa-circle&quot;,&quot;library&quot;:&quot;fa-solid&quot;,&quot;rendered_tag&quot;:&quot;&lt;svg class=\\&quot;e-font-icon-svg e-fas-circle\\&quot; viewBox=\\&quot;0 0 512 512\\&quot; xmlns=\\&quot;http:\\\/\\\/www.w3.org\\\/2000\\\/svg\\&quot;&gt;&lt;path d=\\&quot;M256 8C119 8 8 119 8 256s111 248 248 248 248-111 248-248S393 8 256 8z\\&quot;&gt;&lt;\\\/path&gt;&lt;\\\/svg&gt;&quot;},&quot;minimize_box&quot;:&quot;yes&quot;,&quot;minimized_on&quot;:&quot;tablet&quot;,&quot;hierarchical_view&quot;:&quot;yes&quot;,&quot;min_height&quot;:{&quot;unit&quot;:&quot;px&quot;,&quot;size&quot;:&quot;&quot;,&quot;sizes&quot;:[]},&quot;min_height_tablet&quot;:{&quot;unit&quot;:&quot;px&quot;,&quot;size&quot;:&quot;&quot;,&quot;sizes&quot;:[]},&quot;min_height_mobile&quot;:{&quot;unit&quot;:&quot;px&quot;,&quot;size&quot;:&quot;&quot;,&quot;sizes&quot;:[]}}\" data-widget_type=\"table-of-contents.default\">\n\t\t\t\t\t\t\t\t\t<div class=\"elementor-toc__header\">\n\t\t\t\t\t\t<h2 class=\"elementor-toc__header-title\">\n\t\t\t\tEfnisyfirlit\t\t\t<\/h2>\n\t\t\t\t\t\t\t\t\t\t<div class=\"elementor-toc__toggle-button elementor-toc__toggle-button--expand\" role=\"button\" tabindex=\"0\" aria-controls=\"elementor-toc__1f27fb4\" aria-expanded=\"true\" aria-label=\"Open table of contents\"><svg aria-hidden=\"true\" class=\"e-font-icon-svg e-fas-chevron-down\" viewBox=\"0 0 448 512\" xmlns=\"http:\/\/www.w3.org\/2000\/svg\"><path d=\"M207.029 381.476L12.686 187.132c-9.373-9.373-9.373-24.569 0-33.941l22.667-22.667c9.357-9.357 24.522-9.375 33.901-.04L224 284.505l154.745-154.021c9.379-9.335 24.544-9.317 33.901.04l22.667 22.667c9.373 9.373 9.373 24.569 0 33.941L240.971 381.476c-9.373 9.372-24.569 9.372-33.942 0z\"><\/path><\/svg><\/div>\n\t\t\t\t<div class=\"elementor-toc__toggle-button elementor-toc__toggle-button--collapse\" role=\"button\" tabindex=\"0\" aria-controls=\"elementor-toc__1f27fb4\" aria-expanded=\"true\" aria-label=\"Close table of contents\"><svg aria-hidden=\"true\" class=\"e-font-icon-svg e-fas-chevron-up\" viewBox=\"0 0 448 512\" xmlns=\"http:\/\/www.w3.org\/2000\/svg\"><path d=\"M240.971 130.524l194.343 194.343c9.373 9.373 9.373 24.569 0 33.941l-22.667 22.667c-9.357 9.357-24.522 9.375-33.901.04L224 227.495 69.255 381.516c-9.379 9.335-24.544 9.317-33.901-.04l-22.667-22.667c-9.373-9.373-9.373-24.569 0-33.941L207.03 130.525c9.372-9.373 24.568-9.373 33.941-.001z\"><\/path><\/svg><\/div>\n\t\t\t\t\t<\/div>\n\t\t\t\t<div id=\"elementor-toc__1f27fb4\" class=\"elementor-toc__body\">\n\t\t\t<div class=\"elementor-toc__spinner-container\">\n\t\t\t\t<svg class=\"elementor-toc__spinner eicon-animation-spin e-font-icon-svg e-eicon-loading\" aria-hidden=\"true\" viewBox=\"0 0 1000 1000\" xmlns=\"http:\/\/www.w3.org\/2000\/svg\"><path d=\"M500 975V858C696 858 858 696 858 500S696 142 500 142 142 304 142 500H25C25 237 238 25 500 25S975 237 975 500 763 975 500 975Z\"><\/path><\/svg>\t\t\t<\/div>\n\t\t<\/div>\n\t\t\t\t\t\t<\/div>\n\t\t\t\t<\/div>\n\t\t\t\t\t<\/div>\n\t\t\t\t<\/div>\n\t\t<div class=\"elementor-element elementor-element-f58836f e-con-full e-flex e-con e-child\" data-id=\"f58836f\" data-element_type=\"container\" data-e-type=\"container\">\n\t\t\t\t<div class=\"elementor-element elementor-element-dbefaff iwg-hero-image elementor-widget elementor-widget-image\" data-id=\"dbefaff\" data-element_type=\"widget\" data-e-type=\"widget\" data-widget_type=\"image.default\">\n\t\t\t\t\t\t\t\t\t\t\t\t\t\t\t<img fetchpriority=\"high\" decoding=\"async\" width=\"683\" height=\"1024\" src=\"https:\/\/iwell-guard.com\/wp-content\/uploads\/2026\/05\/goetter_slawisch_sventovid-1-683x1024.webp\" class=\"attachment-large size-large wp-image-170686\" alt=\"Sventovid - Gu\u00f0ir \u00far slavneskri hef\u00f0, s\u00f6guleg mynd\" srcset=\"https:\/\/iwell-guard.com\/wp-content\/uploads\/2026\/05\/goetter_slawisch_sventovid-1-683x1024.webp 683w, https:\/\/iwell-guard.com\/wp-content\/uploads\/2026\/05\/goetter_slawisch_sventovid-1-200x300.webp 200w, https:\/\/iwell-guard.com\/wp-content\/uploads\/2026\/05\/goetter_slawisch_sventovid-1-768x1152.webp 768w, https:\/\/iwell-guard.com\/wp-content\/uploads\/2026\/05\/goetter_slawisch_sventovid-1.webp 1024w\" sizes=\"(max-width: 683px) 100vw, 683px\" \/>\t\t\t\t\t\t\t\t\t\t\t\t\t\t\t<\/div>\n\t\t\t\t<\/div>\n\t\t\t\t\t<\/div>\n\t\t\t\t<\/div>\n\t\t<div class=\"elementor-element elementor-element-ad97c2d e-con-boxed e-flex e-con e-parent\" data-id=\"ad97c2d\" data-element_type=\"container\" data-e-type=\"container\">\n\t\t\t\t\t<div class=\"e-con-inner\">\n\t\t<div class=\"elementor-element elementor-element-26dce64 e-con-full e-flex e-con e-child\" data-id=\"26dce64\" data-element_type=\"container\" data-e-type=\"container\">\n\t\t\t\t<div class=\"elementor-element elementor-element-5983496 elementor-widget elementor-widget-heading\" data-id=\"5983496\" data-element_type=\"widget\" data-e-type=\"widget\" data-widget_type=\"heading.default\">\n\t\t\t\t\t<h2 class=\"elementor-heading-title elementor-size-default\">Heimildir og fyrstu ritvitnisbur\u00f0ir<\/h2>\t\t\t\t<\/div>\n\t\t\t\t<div class=\"elementor-element elementor-element-22244d4 elementor-widget elementor-widget-text-editor\" data-id=\"22244d4\" data-element_type=\"widget\" data-e-type=\"widget\" data-widget_type=\"text-editor.default\">\n\t\t\t\t\t\t\t\t\t<p>Mikilv\u00e6gasta heimildin um Sventovid er \u00abGesta Danorum\u00bb Saxo Grammaticus (um 1200), b\u00f3k XIV, kafli 39, \u00fear sem danska hert\u00f6ku Arkona \u00e1ri\u00f0 1168 er l\u00fdst n\u00e1kv\u00e6mlega. Saxo, sem var danskur hir\u00f0klerkur og r\u00e6ddi vi\u00f0 sj\u00f3narvotta, gefur \u00edtarlega l\u00fdsingu \u00e1 hofinu, styttunni og d\u00fdrkunarh\u00e1ttum.<\/p><p>\u00deessi heimild er s\u00e9rstaklega mikilv\u00e6g tr\u00faars\u00f6gulega af tveimur \u00e1st\u00e6\u00f0um: h\u00fan er samt\u00edmaheimild og kemur fr\u00e1 hli\u00f0 sigurvegaranna, sem s\u00e1u styttuna og <span class=\"iwg-fachbegriff\" data-tooltip=\"Bygging sem er helgu\u00f0 d\u00fdrkun einnar e\u00f0a fleiri gu\u00f0a.\" tabindex=\"0\">hofi\u00f0<\/span> me\u00f0 eigin augum \u00e1\u00f0ur en \u00feeir ey\u00f0il\u00f6g\u00f0u \u00feau.<\/p>\n<p>\u00d6nnur meginheimildin er \u00abChronica Slavorum\u00bb Helmolds af Bosau (um 1170), sem var\u00f0 til samt\u00edmis hert\u00f6kunni og byggir \u00e1 beinum uppl\u00fdsingum \u00far tr\u00fabo\u00f0sumhverfinu.<\/p><p>Helmold l\u00fdsir Sventovid sem \u00abtignasta me\u00f0al allra gu\u00f0a slavanna\u00bb, sem hinir gu\u00f0irnir s\u00e9u ekki nema halfgu\u00f0ir \u00ed samanbur\u00f0i vi\u00f0. \u00deri\u00f0ja heimildin er \u00abKnytlinga saga\u00bb (13. \u00f6ld), danska konungasagan, sem einnig fjallar um hert\u00f6ku Arkona.<\/p>\n<p>Fleiri tilv\u00edsanir m\u00e1 finna hj\u00e1 Adam af Bremen (\u00abGesta Hammaburgensis ecclesiae pontificum\u00bb, 1075), hj\u00e1 Thietmar af Merseburg (um upphafsskei\u00f0 elfarslavnesks hei\u00f0ni, \u00fe\u00f3 \u00e1n beinnar tengingar vi\u00f0 Sventovid) og \u00ed d\u00f6nskum ann\u00e1lum fr\u00e1 12. og 13. \u00f6ld.<\/p>\t\t\t\t\t\t\t\t<\/div>\n\t\t\t\t<\/div>\n\t\t<div class=\"elementor-element elementor-element-a749920 e-con-full e-flex e-con e-child\" data-id=\"a749920\" data-element_type=\"container\" data-e-type=\"container\">\n\t\t\t\t<div class=\"elementor-element elementor-element-97f33a5 elementor-widget elementor-widget-heading\" data-id=\"97f33a5\" data-element_type=\"widget\" data-e-type=\"widget\" data-widget_type=\"heading.default\">\n\t\t\t\t\t<h2 class=\"elementor-heading-title elementor-size-default\">Hof og helgista\u00f0ur \u00ed Arkona<\/h2>\t\t\t\t<\/div>\n\t\t\t\t<div class=\"elementor-element elementor-element-d105bb5 elementor-widget elementor-widget-text-editor\" data-id=\"d105bb5\" data-element_type=\"widget\" data-e-type=\"widget\" data-widget_type=\"text-editor.default\">\n\t\t\t\t\t\t\t\t\t<p><span class=\"iwg-fachbegriff\" data-tooltip=\"Bygging sem er helgu\u00f0 d\u00fdrkun einnar e\u00f0a fleiri gu\u00f0a.\" tabindex=\"0\">Hofi\u00f0<\/span> st\u00f3\u00f0 \u00e1 nesi \u00e1 nor\u00f0austur odda R\u00fcgen, vari\u00f0 af h\u00e1lfhringlaga jar\u00f0vegsgar\u00f0i sem loka\u00f0i af lands\u00ed\u00f0una; brimstr\u00f6ndin var\u00f0i sj\u00e1vars\u00ed\u00f0una.<\/p><p><span data-nosnippet>Fornleifauppgraftir fr\u00e1 t\u00edma Carl Schuchhardt (1921) og s\u00e9rstaklega Joachim Herrmann (1962 til 1971) hafa endurgert sv\u00e6\u00f0i\u00f0: helgur reitur um 4 hektara a\u00f0 st\u00e6r\u00f0, me\u00f0 sj\u00e1lfu hofinu innst. <span class=\"iwg-fachbegriff\" data-tooltip=\"Bygging sem er helgu\u00f0 d\u00fdrkun einnar e\u00f0a fleiri gu\u00f0a.\" tabindex=\"0\">Hofi\u00f0<\/span> var ferningslaga tr\u00e9bygging me\u00f0 rau\u00f0um veggtj\u00f6ldum og innra helgir\u00fdmi sem var a\u00f0skili\u00f0 fr\u00e1 ytra r\u00fdminu me\u00f0 fortj\u00f6ldum.<\/span><\/p>\n<p>Inni st\u00f3\u00f0 a\u00f0alstytta Sventovids. Samkv\u00e6mt l\u00fdsingu Saxo var h\u00fan yfirmannlega st\u00f3r, \u00far tr\u00e9, me\u00f0 fj\u00f3rum h\u00f6f\u00f0um e\u00f0a andlitum sem sneru \u00ed fj\u00f3rar h\u00f6fu\u00f0\u00e1ttir. Tv\u00f6 andlit sneru fram, tv\u00f6 aftur, \u00fear sem eitt pari\u00f0 sneri til vinstri og anna\u00f0 til h\u00e6gri.<\/p><p>Gu\u00f0inn h\u00e9lt drykkjarhorni \u00ed h\u00e6gri hendi, en \u00ed vinstri hendi halla\u00f0i hann s\u00e9r a\u00f0 boga. \u00c1 veggnum hengu hnakkur hans, taumar og risavaxi\u00f0 sver\u00f0 me\u00f0 silfurskreyttri bla\u00f0i.<\/p>\t\t\t\t\t\t\t\t<\/div>\n\t\t\t\t<\/div>\n\t\t<div class=\"elementor-element elementor-element-4a8d3a5 e-con-full e-flex e-con e-child\" data-id=\"4a8d3a5\" data-element_type=\"container\" data-e-type=\"container\">\n\t\t\t\t<div class=\"elementor-element elementor-element-71e5a3d elementor-widget elementor-widget-heading\" data-id=\"71e5a3d\" data-element_type=\"widget\" data-e-type=\"widget\" data-widget_type=\"heading.default\">\n\t\t\t\t\t<h2 class=\"elementor-heading-title elementor-size-default\">Helgimyndafr\u00e6\u00f0i og t\u00e1kn<\/h2>\t\t\t\t<\/div>\n\t\t\t\t<div class=\"elementor-element elementor-element-1a8327e elementor-widget elementor-widget-text-editor\" data-id=\"1a8327e\" data-element_type=\"widget\" data-e-type=\"widget\" data-widget_type=\"text-editor.default\">\n\t\t\t\t\t\t\t\t\t<p>\u00c1berandasta t\u00e1knmyndarlega einkenni Sventovids eru fj\u00f6gur h\u00f6fu\u00f0. \u00deessi \u00abfj\u00f3rh\u00f6f\u00f0amynd\u00bb er almennt t\u00falku\u00f0 sem heimsfr\u00e6\u00f0ilegt <span class=\"iwg-fachbegriff\" data-tooltip=\"T\u00e1kn sem stendur fyrir hugmynd e\u00f0a merkingu.\" tabindex=\"0\">t\u00e1kn<\/span>: gu\u00f0inn horfir \u00ed allar h\u00f6fu\u00f0\u00e1ttir og hefur yfirs\u00fdn yfir allan heiminn.<\/p><p><span data-nosnippet>Svipu\u00f0 fj\u00f3rh\u00f6f\u00f0a gu\u00f0amynd er \u00feekkt af hinu fr\u00e6ga Zbru\u010d-<span class=\"iwg-fachbegriff\" data-tooltip=\"Mynd e\u00f0a stytta sem er d\u00fdrku\u00f0 sem gu\u00f0leg.\" tabindex=\"0\">skur\u00f0go\u00f0i<\/span> (fannst 1848 \u00ed Galis\u00edu, n\u00fa \u00ed Fornminjasafninu \u00ed Krak\u00e1), kalksteinss\u00falu me\u00f0 fj\u00f3rum gu\u00f0amyndum \u00e1 kubbslaga h\u00f6f\u00f0i.<\/span><\/p><p>Hvort Zbru\u010d-<span class=\"iwg-fachbegriff\" data-tooltip=\"Mynd e\u00f0a stytta sem er d\u00fdrku\u00f0 sem gu\u00f0leg.\" tabindex=\"0\">skur\u00f0go\u00f0i\u00f0<\/span> t\u00e1kni Sventovid e\u00f0a a\u00f0ra <span class=\"iwg-fachbegriff\" data-tooltip=\"Vera sem er d\u00fdrku\u00f0 sem gu\u00f0leg innan tr\u00faarbrag\u00f0a.\" tabindex=\"0\">gu\u00f0veru<\/span> er deiluefni; formleg tengsl eru \u00fe\u00f3 auglj\u00f3s og sty\u00f0ja \u00fe\u00e1 tilg\u00e1tu a\u00f0 fj\u00f6lh\u00f6f\u00f0un hafi veri\u00f0 d\u00e6migert einkenni <span class=\"iwg-fachbegriff\" data-tooltip=\"Fr\u00e6\u00f0i um myndefni og merkingu \u00feeirra.\" tabindex=\"0\">myndfr\u00e6\u00f0i<\/span> gu\u00f0a vestur- og austurslava.<\/p>\n<p>Drykkjarhorni\u00f0 \u00ed h\u00e6gri hendi gegnir lykilhlutverki \u00ed v\u00e9fr\u00e9ttarath\u00f6fninni (sj\u00e1 ne\u00f0ar). Bogi og sver\u00f0 eru kappa-t\u00e1kn. Hv\u00edti hesturinn, sem tilheyr\u00f0i <span class=\"iwg-fachbegriff\" data-tooltip=\"Bygging sem er helgu\u00f0 d\u00fdrkun einnar e\u00f0a fleiri gu\u00f0a.\" tabindex=\"0\">hofinu<\/span>, er mi\u00f0l\u00e6gt fylgid\u00fdr. Hv\u00edti litur er <span class=\"iwg-fachbegriff\" data-tooltip=\"Sem tilheyrir hinu heilaga e\u00f0a tr\u00faarlega svi\u00f0i, andst\u00e6tt hinu veraldlega.\" tabindex=\"0\">heilagur<\/span> og var \u00ed balt\u00edsk-slavnesku <span class=\"iwg-fachbegriff\" data-tooltip=\"Heild gu\u00f0a innan tr\u00faarbrag\u00f0a e\u00f0a menningar.\" tabindex=\"0\">go\u00f0aveldinu<\/span> tengdur \u00e6\u00f0stu gu\u00f0um.<\/p>\t\t\t\t\t\t\t\t<\/div>\n\t\t\t\t<\/div>\n\t\t<div class=\"elementor-element elementor-element-4d5ebe0 e-con-full e-flex e-con e-child\" data-id=\"4d5ebe0\" data-element_type=\"container\" data-e-type=\"container\">\n\t\t\t\t<div class=\"elementor-element elementor-element-e559cc8 elementor-widget elementor-widget-heading\" data-id=\"e559cc8\" data-element_type=\"widget\" data-e-type=\"widget\" data-widget_type=\"heading.default\">\n\t\t\t\t\t<h2 class=\"elementor-heading-title elementor-size-default\">V\u00e9fr\u00e9tt og d\u00fdrkunarh\u00e6ttir<\/h2>\t\t\t\t<\/div>\n\t\t\t\t<div class=\"elementor-element elementor-element-bcbe50a elementor-widget elementor-widget-text-editor\" data-id=\"bcbe50a\" data-element_type=\"widget\" data-e-type=\"widget\" data-widget_type=\"text-editor.default\">\n\t\t\t\t\t\t\t\t\t<p>Saxo Grammaticus l\u00fdsir tveimur meginsi\u00f0um Arkona-\u00e1tr\u00fana\u00f0arins. \u00c1rleg uppskeruh\u00e1t\u00ed\u00f0 f\u00f3r fram eftir kornuppskeruna: Presturinn sko\u00f0a\u00f0i drykkjarhorn l\u00edkneskisins, sem fyllt haf\u00f0i veri\u00f0 me\u00f0 v\u00edni \u00e1ri\u00f0 \u00e1\u00f0ur. Hef\u00f0i v\u00ednmagni\u00f0 haldist \u00f3breytt bo\u00f0a\u00f0i \u00fea\u00f0 gott uppskeru\u00e1r, en hef\u00f0i \u00fea\u00f0 l\u00e6kka\u00f0 bo\u00f0a\u00f0i \u00fea\u00f0 hungursney\u00f0.<\/p><p>\u00dev\u00ed n\u00e6st var horni\u00f0 t\u00e6mt og fyllt me\u00f0 n\u00fdju v\u00edni. Presturinn drakk fyrsta sopann, m\u00e6lti <span class=\"iwg-fachbegriff\" data-tooltip=\"\u00c1kall um heill og vernd, oft \u00ed f\u00f6stu m\u00e1lformi.\" tabindex=\"0\">blessunaror\u00f0<\/span> yfir Ranverjum, og h\u00e1t\u00ed\u00f0inni lauk me\u00f0 \u00e1ti \u00e1 risast\u00f3rri, kringl\u00f3ttri hunangsk\u00f6ku sem presturinn faldi sig \u00e1 bak vi\u00f0 til a\u00f0 spyrja hvort vi\u00f0staddir s\u00e6ju hann.<\/p>\n<p>Fr\u00e6gasta <span class=\"iwg-fachbegriff\" data-tooltip=\"Sta\u00f0ur e\u00f0a stofnun \u00fear sem leita\u00f0 er gu\u00f0legra svara.\" tabindex=\"0\">v\u00e9fr\u00e9ttin<\/span> var hestav\u00e9fr\u00e9ttin. \u00cd <span class=\"iwg-fachbegriff\" data-tooltip=\"Bygging sem er helgu\u00f0 d\u00fdrkun einnar e\u00f0a fleiri gu\u00f0vera.\" tabindex=\"0\">musterinu<\/span> var haldinn hv\u00edtur hestur sem a\u00f0eins \u00e6\u00f0sti presturinn m\u00e1tti snerta. Fyrir herfer\u00f0ir voru \u00ferj\u00e1r ra\u00f0ir af tveimur spj\u00f3tum settar \u00ed krossform \u00ed j\u00f6r\u00f0ina og hesturinn leiddur \u00ferisvar yfir \u00feau.<\/p><p>Byrja\u00f0i hesturinn \u00e1 h\u00e6gri framf\u00e6ti bo\u00f0a\u00f0i \u00fea\u00f0 sigur, en byrja\u00f0i hann \u00e1 \u00feeim vinstri var herf\u00f6rinni fresta\u00f0 e\u00f0a h\u00e6tt vi\u00f0 hana. \u00deessi si\u00f0venja er s\u00e9rstaklega \u00e1hugaver\u00f0 tr\u00faars\u00f6gulega s\u00e9\u00f0 \u00fear sem h\u00fan tengist skipulagslega hippomanteia-fyrirb\u00e6rinu, ind\u00f3evr\u00f3psku hestav\u00e9fr\u00e9ttinni sem einnig er sta\u00f0fest hj\u00e1 Het\u00edtum, Sk\u00fd\u00feum, Germ\u00f6num (Tacitus, \u00abGermania\u00bb, 10. kafli) og persneskum spekingum (m\u00f6gum).<\/p>\t\t\t\t\t\t\t\t<\/div>\n\t\t\t\t<\/div>\n\t\t<div class=\"elementor-element elementor-element-5dc7e79 e-con-full e-flex e-con e-child\" data-id=\"5dc7e79\" data-element_type=\"container\" data-e-type=\"container\">\n\t\t\t\t<div class=\"elementor-element elementor-element-909e93f elementor-widget elementor-widget-heading\" data-id=\"909e93f\" data-element_type=\"widget\" data-e-type=\"widget\" data-widget_type=\"heading.default\">\n\t\t\t\t\t<h2 class=\"elementor-heading-title elementor-size-default\">Fj\u00e1rsj\u00f3\u00f0ur og skattgjald<\/h2>\t\t\t\t<\/div>\n\t\t\t\t<div class=\"elementor-element elementor-element-61c1c28 elementor-widget elementor-widget-text-editor\" data-id=\"61c1c28\" data-element_type=\"widget\" data-e-type=\"widget\" data-widget_type=\"text-editor.default\">\n\t\t\t\t\t\t\t\t\t<p><span class=\"iwg-fachbegriff\" data-tooltip=\"Bygging sem \u00fej\u00f3nar d\u00fdrkun einnar e\u00f0a fleiri gu\u00f0a.\" tabindex=\"0\">Hofi\u00f0<\/span> \u00ed Arkona var st\u00f3rr\u00edkt. Saxo l\u00fdsir gr\u00ed\u00f0arlegu magni gulls, silfurs, kl\u00e6\u00f0a og gimsteina sem geymt var \u00ed fj\u00e1rhirslunni, \u00fdmist fengi\u00f0 sem herfang, skattgjald e\u00f0a v\u00edgslugj\u00f6f. Hver Rani var\u00f0 \u00e1rlega a\u00f0 grei\u00f0a \u00e1kve\u00f0na upph\u00e6\u00f0 til <span class=\"iwg-fachbegriff\" data-tooltip=\"Bygging sem \u00fej\u00f3nar d\u00fdrkun einnar e\u00f0a fleiri gu\u00f0a.\" tabindex=\"0\">hofsins<\/span>; allt herfang \u00far herfer\u00f0um var a\u00f0 \u00feri\u00f0jungi lagt fram til Sventovids.<\/p><p><span class=\"iwg-fachbegriff\" data-tooltip=\"Bygging sem \u00fej\u00f3nar d\u00fdrkun einnar e\u00f0a fleiri gu\u00f0a.\" tabindex=\"0\">Hofi\u00f0<\/span> haf\u00f0i eigin hermenn og riddarali\u00f0 (\u00ferj\u00fa hundru\u00f0 riddara samkv\u00e6mt Saxo) sem lutu \u00e6\u00f0sta valdi \u00e6\u00f0staprestsins. \u00deessi herna\u00f0arlega-tr\u00faarlega tenging er einstakt einkenni Elbslavneskrar tr\u00faar og s\u00fdnir hversu langt Sventovid haf\u00f0i vaxi\u00f0 \u00fat fyrir hlutverk venjulegs \u00e6ttb\u00e1lkagu\u00f0s.<\/p>\t\t\t\t\t\t\t\t<\/div>\n\t\t\t\t<\/div>\n\t\t<div class=\"elementor-element elementor-element-5f28234 e-con-full e-flex e-con e-child\" data-id=\"5f28234\" data-element_type=\"container\" data-e-type=\"container\">\n\t\t\t\t<div class=\"elementor-element elementor-element-d2a127a elementor-widget elementor-widget-heading\" data-id=\"d2a127a\" data-element_type=\"widget\" data-e-type=\"widget\" data-widget_type=\"heading.default\">\n\t\t\t\t\t<h2 class=\"elementor-heading-title elementor-size-default\">Ey\u00f0ing Arkona 1168<\/h2>\t\t\t\t<\/div>\n\t\t\t\t<div class=\"elementor-element elementor-element-8a7f284 elementor-widget elementor-widget-text-editor\" data-id=\"8a7f284\" data-element_type=\"widget\" data-e-type=\"widget\" data-widget_type=\"text-editor.default\">\n\t\t\t\t\t\t\t\t\t<p>Vi\u00f0 danska landvinninginn undir stj\u00f3rn konungs Valdimars I. og biskups Absalons af Hr\u00f3arskeldu \u00ed j\u00fan\u00ed 1168 var Arkona seti\u00f0 um og teki\u00f0 eftir stutta v\u00f6rn. Saxo Grammaticus, sem byggir fr\u00e1s\u00f6gn s\u00edna \u00e1 sj\u00f3narvottal\u00fdsingum Absalons, l\u00fdsir ey\u00f0ingu styttunnar: henni var kollvarpa\u00f0, h\u00fan h\u00f6ggvin \u00ed stykki og brennd.<\/p><p>Fj\u00e1rhirslan var t\u00e6md og hofsv\u00e6\u00f0i\u00f0 jafna\u00f0 vi\u00f0 j\u00f6r\u00f0u. Ranarnir voru \u00feegar \u00ed sta\u00f0 \u00fevinga\u00f0ir til sk\u00edrnar; sv\u00e6\u00f0i\u00f0 var lagt undir biskupsd\u00e6mi\u00f0 \u00ed Hr\u00f3arskeldu og innlima\u00f0 \u00ed danskt yfirr\u00e1\u00f0asv\u00e6\u00f0i. Me\u00f0 \u00feessari ey\u00f0ingu lauk hinni hei\u00f0nu tr\u00fa \u00e1 R\u00fcgen formlega, jafnvel \u00fe\u00f3tt \u00fej\u00f3\u00f0legir si\u00f0ir og <span class=\"iwg-fachbegriff\" data-tooltip=\"Hef\u00f0bundin \u00fej\u00f3\u00f0menning me\u00f0 si\u00f0um, s\u00f6gnum og kv\u00e6\u00f0um.\" tabindex=\"0\">\u00fej\u00f3\u00f0fr\u00e6\u00f0i<\/span> lif\u00f0u \u00e1fram um langa hr\u00ed\u00f0.<\/p>\t\t\t\t\t\t\t\t<\/div>\n\t\t\t\t<\/div>\n\t\t<div class=\"elementor-element elementor-element-f94f7f9 e-con-full e-flex e-con e-child\" data-id=\"f94f7f9\" data-element_type=\"container\" data-e-type=\"container\">\n\t\t\t\t<div class=\"elementor-element elementor-element-7f7a1d9 elementor-widget elementor-widget-heading\" data-id=\"7f7a1d9\" data-element_type=\"widget\" data-e-type=\"widget\" data-widget_type=\"heading.default\">\n\t\t\t\t\t<h2 class=\"elementor-heading-title elementor-size-default\">Tr\u00faars\u00f6guleg sta\u00f0setning og sj\u00e1lfsmynd<\/h2>\t\t\t\t<\/div>\n\t\t\t\t<div class=\"elementor-element elementor-element-c5122d9 elementor-widget elementor-widget-text-editor\" data-id=\"c5122d9\" data-element_type=\"widget\" data-e-type=\"widget\" data-widget_type=\"text-editor.default\">\n\t\t\t\t\t\t\t\t\t<p>Sventovid hefur \u00edtreka\u00f0 veri\u00f0 tengdur \u00f6\u00f0rum slavneskum gu\u00f0um \u00ed fr\u00e6\u00f0ilegri umr\u00e6\u00f0u. Helmold af Bosau leggur \u00e1herslu \u00e1 yfirbur\u00f0i hans yfir \u00f6\u00f0rum gu\u00f0um, sem bendir til hen\u00f3\u00feeist\u00edskrar ger\u00f0ar ranska go\u00f0aheimsins: einn \u00e6\u00f0sti gu\u00f0 me\u00f0 undirskipu\u00f0um h\u00e1lfgu\u00f0um.<\/p><p><span data-nosnippet>Aleksander Br\u00fcckner telur Sventovid vera h\u00e9ra\u00f0sbundna \u00fatg\u00e1fu af hinum almenna slavneska \u00ferumugu\u00f0i Per\u00fan, en n\u00faverandi fr\u00e6\u00f0imenn hafna \u00fev\u00ed a\u00f0 mestu. Aleksander Gieysztor (\u00abMitologia S\u0142owian\u00bb, 1982) s\u00e1 \u00ed Sventovid sj\u00e1lfst\u00e6\u00f0a a\u00f0algu\u00f0 baltnesku Slavanna me\u00f0 heimsfr\u00e6\u00f0ilegu hlutverki, sem fj\u00f6gur andlit hans gefa til kynna.<\/span><\/p>\n<p><span data-nosnippet>Ji\u0159\u00ed Dynda lag\u00f0i til \u00e1ri\u00f0 2014 a\u00f0 lesa Sventovid sem baltnesk-slavneska \u00fatg\u00e1fu af v\u00ed\u00f0ar \u00fatbreiddum ind\u00f3evr\u00f3pskum \u00abheimss\u00fdnargu\u00f0i\u00bb, \u00fear sem fj\u00f6gur andlit hans t\u00e1kna hina kosm\u00edsku sj\u00f3n. Byggingarlegar samsvaranir finnast \u00ed hitt\u00edsku Hatti-<span class=\"iwg-fachbegriff\" data-tooltip=\"Heild gu\u00f0a \u00ed tr\u00faarbr\u00f6g\u00f0um e\u00f0a menningu.\" tabindex=\"0\">go\u00f0aheiminum<\/span> og \u00ed hind\u00faago\u00f0inu Brahma, sem einnig er s\u00fdndur me\u00f0 fj\u00f6gur andlit. \u00deessi flokkun er \u00fe\u00f3 \u00e1fram tilg\u00e1ta.<\/span><\/p>\t\t\t\t\t\t\t\t<\/div>\n\t\t\t\t<\/div>\n\t\t<div class=\"elementor-element elementor-element-ea0bae3 e-con-full e-flex e-con e-child\" data-id=\"ea0bae3\" data-element_type=\"container\" data-e-type=\"container\">\n\t\t\t\t<div class=\"elementor-element elementor-element-b5e2d9a elementor-widget elementor-widget-heading\" data-id=\"b5e2d9a\" data-element_type=\"widget\" data-e-type=\"widget\" data-widget_type=\"heading.default\">\n\t\t\t\t\t<h2 class=\"elementor-heading-title elementor-size-default\">Or\u00f0sifjar<\/h2>\t\t\t\t<\/div>\n\t\t\t\t<div class=\"elementor-element elementor-element-d9c3b25 elementor-widget elementor-widget-text-editor\" data-id=\"d9c3b25\" data-element_type=\"widget\" data-e-type=\"widget\" data-widget_type=\"text-editor.default\">\n\t\t\t\t\t\t\t\t\t<p>Nafni\u00f0 \u00abSventovit\u00bb er samsett \u00far frumslavnesku \u00absv\u0119t\u044a\u00bb (<span class=\"iwg-fachbegriff\" data-tooltip=\"\u00dea\u00f0 sem tilheyrir hinu gu\u00f0lega og er \u00fear me\u00f0 undanskili\u00f0 hversdagslegri notkun.\" tabindex=\"0\">heilagur<\/span>) og \u00abvit\u044a\u00bb (herra, sigurvegari e\u00f0a lj\u00f3sskin). Merkingin yr\u00f0i \u00fe\u00e1 \u00abheilagur herra\u00bb e\u00f0a \u00ab<span class=\"iwg-fachbegriff\" data-tooltip=\"\u00dea\u00f0 sem tilheyrir hinu gu\u00f0lega og er \u00fear me\u00f0 undanskili\u00f0 hversdagslegri notkun.\" tabindex=\"0\">heilagur<\/span> og sk\u00ednandi\u00bb. Hvort seinni hlutinn tengist fornr\u00fassneska or\u00f0inu \u00abvit\u00bb (a\u00f0 sj\u00e1, a\u00f0 l\u00edta), sem myndi jafnframt sk\u00fdra fj\u00f6gur andlit hans, er umdeilt \u00ed m\u00e1lfr\u00e6\u00f0ilegri umr\u00e6\u00f0u.<\/p><p>S\u00ed\u00f0ar samlaga\u00f0i austurslavnesk <span class=\"iwg-fachbegriff\" data-tooltip=\"Mi\u00f0lun \u00feekkingar og sagna milli kynsl\u00f3\u00f0a.\" tabindex=\"0\">munnm\u00e6li<\/span> nafni\u00f0 hinum heilaga Veit (Vitus); eyjan R\u00fcgen og borgin Sankt Veit (Sl\u00f3ven\u00eda, Kr\u00f3at\u00eda) tengja hinn kristna d\u00fdrling vi\u00f0 hinn forna gu\u00f0 \u00e1 samlagandi h\u00e1tt.<\/p>\t\t\t\t\t\t\t\t<\/div>\n\t\t\t\t<\/div>\n\t\t<div class=\"elementor-element elementor-element-4b68bda e-con-full e-flex e-con e-child\" data-id=\"4b68bda\" data-element_type=\"container\" data-e-type=\"container\">\n\t\t\t\t<div class=\"elementor-element elementor-element-76e0f0b elementor-widget elementor-widget-heading\" data-id=\"76e0f0b\" data-element_type=\"widget\" data-e-type=\"widget\" data-widget_type=\"heading.default\">\n\t\t\t\t\t<h2 class=\"elementor-heading-title elementor-size-default\">\u00c1framhaldandi l\u00edf<\/h2>\t\t\t\t<\/div>\n\t\t\t\t<div class=\"elementor-element elementor-element-54cb4d0 elementor-widget elementor-widget-text-editor\" data-id=\"54cb4d0\" data-element_type=\"widget\" data-e-type=\"widget\" data-widget_type=\"text-editor.default\">\n\t\t\t\t\t\t\t\t\t<p>Eftir ey\u00f0ingu Arkona lag\u00f0ist hin opinbera <span class=\"iwg-fachbegriff\" data-tooltip=\"Heild tr\u00faarlegra tilbei\u00f0sluathafna til handa gu\u00f0i e\u00f0a heilagri v\u00e6ttu.\" tabindex=\"0\">d\u00fdrkun<\/span> Sventovids af a\u00f0 fullu. Sl\u00f3\u00f0ir \u00ed \u00fej\u00f3\u00f0sagnaarfi eru veikar, en fyrirfinnast: nokkrar s\u00f6gur af R\u00fcgen um \u00abSwantewit\u00bb \u00e1 Witower-fjalli, fr\u00e1sagnir af sokknum <span class=\"iwg-fachbegriff\" data-tooltip=\"Bygging sem er notu\u00f0 til tilbei\u00f0slu einnar e\u00f0a fleiri gu\u00f0v\u00e6tta.\" tabindex=\"0\">hofum<\/span> og hv\u00edta hestinum fr\u00e1 hei\u00f0num t\u00edma.<\/p><p>\u00c1 19. \u00f6ld var\u00f0 Sventovid a\u00f0 sams\u00f6munart\u00e1kni p\u00f3lskrar og t\u00e9kkneskrar r\u00f3mant\u00edkur; Aleksander Br\u00fcckner, Joseph Koll\u00e1r og a\u00f0rir pan-slavneskir hugsu\u00f0ir v\u00edsu\u00f0u til hans sem <span class=\"iwg-fachbegriff\" data-tooltip=\"T\u00e1kn sem stendur fyrir hugmynd e\u00f0a merkingu.\" tabindex=\"0\">t\u00e1kns<\/span> um sj\u00e1lfst\u00e6\u00f0a slavneska h\u00e1menningu.<\/p>\n<p>\u00cd dag er Arkona fornleifagar\u00f0ur, virkisleifarnar a\u00f0gengilegar, en <span class=\"iwg-fachbegriff\" data-tooltip=\"Bygging sem er notu\u00f0 til tilbei\u00f0slu einnar e\u00f0a fleiri gu\u00f0v\u00e6tta.\" tabindex=\"0\">hofi\u00f0<\/span> sj\u00e1lft er a\u00f0eins m\u00f6gulegt a\u00f0 endurgera \u00fat fr\u00e1 grunnum og fornleifafundum. \u00cd samt\u00edmahreyfingum Rodnoverie og n\u00fdhei\u00f0ni \u00ed Mi\u00f0- og Austur-Evr\u00f3pu leikur Sventovid mikilv\u00e6gt hlutverk sem endurger\u00f0ur h\u00f6fu\u00f0gu\u00f0; \u00feessi n\u00fat\u00edmad\u00fdrkun er, \u00fat fr\u00e1 tr\u00faarbrag\u00f0as\u00f6gu, n\u00fdsk\u00f6pun.<\/p>\t\t\t\t\t\t\t\t<\/div>\n\t\t\t\t<\/div>\n\t\t<div class=\"elementor-element elementor-element-d924bdf e-con-full e-flex e-con e-child\" data-id=\"d924bdf\" data-element_type=\"container\" data-e-type=\"container\">\n\t\t\t\t<div class=\"elementor-element elementor-element-891430a elementor-widget elementor-widget-heading\" data-id=\"891430a\" data-element_type=\"widget\" data-e-type=\"widget\" data-widget_type=\"heading.default\">\n\t\t\t\t\t<h2 class=\"elementor-heading-title elementor-size-default\">Heimildir<\/h2>\t\t\t\t<\/div>\n\t\t\t\t<div class=\"elementor-element elementor-element-e816673 elementor-widget elementor-widget-text-editor\" data-id=\"e816673\" data-element_type=\"widget\" data-e-type=\"widget\" data-widget_type=\"text-editor.default\">\n\t\t\t\t\t\t\t\t\t<footer class=\"iwg-literatur\"><p><span data-nosnippet>Saxo Grammaticus, \u00abGesta Danorum\u00bb, b\u00f3k XIV (um 1200), gagnr\u00fdnin \u00fatg\u00e1fa Karsten Friis-Jensen, Oxford 2015. Helmold von Bosau, \u00abChronica Slavorum\u00bb (um 1170), \u00fe\u00fd\u00f0ing Heinz Stoob, Darmstadt 1963. \u00abKnytlinga saga\u00bb (13. \u00f6ld). Adam von Bremen, \u00abGesta Hammaburgensis ecclesiae pontificum\u00bb (1075). Thietmar von Merseburg, \u00abChronicon\u00bb (upphaf 11. aldar). Danskar ann\u00e1lar 12. og 13. aldar.<\/span><\/p>\n<ul><li><span data-nosnippet>Carl Schuchhardt, \u00abArkona, Rethra, Vineta\u00bb, Berl\u00edn 1926.<\/span><\/li><li><span data-nosnippet>Joachim Herrmann, \u00abDie Slawen in Deutschland\u00bb, Berl\u00edn 1985.<\/span><\/li><li><span data-nosnippet>Joachim Herrmann (ritstj.), \u00abSlawische Burgen in Deutschland\u00bb, Berl\u00edn 1976.<\/span><\/li><li><span data-nosnippet>Aleksander Br\u00fcckner, \u00abMitologia s\u0142owia\u0144ska\u00bb, Krak\u00e1 1918.<\/span><\/li><li><span data-nosnippet>Aleksander Gieysztor, \u00abMitologia S\u0142owian\u00bb, Varsj\u00e1 1982.<\/span><\/li><li><span data-nosnippet>Henryk \u0141owmia\u0144ski, \u00abReligia S\u0142owian i jej upadek\u00bb, Varsj\u00e1 1979.<\/span><\/li><li><span data-nosnippet>Vladimir Toporov und Vyacheslav Ivanov, \u00abIssledovaniya v oblasti slavyanskikh drevnostey\u00bb, Moskva 1974.<\/span><\/li><li><span data-nosnippet>Ji\u0159\u00ed Dynda, \u00abThe Four-Faced God: Slavic Cosmology Reconsidered\u00bb, Studia Mythologica Slavica 17, 2014.<\/span><\/li><li><span data-nosnippet>Leszek S\u0142upecki, \u00abSlavonic <span class=\"iwg-fachbegriff\" data-tooltip=\"Samheiti yfir hei\u00f0i\u00f0; \u00fea\u00f0 sem tilheyrir tr\u00faarbr\u00f6g\u00f0um fr\u00e1 t\u00edma fyrir kristni.\" tabindex=\"0\">Pagan<\/span> Sanctuaries\u00bb, Varsj\u00e1 1994.<\/span><\/li><\/ul><\/footer>\t\t\t\t\t\t\t\t<\/div>\n\t\t\t\t<\/div>\n\t\t<div class=\"elementor-element elementor-element-65c12ca e-con-full e-flex e-con e-child\" data-id=\"65c12ca\" data-element_type=\"container\" data-e-type=\"container\">\n\t\t\t\t<div class=\"elementor-element elementor-element-87486b7 elementor-widget elementor-widget-heading\" data-id=\"87486b7\" data-element_type=\"widget\" data-e-type=\"widget\" data-widget_type=\"heading.default\">\n\t\t\t\t\t<h2 class=\"elementor-heading-title elementor-size-default\">Uppruni heimilda Saxos og Helmolds<\/h2>\t\t\t\t<\/div>\n\t\t\t\t<div class=\"elementor-element elementor-element-c1a8290 elementor-widget elementor-widget-text-editor\" data-id=\"c1a8290\" data-element_type=\"widget\" data-e-type=\"widget\" data-widget_type=\"text-editor.default\">\n\t\t\t\t\t\t\t\t\t<p>\u00abGesta Danorum\u00bb eftir Saxo Grammaticus er mikilv\u00e6gasta, en ekki alveg vandr\u00e6\u00f0alausa, heimildin um Sventovid. Saxo var hir\u00f0prestur biskups Absalons af Roskilde, sem haf\u00f0i st\u00fdrt landvinningnum \u00e1 Arkona herna\u00f0arlega. L\u00fdsing hans \u00e1 hofinu og d\u00fdrkunarath\u00f6fnunum byggir beint \u00e1 sj\u00f3narvottal\u00fdsingum d\u00f6nsku sigurvegaranna.<\/p><p>Fr\u00e1s\u00f6gn Saxos er \u00fe\u00f3 samfellt litu\u00f0 af kristinni deiluhneig\u00f0: hei\u00f0in tr\u00faarbr\u00f6g\u00f0 eru s\u00fdnd sem villa, heimska og dj\u00f6fulskapur, athafnirnar sem hj\u00e1tr\u00fa. V\u00edsindaleg greining \u00fearf a\u00f0 taka gagnr\u00fdni\u00f0 tillit til \u00feessarar tilhneigingar og reyna a\u00f0 skilja deiluleitina fr\u00e1 \u00fej\u00f3\u00f0fr\u00e6\u00f0ilegum sta\u00f0reyndum.<\/p>\n<p>\u00abChronica Slavorum\u00bb eftir Helmold von Bosau (um 1170) er \u00f6nnur meginheimild, skrifu\u00f0 fr\u00e1 sj\u00f3narh\u00f3li nor\u00f0ur-\u00fe\u00fdskrar slavneskrar tr\u00fabo\u00f0sstarfsemi. Helmold var prestur \u00ed Bosau \u00ed Holstein og starfa\u00f0i fyrir tr\u00fabo\u00f0sbiskupinn \u00ed L\u00fcbeck.<\/p><p>L\u00fdsing hans \u00e1 Sventovid er einnig litu\u00f0 af kristni, en h\u00fan hefur a\u00f0 geyma mikilv\u00e6gar uppl\u00fdsingar um st\u00f6\u00f0u gu\u00f0sins \u00ed <span class=\"iwg-fachbegriff\" data-tooltip=\"Heild gu\u00f0a \u00ed tr\u00faarbr\u00f6g\u00f0um e\u00f0a menningu.\" tabindex=\"0\">go\u00f0aveldi<\/span> Rananna og um d\u00fdrkunarathafnirnar.<\/p><p>Helmold undirstrikar a\u00f0 Ranarnir l\u00edta \u00e1 Sventovid sem \u00ab\u00e6\u00f0sta gu\u00f0\u00bb og bj\u00f3\u00f0a honum <span class=\"iwg-fachbegriff\" data-tooltip=\"Gj\u00f6f til gu\u00f0s til a\u00f0 tj\u00e1 \u00feakkl\u00e6ti, b\u00f3n e\u00f0a tilbei\u00f0slu.\" tabindex=\"0\">f\u00f3rnir<\/span> framar \u00f6llum \u00f6\u00f0rum gu\u00f0um. \u00deessi hen\u00f3te\u00edska einkennisframsetning er s\u00f6guleg mikilv\u00e6g og a\u00f0greinir m\u00f6gulega <span class=\"iwg-fachbegriff\" data-tooltip=\"Heild gu\u00f0a \u00ed tr\u00faarbr\u00f6g\u00f0um e\u00f0a menningu.\" tabindex=\"0\">go\u00f0aveldi<\/span> Rananna fr\u00e1 fj\u00f6lgy\u00f0islegu <span class=\"iwg-fachbegriff\" data-tooltip=\"Heild gu\u00f0a \u00ed tr\u00faarbr\u00f6g\u00f0um e\u00f0a menningu.\" tabindex=\"0\">go\u00f0aveldi<\/span> austurslavneska K\u00e6nugar\u00f0sr\u00edkisins.<\/p>\t\t\t\t\t\t\t\t<\/div>\n\t\t\t\t<\/div>\n\t\t<div class=\"elementor-element elementor-element-e306f95 e-con-full e-flex e-con e-child\" data-id=\"e306f95\" data-element_type=\"container\" data-e-type=\"container\">\n\t\t\t\t<div class=\"elementor-element elementor-element-5bec20f elementor-widget elementor-widget-heading\" data-id=\"5bec20f\" data-element_type=\"widget\" data-e-type=\"widget\" data-widget_type=\"heading.default\">\n\t\t\t\t\t<h2 class=\"elementor-heading-title elementor-size-default\">Fornleifaranns\u00f3knir \u00e1 Arkona<\/h2>\t\t\t\t<\/div>\n\t\t\t\t<div class=\"elementor-element elementor-element-7b1f075 elementor-widget elementor-widget-text-editor\" data-id=\"7b1f075\" data-element_type=\"widget\" data-e-type=\"widget\" data-widget_type=\"text-editor.default\">\n\t\t\t\t\t\t\t\t\t<p><span data-nosnippet>Fornleifaranns\u00f3knir \u00e1 Arkona h\u00f3fust \u00feegar \u00e1 19. \u00f6ld me\u00f0 fyrstu uppgr\u00f6ftum. A\u00f0alverki\u00f0 var unni\u00f0 af Carl Schuchhardt \u00e1 \u00e1runum 1921 til 1925, en verk hans \u00abArkona, Rethra, Vineta\u00bb (Berl\u00edn 1926) er enn \u00ed dag mikilv\u00e6g tilv\u00edsun.<\/span><\/p><p>Schuchhardt kortlag\u00f0i leifar virkisgar\u00f0sins, m\u00e6ldi upp virkissv\u00e6\u00f0i\u00f0 og afhj\u00fapa\u00f0i grunna nokkurra timburbygginga. Vegna landbrots strandarins haf\u00f0i st\u00f3r hluti fyrrum virkissv\u00e6\u00f0isins \u00feegar \u00e1 \u00feeim t\u00edma hruni\u00f0 og sokki\u00f0 \u00ed hafi\u00f0.<\/p>\n<p><span data-nosnippet>Anna\u00f0 mikla uppgraftart\u00edmabili\u00f0, undir stj\u00f3rn Joachim Herrmanns \u00e1 \u00e1runum 1962 til 1971, leiddi til fleiri fornleifafunda og n\u00e1kv\u00e6mari jar\u00f0lagagreiningar. Rit Herrmanns (\u00abDie Slawen in Deutschland\u00bb, Berl\u00edn 1985; \u00abSlawische Burgen in Deutschland\u00bb, Berl\u00edn 1976) hafa haldist sem sta\u00f0alverk \u00ed <span class=\"iwg-fachbegriff\" data-tooltip=\"V\u00edsindagrein sem rannsakar fyrri menningarsamf\u00e9l\u00f6g \u00fat fr\u00e1 efnislegum fornleifafundum.\" tabindex=\"0\">fornleifafr\u00e6\u00f0i<\/span> Austursj\u00e1varslavneskra sv\u00e6\u00f0a.<\/span><\/p><p>\u00deau hafa sta\u00f0fest \u00ed gr\u00f3fum dr\u00e1ttum l\u00fdsingu Saxos \u00e1 hofinu, me\u00f0 fornleifafundum sem sanna tilvist r\u00e9tthyrndu byggingarinnar og hins innra helgireits sem Saxo l\u00fdsti.<\/p>\n<p>Landbrot strandarins heldur \u00e1fram st\u00f6\u00f0ugt. \u00cd dag (mi\u00f0a\u00f0 vi\u00f0 2020-\u00e1ratuginn) er a\u00f0eins um 60 pr\u00f3sent hins upprunalega virkissv\u00e6\u00f0is var\u00f0veitt; hin 40 pr\u00f3sentin hafa hrapa\u00f0 \u00ed hafi\u00f0 \u00e1 s\u00ed\u00f0ustu tveimur \u00f6ldum. Full endurger\u00f0 er \u00fev\u00ed ekki m\u00f6guleg; n\u00faverandi \u00feekking byggist a\u00f0 st\u00f3rum hluta \u00e1 fornleifafundum Schuchhardts og Herrmanns.<\/p>\t\t\t\t\t\t\t\t<\/div>\n\t\t\t\t<\/div>\n\t\t<div class=\"elementor-element elementor-element-38b53ee e-con-full e-flex e-con e-child\" data-id=\"38b53ee\" data-element_type=\"container\" data-e-type=\"container\">\n\t\t\t\t<div class=\"elementor-element elementor-element-dcb40b4 elementor-widget elementor-widget-heading\" data-id=\"dcb40b4\" data-element_type=\"widget\" data-e-type=\"widget\" data-widget_type=\"heading.default\">\n\t\t\t\t\t<h2 class=\"elementor-heading-title elementor-size-default\">Zbru\u010d-skur\u00f0go\u00f0i\u00f0 og fj\u00f3randlita gu\u00f0amyndhef\u00f0in<\/h2>\t\t\t\t<\/div>\n\t\t\t\t<div class=\"elementor-element elementor-element-b7c3e21 elementor-widget elementor-widget-text-editor\" data-id=\"b7c3e21\" data-element_type=\"widget\" data-e-type=\"widget\" data-widget_type=\"text-editor.default\">\n\t\t\t\t\t\t\t\t\t<p>Mikilv\u00e6gasti samanbur\u00f0argripurinn vi\u00f0 Sventovid-styttuna er Zbru\u010d-<span class=\"iwg-fachbegriff\" data-tooltip=\"Mynd e\u00f0a l\u00edkneski sem er d\u00fdrka\u00f0 sem heilagt.\" tabindex=\"0\">skur\u00f0go\u00f0i\u00f0<\/span>, kalksteinss\u00fala me\u00f0 fj\u00f3rum andlitum \u00ed <span class=\"iwg-fachbegriff\" data-tooltip=\"Upphleypt mynd unnin \u00far fleti.\" tabindex=\"0\">upphleyptu formi<\/span>, sem fannst \u00e1ri\u00f0 1848 \u00ed Zbru\u010d-flj\u00f3ti \u00ed Galis\u00edu (n\u00fa \u00dakra\u00edna).<\/p><p><span class=\"iwg-fachbegriff\" data-tooltip=\"Mynd e\u00f0a l\u00edkneski sem er d\u00fdrka\u00f0 sem heilagt.\" tabindex=\"0\">Skur\u00f0go\u00f0i\u00f0<\/span> er um 2,67 metrar \u00e1 h\u00e6\u00f0 og s\u00fdnir \u00e1 hverri af fj\u00f3rum hli\u00f0um s\u00ednum mismunandi go\u00f0amyndir \u00ed \u00feremur l\u00f6gum, hverju ofan \u00e1 \u00f6\u00f0ru. \u00c1 teningslaga h\u00f6f\u00f0inu eru fj\u00f6gur andlit sem minna \u00e1 l\u00fdsingu Saxa \u00e1 Sventovid.<\/p>\n<p>\u00dea\u00f0 er umdeilt hvernig einstakar myndirnar tengjast tilteknum slavneskum gu\u00f0um. Boris Rybakov reyndi a\u00f0 tengja allar f\u00edg\u00farurnar vi\u00f0 kunna gu\u00f0i (Per\u00fan, Moko\u0161, Lada, Dazhbog), en \u00fe\u00e6r tilgreiningar eru ekki sannf\u00e6randi r\u00f6kstuddar.<\/p><p><span data-nosnippet>\u00dea\u00f0 eina sem er \u00f6ruggt er hin formlega tengsl milli fj\u00f6gurra andlita samsetningarins og l\u00fdsingar Saxa. Leszek S\u0142upecki fjalla\u00f0i \u00ed \u00abSlavonic <span class=\"iwg-fachbegriff\" data-tooltip=\"Samb\u00e6rilegt vi\u00f0 hei\u00f0i\u00f0; sem tilheyrir tr\u00fa fyrir kristni.\" tabindex=\"0\">Pagan<\/span> Sanctuaries\u00bb (Varsj\u00e1 1994) um Zbru\u010d-<span class=\"iwg-fachbegriff\" data-tooltip=\"Mynd e\u00f0a l\u00edkneski sem er d\u00fdrka\u00f0 sem heilagt.\" tabindex=\"0\">skur\u00f0go\u00f0i\u00f0<\/span> og \u00f6nnur slavnesk gu\u00f0al\u00edkneski \u00ed samanbur\u00f0i og benti \u00e1 almenna merkingu margra h\u00f6f\u00f0a \u00ed slavneskri gu\u00f0a-<span class=\"iwg-fachbegriff\" data-tooltip=\"Fr\u00e6\u00f0igrein um myndefni og merkingu \u00feess.\" tabindex=\"0\">helgimyndafr\u00e6\u00f0i<\/span>.<\/span><\/p>\t\t\t\t\t\t\t\t<\/div>\n\t\t\t\t<\/div>\n\t\t<div class=\"elementor-element elementor-element-44c1ed8 e-con-full e-flex e-con e-child\" data-id=\"44c1ed8\" data-element_type=\"container\" data-e-type=\"container\">\n\t\t\t\t<div class=\"elementor-element elementor-element-fb9ac7e elementor-widget elementor-widget-heading\" data-id=\"fb9ac7e\" data-element_type=\"widget\" data-e-type=\"widget\" data-widget_type=\"heading.default\">\n\t\t\t\t\t<h2 class=\"elementor-heading-title elementor-size-default\">A\u00f0rir margra h\u00f6f\u00f0a gu\u00f0ir vestur-slavneskra \u00fej\u00f3\u00f0a vi\u00f0 Eystrasalti\u00f0<\/h2>\t\t\t\t<\/div>\n\t\t\t\t<div class=\"elementor-element elementor-element-9d16e33 elementor-widget elementor-widget-text-editor\" data-id=\"9d16e33\" data-element_type=\"widget\" data-e-type=\"widget\" data-widget_type=\"text-editor.default\">\n\t\t\t\t\t\t\t\t\t<p>Auk Sventovid d\u00fdrku\u00f0u vestur-slavneskar \u00fej\u00f3\u00f0ir vi\u00f0 Eystrasalti\u00f0 a\u00f0ra gu\u00f0i me\u00f0 m\u00f6rgum h\u00f6f\u00f0um. Triglav (\u00ferj\u00fa h\u00f6fu\u00f0) var d\u00fdrka\u00f0ur \u00ed Stettin (n\u00fa Szczecin) og \u00ed Brandenburg; helsta helgista\u00f0ur hans \u00ed Stettin var ey\u00f0ilag\u00f0ur \u00e1 12. \u00f6ld af biskupi Otto af Bamberg.<\/p><p>Svarozhich (sonur Svarogs) haf\u00f0i <span class=\"iwg-fachbegriff\" data-tooltip=\"Heilagur sta\u00f0ur tileinka\u00f0ur d\u00fdrkun gu\u00f0s.\" tabindex=\"0\">helgista\u00f0<\/span> \u00ed Rethra (m\u00f6gulega \u00ed n\u00faverandi Mecklenburg), sem Adam fr\u00e1 Bremen og Thietmar fr\u00e1 Merseburg l\u00fdsa. Rugievit (sj\u00f6 h\u00f6fu\u00f0) og Porevit (fimm h\u00f6fu\u00f0) voru einnig d\u00fdrka\u00f0ir \u00e1 R\u00fcgen, \u00ed Garz e\u00f0a Charenza; helgista\u00f0ir \u00feeirra voru ey\u00f0ilag\u00f0ir \u00e1ri\u00f0 1168 samt\u00edmis Arkona.<\/p>\n<p>Hin mikla sam\u00fej\u00f6ppun gu\u00f0a me\u00f0 m\u00f6rgum h\u00f6f\u00f0um me\u00f0al vestur-slavneskra \u00fej\u00f3\u00f0a vi\u00f0 Eystrasalti\u00f0 er s\u00e9rkenni \u00feessa sv\u00e6\u00f0is. Austur-slavnesk hef\u00f0 \u00feekkir ekkert samb\u00e6rilegt fyrirb\u00e6ri; <span class=\"iwg-fachbegriff\" data-tooltip=\"Heild gu\u00f0a innan tr\u00faarbrag\u00f0a e\u00f0a menningar.\" tabindex=\"0\">go\u00f0aveldi<\/span> Vladim\u00edrs \u00ed K\u00e6nugar\u00f0s-R\u00fas s\u00fdnir gu\u00f0i me\u00f0 einu h\u00f6f\u00f0i hvern. Margra h\u00f6f\u00f0a fyrirb\u00e6ri\u00f0 er \u00feannig s\u00e9rkenni vestur-slavnesk-balt\u00edsks sv\u00e6\u00f0is sem ber a\u00f0 t\u00falka sem eigin tr\u00faarlega hef\u00f0 \u00ed tr\u00faarbrag\u00f0as\u00f6gulegu samhengi.<\/p>\t\t\t\t\t\t\t\t<\/div>\n\t\t\t\t<\/div>\n\t\t<div class=\"elementor-element elementor-element-a696ddb e-con-full e-flex e-con e-child\" data-id=\"a696ddb\" data-element_type=\"container\" data-e-type=\"container\">\n\t\t\t\t<div class=\"elementor-element elementor-element-5e2b95b elementor-widget elementor-widget-heading\" data-id=\"5e2b95b\" data-element_type=\"widget\" data-e-type=\"widget\" data-widget_type=\"heading.default\">\n\t\t\t\t\t<h2 class=\"elementor-heading-title elementor-size-default\">Hestasp\u00e1d\u00f3mshef\u00f0in<\/h2>\t\t\t\t<\/div>\n\t\t\t\t<div class=\"elementor-element elementor-element-42259d6 elementor-widget elementor-widget-text-editor\" data-id=\"42259d6\" data-element_type=\"widget\" data-e-type=\"widget\" data-widget_type=\"text-editor.default\">\n\t\t\t\t\t\t\t\t\t<p>Hesta-<span class=\"iwg-fachbegriff\" data-tooltip=\"Sta\u00f0ur e\u00f0a stofnun \u00fear sem leita\u00f0 er gu\u00f0legs svars.\" tabindex=\"0\">v\u00e9fr\u00e9ttin<\/span> \u00ed Arkona er s\u00f6gulega s\u00e9rstaklega \u00e1hugaver\u00f0 \u00fev\u00ed h\u00fan heldur \u00e1fram ind\u00f3evr\u00f3pskri hef\u00f0 sem er sta\u00f0fest \u00ed m\u00f6rgum \u00f6\u00f0rum menningarheimum.<\/p><p>Tacitus l\u00fdsir \u00ed \u00abGermania\u00bb, 10. kafla, svipa\u00f0ri hesta-<span class=\"iwg-fachbegriff\" data-tooltip=\"Sta\u00f0ur e\u00f0a stofnun \u00fear sem leita\u00f0 er gu\u00f0legs svars.\" tabindex=\"0\">v\u00e9fr\u00e9tt<\/span> Germana: heil\u00f6gum hv\u00edtum hestum var beitt vi\u00f0 konungskj\u00f6r og \u00e1kvar\u00f0anir um str\u00ed\u00f0, og hreyfingar \u00feeirra yfir krosslag\u00f0a spj\u00f3t voru t\u00falka\u00f0ar. Svipa\u00f0ar hesta-<span class=\"iwg-fachbegriff\" data-tooltip=\"Sta\u00f0ur e\u00f0a stofnun \u00fear sem leita\u00f0 er gu\u00f0legs svars.\" tabindex=\"0\">v\u00e9fr\u00e9ttir<\/span> eru sta\u00f0festar hj\u00e1 Sk\u00fd\u00feum, Hitt\u00edtum og persneskum t\u00f6fram\u00f6nnum (magi).<\/p>\n<p>Hippomanteia (<span class=\"iwg-fachbegriff\" data-tooltip=\"A\u00f0 lesa \u00ed t\u00e1kn til a\u00f0 skynja hi\u00f0 hulda e\u00f0a komandi.\" tabindex=\"0\">hestasp\u00e1d\u00f3mur<\/span>) er ein af elstu ind\u00f3evr\u00f3psku tr\u00faarlegu a\u00f0fer\u00f0unum. Vladimir Toporov rannsaka\u00f0i \u00feessa hef\u00f0 me\u00f0 kerfisbundnum h\u00e6tti innan ind\u00f3evr\u00f3pskrar samanbur\u00f0ar-<span class=\"iwg-fachbegriff\" data-tooltip=\"Heild go\u00f0sagna sem var\u00f0veist hafa innan menningar.\" tabindex=\"0\">go\u00f0afr\u00e6\u00f0i<\/span> og benti \u00e1 mikilv\u00e6gi hennar fyrir konungskj\u00f6r og \u00e1kvar\u00f0anir um str\u00ed\u00f0 \u00ed ind\u00f3evr\u00f3pskum samf\u00e9l\u00f6gum.<\/p><p>Sventovid-<span class=\"iwg-fachbegriff\" data-tooltip=\"Sta\u00f0ur e\u00f0a stofnun \u00fear sem leita\u00f0 er gu\u00f0legs svars.\" tabindex=\"0\">v\u00e9fr\u00e9ttin<\/span> \u00ed Arkona er \u00feannig ekki einangra\u00f0 fyrirb\u00e6ri, heldur s\u00ed\u00f0b\u00fain og einstaklega vel skjalfest \u00fatg\u00e1fa af v\u00ed\u00f0t\u00e6ku tr\u00faarlegu fyrirb\u00e6ri.<\/p>\t\t\t\t\t\t\t\t<\/div>\n\t\t\t\t<\/div>\n\t\t<div class=\"elementor-element elementor-element-ccc5cf3 e-con-full e-flex e-con e-child\" data-id=\"ccc5cf3\" data-element_type=\"container\" data-e-type=\"container\">\n\t\t\t\t<div class=\"elementor-element elementor-element-43f48d5 elementor-widget elementor-widget-heading\" data-id=\"43f48d5\" data-element_type=\"widget\" data-e-type=\"widget\" data-widget_type=\"heading.default\">\n\t\t\t\t\t<h2 class=\"elementor-heading-title elementor-size-default\">Efnahagslegt og p\u00f3lit\u00edskt v\u00e6gi Arkona<\/h2>\t\t\t\t<\/div>\n\t\t\t\t<div class=\"elementor-element elementor-element-513f951 elementor-widget elementor-widget-text-editor\" data-id=\"513f951\" data-element_type=\"widget\" data-e-type=\"widget\" data-widget_type=\"text-editor.default\">\n\t\t\t\t\t\t\t\t\t<p>Arkona var ekki bara tr\u00faarleg mi\u00f0st\u00f6\u00f0, heldur einnig efnahagslegt og p\u00f3lit\u00edskt st\u00f3rveldi \u00e1 vestanver\u00f0u Eystrasalti. Ranarnir, slavneski \u00e6ttb\u00e1lkurinn sem bygg\u00f0i eyjuna R\u00fcgen, stundu\u00f0u v\u00ed\u00f0t\u00e6ka siglingaverslun og r\u00edktu yfir raftverslun vi\u00f0 Eystrasalt.<\/p><p>Fj\u00e1rsj\u00f3\u00f0ur Arkona-hofsins var svo go\u00f0sagnakenndur a\u00f0 \u00fe\u00fdskar og danskar heimildir fjalla einnig um hann. Saxo l\u00fdsir gr\u00ed\u00f0arlegu magni gulls, silfurs, kl\u00e6\u00f0a og gimsteina sem l\u00e1 \u00ed fj\u00e1rhirslunni, safna\u00f0 saman \u00ed formi skatta, herfangs e\u00f0a gjafa.<\/p>\n<p><span class=\"iwg-fachbegriff\" data-tooltip=\"Bygging sem er tileinku\u00f0 d\u00fdrkun einnar e\u00f0a fleiri gu\u00f0a.\" tabindex=\"0\">Hofi\u00f0<\/span> haf\u00f0i eigin hermenn og riddarali\u00f0 (\u00ferj\u00fa hundru\u00f0 riddara samkv\u00e6mt Saxa) sem lutu \u00e6\u00f0stu stj\u00f3rn \u00e6\u00f0sta prestsins og f\u00f3ru \u00ed herna\u00f0arlei\u00f0angra \u00ed nafni gu\u00f0sins.<\/p><p>\u00deessi herna\u00f0arlega-tr\u00faarlega samtvinnun er einst\u00f6k innan slavneska sv\u00e6\u00f0isins og minnir meira \u00e1 <span class=\"iwg-fachbegriff\" data-tooltip=\"Bygging sem er tileinku\u00f0 d\u00fdrkun einnar e\u00f0a fleiri gu\u00f0a.\" tabindex=\"0\">hofr\u00edki<\/span> hinna fornu Austurlanda n\u00e6r (S\u00famer, Bab\u00fdlon) en \u00e1 <span class=\"iwg-fachbegriff\" data-tooltip=\"Heild gu\u00f0a innan tr\u00faarbrag\u00f0a e\u00f0a menningar.\" tabindex=\"0\">go\u00f0aveldis<\/span>ger\u00f0 annars sta\u00f0ar \u00ed ind\u00f3evr\u00f3pskum heimi. \u00deetta gerir Arkona a\u00f0 s\u00e9rstaklega \u00e1hugaver\u00f0u tilviki \u00ed tr\u00faarbrag\u00f0as\u00f6gu.<\/p>\t\t\t\t\t\t\t\t<\/div>\n\t\t\t\t<\/div>\n\t\t<div class=\"elementor-element elementor-element-962925c e-con-full e-flex e-con e-child\" data-id=\"962925c\" data-element_type=\"container\" data-e-type=\"container\">\n\t\t\t\t<div class=\"elementor-element elementor-element-7c896b7 elementor-widget elementor-widget-heading\" data-id=\"7c896b7\" data-element_type=\"widget\" data-e-type=\"widget\" data-widget_type=\"heading.default\">\n\t\t\t\t\t<h2 class=\"elementor-heading-title elementor-size-default\">Ey\u00f0ingin og langt\u00edma\u00e1hrif hennar<\/h2>\t\t\t\t<\/div>\n\t\t\t\t<div class=\"elementor-element elementor-element-472d6f4 elementor-widget elementor-widget-text-editor\" data-id=\"472d6f4\" data-element_type=\"widget\" data-e-type=\"widget\" data-widget_type=\"text-editor.default\">\n\t\t\t\t\t\t\t\t\t<p>Ey\u00f0ing Arkona 15. j\u00fan\u00ed 1168 af hendi danska-pommerska hersins undir stj\u00f3rn Valdimars I. og biskups Absalons marka\u00f0i endanleg endalok hei\u00f0innar tr\u00faar \u00e1 Eystrasaltssv\u00e6\u00f0inu.<\/p><p>\u00de\u00f3tt a\u00f0rir vestur-slavneskir gu\u00f0ir (Triglav \u00ed Stettin, Svarozhich \u00ed Rethra) hef\u00f0u horfi\u00f0 \u00e1ratugum fyrr, var Arkona s\u00ed\u00f0asta st\u00f3ra hei\u00f0na virki\u00f0 \u00ed Mi\u00f0-Evr\u00f3pu. Ey\u00f0ing hennar er \u00ed danskri sagnaritun talin til t\u00edmam\u00f3tavi\u00f0bur\u00f0ar og markar s\u00f6guleg vatnaskil: me\u00f0 Arkona lauk slavneskri hei\u00f0inni tr\u00faari\u00f0kun sem opinberri i\u00f0kun.<\/p>\n<p>\u00c1 n\u00e6stu \u00e1ratugum voru \u00edb\u00faar Rani-sv\u00e6\u00f0isins kristna\u00f0ir me\u00f0 valdi. Eyjan R\u00fcgen var l\u00f6g\u00f0 undir biskupsd\u00e6mi\u00f0 \u00ed Roskilde og s\u00ed\u00f0ar biskupsd\u00e6mi\u00f0 \u00ed Schwerin.<\/p><p>Fram til 15. aldar h\u00e9lst ranneska tungum\u00e1li\u00f0 \u00e1 l\u00edfi \u00e1 sumum st\u00f6\u00f0um en d\u00f3 s\u00ed\u00f0an alveg \u00fat og v\u00edkka\u00f0i fyrir \u00fe\u00fdsku. Hei\u00f0in tr\u00fa lif\u00f0i \u00e1fram \u00ed leifum \u00ed nokkrum \u00fej\u00f3\u00f0h\u00e1ttum en haf\u00f0i ekki lengur neitt stofnanabundi\u00f0 form.<\/p>\t\t\t\t\t\t\t\t<\/div>\n\t\t\t\t<\/div>\n\t\t<div class=\"elementor-element elementor-element-36bf597 e-con-full e-flex e-con e-child\" data-id=\"36bf597\" data-element_type=\"container\" data-e-type=\"container\">\n\t\t\t\t<div class=\"elementor-element elementor-element-0ab17ea elementor-widget elementor-widget-heading\" data-id=\"0ab17ea\" data-element_type=\"widget\" data-e-type=\"widget\" data-widget_type=\"heading.default\">\n\t\t\t\t\t<h2 class=\"elementor-heading-title elementor-size-default\">Sventovid \u00ed n\u00fat\u00edmavitund<\/h2>\t\t\t\t<\/div>\n\t\t\t\t<div class=\"elementor-element elementor-element-3dcb598 elementor-widget elementor-widget-text-editor\" data-id=\"3dcb598\" data-element_type=\"widget\" data-e-type=\"widget\" data-widget_type=\"text-editor.default\">\n\t\t\t\t\t\t\t\t\t<p>Me\u00f0 uppgangi slavneskrar \u00fej\u00f3\u00f0ernisr\u00f3mant\u00edkur \u00e1 19. \u00f6ld var\u00f0 Sventovid a\u00f0 samsemdart\u00e1kni. T\u00e9kkneskir, p\u00f3lskir og \u00fakra\u00ednskir rith\u00f6fundar v\u00edsu\u00f0u til hans sem <span class=\"iwg-fachbegriff\" data-tooltip=\"Merki sem stendur fyrir hugmynd e\u00f0a merkingu.\" tabindex=\"0\">t\u00e1kn<\/span> fyrir sj\u00e1lfst\u00e6\u00f0a slavneska h\u00e1st\u00e9tt sem ey\u00f0il\u00f6g\u00f0 var af \u00fe\u00fdskri og danskri \u00fat\u00feenslu.<\/p><p>Joseph Koll\u00e1r, Aleksander Br\u00fcckner og a\u00f0rir pan-slavneskir hugsu\u00f0ir hafa \u00edtreka\u00f0 fjalla\u00f0 um Sventovid \u00ed verkum s\u00ednum. \u00cd samt\u00edma Rodnoverie- og n\u00fdhei\u00f0inni hreyfingunni er Sventovid ein af mikilv\u00e6gustu h\u00f6fu\u00f0go\u00f0um hins endurbygg\u00f0a pantheons, oft settur fram sem pan-slavneskt h\u00f6fu\u00f0gu\u00f0.<\/p>\n<p>\u00cd dag er Arkona fornleifagar\u00f0ur og eitt af vins\u00e6lustu menningars\u00f6gulegu st\u00f6\u00f0um R\u00fcgen. Vitarnir \u00e1 Kap Arkona standa \u00e1 fyrrum hei\u00f0nu sv\u00e6\u00f0inu; leifar borgarvallarins eru a\u00f0 hluta a\u00f0gengilegar. \u00deeir sem l\u00edta fr\u00e1 bjargbr\u00faninni yfir Eystrasalti\u00f0 sj\u00e1 sta\u00f0inn \u00fear sem s\u00ed\u00f0asta hei\u00f0na v\u00edgi Mi\u00f0-Evr\u00f3pu var ey\u00f0ilagt \u00e1ri\u00f0 1168.<\/p>\t\t\t\t\t\t\t\t<\/div>\n\t\t\t\t<\/div>\n\t\t\t\t\t<\/div>\n\t\t\t\t<\/div>\n\t\t\t\t<\/div>\n\t\t","protected":false},"excerpt":{"rendered":"","protected":false},"author":3,"featured_media":3270,"parent":0,"menu_order":0,"comment_status":"closed","ping_status":"closed","template":"elementor_header_footer","meta":{"_yoast_wpseo_focuskw":"Sventovid","_yoast_wpseo_title":"Sventovid \u2013 a\u00f0algu\u00f0 vestur-slava | iWell Guard","_yoast_wpseo_metadesc":"Sventovid er fj\u00f3rh\u00f6f\u00f0a a\u00f0algu\u00f0 vestur-slava, verndargu\u00f0 eyjunnar R\u00fcgen og gu\u00f0 sem t\u00e1knar b\u00e6\u00f0i str\u00ed\u00f0 og fri\u00f0.","_yoast_wpseo_meta-robots-noindex":"","_yoast_wpseo_canonical":"","_angie_page":false,"gefaehrdungsstufe":"","wesen_kultur":"","wesen_klasse":"","footnotes":""},"categories":[],"class_list":["post-169093","page","type-page","status-publish","has-post-thumbnail","hentry"],"yoast_head":"<!-- This site is optimized with the Yoast SEO Premium plugin v27.7 (Yoast SEO v28.3) - https:\/\/yoast.com\/product\/yoast-seo-premium-wordpress\/ -->\n<title>Sventovid \u2013 a\u00f0algu\u00f0 vestur-slava | iWell Guard<\/title>\n<meta name=\"description\" content=\"Sventovid er fj\u00f3rh\u00f6f\u00f0a a\u00f0algu\u00f0 vestur-slava, verndargu\u00f0 eyjunnar R\u00fcgen og gu\u00f0 sem t\u00e1knar b\u00e6\u00f0i str\u00ed\u00f0 og fri\u00f0.\" \/>\n<meta name=\"robots\" content=\"index, follow, max-snippet:-1, max-image-preview:large, max-video-preview:-1\" \/>\n<link rel=\"canonical\" href=\"https:\/\/iwell-guard.com\/is\/sventovid\/\" \/>\n<meta property=\"og:locale\" content=\"is_IS\" \/>\n<meta property=\"og:type\" content=\"article\" \/>\n<meta property=\"og:title\" content=\"Sventovid\" \/>\n<meta property=\"og:description\" content=\"Sventovid er fj\u00f3rh\u00f6f\u00f0a a\u00f0algu\u00f0 vestur-slava, verndargu\u00f0 eyjunnar R\u00fcgen og gu\u00f0 sem t\u00e1knar b\u00e6\u00f0i str\u00ed\u00f0 og fri\u00f0.\" \/>\n<meta property=\"og:url\" content=\"https:\/\/iwell-guard.com\/is\/sventovid\/\" \/>\n<meta property=\"og:site_name\" content=\"iWell Guard\" \/>\n<meta property=\"article:modified_time\" content=\"2026-09-05T14:32:05+00:00\" \/>\n<meta property=\"og:image\" content=\"https:\/\/iwell-guard.com\/wp-content\/uploads\/2026\/05\/goetter_slawisch_sventovid-1.webp\" \/>\n\t<meta property=\"og:image:width\" content=\"1024\" \/>\n\t<meta property=\"og:image:height\" content=\"1536\" \/>\n\t<meta property=\"og:image:type\" content=\"image\/webp\" \/>\n<meta name=\"twitter:card\" content=\"summary_large_image\" \/>\n<script type=\"application\/ld+json\" class=\"yoast-schema-graph\">{\"@context\":\"https:\\\/\\\/schema.org\",\"@graph\":[{\"@type\":\"WebPage\",\"@id\":\"https:\\\/\\\/iwell-guard.com\\\/is\\\/sventovid\\\/\",\"url\":\"https:\\\/\\\/iwell-guard.com\\\/is\\\/sventovid\\\/\",\"name\":\"Sventovid \u2013 a\u00f0algu\u00f0 vestur-slava | iWell Guard\",\"isPartOf\":{\"@id\":\"https:\\\/\\\/iwell-guard.com\\\/is\\\/#website\"},\"primaryImageOfPage\":{\"@id\":\"https:\\\/\\\/iwell-guard.com\\\/is\\\/sventovid\\\/#primaryimage\"},\"image\":{\"@id\":\"https:\\\/\\\/iwell-guard.com\\\/is\\\/sventovid\\\/#primaryimage\"},\"thumbnailUrl\":\"https:\\\/\\\/iwell-guard.com\\\/wp-content\\\/uploads\\\/2026\\\/05\\\/goetter_slawisch_sventovid-1.webp\",\"datePublished\":\"2026-09-05T14:05:31+00:00\",\"dateModified\":\"2026-09-05T14:32:05+00:00\",\"description\":\"Sventovid er fj\u00f3rh\u00f6f\u00f0a a\u00f0algu\u00f0 vestur-slava, verndargu\u00f0 eyjunnar R\u00fcgen og gu\u00f0 sem t\u00e1knar b\u00e6\u00f0i str\u00ed\u00f0 og fri\u00f0.\",\"breadcrumb\":{\"@id\":\"https:\\\/\\\/iwell-guard.com\\\/is\\\/sventovid\\\/#breadcrumb\"},\"inLanguage\":\"is\",\"potentialAction\":[{\"@type\":\"ReadAction\",\"target\":[\"https:\\\/\\\/iwell-guard.com\\\/is\\\/sventovid\\\/\"]}]},{\"@type\":\"ImageObject\",\"inLanguage\":\"is\",\"@id\":\"https:\\\/\\\/iwell-guard.com\\\/is\\\/sventovid\\\/#primaryimage\",\"url\":\"https:\\\/\\\/iwell-guard.com\\\/wp-content\\\/uploads\\\/2026\\\/05\\\/goetter_slawisch_sventovid-1.webp\",\"contentUrl\":\"https:\\\/\\\/iwell-guard.com\\\/wp-content\\\/uploads\\\/2026\\\/05\\\/goetter_slawisch_sventovid-1.webp\",\"width\":1024,\"height\":1536,\"caption\":\"Gu\u00f0ir \u00far slavneskri hef\u00f0.\"},{\"@type\":\"BreadcrumbList\",\"@id\":\"https:\\\/\\\/iwell-guard.com\\\/is\\\/sventovid\\\/#breadcrumb\",\"itemListElement\":[{\"@type\":\"ListItem\",\"position\":1,\"name\":\"Start\",\"item\":\"https:\\\/\\\/iwell-guard.com\\\/is\\\/?page_id=168580\"},{\"@type\":\"ListItem\",\"position\":2,\"name\":\"Sventovid\"}]},{\"@type\":\"WebSite\",\"@id\":\"https:\\\/\\\/iwell-guard.com\\\/is\\\/#website\",\"url\":\"https:\\\/\\\/iwell-guard.com\\\/is\\\/\",\"name\":\"iWell Guard\",\"description\":\"Schutz vor dunklen Einfl\u00fcssen\",\"publisher\":{\"@id\":\"https:\\\/\\\/iwell-guard.com\\\/is\\\/#organization\"},\"potentialAction\":[{\"@type\":\"SearchAction\",\"target\":{\"@type\":\"EntryPoint\",\"urlTemplate\":\"https:\\\/\\\/iwell-guard.com\\\/is\\\/?s={search_term_string}\"},\"query-input\":{\"@type\":\"PropertyValueSpecification\",\"valueRequired\":true,\"valueName\":\"search_term_string\"}}],\"inLanguage\":\"is\"},{\"@type\":\"Organization\",\"@id\":\"https:\\\/\\\/iwell-guard.com\\\/is\\\/#organization\",\"name\":\"Ittermann electronic GmbH\",\"url\":\"https:\\\/\\\/iwell-guard.com\\\/is\\\/\",\"logo\":{\"@type\":\"ImageObject\",\"inLanguage\":\"is\",\"@id\":\"https:\\\/\\\/iwell-guard.com\\\/is\\\/#\\\/schema\\\/logo\\\/image\\\/\",\"url\":\"https:\\\/\\\/iwell-guard.com\\\/wp-content\\\/uploads\\\/2026\\\/05\\\/Ittermann-Logo-1182x237-1.png\",\"contentUrl\":\"https:\\\/\\\/iwell-guard.com\\\/wp-content\\\/uploads\\\/2026\\\/05\\\/Ittermann-Logo-1182x237-1.png\",\"width\":1182,\"height\":237,\"caption\":\"Ittermann electronic GmbH\"},\"image\":{\"@id\":\"https:\\\/\\\/iwell-guard.com\\\/is\\\/#\\\/schema\\\/logo\\\/image\\\/\"},\"sameAs\":[\"https:\\\/\\\/pantip.com\\\/profile\\\/9367242\",\"https:\\\/\\\/micro.blog\\\/iwellguard\",\"https:\\\/\\\/www.diggerslist.com\\\/iwellguard\\\/about\",\"https:\\\/\\\/skitterphoto.com\\\/photographers\\\/2870314\\\/iwell-guard\",\"https:\\\/\\\/iwellguard.wordpress.com\\\/2026\\\/06\\\/06\\\/iwell-guard\\\/\",\"https:\\\/\\\/hub.docker.com\\\/u\\\/iwellguard\",\"https:\\\/\\\/www.pinterest.com\\\/iwellguard\\\/\",\"https:\\\/\\\/bit.ly\\\/m\\\/iwellguard\",\"https:\\\/\\\/entre-vos-mains.alsace.eu\\\/profiles\\\/iwellguard\\\/activity\",\"https:\\\/\\\/gravatar.com\\\/reallybeded8fd34\",\"https:\\\/\\\/naijamatta.com\\\/iwellguard\",\"https:\\\/\\\/www.goodreads.com\\\/iwellguard\",\"https:\\\/\\\/profile.hatena.ne.jp\\\/iwellguard\\\/\",\"https:\\\/\\\/experiment.com\\\/users\\\/iwellguard\",\"https:\\\/\\\/wakelet.com\\\/@iWellGuard82270\",\"https:\\\/\\\/www.chordie.com\\\/forum\\\/profile.php?id=2555664\",\"https:\\\/\\\/www.instapaper.com\\\/p\\\/17757966\",\"https:\\\/\\\/www.mapleprimes.com\\\/users\\\/iwellguard\",\"https:\\\/\\\/businesslistingplus.com\\\/profile\\\/iwell-guard\\\/\",\"https:\\\/\\\/telegra.ph\\\/iWell-Guard-06-06\",\"https:\\\/\\\/pbase.com\\\/iwellguard\\\/iwellguard\",\"https:\\\/\\\/b.hatena.ne.jp\\\/iwellguard\\\/20260607#bookmark-4788405196491818882\",\"https:\\\/\\\/fliphtml5.com\\\/home\\\/iwellguard\",\"https:\\\/\\\/anyflip.com\\\/homepage\\\/cmiwl#About\",\"https:\\\/\\\/transfur.com\\\/Users\\\/iwellguard\",\"http:\\\/\\\/delphi.larsbo.org\\\/user\\\/iwellguard\",\"https:\\\/\\\/jobs.lajobsportal.org\\\/profiles\\\/8380803-iwell-guard\",\"https:\\\/\\\/md.chaosdorf.de\\\/s\\\/jfbe5SBdJD\",\"https:\\\/\\\/www.lingvolive.com\\\/en-us\\\/profile\\\/9ecaeaca-ce11-4e51-9e71-01d55e2bff36\\\/translations\",\"https:\\\/\\\/www.fitday.com\\\/fitness\\\/forums\\\/members\\\/iwellguard.html\",\"https:\\\/\\\/www.mymeetbook.com\\\/iwellguard\",\"https:\\\/\\\/pxhere.com\\\/en\\\/photographer-me\\\/5040798\",\"https:\\\/\\\/disqus.com\\\/by\\\/iwellguard\\\/about\\\/\",\"https:\\\/\\\/pastelink.net\\\/hjwciqwq\",\"https:\\\/\\\/pubhtml5.com\\\/homepage\\\/scjhn\\\/\",\"https:\\\/\\\/www.bitchute.com\\\/channel\\\/2O2eOKzNqujT\",\"https:\\\/\\\/audiomack.com\\\/iwellguard\"]}]}<\/script>\n<!-- \/ Yoast SEO Premium plugin. -->","yoast_head_json":{"title":"Sventovid \u2013 a\u00f0algu\u00f0 vestur-slava | iWell Guard","description":"Sventovid er fj\u00f3rh\u00f6f\u00f0a a\u00f0algu\u00f0 vestur-slava, verndargu\u00f0 eyjunnar R\u00fcgen og gu\u00f0 sem t\u00e1knar b\u00e6\u00f0i str\u00ed\u00f0 og fri\u00f0.","robots":{"index":"index","follow":"follow","max-snippet":"max-snippet:-1","max-image-preview":"max-image-preview:large","max-video-preview":"max-video-preview:-1"},"canonical":"https:\/\/iwell-guard.com\/is\/sventovid\/","og_locale":"is_IS","og_type":"article","og_title":"Sventovid","og_description":"Sventovid er fj\u00f3rh\u00f6f\u00f0a a\u00f0algu\u00f0 vestur-slava, verndargu\u00f0 eyjunnar R\u00fcgen og gu\u00f0 sem t\u00e1knar b\u00e6\u00f0i str\u00ed\u00f0 og fri\u00f0.","og_url":"https:\/\/iwell-guard.com\/is\/sventovid\/","og_site_name":"iWell Guard","article_modified_time":"2026-09-05T14:32:05+00:00","og_image":[{"width":1024,"height":1536,"url":"https:\/\/iwell-guard.com\/wp-content\/uploads\/2026\/05\/goetter_slawisch_sventovid-1.webp","type":"image\/webp"}],"twitter_card":"summary_large_image","schema":{"@context":"https:\/\/schema.org","@graph":[{"@type":"WebPage","@id":"https:\/\/iwell-guard.com\/is\/sventovid\/","url":"https:\/\/iwell-guard.com\/is\/sventovid\/","name":"Sventovid \u2013 a\u00f0algu\u00f0 vestur-slava | iWell Guard","isPartOf":{"@id":"https:\/\/iwell-guard.com\/is\/#website"},"primaryImageOfPage":{"@id":"https:\/\/iwell-guard.com\/is\/sventovid\/#primaryimage"},"image":{"@id":"https:\/\/iwell-guard.com\/is\/sventovid\/#primaryimage"},"thumbnailUrl":"https:\/\/iwell-guard.com\/wp-content\/uploads\/2026\/05\/goetter_slawisch_sventovid-1.webp","datePublished":"2026-09-05T14:05:31+00:00","dateModified":"2026-09-05T14:32:05+00:00","description":"Sventovid er fj\u00f3rh\u00f6f\u00f0a a\u00f0algu\u00f0 vestur-slava, verndargu\u00f0 eyjunnar R\u00fcgen og gu\u00f0 sem t\u00e1knar b\u00e6\u00f0i str\u00ed\u00f0 og fri\u00f0.","breadcrumb":{"@id":"https:\/\/iwell-guard.com\/is\/sventovid\/#breadcrumb"},"inLanguage":"is","potentialAction":[{"@type":"ReadAction","target":["https:\/\/iwell-guard.com\/is\/sventovid\/"]}]},{"@type":"ImageObject","inLanguage":"is","@id":"https:\/\/iwell-guard.com\/is\/sventovid\/#primaryimage","url":"https:\/\/iwell-guard.com\/wp-content\/uploads\/2026\/05\/goetter_slawisch_sventovid-1.webp","contentUrl":"https:\/\/iwell-guard.com\/wp-content\/uploads\/2026\/05\/goetter_slawisch_sventovid-1.webp","width":1024,"height":1536,"caption":"Gu\u00f0ir \u00far slavneskri hef\u00f0."},{"@type":"BreadcrumbList","@id":"https:\/\/iwell-guard.com\/is\/sventovid\/#breadcrumb","itemListElement":[{"@type":"ListItem","position":1,"name":"Start","item":"https:\/\/iwell-guard.com\/is\/?page_id=168580"},{"@type":"ListItem","position":2,"name":"Sventovid"}]},{"@type":"WebSite","@id":"https:\/\/iwell-guard.com\/is\/#website","url":"https:\/\/iwell-guard.com\/is\/","name":"iWell Guard","description":"Schutz vor dunklen Einfl\u00fcssen","publisher":{"@id":"https:\/\/iwell-guard.com\/is\/#organization"},"potentialAction":[{"@type":"SearchAction","target":{"@type":"EntryPoint","urlTemplate":"https:\/\/iwell-guard.com\/is\/?s={search_term_string}"},"query-input":{"@type":"PropertyValueSpecification","valueRequired":true,"valueName":"search_term_string"}}],"inLanguage":"is"},{"@type":"Organization","@id":"https:\/\/iwell-guard.com\/is\/#organization","name":"Ittermann electronic GmbH","url":"https:\/\/iwell-guard.com\/is\/","logo":{"@type":"ImageObject","inLanguage":"is","@id":"https:\/\/iwell-guard.com\/is\/#\/schema\/logo\/image\/","url":"https:\/\/iwell-guard.com\/wp-content\/uploads\/2026\/05\/Ittermann-Logo-1182x237-1.png","contentUrl":"https:\/\/iwell-guard.com\/wp-content\/uploads\/2026\/05\/Ittermann-Logo-1182x237-1.png","width":1182,"height":237,"caption":"Ittermann electronic GmbH"},"image":{"@id":"https:\/\/iwell-guard.com\/is\/#\/schema\/logo\/image\/"},"sameAs":["https:\/\/pantip.com\/profile\/9367242","https:\/\/micro.blog\/iwellguard","https:\/\/www.diggerslist.com\/iwellguard\/about","https:\/\/skitterphoto.com\/photographers\/2870314\/iwell-guard","https:\/\/iwellguard.wordpress.com\/2026\/06\/06\/iwell-guard\/","https:\/\/hub.docker.com\/u\/iwellguard","https:\/\/www.pinterest.com\/iwellguard\/","https:\/\/bit.ly\/m\/iwellguard","https:\/\/entre-vos-mains.alsace.eu\/profiles\/iwellguard\/activity","https:\/\/gravatar.com\/reallybeded8fd34","https:\/\/naijamatta.com\/iwellguard","https:\/\/www.goodreads.com\/iwellguard","https:\/\/profile.hatena.ne.jp\/iwellguard\/","https:\/\/experiment.com\/users\/iwellguard","https:\/\/wakelet.com\/@iWellGuard82270","https:\/\/www.chordie.com\/forum\/profile.php?id=2555664","https:\/\/www.instapaper.com\/p\/17757966","https:\/\/www.mapleprimes.com\/users\/iwellguard","https:\/\/businesslistingplus.com\/profile\/iwell-guard\/","https:\/\/telegra.ph\/iWell-Guard-06-06","https:\/\/pbase.com\/iwellguard\/iwellguard","https:\/\/b.hatena.ne.jp\/iwellguard\/20260607#bookmark-4788405196491818882","https:\/\/fliphtml5.com\/home\/iwellguard","https:\/\/anyflip.com\/homepage\/cmiwl#About","https:\/\/transfur.com\/Users\/iwellguard","http:\/\/delphi.larsbo.org\/user\/iwellguard","https:\/\/jobs.lajobsportal.org\/profiles\/8380803-iwell-guard","https:\/\/md.chaosdorf.de\/s\/jfbe5SBdJD","https:\/\/www.lingvolive.com\/en-us\/profile\/9ecaeaca-ce11-4e51-9e71-01d55e2bff36\/translations","https:\/\/www.fitday.com\/fitness\/forums\/members\/iwellguard.html","https:\/\/www.mymeetbook.com\/iwellguard","https:\/\/pxhere.com\/en\/photographer-me\/5040798","https:\/\/disqus.com\/by\/iwellguard\/about\/","https:\/\/pastelink.net\/hjwciqwq","https:\/\/pubhtml5.com\/homepage\/scjhn\/","https:\/\/www.bitchute.com\/channel\/2O2eOKzNqujT","https:\/\/audiomack.com\/iwellguard"]}]}},"_links":{"self":[{"href":"https:\/\/iwell-guard.com\/is\/wp-json\/wp\/v2\/pages\/169093","targetHints":{"allow":["GET"]}}],"collection":[{"href":"https:\/\/iwell-guard.com\/is\/wp-json\/wp\/v2\/pages"}],"about":[{"href":"https:\/\/iwell-guard.com\/is\/wp-json\/wp\/v2\/types\/page"}],"author":[{"embeddable":true,"href":"https:\/\/iwell-guard.com\/is\/wp-json\/wp\/v2\/users\/3"}],"replies":[{"embeddable":true,"href":"https:\/\/iwell-guard.com\/is\/wp-json\/wp\/v2\/comments?post=169093"}],"version-history":[{"count":0,"href":"https:\/\/iwell-guard.com\/is\/wp-json\/wp\/v2\/pages\/169093\/revisions"}],"wp:featuredmedia":[{"embeddable":true,"href":"https:\/\/iwell-guard.com\/is\/wp-json\/wp\/v2\/media\/3270"}],"wp:attachment":[{"href":"https:\/\/iwell-guard.com\/is\/wp-json\/wp\/v2\/media?parent=169093"}],"wp:term":[{"taxonomy":"category","embeddable":true,"href":"https:\/\/iwell-guard.com\/is\/wp-json\/wp\/v2\/categories?post=169093"}],"curies":[{"name":"wp","href":"https:\/\/api.w.org\/{rel}","templated":true}]}}