{"id":169092,"date":"2026-09-05T14:05:31","date_gmt":"2026-09-05T14:05:31","guid":{"rendered":"https:\/\/iwell-guard.com\/?page_id=169092"},"modified":"2026-09-05T14:32:04","modified_gmt":"2026-09-05T14:32:04","slug":"leshy","status":"publish","type":"page","link":"https:\/\/iwell-guard.com\/is\/leshy\/","title":{"rendered":"Leshy"},"content":{"rendered":"\t\t<div data-elementor-type=\"wp-page\" data-elementor-id=\"169092\" class=\"elementor elementor-169092 elementor-3033 elementor-bc-flex-widget\" data-elementor-post-type=\"page\">\n\t\t\t\t<div class=\"elementor-element elementor-element-f5cdee0 e-flex e-con-boxed e-con e-parent\" data-id=\"f5cdee0\" data-element_type=\"container\" data-e-type=\"container\" data-settings=\"{&quot;background_background&quot;:&quot;classic&quot;}\">\n\t\t\t\t\t<div class=\"e-con-inner\">\n\t\t<div class=\"elementor-element elementor-element-fe2c2ca e-flex e-con-boxed e-con e-child\" data-id=\"fe2c2ca\" data-element_type=\"container\" data-e-type=\"container\">\n\t\t\t\t\t<div class=\"e-con-inner\">\n\t\t<div class=\"elementor-element elementor-element-58b6feb e-con-full e-flex e-con e-child\" data-id=\"58b6feb\" data-element_type=\"container\" data-e-type=\"container\">\n\t\t\t\t<div class=\"elementor-element elementor-element-df528a8 elementor-widget elementor-widget-heading\" data-id=\"df528a8\" data-element_type=\"widget\" data-e-type=\"widget\" data-widget_type=\"heading.default\">\n\t\t\t\t\t<h1 class=\"elementor-heading-title elementor-size-default\">Leshy, slavneskur sk\u00f3garandi<\/h1>\t\t\t\t<\/div>\n\t\t\t\t<div class=\"elementor-element elementor-element-fe67b5f elementor-widget elementor-widget-text-editor\" data-id=\"fe67b5f\" data-element_type=\"widget\" data-e-type=\"widget\" data-widget_type=\"text-editor.default\">\n\t\t\t\t\t\t\t\t\t<p>Leshy (einnig skrifa\u00f0 Leschij e\u00f0a Leschi) er slavneskur sk\u00f3garandi og verndari \u00f3bygg\u00f0a sem vakir yfir d\u00fdrum og trj\u00e1m s\u00edns sv\u00e6\u00f0is og getur villt vegfarendur af lei\u00f0. Leshy (r\u00fassneska \u041b\u0435\u0448\u0438\u0439, \u00fakra\u00ednska \u041b\u0456\u0441\u043e\u0432\u0438\u043a, p\u00f3lska Leszy, su\u00f0urslavneska Le\u0161nik) er \u00ed austurslavneskri \u00fej\u00f3\u00f0tr\u00fa herra sk\u00f3garins, n\u00e1tt\u00faruandi me\u00f0 tv\u00edr\u00e6\u00f0an karakter, sem r\u00e6\u00f0ur yfir trj\u00e1m, villtum d\u00fdrum og kjarrinu.<\/p><p>\u00d3l\u00edkt hinum opinberu gu\u00f0um \u00ed hringnum sex sem Vladim\u00edr setti upp tilheyrir Leshy ekki hinum gu\u00f0fr\u00e6\u00f0ilega go\u00f0aheimi K\u00e6nugar\u00f0sr\u00edkis heldur d\u00fdpra lagi \u00abl\u00e6gri <span class=\"iwg-fachbegriff\" data-tooltip=\"Heildarsafn arfleiddra go\u00f0sagna innan menningarheims.\" tabindex=\"0\">go\u00f0afr\u00e6\u00f0innar<\/span>\u00bb, \u00feeim andaheimi sk\u00f3ga, akra, flj\u00f3ta og h\u00fasa sem hefur a\u00f0 mestu leyti var\u00f0veist \u00f3brotinn \u00ed gegnum kristna t\u00edmabili\u00f0.<\/p><p>Sergej Tokarev og Vladimir Propp hafa l\u00fdst Leshy sem besta d\u00e6minu um austurslavneskan n\u00e1tt\u00farudem\u00f3n, mynd hans er endurger\u00f0 \u00far hundru\u00f0um \u00fej\u00f3\u00f0sagna og fr\u00e1sagna b\u00e6nda.<\/p>\t\t\t\t\t\t\t\t<\/div>\n\t\t\t\t<\/div>\n\t\t<div class=\"elementor-element elementor-element-c5f94d7 e-con-full e-flex e-con e-parent\" data-id=\"c5f94d7\" data-element_type=\"container\" data-e-type=\"container\">\n\t\t\t\t<div class=\"elementor-element elementor-element-57bfb66 elementor-widget elementor-widget-html\" data-id=\"57bfb66\" data-element_type=\"widget\" data-e-type=\"widget\" data-widget_type=\"html.default\">\n\t\t\t\t\t<div class=\"iwg-pill-row\"><span class=\"iwg-klasse-badge\" tabindex=\"0\" data-tooltip=\"Gu\u00f0 \/ gy\u00f0ja: Pers\u00f3nuger\u00f0 \u00e6\u00f0sta vald \u00ed go\u00f0aveldi menningar, me\u00f0 sk\u00fdrum \u00e1byrg\u00f0arsvi\u00f0um \u2014 n\u00e1tt\u00faru\u00f6fl, \u00f6rl\u00f6g, str\u00ed\u00f0, frj\u00f3semi. D\u00fdrku\u00f0 me\u00f0 helgisi\u00f0um, f\u00f3rnum og musterisstofnunum.\">Gu\u00f0<\/span><a href=\"https:\/\/iwell-guard.com\/is\/slavnesk\/\" class=\"iwg-kultur-badge\" tabindex=\"0\" data-tooltip=\"Slavnesk go\u00f0afr\u00e6\u00f0i og \u00fej\u00f3\u00f0tr\u00fa, kristnu\u00f0 fr\u00e1 10. \u00f6ld.\">Slavneskt<\/a><\/div>\t\t\t\t<\/div>\n\t\t\t\t<\/div>\n\t\t<div class=\"elementor-element elementor-element-5b2d737 e-con-full e-flex e-con e-child\" data-id=\"5b2d737\" data-element_type=\"container\" data-e-type=\"container\">\n\t\t\t\t<div class=\"elementor-element elementor-element-fad936f elementor-toc--minimized-on-tablet elementor-widget elementor-widget-table-of-contents\" data-id=\"fad936f\" data-element_type=\"widget\" data-e-type=\"widget\" data-settings=\"{&quot;exclude_headings_by_selector&quot;:[],&quot;no_headings_message&quot;:&quot;Engar undirfyrirsagnir fundust \\u00e1 \\u00feessari s\\u00ed\\u00f0u.&quot;,&quot;headings_by_tags&quot;:[&quot;h2&quot;,&quot;h3&quot;],&quot;marker_view&quot;:&quot;bullets&quot;,&quot;icon&quot;:{&quot;value&quot;:&quot;fas fa-circle&quot;,&quot;library&quot;:&quot;fa-solid&quot;,&quot;rendered_tag&quot;:&quot;&lt;svg class=\\&quot;e-font-icon-svg e-fas-circle\\&quot; viewBox=\\&quot;0 0 512 512\\&quot; xmlns=\\&quot;http:\\\/\\\/www.w3.org\\\/2000\\\/svg\\&quot;&gt;&lt;path d=\\&quot;M256 8C119 8 8 119 8 256s111 248 248 248 248-111 248-248S393 8 256 8z\\&quot;&gt;&lt;\\\/path&gt;&lt;\\\/svg&gt;&quot;},&quot;minimize_box&quot;:&quot;yes&quot;,&quot;minimized_on&quot;:&quot;tablet&quot;,&quot;hierarchical_view&quot;:&quot;yes&quot;,&quot;min_height&quot;:{&quot;unit&quot;:&quot;px&quot;,&quot;size&quot;:&quot;&quot;,&quot;sizes&quot;:[]},&quot;min_height_tablet&quot;:{&quot;unit&quot;:&quot;px&quot;,&quot;size&quot;:&quot;&quot;,&quot;sizes&quot;:[]},&quot;min_height_mobile&quot;:{&quot;unit&quot;:&quot;px&quot;,&quot;size&quot;:&quot;&quot;,&quot;sizes&quot;:[]}}\" data-widget_type=\"table-of-contents.default\">\n\t\t\t\t\t\t\t\t\t<div class=\"elementor-toc__header\">\n\t\t\t\t\t\t<h2 class=\"elementor-toc__header-title\">\n\t\t\t\tEfnisyfirlit\t\t\t<\/h2>\n\t\t\t\t\t\t\t\t\t\t<div class=\"elementor-toc__toggle-button elementor-toc__toggle-button--expand\" role=\"button\" tabindex=\"0\" aria-controls=\"elementor-toc__fad936f\" aria-expanded=\"true\" aria-label=\"Open table of contents\"><svg aria-hidden=\"true\" class=\"e-font-icon-svg e-fas-chevron-down\" viewBox=\"0 0 448 512\" xmlns=\"http:\/\/www.w3.org\/2000\/svg\"><path d=\"M207.029 381.476L12.686 187.132c-9.373-9.373-9.373-24.569 0-33.941l22.667-22.667c9.357-9.357 24.522-9.375 33.901-.04L224 284.505l154.745-154.021c9.379-9.335 24.544-9.317 33.901.04l22.667 22.667c9.373 9.373 9.373 24.569 0 33.941L240.971 381.476c-9.373 9.372-24.569 9.372-33.942 0z\"><\/path><\/svg><\/div>\n\t\t\t\t<div class=\"elementor-toc__toggle-button elementor-toc__toggle-button--collapse\" role=\"button\" tabindex=\"0\" aria-controls=\"elementor-toc__fad936f\" aria-expanded=\"true\" aria-label=\"Close table of contents\"><svg aria-hidden=\"true\" class=\"e-font-icon-svg e-fas-chevron-up\" viewBox=\"0 0 448 512\" xmlns=\"http:\/\/www.w3.org\/2000\/svg\"><path d=\"M240.971 130.524l194.343 194.343c9.373 9.373 9.373 24.569 0 33.941l-22.667 22.667c-9.357 9.357-24.522 9.375-33.901.04L224 227.495 69.255 381.516c-9.379 9.335-24.544 9.317-33.901-.04l-22.667-22.667c-9.373-9.373-9.373-24.569 0-33.941L207.03 130.525c9.372-9.373 24.568-9.373 33.941-.001z\"><\/path><\/svg><\/div>\n\t\t\t\t\t<\/div>\n\t\t\t\t<div id=\"elementor-toc__fad936f\" class=\"elementor-toc__body\">\n\t\t\t<div class=\"elementor-toc__spinner-container\">\n\t\t\t\t<svg class=\"elementor-toc__spinner eicon-animation-spin e-font-icon-svg e-eicon-loading\" aria-hidden=\"true\" viewBox=\"0 0 1000 1000\" xmlns=\"http:\/\/www.w3.org\/2000\/svg\"><path d=\"M500 975V858C696 858 858 696 858 500S696 142 500 142 142 304 142 500H25C25 237 238 25 500 25S975 237 975 500 763 975 500 975Z\"><\/path><\/svg>\t\t\t<\/div>\n\t\t<\/div>\n\t\t\t\t\t\t<\/div>\n\t\t\t\t<\/div>\n\t\t\t\t\t<\/div>\n\t\t\t\t<\/div>\n\t\t<div class=\"elementor-element elementor-element-c144d3b e-con-full e-flex e-con e-child\" data-id=\"c144d3b\" data-element_type=\"container\" data-e-type=\"container\">\n\t\t\t\t<div class=\"elementor-element elementor-element-18dc338 iwg-hero-image elementor-widget elementor-widget-image\" data-id=\"18dc338\" data-element_type=\"widget\" data-e-type=\"widget\" data-widget_type=\"image.default\">\n\t\t\t\t\t\t\t\t\t\t\t\t\t\t\t<img fetchpriority=\"high\" decoding=\"async\" width=\"683\" height=\"1024\" src=\"https:\/\/iwell-guard.com\/wp-content\/uploads\/2026\/05\/goetter_slawisch_leshy-683x1024.webp\" class=\"attachment-large size-large wp-image-170688\" alt=\"Leshy - gu\u00f0ir \u00far slavneskri hef\u00f0, s\u00f6guleg-myndskreytandi framsetning\" srcset=\"https:\/\/iwell-guard.com\/wp-content\/uploads\/2026\/05\/goetter_slawisch_leshy-683x1024.webp 683w, https:\/\/iwell-guard.com\/wp-content\/uploads\/2026\/05\/goetter_slawisch_leshy-200x300.webp 200w, https:\/\/iwell-guard.com\/wp-content\/uploads\/2026\/05\/goetter_slawisch_leshy-768x1152.webp 768w, https:\/\/iwell-guard.com\/wp-content\/uploads\/2026\/05\/goetter_slawisch_leshy.webp 1024w\" sizes=\"(max-width: 683px) 100vw, 683px\" \/>\t\t\t\t\t\t\t\t\t\t\t\t\t\t\t<\/div>\n\t\t\t\t<\/div>\n\t\t\t\t\t<\/div>\n\t\t\t\t<\/div>\n\t\t<div class=\"elementor-element elementor-element-0b98460 e-con-boxed e-flex e-con e-parent\" data-id=\"0b98460\" data-element_type=\"container\" data-e-type=\"container\">\n\t\t\t\t\t<div class=\"e-con-inner\">\n\t\t<div class=\"elementor-element elementor-element-915ac28 e-con-full e-flex e-con e-child\" data-id=\"915ac28\" data-element_type=\"container\" data-e-type=\"container\">\n\t\t\t\t<div class=\"elementor-element elementor-element-42b53fc elementor-widget elementor-widget-heading\" data-id=\"42b53fc\" data-element_type=\"widget\" data-e-type=\"widget\" data-widget_type=\"heading.default\">\n\t\t\t\t\t<h2 class=\"elementor-heading-title elementor-size-default\">Nafn og or\u00f0sifjar<\/h2>\t\t\t\t<\/div>\n\t\t\t\t<div class=\"elementor-element elementor-element-b21db8b elementor-widget elementor-widget-text-editor\" data-id=\"b21db8b\" data-element_type=\"widget\" data-e-type=\"widget\" data-widget_type=\"text-editor.default\">\n\t\t\t\t\t\t\t\t\t<p>Nafni\u00f0 \u00abLeshy\u00bb (\u041b\u0435\u0448\u0438\u0439) er dregi\u00f0 af fornr\u00fassneska or\u00f0inu \u00ables\u00bb (sk\u00f3gur) og \u00fe\u00fd\u00f0ir or\u00f0r\u00e9tt \u00abhinn sem tilheyrir sk\u00f3ginum\u00bb. Samheiti eru \u00abLesovik\u00bb, \u00abLesnik\u00bb, \u00abLesnoj djed\u00bb (sk\u00f3gar-afi), \u00abLesovoj\u00bb, \u00abBorovoy\u00bb (af \u00abbor\u00bb, barrsk\u00f3gur) og \u00abVodjanij ded\u00bb \u00ed samsettum formum.<\/p><p>Su\u00f0urslavnesku hli\u00f0st\u00e6\u00f0urnar \u00abLe\u0161y\u00bb, \u00abLe\u0161nik\u00bb og p\u00f3lska \u00abLeszy\u00bb s\u00fdna \u00fatbrei\u00f0slu \u00feessa hugtaks um allan slavneska heiminn, en \u00edtarlegasta <span class=\"iwg-fachbegriff\" data-tooltip=\"Heildarsafn arfleiddra go\u00f0sagna innan menningarheims.\" tabindex=\"0\">go\u00f0afr\u00e6\u00f0in<\/span> er var\u00f0veitt \u00e1 austurslavnesku sv\u00e6\u00f0inu.<\/p>\t\t\t\t\t\t\t\t<\/div>\n\t\t\t\t<\/div>\n\t\t<div class=\"elementor-element elementor-element-e7f9ed4 e-con-full e-flex e-con e-child\" data-id=\"e7f9ed4\" data-element_type=\"container\" data-e-type=\"container\">\n\t\t\t\t<div class=\"elementor-element elementor-element-741046b elementor-widget elementor-widget-heading\" data-id=\"741046b\" data-element_type=\"widget\" data-e-type=\"widget\" data-widget_type=\"heading.default\">\n\t\t\t\t\t<h2 class=\"elementor-heading-title elementor-size-default\">\u00datlit og hamskiptah\u00e6fni<\/h2>\t\t\t\t<\/div>\n\t\t\t\t<div class=\"elementor-element elementor-element-95fc579 elementor-widget elementor-widget-text-editor\" data-id=\"95fc579\" data-element_type=\"widget\" data-e-type=\"widget\" data-widget_type=\"text-editor.default\">\n\t\t\t\t\t\t\t\t\t<p>Leshy er klass\u00edskur hamskiptingur. Algengasta l\u00fdsingin s\u00fdnir hann sem gamlan mann me\u00f0 langt gr\u00e1tt e\u00f0a gr\u00e6nt skegg, \u00ed feldl\u00edkum f\u00f6tum, oft \u00ed \u00f6fugum sk\u00f3m, me\u00f0 vinstra kl\u00e6\u00f0i\u00f0 kasta\u00f0 yfir h\u00e6gri \u00f6xlina og \u00e1n skugga.<\/p><p>\u00cd fr\u00e1s\u00f6gnum er augunum sinnum l\u00fdst sem gr\u00e6nleitum, gl\u00f3andi, sinnum sem brennandi lj\u00f3sum milli trj\u00e1nna. \u00deessi sm\u00e1atri\u00f0i (\u00abvend\u00edska \u00f6fugmerkjaskema\u00f0\u00bb) eru algengt einkenni sem austurslavnesk \u00fej\u00f3\u00f0fr\u00e6\u00f0i notar til a\u00f0 au\u00f0kenna handanheims-verur.<\/p>\n<p>Leshy getur breytt st\u00e6r\u00f0 sinni a\u00f0 vild: \u00fdmist er hann jafn h\u00e1r og h\u00e6sta grenitr\u00e9\u00f0, \u00fdmist eins sm\u00e1r og str\u00e1. Hann getur breytt s\u00e9r \u00ed hva\u00f0a d\u00fdr sk\u00f3garins sem er, oftast \u00falf, bj\u00f6rn, h\u00e9ra e\u00f0a uglu, en einnig sinnum \u00ed fallinn trj\u00e1stofn.<\/p><p><span data-nosnippet>\u00deessi hamskiptah\u00e6fni tengir hann vi\u00f0 \u00feann sjamanska grunn austur-evr\u00f3pskrar tr\u00faarhugsunar sem Mircea Eliade l\u00fdsti \u00ed \u00abLe chamanisme\u00bb (1951) sem alheimslegum bakgrunni margra n\u00e1tt\u00faruanda.<\/span><\/p>\t\t\t\t\t\t\t\t<\/div>\n\t\t\t\t<\/div>\n\t\t<div class=\"elementor-element elementor-element-017dfa1 e-con-full e-flex e-con e-child\" data-id=\"017dfa1\" data-element_type=\"container\" data-e-type=\"container\">\n\t\t\t\t<div class=\"elementor-element elementor-element-525c237 elementor-widget elementor-widget-heading\" data-id=\"525c237\" data-element_type=\"widget\" data-e-type=\"widget\" data-widget_type=\"heading.default\">\n\t\t\t\t\t<h2 class=\"elementor-heading-title elementor-size-default\">Hlutverk og heg\u00f0un<\/h2>\t\t\t\t<\/div>\n\t\t\t\t<div class=\"elementor-element elementor-element-907ef3b elementor-widget elementor-widget-text-editor\" data-id=\"907ef3b\" data-element_type=\"widget\" data-e-type=\"widget\" data-widget_type=\"text-editor.default\">\n\t\t\t\t\t\t\t\t\t<p>Sem herra sk\u00f3garins stj\u00f3rnar Leshy \u00f6llu \u00fev\u00ed sem gerist \u00ed sk\u00f3ginum. Hann safnar villtum d\u00fdrum saman, st\u00fdrir fer\u00f0um \u00feeirra, verndar \u00feau fr\u00e1 ofvei\u00f0um. Hann g\u00e6tir sveppa, berja og hunangsfor\u00f0a villibj\u00fagna.<\/p><p>\u00c1 sama t\u00edma er hann strategisti villunar \u00e1 vegum: vegfarendur sem hafa m\u00f3\u00f0ga\u00f0 hann e\u00f0a haga s\u00e9r \u00f3s\u00e6milega \u00ed sk\u00f3ginum eru \u00abvilltir\u00bb af Leshy og finna ekki heim, \u00fer\u00e1tt fyrir a\u00f0 \u00feekkja lei\u00f0ina. \u00deetta <span class=\"iwg-fachbegriff\" data-tooltip=\"Endurteki\u00f0 innihaldsatri\u00f0i \u00ed list e\u00f0a fr\u00e1s\u00f6gn.\" tabindex=\"0\">stef<\/span> um a\u00f0 \u00abLeshy lei\u00f0i mann \u00ed hring\u00bb er algengasta Leshy-<span class=\"iwg-fachbegriff\" data-tooltip=\"Endurteki\u00f0 innihaldsatri\u00f0i \u00ed list e\u00f0a fr\u00e1s\u00f6gn.\" tabindex=\"0\">stefi\u00f0<\/span> \u00ed r\u00fassneskum b\u00e6ndas\u00f6gum.<\/p>\n<p>V\u00f6rn gegn villunni felst \u00ed helgisi\u00f0abundinni \u00f6fugsn\u00faningi: fara \u00far sk\u00f3m og fatna\u00f0i og setja \u00feau \u00e1 sig \u00f6fugt, e\u00f0a tala or\u00f0 aftur\u00e1bak. \u00deessi i\u00f0ja sta\u00f0festir einnig \u00e6ttartengsl Leshy vi\u00f0 a\u00f0rar \u00ab\u00f6fugar\u00bb verur, hvers heimur liggur \u00e1 hvolfi mi\u00f0a\u00f0 vi\u00f0 heim mannanna.<\/p>\n<p>Leshy er ekki illkvittinn af e\u00f0li s\u00ednu. Hann vir\u00f0ir kurteisa vei\u00f0imenn, hjar\u00f0menn og sk\u00f3garh\u00f6ggsmenn, svo lengi sem \u00feeir fara eftir sk\u00f3garsi\u00f0um: engin h\u00e1 hlj\u00f3\u00f0, ekkert eldur \u00e1n leyfis, engin tilgangslaus ey\u00f0ing trj\u00e1a e\u00f0a d\u00fdra. Vi\u00f0 brot brug\u00f0ist hann vi\u00f0 me\u00f0 \u00f6llu s\u00ednu safni villuvegar, sj\u00fakd\u00f3ma, ve\u00f0urfars, allt til \u00feess a\u00f0 l\u00e1ta b\u00faf\u00e9na\u00f0 e\u00f0a b\u00f6rn hverfa.<\/p>\t\t\t\t\t\t\t\t<\/div>\n\t\t\t\t<\/div>\n\t\t<div class=\"elementor-element elementor-element-1977eca e-con-full e-flex e-con e-child\" data-id=\"1977eca\" data-element_type=\"container\" data-e-type=\"container\">\n\t\t\t\t<div class=\"elementor-element elementor-element-fdf7e02 elementor-widget elementor-widget-heading\" data-id=\"fdf7e02\" data-element_type=\"widget\" data-e-type=\"widget\" data-widget_type=\"heading.default\">\n\t\t\t\t\t<h2 class=\"elementor-heading-title elementor-size-default\">Umskiptingur, vi\u00f0skipti og s\u00e1ttm\u00e1lar<\/h2>\t\t\t\t<\/div>\n\t\t\t\t<div class=\"elementor-element elementor-element-ff98796 elementor-widget elementor-widget-text-editor\" data-id=\"ff98796\" data-element_type=\"widget\" data-e-type=\"widget\" data-widget_type=\"text-editor.default\">\n\t\t\t\t\t\t\t\t\t<p>Dekkri \u00fer\u00e1\u00f0ur \u00ed Leshy-<span class=\"iwg-fachbegriff\" data-tooltip=\"Arfleidd \u00fej\u00f3\u00f0menning me\u00f0 si\u00f0um, s\u00f6gum og s\u00f6ngvum.\" tabindex=\"0\">\u00fej\u00f3\u00f0fr\u00e6\u00f0inni<\/span> snertir efni vi\u00f0skiptanna. Barn sem hloti\u00f0 hefur l\u00e9tt\u00fa\u00f0uga form\u00e6ling (\u00absvo Leshy taki \u00feig!\u00bb) getur samkv\u00e6mt \u00fej\u00f3\u00f0tr\u00fa veri\u00f0 teki\u00f0 af Leshy; \u00ed \u00feess sta\u00f0 er l\u00e1tinn eftir umskiptingur (Lesnoj). \u00deessi b\u00f6rn eiga s\u00f6gum samkv\u00e6mt a\u00f0 ver\u00f0a feimin og m\u00e1lstoppu\u00f0 fullor\u00f0in og fl\u00fdja \u00e1 n\u00e6turnar \u00fat \u00ed sk\u00f3ginn.<\/p><p>Hjar\u00f0menn og b\u00fdflugnab\u00e6ndur gera s\u00e1ttm\u00e1la vi\u00f0 Leshy: \u00feeir heita \u00e1rlegum <span class=\"iwg-fachbegriff\" data-tooltip=\"Gj\u00f6f til go\u00f0m\u00f6gns til a\u00f0 tj\u00e1 \u00feakkl\u00e6ti, b\u00e6n e\u00f0a tilbei\u00f0slu.\" tabindex=\"0\">f\u00f3rnum<\/span> (fyrstu mj\u00f3lk, fyrsta hunangi, k\u00fa til h\u00e1t\u00ed\u00f0arveislu), og Leshy tryggir \u00ed sta\u00f0inn \u00f6ryggi hjar\u00f0arins og b\u00fdflugnab\u00faanna. \u00deessir s\u00e1ttm\u00e1lar eru vel skjalfestir \u00ed r\u00fassneskum, \u00fakra\u00ednskum og hv\u00edtr\u00fassneskum heimildum fr\u00e1 19. \u00f6ld.<\/p>\t\t\t\t\t\t\t\t<\/div>\n\t\t\t\t<\/div>\n\t\t<div class=\"elementor-element elementor-element-b32c58b e-con-full e-flex e-con e-child\" data-id=\"b32c58b\" data-element_type=\"container\" data-e-type=\"container\">\n\t\t\t\t<div class=\"elementor-element elementor-element-8150b14 elementor-widget elementor-widget-heading\" data-id=\"8150b14\" data-element_type=\"widget\" data-e-type=\"widget\" data-widget_type=\"heading.default\">\n\t\t\t\t\t<h2 class=\"elementor-heading-title elementor-size-default\">Leshy-fj\u00f6lskyldan og f\u00e9lagslegur heimur<\/h2>\t\t\t\t<\/div>\n\t\t\t\t<div class=\"elementor-element elementor-element-9dc63fe elementor-widget elementor-widget-text-editor\" data-id=\"9dc63fe\" data-element_type=\"widget\" data-e-type=\"widget\" data-widget_type=\"text-editor.default\">\n\t\t\t\t\t\t\t\t\t<p>\u00cd austurslavneskum s\u00f6gum lifir Leshy engan veginn sem einb\u00fai. Hann hefur fj\u00f6lskyldu: Leshachicha (kona hans, sinnum kennd vi\u00f0 Kikimoru) og Leshenata (b\u00f6rn hans). \u00deegar mismunandi sk\u00f3gar-Leshy berjast, ver\u00f0a stormar, fallandi tr\u00e9 og \u00fdlfur sem heyrist \u00ed stormum.<\/p><p>Hin \u00e1rlega \u00abLeshy-fluga\u00bb \u00ed lok september fram \u00ed byrjun okt\u00f3ber (um Erevoda samkv\u00e6mt r\u00e9tttr\u00fana\u00f0ardagatali) er einnig fastm\u00f3ta\u00f0 minni: Leshy flyst fr\u00e1 sumarsk\u00f3gi s\u00ednum yfir \u00ed vetrarsk\u00f3ginn, \u00fe\u00e1 geisa stormar, tr\u00e9 falla, sk\u00f3gurinn er \u00f3lgandi og h\u00e6ttulegur. \u00c1 \u00feessum t\u00edma \u00e6tti ma\u00f0ur a\u00f0 for\u00f0ast a\u00f0 fara \u00ed sk\u00f3ginn eftir fremsta megni.<\/p>\t\t\t\t\t\t\t\t<\/div>\n\t\t\t\t<\/div>\n\t\t<div class=\"elementor-element elementor-element-acac3ed e-con-full e-flex e-con e-child\" data-id=\"acac3ed\" data-element_type=\"container\" data-e-type=\"container\">\n\t\t\t\t<div class=\"elementor-element elementor-element-5cf6cde elementor-widget elementor-widget-heading\" data-id=\"5cf6cde\" data-element_type=\"widget\" data-e-type=\"widget\" data-widget_type=\"heading.default\">\n\t\t\t\t\t<h2 class=\"elementor-heading-title elementor-size-default\">Tr\u00faarfr\u00e6\u00f0ileg sta\u00f0setning<\/h2>\t\t\t\t<\/div>\n\t\t\t\t<div class=\"elementor-element elementor-element-3807c09 elementor-widget elementor-widget-text-editor\" data-id=\"3807c09\" data-element_type=\"widget\" data-e-type=\"widget\" data-widget_type=\"text-editor.default\">\n\t\t\t\t\t\t\t\t\t<p><span data-nosnippet>Leshy tilheyrir austurslavnesku \u00abl\u00e6gri <span class=\"iwg-fachbegriff\" data-tooltip=\"Heild \u00feeirra gu\u00f0asagna sem var\u00f0veist hafa \u00ed tiltekinni menningu.\" tabindex=\"0\">go\u00f0afr\u00e6\u00f0i<\/span>\u00bb, sem Sergej Tokarev og Linda Ivanits (\u00abRussian Folk Belief\u00bb, 1989) hafa skilgreint sem hi\u00f0 eiginlega lifandi tr\u00faarlega undirlag r\u00fassneskra b\u00e6nda. \u00deetta lag lif\u00f0i kristniv\u00e6\u00f0inguna a\u00f0 miklu leyti af og m\u00f3ta\u00f0i daglegt l\u00edf sveitaf\u00f3lks allt fram \u00e1 20. \u00f6ld.<\/span><\/p><p>\u00c1 me\u00f0an Perun, Veles og a\u00f0rir r\u00edkisgu\u00f0ir hurfu me\u00f0 falli hins hei\u00f0na go\u00f0aheims, lif\u00f0i Leshy \u00e1fram me\u00f0al b\u00e6ndasamf\u00e9laga, \u00fev\u00ed kirkjan t\u00f3k ekki yfir hlutverk hans: S\u00e1 sem fer inn \u00ed sk\u00f3ginn \u00fearf sk\u00f3garherrann.<\/p>\n<p><span data-nosnippet>Byggingarlega s\u00e9\u00f0 eru hli\u00f0st\u00e6\u00f0ur milli Leshy og hins balt\u00edska Vele\/Velinas, hins keltneska \u00abCernunnos\u00bb (hyrndur herra d\u00fdranna), hins germanska \u00abvillimannsins\u00bb, hins gr\u00edska Pan\/Faunusar og fj\u00f6lda sk\u00f3garandavera \u00ed hringskauta-<span class=\"iwg-fachbegriff\" data-tooltip=\"Heild \u00feeirra gu\u00f0asagna sem var\u00f0veist hafa \u00ed tiltekinni menningu.\" tabindex=\"0\">go\u00f0afr\u00e6\u00f0i<\/span>. Mircea Eliade og Carlo Ginzburg (\u00abI Benandanti\u00bb, 1966) hafa varpa\u00f0 lj\u00f3si \u00e1 hina paneur\u00f3psku d\u00fdpt sk\u00f3gar- og vei\u00f0iherra-flokksins.<\/span><\/p><p><span data-nosnippet>Innan slavneska go\u00f0aheimsins tengist Leshy Velesi, gu\u00f0i hjar\u00f0a og undirheima, me\u00f0 starfr\u00e6num b\u00f6ndum; sumir fr\u00e6\u00f0imenn (Boris Uspenskij, \u00abFilologicheskie razyskanija v oblasti slavjanskih drevnostej\u00bb, 1982) telja Leshy vera vins\u00e6la birtingarmynd eldri Veles-\u00fe\u00e1ttar.<\/span><\/p>\t\t\t\t\t\t\t\t<\/div>\n\t\t\t\t<\/div>\n\t\t<div class=\"elementor-element elementor-element-ea8695e e-con-full e-flex e-con e-child\" data-id=\"ea8695e\" data-element_type=\"container\" data-e-type=\"container\">\n\t\t\t\t<div class=\"elementor-element elementor-element-05cb8ff elementor-widget elementor-widget-heading\" data-id=\"05cb8ff\" data-element_type=\"widget\" data-e-type=\"widget\" data-widget_type=\"heading.default\">\n\t\t\t\t\t<h2 class=\"elementor-heading-title elementor-size-default\">Heimildir, ranns\u00f3knir og s\u00f6fn<\/h2>\t\t\t\t<\/div>\n\t\t\t\t<div class=\"elementor-element elementor-element-728ea7e elementor-widget elementor-widget-text-editor\" data-id=\"728ea7e\" data-element_type=\"widget\" data-e-type=\"widget\" data-widget_type=\"text-editor.default\">\n\t\t\t\t\t\t\t\t\t<p><span data-nosnippet>Meginheimildirnar um Leshy eru \u00fej\u00f3\u00f0h\u00e1ttafr\u00e6\u00f0ileg s\u00f6fn 19. aldar: \u00abRusskie narodnye skazki\u00bb (1855 til 1863) eftir Aleksander Afanasjev hefur a\u00f0 geyma fj\u00f6lmargar s\u00f6gur um Leshy; \u00abRussische (ostslawische) <span class=\"iwg-fachbegriff\" data-tooltip=\"Fr\u00e6\u00f0igrein sem rannsakar hversdagsmenningu, si\u00f0i og var\u00f0veittar tr\u00faarhugmyndir.\" tabindex=\"0\">Volkskunde<\/span>\u00bb eftir Dmitrij Zelenin (\u00fe\u00fdsk \u00fatg\u00e1fa 1927) setur tr\u00faarhugmyndir um n\u00e1tt\u00faruv\u00e6ttir \u00ed kerfi.<\/span><\/p><p><span data-nosnippet>\u00abNechistaja, nevedomaja i krestnaja sila\u00bb (1903) eftir Sergej Maksimov gefur heildarmynd af r\u00fassneskri \u00fej\u00f3\u00f0tr\u00fa, \u00fear sem Leshy er \u00ed brennidepli. Pavel Chubinski safna\u00f0i samhli\u00f0a \u00fakra\u00ednskum heimildum (\u00abTrudy etnografichesko-statisticheskoi ekspeditsii\u00bb, 1872 til 1877).<\/span><\/p>\t\t\t\t\t\t\t\t<\/div>\n\t\t\t\t<\/div>\n\t\t<div class=\"elementor-element elementor-element-d3f6c07 e-con-full e-flex e-con e-child\" data-id=\"d3f6c07\" data-element_type=\"container\" data-e-type=\"container\">\n\t\t\t\t<div class=\"elementor-element elementor-element-279f42d elementor-widget elementor-widget-heading\" data-id=\"279f42d\" data-element_type=\"widget\" data-e-type=\"widget\" data-widget_type=\"heading.default\">\n\t\t\t\t\t<h2 class=\"elementor-heading-title elementor-size-default\">\u00c1framhaldandi l\u00edf \u00ed b\u00f3kmenntum og d\u00e6gurmenningu<\/h2>\t\t\t\t<\/div>\n\t\t\t\t<div class=\"elementor-element elementor-element-63ca5cf elementor-widget elementor-widget-text-editor\" data-id=\"63ca5cf\" data-element_type=\"widget\" data-e-type=\"widget\" data-widget_type=\"text-editor.default\">\n\t\t\t\t\t\t\t\t\t<p><span data-nosnippet>Leshy er ein af \u00feeim v\u00e6ttum sem er hva\u00f0 mest til sta\u00f0ar \u00ed r\u00fassneskum b\u00f3kmenntum. Alexander P\u00fashkin \u00e1varpar hann \u00ed \u00abRusskie skazki\u00bb s\u00ednum, Aleksander Ostrovsk\u00ed skrifa\u00f0i leikriti\u00f0 \u00abLeshy\u00bb (1857), Anton Tsjekhov gaf einu af s\u00ednum fyrstu leikritum titilinn \u00abLeshy\u00bb (1889, sem var s\u00ed\u00f0ar endurunni\u00f0 og var\u00f0 \u00abVanja fr\u00e6ndi\u00bb).<\/span><\/p><p>\u00c1 20. \u00f6ld birtast Leshy-pers\u00f3nur hj\u00e1 Aleksej Tolstoj, Boris Pasternak og Nikolai Gogol (\u00ed \u00fakra\u00ednskum s\u00f6gum hans). \u00cd fantas\u00edub\u00f3kmenntum 21. aldarinnar er Leshy unninn sem mi\u00f0l\u00e6g n\u00e1tt\u00faruandavera \u00ed \u00abWitcher\u00bb-b\u00f3kaflokki Andrzej Sapkowskis, einnig \u00ed samnefndri t\u00f6lvuleikjaser\u00edu.<\/p>\t\t\t\t\t\t\t\t<\/div>\n\t\t\t\t<\/div>\n\t\t<div class=\"elementor-element elementor-element-38a946f e-con-full e-flex e-con e-child\" data-id=\"38a946f\" data-element_type=\"container\" data-e-type=\"container\">\n\t\t\t\t<div class=\"elementor-element elementor-element-58ff2a4 elementor-widget elementor-widget-heading\" data-id=\"58ff2a4\" data-element_type=\"widget\" data-e-type=\"widget\" data-widget_type=\"heading.default\">\n\t\t\t\t\t<h2 class=\"elementor-heading-title elementor-size-default\">Verndar- og fr\u00e1hrindingara\u00f0fer\u00f0ir<\/h2>\t\t\t\t<\/div>\n\t\t\t\t<div class=\"elementor-element elementor-element-6bd6fb3 elementor-widget elementor-widget-text-editor\" data-id=\"6bd6fb3\" data-element_type=\"widget\" data-e-type=\"widget\" data-widget_type=\"text-editor.default\">\n\t\t\t\t\t\t\t\t\t<p>\u00deeim sem hitta Leshy koma, samkv\u00e6mt \u00fej\u00f3\u00f0tr\u00fa, \u00fdmis r\u00e1\u00f0 til hj\u00e1lpar: a\u00f0 sn\u00faa sk\u00f3m og skyrtu \u00f6fugt, ganga or\u00f0 og lei\u00f0ir aftur\u00e1bak, leggja brau\u00f0bita me\u00f0 salti fyrir hann, bi\u00f0ja Fa\u00f0irvori\u00f0 e\u00f0a r\u00e9tttr\u00fana\u00f0ar-<span class=\"iwg-fachbegriff\" data-tooltip=\"Tungum\u00e1laleg tj\u00e1ning manns til gu\u00f0d\u00f3ms.\" tabindex=\"0\">b\u00e6n<\/span>, \u00e1varpa hann kurteislega sem \u00abDiadushka\u00bb (\u00ablitla afa\u00bb) \u00ed sta\u00f0 \u00abLeshy\u00bb (sem honum \u00feykir m\u00f3\u00f0gandi).<\/p><p>B\u00fdflugnab\u00e6ndur settu sk\u00e1lar me\u00f0 hunangi vi\u00f0 sk\u00f3garja\u00f0ra, hjar\u00f0menn f\u00e6r\u00f0u honum fyrstu mj\u00f3lk s\u00edna \u00e1 vorin, vei\u00f0imenn fyrsta veidda d\u00fdri\u00f0 e\u00f0a hluta af \u00fev\u00ed, \u00e1\u00f0ur en \u00feeir hlutu\u00f0u \u00fea\u00f0 ni\u00f0ur.<\/p>\t\t\t\t\t\t\t\t<\/div>\n\t\t\t\t<\/div>\n\t\t<div class=\"elementor-element elementor-element-8da1a28 e-con-full e-flex e-con e-child\" data-id=\"8da1a28\" data-element_type=\"container\" data-e-type=\"container\">\n\t\t\t\t<div class=\"elementor-element elementor-element-4a64815 elementor-widget elementor-widget-heading\" data-id=\"4a64815\" data-element_type=\"widget\" data-e-type=\"widget\" data-widget_type=\"heading.default\">\n\t\t\t\t\t<h2 class=\"elementor-heading-title elementor-size-default\">Heimildir<\/h2>\t\t\t\t<\/div>\n\t\t\t\t<div class=\"elementor-element elementor-element-6a6486a elementor-widget elementor-widget-text-editor\" data-id=\"6a6486a\" data-element_type=\"widget\" data-e-type=\"widget\" data-widget_type=\"text-editor.default\">\n\t\t\t\t\t\t\t\t\t<footer class=\"iwg-literatur\"><p>Aleksander Afanasjev, \u00abRusskie narodnye skazki\u00bb, 3 bindi, Moskva 1855 til 1863. Aleksander Afanasjev, \u00abPoeticheskiye vozzreniya slavyan na prirodu\u00bb, 3 bindi, Moskva 1865 til 1869. Sergej Maksimov, \u00abNechistaja, nevedomaja i krestnaja sila\u00bb, Sankti P\u00e9tursborg 1903. Dmitrij Zelenin, \u00abRussische (ostslawische) <span class=\"iwg-fachbegriff\" data-tooltip=\"Fr\u00e6\u00f0igrein sem rannsakar hversdagsmenningu, si\u00f0i og var\u00f0veittar tr\u00faarhugmyndir.\" tabindex=\"0\">Volkskunde<\/span>\u00bb, Berl\u00edn 1927. Pavel Chubinski, \u00abTrudy etnografichesko-statisticheskoi ekspeditsii\u00bb, 7 bindi, Sankti P\u00e9tursborg 1872 til 1877.<\/p>\n<ul><li><span data-nosnippet>Sergej Tokarev, \u00abReligioznye verovaniya vostochnoslavyanskikh narodov\u00bb, Moskva 1957.<\/span><\/li><li><span data-nosnippet>Vladimir Propp, \u00abRusskie agrarnye prazdniki\u00bb, Leningrad 1963.<\/span><\/li><li><span data-nosnippet>Linda Ivanits, \u00abRussian Folk Belief\u00bb, Armonk 1989.<\/span><\/li><li><span data-nosnippet>Boris Uspenskij, \u00abFilologicheskie razyskanija v oblasti slavjanskih drevnostej\u00bb, Moskva 1982.<\/span><\/li><li><span data-nosnippet>Aleksander Gieysztor, \u00abMitologia S\u0142owian\u00bb, Varsj\u00e1 1982.<\/span><\/li><li><span data-nosnippet>Henryk \u0141owmia\u0144ski, \u00abReligia S\u0142owian i jej upadek\u00bb, Varsj\u00e1 1979.<\/span><\/li><li><span data-nosnippet>Ji\u0159\u00ed Dynda, \u00abSlovansk\u00e9 pohanstv\u00ed ve st\u0159edov\u011bk\u00fdch latinsk\u00fdch pramenech\u00bb, Prag 2017.<\/span><\/li><li><span data-nosnippet>Mircea Eliade, \u201eLe chamanisme et les techniques archa\u00efques de l&#8217;extase\u201c, Par\u00eds 1951.<\/span><\/li><\/ul><\/footer>\t\t\t\t\t\t\t\t<\/div>\n\t\t\t\t<\/div>\n\t\t<div class=\"elementor-element elementor-element-ffdfc89 e-con-full e-flex e-con e-child\" data-id=\"ffdfc89\" data-element_type=\"container\" data-e-type=\"container\">\n\t\t\t\t<div class=\"elementor-element elementor-element-d110b1a elementor-widget elementor-widget-heading\" data-id=\"d110b1a\" data-element_type=\"widget\" data-e-type=\"widget\" data-widget_type=\"heading.default\">\n\t\t\t\t\t<h2 class=\"elementor-heading-title elementor-size-default\">Leshy \u00ed r\u00fassneska b\u00e6ndadagatalinu<\/h2>\t\t\t\t<\/div>\n\t\t\t\t<div class=\"elementor-element elementor-element-e79ac6f elementor-widget elementor-widget-text-editor\" data-id=\"e79ac6f\" data-element_type=\"widget\" data-e-type=\"widget\" data-widget_type=\"text-editor.default\">\n\t\t\t\t\t\t\t\t\t<p>\u00cd r\u00fassneskri \u00fej\u00f3\u00f0tr\u00faarhef\u00f0 hefur Leshy fastan sta\u00f0 \u00ed \u00e1rlega dagatali b\u00e6ndatr\u00faarbrag\u00f0a. Fj\u00f3rar mikilv\u00e6gar t\u00edmasetningar tengjast s\u00e9rst\u00f6kum breytingum \u00e1 h\u00e1ttum hans.<\/p><p>\u00deann 30. apr\u00edl (r\u00fassneska gamla t\u00edmatali\u00f0), vi\u00f0 lok vetrar, sn\u00fdr Leshy aftur \u00far vetrardvala s\u00ednum \u00ed sk\u00f3ginn; fr\u00e1 \u00feeim degi \u00e1tti a\u00f0 ganga inn \u00ed sk\u00f3ginn me\u00f0 s\u00e9rstakri var\u00fa\u00f0.<\/p><p>\u00c1 hv\u00edtasunnu (Trinitas) er m\u00e1ttur hans s\u00e9rstaklega mikill; \u00e1 \u00feessum d\u00f6gum var \u00ed m\u00f6rgum \u00feorpum ekkert sk\u00f3garverk unni\u00f0.<\/p><p>\u00deann 4. okt\u00f3ber (gamla t\u00edmatali\u00f0) flytur Leshy sig \u00ed vetrarsk\u00f3g sinn; vi\u00f0 \u00fea\u00f0 l\u00e6tur hann \u00f6llum illum l\u00e1tum \u00ed stormum, felur tr\u00e9 og getur veri\u00f0 h\u00e6ttulegur. \u00c1 \u00feessum flutningst\u00edma \u00e1tti hjar\u00f0f\u00f3lk a\u00f0 taka hjar\u00f0ir s\u00ednar \u00far sk\u00f3ginum og vei\u00f0imenn \u00e1tti a\u00f0 for\u00f0ast hann.<\/p>\n<p><span data-nosnippet>Dmitrij Zelenin skjalfesti \u00ed \u00abRussische (ostslawische) <span class=\"iwg-fachbegriff\" data-tooltip=\"Fr\u00e6\u00f0igrein sem rannsakar hversdagsmenningu, si\u00f0i og var\u00f0veittar tr\u00faarhugmyndir.\" tabindex=\"0\">Volkskunde<\/span>\u00bb (Berl\u00edn 1927) hina sv\u00e6\u00f0isbundnu fj\u00f6lbreytni \u00feessara dagatals\u00e1kv\u00e6\u00f0a og benti \u00e1 \u00fe\u00fd\u00f0ingu \u00feeirra fyrir daglegt l\u00edf b\u00e6nda. \u00cd hinum sk\u00f3gr\u00edku sv\u00e6\u00f0um Nor\u00f0ur- og Mi\u00f0-R\u00fasslands m\u00f3ta\u00f0i Leshy-tr\u00fain daglegt l\u00edf sk\u00f3garh\u00f6ggsmanna, vei\u00f0imanna, hjar\u00f0manna og b\u00fdflugnab\u00e6nda \u00e1 grundvallarh\u00e1tt.<\/span><\/p>\t\t\t\t\t\t\t\t<\/div>\n\t\t\t\t<\/div>\n\t\t<div class=\"elementor-element elementor-element-c53a86e e-con-full e-flex e-con e-child\" data-id=\"c53a86e\" data-element_type=\"container\" data-e-type=\"container\">\n\t\t\t\t<div class=\"elementor-element elementor-element-dce6762 elementor-widget elementor-widget-heading\" data-id=\"dce6762\" data-element_type=\"widget\" data-e-type=\"widget\" data-widget_type=\"heading.default\">\n\t\t\t\t\t<h2 class=\"elementor-heading-title elementor-size-default\">S\u00e1ttm\u00e1lar hjar\u00f0manna og b\u00faf\u00e9 Leshy<\/h2>\t\t\t\t<\/div>\n\t\t\t\t<div class=\"elementor-element elementor-element-3cdcbcf elementor-widget elementor-widget-text-editor\" data-id=\"3cdcbcf\" data-element_type=\"widget\" data-e-type=\"widget\" data-widget_type=\"text-editor.default\">\n\t\t\t\t\t\t\t\t\t<p>S\u00e1ttm\u00e1lar milli fj\u00e1rhir\u00f0a og Leshy eru me\u00f0al best skjalfestu \u00fe\u00e1tta austurslavneskrar \u00fej\u00f3\u00f0tr\u00faar.<\/p><p>\u00cd R\u00fasslandi nor\u00f0anver\u00f0u, \u00ed Karel\u00edu og \u00e1 Onega-sv\u00e6\u00f0inu h\u00f6f\u00f0u fj\u00e1rhir\u00f0ar s\u00ednar eigin bandalagsform\u00falur sem bundu \u00fe\u00e1 til a\u00f0 f\u00e6ra Leshy \u00e1kve\u00f0nar f\u00f3rnargjafir: fyrstu mj\u00f3lk vert\u00ed\u00f0arins, lamb vi\u00f0 beitarupphaf, \u00ed s\u00e9rst\u00f6kum tilvikum d\u00fdr \u00far eigin b\u00fai sem \u201esk\u00f3lagjald\u201c.<\/p><p>\u00c1 m\u00f3ti lofa\u00f0i Leshy a\u00f0 tv\u00edstra ekki hj\u00f6r\u00f0inni og verja hana fyrir \u00falfum.<\/p>\n<p>Samningurinn var oftast ger\u00f0ur munnlega og <span class=\"iwg-fachbegriff\" data-tooltip=\"Sem tilheyrir fastm\u00f3tu\u00f0u tr\u00faarlegu ath\u00e6fi.\" tabindex=\"0\">helgisi\u00f0alega<\/span>, skriflegt form var \u00f3venjulegt: Hir\u00f0irinn gekk inn \u00ed sk\u00f3ginn, f\u00e9ll \u00e1 kn\u00e9 fyrir g\u00f6mlu tr\u00e9 (oft g\u00f6mlu grenitr\u00e9 e\u00f0a eik), lag\u00f0i fram <span class=\"iwg-fachbegriff\" data-tooltip=\"Gj\u00f6f til gu\u00f0s til a\u00f0 tj\u00e1 \u00feakkl\u00e6ti, b\u00e6n e\u00f0a lotningu.\" tabindex=\"0\">f\u00f3rn<\/span> og f\u00f3r me\u00f0 form\u00falu sem hann haf\u00f0i l\u00e6rt af f\u00f6\u00f0ur s\u00ednum e\u00f0a \u00f6ldungi \u00feorpsins.<\/p><p><span data-nosnippet>Nokkrar sl\u00edkar form\u00falur hafa var\u00f0veist \u00ed \u00fej\u00f3\u00f0h\u00e1ttafr\u00e6\u00f0ilegum s\u00f6fnum og eru me\u00f0al ver\u00f0m\u00e6tustu heimilda austurslavneskrar \u00fej\u00f3\u00f0tr\u00faar. Linda Ivanits hefur \u00ed \u00abRussian Folk Belief\u00bb (Armonk 1989) greint \u00feessa s\u00e1ttm\u00e1lahef\u00f0 \u00fat fr\u00e1 tr\u00faarlegu f\u00e9lagsfr\u00e6\u00f0ilegu sj\u00f3narhorni og bent \u00e1 mikilv\u00e6gi hennar fyrir st\u00f6\u00f0ugleika b\u00e6ndahagkerfisins.<\/span><\/p>\t\t\t\t\t\t\t\t<\/div>\n\t\t\t\t<\/div>\n\t\t<div class=\"elementor-element elementor-element-adae55c e-con-full e-flex e-con e-child\" data-id=\"adae55c\" data-element_type=\"container\" data-e-type=\"container\">\n\t\t\t\t<div class=\"elementor-element elementor-element-679f3ad elementor-widget elementor-widget-heading\" data-id=\"679f3ad\" data-element_type=\"widget\" data-e-type=\"widget\" data-widget_type=\"heading.default\">\n\t\t\t\t\t<h2 class=\"elementor-heading-title elementor-size-default\">\u00d6fugsn\u00faningur vega og verndara\u00f0fer\u00f0ir \u00ed t\u00f6frum<\/h2>\t\t\t\t<\/div>\n\t\t\t\t<div class=\"elementor-element elementor-element-003e5ee elementor-widget elementor-widget-text-editor\" data-id=\"003e5ee\" data-element_type=\"widget\" data-e-type=\"widget\" data-widget_type=\"text-editor.default\">\n\t\t\t\t\t\t\t\t\t<p>Helgisi\u00f0abundinn \u00f6fugsn\u00faningur til varnar gegn Leshy er sk\u00f3lab\u00f3kard\u00e6mi um t\u00f6fratr\u00faarlega r\u00f6kfr\u00e6\u00f0i \u00fej\u00f3\u00f0hef\u00f0arins.<\/p><p>\u00ddmsar a\u00f0fer\u00f0ir eru skjalfestar: a\u00f0 sn\u00faa skyrtunni \u00f6fugt (\u00abrubaha naiznanku\u00bb), a\u00f0 fara \u00ed sk\u00f3na \u00f6fugt e\u00f0a bera vinstri sk\u00f3inn \u00e1 h\u00e6gri f\u00e6ti, a\u00f0 segja or\u00f0 aftur\u00e1bak, a\u00f0 taka \u00ferj\u00fa skref til baka, a\u00f0 st\u00edga me\u00f0 vinstri f\u00e6ti yfir trj\u00e1bol.<\/p><p>\u00deessar a\u00f0fer\u00f0ir eru m\u00e1lfarslega og t\u00e1knr\u00e6na \u00edgrunda\u00f0ar: Heimur Leshy er talinn spegilheimur mannheims, sneginn \u00f6fugt; me\u00f0 eigin \u00f6fugsn\u00faningi l\u00edkist ma\u00f0ur heimi hans og sviptir hann forskotinu.<\/p>\n<p><span data-nosnippet>Sergej Maksimov og Boris Uspenskij (\u00abFilologicheskie razyskanija v oblasti slavjanskih drevnostej\u00bb, 1982) hafa s\u00fdnt a\u00f0 \u00feessar \u00f6fugsn\u00faningsa\u00f0fer\u00f0ir n\u00e1 langt \u00fat fyrir Leshy og t\u00e1kna almenna r\u00f6kfr\u00e6\u00f0i slavneskrar \u00fej\u00f3\u00f0tr\u00faar: \u00cd samskiptum vi\u00f0 hvers konar handanheimsm\u00e1tt (framli\u00f0na, nornir, <span class=\"iwg-fachbegriff\" data-tooltip=\"\u00datbreidd hugmynd um a\u00f0 \u00f6fundsj\u00fakt augnar\u00e1\u00f0 annarrar manneskju geti valdi\u00f0 ska\u00f0a.\" tabindex=\"0\">illt auga<\/span>) er \u00f6fugsn\u00faningur nota\u00f0ur.<\/span><\/p><p>Leshy er \u00feannig d\u00e6migert, ekki einstakt tilvik me\u00f0al \u00f6fugsn\u00fainna vera.<\/p>\t\t\t\t\t\t\t\t<\/div>\n\t\t\t\t<\/div>\n\t\t<div class=\"elementor-element elementor-element-dab2258 e-con-full e-flex e-con e-child\" data-id=\"dab2258\" data-element_type=\"container\" data-e-type=\"container\">\n\t\t\t\t<div class=\"elementor-element elementor-element-aff7f21 elementor-widget elementor-widget-heading\" data-id=\"aff7f21\" data-element_type=\"widget\" data-e-type=\"widget\" data-widget_type=\"heading.default\">\n\t\t\t\t\t<h2 class=\"elementor-heading-title elementor-size-default\">Leshy-fj\u00f6lskyldan og f\u00e9lagslegt skipulag sk\u00f3garins<\/h2>\t\t\t\t<\/div>\n\t\t\t\t<div class=\"elementor-element elementor-element-8943d24 elementor-widget elementor-widget-text-editor\" data-id=\"8943d24\" data-element_type=\"widget\" data-e-type=\"widget\" data-widget_type=\"text-editor.default\">\n\t\t\t\t\t\t\t\t\t<p>\u00cd austurslavneskri \u00fej\u00f3\u00f0hef\u00f0 lifir Leshy ekki einn. Eiginkona hans, Leshachicha (stundum sams\u00f6mu\u00f0 Kikimoru), b\u00fdr \u00ed sama sk\u00f3gi, oft \u00ed holum trj\u00e1bol e\u00f0a g\u00f6mlum kofa.<\/p><p>Leshenata, b\u00f6rnin, reika um sk\u00f3ginn og leika strik \u00e1 villur\u00e1fandi fer\u00f0amenn. \u00c1 nornafundum, stormin\u00f3ttum e\u00f0a sk\u00f3garorrustum milli keppinauta Leshy m\u00e1 heyra \u00fdlfur og brak \u00ed nokkurra k\u00edl\u00f3metra fjarl\u00e6g\u00f0.<\/p>\n<p>\u00deessi f\u00e9lagslega skipulagning sk\u00f3garins er tr\u00faarlegt-manneskjufr\u00e6\u00f0ilega \u00e1hugaver\u00f0: Sk\u00f3gurinn er hugsa\u00f0ur sem byggt landsv\u00e6\u00f0i me\u00f0 eigin h\u00f6f\u00f0ingjum, fj\u00f6lskyldum og \u00e1t\u00f6kum, ekki sem einsleit \u201e\u00f3bygg\u00f0\u201c.<\/p><p>Linda Ivanits og Sergej Tokarev hafa s\u00fdnt a\u00f0 \u00feessi skynjun m\u00f3ta\u00f0i i\u00f0ju b\u00f3ndans sem bj\u00f3 \u00ed sk\u00f3ginum \u00ed grunninn: A\u00f0 ganga inn \u00ed sk\u00f3ginn var alltaf yfirfer\u00f0 inn \u00ed annan f\u00e9lagslegan heim sem kraf\u00f0ist eigin reglna og kurteisisforma.<\/p>\t\t\t\t\t\t\t\t<\/div>\n\t\t\t\t<\/div>\n\t\t<div class=\"elementor-element elementor-element-75c6669 e-con-full e-flex e-con e-child\" data-id=\"75c6669\" data-element_type=\"container\" data-e-type=\"container\">\n\t\t\t\t<div class=\"elementor-element elementor-element-d0e8e6e elementor-widget elementor-widget-heading\" data-id=\"d0e8e6e\" data-element_type=\"widget\" data-e-type=\"widget\" data-widget_type=\"heading.default\">\n\t\t\t\t\t<h2 class=\"elementor-heading-title elementor-size-default\">Tr\u00faars\u00f6guleg d\u00fdpt og tengsl vi\u00f0 Veles<\/h2>\t\t\t\t<\/div>\n\t\t\t\t<div class=\"elementor-element elementor-element-b014a2e elementor-widget elementor-widget-text-editor\" data-id=\"b014a2e\" data-element_type=\"widget\" data-e-type=\"widget\" data-widget_type=\"text-editor.default\">\n\t\t\t\t\t\t\t\t\t<p>Boris Uspenskij hefur \u00ed \u00abFilologicheskie razyskanija\u00bb haldi\u00f0 fram \u00feeirri kenningu a\u00f0 Leshy \u00ed sinni austurslavnesku mynd s\u00e9 vins\u00e6l endurspeglun eldri \u00fe\u00e1ttar Veles. Veles, gu\u00f0 hjar\u00f0anna og undirheimanna \u00ed hinu opinbera <span class=\"iwg-fachbegriff\" data-tooltip=\"Heild gu\u00f0a \u00ed tr\u00faarbr\u00f6g\u00f0um e\u00f0a menningu.\" tabindex=\"0\">go\u00f0aveldi<\/span> K\u00e6nugar\u00f0sr\u00edkis, hefur n\u00e1in tengsl vi\u00f0 sk\u00f3ginn, d\u00fdr og handanheimana.<\/p><p>Me\u00f0 hvarfi hins opinbera Veles-d\u00fdrkunar eftir \u00e1ri\u00f0 988 hef\u00f0i Leshy or\u00f0i\u00f0 eftir sem hin vins\u00e6la mynd hans, sem lif\u00f0i \u00e1fram \u00ed b\u00e6ndahef\u00f0inni. \u00deessi tilg\u00e1ta er tr\u00faver\u00f0ug en erfitt a\u00f0 sanna \u00ed sm\u00e1atri\u00f0um.<\/p>\n<p>Tv\u00e6r meginheimildake\u00f0jur Leshy-hef\u00f0arins eru \u00fej\u00f3\u00f0h\u00e1ttafr\u00e6\u00f0ilegar (austurslavneskar fr\u00e1sagnir og b\u00e6ndai\u00f0ja fr\u00e1 18. til 20. aldar) og m\u00e1lfr\u00e6\u00f0ilegar (or\u00f0sifjafr\u00e6\u00f0i og m\u00e1lskyldleiki). B\u00e1\u00f0ar heimildake\u00f0jur benda til gamallar, hei\u00f0innar r\u00f3tar Leshy-hugmyndarinnar, sem er \u00fe\u00f3 ekki beint sta\u00f0fest \u00ed helstu mi\u00f0aldaheimildum (Nestors-ann\u00e1lum, Igor-kvi\u00f0u).<\/p><p>\u00deetta \u00e1stand er ekki \u00f3venjulegt \u00ed tr\u00faars\u00f6gu: L\u00e6gri andaverur eru sjaldan nefndar \u00ed a\u00f0alann\u00e1lum en eru st\u00f6\u00f0ugra fest \u00ed \u00fej\u00f3\u00f0tr\u00fanni en hin opinberu h\u00f6fu\u00f0gu\u00f0.<\/p>\t\t\t\t\t\t\t\t<\/div>\n\t\t\t\t<\/div>\n\t\t<div class=\"elementor-element elementor-element-3683ad9 e-con-full e-flex e-con e-child\" data-id=\"3683ad9\" data-element_type=\"container\" data-e-type=\"container\">\n\t\t\t\t<div class=\"elementor-element elementor-element-dc4b293 elementor-widget elementor-widget-heading\" data-id=\"dc4b293\" data-element_type=\"widget\" data-e-type=\"widget\" data-widget_type=\"heading.default\">\n\t\t\t\t\t<h2 class=\"elementor-heading-title elementor-size-default\">Ind\u00f3evr\u00f3pskar og heimskautsl\u00e6gar hli\u00f0st\u00e6\u00f0ur<\/h2>\t\t\t\t<\/div>\n\t\t\t\t<div class=\"elementor-element elementor-element-b0a25f0 elementor-widget elementor-widget-text-editor\" data-id=\"b0a25f0\" data-element_type=\"widget\" data-e-type=\"widget\" data-widget_type=\"text-editor.default\">\n\t\t\t\t\t\t\t\t\t<p>\u00c1 ind\u00f3evr\u00f3pskum samanbur\u00f0argrundvelli samsvarar Leshy skipulagslega m\u00f6rgum sk\u00f3garherra-gest\u00f6ltum. Gr\u00edski Pan og r\u00f3mverski Faunus eru fornaldarlegar hli\u00f0st\u00e6\u00f0ur hans; b\u00e1\u00f0ir eru verndargu\u00f0ir hjar\u00f0a og sk\u00f3garv\u00e6ttir, b\u00e1\u00f0ir hafa tv\u00edr\u00e6\u00f0an og brag\u00f0agla\u00f0an karakter, b\u00e1\u00f0ir geta villt vegfarendur (\u00abpan\u00edsk skelfing\u00bb).<\/p><p>Keltneska Cernunnos, hyrndi \u00abherra d\u00fdranna\u00bb, myndar a\u00f0ra hli\u00f0st\u00e6\u00f0u. \u00cd germ\u00f6nsku <span class=\"iwg-fachbegriff\" data-tooltip=\"Heild gu\u00f0a \u00ed tr\u00faarbr\u00f6g\u00f0um e\u00f0a menningu.\" tabindex=\"0\">go\u00f0aveldi<\/span> er n\u00e1nasta samsv\u00f6run \u00abVilti ma\u00f0urinn\u00bb \u00fej\u00f3\u00f0sagnahef\u00f0arins, s\u00ed\u00f0ur einst\u00f6k gestalt en heill flokkur sk\u00f3garv\u00e6tta.<\/p>\n<p>Carlo Ginzburg hefur \u00ed \u00abI Benandanti\u00bb (1966) og \u00ed s\u00ed\u00f0ari verkum varpa\u00f0 lj\u00f3si \u00e1 evr\u00f3pska v\u00ed\u00f0t\u00e6ka d\u00fdpt \u00feessa sk\u00f3garherra-flokks og bent \u00e1 tengsl hans vi\u00f0 sjaman\u00edska undirst\u00f6\u00f0u austurevr\u00f3pskrar tr\u00faarlegrar i\u00f0ju. Mircea Eliade hefur dregi\u00f0 svipa\u00f0ar l\u00ednur \u00ed \u00abLe chamanisme\u00bb (1951). Heimskautsl\u00e6g samanbur\u00f0ar-<span class=\"iwg-fachbegriff\" data-tooltip=\"Heild var\u00f0veittra gu\u00f0afr\u00e1sagna menningar.\" tabindex=\"0\">go\u00f0afr\u00e6\u00f0i<\/span> \u00feekkir fj\u00f6lda sk\u00f3garherra hj\u00e1 s\u00edber\u00edskum, samojedskum og forn-s\u00edber\u00edsk-amer\u00edskum \u00fej\u00f3\u00f0um.<\/p>\t\t\t\t\t\t\t\t<\/div>\n\t\t\t\t<\/div>\n\t\t<div class=\"elementor-element elementor-element-c1b4924 e-con-full e-flex e-con e-child\" data-id=\"c1b4924\" data-element_type=\"container\" data-e-type=\"container\">\n\t\t\t\t<div class=\"elementor-element elementor-element-fdfb838 elementor-widget elementor-widget-heading\" data-id=\"fdfb838\" data-element_type=\"widget\" data-e-type=\"widget\" data-widget_type=\"heading.default\">\n\t\t\t\t\t<h2 class=\"elementor-heading-title elementor-size-default\">Leshy \u00ed n\u00fat\u00edma d\u00e6gurmenningu<\/h2>\t\t\t\t<\/div>\n\t\t\t\t<div class=\"elementor-element elementor-element-3967bff elementor-widget elementor-widget-text-editor\" data-id=\"3967bff\" data-element_type=\"widget\" data-e-type=\"widget\" data-widget_type=\"text-editor.default\">\n\t\t\t\t\t\t\t\t\t<p><span data-nosnippet>\u00cd samt\u00edma fantas\u00edub\u00f3kmenntum er Leshy \u00e1berandi pers\u00f3na. Andrzej Sapkowski hefur \u00ed \u00abWitcher\u00bb-b\u00f3kaflokknum (fr\u00e1 1986) og \u00ed samnefndri t\u00f6lvuleikjaser\u00edu (fr\u00e1 2007) fest \u00abLeshen\u00bb \u00ed sessi sem mi\u00f0l\u00e6gan n\u00e1tt\u00faruv\u00e6tt og \u00feannig gert slavneska <span class=\"iwg-fachbegriff\" data-tooltip=\"Hin munnlega arfleif\u00f0 \u00fej\u00f3\u00f0menningar me\u00f0 si\u00f0um, s\u00f6gum og kv\u00e6\u00f0um.\" tabindex=\"0\">\u00fej\u00f3\u00f0tr\u00fa<\/span>-hef\u00f0 a\u00f0gengilega fyrir al\u00fej\u00f3\u00f0legan lesendah\u00f3p.<\/span><\/p><p>Maria Semjonova \u00ed \u00abVolkhv\u00bb-b\u00f3kaflokki s\u00ednum, Olga Gromyko og a\u00f0rir r\u00fassneskum\u00e6landi fantas\u00eduh\u00f6fundar hafa unni\u00f0 me\u00f0 Leshy \u00e1 \u00e1\u00feekkan h\u00e1tt.<\/p>\n<p>\u00cd myndlist 19. og 20. aldar (Viktor Vasnetsov, Ivan Bilibin, Mikhail Vrubel) er Leshy endurtekin pers\u00f3na. M\u00e1lverk Vasnetsovs af r\u00fassneska \u00e6vint\u00fdraheiminum hafa m\u00f3ta\u00f0 sj\u00f3nmynd Leshy allt til okkar daga.<\/p><p>Innan r\u00e9tttr\u00fana\u00f0arkristni er Leshy formlega talinn \u00f3hreinn v\u00e6ttur (\u00abnechistaja sila\u00bb); \u00feessi gu\u00f0fr\u00e6\u00f0ilega ford\u00e6ming hefur \u00fe\u00f3 engan veginn \u00feurrka\u00f0 \u00fat \u00fej\u00f3\u00f0tr\u00faari\u00f0kunina. \u00devert \u00e1 m\u00f3ti hefur h\u00fan leitt til bl\u00f6ndu af kristinni tr\u00fa og fornri, kristnit\u00f6ku eldri <span class=\"iwg-fachbegriff\" data-tooltip=\"Heildarsafn hef\u00f0bundinna si\u00f0a samf\u00e9lags.\" tabindex=\"0\">venjuhef\u00f0<\/span>.<\/p>\t\t\t\t\t\t\t\t<\/div>\n\t\t\t\t<\/div>\n\t\t\t\t\t<\/div>\n\t\t\t\t<\/div>\n\t\t\t\t<\/div>\n\t\t","protected":false},"excerpt":{"rendered":"","protected":false},"author":3,"featured_media":3267,"parent":0,"menu_order":0,"comment_status":"closed","ping_status":"closed","template":"elementor_header_footer","meta":{"_yoast_wpseo_focuskw":"Leshy","_yoast_wpseo_title":"Leshy \u2013 Slavneskur sk\u00f3garandi og verndari \u00f3bygg\u00f0a | iWell Guard","_yoast_wpseo_metadesc":"Leshy er slavneskur sk\u00f3garandi, verndari d\u00fdra og villir vegfarendur af lei\u00f0. Birtist \u00fdmist sem gamall ma\u00f0ur e\u00f0a risi. Go\u00f0s\u00f6gn og hef\u00f0.","_yoast_wpseo_meta-robots-noindex":"","_yoast_wpseo_canonical":"","_angie_page":false,"gefaehrdungsstufe":"3","wesen_kultur":"slawisch","wesen_klasse":"goetter","footnotes":""},"categories":[],"class_list":["post-169092","page","type-page","status-publish","has-post-thumbnail","hentry"],"yoast_head":"<!-- This site is optimized with the Yoast SEO Premium plugin v27.7 (Yoast SEO v28.3) - https:\/\/yoast.com\/product\/yoast-seo-premium-wordpress\/ -->\n<title>Leshy \u2013 Slavneskur sk\u00f3garandi og verndari \u00f3bygg\u00f0a | iWell Guard<\/title>\n<meta name=\"description\" content=\"Leshy er slavneskur sk\u00f3garandi, verndari d\u00fdra og villir vegfarendur af lei\u00f0. Birtist \u00fdmist sem gamall ma\u00f0ur e\u00f0a risi. Go\u00f0s\u00f6gn og hef\u00f0.\" \/>\n<meta name=\"robots\" content=\"index, follow, max-snippet:-1, max-image-preview:large, max-video-preview:-1\" \/>\n<link rel=\"canonical\" href=\"https:\/\/iwell-guard.com\/is\/leshy\/\" \/>\n<meta property=\"og:locale\" content=\"is_IS\" \/>\n<meta property=\"og:type\" content=\"article\" \/>\n<meta property=\"og:title\" content=\"Leshy\" \/>\n<meta property=\"og:description\" content=\"Leshy er slavneskur sk\u00f3garandi, verndari d\u00fdra og villir vegfarendur af lei\u00f0. Birtist \u00fdmist sem gamall ma\u00f0ur e\u00f0a risi. Go\u00f0s\u00f6gn og hef\u00f0.\" \/>\n<meta property=\"og:url\" content=\"https:\/\/iwell-guard.com\/is\/leshy\/\" \/>\n<meta property=\"og:site_name\" content=\"iWell Guard\" \/>\n<meta property=\"article:modified_time\" content=\"2026-09-05T14:32:04+00:00\" \/>\n<meta property=\"og:image\" content=\"https:\/\/iwell-guard.com\/wp-content\/uploads\/2026\/05\/goetter_slawisch_leshy.webp\" \/>\n\t<meta property=\"og:image:width\" content=\"1024\" \/>\n\t<meta property=\"og:image:height\" content=\"1536\" \/>\n\t<meta property=\"og:image:type\" content=\"image\/webp\" \/>\n<meta name=\"twitter:card\" content=\"summary_large_image\" \/>\n<script type=\"application\/ld+json\" class=\"yoast-schema-graph\">{\"@context\":\"https:\\\/\\\/schema.org\",\"@graph\":[{\"@type\":\"WebPage\",\"@id\":\"https:\\\/\\\/iwell-guard.com\\\/is\\\/leshy\\\/\",\"url\":\"https:\\\/\\\/iwell-guard.com\\\/is\\\/leshy\\\/\",\"name\":\"Leshy \u2013 Slavneskur sk\u00f3garandi og verndari \u00f3bygg\u00f0a | iWell Guard\",\"isPartOf\":{\"@id\":\"https:\\\/\\\/iwell-guard.com\\\/is\\\/#website\"},\"primaryImageOfPage\":{\"@id\":\"https:\\\/\\\/iwell-guard.com\\\/is\\\/leshy\\\/#primaryimage\"},\"image\":{\"@id\":\"https:\\\/\\\/iwell-guard.com\\\/is\\\/leshy\\\/#primaryimage\"},\"thumbnailUrl\":\"https:\\\/\\\/iwell-guard.com\\\/wp-content\\\/uploads\\\/2026\\\/05\\\/goetter_slawisch_leshy.webp\",\"datePublished\":\"2026-09-05T14:05:31+00:00\",\"dateModified\":\"2026-09-05T14:32:04+00:00\",\"description\":\"Leshy er slavneskur sk\u00f3garandi, verndari d\u00fdra og villir vegfarendur af lei\u00f0. Birtist \u00fdmist sem gamall ma\u00f0ur e\u00f0a risi. Go\u00f0s\u00f6gn og hef\u00f0.\",\"breadcrumb\":{\"@id\":\"https:\\\/\\\/iwell-guard.com\\\/is\\\/leshy\\\/#breadcrumb\"},\"inLanguage\":\"is\",\"potentialAction\":[{\"@type\":\"ReadAction\",\"target\":[\"https:\\\/\\\/iwell-guard.com\\\/is\\\/leshy\\\/\"]}]},{\"@type\":\"ImageObject\",\"inLanguage\":\"is\",\"@id\":\"https:\\\/\\\/iwell-guard.com\\\/is\\\/leshy\\\/#primaryimage\",\"url\":\"https:\\\/\\\/iwell-guard.com\\\/wp-content\\\/uploads\\\/2026\\\/05\\\/goetter_slawisch_leshy.webp\",\"contentUrl\":\"https:\\\/\\\/iwell-guard.com\\\/wp-content\\\/uploads\\\/2026\\\/05\\\/goetter_slawisch_leshy.webp\",\"width\":1024,\"height\":1536,\"caption\":\"Gu\u00f0ir \u00far slavneskri hef\u00f0.\"},{\"@type\":\"BreadcrumbList\",\"@id\":\"https:\\\/\\\/iwell-guard.com\\\/is\\\/leshy\\\/#breadcrumb\",\"itemListElement\":[{\"@type\":\"ListItem\",\"position\":1,\"name\":\"Start\",\"item\":\"https:\\\/\\\/iwell-guard.com\\\/is\\\/?page_id=168580\"},{\"@type\":\"ListItem\",\"position\":2,\"name\":\"Leshy\"}]},{\"@type\":\"WebSite\",\"@id\":\"https:\\\/\\\/iwell-guard.com\\\/is\\\/#website\",\"url\":\"https:\\\/\\\/iwell-guard.com\\\/is\\\/\",\"name\":\"iWell Guard\",\"description\":\"Schutz vor dunklen Einfl\u00fcssen\",\"publisher\":{\"@id\":\"https:\\\/\\\/iwell-guard.com\\\/is\\\/#organization\"},\"potentialAction\":[{\"@type\":\"SearchAction\",\"target\":{\"@type\":\"EntryPoint\",\"urlTemplate\":\"https:\\\/\\\/iwell-guard.com\\\/is\\\/?s={search_term_string}\"},\"query-input\":{\"@type\":\"PropertyValueSpecification\",\"valueRequired\":true,\"valueName\":\"search_term_string\"}}],\"inLanguage\":\"is\"},{\"@type\":\"Organization\",\"@id\":\"https:\\\/\\\/iwell-guard.com\\\/is\\\/#organization\",\"name\":\"Ittermann electronic GmbH\",\"url\":\"https:\\\/\\\/iwell-guard.com\\\/is\\\/\",\"logo\":{\"@type\":\"ImageObject\",\"inLanguage\":\"is\",\"@id\":\"https:\\\/\\\/iwell-guard.com\\\/is\\\/#\\\/schema\\\/logo\\\/image\\\/\",\"url\":\"https:\\\/\\\/iwell-guard.com\\\/wp-content\\\/uploads\\\/2026\\\/05\\\/Ittermann-Logo-1182x237-1.png\",\"contentUrl\":\"https:\\\/\\\/iwell-guard.com\\\/wp-content\\\/uploads\\\/2026\\\/05\\\/Ittermann-Logo-1182x237-1.png\",\"width\":1182,\"height\":237,\"caption\":\"Ittermann electronic GmbH\"},\"image\":{\"@id\":\"https:\\\/\\\/iwell-guard.com\\\/is\\\/#\\\/schema\\\/logo\\\/image\\\/\"},\"sameAs\":[\"https:\\\/\\\/pantip.com\\\/profile\\\/9367242\",\"https:\\\/\\\/micro.blog\\\/iwellguard\",\"https:\\\/\\\/www.diggerslist.com\\\/iwellguard\\\/about\",\"https:\\\/\\\/skitterphoto.com\\\/photographers\\\/2870314\\\/iwell-guard\",\"https:\\\/\\\/iwellguard.wordpress.com\\\/2026\\\/06\\\/06\\\/iwell-guard\\\/\",\"https:\\\/\\\/hub.docker.com\\\/u\\\/iwellguard\",\"https:\\\/\\\/www.pinterest.com\\\/iwellguard\\\/\",\"https:\\\/\\\/bit.ly\\\/m\\\/iwellguard\",\"https:\\\/\\\/entre-vos-mains.alsace.eu\\\/profiles\\\/iwellguard\\\/activity\",\"https:\\\/\\\/gravatar.com\\\/reallybeded8fd34\",\"https:\\\/\\\/naijamatta.com\\\/iwellguard\",\"https:\\\/\\\/www.goodreads.com\\\/iwellguard\",\"https:\\\/\\\/profile.hatena.ne.jp\\\/iwellguard\\\/\",\"https:\\\/\\\/experiment.com\\\/users\\\/iwellguard\",\"https:\\\/\\\/wakelet.com\\\/@iWellGuard82270\",\"https:\\\/\\\/www.chordie.com\\\/forum\\\/profile.php?id=2555664\",\"https:\\\/\\\/www.instapaper.com\\\/p\\\/17757966\",\"https:\\\/\\\/www.mapleprimes.com\\\/users\\\/iwellguard\",\"https:\\\/\\\/businesslistingplus.com\\\/profile\\\/iwell-guard\\\/\",\"https:\\\/\\\/telegra.ph\\\/iWell-Guard-06-06\",\"https:\\\/\\\/pbase.com\\\/iwellguard\\\/iwellguard\",\"https:\\\/\\\/b.hatena.ne.jp\\\/iwellguard\\\/20260607#bookmark-4788405196491818882\",\"https:\\\/\\\/fliphtml5.com\\\/home\\\/iwellguard\",\"https:\\\/\\\/anyflip.com\\\/homepage\\\/cmiwl#About\",\"https:\\\/\\\/transfur.com\\\/Users\\\/iwellguard\",\"http:\\\/\\\/delphi.larsbo.org\\\/user\\\/iwellguard\",\"https:\\\/\\\/jobs.lajobsportal.org\\\/profiles\\\/8380803-iwell-guard\",\"https:\\\/\\\/md.chaosdorf.de\\\/s\\\/jfbe5SBdJD\",\"https:\\\/\\\/www.lingvolive.com\\\/en-us\\\/profile\\\/9ecaeaca-ce11-4e51-9e71-01d55e2bff36\\\/translations\",\"https:\\\/\\\/www.fitday.com\\\/fitness\\\/forums\\\/members\\\/iwellguard.html\",\"https:\\\/\\\/www.mymeetbook.com\\\/iwellguard\",\"https:\\\/\\\/pxhere.com\\\/en\\\/photographer-me\\\/5040798\",\"https:\\\/\\\/disqus.com\\\/by\\\/iwellguard\\\/about\\\/\",\"https:\\\/\\\/pastelink.net\\\/hjwciqwq\",\"https:\\\/\\\/pubhtml5.com\\\/homepage\\\/scjhn\\\/\",\"https:\\\/\\\/www.bitchute.com\\\/channel\\\/2O2eOKzNqujT\",\"https:\\\/\\\/audiomack.com\\\/iwellguard\"]},{\"@type\":\"Article\",\"@id\":\"https:\\\/\\\/iwell-guard.com\\\/is\\\/leshy\\\/#article\",\"isPartOf\":{\"@id\":\"https:\\\/\\\/iwell-guard.com\\\/is\\\/leshy\\\/\"},\"author\":{\"name\":\"Ralf Ittermann\",\"@id\":\"https:\\\/\\\/iwell-guard.com\\\/is\\\/#\\\/schema\\\/person\\\/ee2a27f1cac3406c7c6fb5820cb7349f\"},\"headline\":\"Leshy\",\"datePublished\":\"2026-09-05T14:05:31+00:00\",\"dateModified\":\"2026-09-05T14:32:04+00:00\",\"mainEntityOfPage\":{\"@id\":\"https:\\\/\\\/iwell-guard.com\\\/is\\\/leshy\\\/\"},\"publisher\":{\"@id\":\"https:\\\/\\\/iwell-guard.com\\\/is\\\/#organization\"},\"image\":{\"@id\":\"https:\\\/\\\/iwell-guard.com\\\/is\\\/leshy\\\/#primaryimage\"},\"thumbnailUrl\":\"https:\\\/\\\/iwell-guard.com\\\/wp-content\\\/uploads\\\/2026\\\/05\\\/goetter_slawisch_leshy.webp\",\"inLanguage\":\"is\",\"description\":\"Leshy er slavneskur sk\u00f3garandi, verndari d\u00fdra og villir vegfarendur af lei\u00f0. Birtist \u00fdmist sem gamall ma\u00f0ur e\u00f0a risi. Go\u00f0s\u00f6gn og hef\u00f0.\"}]}<\/script>\n<!-- \/ Yoast SEO Premium plugin. -->","yoast_head_json":{"title":"Leshy \u2013 Slavneskur sk\u00f3garandi og verndari \u00f3bygg\u00f0a | iWell Guard","description":"Leshy er slavneskur sk\u00f3garandi, verndari d\u00fdra og villir vegfarendur af lei\u00f0. Birtist \u00fdmist sem gamall ma\u00f0ur e\u00f0a risi. Go\u00f0s\u00f6gn og hef\u00f0.","robots":{"index":"index","follow":"follow","max-snippet":"max-snippet:-1","max-image-preview":"max-image-preview:large","max-video-preview":"max-video-preview:-1"},"canonical":"https:\/\/iwell-guard.com\/is\/leshy\/","og_locale":"is_IS","og_type":"article","og_title":"Leshy","og_description":"Leshy er slavneskur sk\u00f3garandi, verndari d\u00fdra og villir vegfarendur af lei\u00f0. Birtist \u00fdmist sem gamall ma\u00f0ur e\u00f0a risi. Go\u00f0s\u00f6gn og hef\u00f0.","og_url":"https:\/\/iwell-guard.com\/is\/leshy\/","og_site_name":"iWell Guard","article_modified_time":"2026-09-05T14:32:04+00:00","og_image":[{"width":1024,"height":1536,"url":"https:\/\/iwell-guard.com\/wp-content\/uploads\/2026\/05\/goetter_slawisch_leshy.webp","type":"image\/webp"}],"twitter_card":"summary_large_image","schema":{"@context":"https:\/\/schema.org","@graph":[{"@type":"Article","@id":"https:\/\/iwell-guard.com\/is\/leshy\/#article","isPartOf":{"@id":"https:\/\/iwell-guard.com\/is\/leshy\/"},"author":{"name":"Ralf Ittermann","@id":"https:\/\/iwell-guard.com\/is\/#\/schema\/person\/ee2a27f1cac3406c7c6fb5820cb7349f"},"headline":"Leshy","datePublished":"2026-09-05T14:05:31+00:00","dateModified":"2026-09-05T14:32:04+00:00","mainEntityOfPage":{"@id":"https:\/\/iwell-guard.com\/is\/leshy\/"},"publisher":{"@id":"https:\/\/iwell-guard.com\/is\/#organization"},"image":{"@id":"https:\/\/iwell-guard.com\/is\/leshy\/#primaryimage"},"thumbnailUrl":"https:\/\/iwell-guard.com\/wp-content\/uploads\/2026\/05\/goetter_slawisch_leshy.webp","inLanguage":"is","description":"Leshy er slavneskur sk\u00f3garandi, verndari d\u00fdra og villir vegfarendur af lei\u00f0. Birtist \u00fdmist sem gamall ma\u00f0ur e\u00f0a risi. Go\u00f0s\u00f6gn og hef\u00f0."},{"@type":"WebPage","@id":"https:\/\/iwell-guard.com\/is\/leshy\/","url":"https:\/\/iwell-guard.com\/is\/leshy\/","name":"Leshy \u2013 Slavneskur sk\u00f3garandi og verndari \u00f3bygg\u00f0a | iWell Guard","isPartOf":{"@id":"https:\/\/iwell-guard.com\/is\/#website"},"primaryImageOfPage":{"@id":"https:\/\/iwell-guard.com\/is\/leshy\/#primaryimage"},"image":{"@id":"https:\/\/iwell-guard.com\/is\/leshy\/#primaryimage"},"thumbnailUrl":"https:\/\/iwell-guard.com\/wp-content\/uploads\/2026\/05\/goetter_slawisch_leshy.webp","datePublished":"2026-09-05T14:05:31+00:00","dateModified":"2026-09-05T14:32:04+00:00","description":"Leshy er slavneskur sk\u00f3garandi, verndari d\u00fdra og villir vegfarendur af lei\u00f0. Birtist \u00fdmist sem gamall ma\u00f0ur e\u00f0a risi. Go\u00f0s\u00f6gn og hef\u00f0.","breadcrumb":{"@id":"https:\/\/iwell-guard.com\/is\/leshy\/#breadcrumb"},"inLanguage":"is","potentialAction":[{"@type":"ReadAction","target":["https:\/\/iwell-guard.com\/is\/leshy\/"]}]},{"@type":"ImageObject","inLanguage":"is","@id":"https:\/\/iwell-guard.com\/is\/leshy\/#primaryimage","url":"https:\/\/iwell-guard.com\/wp-content\/uploads\/2026\/05\/goetter_slawisch_leshy.webp","contentUrl":"https:\/\/iwell-guard.com\/wp-content\/uploads\/2026\/05\/goetter_slawisch_leshy.webp","width":1024,"height":1536,"caption":"Gu\u00f0ir \u00far slavneskri hef\u00f0."},{"@type":"BreadcrumbList","@id":"https:\/\/iwell-guard.com\/is\/leshy\/#breadcrumb","itemListElement":[{"@type":"ListItem","position":1,"name":"Start","item":"https:\/\/iwell-guard.com\/is\/?page_id=168580"},{"@type":"ListItem","position":2,"name":"Leshy"}]},{"@type":"WebSite","@id":"https:\/\/iwell-guard.com\/is\/#website","url":"https:\/\/iwell-guard.com\/is\/","name":"iWell Guard","description":"Schutz vor dunklen Einfl\u00fcssen","publisher":{"@id":"https:\/\/iwell-guard.com\/is\/#organization"},"potentialAction":[{"@type":"SearchAction","target":{"@type":"EntryPoint","urlTemplate":"https:\/\/iwell-guard.com\/is\/?s={search_term_string}"},"query-input":{"@type":"PropertyValueSpecification","valueRequired":true,"valueName":"search_term_string"}}],"inLanguage":"is"},{"@type":"Organization","@id":"https:\/\/iwell-guard.com\/is\/#organization","name":"Ittermann electronic GmbH","url":"https:\/\/iwell-guard.com\/is\/","logo":{"@type":"ImageObject","inLanguage":"is","@id":"https:\/\/iwell-guard.com\/is\/#\/schema\/logo\/image\/","url":"https:\/\/iwell-guard.com\/wp-content\/uploads\/2026\/05\/Ittermann-Logo-1182x237-1.png","contentUrl":"https:\/\/iwell-guard.com\/wp-content\/uploads\/2026\/05\/Ittermann-Logo-1182x237-1.png","width":1182,"height":237,"caption":"Ittermann electronic GmbH"},"image":{"@id":"https:\/\/iwell-guard.com\/is\/#\/schema\/logo\/image\/"},"sameAs":["https:\/\/pantip.com\/profile\/9367242","https:\/\/micro.blog\/iwellguard","https:\/\/www.diggerslist.com\/iwellguard\/about","https:\/\/skitterphoto.com\/photographers\/2870314\/iwell-guard","https:\/\/iwellguard.wordpress.com\/2026\/06\/06\/iwell-guard\/","https:\/\/hub.docker.com\/u\/iwellguard","https:\/\/www.pinterest.com\/iwellguard\/","https:\/\/bit.ly\/m\/iwellguard","https:\/\/entre-vos-mains.alsace.eu\/profiles\/iwellguard\/activity","https:\/\/gravatar.com\/reallybeded8fd34","https:\/\/naijamatta.com\/iwellguard","https:\/\/www.goodreads.com\/iwellguard","https:\/\/profile.hatena.ne.jp\/iwellguard\/","https:\/\/experiment.com\/users\/iwellguard","https:\/\/wakelet.com\/@iWellGuard82270","https:\/\/www.chordie.com\/forum\/profile.php?id=2555664","https:\/\/www.instapaper.com\/p\/17757966","https:\/\/www.mapleprimes.com\/users\/iwellguard","https:\/\/businesslistingplus.com\/profile\/iwell-guard\/","https:\/\/telegra.ph\/iWell-Guard-06-06","https:\/\/pbase.com\/iwellguard\/iwellguard","https:\/\/b.hatena.ne.jp\/iwellguard\/20260607#bookmark-4788405196491818882","https:\/\/fliphtml5.com\/home\/iwellguard","https:\/\/anyflip.com\/homepage\/cmiwl#About","https:\/\/transfur.com\/Users\/iwellguard","http:\/\/delphi.larsbo.org\/user\/iwellguard","https:\/\/jobs.lajobsportal.org\/profiles\/8380803-iwell-guard","https:\/\/md.chaosdorf.de\/s\/jfbe5SBdJD","https:\/\/www.lingvolive.com\/en-us\/profile\/9ecaeaca-ce11-4e51-9e71-01d55e2bff36\/translations","https:\/\/www.fitday.com\/fitness\/forums\/members\/iwellguard.html","https:\/\/www.mymeetbook.com\/iwellguard","https:\/\/pxhere.com\/en\/photographer-me\/5040798","https:\/\/disqus.com\/by\/iwellguard\/about\/","https:\/\/pastelink.net\/hjwciqwq","https:\/\/pubhtml5.com\/homepage\/scjhn\/","https:\/\/www.bitchute.com\/channel\/2O2eOKzNqujT","https:\/\/audiomack.com\/iwellguard"]},{"@type":"Person","@id":"https:\/\/iwell-guard.com\/is\/#\/schema\/person\/ee2a27f1cac3406c7c6fb5820cb7349f","name":"Ralf Ittermann","image":{"@type":"ImageObject","inLanguage":"is","@id":"https:\/\/secure.gravatar.com\/avatar\/073c0153e350a5005b68eb752b445fea71f6b24a26da9449ad7e155e6b446c9d?s=96&d=mm&r=g","url":"https:\/\/secure.gravatar.com\/avatar\/073c0153e350a5005b68eb752b445fea71f6b24a26da9449ad7e155e6b446c9d?s=96&d=mm&r=g","contentUrl":"https:\/\/secure.gravatar.com\/avatar\/073c0153e350a5005b68eb752b445fea71f6b24a26da9449ad7e155e6b446c9d?s=96&d=mm&r=g","caption":"Ralf Ittermann"},"givenName":"Ralf","familyName":"Ittermann","jobTitle":"Gesch\u00e4ftsf\u00fchrer und redaktioneller Verantwortlicher","url":"https:\/\/iwell-guard.com\/is\/author\/claude\/","description":"Ralf Ittermann ist Gesch\u00e4ftsf\u00fchrer der Ittermann electronic GmbH und redaktioneller Verantwortlicher des iWell-Guard-Lexikons. Er verbindet langj\u00e4hrige Erfahrung in der Pr\u00e4zisionsfertigung mit medialer Praxis und religionsgeschichtlicher Quellenarbeit.","worksFor":{"@type":"Organization","name":"Ittermann electronic GmbH","url":"https:\/\/ittermann.de\/","address":{"@type":"PostalAddress","streetAddress":"K\u00f6hlergasse 16-18","postalCode":"99842","addressLocality":"Ruhla","addressCountry":"DE"}},"knowsAbout":["Religionsgeschichte","Mythologie","Mediale Praxis","Energetische Diagnostik","Schutzpraxis","Volksglauben","Westliche Esoterik"]},{"@type":"Article","@id":"https:\/\/iwell-guard.com\/is\/leshy\/#article","isPartOf":{"@id":"https:\/\/iwell-guard.com\/is\/leshy\/"},"author":{"name":"Ralf Ittermann","@id":"https:\/\/iwell-guard.com\/is\/#\/schema\/person\/ee2a27f1cac3406c7c6fb5820cb7349f"},"headline":"Leshy","datePublished":"2026-09-05T14:05:31+00:00","dateModified":"2026-09-05T14:32:04+00:00","mainEntityOfPage":{"@id":"https:\/\/iwell-guard.com\/is\/leshy\/"},"publisher":{"@id":"https:\/\/iwell-guard.com\/is\/#organization"},"image":{"@id":"https:\/\/iwell-guard.com\/is\/leshy\/#primaryimage"},"thumbnailUrl":"https:\/\/iwell-guard.com\/wp-content\/uploads\/2026\/05\/goetter_slawisch_leshy.webp","inLanguage":"is","description":"Leshy er slavneskur sk\u00f3garandi, verndari d\u00fdra og villir vegfarendur af lei\u00f0. Birtist \u00fdmist sem gamall ma\u00f0ur e\u00f0a risi. Go\u00f0s\u00f6gn og hef\u00f0."}]}},"_links":{"self":[{"href":"https:\/\/iwell-guard.com\/is\/wp-json\/wp\/v2\/pages\/169092","targetHints":{"allow":["GET"]}}],"collection":[{"href":"https:\/\/iwell-guard.com\/is\/wp-json\/wp\/v2\/pages"}],"about":[{"href":"https:\/\/iwell-guard.com\/is\/wp-json\/wp\/v2\/types\/page"}],"author":[{"embeddable":true,"href":"https:\/\/iwell-guard.com\/is\/wp-json\/wp\/v2\/users\/3"}],"replies":[{"embeddable":true,"href":"https:\/\/iwell-guard.com\/is\/wp-json\/wp\/v2\/comments?post=169092"}],"version-history":[{"count":0,"href":"https:\/\/iwell-guard.com\/is\/wp-json\/wp\/v2\/pages\/169092\/revisions"}],"wp:featuredmedia":[{"embeddable":true,"href":"https:\/\/iwell-guard.com\/is\/wp-json\/wp\/v2\/media\/3267"}],"wp:attachment":[{"href":"https:\/\/iwell-guard.com\/is\/wp-json\/wp\/v2\/media?parent=169092"}],"wp:term":[{"taxonomy":"category","embeddable":true,"href":"https:\/\/iwell-guard.com\/is\/wp-json\/wp\/v2\/categories?post=169092"}],"curies":[{"name":"wp","href":"https:\/\/api.w.org\/{rel}","templated":true}]}}