{"id":169091,"date":"2026-09-05T14:05:30","date_gmt":"2026-09-05T14:05:30","guid":{"rendered":"https:\/\/iwell-guard.com\/?page_id=169091"},"modified":"2026-09-05T14:32:02","modified_gmt":"2026-09-05T14:32:02","slug":"jarilo","status":"publish","type":"page","link":"https:\/\/iwell-guard.com\/is\/jarilo\/","title":{"rendered":"Jarilo"},"content":{"rendered":"\t\t<div data-elementor-type=\"wp-page\" data-elementor-id=\"169091\" class=\"elementor elementor-169091 elementor-3032 elementor-bc-flex-widget\" data-elementor-post-type=\"page\">\n\t\t\t\t<div class=\"elementor-element elementor-element-e59cb9a e-flex e-con-boxed e-con e-parent\" data-id=\"e59cb9a\" data-element_type=\"container\" data-e-type=\"container\" data-settings=\"{&quot;background_background&quot;:&quot;classic&quot;}\">\n\t\t\t\t\t<div class=\"e-con-inner\">\n\t\t<div class=\"elementor-element elementor-element-aea652a e-flex e-con-boxed e-con e-child\" data-id=\"aea652a\" data-element_type=\"container\" data-e-type=\"container\">\n\t\t\t\t\t<div class=\"e-con-inner\">\n\t\t<div class=\"elementor-element elementor-element-8d7ff98 e-con-full e-flex e-con e-child\" data-id=\"8d7ff98\" data-element_type=\"container\" data-e-type=\"container\">\n\t\t\t\t<div class=\"elementor-element elementor-element-7c29b30 elementor-widget elementor-widget-heading\" data-id=\"7c29b30\" data-element_type=\"widget\" data-e-type=\"widget\" data-widget_type=\"heading.default\">\n\t\t\t\t\t<h1 class=\"elementor-heading-title elementor-size-default\">Jarilo, slavneskur gu\u00f0 vorsins<\/h1>\t\t\t\t<\/div>\n\t\t\t\t<div class=\"elementor-element elementor-element-cfd1a7a elementor-widget elementor-widget-text-editor\" data-id=\"cfd1a7a\" data-element_type=\"widget\" data-e-type=\"widget\" data-widget_type=\"text-editor.default\">\n\t\t\t\t\t\t\t\t\t<p>Jarilo er slavneskur gu\u00f0 vorsins og frj\u00f3semi, og h\u00e1t\u00ed\u00f0 hans marka\u00f0i upphaf hl\u00fdrri og vaxtarr\u00edkari \u00e1rst\u00ed\u00f0ar. Jarilo (einnig kalla\u00f0ur Jary\u0142o, Jarila, \u00e1 su\u00f0urslavneskum m\u00e1lum Juraj\/Jurij) er \u00ed slavneska <span class=\"iwg-fachbegriff\" data-tooltip=\"Heild gu\u00f0a innan tr\u00faarbrag\u00f0a e\u00f0a menningar.\" tabindex=\"0\">go\u00f0aheiminum (pantheon)<\/span> gu\u00f0 vorsins, frj\u00f3semi og hins endurvakna gr\u00f3\u00f0urs.<\/p><p>Hann heyrir til \u00feeirra gu\u00f0a af ger\u00f0inni \u201edeyjandi og uppr\u00edsandi v\u00e6ttur&#8220; gr\u00f3\u00f0ursins og er tengdur \u00e1rlegri hringr\u00e1s dau\u00f0a og upprisu n\u00e1tt\u00farunnar.<\/p><p>\u00d3l\u00edkt gu\u00f0unum \u00ed hinni svok\u00f6llu\u00f0u Vladim\u00edr-sexmenningar\u00f6\u00f0 er Jarilo ekki nefndur me\u00f0 nafni \u00ed neinni beinni mi\u00f0aldaheimild; tilvist hans er endurger\u00f0 \u00fat fr\u00e1 vel skjalfestri austur- og su\u00f0urslavneskri \u00fej\u00f3\u00f0tr\u00fa um Jarilo-si\u00f0i. Fr\u00e6\u00f0imenn fjalla um hann af meiri varf\u00e6rni en t.d. Perun e\u00f0a Veles, en telja hlutverk hans sem gr\u00f3\u00f0urgu\u00f0s s\u00f6guleg l\u00edklegt.<\/p>\t\t\t\t\t\t\t\t<\/div>\n\t\t\t\t<\/div>\n\t\t<div class=\"elementor-element elementor-element-648b17b e-con-full e-flex e-con e-parent\" data-id=\"648b17b\" data-element_type=\"container\" data-e-type=\"container\">\n\t\t\t\t<div class=\"elementor-element elementor-element-38dbae4 elementor-widget elementor-widget-html\" data-id=\"38dbae4\" data-element_type=\"widget\" data-e-type=\"widget\" data-widget_type=\"html.default\">\n\t\t\t\t\t<div class=\"iwg-pill-row\"><span class=\"iwg-klasse-badge\" tabindex=\"0\" data-tooltip=\"Gu\u00f0 \/ gy\u00f0ja: Pers\u00f3nuger\u00f0 \u00e6\u00f0sta vald \u00ed go\u00f0aveldi menningar, me\u00f0 sk\u00fdrum \u00e1byrg\u00f0arsvi\u00f0um \u2014 n\u00e1tt\u00faru\u00f6fl, \u00f6rl\u00f6g, str\u00ed\u00f0, frj\u00f3semi. D\u00fdrku\u00f0 me\u00f0 helgisi\u00f0um, f\u00f3rnum og musterisstofnunum.\">Gu\u00f0<\/span><a href=\"https:\/\/iwell-guard.com\/is\/slavnesk\/\" class=\"iwg-kultur-badge\" tabindex=\"0\" data-tooltip=\"Slavnesk go\u00f0afr\u00e6\u00f0i og \u00fej\u00f3\u00f0tr\u00fa, kristnu\u00f0 fr\u00e1 10. \u00f6ld.\">Slavneskt<\/a><\/div>\t\t\t\t<\/div>\n\t\t\t\t<\/div>\n\t\t<div class=\"elementor-element elementor-element-64bf48e e-con-full e-flex e-con e-child\" data-id=\"64bf48e\" data-element_type=\"container\" data-e-type=\"container\">\n\t\t\t\t<div class=\"elementor-element elementor-element-4e393b7 elementor-toc--minimized-on-tablet elementor-widget elementor-widget-table-of-contents\" data-id=\"4e393b7\" data-element_type=\"widget\" data-e-type=\"widget\" data-settings=\"{&quot;exclude_headings_by_selector&quot;:[],&quot;no_headings_message&quot;:&quot;Engar undirfyrirsagnir fundust \\u00e1 \\u00feessari s\\u00ed\\u00f0u.&quot;,&quot;headings_by_tags&quot;:[&quot;h2&quot;,&quot;h3&quot;],&quot;marker_view&quot;:&quot;bullets&quot;,&quot;icon&quot;:{&quot;value&quot;:&quot;fas fa-circle&quot;,&quot;library&quot;:&quot;fa-solid&quot;,&quot;rendered_tag&quot;:&quot;&lt;svg class=\\&quot;e-font-icon-svg e-fas-circle\\&quot; viewBox=\\&quot;0 0 512 512\\&quot; xmlns=\\&quot;http:\\\/\\\/www.w3.org\\\/2000\\\/svg\\&quot;&gt;&lt;path d=\\&quot;M256 8C119 8 8 119 8 256s111 248 248 248 248-111 248-248S393 8 256 8z\\&quot;&gt;&lt;\\\/path&gt;&lt;\\\/svg&gt;&quot;},&quot;minimize_box&quot;:&quot;yes&quot;,&quot;minimized_on&quot;:&quot;tablet&quot;,&quot;hierarchical_view&quot;:&quot;yes&quot;,&quot;min_height&quot;:{&quot;unit&quot;:&quot;px&quot;,&quot;size&quot;:&quot;&quot;,&quot;sizes&quot;:[]},&quot;min_height_tablet&quot;:{&quot;unit&quot;:&quot;px&quot;,&quot;size&quot;:&quot;&quot;,&quot;sizes&quot;:[]},&quot;min_height_mobile&quot;:{&quot;unit&quot;:&quot;px&quot;,&quot;size&quot;:&quot;&quot;,&quot;sizes&quot;:[]}}\" data-widget_type=\"table-of-contents.default\">\n\t\t\t\t\t\t\t\t\t<div class=\"elementor-toc__header\">\n\t\t\t\t\t\t<h2 class=\"elementor-toc__header-title\">\n\t\t\t\tEfnisyfirlit\t\t\t<\/h2>\n\t\t\t\t\t\t\t\t\t\t<div class=\"elementor-toc__toggle-button elementor-toc__toggle-button--expand\" role=\"button\" tabindex=\"0\" aria-controls=\"elementor-toc__4e393b7\" aria-expanded=\"true\" aria-label=\"Open table of contents\"><svg aria-hidden=\"true\" class=\"e-font-icon-svg e-fas-chevron-down\" viewBox=\"0 0 448 512\" xmlns=\"http:\/\/www.w3.org\/2000\/svg\"><path d=\"M207.029 381.476L12.686 187.132c-9.373-9.373-9.373-24.569 0-33.941l22.667-22.667c9.357-9.357 24.522-9.375 33.901-.04L224 284.505l154.745-154.021c9.379-9.335 24.544-9.317 33.901.04l22.667 22.667c9.373 9.373 9.373 24.569 0 33.941L240.971 381.476c-9.373 9.372-24.569 9.372-33.942 0z\"><\/path><\/svg><\/div>\n\t\t\t\t<div class=\"elementor-toc__toggle-button elementor-toc__toggle-button--collapse\" role=\"button\" tabindex=\"0\" aria-controls=\"elementor-toc__4e393b7\" aria-expanded=\"true\" aria-label=\"Close table of contents\"><svg aria-hidden=\"true\" class=\"e-font-icon-svg e-fas-chevron-up\" viewBox=\"0 0 448 512\" xmlns=\"http:\/\/www.w3.org\/2000\/svg\"><path d=\"M240.971 130.524l194.343 194.343c9.373 9.373 9.373 24.569 0 33.941l-22.667 22.667c-9.357 9.357-24.522 9.375-33.901.04L224 227.495 69.255 381.516c-9.379 9.335-24.544 9.317-33.901-.04l-22.667-22.667c-9.373-9.373-9.373-24.569 0-33.941L207.03 130.525c9.372-9.373 24.568-9.373 33.941-.001z\"><\/path><\/svg><\/div>\n\t\t\t\t\t<\/div>\n\t\t\t\t<div id=\"elementor-toc__4e393b7\" class=\"elementor-toc__body\">\n\t\t\t<div class=\"elementor-toc__spinner-container\">\n\t\t\t\t<svg class=\"elementor-toc__spinner eicon-animation-spin e-font-icon-svg e-eicon-loading\" aria-hidden=\"true\" viewBox=\"0 0 1000 1000\" xmlns=\"http:\/\/www.w3.org\/2000\/svg\"><path d=\"M500 975V858C696 858 858 696 858 500S696 142 500 142 142 304 142 500H25C25 237 238 25 500 25S975 237 975 500 763 975 500 975Z\"><\/path><\/svg>\t\t\t<\/div>\n\t\t<\/div>\n\t\t\t\t\t\t<\/div>\n\t\t\t\t<\/div>\n\t\t\t\t\t<\/div>\n\t\t\t\t<\/div>\n\t\t<div class=\"elementor-element elementor-element-96751ac e-con-full e-flex e-con e-child\" data-id=\"96751ac\" data-element_type=\"container\" data-e-type=\"container\">\n\t\t\t\t<div class=\"elementor-element elementor-element-69e12b9 iwg-hero-image elementor-widget elementor-widget-image\" data-id=\"69e12b9\" data-element_type=\"widget\" data-e-type=\"widget\" data-widget_type=\"image.default\">\n\t\t\t\t\t\t\t\t\t\t\t\t\t\t\t<img fetchpriority=\"high\" decoding=\"async\" width=\"683\" height=\"1024\" src=\"https:\/\/iwell-guard.com\/wp-content\/uploads\/2026\/05\/goetter_slawisch_jarilo-683x1024.webp\" class=\"attachment-large size-large wp-image-170690\" alt=\"Jarilo - gu\u00f0 \u00far slavneskri hef\u00f0, s\u00f6guleg myndskreyting\" srcset=\"https:\/\/iwell-guard.com\/wp-content\/uploads\/2026\/05\/goetter_slawisch_jarilo-683x1024.webp 683w, https:\/\/iwell-guard.com\/wp-content\/uploads\/2026\/05\/goetter_slawisch_jarilo-200x300.webp 200w, https:\/\/iwell-guard.com\/wp-content\/uploads\/2026\/05\/goetter_slawisch_jarilo-768x1152.webp 768w, https:\/\/iwell-guard.com\/wp-content\/uploads\/2026\/05\/goetter_slawisch_jarilo.webp 1024w\" sizes=\"(max-width: 683px) 100vw, 683px\" \/>\t\t\t\t\t\t\t\t\t\t\t\t\t\t\t<\/div>\n\t\t\t\t<\/div>\n\t\t\t\t\t<\/div>\n\t\t\t\t<\/div>\n\t\t<div class=\"elementor-element elementor-element-01dbec0 e-con-boxed e-flex e-con e-parent\" data-id=\"01dbec0\" data-element_type=\"container\" data-e-type=\"container\">\n\t\t\t\t\t<div class=\"e-con-inner\">\n\t\t<div class=\"elementor-element elementor-element-56cdb6e e-con-full e-flex e-con e-child\" data-id=\"56cdb6e\" data-element_type=\"container\" data-e-type=\"container\">\n\t\t\t\t<div class=\"elementor-element elementor-element-d835672 elementor-widget elementor-widget-heading\" data-id=\"d835672\" data-element_type=\"widget\" data-e-type=\"widget\" data-widget_type=\"heading.default\">\n\t\t\t\t\t<h2 class=\"elementor-heading-title elementor-size-default\">Nafn og or\u00f0sifjar<\/h2>\t\t\t\t<\/div>\n\t\t\t\t<div class=\"elementor-element elementor-element-ef38cb2 elementor-widget elementor-widget-text-editor\" data-id=\"ef38cb2\" data-element_type=\"widget\" data-e-type=\"widget\" data-widget_type=\"text-editor.default\">\n\t\t\t\t\t\t\t\t\t<p>Nafni\u00f0 \u201eJarilo&#8220; er dregi\u00f0 af frumslavneska or\u00f0inu \u201ejar\u044a&#8220; (\u201evor, \u00e1r, \u00e1kafur&#8220;), sem tengist r\u00fassnesku \u201ejaryj&#8220; (\u201e\u00e1kafur, \u00e1str\u00ed\u00f0ufullur, vorbjartur&#8220;), t\u00e9kknesku \u201ejarn\u00ed&#8220; (\u201evorlegur&#8220;) og serbnesku \u201ejar&#8220; (\u201evorakur, sumarkorn&#8220;). \u00deessi or\u00f0sifjafr\u00e6\u00f0i tengir Jarilo greinilega vi\u00f0 svi\u00f0 vors og gr\u00f3\u00f0urs. Vi\u00f0skeyti\u00f0 \u201e-ilo&#8220; er algengt slavneskt myndunarform fyrir karlmannsn\u00f6fn og pers\u00f3nugervinga.<\/p>\n<p>Tenging vi\u00f0 \u00fakra\u00ednska-r\u00fassneska nafni\u00f0 \u201eJurij&#8220; (heilagur Georg, slavnesk mynd Georgs-nafnsins) hefur valdi\u00f0 langri umr\u00e6\u00f0u \u00ed fr\u00e6\u00f0aheiminum.<\/p><p>Roman Jakobson og a\u00f0rir m\u00e1lfr\u00e6\u00f0ingar hafa lagt til a\u00f0 slavneska Georgs-d\u00fdrkunin s\u00e9 \u00e1 m\u00f6rgum sv\u00e6\u00f0um kristin yfirm\u00e1lun \u00e1 hei\u00f0num Jarilo-si\u00f0, \u00fear sem dagsetning heilags Georgs (23. apr\u00edl, j\u00fal\u00edanskt t\u00edmatal) fellur saman vi\u00f0 vorsi\u00f0i Jarilo. \u00deessi kenning er tr\u00fafr\u00e6\u00f0ilega tr\u00faver\u00f0ug, en erfitt er a\u00f0 sanna hana \u00ed sm\u00e1atri\u00f0um.<\/p>\t\t\t\t\t\t\t\t<\/div>\n\t\t\t\t<\/div>\n\t\t<div class=\"elementor-element elementor-element-890cea6 e-con-full e-flex e-con e-child\" data-id=\"890cea6\" data-element_type=\"container\" data-e-type=\"container\">\n\t\t\t\t<div class=\"elementor-element elementor-element-e083ddc elementor-widget elementor-widget-heading\" data-id=\"e083ddc\" data-element_type=\"widget\" data-e-type=\"widget\" data-widget_type=\"heading.default\">\n\t\t\t\t\t<h2 class=\"elementor-heading-title elementor-size-default\">Hlutverk og go\u00f0s\u00f6gn<\/h2>\t\t\t\t<\/div>\n\t\t\t\t<div class=\"elementor-element elementor-element-2e94ccc elementor-widget elementor-widget-text-editor\" data-id=\"2e94ccc\" data-element_type=\"widget\" data-e-type=\"widget\" data-widget_type=\"text-editor.default\">\n\t\t\t\t\t\t\t\t\t<p>\u00dat fr\u00e1 \u00fej\u00f3\u00f0tr\u00fanni m\u00e1 endurgera eftirfarandi go\u00f0sagnamynstur: Jarilo kemur fram \u00e1 vorin, skreytir j\u00f6r\u00f0ina bl\u00f3mum og korni, gengur \u00ed hj\u00f3naband me\u00f0 M\u00f6ru (e\u00f0a Morenu, vetrargy\u00f0junni), er drepinn e\u00f0a jar\u00f0a\u00f0ur \u00ed <span class=\"iwg-fachbegriff\" data-tooltip=\"\u00cd samr\u00e6mi vi\u00f0 fastm\u00f3ta\u00f0an tr\u00faarlegan athafnaferil.\" tabindex=\"0\">helgisi\u00f0abundinni<\/span> ath\u00f6fn um h\u00e1sumar og kemur svo aftur n\u00e6sta vor.<\/p><p>Vladimir Toporov og Vyacheslav Ivanov hafa \u00ed str\u00fakt\u00faral\u00edskum verkum s\u00ednum endurgert \u00feessa fr\u00e1s\u00f6gn sem afbrig\u00f0i af ind\u00f3evr\u00f3pskum \u201edeyjandi og uppr\u00edsandi gu\u00f0i&#8220;.<\/p>\n<p>\u00cd su\u00f0urslavneskum \u201eJarilo-leikjum&#8220; er dau\u00f0i gu\u00f0sins endurleikinn \u00ed <span class=\"iwg-fachbegriff\" data-tooltip=\"\u00cd samr\u00e6mi vi\u00f0 fastm\u00f3ta\u00f0an tr\u00faarlegan athafnaferil.\" tabindex=\"0\">helgisi\u00f0abundinni<\/span> ath\u00f6fn: str\u00e1d\u00fakka e\u00f0a ungur ma\u00f0ur sem t\u00e1knar Jarilo er borinn um \u00feorpi\u00f0, s\u00ed\u00f0an \u201edeyddur&#8220; (me\u00f0 brennslu, s\u00f6kkt \u00ed flj\u00f3t e\u00f0a grafinn) og syrg\u00f0ur.<\/p><p>\u00deessar helgisi\u00f0ir eru skjalfestar \u00ed Serb\u00edu, B\u00falgar\u00edu, Belar\u00fas, \u00dakra\u00ednu og hlutum R\u00fasslands fram \u00e1 fyrri hluta 20. aldar. James George Frazer fjalla\u00f0i um \u00fe\u00e6r \u00ed sm\u00e1atri\u00f0um \u00ed \u00abThe Golden Bough\u00bb (1890 til 1915) og felldi \u00fe\u00e6r inn \u00ed flokk \u201edeyjandi gu\u00f0a&#8220; sinna.<\/p>\t\t\t\t\t\t\t\t<\/div>\n\t\t\t\t<\/div>\n\t\t<div class=\"elementor-element elementor-element-0fcca88 e-con-full e-flex e-con e-child\" data-id=\"0fcca88\" data-element_type=\"container\" data-e-type=\"container\">\n\t\t\t\t<div class=\"elementor-element elementor-element-7e37f98 elementor-widget elementor-widget-heading\" data-id=\"7e37f98\" data-element_type=\"widget\" data-e-type=\"widget\" data-widget_type=\"heading.default\">\n\t\t\t\t\t<h2 class=\"elementor-heading-title elementor-size-default\">D\u00fdrkun, si\u00f0ir og helgisi\u00f0ir<\/h2>\t\t\t\t<\/div>\n\t\t\t\t<div class=\"elementor-element elementor-element-ff7a495 elementor-widget elementor-widget-text-editor\" data-id=\"ff7a495\" data-element_type=\"widget\" data-e-type=\"widget\" data-widget_type=\"text-editor.default\">\n\t\t\t\t\t\t\t\t\t<p>\u201eJarilin den&#8220; (\u201eJarilo-dagurinn&#8220;, venjulega \u00ed byrjun ma\u00ed e\u00f0a 23. apr\u00edl samkv\u00e6mt austurkirkjulegu j\u00fal\u00edanska Georgsdegi) markar upphaf vorsins.<\/p><p>\u00cd serbneskri og kr\u00f3at\u00edskri hef\u00f0 fer ungur ma\u00f0ur me\u00f0 kornskraut \u00e1 h\u00f6f\u00f0i, \u00ed hv\u00edtum kl\u00e6\u00f0um, r\u00ed\u00f0andi \u00e1 hv\u00edtum hesti um \u00feorpi\u00f0; me\u00f0 honum fara ungar konur sem syngja s\u00f6ngva. \u00cd \u00fakra\u00ednskri hef\u00f0 er \u00fea\u00f0 ung kona \u00ed karlmannsfatna\u00f0i sem gengur um akrana me\u00f0 str\u00e1d\u00fakku sem t\u00e1knar \u201eJarilo&#8220;.<\/p>\n<p>\u201eJarilo-greftrunin&#8220; (\u201ePochorony Jarila&#8220;) er haldin \u00ed Belar\u00fas og Vestur-R\u00fasslandi um J\u00f3nsmessu (24. j\u00fan\u00ed): str\u00e1d\u00fakka e\u00f0a tr\u00e9mynd, sem ber karlkyns fallust\u00e1kn, er grafin e\u00f0a brennd innan um t\u00e1r.<\/p><p>\u00dear me\u00f0 er dau\u00f0i gr\u00f3\u00f0urmagnsins t\u00e1knlega endurleikinn. \u00c1 sumum sv\u00e6\u00f0um er kistan fylgd me\u00f0 \u00e1stars\u00f6ngvum og \u00f3s\u00e6milegum v\u00edsum, sem undirstrikar frj\u00f3semist\u00f6frandi e\u00f0li athafnarins.<\/p>\n<p>Sergej Tokarev (\u00abReligioznye verovaniya vostochnoslavyanskikh narodov\u00bb, 1957) og Vladimir Propp (\u00abRusskie agrarnye prazdniki\u00bb, 1963) hafa skjalfest \u00feessa si\u00f0i \u00ed sm\u00e1atri\u00f0um og v\u00edsa\u00f0 til hli\u00f0st\u00e6\u00f0na \u00feeirra vi\u00f0 Adonis-Tammuz-flokkinn og vesturslavneska \u201eMarzanna-brennsluna&#8220;.<\/p>\t\t\t\t\t\t\t\t<\/div>\n\t\t\t\t<\/div>\n\t\t<div class=\"elementor-element elementor-element-29769d4 e-con-full e-flex e-con e-child\" data-id=\"29769d4\" data-element_type=\"container\" data-e-type=\"container\">\n\t\t\t\t<div class=\"elementor-element elementor-element-f7be2c6 elementor-widget elementor-widget-heading\" data-id=\"f7be2c6\" data-element_type=\"widget\" data-e-type=\"widget\" data-widget_type=\"heading.default\">\n\t\t\t\t\t<h2 class=\"elementor-heading-title elementor-size-default\">Myndlist (\u00edkon\u00f3graf\u00eda)<\/h2>\t\t\t\t<\/div>\n\t\t\t\t<div class=\"elementor-element elementor-element-e6e01f1 elementor-widget elementor-widget-text-editor\" data-id=\"e6e01f1\" data-element_type=\"widget\" data-e-type=\"widget\" data-widget_type=\"text-editor.default\">\n\t\t\t\t\t\t\t\t\t<p>\u00d3l\u00edkt flestum gu\u00f0um eru engar mi\u00f0aldamyndir til af Jarilo.<\/p><p><span class=\"iwg-fachbegriff\" data-tooltip=\"Fr\u00e6\u00f0i um myndefni og merkingu \u00feeirra.\" tabindex=\"0\">Myndlistarhef\u00f0<\/span> hans er endurger\u00f0 \u00far \u00fej\u00f3\u00f0tr\u00fa og r\u00f3mant\u00edskri list 19. aldar: ungur ma\u00f0ur, oft berf\u00e6ttur og \u00ed hv\u00edtri skyrtu, stundum me\u00f0 korn- e\u00f0a bl\u00f3makrans, r\u00ed\u00f0andi \u00e1 hv\u00edtum hesti, me\u00f0 kornbundin \u00ed hendi e\u00f0a hausk\u00fapu (sem <span class=\"iwg-fachbegriff\" data-tooltip=\"T\u00e1kn sem stendur fyrir hugmynd e\u00f0a merkingu.\" tabindex=\"0\">t\u00e1kn<\/span> hringlaga endurkomu).<\/p><p>\u00deessi mynd er sam\u00fej\u00f6ppun su\u00f0urslavneskra h\u00e1t\u00ed\u00f0arsi\u00f0a og er ekki sta\u00f0fest af s\u00f6gulegum heimildum.<\/p>\t\t\t\t\t\t\t\t<\/div>\n\t\t\t\t<\/div>\n\t\t<div class=\"elementor-element elementor-element-98bb2bd e-con-full e-flex e-con e-child\" data-id=\"98bb2bd\" data-element_type=\"container\" data-e-type=\"container\">\n\t\t\t\t<div class=\"elementor-element elementor-element-2f2f806 elementor-widget elementor-widget-heading\" data-id=\"2f2f806\" data-element_type=\"widget\" data-e-type=\"widget\" data-widget_type=\"heading.default\">\n\t\t\t\t\t<h2 class=\"elementor-heading-title elementor-size-default\">Tr\u00faarfr\u00e6\u00f0ileg sta\u00f0setning<\/h2>\t\t\t\t<\/div>\n\t\t\t\t<div class=\"elementor-element elementor-element-3bbe264 elementor-widget elementor-widget-text-editor\" data-id=\"3bbe264\" data-element_type=\"widget\" data-e-type=\"widget\" data-widget_type=\"text-editor.default\">\n\t\t\t\t\t\t\t\t\t<p>Jarilo tilheyrir hinni v\u00ed\u00f0t\u00e6ku ger\u00f0 \u00abdeyjandi og upprisandi gr\u00f3\u00f0urgu\u00f0s\u00bb. Skipulagsleg hli\u00f0st\u00e6\u00f0a finnst vi\u00f0 Adonis (Grikkland, me\u00f0 f\u00f6nik\u00edsk-s\u00fdrlenskar r\u00e6tur), Tamm\u00fas\/D\u00fam\u00fas\u00ed (Mes\u00f3p\u00f3tam\u00eda), \u00d3s\u00edris (Egyptaland), Frey (germ\u00f6nskt) og hi\u00f0 indverska gr\u00f3\u00f0ursamst\u00e6\u00f0u um Krishna.<\/p><p>James Frazer og Mircea Eliade l\u00fdstu \u00feessari ger\u00f0 sem alhli\u00f0a skipulagsm\u00f3t\u00edfi; yngri <span class=\"iwg-fachbegriff\" data-tooltip=\"Fr\u00e6\u00f0igreinin sem rannsakar tr\u00faarbr\u00f6g\u00f0 samanbur\u00f0arlega og \u00e1n tr\u00faarlegrar bindingar.\" tabindex=\"0\">tr\u00faarbrag\u00f0afr\u00e6\u00f0i<\/span> er h\u00e9r varf\u00e6rnari og leggur \u00e1herslu \u00e1 menningarlega s\u00e9rst\u00f6\u00f0u hverrar hef\u00f0ar.<\/p>\n<p>Innan slavneska gu\u00f0aheimsins stendur Jarilo \u00ed skipulagslegu sambandi vi\u00f0 M\u00f6ru (Morenu), vetrar- og dau\u00f0agy\u00f0juna, sem hann er <span class=\"iwg-fachbegriff\" data-tooltip=\"Sem tilheyrir \u00e1kve\u00f0nu, fastm\u00f3tu\u00f0u tr\u00faarlegu athafnaferli.\" tabindex=\"0\">helgisi\u00f0alega<\/span> giftur, og vi\u00f0 Veles, gu\u00f0 undirheima og hjar\u00f0a, \u00ed r\u00edki hans hverfur hann eftir dau\u00f0a sinn.<\/p><p>Boris Rybakov teikna\u00f0i upp mj\u00f6g \u00fatf\u00e6r\u00f0a Jarilo-<span class=\"iwg-fachbegriff\" data-tooltip=\"V\u00edsindaleg fr\u00e6\u00f0i um gu\u00f0 og tr\u00fa innan tr\u00faarbrag\u00f0s.\" tabindex=\"0\">gu\u00f0fr\u00e6\u00f0i<\/span> \u00ed \u00abYazychestvo Drevney Rusi\u00bb (1987); h\u00fan \u00feykir n\u00fa vera ofhla\u00f0in \u00e1giskunum, en meginatri\u00f0i hennar hafa yngri ranns\u00f3knir (Ji\u0159\u00ed Dynda) a\u00f0 mestu teki\u00f0 upp.<\/p>\t\t\t\t\t\t\t\t<\/div>\n\t\t\t\t<\/div>\n\t\t<div class=\"elementor-element elementor-element-b81f7b1 e-con-full e-flex e-con e-child\" data-id=\"b81f7b1\" data-element_type=\"container\" data-e-type=\"container\">\n\t\t\t\t<div class=\"elementor-element elementor-element-4d89b24 elementor-widget elementor-widget-heading\" data-id=\"4d89b24\" data-element_type=\"widget\" data-e-type=\"widget\" data-widget_type=\"heading.default\">\n\t\t\t\t\t<h2 class=\"elementor-heading-title elementor-size-default\">\u00c1framhaldandi l\u00edf \u00ed \u00fej\u00f3\u00f0tr\u00fa<\/h2>\t\t\t\t<\/div>\n\t\t\t\t<div class=\"elementor-element elementor-element-99b3fd1 elementor-widget elementor-widget-text-editor\" data-id=\"99b3fd1\" data-element_type=\"widget\" data-e-type=\"widget\" data-widget_type=\"text-editor.default\">\n\t\t\t\t\t\t\t\t\t<p>Einnig eftir kristnit\u00f6ku lif\u00f0u Jarilo-si\u00f0ir \u00e1fram \u00ed sunnan- og austanslavneskri \u00fej\u00f3\u00f0tr\u00fa. Samruninn vi\u00f0 heilagan Georg (Jurij, Jaroslav) er klass\u00edskt d\u00e6mi um samruna tr\u00faarbrag\u00f0a: Drekabardagi heilags Georgs var \u00ed m\u00f6rgum slavneskum sv\u00e6\u00f0um tengdur vi\u00f0 vor- og gr\u00f3\u00f0ur\u00feema.<\/p><p>\u00c1 \u00abJurjev den\u00bb \u00ed Serb\u00edu er heilagur ma\u00f0ur tilbe\u00f0inn sem verndari hjar\u00f0a og vorkrafta, sem v\u00edsar greinilega til fyrirkristinna laga.<\/p>\n<p>\u00cd r\u00fassneskri, \u00fakra\u00ednskri og hv\u00edtr\u00fassneskri \u00fej\u00f3\u00f0hef\u00f0 hafa Jarilo-si\u00f0ir lifa\u00f0 fram \u00e1 20. \u00f6ld, oft samofnir \u00abRusalka\u00bb- og \u00abKupala\u00bb-h\u00e1t\u00ed\u00f0um. Fyrst \u00e1 Sov\u00e9tt\u00edmanum voru margir \u00feessara si\u00f0a markvisst b\u00e6ldir ni\u00f0ur; \u00e1 s\u00ed\u00f0ustu \u00e1ratugum hafa \u00feeir or\u00f0i\u00f0 fyrir endurl\u00edfgun, a\u00f0 hluta sem \u00fej\u00f3\u00f0fr\u00e6\u00f0ileg var\u00f0veisla, a\u00f0 hluta innan Rodnoverie-hreyfingarins.<\/p>\t\t\t\t\t\t\t\t<\/div>\n\t\t\t\t<\/div>\n\t\t<div class=\"elementor-element elementor-element-b41f911 e-con-full e-flex e-con e-child\" data-id=\"b41f911\" data-element_type=\"container\" data-e-type=\"container\">\n\t\t\t\t<div class=\"elementor-element elementor-element-ab9b9ac elementor-widget elementor-widget-heading\" data-id=\"ab9b9ac\" data-element_type=\"widget\" data-e-type=\"widget\" data-widget_type=\"heading.default\">\n\t\t\t\t\t<h2 class=\"elementor-heading-title elementor-size-default\">Ranns\u00f3knarsaga<\/h2>\t\t\t\t<\/div>\n\t\t\t\t<div class=\"elementor-element elementor-element-23baed5 elementor-widget elementor-widget-text-editor\" data-id=\"23baed5\" data-element_type=\"widget\" data-e-type=\"widget\" data-widget_type=\"text-editor.default\">\n\t\t\t\t\t\t\t\t\t<p>V\u00edsindaleg umfj\u00f6llun um Jarilo h\u00f3fst \u00e1 19. \u00f6ld me\u00f0 r\u00f3mant\u00edskri \u00fej\u00f3\u00f0fr\u00e6\u00f0i (Pavel Chubinski, Aleksander Afanasjev, Vuk Karad\u017ei\u0107). \u00deessar s\u00f6fnun eru efnismikil en \u00f3gagnr\u00fdnin \u00ed \u00farvinnslu. Hin gagnr\u00fdna vending var framkv\u00e6md af Aleksander Br\u00fcckner, sem dr\u00f3 \u00ed efa tilvist Jarilo sem sj\u00e1lfst\u00e6\u00f0s gu\u00f0s.<\/p><p>Boris Rybakov og Aleksander Gieysztor endurreistu Jarilo sem megingu\u00f0, Henryk \u0141owmia\u0144ski og n\u00faverandi ranns\u00f3knir fylgja millist\u00f6\u00f0u: Jarilo er vel sta\u00f0festur sem helgisi\u00f0aleg mynd \u00fej\u00f3\u00f0tr\u00faar, en sta\u00f0a hans sem megingu\u00f0 \u00ed opinberum gu\u00f0aheimi fyrstu slavanna er \u00f3viss.<\/p>\t\t\t\t\t\t\t\t<\/div>\n\t\t\t\t<\/div>\n\t\t<div class=\"elementor-element elementor-element-c318e66 e-con-full e-flex e-con e-child\" data-id=\"c318e66\" data-element_type=\"container\" data-e-type=\"container\">\n\t\t\t\t<div class=\"elementor-element elementor-element-283c08e elementor-widget elementor-widget-heading\" data-id=\"283c08e\" data-element_type=\"widget\" data-e-type=\"widget\" data-widget_type=\"heading.default\">\n\t\t\t\t\t<h2 class=\"elementor-heading-title elementor-size-default\">Heimildir<\/h2>\t\t\t\t<\/div>\n\t\t\t\t<div class=\"elementor-element elementor-element-fa76923 elementor-widget elementor-widget-text-editor\" data-id=\"fa76923\" data-element_type=\"widget\" data-e-type=\"widget\" data-widget_type=\"text-editor.default\">\n\t\t\t\t\t\t\t\t\t<p>Beinar mi\u00f0aldaheimildir um Jarilo skortir. Endurger\u00f0in byggir \u00e1: r\u00fassneskum, \u00fakra\u00ednskum, hv\u00edtr\u00fassneskum og su\u00f0urslavneskum \u00fej\u00f3\u00f0l\u00f6gum og si\u00f0ask\u00fdrslum fr\u00e1 18. til 20. \u00f6ld, safna\u00f0 af Aleksander Afanasjev, Pavel Chubinski, Vuk Karad\u017ei\u0107, Sergej Tokarev og Vladimir Propp; serbneskum og kr\u00f3at\u00edskum \u00fej\u00f3\u00f0h\u00e1ttafr\u00e6\u00f0ilegum sk\u00fdrslum fr\u00e1 19. og upphafi 20. aldar.<\/p><footer class=\"iwg-literatur\"><ul><li><span data-nosnippet>Aleksander Afanasjev, \u00abPoeticheskiye vozzreniya slavyan na prirodu\u00bb, 3 bindi, Moskvu 1865 til 1869. Vuk Stefanovi\u0107 Karad\u017ei\u0107, \u00abSrpski rje\u010dnik\u00bb, V\u00ednarborg 1818 (uppsl\u00e1ttaror\u00f0i\u00f0 \u00abJurij\u00bb). Sergej Tokarev, \u00abReligioznye verovaniya vostochnoslavyanskikh narodov\u00bb, Moskvu 1957. Vladimir Propp, \u00abRusskie agrarnye prazdniki\u00bb, Len\u00edngrad 1963. James George Frazer, \u00abThe Golden Bough\u00bb, 12 bindi, London 1890 til 1915.<\/span><\/li><li><span data-nosnippet>Aleksander Br\u00fcckner, \u00abMitologia s\u0142owia\u0144ska\u00bb, Krak\u00e1 1918. Aleksander Gieysztor, \u00abMitologia S\u0142owian\u00bb, Varsj\u00e1 1982. Boris Rybakov, \u00abYazychestvo Drevney Rusi\u00bb, Moskvu 1987 (me\u00f0 fyrirvara).<\/span><\/li><li><span data-nosnippet>Vladimir Toporov og Vyacheslav Ivanov, \u00abIssledovaniya v oblasti slavyanskikh drevnostey\u00bb, Moskvu 1974. Henryk \u0141owmia\u0144ski, \u00abReligia S\u0142owian i jej upadek\u00bb, Varsj\u00e1 1979. Roman Jakobson, \u00abSlavic Gods and Demons\u00bb, \u00ed: Selected Writings VII, Berl\u00edn 1985. Ji\u0159\u00ed Dynda, \u00abSlovansk\u00e9 pohanstv\u00ed ve st\u0159edov\u011bk\u00fdch latinsk\u00fdch pramenech\u00bb, Prag 2017.<\/span><\/li><\/ul><\/footer>\t\t\t\t\t\t\t\t<\/div>\n\t\t\t\t<\/div>\n\t\t<div class=\"elementor-element elementor-element-95841e9 e-con-full e-flex e-con e-child\" data-id=\"95841e9\" data-element_type=\"container\" data-e-type=\"container\">\n\t\t\t\t<div class=\"elementor-element elementor-element-fcd3eb9 elementor-widget elementor-widget-heading\" data-id=\"fcd3eb9\" data-element_type=\"widget\" data-e-type=\"widget\" data-widget_type=\"heading.default\">\n\t\t\t\t\t<h2 class=\"elementor-heading-title elementor-size-default\">\u00dej\u00f3\u00f0h\u00e1ttafr\u00e6\u00f0ilegar heimildir<\/h2>\t\t\t\t<\/div>\n\t\t\t\t<div class=\"elementor-element elementor-element-81af1d8 elementor-widget elementor-widget-text-editor\" data-id=\"81af1d8\" data-element_type=\"widget\" data-e-type=\"widget\" data-widget_type=\"text-editor.default\">\n\t\t\t\t\t\t\t\t\t<p>V\u00edsindaleg umfj\u00f6llun um Jarilo byggir fyrst og fremst \u00e1 \u00fej\u00f3\u00f0h\u00e1ttafr\u00e6\u00f0ilegum s\u00f6fnunum 18. og 19. aldar. Aleksander Afanasjev safna\u00f0i \u00ed hinni miklu ritr\u00f6\u00f0 sinni \u00abPoeticheskiye vozzreniya slavyan na prirodu\u00bb (3 bindi, 1865 til 1869) hundru\u00f0um r\u00fassneskra og \u00fakra\u00ednskra \u00fej\u00f3\u00f0sagna, laga og si\u00f0ask\u00fdrslna, \u00fear sem Jarilo kemur fram beint e\u00f0a \u00f3beint.<\/p><p>Vuk Stefanovi\u0107 Karad\u017ei\u0107 (1787 til 1864) safna\u00f0i samhli\u00f0a serbneskum vitnisbur\u00f0um; \u00abSrpski rje\u010dnik\u00bb hans (V\u00ednarborg 1818) og s\u00f6ngb\u00f3k hans innihalda \u00edtarlegar l\u00fdsingar \u00e1 Jarilo-leikjum \u00ed Serb\u00edu og Bosn\u00edu.<\/p>\n<p>\u00cd Hv\u00edta-R\u00fasslandi og \u00ed \u00fakra\u00ednsku Karpatafj\u00f6llunum s\u00f6fnu\u00f0u Pavel Chubinski (\u00abTrudy etnografichesko-statisticheskoi ekspeditsii\u00bb, 1872 til 1877) og ranns\u00f3knarh\u00f3pur hans m\u00f6rgum vitnisbur\u00f0um sem sta\u00f0festa myndina af deyjandi og upprisandi gr\u00f3\u00f0urgu\u00f0i.<\/p><p>Sergej Tokarev kerfisbundi \u00feessi g\u00f6gn \u00ed \u00abReligioznye verovaniya vostochnoslavyanskikh narodov\u00bb (1957) og setti \u00feau \u00e1 v\u00edsindalegan grundv\u00f6ll; verk hans er enn \u00ed dag sta\u00f0alverk austurslavneskrar tr\u00faarbrag\u00f0a\u00fej\u00f3\u00f0fr\u00e6\u00f0i.<\/p>\t\t\t\t\t\t\t\t<\/div>\n\t\t\t\t<\/div>\n\t\t<div class=\"elementor-element elementor-element-9ec8d1e e-con-full e-flex e-con e-child\" data-id=\"9ec8d1e\" data-element_type=\"container\" data-e-type=\"container\">\n\t\t\t\t<div class=\"elementor-element elementor-element-1c2a906 elementor-widget elementor-widget-heading\" data-id=\"1c2a906\" data-element_type=\"widget\" data-e-type=\"widget\" data-widget_type=\"heading.default\">\n\t\t\t\t\t<h2 class=\"elementor-heading-title elementor-size-default\">Frazer og \u00abdeyjandi gu\u00f0inn\u00bb<\/h2>\t\t\t\t<\/div>\n\t\t\t\t<div class=\"elementor-element elementor-element-d2d2692 elementor-widget elementor-widget-text-editor\" data-id=\"d2d2692\" data-element_type=\"widget\" data-e-type=\"widget\" data-widget_type=\"text-editor.default\">\n\t\t\t\t\t\t\t\t\t<p>James George Frazer setti \u00ed s\u00ednu st\u00f3rvirki \u201eThe Golden Bough\u201c (12 bindi, London 1890 til 1915) Jarilo-hef\u00f0ina \u00ed samhengi vi\u00f0 hi\u00f0 heimsv\u00ed\u00f0t\u00e6ka fyrirb\u00e6ri \u201edau\u00f0ra og upprisinna gu\u00f0a\u201c.<\/p><p>\u00cd samanbur\u00f0arfr\u00e6\u00f0ilegri tr\u00faarbrag\u00f0afr\u00e6\u00f0ilegri sm\u00ed\u00f0 hans standa Jarilo, Adonis, Tammuz, Attis, D\u00ed\u00f3n\u00fdsos og Os\u00edris sem fulltr\u00faar s\u00f6mu formger\u00f0ar: ungra karlkyns gr\u00f3\u00f0urgu\u00f0a sem deyja og r\u00edsa upp \u00e1rlega og birta \u00feannig hringr\u00e1s n\u00e1tt\u00farunnar.<\/p>\n<p>Sm\u00ed\u00f0 Frazers haf\u00f0i mikil \u00e1hrif \u00e1 19. og fyrri hluta 20. aldar en \u00e1 erfitt uppdr\u00e1ttar \u00ed yngri <span class=\"iwg-fachbegriff\" data-tooltip=\"V\u00edsindagreinin sem rannsakar tr\u00faarbr\u00f6g\u00f0 me\u00f0 samanbur\u00f0i og \u00e1n tr\u00faarlegrar afst\u00f6\u00f0u.\" tabindex=\"0\">tr\u00faarbrag\u00f0afr\u00e6\u00f0i<\/span>. Mary Beard og Jonathan Z. Smith hafa s\u00fdnt a\u00f0 \u201edau\u00f0ir gu\u00f0ir\u201c Frazers eru oft mj\u00f6g \u00f3l\u00edkir \u00ed formger\u00f0 og a\u00f0 hin meinta sameiginlega undirsta\u00f0a er tilb\u00fainn flokkur.<\/p><p>\u00deessi gagnr\u00fdni hefur einnig n\u00e1\u00f0 til Jarilo-ranns\u00f3kna: Vladimir Propp, Mircea Eliade og n\u00fdrri h\u00f6fundar \u00e1 bor\u00f0 vi\u00f0 Ji\u0159\u00ed Dynda hafa lagt sig fram um a\u00f0 leysa Frazer-lestur af h\u00f3lmi me\u00f0 menningars\u00f6gulegri og n\u00e1nari l\u00fdsingu.<\/p>\t\t\t\t\t\t\t\t<\/div>\n\t\t\t\t<\/div>\n\t\t<div class=\"elementor-element elementor-element-1f87959 e-con-full e-flex e-con e-child\" data-id=\"1f87959\" data-element_type=\"container\" data-e-type=\"container\">\n\t\t\t\t<div class=\"elementor-element elementor-element-4bfb23f elementor-widget elementor-widget-heading\" data-id=\"4bfb23f\" data-element_type=\"widget\" data-e-type=\"widget\" data-widget_type=\"heading.default\">\n\t\t\t\t\t<h2 class=\"elementor-heading-title elementor-size-default\">Jarilo, Mara og keppni \u00e1rst\u00ed\u00f0anna<\/h2>\t\t\t\t<\/div>\n\t\t\t\t<div class=\"elementor-element elementor-element-ac84cb2 elementor-widget elementor-widget-text-editor\" data-id=\"ac84cb2\" data-element_type=\"widget\" data-e-type=\"widget\" data-widget_type=\"text-editor.default\">\n\t\t\t\t\t\t\t\t\t<p>\u00cd \u00fej\u00f3\u00f0legri munnm\u00e6lahef\u00f0 kemur Jarilo reglulega fram \u00ed tengslum vi\u00f0 Mara (einnig Morena, Marzanna, Marena), gy\u00f0ju vetrar og dau\u00f0a.<\/p><p>Sambandi\u00f0 er tv\u00edbent: \u00cd sumum s\u00f6gum ganga \u00feau \u00ed hj\u00f3naband a\u00f0 vori og Jarilo getur me\u00f0 Mara gr\u00f3\u00f0ur komandi \u00e1rst\u00ed\u00f0ar; \u00ed \u00f6\u00f0rum s\u00f6gum er Mara mor\u00f0ingi hans, sem drepur hann um h\u00e1sumar og flytur hann til undirheima.<\/p><p>A\u00f0 vori er Mara aftur \u00e1 m\u00f3ti \u201ebrennd\u201c e\u00f0a \u201edrekkt\u201c, ath\u00f6fn sem er vel skjalfest \u00ed Vestur- og Austur-Slav\u00edu: Marzanna-br\u00fa\u00f0unni er borin um \u00feorpi\u00f0 vi\u00f0 lok vetrar og fleygt \u00ed \u00e1na e\u00f0a \u00e1 eldinn.<\/p>\n<p>Vladimir Toporov og Vyacheslav Ivanov hafa \u00ed sinni formger\u00f0arlegu samanbur\u00f0ar-<span class=\"iwg-fachbegriff\" data-tooltip=\"Heild \u00feeirra gu\u00f0asagna sem var\u00f0veist hafa \u00ed einni menningu.\" tabindex=\"0\">go\u00f0afr\u00e6\u00f0i<\/span> endurgert \u00feetta fl\u00f3kna samband sem mi\u00f0l\u00e6gan <span class=\"iwg-fachbegriff\" data-tooltip=\"Munnm\u00e6lasaga um gu\u00f0i, uppruna og skipulag heimsins.\" tabindex=\"0\">go\u00f0s\u00f6gn<\/span> hins slav\u00edska gr\u00f3\u00f0ur\u00e1rs. B\u00f3k \u00feeirra \u201eIssledovaniya v oblasti slavyanskikh drevnostey\u201c (1974) veitir \u00edtarlegustu fr\u00e6\u00f0ilegu umfj\u00f6llunina um \u00feennan efnisflokk, en er vegna mj\u00f6g formger\u00f0arlegrar a\u00f0fer\u00f0ar sinnar ekki haldb\u00e6r \u00ed \u00f6llum sm\u00e1atri\u00f0um.<\/p>\t\t\t\t\t\t\t\t<\/div>\n\t\t\t\t<\/div>\n\t\t<div class=\"elementor-element elementor-element-7eb8840 e-con-full e-flex e-con e-child\" data-id=\"7eb8840\" data-element_type=\"container\" data-e-type=\"container\">\n\t\t\t\t<div class=\"elementor-element elementor-element-49f2c87 elementor-widget elementor-widget-heading\" data-id=\"49f2c87\" data-element_type=\"widget\" data-e-type=\"widget\" data-widget_type=\"heading.default\">\n\t\t\t\t\t<h2 class=\"elementor-heading-title elementor-size-default\">Heilagur Georg sem kristin yfirm\u00e1lun<\/h2>\t\t\t\t<\/div>\n\t\t\t\t<div class=\"elementor-element elementor-element-c6ce5a2 elementor-widget elementor-widget-text-editor\" data-id=\"c6ce5a2\" data-element_type=\"widget\" data-e-type=\"widget\" data-widget_type=\"text-editor.default\">\n\t\t\t\t\t\t\t\t\t<p>Roman Jakobson og a\u00f0rir hafa haldi\u00f0 \u00fev\u00ed fram a\u00f0 hin kristna <span class=\"iwg-fachbegriff\" data-tooltip=\"Heild \u00feeirra tr\u00faarlegu athafna sem t\u00ed\u00f0kast til a\u00f0 hei\u00f0ra gu\u00f0 e\u00f0a heilaga pers\u00f3nu.\" tabindex=\"0\">d\u00fdrkun<\/span> heilags Georgs (Jurij, \u00e1 slav\u00edsku Jurij e\u00f0a Juraj) hafi \u00ed hinum slav\u00edska heimi v\u00ed\u00f0a leyst af h\u00f3lmi eldri Jarilo-d\u00fdrkun.<\/p><p>R\u00f6k fyrir \u00feessu eru t\u00edmasamsv\u00f6run Georgsdags (23. apr\u00edl \u00ed j\u00fal\u00edanska t\u00edmatalinu, \u00fe.e. \u00ed byrjun ma\u00ed \u00ed gr\u00edg\u00f3r\u00edska t\u00edmatalinu) vi\u00f0 Jarilo-h\u00e1t\u00ed\u00f0irnar, sveitalegt og gr\u00f3\u00f0urlegt t\u00e1knm\u00e1l heilags Georgs (verndard\u00fdrlingur b\u00e6nda, hjar\u00f0manna og hesta) og a\u00f0 \u00ed m\u00f6rgum slav\u00edskum tungum\u00e1lum minna \u201eJurij\u201c\/\u201eJuraj\u201c og \u201eJarilo\u201c hlj\u00f3\u00f0fr\u00e6\u00f0ilega \u00e1 hvort anna\u00f0.<\/p>\n<p>\u00deessi \u00fatskiptatilg\u00e1ta er tr\u00faver\u00f0ug \u00ed tr\u00faars\u00f6gulegu lj\u00f3si en erfitt a\u00f0 sanna \u00ed sm\u00e1atri\u00f0um. Henryk \u0141owmia\u0144ski sam\u00feykkti hana me\u00f0 fyrirvara \u00e1ri\u00f0 1979, Aleksander Gieysztor var hins vegar varf\u00e6rnari. Yngri ranns\u00f3knir sj\u00e1 \u00ed tengslum Georgs og Jarilo \u00fej\u00f3\u00f0lega <span class=\"iwg-fachbegriff\" data-tooltip=\"Samruni hugmynda e\u00f0a gu\u00f0a \u00far \u00f3l\u00edkum tr\u00faarlegum hef\u00f0um.\" tabindex=\"0\">samruna<\/span> sem stafar ekki nau\u00f0synlega af v\u00edsvitandi \u201eendurmerkingu\u201c kirkjunnar, heldur af e\u00f0lisl\u00e6gri samsemd d\u00fdrlingat\u00ed\u00f0atals og fornra <span class=\"iwg-fachbegriff\" data-tooltip=\"Heild \u00feeirra si\u00f0a sem var\u00f0veist hafa \u00ed einu samf\u00e9lagi.\" tabindex=\"0\">si\u00f0venja<\/span>.<\/p>\t\t\t\t\t\t\t\t<\/div>\n\t\t\t\t<\/div>\n\t\t<div class=\"elementor-element elementor-element-d71b99e e-con-full e-flex e-con e-child\" data-id=\"d71b99e\" data-element_type=\"container\" data-e-type=\"container\">\n\t\t\t\t<div class=\"elementor-element elementor-element-98e15a7 elementor-widget elementor-widget-heading\" data-id=\"98e15a7\" data-element_type=\"widget\" data-e-type=\"widget\" data-widget_type=\"heading.default\">\n\t\t\t\t\t<h2 class=\"elementor-heading-title elementor-size-default\">Str\u00e1d\u00fakkur og brennsla gr\u00f3\u00f0urt\u00e1kna<\/h2>\t\t\t\t<\/div>\n\t\t\t\t<div class=\"elementor-element elementor-element-368c3e5 elementor-widget elementor-widget-text-editor\" data-id=\"368c3e5\" data-element_type=\"widget\" data-e-type=\"widget\" data-widget_type=\"text-editor.default\">\n\t\t\t\t\t\t\t\t\t<p>Brennsla e\u00f0a drekking str\u00e1d\u00fakku sem t\u00e1knar karlkyns gr\u00f3\u00f0urgu\u00f0 er \u00f3venju vel skjalfest \u00ed \u00fej\u00f3\u00f0hef\u00f0 austur- og su\u00f0urslavneskra \u00fej\u00f3\u00f0a. Hv\u00edtr\u00fassar, \u00dakra\u00ednumenn, R\u00fassar, Serbar, B\u00falgarar og Kr\u00f3atar hafa hver s\u00edna \u00fatg\u00e1fu af \u00feessari ath\u00f6fn.<\/p><p>\u00cd Hv\u00edta-R\u00fasslandi er str\u00e1d\u00fakkan k\u00f6llu\u00f0 \u201ePochorony Jarila\u201c (Greftrun Jarilos) og tengist nafni gu\u00f0sins berum or\u00f0um; \u00ed \u00dakra\u00ednu er <span class=\"iwg-fachbegriff\" data-tooltip=\"Ath\u00f6fn sem var\u00f0veist hefur og er endurtekin me\u00f0 reglu \u00ed einu samf\u00e9lagi.\" tabindex=\"0\">si\u00f0urinn<\/span> oft samofinn Kupala-h\u00e1t\u00ed\u00f0unum \u00e1 J\u00f3nsmessu (24. j\u00fan\u00ed), sem s\u00fdnir aftur tengsl gr\u00f3\u00f0ur- og sumars\u00f3lst\u00f6\u00f0u-<span class=\"iwg-fachbegriff\" data-tooltip=\"Heild \u00feeirra tr\u00faarlegu athafna sem t\u00ed\u00f0kast til a\u00f0 hei\u00f0ra gu\u00f0 e\u00f0a heilaga pers\u00f3nu.\" tabindex=\"0\">d\u00fdrkunar<\/span>.<\/p>\n<p>S\u00e9rst\u00f6k \u00fatg\u00e1fa er \u201eKostroma\u201c-greftrunin \u00ed hef\u00f0 Mi\u00f0-R\u00fasslands: str\u00e1d\u00fakku a\u00f0 nafni Kostroma er borin um \u00feorpi\u00f0, h\u00f6rmu\u00f0 og brennd e\u00f0a drekkt. \u00cd sumum heimildum er Kostroma \u201esystir\u201c Jarilos, \u00ed \u00f6\u00f0rum sj\u00e1lfst\u00e6\u00f0 pers\u00f3na. Sergej Maksimov skjalfesti \u00edtarlega hina sv\u00e6\u00f0isbundnu fj\u00f6lbreytni \u00feessara si\u00f0a \u00ed \u201eNechistaja, nevedomaja i krestnaja sila\u201c (1903).<\/p>\t\t\t\t\t\t\t\t<\/div>\n\t\t\t\t<\/div>\n\t\t<div class=\"elementor-element elementor-element-9742e56 e-con-full e-flex e-con e-child\" data-id=\"9742e56\" data-element_type=\"container\" data-e-type=\"container\">\n\t\t\t\t<div class=\"elementor-element elementor-element-85d5ebd elementor-widget elementor-widget-heading\" data-id=\"85d5ebd\" data-element_type=\"widget\" data-e-type=\"widget\" data-widget_type=\"heading.default\">\n\t\t\t\t\t<h2 class=\"elementor-heading-title elementor-size-default\">Ind\u00f3evr\u00f3pskt samanbur\u00f0arsj\u00f3narhorn<\/h2>\t\t\t\t<\/div>\n\t\t\t\t<div class=\"elementor-element elementor-element-6d3c718 elementor-widget elementor-widget-text-editor\" data-id=\"6d3c718\" data-element_type=\"widget\" data-e-type=\"widget\" data-widget_type=\"text-editor.default\">\n\t\t\t\t\t\t\t\t\t<p>\u00c1 ind\u00f3evr\u00f3pskum samanbur\u00f0argrundvelli tilheyrir Jarilo flokki ungra karlkyns gr\u00f3\u00f0urgu\u00f0a, sem n\u00e6r fr\u00e1 Indlandi til Skandinav\u00edu.<\/p><p>\u00cd germ\u00f6nsku <span class=\"iwg-fachbegriff\" data-tooltip=\"Heild gu\u00f0a innan tr\u00faarbrag\u00f0a e\u00f0a menningar.\" tabindex=\"0\">go\u00f0aveldinu<\/span> samsvarar honum a\u00f0 byggingu til Freyr (gr\u00f3\u00f0ur- og frj\u00f3semisgu\u00f0), \u00ed gr\u00edskri <span class=\"iwg-fachbegriff\" data-tooltip=\"Heild var\u00f0veittra gu\u00f0asagna innan menningar.\" tabindex=\"0\">go\u00f0afr\u00e6\u00f0i<\/span> Adonis (deyjandi ungmenni sem Afr\u00f3d\u00edta elskar) og D\u00ed\u00f3n\u00fdsos (gr\u00f3\u00f0ur- og v\u00edngo\u00f0), \u00ed fr\u00fdg\u00edsk-mes\u00f3p\u00f3tam\u00edskri hef\u00f0 Attis og Tamm\u00faz, og \u00ed egypskum tr\u00faarbr\u00f6g\u00f0um Os\u00edris (deyjandi og upprisinn gu\u00f0 gr\u00f3\u00f0urs og undirheima).<\/p>\n<p>Yngri <span class=\"iwg-fachbegriff\" data-tooltip=\"V\u00edsindin sem rannsaka tr\u00faarbr\u00f6g\u00f0 \u00e1 samanbur\u00f0arh\u00e1tt og \u00e1n tr\u00faarlegrar afst\u00f6\u00f0u.\" tabindex=\"0\">tr\u00faarbrag\u00f0afr\u00e6\u00f0i<\/span> bendir \u00e1 a\u00f0 \u00feessar byggingarlegu samsvaranir \u00feurfi ekki a\u00f0 byggjast \u00e1 \u00e6ttartengslum. Hinn \u00abdeyjandi gu\u00f0aflokkur\u00bb m\u00e1 einnig \u00fatsk\u00fdra me\u00f0 alhli\u00f0a reynslu af \u00e1rst\u00ed\u00f0ahring gr\u00f3\u00f0urs, \u00e1n \u00feess a\u00f0 gera r\u00e1\u00f0 fyrir beinum s\u00f6guleg tengslum. Vladimir Propp (\u00abRusskie agrarnye prazdniki\u00bb, 1963) hefur \u00fatsk\u00fdrt slavneska gr\u00f3\u00f0ur-<span class=\"iwg-fachbegriff\" data-tooltip=\"Var\u00f0veitt fr\u00e1s\u00f6gn um gu\u00f0i, uppruna og skipan heimsins.\" tabindex=\"0\">go\u00f0s\u00f6guna<\/span> \u00e1 \u00feennan h\u00e1tt, frekar \u00e1 mannfr\u00e6\u00f0ilegum forsendum en go\u00f0afr\u00e6\u00f0ilegum.<\/p>\t\t\t\t\t\t\t\t<\/div>\n\t\t\t\t<\/div>\n\t\t<div class=\"elementor-element elementor-element-2eee5f6 e-con-full e-flex e-con e-child\" data-id=\"2eee5f6\" data-element_type=\"container\" data-e-type=\"container\">\n\t\t\t\t<div class=\"elementor-element elementor-element-8942dad elementor-widget elementor-widget-heading\" data-id=\"8942dad\" data-element_type=\"widget\" data-e-type=\"widget\" data-widget_type=\"heading.default\">\n\t\t\t\t\t<h2 class=\"elementor-heading-title elementor-size-default\">Jarilo \u00ed n\u00fat\u00edmaskynjun<\/h2>\t\t\t\t<\/div>\n\t\t\t\t<div class=\"elementor-element elementor-element-42780ec elementor-widget elementor-widget-text-editor\" data-id=\"42780ec\" data-element_type=\"widget\" data-e-type=\"widget\" data-widget_type=\"text-editor.default\">\n\t\t\t\t\t\t\t\t\t<p>\u00cd \u00fakra\u00ednskum og r\u00fassneskum b\u00f3kmenntum 19. og 20. aldar er Jarilo endurtekin pers\u00f3na.<\/p><p>Aleksander Ostrovsk\u00edj felldi hann me\u00f0 \u00e1berandi h\u00e6tti inn \u00ed vor-\u00e6vint\u00fdra\u00f3peru s\u00edna \u00abSnegurotsjka\u00bb (\u00abSnj\u00f3stelpan\u00bb, 1873); Nikolaj Rimsk\u00edj-Korsakov endursamdi \u00feetta leikrit \u00ed \u00f3peru \u00e1ri\u00f0 1881, \u00fear sem Jarilo kemur fram \u00ed lokin sem s\u00f3lar- og vorgu\u00f0. \u00deessi listr\u00e6na \u00fatf\u00e6rsla hefur fest Jarilo r\u00e6kilega \u00ed sessi \u00ed r\u00fassneskri h\u00e1menningu.<\/p>\n<p>\u00cd samt\u00edma Rodnoverie-hreyfingunni og \u00ed almennri slavneskri n\u00fdhei\u00f0ni er Jarilo ein af helstu a\u00f0algu\u00f0unum. H\u00e1t\u00ed\u00f0 hans er haldin vi\u00f0 upphaf vors (oft 23. apr\u00edl, \u00e1 Georgsdegi, e\u00f0a um jafnd\u00e6gur) og fylgt eftir me\u00f0 gr\u00f3\u00f0ursi\u00f0um, eldum og samf\u00e9lagsm\u00e1lt\u00ed\u00f0um.<\/p><p>\u00deessi endurl\u00edfgun er s\u00f6gulega s\u00e9\u00f0 n\u00fdsk\u00f6pun, en tengist beint al\u00fe\u00fd\u00f0utr\u00faarlegri hef\u00f0 sem enn var lifandi \u00ed slavneskum b\u00e6ndasamf\u00e9l\u00f6gum \u00e1 19. \u00f6ld.<\/p>\t\t\t\t\t\t\t\t<\/div>\n\t\t\t\t<\/div>\n\t\t\t\t\t<\/div>\n\t\t\t\t<\/div>\n\t\t\t\t<\/div>\n\t\t","protected":false},"excerpt":{"rendered":"","protected":false},"author":3,"featured_media":3265,"parent":0,"menu_order":0,"comment_status":"closed","ping_status":"closed","template":"elementor_header_footer","meta":{"_yoast_wpseo_focuskw":"Jarilo","_yoast_wpseo_title":"Jarilo \u2013 slavneskur gu\u00f0 vorsins | iWell Guard","_yoast_wpseo_metadesc":"Jarilo er slavneskur gu\u00f0 vorsins, frj\u00f3semi og gr\u00f3\u00f0urs, me\u00f0 \u00e1rlegri hringr\u00e1s dau\u00f0a og upprisu.","_yoast_wpseo_meta-robots-noindex":"","_yoast_wpseo_canonical":"","_angie_page":false,"gefaehrdungsstufe":"","wesen_kultur":"","wesen_klasse":"","footnotes":""},"categories":[],"class_list":["post-169091","page","type-page","status-publish","has-post-thumbnail","hentry"],"yoast_head":"<!-- This site is optimized with the Yoast SEO Premium plugin v27.7 (Yoast SEO v28.3) - https:\/\/yoast.com\/product\/yoast-seo-premium-wordpress\/ -->\n<title>Jarilo \u2013 slavneskur gu\u00f0 vorsins | iWell Guard<\/title>\n<meta name=\"description\" content=\"Jarilo er slavneskur gu\u00f0 vorsins, frj\u00f3semi og gr\u00f3\u00f0urs, me\u00f0 \u00e1rlegri hringr\u00e1s dau\u00f0a og upprisu.\" \/>\n<meta name=\"robots\" content=\"index, follow, max-snippet:-1, max-image-preview:large, max-video-preview:-1\" \/>\n<link rel=\"canonical\" href=\"https:\/\/iwell-guard.com\/is\/jarilo\/\" \/>\n<meta property=\"og:locale\" content=\"is_IS\" \/>\n<meta property=\"og:type\" content=\"article\" \/>\n<meta property=\"og:title\" content=\"Jarilo\" \/>\n<meta property=\"og:description\" content=\"Jarilo er slavneskur gu\u00f0 vorsins, frj\u00f3semi og gr\u00f3\u00f0urs, me\u00f0 \u00e1rlegri hringr\u00e1s dau\u00f0a og upprisu.\" \/>\n<meta property=\"og:url\" content=\"https:\/\/iwell-guard.com\/is\/jarilo\/\" \/>\n<meta property=\"og:site_name\" content=\"iWell Guard\" \/>\n<meta property=\"article:modified_time\" content=\"2026-09-05T14:32:02+00:00\" \/>\n<meta property=\"og:image\" content=\"https:\/\/iwell-guard.com\/wp-content\/uploads\/2026\/05\/goetter_slawisch_jarilo.webp\" \/>\n\t<meta property=\"og:image:width\" content=\"1024\" \/>\n\t<meta property=\"og:image:height\" content=\"1536\" \/>\n\t<meta property=\"og:image:type\" content=\"image\/webp\" \/>\n<meta name=\"twitter:card\" content=\"summary_large_image\" \/>\n<script type=\"application\/ld+json\" class=\"yoast-schema-graph\">{\"@context\":\"https:\\\/\\\/schema.org\",\"@graph\":[{\"@type\":\"WebPage\",\"@id\":\"https:\\\/\\\/iwell-guard.com\\\/is\\\/jarilo\\\/\",\"url\":\"https:\\\/\\\/iwell-guard.com\\\/is\\\/jarilo\\\/\",\"name\":\"Jarilo \u2013 slavneskur gu\u00f0 vorsins | iWell Guard\",\"isPartOf\":{\"@id\":\"https:\\\/\\\/iwell-guard.com\\\/is\\\/#website\"},\"primaryImageOfPage\":{\"@id\":\"https:\\\/\\\/iwell-guard.com\\\/is\\\/jarilo\\\/#primaryimage\"},\"image\":{\"@id\":\"https:\\\/\\\/iwell-guard.com\\\/is\\\/jarilo\\\/#primaryimage\"},\"thumbnailUrl\":\"https:\\\/\\\/iwell-guard.com\\\/wp-content\\\/uploads\\\/2026\\\/05\\\/goetter_slawisch_jarilo.webp\",\"datePublished\":\"2026-09-05T14:05:30+00:00\",\"dateModified\":\"2026-09-05T14:32:02+00:00\",\"description\":\"Jarilo er slavneskur gu\u00f0 vorsins, frj\u00f3semi og gr\u00f3\u00f0urs, me\u00f0 \u00e1rlegri hringr\u00e1s dau\u00f0a og upprisu.\",\"breadcrumb\":{\"@id\":\"https:\\\/\\\/iwell-guard.com\\\/is\\\/jarilo\\\/#breadcrumb\"},\"inLanguage\":\"is\",\"potentialAction\":[{\"@type\":\"ReadAction\",\"target\":[\"https:\\\/\\\/iwell-guard.com\\\/is\\\/jarilo\\\/\"]}]},{\"@type\":\"ImageObject\",\"inLanguage\":\"is\",\"@id\":\"https:\\\/\\\/iwell-guard.com\\\/is\\\/jarilo\\\/#primaryimage\",\"url\":\"https:\\\/\\\/iwell-guard.com\\\/wp-content\\\/uploads\\\/2026\\\/05\\\/goetter_slawisch_jarilo.webp\",\"contentUrl\":\"https:\\\/\\\/iwell-guard.com\\\/wp-content\\\/uploads\\\/2026\\\/05\\\/goetter_slawisch_jarilo.webp\",\"width\":1024,\"height\":1536,\"caption\":\"Gu\u00f0ir \u00far slavneskri hef\u00f0.\"},{\"@type\":\"BreadcrumbList\",\"@id\":\"https:\\\/\\\/iwell-guard.com\\\/is\\\/jarilo\\\/#breadcrumb\",\"itemListElement\":[{\"@type\":\"ListItem\",\"position\":1,\"name\":\"Start\",\"item\":\"https:\\\/\\\/iwell-guard.com\\\/is\\\/?page_id=168580\"},{\"@type\":\"ListItem\",\"position\":2,\"name\":\"Jarilo\"}]},{\"@type\":\"WebSite\",\"@id\":\"https:\\\/\\\/iwell-guard.com\\\/is\\\/#website\",\"url\":\"https:\\\/\\\/iwell-guard.com\\\/is\\\/\",\"name\":\"iWell Guard\",\"description\":\"Schutz vor dunklen Einfl\u00fcssen\",\"publisher\":{\"@id\":\"https:\\\/\\\/iwell-guard.com\\\/is\\\/#organization\"},\"potentialAction\":[{\"@type\":\"SearchAction\",\"target\":{\"@type\":\"EntryPoint\",\"urlTemplate\":\"https:\\\/\\\/iwell-guard.com\\\/is\\\/?s={search_term_string}\"},\"query-input\":{\"@type\":\"PropertyValueSpecification\",\"valueRequired\":true,\"valueName\":\"search_term_string\"}}],\"inLanguage\":\"is\"},{\"@type\":\"Organization\",\"@id\":\"https:\\\/\\\/iwell-guard.com\\\/is\\\/#organization\",\"name\":\"Ittermann electronic GmbH\",\"url\":\"https:\\\/\\\/iwell-guard.com\\\/is\\\/\",\"logo\":{\"@type\":\"ImageObject\",\"inLanguage\":\"is\",\"@id\":\"https:\\\/\\\/iwell-guard.com\\\/is\\\/#\\\/schema\\\/logo\\\/image\\\/\",\"url\":\"https:\\\/\\\/iwell-guard.com\\\/wp-content\\\/uploads\\\/2026\\\/05\\\/Ittermann-Logo-1182x237-1.png\",\"contentUrl\":\"https:\\\/\\\/iwell-guard.com\\\/wp-content\\\/uploads\\\/2026\\\/05\\\/Ittermann-Logo-1182x237-1.png\",\"width\":1182,\"height\":237,\"caption\":\"Ittermann electronic GmbH\"},\"image\":{\"@id\":\"https:\\\/\\\/iwell-guard.com\\\/is\\\/#\\\/schema\\\/logo\\\/image\\\/\"},\"sameAs\":[\"https:\\\/\\\/pantip.com\\\/profile\\\/9367242\",\"https:\\\/\\\/micro.blog\\\/iwellguard\",\"https:\\\/\\\/www.diggerslist.com\\\/iwellguard\\\/about\",\"https:\\\/\\\/skitterphoto.com\\\/photographers\\\/2870314\\\/iwell-guard\",\"https:\\\/\\\/iwellguard.wordpress.com\\\/2026\\\/06\\\/06\\\/iwell-guard\\\/\",\"https:\\\/\\\/hub.docker.com\\\/u\\\/iwellguard\",\"https:\\\/\\\/www.pinterest.com\\\/iwellguard\\\/\",\"https:\\\/\\\/bit.ly\\\/m\\\/iwellguard\",\"https:\\\/\\\/entre-vos-mains.alsace.eu\\\/profiles\\\/iwellguard\\\/activity\",\"https:\\\/\\\/gravatar.com\\\/reallybeded8fd34\",\"https:\\\/\\\/naijamatta.com\\\/iwellguard\",\"https:\\\/\\\/www.goodreads.com\\\/iwellguard\",\"https:\\\/\\\/profile.hatena.ne.jp\\\/iwellguard\\\/\",\"https:\\\/\\\/experiment.com\\\/users\\\/iwellguard\",\"https:\\\/\\\/wakelet.com\\\/@iWellGuard82270\",\"https:\\\/\\\/www.chordie.com\\\/forum\\\/profile.php?id=2555664\",\"https:\\\/\\\/www.instapaper.com\\\/p\\\/17757966\",\"https:\\\/\\\/www.mapleprimes.com\\\/users\\\/iwellguard\",\"https:\\\/\\\/businesslistingplus.com\\\/profile\\\/iwell-guard\\\/\",\"https:\\\/\\\/telegra.ph\\\/iWell-Guard-06-06\",\"https:\\\/\\\/pbase.com\\\/iwellguard\\\/iwellguard\",\"https:\\\/\\\/b.hatena.ne.jp\\\/iwellguard\\\/20260607#bookmark-4788405196491818882\",\"https:\\\/\\\/fliphtml5.com\\\/home\\\/iwellguard\",\"https:\\\/\\\/anyflip.com\\\/homepage\\\/cmiwl#About\",\"https:\\\/\\\/transfur.com\\\/Users\\\/iwellguard\",\"http:\\\/\\\/delphi.larsbo.org\\\/user\\\/iwellguard\",\"https:\\\/\\\/jobs.lajobsportal.org\\\/profiles\\\/8380803-iwell-guard\",\"https:\\\/\\\/md.chaosdorf.de\\\/s\\\/jfbe5SBdJD\",\"https:\\\/\\\/www.lingvolive.com\\\/en-us\\\/profile\\\/9ecaeaca-ce11-4e51-9e71-01d55e2bff36\\\/translations\",\"https:\\\/\\\/www.fitday.com\\\/fitness\\\/forums\\\/members\\\/iwellguard.html\",\"https:\\\/\\\/www.mymeetbook.com\\\/iwellguard\",\"https:\\\/\\\/pxhere.com\\\/en\\\/photographer-me\\\/5040798\",\"https:\\\/\\\/disqus.com\\\/by\\\/iwellguard\\\/about\\\/\",\"https:\\\/\\\/pastelink.net\\\/hjwciqwq\",\"https:\\\/\\\/pubhtml5.com\\\/homepage\\\/scjhn\\\/\",\"https:\\\/\\\/www.bitchute.com\\\/channel\\\/2O2eOKzNqujT\",\"https:\\\/\\\/audiomack.com\\\/iwellguard\"]}]}<\/script>\n<!-- \/ Yoast SEO Premium plugin. -->","yoast_head_json":{"title":"Jarilo \u2013 slavneskur gu\u00f0 vorsins | iWell Guard","description":"Jarilo er slavneskur gu\u00f0 vorsins, frj\u00f3semi og gr\u00f3\u00f0urs, me\u00f0 \u00e1rlegri hringr\u00e1s dau\u00f0a og upprisu.","robots":{"index":"index","follow":"follow","max-snippet":"max-snippet:-1","max-image-preview":"max-image-preview:large","max-video-preview":"max-video-preview:-1"},"canonical":"https:\/\/iwell-guard.com\/is\/jarilo\/","og_locale":"is_IS","og_type":"article","og_title":"Jarilo","og_description":"Jarilo er slavneskur gu\u00f0 vorsins, frj\u00f3semi og gr\u00f3\u00f0urs, me\u00f0 \u00e1rlegri hringr\u00e1s dau\u00f0a og upprisu.","og_url":"https:\/\/iwell-guard.com\/is\/jarilo\/","og_site_name":"iWell Guard","article_modified_time":"2026-09-05T14:32:02+00:00","og_image":[{"width":1024,"height":1536,"url":"https:\/\/iwell-guard.com\/wp-content\/uploads\/2026\/05\/goetter_slawisch_jarilo.webp","type":"image\/webp"}],"twitter_card":"summary_large_image","schema":{"@context":"https:\/\/schema.org","@graph":[{"@type":"WebPage","@id":"https:\/\/iwell-guard.com\/is\/jarilo\/","url":"https:\/\/iwell-guard.com\/is\/jarilo\/","name":"Jarilo \u2013 slavneskur gu\u00f0 vorsins | iWell Guard","isPartOf":{"@id":"https:\/\/iwell-guard.com\/is\/#website"},"primaryImageOfPage":{"@id":"https:\/\/iwell-guard.com\/is\/jarilo\/#primaryimage"},"image":{"@id":"https:\/\/iwell-guard.com\/is\/jarilo\/#primaryimage"},"thumbnailUrl":"https:\/\/iwell-guard.com\/wp-content\/uploads\/2026\/05\/goetter_slawisch_jarilo.webp","datePublished":"2026-09-05T14:05:30+00:00","dateModified":"2026-09-05T14:32:02+00:00","description":"Jarilo er slavneskur gu\u00f0 vorsins, frj\u00f3semi og gr\u00f3\u00f0urs, me\u00f0 \u00e1rlegri hringr\u00e1s dau\u00f0a og upprisu.","breadcrumb":{"@id":"https:\/\/iwell-guard.com\/is\/jarilo\/#breadcrumb"},"inLanguage":"is","potentialAction":[{"@type":"ReadAction","target":["https:\/\/iwell-guard.com\/is\/jarilo\/"]}]},{"@type":"ImageObject","inLanguage":"is","@id":"https:\/\/iwell-guard.com\/is\/jarilo\/#primaryimage","url":"https:\/\/iwell-guard.com\/wp-content\/uploads\/2026\/05\/goetter_slawisch_jarilo.webp","contentUrl":"https:\/\/iwell-guard.com\/wp-content\/uploads\/2026\/05\/goetter_slawisch_jarilo.webp","width":1024,"height":1536,"caption":"Gu\u00f0ir \u00far slavneskri hef\u00f0."},{"@type":"BreadcrumbList","@id":"https:\/\/iwell-guard.com\/is\/jarilo\/#breadcrumb","itemListElement":[{"@type":"ListItem","position":1,"name":"Start","item":"https:\/\/iwell-guard.com\/is\/?page_id=168580"},{"@type":"ListItem","position":2,"name":"Jarilo"}]},{"@type":"WebSite","@id":"https:\/\/iwell-guard.com\/is\/#website","url":"https:\/\/iwell-guard.com\/is\/","name":"iWell Guard","description":"Schutz vor dunklen Einfl\u00fcssen","publisher":{"@id":"https:\/\/iwell-guard.com\/is\/#organization"},"potentialAction":[{"@type":"SearchAction","target":{"@type":"EntryPoint","urlTemplate":"https:\/\/iwell-guard.com\/is\/?s={search_term_string}"},"query-input":{"@type":"PropertyValueSpecification","valueRequired":true,"valueName":"search_term_string"}}],"inLanguage":"is"},{"@type":"Organization","@id":"https:\/\/iwell-guard.com\/is\/#organization","name":"Ittermann electronic GmbH","url":"https:\/\/iwell-guard.com\/is\/","logo":{"@type":"ImageObject","inLanguage":"is","@id":"https:\/\/iwell-guard.com\/is\/#\/schema\/logo\/image\/","url":"https:\/\/iwell-guard.com\/wp-content\/uploads\/2026\/05\/Ittermann-Logo-1182x237-1.png","contentUrl":"https:\/\/iwell-guard.com\/wp-content\/uploads\/2026\/05\/Ittermann-Logo-1182x237-1.png","width":1182,"height":237,"caption":"Ittermann electronic GmbH"},"image":{"@id":"https:\/\/iwell-guard.com\/is\/#\/schema\/logo\/image\/"},"sameAs":["https:\/\/pantip.com\/profile\/9367242","https:\/\/micro.blog\/iwellguard","https:\/\/www.diggerslist.com\/iwellguard\/about","https:\/\/skitterphoto.com\/photographers\/2870314\/iwell-guard","https:\/\/iwellguard.wordpress.com\/2026\/06\/06\/iwell-guard\/","https:\/\/hub.docker.com\/u\/iwellguard","https:\/\/www.pinterest.com\/iwellguard\/","https:\/\/bit.ly\/m\/iwellguard","https:\/\/entre-vos-mains.alsace.eu\/profiles\/iwellguard\/activity","https:\/\/gravatar.com\/reallybeded8fd34","https:\/\/naijamatta.com\/iwellguard","https:\/\/www.goodreads.com\/iwellguard","https:\/\/profile.hatena.ne.jp\/iwellguard\/","https:\/\/experiment.com\/users\/iwellguard","https:\/\/wakelet.com\/@iWellGuard82270","https:\/\/www.chordie.com\/forum\/profile.php?id=2555664","https:\/\/www.instapaper.com\/p\/17757966","https:\/\/www.mapleprimes.com\/users\/iwellguard","https:\/\/businesslistingplus.com\/profile\/iwell-guard\/","https:\/\/telegra.ph\/iWell-Guard-06-06","https:\/\/pbase.com\/iwellguard\/iwellguard","https:\/\/b.hatena.ne.jp\/iwellguard\/20260607#bookmark-4788405196491818882","https:\/\/fliphtml5.com\/home\/iwellguard","https:\/\/anyflip.com\/homepage\/cmiwl#About","https:\/\/transfur.com\/Users\/iwellguard","http:\/\/delphi.larsbo.org\/user\/iwellguard","https:\/\/jobs.lajobsportal.org\/profiles\/8380803-iwell-guard","https:\/\/md.chaosdorf.de\/s\/jfbe5SBdJD","https:\/\/www.lingvolive.com\/en-us\/profile\/9ecaeaca-ce11-4e51-9e71-01d55e2bff36\/translations","https:\/\/www.fitday.com\/fitness\/forums\/members\/iwellguard.html","https:\/\/www.mymeetbook.com\/iwellguard","https:\/\/pxhere.com\/en\/photographer-me\/5040798","https:\/\/disqus.com\/by\/iwellguard\/about\/","https:\/\/pastelink.net\/hjwciqwq","https:\/\/pubhtml5.com\/homepage\/scjhn\/","https:\/\/www.bitchute.com\/channel\/2O2eOKzNqujT","https:\/\/audiomack.com\/iwellguard"]}]}},"_links":{"self":[{"href":"https:\/\/iwell-guard.com\/is\/wp-json\/wp\/v2\/pages\/169091","targetHints":{"allow":["GET"]}}],"collection":[{"href":"https:\/\/iwell-guard.com\/is\/wp-json\/wp\/v2\/pages"}],"about":[{"href":"https:\/\/iwell-guard.com\/is\/wp-json\/wp\/v2\/types\/page"}],"author":[{"embeddable":true,"href":"https:\/\/iwell-guard.com\/is\/wp-json\/wp\/v2\/users\/3"}],"replies":[{"embeddable":true,"href":"https:\/\/iwell-guard.com\/is\/wp-json\/wp\/v2\/comments?post=169091"}],"version-history":[{"count":0,"href":"https:\/\/iwell-guard.com\/is\/wp-json\/wp\/v2\/pages\/169091\/revisions"}],"wp:featuredmedia":[{"embeddable":true,"href":"https:\/\/iwell-guard.com\/is\/wp-json\/wp\/v2\/media\/3265"}],"wp:attachment":[{"href":"https:\/\/iwell-guard.com\/is\/wp-json\/wp\/v2\/media?parent=169091"}],"wp:term":[{"taxonomy":"category","embeddable":true,"href":"https:\/\/iwell-guard.com\/is\/wp-json\/wp\/v2\/categories?post=169091"}],"curies":[{"name":"wp","href":"https:\/\/api.w.org\/{rel}","templated":true}]}}