{"id":169090,"date":"2026-09-05T14:05:30","date_gmt":"2026-09-05T14:05:30","guid":{"rendered":"https:\/\/iwell-guard.com\/?page_id=169090"},"modified":"2026-09-05T14:32:01","modified_gmt":"2026-09-05T14:32:01","slug":"lada","status":"publish","type":"page","link":"https:\/\/iwell-guard.com\/is\/lada\/","title":{"rendered":"Lada"},"content":{"rendered":"\t\t<div data-elementor-type=\"wp-page\" data-elementor-id=\"169090\" class=\"elementor elementor-169090 elementor-3031 elementor-bc-flex-widget\" data-elementor-post-type=\"page\">\n\t\t\t\t<div class=\"elementor-element elementor-element-181696a e-flex e-con-boxed e-con e-parent\" data-id=\"181696a\" data-element_type=\"container\" data-e-type=\"container\" data-settings=\"{&quot;background_background&quot;:&quot;classic&quot;}\">\n\t\t\t\t\t<div class=\"e-con-inner\">\n\t\t<div class=\"elementor-element elementor-element-405cf75 e-flex e-con-boxed e-con e-child\" data-id=\"405cf75\" data-element_type=\"container\" data-e-type=\"container\">\n\t\t\t\t\t<div class=\"e-con-inner\">\n\t\t<div class=\"elementor-element elementor-element-4e51bd7 e-con-full e-flex e-con e-child\" data-id=\"4e51bd7\" data-element_type=\"container\" data-e-type=\"container\">\n\t\t\t\t<div class=\"elementor-element elementor-element-b30b903 elementor-widget elementor-widget-heading\" data-id=\"b30b903\" data-element_type=\"widget\" data-e-type=\"widget\" data-widget_type=\"heading.default\">\n\t\t\t\t\t<h1 class=\"elementor-heading-title elementor-size-default\">Lada, slavnesk \u00e1stargy\u00f0ja<\/h1>\t\t\t\t<\/div>\n\t\t\t\t<div class=\"elementor-element elementor-element-8919e13 elementor-widget elementor-widget-text-editor\" data-id=\"8919e13\" data-element_type=\"widget\" data-e-type=\"widget\" data-widget_type=\"text-editor.default\">\n\t\t\t\t\t\t\t\t\t<p>Lada er \u00ed slavneska <span class=\"iwg-fachbegriff\" data-tooltip=\"Heild gu\u00f0a innan tr\u00faarbrag\u00f0a e\u00f0a menningar.\" tabindex=\"0\">pantheoninu<\/span> gy\u00f0ja \u00e1star, fegur\u00f0ar, hj\u00f3nabands og vors. \u00d3l\u00edkt gu\u00f0unum \u00ed hinni svok\u00f6llu\u00f0u Vladim\u00edr-sexmenningu er Lada ekki sta\u00f0fest me\u00f0 beinum h\u00e6tti \u00ed neinu mi\u00f0aldaann\u00e1li; nafn hennar kemur fyrst fram \u00ed s\u00ed\u00f0mi\u00f0aldap\u00f3lskum pr\u00e9dikunarritum og \u00ed \u00fej\u00f3\u00f0legum br\u00fa\u00f0kaups- og vors\u00f6ngvum.<\/p><p>Af \u00feessum s\u00f6kum er tilvist hennar sem sj\u00e1lfst\u00e6\u00f0rar gy\u00f0ju umdeild \u00ed ranns\u00f3knum n\u00fat\u00edmans. Aleksander Br\u00fcckner taldi hana hreinan vi\u00f0lagsstuf \u00ed s\u00f6ngvum, en Aleksander Gieysztor og Boris Rybakov t\u00f6ldu hana eiginlega gy\u00f0ju, sem spor hennar hef\u00f0i var\u00f0veist \u00ed \u00fej\u00f3\u00f0hef\u00f0inni. S\u00ed\u00f0an eru b\u00e6\u00f0i sj\u00f3narmi\u00f0in kynnt h\u00e9r og fylgt varf\u00e6rinni samst\u00f6\u00f0u n\u00fat\u00ed\u00f0arranns\u00f3kna.<\/p>\t\t\t\t\t\t\t\t<\/div>\n\t\t\t\t<\/div>\n\t\t<div class=\"elementor-element elementor-element-75cc6ec e-con-full e-flex e-con e-parent\" data-id=\"75cc6ec\" data-element_type=\"container\" data-e-type=\"container\">\n\t\t\t\t<div class=\"elementor-element elementor-element-9fa10d3 elementor-widget elementor-widget-html\" data-id=\"9fa10d3\" data-element_type=\"widget\" data-e-type=\"widget\" data-widget_type=\"html.default\">\n\t\t\t\t\t<div class=\"iwg-pill-row\"><span class=\"iwg-klasse-badge\" tabindex=\"0\" data-tooltip=\"Gu\u00f0 \/ gy\u00f0ja: Pers\u00f3nuger\u00f0 \u00e6\u00f0sta vald \u00ed go\u00f0aveldi menningar, me\u00f0 sk\u00fdrum \u00e1byrg\u00f0arsvi\u00f0um \u2014 n\u00e1tt\u00faru\u00f6fl, \u00f6rl\u00f6g, str\u00ed\u00f0, frj\u00f3semi. D\u00fdrku\u00f0 me\u00f0 helgisi\u00f0um, f\u00f3rnum og musterisstofnunum.\">Gu\u00f0<\/span><a href=\"https:\/\/iwell-guard.com\/is\/slavnesk\/\" class=\"iwg-kultur-badge\" tabindex=\"0\" data-tooltip=\"Slavnesk go\u00f0afr\u00e6\u00f0i og \u00fej\u00f3\u00f0tr\u00fa, kristnu\u00f0 fr\u00e1 10. \u00f6ld.\">Slavneskt<\/a><\/div>\t\t\t\t<\/div>\n\t\t\t\t<\/div>\n\t\t<div class=\"elementor-element elementor-element-3b72310 e-con-full e-flex e-con e-child\" data-id=\"3b72310\" data-element_type=\"container\" data-e-type=\"container\">\n\t\t\t\t<div class=\"elementor-element elementor-element-51a4bba elementor-toc--minimized-on-tablet elementor-widget elementor-widget-table-of-contents\" data-id=\"51a4bba\" data-element_type=\"widget\" data-e-type=\"widget\" data-settings=\"{&quot;exclude_headings_by_selector&quot;:[],&quot;no_headings_message&quot;:&quot;Engar undirfyrirsagnir fundust \\u00e1 \\u00feessari s\\u00ed\\u00f0u.&quot;,&quot;headings_by_tags&quot;:[&quot;h2&quot;,&quot;h3&quot;],&quot;marker_view&quot;:&quot;bullets&quot;,&quot;icon&quot;:{&quot;value&quot;:&quot;fas fa-circle&quot;,&quot;library&quot;:&quot;fa-solid&quot;,&quot;rendered_tag&quot;:&quot;&lt;svg class=\\&quot;e-font-icon-svg e-fas-circle\\&quot; viewBox=\\&quot;0 0 512 512\\&quot; xmlns=\\&quot;http:\\\/\\\/www.w3.org\\\/2000\\\/svg\\&quot;&gt;&lt;path d=\\&quot;M256 8C119 8 8 119 8 256s111 248 248 248 248-111 248-248S393 8 256 8z\\&quot;&gt;&lt;\\\/path&gt;&lt;\\\/svg&gt;&quot;},&quot;minimize_box&quot;:&quot;yes&quot;,&quot;minimized_on&quot;:&quot;tablet&quot;,&quot;hierarchical_view&quot;:&quot;yes&quot;,&quot;min_height&quot;:{&quot;unit&quot;:&quot;px&quot;,&quot;size&quot;:&quot;&quot;,&quot;sizes&quot;:[]},&quot;min_height_tablet&quot;:{&quot;unit&quot;:&quot;px&quot;,&quot;size&quot;:&quot;&quot;,&quot;sizes&quot;:[]},&quot;min_height_mobile&quot;:{&quot;unit&quot;:&quot;px&quot;,&quot;size&quot;:&quot;&quot;,&quot;sizes&quot;:[]}}\" data-widget_type=\"table-of-contents.default\">\n\t\t\t\t\t\t\t\t\t<div class=\"elementor-toc__header\">\n\t\t\t\t\t\t<h2 class=\"elementor-toc__header-title\">\n\t\t\t\tEfnisyfirlit\t\t\t<\/h2>\n\t\t\t\t\t\t\t\t\t\t<div class=\"elementor-toc__toggle-button elementor-toc__toggle-button--expand\" role=\"button\" tabindex=\"0\" aria-controls=\"elementor-toc__51a4bba\" aria-expanded=\"true\" aria-label=\"Open table of contents\"><svg aria-hidden=\"true\" class=\"e-font-icon-svg e-fas-chevron-down\" viewBox=\"0 0 448 512\" xmlns=\"http:\/\/www.w3.org\/2000\/svg\"><path d=\"M207.029 381.476L12.686 187.132c-9.373-9.373-9.373-24.569 0-33.941l22.667-22.667c9.357-9.357 24.522-9.375 33.901-.04L224 284.505l154.745-154.021c9.379-9.335 24.544-9.317 33.901.04l22.667 22.667c9.373 9.373 9.373 24.569 0 33.941L240.971 381.476c-9.373 9.372-24.569 9.372-33.942 0z\"><\/path><\/svg><\/div>\n\t\t\t\t<div class=\"elementor-toc__toggle-button elementor-toc__toggle-button--collapse\" role=\"button\" tabindex=\"0\" aria-controls=\"elementor-toc__51a4bba\" aria-expanded=\"true\" aria-label=\"Close table of contents\"><svg aria-hidden=\"true\" class=\"e-font-icon-svg e-fas-chevron-up\" viewBox=\"0 0 448 512\" xmlns=\"http:\/\/www.w3.org\/2000\/svg\"><path d=\"M240.971 130.524l194.343 194.343c9.373 9.373 9.373 24.569 0 33.941l-22.667 22.667c-9.357 9.357-24.522 9.375-33.901.04L224 227.495 69.255 381.516c-9.379 9.335-24.544 9.317-33.901-.04l-22.667-22.667c-9.373-9.373-9.373-24.569 0-33.941L207.03 130.525c9.372-9.373 24.568-9.373 33.941-.001z\"><\/path><\/svg><\/div>\n\t\t\t\t\t<\/div>\n\t\t\t\t<div id=\"elementor-toc__51a4bba\" class=\"elementor-toc__body\">\n\t\t\t<div class=\"elementor-toc__spinner-container\">\n\t\t\t\t<svg class=\"elementor-toc__spinner eicon-animation-spin e-font-icon-svg e-eicon-loading\" aria-hidden=\"true\" viewBox=\"0 0 1000 1000\" xmlns=\"http:\/\/www.w3.org\/2000\/svg\"><path d=\"M500 975V858C696 858 858 696 858 500S696 142 500 142 142 304 142 500H25C25 237 238 25 500 25S975 237 975 500 763 975 500 975Z\"><\/path><\/svg>\t\t\t<\/div>\n\t\t<\/div>\n\t\t\t\t\t\t<\/div>\n\t\t\t\t<\/div>\n\t\t\t\t\t<\/div>\n\t\t\t\t<\/div>\n\t\t<div class=\"elementor-element elementor-element-c166d20 e-con-full e-flex e-con e-child\" data-id=\"c166d20\" data-element_type=\"container\" data-e-type=\"container\">\n\t\t\t\t<div class=\"elementor-element elementor-element-2f07478 iwg-hero-image elementor-widget elementor-widget-image\" data-id=\"2f07478\" data-element_type=\"widget\" data-e-type=\"widget\" data-widget_type=\"image.default\">\n\t\t\t\t\t\t\t\t\t\t\t\t\t\t\t<img fetchpriority=\"high\" decoding=\"async\" width=\"683\" height=\"1024\" src=\"https:\/\/iwell-guard.com\/wp-content\/uploads\/2026\/05\/goetter_slawisch_lada-683x1024.webp\" class=\"attachment-large size-large wp-image-170689\" alt=\"Lada - Gu\u00f0 \u00far slavneskri hef\u00f0, s\u00f6guleg mynd til sk\u00fdringar\" srcset=\"https:\/\/iwell-guard.com\/wp-content\/uploads\/2026\/05\/goetter_slawisch_lada-683x1024.webp 683w, https:\/\/iwell-guard.com\/wp-content\/uploads\/2026\/05\/goetter_slawisch_lada-200x300.webp 200w, https:\/\/iwell-guard.com\/wp-content\/uploads\/2026\/05\/goetter_slawisch_lada-768x1152.webp 768w, https:\/\/iwell-guard.com\/wp-content\/uploads\/2026\/05\/goetter_slawisch_lada.webp 1024w\" sizes=\"(max-width: 683px) 100vw, 683px\" \/>\t\t\t\t\t\t\t\t\t\t\t\t\t\t\t<\/div>\n\t\t\t\t<\/div>\n\t\t\t\t\t<\/div>\n\t\t\t\t<\/div>\n\t\t<div class=\"elementor-element elementor-element-8e86c94 e-con-boxed e-flex e-con e-parent\" data-id=\"8e86c94\" data-element_type=\"container\" data-e-type=\"container\">\n\t\t\t\t\t<div class=\"e-con-inner\">\n\t\t<div class=\"elementor-element elementor-element-c069bd3 e-con-full e-flex e-con e-child\" data-id=\"c069bd3\" data-element_type=\"container\" data-e-type=\"container\">\n\t\t\t\t<div class=\"elementor-element elementor-element-e6f0bd4 elementor-widget elementor-widget-heading\" data-id=\"e6f0bd4\" data-element_type=\"widget\" data-e-type=\"widget\" data-widget_type=\"heading.default\">\n\t\t\t\t\t<h2 class=\"elementor-heading-title elementor-size-default\">Heimildasta\u00f0a og ranns\u00f3knadeila<\/h2>\t\t\t\t<\/div>\n\t\t\t\t<div class=\"elementor-element elementor-element-e7ffce5 elementor-widget elementor-widget-text-editor\" data-id=\"e7ffce5\" data-element_type=\"widget\" data-e-type=\"widget\" data-widget_type=\"text-editor.default\">\n\t\t\t\t\t\t\t\t\t<p>Elstu ummerki um Lada koma \u00far p\u00f3lskum kirkju\u00feings\u00e1kv\u00f6r\u00f0unum og pr\u00e9dikunarritum 15. aldar. \u00c1kv\u00f6r\u00f0un kirkju\u00feingsins \u00ed \u0141\u0119czyca (1420) bannar dans og s\u00f6ng \u00e1 hv\u00edtasunnu og nefnir \u00ed \u00fev\u00ed sambandi \u00e1kalli\u00f0 \u00ab\u0141ado, \u0142ado!\u00bb.<\/p><p>Svipu\u00f0 b\u00f6nn koma fram \u00ed \u00abAnnales seu cronicae incliti Regni Poloniae\u00bb (1455 til 1480) eftir Jan D\u0142ugosz, sem l\u00fdsir Lada sem p\u00f3lskri samsv\u00f6run Mars og setur hana vi\u00f0 hli\u00f0 heils p\u00f3lsks gu\u00f0alista. \u00deessi listi er tr\u00faars\u00f6gulega vandme\u00f0farinn \u00fev\u00ed D\u0142ugosz m\u00f3ta\u00f0i slavneska <span class=\"iwg-fachbegriff\" data-tooltip=\"Heild gu\u00f0a innan tr\u00faarbrag\u00f0a e\u00f0a menningar.\" tabindex=\"0\">pantheoni\u00f0<\/span> a\u00f0 hluta eftir r\u00f3mverskri fyrirmynd.<\/p>\n<p>Aleksander Br\u00fcckner (\u00abMitologia s\u0142owia\u0144ska\u00bb, 1918) hafna\u00f0i tilvist Lada sem gy\u00f0ju me\u00f0 \u00f6llu. Fyrir honum var \u00ab\u0142ado\u00bb a\u00f0eins vi\u00f0lag \u00ed s\u00f6ngvum, samb\u00e6rilegt vi\u00f0 \u00fe\u00fdska \u00ablalala\u00bb, sem s\u00ed\u00f0ari prestar hef\u00f0u rangt\u00falka\u00f0 sem pers\u00f3nugervingu. \u00deessi tortryggna afsta\u00f0a var lengi r\u00edkjandi \u00e1 20. \u00f6ld og var a\u00f0 miklu leyti tekin upp af Henryk \u0141owmia\u0144ski.<\/p>\n<p>Aleksander Gieysztor (\u00abMitologia S\u0142owian\u00bb, 1982) og Boris Rybakov hafa aftur \u00e1 m\u00f3ti haldi\u00f0 fram tilvist Lada.<\/p><p>Gieysztor v\u00edsar til t\u00ed\u00f0ni og \u00fatbrei\u00f0slu Lada-\u00e1kallanna fr\u00e1 Eystrasaltssv\u00e6\u00f0inu til Balkanskaga, til hli\u00f0st\u00e6\u00f0na \u00ed lettneskri <span class=\"iwg-fachbegriff\" data-tooltip=\"Heild go\u00f0sagna sem var\u00f0veist hafa innan menningar.\" tabindex=\"0\">go\u00f0afr\u00e6\u00f0i<\/span> (Laima, \u00f6rlagagy\u00f0ja) og til byggingarlegrar \u00fearfar \u00e1 \u00e1star- og vorgy\u00f0ju \u00ed \u00fev\u00ed <span class=\"iwg-fachbegriff\" data-tooltip=\"Heild gu\u00f0a innan tr\u00faarbrag\u00f0a e\u00f0a menningar.\" tabindex=\"0\">pantheoni<\/span> sem h\u00e6gt er a\u00f0 endurgera.<\/p><p>N\u00fdrri ranns\u00f3knir (Ji\u0159\u00ed Dynda, Michael Shkapa) hallast a\u00f0 millist\u00f6\u00f0u: Lada var a\u00f0 \u00f6llum l\u00edkindum austurslavnesk-p\u00f3lsk \u00fej\u00f3\u00f0leg gestalt, sem heyr\u00f0i ekki nau\u00f0synlega til hins opinbera <span class=\"iwg-fachbegriff\" data-tooltip=\"Heild gu\u00f0a innan tr\u00faarbrag\u00f0a e\u00f0a menningar.\" tabindex=\"0\">pantheons<\/span> K\u00e6nugar\u00f0sr\u00edkisins, en var f\u00f6st \u00ed r\u00f3tum \u00fej\u00f3\u00f0tr\u00faarins.<\/p>\t\t\t\t\t\t\t\t<\/div>\n\t\t\t\t<\/div>\n\t\t<div class=\"elementor-element elementor-element-bccdfb9 e-con-full e-flex e-con e-child\" data-id=\"bccdfb9\" data-element_type=\"container\" data-e-type=\"container\">\n\t\t\t\t<div class=\"elementor-element elementor-element-c180e27 elementor-widget elementor-widget-heading\" data-id=\"c180e27\" data-element_type=\"widget\" data-e-type=\"widget\" data-widget_type=\"heading.default\">\n\t\t\t\t\t<h2 class=\"elementor-heading-title elementor-size-default\">Nafn og or\u00f0sifjar<\/h2>\t\t\t\t<\/div>\n\t\t\t\t<div class=\"elementor-element elementor-element-cc6caec elementor-widget elementor-widget-text-editor\" data-id=\"cc6caec\" data-element_type=\"widget\" data-e-type=\"widget\" data-widget_type=\"text-editor.default\">\n\t\t\t\t\t\t\t\t\t<p>Nafni\u00f0 \u00abLada\u00bb er tali\u00f0 dregi\u00f0 af frumslavnesku \u00ab*lada\u00bb (\u00abelsku\u00f0, kona, regla\/samr\u00e6mi\u00bb), me\u00f0 tengsl vi\u00f0 fornr\u00fassnesku \u00ablad\u044a\u00bb (samlyndi, samr\u00e6mi), serbnesku \u00ablada\u00bb (kona, \u00e1stkona) og t\u00e9kknesku \u00abladn\u00fd\u00bb (\u00feokkafullur).<\/p><p>\u00cd r\u00fassnesku hefur or\u00f0i\u00f0 \u00ablad\u00bb haldi\u00f0 merkingunni \u00abfri\u00f0ur, regla, samlyndi\u00bb allt til n\u00fat\u00edmar\u00fassnesku. Sifjafr\u00e6\u00f0ileg tengsl vi\u00f0 norr\u00e6nu vanagy\u00f0juna Frigg (af ind\u00f3evr\u00f3psku \u00ab*priH-\u00bb, a\u00f0 elska) hafa veri\u00f0 nefnd \u00f6\u00f0ru hverju en eru m\u00e1lfr\u00e6\u00f0ilega ekki \u00f3yggjandi.<\/p>\t\t\t\t\t\t\t\t<\/div>\n\t\t\t\t<\/div>\n\t\t<div class=\"elementor-element elementor-element-d7756f3 e-con-full e-flex e-con e-child\" data-id=\"d7756f3\" data-element_type=\"container\" data-e-type=\"container\">\n\t\t\t\t<div class=\"elementor-element elementor-element-ac25bc6 elementor-widget elementor-widget-heading\" data-id=\"ac25bc6\" data-element_type=\"widget\" data-e-type=\"widget\" data-widget_type=\"heading.default\">\n\t\t\t\t\t<h2 class=\"elementor-heading-title elementor-size-default\">Hlutverk og \u00fatlit<\/h2>\t\t\t\t<\/div>\n\t\t\t\t<div class=\"elementor-element elementor-element-76d4728 elementor-widget elementor-widget-text-editor\" data-id=\"76d4728\" data-element_type=\"widget\" data-e-type=\"widget\" data-widget_type=\"text-editor.default\">\n\t\t\t\t\t\t\t\t\t<p>Eftir \u00fev\u00ed sem unnt er a\u00f0 r\u00e1\u00f0a af \u00fej\u00f3\u00f0tr\u00faarlegum heimildum er Lada gy\u00f0ja \u00e1star, hj\u00f3nabands, kvenlegrar fegur\u00f0ar og vors. H\u00fan er \u00e1k\u00f6llu\u00f0 \u00ed vors\u00f6ngvum, nefnd \u00ed br\u00fa\u00f0kaupssi\u00f0um og sungin um \u00ed hringd\u00f6nsum og h\u00f3pd\u00f6nsum (\u00abKhorovody\u00bb).<\/p><p>\u00cd \u00fakra\u00ednskri og p\u00f3lskri <span class=\"iwg-fachbegriff\" data-tooltip=\"Var\u00f0veitt \u00fej\u00f3\u00f0menning me\u00f0 si\u00f0um, s\u00f6gum og s\u00f6ngvum.\" tabindex=\"0\">\u00fej\u00f3\u00f0menningu<\/span> er h\u00fan oft verndargy\u00f0ja unglingsst\u00falkna og \u00f3giftra kvenna, og d\u00fdrkun hennar fellur saman vi\u00f0 ma\u00edhef\u00f0ir. \u00cd elstu var\u00f0veittu s\u00f6ngvunum kemur h\u00fan oft fram me\u00f0 karlkyns fylgigestalt sem heitir \u00abLado\u00bb e\u00f0a \u00abLel\u00bb, en sta\u00f0a \u00feeirrar veru sem sj\u00e1lfst\u00e6\u00f0s gu\u00f0s er jafn umdeild.<\/p>\n<p>Myndlist hefur fyrst fr\u00e1 r\u00f3mant\u00edsku \u00fej\u00f3\u00f0r\u00e6knishreyfingu 19. aldar tengst Lada og s\u00fdnt hana sem lj\u00f3sh\u00e6r\u00f0a unga konu \u00ed hv\u00edtum br\u00fa\u00f0arkl\u00e6\u00f0um, oft me\u00f0 bl\u00f3masveig og \u00ed fylgd svana. \u00deessi <span class=\"iwg-fachbegriff\" data-tooltip=\"Fr\u00e6\u00f0i um myndefni og merkingu \u00feeirra.\" tabindex=\"0\">myndhef\u00f0<\/span> er n\u00fat\u00edmasm\u00ed\u00f0 og hefur engar beinar mi\u00f0aldafyrirmyndir.<\/p>\t\t\t\t\t\t\t\t<\/div>\n\t\t\t\t<\/div>\n\t\t<div class=\"elementor-element elementor-element-3aecef9 e-con-full e-flex e-con e-child\" data-id=\"3aecef9\" data-element_type=\"container\" data-e-type=\"container\">\n\t\t\t\t<div class=\"elementor-element elementor-element-073604c elementor-widget elementor-widget-heading\" data-id=\"073604c\" data-element_type=\"widget\" data-e-type=\"widget\" data-widget_type=\"heading.default\">\n\t\t\t\t\t<h2 class=\"elementor-heading-title elementor-size-default\">D\u00fdrkun og \u00fej\u00f3\u00f0si\u00f0ir<\/h2>\t\t\t\t<\/div>\n\t\t\t\t<div class=\"elementor-element elementor-element-2bfbbe1 elementor-widget elementor-widget-text-editor\" data-id=\"2bfbbe1\" data-element_type=\"widget\" data-e-type=\"widget\" data-widget_type=\"text-editor.default\">\n\t\t\t\t\t\t\t\t\t<p>Mikilv\u00e6gasta spori\u00f0 um Lada er <span class=\"iwg-fachbegriff\" data-tooltip=\"B\u00e6narleg e\u00f0a \u00e1kallandi \u00e1varp til gu\u00f0s e\u00f0a m\u00e1ttarvalds.\" tabindex=\"0\">\u00e1kalli\u00f0<\/span> \u00ab\u0141ado, \u0142ado!\u00bb (einnig \u00abLada, Lada!\u00bb e\u00f0a \u00ab\u0141ado, \u0141ado, jary \u0141ado!\u00bb) \u00ed vor- og br\u00fa\u00f0kaupss\u00f6ngvum. \u00deessi vi\u00f0l\u00f6g eru skjalfest \u00ed miklu magni \u00ed p\u00f3lskum, \u00fakra\u00ednskum, hv\u00edtr\u00fassneskum og r\u00fassneskum s\u00f6ngvas\u00f6fnum 19. aldar.<\/p><p>Aleksander Afanasjev safna\u00f0i fj\u00f6lda d\u00e6ma \u00ed \u00abPoeticheskiye vozzreniya slavyan na prirodu\u00bb (1865 til 1869). Gagnr\u00fdnin \u00fej\u00f3\u00f0h\u00e1ttafr\u00e6\u00f0i Sov\u00e9tt\u00edmans (Vladimir Propp, Boris Putilov) rannsaka\u00f0i hluta \u00feessara safna me\u00f0 tilliti til \u00e1rei\u00f0anleika og ger\u00f0i greinarmun \u00e1 fornum \u00fej\u00f3\u00f0legum heimildum og \u00feeim sem h\u00f6f\u00f0u or\u00f0i\u00f0 fyrir b\u00f3kmenntalegum \u00e1hrifum.<\/p>\n<p>\u00cd ma\u00ed- og hv\u00edtasunnusi\u00f0um margra slavneskra h\u00e9ra\u00f0a voru st\u00falknahringdansar, sveigakast og a\u00f0 l\u00e1ta sveiga flj\u00f3ta \u00e1 vatni algeng i\u00f0kun \u00fear sem Lada var \u00e1k\u00f6llu\u00f0. \u00dakra\u00ednski \u00abHahilki\u00bb-hringdansinn, p\u00f3lska \u00abStado\u00bb og su\u00f0urslavneski \u00abLazarice\u00bb-<span class=\"iwg-fachbegriff\" data-tooltip=\"Heild var\u00f0veittra si\u00f0a innan samf\u00e9lags.\" tabindex=\"0\">si\u00f0venjan<\/span> heyra til \u00feessa flokks. Hvort \u00feessir si\u00f0ir eru sprottnir beint \u00far fornum Lada-<span class=\"iwg-fachbegriff\" data-tooltip=\"Heild tr\u00faarlegra d\u00fdrkunarathafna fyrir gu\u00f0 e\u00f0a heilaga veru.\" tabindex=\"0\">d\u00fdrkun<\/span> e\u00f0a eru almenn gr\u00f3\u00f0urbundin vorh\u00e1t\u00ed\u00f0ah\u00f6ld ver\u00f0ur ekki afdr\u00e1ttarlaust \u00e1kve\u00f0i\u00f0.<\/p>\t\t\t\t\t\t\t\t<\/div>\n\t\t\t\t<\/div>\n\t\t<div class=\"elementor-element elementor-element-18674c9 e-con-full e-flex e-con e-child\" data-id=\"18674c9\" data-element_type=\"container\" data-e-type=\"container\">\n\t\t\t\t<div class=\"elementor-element elementor-element-9d0dbb2 elementor-widget elementor-widget-heading\" data-id=\"9d0dbb2\" data-element_type=\"widget\" data-e-type=\"widget\" data-widget_type=\"heading.default\">\n\t\t\t\t\t<h2 class=\"elementor-heading-title elementor-size-default\">Br\u00fa\u00f0kaup og fj\u00f6lskyldud\u00fdrkun<\/h2>\t\t\t\t<\/div>\n\t\t\t\t<div class=\"elementor-element elementor-element-14b9873 elementor-widget elementor-widget-text-editor\" data-id=\"14b9873\" data-element_type=\"widget\" data-e-type=\"widget\" data-widget_type=\"text-editor.default\">\n\t\t\t\t\t\t\t\t\t<p>Lada kemur fram \u00ed br\u00fa\u00f0kaupss\u00f6ngvum sem verndargo\u00f0ja br\u00fa\u00f0arinnar og hins n\u00fdja hj\u00f3nabands. \u00c1 sumum sv\u00e6\u00f0um var br\u00fa\u00f0urin k\u00f6llu\u00f0 \u201eLada\u201c; p\u00f3lska \u00e1stars\u00f6ngurinn \u201eO \u0141ado, \u0141ado\u201c er klass\u00edskt d\u00e6mi um \u00feetta.<\/p><p>\u00cd su\u00f0urslavneskri <span class=\"iwg-fachbegriff\" data-tooltip=\"Hin var\u00f0veitta \u00fej\u00f3\u00f0menning me\u00f0 si\u00f0um, s\u00f6gum og s\u00f6ngvum.\" tabindex=\"0\">\u00fej\u00f3\u00f0menningu (folklore)<\/span> er \u201elada\u201c enn \u00ed dag \u00e1staryr\u00f0i um hina heittelsku\u00f0u. \u00deessi tungum\u00e1lalega sl\u00f3\u00f0 styrkir tilg\u00e1tuna um upprunalega gy\u00f0ju hj\u00f3nabandsskipulags, en nafn hennar hefur fest sig \u00ed daglegu tungutaki.<\/p>\t\t\t\t\t\t\t\t<\/div>\n\t\t\t\t<\/div>\n\t\t<div class=\"elementor-element elementor-element-f2145b4 e-con-full e-flex e-con e-child\" data-id=\"f2145b4\" data-element_type=\"container\" data-e-type=\"container\">\n\t\t\t\t<div class=\"elementor-element elementor-element-9f9b361 elementor-widget elementor-widget-heading\" data-id=\"9f9b361\" data-element_type=\"widget\" data-e-type=\"widget\" data-widget_type=\"heading.default\">\n\t\t\t\t\t<h2 class=\"elementor-heading-title elementor-size-default\">Tr\u00faarfr\u00e6\u00f0ilegt samhengi og hli\u00f0st\u00e6\u00f0ur<\/h2>\t\t\t\t<\/div>\n\t\t\t\t<div class=\"elementor-element elementor-element-fcb18e9 elementor-widget elementor-widget-text-editor\" data-id=\"fcb18e9\" data-element_type=\"widget\" data-e-type=\"widget\" data-widget_type=\"text-editor.default\">\n\t\t\t\t\t\t\t\t\t<p>\u00cd grunnger\u00f0 sinni samsvarar Lada \u00feeim hlutverkum sem gy\u00f0jur \u00e1star og fegur\u00f0ar hafa \u00ed \u00f6\u00f0rum ind\u00f3evr\u00f3pskum go\u00f0aheimum: Freyja (germ\u00f6nsk), Afr\u00f3d\u00edta (Grikkland), Venus (R\u00f3m), Lakshmi (hind\u00faasi\u00f0ur), Hathor (Egyptaland).<\/p><p>\u00d3l\u00edkt \u00feessum gy\u00f0jum er Lada ekki sta\u00f0fest me\u00f0 st\u00f3rfenglegum <span class=\"iwg-fachbegriff\" data-tooltip=\"Bygging sem er n\u00fdtt til d\u00fdrkunar \u00e1 einni e\u00f0a fleiri gu\u00f0um.\" tabindex=\"0\">hofum<\/span> e\u00f0a kenningarbundnum go\u00f0s\u00f6gnum; tilvist hennar er bundin \u00fej\u00f3\u00f0tr\u00fanni. \u00deessi sta\u00f0a er ekki \u00f3venjuleg \u00ed tr\u00faars\u00f6gu: Baltneska Laima, sem l\u00edkist Lada \u00ed uppbyggingu, er einnig fyrst og fremst sta\u00f0fest \u00e1 vettvangi \u00fej\u00f3\u00f0tr\u00faar.<\/p>\n<p>Vladimir Toporov hefur tengt slavnesku Ladu vi\u00f0 lettnesku Laimu og hett\u00edsku Hannah\u00f6nnu \u00ed ind\u00f3evr\u00f3psk-anat\u00f3l\u00edsku lagi; \u00feessi dj\u00fapger\u00f0arfr\u00e6\u00f0ilega endursk\u00f6pun er metna\u00f0arfull \u00ed a\u00f0fer\u00f0 sinni og a\u00f0 hluta til umdeild. Boris Rybakov hefur reynt a\u00f0 sta\u00f0setja Ladu \u00ed fornu \u201eMiklu gy\u00f0junnar\u201c-lagi austurslavneskra \u00fej\u00f3\u00f0a; \u00feessi tilg\u00e1ta \u00feykir einnig ganga of langt.<\/p>\t\t\t\t\t\t\t\t<\/div>\n\t\t\t\t<\/div>\n\t\t<div class=\"elementor-element elementor-element-f4cbc83 e-con-full e-flex e-con e-child\" data-id=\"f4cbc83\" data-element_type=\"container\" data-e-type=\"container\">\n\t\t\t\t<div class=\"elementor-element elementor-element-2ab74d4 elementor-widget elementor-widget-heading\" data-id=\"2ab74d4\" data-element_type=\"widget\" data-e-type=\"widget\" data-widget_type=\"heading.default\">\n\t\t\t\t\t<h2 class=\"elementor-heading-title elementor-size-default\">Eftirl\u00edf og n\u00fat\u00edmavi\u00f0t\u00f6kur<\/h2>\t\t\t\t<\/div>\n\t\t\t\t<div class=\"elementor-element elementor-element-93672af elementor-widget elementor-widget-text-editor\" data-id=\"93672af\" data-element_type=\"widget\" data-e-type=\"widget\" data-widget_type=\"text-editor.default\">\n\t\t\t\t\t\t\t\t\t<p>\u00c1 19. \u00f6ld var\u00f0 Lada \u00e1berandi pers\u00f3na \u00ed slavneskri r\u00f3mant\u00edk. Adam Mickiewicz, Juliusz S\u0142owacki og \u00fakra\u00ednsk sk\u00e1ld eins og Ivan Franko v\u00edsu\u00f0u til hennar \u00ed verkum s\u00ednum.<\/p><p>\u00cd t\u00f3nlist 19. og 20. aldar (Mussorgsk\u00ed, Stravinsk\u00ed) koma fram tilv\u00edsanir til L\u00f6du, s\u00e9rstaklega \u00ed \u201eSacre du printemps\u201c (1913), sem v\u00edsar til vorhringdansins. \u00cd myndlist p\u00f3lska m\u00f3dernismans (\u201eM\u0142oda Polska\u201c) er Lada endurteki\u00f0 myndefni.<\/p>\n<p>Hin n\u00fat\u00edmalega rodnoverie-hreyfing (n\u00fdhei\u00f0ni) hefur gert Ladu a\u00f0 mi\u00f0l\u00e6gri kvenkyns <span class=\"iwg-fachbegriff\" data-tooltip=\"Vera sem er d\u00fdrku\u00f0 sem gu\u00f0leg innan tr\u00faarbrag\u00f0a.\" tabindex=\"0\">go\u00f0veru<\/span> \u00ed endurger\u00f0um go\u00f0aheimi. Fr\u00e1 sj\u00f3narh\u00f3li tr\u00faars\u00f6gu er \u00feessi endurl\u00edfgun n\u00fdsk\u00f6pun sem byggir \u00e1 \u00fej\u00f3\u00f0s\u00f6gum og r\u00f3mant\u00edskum s\u00f6fnum, ekki \u00e1 samfelldri d\u00fdrkunarhef\u00f0.<\/p>\t\t\t\t\t\t\t\t<\/div>\n\t\t\t\t<\/div>\n\t\t<div class=\"elementor-element elementor-element-8d1ce2c e-con-full e-flex e-con e-child\" data-id=\"8d1ce2c\" data-element_type=\"container\" data-e-type=\"container\">\n\t\t\t\t<div class=\"elementor-element elementor-element-e2c2122 elementor-widget elementor-widget-heading\" data-id=\"e2c2122\" data-element_type=\"widget\" data-e-type=\"widget\" data-widget_type=\"heading.default\">\n\t\t\t\t\t<h2 class=\"elementor-heading-title elementor-size-default\">Heimildir<\/h2>\t\t\t\t<\/div>\n\t\t\t\t<div class=\"elementor-element elementor-element-01e526c elementor-widget elementor-widget-text-editor\" data-id=\"01e526c\" data-element_type=\"widget\" data-e-type=\"widget\" data-widget_type=\"text-editor.default\">\n\t\t\t\t\t\t\t\t\t<footer class=\"iwg-literatur\"><p>Synodal-Beschluss von \u0141\u0119czyca (1420). Jan D\u0142ugosz, \u00abAnnales seu cronicae incliti Regni Poloniae\u00bb (1455 bis 1480), Buch I. Polnische Predigtschriften und Synodalbeschl\u00fcsse des 15. Jahrhunderts. Ukrainische, wei\u00dfrussische und russische Liedersammlungen des 18. und 19. Jahrhunderts, insbesondere die Sammlungen Aleksander Afanasjews und Pavel Chubinskys.<\/p>\n<p>Aleksander Br\u00fcckner, \u00abMitologia s\u0142owia\u0144ska\u00bb, Krakau 1918 (kritische, skeptische Position). Aleksander Gieysztor, \u00abMitologia S\u0142owian\u00bb, Warschau 1982. Boris Rybakov, \u00abYazychestvo drevnikh slavyan\u00bb, Moskau 1981 (mit Vorbehalt).<\/p><p>Vladimir Toporov und Vyacheslav Ivanov, \u00abIssledovaniya v oblasti slavyanskikh drevnostey\u00bb, Moskau 1974. Henryk \u0141owmia\u0144ski, \u00abReligia S\u0142owian i jej upadek\u00bb, Warschau 1979. Vladimir Propp, \u00abRusskie agrarnye prazdniki\u00bb, Leningrad 1963. Ji\u0159\u00ed Dynda, \u00abSlovansk\u00e9 pohanstv\u00ed ve st\u0159edov\u011bk\u00fdch latinsk\u00fdch pramenech\u00bb, Prag 2017. Michael Shkapa und weitere Beitr\u00e4ge in \u00abStudia Mythologica Slavica\u00bb, Ljubljana seit 1998.<\/p><\/footer>\t\t\t\t\t\t\t\t<\/div>\n\t\t\t\t<\/div>\n\t\t<div class=\"elementor-element elementor-element-30567fb e-con-full e-flex e-con e-child\" data-id=\"30567fb\" data-element_type=\"container\" data-e-type=\"container\">\n\t\t\t\t<div class=\"elementor-element elementor-element-cd86711 elementor-widget elementor-widget-heading\" data-id=\"cd86711\" data-element_type=\"widget\" data-e-type=\"widget\" data-widget_type=\"heading.default\">\n\t\t\t\t\t<h2 class=\"elementor-heading-title elementor-size-default\">Br\u00fcckner-deilan<\/h2>\t\t\t\t<\/div>\n\t\t\t\t<div class=\"elementor-element elementor-element-6f71af9 elementor-widget elementor-widget-text-editor\" data-id=\"6f71af9\" data-element_type=\"widget\" data-e-type=\"widget\" data-widget_type=\"text-editor.default\">\n\t\t\t\t\t\t\t\t\t<p>Aleksander Br\u00fcckner (1856 til 1939), fremsti p\u00f3lski slavisti sinnar kynsl\u00f3\u00f0ar, r\u00e9\u00f0 fer\u00f0inni \u00ed ranns\u00f3knum \u00e1 L\u00f6du-spurningunni \u00e1 fyrri hluta 20. aldar.<\/p><p>\u00cd \u201eMitologia s\u0142owia\u0144ska\u201c (1918) og \u00ed nokkrum s\u00e9rgreinum h\u00e9lt hann fram \u00feeirri tilg\u00e1tu a\u00f0 \u201eLada\u201c v\u00e6ri ekki gu\u00f0anafn heldur einungis lj\u00f3\u00f0stef, samb\u00e6rilegt vi\u00f0 hlj\u00f3\u00f0gervingarinnskotin \u201ehej\u201c, \u201edana\u201c e\u00f0a \u201elalala\u201c, sem koma fyrir \u00ed m\u00f6rgum slavneskum \u00fej\u00f3\u00f0l\u00f6gum.<\/p><p>R\u00f6ksemdaf\u00e6rsla Br\u00fcckners bygg\u00f0ist \u00e1 \u00fev\u00ed a\u00f0 nafni\u00f0 k\u00e6mi ekki fram \u00ed helstu mi\u00f0aldaheimildum, \u00e1 tilvist svipa\u00f0ra stefja \u00ed \u00f3tr\u00faarlegu samhengi og \u00e1 \u00feeirri \u00e1lyktun a\u00f0 klerkar \u00e1 15. \u00f6ld hef\u00f0u misskili\u00f0 hi\u00f0 \u00f3\u00feekkta stef sem gu\u00f0anafn.<\/p>\n<p>\u00deessi tortryggna afsta\u00f0a r\u00edkti lengi \u00ed ranns\u00f3knum 20. aldar \u00e1 mynd L\u00f6du. Henryk \u0141owmia\u0144ski t\u00f3k hana upp a\u00f0 mestu \u00ed s\u00ednu klass\u00edska verki \u201eReligia S\u0142owian i jej upadek\u201c (1979), og yngri gagnr\u00fdnir tr\u00faarfr\u00e6\u00f0ingar eins og Stanis\u0142aw Urba\u0144czyk hafa einnig vari\u00f0 sj\u00f3narmi\u00f0 Br\u00fcckners.<\/p><p>R\u00f6k fyrir \u00feessu eru me\u00f0al annars a\u00f0fer\u00f0afr\u00e6\u00f0ileg vark\u00e1rni \u00ed me\u00f0fer\u00f0 seinni \u00fej\u00f3\u00f0fr\u00e6\u00f0ilegra heimilda og vitundin um a\u00f0 endurger\u00f0ir slavneskrar tr\u00faar byggja oft \u00e1 veikum heimildagrunni.<\/p>\t\t\t\t\t\t\t\t<\/div>\n\t\t\t\t<\/div>\n\t\t<div class=\"elementor-element elementor-element-e39e6dd e-con-full e-flex e-con e-child\" data-id=\"e39e6dd\" data-element_type=\"container\" data-e-type=\"container\">\n\t\t\t\t<div class=\"elementor-element elementor-element-a87e5c2 elementor-widget elementor-widget-heading\" data-id=\"a87e5c2\" data-element_type=\"widget\" data-e-type=\"widget\" data-widget_type=\"heading.default\">\n\t\t\t\t\t<h2 class=\"elementor-heading-title elementor-size-default\">Gagnst\u00e6\u00f0 afsta\u00f0a Gieysztors og Rybakovs<\/h2>\t\t\t\t<\/div>\n\t\t\t\t<div class=\"elementor-element elementor-element-dc51214 elementor-widget elementor-widget-text-editor\" data-id=\"dc51214\" data-element_type=\"widget\" data-e-type=\"widget\" data-widget_type=\"text-editor.default\">\n\t\t\t\t\t\t\t\t\t<p>Aleksander Gieysztor (\u201eMitologia S\u0142owian\u201c, 1982) breytti verulega tilg\u00e1tu Br\u00fcckners. Hann heldur \u00fev\u00ed fram a\u00f0 t\u00ed\u00f0ni og landfr\u00e6\u00f0ileg \u00fatbrei\u00f0sla \u00e1heita til L\u00f6du, fr\u00e1 Eystrasaltssv\u00e6\u00f0inu til Balkanskaga, fr\u00e1 P\u00f3llandi til su\u00f0urhluta Balkanskaga, ver\u00f0i vart \u00fatsk\u00fdr\u00f0 me\u00f0 einu hlj\u00f3\u00f0gervingarstefi.<\/p><p>S\u00fa byggingarlega l\u00edking sem er vi\u00f0 lettnesku Laimu (gy\u00f0ju \u00f6rlaga og \u00e1star) og or\u00f0sifjaleg tengsl vi\u00f0 frumslavneska or\u00f0i\u00f0 \u201elada\u201c (elskan, konan) benda til \u00feess a\u00f0 um raunverulega gy\u00f0ju \u00e1star og hj\u00f3nabandsskipulags s\u00e9 a\u00f0 r\u00e6\u00f0a, sem a\u00f0 minnsta kosti var f\u00f6st \u00ed r\u00f3tum vestur- og austurslavneskrar \u00fej\u00f3\u00f0tr\u00faar.<\/p>\n<p>Boris Rybakov f\u00f3r enn lengra og setti Ladu fram \u00ed meginverkum s\u00ednum sem mi\u00f0l\u00e6ga m\u00f3\u00f0urgo\u00f0veru \u00ed endurger\u00f0um slavneskum go\u00f0aheimi. R\u00f6ksemdaf\u00e6rsla hans er efnismikil en a\u00f0fer\u00f0afr\u00e6\u00f0ilega vandme\u00f0farin; margar af tilgreiningum hans (Lada sem vorgr\u00f3\u00f0urgy\u00f0ja, hj\u00f3nabandsverndargo\u00f0ja og alheimssk\u00f6punargy\u00f0ja) \u00feykja \u00ed dag ganga of langt. Gagnr\u00fdnin slavist\u00edk hefur hafna\u00f0 h\u00e1marksst\u00f6\u00f0u Rybakovs.<\/p>\n<p>Yngri ranns\u00f3knir (Ji\u0159\u00ed Dynda, Michael Shkapa, h\u00f3purinn \u00ed kringum \u201eStudia Mythologica Slavica\u201c) hallast a\u00f0 mi\u00f0lungsafst\u00f6\u00f0u: Lada var a\u00f0 \u00f6llum l\u00edkindum til sem \u00fej\u00f3\u00f0tr\u00faarleg vera, en var ekki nau\u00f0synlega me\u00f0limur \u00ed hinu opinbera austurslavneska r\u00edkisgo\u00f0aheimi K\u00e6nugar\u00f0sr\u00edkis. D\u00fdrkun hennar var al\u00fe\u00fd\u00f0leg og b\u00f3ndaleg, ekki hir\u00f0bundin d\u00fdrkun.<\/p>\t\t\t\t\t\t\t\t<\/div>\n\t\t\t\t<\/div>\n\t\t<div class=\"elementor-element elementor-element-48cf6e0 e-con-full e-flex e-con e-child\" data-id=\"48cf6e0\" data-element_type=\"container\" data-e-type=\"container\">\n\t\t\t\t<div class=\"elementor-element elementor-element-f412053 elementor-widget elementor-widget-heading\" data-id=\"f412053\" data-element_type=\"widget\" data-e-type=\"widget\" data-widget_type=\"heading.default\">\n\t\t\t\t\t<h2 class=\"elementor-heading-title elementor-size-default\">P\u00f3lska heimildahef\u00f0in D\u0142ugosz<\/h2>\t\t\t\t<\/div>\n\t\t\t\t<div class=\"elementor-element elementor-element-34152cb elementor-widget elementor-widget-text-editor\" data-id=\"34152cb\" data-element_type=\"widget\" data-e-type=\"widget\" data-widget_type=\"text-editor.default\">\n\t\t\t\t\t\t\t\t\t<p>S\u00e9rst\u00f6ku hlutverki gegnir p\u00f3lski gu\u00f0alistinn sem Jan D\u0142ugosz t\u00f3k saman \u00ed riti s\u00ednu \u201eAnnales seu cronicae incliti Regni Poloniae&#8220; (sami\u00f0 \u00e1 \u00e1runum 1455 til 1480). D\u0142ugosz telur upp p\u00f3lskt <span class=\"iwg-fachbegriff\" data-tooltip=\"Heild gu\u00f0anna \u00ed tiltekinni tr\u00fa e\u00f0a menningu.\" tabindex=\"0\">pantheon<\/span> me\u00f0 n\u00f6fnunum Jesza (samsvarar J\u00fap\u00edter), Lada (samsvarar Mars), Dziedzi\u0142ela (samsvarar Venus), Nyja (samsvarar Pl\u00fat\u00f3), Dziewanna (samsvarar<\/p><p>D\u00ed\u00f6nu) og Marzanna (samsvarar Ceres). \u00deessi listi er s\u00f6gulega vafasamur: hann fylgir greinilega r\u00f3mverska mynstrinu \u00ed gu\u00f0an\u00f6fnum og l\u00edtur a\u00f0 hluta \u00fat eins og h\u00faman\u00edsk sm\u00ed\u00f0, \u00fear sem D\u0142ugosz vildi eigna P\u00f3lverjum <span class=\"iwg-fachbegriff\" data-tooltip=\"Heild gu\u00f0anna \u00ed tiltekinni tr\u00fa e\u00f0a menningu.\" tabindex=\"0\">pantheon<\/span> sem st\u00e6\u00f0ist samj\u00f6fnu\u00f0 vi\u00f0 R\u00f3mverja og Grikki.<\/p>\n<p>Athyglisvert er a\u00f0 D\u0142ugosz au\u00f0kennir Lada sem karlkyns (sem Mars). \u00deetta stangast \u00e1 vi\u00f0 hina \u00fej\u00f3\u00f0tr\u00faarlegu hef\u00f0, \u00fear sem Lada er \u00f3tv\u00edr\u00e6tt kvenkyns.<\/p><p>N\u00fat\u00edmaranns\u00f3knir t\u00falka \u00feetta misr\u00e6mi a\u00f0 hluta sem v\u00edsbendingu um tv\u00edkynja e\u00f0li veranna (til samr\u00e6mis vi\u00f0 karlkyni\u00f0 \u201eLado&#8220; og kvenkyni\u00f0 \u201eLada&#8220; \u00ed s\u00f6ngvunum), a\u00f0 hluta sem s\u00f6nnun \u00feess hversu tilb\u00fainn listi D\u0142ugosz er. Aleksander Br\u00fcckner taldi D\u0142ugosz \u00f3\u00e1rei\u00f0anlegan heimildarmann, en Aleksander Gieysztor leit \u00e1 hann sem a\u00f0 minnsta kosti mikilv\u00e6ga v\u00edsbendingu um p\u00f3lska \u00fej\u00f3\u00f0tr\u00fa s\u00ed\u00f0mi\u00f0alda.<\/p>\t\t\t\t\t\t\t\t<\/div>\n\t\t\t\t<\/div>\n\t\t<div class=\"elementor-element elementor-element-23a1c53 e-con-full e-flex e-con e-child\" data-id=\"23a1c53\" data-element_type=\"container\" data-e-type=\"container\">\n\t\t\t\t<div class=\"elementor-element elementor-element-cad8e0c elementor-widget elementor-widget-heading\" data-id=\"cad8e0c\" data-element_type=\"widget\" data-e-type=\"widget\" data-widget_type=\"heading.default\">\n\t\t\t\t\t<h2 class=\"elementor-heading-title elementor-size-default\">Lada og \u0141ado \u00ed br\u00fa\u00f0kaupss\u00f6ngvum<\/h2>\t\t\t\t<\/div>\n\t\t\t\t<div class=\"elementor-element elementor-element-e038e52 elementor-widget elementor-widget-text-editor\" data-id=\"e038e52\" data-element_type=\"widget\" data-e-type=\"widget\" data-widget_type=\"text-editor.default\">\n\t\t\t\t\t\t\t\t\t<p>\u00cd p\u00f3lskum, \u00fakra\u00ednskum, hv\u00edtr\u00fassneskum og su\u00f0ur-slavneskum br\u00fa\u00f0kaupss\u00f6ngvum kemur \u00abLada\u00bb (e\u00f0a \u00ab\u0141ado\u00bb) venjulega fram sem <span class=\"iwg-fachbegriff\" data-tooltip=\"B\u00e6narleg e\u00f0a \u00e1kallandi \u00e1v\u00f6rpun til gu\u00f0s e\u00f0a m\u00e1ttarvalds.\" tabindex=\"0\">\u00e1kall<\/span> \u00ed vi\u00f0laginu. Formi\u00f0 er breytilegt: \u00ab\u0141ado, \u0142ado!\u00bb, \u00ab\u0141ado-\u0141ado, dany-\u0142ado!\u00bb, \u00abOj Lado moje\u00bb.<\/p><p>S\u00fa sta\u00f0reynd a\u00f0 <span class=\"iwg-fachbegriff\" data-tooltip=\"B\u00e6narleg e\u00f0a \u00e1kallandi \u00e1v\u00f6rpun til gu\u00f0s e\u00f0a m\u00e1ttarvalds.\" tabindex=\"0\">\u00e1kalli\u00f0<\/span> getur birst ekki a\u00f0eins \u00ed kvenkynsformi heldur einnig karlkynsformi (\u00ab\u0141ado\u00bb sem karlkyns \u00e1varpsform) hefur leitt til umr\u00e6\u00f0u um gu\u00f0legt par, \u00abLada-\u0141ado\u00bb. Boris Rybakov og nokkrir n\u00fdrri h\u00f6fundar hafa endurgert \u00feessa parmynd; Aleksander Br\u00fcckner taldi hana tilb\u00faning \u00e1n s\u00f6gulegs grundvallar.<\/p>\n<p>Br\u00fa\u00f0kaupss\u00f6ngvarnir sj\u00e1lfir eru var\u00f0veittir \u00ed s\u00f6fnum fr\u00e1 18. og 19. \u00f6ld. Vuk Karad\u017ei\u0107, Aleksander Afanasjew, Pavel Chubinski og a\u00f0rir \u00fej\u00f3\u00f0fr\u00e6\u00f0ingar hafa safna\u00f0 hundru\u00f0um d\u00e6ma.<\/p><p>\u00cd d\u00e6miger\u00f0ri tilvitnun er br\u00fa\u00f0urin s\u00f6g\u00f0 vera Lada, e\u00f0a be\u00f0i\u00f0 er um <span class=\"iwg-fachbegriff\" data-tooltip=\"\u00d3sk um heill og verndun, oft \u00ed fastri m\u00e1lformi.\" tabindex=\"0\">blessun<\/span> foreldra br\u00fa\u00f0arins \u201e\u00ed nafni L\u00f6du\u201c. Hversu dj\u00fapst\u00e6\u00f0 tr\u00faarleg merking \u00feessara \u00e1kalla er \u00fearf a\u00f0 meta \u00ed hverju tilviki fyrir sig; \u00ed m\u00f6rgum tilfellum er um a\u00f0 r\u00e6\u00f0a hef\u00f0bundnar form\u00falur \u00e1n virkrar tr\u00faarlegrar hlutverks.<\/p>\t\t\t\t\t\t\t\t<\/div>\n\t\t\t\t<\/div>\n\t\t<div class=\"elementor-element elementor-element-1e28635 e-con-full e-flex e-con e-child\" data-id=\"1e28635\" data-element_type=\"container\" data-e-type=\"container\">\n\t\t\t\t<div class=\"elementor-element elementor-element-6979cbd elementor-widget elementor-widget-heading\" data-id=\"6979cbd\" data-element_type=\"widget\" data-e-type=\"widget\" data-widget_type=\"heading.default\">\n\t\t\t\t\t<h2 class=\"elementor-heading-title elementor-size-default\">Lada og lettneska Laima<\/h2>\t\t\t\t<\/div>\n\t\t\t\t<div class=\"elementor-element elementor-element-0fd3f9b elementor-widget elementor-widget-text-editor\" data-id=\"0fd3f9b\" data-element_type=\"widget\" data-e-type=\"widget\" data-widget_type=\"text-editor.default\">\n\t\t\t\t\t\t\t\t\t<p>Mikilv\u00e6g samanbur\u00f0arpers\u00f3na er lettneska Laima, \u00f6rlaga- og f\u00e6\u00f0ingargy\u00f0ja balta-pantheonsins. Laima er vel skjalfest \u00ed lettneskum \u00fej\u00f3\u00f0l\u00f6gum (Dainas) og er \u00e1k\u00f6llu\u00f0 sem \u00f6rlagagy\u00f0ja er \u00e1kve\u00f0ur hlutskipti n\u00fdf\u00e6ddra barna.<\/p><p>Byggingarfr\u00e6\u00f0ilegar hli\u00f0st\u00e6\u00f0ur vi\u00f0 slavnesku L\u00f6du eru tengslin vi\u00f0 br\u00fa\u00f0kaup og f\u00e6\u00f0ingu, tengingin vi\u00f0 vori\u00f0 og kvenlegur, \u00e1kallanlegur e\u00f0li. Vladimir Toporov hefur greint \u00feessa hli\u00f0st\u00e6\u00f0u kerfisbundi\u00f0 \u00ed ind\u00f3evr\u00f3pskum-balta-slavneskum samanbur\u00f0arranns\u00f3knum s\u00ednum og telur l\u00edklegt a\u00f0 um sameiginlegt ind\u00f3evr\u00f3pskt lag s\u00e9 a\u00f0 r\u00e6\u00f0a undir b\u00e1\u00f0um \u00feessum verum.<\/p>\n<p>\u00d6nnur samanbur\u00f0arpers\u00f3na er anat\u00f3l\u00edsk-het\u00edska Hannahanna (\u201eamma\u201c), m\u00f3\u00f0urgy\u00f0ja frj\u00f3semi og f\u00e6\u00f0ingar. \u00deessi dj\u00fapbyggingarlega endurger\u00f0 er enn tilg\u00e1ta; h\u00fan s\u00fdnir \u00fe\u00f3 a\u00f0 umr\u00e6\u00f0an um L\u00f6du er hluti af v\u00ed\u00f0ara ind\u00f3evr\u00f3psku ranns\u00f3knarsvi\u00f0i, langt umfram hinn slavneska heim.<\/p>\t\t\t\t\t\t\t\t<\/div>\n\t\t\t\t<\/div>\n\t\t<div class=\"elementor-element elementor-element-af51c3d e-con-full e-flex e-con e-child\" data-id=\"af51c3d\" data-element_type=\"container\" data-e-type=\"container\">\n\t\t\t\t<div class=\"elementor-element elementor-element-5af4973 elementor-widget elementor-widget-heading\" data-id=\"5af4973\" data-element_type=\"widget\" data-e-type=\"widget\" data-widget_type=\"heading.default\">\n\t\t\t\t\t<h2 class=\"elementor-heading-title elementor-size-default\">Lada \u00ed n\u00fat\u00edmavi\u00f0t\u00f6kum<\/h2>\t\t\t\t<\/div>\n\t\t\t\t<div class=\"elementor-element elementor-element-1828192 elementor-widget elementor-widget-text-editor\" data-id=\"1828192\" data-element_type=\"widget\" data-e-type=\"widget\" data-widget_type=\"text-editor.default\">\n\t\t\t\t\t\t\t\t\t<p>Me\u00f0 tilkomu slavneskrar \u00fej\u00f3\u00f0ernisr\u00f3mant\u00edkur \u00e1 19. \u00f6ld var\u00f0 Lada ein af \u00e1berandi pers\u00f3num hins endurfundna hei\u00f0ind\u00f3ms. Adam Mickiewicz, Juliusz S\u0142owacki, Cyprian Norwid og \u00fakra\u00ednsk sk\u00e1ld eins og Ivan Franko v\u00edsu\u00f0u til hennar \u00ed verkum s\u00ednum.<\/p><p>\u00cd m\u00e1laralist p\u00f3lsku hreyfingarinnar \u201eM\u0142oda Polska\u201c (\u201eUngt P\u00f3lland\u201c, um 1890 til 1918) er Lada endurtekin pers\u00f3na; Stanis\u0142aw Wyspia\u0144ski og Jacek Malczewski n\u00fdttu s\u00e9r Lada-m\u00f3t\u00edf.<\/p>\n<p>\u00cd t\u00f3nlist 19. og upphafs 20. aldar birtist Lada \u00ed \u00fdmsum austur-slavneskum verkum, einna markver\u00f0ast \u00ed verki Igors Stravinskys \u201eSacre du printemps\u201c (1913), sem v\u00edsar til vorhringdansins. \u00cd samt\u00edmahreyfingum eins og rodnoverie og n\u00fdhei\u00f0ni er Lada mikilv\u00e6g kvenleg h\u00f6fu\u00f0gy\u00f0ja. \u00deessa n\u00fat\u00edmad\u00fdrkun ber, fr\u00e1 tr\u00faarbrag\u00f0as\u00f6gulegu sj\u00f3narhorni, a\u00f0 sko\u00f0a sem n\u00fdsm\u00ed\u00f0.<\/p>\t\t\t\t\t\t\t\t<\/div>\n\t\t\t\t<\/div>\n\t\t<div class=\"elementor-element elementor-element-9181f1b e-con-full e-flex e-con e-child\" data-id=\"9181f1b\" data-element_type=\"container\" data-e-type=\"container\">\n\t\t\t\t<div class=\"elementor-element elementor-element-431306e elementor-widget elementor-widget-heading\" data-id=\"431306e\" data-element_type=\"widget\" data-e-type=\"widget\" data-widget_type=\"heading.default\">\n\t\t\t\t\t<h2 class=\"elementor-heading-title elementor-size-default\">Su\u00f0ur-slavneska Lazarice-hef\u00f0in<\/h2>\t\t\t\t<\/div>\n\t\t\t\t<div class=\"elementor-element elementor-element-7ec3ed8 elementor-widget elementor-widget-text-editor\" data-id=\"7ec3ed8\" data-element_type=\"widget\" data-e-type=\"widget\" data-widget_type=\"text-editor.default\">\n\t\t\t\t\t\t\t\t\t<p>Athyglisver\u00f0 sl\u00f3\u00f0 Lada-hef\u00f0arinnar finnst \u00ed su\u00f0ur-slavnesku \u201eLazarice\u201c-hef\u00f0inni, sem er haldin \u00ed Serb\u00edu, B\u00falgar\u00edu og Maked\u00f3n\u00edu \u00ed tengslum vi\u00f0 r\u00e9ttr\u00fana\u00f0ar-Lasarusarh\u00e1t\u00ed\u00f0ina (Lazareva Subota, laugardaginn fyrir p\u00e1lmasunnudag).<\/p><p>Ungar st\u00falkur, kl\u00e6ddar hv\u00edtum b\u00faningi og skreyttar bl\u00f3msveigum, ganga h\u00fas \u00far h\u00fasi, syngja vor- og br\u00fa\u00f0kaupss\u00f6ngva me\u00f0 Lada-\u00e1k\u00f6lum og f\u00e1 \u00ed sta\u00f0inn egg, peninga og litlar gjafir. \u00deessi hef\u00f0 var enn lifandi \u00ed m\u00f6rgum su\u00f0ur-slavneskum \u00feorpum langt fram \u00e1 20. \u00f6ld og er \u00e1 sumum st\u00f6\u00f0um haldin \u00ed hei\u00f0ri enn \u00feann dag \u00ed dag.<\/p>\n<p>Fr\u00e6\u00f0ilega s\u00e9\u00f0 er Lazarice-hef\u00f0in klass\u00edskt d\u00e6mi um kristi\u00f0-hei\u00f0i\u00f0 samlag. Hi\u00f0 kristna nafn (Lasarus) var lagt yfir forkristna vorhef\u00f0 sem snerist um dansa st\u00falkna, Lada-\u00e1k\u00f6ll og gr\u00f3\u00f0urt\u00e1kn. Vuk Karad\u017ei\u0107 skr\u00e1\u00f0i \u00feessa hef\u00f0 fyrst \u00e1 19. \u00f6ld, og Sergej Tokarev felldi hana inn \u00ed almenna kenningu s\u00edna um austur-slavneska vortr\u00fa.<\/p>\t\t\t\t\t\t\t\t<\/div>\n\t\t\t\t<\/div>\n\t\t<div class=\"elementor-element elementor-element-cfe4ebe e-con-full e-flex e-con e-child\" data-id=\"cfe4ebe\" data-element_type=\"container\" data-e-type=\"container\">\n\t\t\t\t<div class=\"elementor-element elementor-element-9a5fe76 elementor-widget elementor-widget-heading\" data-id=\"9a5fe76\" data-element_type=\"widget\" data-e-type=\"widget\" data-widget_type=\"heading.default\">\n\t\t\t\t\t<h2 class=\"elementor-heading-title elementor-size-default\">Kynhlutverk og slavneska br\u00fa\u00f0kaupsath\u00f6fnin<\/h2>\t\t\t\t<\/div>\n\t\t\t\t<div class=\"elementor-element elementor-element-2344387 elementor-widget elementor-widget-text-editor\" data-id=\"2344387\" data-element_type=\"widget\" data-e-type=\"widget\" data-widget_type=\"text-editor.default\">\n\t\t\t\t\t\t\t\t\t<p>Hi\u00f0 mi\u00f0l\u00e6ga hlutverk L\u00f6du \u00ed slavneskum br\u00fa\u00f0kaupssi\u00f0um varpar lj\u00f3si \u00e1 s\u00f6guleg hlutverk kynhlutverka-m\u00f3tunar \u00ed hei\u00f0nu slavnesku samf\u00e9lagi fyrir kristni.<\/p><p>\u00d3l\u00edkt m\u00f6rgum ind\u00f3evr\u00f3pskum go\u00f0aver\u00f6ldum, \u00fear sem a\u00f0algy\u00f0jurnar sinna oft l\u00edka herna\u00f0arlegum e\u00f0a konungslegum hlutverkum (Hera, J\u00fan\u00f3, A\u00feena), er Lada gy\u00f0ja me\u00f0 afmarka\u00f0, kynbundi\u00f0 hlutverk: <span class=\"iwg-fachbegriff\" data-tooltip=\"Vera sem er d\u00fdrku\u00f0 sem gu\u00f0leg innan tr\u00faarbrag\u00f0a.\" tabindex=\"0\">go\u00f0m\u00f6gn<\/span> hennar sn\u00fdst um konuna \u00ed hj\u00f3nabandi, \u00e1stum og fj\u00f6lskyldu.<\/p><p>\u00deessi afm\u00f6rkun hlutverksins g\u00e6ti bent til tilt\u00f6lulega seinnar s\u00e9rh\u00e6fingar e\u00f0a \u00e1 a\u00f0ra byggingarlega r\u00f6kfr\u00e6\u00f0i \u00ed slavneska go\u00f0aheiminum.<\/p>\n<p>\u00cd slavneskum br\u00fa\u00f0kaupsv\u00edsum, sem eru vel skjalfestar \u00ed s\u00f6fnum Aleksanders Afanasjevs og Pavels Chubinskis, er br\u00fa\u00f0urin oft \u00e1v\u00f6rpu\u00f0 sem \u201eLada\u201d.<\/p><p>\u00deessi sams\u00f6mun br\u00fa\u00f0arins vi\u00f0 gy\u00f0juna er klass\u00edskt d\u00e6mi um helgiv\u00e6\u00f0ingu br\u00fa\u00f0kaupsins sem heilagrar athafnar, \u00fear sem br\u00fa\u00f0urin f\u00e6r go\u00f0lega st\u00f6\u00f0u me\u00f0an \u00e1 h\u00e1t\u00ed\u00f0inni stendur. Vladimir Propp hefur \u00ed \u201eRusskie agrarnye prazdniki\u201c l\u00fdst svipu\u00f0um fyrirb\u00e6rum \u00ed uppskeruh\u00e1t\u00ed\u00f0um og gr\u00f3\u00f0ursi\u00f0um.<\/p>\t\t\t\t\t\t\t\t<\/div>\n\t\t\t\t<\/div>\n\t\t\t\t\t<\/div>\n\t\t\t\t<\/div>\n\t\t\t\t<\/div>\n\t\t","protected":false},"excerpt":{"rendered":"","protected":false},"author":3,"featured_media":3266,"parent":0,"menu_order":0,"comment_status":"closed","ping_status":"closed","template":"elementor_header_footer","meta":{"_yoast_wpseo_focuskw":"Lada","_yoast_wpseo_title":"Lada \u2013 slavnesk \u00e1stargy\u00f0ja | iWell Guard","_yoast_wpseo_metadesc":"Lada er slavnesk gy\u00f0ja \u00e1star, fegur\u00f0ar og hj\u00f3nabands. M\u00f3\u00f0ir Lel og Polel, andst\u00e6\u00f0a Marenu og vorgy\u00f0ja.","_yoast_wpseo_meta-robots-noindex":"","_yoast_wpseo_canonical":"","_angie_page":false,"gefaehrdungsstufe":"","wesen_kultur":"","wesen_klasse":"","footnotes":""},"categories":[],"class_list":["post-169090","page","type-page","status-publish","has-post-thumbnail","hentry"],"yoast_head":"<!-- This site is optimized with the Yoast SEO Premium plugin v27.7 (Yoast SEO v28.3) - https:\/\/yoast.com\/product\/yoast-seo-premium-wordpress\/ -->\n<title>Lada \u2013 slavnesk \u00e1stargy\u00f0ja | iWell Guard<\/title>\n<meta name=\"description\" content=\"Lada er slavnesk gy\u00f0ja \u00e1star, fegur\u00f0ar og hj\u00f3nabands. M\u00f3\u00f0ir Lel og Polel, andst\u00e6\u00f0a Marenu og vorgy\u00f0ja.\" \/>\n<meta name=\"robots\" content=\"index, follow, max-snippet:-1, max-image-preview:large, max-video-preview:-1\" \/>\n<link rel=\"canonical\" href=\"https:\/\/iwell-guard.com\/is\/lada\/\" \/>\n<meta property=\"og:locale\" content=\"is_IS\" \/>\n<meta property=\"og:type\" content=\"article\" \/>\n<meta property=\"og:title\" content=\"Lada\" \/>\n<meta property=\"og:description\" content=\"Lada er slavnesk gy\u00f0ja \u00e1star, fegur\u00f0ar og hj\u00f3nabands. M\u00f3\u00f0ir Lel og Polel, andst\u00e6\u00f0a Marenu og vorgy\u00f0ja.\" \/>\n<meta property=\"og:url\" content=\"https:\/\/iwell-guard.com\/is\/lada\/\" \/>\n<meta property=\"og:site_name\" content=\"iWell Guard\" \/>\n<meta property=\"article:modified_time\" content=\"2026-09-05T14:32:01+00:00\" \/>\n<meta property=\"og:image\" content=\"https:\/\/iwell-guard.com\/wp-content\/uploads\/2026\/05\/goetter_slawisch_lada.webp\" \/>\n\t<meta property=\"og:image:width\" content=\"1024\" \/>\n\t<meta property=\"og:image:height\" content=\"1536\" \/>\n\t<meta property=\"og:image:type\" content=\"image\/webp\" \/>\n<meta name=\"twitter:card\" content=\"summary_large_image\" \/>\n<script type=\"application\/ld+json\" class=\"yoast-schema-graph\">{\"@context\":\"https:\\\/\\\/schema.org\",\"@graph\":[{\"@type\":\"WebPage\",\"@id\":\"https:\\\/\\\/iwell-guard.com\\\/is\\\/lada\\\/\",\"url\":\"https:\\\/\\\/iwell-guard.com\\\/is\\\/lada\\\/\",\"name\":\"Lada \u2013 slavnesk \u00e1stargy\u00f0ja | iWell Guard\",\"isPartOf\":{\"@id\":\"https:\\\/\\\/iwell-guard.com\\\/is\\\/#website\"},\"primaryImageOfPage\":{\"@id\":\"https:\\\/\\\/iwell-guard.com\\\/is\\\/lada\\\/#primaryimage\"},\"image\":{\"@id\":\"https:\\\/\\\/iwell-guard.com\\\/is\\\/lada\\\/#primaryimage\"},\"thumbnailUrl\":\"https:\\\/\\\/iwell-guard.com\\\/wp-content\\\/uploads\\\/2026\\\/05\\\/goetter_slawisch_lada.webp\",\"datePublished\":\"2026-09-05T14:05:30+00:00\",\"dateModified\":\"2026-09-05T14:32:01+00:00\",\"description\":\"Lada er slavnesk gy\u00f0ja \u00e1star, fegur\u00f0ar og hj\u00f3nabands. M\u00f3\u00f0ir Lel og Polel, andst\u00e6\u00f0a Marenu og vorgy\u00f0ja.\",\"breadcrumb\":{\"@id\":\"https:\\\/\\\/iwell-guard.com\\\/is\\\/lada\\\/#breadcrumb\"},\"inLanguage\":\"is\",\"potentialAction\":[{\"@type\":\"ReadAction\",\"target\":[\"https:\\\/\\\/iwell-guard.com\\\/is\\\/lada\\\/\"]}]},{\"@type\":\"ImageObject\",\"inLanguage\":\"is\",\"@id\":\"https:\\\/\\\/iwell-guard.com\\\/is\\\/lada\\\/#primaryimage\",\"url\":\"https:\\\/\\\/iwell-guard.com\\\/wp-content\\\/uploads\\\/2026\\\/05\\\/goetter_slawisch_lada.webp\",\"contentUrl\":\"https:\\\/\\\/iwell-guard.com\\\/wp-content\\\/uploads\\\/2026\\\/05\\\/goetter_slawisch_lada.webp\",\"width\":1024,\"height\":1536,\"caption\":\"Gu\u00f0ir \u00far slavneskri hef\u00f0.\"},{\"@type\":\"BreadcrumbList\",\"@id\":\"https:\\\/\\\/iwell-guard.com\\\/is\\\/lada\\\/#breadcrumb\",\"itemListElement\":[{\"@type\":\"ListItem\",\"position\":1,\"name\":\"Start\",\"item\":\"https:\\\/\\\/iwell-guard.com\\\/is\\\/?page_id=168580\"},{\"@type\":\"ListItem\",\"position\":2,\"name\":\"Lada\"}]},{\"@type\":\"WebSite\",\"@id\":\"https:\\\/\\\/iwell-guard.com\\\/is\\\/#website\",\"url\":\"https:\\\/\\\/iwell-guard.com\\\/is\\\/\",\"name\":\"iWell Guard\",\"description\":\"Schutz vor dunklen Einfl\u00fcssen\",\"publisher\":{\"@id\":\"https:\\\/\\\/iwell-guard.com\\\/is\\\/#organization\"},\"potentialAction\":[{\"@type\":\"SearchAction\",\"target\":{\"@type\":\"EntryPoint\",\"urlTemplate\":\"https:\\\/\\\/iwell-guard.com\\\/is\\\/?s={search_term_string}\"},\"query-input\":{\"@type\":\"PropertyValueSpecification\",\"valueRequired\":true,\"valueName\":\"search_term_string\"}}],\"inLanguage\":\"is\"},{\"@type\":\"Organization\",\"@id\":\"https:\\\/\\\/iwell-guard.com\\\/is\\\/#organization\",\"name\":\"Ittermann electronic GmbH\",\"url\":\"https:\\\/\\\/iwell-guard.com\\\/is\\\/\",\"logo\":{\"@type\":\"ImageObject\",\"inLanguage\":\"is\",\"@id\":\"https:\\\/\\\/iwell-guard.com\\\/is\\\/#\\\/schema\\\/logo\\\/image\\\/\",\"url\":\"https:\\\/\\\/iwell-guard.com\\\/wp-content\\\/uploads\\\/2026\\\/05\\\/Ittermann-Logo-1182x237-1.png\",\"contentUrl\":\"https:\\\/\\\/iwell-guard.com\\\/wp-content\\\/uploads\\\/2026\\\/05\\\/Ittermann-Logo-1182x237-1.png\",\"width\":1182,\"height\":237,\"caption\":\"Ittermann electronic GmbH\"},\"image\":{\"@id\":\"https:\\\/\\\/iwell-guard.com\\\/is\\\/#\\\/schema\\\/logo\\\/image\\\/\"},\"sameAs\":[\"https:\\\/\\\/pantip.com\\\/profile\\\/9367242\",\"https:\\\/\\\/micro.blog\\\/iwellguard\",\"https:\\\/\\\/www.diggerslist.com\\\/iwellguard\\\/about\",\"https:\\\/\\\/skitterphoto.com\\\/photographers\\\/2870314\\\/iwell-guard\",\"https:\\\/\\\/iwellguard.wordpress.com\\\/2026\\\/06\\\/06\\\/iwell-guard\\\/\",\"https:\\\/\\\/hub.docker.com\\\/u\\\/iwellguard\",\"https:\\\/\\\/www.pinterest.com\\\/iwellguard\\\/\",\"https:\\\/\\\/bit.ly\\\/m\\\/iwellguard\",\"https:\\\/\\\/entre-vos-mains.alsace.eu\\\/profiles\\\/iwellguard\\\/activity\",\"https:\\\/\\\/gravatar.com\\\/reallybeded8fd34\",\"https:\\\/\\\/naijamatta.com\\\/iwellguard\",\"https:\\\/\\\/www.goodreads.com\\\/iwellguard\",\"https:\\\/\\\/profile.hatena.ne.jp\\\/iwellguard\\\/\",\"https:\\\/\\\/experiment.com\\\/users\\\/iwellguard\",\"https:\\\/\\\/wakelet.com\\\/@iWellGuard82270\",\"https:\\\/\\\/www.chordie.com\\\/forum\\\/profile.php?id=2555664\",\"https:\\\/\\\/www.instapaper.com\\\/p\\\/17757966\",\"https:\\\/\\\/www.mapleprimes.com\\\/users\\\/iwellguard\",\"https:\\\/\\\/businesslistingplus.com\\\/profile\\\/iwell-guard\\\/\",\"https:\\\/\\\/telegra.ph\\\/iWell-Guard-06-06\",\"https:\\\/\\\/pbase.com\\\/iwellguard\\\/iwellguard\",\"https:\\\/\\\/b.hatena.ne.jp\\\/iwellguard\\\/20260607#bookmark-4788405196491818882\",\"https:\\\/\\\/fliphtml5.com\\\/home\\\/iwellguard\",\"https:\\\/\\\/anyflip.com\\\/homepage\\\/cmiwl#About\",\"https:\\\/\\\/transfur.com\\\/Users\\\/iwellguard\",\"http:\\\/\\\/delphi.larsbo.org\\\/user\\\/iwellguard\",\"https:\\\/\\\/jobs.lajobsportal.org\\\/profiles\\\/8380803-iwell-guard\",\"https:\\\/\\\/md.chaosdorf.de\\\/s\\\/jfbe5SBdJD\",\"https:\\\/\\\/www.lingvolive.com\\\/en-us\\\/profile\\\/9ecaeaca-ce11-4e51-9e71-01d55e2bff36\\\/translations\",\"https:\\\/\\\/www.fitday.com\\\/fitness\\\/forums\\\/members\\\/iwellguard.html\",\"https:\\\/\\\/www.mymeetbook.com\\\/iwellguard\",\"https:\\\/\\\/pxhere.com\\\/en\\\/photographer-me\\\/5040798\",\"https:\\\/\\\/disqus.com\\\/by\\\/iwellguard\\\/about\\\/\",\"https:\\\/\\\/pastelink.net\\\/hjwciqwq\",\"https:\\\/\\\/pubhtml5.com\\\/homepage\\\/scjhn\\\/\",\"https:\\\/\\\/www.bitchute.com\\\/channel\\\/2O2eOKzNqujT\",\"https:\\\/\\\/audiomack.com\\\/iwellguard\"]}]}<\/script>\n<!-- \/ Yoast SEO Premium plugin. -->","yoast_head_json":{"title":"Lada \u2013 slavnesk \u00e1stargy\u00f0ja | iWell Guard","description":"Lada er slavnesk gy\u00f0ja \u00e1star, fegur\u00f0ar og hj\u00f3nabands. M\u00f3\u00f0ir Lel og Polel, andst\u00e6\u00f0a Marenu og vorgy\u00f0ja.","robots":{"index":"index","follow":"follow","max-snippet":"max-snippet:-1","max-image-preview":"max-image-preview:large","max-video-preview":"max-video-preview:-1"},"canonical":"https:\/\/iwell-guard.com\/is\/lada\/","og_locale":"is_IS","og_type":"article","og_title":"Lada","og_description":"Lada er slavnesk gy\u00f0ja \u00e1star, fegur\u00f0ar og hj\u00f3nabands. M\u00f3\u00f0ir Lel og Polel, andst\u00e6\u00f0a Marenu og vorgy\u00f0ja.","og_url":"https:\/\/iwell-guard.com\/is\/lada\/","og_site_name":"iWell Guard","article_modified_time":"2026-09-05T14:32:01+00:00","og_image":[{"width":1024,"height":1536,"url":"https:\/\/iwell-guard.com\/wp-content\/uploads\/2026\/05\/goetter_slawisch_lada.webp","type":"image\/webp"}],"twitter_card":"summary_large_image","schema":{"@context":"https:\/\/schema.org","@graph":[{"@type":"WebPage","@id":"https:\/\/iwell-guard.com\/is\/lada\/","url":"https:\/\/iwell-guard.com\/is\/lada\/","name":"Lada \u2013 slavnesk \u00e1stargy\u00f0ja | iWell Guard","isPartOf":{"@id":"https:\/\/iwell-guard.com\/is\/#website"},"primaryImageOfPage":{"@id":"https:\/\/iwell-guard.com\/is\/lada\/#primaryimage"},"image":{"@id":"https:\/\/iwell-guard.com\/is\/lada\/#primaryimage"},"thumbnailUrl":"https:\/\/iwell-guard.com\/wp-content\/uploads\/2026\/05\/goetter_slawisch_lada.webp","datePublished":"2026-09-05T14:05:30+00:00","dateModified":"2026-09-05T14:32:01+00:00","description":"Lada er slavnesk gy\u00f0ja \u00e1star, fegur\u00f0ar og hj\u00f3nabands. M\u00f3\u00f0ir Lel og Polel, andst\u00e6\u00f0a Marenu og vorgy\u00f0ja.","breadcrumb":{"@id":"https:\/\/iwell-guard.com\/is\/lada\/#breadcrumb"},"inLanguage":"is","potentialAction":[{"@type":"ReadAction","target":["https:\/\/iwell-guard.com\/is\/lada\/"]}]},{"@type":"ImageObject","inLanguage":"is","@id":"https:\/\/iwell-guard.com\/is\/lada\/#primaryimage","url":"https:\/\/iwell-guard.com\/wp-content\/uploads\/2026\/05\/goetter_slawisch_lada.webp","contentUrl":"https:\/\/iwell-guard.com\/wp-content\/uploads\/2026\/05\/goetter_slawisch_lada.webp","width":1024,"height":1536,"caption":"Gu\u00f0ir \u00far slavneskri hef\u00f0."},{"@type":"BreadcrumbList","@id":"https:\/\/iwell-guard.com\/is\/lada\/#breadcrumb","itemListElement":[{"@type":"ListItem","position":1,"name":"Start","item":"https:\/\/iwell-guard.com\/is\/?page_id=168580"},{"@type":"ListItem","position":2,"name":"Lada"}]},{"@type":"WebSite","@id":"https:\/\/iwell-guard.com\/is\/#website","url":"https:\/\/iwell-guard.com\/is\/","name":"iWell Guard","description":"Schutz vor dunklen Einfl\u00fcssen","publisher":{"@id":"https:\/\/iwell-guard.com\/is\/#organization"},"potentialAction":[{"@type":"SearchAction","target":{"@type":"EntryPoint","urlTemplate":"https:\/\/iwell-guard.com\/is\/?s={search_term_string}"},"query-input":{"@type":"PropertyValueSpecification","valueRequired":true,"valueName":"search_term_string"}}],"inLanguage":"is"},{"@type":"Organization","@id":"https:\/\/iwell-guard.com\/is\/#organization","name":"Ittermann electronic GmbH","url":"https:\/\/iwell-guard.com\/is\/","logo":{"@type":"ImageObject","inLanguage":"is","@id":"https:\/\/iwell-guard.com\/is\/#\/schema\/logo\/image\/","url":"https:\/\/iwell-guard.com\/wp-content\/uploads\/2026\/05\/Ittermann-Logo-1182x237-1.png","contentUrl":"https:\/\/iwell-guard.com\/wp-content\/uploads\/2026\/05\/Ittermann-Logo-1182x237-1.png","width":1182,"height":237,"caption":"Ittermann electronic GmbH"},"image":{"@id":"https:\/\/iwell-guard.com\/is\/#\/schema\/logo\/image\/"},"sameAs":["https:\/\/pantip.com\/profile\/9367242","https:\/\/micro.blog\/iwellguard","https:\/\/www.diggerslist.com\/iwellguard\/about","https:\/\/skitterphoto.com\/photographers\/2870314\/iwell-guard","https:\/\/iwellguard.wordpress.com\/2026\/06\/06\/iwell-guard\/","https:\/\/hub.docker.com\/u\/iwellguard","https:\/\/www.pinterest.com\/iwellguard\/","https:\/\/bit.ly\/m\/iwellguard","https:\/\/entre-vos-mains.alsace.eu\/profiles\/iwellguard\/activity","https:\/\/gravatar.com\/reallybeded8fd34","https:\/\/naijamatta.com\/iwellguard","https:\/\/www.goodreads.com\/iwellguard","https:\/\/profile.hatena.ne.jp\/iwellguard\/","https:\/\/experiment.com\/users\/iwellguard","https:\/\/wakelet.com\/@iWellGuard82270","https:\/\/www.chordie.com\/forum\/profile.php?id=2555664","https:\/\/www.instapaper.com\/p\/17757966","https:\/\/www.mapleprimes.com\/users\/iwellguard","https:\/\/businesslistingplus.com\/profile\/iwell-guard\/","https:\/\/telegra.ph\/iWell-Guard-06-06","https:\/\/pbase.com\/iwellguard\/iwellguard","https:\/\/b.hatena.ne.jp\/iwellguard\/20260607#bookmark-4788405196491818882","https:\/\/fliphtml5.com\/home\/iwellguard","https:\/\/anyflip.com\/homepage\/cmiwl#About","https:\/\/transfur.com\/Users\/iwellguard","http:\/\/delphi.larsbo.org\/user\/iwellguard","https:\/\/jobs.lajobsportal.org\/profiles\/8380803-iwell-guard","https:\/\/md.chaosdorf.de\/s\/jfbe5SBdJD","https:\/\/www.lingvolive.com\/en-us\/profile\/9ecaeaca-ce11-4e51-9e71-01d55e2bff36\/translations","https:\/\/www.fitday.com\/fitness\/forums\/members\/iwellguard.html","https:\/\/www.mymeetbook.com\/iwellguard","https:\/\/pxhere.com\/en\/photographer-me\/5040798","https:\/\/disqus.com\/by\/iwellguard\/about\/","https:\/\/pastelink.net\/hjwciqwq","https:\/\/pubhtml5.com\/homepage\/scjhn\/","https:\/\/www.bitchute.com\/channel\/2O2eOKzNqujT","https:\/\/audiomack.com\/iwellguard"]}]}},"_links":{"self":[{"href":"https:\/\/iwell-guard.com\/is\/wp-json\/wp\/v2\/pages\/169090","targetHints":{"allow":["GET"]}}],"collection":[{"href":"https:\/\/iwell-guard.com\/is\/wp-json\/wp\/v2\/pages"}],"about":[{"href":"https:\/\/iwell-guard.com\/is\/wp-json\/wp\/v2\/types\/page"}],"author":[{"embeddable":true,"href":"https:\/\/iwell-guard.com\/is\/wp-json\/wp\/v2\/users\/3"}],"replies":[{"embeddable":true,"href":"https:\/\/iwell-guard.com\/is\/wp-json\/wp\/v2\/comments?post=169090"}],"version-history":[{"count":0,"href":"https:\/\/iwell-guard.com\/is\/wp-json\/wp\/v2\/pages\/169090\/revisions"}],"wp:featuredmedia":[{"embeddable":true,"href":"https:\/\/iwell-guard.com\/is\/wp-json\/wp\/v2\/media\/3266"}],"wp:attachment":[{"href":"https:\/\/iwell-guard.com\/is\/wp-json\/wp\/v2\/media?parent=169090"}],"wp:term":[{"taxonomy":"category","embeddable":true,"href":"https:\/\/iwell-guard.com\/is\/wp-json\/wp\/v2\/categories?post=169090"}],"curies":[{"name":"wp","href":"https:\/\/api.w.org\/{rel}","templated":true}]}}