{"id":169089,"date":"2026-09-05T14:05:29","date_gmt":"2026-09-05T14:05:29","guid":{"rendered":"https:\/\/iwell-guard.com\/?page_id=169089"},"modified":"2026-09-05T14:32:00","modified_gmt":"2026-09-05T14:32:00","slug":"stribog","status":"publish","type":"page","link":"https:\/\/iwell-guard.com\/is\/stribog\/","title":{"rendered":"Stribog"},"content":{"rendered":"\t\t<div data-elementor-type=\"wp-page\" data-elementor-id=\"169089\" class=\"elementor elementor-169089 elementor-3030 elementor-bc-flex-widget\" data-elementor-post-type=\"page\">\n\t\t\t\t<div class=\"elementor-element elementor-element-01b72f6 e-flex e-con-boxed e-con e-parent\" data-id=\"01b72f6\" data-element_type=\"container\" data-e-type=\"container\" data-settings=\"{&quot;background_background&quot;:&quot;classic&quot;}\">\n\t\t\t\t\t<div class=\"e-con-inner\">\n\t\t<div class=\"elementor-element elementor-element-3db54bb e-flex e-con-boxed e-con e-child\" data-id=\"3db54bb\" data-element_type=\"container\" data-e-type=\"container\">\n\t\t\t\t\t<div class=\"e-con-inner\">\n\t\t<div class=\"elementor-element elementor-element-c80ac80 e-con-full e-flex e-con e-child\" data-id=\"c80ac80\" data-element_type=\"container\" data-e-type=\"container\">\n\t\t\t\t<div class=\"elementor-element elementor-element-3f7d518 elementor-widget elementor-widget-heading\" data-id=\"3f7d518\" data-element_type=\"widget\" data-e-type=\"widget\" data-widget_type=\"heading.default\">\n\t\t\t\t\t<h1 class=\"elementor-heading-title elementor-size-default\">Stribog, slavneskur vindgu\u00f0<\/h1>\t\t\t\t<\/div>\n\t\t\t\t<div class=\"elementor-element elementor-element-ca757ef elementor-widget elementor-widget-text-editor\" data-id=\"ca757ef\" data-element_type=\"widget\" data-e-type=\"widget\" data-widget_type=\"text-editor.default\">\n\t\t\t\t\t\t\t\t\t<p>Stribog er slavneskur gu\u00f0 vindsins, sem storminn og loftstrauma \u00far \u00f6llum \u00e1ttum voru eigna\u00f0ir. Stribog (fornr\u00fassneska \u0421\u0442\u0440\u0438\u0431\u043e\u0433\u044a) er \u00ed slavneska <span class=\"iwg-fachbegriff\" data-tooltip=\"Heild gu\u00f0a innan tr\u00faarbrag\u00f0a e\u00f0a menningar.\" tabindex=\"0\">go\u00f0aheiminum<\/span> gu\u00f0 vindsins og storma. Hann tilheyrir hinum sex go\u00f0amyndum sem st\u00f3rfurstinn Vladim\u00edr I l\u00e9t reisa \u00e1ri\u00f0 980 \u00e1 virkish\u00e6\u00f0inni fyrir ofan K\u00e6nugar\u00f0.<\/p><p>\u00cd \u00abSlovo o pluku Igoreve\u00bb eru vindarnir kalla\u00f0ir \u00absynir Stribogs\u00bb (\u00abStribozhi vnutsi\u00bb), sem sta\u00f0festir st\u00f6\u00f0u Stribogs sem forf\u00f6\u00f0ur vindsins \u00e1 sama h\u00e1tt og R\u00fassar eru kalla\u00f0ir \u00absynir Dazhbogs\u00bb. \u00deannig er Stribog einn af f\u00e1um slavneskum gu\u00f0um \u00fear sem hlutverk hans er sta\u00f0fest me\u00f0 beinum heimildum.<\/p>\t\t\t\t\t\t\t\t<\/div>\n\t\t\t\t<\/div>\n\t\t<div class=\"elementor-element elementor-element-201e0db e-con-full e-flex e-con e-parent\" data-id=\"201e0db\" data-element_type=\"container\" data-e-type=\"container\">\n\t\t\t\t<div class=\"elementor-element elementor-element-4ba4560 elementor-widget elementor-widget-html\" data-id=\"4ba4560\" data-element_type=\"widget\" data-e-type=\"widget\" data-widget_type=\"html.default\">\n\t\t\t\t\t<div class=\"iwg-pill-row\"><span class=\"iwg-klasse-badge\" tabindex=\"0\" data-tooltip=\"Gu\u00f0 \/ gy\u00f0ja: Pers\u00f3nuger\u00f0 \u00e6\u00f0sta vald \u00ed go\u00f0aveldi menningar, me\u00f0 sk\u00fdrum \u00e1byrg\u00f0arsvi\u00f0um \u2014 n\u00e1tt\u00faru\u00f6fl, \u00f6rl\u00f6g, str\u00ed\u00f0, frj\u00f3semi. D\u00fdrku\u00f0 me\u00f0 helgisi\u00f0um, f\u00f3rnum og musterisstofnunum.\">Gu\u00f0<\/span><a href=\"https:\/\/iwell-guard.com\/is\/slavnesk\/\" class=\"iwg-kultur-badge\" tabindex=\"0\" data-tooltip=\"Slavnesk go\u00f0afr\u00e6\u00f0i og \u00fej\u00f3\u00f0tr\u00fa, kristnu\u00f0 fr\u00e1 10. \u00f6ld.\">Slavneskt<\/a><\/div>\t\t\t\t<\/div>\n\t\t\t\t<\/div>\n\t\t<div class=\"elementor-element elementor-element-dfdde20 e-con-full e-flex e-con e-child\" data-id=\"dfdde20\" data-element_type=\"container\" data-e-type=\"container\">\n\t\t\t\t<div class=\"elementor-element elementor-element-40efbf9 elementor-toc--minimized-on-tablet elementor-widget elementor-widget-table-of-contents\" data-id=\"40efbf9\" data-element_type=\"widget\" data-e-type=\"widget\" data-settings=\"{&quot;exclude_headings_by_selector&quot;:[],&quot;no_headings_message&quot;:&quot;Engar undirfyrirsagnir fundust \\u00e1 \\u00feessari s\\u00ed\\u00f0u.&quot;,&quot;headings_by_tags&quot;:[&quot;h2&quot;,&quot;h3&quot;],&quot;marker_view&quot;:&quot;bullets&quot;,&quot;icon&quot;:{&quot;value&quot;:&quot;fas fa-circle&quot;,&quot;library&quot;:&quot;fa-solid&quot;,&quot;rendered_tag&quot;:&quot;&lt;svg class=\\&quot;e-font-icon-svg e-fas-circle\\&quot; viewBox=\\&quot;0 0 512 512\\&quot; xmlns=\\&quot;http:\\\/\\\/www.w3.org\\\/2000\\\/svg\\&quot;&gt;&lt;path d=\\&quot;M256 8C119 8 8 119 8 256s111 248 248 248 248-111 248-248S393 8 256 8z\\&quot;&gt;&lt;\\\/path&gt;&lt;\\\/svg&gt;&quot;},&quot;minimize_box&quot;:&quot;yes&quot;,&quot;minimized_on&quot;:&quot;tablet&quot;,&quot;hierarchical_view&quot;:&quot;yes&quot;,&quot;min_height&quot;:{&quot;unit&quot;:&quot;px&quot;,&quot;size&quot;:&quot;&quot;,&quot;sizes&quot;:[]},&quot;min_height_tablet&quot;:{&quot;unit&quot;:&quot;px&quot;,&quot;size&quot;:&quot;&quot;,&quot;sizes&quot;:[]},&quot;min_height_mobile&quot;:{&quot;unit&quot;:&quot;px&quot;,&quot;size&quot;:&quot;&quot;,&quot;sizes&quot;:[]}}\" data-widget_type=\"table-of-contents.default\">\n\t\t\t\t\t\t\t\t\t<div class=\"elementor-toc__header\">\n\t\t\t\t\t\t<h2 class=\"elementor-toc__header-title\">\n\t\t\t\tEfnisyfirlit\t\t\t<\/h2>\n\t\t\t\t\t\t\t\t\t\t<div class=\"elementor-toc__toggle-button elementor-toc__toggle-button--expand\" role=\"button\" tabindex=\"0\" aria-controls=\"elementor-toc__40efbf9\" aria-expanded=\"true\" aria-label=\"Open table of contents\"><svg aria-hidden=\"true\" class=\"e-font-icon-svg e-fas-chevron-down\" viewBox=\"0 0 448 512\" xmlns=\"http:\/\/www.w3.org\/2000\/svg\"><path d=\"M207.029 381.476L12.686 187.132c-9.373-9.373-9.373-24.569 0-33.941l22.667-22.667c9.357-9.357 24.522-9.375 33.901-.04L224 284.505l154.745-154.021c9.379-9.335 24.544-9.317 33.901.04l22.667 22.667c9.373 9.373 9.373 24.569 0 33.941L240.971 381.476c-9.373 9.372-24.569 9.372-33.942 0z\"><\/path><\/svg><\/div>\n\t\t\t\t<div class=\"elementor-toc__toggle-button elementor-toc__toggle-button--collapse\" role=\"button\" tabindex=\"0\" aria-controls=\"elementor-toc__40efbf9\" aria-expanded=\"true\" aria-label=\"Close table of contents\"><svg aria-hidden=\"true\" class=\"e-font-icon-svg e-fas-chevron-up\" viewBox=\"0 0 448 512\" xmlns=\"http:\/\/www.w3.org\/2000\/svg\"><path d=\"M240.971 130.524l194.343 194.343c9.373 9.373 9.373 24.569 0 33.941l-22.667 22.667c-9.357 9.357-24.522 9.375-33.901.04L224 227.495 69.255 381.516c-9.379 9.335-24.544 9.317-33.901-.04l-22.667-22.667c-9.373-9.373-9.373-24.569 0-33.941L207.03 130.525c9.372-9.373 24.568-9.373 33.941-.001z\"><\/path><\/svg><\/div>\n\t\t\t\t\t<\/div>\n\t\t\t\t<div id=\"elementor-toc__40efbf9\" class=\"elementor-toc__body\">\n\t\t\t<div class=\"elementor-toc__spinner-container\">\n\t\t\t\t<svg class=\"elementor-toc__spinner eicon-animation-spin e-font-icon-svg e-eicon-loading\" aria-hidden=\"true\" viewBox=\"0 0 1000 1000\" xmlns=\"http:\/\/www.w3.org\/2000\/svg\"><path d=\"M500 975V858C696 858 858 696 858 500S696 142 500 142 142 304 142 500H25C25 237 238 25 500 25S975 237 975 500 763 975 500 975Z\"><\/path><\/svg>\t\t\t<\/div>\n\t\t<\/div>\n\t\t\t\t\t\t<\/div>\n\t\t\t\t<\/div>\n\t\t\t\t\t<\/div>\n\t\t\t\t<\/div>\n\t\t<div class=\"elementor-element elementor-element-621c9af e-con-full e-flex e-con e-child\" data-id=\"621c9af\" data-element_type=\"container\" data-e-type=\"container\">\n\t\t\t\t<div class=\"elementor-element elementor-element-025ade0 iwg-hero-image elementor-widget elementor-widget-image\" data-id=\"025ade0\" data-element_type=\"widget\" data-e-type=\"widget\" data-widget_type=\"image.default\">\n\t\t\t\t\t\t\t\t\t\t\t\t\t\t\t<img fetchpriority=\"high\" decoding=\"async\" width=\"683\" height=\"1024\" src=\"https:\/\/iwell-guard.com\/wp-content\/uploads\/2026\/05\/goetter_slawisch_stribog-683x1024.webp\" class=\"attachment-large size-large wp-image-170687\" alt=\"Str\u00edbog - Gu\u00f0ir \u00far slavneskri hef\u00f0, s\u00f6guleg myndskreyting\" srcset=\"https:\/\/iwell-guard.com\/wp-content\/uploads\/2026\/05\/goetter_slawisch_stribog-683x1024.webp 683w, https:\/\/iwell-guard.com\/wp-content\/uploads\/2026\/05\/goetter_slawisch_stribog-200x300.webp 200w, https:\/\/iwell-guard.com\/wp-content\/uploads\/2026\/05\/goetter_slawisch_stribog-768x1152.webp 768w, https:\/\/iwell-guard.com\/wp-content\/uploads\/2026\/05\/goetter_slawisch_stribog.webp 1024w\" sizes=\"(max-width: 683px) 100vw, 683px\" \/>\t\t\t\t\t\t\t\t\t\t\t\t\t\t\t<\/div>\n\t\t\t\t<\/div>\n\t\t\t\t\t<\/div>\n\t\t\t\t<\/div>\n\t\t<div class=\"elementor-element elementor-element-dd6e58d e-con-boxed e-flex e-con e-parent\" data-id=\"dd6e58d\" data-element_type=\"container\" data-e-type=\"container\">\n\t\t\t\t\t<div class=\"e-con-inner\">\n\t\t<div class=\"elementor-element elementor-element-c584991 e-con-full e-flex e-con e-child\" data-id=\"c584991\" data-element_type=\"container\" data-e-type=\"container\">\n\t\t\t\t<div class=\"elementor-element elementor-element-7cba527 elementor-widget elementor-widget-heading\" data-id=\"7cba527\" data-element_type=\"widget\" data-e-type=\"widget\" data-widget_type=\"heading.default\">\n\t\t\t\t\t<h2 class=\"elementor-heading-title elementor-size-default\">Heimildir og fyrstu ritvitnisbur\u00f0ir<\/h2>\t\t\t\t<\/div>\n\t\t\t\t<div class=\"elementor-element elementor-element-4d365c8 elementor-widget elementor-widget-text-editor\" data-id=\"4d365c8\" data-element_type=\"widget\" data-e-type=\"widget\" data-widget_type=\"text-editor.default\">\n\t\t\t\t\t\t\t\t\t<p>Meginheimildirnir eru Nestorsann\u00e1ll (1110 til 1118) \u00ed f\u00e6rslunni um \u00e1ri\u00f0 980 og \u00abSlovo o pluku Igoreve\u00bb (undir lok 12. aldar). \u00cd Nestorsann\u00e1l kemur Stribog fram \u00ed nafnaskr\u00e1 <span class=\"iwg-fachbegriff\" data-tooltip=\"Heild gu\u00f0a innan tr\u00faarbrag\u00f0a e\u00f0a menningar.\" tabindex=\"0\">go\u00f0aheims<\/span> Vladim\u00edrs milli Dazhbogs og Simargls, \u00e1n frekari l\u00fdsingar.<\/p><p>\u00cd Igorskvi\u00f0u er textinn efnismeiri: \u00abSj\u00e1, vindarnir, synir Stribogs, bl\u00e1sa fr\u00e1 hafinu sem \u00f6rvar \u00e1 hinar hraustu Polki Igors\u00bb. \u00deessi myndhverfa samsv\u00f6run vindanna vi\u00f0 afkomendur Stribogs er tr\u00faars\u00f6gulega traust v\u00edsbending um hlutverk hans.<\/p>\n<p>Fleiri tilv\u00edsanir m\u00e1 finna \u00ed mi\u00f0aldapredikunum gegn hei\u00f0ni, me\u00f0al annars \u00ed \u00abR\u00e6\u00f0u heilags Gregor\u00edusar\u00bb og \u00ed \u00abTolkovaniye nekoego ljubitelja Hrista\u00bb (12. til 14. \u00f6ld), \u00fear sem Stribog er talinn upp \u00e1samt Perun, Khors, Mokosh og \u00f6\u00f0rum gu\u00f0an\u00f6fnum sem banna\u00f0ur <span class=\"iwg-fachbegriff\" data-tooltip=\"Ni\u00f0randi or\u00f0 yfir go\u00f0amynd sem talin er r\u00f6ng e\u00f0a falsgu\u00f0.\" tabindex=\"0\">skur\u00f0go\u00f0<\/span>.<\/p><p>\u00deessar heimildir eru gagnr\u00fdnar \u00ed e\u00f0li s\u00ednu og gefa ekki efnislega l\u00fdsingu, en sta\u00f0festa a\u00f0 tr\u00faari\u00f0kun Stribogs-d\u00fdrkunar var raunveruleg fram \u00e1 h\u00e1mi\u00f0aldir.<\/p>\t\t\t\t\t\t\t\t<\/div>\n\t\t\t\t<\/div>\n\t\t<div class=\"elementor-element elementor-element-8e1e9d2 e-con-full e-flex e-con e-child\" data-id=\"8e1e9d2\" data-element_type=\"container\" data-e-type=\"container\">\n\t\t\t\t<div class=\"elementor-element elementor-element-1b212f9 elementor-widget elementor-widget-heading\" data-id=\"1b212f9\" data-element_type=\"widget\" data-e-type=\"widget\" data-widget_type=\"heading.default\">\n\t\t\t\t\t<h2 class=\"elementor-heading-title elementor-size-default\">Or\u00f0sifjar og t\u00falkanir nafnsins<\/h2>\t\t\t\t<\/div>\n\t\t\t\t<div class=\"elementor-element elementor-element-e4c74c4 elementor-widget elementor-widget-text-editor\" data-id=\"e4c74c4\" data-element_type=\"widget\" data-e-type=\"widget\" data-widget_type=\"text-editor.default\">\n\t\t\t\t\t\t\t\t\t<p>Or\u00f0sifjar nafnsins eru deiluefni. Ein tilg\u00e1ta rekur \u00fea\u00f0 til frumslavnesku \u00abstryj\u044c\u00bb (f\u00f6\u00f0urbr\u00f3\u00f0ir), sem gerir Stribog a\u00f0 \u00abf\u00f6\u00f0urbr\u00f3\u00f0ur-gu\u00f0i\u00bb, m\u00f6gulega br\u00f3\u00f0ur Svarogs. \u00d6nnur tilg\u00e1ta rekur nafni\u00f0 til frumslavnesku \u00ab*sterti\u00bb (a\u00f0 brei\u00f0a \u00fat), sem gerir hann a\u00f0 \u00ab\u00feeim sem brei\u00f0ir sig \u00fat\u00bb, sem h\u00e6fir vindinum; \u00feessa t\u00falkun studdu Toporov og Ivanov.<\/p><p>\u00deri\u00f0ja tilg\u00e1tan tengir nafni\u00f0 vi\u00f0 \u00edranska or\u00f0i\u00f0 \u00abSribag\u00bb (h\u00e1gu\u00f0), l\u00edkt og hj\u00e1 Simargl, sem hefur \u00f3tv\u00edr\u00e6\u00f0ar \u00edranskar r\u00e6tur (Senmurv). \u00deessi \u00edranska tengsl hafa veri\u00f0 til umr\u00e6\u00f0u allt fr\u00e1 t\u00ed\u00f0 Romans Jakobsons, en eru enn deiluefni. Henryk \u0141owmia\u0144ski hafna\u00f0i \u00feeim, en Aleksander Gieysztor telur \u00feau m\u00f6guleg, \u00fe\u00f3tt \u00f3sta\u00f0fest.<\/p>\t\t\t\t\t\t\t\t<\/div>\n\t\t\t\t<\/div>\n\t\t<div class=\"elementor-element elementor-element-01ca290 e-con-full e-flex e-con e-child\" data-id=\"01ca290\" data-element_type=\"container\" data-e-type=\"container\">\n\t\t\t\t<div class=\"elementor-element elementor-element-6aac1ae elementor-widget elementor-widget-heading\" data-id=\"6aac1ae\" data-element_type=\"widget\" data-e-type=\"widget\" data-widget_type=\"heading.default\">\n\t\t\t\t\t<h2 class=\"elementor-heading-title elementor-size-default\">Hlutverk og go\u00f0s\u00f6gn<\/h2>\t\t\t\t<\/div>\n\t\t\t\t<div class=\"elementor-element elementor-element-c5bf63b elementor-widget elementor-widget-text-editor\" data-id=\"c5bf63b\" data-element_type=\"widget\" data-e-type=\"widget\" data-widget_type=\"text-editor.default\">\n\t\t\t\t\t\t\t\t\t<p>Eina hlutverk Stribogs sem er beint sta\u00f0fest er yfirr\u00e1\u00f0 yfir vindunum. \u00dat fr\u00e1 Igorskvi\u00f0u m\u00e1 draga \u00fe\u00e1 \u00e1lyktun a\u00f0 einstakir vindar hafi veri\u00f0 hugsa\u00f0ir sem afkomendur hans, samb\u00e6rilegt vi\u00f0 Anemoi gr\u00edskrar hef\u00f0ar (Boreas, Notos, Zephyros, Euros).<\/p><p>Engin \u00e1kve\u00f0in <span class=\"iwg-fachbegriff\" data-tooltip=\"Munnm\u00e6lasaga um gu\u00f0i, uppruna og skipan heimsins.\" tabindex=\"0\">go\u00f0s\u00f6gn<\/span> um Stribog hefur var\u00f0veist. Boris Rybakov endurger\u00f0i \u00ed \u00abYazychestvo drevnikh slavyan\u00bb (1981) umfangsmikla Stribog-<span class=\"iwg-fachbegriff\" data-tooltip=\"Heild go\u00f0sagna og go\u00f0afr\u00e6\u00f0ilegra fr\u00e1sagna innan menningar.\" tabindex=\"0\">go\u00f0afr\u00e6\u00f0i<\/span>, \u00fear sem hann er s\u00fdndur sem kosm\u00edskur skipuleggjandi vindsins \u00ed \u00e1t\u00f6kum vi\u00f0 Perun; \u00feessi tilg\u00e1ta er umdeild \u00ed dag og ekki almennt vi\u00f0urkennd \u00ed fr\u00e6\u00f0unum.<\/p>\n<p>Al\u00fe\u00fd\u00f0legar pers\u00f3nugervingar einstakra vinda finnast \u00ed austurslavneskri <span class=\"iwg-fachbegriff\" data-tooltip=\"Al\u00fe\u00fd\u00f0umenning sem var\u00f0veitt er \u00ed si\u00f0um, s\u00f6gum og s\u00f6ngvum.\" tabindex=\"0\">\u00fej\u00f3\u00f0tr\u00fa<\/span>: \u00abPosvist\u00bb e\u00f0a \u00abPochvist\u00bb sem har\u00f0ur hvirfilvindur, \u00abVetr\u00bb sem almennur vindur, \u00abVichor\u00bb sem stormvindur. Hvort \u00feessar verur eru bein afkv\u00e6mi Stribogs \u00ed go\u00f0s\u00f6gulegum skilningi e\u00f0a \u00f3h\u00e1\u00f0ar al\u00fe\u00fd\u00f0utr\u00faarmyndir er ekki unnt a\u00f0 skera \u00far um.<\/p>\t\t\t\t\t\t\t\t<\/div>\n\t\t\t\t<\/div>\n\t\t<div class=\"elementor-element elementor-element-1e279f5 e-con-full e-flex e-con e-child\" data-id=\"1e279f5\" data-element_type=\"container\" data-e-type=\"container\">\n\t\t\t\t<div class=\"elementor-element elementor-element-6c672b9 elementor-widget elementor-widget-heading\" data-id=\"6c672b9\" data-element_type=\"widget\" data-e-type=\"widget\" data-widget_type=\"heading.default\">\n\t\t\t\t\t<h2 class=\"elementor-heading-title elementor-size-default\">D\u00fdrkun og tr\u00faari\u00f0kun<\/h2>\t\t\t\t<\/div>\n\t\t\t\t<div class=\"elementor-element elementor-element-9bba8e0 elementor-widget elementor-widget-text-editor\" data-id=\"9bba8e0\" data-element_type=\"widget\" data-e-type=\"widget\" data-widget_type=\"text-editor.default\">\n\t\t\t\t\t\t\t\t\t<p>Engir \u00e1kve\u00f0nir d\u00fdrkunarsta\u00f0ir Stribogs eru fornleifafr\u00e6\u00f0ilega sta\u00f0festir. Eins og allir \u00ed \u00absexmenningah\u00f3pi Vladim\u00edrs\u00bb var go\u00f0amynd hans ey\u00f0il\u00f6g\u00f0 \u00e1ri\u00f0 988 vi\u00f0 kristnit\u00f6ku K\u00e6nugar\u00f0s-R\u00fass.<\/p><p>M\u00f6gulegar leifar d\u00fdrkunar hans lif\u00f0u \u00e1fram \u00ed al\u00fe\u00fd\u00f0uath\u00f6fnum sem eru skjalfestar fram \u00e1 19. \u00f6ld: \u00e1kall til vindsins fyrir sj\u00f3fer\u00f0ir, a\u00f0 kasta mj\u00f6li e\u00f0a brau\u00f0i \u00fat \u00ed vindinn sem <span class=\"iwg-fachbegriff\" data-tooltip=\"Gj\u00f6f til gu\u00f0s e\u00f0a heilagrar veru til a\u00f0 tj\u00e1 \u00feakkl\u00e6ti, b\u00e6n e\u00f0a lotningu.\" tabindex=\"0\">f\u00f3rn<\/span>, \u00e1kallsform\u00falur \u00ed stormi \u00fear sem vindurinn er \u00e1varpa\u00f0ur sem \u00abfa\u00f0ir\u00bb e\u00f0a \u00abafi\u00bb.<\/p><p>Tengsl \u00feessara athafna vi\u00f0 hina s\u00f6guleg Stribog-<span class=\"iwg-fachbegriff\" data-tooltip=\"Heild tr\u00faarlegra athafna til d\u00fdrkunar gu\u00f0s e\u00f0a heilagrar veru.\" tabindex=\"0\">d\u00fdrkun<\/span> eru tilg\u00e1ta, ekki bein s\u00f6nnun.<\/p>\t\t\t\t\t\t\t\t<\/div>\n\t\t\t\t<\/div>\n\t\t<div class=\"elementor-element elementor-element-301aed3 e-con-full e-flex e-con e-child\" data-id=\"301aed3\" data-element_type=\"container\" data-e-type=\"container\">\n\t\t\t\t<div class=\"elementor-element elementor-element-472b14f elementor-widget elementor-widget-heading\" data-id=\"472b14f\" data-element_type=\"widget\" data-e-type=\"widget\" data-widget_type=\"heading.default\">\n\t\t\t\t\t<h2 class=\"elementor-heading-title elementor-size-default\">Tr\u00faarfr\u00e6\u00f0ileg sta\u00f0setning<\/h2>\t\t\t\t<\/div>\n\t\t\t\t<div class=\"elementor-element elementor-element-870bfc3 elementor-widget elementor-widget-text-editor\" data-id=\"870bfc3\" data-element_type=\"widget\" data-e-type=\"widget\" data-widget_type=\"text-editor.default\">\n\t\t\t\t\t\t\t\t\t<p>\u00cd grunninn samsvarar Stribog hlutverkum sem \u00ed \u00f6\u00f0rum go\u00f0aheimum eru falin s\u00e9rst\u00f6kum vindgu\u00f0um: Vayu \u00ed hind\u00faisma, Aeolus \u00ed Grikklandi, Nj\u00f6r\u00f0ur (a\u00f0 hluta) hj\u00e1 Germ\u00f6num.<\/p><p>\u00cd ind\u00f3evr\u00f3pskri samanbur\u00f0ar<span class=\"iwg-fachbegriff\" data-tooltip=\"Heild go\u00f0sagna og go\u00f0afr\u00e6\u00f0ilegra fr\u00e1sagna innan menningar.\" tabindex=\"0\">go\u00f0afr\u00e6\u00f0i<\/span> hefur Vladimir Toporov s\u00e9rstaklega bent \u00e1 hli\u00f0st\u00e6\u00f0una milli Stribogs og Vayu og lagt \u00e1herslu \u00e1 sameiginleg formger\u00f0areinkenni: b\u00e1\u00f0ir eru ekki frumgu\u00f0ir heldur afleiddir yfirgu\u00f0ir, b\u00e1\u00f0ir r\u00e1\u00f0a yfir margbreytileika vindanna, b\u00e1\u00f0ir standa \u00ed formger\u00f0arlegu sambandi vi\u00f0 \u00e6\u00f0sta himingu\u00f0inn (Perun annars vegar, Indra hins vegar).<\/p>\n<p>\u00cd slavneska <span class=\"iwg-fachbegriff\" data-tooltip=\"Heild gu\u00f0a innan tr\u00faarbrag\u00f0a e\u00f0a menningar.\" tabindex=\"0\">go\u00f0aheiminum<\/span> er Stribog eini sj\u00e1lfst\u00e6\u00f0i ve\u00f0urgu\u00f0inn sem ekki fellur saman vi\u00f0 \u00ferumugu\u00f0inn Perun. Me\u00f0an Perun ber \u00e1byrg\u00f0 \u00e1 stormi, \u00ferumuve\u00f0ri og eldingum, n\u00e6r Stribog yfir hi\u00f0 h\u00e6gara fyrirb\u00e6ri st\u00f6\u00f0ugs vinds. \u00deessi a\u00f0greining er athyglisver\u00f0 fr\u00e1 tr\u00faars\u00f6gulegu sj\u00f3narmi\u00f0i og bendir til v\u00edsvitandi skipulags <span class=\"iwg-fachbegriff\" data-tooltip=\"Heild gu\u00f0a innan tr\u00faarbrag\u00f0a e\u00f0a menningar.\" tabindex=\"0\">go\u00f0aheims<\/span>, \u00fear sem n\u00e1tt\u00faru\u00f6flunum var haldi\u00f0 a\u00f0greindum eftir hlutverki.<\/p>\t\t\t\t\t\t\t\t<\/div>\n\t\t\t\t<\/div>\n\t\t<div class=\"elementor-element elementor-element-9f48e2c e-con-full e-flex e-con e-child\" data-id=\"9f48e2c\" data-element_type=\"container\" data-e-type=\"container\">\n\t\t\t\t<div class=\"elementor-element elementor-element-eed9aa9 elementor-widget elementor-widget-heading\" data-id=\"eed9aa9\" data-element_type=\"widget\" data-e-type=\"widget\" data-widget_type=\"heading.default\">\n\t\t\t\t\t<h2 class=\"elementor-heading-title elementor-size-default\">Ranns\u00f3knarsaga<\/h2>\t\t\t\t<\/div>\n\t\t\t\t<div class=\"elementor-element elementor-element-b2a939d elementor-widget elementor-widget-text-editor\" data-id=\"b2a939d\" data-element_type=\"widget\" data-e-type=\"widget\" data-widget_type=\"text-editor.default\">\n\t\t\t\t\t\t\t\t\t<p>Str\u00edbog er einn af \u00feeim gu\u00f0um \u00fear sem ranns\u00f3knir hafa einkennst af grundvallara\u00f0fer\u00f0afr\u00e6\u00f0ilegum spurningum. Aleksander Br\u00fcckner taldi hann einungis b\u00f3kmenntalega aukapers\u00f3nu \u00e1n raunverulegra d\u00fdrkunarr\u00f3tar. Boris Rybakov s\u00e1 \u00ed honum h\u00f6fu\u00f0gu\u00f0 vindsins og endurger\u00f0i heila Str\u00edbog-<span class=\"iwg-fachbegriff\" data-tooltip=\"V\u00edsindaleg fr\u00e6\u00f0igrein um gu\u00f0 og tr\u00fa innan tr\u00faarbrag\u00f0a.\">gu\u00f0fr\u00e6\u00f0i<\/span>; \u00feessi h\u00e1markst\u00falkun \u00feykir \u00ed dag yfirmetin.<\/p><p>Aleksander Gieysztor (\u00abMitologia S\u0142owian\u00bb, 1982) t\u00f3k millig\u00f6ngu afst\u00f6\u00f0u: Str\u00edbog v\u00e6ri s\u00f6gulega sta\u00f0festur sem vindgu\u00f0, en allt anna\u00f0 v\u00e6ri tilg\u00e1tukennt. Henryk \u0141owmia\u0144ski og Ji\u0159\u00ed Dynda fylgja a\u00f0 mestu \u00feessari l\u00ednu.<\/p>\n<p>S\u00e9rst\u00f6k umr\u00e6\u00f0a sn\u00fdst um hvort Str\u00edbog hafi sta\u00f0i\u00f0 \u00ed stigveldistengslum vi\u00f0 Khors e\u00f0a a\u00f0ra gu\u00f0i \u00far sexgu\u00f0ahring Vladim\u00edrs. R\u00f6\u00f0in \u00ed Nestors\u00f6nnunum (Per\u00fan, Khors, Dazhbog, Str\u00edbog, Simargl, Mokosh) m\u00e1 hugsanlega lesa sem stigveldi, en \u00fea\u00f0 er ekki fullv\u00edst.<\/p><p>Mokosh, eina gy\u00f0jan \u00ed h\u00f3pnum, kemur s\u00ed\u00f0ust, sem g\u00e6ti gefi\u00f0 til kynna kynbundi\u00f0 mat; hj\u00e1 karlkyns gu\u00f0unum er stigveldi\u00f0 \u00f3lj\u00f3st.<\/p>\t\t\t\t\t\t\t\t<\/div>\n\t\t\t\t<\/div>\n\t\t<div class=\"elementor-element elementor-element-43b0d9a e-con-full e-flex e-con e-child\" data-id=\"43b0d9a\" data-element_type=\"container\" data-e-type=\"container\">\n\t\t\t\t<div class=\"elementor-element elementor-element-9f8654f elementor-widget elementor-widget-heading\" data-id=\"9f8654f\" data-element_type=\"widget\" data-e-type=\"widget\" data-widget_type=\"heading.default\">\n\t\t\t\t\t<h2 class=\"elementor-heading-title elementor-size-default\">Eftirl\u00edf og n\u00fat\u00edmavi\u00f0t\u00f6kur<\/h2>\t\t\t\t<\/div>\n\t\t\t\t<div class=\"elementor-element elementor-element-3f6724d elementor-widget elementor-widget-text-editor\" data-id=\"3f6724d\" data-element_type=\"widget\" data-e-type=\"widget\" data-widget_type=\"text-editor.default\">\n\t\t\t\t\t\t\t\t\t<p>Eftir kristnit\u00f6ku hvarf Str\u00edbog \u00far opinberum textum. \u00c1 19. \u00f6ld var hann endurfundinn af r\u00f3mant\u00edskri slavneskri \u00fej\u00f3\u00f0fr\u00e6\u00f0i og tengdur vi\u00f0 \u00fej\u00f3\u00f0legar hugmyndir um vind.<\/p><p>\u00cd n\u00fdhei\u00f0nu Rodnoverie-hreyfingunni \u00e1 seinni hluta 20. aldar og fyrri hluta 21. aldar er Str\u00edbog mi\u00f0l\u00e6g pers\u00f3na, oft hugsa\u00f0ur sem br\u00f3\u00f0ir Svarogs og fa\u00f0ir vindanna. \u00deessi n\u00fat\u00edmad\u00fdrkun er tr\u00faars\u00f6gulega n\u00fdsk\u00f6pun; tengsl hennar vi\u00f0 mi\u00f0aldaframkv\u00e6md eru tilb\u00fain.<\/p>\n<p>\u00cd b\u00f3kmenntum og myndlist austurslavneska heimsins hefur Str\u00edbog l\u00e1ti\u00f0 eftir sig h\u00f3gv\u00e6r spor. \u00cd m\u00e1lverkum Vasnetsovs, \u00ed r\u00fassneskri symb\u00f3l\u00edk upphafs 20. aldar og \u00ed \u00fakra\u00ednskum \u00fej\u00f3\u00f0arb\u00f3kmenntum koma fram v\u00edsanir \u00ed hann, og \u00f6\u00f0ru hvoru einnig \u00ed samt\u00edmalegum slavneskum fantas\u00edub\u00f3kmenntum.<\/p>\t\t\t\t\t\t\t\t<\/div>\n\t\t\t\t<\/div>\n\t\t<div class=\"elementor-element elementor-element-d7545d3 e-con-full e-flex e-con e-child\" data-id=\"d7545d3\" data-element_type=\"container\" data-e-type=\"container\">\n\t\t\t\t<div class=\"elementor-element elementor-element-5831d0e elementor-widget elementor-widget-heading\" data-id=\"5831d0e\" data-element_type=\"widget\" data-e-type=\"widget\" data-widget_type=\"heading.default\">\n\t\t\t\t\t<h2 class=\"elementor-heading-title elementor-size-default\">Heimildir<\/h2>\t\t\t\t<\/div>\n\t\t\t\t<div class=\"elementor-element elementor-element-9454144 elementor-widget elementor-widget-text-editor\" data-id=\"9454144\" data-element_type=\"widget\" data-e-type=\"widget\" data-widget_type=\"text-editor.default\">\n\t\t\t\t\t\t\t\t\t<footer class=\"iwg-literatur\"><p>\u00abPovest&#8217; vremennych let\u00bb (Nestors\u00f6nnur), f\u00e6rsla fyrir \u00e1ri\u00f0 980, gagnr\u00fdnin \u00fatg\u00e1fa Dmitrij Lichachev, Moskvu 1950. \u00abSlovo o pluku Igoreve\u00bb (s\u00ed\u00f0la 12. \u00f6ld), \u00fe\u00fd\u00f0ing Dietmar Endler, Leipzig 1971. \u00abRede des hl. Gregorius gegen die Heiden\u00bb og \u00abTolkovaniye nekoego ljubitelja Hrista\u00bb (12. til 14. \u00f6ld).<\/p>\n<p>Aleksander Br\u00fcckner, \u00abMitologia s\u0142owia\u0144ska\u00bb, Krak\u00e1 1918. Aleksander Gieysztor, \u00abMitologia S\u0142owian\u00bb, Varsj\u00e1 1982. Boris Rybakov, \u00abYazychestvo drevnikh slavyan\u00bb, Moskvu 1981 (me\u00f0 fyrirvara).<\/p><p>Vladimir Toporov og Vyacheslav Ivanov, \u00abIssledovaniya v oblasti slavyanskikh drevnostey\u00bb, Moskvu 1974. Henryk \u0141owmia\u0144ski, \u00abReligia S\u0142owian i jej upadek\u00bb, Varsj\u00e1 1979. Roman Jakobson, \u00abSlavic Gods and Demons\u00bb, \u00ed: Selected Writings VII, Berl\u00edn 1985. Ji\u0159\u00ed Dynda, \u00abSlovansk\u00e9 pohanstv\u00ed ve st\u0159edov\u011bk\u00fdch latinsk\u00fdch pramenech\u00bb, Prag 2017. Michael Shkapa og fleiri framl\u00f6g \u00ed \u00abStudia Mythologica Slavica\u00bb, Ljubljana fr\u00e1 1998.<\/p><\/footer>\t\t\t\t\t\t\t\t<\/div>\n\t\t\t\t<\/div>\n\t\t<div class=\"elementor-element elementor-element-a480f43 e-con-full e-flex e-con e-child\" data-id=\"a480f43\" data-element_type=\"container\" data-e-type=\"container\">\n\t\t\t\t<div class=\"elementor-element elementor-element-4bf2d8f elementor-widget elementor-widget-heading\" data-id=\"4bf2d8f\" data-element_type=\"widget\" data-e-type=\"widget\" data-widget_type=\"heading.default\">\n\t\t\t\t\t<h2 class=\"elementor-heading-title elementor-size-default\">Igor-kv\u00e6\u00f0i\u00f0 og vindt\u00e1knmyndin<\/h2>\t\t\t\t<\/div>\n\t\t\t\t<div class=\"elementor-element elementor-element-6d35249 elementor-widget elementor-widget-text-editor\" data-id=\"6d35249\" data-element_type=\"widget\" data-e-type=\"widget\" data-widget_type=\"text-editor.default\">\n\t\t\t\t\t\t\t\t\t<p>\u00abSlovo o pluku Igoreve\u00bb (Kv\u00e6\u00f0i\u00f0 um herfer\u00f0 Igors), sami\u00f0 \u00e1 seinni hluta 12. aldar, er mikilv\u00e6gasta verk fornr\u00fassneskrar sk\u00e1ldskapar og jafnframt ver\u00f0m\u00e6tasta b\u00f3kmenntalega heimildin um austurslavneska gu\u00f0aflokkinn.<\/p><p>\u00cd textanum eru nokkrir gu\u00f0ir nefndir me\u00f0 nafni: Veles sem \u00abVeles-afkomandi\u00bb (fyrir sk\u00e1ldi\u00f0 Bojan), Dazhbog sem forfa\u00f0ir R\u00fasanna, Str\u00edbog sem forfa\u00f0ir vindanna, auk Khors og Trojan. \u00deessar gu\u00f0atilv\u00edsanir eru ekki d\u00fdrkunarlega drifnar, heldur sk\u00e1ldlegar: sk\u00e1ldi\u00f0 notar \u00fe\u00e6r sem myndhv\u00f6rf til a\u00f0 undirstrika hina kosm\u00edsku v\u00eddd atbur\u00f0anna.<\/p>\n<p>Mikilv\u00e6gasta Str\u00edbog-tilv\u00edsunin hlj\u00f3\u00f0ar svo \u00ed \u00fe\u00fd\u00f0ingu Dietmar Endlers: \u00abSj\u00e1, vindarnir, afkomendur Str\u00edbogs, bl\u00e1sa fr\u00e1 hafinu eins og \u00f6rvar \u00e1 hraustar hersveitir Igors.\u00bb Myndhv\u00f6rf \u00ab\u00f6rvanna\u00bb gera vindinn a\u00f0 herna\u00f0arlegu afli sem sn\u00fdst gegn her Igors.<\/p><p>Roman Jakobson lesir \u00feennan sta\u00f0 sem lykilheimild um tr\u00faarlega dj\u00fapger\u00f0 Igor-kv\u00e6\u00f0isins og s\u00fdnir a\u00f0 hi\u00f0 s\u00fdnilega sk\u00e1ldlega myndhvarf eigi r\u00e6tur \u00ed fornkristinni hugmynd um vindana sem gu\u00f0lega hermenn.<\/p>\t\t\t\t\t\t\t\t<\/div>\n\t\t\t\t<\/div>\n\t\t<div class=\"elementor-element elementor-element-d881ad4 e-con-full e-flex e-con e-child\" data-id=\"d881ad4\" data-element_type=\"container\" data-e-type=\"container\">\n\t\t\t\t<div class=\"elementor-element elementor-element-f4ff412 elementor-widget elementor-widget-heading\" data-id=\"f4ff412\" data-element_type=\"widget\" data-e-type=\"widget\" data-widget_type=\"heading.default\">\n\t\t\t\t\t<h2 class=\"elementor-heading-title elementor-size-default\">Spurningin um \u00e1rei\u00f0anleika Igor-kv\u00e6\u00f0isins<\/h2>\t\t\t\t<\/div>\n\t\t\t\t<div class=\"elementor-element elementor-element-0b6023c elementor-widget elementor-widget-text-editor\" data-id=\"0b6023c\" data-element_type=\"widget\" data-e-type=\"widget\" data-widget_type=\"text-editor.default\">\n\t\t\t\t\t\t\t\t\t<p>Mikilv\u00e6g athugasemd vi\u00f0 Str\u00edbog-ranns\u00f3knir var\u00f0ar \u00e1rei\u00f0anleika Igor-kv\u00e6\u00f0isins sj\u00e1lfs. Eina handriti\u00f0 a\u00f0 verkinu fannst \u00ed lok 18. aldar af safnaranum Aleksei Musin-Puskin og brann 1812 \u00ed hinum mikla eldsvo\u00f0a \u00ed Moskvu; a\u00f0eins prenta\u00f0ar \u00fatg\u00e1fur og afrit var\u00f0veittust.<\/p><p>Fr\u00e1 19. \u00f6ld hafa nokkrir slavistar (s\u00ed\u00f0ast Edward L. Keenan, \u00abJosef Dobrovsk\u00fd and the Origins of the Igor&#8217; Tale\u00bb, 2003) haldi\u00f0 fram \u00feeirri tilg\u00e1tu a\u00f0 verki\u00f0 v\u00e6ri f\u00f6lsun fr\u00e1 18. \u00f6ld.<\/p><p>Meirihluti slavistafr\u00e6\u00f0inga (Roman Jakobson, Andrei Zaliznyak \u00ed \u00abSlovo o polku Igoreve. Vzglyad lingvista\u00bb, 2004) ver \u00fe\u00f3 \u00e1rei\u00f0anleika verksins me\u00f0 m\u00e1lv\u00edsindalegum r\u00f6kum.<\/p>\n<p>Yr\u00f0i f\u00f6lsunartilg\u00e1tan ofan \u00e1, \u00feyrfti a\u00f0 endurmeta Str\u00edbog-heimildina \u00e1 n\u00fdjan leik. M\u00e1lv\u00edsindaleg sm\u00e1atri\u00f0agreining Zaliznyaks og annarra hefur \u00fe\u00f3 styrkt \u00e1rei\u00f0anleikaafst\u00f6\u00f0una verulega, \u00feannig a\u00f0 Str\u00edbog-heimildin \u00ed Igor-kv\u00e6\u00f0inu m\u00e1 \u00ed dag telja s\u00f6gulega trausta.<\/p>\t\t\t\t\t\t\t\t<\/div>\n\t\t\t\t<\/div>\n\t\t<div class=\"elementor-element elementor-element-42f8e17 e-con-full e-flex e-con e-child\" data-id=\"42f8e17\" data-element_type=\"container\" data-e-type=\"container\">\n\t\t\t\t<div class=\"elementor-element elementor-element-c161203 elementor-widget elementor-widget-heading\" data-id=\"c161203\" data-element_type=\"widget\" data-e-type=\"widget\" data-widget_type=\"heading.default\">\n\t\t\t\t\t<h2 class=\"elementor-heading-title elementor-size-default\">Kristileg deiluskrif gegn skur\u00f0go\u00f0um<\/h2>\t\t\t\t<\/div>\n\t\t\t\t<div class=\"elementor-element elementor-element-45ddb90 elementor-widget elementor-widget-text-editor\" data-id=\"45ddb90\" data-element_type=\"widget\" data-e-type=\"widget\" data-widget_type=\"text-editor.default\">\n\t\t\t\t\t\t\t\t\t<p>Ver\u00f0m\u00e6t heimild um Str\u00edbog-hef\u00f0ina eru mi\u00f0aldapredikanir og deiluritin gegn hei\u00f0ni. \u00deessir textar hafa \u00fea\u00f0 markmi\u00f0 a\u00f0 hafna g\u00f6mlu gu\u00f0unum, en telja samt\u00edmis upp n\u00f6fn \u00feeirra og hlutverk, og eru \u00feannig \u00f3beinar heimildir um hei\u00f0na framkv\u00e6md.<\/p><p>\u00abRede des heiligen Gregorius \u00fcber die G\u00f6tzenanbetung\u00bb (var\u00f0veitt \u00ed \u00fdmsum handritum fr\u00e1 12. til 14. \u00f6ld) og \u00abTolkovaniye nekoego ljubitelja Hrista\u00bb nefna Str\u00edbog reglulega \u00ed listum yfir banna\u00f0a gu\u00f0i, samhli\u00f0a Per\u00fan, Khors, Mokosh og \u00f6\u00f0rum.<\/p>\n<p>Aleksander Br\u00fcckner og Henryk \u0141owmia\u0144ski hafa haldi\u00f0 \u00fev\u00ed fram a\u00f0 \u00feessar skr\u00e1r s\u00e9u a\u00f0 hluta afskrifa\u00f0ar hver af annarri og teljist \u00fev\u00ed ekki sj\u00e1lfst\u00e6\u00f0ar heimildir. Heimildamat krefst \u00fev\u00ed a\u00f0fer\u00f0afr\u00e6\u00f0ilegrar vark\u00e1rni; einstakir gu\u00f0anafnastrengir g\u00e6tu veri\u00f0 var\u00f0veittir b\u00f3kmenntalega \u00e1n \u00feess a\u00f0 endurspegla nau\u00f0synlega sj\u00e1lfst\u00e6\u00f0a d\u00fdrkunarframkv\u00e6md. Str\u00edbog telst \u00fe\u00f3, vegna umfj\u00f6llunar \u00ed Igor-kv\u00e6\u00f0inu, me\u00f0al \u00feeirra gu\u00f0anafna sem eru betur sta\u00f0fest me\u00f0 heimildum.<\/p>\t\t\t\t\t\t\t\t<\/div>\n\t\t\t\t<\/div>\n\t\t<div class=\"elementor-element elementor-element-15ebb1e e-con-full e-flex e-con e-child\" data-id=\"15ebb1e\" data-element_type=\"container\" data-e-type=\"container\">\n\t\t\t\t<div class=\"elementor-element elementor-element-986b6c5 elementor-widget elementor-widget-heading\" data-id=\"986b6c5\" data-element_type=\"widget\" data-e-type=\"widget\" data-widget_type=\"heading.default\">\n\t\t\t\t\t<h2 class=\"elementor-heading-title elementor-size-default\">Skipulagsleg sta\u00f0a \u00ed slavneska go\u00f0heiminum<\/h2>\t\t\t\t<\/div>\n\t\t\t\t<div class=\"elementor-element elementor-element-a9c788d elementor-widget elementor-widget-text-editor\" data-id=\"a9c788d\" data-element_type=\"widget\" data-e-type=\"widget\" data-widget_type=\"text-editor.default\">\n\t\t\t\t\t\t\t\t\t<p>\u00cd <span class=\"iwg-fachbegriff\" data-tooltip=\"Heild gu\u00f0a innan tr\u00faarbrag\u00f0a e\u00f0a menningar.\" tabindex=\"0\">go\u00f0aheimi<\/span> Vladim\u00edrs skipar Str\u00edbog fj\u00f3r\u00f0a s\u00e6ti\u00f0 (eftir Per\u00fan, Khors og Dazhbog). \u00deessi r\u00f6\u00f0 er hugsanlega stigveldisleg, en g\u00e6ti einnig veri\u00f0 helgisi\u00f0abundin.<\/p><p>Samsetningin Khors-Dazhbog-Str\u00edbog er \u00ed n\u00fdrri ranns\u00f3knum (Ji\u0159\u00ed Dynda) t\u00falku\u00f0 sem virknilegur flokkur \u201ehimin- og ve\u00f0urgu\u00f0a\u201c: Khors sem s\u00f3lsk\u00edfa, Dazhbog sem s\u00f3larkraftur og velmegun, Str\u00edbog sem vind- og ve\u00f0urm\u00e1tt.<\/p><p>\u00deessi \u00ferenning er s\u00f6guleg mikilv\u00e6g v\u00edsbending um a\u00f0 austurslavneskur <span class=\"iwg-fachbegriff\" data-tooltip=\"Heild gu\u00f0a innan tr\u00faarbrag\u00f0a e\u00f0a menningar.\" tabindex=\"0\">go\u00f0aheimur<\/span> K\u00e6nugar\u00f0sr\u00edkisins var skipulag\u00f0ur \u00fat fr\u00e1 virkni, ekki einungis handah\u00f3fskennt safn go\u00f0anafna.<\/p>\n<p>Me\u00f0 Per\u00fan sem \u00ferumugu\u00f0 (\u00e6\u00f0sta s\u00e6ti\u00f0) og Mokosh sem jar\u00f0gy\u00f0ju (aftast \u00e1 listanum, eina gy\u00f0jan) myndar sexgo\u00f0ah\u00f3purinn heild sem n\u00e6r yfir allan heiminn: himinn-\u00feruma-ma\u00f0ur (Per\u00fan), s\u00f3lin \u00ed tveimur birtingarmyndum (Khors, Dazhbog), vindur (Str\u00edbog), framandi <span class=\"iwg-fachbegriff\" data-tooltip=\"Vera sem sameinar einkenni margra l\u00edfvera.\" tabindex=\"0\">blendingsvera<\/span> af \u00edr\u00f6nskum uppruna (Simargl) og j\u00f6r\u00f0-vatn-kona (Mokosh).<\/p><p>\u00deessi bygging gefur Str\u00edbog mikilv\u00e6ga st\u00f6\u00f0u sem br\u00fa milli himinm\u00e1ttanna og jar\u00f0arsvi\u00f0sins.<\/p>\t\t\t\t\t\t\t\t<\/div>\n\t\t\t\t<\/div>\n\t\t<div class=\"elementor-element elementor-element-c9950de e-con-full e-flex e-con e-child\" data-id=\"c9950de\" data-element_type=\"container\" data-e-type=\"container\">\n\t\t\t\t<div class=\"elementor-element elementor-element-100b13b elementor-widget elementor-widget-heading\" data-id=\"100b13b\" data-element_type=\"widget\" data-e-type=\"widget\" data-widget_type=\"heading.default\">\n\t\t\t\t\t<h2 class=\"elementor-heading-title elementor-size-default\">Ind\u00f3evr\u00f3pskar hli\u00f0st\u00e6\u00f0ur<\/h2>\t\t\t\t<\/div>\n\t\t\t\t<div class=\"elementor-element elementor-element-18a41c7 elementor-widget elementor-widget-text-editor\" data-id=\"18a41c7\" data-element_type=\"widget\" data-e-type=\"widget\" data-widget_type=\"text-editor.default\">\n\t\t\t\t\t\t\t\t\t<p>Vladim\u00edr Toporov og Vjatsjeslav Ivanov hafa beitt ind\u00f3evr\u00f3pskri samanbur\u00f0ar-<span class=\"iwg-fachbegriff\" data-tooltip=\"Heild var\u00f0veittra go\u00f0sagna innan menningar.\" tabindex=\"0\">go\u00f0afr\u00e6\u00f0i<\/span> \u00e1 Str\u00edbog. N\u00e1nasta hli\u00f0st\u00e6\u00f0an er vediski Vayu, gu\u00f0 vindsins og l\u00edfsandans. B\u00e1\u00f0ir gu\u00f0irnir eru ekki a\u00f0algu\u00f0ir heldur eru virknilega \u00ed annarri r\u00f6\u00f0, b\u00e1\u00f0ir stj\u00f3rna fj\u00f6lbreytileika vindanna og b\u00e1\u00f0ir hafa hlutverk sendibo\u00f0a og millilanda.<\/p>\n<p>\u00cd gr\u00edska <span class=\"iwg-fachbegriff\" data-tooltip=\"Heild gu\u00f0a innan tr\u00faarbrag\u00f0a e\u00f0a menningar.\" tabindex=\"0\">go\u00f0aheiminum<\/span> samsvara Str\u00edbog vindgu\u00f0irnir Anemoi (fj\u00f3rir a\u00f0alvindarnir Boreas, Notos, Euros, Zephyros) og fa\u00f0ir \u00feeirra Astraios.<\/p><p>\u00cd germ\u00f6nskum <span class=\"iwg-fachbegriff\" data-tooltip=\"Heild gu\u00f0a innan tr\u00faarbrag\u00f0a e\u00f0a menningar.\" tabindex=\"0\">go\u00f0aheimi<\/span> hefur engin einst\u00f6k vera samb\u00e6rilegt hlutverk; vindarnir eru a\u00f0 hluta tengdir \u00d3\u00f0ni (sem stormgu\u00f0i \u00d3skavei\u00f0anna), a\u00f0 hluta Nj\u00f6r\u00f0i (sem hafvindi). Slavneska hlutverk s\u00e9rstaks vindgu\u00f0s er \u00fear me\u00f0 nokku\u00f0 sk\u00fdrt s\u00e9rkenni innan hins ind\u00f3evr\u00f3pska go\u00f0afl\u00f3kans.<\/p>\t\t\t\t\t\t\t\t<\/div>\n\t\t\t\t<\/div>\n\t\t<div class=\"elementor-element elementor-element-683b3a8 e-con-full e-flex e-con e-child\" data-id=\"683b3a8\" data-element_type=\"container\" data-e-type=\"container\">\n\t\t\t\t<div class=\"elementor-element elementor-element-ec45860 elementor-widget elementor-widget-heading\" data-id=\"ec45860\" data-element_type=\"widget\" data-e-type=\"widget\" data-widget_type=\"heading.default\">\n\t\t\t\t\t<h2 class=\"elementor-heading-title elementor-size-default\">Stormatr\u00fa almennings og minning um Str\u00edbog<\/h2>\t\t\t\t<\/div>\n\t\t\t\t<div class=\"elementor-element elementor-element-2154b2f elementor-widget elementor-widget-text-editor\" data-id=\"2154b2f\" data-element_type=\"widget\" data-e-type=\"widget\" data-widget_type=\"text-editor.default\">\n\t\t\t\t\t\t\t\t\t<p>\u00cd austurslavneskri almenningstr\u00fa hafa var\u00f0veist merki um stormatr\u00fa sem rannsakendur tengja stundum vi\u00f0 hinn forna Str\u00edbog-flokk. Pers\u00f3nurnar Pochvist (h\u00f6rkuvindur), Vetr (almennur vindur), Vichor (hvirfilbylur) og Bujnik (stormvindur) koma fram \u00ed r\u00fassneskum, \u00fakra\u00ednskum og hv\u00edtr\u00fassneskum s\u00f6gum.<\/p><p>\u00de\u00e6r eru a\u00f0 hluta pers\u00f3nuger\u00f0ar, a\u00f0 hluta t\u00falka\u00f0ar sem rei\u00f0ir andar sem vari\u00f0 er gegn me\u00f0 helgisi\u00f0a\u00f6fugsn\u00faningi (fara \u00ed sk\u00f3 \u00f6fugt, sp\u00fdta gegn vindi).<\/p>\n<p>\u00cd langvarandi stormum e\u00f0a \u00feegar uppskeran var \u00ed h\u00e6ttu vegna \u00feurrka e\u00f0a stormvinda var \u00e1 sumum sv\u00e6\u00f0um brau\u00f0i, salti og hveiti kasta\u00f0 \u00fat \u00ed vindinn e\u00f0a lagt vi\u00f0 akurja\u00f0arinn.<\/p><p>\u00deessar athafnir eru skjalfestar \u00ed \u00fej\u00f3\u00f0fr\u00e6\u00f0is\u00f6fnum 19. aldar (Sergej Maksimov, Vladim\u00edr Dahl) og benda til \u00e1framhaldandi tr\u00faarlegrar vir\u00f0ingar fyrir vindm\u00e6ttinum, jafnvel \u00fe\u00f3tt nafni\u00f0 Str\u00edbog hef\u00f0i fyrir l\u00f6ngu horfi\u00f0 \u00far virkri notkun.<\/p>\t\t\t\t\t\t\t\t<\/div>\n\t\t\t\t<\/div>\n\t\t<div class=\"elementor-element elementor-element-9886406 e-con-full e-flex e-con e-child\" data-id=\"9886406\" data-element_type=\"container\" data-e-type=\"container\">\n\t\t\t\t<div class=\"elementor-element elementor-element-4e7e07c elementor-widget elementor-widget-heading\" data-id=\"4e7e07c\" data-element_type=\"widget\" data-e-type=\"widget\" data-widget_type=\"heading.default\">\n\t\t\t\t\t<h2 class=\"elementor-heading-title elementor-size-default\">Str\u00edbog \u00ed n\u00fat\u00edmat\u00falkun<\/h2>\t\t\t\t<\/div>\n\t\t\t\t<div class=\"elementor-element elementor-element-3bbc449 elementor-widget elementor-widget-text-editor\" data-id=\"3bbc449\" data-element_type=\"widget\" data-e-type=\"widget\" data-widget_type=\"text-editor.default\">\n\t\t\t\t\t\t\t\t\t<p>\u00cd austurslavneskri symb\u00f3listahreyfingu \u00ed upphafi 20. aldar f\u00e6r Str\u00edbog b\u00f3kmenntalega endurfundi. Konstant\u00edn Balmont, Andrej Bely og \u00f6nnur sk\u00e1ld v\u00edsa til hans sem <span class=\"iwg-fachbegriff\" data-tooltip=\"T\u00e1kn sem stendur fyrir hugmynd e\u00f0a merkingu.\" tabindex=\"0\">t\u00e1kns<\/span> fyrir frumst\u00e6\u00f0an vind- og stormkraft. \u00cd \u00fakra\u00ednskum \u00fej\u00f3\u00f0arb\u00f3kmenntum 19. og 20. aldar er hann \u00f6\u00f0ru hvoru til sta\u00f0ar, \u00e1n \u00feess a\u00f0 n\u00e1 mikilv\u00e6gi Dazhbogs.<\/p>\n<p>\u00cd n\u00fat\u00edma Rodnoverie-hreyfingunni telst Str\u00edbog til vi\u00f0urkenndra h\u00f6fu\u00f0gu\u00f0a \u00ed endurger\u00f0um go\u00f0aheimi. <span class=\"iwg-fachbegriff\" data-tooltip=\"F\u00f6st skipan gu\u00f0sd\u00fdrkunar innan tr\u00faarsamf\u00e9lags.\" tabindex=\"0\">Helgisi\u00f0irnir<\/span> tengja vind\u00e1kall vi\u00f0 n\u00e1tt\u00faruvernd og umhverfislega andlega i\u00f0kun.<\/p><p>\u00cd samt\u00edmab\u00f3kmenntum af fantas\u00eduger\u00f0 (s\u00e9rstaklega hj\u00e1 Andrzej Sapkowski og Mar\u00edu Semjonovu) er Str\u00edbog endurtekin pers\u00f3na \u00ed slavneska <span class=\"iwg-fachbegriff\" data-tooltip=\"Var\u00f0veitt \u00fej\u00f3\u00f0menning me\u00f0 si\u00f0um, s\u00f6gum og s\u00f6ngvum.\" tabindex=\"0\">\u00fej\u00f3\u00f0sagnaheiminum<\/span>. \u00deessa n\u00fat\u00edmat\u00falkun ber a\u00f0 sko\u00f0a tr\u00faars\u00f6gulega sem n\u00fdsk\u00f6pun, ekki sem \u00e1framhald \u00f3slitinnar hef\u00f0ar.<\/p>\t\t\t\t\t\t\t\t<\/div>\n\t\t\t\t<\/div>\n\t\t<div class=\"elementor-element elementor-element-5e65f59 e-con-full e-flex e-con e-child\" data-id=\"5e65f59\" data-element_type=\"container\" data-e-type=\"container\">\n\t\t\t\t<div class=\"elementor-element elementor-element-33b792e elementor-widget elementor-widget-heading\" data-id=\"33b792e\" data-element_type=\"widget\" data-e-type=\"widget\" data-widget_type=\"heading.default\">\n\t\t\t\t\t<h2 class=\"elementor-heading-title elementor-size-default\">Pers\u00f3nugervingar vindanna \u00ed \u00fej\u00f3\u00f0s\u00f6gum<\/h2>\t\t\t\t<\/div>\n\t\t\t\t<div class=\"elementor-element elementor-element-b5e1817 elementor-widget elementor-widget-text-editor\" data-id=\"b5e1817\" data-element_type=\"widget\" data-e-type=\"widget\" data-widget_type=\"text-editor.default\">\n\t\t\t\t\t\t\t\t\t<p>\u00de\u00f3tt Str\u00edbog sj\u00e1lfur s\u00e9 varla greinanlegur \u00ed mi\u00f0aldahef\u00f0inni \u00feekkir austurslavneska almenningstr\u00fain fj\u00f6lda pers\u00f3nuger\u00f0ra vindvera sem Toporov og Ivanov t\u00falka sem \u201eafkomendur\u201c hans.<\/p><p>Pochvist (einnig Posvist) er ofsafenginn vindm\u00e1ttur, oft hugsa\u00f0ur sem nor\u00f0l\u00e6gur e\u00f0a austl\u00e6gur, og birtist \u00ed r\u00fassneskum \u00fej\u00f3\u00f0s\u00f6gum oft sem gamall ma\u00f0ur me\u00f0 hv\u00edtt skegg og bl\u00e1 augu.<\/p><p>Vetr er almenni vindurinn, minna pers\u00f3nuger\u00f0ur en oft \u00e1varpa\u00f0ur \u00ed b\u00e6nak\u00f6llum b\u00e6nda. Vichor (\u201ehvirfilvindur\u201c) er s\u00e1 vindur sem mest er hr\u00e6\u00f0st, hugsa\u00f0ur sem dj\u00f6fullegur og talinn flytja nornir, hina dau\u00f0u e\u00f0a a\u00f0rar handanheimsverur.<\/p>\n<p>\u00deessar pers\u00f3nugervingar vindanna eru vel skjalfestar \u00ed \u00fej\u00f3\u00f0h\u00e1ttafr\u00e6\u00f0i. Sergej Maksimov, Dmitr\u00edj Zelen\u00edn og Aleksander Afanasjev s\u00f6fnu\u00f0u hundru\u00f0um \u00e1kalla, sagna og b\u00e6ndaathafna \u00fear sem vindarnir birtast sem pers\u00f3nulegar verur.<\/p><p>\u00cd stormum var vindurinn \u00e1kalla\u00f0ur me\u00f0 \u00fev\u00ed a\u00f0 sp\u00fdta \u201egegn vindinum\u201c (\u00f6fugsn\u00fain ath\u00f6fn) e\u00f0a me\u00f0 \u00fev\u00ed a\u00f0 kasta brau\u00f0i og salti \u00fat \u00ed vindinn. \u00c1\u00f0ur en lagt var \u00ed sj\u00f3fer\u00f0ir e\u00f0a unnin mikilv\u00e6g akurvinna var vindurinn \u00e1varpa\u00f0ur beint og be\u00f0inn um velvild.<\/p>\t\t\t\t\t\t\t\t<\/div>\n\t\t\t\t<\/div>\n\t\t<div class=\"elementor-element elementor-element-9c5c85f e-con-full e-flex e-con e-child\" data-id=\"9c5c85f\" data-element_type=\"container\" data-e-type=\"container\">\n\t\t\t\t<div class=\"elementor-element elementor-element-74a3d78 elementor-widget elementor-widget-heading\" data-id=\"74a3d78\" data-element_type=\"widget\" data-e-type=\"widget\" data-widget_type=\"heading.default\">\n\t\t\t\t\t<h2 class=\"elementor-heading-title elementor-size-default\">Vindur og dau\u00f0i: undirheimalegir \u00fe\u00e6ttir<\/h2>\t\t\t\t<\/div>\n\t\t\t\t<div class=\"elementor-element elementor-element-9251f89 elementor-widget elementor-widget-text-editor\" data-id=\"9251f89\" data-element_type=\"widget\" data-e-type=\"widget\" data-widget_type=\"text-editor.default\">\n\t\t\t\t\t\t\t\t\t<p>Dekkari hli\u00f0 \u00e1 Stribog-hef\u00f0inni sn\u00fdr a\u00f0 tengslum vindsins vi\u00f0 dau\u00f0ann. \u00cd austurslavneskri \u00fej\u00f3\u00f0tr\u00fa eru s\u00e9rstaklega h\u00f6r\u00f0 \u00f3ve\u00f0ur (\u00abbujnyj veter\u00bb) oft talin merki \u00feess a\u00f0 \u00ab\u00f3hreinu m\u00e1ttarv\u00f6ldin\u00bb (hinir d\u00e1nu, nornir, vatnav\u00e6ttir) s\u00e9u \u00e1 ferli.<\/p><p>\u00cd \u00abSlovo o pluku Igoreve\u00bb birtast vindarnir sem \u00f6rvar sem tort\u00edma her Igors; \u00feessi herna\u00f0arlega tenging kemur einnig fram \u00ed <span class=\"iwg-fachbegriff\" data-tooltip=\"Hef\u00f0bundin \u00fej\u00f3\u00f0menning me\u00f0 si\u00f0um, s\u00f6gum og s\u00f6ngvum.\" tabindex=\"0\">\u00fej\u00f3\u00f0tr\u00fanni<\/span>. Skyndilegir hvirfilbyljir sem f\u00e9llu \u00e1 h\u00fas e\u00f0a tr\u00e9 voru me\u00f0h\u00f6ndla\u00f0ir me\u00f0 s\u00e9rst\u00f6kum <span class=\"iwg-fachbegriff\" data-tooltip=\"T\u00f6fra- e\u00f0a kirkjuleg \u00fatsk\u00fafun; einnig binding m\u00e1ttar me\u00f0 form\u00falu.\" tabindex=\"0\">banni<\/span>-form\u00falum.<\/p>\n<p>Boris Uspenskij hefur \u00ed \u00abFilologicheskie razyskanija\u00bb sett fram \u00fe\u00e1 kenningu a\u00f0 austurslavneska vind-<span class=\"iwg-fachbegriff\" data-tooltip=\"Fr\u00e6\u00f0ileg kenning um gu\u00f0 og tr\u00fa innan tr\u00faarbrag\u00f0a.\" tabindex=\"0\">gu\u00f0fr\u00e6\u00f0in<\/span> hafi tv\u00f6 l\u00f6g: \u00ablj\u00f3san\u00bb vindflokk (svala golu, milt ve\u00f0ur, gr\u00f3skumikla vinda), sem tilheyr\u00f0i h\u00f6fu\u00f0gu\u00f0inum Stribog, og \u00abd\u00f6kkan\u00bb vindflokk (\u00f3ve\u00f0ur, hvirfilbylji, h\u00e6ttulega vinda), sem heyr\u00f0i til svi\u00f0s \u00f3hreinu m\u00e1ttarvaldanna.<\/p>\t\t\t\t\t\t\t\t<\/div>\n\t\t\t\t<\/div>\n\t\t\t\t\t<\/div>\n\t\t\t\t<\/div>\n\t\t\t\t<\/div>\n\t\t","protected":false},"excerpt":{"rendered":"","protected":false},"author":3,"featured_media":3268,"parent":0,"menu_order":0,"comment_status":"closed","ping_status":"closed","template":"elementor_header_footer","meta":{"_yoast_wpseo_focuskw":"Stribog","_yoast_wpseo_title":"Stribog \u2013 slavneskur vindgu\u00f0 | iWell Guard","_yoast_wpseo_metadesc":"Stribog er slavneskur gu\u00f0 vindsins, storma og lofthj\u00fapsins. Afi vindanna \u00ed Igorskvi\u00f0u. Go\u00f0s\u00f6gn, Vladim\u00edr-go\u00f0aheimurinn og merking.","_yoast_wpseo_meta-robots-noindex":"","_yoast_wpseo_canonical":"","_angie_page":false,"gefaehrdungsstufe":"","wesen_kultur":"","wesen_klasse":"","footnotes":""},"categories":[],"class_list":["post-169089","page","type-page","status-publish","has-post-thumbnail","hentry"],"yoast_head":"<!-- This site is optimized with the Yoast SEO Premium plugin v27.7 (Yoast SEO v28.3) - https:\/\/yoast.com\/product\/yoast-seo-premium-wordpress\/ -->\n<title>Stribog \u2013 slavneskur vindgu\u00f0 | iWell Guard<\/title>\n<meta name=\"description\" content=\"Stribog er slavneskur gu\u00f0 vindsins, storma og lofthj\u00fapsins. Afi vindanna \u00ed Igorskvi\u00f0u. Go\u00f0s\u00f6gn, Vladim\u00edr-go\u00f0aheimurinn og merking.\" \/>\n<meta name=\"robots\" content=\"index, follow, max-snippet:-1, max-image-preview:large, max-video-preview:-1\" \/>\n<link rel=\"canonical\" href=\"https:\/\/iwell-guard.com\/is\/stribog\/\" \/>\n<meta property=\"og:locale\" content=\"is_IS\" \/>\n<meta property=\"og:type\" content=\"article\" \/>\n<meta property=\"og:title\" content=\"Stribog\" \/>\n<meta property=\"og:description\" content=\"Stribog er slavneskur gu\u00f0 vindsins, storma og lofthj\u00fapsins. Afi vindanna \u00ed Igorskvi\u00f0u. Go\u00f0s\u00f6gn, Vladim\u00edr-go\u00f0aheimurinn og merking.\" \/>\n<meta property=\"og:url\" content=\"https:\/\/iwell-guard.com\/is\/stribog\/\" \/>\n<meta property=\"og:site_name\" content=\"iWell Guard\" \/>\n<meta property=\"article:modified_time\" content=\"2026-09-05T14:32:00+00:00\" \/>\n<meta property=\"og:image\" content=\"https:\/\/iwell-guard.com\/wp-content\/uploads\/2026\/05\/goetter_slawisch_stribog.webp\" \/>\n\t<meta property=\"og:image:width\" content=\"1024\" \/>\n\t<meta property=\"og:image:height\" content=\"1536\" \/>\n\t<meta property=\"og:image:type\" content=\"image\/webp\" \/>\n<meta name=\"twitter:card\" content=\"summary_large_image\" \/>\n<script type=\"application\/ld+json\" class=\"yoast-schema-graph\">{\"@context\":\"https:\\\/\\\/schema.org\",\"@graph\":[{\"@type\":\"WebPage\",\"@id\":\"https:\\\/\\\/iwell-guard.com\\\/is\\\/stribog\\\/\",\"url\":\"https:\\\/\\\/iwell-guard.com\\\/is\\\/stribog\\\/\",\"name\":\"Stribog \u2013 slavneskur vindgu\u00f0 | iWell Guard\",\"isPartOf\":{\"@id\":\"https:\\\/\\\/iwell-guard.com\\\/is\\\/#website\"},\"primaryImageOfPage\":{\"@id\":\"https:\\\/\\\/iwell-guard.com\\\/is\\\/stribog\\\/#primaryimage\"},\"image\":{\"@id\":\"https:\\\/\\\/iwell-guard.com\\\/is\\\/stribog\\\/#primaryimage\"},\"thumbnailUrl\":\"https:\\\/\\\/iwell-guard.com\\\/wp-content\\\/uploads\\\/2026\\\/05\\\/goetter_slawisch_stribog.webp\",\"datePublished\":\"2026-09-05T14:05:29+00:00\",\"dateModified\":\"2026-09-05T14:32:00+00:00\",\"description\":\"Stribog er slavneskur gu\u00f0 vindsins, storma og lofthj\u00fapsins. Afi vindanna \u00ed Igorskvi\u00f0u. Go\u00f0s\u00f6gn, Vladim\u00edr-go\u00f0aheimurinn og merking.\",\"breadcrumb\":{\"@id\":\"https:\\\/\\\/iwell-guard.com\\\/is\\\/stribog\\\/#breadcrumb\"},\"inLanguage\":\"is\",\"potentialAction\":[{\"@type\":\"ReadAction\",\"target\":[\"https:\\\/\\\/iwell-guard.com\\\/is\\\/stribog\\\/\"]}]},{\"@type\":\"ImageObject\",\"inLanguage\":\"is\",\"@id\":\"https:\\\/\\\/iwell-guard.com\\\/is\\\/stribog\\\/#primaryimage\",\"url\":\"https:\\\/\\\/iwell-guard.com\\\/wp-content\\\/uploads\\\/2026\\\/05\\\/goetter_slawisch_stribog.webp\",\"contentUrl\":\"https:\\\/\\\/iwell-guard.com\\\/wp-content\\\/uploads\\\/2026\\\/05\\\/goetter_slawisch_stribog.webp\",\"width\":1024,\"height\":1536,\"caption\":\"Gu\u00f0ir \u00far slavneskri hef\u00f0.\"},{\"@type\":\"BreadcrumbList\",\"@id\":\"https:\\\/\\\/iwell-guard.com\\\/is\\\/stribog\\\/#breadcrumb\",\"itemListElement\":[{\"@type\":\"ListItem\",\"position\":1,\"name\":\"Start\",\"item\":\"https:\\\/\\\/iwell-guard.com\\\/is\\\/?page_id=168580\"},{\"@type\":\"ListItem\",\"position\":2,\"name\":\"Stribog\"}]},{\"@type\":\"WebSite\",\"@id\":\"https:\\\/\\\/iwell-guard.com\\\/is\\\/#website\",\"url\":\"https:\\\/\\\/iwell-guard.com\\\/is\\\/\",\"name\":\"iWell Guard\",\"description\":\"Schutz vor dunklen Einfl\u00fcssen\",\"publisher\":{\"@id\":\"https:\\\/\\\/iwell-guard.com\\\/is\\\/#organization\"},\"potentialAction\":[{\"@type\":\"SearchAction\",\"target\":{\"@type\":\"EntryPoint\",\"urlTemplate\":\"https:\\\/\\\/iwell-guard.com\\\/is\\\/?s={search_term_string}\"},\"query-input\":{\"@type\":\"PropertyValueSpecification\",\"valueRequired\":true,\"valueName\":\"search_term_string\"}}],\"inLanguage\":\"is\"},{\"@type\":\"Organization\",\"@id\":\"https:\\\/\\\/iwell-guard.com\\\/is\\\/#organization\",\"name\":\"Ittermann electronic GmbH\",\"url\":\"https:\\\/\\\/iwell-guard.com\\\/is\\\/\",\"logo\":{\"@type\":\"ImageObject\",\"inLanguage\":\"is\",\"@id\":\"https:\\\/\\\/iwell-guard.com\\\/is\\\/#\\\/schema\\\/logo\\\/image\\\/\",\"url\":\"https:\\\/\\\/iwell-guard.com\\\/wp-content\\\/uploads\\\/2026\\\/05\\\/Ittermann-Logo-1182x237-1.png\",\"contentUrl\":\"https:\\\/\\\/iwell-guard.com\\\/wp-content\\\/uploads\\\/2026\\\/05\\\/Ittermann-Logo-1182x237-1.png\",\"width\":1182,\"height\":237,\"caption\":\"Ittermann electronic GmbH\"},\"image\":{\"@id\":\"https:\\\/\\\/iwell-guard.com\\\/is\\\/#\\\/schema\\\/logo\\\/image\\\/\"},\"sameAs\":[\"https:\\\/\\\/pantip.com\\\/profile\\\/9367242\",\"https:\\\/\\\/micro.blog\\\/iwellguard\",\"https:\\\/\\\/www.diggerslist.com\\\/iwellguard\\\/about\",\"https:\\\/\\\/skitterphoto.com\\\/photographers\\\/2870314\\\/iwell-guard\",\"https:\\\/\\\/iwellguard.wordpress.com\\\/2026\\\/06\\\/06\\\/iwell-guard\\\/\",\"https:\\\/\\\/hub.docker.com\\\/u\\\/iwellguard\",\"https:\\\/\\\/www.pinterest.com\\\/iwellguard\\\/\",\"https:\\\/\\\/bit.ly\\\/m\\\/iwellguard\",\"https:\\\/\\\/entre-vos-mains.alsace.eu\\\/profiles\\\/iwellguard\\\/activity\",\"https:\\\/\\\/gravatar.com\\\/reallybeded8fd34\",\"https:\\\/\\\/naijamatta.com\\\/iwellguard\",\"https:\\\/\\\/www.goodreads.com\\\/iwellguard\",\"https:\\\/\\\/profile.hatena.ne.jp\\\/iwellguard\\\/\",\"https:\\\/\\\/experiment.com\\\/users\\\/iwellguard\",\"https:\\\/\\\/wakelet.com\\\/@iWellGuard82270\",\"https:\\\/\\\/www.chordie.com\\\/forum\\\/profile.php?id=2555664\",\"https:\\\/\\\/www.instapaper.com\\\/p\\\/17757966\",\"https:\\\/\\\/www.mapleprimes.com\\\/users\\\/iwellguard\",\"https:\\\/\\\/businesslistingplus.com\\\/profile\\\/iwell-guard\\\/\",\"https:\\\/\\\/telegra.ph\\\/iWell-Guard-06-06\",\"https:\\\/\\\/pbase.com\\\/iwellguard\\\/iwellguard\",\"https:\\\/\\\/b.hatena.ne.jp\\\/iwellguard\\\/20260607#bookmark-4788405196491818882\",\"https:\\\/\\\/fliphtml5.com\\\/home\\\/iwellguard\",\"https:\\\/\\\/anyflip.com\\\/homepage\\\/cmiwl#About\",\"https:\\\/\\\/transfur.com\\\/Users\\\/iwellguard\",\"http:\\\/\\\/delphi.larsbo.org\\\/user\\\/iwellguard\",\"https:\\\/\\\/jobs.lajobsportal.org\\\/profiles\\\/8380803-iwell-guard\",\"https:\\\/\\\/md.chaosdorf.de\\\/s\\\/jfbe5SBdJD\",\"https:\\\/\\\/www.lingvolive.com\\\/en-us\\\/profile\\\/9ecaeaca-ce11-4e51-9e71-01d55e2bff36\\\/translations\",\"https:\\\/\\\/www.fitday.com\\\/fitness\\\/forums\\\/members\\\/iwellguard.html\",\"https:\\\/\\\/www.mymeetbook.com\\\/iwellguard\",\"https:\\\/\\\/pxhere.com\\\/en\\\/photographer-me\\\/5040798\",\"https:\\\/\\\/disqus.com\\\/by\\\/iwellguard\\\/about\\\/\",\"https:\\\/\\\/pastelink.net\\\/hjwciqwq\",\"https:\\\/\\\/pubhtml5.com\\\/homepage\\\/scjhn\\\/\",\"https:\\\/\\\/www.bitchute.com\\\/channel\\\/2O2eOKzNqujT\",\"https:\\\/\\\/audiomack.com\\\/iwellguard\"]}]}<\/script>\n<!-- \/ Yoast SEO Premium plugin. -->","yoast_head_json":{"title":"Stribog \u2013 slavneskur vindgu\u00f0 | iWell Guard","description":"Stribog er slavneskur gu\u00f0 vindsins, storma og lofthj\u00fapsins. Afi vindanna \u00ed Igorskvi\u00f0u. Go\u00f0s\u00f6gn, Vladim\u00edr-go\u00f0aheimurinn og merking.","robots":{"index":"index","follow":"follow","max-snippet":"max-snippet:-1","max-image-preview":"max-image-preview:large","max-video-preview":"max-video-preview:-1"},"canonical":"https:\/\/iwell-guard.com\/is\/stribog\/","og_locale":"is_IS","og_type":"article","og_title":"Stribog","og_description":"Stribog er slavneskur gu\u00f0 vindsins, storma og lofthj\u00fapsins. Afi vindanna \u00ed Igorskvi\u00f0u. Go\u00f0s\u00f6gn, Vladim\u00edr-go\u00f0aheimurinn og merking.","og_url":"https:\/\/iwell-guard.com\/is\/stribog\/","og_site_name":"iWell Guard","article_modified_time":"2026-09-05T14:32:00+00:00","og_image":[{"width":1024,"height":1536,"url":"https:\/\/iwell-guard.com\/wp-content\/uploads\/2026\/05\/goetter_slawisch_stribog.webp","type":"image\/webp"}],"twitter_card":"summary_large_image","schema":{"@context":"https:\/\/schema.org","@graph":[{"@type":"WebPage","@id":"https:\/\/iwell-guard.com\/is\/stribog\/","url":"https:\/\/iwell-guard.com\/is\/stribog\/","name":"Stribog \u2013 slavneskur vindgu\u00f0 | iWell Guard","isPartOf":{"@id":"https:\/\/iwell-guard.com\/is\/#website"},"primaryImageOfPage":{"@id":"https:\/\/iwell-guard.com\/is\/stribog\/#primaryimage"},"image":{"@id":"https:\/\/iwell-guard.com\/is\/stribog\/#primaryimage"},"thumbnailUrl":"https:\/\/iwell-guard.com\/wp-content\/uploads\/2026\/05\/goetter_slawisch_stribog.webp","datePublished":"2026-09-05T14:05:29+00:00","dateModified":"2026-09-05T14:32:00+00:00","description":"Stribog er slavneskur gu\u00f0 vindsins, storma og lofthj\u00fapsins. Afi vindanna \u00ed Igorskvi\u00f0u. Go\u00f0s\u00f6gn, Vladim\u00edr-go\u00f0aheimurinn og merking.","breadcrumb":{"@id":"https:\/\/iwell-guard.com\/is\/stribog\/#breadcrumb"},"inLanguage":"is","potentialAction":[{"@type":"ReadAction","target":["https:\/\/iwell-guard.com\/is\/stribog\/"]}]},{"@type":"ImageObject","inLanguage":"is","@id":"https:\/\/iwell-guard.com\/is\/stribog\/#primaryimage","url":"https:\/\/iwell-guard.com\/wp-content\/uploads\/2026\/05\/goetter_slawisch_stribog.webp","contentUrl":"https:\/\/iwell-guard.com\/wp-content\/uploads\/2026\/05\/goetter_slawisch_stribog.webp","width":1024,"height":1536,"caption":"Gu\u00f0ir \u00far slavneskri hef\u00f0."},{"@type":"BreadcrumbList","@id":"https:\/\/iwell-guard.com\/is\/stribog\/#breadcrumb","itemListElement":[{"@type":"ListItem","position":1,"name":"Start","item":"https:\/\/iwell-guard.com\/is\/?page_id=168580"},{"@type":"ListItem","position":2,"name":"Stribog"}]},{"@type":"WebSite","@id":"https:\/\/iwell-guard.com\/is\/#website","url":"https:\/\/iwell-guard.com\/is\/","name":"iWell Guard","description":"Schutz vor dunklen Einfl\u00fcssen","publisher":{"@id":"https:\/\/iwell-guard.com\/is\/#organization"},"potentialAction":[{"@type":"SearchAction","target":{"@type":"EntryPoint","urlTemplate":"https:\/\/iwell-guard.com\/is\/?s={search_term_string}"},"query-input":{"@type":"PropertyValueSpecification","valueRequired":true,"valueName":"search_term_string"}}],"inLanguage":"is"},{"@type":"Organization","@id":"https:\/\/iwell-guard.com\/is\/#organization","name":"Ittermann electronic GmbH","url":"https:\/\/iwell-guard.com\/is\/","logo":{"@type":"ImageObject","inLanguage":"is","@id":"https:\/\/iwell-guard.com\/is\/#\/schema\/logo\/image\/","url":"https:\/\/iwell-guard.com\/wp-content\/uploads\/2026\/05\/Ittermann-Logo-1182x237-1.png","contentUrl":"https:\/\/iwell-guard.com\/wp-content\/uploads\/2026\/05\/Ittermann-Logo-1182x237-1.png","width":1182,"height":237,"caption":"Ittermann electronic GmbH"},"image":{"@id":"https:\/\/iwell-guard.com\/is\/#\/schema\/logo\/image\/"},"sameAs":["https:\/\/pantip.com\/profile\/9367242","https:\/\/micro.blog\/iwellguard","https:\/\/www.diggerslist.com\/iwellguard\/about","https:\/\/skitterphoto.com\/photographers\/2870314\/iwell-guard","https:\/\/iwellguard.wordpress.com\/2026\/06\/06\/iwell-guard\/","https:\/\/hub.docker.com\/u\/iwellguard","https:\/\/www.pinterest.com\/iwellguard\/","https:\/\/bit.ly\/m\/iwellguard","https:\/\/entre-vos-mains.alsace.eu\/profiles\/iwellguard\/activity","https:\/\/gravatar.com\/reallybeded8fd34","https:\/\/naijamatta.com\/iwellguard","https:\/\/www.goodreads.com\/iwellguard","https:\/\/profile.hatena.ne.jp\/iwellguard\/","https:\/\/experiment.com\/users\/iwellguard","https:\/\/wakelet.com\/@iWellGuard82270","https:\/\/www.chordie.com\/forum\/profile.php?id=2555664","https:\/\/www.instapaper.com\/p\/17757966","https:\/\/www.mapleprimes.com\/users\/iwellguard","https:\/\/businesslistingplus.com\/profile\/iwell-guard\/","https:\/\/telegra.ph\/iWell-Guard-06-06","https:\/\/pbase.com\/iwellguard\/iwellguard","https:\/\/b.hatena.ne.jp\/iwellguard\/20260607#bookmark-4788405196491818882","https:\/\/fliphtml5.com\/home\/iwellguard","https:\/\/anyflip.com\/homepage\/cmiwl#About","https:\/\/transfur.com\/Users\/iwellguard","http:\/\/delphi.larsbo.org\/user\/iwellguard","https:\/\/jobs.lajobsportal.org\/profiles\/8380803-iwell-guard","https:\/\/md.chaosdorf.de\/s\/jfbe5SBdJD","https:\/\/www.lingvolive.com\/en-us\/profile\/9ecaeaca-ce11-4e51-9e71-01d55e2bff36\/translations","https:\/\/www.fitday.com\/fitness\/forums\/members\/iwellguard.html","https:\/\/www.mymeetbook.com\/iwellguard","https:\/\/pxhere.com\/en\/photographer-me\/5040798","https:\/\/disqus.com\/by\/iwellguard\/about\/","https:\/\/pastelink.net\/hjwciqwq","https:\/\/pubhtml5.com\/homepage\/scjhn\/","https:\/\/www.bitchute.com\/channel\/2O2eOKzNqujT","https:\/\/audiomack.com\/iwellguard"]}]}},"_links":{"self":[{"href":"https:\/\/iwell-guard.com\/is\/wp-json\/wp\/v2\/pages\/169089","targetHints":{"allow":["GET"]}}],"collection":[{"href":"https:\/\/iwell-guard.com\/is\/wp-json\/wp\/v2\/pages"}],"about":[{"href":"https:\/\/iwell-guard.com\/is\/wp-json\/wp\/v2\/types\/page"}],"author":[{"embeddable":true,"href":"https:\/\/iwell-guard.com\/is\/wp-json\/wp\/v2\/users\/3"}],"replies":[{"embeddable":true,"href":"https:\/\/iwell-guard.com\/is\/wp-json\/wp\/v2\/comments?post=169089"}],"version-history":[{"count":0,"href":"https:\/\/iwell-guard.com\/is\/wp-json\/wp\/v2\/pages\/169089\/revisions"}],"wp:featuredmedia":[{"embeddable":true,"href":"https:\/\/iwell-guard.com\/is\/wp-json\/wp\/v2\/media\/3268"}],"wp:attachment":[{"href":"https:\/\/iwell-guard.com\/is\/wp-json\/wp\/v2\/media?parent=169089"}],"wp:term":[{"taxonomy":"category","embeddable":true,"href":"https:\/\/iwell-guard.com\/is\/wp-json\/wp\/v2\/categories?post=169089"}],"curies":[{"name":"wp","href":"https:\/\/api.w.org\/{rel}","templated":true}]}}