{"id":169088,"date":"2026-09-05T14:05:29","date_gmt":"2026-09-05T14:05:29","guid":{"rendered":"https:\/\/iwell-guard.com\/?page_id=169088"},"modified":"2026-09-05T14:31:57","modified_gmt":"2026-09-05T14:31:57","slug":"dazhbog","status":"publish","type":"page","link":"https:\/\/iwell-guard.com\/is\/dazhbog\/","title":{"rendered":"Dazhbog"},"content":{"rendered":"\t\t<div data-elementor-type=\"wp-page\" data-elementor-id=\"169088\" class=\"elementor elementor-169088 elementor-3029 elementor-bc-flex-widget\" data-elementor-post-type=\"page\">\n\t\t\t\t<div class=\"elementor-element elementor-element-00c00ec e-flex e-con-boxed e-con e-parent\" data-id=\"00c00ec\" data-element_type=\"container\" data-e-type=\"container\" data-settings=\"{&quot;background_background&quot;:&quot;classic&quot;}\">\n\t\t\t\t\t<div class=\"e-con-inner\">\n\t\t<div class=\"elementor-element elementor-element-7e8c978 e-flex e-con-boxed e-con e-child\" data-id=\"7e8c978\" data-element_type=\"container\" data-e-type=\"container\">\n\t\t\t\t\t<div class=\"e-con-inner\">\n\t\t<div class=\"elementor-element elementor-element-16cc590 e-con-full e-flex e-con e-child\" data-id=\"16cc590\" data-element_type=\"container\" data-e-type=\"container\">\n\t\t\t\t<div class=\"elementor-element elementor-element-de7ab50 elementor-widget elementor-widget-heading\" data-id=\"de7ab50\" data-element_type=\"widget\" data-e-type=\"widget\" data-widget_type=\"heading.default\">\n\t\t\t\t\t<h1 class=\"elementor-heading-title elementor-size-default\">Dazhbog, slavneskur s\u00f3lgu\u00f0<\/h1>\t\t\t\t<\/div>\n\t\t\t\t<div class=\"elementor-element elementor-element-6bb3e9b elementor-widget elementor-widget-text-editor\" data-id=\"6bb3e9b\" data-element_type=\"widget\" data-e-type=\"widget\" data-widget_type=\"text-editor.default\">\n\t\t\t\t\t\t\t\t\t<p>Dazhbog er slavneskur s\u00f3lgu\u00f0 sem birtist \u00ed <span class=\"iwg-fachbegriff\" data-tooltip=\"Mi\u00f0lun \u00feekkingar og sagna milli kynsl\u00f3\u00f0a.\" tabindex=\"0\">munnm\u00e6lum<\/span> sem gjafi lj\u00f3ss, hl\u00fdju og vels\u00e6ldar. Dazhbog (einnig Da\u017ebog, Da\u017eboh, \u00ed fornr\u00fassneskri stafsetningu \u0414\u0430\u0436\u044c\u0431\u043e\u0433\u044a) er \u00ed slavneska <span class=\"iwg-fachbegriff\" data-tooltip=\"Heild gu\u00f0anna \u00ed tr\u00faarbr\u00f6g\u00f0um e\u00f0a menningu.\" tabindex=\"0\">go\u00f0aveldinu<\/span> <span class=\"iwg-fachbegriff\" data-tooltip=\"Vera sem d\u00fdrku\u00f0 er sem gu\u00f0leg innan tr\u00faarbrag\u00f0a.\" tabindex=\"0\">gu\u00f0leg vera<\/span> s\u00f3larlj\u00f3ss og vels\u00e6ldar. Nafn hans er venjulega t\u00falka\u00f0 sem \u201egjafa-gu\u00f0\u201c, af frumslavnesku \u201edati\u201c (a\u00f0 gefa) og \u201ebog\u044a\u201c (gu\u00f0, hlutdeild).<\/p><p>Heimildir eru f\u00e1t\u00e6klegar \u00ed samanbur\u00f0i vi\u00f0 gr\u00edska, r\u00f3mverska e\u00f0a germanska gu\u00f0i: Dazhbog kemur fyrir \u00ed mj\u00f6g f\u00e1um ritu\u00f0um heimildum, a\u00f0allega fr\u00e1 K\u00e6nugar\u00f0sr\u00edkinu, og endurbygging \u00e1 mynd hans byggist miki\u00f0 \u00e1 v\u00edsbendingum \u00far m\u00e1ls\u00f6gu, \u00fej\u00f3\u00f0tr\u00fa og samanbur\u00f0i vi\u00f0 ind\u00f3\u00edr\u00f6nsk <span class=\"iwg-fachbegriff\" data-tooltip=\"Heild gu\u00f0anna \u00ed tr\u00faarbr\u00f6g\u00f0um e\u00f0a menningu.\" tabindex=\"0\">go\u00f0aveldi<\/span>.<\/p>\t\t\t\t\t\t\t\t<\/div>\n\t\t\t\t<\/div>\n\t\t<div class=\"elementor-element elementor-element-ef9beb4 e-con-full e-flex e-con e-parent\" data-id=\"ef9beb4\" data-element_type=\"container\" data-e-type=\"container\">\n\t\t\t\t<div class=\"elementor-element elementor-element-1b36be2 elementor-widget elementor-widget-html\" data-id=\"1b36be2\" data-element_type=\"widget\" data-e-type=\"widget\" data-widget_type=\"html.default\">\n\t\t\t\t\t<div class=\"iwg-pill-row\"><span class=\"iwg-klasse-badge\" tabindex=\"0\" data-tooltip=\"Gu\u00f0 \/ gy\u00f0ja: Pers\u00f3nuger\u00f0 \u00e6\u00f0sta vald \u00ed go\u00f0aveldi menningar, me\u00f0 sk\u00fdrum \u00e1byrg\u00f0arsvi\u00f0um \u2014 n\u00e1tt\u00faru\u00f6fl, \u00f6rl\u00f6g, str\u00ed\u00f0, frj\u00f3semi. D\u00fdrku\u00f0 me\u00f0 helgisi\u00f0um, f\u00f3rnum og musterisstofnunum.\">Gu\u00f0<\/span><a href=\"https:\/\/iwell-guard.com\/is\/slavnesk\/\" class=\"iwg-kultur-badge\" tabindex=\"0\" data-tooltip=\"Slavnesk go\u00f0afr\u00e6\u00f0i og \u00fej\u00f3\u00f0tr\u00fa, kristnu\u00f0 fr\u00e1 10. \u00f6ld.\">Slavneskt<\/a><\/div>\t\t\t\t<\/div>\n\t\t\t\t<\/div>\n\t\t<div class=\"elementor-element elementor-element-ec3e598 e-con-full e-flex e-con e-child\" data-id=\"ec3e598\" data-element_type=\"container\" data-e-type=\"container\">\n\t\t\t\t<div class=\"elementor-element elementor-element-4b32b54 elementor-toc--minimized-on-tablet elementor-widget elementor-widget-table-of-contents\" data-id=\"4b32b54\" data-element_type=\"widget\" data-e-type=\"widget\" data-settings=\"{&quot;exclude_headings_by_selector&quot;:[],&quot;no_headings_message&quot;:&quot;Engar undirfyrirsagnir fundust \\u00e1 \\u00feessari s\\u00ed\\u00f0u.&quot;,&quot;headings_by_tags&quot;:[&quot;h2&quot;,&quot;h3&quot;],&quot;marker_view&quot;:&quot;bullets&quot;,&quot;icon&quot;:{&quot;value&quot;:&quot;fas fa-circle&quot;,&quot;library&quot;:&quot;fa-solid&quot;,&quot;rendered_tag&quot;:&quot;&lt;svg class=\\&quot;e-font-icon-svg e-fas-circle\\&quot; viewBox=\\&quot;0 0 512 512\\&quot; xmlns=\\&quot;http:\\\/\\\/www.w3.org\\\/2000\\\/svg\\&quot;&gt;&lt;path d=\\&quot;M256 8C119 8 8 119 8 256s111 248 248 248 248-111 248-248S393 8 256 8z\\&quot;&gt;&lt;\\\/path&gt;&lt;\\\/svg&gt;&quot;},&quot;minimize_box&quot;:&quot;yes&quot;,&quot;minimized_on&quot;:&quot;tablet&quot;,&quot;hierarchical_view&quot;:&quot;yes&quot;,&quot;min_height&quot;:{&quot;unit&quot;:&quot;px&quot;,&quot;size&quot;:&quot;&quot;,&quot;sizes&quot;:[]},&quot;min_height_tablet&quot;:{&quot;unit&quot;:&quot;px&quot;,&quot;size&quot;:&quot;&quot;,&quot;sizes&quot;:[]},&quot;min_height_mobile&quot;:{&quot;unit&quot;:&quot;px&quot;,&quot;size&quot;:&quot;&quot;,&quot;sizes&quot;:[]}}\" data-widget_type=\"table-of-contents.default\">\n\t\t\t\t\t\t\t\t\t<div class=\"elementor-toc__header\">\n\t\t\t\t\t\t<h2 class=\"elementor-toc__header-title\">\n\t\t\t\tEfnisyfirlit\t\t\t<\/h2>\n\t\t\t\t\t\t\t\t\t\t<div class=\"elementor-toc__toggle-button elementor-toc__toggle-button--expand\" role=\"button\" tabindex=\"0\" aria-controls=\"elementor-toc__4b32b54\" aria-expanded=\"true\" aria-label=\"Open table of contents\"><svg aria-hidden=\"true\" class=\"e-font-icon-svg e-fas-chevron-down\" viewBox=\"0 0 448 512\" xmlns=\"http:\/\/www.w3.org\/2000\/svg\"><path d=\"M207.029 381.476L12.686 187.132c-9.373-9.373-9.373-24.569 0-33.941l22.667-22.667c9.357-9.357 24.522-9.375 33.901-.04L224 284.505l154.745-154.021c9.379-9.335 24.544-9.317 33.901.04l22.667 22.667c9.373 9.373 9.373 24.569 0 33.941L240.971 381.476c-9.373 9.372-24.569 9.372-33.942 0z\"><\/path><\/svg><\/div>\n\t\t\t\t<div class=\"elementor-toc__toggle-button elementor-toc__toggle-button--collapse\" role=\"button\" tabindex=\"0\" aria-controls=\"elementor-toc__4b32b54\" aria-expanded=\"true\" aria-label=\"Close table of contents\"><svg aria-hidden=\"true\" class=\"e-font-icon-svg e-fas-chevron-up\" viewBox=\"0 0 448 512\" xmlns=\"http:\/\/www.w3.org\/2000\/svg\"><path d=\"M240.971 130.524l194.343 194.343c9.373 9.373 9.373 24.569 0 33.941l-22.667 22.667c-9.357 9.357-24.522 9.375-33.901.04L224 227.495 69.255 381.516c-9.379 9.335-24.544 9.317-33.901-.04l-22.667-22.667c-9.373-9.373-9.373-24.569 0-33.941L207.03 130.525c9.372-9.373 24.568-9.373 33.941-.001z\"><\/path><\/svg><\/div>\n\t\t\t\t\t<\/div>\n\t\t\t\t<div id=\"elementor-toc__4b32b54\" class=\"elementor-toc__body\">\n\t\t\t<div class=\"elementor-toc__spinner-container\">\n\t\t\t\t<svg class=\"elementor-toc__spinner eicon-animation-spin e-font-icon-svg e-eicon-loading\" aria-hidden=\"true\" viewBox=\"0 0 1000 1000\" xmlns=\"http:\/\/www.w3.org\/2000\/svg\"><path d=\"M500 975V858C696 858 858 696 858 500S696 142 500 142 142 304 142 500H25C25 237 238 25 500 25S975 237 975 500 763 975 500 975Z\"><\/path><\/svg>\t\t\t<\/div>\n\t\t<\/div>\n\t\t\t\t\t\t<\/div>\n\t\t\t\t<\/div>\n\t\t\t\t\t<\/div>\n\t\t\t\t<\/div>\n\t\t<div class=\"elementor-element elementor-element-6c67df6 e-con-full e-flex e-con e-child\" data-id=\"6c67df6\" data-element_type=\"container\" data-e-type=\"container\">\n\t\t\t\t<div class=\"elementor-element elementor-element-a163aa5 iwg-hero-image elementor-widget elementor-widget-image\" data-id=\"a163aa5\" data-element_type=\"widget\" data-e-type=\"widget\" data-widget_type=\"image.default\">\n\t\t\t\t\t\t\t\t\t\t\t\t\t\t\t<img fetchpriority=\"high\" decoding=\"async\" width=\"683\" height=\"1024\" src=\"https:\/\/iwell-guard.com\/wp-content\/uploads\/2026\/05\/goetter_slawisch_dazhbog-683x1024.webp\" class=\"attachment-large size-large wp-image-170691\" alt=\"Dazhbog - Gu\u00f0ir \u00far slavneskri hef\u00f0, s\u00f6guleg-myndskreytt\" srcset=\"https:\/\/iwell-guard.com\/wp-content\/uploads\/2026\/05\/goetter_slawisch_dazhbog-683x1024.webp 683w, https:\/\/iwell-guard.com\/wp-content\/uploads\/2026\/05\/goetter_slawisch_dazhbog-200x300.webp 200w, https:\/\/iwell-guard.com\/wp-content\/uploads\/2026\/05\/goetter_slawisch_dazhbog-768x1152.webp 768w, https:\/\/iwell-guard.com\/wp-content\/uploads\/2026\/05\/goetter_slawisch_dazhbog.webp 1024w\" sizes=\"(max-width: 683px) 100vw, 683px\" \/>\t\t\t\t\t\t\t\t\t\t\t\t\t\t\t<\/div>\n\t\t\t\t<\/div>\n\t\t\t\t\t<\/div>\n\t\t\t\t<\/div>\n\t\t<div class=\"elementor-element elementor-element-ee14b78 e-con-boxed e-flex e-con e-parent\" data-id=\"ee14b78\" data-element_type=\"container\" data-e-type=\"container\">\n\t\t\t\t\t<div class=\"e-con-inner\">\n\t\t<div class=\"elementor-element elementor-element-2c95ae6 e-con-full e-flex e-con e-child\" data-id=\"2c95ae6\" data-element_type=\"container\" data-e-type=\"container\">\n\t\t\t\t<div class=\"elementor-element elementor-element-879027a elementor-widget elementor-widget-heading\" data-id=\"879027a\" data-element_type=\"widget\" data-e-type=\"widget\" data-widget_type=\"heading.default\">\n\t\t\t\t\t<h2 class=\"elementor-heading-title elementor-size-default\">Heimildir og or\u00f0sifjar<\/h2>\t\t\t\t<\/div>\n\t\t\t\t<div class=\"elementor-element elementor-element-278f6a7 elementor-widget elementor-widget-text-editor\" data-id=\"278f6a7\" data-element_type=\"widget\" data-e-type=\"widget\" data-widget_type=\"text-editor.default\">\n\t\t\t\t\t\t\t\t\t<p>Mikilv\u00e6gasta heimildin um Dazhbog er \u201eNestorsann\u00e1ll\u201c (einnig \u201ePovest&#8217; vremennych let\u201c, saminn milli 1110 og 1118) \u00ed fr\u00e1s\u00f6gninni um \u00e1ri\u00f0 980. \u00dear er greint fr\u00e1 \u00fev\u00ed a\u00f0 st\u00f3rfurstinn Vladim\u00edr I. af K\u00e6nugar\u00f0i l\u00e9t, \u00e1 hei\u00f0nu t\u00edmabili s\u00ednu, reisa sex go\u00f0amyndir \u00e1 virkish\u00e6\u00f0inni yfir K\u00e6nugar\u00f0i: Per\u00fan, Hors, Dazhbog, Str\u00edbog, Simargl og Mokosh.<\/p><p>\u00deessi svokalla\u00f0a \u201esexmenninganefna Vladim\u00edrs\u201c er talin mikilv\u00e6gasta vitnisbur\u00f0urinn um formlegt <span class=\"iwg-fachbegriff\" data-tooltip=\"Heild gu\u00f0anna \u00ed tr\u00faarbr\u00f6g\u00f0um e\u00f0a menningu.\" tabindex=\"0\">go\u00f0aveldi<\/span> hj\u00e1 hei\u00f0num austursl\u00f6vum.<\/p>\n<p>\u00d6nnur mikilv\u00e6g heimild er \u201eSlovo o pluku Igoreve\u201c (\u201eKv\u00e6\u00f0i\u00f0 um herfer\u00f0 \u00cdgors\u201c, s\u00ed\u00f0la 12. aldar), \u00fear sem R\u00fassar eru kalla\u00f0ir \u201eafkomendur Dazhbogs\u201c (\u201eDazhbozi vnutsi\u201c). \u00deessi \u00e6ttfr\u00e6\u00f0ilega sj\u00e1lfsl\u00fdsing er s\u00e9rstaklega mikilv\u00e6g tr\u00faars\u00f6gulega, \u00fev\u00ed h\u00fan s\u00fdnir a\u00f0 Dazhbog var talinn forfa\u00f0ir e\u00f0a stofnandi \u00e6ttar r\u00fassneskra str\u00ed\u00f0smanna.<\/p>\n<p>\u00deri\u00f0ja heimildin er \u201eMalalasann\u00e1ll\u201c \u00ed fornr\u00fassneskri \u00fe\u00fd\u00f0ingu (\u00cdpatevshandrit, 13. \u00f6ld), \u00fear sem gl\u00f3sa samsamar Dazhbog vi\u00f0 gr\u00edska gu\u00f0inn Helios og kallar hann son Svarogs.<\/p><p>\u00deessi tilv\u00edsun er mikilv\u00e6gasta \u00e6ttfr\u00e6\u00f0i slavneskrar hei\u00f0ni, en s\u00f6guleg \u00e1rei\u00f0anleiki hennar er umdeildur: Boris Rybakov taldi hana \u00f3svikinn vitnisbur\u00f0, en Aleksander Gieysztor leit \u00e1 hana sem s\u00ed\u00f0ari t\u00edma sm\u00ed\u00f0 sem felldi slavneska gu\u00f0i inn \u00ed gr\u00edska gu\u00f0a\u00e6ttart\u00f6fluna.<\/p>\t\t\t\t\t\t\t\t<\/div>\n\t\t\t\t<\/div>\n\t\t<div class=\"elementor-element elementor-element-16e20fb e-con-full e-flex e-con e-child\" data-id=\"16e20fb\" data-element_type=\"container\" data-e-type=\"container\">\n\t\t\t\t<div class=\"elementor-element elementor-element-66ff84a elementor-widget elementor-widget-heading\" data-id=\"66ff84a\" data-element_type=\"widget\" data-e-type=\"widget\" data-widget_type=\"heading.default\">\n\t\t\t\t\t<h2 class=\"elementor-heading-title elementor-size-default\">Go\u00f0s\u00f6gn og hlutverk<\/h2>\t\t\t\t<\/div>\n\t\t\t\t<div class=\"elementor-element elementor-element-bf6c30f elementor-widget elementor-widget-text-editor\" data-id=\"bf6c30f\" data-element_type=\"widget\" data-e-type=\"widget\" data-widget_type=\"text-editor.default\">\n\t\t\t\t\t\t\t\t\t<p>Go\u00f0sagnaheimur Dazhbogs er a\u00f0eins var\u00f0veittur \u00ed brotum. Af Malalas-gl\u00f3sunni m\u00e1 r\u00e1\u00f0a a\u00f0 hann var talinn sonur Svarogs (sm\u00ed\u00f0agu\u00f0sins) og br\u00f3\u00f0ir Hefaistosar (samkv\u00e6mt gr\u00edsku sams\u00f6muninni).<\/p><p>\u00cd \u00fakra\u00ednskri og hv\u00edtr\u00fassneskri \u00fej\u00f3\u00f0tr\u00fa birtist hann sem f\u00e6rir sumars, r\u00edkid\u00e6mis og s\u00f3lskins. Andst\u00e6\u00f0a hans er n\u00f3ttin og veturinn; sumar \u00fej\u00f3\u00f0tr\u00faarhef\u00f0ir tengja hann vi\u00f0 gr\u00f3\u00f0ur-<span class=\"iwg-fachbegriff\" data-tooltip=\"Heild var\u00f0veittra go\u00f0sagna \u00ed menningu.\" tabindex=\"0\">go\u00f0afr\u00e6\u00f0ina<\/span> og l\u00e1ta hann endurf\u00e6\u00f0ast \u00e1 vorin.<\/p>\n<p><span data-nosnippet=\"true\">Vladimir Toporov og Vyacheslav Ivanov endurbygg\u00f0u \u00ed str\u00fakt\u00faral\u00edskum verkum s\u00ednum (s\u00e9rstaklega \u201eIssledovaniya v oblasti slavyanskikh drevnostey\u201c, 1974) Dazhbog innan ramma frumind\u00f3evr\u00f3pskrar meginsagnar: sem son himingu\u00f0s, sem stendur \u00ed str\u00fakt\u00farlegu sambandi vi\u00f0 \u00ferumugu\u00f0inn Per\u00fan. \u00deessi endurbygging er \u00fe\u00f3 tilg\u00e1tukennd; frumheimildirnar sta\u00f0festa hana ekki.<\/span><\/p>\t\t\t\t\t\t\t\t<\/div>\n\t\t\t\t<\/div>\n\t\t<div class=\"elementor-element elementor-element-db3d9ae e-con-full e-flex e-con e-child\" data-id=\"db3d9ae\" data-element_type=\"container\" data-e-type=\"container\">\n\t\t\t\t<div class=\"elementor-element elementor-element-5f688c5 elementor-widget elementor-widget-heading\" data-id=\"5f688c5\" data-element_type=\"widget\" data-e-type=\"widget\" data-widget_type=\"heading.default\">\n\t\t\t\t\t<h2 class=\"elementor-heading-title elementor-size-default\">D\u00fdrkun og helgista\u00f0ir<\/h2>\t\t\t\t<\/div>\n\t\t\t\t<div class=\"elementor-element elementor-element-2e0c1fa elementor-widget elementor-widget-text-editor\" data-id=\"2e0c1fa\" data-element_type=\"widget\" data-e-type=\"widget\" data-widget_type=\"text-editor.default\">\n\t\t\t\t\t\t\t\t\t<p>\u00c1kve\u00f0nir d\u00fdrkunarsta\u00f0ir Dazhbogs eru ekki fornleifafr\u00e6\u00f0ilega sta\u00f0festir me\u00f0 vissu. Styttusafni\u00f0 sem nefnt er \u00ed Nestorsann\u00e1l og Vladim\u00edr l\u00e9t reisa var ey\u00f0ilagt \u00e1ri\u00f0 988 vi\u00f0 kristnit\u00f6ku K\u00e6nugar\u00f0sr\u00edkisins og \u00fev\u00ed kasta\u00f0 \u00ed Dnjepr.<\/p><p>Hvort \u00e1\u00f0ur hafi veri\u00f0 f\u00f6st musterisbyggingar e\u00f0a a\u00f0eins helgireitir undir berum himni me\u00f0 styttum er umdeilt; fornleifafundir fr\u00e1 Zbru\u010d (fundnir 1848 \u00ed Galis\u00edu, fj\u00f6gurra andlita s\u00fala) og Arkona (R\u00fcgen) benda til \u00feess a\u00f0 a\u00f0 minnsta kosti \u00e1 sumum sv\u00e6\u00f0um hafi veri\u00f0 helgista\u00f0ir. Fyrir austurslava er vitnisbur\u00f0urinn \u00fe\u00f3 veikari en fyrir vesturslava.<\/p>\n<p>\u00dej\u00f3\u00f0fr\u00e6\u00f0ilegar v\u00edsbendingar um Dazhbog m\u00e1 finna \u00ed \u00fakra\u00ednskri vetrars\u00f3lst\u00f6\u00f0uhef\u00f0 (\u201eKolyada\u201c), \u00ed uppskeruh\u00e1t\u00ed\u00f0um og \u00ed s\u00f6ngl\u00f6gum \u00fear sem s\u00f3lin er \u00e1v\u00f6rpu\u00f0 sem \u201ef\u00f6\u00f0urlegt\u201c vald.<\/p><p>Tengsl \u00feessara s\u00f6ngva vi\u00f0 hinn forna Dazhbog-<span class=\"iwg-fachbegriff\" data-tooltip=\"Heild tr\u00faarlegra d\u00fdrkunarathafna fyrir gu\u00f0lega veru e\u00f0a heilaga fyrirmynd.\" tabindex=\"0\">helgisi\u00f0i<\/span> eru \u00fe\u00f3 tilg\u00e1ta \u00far r\u00f3mant\u00edskri \u00fej\u00f3\u00f0fr\u00e6\u00f0i 19. aldar, s\u00e9rstaklega hj\u00e1 Olexander Famintzyn og Aleksander Afanasjev; fr\u00e6\u00f0ileg gagnr\u00fdni \u00e1 \u00fea\u00f0 hefur veri\u00f0 h\u00f6r\u00f0 fr\u00e1 1970 (Henryk \u0141owmia\u0144ski, \u201eReligia S\u0142owian i jej upadek\u201c, 1979).<\/p>\t\t\t\t\t\t\t\t<\/div>\n\t\t\t\t<\/div>\n\t\t<div class=\"elementor-element elementor-element-8fc18c3 e-con-full e-flex e-con e-child\" data-id=\"8fc18c3\" data-element_type=\"container\" data-e-type=\"container\">\n\t\t\t\t<div class=\"elementor-element elementor-element-a3265eb elementor-widget elementor-widget-heading\" data-id=\"a3265eb\" data-element_type=\"widget\" data-e-type=\"widget\" data-widget_type=\"heading.default\">\n\t\t\t\t\t<h2 class=\"elementor-heading-title elementor-size-default\">Ranns\u00f3knarsaga og deiluatri\u00f0i<\/h2>\t\t\t\t<\/div>\n\t\t\t\t<div class=\"elementor-element elementor-element-f000cce elementor-widget elementor-widget-text-editor\" data-id=\"f000cce\" data-element_type=\"widget\" data-e-type=\"widget\" data-widget_type=\"text-editor.default\">\n\t\t\t\t\t\t\t\t\t<p>Ranns\u00f3knir \u00e1 Dazhbog eru klass\u00edskt d\u00e6mi um erfi\u00f0leikana \u00ed tr\u00faars\u00f6gu Slava. <span data-nosnippet=\"true\">Aleksander Br\u00fcckner (1856 til 1939) h\u00e9lt fram l\u00e1gmarksafst\u00f6\u00f0u \u00ed verkum s\u00ednum: Dazhbog v\u00e6ri l\u00edti\u00f0 meira en heimildabundi\u00f0 nafn, og eigi\u00f0 <span class=\"iwg-fachbegriff\" data-tooltip=\"Heildarsafn gu\u00f0a tr\u00faarbrag\u00f0a e\u00f0a menningar.\" tabindex=\"0\">go\u00f0aveldi<\/span> hef\u00f0i aldrei veri\u00f0 til hj\u00e1 Sl\u00f6vum.<\/span><\/p><p>Boris Rybakov (1908 til 2001) f\u00f3r \u00fat \u00ed hina \u00f6fgana og endurger\u00f0i \u00ed \u00abYazychestvo drevnikh slavyan\u00bb (1981) og \u00abYazychestvo Drevney Rusi\u00bb (1987) fl\u00f3ki\u00f0 <span class=\"iwg-fachbegriff\" data-tooltip=\"Heildarsafn gu\u00f0a tr\u00faarbrag\u00f0a e\u00f0a menningar.\" tabindex=\"0\">go\u00f0aveldi<\/span> me\u00f0 m\u00f6rgum l\u00f6gum, sem n\u00fat\u00edmaranns\u00f3knir hafna a\u00f0 mestu leyti.<\/p>\n<p>Aleksander Gieysztor (\u00abMitologia S\u0142owian\u00bb, 1982) leita\u00f0i millilei\u00f0ar og lag\u00f0i \u00e1herslu \u00e1 a\u00f0fer\u00f0afr\u00e6\u00f0ilega vark\u00e1rni: \u00dea\u00f0 sem vi\u00f0 vitum me\u00f0 vissu takmarkast vi\u00f0 tilv\u00edsanirnar \u00ed Nestors-ann\u00e1lnum og Igor-kvi\u00f0unni. Allt sem lengra er h\u00e6gt a\u00f0 endurgera er tilg\u00e1ta. \u00deessi afsta\u00f0a er a\u00f0 mestu leyti tekin upp af n\u00fdrri ranns\u00f3knum (Ji\u0159\u00ed Dynda, Michael Shkapa).<\/p>\t\t\t\t\t\t\t\t<\/div>\n\t\t\t\t<\/div>\n\t\t<div class=\"elementor-element elementor-element-8a849f4 e-con-full e-flex e-con e-child\" data-id=\"8a849f4\" data-element_type=\"container\" data-e-type=\"container\">\n\t\t\t\t<div class=\"elementor-element elementor-element-17645f2 elementor-widget elementor-widget-heading\" data-id=\"17645f2\" data-element_type=\"widget\" data-e-type=\"widget\" data-widget_type=\"heading.default\">\n\t\t\t\t\t<h2 class=\"elementor-heading-title elementor-size-default\">Tr\u00faarfr\u00e6\u00f0ileg sta\u00f0setning<\/h2>\t\t\t\t<\/div>\n\t\t\t\t<div class=\"elementor-element elementor-element-d4e597e elementor-widget elementor-widget-text-editor\" data-id=\"d4e597e\" data-element_type=\"widget\" data-e-type=\"widget\" data-widget_type=\"text-editor.default\">\n\t\t\t\t\t\t\t\t\t<p>Ef tengsl Dazhbogs vi\u00f0 s\u00f3lina og sta\u00f0a hans sem sonur Svarogs eru talin fullv\u00edst, koma fram hli\u00f0st\u00e6\u00f0ur vi\u00f0 ind\u00f3\u00edr\u00f6nskan flokk \u00absona himins\u00bb: Mitra (Indland, \u00cdran) og Surya (Indland) sem s\u00f3largu\u00f0ir, Helios og Apollon (Grikkland), Sol Invictus (R\u00f3m).<\/p><p>Nafngiftin \u00e1 R\u00fassum sem \u00abafkomendum Dazhbogs\u00bb hefur hli\u00f0st\u00e6\u00f0u \u00ed germ\u00f6nskum \u00abTiu-sonum\u00bb og \u00ed ar\u00edsk-ar\u00edskri \u00e6ttfr\u00e6\u00f0i \u00edranskrar a\u00f0alsst\u00e9ttar sem \u00abMitra-sonum\u00bb.<\/p>\n<p>\u00cd or\u00f0asambandinu \u00abDa\u017e\u044c-bog\u044a\u00bb (Gef-gu\u00f0) s\u00e9r Toporov fornlegt bo\u00f0h\u00e1ttarform sem upphaflega mun hafa veri\u00f0 \u00e1kallsform\u00fala: \u00abGef, gu\u00f0!\u00bb \u00dea\u00f0 v\u00e6ri \u00fear me\u00f0 sjaldg\u00e6ft var\u00f0veitt spor fr\u00e1 frumslavneskri b\u00e6nahef\u00f0.<\/p>\t\t\t\t\t\t\t\t<\/div>\n\t\t\t\t<\/div>\n\t\t<div class=\"elementor-element elementor-element-5fb2779 e-con-full e-flex e-con e-child\" data-id=\"5fb2779\" data-element_type=\"container\" data-e-type=\"container\">\n\t\t\t\t<div class=\"elementor-element elementor-element-5928b38 elementor-widget elementor-widget-heading\" data-id=\"5928b38\" data-element_type=\"widget\" data-e-type=\"widget\" data-widget_type=\"heading.default\">\n\t\t\t\t\t<h2 class=\"elementor-heading-title elementor-size-default\">Kristnitaka og \u00e1framhaldandi l\u00edf<\/h2>\t\t\t\t<\/div>\n\t\t\t\t<div class=\"elementor-element elementor-element-12125cd elementor-widget elementor-widget-text-editor\" data-id=\"12125cd\" data-element_type=\"widget\" data-e-type=\"widget\" data-widget_type=\"text-editor.default\">\n\t\t\t\t\t\t\t\t\t<p>Me\u00f0 sk\u00edrn R\u00fasslands \u00e1ri\u00f0 988 var opinber <span class=\"iwg-fachbegriff\" data-tooltip=\"Heildarsafn tr\u00faarlegra tilbei\u00f0sluathafna fyrir gu\u00f0 e\u00f0a heilaga pers\u00f3nu.\" tabindex=\"0\">d\u00fdrkun<\/span> Dazhbogs afm\u00e1\u00f0; l\u00edkneski hans var kasta\u00f0 \u00ed Dnjepr \u00e1samt \u00f6\u00f0rum. Tilbei\u00f0sla s\u00f3larins sem f\u00f6\u00f0urlegs valds lif\u00f0i \u00fe\u00f3 \u00e1fram \u00ed \u00fej\u00f3\u00f0tr\u00fa.<\/p><p>\u00cd \u00fakra\u00ednskum br\u00fa\u00f0kaupss\u00f6ngvum kemur s\u00f3lin fram allt fram \u00e1 20. \u00f6ld sem \u00abfa\u00f0ir\u00bb, \u00ed r\u00fassneskum \u00fej\u00f3\u00f0s\u00f6gum sem \u00abrautt Solnyshko\u00bb. Hvort \u00feessi spor stafa beint af <span class=\"iwg-fachbegriff\" data-tooltip=\"Heildarsafn tr\u00faarlegra tilbei\u00f0sluathafna fyrir gu\u00f0 e\u00f0a heilaga pers\u00f3nu.\" tabindex=\"0\">d\u00fdrkun<\/span> Dazhbogs e\u00f0a endurspegla almennt s\u00f3lartungum\u00e1l er \u00f3lj\u00f3st.<\/p>\n<p>\u00cd \u00fakra\u00ednskri \u00fej\u00f3\u00f0ernishyggju 19. og 20. aldar var Dazhbog endurfundinn sem <span class=\"iwg-fachbegriff\" data-tooltip=\"Merki sem stendur fyrir hugmynd e\u00f0a merkingu.\" tabindex=\"0\">t\u00e1kn<\/span> fyrir kristnit\u00f6kufyrra arfleif\u00f0. N\u00fdhei\u00f0na hreyfingin Rodnoverie (fr\u00e1 1980 \u00e1ratugnum) hefur gert hann a\u00f0 mi\u00f0l\u00e6gri pers\u00f3nu \u00ed endurger\u00f0u go\u00f0aveldi, me\u00f0 eigin h\u00e1t\u00ed\u00f0um og helgisi\u00f0um.<\/p><p>\u00deessi n\u00fat\u00edmalega tilbei\u00f0sla telst tr\u00faars\u00f6gulega til n\u00fdsk\u00f6punar og \u00e6tti ekki a\u00f0 rugla saman vi\u00f0 s\u00f6gulega sta\u00f0festa i\u00f0kun.<\/p>\t\t\t\t\t\t\t\t<\/div>\n\t\t\t\t<\/div>\n\t\t<div class=\"elementor-element elementor-element-6570161 e-con-full e-flex e-con e-child\" data-id=\"6570161\" data-element_type=\"container\" data-e-type=\"container\">\n\t\t\t\t<div class=\"elementor-element elementor-element-6e2ccc6 elementor-widget elementor-widget-heading\" data-id=\"6e2ccc6\" data-element_type=\"widget\" data-e-type=\"widget\" data-widget_type=\"heading.default\">\n\t\t\t\t\t<h2 class=\"elementor-heading-title elementor-size-default\">Krossv\u00edsanir<\/h2>\t\t\t\t<\/div>\n\t\t\t\t<div class=\"elementor-element elementor-element-08fe5a0 elementor-widget elementor-widget-text-editor\" data-id=\"08fe5a0\" data-element_type=\"widget\" data-e-type=\"widget\" data-widget_type=\"text-editor.default\">\n\t\t\t\t\t\t\t\t\t<p>\u00cd slavneska <span class=\"iwg-fachbegriff\" data-tooltip=\"Heildarsafn gu\u00f0a tr\u00faarbrag\u00f0a e\u00f0a menningar.\" tabindex=\"0\">go\u00f0aveldinu<\/span> stendur Dazhbog vi\u00f0 hli\u00f0 Peruns (\u00ferumur), Veles (b\u00faf\u00e9 og undirheimar), Stribog (vindur), Svarog (himinn og sm\u00ed\u00f0i), Mokosh (j\u00f6r\u00f0 og vefna\u00f0ur), Khors (s\u00f3larsk\u00edfa) og Simargl (v\u00e6ngju\u00f0 <span class=\"iwg-fachbegriff\" data-tooltip=\"Vera sem sameinar einkenni \u00fdmissa l\u00edfvera.\" tabindex=\"0\">samsett vera<\/span> af \u00edranskum uppruna).<\/p><p>Sambandi\u00f0 milli Dazhbogs og Khors er \u00f3lj\u00f3st; sumar heimildir vir\u00f0ast telja b\u00e6\u00f0i sem s\u00f3largu\u00f0i, a\u00f0rar sem f\u00f6\u00f0ur-son tengsl e\u00f0a tv\u00f6faldun. Henryk \u0141owmia\u0144ski taldi Khors vera \u00edranskt l\u00e1nsnafn s\u00f6mu virkni; Gieysztor s\u00e1 b\u00e6\u00f0i sem a\u00f0greinda gu\u00f0i me\u00f0 mismunandi einkenni.<\/p>\t\t\t\t\t\t\t\t<\/div>\n\t\t\t\t<\/div>\n\t\t<div class=\"elementor-element elementor-element-ed48050 e-con-full e-flex e-con e-child\" data-id=\"ed48050\" data-element_type=\"container\" data-e-type=\"container\">\n\t\t\t\t<div class=\"elementor-element elementor-element-a39654b elementor-widget elementor-widget-heading\" data-id=\"a39654b\" data-element_type=\"widget\" data-e-type=\"widget\" data-widget_type=\"heading.default\">\n\t\t\t\t\t<h2 class=\"elementor-heading-title elementor-size-default\">Heimildir<\/h2>\t\t\t\t<\/div>\n\t\t\t\t<div class=\"elementor-element elementor-element-e939ac9 elementor-widget elementor-widget-text-editor\" data-id=\"e939ac9\" data-element_type=\"widget\" data-e-type=\"widget\" data-widget_type=\"text-editor.default\">\n\t\t\t\t\t\t\t\t\t<footer class=\"iwg-literatur\"><p>\u00abPovest&#8217; vremennych let\u00bb (Nestors-ann\u00e1ll), f\u00e6rsla um \u00e1ri\u00f0 980, gagnr\u00fdnin \u00fatg\u00e1fa af Dmitrij Lichachev, Moskvu 1950. \u00abSlovo o pluku Igoreve\u00bb (s\u00ed\u00f0la 12. \u00f6ld), \u00fe\u00fd\u00f0ing Dietmar Endler, Leipzig 1971. \u00abChronicon Ioannis Malalae\u00bb \u00ed fornr\u00fassneskri \u00fe\u00fd\u00f0ingu (Ipatev-handrit, 13. \u00f6ld).<\/p>\n<p>Aleksander Br\u00fcckner, \u00abMitologia s\u0142owia\u0144ska\u00bb, Krak\u00e1 1918. Aleksander Gieysztor, \u00abMitologia S\u0142owian\u00bb, Varsj\u00e1 1982, 3. \u00fatg\u00e1fa 2006. Boris Rybakov, \u00abYazychestvo drevnikh slavyan\u00bb, Moskvu 1981. Boris Rybakov, \u00abYazychestvo Drevney Rusi\u00bb, Moskvu 1987 (sko\u00f0ast me\u00f0 gagnr\u00fdni).<\/p><p>Vladimir Toporov og Vyacheslav Ivanov, \u00abIssledovaniya v oblasti slavyanskikh drevnostey\u00bb, Moskvu 1974. Henryk \u0141owmia\u0144ski, \u00abReligia S\u0142owian i jej upadek\u00bb, Varsj\u00e1 1979. Ji\u0159\u00ed Dynda, \u00abSlovansk\u00e9 pohanstv\u00ed ve st\u0159edov\u011bk\u00fdch latinsk\u00fdch pramenech\u00bb, Prag 2017. Michael Shkapa og a\u00f0rir n\u00fdrri h\u00f6fundar \u00ed \u00abStudia Mythologica Slavica\u00bb, Ljubljana fr\u00e1 1998.<\/p><\/footer>\t\t\t\t\t\t\t\t<\/div>\n\t\t\t\t<\/div>\n\t\t<div class=\"elementor-element elementor-element-ddbf5d6 e-con-full e-flex e-con e-child\" data-id=\"ddbf5d6\" data-element_type=\"container\" data-e-type=\"container\">\n\t\t\t\t<div class=\"elementor-element elementor-element-05ef2e9 elementor-widget elementor-widget-heading\" data-id=\"05ef2e9\" data-element_type=\"widget\" data-e-type=\"widget\" data-widget_type=\"heading.default\">\n\t\t\t\t\t<h2 class=\"elementor-heading-title elementor-size-default\">M\u00e1lfr\u00e6\u00f0ileg dreifing heimildanna<\/h2>\t\t\t\t<\/div>\n\t\t\t\t<div class=\"elementor-element elementor-element-0c12a2c elementor-widget elementor-widget-text-editor\" data-id=\"0c12a2c\" data-element_type=\"widget\" data-e-type=\"widget\" data-widget_type=\"text-editor.default\">\n\t\t\t\t\t\t\t\t\t<p>Dreifing Dazhbog-heimildanna um slavneska m\u00e1lsv\u00e6\u00f0i\u00f0 er \u00f3j\u00f6fn. \u00c1 austurslavneska sv\u00e6\u00f0inu er Dazhbog beint sta\u00f0festur \u00ed fyrrnefndum a\u00f0alheimildum.<\/p><p>\u00c1 su\u00f0urslavneska sv\u00e6\u00f0inu (b\u00falg\u00f6rsku, serbnesku) kemur nafni\u00f0 fram \u00ed s\u00ed\u00f0mi\u00f0aldar kirkjuslavneskum \u00fe\u00fd\u00f0ingum sem \u00abDabog\u00bb e\u00f0a \u00abDaba\u00bb. \u00cd Serb\u00edu er til \u00fej\u00f3\u00f0sagnahef\u00f0 um \u00abDabog\u00bb sem undirheimsdrottinn, sem s\u00fdnir hlutverksbreytingu mi\u00f0a\u00f0 vi\u00f0 austurslavneska s\u00f3largu\u00f0inn.<\/p><p>Henryk \u0141owmia\u0144ski hefur haldi\u00f0 \u00fev\u00ed fram a\u00f0 su\u00f0urslavneska \u00fatg\u00e1fan s\u00e9 afleidd, kristilega m\u00f3tu\u00f0 hef\u00f0 \u00fear sem hei\u00f0ni gu\u00f0urinn var l\u00e6kka\u00f0ur ni\u00f0ur \u00ed d\u00f6kkan andst\u00e6\u00f0ing. \u00c1 vesturslavneska sv\u00e6\u00f0inu (p\u00f3lsku, t\u00e9kknesku) skortir beinar Dazhbog-heimildir. Vladimir Toporov hefur haldi\u00f0 fram \u00feeirri kenningu a\u00f0 Dazhbog hafi veri\u00f0 s\u00e9rstakur austurslavneskur a\u00f0algu\u00f0.<\/p>\t\t\t\t\t\t\t\t<\/div>\n\t\t\t\t<\/div>\n\t\t<div class=\"elementor-element elementor-element-3b0d1f4 e-con-full e-flex e-con e-child\" data-id=\"3b0d1f4\" data-element_type=\"container\" data-e-type=\"container\">\n\t\t\t\t<div class=\"elementor-element elementor-element-364bdfa elementor-widget elementor-widget-heading\" data-id=\"364bdfa\" data-element_type=\"widget\" data-e-type=\"widget\" data-widget_type=\"heading.default\">\n\t\t\t\t\t<h2 class=\"elementor-heading-title elementor-size-default\">Al\u00fe\u00fd\u00f0utr\u00faarleg s\u00f3lar\u00e1kall<\/h2>\t\t\t\t<\/div>\n\t\t\t\t<div class=\"elementor-element elementor-element-7d33c3d elementor-widget elementor-widget-text-editor\" data-id=\"7d33c3d\" data-element_type=\"widget\" data-e-type=\"widget\" data-widget_type=\"text-editor.default\">\n\t\t\t\t\t\t\t\t\t<p>\u00dej\u00f3\u00f0tr\u00fa austur- og su\u00f0urslavneskra \u00fej\u00f3\u00f0a \u00feekkir fj\u00f6lda s\u00f3lar\u00e1kalla sem hugsanlega tengjast Dazhbog-flokknum me\u00f0 \u00f3beinum h\u00e6tti. \u00cd \u00fakra\u00ednskum br\u00fa\u00f0kaupslj\u00f3\u00f0um er s\u00f3lin \u00e1v\u00f6rpu\u00f0 sem \u201efa\u00f0ir&#8220; e\u00f0a \u201eafi&#8220;; \u00ed r\u00fassneskum \u00e6vint\u00fdrum birtist \u201eKrasnoje Solnysjko&#8220; sem velvilja\u00f0 afl.<\/p><p>\u00cd serbneskum lj\u00f3\u00f0um er s\u00f3lin \u00e1v\u00f6rpu\u00f0 sem \u201eSunce djede&#8220; (s\u00f3lin-afi). \u00deessi \u00e1k\u00f6ll eru \u00fej\u00f3\u00f0leg \u00ed e\u00f0li s\u00ednu; tengsl \u00feeirra vi\u00f0 s\u00f6gulega sta\u00f0festan Dazhbog-<span class=\"iwg-fachbegriff\" data-tooltip=\"Heildarsafn tr\u00faarlegra d\u00fdrkunarathafna fyrir gu\u00f0 e\u00f0a heilaga veru.\" tabindex=\"0\">helgisi\u00f0i<\/span> eru \u00e1fram tilg\u00e1ta.<\/p>\n<p>Aleksander Afanasjev reyndi \u00e1 19. \u00f6ld a\u00f0 t\u00falka \u00feessi \u00e1k\u00f6ll me\u00f0 kerfisbundnum h\u00e6tti sem leifar af hei\u00f0num s\u00f3ld\u00fdrkunarsi\u00f0. \u00deessi \u201es\u00f3lar-<span class=\"iwg-fachbegriff\" data-tooltip=\"Heildarsafn go\u00f0sagna sem var\u00f0veist hafa \u00ed tiltekinni menningu.\" tabindex=\"0\">go\u00f0afr\u00e6\u00f0i<\/span>-sk\u00f3li&#8220; s\u00e6tti gagnr\u00fdni \u00e1 20. \u00f6ld af h\u00e1lfu Henryk \u0141owmia\u0144ski og fleiri fr\u00e6\u00f0imanna; n\u00fat\u00edmaranns\u00f3knir l\u00edta oft \u00e1 sl\u00edk \u00e1k\u00f6ll sem almennt tr\u00faarlegt m\u00e1lfar.<\/p>\t\t\t\t\t\t\t\t<\/div>\n\t\t\t\t<\/div>\n\t\t<div class=\"elementor-element elementor-element-5200558 e-con-full e-flex e-con e-child\" data-id=\"5200558\" data-element_type=\"container\" data-e-type=\"container\">\n\t\t\t\t<div class=\"elementor-element elementor-element-251d519 elementor-widget elementor-widget-heading\" data-id=\"251d519\" data-element_type=\"widget\" data-e-type=\"widget\" data-widget_type=\"heading.default\">\n\t\t\t\t\t<h2 class=\"elementor-heading-title elementor-size-default\">Kristin yfirlagning<\/h2>\t\t\t\t<\/div>\n\t\t\t\t<div class=\"elementor-element elementor-element-ad45440 elementor-widget elementor-widget-text-editor\" data-id=\"ad45440\" data-element_type=\"widget\" data-e-type=\"widget\" data-widget_type=\"text-editor.default\">\n\t\t\t\t\t\t\t\t\t<p>Eftir kristnit\u00f6ku K\u00e6nugar\u00f0sr\u00edkis (Kiev-Rus) \u00e1ri\u00f0 988 voru g\u00f6mlu gu\u00f0irnir formlega bannf\u00e6r\u00f0ir, en hlutverk \u00feeirra fluttust a\u00f0 hluta yfir \u00e1 kristna d\u00fdrlinga.<\/p><p>\u00cd tilviki Dazhbogs er \u00feessi tilf\u00e6rsla s\u00ed\u00f0ur auglj\u00f3s en hj\u00e1 \u00f6\u00f0rum gu\u00f0um (til d\u00e6mis Perun og heil\u00f6gum El\u00eda). Sumir fr\u00e6\u00f0imenn hafa dregi\u00f0 fram tengsl vi\u00f0 heilaga Bor\u00eds og Gleb, a\u00f0rir vi\u00f0 erkiengilinn Mikael. \u00deessar tilg\u00e1tur eru enn \u00f3sanna\u00f0ar.<\/p>\n<p>Sk\u00fdrari l\u00edna liggur til hinnar b\u00fdsanskt-r\u00e9tttr\u00fana\u00f0ar \u201eKristur Pantokrator&#8220;-myndar. \u00cd nokkrum austurslavneskum kirkjum \u00e1 11. og 12. \u00f6ld var Kristur s\u00fdndur me\u00f0 geislabaug, <span class=\"iwg-fachbegriff\" data-tooltip=\"Fr\u00e6\u00f0in um myndefni og merkingu \u00feeirra.\" tabindex=\"0\">helgimyndafr\u00e6\u00f0i<\/span> sem tengist tr\u00faars\u00f6gulega fornum s\u00f3ld\u00fdrkunarsi\u00f0um (Sol Invictus, Helios).<\/p><p>A\u00f0 \u00feessi myndhef\u00f0 hafi n\u00e1\u00f0 s\u00e9rstaklega dj\u00fapri f\u00f3tfestu \u00ed slavneskum kirkjum kann a\u00f0 tengjast \u00fev\u00ed hversu kunnug s\u00f3ltengd tr\u00far\u00e6kni var me\u00f0al almennings.<\/p>\t\t\t\t\t\t\t\t<\/div>\n\t\t\t\t<\/div>\n\t\t<div class=\"elementor-element elementor-element-4c2da45 e-con-full e-flex e-con e-child\" data-id=\"4c2da45\" data-element_type=\"container\" data-e-type=\"container\">\n\t\t\t\t<div class=\"elementor-element elementor-element-c4b78b0 elementor-widget elementor-widget-heading\" data-id=\"c4b78b0\" data-element_type=\"widget\" data-e-type=\"widget\" data-widget_type=\"heading.default\">\n\t\t\t\t\t<h2 class=\"elementor-heading-title elementor-size-default\">Boris Rybakov og h\u00e1marksuppbyggingin<\/h2>\t\t\t\t<\/div>\n\t\t\t\t<div class=\"elementor-element elementor-element-6a1d3e7 elementor-widget elementor-widget-text-editor\" data-id=\"6a1d3e7\" data-element_type=\"widget\" data-e-type=\"widget\" data-widget_type=\"text-editor.default\">\n\t\t\t\t\t\t\t\t\t<p>Boris Rybakov (1908 til 2001) er ein af umdeildustu pers\u00f3num \u00ed slavneskri tr\u00faars\u00f6gu. \u00cd \u201eYazychestvo drevnikh slavyan&#8220; (1981) og \u201eYazychestvo Drevney Rusi&#8220; (1987) endurbygg\u00f0i hann mj\u00f6g fl\u00f3kna forkristna <span class=\"iwg-fachbegriff\" data-tooltip=\"\u00d6ll gu\u00f0in \u00ed tr\u00faarbr\u00f6g\u00f0um e\u00f0a menningu.\" tabindex=\"0\">go\u00f0aver\u00f6ld<\/span>, \u00fear sem Dazhbog gegnir a\u00f0alhlutverki sem s\u00f3lgu\u00f0 og verndargu\u00f0 str\u00ed\u00f0smanna.<\/p><p>Rybakov bygg\u00f0i \u00e1 mj\u00f6g v\u00ed\u00f0t\u00e6kri t\u00falkun fornleifafunda, \u00fej\u00f3\u00f0fr\u00e6\u00f0ilegum g\u00f6gnum og m\u00e1lfr\u00e6\u00f0ilegum tilg\u00e1tum. H\u00e1markst\u00falkun hans var gagnr\u00fdnd af Henryk \u0141owmia\u0144ski, Aleksander Gieysztor og s\u00e9rstaklega af yngri ranns\u00f3knum fyrir a\u00f0 ganga of langt.<\/p>\n<p>\u00der\u00e1tt fyrir \u00feessa gagnr\u00fdni er verk Rybakovs mikilv\u00e6g tilv\u00edsun vegna gagnaau\u00f0gi \u00feess. Yngri ranns\u00f3knir (Ji\u0159\u00ed Dynda, Michael Shkapa, \u201eStudia Mythologica Slavica&#8220;) hafa leita\u00f0 a\u00f0 skynsamri millilei\u00f0: \u00fe\u00e6r nota gagnasafni\u00f0 en hafna v\u00ed\u00f0t\u00e6ku endurbyggingunum og leggja meiri \u00e1herslu \u00e1 beint sta\u00f0festar heimildir.<\/p>\t\t\t\t\t\t\t\t<\/div>\n\t\t\t\t<\/div>\n\t\t<div class=\"elementor-element elementor-element-cbed96a e-con-full e-flex e-con e-child\" data-id=\"cbed96a\" data-element_type=\"container\" data-e-type=\"container\">\n\t\t\t\t<div class=\"elementor-element elementor-element-b1f53b7 elementor-widget elementor-widget-heading\" data-id=\"b1f53b7\" data-element_type=\"widget\" data-e-type=\"widget\" data-widget_type=\"heading.default\">\n\t\t\t\t\t<h2 class=\"elementor-heading-title elementor-size-default\">Dazhbog \u00ed \u00fej\u00f3\u00f0ernisr\u00f3mant\u00edk<\/h2>\t\t\t\t<\/div>\n\t\t\t\t<div class=\"elementor-element elementor-element-225849d elementor-widget elementor-widget-text-editor\" data-id=\"225849d\" data-element_type=\"widget\" data-e-type=\"widget\" data-widget_type=\"text-editor.default\">\n\t\t\t\t\t\t\t\t\t<p>Me\u00f0 uppgangi \u00fakra\u00ednskrar og r\u00fassneskrar \u00fej\u00f3\u00f0ernisr\u00f3mant\u00edkur \u00e1 19. \u00f6ld var Dazhbog endurfundinn sem <span class=\"iwg-fachbegriff\" data-tooltip=\"T\u00e1kn sem stendur fyrir hugmynd e\u00f0a merkingu.\" tabindex=\"0\">t\u00e1kn<\/span> forkristinnar arfleif\u00f0ar. Taras Shevchenko og \u00f6nnur \u00fakra\u00ednsk sk\u00e1ld v\u00edsa til \u201eDazhbozhij vnuk&#8220; (\u201eDazhbog-afkomandi&#8220;) \u00far Igor-kv\u00e6\u00f0inu og gera hann a\u00f0 <span class=\"iwg-fachbegriff\" data-tooltip=\"T\u00e1kn sem stendur fyrir hugmynd e\u00f0a merkingu.\" tabindex=\"0\">t\u00e1kni<\/span> \u00fakra\u00ednskrar sj\u00e1lfsmyndar.<\/p><p>Einnig \u00ed r\u00fassneskri symb\u00f3lisma \u00e1 fyrri hluta 20. aldar (Vladimir Solovyov, Alexander Blok) koma fram v\u00edsanir til forkristins s\u00f3lgu\u00f0s.<\/p>\n<p>\u00cd samt\u00edmahreyfingunni Rodnoverie (slavnesk n\u00fdhei\u00f0ni, fr\u00e1 1980 og s\u00ed\u00f0ar) er Dazhbog eitt af a\u00f0algu\u00f0unum. Endurger\u00f0 <span class=\"iwg-fachbegriff\" data-tooltip=\"Fastm\u00f3tu\u00f0 skipan gu\u00f0s\u00fej\u00f3nustu innan tr\u00faarsamf\u00e9lags.\" tabindex=\"0\">helgisi\u00f0ar\u00f6\u00f0<\/span> felur \u00ed s\u00e9r s\u00f3lar\u00e1v\u00f6rp, \u00e1rlegar h\u00e1t\u00ed\u00f0ir vi\u00f0 s\u00f3lst\u00f6\u00f0ur og jafnd\u00e6gur auk eigin ritkerfis. \u00deessa n\u00fat\u00edmad\u00fdrkun ber a\u00f0 sko\u00f0a s\u00f6gulega sem n\u00fdsk\u00f6pun.<\/p>\t\t\t\t\t\t\t\t<\/div>\n\t\t\t\t<\/div>\n\t\t<div class=\"elementor-element elementor-element-ee5c012 e-con-full e-flex e-con e-child\" data-id=\"ee5c012\" data-element_type=\"container\" data-e-type=\"container\">\n\t\t\t\t<div class=\"elementor-element elementor-element-23df646 elementor-widget elementor-widget-heading\" data-id=\"23df646\" data-element_type=\"widget\" data-e-type=\"widget\" data-widget_type=\"heading.default\">\n\t\t\t\t\t<h2 class=\"elementor-heading-title elementor-size-default\">Samanbur\u00f0ur vi\u00f0 ind\u00f3\u00edranska s\u00f3larfl\u00f3kann<\/h2>\t\t\t\t<\/div>\n\t\t\t\t<div class=\"elementor-element elementor-element-c384f46 elementor-widget elementor-widget-text-editor\" data-id=\"c384f46\" data-element_type=\"widget\" data-e-type=\"widget\" data-widget_type=\"text-editor.default\">\n\t\t\t\t\t\t\t\t\t<p>Vladimir Toporov og Vyacheslav Ivanov hafa bori\u00f0 Dazhbog saman vi\u00f0 ind\u00f3\u00edranska s\u00f3larfl\u00f3kann. \u00cd indverskri <span class=\"iwg-fachbegriff\" data-tooltip=\"\u00d6ll gu\u00f0in \u00ed tr\u00faarbr\u00f6g\u00f0um e\u00f0a menningu.\" tabindex=\"0\">go\u00f0aver\u00f6ld<\/span> svara honum hlutverk sem Surya (s\u00f3lin sem heimsvald) og Mitra (s\u00f3lin sem skipuleggjandi samf\u00e9lagsins og ei\u00f0avottur) gegna.<\/p><p>\u00cd \u00edranskri <span class=\"iwg-fachbegriff\" data-tooltip=\"\u00d6ll gu\u00f0in \u00ed tr\u00faarbr\u00f6g\u00f0um e\u00f0a menningu.\" tabindex=\"0\">go\u00f0aver\u00f6ld<\/span> svara honum Hvar (s\u00f3lin) og Mithra. Nafngiftin \u00e1 R\u00fassum sem \u201eafkomendum Dazhbogs&#8220; hefur skipulagslegar hli\u00f0st\u00e6\u00f0ur \u00ed \u00edranska yfirst\u00e9ttinni, sem skildi sig sem \u201esyni Mitra&#8220;, og \u00ed germ\u00f6nsku str\u00ed\u00f0smannasveitinni, sem skildi sig sem \u201esyni Tiu&#8220; (T\u00fds).<\/p>\n<p>Or\u00f0myndin \u201eDa\u017e-bog&#8220; (Gef-gu\u00f0) hefur hli\u00f0st\u00e6\u00f0u \u00ed \u00edranska \u201eD\u0101h\u0113-baga&#8220; (\u201eGjafa-gu\u00f0&#8220;). B\u00e1\u00f0ar myndir eru m\u00e1lfr\u00e6\u00f0ilega tengdar og g\u00e6tu \u00e1tt r\u00e6tur \u00ed sameiginlegu ind\u00f3\u00edranskt-slavnesku lagi.<\/p><p>Roman Jakobson \u00fatf\u00e6r\u00f0i \u00feessa hli\u00f0st\u00e6\u00f0u \u00edtarlega \u00e1ri\u00f0 1985 og styrkti \u00fear me\u00f0 tilg\u00e1tuna um \u00edransk-slavneskt lag gu\u00f0anafna \u00ed fyrstu slavneskri tr\u00fa, sem g\u00e6ti einnig \u00e1tt vi\u00f0 um Simargl (\u00f3tv\u00edr\u00e6tt \u00edranskt) og hugsanlega Khors.<\/p>\t\t\t\t\t\t\t\t<\/div>\n\t\t\t\t<\/div>\n\t\t<div class=\"elementor-element elementor-element-f0edb36 e-con-full e-flex e-con e-child\" data-id=\"f0edb36\" data-element_type=\"container\" data-e-type=\"container\">\n\t\t\t\t<div class=\"elementor-element elementor-element-6025ab5 elementor-widget elementor-widget-heading\" data-id=\"6025ab5\" data-element_type=\"widget\" data-e-type=\"widget\" data-widget_type=\"heading.default\">\n\t\t\t\t\t<h2 class=\"elementor-heading-title elementor-size-default\">Khors og Dazhbog: tv\u00edtekning e\u00f0a verkaskipting<\/h2>\t\t\t\t<\/div>\n\t\t\t\t<div class=\"elementor-element elementor-element-6757f97 elementor-widget elementor-widget-text-editor\" data-id=\"6757f97\" data-element_type=\"widget\" data-e-type=\"widget\" data-widget_type=\"text-editor.default\">\n\t\t\t\t\t\t\t\t\t<p>Mikilv\u00e6g tr\u00faarbrag\u00f0afr\u00e6\u00f0ileg spurning er sambandi\u00f0 milli Dazhbog og Khors, sem b\u00e1\u00f0ir koma fram \u00ed Nestors\u00f6nnun sem me\u00f0limir <span class=\"iwg-fachbegriff\" data-tooltip=\"Heild gu\u00f0anna \u00ed tr\u00faarbr\u00f6g\u00f0um e\u00f0a menningu.\" tabindex=\"0\">Pantheon<\/span> Vladimirs.<\/p><p>B\u00e1\u00f0ir eru \u00ed fr\u00e6\u00f0unum tengdir s\u00f3linni: Khors er oft t\u00falka\u00f0ur sem s\u00f3larsk\u00edfa (af forn\u00edr\u00f6nsku \u00abhvarah\u00bb e\u00f0a \u00abx\u0161aeta\u00bb), Dazhbog sem s\u00f3larkraftur og gjafi vels\u00e6ldar. \u00deessi tv\u00f6f\u00f6ldun er \u00f3venjuleg og hefur leitt til fj\u00f6lda sk\u00fdringarl\u00edkana.<\/p>\n<p>Henryk \u0141owmia\u0144ski telur Khors hafa veri\u00f0 \u00edr\u00f6nskt t\u00f6kunafn fyrir s\u00f6mu s\u00f3larhlutverk, sem Dazhbog s\u00ed\u00f0an t\u00f3k yfir \u00ed \u00fej\u00f3\u00f0tr\u00fanni. Aleksander Gieysztor s\u00e1 \u00ed b\u00e1\u00f0um gu\u00f0unum tv\u00f6 a\u00f0greind hlutverk: Khors sem hi\u00f0 sj\u00f3nr\u00e6nu fyrirb\u00e6ri s\u00f3larinnar, Dazhbog sem \u00e1hrifam\u00e1tt hennar \u00e1 v\u00f6xt og vels\u00e6ld.<\/p><p>Boris Rybakov endurger\u00f0i fl\u00f3knari <span class=\"iwg-fachbegriff\" data-tooltip=\"V\u00edsindaleg fr\u00e6\u00f0i um gu\u00f0 og tr\u00fa innan tr\u00faarbrag\u00f0a.\" tabindex=\"0\">gu\u00f0fr\u00e6\u00f0i<\/span>, \u00fear sem Khors og Dazhbog koma fram sem fa\u00f0ir og sonur. Vladimir Toporov v\u00edsa\u00f0i \u00ed ind\u00f3evr\u00f3pskum samanbur\u00f0ar-<span class=\"iwg-fachbegriff\" data-tooltip=\"Heild go\u00f0sagna sem var\u00f0veist hafa innan menningar.\" tabindex=\"0\">go\u00f0afr\u00e6\u00f0i<\/span> sinni til ved\u00edska parsins Surya og Savitar, sem einnig t\u00e1kna tv\u00f6 hlutverk s\u00f3larins.<\/p>\t\t\t\t\t\t\t\t<\/div>\n\t\t\t\t<\/div>\n\t\t<div class=\"elementor-element elementor-element-35dc7d3 e-con-full e-flex e-con e-child\" data-id=\"35dc7d3\" data-element_type=\"container\" data-e-type=\"container\">\n\t\t\t\t<div class=\"elementor-element elementor-element-dc9b6e7 elementor-widget elementor-widget-heading\" data-id=\"dc9b6e7\" data-element_type=\"widget\" data-e-type=\"widget\" data-widget_type=\"heading.default\">\n\t\t\t\t\t<h2 class=\"elementor-heading-title elementor-size-default\">M\u00e1lfr\u00e6\u00f0ilegar aflei\u00f0ur<\/h2>\t\t\t\t<\/div>\n\t\t\t\t<div class=\"elementor-element elementor-element-5f834f7 elementor-widget elementor-widget-text-editor\" data-id=\"5f834f7\" data-element_type=\"widget\" data-e-type=\"widget\" data-widget_type=\"text-editor.default\">\n\t\t\t\t\t\t\t\t\t<p>Or\u00f0sifjask\u00fdringin \u00abDa\u017e-bog\u00bb (Gef-gu\u00f0) er \u00ed dag almennt vi\u00f0urkennd. H\u00fan er samsett \u00far frumslavneska bo\u00f0h\u00e6ttinum \u00ab*daj-\u00bb (gef) og \u00abbog\u044a\u00bb (gu\u00f0, upphaflega einnig \u00abhlutur, au\u00f0ur\u00bb).<\/p><p>Vladimir Toporov lag\u00f0i 1985 til a\u00f0 \u00abbog\u044a\u00bb hafi upphaflega ekki \u00fe\u00fdtt \u00abgu\u00f0\u00bb, heldur \u00abhlut sem er \u00fathluta\u00f0\u00bb; hin tr\u00faarlega meginmerking v\u00e6ri s\u00ed\u00f0ari s\u00e9rh\u00e6fing. \u00cd \u00fev\u00ed tilfelli v\u00e6ri \u00abDa\u017e-bog\u00bb or\u00f0r\u00e9tt \u00abGef-hlut\u00bb, \u00fe.e. gu\u00f0inn sem \u00fathlutar l\u00edfshlutnum.<\/p>\n<p>\u00deessi or\u00f0sifjafr\u00e6\u00f0ilega d\u00fdpt tengir Dazhbog vi\u00f0 ind\u00f3\u00edranska \u00abbaga\u00bb og \u00abbhaga\u00bb flokkinn. \u00cd persnesku <span class=\"iwg-fachbegriff\" data-tooltip=\"Heild gu\u00f0anna \u00ed tr\u00faarbr\u00f6g\u00f0um e\u00f0a menningu.\" tabindex=\"0\">Pantheon<\/span> er \u00abBaga\u00bb vi\u00f0urnefni \u00fdmissa gu\u00f0a, \u00ed ved\u00edsku <span class=\"iwg-fachbegriff\" data-tooltip=\"Heild gu\u00f0anna \u00ed tr\u00faarbr\u00f6g\u00f0um e\u00f0a menningu.\" tabindex=\"0\">Pantheon<\/span> er \u00abBhaga\u00bb sj\u00e1lfst\u00e6\u00f0ur gu\u00f0 sem \u00fathlutar l\u00edfshlutnum.<\/p><p>Roman Jakobson nota\u00f0i \u00feessa or\u00f0sifjask\u00fdringu til a\u00f0 benda \u00e1 ind\u00f3\u00edranskt lag \u00ed slavneska gu\u00f0anafnasafninu, sem g\u00e6ti einnig veri\u00f0 til sta\u00f0ar hj\u00e1 Simargl (auglj\u00f3slega af forn\u00edr\u00f6nsku \u00abSenmurv\u00bb) og hugsanlega hj\u00e1 Stribog.<\/p>\t\t\t\t\t\t\t\t<\/div>\n\t\t\t\t<\/div>\n\t\t<div class=\"elementor-element elementor-element-3da7793 e-con-full e-flex e-con e-child\" data-id=\"3da7793\" data-element_type=\"container\" data-e-type=\"container\">\n\t\t\t\t<div class=\"elementor-element elementor-element-54027e8 elementor-widget elementor-widget-heading\" data-id=\"54027e8\" data-element_type=\"widget\" data-e-type=\"widget\" data-widget_type=\"heading.default\">\n\t\t\t\t\t<h2 class=\"elementor-heading-title elementor-size-default\">Dazhbog \u00ed go\u00f0sagnasafni \u00fej\u00f3\u00f0tr\u00faarinnar<\/h2>\t\t\t\t<\/div>\n\t\t\t\t<div class=\"elementor-element elementor-element-8ad0cbd elementor-widget elementor-widget-text-editor\" data-id=\"8ad0cbd\" data-element_type=\"widget\" data-e-type=\"widget\" data-widget_type=\"text-editor.default\">\n\t\t\t\t\t\t\t\t\t<p>\u00dej\u00f3\u00f0leg fr\u00e1sagnarhef\u00f0 \u00feekkir fj\u00f6lda sagna \u00fear sem s\u00f3lin kemur fram sem f\u00f6\u00f0urlegt vald. \u00deessar fr\u00e1sagnir eru ekki nau\u00f0synlega bundnar vi\u00f0 Dazhbog s\u00e9rstaklega, en g\u00e6tu var\u00f0veitt spor eldri s\u00f3ld\u00fdrkunar.<\/p><p>\u00cd austurslavneskri hef\u00f0 kemur s\u00f3lin fram sem \u00abrau\u00f0a s\u00f3lin litla\u00bb (Krasnoye Solnyshko), oft sem pers\u00f3na sem ekur vagni yfir himininn, sest a\u00f0 kv\u00f6ldi \u00ed vestri og r\u00eds aftur n\u00e6sta morgun \u00ed austri. \u00cd sumum fr\u00e1s\u00f6gnum \u00e1 s\u00f3lin son og d\u00f3ttur. \u00deessi fj\u00f6lskylduger\u00f0 minnir \u00ed byggingu \u00e1 ind\u00f3\u00edranskar hugmyndir.<\/p>\n<p>\u00cd serbneskri \u00fej\u00f3\u00f0tr\u00fa er s\u00f3lin tengd Dabog, sem eins og \u00e1\u00f0ur var nefnt hefur d\u00f6kkan bl\u00e6.<\/p><p>\u00deessi \u00fe\u00f3kn\u00f3tta (chthon\u00edska) vending er s\u00f6gulega \u00f3venjuleg og fr\u00e6\u00f0in t\u00falka hana sem kristna endurm\u00f3tun upphaflega j\u00e1kv\u00e6\u00f0rar s\u00f3ld\u00fdrkunar: Me\u00f0 kristnit\u00f6kunni var hei\u00f0ni h\u00f6fu\u00f0gu\u00f0inn endurt\u00falka\u00f0ur sem d\u00f6kkur andst\u00e6\u00f0ingur kristna gu\u00f0sins, mynstur sem oft s\u00e9st \u00ed tr\u00faarbreytingum.<\/p>\t\t\t\t\t\t\t\t<\/div>\n\t\t\t\t<\/div>\n\t\t\t\t\t<\/div>\n\t\t\t\t<\/div>\n\t\t\t\t<\/div>\n\t\t","protected":false},"excerpt":{"rendered":"","protected":false},"author":3,"featured_media":3264,"parent":0,"menu_order":0,"comment_status":"closed","ping_status":"closed","template":"elementor_header_footer","meta":{"_yoast_wpseo_focuskw":"Dazhbog","_yoast_wpseo_title":"Dazhbog \u2013 slavneskur s\u00f3lgu\u00f0 | iWell Guard","_yoast_wpseo_metadesc":"Dazhbog er slavneskur s\u00f3lgu\u00f0 og gjafi hamingjunnar. Sonur Svarogs og forfa\u00f0ir R\u00fassa. Go\u00f0s\u00f6gn og d\u00fdrkun \u00ed K\u00e6nugar\u00f0sr\u00edkinu.","_yoast_wpseo_meta-robots-noindex":"","_yoast_wpseo_canonical":"","_angie_page":false,"gefaehrdungsstufe":"","wesen_kultur":"","wesen_klasse":"","footnotes":""},"categories":[],"class_list":["post-169088","page","type-page","status-publish","has-post-thumbnail","hentry"],"yoast_head":"<!-- This site is optimized with the Yoast SEO Premium plugin v27.7 (Yoast SEO v28.3) - https:\/\/yoast.com\/product\/yoast-seo-premium-wordpress\/ -->\n<title>Dazhbog \u2013 slavneskur s\u00f3lgu\u00f0 | iWell Guard<\/title>\n<meta name=\"description\" content=\"Dazhbog er slavneskur s\u00f3lgu\u00f0 og gjafi hamingjunnar. Sonur Svarogs og forfa\u00f0ir R\u00fassa. Go\u00f0s\u00f6gn og d\u00fdrkun \u00ed K\u00e6nugar\u00f0sr\u00edkinu.\" \/>\n<meta name=\"robots\" content=\"index, follow, max-snippet:-1, max-image-preview:large, max-video-preview:-1\" \/>\n<link rel=\"canonical\" href=\"https:\/\/iwell-guard.com\/is\/dazhbog\/\" \/>\n<meta property=\"og:locale\" content=\"is_IS\" \/>\n<meta property=\"og:type\" content=\"article\" \/>\n<meta property=\"og:title\" content=\"Dazhbog\" \/>\n<meta property=\"og:description\" content=\"Dazhbog er slavneskur s\u00f3lgu\u00f0 og gjafi hamingjunnar. Sonur Svarogs og forfa\u00f0ir R\u00fassa. Go\u00f0s\u00f6gn og d\u00fdrkun \u00ed K\u00e6nugar\u00f0sr\u00edkinu.\" \/>\n<meta property=\"og:url\" content=\"https:\/\/iwell-guard.com\/is\/dazhbog\/\" \/>\n<meta property=\"og:site_name\" content=\"iWell Guard\" \/>\n<meta property=\"article:modified_time\" content=\"2026-09-05T14:31:57+00:00\" \/>\n<meta property=\"og:image\" content=\"https:\/\/iwell-guard.com\/wp-content\/uploads\/2026\/05\/goetter_slawisch_dazhbog.webp\" \/>\n\t<meta property=\"og:image:width\" content=\"1024\" \/>\n\t<meta property=\"og:image:height\" content=\"1536\" \/>\n\t<meta property=\"og:image:type\" content=\"image\/webp\" \/>\n<meta name=\"twitter:card\" content=\"summary_large_image\" \/>\n<script type=\"application\/ld+json\" class=\"yoast-schema-graph\">{\"@context\":\"https:\\\/\\\/schema.org\",\"@graph\":[{\"@type\":\"WebPage\",\"@id\":\"https:\\\/\\\/iwell-guard.com\\\/is\\\/dazhbog\\\/\",\"url\":\"https:\\\/\\\/iwell-guard.com\\\/is\\\/dazhbog\\\/\",\"name\":\"Dazhbog \u2013 slavneskur s\u00f3lgu\u00f0 | iWell Guard\",\"isPartOf\":{\"@id\":\"https:\\\/\\\/iwell-guard.com\\\/is\\\/#website\"},\"primaryImageOfPage\":{\"@id\":\"https:\\\/\\\/iwell-guard.com\\\/is\\\/dazhbog\\\/#primaryimage\"},\"image\":{\"@id\":\"https:\\\/\\\/iwell-guard.com\\\/is\\\/dazhbog\\\/#primaryimage\"},\"thumbnailUrl\":\"https:\\\/\\\/iwell-guard.com\\\/wp-content\\\/uploads\\\/2026\\\/05\\\/goetter_slawisch_dazhbog.webp\",\"datePublished\":\"2026-09-05T14:05:29+00:00\",\"dateModified\":\"2026-09-05T14:31:57+00:00\",\"description\":\"Dazhbog er slavneskur s\u00f3lgu\u00f0 og gjafi hamingjunnar. Sonur Svarogs og forfa\u00f0ir R\u00fassa. Go\u00f0s\u00f6gn og d\u00fdrkun \u00ed K\u00e6nugar\u00f0sr\u00edkinu.\",\"breadcrumb\":{\"@id\":\"https:\\\/\\\/iwell-guard.com\\\/is\\\/dazhbog\\\/#breadcrumb\"},\"inLanguage\":\"is\",\"potentialAction\":[{\"@type\":\"ReadAction\",\"target\":[\"https:\\\/\\\/iwell-guard.com\\\/is\\\/dazhbog\\\/\"]}]},{\"@type\":\"ImageObject\",\"inLanguage\":\"is\",\"@id\":\"https:\\\/\\\/iwell-guard.com\\\/is\\\/dazhbog\\\/#primaryimage\",\"url\":\"https:\\\/\\\/iwell-guard.com\\\/wp-content\\\/uploads\\\/2026\\\/05\\\/goetter_slawisch_dazhbog.webp\",\"contentUrl\":\"https:\\\/\\\/iwell-guard.com\\\/wp-content\\\/uploads\\\/2026\\\/05\\\/goetter_slawisch_dazhbog.webp\",\"width\":1024,\"height\":1536,\"caption\":\"Gu\u00f0ir \u00far slavneskri hef\u00f0.\"},{\"@type\":\"BreadcrumbList\",\"@id\":\"https:\\\/\\\/iwell-guard.com\\\/is\\\/dazhbog\\\/#breadcrumb\",\"itemListElement\":[{\"@type\":\"ListItem\",\"position\":1,\"name\":\"Start\",\"item\":\"https:\\\/\\\/iwell-guard.com\\\/is\\\/?page_id=168580\"},{\"@type\":\"ListItem\",\"position\":2,\"name\":\"Dazhbog\"}]},{\"@type\":\"WebSite\",\"@id\":\"https:\\\/\\\/iwell-guard.com\\\/is\\\/#website\",\"url\":\"https:\\\/\\\/iwell-guard.com\\\/is\\\/\",\"name\":\"iWell Guard\",\"description\":\"Schutz vor dunklen Einfl\u00fcssen\",\"publisher\":{\"@id\":\"https:\\\/\\\/iwell-guard.com\\\/is\\\/#organization\"},\"potentialAction\":[{\"@type\":\"SearchAction\",\"target\":{\"@type\":\"EntryPoint\",\"urlTemplate\":\"https:\\\/\\\/iwell-guard.com\\\/is\\\/?s={search_term_string}\"},\"query-input\":{\"@type\":\"PropertyValueSpecification\",\"valueRequired\":true,\"valueName\":\"search_term_string\"}}],\"inLanguage\":\"is\"},{\"@type\":\"Organization\",\"@id\":\"https:\\\/\\\/iwell-guard.com\\\/is\\\/#organization\",\"name\":\"Ittermann electronic GmbH\",\"url\":\"https:\\\/\\\/iwell-guard.com\\\/is\\\/\",\"logo\":{\"@type\":\"ImageObject\",\"inLanguage\":\"is\",\"@id\":\"https:\\\/\\\/iwell-guard.com\\\/is\\\/#\\\/schema\\\/logo\\\/image\\\/\",\"url\":\"https:\\\/\\\/iwell-guard.com\\\/wp-content\\\/uploads\\\/2026\\\/05\\\/Ittermann-Logo-1182x237-1.png\",\"contentUrl\":\"https:\\\/\\\/iwell-guard.com\\\/wp-content\\\/uploads\\\/2026\\\/05\\\/Ittermann-Logo-1182x237-1.png\",\"width\":1182,\"height\":237,\"caption\":\"Ittermann electronic GmbH\"},\"image\":{\"@id\":\"https:\\\/\\\/iwell-guard.com\\\/is\\\/#\\\/schema\\\/logo\\\/image\\\/\"},\"sameAs\":[\"https:\\\/\\\/pantip.com\\\/profile\\\/9367242\",\"https:\\\/\\\/micro.blog\\\/iwellguard\",\"https:\\\/\\\/www.diggerslist.com\\\/iwellguard\\\/about\",\"https:\\\/\\\/skitterphoto.com\\\/photographers\\\/2870314\\\/iwell-guard\",\"https:\\\/\\\/iwellguard.wordpress.com\\\/2026\\\/06\\\/06\\\/iwell-guard\\\/\",\"https:\\\/\\\/hub.docker.com\\\/u\\\/iwellguard\",\"https:\\\/\\\/www.pinterest.com\\\/iwellguard\\\/\",\"https:\\\/\\\/bit.ly\\\/m\\\/iwellguard\",\"https:\\\/\\\/entre-vos-mains.alsace.eu\\\/profiles\\\/iwellguard\\\/activity\",\"https:\\\/\\\/gravatar.com\\\/reallybeded8fd34\",\"https:\\\/\\\/naijamatta.com\\\/iwellguard\",\"https:\\\/\\\/www.goodreads.com\\\/iwellguard\",\"https:\\\/\\\/profile.hatena.ne.jp\\\/iwellguard\\\/\",\"https:\\\/\\\/experiment.com\\\/users\\\/iwellguard\",\"https:\\\/\\\/wakelet.com\\\/@iWellGuard82270\",\"https:\\\/\\\/www.chordie.com\\\/forum\\\/profile.php?id=2555664\",\"https:\\\/\\\/www.instapaper.com\\\/p\\\/17757966\",\"https:\\\/\\\/www.mapleprimes.com\\\/users\\\/iwellguard\",\"https:\\\/\\\/businesslistingplus.com\\\/profile\\\/iwell-guard\\\/\",\"https:\\\/\\\/telegra.ph\\\/iWell-Guard-06-06\",\"https:\\\/\\\/pbase.com\\\/iwellguard\\\/iwellguard\",\"https:\\\/\\\/b.hatena.ne.jp\\\/iwellguard\\\/20260607#bookmark-4788405196491818882\",\"https:\\\/\\\/fliphtml5.com\\\/home\\\/iwellguard\",\"https:\\\/\\\/anyflip.com\\\/homepage\\\/cmiwl#About\",\"https:\\\/\\\/transfur.com\\\/Users\\\/iwellguard\",\"http:\\\/\\\/delphi.larsbo.org\\\/user\\\/iwellguard\",\"https:\\\/\\\/jobs.lajobsportal.org\\\/profiles\\\/8380803-iwell-guard\",\"https:\\\/\\\/md.chaosdorf.de\\\/s\\\/jfbe5SBdJD\",\"https:\\\/\\\/www.lingvolive.com\\\/en-us\\\/profile\\\/9ecaeaca-ce11-4e51-9e71-01d55e2bff36\\\/translations\",\"https:\\\/\\\/www.fitday.com\\\/fitness\\\/forums\\\/members\\\/iwellguard.html\",\"https:\\\/\\\/www.mymeetbook.com\\\/iwellguard\",\"https:\\\/\\\/pxhere.com\\\/en\\\/photographer-me\\\/5040798\",\"https:\\\/\\\/disqus.com\\\/by\\\/iwellguard\\\/about\\\/\",\"https:\\\/\\\/pastelink.net\\\/hjwciqwq\",\"https:\\\/\\\/pubhtml5.com\\\/homepage\\\/scjhn\\\/\",\"https:\\\/\\\/www.bitchute.com\\\/channel\\\/2O2eOKzNqujT\",\"https:\\\/\\\/audiomack.com\\\/iwellguard\"]}]}<\/script>\n<!-- \/ Yoast SEO Premium plugin. -->","yoast_head_json":{"title":"Dazhbog \u2013 slavneskur s\u00f3lgu\u00f0 | iWell Guard","description":"Dazhbog er slavneskur s\u00f3lgu\u00f0 og gjafi hamingjunnar. Sonur Svarogs og forfa\u00f0ir R\u00fassa. Go\u00f0s\u00f6gn og d\u00fdrkun \u00ed K\u00e6nugar\u00f0sr\u00edkinu.","robots":{"index":"index","follow":"follow","max-snippet":"max-snippet:-1","max-image-preview":"max-image-preview:large","max-video-preview":"max-video-preview:-1"},"canonical":"https:\/\/iwell-guard.com\/is\/dazhbog\/","og_locale":"is_IS","og_type":"article","og_title":"Dazhbog","og_description":"Dazhbog er slavneskur s\u00f3lgu\u00f0 og gjafi hamingjunnar. Sonur Svarogs og forfa\u00f0ir R\u00fassa. Go\u00f0s\u00f6gn og d\u00fdrkun \u00ed K\u00e6nugar\u00f0sr\u00edkinu.","og_url":"https:\/\/iwell-guard.com\/is\/dazhbog\/","og_site_name":"iWell Guard","article_modified_time":"2026-09-05T14:31:57+00:00","og_image":[{"width":1024,"height":1536,"url":"https:\/\/iwell-guard.com\/wp-content\/uploads\/2026\/05\/goetter_slawisch_dazhbog.webp","type":"image\/webp"}],"twitter_card":"summary_large_image","schema":{"@context":"https:\/\/schema.org","@graph":[{"@type":"WebPage","@id":"https:\/\/iwell-guard.com\/is\/dazhbog\/","url":"https:\/\/iwell-guard.com\/is\/dazhbog\/","name":"Dazhbog \u2013 slavneskur s\u00f3lgu\u00f0 | iWell Guard","isPartOf":{"@id":"https:\/\/iwell-guard.com\/is\/#website"},"primaryImageOfPage":{"@id":"https:\/\/iwell-guard.com\/is\/dazhbog\/#primaryimage"},"image":{"@id":"https:\/\/iwell-guard.com\/is\/dazhbog\/#primaryimage"},"thumbnailUrl":"https:\/\/iwell-guard.com\/wp-content\/uploads\/2026\/05\/goetter_slawisch_dazhbog.webp","datePublished":"2026-09-05T14:05:29+00:00","dateModified":"2026-09-05T14:31:57+00:00","description":"Dazhbog er slavneskur s\u00f3lgu\u00f0 og gjafi hamingjunnar. Sonur Svarogs og forfa\u00f0ir R\u00fassa. Go\u00f0s\u00f6gn og d\u00fdrkun \u00ed K\u00e6nugar\u00f0sr\u00edkinu.","breadcrumb":{"@id":"https:\/\/iwell-guard.com\/is\/dazhbog\/#breadcrumb"},"inLanguage":"is","potentialAction":[{"@type":"ReadAction","target":["https:\/\/iwell-guard.com\/is\/dazhbog\/"]}]},{"@type":"ImageObject","inLanguage":"is","@id":"https:\/\/iwell-guard.com\/is\/dazhbog\/#primaryimage","url":"https:\/\/iwell-guard.com\/wp-content\/uploads\/2026\/05\/goetter_slawisch_dazhbog.webp","contentUrl":"https:\/\/iwell-guard.com\/wp-content\/uploads\/2026\/05\/goetter_slawisch_dazhbog.webp","width":1024,"height":1536,"caption":"Gu\u00f0ir \u00far slavneskri hef\u00f0."},{"@type":"BreadcrumbList","@id":"https:\/\/iwell-guard.com\/is\/dazhbog\/#breadcrumb","itemListElement":[{"@type":"ListItem","position":1,"name":"Start","item":"https:\/\/iwell-guard.com\/is\/?page_id=168580"},{"@type":"ListItem","position":2,"name":"Dazhbog"}]},{"@type":"WebSite","@id":"https:\/\/iwell-guard.com\/is\/#website","url":"https:\/\/iwell-guard.com\/is\/","name":"iWell Guard","description":"Schutz vor dunklen Einfl\u00fcssen","publisher":{"@id":"https:\/\/iwell-guard.com\/is\/#organization"},"potentialAction":[{"@type":"SearchAction","target":{"@type":"EntryPoint","urlTemplate":"https:\/\/iwell-guard.com\/is\/?s={search_term_string}"},"query-input":{"@type":"PropertyValueSpecification","valueRequired":true,"valueName":"search_term_string"}}],"inLanguage":"is"},{"@type":"Organization","@id":"https:\/\/iwell-guard.com\/is\/#organization","name":"Ittermann electronic GmbH","url":"https:\/\/iwell-guard.com\/is\/","logo":{"@type":"ImageObject","inLanguage":"is","@id":"https:\/\/iwell-guard.com\/is\/#\/schema\/logo\/image\/","url":"https:\/\/iwell-guard.com\/wp-content\/uploads\/2026\/05\/Ittermann-Logo-1182x237-1.png","contentUrl":"https:\/\/iwell-guard.com\/wp-content\/uploads\/2026\/05\/Ittermann-Logo-1182x237-1.png","width":1182,"height":237,"caption":"Ittermann electronic GmbH"},"image":{"@id":"https:\/\/iwell-guard.com\/is\/#\/schema\/logo\/image\/"},"sameAs":["https:\/\/pantip.com\/profile\/9367242","https:\/\/micro.blog\/iwellguard","https:\/\/www.diggerslist.com\/iwellguard\/about","https:\/\/skitterphoto.com\/photographers\/2870314\/iwell-guard","https:\/\/iwellguard.wordpress.com\/2026\/06\/06\/iwell-guard\/","https:\/\/hub.docker.com\/u\/iwellguard","https:\/\/www.pinterest.com\/iwellguard\/","https:\/\/bit.ly\/m\/iwellguard","https:\/\/entre-vos-mains.alsace.eu\/profiles\/iwellguard\/activity","https:\/\/gravatar.com\/reallybeded8fd34","https:\/\/naijamatta.com\/iwellguard","https:\/\/www.goodreads.com\/iwellguard","https:\/\/profile.hatena.ne.jp\/iwellguard\/","https:\/\/experiment.com\/users\/iwellguard","https:\/\/wakelet.com\/@iWellGuard82270","https:\/\/www.chordie.com\/forum\/profile.php?id=2555664","https:\/\/www.instapaper.com\/p\/17757966","https:\/\/www.mapleprimes.com\/users\/iwellguard","https:\/\/businesslistingplus.com\/profile\/iwell-guard\/","https:\/\/telegra.ph\/iWell-Guard-06-06","https:\/\/pbase.com\/iwellguard\/iwellguard","https:\/\/b.hatena.ne.jp\/iwellguard\/20260607#bookmark-4788405196491818882","https:\/\/fliphtml5.com\/home\/iwellguard","https:\/\/anyflip.com\/homepage\/cmiwl#About","https:\/\/transfur.com\/Users\/iwellguard","http:\/\/delphi.larsbo.org\/user\/iwellguard","https:\/\/jobs.lajobsportal.org\/profiles\/8380803-iwell-guard","https:\/\/md.chaosdorf.de\/s\/jfbe5SBdJD","https:\/\/www.lingvolive.com\/en-us\/profile\/9ecaeaca-ce11-4e51-9e71-01d55e2bff36\/translations","https:\/\/www.fitday.com\/fitness\/forums\/members\/iwellguard.html","https:\/\/www.mymeetbook.com\/iwellguard","https:\/\/pxhere.com\/en\/photographer-me\/5040798","https:\/\/disqus.com\/by\/iwellguard\/about\/","https:\/\/pastelink.net\/hjwciqwq","https:\/\/pubhtml5.com\/homepage\/scjhn\/","https:\/\/www.bitchute.com\/channel\/2O2eOKzNqujT","https:\/\/audiomack.com\/iwellguard"]}]}},"_links":{"self":[{"href":"https:\/\/iwell-guard.com\/is\/wp-json\/wp\/v2\/pages\/169088","targetHints":{"allow":["GET"]}}],"collection":[{"href":"https:\/\/iwell-guard.com\/is\/wp-json\/wp\/v2\/pages"}],"about":[{"href":"https:\/\/iwell-guard.com\/is\/wp-json\/wp\/v2\/types\/page"}],"author":[{"embeddable":true,"href":"https:\/\/iwell-guard.com\/is\/wp-json\/wp\/v2\/users\/3"}],"replies":[{"embeddable":true,"href":"https:\/\/iwell-guard.com\/is\/wp-json\/wp\/v2\/comments?post=169088"}],"version-history":[{"count":0,"href":"https:\/\/iwell-guard.com\/is\/wp-json\/wp\/v2\/pages\/169088\/revisions"}],"wp:featuredmedia":[{"embeddable":true,"href":"https:\/\/iwell-guard.com\/is\/wp-json\/wp\/v2\/media\/3264"}],"wp:attachment":[{"href":"https:\/\/iwell-guard.com\/is\/wp-json\/wp\/v2\/media?parent=169088"}],"wp:term":[{"taxonomy":"category","embeddable":true,"href":"https:\/\/iwell-guard.com\/is\/wp-json\/wp\/v2\/categories?post=169088"}],"curies":[{"name":"wp","href":"https:\/\/api.w.org\/{rel}","templated":true}]}}