{"id":169087,"date":"2026-09-05T14:05:28","date_gmt":"2026-09-05T14:05:28","guid":{"rendered":"https:\/\/iwell-guard.com\/?page_id=169087"},"modified":"2026-09-05T14:31:56","modified_gmt":"2026-09-05T14:31:56","slug":"ebisu","status":"publish","type":"page","link":"https:\/\/iwell-guard.com\/is\/ebisu\/","title":{"rendered":"Ebisu"},"content":{"rendered":"\t\t<div data-elementor-type=\"wp-page\" data-elementor-id=\"169087\" class=\"elementor elementor-169087 elementor-3028 elementor-bc-flex-widget\" data-elementor-post-type=\"page\">\n\t\t\t\t<div class=\"elementor-element elementor-element-e596cf6 e-flex e-con-boxed e-con e-parent\" data-id=\"e596cf6\" data-element_type=\"container\" data-e-type=\"container\" data-settings=\"{&quot;background_background&quot;:&quot;classic&quot;}\">\n\t\t\t\t\t<div class=\"e-con-inner\">\n\t\t<div class=\"elementor-element elementor-element-f940558 e-flex e-con-boxed e-con e-child\" data-id=\"f940558\" data-element_type=\"container\" data-e-type=\"container\">\n\t\t\t\t\t<div class=\"e-con-inner\">\n\t\t<div class=\"elementor-element elementor-element-a06094f e-con-full e-flex e-con e-child\" data-id=\"a06094f\" data-element_type=\"container\" data-e-type=\"container\">\n\t\t\t\t<div class=\"elementor-element elementor-element-7063de9 elementor-widget elementor-widget-heading\" data-id=\"7063de9\" data-element_type=\"widget\" data-e-type=\"widget\" data-widget_type=\"heading.default\">\n\t\t\t\t\t<h1 class=\"elementor-heading-title elementor-size-default\">Ebisu, japanskur gu\u00f0 g\u00e6fu og fiskimanna<\/h1>\t\t\t\t<\/div>\n\t\t\t\t<div class=\"elementor-element elementor-element-c0b75f5 elementor-widget elementor-widget-text-editor\" data-id=\"c0b75f5\" data-element_type=\"widget\" data-e-type=\"widget\" data-widget_type=\"text-editor.default\">\n\t\t\t\t\t\t\t\t\t<p>Ebisu er japanskur gu\u00f0 g\u00e6funnar og verndargu\u00f0 fiskimanna og kaupmanna, en honum er eigna\u00f0 gla\u00f0legt og g\u00f3\u00f0l\u00e1tlegt e\u00f0li. Ebisu, me\u00f0 fullu nafni Ebisu-no-<span class=\"iwg-fachbegriff\" data-tooltip=\"\u00cd jap\u00f6nskum shinto hin d\u00fdrku\u00f0u andaverur og gu\u00f0legu m\u00e1ttarv\u00f6ld.\" tabindex=\"0\">kami<\/span> (einnig kalla\u00f0ur Hiruko-no-Mikoto e\u00f0a Kotoshironushi-no-<span class=\"iwg-fachbegriff\" data-tooltip=\"\u00cd jap\u00f6nskum shinto hin d\u00fdrku\u00f0u andaverur og gu\u00f0legu m\u00e1ttarv\u00f6ld.\" tabindex=\"0\">kami<\/span>), er \u00ed jap\u00f6nskum shint\u014d <span class=\"iwg-fachbegriff\" data-tooltip=\"Vera sem er d\u00fdrku\u00f0 sem gu\u00f0leg innan tr\u00faarbrag\u00f0a.\" tabindex=\"0\">gu\u00f0d\u00f3mur<\/span> fiskvei\u00f0a, verslunar og g\u00e6fu.<\/p><p>Hann tilheyrir \u201eShichifukujin\u201c, hinum sj\u00f6 g\u00e6fugu\u00f0um, og er af \u00feeim eini upprunalega japanski <span class=\"iwg-fachbegriff\" data-tooltip=\"\u00cd jap\u00f6nskum shinto hin d\u00fdrku\u00f0u andaverur og gu\u00f0legu m\u00e1ttarv\u00f6ld.\" tabindex=\"0\">kami<\/span>; hinir sex koma \u00far k\u00ednversku e\u00f0a indversku <span class=\"iwg-fachbegriff\" data-tooltip=\"Heildarsafn gu\u00f0a innan tr\u00faarbrag\u00f0a e\u00f0a menningar.\" tabindex=\"0\">go\u00f0aveldi<\/span>.<\/p><p>Ebisu er \u00ed hef\u00f0inni s\u00fdndur me\u00f0 s\u00e6brau\u00f0 (tai) undir hendinni og fiskist\u00f6ng \u00ed hendi; hl\u00e6jandi, hn\u00f6ttlaga andliti\u00f0 og b\u00f3lstru\u00f0 skikkjan gera hann a\u00f0 einum vins\u00e6lasta \u00fej\u00f3\u00f0ard\u00fdrlingi Japans.<\/p>\t\t\t\t\t\t\t\t<\/div>\n\t\t\t\t<\/div>\n\t\t<div class=\"elementor-element elementor-element-6a79c34 e-con-full e-flex e-con e-parent\" data-id=\"6a79c34\" data-element_type=\"container\" data-e-type=\"container\">\n\t\t\t\t<div class=\"elementor-element elementor-element-a7c895f elementor-widget elementor-widget-html\" data-id=\"a7c895f\" data-element_type=\"widget\" data-e-type=\"widget\" data-widget_type=\"html.default\">\n\t\t\t\t\t<div class=\"iwg-pill-row\"><span class=\"iwg-klasse-badge\" tabindex=\"0\" data-tooltip=\"Gu\u00f0 \/ gy\u00f0ja: Pers\u00f3nuger\u00f0ur h\u00e6sta m\u00e1ttur \u00ed go\u00f0heimi menningar, me\u00f0 sk\u00fdr hlutverk \u2014 n\u00e1tt\u00faru\u00f6fl, \u00f6rl\u00f6g, str\u00ed\u00f0, frj\u00f3semi. Tigna\u00f0ur me\u00f0 tilbei\u00f0slu, f\u00f3rnum og hofastofnunum.\">Gu\u00f0<\/span><a href=\"https:\/\/iwell-guard.com\/is\/japan\/\" class=\"iwg-kultur-badge\" tabindex=\"0\" data-tooltip=\"Japanskir Shinto-kami og b\u00fadd\u00edsk-yokai heimar.\">Japan<\/a><\/div>\t\t\t\t<\/div>\n\t\t\t\t<\/div>\n\t\t<div class=\"elementor-element elementor-element-c792d61 e-con-full e-flex e-con e-child\" data-id=\"c792d61\" data-element_type=\"container\" data-e-type=\"container\">\n\t\t\t\t<div class=\"elementor-element elementor-element-a06e544 elementor-toc--minimized-on-tablet elementor-widget elementor-widget-table-of-contents\" data-id=\"a06e544\" data-element_type=\"widget\" data-e-type=\"widget\" data-settings=\"{&quot;exclude_headings_by_selector&quot;:[],&quot;no_headings_message&quot;:&quot;Engar undirfyrirsagnir fundust \\u00e1 \\u00feessari s\\u00ed\\u00f0u.&quot;,&quot;headings_by_tags&quot;:[&quot;h2&quot;,&quot;h3&quot;],&quot;marker_view&quot;:&quot;bullets&quot;,&quot;icon&quot;:{&quot;value&quot;:&quot;fas fa-circle&quot;,&quot;library&quot;:&quot;fa-solid&quot;,&quot;rendered_tag&quot;:&quot;&lt;svg class=\\&quot;e-font-icon-svg e-fas-circle\\&quot; viewBox=\\&quot;0 0 512 512\\&quot; xmlns=\\&quot;http:\\\/\\\/www.w3.org\\\/2000\\\/svg\\&quot;&gt;&lt;path d=\\&quot;M256 8C119 8 8 119 8 256s111 248 248 248 248-111 248-248S393 8 256 8z\\&quot;&gt;&lt;\\\/path&gt;&lt;\\\/svg&gt;&quot;},&quot;minimize_box&quot;:&quot;yes&quot;,&quot;minimized_on&quot;:&quot;tablet&quot;,&quot;hierarchical_view&quot;:&quot;yes&quot;,&quot;min_height&quot;:{&quot;unit&quot;:&quot;px&quot;,&quot;size&quot;:&quot;&quot;,&quot;sizes&quot;:[]},&quot;min_height_tablet&quot;:{&quot;unit&quot;:&quot;px&quot;,&quot;size&quot;:&quot;&quot;,&quot;sizes&quot;:[]},&quot;min_height_mobile&quot;:{&quot;unit&quot;:&quot;px&quot;,&quot;size&quot;:&quot;&quot;,&quot;sizes&quot;:[]}}\" data-widget_type=\"table-of-contents.default\">\n\t\t\t\t\t\t\t\t\t<div class=\"elementor-toc__header\">\n\t\t\t\t\t\t<h2 class=\"elementor-toc__header-title\">\n\t\t\t\tEfnisyfirlit\t\t\t<\/h2>\n\t\t\t\t\t\t\t\t\t\t<div class=\"elementor-toc__toggle-button elementor-toc__toggle-button--expand\" role=\"button\" tabindex=\"0\" aria-controls=\"elementor-toc__a06e544\" aria-expanded=\"true\" aria-label=\"Open table of contents\"><svg aria-hidden=\"true\" class=\"e-font-icon-svg e-fas-chevron-down\" viewBox=\"0 0 448 512\" xmlns=\"http:\/\/www.w3.org\/2000\/svg\"><path d=\"M207.029 381.476L12.686 187.132c-9.373-9.373-9.373-24.569 0-33.941l22.667-22.667c9.357-9.357 24.522-9.375 33.901-.04L224 284.505l154.745-154.021c9.379-9.335 24.544-9.317 33.901.04l22.667 22.667c9.373 9.373 9.373 24.569 0 33.941L240.971 381.476c-9.373 9.372-24.569 9.372-33.942 0z\"><\/path><\/svg><\/div>\n\t\t\t\t<div class=\"elementor-toc__toggle-button elementor-toc__toggle-button--collapse\" role=\"button\" tabindex=\"0\" aria-controls=\"elementor-toc__a06e544\" aria-expanded=\"true\" aria-label=\"Close table of contents\"><svg aria-hidden=\"true\" class=\"e-font-icon-svg e-fas-chevron-up\" viewBox=\"0 0 448 512\" xmlns=\"http:\/\/www.w3.org\/2000\/svg\"><path d=\"M240.971 130.524l194.343 194.343c9.373 9.373 9.373 24.569 0 33.941l-22.667 22.667c-9.357 9.357-24.522 9.375-33.901.04L224 227.495 69.255 381.516c-9.379 9.335-24.544 9.317-33.901-.04l-22.667-22.667c-9.373-9.373-9.373-24.569 0-33.941L207.03 130.525c9.372-9.373 24.568-9.373 33.941-.001z\"><\/path><\/svg><\/div>\n\t\t\t\t\t<\/div>\n\t\t\t\t<div id=\"elementor-toc__a06e544\" class=\"elementor-toc__body\">\n\t\t\t<div class=\"elementor-toc__spinner-container\">\n\t\t\t\t<svg class=\"elementor-toc__spinner eicon-animation-spin e-font-icon-svg e-eicon-loading\" aria-hidden=\"true\" viewBox=\"0 0 1000 1000\" xmlns=\"http:\/\/www.w3.org\/2000\/svg\"><path d=\"M500 975V858C696 858 858 696 858 500S696 142 500 142 142 304 142 500H25C25 237 238 25 500 25S975 237 975 500 763 975 500 975Z\"><\/path><\/svg>\t\t\t<\/div>\n\t\t<\/div>\n\t\t\t\t\t\t<\/div>\n\t\t\t\t<\/div>\n\t\t\t\t\t<\/div>\n\t\t\t\t<\/div>\n\t\t<div class=\"elementor-element elementor-element-0deddc1 e-con-full e-flex e-con e-child\" data-id=\"0deddc1\" data-element_type=\"container\" data-e-type=\"container\">\n\t\t\t\t<div class=\"elementor-element elementor-element-0be5082 iwg-hero-image elementor-widget elementor-widget-image\" data-id=\"0be5082\" data-element_type=\"widget\" data-e-type=\"widget\" data-widget_type=\"image.default\">\n\t\t\t\t\t\t\t\t\t\t\t\t\t\t\t<img fetchpriority=\"high\" decoding=\"async\" width=\"683\" height=\"1024\" src=\"https:\/\/iwell-guard.com\/wp-content\/uploads\/2026\/05\/goetter_japan_ebisu-683x1024.webp\" class=\"attachment-large size-large wp-image-170722\" alt=\"Ebisu - Gu\u00f0ir \u00far japanskri hef\u00f0, s\u00f6guleg myndskreyting\" srcset=\"https:\/\/iwell-guard.com\/wp-content\/uploads\/2026\/05\/goetter_japan_ebisu-683x1024.webp 683w, https:\/\/iwell-guard.com\/wp-content\/uploads\/2026\/05\/goetter_japan_ebisu-200x300.webp 200w, https:\/\/iwell-guard.com\/wp-content\/uploads\/2026\/05\/goetter_japan_ebisu-768x1152.webp 768w, https:\/\/iwell-guard.com\/wp-content\/uploads\/2026\/05\/goetter_japan_ebisu.webp 1024w\" sizes=\"(max-width: 683px) 100vw, 683px\" \/>\t\t\t\t\t\t\t\t\t\t\t\t\t\t\t<\/div>\n\t\t\t\t<\/div>\n\t\t\t\t\t<\/div>\n\t\t\t\t<\/div>\n\t\t<div class=\"elementor-element elementor-element-df66f2c e-con-boxed e-flex e-con e-parent\" data-id=\"df66f2c\" data-element_type=\"container\" data-e-type=\"container\">\n\t\t\t\t\t<div class=\"e-con-inner\">\n\t\t<div class=\"elementor-element elementor-element-e184278 e-con-full e-flex e-con e-child\" data-id=\"e184278\" data-element_type=\"container\" data-e-type=\"container\">\n\t\t\t\t<div class=\"elementor-element elementor-element-8d59b40 elementor-widget elementor-widget-heading\" data-id=\"8d59b40\" data-element_type=\"widget\" data-e-type=\"widget\" data-widget_type=\"heading.default\">\n\t\t\t\t\t<h2 class=\"elementor-heading-title elementor-size-default\">Sams\u00f6mun og tv\u00f6falt e\u00f0li<\/h2>\t\t\t\t<\/div>\n\t\t\t\t<div class=\"elementor-element elementor-element-3b0a822 elementor-widget elementor-widget-text-editor\" data-id=\"3b0a822\" data-element_type=\"widget\" data-e-type=\"widget\" data-widget_type=\"text-editor.default\">\n\t\t\t\t\t\t\t\t\t<p>Ebisu er tr\u00faars\u00f6gulega ekki rakinn til einnar go\u00f0sagnapers\u00f3nu, heldur er hann, eftir hef\u00f0um, samsama\u00f0ur \u00fdmsum <span class=\"iwg-fachbegriff\" data-tooltip=\"\u00cd jap\u00f6nskum shinto hin d\u00fdrku\u00f0u andaverur og gu\u00f0legu m\u00e1ttarv\u00f6ld.\" tabindex=\"0\">kami<\/span>. Tv\u00e6r helstu samsemdirnar eru Hiruko og Kotoshironushi.<\/p>\n<p>Hiruko, \u201ebl\u00f3\u00f0suguskord\u00fdrsbarni\u00f0\u201c, er fyrsta, vanskapa\u00f0a barn Izanagi og Izanami \u00ed \u201eKojiki\u201c og \u201eNihon Shoki\u201c. \u00dear sem \u00fea\u00f0 gat ekki sta\u00f0i\u00f0 eftir \u00ferj\u00fa \u00e1r, settu foreldrarnir \u00fea\u00f0 \u00fat \u00e1 sj\u00f3 \u00ed reyrb\u00e1ti.<\/p><p>\u00cd mi\u00f0aldahef\u00f0 var \u00feetta \u00fatsetta barn tengt hafinu og fiskvei\u00f0um og a\u00f0 lokum gu\u00f0d\u00f3mgert sem Ebisu. Mikilv\u00e6gasta helgid\u00f3mshef\u00f0 \u00feessarar samsemdar er Nishinomiya-jinja \u00ed Hy\u014dgo.<\/p>\n<p>Kotoshironushi, sonur \u014ckuninushi, er \u00ed \u201eKojiki\u201c talinn \u00feann <span class=\"iwg-fachbegriff\" data-tooltip=\"\u00cd jap\u00f6nskum shinto hin d\u00fdrku\u00f0u andaverur og gu\u00f0legu m\u00e1ttarv\u00f6ld.\" tabindex=\"0\">kami<\/span> sem sam\u00feykkir afsal jar\u00f0arr\u00edkis til himnagu\u00f0anna og dregur sig \u00ed hl\u00e9 \u00fat \u00e1 hafi\u00f0.<\/p><p>\u00dar \u00feessum atbur\u00f0i var \u00e1 mi\u00f0\u00f6ldum dregin fiski-<span class=\"iwg-fachbegriff\" data-tooltip=\"\u00cd jap\u00f6nskum shinto hin d\u00fdrku\u00f0u andaverur og gu\u00f0legu m\u00e1ttarv\u00f6ld.\" tabindex=\"0\">kami<\/span>. \u00deessi samsemd er r\u00e1\u00f0andi \u00ed Imamiya-Ebisu-jinja \u00ed Osaka. B\u00e1\u00f0ar hef\u00f0irnar lifa hli\u00f0 vi\u00f0 hli\u00f0 til \u00feessa dags \u00e1n nokkurs formlegs samr\u00e6mis.<\/p>\t\t\t\t\t\t\t\t<\/div>\n\t\t\t\t<\/div>\n\t\t<div class=\"elementor-element elementor-element-a1daa03 e-con-full e-flex e-con e-child\" data-id=\"a1daa03\" data-element_type=\"container\" data-e-type=\"container\">\n\t\t\t\t<div class=\"elementor-element elementor-element-3a4bb97 elementor-widget elementor-widget-heading\" data-id=\"3a4bb97\" data-element_type=\"widget\" data-e-type=\"widget\" data-widget_type=\"heading.default\">\n\t\t\t\t\t<h2 class=\"elementor-heading-title elementor-size-default\">Go\u00f0s\u00f6gn og uppruni<\/h2>\t\t\t\t<\/div>\n\t\t\t\t<div class=\"elementor-element elementor-element-feaf10d elementor-widget elementor-widget-text-editor\" data-id=\"feaf10d\" data-element_type=\"widget\" data-e-type=\"widget\" data-widget_type=\"text-editor.default\">\n\t\t\t\t\t\t\t\t\t<p>Hiruko-fr\u00e1s\u00f6gnin er \u00ed upphafi \u201eKojiki\u201c: Izanagi og Izanami ganga \u00ed kringum himnas\u00faluna, en \u00fear sem Izanami talar fyrst, misferst fyrsta f\u00e6\u00f0ingin. Barni\u00f0 er sett \u00fat \u00e1 sj\u00f3 \u00ed reyrb\u00e1ti.<\/p><p>Go\u00f0sagnafr\u00e1s\u00f6gnin st\u00f6\u00f0vast h\u00e9r; mi\u00f0alda\u00fej\u00f3\u00f0tr\u00fa Japana h\u00e9lt henni \u00e1fram og l\u00e9t Hiruko reka \u00e1 land vi\u00f0 str\u00f6nd Settsu (n\u00fa Hy\u014dgo), \u00fear sem fiskimenn t\u00f3ku vi\u00f0 honum og d\u00fdrku\u00f0u hann sem Ebisu. \u00deessi fr\u00e1s\u00f6gn er ekki sta\u00f0fest \u00ed elstu heimildum, en kemur fram \u00ed mi\u00f0aldalegum <span class=\"iwg-fachbegriff\" data-tooltip=\"L\u00edtill helgur var\u00f0veislu- e\u00f0a b\u00e6nasta\u00f0ur.\" tabindex=\"0\">helgid\u00f3ms<\/span>-go\u00f0s\u00f6gnum.<\/p>\n<p>Tr\u00faars\u00f6gulega tilheyrir Ebisu \u00fev\u00ed v\u00ed\u00f0t\u00e6kum flokki \u201eHy\u014dchaku-shin\u201c (\u201estrandagu\u00f0ir\u201c), sem eru d\u00fdrka\u00f0ir sem verur reknar \u00e1 land af sj\u00f3num. Nelly Naumann hefur rannsaka\u00f0 \u00feessar strandagu\u00f0ir \u00ed m\u00f6rgum greinum sem d\u00e6migert fyrirb\u00e6ri kyrrahafsfiskvei\u00f0itr\u00faar. Skyldar verur finnast \u00ed Ainu-hef\u00f0inni (me\u00f0 hvalagu\u00f0inum Repun-Kamuy) og \u00ed Ry\u016bky\u016b-tr\u00faarbr\u00f6g\u00f0um.<\/p>\t\t\t\t\t\t\t\t<\/div>\n\t\t\t\t<\/div>\n\t\t<div class=\"elementor-element elementor-element-dc554a0 e-con-full e-flex e-con e-child\" data-id=\"dc554a0\" data-element_type=\"container\" data-e-type=\"container\">\n\t\t\t\t<div class=\"elementor-element elementor-element-42610fb elementor-widget elementor-widget-heading\" data-id=\"42610fb\" data-element_type=\"widget\" data-e-type=\"widget\" data-widget_type=\"heading.default\">\n\t\t\t\t\t<h2 class=\"elementor-heading-title elementor-size-default\">Helgimyndafr\u00e6\u00f0i og t\u00e1kn<\/h2>\t\t\t\t<\/div>\n\t\t\t\t<div class=\"elementor-element elementor-element-934bda7 elementor-widget elementor-widget-text-editor\" data-id=\"934bda7\" data-element_type=\"widget\" data-e-type=\"widget\" data-widget_type=\"text-editor.default\">\n\t\t\t\t\t\t\t\t\t<p>Ebisu hefur \u00ed myndlist allt fr\u00e1 upphafi Edo-t\u00edmabilsins (17. \u00f6ld) veri\u00f0 m\u00f3ta\u00f0ur af sk\u00fdrt fastm\u00f3ta\u00f0ri <span class=\"iwg-fachbegriff\" data-tooltip=\"Fr\u00e6\u00f0in um myndefni og merkingu \u00feeirra.\" tabindex=\"0\">helgimyndafr\u00e6\u00f0i<\/span>: kringluleitt, brosandi andlit, h\u00e1r svartur h\u00f6fu\u00f0b\u00fana\u00f0ur (\u00abKazaori-eboshi\u00bb), f\u00f3\u00f0ra\u00f0ur skikkja \u00ed rau\u00f0u e\u00f0a bl\u00e1u, vei\u00f0ist\u00f6ng \u00ed h\u00e6gri hendi og st\u00f3r s\u00e6brau\u00f0a (Tai) \u00ed \u00feeirri vinstri.<\/p><p>Brau\u00f0an er <span class=\"iwg-fachbegriff\" data-tooltip=\"T\u00e1kn sem stendur fyrir hugmynd e\u00f0a merkingu.\" tabindex=\"0\">t\u00e1kn<\/span> g\u00e6fu (jap. \u00abmedetai\u00bb, \u00abg\u00e6fubo\u00f0andi\u00bb), vei\u00f0ist\u00f6ngin t\u00e1knar hei\u00f0arlega, \u00feolinm\u00f3\u00f0a vinnu. Stundum situr Ebisu \u00e1 hr\u00edsgrj\u00f3nahno\u00f0ra e\u00f0a kletti.<\/p>\n<p>S\u00e9rstakt einkenni er hin algenga mynd af honum me\u00f0 bundi\u00f0 e\u00f0a reifa\u00f0 eyra: Ebisu er talinn heyrnarlaus a\u00f0 hluta, \u00feess vegna hringja tr\u00faa\u00f0ir s\u00e9rstaklega kr\u00f6ftuglega bj\u00f6llu <span class=\"iwg-fachbegriff\" data-tooltip=\"L\u00edtill helgur geymslusta\u00f0ur e\u00f0a b\u00e6nasta\u00f0ur.\" tabindex=\"0\">helgista\u00f0arins<\/span> og berja oft \u00e1 veggi helgista\u00f0arins \u00e1 h\u00e1t\u00ed\u00f0isd\u00f6gum hans til a\u00f0 vekja athygli hans. \u00deessi si\u00f0ur, kalla\u00f0ur \u00abEbisu-no-mimi-ate\u00bb, er lifandi \u00fej\u00f3\u00f0h\u00e1ttur.<\/p>\t\t\t\t\t\t\t\t<\/div>\n\t\t\t\t<\/div>\n\t\t<div class=\"elementor-element elementor-element-0f72a30 e-con-full e-flex e-con e-child\" data-id=\"0f72a30\" data-element_type=\"container\" data-e-type=\"container\">\n\t\t\t\t<div class=\"elementor-element elementor-element-b04ee83 elementor-widget elementor-widget-heading\" data-id=\"b04ee83\" data-element_type=\"widget\" data-e-type=\"widget\" data-widget_type=\"heading.default\">\n\t\t\t\t\t<h2 class=\"elementor-heading-title elementor-size-default\">D\u00fdrkun og mikilv\u00e6gir helgid\u00f3mar<\/h2>\t\t\t\t<\/div>\n\t\t\t\t<div class=\"elementor-element elementor-element-b32574d elementor-widget elementor-widget-text-editor\" data-id=\"b32574d\" data-element_type=\"widget\" data-e-type=\"widget\" data-widget_type=\"text-editor.default\">\n\t\t\t\t\t\t\t\t\t<p>Ebisu er d\u00fdrka\u00f0ur \u00ed yfir 3.500 helgist\u00f6\u00f0um, me\u00f0 tveimur a\u00f0alhelgist\u00f6\u00f0um \u00far \u00f3l\u00edkum hef\u00f0um. Nishinomiya-jinja \u00ed Nishinomiya (Hy\u014dgo) er a\u00f0al-<span class=\"iwg-fachbegriff\" data-tooltip=\"L\u00edtill helgur geymslusta\u00f0ur e\u00f0a b\u00e6nasta\u00f0ur.\" tabindex=\"0\">helgista\u00f0ur<\/span> Hiruko-hef\u00f0arinnar og mi\u00f0punktur \u00abT\u014dka Ebisu\u00bb-h\u00e1t\u00ed\u00f0arinnar, sem \u00e1rlega fr\u00e1 9. til 11. jan\u00faar dregur a\u00f0 s\u00e9r hundru\u00f0 \u00fe\u00fasunda <span class=\"iwg-fachbegriff\" data-tooltip=\"Manneskja sem fer \u00ed tr\u00faarlega \u00e1hugadrifna fer\u00f0 til helgs sta\u00f0ar.\" tabindex=\"0\">p\u00edlagr\u00edma<\/span>.<\/p><p>H\u00e1punkturinn er \u00abFuku-otoko\u00bb (\u00abG\u00e6fuma\u00f0ur\u00bb)-hlaupi\u00f0 a\u00f0 morgni 10. jan\u00faar: menn hlaupa fr\u00e1 a\u00f0alhli\u00f0inu a\u00f0 a\u00f0alsalnum, og s\u00e1 fyrsti sem kemur er kr\u00fdndur \u00abG\u00e6fuma\u00f0ur \u00e1rsins\u00bb.<\/p>\n<p>Imamiya-Ebisu-jinja \u00ed Osaka er a\u00f0alhelgista\u00f0ur Kotoshironushi-hef\u00f0arinnar og heldur einnig \u00abToka-Ebisu\u00bb, auk eigin si\u00f0a kaupmannagilda. A\u00f0rir mikilv\u00e6gir helgista\u00f0ir eru Ky\u014dto-Ebisu-jinja, Kanda-My\u014djin \u00ed Tokyo (Ebisu sem einn af a\u00f0al-kami-unum), Mihogahama \u00ed Shimane og T\u014dky\u014d-Ebisu-jinja \u00ed hverfinu Ebisu (sem gaf hverfinu nafn sitt).<\/p>\n<p>Hverfi\u00f0 Ebisu \u00ed Tokyo var nefnt eftir bj\u00f3rverksmi\u00f0ju sem \u00e1ri\u00f0 1890 kynnti \u00abYebisu-bj\u00f3rinn\u00bb og nefndi sta\u00f0setningu s\u00edna eftir g\u00e6fugu\u00f0num. J\u00e1rnbrautarst\u00f6\u00f0in, g\u00f6tuheiti\u00f0 og hverfi\u00f0 \u00ed kring bera \u00feetta nafn enn \u00feann dag \u00ed dag.<\/p>\t\t\t\t\t\t\t\t<\/div>\n\t\t\t\t<\/div>\n\t\t<div class=\"elementor-element elementor-element-e789671 e-con-full e-flex e-con e-child\" data-id=\"e789671\" data-element_type=\"container\" data-e-type=\"container\">\n\t\t\t\t<div class=\"elementor-element elementor-element-22ec1d2 elementor-widget elementor-widget-heading\" data-id=\"22ec1d2\" data-element_type=\"widget\" data-e-type=\"widget\" data-widget_type=\"heading.default\">\n\t\t\t\t\t<h2 class=\"elementor-heading-title elementor-size-default\">Ebisu me\u00f0al Shichifukujin<\/h2>\t\t\t\t<\/div>\n\t\t\t\t<div class=\"elementor-element elementor-element-da78d90 elementor-widget elementor-widget-text-editor\" data-id=\"da78d90\" data-element_type=\"widget\" data-e-type=\"widget\" data-widget_type=\"text-editor.default\">\n\t\t\t\t\t\t\t\t\t<p>Sj\u00f6 heillagu\u00f0irnir (Shichifukujin) myndu fr\u00e1 s\u00ed\u00f0mi\u00f0\u00f6ldum (15. \u00f6ld) fastan t\u00e1knmyndah\u00f3p sem er d\u00fdrka\u00f0ur \u00e1 n\u00fd\u00e1rsmyndum og sem samst\u00e6\u00f0 helgid\u00f3msuppstilling.<\/p><p>Auk Ebisu eru \u00feetta: Daikokuten (Mah\u0101k\u0101la, Indland, velmegun), Bishamonten (Vai\u015brava\u1e47a, Indland, verndun str\u00ed\u00f0smanna), Benzaiten (Sarasvat\u012b, Indland, listir og vatn), Fukurokuju (K\u00edna, langl\u00edfi), Jur\u014djin (K\u00edna, langl\u00edfi) og Hotei (Budai, K\u00edna, s\u00e1tt og \u00e1n\u00e6gja). H\u00f3purinn sameinar shinto-, b\u00fadd\u00edska og da\u00f3\u00edska \u00fe\u00e6tti og er lykild\u00e6mi um japanska <span class=\"iwg-fachbegriff\" data-tooltip=\"Samruni hugmynda e\u00f0a gu\u00f0a \u00far mismunandi tr\u00faarhef\u00f0um.\" tabindex=\"0\">samruna<\/span>menningu Muromachi-t\u00edmabilsins.<\/p>\n<p>Vi\u00f0 n\u00fd\u00e1rsh\u00e1t\u00ed\u00f0ir er \u00ed m\u00f6rgum h\u00fasum l\u00f6g\u00f0 fram mynd af \u00abTakarabune\u00bb: sj\u00f6 gu\u00f0irnir \u00e1 fj\u00e1rsj\u00f3\u00f0sskipi sem \u00e1 a\u00f0 birtast \u00ed draumi n\u00fd\u00e1rsn\u00e6tur. \u00deessi hef\u00f0 er n\u00e1kv\u00e6mlega skjalfest \u00ed \u00abEdo-meisho-zue\u00bb (1834).<\/p>\t\t\t\t\t\t\t\t<\/div>\n\t\t\t\t<\/div>\n\t\t<div class=\"elementor-element elementor-element-7f64fb9 e-con-full e-flex e-con e-child\" data-id=\"7f64fb9\" data-element_type=\"container\" data-e-type=\"container\">\n\t\t\t\t<div class=\"elementor-element elementor-element-769a68c elementor-widget elementor-widget-heading\" data-id=\"769a68c\" data-element_type=\"widget\" data-e-type=\"widget\" data-widget_type=\"heading.default\">\n\t\t\t\t\t<h2 class=\"elementor-heading-title elementor-size-default\">Si\u00f0ir, f\u00f3rnargjafir og h\u00e1t\u00ed\u00f0ir<\/h2>\t\t\t\t<\/div>\n\t\t\t\t<div class=\"elementor-element elementor-element-b87db78 elementor-widget elementor-widget-text-editor\" data-id=\"b87db78\" data-element_type=\"widget\" data-e-type=\"widget\" data-widget_type=\"text-editor.default\">\n\t\t\t\t\t\t\t\t\t<p>Mikilv\u00e6gasta h\u00e1t\u00ed\u00f0in er T\u014dka-Ebisu 10. jan\u00faar (me\u00f0 undirb\u00faningsdegi og eftirh\u00e1t\u00ed\u00f0 9. og 11.), \u00fear sem tr\u00faa\u00f0ir f\u00e6ra f\u00f3rnir af sake, s\u00e6brau\u00f0, baunum, hr\u00edsgrj\u00f3num og litlum heillagripum (\u00abFuku-zasa\u00bb, heillabambus me\u00f0 litlum hr\u00edsgrj\u00f3nak\u00falum og gullpeningum).<\/p><p>\u00deessir bambusgreinar eru gefnir <span class=\"iwg-fachbegriff\" data-tooltip=\"Manneskja sem fer \u00ed tr\u00faarlega hvatta fer\u00f0 til helgs sta\u00f0ar.\" tabindex=\"0\">p\u00edlagr\u00edmum<\/span> gegn framl\u00f6gum og settir upp \u00ed verslunum, \u00fear sem \u00feeir eiga a\u00f0 tryggja vi\u00f0skiptaheillir \u00ed heilt \u00e1r. \u00c1 haustin (20. okt\u00f3ber e\u00f0a svipa\u00f0ri dagsetningu, eftir sv\u00e6\u00f0i) er haldi\u00f0 \u00abEbisu-k\u014d\u00bb: kaupmenn halda \u00fe\u00e1 veislu fyrir vi\u00f0skiptaf\u00e9laga s\u00edna og \u00feakka Ebisu fyrir \u00e1ri\u00f0 sem er li\u00f0i\u00f0.<\/p>\n<p>Vi\u00f0 fiskvei\u00f0ih\u00e1t\u00ed\u00f0ir me\u00f0fram str\u00f6ndinni er Ebisu f\u00f3rna\u00f0 fyrsta afla vert\u00ed\u00f0arins. \u00c1 Edo-t\u00edmabilinu var si\u00f0ur a\u00f0 setja upp \u00abEbisu-da-iko\u00bb (\u00abEbisu-lampa\u00bb) me\u00f0an \u00e1 vei\u00f0it\u00edmabilinu st\u00f3\u00f0 og helga Ebisu fyrsta s\u00e6brau\u00f0i\u00f0 \u00e1 morgnana, \u00e1\u00f0ur en \u00fea\u00f0 var flutt \u00e1 marka\u00f0inn.<\/p>\t\t\t\t\t\t\t\t<\/div>\n\t\t\t\t<\/div>\n\t\t<div class=\"elementor-element elementor-element-7a5f6d5 e-con-full e-flex e-con e-child\" data-id=\"7a5f6d5\" data-element_type=\"container\" data-e-type=\"container\">\n\t\t\t\t<div class=\"elementor-element elementor-element-a66e6aa elementor-widget elementor-widget-heading\" data-id=\"a66e6aa\" data-element_type=\"widget\" data-e-type=\"widget\" data-widget_type=\"heading.default\">\n\t\t\t\t\t<h2 class=\"elementor-heading-title elementor-size-default\">Tr\u00faarfr\u00e6\u00f0ileg sta\u00f0setning<\/h2>\t\t\t\t<\/div>\n\t\t\t\t<div class=\"elementor-element elementor-element-b68bf96 elementor-widget elementor-widget-text-editor\" data-id=\"b68bf96\" data-element_type=\"widget\" data-e-type=\"widget\" data-widget_type=\"text-editor.default\">\n\t\t\t\t\t\t\t\t\t<p>Ebisu er fr\u00e6\u00f0ilega \u00e1hugaver\u00f0ur af m\u00f6rgum \u00e1st\u00e6\u00f0um: sem d\u00e6miger\u00f0ur strand-<span class=\"iwg-fachbegriff\" data-tooltip=\"\u00cd jap\u00f6nskum Shinto, hinar d\u00fdrku\u00f0u andaverur og gu\u00f0legu m\u00e1ttarv\u00f6ld.\" tabindex=\"0\">kami<\/span>, sem mi\u00f0l\u00e6g pers\u00f3na \u00ed borgaralegri kaupmannstr\u00fa Edo-t\u00edmabilsins, og sem eini eiginlega japanski fulltr\u00fainn me\u00f0al Shichifukujin.<\/p><p>Helen Hardacre og Bernhard Scheid hafa \u00ed \u00fdmsum verkum skjalfest hlutverk Ebisu \u00ed \u00fer\u00f3un japanskrar vi\u00f0skiptatr\u00faari\u00f0kunar. Klaus Vollmer hefur rannsaka\u00f0 tengslin milli mi\u00f0aldasagnanna um Hiruko og munnlegrar sagnahef\u00f0ar japanskra fiski\u00feorpa. Nelly Naumann hefur greint tengsl vi\u00f0 strandgu\u00f0i Ry\u016bky\u016b-eyja (\u00abNiraikanai\u00bb-flokkinn).<\/p>\n<p>\u00cd uppbyggingu hefur Ebisu hli\u00f0st\u00e6\u00f0ur vi\u00f0 Hermes (Grikkland) og Mercurius (R\u00f3m) sem verndargu\u00f0 kaupmanna, vi\u00f0 Poseidon og Nept\u00fanus sem hafgu\u00f0, og vi\u00f0 Lakshmi (hind\u00faisma) sem heillagy\u00f0ju. \u00cd <span class=\"iwg-fachbegriff\" data-tooltip=\"Heild gu\u00f0a \u00ed tr\u00faarbr\u00f6g\u00f0um e\u00f0a menningu.\" tabindex=\"0\">pantheon<\/span> austuras\u00edskra heillagu\u00f0a er heyrnarleysi hans og g\u00f3\u00f0lyndi s\u00e9rstakt einkenni, sem greinir hann fr\u00e1 hinu grimma valdi Bishamonten e\u00f0a hinni f\u00e1ga\u00f0u tign Benzaiten.<\/p>\t\t\t\t\t\t\t\t<\/div>\n\t\t\t\t<\/div>\n\t\t<div class=\"elementor-element elementor-element-b37a11b e-con-full e-flex e-con e-child\" data-id=\"b37a11b\" data-element_type=\"container\" data-e-type=\"container\">\n\t\t\t\t<div class=\"elementor-element elementor-element-555376a elementor-widget elementor-widget-heading\" data-id=\"555376a\" data-element_type=\"widget\" data-e-type=\"widget\" data-widget_type=\"heading.default\">\n\t\t\t\t\t<h2 class=\"elementor-heading-title elementor-size-default\">Ebisu \u00ed d\u00e6gurmenningu<\/h2>\t\t\t\t<\/div>\n\t\t\t\t<div class=\"elementor-element elementor-element-e765de7 elementor-widget elementor-widget-text-editor\" data-id=\"e765de7\" data-element_type=\"widget\" data-e-type=\"widget\" data-widget_type=\"text-editor.default\">\n\t\t\t\t\t\t\t\t\t<p>Ebisu er alls sta\u00f0ar n\u00e1l\u00e6gt augl\u00fdsinga- og v\u00f6rumerkjat\u00e1kn \u00ed Japan: Yebisu-bj\u00f3rinn (1890), Tokyo-Ebisu-hverfi\u00f0, fj\u00f6lmargir veitingasta\u00f0ir, g\u00e6lud\u00fdrapers\u00f3nur, heillakort og teiknimyndas\u00f6gur. Hin hn\u00f6ttulega, gla\u00f0lynda gestalt er sta\u00f0la\u00f0 <span class=\"iwg-fachbegriff\" data-tooltip=\"Endurteki\u00f0 innihaldsatri\u00f0i \u00ed list e\u00f0a fr\u00e1s\u00f6gn.\" tabindex=\"0\">myndefni<\/span> \u00ed jap\u00f6nsku \u00abEngimono\u00bb (heillagripa-grein).<\/p><p>\u00cd manga og anime birtist hann reglulega sem aukapers\u00f3na, og \u00ed leikjum eins og \u00abPersona\u00bb og \u00abTouhou\u00bb me\u00f0 eigin birtingarmyndir. Tengingin vi\u00f0 10. jan\u00faar sem heilladag m\u00f3tar enn \u00feann dag \u00ed dag vi\u00f0skipta\u00e1ri\u00f0.<\/p>\t\t\t\t\t\t\t\t<\/div>\n\t\t\t\t<\/div>\n\t\t<div class=\"elementor-element elementor-element-9b5737f e-con-full e-flex e-con e-child\" data-id=\"9b5737f\" data-element_type=\"container\" data-e-type=\"container\">\n\t\t\t\t<div class=\"elementor-element elementor-element-d6242ed elementor-widget elementor-widget-heading\" data-id=\"d6242ed\" data-element_type=\"widget\" data-e-type=\"widget\" data-widget_type=\"heading.default\">\n\t\t\t\t\t<h2 class=\"elementor-heading-title elementor-size-default\">Heimildir<\/h2>\t\t\t\t<\/div>\n\t\t\t\t<div class=\"elementor-element elementor-element-298d49b elementor-widget elementor-widget-text-editor\" data-id=\"298d49b\" data-element_type=\"widget\" data-e-type=\"widget\" data-widget_type=\"text-editor.default\">\n\t\t\t\t\t\t\t\t\t<div data-nosnippet=\"true\"><p>\u00abKojiki\u00bb (712), b\u00f3k I (Hiruko-\u00fe\u00e1tturinn). \u00abNihon Shoki\u00bb (720), b\u00f3k I. \u00abEngishiki\u00bb (927). \u00abEdo-meisho-zue\u00bb (1834). \u00ddmsar mi\u00f0aldalegar <span class=\"iwg-fachbegriff\" data-tooltip=\"L\u00edtill helgur geymslusta\u00f0ur e\u00f0a b\u00e6nasta\u00f0ur.\" tabindex=\"0\">helgid\u00f3ms<\/span>-go\u00f0sagnir (\u00abNishinomiya-engi\u00bb, \u00abImamiya-engi\u00bb). \u00abSaikaku Oridome\u00bb og \u00f6nnur kaupmannab\u00f3kmenntir fr\u00e1 Edo-t\u00edmabilinu me\u00f0 tengsl vi\u00f0 Ebisu.<\/p>\n<p>Nelly Naumann, \u00abDie einheimische Religion Japans\u00bb, 2 bindi, Leiden 1988 og 1994. Klaus Antoni, \u00abShint\u00f4 und die Konzeption des japanischen Nationalwesens\u00bb, Leiden 1998. Helen Hardacre, \u00ab<span class=\"iwg-fachbegriff\" data-tooltip=\"Frumbyggjatr\u00fa Japans, m\u00f3tu\u00f0 af d\u00fdrkun kami.\" tabindex=\"0\">Shinto<\/span>.<\/p><p>A History\u00bb, Oxford 2017. Joseph Kitagawa, \u00abReligion in Japanese History\u00bb, New York 1966. Klaus Vollmer, \u00abShint\u00f4 und Buddhismus\u00bb, M\u00fcnchen 2002. Bernhard Scheid, \u00abReligion-in-Japan: Ein digitales Handbuch\u00bb, V\u00edn, \u00ed sm\u00ed\u00f0um.<\/p><p>Inken Prohl, \u00abReligi\u00f6se Innovationen\u00bb, Berlin 2006. Reiko Chiba, \u00abThe Seven Lucky Gods of Japan\u00bb, Tokyo 1966.<\/p><\/div>\t\t\t\t\t\t\t\t<\/div>\n\t\t\t\t<\/div>\n\t\t<div class=\"elementor-element elementor-element-760a69e e-con-full e-flex e-con e-child\" data-id=\"760a69e\" data-element_type=\"container\" data-e-type=\"container\">\n\t\t\t\t<div class=\"elementor-element elementor-element-f9f34d4 elementor-widget elementor-widget-heading\" data-id=\"f9f34d4\" data-element_type=\"widget\" data-e-type=\"widget\" data-widget_type=\"heading.default\">\n\t\t\t\t\t<h2 class=\"elementor-heading-title elementor-size-default\">Ebisu og hvalad\u00fdrkun<\/h2>\t\t\t\t<\/div>\n\t\t\t\t<div class=\"elementor-element elementor-element-15c0fca elementor-widget elementor-widget-text-editor\" data-id=\"15c0fca\" data-element_type=\"widget\" data-e-type=\"widget\" data-widget_type=\"text-editor.default\">\n\t\t\t\t\t\t\t\t\t<p>S\u00e9rst\u00f6k hli\u00f0 \u00e1 Ebisu-hef\u00f0inni tengist tilbei\u00f0slu hans sem hvalagu\u00f0s \u00e1 strandsv\u00e6\u00f0um \u00fear sem hvalvei\u00f0ar voru stunda\u00f0ar. \u00cd Wakayama, Kochi og Nagasaki er hvalurinn sj\u00e1lfur talinn vera \u00abEbisu-sama\u00bb e\u00f0a \u00abEbisu-no-Maru\u00bb; \u00e1 rekinn hval er \u00ed m\u00f6rgum \u00feorpshef\u00f0um teki\u00f0 <span class=\"iwg-fachbegriff\" data-tooltip=\"Tilheyrir f\u00f6stu, tr\u00faarlegu athafnaferli.\" tabindex=\"0\">\u00e1 formlegan h\u00e1tt<\/span> \u00e1 m\u00f3ti sem Ebisu, og hann er skilinn sem gj\u00f6f Ebisus til allrar samf\u00e9lagsheildarinnar.<\/p><p>\u00deessi hugmynd tilheyrir flokki \u00abHy\u014dchaku-shin\u00bb, hinna rekinna strandgu\u00f0a, og er me\u00f0al elstu laga Ebisu-tr\u00faari\u00f0kunar. Nelly Naumann hefur \u00ed nokkrum \u00edtarranns\u00f3knum skjalfest hi\u00f0 dj\u00fapst\u00e6\u00f0a sj\u00e1vartengda lag \u00feessarar hef\u00f0ar.<\/p>\n<p>\u00cd Taiji (Wakayama), hinni hef\u00f0bundnu mi\u00f0st\u00f6\u00f0 japanskra hvalvei\u00f0a, er enn \u00ed dag til minningarhelgista\u00f0ur fyrir hvali, <span class=\"iwg-fachbegriff\" data-tooltip=\"Heilagur sta\u00f0ur tileinka\u00f0ur tilbei\u00f0slu gu\u00f0s e\u00f0a gu\u00f0legrar veru.\" tabindex=\"0\">helgista\u00f0ur<\/span>, \u00fear sem s\u00e1lir veiddra hvala eru <span class=\"iwg-fachbegriff\" data-tooltip=\"Tilheyrir f\u00f6stu, tr\u00faarlegu athafnaferli.\" tabindex=\"0\">fri\u00f0\u00fe\u00e6g\u00f0ar me\u00f0 formlegri ath\u00f6fn<\/span> (\u00abKuy\u014d\u00bb).<\/p><p>Hi\u00f0 sta\u00f0bundna Ebisu-<span class=\"iwg-fachbegriff\" data-tooltip=\"L\u00edtill helgur var\u00f0veislu- e\u00f0a tilbei\u00f0slusta\u00f0ur.\" tabindex=\"0\">skr\u00edn<\/span> er n\u00e1i\u00f0 tengt hvala-<span class=\"iwg-fachbegriff\" data-tooltip=\"Heild tr\u00faarlegra tilbei\u00f0sluathafna fyrir gu\u00f0 e\u00f0a heilaga veru.\" tabindex=\"0\">tilbei\u00f0slunni<\/span>. \u00deessi hef\u00f0 stendur \u00ed spennu vi\u00f0 hina n\u00fat\u00edmalegu hvalfri\u00f0unarhreyfingu og er efni tr\u00faarf\u00e9lagsfr\u00e6\u00f0ilegra ranns\u00f3kna \u00e1 jap\u00f6nsku hvalvei\u00f0ideilunni.<\/p>\t\t\t\t\t\t\t\t<\/div>\n\t\t\t\t<\/div>\n\t\t<div class=\"elementor-element elementor-element-29e45cb e-con-full e-flex e-con e-child\" data-id=\"29e45cb\" data-element_type=\"container\" data-e-type=\"container\">\n\t\t\t\t<div class=\"elementor-element elementor-element-d62b7b4 elementor-widget elementor-widget-heading\" data-id=\"d62b7b4\" data-element_type=\"widget\" data-e-type=\"widget\" data-widget_type=\"heading.default\">\n\t\t\t\t\t<h2 class=\"elementor-heading-title elementor-size-default\">Ebisu og borgaraleg kaupmannad\u00fdrkun Edo-t\u00edmabilsins<\/h2>\t\t\t\t<\/div>\n\t\t\t\t<div class=\"elementor-element elementor-element-207f612 elementor-widget elementor-widget-text-editor\" data-id=\"207f612\" data-element_type=\"widget\" data-e-type=\"widget\" data-widget_type=\"text-editor.default\">\n\t\t\t\t\t\t\t\t\t<p>Me\u00f0 borgarmyndun Edo-t\u00edmabilsins (1603 til 1867) fluttist Ebisu-tilbei\u00f0slan fr\u00e1 strand\u00feorpunum til hinna vaxandi borga Edo (Tokyo), Osaka og Kyoto. \u00c1 \u00feessu t\u00edmabili mynda\u00f0ist borgaraleg Ebisu-<span class=\"iwg-fachbegriff\" data-tooltip=\"Heild tr\u00faarlegra tilbei\u00f0sluathafna fyrir gu\u00f0 e\u00f0a heilaga veru.\" tabindex=\"0\">tilbei\u00f0sla<\/span>, \u00fear sem <span class=\"iwg-fachbegriff\" data-tooltip=\"Vera sem er tilbe\u00f0in sem gu\u00f0leg innan tr\u00faarbrag\u00f0a.\" tabindex=\"0\">gu\u00f0in<\/span> var skilin s\u00ed\u00f0ur sem verndari fiskimanna en sem verndargu\u00f0 verslunar og gu\u00f0r\u00e6kni \u00ed vi\u00f0skiptum.<\/p><p>Handverksmenn \u00ed Sakai og gistih\u00fasaeigendur \u00e1 Hokkaid\u014d (Hatago-h\u00fasin) \u00e1 Edo-t\u00edmabilinu i\u00f0ku\u00f0u \u00abEbisu-k\u014d\u00bb (\u00abEbisu-f\u00e9lagsskapinn\u00bb), \u00e1rlega h\u00e1t\u00ed\u00f0arm\u00e1lt\u00ed\u00f0 20. okt\u00f3ber, \u00fear sem kaupmenn, handverksmenn og vi\u00f0skiptaf\u00e9lagar komu saman.<\/p>\n<p>Saikaku Ihara, mikilv\u00e6gasti s\u00f6guma\u00f0ur Edo-t\u00edmans \u00ed kaupmannagreininni, fjalla\u00f0i \u00ed verkum s\u00ednum (\u00abNippon Eitaigura\u00bb, 1688; \u00abSeken Munesan&#8217;y\u014d\u00bb, 1692) um fj\u00f6lda Ebisu-sagna og s\u00fdndi hversu dj\u00fapt <span class=\"iwg-fachbegriff\" data-tooltip=\"Vera sem er tilbe\u00f0in sem gu\u00f0leg innan tr\u00faarbrag\u00f0a.\" tabindex=\"0\">gu\u00f0in<\/span> var samofin sj\u00e1lfsskilningi borgaralegra kaups\u00fdslumanna. \u00abEbisu-f\u00e9lagsskapurinn\u00bb var\u00f0 \u00e1 18. \u00f6ld \u00f3formleg efnahagsstofnun \u00fear sem vi\u00f0skiptasamb\u00f6nd voru sta\u00f0fest me\u00f0 tr\u00faarlegum h\u00e6tti.<\/p>\t\t\t\t\t\t\t\t<\/div>\n\t\t\t\t<\/div>\n\t\t<div class=\"elementor-element elementor-element-27ccdc2 e-con-full e-flex e-con e-child\" data-id=\"27ccdc2\" data-element_type=\"container\" data-e-type=\"container\">\n\t\t\t\t<div class=\"elementor-element elementor-element-da3995b elementor-widget elementor-widget-heading\" data-id=\"da3995b\" data-element_type=\"widget\" data-e-type=\"widget\" data-widget_type=\"heading.default\">\n\t\t\t\t\t<h2 class=\"elementor-heading-title elementor-size-default\">H\u00e1t\u00ed\u00f0armenning T\u014dka-Ebisu<\/h2>\t\t\t\t<\/div>\n\t\t\t\t<div class=\"elementor-element elementor-element-21a88db elementor-widget elementor-widget-text-editor\" data-id=\"21a88db\" data-element_type=\"widget\" data-e-type=\"widget\" data-widget_type=\"text-editor.default\">\n\t\t\t\t\t\t\t\t\t<p>A\u00f0alh\u00e1t\u00ed\u00f0in T\u014dka-Ebisu, haldin 10. jan\u00faar (me\u00f0 Yoinomiya 9. jan\u00faar og Zankyo-Ebisu 11. jan\u00faar), er ein st\u00e6rsta borgarhelgista\u00f0ah\u00e1t\u00ed\u00f0 Japans.<\/p><p>\u00cd Osaka koma \u00e1rlega um eina millj\u00f3n <span class=\"iwg-fachbegriff\" data-tooltip=\"Manneskja sem fer \u00ed tr\u00faarlega hvatta fer\u00f0 til helgs sta\u00f0ar.\" tabindex=\"0\">p\u00edlagr\u00edma<\/span> til Imamiya-Ebisu, \u00ed Nishinomiya um 500.000 til Nishinomiya-<span class=\"iwg-fachbegriff\" data-tooltip=\"L\u00edtill helgur var\u00f0veislu- e\u00f0a tilbei\u00f0slusta\u00f0ur.\" tabindex=\"0\">skr\u00ednsins<\/span>. Mi\u00f0l\u00e6g <span class=\"iwg-fachbegriff\" data-tooltip=\"F\u00f6st, endurtekin tr\u00faarleg ath\u00f6fn.\" tabindex=\"0\">ath\u00f6fn<\/span> er \u00fathlutun \u00abFuku-zasa\u00bb, bambusgreina me\u00f0 \u00e1festum gullmynt-skreytingum, litlum hr\u00edsgrj\u00f3nak\u00falum, heillamerkjum og hringjum. \u00deessar bambusgreinar eru settar upp \u00ed verslunum og eiga a\u00f0 tryggja vi\u00f0skiptaheill \u00ed eitt \u00e1r.<\/p>\n<p>\u00abFuku-otoko\u00bb-hlaupi\u00f0 a\u00f0 morgni 10. jan\u00faar \u00ed Nishinomiya er me\u00f0al \u00feeirra tr\u00faarlegu atbur\u00f0a Japans sem fj\u00f6lmi\u00f0lar fjalla mest um. Karlkyns tilbi\u00f0jendur hlaupa fr\u00e1 a\u00f0alhli\u00f0inu a\u00f0 a\u00f0alh\u00f6llinni (um 230 metra vegalengd), og fyrstu, annar og \u00feri\u00f0ji sem koma \u00ed mark eru kr\u00fdndir \u00abFuku-otoko\u00bb (\u00abheilla-menn \u00e1rsins\u00bb) og f\u00e1 gjafir fr\u00e1 skr\u00edninu.<\/p><p>\u00deessi hef\u00f0 hefur veri\u00f0 til fr\u00e1 seint \u00e1 17. \u00f6ld og er ein af f\u00e1um n\u00fat\u00edma helgista\u00f0ah\u00e1t\u00ed\u00f0um sem eru reglulega \u00ed beinni \u00fatsendingu \u00ed fj\u00f6lmi\u00f0lum.<\/p>\t\t\t\t\t\t\t\t<\/div>\n\t\t\t\t<\/div>\n\t\t<div class=\"elementor-element elementor-element-953ea63 e-con-full e-flex e-con e-child\" data-id=\"953ea63\" data-element_type=\"container\" data-e-type=\"container\">\n\t\t\t\t<div class=\"elementor-element elementor-element-8b0194b elementor-widget elementor-widget-heading\" data-id=\"8b0194b\" data-element_type=\"widget\" data-e-type=\"widget\" data-widget_type=\"heading.default\">\n\t\t\t\t\t<h2 class=\"elementor-heading-title elementor-size-default\">Ebisu-t\u00e1knmynd \u00ed \u00fej\u00f3\u00f0list Edo-t\u00edmabilsins<\/h2>\t\t\t\t<\/div>\n\t\t\t\t<div class=\"elementor-element elementor-element-7bc483d elementor-widget elementor-widget-text-editor\" data-id=\"7bc483d\" data-element_type=\"widget\" data-e-type=\"widget\" data-widget_type=\"text-editor.default\">\n\t\t\t\t\t\t\t\t\t<p>S\u00fa Ebisu-<span class=\"iwg-fachbegriff\" data-tooltip=\"Fr\u00e6\u00f0i um myndefni og merkingu \u00feeirra.\" tabindex=\"0\">t\u00e1knmyndager\u00f0<\/span> sem er \u00ed dag hin vi\u00f0urkennda, me\u00f0 s\u00e6brau\u00f0a, vei\u00f0ist\u00f6ng og Eboshi-hatt, var fest \u00ed sessi \u00e1 fyrri hluta Edo-t\u00edmabilsins og margf\u00f6ldu\u00f0 \u00ed \u00f3tal tr\u00e9ristum, Otsu-e (\u00fej\u00f3\u00f0legum m\u00e1lverkum fr\u00e1 Otsu), Netsuke (beltisskartgripum) og Inr\u014d (lyfja\u00f6skjum).<\/p><p>Hokusai og Hiroshige ger\u00f0u nokkrar Ebisu-myndir sem n\u00e1\u00f0u mikilli \u00fatbrei\u00f0slu \u00ed prentmyndlist. Jap\u00f6nsk \u00fej\u00f3\u00f0list hefur gert Ebisu a\u00f0 einni af hinum einkennandi \u00abEngimono\u00bb-myndum (heillagripum), sem birtast vi\u00f0 inngang verslana, \u00e1 n\u00fd\u00e1rsgj\u00f6fum og \u00e1 heilla\u00f3skabr\u00e9fum.<\/p>\n<p>S\u00e9rst\u00f6k hef\u00f0 eru \u00abEbisu-Ningy\u014d\u00bb, litlar d\u00fakkur \u00far tau e\u00f0a leir, sem voru framleiddar \u00e1 Edo-t\u00edmabilinu sem leikf\u00f6ng og heillagripir. Hef\u00f0in lifir \u00e1fram \u00ed n\u00fat\u00edma \u00abKappa-Tengu-Ebisu\u00bb-leikfangamenningu og er skjalfest \u00ed \u00fej\u00f3\u00f0listas\u00f6fnum eins og Nihon Mingeikan \u00ed Tokyo.<\/p>\t\t\t\t\t\t\t\t<\/div>\n\t\t\t\t<\/div>\n\t\t<div class=\"elementor-element elementor-element-08050f2 e-con-full e-flex e-con e-child\" data-id=\"08050f2\" data-element_type=\"container\" data-e-type=\"container\">\n\t\t\t\t<div class=\"elementor-element elementor-element-3e6a54d elementor-widget elementor-widget-heading\" data-id=\"3e6a54d\" data-element_type=\"widget\" data-e-type=\"widget\" data-widget_type=\"heading.default\">\n\t\t\t\t\t<h2 class=\"elementor-heading-title elementor-size-default\">Samruni tr\u00faarhugmynda me\u00f0 Daikokuten<\/h2>\t\t\t\t<\/div>\n\t\t\t\t<div class=\"elementor-element elementor-element-9f2845e elementor-widget elementor-widget-text-editor\" data-id=\"9f2845e\" data-element_type=\"widget\" data-e-type=\"widget\" data-widget_type=\"text-editor.default\">\n\t\t\t\t\t\t\t\t\t<p>Mikilv\u00e6g gu\u00f0fr\u00e6\u00f0ileg tengsl eru n\u00e1in tengsl Ebisus vi\u00f0 Daikokuten, annan af sj\u00f6 heillagu\u00f0unum. \u00deeir eru oft s\u00fdndir saman sem par: Ebisu fyrir efnahag vatnsins (fiskvei\u00f0ar, verslun), Daikokuten fyrir efnahag landsins (landb\u00fana\u00f0, hr\u00edsgrj\u00f3nabirg\u00f0ir).<\/p><p>\u00c1 m\u00f6rgum jap\u00f6nskum heimilum og \u00ed verslunum standa Ebisu- og Daikokuten-styttur hli\u00f0 vi\u00f0 hli\u00f0 \u00e1 Kamidana, h\u00fasaltarinu. \u00deessi tengsl eru tr\u00faars\u00f6gulega mikilv\u00e6g \u00fev\u00ed \u00feau koma \u00e1 v\u00edsvitandi samr\u00e6mi \u00ed heilla-<span class=\"iwg-fachbegriff\" data-tooltip=\"V\u00edsindaleg fr\u00e6\u00f0igrein um gu\u00f0 og tr\u00fa innan tr\u00faarbrag\u00f0a.\" tabindex=\"0\">gu\u00f0fr\u00e6\u00f0inni<\/span>.<\/p>\n<p>\u00cd sumum hef\u00f0um er Ebisu tilbe\u00f0inn sem sonur Daikokutens og Daikokuten sem fa\u00f0ir hans; \u00feetta m\u00e1 rekja til seinni Edo-t\u00edma sm\u00ed\u00f0i, \u00fear sem sj\u00f6 heillago\u00f0unum var ra\u00f0a\u00f0 \u00e6ttartengslum.<\/p><p>\u00deessi \u00e6ttf\u00e6rsla er ekki grundv\u00f6llu\u00f0 \u00ed elstu heimildum, en hefur fest sig \u00ed sessi \u00ed \u00fej\u00f3\u00f0tr\u00faarlegri i\u00f0kun. Reiko Chiba skjalfesti \u00ed \u00abThe Seven Lucky Gods of Japan\u00bb (1966) \u00fer\u00f3unars\u00f6gu \u00feessara tengsla.<\/p>\t\t\t\t\t\t\t\t<\/div>\n\t\t\t\t<\/div>\n\t\t<div class=\"elementor-element elementor-element-8cec84a e-con-full e-flex e-con e-child\" data-id=\"8cec84a\" data-element_type=\"container\" data-e-type=\"container\">\n\t\t\t\t<div class=\"elementor-element elementor-element-479aa34 elementor-widget elementor-widget-heading\" data-id=\"479aa34\" data-element_type=\"widget\" data-e-type=\"widget\" data-widget_type=\"heading.default\">\n\t\t\t\t\t<h2 class=\"elementor-heading-title elementor-size-default\">Ebisu og hugtaki\u00f0 marebito<\/h2>\t\t\t\t<\/div>\n\t\t\t\t<div class=\"elementor-element elementor-element-74416e2 elementor-widget elementor-widget-text-editor\" data-id=\"74416e2\" data-element_type=\"widget\" data-e-type=\"widget\" data-widget_type=\"text-editor.default\">\n\t\t\t\t\t\t\t\t\t<p>V\u00edsindaranns\u00f3knir Origuchi Shinobu (1887 til 1953), eins helsta japanska \u00fej\u00f3\u00f0fr\u00e6\u00f0ingsins, hafa fellt Ebisu inn \u00ed flokk \u00abmarebito\u00bb (\u00abgestkomandi framandi vera\u00bb). Samkv\u00e6mt kenningu Origuchis eru marebito gu\u00f0legar verur sem koma reglulega \u00far handanheimi, veita <span class=\"iwg-fachbegriff\" data-tooltip=\"\u00c1varp heilla og verndar, oft \u00ed f\u00f6stu m\u00e1lformi.\" tabindex=\"0\">blessun<\/span> og halda s\u00ed\u00f0an \u00e1 brott aftur.<\/p><p>Ebisu, sem kemur utanfr\u00e1 sem hafnkasta\u00f0ur Hiruko og rekur \u00e1 land vi\u00f0 str\u00f6ndina, er d\u00e6migert marebito. \u00deessi kenning er ekki a\u00f0 \u00f6llu leyti \u00f3hrekjanleg \u00ed n\u00fat\u00edma <span class=\"iwg-fachbegriff\" data-tooltip=\"Fr\u00e6\u00f0igrein sem rannsakar menningarheima og samf\u00e9l\u00f6g \u00ed samanbur\u00f0i.\" tabindex=\"0\">\u00fej\u00f3\u00f0fr\u00e6\u00f0i<\/span>, en h\u00fan hefur haft varanleg \u00e1hrif \u00e1 japanskar tr\u00faarbrag\u00f0aranns\u00f3knir og sett Ebisu \u00ed v\u00ed\u00f0ara s\u00f6guleyt samhengi.<\/p>\n<p>Joseph Kitagawa og Helen Hardacre hafa teki\u00f0 marebito-kenninguna upp \u00ed fj\u00f6lda ranns\u00f3kna og bent \u00e1 mikilv\u00e6gi hins \u00abframandi\u00bb og \u00ab\u00e1 land reknnna\u00bb \u00ed jap\u00f6nsku tr\u00faarl\u00edfi. \u00cd \u00feessum skilningi er Ebisu ekki a\u00f0eins g\u00e6fugu\u00f0, heldur einnig <span class=\"iwg-fachbegriff\" data-tooltip=\"T\u00e1kn sem stendur fyrir \u00e1kve\u00f0na hugmynd e\u00f0a merkingu.\" tabindex=\"0\">t\u00e1kn<\/span> fyrir \u00fe\u00e1 m\u00f6guleika a\u00f0 hj\u00e1lpr\u00e6\u00f0i komi fr\u00e1 hinu framandi, dj\u00fapst\u00e6\u00f0 hugmynd \u00ed tr\u00faarbrag\u00f0as\u00f6gulegu lj\u00f3si.<\/p>\t\t\t\t\t\t\t\t<\/div>\n\t\t\t\t<\/div>\n\t\t<div class=\"elementor-element elementor-element-93068f2 e-con-full e-flex e-con e-child\" data-id=\"93068f2\" data-element_type=\"container\" data-e-type=\"container\">\n\t\t\t\t<div class=\"elementor-element elementor-element-42b1639 elementor-widget elementor-widget-heading\" data-id=\"42b1639\" data-element_type=\"widget\" data-e-type=\"widget\" data-widget_type=\"heading.default\">\n\t\t\t\t\t<h2 class=\"elementor-heading-title elementor-size-default\">N\u00fat\u00edma v\u00f6rumerkjask\u00f6pun og borgarlegt t\u00e1knr\u00e6nt gildi<\/h2>\t\t\t\t<\/div>\n\t\t\t\t<div class=\"elementor-element elementor-element-04be4c4 elementor-widget elementor-widget-text-editor\" data-id=\"04be4c4\" data-element_type=\"widget\" data-e-type=\"widget\" data-widget_type=\"text-editor.default\">\n\t\t\t\t\t\t\t\t\t<p>S\u00e9rstakur \u00fe\u00e1ttur \u00ed tr\u00faars\u00f6gu Ebisu er umfangsmikil v\u00f6rumerkjask\u00f6pun \u00e1 t\u00edmum n\u00fat\u00edmans. \u00abYebisu-bj\u00f3rinn\u00bb, sem kynntur var \u00ed T\u00f3k\u00fd\u00f3 \u00e1ri\u00f0 1890 (gamla stafsetningin me\u00f0 \u00abYe-\u00bb var ekki n\u00fat\u00edmav\u00e6dd), er eitt af elstu v\u00f6rumerkjum Japans.<\/p><p>Ebisu-lestarst\u00f6\u00f0in, borgarhlutinn Ebisu og Yebisu Garden Place bera nafn g\u00e6fugu\u00f0sins og eru d\u00e6mi um \u00fea\u00f0 gj\u00f6fula spennusvi\u00f0 milli vi\u00f0skiptalegrar v\u00f6rumerkjask\u00f6punar og tr\u00faarlegs t\u00e1knm\u00e1ls. Svipu\u00f0 \u00e1hrif m\u00e1 sj\u00e1 \u00ed n\u00f6fnum veitingasta\u00f0a og verslana (\u00abEbisuya\u00bb, \u00abEbisu-tei\u00bb), sem eru mj\u00f6g algeng \u00ed Japan og byggja \u00e1 j\u00e1kv\u00e6\u00f0ri merkingu nafnsins.<\/p>\n<p>\u00cd samt\u00edma d\u00e6gurmenningu er Ebisu endurtekin pers\u00f3na \u00ed anime, manga og t\u00f6lvuleikjum. Hin vinalega, heyrnarskerta g\u00f3\u00f0mennska hinnar hef\u00f0bundnu <span class=\"iwg-fachbegriff\" data-tooltip=\"Fr\u00e6\u00f0igrein um myndefni og merkingu \u00feess.\" tabindex=\"0\">helgimyndafr\u00e6\u00f0i<\/span> er \u00fear oft vitna\u00f0 til \u00ed skopst\u00e6lingu e\u00f0a kaldh\u00e6\u00f0ni. \u00der\u00e1tt fyrir \u00feessa vi\u00f0skiptalegu og skemmtanaskotnu \u00e1herslu lifir tr\u00faarlegur kjarni Ebisu-fl\u00f3kans \u00e1fram, eins og hinar \u00e1rlegu fj\u00f6ldap\u00edlagr\u00edmsh\u00e1t\u00ed\u00f0ir \u00e1 T\u014dka-Ebisu s\u00fdna.<\/p>\t\t\t\t\t\t\t\t<\/div>\n\t\t\t\t<\/div>\n\t\t\t\t\t<\/div>\n\t\t\t\t<\/div>\n\t\t\t\t<\/div>\n\t\t","protected":false},"excerpt":{"rendered":"","protected":false},"author":3,"featured_media":3232,"parent":0,"menu_order":0,"comment_status":"closed","ping_status":"closed","template":"elementor_header_footer","meta":{"_yoast_wpseo_focuskw":"Ebisu","_yoast_wpseo_title":"Ebisu \u2013 G\u00e6fugu\u00f0 fiskimanna \u00ed Japan | iWell Guard","_yoast_wpseo_metadesc":"Ebisu er g\u00e6fugu\u00f0 fiskimanna, kaupmanna og velmegunar. Einn af sj\u00f6 g\u00e6fugu\u00f0um Japans, oft s\u00fdndur me\u00f0 fiskist\u00f6ng og s\u00e6brau\u00f0sfisk. Go\u00f0s\u00f6gn og d\u00fdrkun.","_yoast_wpseo_meta-robots-noindex":"","_yoast_wpseo_canonical":"","_angie_page":false,"gefaehrdungsstufe":"","wesen_kultur":"","wesen_klasse":"","footnotes":""},"categories":[],"class_list":["post-169087","page","type-page","status-publish","has-post-thumbnail","hentry"],"yoast_head":"<!-- This site is optimized with the Yoast SEO Premium plugin v27.7 (Yoast SEO v28.3) - https:\/\/yoast.com\/product\/yoast-seo-premium-wordpress\/ -->\n<title>Ebisu \u2013 G\u00e6fugu\u00f0 fiskimanna \u00ed Japan | iWell Guard<\/title>\n<meta name=\"description\" content=\"Ebisu er g\u00e6fugu\u00f0 fiskimanna, kaupmanna og velmegunar. Einn af sj\u00f6 g\u00e6fugu\u00f0um Japans, oft s\u00fdndur me\u00f0 fiskist\u00f6ng og s\u00e6brau\u00f0sfisk. Go\u00f0s\u00f6gn og d\u00fdrkun.\" \/>\n<meta name=\"robots\" content=\"index, follow, max-snippet:-1, max-image-preview:large, max-video-preview:-1\" \/>\n<link rel=\"canonical\" href=\"https:\/\/iwell-guard.com\/is\/ebisu\/\" \/>\n<meta property=\"og:locale\" content=\"is_IS\" \/>\n<meta property=\"og:type\" content=\"article\" \/>\n<meta property=\"og:title\" content=\"Ebisu\" \/>\n<meta property=\"og:description\" content=\"Ebisu er g\u00e6fugu\u00f0 fiskimanna, kaupmanna og velmegunar. Einn af sj\u00f6 g\u00e6fugu\u00f0um Japans, oft s\u00fdndur me\u00f0 fiskist\u00f6ng og s\u00e6brau\u00f0sfisk. Go\u00f0s\u00f6gn og d\u00fdrkun.\" \/>\n<meta property=\"og:url\" content=\"https:\/\/iwell-guard.com\/is\/ebisu\/\" \/>\n<meta property=\"og:site_name\" content=\"iWell Guard\" \/>\n<meta property=\"article:modified_time\" content=\"2026-09-05T14:31:56+00:00\" \/>\n<meta property=\"og:image\" content=\"https:\/\/iwell-guard.com\/wp-content\/uploads\/2026\/05\/goetter_japan_ebisu.webp\" \/>\n\t<meta property=\"og:image:width\" content=\"1024\" \/>\n\t<meta property=\"og:image:height\" content=\"1536\" \/>\n\t<meta property=\"og:image:type\" content=\"image\/webp\" \/>\n<meta name=\"twitter:card\" content=\"summary_large_image\" \/>\n<script type=\"application\/ld+json\" class=\"yoast-schema-graph\">{\"@context\":\"https:\\\/\\\/schema.org\",\"@graph\":[{\"@type\":\"WebPage\",\"@id\":\"https:\\\/\\\/iwell-guard.com\\\/is\\\/ebisu\\\/\",\"url\":\"https:\\\/\\\/iwell-guard.com\\\/is\\\/ebisu\\\/\",\"name\":\"Ebisu \u2013 G\u00e6fugu\u00f0 fiskimanna \u00ed Japan | iWell Guard\",\"isPartOf\":{\"@id\":\"https:\\\/\\\/iwell-guard.com\\\/is\\\/#website\"},\"primaryImageOfPage\":{\"@id\":\"https:\\\/\\\/iwell-guard.com\\\/is\\\/ebisu\\\/#primaryimage\"},\"image\":{\"@id\":\"https:\\\/\\\/iwell-guard.com\\\/is\\\/ebisu\\\/#primaryimage\"},\"thumbnailUrl\":\"https:\\\/\\\/iwell-guard.com\\\/wp-content\\\/uploads\\\/2026\\\/05\\\/goetter_japan_ebisu.webp\",\"datePublished\":\"2026-09-05T14:05:28+00:00\",\"dateModified\":\"2026-09-05T14:31:56+00:00\",\"description\":\"Ebisu er g\u00e6fugu\u00f0 fiskimanna, kaupmanna og velmegunar. Einn af sj\u00f6 g\u00e6fugu\u00f0um Japans, oft s\u00fdndur me\u00f0 fiskist\u00f6ng og s\u00e6brau\u00f0sfisk. Go\u00f0s\u00f6gn og d\u00fdrkun.\",\"breadcrumb\":{\"@id\":\"https:\\\/\\\/iwell-guard.com\\\/is\\\/ebisu\\\/#breadcrumb\"},\"inLanguage\":\"is\",\"potentialAction\":[{\"@type\":\"ReadAction\",\"target\":[\"https:\\\/\\\/iwell-guard.com\\\/is\\\/ebisu\\\/\"]}]},{\"@type\":\"ImageObject\",\"inLanguage\":\"is\",\"@id\":\"https:\\\/\\\/iwell-guard.com\\\/is\\\/ebisu\\\/#primaryimage\",\"url\":\"https:\\\/\\\/iwell-guard.com\\\/wp-content\\\/uploads\\\/2026\\\/05\\\/goetter_japan_ebisu.webp\",\"contentUrl\":\"https:\\\/\\\/iwell-guard.com\\\/wp-content\\\/uploads\\\/2026\\\/05\\\/goetter_japan_ebisu.webp\",\"width\":1024,\"height\":1536,\"caption\":\"Gu\u00f0ir \u00far japanskri hef\u00f0.\"},{\"@type\":\"BreadcrumbList\",\"@id\":\"https:\\\/\\\/iwell-guard.com\\\/is\\\/ebisu\\\/#breadcrumb\",\"itemListElement\":[{\"@type\":\"ListItem\",\"position\":1,\"name\":\"Start\",\"item\":\"https:\\\/\\\/iwell-guard.com\\\/is\\\/?page_id=168580\"},{\"@type\":\"ListItem\",\"position\":2,\"name\":\"Ebisu\"}]},{\"@type\":\"WebSite\",\"@id\":\"https:\\\/\\\/iwell-guard.com\\\/is\\\/#website\",\"url\":\"https:\\\/\\\/iwell-guard.com\\\/is\\\/\",\"name\":\"iWell Guard\",\"description\":\"Schutz vor dunklen Einfl\u00fcssen\",\"publisher\":{\"@id\":\"https:\\\/\\\/iwell-guard.com\\\/is\\\/#organization\"},\"potentialAction\":[{\"@type\":\"SearchAction\",\"target\":{\"@type\":\"EntryPoint\",\"urlTemplate\":\"https:\\\/\\\/iwell-guard.com\\\/is\\\/?s={search_term_string}\"},\"query-input\":{\"@type\":\"PropertyValueSpecification\",\"valueRequired\":true,\"valueName\":\"search_term_string\"}}],\"inLanguage\":\"is\"},{\"@type\":\"Organization\",\"@id\":\"https:\\\/\\\/iwell-guard.com\\\/is\\\/#organization\",\"name\":\"Ittermann electronic GmbH\",\"url\":\"https:\\\/\\\/iwell-guard.com\\\/is\\\/\",\"logo\":{\"@type\":\"ImageObject\",\"inLanguage\":\"is\",\"@id\":\"https:\\\/\\\/iwell-guard.com\\\/is\\\/#\\\/schema\\\/logo\\\/image\\\/\",\"url\":\"https:\\\/\\\/iwell-guard.com\\\/wp-content\\\/uploads\\\/2026\\\/05\\\/Ittermann-Logo-1182x237-1.png\",\"contentUrl\":\"https:\\\/\\\/iwell-guard.com\\\/wp-content\\\/uploads\\\/2026\\\/05\\\/Ittermann-Logo-1182x237-1.png\",\"width\":1182,\"height\":237,\"caption\":\"Ittermann electronic GmbH\"},\"image\":{\"@id\":\"https:\\\/\\\/iwell-guard.com\\\/is\\\/#\\\/schema\\\/logo\\\/image\\\/\"},\"sameAs\":[\"https:\\\/\\\/pantip.com\\\/profile\\\/9367242\",\"https:\\\/\\\/micro.blog\\\/iwellguard\",\"https:\\\/\\\/www.diggerslist.com\\\/iwellguard\\\/about\",\"https:\\\/\\\/skitterphoto.com\\\/photographers\\\/2870314\\\/iwell-guard\",\"https:\\\/\\\/iwellguard.wordpress.com\\\/2026\\\/06\\\/06\\\/iwell-guard\\\/\",\"https:\\\/\\\/hub.docker.com\\\/u\\\/iwellguard\",\"https:\\\/\\\/www.pinterest.com\\\/iwellguard\\\/\",\"https:\\\/\\\/bit.ly\\\/m\\\/iwellguard\",\"https:\\\/\\\/entre-vos-mains.alsace.eu\\\/profiles\\\/iwellguard\\\/activity\",\"https:\\\/\\\/gravatar.com\\\/reallybeded8fd34\",\"https:\\\/\\\/naijamatta.com\\\/iwellguard\",\"https:\\\/\\\/www.goodreads.com\\\/iwellguard\",\"https:\\\/\\\/profile.hatena.ne.jp\\\/iwellguard\\\/\",\"https:\\\/\\\/experiment.com\\\/users\\\/iwellguard\",\"https:\\\/\\\/wakelet.com\\\/@iWellGuard82270\",\"https:\\\/\\\/www.chordie.com\\\/forum\\\/profile.php?id=2555664\",\"https:\\\/\\\/www.instapaper.com\\\/p\\\/17757966\",\"https:\\\/\\\/www.mapleprimes.com\\\/users\\\/iwellguard\",\"https:\\\/\\\/businesslistingplus.com\\\/profile\\\/iwell-guard\\\/\",\"https:\\\/\\\/telegra.ph\\\/iWell-Guard-06-06\",\"https:\\\/\\\/pbase.com\\\/iwellguard\\\/iwellguard\",\"https:\\\/\\\/b.hatena.ne.jp\\\/iwellguard\\\/20260607#bookmark-4788405196491818882\",\"https:\\\/\\\/fliphtml5.com\\\/home\\\/iwellguard\",\"https:\\\/\\\/anyflip.com\\\/homepage\\\/cmiwl#About\",\"https:\\\/\\\/transfur.com\\\/Users\\\/iwellguard\",\"http:\\\/\\\/delphi.larsbo.org\\\/user\\\/iwellguard\",\"https:\\\/\\\/jobs.lajobsportal.org\\\/profiles\\\/8380803-iwell-guard\",\"https:\\\/\\\/md.chaosdorf.de\\\/s\\\/jfbe5SBdJD\",\"https:\\\/\\\/www.lingvolive.com\\\/en-us\\\/profile\\\/9ecaeaca-ce11-4e51-9e71-01d55e2bff36\\\/translations\",\"https:\\\/\\\/www.fitday.com\\\/fitness\\\/forums\\\/members\\\/iwellguard.html\",\"https:\\\/\\\/www.mymeetbook.com\\\/iwellguard\",\"https:\\\/\\\/pxhere.com\\\/en\\\/photographer-me\\\/5040798\",\"https:\\\/\\\/disqus.com\\\/by\\\/iwellguard\\\/about\\\/\",\"https:\\\/\\\/pastelink.net\\\/hjwciqwq\",\"https:\\\/\\\/pubhtml5.com\\\/homepage\\\/scjhn\\\/\",\"https:\\\/\\\/www.bitchute.com\\\/channel\\\/2O2eOKzNqujT\",\"https:\\\/\\\/audiomack.com\\\/iwellguard\"]}]}<\/script>\n<!-- \/ Yoast SEO Premium plugin. -->","yoast_head_json":{"title":"Ebisu \u2013 G\u00e6fugu\u00f0 fiskimanna \u00ed Japan | iWell Guard","description":"Ebisu er g\u00e6fugu\u00f0 fiskimanna, kaupmanna og velmegunar. Einn af sj\u00f6 g\u00e6fugu\u00f0um Japans, oft s\u00fdndur me\u00f0 fiskist\u00f6ng og s\u00e6brau\u00f0sfisk. Go\u00f0s\u00f6gn og d\u00fdrkun.","robots":{"index":"index","follow":"follow","max-snippet":"max-snippet:-1","max-image-preview":"max-image-preview:large","max-video-preview":"max-video-preview:-1"},"canonical":"https:\/\/iwell-guard.com\/is\/ebisu\/","og_locale":"is_IS","og_type":"article","og_title":"Ebisu","og_description":"Ebisu er g\u00e6fugu\u00f0 fiskimanna, kaupmanna og velmegunar. Einn af sj\u00f6 g\u00e6fugu\u00f0um Japans, oft s\u00fdndur me\u00f0 fiskist\u00f6ng og s\u00e6brau\u00f0sfisk. Go\u00f0s\u00f6gn og d\u00fdrkun.","og_url":"https:\/\/iwell-guard.com\/is\/ebisu\/","og_site_name":"iWell Guard","article_modified_time":"2026-09-05T14:31:56+00:00","og_image":[{"width":1024,"height":1536,"url":"https:\/\/iwell-guard.com\/wp-content\/uploads\/2026\/05\/goetter_japan_ebisu.webp","type":"image\/webp"}],"twitter_card":"summary_large_image","schema":{"@context":"https:\/\/schema.org","@graph":[{"@type":"WebPage","@id":"https:\/\/iwell-guard.com\/is\/ebisu\/","url":"https:\/\/iwell-guard.com\/is\/ebisu\/","name":"Ebisu \u2013 G\u00e6fugu\u00f0 fiskimanna \u00ed Japan | iWell Guard","isPartOf":{"@id":"https:\/\/iwell-guard.com\/is\/#website"},"primaryImageOfPage":{"@id":"https:\/\/iwell-guard.com\/is\/ebisu\/#primaryimage"},"image":{"@id":"https:\/\/iwell-guard.com\/is\/ebisu\/#primaryimage"},"thumbnailUrl":"https:\/\/iwell-guard.com\/wp-content\/uploads\/2026\/05\/goetter_japan_ebisu.webp","datePublished":"2026-09-05T14:05:28+00:00","dateModified":"2026-09-05T14:31:56+00:00","description":"Ebisu er g\u00e6fugu\u00f0 fiskimanna, kaupmanna og velmegunar. Einn af sj\u00f6 g\u00e6fugu\u00f0um Japans, oft s\u00fdndur me\u00f0 fiskist\u00f6ng og s\u00e6brau\u00f0sfisk. Go\u00f0s\u00f6gn og d\u00fdrkun.","breadcrumb":{"@id":"https:\/\/iwell-guard.com\/is\/ebisu\/#breadcrumb"},"inLanguage":"is","potentialAction":[{"@type":"ReadAction","target":["https:\/\/iwell-guard.com\/is\/ebisu\/"]}]},{"@type":"ImageObject","inLanguage":"is","@id":"https:\/\/iwell-guard.com\/is\/ebisu\/#primaryimage","url":"https:\/\/iwell-guard.com\/wp-content\/uploads\/2026\/05\/goetter_japan_ebisu.webp","contentUrl":"https:\/\/iwell-guard.com\/wp-content\/uploads\/2026\/05\/goetter_japan_ebisu.webp","width":1024,"height":1536,"caption":"Gu\u00f0ir \u00far japanskri hef\u00f0."},{"@type":"BreadcrumbList","@id":"https:\/\/iwell-guard.com\/is\/ebisu\/#breadcrumb","itemListElement":[{"@type":"ListItem","position":1,"name":"Start","item":"https:\/\/iwell-guard.com\/is\/?page_id=168580"},{"@type":"ListItem","position":2,"name":"Ebisu"}]},{"@type":"WebSite","@id":"https:\/\/iwell-guard.com\/is\/#website","url":"https:\/\/iwell-guard.com\/is\/","name":"iWell Guard","description":"Schutz vor dunklen Einfl\u00fcssen","publisher":{"@id":"https:\/\/iwell-guard.com\/is\/#organization"},"potentialAction":[{"@type":"SearchAction","target":{"@type":"EntryPoint","urlTemplate":"https:\/\/iwell-guard.com\/is\/?s={search_term_string}"},"query-input":{"@type":"PropertyValueSpecification","valueRequired":true,"valueName":"search_term_string"}}],"inLanguage":"is"},{"@type":"Organization","@id":"https:\/\/iwell-guard.com\/is\/#organization","name":"Ittermann electronic GmbH","url":"https:\/\/iwell-guard.com\/is\/","logo":{"@type":"ImageObject","inLanguage":"is","@id":"https:\/\/iwell-guard.com\/is\/#\/schema\/logo\/image\/","url":"https:\/\/iwell-guard.com\/wp-content\/uploads\/2026\/05\/Ittermann-Logo-1182x237-1.png","contentUrl":"https:\/\/iwell-guard.com\/wp-content\/uploads\/2026\/05\/Ittermann-Logo-1182x237-1.png","width":1182,"height":237,"caption":"Ittermann electronic GmbH"},"image":{"@id":"https:\/\/iwell-guard.com\/is\/#\/schema\/logo\/image\/"},"sameAs":["https:\/\/pantip.com\/profile\/9367242","https:\/\/micro.blog\/iwellguard","https:\/\/www.diggerslist.com\/iwellguard\/about","https:\/\/skitterphoto.com\/photographers\/2870314\/iwell-guard","https:\/\/iwellguard.wordpress.com\/2026\/06\/06\/iwell-guard\/","https:\/\/hub.docker.com\/u\/iwellguard","https:\/\/www.pinterest.com\/iwellguard\/","https:\/\/bit.ly\/m\/iwellguard","https:\/\/entre-vos-mains.alsace.eu\/profiles\/iwellguard\/activity","https:\/\/gravatar.com\/reallybeded8fd34","https:\/\/naijamatta.com\/iwellguard","https:\/\/www.goodreads.com\/iwellguard","https:\/\/profile.hatena.ne.jp\/iwellguard\/","https:\/\/experiment.com\/users\/iwellguard","https:\/\/wakelet.com\/@iWellGuard82270","https:\/\/www.chordie.com\/forum\/profile.php?id=2555664","https:\/\/www.instapaper.com\/p\/17757966","https:\/\/www.mapleprimes.com\/users\/iwellguard","https:\/\/businesslistingplus.com\/profile\/iwell-guard\/","https:\/\/telegra.ph\/iWell-Guard-06-06","https:\/\/pbase.com\/iwellguard\/iwellguard","https:\/\/b.hatena.ne.jp\/iwellguard\/20260607#bookmark-4788405196491818882","https:\/\/fliphtml5.com\/home\/iwellguard","https:\/\/anyflip.com\/homepage\/cmiwl#About","https:\/\/transfur.com\/Users\/iwellguard","http:\/\/delphi.larsbo.org\/user\/iwellguard","https:\/\/jobs.lajobsportal.org\/profiles\/8380803-iwell-guard","https:\/\/md.chaosdorf.de\/s\/jfbe5SBdJD","https:\/\/www.lingvolive.com\/en-us\/profile\/9ecaeaca-ce11-4e51-9e71-01d55e2bff36\/translations","https:\/\/www.fitday.com\/fitness\/forums\/members\/iwellguard.html","https:\/\/www.mymeetbook.com\/iwellguard","https:\/\/pxhere.com\/en\/photographer-me\/5040798","https:\/\/disqus.com\/by\/iwellguard\/about\/","https:\/\/pastelink.net\/hjwciqwq","https:\/\/pubhtml5.com\/homepage\/scjhn\/","https:\/\/www.bitchute.com\/channel\/2O2eOKzNqujT","https:\/\/audiomack.com\/iwellguard"]}]}},"_links":{"self":[{"href":"https:\/\/iwell-guard.com\/is\/wp-json\/wp\/v2\/pages\/169087","targetHints":{"allow":["GET"]}}],"collection":[{"href":"https:\/\/iwell-guard.com\/is\/wp-json\/wp\/v2\/pages"}],"about":[{"href":"https:\/\/iwell-guard.com\/is\/wp-json\/wp\/v2\/types\/page"}],"author":[{"embeddable":true,"href":"https:\/\/iwell-guard.com\/is\/wp-json\/wp\/v2\/users\/3"}],"replies":[{"embeddable":true,"href":"https:\/\/iwell-guard.com\/is\/wp-json\/wp\/v2\/comments?post=169087"}],"version-history":[{"count":0,"href":"https:\/\/iwell-guard.com\/is\/wp-json\/wp\/v2\/pages\/169087\/revisions"}],"wp:featuredmedia":[{"embeddable":true,"href":"https:\/\/iwell-guard.com\/is\/wp-json\/wp\/v2\/media\/3232"}],"wp:attachment":[{"href":"https:\/\/iwell-guard.com\/is\/wp-json\/wp\/v2\/media?parent=169087"}],"wp:term":[{"taxonomy":"category","embeddable":true,"href":"https:\/\/iwell-guard.com\/is\/wp-json\/wp\/v2\/categories?post=169087"}],"curies":[{"name":"wp","href":"https:\/\/api.w.org\/{rel}","templated":true}]}}