{"id":169086,"date":"2026-09-05T14:05:28","date_gmt":"2026-09-05T14:05:28","guid":{"rendered":"https:\/\/iwell-guard.com\/?page_id=169086"},"modified":"2026-09-05T14:31:56","modified_gmt":"2026-09-05T14:31:56","slug":"inari","status":"publish","type":"page","link":"https:\/\/iwell-guard.com\/is\/inari\/","title":{"rendered":"Inari \u014ckami"},"content":{"rendered":"\t\t<div data-elementor-type=\"wp-page\" data-elementor-id=\"169086\" class=\"elementor elementor-169086 elementor-3027 elementor-bc-flex-widget\" data-elementor-post-type=\"page\">\n\t\t\t\t<div class=\"elementor-element elementor-element-16a6ff1 e-flex e-con-boxed e-con e-parent\" data-id=\"16a6ff1\" data-element_type=\"container\" data-e-type=\"container\" data-settings=\"{&quot;background_background&quot;:&quot;classic&quot;}\">\n\t\t\t\t\t<div class=\"e-con-inner\">\n\t\t<div class=\"elementor-element elementor-element-7178015 e-flex e-con-boxed e-con e-child\" data-id=\"7178015\" data-element_type=\"container\" data-e-type=\"container\">\n\t\t\t\t\t<div class=\"e-con-inner\">\n\t\t<div class=\"elementor-element elementor-element-2decdbd e-con-full e-flex e-con e-child\" data-id=\"2decdbd\" data-element_type=\"container\" data-e-type=\"container\">\n\t\t\t\t<div class=\"elementor-element elementor-element-ac823b0 elementor-widget elementor-widget-heading\" data-id=\"ac823b0\" data-element_type=\"widget\" data-e-type=\"widget\" data-widget_type=\"heading.default\">\n\t\t\t\t\t<h1 class=\"elementor-heading-title elementor-size-default\">Inari \u014ckami, jap\u00f6nsk gu\u00f0veldi hr\u00edsgrj\u00f3na<\/h1>\t\t\t\t<\/div>\n\t\t\t\t<div class=\"elementor-element elementor-element-cc710b3 elementor-widget elementor-widget-text-editor\" data-id=\"cc710b3\" data-element_type=\"widget\" data-e-type=\"widget\" data-widget_type=\"text-editor.default\">\n\t\t\t\t\t\t\t\t\t<p>Inari \u014ckami er jap\u00f6nsk <span class=\"iwg-fachbegriff\" data-tooltip=\"Vera sem er d\u00fdrku\u00f0 sem gu\u00f0leg innan tr\u00faarbrag\u00f0a.\" tabindex=\"0\">gu\u00f0veldi<\/span> hr\u00edsgrj\u00f3na og einnig velgengnisgu\u00f0 sem b\u00e6\u00f0i b\u00e6ndur og kaupmenn f\u00e6ra f\u00f3rnir til vegna velmegunar. Inari \u014ckami, \u00ed styttri mynd Inari, er \u00ed jap\u00f6nskum Shint\u014d <span class=\"iwg-fachbegriff\" data-tooltip=\"Vera sem er d\u00fdrku\u00f0 sem gu\u00f0leg innan tr\u00faarbrag\u00f0a.\" tabindex=\"0\">gu\u00f0veldi<\/span> hr\u00edsgrj\u00f3na, frj\u00f3semi, efnahagslegrar velmegunar, sm\u00ed\u00f0alistar og refa (Kitsune).<\/p><p>Me\u00f0 yfir 30.000 helgid\u00f3mum tileinku\u00f0um honum \u00ed Japan er Inari me\u00f0al \u00fatbreiddustu <span class=\"iwg-fachbegriff\" data-tooltip=\"\u00cd jap\u00f6nskum Shinto, d\u00fdrka\u00f0ar andaverur og gu\u00f0legir m\u00e1ttarh\u00f6fn.\" tabindex=\"0\">kami<\/span> yfirleitt; um \u00fea\u00f0 bil hver \u00feri\u00f0ji Shint\u014d-<span class=\"iwg-fachbegriff\" data-tooltip=\"L\u00edtill helgur var\u00f0veislusta\u00f0ur e\u00f0a tilbei\u00f0slusta\u00f0ur.\" tabindex=\"0\">helgid\u00f3mur<\/span> landsins er Inari-\u00fatib\u00fa. D\u00fdrkunin sameinar fornar landb\u00fana\u00f0artr\u00faarhef\u00f0ir, mi\u00f0aldahandverkshef\u00f0ir og n\u00fat\u00edma verslunard\u00fdrkun, \u00fear sem Inari er kalla\u00f0ur sem verndargu\u00f0 fyrirt\u00e6kja og kaupmanna.<\/p>\n<p class=\"iwg-kwfix\">Inari \u014ckami er talinn refagu\u00f0 Japans \u2013 refirnir eru sendibo\u00f0ar hans og ver\u00f0ir. Sem hr\u00edsgrj\u00f3na- og refagu\u00f0 Japans er Inari \u014ckami einnig kalla\u00f0ur \u00ed dag verndargu\u00f0 fyrirt\u00e6kja.<\/p>\t\t\t\t\t\t\t\t<\/div>\n\t\t\t\t<\/div>\n\t\t<div class=\"elementor-element elementor-element-d67b364 e-con-full e-flex e-con e-parent\" data-id=\"d67b364\" data-element_type=\"container\" data-e-type=\"container\">\n\t\t\t\t<div class=\"elementor-element elementor-element-5554fe0 elementor-widget elementor-widget-html\" data-id=\"5554fe0\" data-element_type=\"widget\" data-e-type=\"widget\" data-widget_type=\"html.default\">\n\t\t\t\t\t<div class=\"iwg-pill-row\"><span class=\"iwg-klasse-badge\" tabindex=\"0\" data-tooltip=\"Gu\u00f0 \/ gy\u00f0ja: Pers\u00f3nuger\u00f0ur h\u00e6sta m\u00e1ttur \u00ed go\u00f0heimi menningar, me\u00f0 sk\u00fdr hlutverk \u2014 n\u00e1tt\u00faru\u00f6fl, \u00f6rl\u00f6g, str\u00ed\u00f0, frj\u00f3semi. Tigna\u00f0ur me\u00f0 tilbei\u00f0slu, f\u00f3rnum og hofastofnunum.\">Gu\u00f0<\/span><a href=\"https:\/\/iwell-guard.com\/is\/japan\/\" class=\"iwg-kultur-badge\" tabindex=\"0\" data-tooltip=\"Japanskir Shinto-kami og b\u00fadd\u00edsk-yokai heimar.\">Japan<\/a><\/div>\t\t\t\t<\/div>\n\t\t\t\t<\/div>\n\t\t<div class=\"elementor-element elementor-element-256e4de e-con-full e-flex e-con e-child\" data-id=\"256e4de\" data-element_type=\"container\" data-e-type=\"container\">\n\t\t\t\t<div class=\"elementor-element elementor-element-19dcaf1 elementor-toc--minimized-on-tablet elementor-widget elementor-widget-table-of-contents\" data-id=\"19dcaf1\" data-element_type=\"widget\" data-e-type=\"widget\" data-settings=\"{&quot;exclude_headings_by_selector&quot;:[],&quot;no_headings_message&quot;:&quot;Engar undirfyrirsagnir fundust \\u00e1 \\u00feessari s\\u00ed\\u00f0u.&quot;,&quot;headings_by_tags&quot;:[&quot;h2&quot;,&quot;h3&quot;],&quot;marker_view&quot;:&quot;bullets&quot;,&quot;icon&quot;:{&quot;value&quot;:&quot;fas fa-circle&quot;,&quot;library&quot;:&quot;fa-solid&quot;,&quot;rendered_tag&quot;:&quot;&lt;svg class=\\&quot;e-font-icon-svg e-fas-circle\\&quot; viewBox=\\&quot;0 0 512 512\\&quot; xmlns=\\&quot;http:\\\/\\\/www.w3.org\\\/2000\\\/svg\\&quot;&gt;&lt;path d=\\&quot;M256 8C119 8 8 119 8 256s111 248 248 248 248-111 248-248S393 8 256 8z\\&quot;&gt;&lt;\\\/path&gt;&lt;\\\/svg&gt;&quot;},&quot;minimize_box&quot;:&quot;yes&quot;,&quot;minimized_on&quot;:&quot;tablet&quot;,&quot;hierarchical_view&quot;:&quot;yes&quot;,&quot;min_height&quot;:{&quot;unit&quot;:&quot;px&quot;,&quot;size&quot;:&quot;&quot;,&quot;sizes&quot;:[]},&quot;min_height_tablet&quot;:{&quot;unit&quot;:&quot;px&quot;,&quot;size&quot;:&quot;&quot;,&quot;sizes&quot;:[]},&quot;min_height_mobile&quot;:{&quot;unit&quot;:&quot;px&quot;,&quot;size&quot;:&quot;&quot;,&quot;sizes&quot;:[]}}\" data-widget_type=\"table-of-contents.default\">\n\t\t\t\t\t\t\t\t\t<div class=\"elementor-toc__header\">\n\t\t\t\t\t\t<h2 class=\"elementor-toc__header-title\">\n\t\t\t\tEfnisyfirlit\t\t\t<\/h2>\n\t\t\t\t\t\t\t\t\t\t<div class=\"elementor-toc__toggle-button elementor-toc__toggle-button--expand\" role=\"button\" tabindex=\"0\" aria-controls=\"elementor-toc__19dcaf1\" aria-expanded=\"true\" aria-label=\"Open table of contents\"><svg aria-hidden=\"true\" class=\"e-font-icon-svg e-fas-chevron-down\" viewBox=\"0 0 448 512\" xmlns=\"http:\/\/www.w3.org\/2000\/svg\"><path d=\"M207.029 381.476L12.686 187.132c-9.373-9.373-9.373-24.569 0-33.941l22.667-22.667c9.357-9.357 24.522-9.375 33.901-.04L224 284.505l154.745-154.021c9.379-9.335 24.544-9.317 33.901.04l22.667 22.667c9.373 9.373 9.373 24.569 0 33.941L240.971 381.476c-9.373 9.372-24.569 9.372-33.942 0z\"><\/path><\/svg><\/div>\n\t\t\t\t<div class=\"elementor-toc__toggle-button elementor-toc__toggle-button--collapse\" role=\"button\" tabindex=\"0\" aria-controls=\"elementor-toc__19dcaf1\" aria-expanded=\"true\" aria-label=\"Close table of contents\"><svg aria-hidden=\"true\" class=\"e-font-icon-svg e-fas-chevron-up\" viewBox=\"0 0 448 512\" xmlns=\"http:\/\/www.w3.org\/2000\/svg\"><path d=\"M240.971 130.524l194.343 194.343c9.373 9.373 9.373 24.569 0 33.941l-22.667 22.667c-9.357 9.357-24.522 9.375-33.901.04L224 227.495 69.255 381.516c-9.379 9.335-24.544 9.317-33.901-.04l-22.667-22.667c-9.373-9.373-9.373-24.569 0-33.941L207.03 130.525c9.372-9.373 24.568-9.373 33.941-.001z\"><\/path><\/svg><\/div>\n\t\t\t\t\t<\/div>\n\t\t\t\t<div id=\"elementor-toc__19dcaf1\" class=\"elementor-toc__body\">\n\t\t\t<div class=\"elementor-toc__spinner-container\">\n\t\t\t\t<svg class=\"elementor-toc__spinner eicon-animation-spin e-font-icon-svg e-eicon-loading\" aria-hidden=\"true\" viewBox=\"0 0 1000 1000\" xmlns=\"http:\/\/www.w3.org\/2000\/svg\"><path d=\"M500 975V858C696 858 858 696 858 500S696 142 500 142 142 304 142 500H25C25 237 238 25 500 25S975 237 975 500 763 975 500 975Z\"><\/path><\/svg>\t\t\t<\/div>\n\t\t<\/div>\n\t\t\t\t\t\t<\/div>\n\t\t\t\t<\/div>\n\t\t\t\t\t<\/div>\n\t\t\t\t<\/div>\n\t\t<div class=\"elementor-element elementor-element-4a6ccfc e-con-full e-flex e-con e-child\" data-id=\"4a6ccfc\" data-element_type=\"container\" data-e-type=\"container\">\n\t\t\t\t<div class=\"elementor-element elementor-element-6ead435 iwg-hero-image elementor-widget elementor-widget-image\" data-id=\"6ead435\" data-element_type=\"widget\" data-e-type=\"widget\" data-widget_type=\"image.default\">\n\t\t\t\t\t\t\t\t\t\t\t\t\t\t\t<img fetchpriority=\"high\" decoding=\"async\" width=\"683\" height=\"1024\" src=\"https:\/\/iwell-guard.com\/wp-content\/uploads\/2026\/05\/goetter_japan_inari-okami-683x1024.webp\" class=\"attachment-large size-large wp-image-170720\" alt=\"Inari Okami \u2013 gu\u00f0 \u00far jap\u00f6nskri hef\u00f0, s\u00f6guleg og myndr\u00e6n framsetning\" srcset=\"https:\/\/iwell-guard.com\/wp-content\/uploads\/2026\/05\/goetter_japan_inari-okami-683x1024.webp 683w, https:\/\/iwell-guard.com\/wp-content\/uploads\/2026\/05\/goetter_japan_inari-okami-200x300.webp 200w, https:\/\/iwell-guard.com\/wp-content\/uploads\/2026\/05\/goetter_japan_inari-okami-768x1152.webp 768w, https:\/\/iwell-guard.com\/wp-content\/uploads\/2026\/05\/goetter_japan_inari-okami.webp 1024w\" sizes=\"(max-width: 683px) 100vw, 683px\" \/>\t\t\t\t\t\t\t\t\t\t\t\t\t\t\t<\/div>\n\t\t\t\t<\/div>\n\t\t\t\t\t<\/div>\n\t\t\t\t<\/div>\n\t\t<div class=\"elementor-element elementor-element-c1e7b7b e-con-boxed e-flex e-con e-parent\" data-id=\"c1e7b7b\" data-element_type=\"container\" data-e-type=\"container\">\n\t\t\t\t\t<div class=\"e-con-inner\">\n\t\t<div class=\"elementor-element elementor-element-a6ff366 e-con-full e-flex e-con e-child\" data-id=\"a6ff366\" data-element_type=\"container\" data-e-type=\"container\">\n\t\t\t\t<div class=\"elementor-element elementor-element-4154ae6 elementor-widget elementor-widget-heading\" data-id=\"4154ae6\" data-element_type=\"widget\" data-e-type=\"widget\" data-widget_type=\"heading.default\">\n\t\t\t\t\t<h2 class=\"elementor-heading-title elementor-size-default\">Nafn, or\u00f0sifjar og samsemd<\/h2>\t\t\t\t<\/div>\n\t\t\t\t<div class=\"elementor-element elementor-element-720d623 elementor-widget elementor-widget-text-editor\" data-id=\"720d623\" data-element_type=\"widget\" data-e-type=\"widget\" data-widget_type=\"text-editor.default\">\n\t\t\t\t\t\t\t\t\t<p>Nafni\u00f0 Inari er hef\u00f0bundi\u00f0 t\u00falka\u00f0 sem stytting \u00e1 \u00abIne-nari\u00bb (\u00abhr\u00edsgrj\u00f3namyndun\u00bb, \u7a32\u751f), sem undirstrikar hina landb\u00fana\u00f0arlegu grunnmerkingu. \u00cd hinum klass\u00edsku r\u00edkiskronikum kemur Inari ekki fyrir sj\u00e1lfst\u00e6tt; \u00fea\u00f0 er ekki fyrr en \u00ed \u00abYamashiro-fudoki\u00bb (fr\u00e1 byrjun 8. aldar) og \u00ed \u00abEngishiki\u00bb (10. \u00f6ld) sem Inari-<span class=\"iwg-fachbegriff\" data-tooltip=\"L\u00edtill helgur geymslusta\u00f0ur e\u00f0a tilbei\u00f0slusta\u00f0ur.\" tabindex=\"0\">helgista\u00f0urinn<\/span> \u00ed Fushimi er skr\u00e1\u00f0ur sem keisaralegur st\u00f3rhelgista\u00f0ur.<\/p><p>\u00deau <span class=\"iwg-fachbegriff\" data-tooltip=\"\u00cd jap\u00f6nskum Shinto hin d\u00fdrku\u00f0u andlegu verur og gu\u00f0legu m\u00e1ttarv\u00f6ld.\" tabindex=\"0\">kami<\/span>-n\u00f6fn sem tengjast Inari eru, eftir hef\u00f0um, Uka-no-Mitama-no-\u014ckami, \u014cmiyanome-no-\u014ckami, Sarutahiko-no-\u014ckami, \u014ctafune-no-Mikoto og Ukemochi-no-<span class=\"iwg-fachbegriff\" data-tooltip=\"\u00cd jap\u00f6nskum Shinto hin d\u00fdrku\u00f0u andlegu verur og gu\u00f0legu m\u00e1ttarv\u00f6ld.\" tabindex=\"0\">kami<\/span>; \u00ed a\u00f0alhelgista\u00f0 Inari eru fimm <span class=\"iwg-fachbegriff\" data-tooltip=\"\u00cd jap\u00f6nskum Shinto hin d\u00fdrku\u00f0u andlegu verur og gu\u00f0legu m\u00e1ttarv\u00f6ld.\" tabindex=\"0\">kami<\/span> d\u00fdrku\u00f0 samhli\u00f0a.<\/p>\n<p>Hef\u00f0in jafnar Inari oft vi\u00f0 Ukemochi-no-<span class=\"iwg-fachbegriff\" data-tooltip=\"\u00cd jap\u00f6nskum Shinto hin d\u00fdrku\u00f0u andlegu verur og gu\u00f0legu m\u00e1ttarv\u00f6ld.\" tabindex=\"0\">kami<\/span>, gy\u00f0ju f\u00e6\u00f0unnar sem nefnd er \u00ed \u00abNihon Shoki\u00bb; \u00far l\u00edkama hennar, eftir a\u00f0 h\u00fan var drepin, \u00e1ttu hr\u00edsgrj\u00f3n, korn og b\u00faf\u00e9na\u00f0ur a\u00f0 hafa sprotti\u00f0. \u00deessi tenging er tr\u00faars\u00f6gulega mikilv\u00e6g \u00fev\u00ed h\u00fan setur Inari inn \u00ed hi\u00f0 forna shint\u00f3\u00edska lag gr\u00f3\u00f0ur- og dr\u00e1parm\u00fdta.<\/p>\t\t\t\t\t\t\t\t<\/div>\n\t\t\t\t<\/div>\n\t\t<div class=\"elementor-element elementor-element-61b514f e-con-full e-flex e-con e-child\" data-id=\"61b514f\" data-element_type=\"container\" data-e-type=\"container\">\n\t\t\t\t<div class=\"elementor-element elementor-element-1c425f9 elementor-widget elementor-widget-heading\" data-id=\"1c425f9\" data-element_type=\"widget\" data-e-type=\"widget\" data-widget_type=\"heading.default\">\n\t\t\t\t\t<h2 class=\"elementor-heading-title elementor-size-default\">Go\u00f0s\u00f6gn og stofnun Fushimi-Inari<\/h2>\t\t\t\t<\/div>\n\t\t\t\t<div class=\"elementor-element elementor-element-f0bd1b5 elementor-widget elementor-widget-text-editor\" data-id=\"f0bd1b5\" data-element_type=\"widget\" data-e-type=\"widget\" data-widget_type=\"text-editor.default\">\n\t\t\t\t\t\t\t\t\t<p>Stofnunarsagan um Fushimi-Inari-Taisha, a\u00f0al-<span class=\"iwg-fachbegriff\" data-tooltip=\"L\u00edtill helgur var\u00f0veislusta\u00f0ur e\u00f0a tilbei\u00f0slusta\u00f0ur.\" tabindex=\"0\">helgid\u00f3minn<\/span>, er var\u00f0veitt \u00ed \u00abYamashiro-fudoki\u00bb. \u00c1ri\u00f0 711 er sagt a\u00f0 Hata no Irogu, a\u00f0alsma\u00f0ur af k\u00f3reskum uppruna \u00far Hata-\u00e6ttinni, hafi nota\u00f0 hr\u00edsgrj\u00f3nabolta sem skotmark fyrir bogaskot sitt. Hr\u00edsgrj\u00f3naboltinn breyttist \u00ed hv\u00edtan fugl sem flaug til n\u00e1l\u00e6gs fjalls, Inariyama.<\/p><p>\u00dear sem fuglinn lenti, \u00f3x hr\u00edsgrj\u00f3n; \u00e1 \u00feeim sta\u00f0 reisti Hata fyrsta Inari-<span class=\"iwg-fachbegriff\" data-tooltip=\"L\u00edtill helgur var\u00f0veislusta\u00f0ur e\u00f0a tilbei\u00f0slusta\u00f0ur.\" tabindex=\"0\">helgid\u00f3minn<\/span>. Atbur\u00f0urinn er t\u00edmasettur til 8. febr\u00faar 711 (Hatsuuma-dagurinn), sem markar enn \u00ed dag mikilv\u00e6gustu h\u00e1t\u00ed\u00f0 helgid\u00f3msins.<\/p>\n<p>Hata-\u00e6ttin er upprunnin \u00far k\u00f3reska r\u00edkinu Silla og flutti silkiormaeldi og fullkomnari hr\u00edsgrj\u00f3nar\u00e6ktunart\u00e6kni til Japans. Inari-tr\u00fain er \u00feannig d\u00e6mi um hina meginlandslegu r\u00f3t fornrar japanskrar tilbei\u00f0sluhef\u00f0ar. Klaus Antoni og Helen Hardacre hafa \u00ed fj\u00f6lda rita bent \u00e1 k\u00f3reska \u00fe\u00e6tti \u00ed hinni fornu Inari-hef\u00f0.<\/p>\t\t\t\t\t\t\t\t<\/div>\n\t\t\t\t<\/div>\n\t\t<div class=\"elementor-element elementor-element-7cd69e7 e-con-full e-flex e-con e-child\" data-id=\"7cd69e7\" data-element_type=\"container\" data-e-type=\"container\">\n\t\t\t\t<div class=\"elementor-element elementor-element-ec0dc4b elementor-widget elementor-widget-heading\" data-id=\"ec0dc4b\" data-element_type=\"widget\" data-e-type=\"widget\" data-widget_type=\"heading.default\">\n\t\t\t\t\t<h2 class=\"elementor-heading-title elementor-size-default\">T\u00e1kn, eiginleikar og hlutverk refanna<\/h2>\t\t\t\t<\/div>\n\t\t\t\t<div class=\"elementor-element elementor-element-347bef5 elementor-widget elementor-widget-text-editor\" data-id=\"347bef5\" data-element_type=\"widget\" data-e-type=\"widget\" data-widget_type=\"text-editor.default\">\n\t\t\t\t\t\t\t\t\t<p>Inari er s\u00fdndur b\u00e6\u00f0i sem aldra\u00f0ur ma\u00f0ur og sem ung kona, oft me\u00f0 hr\u00edsgrj\u00f3nabundi e\u00f0a sig\u00f0, sums\u00e9 tv\u00edkynja\u00f0ur. \u00c1 mi\u00f0\u00f6ldum r\u00edkti karlkyns myndin af skeggju\u00f0um \u00f6ldungi me\u00f0 hr\u00edsgrj\u00f3napoka, en \u00e1 Edo-t\u00edmabilinu j\u00f3kst \u00fatbrei\u00f0sla kvenkyns myndarins. \u00deessi tv\u00edr\u00e6\u00f0ni er tr\u00faars\u00f6gulega ekki einhl\u00edt og telst einkenni Inari-hef\u00f0arinnar.<\/p>\n<p>Mikilv\u00e6gasta <span class=\"iwg-fachbegriff\" data-tooltip=\"Merki sem stendur fyrir hugmynd e\u00f0a merkingu.\" tabindex=\"0\">t\u00e1kni\u00f0<\/span> eru refirnir (Kitsune), sem eru ekki Inari sj\u00e1lfur heldur taldir vera sendibo\u00f0ar hans (Tsukai). Vi\u00f0 hvern Inari-<span class=\"iwg-fachbegriff\" data-tooltip=\"L\u00edtill helgur var\u00f0veislusta\u00f0ur e\u00f0a tilbei\u00f0slusta\u00f0ur.\" tabindex=\"0\">helgid\u00f3m<\/span> standa eitt e\u00f0a fleiri refap\u00f6r \u00far steini, oft me\u00f0 lykil, hr\u00edsgrj\u00f3nakorn, gimstein e\u00f0a r\u00fallu \u00ed munninum.<\/p><p>Karen Smyers (\u00abThe Fox and the Jewel\u00bb, 1999) hefur rannsaka\u00f0 t\u00e1knm\u00e1l \u00feessara fj\u00f6gurra eiginleika \u00ed sm\u00e1atri\u00f0um: lykilinn a\u00f0 hr\u00edsgrj\u00f3nahl\u00f6\u00f0unni, hr\u00edsgrj\u00f3nakorni\u00f0 sem f\u00e6\u00f0u, \u00f3skagimsteinninn og <span class=\"iwg-fachbegriff\" data-tooltip=\"\u00cd hind\u00faisma og b\u00faddisma, kennslutexti \u00ed kn\u00f6ppu formi.\" tabindex=\"0\">s\u00fatru<\/span>-r\u00falluna. Hv\u00edti refurinn (Byakko) telst sendibo\u00f0i af s\u00e9rstaklega h\u00e1um tignarrangi.<\/p>\n<p>Tengslin milli Inari og refsins eru s\u00f6guleg s\u00e9\u00f0 ekki nau\u00f0synlega upprunaleg. Klaus Vollmer og Bernhard Scheid halda \u00fev\u00ed fram a\u00f0 refa-Inari-tengingin hafi ekki fest sig \u00ed sessi fyrr en \u00e1 mi\u00f0\u00f6ldum, undir \u00e1hrifum b\u00fadd\u00edskra texta (s\u00e9rstaklega Dakini-d\u00fdrkunar innan Shingon-sk\u00f3lans). \u00cd elstu Inari-heimildunum gegna refir ekki lykilhlutverki.<\/p>\t\t\t\t\t\t\t\t<\/div>\n\t\t\t\t<\/div>\n\t\t<div class=\"elementor-element elementor-element-aaf73ff e-con-full e-flex e-con e-child\" data-id=\"aaf73ff\" data-element_type=\"container\" data-e-type=\"container\">\n\t\t\t\t<div class=\"elementor-element elementor-element-f34a51f elementor-widget elementor-widget-heading\" data-id=\"f34a51f\" data-element_type=\"widget\" data-e-type=\"widget\" data-widget_type=\"heading.default\">\n\t\t\t\t\t<h2 class=\"elementor-heading-title elementor-size-default\">Fushimi-Inari-Taisha og \u00fe\u00fasund torii-hli\u00f0in<\/h2>\t\t\t\t<\/div>\n\t\t\t\t<div class=\"elementor-element elementor-element-b558f90 elementor-widget elementor-widget-text-editor\" data-id=\"b558f90\" data-element_type=\"widget\" data-e-type=\"widget\" data-widget_type=\"text-editor.default\">\n\t\t\t\t\t\t\t\t\t<p>A\u00f0alhelgista\u00f0urinn Fushimi-Inari-Taisha su\u00f0austur af Kyoto er, me\u00f0 s\u00ednum \u00abSenbon Torii\u00bb, hinum \u00ab\u00fe\u00fasund rau\u00f0u hli\u00f0um\u00bb, ein af helstu t\u00e1knmyndum Japans me\u00f0al <span class=\"iwg-fachbegriff\" data-tooltip=\"L\u00edtill helgur var\u00f0veislusta\u00f0ur e\u00f0a tilbei\u00f0slusta\u00f0ur.\" tabindex=\"0\">helgid\u00f3ma<\/span>. \u00c1 fjallinu Inariyama standa \u00ed raun yfir 10.000 torii, sem liggja \u00ed l\u00f6ngum g\u00f6ngum eftir p\u00edlagr\u00edmalei\u00f0inni upp \u00e1 tind hins heilaga fjalls.<\/p><p>Hvert torii er einkastyrktargj\u00f6f; \u00e1 bakhli\u00f0 \u00feess stendur nafn og gjafardagur styrktara\u00f0ilans. Flestir gefendur eru fyrirt\u00e6ki, sem bi\u00f0ja Inari um velgengni \u00ed vi\u00f0skiptum e\u00f0a \u00feakka fyrir hana.<\/p>\n<p>Uppgangan \u00e1 tind Inariyama (233 m) tekur um tv\u00e6r klukkustundir og liggur framhj\u00e1 fj\u00f6lda hli\u00f0arhelgid\u00f3ma, steinrefa og l\u00edtilla altara. Sv\u00e6\u00f0i\u00f0 n\u00e6r yfir hundru\u00f0 hektara sk\u00f3gi vaxi\u00f0 fjalllendi og er tali\u00f0 andlegt landslag \u00fear sem m\u00f6rkin milli opinberrar <span class=\"iwg-fachbegriff\" data-tooltip=\"L\u00edtill helgur var\u00f0veislusta\u00f0ur e\u00f0a tilbei\u00f0slusta\u00f0ur.\" tabindex=\"0\">helgid\u00f3ma<\/span>tr\u00faar og \u00fej\u00f3\u00f0legra andatr\u00faarhugmynda eru s\u00e9rstaklega \u00f3lj\u00f3s.<\/p><p>Karen Smyers hefur \u00ed \u00fej\u00f3\u00f0fr\u00e6\u00f0ilegri ranns\u00f3kn sinni skjalfest fj\u00f6lbreytni \u00feeirrar i\u00f0kunar sem \u00e1 s\u00e9r sta\u00f0 \u00e1 fjallinu: vi\u00f0 hli\u00f0 hinna opinberu Shint\u014d-athafna m\u00e1 finna sm\u00e6rri kapellur fyrir heilara, mi\u00f0la og einkad\u00fdrkun.<\/p>\t\t\t\t\t\t\t\t<\/div>\n\t\t\t\t<\/div>\n\t\t<div class=\"elementor-element elementor-element-61a8248 e-con-full e-flex e-con e-child\" data-id=\"61a8248\" data-element_type=\"container\" data-e-type=\"container\">\n\t\t\t\t<div class=\"elementor-element elementor-element-ff4af55 elementor-widget elementor-widget-heading\" data-id=\"ff4af55\" data-element_type=\"widget\" data-e-type=\"widget\" data-widget_type=\"heading.default\">\n\t\t\t\t\t<h2 class=\"elementor-heading-title elementor-size-default\">A\u00f0rir mikilv\u00e6gir helgid\u00f3mar og \u00fatib\u00faakerfi\u00f0<\/h2>\t\t\t\t<\/div>\n\t\t\t\t<div class=\"elementor-element elementor-element-a2dae16 elementor-widget elementor-widget-text-editor\" data-id=\"a2dae16\" data-element_type=\"widget\" data-e-type=\"widget\" data-widget_type=\"text-editor.default\">\n\t\t\t\t\t\t\t\t\t<p>Auk Fushimi eru \u00fer\u00edr mikilv\u00e6gustu Inari-helgid\u00f3marnir Toyokawa-Inari \u00ed h\u00e9ra\u00f0inu Aichi (eiginlega S\u014dt\u014d-Zen-<span class=\"iwg-fachbegriff\" data-tooltip=\"Bygging sem er notu\u00f0 til tilbei\u00f0slu \u00e1 einni e\u00f0a fleiri go\u00f0veru.\" tabindex=\"0\">musteri<\/span> a\u00f0 nafni My\u014dgon-ji, \u00fear sem Inari er d\u00fdrka\u00f0ur \u00ed b\u00fadd\u00edskri mynd sem Dakini-Shinten), Y\u016btoku-Inari \u00ed Saga (einn af \u00feremur st\u00e6rstu Inari-helgid\u00f3mum) og Kasama-Inari \u00ed Ibaraki.<\/p><p>\u00deessir helgid\u00f3mar s\u00fdna a\u00f0 Inari-d\u00fdrkunin bl\u00f3mstra\u00f0i b\u00e6\u00f0i \u00ed shint\u00f3\u00edskri og b\u00fadd\u00edskri mynd. Fram til 1868 var Toyokawa-Inari klass\u00edskt d\u00e6mi um Shinbutsu-Sh\u016bg\u014d; Meiji-a\u00f0skilna\u00f0urinn \u00fevinga\u00f0i m\u00f6rg Inari-<span class=\"iwg-fachbegriff\" data-tooltip=\"Bygging sem er notu\u00f0 til tilbei\u00f0slu \u00e1 einni e\u00f0a fleiri go\u00f0veru.\" tabindex=\"0\">musteri<\/span> til a\u00f0 velja milli st\u00f6\u00f0u <span class=\"iwg-fachbegriff\" data-tooltip=\"L\u00edtill helgur var\u00f0veislusta\u00f0ur e\u00f0a tilbei\u00f0slusta\u00f0ur.\" tabindex=\"0\">helgid\u00f3ms<\/span> og <span class=\"iwg-fachbegriff\" data-tooltip=\"Bygging sem er notu\u00f0 til tilbei\u00f0slu \u00e1 einni e\u00f0a fleiri go\u00f0veru.\" tabindex=\"0\">musteris<\/span>.<\/p>\n<p>Um \u00fea\u00f0 bil 30.000 \u00fatib\u00fashelgid\u00f3mar eru dreif\u00f0ir um allt Japan. Margir eru \u00e1 \u00f3venjulegum st\u00f6\u00f0um: \u00e1 \u00fe\u00f6kum verslunarmi\u00f0st\u00f6\u00f0va, vi\u00f0 hli\u00f0ina \u00e1 veitingast\u00f6\u00f0um, \u00e1 verksmi\u00f0jul\u00f3\u00f0um, \u00e1 st\u00f6\u00f0vartorgum lestarst\u00f6\u00f0va. \u00deessi borgarn\u00e6rvera er einkennandi fyrir n\u00fat\u00edma Inari-d\u00fdrkun og a\u00f0greinir hana fr\u00e1 flestum \u00f6\u00f0rum Shint\u014d-d\u00fdrkunarformum.<\/p>\t\t\t\t\t\t\t\t<\/div>\n\t\t\t\t<\/div>\n\t\t<div class=\"elementor-element elementor-element-023d9f0 e-con-full e-flex e-con e-child\" data-id=\"023d9f0\" data-element_type=\"container\" data-e-type=\"container\">\n\t\t\t\t<div class=\"elementor-element elementor-element-c05de33 elementor-widget elementor-widget-heading\" data-id=\"c05de33\" data-element_type=\"widget\" data-e-type=\"widget\" data-widget_type=\"heading.default\">\n\t\t\t\t\t<h2 class=\"elementor-heading-title elementor-size-default\">Athafnir, h\u00e1t\u00ed\u00f0ir og f\u00f3rnargjafir<\/h2>\t\t\t\t<\/div>\n\t\t\t\t<div class=\"elementor-element elementor-element-98e84c2 elementor-widget elementor-widget-text-editor\" data-id=\"98e84c2\" data-element_type=\"widget\" data-e-type=\"widget\" data-widget_type=\"text-editor.default\">\n\t\t\t\t\t\t\t\t\t<p>Mikilv\u00e6gasta h\u00e1t\u00ed\u00f0in er Hatsuuma-Sai, haldin fyrsta \u00abdag hestsins\u00bb \u00ed \u00f6\u00f0rum m\u00e1nu\u00f0i, sem markar stofndag Fushimi-helgid\u00f3msins. \u00deennan dag ganga hundru\u00f0 \u00fe\u00fasunda p\u00edlagr\u00edma til Fushimi og f\u00e6ra f\u00f3rnir af hr\u00edsgrj\u00f3num, sake, adzukibaunahr\u00edsgrj\u00f3num og Inari-zushi (hr\u00edsgrj\u00f3n \u00ed dj\u00fapsteiktum t\u00f3f\u00fa), hinu hef\u00f0bundna Inari-h\u00e1t\u00ed\u00f0arbrau\u00f0i. Inari-zushi er talinn eftirl\u00e6tisf\u00e6\u00f0a refanna og er ein algengasta f\u00f3rnargj\u00f6fin.<\/p>\n<p>\u00c1 vorin eru haldnar hr\u00edsgrj\u00f3napl\u00f6ntunarathafnir (O-Taue-Sai) og \u00e1 haustin uppskeruh\u00e1t\u00ed\u00f0ir (Niiname-Sai), \u00fear sem fyrstu hr\u00edsgrj\u00f3nagjafirnar eru f\u00e6r\u00f0ar fram. Vi\u00f0 opnun fyrirt\u00e6kja er venja a\u00f0 bi\u00f0ja Inari-prest um <span class=\"iwg-fachbegriff\" data-tooltip=\"Ath\u00f6fnin sem veitir blessun.\" tabindex=\"0\">blessun<\/span> e\u00f0a setja upp l\u00edti\u00f0 torii-hli\u00f0 fyrir innganginn.<\/p>\t\t\t\t\t\t\t\t<\/div>\n\t\t\t\t<\/div>\n\t\t<div class=\"elementor-element elementor-element-1a6694f e-con-full e-flex e-con e-child\" data-id=\"1a6694f\" data-element_type=\"container\" data-e-type=\"container\">\n\t\t\t\t<div class=\"elementor-element elementor-element-6835e23 elementor-widget elementor-widget-heading\" data-id=\"6835e23\" data-element_type=\"widget\" data-e-type=\"widget\" data-widget_type=\"heading.default\">\n\t\t\t\t\t<h2 class=\"elementor-heading-title elementor-size-default\">Tr\u00faars\u00f6guleg \u00fe\u00fd\u00f0ing og tengingar<\/h2>\t\t\t\t<\/div>\n\t\t\t\t<div class=\"elementor-element elementor-element-405db96 elementor-widget elementor-widget-text-editor\" data-id=\"405db96\" data-element_type=\"widget\" data-e-type=\"widget\" data-widget_type=\"text-editor.default\">\n\t\t\t\t\t\t\t\t\t<p>Inari er v\u00edsindalega \u00e1hugavert fyrirb\u00e6ri af m\u00f6rgum \u00e1st\u00e6\u00f0um: sem sjaldg\u00e6ft d\u00e6mi um <span class=\"iwg-fachbegriff\" data-tooltip=\"Vera sem er d\u00fdrku\u00f0 sem gu\u00f0leg innan tr\u00faarbrag\u00f0a.\" tabindex=\"0\">go\u00f0veru<\/span> sem hefur gengi\u00f0 \u00ed gegnum verulega samf\u00e9lagslega breytingu \u00ed gegnum t\u00ed\u00f0ina (fr\u00e1 landb\u00fana\u00f0artr\u00fa til borgaralegrar vi\u00f0skiptagu\u00f0r\u00e6kni), sem lykilf\u00edg\u00fara \u00ed jap\u00f6nsku Shinbutsu-Sh\u016bg\u014d (\u00ed tengslum vi\u00f0 Dakini), og sem kennslub\u00f3kard\u00e6mi um mikilv\u00e6gi \u00fej\u00f3\u00f0legrar tr\u00faarheg\u00f0unar utan hinna opinberu r\u00edkishelgid\u00f3ma.<\/p><p>Helen Hardacre hefur kalla\u00f0 Inari \u00ab\u00feann <span class=\"iwg-fachbegriff\" data-tooltip=\"\u00cd jap\u00f6nskum shinto, d\u00fdrka\u00f0ar andaverur og gu\u00f0legir kraftar.\" tabindex=\"0\">kami<\/span> sem er hva\u00f0 lifandi \u00ed dag\u00bb.<\/p>\n<p>Skipulagslega m\u00e1 finna hli\u00f0st\u00e6\u00f0ur milli Inari og Demeter (Grikkland), Ceres (R\u00f3m), Renenutet (Egyptaland) og Dazhbog (Slavaland) sem <span class=\"iwg-fachbegriff\" data-tooltip=\"Vera sem er d\u00fdrku\u00f0 sem gu\u00f0leg innan tr\u00faarbrag\u00f0a.\" tabindex=\"0\">go\u00f0veru<\/span> korn\u00feroskans. Refabo\u00f0berarnir eiga s\u00e9r \u00e6ttingja \u00ed k\u00f3resku Gumiho- og k\u00ednversku Huxian-hef\u00f0unum. Tengingin vi\u00f0 sm\u00ed\u00f0alist, sem nefnd er \u00ed sumum heimildum, tengist fyrri hlutverki Inari sem verndargu\u00f0s Hata-smi\u00f0janna.<\/p>\t\t\t\t\t\t\t\t<\/div>\n\t\t\t\t<\/div>\n\t\t<div class=\"elementor-element elementor-element-285d08c e-con-full e-flex e-con e-child\" data-id=\"285d08c\" data-element_type=\"container\" data-e-type=\"container\">\n\t\t\t\t<div class=\"elementor-element elementor-element-4fe44bf elementor-widget elementor-widget-heading\" data-id=\"4fe44bf\" data-element_type=\"widget\" data-e-type=\"widget\" data-widget_type=\"heading.default\">\n\t\t\t\t\t<h2 class=\"elementor-heading-title elementor-size-default\">Inari \u00ed n\u00fat\u00edmamenningu<\/h2>\t\t\t\t<\/div>\n\t\t\t\t<div class=\"elementor-element elementor-element-6ce6c5d elementor-widget elementor-widget-text-editor\" data-id=\"6ce6c5d\" data-element_type=\"widget\" data-e-type=\"widget\" data-widget_type=\"text-editor.default\">\n\t\t\t\t\t\t\t\t\t<p>Inari er mj\u00f6g \u00e1berandi \u00ed n\u00fat\u00edma japanskri d\u00e6gurmenningu. Anime-\u00fe\u00e6ttir eins og \u00abInari, Konkon, Koi Iroha\u00bb (2014) e\u00f0a \u00abThe Helpful Fox Senko-san\u00bb sn\u00faast um Kitsune-Inari-<span class=\"iwg-fachbegriff\" data-tooltip=\"Heild \u00feeirra go\u00f0sagna sem var\u00f0veist hafa innan menningarheims.\" tabindex=\"0\">go\u00f0afr\u00e6\u00f0i<\/span>. Rau\u00f0u torii-hli\u00f0in \u00ed Fushimi eru me\u00f0al mest mynda\u00f0ra t\u00e1kna Japans. Veitingasta\u00f0ir me\u00f0 nafnhlutann \u00abInari\u00bb eru algengir, og Inari-zushi er hluti af jap\u00f6nsku daglegu l\u00edfi.<\/p>\t\t\t\t\t\t\t\t<\/div>\n\t\t\t\t<\/div>\n\t\t<div class=\"elementor-element elementor-element-962a65c e-con-full e-flex e-con e-child\" data-id=\"962a65c\" data-element_type=\"container\" data-e-type=\"container\">\n\t\t\t\t<div class=\"elementor-element elementor-element-aed0757 elementor-widget elementor-widget-heading\" data-id=\"aed0757\" data-element_type=\"widget\" data-e-type=\"widget\" data-widget_type=\"heading.default\">\n\t\t\t\t\t<h2 class=\"elementor-heading-title elementor-size-default\">Heimildir<\/h2>\t\t\t\t<\/div>\n\t\t\t\t<div class=\"elementor-element elementor-element-29db7cc elementor-widget elementor-widget-text-editor\" data-id=\"29db7cc\" data-element_type=\"widget\" data-e-type=\"widget\" data-widget_type=\"text-editor.default\">\n\t\t\t\t\t\t\t\t\t<div data-nosnippet=\"true\"><p>\u00abYamashiro-fudoki\u00bb (upphaf 8. aldar, brotakennt). \u00abEngishiki\u00bb (927), b\u00f3k IX. \u00abNihon Shoki\u00bb (720), sagan um Ukemochi. \u00abKonjaku Monogatari\u00bb (upphaf 12. aldar), fj\u00f6lmargar s\u00f6gur um refi og Inari. \u00abInari-Daimy\u014djin-engi\u00bb (s\u00ed\u00f0mi\u00f0aldir). \u00ddmsar Edo-t\u00edmabils Inari handb\u00e6kur og predikunarrit.<\/p>\n<p>Karen A. Smyers, \u00abThe Fox and the Jewel.<\/p><ul><li>Shared and Private Meanings in Contemporary Japanese Inari Worship\u00bb, Honolulu 1999.<\/li><li>Nelly Naumann, \u00abDie einheimische Religion Japans\u00bb, 2 bindi, Leiden 1988 og 1994.<\/li><li>Joseph Kitagawa, \u00abReligion in Japanese History\u00bb, New York 1966.<\/li><li>Helen Hardacre, \u00ab<span class=\"iwg-fachbegriff\" data-tooltip=\"Frumbyggjatr\u00fa Japans, m\u00f3tu\u00f0 af tilbei\u00f0slu \u00e1 kami.\" tabindex=\"0\">Shinto<\/span>. A History\u00bb, Oxford 2017.<\/li><li>Klaus Antoni, \u00abShint\u00f4 und die Konzeption des japanischen Nationalwesens\u00bb, Leiden 1998.<\/li><li>Klaus Vollmer, \u00abShint\u00f4 und Buddhismus\u00bb, M\u00fcnchen 2002.<\/li><li>Bernhard Scheid, \u00abReligion-in-Japan: Ein digitales Handbuch\u00bb, V\u00edn, vi\u00f0varandi \u00fatg\u00e1fa.<\/li><li>Inken Prohl, \u00abReligi\u00f6se Innovationen\u00bb, Berl\u00edn 2006.<\/li><\/ul><\/div>\t\t\t\t\t\t\t\t<\/div>\n\t\t\t\t<\/div>\n\t\t<div class=\"elementor-element elementor-element-a2d6323 e-con-full e-flex e-con e-child\" data-id=\"a2d6323\" data-element_type=\"container\" data-e-type=\"container\">\n\t\t\t\t<div class=\"elementor-element elementor-element-d5e5fc2 elementor-widget elementor-widget-heading\" data-id=\"d5e5fc2\" data-element_type=\"widget\" data-e-type=\"widget\" data-widget_type=\"heading.default\">\n\t\t\t\t\t<h2 class=\"elementor-heading-title elementor-size-default\">Inari \u00ed Shingon-b\u00faddisma og Dakini-d\u00fdrkuninni<\/h2>\t\t\t\t<\/div>\n\t\t\t\t<div class=\"elementor-element elementor-element-637daa9 elementor-widget elementor-widget-text-editor\" data-id=\"637daa9\" data-element_type=\"widget\" data-e-type=\"widget\" data-widget_type=\"text-editor.default\">\n\t\t\t\t\t\t\t\t\t<p>Mikilv\u00e6gasta b\u00fadd\u00edska tenging Inari-d\u00fdrkunarins fer fram innan Shingon-sk\u00f3lans me\u00f0 sams\u00f6mun vi\u00f0 Dakini-Shinten, birtingarmynd hinna indversku Dakini-gy\u00f0ja, sem eru d\u00fdrka\u00f0ar \u00ed tantr\u00edskum b\u00faddisma sem tv\u00edr\u00e6\u00f0ar verndargy\u00f0jur.<\/p><p>\u00c1 me\u00f0an indverskar Dakinis eru bl\u00f3\u00f0\u00feyrstar og \u00e1 k\u00f6flum \u00f3gnvekjandi gy\u00f0jur, voru \u00fe\u00e6r \u00ed jap\u00f6nskum b\u00faddisma endurm\u00f3ta\u00f0ar \u00ed velvildarfullar verndarpers\u00f3nur og tengdar myndr\u00e6nt oft vi\u00f0 refi. \u00deetta \u00fatsk\u00fdrir hvers vegna Toyokawa-Inari, S\u014dt\u014d-Zen-<span class=\"iwg-fachbegriff\" data-tooltip=\"Bygging sem tileinku\u00f0 er d\u00fdrkun einnar e\u00f0a fleiri gu\u00f0a.\" tabindex=\"0\">musteri<\/span> \u00ed Aichi, er formlega ekki <span class=\"iwg-fachbegriff\" data-tooltip=\"L\u00edtill helgur var\u00f0veislu- e\u00f0a b\u00e6nasta\u00f0ur.\" tabindex=\"0\">helgireitur<\/span>, en \u00fear fer \u00fe\u00f3 Inari-d\u00fdrkun fram \u00ed st\u00f3rum st\u00edl.<\/p>\n<p>\u00cd mi\u00f0aldalegri Shingon-<span class=\"iwg-fachbegriff\" data-tooltip=\"Fr\u00e6\u00f0ileg kenning um gu\u00f0 og tr\u00fa innan tr\u00faarbrag\u00f0a.\" tabindex=\"0\">gu\u00f0fr\u00e6\u00f0i<\/span> var Inari samsama\u00f0ur Dakini-Shinten; K\u016bkai, stofnandi Shingon-sk\u00f3lans, \u00e1 a\u00f0 hafa \u00e1tt bein kynni af Inari \u00feegar hann sneri heim fr\u00e1 K\u00edna \u00e1 9. \u00f6ld, og \u00feau kynni voru \u00fatf\u00e6r\u00f0 \u00ed go\u00f0sagnakenndum st\u00edl \u00ed \u00abInari-Daimy\u014djin-engi\u00bb.<\/p><p>Tengsl Inari og T\u014d-ji, hins mi\u00f0l\u00e6ga Shingon-<span class=\"iwg-fachbegriff\" data-tooltip=\"Bygging sem tileinku\u00f0 er d\u00fdrkun einnar e\u00f0a fleiri gu\u00f0a.\" tabindex=\"0\">musteris<\/span> \u00ed Kyoto, m\u00e1 rekja til \u00feessara kynna og eru enn \u00ed dag lifandi \u00ed helgisi\u00f0um.<\/p>\t\t\t\t\t\t\t\t<\/div>\n\t\t\t\t<\/div>\n\t\t<div class=\"elementor-element elementor-element-759dbff e-con-full e-flex e-con e-child\" data-id=\"759dbff\" data-element_type=\"container\" data-e-type=\"container\">\n\t\t\t\t<div class=\"elementor-element elementor-element-431793f elementor-widget elementor-widget-heading\" data-id=\"431793f\" data-element_type=\"widget\" data-e-type=\"widget\" data-widget_type=\"heading.default\">\n\t\t\t\t\t<h2 class=\"elementor-heading-title elementor-size-default\">Hata-\u00e6ttin og meginlandsr\u00e6tur<\/h2>\t\t\t\t<\/div>\n\t\t\t\t<div class=\"elementor-element elementor-element-035b354 elementor-widget elementor-widget-text-editor\" data-id=\"035b354\" data-element_type=\"widget\" data-e-type=\"widget\" data-widget_type=\"text-editor.default\">\n\t\t\t\t\t\t\t\t\t<p>Hata-\u00e6ttin, sem samkv\u00e6mt stofns\u00f6gninni reisti fyrsta Inari-<span class=\"iwg-fachbegriff\" data-tooltip=\"L\u00edtill helgur geymslusta\u00f0ur e\u00f0a tilbei\u00f0slusta\u00f0ur.\" tabindex=\"0\">helgista\u00f0inn<\/span>, telst til merkustu innfluttu \u00e6tta hins snemma Japans sem \u00e1ttu r\u00e6tur \u00e1 meginlandinu. Upprunalega fr\u00e1 k\u00f3reska konungsr\u00edkinu Silla e\u00f0a Paekche flutti h\u00fan silkiormar\u00e6kt, hr\u00edsgrj\u00f3nar\u00e6kt, m\u00e1lmvinnslu og bruggh\u00fasat\u00e6kni til Japans.<\/p><p>Sagnfr\u00e6\u00f0iranns\u00f3knir (Joan Piggott, Klaus Antoni) hafa greint Hata-\u00e6ttina sem eina \u00e1hrifamestu a\u00f0als\u00e6tt snemma Yamato-t\u00edmans; au\u00f0ur hennar, efnahagslegt mikilv\u00e6gi og tr\u00faarleg stofnunarstarfsemi m\u00f3tu\u00f0u menningarlandslag Vestur-Japans varanlega.<\/p>\n<p>\u00cd gegnum Hata-\u00e6ttina er beint s\u00f6gulegt samband milli Inari og nokkurra annarra mikilv\u00e6gra helgista\u00f0a. Matsuo-Taisha \u00ed Kyoto, K\u014d-<span class=\"iwg-fachbegriff\" data-tooltip=\"L\u00edtill helgur geymslusta\u00f0ur e\u00f0a tilbei\u00f0slusta\u00f0ur.\" tabindex=\"0\">helgista\u00f0urinn<\/span> og Kamo-<span class=\"iwg-fachbegriff\" data-tooltip=\"L\u00edtill helgur geymslusta\u00f0ur e\u00f0a tilbei\u00f0slusta\u00f0ur.\" tabindex=\"0\">helgista\u00f0urinn<\/span> eru \u00f6ll tengd Hata-\u00e6ttinni e\u00f0a n\u00e1skyldum \u00e6ttum.<\/p><p>\u00deessi helgista\u00f0afj\u00f6lskylda mynda\u00f0i \u00e1 8. og 9. \u00f6ld tr\u00faarlegt bandalag sem studdi h\u00f6fu\u00f0borgina Heian-ky\u014d, b\u00e6\u00f0i efnahagslega og andlega. Inari er innan \u00feessa bandalags hin mi\u00f0l\u00e6ga velmegunar-<span class=\"iwg-fachbegriff\" data-tooltip=\"Vera sem d\u00fdrku\u00f0 er sem gu\u00f0leg innan tr\u00faarbrag\u00f0a.\" tabindex=\"0\">gu\u00f0d\u00f3mur<\/span>, Matsuo-<span class=\"iwg-fachbegriff\" data-tooltip=\"L\u00edtill helgur geymslusta\u00f0ur e\u00f0a tilbei\u00f0slusta\u00f0ur.\" tabindex=\"0\">helgista\u00f0urinn<\/span> sake-<span class=\"iwg-fachbegriff\" data-tooltip=\"Vera sem d\u00fdrku\u00f0 er sem gu\u00f0leg innan tr\u00faarbrag\u00f0a.\" tabindex=\"0\">gu\u00f0d\u00f3murinn<\/span>, Kamo-<span class=\"iwg-fachbegriff\" data-tooltip=\"L\u00edtill helgur geymslusta\u00f0ur e\u00f0a tilbei\u00f0slusta\u00f0ur.\" tabindex=\"0\">helgista\u00f0urinn<\/span> vatns-<span class=\"iwg-fachbegriff\" data-tooltip=\"Vera sem d\u00fdrku\u00f0 er sem gu\u00f0leg innan tr\u00faarbrag\u00f0a.\" tabindex=\"0\">gu\u00f0d\u00f3murinn<\/span>.<\/p>\t\t\t\t\t\t\t\t<\/div>\n\t\t\t\t<\/div>\n\t\t<div class=\"elementor-element elementor-element-ea03017 e-con-full e-flex e-con e-child\" data-id=\"ea03017\" data-element_type=\"container\" data-e-type=\"container\">\n\t\t\t\t<div class=\"elementor-element elementor-element-66316ba elementor-widget elementor-widget-heading\" data-id=\"66316ba\" data-element_type=\"widget\" data-e-type=\"widget\" data-widget_type=\"heading.default\">\n\t\t\t\t\t<h2 class=\"elementor-heading-title elementor-size-default\">Inari, sm\u00ed\u00f0alist og j\u00e1rnvinnsla<\/h2>\t\t\t\t<\/div>\n\t\t\t\t<div class=\"elementor-element elementor-element-26ae6ae elementor-widget elementor-widget-text-editor\" data-id=\"26ae6ae\" data-element_type=\"widget\" data-e-type=\"widget\" data-widget_type=\"text-editor.default\">\n\t\t\t\t\t\t\t\t\t<p>Minna kunnugt, en s\u00f6guleg sta\u00f0fest, hlutverk Inari er verndun hans \u00e1 smi\u00f0um og j\u00e1rnvinnsluf\u00f3lki. \u00cd \u00abYamashiro-fudoki\u00bb er tengsl Inari vi\u00f0 sm\u00ed\u00f0alist gefi\u00f0 \u00ed skyn; n\u00e1nar er fjalla\u00f0 um \u00fea\u00f0 \u00ed \u00abKonjaku Monogatari\u00bb \u00ed fj\u00f6lda fr\u00e1sagna um sver\u00f0sm\u00ed\u00f0i sem skulda \u00e1rangur sinn Inari.<\/p><p>Sanj\u014d-Munechika, einn af mestu sver\u00f0smi\u00f0um upphafs 11. aldar, \u00e1 a\u00f0 hafa sm\u00ed\u00f0a\u00f0 fr\u00e6knasta sver\u00f0 sitt, \u00abKogitsune-maru\u00bb (\u00ablitli refur\u00bb), me\u00f0 hj\u00e1lp Inari; <span class=\"iwg-fachbegriff\" data-tooltip=\"Uppbyggileg fr\u00e1s\u00f6gn, oftast um l\u00edf heilagra.\" tabindex=\"0\">sagan<\/span> er efni \u00ed klass\u00edskt N\u014d-leikrit (\u00abKokaji\u00bb).<\/p>\n<p>Tengsl Inari vi\u00f0 j\u00e1rni\u00f0 m\u00e1 rekja til Hata-\u00e6ttarinnar og meginlandsm\u00e1lmvinnslut\u00e6kni hennar. Fornleifafundir \u00e1 Inariyama-sv\u00e6\u00f0inu (j\u00e1rnsindur, sm\u00ed\u00f0aofnar, sm\u00ed\u00f0aleifar) sta\u00f0festa a\u00f0 \u00fear f\u00f3r fram \u00f6flug j\u00e1rnvinnsla fr\u00e1 7. til 10. aldar.<\/p><p>Inari er \u00feannig f\u00e1t\u00edtt d\u00e6mi um <span class=\"iwg-fachbegriff\" data-tooltip=\"Vera sem er d\u00fdrku\u00f0 sem gu\u00f0leg innan tr\u00faarbrag\u00f0a.\" tabindex=\"0\">gu\u00f0<\/span> sem spannar b\u00e6\u00f0i hi\u00f0 landb\u00fana\u00f0arlega og hi\u00f0 m\u00e1lmvinnslulega svi\u00f0 samt\u00edmis, og tengir \u00feannig saman tv\u00f6 mikilv\u00e6g efnahagssvi\u00f0 frumbernsku Japans \u00ed tr\u00faarlegu samhengi.<\/p>\t\t\t\t\t\t\t\t<\/div>\n\t\t\t\t<\/div>\n\t\t<div class=\"elementor-element elementor-element-744c8aa e-con-full e-flex e-con e-child\" data-id=\"744c8aa\" data-element_type=\"container\" data-e-type=\"container\">\n\t\t\t\t<div class=\"elementor-element elementor-element-f6b692a elementor-widget elementor-widget-heading\" data-id=\"f6b692a\" data-element_type=\"widget\" data-e-type=\"widget\" data-widget_type=\"heading.default\">\n\t\t\t\t\t<h2 class=\"elementor-heading-title elementor-size-default\">Hatsuuma-Sai og h\u00e1t\u00ed\u00f0ardagatalskerfi\u00f0<\/h2>\t\t\t\t<\/div>\n\t\t\t\t<div class=\"elementor-element elementor-element-769df94 elementor-widget elementor-widget-text-editor\" data-id=\"769df94\" data-element_type=\"widget\" data-e-type=\"widget\" data-widget_type=\"text-editor.default\">\n\t\t\t\t\t\t\t\t\t<p>A\u00f0alh\u00e1t\u00ed\u00f0in Hatsuuma-Sai, haldin \u00e1 fyrsta hestdegi annars tunglm\u00e1na\u00f0ar, er tr\u00faars\u00f6gulega mikilv\u00e6gt d\u00e6mi um samruna k\u00ednverskrar sext\u00edu-\u00e1ra stj\u00f6rnusp\u00e1fr\u00e6\u00f0i og sjint\u00f3\u00edskrar helgireitahef\u00f0ar.<\/p><p>Hestdagurinn \u00ed k\u00ednversk-japanska d\u00fdrahringnum fellur \u00e1 breytilega dagsetningu \u00e1r hvert; \u00ed gregor\u00edska t\u00edmatalinu er hann oftast \u00ed febr\u00faar. \u00c1 \u00feessum degi, sem svarar til hinnar go\u00f0sagnakenndu birtingar Inari \u00e1 Inariyama \u00e1ri\u00f0 711, fara hundru\u00f0 \u00fe\u00fasunda \u00ed p\u00edlagr\u00edmsfer\u00f0 til Fushimi-Inari og til \u00fatib\u00fashelgireitanna.<\/p>\n<p>A\u00f0alf\u00f3rnargj\u00f6fin \u00e1 Hatsuuma er \u00abInari-zushi\u00bb, hr\u00edsgrj\u00f3nabolti \u00ed dj\u00fapsteiktum t\u00f3f\u00fa-poka (\u00ababuraage\u00bb), sem samkv\u00e6mt \u00fej\u00f3\u00f0tr\u00fa er upp\u00e1haldsmatur refanna. \u00d6nnur mikilv\u00e6g gj\u00f6f er \u00abHatsuuma-zushi\u00bb, r\u00edkulegri sushi-\u00fatg\u00e1fa me\u00f0 adzuki-baunum og sesamfr\u00e6jum.<\/p><p>\u00deessar veitingar eru f\u00e6r\u00f0ar fram \u00ed <span class=\"iwg-fachbegriff\" data-tooltip=\"L\u00edtill helgur var\u00f0veislu- e\u00f0a b\u00e6nasta\u00f0ur.\" tabindex=\"0\">helgireitnum<\/span> og eru s\u00ed\u00f0an neyttar af p\u00edlagr\u00edmunum; <span class=\"iwg-fachbegriff\" data-tooltip=\"L\u00edtill helgur var\u00f0veislu- e\u00f0a b\u00e6nasta\u00f0ur.\" tabindex=\"0\">helgireiturinn<\/span> selur \u00fe\u00e6r einnig \u00e1ri\u00f0 um kring sem minjagripi og helgisi\u00f0amat.<\/p>\t\t\t\t\t\t\t\t<\/div>\n\t\t\t\t<\/div>\n\t\t<div class=\"elementor-element elementor-element-aaeca16 e-con-full e-flex e-con e-child\" data-id=\"aaeca16\" data-element_type=\"container\" data-e-type=\"container\">\n\t\t\t\t<div class=\"elementor-element elementor-element-926331b elementor-widget elementor-widget-heading\" data-id=\"926331b\" data-element_type=\"widget\" data-e-type=\"widget\" data-widget_type=\"heading.default\">\n\t\t\t\t\t<h2 class=\"elementor-heading-title elementor-size-default\">\u00datib\u00faskerfi helgireita og stj\u00f3rnskipulag<\/h2>\t\t\t\t<\/div>\n\t\t\t\t<div class=\"elementor-element elementor-element-7fbbbd7 elementor-widget elementor-widget-text-editor\" data-id=\"7fbbbd7\" data-element_type=\"widget\" data-e-type=\"widget\" data-widget_type=\"text-editor.default\">\n\t\t\t\t\t\t\t\t\t<p>Japanska <span class=\"iwg-fachbegriff\" data-tooltip=\"L\u00edtill helgur var\u00f0veislusta\u00f0ur e\u00f0a b\u00e6nasta\u00f0ur.\" tabindex=\"0\">helgiskr\u00edn<\/span>-\u00fatib\u00faakerfi\u00f0 (\u00abBunsha-seido\u00bb) er s\u00f6gulega mikilv\u00e6gt stj\u00f3rnkerfi \u00fear sem a\u00f0alskr\u00edn stofnar, me\u00f0 <span class=\"iwg-fachbegriff\" data-tooltip=\"Fastm\u00f3tu\u00f0 atbur\u00f0ar\u00e1s t\u00e1knr\u00e6nna athafna me\u00f0 tr\u00faarlega e\u00f0a menningarlega merkingu.\" tabindex=\"0\">helgisi\u00f0i<\/span> \u00abskr\u00ednskiptingar\u00bb (\u00abBunrei\u00bb e\u00f0a \u00abKanj\u014d\u00bb), einn af <span class=\"iwg-fachbegriff\" data-tooltip=\"\u00cd jap\u00f6nskum shinto hin d\u00fdrku\u00f0u andaverur og gu\u00f0legu m\u00e1ttarv\u00f6ld.\" tabindex=\"0\">kami<\/span>-\u00f6ndum s\u00ednum \u00ed n\u00fdju <span class=\"iwg-fachbegriff\" data-tooltip=\"L\u00edtill helgur var\u00f0veislusta\u00f0ur e\u00f0a b\u00e6nasta\u00f0ur.\" tabindex=\"0\">helgiskr\u00edni<\/span> \u00e1 fjarl\u00e6gum sta\u00f0.<\/p><p>Hj\u00e1 Inari er \u00feetta kerfi s\u00e9rstaklega umfangsmiki\u00f0: Fushimi-Inari er a\u00f0alskr\u00edn um 30.000 \u00fatib\u00faaskr\u00edna, sem myndar v\u00ed\u00f0t\u00e6kt tr\u00faarlegt tengslanet um allt landi\u00f0. \u00datib\u00faaskr\u00ednin grei\u00f0a ekki beina skatta til Fushimi en eru tengd \u00fev\u00ed \u00e1 helgisi\u00f0alegan og stj\u00f3rnunarlegan h\u00e1tt.<\/p>\n<p>N\u00fdtt Inari-<span class=\"iwg-fachbegriff\" data-tooltip=\"L\u00edtill helgur var\u00f0veislusta\u00f0ur e\u00f0a b\u00e6nasta\u00f0ur.\" tabindex=\"0\">helgiskr\u00edn<\/span> er venjulega stofna\u00f0 \u00feegar fyrirt\u00e6ki, verkst\u00e6\u00f0i e\u00f0a b\u00f3ndab\u00e6r vill koma \u00e1 sambandi vi\u00f0 Inari. Til \u00feess er haldin Kanj\u014d-<span class=\"iwg-fachbegriff\" data-tooltip=\"H\u00e1t\u00ed\u00f0leg ath\u00f6fn sem fer fram eftir f\u00f6stum reglum.\" tabindex=\"0\">ath\u00f6fn<\/span> \u00ed Fushimi-a\u00f0alskr\u00edninu, \u00fear sem \u00abMitama-shiro\u00bb (\u00ab<span class=\"iwg-fachbegriff\" data-tooltip=\"L\u00edkamslaus vera sem talin er hafa \u00e1hrif \u00ed heiminum.\" tabindex=\"0\">andi<\/span>-hylki\u00bb, oftast spegilbrot e\u00f0a sver\u00f0) er <span class=\"iwg-fachbegriff\" data-tooltip=\"F\u00e6rt hinu helga me\u00f0 tr\u00faarlegri ath\u00f6fn og \u00feannig hafi\u00f0 yfir hi\u00f0 daglega.\" tabindex=\"0\">helga\u00f0<\/span> og flutt \u00e1 n\u00fdja sta\u00f0inn.<\/p><p>Karen Smyers hefur \u00ed \u00fej\u00f3\u00f0fr\u00e6\u00f0ilegri ranns\u00f3kn sinni skr\u00e1\u00f0 hina helgisi\u00f0alegu fj\u00f6lbreytni \u00feessara athafna og s\u00fdnt a\u00f0 l\u00edtil Inari-skr\u00edn \u00e1 \u00fe\u00f6kum, \u00ed h\u00fasag\u00f6r\u00f0um, \u00e1 verslunarh\u00e6\u00f0um og vi\u00f0 lestarst\u00f6\u00f0var myndi einkennandi japanskt tr\u00faarlegt sm\u00e1landslag.<\/p>\t\t\t\t\t\t\t\t<\/div>\n\t\t\t\t<\/div>\n\t\t<div class=\"elementor-element elementor-element-2016191 e-con-full e-flex e-con e-child\" data-id=\"2016191\" data-element_type=\"container\" data-e-type=\"container\">\n\t\t\t\t<div class=\"elementor-element elementor-element-3311a41 elementor-widget elementor-widget-heading\" data-id=\"3311a41\" data-element_type=\"widget\" data-e-type=\"widget\" data-widget_type=\"heading.default\">\n\t\t\t\t\t<h2 class=\"elementor-heading-title elementor-size-default\">Inari \u00ed \u00fej\u00f3\u00f0tr\u00fanni: Kitsune-tsuki og refa\u00e1r\u00e1tta<\/h2>\t\t\t\t<\/div>\n\t\t\t\t<div class=\"elementor-element elementor-element-dc32c40 elementor-widget elementor-widget-text-editor\" data-id=\"dc32c40\" data-element_type=\"widget\" data-e-type=\"widget\" data-widget_type=\"text-editor.default\">\n\t\t\t\t\t\t\t\t\t<p>D\u00f6kk hli\u00f0 Inari-fl\u00f3kans er hugmyndin um \u00abKitsune-tsuki\u00bb (\u00abrefa\u00e1r\u00e1tta\u00bb), samkv\u00e6mt henni geta refir teki\u00f0 s\u00e9r b\u00f3lfestu \u00ed f\u00f3lki og \u00fevinga\u00f0 \u00fea\u00f0 til stj\u00f3rnlausrar heg\u00f0unar.<\/p><p>\u00deessi tr\u00fa var mj\u00f6g \u00fatbreidd \u00e1 Edo-t\u00edmabilinu og er skr\u00e1\u00f0 \u00ed \u00fej\u00f3\u00f0s\u00f6gum og ge\u00f0l\u00e6knisfr\u00e6\u00f0ilegum s\u00f6gusko\u00f0unum. Vi\u00f0 kitsune-\u00e1r\u00e1ttu breytast r\u00f6dd, andlitssvipur og heg\u00f0un hins sj\u00faka; tali\u00f0 var a\u00f0 refurinn g\u00e6ti l\u00e1ti\u00f0 \u00ed lj\u00f3s matarlanganir, rei\u00f0ikast e\u00f0a s\u00fdnir \u00ed gegnum vi\u00f0komandi.<\/p>\n<p>Greining og \u00abl\u00e6kning\u00bb refa\u00e1r\u00e1ttu var \u00e1 Edo-t\u00edmabilinu \u00ed h\u00f6ndum <span class=\"iwg-fachbegriff\" data-tooltip=\"L\u00edtill helgur var\u00f0veislusta\u00f0ur e\u00f0a b\u00e6nasta\u00f0ur.\" tabindex=\"0\">helgiskr\u00edn<\/span>-presta, b\u00faddamunka e\u00f0a sta\u00f0bundinna sjamana (\u00abOgamiya\u00bb).<\/p><p>Me\u00f0 \u00fer\u00fdstingnum til n\u00fat\u00edmav\u00e6\u00f0ingar \u00e1 Meiji-t\u00edmabilinu hvarf kitsune-tsuki-greiningin \u00far opinberri umr\u00e6\u00f0u en h\u00e9lst \u00e1fram til sta\u00f0ar \u00ed \u00fej\u00f3\u00f0tr\u00fa. Carmen Blacker skr\u00e1\u00f0i \u00ed b\u00f3k sinni \u00abThe Catalpa Bow\u00bb (1975) kitsune-tsuki-hef\u00f0ina sem hluta af jap\u00f6nskum sjaman\u00edskum tr\u00faarbr\u00f6g\u00f0um.<\/p>\t\t\t\t\t\t\t\t<\/div>\n\t\t\t\t<\/div>\n\t\t<div class=\"elementor-element elementor-element-cf08528 e-con-full e-flex e-con e-child\" data-id=\"cf08528\" data-element_type=\"container\" data-e-type=\"container\">\n\t\t\t\t<div class=\"elementor-element elementor-element-f02bbf6 elementor-widget elementor-widget-heading\" data-id=\"f02bbf6\" data-element_type=\"widget\" data-e-type=\"widget\" data-widget_type=\"heading.default\">\n\t\t\t\t\t<h2 class=\"elementor-heading-title elementor-size-default\">Ranns\u00f3knarsaga og tr\u00faarf\u00e9lagsfr\u00e6\u00f0ilegt mat<\/h2>\t\t\t\t<\/div>\n\t\t\t\t<div class=\"elementor-element elementor-element-7c8bb21 elementor-widget elementor-widget-text-editor\" data-id=\"7c8bb21\" data-element_type=\"widget\" data-e-type=\"widget\" data-widget_type=\"text-editor.default\">\n\t\t\t\t\t\t\t\t\t<p>Ranns\u00f3knir \u00e1 Inari hafa or\u00f0i\u00f0 mj\u00f6g al\u00fej\u00f3\u00f0legar \u00e1 s\u00ed\u00f0ustu \u00ferj\u00e1t\u00edu \u00e1rum. Karen Smyers (\u00abThe Fox and the Jewel\u00bb, 1999) setti me\u00f0 \u00fe\u00e9ttri \u00fej\u00f3\u00f0fr\u00e6\u00f0ilegri l\u00fdsingu \u00e1 Fushimi-skr\u00edninu og <span class=\"iwg-fachbegriff\" data-tooltip=\"Manneskja sem fer tr\u00faarlega drifi\u00f0 fer\u00f0alag til helgs sta\u00f0ar.\" tabindex=\"0\">p\u00edlagr\u00edmum<\/span> hans n\u00fdjan sta\u00f0al fyrir n\u00fat\u00edma <span class=\"iwg-fachbegriff\" data-tooltip=\"L\u00edtill helgur var\u00f0veislusta\u00f0ur e\u00f0a b\u00e6nasta\u00f0ur.\" tabindex=\"0\">helgiskr\u00edns<\/span>-ranns\u00f3knir.<\/p><p>Helen Hardacre, Bernhard Scheid, Klaus Antoni og Inken Prohl hafa hver \u00e1 sinn h\u00e1tt fjalla\u00f0 \u00edtarlega um Inari \u00ed yfirlitsritum s\u00ednum og skr\u00e1\u00f0 s\u00e9rst\u00f6\u00f0u hans sem \u00ab\u00feess <span class=\"iwg-fachbegriff\" data-tooltip=\"\u00cd jap\u00f6nskum shinto hin d\u00fdrku\u00f0u andaverur og gu\u00f0legu m\u00e1ttarv\u00f6ld.\" tabindex=\"0\">kami<\/span> sem lifandi tr\u00faari\u00f0kun er mest tengd\u00bb.<\/p>\n<p>Fr\u00e1 tr\u00faarf\u00e9lagsfr\u00e6\u00f0ilegu sj\u00f3narhorni er Inari heillandi d\u00e6mi um breytileika gu\u00f0shugmyndar: fr\u00e1 fornum hr\u00edsgrj\u00f3nagu\u00f0i Hata-\u00e6ttarins, \u00ed gegnum verndargu\u00f0 mi\u00f0aldasmi\u00f0a og kaupmanna, til n\u00fat\u00edma verndara fyrirt\u00e6kja og sj\u00e1lfst\u00e6tt starfandi f\u00f3lks.<\/p><p>\u00c1 hverju \u00feessara skei\u00f0a hefur Inari teki\u00f0 upp og unni\u00f0 tr\u00faarlega me\u00f0 \u00fe\u00e6r efnahagslegu vonir og \u00e1hyggjur sem tilbi\u00f0jendur hans b\u00e1ru me\u00f0 s\u00e9r. \u00deessi h\u00e6fni til a\u00f0l\u00f6gunar \u00fatsk\u00fdrir hina \u00f3skertu \u00fe\u00fd\u00f0ingu hans fram \u00e1 \u00feennan dag \u00ed annars a\u00f0 mestu leyti veraldarv\u00e6ddu jap\u00f6nsku samf\u00e9lagi.<\/p>\t\t\t\t\t\t\t\t<\/div>\n\t\t\t\t<\/div>\n\t\t\t\t\t<\/div>\n\t\t\t\t<\/div>\n\t\t\t\t<\/div>\n\t\t","protected":false},"excerpt":{"rendered":"","protected":false},"author":3,"featured_media":3234,"parent":0,"menu_order":0,"comment_status":"closed","ping_status":"closed","template":"elementor_header_footer","meta":{"_yoast_wpseo_focuskw":"Inari \u014ckami","_yoast_wpseo_title":"Inari \u014ckami \u2013 Hr\u00edsgrj\u00f3na- og refagu\u00f0 Japans | iWell Guard","_yoast_wpseo_metadesc":"Inari \u014ckami er japanski kami hr\u00edsgrj\u00f3na, velgengni og refa. \u00de\u00fasundir rau\u00f0ra torii-hli\u00f0a einkenna Fushimi Inari-helgid\u00f3minn.","_yoast_wpseo_meta-robots-noindex":"","_yoast_wpseo_canonical":"","_angie_page":false,"gefaehrdungsstufe":"","wesen_kultur":"","wesen_klasse":"","footnotes":""},"categories":[],"class_list":["post-169086","page","type-page","status-publish","has-post-thumbnail","hentry"],"yoast_head":"<!-- This site is optimized with the Yoast SEO Premium plugin v27.7 (Yoast SEO v28.3) - https:\/\/yoast.com\/product\/yoast-seo-premium-wordpress\/ -->\n<title>Inari \u014ckami \u2013 Hr\u00edsgrj\u00f3na- og refagu\u00f0 Japans | iWell Guard<\/title>\n<meta name=\"description\" content=\"Inari \u014ckami er japanski kami hr\u00edsgrj\u00f3na, velgengni og refa. \u00de\u00fasundir rau\u00f0ra torii-hli\u00f0a einkenna Fushimi Inari-helgid\u00f3minn.\" \/>\n<meta name=\"robots\" content=\"index, follow, max-snippet:-1, max-image-preview:large, max-video-preview:-1\" \/>\n<link rel=\"canonical\" href=\"https:\/\/iwell-guard.com\/is\/inari\/\" \/>\n<meta property=\"og:locale\" content=\"is_IS\" \/>\n<meta property=\"og:type\" content=\"article\" \/>\n<meta property=\"og:title\" content=\"Inari \u014ckami\" \/>\n<meta property=\"og:description\" content=\"Inari \u014ckami er japanski kami hr\u00edsgrj\u00f3na, velgengni og refa. \u00de\u00fasundir rau\u00f0ra torii-hli\u00f0a einkenna Fushimi Inari-helgid\u00f3minn.\" \/>\n<meta property=\"og:url\" content=\"https:\/\/iwell-guard.com\/is\/inari\/\" \/>\n<meta property=\"og:site_name\" content=\"iWell Guard\" \/>\n<meta property=\"article:modified_time\" content=\"2026-09-05T14:31:56+00:00\" \/>\n<meta property=\"og:image\" content=\"https:\/\/iwell-guard.com\/wp-content\/uploads\/2026\/05\/goetter_japan_inari-okami.webp\" \/>\n\t<meta property=\"og:image:width\" content=\"1024\" \/>\n\t<meta property=\"og:image:height\" content=\"1536\" \/>\n\t<meta property=\"og:image:type\" content=\"image\/webp\" \/>\n<meta name=\"twitter:card\" content=\"summary_large_image\" \/>\n<script type=\"application\/ld+json\" class=\"yoast-schema-graph\">{\"@context\":\"https:\\\/\\\/schema.org\",\"@graph\":[{\"@type\":\"WebPage\",\"@id\":\"https:\\\/\\\/iwell-guard.com\\\/is\\\/inari\\\/\",\"url\":\"https:\\\/\\\/iwell-guard.com\\\/is\\\/inari\\\/\",\"name\":\"Inari \u014ckami \u2013 Hr\u00edsgrj\u00f3na- og refagu\u00f0 Japans | iWell Guard\",\"isPartOf\":{\"@id\":\"https:\\\/\\\/iwell-guard.com\\\/is\\\/#website\"},\"primaryImageOfPage\":{\"@id\":\"https:\\\/\\\/iwell-guard.com\\\/is\\\/inari\\\/#primaryimage\"},\"image\":{\"@id\":\"https:\\\/\\\/iwell-guard.com\\\/is\\\/inari\\\/#primaryimage\"},\"thumbnailUrl\":\"https:\\\/\\\/iwell-guard.com\\\/wp-content\\\/uploads\\\/2026\\\/05\\\/goetter_japan_inari-okami.webp\",\"datePublished\":\"2026-09-05T14:05:28+00:00\",\"dateModified\":\"2026-09-05T14:31:56+00:00\",\"description\":\"Inari \u014ckami er japanski kami hr\u00edsgrj\u00f3na, velgengni og refa. \u00de\u00fasundir rau\u00f0ra torii-hli\u00f0a einkenna Fushimi Inari-helgid\u00f3minn.\",\"breadcrumb\":{\"@id\":\"https:\\\/\\\/iwell-guard.com\\\/is\\\/inari\\\/#breadcrumb\"},\"inLanguage\":\"is\",\"potentialAction\":[{\"@type\":\"ReadAction\",\"target\":[\"https:\\\/\\\/iwell-guard.com\\\/is\\\/inari\\\/\"]}]},{\"@type\":\"ImageObject\",\"inLanguage\":\"is\",\"@id\":\"https:\\\/\\\/iwell-guard.com\\\/is\\\/inari\\\/#primaryimage\",\"url\":\"https:\\\/\\\/iwell-guard.com\\\/wp-content\\\/uploads\\\/2026\\\/05\\\/goetter_japan_inari-okami.webp\",\"contentUrl\":\"https:\\\/\\\/iwell-guard.com\\\/wp-content\\\/uploads\\\/2026\\\/05\\\/goetter_japan_inari-okami.webp\",\"width\":1024,\"height\":1536,\"caption\":\"Gu\u00f0ir \u00far japanskri hef\u00f0.\"},{\"@type\":\"BreadcrumbList\",\"@id\":\"https:\\\/\\\/iwell-guard.com\\\/is\\\/inari\\\/#breadcrumb\",\"itemListElement\":[{\"@type\":\"ListItem\",\"position\":1,\"name\":\"Start\",\"item\":\"https:\\\/\\\/iwell-guard.com\\\/is\\\/?page_id=168580\"},{\"@type\":\"ListItem\",\"position\":2,\"name\":\"Inari \u014ckami\"}]},{\"@type\":\"WebSite\",\"@id\":\"https:\\\/\\\/iwell-guard.com\\\/is\\\/#website\",\"url\":\"https:\\\/\\\/iwell-guard.com\\\/is\\\/\",\"name\":\"iWell Guard\",\"description\":\"Schutz vor dunklen Einfl\u00fcssen\",\"publisher\":{\"@id\":\"https:\\\/\\\/iwell-guard.com\\\/is\\\/#organization\"},\"potentialAction\":[{\"@type\":\"SearchAction\",\"target\":{\"@type\":\"EntryPoint\",\"urlTemplate\":\"https:\\\/\\\/iwell-guard.com\\\/is\\\/?s={search_term_string}\"},\"query-input\":{\"@type\":\"PropertyValueSpecification\",\"valueRequired\":true,\"valueName\":\"search_term_string\"}}],\"inLanguage\":\"is\"},{\"@type\":\"Organization\",\"@id\":\"https:\\\/\\\/iwell-guard.com\\\/is\\\/#organization\",\"name\":\"Ittermann electronic GmbH\",\"url\":\"https:\\\/\\\/iwell-guard.com\\\/is\\\/\",\"logo\":{\"@type\":\"ImageObject\",\"inLanguage\":\"is\",\"@id\":\"https:\\\/\\\/iwell-guard.com\\\/is\\\/#\\\/schema\\\/logo\\\/image\\\/\",\"url\":\"https:\\\/\\\/iwell-guard.com\\\/wp-content\\\/uploads\\\/2026\\\/05\\\/Ittermann-Logo-1182x237-1.png\",\"contentUrl\":\"https:\\\/\\\/iwell-guard.com\\\/wp-content\\\/uploads\\\/2026\\\/05\\\/Ittermann-Logo-1182x237-1.png\",\"width\":1182,\"height\":237,\"caption\":\"Ittermann electronic GmbH\"},\"image\":{\"@id\":\"https:\\\/\\\/iwell-guard.com\\\/is\\\/#\\\/schema\\\/logo\\\/image\\\/\"},\"sameAs\":[\"https:\\\/\\\/pantip.com\\\/profile\\\/9367242\",\"https:\\\/\\\/micro.blog\\\/iwellguard\",\"https:\\\/\\\/www.diggerslist.com\\\/iwellguard\\\/about\",\"https:\\\/\\\/skitterphoto.com\\\/photographers\\\/2870314\\\/iwell-guard\",\"https:\\\/\\\/iwellguard.wordpress.com\\\/2026\\\/06\\\/06\\\/iwell-guard\\\/\",\"https:\\\/\\\/hub.docker.com\\\/u\\\/iwellguard\",\"https:\\\/\\\/www.pinterest.com\\\/iwellguard\\\/\",\"https:\\\/\\\/bit.ly\\\/m\\\/iwellguard\",\"https:\\\/\\\/entre-vos-mains.alsace.eu\\\/profiles\\\/iwellguard\\\/activity\",\"https:\\\/\\\/gravatar.com\\\/reallybeded8fd34\",\"https:\\\/\\\/naijamatta.com\\\/iwellguard\",\"https:\\\/\\\/www.goodreads.com\\\/iwellguard\",\"https:\\\/\\\/profile.hatena.ne.jp\\\/iwellguard\\\/\",\"https:\\\/\\\/experiment.com\\\/users\\\/iwellguard\",\"https:\\\/\\\/wakelet.com\\\/@iWellGuard82270\",\"https:\\\/\\\/www.chordie.com\\\/forum\\\/profile.php?id=2555664\",\"https:\\\/\\\/www.instapaper.com\\\/p\\\/17757966\",\"https:\\\/\\\/www.mapleprimes.com\\\/users\\\/iwellguard\",\"https:\\\/\\\/businesslistingplus.com\\\/profile\\\/iwell-guard\\\/\",\"https:\\\/\\\/telegra.ph\\\/iWell-Guard-06-06\",\"https:\\\/\\\/pbase.com\\\/iwellguard\\\/iwellguard\",\"https:\\\/\\\/b.hatena.ne.jp\\\/iwellguard\\\/20260607#bookmark-4788405196491818882\",\"https:\\\/\\\/fliphtml5.com\\\/home\\\/iwellguard\",\"https:\\\/\\\/anyflip.com\\\/homepage\\\/cmiwl#About\",\"https:\\\/\\\/transfur.com\\\/Users\\\/iwellguard\",\"http:\\\/\\\/delphi.larsbo.org\\\/user\\\/iwellguard\",\"https:\\\/\\\/jobs.lajobsportal.org\\\/profiles\\\/8380803-iwell-guard\",\"https:\\\/\\\/md.chaosdorf.de\\\/s\\\/jfbe5SBdJD\",\"https:\\\/\\\/www.lingvolive.com\\\/en-us\\\/profile\\\/9ecaeaca-ce11-4e51-9e71-01d55e2bff36\\\/translations\",\"https:\\\/\\\/www.fitday.com\\\/fitness\\\/forums\\\/members\\\/iwellguard.html\",\"https:\\\/\\\/www.mymeetbook.com\\\/iwellguard\",\"https:\\\/\\\/pxhere.com\\\/en\\\/photographer-me\\\/5040798\",\"https:\\\/\\\/disqus.com\\\/by\\\/iwellguard\\\/about\\\/\",\"https:\\\/\\\/pastelink.net\\\/hjwciqwq\",\"https:\\\/\\\/pubhtml5.com\\\/homepage\\\/scjhn\\\/\",\"https:\\\/\\\/www.bitchute.com\\\/channel\\\/2O2eOKzNqujT\",\"https:\\\/\\\/audiomack.com\\\/iwellguard\"]}]}<\/script>\n<!-- \/ Yoast SEO Premium plugin. -->","yoast_head_json":{"title":"Inari \u014ckami \u2013 Hr\u00edsgrj\u00f3na- og refagu\u00f0 Japans | iWell Guard","description":"Inari \u014ckami er japanski kami hr\u00edsgrj\u00f3na, velgengni og refa. \u00de\u00fasundir rau\u00f0ra torii-hli\u00f0a einkenna Fushimi Inari-helgid\u00f3minn.","robots":{"index":"index","follow":"follow","max-snippet":"max-snippet:-1","max-image-preview":"max-image-preview:large","max-video-preview":"max-video-preview:-1"},"canonical":"https:\/\/iwell-guard.com\/is\/inari\/","og_locale":"is_IS","og_type":"article","og_title":"Inari \u014ckami","og_description":"Inari \u014ckami er japanski kami hr\u00edsgrj\u00f3na, velgengni og refa. \u00de\u00fasundir rau\u00f0ra torii-hli\u00f0a einkenna Fushimi Inari-helgid\u00f3minn.","og_url":"https:\/\/iwell-guard.com\/is\/inari\/","og_site_name":"iWell Guard","article_modified_time":"2026-09-05T14:31:56+00:00","og_image":[{"width":1024,"height":1536,"url":"https:\/\/iwell-guard.com\/wp-content\/uploads\/2026\/05\/goetter_japan_inari-okami.webp","type":"image\/webp"}],"twitter_card":"summary_large_image","schema":{"@context":"https:\/\/schema.org","@graph":[{"@type":"WebPage","@id":"https:\/\/iwell-guard.com\/is\/inari\/","url":"https:\/\/iwell-guard.com\/is\/inari\/","name":"Inari \u014ckami \u2013 Hr\u00edsgrj\u00f3na- og refagu\u00f0 Japans | iWell Guard","isPartOf":{"@id":"https:\/\/iwell-guard.com\/is\/#website"},"primaryImageOfPage":{"@id":"https:\/\/iwell-guard.com\/is\/inari\/#primaryimage"},"image":{"@id":"https:\/\/iwell-guard.com\/is\/inari\/#primaryimage"},"thumbnailUrl":"https:\/\/iwell-guard.com\/wp-content\/uploads\/2026\/05\/goetter_japan_inari-okami.webp","datePublished":"2026-09-05T14:05:28+00:00","dateModified":"2026-09-05T14:31:56+00:00","description":"Inari \u014ckami er japanski kami hr\u00edsgrj\u00f3na, velgengni og refa. \u00de\u00fasundir rau\u00f0ra torii-hli\u00f0a einkenna Fushimi Inari-helgid\u00f3minn.","breadcrumb":{"@id":"https:\/\/iwell-guard.com\/is\/inari\/#breadcrumb"},"inLanguage":"is","potentialAction":[{"@type":"ReadAction","target":["https:\/\/iwell-guard.com\/is\/inari\/"]}]},{"@type":"ImageObject","inLanguage":"is","@id":"https:\/\/iwell-guard.com\/is\/inari\/#primaryimage","url":"https:\/\/iwell-guard.com\/wp-content\/uploads\/2026\/05\/goetter_japan_inari-okami.webp","contentUrl":"https:\/\/iwell-guard.com\/wp-content\/uploads\/2026\/05\/goetter_japan_inari-okami.webp","width":1024,"height":1536,"caption":"Gu\u00f0ir \u00far japanskri hef\u00f0."},{"@type":"BreadcrumbList","@id":"https:\/\/iwell-guard.com\/is\/inari\/#breadcrumb","itemListElement":[{"@type":"ListItem","position":1,"name":"Start","item":"https:\/\/iwell-guard.com\/is\/?page_id=168580"},{"@type":"ListItem","position":2,"name":"Inari \u014ckami"}]},{"@type":"WebSite","@id":"https:\/\/iwell-guard.com\/is\/#website","url":"https:\/\/iwell-guard.com\/is\/","name":"iWell Guard","description":"Schutz vor dunklen Einfl\u00fcssen","publisher":{"@id":"https:\/\/iwell-guard.com\/is\/#organization"},"potentialAction":[{"@type":"SearchAction","target":{"@type":"EntryPoint","urlTemplate":"https:\/\/iwell-guard.com\/is\/?s={search_term_string}"},"query-input":{"@type":"PropertyValueSpecification","valueRequired":true,"valueName":"search_term_string"}}],"inLanguage":"is"},{"@type":"Organization","@id":"https:\/\/iwell-guard.com\/is\/#organization","name":"Ittermann electronic GmbH","url":"https:\/\/iwell-guard.com\/is\/","logo":{"@type":"ImageObject","inLanguage":"is","@id":"https:\/\/iwell-guard.com\/is\/#\/schema\/logo\/image\/","url":"https:\/\/iwell-guard.com\/wp-content\/uploads\/2026\/05\/Ittermann-Logo-1182x237-1.png","contentUrl":"https:\/\/iwell-guard.com\/wp-content\/uploads\/2026\/05\/Ittermann-Logo-1182x237-1.png","width":1182,"height":237,"caption":"Ittermann electronic GmbH"},"image":{"@id":"https:\/\/iwell-guard.com\/is\/#\/schema\/logo\/image\/"},"sameAs":["https:\/\/pantip.com\/profile\/9367242","https:\/\/micro.blog\/iwellguard","https:\/\/www.diggerslist.com\/iwellguard\/about","https:\/\/skitterphoto.com\/photographers\/2870314\/iwell-guard","https:\/\/iwellguard.wordpress.com\/2026\/06\/06\/iwell-guard\/","https:\/\/hub.docker.com\/u\/iwellguard","https:\/\/www.pinterest.com\/iwellguard\/","https:\/\/bit.ly\/m\/iwellguard","https:\/\/entre-vos-mains.alsace.eu\/profiles\/iwellguard\/activity","https:\/\/gravatar.com\/reallybeded8fd34","https:\/\/naijamatta.com\/iwellguard","https:\/\/www.goodreads.com\/iwellguard","https:\/\/profile.hatena.ne.jp\/iwellguard\/","https:\/\/experiment.com\/users\/iwellguard","https:\/\/wakelet.com\/@iWellGuard82270","https:\/\/www.chordie.com\/forum\/profile.php?id=2555664","https:\/\/www.instapaper.com\/p\/17757966","https:\/\/www.mapleprimes.com\/users\/iwellguard","https:\/\/businesslistingplus.com\/profile\/iwell-guard\/","https:\/\/telegra.ph\/iWell-Guard-06-06","https:\/\/pbase.com\/iwellguard\/iwellguard","https:\/\/b.hatena.ne.jp\/iwellguard\/20260607#bookmark-4788405196491818882","https:\/\/fliphtml5.com\/home\/iwellguard","https:\/\/anyflip.com\/homepage\/cmiwl#About","https:\/\/transfur.com\/Users\/iwellguard","http:\/\/delphi.larsbo.org\/user\/iwellguard","https:\/\/jobs.lajobsportal.org\/profiles\/8380803-iwell-guard","https:\/\/md.chaosdorf.de\/s\/jfbe5SBdJD","https:\/\/www.lingvolive.com\/en-us\/profile\/9ecaeaca-ce11-4e51-9e71-01d55e2bff36\/translations","https:\/\/www.fitday.com\/fitness\/forums\/members\/iwellguard.html","https:\/\/www.mymeetbook.com\/iwellguard","https:\/\/pxhere.com\/en\/photographer-me\/5040798","https:\/\/disqus.com\/by\/iwellguard\/about\/","https:\/\/pastelink.net\/hjwciqwq","https:\/\/pubhtml5.com\/homepage\/scjhn\/","https:\/\/www.bitchute.com\/channel\/2O2eOKzNqujT","https:\/\/audiomack.com\/iwellguard"]}]}},"_links":{"self":[{"href":"https:\/\/iwell-guard.com\/is\/wp-json\/wp\/v2\/pages\/169086","targetHints":{"allow":["GET"]}}],"collection":[{"href":"https:\/\/iwell-guard.com\/is\/wp-json\/wp\/v2\/pages"}],"about":[{"href":"https:\/\/iwell-guard.com\/is\/wp-json\/wp\/v2\/types\/page"}],"author":[{"embeddable":true,"href":"https:\/\/iwell-guard.com\/is\/wp-json\/wp\/v2\/users\/3"}],"replies":[{"embeddable":true,"href":"https:\/\/iwell-guard.com\/is\/wp-json\/wp\/v2\/comments?post=169086"}],"version-history":[{"count":0,"href":"https:\/\/iwell-guard.com\/is\/wp-json\/wp\/v2\/pages\/169086\/revisions"}],"wp:featuredmedia":[{"embeddable":true,"href":"https:\/\/iwell-guard.com\/is\/wp-json\/wp\/v2\/media\/3234"}],"wp:attachment":[{"href":"https:\/\/iwell-guard.com\/is\/wp-json\/wp\/v2\/media?parent=169086"}],"wp:term":[{"taxonomy":"category","embeddable":true,"href":"https:\/\/iwell-guard.com\/is\/wp-json\/wp\/v2\/categories?post=169086"}],"curies":[{"name":"wp","href":"https:\/\/api.w.org\/{rel}","templated":true}]}}