{"id":169084,"date":"2026-09-05T14:05:26","date_gmt":"2026-09-05T14:05:26","guid":{"rendered":"https:\/\/iwell-guard.com\/?page_id=169084"},"modified":"2026-09-05T14:31:52","modified_gmt":"2026-09-05T14:31:52","slug":"kannon","status":"publish","type":"page","link":"https:\/\/iwell-guard.com\/is\/kannon\/","title":{"rendered":"Kannon"},"content":{"rendered":"\t\t<div data-elementor-type=\"wp-page\" data-elementor-id=\"169084\" class=\"elementor elementor-169084 elementor-3025 elementor-bc-flex-widget\" data-elementor-post-type=\"page\">\n\t\t\t\t<div class=\"elementor-element elementor-element-77d1f93 e-flex e-con-boxed e-con e-parent\" data-id=\"77d1f93\" data-element_type=\"container\" data-e-type=\"container\" data-settings=\"{&quot;background_background&quot;:&quot;classic&quot;}\">\n\t\t\t\t\t<div class=\"e-con-inner\">\n\t\t<div class=\"elementor-element elementor-element-5f94ff8 e-flex e-con-boxed e-con e-child\" data-id=\"5f94ff8\" data-element_type=\"container\" data-e-type=\"container\">\n\t\t\t\t\t<div class=\"e-con-inner\">\n\t\t<div class=\"elementor-element elementor-element-411924d e-con-full e-flex e-con e-child\" data-id=\"411924d\" data-element_type=\"container\" data-e-type=\"container\">\n\t\t\t\t<div class=\"elementor-element elementor-element-7663302 elementor-widget elementor-widget-heading\" data-id=\"7663302\" data-element_type=\"widget\" data-e-type=\"widget\" data-widget_type=\"heading.default\">\n\t\t\t\t\t<h1 class=\"elementor-heading-title elementor-size-default\">Kannon, jap\u00f6nsk gy\u00f0ja miskunnsemi<\/h1>\t\t\t\t<\/div>\n\t\t\t\t<div class=\"elementor-element elementor-element-17cf579 elementor-widget elementor-widget-text-editor\" data-id=\"17cf579\" data-element_type=\"widget\" data-e-type=\"widget\" data-widget_type=\"text-editor.default\">\n\t\t\t\t\t\t\t\t\t<p>Kannon er jap\u00f6nsk gy\u00f0ja miskunnsemi sem sinnir \u00fej\u00e1\u00f0um \u00ed \u00fdmsum myndum og veitir \u00feeim huggun. Kannon, me\u00f0 fullu nafni Kanzeon-Bosatsu (jap\u00f6nsku) e\u00f0a Guanyin (k\u00ednversku), er \u00ed austuras\u00edskum b\u00faddisma mi\u00f0l\u00e6g gestalt k\u00e6rleika og takmarkalausrar miskunnsemi.<\/p><p>Sem japanska heiti\u00f0 yfir hinn indverska bodhisattva Avalokite\u015bvara sameinar Kannon nokkur tr\u00faars\u00f6guleg l\u00f6g: hina indversku Mahayana-hef\u00f0, k\u00ednversku \u00fej\u00f3\u00f0tr\u00fana, jap\u00f6nsku Tendai- og Shingon-sk\u00f3lana og mi\u00f0aldalega <span class=\"iwg-fachbegriff\" data-tooltip=\"Tr\u00faarleg i\u00f0kun \u00ed daglegu l\u00edfi, oft samhli\u00f0a hinni opinberu kenningu.\" tabindex=\"0\">al\u00fe\u00fd\u00f0utr\u00fa<\/span>. \u00cd engri annarri pers\u00f3nu jap\u00f6nsku go\u00f0heimsins birtist hin bjargfr\u00e6\u00f0ilega hugmynd um sta\u00f0gengilslegt saml\u00ed\u00f0an svo beint.<\/p>\t\t\t\t\t\t\t\t<\/div>\n\t\t\t\t<\/div>\n\t\t<div class=\"elementor-element elementor-element-532b537 e-con-full e-flex e-con e-parent\" data-id=\"532b537\" data-element_type=\"container\" data-e-type=\"container\">\n\t\t\t\t<div class=\"elementor-element elementor-element-a4d66ec elementor-widget elementor-widget-html\" data-id=\"a4d66ec\" data-element_type=\"widget\" data-e-type=\"widget\" data-widget_type=\"html.default\">\n\t\t\t\t\t<div class=\"iwg-pill-row\"><span class=\"iwg-klasse-badge\" tabindex=\"0\" data-tooltip=\"Gu\u00f0 \/ gy\u00f0ja: Pers\u00f3nuger\u00f0ur h\u00e6sta m\u00e1ttur \u00ed go\u00f0heimi menningar, me\u00f0 sk\u00fdr hlutverk \u2014 n\u00e1tt\u00faru\u00f6fl, \u00f6rl\u00f6g, str\u00ed\u00f0, frj\u00f3semi. Tigna\u00f0ur me\u00f0 tilbei\u00f0slu, f\u00f3rnum og hofastofnunum.\">Gu\u00f0<\/span><a href=\"https:\/\/iwell-guard.com\/is\/japan\/\" class=\"iwg-kultur-badge\" tabindex=\"0\" data-tooltip=\"Japanskir Shinto-kami og b\u00fadd\u00edsk-yokai heimar.\">Japan<\/a><\/div>\t\t\t\t<\/div>\n\t\t\t\t<\/div>\n\t\t<div class=\"elementor-element elementor-element-a690d59 e-con-full e-flex e-con e-child\" data-id=\"a690d59\" data-element_type=\"container\" data-e-type=\"container\">\n\t\t\t\t<div class=\"elementor-element elementor-element-eada4fb elementor-toc--minimized-on-tablet elementor-widget elementor-widget-table-of-contents\" data-id=\"eada4fb\" data-element_type=\"widget\" data-e-type=\"widget\" data-settings=\"{&quot;exclude_headings_by_selector&quot;:[],&quot;no_headings_message&quot;:&quot;Engar undirfyrirsagnir fundust \\u00e1 \\u00feessari s\\u00ed\\u00f0u.&quot;,&quot;headings_by_tags&quot;:[&quot;h2&quot;,&quot;h3&quot;],&quot;marker_view&quot;:&quot;bullets&quot;,&quot;icon&quot;:{&quot;value&quot;:&quot;fas fa-circle&quot;,&quot;library&quot;:&quot;fa-solid&quot;,&quot;rendered_tag&quot;:&quot;&lt;svg class=\\&quot;e-font-icon-svg e-fas-circle\\&quot; viewBox=\\&quot;0 0 512 512\\&quot; xmlns=\\&quot;http:\\\/\\\/www.w3.org\\\/2000\\\/svg\\&quot;&gt;&lt;path d=\\&quot;M256 8C119 8 8 119 8 256s111 248 248 248 248-111 248-248S393 8 256 8z\\&quot;&gt;&lt;\\\/path&gt;&lt;\\\/svg&gt;&quot;},&quot;minimize_box&quot;:&quot;yes&quot;,&quot;minimized_on&quot;:&quot;tablet&quot;,&quot;hierarchical_view&quot;:&quot;yes&quot;,&quot;min_height&quot;:{&quot;unit&quot;:&quot;px&quot;,&quot;size&quot;:&quot;&quot;,&quot;sizes&quot;:[]},&quot;min_height_tablet&quot;:{&quot;unit&quot;:&quot;px&quot;,&quot;size&quot;:&quot;&quot;,&quot;sizes&quot;:[]},&quot;min_height_mobile&quot;:{&quot;unit&quot;:&quot;px&quot;,&quot;size&quot;:&quot;&quot;,&quot;sizes&quot;:[]}}\" data-widget_type=\"table-of-contents.default\">\n\t\t\t\t\t\t\t\t\t<div class=\"elementor-toc__header\">\n\t\t\t\t\t\t<h2 class=\"elementor-toc__header-title\">\n\t\t\t\tEfnisyfirlit\t\t\t<\/h2>\n\t\t\t\t\t\t\t\t\t\t<div class=\"elementor-toc__toggle-button elementor-toc__toggle-button--expand\" role=\"button\" tabindex=\"0\" aria-controls=\"elementor-toc__eada4fb\" aria-expanded=\"true\" aria-label=\"Open table of contents\"><svg aria-hidden=\"true\" class=\"e-font-icon-svg e-fas-chevron-down\" viewBox=\"0 0 448 512\" xmlns=\"http:\/\/www.w3.org\/2000\/svg\"><path d=\"M207.029 381.476L12.686 187.132c-9.373-9.373-9.373-24.569 0-33.941l22.667-22.667c9.357-9.357 24.522-9.375 33.901-.04L224 284.505l154.745-154.021c9.379-9.335 24.544-9.317 33.901.04l22.667 22.667c9.373 9.373 9.373 24.569 0 33.941L240.971 381.476c-9.373 9.372-24.569 9.372-33.942 0z\"><\/path><\/svg><\/div>\n\t\t\t\t<div class=\"elementor-toc__toggle-button elementor-toc__toggle-button--collapse\" role=\"button\" tabindex=\"0\" aria-controls=\"elementor-toc__eada4fb\" aria-expanded=\"true\" aria-label=\"Close table of contents\"><svg aria-hidden=\"true\" class=\"e-font-icon-svg e-fas-chevron-up\" viewBox=\"0 0 448 512\" xmlns=\"http:\/\/www.w3.org\/2000\/svg\"><path d=\"M240.971 130.524l194.343 194.343c9.373 9.373 9.373 24.569 0 33.941l-22.667 22.667c-9.357 9.357-24.522 9.375-33.901.04L224 227.495 69.255 381.516c-9.379 9.335-24.544 9.317-33.901-.04l-22.667-22.667c-9.373-9.373-9.373-24.569 0-33.941L207.03 130.525c9.372-9.373 24.568-9.373 33.941-.001z\"><\/path><\/svg><\/div>\n\t\t\t\t\t<\/div>\n\t\t\t\t<div id=\"elementor-toc__eada4fb\" class=\"elementor-toc__body\">\n\t\t\t<div class=\"elementor-toc__spinner-container\">\n\t\t\t\t<svg class=\"elementor-toc__spinner eicon-animation-spin e-font-icon-svg e-eicon-loading\" aria-hidden=\"true\" viewBox=\"0 0 1000 1000\" xmlns=\"http:\/\/www.w3.org\/2000\/svg\"><path d=\"M500 975V858C696 858 858 696 858 500S696 142 500 142 142 304 142 500H25C25 237 238 25 500 25S975 237 975 500 763 975 500 975Z\"><\/path><\/svg>\t\t\t<\/div>\n\t\t<\/div>\n\t\t\t\t\t\t<\/div>\n\t\t\t\t<\/div>\n\t\t\t\t\t<\/div>\n\t\t\t\t<\/div>\n\t\t<div class=\"elementor-element elementor-element-d5fa61e e-con-full e-flex e-con e-child\" data-id=\"d5fa61e\" data-element_type=\"container\" data-e-type=\"container\">\n\t\t\t\t<div class=\"elementor-element elementor-element-1b22f8c iwg-hero-image elementor-widget elementor-widget-image\" data-id=\"1b22f8c\" data-element_type=\"widget\" data-e-type=\"widget\" data-widget_type=\"image.default\">\n\t\t\t\t\t\t\t\t\t\t\t\t\t\t\t<img fetchpriority=\"high\" decoding=\"async\" width=\"683\" height=\"1024\" src=\"https:\/\/iwell-guard.com\/wp-content\/uploads\/2026\/05\/goetter_japan_kannon-683x1024.webp\" class=\"attachment-large size-large wp-image-170718\" alt=\"Kannon - Gu\u00f0ir \u00far jap\u00f6nskri hef\u00f0, s\u00f6guleg mynd\" srcset=\"https:\/\/iwell-guard.com\/wp-content\/uploads\/2026\/05\/goetter_japan_kannon-683x1024.webp 683w, https:\/\/iwell-guard.com\/wp-content\/uploads\/2026\/05\/goetter_japan_kannon-200x300.webp 200w, https:\/\/iwell-guard.com\/wp-content\/uploads\/2026\/05\/goetter_japan_kannon-768x1152.webp 768w, https:\/\/iwell-guard.com\/wp-content\/uploads\/2026\/05\/goetter_japan_kannon.webp 1024w\" sizes=\"(max-width: 683px) 100vw, 683px\" \/>\t\t\t\t\t\t\t\t\t\t\t\t\t\t\t<\/div>\n\t\t\t\t<\/div>\n\t\t\t\t\t<\/div>\n\t\t\t\t<\/div>\n\t\t<div class=\"elementor-element elementor-element-30556d0 e-con-boxed e-flex e-con e-parent\" data-id=\"30556d0\" data-element_type=\"container\" data-e-type=\"container\">\n\t\t\t\t\t<div class=\"e-con-inner\">\n\t\t<div class=\"elementor-element elementor-element-acda165 e-con-full e-flex e-con e-child\" data-id=\"acda165\" data-element_type=\"container\" data-e-type=\"container\">\n\t\t\t\t<div class=\"elementor-element elementor-element-d1dd9b9 elementor-widget elementor-widget-heading\" data-id=\"d1dd9b9\" data-element_type=\"widget\" data-e-type=\"widget\" data-widget_type=\"heading.default\">\n\t\t\t\t\t<h2 class=\"elementor-heading-title elementor-size-default\">Or\u00f0sifjar og samsemd<\/h2>\t\t\t\t<\/div>\n\t\t\t\t<div class=\"elementor-element elementor-element-466fdd2 elementor-widget elementor-widget-text-editor\" data-id=\"466fdd2\" data-element_type=\"widget\" data-e-type=\"widget\" data-widget_type=\"text-editor.default\">\n\t\t\t\t\t\t\t\t\t<p>Sanskr\u00edt-nafni\u00f0 Avalokite\u015bvara er samsett \u00far \u00abavalokita\u00bb (ni\u00f0ursko\u00f0andi, athugandi) og \u00ab\u012b\u015bvara\u00bb (herra) og \u00fe\u00fd\u00f0ir \u00abHerrann sem l\u00edtur ni\u00f0ur\u00bb. K\u00ednverska \u00fe\u00fd\u00f0ingin Guanshiyin (\u00e1heyrandi heimshlj\u00f3\u00f0a) var s\u00ed\u00f0ar stytt \u00ed Guanyin. Japanska lesturin Kanzeon (skrifa\u00f0 \u89b3\u4e16\u97f3) e\u00f0a Kannon (\u89b3\u97f3) fylgir \u00feessari hef\u00f0.<\/p><p>\u00cd Mahayana-s\u00fatrunum kemur Avalokite\u015bvara fyrst fram \u00ed \u00abSukh\u0101vat\u012b-vy\u016bha\u00bb (1. til 2. \u00f6ld) sem a\u00f0alfulltr\u00fai B\u00fadda Amitabha; \u00abSaddharma-Pundarika-<span class=\"iwg-fachbegriff\" data-tooltip=\"\u00cd hind\u00faisma og b\u00faddisma stuttur kennslutexti.\" tabindex=\"0\">s\u00fatra<\/span>\u00bb (L\u00f3tus-<span class=\"iwg-fachbegriff\" data-tooltip=\"\u00cd hind\u00faisma og b\u00faddisma stuttur kennslutexti.\" tabindex=\"0\">s\u00fatra<\/span>) helgar honum s\u00e9rstakan hluta \u00ed 25. kafla (\u00abSamantamukha-parivarta\u00bb), sem \u00ed Austur-As\u00edu var almennt kunnur sem sj\u00e1lfst\u00e6tt rit \u00abKannongy\u014d\u00bb.<\/p>\t\t\t\t\t\t\t\t<\/div>\n\t\t\t\t<\/div>\n\t\t<div class=\"elementor-element elementor-element-fff39e4 e-con-full e-flex e-con e-child\" data-id=\"fff39e4\" data-element_type=\"container\" data-e-type=\"container\">\n\t\t\t\t<div class=\"elementor-element elementor-element-08d241e elementor-widget elementor-widget-heading\" data-id=\"08d241e\" data-element_type=\"widget\" data-e-type=\"widget\" data-widget_type=\"heading.default\">\n\t\t\t\t\t<h2 class=\"elementor-heading-title elementor-size-default\">Fr\u00e1 indverskum bodhisattva til k\u00ednversk-japanskrar gestaltar<\/h2>\t\t\t\t<\/div>\n\t\t\t\t<div class=\"elementor-element elementor-element-4be836e elementor-widget elementor-widget-text-editor\" data-id=\"4be836e\" data-element_type=\"widget\" data-e-type=\"widget\" data-widget_type=\"text-editor.default\">\n\t\t\t\t\t\t\t\t\t<p>\u00cd indverskri hef\u00f0 er Avalokite\u015bvara karlkyns, oft s\u00fdndur me\u00f0 bl\u00ed\u00f0u- og verndarmerkjum. \u00cd K\u00edna var\u00f0 kynskipti \u00e1 t\u00edmum Tang-veldisins (7. til 9. \u00f6ld): Guanyin var \u00ed auknum m\u00e6li d\u00fdrku\u00f0 \u00ed kvenlegri mynd, ferli sem hefur veri\u00f0 miki\u00f0 til umr\u00e6\u00f0u \u00ed tr\u00faarbrag\u00f0afr\u00e6\u00f0um.<\/p><p>Ch\u00fcn-fang Y\u00fc hefur \u00ed \u00abKuan-yin. The Chinese Transformation of Avalokite\u015bvara\u00bb (2001) s\u00fdnt fram \u00e1 a\u00f0 \u00feessi umbreyting tengist uppt\u00f6ku innlendra k\u00ednverskra gy\u00f0ja, d\u00fdrkun L\u00f3tus-<span class=\"iwg-fachbegriff\" data-tooltip=\"\u00cd hind\u00faisma og b\u00faddisma stuttur kenningartexti.\" tabindex=\"0\">s\u00fatrunnar<\/span>&#8211;<span class=\"iwg-fachbegriff\" data-tooltip=\"\u00d6ll tr\u00faarleg d\u00fdrkunarath\u00f6fn \u00ed gar\u00f0 gu\u00f0d\u00f3ms e\u00f0a heilagrar veru.\" tabindex=\"0\">d\u00fdrkunar<\/span> og \u00fej\u00f3\u00f0s\u00f6gunni um prinsessuna Miao-shan.<\/p>\n<p>\u00cd Japan var kynfer\u00f0isleg sta\u00f0a veran lengi tv\u00edr\u00e6\u00f0. Opinberir Heian-<span class=\"iwg-fachbegriff\" data-tooltip=\"Bygging sem er notu\u00f0 til d\u00fdrkunar \u00e1 einum e\u00f0a fleiri gu\u00f0d\u00f3mum.\" tabindex=\"0\">musteris<\/span>-myndir s\u00fdna Kannon oftast tv\u00edkynja, oft ungmennalega karllega; al\u00fe\u00fd\u00f0utr\u00fain hallast frekar a\u00f0 kvenlegri t\u00falkun, einkum undir \u00e1hrifum k\u00ednverska Guanyin-d\u00fdrkunarinnar.<\/p><p>Joseph Kitagawa og Inken Prohl leggja \u00e1herslu \u00e1 a\u00f0 \u00feessi tv\u00edhyggja s\u00e9 ekki gu\u00f0fr\u00e6\u00f0ilegt vandam\u00e1l heldur samr\u00e6mist grunnhugmyndinni um endalausa umbreytingarh\u00e6fni b\u00f3dhisattvans: L\u00f3tus-<span class=\"iwg-fachbegriff\" data-tooltip=\"\u00cd hind\u00faisma og b\u00faddisma stuttur kenningartexti.\" tabindex=\"0\">s\u00fatran<\/span> telur upp 33 birtingarmyndir \u00fear sem Kannon bjargar l\u00edfverum.<\/p>\t\t\t\t\t\t\t\t<\/div>\n\t\t\t\t<\/div>\n\t\t<div class=\"elementor-element elementor-element-46c52de e-con-full e-flex e-con e-child\" data-id=\"46c52de\" data-element_type=\"container\" data-e-type=\"container\">\n\t\t\t\t<div class=\"elementor-element elementor-element-7b6000c elementor-widget elementor-widget-heading\" data-id=\"7b6000c\" data-element_type=\"widget\" data-e-type=\"widget\" data-widget_type=\"heading.default\">\n\t\t\t\t\t<h2 class=\"elementor-heading-title elementor-size-default\">33 birtingarmyndirnar og hinar sex Kannon<\/h2>\t\t\t\t<\/div>\n\t\t\t\t<div class=\"elementor-element elementor-element-7dd1d5a elementor-widget elementor-widget-text-editor\" data-id=\"7dd1d5a\" data-element_type=\"widget\" data-e-type=\"widget\" data-widget_type=\"text-editor.default\">\n\t\t\t\t\t\t\t\t\t<p>\u00abSamantamukha-parivarta\u00bb l\u00fdsir 33 \u00abg\u00e1ttum\u00bb e\u00f0a birtingarmyndum \u00fear sem Kannon kemur til m\u00f3ts vi\u00f0 verur, eftir \u00fev\u00ed hva\u00f0a mynd getur veitt \u00feeim hj\u00e1lpr\u00e6\u00f0i. \u00cd Japan var \u00feessi listi festur \u00ed helgisi\u00f0i og tengdur 33 p\u00edlagr\u00edmsst\u00f6\u00f0um Saigoku-p\u00edlagr\u00edmslei\u00f0arinnar \u00ed Kansai-h\u00e9ra\u00f0i, p\u00edlagr\u00edmshring sem hefur veri\u00f0 skjalfestur fr\u00e1 11. \u00f6ld og dregur enn \u00ed dag \u00e1rlega til s\u00edn hundru\u00f0 \u00fe\u00fasunda tr\u00faa\u00f0ra.<\/p>\n<p>Auk \u00feess \u00feekkir jap\u00f6nsk <span class=\"iwg-fachbegriff\" data-tooltip=\"Kenning um myndefni og merkingu \u00feeirra.\" tabindex=\"0\">helgimyndafr\u00e6\u00f0i<\/span> sex meginmyndir, \u00abRoku-Kannon\u00bb, sem \u00ed Shingon- og Tendai-b\u00faddisma eru hver tengd einu af sex tilverusvi\u00f0unum (helv\u00edti, hungurvofur, d\u00fdr, as\u00farar, menn, gu\u00f0ir). \u00de\u00e6r mikilv\u00e6gustu eru: Sh\u014d-Kannon (Heil\u00f6g Kannon, grunnmynd), Senju-Kannon (\u00fe\u00fasundarma), Juichimen-Kannon (ellefu-andlita), Nyoirin-Kannon (\u00f3skaperlu-hj\u00f3l), Bato-Kannon (hesthaus-Kannon, verndari d\u00fdra) og Jundei-Kannon (hreinleiki).<\/p>\t\t\t\t\t\t\t\t<\/div>\n\t\t\t\t<\/div>\n\t\t<div class=\"elementor-element elementor-element-40882cf e-con-full e-flex e-con e-child\" data-id=\"40882cf\" data-element_type=\"container\" data-e-type=\"container\">\n\t\t\t\t<div class=\"elementor-element elementor-element-6e9668a elementor-widget elementor-widget-heading\" data-id=\"6e9668a\" data-element_type=\"widget\" data-e-type=\"widget\" data-widget_type=\"heading.default\">\n\t\t\t\t\t<h2 class=\"elementor-heading-title elementor-size-default\">Helgimyndafr\u00e6\u00f0i og t\u00e1kn<\/h2>\t\t\t\t<\/div>\n\t\t\t\t<div class=\"elementor-element elementor-element-3ddc0f2 elementor-widget elementor-widget-text-editor\" data-id=\"3ddc0f2\" data-element_type=\"widget\" data-e-type=\"widget\" data-widget_type=\"text-editor.default\">\n\t\t\t\t\t\t\t\t\t<p>Algengasta japanska myndin er Senju-Kannon, \u00ab\u00fe\u00fasundarma\u00bb Kannon, sem me\u00f0 m\u00f6rgum \u00f6rmum s\u00ednum getur dregi\u00f0 verur upp \u00far fj\u00f6lbreytileika mannlegra nau\u00f0st\u00f6\u00f0va.<\/p><p>Fr\u00e6gasta h\u00f6ggmyndasafni\u00f0 stendur \u00ed Sanj\u016bsangen-d\u014d \u00ed Kyoto (<span class=\"iwg-fachbegriff\" data-tooltip=\"Bygging sem er tileinku\u00f0 tilbei\u00f0slu einnar e\u00f0a fleiri gu\u00f0a.\" tabindex=\"0\">hofi<\/span> \u00ferj\u00e1t\u00edu og \u00feriggja sala, stofna\u00f0 1164): \u00fe\u00fasund l\u00edfsst\u00f3rar Senju-Kannon-styttur \u00ed t\u00edu l\u00f6ngum r\u00f6\u00f0um, \u00ed mi\u00f0junni ellefu metra h\u00e1 sitjandi meginstytta, ger\u00f0 af myndh\u00f6ggvaranum Tankei (1254). H\u00f6ggmyndasafni\u00f0 telst eitt af merkustu s\u00f6fnum b\u00fadd\u00edsks listar \u00ed heiminum.<\/p>\n<p>Ellefu-andlita Juichimen-Kannon s\u00fdnir ellefu h\u00f6fu\u00f0 sem horfa \u00ed allar h\u00f6fu\u00f0\u00e1ttir og t\u00e1kna alsherjar miskunnsemi.<\/p><p>Fr\u00e6gasta stytta \u00feessarar ger\u00f0ar stendur \u00ed Hokke-ji \u00ed Nara (8. \u00f6ld) og er talin portrett af keisaraynjunni K\u014dmy\u014d. Nyoirin-Kannon, sitjandi me\u00f0 bogi\u00f0 f\u00f3tlegg og \u00f3skaperlu (Chint\u0101ma\u1e47i), telst til huglei\u00f0slu-\u00f6rvandi mynda og s\u00e9st oft \u00ed Shingon-hofum. Bato-Kannon me\u00f0 hesthaus-k\u00f3r\u00f3nu er eina rei\u00f0ilega mynd Kannonar og verndari hesta og b\u00faf\u00e9na\u00f0ar.<\/p>\t\t\t\t\t\t\t\t<\/div>\n\t\t\t\t<\/div>\n\t\t<div class=\"elementor-element elementor-element-0c560ce e-con-full e-flex e-con e-child\" data-id=\"0c560ce\" data-element_type=\"container\" data-e-type=\"container\">\n\t\t\t\t<div class=\"elementor-element elementor-element-b947c25 elementor-widget elementor-widget-heading\" data-id=\"b947c25\" data-element_type=\"widget\" data-e-type=\"widget\" data-widget_type=\"heading.default\">\n\t\t\t\t\t<h2 class=\"elementor-heading-title elementor-size-default\">Go\u00f0sagnir, s\u00f6gur og kraftaverk<\/h2>\t\t\t\t<\/div>\n\t\t\t\t<div class=\"elementor-element elementor-element-c57c576 elementor-widget elementor-widget-text-editor\" data-id=\"c57c576\" data-element_type=\"widget\" data-e-type=\"widget\" data-widget_type=\"text-editor.default\">\n\t\t\t\t\t\t\t\t\t<p>Japanska \u00abKonjaku Monogatari\u00bb (upphaf 12. aldar) og \u00abSamb\u014d ekotoba\u00bb (984) safna saman fj\u00f6lda kraftaverkasagna \u00fear sem Kannon birtist til a\u00f0 bjarga f\u00f3lki \u00far l\u00edfsh\u00e1ska: skipbrotsm\u00f6nnum \u00ed stormvi\u00f0ri, ofs\u00f3ttum fyrir r\u00e6ningjum, \u00feeim sem villst hafa \u00ed fj\u00f6llum, sj\u00fakum og deyjandi.<\/p><p>\u00deessi fr\u00e1sagnarhef\u00f0 m\u00f3tar enn \u00ed dag hina al\u00fe\u00fd\u00f0utr\u00faarlegu mynd af Kannon og \u00e1tti s\u00e9r hli\u00f0st\u00e6\u00f0ur \u00ed k\u00ednversku \u00abGuanyin-jing yan-ji\u00bb (safni kraftaverkasagna um Guanyin, 4. til 8. \u00f6ld).<\/p>\n<p>Vins\u00e6lasta japanska <span class=\"iwg-fachbegriff\" data-tooltip=\"Uppbyggileg saga, oftast um \u00e6vi heilagra.\" tabindex=\"0\">helgisagan<\/span> er sagan um \u201eAsakusa-Kannon\u201c: \u00e1ri\u00f0 628 er sagt a\u00f0 br\u00e6\u00f0urnir Hinokuma Hamanari og Hinokuma Takenari hafi fundi\u00f0 litla Kannon-styttu \u00ed netinu s\u00ednu vi\u00f0 fiskvei\u00f0ar \u00e1 Sumida-flj\u00f3ti. \u00dat fr\u00e1 \u00feessum fundi \u00f3x Sens\u014dji-<span class=\"iwg-fachbegriff\" data-tooltip=\"Bygging sem er helgu\u00f0 d\u00fdrkun einnar e\u00f0a fleiri gu\u00f0vera.\" tabindex=\"0\">hofi\u00f0<\/span> \u00ed Tokyo-Asakusa, sem er \u00ed dag elsta og fj\u00f6ls\u00f3ttasta <span class=\"iwg-fachbegriff\" data-tooltip=\"Bygging sem er helgu\u00f0 d\u00fdrkun einnar e\u00f0a fleiri gu\u00f0vera.\" tabindex=\"0\">hofi\u00f0<\/span> \u00ed Tokyo.<\/p>\t\t\t\t\t\t\t\t<\/div>\n\t\t\t\t<\/div>\n\t\t<div class=\"elementor-element elementor-element-c79ddb9 e-con-full e-flex e-con e-child\" data-id=\"c79ddb9\" data-element_type=\"container\" data-e-type=\"container\">\n\t\t\t\t<div class=\"elementor-element elementor-element-271c251 elementor-widget elementor-widget-heading\" data-id=\"271c251\" data-element_type=\"widget\" data-e-type=\"widget\" data-widget_type=\"heading.default\">\n\t\t\t\t\t<h2 class=\"elementor-heading-title elementor-size-default\">P\u00edlagr\u00edmalei\u00f0ir og helgista\u00f0ir<\/h2>\t\t\t\t<\/div>\n\t\t\t\t<div class=\"elementor-element elementor-element-79d8a36 elementor-widget elementor-widget-text-editor\" data-id=\"79d8a36\" data-element_type=\"widget\" data-e-type=\"widget\" data-widget_type=\"text-editor.default\">\n\t\t\t\t\t\t\t\t\t<p>\u00derj\u00e1r st\u00f3rar japanskar p\u00edlagr\u00edmalei\u00f0ir eru helga\u00f0ar Kannon: Saigoku-Sanj\u016bsansho me\u00f0 33 \u00e1fangast\u00f6\u00f0um \u00ed Kansai-h\u00e9ra\u00f0i (a\u00f0almi\u00f0st\u00f6\u00f0: Kiyomizu-dera \u00ed Kyoto), Band\u014d-Sanj\u016bsansho me\u00f0 33 \u00e1fangast\u00f6\u00f0um \u00ed Kant\u014d (a\u00f0almi\u00f0st\u00f6\u00f0: Sens\u014dji \u00ed Tokyo) og Chichibu-Sanj\u016bshisho me\u00f0 34 \u00e1fangast\u00f6\u00f0um \u00ed Saitama. Saman myndu \u00feessar lei\u00f0ir 100 Kannon-p\u00edlagr\u00edmasta\u00f0ina (\u00abHyakkasho\u00bb), en a\u00f0 lj\u00faka \u00feeim \u00f6llum telst \u00f3venjulegt tr\u00faarlegt afrek.<\/p>\n<p>Mikilv\u00e6gustu einst\u00f6ku hofin eru Kiyomizu-dera \u00ed Kyoto (798, Senju-Kannon), Sens\u014dji \u00ed Tokyo (628, Sh\u014d-Kannon), Sanj\u016bsangen-d\u014d (1164), Hase-dera \u00ed Kamakura (sitjandi ellefu-andlita styttan), Ishiyama-dera vi\u00f0 Biwa-vatn (Nyoirin-Kannon, \u00fear sem Murasaki Shikibu er talin hafa skrifa\u00f0 \u00abGenji-Monogatari\u00bb), og Hase-dera \u00ed Nara (ellefu-andlita styttan).<\/p><p>S\u00e9rst\u00f6\u00f0u hefur risastytta Kannon \u00ed Sendai (100 metra h\u00e1, 1991), sem telst me\u00f0al st\u00e6rstu B\u00fadda-stytta heims.<\/p>\t\t\t\t\t\t\t\t<\/div>\n\t\t\t\t<\/div>\n\t\t<div class=\"elementor-element elementor-element-f27a896 e-con-full e-flex e-con e-child\" data-id=\"f27a896\" data-element_type=\"container\" data-e-type=\"container\">\n\t\t\t\t<div class=\"elementor-element elementor-element-e5f2b57 elementor-widget elementor-widget-heading\" data-id=\"e5f2b57\" data-element_type=\"widget\" data-e-type=\"widget\" data-widget_type=\"heading.default\">\n\t\t\t\t\t<h2 class=\"elementor-heading-title elementor-size-default\">Tr\u00faars\u00f6guleg \u00fe\u00fd\u00f0ing og samruni tr\u00faarbrag\u00f0a<\/h2>\t\t\t\t<\/div>\n\t\t\t\t<div class=\"elementor-element elementor-element-23405a0 elementor-widget elementor-widget-text-editor\" data-id=\"23405a0\" data-element_type=\"widget\" data-e-type=\"widget\" data-widget_type=\"text-editor.default\">\n\t\t\t\t\t\t\t\t\t<p>Me\u00f0 tilkomu Hreina-lands-b\u00faddisma (J\u014ddo-sh\u016b, J\u014ddo-Shinsh\u016b) \u00e1 12. og 13. \u00f6ld tengdist Kannon n\u00e1i\u00f0 Amida (Amitabha): Kannon og Seishi (Mah\u0101sth\u0101mapr\u0101pta) eru taldir vera hinir tveir helstu fylgifiskar Amida, sem fylgja honum \u00ed \u00abRaig\u014d\u00bb (m\u00f3tt\u00f6kus\u00fdn) deyjandi manns.<\/p><p>\u00deessi \u00ferenning m\u00f3tar <span class=\"iwg-fachbegriff\" data-tooltip=\"Fr\u00e6\u00f0i um myndefni og merkingu \u00feess.\" tabindex=\"0\">helgimyndafr\u00e6\u00f0i<\/span> Raig\u014d-myndanna, sem ur\u00f0u me\u00f0al mikilv\u00e6gustu tr\u00faarlegu myndgreina \u00ed Heian- og Kamakura-b\u00faddisma.<\/p>\n<p>\u00cd honji-suijaku-hugsuninni var Kannon oft samsama\u00f0ur <span class=\"iwg-fachbegriff\" data-tooltip=\"\u00cd jap\u00f6nskum Shinto hinar d\u00fdrku\u00f0u andaverur og gu\u00f0legu m\u00e1ttarv\u00f6ld.\" tabindex=\"0\">kami<\/span>, s\u00e9rstaklega Kumano-Gongen og Hachiman \u00ed b\u00f3dh\u00edsattva-mynd sinni. \u00cd Shingon-sk\u00f3lanum tilheyrir Kannon l\u00f3tus-sv\u00e6\u00f0i Garbhadh\u0101tu-<span class=\"iwg-fachbegriff\" data-tooltip=\"Hringlaga mynd sem s\u00fdnir alheiminn \u00ed hind\u00faisma og b\u00faddisma.\" tabindex=\"0\">mandala<\/span>. \u00cd Zen-b\u00faddisma er Kannon fyrst og fremst skilinn sem huglei\u00f0sluvi\u00f0fang og t\u00e1kn hinnar \u00f3d\u00faal\u00edsku miskunnsemi; D\u014dgen tileinkar honum kaflann \u00abKannon\u00bb \u00ed \u00abSh\u014db\u014dgenz\u014d\u00bb.<\/p>\t\t\t\t\t\t\t\t<\/div>\n\t\t\t\t<\/div>\n\t\t<div class=\"elementor-element elementor-element-e00530f e-con-full e-flex e-con e-child\" data-id=\"e00530f\" data-element_type=\"container\" data-e-type=\"container\">\n\t\t\t\t<div class=\"elementor-element elementor-element-8797448 elementor-widget elementor-widget-heading\" data-id=\"8797448\" data-element_type=\"widget\" data-e-type=\"widget\" data-widget_type=\"heading.default\">\n\t\t\t\t\t<h2 class=\"elementor-heading-title elementor-size-default\">Kannon \u00ed n\u00fat\u00edma tr\u00faari\u00f0kun<\/h2>\t\t\t\t<\/div>\n\t\t\t\t<div class=\"elementor-element elementor-element-89788a2 elementor-widget elementor-widget-text-editor\" data-id=\"89788a2\" data-element_type=\"widget\" data-e-type=\"widget\" data-widget_type=\"text-editor.default\">\n\t\t\t\t\t\t\t\t\t<p>Helen Hardacre og Inken Prohl hafa s\u00fdnt fram \u00e1 a\u00f0 Kannon hefur \u00f3sliti\u00f0 haldi\u00f0 mikilv\u00e6gri st\u00f6\u00f0u \u00ed n\u00fat\u00edma japanskri tr\u00faars\u00f6gu. \u00cd \u00abMizuko-Kuy\u014d\u00bb-ath\u00f6fnum fyrir f\u00f3stureydd og andvana f\u00e6dd b\u00f6rn er Kannon algengasta \u00e1kallsveran; \u00feessi i\u00f0kun hefur brei\u00f0st miki\u00f0 \u00fat fr\u00e1 1970 og hefur veri\u00f0 miki\u00f0 til umr\u00e6\u00f0u \u00ed fr\u00e6\u00f0unum (William LaFleur, \u00abLiquid Life\u00bb, 1992).<\/p><p>\u00cd hreyfingu \u201eN\u00fdju tr\u00faarbrag\u00f0anna\u201c (Reiy\u016b-kai, Rissh\u014d K\u014dsei-kai, S\u014dka Gakkai) er L\u00f3tus-<span class=\"iwg-fachbegriff\" data-tooltip=\"\u00cd hind\u00faisma og b\u00faddisma stuttur tr\u00faarlegur kennslutexti.\" tabindex=\"0\">s\u00fatran<\/span> og \u00fear me\u00f0 Kannon-kaflinn \u00e1fram mikilv\u00e6g.<\/p>\t\t\t\t\t\t\t\t<\/div>\n\t\t\t\t<\/div>\n\t\t<div class=\"elementor-element elementor-element-600fd6d e-con-full e-flex e-con e-child\" data-id=\"600fd6d\" data-element_type=\"container\" data-e-type=\"container\">\n\t\t\t\t<div class=\"elementor-element elementor-element-78400ef elementor-widget elementor-widget-heading\" data-id=\"78400ef\" data-element_type=\"widget\" data-e-type=\"widget\" data-widget_type=\"heading.default\">\n\t\t\t\t\t<h2 class=\"elementor-heading-title elementor-size-default\">Krossv\u00edsanir<\/h2>\t\t\t\t<\/div>\n\t\t\t\t<div class=\"elementor-element elementor-element-ff481ed elementor-widget elementor-widget-text-editor\" data-id=\"ff481ed\" data-element_type=\"widget\" data-e-type=\"widget\" data-widget_type=\"text-editor.default\">\n\t\t\t\t\t\t\t\t\t<p>\u00cd samanbur\u00f0i tr\u00faarbrag\u00f0a er Kannon oft l\u00edkt vi\u00f0 Mar\u00edu; \u00ed Nagasaki eru til \u201eMaria-Kannon\u201c, madonnumyndir \u00ed Kannon-mynd, sem voru d\u00fdrka\u00f0ar \u00ed leyni sem Mar\u00edur \u00e1 t\u00edmum kristind\u00f3msofs\u00f3kna (16. til 19. \u00f6ld).<\/p><p>\u00cd indverskum b\u00faddisma er t\u00edbetska Tara n\u00e1i\u00f0 tengd Avalokite\u015bvara og talin kvenkyns fylgivera hans. \u00cd t\u00edbeskri hef\u00f0 er Dalai Lama holdgervingur Avalokite\u015bvara.<\/p>\t\t\t\t\t\t\t\t<\/div>\n\t\t\t\t<\/div>\n\t\t<div class=\"elementor-element elementor-element-a21fb94 e-con-full e-flex e-con e-child\" data-id=\"a21fb94\" data-element_type=\"container\" data-e-type=\"container\">\n\t\t\t\t<div class=\"elementor-element elementor-element-deec4c2 elementor-widget elementor-widget-heading\" data-id=\"deec4c2\" data-element_type=\"widget\" data-e-type=\"widget\" data-widget_type=\"heading.default\">\n\t\t\t\t\t<h2 class=\"elementor-heading-title elementor-size-default\">Heimildir<\/h2>\t\t\t\t<\/div>\n\t\t\t\t<div class=\"elementor-element elementor-element-fc0b67e elementor-widget elementor-widget-text-editor\" data-id=\"fc0b67e\" data-element_type=\"widget\" data-e-type=\"widget\" data-widget_type=\"text-editor.default\">\n\t\t\t\t\t\t\t\t\t<div data-nosnippet=\"true\"><p>\u00abSaddharma-Pundarika-<span class=\"iwg-fachbegriff\" data-tooltip=\"\u00cd hind\u00faisma og b\u00faddisma stuttur tr\u00faarlegur kennslutexti.\" tabindex=\"0\">s\u00fatra<\/span>\u00bb (L\u00f3tus-<span class=\"iwg-fachbegriff\" data-tooltip=\"\u00cd hind\u00faisma og b\u00faddisma stuttur tr\u00faarlegur kennslutexti.\" tabindex=\"0\">s\u00fatra<\/span>), 25. kafli, \u00fe\u00fdsk \u00fe\u00fd\u00f0ing eftir Margareta von Borsig, Freiburg 2009. \u00abSukh\u0101vat\u012b-vy\u016bha\u00bb (1. til 2. \u00f6ld). \u00abKannongy\u014d\u00bb, sj\u00e1lfst\u00e6\u00f0 hef\u00f0 25. L\u00f3tus-kaflans. \u00abKonjaku Monogatari\u00bb (upphaf 12. aldar), \u00fe\u00fd\u00f0ing Marian Ury, Berkeley 1979. \u00abSamb\u014d ekotoba\u00bb (984). D\u014dgen, \u00abSh\u014db\u014dgenz\u014d\u00bb, kaflinn \u00abKannon\u00bb, \u00fe\u00fd\u00f0ing Gudo Wafu Nishijima.<\/p>\n<p>Ch\u00fcn-fang Y\u00fc, \u00abKuan-yin. The Chinese Transformation of Avalokite\u015bvara\u00bb, New York 2001. William LaFleur, \u00abLiquid Life.<\/p><p>Abortion and Buddhism in Japan\u00bb, Princeton 1992. Joseph Kitagawa, \u00abReligion in Japanese History\u00bb, New York 1966. Helen Hardacre, \u00ab<span class=\"iwg-fachbegriff\" data-tooltip=\"Frumbyggjatr\u00faarbr\u00f6g\u00f0 Japans, m\u00f3tu\u00f0 af d\u00fdrkun kami.\" tabindex=\"0\">Shinto<\/span>. A History\u00bb, Oxford 2017. Inken Prohl, \u00abReligi\u00f6se Innovationen\u00bb, Berlin 2006. Klaus Vollmer, \u00abShint\u00f4 und Buddhismus\u00bb, M\u00fcnchen 2002. Bernhard Scheid, \u00abReligion-in-Japan\u00bb, Wien laufend.<\/p><p>John Holt, \u00abBuddha in the Crown. Avalokite\u015bvara in the Buddhist Traditions of Sri Lanka\u00bb, New York 1991.<\/p><\/div>\t\t\t\t\t\t\t\t<\/div>\n\t\t\t\t<\/div>\n\t\t<div class=\"elementor-element elementor-element-4b1da94 e-con-full e-flex e-con e-child\" data-id=\"4b1da94\" data-element_type=\"container\" data-e-type=\"container\">\n\t\t\t\t<div class=\"elementor-element elementor-element-08247a9 elementor-widget elementor-widget-heading\" data-id=\"08247a9\" data-element_type=\"widget\" data-e-type=\"widget\" data-widget_type=\"heading.default\">\n\t\t\t\t\t<h2 class=\"elementor-heading-title elementor-size-default\">Avalokite\u015bvara \u00e1 Indlandi og \u00ed T\u00edbet<\/h2>\t\t\t\t<\/div>\n\t\t\t\t<div class=\"elementor-element elementor-element-8d6d4ef elementor-widget elementor-widget-text-editor\" data-id=\"8d6d4ef\" data-element_type=\"widget\" data-e-type=\"widget\" data-widget_type=\"text-editor.default\">\n\t\t\t\t\t\t\t\t\t<p>Uppruni Avalokite\u015bvara m\u00e1 rekja til indversks Mahayana-b\u00faddisma \u00e1 fyrstu til \u00feri\u00f0ju \u00f6ld eftir Krist. \u00cd frumtextum Hreinlands-b\u00faddismans (Sukh\u0101vat\u012b-vy\u016bha) kemur hann fram sem einn af h\u00f6fu\u00f0a\u00f0sto\u00f0arm\u00f6nnum B\u00fadda Amitabha, \u00e1samt Mah\u0101sth\u0101mapr\u0101pta.<\/p><p>\u00cd \u00abK\u0101ra\u1e47\u1e0da-vy\u016bha-<span class=\"iwg-fachbegriff\" data-tooltip=\"\u00cd hind\u00faisma og b\u00faddisma stuttur tr\u00faarlegur texti.\" tabindex=\"0\">s\u00fatra<\/span>\u00bb (4. \u00f6ld) er hann hafinn upp \u00ed sj\u00e1lfst\u00e6\u00f0a, alheimslega frelsarapers\u00f3nu, en <span class=\"iwg-fachbegriff\" data-tooltip=\"Heilagt or\u00f0 e\u00f0a form\u00fala sem endurteki\u00f0 er \u00ed hind\u00faisma og b\u00faddisma.\" tabindex=\"0\">mantra<\/span> hans, \u00abO\u1e43 ma\u1e47i padme h\u016b\u1e43\u00bb, er enn \u00feann dag \u00ed dag \u00fatbreiddasta <span class=\"iwg-fachbegriff\" data-tooltip=\"Heilagt or\u00f0 e\u00f0a form\u00fala sem endurteki\u00f0 er \u00ed hind\u00faisma og b\u00faddisma.\" tabindex=\"0\">mantra<\/span> t\u00edbetsks b\u00faddisma. \u00c1 \u00feessu skei\u00f0i kom fram fj\u00f6lbreytni \u00ed myndger\u00f0, me\u00f0al annars tveggja-, fj\u00f6gurra- og \u00fe\u00fasundarma \u00fatg\u00e1fur, og barst \u00feessi hugmynd s\u00ed\u00f0an til Mi\u00f0-As\u00edu, K\u00edna og a\u00f0 lokum Japans.<\/p>\n<p>\u00cd t\u00edbetskum b\u00faddisma er Avalokite\u015bvara, \u00feekktur sem Chenr\u00e9zig, verndard\u00fdrlingur T\u00edbets og talinn hinn mi\u00f0l\u00e6gi b\u00f3dh\u00edsattva landsins. Dalai Lamarnir eru samkv\u00e6mt hef\u00f0 taldir vera endurholdgun Chenr\u00e9zigs.<\/p><p>John Holt (\u00abBuddha in the Crown\u00bb, 1991) og Lokesh Chandra hafa bori\u00f0 saman og endurgert \u00fer\u00f3unars\u00f6gu Avalokite\u015bvara \u00fevert \u00e1 b\u00fadd\u00edskar menningarheima. Japanska myndin Kannon er samkv\u00e6mt \u00feessu afrakstur meira en \u00fe\u00fasund \u00e1ra fer\u00f0alags \u00feessarar gu\u00f0shugmyndar fr\u00e1 Nor\u00f0ur-Indlandi, um Mi\u00f0-As\u00edu og K\u00edna, til Japans.<\/p>\t\t\t\t\t\t\t\t<\/div>\n\t\t\t\t<\/div>\n\t\t<div class=\"elementor-element elementor-element-aadf113 e-con-full e-flex e-con e-child\" data-id=\"aadf113\" data-element_type=\"container\" data-e-type=\"container\">\n\t\t\t\t<div class=\"elementor-element elementor-element-600df7f elementor-widget elementor-widget-heading\" data-id=\"600df7f\" data-element_type=\"widget\" data-e-type=\"widget\" data-widget_type=\"heading.default\">\n\t\t\t\t\t<h2 class=\"elementor-heading-title elementor-size-default\">Fyrsta upptaka \u00ed Japan<\/h2>\t\t\t\t<\/div>\n\t\t\t\t<div class=\"elementor-element elementor-element-b879610 elementor-widget elementor-widget-text-editor\" data-id=\"b879610\" data-element_type=\"widget\" data-e-type=\"widget\" data-widget_type=\"text-editor.default\">\n\t\t\t\t\t\t\t\t\t<p>Fyrstu Kannon-myndverkin \u00ed Japan eru fr\u00e1 Asuka-t\u00edmabilinu (6. til 7. \u00f6ld). Hin fr\u00e6ga Kudara-Kannon \u00ed H\u014dry\u016b-ji (fr\u00e1 upphafi 7. aldar) er gr\u00f6nn, n\u00e6r yfirn\u00e1tt\u00farulega h\u00e1 tr\u00e9stytta \u00ed k\u00f3resk-paekche-hef\u00f0 og telst me\u00f0al elstu var\u00f0veittu b\u00fadd\u00edskra sk\u00falpt\u00fara Japans.<\/p><p>Yumedono-Kannon, leyndarstytta einnig \u00ed H\u014dry\u016b-ji, var haldi\u00f0 hulinni um aldir og var ekki ger\u00f0 aftur a\u00f0gengileg fyrr en \u00e1ri\u00f0 1884 af Ernest Fenollosa og Okakura Tenshin. \u00deessar fornu styttur s\u00fdna hversu mikil \u00fe\u00fd\u00f0ing Kannon-d\u00fdrkunar var \u00feegar \u00e1 fyrstu skei\u00f0um japansks b\u00faddisma.<\/p>\n<p>\u00c1 Nara-t\u00edmabilinu (710 til 794) var\u00f0 Kannon a\u00f0alpers\u00f3na T\u014ddai-ji-samst\u00e6\u00f0unnar og margra annarra r\u00edkismusteris. Hin risavaxna \u00feurrl\u00f6kkstytta af \u00fe\u00fasundarma Kannon \u00ed T\u014dsh\u014ddai-ji, sem k\u00ednverski munkurinn Ganjin og verkst\u00e6\u00f0i hans sk\u00f6pu\u00f0u \u00e1 8. \u00f6ld, s\u00fdnir samruna k\u00ednverskrar verkst\u00e6\u00f0ishef\u00f0ar og japanskrar tileinkunar.<\/p><p>Heian-t\u00edmabili\u00f0 haf\u00f0i \u00ed f\u00f6r me\u00f0 s\u00e9r frekari sundurgreiningu Kannon-go\u00f0heims samhli\u00f0a uppgangi Tendai og Shingon-sk\u00f3lanna, \u00fear sem hinar sex Roku-Kannon myndir voru skipulag\u00f0ar innan helgisi\u00f0anna.<\/p>\t\t\t\t\t\t\t\t<\/div>\n\t\t\t\t<\/div>\n\t\t<div class=\"elementor-element elementor-element-6aa0b83 e-con-full e-flex e-con e-child\" data-id=\"6aa0b83\" data-element_type=\"container\" data-e-type=\"container\">\n\t\t\t\t<div class=\"elementor-element elementor-element-8893eb6 elementor-widget elementor-widget-heading\" data-id=\"8893eb6\" data-element_type=\"widget\" data-e-type=\"widget\" data-widget_type=\"heading.default\">\n\t\t\t\t\t<h2 class=\"elementor-heading-title elementor-size-default\">Sanj\u016bsangen-d\u014d og verkst\u00e6\u00f0ishef\u00f0in<\/h2>\t\t\t\t<\/div>\n\t\t\t\t<div class=\"elementor-element elementor-element-22de21e elementor-widget elementor-widget-text-editor\" data-id=\"22de21e\" data-element_type=\"widget\" data-e-type=\"widget\" data-widget_type=\"text-editor.default\">\n\t\t\t\t\t\t\t\t\t<p>Sanj\u016bsangen-d\u014d (\u00abH\u00f6ll \u00ferj\u00e1t\u00edu og \u00feriggja sala\u00bb) \u00ed Kyoto, stofnu\u00f0 1164 af Taira no Kiyomori a\u00f0 skipun keisarans Goshirakawa, h\u00fdsir st\u00e6rsta var\u00f0veitta Kannon-safn Japans: \u00fe\u00fasund l\u00edfsst\u00e6r\u00f0ar Senju-Kannon styttur \u00ed t\u00edu l\u00f6ngum r\u00f6\u00f0um, ellefu metra h\u00e1a sitjandi meginstyttu og 28 fylgistyttur verndargu\u00f0a.<\/p><p>Eftir eldsvo\u00f0a \u00e1ri\u00f0 1249 var mannvirki\u00f0 endurbyggt \u00e1 \u00e1runum 1251 til 1266, en um 124 upprunalegar styttur var\u00f0veittust og var \u00feeim komi\u00f0 fyrir \u00ed n\u00fdbyggingunni. Hinar styttur voru n\u00fdsm\u00ed\u00f0a\u00f0ar af verkst\u00e6\u00f0i sk\u00falpt\u00farmeistarans Tankei (1173 til 1256) og l\u00e6risveina hans.<\/p>\n<p>Tankei tilheyr\u00f0i Kei-sk\u00f3lanum, sem haf\u00f0i m\u00f3tandi \u00e1hrif \u00e1 japanska sk\u00falpt\u00farlist \u00e1 seinni hluta 12. og 13. aldar og n\u00e1\u00f0i st\u00edlbrag\u00f0i s\u00ednu \u00ed h\u00e6stu h\u00e6\u00f0ir \u00ed b\u00faddisma Kamakura-t\u00edmabilsins.<\/p><p>Styttur Sanj\u016bsangen-d\u014d eru ger\u00f0ar \u00far samsettu Hinoki-vi\u00f0i (\u00abyosegi-zukuri\u00bb-t\u00e6kni) og skreyttar me\u00f0 lakki, gulli og e\u00f0alsteina\u00edlagningu. \u00c1ri\u00f0 2018 voru allar \u00fe\u00fasund styttunar \u00farskur\u00f0a\u00f0ar \u00fej\u00f3\u00f0argersemar Japans, einst\u00f6k \u00e1kv\u00f6r\u00f0un \u00ed japanskri fornminjavernd.<\/p>\t\t\t\t\t\t\t\t<\/div>\n\t\t\t\t<\/div>\n\t\t<div class=\"elementor-element elementor-element-c973c8a e-con-full e-flex e-con e-child\" data-id=\"c973c8a\" data-element_type=\"container\" data-e-type=\"container\">\n\t\t\t\t<div class=\"elementor-element elementor-element-c4b8741 elementor-widget elementor-widget-heading\" data-id=\"c4b8741\" data-element_type=\"widget\" data-e-type=\"widget\" data-widget_type=\"heading.default\">\n\t\t\t\t\t<h2 class=\"elementor-heading-title elementor-size-default\">Kannon og hj\u00e1lpr\u00e6\u00f0isfr\u00e6\u00f0i kvenna<\/h2>\t\t\t\t<\/div>\n\t\t\t\t<div class=\"elementor-element elementor-element-3bf5024 elementor-widget elementor-widget-text-editor\" data-id=\"3bf5024\" data-element_type=\"widget\" data-e-type=\"widget\" data-widget_type=\"text-editor.default\">\n\t\t\t\t\t\t\t\t\t<p>Mikilv\u00e6g gu\u00f0fr\u00e6\u00f0ileg l\u00edna er d\u00fdrkun Kannon \u00ed samhengi hj\u00e1lpr\u00e6\u00f0isfr\u00e6\u00f0i kvenna \u00ed b\u00faddisma. L\u00f3tus-<span class=\"iwg-fachbegriff\" data-tooltip=\"\u00cd hind\u00faisma og b\u00faddisma stuttur tr\u00faarlegur texti.\" tabindex=\"0\">s\u00fatran<\/span> (25. kafli) heitir \u00fev\u00ed a\u00f0 Kannon veiti konum sem \u00f3ska sonar son, og konum sem \u00f3ska d\u00f3ttur d\u00f3ttur.<\/p><p>\u00deessi kafli hefur \u00ed jap\u00f6nskum \u00fej\u00f3\u00f0b\u00faddisma leitt til eigin hef\u00f0ar <span class=\"iwg-fachbegriff\" data-tooltip=\"B\u00e6nar- e\u00f0a \u00e1kallandi \u00e1varp til gu\u00f0s e\u00f0a yfirn\u00e1tt\u00farulegs m\u00e1ttar.\" tabindex=\"0\">\u00e1kalls<\/span> \u00e1 Kannon \u00ed f\u00e6\u00f0ingarm\u00e1lum. \u00abKoyasu-Kannon\u00bb (\u00abbarnaverndar-Kannon\u00bb), s\u00e9rst\u00f6k mynd me\u00f0 barn \u00ed fangi, er til \u00ed fj\u00f6lm\u00f6rgum musterum og er enn \u00feann dag \u00ed dag s\u00f3tt af v\u00e6ntandi m\u00e6\u00f0rum.<\/p>\n<p>\u00c1\u00f0urnefnd Mizuko-Kuy\u014d-<span class=\"iwg-fachbegriff\" data-tooltip=\"Fastm\u00f3tu\u00f0, endurtekin tr\u00faarleg ath\u00f6fn.\" tabindex=\"0\">helgisi\u00f0urinn<\/span> fyrir f\u00f3stureydd e\u00f0a andvana f\u00e6dd b\u00f6rn hefur brei\u00f0st miki\u00f0 \u00fat fr\u00e1 1970. Litlar styttur (\u00abJiz\u014d\u00bb e\u00f0a \u00abKannon\u00bb) eru \u00fe\u00e1 kl\u00e6ddar barnaf\u00f6tum, \u00fatb\u00fanar leikf\u00f6ngum og steinhengjum til a\u00f0 <span class=\"iwg-fachbegriff\" data-tooltip=\"Fylgjandi f\u00f6stu tr\u00faarlegu athafnaferli.\" tabindex=\"0\">helgisi\u00f0ulega<\/span> minnast barnanna sem ekki komust \u00ed heiminn.<\/p><p>William LaFleur (\u00abLiquid Life\u00bb, 1992) hefur greint \u00feessa i\u00f0kun \u00fat fr\u00e1 tr\u00faarlegri f\u00e9lagsfr\u00e6\u00f0i og bent \u00e1 s\u00e1lfr\u00e6\u00f0ilegt verndarhlutverk hennar fyrir vi\u00f0komandi fj\u00f6lskyldur.<\/p>\t\t\t\t\t\t\t\t<\/div>\n\t\t\t\t<\/div>\n\t\t<div class=\"elementor-element elementor-element-0932288 e-con-full e-flex e-con e-child\" data-id=\"0932288\" data-element_type=\"container\" data-e-type=\"container\">\n\t\t\t\t<div class=\"elementor-element elementor-element-2b7880d elementor-widget elementor-widget-heading\" data-id=\"2b7880d\" data-element_type=\"widget\" data-e-type=\"widget\" data-widget_type=\"heading.default\">\n\t\t\t\t\t<h2 class=\"elementor-heading-title elementor-size-default\">Kannon \u00ed \u00abHinum leyndu kristnu\u00bb (Kakure Kirishitan)<\/h2>\t\t\t\t<\/div>\n\t\t\t\t<div class=\"elementor-element elementor-element-f657ad5 elementor-widget elementor-widget-text-editor\" data-id=\"f657ad5\" data-element_type=\"widget\" data-e-type=\"widget\" data-widget_type=\"text-editor.default\">\n\t\t\t\t\t\t\t\t\t<p>S\u00e9rstakur tr\u00faars\u00f6gulegur fl\u00f6tur er \u00abMar\u00edu-Kannon\u00bb-hef\u00f0 \u00abKakure Kirishitan\u00bb, hinna leyndu jap\u00f6nsku kristnu manna \u00e1 ofs\u00f3knart\u00edmanum 1614 til 1873. \u00cd Nagasaki og \u00e1 n\u00e6rliggjandi eyjum (s\u00e9rstaklega Ikitsuki og Goto) var\u00f0veittu leynileg kristin samf\u00e9l\u00f6g, sem opinberlega voru skr\u00e1\u00f0 sem b\u00fadd\u00edsk fj\u00f6lskyldur, d\u00fdrkun s\u00edna \u00e1 Mar\u00edu me\u00f0 \u00fev\u00ed a\u00f0 samsama hana vi\u00f0 Kannon.<\/p><p>Litlar Kannon-styttur, oft me\u00f0 falinn kross \u00e1 bakhli\u00f0inni, voru tigna\u00f0ar sem Mar\u00edumyndir; \u00abMizuko-Kannon\u00bb-formi\u00f0 h\u00e6f\u00f0i \u00fev\u00ed einkar vel, \u00fear sem barn \u00ed fangi minnti \u00e1 Mar\u00edumyndir.<\/p>\n<p>\u00deessi hef\u00f0 var\u00f0 ekki opinber fyrr en eftir a\u00f0 banni gegn kristni var afl\u00e9tt \u00e1ri\u00f0 1873. Margar fj\u00f6lskyldur sn\u00e9ru \u00fe\u00e1 aftur til opinnar ka\u00fe\u00f3lskrar tr\u00faar, a\u00f0rar var\u00f0veittu samruna-i\u00f0kunina og h\u00e9lt Mar\u00edu-Kannon-formi\u00f0 sig. D\u00f3mkirkjan \u00ed Nagasaki og safn Kakure Kirishitan \u00ed Sotome var\u00f0veita \u00feessa s\u00e9rst\u00f6ku mynd japansk-kristinnar tr\u00faari\u00f0kunar, sem er \u00ed senn merkilegur kafli \u00ed tr\u00faars\u00f6gu Kannon.<\/p>\t\t\t\t\t\t\t\t<\/div>\n\t\t\t\t<\/div>\n\t\t<div class=\"elementor-element elementor-element-51d216d e-con-full e-flex e-con e-child\" data-id=\"51d216d\" data-element_type=\"container\" data-e-type=\"container\">\n\t\t\t\t<div class=\"elementor-element elementor-element-234b719 elementor-widget elementor-widget-heading\" data-id=\"234b719\" data-element_type=\"widget\" data-e-type=\"widget\" data-widget_type=\"heading.default\">\n\t\t\t\t\t<h2 class=\"elementor-heading-title elementor-size-default\">Kannon \u00ed samt\u00edmatr\u00faarl\u00edfi<\/h2>\t\t\t\t<\/div>\n\t\t\t\t<div class=\"elementor-element elementor-element-ef16abb elementor-widget elementor-widget-text-editor\" data-id=\"ef16abb\" data-element_type=\"widget\" data-e-type=\"widget\" data-widget_type=\"text-editor.default\">\n\t\t\t\t\t\t\t\t\t<p>Helen Hardacre og Inken Prohl hafa margsinnis bent \u00e1 a\u00f0 Kannon s\u00e9 \u00ed dag mikilv\u00e6gasta \u201ea\u00f0gengilega\u201c b\u00fadd\u00edska t\u00e1knmyndin \u00ed Japan. \u00c1 me\u00f0an <span class=\"iwg-fachbegriff\" data-tooltip=\"\u00cd indverskum tr\u00faarbr\u00f6g\u00f0um l\u00f6gm\u00e1li\u00f0 og hin r\u00e9tta skipan athafna.\" tabindex=\"0\">Dharma<\/span>-B\u00fadda (Tath\u0101gata) er \u00f3hlutbundin, fr\u00e6\u00f0ileg st\u00e6r\u00f0 sem m\u00f6rgum tilbi\u00f0jendum reynist fjarl\u00e6g, er Kannon a\u00f0gengileg \u00e1n tafar vegna myndr\u00e6nnar birtingar og \u00feeirrar tilfinningalegu hl\u00fdju sem fylgir henni sem me\u00f0aumkunarv\u00e6ttinni.<\/p><p>\u201e33 st\u00f6\u00f0va p\u00edlagr\u00edmslei\u00f0irnar\u201c upplifa vi\u00f0varandi vins\u00e6ldaraukningu, sem er ekki s\u00edst styrkt af fer\u00f0amennsku og vell\u00ed\u00f0unartengdum \u00fe\u00e1ttum, \u00e1n \u00feess a\u00f0 hi\u00f0 tr\u00faarlega innihald glatist.<\/p>\n<p>\u00cd jap\u00f6nsku \u201eN\u00fdju tr\u00faarbr\u00f6g\u00f0unum\u201c (\u201eShin Sh\u016bky\u014d\u201c), eins og Reiy\u016b-kai, Rissh\u014d K\u014dsei-kai og S\u014dka Gakkai, er L\u00f3tus-<span class=\"iwg-fachbegriff\" data-tooltip=\"\u00cd hind\u00faisma og b\u00faddisma stuttur kenningartexti.\" tabindex=\"0\">S\u00fatran<\/span> og \u00fear me\u00f0 Kannon-kaflinn \u00e1fram kjarnarit.<\/p><p>Einnig \u00ed S\u014dt\u014d-Zen- og Rinzai-Zen-hef\u00f0unum er Kannon fastm\u00f3tu\u00f0 sem \u00edhugunarvi\u00f0fang og sem <span class=\"iwg-fachbegriff\" data-tooltip=\"T\u00e1kn sem stendur \u00ed sta\u00f0inn fyrir hugmynd e\u00f0a merkingu.\" tabindex=\"0\">t\u00e1kn<\/span> hinnar tv\u00edhyggjulausu me\u00f0aumkunar. \u00cd hinum st\u00f3ru musterum Hreinlandsb\u00faddisma (s\u00e9rstaklega Chion-in \u00ed Kyoto) er Kannon \u00e1fram systur\u00edmynd Amida og m\u00f3tar helgisi\u00f0abundna framkv\u00e6md vi\u00f0 l\u00edknarme\u00f0fer\u00f0 deyjandi f\u00f3lks.<\/p>\t\t\t\t\t\t\t\t<\/div>\n\t\t\t\t<\/div>\n\t\t\t\t\t<\/div>\n\t\t\t\t<\/div>\n\t\t\t\t<\/div>\n\t\t","protected":false},"excerpt":{"rendered":"","protected":false},"author":3,"featured_media":3236,"parent":0,"menu_order":0,"comment_status":"closed","ping_status":"closed","template":"elementor_header_footer","meta":{"_yoast_wpseo_focuskw":"Kannon","_yoast_wpseo_title":"Kannon \u2013 Jap\u00f6nsk gy\u00f0ja miskunnsemi | iWell Guard","_yoast_wpseo_metadesc":"Kannon er japanska mynd bodhisattvans Avalokiteshvara, vins\u00e6lasta B\u00faddagestalt Japans: Senju-Kannon og 33 birtingarmyndir.","_yoast_wpseo_meta-robots-noindex":"","_yoast_wpseo_canonical":"","_angie_page":false,"gefaehrdungsstufe":"","wesen_kultur":"","wesen_klasse":"","footnotes":""},"categories":[],"class_list":["post-169084","page","type-page","status-publish","has-post-thumbnail","hentry"],"yoast_head":"<!-- This site is optimized with the Yoast SEO Premium plugin v27.7 (Yoast SEO v28.3) - https:\/\/yoast.com\/product\/yoast-seo-premium-wordpress\/ -->\n<title>Kannon \u2013 Jap\u00f6nsk gy\u00f0ja miskunnsemi | iWell Guard<\/title>\n<meta name=\"description\" content=\"Kannon er japanska mynd bodhisattvans Avalokiteshvara, vins\u00e6lasta B\u00faddagestalt Japans: Senju-Kannon og 33 birtingarmyndir.\" \/>\n<meta name=\"robots\" content=\"index, follow, max-snippet:-1, max-image-preview:large, max-video-preview:-1\" \/>\n<link rel=\"canonical\" href=\"https:\/\/iwell-guard.com\/is\/kannon\/\" \/>\n<meta property=\"og:locale\" content=\"is_IS\" \/>\n<meta property=\"og:type\" content=\"article\" \/>\n<meta property=\"og:title\" content=\"Kannon\" \/>\n<meta property=\"og:description\" content=\"Kannon er japanska mynd bodhisattvans Avalokiteshvara, vins\u00e6lasta B\u00faddagestalt Japans: Senju-Kannon og 33 birtingarmyndir.\" \/>\n<meta property=\"og:url\" content=\"https:\/\/iwell-guard.com\/is\/kannon\/\" \/>\n<meta property=\"og:site_name\" content=\"iWell Guard\" \/>\n<meta property=\"article:modified_time\" content=\"2026-09-05T14:31:52+00:00\" \/>\n<meta property=\"og:image\" content=\"https:\/\/iwell-guard.com\/wp-content\/uploads\/2026\/05\/goetter_japan_kannon.webp\" \/>\n\t<meta property=\"og:image:width\" content=\"1024\" \/>\n\t<meta property=\"og:image:height\" content=\"1536\" \/>\n\t<meta property=\"og:image:type\" content=\"image\/webp\" \/>\n<meta name=\"twitter:card\" content=\"summary_large_image\" \/>\n<script type=\"application\/ld+json\" class=\"yoast-schema-graph\">{\"@context\":\"https:\\\/\\\/schema.org\",\"@graph\":[{\"@type\":\"WebPage\",\"@id\":\"https:\\\/\\\/iwell-guard.com\\\/is\\\/kannon\\\/\",\"url\":\"https:\\\/\\\/iwell-guard.com\\\/is\\\/kannon\\\/\",\"name\":\"Kannon \u2013 Jap\u00f6nsk gy\u00f0ja miskunnsemi | iWell Guard\",\"isPartOf\":{\"@id\":\"https:\\\/\\\/iwell-guard.com\\\/is\\\/#website\"},\"primaryImageOfPage\":{\"@id\":\"https:\\\/\\\/iwell-guard.com\\\/is\\\/kannon\\\/#primaryimage\"},\"image\":{\"@id\":\"https:\\\/\\\/iwell-guard.com\\\/is\\\/kannon\\\/#primaryimage\"},\"thumbnailUrl\":\"https:\\\/\\\/iwell-guard.com\\\/wp-content\\\/uploads\\\/2026\\\/05\\\/goetter_japan_kannon.webp\",\"datePublished\":\"2026-09-05T14:05:26+00:00\",\"dateModified\":\"2026-09-05T14:31:52+00:00\",\"description\":\"Kannon er japanska mynd bodhisattvans Avalokiteshvara, vins\u00e6lasta B\u00faddagestalt Japans: Senju-Kannon og 33 birtingarmyndir.\",\"breadcrumb\":{\"@id\":\"https:\\\/\\\/iwell-guard.com\\\/is\\\/kannon\\\/#breadcrumb\"},\"inLanguage\":\"is\",\"potentialAction\":[{\"@type\":\"ReadAction\",\"target\":[\"https:\\\/\\\/iwell-guard.com\\\/is\\\/kannon\\\/\"]}]},{\"@type\":\"ImageObject\",\"inLanguage\":\"is\",\"@id\":\"https:\\\/\\\/iwell-guard.com\\\/is\\\/kannon\\\/#primaryimage\",\"url\":\"https:\\\/\\\/iwell-guard.com\\\/wp-content\\\/uploads\\\/2026\\\/05\\\/goetter_japan_kannon.webp\",\"contentUrl\":\"https:\\\/\\\/iwell-guard.com\\\/wp-content\\\/uploads\\\/2026\\\/05\\\/goetter_japan_kannon.webp\",\"width\":1024,\"height\":1536,\"caption\":\"Gu\u00f0ir \u00far japanskri hef\u00f0.\"},{\"@type\":\"BreadcrumbList\",\"@id\":\"https:\\\/\\\/iwell-guard.com\\\/is\\\/kannon\\\/#breadcrumb\",\"itemListElement\":[{\"@type\":\"ListItem\",\"position\":1,\"name\":\"Start\",\"item\":\"https:\\\/\\\/iwell-guard.com\\\/is\\\/?page_id=168580\"},{\"@type\":\"ListItem\",\"position\":2,\"name\":\"Kannon\"}]},{\"@type\":\"WebSite\",\"@id\":\"https:\\\/\\\/iwell-guard.com\\\/is\\\/#website\",\"url\":\"https:\\\/\\\/iwell-guard.com\\\/is\\\/\",\"name\":\"iWell Guard\",\"description\":\"Schutz vor dunklen Einfl\u00fcssen\",\"publisher\":{\"@id\":\"https:\\\/\\\/iwell-guard.com\\\/is\\\/#organization\"},\"potentialAction\":[{\"@type\":\"SearchAction\",\"target\":{\"@type\":\"EntryPoint\",\"urlTemplate\":\"https:\\\/\\\/iwell-guard.com\\\/is\\\/?s={search_term_string}\"},\"query-input\":{\"@type\":\"PropertyValueSpecification\",\"valueRequired\":true,\"valueName\":\"search_term_string\"}}],\"inLanguage\":\"is\"},{\"@type\":\"Organization\",\"@id\":\"https:\\\/\\\/iwell-guard.com\\\/is\\\/#organization\",\"name\":\"Ittermann electronic GmbH\",\"url\":\"https:\\\/\\\/iwell-guard.com\\\/is\\\/\",\"logo\":{\"@type\":\"ImageObject\",\"inLanguage\":\"is\",\"@id\":\"https:\\\/\\\/iwell-guard.com\\\/is\\\/#\\\/schema\\\/logo\\\/image\\\/\",\"url\":\"https:\\\/\\\/iwell-guard.com\\\/wp-content\\\/uploads\\\/2026\\\/05\\\/Ittermann-Logo-1182x237-1.png\",\"contentUrl\":\"https:\\\/\\\/iwell-guard.com\\\/wp-content\\\/uploads\\\/2026\\\/05\\\/Ittermann-Logo-1182x237-1.png\",\"width\":1182,\"height\":237,\"caption\":\"Ittermann electronic GmbH\"},\"image\":{\"@id\":\"https:\\\/\\\/iwell-guard.com\\\/is\\\/#\\\/schema\\\/logo\\\/image\\\/\"},\"sameAs\":[\"https:\\\/\\\/pantip.com\\\/profile\\\/9367242\",\"https:\\\/\\\/micro.blog\\\/iwellguard\",\"https:\\\/\\\/www.diggerslist.com\\\/iwellguard\\\/about\",\"https:\\\/\\\/skitterphoto.com\\\/photographers\\\/2870314\\\/iwell-guard\",\"https:\\\/\\\/iwellguard.wordpress.com\\\/2026\\\/06\\\/06\\\/iwell-guard\\\/\",\"https:\\\/\\\/hub.docker.com\\\/u\\\/iwellguard\",\"https:\\\/\\\/www.pinterest.com\\\/iwellguard\\\/\",\"https:\\\/\\\/bit.ly\\\/m\\\/iwellguard\",\"https:\\\/\\\/entre-vos-mains.alsace.eu\\\/profiles\\\/iwellguard\\\/activity\",\"https:\\\/\\\/gravatar.com\\\/reallybeded8fd34\",\"https:\\\/\\\/naijamatta.com\\\/iwellguard\",\"https:\\\/\\\/www.goodreads.com\\\/iwellguard\",\"https:\\\/\\\/profile.hatena.ne.jp\\\/iwellguard\\\/\",\"https:\\\/\\\/experiment.com\\\/users\\\/iwellguard\",\"https:\\\/\\\/wakelet.com\\\/@iWellGuard82270\",\"https:\\\/\\\/www.chordie.com\\\/forum\\\/profile.php?id=2555664\",\"https:\\\/\\\/www.instapaper.com\\\/p\\\/17757966\",\"https:\\\/\\\/www.mapleprimes.com\\\/users\\\/iwellguard\",\"https:\\\/\\\/businesslistingplus.com\\\/profile\\\/iwell-guard\\\/\",\"https:\\\/\\\/telegra.ph\\\/iWell-Guard-06-06\",\"https:\\\/\\\/pbase.com\\\/iwellguard\\\/iwellguard\",\"https:\\\/\\\/b.hatena.ne.jp\\\/iwellguard\\\/20260607#bookmark-4788405196491818882\",\"https:\\\/\\\/fliphtml5.com\\\/home\\\/iwellguard\",\"https:\\\/\\\/anyflip.com\\\/homepage\\\/cmiwl#About\",\"https:\\\/\\\/transfur.com\\\/Users\\\/iwellguard\",\"http:\\\/\\\/delphi.larsbo.org\\\/user\\\/iwellguard\",\"https:\\\/\\\/jobs.lajobsportal.org\\\/profiles\\\/8380803-iwell-guard\",\"https:\\\/\\\/md.chaosdorf.de\\\/s\\\/jfbe5SBdJD\",\"https:\\\/\\\/www.lingvolive.com\\\/en-us\\\/profile\\\/9ecaeaca-ce11-4e51-9e71-01d55e2bff36\\\/translations\",\"https:\\\/\\\/www.fitday.com\\\/fitness\\\/forums\\\/members\\\/iwellguard.html\",\"https:\\\/\\\/www.mymeetbook.com\\\/iwellguard\",\"https:\\\/\\\/pxhere.com\\\/en\\\/photographer-me\\\/5040798\",\"https:\\\/\\\/disqus.com\\\/by\\\/iwellguard\\\/about\\\/\",\"https:\\\/\\\/pastelink.net\\\/hjwciqwq\",\"https:\\\/\\\/pubhtml5.com\\\/homepage\\\/scjhn\\\/\",\"https:\\\/\\\/www.bitchute.com\\\/channel\\\/2O2eOKzNqujT\",\"https:\\\/\\\/audiomack.com\\\/iwellguard\"]}]}<\/script>\n<!-- \/ Yoast SEO Premium plugin. -->","yoast_head_json":{"title":"Kannon \u2013 Jap\u00f6nsk gy\u00f0ja miskunnsemi | iWell Guard","description":"Kannon er japanska mynd bodhisattvans Avalokiteshvara, vins\u00e6lasta B\u00faddagestalt Japans: Senju-Kannon og 33 birtingarmyndir.","robots":{"index":"index","follow":"follow","max-snippet":"max-snippet:-1","max-image-preview":"max-image-preview:large","max-video-preview":"max-video-preview:-1"},"canonical":"https:\/\/iwell-guard.com\/is\/kannon\/","og_locale":"is_IS","og_type":"article","og_title":"Kannon","og_description":"Kannon er japanska mynd bodhisattvans Avalokiteshvara, vins\u00e6lasta B\u00faddagestalt Japans: Senju-Kannon og 33 birtingarmyndir.","og_url":"https:\/\/iwell-guard.com\/is\/kannon\/","og_site_name":"iWell Guard","article_modified_time":"2026-09-05T14:31:52+00:00","og_image":[{"width":1024,"height":1536,"url":"https:\/\/iwell-guard.com\/wp-content\/uploads\/2026\/05\/goetter_japan_kannon.webp","type":"image\/webp"}],"twitter_card":"summary_large_image","schema":{"@context":"https:\/\/schema.org","@graph":[{"@type":"WebPage","@id":"https:\/\/iwell-guard.com\/is\/kannon\/","url":"https:\/\/iwell-guard.com\/is\/kannon\/","name":"Kannon \u2013 Jap\u00f6nsk gy\u00f0ja miskunnsemi | iWell Guard","isPartOf":{"@id":"https:\/\/iwell-guard.com\/is\/#website"},"primaryImageOfPage":{"@id":"https:\/\/iwell-guard.com\/is\/kannon\/#primaryimage"},"image":{"@id":"https:\/\/iwell-guard.com\/is\/kannon\/#primaryimage"},"thumbnailUrl":"https:\/\/iwell-guard.com\/wp-content\/uploads\/2026\/05\/goetter_japan_kannon.webp","datePublished":"2026-09-05T14:05:26+00:00","dateModified":"2026-09-05T14:31:52+00:00","description":"Kannon er japanska mynd bodhisattvans Avalokiteshvara, vins\u00e6lasta B\u00faddagestalt Japans: Senju-Kannon og 33 birtingarmyndir.","breadcrumb":{"@id":"https:\/\/iwell-guard.com\/is\/kannon\/#breadcrumb"},"inLanguage":"is","potentialAction":[{"@type":"ReadAction","target":["https:\/\/iwell-guard.com\/is\/kannon\/"]}]},{"@type":"ImageObject","inLanguage":"is","@id":"https:\/\/iwell-guard.com\/is\/kannon\/#primaryimage","url":"https:\/\/iwell-guard.com\/wp-content\/uploads\/2026\/05\/goetter_japan_kannon.webp","contentUrl":"https:\/\/iwell-guard.com\/wp-content\/uploads\/2026\/05\/goetter_japan_kannon.webp","width":1024,"height":1536,"caption":"Gu\u00f0ir \u00far japanskri hef\u00f0."},{"@type":"BreadcrumbList","@id":"https:\/\/iwell-guard.com\/is\/kannon\/#breadcrumb","itemListElement":[{"@type":"ListItem","position":1,"name":"Start","item":"https:\/\/iwell-guard.com\/is\/?page_id=168580"},{"@type":"ListItem","position":2,"name":"Kannon"}]},{"@type":"WebSite","@id":"https:\/\/iwell-guard.com\/is\/#website","url":"https:\/\/iwell-guard.com\/is\/","name":"iWell Guard","description":"Schutz vor dunklen Einfl\u00fcssen","publisher":{"@id":"https:\/\/iwell-guard.com\/is\/#organization"},"potentialAction":[{"@type":"SearchAction","target":{"@type":"EntryPoint","urlTemplate":"https:\/\/iwell-guard.com\/is\/?s={search_term_string}"},"query-input":{"@type":"PropertyValueSpecification","valueRequired":true,"valueName":"search_term_string"}}],"inLanguage":"is"},{"@type":"Organization","@id":"https:\/\/iwell-guard.com\/is\/#organization","name":"Ittermann electronic GmbH","url":"https:\/\/iwell-guard.com\/is\/","logo":{"@type":"ImageObject","inLanguage":"is","@id":"https:\/\/iwell-guard.com\/is\/#\/schema\/logo\/image\/","url":"https:\/\/iwell-guard.com\/wp-content\/uploads\/2026\/05\/Ittermann-Logo-1182x237-1.png","contentUrl":"https:\/\/iwell-guard.com\/wp-content\/uploads\/2026\/05\/Ittermann-Logo-1182x237-1.png","width":1182,"height":237,"caption":"Ittermann electronic GmbH"},"image":{"@id":"https:\/\/iwell-guard.com\/is\/#\/schema\/logo\/image\/"},"sameAs":["https:\/\/pantip.com\/profile\/9367242","https:\/\/micro.blog\/iwellguard","https:\/\/www.diggerslist.com\/iwellguard\/about","https:\/\/skitterphoto.com\/photographers\/2870314\/iwell-guard","https:\/\/iwellguard.wordpress.com\/2026\/06\/06\/iwell-guard\/","https:\/\/hub.docker.com\/u\/iwellguard","https:\/\/www.pinterest.com\/iwellguard\/","https:\/\/bit.ly\/m\/iwellguard","https:\/\/entre-vos-mains.alsace.eu\/profiles\/iwellguard\/activity","https:\/\/gravatar.com\/reallybeded8fd34","https:\/\/naijamatta.com\/iwellguard","https:\/\/www.goodreads.com\/iwellguard","https:\/\/profile.hatena.ne.jp\/iwellguard\/","https:\/\/experiment.com\/users\/iwellguard","https:\/\/wakelet.com\/@iWellGuard82270","https:\/\/www.chordie.com\/forum\/profile.php?id=2555664","https:\/\/www.instapaper.com\/p\/17757966","https:\/\/www.mapleprimes.com\/users\/iwellguard","https:\/\/businesslistingplus.com\/profile\/iwell-guard\/","https:\/\/telegra.ph\/iWell-Guard-06-06","https:\/\/pbase.com\/iwellguard\/iwellguard","https:\/\/b.hatena.ne.jp\/iwellguard\/20260607#bookmark-4788405196491818882","https:\/\/fliphtml5.com\/home\/iwellguard","https:\/\/anyflip.com\/homepage\/cmiwl#About","https:\/\/transfur.com\/Users\/iwellguard","http:\/\/delphi.larsbo.org\/user\/iwellguard","https:\/\/jobs.lajobsportal.org\/profiles\/8380803-iwell-guard","https:\/\/md.chaosdorf.de\/s\/jfbe5SBdJD","https:\/\/www.lingvolive.com\/en-us\/profile\/9ecaeaca-ce11-4e51-9e71-01d55e2bff36\/translations","https:\/\/www.fitday.com\/fitness\/forums\/members\/iwellguard.html","https:\/\/www.mymeetbook.com\/iwellguard","https:\/\/pxhere.com\/en\/photographer-me\/5040798","https:\/\/disqus.com\/by\/iwellguard\/about\/","https:\/\/pastelink.net\/hjwciqwq","https:\/\/pubhtml5.com\/homepage\/scjhn\/","https:\/\/www.bitchute.com\/channel\/2O2eOKzNqujT","https:\/\/audiomack.com\/iwellguard"]}]}},"_links":{"self":[{"href":"https:\/\/iwell-guard.com\/is\/wp-json\/wp\/v2\/pages\/169084","targetHints":{"allow":["GET"]}}],"collection":[{"href":"https:\/\/iwell-guard.com\/is\/wp-json\/wp\/v2\/pages"}],"about":[{"href":"https:\/\/iwell-guard.com\/is\/wp-json\/wp\/v2\/types\/page"}],"author":[{"embeddable":true,"href":"https:\/\/iwell-guard.com\/is\/wp-json\/wp\/v2\/users\/3"}],"replies":[{"embeddable":true,"href":"https:\/\/iwell-guard.com\/is\/wp-json\/wp\/v2\/comments?post=169084"}],"version-history":[{"count":0,"href":"https:\/\/iwell-guard.com\/is\/wp-json\/wp\/v2\/pages\/169084\/revisions"}],"wp:featuredmedia":[{"embeddable":true,"href":"https:\/\/iwell-guard.com\/is\/wp-json\/wp\/v2\/media\/3236"}],"wp:attachment":[{"href":"https:\/\/iwell-guard.com\/is\/wp-json\/wp\/v2\/media?parent=169084"}],"wp:term":[{"taxonomy":"category","embeddable":true,"href":"https:\/\/iwell-guard.com\/is\/wp-json\/wp\/v2\/categories?post=169084"}],"curies":[{"name":"wp","href":"https:\/\/api.w.org\/{rel}","templated":true}]}}