{"id":169081,"date":"2026-09-05T14:05:25","date_gmt":"2026-09-05T14:05:25","guid":{"rendered":"https:\/\/iwell-guard.com\/?page_id=169081"},"modified":"2026-09-05T14:31:47","modified_gmt":"2026-09-05T14:31:47","slug":"ea","status":"publish","type":"page","link":"https:\/\/iwell-guard.com\/is\/ea\/","title":{"rendered":"Ea"},"content":{"rendered":"\t\t<div data-elementor-type=\"wp-page\" data-elementor-id=\"169081\" class=\"elementor elementor-169081 elementor-3022 elementor-bc-flex-widget\" data-elementor-post-type=\"page\">\n\t\t\t\t<div class=\"elementor-element elementor-element-e12ffee e-flex e-con-boxed e-con e-parent\" data-id=\"e12ffee\" data-element_type=\"container\" data-e-type=\"container\" data-settings=\"{&quot;background_background&quot;:&quot;classic&quot;}\">\n\t\t\t\t\t<div class=\"e-con-inner\">\n\t\t<div class=\"elementor-element elementor-element-b1bb803 e-flex e-con-boxed e-con e-child\" data-id=\"b1bb803\" data-element_type=\"container\" data-e-type=\"container\">\n\t\t\t\t\t<div class=\"e-con-inner\">\n\t\t<div class=\"elementor-element elementor-element-bfd4bac e-con-full e-flex e-con e-child\" data-id=\"bfd4bac\" data-element_type=\"container\" data-e-type=\"container\">\n\t\t\t\t<div class=\"elementor-element elementor-element-2de4ae4 elementor-widget elementor-widget-heading\" data-id=\"2de4ae4\" data-element_type=\"widget\" data-e-type=\"widget\" data-widget_type=\"heading.default\">\n\t\t\t\t\t<h1 class=\"elementor-heading-title elementor-size-default\">Ea, akkad\u00edskur gu\u00f0 viskunnar og ferskvatns<\/h1>\t\t\t\t<\/div>\n\t\t\t\t<div class=\"elementor-element elementor-element-b9e4c62 elementor-widget elementor-widget-text-editor\" data-id=\"b9e4c62\" data-element_type=\"widget\" data-e-type=\"widget\" data-widget_type=\"text-editor.default\">\n\t\t\t\t\t\t\t\t\t<p>Ea, \u00ed s\u00famerskri hef\u00f0 Enki, er hinn fornmes\u00f3p\u00f3tam\u00edski gu\u00f0 visku, ferskvatns og s\u00e6ringarlistar. Hann tilheyrir \u00e1samt Anu og Enlil \u00e6\u00f0stu \u00ferenningu s\u00famersk-akkad\u00edska go\u00f0aheimsins og er talinn skapari mannsins, l\u00e6rimeistari handverksmanna og vitur r\u00e1\u00f0gjafi gu\u00f0anna.<\/p><p>H\u00f6fu\u00f0d\u00fdrkun hans var \u00ed Eridu, hinni forns\u00famersku borg sem samkv\u00e6mt mes\u00f3p\u00f3tam\u00edskri hef\u00f0 var talin fyrsta borg mannkynss\u00f6gunnar.<\/p>\t\t\t\t\t\t\t\t<\/div>\n\t\t\t\t<\/div>\n\t\t<div class=\"elementor-element elementor-element-90aaed5 e-con-full e-flex e-con e-parent\" data-id=\"90aaed5\" data-element_type=\"container\" data-e-type=\"container\">\n\t\t\t\t<div class=\"elementor-element elementor-element-dcbd116 elementor-widget elementor-widget-html\" data-id=\"dcbd116\" data-element_type=\"widget\" data-e-type=\"widget\" data-widget_type=\"html.default\">\n\t\t\t\t\t<div class=\"iwg-pill-row\"><span class=\"iwg-klasse-badge\" tabindex=\"0\" data-tooltip=\"Gu\u00f0 \/ gy\u00f0ja: Pers\u00f3nuger\u00f0 \u00e6\u00f0sta vald \u00ed go\u00f0heimi menningar, me\u00f0 sk\u00fdrum \u00e1byrg\u00f0arsvi\u00f0um \u2014 n\u00e1tt\u00faru\u00f6fl, \u00f6rl\u00f6g, str\u00ed\u00f0, frj\u00f3semi. D\u00fdrku\u00f0 me\u00f0 helgisi\u00f0um, f\u00f3rnum og musterisstofnunum.\">Gu\u00f0<\/span><a href=\"https:\/\/iwell-guard.com\/is\/mesopotamia\/\" class=\"iwg-kultur-badge\" tabindex=\"0\" data-tooltip=\"Vagga skjalfestrar tr\u00faarbrag\u00f0a \u2014 S\u00famer, Akkad, Bab\u00fdlon, Ass\u00fdr\u00eda (um 3500 f.Kr. til 330 f.Kr.).\">Mes\u00f3p\u00f3tam\u00eda<\/a><\/div>\t\t\t\t<\/div>\n\t\t\t\t<\/div>\n\t\t<div class=\"elementor-element elementor-element-d34c743 e-con-full e-flex e-con e-child\" data-id=\"d34c743\" data-element_type=\"container\" data-e-type=\"container\">\n\t\t\t\t<div class=\"elementor-element elementor-element-b851512 elementor-toc--minimized-on-tablet elementor-widget elementor-widget-table-of-contents\" data-id=\"b851512\" data-element_type=\"widget\" data-e-type=\"widget\" data-settings=\"{&quot;exclude_headings_by_selector&quot;:[],&quot;no_headings_message&quot;:&quot;Engar undirfyrirsagnir fundust \\u00e1 \\u00feessari s\\u00ed\\u00f0u.&quot;,&quot;headings_by_tags&quot;:[&quot;h2&quot;,&quot;h3&quot;],&quot;marker_view&quot;:&quot;bullets&quot;,&quot;icon&quot;:{&quot;value&quot;:&quot;fas fa-circle&quot;,&quot;library&quot;:&quot;fa-solid&quot;,&quot;rendered_tag&quot;:&quot;&lt;svg class=\\&quot;e-font-icon-svg e-fas-circle\\&quot; viewBox=\\&quot;0 0 512 512\\&quot; xmlns=\\&quot;http:\\\/\\\/www.w3.org\\\/2000\\\/svg\\&quot;&gt;&lt;path d=\\&quot;M256 8C119 8 8 119 8 256s111 248 248 248 248-111 248-248S393 8 256 8z\\&quot;&gt;&lt;\\\/path&gt;&lt;\\\/svg&gt;&quot;},&quot;minimize_box&quot;:&quot;yes&quot;,&quot;minimized_on&quot;:&quot;tablet&quot;,&quot;hierarchical_view&quot;:&quot;yes&quot;,&quot;min_height&quot;:{&quot;unit&quot;:&quot;px&quot;,&quot;size&quot;:&quot;&quot;,&quot;sizes&quot;:[]},&quot;min_height_tablet&quot;:{&quot;unit&quot;:&quot;px&quot;,&quot;size&quot;:&quot;&quot;,&quot;sizes&quot;:[]},&quot;min_height_mobile&quot;:{&quot;unit&quot;:&quot;px&quot;,&quot;size&quot;:&quot;&quot;,&quot;sizes&quot;:[]}}\" data-widget_type=\"table-of-contents.default\">\n\t\t\t\t\t\t\t\t\t<div class=\"elementor-toc__header\">\n\t\t\t\t\t\t<h2 class=\"elementor-toc__header-title\">\n\t\t\t\tEfnisyfirlit\t\t\t<\/h2>\n\t\t\t\t\t\t\t\t\t\t<div class=\"elementor-toc__toggle-button elementor-toc__toggle-button--expand\" role=\"button\" tabindex=\"0\" aria-controls=\"elementor-toc__b851512\" aria-expanded=\"true\" aria-label=\"Open table of contents\"><svg aria-hidden=\"true\" class=\"e-font-icon-svg e-fas-chevron-down\" viewBox=\"0 0 448 512\" xmlns=\"http:\/\/www.w3.org\/2000\/svg\"><path d=\"M207.029 381.476L12.686 187.132c-9.373-9.373-9.373-24.569 0-33.941l22.667-22.667c9.357-9.357 24.522-9.375 33.901-.04L224 284.505l154.745-154.021c9.379-9.335 24.544-9.317 33.901.04l22.667 22.667c9.373 9.373 9.373 24.569 0 33.941L240.971 381.476c-9.373 9.372-24.569 9.372-33.942 0z\"><\/path><\/svg><\/div>\n\t\t\t\t<div class=\"elementor-toc__toggle-button elementor-toc__toggle-button--collapse\" role=\"button\" tabindex=\"0\" aria-controls=\"elementor-toc__b851512\" aria-expanded=\"true\" aria-label=\"Close table of contents\"><svg aria-hidden=\"true\" class=\"e-font-icon-svg e-fas-chevron-up\" viewBox=\"0 0 448 512\" xmlns=\"http:\/\/www.w3.org\/2000\/svg\"><path d=\"M240.971 130.524l194.343 194.343c9.373 9.373 9.373 24.569 0 33.941l-22.667 22.667c-9.357 9.357-24.522 9.375-33.901.04L224 227.495 69.255 381.516c-9.379 9.335-24.544 9.317-33.901-.04l-22.667-22.667c-9.373-9.373-9.373-24.569 0-33.941L207.03 130.525c9.372-9.373 24.568-9.373 33.941-.001z\"><\/path><\/svg><\/div>\n\t\t\t\t\t<\/div>\n\t\t\t\t<div id=\"elementor-toc__b851512\" class=\"elementor-toc__body\">\n\t\t\t<div class=\"elementor-toc__spinner-container\">\n\t\t\t\t<svg class=\"elementor-toc__spinner eicon-animation-spin e-font-icon-svg e-eicon-loading\" aria-hidden=\"true\" viewBox=\"0 0 1000 1000\" xmlns=\"http:\/\/www.w3.org\/2000\/svg\"><path d=\"M500 975V858C696 858 858 696 858 500S696 142 500 142 142 304 142 500H25C25 237 238 25 500 25S975 237 975 500 763 975 500 975Z\"><\/path><\/svg>\t\t\t<\/div>\n\t\t<\/div>\n\t\t\t\t\t\t<\/div>\n\t\t\t\t<\/div>\n\t\t\t\t\t<\/div>\n\t\t\t\t<\/div>\n\t\t<div class=\"elementor-element elementor-element-9f6c191 e-con-full e-flex e-con e-child\" data-id=\"9f6c191\" data-element_type=\"container\" data-e-type=\"container\">\n\t\t\t\t<div class=\"elementor-element elementor-element-7d29e1d iwg-hero-image elementor-widget elementor-widget-image\" data-id=\"7d29e1d\" data-element_type=\"widget\" data-e-type=\"widget\" data-widget_type=\"image.default\">\n\t\t\t\t\t\t\t\t\t\t\t\t\t\t\t<img fetchpriority=\"high\" decoding=\"async\" width=\"683\" height=\"1024\" src=\"https:\/\/iwell-guard.com\/wp-content\/uploads\/2026\/05\/goetter_mesopotamien_ea-683x1024.webp\" class=\"attachment-large size-large wp-image-170705\" alt=\"Ea - gu\u00f0ir \u00far mes\u00f3p\u00f3tam\u00edskri hef\u00f0, s\u00f6gulega myndskreytt\" srcset=\"https:\/\/iwell-guard.com\/wp-content\/uploads\/2026\/05\/goetter_mesopotamien_ea-683x1024.webp 683w, https:\/\/iwell-guard.com\/wp-content\/uploads\/2026\/05\/goetter_mesopotamien_ea-200x300.webp 200w, https:\/\/iwell-guard.com\/wp-content\/uploads\/2026\/05\/goetter_mesopotamien_ea-768x1152.webp 768w, https:\/\/iwell-guard.com\/wp-content\/uploads\/2026\/05\/goetter_mesopotamien_ea.webp 1024w\" sizes=\"(max-width: 683px) 100vw, 683px\" \/>\t\t\t\t\t\t\t\t\t\t\t\t\t\t\t<\/div>\n\t\t\t\t<\/div>\n\t\t\t\t\t<\/div>\n\t\t\t\t<\/div>\n\t\t<div class=\"elementor-element elementor-element-798c2bf e-con-boxed e-flex e-con e-parent\" data-id=\"798c2bf\" data-element_type=\"container\" data-e-type=\"container\">\n\t\t\t\t\t<div class=\"e-con-inner\">\n\t\t<div class=\"elementor-element elementor-element-1e47644 e-con-full e-flex e-con e-child\" data-id=\"1e47644\" data-element_type=\"container\" data-e-type=\"container\">\n\t\t\t\t<div class=\"elementor-element elementor-element-e8779ae elementor-widget elementor-widget-heading\" data-id=\"e8779ae\" data-element_type=\"widget\" data-e-type=\"widget\" data-widget_type=\"heading.default\">\n\t\t\t\t\t<h2 class=\"elementor-heading-title elementor-size-default\">Go\u00f0s\u00f6gn og uppruni<\/h2>\t\t\t\t<\/div>\n\t\t\t\t<div class=\"elementor-element elementor-element-d762b2b elementor-widget elementor-widget-text-editor\" data-id=\"d762b2b\" data-element_type=\"widget\" data-e-type=\"widget\" data-widget_type=\"text-editor.default\">\n\t\t\t\t\t\t\t\t\t<p>Enki er einn af \u00feremur \u00e6\u00f0stu gu\u00f0um forns\u00famerska <span class=\"iwg-fachbegriff\" data-tooltip=\"Heild gu\u00f0a \u00ed tr\u00faarbr\u00f6g\u00f0um e\u00f0a menningu.\" tabindex=\"0\">pantheonsins<\/span>. Akkad\u00edska nafn hans, Ea, er tungum\u00e1lalega raki\u00f0 til sem\u00edt\u00edskrar r\u00f3tar sem \u00fe\u00fd\u00f0ir \u201eh\u00fas vatnsins\u201c, en getur einnig veri\u00f0 bein \u00fe\u00fd\u00f0ing \u00e1 s\u00famerska nafninu.<\/p><p>\u00c1hrifasvi\u00f0 hans eru ferskvatni\u00f0 sem streymir upp \u00far dj\u00fapunum undir j\u00f6r\u00f0inni, auk viskunnar sem er n\u00e1tengd vatnst\u00e1knm\u00e1linu.<\/p>\n<p>B\u00fasta\u00f0ur Enkis er Apsu, hafi\u00f0 dj\u00fapa undir j\u00f6r\u00f0inni sem lindir, \u00e1r og brunnar eiga uppt\u00f6k s\u00edn \u00ed.<\/p><p>Tengsl hans vi\u00f0 Apsu eru ekki a\u00f0eins heimsfr\u00e6\u00f0ilegs e\u00f0lis heldur einnig dj\u00fap gu\u00f0fr\u00e6\u00f0ilega, \u00fev\u00ed vatni\u00f0 var \u00ed mes\u00f3p\u00f3tam\u00edskri hugmyndaheild tali\u00f0 a\u00f0setur hinnar leyndu visku. Enki er \u00edmynd \u00feessarar visku og \u00feeirrar hags\u00fdni sem beitir henni.<\/p>\n<p>M\u00f3\u00f0ir hans er Nammu, gy\u00f0ja frumhafsins, en fa\u00f0ir hans er \u00ed flestum textum \u00f3skilgreindur. Eiginkona hans er Damgalnuna, gy\u00f0ja f\u00e6\u00f0ingar og um\u00f6nnunar. \u00cd sumum hef\u00f0um er Ninhursag, jar\u00f0m\u00f3\u00f0urgy\u00f0jan, einnig tengd honum.<\/p><p>\u00deau tv\u00f6 myndast saman mikilv\u00e6gustu skapandi tengsl forns\u00famerskrar <span class=\"iwg-fachbegriff\" data-tooltip=\"V\u00edsindalegar ranns\u00f3knir \u00e1 gu\u00f0i og tr\u00fa \u00ed tr\u00faarbr\u00f6g\u00f0um.\" tabindex=\"0\">gu\u00f0fr\u00e6\u00f0i<\/span>. Me\u00f0al d\u00e6tra og sona \u00feeirra eru Marduk, s\u00ed\u00f0ar r\u00edkisgu\u00f0 Bab\u00fdlon, Ninshubur, tr\u00far sendibo\u00f0i, og Asalluhi, l\u00e6knir.<\/p>\n<p>\u00cd <span class=\"iwg-fachbegriff\" data-tooltip=\"Hef\u00f0bundin fr\u00e1s\u00f6gn um gu\u00f0i, upphaf og skipan heimsins.\" tabindex=\"0\">go\u00f0s\u00f6gninni<\/span> \u201eEnki og heimsskipanin\u201c er Enki l\u00fdst sem \u00feeim gu\u00f0i sem skipar hina kosm\u00edsku reglu og gefur hverjum \u00fe\u00e6tti tilgang sinn.<\/p><p>\u00deessi fr\u00e1s\u00f6gn er tr\u00faars\u00f6gulega mikilv\u00e6g \u00fev\u00ed h\u00fan s\u00fdnir Enki sem skipuleggjara heimsins, ekki skapara hans \u00ed str\u00f6ngum skilningi. Sk\u00f6punin sem sl\u00edk er \u00ed s\u00famerskri hugsun s\u00ed\u00f0ur einstakur atbur\u00f0ur en st\u00f6\u00f0ugt skipulagsferli sem Enki hefur \u00e1 sinni \u00e1byrg\u00f0.<\/p>\t\t\t\t\t\t\t\t<\/div>\n\t\t\t\t<\/div>\n\t\t<div class=\"elementor-element elementor-element-4545c20 e-con-full e-flex e-con e-child\" data-id=\"4545c20\" data-element_type=\"container\" data-e-type=\"container\">\n\t\t\t\t<div class=\"elementor-element elementor-element-1f60711 elementor-widget elementor-widget-heading\" data-id=\"1f60711\" data-element_type=\"widget\" data-e-type=\"widget\" data-widget_type=\"heading.default\">\n\t\t\t\t\t<h2 class=\"elementor-heading-title elementor-size-default\">T\u00e1kn og einkenni<\/h2>\t\t\t\t<\/div>\n\t\t\t\t<div class=\"elementor-element elementor-element-ba2bb75 elementor-widget elementor-widget-text-editor\" data-id=\"ba2bb75\" data-element_type=\"widget\" data-e-type=\"widget\" data-widget_type=\"text-editor.default\">\n\t\t\t\t\t\t\t\t\t<p>Mikilv\u00e6gasta einkenni Ea er vatni\u00f0. \u00c1 l\u00e9ttmyndum og innsigla\u00e1prentum streymir tv\u00f6faldur vatnsstraumur \u00far her\u00f0um hans, oft me\u00f0 litlum fiskum sem synda \u00ed honum. \u00deessi mynd sameinar hlutverk hans sem vatns- og viskugjafa \u00ed einni heild. Vatnsstraumarnir eru fulltr\u00faar tveggja st\u00f3rflj\u00f3ta Mes\u00f3p\u00f3tam\u00edu, Efrat og T\u00edgris, en tali\u00f0 var a\u00f0 Ea v\u00e6ri uppspretta \u00feeirra.<\/p>\n<p>T\u00e1knad\u00fdr hans er blanda af geit og fiski, Suhurmasch, forn mes\u00f3p\u00f3tam\u00edsk sk\u00f6punarvera sem s\u00ed\u00f0ar \u00ed stj\u00f6rnufr\u00e6\u00f0i var\u00f0 stj\u00f6rnumerki\u00f0 Steingeit.<\/p><p>\u00deessi skepna sameinar hin h\u00e1u og dj\u00fapu svi\u00f0, fjalli\u00f0 og vatni\u00f0, og er \u00feannig s\u00e9rstakt <span class=\"iwg-fachbegriff\" data-tooltip=\"Sk\u00fdr mynd sem t\u00e1knar hugmynd \u00e1 \u00f3hlutbundinn h\u00e1tt.\" tabindex=\"0\">t\u00e1kn<\/span> fyrir hina kosm\u00edsku visku Ea. \u00c1 kass\u00edtat\u00edmanum var\u00f0 Suhurmasch almennt vi\u00f0urkennt einkennist\u00e1kn Ea \u00e1 kudurru-steinum.<\/p>\n<p>Ea er s\u00fdndur \u00ed myndlist sem skeggja\u00f0ur ma\u00f0ur \u00ed langri skikkju me\u00f0 hornak\u00f3r\u00f3nu, oft me\u00f0 flj\u00f3t sem streymir milli her\u00f0a hans. \u00cd sumum l\u00e9ttmyndum sest hann \u00ed h\u00e1s\u00e6ti s\u00ednu \u00ed Apsu, umkringdur fiskum og vatnav\u00e6ttum. \u00c1 kudurru-steinum birtist <span class=\"iwg-fachbegriff\" data-tooltip=\"Merki sem stendur fyrir hugmynd e\u00f0a merkingu.\" tabindex=\"0\">t\u00e1kn<\/span> hans \u00ed efstu r\u00f6\u00f0, enda tilheyrir hann \u00e6\u00f0sta gu\u00f0ar\u00e1\u00f0inu.<\/p>\t\t\t\t\t\t\t\t<\/div>\n\t\t\t\t<\/div>\n\t\t<div class=\"elementor-element elementor-element-90b966a e-con-full e-flex e-con e-child\" data-id=\"90b966a\" data-element_type=\"container\" data-e-type=\"container\">\n\t\t\t\t<div class=\"elementor-element elementor-element-b86d7d6 elementor-widget elementor-widget-heading\" data-id=\"b86d7d6\" data-element_type=\"widget\" data-e-type=\"widget\" data-widget_type=\"heading.default\">\n\t\t\t\t\t<h2 class=\"elementor-heading-title elementor-size-default\">D\u00fdrkun og tilbei\u00f0sla<\/h2>\t\t\t\t<\/div>\n\t\t\t\t<div class=\"elementor-element elementor-element-0e1bc34 elementor-widget elementor-widget-text-editor\" data-id=\"0e1bc34\" data-element_type=\"widget\" data-e-type=\"widget\" data-widget_type=\"text-editor.default\">\n\t\t\t\t\t\t\t\t\t<p>Eridu, hin forns\u00famerska borgin \u00ed su\u00f0urhluta Mes\u00f3p\u00f3tam\u00edu, var a\u00f0al helgista\u00f0ur Enkis. Samkv\u00e6mt mes\u00f3p\u00f3tam\u00edskri hef\u00f0 var Eridu fyrsta borg heims og <span class=\"iwg-fachbegriff\" data-tooltip=\"Helgur sta\u00f0ur sem er tileinka\u00f0ur d\u00fdrkun gu\u00f0d\u00f3ms.\" tabindex=\"0\">helgid\u00f3murinn<\/span> E-abzu, \u201eh\u00fas dj\u00fapsins&#8220;, mikilv\u00e6gasta <span class=\"iwg-fachbegriff\" data-tooltip=\"Bygging sem \u00fej\u00f3nar d\u00fdrkun eins e\u00f0a fleiri gu\u00f0d\u00f3ma.\" tabindex=\"0\">musteri<\/span> hans. Fornleifauppgr\u00f6ftur \u00ed Eridu hefur leitt \u00ed lj\u00f3s langa lagskiptingu musterisbygginga sem n\u00e6r aftur til Ubaid-t\u00edmabilsins \u00e1 5. \u00e1r\u00fe\u00fasundi f.Kr.<\/p>\n<p><span class=\"iwg-fachbegriff\" data-tooltip=\"Helgur sta\u00f0ur sem er tileinka\u00f0ur d\u00fdrkun gu\u00f0d\u00f3ms.\" tabindex=\"0\">Helgid\u00f3murinn<\/span> var fr\u00e6gur fyrir helgiathafnir s\u00ednar tengdar vatni. Prestar sem tengdust Apsu framkv\u00e6mdu hreinsunarathafnir vi\u00f0 st\u00f3ra vatnstj\u00f6rn fyrir framan <span class=\"iwg-fachbegriff\" data-tooltip=\"Bygging sem \u00fej\u00f3nar d\u00fdrkun eins e\u00f0a fleiri gu\u00f0d\u00f3ma.\" tabindex=\"0\">musteri\u00f0<\/span>. \u00deessi si\u00f0ur var\u00f0veittist \u00ed allri mes\u00f3p\u00f3tam\u00edskri musterismenningu og haf\u00f0i einnig \u00e1hrif \u00e1 s\u00ed\u00f0bab\u00fdlonska musterishef\u00f0 \u00ed Bab\u00fdlon, \u00fear sem musteri Marduks haf\u00f0i einnig Apsu-tj\u00f6rn.<\/p>\n<p>\u00cd Bab\u00fdlon, Borsippa, Nippur og Sippar var Ea vi\u00f0urkenndur sem fa\u00f0ir Marduks og var d\u00fdrka\u00f0ur \u00e1samt r\u00edkisgu\u00f0i bab\u00fdlonsku h\u00f6fu\u00f0borgarinnar. S\u00e6ringatextar, l\u00e6kningatextar og sp\u00e1d\u00f3mstextar \u00e1kalla hann sem uppsprettu \u00feekkingar, \u00e1n hvers r\u00e1\u00f0gjafar enginn t\u00f6fraverkur g\u00e6ti heppnast.<\/p>\n<p><span class=\"iwg-fachbegriff\" data-tooltip=\"Heild tr\u00faarlegra d\u00fdrkunarathafna fyrir gu\u00f0d\u00f3m e\u00f0a helga veru.\" tabindex=\"0\">D\u00fdrkun<\/span> Ea var vi\u00f0varandi alla mes\u00f3p\u00f3tam\u00edska s\u00f6gu. Einnig \u00e1 n\u00fdass\u00fdrska og n\u00fdbab\u00fdlonska t\u00edmabilinu var hann me\u00f0al mikilv\u00e6gustu gu\u00f0d\u00f3manna.<\/p><p>Ass\u00farban\u00edpal l\u00e9t safna textum um hann \u00ed b\u00f3kasafninu \u00ed N\u00edn\u00edve, Nab\u00f3p\u00f3lassar og Neb\u00fakadnesar II. l\u00e9tu endurgera Apsu-tj\u00f6rnina \u00ed Bab\u00fdlon. \u00c1 seleuk\u00eddat\u00edmanum var hann \u00e1fram til sta\u00f0ar \u00ed s\u00e6ringaath\u00f6fnum, \u00fear til mes\u00f3p\u00f3tam\u00edsk ritmenning lag\u00f0ist af \u00e1 1. \u00f6ld e.Kr.<\/p>\n<p>\u00cd al\u00fe\u00fd\u00f0utr\u00fa naut Ea s\u00e9rstakrar vir\u00f0ingar me\u00f0al l\u00e6kna, s\u00e6ringapresta, brunnger\u00f0armanna og skrifara. \u00deessar starfsst\u00e9ttir \u00e1k\u00f6llu\u00f0u hann fyrir hverja mikilv\u00e6ga ath\u00f6fn. Skriftart\u00f6flur sem nota\u00f0ar voru \u00ed sk\u00f3lum hefjast oft \u00e1 l\u00edtilli <span class=\"iwg-fachbegriff\" data-tooltip=\"B\u00e6nleg e\u00f0a s\u00e6randi \u00e1varps\u00e1varp til gu\u00f0d\u00f3ms e\u00f0a m\u00e1ttar.\" tabindex=\"0\">\u00e1k\u00f6lluni<\/span> til Ea, \u00fev\u00ed ritlistin sj\u00e1lf var talin ein af uppfinningum hans.<\/p>\t\t\t\t\t\t\t\t<\/div>\n\t\t\t\t<\/div>\n\t\t<div class=\"elementor-element elementor-element-9b6bc70 e-con-full e-flex e-con e-child\" data-id=\"9b6bc70\" data-element_type=\"container\" data-e-type=\"container\">\n\t\t\t\t<div class=\"elementor-element elementor-element-3649a1c elementor-widget elementor-widget-heading\" data-id=\"3649a1c\" data-element_type=\"widget\" data-e-type=\"widget\" data-widget_type=\"heading.default\">\n\t\t\t\t\t<h2 class=\"elementor-heading-title elementor-size-default\">Mikilv\u00e6gar go\u00f0sagnir<\/h2>\t\t\t\t<\/div>\n\t\t\t\t<div class=\"elementor-element elementor-element-251c6b5 elementor-widget elementor-widget-text-editor\" data-id=\"251c6b5\" data-element_type=\"widget\" data-e-type=\"widget\" data-widget_type=\"text-editor.default\">\n\t\t\t\t\t\t\t\t\t<p>\u00cd \u00abEnuma Elish\u00bb, bab\u00fdlonska sk\u00f6punarkv\u00e6\u00f0inu, gegnir Ea a\u00f0alhlutverki. Hann sigrar Apsu, karlkyns frumf\u00f6\u00f0ur ferskvatns, sem vill \u00fatr\u00fdma yngri gu\u00f0unum. Ea sv\u00e6fir Apsu, sker af honum l\u00edfsband hans og reisir s\u00e9r h\u00edb\u00fdli \u00e1 l\u00edkama hans.<\/p><p>\u00cd \u00feessu h\u00edb\u00fdli f\u00e6\u00f0ir eiginkona hans Damgalnuna Marduk, s\u00ed\u00f0ar r\u00edkisgu\u00f0 Bab\u00fdlonar. \u00deessi fr\u00e1s\u00f6gn er einst\u00f6k \u00ed tr\u00faars\u00f6gu, \u00fev\u00ed h\u00fan \u00fatsk\u00fdrir \u00e1 fr\u00e6\u00f0ilegan h\u00e1tt f\u00f6\u00f0ur-sonar samkeppnina og flutning hinnar \u00e6\u00f0stu gu\u00f0legu vigt yfir \u00e1 Marduk.<\/p>\n<p>\u00cd \u00abEnki og heimsskipulaginu\u00bb l\u00fdsir <span class=\"iwg-fachbegriff\" data-tooltip=\"Munnm\u00e6las\u00f6gn um gu\u00f0i, uppruna og skipan heimsins.\" tabindex=\"0\">go\u00f0s\u00f6gnin<\/span> hvernig Enki skipuleggur hinn heimsverandi. Hann \u00e1kve\u00f0ur hverju landi, hverju frumefni, hverri starfsgrein s\u00e9rstakt hlutverk. \u00cd framhaldi textans kvartar d\u00f3ttir hans Inanna yfir \u00fev\u00ed a\u00f0 h\u00fan hafi ekki fengi\u00f0 n\u00f3gu m\u00f6rg hlutverk \u00fathlutu\u00f0.<\/p><p>Enki hughreystir hana og gefur henni auk \u00feess m\u00e1tt yfir str\u00ed\u00f0i og \u00e1stum. \u00deessi fr\u00e1s\u00f6gn telst me\u00f0al mikilv\u00e6gustu sj\u00e1lfsspeglana forns\u00famerskrar <span class=\"iwg-fachbegriff\" data-tooltip=\"V\u00edsindaleg fr\u00e6\u00f0i um Gu\u00f0 og tr\u00fa.\" tabindex=\"0\">gu\u00f0fr\u00e6\u00f0i<\/span> og s\u00fdnir hvernig mes\u00f3p\u00f3tam\u00edsk tr\u00fa \u00fer\u00f3a\u00f0i skiptingu heimsins go\u00f0sagnalega.<\/p>\n<p>\u00abEnki og Ninhursag\u00bb, <span class=\"iwg-fachbegriff\" data-tooltip=\"Munnm\u00e6las\u00f6gn um gu\u00f0i, uppruna og skipan heimsins.\" tabindex=\"0\">go\u00f0s\u00f6gnin<\/span> sem \u00e1\u00f0ur var nefnd \u00ed umfj\u00f6lluninni um Ninhursag, er annar mikilv\u00e6gur texti. Hann l\u00fdsir sk\u00f6punarverki \u00feessara tveggja gu\u00f0a \u00e1 Dilmun og endar \u00e1 f\u00e6\u00f0ingu \u00e1tta l\u00e6kningagu\u00f0a. \u00deessi fr\u00e1s\u00f6gn er sk\u00f6punartexti sem sameinar sj\u00fakd\u00f3m, sekt og l\u00e6kningu \u00ed einni go\u00f0sagnalegri hreyfingu.<\/p>\n<p>\u00abAtrahasis-kv\u00e6\u00f0i\u00f0\u00bb, fornbab\u00fdlonska undanfarinn fl\u00f3\u00f0as\u00f6gunnar, l\u00fdsir hvernig Ea varar hinn gu\u00f0hr\u00e6dda Atrahasis vi\u00f0 hinu mikla fl\u00f3\u00f0i og fyrirskipar honum a\u00f0 byggja skip.<\/p><p>Enlil, sem haf\u00f0i \u00e1kve\u00f0i\u00f0 fl\u00f3\u00f0i\u00f0, er rei\u00f0ur vegna sj\u00e1lfst\u00e6\u00f0ra a\u00f0ger\u00f0a Ea, en Ea ver\u00f0ur s\u00e9r til varnar me\u00f0 k\u00e6nlegri r\u00f6ksemdaf\u00e6rslu. \u00deessi fr\u00e1s\u00f6gn er me\u00f0al mikilv\u00e6gustu v\u00edsbendinga um hlutverk Ea sem k\u00e6nan, \u00e1 k\u00f6flum undirr\u00f3\u00f0urskennds r\u00e1\u00f0gjafa gu\u00f0anna.<\/p>\t\t\t\t\t\t\t\t<\/div>\n\t\t\t\t<\/div>\n\t\t<div class=\"elementor-element elementor-element-dce78b1 e-con-full e-flex e-con e-child\" data-id=\"dce78b1\" data-element_type=\"container\" data-e-type=\"container\">\n\t\t\t\t<div class=\"elementor-element elementor-element-f6c38c8 elementor-widget elementor-widget-heading\" data-id=\"f6c38c8\" data-element_type=\"widget\" data-e-type=\"widget\" data-widget_type=\"heading.default\">\n\t\t\t\t\t<h2 class=\"elementor-heading-title elementor-size-default\">Tengsl innan go\u00f0aheimsins<\/h2>\t\t\t\t<\/div>\n\t\t\t\t<div class=\"elementor-element elementor-element-566bebf elementor-widget elementor-widget-text-editor\" data-id=\"566bebf\" data-element_type=\"widget\" data-e-type=\"widget\" data-widget_type=\"text-editor.default\">\n\t\t\t\t\t\t\t\t\t<p>Ea er, \u00e1samt Anu og Enlil, \u00ed efstu \u00ferenningu go\u00f0aheimsins. Anu er himingu\u00f0inn, Enlil gu\u00f0 loftsins og jar\u00f0arins, og Ea gu\u00f0 ferskvatnsins og viskunnar. \u00deessi \u00fer\u00edskipting endurspeglar heimsfr\u00e6\u00f0ilega skiptingu svi\u00f0anna og hefur mikla tr\u00faarbrag\u00f0afr\u00e6\u00f0ilega \u00fe\u00fd\u00f0ingu, \u00fev\u00ed h\u00fan myndar hi\u00f0 andlega beinagrindarkerfi hins fornmes\u00f3p\u00f3tam\u00edska go\u00f0aheims.<\/p>\n<p>Ea hefur dj\u00fapt gu\u00f0fr\u00e6\u00f0ilegt samband vi\u00f0 Marduk, son sinn. \u00cd \u00abEnuma Elish\u00bb tekur Marduk st\u00f6\u00f0u hins \u00e6\u00f0sta gu\u00f0s, en Ea er \u00fer\u00e1tt fyrir \u00fea\u00f0 \u00e1fram fa\u00f0ir hans og l\u00e6rimeistari.<\/p><p>\u00cd galdratextum \u00e1kallar prestur oft Ea sem \u00feann sem framv\u00edsar sekt sj\u00faklingsins til Marduks. \u00deessi hlutverk millig\u00f6ngumanns milli manns og hins \u00e6\u00f0sta gu\u00f0s er einkennandi fyrir Ea.<\/p>\n<p>Ea deilir sk\u00f6punar- og l\u00e6kningahlutverkum me\u00f0 Ninhursag, hefur f\u00f6\u00f0urlegt-foreldralegt samband vi\u00f0 Inanna og hj\u00f3nabandstengsl vi\u00f0 Damgalnuna. Me\u00f0 Gula, l\u00e6kningagy\u00f0junni, er Ea oft \u00e1kalla\u00f0ur saman \u00ed galdratextum. \u00deetta samband s\u00fdnir hve \u00fe\u00e9tt hlutverk voru samofin \u00ed mes\u00f3p\u00f3tam\u00edska <span class=\"iwg-fachbegriff\" data-tooltip=\"Heild gu\u00f0a \u00ed tr\u00faarbr\u00f6g\u00f0um e\u00f0a menningu.\" tabindex=\"0\">go\u00f0aheiminum<\/span>.<\/p>\n<p>Ea myndar, \u00e1samt Anu, himingu\u00f0inum, og Enlil, storm- og jar\u00f0argu\u00f0inum, \u00e6\u00f0stu \u00ferenningu mes\u00f3p\u00f3tam\u00edska go\u00f0aheimsins. \u00deessir \u00fer\u00edr gu\u00f0ir skipta \u00e1 milli s\u00edn svi\u00f0um himins (Anu), lofthj\u00faps og jar\u00f0ar (Enlil) og ferskvatns undir j\u00f6r\u00f0u (Ea).<\/p><p>\u00derenningin er skjalfest allt fr\u00e1 forns\u00famerskum t\u00edma og er st\u00f6\u00f0ug \u00ed gegnum allt mes\u00f3p\u00f3tam\u00edska tr\u00faarkerfi\u00f0 fram til s\u00ed\u00f0t\u00edmans. \u00deessi st\u00f6\u00f0ugleiki greinir hana fr\u00e1 m\u00f6rgum \u00f6\u00f0rum gu\u00f0asamsetningum sem eru breytilegar eftir sv\u00e6\u00f0um.<\/p>\n<p>Ea var tengdur Asalluhi, yngri gu\u00f0i sem l\u00e9k mikilv\u00e6gt hlutverk \u00ed <span class=\"iwg-fachbegriff\" data-tooltip=\"Heild tr\u00faarlegra d\u00fdrkunarathafna fyrir gu\u00f0 e\u00f0a heilaga v\u00e6ttu.\" tabindex=\"0\">d\u00fdrkun<\/span> Eridu, me\u00f0 f\u00f6\u00f0ur-sonar sambandi. Asalluhi var s\u00ed\u00f0ar samsama\u00f0ur Marduk, sem ger\u00f0i m\u00f6gulegt a\u00f0 sameina <span class=\"iwg-fachbegriff\" data-tooltip=\"Fr\u00e6\u00f0igrein um gu\u00f0 og tr\u00fa innan tr\u00faarbrag\u00f0a.\" tabindex=\"0\">gu\u00f0fr\u00e6\u00f0i<\/span> Eridu og <span class=\"iwg-fachbegriff\" data-tooltip=\"Fr\u00e6\u00f0igrein um gu\u00f0 og tr\u00fa innan tr\u00faarbrag\u00f0a.\" tabindex=\"0\">gu\u00f0fr\u00e6\u00f0i<\/span> Bab\u00fdlonar. Wilfred G. Lambert hefur \u00ed \u00abBabylonian Creation Myths\u00bb raki\u00f0 textahef\u00f0 \u00feessarar samsemdar.<\/p>\t\t\t\t\t\t\t\t<\/div>\n\t\t\t\t<\/div>\n\t\t<div class=\"elementor-element elementor-element-72d75b1 e-con-full e-flex e-con e-child\" data-id=\"72d75b1\" data-element_type=\"container\" data-e-type=\"container\">\n\t\t\t\t<div class=\"elementor-element elementor-element-9418cb1 elementor-widget elementor-widget-heading\" data-id=\"9418cb1\" data-element_type=\"widget\" data-e-type=\"widget\" data-widget_type=\"heading.default\">\n\t\t\t\t\t<h2 class=\"elementor-heading-title elementor-size-default\">M\u00f3ttaka og \u00e1hrif<\/h2>\t\t\t\t<\/div>\n\t\t\t\t<div class=\"elementor-element elementor-element-b5044d5 elementor-widget elementor-widget-text-editor\" data-id=\"b5044d5\" data-element_type=\"widget\" data-e-type=\"widget\" data-widget_type=\"text-editor.default\">\n\t\t\t\t\t\t\t\t\t<p>Ea var \u00e1fram til sta\u00f0ar sem galdragu\u00f0 \u00ed handritum Bab\u00fdlonar og Uruk \u00e1 hellen\u00edsku og par\u00feversku t\u00edmabilinu. Gr\u00edsk og arab\u00edsk hef\u00f0 \u00feekkja einnig svipmyndir af pers\u00f3nu hans. \u00c1 gnost\u00edskri <span class=\"iwg-fachbegriff\" data-tooltip=\"Umbreytingart\u00edmabil milli fornaldar og mi\u00f0alda, um \u00fea\u00f0 bil 3. til 7. \u00f6ld.\" tabindex=\"0\">s\u00ed\u00f0forn\u00f6ld<\/span> var hann tengdur hugmyndum um heimssm\u00ed\u00f0arann (dem\u00ed\u00farg), og \u00ed mi\u00f0aldastj\u00f6rnuspeki var stj\u00f6rnumerki hans, Suhurmasch, fastm\u00f3ta\u00f0 sem Steingeitin.<\/p>\n<p>\u00cd n\u00fat\u00edma tr\u00faarbrag\u00f0as\u00f6gu er Ea einn af \u00feeim fornmes\u00f3p\u00f3tam\u00edsku gu\u00f0um sem oftast er vitna\u00f0 \u00ed, a\u00f0allega vegna hlutverks hans \u00ed fl\u00f3\u00f0as\u00f6gunni. Umr\u00e6\u00f0an um samband Atrahasis-kvi\u00f0unnar og bibl\u00edufl\u00f3\u00f0sins hefur sett pers\u00f3nu hans \u00ed mi\u00f0ju samanbur\u00f0artr\u00faarfr\u00e6\u00f0a.<\/p>\n<p>\u00cd d\u00e6gurmenningu birtist Ea \u00ed dag sjaldan undir eigin nafni, en arfleif\u00f0 hans lifir \u00e1fram \u00ed fj\u00f6lm\u00f6rgum \u00fatg\u00e1fum af bab\u00fdlonska fl\u00f3\u00f0asagnaminnum. Stj\u00f6rnufr\u00e6\u00f0in hefur reist honum minnisvar\u00f0a \u00ed stj\u00f6rnumerkinu Steingeitinni. Nafni\u00f0 Ea er nota\u00f0 \u00ed \u00fdmsum n\u00fat\u00edma hlutverkaleikjum og t\u00f6lvuleikjum sem v\u00edsun til mes\u00f3p\u00f3tam\u00edskrar <span class=\"iwg-fachbegriff\" data-tooltip=\"Heild var\u00f0veittra fr\u00e1sagna um gu\u00f0i \u00ed tiltekinni menningu.\" tabindex=\"0\">go\u00f0afr\u00e6\u00f0i<\/span>.<\/p>\n<p>\u00cd hellen\u00edskri tr\u00faarbrag\u00f0as\u00f6gu var Ea \u00e1fram \u00feekktur undir nafninu Oannes, gr\u00edsku\u00f0u formi sem Berossos notar \u00ed \u00abBabyloniaka\u00bb sinni. Berossos l\u00fdsir Oannes sem fiskmanni sem kemur \u00far Persafl\u00f3a til mannanna, kennir \u00feeim listir og v\u00edsindi og sn\u00fdr \u00e1 kv\u00f6ldin aftur \u00ed hafi\u00f0.<\/p><p>\u00deessi fr\u00e1s\u00f6gn m\u00f3ta\u00f0i hellen\u00edskar hugmyndir um mes\u00f3p\u00f3tam\u00edskan menningarbo\u00f0bera og var af Eusebiusi og s\u00ed\u00f0ari kristnum h\u00f6fundum t\u00falku\u00f0 sem hei\u00f0in afmyndun sk\u00f6punars\u00f6gu Genesis.<\/p>\n<p>\u00cd n\u00fat\u00edma tr\u00faarbrag\u00f0afyrirb\u00e6rafr\u00e6\u00f0ilegri umr\u00e6\u00f0u er Ea talinn d\u00e6miger\u00f0ur fulltr\u00fai hins svokalla\u00f0a \u201eglettna&#8220; gu\u00f0s, sem mi\u00f0lar milli gu\u00f0a og manna og hefur \u00e1hrif \u00e1 s\u00f6guna me\u00f0 l\u00e6v\u00edsi.<\/p><p><span data-nosnippet>Carl Gustav Jung og Karl Ker\u00e9nyi r\u00e6ddu \u00ed \u201eDer g\u00f6ttliche Schelm&#8220; (1954) Ea \u00e1samt Hermes, Loka og Sl\u00e9ttu\u00falfnum (Coyote) sem d\u00e6mi um hinn l\u00e6v\u00edsa sk\u00f6punart\u00fdpu. \u00deessi fyrirb\u00e6rafr\u00e6\u00f0ilega flokkun hefur haft mikil \u00e1hrif \u00e1 fr\u00e6\u00f0ilega umfj\u00f6llun um Ea \u00e1 20. \u00f6ld.<\/span><\/p>\t\t\t\t\t\t\t\t<\/div>\n\t\t\t\t<\/div>\n\t\t<div class=\"elementor-element elementor-element-0c186c4 e-con-full e-flex e-con e-child\" data-id=\"0c186c4\" data-element_type=\"container\" data-e-type=\"container\">\n\t\t\t\t<div class=\"elementor-element elementor-element-5dbb7f6 elementor-widget elementor-widget-heading\" data-id=\"5dbb7f6\" data-element_type=\"widget\" data-e-type=\"widget\" data-widget_type=\"heading.default\">\n\t\t\t\t\t<h2 class=\"elementor-heading-title elementor-size-default\">Tr\u00faarfr\u00e6\u00f0ileg sta\u00f0setning<\/h2>\t\t\t\t<\/div>\n\t\t\t\t<div class=\"elementor-element elementor-element-1c79c18 elementor-widget elementor-widget-text-editor\" data-id=\"1c79c18\" data-element_type=\"widget\" data-e-type=\"widget\" data-widget_type=\"text-editor.default\">\n\t\t\t\t\t\t\t\t\t<p>Thorkild Jacobsen telur Ea vera einn af margslungnustu gu\u00f0um fornmes\u00f3p\u00f3tam\u00edskrar tr\u00faarbrag\u00f0a. Hann t\u00falkar samband hans vi\u00f0 Apsu sem mynd hinnar hulinu visku sem st\u00edgur upp \u00far dj\u00fapinu, og s\u00e9r \u00ed k\u00e6nlegri dipl\u00f3mat\u00edu hans fyrirmynd s\u00ed\u00f0ari millig\u00f6ngukenninga.<\/p>\n<p>Jean Bott\u00e9ro undirstrikar gu\u00f0fr\u00e6\u00f0ilega-heimspekilega \u00fe\u00fd\u00f0ingu Ea. Fr\u00e1 hans sj\u00f3narh\u00f3li er Ea s\u00e1 gu\u00f0 sem fornmes\u00f3p\u00f3tam\u00edsk tr\u00fa \u00fer\u00f3ar me\u00f0 s\u00e9r \u00e1kve\u00f0na heimspekilega \u00edhugun um heiminn. Stefan Maul hefur \u00ed ranns\u00f3knum s\u00ednum \u00e1 galdralist s\u00fdnt hve mi\u00f0l\u00e6gur Ea var fyrir asipu, galdraprestinn. \u00c1n visku Ea gat engin t\u00f6fraath\u00f6fn tekist.<\/p>\n<p>Andrew George, Wilfred Lambert og Stephanie Dalley hafa gefi\u00f0 \u00fat og sk\u00fdrt textana. Walther Sallaberger og Marc van de Mieroop hafa greint <span class=\"iwg-fachbegriff\" data-tooltip=\"Heild tr\u00faarlegra d\u00fdrkunarathafna fyrir gu\u00f0 e\u00f0a heilaga v\u00e6ttu.\" tabindex=\"0\">d\u00fdrkunina<\/span> \u00ed Eridu og tengslin vi\u00f0 forns\u00famerska borgarmenningu. N\u00fat\u00edma ranns\u00f3knir telja Ea einn mikilv\u00e6gasta lykilinn a\u00f0 skilningi \u00e1 fornmes\u00f3p\u00f3tam\u00edskri v\u00edsinda- og tr\u00faarbrag\u00f0as\u00f6gu.<\/p>\t\t\t\t\t\t\t\t<\/div>\n\t\t\t\t<\/div>\n\t\t<div class=\"elementor-element elementor-element-ed70f31 e-con-full e-flex e-con e-child\" data-id=\"ed70f31\" data-element_type=\"container\" data-e-type=\"container\">\n\t\t\t\t<div class=\"elementor-element elementor-element-07c4b78 elementor-widget elementor-widget-heading\" data-id=\"07c4b78\" data-element_type=\"widget\" data-e-type=\"widget\" data-widget_type=\"heading.default\">\n\t\t\t\t\t<h2 class=\"elementor-heading-title elementor-size-default\">Adapa-go\u00f0s\u00f6gnin og Atrahasis<\/h2>\t\t\t\t<\/div>\n\t\t\t\t<div class=\"elementor-element elementor-element-3a8bdc6 elementor-widget elementor-widget-text-editor\" data-id=\"3a8bdc6\" data-element_type=\"widget\" data-e-type=\"widget\" data-widget_type=\"text-editor.default\">\n\t\t\t\t\t\t\t\t\t<p>Adapa-<span class=\"iwg-fachbegriff\" data-tooltip=\"Sagnaminni sem var\u00f0veist hefur, um gu\u00f0i, uppruna og skipulag heimsins.\" tabindex=\"0\">go\u00f0sagan<\/span> er ein af mikilv\u00e6gustu fr\u00e1s\u00f6gunum um <span class=\"iwg-fachbegriff\" data-tooltip=\"Hin fr\u00e6\u00f0ilega kenning um gu\u00f0 og tr\u00fa \u00ed \u00e1kve\u00f0num tr\u00faarbr\u00f6g\u00f0um.\" tabindex=\"0\">gu\u00f0fr\u00e6\u00f0i<\/span> Ea. Adapa, mennskur prestur fr\u00e1 borginni Eridu og sonur Ea, er \u00e1 fiskvei\u00f0um \u00e1 Persafl\u00f3a einn daginn \u00feegar su\u00f0anvindurinn hvolfir b\u00e1t hans.<\/p><p>\u00cd rei\u00f0i sinni b\u00f6lvar Adapa su\u00f0anvindinum og br\u00fdtur \u00e1 honum v\u00e6ngina \u00ed t\u00e1knr\u00e6nni ger\u00f0. Gu\u00f0irnir \u00e1 himnum f\u00e1 vitneskju um \u00feetta og Anu, himnagu\u00f0inn, kallar Adapa fyrir h\u00e1s\u00e6ti sitt.<\/p><p>\u00c1\u00f0ur en hann fer af sta\u00f0 r\u00e1\u00f0leggur Ea syni s\u00ednum a\u00f0 hafna matnum og drykknum sem honum ver\u00f0ur bo\u00f0inn, \u00fev\u00ed \u00feau s\u00e9u \u201ef\u00e6\u00f0a dau\u00f0ans&#8220; og \u201evatn dau\u00f0ans&#8220;. Adapa fer eftir r\u00e1\u00f0inu og hafnar bo\u00f0inu, \u00e1n \u00feess a\u00f0 vita a\u00f0 Anu haf\u00f0i \u00ed raun \u00e6tla\u00f0 a\u00f0 r\u00e9tta honum \u201ef\u00e6\u00f0u l\u00edfsins&#8220; og \u201evatn l\u00edfsins&#8220;. \u00deannig glatar mannkyni\u00f0 \u00f3dau\u00f0leikanum.<\/p>\n<p>\u00deessi \u00fe\u00e1ttur er \u00ed fr\u00e6\u00f0unum lesinn sem sj\u00e1lfssko\u00f0andi fr\u00e1s\u00f6gn um samband \u00feekkingar og dau\u00f0leika. Stefan Maul hefur \u00ed fj\u00f6lda greina haldi\u00f0 \u00fev\u00ed fram a\u00f0 r\u00e1\u00f0gj\u00f6f Ea s\u00e9 gervif\u00f6\u00f0urleg gildra: me\u00f0 \u00fev\u00ed a\u00f0 neita syninum \u00f3dau\u00f0leikann tryggir hann \u00e1framhald hinnar mannlegu ritara- og prestamenningar, sem getur a\u00f0eins haldist \u00ed kynsl\u00f3\u00f0askiptum vegna dau\u00f0leikans.<\/p><p><span data-nosnippet>A\u00f0rir fr\u00e6\u00f0imenn, eins og Shlomo Izre&#8217;el og Karen Radner, sj\u00e1 \u00ed fr\u00e1s\u00f6gunni gu\u00f0fr\u00e6\u00f0ilega r\u00e9ttl\u00e6tingu \u00e1 endanleika mannsins. T\u00f6flu\u00fatg\u00e1fa Izre&#8217;els (\u201eAdapa and the South Wind&#8220;, 2001) hefur sk\u00fdrt textafr\u00e6\u00f0ilegar sm\u00e1atri\u00f0in og afhj\u00fapa\u00f0 breidd t\u00falkananna.<\/span><\/p>\n<p><span data-nosnippet>Atrahasis-kvi\u00f0an, \u00ed \u00fatg\u00e1fu Wilfred G. Lambert og A. R. Millard \u201eAtra-Hasis: The Babylonian Story of the Flood&#8220; (1969), segir fr\u00e1 sk\u00f6pun mannanna \u00far leir og gu\u00f0abl\u00f3\u00f0i, offj\u00f6lgun mannkyns og bar\u00e1ttunni gegn henni me\u00f0 sj\u00fakd\u00f3mum, hungursney\u00f0 og a\u00f0 lokum fl\u00f3\u00f0inu mikla.<\/span><\/p><p>Ea er \u00ed \u00feessari kvi\u00f0u mi\u00f0l\u00e6g pers\u00f3na andst\u00f6\u00f0unnar gegn rei\u00f0i Enlils. Hann varar Atrahasis, \u201ehinn mj\u00f6g vitra&#8220;, vi\u00f0 fl\u00f3\u00f0inu sem er \u00ed uppsiglingu og gefur honum sm\u00ed\u00f0al\u00fdsingu fyrir \u00f6rkina. \u00deetta mi\u00f0lunarhlutverk milli gu\u00f0anna og mannkyns er grundvallar\u00fe\u00e1ttur \u00ed e\u00f0li Ea og kemur fram \u00ed fj\u00f6lm\u00f6rgum \u00f6\u00f0rum textum.<\/p>\t\t\t\t\t\t\t\t<\/div>\n\t\t\t\t<\/div>\n\t\t<div class=\"elementor-element elementor-element-5ae71f7 e-con-full e-flex e-con e-child\" data-id=\"5ae71f7\" data-element_type=\"container\" data-e-type=\"container\">\n\t\t\t\t<div class=\"elementor-element elementor-element-d48303a elementor-widget elementor-widget-heading\" data-id=\"d48303a\" data-element_type=\"widget\" data-e-type=\"widget\" data-widget_type=\"heading.default\">\n\t\t\t\t\t<h2 class=\"elementor-heading-title elementor-size-default\">Apsu, ferskvatn og sk\u00f6punargu\u00f0fr\u00e6\u00f0i<\/h2>\t\t\t\t<\/div>\n\t\t\t\t<div class=\"elementor-element elementor-element-ccf2077 elementor-widget elementor-widget-text-editor\" data-id=\"ccf2077\" data-element_type=\"widget\" data-e-type=\"widget\" data-widget_type=\"text-editor.default\">\n\t\t\t\t\t\t\t\t\t<p>Ea b\u00fdr \u00ed Apsu, hinu ne\u00f0anjar\u00f0ar ferskvatnshafi sem samkv\u00e6mt mes\u00f3p\u00f3tam\u00edskri hugmyndafr\u00e6\u00f0i liggur undir yfirbor\u00f0i jar\u00f0ar og f\u00e6\u00f0ir alla brunna, lindir og flj\u00f3t. Apsu er samt\u00edmis sta\u00f0setning verkst\u00e6\u00f0is hans, \u00fear sem hann formar leirf\u00edg\u00farur og t\u00f6frat\u00e6ki.<\/p><p><span data-nosnippet>\u00deessi hugmynd tengir Ea vi\u00f0 hina fornu handverkstr\u00fa Mes\u00f3p\u00f3tam\u00edu, \u00fear sem ferskvatn og leirkerasm\u00ed\u00f0 eru n\u00e1tengd. Walther Sallaberger hefur \u00ed \u201eDer babylonische T\u00f6pfer&#8220; (1996) raki\u00f0 hina tr\u00faarlegu v\u00eddd leirkerasm\u00ed\u00f0arinnar \u00edtarlega.<\/span><\/p>\n<p>\u00cd Enuma Elish, hinni miklu bab\u00fdlonsku sk\u00f6punarkvi\u00f0u \u00ed sj\u00f6 t\u00f6flum, er Apsu pers\u00f3nuger\u00f0ur sem fa\u00f0ir e\u00f0a afi Ea, og dr\u00e1p hans hefur upphaf heimsins \u00ed f\u00f6r me\u00f0 s\u00e9r. \u00cd I. t\u00f6flu bi\u00f0ja frumgu\u00f0ahj\u00f3nin Apsu og Tiamat um fri\u00f0 fr\u00e1 h\u00e1va\u00f0as\u00f6mum yngri gu\u00f0um.<\/p><p>Apsu \u00e1formar a\u00f0 tort\u00edma \u00feeim. Ea s\u00e9r \u00ed gegnum \u00e1formin, sv\u00e6fir Apsu me\u00f0 <span class=\"iwg-fachbegriff\" data-tooltip=\"M\u00e1lr\u00e6nt ath\u00e6fi sem \u00e6tla\u00f0 er a\u00f0 kalla fram e\u00f0a binda m\u00e1tt.\" tabindex=\"0\">s\u00e6ringu<\/span> og drepur hann. Ofan \u00e1 l\u00edki Apsu byggir Ea b\u00fasta\u00f0 sinn, sem hann nefnir eftir hinum fallna forvera Apsu. \u00deessi l\u00edkingasnau\u00f0a or\u00f0sifjafr\u00e6\u00f0i er eitt af mikilv\u00e6gustu d\u00e6mum bab\u00fdlonskrar fr\u00e1sagnarspeglunar.<\/p>\n<p>\u00dar sambandi Ea og Damkina f\u00e6\u00f0ist Marduk, sem s\u00ed\u00f0ar sigrar Tiamat og skapar heiminn \u00far l\u00edkama hennar. Ea er \u00feannig ekki lokaskapari, heldur undirb\u00faandinn, s\u00e1 sem skapar forsendurnar.<\/p><p><span data-nosnippet>\u00deetta hlutverk sem millig\u00f6nguma\u00f0ur sk\u00f6punar m\u00e1 einnig finna \u00ed Sk\u00f6punars\u00f6gunni \u00ed Fyrstu M\u00f3seb\u00f3k, \u00fear sem gu\u00f0legur <span class=\"iwg-fachbegriff\" data-tooltip=\"L\u00edkamalaus vera sem talin er hafa \u00e1hrif \u00ed heiminum.\" tabindex=\"0\">andi<\/span> sv\u00edfur yfir v\u00f6tnunum \u00e1\u00f0ur en sk\u00f6punaror\u00f0in eru m\u00e6lt. Bein tengsl eru ekki nau\u00f0synleg, en hin skipulagslega samsv\u00f6run er \u00edtarlega r\u00e6dd af John Day \u00ed \u201eGod&#8217;s Conflict with the Dragon and the Sea&#8220; (1985).<\/span><\/p>\t\t\t\t\t\t\t\t<\/div>\n\t\t\t\t<\/div>\n\t\t<div class=\"elementor-element elementor-element-167ff9f e-con-full e-flex e-con e-child\" data-id=\"167ff9f\" data-element_type=\"container\" data-e-type=\"container\">\n\t\t\t\t<div class=\"elementor-element elementor-element-f8c2ab5 elementor-widget elementor-widget-heading\" data-id=\"f8c2ab5\" data-element_type=\"widget\" data-e-type=\"widget\" data-widget_type=\"heading.default\">\n\t\t\t\t\t<h2 class=\"elementor-heading-title elementor-size-default\">S\u00e6ringar, galdur og ritarahandverk<\/h2>\t\t\t\t<\/div>\n\t\t\t\t<div class=\"elementor-element elementor-element-368456c elementor-widget elementor-widget-text-editor\" data-id=\"368456c\" data-element_type=\"widget\" data-e-type=\"widget\" data-widget_type=\"text-editor.default\">\n\t\t\t\t\t\t\t\t\t<p>Ea var verndargu\u00f0 mes\u00f3p\u00f3tam\u00edsku galdrapresta, ashipu.<\/p><ul><li>Mikilv\u00e6gustu galdras\u00f6fnin, fremst \u00feeirra \u201eMaqlu\u201c (hi\u00f0 \u201ebrennandi\u201c, safn gegn nornum).<\/li><li>\u201eShurpu\u201c (hi\u00f0 \u201esvi\u00f0nun\u201c, syndaaflausnarath\u00f6fn).<\/li><li>\u201eSurpu\u201c og \u201eNamburbi\u201c (lausnarathafnir gegn illum fyrirbo\u00f0um).<\/li><li>eiga allar upphaf sitt \u00ed <span class=\"iwg-fachbegriff\" data-tooltip=\"B\u00e6narleg e\u00f0a galdram\u00f6gnu\u00f0 \u00e1v\u00f6rpun gu\u00f0s e\u00f0a m\u00e1ttarvalds.\" tabindex=\"0\">\u00e1k\u00f6llun<\/span> til Ea. Sta\u00f0la\u00f0a form\u00falan \u201e<span class=\"iwg-fachbegriff\" data-tooltip=\"Talr\u00e6nt ath\u00f6fn sem \u00e1 a\u00f0 kalla fram e\u00f0a binda m\u00e1tt.\" tabindex=\"0\">galdur<\/span>, ekki minn, heldur Ea\u201c er fastm\u00f3ta\u00f0 st\u00edlbrag\u00f0 sem lei\u00f0ir vald mannlegs <span class=\"iwg-fachbegriff\" data-tooltip=\"Talr\u00e6nt ath\u00f6fn sem \u00e1 a\u00f0 kalla fram e\u00f0a binda m\u00e1tt.\" tabindex=\"0\">galdurs<\/span> fr\u00e1 hinu gu\u00f0lega valdi.<\/li><\/ul><p>Tzvi Abusch hefur \u00ed ranns\u00f3knum s\u00ednum \u00e1 Maqlu og Shurpu endurgert \u00edtarlega <span class=\"iwg-fachbegriff\" data-tooltip=\"V\u00edsindaleg fr\u00e6\u00f0igrein um gu\u00f0 og tr\u00faarl\u00edf.\" tabindex=\"0\">gu\u00f0fr\u00e6\u00f0i<\/span> \u00e1k\u00f6llananna til Ea.<\/p>\n<p>Ea gegnir s\u00e9rst\u00f6ku hlutverki sem verndargu\u00f0 skriftlistarinnar. Mes\u00f3p\u00f3tam\u00edsku skriftask\u00f3larnir, edubba, h\u00f6f\u00f0u Ea sem \u00e6\u00f0sta verndara, \u00e1samt d\u00f3ttur hans Nidaba (e\u00f0a Nisaba), gy\u00f0ju skriftar og m\u00e6linga.<\/p><p>Ritarak\u00f3l\u00f3fonar endast oft \u00e1 form\u00falunni \u201eNidaba, systir Ea, s\u00e9 lofu\u00f0\u201c, sem s\u00fdnir n\u00e1in tengsl skriftarmenningarinnar vi\u00f0 ferskvatnsgu\u00f0inn. \u00cd ritaras\u00e1lmum er Ea \u00e1kalla\u00f0ur sem \u201eherra spjaldanna\u201c og \u201eopnandi skilningsins\u201c.<\/p>\n<p>\u00c1 svi\u00f0i l\u00e6knislistar er Ea verndari ashipu, hinna t\u00f6fra- og galdratengdu heilara, \u00ed samkeppni vi\u00f0 asu, hina fremur hagn\u00fdtu, lyfjafr\u00e6\u00f0ilegu l\u00e6knana. Sj\u00fakd\u00f3msgreiningarhandb\u00e6kurnar, sem teknar voru saman undir Esagil-kin-apli, eru sag\u00f0ar upprunnar fr\u00e1 Ea.<\/p><p><span data-nosnippet>\u00cd hverri greiningu birtist Ea sem fjarl\u00e6gur kennari, sem mi\u00f0lar \u00feekkingu sinni \u00e1fram til mannlega ritarans. Stefan Maul hefur \u00ed \u00abDie Wahrsagekunst im Alten Orient\u00bb (2013) sett fram \u00feessi tengsl skriftari\u00f0ju, l\u00e6knislistar og <span class=\"iwg-fachbegriff\" data-tooltip=\"Talr\u00e6nt ath\u00f6fn sem \u00e1 a\u00f0 kalla fram e\u00f0a binda m\u00e1tt.\" tabindex=\"0\">galdurs<\/span> me\u00f0 n\u00e1kv\u00e6mum h\u00e6tti.<\/span><\/p>\t\t\t\t\t\t\t\t<\/div>\n\t\t\t\t<\/div>\n\t\t<div class=\"elementor-element elementor-element-77fcd52 e-con-full e-flex e-con e-child\" data-id=\"77fcd52\" data-element_type=\"container\" data-e-type=\"container\">\n\t\t\t\t<div class=\"elementor-element elementor-element-d3d6650 elementor-widget elementor-widget-heading\" data-id=\"d3d6650\" data-element_type=\"widget\" data-e-type=\"widget\" data-widget_type=\"heading.default\">\n\t\t\t\t\t<h2 class=\"elementor-heading-title elementor-size-default\">Heimildir og frekari lesning<\/h2>\t\t\t\t<\/div>\n\t\t\t\t<div class=\"elementor-element elementor-element-920db98 elementor-widget elementor-widget-text-editor\" data-id=\"920db98\" data-element_type=\"widget\" data-e-type=\"widget\" data-widget_type=\"text-editor.default\">\n\t\t\t\t\t\t\t\t\t<footer class=\"iwg-literatur\"><p><span class=\"iwg-fachbegriff\" data-tooltip=\"T\u00edmabil gr\u00edsk-r\u00f3mverskrar menningar, um 800 f.Kr. til 600 e.Kr.\" tabindex=\"0\">Forn\u00f6ld<\/span> heimildir: \u00abEnuma Elish\u00bb, \u00abAtrahasis-kvi\u00f0a\u00bb, \u00abEnki og Ninhursag\u00bb, \u00abEnki og heimsskipanin\u00bb, \u00e1letranir fr\u00e1 Eridu, galdratextar og l\u00e6knistextar fr\u00e1 Bab\u00fdlon og Nippur, s\u00e1lmar til Ea og Marduks.<\/p>\n<ul><li><span data-nosnippet>Jean Bott\u00e9ro, \u00abMesopotamia: Writing, Reasoning, and the Gods\u00bb, Chicago 1992.<\/span><\/li><li><span data-nosnippet>Marc van de Mieroop, \u00abA History of the Ancient Near East\u00bb, Oxford 2004.<\/span><\/li><\/ul>\n<p class=\"iwg-bib-more\"><span data-nosnippet>Fleiri grunnrit \u00ed <a href=\"https:\/\/iwell-guard.com\/is\/heimildaskra\/\">heimildaskr\u00e1nni<\/a>.<\/span><\/p><\/footer>\t\t\t\t\t\t\t\t<\/div>\n\t\t\t\t<\/div>\n\t\t\t\t\t<\/div>\n\t\t\t\t<\/div>\n\t\t\t\t<\/div>\n\t\t","protected":false},"excerpt":{"rendered":"","protected":false},"author":3,"featured_media":3249,"parent":0,"menu_order":0,"comment_status":"closed","ping_status":"closed","template":"elementor_header_footer","meta":{"_yoast_wpseo_focuskw":"Ea","_yoast_wpseo_title":"Ea \u2013 Akkad\u00edskur gu\u00f0 viskunnar | iWell Guard","_yoast_wpseo_metadesc":"Ea er akkad\u00edskur gu\u00f0 viskunnar, ferskvatns, galdra og handverksmanna. Bab\u00fdlonskt hli\u00f0st\u00e6\u00f0ugu\u00f0 s\u00famerska Enki. Go\u00f0s\u00f6gn og \u00e1tr\u00fana\u00f0ur.","_yoast_wpseo_meta-robots-noindex":"","_yoast_wpseo_canonical":"","_angie_page":false,"gefaehrdungsstufe":"","wesen_kultur":"","wesen_klasse":"","footnotes":""},"categories":[],"class_list":["post-169081","page","type-page","status-publish","has-post-thumbnail","hentry"],"yoast_head":"<!-- This site is optimized with the Yoast SEO Premium plugin v27.7 (Yoast SEO v28.3) - https:\/\/yoast.com\/product\/yoast-seo-premium-wordpress\/ -->\n<title>Ea \u2013 Akkad\u00edskur gu\u00f0 viskunnar | iWell Guard<\/title>\n<meta name=\"description\" content=\"Ea er akkad\u00edskur gu\u00f0 viskunnar, ferskvatns, galdra og handverksmanna. Bab\u00fdlonskt hli\u00f0st\u00e6\u00f0ugu\u00f0 s\u00famerska Enki. Go\u00f0s\u00f6gn og \u00e1tr\u00fana\u00f0ur.\" \/>\n<meta name=\"robots\" content=\"index, follow, max-snippet:-1, max-image-preview:large, max-video-preview:-1\" \/>\n<link rel=\"canonical\" href=\"https:\/\/iwell-guard.com\/is\/ea\/\" \/>\n<meta property=\"og:locale\" content=\"is_IS\" \/>\n<meta property=\"og:type\" content=\"article\" \/>\n<meta property=\"og:title\" content=\"Ea\" \/>\n<meta property=\"og:description\" content=\"Ea er akkad\u00edskur gu\u00f0 viskunnar, ferskvatns, galdra og handverksmanna. Bab\u00fdlonskt hli\u00f0st\u00e6\u00f0ugu\u00f0 s\u00famerska Enki. Go\u00f0s\u00f6gn og \u00e1tr\u00fana\u00f0ur.\" \/>\n<meta property=\"og:url\" content=\"https:\/\/iwell-guard.com\/is\/ea\/\" \/>\n<meta property=\"og:site_name\" content=\"iWell Guard\" \/>\n<meta property=\"article:modified_time\" content=\"2026-09-05T14:31:47+00:00\" \/>\n<meta property=\"og:image\" content=\"https:\/\/iwell-guard.com\/wp-content\/uploads\/2026\/05\/goetter_mesopotamien_ea.webp\" \/>\n\t<meta property=\"og:image:width\" content=\"1024\" \/>\n\t<meta property=\"og:image:height\" content=\"1536\" \/>\n\t<meta property=\"og:image:type\" content=\"image\/webp\" \/>\n<meta name=\"twitter:card\" content=\"summary_large_image\" \/>\n<script type=\"application\/ld+json\" class=\"yoast-schema-graph\">{\"@context\":\"https:\\\/\\\/schema.org\",\"@graph\":[{\"@type\":\"WebPage\",\"@id\":\"https:\\\/\\\/iwell-guard.com\\\/is\\\/ea\\\/\",\"url\":\"https:\\\/\\\/iwell-guard.com\\\/is\\\/ea\\\/\",\"name\":\"Ea \u2013 Akkad\u00edskur gu\u00f0 viskunnar | iWell Guard\",\"isPartOf\":{\"@id\":\"https:\\\/\\\/iwell-guard.com\\\/is\\\/#website\"},\"primaryImageOfPage\":{\"@id\":\"https:\\\/\\\/iwell-guard.com\\\/is\\\/ea\\\/#primaryimage\"},\"image\":{\"@id\":\"https:\\\/\\\/iwell-guard.com\\\/is\\\/ea\\\/#primaryimage\"},\"thumbnailUrl\":\"https:\\\/\\\/iwell-guard.com\\\/wp-content\\\/uploads\\\/2026\\\/05\\\/goetter_mesopotamien_ea.webp\",\"datePublished\":\"2026-09-05T14:05:25+00:00\",\"dateModified\":\"2026-09-05T14:31:47+00:00\",\"description\":\"Ea er akkad\u00edskur gu\u00f0 viskunnar, ferskvatns, galdra og handverksmanna. Bab\u00fdlonskt hli\u00f0st\u00e6\u00f0ugu\u00f0 s\u00famerska Enki. Go\u00f0s\u00f6gn og \u00e1tr\u00fana\u00f0ur.\",\"breadcrumb\":{\"@id\":\"https:\\\/\\\/iwell-guard.com\\\/is\\\/ea\\\/#breadcrumb\"},\"inLanguage\":\"is\",\"potentialAction\":[{\"@type\":\"ReadAction\",\"target\":[\"https:\\\/\\\/iwell-guard.com\\\/is\\\/ea\\\/\"]}]},{\"@type\":\"ImageObject\",\"inLanguage\":\"is\",\"@id\":\"https:\\\/\\\/iwell-guard.com\\\/is\\\/ea\\\/#primaryimage\",\"url\":\"https:\\\/\\\/iwell-guard.com\\\/wp-content\\\/uploads\\\/2026\\\/05\\\/goetter_mesopotamien_ea.webp\",\"contentUrl\":\"https:\\\/\\\/iwell-guard.com\\\/wp-content\\\/uploads\\\/2026\\\/05\\\/goetter_mesopotamien_ea.webp\",\"width\":1024,\"height\":1536,\"caption\":\"Gu\u00f0ir \u00far mes\u00f3p\u00f3tam\u00edskri hef\u00f0.\"},{\"@type\":\"BreadcrumbList\",\"@id\":\"https:\\\/\\\/iwell-guard.com\\\/is\\\/ea\\\/#breadcrumb\",\"itemListElement\":[{\"@type\":\"ListItem\",\"position\":1,\"name\":\"Start\",\"item\":\"https:\\\/\\\/iwell-guard.com\\\/is\\\/?page_id=168580\"},{\"@type\":\"ListItem\",\"position\":2,\"name\":\"Ea\"}]},{\"@type\":\"WebSite\",\"@id\":\"https:\\\/\\\/iwell-guard.com\\\/is\\\/#website\",\"url\":\"https:\\\/\\\/iwell-guard.com\\\/is\\\/\",\"name\":\"iWell Guard\",\"description\":\"Schutz vor dunklen Einfl\u00fcssen\",\"publisher\":{\"@id\":\"https:\\\/\\\/iwell-guard.com\\\/is\\\/#organization\"},\"potentialAction\":[{\"@type\":\"SearchAction\",\"target\":{\"@type\":\"EntryPoint\",\"urlTemplate\":\"https:\\\/\\\/iwell-guard.com\\\/is\\\/?s={search_term_string}\"},\"query-input\":{\"@type\":\"PropertyValueSpecification\",\"valueRequired\":true,\"valueName\":\"search_term_string\"}}],\"inLanguage\":\"is\"},{\"@type\":\"Organization\",\"@id\":\"https:\\\/\\\/iwell-guard.com\\\/is\\\/#organization\",\"name\":\"Ittermann electronic GmbH\",\"url\":\"https:\\\/\\\/iwell-guard.com\\\/is\\\/\",\"logo\":{\"@type\":\"ImageObject\",\"inLanguage\":\"is\",\"@id\":\"https:\\\/\\\/iwell-guard.com\\\/is\\\/#\\\/schema\\\/logo\\\/image\\\/\",\"url\":\"https:\\\/\\\/iwell-guard.com\\\/wp-content\\\/uploads\\\/2026\\\/05\\\/Ittermann-Logo-1182x237-1.png\",\"contentUrl\":\"https:\\\/\\\/iwell-guard.com\\\/wp-content\\\/uploads\\\/2026\\\/05\\\/Ittermann-Logo-1182x237-1.png\",\"width\":1182,\"height\":237,\"caption\":\"Ittermann electronic GmbH\"},\"image\":{\"@id\":\"https:\\\/\\\/iwell-guard.com\\\/is\\\/#\\\/schema\\\/logo\\\/image\\\/\"},\"sameAs\":[\"https:\\\/\\\/pantip.com\\\/profile\\\/9367242\",\"https:\\\/\\\/micro.blog\\\/iwellguard\",\"https:\\\/\\\/www.diggerslist.com\\\/iwellguard\\\/about\",\"https:\\\/\\\/skitterphoto.com\\\/photographers\\\/2870314\\\/iwell-guard\",\"https:\\\/\\\/iwellguard.wordpress.com\\\/2026\\\/06\\\/06\\\/iwell-guard\\\/\",\"https:\\\/\\\/hub.docker.com\\\/u\\\/iwellguard\",\"https:\\\/\\\/www.pinterest.com\\\/iwellguard\\\/\",\"https:\\\/\\\/bit.ly\\\/m\\\/iwellguard\",\"https:\\\/\\\/entre-vos-mains.alsace.eu\\\/profiles\\\/iwellguard\\\/activity\",\"https:\\\/\\\/gravatar.com\\\/reallybeded8fd34\",\"https:\\\/\\\/naijamatta.com\\\/iwellguard\",\"https:\\\/\\\/www.goodreads.com\\\/iwellguard\",\"https:\\\/\\\/profile.hatena.ne.jp\\\/iwellguard\\\/\",\"https:\\\/\\\/experiment.com\\\/users\\\/iwellguard\",\"https:\\\/\\\/wakelet.com\\\/@iWellGuard82270\",\"https:\\\/\\\/www.chordie.com\\\/forum\\\/profile.php?id=2555664\",\"https:\\\/\\\/www.instapaper.com\\\/p\\\/17757966\",\"https:\\\/\\\/www.mapleprimes.com\\\/users\\\/iwellguard\",\"https:\\\/\\\/businesslistingplus.com\\\/profile\\\/iwell-guard\\\/\",\"https:\\\/\\\/telegra.ph\\\/iWell-Guard-06-06\",\"https:\\\/\\\/pbase.com\\\/iwellguard\\\/iwellguard\",\"https:\\\/\\\/b.hatena.ne.jp\\\/iwellguard\\\/20260607#bookmark-4788405196491818882\",\"https:\\\/\\\/fliphtml5.com\\\/home\\\/iwellguard\",\"https:\\\/\\\/anyflip.com\\\/homepage\\\/cmiwl#About\",\"https:\\\/\\\/transfur.com\\\/Users\\\/iwellguard\",\"http:\\\/\\\/delphi.larsbo.org\\\/user\\\/iwellguard\",\"https:\\\/\\\/jobs.lajobsportal.org\\\/profiles\\\/8380803-iwell-guard\",\"https:\\\/\\\/md.chaosdorf.de\\\/s\\\/jfbe5SBdJD\",\"https:\\\/\\\/www.lingvolive.com\\\/en-us\\\/profile\\\/9ecaeaca-ce11-4e51-9e71-01d55e2bff36\\\/translations\",\"https:\\\/\\\/www.fitday.com\\\/fitness\\\/forums\\\/members\\\/iwellguard.html\",\"https:\\\/\\\/www.mymeetbook.com\\\/iwellguard\",\"https:\\\/\\\/pxhere.com\\\/en\\\/photographer-me\\\/5040798\",\"https:\\\/\\\/disqus.com\\\/by\\\/iwellguard\\\/about\\\/\",\"https:\\\/\\\/pastelink.net\\\/hjwciqwq\",\"https:\\\/\\\/pubhtml5.com\\\/homepage\\\/scjhn\\\/\",\"https:\\\/\\\/www.bitchute.com\\\/channel\\\/2O2eOKzNqujT\",\"https:\\\/\\\/audiomack.com\\\/iwellguard\"]}]}<\/script>\n<!-- \/ Yoast SEO Premium plugin. -->","yoast_head_json":{"title":"Ea \u2013 Akkad\u00edskur gu\u00f0 viskunnar | iWell Guard","description":"Ea er akkad\u00edskur gu\u00f0 viskunnar, ferskvatns, galdra og handverksmanna. Bab\u00fdlonskt hli\u00f0st\u00e6\u00f0ugu\u00f0 s\u00famerska Enki. Go\u00f0s\u00f6gn og \u00e1tr\u00fana\u00f0ur.","robots":{"index":"index","follow":"follow","max-snippet":"max-snippet:-1","max-image-preview":"max-image-preview:large","max-video-preview":"max-video-preview:-1"},"canonical":"https:\/\/iwell-guard.com\/is\/ea\/","og_locale":"is_IS","og_type":"article","og_title":"Ea","og_description":"Ea er akkad\u00edskur gu\u00f0 viskunnar, ferskvatns, galdra og handverksmanna. Bab\u00fdlonskt hli\u00f0st\u00e6\u00f0ugu\u00f0 s\u00famerska Enki. Go\u00f0s\u00f6gn og \u00e1tr\u00fana\u00f0ur.","og_url":"https:\/\/iwell-guard.com\/is\/ea\/","og_site_name":"iWell Guard","article_modified_time":"2026-09-05T14:31:47+00:00","og_image":[{"width":1024,"height":1536,"url":"https:\/\/iwell-guard.com\/wp-content\/uploads\/2026\/05\/goetter_mesopotamien_ea.webp","type":"image\/webp"}],"twitter_card":"summary_large_image","schema":{"@context":"https:\/\/schema.org","@graph":[{"@type":"WebPage","@id":"https:\/\/iwell-guard.com\/is\/ea\/","url":"https:\/\/iwell-guard.com\/is\/ea\/","name":"Ea \u2013 Akkad\u00edskur gu\u00f0 viskunnar | iWell Guard","isPartOf":{"@id":"https:\/\/iwell-guard.com\/is\/#website"},"primaryImageOfPage":{"@id":"https:\/\/iwell-guard.com\/is\/ea\/#primaryimage"},"image":{"@id":"https:\/\/iwell-guard.com\/is\/ea\/#primaryimage"},"thumbnailUrl":"https:\/\/iwell-guard.com\/wp-content\/uploads\/2026\/05\/goetter_mesopotamien_ea.webp","datePublished":"2026-09-05T14:05:25+00:00","dateModified":"2026-09-05T14:31:47+00:00","description":"Ea er akkad\u00edskur gu\u00f0 viskunnar, ferskvatns, galdra og handverksmanna. Bab\u00fdlonskt hli\u00f0st\u00e6\u00f0ugu\u00f0 s\u00famerska Enki. Go\u00f0s\u00f6gn og \u00e1tr\u00fana\u00f0ur.","breadcrumb":{"@id":"https:\/\/iwell-guard.com\/is\/ea\/#breadcrumb"},"inLanguage":"is","potentialAction":[{"@type":"ReadAction","target":["https:\/\/iwell-guard.com\/is\/ea\/"]}]},{"@type":"ImageObject","inLanguage":"is","@id":"https:\/\/iwell-guard.com\/is\/ea\/#primaryimage","url":"https:\/\/iwell-guard.com\/wp-content\/uploads\/2026\/05\/goetter_mesopotamien_ea.webp","contentUrl":"https:\/\/iwell-guard.com\/wp-content\/uploads\/2026\/05\/goetter_mesopotamien_ea.webp","width":1024,"height":1536,"caption":"Gu\u00f0ir \u00far mes\u00f3p\u00f3tam\u00edskri hef\u00f0."},{"@type":"BreadcrumbList","@id":"https:\/\/iwell-guard.com\/is\/ea\/#breadcrumb","itemListElement":[{"@type":"ListItem","position":1,"name":"Start","item":"https:\/\/iwell-guard.com\/is\/?page_id=168580"},{"@type":"ListItem","position":2,"name":"Ea"}]},{"@type":"WebSite","@id":"https:\/\/iwell-guard.com\/is\/#website","url":"https:\/\/iwell-guard.com\/is\/","name":"iWell Guard","description":"Schutz vor dunklen Einfl\u00fcssen","publisher":{"@id":"https:\/\/iwell-guard.com\/is\/#organization"},"potentialAction":[{"@type":"SearchAction","target":{"@type":"EntryPoint","urlTemplate":"https:\/\/iwell-guard.com\/is\/?s={search_term_string}"},"query-input":{"@type":"PropertyValueSpecification","valueRequired":true,"valueName":"search_term_string"}}],"inLanguage":"is"},{"@type":"Organization","@id":"https:\/\/iwell-guard.com\/is\/#organization","name":"Ittermann electronic GmbH","url":"https:\/\/iwell-guard.com\/is\/","logo":{"@type":"ImageObject","inLanguage":"is","@id":"https:\/\/iwell-guard.com\/is\/#\/schema\/logo\/image\/","url":"https:\/\/iwell-guard.com\/wp-content\/uploads\/2026\/05\/Ittermann-Logo-1182x237-1.png","contentUrl":"https:\/\/iwell-guard.com\/wp-content\/uploads\/2026\/05\/Ittermann-Logo-1182x237-1.png","width":1182,"height":237,"caption":"Ittermann electronic GmbH"},"image":{"@id":"https:\/\/iwell-guard.com\/is\/#\/schema\/logo\/image\/"},"sameAs":["https:\/\/pantip.com\/profile\/9367242","https:\/\/micro.blog\/iwellguard","https:\/\/www.diggerslist.com\/iwellguard\/about","https:\/\/skitterphoto.com\/photographers\/2870314\/iwell-guard","https:\/\/iwellguard.wordpress.com\/2026\/06\/06\/iwell-guard\/","https:\/\/hub.docker.com\/u\/iwellguard","https:\/\/www.pinterest.com\/iwellguard\/","https:\/\/bit.ly\/m\/iwellguard","https:\/\/entre-vos-mains.alsace.eu\/profiles\/iwellguard\/activity","https:\/\/gravatar.com\/reallybeded8fd34","https:\/\/naijamatta.com\/iwellguard","https:\/\/www.goodreads.com\/iwellguard","https:\/\/profile.hatena.ne.jp\/iwellguard\/","https:\/\/experiment.com\/users\/iwellguard","https:\/\/wakelet.com\/@iWellGuard82270","https:\/\/www.chordie.com\/forum\/profile.php?id=2555664","https:\/\/www.instapaper.com\/p\/17757966","https:\/\/www.mapleprimes.com\/users\/iwellguard","https:\/\/businesslistingplus.com\/profile\/iwell-guard\/","https:\/\/telegra.ph\/iWell-Guard-06-06","https:\/\/pbase.com\/iwellguard\/iwellguard","https:\/\/b.hatena.ne.jp\/iwellguard\/20260607#bookmark-4788405196491818882","https:\/\/fliphtml5.com\/home\/iwellguard","https:\/\/anyflip.com\/homepage\/cmiwl#About","https:\/\/transfur.com\/Users\/iwellguard","http:\/\/delphi.larsbo.org\/user\/iwellguard","https:\/\/jobs.lajobsportal.org\/profiles\/8380803-iwell-guard","https:\/\/md.chaosdorf.de\/s\/jfbe5SBdJD","https:\/\/www.lingvolive.com\/en-us\/profile\/9ecaeaca-ce11-4e51-9e71-01d55e2bff36\/translations","https:\/\/www.fitday.com\/fitness\/forums\/members\/iwellguard.html","https:\/\/www.mymeetbook.com\/iwellguard","https:\/\/pxhere.com\/en\/photographer-me\/5040798","https:\/\/disqus.com\/by\/iwellguard\/about\/","https:\/\/pastelink.net\/hjwciqwq","https:\/\/pubhtml5.com\/homepage\/scjhn\/","https:\/\/www.bitchute.com\/channel\/2O2eOKzNqujT","https:\/\/audiomack.com\/iwellguard"]}]}},"_links":{"self":[{"href":"https:\/\/iwell-guard.com\/is\/wp-json\/wp\/v2\/pages\/169081","targetHints":{"allow":["GET"]}}],"collection":[{"href":"https:\/\/iwell-guard.com\/is\/wp-json\/wp\/v2\/pages"}],"about":[{"href":"https:\/\/iwell-guard.com\/is\/wp-json\/wp\/v2\/types\/page"}],"author":[{"embeddable":true,"href":"https:\/\/iwell-guard.com\/is\/wp-json\/wp\/v2\/users\/3"}],"replies":[{"embeddable":true,"href":"https:\/\/iwell-guard.com\/is\/wp-json\/wp\/v2\/comments?post=169081"}],"version-history":[{"count":0,"href":"https:\/\/iwell-guard.com\/is\/wp-json\/wp\/v2\/pages\/169081\/revisions"}],"wp:featuredmedia":[{"embeddable":true,"href":"https:\/\/iwell-guard.com\/is\/wp-json\/wp\/v2\/media\/3249"}],"wp:attachment":[{"href":"https:\/\/iwell-guard.com\/is\/wp-json\/wp\/v2\/media?parent=169081"}],"wp:term":[{"taxonomy":"category","embeddable":true,"href":"https:\/\/iwell-guard.com\/is\/wp-json\/wp\/v2\/categories?post=169081"}],"curies":[{"name":"wp","href":"https:\/\/api.w.org\/{rel}","templated":true}]}}