{"id":169078,"date":"2026-09-05T14:05:23","date_gmt":"2026-09-05T14:05:23","guid":{"rendered":"https:\/\/iwell-guard.com\/?page_id=169078"},"modified":"2026-09-05T14:31:43","modified_gmt":"2026-09-05T14:31:43","slug":"dumuzi","status":"publish","type":"page","link":"https:\/\/iwell-guard.com\/is\/dumuzi\/","title":{"rendered":"Dumuzi"},"content":{"rendered":"\t\t<div data-elementor-type=\"wp-page\" data-elementor-id=\"169078\" class=\"elementor elementor-169078 elementor-3019 elementor-bc-flex-widget\" data-elementor-post-type=\"page\">\n\t\t\t\t<div class=\"elementor-element elementor-element-bff8091 e-flex e-con-boxed e-con e-parent\" data-id=\"bff8091\" data-element_type=\"container\" data-e-type=\"container\" data-settings=\"{&quot;background_background&quot;:&quot;classic&quot;}\">\n\t\t\t\t\t<div class=\"e-con-inner\">\n\t\t<div class=\"elementor-element elementor-element-7ab6452 e-flex e-con-boxed e-con e-child\" data-id=\"7ab6452\" data-element_type=\"container\" data-e-type=\"container\">\n\t\t\t\t\t<div class=\"e-con-inner\">\n\t\t<div class=\"elementor-element elementor-element-c235633 e-con-full e-flex e-con e-child\" data-id=\"c235633\" data-element_type=\"container\" data-e-type=\"container\">\n\t\t\t\t<div class=\"elementor-element elementor-element-3b6d68c elementor-widget elementor-widget-heading\" data-id=\"3b6d68c\" data-element_type=\"widget\" data-e-type=\"widget\" data-widget_type=\"heading.default\">\n\t\t\t\t\t<h1 class=\"elementor-heading-title elementor-size-default\">Dumuzi, mes\u00f3p\u00f3tam\u00edskur hjar\u00f0ar- og gr\u00f3\u00f0urgu\u00f0<\/h1>\t\t\t\t<\/div>\n\t\t\t\t<div class=\"elementor-element elementor-element-9d3da3c elementor-widget elementor-widget-text-editor\" data-id=\"9d3da3c\" data-element_type=\"widget\" data-e-type=\"widget\" data-widget_type=\"text-editor.default\">\n\t\t\t\t\t\t\t\t\t<p>Dumuzi er mes\u00f3p\u00f3tam\u00edskur hir\u00f0is- og gr\u00f3\u00f0urgu\u00f0, en dau\u00f0i hans og endurkoma endurspegla \u00e1rst\u00ed\u00f0askiptin. Dumuzi, \u00ed akkad\u00edskri mynd Tammuz, er fornmes\u00f3p\u00f3tam\u00edskur hir\u00f0isgu\u00f0, ungur eiginma\u00f0ur gy\u00f0junnar Inn\u00f6nnu (Ishtar) og lykilpers\u00f3na \u00ed fr\u00e1s\u00f6gnum um dau\u00f0a og endurkomu \u00ed fornmes\u00f3p\u00f3tamskri tr\u00fa.<\/p><p>Go\u00f0s\u00f6gn (<span class=\"iwg-fachbegriff\" data-tooltip=\"Yfirlifu\u00f0 fr\u00e1s\u00f6gn um gu\u00f0i, uppruna og skipan heimsins.\" tabindex=\"0\">go\u00f0s\u00f6gn<\/span>) hans, sem fjallar um hringr\u00e1s falls hans ni\u00f0ur \u00ed undirheima og hlutfallslega endurkomu hans til lands hinna lifandi, er me\u00f0al \u00e1hrifamestu texta forns\u00famerskra b\u00f3kmennta og hefur m\u00f3ta\u00f0 tr\u00faarhugmyndir um allan Austurl\u00f6nd n\u00e6r til forna.<\/p>\t\t\t\t\t\t\t\t<\/div>\n\t\t\t\t<\/div>\n\t\t<div class=\"elementor-element elementor-element-7281f62 e-con-full e-flex e-con e-parent\" data-id=\"7281f62\" data-element_type=\"container\" data-e-type=\"container\">\n\t\t\t\t<div class=\"elementor-element elementor-element-83518db elementor-widget elementor-widget-html\" data-id=\"83518db\" data-element_type=\"widget\" data-e-type=\"widget\" data-widget_type=\"html.default\">\n\t\t\t\t\t<div class=\"iwg-pill-row\"><span class=\"iwg-klasse-badge\" tabindex=\"0\" data-tooltip=\"Gu\u00f0 \/ gy\u00f0ja: Pers\u00f3nuger\u00f0 \u00e6\u00f0sta vald \u00ed go\u00f0heimi menningar, me\u00f0 sk\u00fdrum \u00e1byrg\u00f0arsvi\u00f0um \u2014 n\u00e1tt\u00faru\u00f6fl, \u00f6rl\u00f6g, str\u00ed\u00f0, frj\u00f3semi. D\u00fdrku\u00f0 me\u00f0 helgisi\u00f0um, f\u00f3rnum og musterisstofnunum.\">Gu\u00f0<\/span><a href=\"https:\/\/iwell-guard.com\/is\/mesopotamia\/\" class=\"iwg-kultur-badge\" tabindex=\"0\" data-tooltip=\"Vagga skjalfestrar tr\u00faarbrag\u00f0a \u2014 S\u00famer, Akkad, Bab\u00fdlon, Ass\u00fdr\u00eda (um 3500 f.Kr. til 330 f.Kr.).\">Mes\u00f3p\u00f3tam\u00eda<\/a><\/div>\t\t\t\t<\/div>\n\t\t\t\t<\/div>\n\t\t<div class=\"elementor-element elementor-element-ec397f2 e-con-full e-flex e-con e-child\" data-id=\"ec397f2\" data-element_type=\"container\" data-e-type=\"container\">\n\t\t\t\t<div class=\"elementor-element elementor-element-0cc6dd4 elementor-toc--minimized-on-tablet elementor-widget elementor-widget-table-of-contents\" data-id=\"0cc6dd4\" data-element_type=\"widget\" data-e-type=\"widget\" data-settings=\"{&quot;exclude_headings_by_selector&quot;:[],&quot;no_headings_message&quot;:&quot;Engar undirfyrirsagnir fundust \\u00e1 \\u00feessari s\\u00ed\\u00f0u.&quot;,&quot;headings_by_tags&quot;:[&quot;h2&quot;,&quot;h3&quot;],&quot;marker_view&quot;:&quot;bullets&quot;,&quot;icon&quot;:{&quot;value&quot;:&quot;fas fa-circle&quot;,&quot;library&quot;:&quot;fa-solid&quot;,&quot;rendered_tag&quot;:&quot;&lt;svg class=\\&quot;e-font-icon-svg e-fas-circle\\&quot; viewBox=\\&quot;0 0 512 512\\&quot; xmlns=\\&quot;http:\\\/\\\/www.w3.org\\\/2000\\\/svg\\&quot;&gt;&lt;path d=\\&quot;M256 8C119 8 8 119 8 256s111 248 248 248 248-111 248-248S393 8 256 8z\\&quot;&gt;&lt;\\\/path&gt;&lt;\\\/svg&gt;&quot;},&quot;minimize_box&quot;:&quot;yes&quot;,&quot;minimized_on&quot;:&quot;tablet&quot;,&quot;hierarchical_view&quot;:&quot;yes&quot;,&quot;min_height&quot;:{&quot;unit&quot;:&quot;px&quot;,&quot;size&quot;:&quot;&quot;,&quot;sizes&quot;:[]},&quot;min_height_tablet&quot;:{&quot;unit&quot;:&quot;px&quot;,&quot;size&quot;:&quot;&quot;,&quot;sizes&quot;:[]},&quot;min_height_mobile&quot;:{&quot;unit&quot;:&quot;px&quot;,&quot;size&quot;:&quot;&quot;,&quot;sizes&quot;:[]}}\" data-widget_type=\"table-of-contents.default\">\n\t\t\t\t\t\t\t\t\t<div class=\"elementor-toc__header\">\n\t\t\t\t\t\t<h2 class=\"elementor-toc__header-title\">\n\t\t\t\tEfnisyfirlit\t\t\t<\/h2>\n\t\t\t\t\t\t\t\t\t\t<div class=\"elementor-toc__toggle-button elementor-toc__toggle-button--expand\" role=\"button\" tabindex=\"0\" aria-controls=\"elementor-toc__0cc6dd4\" aria-expanded=\"true\" aria-label=\"Open table of contents\"><svg aria-hidden=\"true\" class=\"e-font-icon-svg e-fas-chevron-down\" viewBox=\"0 0 448 512\" xmlns=\"http:\/\/www.w3.org\/2000\/svg\"><path d=\"M207.029 381.476L12.686 187.132c-9.373-9.373-9.373-24.569 0-33.941l22.667-22.667c9.357-9.357 24.522-9.375 33.901-.04L224 284.505l154.745-154.021c9.379-9.335 24.544-9.317 33.901.04l22.667 22.667c9.373 9.373 9.373 24.569 0 33.941L240.971 381.476c-9.373 9.372-24.569 9.372-33.942 0z\"><\/path><\/svg><\/div>\n\t\t\t\t<div class=\"elementor-toc__toggle-button elementor-toc__toggle-button--collapse\" role=\"button\" tabindex=\"0\" aria-controls=\"elementor-toc__0cc6dd4\" aria-expanded=\"true\" aria-label=\"Close table of contents\"><svg aria-hidden=\"true\" class=\"e-font-icon-svg e-fas-chevron-up\" viewBox=\"0 0 448 512\" xmlns=\"http:\/\/www.w3.org\/2000\/svg\"><path d=\"M240.971 130.524l194.343 194.343c9.373 9.373 9.373 24.569 0 33.941l-22.667 22.667c-9.357 9.357-24.522 9.375-33.901.04L224 227.495 69.255 381.516c-9.379 9.335-24.544 9.317-33.901-.04l-22.667-22.667c-9.373-9.373-9.373-24.569 0-33.941L207.03 130.525c9.372-9.373 24.568-9.373 33.941-.001z\"><\/path><\/svg><\/div>\n\t\t\t\t\t<\/div>\n\t\t\t\t<div id=\"elementor-toc__0cc6dd4\" class=\"elementor-toc__body\">\n\t\t\t<div class=\"elementor-toc__spinner-container\">\n\t\t\t\t<svg class=\"elementor-toc__spinner eicon-animation-spin e-font-icon-svg e-eicon-loading\" aria-hidden=\"true\" viewBox=\"0 0 1000 1000\" xmlns=\"http:\/\/www.w3.org\/2000\/svg\"><path d=\"M500 975V858C696 858 858 696 858 500S696 142 500 142 142 304 142 500H25C25 237 238 25 500 25S975 237 975 500 763 975 500 975Z\"><\/path><\/svg>\t\t\t<\/div>\n\t\t<\/div>\n\t\t\t\t\t\t<\/div>\n\t\t\t\t<\/div>\n\t\t\t\t\t<\/div>\n\t\t\t\t<\/div>\n\t\t<div class=\"elementor-element elementor-element-c5c46a3 e-con-full e-flex e-con e-child\" data-id=\"c5c46a3\" data-element_type=\"container\" data-e-type=\"container\">\n\t\t\t\t<div class=\"elementor-element elementor-element-e3c3eae iwg-hero-image elementor-widget elementor-widget-image\" data-id=\"e3c3eae\" data-element_type=\"widget\" data-e-type=\"widget\" data-widget_type=\"image.default\">\n\t\t\t\t\t\t\t\t\t\t\t\t\t\t\t<img fetchpriority=\"high\" decoding=\"async\" width=\"683\" height=\"1024\" src=\"https:\/\/iwell-guard.com\/wp-content\/uploads\/2026\/05\/goetter_mesopotamien_dumuzi-683x1024.webp\" class=\"attachment-large size-large wp-image-170706\" alt=\"Dumuzi - Gu\u00f0ir \u00far mes\u00f3p\u00f3tam\u00edskri hef\u00f0, s\u00f6guleg og myndr\u00e6n framsetning\" srcset=\"https:\/\/iwell-guard.com\/wp-content\/uploads\/2026\/05\/goetter_mesopotamien_dumuzi-683x1024.webp 683w, https:\/\/iwell-guard.com\/wp-content\/uploads\/2026\/05\/goetter_mesopotamien_dumuzi-200x300.webp 200w, https:\/\/iwell-guard.com\/wp-content\/uploads\/2026\/05\/goetter_mesopotamien_dumuzi-768x1152.webp 768w, https:\/\/iwell-guard.com\/wp-content\/uploads\/2026\/05\/goetter_mesopotamien_dumuzi.webp 1024w\" sizes=\"(max-width: 683px) 100vw, 683px\" \/>\t\t\t\t\t\t\t\t\t\t\t\t\t\t\t<\/div>\n\t\t\t\t<\/div>\n\t\t\t\t\t<\/div>\n\t\t\t\t<\/div>\n\t\t<div class=\"elementor-element elementor-element-5200572 e-con-boxed e-flex e-con e-parent\" data-id=\"5200572\" data-element_type=\"container\" data-e-type=\"container\">\n\t\t\t\t\t<div class=\"e-con-inner\">\n\t\t<div class=\"elementor-element elementor-element-132083b e-con-full e-flex e-con e-child\" data-id=\"132083b\" data-element_type=\"container\" data-e-type=\"container\">\n\t\t\t\t<div class=\"elementor-element elementor-element-04820bf elementor-widget elementor-widget-heading\" data-id=\"04820bf\" data-element_type=\"widget\" data-e-type=\"widget\" data-widget_type=\"heading.default\">\n\t\t\t\t\t<h2 class=\"elementor-heading-title elementor-size-default\">Go\u00f0s\u00f6gn og uppruni<\/h2>\t\t\t\t<\/div>\n\t\t\t\t<div class=\"elementor-element elementor-element-303e748 elementor-widget elementor-widget-text-editor\" data-id=\"303e748\" data-element_type=\"widget\" data-e-type=\"widget\" data-widget_type=\"text-editor.default\">\n\t\t\t\t\t\t\t\t\t<p>Dumuzi er sta\u00f0festur \u00ed forns\u00famerskum textum sem hjar\u00f0argu\u00f0 sem verndar hj\u00f6r\u00f0ina og \u00fear me\u00f0 l\u00edfsvi\u00f0urv\u00e6ri sveitaf\u00f3lks. Nafn hans \u00fe\u00fd\u00f0ir \u00abhinn tr\u00fafasti sonur\u00bb.<\/p><p>\u00cd fornum konungat\u00f6lum S\u00famera er hann talinn upp sem go\u00f0sagnakenndur konungur af Bad-tibira, einni af borgunum fyrir fl\u00f3\u00f0i\u00f0 mikla. \u00deessi konungslega sta\u00f0a tengir hann n\u00e1i\u00f0 vi\u00f0 p\u00f3lit\u00edska sj\u00e1lfsmynd forns\u00famersku borgr\u00edkjanna.<\/p>\n<p>Mikilv\u00e6gasta go\u00f0s\u00f6gulega samhengi hans er sambandi\u00f0 vi\u00f0 In\u00f6nnu, gy\u00f0ju \u00e1star, herna\u00f0ar og frj\u00f3semi. \u00cd \u00e1starlj\u00f3\u00f0unum \u00abDumuzi og Inanna\u00bb og \u00abBr\u00fa\u00f0kaup In\u00f6nnu\u00bb er \u00e1stleitni \u00feeirra gu\u00f0a l\u00fdst \u00e1 l\u00edkamlegu og er\u00f3t\u00edsku m\u00e1li.<\/p><p>Textarnir eru mikilv\u00e6gir fyrir tr\u00faarbrag\u00f0as\u00f6gu \u00fev\u00ed \u00feeir m\u00f3ta hugmyndina um br\u00fa\u00f0kaupsl\u00edking milli gu\u00f0a, \u00fear sem \u00e1rlegri frj\u00f3semi og heimsskipan er samofi\u00f0.<\/p>\n<p>Meginfr\u00e1s\u00f6gnin um Dumuzi er lj\u00f3\u00f0i\u00f0 \u00abFer\u00f0 In\u00f6nnu til undirheima\u00bb. Inanna gengur ni\u00f0ur \u00ed r\u00edki systur sinnar Ereshkigal, er drepin \u00fear og a\u00f0 lokum vakin til l\u00edfs, en a\u00f0eins me\u00f0 \u00fev\u00ed skilyr\u00f0i a\u00f0 h\u00fan finni sta\u00f0gengil. H\u00fan velur Dumuzi, sem sat \u00e1hyggjulaus \u00ed h\u00e1s\u00e6ti hennar \u00ed sta\u00f0 \u00feess a\u00f0 syrgja.<\/p><p>Galla-dj\u00f6flarnir draga hann ni\u00f0ur \u00ed undirheima. Systir hans Geshtinanna, gy\u00f0ja v\u00ednvi\u00f0arins, bo\u00f0ast til a\u00f0 koma \u00ed hans sta\u00f0 hluta \u00e1rsins, \u00feannig a\u00f0 Dumuzi og Geshtinanna dvelja til skiptis \u00e1rlega \u00ed undirheimum og \u00ed heimi lifandi.<\/p>\n<p>\u00deessi fr\u00e1s\u00f6gn tengist landb\u00fana\u00f0ardagatalinu: Dumuzi var talinn ungur gr\u00f3\u00f0urgu\u00f0, en hnignun hans \u00ed \u00feurrum sumrinum var fylgt eftir me\u00f0 h\u00e1v\u00e6rum harmat\u00ed\u00f0um, og endurkoma hans \u00e1 vorin var fagna\u00f0 me\u00f0 h\u00e1t\u00ed\u00f0um.<\/p><p>Austursem\u00edska myndin Tamm\u00faz gaf m\u00e1nu\u00f0inum \u00ed hebreska t\u00edmatalinu nafn sitt, og \u00ed bibl\u00edub\u00f3kinni Esek\u00edel eru nefndar konur sem gr\u00e9tu Tamm\u00faz \u00ed Jer\u00fasalem, sem sta\u00f0festir \u00fatbrei\u00f0slu d\u00fdrkunarinnar \u00fat fyrir Mes\u00f3p\u00f3tam\u00edu.<\/p>\t\t\t\t\t\t\t\t<\/div>\n\t\t\t\t<\/div>\n\t\t<div class=\"elementor-element elementor-element-72dca9c e-con-full e-flex e-con e-child\" data-id=\"72dca9c\" data-element_type=\"container\" data-e-type=\"container\">\n\t\t\t\t<div class=\"elementor-element elementor-element-7c5362d elementor-widget elementor-widget-heading\" data-id=\"7c5362d\" data-element_type=\"widget\" data-e-type=\"widget\" data-widget_type=\"heading.default\">\n\t\t\t\t\t<h2 class=\"elementor-heading-title elementor-size-default\">T\u00e1kn og einkenni<\/h2>\t\t\t\t<\/div>\n\t\t\t\t<div class=\"elementor-element elementor-element-45a4e3f elementor-widget elementor-widget-text-editor\" data-id=\"45a4e3f\" data-element_type=\"widget\" data-e-type=\"widget\" data-widget_type=\"text-editor.default\">\n\t\t\t\t\t\t\t\t\t<p>Dumuzi kemur fram \u00ed myndlist sem ungur, skegglaus ma\u00f0ur me\u00f0 hjar\u00f0arstaf og lambahj\u00f6r\u00f0. \u00cd sumum myndum ber hann stutt kl\u00e6\u00f0i um mitti, \u00ed \u00f6\u00f0rum h\u00e1t\u00ed\u00f0legan br\u00fa\u00f0arkl\u00e6\u00f0na\u00f0, v\u00edsun \u00ed hlutverk hans \u00ed br\u00fa\u00f0kaupsath\u00f6fnum me\u00f0 In\u00f6nnu. \u00c1 innsiglis\u00ferykkjum stendur hann oft vi\u00f0 hli\u00f0 konu sem er au\u00f0kennd sem Inanna me\u00f0 hornak\u00f3r\u00f3nu og skarti.<\/p>\n<p>Lambi\u00f0 er mikilv\u00e6gasta t\u00e1knad\u00fdr hans. \u00dea\u00f0 merkir hann sem verndara sau\u00f0fj\u00e1rr\u00e6ktar, sem l\u00e9k st\u00f3rt hlutverk \u00ed mes\u00f3p\u00f3tam\u00edsku hagkerfi. Ull, mj\u00f3lk og kj\u00f6t voru mikilv\u00e6g v\u00f6ruflokkar, og \u00fev\u00ed haf\u00f0i hjar\u00f0argu\u00f0inn mikilv\u00e6ga st\u00f6\u00f0u \u00ed <span class=\"iwg-fachbegriff\" data-tooltip=\"Heild gu\u00f0a \u00ed tr\u00faarbr\u00f6g\u00f0um e\u00f0a menningu.\" tabindex=\"0\">go\u00f0aveldinu<\/span>.<\/p><p>Br\u00e6\u00f0ur Dumuzis, \u00fear \u00e1 me\u00f0al b\u00f3ndagu\u00f0inn Enkimdu, eru \u00ed forns\u00famersku deilulj\u00f3\u00f0i stilltir upp sem samkeppnisa\u00f0ilar hans, en Inanna k\u00fds \u00e1 endanum hjar\u00f0armanninn.<\/p>\n<p>V\u00ednvi\u00f0urinn er eiginleiki sem er frekar eigna\u00f0ur systur hans Geshtin\u00f6nnu, en vegna n\u00e1innar go\u00f0s\u00f6gulegrar tengingar systkinanna f\u00e6r\u00f0ist hann yfir \u00e1 Dumuzi sj\u00e1lfan.<\/p><p>\u00cd sumum textum kemur Dumuzi fram sem v\u00edns\u00e9rfr\u00e6\u00f0ingur og gjafi \u00e1fengra drykkja. A\u00f0rar pl\u00f6ntur sem tengjast honum eru reyrtegundir m\u00fdranna, \u00fear sem hann leitar skj\u00f3ls undan galla-dj\u00f6flunum samkv\u00e6mt forns\u00famerskri hef\u00f0.<\/p>\t\t\t\t\t\t\t\t<\/div>\n\t\t\t\t<\/div>\n\t\t<div class=\"elementor-element elementor-element-aab866e e-con-full e-flex e-con e-child\" data-id=\"aab866e\" data-element_type=\"container\" data-e-type=\"container\">\n\t\t\t\t<div class=\"elementor-element elementor-element-4d56ca6 elementor-widget elementor-widget-heading\" data-id=\"4d56ca6\" data-element_type=\"widget\" data-e-type=\"widget\" data-widget_type=\"heading.default\">\n\t\t\t\t\t<h2 class=\"elementor-heading-title elementor-size-default\">D\u00fdrkun og tilbei\u00f0sla<\/h2>\t\t\t\t<\/div>\n\t\t\t\t<div class=\"elementor-element elementor-element-319c743 elementor-widget elementor-widget-text-editor\" data-id=\"319c743\" data-element_type=\"widget\" data-e-type=\"widget\" data-widget_type=\"text-editor.default\">\n\t\t\t\t\t\t\t\t\t<p><span class=\"iwg-fachbegriff\" data-tooltip=\"Heild tr\u00faarlegra d\u00fdrkunara\u00f0ger\u00f0a fyrir gu\u00f0 e\u00f0a heilaga pers\u00f3nu.\" tabindex=\"0\">D\u00fdrkun<\/span> Dumuzis haf\u00f0i tvo \u00e1rlega h\u00e1punkta: br\u00fa\u00f0kaupsh\u00e1t\u00ed\u00f0 me\u00f0 In\u00f6nnu \u00e1 vorin og harmah\u00e1t\u00ed\u00f0 um h\u00e1sumar.<\/p><p>\u00cd br\u00fa\u00f0kaupsh\u00e1t\u00ed\u00f0inni, hinu heilaga hj\u00f3nabandi e\u00f0a hieros gamos, voru a\u00f0 \u00f6llum l\u00edkindum framkv\u00e6mdar helgar sameiningar milli prestynju og valdhafa, sem t\u00e1knu\u00f0u br\u00fa\u00f0kaup In\u00f6nnu og Dumuzis. \u00deessi venja er sta\u00f0fest fyrir nokkur s\u00famersk borgr\u00edki, a\u00f0allega \u00dar\u00fak, \u00cds\u00edn og Larsa.<\/p>\n<p>Harmah\u00e1t\u00ed\u00f0in um h\u00e1sumar, \u00ed m\u00e1nu\u00f0inum Du&#8217;uzu (Tamm\u00faz), fylgdi visnun gr\u00f3\u00f0ursins. Konur gr\u00e9tu opinberlega yfir hinum l\u00e1tna hjar\u00f0argu\u00f0i, sungu harmlj\u00f3\u00f0 og f\u00e6r\u00f0u litlar f\u00f3rnargjafir. \u00deessi harmahef\u00f0 er var\u00f0veitt \u00ed b\u00f3kmenntum eins og \u00abHarmlj\u00f3\u00f0 um Dumuzi\u00bb og \u00abHarmlj\u00f3\u00f0 In\u00f6nnu\u00bb, sum \u00e1 mj\u00f6g sk\u00e1ldlegu s\u00famersku m\u00e1li.<\/p>\n<p>\u00cd Bad-tibira, einni af forns\u00famersku borgunum, var Dumuzi borgargu\u00f0. <span class=\"iwg-fachbegriff\" data-tooltip=\"Bygging sem er notu\u00f0 til d\u00fdrkunar \u00e1 einum e\u00f0a fleiri gu\u00f0um.\" tabindex=\"0\">Musteri<\/span> hans var E-mush, \u00abH\u00fasi\u00f0 sn\u00e1ksins\u00bb, sem v\u00edsar til hins \u00fe\u00f3n\u00edska lags d\u00fdrkunarins. \u00cd \u00dar\u00fak, a\u00f0al d\u00fdrkunarmi\u00f0st\u00f6\u00f0 In\u00f6nnu, var Dumuzi d\u00fdrka\u00f0ur vi\u00f0 hli\u00f0 hennar og felldur inn \u00ed h\u00e1t\u00ed\u00f0arathafnir. Merki um d\u00fdrkun hans finnast einnig \u00ed Akkad, Bab\u00fdlon og Nippur.<\/p>\n<p>Austursem\u00edska myndin Tamm\u00faz var s\u00ed\u00f0ar d\u00fdrku\u00f0 langt \u00fat fyrir Mes\u00f3p\u00f3tam\u00edu. \u00c1 Levantasv\u00e6\u00f0inu rann hann a\u00f0 hluta saman vi\u00f0 Ad\u00f3nis, hinn gr\u00edska gr\u00f3\u00f0urunga.<\/p><p>\u00cd f\u00f6nik\u00edskri og s\u00fdrlenskri tr\u00fa voru haldnar samb\u00e6rilegar harmah\u00e1t\u00ed\u00f0ir. Tamm\u00faz-m\u00e1nu\u00f0urinn \u00ed hebreska t\u00edmatalinu, \u00fear sem einnig er minnst ums\u00e1turs Jer\u00fasalem 17. Tamm\u00faz, er s\u00ed\u00f0asta m\u00e1lfarslega spori\u00f0 af d\u00fdrkun hans.<\/p>\t\t\t\t\t\t\t\t<\/div>\n\t\t\t\t<\/div>\n\t\t<div class=\"elementor-element elementor-element-d25eda4 e-con-full e-flex e-con e-child\" data-id=\"d25eda4\" data-element_type=\"container\" data-e-type=\"container\">\n\t\t\t\t<div class=\"elementor-element elementor-element-1ed01dd elementor-widget elementor-widget-heading\" data-id=\"1ed01dd\" data-element_type=\"widget\" data-e-type=\"widget\" data-widget_type=\"heading.default\">\n\t\t\t\t\t<h2 class=\"elementor-heading-title elementor-size-default\">Mikilv\u00e6gar go\u00f0sagnir<\/h2>\t\t\t\t<\/div>\n\t\t\t\t<div class=\"elementor-element elementor-element-af8399e elementor-widget elementor-widget-text-editor\" data-id=\"af8399e\" data-element_type=\"widget\" data-e-type=\"widget\" data-widget_type=\"text-editor.default\">\n\t\t\t\t\t\t\t\t\t<p>\u00abGanga Inn\u00f6nnu til undirheima\u00bb er mikilv\u00e6gasta Dumuzi-<span class=\"iwg-fachbegriff\" data-tooltip=\"Hef\u00f0bundin fr\u00e1s\u00f6gn um gu\u00f0i, uppruna og skipan heimsins.\" tabindex=\"0\">go\u00f0sagan<\/span>. Innanna \u00e1kve\u00f0ur a\u00f0 st\u00edga ni\u00f0ur til undirheima til systur sinnar Eresk\u00edgal, hvort sem \u00fea\u00f0 er af sorg yfir dau\u00f0a eiginmanns Eresk\u00edgal e\u00f0a af l\u00f6ngun til a\u00f0 n\u00e1 yfirr\u00e1\u00f0um yfir undirheimum.<\/p><p>H\u00fan \u00fearf a\u00f0 fara \u00ed gegnum sj\u00f6 hli\u00f0 og vi\u00f0 hvert \u00feeirra l\u00e6tur h\u00fan af hendi hluta af skarti s\u00ednu og kl\u00e6\u00f0um. Nakin og afkl\u00e6dd n\u00e6r h\u00fan h\u00e1s\u00e6ti Eresk\u00edgal, sem drepur hana samstundis. L\u00edk hennar hangir \u00e1 haki \u00ed \u00ferj\u00e1 daga og \u00ferj\u00e1r n\u00e6tur.<\/p><p>Me\u00f0 hj\u00e1lp Enkis, gu\u00f0s viskunnar, er h\u00fan endurl\u00edfgu\u00f0, en l\u00f6g undirheima krefjast sta\u00f0gengils. Innanna leitar um landi\u00f0. Hj\u00e1 Dumuzi finnur h\u00fan hann sitjandi \u00ed h\u00e1s\u00e6ti hennar, \u00edkl\u00e6ddan d\u00fdrindis kl\u00e6\u00f0um og \u00e1n sorgar yfir dau\u00f0a hennar. H\u00fan framselur hann galla-dj\u00f6flunum.<\/p><p>Dumuzi reynir a\u00f0 fl\u00fdja, er ummynda\u00f0ur \u00ed frosk og \u00ed sn\u00e1k, en er a\u00f0 lokum handsama\u00f0ur. Systir hans Geshtinanna sannf\u00e6rir gu\u00f0ina um a\u00f0 taka \u00e1 sig h\u00e1lfan hluta \u00ed hans sta\u00f0, \u00feannig a\u00f0 \u00feau systkinin b\u00faa til skiptis \u00ed undirheimum \u00e1r hvert.<\/p>\n<p>\u00d6nnur fr\u00e1s\u00f6gn, \u00abDraumur Dumuzis\u00bb, greinir fr\u00e1 fyrirbo\u00f0a hjar\u00f0argo\u00f0sins. Hann dreymir um yfirvofandi dau\u00f0a sinn og leitar skj\u00f3ls \u00e1 steppunni, en er eltur af galla-dj\u00f6flunum og a\u00f0 lokum handsama\u00f0ur.<\/p><p>Systir hans Geshtinanna er k\u00f6llu\u00f0 til, en h\u00fan getur ekki bjarga\u00f0 honum, a\u00f0eins deilt \u00f6rl\u00f6gum hans. \u00deessi fr\u00e1s\u00f6gn \u00fe\u00e9ttir <span class=\"iwg-fachbegriff\" data-tooltip=\"Endurteki\u00f0 efnislegt atri\u00f0i \u00ed list e\u00f0a fr\u00e1s\u00f6gn.\" tabindex=\"0\">m\u00f3t\u00edfi\u00f0<\/span> um \u00f3umfl\u00fdjanleg \u00f6rl\u00f6g og systkinatrygg\u00f0.<\/p>\n<p>\u00deri\u00f0ja fr\u00e1s\u00f6gnin er \u00abDumuzi og Enkimdu\u00bb. Innanna \u00e1 a\u00f0 velja milli Dumuzis hjar\u00f0amannsins og Enkimdus b\u00f3ndans. B\u00e1\u00f0ir bi\u00f0la til hennar og upp \u00far \u00fev\u00ed sprettur samr\u00e6\u00f0ukennt deilum\u00e1l.<\/p><p>Innanna \u00e1kve\u00f0ur, ekki \u00e1n hiks, a\u00f0 velja hjar\u00f0amanninn Dumuzi. \u00deessi fr\u00e1s\u00f6gn heyrir til \u00abdeilusamr\u00e6\u00f0anna\u00bb, forns\u00famerskrar b\u00f3kmenntagreinar sem oft ber saman tvo \u00fe\u00e6tti efnahagsl\u00edfsins.<\/p>\t\t\t\t\t\t\t\t<\/div>\n\t\t\t\t<\/div>\n\t\t<div class=\"elementor-element elementor-element-88e5f91 e-con-full e-flex e-con e-child\" data-id=\"88e5f91\" data-element_type=\"container\" data-e-type=\"container\">\n\t\t\t\t<div class=\"elementor-element elementor-element-bcfe98f elementor-widget elementor-widget-heading\" data-id=\"bcfe98f\" data-element_type=\"widget\" data-e-type=\"widget\" data-widget_type=\"heading.default\">\n\t\t\t\t\t<h2 class=\"elementor-heading-title elementor-size-default\">Tengsl innan go\u00f0aheimsins<\/h2>\t\t\t\t<\/div>\n\t\t\t\t<div class=\"elementor-element elementor-element-f511806 elementor-widget elementor-widget-text-editor\" data-id=\"f511806\" data-element_type=\"widget\" data-e-type=\"widget\" data-widget_type=\"text-editor.default\">\n\t\t\t\t\t\t\t\t\t<p>Dumuzi er sonur Sirtur (\u00ed sumum textum einnig k\u00f6llu\u00f0 Duttur), sau\u00f0am\u00f3\u00f0urgy\u00f0ju, og br\u00f3\u00f0ir Geshtin\u00f6nnu, gy\u00f0ju v\u00ednvi\u00f0arins. Mikilv\u00e6gasta samband hans er vi\u00f0 Inn\u00f6nnu, gy\u00f0ju \u00e1star og str\u00ed\u00f0s. \u00deetta samband er \u00ed senn er\u00f3t\u00edskt, landb\u00fana\u00f0arlegt og heimsfr\u00e6\u00f0ilegt og er \u00ed brennidepli \u00ed nokkrum go\u00f0sagnatextum.<\/p>\n<p>Vi\u00f0 Ereshkigal, gy\u00f0ju undirheimanna og systur Inn\u00f6nnu, er Dumuzi a\u00f0eins \u00f3beint tengdur, en \u00fe\u00f3 gegnum hringlaga vi\u00f0veru s\u00edna \u00ed r\u00edki hennar. Vi\u00f0 Enkimdu, b\u00f3ndagu\u00f0inn, stendur hann \u00ed go\u00f0sagnalegri samkeppni sem \u00fe\u00f3 lei\u00f0ir ekki til upplausnar sameiginlegs efnahagslegs hlutverks \u00ed forns\u00famerskri <span class=\"iwg-fachbegriff\" data-tooltip=\"V\u00edsindaleg fr\u00e6\u00f0i um gu\u00f0 og tr\u00fa tiltekinna tr\u00faarbrag\u00f0a.\" tabindex=\"0\">gu\u00f0fr\u00e6\u00f0i<\/span>.<\/p>\n<p>\u00cd hinu v\u00ed\u00f0ara <span class=\"iwg-fachbegriff\" data-tooltip=\"Heild gu\u00f0anna \u00ed tr\u00faarbr\u00f6g\u00f0um e\u00f0a menningu.\" tabindex=\"0\">go\u00f0aveldi<\/span> deilir Dumuzi m\u00f6rgum eiginleikum me\u00f0 Damu, \u00f6\u00f0rum l\u00e6kninga- og gr\u00f3\u00f0urgu\u00f0i. \u00cd s\u00ed\u00f0ari textum runnu gu\u00f0irnir tveir a\u00f0 hluta saman. \u00cd s\u00fdrlensk-vestursem\u00edskri hef\u00f0 var hann samsama\u00f0ur Adonis, og \u00ed s\u00ed\u00f0forn\u00f6ld \u00ed <span class=\"iwg-fachbegriff\" data-tooltip=\"Samruni hugmynda e\u00f0a gu\u00f0a \u00far \u00f3l\u00edkum tr\u00faarhef\u00f0um.\" tabindex=\"0\">samruna<\/span> vi\u00f0 Osiris \u00ed samb\u00e6rilegum gr\u00f3\u00f0urgo\u00f0s\u00f6gnum.<\/p>\n<p>Dumuzi er n\u00e1i\u00f0 tengdur Damu, l\u00e6kningagu\u00f0i fr\u00e1 Isin, en m\u00f3\u00f0ir hans Ninisinna syrgir hann sem t\u00fdndan son. Harmlj\u00f3\u00f0in um Damu og Dumuzi eru a\u00f0 hluta samtvinnu\u00f0, \u00feannig a\u00f0 erfitt er stundum a\u00f0 greina \u00feessar tv\u00e6r go\u00f0sagnapers\u00f3nur \u00ed sundur. Mark Cohen og Andrew George hafa t\u00falka\u00f0 \u00feetta fyrirb\u00e6ri, samruna harmlj\u00f3\u00f0anna, sem aflei\u00f0ingu af sv\u00e6\u00f0isbundinni breytingu \u00ed helgisi\u00f0ahef\u00f0.<\/p>\n<p>Vi\u00f0 Ningishzida, undirheimagu\u00f0 og dyrav\u00f6r\u00f0 Anu-hallarinnar, hefur Dumuzi einkennilegt tv\u00f6falt hlutverk: b\u00e1\u00f0ir eru \u00ed sumum textum nefndir dyr Anu-heimsins og \u00e1kalla\u00f0ir saman af Adapa. \u00deessi tv\u00f6falda \u00edmynd er birtingarmynd \u00feeirrar mes\u00f3p\u00f3tam\u00edsku hugmyndar a\u00f0 hli\u00f0i\u00f0 milli l\u00edfs og dau\u00f0a s\u00e9 vari\u00f0 af fleiri gu\u00f0um \u00ed sameiningu.<\/p>\t\t\t\t\t\t\t\t<\/div>\n\t\t\t\t<\/div>\n\t\t<div class=\"elementor-element elementor-element-3984e39 e-con-full e-flex e-con e-child\" data-id=\"3984e39\" data-element_type=\"container\" data-e-type=\"container\">\n\t\t\t\t<div class=\"elementor-element elementor-element-e65b92e elementor-widget elementor-widget-heading\" data-id=\"e65b92e\" data-element_type=\"widget\" data-e-type=\"widget\" data-widget_type=\"heading.default\">\n\t\t\t\t\t<h2 class=\"elementor-heading-title elementor-size-default\">M\u00f3ttaka og \u00e1hrif<\/h2>\t\t\t\t<\/div>\n\t\t\t\t<div class=\"elementor-element elementor-element-55ffa98 elementor-widget elementor-widget-text-editor\" data-id=\"55ffa98\" data-element_type=\"widget\" data-e-type=\"widget\" data-widget_type=\"text-editor.default\">\n\t\t\t\t\t\t\t\t\t<p>Go\u00f0s\u00f6gnin (<span class=\"iwg-fachbegriff\" data-tooltip=\"Yfirlifu\u00f0 fr\u00e1s\u00f6gn um gu\u00f0i, uppruna og skipan heimsins.\" tabindex=\"0\">go\u00f0s\u00f6gn<\/span>) um Dumuzi og Inn\u00f6nnu er me\u00f0al \u00feeirra fornmes\u00f3p\u00f3tamsku texta sem oftast er vitna\u00f0 til \u00ed n\u00fat\u00edma tr\u00faarbrag\u00f0as\u00f6gu.<\/p><p>James George Frazer fjalla\u00f0i \u00edtarlega um Dumuzi-Tammuz \u00ed verki s\u00ednu \u00abThe Golden Bough\u00bb, \u00fear sem hann greindi hann sem d\u00e6mi um deyjandi og upprisandi gr\u00f3\u00f0urgu\u00f0i samhli\u00f0a Adonis, Attis og Osiris. \u00deessi samanbur\u00f0ara\u00f0fer\u00f0 er \u00ed dag umdeild a\u00f0fer\u00f0afr\u00e6\u00f0ilega, en hefur haft mikil \u00e1hrif \u00e1 n\u00fat\u00edmaskilning \u00e1 tr\u00faarbr\u00f6g\u00f0um Austurlanda n\u00e6r til forna.<\/p>\n<p>\u00cd s\u00e1lgreiningarlegri m\u00f3tt\u00f6ku 20. aldar var f\u00f6r Inn\u00f6nnu til undirheimanna t\u00falku\u00f0 sem mynd af v\u00edgslu- og \u00feroskaferli. Sylvia Brinton Perera og a\u00f0rir hafa lesi\u00f0 textann sem frumger\u00f0ar fr\u00e1s\u00f6gn af kvenlegri vitund.<\/p>\n<p>\u00cd d\u00e6gurmenningu birtist Tammuz \u00ed sk\u00e1lds\u00f6gum, t\u00f6lvuleikjum og t\u00f3nverkum, oft sem <span class=\"iwg-fachbegriff\" data-tooltip=\"\u00c1\u00fereifanleg mynd sem stendur fyrir \u00f3hlutbundna hugsun.\" tabindex=\"0\">t\u00e1kn<\/span> t\u00fdndrar \u00e6sku e\u00f0a hringr\u00e6nnar endurn\u00fdjunar. \u00cd bibl\u00edufr\u00e6\u00f0um er r\u00e6tt um Tammuz-<span class=\"iwg-fachbegriff\" data-tooltip=\"Heild tr\u00faarlegra tilbei\u00f0sluathafna fyrir gu\u00f0 e\u00f0a heilaga veru.\" tabindex=\"0\">d\u00fdrkun<\/span> sem bakgrunn nokkurra harma- og sorgarforma sem s\u00ed\u00f0ar r\u00f6tu\u00f0u inn \u00ed gy\u00f0inglega og kristna <span class=\"iwg-fachbegriff\" data-tooltip=\"F\u00f6st skipan gu\u00f0s\u00fej\u00f3nustu \u00ed tr\u00faarsamf\u00e9lagi.\" tabindex=\"0\">helgisi\u00f0i<\/span>.<\/p>\n<p>Tammuz-harmlj\u00f3\u00f0aminni er dj\u00fapt r\u00f3tfest \u00ed gy\u00f0inglega-kristinni hef\u00f0. H\u00eder\u00f3n\u00fdmus segir \u00ed 58. br\u00e9fi s\u00ednu til Paulinusar fr\u00e1 Nola a\u00f0 syrgingin um Tammuz hafi enn \u00e1 hans t\u00edma (4. \u00f6ld e.Kr.) t\u00ed\u00f0kast \u00ed s\u00fdrlenskum \u00feorpum \u00ed kringum Betlehem.<\/p><p>\u00deessi s\u00ed\u00f0b\u00fana heimild tengir mes\u00f3p\u00f3tamska gr\u00f3\u00f0urgu\u00f0inn vi\u00f0 \u00fer\u00f3un kristinnar f\u00f6studagslangs harmat\u00ed\u00f0ar. Hans-Peter Mathys hefur \u00ed nokkrum ritger\u00f0um rannsaka\u00f0 l\u00ednuna fr\u00e1 Tammuz-harmlj\u00f3\u00f0um til f\u00f6studagslangs si\u00f0ar og bent \u00e1 tr\u00faars\u00f6gulegar hli\u00f0st\u00e6\u00f0ur, \u00fe\u00f3 \u00e1n beinnar r\u00f3tar eins \u00far \u00f6\u00f0ru.<\/p>\n<p><span data-nosnippet>\u00cd n\u00fat\u00edma lj\u00f3\u00f0list nota\u00f0i T. S. Eliot Dumuzi-Tammuz-samhengi\u00f0 \u00ed \u00abThe Waste Land\u00bb (1922) sem bakgrunnsminni. Tengslin milli \u00abGolden Bough\u00bb Frazers, hins fl\u00f3\u00f0sokkna og \u00feurra lands og hins deyjandi fiskikonungs lei\u00f0a beint aftur til Dumuzi-l\u00ednunnar. Eliot sj\u00e1lfur nefndi Frazer sem meginheimild og setti \u00fear me\u00f0 mes\u00f3p\u00f3tamska tr\u00faars\u00f6gu \u00ed brennidepil b\u00f3kmenntalegrar n\u00fat\u00edmahyggju.<\/span><\/p>\t\t\t\t\t\t\t\t<\/div>\n\t\t\t\t<\/div>\n\t\t<div class=\"elementor-element elementor-element-13d00a9 e-con-full e-flex e-con e-child\" data-id=\"13d00a9\" data-element_type=\"container\" data-e-type=\"container\">\n\t\t\t\t<div class=\"elementor-element elementor-element-f61bbc8 elementor-widget elementor-widget-heading\" data-id=\"f61bbc8\" data-element_type=\"widget\" data-e-type=\"widget\" data-widget_type=\"heading.default\">\n\t\t\t\t\t<h2 class=\"elementor-heading-title elementor-size-default\">Tr\u00faarfr\u00e6\u00f0ileg sta\u00f0setning<\/h2>\t\t\t\t<\/div>\n\t\t\t\t<div class=\"elementor-element elementor-element-ee432df elementor-widget elementor-widget-text-editor\" data-id=\"ee432df\" data-element_type=\"widget\" data-e-type=\"widget\" data-widget_type=\"text-editor.default\">\n\t\t\t\t\t\t\t\t\t<p>Thorkild Jacobsen hefur \u00ed nokkrum ranns\u00f3knum l\u00fdst Dumuzi-<span class=\"iwg-fachbegriff\" data-tooltip=\"Heild tr\u00faarlegra d\u00fdrkunarathafna sem t\u00ed\u00f0kast um gu\u00f0 e\u00f0a heilaga vera.\" tabindex=\"0\">d\u00fdrkuninni<\/span> sem meginheimild fyrir hina forns\u00famersku <span class=\"iwg-fachbegriff\" data-tooltip=\"Fr\u00e6\u00f0ileg kenning um gu\u00f0 og tr\u00fa innan tr\u00faarbrag\u00f0a.\" tabindex=\"0\">gu\u00f0fr\u00e6\u00f0i<\/span> hringlaga dau\u00f0a og endurkomu. Hann s\u00e9r Dumuzi ekki sem einh\u00e6fan gr\u00f3\u00f0urgu\u00f0, heldur sem margslungna veru \u00fear sem hir\u00f0a- og konungshlutverk renna saman.<\/p>\n<p>Jean Bott\u00e9ro leggur \u00e1herslu \u00e1 f\u00e9lagslega r\u00f3tfestu d\u00fdrkunarins. Harmah\u00e1t\u00ed\u00f0irnir \u00ed j\u00fal\u00ed og \u00e1g\u00fast voru opinberir vi\u00f0bur\u00f0ir sem konur t\u00f3ku s\u00e9rstaklega \u00fe\u00e1tt \u00ed, sem gerir Dumuzi, \u00fat fr\u00e1 tr\u00faarbrag\u00f0af\u00e9lagsfr\u00e6\u00f0ilegu sj\u00f3narmi\u00f0i, a\u00f0 gu\u00f0i kvenlegs harmagr\u00e1ts og samf\u00e9lagslegrar sorgar.<\/p><p>Walther Sallaberger hefur endurgert Tamm\u00fas-<span class=\"iwg-fachbegriff\" data-tooltip=\"Heild tr\u00faarlegra d\u00fdrkunarathafna sem t\u00ed\u00f0kast um gu\u00f0 e\u00f0a heilaga vera.\" tabindex=\"0\">d\u00fdrkunina<\/span> \u00ed Ur III-t\u00edmatalinu \u00e1 kerfisbundinn h\u00e1tt og s\u00fdnt a\u00f0 harmat\u00edmabili\u00f0 \u00e1 \u00feurru h\u00e1sumri var n\u00e1kv\u00e6mlega bundi\u00f0 almanakinu.<\/p>\n<p>Stefan Maul, Andrew George og Bendt Alster hafa gefi\u00f0 \u00fat og sk\u00fdrt b\u00f3kmenntatextana. Bendt Alster endurger\u00f0i forns\u00famersku fyrirmyndina \u00ed \u00abDumuzi&#8217;s Dream\u00bb, og Andrew George greindi samspil Dumuzi-efnisins og Gilgameskvi\u00f0u \u00ed \u00abThe Babylonian Gilgamesh Epic\u00bb. Stephanie Dalley \u00fe\u00fdddi <span class=\"iwg-fachbegriff\" data-tooltip=\"Fr\u00e1s\u00f6gn sem var\u00f0veist hefur um gu\u00f0i, uppruna og skipan heimsins.\" tabindex=\"0\">go\u00f0s\u00f6gnina<\/span> \u00abInanna&#8217;s Descent to the Netherworld\u00bb fyrir brei\u00f0ari lesendah\u00f3p.<\/p>\t\t\t\t\t\t\t\t<\/div>\n\t\t\t\t<\/div>\n\t\t<div class=\"elementor-element elementor-element-ae2ac28 e-con-full e-flex e-con e-child\" data-id=\"ae2ac28\" data-element_type=\"container\" data-e-type=\"container\">\n\t\t\t\t<div class=\"elementor-element elementor-element-a2b04dc elementor-widget elementor-widget-heading\" data-id=\"a2b04dc\" data-element_type=\"widget\" data-e-type=\"widget\" data-widget_type=\"heading.default\">\n\t\t\t\t\t<h2 class=\"elementor-heading-title elementor-size-default\">F\u00f6r Inn\u00f6nnu og dau\u00f0i Dumuzis<\/h2>\t\t\t\t<\/div>\n\t\t\t\t<div class=\"elementor-element elementor-element-11d7562 elementor-widget elementor-widget-text-editor\" data-id=\"11d7562\" data-element_type=\"widget\" data-e-type=\"widget\" data-widget_type=\"text-editor.default\">\n\t\t\t\t\t\t\t\t\t<p><span data-nosnippet>Mikilv\u00e6gasta <span class=\"iwg-fachbegriff\" data-tooltip=\"Fr\u00e1s\u00f6gn sem var\u00f0veist hefur um gu\u00f0i, uppruna og skipan heimsins.\" tabindex=\"0\">go\u00f0s\u00f6gnin<\/span> um Dumuzi er \u00abInanna&#8217;s Descent to the Netherworld\u00bb, s\u00famerskur texti \u00ed 412 l\u00ednum, sem er me\u00f0al \u00fe\u00e9ttustu fr\u00e1sagna mes\u00f3p\u00f3tam\u00edskra b\u00f3kmennta. Textinn var fyrst gefinn \u00fat \u00e1 v\u00edsindalegan h\u00e1tt af Samuel Noah Kramer 1937 og \u00ed heildst\u00e6\u00f0u formi af William R. Sladek 1974 \u00ed doktorsritger\u00f0 sinni \u00abInanna&#8217;s Descent to the Netherworld\u00bb.<\/span><\/p><p>Innanna, gy\u00f0ja \u00e1star og herna\u00f0ar, st\u00edgur ni\u00f0ur \u00ed r\u00edki systur sinnar Ereshkigal til a\u00f0 krefjast valdsins \u00fear. Vi\u00f0 hverja af sj\u00f6 hli\u00f0um undirheimanna ver\u00f0ur h\u00fan a\u00f0 leggja fr\u00e1 s\u00e9r fl\u00edk e\u00f0a skartgrip, \u00fear til h\u00fan stendur nakin fyrir h\u00e1s\u00e6ti Ereshkigal og deyr.<\/p>\n<p>Enki bjargar henni me\u00f0 tveimur verum \u00far leiri, Galaturra og Kurgarra, sem taka vi\u00f0 harmakveini Ereshkigal og f\u00e1 \u00ed sta\u00f0inn leyfi til a\u00f0 lei\u00f0a Inn\u00f6nnu aftur til l\u00edfsins. Innanna sn\u00fdr \u00fe\u00f3 a\u00f0eins til baka me\u00f0 \u00fev\u00ed skilyr\u00f0i a\u00f0 senda sta\u00f0gengil \u00ed undirheimana.<\/p><p>H\u00fan finnur eiginmann sinn Dumuzi sitjandi \u00ed konunglegum skr\u00fa\u00f0a \u00ed h\u00e1s\u00e6ti h\u00e1t\u00ed\u00f0arins, \u00ed sta\u00f0 \u00feess a\u00f0 syrgja hana. \u00c6f af rei\u00f0i v\u00edsar h\u00fan honum til Galla-dj\u00f6flanna, sem draga hann ni\u00f0ur \u00ed undirheimana. \u00deessi atbur\u00f0ar\u00e1s er go\u00f0sagnafr\u00e6\u00f0ilega \u00fatsk\u00fdringin \u00e1 \u00e1rlegu hvarfi Dumuzis, sem fellur saman vi\u00f0 sumarlega \u00feurrkat\u00ed\u00f0.<\/p>\n<p>A\u00f0 hluta leysist m\u00e1li\u00f0 me\u00f0 Geshtin\u00f6nnu, systur Dumuzis. H\u00fan b\u00ed\u00f0ur sig fram til a\u00f0 taka vi\u00f0 st\u00f6\u00f0u hans \u00ed undirheimunum h\u00e1lft \u00e1ri\u00f0, \u00feannig a\u00f0 Dumuzi og Geshtinanna skiptast \u00e1 \u00e1 sex m\u00e1na\u00f0a fresti.<\/p><p>\u00deessi lausn \u00e1rst\u00ed\u00f0abundinnar skiptingar er tr\u00faarbrag\u00f0afr\u00e6\u00f0ilega tengd \u00f6rl\u00f6gum Persef\u00f3nu \u00ed gr\u00edska Demeter-<span class=\"iwg-fachbegriff\" data-tooltip=\"Fr\u00e1s\u00f6gn sem var\u00f0veist hefur um gu\u00f0i, uppruna og skipan heimsins.\" tabindex=\"0\">go\u00f0s\u00f6gninni<\/span>. Thorkild Jacobsen benti \u00ed \u00abThe Treasures of Darkness\u00bb \u00e1 formfr\u00e6\u00f0ilegar hli\u00f0st\u00e6\u00f0ur og gaf til kynna m\u00f6gulega d\u00e6miger\u00f0a skyldleika, \u00e1n \u00feess a\u00f0 halda fram beinum tengslum.<\/p>\t\t\t\t\t\t\t\t<\/div>\n\t\t\t\t<\/div>\n\t\t<div class=\"elementor-element elementor-element-20f680d e-con-full e-flex e-con e-child\" data-id=\"20f680d\" data-element_type=\"container\" data-e-type=\"container\">\n\t\t\t\t<div class=\"elementor-element elementor-element-6361ff8 elementor-widget elementor-widget-heading\" data-id=\"6361ff8\" data-element_type=\"widget\" data-e-type=\"widget\" data-widget_type=\"heading.default\">\n\t\t\t\t\t<h2 class=\"elementor-heading-title elementor-size-default\">Harmakv\u00e6\u00f0i og h\u00e1t\u00ed\u00f0atal<\/h2>\t\t\t\t<\/div>\n\t\t\t\t<div class=\"elementor-element elementor-element-997c227 elementor-widget elementor-widget-text-editor\" data-id=\"997c227\" data-element_type=\"widget\" data-e-type=\"widget\" data-widget_type=\"text-editor.default\">\n\t\t\t\t\t\t\t\t\t<p><span data-nosnippet>Dumuzi-harmagr\u00e1tur er s\u00e9rst\u00f6k grein mes\u00f3p\u00f3tam\u00edskra b\u00f3kmennta, sem sungin var \u00ed heitustu m\u00e1nu\u00f0um \u00e1rsins, Du&#8217;uzu (j\u00fan\u00ed og j\u00fal\u00ed). Var\u00f0veitt eru meira en t\u00f3lf sl\u00edk harmlj\u00f3\u00f0 \u00e1 s\u00famerskri og akkad\u00edskri tungu, gefin \u00fat af Mark Cohen \u00ed \u00abThe Canonical Lamentations of Ancient Mesopotamia\u00bb (1988).<\/span><\/p><p>Me\u00f0al \u00feekktra texta eru \u00abEdina usagake\u00bb, \u00ab\u00cd steppunni \u00ed hinu unga grasi\u00bb, og \u00abUshumgalkalama\u00bb, \u00abDrekinn landsins\u00bb. \u00deessir textar l\u00fdsa In\u00f6nnu, e\u00f0a systur hennar Geshtin\u00f6nnu, \u00ed leit a\u00f0 hinum horfna Dumuzi og eru samdir \u00ed mj\u00f6g endurtekningars\u00f6mum harmagr\u00e1ts-st\u00edl sem vegur upp \u00e1 m\u00f3ti hinum helgisi\u00f0abundna frambur\u00f0arh\u00e6tti.<\/p>\n<p>Harmagr\u00e1turinn var flutt af faglegum harmakonum, sem kalla\u00f0ar voru gala, oft \u00e1 kvennam\u00e1li, emesal. Emesal-textarnir eru m\u00e1lfr\u00e6\u00f0ilega og hlj\u00f3\u00f0fr\u00e6\u00f0ilega a\u00f0greindir fr\u00e1 venjulegri s\u00famerskri tungu, emegir.<\/p><p>Gala-konurnar tilheyr\u00f0u s\u00e9rstakri st\u00e9tt helgisi\u00f0af\u00f3lks, en f\u00e9lagslega st\u00f6\u00f0u \u00feeirra hefur Walther Sallaberger rannsaka\u00f0 \u00edtarlega. Harmagr\u00e1tur \u00feeirra var hluti af heimsfr\u00e6\u00f0ilegri ath\u00f6fn, \u00fear sem hvarf gr\u00f3\u00f0urgu\u00f0sins var syrgt og heimkoma hans a\u00f0 haustinu var undirb\u00fain me\u00f0 gr\u00e1tinum.<\/p>\n<p>\u00cd helgisi\u00f0adagatalinu var Du&#8217;uzu-m\u00e1nu\u00f0urinn, um h\u00e1sumar, haldinn sem sorgart\u00edmi fyrir Dumuzi. Konur f\u00f3rnu\u00f0u harmlj\u00f3\u00f0um, oft \u00e1samt sj\u00e1lfspyningarsi\u00f0um og \u00f6skustreyingu.<\/p><p>\u00deessir si\u00f0ir eru sta\u00f0festir me\u00f0 \u00f3beinum h\u00e6tti \u00ed Esek\u00edel 8,14, \u00fear sem sp\u00e1ma\u00f0urinn s\u00e9r \u00abkonurnar, sem gr\u00e1ta Tamm\u00fas\u00bb vi\u00f0 hli\u00f0 musteris \u00ed Jer\u00fasalem og ford\u00e6mir \u00feennan si\u00f0. \u00deessi bibl\u00edusta\u00f0ur s\u00fdnir hversu langt Dumuzi-<span class=\"iwg-fachbegriff\" data-tooltip=\"Heild \u00feeirra tr\u00faarlegu tilbei\u00f0sluathafna sem t\u00ed\u00f0kast um gu\u00f0 e\u00f0a heilaga v\u00e6tt.\" tabindex=\"0\">d\u00fdrkunin<\/span> haf\u00f0i brei\u00f0st \u00fat fr\u00e1 Mes\u00f3p\u00f3tam\u00edu inn \u00ed s\u00fdrlensk-palest\u00ednska tr\u00faarh\u00e6tti.<\/p>\t\t\t\t\t\t\t\t<\/div>\n\t\t\t\t<\/div>\n\t\t<div class=\"elementor-element elementor-element-1ad2ae1 e-con-full e-flex e-con e-child\" data-id=\"1ad2ae1\" data-element_type=\"container\" data-e-type=\"container\">\n\t\t\t\t<div class=\"elementor-element elementor-element-6da19b7 elementor-widget elementor-widget-heading\" data-id=\"6da19b7\" data-element_type=\"widget\" data-e-type=\"widget\" data-widget_type=\"heading.default\">\n\t\t\t\t\t<h2 class=\"elementor-heading-title elementor-size-default\">Adonis-Tamm\u00fas l\u00ednan og go\u00f0sagnaflutningur<\/h2>\t\t\t\t<\/div>\n\t\t\t\t<div class=\"elementor-element elementor-element-3750c65 elementor-widget elementor-widget-text-editor\" data-id=\"3750c65\" data-element_type=\"widget\" data-e-type=\"widget\" data-widget_type=\"text-editor.default\">\n\t\t\t\t\t\t\t\t\t<p><span data-nosnippet>L\u00ednu hins deyjandi og endurkomna gr\u00f3\u00f0urgu\u00f0s m\u00e1 rekja fr\u00e1 Dumuzi \u00ed gegnum Tamm\u00fas, akkad\u00edska nafnmyndina, \u00ed gegnum Ad\u00f3nis \u00ed F\u00f6nik\u00edu og allt til hins hellenska Mi\u00f0jar\u00f0arhafssv\u00e6\u00f0is. James George Frazer setti \u00feessa l\u00ednu fram \u00ed \u00abThe Golden Bough\u00bb (12 bindi, 1890 til 1915) sem fyrirmynd almennrar kenningar sinnar um gr\u00f3\u00f0urgo\u00f0s\u00f6gnina.<\/span><\/p><p>Frazers kenning er \u00ed dag umdeild \u00ed sm\u00e1atri\u00f0um, s\u00e9rstaklega hva\u00f0 var\u00f0ar tilteknar samsvaranir hans vi\u00f0 Os\u00edris og Krist. Meginkenningin, a\u00f0 til s\u00e9 samfelld l\u00edna deyjandi gr\u00f3\u00f0urgu\u00f0a \u00ed Austurl\u00f6ndum n\u00e6r, hefur \u00fe\u00f3 ekki veri\u00f0 hnekkt.<\/p>\n<p>Ad\u00f3nis-<span class=\"iwg-fachbegriff\" data-tooltip=\"Heild \u00feeirra tr\u00faarlegu tilbei\u00f0sluathafna sem t\u00ed\u00f0kast um gu\u00f0 e\u00f0a heilaga v\u00e6tt.\" tabindex=\"0\">d\u00fdrkunin<\/span>, sem L\u00fak\u00edanos fr\u00e1 Samosata l\u00fdsir \u00edtarlega \u00e1 2. \u00f6ld e. Kr. \u00ed \u00abDe dea Syria\u00bb, er greinilega arftaki Dumuzi-d\u00fdrkunarinnar. L\u00fak\u00edanos l\u00fdsir \u00e1rlegum harmagr\u00e1ti um Ad\u00f3nis \u00ed f\u00f6nik\u00edsku borginni Byblos, sl\u00e1trun lamba og hinum rau\u00f0a lit Ad\u00f3nis\u00e1rinnar, sem hann \u00fatsk\u00fdrir stj\u00f6rnufr\u00e6\u00f0ilega.<\/p><p>Konur \u00ed Byblos r\u00f6ku\u00f0u af s\u00e9r h\u00e1ri\u00f0 sem sorgarsi\u00f0, en \u00fea\u00f0 er bein hli\u00f0st\u00e6\u00f0a vi\u00f0 mes\u00f3p\u00f3tam\u00edska harmasi\u00f0i. Hans-Peter Mathys og Peggy L. Day hafa \u00ed m\u00f6rgum ranns\u00f3knum raki\u00f0 l\u00ednuna fr\u00e1 Dumuzi \u00ed gegnum Tamm\u00fas til Ad\u00f3nis \u00ed sm\u00e1atri\u00f0um.<\/p>\n<p>Enn eitt mikilv\u00e6gt skref er Attis-<span class=\"iwg-fachbegriff\" data-tooltip=\"Heild \u00feeirra tr\u00faarlegu tilbei\u00f0sluathafna sem t\u00ed\u00f0kast um gu\u00f0 e\u00f0a heilaga v\u00e6tt.\" tabindex=\"0\">d\u00fdrkunin<\/span> \u00ed Fr\u00fdg\u00edu, sem barst inn \u00ed hinn hellenska og r\u00f3mverska heim \u00ed gegnum Pessinus-<span class=\"iwg-fachbegriff\" data-tooltip=\"Bygging sem er helgu\u00f0 tilbei\u00f0slu einnar e\u00f0a fleiri gu\u00f0v\u00e6tta.\" tabindex=\"0\">hofi\u00f0<\/span> K\u00fdbele.<\/p><p>Attis, sem ungur elskhugi Magna Mater, s\u00fdnir byggingarlega l\u00edkingu vi\u00f0 Dumuzi og In\u00f6nnu, en sj\u00e1lfskastrunarsi\u00f0ur Galloi-prestanna er s\u00e9rst\u00f6k \u00fer\u00f3un. Walter Burkert telur \u00feetta vera sj\u00e1lfst\u00e6\u00f0a endurm\u00f3tun hins mes\u00f3p\u00f3tam\u00edska fyrirmyndar \u00ed hellenskum samhengi.<\/p>\t\t\t\t\t\t\t\t<\/div>\n\t\t\t\t<\/div>\n\t\t<div class=\"elementor-element elementor-element-56ca13c e-con-full e-flex e-con e-child\" data-id=\"56ca13c\" data-element_type=\"container\" data-e-type=\"container\">\n\t\t\t\t<div class=\"elementor-element elementor-element-577888e elementor-widget elementor-widget-heading\" data-id=\"577888e\" data-element_type=\"widget\" data-e-type=\"widget\" data-widget_type=\"heading.default\">\n\t\t\t\t\t<h2 class=\"elementor-heading-title elementor-size-default\">Heimildir og frekari lesning<\/h2>\t\t\t\t<\/div>\n\t\t\t\t<div class=\"elementor-element elementor-element-e4c3166 elementor-widget elementor-widget-text-editor\" data-id=\"e4c3166\" data-element_type=\"widget\" data-e-type=\"widget\" data-widget_type=\"text-editor.default\">\n\t\t\t\t\t\t\t\t\t<footer class=\"iwg-literatur\"><p><span class=\"iwg-fachbegriff\" data-tooltip=\"T\u00edmabil gr\u00edskrar og r\u00f3mverskrar menningar, um 800 f. Kr. til 600 e. Kr.\" tabindex=\"0\">Forn\u00f6ld<\/span> heimildir: \u00abFer\u00f0 In\u00f6nnu til undirheima\u00bb, \u00abDraumur Dumuzis\u00bb, \u00abDumuzi og Enkimdu\u00bb, harmlj\u00f3\u00f0 um Dumuzi, s\u00e1lmar til In\u00f6nnu og Dumuzi, forn-akkad\u00edsk Tamm\u00fas-harmlj\u00f3\u00f0, bibl\u00eduleg tilv\u00edsun \u00ed Esek\u00edel 8,14.<\/p>\n<ul><li><span data-nosnippet>Jean Bott\u00e9ro, \u00abLa religion babylonienne\u00bb, Paris 1952.<\/span><\/li><li><span data-nosnippet>Bendt Alster, \u00abDumuzi&#8217;s Dream\u00bb, Copenhagen 1972.<\/span><\/li><\/ul>\n<p class=\"iwg-bib-more\"><span data-nosnippet>Frekari sta\u00f0alrit m\u00e1 finna \u00ed <a href=\"https:\/\/iwell-guard.com\/is\/heimildaskra\/\">heimildaskr\u00e1nni<\/a>.<\/span><\/p><\/footer>\t\t\t\t\t\t\t\t<\/div>\n\t\t\t\t<\/div>\n\t\t\t\t\t<\/div>\n\t\t\t\t<\/div>\n\t\t\t\t<\/div>\n\t\t","protected":false},"excerpt":{"rendered":"","protected":false},"author":3,"featured_media":3248,"parent":0,"menu_order":0,"comment_status":"closed","ping_status":"closed","template":"elementor_header_footer","meta":{"_yoast_wpseo_focuskw":"Dumuzi","_yoast_wpseo_title":"Dumuzi \u2013 Deyjandi gu\u00f0 og \u00e1stma\u00f0ur In\u00f6nnu | iWell Guard","_yoast_wpseo_metadesc":"Dumuzi (Tamm\u00faz) er s\u00famerskur hjar\u00f0argu\u00f0 og \u00e1stma\u00f0ur In\u00f6nnu. Deyjandi og upprisinn gu\u00f0 gr\u00f3\u00f0urs. Go\u00f0saga, harmlj\u00f3\u00f0 og d\u00fdrkun.","_yoast_wpseo_meta-robots-noindex":"","_yoast_wpseo_canonical":"","_angie_page":false,"gefaehrdungsstufe":"","wesen_kultur":"","wesen_klasse":"","footnotes":""},"categories":[],"class_list":["post-169078","page","type-page","status-publish","has-post-thumbnail","hentry"],"yoast_head":"<!-- This site is optimized with the Yoast SEO Premium plugin v27.7 (Yoast SEO v28.3) - https:\/\/yoast.com\/product\/yoast-seo-premium-wordpress\/ -->\n<title>Dumuzi \u2013 Deyjandi gu\u00f0 og \u00e1stma\u00f0ur In\u00f6nnu | iWell Guard<\/title>\n<meta name=\"description\" content=\"Dumuzi (Tamm\u00faz) er s\u00famerskur hjar\u00f0argu\u00f0 og \u00e1stma\u00f0ur In\u00f6nnu. Deyjandi og upprisinn gu\u00f0 gr\u00f3\u00f0urs. Go\u00f0saga, harmlj\u00f3\u00f0 og d\u00fdrkun.\" \/>\n<meta name=\"robots\" content=\"index, follow, max-snippet:-1, max-image-preview:large, max-video-preview:-1\" \/>\n<link rel=\"canonical\" href=\"https:\/\/iwell-guard.com\/is\/dumuzi\/\" \/>\n<meta property=\"og:locale\" content=\"is_IS\" \/>\n<meta property=\"og:type\" content=\"article\" \/>\n<meta property=\"og:title\" content=\"Dumuzi\" \/>\n<meta property=\"og:description\" content=\"Dumuzi (Tamm\u00faz) er s\u00famerskur hjar\u00f0argu\u00f0 og \u00e1stma\u00f0ur In\u00f6nnu. Deyjandi og upprisinn gu\u00f0 gr\u00f3\u00f0urs. Go\u00f0saga, harmlj\u00f3\u00f0 og d\u00fdrkun.\" \/>\n<meta property=\"og:url\" content=\"https:\/\/iwell-guard.com\/is\/dumuzi\/\" \/>\n<meta property=\"og:site_name\" content=\"iWell Guard\" \/>\n<meta property=\"article:modified_time\" content=\"2026-09-05T14:31:43+00:00\" \/>\n<meta property=\"og:image\" content=\"https:\/\/iwell-guard.com\/wp-content\/uploads\/2026\/05\/goetter_mesopotamien_dumuzi.webp\" \/>\n\t<meta property=\"og:image:width\" content=\"1024\" \/>\n\t<meta property=\"og:image:height\" content=\"1536\" \/>\n\t<meta property=\"og:image:type\" content=\"image\/webp\" \/>\n<meta name=\"twitter:card\" content=\"summary_large_image\" \/>\n<script type=\"application\/ld+json\" class=\"yoast-schema-graph\">{\"@context\":\"https:\\\/\\\/schema.org\",\"@graph\":[{\"@type\":\"WebPage\",\"@id\":\"https:\\\/\\\/iwell-guard.com\\\/is\\\/dumuzi\\\/\",\"url\":\"https:\\\/\\\/iwell-guard.com\\\/is\\\/dumuzi\\\/\",\"name\":\"Dumuzi \u2013 Deyjandi gu\u00f0 og \u00e1stma\u00f0ur In\u00f6nnu | iWell Guard\",\"isPartOf\":{\"@id\":\"https:\\\/\\\/iwell-guard.com\\\/is\\\/#website\"},\"primaryImageOfPage\":{\"@id\":\"https:\\\/\\\/iwell-guard.com\\\/is\\\/dumuzi\\\/#primaryimage\"},\"image\":{\"@id\":\"https:\\\/\\\/iwell-guard.com\\\/is\\\/dumuzi\\\/#primaryimage\"},\"thumbnailUrl\":\"https:\\\/\\\/iwell-guard.com\\\/wp-content\\\/uploads\\\/2026\\\/05\\\/goetter_mesopotamien_dumuzi.webp\",\"datePublished\":\"2026-09-05T14:05:23+00:00\",\"dateModified\":\"2026-09-05T14:31:43+00:00\",\"description\":\"Dumuzi (Tamm\u00faz) er s\u00famerskur hjar\u00f0argu\u00f0 og \u00e1stma\u00f0ur In\u00f6nnu. Deyjandi og upprisinn gu\u00f0 gr\u00f3\u00f0urs. Go\u00f0saga, harmlj\u00f3\u00f0 og d\u00fdrkun.\",\"breadcrumb\":{\"@id\":\"https:\\\/\\\/iwell-guard.com\\\/is\\\/dumuzi\\\/#breadcrumb\"},\"inLanguage\":\"is\",\"potentialAction\":[{\"@type\":\"ReadAction\",\"target\":[\"https:\\\/\\\/iwell-guard.com\\\/is\\\/dumuzi\\\/\"]}]},{\"@type\":\"ImageObject\",\"inLanguage\":\"is\",\"@id\":\"https:\\\/\\\/iwell-guard.com\\\/is\\\/dumuzi\\\/#primaryimage\",\"url\":\"https:\\\/\\\/iwell-guard.com\\\/wp-content\\\/uploads\\\/2026\\\/05\\\/goetter_mesopotamien_dumuzi.webp\",\"contentUrl\":\"https:\\\/\\\/iwell-guard.com\\\/wp-content\\\/uploads\\\/2026\\\/05\\\/goetter_mesopotamien_dumuzi.webp\",\"width\":1024,\"height\":1536,\"caption\":\"Gu\u00f0ir \u00far mes\u00f3p\u00f3tam\u00edskri hef\u00f0.\"},{\"@type\":\"BreadcrumbList\",\"@id\":\"https:\\\/\\\/iwell-guard.com\\\/is\\\/dumuzi\\\/#breadcrumb\",\"itemListElement\":[{\"@type\":\"ListItem\",\"position\":1,\"name\":\"Start\",\"item\":\"https:\\\/\\\/iwell-guard.com\\\/is\\\/?page_id=168580\"},{\"@type\":\"ListItem\",\"position\":2,\"name\":\"Dumuzi\"}]},{\"@type\":\"WebSite\",\"@id\":\"https:\\\/\\\/iwell-guard.com\\\/is\\\/#website\",\"url\":\"https:\\\/\\\/iwell-guard.com\\\/is\\\/\",\"name\":\"iWell Guard\",\"description\":\"Schutz vor dunklen Einfl\u00fcssen\",\"publisher\":{\"@id\":\"https:\\\/\\\/iwell-guard.com\\\/is\\\/#organization\"},\"potentialAction\":[{\"@type\":\"SearchAction\",\"target\":{\"@type\":\"EntryPoint\",\"urlTemplate\":\"https:\\\/\\\/iwell-guard.com\\\/is\\\/?s={search_term_string}\"},\"query-input\":{\"@type\":\"PropertyValueSpecification\",\"valueRequired\":true,\"valueName\":\"search_term_string\"}}],\"inLanguage\":\"is\"},{\"@type\":\"Organization\",\"@id\":\"https:\\\/\\\/iwell-guard.com\\\/is\\\/#organization\",\"name\":\"Ittermann electronic GmbH\",\"url\":\"https:\\\/\\\/iwell-guard.com\\\/is\\\/\",\"logo\":{\"@type\":\"ImageObject\",\"inLanguage\":\"is\",\"@id\":\"https:\\\/\\\/iwell-guard.com\\\/is\\\/#\\\/schema\\\/logo\\\/image\\\/\",\"url\":\"https:\\\/\\\/iwell-guard.com\\\/wp-content\\\/uploads\\\/2026\\\/05\\\/Ittermann-Logo-1182x237-1.png\",\"contentUrl\":\"https:\\\/\\\/iwell-guard.com\\\/wp-content\\\/uploads\\\/2026\\\/05\\\/Ittermann-Logo-1182x237-1.png\",\"width\":1182,\"height\":237,\"caption\":\"Ittermann electronic GmbH\"},\"image\":{\"@id\":\"https:\\\/\\\/iwell-guard.com\\\/is\\\/#\\\/schema\\\/logo\\\/image\\\/\"},\"sameAs\":[\"https:\\\/\\\/pantip.com\\\/profile\\\/9367242\",\"https:\\\/\\\/micro.blog\\\/iwellguard\",\"https:\\\/\\\/www.diggerslist.com\\\/iwellguard\\\/about\",\"https:\\\/\\\/skitterphoto.com\\\/photographers\\\/2870314\\\/iwell-guard\",\"https:\\\/\\\/iwellguard.wordpress.com\\\/2026\\\/06\\\/06\\\/iwell-guard\\\/\",\"https:\\\/\\\/hub.docker.com\\\/u\\\/iwellguard\",\"https:\\\/\\\/www.pinterest.com\\\/iwellguard\\\/\",\"https:\\\/\\\/bit.ly\\\/m\\\/iwellguard\",\"https:\\\/\\\/entre-vos-mains.alsace.eu\\\/profiles\\\/iwellguard\\\/activity\",\"https:\\\/\\\/gravatar.com\\\/reallybeded8fd34\",\"https:\\\/\\\/naijamatta.com\\\/iwellguard\",\"https:\\\/\\\/www.goodreads.com\\\/iwellguard\",\"https:\\\/\\\/profile.hatena.ne.jp\\\/iwellguard\\\/\",\"https:\\\/\\\/experiment.com\\\/users\\\/iwellguard\",\"https:\\\/\\\/wakelet.com\\\/@iWellGuard82270\",\"https:\\\/\\\/www.chordie.com\\\/forum\\\/profile.php?id=2555664\",\"https:\\\/\\\/www.instapaper.com\\\/p\\\/17757966\",\"https:\\\/\\\/www.mapleprimes.com\\\/users\\\/iwellguard\",\"https:\\\/\\\/businesslistingplus.com\\\/profile\\\/iwell-guard\\\/\",\"https:\\\/\\\/telegra.ph\\\/iWell-Guard-06-06\",\"https:\\\/\\\/pbase.com\\\/iwellguard\\\/iwellguard\",\"https:\\\/\\\/b.hatena.ne.jp\\\/iwellguard\\\/20260607#bookmark-4788405196491818882\",\"https:\\\/\\\/fliphtml5.com\\\/home\\\/iwellguard\",\"https:\\\/\\\/anyflip.com\\\/homepage\\\/cmiwl#About\",\"https:\\\/\\\/transfur.com\\\/Users\\\/iwellguard\",\"http:\\\/\\\/delphi.larsbo.org\\\/user\\\/iwellguard\",\"https:\\\/\\\/jobs.lajobsportal.org\\\/profiles\\\/8380803-iwell-guard\",\"https:\\\/\\\/md.chaosdorf.de\\\/s\\\/jfbe5SBdJD\",\"https:\\\/\\\/www.lingvolive.com\\\/en-us\\\/profile\\\/9ecaeaca-ce11-4e51-9e71-01d55e2bff36\\\/translations\",\"https:\\\/\\\/www.fitday.com\\\/fitness\\\/forums\\\/members\\\/iwellguard.html\",\"https:\\\/\\\/www.mymeetbook.com\\\/iwellguard\",\"https:\\\/\\\/pxhere.com\\\/en\\\/photographer-me\\\/5040798\",\"https:\\\/\\\/disqus.com\\\/by\\\/iwellguard\\\/about\\\/\",\"https:\\\/\\\/pastelink.net\\\/hjwciqwq\",\"https:\\\/\\\/pubhtml5.com\\\/homepage\\\/scjhn\\\/\",\"https:\\\/\\\/www.bitchute.com\\\/channel\\\/2O2eOKzNqujT\",\"https:\\\/\\\/audiomack.com\\\/iwellguard\"]}]}<\/script>\n<!-- \/ Yoast SEO Premium plugin. -->","yoast_head_json":{"title":"Dumuzi \u2013 Deyjandi gu\u00f0 og \u00e1stma\u00f0ur In\u00f6nnu | iWell Guard","description":"Dumuzi (Tamm\u00faz) er s\u00famerskur hjar\u00f0argu\u00f0 og \u00e1stma\u00f0ur In\u00f6nnu. Deyjandi og upprisinn gu\u00f0 gr\u00f3\u00f0urs. Go\u00f0saga, harmlj\u00f3\u00f0 og d\u00fdrkun.","robots":{"index":"index","follow":"follow","max-snippet":"max-snippet:-1","max-image-preview":"max-image-preview:large","max-video-preview":"max-video-preview:-1"},"canonical":"https:\/\/iwell-guard.com\/is\/dumuzi\/","og_locale":"is_IS","og_type":"article","og_title":"Dumuzi","og_description":"Dumuzi (Tamm\u00faz) er s\u00famerskur hjar\u00f0argu\u00f0 og \u00e1stma\u00f0ur In\u00f6nnu. Deyjandi og upprisinn gu\u00f0 gr\u00f3\u00f0urs. Go\u00f0saga, harmlj\u00f3\u00f0 og d\u00fdrkun.","og_url":"https:\/\/iwell-guard.com\/is\/dumuzi\/","og_site_name":"iWell Guard","article_modified_time":"2026-09-05T14:31:43+00:00","og_image":[{"width":1024,"height":1536,"url":"https:\/\/iwell-guard.com\/wp-content\/uploads\/2026\/05\/goetter_mesopotamien_dumuzi.webp","type":"image\/webp"}],"twitter_card":"summary_large_image","schema":{"@context":"https:\/\/schema.org","@graph":[{"@type":"WebPage","@id":"https:\/\/iwell-guard.com\/is\/dumuzi\/","url":"https:\/\/iwell-guard.com\/is\/dumuzi\/","name":"Dumuzi \u2013 Deyjandi gu\u00f0 og \u00e1stma\u00f0ur In\u00f6nnu | iWell Guard","isPartOf":{"@id":"https:\/\/iwell-guard.com\/is\/#website"},"primaryImageOfPage":{"@id":"https:\/\/iwell-guard.com\/is\/dumuzi\/#primaryimage"},"image":{"@id":"https:\/\/iwell-guard.com\/is\/dumuzi\/#primaryimage"},"thumbnailUrl":"https:\/\/iwell-guard.com\/wp-content\/uploads\/2026\/05\/goetter_mesopotamien_dumuzi.webp","datePublished":"2026-09-05T14:05:23+00:00","dateModified":"2026-09-05T14:31:43+00:00","description":"Dumuzi (Tamm\u00faz) er s\u00famerskur hjar\u00f0argu\u00f0 og \u00e1stma\u00f0ur In\u00f6nnu. Deyjandi og upprisinn gu\u00f0 gr\u00f3\u00f0urs. Go\u00f0saga, harmlj\u00f3\u00f0 og d\u00fdrkun.","breadcrumb":{"@id":"https:\/\/iwell-guard.com\/is\/dumuzi\/#breadcrumb"},"inLanguage":"is","potentialAction":[{"@type":"ReadAction","target":["https:\/\/iwell-guard.com\/is\/dumuzi\/"]}]},{"@type":"ImageObject","inLanguage":"is","@id":"https:\/\/iwell-guard.com\/is\/dumuzi\/#primaryimage","url":"https:\/\/iwell-guard.com\/wp-content\/uploads\/2026\/05\/goetter_mesopotamien_dumuzi.webp","contentUrl":"https:\/\/iwell-guard.com\/wp-content\/uploads\/2026\/05\/goetter_mesopotamien_dumuzi.webp","width":1024,"height":1536,"caption":"Gu\u00f0ir \u00far mes\u00f3p\u00f3tam\u00edskri hef\u00f0."},{"@type":"BreadcrumbList","@id":"https:\/\/iwell-guard.com\/is\/dumuzi\/#breadcrumb","itemListElement":[{"@type":"ListItem","position":1,"name":"Start","item":"https:\/\/iwell-guard.com\/is\/?page_id=168580"},{"@type":"ListItem","position":2,"name":"Dumuzi"}]},{"@type":"WebSite","@id":"https:\/\/iwell-guard.com\/is\/#website","url":"https:\/\/iwell-guard.com\/is\/","name":"iWell Guard","description":"Schutz vor dunklen Einfl\u00fcssen","publisher":{"@id":"https:\/\/iwell-guard.com\/is\/#organization"},"potentialAction":[{"@type":"SearchAction","target":{"@type":"EntryPoint","urlTemplate":"https:\/\/iwell-guard.com\/is\/?s={search_term_string}"},"query-input":{"@type":"PropertyValueSpecification","valueRequired":true,"valueName":"search_term_string"}}],"inLanguage":"is"},{"@type":"Organization","@id":"https:\/\/iwell-guard.com\/is\/#organization","name":"Ittermann electronic GmbH","url":"https:\/\/iwell-guard.com\/is\/","logo":{"@type":"ImageObject","inLanguage":"is","@id":"https:\/\/iwell-guard.com\/is\/#\/schema\/logo\/image\/","url":"https:\/\/iwell-guard.com\/wp-content\/uploads\/2026\/05\/Ittermann-Logo-1182x237-1.png","contentUrl":"https:\/\/iwell-guard.com\/wp-content\/uploads\/2026\/05\/Ittermann-Logo-1182x237-1.png","width":1182,"height":237,"caption":"Ittermann electronic GmbH"},"image":{"@id":"https:\/\/iwell-guard.com\/is\/#\/schema\/logo\/image\/"},"sameAs":["https:\/\/pantip.com\/profile\/9367242","https:\/\/micro.blog\/iwellguard","https:\/\/www.diggerslist.com\/iwellguard\/about","https:\/\/skitterphoto.com\/photographers\/2870314\/iwell-guard","https:\/\/iwellguard.wordpress.com\/2026\/06\/06\/iwell-guard\/","https:\/\/hub.docker.com\/u\/iwellguard","https:\/\/www.pinterest.com\/iwellguard\/","https:\/\/bit.ly\/m\/iwellguard","https:\/\/entre-vos-mains.alsace.eu\/profiles\/iwellguard\/activity","https:\/\/gravatar.com\/reallybeded8fd34","https:\/\/naijamatta.com\/iwellguard","https:\/\/www.goodreads.com\/iwellguard","https:\/\/profile.hatena.ne.jp\/iwellguard\/","https:\/\/experiment.com\/users\/iwellguard","https:\/\/wakelet.com\/@iWellGuard82270","https:\/\/www.chordie.com\/forum\/profile.php?id=2555664","https:\/\/www.instapaper.com\/p\/17757966","https:\/\/www.mapleprimes.com\/users\/iwellguard","https:\/\/businesslistingplus.com\/profile\/iwell-guard\/","https:\/\/telegra.ph\/iWell-Guard-06-06","https:\/\/pbase.com\/iwellguard\/iwellguard","https:\/\/b.hatena.ne.jp\/iwellguard\/20260607#bookmark-4788405196491818882","https:\/\/fliphtml5.com\/home\/iwellguard","https:\/\/anyflip.com\/homepage\/cmiwl#About","https:\/\/transfur.com\/Users\/iwellguard","http:\/\/delphi.larsbo.org\/user\/iwellguard","https:\/\/jobs.lajobsportal.org\/profiles\/8380803-iwell-guard","https:\/\/md.chaosdorf.de\/s\/jfbe5SBdJD","https:\/\/www.lingvolive.com\/en-us\/profile\/9ecaeaca-ce11-4e51-9e71-01d55e2bff36\/translations","https:\/\/www.fitday.com\/fitness\/forums\/members\/iwellguard.html","https:\/\/www.mymeetbook.com\/iwellguard","https:\/\/pxhere.com\/en\/photographer-me\/5040798","https:\/\/disqus.com\/by\/iwellguard\/about\/","https:\/\/pastelink.net\/hjwciqwq","https:\/\/pubhtml5.com\/homepage\/scjhn\/","https:\/\/www.bitchute.com\/channel\/2O2eOKzNqujT","https:\/\/audiomack.com\/iwellguard"]}]}},"_links":{"self":[{"href":"https:\/\/iwell-guard.com\/is\/wp-json\/wp\/v2\/pages\/169078","targetHints":{"allow":["GET"]}}],"collection":[{"href":"https:\/\/iwell-guard.com\/is\/wp-json\/wp\/v2\/pages"}],"about":[{"href":"https:\/\/iwell-guard.com\/is\/wp-json\/wp\/v2\/types\/page"}],"author":[{"embeddable":true,"href":"https:\/\/iwell-guard.com\/is\/wp-json\/wp\/v2\/users\/3"}],"replies":[{"embeddable":true,"href":"https:\/\/iwell-guard.com\/is\/wp-json\/wp\/v2\/comments?post=169078"}],"version-history":[{"count":0,"href":"https:\/\/iwell-guard.com\/is\/wp-json\/wp\/v2\/pages\/169078\/revisions"}],"wp:featuredmedia":[{"embeddable":true,"href":"https:\/\/iwell-guard.com\/is\/wp-json\/wp\/v2\/media\/3248"}],"wp:attachment":[{"href":"https:\/\/iwell-guard.com\/is\/wp-json\/wp\/v2\/media?parent=169078"}],"wp:term":[{"taxonomy":"category","embeddable":true,"href":"https:\/\/iwell-guard.com\/is\/wp-json\/wp\/v2\/categories?post=169078"}],"curies":[{"name":"wp","href":"https:\/\/api.w.org\/{rel}","templated":true}]}}