{"id":169077,"date":"2026-09-05T14:05:22","date_gmt":"2026-09-05T14:05:22","guid":{"rendered":"https:\/\/iwell-guard.com\/?page_id=169077"},"modified":"2026-09-05T14:31:41","modified_gmt":"2026-09-05T14:31:41","slug":"ninhursag","status":"publish","type":"page","link":"https:\/\/iwell-guard.com\/is\/ninhursag\/","title":{"rendered":"Ninhursag"},"content":{"rendered":"\t\t<div data-elementor-type=\"wp-page\" data-elementor-id=\"169077\" class=\"elementor elementor-169077 elementor-3018 elementor-bc-flex-widget\" data-elementor-post-type=\"page\">\n\t\t\t\t<div class=\"elementor-element elementor-element-b64a8c8 e-flex e-con-boxed e-con e-parent\" data-id=\"b64a8c8\" data-element_type=\"container\" data-e-type=\"container\" data-settings=\"{&quot;background_background&quot;:&quot;classic&quot;}\">\n\t\t\t\t\t<div class=\"e-con-inner\">\n\t\t<div class=\"elementor-element elementor-element-f1017cf e-flex e-con-boxed e-con e-child\" data-id=\"f1017cf\" data-element_type=\"container\" data-e-type=\"container\">\n\t\t\t\t\t<div class=\"e-con-inner\">\n\t\t<div class=\"elementor-element elementor-element-b78047d e-con-full e-flex e-con e-child\" data-id=\"b78047d\" data-element_type=\"container\" data-e-type=\"container\">\n\t\t\t\t<div class=\"elementor-element elementor-element-933a07a elementor-widget elementor-widget-heading\" data-id=\"933a07a\" data-element_type=\"widget\" data-e-type=\"widget\" data-widget_type=\"heading.default\">\n\t\t\t\t\t<h1 class=\"elementor-heading-title elementor-size-default\">Ninhursag, mes\u00f3p\u00f3tam\u00edsk m\u00f3\u00f0urgy\u00f0ja<\/h1>\t\t\t\t<\/div>\n\t\t\t\t<div class=\"elementor-element elementor-element-9608cf7 elementor-widget elementor-widget-text-editor\" data-id=\"9608cf7\" data-element_type=\"widget\" data-e-type=\"widget\" data-widget_type=\"text-editor.default\">\n\t\t\t\t\t\t\t\t\t<p>Ninhursag er s\u00famersk m\u00f3\u00f0urgy\u00f0ja og drottning jar\u00f0arins, sem var d\u00fdrku\u00f0 sem lj\u00f3sm\u00f3\u00f0ir gu\u00f0anna og mannanna. Ninhursag er fornmes\u00f3p\u00f3tam\u00edsk m\u00f3\u00f0urgy\u00f0ja, ein af hinum miklu skapandi gy\u00f0jum s\u00famerskrar tr\u00faar og n\u00e6st Anu, Enlil og Enki mikilv\u00e6gasta veran \u00ed forns\u00famerskri go\u00f0askipan.<\/p><p>Nafn hennar \u00fe\u00fd\u00f0ir \u201edrottning fjallsins\u201c, sem v\u00edsar til r\u00f3tfestu hennar \u00ed fjallah\u00e9ru\u00f0um Vestur-As\u00edu og tengsla hennar vi\u00f0 grj\u00f3t, f\u00e6\u00f0ingu og l\u00edfs\u00fer\u00f3tt. \u00cd mismunandi hef\u00f0um kemur h\u00fan fram undir \u00f6\u00f0rum n\u00f6fnum svo sem Ninmah, Nintur e\u00f0a Damgalnuna.<\/p>\t\t\t\t\t\t\t\t<\/div>\n\t\t\t\t<\/div>\n\t\t<div class=\"elementor-element elementor-element-141eebc e-con-full e-flex e-con e-parent\" data-id=\"141eebc\" data-element_type=\"container\" data-e-type=\"container\">\n\t\t\t\t<div class=\"elementor-element elementor-element-b41c2cc elementor-widget elementor-widget-html\" data-id=\"b41c2cc\" data-element_type=\"widget\" data-e-type=\"widget\" data-widget_type=\"html.default\">\n\t\t\t\t\t<div class=\"iwg-pill-row\"><span class=\"iwg-klasse-badge\" tabindex=\"0\" data-tooltip=\"Gu\u00f0 \/ gy\u00f0ja: Pers\u00f3nuger\u00f0 \u00e6\u00f0sta vald \u00ed go\u00f0heimi menningar, me\u00f0 sk\u00fdrum \u00e1byrg\u00f0arsvi\u00f0um \u2014 n\u00e1tt\u00faru\u00f6fl, \u00f6rl\u00f6g, str\u00ed\u00f0, frj\u00f3semi. D\u00fdrku\u00f0 me\u00f0 helgisi\u00f0um, f\u00f3rnum og musterisstofnunum.\">Gu\u00f0<\/span><a href=\"https:\/\/iwell-guard.com\/is\/mesopotamia\/\" class=\"iwg-kultur-badge\" tabindex=\"0\" data-tooltip=\"Vagga skjalfestrar tr\u00faarbrag\u00f0a \u2014 S\u00famer, Akkad, Bab\u00fdlon, Ass\u00fdr\u00eda (um 3500 f.Kr. til 330 f.Kr.).\">Mes\u00f3p\u00f3tam\u00eda<\/a><\/div>\t\t\t\t<\/div>\n\t\t\t\t<\/div>\n\t\t<div class=\"elementor-element elementor-element-8dba4bc e-con-full e-flex e-con e-child\" data-id=\"8dba4bc\" data-element_type=\"container\" data-e-type=\"container\">\n\t\t\t\t<div class=\"elementor-element elementor-element-e5bac7c elementor-toc--minimized-on-tablet elementor-widget elementor-widget-table-of-contents\" data-id=\"e5bac7c\" data-element_type=\"widget\" data-e-type=\"widget\" data-settings=\"{&quot;exclude_headings_by_selector&quot;:[],&quot;no_headings_message&quot;:&quot;Engar undirfyrirsagnir fundust \\u00e1 \\u00feessari s\\u00ed\\u00f0u.&quot;,&quot;headings_by_tags&quot;:[&quot;h2&quot;,&quot;h3&quot;],&quot;marker_view&quot;:&quot;bullets&quot;,&quot;icon&quot;:{&quot;value&quot;:&quot;fas fa-circle&quot;,&quot;library&quot;:&quot;fa-solid&quot;,&quot;rendered_tag&quot;:&quot;&lt;svg class=\\&quot;e-font-icon-svg e-fas-circle\\&quot; viewBox=\\&quot;0 0 512 512\\&quot; xmlns=\\&quot;http:\\\/\\\/www.w3.org\\\/2000\\\/svg\\&quot;&gt;&lt;path d=\\&quot;M256 8C119 8 8 119 8 256s111 248 248 248 248-111 248-248S393 8 256 8z\\&quot;&gt;&lt;\\\/path&gt;&lt;\\\/svg&gt;&quot;},&quot;minimize_box&quot;:&quot;yes&quot;,&quot;minimized_on&quot;:&quot;tablet&quot;,&quot;hierarchical_view&quot;:&quot;yes&quot;,&quot;min_height&quot;:{&quot;unit&quot;:&quot;px&quot;,&quot;size&quot;:&quot;&quot;,&quot;sizes&quot;:[]},&quot;min_height_tablet&quot;:{&quot;unit&quot;:&quot;px&quot;,&quot;size&quot;:&quot;&quot;,&quot;sizes&quot;:[]},&quot;min_height_mobile&quot;:{&quot;unit&quot;:&quot;px&quot;,&quot;size&quot;:&quot;&quot;,&quot;sizes&quot;:[]}}\" data-widget_type=\"table-of-contents.default\">\n\t\t\t\t\t\t\t\t\t<div class=\"elementor-toc__header\">\n\t\t\t\t\t\t<h2 class=\"elementor-toc__header-title\">\n\t\t\t\tEfnisyfirlit\t\t\t<\/h2>\n\t\t\t\t\t\t\t\t\t\t<div class=\"elementor-toc__toggle-button elementor-toc__toggle-button--expand\" role=\"button\" tabindex=\"0\" aria-controls=\"elementor-toc__e5bac7c\" aria-expanded=\"true\" aria-label=\"Open table of contents\"><svg aria-hidden=\"true\" class=\"e-font-icon-svg e-fas-chevron-down\" viewBox=\"0 0 448 512\" xmlns=\"http:\/\/www.w3.org\/2000\/svg\"><path d=\"M207.029 381.476L12.686 187.132c-9.373-9.373-9.373-24.569 0-33.941l22.667-22.667c9.357-9.357 24.522-9.375 33.901-.04L224 284.505l154.745-154.021c9.379-9.335 24.544-9.317 33.901.04l22.667 22.667c9.373 9.373 9.373 24.569 0 33.941L240.971 381.476c-9.373 9.372-24.569 9.372-33.942 0z\"><\/path><\/svg><\/div>\n\t\t\t\t<div class=\"elementor-toc__toggle-button elementor-toc__toggle-button--collapse\" role=\"button\" tabindex=\"0\" aria-controls=\"elementor-toc__e5bac7c\" aria-expanded=\"true\" aria-label=\"Close table of contents\"><svg aria-hidden=\"true\" class=\"e-font-icon-svg e-fas-chevron-up\" viewBox=\"0 0 448 512\" xmlns=\"http:\/\/www.w3.org\/2000\/svg\"><path d=\"M240.971 130.524l194.343 194.343c9.373 9.373 9.373 24.569 0 33.941l-22.667 22.667c-9.357 9.357-24.522 9.375-33.901.04L224 227.495 69.255 381.516c-9.379 9.335-24.544 9.317-33.901-.04l-22.667-22.667c-9.373-9.373-9.373-24.569 0-33.941L207.03 130.525c9.372-9.373 24.568-9.373 33.941-.001z\"><\/path><\/svg><\/div>\n\t\t\t\t\t<\/div>\n\t\t\t\t<div id=\"elementor-toc__e5bac7c\" class=\"elementor-toc__body\">\n\t\t\t<div class=\"elementor-toc__spinner-container\">\n\t\t\t\t<svg class=\"elementor-toc__spinner eicon-animation-spin e-font-icon-svg e-eicon-loading\" aria-hidden=\"true\" viewBox=\"0 0 1000 1000\" xmlns=\"http:\/\/www.w3.org\/2000\/svg\"><path d=\"M500 975V858C696 858 858 696 858 500S696 142 500 142 142 304 142 500H25C25 237 238 25 500 25S975 237 975 500 763 975 500 975Z\"><\/path><\/svg>\t\t\t<\/div>\n\t\t<\/div>\n\t\t\t\t\t\t<\/div>\n\t\t\t\t<\/div>\n\t\t\t\t\t<\/div>\n\t\t\t\t<\/div>\n\t\t<div class=\"elementor-element elementor-element-32726c0 e-con-full e-flex e-con e-child\" data-id=\"32726c0\" data-element_type=\"container\" data-e-type=\"container\">\n\t\t\t\t<div class=\"elementor-element elementor-element-ff7e949 iwg-hero-image elementor-widget elementor-widget-image\" data-id=\"ff7e949\" data-element_type=\"widget\" data-e-type=\"widget\" data-widget_type=\"image.default\">\n\t\t\t\t\t\t\t\t\t\t\t\t\t\t\t<img fetchpriority=\"high\" decoding=\"async\" width=\"683\" height=\"1024\" src=\"https:\/\/iwell-guard.com\/wp-content\/uploads\/2026\/05\/goetter_mesopotamien_ninhursag-683x1024.webp\" class=\"attachment-large size-large wp-image-170702\" alt=\"Ninhursag - Gu\u00f0ir \u00far mes\u00f3p\u00f3tam\u00edskri hef\u00f0, s\u00f6gulega myndr\u00e6nt\" srcset=\"https:\/\/iwell-guard.com\/wp-content\/uploads\/2026\/05\/goetter_mesopotamien_ninhursag-683x1024.webp 683w, https:\/\/iwell-guard.com\/wp-content\/uploads\/2026\/05\/goetter_mesopotamien_ninhursag-200x300.webp 200w, https:\/\/iwell-guard.com\/wp-content\/uploads\/2026\/05\/goetter_mesopotamien_ninhursag-768x1152.webp 768w, https:\/\/iwell-guard.com\/wp-content\/uploads\/2026\/05\/goetter_mesopotamien_ninhursag.webp 1024w\" sizes=\"(max-width: 683px) 100vw, 683px\" \/>\t\t\t\t\t\t\t\t\t\t\t\t\t\t\t<\/div>\n\t\t\t\t<\/div>\n\t\t\t\t\t<\/div>\n\t\t\t\t<\/div>\n\t\t<div class=\"elementor-element elementor-element-fc97a5e e-con-boxed e-flex e-con e-parent\" data-id=\"fc97a5e\" data-element_type=\"container\" data-e-type=\"container\">\n\t\t\t\t\t<div class=\"e-con-inner\">\n\t\t<div class=\"elementor-element elementor-element-fbf9b2c e-con-full e-flex e-con e-child\" data-id=\"fbf9b2c\" data-element_type=\"container\" data-e-type=\"container\">\n\t\t\t\t<div class=\"elementor-element elementor-element-cff9d29 elementor-widget elementor-widget-heading\" data-id=\"cff9d29\" data-element_type=\"widget\" data-e-type=\"widget\" data-widget_type=\"heading.default\">\n\t\t\t\t\t<h2 class=\"elementor-heading-title elementor-size-default\">Go\u00f0s\u00f6gn og uppruni<\/h2>\t\t\t\t<\/div>\n\t\t\t\t<div class=\"elementor-element elementor-element-b59d7c6 elementor-widget elementor-widget-text-editor\" data-id=\"b59d7c6\" data-element_type=\"widget\" data-e-type=\"widget\" data-widget_type=\"text-editor.default\">\n\t\t\t\t\t\t\t\t\t<p>Ninhursag tilheyrir elsta lagi mes\u00f3p\u00f3tam\u00edskrar tr\u00faar. \u00deegar \u00e1 3. \u00e1r\u00fe\u00fasundi f.Kr. er hennar geti\u00f0 \u00ed \u00e1letrunum fr\u00e1 forsargonska t\u00edmabili Mes\u00f3p\u00f3tam\u00edu, s\u00e9rstaklega \u00ed borgr\u00edkjunum Kisch, Adab og Mari.<\/p><p>R\u00e6tur hennar liggja a\u00f0 \u00f6llum l\u00edkindum \u00ed dreifb\u00fdlislegum go\u00f0sagnahugmyndum \u00fear sem j\u00f6r\u00f0in var skilin sem f\u00e6\u00f0andi m\u00e1ttur er getur af s\u00e9r grj\u00f3t, pl\u00f6ntur og l\u00edfverur. Tengingin vi\u00f0 fj\u00f6llin, sem voru talin uppspretta gimsteina, vi\u00f0ar og m\u00e1lma, \u00fatsk\u00fdrir vi\u00f0urnefni hennar \u201edrottning fjallsins\u201c.<\/p>\n<p>\u00cd forns\u00famerskri go\u00f0afr\u00e6\u00f0i er Ninhursag \u00fdmist systir e\u00f0a eiginkona Enlils, en \u00ed yngri textum oftar eiginkona Enkis, gu\u00f0s viskunnar og ferskvatnsins. \u00deessi breytilega fj\u00f6lskyldusta\u00f0a er ekki m\u00f3ts\u00f6gn \u00ed tr\u00faars\u00f6gulegum skilningi, heldur birting \u00feess hve m\u00f3tanleg fornmes\u00f3p\u00f3tam\u00edsk go\u00f0sagnaefni voru, \u00fear sem hverri <span class=\"iwg-fachbegriff\" data-tooltip=\"Vera sem er d\u00fdrku\u00f0 sem gu\u00f0leg innan tr\u00faarbrag\u00f0a.\" tabindex=\"0\">gu\u00f0veru<\/span> er ofin inn \u00ed mismunandi tengslanet eftir \u00fe\u00f6rfum.<\/p>\n<p>Mikilv\u00e6gt vitni um d\u00fdrkun hennar er <span class=\"iwg-fachbegriff\" data-tooltip=\"Helgur sta\u00f0ur sem er tileinka\u00f0ur d\u00fdrkun gu\u00f0veru.\" tabindex=\"0\">helgista\u00f0urinn<\/span> \u00ed Tell el-Obeid, n\u00e1l\u00e6gt \u00dar, sem var reistur \u00e1 forndynast\u00edsku t\u00edmabilinu. \u00c1letranir Aanepada, konungs \u00ed \u00dar, nefna hana sem a\u00f0algy\u00f0ju mannvirkisins.<\/p><p>Einnig \u00ed Lagasch haf\u00f0i h\u00fan mikilv\u00e6ga <span class=\"iwg-fachbegriff\" data-tooltip=\"\u00d6ll \u00feau tr\u00faarlegu d\u00fdrkunarath\u00e6fi sem t\u00ed\u00f0kast um gu\u00f0veru e\u00f0a helga pers\u00f3nu.\" tabindex=\"0\">d\u00fdrkun<\/span>, og Gudea, borgarfurstinn sem \u00e1\u00f0ur var nefndur \u00ed umfj\u00f6lluninni um Ninurta, lofsyngur tengsl s\u00edn vi\u00f0 hana \u00ed \u00e1letrunum \u00e1 styttum s\u00ednum.<\/p>\n<p>A\u00f0algo\u00f0saga hennar er sagan \u201eEnki og Ninhursag\u201c, forns\u00famerskur texti sem l\u00fdsir eyjunni Dilmun (n\u00faverandi Barein) sem t\u00e6ru, parad\u00edsarl\u00edku landi. \u00dear skapa Enki og Ninhursag fyrsta gar\u00f0inn og fyrstu l\u00edfverurnar.<\/p><p>Sagan er me\u00f0al elstu skjalfestu sk\u00f6punarsagna Mes\u00f3p\u00f3tam\u00edu og \u00fer\u00f3ar r\u00edka t\u00e1knheim gu\u00f0fr\u00e6\u00f0ilega, \u00fear sem vatn, j\u00f6r\u00f0 og s\u00e1\u00f0 ver\u00f0a hluti af lifandi samspili.<\/p>\t\t\t\t\t\t\t\t<\/div>\n\t\t\t\t<\/div>\n\t\t<div class=\"elementor-element elementor-element-76c032e e-con-full e-flex e-con e-child\" data-id=\"76c032e\" data-element_type=\"container\" data-e-type=\"container\">\n\t\t\t\t<div class=\"elementor-element elementor-element-a28c4f1 elementor-widget elementor-widget-heading\" data-id=\"a28c4f1\" data-element_type=\"widget\" data-e-type=\"widget\" data-widget_type=\"heading.default\">\n\t\t\t\t\t<h2 class=\"elementor-heading-title elementor-size-default\">T\u00e1kn og einkenni<\/h2>\t\t\t\t<\/div>\n\t\t\t\t<div class=\"elementor-element elementor-element-2e44a5f elementor-widget elementor-widget-text-editor\" data-id=\"2e44a5f\" data-element_type=\"widget\" data-e-type=\"widget\" data-widget_type=\"text-editor.default\">\n\t\t\t\t\t\t\t\t\t<p>Ninhursag er s\u00fdnd \u00ed myndlist sem tignarleg, sitjandi gy\u00f0ja, oft me\u00f0 hornak\u00f3r\u00f3nu og l\u00f6ngu felldu kl\u00e6\u00f0i. \u00c1 sumum l\u00e1gmyndum ber h\u00fan <span class=\"iwg-fachbegriff\" data-tooltip=\"Merki sem stendur fyrir hugmynd e\u00f0a merkingu.\" tabindex=\"0\">t\u00e1kn<\/span> f\u00e6\u00f0ingarins, \u00f3mega-t\u00e1kni\u00f0, sem er t\u00falka\u00f0 sem st\u00edlf\u00e6rt kvenmja\u00f0magrind e\u00f0a f\u00e6\u00f0ingarhorn. \u00deetta t\u00e1kn kemur fram \u00e1 landamerkjasteinum (kudurru) fr\u00e1 kass\u00edtat\u00edmanum og \u00e1 fornbab\u00fdlonskum sigil\u00ferykkjum.<\/p>\n<p>Anna\u00f0 einkennist\u00e1kn er fjalli\u00f0, sem endurspeglast \u00ed nafni hennar. \u00c1 l\u00e1gmyndum sest h\u00fan oft \u00e1 st\u00edlf\u00e6rt fjall, sem undirstrikar hlutverk hennar sem drottningar h\u00e1lendra lindaupptaka, grj\u00f3ts og m\u00e1lma.<\/p><p>Mikilv\u00e6gi hennar sem drottningar fjallsins tengir hana forg\u00f6r\u00f0um mes\u00f3p\u00f3tam\u00edskrar menningar, \u00fea\u00f0 er \u00feeim sv\u00e6\u00f0um \u00fear sem vi\u00f0ur, grj\u00f3t og m\u00e1lmgr\u00fdti var unni\u00f0.<\/p>\n<p>D\u00fdr sem henni eru tengd falla undir frj\u00f3semistengd t\u00e1kn. Sau\u00f0f\u00e9 og geitur koma oft fram \u00ed musteris\u00e1letrunum sem f\u00f3rnargjafir til hennar, enda setur h\u00fan sem gy\u00f0ja f\u00e6\u00f0ingarins b\u00e6\u00f0i menn og d\u00fdr undir vernd s\u00edna.<\/p><p>\u00cd fornmes\u00f3p\u00f3tam\u00edskri <span class=\"iwg-fachbegriff\" data-tooltip=\"Fr\u00e6\u00f0i um myndefni og merkingu \u00feeirra.\" tabindex=\"0\">helgimyndafr\u00e6\u00f0i<\/span> er h\u00fan auk \u00feess oft \u00ed fylgd l\u00edtils barns e\u00f0a ungbarns, sem v\u00edsar til hlutverks hennar sem verndara lj\u00f3sm\u00e6\u00f0ra.<\/p>\n<p>S\u00ed\u00f0ari hef\u00f0 s\u00fdnir hana me\u00f0 sk\u00e1larl\u00f6gu\u00f0u h\u00e1lsmeni sem tengist meintri f\u00e6\u00f0ingar\u00feyngd barna. Sl\u00edk helgimyndaatri\u00f0i hafa var\u00f0veist einkum \u00ed galdratextum um lj\u00f3sm\u00f3\u00f0urst\u00f6rf, sem b\u00e1ru nafn hennar \u00e1fram um aldir.<\/p>\t\t\t\t\t\t\t\t<\/div>\n\t\t\t\t<\/div>\n\t\t<div class=\"elementor-element elementor-element-3f4f0e2 e-con-full e-flex e-con e-child\" data-id=\"3f4f0e2\" data-element_type=\"container\" data-e-type=\"container\">\n\t\t\t\t<div class=\"elementor-element elementor-element-dc5dd9a elementor-widget elementor-widget-heading\" data-id=\"dc5dd9a\" data-element_type=\"widget\" data-e-type=\"widget\" data-widget_type=\"heading.default\">\n\t\t\t\t\t<h2 class=\"elementor-heading-title elementor-size-default\">D\u00fdrkun og tilbei\u00f0sla<\/h2>\t\t\t\t<\/div>\n\t\t\t\t<div class=\"elementor-element elementor-element-065eb31 elementor-widget elementor-widget-text-editor\" data-id=\"065eb31\" data-element_type=\"widget\" data-e-type=\"widget\" data-widget_type=\"text-editor.default\">\n\t\t\t\t\t\t\t\t\t<p>A\u00f0ald\u00fdrkun Ninhursag var \u00ed nokkrum borgr\u00edkjum, me\u00f0 \u00e1herslu \u00e1 Adab, Kisch, Tell el-Obeid og Lagasch. Adab, eitt af elstu d\u00fdrkunarmi\u00f0st\u00f6\u00f0unum, var n\u00e1i\u00f0 tengt henni, og fyrstu konungar Kisch st\u00e6r\u00f0u sig af \u00fev\u00ed a\u00f0 vera kalla\u00f0ir af henni. <span class=\"iwg-fachbegriff\" data-tooltip=\"Bygging sem er tileinku\u00f0 d\u00fdrkun einnar e\u00f0a fleiri gu\u00f0vera.\" tabindex=\"0\">Musteri<\/span> hennar \u00ed Adab, en n\u00e1kv\u00e6mt nafn \u00feess er \u00f3lj\u00f3st, var samkomusta\u00f0ur fyrir f\u00e6\u00f0ingarathafnir og heilunarsi\u00f0i.<\/p>\n<p>\u00cd Lagasch og Girsu var Ninhursag d\u00fdrku\u00f0 \u00ed gervi Bau, heilunargy\u00f0ju sem haf\u00f0i runni\u00f0 saman vi\u00f0 hana. \u00c1letranir Gudea greina fr\u00e1 gl\u00e6silegum f\u00f3rnum og styttu sem borgarfurstinn helga\u00f0i gy\u00f0junni. \u00c1 fornbab\u00fdlonska t\u00edmabilinu var h\u00fan \u00e1fram d\u00fdrku\u00f0 \u00ed m\u00f6rgum borgr\u00edkjum, oft undir n\u00f6fnunum Ninmah e\u00f0a Aruru.<\/p>\n<p>Hlutverk hennar \u00ed f\u00e6\u00f0ingarsi\u00f0um er sta\u00f0fest me\u00f0 fj\u00f6lda galdratexta. Konur \u00e1k\u00f6llu\u00f0u hana \u00ed f\u00e6\u00f0ingarhr\u00ed\u00f0um, lj\u00f3sm\u00e6\u00f0ur f\u00f3ru me\u00f0 galdra\u00feulur yfir kvi\u00f0i f\u00e6\u00f0andi kvenna \u00fear sem Ninhursag var be\u00f0in um a\u00f0 opna m\u00f3\u00f0urkvi\u00f0inn og l\u00e1ta barni\u00f0 koma \u00f6ruggt fram. Sl\u00edkir textar eru skjalfestir allt fram \u00e1 s\u00ed\u00f0bab\u00fdlonskan t\u00edma og undirstrika samfellu \u00ed d\u00fdrkun hennar.<\/p>\n<p>\u00cd n\u00fdass\u00fdr\u00edska r\u00edkinu minnka\u00f0i mikilv\u00e6gi Ninhursag, sem tengist auknu v\u00e6gi karlkyns r\u00edkisgu\u00f0a \u00e1 bor\u00f0 vi\u00f0 Ashur og Ninurta. H\u00fan h\u00e9lst \u00fe\u00f3 \u00e1fram \u00ed heilunartextum, og nafnabreytingar hennar koma fram \u00ed \u00e1letrunum allt fram \u00e1 s\u00ed\u00f0akemen\u00eddat\u00edmann.<\/p>\n<p>S\u00ed\u00f0b\u00fain samfella s\u00e9st jafnframt \u00ed <span class=\"iwg-fachbegriff\" data-tooltip=\"\u00d6ll \u00feau tr\u00faarlegu d\u00fdrkunarath\u00e6fi sem t\u00ed\u00f0kast um gu\u00f0veru e\u00f0a helga pers\u00f3nu.\" tabindex=\"0\">d\u00fdrkun<\/span> hennar \u00ed Dilmun, n\u00faverandi Barein. Fornleifauppgr\u00f6ftur hefur leitt \u00ed lj\u00f3s umfangsmikil musterismannvirki \u00fear sem Ninhursag var d\u00fdrku\u00f0 \u00ed tengslum vi\u00f0 Enki. \u00deessi tenging sk\u00fdrist af <span class=\"iwg-fachbegriff\" data-tooltip=\"Hef\u00f0bundin fr\u00e1s\u00f6gn um gu\u00f0i, uppruna og skipan heimsins.\" tabindex=\"0\">go\u00f0s\u00f6gninni<\/span> \u201eEnki og Ninhursag\u201c, sem l\u00fdsir Dilmun sem parad\u00edsarlegu frumlandi.<\/p>\t\t\t\t\t\t\t\t<\/div>\n\t\t\t\t<\/div>\n\t\t<div class=\"elementor-element elementor-element-0c594aa e-con-full e-flex e-con e-child\" data-id=\"0c594aa\" data-element_type=\"container\" data-e-type=\"container\">\n\t\t\t\t<div class=\"elementor-element elementor-element-31d96a2 elementor-widget elementor-widget-heading\" data-id=\"31d96a2\" data-element_type=\"widget\" data-e-type=\"widget\" data-widget_type=\"heading.default\">\n\t\t\t\t\t<h2 class=\"elementor-heading-title elementor-size-default\">Mikilv\u00e6gar go\u00f0sagnir<\/h2>\t\t\t\t<\/div>\n\t\t\t\t<div class=\"elementor-element elementor-element-70981c3 elementor-widget elementor-widget-text-editor\" data-id=\"70981c3\" data-element_type=\"widget\" data-e-type=\"widget\" data-widget_type=\"text-editor.default\">\n\t\t\t\t\t\t\t\t\t<p>\u00abEnki og Ninhursag\u00bb er mi\u00f0l\u00e6gur <span class=\"iwg-fachbegriff\" data-tooltip=\"Fr\u00e1s\u00f6gn sem var\u00f0veist hefur um gu\u00f0i, uppruna og skipan heimsins.\" tabindex=\"0\">go\u00f0s\u00f6gn<\/span> og einn af elstu skjalfestu sk\u00f6punartextum. Hann hefst me\u00f0 l\u00fdsingu \u00e1 Dilmun sem hreinni eyju, \u00f3snortinni af dau\u00f0a og sj\u00fakd\u00f3mum.<\/p><p>Enki flytur ferskvatn til eyjarins og gerir hana frj\u00f3sama. \u00cd r\u00f6\u00f0 samtvinna\u00f0ra kynsl\u00f3\u00f0aferla eignast hann me\u00f0 Ninhursag og afkomendum hennar fj\u00f6lda d\u00e6tra, sem lei\u00f0ir til \u00e1taka milli hans og gy\u00f0junnar.<\/p><p>Enki bor\u00f0ar s\u00ed\u00f0an \u00e1tta pl\u00f6ntur sem Ninhursag hefur r\u00e6kta\u00f0 \u00ed gar\u00f0inum og h\u00fan leggur \u00e1 hann b\u00f6lvun, \u00feannig a\u00f0 \u00e1tta sj\u00fakd\u00f3mar hrj\u00e1 hann \u00ed \u00fdmsum l\u00edkamshlutum. A\u00f0 lokum s\u00e6ttist h\u00fan vi\u00f0 Enki og f\u00e6\u00f0ir l\u00e6knisgo\u00f0 fyrir hvern sj\u00fakd\u00f3m. Fr\u00e1s\u00f6gnin er gu\u00f0fr\u00e6\u00f0ilegt d\u00e6mi um samhengi sk\u00f6punar, sektar og l\u00e6kningar.<\/p>\n<p>Annar mikilv\u00e6gur texti er \u00abEnki og Ninmah\u00bb, \u00fear sem gu\u00f0irnir tveir m\u00f3ta menn \u00far leir \u00ed eins konar sk\u00f6punarkeppni.<\/p><p>Ninmah m\u00f3tar fyrst fatla\u00f0a menn, sem Enki finnur sta\u00f0 fyrir \u00ed samf\u00e9lagslegri skipan, en s\u00ed\u00f0an m\u00f3tar Enki sj\u00f6 fur\u00f0uverur sem engum tekst a\u00f0 finna hlutverk fyrir. Fr\u00e1s\u00f6gnin felur \u00ed s\u00e9r dj\u00fapa si\u00f0fer\u00f0ilega \u00edgrundun um \u00e1byrg\u00f0 skaparans og takmarkanir skipulagsins.<\/p>\n<p>\u00deri\u00f0ja fr\u00e1s\u00f6gnin er \u00ed \u00ab<span class=\"iwg-fachbegriff\" data-tooltip=\"Fr\u00e1s\u00f6gn sem var\u00f0veist hefur um gu\u00f0i, uppruna og skipan heimsins.\" tabindex=\"0\">go\u00f0s\u00f6gunni<\/span> um Lugalbanda og Anzu-fuglinn\u00bb, \u00fear sem Ninhursag sty\u00f0ur hetjuna Lugalbanda og hj\u00e1lpar honum vi\u00f0 verkefni hans. Gy\u00f0jan kemur h\u00e9r fram sem verndandi og r\u00e1\u00f0gefandi m\u00e1ttarvald, hlutverk sem h\u00fan hefur \u00ed m\u00f6rgum mes\u00f3p\u00f3tam\u00edskum hetjus\u00f6gum.<\/p>\t\t\t\t\t\t\t\t<\/div>\n\t\t\t\t<\/div>\n\t\t<div class=\"elementor-element elementor-element-292129e e-con-full e-flex e-con e-child\" data-id=\"292129e\" data-element_type=\"container\" data-e-type=\"container\">\n\t\t\t\t<div class=\"elementor-element elementor-element-d784928 elementor-widget elementor-widget-heading\" data-id=\"d784928\" data-element_type=\"widget\" data-e-type=\"widget\" data-widget_type=\"heading.default\">\n\t\t\t\t\t<h2 class=\"elementor-heading-title elementor-size-default\">Tengsl innan go\u00f0aheimsins<\/h2>\t\t\t\t<\/div>\n\t\t\t\t<div class=\"elementor-element elementor-element-8cdacde elementor-widget elementor-widget-text-editor\" data-id=\"8cdacde\" data-element_type=\"widget\" data-e-type=\"widget\" data-widget_type=\"text-editor.default\">\n\t\t\t\t\t\t\t\t\t<p>Ninhursag er eitt af fj\u00f3rum \u00e6\u00f0stu gu\u00f0um S\u00famera, \u00e1samt Anu, Enlil og Enki. \u00cd sk\u00f6punartextum kemur h\u00fan fram sem sj\u00e1lfst\u00e6tt m\u00e1ttarvald sem m\u00f3tar menn og d\u00fdr \u00ed samvinnu vi\u00f0 Enki. Me\u00f0 Enki deilir h\u00fan umhyggju fyrir frj\u00f3semi og l\u00e6kningu, me\u00f0 Enlil umhyggju fyrir reglu og r\u00e9tti, og me\u00f0 Anu fullveldi yfir frumt\u00edmanum.<\/p>\n<p>D\u00e6tur hennar, f\u00e6ddar \u00ed <span class=\"iwg-fachbegriff\" data-tooltip=\"Fr\u00e1s\u00f6gn sem var\u00f0veist hefur um gu\u00f0i, uppruna og skipan heimsins.\" tabindex=\"0\">go\u00f0s\u00f6gninni<\/span> \u00abEnki og Ninhursag\u00bb, eru a\u00f0 hluta mikilv\u00e6gar d\u00fdrkunargy\u00f0jur annarra borgr\u00edkja. Ein \u00feeirra er Ninkurra, gy\u00f0ja steinsm\u00ed\u00f0a, \u00f6nnur er Ninimma, gy\u00f0ja skriftlistar. \u00deessi \u00e6ttartala tengir Ninhursag vi\u00f0 hina fj\u00f6lbreyttustu handverks- og menningars\u00f6fnu\u00f0i Mes\u00f3p\u00f3tam\u00edu.<\/p>\n<p>Me\u00f0 Bau og Gulu deilir h\u00fan l\u00e6kningahlutverki, me\u00f0 Inn\u00f6nnu tengist h\u00fan samkeppnissambandi, \u00fear sem Innanna t\u00f3k \u00ed forns\u00famerskri <span class=\"iwg-fachbegriff\" data-tooltip=\"Fr\u00e6\u00f0ileg kenning um gu\u00f0 og tr\u00fa innan tr\u00faarbrag\u00f0a.\" tabindex=\"0\">gu\u00f0fr\u00e6\u00f0i<\/span> \u00ed vaxandi m\u00e6li vi\u00f0 forgangss\u00e6ti gy\u00f0janna. \u00cd hellen\u00edsk-r\u00f3mverskri <span class=\"iwg-fachbegriff\" data-tooltip=\"Samruni hugmynda e\u00f0a gu\u00f0a \u00far mismunandi tr\u00faarhef\u00f0um.\" tabindex=\"0\">samruna tr\u00faarbrag\u00f0a<\/span> kemst h\u00fan ekki \u00ed beina snertingu vi\u00f0 gr\u00edskar gy\u00f0jur, \u00fev\u00ed d\u00fdrkun hennar var \u00feegar \u00ed r\u00e9nun.<\/p>\n<p><span data-nosnippet>Me\u00f0 Damgalnunu, eiginkonu Enkis, deildi Ninhursag \u00fdmsum hlutverkum \u00ed su\u00f0urhluta S\u00famer, sem leiddi til hinnar sjaldg\u00e6fu en skjalfestu samsemdar Damgalnunu-Ninhursag \u00ed eridu-textum. Wilfred G. Lambert t\u00falka\u00f0i \u00feessa samruna \u00ed ritger\u00f0 fr\u00e1 1992 sem s\u00f6nnun fyrir sv\u00e6\u00f0isbundinni fj\u00f6lbreytni s\u00famerskra gu\u00f0anafna.<\/span><\/p>\n<p>\u00cd akkad\u00edska <span class=\"iwg-fachbegriff\" data-tooltip=\"Heild gu\u00f0a innan tr\u00faarbrag\u00f0a e\u00f0a menningar.\" tabindex=\"0\">go\u00f0aheiminum<\/span> kemur Ninhursag fram sem Mami e\u00f0a Mama, skapari mannkyns \u00ed Atrahasis-kvi\u00f0unni. Samkv\u00e6mt fyrirm\u00e6lum Enkis hno\u00f0ar h\u00fan leir og bl\u00f3\u00f0 hins sl\u00e1tra\u00f0a gu\u00f0s We-ila saman \u00ed sj\u00f6 mannsp\u00f6r. \u00deessi sk\u00f6punarsena er elsta leirsk\u00f6punarfr\u00e1s\u00f6gn heimsb\u00f3kmenntanna og hefur \u00e1tt fj\u00f6lmarga eftirfylgjendur \u00ed tr\u00faarbr\u00f6g\u00f0um Sem\u00edta.<\/p>\t\t\t\t\t\t\t\t<\/div>\n\t\t\t\t<\/div>\n\t\t<div class=\"elementor-element elementor-element-acebfa4 e-con-full e-flex e-con e-child\" data-id=\"acebfa4\" data-element_type=\"container\" data-e-type=\"container\">\n\t\t\t\t<div class=\"elementor-element elementor-element-b94b971 elementor-widget elementor-widget-heading\" data-id=\"b94b971\" data-element_type=\"widget\" data-e-type=\"widget\" data-widget_type=\"heading.default\">\n\t\t\t\t\t<h2 class=\"elementor-heading-title elementor-size-default\">M\u00f3ttaka og \u00e1hrif<\/h2>\t\t\t\t<\/div>\n\t\t\t\t<div class=\"elementor-element elementor-element-bfab884 elementor-widget elementor-widget-text-editor\" data-id=\"bfab884\" data-element_type=\"widget\" data-e-type=\"widget\" data-widget_type=\"text-editor.default\">\n\t\t\t\t\t\t\t\t\t<p>\u00deegar mes\u00f3p\u00f3tam\u00edsk h\u00e1\u00fer\u00f3un lei\u00f0 undir lok fjara\u00f0i <span class=\"iwg-fachbegriff\" data-tooltip=\"Heild tr\u00faarlegra tilbei\u00f0sluathafna sem t\u00ed\u00f0kast \u00ed gar\u00f0 gu\u00f0s e\u00f0a heilagrar v\u00e6ttar.\" tabindex=\"0\">d\u00fdrkun<\/span> Ninhursag \u00fat, en l\u00e6knandi textar me\u00f0 nafni hennar voru \u00fe\u00f3 \u00e1fram afrita\u00f0ir og var\u00f0veittir \u00e1 s\u00ed\u00f0bab\u00fdlonska og akkemin\u00edska t\u00edmabilinu.<\/p><p>\u00c1 19. \u00f6ld var gy\u00f0jan endurger\u00f0 me\u00f0 endurfundnum s\u00famerskum textum, fyrst og fremst me\u00f0 verkum Samuel Noah Kramer, sem m\u00f3ta\u00f0i s\u00famerafr\u00e6\u00f0i sem v\u00edsindagrein.<\/p>\n<p>\u00cd n\u00fat\u00edma tr\u00faarbrag\u00f0as\u00f6gu er Ninhursag me\u00f0al \u00feeirra d\u00e6ma sem oftast er v\u00edsa\u00f0 til um fornaustr\u00e6nar m\u00f3\u00f0urgy\u00f0jur og hefur veri\u00f0 r\u00e6dd sem s\u00f6guleg r\u00f3t s\u00ed\u00f0ari gy\u00f0ja vi\u00f0 Mi\u00f0jar\u00f0arhaf, \u00e1 bor\u00f0 vi\u00f0 Demeter, K\u00fdbele e\u00f0a \u00cdsis. \u00deessi tilg\u00e1ta er \u00ed dag metin me\u00f0 var\u00fa\u00f0, \u00fev\u00ed ekki er unnt a\u00f0 sanna beina \u00e6ttf\u00e6rslu. Hin d\u00e6miger\u00f0a l\u00edking er \u00fe\u00f3 \u00e1fram mikilv\u00e6gt umr\u00e6\u00f0uefni \u00ed tr\u00faarbrag\u00f0as\u00f6gu.<\/p>\n<p>\u00cd fem\u00edn\u00edskri t\u00falkun 20. og 21. aldar hefur Ninhursag veri\u00f0 tekin sem d\u00e6mi um valdamikla, sj\u00e1lfst\u00e6\u00f0a kvenlega <span class=\"iwg-fachbegriff\" data-tooltip=\"Vera sem d\u00fdrku\u00f0 er sem gu\u00f0leg innan tr\u00faarbrag\u00f0a.\" tabindex=\"0\">gu\u00f0veru<\/span> \u00far fornum h\u00e1\u00fer\u00f3unum.<\/p><p>H\u00fan er sett fram \u00ed ranns\u00f3knum um s\u00f6gu m\u00f3\u00f0urd\u00fdrkunar vi\u00f0 hli\u00f0 Ninlil, In\u00f6nnu og T\u00edamat. \u00cd vins\u00e6lum <span class=\"iwg-fachbegriff\" data-tooltip=\"Samheiti yfir kenningar sem gera kr\u00f6fu um dulda \u00feekkingu sem a\u00f0eins innv\u00edg\u00f0ir hafa a\u00f0gang a\u00f0.\" tabindex=\"0\">es\u00f3terisma<\/span> kemur h\u00fan fram undir nafninu \u201es\u00famersk jar\u00f0m\u00f3\u00f0ir\u201c, en sl\u00edkar a\u00f0laganir skortir oft v\u00edsindalega n\u00e1kv\u00e6mni.<\/p>\n<p>\u00cd n\u00fat\u00edma bibl\u00eduranns\u00f3knum hefur tengingin vi\u00f0 Evu og rifbeini\u00f0 fengi\u00f0 mikla athygli. Tilg\u00e1ta Kramers, a\u00f0 f\u00e6\u00f0ing Ninhursag \u00far rifbeini Enkis s\u00e9 m\u00f3t\u00edft fyrirmynd Evu, hefur veri\u00f0 r\u00e6dd af gu\u00f0fr\u00e6\u00f0ingum eins og Claus Westermann \u00ed Genesis-sk\u00fdringarriti s\u00ednu og \u00fer\u00f3u\u00f0 \u00e1fram af John Day.<\/p><p>N\u00e1kv\u00e6m mynd yfirf\u00e6rslunnar er enn \u00f3lj\u00f3s, en tilvist mes\u00f3p\u00f3tam\u00edskra fyrirmynda a\u00f0 bibl\u00edulegum m\u00f3t\u00edfum er n\u00fa almennt vi\u00f0urkennd.<\/p>\n<p><span data-nosnippet>\u00d6nnur \u00e1hrifal\u00edna liggur um hina hellen\u00edsku Magna Mater. Berossos greinir \u00feegar fr\u00e1 \u00fev\u00ed a\u00f0 Eg\u00ednub\u00faar hafi samsama\u00f0 mes\u00f3p\u00f3tam\u00edsku Mami vi\u00f0 Rheu. Walter Burkert hefur \u00ed \u201eBabylon, Memphis, Persepolis\u201c (2003) raki\u00f0 spor \u00feessarar yfirf\u00e6rslu og gerir r\u00e1\u00f0 fyrir \u00f3beinum \u00e1hrifum \u00e1 K\u00fdbele-<span class=\"iwg-fachbegriff\" data-tooltip=\"Heild tr\u00faarlegra tilbei\u00f0sluathafna sem t\u00ed\u00f0kast \u00ed gar\u00f0 gu\u00f0s e\u00f0a heilagrar v\u00e6ttar.\" tabindex=\"0\">d\u00fdrkun<\/span> \u00ed Fr\u00fdg\u00edu.<\/span><\/p><p>N\u00e1kv\u00e6m skref \u00feessarar mi\u00f0lunar eru ekki fullkomlega sk\u00fdr\u00f0, en fr\u00e6\u00f0imenn telja l\u00edklegt a\u00f0 m\u00f3t\u00edfbundin samfella liggi fr\u00e1 Ninhursag um Mami til Magna Mater.<\/p>\t\t\t\t\t\t\t\t<\/div>\n\t\t\t\t<\/div>\n\t\t<div class=\"elementor-element elementor-element-bd20727 e-con-full e-flex e-con e-child\" data-id=\"bd20727\" data-element_type=\"container\" data-e-type=\"container\">\n\t\t\t\t<div class=\"elementor-element elementor-element-161d541 elementor-widget elementor-widget-heading\" data-id=\"161d541\" data-element_type=\"widget\" data-e-type=\"widget\" data-widget_type=\"heading.default\">\n\t\t\t\t\t<h2 class=\"elementor-heading-title elementor-size-default\">Tr\u00faarfr\u00e6\u00f0ileg sta\u00f0setning<\/h2>\t\t\t\t<\/div>\n\t\t\t\t<div class=\"elementor-element elementor-element-f2e68d6 elementor-widget elementor-widget-text-editor\" data-id=\"f2e68d6\" data-element_type=\"widget\" data-e-type=\"widget\" data-widget_type=\"text-editor.default\">\n\t\t\t\t\t\t\t\t\t<p>Thorkild Jacobsen t\u00falkar \u00ed \u201eThe Treasures of Darkness\u201c Ninhursag sem d\u00e6mi um jar\u00f0bundna (\u00fe\u00f3n\u00f3lega) gy\u00f0ju, \u00fear sem verk hennar tengjast f\u00e6\u00f0ingu, j\u00f6r\u00f0 og steini. Hann s\u00e9r \u00ed <span class=\"iwg-fachbegriff\" data-tooltip=\"Heild var\u00f0veittra fr\u00e1sagna um gu\u00f0i innan menningar.\" tabindex=\"0\">go\u00f0afr\u00e6\u00f0i<\/span> hennar fornaldarlegt lagskipt m\u00f3del, \u00fear sem j\u00f6r\u00f0in er ekki a\u00f0eins landfr\u00e6\u00f0ilegur veruleiki heldur upplifu\u00f0 sem pers\u00f3nuger\u00f0ur m\u00e1ttur.<\/p>\n<p>Jean Bott\u00e9ro leggur \u00e1herslu \u00e1 sj\u00e1lfst\u00e6\u00f0i gy\u00f0junnar \u00ed gu\u00f0fr\u00e6\u00f0ilegu tilliti og hlutverk hennar sem m\u00f3tv\u00e6gi vi\u00f0 hina karllegu sk\u00f6punargu\u00f0i. Walther Sallaberger hefur endurgert <span class=\"iwg-fachbegriff\" data-tooltip=\"Heild tr\u00faarlegra tilbei\u00f0sluathafna sem t\u00ed\u00f0kast \u00ed gar\u00f0 gu\u00f0s e\u00f0a heilagrar v\u00e6ttar.\" tabindex=\"0\">d\u00fdrkun<\/span> Ninhursag \u00edtarlega \u00ed ranns\u00f3kn sinni \u00e1 Ur-III-t\u00edmatalinu og s\u00fdnt fram \u00e1 a\u00f0 gy\u00f0jan l\u00e9k veigamiki\u00f0 hlutverk \u00ed mikilv\u00e6gum r\u00edkish\u00e1t\u00ed\u00f0um.<\/p>\n<p>Stefan Maul og Andrew George hafa gefi\u00f0 \u00fat l\u00e6knandi texta me\u00f0 nafni hennar. Af \u00feessum textum m\u00e1 r\u00e1\u00f0a a\u00f0 Ninhursag var ein af f\u00e1um mes\u00f3p\u00f3tam\u00edskum gu\u00f0verum sem leita\u00f0 var til \u00ed mj\u00f6g fj\u00f6lbreyttum l\u00edfsa\u00f0st\u00e6\u00f0um: vi\u00f0 f\u00e6\u00f0ingu, veikindi, s\u00e1ningu og musterisbyggingar.<\/p><p>Stephanie Dalley og Wilfred Lambert setja hana \u00ed b\u00f3kmenntalegt samhengi \u00fear sem h\u00fan kemur fram sem \u00f3missandi f\u00e9lagi Enkis \u00ed nokkrum sk\u00f6punars\u00f6gum.<\/p>\t\t\t\t\t\t\t\t<\/div>\n\t\t\t\t<\/div>\n\t\t<div class=\"elementor-element elementor-element-27822d0 e-con-full e-flex e-con e-child\" data-id=\"27822d0\" data-element_type=\"container\" data-e-type=\"container\">\n\t\t\t\t<div class=\"elementor-element elementor-element-f13d646 elementor-widget elementor-widget-heading\" data-id=\"f13d646\" data-element_type=\"widget\" data-e-type=\"widget\" data-widget_type=\"heading.default\">\n\t\t\t\t\t<h2 class=\"elementor-heading-title elementor-size-default\">Kesh-s\u00e1lmurinn og musterisgu\u00f0fr\u00e6\u00f0i<\/h2>\t\t\t\t<\/div>\n\t\t\t\t<div class=\"elementor-element elementor-element-cf9684e elementor-widget elementor-widget-text-editor\" data-id=\"cf9684e\" data-element_type=\"widget\" data-e-type=\"widget\" data-widget_type=\"text-editor.default\">\n\t\t\t\t\t\t\t\t\t<p>Kesh-musteriss\u00e1lmurinn er einn af elstu var\u00f0veittu s\u00famersku textunum og er einnig talinn me\u00f0al fyrstu tr\u00faarlegu texta heimsb\u00f3kmenntanna. Brot, sem n\u00e1 aftur til t\u00edma \u00feri\u00f0ju konungs\u00e6ttarinnar \u00ed \u00dar (21. \u00f6ld f.Kr.), hafa var\u00f0veist \u00ed s\u00ed\u00f0ari skrifarab\u00f3kas\u00f6fnum \u00ed Nippur, Sippar og \u00dar.<\/p><p>Textinn fagnar <span class=\"iwg-fachbegriff\" data-tooltip=\"Bygging sem \u00fej\u00f3nar tilbei\u00f0slu einnar e\u00f0a fleiri gu\u00f0vera.\" tabindex=\"0\">musteri<\/span> borgarins Kesh og gy\u00f0ju \u00feess Ninhursag \u00ed 134 l\u00ednum, \u00e1tta erindum, sem hvert endar \u00e1 form\u00falunni \u201eHver hefur s\u00e9\u00f0 sl\u00edkt, hver hefur s\u00e9\u00f0 sl\u00edkt?\u201c<\/p><p>\u00deessi endurtekning gefur s\u00e1lminum n\u00e6rri huglei\u00f0slulegan bl\u00e6. Textinn er hef\u00f0bundi\u00f0 eigna\u00f0ur prestlega sk\u00e1ldkonunni Enheduanna, d\u00f3ttur Sargons af Akkad, en elstu brotin eru eldri og eiga r\u00e6tur \u00ed munnlegri hef\u00f0 sem sta\u00f0i\u00f0 hefur \u00ed nokkur hundru\u00f0 \u00e1r.<\/p>\n<p>Innihaldslega leggur s\u00e1lmurinn \u00e1herslu \u00e1 hlutverk Ninhursag sem lj\u00f3sm\u00f3\u00f0ur gu\u00f0anna og konunganna. H\u00fan er \u201em\u00f3\u00f0ir steinanna\u201c og \u201ev\u00f6r\u00f0ur l\u00edfs\u00e6\u00f0arins\u201c, eins og segir \u00ed l\u00ednum 12 til 17.<\/p><p>\u00deessi tv\u00f6falda tenging vi\u00f0 jar\u00f0fr\u00e6\u00f0i og l\u00edfe\u00f0li er einkennandi \u00fe\u00e1ttur \u00ed <span class=\"iwg-fachbegriff\" data-tooltip=\"V\u00edsindaleg fr\u00e6\u00f0igrein um gu\u00f0 og tr\u00fa innan tr\u00faarbrag\u00f0a.\" tabindex=\"0\">gu\u00f0fr\u00e6\u00f0i<\/span> Ninhursag og a\u00f0greinir hana fr\u00e1 \u00f6\u00f0rum m\u00f3\u00f0urgy\u00f0jum Mes\u00f3p\u00f3tam\u00edu. Kesh-<span class=\"iwg-fachbegriff\" data-tooltip=\"Bygging sem \u00fej\u00f3nar tilbei\u00f0slu einnar e\u00f0a fleiri gu\u00f0vera.\" tabindex=\"0\">musteri\u00f0<\/span> sj\u00e1lft var lengi \u00f3sta\u00f0sett \u00ed fornleifaranns\u00f3knum; \u00fea\u00f0 var ekki fyrr en me\u00f0 \u00fe\u00fdskum uppgr\u00f6ftum \u00ed Tell al-Wilayah a\u00f0 tilg\u00e1ta um samsv\u00f6run vi\u00f0 musterisbygginguna sem \u00fear fannst \u00fe\u00f3tti tr\u00faver\u00f0ug.<\/p>\n<p>\u00cdtarlega \u00fatg\u00e1fu me\u00f0 \u00fe\u00fd\u00f0ingu og sk\u00fdringum hafa Robert D. Biggs og Jane M. Cohen sett fram. \u00deeir s\u00fdna a\u00f0 s\u00e1lmurinn er st\u00edlfr\u00e6\u00f0ilega tengdur hinum 42 musteriss\u00e1lmum Enheduanna, sem kunnir eru undir samheitinu \u201eSumerian Temple Hymns\u201c.<\/p><p>Kafli 7 \u00ed \u00feessu safni er tileinka\u00f0ur <span class=\"iwg-fachbegriff\" data-tooltip=\"Bygging sem \u00fej\u00f3nar tilbei\u00f0slu einnar e\u00f0a fleiri gu\u00f0vera.\" tabindex=\"0\">musteri<\/span> Ninhursag \u00ed Adab og kallar hana \u201em\u00f3\u00f0ur allra barna\u201c, sem sta\u00f0festir \u00fatbrei\u00f0slu d\u00fdrkunar hennar um Mes\u00f3p\u00f3tam\u00edu.<\/p>\t\t\t\t\t\t\t\t<\/div>\n\t\t\t\t<\/div>\n\t\t<div class=\"elementor-element elementor-element-14fb2a6 e-con-full e-flex e-con e-child\" data-id=\"14fb2a6\" data-element_type=\"container\" data-e-type=\"container\">\n\t\t\t\t<div class=\"elementor-element elementor-element-a16307d elementor-widget elementor-widget-heading\" data-id=\"a16307d\" data-element_type=\"widget\" data-e-type=\"widget\" data-widget_type=\"heading.default\">\n\t\t\t\t\t<h2 class=\"elementor-heading-title elementor-size-default\">Dilmun-\u00fe\u00e1tturinn og Enki<\/h2>\t\t\t\t<\/div>\n\t\t\t\t<div class=\"elementor-element elementor-element-14ad7c8 elementor-widget elementor-widget-text-editor\" data-id=\"14ad7c8\" data-element_type=\"widget\" data-e-type=\"widget\" data-widget_type=\"text-editor.default\">\n\t\t\t\t\t\t\t\t\t<p><span data-nosnippet>Hin langa s\u00famerska <span class=\"iwg-fachbegriff\" data-tooltip=\"Munnm\u00e6lasaga um gu\u00f0i, uppruna og skipulag heimsins.\" tabindex=\"0\">go\u00f0saga<\/span> \u00abEnki og Ninhursag\u00bb er ein af r\u00edkustu heimildunum um <span class=\"iwg-fachbegriff\" data-tooltip=\"Fr\u00e6\u00f0ilegar kenningar um gu\u00f0 og tr\u00fa innan tr\u00faarbrag\u00f0a.\" tabindex=\"0\">gu\u00f0fr\u00e6\u00f0i<\/span> \u00feessara tveggja gu\u00f0a. Textinn, gefinn \u00fat af Pascal Attinger 1984 \u00ed \u00abL Hymne \u00e0 Nungal\u00bb, segir fr\u00e1 hinu parad\u00edsarlega landi Dilmun, sem tali\u00f0 er vera n\u00faverandi eyjan Bahrain.<\/span><\/p><p>\u00cd Dilmun er engin sj\u00fakd\u00f3mur, ellihr\u00f6rnun e\u00f0a dau\u00f0i. Enki, gu\u00f0 ferskvatnsins, dregst a\u00f0 jar\u00f0argy\u00f0junni Ninhursag. \u00dar sambandi \u00feeirra kviknar d\u00f3ttirin Ninnisig, og \u00far frekari samb\u00f6ndum hennar vi\u00f0 Enki f\u00e6\u00f0ast alls \u00ferj\u00e1r kynsl\u00f3\u00f0ir d\u00e6tra. A\u00f0 lokum \u00e9tur Enki \u00e1tta pl\u00f6ntur sem spretta af s\u00e6\u00f0i Ninhursag og ver\u00f0ur dau\u00f0vona.<\/p>\n<p>Ninhursag l\u00e6knar Enki me\u00f0 \u00fev\u00ed a\u00f0 f\u00e6\u00f0a \u00e1tta heilunargo\u00f0m\u00f6gn \u00far \u00feeim l\u00edkamshlutum Enkis sem ur\u00f0u sj\u00fakir. Hver \u00feessara gy\u00f0ja er tengd tilteknum l\u00edkamshluta, sem er frumst\u00e6tt form samsv\u00f6runar milli gu\u00f0a og l\u00edff\u00e6ra \u00ed l\u00e6knisfr\u00e6\u00f0i. Ein \u00feessara heilunargy\u00f0ja er Ninti, en nafn hennar \u00fe\u00fd\u00f0ir \u00abfr\u00fa rifbeinsins\u00bb e\u00f0a \u00abfr\u00fa l\u00edfsins\u00bb.<\/p><p><span data-nosnippet>\u00deessi fr\u00e1s\u00f6gn hefur af Samuel Noah Kramer \u00ed \u00abHistory Begins at Sumer\u00bb (1956) veri\u00f0 t\u00falku\u00f0 sem hugsanleg fyrirmynd bibl\u00edus\u00f6gunnar um Evu, \u00fear sem or\u00f0aleikurinn \u00abrifbein \/ l\u00edf\u00bb kemur einnig fram \u00e1 hebresku. \u00deessi tengsl eru umdeild \u00ed dag en vi\u00f0urkennd sem st\u00edlfr\u00e6\u00f0ilegt echo.<\/span><\/p>\n<p>Dilmun-fr\u00e1s\u00f6gnin er einnig mikilv\u00e6g \u00ed tr\u00faars\u00f6gu vegna \u00feess a\u00f0 h\u00fan fjallar um hugmyndina um parad\u00edsarlegt frumland \u00fear sem sj\u00fakd\u00f3mur og dau\u00f0i eru ekki til. \u00deessi hugmynd hefur, umfram Mes\u00f3p\u00f3tam\u00edu, skili\u00f0 eftir sig spor \u00ed zoroastr\u00edskum og bibl\u00edulegum parad\u00edsarhef\u00f0um, eins og Thorkild Jacobsen s\u00fdnir \u00ed \u00abThe Treasures of Darkness\u00bb og Jean Bott\u00e9ro \u00ed \u00abLa plus vieille religion\u00bb.<\/p>\t\t\t\t\t\t\t\t<\/div>\n\t\t\t\t<\/div>\n\t\t<div class=\"elementor-element elementor-element-c22d47b e-con-full e-flex e-con e-child\" data-id=\"c22d47b\" data-element_type=\"container\" data-e-type=\"container\">\n\t\t\t\t<div class=\"elementor-element elementor-element-8ef26a8 elementor-widget elementor-widget-heading\" data-id=\"8ef26a8\" data-element_type=\"widget\" data-e-type=\"widget\" data-widget_type=\"heading.default\">\n\t\t\t\t\t<h2 class=\"elementor-heading-title elementor-size-default\">F\u00e6\u00f0ing, heilun og konungleg gu\u00f0fr\u00e6\u00f0i<\/h2>\t\t\t\t<\/div>\n\t\t\t\t<div class=\"elementor-element elementor-element-06d52b9 elementor-widget elementor-widget-text-editor\" data-id=\"06d52b9\" data-element_type=\"widget\" data-e-type=\"widget\" data-widget_type=\"text-editor.default\">\n\t\t\t\t\t\t\t\t\t<p>Ninhursag var tilbe\u00f0in sem gy\u00f0ja f\u00e6\u00f0ingar og heilunar. Nokkrir mes\u00f3p\u00f3tam\u00edskir konungar k\u00f6llu\u00f0u sig \u00abson Ninhursag\u00bb, me\u00f0al \u00feeirra Eannatum af Lagash og Mesannepada af Ur. Gammasteinninn (Geierstele) Eannatums, t\u00edmasettur um 2450 f.Kr., s\u00fdnir konunginn \u00ed samsettri mynd \u00fear sem Ninhursag n\u00e6rir hann vi\u00f0 brj\u00f3st sitt.<\/p><p>\u00deessi myndform\u00fala um gu\u00f0lega \u00e6ttlei\u00f0ingu h\u00e9lt s\u00e9r st\u00f6\u00f0ug \u00ed meira en tv\u00f6 \u00e1r\u00fe\u00fasund og kemur enn fram \u00e1 n\u00fdass\u00fdr\u00edskum l\u00e1gmyndum.<\/p>\n<p>\u00cd l\u00e6knislist gegnir Ninhursag mikilv\u00e6gu hlutverki sem Belet-ili, \u00abfr\u00fa gu\u00f0anna\u00bb. T\u00f6fluflokkur BAM 234, mes\u00f3p\u00f3tam\u00edsk galdras\u00f6fnun, hefur b\u00e6nir til Ninhursag vi\u00f0 alvarlegum f\u00e6\u00f0ingar\u00f6r\u00f0ugleikum.<\/p><p>Einnig \u00ed Sj\u00fakd\u00f3msgreiningarhandb\u00f3kunum, sem tekin voru saman undir stj\u00f3rn Esagil-kin-apli \u00e1 11. \u00f6ld f.Kr., kemur h\u00fan fram sem gy\u00f0jan sem \u00e1byrg er fyrir hita- og s\u00e1raska\u00f0a. Stefan Maul hefur \u00ed ranns\u00f3knum s\u00ednum \u00e1 l\u00e6knislist Mes\u00f3p\u00f3tam\u00edu skjalfest \u00edtarlega hlutverk Ninhursag sem vi\u00f0komusta\u00f0 \u00ed f\u00e6\u00f0ingarvandam\u00e1lum.<\/p>\n<p>Konungleg gu\u00f0fr\u00e6\u00f0i Mes\u00f3p\u00f3tam\u00edu tengdi l\u00f6gm\u00e6ta f\u00e6\u00f0ingu r\u00edkisstj\u00f3ra n\u00e1i\u00f0 vi\u00f0 Ninhursag. Byggingar\u00e1letranir Naram-Sins af Akkad nefna hann sem \u00ab\u00feann er Ninhursag gaf brj\u00f3st sitt\u00bb. Stytta af Naram-Sin s\u00fdnir hann me\u00f0 k\u00f3r\u00f3nu \u00far nautshornum, sem \u00ed myndm\u00e1li t\u00edmans tj\u00e1ir gu\u00f0lega st\u00f6\u00f0u konungsins.<\/p><p>\u00deessi gu\u00f0lega sta\u00f0a var yngri en einf\u00f6ld sonarleg tengsl vi\u00f0 gy\u00f0juna, en haf\u00f0i sama gu\u00f0fr\u00e6\u00f0ilegan grunn. Tab\u00faisering hins mannlega-gu\u00f0lega sambands kom fyrst fram \u00e1 fornbab\u00fdlonska t\u00edmanum, \u00feegar Hamm\u00farab\u00ed t\u00f3k a\u00f0eins a\u00f0 l\u00fdsa sig sem skipa\u00f0an af Anu og Enlil, ekki lengur sem son \u00feeirra.<\/p>\t\t\t\t\t\t\t\t<\/div>\n\t\t\t\t<\/div>\n\t\t<div class=\"elementor-element elementor-element-6d6fb32 e-con-full e-flex e-con e-child\" data-id=\"6d6fb32\" data-element_type=\"container\" data-e-type=\"container\">\n\t\t\t\t<div class=\"elementor-element elementor-element-30ce78a elementor-widget elementor-widget-heading\" data-id=\"30ce78a\" data-element_type=\"widget\" data-e-type=\"widget\" data-widget_type=\"heading.default\">\n\t\t\t\t\t<h2 class=\"elementor-heading-title elementor-size-default\">Heimildir og frekari lesning<\/h2>\t\t\t\t<\/div>\n\t\t\t\t<div class=\"elementor-element elementor-element-beb342f elementor-widget elementor-widget-text-editor\" data-id=\"beb342f\" data-element_type=\"widget\" data-e-type=\"widget\" data-widget_type=\"text-editor.default\">\n\t\t\t\t\t\t\t\t\t<footer class=\"iwg-literatur\"><p>Heimildir fr\u00e1 <span class=\"iwg-fachbegriff\" data-tooltip=\"T\u00edmabil gr\u00edskrar og r\u00f3mverskrar menningar, um 800 f.Kr. til 600 e.Kr.\" tabindex=\"0\">forn\u00f6ld<\/span>: \u00abEnki og Ninhursag\u00bb, \u00abEnki og Ninmah\u00bb, galdratextar og f\u00e6\u00f0ingarhj\u00e1lpartextar fr\u00e1 Nippur og Sippar, \u00e1letranir \u00e1 Gudea-styttum, s\u00e1lmar til Aruru og Ninmah, \u00e1letranir fr\u00e1 Tell el-Obeid.<\/p>\n<ul><li><span data-nosnippet>Jean Bott\u00e9ro, \u00abLa religion babylonienne\u00bb, Paris 1952.<\/span><\/li><li><span data-nosnippet>Samuel Noah Kramer, \u00abThe Sumerians\u00bb, Chicago 1963.<\/span><\/li><\/ul>\n<p class=\"iwg-bib-more\"><span data-nosnippet>Fleiri grunnrit \u00ed <a href=\"https:\/\/iwell-guard.com\/is\/heimildaskra\/\">heimildaskr\u00e1nni<\/a>.<\/span><\/p><\/footer>\t\t\t\t\t\t\t\t<\/div>\n\t\t\t\t<\/div>\n\t\t\t\t\t<\/div>\n\t\t\t\t<\/div>\n\t\t\t\t<\/div>\n\t\t","protected":false},"excerpt":{"rendered":"","protected":false},"author":3,"featured_media":3252,"parent":0,"menu_order":0,"comment_status":"closed","ping_status":"closed","template":"elementor_header_footer","meta":{"_yoast_wpseo_focuskw":"Ninhursag","_yoast_wpseo_title":"Ninhursag \u2013 s\u00famersk m\u00f3\u00f0urgy\u00f0ja | iWell Guard","_yoast_wpseo_metadesc":"Ninhursag er s\u00famersk m\u00f3\u00f0urgy\u00f0ja, skapari mannkyns me\u00f0 Enki, drottning fjallanna. Go\u00f0sagnir um Enki og Ninhursag, sagan af Dilmun og d\u00fdrkun hennar.","_yoast_wpseo_meta-robots-noindex":"","_yoast_wpseo_canonical":"","_angie_page":false,"gefaehrdungsstufe":"","wesen_kultur":"","wesen_klasse":"","footnotes":""},"categories":[],"class_list":["post-169077","page","type-page","status-publish","has-post-thumbnail","hentry"],"yoast_head":"<!-- This site is optimized with the Yoast SEO Premium plugin v27.7 (Yoast SEO v28.3) - https:\/\/yoast.com\/product\/yoast-seo-premium-wordpress\/ -->\n<title>Ninhursag \u2013 s\u00famersk m\u00f3\u00f0urgy\u00f0ja | iWell Guard<\/title>\n<meta name=\"description\" content=\"Ninhursag er s\u00famersk m\u00f3\u00f0urgy\u00f0ja, skapari mannkyns me\u00f0 Enki, drottning fjallanna. Go\u00f0sagnir um Enki og Ninhursag, sagan af Dilmun og d\u00fdrkun hennar.\" \/>\n<meta name=\"robots\" content=\"index, follow, max-snippet:-1, max-image-preview:large, max-video-preview:-1\" \/>\n<link rel=\"canonical\" href=\"https:\/\/iwell-guard.com\/is\/ninhursag\/\" \/>\n<meta property=\"og:locale\" content=\"is_IS\" \/>\n<meta property=\"og:type\" content=\"article\" \/>\n<meta property=\"og:title\" content=\"Ninhursag\" \/>\n<meta property=\"og:description\" content=\"Ninhursag er s\u00famersk m\u00f3\u00f0urgy\u00f0ja, skapari mannkyns me\u00f0 Enki, drottning fjallanna. Go\u00f0sagnir um Enki og Ninhursag, sagan af Dilmun og d\u00fdrkun hennar.\" \/>\n<meta property=\"og:url\" content=\"https:\/\/iwell-guard.com\/is\/ninhursag\/\" \/>\n<meta property=\"og:site_name\" content=\"iWell Guard\" \/>\n<meta property=\"article:modified_time\" content=\"2026-09-05T14:31:41+00:00\" \/>\n<meta property=\"og:image\" content=\"https:\/\/iwell-guard.com\/wp-content\/uploads\/2026\/05\/goetter_mesopotamien_ninhursag.webp\" \/>\n\t<meta property=\"og:image:width\" content=\"1024\" \/>\n\t<meta property=\"og:image:height\" content=\"1536\" \/>\n\t<meta property=\"og:image:type\" content=\"image\/webp\" \/>\n<meta name=\"twitter:card\" content=\"summary_large_image\" \/>\n<script type=\"application\/ld+json\" class=\"yoast-schema-graph\">{\"@context\":\"https:\\\/\\\/schema.org\",\"@graph\":[{\"@type\":\"WebPage\",\"@id\":\"https:\\\/\\\/iwell-guard.com\\\/is\\\/ninhursag\\\/\",\"url\":\"https:\\\/\\\/iwell-guard.com\\\/is\\\/ninhursag\\\/\",\"name\":\"Ninhursag \u2013 s\u00famersk m\u00f3\u00f0urgy\u00f0ja | iWell Guard\",\"isPartOf\":{\"@id\":\"https:\\\/\\\/iwell-guard.com\\\/is\\\/#website\"},\"primaryImageOfPage\":{\"@id\":\"https:\\\/\\\/iwell-guard.com\\\/is\\\/ninhursag\\\/#primaryimage\"},\"image\":{\"@id\":\"https:\\\/\\\/iwell-guard.com\\\/is\\\/ninhursag\\\/#primaryimage\"},\"thumbnailUrl\":\"https:\\\/\\\/iwell-guard.com\\\/wp-content\\\/uploads\\\/2026\\\/05\\\/goetter_mesopotamien_ninhursag.webp\",\"datePublished\":\"2026-09-05T14:05:22+00:00\",\"dateModified\":\"2026-09-05T14:31:41+00:00\",\"description\":\"Ninhursag er s\u00famersk m\u00f3\u00f0urgy\u00f0ja, skapari mannkyns me\u00f0 Enki, drottning fjallanna. Go\u00f0sagnir um Enki og Ninhursag, sagan af Dilmun og d\u00fdrkun hennar.\",\"breadcrumb\":{\"@id\":\"https:\\\/\\\/iwell-guard.com\\\/is\\\/ninhursag\\\/#breadcrumb\"},\"inLanguage\":\"is\",\"potentialAction\":[{\"@type\":\"ReadAction\",\"target\":[\"https:\\\/\\\/iwell-guard.com\\\/is\\\/ninhursag\\\/\"]}]},{\"@type\":\"ImageObject\",\"inLanguage\":\"is\",\"@id\":\"https:\\\/\\\/iwell-guard.com\\\/is\\\/ninhursag\\\/#primaryimage\",\"url\":\"https:\\\/\\\/iwell-guard.com\\\/wp-content\\\/uploads\\\/2026\\\/05\\\/goetter_mesopotamien_ninhursag.webp\",\"contentUrl\":\"https:\\\/\\\/iwell-guard.com\\\/wp-content\\\/uploads\\\/2026\\\/05\\\/goetter_mesopotamien_ninhursag.webp\",\"width\":1024,\"height\":1536,\"caption\":\"Gu\u00f0ir \u00far mes\u00f3p\u00f3tam\u00edskri hef\u00f0.\"},{\"@type\":\"BreadcrumbList\",\"@id\":\"https:\\\/\\\/iwell-guard.com\\\/is\\\/ninhursag\\\/#breadcrumb\",\"itemListElement\":[{\"@type\":\"ListItem\",\"position\":1,\"name\":\"Start\",\"item\":\"https:\\\/\\\/iwell-guard.com\\\/is\\\/?page_id=168580\"},{\"@type\":\"ListItem\",\"position\":2,\"name\":\"Ninhursag\"}]},{\"@type\":\"WebSite\",\"@id\":\"https:\\\/\\\/iwell-guard.com\\\/is\\\/#website\",\"url\":\"https:\\\/\\\/iwell-guard.com\\\/is\\\/\",\"name\":\"iWell Guard\",\"description\":\"Schutz vor dunklen Einfl\u00fcssen\",\"publisher\":{\"@id\":\"https:\\\/\\\/iwell-guard.com\\\/is\\\/#organization\"},\"potentialAction\":[{\"@type\":\"SearchAction\",\"target\":{\"@type\":\"EntryPoint\",\"urlTemplate\":\"https:\\\/\\\/iwell-guard.com\\\/is\\\/?s={search_term_string}\"},\"query-input\":{\"@type\":\"PropertyValueSpecification\",\"valueRequired\":true,\"valueName\":\"search_term_string\"}}],\"inLanguage\":\"is\"},{\"@type\":\"Organization\",\"@id\":\"https:\\\/\\\/iwell-guard.com\\\/is\\\/#organization\",\"name\":\"Ittermann electronic GmbH\",\"url\":\"https:\\\/\\\/iwell-guard.com\\\/is\\\/\",\"logo\":{\"@type\":\"ImageObject\",\"inLanguage\":\"is\",\"@id\":\"https:\\\/\\\/iwell-guard.com\\\/is\\\/#\\\/schema\\\/logo\\\/image\\\/\",\"url\":\"https:\\\/\\\/iwell-guard.com\\\/wp-content\\\/uploads\\\/2026\\\/05\\\/Ittermann-Logo-1182x237-1.png\",\"contentUrl\":\"https:\\\/\\\/iwell-guard.com\\\/wp-content\\\/uploads\\\/2026\\\/05\\\/Ittermann-Logo-1182x237-1.png\",\"width\":1182,\"height\":237,\"caption\":\"Ittermann electronic GmbH\"},\"image\":{\"@id\":\"https:\\\/\\\/iwell-guard.com\\\/is\\\/#\\\/schema\\\/logo\\\/image\\\/\"},\"sameAs\":[\"https:\\\/\\\/pantip.com\\\/profile\\\/9367242\",\"https:\\\/\\\/micro.blog\\\/iwellguard\",\"https:\\\/\\\/www.diggerslist.com\\\/iwellguard\\\/about\",\"https:\\\/\\\/skitterphoto.com\\\/photographers\\\/2870314\\\/iwell-guard\",\"https:\\\/\\\/iwellguard.wordpress.com\\\/2026\\\/06\\\/06\\\/iwell-guard\\\/\",\"https:\\\/\\\/hub.docker.com\\\/u\\\/iwellguard\",\"https:\\\/\\\/www.pinterest.com\\\/iwellguard\\\/\",\"https:\\\/\\\/bit.ly\\\/m\\\/iwellguard\",\"https:\\\/\\\/entre-vos-mains.alsace.eu\\\/profiles\\\/iwellguard\\\/activity\",\"https:\\\/\\\/gravatar.com\\\/reallybeded8fd34\",\"https:\\\/\\\/naijamatta.com\\\/iwellguard\",\"https:\\\/\\\/www.goodreads.com\\\/iwellguard\",\"https:\\\/\\\/profile.hatena.ne.jp\\\/iwellguard\\\/\",\"https:\\\/\\\/experiment.com\\\/users\\\/iwellguard\",\"https:\\\/\\\/wakelet.com\\\/@iWellGuard82270\",\"https:\\\/\\\/www.chordie.com\\\/forum\\\/profile.php?id=2555664\",\"https:\\\/\\\/www.instapaper.com\\\/p\\\/17757966\",\"https:\\\/\\\/www.mapleprimes.com\\\/users\\\/iwellguard\",\"https:\\\/\\\/businesslistingplus.com\\\/profile\\\/iwell-guard\\\/\",\"https:\\\/\\\/telegra.ph\\\/iWell-Guard-06-06\",\"https:\\\/\\\/pbase.com\\\/iwellguard\\\/iwellguard\",\"https:\\\/\\\/b.hatena.ne.jp\\\/iwellguard\\\/20260607#bookmark-4788405196491818882\",\"https:\\\/\\\/fliphtml5.com\\\/home\\\/iwellguard\",\"https:\\\/\\\/anyflip.com\\\/homepage\\\/cmiwl#About\",\"https:\\\/\\\/transfur.com\\\/Users\\\/iwellguard\",\"http:\\\/\\\/delphi.larsbo.org\\\/user\\\/iwellguard\",\"https:\\\/\\\/jobs.lajobsportal.org\\\/profiles\\\/8380803-iwell-guard\",\"https:\\\/\\\/md.chaosdorf.de\\\/s\\\/jfbe5SBdJD\",\"https:\\\/\\\/www.lingvolive.com\\\/en-us\\\/profile\\\/9ecaeaca-ce11-4e51-9e71-01d55e2bff36\\\/translations\",\"https:\\\/\\\/www.fitday.com\\\/fitness\\\/forums\\\/members\\\/iwellguard.html\",\"https:\\\/\\\/www.mymeetbook.com\\\/iwellguard\",\"https:\\\/\\\/pxhere.com\\\/en\\\/photographer-me\\\/5040798\",\"https:\\\/\\\/disqus.com\\\/by\\\/iwellguard\\\/about\\\/\",\"https:\\\/\\\/pastelink.net\\\/hjwciqwq\",\"https:\\\/\\\/pubhtml5.com\\\/homepage\\\/scjhn\\\/\",\"https:\\\/\\\/www.bitchute.com\\\/channel\\\/2O2eOKzNqujT\",\"https:\\\/\\\/audiomack.com\\\/iwellguard\"]}]}<\/script>\n<!-- \/ Yoast SEO Premium plugin. -->","yoast_head_json":{"title":"Ninhursag \u2013 s\u00famersk m\u00f3\u00f0urgy\u00f0ja | iWell Guard","description":"Ninhursag er s\u00famersk m\u00f3\u00f0urgy\u00f0ja, skapari mannkyns me\u00f0 Enki, drottning fjallanna. Go\u00f0sagnir um Enki og Ninhursag, sagan af Dilmun og d\u00fdrkun hennar.","robots":{"index":"index","follow":"follow","max-snippet":"max-snippet:-1","max-image-preview":"max-image-preview:large","max-video-preview":"max-video-preview:-1"},"canonical":"https:\/\/iwell-guard.com\/is\/ninhursag\/","og_locale":"is_IS","og_type":"article","og_title":"Ninhursag","og_description":"Ninhursag er s\u00famersk m\u00f3\u00f0urgy\u00f0ja, skapari mannkyns me\u00f0 Enki, drottning fjallanna. Go\u00f0sagnir um Enki og Ninhursag, sagan af Dilmun og d\u00fdrkun hennar.","og_url":"https:\/\/iwell-guard.com\/is\/ninhursag\/","og_site_name":"iWell Guard","article_modified_time":"2026-09-05T14:31:41+00:00","og_image":[{"width":1024,"height":1536,"url":"https:\/\/iwell-guard.com\/wp-content\/uploads\/2026\/05\/goetter_mesopotamien_ninhursag.webp","type":"image\/webp"}],"twitter_card":"summary_large_image","schema":{"@context":"https:\/\/schema.org","@graph":[{"@type":"WebPage","@id":"https:\/\/iwell-guard.com\/is\/ninhursag\/","url":"https:\/\/iwell-guard.com\/is\/ninhursag\/","name":"Ninhursag \u2013 s\u00famersk m\u00f3\u00f0urgy\u00f0ja | iWell Guard","isPartOf":{"@id":"https:\/\/iwell-guard.com\/is\/#website"},"primaryImageOfPage":{"@id":"https:\/\/iwell-guard.com\/is\/ninhursag\/#primaryimage"},"image":{"@id":"https:\/\/iwell-guard.com\/is\/ninhursag\/#primaryimage"},"thumbnailUrl":"https:\/\/iwell-guard.com\/wp-content\/uploads\/2026\/05\/goetter_mesopotamien_ninhursag.webp","datePublished":"2026-09-05T14:05:22+00:00","dateModified":"2026-09-05T14:31:41+00:00","description":"Ninhursag er s\u00famersk m\u00f3\u00f0urgy\u00f0ja, skapari mannkyns me\u00f0 Enki, drottning fjallanna. Go\u00f0sagnir um Enki og Ninhursag, sagan af Dilmun og d\u00fdrkun hennar.","breadcrumb":{"@id":"https:\/\/iwell-guard.com\/is\/ninhursag\/#breadcrumb"},"inLanguage":"is","potentialAction":[{"@type":"ReadAction","target":["https:\/\/iwell-guard.com\/is\/ninhursag\/"]}]},{"@type":"ImageObject","inLanguage":"is","@id":"https:\/\/iwell-guard.com\/is\/ninhursag\/#primaryimage","url":"https:\/\/iwell-guard.com\/wp-content\/uploads\/2026\/05\/goetter_mesopotamien_ninhursag.webp","contentUrl":"https:\/\/iwell-guard.com\/wp-content\/uploads\/2026\/05\/goetter_mesopotamien_ninhursag.webp","width":1024,"height":1536,"caption":"Gu\u00f0ir \u00far mes\u00f3p\u00f3tam\u00edskri hef\u00f0."},{"@type":"BreadcrumbList","@id":"https:\/\/iwell-guard.com\/is\/ninhursag\/#breadcrumb","itemListElement":[{"@type":"ListItem","position":1,"name":"Start","item":"https:\/\/iwell-guard.com\/is\/?page_id=168580"},{"@type":"ListItem","position":2,"name":"Ninhursag"}]},{"@type":"WebSite","@id":"https:\/\/iwell-guard.com\/is\/#website","url":"https:\/\/iwell-guard.com\/is\/","name":"iWell Guard","description":"Schutz vor dunklen Einfl\u00fcssen","publisher":{"@id":"https:\/\/iwell-guard.com\/is\/#organization"},"potentialAction":[{"@type":"SearchAction","target":{"@type":"EntryPoint","urlTemplate":"https:\/\/iwell-guard.com\/is\/?s={search_term_string}"},"query-input":{"@type":"PropertyValueSpecification","valueRequired":true,"valueName":"search_term_string"}}],"inLanguage":"is"},{"@type":"Organization","@id":"https:\/\/iwell-guard.com\/is\/#organization","name":"Ittermann electronic GmbH","url":"https:\/\/iwell-guard.com\/is\/","logo":{"@type":"ImageObject","inLanguage":"is","@id":"https:\/\/iwell-guard.com\/is\/#\/schema\/logo\/image\/","url":"https:\/\/iwell-guard.com\/wp-content\/uploads\/2026\/05\/Ittermann-Logo-1182x237-1.png","contentUrl":"https:\/\/iwell-guard.com\/wp-content\/uploads\/2026\/05\/Ittermann-Logo-1182x237-1.png","width":1182,"height":237,"caption":"Ittermann electronic GmbH"},"image":{"@id":"https:\/\/iwell-guard.com\/is\/#\/schema\/logo\/image\/"},"sameAs":["https:\/\/pantip.com\/profile\/9367242","https:\/\/micro.blog\/iwellguard","https:\/\/www.diggerslist.com\/iwellguard\/about","https:\/\/skitterphoto.com\/photographers\/2870314\/iwell-guard","https:\/\/iwellguard.wordpress.com\/2026\/06\/06\/iwell-guard\/","https:\/\/hub.docker.com\/u\/iwellguard","https:\/\/www.pinterest.com\/iwellguard\/","https:\/\/bit.ly\/m\/iwellguard","https:\/\/entre-vos-mains.alsace.eu\/profiles\/iwellguard\/activity","https:\/\/gravatar.com\/reallybeded8fd34","https:\/\/naijamatta.com\/iwellguard","https:\/\/www.goodreads.com\/iwellguard","https:\/\/profile.hatena.ne.jp\/iwellguard\/","https:\/\/experiment.com\/users\/iwellguard","https:\/\/wakelet.com\/@iWellGuard82270","https:\/\/www.chordie.com\/forum\/profile.php?id=2555664","https:\/\/www.instapaper.com\/p\/17757966","https:\/\/www.mapleprimes.com\/users\/iwellguard","https:\/\/businesslistingplus.com\/profile\/iwell-guard\/","https:\/\/telegra.ph\/iWell-Guard-06-06","https:\/\/pbase.com\/iwellguard\/iwellguard","https:\/\/b.hatena.ne.jp\/iwellguard\/20260607#bookmark-4788405196491818882","https:\/\/fliphtml5.com\/home\/iwellguard","https:\/\/anyflip.com\/homepage\/cmiwl#About","https:\/\/transfur.com\/Users\/iwellguard","http:\/\/delphi.larsbo.org\/user\/iwellguard","https:\/\/jobs.lajobsportal.org\/profiles\/8380803-iwell-guard","https:\/\/md.chaosdorf.de\/s\/jfbe5SBdJD","https:\/\/www.lingvolive.com\/en-us\/profile\/9ecaeaca-ce11-4e51-9e71-01d55e2bff36\/translations","https:\/\/www.fitday.com\/fitness\/forums\/members\/iwellguard.html","https:\/\/www.mymeetbook.com\/iwellguard","https:\/\/pxhere.com\/en\/photographer-me\/5040798","https:\/\/disqus.com\/by\/iwellguard\/about\/","https:\/\/pastelink.net\/hjwciqwq","https:\/\/pubhtml5.com\/homepage\/scjhn\/","https:\/\/www.bitchute.com\/channel\/2O2eOKzNqujT","https:\/\/audiomack.com\/iwellguard"]}]}},"_links":{"self":[{"href":"https:\/\/iwell-guard.com\/is\/wp-json\/wp\/v2\/pages\/169077","targetHints":{"allow":["GET"]}}],"collection":[{"href":"https:\/\/iwell-guard.com\/is\/wp-json\/wp\/v2\/pages"}],"about":[{"href":"https:\/\/iwell-guard.com\/is\/wp-json\/wp\/v2\/types\/page"}],"author":[{"embeddable":true,"href":"https:\/\/iwell-guard.com\/is\/wp-json\/wp\/v2\/users\/3"}],"replies":[{"embeddable":true,"href":"https:\/\/iwell-guard.com\/is\/wp-json\/wp\/v2\/comments?post=169077"}],"version-history":[{"count":0,"href":"https:\/\/iwell-guard.com\/is\/wp-json\/wp\/v2\/pages\/169077\/revisions"}],"wp:featuredmedia":[{"embeddable":true,"href":"https:\/\/iwell-guard.com\/is\/wp-json\/wp\/v2\/media\/3252"}],"wp:attachment":[{"href":"https:\/\/iwell-guard.com\/is\/wp-json\/wp\/v2\/media?parent=169077"}],"wp:term":[{"taxonomy":"category","embeddable":true,"href":"https:\/\/iwell-guard.com\/is\/wp-json\/wp\/v2\/categories?post=169077"}],"curies":[{"name":"wp","href":"https:\/\/api.w.org\/{rel}","templated":true}]}}