{"id":169075,"date":"2026-09-05T14:05:21","date_gmt":"2026-09-05T14:05:21","guid":{"rendered":"https:\/\/iwell-guard.com\/?page_id=169075"},"modified":"2026-09-05T14:31:39","modified_gmt":"2026-09-05T14:31:39","slug":"janus","status":"publish","type":"page","link":"https:\/\/iwell-guard.com\/is\/janus\/","title":{"rendered":"Janus"},"content":{"rendered":"\t\t<div data-elementor-type=\"wp-page\" data-elementor-id=\"169075\" class=\"elementor elementor-169075 elementor-3016 elementor-bc-flex-widget\" data-elementor-post-type=\"page\">\n\t\t\t\t<div class=\"elementor-element elementor-element-05047e9 e-flex e-con-boxed e-con e-parent\" data-id=\"05047e9\" data-element_type=\"container\" data-e-type=\"container\" data-settings=\"{&quot;background_background&quot;:&quot;classic&quot;}\">\n\t\t\t\t\t<div class=\"e-con-inner\">\n\t\t<div class=\"elementor-element elementor-element-3193240 e-flex e-con-boxed e-con e-child\" data-id=\"3193240\" data-element_type=\"container\" data-e-type=\"container\">\n\t\t\t\t\t<div class=\"e-con-inner\">\n\t\t<div class=\"elementor-element elementor-element-33b5239 e-con-full e-flex e-con e-child\" data-id=\"33b5239\" data-element_type=\"container\" data-e-type=\"container\">\n\t\t\t\t<div class=\"elementor-element elementor-element-06668d3 elementor-widget elementor-widget-heading\" data-id=\"06668d3\" data-element_type=\"widget\" data-e-type=\"widget\" data-widget_type=\"heading.default\">\n\t\t\t\t\t<h1 class=\"elementor-heading-title elementor-size-default\">Janus, r\u00f3mverskur gu\u00f0 upphafsins<\/h1>\t\t\t\t<\/div>\n\t\t\t\t<div class=\"elementor-element elementor-element-4e2af55 elementor-widget elementor-widget-text-editor\" data-id=\"4e2af55\" data-element_type=\"widget\" data-e-type=\"widget\" data-widget_type=\"text-editor.default\">\n\t\t\t\t\t\t\t\t\t<p>Janus er r\u00f3mverskur gu\u00f0 upphafsins, dyra og umskipta, sem \u00e1ri\u00f0 h\u00f3fst og hvert upphaf var <span class=\"iwg-fachbegriff\" data-tooltip=\"A\u00f0 fela hinu heilaga me\u00f0 tr\u00faarlegri ath\u00f6fn og \u00fear me\u00f0 lyfta upp \u00far hinu hversdagslega.\" tabindex=\"0\">helga\u00f0<\/span>. Janus er tv\u00edandlita r\u00f3mverskur gu\u00f0 upphafs, endis, hli\u00f0a og umskipta.<\/p><p>Hann hefur s\u00e9rst\u00f6\u00f0u \u00ed \u00edtalskri tr\u00fa \u00fear sem hann hefur hvorki gr\u00edska n\u00e6r etruska bein samsv\u00f6run og er talinn upprunalega r\u00f3mversk <span class=\"iwg-fachbegriff\" data-tooltip=\"Vera sem d\u00fdrku\u00f0 er sem gu\u00f0leg innan tr\u00faarbrag\u00f0a.\" tabindex=\"0\">gu\u00f0vera<\/span>.<\/p><p><span class=\"iwg-fachbegriff\" data-tooltip=\"Heilagur sta\u00f0ur tileinka\u00f0ur d\u00fdrkun gu\u00f0veru.\" tabindex=\"0\">Helgista\u00f0ur<\/span> hans \u00e1 Forum, Ianus geminus, stj\u00f3rna\u00f0i me\u00f0 t\u00e1knr\u00e6num h\u00e6tti str\u00ed\u00f0i og fri\u00f0i \u00ed allri borginni. \u00cd hverri <span class=\"iwg-fachbegriff\" data-tooltip=\"M\u00e1lleg \u00e1varp manns til gu\u00f0veru.\" tabindex=\"0\">b\u00e6n<\/span> var nafn hans nefnt fyrst, sem veitti honum forgangsst\u00f6\u00f0u \u00ed tr\u00faarlegum b\u00e6nahaldi.<\/p>\t\t\t\t\t\t\t\t<\/div>\n\t\t\t\t<\/div>\n\t\t<div class=\"elementor-element elementor-element-87192d3 e-con-full e-flex e-con e-parent\" data-id=\"87192d3\" data-element_type=\"container\" data-e-type=\"container\">\n\t\t\t\t<div class=\"elementor-element elementor-element-0d43a66 elementor-widget elementor-widget-html\" data-id=\"0d43a66\" data-element_type=\"widget\" data-e-type=\"widget\" data-widget_type=\"html.default\">\n\t\t\t\t\t<div class=\"iwg-pill-row\"><span class=\"iwg-klasse-badge\" tabindex=\"0\" data-tooltip=\"Gu\u00f0 \/ gy\u00f0ja: Pers\u00f3nuger\u00f0 \u00e6\u00f0sta vald \u00ed go\u00f0aveldi menningar, me\u00f0 sk\u00fdr valdsvi\u00f0 \u2014 n\u00e1tt\u00faru\u00f6fl, \u00f6rl\u00f6g, str\u00ed\u00f0, frj\u00f3semi. D\u00fdrku\u00f0 me\u00f0 tr\u00faars\u00f6fnu\u00f0um, f\u00f3rnum og hofastofnunum.\">Gy\u00f0ja<\/span><a href=\"https:\/\/iwell-guard.com\/is\/rom\/\" class=\"iwg-kultur-badge\" tabindex=\"0\" data-tooltip=\"R\u00f3mversk tr\u00faarbr\u00f6g\u00f0 fr\u00e1 konungd\u00f3mi til s\u00ed\u00f0fornaldar \u2014 samruna me\u00f0 gr\u00edskum og etr\u00faskum l\u00f6gum.\">R\u00f3m<\/a><\/div>\t\t\t\t<\/div>\n\t\t\t\t<\/div>\n\t\t<div class=\"elementor-element elementor-element-8223baf e-con-full e-flex e-con e-child\" data-id=\"8223baf\" data-element_type=\"container\" data-e-type=\"container\">\n\t\t\t\t<div class=\"elementor-element elementor-element-7012a23 elementor-toc--minimized-on-tablet elementor-widget elementor-widget-table-of-contents\" data-id=\"7012a23\" data-element_type=\"widget\" data-e-type=\"widget\" data-settings=\"{&quot;exclude_headings_by_selector&quot;:[],&quot;no_headings_message&quot;:&quot;Engar undirfyrirsagnir fundust \\u00e1 \\u00feessari s\\u00ed\\u00f0u.&quot;,&quot;headings_by_tags&quot;:[&quot;h2&quot;,&quot;h3&quot;],&quot;marker_view&quot;:&quot;bullets&quot;,&quot;icon&quot;:{&quot;value&quot;:&quot;fas fa-circle&quot;,&quot;library&quot;:&quot;fa-solid&quot;,&quot;rendered_tag&quot;:&quot;&lt;svg class=\\&quot;e-font-icon-svg e-fas-circle\\&quot; viewBox=\\&quot;0 0 512 512\\&quot; xmlns=\\&quot;http:\\\/\\\/www.w3.org\\\/2000\\\/svg\\&quot;&gt;&lt;path d=\\&quot;M256 8C119 8 8 119 8 256s111 248 248 248 248-111 248-248S393 8 256 8z\\&quot;&gt;&lt;\\\/path&gt;&lt;\\\/svg&gt;&quot;},&quot;minimize_box&quot;:&quot;yes&quot;,&quot;minimized_on&quot;:&quot;tablet&quot;,&quot;hierarchical_view&quot;:&quot;yes&quot;,&quot;min_height&quot;:{&quot;unit&quot;:&quot;px&quot;,&quot;size&quot;:&quot;&quot;,&quot;sizes&quot;:[]},&quot;min_height_tablet&quot;:{&quot;unit&quot;:&quot;px&quot;,&quot;size&quot;:&quot;&quot;,&quot;sizes&quot;:[]},&quot;min_height_mobile&quot;:{&quot;unit&quot;:&quot;px&quot;,&quot;size&quot;:&quot;&quot;,&quot;sizes&quot;:[]}}\" data-widget_type=\"table-of-contents.default\">\n\t\t\t\t\t\t\t\t\t<div class=\"elementor-toc__header\">\n\t\t\t\t\t\t<h2 class=\"elementor-toc__header-title\">\n\t\t\t\tEfnisyfirlit\t\t\t<\/h2>\n\t\t\t\t\t\t\t\t\t\t<div class=\"elementor-toc__toggle-button elementor-toc__toggle-button--expand\" role=\"button\" tabindex=\"0\" aria-controls=\"elementor-toc__7012a23\" aria-expanded=\"true\" aria-label=\"Open table of contents\"><svg aria-hidden=\"true\" class=\"e-font-icon-svg e-fas-chevron-down\" viewBox=\"0 0 448 512\" xmlns=\"http:\/\/www.w3.org\/2000\/svg\"><path d=\"M207.029 381.476L12.686 187.132c-9.373-9.373-9.373-24.569 0-33.941l22.667-22.667c9.357-9.357 24.522-9.375 33.901-.04L224 284.505l154.745-154.021c9.379-9.335 24.544-9.317 33.901.04l22.667 22.667c9.373 9.373 9.373 24.569 0 33.941L240.971 381.476c-9.373 9.372-24.569 9.372-33.942 0z\"><\/path><\/svg><\/div>\n\t\t\t\t<div class=\"elementor-toc__toggle-button elementor-toc__toggle-button--collapse\" role=\"button\" tabindex=\"0\" aria-controls=\"elementor-toc__7012a23\" aria-expanded=\"true\" aria-label=\"Close table of contents\"><svg aria-hidden=\"true\" class=\"e-font-icon-svg e-fas-chevron-up\" viewBox=\"0 0 448 512\" xmlns=\"http:\/\/www.w3.org\/2000\/svg\"><path d=\"M240.971 130.524l194.343 194.343c9.373 9.373 9.373 24.569 0 33.941l-22.667 22.667c-9.357 9.357-24.522 9.375-33.901.04L224 227.495 69.255 381.516c-9.379 9.335-24.544 9.317-33.901-.04l-22.667-22.667c-9.373-9.373-9.373-24.569 0-33.941L207.03 130.525c9.372-9.373 24.568-9.373 33.941-.001z\"><\/path><\/svg><\/div>\n\t\t\t\t\t<\/div>\n\t\t\t\t<div id=\"elementor-toc__7012a23\" class=\"elementor-toc__body\">\n\t\t\t<div class=\"elementor-toc__spinner-container\">\n\t\t\t\t<svg class=\"elementor-toc__spinner eicon-animation-spin e-font-icon-svg e-eicon-loading\" aria-hidden=\"true\" viewBox=\"0 0 1000 1000\" xmlns=\"http:\/\/www.w3.org\/2000\/svg\"><path d=\"M500 975V858C696 858 858 696 858 500S696 142 500 142 142 304 142 500H25C25 237 238 25 500 25S975 237 975 500 763 975 500 975Z\"><\/path><\/svg>\t\t\t<\/div>\n\t\t<\/div>\n\t\t\t\t\t\t<\/div>\n\t\t\t\t<\/div>\n\t\t\t\t\t<\/div>\n\t\t\t\t<\/div>\n\t\t<div class=\"elementor-element elementor-element-0108958 e-con-full e-flex e-con e-child\" data-id=\"0108958\" data-element_type=\"container\" data-e-type=\"container\">\n\t\t\t\t<div class=\"elementor-element elementor-element-b3fc010 iwg-hero-image elementor-widget elementor-widget-image\" data-id=\"b3fc010\" data-element_type=\"widget\" data-e-type=\"widget\" data-widget_type=\"image.default\">\n\t\t\t\t\t\t\t\t\t\t\t\t\t\t\t<img fetchpriority=\"high\" decoding=\"async\" width=\"683\" height=\"1024\" src=\"https:\/\/iwell-guard.com\/wp-content\/uploads\/2026\/05\/goetter_rom_janus-683x1024.webp\" class=\"attachment-large size-large wp-image-170698\" alt=\"Janus - Gu\u00f0ir \u00far r\u00f3mverskri hef\u00f0, s\u00f6guleg myndskreyting\" srcset=\"https:\/\/iwell-guard.com\/wp-content\/uploads\/2026\/05\/goetter_rom_janus-683x1024.webp 683w, https:\/\/iwell-guard.com\/wp-content\/uploads\/2026\/05\/goetter_rom_janus-200x300.webp 200w, https:\/\/iwell-guard.com\/wp-content\/uploads\/2026\/05\/goetter_rom_janus-768x1152.webp 768w, https:\/\/iwell-guard.com\/wp-content\/uploads\/2026\/05\/goetter_rom_janus.webp 1024w\" sizes=\"(max-width: 683px) 100vw, 683px\" \/>\t\t\t\t\t\t\t\t\t\t\t\t\t\t\t<\/div>\n\t\t\t\t<\/div>\n\t\t\t\t\t<\/div>\n\t\t\t\t<\/div>\n\t\t<div class=\"elementor-element elementor-element-cbe12bf e-con-boxed e-flex e-con e-parent\" data-id=\"cbe12bf\" data-element_type=\"container\" data-e-type=\"container\">\n\t\t\t\t\t<div class=\"e-con-inner\">\n\t\t<div class=\"elementor-element elementor-element-b1ab632 e-con-full e-flex e-con e-child\" data-id=\"b1ab632\" data-element_type=\"container\" data-e-type=\"container\">\n\t\t\t\t<div class=\"elementor-element elementor-element-d5dd818 elementor-widget elementor-widget-heading\" data-id=\"d5dd818\" data-element_type=\"widget\" data-e-type=\"widget\" data-widget_type=\"heading.default\">\n\t\t\t\t\t<h2 class=\"elementor-heading-title elementor-size-default\">Go\u00f0s\u00f6gn og uppruni<\/h2>\t\t\t\t<\/div>\n\t\t\t\t<div class=\"elementor-element elementor-element-78b80c7 elementor-widget elementor-widget-text-editor\" data-id=\"78b80c7\" data-element_type=\"widget\" data-e-type=\"widget\" data-widget_type=\"text-editor.default\">\n\t\t\t\t\t\t\t\t\t<p>Nafni\u00f0 Janus er \u00ed m\u00e1lfr\u00e6\u00f0ilegum skilningi raki\u00f0 til latneska or\u00f0sins ianua, sem \u00fe\u00fd\u00f0ir \u201ehli\u00f0\u201c e\u00f0a \u201egangur\u201c. B\u00e6\u00f0i or\u00f0in hafa ind\u00f3evr\u00f3pska r\u00f3t me\u00f0 merkingunni \u201ea\u00f0 ganga\u201c, sem kemur einnig fram \u00ed sanskr\u00edt- og avestneskum or\u00f0um. Janus er \u00feannig etym\u00f3l\u00f3g\u00edskt gu\u00f0 \u00feess a\u00f0 ganga \u00ed gegn.<\/p>\n<p>Macrobius greinir fr\u00e1 Janus \u00ed \u201eSaturnalia\u201c sem upphaflegri \u00edtalskri h\u00f6f\u00f0ingjaveru. Samkv\u00e6mt \u00feeirri hef\u00f0 kom hann austan a\u00f0 til vestur-Lat\u00edum, t\u00f3k \u00e1 m\u00f3ti Sat\u00farnusi, sem var\u00f0 a\u00f0 fl\u00fdja fr\u00e1 J\u00fap\u00edter, og stofna\u00f0i me\u00f0 honum hina fornu gull\u00f6ld \u00cdtal\u00edu.<\/p><p>Ovid\u00edus tekur upp s\u00f6mu fr\u00e1s\u00f6gn \u00ed \u201eFasti\u201c og hefur verki\u00f0 \u00e1 Janus, sem opnar allt \u00e1ri\u00f0. \u00cd samr\u00e6\u00f0u vi\u00f0 sk\u00e1ldi\u00f0 \u00fatsk\u00fdrir gu\u00f0inn \u00ed \u201eFasti\u201c hlutverk s\u00edn sj\u00e1lfur.<\/p>\n<p>Tv\u00edandliti\u00f0, kalla\u00f0 Bifrons, v\u00edsar til fornrar hugmyndar \u00fear sem gu\u00f0 horfir \u00ed tv\u00e6r \u00e1ttir \u00ed einu. \u00cd go\u00f0s\u00f6gninni er \u00feetta oftast t\u00falka\u00f0 sem horft til fort\u00ed\u00f0ar og framt\u00ed\u00f0ar, \u00e1 \u00f6\u00f0rum st\u00f6\u00f0um sem horft inn og \u00fat e\u00f0a til austurs og vesturs.<\/p><p>\u00d3l\u00edkt gr\u00edska Hermesi, sem a\u00f0eins mi\u00f0lar hreyfingum, situr Janus sj\u00e1lfur \u00e1 \u00fer\u00f6skuldinum og t\u00e1knar hann. \u00deessi gu\u00f0fr\u00e6\u00f0ilega hugmynd er einst\u00f6k \u00ed hinum fornaldarheimi og gerir hann a\u00f0 eftirl\u00e6tis efni n\u00fat\u00edma tr\u00faarheimspeki.<\/p>\n<p>Janus haf\u00f0i l\u00edklega engan ind\u00f3evr\u00f3pskan forvera heldur var\u00f0 til \u00far upphaflega \u00edtalskri lagskiptingu, \u00fear sem dyrnar sem \u00fer\u00f6skuldur h\u00fasins h\u00f6f\u00f0u s\u00e9rstaka helgi.<\/p><p>\u00c1 hverju r\u00f3mversku heimili var ianua tengd eigin si\u00f0um, og gu\u00f0 \u00fer\u00f6skuldanna var \u00e1kalla\u00f0ur sem pers\u00f3nuleg v\u00f6rn gegn ska\u00f0legum \u00e1hrifum. Tengingin milli \u00fer\u00f6skulda heimilis og r\u00edkis er lykill a\u00f0 skilningi \u00e1 \u00feessari <span class=\"iwg-fachbegriff\" data-tooltip=\"Vera sem d\u00fdrku\u00f0 er sem gu\u00f0leg innan tr\u00faarbrag\u00f0a.\" tabindex=\"0\">gu\u00f0veru<\/span>.<\/p>\t\t\t\t\t\t\t\t<\/div>\n\t\t\t\t<\/div>\n\t\t<div class=\"elementor-element elementor-element-0b2b443 e-con-full e-flex e-con e-child\" data-id=\"0b2b443\" data-element_type=\"container\" data-e-type=\"container\">\n\t\t\t\t<div class=\"elementor-element elementor-element-95e359b elementor-widget elementor-widget-heading\" data-id=\"95e359b\" data-element_type=\"widget\" data-e-type=\"widget\" data-widget_type=\"heading.default\">\n\t\t\t\t\t<h2 class=\"elementor-heading-title elementor-size-default\">T\u00e1kn og einkenni<\/h2>\t\t\t\t<\/div>\n\t\t\t\t<div class=\"elementor-element elementor-element-2570a8e elementor-widget elementor-widget-text-editor\" data-id=\"2570a8e\" data-element_type=\"widget\" data-e-type=\"widget\" data-widget_type=\"text-editor.default\">\n\t\t\t\t\t\t\t\t\t<p>A\u00f0al<span class=\"iwg-fachbegriff\" data-tooltip=\"T\u00e1kn sem stendur fyrir hugmynd e\u00f0a merkingu.\" tabindex=\"0\">t\u00e1knmynd<\/span> Janusar er tv\u00f6falt andlit hans. \u00c1 myntum og l\u00e9ttmyndum birtist hann oftast sem skeggja\u00f0ur \u00f6ldungur me\u00f0 tv\u00f6 andlit sem sn\u00faa \u00ed gagnst\u00e6\u00f0ar \u00e1ttir. \u00c1rlegir as-peningar r\u00f3mverska l\u00fd\u00f0veldisins s\u00fdna hann \u00feannig, og myndm\u00f3t\u00edfi\u00f0 h\u00e9lst allt til keisarat\u00edmans sem sta\u00f0la\u00f0 t\u00e1kn r\u00edkisframsetningar.<\/p>\n<p>Stafur og lykill eru mikilv\u00e6gustu t\u00e1kngripir hans. Stafurinn merkir hann sem verndara veganna, lykillinn sem verndara hli\u00f0anna.<\/p><p>Saman einkenna \u00feeir s\u00e9rstakt hlutverk \u00fer\u00f6skuldsgu\u00f0veru sem r\u00e6\u00f0ur yfir opnun og lokun. \u00cd sumum myndum ber hann t\u00f3lf lykla, einn fyrir hvern m\u00e1nu\u00f0 \u00e1rsins, sem hann opnar sem gu\u00f0 fyrsta m\u00e1na\u00f0arins.<\/p>\n<p>Ianus geminus \u00e1 Forum, tv\u00f6falt bogahli\u00f0abyggingar milli Forum Romanum og Argiletum, var mikilv\u00e6gasti <span class=\"iwg-fachbegriff\" data-tooltip=\"Heilagur sta\u00f0ur tileinka\u00f0ur d\u00fdrkun gu\u00f0veru.\" tabindex=\"0\">helgista\u00f0ur<\/span> hans. Hli\u00f0 hans tv\u00f6 voru loku\u00f0 \u00e1 fri\u00f0art\u00edmum og opin \u00e1 str\u00ed\u00f0st\u00edmum.<\/p><p>Liv\u00edus greinir fr\u00e1 \u00fev\u00ed a\u00f0 \u00feessi hli\u00f0 hafi fyrir daga \u00c1g\u00fastusar a\u00f0eins veri\u00f0 loku\u00f0 \u00ferisvar sinnum \u00ed s\u00f6gunni, sem undirstrikar hversu sjaldg\u00e6fir hinir v\u00ed\u00f0t\u00e6ku fri\u00f0art\u00edmar R\u00f3maveldis voru. \u00c1g\u00fastus sj\u00e1lfur st\u00e1tar sig af \u00fev\u00ed \u00ed \u201eRes gestae\u201c a\u00f0 hafa loka\u00f0 hli\u00f0unum \u00ferisvar \u00e1 r\u00edkisstj\u00f3rnart\u00ed\u00f0 sinni.<\/p>\n<p>\u00d6nnur bygging tengd Janusi er Janus Quadrifrons \u00e1 Forum Boarium, fj\u00f6gurra andlita hli\u00f0arbygging sem marka\u00f0i \u00fer\u00f6skulda \u00ed allar fj\u00f3rar h\u00f6fu\u00f0\u00e1ttir. \u00deessi bygging fr\u00e1 <span class=\"iwg-fachbegriff\" data-tooltip=\"Umbreytingart\u00edmabil milli fornaldar og mi\u00f0alda, um 3. til 7. \u00f6ld.\" tabindex=\"0\">s\u00ed\u00f0forn\u00f6ld<\/span> stendur enn a\u00f0 mestu var\u00f0veitt \u00e1 Boarium og er talin s\u00ed\u00f0asta st\u00f3rmerki Janusar-d\u00fdrkunarins.<\/p>\t\t\t\t\t\t\t\t<\/div>\n\t\t\t\t<\/div>\n\t\t<div class=\"elementor-element elementor-element-5d3140e e-con-full e-flex e-con e-child\" data-id=\"5d3140e\" data-element_type=\"container\" data-e-type=\"container\">\n\t\t\t\t<div class=\"elementor-element elementor-element-3616fb5 elementor-widget elementor-widget-heading\" data-id=\"3616fb5\" data-element_type=\"widget\" data-e-type=\"widget\" data-widget_type=\"heading.default\">\n\t\t\t\t\t<h2 class=\"elementor-heading-title elementor-size-default\">D\u00fdrkun og tilbei\u00f0sla<\/h2>\t\t\t\t<\/div>\n\t\t\t\t<div class=\"elementor-element elementor-element-57a8162 elementor-widget elementor-widget-text-editor\" data-id=\"57a8162\" data-element_type=\"widget\" data-e-type=\"widget\" data-widget_type=\"text-editor.default\">\n\t\t\t\t\t\t\t\t\t<p>Janus st\u00f3\u00f0 \u00ed upphafi hverrar r\u00f3mverskrar b\u00e6nar og hvers tr\u00faarlegs athafnar. \u00c1\u00f0ur en <span class=\"iwg-fachbegriff\" data-tooltip=\"Gj\u00f6f til gu\u00f0s e\u00f0a gu\u00f0veru, til a\u00f0 tj\u00e1 \u00feakkl\u00e6ti, b\u00f3n e\u00f0a lotningu.\" tabindex=\"0\">f\u00f3rn<\/span> var f\u00e6r\u00f0 var honum \u00e1vallt fyrst flutt <span class=\"iwg-fachbegriff\" data-tooltip=\"B\u00e6nleg e\u00f0a \u00e1kallandi \u00e1varp til gu\u00f0s e\u00f0a m\u00e1ttarvalds.\" tabindex=\"0\">\u00e1kall<\/span>, \u00fev\u00ed hann veitti a\u00f0gang a\u00f0 hinum gu\u00f0unum. \u00deetta forgangshlutverk kemur fram me\u00f0 samr\u00e6mdum h\u00e6tti \u00ed \u00e1letrunum, b\u00e6naform\u00falum og b\u00f3kmenntaheimildum. Cicero og Macrobius fjalla um \u00fea\u00f0 \u00edtarlega.<\/p>\n<p>A\u00f0alh\u00e1t\u00ed\u00f0 hans var 1. jan\u00faar, n\u00fd\u00e1rsdagur. \u00cd j\u00fal\u00edanska t\u00edmatalinu var m\u00e1nu\u00f0urinn Ianuarius \u00feegar undir hans verndarv\u00e6ng. \u00c1 n\u00fd\u00e1rsdegi skiptust R\u00f3mverjar \u00e1 litlum gj\u00f6fum sem kalla\u00f0ar voru strenae og innih\u00e9ldu s\u00e6tindi, d\u00f6\u00f0lur e\u00f0a peninga.<\/p><p>\u00deessi ath\u00f6fn haf\u00f0i \u00f6rlagabundinn karakter, \u00fev\u00ed \u00fea\u00f0 sem gert var \u00e1 n\u00fd\u00e1rsdegi \u00e1tti a\u00f0 einkenna allt \u00e1ri\u00f0. \u00deessi hef\u00f0 lifir \u00e1fram \u00ed franska or\u00f0inu \u00e9trennes og \u00edtalska or\u00f0inu strenne sem t\u00e1kna n\u00fd\u00e1rsgj\u00f6f enn \u00feann dag \u00ed dag.<\/p>\n<p>Mikilv\u00e6gar herna\u00f0ara\u00f0ger\u00f0ir h\u00f3fust vi\u00f0 Ianus geminus. Hli\u00f0 hans voru opnu\u00f0 af r\u00e6\u00f0ismanni e\u00f0a keisara (princeps), herinn gekk \u00ed gegnum \u00feau me\u00f0 t\u00e1knr\u00e6num h\u00e6tti og str\u00ed\u00f0i\u00f0 var tali\u00f0 hafi\u00f0. Vi\u00f0 heimkomu og fri\u00f0arsamninga voru hli\u00f0in loku\u00f0 \u00ed \u00f6fugri <span class=\"iwg-fachbegriff\" data-tooltip=\"H\u00e1t\u00ed\u00f0leg ath\u00f6fn sem fer fram eftir f\u00f6stum reglum.\" tabindex=\"0\">ath\u00f6fn<\/span>.<\/p><p>Augustus lag\u00f0i \u00e1herslu \u00e1 \u00ed \u00abRes Gestae\u00bb s\u00ednum a\u00f0 hann l\u00e9t loka hli\u00f0unum \u00ferisvar sinnum \u00ed valdat\u00ed\u00f0 sinni, en \u00fea\u00f0 haf\u00f0i \u00e1\u00f0ur a\u00f0eins gerst tvisvar \u00ed allri r\u00f3mverskri s\u00f6gu.<\/p>\n<p>Auk \u00feess voru til sm\u00e6rri Janus-helgireitir \u00ed R\u00f3m. Helgireitir \u00ed h\u00e9ru\u00f0um eru sjaldnar sta\u00f0festir, sem undirstrikar hversu bundinn Janus-d\u00fdrkunin var borginni R\u00f3m sj\u00e1lfri. \u00cd Lat\u00edum og Etr\u00far\u00edu eru \u00fe\u00f3 nokkrir sveitaaltari Janusar \u00feekktir, oftast reistir vi\u00f0 inngang \u00feorpa e\u00f0a \u00e1 vegam\u00f3tum.<\/p>\n<p>Janus gegndi einnig s\u00e9rst\u00f6ku hlutverki \u00ed Saliarska s\u00f6nghandritinu, fornu b\u00e6nasafni Sal\u00edanaprestanna. \u00dear var hann \u00e1kalla\u00f0ur sem konungur gu\u00f0anna \u00e1 undan Iuppiter, sem s\u00fdnir hi\u00f0 forna lag r\u00f3mverskrar <span class=\"iwg-fachbegriff\" data-tooltip=\"V\u00edsindaleg fr\u00e6\u00f0i um gu\u00f0 og tr\u00fa tiltekinnar tr\u00faarbrag\u00f0a.\" tabindex=\"0\">gu\u00f0fr\u00e6\u00f0i<\/span>, \u00fear sem Janus haf\u00f0i t\u00edmalausa forgangsst\u00f6\u00f0u.<\/p>\t\t\t\t\t\t\t\t<\/div>\n\t\t\t\t<\/div>\n\t\t<div class=\"elementor-element elementor-element-99562d1 e-con-full e-flex e-con e-child\" data-id=\"99562d1\" data-element_type=\"container\" data-e-type=\"container\">\n\t\t\t\t<div class=\"elementor-element elementor-element-5a058ec elementor-widget elementor-widget-heading\" data-id=\"5a058ec\" data-element_type=\"widget\" data-e-type=\"widget\" data-widget_type=\"heading.default\">\n\t\t\t\t\t<h2 class=\"elementor-heading-title elementor-size-default\">Mikilv\u00e6gar go\u00f0sagnir<\/h2>\t\t\t\t<\/div>\n\t\t\t\t<div class=\"elementor-element elementor-element-8d91477 elementor-widget elementor-widget-text-editor\" data-id=\"8d91477\" data-element_type=\"widget\" data-e-type=\"widget\" data-widget_type=\"text-editor.default\">\n\t\t\t\t\t\t\t\t\t<p>Mikilv\u00e6gasta go\u00f0sagnakenndu fr\u00e1s\u00f6gnin l\u00fdsir bj\u00f6rgun R\u00f3mar fr\u00e1 Sab\u00ednum. Samkv\u00e6mt Livius og Ovid r\u00e9\u00f0ust Sab\u00ednar \u00e1 R\u00f3m, brutust inn yfir Capitolsh\u00e6\u00f0ina og komust n\u00e1l\u00e6gt Forum.<\/p><p>Janus l\u00e9t \u00e1 afgerandi stundu heita lind spretta upp \u00far j\u00f6r\u00f0inni, sem hrakti \u00e1r\u00e1sarmennina fr\u00e1 og gaf borginni t\u00edma til a\u00f0 safna li\u00f0i. Af \u00feakkl\u00e6ti helgu\u00f0u R\u00f3mverjar <span class=\"iwg-fachbegriff\" data-tooltip=\"Helgur sta\u00f0ur tileinka\u00f0ur tilbei\u00f0slu \u00e1 gu\u00f0i.\" tabindex=\"0\">helgireit<\/span> \u00e1 sta\u00f0 lindarinnar og \u00e1kv\u00e1\u00f0u a\u00f0 halda hli\u00f0unum opnum \u00e1 str\u00ed\u00f0st\u00edmum, svo gu\u00f0inn g\u00e6ti gripi\u00f0 inn \u00ed ef \u00fe\u00f6rf kref\u00f0i.<\/p>\n<p>\u00d6nnur fr\u00e1s\u00f6gn tengir Janus vi\u00f0 Sat\u00farnus. Samkv\u00e6mt Macrobius og Vergil fl\u00fa\u00f0i Sat\u00farnus fr\u00e1 \u00d3lympsfjalli eftir a\u00f0 sonur hans Iuppiter sigra\u00f0i hann og kom til Lat\u00edum, \u00fear sem Janus t\u00f3k \u00e1 m\u00f3ti honum.<\/p><p>\u00deeir stj\u00f3rnu\u00f0u saman og leiddu inn t\u00edma fri\u00f0ar og allsn\u00e6gta sem var\u00f0 kalla\u00f0 Gull\u00f6ldin \u00ed menningarminni \u00cdtal\u00edu. S\u00ed\u00f0ar hafi Janus einn haldi\u00f0 \u00e1fram og auki\u00f0 l\u00f6g og landb\u00fana\u00f0. \u00deessi fr\u00e1s\u00f6gn veitir honum st\u00f6\u00f0u menningarbo\u00f0bera \u00e1 m\u00f6rkum go\u00f0sagnalegs og s\u00f6gulegs t\u00edma.<\/p>\n<p>\u00deri\u00f0ja fr\u00e1s\u00f6gnin fjallar um nymfuna Carna e\u00f0a Cardea, sem Janus elska\u00f0i og gaf vald yfir dyrahj\u00f6rum. \u00cd \u00abFasten\u00bb Ovids er <span class=\"iwg-fachbegriff\" data-tooltip=\"Forns\u00f6gn um gu\u00f0i, uppruna og skipan heimsins.\" tabindex=\"0\">go\u00f0s\u00f6gnin<\/span> s\u00f6g\u00f0, \u00fear sem Cardea er ger\u00f0 a\u00f0 gy\u00f0ju \u00fer\u00f6skulda og fj\u00f6lskyldunnar.<\/p><p>H\u00fan verndar b\u00f6rnin \u00ed h\u00fasinu, og \u00fev\u00ed voru n\u00fd baunir og beikon bor\u00f0u\u00f0 \u00e1 h\u00e1t\u00ed\u00f0 hennar 1. j\u00fan\u00ed til a\u00f0 halda illu fr\u00e1. Fr\u00e1s\u00f6gnin tengir Janus vi\u00f0 hversdagsl\u00edf fj\u00f6lskyldunnar og s\u00fdnir vald hans utan hins borgarlega og r\u00edkislega svi\u00f0s.<\/p>\n<p>Fj\u00f3r\u00f0a go\u00f0sagnakennda fr\u00e1s\u00f6gnin greinir fr\u00e1 Janusi og Iuturna. Janus er sag\u00f0ur hafa teki\u00f0 dau\u00f0leikann af nymfunni Iuturna og gert hana a\u00f0 gy\u00f0ju lindanna. \u00deessi atbur\u00f0ur, sem Vergil nefnir \u00ed \u00abAeneis\u00bb, tengir Janus vi\u00f0 sveitabundna lindad\u00fdrkun og undirstrikar hlutverk hans sem \u00fer\u00f6skuldsgu\u00f0, einnig \u00e1 milli hins mannlega og hins gu\u00f0lega svi\u00f0s.<\/p>\t\t\t\t\t\t\t\t<\/div>\n\t\t\t\t<\/div>\n\t\t<div class=\"elementor-element elementor-element-49b6e05 e-con-full e-flex e-con e-child\" data-id=\"49b6e05\" data-element_type=\"container\" data-e-type=\"container\">\n\t\t\t\t<div class=\"elementor-element elementor-element-5d81d50 elementor-widget elementor-widget-heading\" data-id=\"5d81d50\" data-element_type=\"widget\" data-e-type=\"widget\" data-widget_type=\"heading.default\">\n\t\t\t\t\t<h2 class=\"elementor-heading-title elementor-size-default\">Tengsl innan go\u00f0aheimsins<\/h2>\t\t\t\t<\/div>\n\t\t\t\t<div class=\"elementor-element elementor-element-9558c6c elementor-widget elementor-widget-text-editor\" data-id=\"9558c6c\" data-element_type=\"widget\" data-e-type=\"widget\" data-widget_type=\"text-editor.default\">\n\t\t\t\t\t\t\t\t\t<p>Janus stendur \u00ed fararbroddi \u00ed n\u00e6r \u00f6llum r\u00f3mverskum \u00e1kallslistum. \u00cd \u00e1letrunum Arvalbr\u00e6\u00f0ra, forns prestaf\u00e9lags, er Janus alltaf nefndur \u00e1 undan J\u00fap\u00edter, sem undirstrikar hlutverk hans vi\u00f0 a\u00f0 opna athafnir. \u00der\u00e1tt fyrir \u00fea\u00f0 er J\u00fap\u00edter \u00ed stigveldislegum skilningi \u00e6\u00f0sta <span class=\"iwg-fachbegriff\" data-tooltip=\"Vera sem er d\u00fdrku\u00f0 sem gu\u00f0leg innan tr\u00faarbrag\u00f0a.\" tabindex=\"0\">gu\u00f0d\u00f3murinn<\/span>, og \u00fev\u00ed er Janus oft kalla\u00f0ur \u201eopnandi J\u00fap\u00edters\u201c.<\/p>\n<p>Vi\u00f0 Sat\u00farnus tengist hann \u00ed hinni go\u00f0s\u00f6gulegu gull\u00f6ld, vi\u00f0 Vestu \u00ed umhyggju fyrir \u00fer\u00f6skuldi og heimili, vi\u00f0 Mars og Merk\u00far\u00edus \u00ed verndarhlutverki brottfarar, og vi\u00f0 Kvir\u00ednus \u00ed hlutverki s\u00ednu fyrir r\u00f3mverska \u00fej\u00f3\u00f0ina. \u00cd eldri b\u00e6natextum kemur fram r\u00f6\u00f0in Ianus, J\u00fap\u00edter, Mars, Kvir\u00ednus sem hin sanna r\u00f3mverska kjarnar\u00f6\u00f0 gu\u00f0a.<\/p>\n<p>\u00cd hellen\u00edskum <span class=\"iwg-fachbegriff\" data-tooltip=\"Samruni hugmynda e\u00f0a gu\u00f0a \u00far mismunandi tr\u00faarhef\u00f0um.\" tabindex=\"0\">samruna tr\u00faarbrag\u00f0a<\/span> (samkretisma) h\u00e9lst Janus \u00f3breyttur, enda \u00e1tti hann s\u00e9r ekkert bein gr\u00edskt hli\u00f0st\u00e6\u00f0ugo\u00f0. \u00deetta ger\u00f0i hann a\u00f0 kj\u00f6rnu d\u00e6mi fyrir r\u00f3mverska gu\u00f0fr\u00e6\u00f0inga \u00e1 bor\u00f0 vi\u00f0 Varro og Cicero um s\u00e9rst\u00f6\u00f0u r\u00f3mverskrar tr\u00faar gagnvart gr\u00edskri <span class=\"iwg-fachbegriff\" data-tooltip=\"Heild \u00feeirra go\u00f0sagna um gu\u00f0i sem var\u00f0veist hafa innan menningar.\" tabindex=\"0\">go\u00f0afr\u00e6\u00f0i<\/span>. \u00cd etr\u00faskri myndhef\u00f0 er til hli\u00f0st\u00e6\u00f0a \u00ed fj\u00f3randlitsgu\u00f0inum Culsans, en umdeilt er hvort um beina erf\u00f0atengingu er a\u00f0 r\u00e6\u00f0a.<\/p>\n<p>Janus kemur fram \u00ed fornri \u00ferenningu me\u00f0 J\u00fap\u00edter og Sat\u00farnusi, sem fr\u00e6\u00f0imenn t\u00falka sem lag fr\u00e1 t\u00edmanum fyrir Kap\u00edt\u00f3l\u00edska \u00ferenningu.<\/p><p>\u00deessi \u00ferenning, sem Macrobius nefnir \u00feegar \u00ed \u201eSaturnalia\u201c (I, 9), er yngri en Kap\u00edt\u00f3l\u00edska \u00ferenningin, J\u00fap\u00edter, J\u00fan\u00f3 og M\u00ednerva, en eldri en \u00fea\u00f0 t\u00edmabil \u00feegar gu\u00f0fr\u00e6\u00f0in var or\u00f0in fulltr\u00faart\u00e6ki r\u00edkisins. Dum\u00e9zil telur a\u00f0 \u00ed tengingu Janusar, J\u00fap\u00edters og Sat\u00farnusar birtist fornt samsafn opnunar-, valda- og s\u00e1ningarhlutverka.<\/p>\n<p>Me\u00f0 Carnu, fornri gy\u00f0ju hur\u00f0arhjara, var Janus systkinabundinn e\u00f0a giftur samkv\u00e6mt Ov\u00edd \u00ed \u201eFasti\u201c VI. Carna bar \u00e1byrg\u00f0 \u00e1 heilbrig\u00f0um \u00feroska barna og \u00e1 innri styrk hur\u00f0arhjara og l\u00e1ssm\u00ed\u00f0a.<\/p><p>\u00deessi tenging markar innhli\u00f0 \u00fer\u00f6skuldsheimsins, en ytri hli\u00f0in var Janus sj\u00e1lfur. \u00deessi tv\u00f6falda skipan s\u00fdnir hversu markvisst r\u00f3mversk tr\u00fa pers\u00f3nuger\u00f0i alla \u00fe\u00e6tti umbreytingar og skila.<\/p>\t\t\t\t\t\t\t\t<\/div>\n\t\t\t\t<\/div>\n\t\t<div class=\"elementor-element elementor-element-e3dd144 e-con-full e-flex e-con e-child\" data-id=\"e3dd144\" data-element_type=\"container\" data-e-type=\"container\">\n\t\t\t\t<div class=\"elementor-element elementor-element-9f51d5e elementor-widget elementor-widget-heading\" data-id=\"9f51d5e\" data-element_type=\"widget\" data-e-type=\"widget\" data-widget_type=\"heading.default\">\n\t\t\t\t\t<h2 class=\"elementor-heading-title elementor-size-default\">M\u00f3ttaka og \u00e1hrif<\/h2>\t\t\t\t<\/div>\n\t\t\t\t<div class=\"elementor-element elementor-element-09f501c elementor-widget elementor-widget-text-editor\" data-id=\"09f501c\" data-element_type=\"widget\" data-e-type=\"widget\" data-widget_type=\"text-editor.default\">\n\t\t\t\t\t\t\t\t\t<p>\u00c1 endurreisnart\u00edmanum var\u00f0 Janus a\u00f0 \u00e1sts\u00e6lu <span class=\"iwg-fachbegriff\" data-tooltip=\"T\u00e1kn sem t\u00e1knar hugmynd e\u00f0a merkingu.\" tabindex=\"0\">t\u00e1kni<\/span> fyrir visku og forsj\u00e1lni. Andrea Alciato og a\u00f0rir t\u00e1knfr\u00e6\u00f0ingar s\u00fdndu hann sem <span class=\"iwg-fachbegriff\" data-tooltip=\"Sk\u00fdr mynd sem t\u00e1knar hugmynd sem er \u00ed e\u00f0li s\u00ednu \u00f3hlutbundin.\" tabindex=\"0\">sinnbild<\/span> sagnfr\u00e6\u00f0ilegrar menntunar, sem horfir \u00ed b\u00e1\u00f0ar \u00e1ttir. \u00c1 skjaldarmerkjum og prentmerkjum kemur tv\u00f6falt andlit hans oft fram, s\u00e9rstaklega hj\u00e1 \u00fatg\u00e1fufyrirt\u00e6kjum sem vildu tengja saman <span class=\"iwg-fachbegriff\" data-tooltip=\"T\u00edmabil gr\u00edskrar og r\u00f3mverskrar menningar, um 800 f.Kr. til 600 e.Kr.\" tabindex=\"0\">forn\u00f6ld<\/span> og n\u00fat\u00ed\u00f0.<\/p>\n<p>\u00cd byggingarlist m\u00f3ta\u00f0i Janus-<span class=\"iwg-fachbegriff\" data-tooltip=\"Endurteki\u00f0 efnislegt stef \u00ed listum e\u00f0a fr\u00e1s\u00f6gn.\" tabindex=\"0\">stefi\u00f0<\/span> h\u00f6nnun sigurboga, borgarhli\u00f0a og hafnarmannvirkja. Bogi silfursmi\u00f0anna (Argentar\u00edubogi) \u00ed R\u00f3m og fj\u00f6lm\u00f6rg borgarhli\u00f0 \u00ed Frakklandi og \u00e1 Sp\u00e1ni endurspegla tv\u00f6falda bogastefi\u00f0 \u00far Ianus geminus. \u00c1 19. \u00f6ld var\u00f0 tv\u00edandlita Janus a\u00f0 <span class=\"iwg-fachbegriff\" data-tooltip=\"Sk\u00fdr mynd sem t\u00e1knar hugmynd sem er \u00ed e\u00f0li s\u00ednu \u00f3hlutbundin.\" tabindex=\"0\">sinnbild<\/span> sagnfr\u00e6\u00f0innar sj\u00e1lfrar, sem rannsakar fort\u00ed\u00f0 og framt\u00ed\u00f0 samt\u00edmis.<\/p>\n<p>\u00cd n\u00fat\u00edmalegu v\u00edsindam\u00e1li hefur or\u00f0asambandi\u00f0 Janus-andlit e\u00f0a \u201eJanus-faced\u201c or\u00f0i\u00f0 a\u00f0 vi\u00f0tekinni myndhverfingu fyrir tv\u00edr\u00e6\u00f0ni. Al\u00fej\u00f3\u00f0lega Janus-k\u00ednasan, mikilv\u00e6gt ens\u00edmkerfi, var nefnd 1989 me\u00f0 v\u00edsun \u00ed tv\u00edandlita <span class=\"iwg-fachbegriff\" data-tooltip=\"Vera sem er d\u00fdrku\u00f0 sem gu\u00f0leg innan tr\u00faarbrag\u00f0a.\" tabindex=\"0\">gu\u00f0d\u00f3minn<\/span>. Stj\u00f6rnufr\u00e6\u00f0ilega tungli\u00f0 Janus vi\u00f0 Sat\u00farnus, sem skiptir \u00e1 sporbaug me\u00f0 tunglinu Epimetheus, s\u00e6kir einnig \u00ed hina go\u00f0s\u00f6gulegu tv\u00edandlitshugmynd.<\/p>\n<p>\u00c1 mi\u00f0\u00f6ldum lif\u00f0i Janus \u00e1fram \u00ed stj\u00f6rnufr\u00e6\u00f0iritum, langt umfram nafn m\u00e1na\u00f0arins Ianuarius. \u00cdsid\u00f3r fr\u00e1 Sevilla lofa\u00f0i hann \u00ed \u201eEtymologiae\u201c (V, 33) sem pers\u00f3nugervingu n\u00fdrrar byrjunar.<\/p><p>\u00cd gotneskri byggingarskreytingu m\u00e1 finna Janus-h\u00f6fu\u00f0 \u00e1 klausturhli\u00f0um og borgarhli\u00f0um, s\u00e9rstaklega \u00e1 Langbar\u00f0alandi og \u00ed su\u00f0urhluta Frakklands, \u00fear sem hinn <span class=\"iwg-fachbegriff\" data-tooltip=\"T\u00edmabil gr\u00edskrar og r\u00f3mverskrar menningar, um 800 f.Kr. til 600 e.Kr.\" tabindex=\"0\">forni<\/span> \u00fer\u00f6skuldsgu\u00f0 upplif\u00f0i eigin endurreisn.<\/p>\n<p>\u00cd s\u00e1lfr\u00e6\u00f0ilegu m\u00e1li n\u00fat\u00edmans kemur Janus fram sem \u201eJanus-andlit\u201c \u00ed merkingu tv\u00edr\u00e6\u00f0ni. C. G. Jung notar myndina \u00ed \u201eMysterium Coniunctionis\u201c sem d\u00e6mi um tv\u00ede\u00f0li s\u00e1larinnihalds.<\/p><p>\u00cd hagfr\u00e6\u00f0i er \u201eJanus-stefna\u201c hugtak yfir fyrirt\u00e6ki sem starfa samt\u00edmis \u00e1 g\u00f6mlum og n\u00fdjum m\u00f6rku\u00f0um. \u00deessi n\u00fat\u00edmalega hugtakasm\u00ed\u00f0 s\u00fdnir hvernig forn mynd lifir \u00e1fram \u00ed \u00edgrundunarm\u00e1li \u00ed tv\u00f6 \u00e1r\u00fe\u00fasund.<\/p>\t\t\t\t\t\t\t\t<\/div>\n\t\t\t\t<\/div>\n\t\t<div class=\"elementor-element elementor-element-08b23a5 e-con-full e-flex e-con e-child\" data-id=\"08b23a5\" data-element_type=\"container\" data-e-type=\"container\">\n\t\t\t\t<div class=\"elementor-element elementor-element-51dc415 elementor-widget elementor-widget-heading\" data-id=\"51dc415\" data-element_type=\"widget\" data-e-type=\"widget\" data-widget_type=\"heading.default\">\n\t\t\t\t\t<h2 class=\"elementor-heading-title elementor-size-default\">Tr\u00faarfr\u00e6\u00f0ileg sta\u00f0setning<\/h2>\t\t\t\t<\/div>\n\t\t\t\t<div class=\"elementor-element elementor-element-9aab09f elementor-widget elementor-widget-text-editor\" data-id=\"9aab09f\" data-element_type=\"widget\" data-e-type=\"widget\" data-widget_type=\"text-editor.default\">\n\t\t\t\t\t\t\t\t\t<p>Georges Dum\u00e9zil hefur \u00ed fj\u00f6lm\u00f6rgum ranns\u00f3knum s\u00fdnt fram \u00e1 a\u00f0 Janus hafi s\u00e9rst\u00f6\u00f0u innan hinna \u00feriggja ind\u00f3evr\u00f3psku hlutverka. Hann tilheyrir ekki neinu hlutverkinu sj\u00e1lfu heldur stendur vi\u00f0 upphaf \u00feeirra, \u00ed raun sem opnandi frumforsenda. \u00deessi t\u00falkun hefur veri\u00f0 almennt vi\u00f0urkennd \u00ed fr\u00e6\u00f0unum og telst til \u00feeirra \u00fe\u00e1tta \u00ed kerfi Dum\u00e9zils sem s\u00e6tt hafa minnstri gagnr\u00fdni.<\/p>\n<p>Robert Schilling og Kurt Latte leggja \u00e1herslu \u00e1 hina s\u00e9rstaklega \u00edt\u00f6lsku uppruna Janus-d\u00fdrkunarinnar. \u00d3l\u00edkt m\u00f6rgum \u00f6\u00f0rum gu\u00f0um er ekki til nein etr\u00fask hli\u00f0st\u00e6\u00f0a. Janus birtist \u00feannig sem eitt af f\u00e1um hreint \u00edt\u00f6lsk-r\u00f3mverskum d\u00fdrkunarfyrirb\u00e6rum \u00e1n gr\u00edskrar e\u00f0a etr\u00faskrar fyrirmyndar.<\/p><p>Mary Beard, John North og Simon Price fjalla um <span class=\"iwg-fachbegriff\" data-tooltip=\"Heildarsafn tr\u00faarlegra tilbei\u00f0sluathafna fyrir gu\u00f0 e\u00f0a heilaga v\u00e6ttu.\" tabindex=\"0\">d\u00fdrkunina<\/span> me\u00f0 \u00e1herslu \u00e1 hi\u00f0 p\u00f3lit\u00edska hlutverk hennar og s\u00fdna hvernig opnun og lokun Ianus geminus var\u00f0 a\u00f0 r\u00edkisbur\u00f0ugri, t\u00e1knr\u00e6nni ath\u00f6fn.<\/p>\n<p>John Scheid hefur endurgert helgisi\u00f0ina vi\u00f0 <span class=\"iwg-fachbegriff\" data-tooltip=\"Heilagur sta\u00f0ur sem er tileinka\u00f0ur tilbei\u00f0slu gu\u00f0s e\u00f0a v\u00e6ttar.\" tabindex=\"0\">helgista\u00f0inn<\/span> \u00e1 Forum og s\u00fdnt hvernig gu\u00f0inn var samofinn hinu daglega f\u00f3rnarl\u00edfi. J\u00f6rg R\u00fcpke greinir mikilv\u00e6gi Janusar fyrir t\u00edmatali\u00f0 og hina \u00e1g\u00faste\u00edsku sj\u00e1lfsmynd, s\u00e9rstaklega me\u00f0 tilliti til \u00abRes Gestae\u00bb.<\/p><p>Annie Dubourdieu hefur \u00ed ranns\u00f3kn sinni \u00abLes origines et le d\u00e9veloppement du culte des P\u00e9nates \u00e0 Rome\u00bb varpa\u00f0 lj\u00f3si \u00e1 tengsl Janusar vi\u00f0 Penatana og hina heimilislegu tr\u00faari\u00f0kun.<\/p>\t\t\t\t\t\t\t\t<\/div>\n\t\t\t\t<\/div>\n\t\t<div class=\"elementor-element elementor-element-0abc0be e-con-full e-flex e-con e-child\" data-id=\"0abc0be\" data-element_type=\"container\" data-e-type=\"container\">\n\t\t\t\t<div class=\"elementor-element elementor-element-c2ce60b elementor-widget elementor-widget-heading\" data-id=\"c2ce60b\" data-element_type=\"widget\" data-e-type=\"widget\" data-widget_type=\"heading.default\">\n\t\t\t\t\t<h2 class=\"elementor-heading-title elementor-size-default\">Janusarhof og sta\u00f0fr\u00e6\u00f0i<\/h2>\t\t\t\t<\/div>\n\t\t\t\t<div class=\"elementor-element elementor-element-fe5baac elementor-widget elementor-widget-text-editor\" data-id=\"fe5baac\" data-element_type=\"widget\" data-e-type=\"widget\" data-widget_type=\"text-editor.default\">\n\t\t\t\t\t\t\t\t\t<p>Fr\u00e6gasta Janusarhofi\u00f0 var Janus Geminus vi\u00f0 Forum Romanum, l\u00edtil, ferhorna bygging me\u00f0 tvennum dyrum sem st\u00f3\u00f0u hvor \u00e1 m\u00f3ti annarri. Dyrunum var loka\u00f0 \u00e1 fri\u00f0art\u00edmum og opna\u00f0ar \u00e1 str\u00ed\u00f0st\u00edmum.<\/p><p>Livius greinir \u00ed \u00abAb urbe condita\u00bb (I, 19, 2) fr\u00e1 \u00fev\u00ed a\u00f0 dyrunum hafi \u00ed allri r\u00f3mverskri s\u00f6gu fyrir daga \u00c1g\u00fastusar a\u00f0eins veri\u00f0 loka\u00f0 tvisvar sinnum, undir stj\u00f3rn Numa Pompilius og eftir fyrsta p\u00fan\u00edska str\u00ed\u00f0i\u00f0 \u00e1ri\u00f0 235 f.Kr.<\/p><p>\u00c1g\u00fastus l\u00e9t loka dyrunum \u00e1ri\u00f0 29 f.Kr. eftir Actium, \u00e1ri\u00f0 25 f.Kr. eftir Kantabr\u00edustr\u00ed\u00f0in og \u00e1ri\u00f0 8 f.Kr. eftir herfer\u00f0irnar gegn Germ\u00f6num, sem hann fagna\u00f0i \u00ed afrekaskr\u00e1 sinni, Res gestae divi Augusti (13), sem h\u00e1punkti fri\u00f0arstefnu sinnar.<\/p><p>\u00deessi \u00feref\u00f6ldu lokun var\u00f0 hi\u00f0 hugmyndafr\u00e6\u00f0ilega <span class=\"iwg-fachbegriff\" data-tooltip=\"T\u00e1kn sem stendur fyrir hugmynd e\u00f0a merkingu.\" tabindex=\"0\">t\u00e1kn<\/span> Pax Augusta.<\/p>\n<p>A\u00f0rar Janusar-byggingar voru Janus Quirini \u00e1 Forum, bogi vi\u00f0 Argiletum sem marka\u00f0i b\u00f3ksala- og sk\u00f3sm\u00ed\u00f0ahverfi\u00f0, og Janus Pater \u00e1 Mons Janiculus, h\u00e6\u00f0 \u00e1 h\u00e6gri bakka T\u00edberflj\u00f3ts, sem s\u00e9rstaklega b\u00e6ndur og hermenn s\u00f3ttu.<\/p><p>\u00deessi fj\u00f6gur Janusarhelgi m\u00f6rku\u00f0u \u00fer\u00f6skulda borgarinnar \u00ed landfr\u00e6\u00f0ilegum skilningi, enda var Janus gu\u00f0 umskipta og haf\u00f0i \u00fea\u00f0 hlutverk. Boginn vi\u00f0 Argiletum var samt\u00edmis vi\u00f0mi\u00f0unarpunktur marka\u00f0arins, sem s\u00fdnir samtvinnun tr\u00faarlegs og verslunarlegs hlutverks \u00ed R\u00f3m.<\/p>\n<p>\u00cd fr\u00e6\u00f0unum hefur Filippo Coarelli n\u00e1kv\u00e6mar sta\u00f0sett Janus Geminus milli Basilica Aemilia og Curia Iulia. \u00c1 sestert\u00edum Ner\u00f3s me\u00f0 \u00e1letruninni Pace populi terra mariq parta Ianum clusit er byggingin s\u00fdnd \u00e1 byggingarlega n\u00e1kv\u00e6man h\u00e1tt.<\/p><p>\u00deessi peningafr\u00e6\u00f0ilega heimild er ein mikilv\u00e6gasta myndaheimildin um \u00fatlit hofsins. \u00c1 <span class=\"iwg-fachbegriff\" data-tooltip=\"Umbreytingart\u00edmabil milli fornaldar og mi\u00f0alda, um 3. til 7. \u00f6ld.\" tabindex=\"0\">s\u00ed\u00f0forn\u00f6ld<\/span> var Janusarhofinu loka\u00f0 \u00ed kj\u00f6lfar kristnit\u00f6kuferlisins og \u00fea\u00f0 rifi\u00f0 undir stj\u00f3rn Honoriusar \u00e1 5. \u00f6ld.<\/p>\t\t\t\t\t\t\t\t<\/div>\n\t\t\t\t<\/div>\n\t\t<div class=\"elementor-element elementor-element-91e5003 e-con-full e-flex e-con e-child\" data-id=\"91e5003\" data-element_type=\"container\" data-e-type=\"container\">\n\t\t\t\t<div class=\"elementor-element elementor-element-861aa43 elementor-widget elementor-widget-heading\" data-id=\"861aa43\" data-element_type=\"widget\" data-e-type=\"widget\" data-widget_type=\"heading.default\">\n\t\t\t\t\t<h2 class=\"elementor-heading-title elementor-size-default\">Carmen Saliare og helgisi\u00f0ir<\/h2>\t\t\t\t<\/div>\n\t\t\t\t<div class=\"elementor-element elementor-element-f677ba0 elementor-widget elementor-widget-text-editor\" data-id=\"f677ba0\" data-element_type=\"widget\" data-e-type=\"widget\" data-widget_type=\"text-editor.default\">\n\t\t\t\t\t\t\t\t\t<p>Janus st\u00f3\u00f0 \u00ed upphafi allra r\u00f3mverskra b\u00e6na. \u00cd hinni fornu \u00e1v\u00f6rpunarr\u00f6\u00f0 gu\u00f0anna var nafn hans nefnt fyrst, \u00fev\u00ed sem gu\u00f0 umskipta t\u00e1kna\u00f0i hann einnig umskiptin fr\u00e1 \u00fe\u00f6gn til or\u00f0s.<\/p><p>C\u00edcer\u00f3 segir \u00ed \u00abDe natura deorum\u00bb (II, 67) a\u00f0 R\u00f3mverjar hafi vi\u00f0 <span class=\"iwg-fachbegriff\" data-tooltip=\"Gj\u00f6f til gu\u00f0s til a\u00f0 tj\u00e1 \u00feakkl\u00e6ti, b\u00f3n e\u00f0a tilbei\u00f0slu.\" tabindex=\"0\">f\u00f3rnf\u00e6ringar<\/span> fyrst \u00e1kalla\u00f0 Janus og a\u00f0eins s\u00ed\u00f0an hinn eiginlega h\u00f6fu\u00f0gu\u00f0. \u00deessi helgisi\u00f0alega forgangssta\u00f0a undirstrikar heimsfr\u00e6\u00f0ilega st\u00f6\u00f0u hans sem inngangsgu\u00f0s.<\/p>\n<p>Carmen Saliare, forn prestas\u00f6ngur sem Salii, t\u00f3lf manna prestaf\u00e9lag, sungu \u00ed mars-hersyningunni, innih\u00e9lt Janus-erindi sem var \u00feegar \u00e1 s\u00ed\u00f0ustu t\u00edmum l\u00fd\u00f0veldisins ekki skili\u00f0 fullkomlega.<\/p><p>Varr\u00f3 reyndi \u00ed \u00abDe lingua Latina\u00bb (VII, 26 o.\u00e1fr.) a\u00f0 \u00fatsk\u00fdra einst\u00f6k or\u00f0 en t\u00f3k fram a\u00f0 Saliare-or\u00f0in v\u00e6ru \u00abof forn\u00bb til a\u00f0 \u00feau yr\u00f0u skilin me\u00f0 fullri vissu.<\/p><p>Var\u00f0veittu brotin nefna Cerus manus duonus Cerus es, sem endurgert hefur veri\u00f0 sem \u00abSkapari, g\u00f3\u00f0ur ma\u00f0ur, skapari ert \u00fe\u00fa\u00bb, hugsanlegt <span class=\"iwg-fachbegriff\" data-tooltip=\"B\u00e6narleg e\u00f0a \u00e1kallandi \u00e1varp til gu\u00f0s e\u00f0a m\u00e1ttarvalds.\" tabindex=\"0\">\u00e1kall<\/span> til Cerus, skaparagu\u00f0s sem tengdist Janusi.<\/p>\n<p>Rex sacrorum, prestsemb\u00e6tti sem h\u00e9lt \u00e1fram tr\u00faarlegum hlutverkum l\u00fd\u00f0veldiskonungd\u00f3msins, bar \u00e1byrg\u00f0 \u00e1 <span class=\"iwg-fachbegriff\" data-tooltip=\"Heildarsafn tr\u00faarlegra tilbei\u00f0sluathafna fyrir gu\u00f0 e\u00f0a heilaga v\u00e6ttu.\" tabindex=\"0\">d\u00fdrkun<\/span> Janusar. Hann leiddi <span class=\"iwg-fachbegriff\" data-tooltip=\"Gj\u00f6f til gu\u00f0s til a\u00f0 tj\u00e1 \u00feakkl\u00e6ti, b\u00f3n e\u00f0a tilbei\u00f0slu.\" tabindex=\"0\">f\u00f3rnf\u00e6ringar<\/span> til Janusar \u00e1 kalendunum hvers m\u00e1na\u00f0ar, en fyrst og fremst \u00e1 Idus marsm\u00e1na\u00f0ar, hinum forna n\u00fd\u00e1rsdegi, og 9. jan\u00faar, \u00e1 Agonalia-h\u00e1t\u00ed\u00f0 Janusar.<\/p><p>Helgisi\u00f0afyrirm\u00e6lin eru a\u00f0 hluta var\u00f0veitt \u00ed Acta fratrum Arvalium, skj\u00f6lum hinna arv\u00f6lsku presta, og gefa inns\u00fdn \u00ed helgisi\u00f0aframkv\u00e6mdina.<\/p>\t\t\t\t\t\t\t\t<\/div>\n\t\t\t\t<\/div>\n\t\t<div class=\"elementor-element elementor-element-7c0a34e e-con-full e-flex e-con e-child\" data-id=\"7c0a34e\" data-element_type=\"container\" data-e-type=\"container\">\n\t\t\t\t<div class=\"elementor-element elementor-element-ba49604 elementor-widget elementor-widget-heading\" data-id=\"ba49604\" data-element_type=\"widget\" data-e-type=\"widget\" data-widget_type=\"heading.default\">\n\t\t\t\t\t<h2 class=\"elementor-heading-title elementor-size-default\">Myntfr\u00e6\u00f0i og myndhef\u00f0<\/h2>\t\t\t\t<\/div>\n\t\t\t\t<div class=\"elementor-element elementor-element-cb3de82 elementor-widget elementor-widget-text-editor\" data-id=\"cb3de82\" data-element_type=\"widget\" data-e-type=\"widget\" data-widget_type=\"text-editor.default\">\n\t\t\t\t\t\t\t\t\t<p>Janush\u00f6fu\u00f0i\u00f0, Ianus bifrons me\u00f0 tv\u00f6 andlit sem sn\u00faa hvort \u00ed s\u00edna \u00e1ttina, er ein sterkasta myndsk\u00f6pun R\u00f3mar. \u00deegar \u00e1 3. \u00f6ld f.Kr. birtist Janush\u00f6fu\u00f0i\u00f0 \u00e1 elstu r\u00f3mversku assunum, \u00fev\u00ed assi\u00f0 var minnsta gjaldmi\u00f0ilseiningin og gegndi grundvallar \u00fer\u00f6skuldshlutverki \u00ed peningakerfinu.<\/p><p>\u00deessi hef\u00f0 h\u00e9lst \u00ed aldara\u00f0ir: l\u00fd\u00f0veldis-assar, denarar og sestert\u00edur bera bifrons-myndina \u00ed gegnum allt keisarat\u00edmabili\u00f0. Jafnvel undir Diocletianusi og Konstant\u00ednusi voru enn slegnir Janusmyntir.<\/p>\n<p>Sjaldg\u00e6ft afbrig\u00f0i er Ianus Quadrifrons me\u00f0 fj\u00f3rum andlitum, sem s\u00e9st \u00e1 nokkrum sestert\u00edum Hadr\u00edanusar. \u00deetta form er heimspekileg \u00fatv\u00edkkun \u00fear sem Janus horfir samt\u00edmis \u00ed allar fj\u00f3rar h\u00f6fu\u00f0\u00e1ttirnar e\u00f0a \u00e1 allar fj\u00f3rar \u00e1rst\u00ed\u00f0irnar. Forum Transitorium, minni torgbygging Domit\u00edanusar, var skreytt boga me\u00f0 Ianus Quadrifrons, sem \u00ed dag er a\u00f0eins var\u00f0veittur \u00ed teikningum fr\u00e1 endurreisnart\u00edmanum.<\/p>\n<p>\u00c1 kristinni <span class=\"iwg-fachbegriff\" data-tooltip=\"Umskiptat\u00edmabil milli fornaldar og mi\u00f0alda, um 3. til 7. \u00f6ld.\" tabindex=\"0\">s\u00ed\u00f0forn\u00f6ld<\/span> f\u00e9kk mynd Bifrons neikv\u00e6\u00f0a merkingu og var jafna\u00f0 vi\u00f0 svik. \u00c1g\u00fast\u00ednus deilir \u00ed \u00abDe civitate Dei\u00bb (VII, 7) \u00e1 \u00abtv\u00f6 andlit\u00bb Janusar sem <span class=\"iwg-fachbegriff\" data-tooltip=\"T\u00e1kn sem stendur fyrir hugmynd e\u00f0a merkingu.\" tabindex=\"0\">t\u00e1kn<\/span> fl\u00e1ttskapar.<\/p><p>\u00deessi endurt\u00falkun haf\u00f0i \u00e1hrif fram \u00e1 mi\u00f0aldir, \u00fear sem a\u00f0 vera \u00abjanus\u00e1sj\u00f3nulegur\u00bb var\u00f0 \u00edmynd tv\u00f6feldni. \u00dea\u00f0 var ekki fyrr en \u00e1 endurreisnart\u00edmanum a\u00f0 Janush\u00f6fu\u00f0i\u00f0 var endurh\u00e6ft sem <span class=\"iwg-fachbegriff\" data-tooltip=\"Myndr\u00e6n framsetning sem stendur fyrir \u00f3hlutbundna hugsun.\" tabindex=\"0\">sinnmynd<\/span> viturrar frams\u00fdni, me\u00f0al annars \u00ed t\u00e1knmyndab\u00f3k Alciato fr\u00e1 1531, \u00fear sem Janus myndskreytir l\u00e6rd\u00f3mssetninguna Prudens futuri.<\/p>\t\t\t\t\t\t\t\t<\/div>\n\t\t\t\t<\/div>\n\t\t<div class=\"elementor-element elementor-element-f298894 e-con-full e-flex e-con e-child\" data-id=\"f298894\" data-element_type=\"container\" data-e-type=\"container\">\n\t\t\t\t<div class=\"elementor-element elementor-element-f25b338 elementor-widget elementor-widget-heading\" data-id=\"f25b338\" data-element_type=\"widget\" data-e-type=\"widget\" data-widget_type=\"heading.default\">\n\t\t\t\t\t<h2 class=\"elementor-heading-title elementor-size-default\">Heimildir og frekari lesning<\/h2>\t\t\t\t<\/div>\n\t\t\t\t<div class=\"elementor-element elementor-element-882346b elementor-widget elementor-widget-text-editor\" data-id=\"882346b\" data-element_type=\"widget\" data-e-type=\"widget\" data-widget_type=\"text-editor.default\">\n\t\t\t\t\t\t\t\t\t<div data-nosnippet=\"true\"><p><span class=\"iwg-fachbegriff\" data-tooltip=\"T\u00edmabil gr\u00edskrar og r\u00f3mverskrar menningar, um 800 f.Kr. til 600 e.Kr.\" tabindex=\"0\">Forn\u00f6ld<\/span> heimildir: Virgill \u00abAeneis\u00bb, \u00d3vid\u00edus \u00abFasten\u00bb, Liv\u00edus \u00abAb urbe condita\u00bb, Cicero \u00abDe natura deorum\u00bb, Varro \u00abDe lingua latina\u00bb, Macr\u00f3b\u00edus \u00abSaturnalien\u00bb, \u00c1g\u00fastus \u00abRes gestae divi Augusti\u00bb, Serv\u00edus-sk\u00fdring, Pl\u00fatarkos \u00abNuma\u00bb.<\/p>\n<p>Fr\u00e6\u00f0irit: Georges Dum\u00e9zil, \u00abLa religion romaine archa\u00efque\u00bb, Paris 1966. Robert Schilling, \u00abRites, cultes, dieux de Rome\u00bb, Paris 1979. Kurt Latte, \u00abR\u00f6mische Religionsgeschichte\u00bb, M\u00fcnchen 1960. Mary Beard, John North, Simon Price, \u00abReligions of Rome\u00bb, Cambridge 1998. John Scheid, \u00abAn Introduction to Roman Religion\u00bb, Edinburgh 2003. J\u00f6rg R\u00fcpke, \u00abDie Religion der R\u00f6mer\u00bb, M\u00fcnchen 2001.<\/p><\/div>\t\t\t\t\t\t\t\t<\/div>\n\t\t\t\t<\/div>\n\t\t\t\t\t<\/div>\n\t\t\t\t<\/div>\n\t\t\t\t<\/div>\n\t\t","protected":false},"excerpt":{"rendered":"","protected":false},"author":3,"featured_media":3257,"parent":0,"menu_order":0,"comment_status":"closed","ping_status":"closed","template":"elementor_header_footer","meta":{"_yoast_wpseo_focuskw":"Janus","_yoast_wpseo_title":"Janus \u2013 R\u00f3mverskur gu\u00f0 upphafsins | iWell Guard","_yoast_wpseo_metadesc":"Janus er r\u00f3mverskur gu\u00f0 upphafsins, dyra og umskipta, s\u00fdndur me\u00f0 tv\u00f6 andlit. Janus-hofi\u00f0 \u00e1 Forum, go\u00f0s\u00f6gn og d\u00fdrkun.","_yoast_wpseo_meta-robots-noindex":"","_yoast_wpseo_canonical":"","_angie_page":false,"gefaehrdungsstufe":"","wesen_kultur":"","wesen_klasse":"","footnotes":""},"categories":[],"class_list":["post-169075","page","type-page","status-publish","has-post-thumbnail","hentry"],"yoast_head":"<!-- This site is optimized with the Yoast SEO Premium plugin v27.7 (Yoast SEO v28.3) - https:\/\/yoast.com\/product\/yoast-seo-premium-wordpress\/ -->\n<title>Janus \u2013 R\u00f3mverskur gu\u00f0 upphafsins | iWell Guard<\/title>\n<meta name=\"description\" content=\"Janus er r\u00f3mverskur gu\u00f0 upphafsins, dyra og umskipta, s\u00fdndur me\u00f0 tv\u00f6 andlit. Janus-hofi\u00f0 \u00e1 Forum, go\u00f0s\u00f6gn og d\u00fdrkun.\" \/>\n<meta name=\"robots\" content=\"index, follow, max-snippet:-1, max-image-preview:large, max-video-preview:-1\" \/>\n<link rel=\"canonical\" href=\"https:\/\/iwell-guard.com\/is\/janus\/\" \/>\n<meta property=\"og:locale\" content=\"is_IS\" \/>\n<meta property=\"og:type\" content=\"article\" \/>\n<meta property=\"og:title\" content=\"Janus\" \/>\n<meta property=\"og:description\" content=\"Janus er r\u00f3mverskur gu\u00f0 upphafsins, dyra og umskipta, s\u00fdndur me\u00f0 tv\u00f6 andlit. Janus-hofi\u00f0 \u00e1 Forum, go\u00f0s\u00f6gn og d\u00fdrkun.\" \/>\n<meta property=\"og:url\" content=\"https:\/\/iwell-guard.com\/is\/janus\/\" \/>\n<meta property=\"og:site_name\" content=\"iWell Guard\" \/>\n<meta property=\"article:modified_time\" content=\"2026-09-05T14:31:39+00:00\" \/>\n<meta property=\"og:image\" content=\"https:\/\/iwell-guard.com\/wp-content\/uploads\/2026\/05\/goetter_rom_janus.webp\" \/>\n\t<meta property=\"og:image:width\" content=\"1024\" \/>\n\t<meta property=\"og:image:height\" content=\"1536\" \/>\n\t<meta property=\"og:image:type\" content=\"image\/webp\" \/>\n<meta name=\"twitter:card\" content=\"summary_large_image\" \/>\n<script type=\"application\/ld+json\" class=\"yoast-schema-graph\">{\"@context\":\"https:\\\/\\\/schema.org\",\"@graph\":[{\"@type\":\"WebPage\",\"@id\":\"https:\\\/\\\/iwell-guard.com\\\/is\\\/janus\\\/\",\"url\":\"https:\\\/\\\/iwell-guard.com\\\/is\\\/janus\\\/\",\"name\":\"Janus \u2013 R\u00f3mverskur gu\u00f0 upphafsins | iWell Guard\",\"isPartOf\":{\"@id\":\"https:\\\/\\\/iwell-guard.com\\\/is\\\/#website\"},\"primaryImageOfPage\":{\"@id\":\"https:\\\/\\\/iwell-guard.com\\\/is\\\/janus\\\/#primaryimage\"},\"image\":{\"@id\":\"https:\\\/\\\/iwell-guard.com\\\/is\\\/janus\\\/#primaryimage\"},\"thumbnailUrl\":\"https:\\\/\\\/iwell-guard.com\\\/wp-content\\\/uploads\\\/2026\\\/05\\\/goetter_rom_janus.webp\",\"datePublished\":\"2026-09-05T14:05:21+00:00\",\"dateModified\":\"2026-09-05T14:31:39+00:00\",\"description\":\"Janus er r\u00f3mverskur gu\u00f0 upphafsins, dyra og umskipta, s\u00fdndur me\u00f0 tv\u00f6 andlit. Janus-hofi\u00f0 \u00e1 Forum, go\u00f0s\u00f6gn og d\u00fdrkun.\",\"breadcrumb\":{\"@id\":\"https:\\\/\\\/iwell-guard.com\\\/is\\\/janus\\\/#breadcrumb\"},\"inLanguage\":\"is\",\"potentialAction\":[{\"@type\":\"ReadAction\",\"target\":[\"https:\\\/\\\/iwell-guard.com\\\/is\\\/janus\\\/\"]}]},{\"@type\":\"ImageObject\",\"inLanguage\":\"is\",\"@id\":\"https:\\\/\\\/iwell-guard.com\\\/is\\\/janus\\\/#primaryimage\",\"url\":\"https:\\\/\\\/iwell-guard.com\\\/wp-content\\\/uploads\\\/2026\\\/05\\\/goetter_rom_janus.webp\",\"contentUrl\":\"https:\\\/\\\/iwell-guard.com\\\/wp-content\\\/uploads\\\/2026\\\/05\\\/goetter_rom_janus.webp\",\"width\":1024,\"height\":1536,\"caption\":\"Gu\u00f0ir \u00far r\u00f3mverskri hef\u00f0.\"},{\"@type\":\"BreadcrumbList\",\"@id\":\"https:\\\/\\\/iwell-guard.com\\\/is\\\/janus\\\/#breadcrumb\",\"itemListElement\":[{\"@type\":\"ListItem\",\"position\":1,\"name\":\"Start\",\"item\":\"https:\\\/\\\/iwell-guard.com\\\/is\\\/?page_id=168580\"},{\"@type\":\"ListItem\",\"position\":2,\"name\":\"Janus\"}]},{\"@type\":\"WebSite\",\"@id\":\"https:\\\/\\\/iwell-guard.com\\\/is\\\/#website\",\"url\":\"https:\\\/\\\/iwell-guard.com\\\/is\\\/\",\"name\":\"iWell Guard\",\"description\":\"Schutz vor dunklen Einfl\u00fcssen\",\"publisher\":{\"@id\":\"https:\\\/\\\/iwell-guard.com\\\/is\\\/#organization\"},\"potentialAction\":[{\"@type\":\"SearchAction\",\"target\":{\"@type\":\"EntryPoint\",\"urlTemplate\":\"https:\\\/\\\/iwell-guard.com\\\/is\\\/?s={search_term_string}\"},\"query-input\":{\"@type\":\"PropertyValueSpecification\",\"valueRequired\":true,\"valueName\":\"search_term_string\"}}],\"inLanguage\":\"is\"},{\"@type\":\"Organization\",\"@id\":\"https:\\\/\\\/iwell-guard.com\\\/is\\\/#organization\",\"name\":\"Ittermann electronic GmbH\",\"url\":\"https:\\\/\\\/iwell-guard.com\\\/is\\\/\",\"logo\":{\"@type\":\"ImageObject\",\"inLanguage\":\"is\",\"@id\":\"https:\\\/\\\/iwell-guard.com\\\/is\\\/#\\\/schema\\\/logo\\\/image\\\/\",\"url\":\"https:\\\/\\\/iwell-guard.com\\\/wp-content\\\/uploads\\\/2026\\\/05\\\/Ittermann-Logo-1182x237-1.png\",\"contentUrl\":\"https:\\\/\\\/iwell-guard.com\\\/wp-content\\\/uploads\\\/2026\\\/05\\\/Ittermann-Logo-1182x237-1.png\",\"width\":1182,\"height\":237,\"caption\":\"Ittermann electronic GmbH\"},\"image\":{\"@id\":\"https:\\\/\\\/iwell-guard.com\\\/is\\\/#\\\/schema\\\/logo\\\/image\\\/\"},\"sameAs\":[\"https:\\\/\\\/pantip.com\\\/profile\\\/9367242\",\"https:\\\/\\\/micro.blog\\\/iwellguard\",\"https:\\\/\\\/www.diggerslist.com\\\/iwellguard\\\/about\",\"https:\\\/\\\/skitterphoto.com\\\/photographers\\\/2870314\\\/iwell-guard\",\"https:\\\/\\\/iwellguard.wordpress.com\\\/2026\\\/06\\\/06\\\/iwell-guard\\\/\",\"https:\\\/\\\/hub.docker.com\\\/u\\\/iwellguard\",\"https:\\\/\\\/www.pinterest.com\\\/iwellguard\\\/\",\"https:\\\/\\\/bit.ly\\\/m\\\/iwellguard\",\"https:\\\/\\\/entre-vos-mains.alsace.eu\\\/profiles\\\/iwellguard\\\/activity\",\"https:\\\/\\\/gravatar.com\\\/reallybeded8fd34\",\"https:\\\/\\\/naijamatta.com\\\/iwellguard\",\"https:\\\/\\\/www.goodreads.com\\\/iwellguard\",\"https:\\\/\\\/profile.hatena.ne.jp\\\/iwellguard\\\/\",\"https:\\\/\\\/experiment.com\\\/users\\\/iwellguard\",\"https:\\\/\\\/wakelet.com\\\/@iWellGuard82270\",\"https:\\\/\\\/www.chordie.com\\\/forum\\\/profile.php?id=2555664\",\"https:\\\/\\\/www.instapaper.com\\\/p\\\/17757966\",\"https:\\\/\\\/www.mapleprimes.com\\\/users\\\/iwellguard\",\"https:\\\/\\\/businesslistingplus.com\\\/profile\\\/iwell-guard\\\/\",\"https:\\\/\\\/telegra.ph\\\/iWell-Guard-06-06\",\"https:\\\/\\\/pbase.com\\\/iwellguard\\\/iwellguard\",\"https:\\\/\\\/b.hatena.ne.jp\\\/iwellguard\\\/20260607#bookmark-4788405196491818882\",\"https:\\\/\\\/fliphtml5.com\\\/home\\\/iwellguard\",\"https:\\\/\\\/anyflip.com\\\/homepage\\\/cmiwl#About\",\"https:\\\/\\\/transfur.com\\\/Users\\\/iwellguard\",\"http:\\\/\\\/delphi.larsbo.org\\\/user\\\/iwellguard\",\"https:\\\/\\\/jobs.lajobsportal.org\\\/profiles\\\/8380803-iwell-guard\",\"https:\\\/\\\/md.chaosdorf.de\\\/s\\\/jfbe5SBdJD\",\"https:\\\/\\\/www.lingvolive.com\\\/en-us\\\/profile\\\/9ecaeaca-ce11-4e51-9e71-01d55e2bff36\\\/translations\",\"https:\\\/\\\/www.fitday.com\\\/fitness\\\/forums\\\/members\\\/iwellguard.html\",\"https:\\\/\\\/www.mymeetbook.com\\\/iwellguard\",\"https:\\\/\\\/pxhere.com\\\/en\\\/photographer-me\\\/5040798\",\"https:\\\/\\\/disqus.com\\\/by\\\/iwellguard\\\/about\\\/\",\"https:\\\/\\\/pastelink.net\\\/hjwciqwq\",\"https:\\\/\\\/pubhtml5.com\\\/homepage\\\/scjhn\\\/\",\"https:\\\/\\\/www.bitchute.com\\\/channel\\\/2O2eOKzNqujT\",\"https:\\\/\\\/audiomack.com\\\/iwellguard\"]}]}<\/script>\n<!-- \/ Yoast SEO Premium plugin. -->","yoast_head_json":{"title":"Janus \u2013 R\u00f3mverskur gu\u00f0 upphafsins | iWell Guard","description":"Janus er r\u00f3mverskur gu\u00f0 upphafsins, dyra og umskipta, s\u00fdndur me\u00f0 tv\u00f6 andlit. Janus-hofi\u00f0 \u00e1 Forum, go\u00f0s\u00f6gn og d\u00fdrkun.","robots":{"index":"index","follow":"follow","max-snippet":"max-snippet:-1","max-image-preview":"max-image-preview:large","max-video-preview":"max-video-preview:-1"},"canonical":"https:\/\/iwell-guard.com\/is\/janus\/","og_locale":"is_IS","og_type":"article","og_title":"Janus","og_description":"Janus er r\u00f3mverskur gu\u00f0 upphafsins, dyra og umskipta, s\u00fdndur me\u00f0 tv\u00f6 andlit. Janus-hofi\u00f0 \u00e1 Forum, go\u00f0s\u00f6gn og d\u00fdrkun.","og_url":"https:\/\/iwell-guard.com\/is\/janus\/","og_site_name":"iWell Guard","article_modified_time":"2026-09-05T14:31:39+00:00","og_image":[{"width":1024,"height":1536,"url":"https:\/\/iwell-guard.com\/wp-content\/uploads\/2026\/05\/goetter_rom_janus.webp","type":"image\/webp"}],"twitter_card":"summary_large_image","schema":{"@context":"https:\/\/schema.org","@graph":[{"@type":"WebPage","@id":"https:\/\/iwell-guard.com\/is\/janus\/","url":"https:\/\/iwell-guard.com\/is\/janus\/","name":"Janus \u2013 R\u00f3mverskur gu\u00f0 upphafsins | iWell Guard","isPartOf":{"@id":"https:\/\/iwell-guard.com\/is\/#website"},"primaryImageOfPage":{"@id":"https:\/\/iwell-guard.com\/is\/janus\/#primaryimage"},"image":{"@id":"https:\/\/iwell-guard.com\/is\/janus\/#primaryimage"},"thumbnailUrl":"https:\/\/iwell-guard.com\/wp-content\/uploads\/2026\/05\/goetter_rom_janus.webp","datePublished":"2026-09-05T14:05:21+00:00","dateModified":"2026-09-05T14:31:39+00:00","description":"Janus er r\u00f3mverskur gu\u00f0 upphafsins, dyra og umskipta, s\u00fdndur me\u00f0 tv\u00f6 andlit. Janus-hofi\u00f0 \u00e1 Forum, go\u00f0s\u00f6gn og d\u00fdrkun.","breadcrumb":{"@id":"https:\/\/iwell-guard.com\/is\/janus\/#breadcrumb"},"inLanguage":"is","potentialAction":[{"@type":"ReadAction","target":["https:\/\/iwell-guard.com\/is\/janus\/"]}]},{"@type":"ImageObject","inLanguage":"is","@id":"https:\/\/iwell-guard.com\/is\/janus\/#primaryimage","url":"https:\/\/iwell-guard.com\/wp-content\/uploads\/2026\/05\/goetter_rom_janus.webp","contentUrl":"https:\/\/iwell-guard.com\/wp-content\/uploads\/2026\/05\/goetter_rom_janus.webp","width":1024,"height":1536,"caption":"Gu\u00f0ir \u00far r\u00f3mverskri hef\u00f0."},{"@type":"BreadcrumbList","@id":"https:\/\/iwell-guard.com\/is\/janus\/#breadcrumb","itemListElement":[{"@type":"ListItem","position":1,"name":"Start","item":"https:\/\/iwell-guard.com\/is\/?page_id=168580"},{"@type":"ListItem","position":2,"name":"Janus"}]},{"@type":"WebSite","@id":"https:\/\/iwell-guard.com\/is\/#website","url":"https:\/\/iwell-guard.com\/is\/","name":"iWell Guard","description":"Schutz vor dunklen Einfl\u00fcssen","publisher":{"@id":"https:\/\/iwell-guard.com\/is\/#organization"},"potentialAction":[{"@type":"SearchAction","target":{"@type":"EntryPoint","urlTemplate":"https:\/\/iwell-guard.com\/is\/?s={search_term_string}"},"query-input":{"@type":"PropertyValueSpecification","valueRequired":true,"valueName":"search_term_string"}}],"inLanguage":"is"},{"@type":"Organization","@id":"https:\/\/iwell-guard.com\/is\/#organization","name":"Ittermann electronic GmbH","url":"https:\/\/iwell-guard.com\/is\/","logo":{"@type":"ImageObject","inLanguage":"is","@id":"https:\/\/iwell-guard.com\/is\/#\/schema\/logo\/image\/","url":"https:\/\/iwell-guard.com\/wp-content\/uploads\/2026\/05\/Ittermann-Logo-1182x237-1.png","contentUrl":"https:\/\/iwell-guard.com\/wp-content\/uploads\/2026\/05\/Ittermann-Logo-1182x237-1.png","width":1182,"height":237,"caption":"Ittermann electronic GmbH"},"image":{"@id":"https:\/\/iwell-guard.com\/is\/#\/schema\/logo\/image\/"},"sameAs":["https:\/\/pantip.com\/profile\/9367242","https:\/\/micro.blog\/iwellguard","https:\/\/www.diggerslist.com\/iwellguard\/about","https:\/\/skitterphoto.com\/photographers\/2870314\/iwell-guard","https:\/\/iwellguard.wordpress.com\/2026\/06\/06\/iwell-guard\/","https:\/\/hub.docker.com\/u\/iwellguard","https:\/\/www.pinterest.com\/iwellguard\/","https:\/\/bit.ly\/m\/iwellguard","https:\/\/entre-vos-mains.alsace.eu\/profiles\/iwellguard\/activity","https:\/\/gravatar.com\/reallybeded8fd34","https:\/\/naijamatta.com\/iwellguard","https:\/\/www.goodreads.com\/iwellguard","https:\/\/profile.hatena.ne.jp\/iwellguard\/","https:\/\/experiment.com\/users\/iwellguard","https:\/\/wakelet.com\/@iWellGuard82270","https:\/\/www.chordie.com\/forum\/profile.php?id=2555664","https:\/\/www.instapaper.com\/p\/17757966","https:\/\/www.mapleprimes.com\/users\/iwellguard","https:\/\/businesslistingplus.com\/profile\/iwell-guard\/","https:\/\/telegra.ph\/iWell-Guard-06-06","https:\/\/pbase.com\/iwellguard\/iwellguard","https:\/\/b.hatena.ne.jp\/iwellguard\/20260607#bookmark-4788405196491818882","https:\/\/fliphtml5.com\/home\/iwellguard","https:\/\/anyflip.com\/homepage\/cmiwl#About","https:\/\/transfur.com\/Users\/iwellguard","http:\/\/delphi.larsbo.org\/user\/iwellguard","https:\/\/jobs.lajobsportal.org\/profiles\/8380803-iwell-guard","https:\/\/md.chaosdorf.de\/s\/jfbe5SBdJD","https:\/\/www.lingvolive.com\/en-us\/profile\/9ecaeaca-ce11-4e51-9e71-01d55e2bff36\/translations","https:\/\/www.fitday.com\/fitness\/forums\/members\/iwellguard.html","https:\/\/www.mymeetbook.com\/iwellguard","https:\/\/pxhere.com\/en\/photographer-me\/5040798","https:\/\/disqus.com\/by\/iwellguard\/about\/","https:\/\/pastelink.net\/hjwciqwq","https:\/\/pubhtml5.com\/homepage\/scjhn\/","https:\/\/www.bitchute.com\/channel\/2O2eOKzNqujT","https:\/\/audiomack.com\/iwellguard"]}]}},"_links":{"self":[{"href":"https:\/\/iwell-guard.com\/is\/wp-json\/wp\/v2\/pages\/169075","targetHints":{"allow":["GET"]}}],"collection":[{"href":"https:\/\/iwell-guard.com\/is\/wp-json\/wp\/v2\/pages"}],"about":[{"href":"https:\/\/iwell-guard.com\/is\/wp-json\/wp\/v2\/types\/page"}],"author":[{"embeddable":true,"href":"https:\/\/iwell-guard.com\/is\/wp-json\/wp\/v2\/users\/3"}],"replies":[{"embeddable":true,"href":"https:\/\/iwell-guard.com\/is\/wp-json\/wp\/v2\/comments?post=169075"}],"version-history":[{"count":0,"href":"https:\/\/iwell-guard.com\/is\/wp-json\/wp\/v2\/pages\/169075\/revisions"}],"wp:featuredmedia":[{"embeddable":true,"href":"https:\/\/iwell-guard.com\/is\/wp-json\/wp\/v2\/media\/3257"}],"wp:attachment":[{"href":"https:\/\/iwell-guard.com\/is\/wp-json\/wp\/v2\/media?parent=169075"}],"wp:term":[{"taxonomy":"category","embeddable":true,"href":"https:\/\/iwell-guard.com\/is\/wp-json\/wp\/v2\/categories?post=169075"}],"curies":[{"name":"wp","href":"https:\/\/api.w.org\/{rel}","templated":true}]}}