{"id":169074,"date":"2026-09-05T14:05:20","date_gmt":"2026-09-05T14:05:20","guid":{"rendered":"https:\/\/iwell-guard.com\/?page_id=169074"},"modified":"2026-09-05T14:31:37","modified_gmt":"2026-09-05T14:31:37","slug":"vulcanus","status":"publish","type":"page","link":"https:\/\/iwell-guard.com\/is\/vulcanus\/","title":{"rendered":"Vulcanus"},"content":{"rendered":"\t\t<div data-elementor-type=\"wp-page\" data-elementor-id=\"169074\" class=\"elementor elementor-169074 elementor-3015 elementor-bc-flex-widget\" data-elementor-post-type=\"page\">\n\t\t\t\t<div class=\"elementor-element elementor-element-8f3a172 e-flex e-con-boxed e-con e-parent\" data-id=\"8f3a172\" data-element_type=\"container\" data-e-type=\"container\" data-settings=\"{&quot;background_background&quot;:&quot;classic&quot;}\">\n\t\t\t\t\t<div class=\"e-con-inner\">\n\t\t<div class=\"elementor-element elementor-element-9ffa628 e-flex e-con-boxed e-con e-child\" data-id=\"9ffa628\" data-element_type=\"container\" data-e-type=\"container\">\n\t\t\t\t\t<div class=\"e-con-inner\">\n\t\t<div class=\"elementor-element elementor-element-504d937 e-con-full e-flex e-con e-child\" data-id=\"504d937\" data-element_type=\"container\" data-e-type=\"container\">\n\t\t\t\t<div class=\"elementor-element elementor-element-05a5475 elementor-widget elementor-widget-heading\" data-id=\"05a5475\" data-element_type=\"widget\" data-e-type=\"widget\" data-widget_type=\"heading.default\">\n\t\t\t\t\t<h1 class=\"elementor-heading-title elementor-size-default\">Vulcanus, r\u00f3mverskur sm\u00ed\u00f0agu\u00f0<\/h1>\t\t\t\t<\/div>\n\t\t\t\t<div class=\"elementor-element elementor-element-c823d91 elementor-widget elementor-widget-text-editor\" data-id=\"c823d91\" data-element_type=\"widget\" data-e-type=\"widget\" data-widget_type=\"text-editor.default\">\n\t\t\t\t\t\t\t\t\t<p>Vulcanus er r\u00f3mverskur gu\u00f0 eldsins, sm\u00ed\u00f0alistarinnar og eldfjallakraftsins \u00ed n\u00e1tt\u00farunni. <span class=\"iwg-fachbegriff\" data-tooltip=\"Heildarsafn tr\u00faarlegra tilbei\u00f0sluathafna sem t\u00ed\u00f0kast fyrir gu\u00f0 e\u00f0a heilaga v\u00e6ttu.\" tabindex=\"0\">\u00c1tr\u00fana\u00f0urinn<\/span> \u00e1 honum er me\u00f0al elstu \u00ed \u00edt\u00f6lskum tr\u00faarbr\u00f6g\u00f0um og teygir sig \u00ed tungum\u00e1lalegum efnum aftur til etr\u00faskra r\u00f3tta.<\/p><p>\u00d3l\u00edkt Hefaistosi, sem s\u00ed\u00f0ar var tekinn upp \u00ed r\u00f3mverska tr\u00fa, var Vulcanus upphaflega gu\u00f0 ey\u00f0andi elds sem a\u00f0allega var tilbe\u00f0inn utan borga, til a\u00f0 halda ey\u00f0ingarm\u00e6tti hans fjarri \u00edb\u00fa\u00f0ahverfum. \u00dea\u00f0 var ekki fyrr en me\u00f0 gr\u00edsk-hellenskri saml\u00f6gun a\u00f0 hann var\u00f0 lj\u00fafari sm\u00ed\u00f0agu\u00f0 go\u00f0anna. Sem sm\u00ed\u00f0a- og eldgu\u00f0 breyttist Vulcanus vegna hellenskra \u00e1hrifa \u00ed lj\u00fafari mynd.<\/p>\t\t\t\t\t\t\t\t<\/div>\n\t\t\t\t<\/div>\n\t\t<div class=\"elementor-element elementor-element-6f4fc26 e-con-full e-flex e-con e-parent\" data-id=\"6f4fc26\" data-element_type=\"container\" data-e-type=\"container\">\n\t\t\t\t<div class=\"elementor-element elementor-element-4f6fd60 elementor-widget elementor-widget-html\" data-id=\"4f6fd60\" data-element_type=\"widget\" data-e-type=\"widget\" data-widget_type=\"html.default\">\n\t\t\t\t\t<div class=\"iwg-pill-row\"><span class=\"iwg-klasse-badge\" tabindex=\"0\" data-tooltip=\"Gu\u00f0 \/ gy\u00f0ja: Pers\u00f3nuger\u00f0 \u00e6\u00f0sta vald \u00ed go\u00f0aveldi menningar, me\u00f0 sk\u00fdr valdsvi\u00f0 \u2014 n\u00e1tt\u00faru\u00f6fl, \u00f6rl\u00f6g, str\u00ed\u00f0, frj\u00f3semi. D\u00fdrku\u00f0 me\u00f0 tr\u00faars\u00f6fnu\u00f0um, f\u00f3rnum og hofastofnunum.\">Gy\u00f0ja<\/span><a href=\"https:\/\/iwell-guard.com\/is\/rom\/\" class=\"iwg-kultur-badge\" tabindex=\"0\" data-tooltip=\"R\u00f3mversk tr\u00faarbr\u00f6g\u00f0 fr\u00e1 konungd\u00f3mi til s\u00ed\u00f0fornaldar \u2014 samruna me\u00f0 gr\u00edskum og etr\u00faskum l\u00f6gum.\">R\u00f3m<\/a><\/div>\t\t\t\t<\/div>\n\t\t\t\t<\/div>\n\t\t<div class=\"elementor-element elementor-element-451d9e8 e-con-full e-flex e-con e-child\" data-id=\"451d9e8\" data-element_type=\"container\" data-e-type=\"container\">\n\t\t\t\t<div class=\"elementor-element elementor-element-603ae3a elementor-toc--minimized-on-tablet elementor-widget elementor-widget-table-of-contents\" data-id=\"603ae3a\" data-element_type=\"widget\" data-e-type=\"widget\" data-settings=\"{&quot;exclude_headings_by_selector&quot;:[],&quot;no_headings_message&quot;:&quot;Engar undirfyrirsagnir fundust \\u00e1 \\u00feessari s\\u00ed\\u00f0u.&quot;,&quot;headings_by_tags&quot;:[&quot;h2&quot;,&quot;h3&quot;],&quot;marker_view&quot;:&quot;bullets&quot;,&quot;icon&quot;:{&quot;value&quot;:&quot;fas fa-circle&quot;,&quot;library&quot;:&quot;fa-solid&quot;,&quot;rendered_tag&quot;:&quot;&lt;svg class=\\&quot;e-font-icon-svg e-fas-circle\\&quot; viewBox=\\&quot;0 0 512 512\\&quot; xmlns=\\&quot;http:\\\/\\\/www.w3.org\\\/2000\\\/svg\\&quot;&gt;&lt;path d=\\&quot;M256 8C119 8 8 119 8 256s111 248 248 248 248-111 248-248S393 8 256 8z\\&quot;&gt;&lt;\\\/path&gt;&lt;\\\/svg&gt;&quot;},&quot;minimize_box&quot;:&quot;yes&quot;,&quot;minimized_on&quot;:&quot;tablet&quot;,&quot;hierarchical_view&quot;:&quot;yes&quot;,&quot;min_height&quot;:{&quot;unit&quot;:&quot;px&quot;,&quot;size&quot;:&quot;&quot;,&quot;sizes&quot;:[]},&quot;min_height_tablet&quot;:{&quot;unit&quot;:&quot;px&quot;,&quot;size&quot;:&quot;&quot;,&quot;sizes&quot;:[]},&quot;min_height_mobile&quot;:{&quot;unit&quot;:&quot;px&quot;,&quot;size&quot;:&quot;&quot;,&quot;sizes&quot;:[]}}\" data-widget_type=\"table-of-contents.default\">\n\t\t\t\t\t\t\t\t\t<div class=\"elementor-toc__header\">\n\t\t\t\t\t\t<h2 class=\"elementor-toc__header-title\">\n\t\t\t\tEfnisyfirlit\t\t\t<\/h2>\n\t\t\t\t\t\t\t\t\t\t<div class=\"elementor-toc__toggle-button elementor-toc__toggle-button--expand\" role=\"button\" tabindex=\"0\" aria-controls=\"elementor-toc__603ae3a\" aria-expanded=\"true\" aria-label=\"Open table of contents\"><svg aria-hidden=\"true\" class=\"e-font-icon-svg e-fas-chevron-down\" viewBox=\"0 0 448 512\" xmlns=\"http:\/\/www.w3.org\/2000\/svg\"><path d=\"M207.029 381.476L12.686 187.132c-9.373-9.373-9.373-24.569 0-33.941l22.667-22.667c9.357-9.357 24.522-9.375 33.901-.04L224 284.505l154.745-154.021c9.379-9.335 24.544-9.317 33.901.04l22.667 22.667c9.373 9.373 9.373 24.569 0 33.941L240.971 381.476c-9.373 9.372-24.569 9.372-33.942 0z\"><\/path><\/svg><\/div>\n\t\t\t\t<div class=\"elementor-toc__toggle-button elementor-toc__toggle-button--collapse\" role=\"button\" tabindex=\"0\" aria-controls=\"elementor-toc__603ae3a\" aria-expanded=\"true\" aria-label=\"Close table of contents\"><svg aria-hidden=\"true\" class=\"e-font-icon-svg e-fas-chevron-up\" viewBox=\"0 0 448 512\" xmlns=\"http:\/\/www.w3.org\/2000\/svg\"><path d=\"M240.971 130.524l194.343 194.343c9.373 9.373 9.373 24.569 0 33.941l-22.667 22.667c-9.357 9.357-24.522 9.375-33.901.04L224 227.495 69.255 381.516c-9.379 9.335-24.544 9.317-33.901-.04l-22.667-22.667c-9.373-9.373-9.373-24.569 0-33.941L207.03 130.525c9.372-9.373 24.568-9.373 33.941-.001z\"><\/path><\/svg><\/div>\n\t\t\t\t\t<\/div>\n\t\t\t\t<div id=\"elementor-toc__603ae3a\" class=\"elementor-toc__body\">\n\t\t\t<div class=\"elementor-toc__spinner-container\">\n\t\t\t\t<svg class=\"elementor-toc__spinner eicon-animation-spin e-font-icon-svg e-eicon-loading\" aria-hidden=\"true\" viewBox=\"0 0 1000 1000\" xmlns=\"http:\/\/www.w3.org\/2000\/svg\"><path d=\"M500 975V858C696 858 858 696 858 500S696 142 500 142 142 304 142 500H25C25 237 238 25 500 25S975 237 975 500 763 975 500 975Z\"><\/path><\/svg>\t\t\t<\/div>\n\t\t<\/div>\n\t\t\t\t\t\t<\/div>\n\t\t\t\t<\/div>\n\t\t\t\t\t<\/div>\n\t\t\t\t<\/div>\n\t\t<div class=\"elementor-element elementor-element-eefde50 e-con-full e-flex e-con e-child\" data-id=\"eefde50\" data-element_type=\"container\" data-e-type=\"container\">\n\t\t\t\t<div class=\"elementor-element elementor-element-75cc2a9 iwg-hero-image elementor-widget elementor-widget-image\" data-id=\"75cc2a9\" data-element_type=\"widget\" data-e-type=\"widget\" data-widget_type=\"image.default\">\n\t\t\t\t\t\t\t\t\t\t\t\t\t\t\t<img fetchpriority=\"high\" decoding=\"async\" width=\"683\" height=\"1024\" src=\"https:\/\/iwell-guard.com\/wp-content\/uploads\/2026\/05\/goetter_rom_vulcanus-1-683x1024.webp\" class=\"attachment-large size-large wp-image-170693\" alt=\"Vulcanus - gu\u00f0ir \u00far r\u00f3mverskri hef\u00f0, s\u00f6guleg myndskreyting\" srcset=\"https:\/\/iwell-guard.com\/wp-content\/uploads\/2026\/05\/goetter_rom_vulcanus-1-683x1024.webp 683w, https:\/\/iwell-guard.com\/wp-content\/uploads\/2026\/05\/goetter_rom_vulcanus-1-200x300.webp 200w, https:\/\/iwell-guard.com\/wp-content\/uploads\/2026\/05\/goetter_rom_vulcanus-1-768x1152.webp 768w, https:\/\/iwell-guard.com\/wp-content\/uploads\/2026\/05\/goetter_rom_vulcanus-1.webp 1024w\" sizes=\"(max-width: 683px) 100vw, 683px\" \/>\t\t\t\t\t\t\t\t\t\t\t\t\t\t\t<\/div>\n\t\t\t\t<\/div>\n\t\t\t\t\t<\/div>\n\t\t\t\t<\/div>\n\t\t<div class=\"elementor-element elementor-element-9b8c8ff e-con-boxed e-flex e-con e-parent\" data-id=\"9b8c8ff\" data-element_type=\"container\" data-e-type=\"container\">\n\t\t\t\t\t<div class=\"e-con-inner\">\n\t\t<div class=\"elementor-element elementor-element-c8d107e e-con-full e-flex e-con e-child\" data-id=\"c8d107e\" data-element_type=\"container\" data-e-type=\"container\">\n\t\t\t\t<div class=\"elementor-element elementor-element-05d84c5 elementor-widget elementor-widget-heading\" data-id=\"05d84c5\" data-element_type=\"widget\" data-e-type=\"widget\" data-widget_type=\"heading.default\">\n\t\t\t\t\t<h2 class=\"elementor-heading-title elementor-size-default\">Go\u00f0s\u00f6gn og uppruni<\/h2>\t\t\t\t<\/div>\n\t\t\t\t<div class=\"elementor-element elementor-element-0e4505c elementor-widget elementor-widget-text-editor\" data-id=\"0e4505c\" data-element_type=\"widget\" data-e-type=\"widget\" data-widget_type=\"text-editor.default\">\n\t\t\t\t\t\t\t\t\t<p>Uppruni nafnsins Vulcanus er umdeildur \u00ed tungum\u00e1lafr\u00e6\u00f0i en er oftast tengdur vi\u00f0 etr\u00faska nafni\u00f0 Velchans og ind\u00f3evr\u00f3pska r\u00f3t sem \u00fe\u00fd\u00f0ir \u201ea\u00f0 brenna\u201c. \u00deegar \u00e1 konungat\u00edmanum var Volcanal, altari v\u00edgt Vulcanusi, sta\u00f0fest vi\u00f0 r\u00e6tur Kap\u00edt\u00f3lh\u00e6\u00f0ar.<\/p><p>\u00dea\u00f0 var tali\u00f0 einn elstu \u00e1tr\u00fana\u00f0arsta\u00f0a R\u00f3mar og var samkomusta\u00f0ur fyrir stj\u00f3rnm\u00e1lalegar athafnir undir berum himni. Pl\u00fatarkos nefnir hann \u00ed \u00e6vis\u00f6gu R\u00f3m\u00falusar sem sta\u00f0 \u00fear sem R\u00f3m\u00falus og Tat\u00edus eiga a\u00f0 hafa gert einn samninga sinna.<\/p>\n<p>\u00cd eldri \u00edt\u00f6lsku lagi var Vulcanus tengdur hinum h\u00e6ttulega eldi, \u00fe.e. brunum, eldingum og eldgosum. Af \u00feeirri \u00e1st\u00e6\u00f0u voru m\u00f6rg helgista\u00f0ir hans reistir \u00e1 ja\u00f0ri borga e\u00f0a utan borgarm\u00fara, \u00ed R\u00f3m til d\u00e6mis \u00e1 Marsvellinum.<\/p><p>\u00dea\u00f0 var ekki fyrr en hann var samsama\u00f0ur gr\u00edska gu\u00f0inum Hefaistosi a\u00f0 hin j\u00e1kv\u00e6\u00f0a hli\u00f0 sm\u00ed\u00f0alistarinnar var\u00f0 \u00e1berandi. Etr\u00faska frumgo\u00f0i\u00f0 Velchans er sta\u00f0fest \u00e1 bronsspeglinum fr\u00e1 Piacenza, \u00fear sem hann kemur fram me\u00f0 hamar og t\u00f6ng.<\/p>\n<p>Vergil\u00edus l\u00fdsir Vulcanusi \u00ed \u201eEneasarkvi\u00f0u\u201c sem smi\u00f0 go\u00f0anna, sem a\u00f0 bei\u00f0ni Venusar sm\u00ed\u00f0ar vopn Eneasar, \u00fear \u00e1 me\u00f0al fr\u00e6ga skj\u00f6ldinn me\u00f0 sp\u00e1d\u00f3msmyndum \u00far r\u00f3mverskri s\u00f6gu.<\/p><p>\u00d3vid\u00edus tekur upp \u00feessa s\u00fdn \u00ed \u201eUmmyndunum\u201c en \u00fatv\u00edkkar hana me\u00f0 fj\u00f6lm\u00f6rgum atri\u00f0um \u00far go\u00f0sagnaheimi Hefaistosar. \u00deannig var\u00f0 Vulcanus b\u00f3kmenntalega tv\u00f6faldur, \u00fear sem \u00edt\u00f6lsk d\u00fdpt hans og hellensk listasaga skarast. \u00c1g\u00fast\u00ednsk b\u00f3kmennt notar atri\u00f0i\u00f0 um skj\u00f6ld Eneasar sem stefnuyfirl\u00fdsingu fyrir alla s\u00f6gu R\u00f3mar.<\/p>\n<p>\u00cd \u00edtalskri \u00fej\u00f3\u00f0tr\u00fa var Vulcanus einnig tengdur Ma\u00edu, fornri gr\u00f3\u00f0urgy\u00f0ju. \u00c1letranir fr\u00e1 Praeneste og Tibur sta\u00f0festa tv\u00f6faldar v\u00edgslur sem tengja ey\u00f0andi eldkraft vi\u00f0 frj\u00f3semi akra. \u00dar \u00feessu sambandi ur\u00f0u til sta\u00f0bundnir h\u00e1t\u00ed\u00f0adagat\u00f6l sem a\u00f0 hluta voru tekin upp \u00ed r\u00edkisdagatal l\u00fd\u00f0veldist\u00edmans \u00ed R\u00f3m.<\/p>\t\t\t\t\t\t\t\t<\/div>\n\t\t\t\t<\/div>\n\t\t<div class=\"elementor-element elementor-element-a579d29 e-con-full e-flex e-con e-child\" data-id=\"a579d29\" data-element_type=\"container\" data-e-type=\"container\">\n\t\t\t\t<div class=\"elementor-element elementor-element-9d3c539 elementor-widget elementor-widget-heading\" data-id=\"9d3c539\" data-element_type=\"widget\" data-e-type=\"widget\" data-widget_type=\"heading.default\">\n\t\t\t\t\t<h2 class=\"elementor-heading-title elementor-size-default\">T\u00e1kn og einkenni<\/h2>\t\t\t\t<\/div>\n\t\t\t\t<div class=\"elementor-element elementor-element-8ffd25c elementor-widget elementor-widget-text-editor\" data-id=\"8ffd25c\" data-element_type=\"widget\" data-e-type=\"widget\" data-widget_type=\"text-editor.default\">\n\t\t\t\t\t\t\t\t\t<p>Hamar, ste\u00f0ji og t\u00f6ng eru \u00f3mistakanleg verkf\u00e6ri Vulcanusar. \u00cd myndlist kemur hann venjulega fram sem skeggja\u00f0ur smi\u00f0ur \u00ed mittissk\u00fdlu, oft me\u00f0 skekktan f\u00f3t, sem er aflei\u00f0ing hefaist\u00edskrar hef\u00f0ar.<\/p><p>Hann stendur e\u00f0a sest vi\u00f0 gl\u00f3andi ste\u00f0ja, vi\u00f0 hli\u00f0 hans liggja sver\u00f0sbl\u00f6\u00f0, hj\u00e1lmar e\u00f0a fullger\u00f0 vopn. Hugmyndin um haltrandi smi\u00f0inn er ekki upprunnin \u00far \u00edtalskri hef\u00f0 heldur var tekin upp fyrst \u00feegar hann var samsama\u00f0ur Hefaistosi.<\/p>\n<p>Eldsloginn er frumefni hans, en hann kemur sjaldan fram sem sj\u00e1lfst\u00e6\u00f0 mynd. Oftar er hann s\u00fdndur \u00ed tengslum vi\u00f0 reykh\u00e1fa sm\u00ed\u00f0aofna og verkst\u00e6\u00f0i undir Etnu.<\/p><p>\u00deegar Vergil\u00edus flytur verkst\u00e6\u00f0i Vulcanusar inn \u00ed hi\u00f0 sikileyska eldfjall og l\u00fdsir hamagangi K\u00fdkl\u00f3panna vi\u00f0 ste\u00f0jann \u00ed \u201eEneasarkvi\u00f0u\u201c, VIII. b\u00f3k. \u00deessi sta\u00f0setning h\u00e9lst \u00ed s\u00ed\u00f0ari b\u00f3kmenntum og myndhef\u00f0 og gaf or\u00f0inu eldfjall (vulkan) nafn sitt.<\/p>\n<p>D\u00fdr eru honum a\u00f0eins a\u00f0 takm\u00f6rku\u00f0u leyti tengd. Rau\u00f0ur k\u00e1lfstj\u00f3r var talinn kj\u00f6rald\u00fdrsf\u00f3rn, enda minnti litur hans \u00e1 eldinn. \u00deegar eldsvo\u00f0ah\u00e6tta vof\u00f0i yfir f\u00e6r\u00f0u r\u00f3mverskir emb\u00e6ttismenn honum d\u00fdr sem virtust \u00f3skorin e\u00f0a \u00f3\u00e1sj\u00e1leg, \u00ed von um a\u00f0 binda ey\u00f0ingarm\u00e1tt eldsins me\u00f0 \u00f6\u00f0ru f\u00f3rnard\u00fdri \u00e1 t\u00e1knr\u00e6nan h\u00e1tt.<\/p><p>\u00c1 Vulcanalia-h\u00e1t\u00ed\u00f0inni var fiskum kasta\u00f0 \u00ed eldinn sem sta\u00f0gengilsf\u00f3rn, sem Plinius \u00fatsk\u00fdrir me\u00f0 \u00feeirri hugmynd a\u00f0 vatnad\u00fdrin skyldu, me\u00f0 s\u00ednu framandi e\u00f0li, bl\u00ed\u00f0ka eldinn.<\/p>\t\t\t\t\t\t\t\t<\/div>\n\t\t\t\t<\/div>\n\t\t<div class=\"elementor-element elementor-element-34b6d6b e-con-full e-flex e-con e-child\" data-id=\"34b6d6b\" data-element_type=\"container\" data-e-type=\"container\">\n\t\t\t\t<div class=\"elementor-element elementor-element-3035e8d elementor-widget elementor-widget-heading\" data-id=\"3035e8d\" data-element_type=\"widget\" data-e-type=\"widget\" data-widget_type=\"heading.default\">\n\t\t\t\t\t<h2 class=\"elementor-heading-title elementor-size-default\">D\u00fdrkun og tilbei\u00f0sla<\/h2>\t\t\t\t<\/div>\n\t\t\t\t<div class=\"elementor-element elementor-element-a0c7ced elementor-widget elementor-widget-text-editor\" data-id=\"a0c7ced\" data-element_type=\"widget\" data-e-type=\"widget\" data-widget_type=\"text-editor.default\">\n\t\t\t\t\t\t\t\t\t<p>A\u00f0alh\u00e1t\u00ed\u00f0 Vulcanusar var Vulcanalia, haldin 23. \u00e1g\u00fast, \u00e1 \u00feurru og eldh\u00e6ttulegu \u00e1rst\u00ed\u00f0askei\u00f0i. \u00c1 \u00feessum degi var fiskum og sm\u00e1d\u00fdrum kasta\u00f0 \u00e1 eldinn, sem er l\u00edklega a\u00f0 skilja sem sta\u00f0gengilsf\u00f3rn, \u00fear sem d\u00fdrin voru l\u00e1tin standa \u00ed sta\u00f0 h\u00fass, uppskeru og borgar sem eldurinn hef\u00f0i annars gleypt.<\/p><p>Varro greinir fr\u00e1 \u00feessari venju og Plinius eldri fjallar um hana \u00ed \u00abNaturalis historia\u00bb. Samb\u00e6rilegar sta\u00f0gengilsathafnir finnast \u00ed m\u00f6rgum \u00edt\u00f6lskum borgard\u00fdrkunum og eru me\u00f0al elstu var\u00f0veittu si\u00f0a r\u00f3mverskrar tr\u00faarhef\u00f0ar.<\/p>\n<p>Hi\u00f0 forna Volcanal st\u00f3\u00f0 vi\u00f0 Comitium og var tali\u00f0 <span class=\"iwg-fachbegriff\" data-tooltip=\"\u00dea\u00f0 sem tilheyrir hinu gu\u00f0lega og er \u00fear me\u00f0 undan\u00feegi\u00f0 hversdagslegri notkun.\" tabindex=\"0\">heilagt<\/span> \u00ed b\u00e6\u00f0i stj\u00f3rnm\u00e1lalegum og tr\u00faarlegum skilningi. \u00dear voru reistar styttur og \u00e1letranir, og \u00fear \u00e1 Romulus sj\u00e1lfur a\u00f0 hafa f\u00e6rt f\u00f3rnir.<\/p><p>\u00c1 t\u00edmum l\u00fd\u00f0veldisins f\u00e6r\u00f0ist borgarleg \u00e1herslan yfir \u00e1 Vulcanus-<span class=\"iwg-fachbegriff\" data-tooltip=\"Bygging sem er \u00e6tlu\u00f0 til tilbei\u00f0slu einnar e\u00f0a fleiri gu\u00f0a.\" tabindex=\"0\">hofi\u00f0<\/span> \u00e1 Marsvellinum, \u00fear sem Vulcanalia var haldin opinberlega. B\u00e1\u00f0ir sta\u00f0irnir voru \u00fe\u00f3 tengdir me\u00f0 <span class=\"iwg-fachbegriff\" data-tooltip=\"H\u00e1t\u00ed\u00f0leg tr\u00faarleg skr\u00fa\u00f0ganga.\" tabindex=\"0\">skr\u00fa\u00f0g\u00f6ngu<\/span>, \u00fear sem hi\u00f0 forna Volcanal var virt sem uppruni d\u00fdrkunarins.<\/p>\n<p>Ostia, hafnarborg R\u00f3mar, haf\u00f0i s\u00e9rstaklega mikilv\u00e6ga Vulcanus-<span class=\"iwg-fachbegriff\" data-tooltip=\"\u00d6ll tr\u00faarleg tilbei\u00f0sluath\u00f6fn fyrir gu\u00f0 e\u00f0a heilaga v\u00e6tt.\" tabindex=\"0\">d\u00fdrkun<\/span> me\u00f0 Pontifex Vulcani \u00ed broddi fylkingar, sem var jafnframt \u00e6\u00f0sti prestur allrar borgarinnar. \u00deessi sta\u00f0a s\u00fdnir hversu mikilv\u00e6gar eldvarnir voru fyrir timburbyggingar hafnarborgarinnar.<\/p><p>\u00c1letranir \u00fear nefna Vulcanus sem verndara gegn borgarbrunum. \u00cd eldsvo\u00f0anum \u00e1ri\u00f0 64 e.Kr. \u00e1 t\u00edmum Ner\u00f3s var <span class=\"iwg-fachbegriff\" data-tooltip=\"Bygging sem er \u00e6tlu\u00f0 til tilbei\u00f0slu einnar e\u00f0a fleiri gu\u00f0a.\" tabindex=\"0\">hof<\/span> hans \u00e1kalla\u00f0 s\u00e9rstaklega, \u00e1n \u00feess a\u00f0 h\u00f6rmungunum yr\u00f0i afst\u00fdrt.<\/p>\n<p>Helgista\u00f0ir \u00ed skattl\u00f6ndunum finnast fr\u00e1 Pompei um P\u00f3-sl\u00e9ttuna til Gall\u00edu. \u00cd Vulci og Velia, borgum me\u00f0 etr\u00faska fors\u00f6gu, var <span class=\"iwg-fachbegriff\" data-tooltip=\"\u00d6ll tr\u00faarleg tilbei\u00f0sluath\u00f6fn fyrir gu\u00f0 e\u00f0a heilaga v\u00e6tt.\" tabindex=\"0\">d\u00fdrkunin<\/span> samfelld. \u00cd Lugdunum og \u00f6\u00f0rum st\u00f6\u00f0um \u00ed Gall\u00edu var hann samlaga\u00f0ur sta\u00f0bundnum sm\u00ed\u00f0agu\u00f0um.<\/p><p>\u00cd Aquincum, Carnuntum og \u00f6\u00f0rum borgum vi\u00f0 D\u00f3n\u00e1 sta\u00f0festa \u00e1letranir tilbei\u00f0slu hermanna sem st\u00f6rfu\u00f0u vi\u00f0 hersveitasm\u00ed\u00f0ar. Einnig \u00ed Bretlandi hafa fundist altari helgu\u00f0 honum n\u00e1l\u00e6gt j\u00e1rnvinnslust\u00f6\u00f0um.<\/p>\t\t\t\t\t\t\t\t<\/div>\n\t\t\t\t<\/div>\n\t\t<div class=\"elementor-element elementor-element-002f1e2 e-con-full e-flex e-con e-child\" data-id=\"002f1e2\" data-element_type=\"container\" data-e-type=\"container\">\n\t\t\t\t<div class=\"elementor-element elementor-element-ee764a7 elementor-widget elementor-widget-heading\" data-id=\"ee764a7\" data-element_type=\"widget\" data-e-type=\"widget\" data-widget_type=\"heading.default\">\n\t\t\t\t\t<h2 class=\"elementor-heading-title elementor-size-default\">Mikilv\u00e6gar go\u00f0sagnir<\/h2>\t\t\t\t<\/div>\n\t\t\t\t<div class=\"elementor-element elementor-element-d775220 elementor-widget elementor-widget-text-editor\" data-id=\"d775220\" data-element_type=\"widget\" data-e-type=\"widget\" data-widget_type=\"text-editor.default\">\n\t\t\t\t\t\t\t\t\t<p>Mikilv\u00e6gasta r\u00f3mverska sagan um Vulcanus er sm\u00ed\u00f0i vopna Eneasar. Vergil\u00edus l\u00fdsir \u00fev\u00ed \u00ed \u00abAeneis\u00bb, \u00e1ttunda b\u00f3k, hvernig Venus bi\u00f0ur sm\u00ed\u00f0agu\u00f0inn um a\u00f0 \u00fatvega syni s\u00ednum \u00fe\u00e1 vopnab\u00fana\u00f0i sem hann \u00feurfti fyrir str\u00ed\u00f0i\u00f0 \u00e1 \u00cdtal\u00edu.<\/p><p>Vulcanus sam\u00feykkir \u00fea\u00f0, og sk\u00fdkl\u00f3parnir \u00ed sm\u00ed\u00f0averkst\u00e6\u00f0i hans undir Etnu sm\u00ed\u00f0a hj\u00e1lm, sver\u00f0, lensu og fyrst og fremst hinn mikla skj\u00f6ld, sem myndverk hans s\u00fdnir fram komna r\u00f3mverska s\u00f6gu allt til orrustunnar vi\u00f0 Actium. \u00deessi l\u00fdsing er t\u00e1knr\u00e6n fyrir sj\u00e1lfsskilning \u00e1g\u00fast\u00ednska t\u00edmans, \u00fear sem framt\u00ed\u00f0 R\u00f3mar birtist eins og h\u00fan hafi \u00feegar veri\u00f0 m\u00f3tu\u00f0 \u00ed gu\u00f0legri sm\u00ed\u00f0avinnu.<\/p>\n<p>\u00d6nnur sagan fjallar um hj\u00f3naband Vulcanusar og Venusar, sem birtist \u00ed \u00abUmmyndunum\u00bb \u00d3v\u00edds og hj\u00e1 Vergil\u00edusi. Vulcanus, halti sm\u00ed\u00f0agu\u00f0inn, er eiginma\u00f0ur fegurstu gy\u00f0junnar, sem er \u00feegar fornt <span class=\"iwg-fachbegriff\" data-tooltip=\"Endurteki\u00f0 innihaldslegt atri\u00f0i \u00ed list e\u00f0a fr\u00e1s\u00f6gn.\" tabindex=\"0\">minni<\/span> go\u00f0s\u00f6gulegrar andst\u00e6\u00f0u.<\/p><p>\u00deegar Venus er sta\u00f0in a\u00f0 \u00f3trygg\u00f0 me\u00f0 Mars, hn\u00fdtir Vulcanus f\u00edngert net \u00far bronsi og fangar pari\u00f0 \u00ed leikslokum. \u00deessi fr\u00e1s\u00f6gn er s\u00f3tt \u00ed hefaistoslegt efni, en var \u00ed r\u00f3mverskri t\u00falkun skilin sem l\u00e6rd\u00f3mssaga um \u00fe\u00e1 erfi\u00f0leika sem felast \u00ed a\u00f0 sameina list, kraft og fegur\u00f0.<\/p>\n<p>\u00deri\u00f0ja sagan segir fr\u00e1 Caeculus, go\u00f0sagnakenndum stofnanda Praeneste. Servius v\u00edsar til hef\u00f0ar sem segir a\u00f0 Caeculus hafi f\u00e6\u00f0st \u00far kvi\u00f0i amb\u00e1ttar eftir a\u00f0 neisti \u00far eldi Vulcanusar hafi h\u00e6ft hana.<\/p><p>Hann var\u00f0 s\u00ed\u00f0ar borgarstofnandi, og \u00ed Praeneste var Vulcanus talinn forfa\u00f0ir borgarinnar. \u00deessi fr\u00e1s\u00f6gn tengir saman kosm\u00edskan eldsm\u00e1tt og p\u00f3lit\u00edska stofnun og s\u00fdnir n\u00e1in tengsl sm\u00ed\u00f0agu\u00f0sins vi\u00f0 uppruna borgarins.<\/p>\n<p>Fj\u00f3r\u00f0a sagan segir fr\u00e1 f\u00e6\u00f0ingu Servius Tullius, sj\u00f6tta konungs R\u00f3mar. Samkv\u00e6mt Plinius og Varro var\u00f0 Servius til \u00far neista sem stigu upp af heimilisaltari amb\u00e1ttar a\u00f0 nafni Ocresia. \u00deessi fr\u00e1s\u00f6gn leggst yfir Caeculus-hef\u00f0ina og r\u00e9ttl\u00e6tir s\u00e9rst\u00f6\u00f0u Serviusar sem umb\u00f3takonungs, en hann kom \u00e1 f\u00f3t Centuriatcomitia.<\/p>\t\t\t\t\t\t\t\t<\/div>\n\t\t\t\t<\/div>\n\t\t<div class=\"elementor-element elementor-element-a75d6ad e-con-full e-flex e-con e-child\" data-id=\"a75d6ad\" data-element_type=\"container\" data-e-type=\"container\">\n\t\t\t\t<div class=\"elementor-element elementor-element-787730d elementor-widget elementor-widget-heading\" data-id=\"787730d\" data-element_type=\"widget\" data-e-type=\"widget\" data-widget_type=\"heading.default\">\n\t\t\t\t\t<h2 class=\"elementor-heading-title elementor-size-default\">Tengsl innan go\u00f0aheimsins<\/h2>\t\t\t\t<\/div>\n\t\t\t\t<div class=\"elementor-element elementor-element-d770518 elementor-widget elementor-widget-text-editor\" data-id=\"d770518\" data-element_type=\"widget\" data-e-type=\"widget\" data-widget_type=\"text-editor.default\">\n\t\t\t\t\t\t\t\t\t<p>\u00cd hellen\u00edskri mynd er Vulcanus sonur Iuppiter og Iuno og br\u00f3\u00f0ir Mars og Minerva. Tengslin vi\u00f0 Mars n\u00e1 d\u00fdpra en a\u00f0eins fj\u00f6lskyldub\u00f6ndin, \u00fev\u00ed b\u00e1\u00f0ar gu\u00f0irnir tengjast herna\u00f0i, \u00fe\u00f3 \u00e1 sinn h\u00e1tt.<\/p><p>Mars er \u00edmynd bardagans, Vulcanus hins m\u00e1lmvinnslulega undirb\u00fanings. Me\u00f0 Minervu deilir hann verndarhlutverki yfir handverki, en me\u00f0an Minerva r\u00e6\u00f0ur yfir vefna\u00f0ar- og hugvitsh\u00e6fileikum, r\u00e6\u00f0ur Vulcanus yfir eldsm\u00ed\u00f0i me\u00f0 efni.<\/p>\n<p>Vulcanus var samkv\u00e6mt hef\u00f0 kv\u00e6ntur Venus, en \u00feau tengsl voru minna \u00fatm\u00e1lu\u00f0 \u00ed r\u00f3mverskum b\u00f3kmenntum en \u00ed gr\u00edskum. \u00cd eldra \u00edt\u00f6lsku lagi var Maia, forn vor-sumar-gy\u00f0ja, n\u00e1i\u00f0 tengd Vulcanusi. Fyrsti ma\u00ed var helga\u00f0ur henni og honum, og h\u00e6gt er a\u00f0 endurgera sameiginlegar <span class=\"iwg-fachbegriff\" data-tooltip=\"Gj\u00f6f til gu\u00f0s e\u00f0a gy\u00f0ju til a\u00f0 tj\u00e1 \u00feakkl\u00e6ti, b\u00e6n e\u00f0a tilbei\u00f0slu.\" tabindex=\"0\">f\u00f3rnir<\/span> vi\u00f0 Volcanal.<\/p>\n<p>\u00cd hinu v\u00ed\u00f0ara <span class=\"iwg-fachbegriff\" data-tooltip=\"Heild gu\u00f0a \u00ed tr\u00faarbr\u00f6g\u00f0um e\u00f0a menningu.\" tabindex=\"0\">go\u00f0afr\u00e6\u00f0ikerfi<\/span> stendur Vulcanus n\u00e1l\u00e6gt Stata Mater, gy\u00f0ju sem \u00e1tti a\u00f0 sl\u00f6kkva elda, og Tiberinus, en vatn hans skipti raunverulegu hlutverki \u00ed eldv\u00f6rnum. \u00deessi tengsl s\u00fdna a\u00f0 Vulcanus var ekki einn stakur gu\u00f0 heldur nokkurs konar hn\u00fatpunktur \u00ed tengslaneti r\u00f3mverskra elds- og verndargu\u00f0a.<\/p>\n<p>Mulciber, vi\u00f0urnafn Vulcanusar me\u00f0 merkingunni \u201ehinn smeltandi&#8220;, kemur fyrir \u00ed ep\u00edskri lj\u00f3\u00f0list, s\u00e9rstaklega hj\u00e1 Lucan og Statius, og t\u00e1knar hina skapandi, listfengu hli\u00f0 gu\u00f0sins. \u00deessi tv\u00f6feldni sem ey\u00f0andi og skapandi eldgu\u00f0 er samfella fr\u00e1 fornri t\u00ed\u00f0, \u00feegar Vulcanus var jafnt talinn smi\u00f0ur listilegra m\u00e1lmgripa og valdur a\u00f0 sk\u00e6\u00f0um eldsvo\u00f0um.<\/p>\n<p>Sjaldan nefnd tengsl eru vi\u00f0 Stata Mater, forna verndargy\u00f0ju gegn eldsvo\u00f0um, en <span class=\"iwg-fachbegriff\" data-tooltip=\"Helgur sta\u00f0ur tileinka\u00f0ur tilbei\u00f0slu gu\u00f0s e\u00f0a gy\u00f0ju.\" tabindex=\"0\">helgista\u00f0ur<\/span> hennar l\u00e1 einnig vi\u00f0 Comitium. \u00deau tv\u00f6 myndu\u00f0u forna samst\u00e6\u00f0u opinberra eldvarna. Hlutverk Stata Mater fluttist a\u00f0 hluta til yfir \u00e1 Vigiles \u00e1 keisarat\u00edmanum, sem sk\u00f6pu\u00f0u s\u00edna eigin tr\u00faartop\u00f3graf\u00edu.<\/p>\t\t\t\t\t\t\t\t<\/div>\n\t\t\t\t<\/div>\n\t\t<div class=\"elementor-element elementor-element-b9785b2 e-con-full e-flex e-con e-child\" data-id=\"b9785b2\" data-element_type=\"container\" data-e-type=\"container\">\n\t\t\t\t<div class=\"elementor-element elementor-element-e7f6db9 elementor-widget elementor-widget-heading\" data-id=\"e7f6db9\" data-element_type=\"widget\" data-e-type=\"widget\" data-widget_type=\"heading.default\">\n\t\t\t\t\t<h2 class=\"elementor-heading-title elementor-size-default\">M\u00f3ttaka og \u00e1hrif<\/h2>\t\t\t\t<\/div>\n\t\t\t\t<div class=\"elementor-element elementor-element-691122e elementor-widget elementor-widget-text-editor\" data-id=\"691122e\" data-element_type=\"widget\" data-e-type=\"widget\" data-widget_type=\"text-editor.default\">\n\t\t\t\t\t\t\t\t\t<p>\u00c1 t\u00edmum endurreisnar og barokks var Vulcanus \u00e1fram vins\u00e6l t\u00e1knmynd fyrir handverksh\u00e6fni og hugvit. Vel\u00e1zquez m\u00e1la\u00f0i eldsm\u00ed\u00f0averkst\u00e6\u00f0i\u00f0 undir Etnu me\u00f0 k\u00fdkl\u00f3punum, Rubens og Tintoretto t\u00f3ku upp s\u00f6guna um Vulcanus, Mars og Venus. \u00cd graf\u00edklist Gen\u00faa og Fl\u00f3rens var Vulcanus st\u00edlf\u00e6r\u00f0ur sem verndarv\u00e6ttur smi\u00f0jui\u00f0na\u00f0arins.<\/p>\n<p>Me\u00f0 i\u00f0nv\u00e6\u00f0ingu 19. aldar f\u00e9kk Vulcanus-myndin n\u00fdja \u00fe\u00fd\u00f0ingu. St\u00e1lverksmi\u00f0jur, v\u00e9laverksmi\u00f0jur og skipasm\u00ed\u00f0ast\u00f6\u00f0var t\u00f3ku n\u00f6fn eftir gu\u00f0inum. Vulcan-skipasm\u00ed\u00f0ast\u00f6\u00f0in \u00ed Stettin, Vulcan-Maschinenbau AG og fj\u00f6ldi annarra fyrirt\u00e6kja tengdu sig vi\u00f0 hina <span class=\"iwg-fachbegriff\" data-tooltip=\"T\u00edmabil gr\u00edskrar og r\u00f3mverskrar menningar, um 800 f.Kr. til 600 e.Kr.\" tabindex=\"0\">fornu<\/span> smi\u00f0jumyndhverfingu. \u00cd jar\u00f0fr\u00e6\u00f0i var\u00f0 or\u00f0i\u00f0 eldfjall, dregi\u00f0 af Vulcanus, sta\u00f0la\u00f0 hugtak fyrir eldsp\u00faandi fj\u00f6ll.<\/p>\n<p>\u00cd d\u00e6gurmenningu 20. aldar birtist Vulcanus \u00ed teiknimyndas\u00f6gum, kvikmyndum og leikjum sem <span class=\"iwg-fachbegriff\" data-tooltip=\"Sk\u00fdr mynd sem t\u00e1knar hugmynd sem annars er \u00f3hlutbundin.\" tabindex=\"0\">t\u00e1kn<\/span> smi\u00f0junnar, eldsins og m\u00e1lmvinnslu.<\/p><p>V\u00edsindas\u00f6gulega \u00e1hugavert er hin skamml\u00edfa V\u00falkanus-tilg\u00e1ta \u00ed stj\u00f6rnufr\u00e6\u00f0i, \u00fear sem stungi\u00f0 var upp \u00e1 tilb\u00fainni reikistj\u00f6rnu innan brautar Merk\u00far\u00edusar og nefnd eftir honum, \u00e1\u00f0ur en almenna afst\u00e6\u00f0iskenningin ger\u00f0i \u00fe\u00e1 tilg\u00e1tu \u00f3\u00fearfa. Sm\u00e1stirni\u00f0 4464 Vulcano ber einnig nafn hans.<\/p>\n<p>\u00cd stj\u00f6rnufr\u00e6\u00f0i \u00e1rn\u00fdaldar var \u201eV\u00falkanus&#8220; um t\u00edma nafni\u00f0 \u00e1 tilg\u00e1tukenndri reikistj\u00f6rnu milli Merk\u00far\u00edusar og s\u00f3lar, en braut hennar setti Urbain Le Verrier fram 1859 til a\u00f0 \u00fatsk\u00fdra s\u00f3ln\u00e1ndarvik Merk\u00far\u00edusar.<\/p><p>Fyrst almenn afst\u00e6\u00f0iskenning Einsteins 1915 \u00fatsk\u00fdr\u00f0i fr\u00e1viksfyrirb\u00e6ri\u00f0 \u00e1n \u00feess a\u00f0 gera r\u00e1\u00f0 fyrir enn einni reikistj\u00f6rnu, og \u201eV\u00falkanus&#8220; hvarf \u00far s\u00f3lkerfisl\u00edkaninu. \u00deessi \u00fe\u00e1ttur lifir \u00e1fram \u00ed or\u00f0inu v\u00falkan\u00f3\u00ed\u00f0, sem \u00ed n\u00fat\u00edma reikistj\u00f6rnufr\u00e6\u00f0i t\u00e1knar flokk tilg\u00e1tukenndra sm\u00e1hluta \u00e1 braut n\u00e6rri s\u00f3lu.<\/p>\n<p>\u00cd jar\u00f0fr\u00e6\u00f0i hefur or\u00f0i\u00f0 \u201eeldfjall&#8220; (Vulkan) fr\u00e1 17. \u00f6ld t\u00e1kna\u00f0 \u00f6ll eldsp\u00faandi fj\u00f6ll. Athanasius Kircher l\u00fdsti \u00ed riti s\u00ednu \u201eMundus Subterraneus&#8220; 1665 eldfj\u00f6llum sem strompum ne\u00f0anjar\u00f0ar eldkerfis, sem hann skildi sem verk r\u00f3mverska gu\u00f0sins. \u00deessi myndhverfing m\u00f3ta\u00f0i fyrstu eldfjallafr\u00e6\u00f0i fram \u00e1 langt inn \u00ed 19. \u00f6ld og tengdi hina <span class=\"iwg-fachbegriff\" data-tooltip=\"T\u00edmabil gr\u00edskrar og r\u00f3mverskrar menningar, um 800 f.Kr. til 600 e.Kr.\" tabindex=\"0\">fornu<\/span> <span class=\"iwg-fachbegriff\" data-tooltip=\"Heild var\u00f0veittra go\u00f0sagna \u00ed menningu.\" tabindex=\"0\">go\u00f0afr\u00e6\u00f0i<\/span> vi\u00f0 n\u00fdja n\u00e1tt\u00faruv\u00edsindi.<\/p>\t\t\t\t\t\t\t\t<\/div>\n\t\t\t\t<\/div>\n\t\t<div class=\"elementor-element elementor-element-f2e2b16 e-con-full e-flex e-con e-child\" data-id=\"f2e2b16\" data-element_type=\"container\" data-e-type=\"container\">\n\t\t\t\t<div class=\"elementor-element elementor-element-6d02201 elementor-widget elementor-widget-heading\" data-id=\"6d02201\" data-element_type=\"widget\" data-e-type=\"widget\" data-widget_type=\"heading.default\">\n\t\t\t\t\t<h2 class=\"elementor-heading-title elementor-size-default\">Tr\u00faarfr\u00e6\u00f0ileg sta\u00f0setning<\/h2>\t\t\t\t<\/div>\n\t\t\t\t<div class=\"elementor-element elementor-element-ee2ff23 elementor-widget elementor-widget-text-editor\" data-id=\"ee2ff23\" data-element_type=\"widget\" data-e-type=\"widget\" data-widget_type=\"text-editor.default\">\n\t\t\t\t\t\t\t\t\t<p>Robert Schilling og Kurt Latte leggja \u00e1herslu \u00e1 hina \u00edt\u00f6lsk-etr\u00fasku d\u00fdpt V\u00falkanusar-d\u00fdrkunarinnar. \u00cd eldra lagi er V\u00falkanus fremur bruna- og eldingagu\u00f0 en smi\u00f0ur, d\u00fdrka\u00f0ur utan borgarm\u00faranna til a\u00f0 halda hinu ey\u00f0andi fjarri. \u00dea\u00f0 er ekki fyrr en \u00ed hellen\u00edska <span class=\"iwg-fachbegriff\" data-tooltip=\"Samruni hugmynda e\u00f0a gu\u00f0a \u00far \u00f3l\u00edkum tr\u00faarhef\u00f0um.\" tabindex=\"0\">saml\u00f6guninni<\/span> (synkretisma) sem hann ver\u00f0ur j\u00e1kv\u00e6\u00f0 listr\u00e6n \u00edmynd \u00fear sem uppfinningaandi og handverk renna saman.<\/p>\n<p>Georges Dum\u00e9zil flokkar hann undir \u00feri\u00f0ju ind\u00f3evr\u00f3psku hlutverkin, hinn framlei\u00f0andi, efnislegi heim. Fr\u00e1 \u00feessu sj\u00f3narhorni er V\u00falkanus atvinnu- og sm\u00ed\u00f0agu\u00f0inn vi\u00f0 hli\u00f0 Kv\u00edr\u00ednusar, gu\u00f0s f\u00f3lksins.<\/p><p>Mary Beard og John North s\u00fdna a\u00f0 \u00feessi tegundafr\u00e6\u00f0ilega flokkun endurspeglar ekki a\u00f0 fullu borgard\u00fdrkun R\u00f3mar, \u00fev\u00ed hi\u00f0 r\u00edkisb\u00e6ra hlutverk vi\u00f0 Volcanal ber vitni um margbreytileika sem n\u00e6r \u00fat fyrir kerfi Dum\u00e9zils.<\/p>\n<p>John Scheid dregur fram mikilv\u00e6gi V\u00falkanusar-<span class=\"iwg-fachbegriff\" data-tooltip=\"Heild tr\u00faarlegra tilbei\u00f0sluathafna fyrir gu\u00f0 e\u00f0a heilaga veru.\" tabindex=\"0\">d\u00fdrkunarinnar<\/span> (k\u00falt) fyrir \u00f6ryggisskipulag borgarinnar. Brunavarnir voru lykilverkefni \u00ed \u00fe\u00e9ttbygg\u00f0ri vi\u00f0arborg og Volcanal gegndi \u00fear beinu hlutverki.<\/p><p>J\u00f6rg R\u00fcpke s\u00fdnir fram \u00e1 hvernig V\u00falkanus er d\u00e6mi um <span class=\"iwg-fachbegriff\" data-tooltip=\"Vera sem er d\u00fdrku\u00f0 sem gu\u00f0leg innan tr\u00faarbrag\u00f0a.\" tabindex=\"0\">gu\u00f0veru<\/span> \u00fear sem tr\u00faarlegt hlutverk var n\u00e1tengt borgar\u00fer\u00f3un R\u00f3mar. Frank Sear og Andreas Schmidt-Colinet hafa kortlagt fornleifafr\u00e6\u00f0ilegar leifar d\u00fdrkunarinnar \u00ed Ostia og \u00ed nor\u00f0ur-afr\u00edsku skattl\u00f6ndunum.<\/p>\t\t\t\t\t\t\t\t<\/div>\n\t\t\t\t<\/div>\n\t\t<div class=\"elementor-element elementor-element-c690fe9 e-con-full e-flex e-con e-child\" data-id=\"c690fe9\" data-element_type=\"container\" data-e-type=\"container\">\n\t\t\t\t<div class=\"elementor-element elementor-element-b709da6 elementor-widget elementor-widget-heading\" data-id=\"b709da6\" data-element_type=\"widget\" data-e-type=\"widget\" data-widget_type=\"heading.default\">\n\t\t\t\t\t<h2 class=\"elementor-heading-title elementor-size-default\">Volcanal og Aedes Volcani<\/h2>\t\t\t\t<\/div>\n\t\t\t\t<div class=\"elementor-element elementor-element-51da8e8 elementor-widget elementor-widget-text-editor\" data-id=\"51da8e8\" data-element_type=\"widget\" data-e-type=\"widget\" data-widget_type=\"text-editor.default\">\n\t\t\t\t\t\t\t\t\t<p>Elsta <span class=\"iwg-fachbegriff\" data-tooltip=\"Heilagur sta\u00f0ur tileinka\u00f0ur tilbei\u00f0slu \u00e1 gu\u00f0d\u00f3mi.\" tabindex=\"0\">helgista\u00f0ur<\/span> Vulcanusar var Volcanal vi\u00f0 Comitium, altarissv\u00e6\u00f0i undir berum himni \u00e1 hl\u00ed\u00f0 Kap\u00edt\u00f3lh\u00e6\u00f0ar. <span class=\"iwg-fachbegriff\" data-tooltip=\"T\u00edmabil gr\u00edskrar og r\u00f3mverskrar menningar, um 800 f.Kr. til 600 e.Kr.\" tabindex=\"0\">Forn\u00f6ld<\/span>arlegir landfr\u00e6\u00f0ingar \u00e1 bor\u00f0 vi\u00f0 Festus greina fr\u00e1 \u00fev\u00ed a\u00f0 sta\u00f0urinn hafi veri\u00f0 v\u00edg\u00f0ur af R\u00f3m\u00falusi sj\u00e1lfum, a\u00f0 \u00f3sk sab\u00ednskra h\u00f6f\u00f0ingja, sem gefur til kynna hve dj\u00fapar r\u00e6tur d\u00fdrkunin \u00e1 s\u00e9r \u00ed r\u00f3mverskum stj\u00f3rnkerfi.<\/p><p>Sta\u00f0urinn l\u00e1 h\u00e1tt og undir berum himni, \u00fev\u00ed eldurinn sem Vulcanus var tengdur vi\u00f0 m\u00e1tti ekki tilbe\u00f0ja \u00ed loku\u00f0um vistarverum. Bronsh\u00f3pur sver\u00f0asmi\u00f0a og stytta af R\u00f3m\u00falusi st\u00f3\u00f0u lengi \u00e1 Volcanal, \u00fear til \u00feeim var fjarl\u00e6gt vegna byggingarframkv\u00e6mda s\u00ed\u00f0la l\u00fd\u00f0veldist\u00edmans.<\/p>\n<p>R\u00edkis<span class=\"iwg-fachbegriff\" data-tooltip=\"Bygging sem er \u00e6tlu\u00f0 til tilbei\u00f0slu einum e\u00f0a fleiri gu\u00f0d\u00f3mum.\" tabindex=\"0\">hofi\u00f0<\/span> fr\u00e1 s\u00ed\u00f0ari t\u00edmum, Aedes Volcani, l\u00e1 \u00e1 Marsvellinum, utan borgarm\u00faranna, \u00fev\u00ed eldurinn, sem h\u00e6ttulegt frumefni, \u00e1tti ekki a\u00f0 f\u00e1 a\u00f0 n\u00e1 inn \u00ed borgarsv\u00e6\u00f0i\u00f0.<\/p><p>\u00deessi landfr\u00e6\u00f0ilega \u00fatsk\u00fafun er d\u00e6miger\u00f0 r\u00f3mversk lausn \u00ed vi\u00f0ureign vi\u00f0 tv\u00edr\u00e6\u00f0a gu\u00f0i, samb\u00e6rileg vi\u00f0 hof Bellonu og Marsar utan Pomeriumsins. Vitruv\u00edus segir \u00ed \u00abDe architectura\u00bb (I, 7) a\u00f0 <span class=\"iwg-fachbegriff\" data-tooltip=\"Bygging sem er \u00e6tlu\u00f0 til tilbei\u00f0slu einum e\u00f0a fleiri gu\u00f0d\u00f3mum.\" tabindex=\"0\">hof<\/span> gu\u00f0a sem valda eldi skyldu alltaf standa utan borgarm\u00faranna, regla sem gilti um Vulcanus, Mulciber og Stata Mater.<\/p>\n<p>\u00cd Ost\u00edu reis \u00e1 1. \u00f6ld s\u00e9rstakt Vulcanus-helgi me\u00f0 tilheyrandi prestsemb\u00e6tti, en handhafi \u00feess, Pontifex Volcani, haf\u00f0i s\u00e9rstaka st\u00f6\u00f0u \u00ed valdastiga borgarins. \u00c1letranirnir sem tilheyra \u00feessu, s\u00e9rstaklega CIL XIV 4 og 32, s\u00fdna a\u00f0 Vulcanus-helgi Ost\u00edu bar einnig \u00e1byrg\u00f0 \u00e1 brunav\u00f6rnum og borgardagatali.<\/p><p>\u00cd\u00fal\u00edus-fj\u00f6lskylda ost\u00edensku fyrirmannanna gegndi um margar kynsl\u00f3\u00f0ir emb\u00e6tti Vulcanus-presta. \u00cd Pompeii s\u00fdna veggm\u00e1lverk og lararium-myndir heimilisd\u00fdrkun \u00e1 Vulcanusi, sem var stundu\u00f0 a\u00f0allega \u00ed verkst\u00e6\u00f0um og sm\u00ed\u00f0um.<\/p>\t\t\t\t\t\t\t\t<\/div>\n\t\t\t\t<\/div>\n\t\t<div class=\"elementor-element elementor-element-1063b94 e-con-full e-flex e-con e-child\" data-id=\"1063b94\" data-element_type=\"container\" data-e-type=\"container\">\n\t\t\t\t<div class=\"elementor-element elementor-element-4e99f68 elementor-widget elementor-widget-heading\" data-id=\"4e99f68\" data-element_type=\"widget\" data-e-type=\"widget\" data-widget_type=\"heading.default\">\n\t\t\t\t\t<h2 class=\"elementor-heading-title elementor-size-default\">Volcanalia og eldf\u00f3rnir<\/h2>\t\t\t\t<\/div>\n\t\t\t\t<div class=\"elementor-element elementor-element-259d6f1 elementor-widget elementor-widget-text-editor\" data-id=\"259d6f1\" data-element_type=\"widget\" data-e-type=\"widget\" data-widget_type=\"text-editor.default\">\n\t\t\t\t\t\t\t\t\t<p>A\u00f0alh\u00e1t\u00ed\u00f0in, Volcanalia, var haldin 23. \u00e1g\u00fast, dag s\u00ed\u00f0sumars \u00feegar r\u00f3mversk akrar voru \u00feurrastir og eldh\u00e6tta fyrir vistir og timburbyggingar var \u00ed h\u00e1marki. R\u00f3mversk tr\u00faarbr\u00f6g\u00f0 litu ekki fram hj\u00e1 \u00feessari raunverulegu h\u00e6ttu, heldur t\u00f3ku hana me\u00f0 \u00ed <span class=\"iwg-fachbegriff\" data-tooltip=\"Skipul\u00f6g\u00f0 r\u00f6\u00f0 helgisi\u00f0a me\u00f0 tr\u00faarlegri e\u00f0a menningarlegri merkingu.\" tabindex=\"0\">ath\u00f6fnina<\/span>.<\/p><p>Vi\u00f0 Vulcanus-f\u00f3rnina var sm\u00e1fiskum \u00far T\u00edber varpa\u00f0 \u00ed eldinn, forn sta\u00f0gengilsath\u00f6fn sem samkv\u00e6mt Pl\u00fatarkosi \u00ed \u00abQuaestiones Romanae\u00bb 71 var skilin sem sta\u00f0gengill mannss\u00e1lar. Fiskarnir g\u00e1fu vatni\u00f0 fram fyrir eldinn og trygg\u00f0u \u00feannig me\u00f0 t\u00e1knr\u00e6num h\u00e6tti fri\u00f0 milli fjandsamlegra frumefna.<\/p>\n<p>F\u00f3rnard\u00fdrin sem ekki voru fiskar, s\u00e9rstaklega ungnaut og ungj\u00f6fur, voru brennd a\u00f0 fullu, \u00ed hekatombu-formi, \u00fe.e. \u00e1n hins venjulega m\u00e1lt\u00ed\u00f0arhluta fyrir prestana. \u00deessi tegund heilbrennuoffurs var f\u00e1t\u00ed\u00f0 \u00ed r\u00f3mverskri <span class=\"iwg-fachbegriff\" data-tooltip=\"Skipul\u00f6g\u00f0 r\u00f6\u00f0 helgisi\u00f0a me\u00f0 tr\u00faarlegri e\u00f0a menningarlegri merkingu.\" tabindex=\"0\">ath\u00f6fn<\/span> og var fr\u00e1tekin fyrir Vulcanus.<\/p><p>Macr\u00f3b\u00edus l\u00fdsir \u00fev\u00ed \u00ed \u00abSaturnalia\u00bb (I, 12, 18) a\u00f0 borgarstj\u00f3rnandinn (praefectus urbi) hafi l\u00e1ti\u00f0 d\u00fdfa logandi sk\u00e1lum \u00ed T\u00edberflj\u00f3ti\u00f0 um n\u00f3tt \u00e1 Vulcanus-h\u00e1t\u00ed\u00f0inni, lj\u00f3smagna\u00f0ri ath\u00f6fn sem \u00e1tti a\u00f0 b\u00e6la hi\u00f0 h\u00e6ttulega frumefni undir vatni.<\/p>\n<p>\u00c1 heimilum kaupmanna var h\u00e1t\u00ed\u00f0in haldin me\u00f0 \u00fev\u00ed a\u00f0 sl\u00f6kkva \u00f6ll eldst\u00e6\u00f0i verkst\u00e6\u00f0anna og kveikja \u00feau aftur me\u00f0 vi\u00f0h\u00f6fn. \u00deessi hef\u00f0 er sta\u00f0fest me\u00f0 \u00e1letrunum \u00ed Pompeii og Herculaneum.<\/p><p>Eitt d\u00e6mi er Tabula Pompeiana 19, sem skr\u00e1ir n\u00e1mssamning fyrir sm\u00ed\u00f0anema, dagsettan 22. \u00e1g\u00fast, daginn fyrir Volcanalia, svo a\u00f0 vinna g\u00e6ti hafist \u00e1 h\u00e1t\u00ed\u00f0ardaginn sj\u00e1lfan. Vulcanus-h\u00e1t\u00ed\u00f0irnar voru teknar upp \u00e1 s\u00ed\u00f0ari keisarat\u00edmum v\u00ed\u00f0ar en \u00e1 \u00cdtal\u00edu, \u00ed Gall\u00edu og Afr\u00edku, \u00fear sem sta\u00f0bundnir sm\u00ed\u00f0agu\u00f0ir voru samsama\u00f0ir Vulcanusi.<\/p>\t\t\t\t\t\t\t\t<\/div>\n\t\t\t\t<\/div>\n\t\t<div class=\"elementor-element elementor-element-4e2454c e-con-full e-flex e-con e-child\" data-id=\"4e2454c\" data-element_type=\"container\" data-e-type=\"container\">\n\t\t\t\t<div class=\"elementor-element elementor-element-0656b44 elementor-widget elementor-widget-heading\" data-id=\"0656b44\" data-element_type=\"widget\" data-e-type=\"widget\" data-widget_type=\"heading.default\">\n\t\t\t\t\t<h2 class=\"elementor-heading-title elementor-size-default\">Verndarathafnir og brunavarnir<\/h2>\t\t\t\t<\/div>\n\t\t\t\t<div class=\"elementor-element elementor-element-4746c57 elementor-widget elementor-widget-text-editor\" data-id=\"4746c57\" data-element_type=\"widget\" data-e-type=\"widget\" data-widget_type=\"text-editor.default\">\n\t\t\t\t\t\t\t\t\t<p>Meirihluti r\u00f3mverskra brunavarnaathafna var eigna\u00f0ur Vulcanusi. Serv\u00edus Tull\u00edus er sag\u00f0ur, samkv\u00e6mt Cicero, hafa komi\u00f0 \u00e1 f\u00f3t fyrsta borgarlega brunavarnasveitinni, familia publica vigilum, en verndargu\u00f0 hennar var Vulcanus.<\/p><p>\u00deessi sveit var endurskipul\u00f6g\u00f0 \u00ed \u00e1g\u00fast\u00ednsku umb\u00f3tunum \u00e1 vigiles undir keisara \u00c1g\u00fastusi \u00e1ri\u00f0 6 e.Kr.; Cohortes vigilum fengu s\u00edn eigin Vulcanus-helgi \u00ed var\u00f0st\u00f6\u00f0vum s\u00ednum. <span class=\"iwg-fachbegriff\" data-tooltip=\"Texti sem er greyptur e\u00f0a h\u00f6ggvinn \u00ed varanlegt efni.\" tabindex=\"0\">\u00c1letrunin<\/span> CIL VI 1057 sta\u00f0festir <span class=\"iwg-fachbegriff\" data-tooltip=\"Upph\u00e6kka\u00f0ur sta\u00f0ur e\u00f0a bor\u00f0 fyrir f\u00f3rnir og tr\u00faarathafnir.\" tabindex=\"0\">altari<\/span> \u00ed st\u00f6\u00f0 fyrstu kohortunnar me\u00f0 or\u00f0unum Volcano genio cohortis.<\/p>\n<p>Verndarathafnir \u00e1 heimilum f\u00f3lu \u00ed s\u00e9r a\u00f0 sl\u00f6kkva eldst\u00e6\u00f0i\u00f0 n\u00f3ttina fyrir Volcanalia, str\u00e1 salti \u00e1 eldst\u00e6\u00f0i\u00f0 og festa litlar bronspl\u00f6tur me\u00f0 mynd af Vulcanusi \u00e1 dyr verkst\u00e6\u00f0a.<\/p><p>Plinius eldri greinir fr\u00e1 \u00fev\u00ed \u00ed \u00abNaturalis historia\u00bb (VII, 50) a\u00f0 \u00e1kve\u00f0nar steinhellur hafi veri\u00f0 taldar veita brunavarnir \u00feegar \u00fe\u00e6r voru grafnar undir \u00fer\u00f6skuldinn \u00e1 Vulcanus-h\u00e1t\u00ed\u00f0inni. \u00deessi t\u00f6fra\u00fe\u00e1ttur \u00e1 s\u00e9r langa hef\u00f0 \u00ed \u00edtalskri heimilistr\u00faarbr\u00f6g\u00f0um.<\/p>\n<p>\u00c1 <span class=\"iwg-fachbegriff\" data-tooltip=\"Umbreytingart\u00edmabil milli fornaldar og mi\u00f0alda, um 3. til 7. \u00f6ld.\" tabindex=\"0\">s\u00ed\u00f0forn\u00f6ld<\/span> var\u00f0 heilagur Laurent\u00edus verndard\u00fdrlingur kristinna brunavarna, en dau\u00f0adagur hans sem vottar, 10. \u00e1g\u00fast, l\u00e1 \u00ed n\u00e6sta n\u00e1grenni Volcanalia. \u00deessi f\u00e6rsla tr\u00faarlegra brunavarna fr\u00e1 Vulcanusi til Laurent\u00edusar hefur veri\u00f0 greind af Robert Markus og Robin Lane Fox sem d\u00e6mi um kristna sta\u00f0gengilsgu\u00f0fr\u00e6\u00f0i. Tr\u00faarlega hlutverki\u00f0 h\u00e9lst \u00f3breytt, a\u00f0eins gu\u00f0legi vi\u00f0takandinn breyttist.<\/p>\t\t\t\t\t\t\t\t<\/div>\n\t\t\t\t<\/div>\n\t\t<div class=\"elementor-element elementor-element-f6a196e e-con-full e-flex e-con e-child\" data-id=\"f6a196e\" data-element_type=\"container\" data-e-type=\"container\">\n\t\t\t\t<div class=\"elementor-element elementor-element-019041b elementor-widget elementor-widget-heading\" data-id=\"019041b\" data-element_type=\"widget\" data-e-type=\"widget\" data-widget_type=\"heading.default\">\n\t\t\t\t\t<h2 class=\"elementor-heading-title elementor-size-default\">Heimildir og frekari lesning<\/h2>\t\t\t\t<\/div>\n\t\t\t\t<div class=\"elementor-element elementor-element-d1012cc elementor-widget elementor-widget-text-editor\" data-id=\"d1012cc\" data-element_type=\"widget\" data-e-type=\"widget\" data-widget_type=\"text-editor.default\">\n\t\t\t\t\t\t\t\t\t<footer class=\"iwg-literatur\"><p><span class=\"iwg-fachbegriff\" data-tooltip=\"T\u00edmabil gr\u00edskrar og r\u00f3mverskrar menningar, um \u00fea\u00f0 bil 800 f.Kr. til 600 e.Kr.\" tabindex=\"0\">Forn\u00f6ld<\/span> heimildir: Virgill \u00abAeneis\u00bb, \u00d3vid\u00edus \u00abMetamorphosen\u00bb og \u00abFasten\u00bb, Liv\u00edus \u00abAb urbe condita\u00bb, Varr\u00f3 \u00abDe lingua latina\u00bb, Plinius \u00abNaturalis historia\u00bb, Serv\u00edus-sk\u00fdring, Macrobius \u00abSaturnalien\u00bb, Pl\u00fatarkos \u00abRomulus\u00bb, D\u00edon\u00fds\u00edos fr\u00e1 Halikarnassos \u00abR\u00f6mische Altert\u00fcmer\u00bb.<\/p>\n<div data-nosnippet=\"true\"><p>Fr\u00e6\u00f0irit: Robert Schilling, \u00abRites, cultes, dieux de Rome\u00bb, Par\u00eds 1979. Kurt Latte, \u00abR\u00f6mische Religionsgeschichte\u00bb, M\u00fcnchen 1960. Georges Dum\u00e9zil, \u00abLa religion romaine archa\u00efque\u00bb, Par\u00eds 1966. Mary Beard, John North, Simon Price, \u00abReligions of Rome\u00bb, Cambridge 1998. John Scheid, \u00abAn Introduction to Roman Religion\u00bb, Edinburgh 2003. J\u00f6rg R\u00fcpke, \u00abDie Religion der R\u00f6mer\u00bb, M\u00fcnchen 2001.<\/p><\/div><\/footer>\t\t\t\t\t\t\t\t<\/div>\n\t\t\t\t<\/div>\n\t\t\t\t\t<\/div>\n\t\t\t\t<\/div>\n\t\t\t\t<\/div>\n\t\t","protected":false},"excerpt":{"rendered":"","protected":false},"author":3,"featured_media":3262,"parent":0,"menu_order":0,"comment_status":"closed","ping_status":"closed","template":"elementor_header_footer","meta":{"_yoast_wpseo_focuskw":"Vulcanus","_yoast_wpseo_title":"Vulcanus \u2013 R\u00f3mverskur sm\u00ed\u00f0a- og eldgu\u00f0 | iWell Guard","_yoast_wpseo_metadesc":"Vulcanus er r\u00f3mverskur gu\u00f0 eldsins og sm\u00ed\u00f0alistarinnar, verndargu\u00f0 handverksmanna. Volcanalia-h\u00e1t\u00ed\u00f0in, sm\u00ed\u00f0averkst\u00e6\u00f0i undir Etnu. Go\u00f0s\u00f6gn og \u00e1tr\u00fana\u00f0ur.","_yoast_wpseo_meta-robots-noindex":"","_yoast_wpseo_canonical":"","_angie_page":false,"gefaehrdungsstufe":"","wesen_kultur":"","wesen_klasse":"","footnotes":""},"categories":[],"class_list":["post-169074","page","type-page","status-publish","has-post-thumbnail","hentry"],"yoast_head":"<!-- This site is optimized with the Yoast SEO Premium plugin v27.7 (Yoast SEO v28.3) - https:\/\/yoast.com\/product\/yoast-seo-premium-wordpress\/ -->\n<title>Vulcanus \u2013 R\u00f3mverskur sm\u00ed\u00f0a- og eldgu\u00f0 | iWell Guard<\/title>\n<meta name=\"description\" content=\"Vulcanus er r\u00f3mverskur gu\u00f0 eldsins og sm\u00ed\u00f0alistarinnar, verndargu\u00f0 handverksmanna. Volcanalia-h\u00e1t\u00ed\u00f0in, sm\u00ed\u00f0averkst\u00e6\u00f0i undir Etnu. Go\u00f0s\u00f6gn og \u00e1tr\u00fana\u00f0ur.\" \/>\n<meta name=\"robots\" content=\"index, follow, max-snippet:-1, max-image-preview:large, max-video-preview:-1\" \/>\n<link rel=\"canonical\" href=\"https:\/\/iwell-guard.com\/is\/vulcanus\/\" \/>\n<meta property=\"og:locale\" content=\"is_IS\" \/>\n<meta property=\"og:type\" content=\"article\" \/>\n<meta property=\"og:title\" content=\"Vulcanus\" \/>\n<meta property=\"og:description\" content=\"Vulcanus er r\u00f3mverskur gu\u00f0 eldsins og sm\u00ed\u00f0alistarinnar, verndargu\u00f0 handverksmanna. Volcanalia-h\u00e1t\u00ed\u00f0in, sm\u00ed\u00f0averkst\u00e6\u00f0i undir Etnu. Go\u00f0s\u00f6gn og \u00e1tr\u00fana\u00f0ur.\" \/>\n<meta property=\"og:url\" content=\"https:\/\/iwell-guard.com\/is\/vulcanus\/\" \/>\n<meta property=\"og:site_name\" content=\"iWell Guard\" \/>\n<meta property=\"article:modified_time\" content=\"2026-09-05T14:31:37+00:00\" \/>\n<meta property=\"og:image\" content=\"https:\/\/iwell-guard.com\/wp-content\/uploads\/2026\/05\/goetter_rom_vulcanus-1.webp\" \/>\n\t<meta property=\"og:image:width\" content=\"1024\" \/>\n\t<meta property=\"og:image:height\" content=\"1536\" \/>\n\t<meta property=\"og:image:type\" content=\"image\/webp\" \/>\n<meta name=\"twitter:card\" content=\"summary_large_image\" \/>\n<script type=\"application\/ld+json\" class=\"yoast-schema-graph\">{\"@context\":\"https:\\\/\\\/schema.org\",\"@graph\":[{\"@type\":\"WebPage\",\"@id\":\"https:\\\/\\\/iwell-guard.com\\\/is\\\/vulcanus\\\/\",\"url\":\"https:\\\/\\\/iwell-guard.com\\\/is\\\/vulcanus\\\/\",\"name\":\"Vulcanus \u2013 R\u00f3mverskur sm\u00ed\u00f0a- og eldgu\u00f0 | iWell Guard\",\"isPartOf\":{\"@id\":\"https:\\\/\\\/iwell-guard.com\\\/is\\\/#website\"},\"primaryImageOfPage\":{\"@id\":\"https:\\\/\\\/iwell-guard.com\\\/is\\\/vulcanus\\\/#primaryimage\"},\"image\":{\"@id\":\"https:\\\/\\\/iwell-guard.com\\\/is\\\/vulcanus\\\/#primaryimage\"},\"thumbnailUrl\":\"https:\\\/\\\/iwell-guard.com\\\/wp-content\\\/uploads\\\/2026\\\/05\\\/goetter_rom_vulcanus-1.webp\",\"datePublished\":\"2026-09-05T14:05:20+00:00\",\"dateModified\":\"2026-09-05T14:31:37+00:00\",\"description\":\"Vulcanus er r\u00f3mverskur gu\u00f0 eldsins og sm\u00ed\u00f0alistarinnar, verndargu\u00f0 handverksmanna. Volcanalia-h\u00e1t\u00ed\u00f0in, sm\u00ed\u00f0averkst\u00e6\u00f0i undir Etnu. Go\u00f0s\u00f6gn og \u00e1tr\u00fana\u00f0ur.\",\"breadcrumb\":{\"@id\":\"https:\\\/\\\/iwell-guard.com\\\/is\\\/vulcanus\\\/#breadcrumb\"},\"inLanguage\":\"is\",\"potentialAction\":[{\"@type\":\"ReadAction\",\"target\":[\"https:\\\/\\\/iwell-guard.com\\\/is\\\/vulcanus\\\/\"]}]},{\"@type\":\"ImageObject\",\"inLanguage\":\"is\",\"@id\":\"https:\\\/\\\/iwell-guard.com\\\/is\\\/vulcanus\\\/#primaryimage\",\"url\":\"https:\\\/\\\/iwell-guard.com\\\/wp-content\\\/uploads\\\/2026\\\/05\\\/goetter_rom_vulcanus-1.webp\",\"contentUrl\":\"https:\\\/\\\/iwell-guard.com\\\/wp-content\\\/uploads\\\/2026\\\/05\\\/goetter_rom_vulcanus-1.webp\",\"width\":1024,\"height\":1536,\"caption\":\"Gu\u00f0ir \u00far r\u00f3mverskri hef\u00f0.\"},{\"@type\":\"BreadcrumbList\",\"@id\":\"https:\\\/\\\/iwell-guard.com\\\/is\\\/vulcanus\\\/#breadcrumb\",\"itemListElement\":[{\"@type\":\"ListItem\",\"position\":1,\"name\":\"Start\",\"item\":\"https:\\\/\\\/iwell-guard.com\\\/is\\\/?page_id=168580\"},{\"@type\":\"ListItem\",\"position\":2,\"name\":\"Vulcanus\"}]},{\"@type\":\"WebSite\",\"@id\":\"https:\\\/\\\/iwell-guard.com\\\/is\\\/#website\",\"url\":\"https:\\\/\\\/iwell-guard.com\\\/is\\\/\",\"name\":\"iWell Guard\",\"description\":\"Schutz vor dunklen Einfl\u00fcssen\",\"publisher\":{\"@id\":\"https:\\\/\\\/iwell-guard.com\\\/is\\\/#organization\"},\"potentialAction\":[{\"@type\":\"SearchAction\",\"target\":{\"@type\":\"EntryPoint\",\"urlTemplate\":\"https:\\\/\\\/iwell-guard.com\\\/is\\\/?s={search_term_string}\"},\"query-input\":{\"@type\":\"PropertyValueSpecification\",\"valueRequired\":true,\"valueName\":\"search_term_string\"}}],\"inLanguage\":\"is\"},{\"@type\":\"Organization\",\"@id\":\"https:\\\/\\\/iwell-guard.com\\\/is\\\/#organization\",\"name\":\"Ittermann electronic GmbH\",\"url\":\"https:\\\/\\\/iwell-guard.com\\\/is\\\/\",\"logo\":{\"@type\":\"ImageObject\",\"inLanguage\":\"is\",\"@id\":\"https:\\\/\\\/iwell-guard.com\\\/is\\\/#\\\/schema\\\/logo\\\/image\\\/\",\"url\":\"https:\\\/\\\/iwell-guard.com\\\/wp-content\\\/uploads\\\/2026\\\/05\\\/Ittermann-Logo-1182x237-1.png\",\"contentUrl\":\"https:\\\/\\\/iwell-guard.com\\\/wp-content\\\/uploads\\\/2026\\\/05\\\/Ittermann-Logo-1182x237-1.png\",\"width\":1182,\"height\":237,\"caption\":\"Ittermann electronic GmbH\"},\"image\":{\"@id\":\"https:\\\/\\\/iwell-guard.com\\\/is\\\/#\\\/schema\\\/logo\\\/image\\\/\"},\"sameAs\":[\"https:\\\/\\\/pantip.com\\\/profile\\\/9367242\",\"https:\\\/\\\/micro.blog\\\/iwellguard\",\"https:\\\/\\\/www.diggerslist.com\\\/iwellguard\\\/about\",\"https:\\\/\\\/skitterphoto.com\\\/photographers\\\/2870314\\\/iwell-guard\",\"https:\\\/\\\/iwellguard.wordpress.com\\\/2026\\\/06\\\/06\\\/iwell-guard\\\/\",\"https:\\\/\\\/hub.docker.com\\\/u\\\/iwellguard\",\"https:\\\/\\\/www.pinterest.com\\\/iwellguard\\\/\",\"https:\\\/\\\/bit.ly\\\/m\\\/iwellguard\",\"https:\\\/\\\/entre-vos-mains.alsace.eu\\\/profiles\\\/iwellguard\\\/activity\",\"https:\\\/\\\/gravatar.com\\\/reallybeded8fd34\",\"https:\\\/\\\/naijamatta.com\\\/iwellguard\",\"https:\\\/\\\/www.goodreads.com\\\/iwellguard\",\"https:\\\/\\\/profile.hatena.ne.jp\\\/iwellguard\\\/\",\"https:\\\/\\\/experiment.com\\\/users\\\/iwellguard\",\"https:\\\/\\\/wakelet.com\\\/@iWellGuard82270\",\"https:\\\/\\\/www.chordie.com\\\/forum\\\/profile.php?id=2555664\",\"https:\\\/\\\/www.instapaper.com\\\/p\\\/17757966\",\"https:\\\/\\\/www.mapleprimes.com\\\/users\\\/iwellguard\",\"https:\\\/\\\/businesslistingplus.com\\\/profile\\\/iwell-guard\\\/\",\"https:\\\/\\\/telegra.ph\\\/iWell-Guard-06-06\",\"https:\\\/\\\/pbase.com\\\/iwellguard\\\/iwellguard\",\"https:\\\/\\\/b.hatena.ne.jp\\\/iwellguard\\\/20260607#bookmark-4788405196491818882\",\"https:\\\/\\\/fliphtml5.com\\\/home\\\/iwellguard\",\"https:\\\/\\\/anyflip.com\\\/homepage\\\/cmiwl#About\",\"https:\\\/\\\/transfur.com\\\/Users\\\/iwellguard\",\"http:\\\/\\\/delphi.larsbo.org\\\/user\\\/iwellguard\",\"https:\\\/\\\/jobs.lajobsportal.org\\\/profiles\\\/8380803-iwell-guard\",\"https:\\\/\\\/md.chaosdorf.de\\\/s\\\/jfbe5SBdJD\",\"https:\\\/\\\/www.lingvolive.com\\\/en-us\\\/profile\\\/9ecaeaca-ce11-4e51-9e71-01d55e2bff36\\\/translations\",\"https:\\\/\\\/www.fitday.com\\\/fitness\\\/forums\\\/members\\\/iwellguard.html\",\"https:\\\/\\\/www.mymeetbook.com\\\/iwellguard\",\"https:\\\/\\\/pxhere.com\\\/en\\\/photographer-me\\\/5040798\",\"https:\\\/\\\/disqus.com\\\/by\\\/iwellguard\\\/about\\\/\",\"https:\\\/\\\/pastelink.net\\\/hjwciqwq\",\"https:\\\/\\\/pubhtml5.com\\\/homepage\\\/scjhn\\\/\",\"https:\\\/\\\/www.bitchute.com\\\/channel\\\/2O2eOKzNqujT\",\"https:\\\/\\\/audiomack.com\\\/iwellguard\"]}]}<\/script>\n<!-- \/ Yoast SEO Premium plugin. -->","yoast_head_json":{"title":"Vulcanus \u2013 R\u00f3mverskur sm\u00ed\u00f0a- og eldgu\u00f0 | iWell Guard","description":"Vulcanus er r\u00f3mverskur gu\u00f0 eldsins og sm\u00ed\u00f0alistarinnar, verndargu\u00f0 handverksmanna. Volcanalia-h\u00e1t\u00ed\u00f0in, sm\u00ed\u00f0averkst\u00e6\u00f0i undir Etnu. Go\u00f0s\u00f6gn og \u00e1tr\u00fana\u00f0ur.","robots":{"index":"index","follow":"follow","max-snippet":"max-snippet:-1","max-image-preview":"max-image-preview:large","max-video-preview":"max-video-preview:-1"},"canonical":"https:\/\/iwell-guard.com\/is\/vulcanus\/","og_locale":"is_IS","og_type":"article","og_title":"Vulcanus","og_description":"Vulcanus er r\u00f3mverskur gu\u00f0 eldsins og sm\u00ed\u00f0alistarinnar, verndargu\u00f0 handverksmanna. Volcanalia-h\u00e1t\u00ed\u00f0in, sm\u00ed\u00f0averkst\u00e6\u00f0i undir Etnu. Go\u00f0s\u00f6gn og \u00e1tr\u00fana\u00f0ur.","og_url":"https:\/\/iwell-guard.com\/is\/vulcanus\/","og_site_name":"iWell Guard","article_modified_time":"2026-09-05T14:31:37+00:00","og_image":[{"width":1024,"height":1536,"url":"https:\/\/iwell-guard.com\/wp-content\/uploads\/2026\/05\/goetter_rom_vulcanus-1.webp","type":"image\/webp"}],"twitter_card":"summary_large_image","schema":{"@context":"https:\/\/schema.org","@graph":[{"@type":"WebPage","@id":"https:\/\/iwell-guard.com\/is\/vulcanus\/","url":"https:\/\/iwell-guard.com\/is\/vulcanus\/","name":"Vulcanus \u2013 R\u00f3mverskur sm\u00ed\u00f0a- og eldgu\u00f0 | iWell Guard","isPartOf":{"@id":"https:\/\/iwell-guard.com\/is\/#website"},"primaryImageOfPage":{"@id":"https:\/\/iwell-guard.com\/is\/vulcanus\/#primaryimage"},"image":{"@id":"https:\/\/iwell-guard.com\/is\/vulcanus\/#primaryimage"},"thumbnailUrl":"https:\/\/iwell-guard.com\/wp-content\/uploads\/2026\/05\/goetter_rom_vulcanus-1.webp","datePublished":"2026-09-05T14:05:20+00:00","dateModified":"2026-09-05T14:31:37+00:00","description":"Vulcanus er r\u00f3mverskur gu\u00f0 eldsins og sm\u00ed\u00f0alistarinnar, verndargu\u00f0 handverksmanna. Volcanalia-h\u00e1t\u00ed\u00f0in, sm\u00ed\u00f0averkst\u00e6\u00f0i undir Etnu. Go\u00f0s\u00f6gn og \u00e1tr\u00fana\u00f0ur.","breadcrumb":{"@id":"https:\/\/iwell-guard.com\/is\/vulcanus\/#breadcrumb"},"inLanguage":"is","potentialAction":[{"@type":"ReadAction","target":["https:\/\/iwell-guard.com\/is\/vulcanus\/"]}]},{"@type":"ImageObject","inLanguage":"is","@id":"https:\/\/iwell-guard.com\/is\/vulcanus\/#primaryimage","url":"https:\/\/iwell-guard.com\/wp-content\/uploads\/2026\/05\/goetter_rom_vulcanus-1.webp","contentUrl":"https:\/\/iwell-guard.com\/wp-content\/uploads\/2026\/05\/goetter_rom_vulcanus-1.webp","width":1024,"height":1536,"caption":"Gu\u00f0ir \u00far r\u00f3mverskri hef\u00f0."},{"@type":"BreadcrumbList","@id":"https:\/\/iwell-guard.com\/is\/vulcanus\/#breadcrumb","itemListElement":[{"@type":"ListItem","position":1,"name":"Start","item":"https:\/\/iwell-guard.com\/is\/?page_id=168580"},{"@type":"ListItem","position":2,"name":"Vulcanus"}]},{"@type":"WebSite","@id":"https:\/\/iwell-guard.com\/is\/#website","url":"https:\/\/iwell-guard.com\/is\/","name":"iWell Guard","description":"Schutz vor dunklen Einfl\u00fcssen","publisher":{"@id":"https:\/\/iwell-guard.com\/is\/#organization"},"potentialAction":[{"@type":"SearchAction","target":{"@type":"EntryPoint","urlTemplate":"https:\/\/iwell-guard.com\/is\/?s={search_term_string}"},"query-input":{"@type":"PropertyValueSpecification","valueRequired":true,"valueName":"search_term_string"}}],"inLanguage":"is"},{"@type":"Organization","@id":"https:\/\/iwell-guard.com\/is\/#organization","name":"Ittermann electronic GmbH","url":"https:\/\/iwell-guard.com\/is\/","logo":{"@type":"ImageObject","inLanguage":"is","@id":"https:\/\/iwell-guard.com\/is\/#\/schema\/logo\/image\/","url":"https:\/\/iwell-guard.com\/wp-content\/uploads\/2026\/05\/Ittermann-Logo-1182x237-1.png","contentUrl":"https:\/\/iwell-guard.com\/wp-content\/uploads\/2026\/05\/Ittermann-Logo-1182x237-1.png","width":1182,"height":237,"caption":"Ittermann electronic GmbH"},"image":{"@id":"https:\/\/iwell-guard.com\/is\/#\/schema\/logo\/image\/"},"sameAs":["https:\/\/pantip.com\/profile\/9367242","https:\/\/micro.blog\/iwellguard","https:\/\/www.diggerslist.com\/iwellguard\/about","https:\/\/skitterphoto.com\/photographers\/2870314\/iwell-guard","https:\/\/iwellguard.wordpress.com\/2026\/06\/06\/iwell-guard\/","https:\/\/hub.docker.com\/u\/iwellguard","https:\/\/www.pinterest.com\/iwellguard\/","https:\/\/bit.ly\/m\/iwellguard","https:\/\/entre-vos-mains.alsace.eu\/profiles\/iwellguard\/activity","https:\/\/gravatar.com\/reallybeded8fd34","https:\/\/naijamatta.com\/iwellguard","https:\/\/www.goodreads.com\/iwellguard","https:\/\/profile.hatena.ne.jp\/iwellguard\/","https:\/\/experiment.com\/users\/iwellguard","https:\/\/wakelet.com\/@iWellGuard82270","https:\/\/www.chordie.com\/forum\/profile.php?id=2555664","https:\/\/www.instapaper.com\/p\/17757966","https:\/\/www.mapleprimes.com\/users\/iwellguard","https:\/\/businesslistingplus.com\/profile\/iwell-guard\/","https:\/\/telegra.ph\/iWell-Guard-06-06","https:\/\/pbase.com\/iwellguard\/iwellguard","https:\/\/b.hatena.ne.jp\/iwellguard\/20260607#bookmark-4788405196491818882","https:\/\/fliphtml5.com\/home\/iwellguard","https:\/\/anyflip.com\/homepage\/cmiwl#About","https:\/\/transfur.com\/Users\/iwellguard","http:\/\/delphi.larsbo.org\/user\/iwellguard","https:\/\/jobs.lajobsportal.org\/profiles\/8380803-iwell-guard","https:\/\/md.chaosdorf.de\/s\/jfbe5SBdJD","https:\/\/www.lingvolive.com\/en-us\/profile\/9ecaeaca-ce11-4e51-9e71-01d55e2bff36\/translations","https:\/\/www.fitday.com\/fitness\/forums\/members\/iwellguard.html","https:\/\/www.mymeetbook.com\/iwellguard","https:\/\/pxhere.com\/en\/photographer-me\/5040798","https:\/\/disqus.com\/by\/iwellguard\/about\/","https:\/\/pastelink.net\/hjwciqwq","https:\/\/pubhtml5.com\/homepage\/scjhn\/","https:\/\/www.bitchute.com\/channel\/2O2eOKzNqujT","https:\/\/audiomack.com\/iwellguard"]}]}},"_links":{"self":[{"href":"https:\/\/iwell-guard.com\/is\/wp-json\/wp\/v2\/pages\/169074","targetHints":{"allow":["GET"]}}],"collection":[{"href":"https:\/\/iwell-guard.com\/is\/wp-json\/wp\/v2\/pages"}],"about":[{"href":"https:\/\/iwell-guard.com\/is\/wp-json\/wp\/v2\/types\/page"}],"author":[{"embeddable":true,"href":"https:\/\/iwell-guard.com\/is\/wp-json\/wp\/v2\/users\/3"}],"replies":[{"embeddable":true,"href":"https:\/\/iwell-guard.com\/is\/wp-json\/wp\/v2\/comments?post=169074"}],"version-history":[{"count":0,"href":"https:\/\/iwell-guard.com\/is\/wp-json\/wp\/v2\/pages\/169074\/revisions"}],"wp:featuredmedia":[{"embeddable":true,"href":"https:\/\/iwell-guard.com\/is\/wp-json\/wp\/v2\/media\/3262"}],"wp:attachment":[{"href":"https:\/\/iwell-guard.com\/is\/wp-json\/wp\/v2\/media?parent=169074"}],"wp:term":[{"taxonomy":"category","embeddable":true,"href":"https:\/\/iwell-guard.com\/is\/wp-json\/wp\/v2\/categories?post=169074"}],"curies":[{"name":"wp","href":"https:\/\/api.w.org\/{rel}","templated":true}]}}