{"id":169073,"date":"2026-09-05T14:05:20","date_gmt":"2026-09-05T14:05:20","guid":{"rendered":"https:\/\/iwell-guard.com\/?page_id=169073"},"modified":"2026-09-05T14:31:34","modified_gmt":"2026-09-05T14:31:34","slug":"vesta","status":"publish","type":"page","link":"https:\/\/iwell-guard.com\/is\/vesta\/","title":{"rendered":"Vesta"},"content":{"rendered":"\t\t<div data-elementor-type=\"wp-page\" data-elementor-id=\"169073\" class=\"elementor elementor-169073 elementor-3014 elementor-bc-flex-widget\" data-elementor-post-type=\"page\">\n\t\t\t\t<div class=\"elementor-element elementor-element-71afdde e-flex e-con-boxed e-con e-parent\" data-id=\"71afdde\" data-element_type=\"container\" data-e-type=\"container\" data-settings=\"{&quot;background_background&quot;:&quot;classic&quot;}\">\n\t\t\t\t\t<div class=\"e-con-inner\">\n\t\t<div class=\"elementor-element elementor-element-0aac197 e-flex e-con-boxed e-con e-child\" data-id=\"0aac197\" data-element_type=\"container\" data-e-type=\"container\">\n\t\t\t\t\t<div class=\"e-con-inner\">\n\t\t<div class=\"elementor-element elementor-element-f18f2e5 e-con-full e-flex e-con e-child\" data-id=\"f18f2e5\" data-element_type=\"container\" data-e-type=\"container\">\n\t\t\t\t<div class=\"elementor-element elementor-element-ec8ab80 elementor-widget elementor-widget-heading\" data-id=\"ec8ab80\" data-element_type=\"widget\" data-e-type=\"widget\" data-widget_type=\"heading.default\">\n\t\t\t\t\t<h1 class=\"elementor-heading-title elementor-size-default\">Vesta, r\u00f3mversk gy\u00f0ja arineldsins<\/h1>\t\t\t\t<\/div>\n\t\t\t\t<div class=\"elementor-element elementor-element-60c7f8f elementor-widget elementor-widget-text-editor\" data-id=\"60c7f8f\" data-element_type=\"widget\" data-e-type=\"widget\" data-widget_type=\"text-editor.default\">\n\t\t\t\t\t\t\t\t\t<p>Vesta er r\u00f3mversk gy\u00f0ja arineldsins og r\u00edkisd\u00fdrkunarins. <span class=\"iwg-fachbegriff\" data-tooltip=\"Helgur sta\u00f0ur sem tileinka\u00f0ur er tilbei\u00f0slu gu\u00f0s.\" tabindex=\"0\">Helgista\u00f0ur<\/span> hennar \u00e1 Forum Romanum var einn af elstu og p\u00f3lit\u00edskt mikilv\u00e6gustu helgist\u00f6\u00f0um R\u00f3mar. Eldurinn sem brann \u00e1n afl\u00e1ts \u00ed <span class=\"iwg-fachbegriff\" data-tooltip=\"Bygging sem er tileinku\u00f0 tilbei\u00f0slu einnar e\u00f0a fleiri gu\u00f0a.\" tabindex=\"0\">hofi<\/span> hennar var talinn trygging fyrir velfer\u00f0 borgarinnar.<\/p><p><span class=\"iwg-fachbegriff\" data-tooltip=\"\u00d6ll tr\u00faari\u00f0kun tileinku\u00f0 gu\u00f0i e\u00f0a heilagri v\u00e6ttu.\" tabindex=\"0\">D\u00fdrkuninni<\/span> stj\u00f3rnu\u00f0u vestumeyjarnar, helga\u00f0 prestaflokk kvenna af \u00e6\u00f0stu tr\u00faarlegri st\u00f6\u00f0u. Saga \u00feeirra n\u00e6r aftur til upphafs \u00edtalskrar tr\u00faar og endar ekki fyrr en me\u00f0 formlegri afn\u00e1mi d\u00fdrkunarins \u00e1ri\u00f0 391 undir \u00dee\u00f3d\u00f3s\u00edusi.<\/p>\t\t\t\t\t\t\t\t<\/div>\n\t\t\t\t<\/div>\n\t\t<div class=\"elementor-element elementor-element-c3542be e-con-full e-flex e-con e-parent\" data-id=\"c3542be\" data-element_type=\"container\" data-e-type=\"container\">\n\t\t\t\t<div class=\"elementor-element elementor-element-9981897 elementor-widget elementor-widget-html\" data-id=\"9981897\" data-element_type=\"widget\" data-e-type=\"widget\" data-widget_type=\"html.default\">\n\t\t\t\t\t<div class=\"iwg-pill-row\"><span class=\"iwg-klasse-badge\" tabindex=\"0\" data-tooltip=\"Gu\u00f0 \/ gy\u00f0ja: Pers\u00f3nuger\u00f0 \u00e6\u00f0sta vald \u00ed go\u00f0aveldi menningar, me\u00f0 sk\u00fdr valdsvi\u00f0 \u2014 n\u00e1tt\u00faru\u00f6fl, \u00f6rl\u00f6g, str\u00ed\u00f0, frj\u00f3semi. D\u00fdrku\u00f0 me\u00f0 tr\u00faars\u00f6fnu\u00f0um, f\u00f3rnum og hofastofnunum.\">Gy\u00f0ja<\/span><a href=\"https:\/\/iwell-guard.com\/is\/rom\/\" class=\"iwg-kultur-badge\" tabindex=\"0\" data-tooltip=\"R\u00f3mversk tr\u00faarbr\u00f6g\u00f0 fr\u00e1 konungd\u00f3mi til s\u00ed\u00f0fornaldar \u2014 samruna me\u00f0 gr\u00edskum og etr\u00faskum l\u00f6gum.\">R\u00f3m<\/a><\/div>\t\t\t\t<\/div>\n\t\t\t\t<\/div>\n\t\t<div class=\"elementor-element elementor-element-3ac9319 e-con-full e-flex e-con e-child\" data-id=\"3ac9319\" data-element_type=\"container\" data-e-type=\"container\">\n\t\t\t\t<div class=\"elementor-element elementor-element-63ca525 elementor-toc--minimized-on-tablet elementor-widget elementor-widget-table-of-contents\" data-id=\"63ca525\" data-element_type=\"widget\" data-e-type=\"widget\" data-settings=\"{&quot;exclude_headings_by_selector&quot;:[],&quot;no_headings_message&quot;:&quot;Engar undirfyrirsagnir fundust \\u00e1 \\u00feessari s\\u00ed\\u00f0u.&quot;,&quot;headings_by_tags&quot;:[&quot;h2&quot;,&quot;h3&quot;],&quot;marker_view&quot;:&quot;bullets&quot;,&quot;icon&quot;:{&quot;value&quot;:&quot;fas fa-circle&quot;,&quot;library&quot;:&quot;fa-solid&quot;,&quot;rendered_tag&quot;:&quot;&lt;svg class=\\&quot;e-font-icon-svg e-fas-circle\\&quot; viewBox=\\&quot;0 0 512 512\\&quot; xmlns=\\&quot;http:\\\/\\\/www.w3.org\\\/2000\\\/svg\\&quot;&gt;&lt;path d=\\&quot;M256 8C119 8 8 119 8 256s111 248 248 248 248-111 248-248S393 8 256 8z\\&quot;&gt;&lt;\\\/path&gt;&lt;\\\/svg&gt;&quot;},&quot;minimize_box&quot;:&quot;yes&quot;,&quot;minimized_on&quot;:&quot;tablet&quot;,&quot;hierarchical_view&quot;:&quot;yes&quot;,&quot;min_height&quot;:{&quot;unit&quot;:&quot;px&quot;,&quot;size&quot;:&quot;&quot;,&quot;sizes&quot;:[]},&quot;min_height_tablet&quot;:{&quot;unit&quot;:&quot;px&quot;,&quot;size&quot;:&quot;&quot;,&quot;sizes&quot;:[]},&quot;min_height_mobile&quot;:{&quot;unit&quot;:&quot;px&quot;,&quot;size&quot;:&quot;&quot;,&quot;sizes&quot;:[]}}\" data-widget_type=\"table-of-contents.default\">\n\t\t\t\t\t\t\t\t\t<div class=\"elementor-toc__header\">\n\t\t\t\t\t\t<h2 class=\"elementor-toc__header-title\">\n\t\t\t\tEfnisyfirlit\t\t\t<\/h2>\n\t\t\t\t\t\t\t\t\t\t<div class=\"elementor-toc__toggle-button elementor-toc__toggle-button--expand\" role=\"button\" tabindex=\"0\" aria-controls=\"elementor-toc__63ca525\" aria-expanded=\"true\" aria-label=\"Open table of contents\"><svg aria-hidden=\"true\" class=\"e-font-icon-svg e-fas-chevron-down\" viewBox=\"0 0 448 512\" xmlns=\"http:\/\/www.w3.org\/2000\/svg\"><path d=\"M207.029 381.476L12.686 187.132c-9.373-9.373-9.373-24.569 0-33.941l22.667-22.667c9.357-9.357 24.522-9.375 33.901-.04L224 284.505l154.745-154.021c9.379-9.335 24.544-9.317 33.901.04l22.667 22.667c9.373 9.373 9.373 24.569 0 33.941L240.971 381.476c-9.373 9.372-24.569 9.372-33.942 0z\"><\/path><\/svg><\/div>\n\t\t\t\t<div class=\"elementor-toc__toggle-button elementor-toc__toggle-button--collapse\" role=\"button\" tabindex=\"0\" aria-controls=\"elementor-toc__63ca525\" aria-expanded=\"true\" aria-label=\"Close table of contents\"><svg aria-hidden=\"true\" class=\"e-font-icon-svg e-fas-chevron-up\" viewBox=\"0 0 448 512\" xmlns=\"http:\/\/www.w3.org\/2000\/svg\"><path d=\"M240.971 130.524l194.343 194.343c9.373 9.373 9.373 24.569 0 33.941l-22.667 22.667c-9.357 9.357-24.522 9.375-33.901.04L224 227.495 69.255 381.516c-9.379 9.335-24.544 9.317-33.901-.04l-22.667-22.667c-9.373-9.373-9.373-24.569 0-33.941L207.03 130.525c9.372-9.373 24.568-9.373 33.941-.001z\"><\/path><\/svg><\/div>\n\t\t\t\t\t<\/div>\n\t\t\t\t<div id=\"elementor-toc__63ca525\" class=\"elementor-toc__body\">\n\t\t\t<div class=\"elementor-toc__spinner-container\">\n\t\t\t\t<svg class=\"elementor-toc__spinner eicon-animation-spin e-font-icon-svg e-eicon-loading\" aria-hidden=\"true\" viewBox=\"0 0 1000 1000\" xmlns=\"http:\/\/www.w3.org\/2000\/svg\"><path d=\"M500 975V858C696 858 858 696 858 500S696 142 500 142 142 304 142 500H25C25 237 238 25 500 25S975 237 975 500 763 975 500 975Z\"><\/path><\/svg>\t\t\t<\/div>\n\t\t<\/div>\n\t\t\t\t\t\t<\/div>\n\t\t\t\t<\/div>\n\t\t\t\t\t<\/div>\n\t\t\t\t<\/div>\n\t\t<div class=\"elementor-element elementor-element-b2cea55 e-con-full e-flex e-con e-child\" data-id=\"b2cea55\" data-element_type=\"container\" data-e-type=\"container\">\n\t\t\t\t<div class=\"elementor-element elementor-element-227b75e iwg-hero-image elementor-widget elementor-widget-image\" data-id=\"227b75e\" data-element_type=\"widget\" data-e-type=\"widget\" data-widget_type=\"image.default\">\n\t\t\t\t\t\t\t\t\t\t\t\t\t\t\t<img fetchpriority=\"high\" decoding=\"async\" width=\"683\" height=\"1024\" src=\"https:\/\/iwell-guard.com\/wp-content\/uploads\/2026\/05\/goetter_rom_vesta-683x1024.webp\" class=\"attachment-large size-large wp-image-170695\" alt=\"Vesta - Gu\u00f0ir \u00far r\u00f3mverskri hef\u00f0, s\u00f6guleg-myndskreytt\" srcset=\"https:\/\/iwell-guard.com\/wp-content\/uploads\/2026\/05\/goetter_rom_vesta-683x1024.webp 683w, https:\/\/iwell-guard.com\/wp-content\/uploads\/2026\/05\/goetter_rom_vesta-200x300.webp 200w, https:\/\/iwell-guard.com\/wp-content\/uploads\/2026\/05\/goetter_rom_vesta-768x1152.webp 768w, https:\/\/iwell-guard.com\/wp-content\/uploads\/2026\/05\/goetter_rom_vesta.webp 1024w\" sizes=\"(max-width: 683px) 100vw, 683px\" \/>\t\t\t\t\t\t\t\t\t\t\t\t\t\t\t<\/div>\n\t\t\t\t<\/div>\n\t\t\t\t\t<\/div>\n\t\t\t\t<\/div>\n\t\t<div class=\"elementor-element elementor-element-db85b49 e-con-boxed e-flex e-con e-parent\" data-id=\"db85b49\" data-element_type=\"container\" data-e-type=\"container\">\n\t\t\t\t\t<div class=\"e-con-inner\">\n\t\t<div class=\"elementor-element elementor-element-72e7923 e-con-full e-flex e-con e-child\" data-id=\"72e7923\" data-element_type=\"container\" data-e-type=\"container\">\n\t\t\t\t<div class=\"elementor-element elementor-element-83c732e elementor-widget elementor-widget-heading\" data-id=\"83c732e\" data-element_type=\"widget\" data-e-type=\"widget\" data-widget_type=\"heading.default\">\n\t\t\t\t\t<h2 class=\"elementor-heading-title elementor-size-default\">Go\u00f0s\u00f6gn og uppruni<\/h2>\t\t\t\t<\/div>\n\t\t\t\t<div class=\"elementor-element elementor-element-8370d14 elementor-widget elementor-widget-text-editor\" data-id=\"8370d14\" data-element_type=\"widget\" data-e-type=\"widget\" data-widget_type=\"text-editor.default\">\n\t\t\t\t\t\t\t\t\t<p>Vesta er me\u00f0al elstu \u00fe\u00e1tta \u00edtalskrar tr\u00faar og er tungum\u00e1lalega tengd gr\u00edsku gy\u00f0junni Hest\u00edu. B\u00e6\u00f0i n\u00f6fnin m\u00e1 rekja til ind\u00f3evr\u00f3pskrar r\u00f3tar sem merkir a\u00f0 brenna e\u00f0a gl\u00f3a.<\/p><p>\u00d3l\u00edkt gr\u00edsku Hest\u00edu \u00fer\u00f3a\u00f0i Vesta \u00ed R\u00f3m \u00e1berandi r\u00edkisp\u00f3lit\u00edska v\u00eddd. Numa Pompilius er sag\u00f0ur, samkv\u00e6mt Liv\u00edusi, hafa skipulagt <span class=\"iwg-fachbegriff\" data-tooltip=\"\u00d6ll tr\u00faari\u00f0kun tileinku\u00f0 gu\u00f0i e\u00f0a heilagri v\u00e6ttu.\" tabindex=\"0\">d\u00fdrkun<\/span> Vestu og komi\u00f0 \u00e1 f\u00f3t flokki vestumeyja. Pl\u00fatarkos greinir fr\u00e1 svipu\u00f0u \u00ed \u00e6vis\u00f6gu sinni um Numa og undirstrikar tr\u00faarlegt skipulagsvald hins go\u00f0sagnakennda konungs.<\/p>\n<p><span class=\"iwg-fachbegriff\" data-tooltip=\"Hef\u00f0bundin fr\u00e1s\u00f6gn um gu\u00f0i, uppruna og skipan heimsins.\" tabindex=\"0\">Go\u00f0s\u00f6gnin<\/span> um Vestu sj\u00e1lfa er f\u00e1t\u00e6k af fr\u00e1s\u00f6gnum. H\u00fan kemur f\u00e1tt fram sem virk gy\u00f0ja \u00ed b\u00f3kmenntahef\u00f0inni heldur birtist sem t\u00e1knmynd arineldsins. \u00d3vid\u00edus tileinkar henni \u00edtarlegan kafla \u00ed \u00abFasta\u00bb um Vestalia-h\u00e1t\u00ed\u00f0ina 9. j\u00fan\u00ed og bendir \u00e1 erfi\u00f0leikann vi\u00f0 a\u00f0 \u00edmynda s\u00e9r gy\u00f0juna \u00ed myndr\u00e6nu formi.<\/p><p>H\u00fan hafi \u00abekkert nema hinn lifandi eld\u00bb og s\u00e9 ekki tilbe\u00f0in \u00ed styttum heldur \u00ed loganum sj\u00e1lfum. \u00deessi einbeiting \u00e1 hi\u00f0 hreina frumefni gefur Vestu s\u00e9rst\u00f6\u00f0u \u00ed gu\u00f0fr\u00e6\u00f0i r\u00f3mverskrar tr\u00faar.<\/p>\n<p>N\u00e1in tengsl Vestu vi\u00f0 Penatana, verndargu\u00f0i heimilisins, og vi\u00f0 Pallad\u00edumi\u00f0, <span class=\"iwg-fachbegriff\" data-tooltip=\"Myndr\u00e6n framsetning gu\u00f0s sem er tilbe\u00f0in \u00ed hofi e\u00f0a helgireit.\" tabindex=\"0\">helgimynd<\/span> M\u00ednervu bjarga\u00f0a fr\u00e1 Tr\u00f3ju, ger\u00f0u hana a\u00f0 vi\u00f0mi\u00f0unarpunkti r\u00f3mverska r\u00edkisgo\u00f0sagnarins.<\/p><p>Virgill l\u00e6tur Eneas \u00ed \u00abEneasarkvi\u00f0u\u00bb fl\u00fdja Tr\u00f3ju me\u00f0 Penatana og eld Vestu. \u00deessi samtenging tr\u00f3janskrar uppruna, r\u00edkisarineldsins og verndargu\u00f0anna mynda\u00f0i tr\u00faarlega sj\u00e1lfsskilgreiningu R\u00f3mar \u00e1 t\u00edmum \u00c1g\u00fastusar.<\/p>\n<p>\u00cd \u00edtalskri fyrri s\u00f6gu var umsj\u00f3n heimiliseldsins meginhlutverk \u00f3giftra d\u00e6tra heimilisins. Vestumeyjarnar eru tr\u00faars\u00f6gulega spegilmynd \u00feessarar i\u00f0kunar, upphafin til r\u00edkisd\u00fdrkunar. Hi\u00f0 forna form \u00edtalska b\u00f3ndab\u00e6jarins, \u00fear sem mi\u00f0l\u00e6gur arinn \u00fej\u00f3na\u00f0i \u00f6llu h\u00fasinu, er var\u00f0veitt byggingarlega \u00ed hringlaga <span class=\"iwg-fachbegriff\" data-tooltip=\"Bygging sem er tileinku\u00f0 tilbei\u00f0slu einnar e\u00f0a fleiri gu\u00f0a.\" tabindex=\"0\">hofi<\/span> Vestu.<\/p>\t\t\t\t\t\t\t\t<\/div>\n\t\t\t\t<\/div>\n\t\t<div class=\"elementor-element elementor-element-17c3c2b e-con-full e-flex e-con e-child\" data-id=\"17c3c2b\" data-element_type=\"container\" data-e-type=\"container\">\n\t\t\t\t<div class=\"elementor-element elementor-element-71f5ee9 elementor-widget elementor-widget-heading\" data-id=\"71f5ee9\" data-element_type=\"widget\" data-e-type=\"widget\" data-widget_type=\"heading.default\">\n\t\t\t\t\t<h2 class=\"elementor-heading-title elementor-size-default\">T\u00e1kn og einkenni<\/h2>\t\t\t\t<\/div>\n\t\t\t\t<div class=\"elementor-element elementor-element-5337f4e elementor-widget elementor-widget-text-editor\" data-id=\"5337f4e\" data-element_type=\"widget\" data-e-type=\"widget\" data-widget_type=\"text-editor.default\">\n\t\t\t\t\t\t\t\t\t<p>Mikilv\u00e6gasta <span class=\"iwg-fachbegriff\" data-tooltip=\"T\u00e1kn sem stendur fyrir hugmynd e\u00f0a merkingu.\" tabindex=\"0\">t\u00e1kn<\/span> Vestu er loginn. Eil\u00edfi eldurinn \u00ed <span class=\"iwg-fachbegriff\" data-tooltip=\"Bygging sem er tileinku\u00f0 tilbei\u00f0slu einnar e\u00f0a fleiri gu\u00f0a.\" tabindex=\"0\">hofi<\/span> hennar var ekki \u00e1litinn mynd heldur raunveruleg n\u00e1vist gy\u00f0junnar. Hann var n\u00e6r\u00f0ur me\u00f0 vi\u00f0i \u00far heilagri <span class=\"iwg-fachbegriff\" data-tooltip=\"Heilagur trj\u00e1lundur sem \u00fej\u00f3na\u00f0i sem helgista\u00f0ur.\" tabindex=\"0\">lundi<\/span> \u00e1 Vel\u00eduh\u00e6\u00f0 og m\u00e1ttu undir engum kringumst\u00e6\u00f0um sl\u00f6kkva.<\/p><p>Sl\u00f6kkna\u00f0i hann \u00fer\u00e1tt fyrir \u00fea\u00f0, sem Cicero og Liv\u00edus l\u00fdsa sem h\u00e6ttulegu fyrirbo\u00f0i, \u00feurfti a\u00f0 tendra hann a\u00f0 n\u00fdju me\u00f0 \u00fev\u00ed a\u00f0 n\u00faa saman tveimur trj\u00e1prikum e\u00f0a me\u00f0 s\u00f3larlj\u00f3si og brennigleri, aldrei \u00far veraldlegri uppsprettu. \u00deessi hreinleikaregla s\u00fdnir gu\u00f0fr\u00e6\u00f0ilega samkv\u00e6mni d\u00fdrkunarins.<\/p>\n<p>Auk \u00feess l\u00e9k vatni\u00f0 mikilv\u00e6gt hlutverk. Vestumeyjarnar s\u00f3ttu daglega vatn \u00far lind Eger\u00edu e\u00f0a \u00far Camena-brunninum og m\u00e1ttu ekki setja \u00fea\u00f0 ni\u00f0ur \u00e1 j\u00f6r\u00f0ina.<\/p><p>\u00deetta vatn var nota\u00f0 til helgunar\u00fevottar hofsins. Samsetning elds og vatns, b\u00e1\u00f0um \u00ed hreinu formi, ger\u00f0i Vestu a\u00f0 gy\u00f0ju grunnforsendna mannl\u00edfs.<\/p>\n<p>Heilagi <span class=\"iwg-fachbegriff\" data-tooltip=\"Heilagur trj\u00e1lundur sem \u00fej\u00f3na\u00f0i sem helgista\u00f0ur.\" tabindex=\"0\">lundur<\/span> Vestu vi\u00f0 Lavinium var uppspretta mola salsa, helga\u00f0s saltmj\u00f6ls sem vestumeyjarnar framleiddu \u00far spelti og salti.<\/p><p>Mola salsa var str\u00e1\u00f0 \u00e1 d\u00fdr og <span class=\"iwg-fachbegriff\" data-tooltip=\"Upph\u00e6kka\u00f0ur sta\u00f0ur e\u00f0a bor\u00f0 fyrir f\u00f3rnir og tr\u00faarathafnir.\" tabindex=\"0\">altari<\/span> vi\u00f0 opinberar f\u00f3rnir og gefur or\u00f0inu \u00abimmolare\u00bb, \u00fe.e. \u00aba\u00f0 f\u00f3rna\u00bb, nafn sitt. \u00deannig var n\u00e6rri hver opinber <span class=\"iwg-fachbegriff\" data-tooltip=\"Gj\u00f6f til gu\u00f0s til a\u00f0 tj\u00e1 \u00feakkl\u00e6ti, b\u00e6n e\u00f0a tilbei\u00f0slu.\" tabindex=\"0\">f\u00f3rn<\/span> jafnframt helgu\u00f0 af vest\u00f6lskri afur\u00f0.<\/p>\n<p>\u00cd myndlist birtist Vesta sjaldan \u00ed pers\u00f3nuger\u00f0ri mynd, oftast sem hulin matr\u00f3na me\u00f0 sk\u00e1l og blys. Algengara er a\u00f0 t\u00e1kn hennar, loginn \u00e1 <span class=\"iwg-fachbegriff\" data-tooltip=\"Upph\u00e6kka\u00f0ur sta\u00f0ur e\u00f0a bor\u00f0 fyrir f\u00f3rnir og tr\u00faarathafnir.\" tabindex=\"0\">altari<\/span>, s\u00e9 \u00ed mi\u00f0ju l\u00e1gmynda, mynta og veggm\u00e1lverka.<\/p><p>\u00c1 m\u00f6rgum myntum fr\u00e1 keisarat\u00edmanum er Vesta s\u00fdnd \u00ed h\u00e1s\u00e6ti me\u00f0 patera og veldissprota, oft me\u00f0 \u00e1letruninni Vesta Mater e\u00f0a Vesta Sancta. \u00deessi t\u00e1knfr\u00e6\u00f0ilega h\u00f3fsemi undirstrikar hinn abstrakta e\u00f0li tilbei\u00f0slu hennar.<\/p>\t\t\t\t\t\t\t\t<\/div>\n\t\t\t\t<\/div>\n\t\t<div class=\"elementor-element elementor-element-35ac3ab e-con-full e-flex e-con e-child\" data-id=\"35ac3ab\" data-element_type=\"container\" data-e-type=\"container\">\n\t\t\t\t<div class=\"elementor-element elementor-element-0f58371 elementor-widget elementor-widget-heading\" data-id=\"0f58371\" data-element_type=\"widget\" data-e-type=\"widget\" data-widget_type=\"heading.default\">\n\t\t\t\t\t<h2 class=\"elementor-heading-title elementor-size-default\">D\u00fdrkun og tilbei\u00f0sla<\/h2>\t\t\t\t<\/div>\n\t\t\t\t<div class=\"elementor-element elementor-element-5b9f4f6 elementor-widget elementor-widget-text-editor\" data-id=\"5b9f4f6\" data-element_type=\"widget\" data-e-type=\"widget\" data-widget_type=\"text-editor.default\">\n\t\t\t\t\t\t\t\t\t<p>Vesta-<span class=\"iwg-fachbegriff\" data-tooltip=\"Sta\u00f0ur sem er helga\u00f0ur tilbei\u00f0slu \u00e1 gu\u00f0i.\" tabindex=\"0\">helgid\u00f3murinn<\/span> \u00e1 Forum Romanum, Aedes Vestae, var kringl\u00f3tt bygging n\u00e1l\u00e6gt Regia, hinu forna emb\u00e6ttisb\u00fasta\u00f0i Pontifex Maximus. Vi\u00f0 hli\u00f0ina st\u00f3\u00f0 Atrium Vestae, \u00edb\u00fa\u00f0arh\u00fas hinna sex vestumeyja.<\/p><p>Kringl\u00f3tt form hofsins t\u00f3k a\u00f0 \u00f6llum l\u00edkindum mi\u00f0 af fornri h\u00fasager\u00f0 Lat\u00edumb\u00faa og t\u00e1kna\u00f0i \u00feannig hi\u00f0 aldna \u00edtalska heimili, \u00fear sem arineldur brann \u00ed mi\u00f0ju. Fornleifaranns\u00f3knir hafa greint m\u00f6rg byggingarskei\u00f0, fr\u00e1 upprunalegri timburbyggingu til hins marmaralag\u00f0a n\u00fdbyggingar Iuliu Domnu \u00e1 3. \u00f6ld e.Kr.<\/p>\n<p>Vestumeyjarnar voru valdar \u00e1 aldrinum sex til t\u00edu \u00e1ra \u00far h\u00f3pi r\u00f3mverskra fj\u00f6lskyldna og <span class=\"iwg-fachbegriff\" data-tooltip=\"V\u00edgt me\u00f0 tr\u00faarlegri ath\u00f6fn og \u00feannig teki\u00f0 \u00far hinu hversdagslega.\" tabindex=\"0\">v\u00edg\u00f0ar<\/span> af Pontifex Maximus. \u00dej\u00f3nustut\u00edmi \u00feeirra var \u00ferj\u00e1t\u00edu \u00e1r. \u00de\u00e6r lutu ekki f\u00f6\u00f0urvaldi (patria potestas) f\u00f6\u00f0ur s\u00edns, m\u00e1ttu gera erf\u00f0askr\u00e1r og sitja \u00e1 s\u00e9rst\u00f6kum st\u00f6\u00f0um \u00ed leikh\u00fasinu.<\/p><p>\u00deessi lagalega s\u00e9rsta\u00f0a var einst\u00f6k \u00ed r\u00f3mversku samf\u00e9lagi. \u00c1 m\u00f3ti kom a\u00f0 sk\u00edrl\u00edfi \u00feeirra var fri\u00f0helgt. Brot voru straffu\u00f0 me\u00f0 lifandi greftrun n\u00e1l\u00e6gt Porta Collina. Sl\u00edk tilvik eru margsta\u00f0fest \u00ed heimildum, me\u00f0al annars Cornelia \u00e1 t\u00edmum Domitianusar og Postumia \u00e1 t\u00edmum l\u00fd\u00f0veldisins.<\/p>\n<p>A\u00f0alh\u00e1t\u00ed\u00f0in var Vestalia, haldin fr\u00e1 7. til 15. j\u00fan\u00ed. \u00c1 \u00feessu t\u00edmabili var <span class=\"iwg-fachbegriff\" data-tooltip=\"Bygging sem \u00fej\u00f3nar tilbei\u00f0slu \u00e1 einum e\u00f0a fleiri gu\u00f0um.\" tabindex=\"0\">hofi\u00f0<\/span> undantekningarlaust opna\u00f0 fyrir r\u00f3mverskar h\u00fasm\u00e6\u00f0ur, sem f\u00e6r\u00f0u <span class=\"iwg-fachbegriff\" data-tooltip=\"Gj\u00f6f til gu\u00f0s til a\u00f0 tj\u00e1 \u00feakkl\u00e6ti, b\u00e6n e\u00f0a tilbei\u00f0slu.\" tabindex=\"0\">f\u00f3rnir<\/span> berf\u00e6ttar. \u00c1 lokadeginum var <span class=\"iwg-fachbegriff\" data-tooltip=\"Bygging sem \u00fej\u00f3nar tilbei\u00f0slu \u00e1 einum e\u00f0a fleiri gu\u00f0um.\" tabindex=\"0\">hofi\u00f0<\/span> <span class=\"iwg-fachbegriff\" data-tooltip=\"Tilheyrandi f\u00f6stu tr\u00faarlegu athafnamynstri.\" tabindex=\"0\">helgisi\u00f0alega<\/span> hreinsa\u00f0 og s\u00f3pu\u00f0um leifum var fleytt til T\u00edberflj\u00f3ts.<\/p><p>Dagurinn 15. j\u00fan\u00ed var \u00ed kj\u00f6lfari\u00f0 talinn veraldlegur og m\u00e1tti nota til vi\u00f0skipta. Einnig 9. j\u00fan\u00ed var s\u00e9rstaklega merktur, \u00fear sem asnar voru kr\u00fdndir brau\u00f0i til minningar um asna sem sag\u00f0ur er hafa bjarga\u00f0 Vestu fr\u00e1 \u00e1r\u00e1s Priapusar.<\/p>\n<p>Me\u00f0 tr\u00faarlegum umb\u00f3tum \u00c1g\u00fastusar var Vestu-<span class=\"iwg-fachbegriff\" data-tooltip=\"Heild tr\u00faarlegra tilbei\u00f0sluathafna fyrir gu\u00f0 e\u00f0a helga veru.\" tabindex=\"0\">helgisi\u00f0ad\u00fdrkunin<\/span> tengd n\u00e1i\u00f0 keisaraveldinu. \u00c1g\u00fastus t\u00f3k vi\u00f0 emb\u00e6tti Pontifex Maximus og l\u00e9t reisa n\u00fdjan Vestu-<span class=\"iwg-fachbegriff\" data-tooltip=\"Sta\u00f0ur sem er helga\u00f0ur tilbei\u00f0slu \u00e1 gu\u00f0i.\" tabindex=\"0\">helgid\u00f3m<\/span> \u00e1 heimili s\u00ednu \u00e1 Palat\u00ednh\u00e6\u00f0, \u00feannig a\u00f0 r\u00edki, prestaemb\u00e6tti og keisaraveldi voru t\u00e1knr\u00e6nt samofin.<\/p><p>N\u00e6rvera Vestu \u00ed h\u00f6llinni undirstrika\u00f0i a\u00f0 keisarinn (princeps) \u00e1byrg\u00f0ist pers\u00f3nulega hinn eil\u00edfa eld r\u00edkisins. Undir Severusarveldinu var <span class=\"iwg-fachbegriff\" data-tooltip=\"Heild tr\u00faarlegra tilbei\u00f0sluathafna fyrir gu\u00f0 e\u00f0a helga veru.\" tabindex=\"0\">d\u00fdrkunin<\/span> aftur upphafin af Iuliu Domnu.<\/p>\n<p><span class=\"iwg-fachbegriff\" data-tooltip=\"Heild tr\u00faarlegra tilbei\u00f0sluathafna fyrir gu\u00f0 e\u00f0a helga veru.\" tabindex=\"0\">D\u00fdrkunin<\/span> var formlega l\u00f6g\u00f0 ni\u00f0ur \u00e1ri\u00f0 391 e.Kr. undir stj\u00f3rn keisara Theodosiusar. Hinn eil\u00edfi eldur var sl\u00f6kktur, Atrium Vestae var loka\u00f0 og s\u00ed\u00f0ustu vestumeyjarnar misstu r\u00e9ttindi s\u00edn. Symeon Stylites og a\u00f0rir kristnir meinl\u00e6tamenn voru \u00e1 <span class=\"iwg-fachbegriff\" data-tooltip=\"T\u00edmabil \u00e1 milli fornaldar og mi\u00f0alda, u.\u00fe.b. 3. til 7. \u00f6ld.\" tabindex=\"0\">s\u00ed\u00f0forn\u00f6ld<\/span> \u00e1 k\u00f6flum lesnir sem andlegt endurhlj\u00f3m af hugsj\u00f3num vestumeyjanna, sem undirstrikar hina langvarandi \u00fatbrei\u00f0slu stofnunarinnar.<\/p>\t\t\t\t\t\t\t\t<\/div>\n\t\t\t\t<\/div>\n\t\t<div class=\"elementor-element elementor-element-7a4855b e-con-full e-flex e-con e-child\" data-id=\"7a4855b\" data-element_type=\"container\" data-e-type=\"container\">\n\t\t\t\t<div class=\"elementor-element elementor-element-3a56f95 elementor-widget elementor-widget-heading\" data-id=\"3a56f95\" data-element_type=\"widget\" data-e-type=\"widget\" data-widget_type=\"heading.default\">\n\t\t\t\t\t<h2 class=\"elementor-heading-title elementor-size-default\">Mikilv\u00e6gar go\u00f0sagnir<\/h2>\t\t\t\t<\/div>\n\t\t\t\t<div class=\"elementor-element elementor-element-82e7b4b elementor-widget elementor-widget-text-editor\" data-id=\"82e7b4b\" data-element_type=\"widget\" data-e-type=\"widget\" data-widget_type=\"text-editor.default\">\n\t\t\t\t\t\t\t\t\t<p>Sagan af Rheu Silviu og tv\u00edburunum R\u00f3m\u00falus og Remus er mikilv\u00e6gasta go\u00f0sagnalega tengingin milli Vestu og R\u00f3mar. Samkv\u00e6mt Liv\u00edusi var Rhea Silvia, m\u00f3\u00f0ir tv\u00edburanna, vestum\u00e6r \u00ed Alba Longa. \u00d3l\u00e9tt af str\u00ed\u00f0sgu\u00f0inum Mars f\u00e6ddi h\u00fan stofnendur R\u00f3mar og var d\u00e6md til dau\u00f0a samkv\u00e6mt h\u00f6r\u00f0um l\u00f6gum vestumeyjanna.<\/p><p>Sagan tengir strangasta aga vestumeyjanna vi\u00f0 f\u00e6\u00f0ingu R\u00f3mar og gerir gy\u00f0juna \u00feannig a\u00f0 \u00fe\u00f6glum fylgdarmanni borgarstofnunarins. \u00cd yfirf\u00e6r\u00f0ri merkingu hefur s\u00ed\u00f0an veri\u00f0 tali\u00f0 a\u00f0 sj\u00e1lf saga R\u00f3mar spretti \u00far v\u00edg\u00f0um, s\u00ed\u00f0ar saurgu\u00f0um, hreinleika.<\/p>\n<p>\u00d6nnur saga fjallar um vestumeyna Tucciu, sem l\u00e1 undir grun um sk\u00edrl\u00edfisbrot. Til a\u00f0 sanna sakleysi sitt s\u00f3tti h\u00fan vatn \u00far T\u00edberflj\u00f3ti me\u00f0 sigti og bar \u00fea\u00f0 \u00e1n \u00feess a\u00f0 tapa einum dropa til <span class=\"iwg-fachbegriff\" data-tooltip=\"Bygging sem \u00fej\u00f3nar tilbei\u00f0slu \u00e1 einum e\u00f0a fleiri gu\u00f0um.\" tabindex=\"0\">hofsins<\/span>. Plinius eldri og \u00c1g\u00fast\u00ednus greina fr\u00e1 \u00feessari kraftaverkas\u00f6gu, sem \u00e1 mi\u00f0\u00f6ldum var\u00f0 a\u00f0 alleg\u00f3r\u00edu fyrir sk\u00edrl\u00edfan st\u00f6\u00f0ugleika.<\/p><p>\u00cd m\u00e1lverki Andrea Mantegna \u201eSigur dygg\u00f0anna\u201c og \u00ed verki Vermeers \u201eAlleg\u00f3r\u00eda m\u00e1laralistarinnar\u201c m\u00e1 finna v\u00edsanir \u00ed \u00feessa s\u00f6gu.<\/p>\n<p>\u00deri\u00f0ja sagan l\u00fdsir bj\u00f6rgun Pallad\u00edunnar og hins helga elds af hendi L. Caeciliusar Metellusar \u00e1ri\u00f0 241 f.Kr. \u00deegar Vestu-<span class=\"iwg-fachbegriff\" data-tooltip=\"Bygging sem \u00fej\u00f3nar tilbei\u00f0slu \u00e1 einum e\u00f0a fleiri gu\u00f0um.\" tabindex=\"0\">hofi\u00f0<\/span> brann, ruddist Metellus inn \u00ed <span class=\"iwg-fachbegriff\" data-tooltip=\"Sta\u00f0ur sem er helga\u00f0ur tilbei\u00f0slu \u00e1 gu\u00f0i.\" tabindex=\"0\">helgid\u00f3minn<\/span> og bjarga\u00f0i hinum helgu p\u00f6ntum.<\/p><p>Hann missti sj\u00f3n s\u00edna vi\u00f0 \u00fea\u00f0 og var s\u00ed\u00f0an talinn hetja r\u00edkisd\u00fdrkunarins. \u00d6ldungar\u00e1\u00f0i\u00f0 veitti honum s\u00e9rstakan r\u00e9tt til a\u00f0 aka vagni til samkoma. Sagan vitnar um hversu mj\u00f6g tilvist r\u00edkisins hv\u00edldi \u00e1 \u00f6ryggi Vestu-helgid\u00f3msins.<\/p>\n<p>Fj\u00f3r\u00f0a sagan fjallar um vestumeyna Aemiliu, sem gat b\u00e6tt fyrir skuld s\u00edna vegna slokkna\u00f0s elds me\u00f0 kraftaverki. H\u00fan kasta\u00f0i bl\u00e6ju sinni yfir slokkna\u00f0an <span class=\"iwg-fachbegriff\" data-tooltip=\"Upph\u00e6kka\u00f0ur sta\u00f0ur e\u00f0a bor\u00f0 fyrir f\u00f3rnir og tr\u00faarlegar athafnir.\" tabindex=\"0\">altari\u00f0<\/span>, en vi\u00f0 \u00fea\u00f0 blossa\u00f0i loginn upp af sj\u00e1lfu s\u00e9r. D\u00edon\u00fds\u00edos fr\u00e1 Halikarnassos greinir fr\u00e1 \u00feessari s\u00f6gu, sem s\u00fdnir hi\u00f0 mikla tr\u00fana\u00f0artraust \u00e1 gu\u00f0lega \u00edhlutun \u00ed \u00fe\u00e1gu hreinna prestynja.<\/p>\t\t\t\t\t\t\t\t<\/div>\n\t\t\t\t<\/div>\n\t\t<div class=\"elementor-element elementor-element-25f756b e-con-full e-flex e-con e-child\" data-id=\"25f756b\" data-element_type=\"container\" data-e-type=\"container\">\n\t\t\t\t<div class=\"elementor-element elementor-element-cc7d506 elementor-widget elementor-widget-heading\" data-id=\"cc7d506\" data-element_type=\"widget\" data-e-type=\"widget\" data-widget_type=\"heading.default\">\n\t\t\t\t\t<h2 class=\"elementor-heading-title elementor-size-default\">Tengsl innan go\u00f0aheimsins<\/h2>\t\t\t\t<\/div>\n\t\t\t\t<div class=\"elementor-element elementor-element-1565b58 elementor-widget elementor-widget-text-editor\" data-id=\"1565b58\" data-element_type=\"widget\" data-e-type=\"widget\" data-widget_type=\"text-editor.default\">\n\t\t\t\t\t\t\t\t\t<p>Vesta er n\u00e1i\u00f0 tengd Penates Publici, hinum opinberu verndargu\u00f0um R\u00f3mar. \u00de\u00e6r tv\u00e6r myndar saman innsta hring r\u00edkisgu\u00f0d\u00f3manna.<\/p><p>H\u00fan er einnig sterklega tengd J\u00fap\u00edter, \u00fear sem Vesta-eldurinn var t\u00falka\u00f0ur sem eldur hins h\u00e6sta gu\u00f0s og \u00e6\u00f0sti prestur (Pontifex Maximus) var s\u00f6mulei\u00f0is yfirma\u00f0ur Vesta-d\u00fdrkunarins. \u00deessi sameining emb\u00e6tta ger\u00f0i Vesta a\u00f0 mikilv\u00e6gustu gy\u00f0ju R\u00f3mar \u00ed r\u00edkisgu\u00f0fr\u00e6\u00f0ilegu tilliti.<\/p>\n<p>Me\u00f0 J\u00fan\u00f3 deilir Vesta umhyggjunni fyrir konum, fj\u00f6lskyldu og f\u00e6\u00f0ingu, en me\u00f0 afgerandi \u00f3l\u00edkri \u00e1herslu. \u00dear sem J\u00fan\u00f3 verndar hj\u00f3nabandi\u00f0, t\u00e1knar Vesta hina heil\u00f6gu meyd\u00f3msv\u00edgslu. Me\u00f0 M\u00ednervu tengist h\u00fan \u00ed gegnum Palladium-helgigripinn, sem var\u00f0veittur var \u00ed Vesta-<span class=\"iwg-fachbegriff\" data-tooltip=\"Bygging sem er notu\u00f0 til tilbei\u00f0slu einnar e\u00f0a fleiri gu\u00f0d\u00f3ma.\" tabindex=\"0\">hofinu<\/span>, og einnig \u00ed gegnum hlutverk hennar vi\u00f0 var\u00f0veislu opinberrar \u00feekkingar.<\/p>\n<p>\u00cd hellen\u00edskri <span class=\"iwg-fachbegriff\" data-tooltip=\"Samruni hugmynda e\u00f0a gu\u00f0d\u00f3ma \u00far mismunandi tr\u00faarhef\u00f0um.\" tabindex=\"0\">sambl\u00f6ndun tr\u00faarbrag\u00f0a (synkretisma)<\/span> var Vesta sams\u00f6mu\u00f0 Hest\u00edu, en h\u00e9lt sj\u00e1lfst\u00e6\u00f0i s\u00ednu vegna s\u00edns sterka r\u00edkislega hlutverks.<\/p><p>Tr\u00faarbrag\u00f0asagan hefur oft r\u00e6tt hli\u00f0st\u00e6\u00f0u vi\u00f0 fornaustr\u00e6nar eldgy\u00f0jur \u00e1 bor\u00f0 vi\u00f0 Tabiti \u00ed tr\u00fa Sk\u00fd\u00fea e\u00f0a hina ind\u00f3\u00edr\u00f6nsku Atar, en sl\u00edk tengsl eru ekki sannanleg me\u00f0 beinni \u00e6ttfr\u00e6\u00f0ilegri r\u00f6kf\u00e6rslu. Fr\u00e6\u00f0imenn telja h\u00e9r frekar um a\u00f0 r\u00e6\u00f0a d\u00e6miger\u00f0 (t\u00fdp\u00f3l\u00f3g\u00edsk) tengsl sem byggjast \u00e1 ind\u00f3evr\u00f3pskri tilhneigingu til eldsd\u00fdrkunar.<\/p>\n<p>Vesta og J\u00fap\u00edter Pistor koma fram saman \u00ed h\u00e1t\u00ed\u00f0ardagatalinu vi\u00f0 bakstursf\u00f3rnarath\u00f6fnina, sem trygg\u00f0i hreinleika mj\u00f6lsins fyrir f\u00f3rnarbrau\u00f0i\u00f0. \u00deessi f\u00e1t\u00ed\u00f0a tenging s\u00fdnir a\u00f0 mj\u00f6li\u00f0 var tali\u00f0 heilagt millig\u00f6ngut\u00e6ki milli arins og <span class=\"iwg-fachbegriff\" data-tooltip=\"Upph\u00e6kka\u00f0ur sta\u00f0ur e\u00f0a bor\u00f0 fyrir f\u00f3rnir og tr\u00faarathafnir.\" tabindex=\"0\">altaris<\/span>. Robert Schilling t\u00falka\u00f0i \u00feessa samsetningu \u00ed fr\u00e6\u00f0um s\u00ednum sem vitnisbur\u00f0 um forneskjulegt samhengi elds, mj\u00f6ls og for\u00f0ab\u00faskapar.<\/p>\n<p>F\u00e1t\u00ed\u00f0ur samruni s\u00e9st me\u00f0 hellen\u00edsku Hest\u00edu, en <span class=\"iwg-fachbegriff\" data-tooltip=\"Hef\u00f0bundin fr\u00e1s\u00f6gn um gu\u00f0i, uppruna og skipulag heimsins.\" tabindex=\"0\">go\u00f0s\u00f6gn<\/span> hennar er \u00ed r\u00f3mverskum textum yfirleitt sni\u00f0gengin af varf\u00e6rni, \u00fev\u00ed tilvist stefs um f\u00f6\u00f0ur sem eltir d\u00f3ttur hef\u00f0i stangast \u00e1 vi\u00f0 hina forneskjulegu vir\u00f0ingu r\u00f3mverskrar Vestu. \u00d3v\u00ed\u00f0 leikur s\u00e9r markvisst me\u00f0 \u00feessa togstreitu \u00ed \u00abFasti\u00bb, me\u00f0 \u00fev\u00ed a\u00f0 fella inn gr\u00edskar fr\u00e1sagnir en deyfa \u00fe\u00e6r s\u00edfellt me\u00f0 r\u00f3mverskri \u00e1herslu.<\/p>\t\t\t\t\t\t\t\t<\/div>\n\t\t\t\t<\/div>\n\t\t<div class=\"elementor-element elementor-element-380eea3 e-con-full e-flex e-con e-child\" data-id=\"380eea3\" data-element_type=\"container\" data-e-type=\"container\">\n\t\t\t\t<div class=\"elementor-element elementor-element-4c9c507 elementor-widget elementor-widget-heading\" data-id=\"4c9c507\" data-element_type=\"widget\" data-e-type=\"widget\" data-widget_type=\"heading.default\">\n\t\t\t\t\t<h2 class=\"elementor-heading-title elementor-size-default\">M\u00f3ttaka og \u00e1hrif<\/h2>\t\t\t\t<\/div>\n\t\t\t\t<div class=\"elementor-element elementor-element-99dc7c3 elementor-widget elementor-widget-text-editor\" data-id=\"99dc7c3\" data-element_type=\"widget\" data-e-type=\"widget\" data-widget_type=\"text-editor.default\">\n\t\t\t\t\t\t\t\t\t<p>\u00cd myndlist <span class=\"iwg-fachbegriff\" data-tooltip=\"Umbreytingart\u00edmabil milli fornaldar og mi\u00f0alda, um \u00fea\u00f0 bil 3. til 7. \u00f6ld.\" tabindex=\"0\">s\u00ed\u00f0fornaldar<\/span> og endurreisnart\u00edmans var Vesta \u00e1fram <span class=\"iwg-fachbegriff\" data-tooltip=\"T\u00e1kn sem stendur fyrir hugmynd e\u00f0a merkingu.\" tabindex=\"0\">t\u00e1kn<\/span> um hreinleika og hlj\u00f3\u00f0l\u00e1ta valdatign. Alleg\u00f3r\u00edur um sk\u00edrl\u00edfi, trygg\u00f0 og sta\u00f0festu voru \u00e1 16. og 17. \u00f6ld oft m\u00f3ta\u00f0ar \u00ed d\u00ed\u00f6nsk-vest\u00f6lskum st\u00edl. Myndin af Tucc\u00edu me\u00f0 sigti\u00f0 var\u00f0 vins\u00e6lt <span class=\"iwg-fachbegriff\" data-tooltip=\"Endurteki\u00f0 innihaldsatri\u00f0i \u00ed list e\u00f0a fr\u00e1s\u00f6gn.\" tabindex=\"0\">myndefni<\/span> \u00ed t\u00e1knmyndab\u00f3kum og \u00e1 sigurv\u00f6gnum.<\/p>\n<p>\u00c1 t\u00edmum klassisismans komst mynd vestal\u00ednunnar \u00ed forgrunn. Antonio Canova skapa\u00f0i nokkrar h\u00f6ggmyndir sem s\u00fdna hugsj\u00f3n um hreina, alv\u00f6rugefna prestskonu.<\/p><p>\u00cd verkum Jacques-Louis David og alleg\u00f3r\u00edum fr\u00f6nsku byltingarinnar var vestal\u00ednan ger\u00f0 a\u00f0 verndard\u00eds l\u00fd\u00f0veldislegrar dygg\u00f0ar. Maria Antonia af Habsburg-Lothringen l\u00e9t gera af s\u00e9r mynd \u00e1ri\u00f0 1769 \u00ed vest\u00f6lsku myndm\u00e1li sem s\u00f3tti \u00ed \u00e1g\u00fast\u00ednska dygg\u00f0ar-<span class=\"iwg-fachbegriff\" data-tooltip=\"V\u00edsindaleg fr\u00e6\u00f0i um gu\u00f0 og tr\u00faarbr\u00f6g\u00f0.\" tabindex=\"0\">gu\u00f0fr\u00e6\u00f0i<\/span>.<\/p>\n<p>\u00c1 n\u00fat\u00edmanum var\u00f0 Vesta, \u00ed gegnum or\u00f0i\u00f0 \u00abvestal\u00edna\u00bb, a\u00f0 m\u00e1lsh\u00e6ttum sem t\u00e1kn sk\u00edrl\u00edfrar skyldur\u00e6kni. Stj\u00f6rnufr\u00e6\u00f0in nefndi \u00e1ri\u00f0 1807 fj\u00f3r\u00f0a sm\u00e1stirni\u00f0 sem fannst Vesta, sem t\u00e1knr\u00e6nt framlengdi st\u00f6\u00f0u gy\u00f0junnar sem var\u00f0veitandi og skipulagsstyrkjandi kraft.<\/p><p>Stj\u00f6rnuspeki n\u00fat\u00edmans tekur upp merkingu hins verndandi elds sem <span class=\"iwg-fachbegriff\" data-tooltip=\"T\u00e1kn sem stendur fyrir hugmynd e\u00f0a merkingu.\" tabindex=\"0\">t\u00e1kn<\/span> um markvissa sj\u00e1lfsgj\u00f6f. Geimfari\u00f0 Dawn fr\u00e1 NASA sendi \u00e1ri\u00f0 2011 fyrstu \u00edtarlegu myndirnar af \u00feessu sm\u00e1stirni.<\/p>\n<p>\u00c1 mi\u00f0\u00f6ldum var Vesta \u00e1fram til sta\u00f0ar sem alleg\u00f3r\u00edsk mynd. Dante nefnir hana \u00ed Convivio II sem <span class=\"iwg-fachbegriff\" data-tooltip=\"Sk\u00fdrt myndl\u00edking sem t\u00e1knar \u00f3hlutbundna hugmynd.\" tabindex=\"0\">l\u00edkingarmynd<\/span> samfellu og heimilislegrar trygg\u00f0ar. \u00c1 endurreisnart\u00edmanum kom h\u00fan fram \u00e1 fj\u00f6lm\u00f6rgum br\u00fa\u00f0kaupskistum sem g\u00e6slukona hins heilaga elds, oft samhli\u00f0a D\u00ed\u00f6nu sem alleg\u00f3r\u00edsku pari kvenlegrar dygg\u00f0ar.<\/p><p>\u00c1 barokkt\u00edmanum var Vesta-hofsger\u00f0in notu\u00f0 \u00ed byggingarlist, me\u00f0al annars af Andrea Palladio \u00ed Tempietto-h\u00f6nnun hans og af Donato Bramante \u00ed Tempietto San Pietro in Montorio.<\/p>\n<p>\u00cd n\u00fat\u00edmastj\u00f6rnufr\u00e6\u00f0i er Vesta eitt af fyrstu fj\u00f3rum sm\u00e1stirnunum sem fundust. Heinrich Olbers nefndi sm\u00e1stirni\u00f0, sem fannst \u00e1ri\u00f0 1807, eftir till\u00f6gu Carl Friedrich Gauss.<\/p><p>Geimfar NASA, Dawn, sveima\u00f0i um Vestu \u00e1rin 2011 til 2012 og kortlag\u00f0i g\u00edg\u00f3tt yfirbor\u00f0 hennar. Fj\u00f6ldi v\u00f6rumerkja og fyrirt\u00e6kjaheita, fr\u00e1 \u00edt\u00f6lsku skellin\u00f6\u00f0rumerkinu Vespa til norr\u00e6nna eldsp\u00fdtnaframlei\u00f0enda, dregur nafn sitt af Vesta-hugtakinu.<\/p>\t\t\t\t\t\t\t\t<\/div>\n\t\t\t\t<\/div>\n\t\t<div class=\"elementor-element elementor-element-b508720 e-con-full e-flex e-con e-child\" data-id=\"b508720\" data-element_type=\"container\" data-e-type=\"container\">\n\t\t\t\t<div class=\"elementor-element elementor-element-1fc41cb elementor-widget elementor-widget-heading\" data-id=\"1fc41cb\" data-element_type=\"widget\" data-e-type=\"widget\" data-widget_type=\"heading.default\">\n\t\t\t\t\t<h2 class=\"elementor-heading-title elementor-size-default\">Tr\u00faarfr\u00e6\u00f0ileg sta\u00f0setning<\/h2>\t\t\t\t<\/div>\n\t\t\t\t<div class=\"elementor-element elementor-element-a8f1f09 elementor-widget elementor-widget-text-editor\" data-id=\"a8f1f09\" data-element_type=\"widget\" data-e-type=\"widget\" data-widget_type=\"text-editor.default\">\n\t\t\t\t\t\t\t\t\t<p>Robert Schilling og Kurt Latte setja Vestu \u00ed flokk \u00feeirra gy\u00f0ja Lat\u00edums sem vernda\u00f0 hafa heimili\u00f0 og gegnt hlutverki innan hins opinbera <span class=\"iwg-fachbegriff\" data-tooltip=\"\u00d6ll tr\u00faarleg ath\u00f6fn og d\u00fdrkun sem tilheyrir tiltekinni go\u00f0veru e\u00f0a helgum verum.\" tabindex=\"0\">helgisi\u00f0anna<\/span> \u00ed r\u00f3mverska r\u00edkinu. \u00cd \u00feessu lj\u00f3si er Aedes Vestae helgisi\u00f0abundin \u00fatv\u00edkkun b\u00e6ndaeldst\u00e6\u00f0isins inn \u00ed r\u00edki\u00f0 sj\u00e1lft.<\/p>\n<p>Georges Dum\u00e9zil s\u00e9r \u00ed Vestu \u00edmynd fyrstu af \u00feeim \u00feremur ind\u00f3evr\u00f3psku hlutverkum, hins prestlega og l\u00f6gfr\u00e6\u00f0ilega valds, og ber hana saman \u00e1 d\u00e6miger\u00f0an h\u00e1tt vi\u00f0 hina ved\u00edsku Aramati.<\/p><p>Mary Beard hefur \u00ed \u00e1hrifamiklum ranns\u00f3knum greint samf\u00e9lagsst\u00f6\u00f0u vestumeyjanna og s\u00fdnt a\u00f0 l\u00f6gbundin s\u00e9rsta\u00f0a \u00feeirra var v\u00edsvitandi sm\u00ed\u00f0 sem marka\u00f0i skil \u00e1 milli \u201evenjulegs&#8220; kvenleika og tr\u00faarlegs hlutverks.<\/p>\n<p>John Scheid leggur \u00e1herslu \u00e1 n\u00e1in tengsl Vestu-<span class=\"iwg-fachbegriff\" data-tooltip=\"\u00d6ll tr\u00faarleg ath\u00f6fn og d\u00fdrkun sem tilheyrir tiltekinni go\u00f0veru e\u00f0a helgum verum.\" tabindex=\"0\">helgisi\u00f0anna<\/span> og \u00e6\u00f0staprestsemb\u00e6ttisins, sem ger\u00f0u Vestu-<span class=\"iwg-fachbegriff\" data-tooltip=\"Helgur sta\u00f0ur sem tileinka\u00f0ur er d\u00fdrkun go\u00f0veru.\" tabindex=\"0\">helgista\u00f0inn<\/span> a\u00f0 einum af f\u00e1um st\u00f6\u00f0um \u00fear sem r\u00edki og tr\u00faarbr\u00f6g\u00f0 f\u00e9llu saman \u00ed beinni pers\u00f3nueiningu.<\/p><p>J\u00f6rg R\u00fcpke skilgreinir umb\u00e6tur \u00c1g\u00fastusar sem f\u00e6rslu \u00e1 sj\u00f3narhorni tr\u00faarlegs valds, \u00fev\u00ed keisarah\u00fasi\u00f0 t\u00f3k s\u00e6ti l\u00fd\u00f0veldisins. Robin Lorsch Wildfang endurger\u00f0i vestumeyjarnar \u00ed heild \u00ed ritger\u00f0 fr\u00e1 2006 og f\u00f3r yfir fornleifag\u00f6gnin \u00e1 n\u00fdjan h\u00e1tt.<\/p>\t\t\t\t\t\t\t\t<\/div>\n\t\t\t\t<\/div>\n\t\t<div class=\"elementor-element elementor-element-61270dc e-con-full e-flex e-con e-child\" data-id=\"61270dc\" data-element_type=\"container\" data-e-type=\"container\">\n\t\t\t\t<div class=\"elementor-element elementor-element-1f3fb6d elementor-widget elementor-widget-heading\" data-id=\"1f3fb6d\" data-element_type=\"widget\" data-e-type=\"widget\" data-widget_type=\"heading.default\">\n\t\t\t\t\t<h2 class=\"elementor-heading-title elementor-size-default\">Atrium Vestae og helgista\u00f0urinn<\/h2>\t\t\t\t<\/div>\n\t\t\t\t<div class=\"elementor-element elementor-element-63e7a71 elementor-widget elementor-widget-text-editor\" data-id=\"63e7a71\" data-element_type=\"widget\" data-e-type=\"widget\" data-widget_type=\"text-editor.default\">\n\t\t\t\t\t\t\t\t\t<p><span class=\"iwg-fachbegriff\" data-tooltip=\"Bygging sem er tileinku\u00f0 d\u00fdrkun einnar e\u00f0a fleiri go\u00f0vera.\" tabindex=\"0\">Musteri<\/span> Vestu \u00e1 Forum Romanum var kringl\u00f3tt bygging umkringd tuttugu s\u00falum, me\u00f0 keilulaga \u00feaki og opi efst \u00fear sem reykur fr\u00e1 hinum helga eldi gat sloppi\u00f0 \u00fat.<\/p><p>Kringl\u00f3tt formi\u00f0 var einstakt \u00ed r\u00f3mverskri musterisger\u00f0 og var af fornfr\u00e6\u00f0ingum eins og Pl\u00fatarkos og Festusi t\u00falka\u00f0 sem v\u00edsbending um forna hjar\u00f0uppruna gy\u00f0junnar. \u00d3v\u00ed\u00f0 greinir fr\u00e1 \u00fev\u00ed \u00ed \u00abFasta\u00bb VI a\u00f0 upprunalegi <span class=\"iwg-fachbegriff\" data-tooltip=\"Helgur sta\u00f0ur sem tileinka\u00f0ur er d\u00fdrkun go\u00f0veru.\" tabindex=\"0\">helgista\u00f0urinn<\/span> hafi veri\u00f0 einfaldur str\u00e1kofi, reistur af R\u00f3m\u00falusi sj\u00e1lfum \u00e1 borgargrunninum. S\u00ed\u00f0ari \u00fatg\u00e1fa \u00far steini og marmara var\u00f0veitti hi\u00f0 forna grunnform.<\/p>\n<p>A\u00f0liggjandi Atrium Vestae var b\u00fasta\u00f0ur hinna sex vestumeyja. \u00dea\u00f0 var \u00feriggja h\u00e6\u00f0a fl\u00f3kin bygging me\u00f0 innigar\u00f0i, brunni og styttusafni. Fj\u00f6ldi standmynda af yfirkonunum, Virgines Maximae, hefur veri\u00f0 grafinn upp \u00e1 19. \u00f6ld og sta\u00f0festir h\u00e1a samf\u00e9lagsst\u00f6\u00f0u \u00feessa emb\u00e6ttis.<\/p><p>Byggingin var eitt af f\u00e1um kvennasv\u00e6\u00f0um \u00ed opinberri mi\u00f0ju R\u00f3mar og var undir beinni vernd \u00e6\u00f0staprestsins, Pontifex Maximus. \u00cd kj\u00f6llurum \u00feess t\u00f6ldu R\u00f3mverjar til forna a\u00f0 leynst hef\u00f0u heimilisgu\u00f0ir borgarinnar, Penatarnar, og Pallad\u00edumi\u00f0, helg A\u00feenu-mynd sem s\u00f6g\u00f0 var upprunnin fr\u00e1 Tr\u00f3ju.<\/p>\n<p>Innan musterisins brann ignis perpetuus, hinn eil\u00edfi eldur, \u00e1 mi\u00f0l\u00e6gum arni. \u00dea\u00f0 a\u00f0 hann slokkna\u00f0i var tali\u00f0 prodigium, fyrirbo\u00f0i mikillar \u00f3g\u00e6fu, sem a\u00f0eins m\u00e1tti b\u00e6ta me\u00f0 s\u00e1ttarf\u00f3rn og \u00fev\u00ed a\u00f0 tendra eldinn a\u00f0 n\u00fdju me\u00f0 nuddsp\u00fdtum \u00far vi\u00f0i \u00f6rlaga\u00ferungins tr\u00e9s.<\/p><p>Byggingar\u00e1letranir \u00e1 veggjum fl\u00f3knarins, s\u00e9rstaklega <span class=\"iwg-fachbegriff\" data-tooltip=\"Texti sem marka\u00f0ur er e\u00f0a greyptur \u00ed fastan efnivi\u00f0.\" tabindex=\"0\">\u00e1letrunin<\/span> CIL VI 32421 me\u00f0 lista yfir vestumeyjar sem senati\u00f0 hei\u00f0ra\u00f0i, veita n\u00e1kv\u00e6ma inns\u00fdn \u00ed emb\u00e6tti\u00f0.<\/p>\t\t\t\t\t\t\t\t<\/div>\n\t\t\t\t<\/div>\n\t\t<div class=\"elementor-element elementor-element-8a7f535 e-con-full e-flex e-con e-child\" data-id=\"8a7f535\" data-element_type=\"container\" data-e-type=\"container\">\n\t\t\t\t<div class=\"elementor-element elementor-element-b5c5151 elementor-widget elementor-widget-heading\" data-id=\"b5c5151\" data-element_type=\"widget\" data-e-type=\"widget\" data-widget_type=\"heading.default\">\n\t\t\t\t\t<h2 class=\"elementor-heading-title elementor-size-default\">Vestumeyjar, emb\u00e6tti og hegningarr\u00e9tt<\/h2>\t\t\t\t<\/div>\n\t\t\t\t<div class=\"elementor-element elementor-element-22a84d1 elementor-widget elementor-widget-text-editor\" data-id=\"22a84d1\" data-element_type=\"widget\" data-e-type=\"widget\" data-widget_type=\"text-editor.default\">\n\t\t\t\t\t\t\t\t\t<p>Hinar sex vestumeyjar voru valdar \u00e1 aldrinum sex til t\u00edu \u00e1ra \u00far patr\u00eds\u00edskum, s\u00ed\u00f0ar einnig pleisjaneskum fj\u00f6lskyldum. \u00de\u00e6r h\u00e9tu sk\u00edrl\u00edfisheiti \u00ed \u00ferj\u00e1t\u00edu \u00e1r, sem sta\u00f0fest var \u00ed h\u00e1t\u00ed\u00f0legri Captio-<span class=\"iwg-fachbegriff\" data-tooltip=\"H\u00e1t\u00ed\u00f0leg ath\u00f6fn sem fer fram eftir f\u00f6stum reglum.\" tabindex=\"0\">ath\u00f6fn<\/span> framkv\u00e6mdri af \u00e6\u00f0staprestinum Pontifex Maximus.<\/p><p>A\u00f0 t\u00edmabilinu li\u00f0nu g\u00e1tu \u00fe\u00e6r gifst e\u00f0a dvali\u00f0 \u00e1fram \u00ed Atrium Vestae. Vestumeyjarnar naut fri\u00f0helgi fyrir d\u00f3mst\u00f3lum, m\u00e1ttu gera erf\u00f0askr\u00e1r \u00e1 eigin sp\u00fdtur, h\u00f6f\u00f0u forgangsr\u00e9tt \u00e1 g\u00f6tum l\u00edkt og lictorar, og hitti \u00fe\u00e6r af tilviljun sakfelldan mann \u00e1 f\u00f6rnum vegi var honum veitt sakaruppgj\u00f6f.<\/p>\n<p>Brot \u00e1 sk\u00edrl\u00edfisheitinu var tali\u00f0 landr\u00e1\u00f0 gegn r\u00edkinu, \u00fear sem hinn helgi eldur var tengdur hreinleika vestumeyjanna.<\/p><p>Refsingin var lifandi jar\u00f0setning \u00e1 Campus Sceleratus n\u00e1l\u00e6gt Porta Collina, sem Liv\u00edus l\u00fdsir \u00ed nokkrum tilvikum, me\u00f0al annars \u00ed tilviki Minuc\u00edu \u00e1ri\u00f0 337 f.Kr. og Kornel\u00edu \u00ed valdat\u00ed\u00f0 D\u00f3mit\u00edanusar \u00e1ri\u00f0 91 e.Kr.<\/p><p>\u00deessi refsing var ekki framkv\u00e6md af aft\u00f6kumanni, \u00fev\u00ed ekki m\u00e1tti l\u00e1ta bl\u00f3\u00f0 vestumeyjar renna; \u00ed sta\u00f0 \u00feess var hin d\u00e6mda loku\u00f0 \u00ed ne\u00f0anjar\u00f0arh\u00f3lf me\u00f0 brau\u00f0i, vatni og lampa, \u00fear sem h\u00fan d\u00f3 \u00far hungri.<\/p><p>\u00deessa g\u00edfurlegu helgisi\u00f0alegu h\u00f6rku hefur Mary Beard \u00ed ranns\u00f3kn sinni \u00e1 Vestu-tr\u00fanni t\u00falka\u00f0 sem tj\u00e1ning \u00feverst\u00e6\u00f0ukennds tv\u00ede\u00f0lis, \u00fear sem vestumeyjarnar voru b\u00e6\u00f0i elska\u00f0ar af f\u00f3lkinu og lif\u00f0u \u00ed mikilli helgisi\u00f0alegri h\u00e6ttu.<\/p>\n<p>Auk \u00feess a\u00f0 g\u00e6ta eldsins s\u00e1u vestumeyjarnar um a\u00f0 b\u00faa til Mola Salsa, helga\u00f0a bl\u00f6ndu af mj\u00f6li og salti sem str\u00e1\u00f0 var \u00e1 enni f\u00f3rnard\u00fdrsins vi\u00f0 opinberar f\u00f3rnir.<\/p><p>\u00de\u00e6r var\u00f0veittu Penatarnar og Pallad\u00edumi\u00f0, s\u00f6fnu\u00f0u vatni \u00far Eger\u00edu-lindinni \u00ed <span class=\"iwg-fachbegriff\" data-tooltip=\"Helgur sta\u00f0ur sem tileinka\u00f0ur er d\u00fdrkun go\u00f0veru.\" tabindex=\"0\">helgista\u00f0<\/span> Camenae og \u00f6nnu\u00f0ust Fordicidia, gr\u00f3\u00f0rarh\u00e1t\u00ed\u00f0 \u00ed apr\u00edl. \u00deessi fj\u00f6lbreyttu hlutverk tengdu \u00fej\u00f3nustu \u00feeirra vi\u00f0 \u00ferj\u00e1 megin\u00fe\u00e6tti: eld, hreinleika og gr\u00f3\u00f0rarm\u00e1tt.<\/p>\t\t\t\t\t\t\t\t<\/div>\n\t\t\t\t<\/div>\n\t\t<div class=\"elementor-element elementor-element-d843f38 e-con-full e-flex e-con e-child\" data-id=\"d843f38\" data-element_type=\"container\" data-e-type=\"container\">\n\t\t\t\t<div class=\"elementor-element elementor-element-384bba4 elementor-widget elementor-widget-heading\" data-id=\"384bba4\" data-element_type=\"widget\" data-e-type=\"widget\" data-widget_type=\"heading.default\">\n\t\t\t\t\t<h2 class=\"elementor-heading-title elementor-size-default\">Vestalia og h\u00e1t\u00ed\u00f0ardagatal<\/h2>\t\t\t\t<\/div>\n\t\t\t\t<div class=\"elementor-element elementor-element-9012021 elementor-widget elementor-widget-text-editor\" data-id=\"9012021\" data-element_type=\"widget\" data-e-type=\"widget\" data-widget_type=\"text-editor.default\">\n\t\t\t\t\t\t\t\t\t<p>Vestalia-h\u00e1t\u00ed\u00f0in, haldin fr\u00e1 7. til 15. j\u00fan\u00ed, var a\u00f0alh\u00e1t\u00ed\u00f0 gy\u00f0junnar. \u00c1 fyrsta degi opnu\u00f0ust Penus Vestae, venjulega loka\u00f0 innra helgir\u00fam, fyrir matr\u00f3nur R\u00f3mar sem gengu inn berf\u00e6ttar og f\u00e6r\u00f0u brau\u00f0k\u00f6kur a\u00f0 f\u00f3rn.<\/p><p>\u00d3v\u00ed\u00f0 greinir \u00ed \u00abFasten\u00bb VI, 311 og \u00e1fram fr\u00e1 go\u00f0sagnamyndun h\u00e1t\u00ed\u00f0ardaganna me\u00f0 atbur\u00f0ar\u00e1s \u00fear sem Vesta var, S\u00edlenusi a\u00f0 \u00feakka, v\u00f6ru\u00f0 vi\u00f0 \u00e1gengni Pr\u00edapusar.<\/p><p>\u00c1 s\u00ed\u00f0asta degi var Vesta-hofi\u00f0 hreinsa\u00f0 me\u00f0 vi\u00f0h\u00f6fn og uppsafna\u00f0 sorp flutt gegnum Cloaca Maxima \u00fat \u00ed farveg T\u00edberflj\u00f3ts. \u00deessi hreinsunardagur, kalla\u00f0ur Q. St. D. F. (quando stercus delatum fas), var ekki talinn l\u00f6glegur til vi\u00f0skipta fyrr en a\u00f0 s\u00f3pun lokinni.<\/p>\n<p>9. j\u00fan\u00ed var talinn asnadagur, \u00fev\u00ed asninn l\u00e9k hlutverk \u00ed <span class=\"iwg-fachbegriff\" data-tooltip=\"Heildarsafn hef\u00f0bundinna go\u00f0sagna um gu\u00f0i \u00ed tiltekinni menningu.\" tabindex=\"0\">go\u00f0afr\u00e6\u00f0inni<\/span> sem hj\u00e1lpari Vestu. Asnar sem sneru myllusteinum \u00ed bakar\u00edum R\u00f3mar fengu \u00feennan dag brau\u00f0kransa hengda um sig og m\u00e1ttu ekki vinna.<\/p><p>\u00deessi ath\u00f6fn er d\u00e6mi um forna tengingu gy\u00f0ju, heimilishalds og d\u00fdra. H\u00e1t\u00ed\u00f0in var jafnframt verndarh\u00e1t\u00ed\u00f0 Pistores, brau\u00f0bakaranna, en fagf\u00e9lag \u00feeirra \u00ed R\u00f3m h\u00e9lt s\u00ednar eigin kosningar \u00e1 Vestudegi.<\/p>\n<p>\u00cd \u00e1rt\u00ed\u00f0ahringnum kemur Vesta fram \u00ed fj\u00f6lda annarra h\u00e1t\u00ed\u00f0a \u00e1n \u00feess a\u00f0 nafn hennar s\u00e9 beinl\u00ednis skr\u00e1\u00f0 \u00ed h\u00e1t\u00ed\u00f0ardagat\u00f6lum. H\u00fan kemur vi\u00f0 s\u00f6gu \u00ed emb\u00e6ttist\u00f6kuath\u00f6fn n\u00fds Pontifex Maximus, vi\u00f0 endurn\u00fdjun eldsins 1. mars, sem var gamalt r\u00f3mverskt n\u00fd\u00e1rsdag, og \u00ed Vestalia-h\u00e1t\u00ed\u00f0inni.<\/p><p>I\u00f0urnar \u00ed mars (Ides of March) voru taldar dagur \u00fear sem Vesta-eldurinn var endurn\u00fdja\u00f0ur, oft me\u00f0 herna\u00f0arlegri merkingu. \u00deessi sk\u00f6run vi\u00f0 Mars-t\u00edmatali\u00f0 er vitnisbur\u00f0ur um forna tengingu arineldsins og \u00f6rlaga borgarins.<\/p>\t\t\t\t\t\t\t\t<\/div>\n\t\t\t\t<\/div>\n\t\t<div class=\"elementor-element elementor-element-a1b6cbd e-con-full e-flex e-con e-child\" data-id=\"a1b6cbd\" data-element_type=\"container\" data-e-type=\"container\">\n\t\t\t\t<div class=\"elementor-element elementor-element-5ef5247 elementor-widget elementor-widget-heading\" data-id=\"5ef5247\" data-element_type=\"widget\" data-e-type=\"widget\" data-widget_type=\"heading.default\">\n\t\t\t\t\t<h2 class=\"elementor-heading-title elementor-size-default\">T\u00e1kn, ei\u00f0ur og l\u00f6g<\/h2>\t\t\t\t<\/div>\n\t\t\t\t<div class=\"elementor-element elementor-element-99f466d elementor-widget elementor-widget-text-editor\" data-id=\"99f466d\" data-element_type=\"widget\" data-e-type=\"widget\" data-widget_type=\"text-editor.default\">\n\t\t\t\t\t\t\t\t\t<p>\u00cd ei\u00f0am\u00e1lum var Vesta h\u00e6sta vi\u00f0mi\u00f0, s\u00e9rstaklega var\u00f0andi ei\u00f0a um innri trygg\u00f0 r\u00edkisins. Cicero sver \u00ed r\u00e6\u00f0um s\u00ednum \u00edtreka\u00f0 \u00abper Vestam\u00bb, form\u00fala sem talin var bindandi frekar en a\u00f0rar gu\u00f0a\u00e1v\u00f6rpanir.<\/p><p>\u00cd m\u00e1lum vegna landr\u00e1\u00f0a var Vesta-ei\u00f0ur h\u00e6sta ei\u00f0sform, sem vitnar um n\u00e1in tengsl gy\u00f0junnar, r\u00edkisins og laganna. Samningar voru einnig ger\u00f0ir fyrir Vesta-hofinu e\u00f0a me\u00f0 t\u00e1knr\u00e6nni tilv\u00edsun til ignis perpetuus.<\/p>\n<p>Ei\u00f0urinn l\u00e1 einnig a\u00f0 baki \u00e6ttlei\u00f0ingarr\u00e9tti, \u00fear sem Vesta-Penatarnir trygg\u00f0u \u00e6ttfr\u00e6\u00f0ilega vernd fj\u00f6lskyldunnar. Cicero og Plinius nefna a\u00f0 hver n\u00fdgiftur ma\u00f0ur setti litla Vesta-sk\u00e1l \u00ed hj\u00f3nabandsatr\u00edumi\u00f0. \u00deessi hagn\u00fdta tr\u00far\u00e6kni yfirst\u00e9ttanna er sta\u00f0fest \u00e1 fj\u00f6lda \u00e1letra\u00f0ra heimilisaltara me\u00f0 Vesta-\u00e1letrunum, s\u00e9rstaklega \u00ed Pompei og Herk\u00falaneum.<\/p>\t\t\t\t\t\t\t\t<\/div>\n\t\t\t\t<\/div>\n\t\t<div class=\"elementor-element elementor-element-36f8cae e-con-full e-flex e-con e-child\" data-id=\"36f8cae\" data-element_type=\"container\" data-e-type=\"container\">\n\t\t\t\t<div class=\"elementor-element elementor-element-bcc6a03 elementor-widget elementor-widget-heading\" data-id=\"bcc6a03\" data-element_type=\"widget\" data-e-type=\"widget\" data-widget_type=\"heading.default\">\n\t\t\t\t\t<h2 class=\"elementor-heading-title elementor-size-default\">Heimildir og frekari lesning<\/h2>\t\t\t\t<\/div>\n\t\t\t\t<div class=\"elementor-element elementor-element-1e556ca elementor-widget elementor-widget-text-editor\" data-id=\"1e556ca\" data-element_type=\"widget\" data-e-type=\"widget\" data-widget_type=\"text-editor.default\">\n\t\t\t\t\t\t\t\t\t<div data-nosnippet=\"true\"><p><span class=\"iwg-fachbegriff\" data-tooltip=\"T\u00edmabil gr\u00edskrar og r\u00f3mverskrar menningar, um 800 f.Kr. til 600 e.Kr.\" tabindex=\"0\">Forn\u00f6ld<\/span>: Vergill \u00abAeneis\u00bb, \u00d3v\u00ed\u00f0 \u00abFasten\u00bb, Liv\u00edus \u00abAb urbe condita\u00bb, Cicero \u00abDe natura deorum\u00bb og \u00abDe legibus\u00bb, Pl\u00fatarkos \u00abNuma\u00bb, Plinius \u00abNaturalis historia\u00bb, \u00c1g\u00fast\u00ednus \u00abDe civitate Dei\u00bb, D\u00ed\u00f3n\u00fds\u00edos fr\u00e1 Halikarnassos \u00abR\u00f3mverskar fornminjar\u00bb.<\/p>\n<p>Fr\u00e6\u00f0irit: Robert Schilling, \u00abRites, cultes, dieux de Rome\u00bb, Par\u00eds 1979. Kurt Latte, \u00abR\u00f6mische Religionsgeschichte\u00bb, M\u00fcnchen 1960. Georges Dum\u00e9zil, \u00abLa religion romaine archa\u00efque\u00bb, Par\u00eds 1966. Mary Beard, \u00abThe Sexual Status of Vestal Virgins\u00bb, JRS 1980. Robin Lorsch Wildfang, \u00abRome&#8217;s Vestal Virgins\u00bb, London 2006. John Scheid, \u00abAn Introduction to Roman Religion\u00bb, Edinborg 2003. J\u00f6rg R\u00fcpke, \u00abDie Religion der R\u00f6mer\u00bb, M\u00fcnchen 2001.<\/p><\/div>\t\t\t\t\t\t\t\t<\/div>\n\t\t\t\t<\/div>\n\t\t\t\t\t<\/div>\n\t\t\t\t<\/div>\n\t\t\t\t<\/div>\n\t\t","protected":false},"excerpt":{"rendered":"","protected":false},"author":3,"featured_media":3260,"parent":0,"menu_order":0,"comment_status":"closed","ping_status":"closed","template":"elementor_header_footer","meta":{"_yoast_wpseo_focuskw":"Vesta","_yoast_wpseo_title":"Vesta \u2013 R\u00f3mversk gy\u00f0ja arineldsins | iWell Guard","_yoast_wpseo_metadesc":"Vesta er r\u00f3mversk gy\u00f0ja arineldsins, heimilisins og borgarinnar. Vestumeyjarnar, eil\u00edfi eldurinn \u00e1 Forum, Vestalia-h\u00e1t\u00ed\u00f0in. Go\u00f0s\u00f6gn.","_yoast_wpseo_meta-robots-noindex":"","_yoast_wpseo_canonical":"","_angie_page":false,"gefaehrdungsstufe":"","wesen_kultur":"","wesen_klasse":"","footnotes":""},"categories":[],"class_list":["post-169073","page","type-page","status-publish","has-post-thumbnail","hentry"],"yoast_head":"<!-- This site is optimized with the Yoast SEO Premium plugin v27.7 (Yoast SEO v28.3) - https:\/\/yoast.com\/product\/yoast-seo-premium-wordpress\/ -->\n<title>Vesta \u2013 R\u00f3mversk gy\u00f0ja arineldsins | iWell Guard<\/title>\n<meta name=\"description\" content=\"Vesta er r\u00f3mversk gy\u00f0ja arineldsins, heimilisins og borgarinnar. Vestumeyjarnar, eil\u00edfi eldurinn \u00e1 Forum, Vestalia-h\u00e1t\u00ed\u00f0in. Go\u00f0s\u00f6gn.\" \/>\n<meta name=\"robots\" content=\"index, follow, max-snippet:-1, max-image-preview:large, max-video-preview:-1\" \/>\n<link rel=\"canonical\" href=\"https:\/\/iwell-guard.com\/is\/vesta\/\" \/>\n<meta property=\"og:locale\" content=\"is_IS\" \/>\n<meta property=\"og:type\" content=\"article\" \/>\n<meta property=\"og:title\" content=\"Vesta\" \/>\n<meta property=\"og:description\" content=\"Vesta er r\u00f3mversk gy\u00f0ja arineldsins, heimilisins og borgarinnar. Vestumeyjarnar, eil\u00edfi eldurinn \u00e1 Forum, Vestalia-h\u00e1t\u00ed\u00f0in. Go\u00f0s\u00f6gn.\" \/>\n<meta property=\"og:url\" content=\"https:\/\/iwell-guard.com\/is\/vesta\/\" \/>\n<meta property=\"og:site_name\" content=\"iWell Guard\" \/>\n<meta property=\"article:modified_time\" content=\"2026-09-05T14:31:34+00:00\" \/>\n<meta property=\"og:image\" content=\"https:\/\/iwell-guard.com\/wp-content\/uploads\/2026\/05\/goetter_rom_vesta.webp\" \/>\n\t<meta property=\"og:image:width\" content=\"1024\" \/>\n\t<meta property=\"og:image:height\" content=\"1536\" \/>\n\t<meta property=\"og:image:type\" content=\"image\/webp\" \/>\n<meta name=\"twitter:card\" content=\"summary_large_image\" \/>\n<script type=\"application\/ld+json\" class=\"yoast-schema-graph\">{\"@context\":\"https:\\\/\\\/schema.org\",\"@graph\":[{\"@type\":\"WebPage\",\"@id\":\"https:\\\/\\\/iwell-guard.com\\\/is\\\/vesta\\\/\",\"url\":\"https:\\\/\\\/iwell-guard.com\\\/is\\\/vesta\\\/\",\"name\":\"Vesta \u2013 R\u00f3mversk gy\u00f0ja arineldsins | iWell Guard\",\"isPartOf\":{\"@id\":\"https:\\\/\\\/iwell-guard.com\\\/is\\\/#website\"},\"primaryImageOfPage\":{\"@id\":\"https:\\\/\\\/iwell-guard.com\\\/is\\\/vesta\\\/#primaryimage\"},\"image\":{\"@id\":\"https:\\\/\\\/iwell-guard.com\\\/is\\\/vesta\\\/#primaryimage\"},\"thumbnailUrl\":\"https:\\\/\\\/iwell-guard.com\\\/wp-content\\\/uploads\\\/2026\\\/05\\\/goetter_rom_vesta.webp\",\"datePublished\":\"2026-09-05T14:05:20+00:00\",\"dateModified\":\"2026-09-05T14:31:34+00:00\",\"description\":\"Vesta er r\u00f3mversk gy\u00f0ja arineldsins, heimilisins og borgarinnar. Vestumeyjarnar, eil\u00edfi eldurinn \u00e1 Forum, Vestalia-h\u00e1t\u00ed\u00f0in. Go\u00f0s\u00f6gn.\",\"breadcrumb\":{\"@id\":\"https:\\\/\\\/iwell-guard.com\\\/is\\\/vesta\\\/#breadcrumb\"},\"inLanguage\":\"is\",\"potentialAction\":[{\"@type\":\"ReadAction\",\"target\":[\"https:\\\/\\\/iwell-guard.com\\\/is\\\/vesta\\\/\"]}]},{\"@type\":\"ImageObject\",\"inLanguage\":\"is\",\"@id\":\"https:\\\/\\\/iwell-guard.com\\\/is\\\/vesta\\\/#primaryimage\",\"url\":\"https:\\\/\\\/iwell-guard.com\\\/wp-content\\\/uploads\\\/2026\\\/05\\\/goetter_rom_vesta.webp\",\"contentUrl\":\"https:\\\/\\\/iwell-guard.com\\\/wp-content\\\/uploads\\\/2026\\\/05\\\/goetter_rom_vesta.webp\",\"width\":1024,\"height\":1536,\"caption\":\"Gu\u00f0ir \u00far r\u00f3mverskri hef\u00f0.\"},{\"@type\":\"BreadcrumbList\",\"@id\":\"https:\\\/\\\/iwell-guard.com\\\/is\\\/vesta\\\/#breadcrumb\",\"itemListElement\":[{\"@type\":\"ListItem\",\"position\":1,\"name\":\"Start\",\"item\":\"https:\\\/\\\/iwell-guard.com\\\/is\\\/?page_id=168580\"},{\"@type\":\"ListItem\",\"position\":2,\"name\":\"Vesta\"}]},{\"@type\":\"WebSite\",\"@id\":\"https:\\\/\\\/iwell-guard.com\\\/is\\\/#website\",\"url\":\"https:\\\/\\\/iwell-guard.com\\\/is\\\/\",\"name\":\"iWell Guard\",\"description\":\"Schutz vor dunklen Einfl\u00fcssen\",\"publisher\":{\"@id\":\"https:\\\/\\\/iwell-guard.com\\\/is\\\/#organization\"},\"potentialAction\":[{\"@type\":\"SearchAction\",\"target\":{\"@type\":\"EntryPoint\",\"urlTemplate\":\"https:\\\/\\\/iwell-guard.com\\\/is\\\/?s={search_term_string}\"},\"query-input\":{\"@type\":\"PropertyValueSpecification\",\"valueRequired\":true,\"valueName\":\"search_term_string\"}}],\"inLanguage\":\"is\"},{\"@type\":\"Organization\",\"@id\":\"https:\\\/\\\/iwell-guard.com\\\/is\\\/#organization\",\"name\":\"Ittermann electronic GmbH\",\"url\":\"https:\\\/\\\/iwell-guard.com\\\/is\\\/\",\"logo\":{\"@type\":\"ImageObject\",\"inLanguage\":\"is\",\"@id\":\"https:\\\/\\\/iwell-guard.com\\\/is\\\/#\\\/schema\\\/logo\\\/image\\\/\",\"url\":\"https:\\\/\\\/iwell-guard.com\\\/wp-content\\\/uploads\\\/2026\\\/05\\\/Ittermann-Logo-1182x237-1.png\",\"contentUrl\":\"https:\\\/\\\/iwell-guard.com\\\/wp-content\\\/uploads\\\/2026\\\/05\\\/Ittermann-Logo-1182x237-1.png\",\"width\":1182,\"height\":237,\"caption\":\"Ittermann electronic GmbH\"},\"image\":{\"@id\":\"https:\\\/\\\/iwell-guard.com\\\/is\\\/#\\\/schema\\\/logo\\\/image\\\/\"},\"sameAs\":[\"https:\\\/\\\/pantip.com\\\/profile\\\/9367242\",\"https:\\\/\\\/micro.blog\\\/iwellguard\",\"https:\\\/\\\/www.diggerslist.com\\\/iwellguard\\\/about\",\"https:\\\/\\\/skitterphoto.com\\\/photographers\\\/2870314\\\/iwell-guard\",\"https:\\\/\\\/iwellguard.wordpress.com\\\/2026\\\/06\\\/06\\\/iwell-guard\\\/\",\"https:\\\/\\\/hub.docker.com\\\/u\\\/iwellguard\",\"https:\\\/\\\/www.pinterest.com\\\/iwellguard\\\/\",\"https:\\\/\\\/bit.ly\\\/m\\\/iwellguard\",\"https:\\\/\\\/entre-vos-mains.alsace.eu\\\/profiles\\\/iwellguard\\\/activity\",\"https:\\\/\\\/gravatar.com\\\/reallybeded8fd34\",\"https:\\\/\\\/naijamatta.com\\\/iwellguard\",\"https:\\\/\\\/www.goodreads.com\\\/iwellguard\",\"https:\\\/\\\/profile.hatena.ne.jp\\\/iwellguard\\\/\",\"https:\\\/\\\/experiment.com\\\/users\\\/iwellguard\",\"https:\\\/\\\/wakelet.com\\\/@iWellGuard82270\",\"https:\\\/\\\/www.chordie.com\\\/forum\\\/profile.php?id=2555664\",\"https:\\\/\\\/www.instapaper.com\\\/p\\\/17757966\",\"https:\\\/\\\/www.mapleprimes.com\\\/users\\\/iwellguard\",\"https:\\\/\\\/businesslistingplus.com\\\/profile\\\/iwell-guard\\\/\",\"https:\\\/\\\/telegra.ph\\\/iWell-Guard-06-06\",\"https:\\\/\\\/pbase.com\\\/iwellguard\\\/iwellguard\",\"https:\\\/\\\/b.hatena.ne.jp\\\/iwellguard\\\/20260607#bookmark-4788405196491818882\",\"https:\\\/\\\/fliphtml5.com\\\/home\\\/iwellguard\",\"https:\\\/\\\/anyflip.com\\\/homepage\\\/cmiwl#About\",\"https:\\\/\\\/transfur.com\\\/Users\\\/iwellguard\",\"http:\\\/\\\/delphi.larsbo.org\\\/user\\\/iwellguard\",\"https:\\\/\\\/jobs.lajobsportal.org\\\/profiles\\\/8380803-iwell-guard\",\"https:\\\/\\\/md.chaosdorf.de\\\/s\\\/jfbe5SBdJD\",\"https:\\\/\\\/www.lingvolive.com\\\/en-us\\\/profile\\\/9ecaeaca-ce11-4e51-9e71-01d55e2bff36\\\/translations\",\"https:\\\/\\\/www.fitday.com\\\/fitness\\\/forums\\\/members\\\/iwellguard.html\",\"https:\\\/\\\/www.mymeetbook.com\\\/iwellguard\",\"https:\\\/\\\/pxhere.com\\\/en\\\/photographer-me\\\/5040798\",\"https:\\\/\\\/disqus.com\\\/by\\\/iwellguard\\\/about\\\/\",\"https:\\\/\\\/pastelink.net\\\/hjwciqwq\",\"https:\\\/\\\/pubhtml5.com\\\/homepage\\\/scjhn\\\/\",\"https:\\\/\\\/www.bitchute.com\\\/channel\\\/2O2eOKzNqujT\",\"https:\\\/\\\/audiomack.com\\\/iwellguard\"]}]}<\/script>\n<!-- \/ Yoast SEO Premium plugin. -->","yoast_head_json":{"title":"Vesta \u2013 R\u00f3mversk gy\u00f0ja arineldsins | iWell Guard","description":"Vesta er r\u00f3mversk gy\u00f0ja arineldsins, heimilisins og borgarinnar. Vestumeyjarnar, eil\u00edfi eldurinn \u00e1 Forum, Vestalia-h\u00e1t\u00ed\u00f0in. Go\u00f0s\u00f6gn.","robots":{"index":"index","follow":"follow","max-snippet":"max-snippet:-1","max-image-preview":"max-image-preview:large","max-video-preview":"max-video-preview:-1"},"canonical":"https:\/\/iwell-guard.com\/is\/vesta\/","og_locale":"is_IS","og_type":"article","og_title":"Vesta","og_description":"Vesta er r\u00f3mversk gy\u00f0ja arineldsins, heimilisins og borgarinnar. Vestumeyjarnar, eil\u00edfi eldurinn \u00e1 Forum, Vestalia-h\u00e1t\u00ed\u00f0in. Go\u00f0s\u00f6gn.","og_url":"https:\/\/iwell-guard.com\/is\/vesta\/","og_site_name":"iWell Guard","article_modified_time":"2026-09-05T14:31:34+00:00","og_image":[{"width":1024,"height":1536,"url":"https:\/\/iwell-guard.com\/wp-content\/uploads\/2026\/05\/goetter_rom_vesta.webp","type":"image\/webp"}],"twitter_card":"summary_large_image","schema":{"@context":"https:\/\/schema.org","@graph":[{"@type":"WebPage","@id":"https:\/\/iwell-guard.com\/is\/vesta\/","url":"https:\/\/iwell-guard.com\/is\/vesta\/","name":"Vesta \u2013 R\u00f3mversk gy\u00f0ja arineldsins | iWell Guard","isPartOf":{"@id":"https:\/\/iwell-guard.com\/is\/#website"},"primaryImageOfPage":{"@id":"https:\/\/iwell-guard.com\/is\/vesta\/#primaryimage"},"image":{"@id":"https:\/\/iwell-guard.com\/is\/vesta\/#primaryimage"},"thumbnailUrl":"https:\/\/iwell-guard.com\/wp-content\/uploads\/2026\/05\/goetter_rom_vesta.webp","datePublished":"2026-09-05T14:05:20+00:00","dateModified":"2026-09-05T14:31:34+00:00","description":"Vesta er r\u00f3mversk gy\u00f0ja arineldsins, heimilisins og borgarinnar. Vestumeyjarnar, eil\u00edfi eldurinn \u00e1 Forum, Vestalia-h\u00e1t\u00ed\u00f0in. Go\u00f0s\u00f6gn.","breadcrumb":{"@id":"https:\/\/iwell-guard.com\/is\/vesta\/#breadcrumb"},"inLanguage":"is","potentialAction":[{"@type":"ReadAction","target":["https:\/\/iwell-guard.com\/is\/vesta\/"]}]},{"@type":"ImageObject","inLanguage":"is","@id":"https:\/\/iwell-guard.com\/is\/vesta\/#primaryimage","url":"https:\/\/iwell-guard.com\/wp-content\/uploads\/2026\/05\/goetter_rom_vesta.webp","contentUrl":"https:\/\/iwell-guard.com\/wp-content\/uploads\/2026\/05\/goetter_rom_vesta.webp","width":1024,"height":1536,"caption":"Gu\u00f0ir \u00far r\u00f3mverskri hef\u00f0."},{"@type":"BreadcrumbList","@id":"https:\/\/iwell-guard.com\/is\/vesta\/#breadcrumb","itemListElement":[{"@type":"ListItem","position":1,"name":"Start","item":"https:\/\/iwell-guard.com\/is\/?page_id=168580"},{"@type":"ListItem","position":2,"name":"Vesta"}]},{"@type":"WebSite","@id":"https:\/\/iwell-guard.com\/is\/#website","url":"https:\/\/iwell-guard.com\/is\/","name":"iWell Guard","description":"Schutz vor dunklen Einfl\u00fcssen","publisher":{"@id":"https:\/\/iwell-guard.com\/is\/#organization"},"potentialAction":[{"@type":"SearchAction","target":{"@type":"EntryPoint","urlTemplate":"https:\/\/iwell-guard.com\/is\/?s={search_term_string}"},"query-input":{"@type":"PropertyValueSpecification","valueRequired":true,"valueName":"search_term_string"}}],"inLanguage":"is"},{"@type":"Organization","@id":"https:\/\/iwell-guard.com\/is\/#organization","name":"Ittermann electronic GmbH","url":"https:\/\/iwell-guard.com\/is\/","logo":{"@type":"ImageObject","inLanguage":"is","@id":"https:\/\/iwell-guard.com\/is\/#\/schema\/logo\/image\/","url":"https:\/\/iwell-guard.com\/wp-content\/uploads\/2026\/05\/Ittermann-Logo-1182x237-1.png","contentUrl":"https:\/\/iwell-guard.com\/wp-content\/uploads\/2026\/05\/Ittermann-Logo-1182x237-1.png","width":1182,"height":237,"caption":"Ittermann electronic GmbH"},"image":{"@id":"https:\/\/iwell-guard.com\/is\/#\/schema\/logo\/image\/"},"sameAs":["https:\/\/pantip.com\/profile\/9367242","https:\/\/micro.blog\/iwellguard","https:\/\/www.diggerslist.com\/iwellguard\/about","https:\/\/skitterphoto.com\/photographers\/2870314\/iwell-guard","https:\/\/iwellguard.wordpress.com\/2026\/06\/06\/iwell-guard\/","https:\/\/hub.docker.com\/u\/iwellguard","https:\/\/www.pinterest.com\/iwellguard\/","https:\/\/bit.ly\/m\/iwellguard","https:\/\/entre-vos-mains.alsace.eu\/profiles\/iwellguard\/activity","https:\/\/gravatar.com\/reallybeded8fd34","https:\/\/naijamatta.com\/iwellguard","https:\/\/www.goodreads.com\/iwellguard","https:\/\/profile.hatena.ne.jp\/iwellguard\/","https:\/\/experiment.com\/users\/iwellguard","https:\/\/wakelet.com\/@iWellGuard82270","https:\/\/www.chordie.com\/forum\/profile.php?id=2555664","https:\/\/www.instapaper.com\/p\/17757966","https:\/\/www.mapleprimes.com\/users\/iwellguard","https:\/\/businesslistingplus.com\/profile\/iwell-guard\/","https:\/\/telegra.ph\/iWell-Guard-06-06","https:\/\/pbase.com\/iwellguard\/iwellguard","https:\/\/b.hatena.ne.jp\/iwellguard\/20260607#bookmark-4788405196491818882","https:\/\/fliphtml5.com\/home\/iwellguard","https:\/\/anyflip.com\/homepage\/cmiwl#About","https:\/\/transfur.com\/Users\/iwellguard","http:\/\/delphi.larsbo.org\/user\/iwellguard","https:\/\/jobs.lajobsportal.org\/profiles\/8380803-iwell-guard","https:\/\/md.chaosdorf.de\/s\/jfbe5SBdJD","https:\/\/www.lingvolive.com\/en-us\/profile\/9ecaeaca-ce11-4e51-9e71-01d55e2bff36\/translations","https:\/\/www.fitday.com\/fitness\/forums\/members\/iwellguard.html","https:\/\/www.mymeetbook.com\/iwellguard","https:\/\/pxhere.com\/en\/photographer-me\/5040798","https:\/\/disqus.com\/by\/iwellguard\/about\/","https:\/\/pastelink.net\/hjwciqwq","https:\/\/pubhtml5.com\/homepage\/scjhn\/","https:\/\/www.bitchute.com\/channel\/2O2eOKzNqujT","https:\/\/audiomack.com\/iwellguard"]}]}},"_links":{"self":[{"href":"https:\/\/iwell-guard.com\/is\/wp-json\/wp\/v2\/pages\/169073","targetHints":{"allow":["GET"]}}],"collection":[{"href":"https:\/\/iwell-guard.com\/is\/wp-json\/wp\/v2\/pages"}],"about":[{"href":"https:\/\/iwell-guard.com\/is\/wp-json\/wp\/v2\/types\/page"}],"author":[{"embeddable":true,"href":"https:\/\/iwell-guard.com\/is\/wp-json\/wp\/v2\/users\/3"}],"replies":[{"embeddable":true,"href":"https:\/\/iwell-guard.com\/is\/wp-json\/wp\/v2\/comments?post=169073"}],"version-history":[{"count":0,"href":"https:\/\/iwell-guard.com\/is\/wp-json\/wp\/v2\/pages\/169073\/revisions"}],"wp:featuredmedia":[{"embeddable":true,"href":"https:\/\/iwell-guard.com\/is\/wp-json\/wp\/v2\/media\/3260"}],"wp:attachment":[{"href":"https:\/\/iwell-guard.com\/is\/wp-json\/wp\/v2\/media?parent=169073"}],"wp:term":[{"taxonomy":"category","embeddable":true,"href":"https:\/\/iwell-guard.com\/is\/wp-json\/wp\/v2\/categories?post=169073"}],"curies":[{"name":"wp","href":"https:\/\/api.w.org\/{rel}","templated":true}]}}