{"id":169071,"date":"2026-09-05T14:05:19","date_gmt":"2026-09-05T14:05:19","guid":{"rendered":"https:\/\/iwell-guard.com\/?page_id=169071"},"modified":"2026-09-05T14:31:32","modified_gmt":"2026-09-05T14:31:32","slug":"diana","status":"publish","type":"page","link":"https:\/\/iwell-guard.com\/is\/diana\/","title":{"rendered":"Diana"},"content":{"rendered":"\t\t<div data-elementor-type=\"wp-page\" data-elementor-id=\"169071\" class=\"elementor elementor-169071 elementor-3012 elementor-bc-flex-widget\" data-elementor-post-type=\"page\">\n\t\t\t\t<div class=\"elementor-element elementor-element-0938905 e-flex e-con-boxed e-con e-parent\" data-id=\"0938905\" data-element_type=\"container\" data-e-type=\"container\" data-settings=\"{&quot;background_background&quot;:&quot;classic&quot;}\">\n\t\t\t\t\t<div class=\"e-con-inner\">\n\t\t<div class=\"elementor-element elementor-element-407655f e-flex e-con-boxed e-con e-child\" data-id=\"407655f\" data-element_type=\"container\" data-e-type=\"container\">\n\t\t\t\t\t<div class=\"e-con-inner\">\n\t\t<div class=\"elementor-element elementor-element-f581a00 e-con-full e-flex e-con e-child\" data-id=\"f581a00\" data-element_type=\"container\" data-e-type=\"container\">\n\t\t\t\t<div class=\"elementor-element elementor-element-410379c elementor-widget elementor-widget-heading\" data-id=\"410379c\" data-element_type=\"widget\" data-e-type=\"widget\" data-widget_type=\"heading.default\">\n\t\t\t\t\t<h1 class=\"elementor-heading-title elementor-size-default\">Diana, r\u00f3mversk gy\u00f0ja vei\u00f0anna og m\u00e1nans<\/h1>\t\t\t\t<\/div>\n\t\t\t\t<div class=\"elementor-element elementor-element-5d0d7a5 elementor-widget elementor-widget-text-editor\" data-id=\"5d0d7a5\" data-element_type=\"widget\" data-e-type=\"widget\" data-widget_type=\"text-editor.default\">\n\t\t\t\t\t\t\t\t\t<p>Diana er r\u00f3mversk gy\u00f0ja vei\u00f0anna, m\u00e1nans og villtra sk\u00f3ga. H\u00fan verndar konur \u00ed f\u00e6\u00f0ingu, d\u00fdr \u00ed sk\u00f3ginum og fer\u00f0amenn \u00e1 \u00f3tro\u00f0num lei\u00f0um.<\/p><p>Fornt h\u00f6fu\u00f0d\u00fdrkunarsv\u00e6\u00f0i hennar var <span class=\"iwg-fachbegriff\" data-tooltip=\"Heilagur sk\u00f3garlundur sem \u00fej\u00f3na\u00f0i sem d\u00fdrkunarsta\u00f0ur.\" tabindex=\"0\">lundurinn<\/span> \u00ed Nemi vi\u00f0 Alban\u00f3-vatni\u00f0, <span class=\"iwg-fachbegriff\" data-tooltip=\"Heilagur sta\u00f0ur tileinka\u00f0ur d\u00fdrkun gu\u00f0s e\u00f0a gy\u00f0ju.\" tabindex=\"0\">helgista\u00f0ur<\/span> sem \u00feegar \u00e1\u00f0ur en r\u00f3mverska r\u00edki\u00f0 mynda\u00f0ist var talinn bandalagshelgista\u00f0ur lat\u00ednsku borganna. S\u00ed\u00f0ar var Diana a\u00f0 miklu leyti sams\u00f6mu\u00f0 gr\u00edsku gy\u00f0junni Artemis og var \u00ed \u00feeirri sams\u00f6mun talin systir Apoll\u00f3s og d\u00f3ttir J\u00fap\u00edters og Lat\u00f3nu.<\/p>\t\t\t\t\t\t\t\t<\/div>\n\t\t\t\t<\/div>\n\t\t<div class=\"elementor-element elementor-element-1826bdf e-con-full e-flex e-con e-parent\" data-id=\"1826bdf\" data-element_type=\"container\" data-e-type=\"container\">\n\t\t\t\t<div class=\"elementor-element elementor-element-c2061a9 elementor-widget elementor-widget-html\" data-id=\"c2061a9\" data-element_type=\"widget\" data-e-type=\"widget\" data-widget_type=\"html.default\">\n\t\t\t\t\t<div class=\"iwg-pill-row\"><span class=\"iwg-klasse-badge\" tabindex=\"0\" data-tooltip=\"Gu\u00f0 \/ gy\u00f0ja: Pers\u00f3nuger\u00f0 \u00e6\u00f0sta vald \u00ed go\u00f0aveldi menningar, me\u00f0 sk\u00fdr valdsvi\u00f0 \u2014 n\u00e1tt\u00faru\u00f6fl, \u00f6rl\u00f6g, str\u00ed\u00f0, frj\u00f3semi. D\u00fdrku\u00f0 me\u00f0 tr\u00faars\u00f6fnu\u00f0um, f\u00f3rnum og hofastofnunum.\">Gy\u00f0ja<\/span><a href=\"https:\/\/iwell-guard.com\/is\/rom\/\" class=\"iwg-kultur-badge\" tabindex=\"0\" data-tooltip=\"R\u00f3mversk tr\u00faarbr\u00f6g\u00f0 fr\u00e1 konungd\u00f3mi til s\u00ed\u00f0fornaldar \u2014 samruna me\u00f0 gr\u00edskum og etr\u00faskum l\u00f6gum.\">R\u00f3m<\/a><\/div>\t\t\t\t<\/div>\n\t\t\t\t<\/div>\n\t\t<div class=\"elementor-element elementor-element-e2c3b89 e-con-full e-flex e-con e-child\" data-id=\"e2c3b89\" data-element_type=\"container\" data-e-type=\"container\">\n\t\t\t\t<div class=\"elementor-element elementor-element-494d901 elementor-toc--minimized-on-tablet elementor-widget elementor-widget-table-of-contents\" data-id=\"494d901\" data-element_type=\"widget\" data-e-type=\"widget\" data-settings=\"{&quot;exclude_headings_by_selector&quot;:[],&quot;no_headings_message&quot;:&quot;Engar undirfyrirsagnir fundust \\u00e1 \\u00feessari s\\u00ed\\u00f0u.&quot;,&quot;headings_by_tags&quot;:[&quot;h2&quot;,&quot;h3&quot;],&quot;marker_view&quot;:&quot;bullets&quot;,&quot;icon&quot;:{&quot;value&quot;:&quot;fas fa-circle&quot;,&quot;library&quot;:&quot;fa-solid&quot;,&quot;rendered_tag&quot;:&quot;&lt;svg class=\\&quot;e-font-icon-svg e-fas-circle\\&quot; viewBox=\\&quot;0 0 512 512\\&quot; xmlns=\\&quot;http:\\\/\\\/www.w3.org\\\/2000\\\/svg\\&quot;&gt;&lt;path d=\\&quot;M256 8C119 8 8 119 8 256s111 248 248 248 248-111 248-248S393 8 256 8z\\&quot;&gt;&lt;\\\/path&gt;&lt;\\\/svg&gt;&quot;},&quot;minimize_box&quot;:&quot;yes&quot;,&quot;minimized_on&quot;:&quot;tablet&quot;,&quot;hierarchical_view&quot;:&quot;yes&quot;,&quot;min_height&quot;:{&quot;unit&quot;:&quot;px&quot;,&quot;size&quot;:&quot;&quot;,&quot;sizes&quot;:[]},&quot;min_height_tablet&quot;:{&quot;unit&quot;:&quot;px&quot;,&quot;size&quot;:&quot;&quot;,&quot;sizes&quot;:[]},&quot;min_height_mobile&quot;:{&quot;unit&quot;:&quot;px&quot;,&quot;size&quot;:&quot;&quot;,&quot;sizes&quot;:[]}}\" data-widget_type=\"table-of-contents.default\">\n\t\t\t\t\t\t\t\t\t<div class=\"elementor-toc__header\">\n\t\t\t\t\t\t<h2 class=\"elementor-toc__header-title\">\n\t\t\t\tEfnisyfirlit\t\t\t<\/h2>\n\t\t\t\t\t\t\t\t\t\t<div class=\"elementor-toc__toggle-button elementor-toc__toggle-button--expand\" role=\"button\" tabindex=\"0\" aria-controls=\"elementor-toc__494d901\" aria-expanded=\"true\" aria-label=\"Open table of contents\"><svg aria-hidden=\"true\" class=\"e-font-icon-svg e-fas-chevron-down\" viewBox=\"0 0 448 512\" xmlns=\"http:\/\/www.w3.org\/2000\/svg\"><path d=\"M207.029 381.476L12.686 187.132c-9.373-9.373-9.373-24.569 0-33.941l22.667-22.667c9.357-9.357 24.522-9.375 33.901-.04L224 284.505l154.745-154.021c9.379-9.335 24.544-9.317 33.901.04l22.667 22.667c9.373 9.373 9.373 24.569 0 33.941L240.971 381.476c-9.373 9.372-24.569 9.372-33.942 0z\"><\/path><\/svg><\/div>\n\t\t\t\t<div class=\"elementor-toc__toggle-button elementor-toc__toggle-button--collapse\" role=\"button\" tabindex=\"0\" aria-controls=\"elementor-toc__494d901\" aria-expanded=\"true\" aria-label=\"Close table of contents\"><svg aria-hidden=\"true\" class=\"e-font-icon-svg e-fas-chevron-up\" viewBox=\"0 0 448 512\" xmlns=\"http:\/\/www.w3.org\/2000\/svg\"><path d=\"M240.971 130.524l194.343 194.343c9.373 9.373 9.373 24.569 0 33.941l-22.667 22.667c-9.357 9.357-24.522 9.375-33.901.04L224 227.495 69.255 381.516c-9.379 9.335-24.544 9.317-33.901-.04l-22.667-22.667c-9.373-9.373-9.373-24.569 0-33.941L207.03 130.525c9.372-9.373 24.568-9.373 33.941-.001z\"><\/path><\/svg><\/div>\n\t\t\t\t\t<\/div>\n\t\t\t\t<div id=\"elementor-toc__494d901\" class=\"elementor-toc__body\">\n\t\t\t<div class=\"elementor-toc__spinner-container\">\n\t\t\t\t<svg class=\"elementor-toc__spinner eicon-animation-spin e-font-icon-svg e-eicon-loading\" aria-hidden=\"true\" viewBox=\"0 0 1000 1000\" xmlns=\"http:\/\/www.w3.org\/2000\/svg\"><path d=\"M500 975V858C696 858 858 696 858 500S696 142 500 142 142 304 142 500H25C25 237 238 25 500 25S975 237 975 500 763 975 500 975Z\"><\/path><\/svg>\t\t\t<\/div>\n\t\t<\/div>\n\t\t\t\t\t\t<\/div>\n\t\t\t\t<\/div>\n\t\t\t\t\t<\/div>\n\t\t\t\t<\/div>\n\t\t<div class=\"elementor-element elementor-element-779a289 e-con-full e-flex e-con e-child\" data-id=\"779a289\" data-element_type=\"container\" data-e-type=\"container\">\n\t\t\t\t<div class=\"elementor-element elementor-element-6e24f3d iwg-hero-image elementor-widget elementor-widget-image\" data-id=\"6e24f3d\" data-element_type=\"widget\" data-e-type=\"widget\" data-widget_type=\"image.default\">\n\t\t\t\t\t\t\t\t\t\t\t\t\t\t\t<img fetchpriority=\"high\" decoding=\"async\" width=\"683\" height=\"1024\" src=\"https:\/\/iwell-guard.com\/wp-content\/uploads\/2026\/05\/goetter_rom_diana-683x1024.webp\" class=\"attachment-large size-large wp-image-170699\" alt=\"Diana - gu\u00f0 fr\u00e1 r\u00f3mverskri hef\u00f0, s\u00f6guleg mynd\" srcset=\"https:\/\/iwell-guard.com\/wp-content\/uploads\/2026\/05\/goetter_rom_diana-683x1024.webp 683w, https:\/\/iwell-guard.com\/wp-content\/uploads\/2026\/05\/goetter_rom_diana-200x300.webp 200w, https:\/\/iwell-guard.com\/wp-content\/uploads\/2026\/05\/goetter_rom_diana-768x1152.webp 768w, https:\/\/iwell-guard.com\/wp-content\/uploads\/2026\/05\/goetter_rom_diana.webp 1024w\" sizes=\"(max-width: 683px) 100vw, 683px\" \/>\t\t\t\t\t\t\t\t\t\t\t\t\t\t\t<\/div>\n\t\t\t\t<\/div>\n\t\t\t\t\t<\/div>\n\t\t\t\t<\/div>\n\t\t<div class=\"elementor-element elementor-element-266f5f8 e-con-boxed e-flex e-con e-parent\" data-id=\"266f5f8\" data-element_type=\"container\" data-e-type=\"container\">\n\t\t\t\t\t<div class=\"e-con-inner\">\n\t\t<div class=\"elementor-element elementor-element-a940ad5 e-con-full e-flex e-con e-child\" data-id=\"a940ad5\" data-element_type=\"container\" data-e-type=\"container\">\n\t\t\t\t<div class=\"elementor-element elementor-element-bf6b107 elementor-widget elementor-widget-heading\" data-id=\"bf6b107\" data-element_type=\"widget\" data-e-type=\"widget\" data-widget_type=\"heading.default\">\n\t\t\t\t\t<h2 class=\"elementor-heading-title elementor-size-default\">Go\u00f0s\u00f6gn og uppruni<\/h2>\t\t\t\t<\/div>\n\t\t\t\t<div class=\"elementor-element elementor-element-1b6e2e6 elementor-widget elementor-widget-text-editor\" data-id=\"1b6e2e6\" data-element_type=\"widget\" data-e-type=\"widget\" data-widget_type=\"text-editor.default\">\n\t\t\t\t\t\t\t\t\t<p>Nafni\u00f0 Diana er s\u00f6gulega raki\u00f0 til ind\u00f3evr\u00f3pskrar r\u00f3tar sem \u00fe\u00fd\u00f0ir \u201esk\u00ednandi\u201c e\u00f0a \u201ehimneskt bjart\u201c. \u00dea\u00f0an m\u00e1 rekja n\u00e1in tengsl hennar vi\u00f0 m\u00e1nann og dagslj\u00f3si\u00f0. \u00c1 elsta \u00edtalska skei\u00f0i var Diana gy\u00f0ja hins villta n\u00e1tt\u00farufars, lindanna og kvenlegs \u00feroska.<\/p><p>\u00dea\u00f0 var ekki fyrr en me\u00f0 tr\u00faarumb\u00f3tum Serviusar Tulliusar a\u00f0 h\u00fan var tekin upp \u00ed borgartr\u00fana, \u00feegar Diana-<span class=\"iwg-fachbegriff\" data-tooltip=\"Bygging tileinku\u00f0 d\u00fdrkun einnar e\u00f0a fleiri gu\u00f0a.\" tabindex=\"0\">musteri<\/span> var reist \u00e1 Avent\u00edn-h\u00e6\u00f0inni, sem einnig \u00e1tti a\u00f0 vera bandalagshelgista\u00f0ur lat\u00ednsku borganna. \u00deessi p\u00f3lit\u00edska hlutverk var v\u00edsvitandi t\u00e1kn um forystu R\u00f3mar gagnvart \u00f6\u00f0rum lat\u00ednskum samf\u00e9l\u00f6gum.<\/p>\n<p>Elsta r\u00f3mverska d\u00fdrkunarmi\u00f0st\u00f6\u00f0in var \u00fe\u00f3 \u00ed Nemi, vatni \u00ed eldfjallag\u00edgi \u00ed Alban\u00f3fj\u00f6llum. H\u00e9r d\u00fdrku\u00f0u Lat\u00ednar Diana Nemorensis, herra lundarins.<\/p><p>Kat\u00f3 segir \u00feegar fr\u00e1 mikilv\u00e6gi \u00feessa helgista\u00f0ar, og Strab\u00f3 l\u00fdsir hinu s\u00e9rkennilega prestarit\u00faali \u00fear sem starfandi prestur, Rex Nemorensis, gat veri\u00f0 \u00f6gra\u00f0ur af fl\u00f3tta\u00fer\u00e6li og felldur \u00ed einv\u00edgi.<\/p><p>\u00deessi fornlega venja var\u00f0veitti spor eldri v\u00edgsluathafna og haf\u00f0i s\u00ed\u00f0ar mikil \u00e1hrif \u00e1 tr\u00faarbrag\u00f0afr\u00e6\u00f0iranns\u00f3knir, s\u00e9rstaklega hj\u00e1 James George Frazer, sem h\u00f3f verk sitt \u201eThe Golden Bough\u201c \u00e1 Nemi-<span class=\"iwg-fachbegriff\" data-tooltip=\"Heilagur sk\u00f3garlundur sem \u00fej\u00f3na\u00f0i sem d\u00fdrkunarsta\u00f0ur.\" tabindex=\"0\">lundinum<\/span>. Spurningin um hvort Rex Nemorensis hafi raunverulega veri\u00f0 til e\u00f0a veri\u00f0 b\u00f3kmenntaleg sm\u00ed\u00f0 er enn til ranns\u00f3knar \u00ed dag.<\/p>\n<p>Virgill nefnir D\u00ed\u00f6nu \u00edtreka\u00f0 sem verndargy\u00f0ju sveitatr\u00faa\u00f0ra. \u00d3v\u00ed\u00f0 tileinkar henni \u00ed \u201eMetamorphoses\u201c hina fr\u00e6ga s\u00f6gu um Akt\u00e6on, sem s\u00e9r gy\u00f0juna ba\u00f0andi sig og er \u00ed hefndarskyni breytt \u00ed hj\u00f6rt.<\/p><p>R\u00f3mverska hef\u00f0in hefur oftast teki\u00f0 upp sl\u00edkar sagnir \u00ed n\u00e1num tengslum vi\u00f0 gr\u00edskar fyrirmyndir, en tengt \u00fe\u00e6r sterkar vi\u00f0 d\u00fdrkunarveruleika Lat\u00edums. Kat\u00fallus tileinkar henni s\u00e9rstakan lofs\u00f6ng, Carmen 34, sem l\u00fdsir gy\u00f0junni sem lj\u00f3sbera og verndara unglingsmeyja.<\/p>\n<p>\u00cd \u00edtalskri \u00fej\u00f3\u00f0tr\u00fa var Diana lengi vel vi\u00f0st\u00f6dd sem herra d\u00fdranna og hinna \u00f3numdu landsv\u00e6\u00f0a. \u00c1letranir \u00far innlandi Lat\u00edums s\u00fdna hana sem lindagy\u00f0ju, verndargy\u00f0ju hjar\u00f0a og hj\u00e1lparhellu vi\u00f0 f\u00e6\u00f0ingar.<\/p><p>\u00deessir sveitalegu \u00fe\u00e6ttir h\u00e9ldust tengdir opinberri Avent\u00edn-d\u00fdrkun en hurfu oft \u00ed skuggann \u00ed b\u00f3kmenntahef\u00f0inni fyrir hinum gr\u00edsk-m\u00f3tu\u00f0u Artemis-myndum.<\/p>\t\t\t\t\t\t\t\t<\/div>\n\t\t\t\t<\/div>\n\t\t<div class=\"elementor-element elementor-element-3c9f8e5 e-con-full e-flex e-con e-child\" data-id=\"3c9f8e5\" data-element_type=\"container\" data-e-type=\"container\">\n\t\t\t\t<div class=\"elementor-element elementor-element-182ea83 elementor-widget elementor-widget-heading\" data-id=\"182ea83\" data-element_type=\"widget\" data-e-type=\"widget\" data-widget_type=\"heading.default\">\n\t\t\t\t\t<h2 class=\"elementor-heading-title elementor-size-default\">T\u00e1kn og einkenni<\/h2>\t\t\t\t<\/div>\n\t\t\t\t<div class=\"elementor-element elementor-element-66eb4df elementor-widget elementor-widget-text-editor\" data-id=\"66eb4df\" data-element_type=\"widget\" data-e-type=\"widget\" data-widget_type=\"text-editor.default\">\n\t\t\t\t\t\t\t\t\t<p>Bogi og \u00f6rvar eru hi\u00f0 helsta einkennist\u00e1kn D\u00ed\u00f6nu og v\u00edsa til hlutverks hennar sem vei\u00f0ikonu. \u00cd myndr\u00e6nni hef\u00f0 er h\u00fan oftast s\u00fdnd \u00ed uppfestum kyrtli og sand\u00f6lum, oft \u00ed fylgd hunds e\u00f0a hjartar.<\/p><p>M\u00e1nann, s\u00fdnilegan sem h\u00e1lfm\u00e1na yfir enni e\u00f0a \u00ed h\u00e1ri, ber h\u00fan einnig sem lj\u00f3sgy\u00f0ja. \u00deessa samtvinnu\u00f0u t\u00e1knmynd vei\u00f0ivopns og m\u00e1namerkis m\u00e1 finna \u00e1 fj\u00f6lda mynta fr\u00e1 lokum l\u00fd\u00f0veldist\u00edmans og keisarat\u00edmanum.<\/p>\n<p>Anna\u00f0 einkenni hennar er blysi\u00f0. \u00dea\u00f0 kemur s\u00e9rstaklega fram \u00fear sem Diana birtist sem gy\u00f0ja n\u00e6turl\u00fdsingar og vega gegnum dimma sk\u00f3ga. \u00cd Nemi-<span class=\"iwg-fachbegriff\" data-tooltip=\"Heildarsvi\u00f0 tr\u00faarlegra d\u00fdrkunarathafna fyrir gu\u00f0 e\u00f0a heilaga veru.\" tabindex=\"0\">d\u00fdrkuninni<\/span> b\u00e1ru <span class=\"iwg-fachbegriff\" data-tooltip=\"Manneskja sem fer \u00ed tr\u00faarlega hvatta fer\u00f0 til heilags sta\u00f0ar.\" tabindex=\"0\">p\u00edlagr\u00edmar<\/span> blys um vatni\u00f0, sem tali\u00f0 var spegill m\u00e1nans.<\/p><p>Tengingin milli m\u00e1nalj\u00f3ss og blyslj\u00f3ss einkennir s\u00ed\u00f0ari myndhef\u00f0 allt til endurreisnart\u00edmans, \u00fear sem Diana birtist n\u00e6r alltaf sem n\u00e1tthimin, lj\u00f3sfylgd vera.<\/p>\n<p>Di\u00f6nu fylgja oft hundar, hjartar, r\u00e1d\u00fdr og sjaldnar birnir. \u00deessi d\u00fdr merkja yfirr\u00e1\u00f0 hennar yfir sk\u00f3ginum. \u00c1 Avent\u00edn-l\u00e1gmyndum koma auk \u00feess fram sl\u00f6ngur, sem s\u00fdna hina jar\u00f0bundnu hli\u00f0 hennar og tengsl vi\u00f0 heilsulindir.<\/p><p>Me\u00f0al kvenna sem b\u00e1\u00f0u um hj\u00e1lp vi\u00f0 f\u00e6\u00f0ingu var krans \u00far villtri \u00f3l\u00edfugrein algeng heitgj\u00f6f. Einnig helga\u00f0ar leirmyndir af \u00feungu\u00f0um konum, sem fundist hafa \u00ed miklu magni \u00ed Nemi og \u00f6\u00f0rum helgist\u00f6\u00f0um, eru me\u00f0al \u00e1\u00fereifanlegra minja f\u00e6\u00f0ingard\u00fdrkunar hennar.<\/p>\n<p>\u00cd h\u00e9ru\u00f0um var h\u00fan oft sams\u00f6mu\u00f0 sta\u00f0bundinni n\u00e1tt\u00farugy\u00f0ju, svo sem Diana Abnoba \u00ed Svartask\u00f3gi, Diana Arduinna \u00ed Ardennafj\u00f6llum e\u00f0a Diana Nemetona vi\u00f0 D\u00f3n\u00e1. \u00deessar sta\u00f0bundnu myndir bera oft eigin einkenni, svo sem furugreinar, lindask\u00e1lar e\u00f0a sta\u00f0bundin villid\u00fdr. H\u00e9ra\u00f0sbundin <span class=\"iwg-fachbegriff\" data-tooltip=\"Fr\u00e6\u00f0igrein um myndefni og merkingu \u00feeirra.\" tabindex=\"0\">t\u00e1knfr\u00e6\u00f0i<\/span> s\u00fdnir \u00e1 gl\u00e6silegan h\u00e1tt getu r\u00f3mverskra tr\u00faarbrag\u00f0a til a\u00f0 sameina sta\u00f0bundnar n\u00e1tt\u00farud\u00fdrkanir undir eina yfirgy\u00f0ju.<\/p>\t\t\t\t\t\t\t\t<\/div>\n\t\t\t\t<\/div>\n\t\t<div class=\"elementor-element elementor-element-f2962d8 e-con-full e-flex e-con e-child\" data-id=\"f2962d8\" data-element_type=\"container\" data-e-type=\"container\">\n\t\t\t\t<div class=\"elementor-element elementor-element-bd612d8 elementor-widget elementor-widget-heading\" data-id=\"bd612d8\" data-element_type=\"widget\" data-e-type=\"widget\" data-widget_type=\"heading.default\">\n\t\t\t\t\t<h2 class=\"elementor-heading-title elementor-size-default\">D\u00fdrkun og tilbei\u00f0sla<\/h2>\t\t\t\t<\/div>\n\t\t\t\t<div class=\"elementor-element elementor-element-db40542 elementor-widget elementor-widget-text-editor\" data-id=\"db40542\" data-element_type=\"widget\" data-e-type=\"widget\" data-widget_type=\"text-editor.default\">\n\t\t\t\t\t\t\t\t\t<p><span class=\"iwg-fachbegriff\" data-tooltip=\"Heilagur sta\u00f0ur tileinka\u00f0ur tilbei\u00f0slu \u00e1 gu\u00f0i.\" tabindex=\"0\">Helgista\u00f0urinn<\/span> \u00ed Nemi var \u00e1hrifamesta sveitahelgi <span class=\"iwg-fachbegriff\" data-tooltip=\"\u00d6ll tr\u00faarleg tilbei\u00f0sluath\u00f6fn fyrir gu\u00f0 e\u00f0a heilaga v\u00e6ttu.\" tabindex=\"0\">d\u00fdrkun<\/span> gy\u00f0junnar. \u00de\u00fasundir leirv\u00e9fanga, sem grafnar hafa veri\u00f0 upp, s\u00fdna konur me\u00f0 b\u00f6rn, \u00feunga\u00f0ar styttur og d\u00fdr.<\/p><p>\u00deessir fornleifafundir s\u00fdna a\u00f0 D\u00edana var ekki a\u00f0eins vei\u00f0igy\u00f0ja heldur var einnig \u00e1k\u00f6llu\u00f0 sem stu\u00f0ningsa\u00f0ili vi\u00f0 f\u00e6\u00f0ingar og barnauppeldi. Fornleifaranns\u00f3knir fr\u00e1 19. \u00f6ld hafa afhj\u00fapa\u00f0 <span class=\"iwg-fachbegriff\" data-tooltip=\"Heilagur sta\u00f0ur tileinka\u00f0ur tilbei\u00f0slu \u00e1 gu\u00f0i.\" tabindex=\"0\">helgista\u00f0inn<\/span> sem sveitap\u00edlagr\u00edmsst\u00f6\u00f0 af almennri \u00fe\u00fd\u00f0ingu fyrir \u00cdtal\u00edu, me\u00f0 umfangsmiklum byggingum, s\u00f6lum og hofsv\u00e6\u00f0um.<\/p>\n<p>\u00cd R\u00f3m sj\u00e1lfri st\u00f3\u00f0 <span class=\"iwg-fachbegriff\" data-tooltip=\"Bygging sem er tileinku\u00f0 tilbei\u00f0slu einnar e\u00f0a fleiri gu\u00f0a.\" tabindex=\"0\">hofi\u00f0<\/span> \u00e1 Avent\u00edn-h\u00e6\u00f0. Samkv\u00e6mt Liv\u00edusi var \u00fea\u00f0 stofna\u00f0 \u00ed t\u00ed\u00f0 Serv\u00edusar T\u00fall\u00edusar og var tali\u00f0 samkomusta\u00f0ur al\u00fe\u00fd\u00f0umanna (plebeja) og \u00fer\u00e6la. Fyrir framan \u00feetta <span class=\"iwg-fachbegriff\" data-tooltip=\"Bygging sem er tileinku\u00f0 tilbei\u00f0slu einnar e\u00f0a fleiri gu\u00f0a.\" tabindex=\"0\">hof<\/span> var mikilv\u00e6gasta h\u00e1t\u00ed\u00f0in haldin 13. \u00e1g\u00fast, Servatorius e\u00f0a dies natalis.<\/p><p>\u00c1 \u00feeim degi m\u00e1ttu \u00fer\u00e6lar ekki ney\u00f0ast til vinnu og lj\u00f3sfer\u00f0 f\u00f3r fr\u00e1 R\u00f3m til Nemi, alla n\u00f3ttina. \u00deessi tengsl borgar- og sveitad\u00fdrkunar me\u00f0 lj\u00f3sag\u00f6ngu er \u00f3venjuleg og einkar \u00e1hrifamikil h\u00e1t\u00ed\u00f0arform innan r\u00f3mverskrar tr\u00faari\u00f0kunar.<\/p>\n<p>\u00cd Capua og \u00f6\u00f0rum \u00edt\u00f6lskum st\u00f6\u00f0um var D\u00edana Tifat\u00edna d\u00fdrku\u00f0, me\u00f0 eigin <span class=\"iwg-fachbegriff\" data-tooltip=\"Heilagur sk\u00f3garlundur sem \u00fej\u00f3na\u00f0i sem d\u00fdrkunarsta\u00f0ur.\" tabindex=\"0\">lundi<\/span> og lind. \u00cd h\u00e9ru\u00f0unum, s\u00e9rstaklega \u00ed Gall\u00edu og German\u00edu, kemur h\u00fan oft fram \u00ed sta\u00f0bundinni saml\u00f6gun (synkretisma).<\/p><p>\u00cd Bretlandi, Sp\u00e1ni og \u00e1 nor\u00f0urstr\u00f6nd Afr\u00edku er h\u00fan \u00feekkt af \u00e1letrunum sem vei\u00f0igy\u00f0ja og n\u00e1tt\u00farugy\u00f0ja. \u00cd Efesos st\u00f3\u00f0 <span class=\"iwg-fachbegriff\" data-tooltip=\"Heilagur sta\u00f0ur tileinka\u00f0ur tilbei\u00f0slu \u00e1 gu\u00f0i.\" tabindex=\"0\">helgista\u00f0ur<\/span> D\u00ed\u00f6nu Efes\u00edu, sem talin var samsvara hinni miklu austurlensku m\u00f3\u00f0urgy\u00f0ju og gegnir mikilv\u00e6gu hlutverki \u00ed fr\u00e1s\u00f6gn N\u00fdja testamentisins af postulunum.<\/p>\n<p>\u00cd al\u00fe\u00fd\u00f0utr\u00fa lif\u00f0i D\u00edana lengi \u00e1fram. Kirkju\u00feingi\u00f0 \u00ed Ankyra \u00e1 4. \u00f6ld og s\u00ed\u00f0ari kirkju\u00feing banna konum a\u00f0 \u00abr\u00ed\u00f0a me\u00f0 D\u00ed\u00f6nu \u00e1 n\u00f3ttunni\u00bb.<\/p><p>\u00deessi tilv\u00edsun er mikilv\u00e6g vitnisbur\u00f0ur um seiglu d\u00ed\u00f6nskra hugmynda l\u00f6ngu eftir a\u00f0 hei\u00f0nar d\u00fdrkanir li\u00f0u undir lok, og er upphafspunktur s\u00ed\u00f0ari galdratr\u00faarhugmynda. \u00cd hinum svokalla\u00f0a Canon Episcopi fr\u00e1 9. \u00f6ld er n\u00e1tt\u00falegt fer\u00f0alag me\u00f0 D\u00ed\u00f6nu ford\u00e6mt sem <span class=\"iwg-fachbegriff\" data-tooltip=\"Ni\u00f0randi or\u00f0 yfir hugmyndir sem taldar eru tr\u00faarlega \u00e1st\u00e6\u00f0ulausar.\" tabindex=\"0\">h\u00e9giljur<\/span>, sem s\u00fdnir hversu l\u00edfseig al\u00fe\u00fd\u00f0ud\u00fdrkunin var.<\/p>\n<p>Vestumeyjarnar, sem \u00fej\u00f3nu\u00f0u Vestu, f\u00e6r\u00f0u D\u00ed\u00f6nu f\u00f3rnargjafir \u00ed <span class=\"iwg-fachbegriff\" data-tooltip=\"Bygging sem er tileinku\u00f0 tilbei\u00f0slu einnar e\u00f0a fleiri gu\u00f0a.\" tabindex=\"0\">hofi<\/span> hennar \u00e1 h\u00e1t\u00ed\u00f0isd\u00f6gum hennar. \u00deessi tr\u00faarlega samtvinnun Vestu og D\u00ed\u00f6nu endurspeglar n\u00e1in tengsl hreinleika, meyd\u00f3ms og lj\u00f3sgu\u00f0d\u00f3ms. J\u00fan\u00f3 var einnig \u00e1k\u00f6llu\u00f0 samhli\u00f0a D\u00ed\u00f6nu \u00e1 h\u00e1t\u00ed\u00f0isd\u00f6gum hennar \u00ed Lavinium og Tusculum, sem undirstrikar f\u00e6\u00f0ingarhj\u00e1lpandi hlutverk b\u00e1\u00f0um gy\u00f0junum.<\/p>\t\t\t\t\t\t\t\t<\/div>\n\t\t\t\t<\/div>\n\t\t<div class=\"elementor-element elementor-element-67e249f e-con-full e-flex e-con e-child\" data-id=\"67e249f\" data-element_type=\"container\" data-e-type=\"container\">\n\t\t\t\t<div class=\"elementor-element elementor-element-f9d3f49 elementor-widget elementor-widget-heading\" data-id=\"f9d3f49\" data-element_type=\"widget\" data-e-type=\"widget\" data-widget_type=\"heading.default\">\n\t\t\t\t\t<h2 class=\"elementor-heading-title elementor-size-default\">Mikilv\u00e6gar go\u00f0sagnir<\/h2>\t\t\t\t<\/div>\n\t\t\t\t<div class=\"elementor-element elementor-element-007d6ba elementor-widget elementor-widget-text-editor\" data-id=\"007d6ba\" data-element_type=\"widget\" data-e-type=\"widget\" data-widget_type=\"text-editor.default\">\n\t\t\t\t\t\t\t\t\t<p>Sagan af Aktaeon er \u00feekktasti \u00fe\u00e1tturinn \u00ed d\u00ed\u00f6nskri <span class=\"iwg-fachbegriff\" data-tooltip=\"Heildarsafn hef\u00f0bundinna gu\u00f0asagna \u00ed tiltekinni menningu.\" tabindex=\"0\">go\u00f0afr\u00e6\u00f0i<\/span>. \u00d3vid\u00edus l\u00fdsir \u00ed \u00abUmmyndunum\u00bb hvernig hinn ungi vei\u00f0ima\u00f0ur Aktaeon rekst \u00f3vart \u00e1 D\u00ed\u00f6nu \u00fear sem h\u00fan er a\u00f0 ba\u00f0a sig. Rei\u00f0 yfir a\u00f0 hreinleiki hennar hafi veri\u00f0 saurga\u00f0ur breytir h\u00fan honum \u00ed hj\u00f6rt sem hundar hans s\u00ed\u00f0an r\u00edfa \u00ed sig.<\/p><p>Sagan felur \u00ed s\u00e9r forna heilagleikabannhelgi, banni gegn \u00f3heimilu augnar\u00e1\u00f0i, og var \u00e1 mi\u00f0\u00f6ldum kristnu\u00f0 sem vi\u00f0v\u00f6run gegn si\u00f0lausri forvitni. T\u00edt\u00edan og s\u00ed\u00f0ari m\u00e1larar hafa fest augnablik ummyndunarinnar \u00ed fr\u00e6ga m\u00e1lverk sem draga saman <span class=\"iwg-fachbegriff\" data-tooltip=\"Endurteki\u00f0 innihaldsatri\u00f0i \u00ed myndlist e\u00f0a fr\u00e1s\u00f6gn.\" tabindex=\"0\">myndr\u00e6nt stef<\/span> hinnar heil\u00f6gu \u00fer\u00f6skuldar.<\/p>\n<p>Annar \u00fe\u00e1ttur sn\u00fdst um Ifigen\u00edu. Samkv\u00e6mt hef\u00f0 sem Serv\u00edus v\u00edsar til bjarga\u00f0i D\u00edana d\u00f3ttur Agamemnons \u00e1 s\u00ed\u00f0ustu stundu fr\u00e1 f\u00f3rnardau\u00f0a \u00ed Aulis og flutti hana \u00e1 burt til T\u00e1ris, \u00fear sem h\u00fan var\u00f0 prestynja hennar.<\/p><p>\u00cd r\u00f3mverskri t\u00falkun er sagan tengd Nemi-<span class=\"iwg-fachbegriff\" data-tooltip=\"Heildarsafn tr\u00faarlegra tilbei\u00f0sluathafna gagnvart gu\u00f0i e\u00f0a heilagri v\u00e6ttu.\" tabindex=\"0\">d\u00fdrkuninni<\/span>, \u00fev\u00ed a\u00f0 manntaf\u00f3rnin sem einkenndi T\u00e1ris er sj\u00e1lf st\u00f6\u00f0vu\u00f0 af D\u00ed\u00f6nu og gy\u00f0jan ver\u00f0ur verndari r\u00e9ttl\u00e1trar og h\u00f3fstilltrar f\u00f3rnarframkv\u00e6mdar.<\/p><p>\u00darvinnsla Evr\u00edp\u00eddesar \u00e1 \u00feessari <span class=\"iwg-fachbegriff\" data-tooltip=\"Hef\u00f0bundin fr\u00e1s\u00f6gn um gu\u00f0i, uppruna og skipan heimsins.\" tabindex=\"0\">go\u00f0s\u00f6gn<\/span> \u00ed \u00abIfigen\u00edu \u00ed T\u00e1ris\u00bb var oft leikin \u00e1 r\u00f3mverskum t\u00edma og haf\u00f0i \u00e1hrif \u00e1 skilninginn \u00e1 D\u00ed\u00f6nu sem gy\u00f0ju er bjargar f\u00f3lki \u00ed sta\u00f0 \u00feess a\u00f0 f\u00f3rna \u00fev\u00ed.<\/p>\n<p>\u00deri\u00f0ja sagan fjallar um hj\u00f6rt D\u00ed\u00f6nu \u00e1 Avent\u00ednh\u00e6\u00f0. Samkv\u00e6mt Liv\u00edusi \u00f3lst \u00f3venju st\u00f3r hj\u00f6rtur upp hj\u00e1 r\u00f3mverskum b\u00f3nda af sab\u00ednskum uppruna, og um d\u00fdri\u00f0 sag\u00f0i <span class=\"iwg-fachbegriff\" data-tooltip=\"Sta\u00f0ur e\u00f0a stofnun \u00fear sem leita\u00f0 er svars fr\u00e1 gu\u00f0i.\" tabindex=\"0\">v\u00e9fr\u00e9tt<\/span> a\u00f0 \u00fej\u00f3\u00f0in sem f\u00f3rna\u00f0i d\u00fdrinu myndi n\u00e1 yfirr\u00e1\u00f0um yfir \u00cdtal\u00edu.<\/p><p>Sab\u00edninn kom me\u00f0 hj\u00f6rtinn til <span class=\"iwg-fachbegriff\" data-tooltip=\"Bygging sem er helgu\u00f0 tilbei\u00f0slu einnar e\u00f0a fleiri gu\u00f0a.\" tabindex=\"0\">hofsins<\/span> \u00e1 Avent\u00ednh\u00e6\u00f0, en var svikinn af r\u00f3mverskri k\u00e6nsku til a\u00f0 l\u00e1ta d\u00fdri\u00f0 ver\u00f0a f\u00f3rna\u00f0 \u00fear. \u00deannig hlaut R\u00f3m hina fyrirheitnu forystust\u00f6\u00f0u. Sagan tengir saman hi\u00f0 sveitalega <span class=\"iwg-fachbegriff\" data-tooltip=\"T\u00e1kn sem stendur fyrir \u00e1kve\u00f0na hugmynd e\u00f0a merkingu.\" tabindex=\"0\">t\u00e1kn<\/span> hjartarins og hina p\u00f3lit\u00edsku \u00fe\u00fd\u00f0ingu D\u00ed\u00f6nu sem verndargy\u00f0ju R\u00f3mar.<\/p>\n<p>Fj\u00f3r\u00f0a go\u00f0sagnaminningin tengist Hipp\u00f3l\u00fdtosi. Hinn unga son \u00deeseifs, sem tilba\u00f0 a\u00f0eins D\u00ed\u00f6nu og fyrirl\u00edtti Venus, var veginn af nauts-<span class=\"iwg-fachbegriff\" data-tooltip=\"Andleg vera sem eignu\u00f0 er ska\u00f0leg e\u00f0a tv\u00edbent \u00e1hrif.\" tabindex=\"0\">d\u00e6moni<\/span> og var s\u00ed\u00f0an l\u00edfga\u00f0ur af D\u00ed\u00f6nu me\u00f0 hj\u00e1lp \u00c6sk\u00falaps og flutt burt til Ar\u00edk\u00edu \u00ed Nemi-dalinn.<\/p><p>\u00dear er sagt a\u00f0 hann hafi starfa\u00f0 sem hetja undir nafninu Virb\u00edus. Sagan tengir Avent\u00edn-d\u00fdrkunina vi\u00f0 Nemi-<span class=\"iwg-fachbegriff\" data-tooltip=\"Heilagur sk\u00f3garlundur sem \u00fej\u00f3na\u00f0i sem d\u00fdrkunarsta\u00f0ur.\" tabindex=\"0\">lundinn<\/span> og s\u00fdnir D\u00ed\u00f6nu sem gy\u00f0ju er ber fylgjendur s\u00edna handan dau\u00f0ans.<\/p>\t\t\t\t\t\t\t\t<\/div>\n\t\t\t\t<\/div>\n\t\t<div class=\"elementor-element elementor-element-d5b5d49 e-con-full e-flex e-con e-child\" data-id=\"d5b5d49\" data-element_type=\"container\" data-e-type=\"container\">\n\t\t\t\t<div class=\"elementor-element elementor-element-75ed841 elementor-widget elementor-widget-heading\" data-id=\"75ed841\" data-element_type=\"widget\" data-e-type=\"widget\" data-widget_type=\"heading.default\">\n\t\t\t\t\t<h2 class=\"elementor-heading-title elementor-size-default\">Tengsl innan go\u00f0aheimsins<\/h2>\t\t\t\t<\/div>\n\t\t\t\t<div class=\"elementor-element elementor-element-853128a elementor-widget elementor-widget-text-editor\" data-id=\"853128a\" data-element_type=\"widget\" data-e-type=\"widget\" data-widget_type=\"text-editor.default\">\n\t\t\t\t\t\t\t\t\t<p>D\u00edana var fr\u00e1 fornu fari skilin sem systir Apoll\u00f3s, \u00ed n\u00e1kv\u00e6mri hli\u00f0st\u00e6\u00f0u vi\u00f0 Artemis og Apollon \u00ed gr\u00edska gu\u00f0akerfinu. B\u00e6\u00f0i eru talin b\u00f6rn J\u00fap\u00edters og Lat\u00f3nu. Apoll\u00f3 er \u00edmynd hinnar sk\u00ednandi dags- og s\u00f3larhli\u00f0ar, D\u00edana hli\u00f0ar m\u00e1nans og n\u00e6turins.<\/p><p>\u00c1 d\u00fdrkunarst\u00f6\u00f0um eins og Delos og \u00ed r\u00f3mverskri samruna tr\u00faarbrag\u00f0a koma systkinin oft fram saman. Tr\u00faarstefna \u00c1g\u00fastusar n\u00fdtti \u00feetta systkinapar me\u00f0 r\u00e1\u00f0num hug, enda skildi \u00c1g\u00fastus sig sj\u00e1lfur sem skj\u00f3lst\u00e6\u00f0ing Apoll\u00f3s.<\/p>\n<p>Me\u00f0 Tr\u00edv\u00edu, gy\u00f0ju vegam\u00f3ta, er D\u00edana n\u00e1i\u00f0 sams\u00f6mu\u00f0. \u00cd \u00feessu hlutverki ver\u00f0ur h\u00fan a\u00f0 ne\u00f0anjar\u00f0arlegri gy\u00f0ju n\u00e1ttar, <span class=\"iwg-fachbegriff\" data-tooltip=\"Athafnir sem \u00e6tla\u00f0 er a\u00f0 hafa \u00e1hrif \u00e1 framvindu hluta me\u00f0 s\u00e9rst\u00f6kum gj\u00f6r\u00f0um e\u00f0a form\u00falum.\" tabindex=\"0\">galdurs<\/span> og \u00fer\u00f6skulda. Kat\u00fallus, Vergill og H\u00f3rat\u00edus nota nafnb\u00f3tina Tr\u00edv\u00eda sem sk\u00e1ldlegt tilbrig\u00f0i.<\/p><p>R\u00f6\u00f0in D\u00edana, L\u00fana, Hekata, Tr\u00edv\u00eda fl\u00e9ttast oft saman \u00ed eina fj\u00f6lmynda\u00f0a veru, sem var vins\u00e6l \u00e1 keisarat\u00edmanum. Athyglisvert er einnig <span class=\"iwg-fachbegriff\" data-tooltip=\"B\u00e6narleg e\u00f0a \u00e1kallandi \u00e1varp til gu\u00f0s e\u00f0a m\u00e1ttarvalds.\" tabindex=\"0\">\u00e1kalli\u00f0<\/span> til \u00c1g\u00fastusar \u00ed \u00abCarmen Saeculare\u00bb H\u00f3rat\u00edusar, sem tekur saman gy\u00f0ju\u00ferenninguna undir nafninu D\u00edana.<\/p>\n<p>Gagnvart Venus kemur D\u00edana fram sem verjandi sk\u00edrl\u00edfisins. B\u00e1\u00f0ar gy\u00f0jurnar eru \u00e1kalla\u00f0ar me\u00f0 andst\u00e6\u00f0um h\u00e6tti \u00ed \u00e1star- og hj\u00f3nabandsm\u00e1lum. Me\u00f0 J\u00fan\u00f3 deilir D\u00edana hlutverki f\u00e6\u00f0ingarhj\u00e1lpar, og \u00fev\u00ed var b\u00e1\u00f0um \u00e1kalla\u00f0 saman um verndun vi\u00f0 barnsbur\u00f0. \u00deessir \u00fe\u00e6ttir s\u00fdna a\u00f0 D\u00edana var ekki einangru\u00f0 \u00ed r\u00f3mverska <span class=\"iwg-fachbegriff\" data-tooltip=\"Heildarsafn gu\u00f0a \u00ed tr\u00faarbr\u00f6g\u00f0um e\u00f0a menningu.\" tabindex=\"0\">go\u00f0aveldinu<\/span>, heldur sett \u00ed samhengi fl\u00f3kins nets kvenlegra hlutverka.<\/p>\t\t\t\t\t\t\t\t<\/div>\n\t\t\t\t<\/div>\n\t\t<div class=\"elementor-element elementor-element-c92c8a7 e-con-full e-flex e-con e-child\" data-id=\"c92c8a7\" data-element_type=\"container\" data-e-type=\"container\">\n\t\t\t\t<div class=\"elementor-element elementor-element-3bb7509 elementor-widget elementor-widget-heading\" data-id=\"3bb7509\" data-element_type=\"widget\" data-e-type=\"widget\" data-widget_type=\"heading.default\">\n\t\t\t\t\t<h2 class=\"elementor-heading-title elementor-size-default\">M\u00f3ttaka og \u00e1hrif<\/h2>\t\t\t\t<\/div>\n\t\t\t\t<div class=\"elementor-element elementor-element-52b9961 elementor-widget elementor-widget-text-editor\" data-id=\"52b9961\" data-element_type=\"widget\" data-e-type=\"widget\" data-widget_type=\"text-editor.default\">\n\t\t\t\t\t\t\t\t\t<p>Endurreisnin (Renaissance) endurfann D\u00ed\u00f6nu sem \u00edmynd yndis\u00feokka og fjarl\u00e6g\u00f0ar fr\u00e1 menningu manna. Titian m\u00e1la\u00f0i hana \u00edtreka\u00f0, \u00feekktastar eru myndirnar \u00abDiana og Aktaeon\u00bb og \u00abDiana og Callisto\u00bb, sem b\u00e1\u00f0ar eru n\u00fa \u00ed Edinborg.<\/p><p>\u00c1 16. \u00f6ld var\u00f0 h\u00fan \u00e1sts\u00e6lasta gy\u00f0ja franskrar hir\u00f0menningar, s\u00e9rstaklega \u00e1 t\u00edmum Hinriks II. og Diane de Poitiers, sem svi\u00f0setti sig markvisst \u00ed hlutverki D\u00ed\u00f6nu. Kastalinn Anet var\u00f0 gri\u00f0asta\u00f0ur tileinka\u00f0ur D\u00ed\u00f6nu me\u00f0 fj\u00f6lda myndr\u00e6nna verka, \u00fear \u00e1 me\u00f0al hina \u00feekktu styttu Diane chasseresse, sem n\u00fa er var\u00f0veitt \u00ed Louvre-safninu.<\/p>\n<p>\u00c1 barokkt\u00edmanum kemur D\u00edana fram \u00ed franskri hir\u00f0\u00f3pera, me\u00f0al annars hj\u00e1 Lully, og \u00ed m\u00e1lverkum Domenichinos og Rubens.<\/p><p>\u00c1 18. \u00f6ld gegnir h\u00fan minna hlutverki sem t\u00e1knmynd en meira \u00ed landslagsm\u00e1lverkum, enda vex \u00e1hugi \u00e1 villtum lundum og senum \u00ed m\u00e1naskini. R\u00f3mant\u00edkin \u00e1 19. \u00f6ld d\u00fdpkar \u00feessa mynd og gerir D\u00ed\u00f6nu a\u00f0 <span class=\"iwg-fachbegriff\" data-tooltip=\"Sk\u00fdr og \u00e1\u00fereifanleg mynd sem t\u00e1knar \u00f3hlutbundna hugmynd.\" tabindex=\"0\">t\u00e1knmynd<\/span> \u00f3tamdrar, frumm\u00f3\u00f0urlegrar n\u00e1tt\u00faru.<\/p>\n<p>\u00cd tr\u00faarbrag\u00f0as\u00f6gu 19. og 20. aldar var\u00f0 D\u00edana a\u00f0 lykilpers\u00f3nu. Frazer opna\u00f0i verk sitt \u00abThe Golden Bough\u00bb me\u00f0 spurningunni um prestinn \u00ed Nemi og \u00fer\u00f3a\u00f0i \u00fat fr\u00e1 henni v\u00ed\u00f0t\u00e6ka kenningu um t\u00f6frakennt konungsvald.<\/p><p>Margaret Murray og eftirmenn hennar ger\u00f0u D\u00ed\u00f6nu a\u00f0 nafngjafa meintra evr\u00f3pskra ne\u00f0anjar\u00f0artr\u00faarbrag\u00f0a, hugsm\u00ed\u00f0 sem fr\u00e6\u00f0imenn telja \u00ed dag \u00f3verjandi \u00fat fr\u00e1 s\u00f6gulegu sj\u00f3narmi\u00f0i, en sem hefur haft dj\u00fap \u00e1hrif \u00e1 n\u00fat\u00edma n\u00fdhei\u00f0nar hreyfingar. Stregheria, \u00edtalsk-amer\u00edsk galdrahreyfing 20. aldar, v\u00edsar til D\u00ed\u00f6nu sem \u00e6\u00f0stu <span class=\"iwg-fachbegriff\" data-tooltip=\"Vera sem er d\u00fdrku\u00f0 sem gu\u00f0leg innan tr\u00faarbrag\u00f0a.\" tabindex=\"0\">gu\u00f0veru<\/span> og sta\u00f0festir \u00feannig varanlegan sess \u00feessarar fornu pers\u00f3nu.<\/p>\t\t\t\t\t\t\t\t<\/div>\n\t\t\t\t<\/div>\n\t\t<div class=\"elementor-element elementor-element-f43230f e-con-full e-flex e-con e-child\" data-id=\"f43230f\" data-element_type=\"container\" data-e-type=\"container\">\n\t\t\t\t<div class=\"elementor-element elementor-element-47197b7 elementor-widget elementor-widget-heading\" data-id=\"47197b7\" data-element_type=\"widget\" data-e-type=\"widget\" data-widget_type=\"heading.default\">\n\t\t\t\t\t<h2 class=\"elementor-heading-title elementor-size-default\">Tr\u00faarfr\u00e6\u00f0ileg sta\u00f0setning<\/h2>\t\t\t\t<\/div>\n\t\t\t\t<div class=\"elementor-element elementor-element-bd211dd elementor-widget elementor-widget-text-editor\" data-id=\"bd211dd\" data-element_type=\"widget\" data-e-type=\"widget\" data-widget_type=\"text-editor.default\">\n\t\t\t\t\t\t\t\t\t<p>Robert Schilling l\u00fdsir D\u00ed\u00f6nu sem \u00edtalskri gy\u00f0ju me\u00f0 tv\u00e6r megin\u00e1herslur, hinni sveitalegu lundard\u00fdrkun og hinni r\u00edkis- og borgarlegu virkni \u00e1 Avent\u00edn-h\u00e6\u00f0. \u00deessi tv\u00f6 svi\u00f0 eru a\u00f0greind f\u00e9lagss\u00f6gulega en tengd tr\u00faarlega. Kurt Latte t\u00falkar hina fornu D\u00ed\u00f6nu sem helstu gy\u00f0ju Latverja og telur Nemi-<span class=\"iwg-fachbegriff\" data-tooltip=\"Heild tr\u00faarlegra tilbei\u00f0sluathafna sem beint er til gu\u00f0s e\u00f0a heilagrar veru.\" tabindex=\"0\">helgisi\u00f0ina<\/span> hafa veri\u00f0 sta\u00f0 bandalagsei\u00f0s latverskra borga fyrir t\u00edma r\u00f3mverskra yfirr\u00e1\u00f0a.<\/p>\n<p>Mary Beard, John North og Simon Price leggja \u00e1herslu \u00e1 f\u00e9lagslega \u00fe\u00e1ttinn. <span class=\"iwg-fachbegriff\" data-tooltip=\"Bygging sem er helgu\u00f0 tilbei\u00f0slu \u00e1 einum e\u00f0a fleiri gu\u00f0um.\" tabindex=\"0\">Musteri\u00f0<\/span> \u00e1 Avent\u00edn-h\u00e6\u00f0 var samkomusta\u00f0ur al\u00fe\u00fd\u00f0u (plebeja) og \u00fer\u00e6la, en hin sveitalega <span class=\"iwg-fachbegriff\" data-tooltip=\"Heild tr\u00faarlegra tilbei\u00f0sluathafna sem beint er til gu\u00f0s e\u00f0a heilagrar veru.\" tabindex=\"0\">d\u00fdrkun<\/span> h\u00f6f\u00f0a\u00f0i til kvenna, hir\u00f0a og fer\u00f0amanna. Gy\u00f0jan endurspeglar \u00feannig h\u00f3pa utan hins senatorska kjarna, sem sk\u00fdrir hve lengi h\u00fan lif\u00f0i \u00ed al\u00fe\u00fd\u00f0utr\u00fa.<\/p><p>J\u00f6rg R\u00fcpke leggur \u00e1herslu \u00e1 hinn marg\u00fe\u00e6tta karakter D\u00ed\u00f6nu, sem tengdi saman borgarlega og sveitalega, hellenska og \u00edtalska, opinbera og einkalega \u00fe\u00e6tti.<\/p>\n<p>Tr\u00faars\u00f6guleg samfella fram \u00e1 mi\u00f0aldir er vel skjalfest. Carlo Ginzburg hefur \u00ed \u00abStoria notturna\u00bb raki\u00f0 spor d\u00ed\u00f6nskra hugmynda \u00ed al\u00fe\u00fd\u00f0ug\u00f6ldrum Nor\u00f0ur-\u00cdtal\u00edu og s\u00fdnt fram \u00e1 a\u00f0 galdratr\u00fa s\u00ed\u00f0mi\u00f0alda og \u00e1rn\u00fdaldar spratt \u00far neti sl\u00edkra hef\u00f0a. Norman Cohn greinir einnig \u00ed \u00abEurope&#8217;s Inner Demons\u00bb hvernig dj\u00f6fulv\u00e6\u00f0ing kirkjunnar lag\u00f0ist yfir \u00feessar sveitalegu hugmyndir.<\/p>\n<p>Fornleifaranns\u00f3knir 20. og 21. aldar hafa me\u00f0 umfangsmiklum uppgreftri \u00ed Nemi, Aricia og \u00e1 Avent\u00edn-h\u00e6\u00f0 varpa\u00f0 lj\u00f3si \u00e1 <span class=\"iwg-fachbegriff\" data-tooltip=\"Heilagur sta\u00f0ur helga\u00f0ur tilbei\u00f0slu \u00e1 gu\u00f0i.\" tabindex=\"0\">helgista\u00f0inn<\/span>. Fundirnir, einkum \u00e1letranir og f\u00f3rnargjafir, s\u00fdna samfellu \u00ed aldara\u00f0ir og a\u00f0 <span class=\"iwg-fachbegriff\" data-tooltip=\"Heild tr\u00faarlegra tilbei\u00f0sluathafna sem beint er til gu\u00f0s e\u00f0a heilagrar veru.\" tabindex=\"0\">d\u00fdrkunin<\/span> h\u00e9lt \u00e1fram fram \u00e1 <span class=\"iwg-fachbegriff\" data-tooltip=\"Umbreytingart\u00edmabil milli fornaldar og mi\u00f0alda, um 3. til 7. \u00f6ld.\" tabindex=\"0\">s\u00ed\u00f0forn\u00f6ld<\/span> kristninnar.<\/p>\t\t\t\t\t\t\t\t<\/div>\n\t\t\t\t<\/div>\n\t\t<div class=\"elementor-element elementor-element-a72358d e-con-full e-flex e-con e-child\" data-id=\"a72358d\" data-element_type=\"container\" data-e-type=\"container\">\n\t\t\t\t<div class=\"elementor-element elementor-element-261e25e elementor-widget elementor-widget-heading\" data-id=\"261e25e\" data-element_type=\"widget\" data-e-type=\"widget\" data-widget_type=\"heading.default\">\n\t\t\t\t\t<h2 class=\"elementor-heading-title elementor-size-default\">Heimildir og frekari lesning<\/h2>\t\t\t\t<\/div>\n\t\t\t\t<div class=\"elementor-element elementor-element-0e3b7c1 elementor-widget elementor-widget-text-editor\" data-id=\"0e3b7c1\" data-element_type=\"widget\" data-e-type=\"widget\" data-widget_type=\"text-editor.default\">\n\t\t\t\t\t\t\t\t\t<div data-nosnippet=\"true\"><p><span class=\"iwg-fachbegriff\" data-tooltip=\"T\u00edmabil gr\u00edskrar og r\u00f3mverskrar menningar, um 800 f.Kr. til 600 e.Kr.\" tabindex=\"0\">Forn\u00f6ld<\/span>arheimildir: Virgill \u00abAeneis\u00bb, \u00d3v\u00ed\u00f0 \u00abMetamorphoses\u00bb og \u00abFasti\u00bb, Liv\u00edus \u00abAb urbe condita\u00bb, Cat\u00fallus \u00abCarmina\u00bb 34, H\u00f3rat\u00edus \u00abCarmen Saeculare\u00bb, Strabon \u00abGeographika\u00bb, Serv\u00edus-sk\u00fdringarrit, P\u00e1san\u00edas \u00abPeriegesis\u00bb, Plinius \u00abNaturalis historia\u00bb.<\/p>\n<ul><li>Fr\u00e6\u00f0irit: James George Frazer, \u00abThe Golden Bough\u00bb, London 1890-1915.<\/li><li>Robert Schilling, \u00abRites, cultes, dieux de Rome\u00bb, Par\u00eds 1979.<\/li><li>Mary Beard, John North, Simon Price, \u00abReligions of Rome\u00bb, Cambridge 1998.<\/li><li>J\u00f6rg R\u00fcpke, \u00abDie Religion der R\u00f6mer\u00bb, M\u00fcnchen 2001.<\/li><li>Carlo Ginzburg, \u00abStoria notturna\u00bb, Tur\u00edn 1989.<\/li><li>Christopher Smith, \u00abThe Roman Clan\u00bb, Cambridge 2006.<\/li><li>Kurt Latte, \u00abR\u00f6mische Religionsgeschichte\u00bb, M\u00fcnchen 1960.<\/li><\/ul><\/div>\t\t\t\t\t\t\t\t<\/div>\n\t\t\t\t<\/div>\n\t\t\t\t\t<\/div>\n\t\t\t\t<\/div>\n\t\t\t\t<\/div>\n\t\t","protected":false},"excerpt":{"rendered":"","protected":false},"author":3,"featured_media":3256,"parent":0,"menu_order":0,"comment_status":"closed","ping_status":"closed","template":"elementor_header_footer","meta":{"_yoast_wpseo_focuskw":"Diana","_yoast_wpseo_title":"Diana \u2013 r\u00f3mversk gy\u00f0ja vei\u00f0anna | iWell Guard","_yoast_wpseo_metadesc":"Diana er r\u00f3mversk gy\u00f0ja vei\u00f0anna, m\u00e1nans, villtra d\u00fdra og f\u00e6\u00f0ingar. Systir Apoll\u00f3s, Nemi-helgista\u00f0urinn, Trivia-hlutverki\u00f0. Go\u00f0s\u00f6gn og d\u00fdrkun.","_yoast_wpseo_meta-robots-noindex":"","_yoast_wpseo_canonical":"","_angie_page":false,"gefaehrdungsstufe":"2","wesen_kultur":"rom","wesen_klasse":"goetter","footnotes":""},"categories":[],"class_list":["post-169071","page","type-page","status-publish","has-post-thumbnail","hentry"],"yoast_head":"<!-- This site is optimized with the Yoast SEO Premium plugin v27.7 (Yoast SEO v28.3) - https:\/\/yoast.com\/product\/yoast-seo-premium-wordpress\/ -->\n<title>Diana \u2013 r\u00f3mversk gy\u00f0ja vei\u00f0anna | iWell Guard<\/title>\n<meta name=\"description\" content=\"Diana er r\u00f3mversk gy\u00f0ja vei\u00f0anna, m\u00e1nans, villtra d\u00fdra og f\u00e6\u00f0ingar. Systir Apoll\u00f3s, Nemi-helgista\u00f0urinn, Trivia-hlutverki\u00f0. Go\u00f0s\u00f6gn og d\u00fdrkun.\" \/>\n<meta name=\"robots\" content=\"index, follow, max-snippet:-1, max-image-preview:large, max-video-preview:-1\" \/>\n<link rel=\"canonical\" href=\"https:\/\/iwell-guard.com\/is\/diana\/\" \/>\n<meta property=\"og:locale\" content=\"is_IS\" \/>\n<meta property=\"og:type\" content=\"article\" \/>\n<meta property=\"og:title\" content=\"Diana\" \/>\n<meta property=\"og:description\" content=\"Diana er r\u00f3mversk gy\u00f0ja vei\u00f0anna, m\u00e1nans, villtra d\u00fdra og f\u00e6\u00f0ingar. Systir Apoll\u00f3s, Nemi-helgista\u00f0urinn, Trivia-hlutverki\u00f0. Go\u00f0s\u00f6gn og d\u00fdrkun.\" \/>\n<meta property=\"og:url\" content=\"https:\/\/iwell-guard.com\/is\/diana\/\" \/>\n<meta property=\"og:site_name\" content=\"iWell Guard\" \/>\n<meta property=\"article:modified_time\" content=\"2026-09-05T14:31:32+00:00\" \/>\n<meta property=\"og:image\" content=\"https:\/\/iwell-guard.com\/wp-content\/uploads\/2026\/05\/goetter_rom_diana.webp\" \/>\n\t<meta property=\"og:image:width\" content=\"1024\" \/>\n\t<meta property=\"og:image:height\" content=\"1536\" \/>\n\t<meta property=\"og:image:type\" content=\"image\/webp\" \/>\n<meta name=\"twitter:card\" content=\"summary_large_image\" \/>\n<script type=\"application\/ld+json\" class=\"yoast-schema-graph\">{\"@context\":\"https:\\\/\\\/schema.org\",\"@graph\":[{\"@type\":\"WebPage\",\"@id\":\"https:\\\/\\\/iwell-guard.com\\\/is\\\/diana\\\/\",\"url\":\"https:\\\/\\\/iwell-guard.com\\\/is\\\/diana\\\/\",\"name\":\"Diana \u2013 r\u00f3mversk gy\u00f0ja vei\u00f0anna | iWell Guard\",\"isPartOf\":{\"@id\":\"https:\\\/\\\/iwell-guard.com\\\/is\\\/#website\"},\"primaryImageOfPage\":{\"@id\":\"https:\\\/\\\/iwell-guard.com\\\/is\\\/diana\\\/#primaryimage\"},\"image\":{\"@id\":\"https:\\\/\\\/iwell-guard.com\\\/is\\\/diana\\\/#primaryimage\"},\"thumbnailUrl\":\"https:\\\/\\\/iwell-guard.com\\\/wp-content\\\/uploads\\\/2026\\\/05\\\/goetter_rom_diana.webp\",\"datePublished\":\"2026-09-05T14:05:19+00:00\",\"dateModified\":\"2026-09-05T14:31:32+00:00\",\"description\":\"Diana er r\u00f3mversk gy\u00f0ja vei\u00f0anna, m\u00e1nans, villtra d\u00fdra og f\u00e6\u00f0ingar. Systir Apoll\u00f3s, Nemi-helgista\u00f0urinn, Trivia-hlutverki\u00f0. Go\u00f0s\u00f6gn og d\u00fdrkun.\",\"breadcrumb\":{\"@id\":\"https:\\\/\\\/iwell-guard.com\\\/is\\\/diana\\\/#breadcrumb\"},\"inLanguage\":\"is\",\"potentialAction\":[{\"@type\":\"ReadAction\",\"target\":[\"https:\\\/\\\/iwell-guard.com\\\/is\\\/diana\\\/\"]}]},{\"@type\":\"ImageObject\",\"inLanguage\":\"is\",\"@id\":\"https:\\\/\\\/iwell-guard.com\\\/is\\\/diana\\\/#primaryimage\",\"url\":\"https:\\\/\\\/iwell-guard.com\\\/wp-content\\\/uploads\\\/2026\\\/05\\\/goetter_rom_diana.webp\",\"contentUrl\":\"https:\\\/\\\/iwell-guard.com\\\/wp-content\\\/uploads\\\/2026\\\/05\\\/goetter_rom_diana.webp\",\"width\":1024,\"height\":1536,\"caption\":\"Gu\u00f0ir \u00far r\u00f3mverskri hef\u00f0.\"},{\"@type\":\"BreadcrumbList\",\"@id\":\"https:\\\/\\\/iwell-guard.com\\\/is\\\/diana\\\/#breadcrumb\",\"itemListElement\":[{\"@type\":\"ListItem\",\"position\":1,\"name\":\"Start\",\"item\":\"https:\\\/\\\/iwell-guard.com\\\/is\\\/?page_id=168580\"},{\"@type\":\"ListItem\",\"position\":2,\"name\":\"Diana\"}]},{\"@type\":\"WebSite\",\"@id\":\"https:\\\/\\\/iwell-guard.com\\\/is\\\/#website\",\"url\":\"https:\\\/\\\/iwell-guard.com\\\/is\\\/\",\"name\":\"iWell Guard\",\"description\":\"Schutz vor dunklen Einfl\u00fcssen\",\"publisher\":{\"@id\":\"https:\\\/\\\/iwell-guard.com\\\/is\\\/#organization\"},\"potentialAction\":[{\"@type\":\"SearchAction\",\"target\":{\"@type\":\"EntryPoint\",\"urlTemplate\":\"https:\\\/\\\/iwell-guard.com\\\/is\\\/?s={search_term_string}\"},\"query-input\":{\"@type\":\"PropertyValueSpecification\",\"valueRequired\":true,\"valueName\":\"search_term_string\"}}],\"inLanguage\":\"is\"},{\"@type\":\"Organization\",\"@id\":\"https:\\\/\\\/iwell-guard.com\\\/is\\\/#organization\",\"name\":\"Ittermann electronic GmbH\",\"url\":\"https:\\\/\\\/iwell-guard.com\\\/is\\\/\",\"logo\":{\"@type\":\"ImageObject\",\"inLanguage\":\"is\",\"@id\":\"https:\\\/\\\/iwell-guard.com\\\/is\\\/#\\\/schema\\\/logo\\\/image\\\/\",\"url\":\"https:\\\/\\\/iwell-guard.com\\\/wp-content\\\/uploads\\\/2026\\\/05\\\/Ittermann-Logo-1182x237-1.png\",\"contentUrl\":\"https:\\\/\\\/iwell-guard.com\\\/wp-content\\\/uploads\\\/2026\\\/05\\\/Ittermann-Logo-1182x237-1.png\",\"width\":1182,\"height\":237,\"caption\":\"Ittermann electronic GmbH\"},\"image\":{\"@id\":\"https:\\\/\\\/iwell-guard.com\\\/is\\\/#\\\/schema\\\/logo\\\/image\\\/\"},\"sameAs\":[\"https:\\\/\\\/pantip.com\\\/profile\\\/9367242\",\"https:\\\/\\\/micro.blog\\\/iwellguard\",\"https:\\\/\\\/www.diggerslist.com\\\/iwellguard\\\/about\",\"https:\\\/\\\/skitterphoto.com\\\/photographers\\\/2870314\\\/iwell-guard\",\"https:\\\/\\\/iwellguard.wordpress.com\\\/2026\\\/06\\\/06\\\/iwell-guard\\\/\",\"https:\\\/\\\/hub.docker.com\\\/u\\\/iwellguard\",\"https:\\\/\\\/www.pinterest.com\\\/iwellguard\\\/\",\"https:\\\/\\\/bit.ly\\\/m\\\/iwellguard\",\"https:\\\/\\\/entre-vos-mains.alsace.eu\\\/profiles\\\/iwellguard\\\/activity\",\"https:\\\/\\\/gravatar.com\\\/reallybeded8fd34\",\"https:\\\/\\\/naijamatta.com\\\/iwellguard\",\"https:\\\/\\\/www.goodreads.com\\\/iwellguard\",\"https:\\\/\\\/profile.hatena.ne.jp\\\/iwellguard\\\/\",\"https:\\\/\\\/experiment.com\\\/users\\\/iwellguard\",\"https:\\\/\\\/wakelet.com\\\/@iWellGuard82270\",\"https:\\\/\\\/www.chordie.com\\\/forum\\\/profile.php?id=2555664\",\"https:\\\/\\\/www.instapaper.com\\\/p\\\/17757966\",\"https:\\\/\\\/www.mapleprimes.com\\\/users\\\/iwellguard\",\"https:\\\/\\\/businesslistingplus.com\\\/profile\\\/iwell-guard\\\/\",\"https:\\\/\\\/telegra.ph\\\/iWell-Guard-06-06\",\"https:\\\/\\\/pbase.com\\\/iwellguard\\\/iwellguard\",\"https:\\\/\\\/b.hatena.ne.jp\\\/iwellguard\\\/20260607#bookmark-4788405196491818882\",\"https:\\\/\\\/fliphtml5.com\\\/home\\\/iwellguard\",\"https:\\\/\\\/anyflip.com\\\/homepage\\\/cmiwl#About\",\"https:\\\/\\\/transfur.com\\\/Users\\\/iwellguard\",\"http:\\\/\\\/delphi.larsbo.org\\\/user\\\/iwellguard\",\"https:\\\/\\\/jobs.lajobsportal.org\\\/profiles\\\/8380803-iwell-guard\",\"https:\\\/\\\/md.chaosdorf.de\\\/s\\\/jfbe5SBdJD\",\"https:\\\/\\\/www.lingvolive.com\\\/en-us\\\/profile\\\/9ecaeaca-ce11-4e51-9e71-01d55e2bff36\\\/translations\",\"https:\\\/\\\/www.fitday.com\\\/fitness\\\/forums\\\/members\\\/iwellguard.html\",\"https:\\\/\\\/www.mymeetbook.com\\\/iwellguard\",\"https:\\\/\\\/pxhere.com\\\/en\\\/photographer-me\\\/5040798\",\"https:\\\/\\\/disqus.com\\\/by\\\/iwellguard\\\/about\\\/\",\"https:\\\/\\\/pastelink.net\\\/hjwciqwq\",\"https:\\\/\\\/pubhtml5.com\\\/homepage\\\/scjhn\\\/\",\"https:\\\/\\\/www.bitchute.com\\\/channel\\\/2O2eOKzNqujT\",\"https:\\\/\\\/audiomack.com\\\/iwellguard\"]},{\"@type\":\"Article\",\"@id\":\"https:\\\/\\\/iwell-guard.com\\\/is\\\/diana\\\/#article\",\"isPartOf\":{\"@id\":\"https:\\\/\\\/iwell-guard.com\\\/is\\\/diana\\\/\"},\"author\":{\"name\":\"Ralf Ittermann\",\"@id\":\"https:\\\/\\\/iwell-guard.com\\\/is\\\/#\\\/schema\\\/person\\\/ee2a27f1cac3406c7c6fb5820cb7349f\"},\"headline\":\"Diana\",\"datePublished\":\"2026-09-05T14:05:19+00:00\",\"dateModified\":\"2026-09-05T14:31:32+00:00\",\"mainEntityOfPage\":{\"@id\":\"https:\\\/\\\/iwell-guard.com\\\/is\\\/diana\\\/\"},\"publisher\":{\"@id\":\"https:\\\/\\\/iwell-guard.com\\\/is\\\/#organization\"},\"image\":{\"@id\":\"https:\\\/\\\/iwell-guard.com\\\/is\\\/diana\\\/#primaryimage\"},\"thumbnailUrl\":\"https:\\\/\\\/iwell-guard.com\\\/wp-content\\\/uploads\\\/2026\\\/05\\\/goetter_rom_diana.webp\",\"inLanguage\":\"is\",\"description\":\"Diana er r\u00f3mversk gy\u00f0ja vei\u00f0anna, m\u00e1nans, villtra d\u00fdra og f\u00e6\u00f0ingar. Systir Apoll\u00f3s, Nemi-helgista\u00f0urinn, Trivia-hlutverki\u00f0. Go\u00f0s\u00f6gn og d\u00fdrkun.\"}]}<\/script>\n<!-- \/ Yoast SEO Premium plugin. -->","yoast_head_json":{"title":"Diana \u2013 r\u00f3mversk gy\u00f0ja vei\u00f0anna | iWell Guard","description":"Diana er r\u00f3mversk gy\u00f0ja vei\u00f0anna, m\u00e1nans, villtra d\u00fdra og f\u00e6\u00f0ingar. Systir Apoll\u00f3s, Nemi-helgista\u00f0urinn, Trivia-hlutverki\u00f0. Go\u00f0s\u00f6gn og d\u00fdrkun.","robots":{"index":"index","follow":"follow","max-snippet":"max-snippet:-1","max-image-preview":"max-image-preview:large","max-video-preview":"max-video-preview:-1"},"canonical":"https:\/\/iwell-guard.com\/is\/diana\/","og_locale":"is_IS","og_type":"article","og_title":"Diana","og_description":"Diana er r\u00f3mversk gy\u00f0ja vei\u00f0anna, m\u00e1nans, villtra d\u00fdra og f\u00e6\u00f0ingar. Systir Apoll\u00f3s, Nemi-helgista\u00f0urinn, Trivia-hlutverki\u00f0. Go\u00f0s\u00f6gn og d\u00fdrkun.","og_url":"https:\/\/iwell-guard.com\/is\/diana\/","og_site_name":"iWell Guard","article_modified_time":"2026-09-05T14:31:32+00:00","og_image":[{"width":1024,"height":1536,"url":"https:\/\/iwell-guard.com\/wp-content\/uploads\/2026\/05\/goetter_rom_diana.webp","type":"image\/webp"}],"twitter_card":"summary_large_image","schema":{"@context":"https:\/\/schema.org","@graph":[{"@type":"Article","@id":"https:\/\/iwell-guard.com\/is\/diana\/#article","isPartOf":{"@id":"https:\/\/iwell-guard.com\/is\/diana\/"},"author":{"name":"Ralf Ittermann","@id":"https:\/\/iwell-guard.com\/is\/#\/schema\/person\/ee2a27f1cac3406c7c6fb5820cb7349f"},"headline":"Diana","datePublished":"2026-09-05T14:05:19+00:00","dateModified":"2026-09-05T14:31:32+00:00","mainEntityOfPage":{"@id":"https:\/\/iwell-guard.com\/is\/diana\/"},"publisher":{"@id":"https:\/\/iwell-guard.com\/is\/#organization"},"image":{"@id":"https:\/\/iwell-guard.com\/is\/diana\/#primaryimage"},"thumbnailUrl":"https:\/\/iwell-guard.com\/wp-content\/uploads\/2026\/05\/goetter_rom_diana.webp","inLanguage":"is","description":"Diana er r\u00f3mversk gy\u00f0ja vei\u00f0anna, m\u00e1nans, villtra d\u00fdra og f\u00e6\u00f0ingar. Systir Apoll\u00f3s, Nemi-helgista\u00f0urinn, Trivia-hlutverki\u00f0. Go\u00f0s\u00f6gn og d\u00fdrkun."},{"@type":"WebPage","@id":"https:\/\/iwell-guard.com\/is\/diana\/","url":"https:\/\/iwell-guard.com\/is\/diana\/","name":"Diana \u2013 r\u00f3mversk gy\u00f0ja vei\u00f0anna | iWell Guard","isPartOf":{"@id":"https:\/\/iwell-guard.com\/is\/#website"},"primaryImageOfPage":{"@id":"https:\/\/iwell-guard.com\/is\/diana\/#primaryimage"},"image":{"@id":"https:\/\/iwell-guard.com\/is\/diana\/#primaryimage"},"thumbnailUrl":"https:\/\/iwell-guard.com\/wp-content\/uploads\/2026\/05\/goetter_rom_diana.webp","datePublished":"2026-09-05T14:05:19+00:00","dateModified":"2026-09-05T14:31:32+00:00","description":"Diana er r\u00f3mversk gy\u00f0ja vei\u00f0anna, m\u00e1nans, villtra d\u00fdra og f\u00e6\u00f0ingar. Systir Apoll\u00f3s, Nemi-helgista\u00f0urinn, Trivia-hlutverki\u00f0. Go\u00f0s\u00f6gn og d\u00fdrkun.","breadcrumb":{"@id":"https:\/\/iwell-guard.com\/is\/diana\/#breadcrumb"},"inLanguage":"is","potentialAction":[{"@type":"ReadAction","target":["https:\/\/iwell-guard.com\/is\/diana\/"]}]},{"@type":"ImageObject","inLanguage":"is","@id":"https:\/\/iwell-guard.com\/is\/diana\/#primaryimage","url":"https:\/\/iwell-guard.com\/wp-content\/uploads\/2026\/05\/goetter_rom_diana.webp","contentUrl":"https:\/\/iwell-guard.com\/wp-content\/uploads\/2026\/05\/goetter_rom_diana.webp","width":1024,"height":1536,"caption":"Gu\u00f0ir \u00far r\u00f3mverskri hef\u00f0."},{"@type":"BreadcrumbList","@id":"https:\/\/iwell-guard.com\/is\/diana\/#breadcrumb","itemListElement":[{"@type":"ListItem","position":1,"name":"Start","item":"https:\/\/iwell-guard.com\/is\/?page_id=168580"},{"@type":"ListItem","position":2,"name":"Diana"}]},{"@type":"WebSite","@id":"https:\/\/iwell-guard.com\/is\/#website","url":"https:\/\/iwell-guard.com\/is\/","name":"iWell Guard","description":"Schutz vor dunklen Einfl\u00fcssen","publisher":{"@id":"https:\/\/iwell-guard.com\/is\/#organization"},"potentialAction":[{"@type":"SearchAction","target":{"@type":"EntryPoint","urlTemplate":"https:\/\/iwell-guard.com\/is\/?s={search_term_string}"},"query-input":{"@type":"PropertyValueSpecification","valueRequired":true,"valueName":"search_term_string"}}],"inLanguage":"is"},{"@type":"Organization","@id":"https:\/\/iwell-guard.com\/is\/#organization","name":"Ittermann electronic GmbH","url":"https:\/\/iwell-guard.com\/is\/","logo":{"@type":"ImageObject","inLanguage":"is","@id":"https:\/\/iwell-guard.com\/is\/#\/schema\/logo\/image\/","url":"https:\/\/iwell-guard.com\/wp-content\/uploads\/2026\/05\/Ittermann-Logo-1182x237-1.png","contentUrl":"https:\/\/iwell-guard.com\/wp-content\/uploads\/2026\/05\/Ittermann-Logo-1182x237-1.png","width":1182,"height":237,"caption":"Ittermann electronic GmbH"},"image":{"@id":"https:\/\/iwell-guard.com\/is\/#\/schema\/logo\/image\/"},"sameAs":["https:\/\/pantip.com\/profile\/9367242","https:\/\/micro.blog\/iwellguard","https:\/\/www.diggerslist.com\/iwellguard\/about","https:\/\/skitterphoto.com\/photographers\/2870314\/iwell-guard","https:\/\/iwellguard.wordpress.com\/2026\/06\/06\/iwell-guard\/","https:\/\/hub.docker.com\/u\/iwellguard","https:\/\/www.pinterest.com\/iwellguard\/","https:\/\/bit.ly\/m\/iwellguard","https:\/\/entre-vos-mains.alsace.eu\/profiles\/iwellguard\/activity","https:\/\/gravatar.com\/reallybeded8fd34","https:\/\/naijamatta.com\/iwellguard","https:\/\/www.goodreads.com\/iwellguard","https:\/\/profile.hatena.ne.jp\/iwellguard\/","https:\/\/experiment.com\/users\/iwellguard","https:\/\/wakelet.com\/@iWellGuard82270","https:\/\/www.chordie.com\/forum\/profile.php?id=2555664","https:\/\/www.instapaper.com\/p\/17757966","https:\/\/www.mapleprimes.com\/users\/iwellguard","https:\/\/businesslistingplus.com\/profile\/iwell-guard\/","https:\/\/telegra.ph\/iWell-Guard-06-06","https:\/\/pbase.com\/iwellguard\/iwellguard","https:\/\/b.hatena.ne.jp\/iwellguard\/20260607#bookmark-4788405196491818882","https:\/\/fliphtml5.com\/home\/iwellguard","https:\/\/anyflip.com\/homepage\/cmiwl#About","https:\/\/transfur.com\/Users\/iwellguard","http:\/\/delphi.larsbo.org\/user\/iwellguard","https:\/\/jobs.lajobsportal.org\/profiles\/8380803-iwell-guard","https:\/\/md.chaosdorf.de\/s\/jfbe5SBdJD","https:\/\/www.lingvolive.com\/en-us\/profile\/9ecaeaca-ce11-4e51-9e71-01d55e2bff36\/translations","https:\/\/www.fitday.com\/fitness\/forums\/members\/iwellguard.html","https:\/\/www.mymeetbook.com\/iwellguard","https:\/\/pxhere.com\/en\/photographer-me\/5040798","https:\/\/disqus.com\/by\/iwellguard\/about\/","https:\/\/pastelink.net\/hjwciqwq","https:\/\/pubhtml5.com\/homepage\/scjhn\/","https:\/\/www.bitchute.com\/channel\/2O2eOKzNqujT","https:\/\/audiomack.com\/iwellguard"]},{"@type":"Person","@id":"https:\/\/iwell-guard.com\/is\/#\/schema\/person\/ee2a27f1cac3406c7c6fb5820cb7349f","name":"Ralf Ittermann","image":{"@type":"ImageObject","inLanguage":"is","@id":"https:\/\/secure.gravatar.com\/avatar\/073c0153e350a5005b68eb752b445fea71f6b24a26da9449ad7e155e6b446c9d?s=96&d=mm&r=g","url":"https:\/\/secure.gravatar.com\/avatar\/073c0153e350a5005b68eb752b445fea71f6b24a26da9449ad7e155e6b446c9d?s=96&d=mm&r=g","contentUrl":"https:\/\/secure.gravatar.com\/avatar\/073c0153e350a5005b68eb752b445fea71f6b24a26da9449ad7e155e6b446c9d?s=96&d=mm&r=g","caption":"Ralf Ittermann"},"givenName":"Ralf","familyName":"Ittermann","jobTitle":"Gesch\u00e4ftsf\u00fchrer und redaktioneller Verantwortlicher","url":"https:\/\/iwell-guard.com\/is\/author\/claude\/","description":"Ralf Ittermann ist Gesch\u00e4ftsf\u00fchrer der Ittermann electronic GmbH und redaktioneller Verantwortlicher des iWell-Guard-Lexikons. Er verbindet langj\u00e4hrige Erfahrung in der Pr\u00e4zisionsfertigung mit medialer Praxis und religionsgeschichtlicher Quellenarbeit.","worksFor":{"@type":"Organization","name":"Ittermann electronic GmbH","url":"https:\/\/ittermann.de\/","address":{"@type":"PostalAddress","streetAddress":"K\u00f6hlergasse 16-18","postalCode":"99842","addressLocality":"Ruhla","addressCountry":"DE"}},"knowsAbout":["Religionsgeschichte","Mythologie","Mediale Praxis","Energetische Diagnostik","Schutzpraxis","Volksglauben","Westliche Esoterik"]},{"@type":"Article","@id":"https:\/\/iwell-guard.com\/is\/diana\/#article","isPartOf":{"@id":"https:\/\/iwell-guard.com\/is\/diana\/"},"author":{"name":"Ralf Ittermann","@id":"https:\/\/iwell-guard.com\/is\/#\/schema\/person\/ee2a27f1cac3406c7c6fb5820cb7349f"},"headline":"Diana","datePublished":"2026-09-05T14:05:19+00:00","dateModified":"2026-09-05T14:31:32+00:00","mainEntityOfPage":{"@id":"https:\/\/iwell-guard.com\/is\/diana\/"},"publisher":{"@id":"https:\/\/iwell-guard.com\/is\/#organization"},"image":{"@id":"https:\/\/iwell-guard.com\/is\/diana\/#primaryimage"},"thumbnailUrl":"https:\/\/iwell-guard.com\/wp-content\/uploads\/2026\/05\/goetter_rom_diana.webp","inLanguage":"is","description":"Diana er r\u00f3mversk gy\u00f0ja vei\u00f0anna, m\u00e1nans, villtra d\u00fdra og f\u00e6\u00f0ingar. Systir Apoll\u00f3s, Nemi-helgista\u00f0urinn, Trivia-hlutverki\u00f0. Go\u00f0s\u00f6gn og d\u00fdrkun."}]}},"_links":{"self":[{"href":"https:\/\/iwell-guard.com\/is\/wp-json\/wp\/v2\/pages\/169071","targetHints":{"allow":["GET"]}}],"collection":[{"href":"https:\/\/iwell-guard.com\/is\/wp-json\/wp\/v2\/pages"}],"about":[{"href":"https:\/\/iwell-guard.com\/is\/wp-json\/wp\/v2\/types\/page"}],"author":[{"embeddable":true,"href":"https:\/\/iwell-guard.com\/is\/wp-json\/wp\/v2\/users\/3"}],"replies":[{"embeddable":true,"href":"https:\/\/iwell-guard.com\/is\/wp-json\/wp\/v2\/comments?post=169071"}],"version-history":[{"count":0,"href":"https:\/\/iwell-guard.com\/is\/wp-json\/wp\/v2\/pages\/169071\/revisions"}],"wp:featuredmedia":[{"embeddable":true,"href":"https:\/\/iwell-guard.com\/is\/wp-json\/wp\/v2\/media\/3256"}],"wp:attachment":[{"href":"https:\/\/iwell-guard.com\/is\/wp-json\/wp\/v2\/media?parent=169071"}],"wp:term":[{"taxonomy":"category","embeddable":true,"href":"https:\/\/iwell-guard.com\/is\/wp-json\/wp\/v2\/categories?post=169071"}],"curies":[{"name":"wp","href":"https:\/\/api.w.org\/{rel}","templated":true}]}}