{"id":169070,"date":"2026-09-05T14:05:19","date_gmt":"2026-09-05T14:05:19","guid":{"rendered":"https:\/\/iwell-guard.com\/?page_id=169070"},"modified":"2026-09-05T14:31:29","modified_gmt":"2026-09-05T14:31:29","slug":"minerva","status":"publish","type":"page","link":"https:\/\/iwell-guard.com\/is\/minerva\/","title":{"rendered":"Minerva"},"content":{"rendered":"\t\t<div data-elementor-type=\"wp-page\" data-elementor-id=\"169070\" class=\"elementor elementor-169070 elementor-3011 elementor-bc-flex-widget\" data-elementor-post-type=\"page\">\n\t\t\t\t<div class=\"elementor-element elementor-element-8b58201 e-flex e-con-boxed e-con e-parent\" data-id=\"8b58201\" data-element_type=\"container\" data-e-type=\"container\" data-settings=\"{&quot;background_background&quot;:&quot;classic&quot;}\">\n\t\t\t\t\t<div class=\"e-con-inner\">\n\t\t<div class=\"elementor-element elementor-element-da51ea3 e-flex e-con-boxed e-con e-child\" data-id=\"da51ea3\" data-element_type=\"container\" data-e-type=\"container\">\n\t\t\t\t\t<div class=\"e-con-inner\">\n\t\t<div class=\"elementor-element elementor-element-6417cf4 e-con-full e-flex e-con e-child\" data-id=\"6417cf4\" data-element_type=\"container\" data-e-type=\"container\">\n\t\t\t\t<div class=\"elementor-element elementor-element-1266072 elementor-widget elementor-widget-heading\" data-id=\"1266072\" data-element_type=\"widget\" data-e-type=\"widget\" data-widget_type=\"heading.default\">\n\t\t\t\t\t<h1 class=\"elementor-heading-title elementor-size-default\">Minerva, r\u00f3mversk gy\u00f0ja viskunnar<\/h1>\t\t\t\t<\/div>\n\t\t\t\t<div class=\"elementor-element elementor-element-322afdc elementor-widget elementor-widget-text-editor\" data-id=\"322afdc\" data-element_type=\"widget\" data-e-type=\"widget\" data-widget_type=\"text-editor.default\">\n\t\t\t\t\t\t\t\t\t<p>Minerva er r\u00f3mversk gy\u00f0ja viskunnar, handverks og herna\u00f0arlegrar \u00e1\u00e6tlanager\u00f0ar. H\u00fan tilheyrir, \u00e1samt Iuppiter og Iuno, kap\u00edt\u00f3l\u00ednsku \u00ferenningunni sem mynda\u00f0i tr\u00faarlega mi\u00f0ju r\u00f3mverska r\u00edkisins. \u00d3l\u00edkt hinum ofsafengna Mars t\u00falkar h\u00fan hina \u00fatreiknu\u00f0u, t\u00e6knilegu hli\u00f0 str\u00ed\u00f0sins.<\/p><p><span class=\"iwg-fachbegriff\" data-tooltip=\"Heild \u00feeirra tr\u00faarlegu athafna sem beinast a\u00f0 tilbei\u00f0slu gu\u00f0s e\u00f0a heilagrar veru.\" tabindex=\"0\">D\u00fdrkun<\/span> hennar tengdi handverksf\u00e9l\u00f6g, kennara, l\u00e6kna og t\u00f3nlistarmenn saman og n\u00e1\u00f0i fr\u00e1 etr\u00faskum r\u00f3tum fram til <span class=\"iwg-fachbegriff\" data-tooltip=\"Umbreytingart\u00edmabil milli fornaldar og mi\u00f0alda, um \u00fea\u00f0 bil 3. til 7. \u00f6ld.\" tabindex=\"0\">s\u00ed\u00f0fornaldar<\/span>. Enn \u00feann dag \u00ed dag stendur Minerva \u00ed evr\u00f3pskri menntahef\u00f0 sem <span class=\"iwg-fachbegriff\" data-tooltip=\"Sk\u00fdr mynd sem t\u00e1knar \u00f3hlutbundna hugsun.\" tabindex=\"0\">t\u00e1kn<\/span> fyrir \u00feekkingu sem sprettur af reynslu og aga.<\/p>\t\t\t\t\t\t\t\t<\/div>\n\t\t\t\t<\/div>\n\t\t<div class=\"elementor-element elementor-element-f5c66e8 e-con-full e-flex e-con e-parent\" data-id=\"f5c66e8\" data-element_type=\"container\" data-e-type=\"container\">\n\t\t\t\t<div class=\"elementor-element elementor-element-fdacb15 elementor-widget elementor-widget-html\" data-id=\"fdacb15\" data-element_type=\"widget\" data-e-type=\"widget\" data-widget_type=\"html.default\">\n\t\t\t\t\t<div class=\"iwg-pill-row\"><span class=\"iwg-klasse-badge\" tabindex=\"0\" data-tooltip=\"Gu\u00f0 \/ gy\u00f0ja: Pers\u00f3nuger\u00f0 \u00e6\u00f0sta vald \u00ed go\u00f0aveldi menningar, me\u00f0 sk\u00fdr valdsvi\u00f0 \u2014 n\u00e1tt\u00faru\u00f6fl, \u00f6rl\u00f6g, str\u00ed\u00f0, frj\u00f3semi. D\u00fdrku\u00f0 me\u00f0 tr\u00faars\u00f6fnu\u00f0um, f\u00f3rnum og hofastofnunum.\">Gy\u00f0ja<\/span><a href=\"https:\/\/iwell-guard.com\/is\/rom\/\" class=\"iwg-kultur-badge\" tabindex=\"0\" data-tooltip=\"R\u00f3mversk tr\u00faarbr\u00f6g\u00f0 fr\u00e1 konungd\u00f3mi til s\u00ed\u00f0fornaldar \u2014 samruna me\u00f0 gr\u00edskum og etr\u00faskum l\u00f6gum.\">R\u00f3m<\/a><\/div>\t\t\t\t<\/div>\n\t\t\t\t<\/div>\n\t\t<div class=\"elementor-element elementor-element-e45ca86 e-con-full e-flex e-con e-child\" data-id=\"e45ca86\" data-element_type=\"container\" data-e-type=\"container\">\n\t\t\t\t<div class=\"elementor-element elementor-element-47b3478 elementor-toc--minimized-on-tablet elementor-widget elementor-widget-table-of-contents\" data-id=\"47b3478\" data-element_type=\"widget\" data-e-type=\"widget\" data-settings=\"{&quot;exclude_headings_by_selector&quot;:[],&quot;no_headings_message&quot;:&quot;Engar undirfyrirsagnir fundust \\u00e1 \\u00feessari s\\u00ed\\u00f0u.&quot;,&quot;headings_by_tags&quot;:[&quot;h2&quot;,&quot;h3&quot;],&quot;marker_view&quot;:&quot;bullets&quot;,&quot;icon&quot;:{&quot;value&quot;:&quot;fas fa-circle&quot;,&quot;library&quot;:&quot;fa-solid&quot;,&quot;rendered_tag&quot;:&quot;&lt;svg class=\\&quot;e-font-icon-svg e-fas-circle\\&quot; viewBox=\\&quot;0 0 512 512\\&quot; xmlns=\\&quot;http:\\\/\\\/www.w3.org\\\/2000\\\/svg\\&quot;&gt;&lt;path d=\\&quot;M256 8C119 8 8 119 8 256s111 248 248 248 248-111 248-248S393 8 256 8z\\&quot;&gt;&lt;\\\/path&gt;&lt;\\\/svg&gt;&quot;},&quot;minimize_box&quot;:&quot;yes&quot;,&quot;minimized_on&quot;:&quot;tablet&quot;,&quot;hierarchical_view&quot;:&quot;yes&quot;,&quot;min_height&quot;:{&quot;unit&quot;:&quot;px&quot;,&quot;size&quot;:&quot;&quot;,&quot;sizes&quot;:[]},&quot;min_height_tablet&quot;:{&quot;unit&quot;:&quot;px&quot;,&quot;size&quot;:&quot;&quot;,&quot;sizes&quot;:[]},&quot;min_height_mobile&quot;:{&quot;unit&quot;:&quot;px&quot;,&quot;size&quot;:&quot;&quot;,&quot;sizes&quot;:[]}}\" data-widget_type=\"table-of-contents.default\">\n\t\t\t\t\t\t\t\t\t<div class=\"elementor-toc__header\">\n\t\t\t\t\t\t<h2 class=\"elementor-toc__header-title\">\n\t\t\t\tEfnisyfirlit\t\t\t<\/h2>\n\t\t\t\t\t\t\t\t\t\t<div class=\"elementor-toc__toggle-button elementor-toc__toggle-button--expand\" role=\"button\" tabindex=\"0\" aria-controls=\"elementor-toc__47b3478\" aria-expanded=\"true\" aria-label=\"Open table of contents\"><svg aria-hidden=\"true\" class=\"e-font-icon-svg e-fas-chevron-down\" viewBox=\"0 0 448 512\" xmlns=\"http:\/\/www.w3.org\/2000\/svg\"><path d=\"M207.029 381.476L12.686 187.132c-9.373-9.373-9.373-24.569 0-33.941l22.667-22.667c9.357-9.357 24.522-9.375 33.901-.04L224 284.505l154.745-154.021c9.379-9.335 24.544-9.317 33.901.04l22.667 22.667c9.373 9.373 9.373 24.569 0 33.941L240.971 381.476c-9.373 9.372-24.569 9.372-33.942 0z\"><\/path><\/svg><\/div>\n\t\t\t\t<div class=\"elementor-toc__toggle-button elementor-toc__toggle-button--collapse\" role=\"button\" tabindex=\"0\" aria-controls=\"elementor-toc__47b3478\" aria-expanded=\"true\" aria-label=\"Close table of contents\"><svg aria-hidden=\"true\" class=\"e-font-icon-svg e-fas-chevron-up\" viewBox=\"0 0 448 512\" xmlns=\"http:\/\/www.w3.org\/2000\/svg\"><path d=\"M240.971 130.524l194.343 194.343c9.373 9.373 9.373 24.569 0 33.941l-22.667 22.667c-9.357 9.357-24.522 9.375-33.901.04L224 227.495 69.255 381.516c-9.379 9.335-24.544 9.317-33.901-.04l-22.667-22.667c-9.373-9.373-9.373-24.569 0-33.941L207.03 130.525c9.372-9.373 24.568-9.373 33.941-.001z\"><\/path><\/svg><\/div>\n\t\t\t\t\t<\/div>\n\t\t\t\t<div id=\"elementor-toc__47b3478\" class=\"elementor-toc__body\">\n\t\t\t<div class=\"elementor-toc__spinner-container\">\n\t\t\t\t<svg class=\"elementor-toc__spinner eicon-animation-spin e-font-icon-svg e-eicon-loading\" aria-hidden=\"true\" viewBox=\"0 0 1000 1000\" xmlns=\"http:\/\/www.w3.org\/2000\/svg\"><path d=\"M500 975V858C696 858 858 696 858 500S696 142 500 142 142 304 142 500H25C25 237 238 25 500 25S975 237 975 500 763 975 500 975Z\"><\/path><\/svg>\t\t\t<\/div>\n\t\t<\/div>\n\t\t\t\t\t\t<\/div>\n\t\t\t\t<\/div>\n\t\t\t\t\t<\/div>\n\t\t\t\t<\/div>\n\t\t<div class=\"elementor-element elementor-element-3a503ed e-con-full e-flex e-con e-child\" data-id=\"3a503ed\" data-element_type=\"container\" data-e-type=\"container\">\n\t\t\t\t<div class=\"elementor-element elementor-element-c4c2b35 iwg-hero-image elementor-widget elementor-widget-image\" data-id=\"c4c2b35\" data-element_type=\"widget\" data-e-type=\"widget\" data-widget_type=\"image.default\">\n\t\t\t\t\t\t\t\t\t\t\t\t\t\t\t<img fetchpriority=\"high\" decoding=\"async\" width=\"683\" height=\"1024\" src=\"https:\/\/iwell-guard.com\/wp-content\/uploads\/2026\/05\/goetter_rom_minerva-683x1024.webp\" class=\"attachment-large size-large wp-image-170697\" alt=\"Minerva - Gu\u00f0ir \u00far r\u00f3mverskri hef\u00f0, s\u00f6gulega myndskreytt\" srcset=\"https:\/\/iwell-guard.com\/wp-content\/uploads\/2026\/05\/goetter_rom_minerva-683x1024.webp 683w, https:\/\/iwell-guard.com\/wp-content\/uploads\/2026\/05\/goetter_rom_minerva-200x300.webp 200w, https:\/\/iwell-guard.com\/wp-content\/uploads\/2026\/05\/goetter_rom_minerva-768x1152.webp 768w, https:\/\/iwell-guard.com\/wp-content\/uploads\/2026\/05\/goetter_rom_minerva.webp 1024w\" sizes=\"(max-width: 683px) 100vw, 683px\" \/>\t\t\t\t\t\t\t\t\t\t\t\t\t\t\t<\/div>\n\t\t\t\t<\/div>\n\t\t\t\t\t<\/div>\n\t\t\t\t<\/div>\n\t\t<div class=\"elementor-element elementor-element-4670358 e-con-boxed e-flex e-con e-parent\" data-id=\"4670358\" data-element_type=\"container\" data-e-type=\"container\">\n\t\t\t\t\t<div class=\"e-con-inner\">\n\t\t<div class=\"elementor-element elementor-element-7c6a7ef e-con-full e-flex e-con e-child\" data-id=\"7c6a7ef\" data-element_type=\"container\" data-e-type=\"container\">\n\t\t\t\t<div class=\"elementor-element elementor-element-9f49b1c elementor-widget elementor-widget-heading\" data-id=\"9f49b1c\" data-element_type=\"widget\" data-e-type=\"widget\" data-widget_type=\"heading.default\">\n\t\t\t\t\t<h2 class=\"elementor-heading-title elementor-size-default\">Go\u00f0s\u00f6gn og uppruni<\/h2>\t\t\t\t<\/div>\n\t\t\t\t<div class=\"elementor-element elementor-element-fd645ec elementor-widget elementor-widget-text-editor\" data-id=\"fd645ec\" data-element_type=\"widget\" data-e-type=\"widget\" data-widget_type=\"text-editor.default\">\n\t\t\t\t\t\t\t\t\t<p>R\u00f3mverska Minerva er n\u00e1i\u00f0 tengd etr\u00fasku Menrva, sem sj\u00e1lf tilheyrir hinum v\u00ed\u00f0fe\u00f0ma \u00edtalska go\u00f0aheimi R\u00f3mar \u00e1 t\u00edmum Tarqu\u00edn\u00eda-konunga. \u00deegar \u00e1 konungst\u00edmanum, \u00feegar etr\u00fask \u00e1hrif m\u00f3tu\u00f0u r\u00f3mverska tr\u00fa, var Menrva mikilv\u00e6g <span class=\"iwg-fachbegriff\" data-tooltip=\"Vera sem d\u00fdrku\u00f0 er sem gu\u00f0leg innan tr\u00faarbrag\u00f0a.\" tabindex=\"0\">gu\u00f0leg vera<\/span> str\u00ed\u00f0s, handverks og f\u00e6\u00f0ingar.<\/p><p>Me\u00f0 etr\u00fasku Kap\u00edt\u00f3l\u00ednsku \u00ferenningunni komst h\u00fan inn \u00ed kap\u00edt\u00f3l\u00ednska h\u00f6fu\u00f0d\u00fdrkunina og var\u00f0, undir nafninu Minerva, gy\u00f0ja vi\u00f0 hli\u00f0 Iuppiter Optimus Maximus og Iuno Regina. Sameining \u00feriggja gu\u00f0legra vera \u00ed einni cellu var ekki sj\u00e1lfs\u00f6g\u00f0 \u00e1 \u00edt\u00f6lsku sv\u00e6\u00f0inu og er \u00ed tr\u00faars\u00f6gulegu samhengi talin v\u00edsbending um etr\u00faska hofsarkitekt\u00far.<\/p>\n<p>\u00cd hinu hellen\u00edska m\u00f3ta\u00f0a R\u00f3m var\u00f0 flj\u00f3tt til v\u00ed\u00f0t\u00e6k sams\u00f6mun vi\u00f0 gr\u00edsku A\u00feenu. \u00d3vid l\u00e6tur Minervu koma fram \u00ed \u00abUmmyndununum\u00bb sem verndargy\u00f0ju vefna\u00f0ar, sem breytir Arachne \u00ed spendil vegna ofmetna\u00f0ar hennar. \u00deessi fr\u00e1s\u00f6gn tilheyrir upprunalega gr\u00edska go\u00f0sagnaheiminum en var s\u00ed\u00f0ar samofin r\u00f3mverskri go\u00f0amynd \u00e1 lat\u00ednu.<\/p><p>Virgill nefnir \u00ed \u00abEneasarkvi\u00f0u\u00bb \u00edtreka\u00f0 Pallasmynd Minervu, \u00feann tr\u00e9styttu-kultmun sem st\u00f3\u00f0 \u00ed Tr\u00f3ju og var, samkv\u00e6mt r\u00f3mverskri hef\u00f0, fluttur til \u00cdtal\u00edu af Eneasi.<\/p><p>S\u00fa hugmynd a\u00f0 \u00feetta Pallad\u00edum hafi veri\u00f0 var\u00f0veitt \u00ed Vesta-<span class=\"iwg-fachbegriff\" data-tooltip=\"Bygging sem er notu\u00f0 til d\u00fdrkunar \u00e1 einum e\u00f0a fleiri gu\u00f0um.\" tabindex=\"0\">hofinu<\/span> \u00e1 Forum tengdi Minervu n\u00e1i\u00f0 vi\u00f0 r\u00edkisd\u00fdrkunina og gaf henni mi\u00f0l\u00e6gt hlutverk \u00ed \u00e1g\u00fast\u00ednskri r\u00edkisgo\u00f0afr\u00e6\u00f0i.<\/p>\n<p>F\u00e6\u00f0ing Minervu \u00far h\u00f6f\u00f0i Iuppiters er algengt b\u00f3kmenntalegt minni. \u00cd tr\u00faarlegri framkv\u00e6md l\u00e9k \u00feessi go\u00f0sagnalega \u00e6tterni minna hlutverk en virkni hennar sem verndari \u00feekkingar og handverkslegrar n\u00e1kv\u00e6mni.<\/p><p>Varr\u00f3 og Cicero fjalla um Minervu sem eina af mikilv\u00e6gustu gy\u00f0jum r\u00f3mverska go\u00f0aheimsins, en Cicero greinir \u00ed \u00abDe natura deorum\u00bb \u00e1 milli nokkurra Minervae og s\u00fdnir \u00feannig a\u00f0 <span class=\"iwg-fachbegriff\" data-tooltip=\"T\u00edmabil gr\u00edskrar og r\u00f3mverskrar menningar, um \u00fea\u00f0 bil 800 f.Kr. til 600 e.Kr.\" tabindex=\"0\">forn<\/span>ir fr\u00e6\u00f0imenn reyndu a\u00f0 greina \u00e1 milli mismunandi d\u00fdrkunarl\u00edna.<\/p><p>\u00cd gu\u00f0fr\u00e6\u00f0ilegu lagal\u00edkani s\u00ed\u00f0l\u00fd\u00f0veldist\u00edmans eru, auk kap\u00edt\u00f3l\u00ednsku Minervu, taldar upp hersk\u00e1 Minerva, l\u00e6knisfr\u00e6\u00f0ileg Minerva og fremur verslunartengd Minerva. \u00deessi margbreytileiki bendir til gamals knippis mismunandi \u00edtalskra d\u00fdrkana undir einu nafni.<\/p>\n<p>Or\u00f0sifjafr\u00e6\u00f0ileg uppruni er ekki einhuga r\u00e6dd \u00ed n\u00fat\u00edmafr\u00e6\u00f0um. L\u00edklega liggur ind\u00f3evr\u00f3psk r\u00f3t me\u00f0 merkingunni \u00abhugsa\u00bb e\u00f0a \u00abm\u00e6la\u00bb til grundvallar, en af henni er einnig latneska or\u00f0i\u00f0 mens, \u00fe.e. \u00ab<span class=\"iwg-fachbegriff\" data-tooltip=\"L\u00edkamslaus vera sem s\u00f6g\u00f0 er hafa \u00e1hrif \u00ed heiminum.\" tabindex=\"0\">andi<\/span>\u00bb, leitt af.<\/p><p>\u00deannig er Minerva fr\u00e1 upphafi, m\u00e1lfr\u00e6\u00f0ilega s\u00e9\u00f0, gy\u00f0ja hinnar hugarlegu m\u00e6lingar heimsins, hvort sem \u00fea\u00f0 er \u00ed formi handverks, ritm\u00e1ls e\u00f0a \u00e1\u00e6tlanager\u00f0ar.<\/p>\t\t\t\t\t\t\t\t<\/div>\n\t\t\t\t<\/div>\n\t\t<div class=\"elementor-element elementor-element-c75cded e-con-full e-flex e-con e-child\" data-id=\"c75cded\" data-element_type=\"container\" data-e-type=\"container\">\n\t\t\t\t<div class=\"elementor-element elementor-element-37c0c2e elementor-widget elementor-widget-heading\" data-id=\"37c0c2e\" data-element_type=\"widget\" data-e-type=\"widget\" data-widget_type=\"heading.default\">\n\t\t\t\t\t<h2 class=\"elementor-heading-title elementor-size-default\">T\u00e1kn og einkenni<\/h2>\t\t\t\t<\/div>\n\t\t\t\t<div class=\"elementor-element elementor-element-a1512d9 elementor-widget elementor-widget-text-editor\" data-id=\"a1512d9\" data-element_type=\"widget\" data-e-type=\"widget\" data-widget_type=\"text-editor.default\">\n\t\t\t\t\t\t\t\t\t<p>Minerva kemur venjulega fram \u00ed myndlist me\u00f0 hj\u00e1lm, spj\u00f3t og skj\u00f6ld. \u00c1 skj\u00f6ldinum e\u00f0a brj\u00f3stpl\u00f6tunni birtist oft gorgoneion, h\u00f6fu\u00f0 Med\u00fasu, verndart\u00e1kn sem f\u00e6lir illt fr\u00e1 og v\u00edsar til tengslanna vi\u00f0 gr\u00edsku gy\u00f0juna A\u00feenu.<\/p><p>Hj\u00e1lmur hennar er oftast korint\u00edskur \u00ed laginu og \u00e1 keisarat\u00edmanum oft skreyttur listilegum fja\u00f0rask\u00faf. Spj\u00f3ti\u00f0 er ekki reist til \u00e1r\u00e1sar heldur stutt ni\u00f0ur, sem v\u00edsar til hlutverks hennar sem var\u00f0veitanda, ekki \u00e1r\u00e1sara\u00f0ila.<\/p>\n<p>Uglan telst helgid\u00fdr hennar og t\u00e1knar skarpa s\u00fdn hinnar vitru. \u00cd r\u00f3mverskri myntfr\u00e6\u00f0i birtist uglan \u00e1 myntum sem tengjast handverki e\u00f0a l\u00e6rd\u00f3mi. Auk \u00feess er h\u00f6ggormurinn fylgit\u00e1kn sem v\u00edsar til fyrra chthon\u00edsks e\u00f0lis gy\u00f0junnar.<\/p><p>Ol\u00edfutr\u00e9\u00f0, sem er mi\u00f0l\u00e6gt fyrir A\u00feenu \u00ed Grikklandi, gegnir minna hlutverki \u00ed R\u00f3m en er \u00fe\u00f3 skjalfest \u00ed tengslum vi\u00f0 landb\u00fana\u00f0arfr\u00e6\u00f0slu. \u00cd \u00e1letrunum fr\u00e1 Pompeii og Ostia er Minerva s\u00fdnd me\u00f0 ol\u00edugrein og sk\u00e1l, sem bendir til helgrar merkingar ol\u00edfutr\u00e9sins \u00ed sveitalegu handverkssamhengi.<\/p>\n<p>\u00cd starfslegu tilliti eru sn\u00e6lda, vefskutla og st\u00edlus, \u00fea\u00f0 er verkf\u00e6ri text\u00edl- og skriftarhandverks, mikilv\u00e6g. \u00c1 h\u00e1t\u00ed\u00f0um ullarvinnukvenna og kennara voru \u00feessi verkf\u00e6ri l\u00f6g\u00f0 t\u00e1kr\u00e6nt fyrir mynd hennar.<\/p><p>Ferningurinn, hugsa\u00f0ur sem m\u00e1l n\u00e1kv\u00e6mni, birtist einnig \u00ed s\u00ed\u00f0fornum alleg\u00f3r\u00edum \u00fear sem Minerva er sett fram sem verndari septem artes liberales, hinna sj\u00f6 frj\u00e1lsu listgreina. Minna kunn eigind er flautan, sem s\u00f6g\u00f0 var vera uppfinning hennar, en sem h\u00fan s\u00ed\u00f0ar hafna\u00f0i samkv\u00e6mt <span class=\"iwg-fachbegriff\" data-tooltip=\"Yfirlifu\u00f0 fr\u00e1s\u00f6gn um gu\u00f0i, uppruna og skipan heimsins.\" tabindex=\"0\">go\u00f0s\u00f6gunni<\/span> sj\u00e1lfri.<\/p>\n<p>\u00c1 <span class=\"iwg-fachbegriff\" data-tooltip=\"Umbreytingart\u00edmabil milli fornaldar og mi\u00f0alda, um 3. til 7. \u00f6ld.\" tabindex=\"0\">s\u00ed\u00f0forn\u00f6ld<\/span> birtist Minerva me\u00f0 b\u00f3krollu og st\u00edlus e\u00f0a fyrir framan s\u00falnaarkitekt\u00far sem t\u00e1knar hi\u00f0 geometr\u00edska m\u00e1l. \u00deessi breyting \u00ed myndm\u00e1li s\u00fdnir umbreytinguna fr\u00e1 r\u00edkisbur\u00f0ugri str\u00ed\u00f0sgy\u00f0ju til verndara l\u00e6r\u00f0rar menntunar, sem lag\u00f0i grunn a\u00f0 umbreytingunni yfir \u00ed kristna alleg\u00f3r\u00edu Sapientia.<\/p>\t\t\t\t\t\t\t\t<\/div>\n\t\t\t\t<\/div>\n\t\t<div class=\"elementor-element elementor-element-a0ebfe1 e-con-full e-flex e-con e-child\" data-id=\"a0ebfe1\" data-element_type=\"container\" data-e-type=\"container\">\n\t\t\t\t<div class=\"elementor-element elementor-element-3d2d10d elementor-widget elementor-widget-heading\" data-id=\"3d2d10d\" data-element_type=\"widget\" data-e-type=\"widget\" data-widget_type=\"heading.default\">\n\t\t\t\t\t<h2 class=\"elementor-heading-title elementor-size-default\">D\u00fdrkun og tilbei\u00f0sla<\/h2>\t\t\t\t<\/div>\n\t\t\t\t<div class=\"elementor-element elementor-element-434fec6 elementor-widget elementor-widget-text-editor\" data-id=\"434fec6\" data-element_type=\"widget\" data-e-type=\"widget\" data-widget_type=\"text-editor.default\">\n\t\t\t\t\t\t\t\t\t<p>Mikilv\u00e6gasta r\u00f3mverska <span class=\"iwg-fachbegriff\" data-tooltip=\"Helgur sta\u00f0ur tileinka\u00f0ur tilbei\u00f0slu gu\u00f0s.\" tabindex=\"0\">helgista\u00f0ur<\/span> Minervu var \u00e1 Avent\u00edn-h\u00e6\u00f0inni og h\u00e9t Aedes Minervae. Hann var hef\u00f0bundinn samkomusta\u00f0ur scribae og histriones, \u00fea\u00f0 er skrifara og leikara, sem skipul\u00f6g\u00f0u \u00fear starfsf\u00e9l\u00f6g s\u00edn.<\/p><p>\u00deetta <span class=\"iwg-fachbegriff\" data-tooltip=\"Bygging sem tileinku\u00f0 er tilbei\u00f0slu einnar e\u00f0a fleiri gu\u00f0a.\" tabindex=\"0\">hof<\/span> var tali\u00f0 helsti samkomusta\u00f0ur kennara og l\u00e6kna, sem er \u00e1st\u00e6\u00f0an fyrir \u00fev\u00ed a\u00f0 s\u00ed\u00f0ari heimildir l\u00edta \u00e1 Minervu sem gy\u00f0ju menntunar \u00ed v\u00ed\u00f0um skilningi. Sta\u00f0setningin \u00e1 Avent\u00edn-h\u00e6\u00f0inni, h\u00e6\u00f0 alm\u00fagans, gaf <span class=\"iwg-fachbegriff\" data-tooltip=\"Heild tr\u00faarlegra tilbei\u00f0sluathafna fyrir gu\u00f0 e\u00f0a helga v\u00e6ttu.\" tabindex=\"0\">d\u00fdrkuninni<\/span> f\u00e9lagslega \u00e1herslu utan vi\u00f0 hina \u00f6ldungar\u00e1\u00f0slegu yfirst\u00e9tt.<\/p>\n<p>\u00cd Kapit\u00f3lshofinu deildi h\u00fan klefa me\u00f0 J\u00fap\u00edter og J\u00fan\u00f3. \u00cd \u00fev\u00ed hlutverki var h\u00fan r\u00edkisgy\u00f0ja \u00ed str\u00f6ngustu merkingu. R\u00e6\u00f0ismenn og emb\u00e6ttismenn f\u00e6r\u00f0u henni <span class=\"iwg-fachbegriff\" data-tooltip=\"Gj\u00f6f til gu\u00f0s til a\u00f0 tj\u00e1 \u00feakkl\u00e6ti, b\u00f3n e\u00f0a tilbei\u00f0slu.\" tabindex=\"0\">f\u00f3rnir<\/span> vi\u00f0 emb\u00e6ttist\u00f6ku, hersh\u00f6f\u00f0ingjar l\u00f6g\u00f0u fram herfang sem v\u00edgslugjafir eftir sigra. \u00c1letrunir fr\u00e1 keisarat\u00edmanum nefna hana oft \u00e1samt J\u00fap\u00edter Conservator sem var\u00f0veitandi <span class=\"iwg-fachbegriff\" data-tooltip=\"Vera sem er tilbe\u00f0in sem gu\u00f0leg innan tr\u00faarbrag\u00f0a.\" tabindex=\"0\">gu\u00f0<\/span> r\u00edkisins.<\/p>\n<p>Mikilv\u00e6gasta h\u00e1t\u00ed\u00f0in var Quinquatrus, haldin dagana 19. til 23. mars. Ovidius fjallar \u00edtarlega um \u00feessa h\u00e1t\u00ed\u00f0 \u00ed \u00abFasten\u00bb og l\u00fdsir tengslum vi\u00f0 kennara, n\u00e1msmenn, l\u00e6kna, litara og ullarvinnuf\u00f3lk. Fyrstu dagana l\u00e1 str\u00ed\u00f0sstarfsemi ni\u00f0ri, s\u00ed\u00f0an fylgdu skylmingaleikar og listakeppnir.<\/p><p>\u00d6nnur sm\u00e6rri h\u00e1t\u00ed\u00f0, Quinquatrus minusculae \u00ed j\u00fan\u00ed, var tileinku\u00f0 flautuleikurum, en starfsf\u00e9lag \u00feeirra var n\u00e1i\u00f0 tengt <span class=\"iwg-fachbegriff\" data-tooltip=\"Bygging sem tileinku\u00f0 er tilbei\u00f0slu einnar e\u00f0a fleiri gu\u00f0a.\" tabindex=\"0\">hofinu<\/span>. B\u00e1\u00f0ar h\u00e1t\u00ed\u00f0irnar voru mikilv\u00e6g t\u00e6kif\u00e6ri fyrir starfsf\u00e9l\u00f6g til a\u00f0 endurn\u00fdja reglur s\u00ednar og taka sameiginlegar \u00e1kvar\u00f0anir.<\/p>\n<p>\u00cd skattl\u00f6ndunum var Minerva oft samsett vi\u00f0 sta\u00f0bundnar gy\u00f0jur. \u00cd Bretlandi rann h\u00fan saman vi\u00f0 Sulis og mynda\u00f0i Sulis Minerva, en heilsulind hennar \u00ed Aquae Sulis var mikilv\u00e6g p\u00edlagr\u00edmami\u00f0st\u00f6\u00f0. \u00cd Gall\u00edu kemur h\u00fan fram sem verndari smi\u00f0a, vefkvenna og skrifara, en \u00e1 D\u00f3n\u00e1rsv\u00e6\u00f0inu birtist h\u00fan \u00ed \u00e1letrunum \u00e1samt innlendum handverksgu\u00f0um.<\/p><p>\u00cd Nor\u00f0ur-Afr\u00edku er h\u00fan skjalfest sem Minerva Augusta, n\u00e1i\u00f0 tengd keisarad\u00fdrkun sever\u00edsku konungs\u00e6ttarinnar. \u00deessi margbreytileiki \u00ed skattl\u00f6ndunum s\u00fdnir getu r\u00f3mverska tr\u00faarkerfisins til a\u00f0 samr\u00e6ma sta\u00f0bundin tengsl \u00ed heildst\u00e6\u00f0a r\u00edkisgu\u00f0fr\u00e6\u00f0i, eina <span class=\"iwg-fachbegriff\" data-tooltip=\"V\u00edsindaleg fr\u00e6\u00f0igrein um gu\u00f0 og tr\u00fa innan tr\u00faarbrag\u00f0a.\" tabindex=\"0\">gu\u00f0fr\u00e6\u00f0i<\/span> fyrir allt r\u00edki\u00f0.<\/p>\n<p>Kapprei\u00f0ar, sk\u00f3labyrjun og fyrsta skriftartilraun barns voru oft t\u00edmasettar \u00e1 Quinquatrus. \u00deessi samtvinnun daglegs l\u00edfs og h\u00e1t\u00ed\u00f0ardagatals s\u00fdnir a\u00f0 Minerva var ekki a\u00f0eins \u00e1k\u00f6llu\u00f0 \u00e1 s\u00e9rst\u00f6kum tilefnum heldur einnig \u00ed daglegu sk\u00f3lastarfi. Kennarar fengu \u00e1 h\u00e1t\u00ed\u00f0ardegi hennar Minerval, tegund sk\u00f3lagjalds, hugtak sem lifir \u00e1fram \u00ed franska or\u00f0inu minerval.<\/p>\t\t\t\t\t\t\t\t<\/div>\n\t\t\t\t<\/div>\n\t\t<div class=\"elementor-element elementor-element-d1eed44 e-con-full e-flex e-con e-child\" data-id=\"d1eed44\" data-element_type=\"container\" data-e-type=\"container\">\n\t\t\t\t<div class=\"elementor-element elementor-element-13afc06 elementor-widget elementor-widget-heading\" data-id=\"13afc06\" data-element_type=\"widget\" data-e-type=\"widget\" data-widget_type=\"heading.default\">\n\t\t\t\t\t<h2 class=\"elementor-heading-title elementor-size-default\">Mikilv\u00e6gar go\u00f0sagnir<\/h2>\t\t\t\t<\/div>\n\t\t\t\t<div class=\"elementor-element elementor-element-c232197 elementor-widget elementor-widget-text-editor\" data-id=\"c232197\" data-element_type=\"widget\" data-e-type=\"widget\" data-widget_type=\"text-editor.default\">\n\t\t\t\t\t\t\t\t\t<p>\u00cd \u00abUmmyndunum\u00bb (Metamorphoses) segir \u00d3vid\u00edus fr\u00e1 Arachne. Vefkonan Arachne fr\u00e1 L\u00fdd\u00edu skorar \u00e1 M\u00ednervu \u00ed keppni, en gy\u00f0jan birtist \u00ed gervi gamlar konu, varar hana vi\u00f0 og tekur s\u00ed\u00f0an \u00fe\u00e1tt \u00ed keppninni. M\u00ednerva vefur gu\u00f0ina \u00ed \u00f3lymp\u00edskri tign, en Arachne l\u00fdsir \u00e1star\u00e6vint\u00fdrum gu\u00f0anna \u00e1 h\u00e1\u00f0skan h\u00e1tt.<\/p><p>S\u00e1rum s\u00ednum vegna, vegna sm\u00e1narinnar, breytir M\u00ednerva keppinauti s\u00ednum \u00ed k\u00f6ngul\u00f3. Sagan dregur saman r\u00f3mverska hugmyndina um ofmetna\u00f0 gagnvart gu\u00f0legri skipan og s\u00fdnir einnig hlutverk M\u00ednervu sem verndargy\u00f0ju vefna\u00f0arlistar. B\u00f3kmenntalega s\u00e9\u00f0 er h\u00fan huglei\u00f0ing um takm\u00f6rk mannlegrar listar andsp\u00e6nis \u00fev\u00ed gu\u00f0lega.<\/p>\n<p>\u00d6nnur saga fjallar um Pallad\u00edum, hina fornu <span class=\"iwg-fachbegriff\" data-tooltip=\"Myndr\u00e6n framsetning gu\u00f0s e\u00f0a gy\u00f0ju sem d\u00fdrku\u00f0 er \u00ed musteri e\u00f0a helgid\u00f3mi.\" tabindex=\"0\">d\u00fdrlingsmynd<\/span> M\u00ednervu. Samkv\u00e6mt \u00abEneasarkvi\u00f0u\u00bb (Aeneis) Vergil\u00edusar bjargar Eneas myndinni \u00far brennandi Trj\u00f3ju. S\u00ed\u00f0ar er h\u00fan var\u00f0veitt \u00ed <span class=\"iwg-fachbegriff\" data-tooltip=\"Bygging sem er tileinku\u00f0 tilbei\u00f0slu einnar e\u00f0a fleiri gu\u00f0a.\" tabindex=\"0\">musteri<\/span> Vestu \u00e1 Forum, \u00fear sem tali\u00f0 var a\u00f0 tilvist hennar v\u00e6ri tengd \u00f6rl\u00f6gum R\u00f3mar.<\/p><p>Prestarnir og vest\u00f6lurnar v\u00f6ktu\u00f0u myndina, og \u00e1 t\u00edmum h\u00e6ttu var h\u00fan k\u00f6llu\u00f0 fram sem helgur trygging borgarinnar. \u00deessi tengsl M\u00ednervu og Vestu s\u00fdna hversu n\u00e1tengt verndun r\u00edkisins og verndun \u00feekkingar var hugsu\u00f0 \u00ed r\u00f3mverskri tr\u00fa.<\/p><p>Cicero og Liv\u00edus greina fr\u00e1 nokkrum atvikum \u00fear sem Pallad\u00edum var s\u00fdnt opinberlega e\u00f0a bjarga\u00f0, \u00feegar borgin \u00fe\u00f3tti \u00ed h\u00e6ttu.<\/p>\n<p>\u00deri\u00f0ja go\u00f0sagnakennda minningin sn\u00fdst um flautuleikarann Mars\u00fdas. Tali\u00f0 er a\u00f0 M\u00ednerva hafi fundi\u00f0 upp flautuna, en hafna\u00f0 henni \u00feegar h\u00fan s\u00e1 spegilmynd s\u00edna \u00ed vatni me\u00f0 uppbl\u00e1snum kinnum. Sat\u00fdrinn Mars\u00fdas t\u00f3k upp hlj\u00f3\u00f0f\u00e6ri\u00f0 og skora\u00f0i s\u00ed\u00f0ar \u00e1 Apollon \u00ed t\u00f3nlistareinv\u00edgi.<\/p><p>Apollon sigra\u00f0i og l\u00e9t fl\u00e1 Mars\u00fdas. Sagan er \u00ed r\u00f3mverskum skilningi \u00e1minning um takm\u00f6rk listr\u00e6nnar metna\u00f0argirndar og undirstrikar verndarhlutverk M\u00ednervu fyrir vir\u00f0ulega, h\u00f3fstillta list. H\u00fan endurspeglar jafnframt r\u00f3mverska h\u00f6fnun \u00e1 v\u00edmukenndum d\u00ed\u00f3n\u00fds\u00edskum eiginleikum, sem flautunni var t\u00e1knr\u00e6nt eignu\u00f0.<\/p>\n<p>Fj\u00f3r\u00f0a sagan, sta\u00f0f\u00e6r\u00f0 \u00ed \u00edtalskri hef\u00f0, greinir fr\u00e1 \u00f3l\u00edfukeppni M\u00ednervu og Nept\u00fanusar um yfirr\u00e1\u00f0 yfir A\u00feenu. \u00d3vid\u00edus tekur \u00feessa gr\u00edsku s\u00f6gu upp \u00ed \u00abUmmyndunum\u00bb og setur hana \u00e1 myndina \u00e1 vefst\u00f3l Arachne, sem undirstrikar \u00feemabundin tengsl vi\u00f0 Arachne-s\u00f6gunni.<\/p><p>M\u00ednerva sigrar me\u00f0 hinni nytsamlegu gj\u00f6f sinni, \u00f3l\u00edfutr\u00e9nu, yfir hesti Nept\u00fanusar, sem markar yfirbur\u00f0i fri\u00f0samlegrar, n\u00e6randi menningar yfir hr\u00e1rri n\u00e1tt\u00farukrafti.<\/p>\t\t\t\t\t\t\t\t<\/div>\n\t\t\t\t<\/div>\n\t\t<div class=\"elementor-element elementor-element-2c4525e e-con-full e-flex e-con e-child\" data-id=\"2c4525e\" data-element_type=\"container\" data-e-type=\"container\">\n\t\t\t\t<div class=\"elementor-element elementor-element-cabc3c1 elementor-widget elementor-widget-heading\" data-id=\"cabc3c1\" data-element_type=\"widget\" data-e-type=\"widget\" data-widget_type=\"heading.default\">\n\t\t\t\t\t<h2 class=\"elementor-heading-title elementor-size-default\">Tengsl innan go\u00f0aheimsins<\/h2>\t\t\t\t<\/div>\n\t\t\t\t<div class=\"elementor-element elementor-element-ff830c2 elementor-widget elementor-widget-text-editor\" data-id=\"ff830c2\" data-element_type=\"widget\" data-e-type=\"widget\" data-widget_type=\"text-editor.default\">\n\t\t\t\t\t\t\t\t\t<p>\u00cd kap\u00edt\u00f3lska \u00fer\u00edeykinu stendur M\u00ednerva vi\u00f0 hli\u00f0 J\u00fap\u00edters og J\u00fan\u00f3. \u00deessi samsetning, sem er \u00feegar sta\u00f0fest \u00ed etr\u00faskri tr\u00fa, tj\u00e1ir samspil valds, fj\u00f6lskyldu og \u00feekkingar sem a\u00f0 r\u00f3mverskum skilningi bar uppi r\u00edki\u00f0.<\/p><p>J\u00fap\u00edter er hinn \u00e6\u00f0sti stj\u00f3rnandi, J\u00fan\u00f3 verndar konur og hj\u00f3naband, M\u00ednerva tryggir vitsmunalegan og handverklegan grundv\u00f6ll. \u00deessar \u00ferj\u00e1r myndir mynda r\u00edkisgu\u00f0fr\u00e6\u00f0ilegt kerfi sem endurtekur sig \u00e1 n\u00e6r \u00f6llum opinberum byggingum R\u00f3mar og \u00ed borgum \u00cdtal\u00edu.<\/p>\n<p>M\u00ednerva er n\u00e1i\u00f0 tengd Mars, en hlutverk \u00feeirra eru sk\u00fdrt a\u00f0greind. Mars t\u00e1knar herna\u00f0arlegt hugrekki, M\u00ednerva hina strateg\u00edsku hyggindav\u00edsi. Cicero dregur \u00feennan a\u00f0greining fram \u00ed \u00abDe natura deorum\u00bb og s\u00e9r \u00ed M\u00ednervu hina \u00abskynsemislegu\u00bb hli\u00f0 herna\u00f0arlistarinnar.<\/p><p>Me\u00f0 Vestu deilir h\u00fan umhyggju fyrir hinni helgu tryggingu r\u00edkisins, Pallad\u00edum, me\u00f0 Apollon hinni listr\u00e6nu svi\u00f0i, me\u00f0 Merk\u00far\u00edusi umsj\u00f3n me\u00f0 i\u00f0na\u00f0i og verslun.<\/p>\n<p>\u00cd hellen\u00edskri <span class=\"iwg-fachbegriff\" data-tooltip=\"Samruni hugmynda e\u00f0a gu\u00f0a \u00far mismunandi tr\u00faarhef\u00f0um.\" tabindex=\"0\">samruna tr\u00faarhef\u00f0a<\/span> (synkretisma) t\u00f3k M\u00ednerva n\u00e6r algj\u00f6rlega yfir go\u00f0sagnaheim A\u00feenu. \u00cd s\u00ed\u00f0fornri alleg\u00f3r\u00edu birtist h\u00fan oft sem pers\u00f3nugerving Sapientia (v\u00edsd\u00f3ms), og fyrir viki\u00f0 haf\u00f0i pers\u00f3na hennar \u00e1hrif \u00e1 kristilega-heimspekilega hef\u00f0.<\/p><p>\u00c1g\u00fast\u00ednus, sem er gagnr\u00fdninn \u00e1 hei\u00f0in gu\u00f0um, vi\u00f0urkennir \u00ed \u00abDe civitate Dei\u00bb \u00fe\u00f3 s\u00e9rstaka latneska tign M\u00ednervu og notar hana sem alleg\u00f3r\u00edu fyrir mannlega skynsemi.<\/p>\t\t\t\t\t\t\t\t<\/div>\n\t\t\t\t<\/div>\n\t\t<div class=\"elementor-element elementor-element-0f6089b e-con-full e-flex e-con e-child\" data-id=\"0f6089b\" data-element_type=\"container\" data-e-type=\"container\">\n\t\t\t\t<div class=\"elementor-element elementor-element-4f5b6e6 elementor-widget elementor-widget-heading\" data-id=\"4f5b6e6\" data-element_type=\"widget\" data-e-type=\"widget\" data-widget_type=\"heading.default\">\n\t\t\t\t\t<h2 class=\"elementor-heading-title elementor-size-default\">M\u00f3ttaka og \u00e1hrif<\/h2>\t\t\t\t<\/div>\n\t\t\t\t<div class=\"elementor-element elementor-element-605cc71 elementor-widget elementor-widget-text-editor\" data-id=\"605cc71\" data-element_type=\"widget\" data-e-type=\"widget\" data-widget_type=\"text-editor.default\">\n\t\t\t\t\t\t\t\t\t<p>\u00deegar \u00e1 keisarat\u00edmanum var Minerva vins\u00e6lt <span class=\"iwg-fachbegriff\" data-tooltip=\"Endurteki\u00f0 inntaksatri\u00f0i \u00ed list e\u00f0a fr\u00e1s\u00f6gn.\" tabindex=\"0\">minni<\/span> \u00ed opinberri sj\u00e1lfsmyndarsk\u00f6pun r\u00edkisins. Domitianus keisari leit \u00e1 sig sem s\u00e9rstakan d\u00fdrkanda gy\u00f0junnar og l\u00e9t mynda hana \u00e1 fj\u00f6lda mynta sinna.<\/p><p>Svet\u00f3n\u00edus greinir fr\u00e1 einkahelgista\u00f0 Domitianusar \u00e1 Albanusfjalli, <span class=\"iwg-fachbegriff\" data-tooltip=\"Heilagur sta\u00f0ur helga\u00f0ur d\u00fdrkun gu\u00f0d\u00f3ms.\" tabindex=\"0\">helgista\u00f0<\/span> \u00fear sem gy\u00f0jan var d\u00fdrku\u00f0 \u00ed fj\u00f3rum myndum. \u00deessi pers\u00f3nulega tengsl keisarans vi\u00f0 Minervu s\u00fdna hversu sveigjanlegur <span class=\"iwg-fachbegriff\" data-tooltip=\"Heildarsafn tr\u00faarlegra d\u00fdrkunarathafna fyrir gu\u00f0d\u00f3m e\u00f0a heilaga veru.\" tabindex=\"0\">\u00e1tr\u00fana\u00f0urinn<\/span> var, b\u00e6\u00f0i opinber og einkalegur \u00ed senn.<\/p>\n<p>\u00c1 endurreisnart\u00edmanum bl\u00f3mstra\u00f0i Minerva \u00e1 n\u00fd sem t\u00e1knmynd viskunnar. Botticelli m\u00e1la\u00f0i hana \u00ed \u201ePallas og skepnan\u201c, Vasari nota\u00f0i hana \u00ed \u00e1r\u00f3\u00f0ursmyndum Medici-\u00e6ttarinnar. H\u00e1sk\u00f3lar og akadem\u00edur v\u00f6ldu mynd hennar sem skjaldarmerki. \u00dej\u00f3\u00f0arb\u00f3khla\u00f0an \u00ed Par\u00eds, H\u00e1sk\u00f3linn \u00ed Berl\u00edn og fj\u00f6lmargar a\u00f0rar menntastofnanir s\u00fdna Minervu sem verndara fr\u00e6\u00f0istarfa.<\/p>\n<p>\u00c1 n\u00fd\u00f6ld birtist h\u00fan \u00ed r\u00edkist\u00e1knmyndum, til d\u00e6mis \u00e1 innsiglum, se\u00f0lum og minnismerkjum. R\u00f3mverska gy\u00f0jan var\u00f0 t\u00e1kn l\u00fd\u00f0veldislegrar dygg\u00f0ar, \u00fear sem h\u00fan st\u00f3\u00f0 fyrir yfirvega\u00f0an, fr\u00e6\u00f0andi <span class=\"iwg-fachbegriff\" data-tooltip=\"L\u00edkamslaus vera sem talin er hafa \u00e1hrif \u00ed heiminum.\" tabindex=\"0\">anda<\/span> gegn herna\u00f0arlegri ofmetnun.<\/p><p>\u00cd v\u00edsindas\u00f6gunni hefur uglan hennar Minervu, sem Hegel sag\u00f0i a\u00f0 \u201eh\u00e6fi flug sitt fyrst \u00feegar r\u00f6kkri\u00f0 fellur \u00e1\u201c, or\u00f0i\u00f0 a\u00f0 mynd sem oft er vitna\u00f0 til um heimspekilega \u00edgrundun. Hegel setti \u00feessa hugsun fram \u00ed form\u00e1la \u201eGrundl\u00ednum r\u00e9ttarheimspekinnar\u201c og l\u00edtur \u00fear \u00e1 heimspekina sem seint og afturhorfandi vi\u00f0fangsefni.<\/p>\n<p>Nafn hennar lifir enn \u00ed n\u00fat\u00edma v\u00edsindastarfsemi. Dreifikerfi\u00f0 Minerva vi\u00f0 Yale University, fj\u00f6ldi pr\u00f3fessorssta\u00f0a og sj\u00f3\u00f0a, Minerva-\u00e1\u00e6tlun \u00fe\u00fdska sambandshersins og margv\u00edslegar ranns\u00f3knarvi\u00f0urkenningar bera nafn hennar. Stj\u00f6rnufr\u00e6\u00f0in hei\u00f0rar hana me\u00f0 sm\u00e1stirninu 93 Minerva, sem James Craig Watson uppg\u00f6tva\u00f0i \u00e1ri\u00f0 1867.<\/p>\t\t\t\t\t\t\t\t<\/div>\n\t\t\t\t<\/div>\n\t\t<div class=\"elementor-element elementor-element-7ee0599 e-con-full e-flex e-con e-child\" data-id=\"7ee0599\" data-element_type=\"container\" data-e-type=\"container\">\n\t\t\t\t<div class=\"elementor-element elementor-element-911a62f elementor-widget elementor-widget-heading\" data-id=\"911a62f\" data-element_type=\"widget\" data-e-type=\"widget\" data-widget_type=\"heading.default\">\n\t\t\t\t\t<h2 class=\"elementor-heading-title elementor-size-default\">Tr\u00faarfr\u00e6\u00f0ileg sta\u00f0setning<\/h2>\t\t\t\t<\/div>\n\t\t\t\t<div class=\"elementor-element elementor-element-62a9a53 elementor-widget elementor-widget-text-editor\" data-id=\"62a9a53\" data-element_type=\"widget\" data-e-type=\"widget\" data-widget_type=\"text-editor.default\">\n\t\t\t\t\t\t\t\t\t<p>Georges Dum\u00e9zil setur Minervu inn \u00ed ind\u00f3evr\u00f3psku \u00fer\u00ed\u00fe\u00e6ttu virknikenningu s\u00edna og s\u00e9r \u00ed henni fulltr\u00faa fyrstu og annarrar virkni, \u00fea\u00f0 er hins prestlega-l\u00f6gfr\u00e6\u00f0ilega yfirr\u00e1\u00f0ar og hins herna\u00f0arlega m\u00e1ttar, en \u00ed s\u00e9rstakri samtvinnun vi\u00f0 handverkskunn\u00e1ttu.<\/p><p>\u00deessi t\u00falkun er umdeild \u00fev\u00ed Minerva er \u00edt\u00f6lsk gy\u00f0ja me\u00f0 eigin r\u00e6tur \u00ed etr\u00faskri tr\u00faarbr\u00f6g\u00f0um, sem falla ekki n\u00e1kv\u00e6mlega undir hinn \u00ferengri ind\u00f3evr\u00f3pska samanbur\u00f0.<\/p>\n<p>Robert Schilling leggur \u00ed ranns\u00f3knum s\u00ednum \u00e1 r\u00f3mverskum tr\u00faarbr\u00f6g\u00f0um \u00e1herslu \u00e1 etr\u00faska fors\u00f6guna og telur Menrvu upphaflega hafa veri\u00f0 eldingaskotandi gy\u00f0ju, en a\u00f0 virkni hennar hafi s\u00ed\u00f0ar f\u00e6rst yfir \u00e1 handverki\u00f0. Mary Beard og John North greina f\u00e9lagslega hlutverk Avent\u00edn-d\u00fdrkunarins og s\u00fdna fram \u00e1 hvernig Minerva starfa\u00f0i sem samkomugy\u00f0ja skipulag\u00f0ra starfsst\u00e9tta.<\/p>\n<p>J\u00f6rg R\u00fcpke bendir \u00e1 n\u00e1in tengsl Minervu vi\u00f0 menntam\u00e1l og starfsf\u00e9l\u00f6g. \u00dat fr\u00e1 \u00feessu sj\u00f3narhorni er Minerva ekki fyrst og fremst str\u00ed\u00f0sgy\u00f0ja, heldur \u00feekkingargy\u00f0ja. Kurt Latte fellir hana \u00ed verki s\u00ednu \u00abR\u00f6mische Religionsgeschichte\u00bb undir eldra \u00edtalskt lagaskiptal\u00edkan og vekur athygli \u00e1 sj\u00e1lfst\u00e6\u00f0i \u00edt\u00f6lsku d\u00fdrkunarhef\u00f0anna gagnvart gr\u00edsku A\u00feenu.<\/p><p>John Scheid setur \u00ed inngangsriti s\u00ednu um r\u00f3mversk tr\u00faarbr\u00f6g\u00f0 helgisi\u00f0ina vi\u00f0 Avent\u00edn-hofi\u00f0 \u00ed brennidepil, en form \u00feeirra bendir til sj\u00e1lfst\u00e6\u00f0rar hef\u00f0ar utan gr\u00edskra fyrirmynda.<\/p>\n<p>Fornleifaranns\u00f3knir 20. aldar hafa s\u00e9rstaklega \u00e1 Avent\u00edn-helgista\u00f0num og \u00ed h\u00e9ra\u00f0sd\u00fdrkun Sulis Minervu og Minervu Medicu \u00e1 Esquil\u00edn-h\u00e6\u00f0inni leitt \u00ed lj\u00f3s n\u00fdjar fornleifar. \u00deessar fundir, \u00fe\u00e1 einkum v\u00edgslugjafir og \u00e1letranir, s\u00fdna hi\u00f0 f\u00e9lagslega breidd d\u00fdrkunar hennar \u00ed gegnum aldirnar og undirstrika hlutverk hennar sem tengili\u00f0s milli opinberra tr\u00faarbrag\u00f0a og starfslegrar sj\u00e1lfsmyndar.<\/p>\t\t\t\t\t\t\t\t<\/div>\n\t\t\t\t<\/div>\n\t\t<div class=\"elementor-element elementor-element-52c03e0 e-con-full e-flex e-con e-child\" data-id=\"52c03e0\" data-element_type=\"container\" data-e-type=\"container\">\n\t\t\t\t<div class=\"elementor-element elementor-element-2ea6a1a elementor-widget elementor-widget-heading\" data-id=\"2ea6a1a\" data-element_type=\"widget\" data-e-type=\"widget\" data-widget_type=\"heading.default\">\n\t\t\t\t\t<h2 class=\"elementor-heading-title elementor-size-default\">Heimildir og frekari lesning<\/h2>\t\t\t\t<\/div>\n\t\t\t\t<div class=\"elementor-element elementor-element-9270b83 elementor-widget elementor-widget-text-editor\" data-id=\"9270b83\" data-element_type=\"widget\" data-e-type=\"widget\" data-widget_type=\"text-editor.default\">\n\t\t\t\t\t\t\t\t\t<p><span class=\"iwg-fachbegriff\" data-tooltip=\"T\u00edmabil gr\u00edskrar og r\u00f3mverskrar menningar, um 800 f.Kr. til 600 e.Kr.\" tabindex=\"0\">Forn\u00f6ld<\/span> heimildir: Vergill \u00abAeneis\u00bb, \u00d3vid\u00edus \u00abMetamorphoses\u00bb og \u00abFasti\u00bb, Liv\u00edus \u00abAb urbe condita\u00bb, Cicero \u00abDe natura deorum\u00bb, Varro \u00abDe lingua latina\u00bb, Macr\u00f3b\u00edus \u00abSaturnalia\u00bb, Serv\u00edus-sk\u00fdring vi\u00f0 \u00abAeneis\u00bb, \u00c1g\u00fast\u00ednus \u00abDe civitate Dei\u00bb.<\/p>\n<div data-nosnippet=\"true\"><p>Fr\u00e6\u00f0irit: Georges Dum\u00e9zil, \u00abLa religion romaine archa\u00efque\u00bb, Paris 1966. Robert Schilling, \u00abRites, cultes, dieux de Rome\u00bb, Paris 1979. Mary Beard, John North, Simon Price, \u00abReligions of Rome\u00bb, Cambridge 1998. J\u00f6rg R\u00fcpke, \u00abDie Religion der R\u00f6mer\u00bb, M\u00fcnchen 2001. Kurt Latte, \u00abR\u00f6mische Religionsgeschichte\u00bb, M\u00fcnchen 1960. John Scheid, \u00abAn Introduction to Roman Religion\u00bb, Edinburgh 2003.<\/p><\/div>\t\t\t\t\t\t\t\t<\/div>\n\t\t\t\t<\/div>\n\t\t\t\t\t<\/div>\n\t\t\t\t<\/div>\n\t\t\t\t<\/div>\n\t\t","protected":false},"excerpt":{"rendered":"","protected":false},"author":3,"featured_media":3258,"parent":0,"menu_order":0,"comment_status":"closed","ping_status":"closed","template":"elementor_header_footer","meta":{"_yoast_wpseo_focuskw":"Minerva","_yoast_wpseo_title":"Minerva \u2013 R\u00f3mversk gy\u00f0ja viskunnar | iWell Guard","_yoast_wpseo_metadesc":"Minerva er r\u00f3mversk gy\u00f0ja viskunnar, herna\u00f0arlistar og handverks. Kap\u00edt\u00f3l\u00ednska \u00ferenningin, ugla, skj\u00f6ldur, Quinquatria-h\u00e1t\u00ed\u00f0in","_yoast_wpseo_meta-robots-noindex":"","_yoast_wpseo_canonical":"","_angie_page":false,"gefaehrdungsstufe":"","wesen_kultur":"","wesen_klasse":"","footnotes":""},"categories":[],"class_list":["post-169070","page","type-page","status-publish","has-post-thumbnail","hentry"],"yoast_head":"<!-- This site is optimized with the Yoast SEO Premium plugin v27.7 (Yoast SEO v28.3) - https:\/\/yoast.com\/product\/yoast-seo-premium-wordpress\/ -->\n<title>Minerva \u2013 R\u00f3mversk gy\u00f0ja viskunnar | iWell Guard<\/title>\n<meta name=\"description\" content=\"Minerva er r\u00f3mversk gy\u00f0ja viskunnar, herna\u00f0arlistar og handverks. Kap\u00edt\u00f3l\u00ednska \u00ferenningin, ugla, skj\u00f6ldur, Quinquatria-h\u00e1t\u00ed\u00f0in\" \/>\n<meta name=\"robots\" content=\"index, follow, max-snippet:-1, max-image-preview:large, max-video-preview:-1\" \/>\n<link rel=\"canonical\" href=\"https:\/\/iwell-guard.com\/is\/minerva\/\" \/>\n<meta property=\"og:locale\" content=\"is_IS\" \/>\n<meta property=\"og:type\" content=\"article\" \/>\n<meta property=\"og:title\" content=\"Minerva\" \/>\n<meta property=\"og:description\" content=\"Minerva er r\u00f3mversk gy\u00f0ja viskunnar, herna\u00f0arlistar og handverks. Kap\u00edt\u00f3l\u00ednska \u00ferenningin, ugla, skj\u00f6ldur, Quinquatria-h\u00e1t\u00ed\u00f0in\" \/>\n<meta property=\"og:url\" content=\"https:\/\/iwell-guard.com\/is\/minerva\/\" \/>\n<meta property=\"og:site_name\" content=\"iWell Guard\" \/>\n<meta property=\"article:modified_time\" content=\"2026-09-05T14:31:29+00:00\" \/>\n<meta property=\"og:image\" content=\"https:\/\/iwell-guard.com\/wp-content\/uploads\/2026\/05\/goetter_rom_minerva.webp\" \/>\n\t<meta property=\"og:image:width\" content=\"1024\" \/>\n\t<meta property=\"og:image:height\" content=\"1536\" \/>\n\t<meta property=\"og:image:type\" content=\"image\/webp\" \/>\n<meta name=\"twitter:card\" content=\"summary_large_image\" \/>\n<script type=\"application\/ld+json\" class=\"yoast-schema-graph\">{\"@context\":\"https:\\\/\\\/schema.org\",\"@graph\":[{\"@type\":\"WebPage\",\"@id\":\"https:\\\/\\\/iwell-guard.com\\\/is\\\/minerva\\\/\",\"url\":\"https:\\\/\\\/iwell-guard.com\\\/is\\\/minerva\\\/\",\"name\":\"Minerva \u2013 R\u00f3mversk gy\u00f0ja viskunnar | iWell Guard\",\"isPartOf\":{\"@id\":\"https:\\\/\\\/iwell-guard.com\\\/is\\\/#website\"},\"primaryImageOfPage\":{\"@id\":\"https:\\\/\\\/iwell-guard.com\\\/is\\\/minerva\\\/#primaryimage\"},\"image\":{\"@id\":\"https:\\\/\\\/iwell-guard.com\\\/is\\\/minerva\\\/#primaryimage\"},\"thumbnailUrl\":\"https:\\\/\\\/iwell-guard.com\\\/wp-content\\\/uploads\\\/2026\\\/05\\\/goetter_rom_minerva.webp\",\"datePublished\":\"2026-09-05T14:05:19+00:00\",\"dateModified\":\"2026-09-05T14:31:29+00:00\",\"description\":\"Minerva er r\u00f3mversk gy\u00f0ja viskunnar, herna\u00f0arlistar og handverks. Kap\u00edt\u00f3l\u00ednska \u00ferenningin, ugla, skj\u00f6ldur, Quinquatria-h\u00e1t\u00ed\u00f0in\",\"breadcrumb\":{\"@id\":\"https:\\\/\\\/iwell-guard.com\\\/is\\\/minerva\\\/#breadcrumb\"},\"inLanguage\":\"is\",\"potentialAction\":[{\"@type\":\"ReadAction\",\"target\":[\"https:\\\/\\\/iwell-guard.com\\\/is\\\/minerva\\\/\"]}]},{\"@type\":\"ImageObject\",\"inLanguage\":\"is\",\"@id\":\"https:\\\/\\\/iwell-guard.com\\\/is\\\/minerva\\\/#primaryimage\",\"url\":\"https:\\\/\\\/iwell-guard.com\\\/wp-content\\\/uploads\\\/2026\\\/05\\\/goetter_rom_minerva.webp\",\"contentUrl\":\"https:\\\/\\\/iwell-guard.com\\\/wp-content\\\/uploads\\\/2026\\\/05\\\/goetter_rom_minerva.webp\",\"width\":1024,\"height\":1536,\"caption\":\"Gu\u00f0ir \u00far r\u00f3mverskri hef\u00f0.\"},{\"@type\":\"BreadcrumbList\",\"@id\":\"https:\\\/\\\/iwell-guard.com\\\/is\\\/minerva\\\/#breadcrumb\",\"itemListElement\":[{\"@type\":\"ListItem\",\"position\":1,\"name\":\"Start\",\"item\":\"https:\\\/\\\/iwell-guard.com\\\/is\\\/?page_id=168580\"},{\"@type\":\"ListItem\",\"position\":2,\"name\":\"Minerva\"}]},{\"@type\":\"WebSite\",\"@id\":\"https:\\\/\\\/iwell-guard.com\\\/is\\\/#website\",\"url\":\"https:\\\/\\\/iwell-guard.com\\\/is\\\/\",\"name\":\"iWell Guard\",\"description\":\"Schutz vor dunklen Einfl\u00fcssen\",\"publisher\":{\"@id\":\"https:\\\/\\\/iwell-guard.com\\\/is\\\/#organization\"},\"potentialAction\":[{\"@type\":\"SearchAction\",\"target\":{\"@type\":\"EntryPoint\",\"urlTemplate\":\"https:\\\/\\\/iwell-guard.com\\\/is\\\/?s={search_term_string}\"},\"query-input\":{\"@type\":\"PropertyValueSpecification\",\"valueRequired\":true,\"valueName\":\"search_term_string\"}}],\"inLanguage\":\"is\"},{\"@type\":\"Organization\",\"@id\":\"https:\\\/\\\/iwell-guard.com\\\/is\\\/#organization\",\"name\":\"Ittermann electronic GmbH\",\"url\":\"https:\\\/\\\/iwell-guard.com\\\/is\\\/\",\"logo\":{\"@type\":\"ImageObject\",\"inLanguage\":\"is\",\"@id\":\"https:\\\/\\\/iwell-guard.com\\\/is\\\/#\\\/schema\\\/logo\\\/image\\\/\",\"url\":\"https:\\\/\\\/iwell-guard.com\\\/wp-content\\\/uploads\\\/2026\\\/05\\\/Ittermann-Logo-1182x237-1.png\",\"contentUrl\":\"https:\\\/\\\/iwell-guard.com\\\/wp-content\\\/uploads\\\/2026\\\/05\\\/Ittermann-Logo-1182x237-1.png\",\"width\":1182,\"height\":237,\"caption\":\"Ittermann electronic GmbH\"},\"image\":{\"@id\":\"https:\\\/\\\/iwell-guard.com\\\/is\\\/#\\\/schema\\\/logo\\\/image\\\/\"},\"sameAs\":[\"https:\\\/\\\/pantip.com\\\/profile\\\/9367242\",\"https:\\\/\\\/micro.blog\\\/iwellguard\",\"https:\\\/\\\/www.diggerslist.com\\\/iwellguard\\\/about\",\"https:\\\/\\\/skitterphoto.com\\\/photographers\\\/2870314\\\/iwell-guard\",\"https:\\\/\\\/iwellguard.wordpress.com\\\/2026\\\/06\\\/06\\\/iwell-guard\\\/\",\"https:\\\/\\\/hub.docker.com\\\/u\\\/iwellguard\",\"https:\\\/\\\/www.pinterest.com\\\/iwellguard\\\/\",\"https:\\\/\\\/bit.ly\\\/m\\\/iwellguard\",\"https:\\\/\\\/entre-vos-mains.alsace.eu\\\/profiles\\\/iwellguard\\\/activity\",\"https:\\\/\\\/gravatar.com\\\/reallybeded8fd34\",\"https:\\\/\\\/naijamatta.com\\\/iwellguard\",\"https:\\\/\\\/www.goodreads.com\\\/iwellguard\",\"https:\\\/\\\/profile.hatena.ne.jp\\\/iwellguard\\\/\",\"https:\\\/\\\/experiment.com\\\/users\\\/iwellguard\",\"https:\\\/\\\/wakelet.com\\\/@iWellGuard82270\",\"https:\\\/\\\/www.chordie.com\\\/forum\\\/profile.php?id=2555664\",\"https:\\\/\\\/www.instapaper.com\\\/p\\\/17757966\",\"https:\\\/\\\/www.mapleprimes.com\\\/users\\\/iwellguard\",\"https:\\\/\\\/businesslistingplus.com\\\/profile\\\/iwell-guard\\\/\",\"https:\\\/\\\/telegra.ph\\\/iWell-Guard-06-06\",\"https:\\\/\\\/pbase.com\\\/iwellguard\\\/iwellguard\",\"https:\\\/\\\/b.hatena.ne.jp\\\/iwellguard\\\/20260607#bookmark-4788405196491818882\",\"https:\\\/\\\/fliphtml5.com\\\/home\\\/iwellguard\",\"https:\\\/\\\/anyflip.com\\\/homepage\\\/cmiwl#About\",\"https:\\\/\\\/transfur.com\\\/Users\\\/iwellguard\",\"http:\\\/\\\/delphi.larsbo.org\\\/user\\\/iwellguard\",\"https:\\\/\\\/jobs.lajobsportal.org\\\/profiles\\\/8380803-iwell-guard\",\"https:\\\/\\\/md.chaosdorf.de\\\/s\\\/jfbe5SBdJD\",\"https:\\\/\\\/www.lingvolive.com\\\/en-us\\\/profile\\\/9ecaeaca-ce11-4e51-9e71-01d55e2bff36\\\/translations\",\"https:\\\/\\\/www.fitday.com\\\/fitness\\\/forums\\\/members\\\/iwellguard.html\",\"https:\\\/\\\/www.mymeetbook.com\\\/iwellguard\",\"https:\\\/\\\/pxhere.com\\\/en\\\/photographer-me\\\/5040798\",\"https:\\\/\\\/disqus.com\\\/by\\\/iwellguard\\\/about\\\/\",\"https:\\\/\\\/pastelink.net\\\/hjwciqwq\",\"https:\\\/\\\/pubhtml5.com\\\/homepage\\\/scjhn\\\/\",\"https:\\\/\\\/www.bitchute.com\\\/channel\\\/2O2eOKzNqujT\",\"https:\\\/\\\/audiomack.com\\\/iwellguard\"]}]}<\/script>\n<!-- \/ Yoast SEO Premium plugin. -->","yoast_head_json":{"title":"Minerva \u2013 R\u00f3mversk gy\u00f0ja viskunnar | iWell Guard","description":"Minerva er r\u00f3mversk gy\u00f0ja viskunnar, herna\u00f0arlistar og handverks. Kap\u00edt\u00f3l\u00ednska \u00ferenningin, ugla, skj\u00f6ldur, Quinquatria-h\u00e1t\u00ed\u00f0in","robots":{"index":"index","follow":"follow","max-snippet":"max-snippet:-1","max-image-preview":"max-image-preview:large","max-video-preview":"max-video-preview:-1"},"canonical":"https:\/\/iwell-guard.com\/is\/minerva\/","og_locale":"is_IS","og_type":"article","og_title":"Minerva","og_description":"Minerva er r\u00f3mversk gy\u00f0ja viskunnar, herna\u00f0arlistar og handverks. Kap\u00edt\u00f3l\u00ednska \u00ferenningin, ugla, skj\u00f6ldur, Quinquatria-h\u00e1t\u00ed\u00f0in","og_url":"https:\/\/iwell-guard.com\/is\/minerva\/","og_site_name":"iWell Guard","article_modified_time":"2026-09-05T14:31:29+00:00","og_image":[{"width":1024,"height":1536,"url":"https:\/\/iwell-guard.com\/wp-content\/uploads\/2026\/05\/goetter_rom_minerva.webp","type":"image\/webp"}],"twitter_card":"summary_large_image","schema":{"@context":"https:\/\/schema.org","@graph":[{"@type":"WebPage","@id":"https:\/\/iwell-guard.com\/is\/minerva\/","url":"https:\/\/iwell-guard.com\/is\/minerva\/","name":"Minerva \u2013 R\u00f3mversk gy\u00f0ja viskunnar | iWell Guard","isPartOf":{"@id":"https:\/\/iwell-guard.com\/is\/#website"},"primaryImageOfPage":{"@id":"https:\/\/iwell-guard.com\/is\/minerva\/#primaryimage"},"image":{"@id":"https:\/\/iwell-guard.com\/is\/minerva\/#primaryimage"},"thumbnailUrl":"https:\/\/iwell-guard.com\/wp-content\/uploads\/2026\/05\/goetter_rom_minerva.webp","datePublished":"2026-09-05T14:05:19+00:00","dateModified":"2026-09-05T14:31:29+00:00","description":"Minerva er r\u00f3mversk gy\u00f0ja viskunnar, herna\u00f0arlistar og handverks. Kap\u00edt\u00f3l\u00ednska \u00ferenningin, ugla, skj\u00f6ldur, Quinquatria-h\u00e1t\u00ed\u00f0in","breadcrumb":{"@id":"https:\/\/iwell-guard.com\/is\/minerva\/#breadcrumb"},"inLanguage":"is","potentialAction":[{"@type":"ReadAction","target":["https:\/\/iwell-guard.com\/is\/minerva\/"]}]},{"@type":"ImageObject","inLanguage":"is","@id":"https:\/\/iwell-guard.com\/is\/minerva\/#primaryimage","url":"https:\/\/iwell-guard.com\/wp-content\/uploads\/2026\/05\/goetter_rom_minerva.webp","contentUrl":"https:\/\/iwell-guard.com\/wp-content\/uploads\/2026\/05\/goetter_rom_minerva.webp","width":1024,"height":1536,"caption":"Gu\u00f0ir \u00far r\u00f3mverskri hef\u00f0."},{"@type":"BreadcrumbList","@id":"https:\/\/iwell-guard.com\/is\/minerva\/#breadcrumb","itemListElement":[{"@type":"ListItem","position":1,"name":"Start","item":"https:\/\/iwell-guard.com\/is\/?page_id=168580"},{"@type":"ListItem","position":2,"name":"Minerva"}]},{"@type":"WebSite","@id":"https:\/\/iwell-guard.com\/is\/#website","url":"https:\/\/iwell-guard.com\/is\/","name":"iWell Guard","description":"Schutz vor dunklen Einfl\u00fcssen","publisher":{"@id":"https:\/\/iwell-guard.com\/is\/#organization"},"potentialAction":[{"@type":"SearchAction","target":{"@type":"EntryPoint","urlTemplate":"https:\/\/iwell-guard.com\/is\/?s={search_term_string}"},"query-input":{"@type":"PropertyValueSpecification","valueRequired":true,"valueName":"search_term_string"}}],"inLanguage":"is"},{"@type":"Organization","@id":"https:\/\/iwell-guard.com\/is\/#organization","name":"Ittermann electronic GmbH","url":"https:\/\/iwell-guard.com\/is\/","logo":{"@type":"ImageObject","inLanguage":"is","@id":"https:\/\/iwell-guard.com\/is\/#\/schema\/logo\/image\/","url":"https:\/\/iwell-guard.com\/wp-content\/uploads\/2026\/05\/Ittermann-Logo-1182x237-1.png","contentUrl":"https:\/\/iwell-guard.com\/wp-content\/uploads\/2026\/05\/Ittermann-Logo-1182x237-1.png","width":1182,"height":237,"caption":"Ittermann electronic GmbH"},"image":{"@id":"https:\/\/iwell-guard.com\/is\/#\/schema\/logo\/image\/"},"sameAs":["https:\/\/pantip.com\/profile\/9367242","https:\/\/micro.blog\/iwellguard","https:\/\/www.diggerslist.com\/iwellguard\/about","https:\/\/skitterphoto.com\/photographers\/2870314\/iwell-guard","https:\/\/iwellguard.wordpress.com\/2026\/06\/06\/iwell-guard\/","https:\/\/hub.docker.com\/u\/iwellguard","https:\/\/www.pinterest.com\/iwellguard\/","https:\/\/bit.ly\/m\/iwellguard","https:\/\/entre-vos-mains.alsace.eu\/profiles\/iwellguard\/activity","https:\/\/gravatar.com\/reallybeded8fd34","https:\/\/naijamatta.com\/iwellguard","https:\/\/www.goodreads.com\/iwellguard","https:\/\/profile.hatena.ne.jp\/iwellguard\/","https:\/\/experiment.com\/users\/iwellguard","https:\/\/wakelet.com\/@iWellGuard82270","https:\/\/www.chordie.com\/forum\/profile.php?id=2555664","https:\/\/www.instapaper.com\/p\/17757966","https:\/\/www.mapleprimes.com\/users\/iwellguard","https:\/\/businesslistingplus.com\/profile\/iwell-guard\/","https:\/\/telegra.ph\/iWell-Guard-06-06","https:\/\/pbase.com\/iwellguard\/iwellguard","https:\/\/b.hatena.ne.jp\/iwellguard\/20260607#bookmark-4788405196491818882","https:\/\/fliphtml5.com\/home\/iwellguard","https:\/\/anyflip.com\/homepage\/cmiwl#About","https:\/\/transfur.com\/Users\/iwellguard","http:\/\/delphi.larsbo.org\/user\/iwellguard","https:\/\/jobs.lajobsportal.org\/profiles\/8380803-iwell-guard","https:\/\/md.chaosdorf.de\/s\/jfbe5SBdJD","https:\/\/www.lingvolive.com\/en-us\/profile\/9ecaeaca-ce11-4e51-9e71-01d55e2bff36\/translations","https:\/\/www.fitday.com\/fitness\/forums\/members\/iwellguard.html","https:\/\/www.mymeetbook.com\/iwellguard","https:\/\/pxhere.com\/en\/photographer-me\/5040798","https:\/\/disqus.com\/by\/iwellguard\/about\/","https:\/\/pastelink.net\/hjwciqwq","https:\/\/pubhtml5.com\/homepage\/scjhn\/","https:\/\/www.bitchute.com\/channel\/2O2eOKzNqujT","https:\/\/audiomack.com\/iwellguard"]}]}},"_links":{"self":[{"href":"https:\/\/iwell-guard.com\/is\/wp-json\/wp\/v2\/pages\/169070","targetHints":{"allow":["GET"]}}],"collection":[{"href":"https:\/\/iwell-guard.com\/is\/wp-json\/wp\/v2\/pages"}],"about":[{"href":"https:\/\/iwell-guard.com\/is\/wp-json\/wp\/v2\/types\/page"}],"author":[{"embeddable":true,"href":"https:\/\/iwell-guard.com\/is\/wp-json\/wp\/v2\/users\/3"}],"replies":[{"embeddable":true,"href":"https:\/\/iwell-guard.com\/is\/wp-json\/wp\/v2\/comments?post=169070"}],"version-history":[{"count":0,"href":"https:\/\/iwell-guard.com\/is\/wp-json\/wp\/v2\/pages\/169070\/revisions"}],"wp:featuredmedia":[{"embeddable":true,"href":"https:\/\/iwell-guard.com\/is\/wp-json\/wp\/v2\/media\/3258"}],"wp:attachment":[{"href":"https:\/\/iwell-guard.com\/is\/wp-json\/wp\/v2\/media?parent=169070"}],"wp:term":[{"taxonomy":"category","embeddable":true,"href":"https:\/\/iwell-guard.com\/is\/wp-json\/wp\/v2\/categories?post=169070"}],"curies":[{"name":"wp","href":"https:\/\/api.w.org\/{rel}","templated":true}]}}