{"id":169063,"date":"2026-09-05T14:05:15","date_gmt":"2026-09-05T14:05:15","guid":{"rendered":"https:\/\/iwell-guard.com\/?page_id=169063"},"modified":"2026-09-05T14:31:20","modified_gmt":"2026-09-05T14:31:20","slug":"freyr","status":"publish","type":"page","link":"https:\/\/iwell-guard.com\/is\/freyr\/","title":{"rendered":"Freyr"},"content":{"rendered":"\t\t<div data-elementor-type=\"wp-page\" data-elementor-id=\"169063\" class=\"elementor elementor-169063 elementor-3004 elementor-bc-flex-widget\" data-elementor-post-type=\"page\">\n\t\t\t\t<div class=\"elementor-element elementor-element-933a9cd e-flex e-con-boxed e-con e-parent\" data-id=\"933a9cd\" data-element_type=\"container\" data-e-type=\"container\" data-settings=\"{&quot;background_background&quot;:&quot;classic&quot;}\">\n\t\t\t\t\t<div class=\"e-con-inner\">\n\t\t<div class=\"elementor-element elementor-element-d30192b e-flex e-con-boxed e-con e-child\" data-id=\"d30192b\" data-element_type=\"container\" data-e-type=\"container\">\n\t\t\t\t\t<div class=\"e-con-inner\">\n\t\t<div class=\"elementor-element elementor-element-d91b927 e-con-full e-flex e-con e-child\" data-id=\"d91b927\" data-element_type=\"container\" data-e-type=\"container\">\n\t\t\t\t<div class=\"elementor-element elementor-element-9444766 elementor-widget elementor-widget-heading\" data-id=\"9444766\" data-element_type=\"widget\" data-e-type=\"widget\" data-widget_type=\"heading.default\">\n\t\t\t\t\t<h1 class=\"elementor-heading-title elementor-size-default\">Freyr, vanagu\u00f0 frj\u00f3semi<\/h1>\t\t\t\t<\/div>\n\t\t\t\t<div class=\"elementor-element elementor-element-a2f0e3c elementor-widget elementor-widget-text-editor\" data-id=\"a2f0e3c\" data-element_type=\"widget\" data-e-type=\"widget\" data-widget_type=\"text-editor.default\">\n\t\t\t\t\t\t\t\t\t<p>Freyr er vanagu\u00f0 frj\u00f3semi, fri\u00f0ar og uppskerugle\u00f0i sem naut mikillar vir\u00f0ingar \u00ed norr\u00e6nni <span class=\"iwg-fachbegriff\" data-tooltip=\"\u00c1framhaldandi flutningur \u00feekkingar og fr\u00e1sagna milli kynsl\u00f3\u00f0a.\" tabindex=\"0\">munnm\u00e6las\u00f6gu<\/span>.<\/p><p>Freyr (einnig Frey) er einn af mikilv\u00e6gustu gu\u00f0unum \u00ed germanska <span class=\"iwg-fachbegriff\" data-tooltip=\"Heild gu\u00f0a \u00ed tr\u00faarbr\u00f6g\u00f0um e\u00f0a menningu.\" tabindex=\"0\">go\u00f0aveldinu<\/span>. Hann er af kyni vana, kom eftir Vanastr\u00ed\u00f0i\u00f0 sem g\u00edsl til \u00c1sgar\u00f0s og er talinn gu\u00f0 frj\u00f3semi, fri\u00f0ar, regns, uppskeru og velmegunar.<\/p><p>A\u00f0setur hans er \u00c1lfheimur, skip hans Sk\u00ed\u00f0bla\u00f0nir, g\u00f6ltur hans Gullinbursti. Adam fr\u00e1 Brimum nefnir hann sem Fricco \u00e1samt \u00de\u00f3r og \u00d3\u00f0ni me\u00f0al \u00feriggja h\u00f6fu\u00f0gu\u00f0a \u00ed hofinu \u00ed Upps\u00f6lum. Fr\u00e1 tr\u00faarbrag\u00f0afr\u00e6\u00f0ilegu sj\u00f3narmi\u00f0i er Freyr talinn mi\u00f0l\u00e6gur frj\u00f3semisgu\u00f0 nor\u00f0ur-germanska sv\u00e6\u00f0isins, en <span class=\"iwg-fachbegriff\" data-tooltip=\"Heild tr\u00faarlegra tilbei\u00f0sluathafna fyrir gu\u00f0 e\u00f0a heilaga veru.\" tabindex=\"0\">\u00e1tr\u00fana\u00f0ur<\/span> \u00e1 hann var lifandi fram \u00e1 11. \u00f6ld.<\/p>\t\t\t\t\t\t\t\t<\/div>\n\t\t\t\t<\/div>\n\t\t<div class=\"elementor-element elementor-element-ea66aeb e-con-full e-flex e-con e-parent\" data-id=\"ea66aeb\" data-element_type=\"container\" data-e-type=\"container\">\n\t\t\t\t<div class=\"elementor-element elementor-element-5e06d38 elementor-widget elementor-widget-html\" data-id=\"5e06d38\" data-element_type=\"widget\" data-e-type=\"widget\" data-widget_type=\"html.default\">\n\t\t\t\t\t<div class=\"iwg-pill-row\"><span class=\"iwg-klasse-badge\" tabindex=\"0\" data-tooltip=\"Gu\u00f0 \/ Gy\u00f0ja: Pers\u00f3nuger\u00f0 h\u00e1m\u00e1ttarvera \u00ed pantheoni menningar, me\u00f0 lj\u00f3st hlutverk \u2014 n\u00e1tt\u00faru\u00f6fl, \u00f6rl\u00f6g, str\u00ed\u00f0, frj\u00f3semi. D\u00fdrku\u00f0 me\u00f0 helgisi\u00f0um, f\u00f3rnum og musterisstofnunum.\">Gu\u00f0<\/span><a href=\"https:\/\/iwell-guard.com\/is\/germonsk\/\" class=\"iwg-kultur-badge\" tabindex=\"0\" data-tooltip=\"Fornkristinn gu\u00f0a- og andaheimur Nor\u00f0ur- og Mi\u00f0-Evr\u00f3pu.\">Germanskt<\/a><\/div>\t\t\t\t<\/div>\n\t\t\t\t<\/div>\n\t\t<div class=\"elementor-element elementor-element-f4331f2 e-con-full e-flex e-con e-child\" data-id=\"f4331f2\" data-element_type=\"container\" data-e-type=\"container\">\n\t\t\t\t<div class=\"elementor-element elementor-element-cc3c41e elementor-toc--minimized-on-tablet elementor-widget elementor-widget-table-of-contents\" data-id=\"cc3c41e\" data-element_type=\"widget\" data-e-type=\"widget\" data-settings=\"{&quot;exclude_headings_by_selector&quot;:[],&quot;no_headings_message&quot;:&quot;Engar undirfyrirsagnir fundust \\u00e1 \\u00feessari s\\u00ed\\u00f0u.&quot;,&quot;headings_by_tags&quot;:[&quot;h2&quot;,&quot;h3&quot;],&quot;marker_view&quot;:&quot;bullets&quot;,&quot;icon&quot;:{&quot;value&quot;:&quot;fas fa-circle&quot;,&quot;library&quot;:&quot;fa-solid&quot;,&quot;rendered_tag&quot;:&quot;&lt;svg class=\\&quot;e-font-icon-svg e-fas-circle\\&quot; viewBox=\\&quot;0 0 512 512\\&quot; xmlns=\\&quot;http:\\\/\\\/www.w3.org\\\/2000\\\/svg\\&quot;&gt;&lt;path d=\\&quot;M256 8C119 8 8 119 8 256s111 248 248 248 248-111 248-248S393 8 256 8z\\&quot;&gt;&lt;\\\/path&gt;&lt;\\\/svg&gt;&quot;},&quot;minimize_box&quot;:&quot;yes&quot;,&quot;minimized_on&quot;:&quot;tablet&quot;,&quot;hierarchical_view&quot;:&quot;yes&quot;,&quot;min_height&quot;:{&quot;unit&quot;:&quot;px&quot;,&quot;size&quot;:&quot;&quot;,&quot;sizes&quot;:[]},&quot;min_height_tablet&quot;:{&quot;unit&quot;:&quot;px&quot;,&quot;size&quot;:&quot;&quot;,&quot;sizes&quot;:[]},&quot;min_height_mobile&quot;:{&quot;unit&quot;:&quot;px&quot;,&quot;size&quot;:&quot;&quot;,&quot;sizes&quot;:[]}}\" data-widget_type=\"table-of-contents.default\">\n\t\t\t\t\t\t\t\t\t<div class=\"elementor-toc__header\">\n\t\t\t\t\t\t<h2 class=\"elementor-toc__header-title\">\n\t\t\t\tEfnisyfirlit\t\t\t<\/h2>\n\t\t\t\t\t\t\t\t\t\t<div class=\"elementor-toc__toggle-button elementor-toc__toggle-button--expand\" role=\"button\" tabindex=\"0\" aria-controls=\"elementor-toc__cc3c41e\" aria-expanded=\"true\" aria-label=\"Open table of contents\"><svg aria-hidden=\"true\" class=\"e-font-icon-svg e-fas-chevron-down\" viewBox=\"0 0 448 512\" xmlns=\"http:\/\/www.w3.org\/2000\/svg\"><path d=\"M207.029 381.476L12.686 187.132c-9.373-9.373-9.373-24.569 0-33.941l22.667-22.667c9.357-9.357 24.522-9.375 33.901-.04L224 284.505l154.745-154.021c9.379-9.335 24.544-9.317 33.901.04l22.667 22.667c9.373 9.373 9.373 24.569 0 33.941L240.971 381.476c-9.373 9.372-24.569 9.372-33.942 0z\"><\/path><\/svg><\/div>\n\t\t\t\t<div class=\"elementor-toc__toggle-button elementor-toc__toggle-button--collapse\" role=\"button\" tabindex=\"0\" aria-controls=\"elementor-toc__cc3c41e\" aria-expanded=\"true\" aria-label=\"Close table of contents\"><svg aria-hidden=\"true\" class=\"e-font-icon-svg e-fas-chevron-up\" viewBox=\"0 0 448 512\" xmlns=\"http:\/\/www.w3.org\/2000\/svg\"><path d=\"M240.971 130.524l194.343 194.343c9.373 9.373 9.373 24.569 0 33.941l-22.667 22.667c-9.357 9.357-24.522 9.375-33.901.04L224 227.495 69.255 381.516c-9.379 9.335-24.544 9.317-33.901-.04l-22.667-22.667c-9.373-9.373-9.373-24.569 0-33.941L207.03 130.525c9.372-9.373 24.568-9.373 33.941-.001z\"><\/path><\/svg><\/div>\n\t\t\t\t\t<\/div>\n\t\t\t\t<div id=\"elementor-toc__cc3c41e\" class=\"elementor-toc__body\">\n\t\t\t<div class=\"elementor-toc__spinner-container\">\n\t\t\t\t<svg class=\"elementor-toc__spinner eicon-animation-spin e-font-icon-svg e-eicon-loading\" aria-hidden=\"true\" viewBox=\"0 0 1000 1000\" xmlns=\"http:\/\/www.w3.org\/2000\/svg\"><path d=\"M500 975V858C696 858 858 696 858 500S696 142 500 142 142 304 142 500H25C25 237 238 25 500 25S975 237 975 500 763 975 500 975Z\"><\/path><\/svg>\t\t\t<\/div>\n\t\t<\/div>\n\t\t\t\t\t\t<\/div>\n\t\t\t\t<\/div>\n\t\t\t\t\t<\/div>\n\t\t\t\t<\/div>\n\t\t<div class=\"elementor-element elementor-element-ce7695c e-con-full e-flex e-con e-child\" data-id=\"ce7695c\" data-element_type=\"container\" data-e-type=\"container\">\n\t\t\t\t<div class=\"elementor-element elementor-element-2d0cb50 iwg-hero-image elementor-widget elementor-widget-image\" data-id=\"2d0cb50\" data-element_type=\"widget\" data-e-type=\"widget\" data-widget_type=\"image.default\">\n\t\t\t\t\t\t\t\t\t\t\t\t\t\t\t<img fetchpriority=\"high\" decoding=\"async\" width=\"683\" height=\"1024\" src=\"https:\/\/iwell-guard.com\/wp-content\/uploads\/2026\/05\/goetter_germanisch_freyr-683x1024.webp\" class=\"attachment-large size-large wp-image-170735\" alt=\"Freyr - Gu\u00f0ir \u00far germanskri hef\u00f0, s\u00f6guleg-myndr\u00e6n framsetning\" srcset=\"https:\/\/iwell-guard.com\/wp-content\/uploads\/2026\/05\/goetter_germanisch_freyr-683x1024.webp 683w, https:\/\/iwell-guard.com\/wp-content\/uploads\/2026\/05\/goetter_germanisch_freyr-200x300.webp 200w, https:\/\/iwell-guard.com\/wp-content\/uploads\/2026\/05\/goetter_germanisch_freyr-768x1152.webp 768w, https:\/\/iwell-guard.com\/wp-content\/uploads\/2026\/05\/goetter_germanisch_freyr.webp 1024w\" sizes=\"(max-width: 683px) 100vw, 683px\" \/>\t\t\t\t\t\t\t\t\t\t\t\t\t\t\t<\/div>\n\t\t\t\t<\/div>\n\t\t\t\t\t<\/div>\n\t\t\t\t<\/div>\n\t\t<div class=\"elementor-element elementor-element-1476e69 e-con-boxed e-flex e-con e-parent\" data-id=\"1476e69\" data-element_type=\"container\" data-e-type=\"container\">\n\t\t\t\t\t<div class=\"e-con-inner\">\n\t\t<div class=\"elementor-element elementor-element-4b86009 e-con-full e-flex e-con e-child\" data-id=\"4b86009\" data-element_type=\"container\" data-e-type=\"container\">\n\t\t\t\t<div class=\"elementor-element elementor-element-65d34d5 elementor-widget elementor-widget-heading\" data-id=\"65d34d5\" data-element_type=\"widget\" data-e-type=\"widget\" data-widget_type=\"heading.default\">\n\t\t\t\t\t<h2 class=\"elementor-heading-title elementor-size-default\">Go\u00f0s\u00f6gn og uppruni<\/h2>\t\t\t\t<\/div>\n\t\t\t\t<div class=\"elementor-element elementor-element-497d4b5 elementor-widget elementor-widget-text-editor\" data-id=\"497d4b5\" data-element_type=\"widget\" data-e-type=\"widget\" data-widget_type=\"text-editor.default\">\n\t\t\t\t\t\t\t\t\t<p>Snorri Sturluson kynnir Freyr \u00ed \u00abSnorra-Eddu\u00bb (Gylfaginning 24): \u00abFreyr er \u00e1g\u00e6tastur \u00e1sa, hann r\u00e6\u00f0ur fyrir regni og skini s\u00f3lar og \u00fear me\u00f0 \u00e1vexti jar\u00f0ar, og \u00e1 hann er gott a\u00f0 heita til \u00e1rs og fri\u00f0ar. Hann r\u00e6\u00f0ur og f\u00e9s\u00e6lu manna.\u00bb \u00deessi knappa l\u00fdsing tekur til virknisvi\u00f0sins: ve\u00f0ur, akuryrkju, fri\u00f0, veraldlega vels\u00e6ld.<\/p>\n<p>Nafni\u00f0 Freyr \u00fe\u00fd\u00f0ir b\u00f3kstaflega \u00abherra\u00bb og er upphaflega titill (samb\u00e6rilegt vi\u00f0 lat\u00ednuna dominus), ekki eiginnafn. \u00deessi merkingarfr\u00e6\u00f0ilega sta\u00f0reynd s\u00fdnir a\u00f0 hi\u00f0 sanna, forna nafn verunnar hafi glatast e\u00f0a veri\u00f0 leyst af h\u00f3lmi me\u00f0 tab\u00faor\u00f0inu Freyr.<\/p><p><span data-nosnippet>Svipa\u00f0 gildir um Freyju, en nafn hennar \u00fe\u00fd\u00f0ir \u00abh\u00fasfreyja\/herrakona\u00bb. Edgar Polome hefur \u00ed \u00abEssays on Germanic Religion\u00bb (1989) lagt til a\u00f0 upphaflega nafnlausi h\u00f6fu\u00f0gu\u00f0 vananna hafi lifa\u00f0 \u00e1fram \u00ed hef\u00f0inni undir titlinum Freyr.<\/span><\/p>\n<p>Fa\u00f0ir Freys er Nj\u00f6r\u00f0ur, m\u00f3\u00f0ir hans nafnlaus systir Njar\u00f0ar. Me\u00f0 Freyju, systur sinni og eiginkonu (samkv\u00e6mt vanahef\u00f0), auk Ger\u00f0ar j\u00f6tunmeyjar sem hann f\u00e6r me\u00f0 valdi, eignast hann fj\u00f6lda afkomenda.<\/p><p>\u00abYnglinga saga\u00bb nefnir Fj\u00f6lni, h\u00e1lfgo\u00f0s\u00f6gulegan konung s\u00e6nskra Ynglinga, sem son Freys. \u00deannig er s\u00e6nska konungs\u00e6ttin Ynglingar talin komin af Frey.<\/p>\n\n<p>Freyr er meginmyndin \u00ed norr\u00e6num si\u00f0 fyrir karlkyns frj\u00f3semi, en er ekki einfaldlega ein-\u00fe\u00e6tt <span class=\"iwg-fachbegriff\" data-tooltip=\"Vera sem er tilbe\u00f0in sem gu\u00f0leg innan tr\u00faarbrag\u00f0a.\" tabindex=\"0\">go\u00f0vera<\/span>. S\u00f6gur af honum n\u00e1 yfir stj\u00f3rn ve\u00f0urs, s\u00f3lskin, regn, akuryrkju, siglingar (me\u00f0 Sk\u00ed\u00f0bla\u00f0ni) og fri\u00f0. \u00deessi v\u00ed\u00f0t\u00e6ka virkni hefur leitt fr\u00e6\u00f0imenn til a\u00f0 flokka Frey ekki sem hreinan \u00feri\u00f0ju-virknisgu\u00f0, heldur sem fl\u00f3kna samsetta veru \u00fear sem heildarmynd velmegunar birtist.<\/p>\n<p>Titilse\u00f0li nafnsins Freyr (\u00abherra\u00bb) hefur \u00edtreka\u00f0 leitt fr\u00e6\u00f0imenn til a\u00f0 spyrja hvert upphaflegt nafn \u00feessa gu\u00f0s hafi veri\u00f0. Edgar Polome taldi \u00ed ritger\u00f0um s\u00ednum a\u00f0 um banna\u00f0, tab\u00falagt nafn v\u00e6ri a\u00f0 r\u00e6\u00f0a sem hef\u00f0i veri\u00f0 leyst af h\u00f3lmi me\u00f0 titilor\u00f0inu.<\/p><p>\u00deessi tab\u00fa-tilg\u00e1ta er m\u00e1lfr\u00e6\u00f0ilega tr\u00faver\u00f0ug en erfitt a\u00f0 sanna me\u00f0 reynslug\u00f6gnum. A\u00f0rir fr\u00e6\u00f0imenn (Jan de Vries, Rudolf Simek) telja a\u00f0 Freyr og Freyja hafi fr\u00e1 upphafi veri\u00f0 titiln\u00f6fn, \u00e1n \u00feess a\u00f0 upphaflegt eiginnafn hafi veri\u00f0 til.<\/p>\t\t\t\t\t\t\t\t<\/div>\n\t\t\t\t<\/div>\n\t\t<div class=\"elementor-element elementor-element-3d329d2 e-con-full e-flex e-con e-child\" data-id=\"3d329d2\" data-element_type=\"container\" data-e-type=\"container\">\n\t\t\t\t<div class=\"elementor-element elementor-element-9142137 elementor-widget elementor-widget-heading\" data-id=\"9142137\" data-element_type=\"widget\" data-e-type=\"widget\" data-widget_type=\"heading.default\">\n\t\t\t\t\t<h2 class=\"elementor-heading-title elementor-size-default\">T\u00e1kn og einkenni<\/h2>\t\t\t\t<\/div>\n\t\t\t\t<div class=\"elementor-element elementor-element-0eea007 elementor-widget elementor-widget-text-editor\" data-id=\"0eea007\" data-element_type=\"widget\" data-e-type=\"widget\" data-widget_type=\"text-editor.default\">\n\t\t\t\t\t\t\t\t\t<p>G\u00f6ltur Freys, Gullinbursti (\u00abGullbursti\u00bb), er l\u00fdst \u00edtarlega \u00ed \u00abSk\u00e1ldskaparm\u00e1lum\u00bb Snorra. Dvergarnir Brokkur og Eitri sm\u00ed\u00f0u\u00f0u hann \u00far sv\u00ednsh\u00fa\u00f0. G\u00f6tturinn getur hlaupi\u00f0 gegnum loft og vatn, hra\u00f0ar en nokkur hestur, og glans hans l\u00fdsir upp n\u00f3ttina.<\/p><p>G\u00f6tturinn er \u00ed norr\u00e6nni t\u00e1knfr\u00e6\u00f0i tengdur str\u00ed\u00f0i og frj\u00f3semi sterkar en v\u00ed\u00f0a annars sta\u00f0ar. Bj\u00f3lfskvi\u00f0a, v\u00edkingaaldarhj\u00e1lmurinn fr\u00e1 Sutton Hoo (England, 7. \u00f6ld) og fj\u00f6ldi skandinav\u00edskra sver\u00f0hjalta bera g\u00f6lturmyndir.<\/p>\n<p>Skip hans Sk\u00ed\u00f0bla\u00f0nir, einnig sm\u00ed\u00f0a\u00f0 af dvergum, er best allra skipa. \u00dea\u00f0 hefur alltaf g\u00f3\u00f0an byr \u00feegar seglin eru dregin upp og m\u00e1 brj\u00f3ta saman eins og kl\u00e6\u00f0i og setja \u00ed pung. Skipi\u00f0 er <span class=\"iwg-fachbegriff\" data-tooltip=\"Merki sem stendur fyrir hugmynd e\u00f0a merkingu.\" tabindex=\"0\">t\u00e1kn<\/span> siglingae\u00f0lis hans (arfur f\u00f6\u00f0ur hans Njar\u00f0ar) og hagn\u00fdtrar, hags\u00fdnar virkni hans.<\/p>\n<p>Sver\u00f0 hans er nefnt \u00ed \u00abSk\u00edrnism\u00e1lum\u00bb og \u00ed \u00abGylfaginningu\u00bb. \u00dea\u00f0 vegur af sj\u00e1lfu s\u00e9r \u00feegar vitrir menn st\u00fdra \u00fev\u00ed. Freyr gefur sver\u00f0i\u00f0 \u00fej\u00f3ni s\u00ednum Sk\u00edrni \u00ed laun fyrir b\u00f3nor\u00f0i\u00f0 um Ger\u00f0i.<\/p><p>\u00cd Ragnar\u00f6kum fellur Freyr \u00fev\u00ed fyrir eldj\u00f6tninum Surti, af \u00fev\u00ed a\u00f0 hann hefur sver\u00f0i\u00f0 ekki lengur. \u00deetta atri\u00f0i er gefi\u00f0 \u00ed skyn \u00ed \u00abV\u00f6lusp\u00e1\u00bb 53.<\/p>\n<p>A\u00f0setur hans \u00c1lfheimur, b\u00f3kstaflega \u00ab\u00e1lfaland\u00bb, er nefnt \u00ed \u00abGr\u00edmnism\u00e1lum\u00bb 5 sem gj\u00f6f til Freys vi\u00f0 fyrsta tannt\u00f6ku. \u00deessi tenging vi\u00f0 lj\u00f3s\u00e1lfa hefur fengi\u00f0 \u00fdmsar t\u00falkanir \u00ed fr\u00e6\u00f0unum.<\/p><p>Edgar Polome s\u00e1 \u00ed \u00feessu tengsl frj\u00f3semi og <span class=\"iwg-fachbegriff\" data-tooltip=\"Tilbei\u00f0sla l\u00e1tinna fj\u00f6lskyldume\u00f0lima sem \u00e1framhaldandi verndarm\u00e1tta.\" tabindex=\"0\">forfe\u00f0rad\u00fdrkunar<\/span>, en Rudolf Simek les \u00feennan sta\u00f0 sem v\u00edsbendingu um fornt valdasamband milli Freys og \u00e1lfa.<\/p>\t\t\t\t\t\t\t\t<\/div>\n\t\t\t\t<\/div>\n\t\t<div class=\"elementor-element elementor-element-e0141a0 e-con-full e-flex e-con e-child\" data-id=\"e0141a0\" data-element_type=\"container\" data-e-type=\"container\">\n\t\t\t\t<div class=\"elementor-element elementor-element-8ed9638 elementor-widget elementor-widget-heading\" data-id=\"8ed9638\" data-element_type=\"widget\" data-e-type=\"widget\" data-widget_type=\"heading.default\">\n\t\t\t\t\t<h2 class=\"elementor-heading-title elementor-size-default\">D\u00fdrkun og tilbei\u00f0sla<\/h2>\t\t\t\t<\/div>\n\t\t\t\t<div class=\"elementor-element elementor-element-8192270 elementor-widget elementor-widget-text-editor\" data-id=\"8192270\" data-element_type=\"widget\" data-e-type=\"widget\" data-widget_type=\"text-editor.default\">\n\t\t\t\t\t\t\t\t\t<p>Adam fr\u00e1 Brimum l\u00fdsir \u00ed \u00abGesta Hammaburgensis ecclesi\u00e6 pontificum\u00bb (um 1075) <span class=\"iwg-fachbegriff\" data-tooltip=\"Bygging sem er notu\u00f0 til a\u00f0 tilbi\u00f0ja einn e\u00f0a fleiri gu\u00f0i.\" tabindex=\"0\">hofinu<\/span> \u00ed Upps\u00f6lum me\u00f0 \u00feremur gu\u00f0amyndum: \u00de\u00f3r \u00ed mi\u00f0ju, \u00d3\u00f0inn og Fricco til hvorrar hli\u00f0ar. Fricco er Freyr.<\/p><p>Adam segir a\u00f0 mynd Friccos hafi veri\u00f0 s\u00fdnd me\u00f0 risav\u00f6xnu lim. \u00deessi limmynd f\u00e6r stu\u00f0ning \u00far fornleifafundum, me\u00f0al annars styttunni fr\u00e1 R\u00e4llinge (Sv\u00ed\u00fej\u00f3\u00f0, 10.\/11. \u00f6ld), l\u00edtilli bronsstyttu me\u00f0 greinilega sj\u00e1anlegum lim.<\/p>\n<p>\u00abV\u00f6lusp\u00e1\u00bb, \u00abYnglinga saga\u00bb og nokkrar \u00edslenskar s\u00f6gur greina fr\u00e1 j\u00f3lahaldi og d\u00edsabl\u00f3ti, \u00fear sem Freyr l\u00e9k s\u00e9rstakt hlutverk. G\u00f6ltur hans Gullinbursti gaf j\u00f3lag\u00f6ltinum (sonarg\u00f6ltr) nafn sitt.<\/p><p>\u00c1 j\u00f3lum var hendi l\u00f6g\u00f0 h\u00e1t\u00ed\u00f0lega \u00e1 bak g\u00f6lturins og ei\u00f0ar svarnir. \u00deessi si\u00f0ur er l\u00fdst n\u00e1kv\u00e6mlega \u00ed \u00abHervarar saga ok Hei\u00f0reks\u00bb (13. \u00f6ld, me\u00f0 eldra efni).<\/p>\n<p><span data-nosnippet>\u00d6rnefni me\u00f0 Freys-\u00fe\u00e6tti eru gr\u00ed\u00f0arlega m\u00f6rg \u00ed Sv\u00ed\u00fej\u00f3\u00f0 og Noregi: Frysta, Fr\u00f6la, Fr\u00f6stad, Fryskos, Fr\u00f6shult, auk fj\u00f6lda sta\u00f0arheita me\u00f0 \u00fe\u00e1ttunum Frey-, Fr\u00f6- og Freys-. Magnus Olsen safna\u00f0i um tv\u00f6 hundru\u00f0 sl\u00edkum sta\u00f0arheitum \u00ed \u00abHedenske kultminder\u00bb (1915). \u00deessi \u00fe\u00e9tta sl\u00f3\u00f0 undirstrikar hi\u00f0 mi\u00f0l\u00e6ga tr\u00faarlega hlutverk Freys, s\u00e9rstaklega \u00ed Mi\u00f0-Sv\u00ed\u00fej\u00f3\u00f0 og su\u00f0austanver\u00f0um Noregi.<\/span><\/p>\n<p>\u00abFlateyjarb\u00f3k\u00bb (fr\u00e1 lokum 14. aldar, me\u00f0 eldra efni) greinir fr\u00e1 vagnfer\u00f0 styttu af Frey um Sv\u00ed\u00fej\u00f3\u00f0, \u00ed fylgd prestkonu sem talin var eiginkona Freys (gy\u00f0ja). Fer\u00f0in enda\u00f0i me\u00f0 blessun akra til frj\u00f3semi. \u00deessi fr\u00e1s\u00f6gn samsvarar a\u00f0 ger\u00f0 Ner\u00feus-<span class=\"iwg-fachbegriff\" data-tooltip=\"H\u00e1t\u00ed\u00f0leg tr\u00faarleg skr\u00fa\u00f0ganga.\" tabindex=\"0\">skr\u00fa\u00f0g\u00f6ngunni<\/span> hj\u00e1 Tacitus og s\u00fdnir samfellu farandi frj\u00f3semisathafna \u00ed gegnum aldirnar.<\/p>\t\t\t\t\t\t\t\t<\/div>\n\t\t\t\t<\/div>\n\t\t<div class=\"elementor-element elementor-element-a724180 e-con-full e-flex e-con e-child\" data-id=\"a724180\" data-element_type=\"container\" data-e-type=\"container\">\n\t\t\t\t<div class=\"elementor-element elementor-element-12968d3 elementor-widget elementor-widget-heading\" data-id=\"12968d3\" data-element_type=\"widget\" data-e-type=\"widget\" data-widget_type=\"heading.default\">\n\t\t\t\t\t<h2 class=\"elementor-heading-title elementor-size-default\">Mikilv\u00e6gar go\u00f0sagnir<\/h2>\t\t\t\t<\/div>\n\t\t\t\t<div class=\"elementor-element elementor-element-4cc99a4 elementor-widget elementor-widget-text-editor\" data-id=\"4cc99a4\" data-element_type=\"widget\" data-e-type=\"widget\" data-widget_type=\"text-editor.default\">\n\t\t\t\t\t\t\t\t\t<p>Meginstefjan \u00ed <span class=\"iwg-fachbegriff\" data-tooltip=\"Hef\u00f0bundin fr\u00e1s\u00f6gn um gu\u00f0i, uppruna og skipan heimsins.\" tabindex=\"0\">go\u00f0s\u00f6gunni<\/span> er b\u00f3nor\u00f0 Freys til Ger\u00f0ar j\u00f6tunmeyjar. Eddukv\u00e6\u00f0i\u00f0 \u00abSk\u00edrnism\u00e1l\u00bb segir fr\u00e1 \u00feessu \u00ed sm\u00e1atri\u00f0um: Freyr sest \u00ed leyni \u00ed h\u00e1s\u00e6ti \u00d3\u00f0ins, Hli\u00f0skj\u00e1lf, \u00fea\u00f0an sem allir heimar sj\u00e1st. Hann s\u00e9r Ger\u00f0i \u00ed J\u00f6tunheimum og fyllist \u00e1star\u00fer\u00e1. Sj\u00fakur af heitri l\u00f6ngun sendir hann \u00fej\u00f3n sinn Sk\u00edrni til a\u00f0 bi\u00f0ja Ger\u00f0ar.<\/p><p>Sk\u00edrnir r\u00ed\u00f0ur \u00e1 hesti Freys \u00ed gegnum eldslogana til J\u00f6tunheima. Hann bo\u00f0ar Ger\u00f0i ellefu gullepli, s\u00ed\u00f0an hringinn Draupni, og h\u00f3tar a\u00f0 lokum me\u00f0 sver\u00f0inu og hrikalegri <span class=\"iwg-fachbegriff\" data-tooltip=\"M\u00e1lform\u00fala sem \u00e1 a\u00f0 valda \u00f3g\u00e6fu einhverjum e\u00f0a einhverju.\" tabindex=\"0\">b\u00f6lvun<\/span>. Ger\u00f0ur sam\u00feykkir. H\u00fan ver\u00f0ur eiginkona Freys. En Freyr hefur l\u00e1ti\u00f0 sver\u00f0 sitt af hendi og ver\u00f0ur \u00fev\u00ed vopnlaus \u00ed \u00e1t\u00f6kunum vi\u00f0 Surt \u00ed Ragnar\u00f6kum.<\/p>\n<p>Fr\u00e6\u00f0ilega s\u00e9\u00f0 er \u00abSk\u00edrnism\u00e1l\u00bb eitt r\u00edkasta heimildarriti\u00f0. Magnus Olsen, Ursula Dronke, John Lindow og Anatoly Liberman hafa lesi\u00f0 \u00fea\u00f0 sem hj\u00f3nabandsath\u00f6fn sem l\u00fdsir go\u00f0s\u00f6gulega sameiningu s\u00f3lar (Freys) og jar\u00f0ar (Ger\u00f0ar, en nafni\u00f0 er tali\u00f0 tengjast gar\u00f0r \u00abafgirt land\u00bb).<\/p><p>H\u00f3tunin um <span class=\"iwg-fachbegriff\" data-tooltip=\"M\u00e1lform\u00fala sem \u00e1 a\u00f0 valda \u00f3g\u00e6fu einhverjum e\u00f0a einhverju.\" tabindex=\"0\">b\u00f6lvun<\/span> hefur veri\u00f0 t\u00falku\u00f0 sem endurspeglun helgisi\u00f0abundins b\u00f3nor\u00f0sferlis: Freyr-m\u00e1nago\u00f0 ver\u00f0ur a\u00f0 bl\u00ed\u00f0ka jar\u00f0argy\u00f0juna me\u00f0 lofor\u00f0um, gj\u00f6fum og h\u00f3tunum til a\u00f0 tryggja frj\u00f3semi.<\/p>\n<p>\u00d6nnur <span class=\"iwg-fachbegriff\" data-tooltip=\"Hef\u00f0bundin fr\u00e1s\u00f6gn um gu\u00f0i, uppruna og skipan heimsins.\" tabindex=\"0\">go\u00f0sagan<\/span> er andl\u00e1t Freys \u00ed Ragnar\u00f6kum. \u00cd \u00abV\u00f6lusp\u00e1\u00bb 53 og \u00ed \u00abGylfaginningu\u00bb Snorra, 51. kafla, er greint fr\u00e1 \u00fev\u00ed \u00ed stuttu m\u00e1li: Freyr berst vi\u00f0 Surt og fellur. Snorri b\u00e6tir vi\u00f0 a\u00f0 Freyr berjist \u00e1n sver\u00f0s s\u00edns og tapi \u00fev\u00ed fyrir viki\u00f0.<\/p><p>\u00deessi lykilatbur\u00f0ur s\u00fdnir a\u00f0 b\u00f3nor\u00f0 Freys til Ger\u00f0ar er ekki einungis \u00e1starsaga, heldur hefur \u00fea\u00f0 heimsfr\u00e6\u00f0ilegar aflei\u00f0ingar: me\u00f0 \u00fev\u00ed a\u00f0 l\u00e1ta sver\u00f0i\u00f0 af hendi innsiglar Freyr s\u00edna eigin heimsenda\u00f6rlagav\u00e1.<\/p>\n<p>\u00deri\u00f0ja <span class=\"iwg-fachbegriff\" data-tooltip=\"Hef\u00f0bundin fr\u00e1s\u00f6gn um gu\u00f0i, uppruna og skipan heimsins.\" tabindex=\"0\">go\u00f0sagan<\/span> er hlutverk Freys sem \u00e6ttarf\u00f6\u00f0ur Ynglinga. \u00abYnglingatal\u00bb \u00dej\u00f3\u00f0\u00f3lfs \u00far Hvini (um 880) og \u00abYnglinga saga\u00bb Snorra Sturlusonar (um 1230) telja upp s\u00e6nska konunga fr\u00e1 Frey (einnig kalla\u00f0ur Yngvi-Freyr) yfir Fj\u00f6lni og allt ni\u00f0ur til hinna s\u00f6gulegu konunga Vestur-Noregs.<\/p><p>\u00deessi \u00e6ttartala hefur mikla tr\u00faars\u00f6gulega \u00fe\u00fd\u00f0ingu, \u00fev\u00ed h\u00fan s\u00fdnir hvernig frj\u00f3semisgu\u00f0 var\u00f0 \u00e6ttfa\u00f0ir s\u00f6gulegs konungs\u00e6tta.<\/p>\n\n<p>\u00abSk\u00edrnism\u00e1l\u00bb er eitt mikilv\u00e6gasta eddukv\u00e6\u00f0anna. \u00dea\u00f0 fjallar um b\u00f3nor\u00f0 Freys til Ger\u00f0ar, en undir fr\u00e1sagnaryfirbor\u00f0inu felst r\u00edkuleg fr\u00e6\u00f0ilega ni\u00f0urst\u00f6\u00f0ur.<\/p><p>H\u00f3tanir Sk\u00edrnis um <span class=\"iwg-fachbegriff\" data-tooltip=\"M\u00e1lform\u00fala sem \u00e1 a\u00f0 valda \u00f3g\u00e6fu einhverjum e\u00f0a einhverju.\" tabindex=\"0\">b\u00f6lvun<\/span> (erindi 26-36) heyra til flokks galdrab\u00f6lvana og innihalda hugt\u00f6k sem eiga s\u00e9r hli\u00f0st\u00e6\u00f0ur \u00ed r\u00fanagaldri og fornindverskri s\u00e6ringahef\u00f0. Ranns\u00f3knir Magnusar Olsen, Anatoly Libermans og Ursulu Dronke hafa n\u00fdtt \u00feessi erindi sem d\u00fdrm\u00e6tt efni til a\u00f0 endurgera norr\u00e6na b\u00f6lvunarh\u00e6tti.<\/p>\n<p>\u00d6nnur t\u00falkun \u00e1 \u00abSk\u00edrnism\u00e1lum\u00bb var l\u00f6g\u00f0 fram af Anatoly Liberman \u00ed \u00abIn Prayer and Laughter\u00bb (2016). Liberman s\u00e9r \u00ed kv\u00e6\u00f0inu gamansama, jafnvel h\u00e1\u00f0ska l\u00fdsingu \u00e1 gu\u00f0legu b\u00f3nor\u00f0sferli, sem endurspeglar dr\u00fdgindalega b\u00f3nor\u00f0shef\u00f0 v\u00edkingaaldar-kappa. \u00deessi t\u00falkun stangast \u00e1 vi\u00f0 hina hef\u00f0bundnu heil\u00f6gu t\u00falkun Magnusar Olsen og s\u00fdnir margbreytileika eddukv\u00e6\u00f0anna.<\/p>\t\t\t\t\t\t\t\t<\/div>\n\t\t\t\t<\/div>\n\t\t<div class=\"elementor-element elementor-element-f74dc7f e-con-full e-flex e-con e-child\" data-id=\"f74dc7f\" data-element_type=\"container\" data-e-type=\"container\">\n\t\t\t\t<div class=\"elementor-element elementor-element-d986ccb elementor-widget elementor-widget-heading\" data-id=\"d986ccb\" data-element_type=\"widget\" data-e-type=\"widget\" data-widget_type=\"heading.default\">\n\t\t\t\t\t<h2 class=\"elementor-heading-title elementor-size-default\">Tengsl innan go\u00f0aheimsins<\/h2>\t\t\t\t<\/div>\n\t\t\t\t<div class=\"elementor-element elementor-element-ee6589b elementor-widget elementor-widget-text-editor\" data-id=\"ee6589b\" data-element_type=\"widget\" data-e-type=\"widget\" data-widget_type=\"text-editor.default\">\n\t\t\t\t\t\t\t\t\t<p>Freyr er sonur Njar\u00f0ar og br\u00f3\u00f0ir Freyju. Me\u00f0 Freyju gat hann afkv\u00e6mi samkv\u00e6mt vanahef\u00f0inni, en s\u00ed\u00f0ari heimildir l\u00e1ta \u00feetta samband liggja \u00ed skugganum. Hann er kv\u00e6ntur Ger\u00f0i samkv\u00e6mt \u00e1sasi\u00f0, og sonur \u00feeirra er Fj\u00f6lnir, fyrsti go\u00f0s\u00f6gulegi Ynglingakonungurinn.<\/p>\n<p>N\u00e1in tengsl eru milli hans og Sk\u00edrnis, \u00fej\u00f3ns hans. Sk\u00edrnir er sendibo\u00f0i hans, b\u00f3nor\u00f0sma\u00f0ur og anna\u00f0 sj\u00e1lf hans. Sumir fr\u00e6\u00f0imenn (Magnus Olsen, Folke Str\u00f6m) t\u00f6ldu Sk\u00edrni vera hj\u00e1vist (hypostasis) Freys sj\u00e1lfs, a\u00f0ra mynd lj\u00f3sv\u00e6ttarins. \u00deessi t\u00falkun er umdeild, en n\u00e1in tengsl \u00feessara tveggja pers\u00f3na \u00ed \u00abSk\u00edrnism\u00e1lum\u00bb eru \u00e1berandi.<\/p>\n<p>Gagnvart \u00d3\u00f0ni og \u00de\u00f3r kemur Freyr \u00ed heimildunum fram sem jafnsettur h\u00f6fu\u00f0gu\u00f0. \u00abV\u00f6lusp\u00e1\u00bb, \u00abGr\u00edmnism\u00e1l\u00bb og s\u00f6gurnar nefna \u00feessa \u00ferj\u00e1 oft \u00ed s\u00f6mu andr\u00e1.<\/p><p>\u00derenning Adams fr\u00e1 Brimum, \u00de\u00f3r-\u00d3\u00f0inn-Fricco (Freyr), sta\u00f0festir \u00feessa stigskipun fyrir lok v\u00edkingaaldar. \u00abLokasenna\u00bb 36-37 s\u00fdnir deilu milli Loka og Freys, \u00fear sem Loki gerir gys a\u00f0 \u00fev\u00ed a\u00f0 Freyr hafi l\u00e1ti\u00f0 af hendi sver\u00f0 sitt.<\/p>\t\t\t\t\t\t\t\t<\/div>\n\t\t\t\t<\/div>\n\t\t<div class=\"elementor-element elementor-element-942dcb1 e-con-full e-flex e-con e-child\" data-id=\"942dcb1\" data-element_type=\"container\" data-e-type=\"container\">\n\t\t\t\t<div class=\"elementor-element elementor-element-17811c4 elementor-widget elementor-widget-heading\" data-id=\"17811c4\" data-element_type=\"widget\" data-e-type=\"widget\" data-widget_type=\"heading.default\">\n\t\t\t\t\t<h2 class=\"elementor-heading-title elementor-size-default\">M\u00f3ttaka og \u00e1hrif<\/h2>\t\t\t\t<\/div>\n\t\t\t\t<div class=\"elementor-element elementor-element-28bd99a elementor-widget elementor-widget-text-editor\" data-id=\"28bd99a\" data-element_type=\"widget\" data-e-type=\"widget\" data-widget_type=\"text-editor.default\">\n\t\t\t\t\t\t\t\t\t<p>\u00cd \u00edslenskum s\u00f6gum, s\u00e9rstaklega \u00ed \u00abHrafnkels s\u00f6gu Freysgo\u00f0a\u00bb (13. \u00f6ld), leikur Freyr lykilhlutverk. Hrafnkell er Freysgo\u00f0i, prestur sem helgar gu\u00f0num hest. Hver sem r\u00ed\u00f0ur hestinum er drepinn.<\/p><p>Sagan segir fr\u00e1 deilu um \u00feennan hest, og \u00ed framvindu hennar glatar Hrafnkell tr\u00fa sinni og hverfur fr\u00e1 go\u00f0ahofi s\u00ednu. \u00deessi s\u00e1lfr\u00e6\u00f0ilega umbreyting \u00ed mi\u00f0ri go\u00f0s\u00f6gulega litu\u00f0um fr\u00e1s\u00f6gn er me\u00f0al \u00e1hugaver\u00f0ustu heimilda \u00cdslendingasagna.<\/p>\n<p>\u00cd <span class=\"iwg-fachbegriff\" data-tooltip=\"V\u00edsindi sem rannsaka hversdagsmenningu, si\u00f0i og arfteknar hugmyndir.\" tabindex=\"0\">\u00fej\u00f3\u00f0h\u00e1ttafr\u00e6\u00f0i<\/span> lifir minning Freys \u00e1fram \u00ed j\u00f3lag\u00f6ltnum. S\u00e6nski <span class=\"iwg-fachbegriff\" data-tooltip=\"Arfleidd ath\u00f6fn sem endurtekin er reglulega innan samf\u00e9lags.\" tabindex=\"0\">si\u00f0urinn<\/span> um julgrisen (j\u00f3lag\u00f6ltinn, oft ofinn \u00far str\u00e1i) h\u00e9lt l\u00edfi \u00ed sveitum allt fram \u00e1 19. \u00f6ld. Einnig hefur norski <span class=\"iwg-fachbegriff\" data-tooltip=\"Arfleidd ath\u00f6fn sem endurtekin er reglulega innan samf\u00e9lags.\" tabindex=\"0\">si\u00f0urinn<\/span> um sonarg\u00f6ltrarei\u00f0inn (heit svari\u00f0 \u00e1 g\u00f6ltinn um j\u00f3l) haldist a\u00f0 nokkru leyti.<\/p>\n<p><span data-nosnippet>\u00cd norr\u00e6nni r\u00f3mant\u00edk var Freyr tekinn upp af Adam \u00d6hlenschl\u00e4ger og Esaias Tegn\u00e9r, en var\u00f0 \u00ed skugga \u00de\u00f3rs og \u00d3\u00f0ins. Richard Wagner t\u00f3k hann ekki me\u00f0 \u00ed \u00abNiflungahringinn\u00bb. \u00c1 20. \u00f6ld j\u00f3kst mikilv\u00e6gi Freys \u00ed samanbur\u00f0ar<span class=\"iwg-fachbegriff\" data-tooltip=\"V\u00edsindin sem rannsaka tr\u00faarbr\u00f6g\u00f0 samanbur\u00f0arlega og \u00e1n tr\u00faarlegrar skuldbindingar.\" tabindex=\"0\">tr\u00faarbrag\u00f0afr\u00e6\u00f0i<\/span>, ekki s\u00edst gegnum \u00abDiser, nornor, valkyrjor\u00bb (1954) Folke Str\u00f6ms og greinum Edgars Polom\u00e9.<\/span><\/p>\t\t\t\t\t\t\t\t<\/div>\n\t\t\t\t<\/div>\n\t\t<div class=\"elementor-element elementor-element-8b78832 e-con-full e-flex e-con e-child\" data-id=\"8b78832\" data-element_type=\"container\" data-e-type=\"container\">\n\t\t\t\t<div class=\"elementor-element elementor-element-8bee288 elementor-widget elementor-widget-heading\" data-id=\"8bee288\" data-element_type=\"widget\" data-e-type=\"widget\" data-widget_type=\"heading.default\">\n\t\t\t\t\t<h2 class=\"elementor-heading-title elementor-size-default\">Tr\u00faarfr\u00e6\u00f0ileg sta\u00f0setning<\/h2>\t\t\t\t<\/div>\n\t\t\t\t<div class=\"elementor-element elementor-element-cd0797c elementor-widget elementor-widget-text-editor\" data-id=\"cd0797c\" data-element_type=\"widget\" data-e-type=\"widget\" data-widget_type=\"text-editor.default\">\n\t\t\t\t\t\t\t\t\t<p>Freyr er meginbirting \u00feri\u00f0ju ind\u00f3evr\u00f3psku hlutverkaskiptingarins (frj\u00f3semi, efnahag, vels\u00e6ld) samkv\u00e6mt flokkun Georges Dum\u00e9zils \u00e1 norr\u00e6nu svi\u00f0i. \u00deessi flokkun er n\u00e6r \u00f3umdeild \u00ed fr\u00e6\u00f0unum. Hlutverk Freys samsvarar a\u00f0 ger\u00f0 keltneska Cernunnos, hindverska Vasus-h\u00f3pnum og hluta af hef\u00f0 Demeter og Persef\u00f3nu \u00ed gr\u00edskri go\u00f0afr\u00e6\u00f0i.<\/p>\n<p><span data-nosnippet>N\u00e1in tengsl milli Freys og hinnar s\u00f6gulegu s\u00e6nsku Ynglinga\u00e6ttar eru tr\u00faars\u00f6gulega athyglisver\u00f0. Folke Str\u00f6m s\u00fdndi \u00ed \u00abSveriges hedna nutid\u00bb (1961) a\u00f0 \u00feessi tengsl megi rekja til fornrar helgikonungshugmyndar, \u00fear sem konungurinn var talinn birting frj\u00f3semi landsins.<\/span><\/p><p>\u00deessi helgikonungskenning er umdeild \u00ed fr\u00e6\u00f0unum, en Ynglingarnir eru eitt sterkasta d\u00e6mi\u00f0 um hana.<\/p>\n<p>Fall\u00edsk framsetning Freys \u00ed Upps\u00f6lum og \u00ed Rallinge-styttunum fellur a\u00f0 mynd frj\u00f3semisgu\u00f0s, \u00fear sem <span class=\"iwg-fachbegriff\" data-tooltip=\"Heildarsafn tr\u00faarlegra tilbei\u00f0sluathafna fyrir gu\u00f0 e\u00f0a heilaga v\u00e6tt.\" tabindex=\"0\">d\u00fdrkunin<\/span> lag\u00f0i \u00e1herslu \u00e1 karlmannlega getna\u00f0arkraftinn.<\/p><p><span data-nosnippet>Samb\u00e6rilegar eru framsetningar Hermesar \u00ed Grikklandi og Priapusar \u00ed R\u00f3m. Mircea Eliade flokka\u00f0i fallosinn sem alhli\u00f0a frj\u00f3semist\u00e1kn \u00ed \u00abPatterns in Comparative Religion\u00bb (1958) og setti Frey \u00ed \u00feennan flokk.<\/span><\/p>\n\n<p>Fall\u00edsk framsetning Freys \u00ed Upps\u00f6lum og \u00ed Rallinge-styttunum er me\u00f0al sk\u00fdrustu myndr\u00e6nu heimilda um frj\u00f3semisgu\u00f0 \u00ed tr\u00faars\u00f6gu Germana. Adam fr\u00e1 Brimum l\u00fdsir Uppsala-myndinni me\u00f0 \u00f3venjulegri beror\u00f0ni: \u00abcum ingenti priapo\u00bb (me\u00f0 gr\u00ed\u00f0arst\u00f3rum fallosi).<\/p><p>Bronsstyttan fr\u00e1 Rallinge (Su\u00f0urmannalandi \u00ed Sv\u00ed\u00fej\u00f3\u00f0, 10.\/11. \u00f6ld, n\u00fa \u00e1 Statens Historiska Museum \u00ed Stokkh\u00f3lmi) s\u00fdnir sitjandi, skeggja\u00f0an mann me\u00f0 greinilega uppr\u00e9ttan lim og oddhvassan hj\u00e1lm.<\/p>\n<p><span data-nosnippet>\u00deessi myndr\u00e6na beror\u00f0ni hefur \u00edtreka\u00f0 valdi\u00f0 umr\u00e6\u00f0um \u00ed fr\u00e6\u00f0unum um framkv\u00e6md d\u00fdrkunarins. Folke Str\u00f6m h\u00e9lt \u00fev\u00ed fram \u00ed \u00abSveriges hedna nutid\u00bb (1961) a\u00f0 frj\u00f3semisath\u00f6fn Freys hafi haft raunverulega kynfer\u00f0islega \u00fe\u00e6tti, svo sem rit\u00faal hj\u00f3nab\u00f6nd e\u00f0a t\u00e1knr\u00e6na sameiningu.<\/span><\/p><p>Adam fr\u00e1 Brimum nefnir \u00ed l\u00fdsingu sinni \u00e1 Uppsala-hofinu s\u00e1lma vi\u00f0 f\u00f3rnarathafnirnar sem hann telur \u00f3si\u00f0lega. \u00deessar v\u00edsbendingar bendi til \u00e1stands \u00f6llu meira l\u00edkamlegs og trylltra tengda tilbei\u00f0slu Freys, sem a\u00f0 mestu tapa\u00f0ist \u00e1 hinni kristnu 13. \u00f6ld.<\/p>\n<p>Ranns\u00f3knir s\u00ed\u00f0ustu \u00e1ratuga, s\u00e9rstaklega fornleifaranns\u00f3knir \u00ed Upps\u00f6lum (Else R\u00f6sdahl, Anders Andr\u00e9n) og tr\u00faarfyrirb\u00e6rafr\u00e6\u00f0irit Jens Peter Schj\u00f8dts, hafa gert mynd Freys margbrotnari.<\/p><p>Hann er ekki a\u00f0eins barnagu\u00f0, heldur einnig konungsgu\u00f0 Ynglinganna, ekki a\u00f0eins elskhugi, heldur einnig p\u00f3lit\u00edsk birting s\u00e6nsku \u00e6ttarveldisins. \u00deessi margbreytileiki gerir hann a\u00f0 einni fj\u00f6lbreytilegustu go\u00f0apers\u00f3nu \u00ed norr\u00e6nni tr\u00faars\u00f6gu.<\/p>\t\t\t\t\t\t\t\t<\/div>\n\t\t\t\t<\/div>\n\t\t<div class=\"elementor-element elementor-element-a05cd52 e-con-full e-flex e-con e-child\" data-id=\"a05cd52\" data-element_type=\"container\" data-e-type=\"container\">\n\t\t\t\t<div class=\"elementor-element elementor-element-85b78b0 elementor-widget elementor-widget-heading\" data-id=\"85b78b0\" data-element_type=\"widget\" data-e-type=\"widget\" data-widget_type=\"heading.default\">\n\t\t\t\t\t<h2 class=\"elementor-heading-title elementor-size-default\">Heimildir og frekari lesning<\/h2>\t\t\t\t<\/div>\n\t\t\t\t<div class=\"elementor-element elementor-element-8542dba elementor-widget elementor-widget-text-editor\" data-id=\"8542dba\" data-element_type=\"widget\" data-e-type=\"widget\" data-widget_type=\"text-editor.default\">\n\t\t\t\t\t\t\t\t\t<footer class=\"iwg-literatur\"><p><span data-nosnippet>Frumheimildir: \u00abProsa-Edda\u00bb (Snorri Sturluson, Gylfaginning 24, endurs\u00f6gn Sk\u00edrnism\u00e1la \u00ed Sk\u00e1ldskaparm\u00e1l), \u00abLj\u00f3\u00f0a-Edda\u00bb (\u00abSk\u00edrnism\u00e1l\u00bb, \u00abGr\u00edmnism\u00e1l\u00bb, \u00abLokasenna\u00bb, \u00abV\u00f6lusp\u00e1\u00bb), \u00abYnglinga saga\u00bb og \u00abYnglingatal\u00bb, \u00abHrafnkels saga Freysgo\u00f0a\u00bb, \u00abGesta Hammaburgensis\u00bb (Adam fr\u00e1 Brimum, um 1075), \u00abFlateyjarb\u00f3k\u00bb (s\u00ed\u00f0la 14. \u00f6ld). Sk\u00e1ldatextar hj\u00e1 Finni J\u00f3nssyni \u00abDen norsk-islandske Skjaldedigtning\u00bb (1912-15).<\/span><\/p>\n<p>Fr\u00e6\u00f0irit:<\/p><ul><li><span data-nosnippet>Jan de Vries \u00abAltgermanische Religionsgeschichte\u00bb (1956\/57).<\/span><\/li><li><span data-nosnippet>Folke Str\u00f6m \u00abNordisk hedendom\u00bb (2. \u00fatg. 1985) og \u00abSveriges hedna nutid\u00bb (1961).<\/span><\/li><li><span data-nosnippet>Edgar Polom\u00e9 \u00abEssays on Germanic Religion\u00bb (1989).<\/span><\/li><li><span data-nosnippet>Anatoly Liberman \u00abIn Prayer and Laughter\u00bb (2016, um Sk\u00edrnism\u00e1l).<\/span><\/li><li><span data-nosnippet>Magnus Olsen \u00abHedenske kultminder\u00bb (1915).<\/span><\/li><li><span data-nosnippet>Ursula Dronke \u00abEdda\u00bb 2. bindi (1997, sk\u00fdringar vi\u00f0 Sk\u00edrnism\u00e1l).<\/span><\/li><\/ul>\n<p class=\"iwg-bib-more\"><span data-nosnippet>Fleiri grunnrit \u00ed <a href=\"https:\/\/iwell-guard.com\/is\/heimildaskra\/\">heimildaskr\u00e1nni<\/a>.<\/span><\/p><\/footer>\t\t\t\t\t\t\t\t<\/div>\n\t\t\t\t<\/div>\n\t\t\t\t\t<\/div>\n\t\t\t\t<\/div>\n\t\t\t\t<\/div>\n\t\t","protected":false},"excerpt":{"rendered":"","protected":false},"author":3,"featured_media":3219,"parent":0,"menu_order":0,"comment_status":"closed","ping_status":"closed","template":"elementor_header_footer","meta":{"_yoast_wpseo_focuskw":"Freyr","_yoast_wpseo_title":"Freyr \u2013 Vanagu\u00f0 frj\u00f3semi | iWell Guard","_yoast_wpseo_metadesc":"Freyr er hinn germansk-norr\u00e6ni gu\u00f0 frj\u00f3semi, fri\u00f0ar og s\u00f3lar. Br\u00f3\u00f0ir Freyju, sonur Njar\u00f0ar, herra \u00c1lfheims. Go\u00f0s\u00f6gn og \u00e1tr\u00fana\u00f0ur.","_yoast_wpseo_meta-robots-noindex":"","_yoast_wpseo_canonical":"","_angie_page":false,"gefaehrdungsstufe":"","wesen_kultur":"","wesen_klasse":"","footnotes":""},"categories":[],"class_list":["post-169063","page","type-page","status-publish","has-post-thumbnail","hentry"],"yoast_head":"<!-- This site is optimized with the Yoast SEO Premium plugin v27.7 (Yoast SEO v28.3) - https:\/\/yoast.com\/product\/yoast-seo-premium-wordpress\/ -->\n<title>Freyr \u2013 Vanagu\u00f0 frj\u00f3semi | iWell Guard<\/title>\n<meta name=\"description\" content=\"Freyr er hinn germansk-norr\u00e6ni gu\u00f0 frj\u00f3semi, fri\u00f0ar og s\u00f3lar. Br\u00f3\u00f0ir Freyju, sonur Njar\u00f0ar, herra \u00c1lfheims. Go\u00f0s\u00f6gn og \u00e1tr\u00fana\u00f0ur.\" \/>\n<meta name=\"robots\" content=\"index, follow, max-snippet:-1, max-image-preview:large, max-video-preview:-1\" \/>\n<link rel=\"canonical\" href=\"https:\/\/iwell-guard.com\/is\/freyr\/\" \/>\n<meta property=\"og:locale\" content=\"is_IS\" \/>\n<meta property=\"og:type\" content=\"article\" \/>\n<meta property=\"og:title\" content=\"Freyr\" \/>\n<meta property=\"og:description\" content=\"Freyr er hinn germansk-norr\u00e6ni gu\u00f0 frj\u00f3semi, fri\u00f0ar og s\u00f3lar. Br\u00f3\u00f0ir Freyju, sonur Njar\u00f0ar, herra \u00c1lfheims. Go\u00f0s\u00f6gn og \u00e1tr\u00fana\u00f0ur.\" \/>\n<meta property=\"og:url\" content=\"https:\/\/iwell-guard.com\/is\/freyr\/\" \/>\n<meta property=\"og:site_name\" content=\"iWell Guard\" \/>\n<meta property=\"article:modified_time\" content=\"2026-09-05T14:31:20+00:00\" \/>\n<meta property=\"og:image\" content=\"https:\/\/iwell-guard.com\/wp-content\/uploads\/2026\/05\/goetter_germanisch_freyr.webp\" \/>\n\t<meta property=\"og:image:width\" content=\"1024\" \/>\n\t<meta property=\"og:image:height\" content=\"1536\" \/>\n\t<meta property=\"og:image:type\" content=\"image\/webp\" \/>\n<meta name=\"twitter:card\" content=\"summary_large_image\" \/>\n<script type=\"application\/ld+json\" class=\"yoast-schema-graph\">{\"@context\":\"https:\\\/\\\/schema.org\",\"@graph\":[{\"@type\":\"WebPage\",\"@id\":\"https:\\\/\\\/iwell-guard.com\\\/is\\\/freyr\\\/\",\"url\":\"https:\\\/\\\/iwell-guard.com\\\/is\\\/freyr\\\/\",\"name\":\"Freyr \u2013 Vanagu\u00f0 frj\u00f3semi | iWell Guard\",\"isPartOf\":{\"@id\":\"https:\\\/\\\/iwell-guard.com\\\/is\\\/#website\"},\"primaryImageOfPage\":{\"@id\":\"https:\\\/\\\/iwell-guard.com\\\/is\\\/freyr\\\/#primaryimage\"},\"image\":{\"@id\":\"https:\\\/\\\/iwell-guard.com\\\/is\\\/freyr\\\/#primaryimage\"},\"thumbnailUrl\":\"https:\\\/\\\/iwell-guard.com\\\/wp-content\\\/uploads\\\/2026\\\/05\\\/goetter_germanisch_freyr.webp\",\"datePublished\":\"2026-09-05T14:05:15+00:00\",\"dateModified\":\"2026-09-05T14:31:20+00:00\",\"description\":\"Freyr er hinn germansk-norr\u00e6ni gu\u00f0 frj\u00f3semi, fri\u00f0ar og s\u00f3lar. Br\u00f3\u00f0ir Freyju, sonur Njar\u00f0ar, herra \u00c1lfheims. Go\u00f0s\u00f6gn og \u00e1tr\u00fana\u00f0ur.\",\"breadcrumb\":{\"@id\":\"https:\\\/\\\/iwell-guard.com\\\/is\\\/freyr\\\/#breadcrumb\"},\"inLanguage\":\"is\",\"potentialAction\":[{\"@type\":\"ReadAction\",\"target\":[\"https:\\\/\\\/iwell-guard.com\\\/is\\\/freyr\\\/\"]}]},{\"@type\":\"ImageObject\",\"inLanguage\":\"is\",\"@id\":\"https:\\\/\\\/iwell-guard.com\\\/is\\\/freyr\\\/#primaryimage\",\"url\":\"https:\\\/\\\/iwell-guard.com\\\/wp-content\\\/uploads\\\/2026\\\/05\\\/goetter_germanisch_freyr.webp\",\"contentUrl\":\"https:\\\/\\\/iwell-guard.com\\\/wp-content\\\/uploads\\\/2026\\\/05\\\/goetter_germanisch_freyr.webp\",\"width\":1024,\"height\":1536,\"caption\":\"Gu\u00f0ir \u00far germanskri hef\u00f0.\"},{\"@type\":\"BreadcrumbList\",\"@id\":\"https:\\\/\\\/iwell-guard.com\\\/is\\\/freyr\\\/#breadcrumb\",\"itemListElement\":[{\"@type\":\"ListItem\",\"position\":1,\"name\":\"Start\",\"item\":\"https:\\\/\\\/iwell-guard.com\\\/is\\\/?page_id=168580\"},{\"@type\":\"ListItem\",\"position\":2,\"name\":\"Freyr\"}]},{\"@type\":\"WebSite\",\"@id\":\"https:\\\/\\\/iwell-guard.com\\\/is\\\/#website\",\"url\":\"https:\\\/\\\/iwell-guard.com\\\/is\\\/\",\"name\":\"iWell Guard\",\"description\":\"Schutz vor dunklen Einfl\u00fcssen\",\"publisher\":{\"@id\":\"https:\\\/\\\/iwell-guard.com\\\/is\\\/#organization\"},\"potentialAction\":[{\"@type\":\"SearchAction\",\"target\":{\"@type\":\"EntryPoint\",\"urlTemplate\":\"https:\\\/\\\/iwell-guard.com\\\/is\\\/?s={search_term_string}\"},\"query-input\":{\"@type\":\"PropertyValueSpecification\",\"valueRequired\":true,\"valueName\":\"search_term_string\"}}],\"inLanguage\":\"is\"},{\"@type\":\"Organization\",\"@id\":\"https:\\\/\\\/iwell-guard.com\\\/is\\\/#organization\",\"name\":\"Ittermann electronic GmbH\",\"url\":\"https:\\\/\\\/iwell-guard.com\\\/is\\\/\",\"logo\":{\"@type\":\"ImageObject\",\"inLanguage\":\"is\",\"@id\":\"https:\\\/\\\/iwell-guard.com\\\/is\\\/#\\\/schema\\\/logo\\\/image\\\/\",\"url\":\"https:\\\/\\\/iwell-guard.com\\\/wp-content\\\/uploads\\\/2026\\\/05\\\/Ittermann-Logo-1182x237-1.png\",\"contentUrl\":\"https:\\\/\\\/iwell-guard.com\\\/wp-content\\\/uploads\\\/2026\\\/05\\\/Ittermann-Logo-1182x237-1.png\",\"width\":1182,\"height\":237,\"caption\":\"Ittermann electronic GmbH\"},\"image\":{\"@id\":\"https:\\\/\\\/iwell-guard.com\\\/is\\\/#\\\/schema\\\/logo\\\/image\\\/\"},\"sameAs\":[\"https:\\\/\\\/pantip.com\\\/profile\\\/9367242\",\"https:\\\/\\\/micro.blog\\\/iwellguard\",\"https:\\\/\\\/www.diggerslist.com\\\/iwellguard\\\/about\",\"https:\\\/\\\/skitterphoto.com\\\/photographers\\\/2870314\\\/iwell-guard\",\"https:\\\/\\\/iwellguard.wordpress.com\\\/2026\\\/06\\\/06\\\/iwell-guard\\\/\",\"https:\\\/\\\/hub.docker.com\\\/u\\\/iwellguard\",\"https:\\\/\\\/www.pinterest.com\\\/iwellguard\\\/\",\"https:\\\/\\\/bit.ly\\\/m\\\/iwellguard\",\"https:\\\/\\\/entre-vos-mains.alsace.eu\\\/profiles\\\/iwellguard\\\/activity\",\"https:\\\/\\\/gravatar.com\\\/reallybeded8fd34\",\"https:\\\/\\\/naijamatta.com\\\/iwellguard\",\"https:\\\/\\\/www.goodreads.com\\\/iwellguard\",\"https:\\\/\\\/profile.hatena.ne.jp\\\/iwellguard\\\/\",\"https:\\\/\\\/experiment.com\\\/users\\\/iwellguard\",\"https:\\\/\\\/wakelet.com\\\/@iWellGuard82270\",\"https:\\\/\\\/www.chordie.com\\\/forum\\\/profile.php?id=2555664\",\"https:\\\/\\\/www.instapaper.com\\\/p\\\/17757966\",\"https:\\\/\\\/www.mapleprimes.com\\\/users\\\/iwellguard\",\"https:\\\/\\\/businesslistingplus.com\\\/profile\\\/iwell-guard\\\/\",\"https:\\\/\\\/telegra.ph\\\/iWell-Guard-06-06\",\"https:\\\/\\\/pbase.com\\\/iwellguard\\\/iwellguard\",\"https:\\\/\\\/b.hatena.ne.jp\\\/iwellguard\\\/20260607#bookmark-4788405196491818882\",\"https:\\\/\\\/fliphtml5.com\\\/home\\\/iwellguard\",\"https:\\\/\\\/anyflip.com\\\/homepage\\\/cmiwl#About\",\"https:\\\/\\\/transfur.com\\\/Users\\\/iwellguard\",\"http:\\\/\\\/delphi.larsbo.org\\\/user\\\/iwellguard\",\"https:\\\/\\\/jobs.lajobsportal.org\\\/profiles\\\/8380803-iwell-guard\",\"https:\\\/\\\/md.chaosdorf.de\\\/s\\\/jfbe5SBdJD\",\"https:\\\/\\\/www.lingvolive.com\\\/en-us\\\/profile\\\/9ecaeaca-ce11-4e51-9e71-01d55e2bff36\\\/translations\",\"https:\\\/\\\/www.fitday.com\\\/fitness\\\/forums\\\/members\\\/iwellguard.html\",\"https:\\\/\\\/www.mymeetbook.com\\\/iwellguard\",\"https:\\\/\\\/pxhere.com\\\/en\\\/photographer-me\\\/5040798\",\"https:\\\/\\\/disqus.com\\\/by\\\/iwellguard\\\/about\\\/\",\"https:\\\/\\\/pastelink.net\\\/hjwciqwq\",\"https:\\\/\\\/pubhtml5.com\\\/homepage\\\/scjhn\\\/\",\"https:\\\/\\\/www.bitchute.com\\\/channel\\\/2O2eOKzNqujT\",\"https:\\\/\\\/audiomack.com\\\/iwellguard\"]}]}<\/script>\n<!-- \/ Yoast SEO Premium plugin. -->","yoast_head_json":{"title":"Freyr \u2013 Vanagu\u00f0 frj\u00f3semi | iWell Guard","description":"Freyr er hinn germansk-norr\u00e6ni gu\u00f0 frj\u00f3semi, fri\u00f0ar og s\u00f3lar. Br\u00f3\u00f0ir Freyju, sonur Njar\u00f0ar, herra \u00c1lfheims. Go\u00f0s\u00f6gn og \u00e1tr\u00fana\u00f0ur.","robots":{"index":"index","follow":"follow","max-snippet":"max-snippet:-1","max-image-preview":"max-image-preview:large","max-video-preview":"max-video-preview:-1"},"canonical":"https:\/\/iwell-guard.com\/is\/freyr\/","og_locale":"is_IS","og_type":"article","og_title":"Freyr","og_description":"Freyr er hinn germansk-norr\u00e6ni gu\u00f0 frj\u00f3semi, fri\u00f0ar og s\u00f3lar. Br\u00f3\u00f0ir Freyju, sonur Njar\u00f0ar, herra \u00c1lfheims. Go\u00f0s\u00f6gn og \u00e1tr\u00fana\u00f0ur.","og_url":"https:\/\/iwell-guard.com\/is\/freyr\/","og_site_name":"iWell Guard","article_modified_time":"2026-09-05T14:31:20+00:00","og_image":[{"width":1024,"height":1536,"url":"https:\/\/iwell-guard.com\/wp-content\/uploads\/2026\/05\/goetter_germanisch_freyr.webp","type":"image\/webp"}],"twitter_card":"summary_large_image","schema":{"@context":"https:\/\/schema.org","@graph":[{"@type":"WebPage","@id":"https:\/\/iwell-guard.com\/is\/freyr\/","url":"https:\/\/iwell-guard.com\/is\/freyr\/","name":"Freyr \u2013 Vanagu\u00f0 frj\u00f3semi | iWell Guard","isPartOf":{"@id":"https:\/\/iwell-guard.com\/is\/#website"},"primaryImageOfPage":{"@id":"https:\/\/iwell-guard.com\/is\/freyr\/#primaryimage"},"image":{"@id":"https:\/\/iwell-guard.com\/is\/freyr\/#primaryimage"},"thumbnailUrl":"https:\/\/iwell-guard.com\/wp-content\/uploads\/2026\/05\/goetter_germanisch_freyr.webp","datePublished":"2026-09-05T14:05:15+00:00","dateModified":"2026-09-05T14:31:20+00:00","description":"Freyr er hinn germansk-norr\u00e6ni gu\u00f0 frj\u00f3semi, fri\u00f0ar og s\u00f3lar. Br\u00f3\u00f0ir Freyju, sonur Njar\u00f0ar, herra \u00c1lfheims. Go\u00f0s\u00f6gn og \u00e1tr\u00fana\u00f0ur.","breadcrumb":{"@id":"https:\/\/iwell-guard.com\/is\/freyr\/#breadcrumb"},"inLanguage":"is","potentialAction":[{"@type":"ReadAction","target":["https:\/\/iwell-guard.com\/is\/freyr\/"]}]},{"@type":"ImageObject","inLanguage":"is","@id":"https:\/\/iwell-guard.com\/is\/freyr\/#primaryimage","url":"https:\/\/iwell-guard.com\/wp-content\/uploads\/2026\/05\/goetter_germanisch_freyr.webp","contentUrl":"https:\/\/iwell-guard.com\/wp-content\/uploads\/2026\/05\/goetter_germanisch_freyr.webp","width":1024,"height":1536,"caption":"Gu\u00f0ir \u00far germanskri hef\u00f0."},{"@type":"BreadcrumbList","@id":"https:\/\/iwell-guard.com\/is\/freyr\/#breadcrumb","itemListElement":[{"@type":"ListItem","position":1,"name":"Start","item":"https:\/\/iwell-guard.com\/is\/?page_id=168580"},{"@type":"ListItem","position":2,"name":"Freyr"}]},{"@type":"WebSite","@id":"https:\/\/iwell-guard.com\/is\/#website","url":"https:\/\/iwell-guard.com\/is\/","name":"iWell Guard","description":"Schutz vor dunklen Einfl\u00fcssen","publisher":{"@id":"https:\/\/iwell-guard.com\/is\/#organization"},"potentialAction":[{"@type":"SearchAction","target":{"@type":"EntryPoint","urlTemplate":"https:\/\/iwell-guard.com\/is\/?s={search_term_string}"},"query-input":{"@type":"PropertyValueSpecification","valueRequired":true,"valueName":"search_term_string"}}],"inLanguage":"is"},{"@type":"Organization","@id":"https:\/\/iwell-guard.com\/is\/#organization","name":"Ittermann electronic GmbH","url":"https:\/\/iwell-guard.com\/is\/","logo":{"@type":"ImageObject","inLanguage":"is","@id":"https:\/\/iwell-guard.com\/is\/#\/schema\/logo\/image\/","url":"https:\/\/iwell-guard.com\/wp-content\/uploads\/2026\/05\/Ittermann-Logo-1182x237-1.png","contentUrl":"https:\/\/iwell-guard.com\/wp-content\/uploads\/2026\/05\/Ittermann-Logo-1182x237-1.png","width":1182,"height":237,"caption":"Ittermann electronic GmbH"},"image":{"@id":"https:\/\/iwell-guard.com\/is\/#\/schema\/logo\/image\/"},"sameAs":["https:\/\/pantip.com\/profile\/9367242","https:\/\/micro.blog\/iwellguard","https:\/\/www.diggerslist.com\/iwellguard\/about","https:\/\/skitterphoto.com\/photographers\/2870314\/iwell-guard","https:\/\/iwellguard.wordpress.com\/2026\/06\/06\/iwell-guard\/","https:\/\/hub.docker.com\/u\/iwellguard","https:\/\/www.pinterest.com\/iwellguard\/","https:\/\/bit.ly\/m\/iwellguard","https:\/\/entre-vos-mains.alsace.eu\/profiles\/iwellguard\/activity","https:\/\/gravatar.com\/reallybeded8fd34","https:\/\/naijamatta.com\/iwellguard","https:\/\/www.goodreads.com\/iwellguard","https:\/\/profile.hatena.ne.jp\/iwellguard\/","https:\/\/experiment.com\/users\/iwellguard","https:\/\/wakelet.com\/@iWellGuard82270","https:\/\/www.chordie.com\/forum\/profile.php?id=2555664","https:\/\/www.instapaper.com\/p\/17757966","https:\/\/www.mapleprimes.com\/users\/iwellguard","https:\/\/businesslistingplus.com\/profile\/iwell-guard\/","https:\/\/telegra.ph\/iWell-Guard-06-06","https:\/\/pbase.com\/iwellguard\/iwellguard","https:\/\/b.hatena.ne.jp\/iwellguard\/20260607#bookmark-4788405196491818882","https:\/\/fliphtml5.com\/home\/iwellguard","https:\/\/anyflip.com\/homepage\/cmiwl#About","https:\/\/transfur.com\/Users\/iwellguard","http:\/\/delphi.larsbo.org\/user\/iwellguard","https:\/\/jobs.lajobsportal.org\/profiles\/8380803-iwell-guard","https:\/\/md.chaosdorf.de\/s\/jfbe5SBdJD","https:\/\/www.lingvolive.com\/en-us\/profile\/9ecaeaca-ce11-4e51-9e71-01d55e2bff36\/translations","https:\/\/www.fitday.com\/fitness\/forums\/members\/iwellguard.html","https:\/\/www.mymeetbook.com\/iwellguard","https:\/\/pxhere.com\/en\/photographer-me\/5040798","https:\/\/disqus.com\/by\/iwellguard\/about\/","https:\/\/pastelink.net\/hjwciqwq","https:\/\/pubhtml5.com\/homepage\/scjhn\/","https:\/\/www.bitchute.com\/channel\/2O2eOKzNqujT","https:\/\/audiomack.com\/iwellguard"]}]}},"_links":{"self":[{"href":"https:\/\/iwell-guard.com\/is\/wp-json\/wp\/v2\/pages\/169063","targetHints":{"allow":["GET"]}}],"collection":[{"href":"https:\/\/iwell-guard.com\/is\/wp-json\/wp\/v2\/pages"}],"about":[{"href":"https:\/\/iwell-guard.com\/is\/wp-json\/wp\/v2\/types\/page"}],"author":[{"embeddable":true,"href":"https:\/\/iwell-guard.com\/is\/wp-json\/wp\/v2\/users\/3"}],"replies":[{"embeddable":true,"href":"https:\/\/iwell-guard.com\/is\/wp-json\/wp\/v2\/comments?post=169063"}],"version-history":[{"count":0,"href":"https:\/\/iwell-guard.com\/is\/wp-json\/wp\/v2\/pages\/169063\/revisions"}],"wp:featuredmedia":[{"embeddable":true,"href":"https:\/\/iwell-guard.com\/is\/wp-json\/wp\/v2\/media\/3219"}],"wp:attachment":[{"href":"https:\/\/iwell-guard.com\/is\/wp-json\/wp\/v2\/media?parent=169063"}],"wp:term":[{"taxonomy":"category","embeddable":true,"href":"https:\/\/iwell-guard.com\/is\/wp-json\/wp\/v2\/categories?post=169063"}],"curies":[{"name":"wp","href":"https:\/\/api.w.org\/{rel}","templated":true}]}}