{"id":169062,"date":"2026-09-05T14:05:15","date_gmt":"2026-09-05T14:05:15","guid":{"rendered":"https:\/\/iwell-guard.com\/?page_id=169062"},"modified":"2026-09-05T14:31:19","modified_gmt":"2026-09-05T14:31:19","slug":"njordur","status":"publish","type":"page","link":"https:\/\/iwell-guard.com\/is\/njordur\/","title":{"rendered":"Nj\u00f6r\u00f0ur"},"content":{"rendered":"\t\t<div data-elementor-type=\"wp-page\" data-elementor-id=\"169062\" class=\"elementor elementor-169062 elementor-3003 elementor-bc-flex-widget\" data-elementor-post-type=\"page\">\n\t\t\t\t<div class=\"elementor-element elementor-element-74a8fe7 e-flex e-con-boxed e-con e-parent\" data-id=\"74a8fe7\" data-element_type=\"container\" data-e-type=\"container\" data-settings=\"{&quot;background_background&quot;:&quot;classic&quot;}\">\n\t\t\t\t\t<div class=\"e-con-inner\">\n\t\t<div class=\"elementor-element elementor-element-56784ba e-flex e-con-boxed e-con e-child\" data-id=\"56784ba\" data-element_type=\"container\" data-e-type=\"container\">\n\t\t\t\t\t<div class=\"e-con-inner\">\n\t\t<div class=\"elementor-element elementor-element-e854de4 e-con-full e-flex e-con e-child\" data-id=\"e854de4\" data-element_type=\"container\" data-e-type=\"container\">\n\t\t\t\t<div class=\"elementor-element elementor-element-6a20bea elementor-widget elementor-widget-heading\" data-id=\"6a20bea\" data-element_type=\"widget\" data-e-type=\"widget\" data-widget_type=\"heading.default\">\n\t\t\t\t\t<h1 class=\"elementor-heading-title elementor-size-default\">Nj\u00f6r\u00f0ur, vanagu\u00f0 hafsins og siglinga<\/h1>\t\t\t\t<\/div>\n\t\t\t\t<div class=\"elementor-element elementor-element-c6233c0 elementor-widget elementor-widget-text-editor\" data-id=\"c6233c0\" data-element_type=\"widget\" data-e-type=\"widget\" data-widget_type=\"text-editor.default\">\n\t\t\t\t\t\t\t\t\t<p>Nj\u00f6r\u00f0ur er vanagu\u00f0 hafsins og siglinga, sem fiskimenn og sj\u00f3menn \u00e1k\u00f6llu\u00f0u til a\u00f0 f\u00e1 r\u00f3legan sj\u00f3 og g\u00f3\u00f0a fylgd. Nj\u00f6r\u00f0ur er germanskur gu\u00f0 hafsins, siglinga, vindsins og r\u00edkid\u00e6mis.<\/p><p>Hann heyrir til vana\u00e6ttarins, en kom eftir vanastr\u00ed\u00f0i\u00f0 sem g\u00edsl til \u00c1sgar\u00f0s og var\u00f0 \u00fear varanlegur hluti af <span class=\"iwg-fachbegriff\" data-tooltip=\"Heild gu\u00f0a \u00ed tr\u00faarbr\u00f6g\u00f0um e\u00f0a menningu.\" tabindex=\"0\">pantheon<\/span> \u00e1sanna.<\/p><p>B\u00fasta\u00f0ur hans, N\u00f3at\u00fan (\u00abskipagir\u00f0ing\u00bb), stendur vi\u00f0 hafi\u00f0. Nj\u00f6r\u00f0ur er fa\u00f0ir Freys og Freyju, hinna tveggja mikilv\u00e6gustu vanagu\u00f0d\u00f3ma innan pantheons \u00e1sanna. Tr\u00faarbrag\u00f0afr\u00e6\u00f0ilega er hann talinn d\u00e6mi um samruna tveggja upphaflega a\u00f0skilinna gu\u00f0a\u00e6ttkv\u00edsla, \u00e1sa og vana, \u00ed eddufr\u00e6\u00f0ilegri hef\u00f0.<\/p>\t\t\t\t\t\t\t\t<\/div>\n\t\t\t\t<\/div>\n\t\t<div class=\"elementor-element elementor-element-60c49fb e-con-full e-flex e-con e-parent\" data-id=\"60c49fb\" data-element_type=\"container\" data-e-type=\"container\">\n\t\t\t\t<div class=\"elementor-element elementor-element-bee0598 elementor-widget elementor-widget-html\" data-id=\"bee0598\" data-element_type=\"widget\" data-e-type=\"widget\" data-widget_type=\"html.default\">\n\t\t\t\t\t<div class=\"iwg-pill-row\"><span class=\"iwg-klasse-badge\" tabindex=\"0\" data-tooltip=\"Gu\u00f0 \/ Gy\u00f0ja: Pers\u00f3nuger\u00f0 h\u00e1m\u00e1ttarvera \u00ed pantheoni menningar, me\u00f0 lj\u00f3st hlutverk \u2014 n\u00e1tt\u00faru\u00f6fl, \u00f6rl\u00f6g, str\u00ed\u00f0, frj\u00f3semi. D\u00fdrku\u00f0 me\u00f0 helgisi\u00f0um, f\u00f3rnum og musterisstofnunum.\">Gu\u00f0<\/span><a href=\"https:\/\/iwell-guard.com\/is\/germonsk\/\" class=\"iwg-kultur-badge\" tabindex=\"0\" data-tooltip=\"Fornkristinn gu\u00f0a- og andaheimur Nor\u00f0ur- og Mi\u00f0-Evr\u00f3pu.\">Germanskt<\/a><\/div>\t\t\t\t<\/div>\n\t\t\t\t<\/div>\n\t\t<div class=\"elementor-element elementor-element-84d52a6 e-con-full e-flex e-con e-child\" data-id=\"84d52a6\" data-element_type=\"container\" data-e-type=\"container\">\n\t\t\t\t<div class=\"elementor-element elementor-element-858d486 elementor-toc--minimized-on-tablet elementor-widget elementor-widget-table-of-contents\" data-id=\"858d486\" data-element_type=\"widget\" data-e-type=\"widget\" data-settings=\"{&quot;exclude_headings_by_selector&quot;:[],&quot;no_headings_message&quot;:&quot;Engar undirfyrirsagnir fundust \\u00e1 \\u00feessari s\\u00ed\\u00f0u.&quot;,&quot;headings_by_tags&quot;:[&quot;h2&quot;,&quot;h3&quot;],&quot;marker_view&quot;:&quot;bullets&quot;,&quot;icon&quot;:{&quot;value&quot;:&quot;fas fa-circle&quot;,&quot;library&quot;:&quot;fa-solid&quot;,&quot;rendered_tag&quot;:&quot;&lt;svg class=\\&quot;e-font-icon-svg e-fas-circle\\&quot; viewBox=\\&quot;0 0 512 512\\&quot; xmlns=\\&quot;http:\\\/\\\/www.w3.org\\\/2000\\\/svg\\&quot;&gt;&lt;path d=\\&quot;M256 8C119 8 8 119 8 256s111 248 248 248 248-111 248-248S393 8 256 8z\\&quot;&gt;&lt;\\\/path&gt;&lt;\\\/svg&gt;&quot;},&quot;minimize_box&quot;:&quot;yes&quot;,&quot;minimized_on&quot;:&quot;tablet&quot;,&quot;hierarchical_view&quot;:&quot;yes&quot;,&quot;min_height&quot;:{&quot;unit&quot;:&quot;px&quot;,&quot;size&quot;:&quot;&quot;,&quot;sizes&quot;:[]},&quot;min_height_tablet&quot;:{&quot;unit&quot;:&quot;px&quot;,&quot;size&quot;:&quot;&quot;,&quot;sizes&quot;:[]},&quot;min_height_mobile&quot;:{&quot;unit&quot;:&quot;px&quot;,&quot;size&quot;:&quot;&quot;,&quot;sizes&quot;:[]}}\" data-widget_type=\"table-of-contents.default\">\n\t\t\t\t\t\t\t\t\t<div class=\"elementor-toc__header\">\n\t\t\t\t\t\t<h2 class=\"elementor-toc__header-title\">\n\t\t\t\tEfnisyfirlit\t\t\t<\/h2>\n\t\t\t\t\t\t\t\t\t\t<div class=\"elementor-toc__toggle-button elementor-toc__toggle-button--expand\" role=\"button\" tabindex=\"0\" aria-controls=\"elementor-toc__858d486\" aria-expanded=\"true\" aria-label=\"Open table of contents\"><svg aria-hidden=\"true\" class=\"e-font-icon-svg e-fas-chevron-down\" viewBox=\"0 0 448 512\" xmlns=\"http:\/\/www.w3.org\/2000\/svg\"><path d=\"M207.029 381.476L12.686 187.132c-9.373-9.373-9.373-24.569 0-33.941l22.667-22.667c9.357-9.357 24.522-9.375 33.901-.04L224 284.505l154.745-154.021c9.379-9.335 24.544-9.317 33.901.04l22.667 22.667c9.373 9.373 9.373 24.569 0 33.941L240.971 381.476c-9.373 9.372-24.569 9.372-33.942 0z\"><\/path><\/svg><\/div>\n\t\t\t\t<div class=\"elementor-toc__toggle-button elementor-toc__toggle-button--collapse\" role=\"button\" tabindex=\"0\" aria-controls=\"elementor-toc__858d486\" aria-expanded=\"true\" aria-label=\"Close table of contents\"><svg aria-hidden=\"true\" class=\"e-font-icon-svg e-fas-chevron-up\" viewBox=\"0 0 448 512\" xmlns=\"http:\/\/www.w3.org\/2000\/svg\"><path d=\"M240.971 130.524l194.343 194.343c9.373 9.373 9.373 24.569 0 33.941l-22.667 22.667c-9.357 9.357-24.522 9.375-33.901.04L224 227.495 69.255 381.516c-9.379 9.335-24.544 9.317-33.901-.04l-22.667-22.667c-9.373-9.373-9.373-24.569 0-33.941L207.03 130.525c9.372-9.373 24.568-9.373 33.941-.001z\"><\/path><\/svg><\/div>\n\t\t\t\t\t<\/div>\n\t\t\t\t<div id=\"elementor-toc__858d486\" class=\"elementor-toc__body\">\n\t\t\t<div class=\"elementor-toc__spinner-container\">\n\t\t\t\t<svg class=\"elementor-toc__spinner eicon-animation-spin e-font-icon-svg e-eicon-loading\" aria-hidden=\"true\" viewBox=\"0 0 1000 1000\" xmlns=\"http:\/\/www.w3.org\/2000\/svg\"><path d=\"M500 975V858C696 858 858 696 858 500S696 142 500 142 142 304 142 500H25C25 237 238 25 500 25S975 237 975 500 763 975 500 975Z\"><\/path><\/svg>\t\t\t<\/div>\n\t\t<\/div>\n\t\t\t\t\t\t<\/div>\n\t\t\t\t<\/div>\n\t\t\t\t\t<\/div>\n\t\t\t\t<\/div>\n\t\t<div class=\"elementor-element elementor-element-fe4cfa9 e-con-full e-flex e-con e-child\" data-id=\"fe4cfa9\" data-element_type=\"container\" data-e-type=\"container\">\n\t\t\t\t<div class=\"elementor-element elementor-element-422e6c5 iwg-hero-image elementor-widget elementor-widget-image\" data-id=\"422e6c5\" data-element_type=\"widget\" data-e-type=\"widget\" data-widget_type=\"image.default\">\n\t\t\t\t\t\t\t\t\t\t\t\t\t\t\t<img fetchpriority=\"high\" decoding=\"async\" width=\"683\" height=\"1024\" src=\"https:\/\/iwell-guard.com\/wp-content\/uploads\/2026\/05\/goetter_germanisch_njord-683x1024.webp\" class=\"attachment-large size-large wp-image-170732\" alt=\"Nj\u00f6r\u00f0ur - Gu\u00f0ir \u00far germanskri hef\u00f0, s\u00f6guleg myndskreyting\" srcset=\"https:\/\/iwell-guard.com\/wp-content\/uploads\/2026\/05\/goetter_germanisch_njord-683x1024.webp 683w, https:\/\/iwell-guard.com\/wp-content\/uploads\/2026\/05\/goetter_germanisch_njord-200x300.webp 200w, https:\/\/iwell-guard.com\/wp-content\/uploads\/2026\/05\/goetter_germanisch_njord-768x1152.webp 768w, https:\/\/iwell-guard.com\/wp-content\/uploads\/2026\/05\/goetter_germanisch_njord.webp 1024w\" sizes=\"(max-width: 683px) 100vw, 683px\" \/>\t\t\t\t\t\t\t\t\t\t\t\t\t\t\t<\/div>\n\t\t\t\t<\/div>\n\t\t\t\t\t<\/div>\n\t\t\t\t<\/div>\n\t\t<div class=\"elementor-element elementor-element-66a9516 e-con-boxed e-flex e-con e-parent\" data-id=\"66a9516\" data-element_type=\"container\" data-e-type=\"container\">\n\t\t\t\t\t<div class=\"e-con-inner\">\n\t\t<div class=\"elementor-element elementor-element-8391379 e-con-full e-flex e-con e-child\" data-id=\"8391379\" data-element_type=\"container\" data-e-type=\"container\">\n\t\t\t\t<div class=\"elementor-element elementor-element-6673799 elementor-widget elementor-widget-heading\" data-id=\"6673799\" data-element_type=\"widget\" data-e-type=\"widget\" data-widget_type=\"heading.default\">\n\t\t\t\t\t<h2 class=\"elementor-heading-title elementor-size-default\">Go\u00f0s\u00f6gn og uppruni<\/h2>\t\t\t\t<\/div>\n\t\t\t\t<div class=\"elementor-element elementor-element-a22d0fc elementor-widget elementor-widget-text-editor\" data-id=\"a22d0fc\" data-element_type=\"widget\" data-e-type=\"widget\" data-widget_type=\"text-editor.default\">\n\t\t\t\t\t\t\t\t\t<p>Snorri Sturluson l\u00fdsir \u00ed \u00abSnorra-Eddu\u00bb (Gylfaginning 23) Nj\u00f6r\u00f0 sem stj\u00f3rnanda vindanna og kyrrara sj\u00e1var og elds. \u00deeir sem fara til fiskvei\u00f0a e\u00f0a siglinga skuli \u00e1kalla hann. Hann s\u00e9 svo r\u00edkur a\u00f0 hann geti veitt \u00f6llum r\u00edkid\u00e6mi \u00ed landi og lausaf\u00e9.<\/p><p>Fa\u00f0ir hans er ekki nefndur, systir hans (sem hann gat b\u00f6rn me\u00f0 samkv\u00e6mt fornri vanahef\u00f0, Frey og Freyju) er \u00f3nefnd.<\/p><p>\u00cd \u00abLokasennu\u00bb 36 gerir Loki gys a\u00f0 \u00feessu systkinasambandi: \u00abMe\u00f0 systur \u00feinni gatst \u00fe\u00fa son, sem v\u00e6nta m\u00e1tti.\u00bb Sifjaspell voru talin leyfileg me\u00f0al vana, en ford\u00e6manleg me\u00f0al \u00e1sa. Hj\u00f3nabandi\u00f0 me\u00f0 Ska\u00f0i mynda\u00f0i \u00fev\u00ed br\u00fa milli \u00feessara si\u00f0venja.<\/p>\n<p>Nafni\u00f0 Nj\u00f6r\u00f0ur (fornnorr\u00e6na Nj\u00f6r\u00f0r) er \u00ed or\u00f0sifjafr\u00e6\u00f0i tengt germ\u00f6nsku gy\u00f0junni Nerthus, sem Tacitus greinir fr\u00e1 \u00ed \u00abGermaniu\u00bb kafla 40. Nerthus, jar\u00f0ar- og fj\u00f6lgunargy\u00f0ja, var ekin um \u00e1 vagni af h\u00f3pi nor\u00f0vestur-germanskra \u00fej\u00f3\u00f0flokka.<\/p><p>M\u00e1lfr\u00e6\u00f0ilega er Nerthus hin kvenkyns hli\u00f0st\u00e6\u00f0a Nj\u00f6r\u00f0s (frumgermanska *nerthuz). Ranns\u00f3knir Hans Kuhn, \u00ed gegnum Edgar Polome til Rudolf Simek, gera r\u00e1\u00f0 fyrir a\u00f0 forn tv\u00edger\u00f0 fj\u00f6lgunarpers\u00f3na (karl-kven, a\u00f0 \u00f6llum l\u00edkindum systkinapar) hafi me\u00f0 t\u00edmanum klofna\u00f0 \u00ed Nj\u00f6r\u00f0 og systur, \u00fear sem Nj\u00f6r\u00f0ur var\u00f0 s\u00ed\u00f0ar a\u00f0alpers\u00f3nan.<\/p>\n<p>\u00deessi tengsl Nerthus-Nj\u00f6r\u00f0ur eru ein af f\u00e1um br\u00fam milli meginlandsgermanskrar tr\u00faar (1. \u00f6ld eftir Krist, Tacitus) og norr\u00e6nnar \u00edslenskrar hef\u00f0ar (13. \u00f6ld, Snorri). \u00deau s\u00fdna yfir \u00fe\u00fasund \u00e1ra st\u00f6\u00f0uga hef\u00f0 um sj\u00e1var- og fj\u00f6lgunartengda tv\u00edger\u00f0.<\/p>\n\n<p>Tengslin milli Nerthusar Tacitusar og norr\u00e6nnar Njar\u00f0ar-hef\u00f0ar eru mikilv\u00e6gasta br\u00fain milli meginlandstr\u00faar fyrstu alda eftir Krist og b\u00f3kmenntalega var\u00f0veittrar norr\u00e6nnar <span class=\"iwg-fachbegriff\" data-tooltip=\"Heild var\u00f0veittra gu\u00f0asagna \u00ed menningu.\" tabindex=\"0\">go\u00f0afr\u00e6\u00f0i<\/span> 13. aldar. Tacitus greinir \u00ed \u00abGermaniu\u00bb kafla 40 fr\u00e1 \u00fev\u00ed a\u00f0 sj\u00f6 nor\u00f0vestur-germanskir \u00fej\u00f3\u00f0flokkar (\u00fear \u00e1 me\u00f0al Anglar og Varnar) hafi sameiginlega d\u00fdrka\u00f0 Nerthus, m\u00f3\u00f0ir j\u00f6r\u00f0.<\/p><p>\u00c1 eyju \u00ed hafinu stendur heilagur <span class=\"iwg-fachbegriff\" data-tooltip=\"Heilagur trj\u00e1lundur sem \u00fej\u00f3na\u00f0i sem d\u00fdrkunarsta\u00f0ur.\" tabindex=\"0\">lundur<\/span>, \u00fear sem heilagur vagn stendur. A\u00f0eins prestur m\u00e1 snerta vagninn. \u00deegar gy\u00f0jan er vi\u00f0st\u00f6dd \u00ed vagninum, fer hann um landi\u00f0 og fri\u00f0ur og veislur fylgja.<\/p><p>A\u00f0 lokum er mynd gy\u00f0junnar og vagninn \u00feveginn \u00ed vatni, og \u00fer\u00e6larnir sem framkv\u00e6mdu \u00fevottinn eru drekktir \u00ed vatninu.<\/p>\n<p>Ranns\u00f3knir Hans Kuhn, \u00ed gegnum Edgar Polome til Rudolf Simek, gera r\u00e1\u00f0 fyrir a\u00f0 Nerthus og Nj\u00f6r\u00f0ur s\u00e9u fornt systkinapar e\u00f0a androg\u00fdn tv\u00edger\u00f0 pers\u00f3na, sem me\u00f0 t\u00edmanum klofna\u00f0ist \u00ed karlkyns (Nj\u00f6r\u00f0) og kvenkyns (Nerthus-systir) gervi.<\/p><p>Vana-sifjaspellshef\u00f0in, sem nefnd er \u00ed \u00abLokasennu\u00bb, g\u00e6ti veri\u00f0 endurspeglun \u00feessa upprunalega samsemdar. Tilg\u00e1tan um samfellda hef\u00f0 yfir \u00fe\u00fasund \u00e1r byggist \u00e1 n\u00e1kv\u00e6mri m\u00e1lfr\u00e6\u00f0ilegri samsv\u00f6run nafnanna (Nerthus = *Nerthuz, Nj\u00f6r\u00f0r = yngri aflei\u00f0ing af sama stofni).<\/p>\t\t\t\t\t\t\t\t<\/div>\n\t\t\t\t<\/div>\n\t\t<div class=\"elementor-element elementor-element-8812374 e-con-full e-flex e-con e-child\" data-id=\"8812374\" data-element_type=\"container\" data-e-type=\"container\">\n\t\t\t\t<div class=\"elementor-element elementor-element-086b997 elementor-widget elementor-widget-heading\" data-id=\"086b997\" data-element_type=\"widget\" data-e-type=\"widget\" data-widget_type=\"heading.default\">\n\t\t\t\t\t<h2 class=\"elementor-heading-title elementor-size-default\">T\u00e1kn og einkenni<\/h2>\t\t\t\t<\/div>\n\t\t\t\t<div class=\"elementor-element elementor-element-045e4c6 elementor-widget elementor-widget-text-editor\" data-id=\"045e4c6\" data-element_type=\"widget\" data-e-type=\"widget\" data-widget_type=\"text-editor.default\">\n\t\t\t\t\t\t\t\t\t<p>Mi\u00f0l\u00e6gt einkenni Njar\u00f0ar er b\u00fasta\u00f0ur hans N\u00f3at\u00fan, \u00abskipagir\u00f0ingin\u00bb. Nafni\u00f0 v\u00edsar til hafnar e\u00f0a ver\u00f0m\u00e6trar v\u00edkur. \u00cd \u00abGr\u00edmnism\u00e1lum\u00bb 16 segir: \u00abN\u00f3at\u00fan er hi\u00f0 elleftu (b\u00fasta\u00f0urinn), \u00fear hefur Nj\u00f6r\u00f0ur reist s\u00e9r h\u00fas, hinn r\u00e9ttl\u00e1ti fursti mannanna.<\/p><p>Hann, hinn saklausi, r\u00e6\u00f0ur yfir hinu h\u00e1tt reista <span class=\"iwg-fachbegriff\" data-tooltip=\"Bygging sem \u00fej\u00f3nar d\u00fdrkun einnar e\u00f0a fleiri gu\u00f0d\u00f3ma.\" tabindex=\"0\">hofi<\/span>.\u00bb Setningin \u00abh\u00e1tt reist <span class=\"iwg-fachbegriff\" data-tooltip=\"Bygging sem \u00fej\u00f3nar d\u00fdrkun einnar e\u00f0a fleiri gu\u00f0d\u00f3ma.\" tabindex=\"0\">hof<\/span>\u00bb (timbra\u00f0an h\u00e1r h\u00f6rg) bendir til s\u00e9rstakrar helgisi\u00f0afr\u00e6\u00f0ilegrar hlutverks.<\/p>\n<p>D\u00fdraf\u00f3rnir til Njar\u00f0ar eru ekki l\u00fdstar \u00ed sm\u00e1atri\u00f0um \u00ed heimildum. \u00cd sk\u00e1ldakv\u00e6\u00f0um er or\u00f0i\u00f0 fyrir vana\u00e6tt Njar\u00f0ar (vanir) nota\u00f0 sem heiti fyrir skip og sj\u00f3menn. Svanurinn, fugl Ska\u00f0ar, kemur fram \u00ed umhverfi Njar\u00f0ar, en er ekki bein einkenni hans.<\/p>\n<p>R\u00edkid\u00e6mi, s\u00e9rstaklega lausaf\u00e9, er megineinkenni hans. \u00cd \u00abSk\u00e1ldskaparm\u00e1lum\u00bb segir a\u00f0 Nj\u00f6r\u00f0ur veiti land og lausaf\u00e9. \u00abLand Njar\u00f0ar\u00bb er nota\u00f0 \u00ed kenningum sem heiti \u00e1 hafinu. \u00abSkip Njar\u00f0ar\u00bb t\u00e1knar hafi\u00f0 sem samg\u00f6ngulei\u00f0.<\/p><p>\u00deessi sk\u00e1ldlega hugtakanotkun s\u00fdnir hversu n\u00e1tengdur Nj\u00f6r\u00f0ur var sj\u00e1var\u00fatveginum. Snorri nefnir hann berum or\u00f0um gu\u00f0 kaupmanna.<\/p>\t\t\t\t\t\t\t\t<\/div>\n\t\t\t\t<\/div>\n\t\t<div class=\"elementor-element elementor-element-e465bae e-con-full e-flex e-con e-child\" data-id=\"e465bae\" data-element_type=\"container\" data-e-type=\"container\">\n\t\t\t\t<div class=\"elementor-element elementor-element-0675441 elementor-widget elementor-widget-heading\" data-id=\"0675441\" data-element_type=\"widget\" data-e-type=\"widget\" data-widget_type=\"heading.default\">\n\t\t\t\t\t<h2 class=\"elementor-heading-title elementor-size-default\">D\u00fdrkun og tilbei\u00f0sla<\/h2>\t\t\t\t<\/div>\n\t\t\t\t<div class=\"elementor-element elementor-element-39cc2a9 elementor-widget elementor-widget-text-editor\" data-id=\"39cc2a9\" data-element_type=\"widget\" data-e-type=\"widget\" data-widget_type=\"text-editor.default\">\n\t\t\t\t\t\t\t\t\t<p>Adam fr\u00e1 Brimum nefnir Nj\u00f6r\u00f0 ekki beint \u00ed <span class=\"iwg-fachbegriff\" data-tooltip=\"Bygging sem er notu\u00f0 til d\u00fdrkunar \u00e1 einum e\u00f0a fleiri gu\u00f0um.\" tabindex=\"0\">hofinu<\/span> \u00ed Upps\u00f6lum, en sonur hans Freyr (kalla\u00f0ur \u00abFricco\u00bb af Adam) er \u00fear talinn ein a\u00f0algo\u00f0anna. Fr\u00e6\u00f0imenn sj\u00e1 \u00ed st\u00f6\u00f0u Njar\u00f0ar \u00ed hinni rita\u00f0u hef\u00f0 13. aldar minningu um eldri d\u00fdrkunarform, sem \u00e1 t\u00edmum kristnit\u00f6kunnar voru \u00feegar farin a\u00f0 l\u00e1ta undan s\u00edga.<\/p>\n<p>\u00d6rnefni me\u00f0 Njar\u00f0ar-\u00fe\u00e6tti eru fj\u00f6lm\u00f6rg \u00ed Noregi og Sv\u00ed\u00fej\u00f3\u00f0: Njardarheimr, Njardarvik, Njardarlog (s\u00ed\u00f0astnefnda t\u00e1kna\u00f0i sv\u00e6\u00f0i \u00ed Vestur-Noregi).<\/p><p><span data-nosnippet>\u00cd Danm\u00f6rku er \u00fe\u00e1tturinn f\u00e1t\u00ed\u00f0ari, \u00e1 \u00cdslandi er hann a\u00f0 mestu fjarverandi (sem styrkir \u00fe\u00e1 ni\u00f0urst\u00f6\u00f0u a\u00f0 landn\u00e1m \u00cdslands hafi \u00e1tt s\u00e9r sta\u00f0 \u00e1 t\u00edmabili \u00feegar <span class=\"iwg-fachbegriff\" data-tooltip=\"\u00d6ll tr\u00faarleg d\u00fdrkunarath\u00f6fn tileinku\u00f0 gu\u00f0i e\u00f0a heilagri v\u00e6ttu.\" tabindex=\"0\">d\u00fdrkun<\/span> Njar\u00f0ar var \u00feegar \u00e1 ni\u00f0urlei\u00f0). Magnus Olsen t\u00f3k saman um hundra\u00f0 \u00f6rnefnaheimildir \u00ed \u00abNorske gaardnavne\u00bb (16 bindi, 1897 og \u00e1fram).<\/span><\/p>\n<p>\u00abVatnsd\u00e6la saga\u00bb og a\u00f0rar \u00cdslendingas\u00f6gur nefna ei\u00f0aform\u00falur vi\u00f0 \u00abNj\u00f6r\u00f0, Frey og hinn alm\u00e1ttka \u00e1s\u00bb. \u00deessi \u00ferenning s\u00fdnir Nj\u00f6r\u00f0 sem ei\u00f0sgu\u00f0 samhli\u00f0a a\u00f0algu\u00f0unum.<\/p><p>\u00cd \u00abYnglinga s\u00f6gu\u00bb (Snorri Sturluson, um 1230, 9. kafla) er Nj\u00f6r\u00f0ur kynntur sem go\u00f0sagnakenndur konungur Sv\u00eda, \u00ed evhemer\u00edskri \u00fatg\u00e1fu go\u00f0sagnarins. Samkv\u00e6mt fr\u00e1s\u00f6gn Snorra \u00e1 valdat\u00ed\u00f0 hans a\u00f0 hafa f\u00e6rt fri\u00f0 og r\u00edkid\u00e6mi, og eftir dau\u00f0a hans var hann d\u00fdrka\u00f0ur sem gu\u00f0.<\/p>\t\t\t\t\t\t\t\t<\/div>\n\t\t\t\t<\/div>\n\t\t<div class=\"elementor-element elementor-element-7add012 e-con-full e-flex e-con e-child\" data-id=\"7add012\" data-element_type=\"container\" data-e-type=\"container\">\n\t\t\t\t<div class=\"elementor-element elementor-element-77a7506 elementor-widget elementor-widget-heading\" data-id=\"77a7506\" data-element_type=\"widget\" data-e-type=\"widget\" data-widget_type=\"heading.default\">\n\t\t\t\t\t<h2 class=\"elementor-heading-title elementor-size-default\">Mikilv\u00e6gar go\u00f0sagnir<\/h2>\t\t\t\t<\/div>\n\t\t\t\t<div class=\"elementor-element elementor-element-db436c1 elementor-widget elementor-widget-text-editor\" data-id=\"db436c1\" data-element_type=\"widget\" data-e-type=\"widget\" data-widget_type=\"text-editor.default\">\n\t\t\t\t\t\t\t\t\t<p>Meginfr\u00e1s\u00f6gnin er <span class=\"iwg-fachbegriff\" data-tooltip=\"Yfirf\u00e6r\u00f0 fr\u00e1s\u00f6gn um gu\u00f0i, uppruna og skipan heimsins.\" tabindex=\"0\">go\u00f0s\u00f6gn<\/span> um hj\u00f3naband Njar\u00f0ar og Ska\u00f0a. Ska\u00f0i, d\u00f3ttir hins fallna j\u00f6tuns \u00dejassa, kemur til \u00c1sgar\u00f0s sem ska\u00f0ab\u00e6tur. Henni er leyft a\u00f0 velja s\u00e9r \u00e1s fyrir eiginmann, en h\u00fan m\u00e1 a\u00f0eins \u00feekkja hann af f\u00f3tunum.<\/p><p>H\u00fan velur fegurstu f\u00e6turna, \u00ed von um a\u00f0 f\u00e1 Baldur, en \u00feeir tilheyra Nj\u00f6r\u00f0i. Hj\u00f3nabandi\u00f0 er fullt af \u00e1t\u00f6kum: Ska\u00f0i elskar fjalli\u00f0 \u00derymheim, Nj\u00f6r\u00f0ur hafi\u00f0 \u00ed N\u00f3at\u00fanum.<\/p><p>\u00deau reyna a\u00f0 dvelja n\u00edu n\u00e6tur til skiptis \u00e1 heimili hvors annars. Ska\u00f0i kvartar: \u00ab\u00c9g f\u00e6 ekki sofi\u00f0 fyrir fuglagargi, sem berst fr\u00e1 sk\u00f3ginum til sj\u00e1var, hvern morgun.\u00bb Nj\u00f6r\u00f0ur svarar: \u00ab\u00c9g vaki vegna \u00falfa\u00fdlfurs, sem \u00e9g heyr\u00f0i \u00e1 fjallinu.\u00bb \u00deau skilja a\u00f0 lokum og hvort sn\u00fdr aftur til s\u00edns heimkynnis.<\/p><p>\u00deessi <span class=\"iwg-fachbegriff\" data-tooltip=\"Yfirf\u00e6r\u00f0 fr\u00e1s\u00f6gn um gu\u00f0i, uppruna og skipan heimsins.\" tabindex=\"0\">go\u00f0s\u00f6gn<\/span> er n\u00e1nar \u00fatf\u00e6r\u00f0 \u00ed \u00abSk\u00e1ldskaparm\u00e1lum\u00bb Snorra og nefnd \u00ed \u00abLokasennu\u00bb 51 \u00ed ni\u00f0randi samhengi.<\/p>\n<p>\u00d6nnur <span class=\"iwg-fachbegriff\" data-tooltip=\"Yfirf\u00e6r\u00f0 fr\u00e1s\u00f6gn um gu\u00f0i, uppruna og skipan heimsins.\" tabindex=\"0\">go\u00f0s\u00f6gn<\/span> fjallar um hlutverk Njar\u00f0ar sem g\u00edsl vana\u00e6ttarins. \u00abV\u00f6lusp\u00e1\u00bb 23-24 og \u00abYnglinga saga\u00bb 4 l\u00fdsa str\u00ed\u00f0inu milli \u00e1sa og vana, sem a\u00f0 lokum var leyst me\u00f0 g\u00edslaskiptum. Nj\u00f6r\u00f0ur og b\u00f6rn hans, Freyr og Freyja, komu til \u00c1sgar\u00f0s. \u00c1 m\u00f3ti sendu \u00e6sir H\u00e6ni og M\u00edmi til vananna.<\/p><p>\u00deessi fri\u00f0samlega lausn \u00e1 gu\u00f0astr\u00ed\u00f0i me\u00f0 skiptum er tr\u00faarfr\u00e6\u00f0ilega athyglisver\u00f0, \u00fev\u00ed h\u00fan \u00fatsk\u00fdrir go\u00f0sagnalega samruna tveggja gu\u00f0akynja. Georges Dum\u00e9zil hefur \u00ed \u00abTarpeia\u00bb (1947) lesi\u00f0 \u00feennan \u00fe\u00e1tt sem endurspeglun ind\u00f3evr\u00f3psks \u00feriggja-\u00fe\u00e1tta \u00e1taka: tv\u00e6r valda\u00fe\u00e1ttir (\u00e6sir, t\u00f6fra-lagalegar) \u00e1 m\u00f3ti \u00feri\u00f0ju \u00fe\u00e1ttinni (vanir, gr\u00f3\u00f0ur-efnahagslegar) sem breg\u00f0ast vi\u00f0 hvor annarri.<\/p>\n<p>\u00deri\u00f0ja <span class=\"iwg-fachbegriff\" data-tooltip=\"Yfirf\u00e6r\u00f0 fr\u00e1s\u00f6gn um gu\u00f0i, uppruna og skipan heimsins.\" tabindex=\"0\">go\u00f0s\u00f6gn<\/span> fjallar um \u00f6rl\u00f6g Njar\u00f0ar vi\u00f0 ragnar\u00f6k. \u00cd \u00abVaf\u00fer\u00fa\u00f0nism\u00e1lum\u00bb 39 segir Vaf\u00fer\u00fa\u00f0nir: \u00ab\u00cd \u00e1rdaga gu\u00f0anna kom hann fr\u00e1 v\u00f6num, sendur af vitrum m\u00e1ttarv\u00f6ldum, sem g\u00edsl.<\/p><p>\u00c1 fyrri d\u00f6gum mun hann sn\u00faa aftur til hinna vitru vana.\u00bb Nj\u00f6r\u00f0ur lifir \u00feannig af heimsbrunann og sn\u00fdr aftur til upprunalegs f\u00f3lks s\u00edns. \u00deessi endat\u00ed\u00f0afr\u00e6\u00f0i skilur hann fr\u00e1 flestum \u00e1sum, sem falla \u00ed ragnar\u00f6kum, og undirstrikar s\u00e9rst\u00f6\u00f0u hans.<\/p>\n\n<p>Br\u00fa\u00f0kaup Njar\u00f0ar og Ska\u00f0a er ein af f\u00e1um \u00fatf\u00e6r\u00f0um go\u00f0s\u00f6gnum \u00fear sem spennan milli \u00e1sa, vana og j\u00f6tna kemur fram. Ska\u00f0i tilheyrir bergrisum, Nj\u00f6r\u00f0ur v\u00f6num, og b\u00e6\u00f0i eru \u00feau sam\u00fe\u00e6tt \u00ed h\u00f3p \u00e1sanna me\u00f0 g\u00edslahj\u00f3nabandi.<\/p><p>Hj\u00f3nabandi\u00f0 misferst ekki vegna pers\u00f3nulegrar \u00f3samlyndar, heldur vegna landfr\u00e6\u00f0ilegrar og heimsfr\u00e6\u00f0ilegrar \u00e1st\u00e6\u00f0u: fjall og haf eru \u00f3samr\u00fdmanleg \u00ed go\u00f0sagnalegri landafr\u00e6\u00f0i. V\u00edsurnar \u00fear sem b\u00e6\u00f0i kvarta yfir kv\u00f6lum s\u00ednum (\u00ab\u00e9g f\u00e6 ekki sofi\u00f0 fyrir fuglagargi\u00bb, \u00ab\u00e9g vaki vegna \u00falfa\u00fdlfurs\u00bb) eru me\u00f0al minnisst\u00e6\u00f0ustu v\u00edsna eddukv\u00e6\u00f0ahef\u00f0arins.<\/p>\n<p>Fr\u00e6\u00f0ilega s\u00e9\u00f0 er \u00feetta hj\u00f3naband d\u00e6mi um mist\u00f6k tilraunar til a\u00f0 mi\u00f0la kosm\u00edskum andst\u00e6\u00f0um me\u00f0 rit\u00faali.<\/p><p><span data-nosnippet>Margaret Clunies Ross hefur \u00ed \u00abProlonged Echoes\u00bb (1994) s\u00fdnt a\u00f0 norr\u00e6n <span class=\"iwg-fachbegriff\" data-tooltip=\"\u00d6ll yfirf\u00e6r\u00f0 go\u00f0sagnaefni menningarheims.\" tabindex=\"0\">go\u00f0afr\u00e6\u00f0i<\/span> svi\u00f0setur hva\u00f0 eftir anna\u00f0 hj\u00f3nab\u00f6nd milli kosm\u00edskra andst\u00e6\u00f0na (vanir-\u00e6sir, j\u00f6tnar-\u00e6sir, hafgu\u00f0-bergrisynja) og s\u00fdnir \u00ed m\u00f6rgum tilvikum mist\u00f6k \u00feessara hj\u00f3nabanda sem nau\u00f0synlegt skilyr\u00f0i fyrir st\u00f6\u00f0ugleika heimsins. A\u00f0skilna\u00f0ur Njar\u00f0ar og Ska\u00f0a er ekki pers\u00f3nulegur harmleikur, heldur heimsfr\u00e6\u00f0ileg nau\u00f0syn.<\/span><\/p>\t\t\t\t\t\t\t\t<\/div>\n\t\t\t\t<\/div>\n\t\t<div class=\"elementor-element elementor-element-ab683ee e-con-full e-flex e-con e-child\" data-id=\"ab683ee\" data-element_type=\"container\" data-e-type=\"container\">\n\t\t\t\t<div class=\"elementor-element elementor-element-865d3c2 elementor-widget elementor-widget-heading\" data-id=\"865d3c2\" data-element_type=\"widget\" data-e-type=\"widget\" data-widget_type=\"heading.default\">\n\t\t\t\t\t<h2 class=\"elementor-heading-title elementor-size-default\">Tengsl innan go\u00f0aheimsins<\/h2>\t\t\t\t<\/div>\n\t\t\t\t<div class=\"elementor-element elementor-element-4bba24e elementor-widget elementor-widget-text-editor\" data-id=\"4bba24e\" data-element_type=\"widget\" data-e-type=\"widget\" data-widget_type=\"text-editor.default\">\n\t\t\t\t\t\t\t\t\t<p>Nj\u00f6r\u00f0ur er fa\u00f0ir Freys og Freyju, getinna me\u00f0 nafnlausri systur sinni samkv\u00e6mt si\u00f0 vana. \u00cd \u00c1sgar\u00f0i kv\u00e6nist hann Ska\u00f0a, en hj\u00f3nabandi\u00f0 ver\u00f0ur barnlaust og endar \u00ed reynd \u00ed skilna\u00f0i. Loki heldur \u00fev\u00ed fram \u00ed \u00abLokasennu\u00bb 36 a\u00f0 d\u00e6tur Hymis hafi nota\u00f0 Nj\u00f6r\u00f0 sem munnbrunn, sem er groddaleg sv\u00edvir\u00f0ing \u00e1n go\u00f0sagnalegs bakgrunns.<\/p>\n<p>Gagnvart \u00e1sunum kemur Nj\u00f6r\u00f0ur fram sem fullgildur me\u00f0limur. Hann sitr \u00ed r\u00e1\u00f0i, tekur \u00fe\u00e1tt \u00ed samkomum, og er \u00ed eddukv\u00e6\u00f0aheimildunum me\u00f0h\u00f6ndla\u00f0ur sem fullgildur \u00e1s.<\/p><p><span data-nosnippet>\u00der\u00e1tt fyrir \u00fea\u00f0 er vanauppruni hans \u00ed minni. Margaret Clunies Ross hefur \u00ed \u00abProlonged Echoes\u00bb (1994) s\u00fdnt a\u00f0 vanauppruni er \u00ed hinni rita\u00f0u hef\u00f0 oft nefndur sem j\u00e1kv\u00e6\u00f0 a\u00f0greining (r\u00edkid\u00e6mi, gr\u00f3\u00f0ur), sjaldan sem galli.<\/span><\/p>\n<p>Gagnvart Ska\u00f0a er go\u00f0sagnalega markver\u00f0asta sambandi\u00f0. H\u00fan er j\u00f6tunn, hann vanur. Skamml\u00edft, misheppna\u00f0 hj\u00f3naband \u00feeirra milli fjalls og hafs er oft nefnt \u00ed norr\u00e6num b\u00f3kmenntum sem d\u00e6mi um \u00f3samr\u00fdmanlega l\u00edfsheima.<\/p><p>\u00cd s\u00ed\u00f0ari hef\u00f0 er Ska\u00f0i talin m\u00f3\u00f0ir barna Njar\u00f0ar, sem stangast \u00e1 vi\u00f0 fyrri heimildir. \u00deessi \u00e6ttartilf\u00e6rsla s\u00fdnir hvernig go\u00f0sagnir eru m\u00f3ta\u00f0ar upp \u00e1 n\u00fdtt \u00ed rita\u00f0ri hef\u00f0.<\/p>\t\t\t\t\t\t\t\t<\/div>\n\t\t\t\t<\/div>\n\t\t<div class=\"elementor-element elementor-element-b0a5d81 e-con-full e-flex e-con e-child\" data-id=\"b0a5d81\" data-element_type=\"container\" data-e-type=\"container\">\n\t\t\t\t<div class=\"elementor-element elementor-element-8ac2eab elementor-widget elementor-widget-heading\" data-id=\"8ac2eab\" data-element_type=\"widget\" data-e-type=\"widget\" data-widget_type=\"heading.default\">\n\t\t\t\t\t<h2 class=\"elementor-heading-title elementor-size-default\">M\u00f3ttaka og \u00e1hrif<\/h2>\t\t\t\t<\/div>\n\t\t\t\t<div class=\"elementor-element elementor-element-ef057c2 elementor-widget elementor-widget-text-editor\" data-id=\"ef057c2\" data-element_type=\"widget\" data-e-type=\"widget\" data-widget_type=\"text-editor.default\">\n\t\t\t\t\t\t\t\t\t<p>\u00cd \u00edslenskum \u00cdslendingas\u00f6gum kemur Nj\u00f6r\u00f0ur fram \u00ed ei\u00f0form\u00falum og stuttum v\u00edsunum. \u201eEgils saga Skallagr\u00edmssonar\u201c og \u201eVatnsd\u00e6la saga\u201c nefna hann \u00ed samhengi ei\u00f0a. \u00cd kristinni menningu mi\u00f0alda var Nj\u00f6r\u00f0ur, eins og a\u00f0rir hei\u00f0nir gu\u00f0ir, var\u00f0veittur b\u00f3kmenntalega \u00ed Snorra-Eddu, en \u00ed lifandi \u00fej\u00f3\u00f0tr\u00fa gl\u00f6tu\u00f0ust spor hans a\u00f0 mestu.<\/p>\n<p><span data-nosnippet>\u00dej\u00f3\u00f0fr\u00e6\u00f0ilegar minjar m\u00e1 greina \u00ed Noregi og \u00e1 F\u00e6reyjum \u00ed nokkrum sj\u00f3manna\u00feulum og verndarform\u00falum sj\u00f3farenda. Magnus Olsen skr\u00e1\u00f0i \u00feessi spor \u00e1 kerfisbundinn h\u00e1tt \u00ed \u201eHedenske kultminder i norske stedsnavn\u201c (1915). Bein, samfelld hef\u00f0 fr\u00e1 hei\u00f0num <span class=\"iwg-fachbegriff\" data-tooltip=\"Heildarsafn tr\u00faarlegra d\u00fdrkunarathafna fyrir gu\u00f0 e\u00f0a heilaga v\u00e6ttir.\" tabindex=\"0\">helgisi\u00f0um<\/span> til n\u00fat\u00edma \u00fej\u00f3\u00f0h\u00e1tta er \u00fe\u00f3 ekki sannanleg.<\/span><\/p>\n<p><span data-nosnippet>\u00c1 19. \u00f6ld var Nj\u00f6r\u00f0ur minna \u00e1berandi \u00ed norr\u00e6nni r\u00f3mant\u00edk en \u00de\u00f3r, \u00d3\u00f0inn e\u00f0a Freyr. Adam \u00d6hlenschl\u00e4ger t\u00f3k hann me\u00f0 \u00ed \u201eNordens Guder\u201c (1819), en Nj\u00f6r\u00f0ur var \u00fear aukapers\u00f3na.<\/span><\/p><p><span data-nosnippet>\u00cd samanbur\u00f0ar<span class=\"iwg-fachbegriff\" data-tooltip=\"V\u00edsindagreinin sem rannsakar tr\u00faarbr\u00f6g\u00f0 \u00e1 samanbur\u00f0arh\u00e1tt og \u00e1n tr\u00faarlegrar bindingar.\" tabindex=\"0\">tr\u00faarbrag\u00f0afr\u00e6\u00f0i<\/span> 20. aldar f\u00e9kk hann meiri v\u00e6gi, s\u00e9rstaklega hj\u00e1 Edgar Polome (\u201eOld Norse Religious Terminology\u201c, 1969) og Folke Str\u00f6m (\u201eNordisk hedendom\u201c, 1961).<\/span><\/p>\n<p>Nj\u00f6r\u00f0ur upplifir n\u00fat\u00edma endurvakningu \u00ed samt\u00edma hei\u00f0num hreyfingum Nor\u00f0ur-Evr\u00f3pu, s\u00e9rstaklega me\u00f0al sj\u00f3mannast\u00e9tta \u00ed Noregi og \u00e1 \u00cdslandi, sem \u00e1kalla hann sem verndargu\u00f0 sj\u00f3mennsku. \u00deessi i\u00f0kun er n\u00fdhei\u00f0in og ekki s\u00f6guleg sta\u00f0fest, en er samf\u00e9lagslega \u00e1hugaver\u00f0.<\/p>\t\t\t\t\t\t\t\t<\/div>\n\t\t\t\t<\/div>\n\t\t<div class=\"elementor-element elementor-element-5cf87f1 e-con-full e-flex e-con e-child\" data-id=\"5cf87f1\" data-element_type=\"container\" data-e-type=\"container\">\n\t\t\t\t<div class=\"elementor-element elementor-element-f857b97 elementor-widget elementor-widget-heading\" data-id=\"f857b97\" data-element_type=\"widget\" data-e-type=\"widget\" data-widget_type=\"heading.default\">\n\t\t\t\t\t<h2 class=\"elementor-heading-title elementor-size-default\">Tr\u00faarfr\u00e6\u00f0ileg sta\u00f0setning<\/h2>\t\t\t\t<\/div>\n\t\t\t\t<div class=\"elementor-element elementor-element-0e0d072 elementor-widget elementor-widget-text-editor\" data-id=\"0e0d072\" data-element_type=\"widget\" data-e-type=\"widget\" data-widget_type=\"text-editor.default\">\n\t\t\t\t\t\t\t\t\t<p>Samkv\u00e6mt Dum\u00e9zil-sk\u00f3lanum tilheyrir Nj\u00f6r\u00f0ur \u00feri\u00f0ju ind\u00f3evr\u00f3psku hlutverkaskiptingunni (frj\u00f3semi, efnahag, r\u00edkid\u00e6mi). \u00deessi flokkun sty\u00f0st vi\u00f0 hlutverk hans sem gu\u00f0s hafsins, siglinga og r\u00edkid\u00e6mis. Vanirnir \u00ed heild sinni t\u00e1kna \u00ed kerfi Dum\u00e9zils \u00feri\u00f0ja hlutverki\u00f0, en \u00c6sirnir hin fyrstu tv\u00f6 (t\u00f6fra-l\u00f6gfr\u00e6\u00f0ilegt og herna\u00f0arlegt).<\/p>\n<p><span data-nosnippet>Edgar Polome greindi \u00feriggja-hlutverka kenninguna n\u00e1nar fyrir germanska efni\u00f0 \u00ed \u201eEssays on Germanic Religion\u201c (1989). Nj\u00f6r\u00f0ur birtist h\u00e9r ekki sem hreinn \u00feri\u00f0ja-hlutverks gu\u00f0, heldur sem fl\u00f3knari v\u00e6ttur me\u00f0 \u00fe\u00e1ttum af yfirr\u00e1\u00f0um (hann situr \u00ed r\u00e1\u00f0i \u00c1sanna) og millig\u00f6ngu. Samruni Vana og \u00c1sa ver\u00f0i ekki sk\u00fdrt skipt eftir hlutverkum, heldur s\u00e9 hann afrakstur s\u00f6gulegra samruna.<\/span><\/p>\n<p><span data-nosnippet>Tengslin milli Nerthusar og Nj\u00f6r\u00f0s eru ein mikilv\u00e6gustu sporin fyrir samfellu germanskrar tr\u00faar yfir \u00fe\u00fasund \u00e1r. Hans Kuhn vann \u00feessa l\u00ednu \u00edtarlega \u00ed nokkrum ritger\u00f0um (safna\u00f0 \u00ed \u201eKleine Schriften\u201c, 4 bindi, 1969-78). \u00deau s\u00fdna a\u00f0 norr\u00e6n <span class=\"iwg-fachbegriff\" data-tooltip=\"Heildarsafn go\u00f0sagna sem var\u00f0veist hafa \u00ed tiltekinni menningu.\" tabindex=\"0\">go\u00f0afr\u00e6\u00f0i<\/span> er ekki sk\u00f6pun 13. aldar, heldur var\u00f0veitir h\u00fan spor mun eldri meginlandshef\u00f0ar.<\/span><\/p>\n\n<p>Spurningin um hvort Nj\u00f6r\u00f0 eigi a\u00f0 flokka sem \u00feri\u00f0ja-hlutverks gu\u00f0 \u00ed skilningi Dum\u00e9zils hefur fengi\u00f0 misv\u00edsandi sv\u00f6r \u00ed fr\u00e6\u00f0unum. Dum\u00e9zil sj\u00e1lfur leit \u00e1 Vanina sem fulltr\u00faa \u00feri\u00f0ja hlutverksins (frj\u00f3semi, efnahag).<\/p><p>Edgar Polome og Folke Str\u00f6m hafa gagnr\u00fdnt \u00feessa flokkun og bent \u00e1 a\u00f0 Nj\u00f6r\u00f0ur s\u00fdni einnig yfirr\u00e1\u00f0a\u00fe\u00e6tti: hann situr \u00ed r\u00e1\u00f0i \u00c1sanna, er \u00e1kalla\u00f0ur sem ei\u00f0agu\u00f0 og r\u00e6\u00f0ur yfir vindinum. \u00deessi blanda hlutverka falli ekki sk\u00fdrt inn \u00ed \u00feriggja-hlutverka kerfi\u00f0.<\/p>\n<p><span data-nosnippet>Tr\u00faarlegar-vistfr\u00e6\u00f0ilegar ranns\u00f3knir bj\u00f3\u00f0a a\u00f0ra lestrarlei\u00f0. Andr\u00e9n, Jennbert og Raudvere s\u00fdndu \u00ed \u201eOld Norse Religion in Long-Term Perspectives\u201c (2006) a\u00f0 norr\u00e6nir gu\u00f0ir einkennast sterkar af landfr\u00e6\u00f0ilega-vistfr\u00e6\u00f0ilegri festu en af hlutverkabundinni flokkun.<\/span><\/p><p>Nj\u00f6r\u00f0ur er gu\u00f0 strandanna, eyjanna, sj\u00f3mannanna. \u00deessi landfr\u00e6\u00f0ilega \u00e1herslusetning stangast oft \u00e1 vi\u00f0 hina \u00f3hlutbundnu \u00feriggja-hlutverka kenningu og gefur rauns\u00e6rri mynd af fornri tr\u00faari\u00f0kun.<\/p>\t\t\t\t\t\t\t\t<\/div>\n\t\t\t\t<\/div>\n\t\t<div class=\"elementor-element elementor-element-51c5dba e-con-full e-flex e-con e-child\" data-id=\"51c5dba\" data-element_type=\"container\" data-e-type=\"container\">\n\t\t\t\t<div class=\"elementor-element elementor-element-b6c6f9e elementor-widget elementor-widget-heading\" data-id=\"b6c6f9e\" data-element_type=\"widget\" data-e-type=\"widget\" data-widget_type=\"heading.default\">\n\t\t\t\t\t<h2 class=\"elementor-heading-title elementor-size-default\">Heimildir og frekari lesning<\/h2>\t\t\t\t<\/div>\n\t\t\t\t<div class=\"elementor-element elementor-element-ddc2c56 elementor-widget elementor-widget-text-editor\" data-id=\"ddc2c56\" data-element_type=\"widget\" data-e-type=\"widget\" data-widget_type=\"text-editor.default\">\n\t\t\t\t\t\t\t\t\t<footer class=\"iwg-literatur\"><p><span data-nosnippet>Frumheimildir: \u201eProsa-Edda\u201c (Snorri Sturluson, Gylfaginning 23, Sk\u00e1ldskaparm\u00e1l), \u201eLj\u00f3\u00f0a-Edda\u201c (\u201eGr\u00edmnism\u00e1l\u201c, \u201eLokasenna\u201c, \u201eVaf\u00fer\u00fa\u00f0nism\u00e1l\u201c), \u201eYnglinga saga\u201c (Snorri Sturluson, um 1230), \u201eGermania\u201c kafli 40 (Tacitus, 98 e.Kr., um Nerthus). \u00d6rnefnaefni hj\u00e1 Magnus Olsen \u201eNorske gaardnavne\u201c (16 bindi, 1897 o.\u00e1fr.) og \u201eHedenske kultminder\u201c (1915).<\/span><\/p>\n<p>Fr\u00e6\u00f0irit:<\/p><ul><li><span data-nosnippet>Jan de Vries \u201eAltgermanische Religionsgeschichte\u201c (1956\/57).<\/span><\/li><li><span data-nosnippet>Folke Str\u00f6m \u201eNordisk hedendom\u201c (2. \u00fatg. 1985).<\/span><\/li><li><span data-nosnippet>Edgar Polome \u201eEssays on Germanic Religion\u201c (1989).<\/span><\/li><li><span data-nosnippet>Georges Dum\u00e9zil \u201eTarpeia\u201c (1947) og \u201eLes dieux des Germains\u201c (1959).<\/span><\/li><li><span data-nosnippet>Margaret Clunies Ross \u201eProlonged Echoes\u201c (1994\/98).<\/span><\/li><li>Hans Kuhn \u201eKleine Schriften\u201c (1969-78).<\/li><\/ul>\n<p class=\"iwg-bib-more\"><span data-nosnippet>Fleiri grunnrit \u00ed <a href=\"https:\/\/iwell-guard.com\/is\/heimildaskra\/\">heimildaskr\u00e1nni<\/a>.<\/span><\/p><\/footer>\t\t\t\t\t\t\t\t<\/div>\n\t\t\t\t<\/div>\n\t\t\t\t\t<\/div>\n\t\t\t\t<\/div>\n\t\t\t\t<\/div>\n\t\t","protected":false},"excerpt":{"rendered":"","protected":false},"author":3,"featured_media":3222,"parent":0,"menu_order":0,"comment_status":"closed","ping_status":"closed","template":"elementor_header_footer","meta":{"_yoast_wpseo_focuskw":"Nj\u00f6r\u00f0ur","_yoast_wpseo_title":"Nj\u00f6r\u00f0ur \u2013 vanagu\u00f0 hafsins og siglinga | iWell Guard","_yoast_wpseo_metadesc":"Nj\u00f6r\u00f0ur er germansk-norr\u00e6nn gu\u00f0 hafsins, siglinga og r\u00edkid\u00e6mis. Vana-\u00e1s g\u00edsl og fa\u00f0ir Freys og Freyju.","_yoast_wpseo_meta-robots-noindex":"","_yoast_wpseo_canonical":"","_angie_page":false,"gefaehrdungsstufe":"","wesen_kultur":"","wesen_klasse":"","footnotes":""},"categories":[],"class_list":["post-169062","page","type-page","status-publish","has-post-thumbnail","hentry"],"yoast_head":"<!-- This site is optimized with the Yoast SEO Premium plugin v27.7 (Yoast SEO v28.3) - https:\/\/yoast.com\/product\/yoast-seo-premium-wordpress\/ -->\n<title>Nj\u00f6r\u00f0ur \u2013 vanagu\u00f0 hafsins og siglinga | iWell Guard<\/title>\n<meta name=\"description\" content=\"Nj\u00f6r\u00f0ur er germansk-norr\u00e6nn gu\u00f0 hafsins, siglinga og r\u00edkid\u00e6mis. Vana-\u00e1s g\u00edsl og fa\u00f0ir Freys og Freyju.\" \/>\n<meta name=\"robots\" content=\"index, follow, max-snippet:-1, max-image-preview:large, max-video-preview:-1\" \/>\n<link rel=\"canonical\" href=\"https:\/\/iwell-guard.com\/is\/njordur\/\" \/>\n<meta property=\"og:locale\" content=\"is_IS\" \/>\n<meta property=\"og:type\" content=\"article\" \/>\n<meta property=\"og:title\" content=\"Nj\u00f6r\u00f0ur\" \/>\n<meta property=\"og:description\" content=\"Nj\u00f6r\u00f0ur er germansk-norr\u00e6nn gu\u00f0 hafsins, siglinga og r\u00edkid\u00e6mis. Vana-\u00e1s g\u00edsl og fa\u00f0ir Freys og Freyju.\" \/>\n<meta property=\"og:url\" content=\"https:\/\/iwell-guard.com\/is\/njordur\/\" \/>\n<meta property=\"og:site_name\" content=\"iWell Guard\" \/>\n<meta property=\"article:modified_time\" content=\"2026-09-05T14:31:19+00:00\" \/>\n<meta property=\"og:image\" content=\"https:\/\/iwell-guard.com\/wp-content\/uploads\/2026\/05\/goetter_germanisch_njord.webp\" \/>\n\t<meta property=\"og:image:width\" content=\"1024\" \/>\n\t<meta property=\"og:image:height\" content=\"1536\" \/>\n\t<meta property=\"og:image:type\" content=\"image\/webp\" \/>\n<meta name=\"twitter:card\" content=\"summary_large_image\" \/>\n<script type=\"application\/ld+json\" class=\"yoast-schema-graph\">{\"@context\":\"https:\\\/\\\/schema.org\",\"@graph\":[{\"@type\":\"WebPage\",\"@id\":\"https:\\\/\\\/iwell-guard.com\\\/is\\\/njordur\\\/\",\"url\":\"https:\\\/\\\/iwell-guard.com\\\/is\\\/njordur\\\/\",\"name\":\"Nj\u00f6r\u00f0ur \u2013 vanagu\u00f0 hafsins og siglinga | iWell Guard\",\"isPartOf\":{\"@id\":\"https:\\\/\\\/iwell-guard.com\\\/is\\\/#website\"},\"primaryImageOfPage\":{\"@id\":\"https:\\\/\\\/iwell-guard.com\\\/is\\\/njordur\\\/#primaryimage\"},\"image\":{\"@id\":\"https:\\\/\\\/iwell-guard.com\\\/is\\\/njordur\\\/#primaryimage\"},\"thumbnailUrl\":\"https:\\\/\\\/iwell-guard.com\\\/wp-content\\\/uploads\\\/2026\\\/05\\\/goetter_germanisch_njord.webp\",\"datePublished\":\"2026-09-05T14:05:15+00:00\",\"dateModified\":\"2026-09-05T14:31:19+00:00\",\"description\":\"Nj\u00f6r\u00f0ur er germansk-norr\u00e6nn gu\u00f0 hafsins, siglinga og r\u00edkid\u00e6mis. Vana-\u00e1s g\u00edsl og fa\u00f0ir Freys og Freyju.\",\"breadcrumb\":{\"@id\":\"https:\\\/\\\/iwell-guard.com\\\/is\\\/njordur\\\/#breadcrumb\"},\"inLanguage\":\"is\",\"potentialAction\":[{\"@type\":\"ReadAction\",\"target\":[\"https:\\\/\\\/iwell-guard.com\\\/is\\\/njordur\\\/\"]}]},{\"@type\":\"ImageObject\",\"inLanguage\":\"is\",\"@id\":\"https:\\\/\\\/iwell-guard.com\\\/is\\\/njordur\\\/#primaryimage\",\"url\":\"https:\\\/\\\/iwell-guard.com\\\/wp-content\\\/uploads\\\/2026\\\/05\\\/goetter_germanisch_njord.webp\",\"contentUrl\":\"https:\\\/\\\/iwell-guard.com\\\/wp-content\\\/uploads\\\/2026\\\/05\\\/goetter_germanisch_njord.webp\",\"width\":1024,\"height\":1536,\"caption\":\"Gu\u00f0ir \u00far germanskri hef\u00f0.\"},{\"@type\":\"BreadcrumbList\",\"@id\":\"https:\\\/\\\/iwell-guard.com\\\/is\\\/njordur\\\/#breadcrumb\",\"itemListElement\":[{\"@type\":\"ListItem\",\"position\":1,\"name\":\"Start\",\"item\":\"https:\\\/\\\/iwell-guard.com\\\/is\\\/?page_id=168580\"},{\"@type\":\"ListItem\",\"position\":2,\"name\":\"Nj\u00f6r\u00f0ur\"}]},{\"@type\":\"WebSite\",\"@id\":\"https:\\\/\\\/iwell-guard.com\\\/is\\\/#website\",\"url\":\"https:\\\/\\\/iwell-guard.com\\\/is\\\/\",\"name\":\"iWell Guard\",\"description\":\"Schutz vor dunklen Einfl\u00fcssen\",\"publisher\":{\"@id\":\"https:\\\/\\\/iwell-guard.com\\\/is\\\/#organization\"},\"potentialAction\":[{\"@type\":\"SearchAction\",\"target\":{\"@type\":\"EntryPoint\",\"urlTemplate\":\"https:\\\/\\\/iwell-guard.com\\\/is\\\/?s={search_term_string}\"},\"query-input\":{\"@type\":\"PropertyValueSpecification\",\"valueRequired\":true,\"valueName\":\"search_term_string\"}}],\"inLanguage\":\"is\"},{\"@type\":\"Organization\",\"@id\":\"https:\\\/\\\/iwell-guard.com\\\/is\\\/#organization\",\"name\":\"Ittermann electronic GmbH\",\"url\":\"https:\\\/\\\/iwell-guard.com\\\/is\\\/\",\"logo\":{\"@type\":\"ImageObject\",\"inLanguage\":\"is\",\"@id\":\"https:\\\/\\\/iwell-guard.com\\\/is\\\/#\\\/schema\\\/logo\\\/image\\\/\",\"url\":\"https:\\\/\\\/iwell-guard.com\\\/wp-content\\\/uploads\\\/2026\\\/05\\\/Ittermann-Logo-1182x237-1.png\",\"contentUrl\":\"https:\\\/\\\/iwell-guard.com\\\/wp-content\\\/uploads\\\/2026\\\/05\\\/Ittermann-Logo-1182x237-1.png\",\"width\":1182,\"height\":237,\"caption\":\"Ittermann electronic GmbH\"},\"image\":{\"@id\":\"https:\\\/\\\/iwell-guard.com\\\/is\\\/#\\\/schema\\\/logo\\\/image\\\/\"},\"sameAs\":[\"https:\\\/\\\/pantip.com\\\/profile\\\/9367242\",\"https:\\\/\\\/micro.blog\\\/iwellguard\",\"https:\\\/\\\/www.diggerslist.com\\\/iwellguard\\\/about\",\"https:\\\/\\\/skitterphoto.com\\\/photographers\\\/2870314\\\/iwell-guard\",\"https:\\\/\\\/iwellguard.wordpress.com\\\/2026\\\/06\\\/06\\\/iwell-guard\\\/\",\"https:\\\/\\\/hub.docker.com\\\/u\\\/iwellguard\",\"https:\\\/\\\/www.pinterest.com\\\/iwellguard\\\/\",\"https:\\\/\\\/bit.ly\\\/m\\\/iwellguard\",\"https:\\\/\\\/entre-vos-mains.alsace.eu\\\/profiles\\\/iwellguard\\\/activity\",\"https:\\\/\\\/gravatar.com\\\/reallybeded8fd34\",\"https:\\\/\\\/naijamatta.com\\\/iwellguard\",\"https:\\\/\\\/www.goodreads.com\\\/iwellguard\",\"https:\\\/\\\/profile.hatena.ne.jp\\\/iwellguard\\\/\",\"https:\\\/\\\/experiment.com\\\/users\\\/iwellguard\",\"https:\\\/\\\/wakelet.com\\\/@iWellGuard82270\",\"https:\\\/\\\/www.chordie.com\\\/forum\\\/profile.php?id=2555664\",\"https:\\\/\\\/www.instapaper.com\\\/p\\\/17757966\",\"https:\\\/\\\/www.mapleprimes.com\\\/users\\\/iwellguard\",\"https:\\\/\\\/businesslistingplus.com\\\/profile\\\/iwell-guard\\\/\",\"https:\\\/\\\/telegra.ph\\\/iWell-Guard-06-06\",\"https:\\\/\\\/pbase.com\\\/iwellguard\\\/iwellguard\",\"https:\\\/\\\/b.hatena.ne.jp\\\/iwellguard\\\/20260607#bookmark-4788405196491818882\",\"https:\\\/\\\/fliphtml5.com\\\/home\\\/iwellguard\",\"https:\\\/\\\/anyflip.com\\\/homepage\\\/cmiwl#About\",\"https:\\\/\\\/transfur.com\\\/Users\\\/iwellguard\",\"http:\\\/\\\/delphi.larsbo.org\\\/user\\\/iwellguard\",\"https:\\\/\\\/jobs.lajobsportal.org\\\/profiles\\\/8380803-iwell-guard\",\"https:\\\/\\\/md.chaosdorf.de\\\/s\\\/jfbe5SBdJD\",\"https:\\\/\\\/www.lingvolive.com\\\/en-us\\\/profile\\\/9ecaeaca-ce11-4e51-9e71-01d55e2bff36\\\/translations\",\"https:\\\/\\\/www.fitday.com\\\/fitness\\\/forums\\\/members\\\/iwellguard.html\",\"https:\\\/\\\/www.mymeetbook.com\\\/iwellguard\",\"https:\\\/\\\/pxhere.com\\\/en\\\/photographer-me\\\/5040798\",\"https:\\\/\\\/disqus.com\\\/by\\\/iwellguard\\\/about\\\/\",\"https:\\\/\\\/pastelink.net\\\/hjwciqwq\",\"https:\\\/\\\/pubhtml5.com\\\/homepage\\\/scjhn\\\/\",\"https:\\\/\\\/www.bitchute.com\\\/channel\\\/2O2eOKzNqujT\",\"https:\\\/\\\/audiomack.com\\\/iwellguard\"]}]}<\/script>\n<!-- \/ Yoast SEO Premium plugin. -->","yoast_head_json":{"title":"Nj\u00f6r\u00f0ur \u2013 vanagu\u00f0 hafsins og siglinga | iWell Guard","description":"Nj\u00f6r\u00f0ur er germansk-norr\u00e6nn gu\u00f0 hafsins, siglinga og r\u00edkid\u00e6mis. Vana-\u00e1s g\u00edsl og fa\u00f0ir Freys og Freyju.","robots":{"index":"index","follow":"follow","max-snippet":"max-snippet:-1","max-image-preview":"max-image-preview:large","max-video-preview":"max-video-preview:-1"},"canonical":"https:\/\/iwell-guard.com\/is\/njordur\/","og_locale":"is_IS","og_type":"article","og_title":"Nj\u00f6r\u00f0ur","og_description":"Nj\u00f6r\u00f0ur er germansk-norr\u00e6nn gu\u00f0 hafsins, siglinga og r\u00edkid\u00e6mis. Vana-\u00e1s g\u00edsl og fa\u00f0ir Freys og Freyju.","og_url":"https:\/\/iwell-guard.com\/is\/njordur\/","og_site_name":"iWell Guard","article_modified_time":"2026-09-05T14:31:19+00:00","og_image":[{"width":1024,"height":1536,"url":"https:\/\/iwell-guard.com\/wp-content\/uploads\/2026\/05\/goetter_germanisch_njord.webp","type":"image\/webp"}],"twitter_card":"summary_large_image","schema":{"@context":"https:\/\/schema.org","@graph":[{"@type":"WebPage","@id":"https:\/\/iwell-guard.com\/is\/njordur\/","url":"https:\/\/iwell-guard.com\/is\/njordur\/","name":"Nj\u00f6r\u00f0ur \u2013 vanagu\u00f0 hafsins og siglinga | iWell Guard","isPartOf":{"@id":"https:\/\/iwell-guard.com\/is\/#website"},"primaryImageOfPage":{"@id":"https:\/\/iwell-guard.com\/is\/njordur\/#primaryimage"},"image":{"@id":"https:\/\/iwell-guard.com\/is\/njordur\/#primaryimage"},"thumbnailUrl":"https:\/\/iwell-guard.com\/wp-content\/uploads\/2026\/05\/goetter_germanisch_njord.webp","datePublished":"2026-09-05T14:05:15+00:00","dateModified":"2026-09-05T14:31:19+00:00","description":"Nj\u00f6r\u00f0ur er germansk-norr\u00e6nn gu\u00f0 hafsins, siglinga og r\u00edkid\u00e6mis. Vana-\u00e1s g\u00edsl og fa\u00f0ir Freys og Freyju.","breadcrumb":{"@id":"https:\/\/iwell-guard.com\/is\/njordur\/#breadcrumb"},"inLanguage":"is","potentialAction":[{"@type":"ReadAction","target":["https:\/\/iwell-guard.com\/is\/njordur\/"]}]},{"@type":"ImageObject","inLanguage":"is","@id":"https:\/\/iwell-guard.com\/is\/njordur\/#primaryimage","url":"https:\/\/iwell-guard.com\/wp-content\/uploads\/2026\/05\/goetter_germanisch_njord.webp","contentUrl":"https:\/\/iwell-guard.com\/wp-content\/uploads\/2026\/05\/goetter_germanisch_njord.webp","width":1024,"height":1536,"caption":"Gu\u00f0ir \u00far germanskri hef\u00f0."},{"@type":"BreadcrumbList","@id":"https:\/\/iwell-guard.com\/is\/njordur\/#breadcrumb","itemListElement":[{"@type":"ListItem","position":1,"name":"Start","item":"https:\/\/iwell-guard.com\/is\/?page_id=168580"},{"@type":"ListItem","position":2,"name":"Nj\u00f6r\u00f0ur"}]},{"@type":"WebSite","@id":"https:\/\/iwell-guard.com\/is\/#website","url":"https:\/\/iwell-guard.com\/is\/","name":"iWell Guard","description":"Schutz vor dunklen Einfl\u00fcssen","publisher":{"@id":"https:\/\/iwell-guard.com\/is\/#organization"},"potentialAction":[{"@type":"SearchAction","target":{"@type":"EntryPoint","urlTemplate":"https:\/\/iwell-guard.com\/is\/?s={search_term_string}"},"query-input":{"@type":"PropertyValueSpecification","valueRequired":true,"valueName":"search_term_string"}}],"inLanguage":"is"},{"@type":"Organization","@id":"https:\/\/iwell-guard.com\/is\/#organization","name":"Ittermann electronic GmbH","url":"https:\/\/iwell-guard.com\/is\/","logo":{"@type":"ImageObject","inLanguage":"is","@id":"https:\/\/iwell-guard.com\/is\/#\/schema\/logo\/image\/","url":"https:\/\/iwell-guard.com\/wp-content\/uploads\/2026\/05\/Ittermann-Logo-1182x237-1.png","contentUrl":"https:\/\/iwell-guard.com\/wp-content\/uploads\/2026\/05\/Ittermann-Logo-1182x237-1.png","width":1182,"height":237,"caption":"Ittermann electronic GmbH"},"image":{"@id":"https:\/\/iwell-guard.com\/is\/#\/schema\/logo\/image\/"},"sameAs":["https:\/\/pantip.com\/profile\/9367242","https:\/\/micro.blog\/iwellguard","https:\/\/www.diggerslist.com\/iwellguard\/about","https:\/\/skitterphoto.com\/photographers\/2870314\/iwell-guard","https:\/\/iwellguard.wordpress.com\/2026\/06\/06\/iwell-guard\/","https:\/\/hub.docker.com\/u\/iwellguard","https:\/\/www.pinterest.com\/iwellguard\/","https:\/\/bit.ly\/m\/iwellguard","https:\/\/entre-vos-mains.alsace.eu\/profiles\/iwellguard\/activity","https:\/\/gravatar.com\/reallybeded8fd34","https:\/\/naijamatta.com\/iwellguard","https:\/\/www.goodreads.com\/iwellguard","https:\/\/profile.hatena.ne.jp\/iwellguard\/","https:\/\/experiment.com\/users\/iwellguard","https:\/\/wakelet.com\/@iWellGuard82270","https:\/\/www.chordie.com\/forum\/profile.php?id=2555664","https:\/\/www.instapaper.com\/p\/17757966","https:\/\/www.mapleprimes.com\/users\/iwellguard","https:\/\/businesslistingplus.com\/profile\/iwell-guard\/","https:\/\/telegra.ph\/iWell-Guard-06-06","https:\/\/pbase.com\/iwellguard\/iwellguard","https:\/\/b.hatena.ne.jp\/iwellguard\/20260607#bookmark-4788405196491818882","https:\/\/fliphtml5.com\/home\/iwellguard","https:\/\/anyflip.com\/homepage\/cmiwl#About","https:\/\/transfur.com\/Users\/iwellguard","http:\/\/delphi.larsbo.org\/user\/iwellguard","https:\/\/jobs.lajobsportal.org\/profiles\/8380803-iwell-guard","https:\/\/md.chaosdorf.de\/s\/jfbe5SBdJD","https:\/\/www.lingvolive.com\/en-us\/profile\/9ecaeaca-ce11-4e51-9e71-01d55e2bff36\/translations","https:\/\/www.fitday.com\/fitness\/forums\/members\/iwellguard.html","https:\/\/www.mymeetbook.com\/iwellguard","https:\/\/pxhere.com\/en\/photographer-me\/5040798","https:\/\/disqus.com\/by\/iwellguard\/about\/","https:\/\/pastelink.net\/hjwciqwq","https:\/\/pubhtml5.com\/homepage\/scjhn\/","https:\/\/www.bitchute.com\/channel\/2O2eOKzNqujT","https:\/\/audiomack.com\/iwellguard"]}]}},"_links":{"self":[{"href":"https:\/\/iwell-guard.com\/is\/wp-json\/wp\/v2\/pages\/169062","targetHints":{"allow":["GET"]}}],"collection":[{"href":"https:\/\/iwell-guard.com\/is\/wp-json\/wp\/v2\/pages"}],"about":[{"href":"https:\/\/iwell-guard.com\/is\/wp-json\/wp\/v2\/types\/page"}],"author":[{"embeddable":true,"href":"https:\/\/iwell-guard.com\/is\/wp-json\/wp\/v2\/users\/3"}],"replies":[{"embeddable":true,"href":"https:\/\/iwell-guard.com\/is\/wp-json\/wp\/v2\/comments?post=169062"}],"version-history":[{"count":0,"href":"https:\/\/iwell-guard.com\/is\/wp-json\/wp\/v2\/pages\/169062\/revisions"}],"wp:featuredmedia":[{"embeddable":true,"href":"https:\/\/iwell-guard.com\/is\/wp-json\/wp\/v2\/media\/3222"}],"wp:attachment":[{"href":"https:\/\/iwell-guard.com\/is\/wp-json\/wp\/v2\/media?parent=169062"}],"wp:term":[{"taxonomy":"category","embeddable":true,"href":"https:\/\/iwell-guard.com\/is\/wp-json\/wp\/v2\/categories?post=169062"}],"curies":[{"name":"wp","href":"https:\/\/api.w.org\/{rel}","templated":true}]}}