{"id":169061,"date":"2026-09-05T14:05:14","date_gmt":"2026-09-05T14:05:14","guid":{"rendered":"https:\/\/iwell-guard.com\/?page_id=169061"},"modified":"2026-09-05T14:31:16","modified_gmt":"2026-09-05T14:31:16","slug":"idun","status":"publish","type":"page","link":"https:\/\/iwell-guard.com\/is\/idun\/","title":{"rendered":"Idun"},"content":{"rendered":"\t\t<div data-elementor-type=\"wp-page\" data-elementor-id=\"169061\" class=\"elementor elementor-169061 elementor-3002 elementor-bc-flex-widget\" data-elementor-post-type=\"page\">\n\t\t\t\t<div class=\"elementor-element elementor-element-7d8826f e-flex e-con-boxed e-con e-parent\" data-id=\"7d8826f\" data-element_type=\"container\" data-e-type=\"container\" data-settings=\"{&quot;background_background&quot;:&quot;classic&quot;}\">\n\t\t\t\t\t<div class=\"e-con-inner\">\n\t\t<div class=\"elementor-element elementor-element-66b00e7 e-flex e-con-boxed e-con e-child\" data-id=\"66b00e7\" data-element_type=\"container\" data-e-type=\"container\">\n\t\t\t\t\t<div class=\"e-con-inner\">\n\t\t<div class=\"elementor-element elementor-element-74126e3 e-con-full e-flex e-con e-child\" data-id=\"74126e3\" data-element_type=\"container\" data-e-type=\"container\">\n\t\t\t\t<div class=\"elementor-element elementor-element-1844c58 elementor-widget elementor-widget-heading\" data-id=\"1844c58\" data-element_type=\"widget\" data-e-type=\"widget\" data-widget_type=\"heading.default\">\n\t\t\t\t\t<h1 class=\"elementor-heading-title elementor-size-default\">Idun, gy\u00f0ja \u00e6skunnar og gullnu eplanna<\/h1>\t\t\t\t<\/div>\n\t\t\t\t<div class=\"elementor-element elementor-element-7ff2410 elementor-widget elementor-widget-text-editor\" data-id=\"7ff2410\" data-element_type=\"widget\" data-e-type=\"widget\" data-widget_type=\"text-editor.default\">\n\t\t\t\t\t\t\t\t\t<p>Idun (fornnorr\u00e6na: Idunn) er gy\u00f0ja endurn\u00fdjunareplanna \u00ed germanska <span class=\"iwg-fachbegriff\" data-tooltip=\"Heild gu\u00f0a innan tr\u00faarbrag\u00f0a e\u00f0a menningarheims.\" tabindex=\"0\">go\u00f0aheiminum (pantheon)<\/span>. \u00cd k\u00f6rfu sinni var\u00f0veitir h\u00fan eplin sem vi\u00f0halda \u00e6sku og l\u00edfskrafti gu\u00f0anna. \u00c1n epla Idunar eldast \u00e1sarnir og ver\u00f0a dau\u00f0anum undirseldir.<\/p><p>Brottn\u00e1m hennar af hendi j\u00f6tunsins \u00dejaza og heimkoma hennar me\u00f0 a\u00f0sto\u00f0 Loka er ein af klass\u00edskum \u00fe\u00e1ttum norr\u00e6nnar <span class=\"iwg-fachbegriff\" data-tooltip=\"Heild \u00feeirra go\u00f0sagna sem var\u00f0veist hafa fr\u00e1 einum menningarheimi.\" tabindex=\"0\">go\u00f0afr\u00e6\u00f0i<\/span>. Idun er talin eiginkona Braga, gu\u00f0s sk\u00e1ldskaparins.<\/p>\t\t\t\t\t\t\t\t<\/div>\n\t\t\t\t<\/div>\n\t\t<div class=\"elementor-element elementor-element-3e1ebc9 e-con-full e-flex e-con e-parent\" data-id=\"3e1ebc9\" data-element_type=\"container\" data-e-type=\"container\">\n\t\t\t\t<div class=\"elementor-element elementor-element-5009558 elementor-widget elementor-widget-html\" data-id=\"5009558\" data-element_type=\"widget\" data-e-type=\"widget\" data-widget_type=\"html.default\">\n\t\t\t\t\t<div class=\"iwg-pill-row\"><span class=\"iwg-klasse-badge\" tabindex=\"0\" data-tooltip=\"Gu\u00f0 \/ Gy\u00f0ja: Pers\u00f3nuger\u00f0 h\u00e1m\u00e1ttarvera \u00ed pantheoni menningar, me\u00f0 lj\u00f3st hlutverk \u2014 n\u00e1tt\u00faru\u00f6fl, \u00f6rl\u00f6g, str\u00ed\u00f0, frj\u00f3semi. D\u00fdrku\u00f0 me\u00f0 helgisi\u00f0um, f\u00f3rnum og musterisstofnunum.\">Gu\u00f0<\/span><a href=\"https:\/\/iwell-guard.com\/is\/germonsk\/\" class=\"iwg-kultur-badge\" tabindex=\"0\" data-tooltip=\"Fornkristinn gu\u00f0a- og andaheimur Nor\u00f0ur- og Mi\u00f0-Evr\u00f3pu.\">Germanskt<\/a><\/div>\t\t\t\t<\/div>\n\t\t\t\t<\/div>\n\t\t<div class=\"elementor-element elementor-element-c0aaef3 e-con-full e-flex e-con e-child\" data-id=\"c0aaef3\" data-element_type=\"container\" data-e-type=\"container\">\n\t\t\t\t<div class=\"elementor-element elementor-element-c985c9b elementor-toc--minimized-on-tablet elementor-widget elementor-widget-table-of-contents\" data-id=\"c985c9b\" data-element_type=\"widget\" data-e-type=\"widget\" data-settings=\"{&quot;exclude_headings_by_selector&quot;:[],&quot;no_headings_message&quot;:&quot;Engar undirfyrirsagnir fundust \\u00e1 \\u00feessari s\\u00ed\\u00f0u.&quot;,&quot;headings_by_tags&quot;:[&quot;h2&quot;,&quot;h3&quot;],&quot;marker_view&quot;:&quot;bullets&quot;,&quot;icon&quot;:{&quot;value&quot;:&quot;fas fa-circle&quot;,&quot;library&quot;:&quot;fa-solid&quot;,&quot;rendered_tag&quot;:&quot;&lt;svg class=\\&quot;e-font-icon-svg e-fas-circle\\&quot; viewBox=\\&quot;0 0 512 512\\&quot; xmlns=\\&quot;http:\\\/\\\/www.w3.org\\\/2000\\\/svg\\&quot;&gt;&lt;path d=\\&quot;M256 8C119 8 8 119 8 256s111 248 248 248 248-111 248-248S393 8 256 8z\\&quot;&gt;&lt;\\\/path&gt;&lt;\\\/svg&gt;&quot;},&quot;minimize_box&quot;:&quot;yes&quot;,&quot;minimized_on&quot;:&quot;tablet&quot;,&quot;hierarchical_view&quot;:&quot;yes&quot;,&quot;min_height&quot;:{&quot;unit&quot;:&quot;px&quot;,&quot;size&quot;:&quot;&quot;,&quot;sizes&quot;:[]},&quot;min_height_tablet&quot;:{&quot;unit&quot;:&quot;px&quot;,&quot;size&quot;:&quot;&quot;,&quot;sizes&quot;:[]},&quot;min_height_mobile&quot;:{&quot;unit&quot;:&quot;px&quot;,&quot;size&quot;:&quot;&quot;,&quot;sizes&quot;:[]}}\" data-widget_type=\"table-of-contents.default\">\n\t\t\t\t\t\t\t\t\t<div class=\"elementor-toc__header\">\n\t\t\t\t\t\t<h2 class=\"elementor-toc__header-title\">\n\t\t\t\tEfnisyfirlit\t\t\t<\/h2>\n\t\t\t\t\t\t\t\t\t\t<div class=\"elementor-toc__toggle-button elementor-toc__toggle-button--expand\" role=\"button\" tabindex=\"0\" aria-controls=\"elementor-toc__c985c9b\" aria-expanded=\"true\" aria-label=\"Open table of contents\"><svg aria-hidden=\"true\" class=\"e-font-icon-svg e-fas-chevron-down\" viewBox=\"0 0 448 512\" xmlns=\"http:\/\/www.w3.org\/2000\/svg\"><path d=\"M207.029 381.476L12.686 187.132c-9.373-9.373-9.373-24.569 0-33.941l22.667-22.667c9.357-9.357 24.522-9.375 33.901-.04L224 284.505l154.745-154.021c9.379-9.335 24.544-9.317 33.901.04l22.667 22.667c9.373 9.373 9.373 24.569 0 33.941L240.971 381.476c-9.373 9.372-24.569 9.372-33.942 0z\"><\/path><\/svg><\/div>\n\t\t\t\t<div class=\"elementor-toc__toggle-button elementor-toc__toggle-button--collapse\" role=\"button\" tabindex=\"0\" aria-controls=\"elementor-toc__c985c9b\" aria-expanded=\"true\" aria-label=\"Close table of contents\"><svg aria-hidden=\"true\" class=\"e-font-icon-svg e-fas-chevron-up\" viewBox=\"0 0 448 512\" xmlns=\"http:\/\/www.w3.org\/2000\/svg\"><path d=\"M240.971 130.524l194.343 194.343c9.373 9.373 9.373 24.569 0 33.941l-22.667 22.667c-9.357 9.357-24.522 9.375-33.901.04L224 227.495 69.255 381.516c-9.379 9.335-24.544 9.317-33.901-.04l-22.667-22.667c-9.373-9.373-9.373-24.569 0-33.941L207.03 130.525c9.372-9.373 24.568-9.373 33.941-.001z\"><\/path><\/svg><\/div>\n\t\t\t\t\t<\/div>\n\t\t\t\t<div id=\"elementor-toc__c985c9b\" class=\"elementor-toc__body\">\n\t\t\t<div class=\"elementor-toc__spinner-container\">\n\t\t\t\t<svg class=\"elementor-toc__spinner eicon-animation-spin e-font-icon-svg e-eicon-loading\" aria-hidden=\"true\" viewBox=\"0 0 1000 1000\" xmlns=\"http:\/\/www.w3.org\/2000\/svg\"><path d=\"M500 975V858C696 858 858 696 858 500S696 142 500 142 142 304 142 500H25C25 237 238 25 500 25S975 237 975 500 763 975 500 975Z\"><\/path><\/svg>\t\t\t<\/div>\n\t\t<\/div>\n\t\t\t\t\t\t<\/div>\n\t\t\t\t<\/div>\n\t\t\t\t\t<\/div>\n\t\t\t\t<\/div>\n\t\t<div class=\"elementor-element elementor-element-d063be8 e-con-full e-flex e-con e-child\" data-id=\"d063be8\" data-element_type=\"container\" data-e-type=\"container\">\n\t\t\t\t<div class=\"elementor-element elementor-element-ade9665 iwg-hero-image elementor-widget elementor-widget-image\" data-id=\"ade9665\" data-element_type=\"widget\" data-e-type=\"widget\" data-widget_type=\"image.default\">\n\t\t\t\t\t\t\t\t\t\t\t\t\t\t\t<img fetchpriority=\"high\" decoding=\"async\" width=\"683\" height=\"1024\" src=\"https:\/\/iwell-guard.com\/wp-content\/uploads\/2026\/05\/goetter_germanisch_idun-683x1024.webp\" class=\"attachment-large size-large wp-image-170733\" alt=\"Idunn - Gu\u00f0 \u00far germanskri hef\u00f0, s\u00f6guleg mynd\" srcset=\"https:\/\/iwell-guard.com\/wp-content\/uploads\/2026\/05\/goetter_germanisch_idun-683x1024.webp 683w, https:\/\/iwell-guard.com\/wp-content\/uploads\/2026\/05\/goetter_germanisch_idun-200x300.webp 200w, https:\/\/iwell-guard.com\/wp-content\/uploads\/2026\/05\/goetter_germanisch_idun-768x1152.webp 768w, https:\/\/iwell-guard.com\/wp-content\/uploads\/2026\/05\/goetter_germanisch_idun.webp 1024w\" sizes=\"(max-width: 683px) 100vw, 683px\" \/>\t\t\t\t\t\t\t\t\t\t\t\t\t\t\t<\/div>\n\t\t\t\t<\/div>\n\t\t\t\t\t<\/div>\n\t\t\t\t<\/div>\n\t\t<div class=\"elementor-element elementor-element-b038c4a e-con-boxed e-flex e-con e-parent\" data-id=\"b038c4a\" data-element_type=\"container\" data-e-type=\"container\">\n\t\t\t\t\t<div class=\"e-con-inner\">\n\t\t<div class=\"elementor-element elementor-element-81f6dc7 e-con-full e-flex e-con e-child\" data-id=\"81f6dc7\" data-element_type=\"container\" data-e-type=\"container\">\n\t\t\t\t<div class=\"elementor-element elementor-element-2b63043 elementor-widget elementor-widget-heading\" data-id=\"2b63043\" data-element_type=\"widget\" data-e-type=\"widget\" data-widget_type=\"heading.default\">\n\t\t\t\t\t<h2 class=\"elementor-heading-title elementor-size-default\">Go\u00f0s\u00f6gn og uppruni<\/h2>\t\t\t\t<\/div>\n\t\t\t\t<div class=\"elementor-element elementor-element-eee45a4 elementor-widget elementor-widget-text-editor\" data-id=\"eee45a4\" data-element_type=\"widget\" data-e-type=\"widget\" data-widget_type=\"text-editor.default\">\n\t\t\t\t\t\t\t\t\t<p>Snorri Sturluson nefnir Idunu \u00ed \u00abProsa-Eddu\u00bb (Gylfaginning 26 og Sk\u00e1ldskaparm\u00e1l 1) sem eina af \u00e1synjunum sem var\u00f0veitir epli \u00ed \u00f6skukistli, epli sem \u00e1sarnir eta \u00feegar \u00feeir eldast. \u00deannig ver\u00f0a \u00feeir allir ungir a\u00f0 n\u00fdju.<\/p><p><span data-nosnippet>Nafn hennar, Idunn, hefur veri\u00f0 \u00fatsk\u00fdrt \u00e1 mismunandi h\u00e1tt eftir or\u00f0sifjum. Algeng sk\u00fdring tengir \u00fea\u00f0 vi\u00f0 \u00abi\u00f0\u00bb (\u00abaftur\u00bb) og \u00abunna\u00bb (\u00abelska, veita\u00bb), \u00feannig \u00abhin sem veitir a\u00f0 n\u00fdju\u00bb e\u00f0a \u00abhin endurn\u00fdjandi\u00bb. Rudolf Simek hallast a\u00f0 \u00feessari lestrarhugsun \u00ed riti s\u00ednu \u00abLexikon der germanischen <span class=\"iwg-fachbegriff\" data-tooltip=\"Heild \u00feeirra go\u00f0sagna sem var\u00f0veist hafa fr\u00e1 einum menningarheimi.\" tabindex=\"0\">Mythologie<\/span>\u00bb (3. \u00fatg. 2006).<\/span><\/p>\n<p>Uppruni Idunar er \u00e6ttfr\u00e6\u00f0ilega \u00f3lj\u00f3s. Snorri segir hana d\u00f3ttur dvergsins \u00cdvalda, sem setur hana \u00ed tengsl vi\u00f0 heim dverganna. A\u00f0rar heimildir l\u00edta \u00e1 hana sem eina af \u00e1synjunum \u00e1n rekjanlegrar \u00e6ttart\u00f6lu.<\/p><p>\u00deessi \u00f3vissa hefur leitt fr\u00e6\u00f0imenn, allt fr\u00e1 Jan de Vries til Margaret Clunies Ross, til \u00feeirrar \u00e1lyktunar a\u00f0 Idun hafi veri\u00f0 forn gr\u00f3\u00f0urgy\u00f0ja (<span class=\"iwg-fachbegriff\" data-tooltip=\"Vera sem er d\u00fdrku\u00f0 sem gu\u00f0leg innan tr\u00faarbrag\u00f0a.\" tabindex=\"0\">go\u00f0vera<\/span>), \u00fear sem upprunalegur <span class=\"iwg-fachbegriff\" data-tooltip=\"Var\u00f0veitt fr\u00e1s\u00f6gn um gu\u00f0i, uppruna og skipan heimsins.\" tabindex=\"0\">go\u00f0s\u00f6gn<\/span> hennar snerist fyrst og fremst um eplin og endurn\u00fdjunar\u00feema\u00f0, en s\u00ed\u00f0ur um \u00fatf\u00e6r\u00f0a \u00e6ttfr\u00e6\u00f0i.<\/p>\n<p>Til samanbur\u00f0ar bj\u00f3\u00f0a ind\u00f3evr\u00f3psk <span class=\"iwg-fachbegriff\" data-tooltip=\"Heild \u00feeirra go\u00f0sagna sem var\u00f0veist hafa fr\u00e1 einum menningarheimi.\" tabindex=\"0\">go\u00f0afr\u00e6\u00f0i<\/span> upp \u00e1 margar hli\u00f0st\u00e6\u00f0ur vi\u00f0 \u00e1vexti e\u00f0a drykki sem veita \u00f3dau\u00f0leika: Soma og Amrita \u00ed ved\u00edskri hef\u00f0, nektar og ambr\u00f3s\u00eda hj\u00e1 Grikkjum, l\u00edfsvatni\u00f0 \u00ed m\u00f6rgum ind\u00f3evr\u00f3pskum hef\u00f0um.<\/p><p><span data-nosnippet>Georges Dum\u00e9zil h\u00e9lt \u00fev\u00ed fram \u00ed \u00abLe festin d&#8217;immortalit\u00e9\u00bb (1924) a\u00f0 allar \u00feessar hugmyndir megi rekja til sameiginlegrar ind\u00f3evr\u00f3pskrar arfleif\u00f0ar. Epli Idunar eru norr\u00e6n \u00fatg\u00e1fa af \u00feessu \u00feema.<\/span><\/p>\n\n<p>Heimildasta\u00f0a um Idunu er tilt\u00f6lulega r\u00fdr \u00ed samanbur\u00f0i vi\u00f0 gy\u00f0jur eins og Freyju e\u00f0a Frigg, en \u00abHaustl\u00f6ng\u00bb \u00dej\u00f3\u00f0\u00f3lfs \u00far Hvini (um 900) er elsta b\u00f3kmenntalega vitnisbur\u00f0urinn um eplago\u00f0s\u00f6gnina og er \u00fev\u00ed mikilv\u00e6gt. Kv\u00e6\u00f0i\u00f0 er skjaldarkv\u00e6\u00f0i sem l\u00fdsir myndum \u00e1 skreyttum skildi.<\/p><p>Ein \u00feessara mynda s\u00fdnir brottn\u00e1m Idunar af hendi \u00dejaza. N\u00e1kv\u00e6m l\u00fdsing \u00feessarar myndar \u00ed h\u00e1\u00fer\u00f3u\u00f0um sk\u00e1ldskaparst\u00edl s\u00fdnir a\u00f0 <span class=\"iwg-fachbegriff\" data-tooltip=\"Var\u00f0veitt fr\u00e1s\u00f6gn um gu\u00f0i, uppruna og skipan heimsins.\" tabindex=\"0\">go\u00f0s\u00f6gnin<\/span> var ekki a\u00f0eins kunn \u00e1 s\u00ed\u00f0ari hluta 9. aldar og fyrri hluta 10. aldar, heldur einnig \u00fatbreidd \u00ed myndlist.<\/p>\n<p><span data-nosnippet>\u00abSk\u00e1ldskaparm\u00e1l\u00bb Snorra Sturlusonar, kafli 1, b\u00e6tir vi\u00f0 fr\u00e1sagnarlegum sm\u00e1atri\u00f0um sem ekki er a\u00f0 finna \u00ed eldra sk\u00e1ldskaparlaginu. Fr\u00e6\u00f0imenn hafa deilt fr\u00e1 t\u00edmum Eugen Mogk (1923) um hvort Snorri hafi haft heilst\u00e6\u00f0a fr\u00e1s\u00f6gn sem hann endursag\u00f0i, e\u00f0a hvort hann bygg\u00f0i eigin fr\u00e1s\u00f6gn \u00e1 skjaldarkv\u00e6\u00f0inu.<\/span><\/p><p>Andy Orchard, John Lindow og Margaret Clunies Ross hallast a\u00f0 \u00fev\u00ed a\u00f0 Snorri hafi haft a\u00f0gang a\u00f0 \u00fatf\u00e6r\u00f0ri fr\u00e1sagnarhef\u00f0 sem s\u00ed\u00f0an hefur glatast.<\/p>\t\t\t\t\t\t\t\t<\/div>\n\t\t\t\t<\/div>\n\t\t<div class=\"elementor-element elementor-element-a5848f8 e-con-full e-flex e-con e-child\" data-id=\"a5848f8\" data-element_type=\"container\" data-e-type=\"container\">\n\t\t\t\t<div class=\"elementor-element elementor-element-d6806a7 elementor-widget elementor-widget-heading\" data-id=\"d6806a7\" data-element_type=\"widget\" data-e-type=\"widget\" data-widget_type=\"heading.default\">\n\t\t\t\t\t<h2 class=\"elementor-heading-title elementor-size-default\">T\u00e1kn og einkenni<\/h2>\t\t\t\t<\/div>\n\t\t\t\t<div class=\"elementor-element elementor-element-43f5756 elementor-widget elementor-widget-text-editor\" data-id=\"43f5756\" data-element_type=\"widget\" data-e-type=\"widget\" data-widget_type=\"text-editor.default\">\n\t\t\t\t\t\t\t\t\t<p>\u00c1berandi eiginleiki Idunar eru eplin. Snorri l\u00fdsir \u00feeim ekki n\u00e1nar, en s\u00ed\u00f0ari hef\u00f0 s\u00fdnir \u00feau sem gullin epli.<\/p><p>\u00cd \u00abHaustl\u00f6ng\u00bb \u00dej\u00f3\u00f0\u00f3lfs \u00far Hvini (um 900) eru eplin nefnd \u00abforn l\u00e6kning \u00e1sanna gegn elli\u00bb. \u00deetta sk\u00e1ldakv\u00e6\u00f0i er elsta b\u00f3kmenntalega vitnisbur\u00f0urinn um <span class=\"iwg-fachbegriff\" data-tooltip=\"Var\u00f0veitt fr\u00e1s\u00f6gn um gu\u00f0i, uppruna og skipan heimsins.\" tabindex=\"0\">go\u00f0s\u00f6gnina<\/span> um Idunu og \u00fev\u00ed mikilv\u00e6gt fyrir go\u00f0sagnafr\u00e6\u00f0in.<\/p>\n<p>\u00d6skukistillinn e\u00f0a karfan sem Idun var\u00f0veitir eplin \u00ed hefur einnig t\u00e1knr\u00e6na merkingu. Askurinn tengist heimsaskinum Yggdrasil og skapar \u00feannig heimsfr\u00e6\u00f0ilega tengingu vi\u00f0 endurn\u00fdjunar\u00feema\u00f0. Eplin sj\u00e1lf eru talin \u00ed \u00fej\u00f3\u00f0tr\u00fa Skandinav\u00edu <span class=\"iwg-fachbegriff\" data-tooltip=\"T\u00e1kn sem stendur fyrir hugmynd e\u00f0a merkingu.\" tabindex=\"0\">t\u00e1kn<\/span> um frj\u00f3semi og langl\u00edfi.<\/p>\n<p>Venjuleg mynd Idunar er ekki l\u00fdst n\u00e1nar \u00ed eddukv\u00e6\u00f0um. \u00cd brottn\u00e1mss\u00f6gunni er henni breytt \u00ed fuglsl\u00edki (f\u00e1lkab\u00faningur Freyju), sem tengir hana vi\u00f0 shaman\u00edsk umbreytingar\u00feema. \u00deessi fuglabreyting hefur \u00ed samanbur\u00f0ar<span class=\"iwg-fachbegriff\" data-tooltip=\"V\u00edsindin sem rannsaka tr\u00faarbr\u00f6g\u00f0 me\u00f0 samanbur\u00f0i og \u00e1n tr\u00faarlegrar afst\u00f6\u00f0u.\" tabindex=\"0\">tr\u00faarbrag\u00f0afr\u00e6\u00f0um<\/span> hli\u00f0st\u00e6\u00f0ur \u00ed m\u00f6rgum hef\u00f0um, me\u00f0al annars gr\u00edsku hef\u00f0inni um A\u00ed\u00feon sem breytist \u00ed fugl.<\/p>\t\t\t\t\t\t\t\t<\/div>\n\t\t\t\t<\/div>\n\t\t<div class=\"elementor-element elementor-element-5187704 e-con-full e-flex e-con e-child\" data-id=\"5187704\" data-element_type=\"container\" data-e-type=\"container\">\n\t\t\t\t<div class=\"elementor-element elementor-element-f51b016 elementor-widget elementor-widget-heading\" data-id=\"f51b016\" data-element_type=\"widget\" data-e-type=\"widget\" data-widget_type=\"heading.default\">\n\t\t\t\t\t<h2 class=\"elementor-heading-title elementor-size-default\">D\u00fdrkun og tilbei\u00f0sla<\/h2>\t\t\t\t<\/div>\n\t\t\t\t<div class=\"elementor-element elementor-element-5654d9d elementor-widget elementor-widget-text-editor\" data-id=\"5654d9d\" data-element_type=\"widget\" data-e-type=\"widget\" data-widget_type=\"text-editor.default\">\n\t\t\t\t\t\t\t\t\t<p>Sj\u00e1lfst\u00e6\u00f0 d\u00fdrkunarummerki um I\u00f0unni eru a\u00f0 mestu \u00f3fundin. Engar <span class=\"iwg-fachbegriff\" data-tooltip=\"Bygging sem er notu\u00f0 til d\u00fdrkunar \u00e1 einni e\u00f0a fleiri go\u00f0verum.\" tabindex=\"0\">musteris<\/span>&#8211; e\u00f0a h\u00e1t\u00ed\u00f0arheimildir eru til. Nafn hennar kemur ekki \u00f3tv\u00edr\u00e6tt fram \u00ed \u00f6rnefnum. \u00deessi r\u00fdra heimildasta\u00f0a hefur leitt til \u00feess a\u00f0 fr\u00e6\u00f0imenn hafa fyrst og fremst liti\u00f0 \u00e1 I\u00f0unni sem go\u00f0sagnalegt hlutverk innan \u00e1sa-go\u00f0aheimsins, fremur en sj\u00e1lfst\u00e6\u00f0a d\u00fdrkunargy\u00f0ju.<\/p>\n<p>\u00dej\u00f3\u00f0legar endurspeglanir \u00e1 epla-yngingunni er \u00fe\u00f3 v\u00ed\u00f0a a\u00f0 finna. \u00cd \u00e6vint\u00fdrum Skandinav\u00edu og \u00de\u00fdskalands birtist epli\u00f0 sem <span class=\"iwg-fachbegriff\" data-tooltip=\"\u00c1\u00fereifanleg mynd sem stendur fyrir \u00f3hlutbundna hugmynd.\" tabindex=\"0\">t\u00e1kn<\/span> \u00f3dau\u00f0leika, yngingar e\u00f0a \u00feekkingar.<\/p><p><span data-nosnippet>Jacob Grimm safna\u00f0i \u00ed riti s\u00ednu \u00abDeutsche <span class=\"iwg-fachbegriff\" data-tooltip=\"Heildarsafn go\u00f0sagna sem var\u00f0veist hafa innan tiltekinnar menningar.\" tabindex=\"0\">Mythologie<\/span>\u00bb (1835) fj\u00f6lda sl\u00edkra ummerkja, me\u00f0al annars \u00feeim danska <span class=\"iwg-fachbegriff\" data-tooltip=\"Ath\u00f6fn sem var\u00f0veist hefur \u00ed samf\u00e9lagi og er endurtekin reglulega.\" tabindex=\"0\">si\u00f0<\/span> a\u00f0 r\u00e9tta br\u00fa\u00f0hj\u00f3num saman skipt epli \u00e1 br\u00fa\u00f0kaupsdegi, sem <span class=\"iwg-fachbegriff\" data-tooltip=\"T\u00e1kn sem stendur \u00ed sta\u00f0inn fyrir hugmynd e\u00f0a merkingu.\" tabindex=\"0\">t\u00e1kn<\/span> um sameiginlega l\u00edfslengd.<\/span><\/p>\n<p>\u00cd \u00edslensku s\u00f6gunum kemur I\u00f0unn ekki fram sem d\u00fdrkunargy\u00f0ja, heldur einungis \u00ed go\u00f0sagnalegum \u00fat\u00fard\u00farum, einkum \u00ed \u00abSk\u00e1ldskaparm\u00e1lum\u00bb Snorra. Nafn hennar er nota\u00f0 \u00ed sk\u00e1ldskap sem kenning fyrir konur (\u00abgullhrings-I\u00f0unn\u00bb, \u00abmja\u00f0ar-I\u00f0unn\u00bb). \u00deetta sk\u00e1ldlega hlutverk skyggir \u00e1 d\u00fdrkunarummerkin og sk\u00fdrir a\u00f0 hluta til hvers vegna I\u00f0unn er s\u00fdnilegri \u00ed b\u00f3kmenntahef\u00f0inni en \u00ed tr\u00faarlegri i\u00f0kun.<\/p>\t\t\t\t\t\t\t\t<\/div>\n\t\t\t\t<\/div>\n\t\t<div class=\"elementor-element elementor-element-d38dc48 e-con-full e-flex e-con e-child\" data-id=\"d38dc48\" data-element_type=\"container\" data-e-type=\"container\">\n\t\t\t\t<div class=\"elementor-element elementor-element-551ed1e elementor-widget elementor-widget-heading\" data-id=\"551ed1e\" data-element_type=\"widget\" data-e-type=\"widget\" data-widget_type=\"heading.default\">\n\t\t\t\t\t<h2 class=\"elementor-heading-title elementor-size-default\">Mikilv\u00e6gar go\u00f0sagnir<\/h2>\t\t\t\t<\/div>\n\t\t\t\t<div class=\"elementor-element elementor-element-7ed663a elementor-widget elementor-widget-text-editor\" data-id=\"7ed663a\" data-element_type=\"widget\" data-e-type=\"widget\" data-widget_type=\"text-editor.default\">\n\t\t\t\t\t\t\t\t\t<p>Meginfr\u00e1s\u00f6gnin er brottn\u00e1m Idunnar af \u00dejaza. Snorri segir fr\u00e1 \u00ed \u00abSk\u00e1ldskaparm\u00e1lum\u00bb 1: \u00d3\u00f0inn, H\u00e6nir og Loki fer\u00f0ast yfir fj\u00f6ll og ey\u00f0imerkur. \u00deeir vilja steikja naut, en kj\u00f6ti\u00f0 vill ekki so\u00f0na.<\/p><p>\u00d6rn sem sest \u00ed eik fyrir ofan \u00fe\u00e1 kemur \u00ed lj\u00f3s vera j\u00f6tunninn \u00dejazi \u00ed fugla\u00adl\u00edki. Hann heimtar sinn hlut. Loki sl\u00e6r til hans, en \u00f6rninn ber Loka burt \u00e1 staf. Loki ver\u00f0ur a\u00f0 lofa a\u00f0 flytja honum Idunni og epli hennar.<\/p><p>Aftur komin til \u00c1sgar\u00f0s lokkar Loki Idunni \u00fat \u00far \u00c1sgar\u00f0i me\u00f0 \u00fev\u00ed a\u00f0 segja henni fr\u00e1 d\u00fdrlegri eplum \u00ed sk\u00f3ginum. \u00dejazi hremmir hana og fer me\u00f0 hana til \u00derymheims. \u00c6sirnir eldast. \u00deeir \u00fevinga Loka til a\u00f0 n\u00e1 Idunni aftur.<\/p><p>Loki f\u00e6r l\u00e1na\u00f0an valsham Freyju, fl\u00fdgur til \u00derymheims, breytir Idunni \u00ed hnetu og flytur hana til baka. \u00dejazi fylgir \u00e1 eftir \u00ed arnarl\u00edki, en \u00e6sirnir kveikja eld vi\u00f0 m\u00fara \u00c1sgar\u00f0s sem brennir fja\u00f0rir \u00dejaza. Hann hrapar og er veginn. Ska\u00f0i, d\u00f3ttir hans, kemur til \u00c1sgar\u00f0s til a\u00f0 krefjast s\u00e6mdar.<\/p>\n<p>\u00deessi <span class=\"iwg-fachbegriff\" data-tooltip=\"Munnm\u00e6lt fr\u00e1s\u00f6gn um gu\u00f0i, uppruna og skipulag heimsins.\" tabindex=\"0\">go\u00f0s\u00f6gn<\/span> er \u00feegar sta\u00f0fest \u00ed fullb\u00fainni mynd \u00ed \u00abHaustl\u00f6ng\u00bb \u00dej\u00f3\u00f0\u00f3lfs (um 900), sem tryggir mikinn aldur hennar. \u00deetta er ein af f\u00e1um go\u00f0sagna\u00fe\u00e1ttum sem eru var\u00f0veittir n\u00e6rri \u00f3skertir \u00ed sk\u00e1ldskaparformi fr\u00e1 fyrir \u00e1ri\u00f0 1000. Byggingin (missir, leit, endurheimt, tort\u00edming andst\u00e6\u00f0ingsins) fylgir fornu fr\u00e1sagnarmynstri sem finnst einnig \u00ed \u00f6\u00f0rum ind\u00f3evr\u00f3pskum hef\u00f0um.<\/p>\n<p>\u00d6nnur <span class=\"iwg-fachbegriff\" data-tooltip=\"Munnm\u00e6lt fr\u00e1s\u00f6gn um gu\u00f0i, uppruna og skipulag heimsins.\" tabindex=\"0\">go\u00f0s\u00f6gn<\/span> er \u00feegar Idunn kemur fram \u00ed \u00abLokasennu\u00bb 17-18. \u00dear h\u00e6\u00f0ir Loki Idunni og kallar hana \u00abkarlf\u00edknustu allra kvenna\u00bb, \u00fev\u00ed h\u00fan hafi lagt eigin arma um mor\u00f0ingja br\u00f3\u00f0ur sins.<\/p><p>\u00deessi dularfulla v\u00edsbending kemur ekki fram \u00ed neinum \u00f6\u00f0rum heimildatexta. Klaus von See t\u00falkar hana sem tapa\u00f0a e\u00f0a uppger\u00f0a <span class=\"iwg-fachbegriff\" data-tooltip=\"Munnm\u00e6lt fr\u00e1s\u00f6gn um gu\u00f0i, uppruna og skipulag heimsins.\" tabindex=\"0\">go\u00f0s\u00f6gn<\/span> sem tengir br\u00f3\u00f0ur Idunnar vi\u00f0 \u00f3nefndan atbur\u00f0. Sta\u00f0urinn er \u00e1fram r\u00e1\u00f0g\u00e1ta.<\/p>\n<p>\u00deri\u00f0ju fr\u00e1s\u00f6gnina var\u00f0veitir eddukv\u00e6\u00f0i\u00f0 \u00abHrafnagaldur \u00d3\u00f0ins\u00bb (\u00abRafnagaldur \u00d3\u00f0ins\u00bb), en \u00e1rei\u00f0anleiki \u00feess er umdeildur. \u00dear dreymir Idunni \u00f3gnvekjandi drauma um endalok og h\u00fan fellur \u00far Yggdrasil.<\/p><p>Annette Lassen hefur \u00ed \u00fatg\u00e1fu sinni (2011) s\u00fdnt a\u00f0 kv\u00e6\u00f0i\u00f0 er l\u00edklega fr\u00e1 16. e\u00f0a 17. \u00f6ld og heyrir ekki til hinnar klass\u00edsku eddul\u00f6gu. \u00der\u00e1tt fyrir \u00fea\u00f0 veitir \u00fea\u00f0 inns\u00fdn \u00ed s\u00ed\u00f0ari m\u00f3tt\u00f6ku Idunnar-s\u00f6gunnar.<\/p>\n\n<p>Brottn\u00e1m Idunnar er klass\u00edskt d\u00e6mi um go\u00f0sagnamynstri\u00f0 um missi og endurheimt l\u00edfsfyllingar. Gu\u00f0ir og \u00e6sir eru \u00e1n gy\u00f0junnar og eplanna hennar berskjalda\u00f0ir fyrir elli.<\/p><p>\u00deessi go\u00f0sagnalega sta\u00f0a \u00e1 s\u00e9r margar hli\u00f0st\u00e6\u00f0ur \u00ed ind\u00f3evr\u00f3pskum og \u00f6\u00f0rum hef\u00f0um utan Evr\u00f3pu: Afturhvarf Demeters eftir r\u00e1n Persef\u00f3nu, s\u00f3lmyrkvi sem aflei\u00f0ing s\u00f3larr\u00e1ns \u00ed fj\u00f6lm\u00f6rgum \u00fej\u00f3\u00f0s\u00f6gum, ni\u00f0urfer\u00f0 Inn\u00f6nnu til undirheima \u00ed s\u00famerskri <span class=\"iwg-fachbegriff\" data-tooltip=\"Munnm\u00e6lt fr\u00e1s\u00f6gn um gu\u00f0i, uppruna og skipulag heimsins.\" tabindex=\"0\">go\u00f0s\u00f6gn<\/span>. \u00deessi byggingarlega samfella fr\u00e1sagnarmynstursins var fyrst kerfisbundin af Vladimir Propp \u00ed \u00abMorphologie des M\u00e4rchens\u00bb (1928) og s\u00ed\u00f0ar alh\u00e6f\u00f0 af go\u00f0afr\u00e6\u00f0ingum eins og Joseph Campbell.<\/p>\n<p>\u00deessi <span class=\"iwg-fachbegriff\" data-tooltip=\"Munnm\u00e6lt fr\u00e1s\u00f6gn um gu\u00f0i, uppruna og skipulag heimsins.\" tabindex=\"0\">go\u00f0s\u00f6gn<\/span> inniheldur einnig \u00fe\u00e1tt si\u00f0fer\u00f0islegrar gagnr\u00fdni: Loki er valdur a\u00f0 vandanum, en \u00e6sirnir \u00fevinga hann me\u00f0 \u00fer\u00fdstingi til a\u00f0 n\u00e1 Idunni aftur. Kl\u00e6kurinn sem Idunn var lokku\u00f0 me\u00f0 (d\u00fdrlegri epli \u00ed sk\u00f3gi \u00e1 \u00f6\u00f0rum sta\u00f0) er \u00f3giltur me\u00f0 \u00f6\u00f0rum k\u00e6k (breytingu \u00ed hnetu).<\/p><p><span data-nosnippet>\u00deessi tv\u00f6f\u00f6ldun kl\u00e6kjabrag\u00f0sins er d\u00e6migert brag\u00f0arefsmynstur. Lewis Hyde vann \u00far \u00ed \u00abTrickster Makes This World\u00bb (1998) tv\u00ed\u00fe\u00e6tta hlutverk brag\u00f0arefsins sem b\u00e6\u00f0i truflanda og lausnara, og Loki er eitt sk\u00fdrasta d\u00e6mi\u00f0 um sl\u00edka pers\u00f3nu.<\/span><\/p>\t\t\t\t\t\t\t\t<\/div>\n\t\t\t\t<\/div>\n\t\t<div class=\"elementor-element elementor-element-a79cc57 e-con-full e-flex e-con e-child\" data-id=\"a79cc57\" data-element_type=\"container\" data-e-type=\"container\">\n\t\t\t\t<div class=\"elementor-element elementor-element-e697348 elementor-widget elementor-widget-heading\" data-id=\"e697348\" data-element_type=\"widget\" data-e-type=\"widget\" data-widget_type=\"heading.default\">\n\t\t\t\t\t<h2 class=\"elementor-heading-title elementor-size-default\">Tengsl innan go\u00f0aheimsins<\/h2>\t\t\t\t<\/div>\n\t\t\t\t<div class=\"elementor-element elementor-element-85d56ef elementor-widget elementor-widget-text-editor\" data-id=\"85d56ef\" data-element_type=\"widget\" data-e-type=\"widget\" data-widget_type=\"text-editor.default\">\n\t\t\t\t\t\t\t\t\t<p>I\u00f0unn er eiginkona Braga, gu\u00f0s sk\u00e1ldskaparins. Snorri nefnir \u00feetta samband \u00ed Gylfaginningu 26 og Sk\u00e1ldskaparm\u00e1lum 1. Bragi er s\u00ed\u00f0komin go\u00f0sagnavera, a\u00f0 \u00f6llum l\u00edkindum or\u00f0in til \u00fat fr\u00e1 sk\u00e1ldinu Braga Boddasyni \u00e1 9. \u00f6ld. Sambandi\u00f0 I\u00f0unn-Bragi er \u00fev\u00ed l\u00edklega b\u00f3kmenntaleg sm\u00ed\u00f0 fr\u00e1 s\u00ed\u00f0ari hluta v\u00edkingaaldar.<\/p>\n<p>Gagnvart Loka er sta\u00f0a I\u00f0unnar tv\u00edbent. Loki er verkf\u00e6ri\u00f0 b\u00e6\u00f0i \u00ed brottn\u00e1mi hennar og endurheimt. \u00deetta tv\u00edr\u00e6\u00f0a hlutverk Loka sem valdur og lausnari vandans er endurteki\u00f0 mynstur: svipa\u00f0 gerist vi\u00f0 m\u00farbyggingu \u00c1sgar\u00f0s, mistilteinsmor\u00f0i\u00f0 \u00e1 Baldri og \u00fej\u00f3fna\u00f0inn \u00e1 h\u00e1ri Sifjar. Loki veldur kreppum og leysir \u00fe\u00e6r.<\/p>\n<p>Gagnvart \u00f6\u00f0rum \u00c1sum kemur I\u00f0unn fram sem \u00f3missandi veitandi. \u00c1n epla hennar eldist allt <span class=\"iwg-fachbegriff\" data-tooltip=\"Heild gu\u00f0anna \u00ed tr\u00faarbr\u00f6g\u00f0um e\u00f0a menningu.\" tabindex=\"0\">go\u00f0aveldi\u00f0<\/span>. \u00deessi h\u00e1\u00f0leiki gu\u00f0anna af einni einstakri gy\u00f0ju er go\u00f0sagnafr\u00e6\u00f0ilega merkilegur og undirstrikar kosm\u00edska hlutverk I\u00f0unnar.<\/p><p><span data-nosnippet>Margaret Clunies Ross hefur \u00ed \u00abProlonged Echoes\u00bb (1994) t\u00falka\u00f0 \u00feennan h\u00e1\u00f0leika sem byggingar\u00fe\u00e1tt edd\u00edskra <span class=\"iwg-fachbegriff\" data-tooltip=\"Heild var\u00f0veittra go\u00f0sagnafr\u00e1sagna \u00ed menningu.\" tabindex=\"0\">go\u00f0afr\u00e6\u00f0a<\/span>: <span class=\"iwg-fachbegriff\" data-tooltip=\"Heild gu\u00f0anna \u00ed tr\u00faarbr\u00f6g\u00f0um e\u00f0a menningu.\" tabindex=\"0\">go\u00f0aveldi\u00f0<\/span> er ekki sj\u00e1lfbjargt, heldur h\u00e1\u00f0 me\u00f0alg\u00f6ngukonum eins og I\u00f0unni, Freyju og Frigg.<\/span><\/p>\t\t\t\t\t\t\t\t<\/div>\n\t\t\t\t<\/div>\n\t\t<div class=\"elementor-element elementor-element-4287af4 e-con-full e-flex e-con e-child\" data-id=\"4287af4\" data-element_type=\"container\" data-e-type=\"container\">\n\t\t\t\t<div class=\"elementor-element elementor-element-3a35e6f elementor-widget elementor-widget-heading\" data-id=\"3a35e6f\" data-element_type=\"widget\" data-e-type=\"widget\" data-widget_type=\"heading.default\">\n\t\t\t\t\t<h2 class=\"elementor-heading-title elementor-size-default\">M\u00f3ttaka og \u00e1hrif<\/h2>\t\t\t\t<\/div>\n\t\t\t\t<div class=\"elementor-element elementor-element-3e5c061 elementor-widget elementor-widget-text-editor\" data-id=\"3e5c061\" data-element_type=\"widget\" data-e-type=\"widget\" data-widget_type=\"text-editor.default\">\n\t\t\t\t\t\t\t\t\t<p>\u00cd mi\u00f0aldab\u00f3kmenntum \u00cdslendinga birtist I\u00f0unn fyrst og fremst \u00ed \u00abSk\u00e1ldskaparm\u00e1lum\u00bb. Sk\u00e1ldskaparkenningar eins og \u00ab\u00c1sa in e\u00f0la I\u00f0unn\u00bb (Braga-gy\u00f0ja) e\u00f0a \u00abforn Epla-I\u00f0unn\u00bb eru nota\u00f0ar sem kvennal\u00edkingar. \u00c1 13. og 14. \u00f6ld dr\u00f3 sm\u00e1m saman \u00far s\u00e9rt\u00e6ku go\u00f0sagnahlutverki hennar, en b\u00f3kmenntaleg vi\u00f0vera h\u00e9lst.<\/p>\n<p><span data-nosnippet>\u00c1 19. \u00f6ld var\u00f0 I\u00f0unn vins\u00e6l \u00ed norr\u00e6nni r\u00f3mant\u00edk. Adam Oehlenschl\u00e4ger fjalla\u00f0i um hana \u00ed m\u00f6rgum verkum, \u00fear \u00e1 me\u00f0al \u00abNordens Guder\u00bb (1819). \u00cd Sv\u00ed\u00fej\u00f3\u00f0 stofna\u00f0i h\u00f3pur \u00fej\u00f3\u00f0ernisr\u00f3mant\u00edskra rith\u00f6funda f\u00e9lagi\u00f0 I\u00f0unu \u00e1ri\u00f0 1816, sem helga\u00f0i sig var\u00f0veislu norr\u00e6nna <span class=\"iwg-fachbegriff\" data-tooltip=\"Heild var\u00f0veittra go\u00f0sagnafr\u00e1sagna \u00ed menningu.\" tabindex=\"0\">go\u00f0afr\u00e6\u00f0a<\/span>. T\u00edmarit \u00feeirra, \u00abIduna\u00bb, kom \u00fat til 1845. Esaias Tegn\u00e9r var me\u00f0al f\u00e9laganna.<\/span><\/p>\n<p><span data-nosnippet>\u00cd myndlist norr\u00e6nnar r\u00f3mant\u00edkur er I\u00f0unn einnig s\u00fdnd oft, me\u00f0al annars af s\u00e6nska m\u00e1laranum Nils Blomm\u00e9r (\u00abIdun\u00bb, 1850) og norska m\u00e1laranum Peter Nicolai Arbo. D\u00e6miger\u00f0 mynd s\u00fdnir I\u00f0unni me\u00f0 k\u00f6rfu s\u00edna fulla af gulleplum, oft umkringda \u00c1sunum sem seilast eftir \u00e1v\u00f6xtunum.<\/span><\/p>\n<p>\u00cd n\u00fat\u00edmavi\u00f0t\u00f6kum kemur I\u00f0unn fram \u00ed sk\u00e1lds\u00f6gum, teiknimyndas\u00f6gum og kvikmyndum, oftast sem aukapers\u00f3na. V\u00edsindalega mikilv\u00e6gust er sta\u00f0a epla-<span class=\"iwg-fachbegriff\" data-tooltip=\"Var\u00f0veitt fr\u00e1s\u00f6gn um gu\u00f0i, uppruna og skipan heimsins.\" tabindex=\"0\">go\u00f0sagnarins<\/span> \u00ed samanbur\u00f0ar<span class=\"iwg-fachbegriff\" data-tooltip=\"V\u00edsindagrein sem rannsakar tr\u00faarbr\u00f6g\u00f0 samanbur\u00f0arlega og \u00e1n tr\u00faarlegrar skuldbindingar.\" tabindex=\"0\">tr\u00faarbrag\u00f0afr\u00e6\u00f0um<\/span>, sem norr\u00e6nt afbrig\u00f0i af hinu almenna minni um \u00e1v\u00f6xt eil\u00edfs l\u00edfs.<\/p>\t\t\t\t\t\t\t\t<\/div>\n\t\t\t\t<\/div>\n\t\t<div class=\"elementor-element elementor-element-610b31a e-con-full e-flex e-con e-child\" data-id=\"610b31a\" data-element_type=\"container\" data-e-type=\"container\">\n\t\t\t\t<div class=\"elementor-element elementor-element-856d29b elementor-widget elementor-widget-heading\" data-id=\"856d29b\" data-element_type=\"widget\" data-e-type=\"widget\" data-widget_type=\"heading.default\">\n\t\t\t\t\t<h2 class=\"elementor-heading-title elementor-size-default\">Tr\u00faarfr\u00e6\u00f0ileg sta\u00f0setning<\/h2>\t\t\t\t<\/div>\n\t\t\t\t<div class=\"elementor-element elementor-element-08338bc elementor-widget elementor-widget-text-editor\" data-id=\"08338bc\" data-element_type=\"widget\" data-e-type=\"widget\" data-widget_type=\"text-editor.default\">\n\t\t\t\t\t\t\t\t\t<p><span data-nosnippet>I\u00f0unn heyrir til flokks vaxtargy\u00f0ja sem tryggja l\u00edfs\u00fer\u00f3tt go\u00f0aveldisins. Samanbur\u00f0ar<span class=\"iwg-fachbegriff\" data-tooltip=\"V\u00edsindagrein sem rannsakar tr\u00faarbr\u00f6g\u00f0 samanbur\u00f0arlega og \u00e1n tr\u00faarlegrar skuldbindingar.\" tabindex=\"0\">tr\u00faarbrag\u00f0afr\u00e6\u00f0i<\/span>, me\u00f0al annars fulltr\u00faa eins og Mircea Eliade \u00ed \u00abPatterns in Comparative Religion\u00bb (1958), skipar henni \u00ed h\u00f3p me\u00f0alg\u00f6ngukvenna sem veita \u00f3dau\u00f0leika.<\/span><\/p><p>Hli\u00f0st\u00e6\u00f0ur eru til vi\u00f0 Hebe \u00ed gr\u00edskum <span class=\"iwg-fachbegriff\" data-tooltip=\"Heild var\u00f0veittra go\u00f0sagnafr\u00e1sagna \u00ed menningu.\" tabindex=\"0\">go\u00f0afr\u00e6\u00f0um<\/span>, sem f\u00e6rir gu\u00f0unum nektar, og vi\u00f0 indverskar apsarasar, sem skenkja soma.<\/p>\n<p><span data-nosnippet>Georges Dum\u00e9zil hefur \u00ed \u00abLe festin d&#8217;immortalit\u00e9\u00bb (1924) lesi\u00f0 I\u00f0unni sem norr\u00e6nu systur hinnar ved\u00edsku gy\u00f0ju Sarasvati og gr\u00edsku Hebe, kenning sem n\u00fa er metin \u00e1 mun fj\u00f6lbreyttari h\u00e1tt. Eplin sem \u00f3dau\u00f0leikaf\u00e6\u00f0a eru fornt ind\u00f3evr\u00f3pskt <span class=\"iwg-fachbegriff\" data-tooltip=\"Endurteki\u00f0 efnisatri\u00f0i \u00ed list e\u00f0a fr\u00e1s\u00f6gn.\" tabindex=\"0\">minni<\/span>, en s\u00e9rt\u00e6k m\u00f3tun I\u00f0unnar sem gy\u00f0ju endurn\u00fdjunar er germ\u00f6nsk s\u00e9rkenni.<\/span><\/p>\n<p>\u00cd \u00fej\u00f3\u00f0fr\u00e6\u00f0i heyrir I\u00f0unn til h\u00f3ps \u00e6vint\u00fdralegra vera sem r\u00e1\u00f0a yfir l\u00edfsf\u00e6\u00f0u og endurn\u00fdjun. Grimmsbr\u00e6\u00f0ur v\u00edsu\u00f0u \u00edtreka\u00f0 \u00ed athugasemdum s\u00ednum vi\u00f0 \u00abKinder- und Hausm\u00e4rchen\u00bb til I\u00f0unnar-efnisins \u00ed tengslum vi\u00f0 \u00e6vint\u00fdri eins og \u00abL\u00edfsvatni\u00f0\u00bb (KHM 97) og \u00abGulleplin\u00bb (KHM 17). \u00deessi tengsl eru d\u00e6miger\u00f0, ekki bein arfleif\u00f0.<\/p>\n\n<p><span data-nosnippet>S\u00fa d\u00e6miger\u00f0a skipan I\u00f0unnar sem \u00f3dau\u00f0leiksveitandi gy\u00f0ju tengir hana vi\u00f0 indverskar apsarasar, gr\u00edska Hebe, keltnesku Tlachtga og a\u00f0rar kvenlegar birtingarmyndir eil\u00edfs l\u00edfsf\u00e6\u00f0is. \u00deessa d\u00e6miger\u00f0u r\u00f6\u00f0 setti Georges Dum\u00e9zil fyrst fram \u00e1 kerfisbundinn h\u00e1tt \u00ed \u00abLe festin d&#8217;immortalit\u00e9\u00bb (1924).<\/span><\/p><p>Ranns\u00f3knir s\u00ed\u00f0ustu \u00e1ratuga, s\u00e9rstaklega af h\u00e1lfu Edgars Polom\u00e9 og Jens Peter Schj\u00f8dt, hafa f\u00ednp\u00fassa\u00f0 \u00feennan lista me\u00f0 n\u00e1kv\u00e6mri gagnr\u00fdni: ekki eru allar gy\u00f0jur sem kalla\u00f0ar eru \u00f3dau\u00f0leiksveitandi starfr\u00e6nt s\u00f6mu, en grunnmynstri\u00f0 um kvenlega me\u00f0alg\u00f6ngu gu\u00f0legs l\u00edfs\u00fer\u00f3ttar er \u00fe\u00f3 \u00e1fram s\u00fdnilegt.<\/p>\n<p>\u00cd norr\u00e6nni tr\u00faars\u00f6gu er I\u00f0unn eitt af f\u00e1um d\u00e6mum um gy\u00f0ju sem einkennist ekki fyrst og fremst af kynfer\u00f0islegum tengslum e\u00f0a m\u00f3\u00f0urhlutverki, heldur af hagr\u00e6nni-\u00fej\u00f3nandi hlutverki. H\u00fan hefur engar \u00e1stars\u00f6gur \u00ed heimildum, engin fr\u00e6g b\u00f6rn, engan p\u00f3lit\u00edskan hlut.<\/p><p>Mikilv\u00e6gi hennar liggur \u00ed \u00fev\u00ed a\u00f0 tryggja kynsl\u00f3\u00f0 gu\u00f0anna me\u00f0 eplunum. \u00deessi s\u00e9rstaka afm\u00f6rkun gerir hana a\u00f0 mikilv\u00e6gu m\u00f3tv\u00e6gi gegn \u00feeirri hugmynd a\u00f0 kvenkyns go\u00f0averur \u00ed norr\u00e6num <span class=\"iwg-fachbegriff\" data-tooltip=\"Heild var\u00f0veittra go\u00f0sagnafr\u00e1sagna \u00ed menningu.\" tabindex=\"0\">go\u00f0afr\u00e6\u00f0um<\/span> s\u00e9u almennt bundnar vi\u00f0 kynfer\u00f0islegar-frj\u00f3semistengdar hlutverk.<\/p>\t\t\t\t\t\t\t\t<\/div>\n\t\t\t\t<\/div>\n\t\t<div class=\"elementor-element elementor-element-70ed715 e-con-full e-flex e-con e-child\" data-id=\"70ed715\" data-element_type=\"container\" data-e-type=\"container\">\n\t\t\t\t<div class=\"elementor-element elementor-element-08a9c6f elementor-widget elementor-widget-heading\" data-id=\"08a9c6f\" data-element_type=\"widget\" data-e-type=\"widget\" data-widget_type=\"heading.default\">\n\t\t\t\t\t<h2 class=\"elementor-heading-title elementor-size-default\">Heimildir og frekari lesning<\/h2>\t\t\t\t<\/div>\n\t\t\t\t<div class=\"elementor-element elementor-element-39fd60c elementor-widget elementor-widget-text-editor\" data-id=\"39fd60c\" data-element_type=\"widget\" data-e-type=\"widget\" data-widget_type=\"text-editor.default\">\n\t\t\t\t\t\t\t\t\t<footer class=\"iwg-literatur\"><p><span data-nosnippet>Frumheimildir: \u00abProsa-Edda\u00bb (Snorri Sturluson, Gylfaginning 26 og Skaldskaparmal 1), \u00abLokasenna\u00bb og \u00abHrafnagaldr Odins\u00bb (Lj\u00f3\u00f0a-Edda), \u00abHaustlong\u00bb (\u00dej\u00f3\u00f0\u00f3lfur \u00far Hvini, um 900). Sk\u00e1ldskapartextar hj\u00e1 Finnur Jonsson \u00abDen norsk-islandske Skjaldedigtning\u00bb (1912-15), \u00fatg\u00e1fa af \u00abHaustlong\u00bb hj\u00e1 Richard North \u00abThe Haustlong of Thjodolfr of Hvinir\u00bb (1997).<\/span><\/p>\n<p>Fr\u00e6\u00f0irit:<\/p><ul><li><span data-nosnippet>Jan de Vries \u00abAltgermanische Religionsgeschichte\u00bb (1956\/57).<\/span><\/li><li><span data-nosnippet>Georges Dumezil \u00abLe festin d&#8217;immortalite\u00bb (1924).<\/span><\/li><li><span data-nosnippet>Margaret Clunies Ross \u00abProlonged Ech\u00f6s\u00bb (1994\/98).<\/span><\/li><li><span data-nosnippet>Annette Lassen \u00abHrafnagaldur Odins\u00bb (2011).<\/span><\/li><li>John Lindow \u00abNorse Mythology\u00bb (2001).<\/li><li><span data-nosnippet>R\u00e9gis Boyer \u00abLa religion des anciens Scandinaves\u00bb (1981).<\/span><\/li><li><span data-nosnippet>Klaus von See et al. \u00abKommentar zu den Liedern der Edda\u00bb (1997 ff.).<\/span><\/li><\/ul>\n<p class=\"iwg-bib-more\"><span data-nosnippet>Fleiri undirst\u00f6\u00f0urit \u00ed <a href=\"https:\/\/iwell-guard.com\/is\/heimildaskra\/\">heimildaskr\u00e1nni<\/a>.<\/span><\/p><\/footer>\t\t\t\t\t\t\t\t<\/div>\n\t\t\t\t<\/div>\n\t\t\t\t\t<\/div>\n\t\t\t\t<\/div>\n\t\t\t\t<\/div>\n\t\t","protected":false},"excerpt":{"rendered":"","protected":false},"author":3,"featured_media":3221,"parent":0,"menu_order":0,"comment_status":"closed","ping_status":"closed","template":"elementor_header_footer","meta":{"_yoast_wpseo_focuskw":"Idun","_yoast_wpseo_title":"Idun \u2013 gy\u00f0ja gullnu eplanna og \u00e6skunnar | iWell Guard","_yoast_wpseo_metadesc":"Idun er germ\u00f6nsk-norr\u00e6n gy\u00f0ja \u00e6skunnar, g\u00e6slukona gullnu eplanna sem veita \u00e1sunum eil\u00edfa \u00e6sku. Go\u00f0saga, brottn\u00e1m af \u00dejaza.","_yoast_wpseo_meta-robots-noindex":"","_yoast_wpseo_canonical":"","_angie_page":false,"gefaehrdungsstufe":"","wesen_kultur":"","wesen_klasse":"","footnotes":""},"categories":[],"class_list":["post-169061","page","type-page","status-publish","has-post-thumbnail","hentry"],"yoast_head":"<!-- This site is optimized with the Yoast SEO Premium plugin v27.7 (Yoast SEO v28.3) - https:\/\/yoast.com\/product\/yoast-seo-premium-wordpress\/ -->\n<title>Idun \u2013 gy\u00f0ja gullnu eplanna og \u00e6skunnar | iWell Guard<\/title>\n<meta name=\"description\" content=\"Idun er germ\u00f6nsk-norr\u00e6n gy\u00f0ja \u00e6skunnar, g\u00e6slukona gullnu eplanna sem veita \u00e1sunum eil\u00edfa \u00e6sku. Go\u00f0saga, brottn\u00e1m af \u00dejaza.\" \/>\n<meta name=\"robots\" content=\"index, follow, max-snippet:-1, max-image-preview:large, max-video-preview:-1\" \/>\n<link rel=\"canonical\" href=\"https:\/\/iwell-guard.com\/is\/idun\/\" \/>\n<meta property=\"og:locale\" content=\"is_IS\" \/>\n<meta property=\"og:type\" content=\"article\" \/>\n<meta property=\"og:title\" content=\"Idun\" \/>\n<meta property=\"og:description\" content=\"Idun er germ\u00f6nsk-norr\u00e6n gy\u00f0ja \u00e6skunnar, g\u00e6slukona gullnu eplanna sem veita \u00e1sunum eil\u00edfa \u00e6sku. Go\u00f0saga, brottn\u00e1m af \u00dejaza.\" \/>\n<meta property=\"og:url\" content=\"https:\/\/iwell-guard.com\/is\/idun\/\" \/>\n<meta property=\"og:site_name\" content=\"iWell Guard\" \/>\n<meta property=\"article:modified_time\" content=\"2026-09-05T14:31:16+00:00\" \/>\n<meta property=\"og:image\" content=\"https:\/\/iwell-guard.com\/wp-content\/uploads\/2026\/05\/goetter_germanisch_idun.webp\" \/>\n\t<meta property=\"og:image:width\" content=\"1024\" \/>\n\t<meta property=\"og:image:height\" content=\"1536\" \/>\n\t<meta property=\"og:image:type\" content=\"image\/webp\" \/>\n<meta name=\"twitter:card\" content=\"summary_large_image\" \/>\n<script type=\"application\/ld+json\" class=\"yoast-schema-graph\">{\"@context\":\"https:\\\/\\\/schema.org\",\"@graph\":[{\"@type\":\"WebPage\",\"@id\":\"https:\\\/\\\/iwell-guard.com\\\/is\\\/idun\\\/\",\"url\":\"https:\\\/\\\/iwell-guard.com\\\/is\\\/idun\\\/\",\"name\":\"Idun \u2013 gy\u00f0ja gullnu eplanna og \u00e6skunnar | iWell Guard\",\"isPartOf\":{\"@id\":\"https:\\\/\\\/iwell-guard.com\\\/is\\\/#website\"},\"primaryImageOfPage\":{\"@id\":\"https:\\\/\\\/iwell-guard.com\\\/is\\\/idun\\\/#primaryimage\"},\"image\":{\"@id\":\"https:\\\/\\\/iwell-guard.com\\\/is\\\/idun\\\/#primaryimage\"},\"thumbnailUrl\":\"https:\\\/\\\/iwell-guard.com\\\/wp-content\\\/uploads\\\/2026\\\/05\\\/goetter_germanisch_idun.webp\",\"datePublished\":\"2026-09-05T14:05:14+00:00\",\"dateModified\":\"2026-09-05T14:31:16+00:00\",\"description\":\"Idun er germ\u00f6nsk-norr\u00e6n gy\u00f0ja \u00e6skunnar, g\u00e6slukona gullnu eplanna sem veita \u00e1sunum eil\u00edfa \u00e6sku. Go\u00f0saga, brottn\u00e1m af \u00dejaza.\",\"breadcrumb\":{\"@id\":\"https:\\\/\\\/iwell-guard.com\\\/is\\\/idun\\\/#breadcrumb\"},\"inLanguage\":\"is\",\"potentialAction\":[{\"@type\":\"ReadAction\",\"target\":[\"https:\\\/\\\/iwell-guard.com\\\/is\\\/idun\\\/\"]}]},{\"@type\":\"ImageObject\",\"inLanguage\":\"is\",\"@id\":\"https:\\\/\\\/iwell-guard.com\\\/is\\\/idun\\\/#primaryimage\",\"url\":\"https:\\\/\\\/iwell-guard.com\\\/wp-content\\\/uploads\\\/2026\\\/05\\\/goetter_germanisch_idun.webp\",\"contentUrl\":\"https:\\\/\\\/iwell-guard.com\\\/wp-content\\\/uploads\\\/2026\\\/05\\\/goetter_germanisch_idun.webp\",\"width\":1024,\"height\":1536,\"caption\":\"Gu\u00f0ir \u00far germanskri hef\u00f0.\"},{\"@type\":\"BreadcrumbList\",\"@id\":\"https:\\\/\\\/iwell-guard.com\\\/is\\\/idun\\\/#breadcrumb\",\"itemListElement\":[{\"@type\":\"ListItem\",\"position\":1,\"name\":\"Start\",\"item\":\"https:\\\/\\\/iwell-guard.com\\\/is\\\/?page_id=168580\"},{\"@type\":\"ListItem\",\"position\":2,\"name\":\"Idun\"}]},{\"@type\":\"WebSite\",\"@id\":\"https:\\\/\\\/iwell-guard.com\\\/is\\\/#website\",\"url\":\"https:\\\/\\\/iwell-guard.com\\\/is\\\/\",\"name\":\"iWell Guard\",\"description\":\"Schutz vor dunklen Einfl\u00fcssen\",\"publisher\":{\"@id\":\"https:\\\/\\\/iwell-guard.com\\\/is\\\/#organization\"},\"potentialAction\":[{\"@type\":\"SearchAction\",\"target\":{\"@type\":\"EntryPoint\",\"urlTemplate\":\"https:\\\/\\\/iwell-guard.com\\\/is\\\/?s={search_term_string}\"},\"query-input\":{\"@type\":\"PropertyValueSpecification\",\"valueRequired\":true,\"valueName\":\"search_term_string\"}}],\"inLanguage\":\"is\"},{\"@type\":\"Organization\",\"@id\":\"https:\\\/\\\/iwell-guard.com\\\/is\\\/#organization\",\"name\":\"Ittermann electronic GmbH\",\"url\":\"https:\\\/\\\/iwell-guard.com\\\/is\\\/\",\"logo\":{\"@type\":\"ImageObject\",\"inLanguage\":\"is\",\"@id\":\"https:\\\/\\\/iwell-guard.com\\\/is\\\/#\\\/schema\\\/logo\\\/image\\\/\",\"url\":\"https:\\\/\\\/iwell-guard.com\\\/wp-content\\\/uploads\\\/2026\\\/05\\\/Ittermann-Logo-1182x237-1.png\",\"contentUrl\":\"https:\\\/\\\/iwell-guard.com\\\/wp-content\\\/uploads\\\/2026\\\/05\\\/Ittermann-Logo-1182x237-1.png\",\"width\":1182,\"height\":237,\"caption\":\"Ittermann electronic GmbH\"},\"image\":{\"@id\":\"https:\\\/\\\/iwell-guard.com\\\/is\\\/#\\\/schema\\\/logo\\\/image\\\/\"},\"sameAs\":[\"https:\\\/\\\/pantip.com\\\/profile\\\/9367242\",\"https:\\\/\\\/micro.blog\\\/iwellguard\",\"https:\\\/\\\/www.diggerslist.com\\\/iwellguard\\\/about\",\"https:\\\/\\\/skitterphoto.com\\\/photographers\\\/2870314\\\/iwell-guard\",\"https:\\\/\\\/iwellguard.wordpress.com\\\/2026\\\/06\\\/06\\\/iwell-guard\\\/\",\"https:\\\/\\\/hub.docker.com\\\/u\\\/iwellguard\",\"https:\\\/\\\/www.pinterest.com\\\/iwellguard\\\/\",\"https:\\\/\\\/bit.ly\\\/m\\\/iwellguard\",\"https:\\\/\\\/entre-vos-mains.alsace.eu\\\/profiles\\\/iwellguard\\\/activity\",\"https:\\\/\\\/gravatar.com\\\/reallybeded8fd34\",\"https:\\\/\\\/naijamatta.com\\\/iwellguard\",\"https:\\\/\\\/www.goodreads.com\\\/iwellguard\",\"https:\\\/\\\/profile.hatena.ne.jp\\\/iwellguard\\\/\",\"https:\\\/\\\/experiment.com\\\/users\\\/iwellguard\",\"https:\\\/\\\/wakelet.com\\\/@iWellGuard82270\",\"https:\\\/\\\/www.chordie.com\\\/forum\\\/profile.php?id=2555664\",\"https:\\\/\\\/www.instapaper.com\\\/p\\\/17757966\",\"https:\\\/\\\/www.mapleprimes.com\\\/users\\\/iwellguard\",\"https:\\\/\\\/businesslistingplus.com\\\/profile\\\/iwell-guard\\\/\",\"https:\\\/\\\/telegra.ph\\\/iWell-Guard-06-06\",\"https:\\\/\\\/pbase.com\\\/iwellguard\\\/iwellguard\",\"https:\\\/\\\/b.hatena.ne.jp\\\/iwellguard\\\/20260607#bookmark-4788405196491818882\",\"https:\\\/\\\/fliphtml5.com\\\/home\\\/iwellguard\",\"https:\\\/\\\/anyflip.com\\\/homepage\\\/cmiwl#About\",\"https:\\\/\\\/transfur.com\\\/Users\\\/iwellguard\",\"http:\\\/\\\/delphi.larsbo.org\\\/user\\\/iwellguard\",\"https:\\\/\\\/jobs.lajobsportal.org\\\/profiles\\\/8380803-iwell-guard\",\"https:\\\/\\\/md.chaosdorf.de\\\/s\\\/jfbe5SBdJD\",\"https:\\\/\\\/www.lingvolive.com\\\/en-us\\\/profile\\\/9ecaeaca-ce11-4e51-9e71-01d55e2bff36\\\/translations\",\"https:\\\/\\\/www.fitday.com\\\/fitness\\\/forums\\\/members\\\/iwellguard.html\",\"https:\\\/\\\/www.mymeetbook.com\\\/iwellguard\",\"https:\\\/\\\/pxhere.com\\\/en\\\/photographer-me\\\/5040798\",\"https:\\\/\\\/disqus.com\\\/by\\\/iwellguard\\\/about\\\/\",\"https:\\\/\\\/pastelink.net\\\/hjwciqwq\",\"https:\\\/\\\/pubhtml5.com\\\/homepage\\\/scjhn\\\/\",\"https:\\\/\\\/www.bitchute.com\\\/channel\\\/2O2eOKzNqujT\",\"https:\\\/\\\/audiomack.com\\\/iwellguard\"]}]}<\/script>\n<!-- \/ Yoast SEO Premium plugin. -->","yoast_head_json":{"title":"Idun \u2013 gy\u00f0ja gullnu eplanna og \u00e6skunnar | iWell Guard","description":"Idun er germ\u00f6nsk-norr\u00e6n gy\u00f0ja \u00e6skunnar, g\u00e6slukona gullnu eplanna sem veita \u00e1sunum eil\u00edfa \u00e6sku. Go\u00f0saga, brottn\u00e1m af \u00dejaza.","robots":{"index":"index","follow":"follow","max-snippet":"max-snippet:-1","max-image-preview":"max-image-preview:large","max-video-preview":"max-video-preview:-1"},"canonical":"https:\/\/iwell-guard.com\/is\/idun\/","og_locale":"is_IS","og_type":"article","og_title":"Idun","og_description":"Idun er germ\u00f6nsk-norr\u00e6n gy\u00f0ja \u00e6skunnar, g\u00e6slukona gullnu eplanna sem veita \u00e1sunum eil\u00edfa \u00e6sku. Go\u00f0saga, brottn\u00e1m af \u00dejaza.","og_url":"https:\/\/iwell-guard.com\/is\/idun\/","og_site_name":"iWell Guard","article_modified_time":"2026-09-05T14:31:16+00:00","og_image":[{"width":1024,"height":1536,"url":"https:\/\/iwell-guard.com\/wp-content\/uploads\/2026\/05\/goetter_germanisch_idun.webp","type":"image\/webp"}],"twitter_card":"summary_large_image","schema":{"@context":"https:\/\/schema.org","@graph":[{"@type":"WebPage","@id":"https:\/\/iwell-guard.com\/is\/idun\/","url":"https:\/\/iwell-guard.com\/is\/idun\/","name":"Idun \u2013 gy\u00f0ja gullnu eplanna og \u00e6skunnar | iWell Guard","isPartOf":{"@id":"https:\/\/iwell-guard.com\/is\/#website"},"primaryImageOfPage":{"@id":"https:\/\/iwell-guard.com\/is\/idun\/#primaryimage"},"image":{"@id":"https:\/\/iwell-guard.com\/is\/idun\/#primaryimage"},"thumbnailUrl":"https:\/\/iwell-guard.com\/wp-content\/uploads\/2026\/05\/goetter_germanisch_idun.webp","datePublished":"2026-09-05T14:05:14+00:00","dateModified":"2026-09-05T14:31:16+00:00","description":"Idun er germ\u00f6nsk-norr\u00e6n gy\u00f0ja \u00e6skunnar, g\u00e6slukona gullnu eplanna sem veita \u00e1sunum eil\u00edfa \u00e6sku. Go\u00f0saga, brottn\u00e1m af \u00dejaza.","breadcrumb":{"@id":"https:\/\/iwell-guard.com\/is\/idun\/#breadcrumb"},"inLanguage":"is","potentialAction":[{"@type":"ReadAction","target":["https:\/\/iwell-guard.com\/is\/idun\/"]}]},{"@type":"ImageObject","inLanguage":"is","@id":"https:\/\/iwell-guard.com\/is\/idun\/#primaryimage","url":"https:\/\/iwell-guard.com\/wp-content\/uploads\/2026\/05\/goetter_germanisch_idun.webp","contentUrl":"https:\/\/iwell-guard.com\/wp-content\/uploads\/2026\/05\/goetter_germanisch_idun.webp","width":1024,"height":1536,"caption":"Gu\u00f0ir \u00far germanskri hef\u00f0."},{"@type":"BreadcrumbList","@id":"https:\/\/iwell-guard.com\/is\/idun\/#breadcrumb","itemListElement":[{"@type":"ListItem","position":1,"name":"Start","item":"https:\/\/iwell-guard.com\/is\/?page_id=168580"},{"@type":"ListItem","position":2,"name":"Idun"}]},{"@type":"WebSite","@id":"https:\/\/iwell-guard.com\/is\/#website","url":"https:\/\/iwell-guard.com\/is\/","name":"iWell Guard","description":"Schutz vor dunklen Einfl\u00fcssen","publisher":{"@id":"https:\/\/iwell-guard.com\/is\/#organization"},"potentialAction":[{"@type":"SearchAction","target":{"@type":"EntryPoint","urlTemplate":"https:\/\/iwell-guard.com\/is\/?s={search_term_string}"},"query-input":{"@type":"PropertyValueSpecification","valueRequired":true,"valueName":"search_term_string"}}],"inLanguage":"is"},{"@type":"Organization","@id":"https:\/\/iwell-guard.com\/is\/#organization","name":"Ittermann electronic GmbH","url":"https:\/\/iwell-guard.com\/is\/","logo":{"@type":"ImageObject","inLanguage":"is","@id":"https:\/\/iwell-guard.com\/is\/#\/schema\/logo\/image\/","url":"https:\/\/iwell-guard.com\/wp-content\/uploads\/2026\/05\/Ittermann-Logo-1182x237-1.png","contentUrl":"https:\/\/iwell-guard.com\/wp-content\/uploads\/2026\/05\/Ittermann-Logo-1182x237-1.png","width":1182,"height":237,"caption":"Ittermann electronic GmbH"},"image":{"@id":"https:\/\/iwell-guard.com\/is\/#\/schema\/logo\/image\/"},"sameAs":["https:\/\/pantip.com\/profile\/9367242","https:\/\/micro.blog\/iwellguard","https:\/\/www.diggerslist.com\/iwellguard\/about","https:\/\/skitterphoto.com\/photographers\/2870314\/iwell-guard","https:\/\/iwellguard.wordpress.com\/2026\/06\/06\/iwell-guard\/","https:\/\/hub.docker.com\/u\/iwellguard","https:\/\/www.pinterest.com\/iwellguard\/","https:\/\/bit.ly\/m\/iwellguard","https:\/\/entre-vos-mains.alsace.eu\/profiles\/iwellguard\/activity","https:\/\/gravatar.com\/reallybeded8fd34","https:\/\/naijamatta.com\/iwellguard","https:\/\/www.goodreads.com\/iwellguard","https:\/\/profile.hatena.ne.jp\/iwellguard\/","https:\/\/experiment.com\/users\/iwellguard","https:\/\/wakelet.com\/@iWellGuard82270","https:\/\/www.chordie.com\/forum\/profile.php?id=2555664","https:\/\/www.instapaper.com\/p\/17757966","https:\/\/www.mapleprimes.com\/users\/iwellguard","https:\/\/businesslistingplus.com\/profile\/iwell-guard\/","https:\/\/telegra.ph\/iWell-Guard-06-06","https:\/\/pbase.com\/iwellguard\/iwellguard","https:\/\/b.hatena.ne.jp\/iwellguard\/20260607#bookmark-4788405196491818882","https:\/\/fliphtml5.com\/home\/iwellguard","https:\/\/anyflip.com\/homepage\/cmiwl#About","https:\/\/transfur.com\/Users\/iwellguard","http:\/\/delphi.larsbo.org\/user\/iwellguard","https:\/\/jobs.lajobsportal.org\/profiles\/8380803-iwell-guard","https:\/\/md.chaosdorf.de\/s\/jfbe5SBdJD","https:\/\/www.lingvolive.com\/en-us\/profile\/9ecaeaca-ce11-4e51-9e71-01d55e2bff36\/translations","https:\/\/www.fitday.com\/fitness\/forums\/members\/iwellguard.html","https:\/\/www.mymeetbook.com\/iwellguard","https:\/\/pxhere.com\/en\/photographer-me\/5040798","https:\/\/disqus.com\/by\/iwellguard\/about\/","https:\/\/pastelink.net\/hjwciqwq","https:\/\/pubhtml5.com\/homepage\/scjhn\/","https:\/\/www.bitchute.com\/channel\/2O2eOKzNqujT","https:\/\/audiomack.com\/iwellguard"]}]}},"_links":{"self":[{"href":"https:\/\/iwell-guard.com\/is\/wp-json\/wp\/v2\/pages\/169061","targetHints":{"allow":["GET"]}}],"collection":[{"href":"https:\/\/iwell-guard.com\/is\/wp-json\/wp\/v2\/pages"}],"about":[{"href":"https:\/\/iwell-guard.com\/is\/wp-json\/wp\/v2\/types\/page"}],"author":[{"embeddable":true,"href":"https:\/\/iwell-guard.com\/is\/wp-json\/wp\/v2\/users\/3"}],"replies":[{"embeddable":true,"href":"https:\/\/iwell-guard.com\/is\/wp-json\/wp\/v2\/comments?post=169061"}],"version-history":[{"count":0,"href":"https:\/\/iwell-guard.com\/is\/wp-json\/wp\/v2\/pages\/169061\/revisions"}],"wp:featuredmedia":[{"embeddable":true,"href":"https:\/\/iwell-guard.com\/is\/wp-json\/wp\/v2\/media\/3221"}],"wp:attachment":[{"href":"https:\/\/iwell-guard.com\/is\/wp-json\/wp\/v2\/media?parent=169061"}],"wp:term":[{"taxonomy":"category","embeddable":true,"href":"https:\/\/iwell-guard.com\/is\/wp-json\/wp\/v2\/categories?post=169061"}],"curies":[{"name":"wp","href":"https:\/\/api.w.org\/{rel}","templated":true}]}}