{"id":169060,"date":"2026-09-05T14:05:14","date_gmt":"2026-09-05T14:05:14","guid":{"rendered":"https:\/\/iwell-guard.com\/?page_id=169060"},"modified":"2026-09-05T14:31:16","modified_gmt":"2026-09-05T14:31:16","slug":"baldur","status":"publish","type":"page","link":"https:\/\/iwell-guard.com\/is\/baldur\/","title":{"rendered":"Baldur"},"content":{"rendered":"\t\t<div data-elementor-type=\"wp-page\" data-elementor-id=\"169060\" class=\"elementor elementor-169060 elementor-3001 elementor-bc-flex-widget\" data-elementor-post-type=\"page\">\n\t\t\t\t<div class=\"elementor-element elementor-element-aceda2a e-flex e-con-boxed e-con e-parent\" data-id=\"aceda2a\" data-element_type=\"container\" data-e-type=\"container\" data-settings=\"{&quot;background_background&quot;:&quot;classic&quot;}\">\n\t\t\t\t\t<div class=\"e-con-inner\">\n\t\t<div class=\"elementor-element elementor-element-d9a5e77 e-flex e-con-boxed e-con e-child\" data-id=\"d9a5e77\" data-element_type=\"container\" data-e-type=\"container\">\n\t\t\t\t\t<div class=\"e-con-inner\">\n\t\t<div class=\"elementor-element elementor-element-6f33b93 e-con-full e-flex e-con e-child\" data-id=\"6f33b93\" data-element_type=\"container\" data-e-type=\"container\">\n\t\t\t\t<div class=\"elementor-element elementor-element-9d2b74a elementor-widget elementor-widget-heading\" data-id=\"9d2b74a\" data-element_type=\"widget\" data-e-type=\"widget\" data-widget_type=\"heading.default\">\n\t\t\t\t\t<h1 class=\"elementor-heading-title elementor-size-default\">Baldur, lj\u00f3sgu\u00f0 og sonur \u00d3\u00f0ins<\/h1>\t\t\t\t<\/div>\n\t\t\t\t<div class=\"elementor-element elementor-element-1120e02 elementor-widget elementor-widget-text-editor\" data-id=\"1120e02\" data-element_type=\"widget\" data-e-type=\"widget\" data-widget_type=\"text-editor.default\">\n\t\t\t\t\t\t\t\t\t<p>Baldur, \u00ed fornnorr\u00e6nni mynd Baldr, er lj\u00f3sgu\u00f0 germanskrar <span class=\"iwg-fachbegriff\" data-tooltip=\"Heild var\u00f0veittra go\u00f0sagna \u00ed tiltekinni menningu.\" tabindex=\"0\">go\u00f0afr\u00e6\u00f0i<\/span>, sonur \u00d3\u00f0ins og Friggjar.<\/p><p>Dau\u00f0i hans af v\u00f6ldum mistilteinsins, sem blindi H\u00f6\u00f0ur leiddi me\u00f0 tilstu\u00f0lan Loka, er me\u00f0al \u00e1hrifamestu fr\u00e1sagna norr\u00e6nnar <span class=\"iwg-fachbegriff\" data-tooltip=\"Mi\u00f0lun \u00feekkingar og fr\u00e1sagna milli kynsl\u00f3\u00f0a.\" tabindex=\"0\">arflei\u00f0ar<\/span>. Baldur er talinn <span class=\"iwg-fachbegriff\" data-tooltip=\"Sk\u00fdr mynd sem t\u00e1knar hugtak.\" tabindex=\"0\">t\u00e1kngervingur<\/span> fegur\u00f0ar, hreinleika og saklauss dau\u00f0a. \u00cd Ragnar\u00f6kum bo\u00f0ar dau\u00f0i hans upphaf heimsslita, en endurkoma hans eftir heimsbrunann t\u00e1knar von um n\u00fdjan, heila\u00f0an heim. Sem lj\u00f3sgu\u00f0 birtir hann hi\u00f0 hreina og sk\u00ednandi \u00ed germ\u00f6nsku go\u00f0heiminum.<\/p>\t\t\t\t\t\t\t\t<\/div>\n\t\t\t\t<\/div>\n\t\t<div class=\"elementor-element elementor-element-4611dfe e-con-full e-flex e-con e-parent\" data-id=\"4611dfe\" data-element_type=\"container\" data-e-type=\"container\">\n\t\t\t\t<div class=\"elementor-element elementor-element-cdc708a elementor-widget elementor-widget-html\" data-id=\"cdc708a\" data-element_type=\"widget\" data-e-type=\"widget\" data-widget_type=\"html.default\">\n\t\t\t\t\t<div class=\"iwg-pill-row\"><span class=\"iwg-klasse-badge\" tabindex=\"0\" data-tooltip=\"Gu\u00f0 \/ Gy\u00f0ja: Pers\u00f3nuger\u00f0 h\u00e1m\u00e1ttarvera \u00ed pantheoni menningar, me\u00f0 lj\u00f3st hlutverk \u2014 n\u00e1tt\u00faru\u00f6fl, \u00f6rl\u00f6g, str\u00ed\u00f0, frj\u00f3semi. D\u00fdrku\u00f0 me\u00f0 helgisi\u00f0um, f\u00f3rnum og musterisstofnunum.\">Gu\u00f0<\/span><a href=\"https:\/\/iwell-guard.com\/is\/germonsk\/\" class=\"iwg-kultur-badge\" tabindex=\"0\" data-tooltip=\"Fornkristinn gu\u00f0a- og andaheimur Nor\u00f0ur- og Mi\u00f0-Evr\u00f3pu.\">Germanskt<\/a><\/div>\t\t\t\t<\/div>\n\t\t\t\t<\/div>\n\t\t<div class=\"elementor-element elementor-element-cca5d83 e-con-full e-flex e-con e-child\" data-id=\"cca5d83\" data-element_type=\"container\" data-e-type=\"container\">\n\t\t\t\t<div class=\"elementor-element elementor-element-5cd35bd elementor-toc--minimized-on-tablet elementor-widget elementor-widget-table-of-contents\" data-id=\"5cd35bd\" data-element_type=\"widget\" data-e-type=\"widget\" data-settings=\"{&quot;exclude_headings_by_selector&quot;:[],&quot;no_headings_message&quot;:&quot;Engar undirfyrirsagnir fundust \\u00e1 \\u00feessari s\\u00ed\\u00f0u.&quot;,&quot;headings_by_tags&quot;:[&quot;h2&quot;,&quot;h3&quot;],&quot;marker_view&quot;:&quot;bullets&quot;,&quot;icon&quot;:{&quot;value&quot;:&quot;fas fa-circle&quot;,&quot;library&quot;:&quot;fa-solid&quot;,&quot;rendered_tag&quot;:&quot;&lt;svg class=\\&quot;e-font-icon-svg e-fas-circle\\&quot; viewBox=\\&quot;0 0 512 512\\&quot; xmlns=\\&quot;http:\\\/\\\/www.w3.org\\\/2000\\\/svg\\&quot;&gt;&lt;path d=\\&quot;M256 8C119 8 8 119 8 256s111 248 248 248 248-111 248-248S393 8 256 8z\\&quot;&gt;&lt;\\\/path&gt;&lt;\\\/svg&gt;&quot;},&quot;minimize_box&quot;:&quot;yes&quot;,&quot;minimized_on&quot;:&quot;tablet&quot;,&quot;hierarchical_view&quot;:&quot;yes&quot;,&quot;min_height&quot;:{&quot;unit&quot;:&quot;px&quot;,&quot;size&quot;:&quot;&quot;,&quot;sizes&quot;:[]},&quot;min_height_tablet&quot;:{&quot;unit&quot;:&quot;px&quot;,&quot;size&quot;:&quot;&quot;,&quot;sizes&quot;:[]},&quot;min_height_mobile&quot;:{&quot;unit&quot;:&quot;px&quot;,&quot;size&quot;:&quot;&quot;,&quot;sizes&quot;:[]}}\" data-widget_type=\"table-of-contents.default\">\n\t\t\t\t\t\t\t\t\t<div class=\"elementor-toc__header\">\n\t\t\t\t\t\t<h2 class=\"elementor-toc__header-title\">\n\t\t\t\tEfnisyfirlit\t\t\t<\/h2>\n\t\t\t\t\t\t\t\t\t\t<div class=\"elementor-toc__toggle-button elementor-toc__toggle-button--expand\" role=\"button\" tabindex=\"0\" aria-controls=\"elementor-toc__5cd35bd\" aria-expanded=\"true\" aria-label=\"Open table of contents\"><svg aria-hidden=\"true\" class=\"e-font-icon-svg e-fas-chevron-down\" viewBox=\"0 0 448 512\" xmlns=\"http:\/\/www.w3.org\/2000\/svg\"><path d=\"M207.029 381.476L12.686 187.132c-9.373-9.373-9.373-24.569 0-33.941l22.667-22.667c9.357-9.357 24.522-9.375 33.901-.04L224 284.505l154.745-154.021c9.379-9.335 24.544-9.317 33.901.04l22.667 22.667c9.373 9.373 9.373 24.569 0 33.941L240.971 381.476c-9.373 9.372-24.569 9.372-33.942 0z\"><\/path><\/svg><\/div>\n\t\t\t\t<div class=\"elementor-toc__toggle-button elementor-toc__toggle-button--collapse\" role=\"button\" tabindex=\"0\" aria-controls=\"elementor-toc__5cd35bd\" aria-expanded=\"true\" aria-label=\"Close table of contents\"><svg aria-hidden=\"true\" class=\"e-font-icon-svg e-fas-chevron-up\" viewBox=\"0 0 448 512\" xmlns=\"http:\/\/www.w3.org\/2000\/svg\"><path d=\"M240.971 130.524l194.343 194.343c9.373 9.373 9.373 24.569 0 33.941l-22.667 22.667c-9.357 9.357-24.522 9.375-33.901.04L224 227.495 69.255 381.516c-9.379 9.335-24.544 9.317-33.901-.04l-22.667-22.667c-9.373-9.373-9.373-24.569 0-33.941L207.03 130.525c9.372-9.373 24.568-9.373 33.941-.001z\"><\/path><\/svg><\/div>\n\t\t\t\t\t<\/div>\n\t\t\t\t<div id=\"elementor-toc__5cd35bd\" class=\"elementor-toc__body\">\n\t\t\t<div class=\"elementor-toc__spinner-container\">\n\t\t\t\t<svg class=\"elementor-toc__spinner eicon-animation-spin e-font-icon-svg e-eicon-loading\" aria-hidden=\"true\" viewBox=\"0 0 1000 1000\" xmlns=\"http:\/\/www.w3.org\/2000\/svg\"><path d=\"M500 975V858C696 858 858 696 858 500S696 142 500 142 142 304 142 500H25C25 237 238 25 500 25S975 237 975 500 763 975 500 975Z\"><\/path><\/svg>\t\t\t<\/div>\n\t\t<\/div>\n\t\t\t\t\t\t<\/div>\n\t\t\t\t<\/div>\n\t\t\t\t\t<\/div>\n\t\t\t\t<\/div>\n\t\t<div class=\"elementor-element elementor-element-8013b31 e-con-full e-flex e-con e-child\" data-id=\"8013b31\" data-element_type=\"container\" data-e-type=\"container\">\n\t\t\t\t<div class=\"elementor-element elementor-element-09c30a0 iwg-hero-image elementor-widget elementor-widget-image\" data-id=\"09c30a0\" data-element_type=\"widget\" data-e-type=\"widget\" data-widget_type=\"image.default\">\n\t\t\t\t\t\t\t\t\t\t\t\t\t\t\t<img fetchpriority=\"high\" decoding=\"async\" width=\"683\" height=\"1024\" src=\"https:\/\/iwell-guard.com\/wp-content\/uploads\/2026\/05\/goetter_germanisch_baldur-683x1024.webp\" class=\"attachment-large size-large wp-image-170736\" alt=\"Baldur - Gu\u00f0ir \u00far germanskri hef\u00f0, s\u00f6guleg sk\u00fdringarmynd\" srcset=\"https:\/\/iwell-guard.com\/wp-content\/uploads\/2026\/05\/goetter_germanisch_baldur-683x1024.webp 683w, https:\/\/iwell-guard.com\/wp-content\/uploads\/2026\/05\/goetter_germanisch_baldur-200x300.webp 200w, https:\/\/iwell-guard.com\/wp-content\/uploads\/2026\/05\/goetter_germanisch_baldur-768x1152.webp 768w, https:\/\/iwell-guard.com\/wp-content\/uploads\/2026\/05\/goetter_germanisch_baldur.webp 1024w\" sizes=\"(max-width: 683px) 100vw, 683px\" \/>\t\t\t\t\t\t\t\t\t\t\t\t\t\t\t<\/div>\n\t\t\t\t<\/div>\n\t\t\t\t\t<\/div>\n\t\t\t\t<\/div>\n\t\t<div class=\"elementor-element elementor-element-f0c459d e-con-boxed e-flex e-con e-parent\" data-id=\"f0c459d\" data-element_type=\"container\" data-e-type=\"container\">\n\t\t\t\t\t<div class=\"e-con-inner\">\n\t\t<div class=\"elementor-element elementor-element-72db403 e-con-full e-flex e-con e-child\" data-id=\"72db403\" data-element_type=\"container\" data-e-type=\"container\">\n\t\t\t\t<div class=\"elementor-element elementor-element-99f2d96 elementor-widget elementor-widget-heading\" data-id=\"99f2d96\" data-element_type=\"widget\" data-e-type=\"widget\" data-widget_type=\"heading.default\">\n\t\t\t\t\t<h2 class=\"elementor-heading-title elementor-size-default\">Go\u00f0s\u00f6gn og uppruni<\/h2>\t\t\t\t<\/div>\n\t\t\t\t<div class=\"elementor-element elementor-element-842ff73 elementor-widget elementor-widget-text-editor\" data-id=\"842ff73\" data-element_type=\"widget\" data-e-type=\"widget\" data-widget_type=\"text-editor.default\">\n\t\t\t\t\t\t\t\t\t<p>Snorri Sturluson kallar Baldur \u00ed \u00abSnorra-Eddu\u00bb (Gylfaginning 22) \u00abvitrastan \u00c1sanna, fegurstan og mildastan\u00bb. Hann s\u00e9 svo hv\u00edtur a\u00f0 sk\u00e6rasta jurtin s\u00e9 kennd vi\u00f0 hann: k\u00familla (fornnorr\u00e6na baldursbr\u00e1, \u00abaugnah\u00e1r Baldurs\u00bb).<\/p><p>B\u00fasta\u00f0ur hans er Brei\u00f0ablik, h\u00f6ll \u00fear sem engu \u00f3hreinu er leyft a\u00f0 \u00fer\u00edfast. Kona Baldurs er Nanna, sonur hans Forseti, gu\u00f0 d\u00f3mg\u00e6slu.<\/p>\n<p><span data-nosnippet>Fr\u00e6\u00f0imenn l\u00edta \u00e1 Baldur sem mi\u00f0l\u00e6ga pers\u00f3nu \u00ed edd\u00edskri <span class=\"iwg-fachbegriff\" data-tooltip=\"Heild var\u00f0veittra go\u00f0sagna \u00ed tiltekinni menningu.\" tabindex=\"0\">go\u00f0afr\u00e6\u00f0i<\/span>, en tr\u00faarlegur bakgrunnur hans er umdeildur. Sophus Bugge (1881-89) t\u00falka\u00f0i hann sem endurspeglun kristinnar Kristsmyndar, kenning sem n\u00fa er a\u00f0 mestu hafna\u00f0.<\/span><\/p><p><span data-nosnippet>Karl Helm (1946) t\u00falka\u00f0i hann sem \u00ferumugu\u00f0, Georges Dum\u00e9zil (1953) sem deyjandi og endurkomandi valdhafa af ind\u00f3evr\u00f3pskri ger\u00f0, m\u00f3tv\u00e6gi vi\u00f0 Mitra. Jan de Vries og Rudolf Simek hallast a\u00f0 lestri hans sem lj\u00f3sgu\u00f0s og f\u00f3rnarpers\u00f3nu, \u00fear sem dau\u00f0i hans bo\u00f0ar heimsumbylting.<\/span><\/p>\n<p>Saxo Grammaticus greinir \u00ed \u00abGesta Danorum\u00bb (3. b\u00f3k, um 1200) verulega fr\u00e1brug\u00f0na \u00fatg\u00e1fu. Baldur er h\u00e9r h\u00e1lfgu\u00f0, sonur \u00d3\u00f0ins, sem berst vi\u00f0 H\u00f6\u00f0 (Hotherus) um h\u00f6nd prinsessunnar N\u00f6nnu.<\/p><p>Baldur l\u00e6tur a\u00f0 lokum l\u00edfi\u00f0 fyrir t\u00f6frasver\u00f0i sem sk\u00f3garkona \u00e1tti. \u00deessi euhemer\u00edska \u00fatg\u00e1fa s\u00fdnir Baldur sem dau\u00f0legan hetju og flytur dau\u00f0ann yfir \u00ed riddaralega \u00e1t\u00f6k. Fr\u00e6\u00f0imenn sj\u00e1 \u00ed b\u00e1\u00f0um \u00fatg\u00e1funum, \u00feeirri edd\u00edsku og \u00feeirri saxnesku, endurspeglun eldri, forb\u00f3kmenntalegrar hef\u00f0ar.<\/p>\n\n<p>Euhemer\u00edska \u00fatg\u00e1fa Saxo Grammaticusar \u00ed \u00abGesta Danorum\u00bb (3. b\u00f3k) ver\u00f0skuldar s\u00e9rstaka athygli. Hj\u00e1 Saxo er Baldur dansk-norskur h\u00e1lfgu\u00f0, sonur \u00d3\u00f0ins, sem berst vi\u00f0 s\u00e6nska fursta Hotherus (H\u00f6\u00f0) um h\u00f6nd prinsessunnar N\u00f6nnu.<\/p><p>\u00c1t\u00f6kin dragast yfir margar orrustur, og Baldur er a\u00f0 lokum veginn me\u00f0 t\u00f6frasver\u00f0i sem Hotherus f\u00e9kk fr\u00e1 sk\u00f3garkonu. \u00deessi \u00fatg\u00e1fa er \u00ed grunninn fr\u00e1brug\u00f0in \u00feeirri edd\u00edsku: h\u00e9r er ekkert mistilteinsminni, ekkert saklaust <span class=\"iwg-fachbegriff\" data-tooltip=\"Gj\u00f6f til gu\u00f0s til a\u00f0 tj\u00e1 \u00fe\u00f6kk, b\u00f3n e\u00f0a lotningu.\" tabindex=\"0\">f\u00f3rn<\/span>, engin blindur br\u00f3\u00f0ir, heldur hef\u00f0bundin hetju\u00e1t\u00f6k um konu.<\/p>\n<p><span data-nosnippet>Fr\u00e6\u00f0imenn hafa allt fr\u00e1 \u00abStudien\u00bb Sophus Bugges (1881-89) r\u00e6tt tengsl \u00feessara tveggja \u00fatg\u00e1fa. Sumir fr\u00e6\u00f0imenn (Bugge, Olrik) s\u00e1u \u00ed \u00fatg\u00e1fu Saxo s\u00ed\u00f0b\u00fana afskr\u00e6mingu, sem dr\u00f3gi hi\u00f0 hei\u00f0na ni\u00f0ur \u00ed hetjus\u00f6gu.<\/span><\/p><p>A\u00f0rir (Dum\u00e9zil, von See) l\u00e1su hana sem hli\u00f0st\u00e6\u00f0a hef\u00f0, sem var\u00f0veitir eldri, minna helga\u00f0an Baldurs-<span class=\"iwg-fachbegriff\" data-tooltip=\"Var\u00f0veitt fr\u00e1s\u00f6gn um gu\u00f0i, uppruna og skipan heimsins.\" tabindex=\"0\">go\u00f0s\u00f6gn<\/span>. N\u00fat\u00edmafr\u00e6\u00f0i hallast a\u00f0 fj\u00f6llagalestri: b\u00e1\u00f0ar \u00fatg\u00e1fur endurspegla raunverulegar, en \u00f3l\u00edkar go\u00f0sagnahef\u00f0ir, \u00fear sem samband \u00feeirra var ekki l\u00ednulegt heldur samverkandi.<\/p>\t\t\t\t\t\t\t\t<\/div>\n\t\t\t\t<\/div>\n\t\t<div class=\"elementor-element elementor-element-55da0bd e-con-full e-flex e-con e-child\" data-id=\"55da0bd\" data-element_type=\"container\" data-e-type=\"container\">\n\t\t\t\t<div class=\"elementor-element elementor-element-93689d4 elementor-widget elementor-widget-heading\" data-id=\"93689d4\" data-element_type=\"widget\" data-e-type=\"widget\" data-widget_type=\"heading.default\">\n\t\t\t\t\t<h2 class=\"elementor-heading-title elementor-size-default\">T\u00e1kn og einkenni<\/h2>\t\t\t\t<\/div>\n\t\t\t\t<div class=\"elementor-element elementor-element-8c64625 elementor-widget elementor-widget-text-editor\" data-id=\"8c64625\" data-element_type=\"widget\" data-e-type=\"widget\" data-widget_type=\"text-editor.default\">\n\t\t\t\t\t\t\t\t\t<p>Mikilv\u00e6gasta einkenni Baldurs er sk\u00ednandi \u00fatlit hans. Snorri l\u00fdsir honum svo bj\u00f6rtum a\u00f0 af honum stafa geislar. Jurtin sem kennd er vi\u00f0 hann, baldursbr\u00e1 (Matricaria, k\u00familla), ber \u00feessa bj\u00f6rtu t\u00e1knmynd \u00e1fram \u00ed \u00fej\u00f3\u00f0tr\u00fanni. \u00cd Danm\u00f6rku og Sv\u00ed\u00fej\u00f3\u00f0 var jurtin notu\u00f0 allt fram \u00e1 19. \u00f6ld til varnar illum \u00f6ndum.<\/p>\n<p>H\u00f6ll hans Brei\u00f0ablik (\u00abbreitt sk\u00ednandi\u00bb) er nefnd \u00ed \u00abGr\u00edmnism\u00e1lum\u00bb 12: \u00abBrei\u00f0ablik heitir s\u00e1 sj\u00f6undi, \u00fear sem Baldur hefur s\u00e9r b\u00fasta\u00f0 vali\u00f0, \u00ed landi sem \u00e9g veit hreinast\u00bb.<\/p><p>Skip hans Hringhorni er tali\u00f0 st\u00e6rst allra skipa, og \u00e1 \u00fev\u00ed er Baldur brenndur eftir dau\u00f0a sinn. Hestur hans er nefndur \u00ed \u00abGr\u00edmnism\u00e1lum\u00bb 30, en nafn hans er ekki var\u00f0veitt.<\/p>\n<p>Mistilteinurinn, sem hann er veginn me\u00f0, er \u00feversagnarkennt gagn-einkenni hans. Mistilteinn (Viscum album) var talinn <span class=\"iwg-fachbegriff\" data-tooltip=\"T\u00edmabil gr\u00edsk-r\u00f3mverskrar menningar, um 800 f.Kr. til 600 e.Kr.\" tabindex=\"0\">heilagur<\/span> \u00ed <span class=\"iwg-fachbegriff\" data-tooltip=\"T\u00edmabil gr\u00edsk-r\u00f3mverskrar menningar, um 800 f.Kr. til 600 e.Kr.\" tabindex=\"0\">forn\u00f6ld<\/span> og er l\u00fdst \u00ed \u00abNaturalis Historia\u00bb Pliniusar (16. b\u00f3k, 95) sem skur\u00f0jurt keltneskra dr\u00fa\u00edda.<\/p><p><span data-nosnippet>\u00cd germ\u00f6nskri \u00fej\u00f3\u00f0tr\u00fa lifir mistilteinurinn \u00e1fram sem tv\u00edr\u00e6\u00f0 <span class=\"iwg-fachbegriff\" data-tooltip=\"T\u00e1kn sem stendur fyrir hugmynd e\u00f0a merkingu.\" tabindex=\"0\">t\u00e1kn<\/span>: b\u00e6\u00f0i verndandi og banv\u00e6n \u00ed senn. \u00deessa tv\u00edr\u00e6\u00f0ni ger\u00f0i James George Frazer a\u00f0 mi\u00f0l\u00e6gu <span class=\"iwg-fachbegriff\" data-tooltip=\"T\u00e1kn sem stendur fyrir hugmynd e\u00f0a merkingu.\" tabindex=\"0\">t\u00e1kni<\/span> \u00ed samanbur\u00f0ar<span class=\"iwg-fachbegriff\" data-tooltip=\"Heild var\u00f0veittra go\u00f0sagna \u00ed tiltekinni menningu.\" tabindex=\"0\">go\u00f0afr\u00e6\u00f0i<\/span> sinni \u00ed \u00abThe Golden Bough\u00bb (1890).<\/span><\/p>\t\t\t\t\t\t\t\t<\/div>\n\t\t\t\t<\/div>\n\t\t<div class=\"elementor-element elementor-element-80cb920 e-con-full e-flex e-con e-child\" data-id=\"80cb920\" data-element_type=\"container\" data-e-type=\"container\">\n\t\t\t\t<div class=\"elementor-element elementor-element-7bdec8e elementor-widget elementor-widget-heading\" data-id=\"7bdec8e\" data-element_type=\"widget\" data-e-type=\"widget\" data-widget_type=\"heading.default\">\n\t\t\t\t\t<h2 class=\"elementor-heading-title elementor-size-default\">D\u00fdrkun og tilbei\u00f0sla<\/h2>\t\t\t\t<\/div>\n\t\t\t\t<div class=\"elementor-element elementor-element-e85c1dd elementor-widget elementor-widget-text-editor\" data-id=\"e85c1dd\" data-element_type=\"widget\" data-e-type=\"widget\" data-widget_type=\"text-editor.default\">\n\t\t\t\t\t\t\t\t\t<p>Beinar k\u00faltbelaganir fyrir Baldur eru sjaldg\u00e6far. Adam fr\u00e1 Brimum nefnir hann ekki. \u00d6rnefni me\u00f0 Baldr-\u00fe\u00e6tti finnast fyrst og fremst \u00ed Noregi (Baldrshagi, \u201eBaldurshagi&#8220;) og eru f\u00e1 \u00ed samanbur\u00f0i vi\u00f0 \u00f6rnefni tengd \u00de\u00f3r e\u00f0a \u00d3\u00f0ni.<\/p><p>\u00deessi veika sl\u00f3\u00f0 hefur Folke Str\u00f6m t\u00falka\u00f0 sem v\u00edsbendingu um a\u00f0 Baldur s\u00e9 fyrst og fremst b\u00f3kmenntaleg pers\u00f3na \u00far s\u00ed\u00f0ari eddufasa, minna \u00fatbreidd d\u00fdrkunargo\u00f0.<\/p>\n<p>\u201eFri\u00f0landssagan&#8220; og a\u00f0rar \u00edslenskar heimildir nefna dau\u00f0a Baldurs \u00ed helgisagnalegu samhengi, en \u00e1n sk\u00fdrra d\u00e6ma um k\u00falt.<\/p><p>Fr\u00e1s\u00f6gn Snorra af \u00fatf\u00f6rinni \u00ed Gylfaginning 49 er \u00edtarlegasta l\u00fdsing \u00e1 gu\u00f0legri greftrun \u00ed Eddu: skipi\u00f0 er hla\u00f0i\u00f0 vi\u00f0i, j\u00f6tuninn Hyrrokkin sk\u00fdtur \u00fev\u00ed \u00e1 flot, \u00de\u00f3r v\u00edgir b\u00e1lk\u00f6stinn me\u00f0 hamrinum Mj\u00f6llni, og dvergur er kraminn \u00feegar hann kemur of n\u00e6rri \u00de\u00f3r.<\/p><p>\u00deessi mynd vir\u00f0ist vera go\u00f0sagnalegt fyrirmyndar fyrir s\u00f6gulegar skipsgrafir, me\u00f0al annars v\u00edkingaaldarfundina \u00ed Oseberg (834 e.Kr.) og Gokstad (s\u00ed\u00f0la \u00e1 9. \u00f6ld).<\/p>\n<p><span data-nosnippet>R\u00e9gis Boyer h\u00e9lt \u00fev\u00ed fram \u00ed \u201eLa religion des anciens Scandinaves&#8220; (1981) a\u00f0 <span class=\"iwg-fachbegriff\" data-tooltip=\"Var\u00f0veitt fr\u00e1s\u00f6gn um gu\u00f0i, uppruna og skipulag heimsins.\" tabindex=\"0\">go\u00f0s\u00f6gnin<\/span> um dau\u00f0a og endurkomu Baldurs endurspegla\u00f0i v\u00edgslu- e\u00f0a \u00e1rst\u00ed\u00f0arath\u00f6fn, hugsanlega tengda s\u00f3lst\u00f6\u00f0um. Beinar helgisagnalegar sannanir eru ekki til, en \u00f3beinar v\u00edsbendingar \u00ed \u00fej\u00f3\u00f0legum eldsath\u00f6fnum um mi\u00f0sumar eru vel sta\u00f0festar \u00e1 Nor\u00f0url\u00f6ndum.<\/span><\/p>\t\t\t\t\t\t\t\t<\/div>\n\t\t\t\t<\/div>\n\t\t<div class=\"elementor-element elementor-element-81d981c e-con-full e-flex e-con e-child\" data-id=\"81d981c\" data-element_type=\"container\" data-e-type=\"container\">\n\t\t\t\t<div class=\"elementor-element elementor-element-e4dde74 elementor-widget elementor-widget-heading\" data-id=\"e4dde74\" data-element_type=\"widget\" data-e-type=\"widget\" data-widget_type=\"heading.default\">\n\t\t\t\t\t<h2 class=\"elementor-heading-title elementor-size-default\">Mikilv\u00e6gar go\u00f0sagnir<\/h2>\t\t\t\t<\/div>\n\t\t\t\t<div class=\"elementor-element elementor-element-d04084a elementor-widget elementor-widget-text-editor\" data-id=\"d04084a\" data-element_type=\"widget\" data-e-type=\"widget\" data-widget_type=\"text-editor.default\">\n\t\t\t\t\t\t\t\t\t<p>Meginfr\u00e1s\u00f6gnin er dau\u00f0i Baldurs. Snorri l\u00fdsir \u00ed Gylfaginning 49: Baldur dreymir sinn eigin dau\u00f0a. Frigg, m\u00f3\u00f0ir hans, l\u00e6tur allar verur sverja ei\u00f0 um a\u00f0 ska\u00f0a hann ekki.<\/p><p>A\u00f0eins mistilteinurinn er undanskilinn, \u00fev\u00ed h\u00fan taldi hann of ungan. \u00c6sirnir skemmta s\u00e9r vi\u00f0 a\u00f0 kasta hlutum \u00e1 Baldur sem hitta hann ekki. Loki, \u00ed kvenmannsgervi, plata\u00f0i Frigg til a\u00f0 segja s\u00e9r leyndarm\u00e1li\u00f0.<\/p><p>Hann gerir \u00f6rvarodd \u00far mistilteini og gefur hinum blinda H\u00f6\u00f0i, st\u00fdrir hendi hans, og H\u00f6\u00f0ur hittir Baldur til dau\u00f0a. \u00c6sirnir eru or\u00f0lausir af sorg. Herm\u00f3\u00f0ur, br\u00f3\u00f0ir Baldurs, r\u00ed\u00f0ur \u00e1 Sleipni til Heljar til a\u00f0 fara fram \u00e1 endurkomu Baldurs.<\/p><p>Hel sam\u00feykkir, ef allar verur gr\u00e1ta Baldur. Allir gr\u00e1ta, nema g\u00f6mul j\u00f6tunn a\u00f0 nafni \u00de\u00f6kk, sem Loki er talinn hafa fali\u00f0 sig undir, sem neitar a\u00f0 gr\u00e1ta. Baldur er \u00e1fram \u00ed Helju allt fram a\u00f0 Ragnar\u00f6kum.<\/p>\n<p>\u201eV\u00f6lusp\u00e1&#8220; 31-33 segir <span class=\"iwg-fachbegriff\" data-tooltip=\"Var\u00f0veitt fr\u00e1s\u00f6gn um gu\u00f0i, uppruna og skipulag heimsins.\" tabindex=\"0\">go\u00f0s\u00f6gnina<\/span> stutt og \u00fe\u00e9tt. S\u00e9rstaklega eru v\u00edsurnar um \u00f6rl\u00f6g H\u00f6\u00f0ar og V\u00e1la, hefndarsonar \u00d3\u00f0ins sem drepur H\u00f6\u00f0, mikilv\u00e6gar. \u00deessi \u00e6ttartengsl s\u00fdna a\u00f0 dau\u00f0i Baldurs er ekki endir s\u00f6gunnar: hann veldur hefndarke\u00f0ju sem endar \u00ed Ragnar\u00f6kum.<\/p>\n<p>\u00deri\u00f0ja <span class=\"iwg-fachbegriff\" data-tooltip=\"Var\u00f0veitt fr\u00e1s\u00f6gn um gu\u00f0i, uppruna og skipulag heimsins.\" tabindex=\"0\">go\u00f0s\u00f6gnin<\/span> er endurkoma Baldurs eftir heimsbrunann. \u201eV\u00f6lusp\u00e1&#8220; 62 l\u00fdsir \u00fev\u00ed hvernig j\u00f6r\u00f0in r\u00eds \u00far sj\u00f3num, hvernig Baldur og H\u00f6\u00f0ur s\u00e6ttast, hvernig n\u00fdr heimur rennur upp. \u00deessi endurkoma Baldurs er eitt sterkasta minni\u00f0 \u00ed norr\u00e6nni heimsslitafr\u00e6\u00f0i og hefur haft mikil \u00e1hrif \u00e1 kristna m\u00f3tt\u00f6ku norr\u00e6nnar <span class=\"iwg-fachbegriff\" data-tooltip=\"Heild var\u00f0veittra go\u00f0afr\u00e1sagna innan menningar.\" tabindex=\"0\">go\u00f0afr\u00e6\u00f0i<\/span>.<\/p>\n\n<p>S\u00e9rlega \u00e1hrifamikill kafli er rei\u00f0 Herm\u00f3\u00f0s til Heljar til a\u00f0 frelsa Baldur. Snorri l\u00fdsir n\u00e1kv\u00e6mlega \u00ed Gylfaginning 49: Herm\u00f3\u00f0ur r\u00ed\u00f0ur n\u00edu n\u00e6tur um d\u00f6kka, dj\u00fapa dali, fer yfir gullbr\u00fana Gjallarbr\u00fa, en v\u00f6r\u00f0ur hennar, M\u00f3\u00f0gu\u00f0ur, spyr hann um erindi hans, og hann kemst a\u00f0 lokum til hallar Heljar.<\/p><p>\u00dear sat Baldur \u00ed h\u00e1s\u00e6tinu, og Hel lofar a\u00f0 sleppa honum, ef allar verur syrgi hann.<\/p><p>Herm\u00f3\u00f0ur sn\u00fdr til baka me\u00f0 \u00feessi skilabo\u00f0. \u00c6sirnir senda bo\u00f0bera til allra heima, og allar verur gr\u00e1ta, nema g\u00f6mul j\u00f6tunn a\u00f0 nafni \u00de\u00f6kk sem sat \u00ed helli. H\u00fan segir: \u201e\u00deurrum augum mun \u00de\u00f6kk gr\u00e1ta Baldurs b\u00e1l. Hva\u00f0 sem Hel hefur, l\u00e1ti h\u00fan halda!&#8220; Snorri bendir \u00e1 a\u00f0 margir telji a\u00f0 \u00feessi \u00de\u00f6kk hafi veri\u00f0 Loki.<\/p>\n<p>Fr\u00e6\u00f0imenn hafa lesi\u00f0 Herm\u00f3\u00f0ar-atri\u00f0i\u00f0 sem eina mikilv\u00e6gustu s\u00f6nnun \u00feess sjaman\u00edska baksvi\u00f0s sem einkennir norr\u00e6na <span class=\"iwg-fachbegriff\" data-tooltip=\"Heild var\u00f0veittra go\u00f0afr\u00e1sagna innan menningar.\" tabindex=\"0\">go\u00f0afr\u00e6\u00f0i<\/span>. Herm\u00f3\u00f0ur r\u00ed\u00f0ur \u00e1 hesti \u00d3\u00f0ins, Sleipni, hinum \u00e1ttf\u00e6tta sjamanahesti, um undirheimana, fer yfir \u00fer\u00f6skuld og kemst til heims hinna dau\u00f0u.<\/p><p>\u00deessi fer\u00f0aa\u00f0fer\u00f0 samsvarar d\u00e6migert sjamanaflugi, eins og \u00fea\u00f0 er sta\u00f0fest \u00ed m\u00f6rgum s\u00edber\u00edskum og mong\u00f3lskum hef\u00f0um. Mircea Eliade setti norr\u00e6na <span class=\"iwg-fachbegriff\" data-tooltip=\"Heild var\u00f0veittra go\u00f0afr\u00e1sagna innan menningar.\" tabindex=\"0\">go\u00f0afr\u00e6\u00f0i<\/span> \u00ed \u00feetta samhengi \u00ed \u201eLe chamanisme et les techniques archa\u00efques de l&#8217;<span lang=\"fr\">extase<\/span>&#8220; (1951).<\/p>\t\t\t\t\t\t\t\t<\/div>\n\t\t\t\t<\/div>\n\t\t<div class=\"elementor-element elementor-element-c36b63c e-con-full e-flex e-con e-child\" data-id=\"c36b63c\" data-element_type=\"container\" data-e-type=\"container\">\n\t\t\t\t<div class=\"elementor-element elementor-element-1ecc8fc elementor-widget elementor-widget-heading\" data-id=\"1ecc8fc\" data-element_type=\"widget\" data-e-type=\"widget\" data-widget_type=\"heading.default\">\n\t\t\t\t\t<h2 class=\"elementor-heading-title elementor-size-default\">Tengsl innan go\u00f0aheimsins<\/h2>\t\t\t\t<\/div>\n\t\t\t\t<div class=\"elementor-element elementor-element-36e5f1a elementor-widget elementor-widget-text-editor\" data-id=\"36e5f1a\" data-element_type=\"widget\" data-e-type=\"widget\" data-widget_type=\"text-editor.default\">\n\t\t\t\t\t\t\t\t\t<p>Baldur er sonur \u00d3\u00f0ins og Friggjar, fa\u00f0ir Forseta (gu\u00f0s d\u00f3msins), br\u00f3\u00f0ir H\u00f6\u00f0ar (hins blinda), og h\u00e1lfbr\u00f3\u00f0ir \u00de\u00f3rs, Herm\u00f3\u00f0s og margra annarra gu\u00f0asona \u00d3\u00f0ins.<\/p><p>Kona hans, Nanna, deyr af sorg \u00feegar Baldur er l\u00e1tinn, og er brennd me\u00f0 honum \u00e1 Hringhorna. Forseti, sonur \u00feeirra, tekur vi\u00f0 h\u00e1s\u00e6tinu Glitni, sal me\u00f0 silfur\u00feaki og gullnum s\u00falum.<\/p>\n<p>Samband Baldurs vi\u00f0 Loka er \u00feverst\u00e6\u00f0ukennt. Loki er oft tengdur Baldri og \u00c1sunum sem f\u00e9lagi, en ver\u00f0ur a\u00f0 t\u00e6ki dau\u00f0a hans.<\/p><p>\u201eLokasenna&#8220; 28 s\u00fdnir hvernig Loki gefur \u00ed skyn dau\u00f0a Baldurs \u00ed deilu vi\u00f0 Frigg. \u00deessi andst\u00e6\u00f0a ver\u00f0ur s\u00edfellt sterkari \u00ed s\u00ed\u00f0ari hef\u00f0 og n\u00e6r h\u00e1marki \u00ed mynd Loka sem ey\u00f0anda skipulagsins.<\/p>\n<p>\u00cd tengslum vi\u00f0 Hel, d\u00f3ttur Loka og drottningu undirheimanna, er Baldur s\u00e9rstakur gestur hennar. Herm\u00f3\u00f0ur \u00fearf a\u00f0 r\u00ed\u00f0a n\u00edu n\u00e6tur um d\u00f6kka dali til a\u00f0 komast til hallar Heljar. \u00dear tekur h\u00fan \u00e1 m\u00f3ti honum \u00ed h\u00e1s\u00e6tinu, me\u00f0 Baldur vi\u00f0 hli\u00f0 s\u00e9r. \u00deessi mynd er me\u00f0al \u00e1hrifamestu l\u00fdsinga \u00e1 undirheimum \u00ed Eddukv\u00e6\u00f0um.<\/p>\t\t\t\t\t\t\t\t<\/div>\n\t\t\t\t<\/div>\n\t\t<div class=\"elementor-element elementor-element-f5d4549 e-con-full e-flex e-con e-child\" data-id=\"f5d4549\" data-element_type=\"container\" data-e-type=\"container\">\n\t\t\t\t<div class=\"elementor-element elementor-element-1bcaaf8 elementor-widget elementor-widget-heading\" data-id=\"1bcaaf8\" data-element_type=\"widget\" data-e-type=\"widget\" data-widget_type=\"heading.default\">\n\t\t\t\t\t<h2 class=\"elementor-heading-title elementor-size-default\">M\u00f3ttaka og \u00e1hrif<\/h2>\t\t\t\t<\/div>\n\t\t\t\t<div class=\"elementor-element elementor-element-1ba3e6e elementor-widget elementor-widget-text-editor\" data-id=\"1ba3e6e\" data-element_type=\"widget\" data-e-type=\"widget\" data-widget_type=\"text-editor.default\">\n\t\t\t\t\t\t\t\t\t<p><span data-nosnippet>\u00cd kristinni mi\u00f0aldavi\u00f0t\u00f6ku var Baldur snemma lesinn sem fyrirmynd Krists. Sophus Bugge \u00fer\u00f3a\u00f0i \u00feessa kenningu \u00edtarlega \u00ed \u00abStudien \u00fcber die Entstehung der nordischen G\u00f6tter- und Heldensagen\u00bb (1881-89). \u00cd dag er Krists-kenningin talin \u00fdkt, en nokkur hli\u00f0st\u00e6\u00f0 atri\u00f0i (deyjandi og endurkomandi gu\u00f0, saklaust <span class=\"iwg-fachbegriff\" data-tooltip=\"Gj\u00f6f til gu\u00f0legrar veru til a\u00f0 tj\u00e1 \u00feakkl\u00e6ti, b\u00e6n e\u00f0a lotningu.\" tabindex=\"0\">f\u00f3rn<\/span>, kosm\u00edskar aflei\u00f0ingar) eru \u00fe\u00f3 vi\u00f0urkennd \u00ed fr\u00e6\u00f0ilegum samanbur\u00f0i.<\/span><\/p>\n<p><span data-nosnippet>Jacob Grimm helga\u00f0i Baldri s\u00e9rstakan kafla \u00ed \u00abDeutsche <span class=\"iwg-fachbegriff\" data-tooltip=\"Heildarsafn arfleiddra go\u00f0sagna innan tiltekinnar menningar.\" tabindex=\"0\">Mythologie<\/span>\u00bb (1835). Hann s\u00e1 \u00ed honum lj\u00f3sgu\u00f0inn \u00ed sinni t\u00e6rustu mynd. \u00c1 19. \u00f6ld var\u00f0 Baldur vins\u00e6ll \u00ed norr\u00e6nni r\u00f3mant\u00edk og m\u00e1laralist.<\/span><\/p><p><span data-nosnippet>Adam \u00d6hlenschl\u00e4gers \u00abBaldur hin gode\u00bb (1808) er leikin \u00farvinnsla efnisins. \u00cd \u00fej\u00f3\u00f0ernisr\u00f3mant\u00edskum b\u00f3kmenntum Sv\u00ed\u00fej\u00f3\u00f0ar og Noregs kemur Baldur einnig fram sem <span class=\"iwg-fachbegriff\" data-tooltip=\"Lj\u00f3st t\u00e1kn sem stendur fyrir \u00f3hlutbundna hugmynd.\" tabindex=\"0\">sinnbild<\/span> hreinleika og harmr\u00e6nnar fegur\u00f0ar.<\/span><\/p>\n<p>Richard Wagner t\u00f3k Baldur ekki inn \u00ed \u00abRing des Nibelungen\u00bb, a\u00f0 \u00f6llum l\u00edkindum vegna \u00feess a\u00f0 efni\u00f0 virtist minna hetjulegt og \u00e1takami\u00f0a\u00f0 en s\u00f6gur \u00d3\u00f0ins og Sigur\u00f0ar.<\/p><p><span data-nosnippet>\u00c1 20. \u00f6ld var\u00f0 Baldur mi\u00f0l\u00e6gur \u00ed samanbur\u00f0ar<span class=\"iwg-fachbegriff\" data-tooltip=\"Heildarsafn arfleiddra go\u00f0sagna innan tiltekinnar menningar.\" tabindex=\"0\">go\u00f0afr\u00e6\u00f0i<\/span>, ekki s\u00edst fyrir tilstu\u00f0lan James George Frazers \u00abThe Golden Bough\u00bb (12 bindi, 1890-1915), \u00fear sem mistilssagan var\u00f0 upphafspunktur v\u00ed\u00f0t\u00e6krar kenningar um deyjandi og upprisandi gu\u00f0i.<\/span><\/p>\t\t\t\t\t\t\t\t<\/div>\n\t\t\t\t<\/div>\n\t\t<div class=\"elementor-element elementor-element-bb2c714 e-con-full e-flex e-con e-child\" data-id=\"bb2c714\" data-element_type=\"container\" data-e-type=\"container\">\n\t\t\t\t<div class=\"elementor-element elementor-element-cbe191d elementor-widget elementor-widget-heading\" data-id=\"cbe191d\" data-element_type=\"widget\" data-e-type=\"widget\" data-widget_type=\"heading.default\">\n\t\t\t\t\t<h2 class=\"elementor-heading-title elementor-size-default\">Tr\u00faarfr\u00e6\u00f0ileg sta\u00f0setning<\/h2>\t\t\t\t<\/div>\n\t\t\t\t<div class=\"elementor-element elementor-element-4ae3e8b elementor-widget elementor-widget-text-editor\" data-id=\"4ae3e8b\" data-element_type=\"widget\" data-e-type=\"widget\" data-widget_type=\"text-editor.default\">\n\t\t\t\t\t\t\t\t\t<p>\u00cd samanbur\u00f0ar<span class=\"iwg-fachbegriff\" data-tooltip=\"Heildarsafn arfleiddra go\u00f0sagna innan tiltekinnar menningar.\" tabindex=\"0\">go\u00f0afr\u00e6\u00f0i<\/span> er Baldur felldur undir ger\u00f0ina \u201edeyjandi og endurkomandi gu\u00f0\u201c, vi\u00f0 hli\u00f0 Adonis, Tamm\u00fasar, Os\u00edris og Krists.<\/p><p><span data-nosnippet>\u00deessi flokkun var ger\u00f0 vins\u00e6l af Frazer og kerfisbundin af s\u00ed\u00f0ari fr\u00e6\u00f0im\u00f6nnum eins og Mircea Eliade (\u00abLe mythe de l&#8217;\u00e9ternel retour\u00bb, 1949). Gagnr\u00fdni kom fr\u00e1 Jonathan Z. Smith (\u00abDrudgery Divine\u00bb, 1990), sem gagnr\u00fdndi hina t\u00fdp\u00f3l\u00f3g\u00edsku j\u00f6fnun sem of alh\u00e6fa.<\/span><\/p>\n<p><span data-nosnippet>Georges Dum\u00e9zil reyndi \u00ed \u00abLoki\u00bb (1948) og \u00abMythe et \u00e9pop\u00e9e\u00bb (1968-73) a\u00f0 skipa Baldri inn \u00ed ind\u00f3evr\u00f3pska \u00fer\u00ed\u00fe\u00e6tta l\u00edkani\u00f0. Baldur v\u00e6ri hinn hreini, \u00f3skipti drottnari, sem dau\u00f0i hans hrindi af sta\u00f0 r\u00f6skun \u00e1 heimsskipulaginu.<\/span><\/p><p>\u00deessi t\u00falkun var tekin upp og f\u00e1ga\u00f0ur af Edgar Polom\u00e9 og Jens Peter Schj\u00f8dt. Polom\u00e9 s\u00e9r \u00ed Baldri \u00fe\u00e1 hli\u00f0 drottinvaldsins sem sn\u00fdr a\u00f0 l\u00edkamlegri fullkomnun, andst\u00e6tt \u00d3\u00f0ni (t\u00f6frandi-andlegum) og T\u00fdr (l\u00f6gfr\u00e6\u00f0ilegum).<\/p>\n<p><span data-nosnippet>Mistilssambandi\u00f0 var bori\u00f0 saman vi\u00f0 keltneskar hli\u00f0st\u00e6\u00f0ur af keltafr\u00e6\u00f0ingum og ind\u00f3evr\u00f3pufr\u00e6\u00f0ingum eins og Marie-Louise Sj\u00f6stedt \u00ed \u00abDieux et h\u00e9ros des Celtes\u00bb (1940). \u00cd b\u00e1\u00f0um arfs\u00f6gnum kemur mistillinn fram sem <span class=\"iwg-fachbegriff\" data-tooltip=\"\u00dea\u00f0 sem tilheyrir hinu gu\u00f0lega og er \u00fear me\u00f0 fjarl\u00e6gt hinu hversdagslega.\" tabindex=\"0\">heilagt<\/span>-\u00feversagnarkennd jurt, sem getur b\u00e6\u00f0i veitt l\u00e6kning og dau\u00f0a.<\/span><\/p>\n\n<p><span data-nosnippet>Kenning Frazers um deyjandi og endurkomandi gu\u00f0 hefur fengi\u00f0 n\u00e1nari greining \u00ed n\u00fdrri ranns\u00f3knum. Jonathan Z. Smith s\u00fdndi \u00ed \u00abDrudgery Divine\u00bb (1990) a\u00f0 t\u00fdp\u00f3l\u00f3g\u00edsk j\u00f6fnun Baldurs, Krists, Adonis, Os\u00edris og Tamm\u00fasar felur \u00ed s\u00e9r fleiri mismuni en samsvarun.<\/span><\/p><p>Kristur er mess\u00edan\u00edsk frelsunarpers\u00f3na, Adonis gr\u00f3\u00f0urbundin pers\u00f3na \u00e1starleyndard\u00f3ma, Os\u00edris kosmog\u00f3n\u00edskur konungur, Tamm\u00fas akurbundinn gr\u00f3\u00f0urdemon. Baldur passar ekki sk\u00fdrt inn \u00ed \u00feessar ra\u00f0ir. S\u00e9rsta\u00f0a hans felst \u00ed samspili kosm\u00f3l\u00f3g\u00edsks fyrirbo\u00f0a Ragnar\u00f6ks og von-<span class=\"iwg-fachbegriff\" data-tooltip=\"T\u00e1kn sem stendur \u00ed sta\u00f0 hugmyndar e\u00f0a merkingar.\" tabindex=\"0\">t\u00e1kns<\/span> um endurn\u00fdjun eftir hruni\u00f0.<\/p>\n<p>\u00cd samanbur\u00f0ar ind\u00f3evr\u00f3pskri ranns\u00f3kn hefur Baldur \u00edtreka\u00f0 veri\u00f0 borinn saman vi\u00f0 hinn indverska Tvashtar, hinn keltneska Lug og hinn lith\u00e1\u00edska Velinas. \u00deessi samanbur\u00f0ur er t\u00fdp\u00f3l\u00f3g\u00edskur og ekki \u00e6ttfr\u00e6\u00f0ilega bindandi. Hin n\u00e1kv\u00e6ma ind\u00f3evr\u00f3pska uppruni Baldurs-pers\u00f3nunnar er enn \u00f3lj\u00f3s.<\/p><p><span data-nosnippet>Edgar Polom\u00e9 hefur \u00ed \u00abOld Norse Religious Terminology\u00bb (1969) og s\u00ed\u00f0ari greinum haldi\u00f0 \u00fev\u00ed fram a\u00f0 Baldur s\u00e9 s\u00e9rstaklega norr\u00e6n sk\u00f6pun fr\u00e1 seinni v\u00edkinga\u00f6ld, sem gefi eldri ind\u00f3evr\u00f3pskum \u00fe\u00e1ttum \u00e1kve\u00f0inn samhlj\u00f3m \u00e1n \u00feess a\u00f0 vera bein arftaki \u00feeirra.<\/span><\/p>\t\t\t\t\t\t\t\t<\/div>\n\t\t\t\t<\/div>\n\t\t<div class=\"elementor-element elementor-element-229bf7a e-con-full e-flex e-con e-child\" data-id=\"229bf7a\" data-element_type=\"container\" data-e-type=\"container\">\n\t\t\t\t<div class=\"elementor-element elementor-element-59ec109 elementor-widget elementor-widget-heading\" data-id=\"59ec109\" data-element_type=\"widget\" data-e-type=\"widget\" data-widget_type=\"heading.default\">\n\t\t\t\t\t<h2 class=\"elementor-heading-title elementor-size-default\">Heimildir og frekari lesning<\/h2>\t\t\t\t<\/div>\n\t\t\t\t<div class=\"elementor-element elementor-element-3147572 elementor-widget elementor-widget-text-editor\" data-id=\"3147572\" data-element_type=\"widget\" data-e-type=\"widget\" data-widget_type=\"text-editor.default\">\n\t\t\t\t\t\t\t\t\t<footer class=\"iwg-literatur\"><p><span data-nosnippet>Frumheimildir: \u00abProsa-Edda\u00bb (Snorri Sturluson, um 1220), \u00abV\u00f6lusp\u00e1\u00bb og \u00abGr\u00edmnism\u00e1l\u00bb (Lj\u00f3\u00f0a-Edda, Codex Regius), \u00abBaldrs draumar\u00bb (Lj\u00f3\u00f0a-Edda), \u00abGesta Danorum\u00bb 3. b\u00f3k (Saxo Grammaticus, um 1200). Sk\u00e1ldakv\u00e6\u00f0i hj\u00e1 Finnur J\u00f3nsson \u00abDen norsk-islandske Skjaldedigtning\u00bb (1912-15).<\/span><\/p>\n<p>\u00cdtarefni:<\/p><ul><li><span data-nosnippet>Jan de Vries \u00abAltgermanische Religionsgeschichte\u00bb (1956\/57).<\/span><\/li><li>Georges Dum\u00e9zil \u00abLoki\u00bb (1948).<\/li><li><span data-nosnippet>James George Frazer \u00abThe Golden Bough\u00bb (1890-1915).<\/span><\/li><li><span data-nosnippet>Sophus Bugge \u00abStudien \u00fcber die Entstehung der nordischen G\u00f6tter- und Heldensagen\u00bb (1881-89).<\/span><\/li><li>Karl Helm \u00abWodan\u00bb (1946).<\/li><li><span data-nosnippet>R\u00e9gis Boyer \u00abLa religion des anciens Scandinaves\u00bb (1981).<\/span><\/li><li><span data-nosnippet>Margaret Clunies Ross \u00abProlonged Echoes\u00bb (1994\/98).<\/span><\/li><\/ul>\n<p class=\"iwg-bib-more\"><span data-nosnippet>Fleiri grundvallarrit \u00ed <a href=\"https:\/\/iwell-guard.com\/is\/heimildaskra\/\">heimildaskr\u00e1nni<\/a>.<\/span><\/p><\/footer>\t\t\t\t\t\t\t\t<\/div>\n\t\t\t\t<\/div>\n\t\t\t\t\t<\/div>\n\t\t\t\t<\/div>\n\t\t\t\t<\/div>\n\t\t","protected":false},"excerpt":{"rendered":"","protected":false},"author":3,"featured_media":3218,"parent":0,"menu_order":0,"comment_status":"closed","ping_status":"closed","template":"elementor_header_footer","meta":{"_yoast_wpseo_focuskw":"Baldur","_yoast_wpseo_title":"Baldur \u2013 Lj\u00f3sgu\u00f0 og sonur \u00d3\u00f0ins | iWell Guard","_yoast_wpseo_metadesc":"Baldur er germ\u00f6nsk-norr\u00e6nn gu\u00f0 lj\u00f3ssins og hreinleikans, sonur \u00d3\u00f0ins og Friggjar. Dau\u00f0i hans af hendi Loka bo\u00f0ar upphaf Ragnaraka.","_yoast_wpseo_meta-robots-noindex":"","_yoast_wpseo_canonical":"","_angie_page":false,"gefaehrdungsstufe":"","wesen_kultur":"","wesen_klasse":"","footnotes":""},"categories":[],"class_list":["post-169060","page","type-page","status-publish","has-post-thumbnail","hentry"],"yoast_head":"<!-- This site is optimized with the Yoast SEO Premium plugin v27.7 (Yoast SEO v28.3) - https:\/\/yoast.com\/product\/yoast-seo-premium-wordpress\/ -->\n<title>Baldur \u2013 Lj\u00f3sgu\u00f0 og sonur \u00d3\u00f0ins | iWell Guard<\/title>\n<meta name=\"description\" content=\"Baldur er germ\u00f6nsk-norr\u00e6nn gu\u00f0 lj\u00f3ssins og hreinleikans, sonur \u00d3\u00f0ins og Friggjar. Dau\u00f0i hans af hendi Loka bo\u00f0ar upphaf Ragnaraka.\" \/>\n<meta name=\"robots\" content=\"index, follow, max-snippet:-1, max-image-preview:large, max-video-preview:-1\" \/>\n<link rel=\"canonical\" href=\"https:\/\/iwell-guard.com\/is\/baldur\/\" \/>\n<meta property=\"og:locale\" content=\"is_IS\" \/>\n<meta property=\"og:type\" content=\"article\" \/>\n<meta property=\"og:title\" content=\"Baldur\" \/>\n<meta property=\"og:description\" content=\"Baldur er germ\u00f6nsk-norr\u00e6nn gu\u00f0 lj\u00f3ssins og hreinleikans, sonur \u00d3\u00f0ins og Friggjar. Dau\u00f0i hans af hendi Loka bo\u00f0ar upphaf Ragnaraka.\" \/>\n<meta property=\"og:url\" content=\"https:\/\/iwell-guard.com\/is\/baldur\/\" \/>\n<meta property=\"og:site_name\" content=\"iWell Guard\" \/>\n<meta property=\"article:modified_time\" content=\"2026-09-05T14:31:16+00:00\" \/>\n<meta property=\"og:image\" content=\"https:\/\/iwell-guard.com\/wp-content\/uploads\/2026\/05\/goetter_germanisch_baldur.webp\" \/>\n\t<meta property=\"og:image:width\" content=\"1024\" \/>\n\t<meta property=\"og:image:height\" content=\"1536\" \/>\n\t<meta property=\"og:image:type\" content=\"image\/webp\" \/>\n<meta name=\"twitter:card\" content=\"summary_large_image\" \/>\n<script type=\"application\/ld+json\" class=\"yoast-schema-graph\">{\"@context\":\"https:\\\/\\\/schema.org\",\"@graph\":[{\"@type\":\"WebPage\",\"@id\":\"https:\\\/\\\/iwell-guard.com\\\/is\\\/baldur\\\/\",\"url\":\"https:\\\/\\\/iwell-guard.com\\\/is\\\/baldur\\\/\",\"name\":\"Baldur \u2013 Lj\u00f3sgu\u00f0 og sonur \u00d3\u00f0ins | iWell Guard\",\"isPartOf\":{\"@id\":\"https:\\\/\\\/iwell-guard.com\\\/is\\\/#website\"},\"primaryImageOfPage\":{\"@id\":\"https:\\\/\\\/iwell-guard.com\\\/is\\\/baldur\\\/#primaryimage\"},\"image\":{\"@id\":\"https:\\\/\\\/iwell-guard.com\\\/is\\\/baldur\\\/#primaryimage\"},\"thumbnailUrl\":\"https:\\\/\\\/iwell-guard.com\\\/wp-content\\\/uploads\\\/2026\\\/05\\\/goetter_germanisch_baldur.webp\",\"datePublished\":\"2026-09-05T14:05:14+00:00\",\"dateModified\":\"2026-09-05T14:31:16+00:00\",\"description\":\"Baldur er germ\u00f6nsk-norr\u00e6nn gu\u00f0 lj\u00f3ssins og hreinleikans, sonur \u00d3\u00f0ins og Friggjar. Dau\u00f0i hans af hendi Loka bo\u00f0ar upphaf Ragnaraka.\",\"breadcrumb\":{\"@id\":\"https:\\\/\\\/iwell-guard.com\\\/is\\\/baldur\\\/#breadcrumb\"},\"inLanguage\":\"is\",\"potentialAction\":[{\"@type\":\"ReadAction\",\"target\":[\"https:\\\/\\\/iwell-guard.com\\\/is\\\/baldur\\\/\"]}]},{\"@type\":\"ImageObject\",\"inLanguage\":\"is\",\"@id\":\"https:\\\/\\\/iwell-guard.com\\\/is\\\/baldur\\\/#primaryimage\",\"url\":\"https:\\\/\\\/iwell-guard.com\\\/wp-content\\\/uploads\\\/2026\\\/05\\\/goetter_germanisch_baldur.webp\",\"contentUrl\":\"https:\\\/\\\/iwell-guard.com\\\/wp-content\\\/uploads\\\/2026\\\/05\\\/goetter_germanisch_baldur.webp\",\"width\":1024,\"height\":1536,\"caption\":\"Gu\u00f0ir \u00far germanskri hef\u00f0.\"},{\"@type\":\"BreadcrumbList\",\"@id\":\"https:\\\/\\\/iwell-guard.com\\\/is\\\/baldur\\\/#breadcrumb\",\"itemListElement\":[{\"@type\":\"ListItem\",\"position\":1,\"name\":\"Start\",\"item\":\"https:\\\/\\\/iwell-guard.com\\\/is\\\/?page_id=168580\"},{\"@type\":\"ListItem\",\"position\":2,\"name\":\"Baldur\"}]},{\"@type\":\"WebSite\",\"@id\":\"https:\\\/\\\/iwell-guard.com\\\/is\\\/#website\",\"url\":\"https:\\\/\\\/iwell-guard.com\\\/is\\\/\",\"name\":\"iWell Guard\",\"description\":\"Schutz vor dunklen Einfl\u00fcssen\",\"publisher\":{\"@id\":\"https:\\\/\\\/iwell-guard.com\\\/is\\\/#organization\"},\"potentialAction\":[{\"@type\":\"SearchAction\",\"target\":{\"@type\":\"EntryPoint\",\"urlTemplate\":\"https:\\\/\\\/iwell-guard.com\\\/is\\\/?s={search_term_string}\"},\"query-input\":{\"@type\":\"PropertyValueSpecification\",\"valueRequired\":true,\"valueName\":\"search_term_string\"}}],\"inLanguage\":\"is\"},{\"@type\":\"Organization\",\"@id\":\"https:\\\/\\\/iwell-guard.com\\\/is\\\/#organization\",\"name\":\"Ittermann electronic GmbH\",\"url\":\"https:\\\/\\\/iwell-guard.com\\\/is\\\/\",\"logo\":{\"@type\":\"ImageObject\",\"inLanguage\":\"is\",\"@id\":\"https:\\\/\\\/iwell-guard.com\\\/is\\\/#\\\/schema\\\/logo\\\/image\\\/\",\"url\":\"https:\\\/\\\/iwell-guard.com\\\/wp-content\\\/uploads\\\/2026\\\/05\\\/Ittermann-Logo-1182x237-1.png\",\"contentUrl\":\"https:\\\/\\\/iwell-guard.com\\\/wp-content\\\/uploads\\\/2026\\\/05\\\/Ittermann-Logo-1182x237-1.png\",\"width\":1182,\"height\":237,\"caption\":\"Ittermann electronic GmbH\"},\"image\":{\"@id\":\"https:\\\/\\\/iwell-guard.com\\\/is\\\/#\\\/schema\\\/logo\\\/image\\\/\"},\"sameAs\":[\"https:\\\/\\\/pantip.com\\\/profile\\\/9367242\",\"https:\\\/\\\/micro.blog\\\/iwellguard\",\"https:\\\/\\\/www.diggerslist.com\\\/iwellguard\\\/about\",\"https:\\\/\\\/skitterphoto.com\\\/photographers\\\/2870314\\\/iwell-guard\",\"https:\\\/\\\/iwellguard.wordpress.com\\\/2026\\\/06\\\/06\\\/iwell-guard\\\/\",\"https:\\\/\\\/hub.docker.com\\\/u\\\/iwellguard\",\"https:\\\/\\\/www.pinterest.com\\\/iwellguard\\\/\",\"https:\\\/\\\/bit.ly\\\/m\\\/iwellguard\",\"https:\\\/\\\/entre-vos-mains.alsace.eu\\\/profiles\\\/iwellguard\\\/activity\",\"https:\\\/\\\/gravatar.com\\\/reallybeded8fd34\",\"https:\\\/\\\/naijamatta.com\\\/iwellguard\",\"https:\\\/\\\/www.goodreads.com\\\/iwellguard\",\"https:\\\/\\\/profile.hatena.ne.jp\\\/iwellguard\\\/\",\"https:\\\/\\\/experiment.com\\\/users\\\/iwellguard\",\"https:\\\/\\\/wakelet.com\\\/@iWellGuard82270\",\"https:\\\/\\\/www.chordie.com\\\/forum\\\/profile.php?id=2555664\",\"https:\\\/\\\/www.instapaper.com\\\/p\\\/17757966\",\"https:\\\/\\\/www.mapleprimes.com\\\/users\\\/iwellguard\",\"https:\\\/\\\/businesslistingplus.com\\\/profile\\\/iwell-guard\\\/\",\"https:\\\/\\\/telegra.ph\\\/iWell-Guard-06-06\",\"https:\\\/\\\/pbase.com\\\/iwellguard\\\/iwellguard\",\"https:\\\/\\\/b.hatena.ne.jp\\\/iwellguard\\\/20260607#bookmark-4788405196491818882\",\"https:\\\/\\\/fliphtml5.com\\\/home\\\/iwellguard\",\"https:\\\/\\\/anyflip.com\\\/homepage\\\/cmiwl#About\",\"https:\\\/\\\/transfur.com\\\/Users\\\/iwellguard\",\"http:\\\/\\\/delphi.larsbo.org\\\/user\\\/iwellguard\",\"https:\\\/\\\/jobs.lajobsportal.org\\\/profiles\\\/8380803-iwell-guard\",\"https:\\\/\\\/md.chaosdorf.de\\\/s\\\/jfbe5SBdJD\",\"https:\\\/\\\/www.lingvolive.com\\\/en-us\\\/profile\\\/9ecaeaca-ce11-4e51-9e71-01d55e2bff36\\\/translations\",\"https:\\\/\\\/www.fitday.com\\\/fitness\\\/forums\\\/members\\\/iwellguard.html\",\"https:\\\/\\\/www.mymeetbook.com\\\/iwellguard\",\"https:\\\/\\\/pxhere.com\\\/en\\\/photographer-me\\\/5040798\",\"https:\\\/\\\/disqus.com\\\/by\\\/iwellguard\\\/about\\\/\",\"https:\\\/\\\/pastelink.net\\\/hjwciqwq\",\"https:\\\/\\\/pubhtml5.com\\\/homepage\\\/scjhn\\\/\",\"https:\\\/\\\/www.bitchute.com\\\/channel\\\/2O2eOKzNqujT\",\"https:\\\/\\\/audiomack.com\\\/iwellguard\"]}]}<\/script>\n<!-- \/ Yoast SEO Premium plugin. -->","yoast_head_json":{"title":"Baldur \u2013 Lj\u00f3sgu\u00f0 og sonur \u00d3\u00f0ins | iWell Guard","description":"Baldur er germ\u00f6nsk-norr\u00e6nn gu\u00f0 lj\u00f3ssins og hreinleikans, sonur \u00d3\u00f0ins og Friggjar. Dau\u00f0i hans af hendi Loka bo\u00f0ar upphaf Ragnaraka.","robots":{"index":"index","follow":"follow","max-snippet":"max-snippet:-1","max-image-preview":"max-image-preview:large","max-video-preview":"max-video-preview:-1"},"canonical":"https:\/\/iwell-guard.com\/is\/baldur\/","og_locale":"is_IS","og_type":"article","og_title":"Baldur","og_description":"Baldur er germ\u00f6nsk-norr\u00e6nn gu\u00f0 lj\u00f3ssins og hreinleikans, sonur \u00d3\u00f0ins og Friggjar. Dau\u00f0i hans af hendi Loka bo\u00f0ar upphaf Ragnaraka.","og_url":"https:\/\/iwell-guard.com\/is\/baldur\/","og_site_name":"iWell Guard","article_modified_time":"2026-09-05T14:31:16+00:00","og_image":[{"width":1024,"height":1536,"url":"https:\/\/iwell-guard.com\/wp-content\/uploads\/2026\/05\/goetter_germanisch_baldur.webp","type":"image\/webp"}],"twitter_card":"summary_large_image","schema":{"@context":"https:\/\/schema.org","@graph":[{"@type":"WebPage","@id":"https:\/\/iwell-guard.com\/is\/baldur\/","url":"https:\/\/iwell-guard.com\/is\/baldur\/","name":"Baldur \u2013 Lj\u00f3sgu\u00f0 og sonur \u00d3\u00f0ins | iWell Guard","isPartOf":{"@id":"https:\/\/iwell-guard.com\/is\/#website"},"primaryImageOfPage":{"@id":"https:\/\/iwell-guard.com\/is\/baldur\/#primaryimage"},"image":{"@id":"https:\/\/iwell-guard.com\/is\/baldur\/#primaryimage"},"thumbnailUrl":"https:\/\/iwell-guard.com\/wp-content\/uploads\/2026\/05\/goetter_germanisch_baldur.webp","datePublished":"2026-09-05T14:05:14+00:00","dateModified":"2026-09-05T14:31:16+00:00","description":"Baldur er germ\u00f6nsk-norr\u00e6nn gu\u00f0 lj\u00f3ssins og hreinleikans, sonur \u00d3\u00f0ins og Friggjar. Dau\u00f0i hans af hendi Loka bo\u00f0ar upphaf Ragnaraka.","breadcrumb":{"@id":"https:\/\/iwell-guard.com\/is\/baldur\/#breadcrumb"},"inLanguage":"is","potentialAction":[{"@type":"ReadAction","target":["https:\/\/iwell-guard.com\/is\/baldur\/"]}]},{"@type":"ImageObject","inLanguage":"is","@id":"https:\/\/iwell-guard.com\/is\/baldur\/#primaryimage","url":"https:\/\/iwell-guard.com\/wp-content\/uploads\/2026\/05\/goetter_germanisch_baldur.webp","contentUrl":"https:\/\/iwell-guard.com\/wp-content\/uploads\/2026\/05\/goetter_germanisch_baldur.webp","width":1024,"height":1536,"caption":"Gu\u00f0ir \u00far germanskri hef\u00f0."},{"@type":"BreadcrumbList","@id":"https:\/\/iwell-guard.com\/is\/baldur\/#breadcrumb","itemListElement":[{"@type":"ListItem","position":1,"name":"Start","item":"https:\/\/iwell-guard.com\/is\/?page_id=168580"},{"@type":"ListItem","position":2,"name":"Baldur"}]},{"@type":"WebSite","@id":"https:\/\/iwell-guard.com\/is\/#website","url":"https:\/\/iwell-guard.com\/is\/","name":"iWell Guard","description":"Schutz vor dunklen Einfl\u00fcssen","publisher":{"@id":"https:\/\/iwell-guard.com\/is\/#organization"},"potentialAction":[{"@type":"SearchAction","target":{"@type":"EntryPoint","urlTemplate":"https:\/\/iwell-guard.com\/is\/?s={search_term_string}"},"query-input":{"@type":"PropertyValueSpecification","valueRequired":true,"valueName":"search_term_string"}}],"inLanguage":"is"},{"@type":"Organization","@id":"https:\/\/iwell-guard.com\/is\/#organization","name":"Ittermann electronic GmbH","url":"https:\/\/iwell-guard.com\/is\/","logo":{"@type":"ImageObject","inLanguage":"is","@id":"https:\/\/iwell-guard.com\/is\/#\/schema\/logo\/image\/","url":"https:\/\/iwell-guard.com\/wp-content\/uploads\/2026\/05\/Ittermann-Logo-1182x237-1.png","contentUrl":"https:\/\/iwell-guard.com\/wp-content\/uploads\/2026\/05\/Ittermann-Logo-1182x237-1.png","width":1182,"height":237,"caption":"Ittermann electronic GmbH"},"image":{"@id":"https:\/\/iwell-guard.com\/is\/#\/schema\/logo\/image\/"},"sameAs":["https:\/\/pantip.com\/profile\/9367242","https:\/\/micro.blog\/iwellguard","https:\/\/www.diggerslist.com\/iwellguard\/about","https:\/\/skitterphoto.com\/photographers\/2870314\/iwell-guard","https:\/\/iwellguard.wordpress.com\/2026\/06\/06\/iwell-guard\/","https:\/\/hub.docker.com\/u\/iwellguard","https:\/\/www.pinterest.com\/iwellguard\/","https:\/\/bit.ly\/m\/iwellguard","https:\/\/entre-vos-mains.alsace.eu\/profiles\/iwellguard\/activity","https:\/\/gravatar.com\/reallybeded8fd34","https:\/\/naijamatta.com\/iwellguard","https:\/\/www.goodreads.com\/iwellguard","https:\/\/profile.hatena.ne.jp\/iwellguard\/","https:\/\/experiment.com\/users\/iwellguard","https:\/\/wakelet.com\/@iWellGuard82270","https:\/\/www.chordie.com\/forum\/profile.php?id=2555664","https:\/\/www.instapaper.com\/p\/17757966","https:\/\/www.mapleprimes.com\/users\/iwellguard","https:\/\/businesslistingplus.com\/profile\/iwell-guard\/","https:\/\/telegra.ph\/iWell-Guard-06-06","https:\/\/pbase.com\/iwellguard\/iwellguard","https:\/\/b.hatena.ne.jp\/iwellguard\/20260607#bookmark-4788405196491818882","https:\/\/fliphtml5.com\/home\/iwellguard","https:\/\/anyflip.com\/homepage\/cmiwl#About","https:\/\/transfur.com\/Users\/iwellguard","http:\/\/delphi.larsbo.org\/user\/iwellguard","https:\/\/jobs.lajobsportal.org\/profiles\/8380803-iwell-guard","https:\/\/md.chaosdorf.de\/s\/jfbe5SBdJD","https:\/\/www.lingvolive.com\/en-us\/profile\/9ecaeaca-ce11-4e51-9e71-01d55e2bff36\/translations","https:\/\/www.fitday.com\/fitness\/forums\/members\/iwellguard.html","https:\/\/www.mymeetbook.com\/iwellguard","https:\/\/pxhere.com\/en\/photographer-me\/5040798","https:\/\/disqus.com\/by\/iwellguard\/about\/","https:\/\/pastelink.net\/hjwciqwq","https:\/\/pubhtml5.com\/homepage\/scjhn\/","https:\/\/www.bitchute.com\/channel\/2O2eOKzNqujT","https:\/\/audiomack.com\/iwellguard"]}]}},"_links":{"self":[{"href":"https:\/\/iwell-guard.com\/is\/wp-json\/wp\/v2\/pages\/169060","targetHints":{"allow":["GET"]}}],"collection":[{"href":"https:\/\/iwell-guard.com\/is\/wp-json\/wp\/v2\/pages"}],"about":[{"href":"https:\/\/iwell-guard.com\/is\/wp-json\/wp\/v2\/types\/page"}],"author":[{"embeddable":true,"href":"https:\/\/iwell-guard.com\/is\/wp-json\/wp\/v2\/users\/3"}],"replies":[{"embeddable":true,"href":"https:\/\/iwell-guard.com\/is\/wp-json\/wp\/v2\/comments?post=169060"}],"version-history":[{"count":0,"href":"https:\/\/iwell-guard.com\/is\/wp-json\/wp\/v2\/pages\/169060\/revisions"}],"wp:featuredmedia":[{"embeddable":true,"href":"https:\/\/iwell-guard.com\/is\/wp-json\/wp\/v2\/media\/3218"}],"wp:attachment":[{"href":"https:\/\/iwell-guard.com\/is\/wp-json\/wp\/v2\/media?parent=169060"}],"wp:term":[{"taxonomy":"category","embeddable":true,"href":"https:\/\/iwell-guard.com\/is\/wp-json\/wp\/v2\/categories?post=169060"}],"curies":[{"name":"wp","href":"https:\/\/api.w.org\/{rel}","templated":true}]}}