{"id":169059,"date":"2026-09-05T14:05:13","date_gmt":"2026-09-05T14:05:13","guid":{"rendered":"https:\/\/iwell-guard.com\/?page_id=169059"},"modified":"2026-09-05T14:31:14","modified_gmt":"2026-09-05T14:31:14","slug":"heimdallur","status":"publish","type":"page","link":"https:\/\/iwell-guard.com\/is\/heimdallur\/","title":{"rendered":"Heimdallur"},"content":{"rendered":"\t\t<div data-elementor-type=\"wp-page\" data-elementor-id=\"169059\" class=\"elementor elementor-169059 elementor-3000 elementor-bc-flex-widget\" data-elementor-post-type=\"page\">\n\t\t\t\t<div class=\"elementor-element elementor-element-e7a1959 e-flex e-con-boxed e-con e-parent\" data-id=\"e7a1959\" data-element_type=\"container\" data-e-type=\"container\" data-settings=\"{&quot;background_background&quot;:&quot;classic&quot;}\">\n\t\t\t\t\t<div class=\"e-con-inner\">\n\t\t<div class=\"elementor-element elementor-element-b13d781 e-flex e-con-boxed e-con e-child\" data-id=\"b13d781\" data-element_type=\"container\" data-e-type=\"container\">\n\t\t\t\t\t<div class=\"e-con-inner\">\n\t\t<div class=\"elementor-element elementor-element-be7db98 e-con-full e-flex e-con e-child\" data-id=\"be7db98\" data-element_type=\"container\" data-e-type=\"container\">\n\t\t\t\t<div class=\"elementor-element elementor-element-5136d6d elementor-widget elementor-widget-heading\" data-id=\"5136d6d\" data-element_type=\"widget\" data-e-type=\"widget\" data-widget_type=\"heading.default\">\n\t\t\t\t\t<h1 class=\"elementor-heading-title elementor-size-default\">Heimdallur, v\u00f6r\u00f0ur Bifr\u00f6star-br\u00faarinnar<\/h1>\t\t\t\t<\/div>\n\t\t\t\t<div class=\"elementor-element elementor-element-8ed159e elementor-widget elementor-widget-text-editor\" data-id=\"8ed159e\" data-element_type=\"widget\" data-e-type=\"widget\" data-widget_type=\"text-editor.default\">\n\t\t\t\t\t\t\t\t\t<p>Heimdallur er v\u00f6kuma\u00f0ur \u00c1sgar\u00f0s, sem stendur v\u00f6r\u00f0 vi\u00f0 Bifr\u00f6st-br\u00fana og bo\u00f0ar me\u00f0 horni s\u00ednu a\u00f0 \u00f3vinir s\u00e9u \u00ed n\u00e1nd. Heimdallur er v\u00f6r\u00f0ur gu\u00f0anna \u00ed germ\u00f6nsku <span class=\"iwg-fachbegriff\" data-tooltip=\"Heild gu\u00f0a innan tr\u00faarbrag\u00f0a e\u00f0a menningar.\" tabindex=\"0\">go\u00f0aveldinu (Pantheon)<\/span>. A\u00f0setur hans er efst \u00e1 regnbogabr\u00fanni Bifr\u00f6st, \u00fea\u00f0an sem hann hefur eftirlit me\u00f0 inng\u00f6ngunni \u00ed \u00c1sgar\u00f0.<\/p><p>Hann er talinn gu\u00f0 v\u00f6kunnar, skarpra skynf\u00e6ra og tengingar milli heima. Vi\u00f0 Ragnar\u00f6k bl\u00e6s hann \u00ed horn sitt, Gjallarhorn, og bo\u00f0ar endalok heimsins. Fr\u00e6\u00f0ilega s\u00e9\u00f0 telst Heimdallur ein g\u00e1tukenndasta pers\u00f3na norr\u00e6nnar <span class=\"iwg-fachbegriff\" data-tooltip=\"Heild var\u00f0veittra go\u00f0sagna innan tiltekinnar menningar.\" tabindex=\"0\">go\u00f0afr\u00e6\u00f0i<\/span>, en hlutverk hans skiptast milli var\u00f0st\u00f6\u00f0u, <span class=\"iwg-fachbegriff\" data-tooltip=\"Tr\u00faarleg umbreyting sem veitir einstaklingi n\u00fdja st\u00f6\u00f0u e\u00f0a a\u00f0ild a\u00f0 samf\u00e9lagi.\" tabindex=\"0\">innv\u00edgslu<\/span> og heimsfr\u00e6\u00f0ilegrar markal\u00ednu.<\/p>\t\t\t\t\t\t\t\t<\/div>\n\t\t\t\t<\/div>\n\t\t<div class=\"elementor-element elementor-element-b156b55 e-con-full e-flex e-con e-parent\" data-id=\"b156b55\" data-element_type=\"container\" data-e-type=\"container\">\n\t\t\t\t<div class=\"elementor-element elementor-element-eeed71a elementor-widget elementor-widget-html\" data-id=\"eeed71a\" data-element_type=\"widget\" data-e-type=\"widget\" data-widget_type=\"html.default\">\n\t\t\t\t\t<div class=\"iwg-pill-row\"><span class=\"iwg-klasse-badge\" tabindex=\"0\" data-tooltip=\"Gu\u00f0 \/ Gy\u00f0ja: Pers\u00f3nuger\u00f0 h\u00e1m\u00e1ttarvera \u00ed pantheoni menningar, me\u00f0 lj\u00f3st hlutverk \u2014 n\u00e1tt\u00faru\u00f6fl, \u00f6rl\u00f6g, str\u00ed\u00f0, frj\u00f3semi. D\u00fdrku\u00f0 me\u00f0 helgisi\u00f0um, f\u00f3rnum og musterisstofnunum.\">Gu\u00f0<\/span><a href=\"https:\/\/iwell-guard.com\/is\/germonsk\/\" class=\"iwg-kultur-badge\" tabindex=\"0\" data-tooltip=\"Fornkristinn gu\u00f0a- og andaheimur Nor\u00f0ur- og Mi\u00f0-Evr\u00f3pu.\">Germanskt<\/a><\/div>\t\t\t\t<\/div>\n\t\t\t\t<\/div>\n\t\t<div class=\"elementor-element elementor-element-eefc9e6 e-con-full e-flex e-con e-child\" data-id=\"eefc9e6\" data-element_type=\"container\" data-e-type=\"container\">\n\t\t\t\t<div class=\"elementor-element elementor-element-13403d2 elementor-toc--minimized-on-tablet elementor-widget elementor-widget-table-of-contents\" data-id=\"13403d2\" data-element_type=\"widget\" data-e-type=\"widget\" data-settings=\"{&quot;exclude_headings_by_selector&quot;:[],&quot;no_headings_message&quot;:&quot;Engar undirfyrirsagnir fundust \\u00e1 \\u00feessari s\\u00ed\\u00f0u.&quot;,&quot;headings_by_tags&quot;:[&quot;h2&quot;,&quot;h3&quot;],&quot;marker_view&quot;:&quot;bullets&quot;,&quot;icon&quot;:{&quot;value&quot;:&quot;fas fa-circle&quot;,&quot;library&quot;:&quot;fa-solid&quot;,&quot;rendered_tag&quot;:&quot;&lt;svg class=\\&quot;e-font-icon-svg e-fas-circle\\&quot; viewBox=\\&quot;0 0 512 512\\&quot; xmlns=\\&quot;http:\\\/\\\/www.w3.org\\\/2000\\\/svg\\&quot;&gt;&lt;path d=\\&quot;M256 8C119 8 8 119 8 256s111 248 248 248 248-111 248-248S393 8 256 8z\\&quot;&gt;&lt;\\\/path&gt;&lt;\\\/svg&gt;&quot;},&quot;minimize_box&quot;:&quot;yes&quot;,&quot;minimized_on&quot;:&quot;tablet&quot;,&quot;hierarchical_view&quot;:&quot;yes&quot;,&quot;min_height&quot;:{&quot;unit&quot;:&quot;px&quot;,&quot;size&quot;:&quot;&quot;,&quot;sizes&quot;:[]},&quot;min_height_tablet&quot;:{&quot;unit&quot;:&quot;px&quot;,&quot;size&quot;:&quot;&quot;,&quot;sizes&quot;:[]},&quot;min_height_mobile&quot;:{&quot;unit&quot;:&quot;px&quot;,&quot;size&quot;:&quot;&quot;,&quot;sizes&quot;:[]}}\" data-widget_type=\"table-of-contents.default\">\n\t\t\t\t\t\t\t\t\t<div class=\"elementor-toc__header\">\n\t\t\t\t\t\t<h2 class=\"elementor-toc__header-title\">\n\t\t\t\tEfnisyfirlit\t\t\t<\/h2>\n\t\t\t\t\t\t\t\t\t\t<div class=\"elementor-toc__toggle-button elementor-toc__toggle-button--expand\" role=\"button\" tabindex=\"0\" aria-controls=\"elementor-toc__13403d2\" aria-expanded=\"true\" aria-label=\"Open table of contents\"><svg aria-hidden=\"true\" class=\"e-font-icon-svg e-fas-chevron-down\" viewBox=\"0 0 448 512\" xmlns=\"http:\/\/www.w3.org\/2000\/svg\"><path d=\"M207.029 381.476L12.686 187.132c-9.373-9.373-9.373-24.569 0-33.941l22.667-22.667c9.357-9.357 24.522-9.375 33.901-.04L224 284.505l154.745-154.021c9.379-9.335 24.544-9.317 33.901.04l22.667 22.667c9.373 9.373 9.373 24.569 0 33.941L240.971 381.476c-9.373 9.372-24.569 9.372-33.942 0z\"><\/path><\/svg><\/div>\n\t\t\t\t<div class=\"elementor-toc__toggle-button elementor-toc__toggle-button--collapse\" role=\"button\" tabindex=\"0\" aria-controls=\"elementor-toc__13403d2\" aria-expanded=\"true\" aria-label=\"Close table of contents\"><svg aria-hidden=\"true\" class=\"e-font-icon-svg e-fas-chevron-up\" viewBox=\"0 0 448 512\" xmlns=\"http:\/\/www.w3.org\/2000\/svg\"><path d=\"M240.971 130.524l194.343 194.343c9.373 9.373 9.373 24.569 0 33.941l-22.667 22.667c-9.357 9.357-24.522 9.375-33.901.04L224 227.495 69.255 381.516c-9.379 9.335-24.544 9.317-33.901-.04l-22.667-22.667c-9.373-9.373-9.373-24.569 0-33.941L207.03 130.525c9.372-9.373 24.568-9.373 33.941-.001z\"><\/path><\/svg><\/div>\n\t\t\t\t\t<\/div>\n\t\t\t\t<div id=\"elementor-toc__13403d2\" class=\"elementor-toc__body\">\n\t\t\t<div class=\"elementor-toc__spinner-container\">\n\t\t\t\t<svg class=\"elementor-toc__spinner eicon-animation-spin e-font-icon-svg e-eicon-loading\" aria-hidden=\"true\" viewBox=\"0 0 1000 1000\" xmlns=\"http:\/\/www.w3.org\/2000\/svg\"><path d=\"M500 975V858C696 858 858 696 858 500S696 142 500 142 142 304 142 500H25C25 237 238 25 500 25S975 237 975 500 763 975 500 975Z\"><\/path><\/svg>\t\t\t<\/div>\n\t\t<\/div>\n\t\t\t\t\t\t<\/div>\n\t\t\t\t<\/div>\n\t\t\t\t\t<\/div>\n\t\t\t\t<\/div>\n\t\t<div class=\"elementor-element elementor-element-21efa6e e-con-full e-flex e-con e-child\" data-id=\"21efa6e\" data-element_type=\"container\" data-e-type=\"container\">\n\t\t\t\t<div class=\"elementor-element elementor-element-b602018 iwg-hero-image elementor-widget elementor-widget-image\" data-id=\"b602018\" data-element_type=\"widget\" data-e-type=\"widget\" data-widget_type=\"image.default\">\n\t\t\t\t\t\t\t\t\t\t\t\t\t\t\t<img fetchpriority=\"high\" decoding=\"async\" width=\"683\" height=\"1024\" src=\"https:\/\/iwell-guard.com\/wp-content\/uploads\/2026\/05\/goetter_germanisch_heimdall-683x1024.webp\" class=\"attachment-large size-large wp-image-170734\" alt=\"Heimdallur - Gu\u00f0ir \u00far germanskri hef\u00f0, s\u00f6guleg myndskreyting\" srcset=\"https:\/\/iwell-guard.com\/wp-content\/uploads\/2026\/05\/goetter_germanisch_heimdall-683x1024.webp 683w, https:\/\/iwell-guard.com\/wp-content\/uploads\/2026\/05\/goetter_germanisch_heimdall-200x300.webp 200w, https:\/\/iwell-guard.com\/wp-content\/uploads\/2026\/05\/goetter_germanisch_heimdall-768x1152.webp 768w, https:\/\/iwell-guard.com\/wp-content\/uploads\/2026\/05\/goetter_germanisch_heimdall.webp 1024w\" sizes=\"(max-width: 683px) 100vw, 683px\" \/>\t\t\t\t\t\t\t\t\t\t\t\t\t\t\t<\/div>\n\t\t\t\t<\/div>\n\t\t\t\t\t<\/div>\n\t\t\t\t<\/div>\n\t\t<div class=\"elementor-element elementor-element-10f6621 e-con-boxed e-flex e-con e-parent\" data-id=\"10f6621\" data-element_type=\"container\" data-e-type=\"container\">\n\t\t\t\t\t<div class=\"e-con-inner\">\n\t\t<div class=\"elementor-element elementor-element-f896cac e-con-full e-flex e-con e-child\" data-id=\"f896cac\" data-element_type=\"container\" data-e-type=\"container\">\n\t\t\t\t<div class=\"elementor-element elementor-element-401a371 elementor-widget elementor-widget-heading\" data-id=\"401a371\" data-element_type=\"widget\" data-e-type=\"widget\" data-widget_type=\"heading.default\">\n\t\t\t\t\t<h2 class=\"elementor-heading-title elementor-size-default\">Go\u00f0s\u00f6gn og uppruni<\/h2>\t\t\t\t<\/div>\n\t\t\t\t<div class=\"elementor-element elementor-element-56434e2 elementor-widget elementor-widget-text-editor\" data-id=\"56434e2\" data-element_type=\"widget\" data-e-type=\"widget\" data-widget_type=\"text-editor.default\">\n\t\t\t\t\t\t\t\t\t<p>Snorri Sturluson kallar Heimdall \u00ed \u00abSnorra-Eddu\u00bb (Gylfaginning 27) \u00abhinn hv\u00edta \u00e1s\u00bb, mikinn og <span class=\"iwg-fachbegriff\" data-tooltip=\"Sem tilheyrir hinu gu\u00f0lega og er \u00fear me\u00f0 undanskili\u00f0 hversdagslegri notkun.\" tabindex=\"0\">heilagan<\/span>. Hann er sonur n\u00edu systra sem allar eru sag\u00f0ar j\u00f6tnad\u00e6tur. \u00abV\u00f6lusp\u00e1 hin skamma\u00bb 35-37 (hluti Hyndlulj\u00f3\u00f0a) nefnir n\u00edu m\u00e6\u00f0urna me\u00f0 nafni: Gj\u00e1lp, Greip, Eistla, Eyrgjafa, \u00dalfr\u00fan, Angeyja, Im\u00f0, Atla og J\u00e1rnsaxa.<\/p><p><span data-nosnippet>\u00deessi \u00f3venjulega \u00e6ttfr\u00e6\u00f0i hefur leitt til margv\u00edslegra t\u00falkana \u00ed fr\u00e6\u00f0unum. Karl M\u00fcllenhoff s\u00e1 \u00ed n\u00edu m\u00e6\u00f0runum n\u00edu \u00f6lduna hafsins, og Heimdallur v\u00e6ri \u00fe\u00e1 \u201esonur hafsins&#8220;. Georges Dum\u00e9zil h\u00e9lt \u00feessari t\u00falkun \u00e1fram \u00ed \u00abHeur et malheur du guerrier\u00bb (1969) og skilgreindi Heimdall sem vatnsf\u00e6ddan me\u00f0 heimsfr\u00e6\u00f0ilegu innv\u00edgsluhlutverki.<\/span><\/p>\n<p>Fa\u00f0ir hans er nefndur \u00d3\u00f0inn \u00ed \u00abHyndlulj\u00f3\u00f0um\u00bb, sem setur Heimdall \u00ed n\u00e1nari h\u00f3p \u00e1sanna. \u00cd \u00abSnorra-Eddu\u00bb er hann einnig nefndur Hallinsk\u00ed\u00f0i og Gullintanni (\u00abgullt\u00f6nn\u00bb), s\u00ed\u00f0ara nafni\u00f0 vegna gullinna tanna. Hestur hans, Gulltoppur (\u00abgullfaxi\u00bb), er me\u00f0al \u00e1sahestanna sem taldir eru upp \u00ed \u00abGr\u00edmnism\u00e1lum\u00bb 30.<\/p><p>Snorri greinir enn frekar fr\u00e1 \u00fev\u00ed a\u00f0 Heimdallur \u00feurfi minni svefn en fugl og sj\u00e1i b\u00e6\u00f0i \u00e1 n\u00f3ttu og degi hundra\u00f0 rasta vegalengd, og heyrn hans s\u00e9 svo sk\u00f6rp a\u00f0 hann heyri grasi\u00f0 gr\u00f3a \u00e1 j\u00f6r\u00f0inni og ullina vaxa \u00e1 sau\u00f0um.<\/p>\n<p>S\u00e9rstakan \u00fe\u00e1tt var\u00f0veitir kv\u00e6\u00f0i\u00f0 \u00abR\u00edgs\u00feula\u00bb (tali\u00f0 fr\u00e1 10. \u00f6ld). Gu\u00f0inn R\u00edgur, sem samkv\u00e6mt inngangi er samsama\u00f0ur Heimdalli, fer\u00f0ast um j\u00f6r\u00f0ina og eignast hvern \u00e1 f\u00e6tur \u00f6\u00f0rum \u00ferj\u00e1r st\u00e9ttir mannkyns: \u00der\u00e6l, Karl og Jarl.<\/p><p><span data-nosnippet>Pers\u00f3na Heimdalls kemur h\u00e9r fram sem forfa\u00f0ir mannlegra st\u00e9tta. Klaus von See hefur \u00ed Eddu-sk\u00fdringum s\u00ednum (3. bindi, 2000) skilgreint sams\u00f6mun R\u00edgs og Heimdalls sem s\u00ed\u00f0ari t\u00edma b\u00f3kmenntalega sm\u00ed\u00f0, me\u00f0an Rudolf Simek lesi hana sem forna hef\u00f0.<\/span><\/p>\n\n<p>Fr\u00e6\u00f0imenn hafa margsinnis rannsaka\u00f0 nafni\u00f0 Heimdallur. Wolfgang Meid, Edgar Polom\u00e9 og Rudolf Simek hafa allir tj\u00e1\u00f0 sig um mismunandi or\u00f0sifjar.<\/p><p>S\u00fa t\u00falkun Simeks sem hefur fest sig \u00ed sessi gengur \u00fat fr\u00e1 tengingu vi\u00f0 heim (\u00abver\u00f6ld\u00bb) og seinni hlutann dallr, sem er \u00fe\u00f3 t\u00falka\u00f0ur \u00e1 \u00fdmsa vegu: sem \u201etr\u00e9&#8220; (heimstr\u00e9), sem \u201eglansandi&#8220; (heimslj\u00f3s) e\u00f0a sem \u201estafur&#8220; (heimssto\u00f0). Allar \u00ferj\u00e1r t\u00falkanirnar samr\u00e6mast hlutverki Heimdalls sem verndara heimsskipulagsins og \u00edb\u00faa \u00e1 \u00fer\u00f6skuldinum milli heima.<\/p>\n<p>Hin \u00f3venjulega \u00e6ttfr\u00e6\u00f0i me\u00f0 n\u00edu j\u00f6tunm\u00e6\u00f0rum er \u00ed samanbur\u00f0arlegri ind\u00f3evr\u00f3pskri <span class=\"iwg-fachbegriff\" data-tooltip=\"Heild var\u00f0veittra go\u00f0sagna innan tiltekinnar menningar.\" tabindex=\"0\">go\u00f0afr\u00e6\u00f0i<\/span> tengd fj\u00f6lm\u00f6rgum hli\u00f0st\u00e6\u00f0um. \u00cd indverska verkinu Mahabharata er str\u00ed\u00f0sgu\u00f0inn Skanda haf\u00f0ur \u00e1 brj\u00f3sti hj\u00e1 sex Krittikum (Sj\u00f6stirninu), \u00ed gr\u00edskri <span class=\"iwg-fachbegriff\" data-tooltip=\"Var\u00f0veitt fr\u00e1s\u00f6gn um gu\u00f0i, uppruna og skipan heimsins.\" tabindex=\"0\">go\u00f0s\u00f6gn<\/span> s\u00fdgur Herakles brj\u00f3st Heru, og \u00ed keltneskum s\u00f6gum eru hetjur aldar upp af m\u00f6rgum gu\u00f0legum konum.<\/p><p><span data-nosnippet>\u00deessi hli\u00f0st\u00e6\u00f0a af tegundafr\u00e6\u00f0ilegum toga hefur veri\u00f0 tekin saman af Georges Dum\u00e9zil \u00ed \u00abMitra-Varuna\u00bb (1948) og \u00abHeur et malheur du guerrier\u00bb (1969). S\u00e9rsta\u00f0a Heimdalls felst \u00ed samblandi margra m\u00e6\u00f0ra og hlutverkinu sem verndari heimanna.<\/span><\/p>\t\t\t\t\t\t\t\t<\/div>\n\t\t\t\t<\/div>\n\t\t<div class=\"elementor-element elementor-element-842e2cd e-con-full e-flex e-con e-child\" data-id=\"842e2cd\" data-element_type=\"container\" data-e-type=\"container\">\n\t\t\t\t<div class=\"elementor-element elementor-element-dfb77d9 elementor-widget elementor-widget-heading\" data-id=\"dfb77d9\" data-element_type=\"widget\" data-e-type=\"widget\" data-widget_type=\"heading.default\">\n\t\t\t\t\t<h2 class=\"elementor-heading-title elementor-size-default\">T\u00e1kn og einkenni<\/h2>\t\t\t\t<\/div>\n\t\t\t\t<div class=\"elementor-element elementor-element-d93f426 elementor-widget elementor-widget-text-editor\" data-id=\"d93f426\" data-element_type=\"widget\" data-e-type=\"widget\" data-widget_type=\"text-editor.default\">\n\t\t\t\t\t\t\t\t\t<p>Mikilv\u00e6gasta eiginleikamerki hans er Gjallarhorn, \u201ehi\u00f0 gjallandi horn&#8220;. \u00deess er geti\u00f0 \u00ed \u00abV\u00f6lusp\u00e1\u00bb 27 og 46. \u00c1 einum sta\u00f0 er \u00fea\u00f0 fali\u00f0 undir heimsaskinu Yggdrasli, \u00e1 \u00f6\u00f0rum sta\u00f0 bl\u00e6s Heimdallur \u00ed \u00fea\u00f0 svo a\u00f0 hlj\u00f3murinn berst um alla heima.<\/p><p>\u00deetta tv\u00f6falda hlutverk, drykkjarhorn og kallhorn, hefur vaki\u00f0 \u00e1huga fr\u00e6\u00f0imanna. Eugen Mogk og Jan de Vries hafa haldi\u00f0 \u00fev\u00ed fram a\u00f0 upprunalega hafi drykkjarhorn helgisi\u00f0asamf\u00e9lagsins s\u00ed\u00f0ar veri\u00f0 endurt\u00falka\u00f0 sem heimsslitamerki.<\/p>\n<p>Heimdallur ber sver\u00f0i\u00f0 H\u00f6fu\u00f0, kenningu sem felur \u00ed s\u00e9r forna or\u00f0aleik: h\u00f6fu\u00f0 Heimdalls er vopn hans, sver\u00f0 hans er h\u00f6fu\u00f0 hans. \u00deessa samtvinnun l\u00edkama og vopns hefur Margaret Clunies Ross lesi\u00f0 sem v\u00edsbendingu um forneska hugmynd \u00fear sem l\u00edkami gu\u00f0sins sj\u00e1lfur virkar sem sver\u00f0segg.<\/p>\n<p>Sta\u00f0urinn sem honum er eigna\u00f0ur er Himinbj\u00f6rg, \u201ehiminfj\u00f6llin&#8220;, \u00fear sem Bifr\u00f6st snertir himininn. Snorri l\u00fdsir a\u00f0setrinu sem h\u00fasi \u00fear sem Heimdallur drekkur g\u00f3\u00f0an mj\u00f6\u00f0.<\/p><p>Br\u00fain sj\u00e1lf er talin ger\u00f0 \u00far eldi, lofti og vatni, og rau\u00f0a r\u00f6ndin \u00e1 henni er \u00ed Gylfaginningu 13 t\u00falku\u00f0 sem eldur sem kemur \u00ed veg fyrir a\u00f0 hr\u00edm\u00feursar geti gengi\u00f0 um hana.<\/p>\t\t\t\t\t\t\t\t<\/div>\n\t\t\t\t<\/div>\n\t\t<div class=\"elementor-element elementor-element-6f1c5d7 e-con-full e-flex e-con e-child\" data-id=\"6f1c5d7\" data-element_type=\"container\" data-e-type=\"container\">\n\t\t\t\t<div class=\"elementor-element elementor-element-5bd546a elementor-widget elementor-widget-heading\" data-id=\"5bd546a\" data-element_type=\"widget\" data-e-type=\"widget\" data-widget_type=\"heading.default\">\n\t\t\t\t\t<h2 class=\"elementor-heading-title elementor-size-default\">D\u00fdrkun og tilbei\u00f0sla<\/h2>\t\t\t\t<\/div>\n\t\t\t\t<div class=\"elementor-element elementor-element-02e4179 elementor-widget elementor-widget-text-editor\" data-id=\"02e4179\" data-element_type=\"widget\" data-e-type=\"widget\" data-widget_type=\"text-editor.default\">\n\t\t\t\t\t\t\t\t\t<p>\u00d3l\u00edkt \u00de\u00f3r, \u00d3\u00f0ni og Freyr er engin \u00fe\u00e9ttofin heimild um \u00f6rnefni e\u00f0a musterisfr\u00e1sagnir tengdar Heimdalli. Adam fr\u00e1 Brimum nefnir hann ekki. \u00cd \u00edslenskum s\u00f6gum kemur hann a\u00f0eins sjaldan fram, oftast \u00ed go\u00f0fr\u00e6\u00f0ilegum \u00fat\u00fard\u00farum.<\/p><p><span data-nosnippet>\u00deessi r\u00fdra kultarsl\u00f3\u00f0 hefur leitt fr\u00e6\u00f0imenn, fr\u00e1 Folke Str\u00f6m (1956) til Jens Peter Schj\u00f8dt (2008), til \u00feeirrar \u00e1lyktunar a\u00f0 Heimdallur hafi fyrst og fremst veri\u00f0 sk\u00e1ldleg pers\u00f3na \u00e1 s\u00ed\u00f0ara skei\u00f0i go\u00f0afr\u00e6\u00f0innar, \u00fear sem hlutverk hans r\u00e9\u00f0st af b\u00f3kmenntalegri samsetningu.<\/span><\/p>\n<p>\u00c1 hinn b\u00f3ginn s\u00fdna \u00abR\u00edgs\u00feula\u00bb og v\u00edsanir \u00ed \u00abLokasennu\u00bb a\u00f0 Heimdallur var \u00ed s\u00ed\u00f0menningu v\u00edkingaaldar r\u00f3tfastur sem forfa\u00f0ir st\u00e9ttanna og var\u00f0gu\u00f0 go\u00f0aheimsins. \u00cd \u00abLokasennu\u00bb 48 h\u00e6\u00f0ist Loki a\u00f0 Heimdalli fyrir a\u00f0 hann \u00abhafi hloti\u00f0 \u00fea\u00f0 hlutskipti hj\u00e1 gu\u00f0unum\u00bb a\u00f0 standa v\u00f6r\u00f0 og vera st\u00f6\u00f0ugt vakandi, sem v\u00edsar til \u00f3\u00fe\u00e6gilegs en \u00f3missandi hlutverks hans.<\/p>\n<p>Sk\u00e1ldskaparefni bj\u00f3\u00f0a frekari v\u00edsbendingar. \u00cd \u00abH\u00fasdr\u00e1pu\u00bb \u00dalfs Uggasonar (um 985) er l\u00fdst \u00fatskur\u00f0i \u00ed h\u00f6llinni Hjar\u00f0arholti \u00fear sem Heimdallur og Loki, \u00ed selsl\u00edki, gl\u00edma um h\u00e1lsmeni\u00f0 Br\u00edsingamen. \u00deessi <span class=\"iwg-fachbegriff\" data-tooltip=\"Var\u00f0veitt fr\u00e1s\u00f6gn um go\u00f0, uppruna og skipan heimsins.\" tabindex=\"0\">go\u00f0s\u00f6gn<\/span> er a\u00f0eins var\u00f0veitt \u00ed brotum. Tali\u00f0 er a\u00f0 h\u00fan fjalli um \u00fej\u00f3fna\u00f0 og endurheimt skarts gy\u00f0junnar Freyju.<\/p>\t\t\t\t\t\t\t\t<\/div>\n\t\t\t\t<\/div>\n\t\t<div class=\"elementor-element elementor-element-5c2b7df e-con-full e-flex e-con e-child\" data-id=\"5c2b7df\" data-element_type=\"container\" data-e-type=\"container\">\n\t\t\t\t<div class=\"elementor-element elementor-element-89d28cd elementor-widget elementor-widget-heading\" data-id=\"89d28cd\" data-element_type=\"widget\" data-e-type=\"widget\" data-widget_type=\"heading.default\">\n\t\t\t\t\t<h2 class=\"elementor-heading-title elementor-size-default\">Mikilv\u00e6gar go\u00f0sagnir<\/h2>\t\t\t\t<\/div>\n\t\t\t\t<div class=\"elementor-element elementor-element-23a47fe elementor-widget elementor-widget-text-editor\" data-id=\"23a47fe\" data-element_type=\"widget\" data-e-type=\"widget\" data-widget_type=\"text-editor.default\">\n\t\t\t\t\t\t\t\t\t<p>Mi\u00f0l\u00e6g <span class=\"iwg-fachbegriff\" data-tooltip=\"Var\u00f0veitt fr\u00e1s\u00f6gn um go\u00f0, uppruna og skipan heimsins.\" tabindex=\"0\">go\u00f0s\u00f6gn<\/span> er hlutverk Heimdallar vi\u00f0 Ragnar\u00f6k. \u00cd \u00abV\u00f6lusp\u00e1\u00bb 46-47 er l\u00fdst hvernig hann lyftir Gjallarhorni og bl\u00e6s \u00ed \u00fea\u00f0. Hlj\u00f3murinn berst um allar n\u00edu heimana. Askurinn Yggdrasill skelfur, \u00c6sirnir vakna. Heimdallur kallar go\u00f0in til s\u00ed\u00f0ustu orrustunnar.<\/p><p>\u00cd orrustunni sem fylgir berjast Heimdallur og Loki, og fella hvor annan. Snorri Sturluson var\u00f0veitir \u00feessa samhverfu \u00ed Gylfaginningu 51. H\u00fan samsvarar \u00d3\u00f0ni-Fenri, \u00de\u00f3r-Mi\u00f0gar\u00f0sormi og T\u00fdr-Garm. Gagnkv\u00e6m ey\u00f0ing h\u00f6fu\u00f0andst\u00e6\u00f0inganna er grundvallar <span class=\"iwg-fachbegriff\" data-tooltip=\"Endurteki\u00f0 efnisatri\u00f0i \u00ed list e\u00f0a fr\u00e1s\u00f6gn.\" tabindex=\"0\">m\u00f3t\u00edf<\/span> \u00ed norr\u00e6nu Ragnar\u00f6kum.<\/p>\n<p>\u00d6nnur <span class=\"iwg-fachbegriff\" data-tooltip=\"Var\u00f0veitt fr\u00e1s\u00f6gn um go\u00f0, uppruna og skipan heimsins.\" tabindex=\"0\">go\u00f0s\u00f6gn<\/span> er \u00abR\u00edgs\u00feula\u00bb. Gu\u00f0inn R\u00edgur, fer\u00f0amynd Heimdallar, heims\u00e6kir \u00ferj\u00fa b\u00e6jarst\u00e6\u00f0i. \u00cd hinu fyrsta b\u00faa hj\u00f3nin A\u00ed og Edda \u00ed b\u00e1gum kj\u00f6rum.<\/p><p>R\u00edgur etur gr\u00f3ft brau\u00f0, sefur \u00ferj\u00e1r n\u00e6tur \u00ed r\u00faminu milli hj\u00f3nanna, og Edda f\u00e6\u00f0ir hinn svarth\u00f6runda\u00f0a \u00der\u00e6l, forf\u00f6\u00f0ur \u00fej\u00f3nustuf\u00f3lksins. \u00c1 \u00f6\u00f0rum b\u00e6, me\u00f0al mi\u00f0st\u00e9ttar, eignast R\u00edgur me\u00f0 \u00d6mmu lj\u00f3sh\u00e6r\u00f0an Karl, forf\u00f6\u00f0ur B\u00f3ndanna.<\/p><p>\u00c1 \u00feri\u00f0ja b\u00e6num, gl\u00e6silegum sal, eignast hann me\u00f0 M\u00f3\u00f0ur hinn bjarta Jarl, forf\u00f6\u00f0ur a\u00f0alsins. Yngsti sonur Jarls, Konur ungi (b\u00f3kstaflega \u00abungur konungur\u00bb, og or\u00f0aleikur \u00e1 konungr), l\u00e6rir r\u00fanir og tekur vi\u00f0 v\u00f6ldum.<\/p><p>Textinn les eins og go\u00f0s\u00f6guleg r\u00e9ttl\u00e6ting st\u00e9ttaskipunar. Klaus von See t\u00falkar hann sem \u00edron\u00edskt l\u00e6rd\u00f3mskv\u00e6\u00f0i fr\u00e1 10. \u00f6ld, en R\u00e9gis Boyer aftur \u00e1 m\u00f3ti sem fornt v\u00edgslumynstur.<\/p>\n<p>\u00deri\u00f0ja <span class=\"iwg-fachbegriff\" data-tooltip=\"Var\u00f0veitt fr\u00e1s\u00f6gn um go\u00f0, uppruna og skipan heimsins.\" tabindex=\"0\">go\u00f0s\u00f6gnin<\/span> er gl\u00edman um Br\u00edsingamen. Snorri vitnar \u00ed \u00abSk\u00e1ldskaparm\u00e1l\u00bb 8 \u00ed \u00abH\u00fasdr\u00e1pu\u00bb og segir fr\u00e1 \u00fev\u00ed a\u00f0 Heimdallur hafi endurheimt h\u00e1lsmen Freyju, sem Loki haf\u00f0i stoli\u00f0.<\/p><p>Gu\u00f0irnir tveir gl\u00edmdu vi\u00f0 klettinn Singastein \u00ed selsl\u00edki um skartgripinn. <span class=\"iwg-fachbegriff\" data-tooltip=\"Var\u00f0veitt fr\u00e1s\u00f6gn um go\u00f0, uppruna og skipan heimsins.\" tabindex=\"0\">Go\u00f0s\u00f6gnin<\/span> er a\u00f0eins var\u00f0veitt \u00ed v\u00edsunum. Eugen Mogk endurger\u00f0i hana \u00edtarlega \u00e1ri\u00f0 1925 og tengdi hana ind\u00f3evr\u00f3pskum hli\u00f0st\u00e6\u00f0um um endurheimt s\u00f3larins.<\/p>\n\n<p>Minna kunnugur atbur\u00f0ur er var\u00f0veittur \u00ed brotinu \u00abH\u00fasdr\u00e1pa\u00bb eftir \u00dalf Uggason fr\u00e1 lokum 10. aldar. H\u00e9r er Heimdallur s\u00fdndur \u00ed selsgl\u00edmu vi\u00f0 Singastein \u00e1samt Loka.<\/p><p><span data-nosnippet>N\u00e1kv\u00e6m merking <span class=\"iwg-fachbegriff\" data-tooltip=\"Var\u00f0veitt fr\u00e1s\u00f6gn um go\u00f0, uppruna og skipan heimsins.\" tabindex=\"0\">go\u00f0sagnarinnar<\/span> er \u00f3lj\u00f3s, en Eugen Mogk h\u00e9lt \u00fev\u00ed fram \u00e1ri\u00f0 1925 a\u00f0 h\u00fan fjalli um endurheimt h\u00e1lsmensins Br\u00edsingamen sem Loki haf\u00f0i stoli\u00f0 fr\u00e1 Freyju. Selsl\u00edki \u00feeirra v\u00edsar til eldri <span class=\"iwg-fachbegriff\" data-tooltip=\"Tr\u00faarkerfi \u00fear sem s\u00e9rfr\u00e6\u00f0ingar hafa samskipti vi\u00f0 andaheim.\" tabindex=\"0\">sjamanisma<\/span> me\u00f0 d\u00fdrahamskiptum, sem er a\u00f0eins brotakennt var\u00f0veittur \u00ed norr\u00e6nni <span class=\"iwg-fachbegriff\" data-tooltip=\"Heild var\u00f0veittra go\u00f0sagna innan menningar.\" tabindex=\"0\">go\u00f0afr\u00e6\u00f0i<\/span>.<\/span><\/p>\n<p><span data-nosnippet>Mynd \u00abV\u00f6lusp\u00e1r\u00bb af Gjallarhornsbl\u00e6stri vi\u00f0 Ragnar\u00f6k var t\u00falku\u00f0 af John Lindow \u00ed \u00abNorse Mythology\u00bb (2001) sem mi\u00f0l\u00e6g heimsslitat\u00e1kn. Heimdallur, hinn eil\u00edflega vakandi, vekur ekki a\u00f0eins \u00c6sina heldur einnig hina kosm\u00edsku skipan sj\u00e1lfa \u00far hennar s\u00ed\u00f0ustu r\u00f3. Hlj\u00f3mur hornsins er \u00feannig b\u00e6\u00f0i herkall og kosm\u00edskt merki um endalokin.<\/span><\/p><p>Klaus von See b\u00e6tir vi\u00f0 \u00feessa t\u00falkun \u00ed Eddu-sk\u00fdringum s\u00ednum (1. bindi, 1997): horni\u00f0 hafi hugsanlega upphaflega veri\u00f0 drykkjarhorn, sem s\u00ed\u00f0ar \u00e1 v\u00edkinga\u00f6ld hafi veri\u00f0 endurt\u00falka\u00f0 sem merkjahorn, tilf\u00e6rsla \u00ed merkingu sem ver\u00f0ur s\u00fdnileg \u00ed tr\u00faarlegri kreppu kristnit\u00f6kunnar.<\/p>\t\t\t\t\t\t\t\t<\/div>\n\t\t\t\t<\/div>\n\t\t<div class=\"elementor-element elementor-element-39d377a e-con-full e-flex e-con e-child\" data-id=\"39d377a\" data-element_type=\"container\" data-e-type=\"container\">\n\t\t\t\t<div class=\"elementor-element elementor-element-96e6cb2 elementor-widget elementor-widget-heading\" data-id=\"96e6cb2\" data-element_type=\"widget\" data-e-type=\"widget\" data-widget_type=\"heading.default\">\n\t\t\t\t\t<h2 class=\"elementor-heading-title elementor-size-default\">Tengsl innan go\u00f0aheimsins<\/h2>\t\t\t\t<\/div>\n\t\t\t\t<div class=\"elementor-element elementor-element-8ad8d86 elementor-widget elementor-widget-text-editor\" data-id=\"8ad8d86\" data-element_type=\"widget\" data-e-type=\"widget\" data-widget_type=\"text-editor.default\">\n\t\t\t\t\t\t\t\t\t<p><span data-nosnippet>Heimdallur og Loki eru \u00ed s\u00e9rstakri spennu hvor gagnvart \u00f6\u00f0rum. \u201eH\u00fasdr\u00e1pa\u201c og Ragnar\u00f6k-<span class=\"iwg-fachbegriff\" data-tooltip=\"Var\u00f0veitt fr\u00e1s\u00f6gn um gu\u00f0i, uppruna og skipan heimsins.\" tabindex=\"0\">go\u00f0sagan<\/span> s\u00fdna \u00fe\u00e1 tvo sem eil\u00edfa andst\u00e6\u00f0inga. Georges Dum\u00e9zil t\u00falka\u00f0i \u00feessa m\u00f3tsetningu \u00ed \u201eLoki\u201c (1948) sem grundvallandi byggingarreglu: Heimdallur sem var\u00f0st\u00f6\u00f0ugur verndari reglunnar, Loki sem \u00f3rei\u00f0ukenndur landam\u00e6rabrj\u00f3tur. Sameiginleg tort\u00edming \u00feeirra \u00ed lokin er ekki tilviljun heldur skipulagsleg nau\u00f0syn.<\/span><\/p>\n<p><span data-nosnippet>Gagnvart \u00d3\u00f0ni kemur Heimdallur fram sem sonur og \u00fej\u00f3nn. Auga \u00d3\u00f0ins liggur undir uppsprettu M\u00edmis, horn Heimdallar undir r\u00f3tum Yggdrasils. John Lindow t\u00falka\u00f0i \u00feessa hli\u00f0st\u00e6\u00f0u \u00ed \u201eNorse Mythology\u201c (2001) sem speglu\u00f0 f\u00f3rnarform: tv\u00f6 skynf\u00e6ri, sj\u00f3n og heyrn, eru s\u00f6kkt \u00ed hinn kosm\u00edska jar\u00f0veg og gera kosm\u00edska skynjun m\u00f6gulega.<\/span><\/p>\n<p>Vi\u00f0 Freyju tengist hann \u00ed gegnum s\u00f6guna um h\u00e1lsmeni\u00f0. Me\u00f0 \u00de\u00f3r og \u00f6\u00f0rum \u00c1sum kemur hann til a\u00f0ger\u00f0a \u00feegar Ragnar\u00f6k er bo\u00f0a\u00f0. Eiginkonu e\u00f0a b\u00f6rn Heimdallar (fyrir utan forfe\u00f0urna \u00ed R\u00edgs\u00feulu) er ekki geti\u00f0. \u00deessi \u00e6ttartengda einangrun undirstrikar s\u00e9rst\u00f6\u00f0u hans.<\/p>\t\t\t\t\t\t\t\t<\/div>\n\t\t\t\t<\/div>\n\t\t<div class=\"elementor-element elementor-element-9768aeb e-con-full e-flex e-con e-child\" data-id=\"9768aeb\" data-element_type=\"container\" data-e-type=\"container\">\n\t\t\t\t<div class=\"elementor-element elementor-element-e397b6e elementor-widget elementor-widget-heading\" data-id=\"e397b6e\" data-element_type=\"widget\" data-e-type=\"widget\" data-widget_type=\"heading.default\">\n\t\t\t\t\t<h2 class=\"elementor-heading-title elementor-size-default\">M\u00f3ttaka og \u00e1hrif<\/h2>\t\t\t\t<\/div>\n\t\t\t\t<div class=\"elementor-element elementor-element-d1d1de7 elementor-widget elementor-widget-text-editor\" data-id=\"d1d1de7\" data-element_type=\"widget\" data-e-type=\"widget\" data-widget_type=\"text-editor.default\">\n\t\t\t\t\t\t\t\t\t<p>\u00c1 fyrri hluta mi\u00f0alda hvarf Heimdallur \u00ed skuggann me\u00f0 kristnit\u00f6kunni. <span class=\"iwg-fachbegriff\" data-tooltip=\"Var\u00f0veitt fr\u00e1s\u00f6gn um gu\u00f0i, uppruna og skipan heimsins.\" tabindex=\"0\">Go\u00f0sagan<\/span> um horni\u00f0 lif\u00f0i \u00fe\u00f3 \u00e1fram \u00ed kristinni hugmynd um l\u00fa\u00f0ur d\u00f3msdags.<\/p><p><span data-nosnippet>\u00deetta samband benti Jacob Grimm \u00feegar \u00e1 \u00ed \u201eDeutsche <span class=\"iwg-fachbegriff\" data-tooltip=\"Heildarsafn var\u00f0veittra go\u00f0sagna innan menningarheims.\" tabindex=\"0\">Mythologie<\/span>\u201c (1835). Grimm benti \u00e1 a\u00f0 norr\u00e6na heimsslitahugmyndin l\u00edkist skipulagslega kristinni heimsslitafr\u00e6\u00f0i, \u00ed b\u00e1\u00f0um tilvikum bo\u00f0ar hlj\u00f3\u00f0merki upphaf endalokanna.<\/span><\/p>\n<p>\u00c1 t\u00edmum r\u00f3mant\u00edkurstefnunnar var Heimdallur, \u00fer\u00e1tt fyrir \u00e1huga Grimms, aukapers\u00f3na. Richard Wagner sleppti honum \u00far \u201eNiflungahringnum\u201c. \u00dea\u00f0 var ekki fyrr en me\u00f0 \u00edslenskum Eddu-fr\u00e6\u00f0um 20. aldar a\u00f0 Heimdallur komst \u00ed brennidepil, fyrst og fremst \u00ed gegnum formger\u00f0arlestur Dum\u00e9zils.<\/p><p><span data-nosnippet>R\u00e1\u00f0stefnurit Heinrich Bernhard Janckuns, \u201eVorgeschichtliche Heiligt\u00fcmer und Opferpl\u00e4tze in Mittel- und Nordeuropa\u201c (1970), safna\u00f0i saman fornleifafr\u00e6\u00f0ilegum v\u00edsbendingum sem hins vegar hvergi m\u00e1tti tengja Heimdalli me\u00f0 vissu.<\/span><\/p>\n<p><span data-nosnippet>N\u00fat\u00edmavi\u00f0t\u00f6kur birtast \u00ed myndas\u00f6gum, kvikmyndum og sk\u00e1lds\u00f6gum. Marvel-kvikmyndirnar (Thor, 2011 og \u00e1fram) s\u00fdna Heimdall sem verndara me\u00f0 gulltengt sver\u00f0. V\u00edsindalega mikilv\u00e6gur er \u00e1fram formger\u00f0arlesturinn sem l\u00fdsir Heimdalli sem hn\u00fatpunkti milli manns og gu\u00f0s, milli heima og st\u00e9tta, milli skynjunar og athafna.<\/span><\/p>\n\n<p>\u201eR\u00edgs\u00feula\u201c, mikilv\u00e6gasta Heimdallar-kv\u00e6\u00f0i eddukv\u00e6\u00f0ahef\u00f0arins, er umdeild \u00ed t\u00edmasetningu me\u00f0al fr\u00e6\u00f0imanna. Lag\u00f0ar hafa veri\u00f0 til dagsetningar \u00e1 milli 9. og 13. aldar.<\/p><p>Klaus von See var\u00f0i \u00ed Eddu-sk\u00fdringum s\u00ednum s\u00ed\u00f0ari t\u00edmasetningu og las kv\u00e6\u00f0i\u00f0 sem \u00edr\u00f3n\u00edska fr\u00e6\u00f0irit fr\u00e1 13. \u00f6ld, sem r\u00e9ttl\u00e6ti go\u00f0s\u00f6gulega st\u00e9ttarskipan Noregs og \u00cdslands. R\u00e9gis Boyer og Andy Orchard telja aftur \u00e1 m\u00f3ti kv\u00e6\u00f0i\u00f0 vera fornan v\u00edgslutexta og t\u00edmasetja \u00fea\u00f0 til 9. e\u00f0a 10. aldar.<\/p>\n<p><span data-nosnippet>\u00cd n\u00fat\u00edmavi\u00f0t\u00f6kum er Heimdallur fyrst og fremst or\u00f0inn al\u00fej\u00f3\u00f0legt fyrirb\u00e6ri \u00ed gegnum Marvel-kvikmyndirnar (\u201eThor\u201c, fr\u00e1 2011). Framsetning Heimdallar sem d\u00f6kkh\u00fa\u00f0a\u00f0s str\u00ed\u00f0smanns me\u00f0 gulli\u00f0 sver\u00f0 (leikinn af Idris Elba) olli deilum \u00e1ri\u00f0 2011, \u00fear sem norr\u00e6n <span class=\"iwg-fachbegriff\" data-tooltip=\"Heildarsafn var\u00f0veittra go\u00f0sagna innan menningarheims.\" tabindex=\"0\">go\u00f0afr\u00e6\u00f0i<\/span> gefur enga v\u00edsbendingu um \u00fej\u00f3\u00f0ernislega einkennistj\u00e1ningu Heimdallar.<\/span><\/p><p>V\u00edsindaleg ranns\u00f3kn hefur fjarl\u00e6gt sig fr\u00e1 \u00feessari deilu og bendir \u00e1 a\u00f0 norr\u00e6nir gu\u00f0ir s\u00e9u go\u00f0s\u00f6gulegar verur, \u00fear sem myndr\u00e6n framsetning \u00feeirra hefur s\u00f6gulega \u00fer\u00f3ast en er ekki bundin fastri mynd.<\/p>\n<p><span data-nosnippet>\u00cd tr\u00faari\u00f0kun n\u00fat\u00edma n\u00fdhei\u00f0ni gegnir Heimdallur mikilv\u00e6gu hlutverki. \u00c1satr\u00faarf\u00e9lagi\u00f0 \u00e1 \u00cdslandi, sem hefur veri\u00f0 vi\u00f0urkennt sem tr\u00faf\u00e9lag fr\u00e1 1973, tignar Heimdall sem var\u00f0gu\u00f0. \u00deessi n\u00fat\u00edmai\u00f0kun er \u00fe\u00f3 endursk\u00f6pun \u00e1n beinnar tengingar vi\u00f0 mi\u00f0aldad\u00fdrkun.<\/span><\/p>\t\t\t\t\t\t\t\t<\/div>\n\t\t\t\t<\/div>\n\t\t<div class=\"elementor-element elementor-element-8db4a9c e-con-full e-flex e-con e-child\" data-id=\"8db4a9c\" data-element_type=\"container\" data-e-type=\"container\">\n\t\t\t\t<div class=\"elementor-element elementor-element-bdf96c8 elementor-widget elementor-widget-heading\" data-id=\"bdf96c8\" data-element_type=\"widget\" data-e-type=\"widget\" data-widget_type=\"heading.default\">\n\t\t\t\t\t<h2 class=\"elementor-heading-title elementor-size-default\">Tr\u00faarfr\u00e6\u00f0ileg sta\u00f0setning<\/h2>\t\t\t\t<\/div>\n\t\t\t\t<div class=\"elementor-element elementor-element-e1f130d elementor-widget elementor-widget-text-editor\" data-id=\"e1f130d\" data-element_type=\"widget\" data-e-type=\"widget\" data-widget_type=\"text-editor.default\">\n\t\t\t\t\t\t\t\t\t<p>Heimdallur er \u00ed samanbur\u00f0ar<span class=\"iwg-fachbegriff\" data-tooltip=\"Fr\u00e6\u00f0igreinin sem rannsakar tr\u00faarbr\u00f6g\u00f0 samanbur\u00f0arlega og \u00e1n tr\u00faarlegrar bindingar.\" tabindex=\"0\">tr\u00faarbrag\u00f0afr\u00e6\u00f0i<\/span> skilgreindur sem landam\u00e6ragu\u00f0. Sta\u00f0a hans \u00e1 \u00fer\u00f6skuldinum milli himins og jar\u00f0ar, horn hans sem heimsslitamerki, n\u00edu m\u00e6\u00f0ur hans \u00far bylgjunum, hlutverk hans sem forfa\u00f0ir manna st\u00e9tta: \u00f6ll \u00feessi atri\u00f0i bendi til veru sem g\u00e6tir umbreytinga.<\/p><p><span data-nosnippet>Mircea Eliade l\u00fdsti \u00ed \u201ePatterns in Comparative Religion\u201c (1958) fyrirb\u00e6ri var\u00f0mannsins sem al\u00fej\u00f3\u00f0legu fyrirb\u00e6ri, sem Heimdallur samsvarar \u00ed germ\u00f6nskum efnivi\u00f0i.<\/span><\/p>\n<p><span data-nosnippet>M\u00e1lfr\u00e6\u00f0ilega er nafn hans umdeilt. Lag\u00f0ar hafa veri\u00f0 til or\u00f0sifjar sem t\u00falka \u00fea\u00f0 sem \u201e\u00edb\u00faa heimalandsins\u201c, \u201evar\u00f0v\u00f6r\u00f0ur heimsins\u201c e\u00f0a \u201eglansandi str\u00e1landi\u201c. Wolfgang Meid h\u00e9lt 1992 fram aflei\u00f0slu af fornnorr\u00e6nu dallr (sk\u00ednandi).<\/span><\/p><p>Meirihluti fr\u00e6\u00f0imanna fylgir \u00ed dag Rudolf Simek, sem skilur nafni\u00f0 sem samsett \u00far heim (\u201eheimur\u201c) og dallr (\u201etr\u00e9, stafur, sto\u00f0\u201c), \u00feannig \u201eheimstr\u00e9\u201c e\u00f0a \u201eheimssto\u00f0\u201c.<\/p>\n<p><span data-nosnippet>T\u00e1knmyndin um n\u00edu m\u00e6\u00f0urnar hefur \u00ed ind\u00f3evr\u00f3pskri samanbur\u00f0argo\u00f0afr\u00e6\u00f0i hli\u00f0st\u00e6\u00f0ur \u00ed indverskum verum eins og Skanda, sem sex Krittikas (Sj\u00f6stj\u00f6rnurnar) n\u00e6r\u00f0u, og \u00ed keltneskum s\u00f6gnum um f\u00e6\u00f0ingarm\u00e6\u00f0ur. \u00deessar hli\u00f0st\u00e6\u00f0ur eru \u00fe\u00f3 a\u00f0eins ger\u00f0afr\u00e6\u00f0ilegar, ekki genet\u00edskar. S\u00e9rst\u00f6k mynd Heimdallar er \u00e1fram sj\u00e1lfst\u00e6\u00f0 sk\u00f6pun germanskrar <span class=\"iwg-fachbegriff\" data-tooltip=\"Flutningur \u00feekkingar og fr\u00e1sagna milli kynsl\u00f3\u00f0a.\" tabindex=\"0\">munnm\u00e6lahef\u00f0ar<\/span>.<\/span><\/p>\t\t\t\t\t\t\t\t<\/div>\n\t\t\t\t<\/div>\n\t\t<div class=\"elementor-element elementor-element-9ef5c2e e-con-full e-flex e-con e-child\" data-id=\"9ef5c2e\" data-element_type=\"container\" data-e-type=\"container\">\n\t\t\t\t<div class=\"elementor-element elementor-element-f893715 elementor-widget elementor-widget-heading\" data-id=\"f893715\" data-element_type=\"widget\" data-e-type=\"widget\" data-widget_type=\"heading.default\">\n\t\t\t\t\t<h2 class=\"elementor-heading-title elementor-size-default\">Heimildir og frekari lesning<\/h2>\t\t\t\t<\/div>\n\t\t\t\t<div class=\"elementor-element elementor-element-06c0970 elementor-widget elementor-widget-text-editor\" data-id=\"06c0970\" data-element_type=\"widget\" data-e-type=\"widget\" data-widget_type=\"text-editor.default\">\n\t\t\t\t\t\t\t\t\t<footer class=\"iwg-literatur\"><p><span data-nosnippet>Frumheimildir: \u00abProsa-Edda\u00bb (Snorri Sturluson, um 1220), \u00abV\u00f6lusp\u00e1\u00bb og \u00abR\u00edgs\u00feula\u00bb (\u00ed Eddukv\u00e6\u00f0um, Codex Regius), \u00abHyndlulj\u00f3\u00f0\u00bb (\u00ed \u00abFlateyjarb\u00f3k\u00bb), \u00abH\u00fasdr\u00e1pa\u00bb eftir \u00dalf Uggason. \u00datg\u00e1fa Eddukv\u00e6\u00f0a af Klaus von See, Beatrice La Farge o.fl. (\u00abKommentar zu den Liedern der Edda\u00bb, 7 bindi, 1997-2012).<\/span><\/p>\n<p>Fr\u00e6\u00f0irit:<\/p><ul><li><span data-nosnippet>Jan de Vries \u00abAltgermanische Religionsgeschichte\u00bb (2. \u00fatg. 1956\/57).<\/span><\/li><li><span data-nosnippet>Georges Dum\u00e9zil \u00abLoki\u00bb (1948) og \u00abHeur et malheur du guerrier\u00bb (1969).<\/span><\/li><li><span data-nosnippet>Margaret Clunies Ross \u00abProlonged Echoes\u00bb (1994\/98).<\/span><\/li><li>John Lindow \u00abNorse Mythology\u00bb (2001).<\/li><li><span data-nosnippet>R\u00e9gis Boyer \u00abLa religion des anciens Scandinaves\u00bb (1981).<\/span><\/li><\/ul>\n<p class=\"iwg-bib-more\"><span data-nosnippet>Fleiri undirst\u00f6\u00f0uverk \u00ed <a href=\"https:\/\/iwell-guard.com\/is\/heimildaskra\/\">heimildaskr\u00e1nni<\/a>.<\/span><\/p><\/footer>\t\t\t\t\t\t\t\t<\/div>\n\t\t\t\t<\/div>\n\t\t\t\t\t<\/div>\n\t\t\t\t<\/div>\n\t\t\t\t<\/div>\n\t\t","protected":false},"excerpt":{"rendered":"","protected":false},"author":3,"featured_media":3220,"parent":0,"menu_order":0,"comment_status":"closed","ping_status":"closed","template":"elementor_header_footer","meta":{"_yoast_wpseo_focuskw":"Heimdallur","_yoast_wpseo_title":"Heimdallur \u2013 v\u00f6r\u00f0ur Bifr\u00f6star og verndari \u00c1sgar\u00f0s","_yoast_wpseo_metadesc":"Heimdallur er germanski v\u00f6r\u00f0ur regnbogabr\u00faarins Bifr\u00f6star sem bl\u00e6s \u00ed Gjallarhorn vi\u00f0 upphaf Ragnar\u00f6ks","_yoast_wpseo_meta-robots-noindex":"","_yoast_wpseo_canonical":"","_angie_page":false,"gefaehrdungsstufe":"","wesen_kultur":"","wesen_klasse":"","footnotes":""},"categories":[],"class_list":["post-169059","page","type-page","status-publish","has-post-thumbnail","hentry"],"yoast_head":"<!-- This site is optimized with the Yoast SEO Premium plugin v27.7 (Yoast SEO v28.3) - https:\/\/yoast.com\/product\/yoast-seo-premium-wordpress\/ -->\n<title>Heimdallur \u2013 v\u00f6r\u00f0ur Bifr\u00f6star og verndari \u00c1sgar\u00f0s<\/title>\n<meta name=\"description\" content=\"Heimdallur er germanski v\u00f6r\u00f0ur regnbogabr\u00faarins Bifr\u00f6star sem bl\u00e6s \u00ed Gjallarhorn vi\u00f0 upphaf Ragnar\u00f6ks\" \/>\n<meta name=\"robots\" content=\"index, follow, max-snippet:-1, max-image-preview:large, max-video-preview:-1\" \/>\n<link rel=\"canonical\" href=\"https:\/\/iwell-guard.com\/is\/heimdallur\/\" \/>\n<meta property=\"og:locale\" content=\"is_IS\" \/>\n<meta property=\"og:type\" content=\"article\" \/>\n<meta property=\"og:title\" content=\"Heimdallur\" \/>\n<meta property=\"og:description\" content=\"Heimdallur er germanski v\u00f6r\u00f0ur regnbogabr\u00faarins Bifr\u00f6star sem bl\u00e6s \u00ed Gjallarhorn vi\u00f0 upphaf Ragnar\u00f6ks\" \/>\n<meta property=\"og:url\" content=\"https:\/\/iwell-guard.com\/is\/heimdallur\/\" \/>\n<meta property=\"og:site_name\" content=\"iWell Guard\" \/>\n<meta property=\"article:modified_time\" content=\"2026-09-05T14:31:14+00:00\" \/>\n<meta property=\"og:image\" content=\"https:\/\/iwell-guard.com\/wp-content\/uploads\/2026\/05\/goetter_germanisch_heimdall.webp\" \/>\n\t<meta property=\"og:image:width\" content=\"1024\" \/>\n\t<meta property=\"og:image:height\" content=\"1536\" \/>\n\t<meta property=\"og:image:type\" content=\"image\/webp\" \/>\n<meta name=\"twitter:card\" content=\"summary_large_image\" \/>\n<script type=\"application\/ld+json\" class=\"yoast-schema-graph\">{\"@context\":\"https:\\\/\\\/schema.org\",\"@graph\":[{\"@type\":\"WebPage\",\"@id\":\"https:\\\/\\\/iwell-guard.com\\\/is\\\/heimdallur\\\/\",\"url\":\"https:\\\/\\\/iwell-guard.com\\\/is\\\/heimdallur\\\/\",\"name\":\"Heimdallur \u2013 v\u00f6r\u00f0ur Bifr\u00f6star og verndari \u00c1sgar\u00f0s\",\"isPartOf\":{\"@id\":\"https:\\\/\\\/iwell-guard.com\\\/is\\\/#website\"},\"primaryImageOfPage\":{\"@id\":\"https:\\\/\\\/iwell-guard.com\\\/is\\\/heimdallur\\\/#primaryimage\"},\"image\":{\"@id\":\"https:\\\/\\\/iwell-guard.com\\\/is\\\/heimdallur\\\/#primaryimage\"},\"thumbnailUrl\":\"https:\\\/\\\/iwell-guard.com\\\/wp-content\\\/uploads\\\/2026\\\/05\\\/goetter_germanisch_heimdall.webp\",\"datePublished\":\"2026-09-05T14:05:13+00:00\",\"dateModified\":\"2026-09-05T14:31:14+00:00\",\"description\":\"Heimdallur er germanski v\u00f6r\u00f0ur regnbogabr\u00faarins Bifr\u00f6star sem bl\u00e6s \u00ed Gjallarhorn vi\u00f0 upphaf Ragnar\u00f6ks\",\"breadcrumb\":{\"@id\":\"https:\\\/\\\/iwell-guard.com\\\/is\\\/heimdallur\\\/#breadcrumb\"},\"inLanguage\":\"is\",\"potentialAction\":[{\"@type\":\"ReadAction\",\"target\":[\"https:\\\/\\\/iwell-guard.com\\\/is\\\/heimdallur\\\/\"]}]},{\"@type\":\"ImageObject\",\"inLanguage\":\"is\",\"@id\":\"https:\\\/\\\/iwell-guard.com\\\/is\\\/heimdallur\\\/#primaryimage\",\"url\":\"https:\\\/\\\/iwell-guard.com\\\/wp-content\\\/uploads\\\/2026\\\/05\\\/goetter_germanisch_heimdall.webp\",\"contentUrl\":\"https:\\\/\\\/iwell-guard.com\\\/wp-content\\\/uploads\\\/2026\\\/05\\\/goetter_germanisch_heimdall.webp\",\"width\":1024,\"height\":1536,\"caption\":\"Gu\u00f0ir \u00far germanskri hef\u00f0.\"},{\"@type\":\"BreadcrumbList\",\"@id\":\"https:\\\/\\\/iwell-guard.com\\\/is\\\/heimdallur\\\/#breadcrumb\",\"itemListElement\":[{\"@type\":\"ListItem\",\"position\":1,\"name\":\"Start\",\"item\":\"https:\\\/\\\/iwell-guard.com\\\/is\\\/?page_id=168580\"},{\"@type\":\"ListItem\",\"position\":2,\"name\":\"Heimdallur\"}]},{\"@type\":\"WebSite\",\"@id\":\"https:\\\/\\\/iwell-guard.com\\\/is\\\/#website\",\"url\":\"https:\\\/\\\/iwell-guard.com\\\/is\\\/\",\"name\":\"iWell Guard\",\"description\":\"Schutz vor dunklen Einfl\u00fcssen\",\"publisher\":{\"@id\":\"https:\\\/\\\/iwell-guard.com\\\/is\\\/#organization\"},\"potentialAction\":[{\"@type\":\"SearchAction\",\"target\":{\"@type\":\"EntryPoint\",\"urlTemplate\":\"https:\\\/\\\/iwell-guard.com\\\/is\\\/?s={search_term_string}\"},\"query-input\":{\"@type\":\"PropertyValueSpecification\",\"valueRequired\":true,\"valueName\":\"search_term_string\"}}],\"inLanguage\":\"is\"},{\"@type\":\"Organization\",\"@id\":\"https:\\\/\\\/iwell-guard.com\\\/is\\\/#organization\",\"name\":\"Ittermann electronic GmbH\",\"url\":\"https:\\\/\\\/iwell-guard.com\\\/is\\\/\",\"logo\":{\"@type\":\"ImageObject\",\"inLanguage\":\"is\",\"@id\":\"https:\\\/\\\/iwell-guard.com\\\/is\\\/#\\\/schema\\\/logo\\\/image\\\/\",\"url\":\"https:\\\/\\\/iwell-guard.com\\\/wp-content\\\/uploads\\\/2026\\\/05\\\/Ittermann-Logo-1182x237-1.png\",\"contentUrl\":\"https:\\\/\\\/iwell-guard.com\\\/wp-content\\\/uploads\\\/2026\\\/05\\\/Ittermann-Logo-1182x237-1.png\",\"width\":1182,\"height\":237,\"caption\":\"Ittermann electronic GmbH\"},\"image\":{\"@id\":\"https:\\\/\\\/iwell-guard.com\\\/is\\\/#\\\/schema\\\/logo\\\/image\\\/\"},\"sameAs\":[\"https:\\\/\\\/pantip.com\\\/profile\\\/9367242\",\"https:\\\/\\\/micro.blog\\\/iwellguard\",\"https:\\\/\\\/www.diggerslist.com\\\/iwellguard\\\/about\",\"https:\\\/\\\/skitterphoto.com\\\/photographers\\\/2870314\\\/iwell-guard\",\"https:\\\/\\\/iwellguard.wordpress.com\\\/2026\\\/06\\\/06\\\/iwell-guard\\\/\",\"https:\\\/\\\/hub.docker.com\\\/u\\\/iwellguard\",\"https:\\\/\\\/www.pinterest.com\\\/iwellguard\\\/\",\"https:\\\/\\\/bit.ly\\\/m\\\/iwellguard\",\"https:\\\/\\\/entre-vos-mains.alsace.eu\\\/profiles\\\/iwellguard\\\/activity\",\"https:\\\/\\\/gravatar.com\\\/reallybeded8fd34\",\"https:\\\/\\\/naijamatta.com\\\/iwellguard\",\"https:\\\/\\\/www.goodreads.com\\\/iwellguard\",\"https:\\\/\\\/profile.hatena.ne.jp\\\/iwellguard\\\/\",\"https:\\\/\\\/experiment.com\\\/users\\\/iwellguard\",\"https:\\\/\\\/wakelet.com\\\/@iWellGuard82270\",\"https:\\\/\\\/www.chordie.com\\\/forum\\\/profile.php?id=2555664\",\"https:\\\/\\\/www.instapaper.com\\\/p\\\/17757966\",\"https:\\\/\\\/www.mapleprimes.com\\\/users\\\/iwellguard\",\"https:\\\/\\\/businesslistingplus.com\\\/profile\\\/iwell-guard\\\/\",\"https:\\\/\\\/telegra.ph\\\/iWell-Guard-06-06\",\"https:\\\/\\\/pbase.com\\\/iwellguard\\\/iwellguard\",\"https:\\\/\\\/b.hatena.ne.jp\\\/iwellguard\\\/20260607#bookmark-4788405196491818882\",\"https:\\\/\\\/fliphtml5.com\\\/home\\\/iwellguard\",\"https:\\\/\\\/anyflip.com\\\/homepage\\\/cmiwl#About\",\"https:\\\/\\\/transfur.com\\\/Users\\\/iwellguard\",\"http:\\\/\\\/delphi.larsbo.org\\\/user\\\/iwellguard\",\"https:\\\/\\\/jobs.lajobsportal.org\\\/profiles\\\/8380803-iwell-guard\",\"https:\\\/\\\/md.chaosdorf.de\\\/s\\\/jfbe5SBdJD\",\"https:\\\/\\\/www.lingvolive.com\\\/en-us\\\/profile\\\/9ecaeaca-ce11-4e51-9e71-01d55e2bff36\\\/translations\",\"https:\\\/\\\/www.fitday.com\\\/fitness\\\/forums\\\/members\\\/iwellguard.html\",\"https:\\\/\\\/www.mymeetbook.com\\\/iwellguard\",\"https:\\\/\\\/pxhere.com\\\/en\\\/photographer-me\\\/5040798\",\"https:\\\/\\\/disqus.com\\\/by\\\/iwellguard\\\/about\\\/\",\"https:\\\/\\\/pastelink.net\\\/hjwciqwq\",\"https:\\\/\\\/pubhtml5.com\\\/homepage\\\/scjhn\\\/\",\"https:\\\/\\\/www.bitchute.com\\\/channel\\\/2O2eOKzNqujT\",\"https:\\\/\\\/audiomack.com\\\/iwellguard\"]}]}<\/script>\n<!-- \/ Yoast SEO Premium plugin. -->","yoast_head_json":{"title":"Heimdallur \u2013 v\u00f6r\u00f0ur Bifr\u00f6star og verndari \u00c1sgar\u00f0s","description":"Heimdallur er germanski v\u00f6r\u00f0ur regnbogabr\u00faarins Bifr\u00f6star sem bl\u00e6s \u00ed Gjallarhorn vi\u00f0 upphaf Ragnar\u00f6ks","robots":{"index":"index","follow":"follow","max-snippet":"max-snippet:-1","max-image-preview":"max-image-preview:large","max-video-preview":"max-video-preview:-1"},"canonical":"https:\/\/iwell-guard.com\/is\/heimdallur\/","og_locale":"is_IS","og_type":"article","og_title":"Heimdallur","og_description":"Heimdallur er germanski v\u00f6r\u00f0ur regnbogabr\u00faarins Bifr\u00f6star sem bl\u00e6s \u00ed Gjallarhorn vi\u00f0 upphaf Ragnar\u00f6ks","og_url":"https:\/\/iwell-guard.com\/is\/heimdallur\/","og_site_name":"iWell Guard","article_modified_time":"2026-09-05T14:31:14+00:00","og_image":[{"width":1024,"height":1536,"url":"https:\/\/iwell-guard.com\/wp-content\/uploads\/2026\/05\/goetter_germanisch_heimdall.webp","type":"image\/webp"}],"twitter_card":"summary_large_image","schema":{"@context":"https:\/\/schema.org","@graph":[{"@type":"WebPage","@id":"https:\/\/iwell-guard.com\/is\/heimdallur\/","url":"https:\/\/iwell-guard.com\/is\/heimdallur\/","name":"Heimdallur \u2013 v\u00f6r\u00f0ur Bifr\u00f6star og verndari \u00c1sgar\u00f0s","isPartOf":{"@id":"https:\/\/iwell-guard.com\/is\/#website"},"primaryImageOfPage":{"@id":"https:\/\/iwell-guard.com\/is\/heimdallur\/#primaryimage"},"image":{"@id":"https:\/\/iwell-guard.com\/is\/heimdallur\/#primaryimage"},"thumbnailUrl":"https:\/\/iwell-guard.com\/wp-content\/uploads\/2026\/05\/goetter_germanisch_heimdall.webp","datePublished":"2026-09-05T14:05:13+00:00","dateModified":"2026-09-05T14:31:14+00:00","description":"Heimdallur er germanski v\u00f6r\u00f0ur regnbogabr\u00faarins Bifr\u00f6star sem bl\u00e6s \u00ed Gjallarhorn vi\u00f0 upphaf Ragnar\u00f6ks","breadcrumb":{"@id":"https:\/\/iwell-guard.com\/is\/heimdallur\/#breadcrumb"},"inLanguage":"is","potentialAction":[{"@type":"ReadAction","target":["https:\/\/iwell-guard.com\/is\/heimdallur\/"]}]},{"@type":"ImageObject","inLanguage":"is","@id":"https:\/\/iwell-guard.com\/is\/heimdallur\/#primaryimage","url":"https:\/\/iwell-guard.com\/wp-content\/uploads\/2026\/05\/goetter_germanisch_heimdall.webp","contentUrl":"https:\/\/iwell-guard.com\/wp-content\/uploads\/2026\/05\/goetter_germanisch_heimdall.webp","width":1024,"height":1536,"caption":"Gu\u00f0ir \u00far germanskri hef\u00f0."},{"@type":"BreadcrumbList","@id":"https:\/\/iwell-guard.com\/is\/heimdallur\/#breadcrumb","itemListElement":[{"@type":"ListItem","position":1,"name":"Start","item":"https:\/\/iwell-guard.com\/is\/?page_id=168580"},{"@type":"ListItem","position":2,"name":"Heimdallur"}]},{"@type":"WebSite","@id":"https:\/\/iwell-guard.com\/is\/#website","url":"https:\/\/iwell-guard.com\/is\/","name":"iWell Guard","description":"Schutz vor dunklen Einfl\u00fcssen","publisher":{"@id":"https:\/\/iwell-guard.com\/is\/#organization"},"potentialAction":[{"@type":"SearchAction","target":{"@type":"EntryPoint","urlTemplate":"https:\/\/iwell-guard.com\/is\/?s={search_term_string}"},"query-input":{"@type":"PropertyValueSpecification","valueRequired":true,"valueName":"search_term_string"}}],"inLanguage":"is"},{"@type":"Organization","@id":"https:\/\/iwell-guard.com\/is\/#organization","name":"Ittermann electronic GmbH","url":"https:\/\/iwell-guard.com\/is\/","logo":{"@type":"ImageObject","inLanguage":"is","@id":"https:\/\/iwell-guard.com\/is\/#\/schema\/logo\/image\/","url":"https:\/\/iwell-guard.com\/wp-content\/uploads\/2026\/05\/Ittermann-Logo-1182x237-1.png","contentUrl":"https:\/\/iwell-guard.com\/wp-content\/uploads\/2026\/05\/Ittermann-Logo-1182x237-1.png","width":1182,"height":237,"caption":"Ittermann electronic GmbH"},"image":{"@id":"https:\/\/iwell-guard.com\/is\/#\/schema\/logo\/image\/"},"sameAs":["https:\/\/pantip.com\/profile\/9367242","https:\/\/micro.blog\/iwellguard","https:\/\/www.diggerslist.com\/iwellguard\/about","https:\/\/skitterphoto.com\/photographers\/2870314\/iwell-guard","https:\/\/iwellguard.wordpress.com\/2026\/06\/06\/iwell-guard\/","https:\/\/hub.docker.com\/u\/iwellguard","https:\/\/www.pinterest.com\/iwellguard\/","https:\/\/bit.ly\/m\/iwellguard","https:\/\/entre-vos-mains.alsace.eu\/profiles\/iwellguard\/activity","https:\/\/gravatar.com\/reallybeded8fd34","https:\/\/naijamatta.com\/iwellguard","https:\/\/www.goodreads.com\/iwellguard","https:\/\/profile.hatena.ne.jp\/iwellguard\/","https:\/\/experiment.com\/users\/iwellguard","https:\/\/wakelet.com\/@iWellGuard82270","https:\/\/www.chordie.com\/forum\/profile.php?id=2555664","https:\/\/www.instapaper.com\/p\/17757966","https:\/\/www.mapleprimes.com\/users\/iwellguard","https:\/\/businesslistingplus.com\/profile\/iwell-guard\/","https:\/\/telegra.ph\/iWell-Guard-06-06","https:\/\/pbase.com\/iwellguard\/iwellguard","https:\/\/b.hatena.ne.jp\/iwellguard\/20260607#bookmark-4788405196491818882","https:\/\/fliphtml5.com\/home\/iwellguard","https:\/\/anyflip.com\/homepage\/cmiwl#About","https:\/\/transfur.com\/Users\/iwellguard","http:\/\/delphi.larsbo.org\/user\/iwellguard","https:\/\/jobs.lajobsportal.org\/profiles\/8380803-iwell-guard","https:\/\/md.chaosdorf.de\/s\/jfbe5SBdJD","https:\/\/www.lingvolive.com\/en-us\/profile\/9ecaeaca-ce11-4e51-9e71-01d55e2bff36\/translations","https:\/\/www.fitday.com\/fitness\/forums\/members\/iwellguard.html","https:\/\/www.mymeetbook.com\/iwellguard","https:\/\/pxhere.com\/en\/photographer-me\/5040798","https:\/\/disqus.com\/by\/iwellguard\/about\/","https:\/\/pastelink.net\/hjwciqwq","https:\/\/pubhtml5.com\/homepage\/scjhn\/","https:\/\/www.bitchute.com\/channel\/2O2eOKzNqujT","https:\/\/audiomack.com\/iwellguard"]}]}},"_links":{"self":[{"href":"https:\/\/iwell-guard.com\/is\/wp-json\/wp\/v2\/pages\/169059","targetHints":{"allow":["GET"]}}],"collection":[{"href":"https:\/\/iwell-guard.com\/is\/wp-json\/wp\/v2\/pages"}],"about":[{"href":"https:\/\/iwell-guard.com\/is\/wp-json\/wp\/v2\/types\/page"}],"author":[{"embeddable":true,"href":"https:\/\/iwell-guard.com\/is\/wp-json\/wp\/v2\/users\/3"}],"replies":[{"embeddable":true,"href":"https:\/\/iwell-guard.com\/is\/wp-json\/wp\/v2\/comments?post=169059"}],"version-history":[{"count":0,"href":"https:\/\/iwell-guard.com\/is\/wp-json\/wp\/v2\/pages\/169059\/revisions"}],"wp:featuredmedia":[{"embeddable":true,"href":"https:\/\/iwell-guard.com\/is\/wp-json\/wp\/v2\/media\/3220"}],"wp:attachment":[{"href":"https:\/\/iwell-guard.com\/is\/wp-json\/wp\/v2\/media?parent=169059"}],"wp:term":[{"taxonomy":"category","embeddable":true,"href":"https:\/\/iwell-guard.com\/is\/wp-json\/wp\/v2\/categories?post=169059"}],"curies":[{"name":"wp","href":"https:\/\/api.w.org\/{rel}","templated":true}]}}