{"id":169058,"date":"2026-09-05T14:05:13","date_gmt":"2026-09-05T14:05:13","guid":{"rendered":"https:\/\/iwell-guard.com\/?page_id=169058"},"modified":"2026-09-05T14:31:12","modified_gmt":"2026-09-05T14:31:12","slug":"tyr","status":"publish","type":"page","link":"https:\/\/iwell-guard.com\/is\/tyr\/","title":{"rendered":"T\u00fdr"},"content":{"rendered":"\t\t<div data-elementor-type=\"wp-page\" data-elementor-id=\"169058\" class=\"elementor elementor-169058 elementor-2999 elementor-bc-flex-widget\" data-elementor-post-type=\"page\">\n\t\t\t\t<div class=\"elementor-element elementor-element-718c31b e-flex e-con-boxed e-con e-parent\" data-id=\"718c31b\" data-element_type=\"container\" data-e-type=\"container\" data-settings=\"{&quot;background_background&quot;:&quot;classic&quot;}\">\n\t\t\t\t\t<div class=\"e-con-inner\">\n\t\t<div class=\"elementor-element elementor-element-e6a3c93 e-flex e-con-boxed e-con e-child\" data-id=\"e6a3c93\" data-element_type=\"container\" data-e-type=\"container\">\n\t\t\t\t\t<div class=\"e-con-inner\">\n\t\t<div class=\"elementor-element elementor-element-b0f0c91 e-con-full e-flex e-con e-child\" data-id=\"b0f0c91\" data-element_type=\"container\" data-e-type=\"container\">\n\t\t\t\t<div class=\"elementor-element elementor-element-78987f3 elementor-widget elementor-widget-heading\" data-id=\"78987f3\" data-element_type=\"widget\" data-e-type=\"widget\" data-widget_type=\"heading.default\">\n\t\t\t\t\t<h1 class=\"elementor-heading-title elementor-size-default\">T\u00fdr, germanskur gu\u00f0 laga og str\u00ed\u00f0s<\/h1>\t\t\t\t<\/div>\n\t\t\t\t<div class=\"elementor-element elementor-element-e600bbc elementor-widget elementor-widget-text-editor\" data-id=\"e600bbc\" data-element_type=\"widget\" data-e-type=\"widget\" data-widget_type=\"text-editor.default\">\n\t\t\t\t\t\t\t\t\t<p>T\u00fdr er germanskur str\u00ed\u00f0sgu\u00f0 og verndari ei\u00f0sins, s\u00e1 sem l\u00f6gin og hi\u00f0 bindandi or\u00f0 eru undir. T\u00fdr telst til elstu go\u00f0a germanska pantheonsins. Hann kemur fram \u00ed eddukv\u00e6\u00f0um sem gu\u00f0 str\u00ed\u00f0s, laga og \u00feingsins og er talinn vera trygging bindandi ei\u00f0s.<\/p><p>\u00datlit hans, einhentur, m\u00e1 rekja til bindingar Fenris\u00falfs, einnar af megin\u00fe\u00e1ttum norr\u00e6nnar <span class=\"iwg-fachbegriff\" data-tooltip=\"Heildarsafn hef\u00f0bundinna sagna um gu\u00f0i \u00ed tiltekinni menningu.\" tabindex=\"0\">go\u00f0afr\u00e6\u00f0i<\/span>. Tr\u00faars\u00f6gulega er T\u00fdr lesinn sem endurspeglun ind\u00f3evr\u00f3psks himin- og lagagu\u00f0s, samb\u00e6rilegur vi\u00f0 r\u00f3mverska Mars og gr\u00edska Seif \u00ed eldri hlutverki hans sem ei\u00f0sgu\u00f0.<\/p>\t\t\t\t\t\t\t\t<\/div>\n\t\t\t\t<\/div>\n\t\t<div class=\"elementor-element elementor-element-0088fab e-con-full e-flex e-con e-parent\" data-id=\"0088fab\" data-element_type=\"container\" data-e-type=\"container\">\n\t\t\t\t<div class=\"elementor-element elementor-element-78ca0c9 elementor-widget elementor-widget-html\" data-id=\"78ca0c9\" data-element_type=\"widget\" data-e-type=\"widget\" data-widget_type=\"html.default\">\n\t\t\t\t\t<div class=\"iwg-pill-row\"><span class=\"iwg-klasse-badge\" tabindex=\"0\" data-tooltip=\"Gu\u00f0 \/ Gy\u00f0ja: Pers\u00f3nuger\u00f0 h\u00e1m\u00e1ttarvera \u00ed pantheoni menningar, me\u00f0 lj\u00f3st hlutverk \u2014 n\u00e1tt\u00faru\u00f6fl, \u00f6rl\u00f6g, str\u00ed\u00f0, frj\u00f3semi. D\u00fdrku\u00f0 me\u00f0 helgisi\u00f0um, f\u00f3rnum og musterisstofnunum.\">Gu\u00f0<\/span><a href=\"https:\/\/iwell-guard.com\/is\/germonsk\/\" class=\"iwg-kultur-badge\" tabindex=\"0\" data-tooltip=\"Fornkristinn gu\u00f0a- og andaheimur Nor\u00f0ur- og Mi\u00f0-Evr\u00f3pu.\">Germanskt<\/a><\/div>\t\t\t\t<\/div>\n\t\t\t\t<\/div>\n\t\t<div class=\"elementor-element elementor-element-96613ac e-con-full e-flex e-con e-child\" data-id=\"96613ac\" data-element_type=\"container\" data-e-type=\"container\">\n\t\t\t\t<div class=\"elementor-element elementor-element-625c0e4 elementor-toc--minimized-on-tablet elementor-widget elementor-widget-table-of-contents\" data-id=\"625c0e4\" data-element_type=\"widget\" data-e-type=\"widget\" data-settings=\"{&quot;exclude_headings_by_selector&quot;:[],&quot;no_headings_message&quot;:&quot;Engar undirfyrirsagnir fundust \\u00e1 \\u00feessari s\\u00ed\\u00f0u.&quot;,&quot;headings_by_tags&quot;:[&quot;h2&quot;,&quot;h3&quot;],&quot;marker_view&quot;:&quot;bullets&quot;,&quot;icon&quot;:{&quot;value&quot;:&quot;fas fa-circle&quot;,&quot;library&quot;:&quot;fa-solid&quot;,&quot;rendered_tag&quot;:&quot;&lt;svg class=\\&quot;e-font-icon-svg e-fas-circle\\&quot; viewBox=\\&quot;0 0 512 512\\&quot; xmlns=\\&quot;http:\\\/\\\/www.w3.org\\\/2000\\\/svg\\&quot;&gt;&lt;path d=\\&quot;M256 8C119 8 8 119 8 256s111 248 248 248 248-111 248-248S393 8 256 8z\\&quot;&gt;&lt;\\\/path&gt;&lt;\\\/svg&gt;&quot;},&quot;minimize_box&quot;:&quot;yes&quot;,&quot;minimized_on&quot;:&quot;tablet&quot;,&quot;hierarchical_view&quot;:&quot;yes&quot;,&quot;min_height&quot;:{&quot;unit&quot;:&quot;px&quot;,&quot;size&quot;:&quot;&quot;,&quot;sizes&quot;:[]},&quot;min_height_tablet&quot;:{&quot;unit&quot;:&quot;px&quot;,&quot;size&quot;:&quot;&quot;,&quot;sizes&quot;:[]},&quot;min_height_mobile&quot;:{&quot;unit&quot;:&quot;px&quot;,&quot;size&quot;:&quot;&quot;,&quot;sizes&quot;:[]}}\" data-widget_type=\"table-of-contents.default\">\n\t\t\t\t\t\t\t\t\t<div class=\"elementor-toc__header\">\n\t\t\t\t\t\t<h2 class=\"elementor-toc__header-title\">\n\t\t\t\tEfnisyfirlit\t\t\t<\/h2>\n\t\t\t\t\t\t\t\t\t\t<div class=\"elementor-toc__toggle-button elementor-toc__toggle-button--expand\" role=\"button\" tabindex=\"0\" aria-controls=\"elementor-toc__625c0e4\" aria-expanded=\"true\" aria-label=\"Open table of contents\"><svg aria-hidden=\"true\" class=\"e-font-icon-svg e-fas-chevron-down\" viewBox=\"0 0 448 512\" xmlns=\"http:\/\/www.w3.org\/2000\/svg\"><path d=\"M207.029 381.476L12.686 187.132c-9.373-9.373-9.373-24.569 0-33.941l22.667-22.667c9.357-9.357 24.522-9.375 33.901-.04L224 284.505l154.745-154.021c9.379-9.335 24.544-9.317 33.901.04l22.667 22.667c9.373 9.373 9.373 24.569 0 33.941L240.971 381.476c-9.373 9.372-24.569 9.372-33.942 0z\"><\/path><\/svg><\/div>\n\t\t\t\t<div class=\"elementor-toc__toggle-button elementor-toc__toggle-button--collapse\" role=\"button\" tabindex=\"0\" aria-controls=\"elementor-toc__625c0e4\" aria-expanded=\"true\" aria-label=\"Close table of contents\"><svg aria-hidden=\"true\" class=\"e-font-icon-svg e-fas-chevron-up\" viewBox=\"0 0 448 512\" xmlns=\"http:\/\/www.w3.org\/2000\/svg\"><path d=\"M240.971 130.524l194.343 194.343c9.373 9.373 9.373 24.569 0 33.941l-22.667 22.667c-9.357 9.357-24.522 9.375-33.901.04L224 227.495 69.255 381.516c-9.379 9.335-24.544 9.317-33.901-.04l-22.667-22.667c-9.373-9.373-9.373-24.569 0-33.941L207.03 130.525c9.372-9.373 24.568-9.373 33.941-.001z\"><\/path><\/svg><\/div>\n\t\t\t\t\t<\/div>\n\t\t\t\t<div id=\"elementor-toc__625c0e4\" class=\"elementor-toc__body\">\n\t\t\t<div class=\"elementor-toc__spinner-container\">\n\t\t\t\t<svg class=\"elementor-toc__spinner eicon-animation-spin e-font-icon-svg e-eicon-loading\" aria-hidden=\"true\" viewBox=\"0 0 1000 1000\" xmlns=\"http:\/\/www.w3.org\/2000\/svg\"><path d=\"M500 975V858C696 858 858 696 858 500S696 142 500 142 142 304 142 500H25C25 237 238 25 500 25S975 237 975 500 763 975 500 975Z\"><\/path><\/svg>\t\t\t<\/div>\n\t\t<\/div>\n\t\t\t\t\t\t<\/div>\n\t\t\t\t<\/div>\n\t\t\t\t\t<\/div>\n\t\t\t\t<\/div>\n\t\t<div class=\"elementor-element elementor-element-69bc4d3 e-con-full e-flex e-con e-child\" data-id=\"69bc4d3\" data-element_type=\"container\" data-e-type=\"container\">\n\t\t\t\t<div class=\"elementor-element elementor-element-37a9d54 iwg-hero-image elementor-widget elementor-widget-image\" data-id=\"37a9d54\" data-element_type=\"widget\" data-e-type=\"widget\" data-widget_type=\"image.default\">\n\t\t\t\t\t\t\t\t\t\t\t\t\t\t\t<img fetchpriority=\"high\" decoding=\"async\" width=\"683\" height=\"1024\" src=\"https:\/\/iwell-guard.com\/wp-content\/uploads\/2026\/05\/goetter_germanisch_tyr-1-683x1024.webp\" class=\"attachment-large size-large wp-image-170730\" alt=\"T\u00fdr - gu\u00f0ir \u00far germanskri hef\u00f0, s\u00f6guleg-myndr\u00e6n framsetning\" srcset=\"https:\/\/iwell-guard.com\/wp-content\/uploads\/2026\/05\/goetter_germanisch_tyr-1-683x1024.webp 683w, https:\/\/iwell-guard.com\/wp-content\/uploads\/2026\/05\/goetter_germanisch_tyr-1-200x300.webp 200w, https:\/\/iwell-guard.com\/wp-content\/uploads\/2026\/05\/goetter_germanisch_tyr-1-768x1152.webp 768w, https:\/\/iwell-guard.com\/wp-content\/uploads\/2026\/05\/goetter_germanisch_tyr-1.webp 1024w\" sizes=\"(max-width: 683px) 100vw, 683px\" \/>\t\t\t\t\t\t\t\t\t\t\t\t\t\t\t<\/div>\n\t\t\t\t<\/div>\n\t\t\t\t\t<\/div>\n\t\t\t\t<\/div>\n\t\t<div class=\"elementor-element elementor-element-ded2f89 e-con-boxed e-flex e-con e-parent\" data-id=\"ded2f89\" data-element_type=\"container\" data-e-type=\"container\">\n\t\t\t\t\t<div class=\"e-con-inner\">\n\t\t<div class=\"elementor-element elementor-element-0cf4716 e-con-full e-flex e-con e-child\" data-id=\"0cf4716\" data-element_type=\"container\" data-e-type=\"container\">\n\t\t\t\t<div class=\"elementor-element elementor-element-80bfd98 elementor-widget elementor-widget-heading\" data-id=\"80bfd98\" data-element_type=\"widget\" data-e-type=\"widget\" data-widget_type=\"heading.default\">\n\t\t\t\t\t<h2 class=\"elementor-heading-title elementor-size-default\">Go\u00f0s\u00f6gn og uppruni<\/h2>\t\t\t\t<\/div>\n\t\t\t\t<div class=\"elementor-element elementor-element-44b0135 elementor-widget elementor-widget-text-editor\" data-id=\"44b0135\" data-element_type=\"widget\" data-e-type=\"widget\" data-widget_type=\"text-editor.default\">\n\t\t\t\t\t\t\t\t\t<p>Ranns\u00f3knir telja T\u00fd (fornnorr\u00e6nt T\u00fdr, fornh\u00e1\u00fe\u00fdskt Ziu, vestgermanskt Tiwaz) vera tungum\u00e1lalega vel sta\u00f0festa framhald ind\u00f3evr\u00f3psks himingu\u00f0s af frumgermanska nafninu *Tiwaz.<\/p><p>R\u00f3tin m\u00e1 tengja vi\u00f0 gr\u00edsku Seif, lat\u00ednu Iuppiter (upphaflega *dyeu-pater) og sanskr\u00edt Dyaus Pitar. \u00cd germanskri <span class=\"iwg-fachbegriff\" data-tooltip=\"Mi\u00f0lun \u00feekkingar og sagna milli kynsl\u00f3\u00f0a.\" tabindex=\"0\">munnm\u00e6lahef\u00f0<\/span> breytist hlutverki\u00f0: \u00far himinherra ind\u00f3evr\u00f3pskrar hef\u00f0ar ver\u00f0ur hann str\u00ed\u00f0s- og lagagu\u00f0 \u00feingsamf\u00e9lagsins.<\/p>\n<p>Snorri Sturluson kallar T\u00fd \u00ed \u00abSnorra-Eddu\u00bb (Gylfaginning 25) \u00abhraustastan og hugdjarfastan\u00bb \u00e1sanna, sem r\u00e6\u00f0ur \u00farslitum um sigur \u00ed bardaga. Hann er sag\u00f0ur sonur \u00d3\u00f0ins, en \u00ed \u00abHymiskvi\u00f0u\u00bb \u00abEddukv\u00e6\u00f0a\u00bb sonur j\u00f6tunsins Hymis.<\/p><p>\u00deessa m\u00f3tsagnakenndu \u00e6ttart\u00f6lu telja Jan de Vries og Rudolf Simek merki um eldri, sj\u00e1lfst\u00e6\u00f0a st\u00f6\u00f0u T\u00fds, sem s\u00ed\u00f0ar var yfirl\u00f6g\u00f0 af yfirr\u00e1\u00f0um \u00d3\u00f0ins \u00ed ritheimildum.<\/p>\n<p>Mi\u00f0l\u00e6g go\u00f0s\u00f6gn er binding Fenris. \u00deegar \u00c6sir vilja binda hinn \u00f6rt vaxandi Fenris\u00falf me\u00f0 fj\u00f6trinum Gleipni, krefst d\u00fdri\u00f0 pants um g\u00f3\u00f0an vilja. Einungis T\u00fdr leggur h\u00e6gri h\u00f6nd s\u00edna \u00ed kj\u00e1lka \u00falfsins.<\/p><p>\u00deegar Fenrir skynjar svikin, b\u00edtur hann h\u00f6ndina af. Snorri tekur fram a\u00f0 T\u00fdr s\u00e9 fr\u00e1 \u00feeirri stundu einhentur og geti ekki talist fri\u00f0flytjandi me\u00f0al manna. \u00deessi atbur\u00f0ur er myndr\u00e6nt sta\u00f0festur \u00e1 fj\u00f6lda skandinav\u00edskra myndsteina og litlum bronsh\u00e1lsmenum fr\u00e1 6. til 10. \u00f6ld.<\/p>\n<p>\u00cd \u00abV\u00f6lusp\u00e1\u00bb og \u00ed Gylfaginningu 51 hj\u00e1 Snorra er endalok T\u00fds l\u00fdst. \u00cd Ragnar\u00f6kum berst hann vi\u00f0 hundinn Garm. B\u00e1\u00f0ir deyja hvor fyrir hendi annars. Andl\u00e1t \u00feeirra tveggja markar endalok g\u00f6mlu skipanarinnar og stendur \u00ed samhverfu sambandi vi\u00f0 fall \u00d3\u00f0ins \u00ed bardaga vi\u00f0 Fenri og dau\u00f0a \u00de\u00f3rs af eitri Mi\u00f0gar\u00f0sormsins.<\/p>\n\n<p>Ranns\u00f3knir hafa raki\u00f0 nafn T\u00fds \u00ed fj\u00f6lda \u00e1letrana og sta\u00f0arheita. Tiwaz-<span class=\"iwg-fachbegriff\" data-tooltip=\"Skriftart\u00e1kn germanskra \u00fej\u00f3\u00f0a, einnig notu\u00f0 \u00ed verndar- og sei\u00f0form\u00falur.\" tabindex=\"0\">r\u00fanin<\/span> finnst \u00e1 spj\u00f3tsoddinum fr\u00e1 Kovel (Volhyn\u00eda, 3. \u00f6ld), \u00e1 sylgjunni fr\u00e1 Aquincum (Pann\u00f3n\u00eda, 4. \u00f6ld) og \u00e1 fj\u00f6lda gullbrakteata fr\u00e1 \u00fej\u00f3\u00f0flutningat\u00edmanum \u00ed Danm\u00f6rku og Su\u00f0ur-Sv\u00ed\u00fej\u00f3\u00f0.<\/p><p>\u00datbrei\u00f0sla \u00feessara minja n\u00e6r fr\u00e1 D\u00f3n\u00e1 til Mi\u00f0-Sv\u00ed\u00fej\u00f3\u00f0ar og s\u00fdnir hef\u00f0 sem spannar allar germanskar \u00fej\u00f3\u00f0flokkategundir.<\/p>\n<p>S\u00e9rsta\u00f0a T\u00fds me\u00f0al annarra go\u00f0a er einnig undirstriku\u00f0 af f\u00e6\u00f0 go\u00f0sagna um hann. \u00c1 me\u00f0an \u00d3\u00f0inn, \u00de\u00f3r og Loki koma fram \u00ed tugum \u00fe\u00e1tta, takmarkast fr\u00e1sagnarm\u00f6guleikar T\u00fds vi\u00f0 f\u00e1ein lykilatri\u00f0i: bindingu Fenris, Hymis-f\u00f6rina, Ragnar\u00f6ka-bardagann vi\u00f0 Garm.<\/p><p>Klaus von See hefur \u00ed Eddu-sk\u00fdringum s\u00ednum (4. bindi, 2004) haldi\u00f0 \u00fev\u00ed fram a\u00f0 \u00feessi f\u00e6\u00f0 go\u00f0sagna s\u00e9 ekki tilviljun heldur endurspeglun eldri gu\u00f0s, sem b\u00f3kmenntaleg tilv\u00edsun til hans hafi minnka\u00f0 \u00e1 9. til 13. \u00f6ld, me\u00f0an helgisi\u00f0ahlutverk hans og lagalegt hlutverk h\u00e9ldu \u00e1fram a\u00f0 hafa \u00e1hrif undir yfirbor\u00f0inu.<\/p>\t\t\t\t\t\t\t\t<\/div>\n\t\t\t\t<\/div>\n\t\t<div class=\"elementor-element elementor-element-5f5ca5a e-con-full e-flex e-con e-child\" data-id=\"5f5ca5a\" data-element_type=\"container\" data-e-type=\"container\">\n\t\t\t\t<div class=\"elementor-element elementor-element-0279ee6 elementor-widget elementor-widget-heading\" data-id=\"0279ee6\" data-element_type=\"widget\" data-e-type=\"widget\" data-widget_type=\"heading.default\">\n\t\t\t\t\t<h2 class=\"elementor-heading-title elementor-size-default\">T\u00e1kn og einkenni<\/h2>\t\t\t\t<\/div>\n\t\t\t\t<div class=\"elementor-element elementor-element-1f64623 elementor-widget elementor-widget-text-editor\" data-id=\"1f64623\" data-element_type=\"widget\" data-e-type=\"widget\" data-widget_type=\"text-editor.default\">\n\t\t\t\t\t\t\t\t\t<p>\u00c1berandi einkenni er hin fjarverandi h\u00e6gri h\u00f6nd. \u00cd myndhef\u00f0inni birtist T\u00fdr oftast me\u00f0 sver\u00f0i og stubb sem n\u00e6r \u00ed kj\u00e1lka \u00falfsins. R\u00fanin sem er nefnd eftir honum, Tiwaz (germanskt t-<span class=\"iwg-fachbegriff\" data-tooltip=\"Skriftart\u00e1kn germanskra \u00fej\u00f3\u00f0a, einnig notu\u00f0 \u00ed verndar- og sei\u00f0form\u00falur.\" tabindex=\"0\">r\u00fan<\/span>, fornnorr\u00e6nt t\u00fdr), hefur form uppr\u00e9ttrar \u00f6rvar.<\/p><p>\u00abSigrdr\u00edfum\u00e1l\u00bb \u00ed \u00abEddukv\u00e6\u00f0um\u00bb r\u00e1\u00f0leggur a\u00f0 rista <span class=\"iwg-fachbegriff\" data-tooltip=\"Skriftart\u00e1kn germanskra \u00fej\u00f3\u00f0a, einnig notu\u00f0 \u00ed verndar- og sei\u00f0form\u00falur.\" tabindex=\"0\">r\u00fanina<\/span> \u00e1 sver\u00f0i\u00f0 og nefna nafn T\u00fds tvisvar til a\u00f0 n\u00e1 sigri. \u00deannig birtist <span class=\"iwg-fachbegriff\" data-tooltip=\"Skriftart\u00e1kn germanskra \u00fej\u00f3\u00f0a, einnig notu\u00f0 \u00ed verndar- og sei\u00f0form\u00falur.\" tabindex=\"0\">r\u00fanin<\/span> b\u00e6\u00f0i sem skriftart\u00e1kn og sem magna\u00f0ur sei\u00f0stafur.<\/p>\n<p>Vikudagurinn sem honum er tileinka\u00f0ur er \u00feri\u00f0judagur, \u00e1 ensku Tuesday, \u00e1 s\u00e6nsku tisdag, \u00e1 norsku og d\u00f6nsku tirsdag. \u00cd Su\u00f0ur-\u00de\u00fdskalandi lifir formi\u00f0 Ziestag, Zischtig \u00e1fram \u00ed alemannskum m\u00e1ll\u00fdskum fram \u00e1 20. \u00f6ld.<\/p><p>\u00deessi myndun vikudagsheitisins fylgir interpretatio romana, \u00fear sem T\u00fdr var samsama\u00f0ur Mars. Tacitus greinir \u00ed \u00abGerman\u00edu\u00bb kafla 9 a\u00f0 Germanir hafi me\u00f0al gu\u00f0a sinna d\u00fdrka\u00f0 Mars, en \u00e1tt er vi\u00f0 Tiwaz.<\/p>\n<p>D\u00fdraf\u00f3rnir til T\u00fds eru \u00ed fornleifafr\u00e6\u00f0ilegum g\u00f6gnum a\u00f0allega tengdar hesti og hundi. M\u00fdrarfundir \u00ed Danm\u00f6rku, svo sem Illerup \u00c5dal og Nydam, hafa \u00ed miklu umfangi ey\u00f0il\u00f6g\u00f0 vopn, sem a\u00f0 t\u00falkun Klaus Randsborg og Joachim Werner eru talin vera str\u00ed\u00f0sbotnarf\u00f3rnir til str\u00ed\u00f0sgu\u00f0s, a\u00f0 \u00f6llum l\u00edkindum Tiwaz.<\/p>\t\t\t\t\t\t\t\t<\/div>\n\t\t\t\t<\/div>\n\t\t<div class=\"elementor-element elementor-element-0e8d786 e-con-full e-flex e-con e-child\" data-id=\"0e8d786\" data-element_type=\"container\" data-e-type=\"container\">\n\t\t\t\t<div class=\"elementor-element elementor-element-2ee60db elementor-widget elementor-widget-heading\" data-id=\"2ee60db\" data-element_type=\"widget\" data-e-type=\"widget\" data-widget_type=\"heading.default\">\n\t\t\t\t\t<h2 class=\"elementor-heading-title elementor-size-default\">D\u00fdrkun og tilbei\u00f0sla<\/h2>\t\t\t\t<\/div>\n\t\t\t\t<div class=\"elementor-element elementor-element-dd246c0 elementor-widget elementor-widget-text-editor\" data-id=\"dd246c0\" data-element_type=\"widget\" data-e-type=\"widget\" data-widget_type=\"text-editor.default\">\n\t\t\t\t\t\t\t\t\t<p>Adam fr\u00e1 Brimum l\u00fdsir \u00ed \u00abGesta Hammaburgensis ecclesi\u00e4 pontificum\u00bb (um 1075) <span class=\"iwg-fachbegriff\" data-tooltip=\"Bygging sem tileinku\u00f0 er d\u00fdrkun einnar e\u00f0a fleiri gu\u00f0a.\" tabindex=\"0\">hofinu<\/span> \u00ed Upps\u00f6lum me\u00f0 \u00ferj\u00e1r go\u00f0amyndir: \u00de\u00f3r, \u00d3\u00f0in og Fricco. T\u00fdr er ekki nefndur \u00ed \u00feessari s\u00ed\u00f0ari upptalningu, sem er tali\u00f0 gefa til kynna minnkandi tr\u00faarlegt v\u00e6gi hans \u00e1 lokaskei\u00f0i v\u00edkingaaldar.<\/p><p>\u00cd eldri l\u00f6gum, me\u00f0al annars \u00e1 meginlandssv\u00e6\u00f0um Su\u00f0ur-\u00dej\u00f3\u00f0verja og Saxa, var sta\u00f0a hans aftur \u00e1 m\u00f3ti \u00e1berandi. \u00d6rnefni eins og Tislund (Danm\u00f6rku), Tysnes (Noregi) e\u00f0a Zierberg, Ziessenhausen (Su\u00f0ur-\u00de\u00fdskalandi) s\u00fdna \u00fe\u00e9tt net helgista\u00f0a.<\/p>\n<p>Tacitus nefnir \u00ed \u00abGermania\u00bb 9, \u00e1n eiginnafns, germanskan Mars sem m\u00f6nnum var f\u00f3rna\u00f0 til. \u00cd \u00abAnnales\u00bb 13,57 greinir hann fr\u00e1 sigri Hermund\u00fara \u00e1 Ch\u00f6ttum, \u00fear sem allur her andst\u00e6\u00f0inganna, \u00e1samt hestum og vopnum, var <span class=\"iwg-fachbegriff\" data-tooltip=\"V\u00edgt me\u00f0 tr\u00faarlegri ath\u00f6fn og \u00fear me\u00f0 teki\u00f0 \u00far hinu hversdagslega.\" tabindex=\"0\">helga\u00f0ur<\/span> Mars og Mercurius.<\/p><p>Tr\u00faarbrag\u00f0afr\u00e6\u00f0ingar \u00e1 bor\u00f0 vi\u00f0 Jens Peter Schj\u00f8dt t\u00falka \u00feessa i\u00f0kun sem tr\u00faarlega devotio, form fyrirfram f\u00f3rnar til str\u00ed\u00f0sgu\u00f0sins til a\u00f0 tryggja sigur.<\/p>\n<p>\u00deingsta\u00f0urinn var honum tileinka\u00f0ur sta\u00f0ur. \u00dear sem \u00feingi\u00f0 var \u00ed senn d\u00f3m\u00feing og stj\u00f3rnm\u00e1lasamkoma, f\u00e9ll T\u00fd hlutverk verndara r\u00e9ttarskipunarins \u00ed skaut. Hin \u00edslenska \u00abLandn\u00e1mab\u00f3k\u00bb og hi\u00f0 s\u00e6nska l\u00f6gb\u00f3k \u00abUpplandslagen\u00bb var\u00f0veita ummerki um eldri tengingu \u00e1 milli ei\u00f0sforma, \u00feingjar\u00f0ar og pers\u00f3nu T\u00fds.<\/p><p><span data-nosnippet>Margaret Clunies Ross hefur \u00ed \u00abProlonged Echoes\u00bb (1994) s\u00fdnt fram \u00e1 a\u00f0 l\u00f6gfr\u00e6\u00f0ilega hlutverki\u00f0 f\u00e6r\u00f0ist \u00ed s\u00ed\u00f0ari b\u00f3kmenntal\u00f6gum a\u00f0 mestu yfir \u00e1 Forseta og a\u00f0rar yngri pers\u00f3nur, en hin fornlega mynd T\u00fds var\u00f0veittist \u00ed ei\u00f0sformum og r\u00fanaritum.<\/span><\/p>\t\t\t\t\t\t\t\t<\/div>\n\t\t\t\t<\/div>\n\t\t<div class=\"elementor-element elementor-element-71045c2 e-con-full e-flex e-con e-child\" data-id=\"71045c2\" data-element_type=\"container\" data-e-type=\"container\">\n\t\t\t\t<div class=\"elementor-element elementor-element-dff6ce2 elementor-widget elementor-widget-heading\" data-id=\"dff6ce2\" data-element_type=\"widget\" data-e-type=\"widget\" data-widget_type=\"heading.default\">\n\t\t\t\t\t<h2 class=\"elementor-heading-title elementor-size-default\">Mikilv\u00e6gar go\u00f0sagnir<\/h2>\t\t\t\t<\/div>\n\t\t\t\t<div class=\"elementor-element elementor-element-b996b95 elementor-widget elementor-widget-text-editor\" data-id=\"b996b95\" data-element_type=\"widget\" data-e-type=\"widget\" data-widget_type=\"text-editor.default\">\n\t\t\t\t\t\t\t\t\t<p>Fj\u00f6trun Fenris er \u00ed brennidepli. Snorri segir \u00ed Gylfaginningu 34 n\u00e1kv\u00e6mlega fr\u00e1 \u00fev\u00ed hvernig dvergarnir \u00ed Svart\u00e1lfaheimi sm\u00ed\u00f0a fj\u00f6trinn Gleipni \u00far sex \u00f3m\u00f6gulegum efnum: hlj\u00f3\u00f0inu \u00ed kattarf\u00e6ti, skeggi konu, r\u00f3tum bergs, sinum bjarnar, anda fisks og munnvatni fugls.<\/p><p>Upptalningin hefur t\u00f6frandi-sk\u00e1ldlegt hlutverk og \u00fatsk\u00fdrir hvers vegna heimurinn hefur ekki lengur \u00feessa hluti.<\/p><p><span data-nosnippet>Fenrir treystir ekki hinni vir\u00f0ist \u00feunnu sn\u00faru. Ath\u00f6fn T\u00fds er \u00fear me\u00f0 ekki hvatv\u00eds hugpr\u00fd\u00f0i, heldur me\u00f0vitu\u00f0 f\u00f3rn til a\u00f0 tryggja hina kosm\u00edsku skipan. Georges Dum\u00e9zil hefur \u00ed \u00abMitra-Varuna\u00bb (1948) t\u00falka\u00f0 \u00feessa senu sem d\u00e6mi um valdatap hins l\u00f6gfr\u00e6\u00f0ilega gu\u00f0s: T\u00fdr missir h\u00f6ndina sem sver, og \u00fear me\u00f0 t\u00e1knr\u00e6nan hluta af l\u00f6gfr\u00e6\u00f0ilegu hlutverki s\u00ednu.<\/span><\/p>\n<p>\u00d6nnur <span class=\"iwg-fachbegriff\" data-tooltip=\"Var\u00f0veitt fr\u00e1s\u00f6gn um gu\u00f0i, uppruna og skipan heimsins.\" tabindex=\"0\">go\u00f0s\u00f6gn<\/span> er katlafer\u00f0in \u00ed \u00abHymiskvi\u00f0u\u00bb. \u00de\u00f3r og T\u00fdr fara til j\u00f6tunsins Hymis til a\u00f0 n\u00e1 bryggjukatli \u00e1sanna. T\u00fdr er h\u00e9r kynntur sem sonur Hymis, sem undirstrikar hina m\u00f3tsagnakenndu \u00e6ttf\u00e6rslu.<\/p><p>Senan endar me\u00f0 fiskivei\u00f0i \u00de\u00f3rs, \u00fear sem hann f\u00e6r Mi\u00f0gar\u00f0sorminn \u00e1 \u00f6ngulinn. T\u00fdr \u00fej\u00f3nar sem lei\u00f0s\u00f6guma\u00f0ur og \u00e6ttfr\u00e6\u00f0ilegt tengili\u00f0ur milli \u00e1sa og j\u00f6tna.<\/p>\n<p>\u00deri\u00f0ja <span class=\"iwg-fachbegriff\" data-tooltip=\"Var\u00f0veitt fr\u00e1s\u00f6gn um gu\u00f0i, uppruna og skipan heimsins.\" tabindex=\"0\">go\u00f0s\u00f6gnin<\/span> er Ragnar\u00f6k-bardaginn vi\u00f0 Garm. Snorri og \u00abV\u00f6lusp\u00e1\u00bb 44 nefna hundinn vi\u00f0 innganginn a\u00f0 Helheimi. \u00cd lokabardaganum berjast T\u00fdr og Garmur. B\u00e1\u00f0ir drepa hvor annan.<\/p><p>\u00deessi gagnkv\u00e6ma tort\u00edming er \u00ed fr\u00e6\u00f0unum lesin sem spegilmynd af bardaga \u00d3\u00f0ins og Fenris. \u00dear sem \u00d3\u00f0inn er gleyptur, fellur T\u00fdr \u00ed samhverfri tort\u00edmingu. Samsetningin bendir til s\u00ed\u00f0ari sk\u00e1ldlegrar a\u00f0l\u00f6gunar, sem fellir T\u00fd inn \u00ed Ragnar\u00f6k-skema\u00f0.<\/p>\n\n<p>Ranns\u00f3knir \u00e1 fj\u00f6trun Fenris hafa dregi\u00f0 <span class=\"iwg-fachbegriff\" data-tooltip=\"Endurteki\u00f0 efnislegt atri\u00f0i \u00ed list e\u00f0a fr\u00e1s\u00f6gn.\" tabindex=\"0\">minni\u00f0<\/span> um gu\u00f0lega sj\u00e1lfsf\u00f3rn fram \u00ed svi\u00f0slj\u00f3si\u00f0. Ath\u00f6fn T\u00fds er ekki a\u00f0eins hugpr\u00fd\u00f0i, heldur l\u00f6gfr\u00e6\u00f0ileg ath\u00f6fn: hann gefur ve\u00f0 sitt fyrir samningi sem s\u00ed\u00f0an er rofinn.<\/p><p>\u00deannig er samningsrofi\u00f0 af h\u00e1lfu hinna \u00e1sanna marka\u00f0 \u00e1 kosm\u00edskan h\u00e1tt og l\u00f6gfest \u00ed lei\u00f0inni. Klaus von See hefur unni\u00f0 \u00far \u00feessari lestri \u00e1 l\u00f6gfr\u00e6\u00f0ilega-samningsfr\u00e6\u00f0ilegan h\u00e1tt: T\u00fdr missir h\u00f6ndina \u00fev\u00ed hann var eina go\u00f0sh\u00f6ndin sem Fenrir treysti, og \u00feessi tr\u00faver\u00f0ugleiki var hinn eiginlegi trygging fyrir fj\u00f6truninni.<\/p>\n<p>Minna kunn go\u00f0sagnasl\u00f3\u00f0 finnst \u00ed \u00abHei\u00f0reks s\u00f6gu\u00bb (13. \u00f6ld), \u00fear sem sver\u00f0 T\u00fds kemur fram sem t\u00f6fravopn er tryggir sigur. \u00deetta s\u00ed\u00f0ara fr\u00e1sagnarlag s\u00fdnir a\u00f0 str\u00ed\u00f0shlutverk T\u00fds var enn vi\u00f0staddur \u00ed sagnaritun, l\u00f6ngu eftir a\u00f0 tr\u00faarleg d\u00fdrkun \u00ed \u00ferengri skilningi var l\u00f6g\u00f0 af.<\/p><p>Sagan tengir sver\u00f0i\u00f0 vi\u00f0 langa \u00e6ttf\u00e6rslu hei\u00f0inna konunga og endurspeglar minnisver\u00f0a yfirt\u00f6ku \u00e1 hei\u00f0inni arfleif\u00f0 \u00ed kristinni t\u00ed\u00f0.<\/p>\t\t\t\t\t\t\t\t<\/div>\n\t\t\t\t<\/div>\n\t\t<div class=\"elementor-element elementor-element-2ac31a7 e-con-full e-flex e-con e-child\" data-id=\"2ac31a7\" data-element_type=\"container\" data-e-type=\"container\">\n\t\t\t\t<div class=\"elementor-element elementor-element-fd922b6 elementor-widget elementor-widget-heading\" data-id=\"fd922b6\" data-element_type=\"widget\" data-e-type=\"widget\" data-widget_type=\"heading.default\">\n\t\t\t\t\t<h2 class=\"elementor-heading-title elementor-size-default\">Tengsl innan go\u00f0aheimsins<\/h2>\t\t\t\t<\/div>\n\t\t\t\t<div class=\"elementor-element elementor-element-48e14a8 elementor-widget elementor-widget-text-editor\" data-id=\"48e14a8\" data-element_type=\"widget\" data-e-type=\"widget\" data-widget_type=\"text-editor.default\">\n\t\t\t\t\t\t\t\t\t<p>T\u00fdr tilheyrir \u00e1sunum, \u00e1n \u00feess a\u00f0 \u00e6ttfr\u00e6\u00f0ileg sta\u00f0a hans s\u00e9 sk\u00fdr. Snorri kallar hann son \u00d3\u00f0ins, \u00abHymiskvi\u00f0a\u00bb son Hymis og \u00f3nefndrar j\u00f6tunm\u00f3\u00f0ur, en gullinn skartgripur hennar og tignarleg framkoma bendir til f\u00ednni uppruna en j\u00f6tunsta\u00f0a einn myndi gefa til kynna.<\/p><p><span data-nosnippet>Rudolf Simek hefur \u00ed \u00abLexikon der germanischen <span class=\"iwg-fachbegriff\" data-tooltip=\"Heild var\u00f0veittra go\u00f0sagna um gu\u00f0i \u00ed tiltekinni menningu.\" tabindex=\"0\">Mythologie<\/span>\u00bb (3. \u00fatg. 2006) lagt til a\u00f0 h\u00e9r megi gera r\u00e1\u00f0 fyrir tveimur samkeppnandi hef\u00f0um.<\/span><\/p>\n<p>Eiginkona T\u00fds er ekki nefnd berum or\u00f0um \u00ed eddukv\u00e6\u00f0unum. \u00cd \u00abLokasennu\u00bb 40 talar Loki um \u00f3nefnda konu T\u00fds, sem hann, Loki, hafi \u00e1tt son me\u00f0.<\/p><p>\u00deessi sta\u00f0a er skammar\u00e6\u00f0a og ekki a\u00f0 lesa sem \u00e1rei\u00f0anleg \u00e6ttfr\u00e6\u00f0i. S\u00ed\u00f0ari \u00edslenskar hef\u00f0ir tengja T\u00fd vi\u00f0 Zisu, gy\u00f0ju sem er sta\u00f0fest \u00e1 alemann\u00edsku sv\u00e6\u00f0i. Tengingin er tungum\u00e1lalega tr\u00faver\u00f0ug, en heimildarlega veik.<\/p>\n<p>\u00cd tengslum vi\u00f0 \u00de\u00f3r kemur T\u00fdr fram \u00ed \u00abHymiskvi\u00f0u\u00bb sem fer\u00f0af\u00e9lagi og fr\u00f3\u00f0leiksma\u00f0ur. Gagnvart \u00d3\u00f0ni er hlutverki\u00f0 hins vegar fyllandi: me\u00f0an \u00d3\u00f0inn er gu\u00f0 transs, <span class=\"iwg-fachbegriff\" data-tooltip=\"I\u00f0kanir sem me\u00f0 s\u00e9rst\u00f6kum ath\u00f6fnum e\u00f0a form\u00falum leitast vi\u00f0 a\u00f0 hafa \u00e1hrif \u00e1 framvindu hlutanna.\" tabindex=\"0\">galdurs<\/span> og andans, stendur T\u00fdr fyrir l\u00f6gfr\u00e6\u00f0ilega og ei\u00f0shli\u00f0ina \u00e1 valdinu. \u00deessi tv\u00edskipting valdahlutverksins \u00e1 tv\u00e6r pers\u00f3nur er hluti af klass\u00edskri \u00feriggja-hlutverka kenningu Dum\u00e9zils.<\/p>\t\t\t\t\t\t\t\t<\/div>\n\t\t\t\t<\/div>\n\t\t<div class=\"elementor-element elementor-element-13c63a1 e-con-full e-flex e-con e-child\" data-id=\"13c63a1\" data-element_type=\"container\" data-e-type=\"container\">\n\t\t\t\t<div class=\"elementor-element elementor-element-c589da7 elementor-widget elementor-widget-heading\" data-id=\"c589da7\" data-element_type=\"widget\" data-e-type=\"widget\" data-widget_type=\"heading.default\">\n\t\t\t\t\t<h2 class=\"elementor-heading-title elementor-size-default\">M\u00f3ttaka og \u00e1hrif<\/h2>\t\t\t\t<\/div>\n\t\t\t\t<div class=\"elementor-element elementor-element-01fd2f5 elementor-widget elementor-widget-text-editor\" data-id=\"01fd2f5\" data-element_type=\"widget\" data-e-type=\"widget\" data-widget_type=\"text-editor.default\">\n\t\t\t\t\t\t\t\t\t<p>\u00c1 fyrri hluta mi\u00f0alda dregur \u00far d\u00fdrkun T\u00fds samfara kristnit\u00f6ku, en nafn hans lifir \u00e1fram \u00ed heitum vikudaga, \u00f6rnefnum og \u00ed r\u00fanar\u00f6\u00f0inni. Hi\u00f0 engilsaxneska \u201er\u00fanakv\u00e6\u00f0i\u201c (10. \u00f6ld) tileinkar Tiwaz-<span class=\"iwg-fachbegriff\" data-tooltip=\"Skriftart\u00e1kn germanskra \u00fej\u00f3\u00f0a, einnig notu\u00f0 \u00ed verndar- og galdraform\u00falum.\" tabindex=\"0\">r\u00faninni<\/span> s\u00e9rstakt erindi og l\u00fdsir henni sem \u201et\u00e1kni sem heldur trygg\u00f0 vi\u00f0 tigna menn\u201c.<\/p><p><span data-nosnippet><span class=\"iwg-fachbegriff\" data-tooltip=\"Skriftart\u00e1kn germanskra \u00fej\u00f3\u00f0a, einnig notu\u00f0 \u00ed verndar- og galdraform\u00falum.\" tabindex=\"0\">R\u00fanin<\/span> kemur fyrir \u00e1 sver\u00f0um, spj\u00f3tsoddum og verndargripum fr\u00e1 5. til 10. \u00f6ld. Klaus D\u00fcwel hefur \u00ed \u201eRunenkunde\u201c (4. \u00fatg. 2008) skr\u00e1\u00f0 um tvo tugi d\u00e6ma.<\/span><\/p>\n<p><span data-nosnippet>\u00cd <span class=\"iwg-fachbegriff\" data-tooltip=\"Fr\u00e6\u00f0igrein sem rannsakar hversdagsmenningu, si\u00f0i og arfbornar hugmyndir.\" tabindex=\"0\">\u00fej\u00f3\u00f0h\u00e1ttafr\u00e6\u00f0i<\/span> 19. aldar var T\u00fdr aftur dreginn fram \u00ed dagslj\u00f3si\u00f0 me\u00f0 verki Jacobs Grimm, \u201eDeutsche <span class=\"iwg-fachbegriff\" data-tooltip=\"Heild \u00feeirra gu\u00f0sagna sem var\u00f0veist hafa innan menningarheims.\" tabindex=\"0\">Mythologie<\/span>\u201c (1835). Grimm safna\u00f0i saman sta\u00f0bundnum minjum, me\u00f0al annars \u00f6rnefninu Ziesberg \u00ed Augsburg og sv\u00e1b\u00edskum ei\u00f0sform\u00falum.<\/span><\/p><p>\u00cd kj\u00f6lfar r\u00f3mant\u00edkurinnar og m\u00f3tt\u00f6ku Wagners (Niflungahringurinn) h\u00e9lst T\u00fdr aukapers\u00f3na, \u00f3l\u00edkt \u00d3\u00f0ni e\u00f0a \u00de\u00f3r. \u00deessi hli\u00f0run \u00ed listr\u00e6nni go\u00f0afr\u00e6\u00f0i stendur \u00ed m\u00f3ts\u00f6gn vi\u00f0 mi\u00f0l\u00e6ga st\u00f6\u00f0u hans \u00ed hinu forna lagi hef\u00f0arinnar.<\/p>\n<p>\u00c1 20. \u00f6ld var T\u00fdr endurvakinn margsinnis \u00ed \u00fej\u00f3\u00f0legum og tr\u00faarlegum samhengjum, a\u00f0 hluta \u00ed vafas\u00f6mu samhengi. V\u00edsindaleg ranns\u00f3kn, fulltr\u00fau\u00f0 af Jan de Vries, Folke Str\u00f6m, Klaus von See og n\u00fa s\u00ed\u00f0ast Jens Peter Schj\u00f8dt, hefur fjarl\u00e6gt sig fr\u00e1 hugmyndafr\u00e6\u00f0ilegri misnotkun og endurreist T\u00fd sem lykilpers\u00f3nu \u00ed ind\u00f3evr\u00f3pskri kenningu um yfirr\u00e1\u00f0.<\/p>\n\n<p>Vikudagsheiti\u00f0 \u00feri\u00f0judagur \u00ed germ\u00f6nskum m\u00e1lum er eitt sterkasta merki hinnar fornu interpretatio romana, \u00fear sem germanskir gu\u00f0ir voru samsama\u00f0ir r\u00f3mverskum. T\u00fdr-Mars var\u00f0 \u00feannig eigandi Dies Martis, sem lifir \u00e1fram sem Tuesday, tisdag, tirsdag, Tirsd\u00e4g o.s.frv.<\/p><p><span data-nosnippet>Su\u00f0uralemannska or\u00f0i\u00f0 Ziestag og su\u00f0ur\u00fe\u00fdska Zischtig eru einkar forn minjar sem heyr\u00f0ust \u00ed talm\u00e1li fram \u00e1 19. og 20. \u00f6ld. \u00dej\u00f3\u00f0h\u00e1ttafr\u00e6\u00f0ingurinn Eduard Hoffmann-Krayer safna\u00f0i \u00ed \u201eSchweizerisches Idiotikon\u201c (8. bindi, 1907) fj\u00f6lm\u00f6rgum d\u00e6mum \u00far b\u00e6ndam\u00e1li svissnesku Alpanna.<\/span><\/p>\n<p>\u00cd enskum\u00e6landi hef\u00f0 er T\u00fdr s\u00e9rstaklega \u00e1berandi \u00ed m\u00f3tt\u00f6ku Tolkiens. J. R. R. Tolkien, sj\u00e1lfur fr\u00e6\u00f0ima\u00f0ur \u00ed ind\u00f3evr\u00f3pskum m\u00e1lum, felldi v\u00edsanir til T\u00fds-Tiwaz inn \u00ed s\u00edna sk\u00e1ldu\u00f0u <span class=\"iwg-fachbegriff\" data-tooltip=\"Heild \u00feeirra gu\u00f0sagna sem var\u00f0veist hafa innan menningarheims.\" tabindex=\"0\">go\u00f0afr\u00e6\u00f0i<\/span>, me\u00f0al annars \u00ed pers\u00f3nu Berens og \u00ed orrustul\u00fdsingum Silmarilsins.<\/p><p>\u00deessi b\u00f3kmenntalegu \u00e1hrif hafa \u00e1 20. og 21. \u00f6ld n\u00e1\u00f0 til brei\u00f0s \u00e1horfendah\u00f3ps og gert pers\u00f3nu T\u00fds kunna langt \u00fat fyrir fr\u00e6\u00f0ilegar ranns\u00f3knir.<\/p>\n<p>Fornleifaranns\u00f3knir s\u00ed\u00f0ustu \u00ferj\u00e1t\u00edu \u00e1ra hafa auki\u00f0 v\u00edsbendingar um <span class=\"iwg-fachbegriff\" data-tooltip=\"Heild \u00feeirra tr\u00faari\u00f0kana sem s\u00fdndar eru gu\u00f0i e\u00f0a heilagri veru.\" tabindex=\"0\">d\u00fdrkun<\/span> T\u00fds. Ranns\u00f3knir \u00ed m\u00fdrinni vi\u00f0 Hjortspring (Danm\u00f6rk, endur\u00fatgefnar 2014) og \u00ed Vimose hafa leitt \u00ed lj\u00f3s \u00e1letrunarfundi me\u00f0 Tiwaz-<span class=\"iwg-fachbegriff\" data-tooltip=\"Skriftart\u00e1kn germanskra \u00fej\u00f3\u00f0a, einnig notu\u00f0 \u00ed verndar- og galdraform\u00falum.\" tabindex=\"0\">r\u00faninni<\/span>. \u00deessir fundir s\u00fdna markvissa d\u00fdrkunarlega tengingu vi\u00f0 T\u00fd-Tiwaz \u00e1 s\u00ed\u00f0ari hluta <span class=\"iwg-fachbegriff\" data-tooltip=\"Fors\u00f6gulegt t\u00edmabil eftir brons\u00f6ld, einkennt af j\u00e1rnvinnslu.\" tabindex=\"0\">j\u00e1rnaldar<\/span> og \u00fej\u00f3\u00f0flutningat\u00edmans.<\/p>\t\t\t\t\t\t\t\t<\/div>\n\t\t\t\t<\/div>\n\t\t<div class=\"elementor-element elementor-element-e79f2bb e-con-full e-flex e-con e-child\" data-id=\"e79f2bb\" data-element_type=\"container\" data-e-type=\"container\">\n\t\t\t\t<div class=\"elementor-element elementor-element-69a3ea3 elementor-widget elementor-widget-heading\" data-id=\"69a3ea3\" data-element_type=\"widget\" data-e-type=\"widget\" data-widget_type=\"heading.default\">\n\t\t\t\t\t<h2 class=\"elementor-heading-title elementor-size-default\">Tr\u00faarfr\u00e6\u00f0ileg sta\u00f0setning<\/h2>\t\t\t\t<\/div>\n\t\t\t\t<div class=\"elementor-element elementor-element-5ad0c76 elementor-widget elementor-widget-text-editor\" data-id=\"5ad0c76\" data-element_type=\"widget\" data-e-type=\"widget\" data-widget_type=\"text-editor.default\">\n\t\t\t\t\t\t\t\t\t<p>Ranns\u00f3knir flokka T\u00fd inn \u00ed l\u00edkan Georges Dum\u00e9zils af hinum \u00feremur ind\u00f3evr\u00f3psku hlutverkum. T\u00fdr og \u00d3\u00f0inn deila me\u00f0 s\u00e9r fyrsta hlutverkinu, fullveldinu. \u00d3\u00f0inn birtir hina dulr\u00e6nu-tr\u00faarlegu hli\u00f0 (Varuna-t\u00fdpuna), T\u00fdr hina l\u00f6gfr\u00e6\u00f0ilega-samningsbundnu (Mitra-t\u00fdpuna). \u00deessi skipting sk\u00fdrir hvers vegna T\u00fdr helst ei\u00f0agu\u00f0 og t\u00e1knar um lei\u00f0 hina lagalegu hli\u00f0 fullveldisins \u00feegar hann berst vi\u00f0 Fenri.<\/p>\n<p><span data-nosnippet>Jens Peter Schj\u00f8dt hefur \u00ed \u00ab<span class=\"iwg-fachbegriff\" data-tooltip=\"Helgiath\u00f6fn \u00fear sem einhver er tekinn inn \u00ed n\u00fdja st\u00f6\u00f0u e\u00f0a samf\u00e9lag.\" tabindex=\"0\">Initiation<\/span> between Two Worlds\u00bb (2008) gagnr\u00fdnt hina st\u00edfu flokkun Dum\u00e9zils og s\u00fdnt fram \u00e1 a\u00f0 \u00e1sj\u00f3na T\u00fds hafi \u00e1 s\u00ed\u00f0ari skei\u00f0um f\u00e6rst meira \u00ed \u00e1tt a\u00f0 str\u00ed\u00f0i og sigri. Margaret Clunies Ross bendir hins vegar \u00e1 helgiathafnarlega merkingu einhentu ei\u00f0at\u00f6kunnar \u00ed skandinav\u00edskum lagaheimildum og telur \u00fear vera samfellu allt fram \u00e1 11. \u00f6ld.<\/span><\/p>\n<p>M\u00e1lv\u00edsindalega er or\u00f0sifjafr\u00e6\u00f0i T\u00fds vel sta\u00f0fest af Heinrich Bernhard Jankuhn, Wolfgang Krause og n\u00fdlega Edgar Polom\u00e9. Myndin *Tiwaz er eina germanska gu\u00f0aheiti\u00f0 sem h\u00e6gt er a\u00f0 rekja hlj\u00f3\u00f0fr\u00e6\u00f0ilega me\u00f0 \u00f3yggjandi h\u00e6tti aftur til frumind\u00f3evr\u00f3pska frumm\u00e1lsins. \u00deessi h\u00e1i aldur undirstrikar hi\u00f0 forna e\u00f0li verunnar og sty\u00f0ur tilg\u00e1tuna um samfellda merkingu hans sem ei\u00f0a- og r\u00e9ttargu\u00f0s.<\/p>\t\t\t\t\t\t\t\t<\/div>\n\t\t\t\t<\/div>\n\t\t<div class=\"elementor-element elementor-element-27a65f4 e-con-full e-flex e-con e-child\" data-id=\"27a65f4\" data-element_type=\"container\" data-e-type=\"container\">\n\t\t\t\t<div class=\"elementor-element elementor-element-2dabfd3 elementor-widget elementor-widget-heading\" data-id=\"2dabfd3\" data-element_type=\"widget\" data-e-type=\"widget\" data-widget_type=\"heading.default\">\n\t\t\t\t\t<h2 class=\"elementor-heading-title elementor-size-default\">Heimildir og frekari lesning<\/h2>\t\t\t\t<\/div>\n\t\t\t\t<div class=\"elementor-element elementor-element-2abdbec elementor-widget elementor-widget-text-editor\" data-id=\"2abdbec\" data-element_type=\"widget\" data-e-type=\"widget\" data-widget_type=\"text-editor.default\">\n\t\t\t\t\t\t\t\t\t<footer class=\"iwg-literatur\"><p><span data-nosnippet>Frumheimildir: \u201eSnorra-Edda\u201c (Snorri Sturluson, um 1220, gagnr\u00fdnin \u00fatg\u00e1fa Anthony Faulkes 1982), \u201eEddukv\u00e6\u00f0i\u201c (Konungsb\u00f3k, um 1270, \u00fatg\u00e1fa Klaus von See o.fl. 1997 o.\u00e1fr.), \u201eGermania\u201c (Tacitus, 98 e.Kr., \u00fatg\u00e1fa Allan Lund 1988), \u201eGesta Hammaburgensis\u201c (Adam fr\u00e1 Brimum, um 1075). R\u00fana\u00e1letrunum safna\u00f0 saman af Wolfgang Krause\/Herbert Jankuhn \u00ed \u201eDie Runeninschriften im \u00e4lteren <span class=\"iwg-fachbegriff\" data-tooltip=\"R\u00f6\u00f0 germanska r\u00fanastafr\u00f3fsins, nefnd eftir fyrstu t\u00e1knum s\u00ednum.\" tabindex=\"0\">Futhark<\/span>\u201c (1966).<\/span><\/p>\n<p>Fr\u00e6\u00f0irit:<\/p><ul><li><span data-nosnippet>Jan de Vries \u201eAltgermanische Religionsgeschichte\u201c (2 bindi, 2. \u00fatg. 1956\/57).<\/span><\/li><li><span data-nosnippet>Georges Dum\u00e9zil \u201eMitra-Varuna\u201c (1948) og \u201eLes dieux des Germains\u201c (1959).<\/span><\/li><li><span data-nosnippet>Margaret Clunies Ross \u201eProlonged Echoes\u201c (2 bindi, 1994\/98).<\/span><\/li><li><span data-nosnippet>Klaus D\u00fcwel \u201eRunenkunde\u201c (4. \u00fatg. 2008).<\/span><\/li><li><span data-nosnippet>R\u00e9gis Boyer \u201eLa religion des anciens Scandinaves\u201c (1981).<\/span><\/li><\/ul>\n<p class=\"iwg-bib-more\"><span data-nosnippet>Fleiri grundvallarrit \u00ed <a href=\"https:\/\/iwell-guard.com\/is\/heimildaskra\/\">heimildaskr\u00e1nni<\/a>.<\/span><\/p><\/footer>\t\t\t\t\t\t\t\t<\/div>\n\t\t\t\t<\/div>\n\t\t\t\t\t<\/div>\n\t\t\t\t<\/div>\n\t\t\t\t<\/div>\n\t\t","protected":false},"excerpt":{"rendered":"","protected":false},"author":3,"featured_media":3224,"parent":0,"menu_order":0,"comment_status":"closed","ping_status":"closed","template":"elementor_header_footer","meta":{"_yoast_wpseo_focuskw":"T\u00fdr","_yoast_wpseo_title":"T\u00fdr \u2013 germanskur str\u00ed\u00f0sgu\u00f0 ei\u00f0sins | iWell Guard","_yoast_wpseo_metadesc":"T\u00fdr er germanskur gu\u00f0 str\u00ed\u00f0s og ei\u00f0areglu, einhentur samkv\u00e6mt Fenris-go\u00f0s\u00f6gninni. Tiwaz-r\u00fanin og vikudagurinn \u00feri\u00f0judagur.","_yoast_wpseo_meta-robots-noindex":"","_yoast_wpseo_canonical":"","_angie_page":false,"gefaehrdungsstufe":"","wesen_kultur":"","wesen_klasse":"","footnotes":""},"categories":[],"class_list":["post-169058","page","type-page","status-publish","has-post-thumbnail","hentry"],"yoast_head":"<!-- This site is optimized with the Yoast SEO Premium plugin v27.7 (Yoast SEO v28.3) - https:\/\/yoast.com\/product\/yoast-seo-premium-wordpress\/ -->\n<title>T\u00fdr \u2013 germanskur str\u00ed\u00f0sgu\u00f0 ei\u00f0sins | iWell Guard<\/title>\n<meta name=\"description\" content=\"T\u00fdr er germanskur gu\u00f0 str\u00ed\u00f0s og ei\u00f0areglu, einhentur samkv\u00e6mt Fenris-go\u00f0s\u00f6gninni. Tiwaz-r\u00fanin og vikudagurinn \u00feri\u00f0judagur.\" \/>\n<meta name=\"robots\" content=\"index, follow, max-snippet:-1, max-image-preview:large, max-video-preview:-1\" \/>\n<link rel=\"canonical\" href=\"https:\/\/iwell-guard.com\/is\/tyr\/\" \/>\n<meta property=\"og:locale\" content=\"is_IS\" \/>\n<meta property=\"og:type\" content=\"article\" \/>\n<meta property=\"og:title\" content=\"T\u00fdr\" \/>\n<meta property=\"og:description\" content=\"T\u00fdr er germanskur gu\u00f0 str\u00ed\u00f0s og ei\u00f0areglu, einhentur samkv\u00e6mt Fenris-go\u00f0s\u00f6gninni. Tiwaz-r\u00fanin og vikudagurinn \u00feri\u00f0judagur.\" \/>\n<meta property=\"og:url\" content=\"https:\/\/iwell-guard.com\/is\/tyr\/\" \/>\n<meta property=\"og:site_name\" content=\"iWell Guard\" \/>\n<meta property=\"article:modified_time\" content=\"2026-09-05T14:31:12+00:00\" \/>\n<meta property=\"og:image\" content=\"https:\/\/iwell-guard.com\/wp-content\/uploads\/2026\/05\/goetter_germanisch_tyr-1.webp\" \/>\n\t<meta property=\"og:image:width\" content=\"1024\" \/>\n\t<meta property=\"og:image:height\" content=\"1536\" \/>\n\t<meta property=\"og:image:type\" content=\"image\/webp\" \/>\n<meta name=\"twitter:card\" content=\"summary_large_image\" \/>\n<script type=\"application\/ld+json\" class=\"yoast-schema-graph\">{\"@context\":\"https:\\\/\\\/schema.org\",\"@graph\":[{\"@type\":\"WebPage\",\"@id\":\"https:\\\/\\\/iwell-guard.com\\\/is\\\/tyr\\\/\",\"url\":\"https:\\\/\\\/iwell-guard.com\\\/is\\\/tyr\\\/\",\"name\":\"T\u00fdr \u2013 germanskur str\u00ed\u00f0sgu\u00f0 ei\u00f0sins | iWell Guard\",\"isPartOf\":{\"@id\":\"https:\\\/\\\/iwell-guard.com\\\/is\\\/#website\"},\"primaryImageOfPage\":{\"@id\":\"https:\\\/\\\/iwell-guard.com\\\/is\\\/tyr\\\/#primaryimage\"},\"image\":{\"@id\":\"https:\\\/\\\/iwell-guard.com\\\/is\\\/tyr\\\/#primaryimage\"},\"thumbnailUrl\":\"https:\\\/\\\/iwell-guard.com\\\/wp-content\\\/uploads\\\/2026\\\/05\\\/goetter_germanisch_tyr-1.webp\",\"datePublished\":\"2026-09-05T14:05:13+00:00\",\"dateModified\":\"2026-09-05T14:31:12+00:00\",\"description\":\"T\u00fdr er germanskur gu\u00f0 str\u00ed\u00f0s og ei\u00f0areglu, einhentur samkv\u00e6mt Fenris-go\u00f0s\u00f6gninni. Tiwaz-r\u00fanin og vikudagurinn \u00feri\u00f0judagur.\",\"breadcrumb\":{\"@id\":\"https:\\\/\\\/iwell-guard.com\\\/is\\\/tyr\\\/#breadcrumb\"},\"inLanguage\":\"is\",\"potentialAction\":[{\"@type\":\"ReadAction\",\"target\":[\"https:\\\/\\\/iwell-guard.com\\\/is\\\/tyr\\\/\"]}]},{\"@type\":\"ImageObject\",\"inLanguage\":\"is\",\"@id\":\"https:\\\/\\\/iwell-guard.com\\\/is\\\/tyr\\\/#primaryimage\",\"url\":\"https:\\\/\\\/iwell-guard.com\\\/wp-content\\\/uploads\\\/2026\\\/05\\\/goetter_germanisch_tyr-1.webp\",\"contentUrl\":\"https:\\\/\\\/iwell-guard.com\\\/wp-content\\\/uploads\\\/2026\\\/05\\\/goetter_germanisch_tyr-1.webp\",\"width\":1024,\"height\":1536,\"caption\":\"Gu\u00f0ir \u00far germanskri hef\u00f0.\"},{\"@type\":\"BreadcrumbList\",\"@id\":\"https:\\\/\\\/iwell-guard.com\\\/is\\\/tyr\\\/#breadcrumb\",\"itemListElement\":[{\"@type\":\"ListItem\",\"position\":1,\"name\":\"Start\",\"item\":\"https:\\\/\\\/iwell-guard.com\\\/is\\\/?page_id=168580\"},{\"@type\":\"ListItem\",\"position\":2,\"name\":\"T\u00fdr\"}]},{\"@type\":\"WebSite\",\"@id\":\"https:\\\/\\\/iwell-guard.com\\\/is\\\/#website\",\"url\":\"https:\\\/\\\/iwell-guard.com\\\/is\\\/\",\"name\":\"iWell Guard\",\"description\":\"Schutz vor dunklen Einfl\u00fcssen\",\"publisher\":{\"@id\":\"https:\\\/\\\/iwell-guard.com\\\/is\\\/#organization\"},\"potentialAction\":[{\"@type\":\"SearchAction\",\"target\":{\"@type\":\"EntryPoint\",\"urlTemplate\":\"https:\\\/\\\/iwell-guard.com\\\/is\\\/?s={search_term_string}\"},\"query-input\":{\"@type\":\"PropertyValueSpecification\",\"valueRequired\":true,\"valueName\":\"search_term_string\"}}],\"inLanguage\":\"is\"},{\"@type\":\"Organization\",\"@id\":\"https:\\\/\\\/iwell-guard.com\\\/is\\\/#organization\",\"name\":\"Ittermann electronic GmbH\",\"url\":\"https:\\\/\\\/iwell-guard.com\\\/is\\\/\",\"logo\":{\"@type\":\"ImageObject\",\"inLanguage\":\"is\",\"@id\":\"https:\\\/\\\/iwell-guard.com\\\/is\\\/#\\\/schema\\\/logo\\\/image\\\/\",\"url\":\"https:\\\/\\\/iwell-guard.com\\\/wp-content\\\/uploads\\\/2026\\\/05\\\/Ittermann-Logo-1182x237-1.png\",\"contentUrl\":\"https:\\\/\\\/iwell-guard.com\\\/wp-content\\\/uploads\\\/2026\\\/05\\\/Ittermann-Logo-1182x237-1.png\",\"width\":1182,\"height\":237,\"caption\":\"Ittermann electronic GmbH\"},\"image\":{\"@id\":\"https:\\\/\\\/iwell-guard.com\\\/is\\\/#\\\/schema\\\/logo\\\/image\\\/\"},\"sameAs\":[\"https:\\\/\\\/pantip.com\\\/profile\\\/9367242\",\"https:\\\/\\\/micro.blog\\\/iwellguard\",\"https:\\\/\\\/www.diggerslist.com\\\/iwellguard\\\/about\",\"https:\\\/\\\/skitterphoto.com\\\/photographers\\\/2870314\\\/iwell-guard\",\"https:\\\/\\\/iwellguard.wordpress.com\\\/2026\\\/06\\\/06\\\/iwell-guard\\\/\",\"https:\\\/\\\/hub.docker.com\\\/u\\\/iwellguard\",\"https:\\\/\\\/www.pinterest.com\\\/iwellguard\\\/\",\"https:\\\/\\\/bit.ly\\\/m\\\/iwellguard\",\"https:\\\/\\\/entre-vos-mains.alsace.eu\\\/profiles\\\/iwellguard\\\/activity\",\"https:\\\/\\\/gravatar.com\\\/reallybeded8fd34\",\"https:\\\/\\\/naijamatta.com\\\/iwellguard\",\"https:\\\/\\\/www.goodreads.com\\\/iwellguard\",\"https:\\\/\\\/profile.hatena.ne.jp\\\/iwellguard\\\/\",\"https:\\\/\\\/experiment.com\\\/users\\\/iwellguard\",\"https:\\\/\\\/wakelet.com\\\/@iWellGuard82270\",\"https:\\\/\\\/www.chordie.com\\\/forum\\\/profile.php?id=2555664\",\"https:\\\/\\\/www.instapaper.com\\\/p\\\/17757966\",\"https:\\\/\\\/www.mapleprimes.com\\\/users\\\/iwellguard\",\"https:\\\/\\\/businesslistingplus.com\\\/profile\\\/iwell-guard\\\/\",\"https:\\\/\\\/telegra.ph\\\/iWell-Guard-06-06\",\"https:\\\/\\\/pbase.com\\\/iwellguard\\\/iwellguard\",\"https:\\\/\\\/b.hatena.ne.jp\\\/iwellguard\\\/20260607#bookmark-4788405196491818882\",\"https:\\\/\\\/fliphtml5.com\\\/home\\\/iwellguard\",\"https:\\\/\\\/anyflip.com\\\/homepage\\\/cmiwl#About\",\"https:\\\/\\\/transfur.com\\\/Users\\\/iwellguard\",\"http:\\\/\\\/delphi.larsbo.org\\\/user\\\/iwellguard\",\"https:\\\/\\\/jobs.lajobsportal.org\\\/profiles\\\/8380803-iwell-guard\",\"https:\\\/\\\/md.chaosdorf.de\\\/s\\\/jfbe5SBdJD\",\"https:\\\/\\\/www.lingvolive.com\\\/en-us\\\/profile\\\/9ecaeaca-ce11-4e51-9e71-01d55e2bff36\\\/translations\",\"https:\\\/\\\/www.fitday.com\\\/fitness\\\/forums\\\/members\\\/iwellguard.html\",\"https:\\\/\\\/www.mymeetbook.com\\\/iwellguard\",\"https:\\\/\\\/pxhere.com\\\/en\\\/photographer-me\\\/5040798\",\"https:\\\/\\\/disqus.com\\\/by\\\/iwellguard\\\/about\\\/\",\"https:\\\/\\\/pastelink.net\\\/hjwciqwq\",\"https:\\\/\\\/pubhtml5.com\\\/homepage\\\/scjhn\\\/\",\"https:\\\/\\\/www.bitchute.com\\\/channel\\\/2O2eOKzNqujT\",\"https:\\\/\\\/audiomack.com\\\/iwellguard\"]}]}<\/script>\n<!-- \/ Yoast SEO Premium plugin. -->","yoast_head_json":{"title":"T\u00fdr \u2013 germanskur str\u00ed\u00f0sgu\u00f0 ei\u00f0sins | iWell Guard","description":"T\u00fdr er germanskur gu\u00f0 str\u00ed\u00f0s og ei\u00f0areglu, einhentur samkv\u00e6mt Fenris-go\u00f0s\u00f6gninni. Tiwaz-r\u00fanin og vikudagurinn \u00feri\u00f0judagur.","robots":{"index":"index","follow":"follow","max-snippet":"max-snippet:-1","max-image-preview":"max-image-preview:large","max-video-preview":"max-video-preview:-1"},"canonical":"https:\/\/iwell-guard.com\/is\/tyr\/","og_locale":"is_IS","og_type":"article","og_title":"T\u00fdr","og_description":"T\u00fdr er germanskur gu\u00f0 str\u00ed\u00f0s og ei\u00f0areglu, einhentur samkv\u00e6mt Fenris-go\u00f0s\u00f6gninni. Tiwaz-r\u00fanin og vikudagurinn \u00feri\u00f0judagur.","og_url":"https:\/\/iwell-guard.com\/is\/tyr\/","og_site_name":"iWell Guard","article_modified_time":"2026-09-05T14:31:12+00:00","og_image":[{"width":1024,"height":1536,"url":"https:\/\/iwell-guard.com\/wp-content\/uploads\/2026\/05\/goetter_germanisch_tyr-1.webp","type":"image\/webp"}],"twitter_card":"summary_large_image","schema":{"@context":"https:\/\/schema.org","@graph":[{"@type":"WebPage","@id":"https:\/\/iwell-guard.com\/is\/tyr\/","url":"https:\/\/iwell-guard.com\/is\/tyr\/","name":"T\u00fdr \u2013 germanskur str\u00ed\u00f0sgu\u00f0 ei\u00f0sins | iWell Guard","isPartOf":{"@id":"https:\/\/iwell-guard.com\/is\/#website"},"primaryImageOfPage":{"@id":"https:\/\/iwell-guard.com\/is\/tyr\/#primaryimage"},"image":{"@id":"https:\/\/iwell-guard.com\/is\/tyr\/#primaryimage"},"thumbnailUrl":"https:\/\/iwell-guard.com\/wp-content\/uploads\/2026\/05\/goetter_germanisch_tyr-1.webp","datePublished":"2026-09-05T14:05:13+00:00","dateModified":"2026-09-05T14:31:12+00:00","description":"T\u00fdr er germanskur gu\u00f0 str\u00ed\u00f0s og ei\u00f0areglu, einhentur samkv\u00e6mt Fenris-go\u00f0s\u00f6gninni. Tiwaz-r\u00fanin og vikudagurinn \u00feri\u00f0judagur.","breadcrumb":{"@id":"https:\/\/iwell-guard.com\/is\/tyr\/#breadcrumb"},"inLanguage":"is","potentialAction":[{"@type":"ReadAction","target":["https:\/\/iwell-guard.com\/is\/tyr\/"]}]},{"@type":"ImageObject","inLanguage":"is","@id":"https:\/\/iwell-guard.com\/is\/tyr\/#primaryimage","url":"https:\/\/iwell-guard.com\/wp-content\/uploads\/2026\/05\/goetter_germanisch_tyr-1.webp","contentUrl":"https:\/\/iwell-guard.com\/wp-content\/uploads\/2026\/05\/goetter_germanisch_tyr-1.webp","width":1024,"height":1536,"caption":"Gu\u00f0ir \u00far germanskri hef\u00f0."},{"@type":"BreadcrumbList","@id":"https:\/\/iwell-guard.com\/is\/tyr\/#breadcrumb","itemListElement":[{"@type":"ListItem","position":1,"name":"Start","item":"https:\/\/iwell-guard.com\/is\/?page_id=168580"},{"@type":"ListItem","position":2,"name":"T\u00fdr"}]},{"@type":"WebSite","@id":"https:\/\/iwell-guard.com\/is\/#website","url":"https:\/\/iwell-guard.com\/is\/","name":"iWell Guard","description":"Schutz vor dunklen Einfl\u00fcssen","publisher":{"@id":"https:\/\/iwell-guard.com\/is\/#organization"},"potentialAction":[{"@type":"SearchAction","target":{"@type":"EntryPoint","urlTemplate":"https:\/\/iwell-guard.com\/is\/?s={search_term_string}"},"query-input":{"@type":"PropertyValueSpecification","valueRequired":true,"valueName":"search_term_string"}}],"inLanguage":"is"},{"@type":"Organization","@id":"https:\/\/iwell-guard.com\/is\/#organization","name":"Ittermann electronic GmbH","url":"https:\/\/iwell-guard.com\/is\/","logo":{"@type":"ImageObject","inLanguage":"is","@id":"https:\/\/iwell-guard.com\/is\/#\/schema\/logo\/image\/","url":"https:\/\/iwell-guard.com\/wp-content\/uploads\/2026\/05\/Ittermann-Logo-1182x237-1.png","contentUrl":"https:\/\/iwell-guard.com\/wp-content\/uploads\/2026\/05\/Ittermann-Logo-1182x237-1.png","width":1182,"height":237,"caption":"Ittermann electronic GmbH"},"image":{"@id":"https:\/\/iwell-guard.com\/is\/#\/schema\/logo\/image\/"},"sameAs":["https:\/\/pantip.com\/profile\/9367242","https:\/\/micro.blog\/iwellguard","https:\/\/www.diggerslist.com\/iwellguard\/about","https:\/\/skitterphoto.com\/photographers\/2870314\/iwell-guard","https:\/\/iwellguard.wordpress.com\/2026\/06\/06\/iwell-guard\/","https:\/\/hub.docker.com\/u\/iwellguard","https:\/\/www.pinterest.com\/iwellguard\/","https:\/\/bit.ly\/m\/iwellguard","https:\/\/entre-vos-mains.alsace.eu\/profiles\/iwellguard\/activity","https:\/\/gravatar.com\/reallybeded8fd34","https:\/\/naijamatta.com\/iwellguard","https:\/\/www.goodreads.com\/iwellguard","https:\/\/profile.hatena.ne.jp\/iwellguard\/","https:\/\/experiment.com\/users\/iwellguard","https:\/\/wakelet.com\/@iWellGuard82270","https:\/\/www.chordie.com\/forum\/profile.php?id=2555664","https:\/\/www.instapaper.com\/p\/17757966","https:\/\/www.mapleprimes.com\/users\/iwellguard","https:\/\/businesslistingplus.com\/profile\/iwell-guard\/","https:\/\/telegra.ph\/iWell-Guard-06-06","https:\/\/pbase.com\/iwellguard\/iwellguard","https:\/\/b.hatena.ne.jp\/iwellguard\/20260607#bookmark-4788405196491818882","https:\/\/fliphtml5.com\/home\/iwellguard","https:\/\/anyflip.com\/homepage\/cmiwl#About","https:\/\/transfur.com\/Users\/iwellguard","http:\/\/delphi.larsbo.org\/user\/iwellguard","https:\/\/jobs.lajobsportal.org\/profiles\/8380803-iwell-guard","https:\/\/md.chaosdorf.de\/s\/jfbe5SBdJD","https:\/\/www.lingvolive.com\/en-us\/profile\/9ecaeaca-ce11-4e51-9e71-01d55e2bff36\/translations","https:\/\/www.fitday.com\/fitness\/forums\/members\/iwellguard.html","https:\/\/www.mymeetbook.com\/iwellguard","https:\/\/pxhere.com\/en\/photographer-me\/5040798","https:\/\/disqus.com\/by\/iwellguard\/about\/","https:\/\/pastelink.net\/hjwciqwq","https:\/\/pubhtml5.com\/homepage\/scjhn\/","https:\/\/www.bitchute.com\/channel\/2O2eOKzNqujT","https:\/\/audiomack.com\/iwellguard"]}]}},"_links":{"self":[{"href":"https:\/\/iwell-guard.com\/is\/wp-json\/wp\/v2\/pages\/169058","targetHints":{"allow":["GET"]}}],"collection":[{"href":"https:\/\/iwell-guard.com\/is\/wp-json\/wp\/v2\/pages"}],"about":[{"href":"https:\/\/iwell-guard.com\/is\/wp-json\/wp\/v2\/types\/page"}],"author":[{"embeddable":true,"href":"https:\/\/iwell-guard.com\/is\/wp-json\/wp\/v2\/users\/3"}],"replies":[{"embeddable":true,"href":"https:\/\/iwell-guard.com\/is\/wp-json\/wp\/v2\/comments?post=169058"}],"version-history":[{"count":0,"href":"https:\/\/iwell-guard.com\/is\/wp-json\/wp\/v2\/pages\/169058\/revisions"}],"wp:featuredmedia":[{"embeddable":true,"href":"https:\/\/iwell-guard.com\/is\/wp-json\/wp\/v2\/media\/3224"}],"wp:attachment":[{"href":"https:\/\/iwell-guard.com\/is\/wp-json\/wp\/v2\/media?parent=169058"}],"wp:term":[{"taxonomy":"category","embeddable":true,"href":"https:\/\/iwell-guard.com\/is\/wp-json\/wp\/v2\/categories?post=169058"}],"curies":[{"name":"wp","href":"https:\/\/api.w.org\/{rel}","templated":true}]}}