{"id":169056,"date":"2026-09-05T14:05:12","date_gmt":"2026-09-05T14:05:12","guid":{"rendered":"https:\/\/iwell-guard.com\/?page_id=169056"},"modified":"2026-09-05T14:31:10","modified_gmt":"2026-09-05T14:31:10","slug":"geb","status":"publish","type":"page","link":"https:\/\/iwell-guard.com\/is\/geb\/","title":{"rendered":"Geb"},"content":{"rendered":"\t\t<div data-elementor-type=\"wp-page\" data-elementor-id=\"169056\" class=\"elementor elementor-169056 elementor-2997 elementor-bc-flex-widget\" data-elementor-post-type=\"page\">\n\t\t\t\t<div class=\"elementor-element elementor-element-4e21de6 e-flex e-con-boxed e-con e-parent\" data-id=\"4e21de6\" data-element_type=\"container\" data-e-type=\"container\" data-settings=\"{&quot;background_background&quot;:&quot;classic&quot;}\">\n\t\t\t\t\t<div class=\"e-con-inner\">\n\t\t<div class=\"elementor-element elementor-element-ce7606a e-flex e-con-boxed e-con e-child\" data-id=\"ce7606a\" data-element_type=\"container\" data-e-type=\"container\">\n\t\t\t\t\t<div class=\"e-con-inner\">\n\t\t<div class=\"elementor-element elementor-element-bcf6647 e-con-full e-flex e-con e-child\" data-id=\"bcf6647\" data-element_type=\"container\" data-e-type=\"container\">\n\t\t\t\t<div class=\"elementor-element elementor-element-66a563c elementor-widget elementor-widget-heading\" data-id=\"66a563c\" data-element_type=\"widget\" data-e-type=\"widget\" data-widget_type=\"heading.default\">\n\t\t\t\t\t<h1 class=\"elementor-heading-title elementor-size-default\">Geb, egypskur jar\u00f0gu\u00f0<\/h1>\t\t\t\t<\/div>\n\t\t\t\t<div class=\"elementor-element elementor-element-3058621 elementor-widget elementor-widget-text-editor\" data-id=\"3058621\" data-element_type=\"widget\" data-e-type=\"widget\" data-widget_type=\"text-editor.default\">\n\t\t\t\t\t\t\t\t\t<p>Geb er egypskur jar\u00f0gu\u00f0 og \u00ed n\u00edugu\u00f0i Heliopolis fa\u00f0ir Osiris, en l\u00edkami hans myndar j\u00f6r\u00f0ina sj\u00e1lfa. Geb er \u00ed hinu forn-egypska <span class=\"iwg-fachbegriff\" data-tooltip=\"Heild gu\u00f0a innan tr\u00faarbrag\u00f0a e\u00f0a menningar.\" tabindex=\"0\">go\u00f0aveldi<\/span> pers\u00f3nugerving jar\u00f0arins, eiginma\u00f0ur himingy\u00f0junnar Nut og fa\u00f0ir hinna fj\u00f6gurra osir\u00edsku gu\u00f0a: Osiris, Isis, Seth og Nephthys.<\/p><p>Nafn hans (\u00ed elstu mynd l\u00edklega \u201eGebeb\u201c e\u00f0a \u201eKeb\u201c) er hugsanlega tengt or\u00f0inu fyrir \u201ejar\u00f0klump\u201c e\u00f0a \u201eg\u00e6sagana\u201c; g\u00e6sat\u00e1kni\u00f0 er mikilv\u00e6gasta ritmerki hans og lei\u00f0ir til vi\u00f0urnefnisins \u201ehinn mikli gargandi\u201c (gengen wer), sem v\u00edsar til kosm\u00edsks eggs sem heimurinn er sag\u00f0ur hafa f\u00e6\u00f0st \u00far.<\/p><p>Geb tilheyrir annarri kynsl\u00f3\u00f0 heliopol\u00edt\u00edsku n\u00edugu\u00f0anna (Enneade) og hefur \u00ed gu\u00f0fr\u00e6\u00f0ilegu kerfinu grundvallarhlutverk sem bur\u00f0ar\u00e1s hins bygg\u00f0a lands. \u00cd konungd\u00e6minu hefur Geb s\u00e9rstakt v\u00e6gi: Fara\u00f3inn sest \u00e1 \u201eh\u00e1s\u00e6ti Gebs\u201c, sem \u00fe\u00fd\u00f0ir a\u00f0 hann f\u00e6r konungd\u00f3m sinn beint fr\u00e1 jar\u00f0gu\u00f0num.<\/p>\t\t\t\t\t\t\t\t<\/div>\n\t\t\t\t<\/div>\n\t\t<div class=\"elementor-element elementor-element-c374ca0 e-con-full e-flex e-con e-parent\" data-id=\"c374ca0\" data-element_type=\"container\" data-e-type=\"container\">\n\t\t\t\t<div class=\"elementor-element elementor-element-1dc1257 elementor-widget elementor-widget-html\" data-id=\"1dc1257\" data-element_type=\"widget\" data-e-type=\"widget\" data-widget_type=\"html.default\">\n\t\t\t\t\t<div class=\"iwg-pill-row\"><span class=\"iwg-klasse-badge\" tabindex=\"0\" data-tooltip=\"Gu\u00f0 \/ Gy\u00f0ja: Pers\u00f3nuger\u00f0ur h\u00e6sti m\u00e1ttur \u00ed pantheon menningar, me\u00f0 sk\u00fdr hlutverk \u2014 n\u00e1tt\u00faru\u00f6fl, \u00f6rl\u00f6g, str\u00ed\u00f0, frj\u00f3semi. Tilbe\u00f0inn me\u00f0 d\u00fdrkun, f\u00f3rnum og hofstofnunum.\">Gu\u00f0<\/span><a href=\"https:\/\/iwell-guard.com\/is\/egyptaland\/\" class=\"iwg-kultur-badge\" tabindex=\"0\" data-tooltip=\"Go\u00f0afr\u00e6\u00f0i hins forna N\u00edlardals, u.\u00fe.b. 3000 f.Kr. til 30 f.Kr.\">Egyptaland<\/a><\/div>\t\t\t\t<\/div>\n\t\t\t\t<\/div>\n\t\t<div class=\"elementor-element elementor-element-fa6e864 e-con-full e-flex e-con e-child\" data-id=\"fa6e864\" data-element_type=\"container\" data-e-type=\"container\">\n\t\t\t\t<div class=\"elementor-element elementor-element-1034a7e elementor-toc--minimized-on-tablet elementor-widget elementor-widget-table-of-contents\" data-id=\"1034a7e\" data-element_type=\"widget\" data-e-type=\"widget\" data-settings=\"{&quot;exclude_headings_by_selector&quot;:[],&quot;no_headings_message&quot;:&quot;Engar undirfyrirsagnir fundust \\u00e1 \\u00feessari s\\u00ed\\u00f0u.&quot;,&quot;headings_by_tags&quot;:[&quot;h2&quot;,&quot;h3&quot;],&quot;marker_view&quot;:&quot;bullets&quot;,&quot;icon&quot;:{&quot;value&quot;:&quot;fas fa-circle&quot;,&quot;library&quot;:&quot;fa-solid&quot;,&quot;rendered_tag&quot;:&quot;&lt;svg class=\\&quot;e-font-icon-svg e-fas-circle\\&quot; viewBox=\\&quot;0 0 512 512\\&quot; xmlns=\\&quot;http:\\\/\\\/www.w3.org\\\/2000\\\/svg\\&quot;&gt;&lt;path d=\\&quot;M256 8C119 8 8 119 8 256s111 248 248 248 248-111 248-248S393 8 256 8z\\&quot;&gt;&lt;\\\/path&gt;&lt;\\\/svg&gt;&quot;},&quot;minimize_box&quot;:&quot;yes&quot;,&quot;minimized_on&quot;:&quot;tablet&quot;,&quot;hierarchical_view&quot;:&quot;yes&quot;,&quot;min_height&quot;:{&quot;unit&quot;:&quot;px&quot;,&quot;size&quot;:&quot;&quot;,&quot;sizes&quot;:[]},&quot;min_height_tablet&quot;:{&quot;unit&quot;:&quot;px&quot;,&quot;size&quot;:&quot;&quot;,&quot;sizes&quot;:[]},&quot;min_height_mobile&quot;:{&quot;unit&quot;:&quot;px&quot;,&quot;size&quot;:&quot;&quot;,&quot;sizes&quot;:[]}}\" data-widget_type=\"table-of-contents.default\">\n\t\t\t\t\t\t\t\t\t<div class=\"elementor-toc__header\">\n\t\t\t\t\t\t<h2 class=\"elementor-toc__header-title\">\n\t\t\t\tEfnisyfirlit\t\t\t<\/h2>\n\t\t\t\t\t\t\t\t\t\t<div class=\"elementor-toc__toggle-button elementor-toc__toggle-button--expand\" role=\"button\" tabindex=\"0\" aria-controls=\"elementor-toc__1034a7e\" aria-expanded=\"true\" aria-label=\"Open table of contents\"><svg aria-hidden=\"true\" class=\"e-font-icon-svg e-fas-chevron-down\" viewBox=\"0 0 448 512\" xmlns=\"http:\/\/www.w3.org\/2000\/svg\"><path d=\"M207.029 381.476L12.686 187.132c-9.373-9.373-9.373-24.569 0-33.941l22.667-22.667c9.357-9.357 24.522-9.375 33.901-.04L224 284.505l154.745-154.021c9.379-9.335 24.544-9.317 33.901.04l22.667 22.667c9.373 9.373 9.373 24.569 0 33.941L240.971 381.476c-9.373 9.372-24.569 9.372-33.942 0z\"><\/path><\/svg><\/div>\n\t\t\t\t<div class=\"elementor-toc__toggle-button elementor-toc__toggle-button--collapse\" role=\"button\" tabindex=\"0\" aria-controls=\"elementor-toc__1034a7e\" aria-expanded=\"true\" aria-label=\"Close table of contents\"><svg aria-hidden=\"true\" class=\"e-font-icon-svg e-fas-chevron-up\" viewBox=\"0 0 448 512\" xmlns=\"http:\/\/www.w3.org\/2000\/svg\"><path d=\"M240.971 130.524l194.343 194.343c9.373 9.373 9.373 24.569 0 33.941l-22.667 22.667c-9.357 9.357-24.522 9.375-33.901.04L224 227.495 69.255 381.516c-9.379 9.335-24.544 9.317-33.901-.04l-22.667-22.667c-9.373-9.373-9.373-24.569 0-33.941L207.03 130.525c9.372-9.373 24.568-9.373 33.941-.001z\"><\/path><\/svg><\/div>\n\t\t\t\t\t<\/div>\n\t\t\t\t<div id=\"elementor-toc__1034a7e\" class=\"elementor-toc__body\">\n\t\t\t<div class=\"elementor-toc__spinner-container\">\n\t\t\t\t<svg class=\"elementor-toc__spinner eicon-animation-spin e-font-icon-svg e-eicon-loading\" aria-hidden=\"true\" viewBox=\"0 0 1000 1000\" xmlns=\"http:\/\/www.w3.org\/2000\/svg\"><path d=\"M500 975V858C696 858 858 696 858 500S696 142 500 142 142 304 142 500H25C25 237 238 25 500 25S975 237 975 500 763 975 500 975Z\"><\/path><\/svg>\t\t\t<\/div>\n\t\t<\/div>\n\t\t\t\t\t\t<\/div>\n\t\t\t\t<\/div>\n\t\t\t\t\t<\/div>\n\t\t\t\t<\/div>\n\t\t<div class=\"elementor-element elementor-element-b534140 e-con-full e-flex e-con e-child\" data-id=\"b534140\" data-element_type=\"container\" data-e-type=\"container\">\n\t\t\t\t<div class=\"elementor-element elementor-element-353fa72 iwg-hero-image elementor-widget elementor-widget-image\" data-id=\"353fa72\" data-element_type=\"widget\" data-e-type=\"widget\" data-widget_type=\"image.default\">\n\t\t\t\t\t\t\t\t\t\t\t\t\t\t\t<img fetchpriority=\"high\" decoding=\"async\" width=\"683\" height=\"1024\" src=\"https:\/\/iwell-guard.com\/wp-content\/uploads\/2026\/05\/goetter_aegypten_geb-683x1024.webp\" class=\"attachment-large size-large wp-image-170750\" alt=\"Geb - Gu\u00f0ir \u00far egypskri hef\u00f0, s\u00f6guleg-myndskreytandi\" srcset=\"https:\/\/iwell-guard.com\/wp-content\/uploads\/2026\/05\/goetter_aegypten_geb-683x1024.webp 683w, https:\/\/iwell-guard.com\/wp-content\/uploads\/2026\/05\/goetter_aegypten_geb-200x300.webp 200w, https:\/\/iwell-guard.com\/wp-content\/uploads\/2026\/05\/goetter_aegypten_geb-768x1152.webp 768w, https:\/\/iwell-guard.com\/wp-content\/uploads\/2026\/05\/goetter_aegypten_geb.webp 1024w\" sizes=\"(max-width: 683px) 100vw, 683px\" \/>\t\t\t\t\t\t\t\t\t\t\t\t\t\t\t<\/div>\n\t\t\t\t<\/div>\n\t\t\t\t\t<\/div>\n\t\t\t\t<\/div>\n\t\t<div class=\"elementor-element elementor-element-2594101 e-con-boxed e-flex e-con e-parent\" data-id=\"2594101\" data-element_type=\"container\" data-e-type=\"container\">\n\t\t\t\t\t<div class=\"e-con-inner\">\n\t\t<div class=\"elementor-element elementor-element-a285fbd e-con-full e-flex e-con e-child\" data-id=\"a285fbd\" data-element_type=\"container\" data-e-type=\"container\">\n\t\t\t\t<div class=\"elementor-element elementor-element-7cee092 elementor-widget elementor-widget-heading\" data-id=\"7cee092\" data-element_type=\"widget\" data-e-type=\"widget\" data-widget_type=\"heading.default\">\n\t\t\t\t\t<h2 class=\"elementor-heading-title elementor-size-default\">Go\u00f0s\u00f6gn og \u00e6ttartr\u00e9<\/h2>\t\t\t\t<\/div>\n\t\t\t\t<div class=\"elementor-element elementor-element-a7375c0 elementor-widget elementor-widget-text-editor\" data-id=\"a7375c0\" data-element_type=\"widget\" data-e-type=\"widget\" data-widget_type=\"text-editor.default\">\n\t\t\t\t\t\t\t\t\t<p>Geb er sonur Shu og Tefnut, \u00fear me\u00f0 tali\u00f0 sonarsonur frumgu\u00f0sins Atum. \u00cd p\u00fdram\u00eddatextunum og kistutextunum er \u00feessi \u00e6ttartala r\u00e6kilega sta\u00f0fest: Atum getur Shu og Tefnut me\u00f0 sj\u00e1lfsskapandi h\u00e6tti; \u00far sambandi \u00feeirra f\u00e6\u00f0ast Geb og Nut.<\/p><p>\u00c1 m\u00fd\u00fe\u00edskum fors\u00f6gu\u00f6ldum voru Geb (j\u00f6r\u00f0in) og Nut (himinninn) svo \u00fe\u00e9tt fa\u00f0mlagi a\u00f0 ekkert loft r\u00fama\u00f0ist milli \u00feeirra og engin l\u00edfsvist gat myndast.<\/p><p>Shu, fa\u00f0irinn, gekk \u00e1 milli \u00feeirra og lyfti Nut upp \u00feannig a\u00f0 h\u00fan spenntist eins og himinhvolf yfir j\u00f6r\u00f0inni. Geb var\u00f0 eftir \u00e1 j\u00f6r\u00f0inni, \u00fatr\u00e9ttur me\u00f0 armleggi og f\u00f3tleggi, oft s\u00fdndur me\u00f0 reisn sem t\u00e1knar l\u00f6ngunarfulla tengingu hans vi\u00f0 hina fjarl\u00e6gu Nut.<\/p>\n<p>\u00dar sambandi Gebs og Nut f\u00e6ddust fj\u00f3rir osir\u00edskir gu\u00f0ir: Osiris (\u00e1 fyrsta afm\u00e6lisdegi), H\u00f3rus hinn eldri (\u00e1 \u00f6\u00f0rum), Seth (\u00e1 \u00feri\u00f0ja), Isis (\u00e1 fj\u00f3r\u00f0a) og Nephthys (\u00e1 fimmta).<\/p><p>Fimm vi\u00f0b\u00f3tardagar egypska \u00e1rsins (epag\u00f3menudagar) voru taldir afm\u00e6lisdagar \u00feessara gu\u00f0a; \u00e1 hverjum \u00feeirra var haldin s\u00e9rst\u00f6k h\u00e1t\u00ed\u00f0. Pl\u00fatarkos (\u201eDe Iside et Osiride\u201c 12) var\u00f0veitir fr\u00e1s\u00f6gnina \u00ed einni af f\u00e1um var\u00f0veittum fr\u00e1sagnar\u00fatg\u00e1fum.<\/p>\n<p>M\u00fd\u00fe\u00edskar fr\u00e1sagnir l\u00fdsa Geb \u00ed spennu vi\u00f0 hina fjarl\u00e6gu eiginkonu s\u00edna. S\u00e9rstakur atbur\u00f0ur fjallar um \u00e1greining Gebs og Shu um v\u00f6ld gu\u00f0anna.<\/p><p>\u00cd \u201eB\u00f3k um a\u00f0 fella Ap\u00f3fis\u201c og \u00ed tengdri gu\u00f0fr\u00e6\u00f0ilegri hef\u00f0 er greint fr\u00e1 \u00fev\u00ed a\u00f0 Geb hafi hraki\u00f0 f\u00f6\u00f0ur sinn Shu fr\u00e1 v\u00f6ldum og teki\u00f0 sj\u00e1lfur vi\u00f0 konungd\u00f3mi yfir j\u00f6r\u00f0inni; vi\u00f0urnefni hans \u201earftaka-prins gu\u00f0anna\u201c (rpa) og \u201ekonungur gu\u00f0anna\u201c endurspegla \u00feetta m\u00fd\u00fe\u00edska t\u00edmabil.<\/p><p>Fr\u00e1 \u00feessu konungd\u00e6mi Gebs er hin s\u00ed\u00f0ari egypska konungsgu\u00f0fr\u00e6\u00f0i runnin.<\/p>\n<p>\u00d6nnur fr\u00e1s\u00f6gn tengir Geb vi\u00f0 nau\u00f0gun m\u00f3\u00f0ur hans, Tefnut, sem er nefnd \u00ed nokkrum textum; tr\u00faars\u00f6gulega m\u00e1 h\u00fan hugsanlega sko\u00f0ast sem endurspeglun fornrar jar\u00f0f\u00f6\u00f0ur-jar\u00f0m\u00f3\u00f0ur tengingar sem var endurskipul\u00f6g\u00f0 \u00e6ttfr\u00e6\u00f0ilega \u00ed heliopol\u00edt\u00edskri <span class=\"iwg-fachbegriff\" data-tooltip=\"Fr\u00e6\u00f0ileg kenning um gu\u00f0 og tr\u00fa innan tr\u00faarbrag\u00f0a.\" tabindex=\"0\">gu\u00f0fr\u00e6\u00f0i<\/span>.<\/p><p>\u00deessir dekkri \u00fe\u00e6ttir go\u00f0s\u00f6gunnar liggja a\u00f0 baki hinum annars oftast fri\u00f0sama Geb. \u00cd s\u00ed\u00f0ari hef\u00f0 er Geb fyrst og fremst d\u00fdrka\u00f0ur sem sitjandi e\u00f0a liggjandi gu\u00f0 hins bygg\u00f0a lands, en m\u00e1ttur hans birtist \u00ed frj\u00f3semi akranna og v\u00f6xtu plantnanna.<\/p>\t\t\t\t\t\t\t\t<\/div>\n\t\t\t\t<\/div>\n\t\t<div class=\"elementor-element elementor-element-0574c28 e-con-full e-flex e-con e-child\" data-id=\"0574c28\" data-element_type=\"container\" data-e-type=\"container\">\n\t\t\t\t<div class=\"elementor-element elementor-element-bfdf303 elementor-widget elementor-widget-heading\" data-id=\"bfdf303\" data-element_type=\"widget\" data-e-type=\"widget\" data-widget_type=\"heading.default\">\n\t\t\t\t\t<h2 class=\"elementor-heading-title elementor-size-default\">T\u00e1kn, myndlist og einkenni<\/h2>\t\t\t\t<\/div>\n\t\t\t\t<div class=\"elementor-element elementor-element-999ea58 elementor-widget elementor-widget-text-editor\" data-id=\"999ea58\" data-element_type=\"widget\" data-e-type=\"widget\" data-widget_type=\"text-editor.default\">\n\t\t\t\t\t\t\t\t\t<p>Geb er venjulega s\u00fdndur sem \u00fatr\u00e9ttur ma\u00f0ur \u00e1 j\u00f6r\u00f0inni sem snertir pl\u00f6ntur, korn e\u00f0a h\u00eder\u00f3gl\u00fdfumerki\u00f0 fyrir \u201ej\u00f6r\u00f0\u201c (ta) me\u00f0 einni e\u00f0a b\u00e1\u00f0um h\u00f6ndum.<\/p><p>Yfir honum spennist mynd Nut sem bogadregin himinn; \u00e1 milli \u00feeirra stendur Shu, sem me\u00f0 uppr\u00e9tta arma skilur m\u00f3\u00f0urina fr\u00e1 f\u00f6\u00f0urnum. \u00deessi \u201eGeb-Nut-Shu\u201c samsetning er eitt algengasta myndefni\u00f0 \u00ed egypskum dau\u00f0ab\u00f3kum og \u00e1 kistulokum; \u00e1 hverjum vanda\u00f0ri sark\u00f3faga hins s\u00ed\u00f0ari t\u00edma m\u00e1 finna \u00feessa mynd.<\/p>\n<p>Heilagt d\u00fdr hans er n\u00edlg\u00e6sin, sem gefur egypska h\u00eder\u00f3gl\u00fdfumerki\u00f0 fyrir nafn hans. G\u00e6sin var algeng h\u00fasd\u00fdr \u00ed Egyptalandi, en tengsl hennar vi\u00f0 Geb ger\u00f0u hana a\u00f0 tr\u00faarlegri veru; \u00ed nokkrum musterum voru haldnar heilagar g\u00e6sir sem voru m\u00fama\u00f0ar eftir dau\u00f0ann.<\/p><p>\u201eHin mikla g\u00e6s\u201c (gengen wer), sem hin kosm\u00edska heimseggs-hugmynd er dregin af, er gu\u00f0fr\u00e6\u00f0ilegt afbrig\u00f0i: \u00far \u00fev\u00ed kosm\u00edska eggi sem Geb lag\u00f0i f\u00e6ddust allar verur, sem gefur jar\u00f0gu\u00f0num s\u00e9rstaka st\u00f6\u00f0u \u00ed heimsmynduninni.<\/p>\n<p>\u00c1 h\u00f6f\u00f0i s\u00ednu ber Geb venjulega <span class=\"iwg-fachbegriff\" data-tooltip=\"T\u00e1kn hinnar forn-egypsku myndritunar.\" tabindex=\"0\">h\u00eder\u00f3gl\u00fdfu<\/span> eigin nafns (g\u00e6s) e\u00f0a hv\u00edtu kr\u00fanu Efra Egyptalands. \u00cd nokkrum l\u00e1gmyndum ber hann Atef-kr\u00fanuna, sem undirstrikar konunglega tign hans.<\/p><p>\u00cd f\u00e1um tilvikum birtist hann me\u00f0 gr\u00e6nan h\u00fa\u00f0lit, sem v\u00edsar til tengsla hans vi\u00f0 gr\u00f3\u00f0ur, en \u00feessi litun er annars fr\u00e1teknar Osiris og er sjaldan notu\u00f0 fyrir Geb. \u00cd stj\u00f6rnuhvelfingum konungsgrafanna s\u00e9st Geb me\u00f0 stj\u00f6rnum e\u00f0a pl\u00f6ntur\u00f3tum, sem tengir hina kosm\u00edsku og gr\u00f3\u00f0urbundnu v\u00eddd hans.<\/p>\n<p>\u00der\u00edv\u00ed\u00f0 myndverk af Geb hafa var\u00f0veist fr\u00e1 Gamla r\u00edkinu. \u00c1 loftum konungsgrafanna \u00ed Konungadalnum (s\u00e9rstaklega hj\u00e1 Seti I., Ramses VI. og T\u00fatankamon) birtist Geb \u00ed hinni d\u00e6miger\u00f0u liggjandi stellingu. Merkileg stytta fr\u00e1 hinum s\u00ed\u00f0ari t\u00edma s\u00fdnir Geb sitjandi me\u00f0 tv\u00f6faldri kr\u00fanu; h\u00fan er n\u00fa var\u00f0veitt \u00ed Egypska safninu \u00ed Berl\u00edn.<\/p><p>\u00c1 kistulokum hins s\u00ed\u00f0ari t\u00edma, s\u00e9rstaklega \u00e1 \u00feri\u00f0ja millit\u00edmabilinu og sa\u00edt\u00edska t\u00edmabilinu, er Geb s\u00fdndur me\u00f0 mikilli n\u00e1kv\u00e6mni; l\u00edkami hans fylgir l\u00ednu kistulokins, og \u00e1 brj\u00f3sti hans ber hann \u00fatbreiddar pl\u00f6ntur sem jar\u00f0gu\u00f0inn l\u00e6tur spretta \u00far l\u00edkama s\u00ednum.<\/p>\t\t\t\t\t\t\t\t<\/div>\n\t\t\t\t<\/div>\n\t\t<div class=\"elementor-element elementor-element-f3a396a e-con-full e-flex e-con e-child\" data-id=\"f3a396a\" data-element_type=\"container\" data-e-type=\"container\">\n\t\t\t\t<div class=\"elementor-element elementor-element-180d46c elementor-widget elementor-widget-heading\" data-id=\"180d46c\" data-element_type=\"widget\" data-e-type=\"widget\" data-widget_type=\"heading.default\">\n\t\t\t\t\t<h2 class=\"elementor-heading-title elementor-size-default\">D\u00fdrkun og tilbei\u00f0sla<\/h2>\t\t\t\t<\/div>\n\t\t\t\t<div class=\"elementor-element elementor-element-f2cf56c elementor-widget elementor-widget-text-editor\" data-id=\"f2cf56c\" data-element_type=\"widget\" data-e-type=\"widget\" data-widget_type=\"text-editor.default\">\n\t\t\t\t\t\t\t\t\t<p>D\u00fdrkun Geb (Geb-<span class=\"iwg-fachbegriff\" data-tooltip=\"\u00d6ll tr\u00faarleg tilbei\u00f0sluath\u00f6fn helgu\u00f0 einum gu\u00f0i e\u00f0a heilagri veru.\" tabindex=\"0\">\u00e1tr\u00fana\u00f0urinn<\/span>) var a\u00f0 v\u00edsu alls sta\u00f0ar til sta\u00f0ar \u00ed egypskri tr\u00fa, en \u00e1tti s\u00e9r enga eina h\u00f6fu\u00f0mi\u00f0st\u00f6\u00f0 samb\u00e6rilega Heliopolis fyrir Atum e\u00f0a \u00deebu fyrir Amun. Geb var d\u00fdrka\u00f0ur \u00ed flestum musterum sem hluti af heliop\u00f3lsku gu\u00f0an\u00edh\u00f3pnum, honum voru reistar s\u00e9rstakar kapellur og hann var s\u00fdndur \u00ed gu\u00f0fr\u00e6\u00f0ilegum skreytingum musteranna.<\/p><p>Mikilv\u00e6gasta sta\u00f0bundna <span class=\"iwg-fachbegriff\" data-tooltip=\"Helgur sta\u00f0ur tileinka\u00f0ur tilbei\u00f0slu gu\u00f0s.\" tabindex=\"0\">helgista\u00f0ur<\/span> hans var \u00ed Delta-b\u00e6num Bata (\u201eH\u00fas Geb\u201c, borg n\u00e1l\u00e6gt n\u00faverandi Banha), \u00fear sem Geb var talinn h\u00f6fu\u00f0gu\u00f0 borgarinnar; <span class=\"iwg-fachbegriff\" data-tooltip=\"Helgur sta\u00f0ur tileinka\u00f0ur tilbei\u00f0slu gu\u00f0s.\" tabindex=\"0\">helgista\u00f0urinn<\/span> er einungis \u00feekktur \u00far \u00e1letrunum, ekki \u00far fornleifafundum.<\/p>\n<p>\u00cd Heliopolis var Geb \u00f3a\u00f0skiljanlegur hluti af d\u00fdrkun Atum-Re. Prestast\u00e9tt Heliopolis h\u00e9lt vi\u00f0 gu\u00f0fr\u00e6\u00f0ikerfi gu\u00f0an\u00edh\u00f3psins, \u00fear sem Geb \u00e1tti sinn fasta sess.<\/p><p>\u00cd daglegri musterisath\u00f6fn voru Geb-s\u00e1lmar fluttir, \u00fear sem jar\u00f0gu\u00f0inn var \u00e1kalla\u00f0ur sem berandi frj\u00f3sams jar\u00f0vegs og vaxandi plantna. Merkilegur s\u00e1lmur hefur var\u00f0veist \u00ed \u201eUppskeruforna-textunum\u201c, sem eru var\u00f0veittir \u00ed \u00e1letrunum \u00ed grafh\u00fdsi Hatsjeps\u00fat og \u00ed rameside-grafh\u00fdsunum (Ramesseum, Medinet Habu).<\/p>\n<p>Vi\u00f0 kr\u00fdningu fara\u00f3s gegndi Geb lykilhlutverki. Konungurinn steig \u201eupp \u00ed h\u00e1s\u00e6ti Geb\u201c, sem t\u00e1kna\u00f0i helgisi\u00f0abundna yfirt\u00f6ku hans \u00e1 valdi yfir landinu.<\/p><p>\u00deessi or\u00f0aform\u00fala er sta\u00f0fest \u00ed kr\u00fdningar\u00e1letrunum allt fr\u00e1 Gamla r\u00edkinu og helst fastur \u00fe\u00e1ttur \u00ed egypskri konungslegri hugtakanotkun allt til r\u00f3mverska keisarat\u00edmans. Vi\u00f0 greftrun f\u00e9kk hinn l\u00e1tni konungur sams\u00f6mun vi\u00f0 Geb, sem marka\u00f0i umskipti hans fr\u00e1 jar\u00f0neskri til handanheimslegrar valdat\u00ed\u00f0ar.<\/p>\n<p>\u00cd uppskeruh\u00e1t\u00ed\u00f0inni, sem haldin var \u00ed Egyptalandi milli febr\u00faar og apr\u00edl, f\u00e9kk Geb fyrstu frumgr\u00f3\u00f0af\u00f3rnirnar. B\u00e6ndurnir f\u00e6r\u00f0u jar\u00f0gu\u00f0inum fyrstu kornbindin af n\u00fdju korninu; \u00ed sumum sta\u00f0bundnum \u00e1tr\u00fana\u00f0i var Geb samsama\u00f0ur uppskerugu\u00f0inum Nepri, sem var hin s\u00e9rt\u00e6ka pers\u00f3nugerving kornsins.<\/p><p>\u00cd hinum miklu h\u00e1t\u00ed\u00f0arg\u00f6ngum \u00deebu (Opet-h\u00e1t\u00ed\u00f0inni, Dal-h\u00e1t\u00ed\u00f0inni) var Geb borinn me\u00f0 sem hluti af gu\u00f0asamkundunni. \u00cd Edfu-<span class=\"iwg-fachbegriff\" data-tooltip=\"Bygging sem er helgu\u00f0 tilbei\u00f0slu einnar e\u00f0a fleiri gu\u00f0d\u00f3ma.\" tabindex=\"0\">musterinu<\/span> er afm\u00e6lisdagur hans skr\u00e1\u00f0ur \u00ed h\u00e1t\u00ed\u00f0ardagatalinu; hann f\u00e9ll \u00e1 fyrsta vi\u00f0b\u00f3tardaginn (epagomenal) og var haldinn h\u00e1t\u00ed\u00f0legur me\u00f0 f\u00f3rnum og s\u00e1lmum.<\/p>\t\t\t\t\t\t\t\t<\/div>\n\t\t\t\t<\/div>\n\t\t<div class=\"elementor-element elementor-element-c8781d1 e-con-full e-flex e-con e-child\" data-id=\"c8781d1\" data-element_type=\"container\" data-e-type=\"container\">\n\t\t\t\t<div class=\"elementor-element elementor-element-accfa26 elementor-widget elementor-widget-heading\" data-id=\"accfa26\" data-element_type=\"widget\" data-e-type=\"widget\" data-widget_type=\"heading.default\">\n\t\t\t\t\t<h2 class=\"elementor-heading-title elementor-size-default\">Mikilv\u00e6g helgista\u00f0ir og musteri<\/h2>\t\t\t\t<\/div>\n\t\t\t\t<div class=\"elementor-element elementor-element-8f8823f elementor-widget elementor-widget-text-editor\" data-id=\"8f8823f\" data-element_type=\"widget\" data-e-type=\"widget\" data-widget_type=\"text-editor.default\">\n\t\t\t\t\t\t\t\t\t<p>Geb haf\u00f0i engin risavaxin meginhof \u00ed l\u00edkingu vi\u00f0 st\u00f3ru helgista\u00f0i Amuns e\u00f0a Ptah. D\u00fdrkunarsta\u00f0ir hans hafa fram til \u00feessa a\u00f0eins veri\u00f0 sta\u00f0festir \u00ed brotum \u00ed fr\u00e6\u00f0unum. Mikilv\u00e6gasti \u00feeirra var Bata, Delta-borg \u00fear sem nafni\u00f0 \u00fe\u00fd\u00f0ir \u201eh\u00fas Gebs\u201c; tali\u00f0 er a\u00f0 a\u00f0ald\u00fdrkunin hafi veri\u00f0 haldin \u00fear, en fornleifaleg sta\u00f0festing er ekki \u00f6rugg.<\/p><p>\u00cd Heliopolis haf\u00f0i Geb kapellu innan hofs Atum-Re, \u00ed Memfis kapellu innan hofs Ptah, \u00ed \u00deebu kapellu innan Amun-Re-samst\u00e6\u00f0unnar.<\/p>\n<p>\u00cd Edfu, \u00ed hinu st\u00f3ra H\u00f3rus-<span class=\"iwg-fachbegriff\" data-tooltip=\"Bygging sem er tileinku\u00f0 d\u00fdrkun einnar e\u00f0a fleiri gu\u00f0v\u00e6tta.\" tabindex=\"0\">hofi<\/span>, er Geb \u00e1berandi \u00ed helgifr\u00e6\u00f0ilegum myndar\u00f6\u00f0um veggjanna; s\u00e9rst\u00f6k kapella er \u00fe\u00f3 ekki var\u00f0veitt. \u00cd grafhofi Set\u00eds I. \u00ed Abydos kemur Geb fram \u00ed r\u00f6\u00f0 gu\u00f0anna sem blessa konunginn.<\/p><p>\u00cd Dendera (<span class=\"iwg-fachbegriff\" data-tooltip=\"Bygging sem er tileinku\u00f0 d\u00fdrkun einnar e\u00f0a fleiri gu\u00f0v\u00e6tta.\" tabindex=\"0\">hofi<\/span> Hathor) hefur Geb s\u00e9rstaka vegsvi\u00f0smynd, \u00fear sem hann snertir konunginn me\u00f0 l\u00edfsmerkinu \u201eankh\u201c; svipu\u00f0 myndapr\u00f3gr\u00f6mm finnast \u00ed Philae og Esna.<\/p>\n<p>\u00cd Konungadalnum s\u00fdna konungsgrafir Ramess\u00edda-t\u00edmans \u00e1 loftunum liggjandi mynd Gebs sem jar\u00f0gu\u00f0s, me\u00f0 bogadregnu l\u00edkama Nut yfir honum. \u00deessar loftmyndir eru \u00e1hrifamestu Geb-myndverk egypskrar listar.<\/p><p>\u00cd gr\u00f6f Set\u00eds I. (KV 17) eru loftin s\u00e9rstaklega n\u00e1kv\u00e6m; Geb kemur \u00fear fram \u00ed fullm\u00f3ta\u00f0ri stellingu me\u00f0 pl\u00f6ntum sem vaxa upp \u00far l\u00edkama hans.<\/p>\n<p>\u00cd Hibis-<span class=\"iwg-fachbegriff\" data-tooltip=\"Bygging sem er tileinku\u00f0 d\u00fdrkun einnar e\u00f0a fleiri gu\u00f0v\u00e6tta.\" tabindex=\"0\">hofinu<\/span> \u00ed Kharga-vininni er umfangsmikil myndar\u00f6\u00f0 sem s\u00fdnir n\u00edu gu\u00f0a fylkingu Heliopolis; Geb hefur h\u00e9r mi\u00f0l\u00e6ga st\u00f6\u00f0u. \u00c1letrunirnar og l\u00e1gmyndirnar eru me\u00f0al \u00feeirra gu\u00f0fr\u00e6\u00f0ilega metna\u00f0arfyllstu fr\u00e1 s\u00ed\u00f0t\u00edmanum.<\/p><p>\u00cd Esna-<span class=\"iwg-fachbegriff\" data-tooltip=\"Bygging sem er tileinku\u00f0 d\u00fdrkun einnar e\u00f0a fleiri gu\u00f0v\u00e6tta.\" tabindex=\"0\">hofinu<\/span> og \u00ed <span class=\"iwg-fachbegriff\" data-tooltip=\"Bygging sem er tileinku\u00f0 d\u00fdrkun einnar e\u00f0a fleiri gu\u00f0v\u00e6tta.\" tabindex=\"0\">hofinu<\/span> \u00ed Kom Ombo er Geb einnig til sta\u00f0ar \u00ed helgifr\u00e6\u00f0ilegum pr\u00f3gr\u00f6mmum, en \u00e1n sj\u00e1lfst\u00e6\u00f0rar kapellu. Mikilv\u00e6gi Gebs l\u00e1 minna \u00ed eigin d\u00fdrkunarmi\u00f0st\u00f6\u00f0vum en \u00ed heimsfr\u00e6\u00f0ilegu og \u00e6ttartengdu hlutverki hans innan gu\u00f0anetsins.<\/p>\t\t\t\t\t\t\t\t<\/div>\n\t\t\t\t<\/div>\n\t\t<div class=\"elementor-element elementor-element-69d3116 e-con-full e-flex e-con e-child\" data-id=\"69d3116\" data-element_type=\"container\" data-e-type=\"container\">\n\t\t\t\t<div class=\"elementor-element elementor-element-a4a0fda elementor-widget elementor-widget-heading\" data-id=\"a4a0fda\" data-element_type=\"widget\" data-e-type=\"widget\" data-widget_type=\"heading.default\">\n\t\t\t\t\t<h2 class=\"elementor-heading-title elementor-size-default\">Go\u00f0sagnafr\u00e1sagnir<\/h2>\t\t\t\t<\/div>\n\t\t\t\t<div class=\"elementor-element elementor-element-623a10f elementor-widget elementor-widget-text-editor\" data-id=\"623a10f\" data-element_type=\"widget\" data-e-type=\"widget\" data-widget_type=\"text-editor.default\">\n\t\t\t\t\t\t\t\t\t<p>Mikilv\u00e6gasti go\u00f0sagna\u00fe\u00e1tturinn um Geb er a\u00f0skilna\u00f0urinn fr\u00e1 Nut. \u00cd kistutextunum og \u00ed B\u00f3k dags og n\u00e6tur er a\u00f0skilna\u00f0urinn l\u00fdst \u00ed sm\u00e1atri\u00f0um: Shu, fa\u00f0ir Gebs og Nut, gengur \u00e1 milli hinna n\u00e1nu systkina og lyftir Nut upp me\u00f0 b\u00e1\u00f0um \u00f6rmum.<\/p><p>\u00deannig myndast l\u00edfsr\u00fami\u00f0 milli jar\u00f0ar og himins sem gerir sk\u00f6punina m\u00f6gulega \u00ed eiginlegri merkingu. Geb liggur \u00e1fram \u00e1 j\u00f6r\u00f0inni, oft me\u00f0 reistan lim e\u00f0a \u00fatr\u00e9ttar arma, og reynir a\u00f0 n\u00e1 til Nut. \u00deessi fr\u00e1s\u00f6gn telst vera ein elstu heimsa\u00f0skilna\u00f0argo\u00f0s\u00f6gn mannkynsins.<\/p>\n<p>F\u00e6\u00f0ing hinna fj\u00f6gurra \u00f3s\u00edr\u00edsku gu\u00f0a er \u00f6nnur mi\u00f0l\u00e6g fr\u00e1s\u00f6gn. Re haf\u00f0i \u00e1kve\u00f0i\u00f0 a\u00f0 Nut skyldi ekki f\u00e6\u00f0a \u00e1 neinum degi \u00e1rsins. Thoth, hinn sl\u00e6gi gu\u00f0 skriftarins, vann \u00fe\u00f3 fimm auka daga \u00ed leik vi\u00f0 m\u00e1nann, daga sem t\u00f6ldust ekki til hins venjulega \u00e1rs.<\/p><p>\u00c1 \u00feessum fimm hlaupd\u00f6gum f\u00e6ddi Nut \u00ed r\u00f6\u00f0 Os\u00edris, hinn eldri H\u00f3rus, Seth, \u00cdsis og Nep\u00fe\u00fds. \u00deessi f\u00e6\u00f0ing \u00f3s\u00edr\u00edsku gu\u00f0anna er go\u00f0s\u00f6guleg sk\u00fdring \u00e1 hinum fimm \u201eepagomenu d\u00f6gum&#8220; egypska t\u00edmatalsins sem haldnir voru sem afm\u00e6lisdagar gu\u00f0anna.<\/p>\n<p>Dekkri go\u00f0sagna\u00fe\u00e1ttur sn\u00fdr a\u00f0 deilunni milli Gebs og sonar hans Seth. Eftir dau\u00f0a Os\u00edrisar erfir H\u00f3rus konungd\u00f3minn, en Seth m\u00f3tm\u00e6lir \u00feeirri kr\u00f6fu. Geb, sem fa\u00f0ir og afi hinna deilandi gu\u00f0a, tekur a\u00f0 s\u00e9r hlutverk d\u00f3mara.<\/p><p>\u00cd \u201eDeilu H\u00f3rusar og Seths&#8220; (Chester Beatty I pap\u00fdrusinn), langri fr\u00e1s\u00f6gn fr\u00e1 Ramess\u00edda-t\u00edmanum, er Geb einn \u00feeirra gu\u00f0a sem st\u00fdra m\u00e1lsme\u00f0fer\u00f0inni; a\u00f0 lokum d\u00e6mir hann H\u00f3rusi \u00ed hag. \u00deannig ver\u00f0ur Geb stofnandi hinnar fara\u00f3nsku konungsr\u00f6\u00f0 sem berst gegnum H\u00f3rus til hinna mennsku fara\u00f3a.<\/p>\n<p>\u00cd B\u00f3k hinna dau\u00f0u er sagt um hinn l\u00e1tna a\u00f0 hann s\u00e9 \u201esprottinn \u00far l\u00edkama Gebs&#8220;. \u00deessi form\u00fala gerir Geb a\u00f0 uppruna allra jar\u00f0neskra vera og setur hinn l\u00e1tna \u00ed hina kosm\u00edsku r\u00f6\u00f0 fr\u00e1 Atum yfir Shu og Tefnut til Gebs og \u00fear me\u00f0 til sj\u00e1lfrar sk\u00f6punarinnar.<\/p><p>Vi\u00f0 greftrunarathafnir var hinn l\u00e1tni samsama\u00f0ur Geb, sem \u00e1tti a\u00f0 grei\u00f0a f\u00f6r hans yfir \u00ed land hinna dau\u00f0u. \u00deessi sams\u00f6mun er tr\u00faars\u00f6gulega athyglisver\u00f0 \u00fev\u00ed h\u00fan gerir jar\u00f0gu\u00f0inn a\u00f0 tryggingarmanni upprisunnar: S\u00e1 sem kemur \u00far j\u00f6r\u00f0inni sn\u00fdr aftur til jar\u00f0ar til a\u00f0 f\u00e6\u00f0ast \u00far henni a\u00f0 n\u00fdju.<\/p>\t\t\t\t\t\t\t\t<\/div>\n\t\t\t\t<\/div>\n\t\t<div class=\"elementor-element elementor-element-a639934 e-con-full e-flex e-con e-child\" data-id=\"a639934\" data-element_type=\"container\" data-e-type=\"container\">\n\t\t\t\t<div class=\"elementor-element elementor-element-218b6c8 elementor-widget elementor-widget-heading\" data-id=\"218b6c8\" data-element_type=\"widget\" data-e-type=\"widget\" data-widget_type=\"heading.default\">\n\t\t\t\t\t<h2 class=\"elementor-heading-title elementor-size-default\">Tengsl innan go\u00f0aheimsins<\/h2>\t\t\t\t<\/div>\n\t\t\t\t<div class=\"elementor-element elementor-element-5918bae elementor-widget elementor-widget-text-editor\" data-id=\"5918bae\" data-element_type=\"widget\" data-e-type=\"widget\" data-widget_type=\"text-editor.default\">\n\t\t\t\t\t\t\t\t\t<p>Geb er n\u00e1tengdur \u00e6ttarneti heli\u00f3p\u00f3litanska gu\u00f0an\u00ednmennisins. Me\u00f0 Nut, systur sinni og eiginkonu, tengir hann hinn kosm\u00edska a\u00f0skilna\u00f0; fj\u00f6gur (e\u00f0a fimm) b\u00f6rn \u00feeirra eru hinir mi\u00f0l\u00e6gu \u00f3s\u00edr\u00edsku gu\u00f0ir.<\/p><p>Me\u00f0 Shu, f\u00f6\u00f0ur s\u00ednum, er samband a\u00f0skilna\u00f0arins, en \u00far \u00feeim a\u00f0skilna\u00f0i myndast l\u00edfsr\u00fami\u00f0 sem hin mennska ver\u00f6ld byggir \u00e1. Me\u00f0 Tefnut, m\u00f3\u00f0ur sinni, er \u00ed nokkrum textum l\u00fdst hj\u00f3nabandsl\u00edku sambandi, sem er \u00fe\u00f3 v\u00edkjandi \u00ed hinni helstu heli\u00f3p\u00f3lit\u00f6nsku hef\u00f0.<\/p>\n<p>Vi\u00f0 Os\u00edris hefur Geb s\u00e9rstakt samband sem fa\u00f0ir. Os\u00edris erfir konungd\u00f3minn yfir j\u00f6r\u00f0inni fr\u00e1 Geb; eftir dau\u00f0a Os\u00edrisar og f\u00f6r hans til undirheima berst konungd\u00f3murinn til sonar hans H\u00f3rusar.<\/p><p>\u00deessi \u00e6ttarl\u00edna fr\u00e1 Geb yfir Os\u00edris til H\u00f3rusar myndar go\u00f0s\u00f6gulega fyrirmynd hinnar fara\u00f3nsku konungsr\u00f6\u00f0. Vi\u00f0 Seth er sambandi\u00f0 tv\u00edbent: Seth er sonur Gebs, en framfer\u00f0i hans gagnvart Os\u00edris kemur honum \u00ed \u00e1t\u00f6k vi\u00f0 f\u00f6\u00f0url\u00ednuna; Geb tekur a\u00f0 lokum m\u00e1lsta\u00f0 H\u00f3rusar.<\/p>\n<p>Vi\u00f0 Re hefur Geb gu\u00f0fr\u00e6\u00f0ilegt samband. Re haf\u00f0i banna\u00f0 a\u00f0 Nut f\u00e6ddi \u00e1 venjulegum degi \u00e1rsins; me\u00f0 sl\u00e6g\u00f0 Thoths var \u00feetta bann fari\u00f0 \u00e1 svig vi\u00f0.<\/p><p>\u00cd yngri textum er Re gefinn sem h\u00e6stur gu\u00f0 sem Geb er einnig undirgefinn; en Geb heldur hlutverki s\u00ednu sem jar\u00f0gu\u00f0 og forfa\u00f0ir \u00f3s\u00edr\u00edsku gu\u00f0anna. Vi\u00f0 Nepri, gu\u00f0 kornsins, og Renenutet, h\u00f6ggormsgy\u00f0ju uppskerunnar, hefur Geb virknileg tengsl sem undirstrika frj\u00f3semis\u00fe\u00e6tti hans.<\/p>\t\t\t\t\t\t\t\t<\/div>\n\t\t\t\t<\/div>\n\t\t<div class=\"elementor-element elementor-element-4059ed7 e-con-full e-flex e-con e-child\" data-id=\"4059ed7\" data-element_type=\"container\" data-e-type=\"container\">\n\t\t\t\t<div class=\"elementor-element elementor-element-9b3f101 elementor-widget elementor-widget-heading\" data-id=\"9b3f101\" data-element_type=\"widget\" data-e-type=\"widget\" data-widget_type=\"heading.default\">\n\t\t\t\t\t<h2 class=\"elementor-heading-title elementor-size-default\">M\u00f3ttaka<\/h2>\t\t\t\t<\/div>\n\t\t\t\t<div class=\"elementor-element elementor-element-72ec54a elementor-widget elementor-widget-text-editor\" data-id=\"72ec54a\" data-element_type=\"widget\" data-e-type=\"widget\" data-widget_type=\"text-editor.default\">\n\t\t\t\t\t\t\t\t\t<p>\u00c1 gr\u00edsk-r\u00f3mverskri <span class=\"iwg-fachbegriff\" data-tooltip=\"T\u00edmabil gr\u00edskrar og r\u00f3mverskrar menningar, um \u00fea\u00f0 bil 800 f.Kr. til 600 e.Kr.\" tabindex=\"0\">forn\u00f6ld<\/span> var Geb venjulega samsama\u00f0ur Kr\u00f3nosi, \u00fear sem b\u00e1\u00f0ir \u00fe\u00f3ttu vera fornir forfe\u00f0ur hinna yngri gu\u00f0a. Pl\u00fatarkos (De Iside et Osiride, 12) nefnir \u00feessa sams\u00f6mun berum or\u00f0um; D\u00ed\u00f3d\u00f3ros (I, 13) talar um Geb sem \u201ehinn forna gu\u00f0 landsins&#8220;.<\/p><p>Sams\u00f6munin vi\u00f0 Kr\u00f3nos var \u00fe\u00f3 ekki fullkomlega heppileg, \u00fear sem Kr\u00f3nos ber \u00ed gr\u00edskri hef\u00f0 einnig manneldiseinkenni sem eru Geb algerlega \u00f3kunnug. \u00cd hellen\u00edskum musteris\u00e1letrunum \u00ed Edfu, Dendara og F\u00edl\u00e6 h\u00e9lst Geb undir egypsku heiti s\u00ednu; fullkomin hellenisering \u00e1tti s\u00e9r ekki sta\u00f0.<\/p>\n<p>\u00cd hermet\u00edskum ritum er Geb \u00e1 stundum me\u00f0h\u00f6ndla\u00f0ur sem \u00fe\u00e1ttur hinnar pers\u00f3nuger\u00f0u jar\u00f0ar. T\u00f6frapap\u00fdrusarnir og verndargripir s\u00ed\u00f0t\u00edmans n\u00fdttu \u00e1kallanir til Gebs \u00ed verndar- og l\u00e6kningarskyni; s\u00e9rstaklega vi\u00f0 frj\u00f3semisathafnir og vi\u00f0 sj\u00fakd\u00f3ma sem tengdust j\u00f6r\u00f0inni var Geb \u00e1kalla\u00f0ur.<\/p><p>Hugmyndin um hinn liggjandi jar\u00f0gu\u00f0 me\u00f0 uppvaxandi pl\u00f6ntum h\u00e9lst \u00ed kopt\u00edskri \u00fej\u00f3\u00f0tr\u00fa sem myndminni, \u00e1n \u00feess a\u00f0 nafni\u00f0 Geb hafi veri\u00f0 bori\u00f0 \u00e1fram me\u00f0 berum or\u00f0um.<\/p>\n<p>Endurfundur Gebs \u00ed n\u00fat\u00edmanum hefst me\u00f0 \u00fatg\u00e1fum Champollions um kistutextana. \u00c1 n\u00edtj\u00e1ndu \u00f6ld greindi Heinrich Brugsch Geb-s\u00e1lmana; \u00e1 tuttugustu \u00f6ld greindu Adolf Erman, Hermann Grapow, Hans Bonnet og Erik Hornung me\u00f0 kerfisbundnum h\u00e6tti gu\u00f0fr\u00e6\u00f0ilega st\u00f6\u00f0u Gebs.<\/p><p><span data-nosnippet>Yngri ranns\u00f3knir James P. Allen (\u201eGenesis in Egypt&#8220;, 1988) og Jan Assmann (\u201e\u00c4gypten&#8220;, 1984) hafa endurmeti\u00f0 Geb sem fyrirmyndard\u00e6mi hins kosm\u00edska jar\u00f0gu\u00f0s og varpa\u00f0 lj\u00f3si \u00e1 mikilv\u00e6gi hans fyrir egypska konungsgu\u00f0fr\u00e6\u00f0i. \u00cd n\u00fat\u00edma d\u00e6gurmenningu birtist Geb \u00ed sk\u00e1lds\u00f6gum Christian Jacq og \u00ed t\u00f6lvuleikjar\u00f6\u00f0inni \u201eAssassin&#8217;s Creed Origins&#8220;.<\/span><\/p>\t\t\t\t\t\t\t\t<\/div>\n\t\t\t\t<\/div>\n\t\t<div class=\"elementor-element elementor-element-39b8465 e-con-full e-flex e-con e-child\" data-id=\"39b8465\" data-element_type=\"container\" data-e-type=\"container\">\n\t\t\t\t<div class=\"elementor-element elementor-element-b7e0822 elementor-widget elementor-widget-heading\" data-id=\"b7e0822\" data-element_type=\"widget\" data-e-type=\"widget\" data-widget_type=\"heading.default\">\n\t\t\t\t\t<h2 class=\"elementor-heading-title elementor-size-default\">Tr\u00faarfr\u00e6\u00f0ileg sta\u00f0setning<\/h2>\t\t\t\t<\/div>\n\t\t\t\t<div class=\"elementor-element elementor-element-d60760b elementor-widget elementor-widget-text-editor\" data-id=\"d60760b\" data-element_type=\"widget\" data-e-type=\"widget\" data-widget_type=\"text-editor.default\">\n\t\t\t\t\t\t\t\t\t<p>Geb tilheyrir flokki jar\u00f0gu\u00f0a, sem \u00ed m\u00f6rgum tr\u00faarbr\u00f6g\u00f0um t\u00e1kna hinn pers\u00f3nuger\u00f0a, fasta heim. Tr\u00faarbrag\u00f0afr\u00e6\u00f0ilega er athyglisvert hvernig kynfer\u00f0i hans er skilgreint: Me\u00f0an j\u00f6r\u00f0in er \u00ed flestum tr\u00faarbr\u00f6g\u00f0um hugsu\u00f0 kvenkyns (Gaia \u00ed Grikklandi, P\u1e5bthiv\u012b \u00e1 Indlandi, Hou Tu \u00ed K\u00edna), er h\u00fan karlkyns \u00ed Egyptalandi.<\/p><p>\u00deetta er eitt af athyglisver\u00f0um s\u00e9rkennum egypskrar <span class=\"iwg-fachbegriff\" data-tooltip=\"Hin fr\u00e6\u00f0ilega kenning um gu\u00f0 og tr\u00fa tiltekinna tr\u00faarbrag\u00f0a.\" tabindex=\"0\">gu\u00f0fr\u00e6\u00f0i<\/span> og tengist \u00e1 skipulagslegan h\u00e1tt anat\u00f3l\u00edskum og norr\u00e6num tr\u00faarbr\u00f6g\u00f0um, \u00fear sem j\u00f6r\u00f0in er einnig \u00f6\u00f0ru hvoru sett fram sem karlkyns.<\/p>\n<p>Egypska fyrirkomulagi\u00f0 \u00e1 hinum kosm\u00edsku systkinum (Geb-j\u00f6r\u00f0, Nut-himinn) og skilna\u00f0i \u00feeirra af v\u00f6ldum f\u00f6\u00f0urins Shu er einstakt \u00ed tr\u00faarbrag\u00f0as\u00f6gu. \u00dea\u00f0 sn\u00fdr vi\u00f0 hinu algenga m\u00f3deli um himneskan f\u00f6\u00f0ur og jar\u00f0neska m\u00f3\u00f0ur og gerir himininn a\u00f0 kvenkyns hluta hins kosm\u00edska pars, en j\u00f6r\u00f0ina a\u00f0 karlkyns hluta.<\/p><p>Gu\u00f0fr\u00e6\u00f0ingar \u00e1 s\u00ed\u00f0ari t\u00edmum Egyptalands h\u00f6f\u00f0u \u00feetta s\u00e9rkenni bers\u00fdnilega \u00ed huga og l\u00f6g\u00f0u \u00e1herslu \u00e1 \u00fea\u00f0 \u00ed s\u00e1lmum s\u00ednum; \u00fea\u00f0 tengir egypska tr\u00fa vi\u00f0 matril\u00edneal undirst\u00f6\u00f0u sem hugsanlega gegndi hlutverki \u00ed frumt\u00edma N\u00edlardalsins.<\/p>\n<p>Henri Frankfort greindi \u00ed \u00abKingship and the Gods\u00bb form\u00faluna um \u00abh\u00e1s\u00e6ti Geb\u00bb sem d\u00e6migert fyrirb\u00e6ri egypskrar konungsgu\u00f0fr\u00e6\u00f0i. Fara\u00f3inn sat ekki \u00e1 \u00f3hlutbundnu e\u00f0a sm\u00ed\u00f0u\u00f0u h\u00e1s\u00e6ti, heldur \u00e1 sj\u00e1lfum gu\u00f0sl\u00edkama jar\u00f0gu\u00f0sins; \u00feannig var konungd\u00f3murinn r\u00f6kstuddur \u00e1 kosm\u00edskan h\u00e1tt, ekki a\u00f0eins p\u00f3lit\u00edskan.<\/p><p>Erik Hornung dr\u00f3 \u00ed \u00abConceptions of God\u00bb fram hlutverk Gebs sem \u00abf\u00f6\u00f0ur \u00d3s\u00edr\u00edsar-gu\u00f0anna\u00bb og fanga\u00f0i \u00feannig einnig st\u00f6\u00f0u Gebs \u00ed hinni framhaldsl\u00edfsbundnu tr\u00fa Egypta.<\/p><p>N\u00fdrri samanbur\u00f0ar-tr\u00faarbrag\u00f0afr\u00e6\u00f0i hefur fundi\u00f0 \u00ed Geb mikilv\u00e6gan vi\u00f0mi\u00f0unarpunkt fyrir umr\u00e6\u00f0una um kynbundna k\u00f3\u00f0un jar\u00f0arinnar; egypska m\u00f3deli\u00f0 s\u00fdnir a\u00f0 hugmyndin um \u00abM\u00f3\u00f0ur J\u00f6r\u00f0\u00bb er ekki alheimsleg, heldur menningarlega breytileg sm\u00ed\u00f0.<\/p>\t\t\t\t\t\t\t\t<\/div>\n\t\t\t\t<\/div>\n\t\t<div class=\"elementor-element elementor-element-8c591e3 e-con-full e-flex e-con e-child\" data-id=\"8c591e3\" data-element_type=\"container\" data-e-type=\"container\">\n\t\t\t\t<div class=\"elementor-element elementor-element-66c55bb elementor-widget elementor-widget-heading\" data-id=\"66c55bb\" data-element_type=\"widget\" data-e-type=\"widget\" data-widget_type=\"heading.default\">\n\t\t\t\t\t<h2 class=\"elementor-heading-title elementor-size-default\">Heimildir<\/h2>\t\t\t\t<\/div>\n\t\t\t\t<div class=\"elementor-element elementor-element-94b9b24 elementor-widget elementor-widget-text-editor\" data-id=\"94b9b24\" data-element_type=\"widget\" data-e-type=\"widget\" data-widget_type=\"text-editor.default\">\n\t\t\t\t\t\t\t\t\t<footer class=\"iwg-literatur\"><p>Pyram\u00eddatextar, s\u00e9rstaklega spjall 222 og 369 (Geb sem fa\u00f0ir konungsins). Kistutextar og Dau\u00f0ab\u00f3kin, s\u00e9rstaklega spjall 7 og 17. \u00abBuch vom Tag und der Nacht\u00bb, \u00fatg\u00e1fa Hornung.<\/p><p>Deila H\u00f3rusar og Seths (Papyrus Chester Beatty I), \u00fatg\u00e1fa Alan Gardiner. Pl\u00fatarkos, \u00abDe Iside et Osiride\u00bb 12. Diodoros, \u00abBibliotheke historica\u00bb I, 13. Henri Frankfort, \u00abKingship and the Gods.<\/p><p><span data-nosnippet>A Study of Ancient Near Eastern Religion as the Integration of Society and Nature\u00bb, Chicago 1948. Erik Hornung, \u00abDer Eine und die Vielen\u00bb, Darmstadt 1971. Erik Hornung, \u00abConceptions of God in Ancient Egypt.<\/span><\/p><p><span data-nosnippet>The One and the Many\u00bb, Ithaca 1982. Jan Assmann, \u00ab\u00c4gypten. <span class=\"iwg-fachbegriff\" data-tooltip=\"Hin fr\u00e6\u00f0ilega kenning um gu\u00f0 og tr\u00fa tiltekinna tr\u00faarbrag\u00f0a.\" tabindex=\"0\">gu\u00f0fr\u00e6\u00f0i<\/span> og <span class=\"iwg-fachbegriff\" data-tooltip=\"Hin lifa\u00f0a tr\u00faarlega afsta\u00f0a og i\u00f0kun manneskju.\" tabindex=\"0\">gu\u00f0r\u00e6kni<\/span> einer fr\u00fchen Hochkultur\u00bb, Stuttgart 1984. James P. Allen, \u00abGenesis in Egypt. The Philosophy of Ancient Egyptian Creation Accounts\u00bb, New Haven 1988.<\/span><\/p><\/footer>\t\t\t\t\t\t\t\t<\/div>\n\t\t\t\t<\/div>\n\t\t\t\t\t<\/div>\n\t\t\t\t<\/div>\n\t\t\t\t<\/div>\n\t\t","protected":false},"excerpt":{"rendered":"","protected":false},"author":3,"featured_media":3204,"parent":0,"menu_order":0,"comment_status":"closed","ping_status":"closed","template":"elementor_header_footer","meta":{"_yoast_wpseo_focuskw":"Geb","_yoast_wpseo_title":"Geb \u2013 Egypskur jar\u00f0gu\u00f0 og fa\u00f0ir Osiris | iWell Guard","_yoast_wpseo_metadesc":"Geb er egypskur jar\u00f0gu\u00f0, sonur Shu og Tefnut, eiginma\u00f0ur himingy\u00f0junnar Nut, fa\u00f0ir Osiris, Isis, Seth og Nephthys. Go\u00f0s\u00f6gn og d\u00fdrkun.","_yoast_wpseo_meta-robots-noindex":"","_yoast_wpseo_canonical":"","_angie_page":false,"gefaehrdungsstufe":"","wesen_kultur":"","wesen_klasse":"","footnotes":""},"categories":[],"class_list":["post-169056","page","type-page","status-publish","has-post-thumbnail","hentry"],"yoast_head":"<!-- This site is optimized with the Yoast SEO Premium plugin v27.7 (Yoast SEO v28.3) - https:\/\/yoast.com\/product\/yoast-seo-premium-wordpress\/ -->\n<title>Geb \u2013 Egypskur jar\u00f0gu\u00f0 og fa\u00f0ir Osiris | iWell Guard<\/title>\n<meta name=\"description\" content=\"Geb er egypskur jar\u00f0gu\u00f0, sonur Shu og Tefnut, eiginma\u00f0ur himingy\u00f0junnar Nut, fa\u00f0ir Osiris, Isis, Seth og Nephthys. Go\u00f0s\u00f6gn og d\u00fdrkun.\" \/>\n<meta name=\"robots\" content=\"index, follow, max-snippet:-1, max-image-preview:large, max-video-preview:-1\" \/>\n<link rel=\"canonical\" href=\"https:\/\/iwell-guard.com\/is\/geb\/\" \/>\n<meta property=\"og:locale\" content=\"is_IS\" \/>\n<meta property=\"og:type\" content=\"article\" \/>\n<meta property=\"og:title\" content=\"Geb\" \/>\n<meta property=\"og:description\" content=\"Geb er egypskur jar\u00f0gu\u00f0, sonur Shu og Tefnut, eiginma\u00f0ur himingy\u00f0junnar Nut, fa\u00f0ir Osiris, Isis, Seth og Nephthys. Go\u00f0s\u00f6gn og d\u00fdrkun.\" \/>\n<meta property=\"og:url\" content=\"https:\/\/iwell-guard.com\/is\/geb\/\" \/>\n<meta property=\"og:site_name\" content=\"iWell Guard\" \/>\n<meta property=\"article:modified_time\" content=\"2026-09-05T14:31:10+00:00\" \/>\n<meta property=\"og:image\" content=\"https:\/\/iwell-guard.com\/wp-content\/uploads\/2026\/05\/goetter_aegypten_geb.webp\" \/>\n\t<meta property=\"og:image:width\" content=\"1024\" \/>\n\t<meta property=\"og:image:height\" content=\"1536\" \/>\n\t<meta property=\"og:image:type\" content=\"image\/webp\" \/>\n<meta name=\"twitter:card\" content=\"summary_large_image\" \/>\n<script type=\"application\/ld+json\" class=\"yoast-schema-graph\">{\"@context\":\"https:\\\/\\\/schema.org\",\"@graph\":[{\"@type\":\"WebPage\",\"@id\":\"https:\\\/\\\/iwell-guard.com\\\/is\\\/geb\\\/\",\"url\":\"https:\\\/\\\/iwell-guard.com\\\/is\\\/geb\\\/\",\"name\":\"Geb \u2013 Egypskur jar\u00f0gu\u00f0 og fa\u00f0ir Osiris | iWell Guard\",\"isPartOf\":{\"@id\":\"https:\\\/\\\/iwell-guard.com\\\/is\\\/#website\"},\"primaryImageOfPage\":{\"@id\":\"https:\\\/\\\/iwell-guard.com\\\/is\\\/geb\\\/#primaryimage\"},\"image\":{\"@id\":\"https:\\\/\\\/iwell-guard.com\\\/is\\\/geb\\\/#primaryimage\"},\"thumbnailUrl\":\"https:\\\/\\\/iwell-guard.com\\\/wp-content\\\/uploads\\\/2026\\\/05\\\/goetter_aegypten_geb.webp\",\"datePublished\":\"2026-09-05T14:05:12+00:00\",\"dateModified\":\"2026-09-05T14:31:10+00:00\",\"description\":\"Geb er egypskur jar\u00f0gu\u00f0, sonur Shu og Tefnut, eiginma\u00f0ur himingy\u00f0junnar Nut, fa\u00f0ir Osiris, Isis, Seth og Nephthys. Go\u00f0s\u00f6gn og d\u00fdrkun.\",\"breadcrumb\":{\"@id\":\"https:\\\/\\\/iwell-guard.com\\\/is\\\/geb\\\/#breadcrumb\"},\"inLanguage\":\"is\",\"potentialAction\":[{\"@type\":\"ReadAction\",\"target\":[\"https:\\\/\\\/iwell-guard.com\\\/is\\\/geb\\\/\"]}]},{\"@type\":\"ImageObject\",\"inLanguage\":\"is\",\"@id\":\"https:\\\/\\\/iwell-guard.com\\\/is\\\/geb\\\/#primaryimage\",\"url\":\"https:\\\/\\\/iwell-guard.com\\\/wp-content\\\/uploads\\\/2026\\\/05\\\/goetter_aegypten_geb.webp\",\"contentUrl\":\"https:\\\/\\\/iwell-guard.com\\\/wp-content\\\/uploads\\\/2026\\\/05\\\/goetter_aegypten_geb.webp\",\"width\":1024,\"height\":1536,\"caption\":\"Gu\u00f0ir \u00far egypskri hef\u00f0.\"},{\"@type\":\"BreadcrumbList\",\"@id\":\"https:\\\/\\\/iwell-guard.com\\\/is\\\/geb\\\/#breadcrumb\",\"itemListElement\":[{\"@type\":\"ListItem\",\"position\":1,\"name\":\"Start\",\"item\":\"https:\\\/\\\/iwell-guard.com\\\/is\\\/?page_id=168580\"},{\"@type\":\"ListItem\",\"position\":2,\"name\":\"Geb\"}]},{\"@type\":\"WebSite\",\"@id\":\"https:\\\/\\\/iwell-guard.com\\\/is\\\/#website\",\"url\":\"https:\\\/\\\/iwell-guard.com\\\/is\\\/\",\"name\":\"iWell Guard\",\"description\":\"Schutz vor dunklen Einfl\u00fcssen\",\"publisher\":{\"@id\":\"https:\\\/\\\/iwell-guard.com\\\/is\\\/#organization\"},\"potentialAction\":[{\"@type\":\"SearchAction\",\"target\":{\"@type\":\"EntryPoint\",\"urlTemplate\":\"https:\\\/\\\/iwell-guard.com\\\/is\\\/?s={search_term_string}\"},\"query-input\":{\"@type\":\"PropertyValueSpecification\",\"valueRequired\":true,\"valueName\":\"search_term_string\"}}],\"inLanguage\":\"is\"},{\"@type\":\"Organization\",\"@id\":\"https:\\\/\\\/iwell-guard.com\\\/is\\\/#organization\",\"name\":\"Ittermann electronic GmbH\",\"url\":\"https:\\\/\\\/iwell-guard.com\\\/is\\\/\",\"logo\":{\"@type\":\"ImageObject\",\"inLanguage\":\"is\",\"@id\":\"https:\\\/\\\/iwell-guard.com\\\/is\\\/#\\\/schema\\\/logo\\\/image\\\/\",\"url\":\"https:\\\/\\\/iwell-guard.com\\\/wp-content\\\/uploads\\\/2026\\\/05\\\/Ittermann-Logo-1182x237-1.png\",\"contentUrl\":\"https:\\\/\\\/iwell-guard.com\\\/wp-content\\\/uploads\\\/2026\\\/05\\\/Ittermann-Logo-1182x237-1.png\",\"width\":1182,\"height\":237,\"caption\":\"Ittermann electronic GmbH\"},\"image\":{\"@id\":\"https:\\\/\\\/iwell-guard.com\\\/is\\\/#\\\/schema\\\/logo\\\/image\\\/\"},\"sameAs\":[\"https:\\\/\\\/pantip.com\\\/profile\\\/9367242\",\"https:\\\/\\\/micro.blog\\\/iwellguard\",\"https:\\\/\\\/www.diggerslist.com\\\/iwellguard\\\/about\",\"https:\\\/\\\/skitterphoto.com\\\/photographers\\\/2870314\\\/iwell-guard\",\"https:\\\/\\\/iwellguard.wordpress.com\\\/2026\\\/06\\\/06\\\/iwell-guard\\\/\",\"https:\\\/\\\/hub.docker.com\\\/u\\\/iwellguard\",\"https:\\\/\\\/www.pinterest.com\\\/iwellguard\\\/\",\"https:\\\/\\\/bit.ly\\\/m\\\/iwellguard\",\"https:\\\/\\\/entre-vos-mains.alsace.eu\\\/profiles\\\/iwellguard\\\/activity\",\"https:\\\/\\\/gravatar.com\\\/reallybeded8fd34\",\"https:\\\/\\\/naijamatta.com\\\/iwellguard\",\"https:\\\/\\\/www.goodreads.com\\\/iwellguard\",\"https:\\\/\\\/profile.hatena.ne.jp\\\/iwellguard\\\/\",\"https:\\\/\\\/experiment.com\\\/users\\\/iwellguard\",\"https:\\\/\\\/wakelet.com\\\/@iWellGuard82270\",\"https:\\\/\\\/www.chordie.com\\\/forum\\\/profile.php?id=2555664\",\"https:\\\/\\\/www.instapaper.com\\\/p\\\/17757966\",\"https:\\\/\\\/www.mapleprimes.com\\\/users\\\/iwellguard\",\"https:\\\/\\\/businesslistingplus.com\\\/profile\\\/iwell-guard\\\/\",\"https:\\\/\\\/telegra.ph\\\/iWell-Guard-06-06\",\"https:\\\/\\\/pbase.com\\\/iwellguard\\\/iwellguard\",\"https:\\\/\\\/b.hatena.ne.jp\\\/iwellguard\\\/20260607#bookmark-4788405196491818882\",\"https:\\\/\\\/fliphtml5.com\\\/home\\\/iwellguard\",\"https:\\\/\\\/anyflip.com\\\/homepage\\\/cmiwl#About\",\"https:\\\/\\\/transfur.com\\\/Users\\\/iwellguard\",\"http:\\\/\\\/delphi.larsbo.org\\\/user\\\/iwellguard\",\"https:\\\/\\\/jobs.lajobsportal.org\\\/profiles\\\/8380803-iwell-guard\",\"https:\\\/\\\/md.chaosdorf.de\\\/s\\\/jfbe5SBdJD\",\"https:\\\/\\\/www.lingvolive.com\\\/en-us\\\/profile\\\/9ecaeaca-ce11-4e51-9e71-01d55e2bff36\\\/translations\",\"https:\\\/\\\/www.fitday.com\\\/fitness\\\/forums\\\/members\\\/iwellguard.html\",\"https:\\\/\\\/www.mymeetbook.com\\\/iwellguard\",\"https:\\\/\\\/pxhere.com\\\/en\\\/photographer-me\\\/5040798\",\"https:\\\/\\\/disqus.com\\\/by\\\/iwellguard\\\/about\\\/\",\"https:\\\/\\\/pastelink.net\\\/hjwciqwq\",\"https:\\\/\\\/pubhtml5.com\\\/homepage\\\/scjhn\\\/\",\"https:\\\/\\\/www.bitchute.com\\\/channel\\\/2O2eOKzNqujT\",\"https:\\\/\\\/audiomack.com\\\/iwellguard\"]}]}<\/script>\n<!-- \/ Yoast SEO Premium plugin. -->","yoast_head_json":{"title":"Geb \u2013 Egypskur jar\u00f0gu\u00f0 og fa\u00f0ir Osiris | iWell Guard","description":"Geb er egypskur jar\u00f0gu\u00f0, sonur Shu og Tefnut, eiginma\u00f0ur himingy\u00f0junnar Nut, fa\u00f0ir Osiris, Isis, Seth og Nephthys. Go\u00f0s\u00f6gn og d\u00fdrkun.","robots":{"index":"index","follow":"follow","max-snippet":"max-snippet:-1","max-image-preview":"max-image-preview:large","max-video-preview":"max-video-preview:-1"},"canonical":"https:\/\/iwell-guard.com\/is\/geb\/","og_locale":"is_IS","og_type":"article","og_title":"Geb","og_description":"Geb er egypskur jar\u00f0gu\u00f0, sonur Shu og Tefnut, eiginma\u00f0ur himingy\u00f0junnar Nut, fa\u00f0ir Osiris, Isis, Seth og Nephthys. Go\u00f0s\u00f6gn og d\u00fdrkun.","og_url":"https:\/\/iwell-guard.com\/is\/geb\/","og_site_name":"iWell Guard","article_modified_time":"2026-09-05T14:31:10+00:00","og_image":[{"width":1024,"height":1536,"url":"https:\/\/iwell-guard.com\/wp-content\/uploads\/2026\/05\/goetter_aegypten_geb.webp","type":"image\/webp"}],"twitter_card":"summary_large_image","schema":{"@context":"https:\/\/schema.org","@graph":[{"@type":"WebPage","@id":"https:\/\/iwell-guard.com\/is\/geb\/","url":"https:\/\/iwell-guard.com\/is\/geb\/","name":"Geb \u2013 Egypskur jar\u00f0gu\u00f0 og fa\u00f0ir Osiris | iWell Guard","isPartOf":{"@id":"https:\/\/iwell-guard.com\/is\/#website"},"primaryImageOfPage":{"@id":"https:\/\/iwell-guard.com\/is\/geb\/#primaryimage"},"image":{"@id":"https:\/\/iwell-guard.com\/is\/geb\/#primaryimage"},"thumbnailUrl":"https:\/\/iwell-guard.com\/wp-content\/uploads\/2026\/05\/goetter_aegypten_geb.webp","datePublished":"2026-09-05T14:05:12+00:00","dateModified":"2026-09-05T14:31:10+00:00","description":"Geb er egypskur jar\u00f0gu\u00f0, sonur Shu og Tefnut, eiginma\u00f0ur himingy\u00f0junnar Nut, fa\u00f0ir Osiris, Isis, Seth og Nephthys. Go\u00f0s\u00f6gn og d\u00fdrkun.","breadcrumb":{"@id":"https:\/\/iwell-guard.com\/is\/geb\/#breadcrumb"},"inLanguage":"is","potentialAction":[{"@type":"ReadAction","target":["https:\/\/iwell-guard.com\/is\/geb\/"]}]},{"@type":"ImageObject","inLanguage":"is","@id":"https:\/\/iwell-guard.com\/is\/geb\/#primaryimage","url":"https:\/\/iwell-guard.com\/wp-content\/uploads\/2026\/05\/goetter_aegypten_geb.webp","contentUrl":"https:\/\/iwell-guard.com\/wp-content\/uploads\/2026\/05\/goetter_aegypten_geb.webp","width":1024,"height":1536,"caption":"Gu\u00f0ir \u00far egypskri hef\u00f0."},{"@type":"BreadcrumbList","@id":"https:\/\/iwell-guard.com\/is\/geb\/#breadcrumb","itemListElement":[{"@type":"ListItem","position":1,"name":"Start","item":"https:\/\/iwell-guard.com\/is\/?page_id=168580"},{"@type":"ListItem","position":2,"name":"Geb"}]},{"@type":"WebSite","@id":"https:\/\/iwell-guard.com\/is\/#website","url":"https:\/\/iwell-guard.com\/is\/","name":"iWell Guard","description":"Schutz vor dunklen Einfl\u00fcssen","publisher":{"@id":"https:\/\/iwell-guard.com\/is\/#organization"},"potentialAction":[{"@type":"SearchAction","target":{"@type":"EntryPoint","urlTemplate":"https:\/\/iwell-guard.com\/is\/?s={search_term_string}"},"query-input":{"@type":"PropertyValueSpecification","valueRequired":true,"valueName":"search_term_string"}}],"inLanguage":"is"},{"@type":"Organization","@id":"https:\/\/iwell-guard.com\/is\/#organization","name":"Ittermann electronic GmbH","url":"https:\/\/iwell-guard.com\/is\/","logo":{"@type":"ImageObject","inLanguage":"is","@id":"https:\/\/iwell-guard.com\/is\/#\/schema\/logo\/image\/","url":"https:\/\/iwell-guard.com\/wp-content\/uploads\/2026\/05\/Ittermann-Logo-1182x237-1.png","contentUrl":"https:\/\/iwell-guard.com\/wp-content\/uploads\/2026\/05\/Ittermann-Logo-1182x237-1.png","width":1182,"height":237,"caption":"Ittermann electronic GmbH"},"image":{"@id":"https:\/\/iwell-guard.com\/is\/#\/schema\/logo\/image\/"},"sameAs":["https:\/\/pantip.com\/profile\/9367242","https:\/\/micro.blog\/iwellguard","https:\/\/www.diggerslist.com\/iwellguard\/about","https:\/\/skitterphoto.com\/photographers\/2870314\/iwell-guard","https:\/\/iwellguard.wordpress.com\/2026\/06\/06\/iwell-guard\/","https:\/\/hub.docker.com\/u\/iwellguard","https:\/\/www.pinterest.com\/iwellguard\/","https:\/\/bit.ly\/m\/iwellguard","https:\/\/entre-vos-mains.alsace.eu\/profiles\/iwellguard\/activity","https:\/\/gravatar.com\/reallybeded8fd34","https:\/\/naijamatta.com\/iwellguard","https:\/\/www.goodreads.com\/iwellguard","https:\/\/profile.hatena.ne.jp\/iwellguard\/","https:\/\/experiment.com\/users\/iwellguard","https:\/\/wakelet.com\/@iWellGuard82270","https:\/\/www.chordie.com\/forum\/profile.php?id=2555664","https:\/\/www.instapaper.com\/p\/17757966","https:\/\/www.mapleprimes.com\/users\/iwellguard","https:\/\/businesslistingplus.com\/profile\/iwell-guard\/","https:\/\/telegra.ph\/iWell-Guard-06-06","https:\/\/pbase.com\/iwellguard\/iwellguard","https:\/\/b.hatena.ne.jp\/iwellguard\/20260607#bookmark-4788405196491818882","https:\/\/fliphtml5.com\/home\/iwellguard","https:\/\/anyflip.com\/homepage\/cmiwl#About","https:\/\/transfur.com\/Users\/iwellguard","http:\/\/delphi.larsbo.org\/user\/iwellguard","https:\/\/jobs.lajobsportal.org\/profiles\/8380803-iwell-guard","https:\/\/md.chaosdorf.de\/s\/jfbe5SBdJD","https:\/\/www.lingvolive.com\/en-us\/profile\/9ecaeaca-ce11-4e51-9e71-01d55e2bff36\/translations","https:\/\/www.fitday.com\/fitness\/forums\/members\/iwellguard.html","https:\/\/www.mymeetbook.com\/iwellguard","https:\/\/pxhere.com\/en\/photographer-me\/5040798","https:\/\/disqus.com\/by\/iwellguard\/about\/","https:\/\/pastelink.net\/hjwciqwq","https:\/\/pubhtml5.com\/homepage\/scjhn\/","https:\/\/www.bitchute.com\/channel\/2O2eOKzNqujT","https:\/\/audiomack.com\/iwellguard"]}]}},"_links":{"self":[{"href":"https:\/\/iwell-guard.com\/is\/wp-json\/wp\/v2\/pages\/169056","targetHints":{"allow":["GET"]}}],"collection":[{"href":"https:\/\/iwell-guard.com\/is\/wp-json\/wp\/v2\/pages"}],"about":[{"href":"https:\/\/iwell-guard.com\/is\/wp-json\/wp\/v2\/types\/page"}],"author":[{"embeddable":true,"href":"https:\/\/iwell-guard.com\/is\/wp-json\/wp\/v2\/users\/3"}],"replies":[{"embeddable":true,"href":"https:\/\/iwell-guard.com\/is\/wp-json\/wp\/v2\/comments?post=169056"}],"version-history":[{"count":0,"href":"https:\/\/iwell-guard.com\/is\/wp-json\/wp\/v2\/pages\/169056\/revisions"}],"wp:featuredmedia":[{"embeddable":true,"href":"https:\/\/iwell-guard.com\/is\/wp-json\/wp\/v2\/media\/3204"}],"wp:attachment":[{"href":"https:\/\/iwell-guard.com\/is\/wp-json\/wp\/v2\/media?parent=169056"}],"wp:term":[{"taxonomy":"category","embeddable":true,"href":"https:\/\/iwell-guard.com\/is\/wp-json\/wp\/v2\/categories?post=169056"}],"curies":[{"name":"wp","href":"https:\/\/api.w.org\/{rel}","templated":true}]}}