{"id":169053,"date":"2026-09-05T14:05:10","date_gmt":"2026-09-05T14:05:10","guid":{"rendered":"https:\/\/iwell-guard.com\/?page_id=169053"},"modified":"2026-09-05T14:31:05","modified_gmt":"2026-09-05T14:31:05","slug":"atum","status":"publish","type":"page","link":"https:\/\/iwell-guard.com\/is\/atum\/","title":{"rendered":"Atum"},"content":{"rendered":"\t\t<div data-elementor-type=\"wp-page\" data-elementor-id=\"169053\" class=\"elementor elementor-169053 elementor-2994 elementor-bc-flex-widget\" data-elementor-post-type=\"page\">\n\t\t\t\t<div class=\"elementor-element elementor-element-b9c39ef e-flex e-con-boxed e-con e-parent\" data-id=\"b9c39ef\" data-element_type=\"container\" data-e-type=\"container\" data-settings=\"{&quot;background_background&quot;:&quot;classic&quot;}\">\n\t\t\t\t\t<div class=\"e-con-inner\">\n\t\t<div class=\"elementor-element elementor-element-46b50b3 e-flex e-con-boxed e-con e-child\" data-id=\"46b50b3\" data-element_type=\"container\" data-e-type=\"container\">\n\t\t\t\t\t<div class=\"e-con-inner\">\n\t\t<div class=\"elementor-element elementor-element-ec779fe e-con-full e-flex e-con e-child\" data-id=\"ec779fe\" data-element_type=\"container\" data-e-type=\"container\">\n\t\t\t\t<div class=\"elementor-element elementor-element-1bf506e elementor-widget elementor-widget-heading\" data-id=\"1bf506e\" data-element_type=\"widget\" data-e-type=\"widget\" data-widget_type=\"heading.default\">\n\t\t\t\t\t<h1 class=\"elementor-heading-title elementor-size-default\">Atum, egypskur sk\u00f6punargu\u00f0 fr\u00e1 Heliopolis<\/h1>\t\t\t\t<\/div>\n\t\t\t\t<div class=\"elementor-element elementor-element-9f70063 elementor-widget elementor-widget-text-editor\" data-id=\"9f70063\" data-element_type=\"widget\" data-e-type=\"widget\" data-widget_type=\"text-editor.default\">\n\t\t\t\t\t\t\t\t\t<p>Atum er egypskur sk\u00f6punargu\u00f0 sem <span class=\"iwg-fachbegriff\" data-tooltip=\"Heildarsafn tr\u00faarlegra tilbei\u00f0sluathafna sem t\u00ed\u00f0kast fyrir gu\u00f0 e\u00f0a heilaga vera.\" tabindex=\"0\">d\u00fdrkun<\/span> \u00e1 honum var heimf\u00e6r\u00f0 til Heliopolis, \u00fear sem hann stendur \u00ed upphafi Gu\u00f0an\u00edumenndarins (Enneadinnar) \u00feeirrar borgar. \u00cd forn-egypska <span class=\"iwg-fachbegriff\" data-tooltip=\"Heildarsafn gu\u00f0a \u00ed tr\u00faarbr\u00f6g\u00f0um e\u00f0a menningu.\" tabindex=\"0\">go\u00f0aheiminum<\/span> (pantheon) er Atum sk\u00f6punargu\u00f0 Heliopolis, sem reis upp \u00far frumhafinu Nun og f\u00e6ddi fyrstu tvo gu\u00f0ina, Shu og Tefnut, af sj\u00e1lfum s\u00e9r.<\/p><p>Nafn hans er venjulega \u00fe\u00fdtt sem \u201ehinn fullkomna\u00f0i&#8220;, \u201ehinn heildst\u00e6\u00f0i&#8220; e\u00f0a \u201ehinn algj\u00f6rlega or\u00f0ni&#8220;; en \u00fea\u00f0 getur einnig \u00fe\u00fdtt \u201ehinn ekki-verandi&#8220;, \u00fev\u00ed s\u00f6gnin \u201etem&#8220; getur b\u00e6\u00f0i merkt fullkomnun og neitun.<\/p><p>\u00deessi merkingarlega tv\u00edr\u00e6\u00f0ni fangar gu\u00f0fr\u00e6\u00f0ilega st\u00f6\u00f0u Atums: Hann er \u00fea\u00f0 sem var til \u00e1\u00f0ur en sk\u00f6punin var\u00f0 og \u00fea\u00f0 sem ver\u00f0ur til eftir a\u00f0 sk\u00f6punin l\u00ed\u00f0ur undir lok, upphafi\u00f0 og endirinn \u00e1 hringr\u00e1s heimsins.<\/p><p>\u00de\u00f3tt Amun-Re taki vi\u00f0 gu\u00f0fr\u00e6\u00f0ilegri forystu \u00e1 mi\u00f0r\u00edkis- og n\u00fdr\u00edkist\u00edmabilinu, vi\u00f0h\u00e9lt Atum kosm\u00f3g\u00f3n\u00edsku hlutverki s\u00ednu og s\u00e9rst\u00f6ku e\u00f0li sem skapari me\u00f0 sj\u00e1lfsfrj\u00f3vgun e\u00f0a sj\u00e1lfs\u00fats\u00f6gn, sem er eitt af elstu og fj\u00f6lbreytilegustu hugt\u00f6kum tr\u00faarbrag\u00f0as\u00f6gunnar.<\/p>\t\t\t\t\t\t\t\t<\/div>\n\t\t\t\t<\/div>\n\t\t<div class=\"elementor-element elementor-element-e442eee e-con-full e-flex e-con e-parent\" data-id=\"e442eee\" data-element_type=\"container\" data-e-type=\"container\">\n\t\t\t\t<div class=\"elementor-element elementor-element-3a6f0a9 elementor-widget elementor-widget-html\" data-id=\"3a6f0a9\" data-element_type=\"widget\" data-e-type=\"widget\" data-widget_type=\"html.default\">\n\t\t\t\t\t<div class=\"iwg-pill-row\"><span class=\"iwg-klasse-badge\" tabindex=\"0\" data-tooltip=\"Gu\u00f0 \/ Gy\u00f0ja: Pers\u00f3nuger\u00f0ur h\u00e6sti m\u00e1ttur \u00ed pantheon menningar, me\u00f0 sk\u00fdr hlutverk \u2014 n\u00e1tt\u00faru\u00f6fl, \u00f6rl\u00f6g, str\u00ed\u00f0, frj\u00f3semi. Tilbe\u00f0inn me\u00f0 d\u00fdrkun, f\u00f3rnum og hofstofnunum.\">Gu\u00f0<\/span><a href=\"https:\/\/iwell-guard.com\/is\/egyptaland\/\" class=\"iwg-kultur-badge\" tabindex=\"0\" data-tooltip=\"Go\u00f0afr\u00e6\u00f0i hins forna N\u00edlardals, u.\u00fe.b. 3000 f.Kr. til 30 f.Kr.\">Egyptaland<\/a><\/div>\t\t\t\t<\/div>\n\t\t\t\t<\/div>\n\t\t<div class=\"elementor-element elementor-element-8373406 e-con-full e-flex e-con e-child\" data-id=\"8373406\" data-element_type=\"container\" data-e-type=\"container\">\n\t\t\t\t<div class=\"elementor-element elementor-element-92ddae4 elementor-toc--minimized-on-tablet elementor-widget elementor-widget-table-of-contents\" data-id=\"92ddae4\" data-element_type=\"widget\" data-e-type=\"widget\" data-settings=\"{&quot;exclude_headings_by_selector&quot;:[],&quot;no_headings_message&quot;:&quot;Engar undirfyrirsagnir fundust \\u00e1 \\u00feessari s\\u00ed\\u00f0u.&quot;,&quot;headings_by_tags&quot;:[&quot;h2&quot;,&quot;h3&quot;],&quot;marker_view&quot;:&quot;bullets&quot;,&quot;icon&quot;:{&quot;value&quot;:&quot;fas fa-circle&quot;,&quot;library&quot;:&quot;fa-solid&quot;,&quot;rendered_tag&quot;:&quot;&lt;svg class=\\&quot;e-font-icon-svg e-fas-circle\\&quot; viewBox=\\&quot;0 0 512 512\\&quot; xmlns=\\&quot;http:\\\/\\\/www.w3.org\\\/2000\\\/svg\\&quot;&gt;&lt;path d=\\&quot;M256 8C119 8 8 119 8 256s111 248 248 248 248-111 248-248S393 8 256 8z\\&quot;&gt;&lt;\\\/path&gt;&lt;\\\/svg&gt;&quot;},&quot;minimize_box&quot;:&quot;yes&quot;,&quot;minimized_on&quot;:&quot;tablet&quot;,&quot;hierarchical_view&quot;:&quot;yes&quot;,&quot;min_height&quot;:{&quot;unit&quot;:&quot;px&quot;,&quot;size&quot;:&quot;&quot;,&quot;sizes&quot;:[]},&quot;min_height_tablet&quot;:{&quot;unit&quot;:&quot;px&quot;,&quot;size&quot;:&quot;&quot;,&quot;sizes&quot;:[]},&quot;min_height_mobile&quot;:{&quot;unit&quot;:&quot;px&quot;,&quot;size&quot;:&quot;&quot;,&quot;sizes&quot;:[]}}\" data-widget_type=\"table-of-contents.default\">\n\t\t\t\t\t\t\t\t\t<div class=\"elementor-toc__header\">\n\t\t\t\t\t\t<h2 class=\"elementor-toc__header-title\">\n\t\t\t\tEfnisyfirlit\t\t\t<\/h2>\n\t\t\t\t\t\t\t\t\t\t<div class=\"elementor-toc__toggle-button elementor-toc__toggle-button--expand\" role=\"button\" tabindex=\"0\" aria-controls=\"elementor-toc__92ddae4\" aria-expanded=\"true\" aria-label=\"Open table of contents\"><svg aria-hidden=\"true\" class=\"e-font-icon-svg e-fas-chevron-down\" viewBox=\"0 0 448 512\" xmlns=\"http:\/\/www.w3.org\/2000\/svg\"><path d=\"M207.029 381.476L12.686 187.132c-9.373-9.373-9.373-24.569 0-33.941l22.667-22.667c9.357-9.357 24.522-9.375 33.901-.04L224 284.505l154.745-154.021c9.379-9.335 24.544-9.317 33.901.04l22.667 22.667c9.373 9.373 9.373 24.569 0 33.941L240.971 381.476c-9.373 9.372-24.569 9.372-33.942 0z\"><\/path><\/svg><\/div>\n\t\t\t\t<div class=\"elementor-toc__toggle-button elementor-toc__toggle-button--collapse\" role=\"button\" tabindex=\"0\" aria-controls=\"elementor-toc__92ddae4\" aria-expanded=\"true\" aria-label=\"Close table of contents\"><svg aria-hidden=\"true\" class=\"e-font-icon-svg e-fas-chevron-up\" viewBox=\"0 0 448 512\" xmlns=\"http:\/\/www.w3.org\/2000\/svg\"><path d=\"M240.971 130.524l194.343 194.343c9.373 9.373 9.373 24.569 0 33.941l-22.667 22.667c-9.357 9.357-24.522 9.375-33.901.04L224 227.495 69.255 381.516c-9.379 9.335-24.544 9.317-33.901-.04l-22.667-22.667c-9.373-9.373-9.373-24.569 0-33.941L207.03 130.525c9.372-9.373 24.568-9.373 33.941-.001z\"><\/path><\/svg><\/div>\n\t\t\t\t\t<\/div>\n\t\t\t\t<div id=\"elementor-toc__92ddae4\" class=\"elementor-toc__body\">\n\t\t\t<div class=\"elementor-toc__spinner-container\">\n\t\t\t\t<svg class=\"elementor-toc__spinner eicon-animation-spin e-font-icon-svg e-eicon-loading\" aria-hidden=\"true\" viewBox=\"0 0 1000 1000\" xmlns=\"http:\/\/www.w3.org\/2000\/svg\"><path d=\"M500 975V858C696 858 858 696 858 500S696 142 500 142 142 304 142 500H25C25 237 238 25 500 25S975 237 975 500 763 975 500 975Z\"><\/path><\/svg>\t\t\t<\/div>\n\t\t<\/div>\n\t\t\t\t\t\t<\/div>\n\t\t\t\t<\/div>\n\t\t\t\t\t<\/div>\n\t\t\t\t<\/div>\n\t\t<div class=\"elementor-element elementor-element-33831b3 e-con-full e-flex e-con e-child\" data-id=\"33831b3\" data-element_type=\"container\" data-e-type=\"container\">\n\t\t\t\t<div class=\"elementor-element elementor-element-e9fb63f iwg-hero-image elementor-widget elementor-widget-image\" data-id=\"e9fb63f\" data-element_type=\"widget\" data-e-type=\"widget\" data-widget_type=\"image.default\">\n\t\t\t\t\t\t\t\t\t\t\t\t\t\t\t<img fetchpriority=\"high\" decoding=\"async\" width=\"683\" height=\"1024\" src=\"https:\/\/iwell-guard.com\/wp-content\/uploads\/2026\/05\/goetter_aegypten_atum-683x1024.webp\" class=\"attachment-large size-large wp-image-170751\" alt=\"Atum - gu\u00f0ir \u00far egypskri hef\u00f0, s\u00f6gulega myndr\u00e6nt\" srcset=\"https:\/\/iwell-guard.com\/wp-content\/uploads\/2026\/05\/goetter_aegypten_atum-683x1024.webp 683w, https:\/\/iwell-guard.com\/wp-content\/uploads\/2026\/05\/goetter_aegypten_atum-200x300.webp 200w, https:\/\/iwell-guard.com\/wp-content\/uploads\/2026\/05\/goetter_aegypten_atum-768x1152.webp 768w, https:\/\/iwell-guard.com\/wp-content\/uploads\/2026\/05\/goetter_aegypten_atum.webp 1024w\" sizes=\"(max-width: 683px) 100vw, 683px\" \/>\t\t\t\t\t\t\t\t\t\t\t\t\t\t\t<\/div>\n\t\t\t\t<\/div>\n\t\t\t\t\t<\/div>\n\t\t\t\t<\/div>\n\t\t<div class=\"elementor-element elementor-element-883c3bc e-con-boxed e-flex e-con e-parent\" data-id=\"883c3bc\" data-element_type=\"container\" data-e-type=\"container\">\n\t\t\t\t\t<div class=\"e-con-inner\">\n\t\t<div class=\"elementor-element elementor-element-a66878f e-con-full e-flex e-con e-child\" data-id=\"a66878f\" data-element_type=\"container\" data-e-type=\"container\">\n\t\t\t\t<div class=\"elementor-element elementor-element-8a036d9 elementor-widget elementor-widget-heading\" data-id=\"8a036d9\" data-element_type=\"widget\" data-e-type=\"widget\" data-widget_type=\"heading.default\">\n\t\t\t\t\t<h2 class=\"elementor-heading-title elementor-size-default\">Go\u00f0s\u00f6gn og \u00e6ttartr\u00e9<\/h2>\t\t\t\t<\/div>\n\t\t\t\t<div class=\"elementor-element elementor-element-95f1797 elementor-widget elementor-widget-text-editor\" data-id=\"95f1797\" data-element_type=\"widget\" data-e-type=\"widget\" data-widget_type=\"text-editor.default\">\n\t\t\t\t\t\t\t\t\t<p>Sk\u00f6punarsaga Heliopolis setur Atum \u00ed upphaf Gu\u00f0an\u00edumenndarins (Enneadinnar). \u00dar frumhafinu Nun, sem var til fyrir t\u00edma og form, r\u00eds Atum upp \u00e1 frumh\u00f3linn (Tatenen), fyrsta fasta punktinn \u00ed ringulrei\u00f0inni.<\/p><p>\u00c1 \u00feessum h\u00f3l framkv\u00e6mir Atum sk\u00f6punina: \u00cd P\u00fdram\u00eddatextunum (setning 527) skapar hann Shu og Tefnut me\u00f0 s\u00e6\u00f0i s\u00ednu, sem hann losar me\u00f0 h\u00f6ndinni e\u00f0a tekur \u00e1 m\u00f3ti \u00ed mynd sinnar eigin handargy\u00f0ju \u201eHethemut&#8220;.<\/p><p>\u00cd annarri \u00fatg\u00e1fu (P\u00fdram\u00eddatextar, setning 600) skapar Atum fyrstu gu\u00f0ina me\u00f0 \u00fev\u00ed a\u00f0 sp\u00fdta \u00feeim \u00far s\u00e9r: Hann hnerra\u00f0i Shu (loft) og sp\u00fdtti Tefnut (raki). B\u00e1\u00f0ar \u00fatg\u00e1furnar eru til samhli\u00f0a \u00e1n \u00feess a\u00f0 egypsk <span class=\"iwg-fachbegriff\" data-tooltip=\"Fr\u00e6\u00f0ilega kenning um gu\u00f0 og tr\u00fa innan tr\u00faarbrag\u00f0a.\" tabindex=\"0\">gu\u00f0fr\u00e6\u00f0i<\/span> hafi reynt a\u00f0 samr\u00e6ma \u00fe\u00e6r.<\/p>\n<p>\u00dar Shu og Tefnut f\u00e6\u00f0ast Geb (j\u00f6r\u00f0) og Nut (himinn), og \u00far sambandi \u00feeirra spretta Osiris, Isis, Seth, Nephthys og \u00ed nokkrum skr\u00e1m einnig Horus hinn eldri. \u00deannig er Atum \u00e6ttfa\u00f0ir n\u00e6rri allra mikilv\u00e6gustu egypskra gu\u00f0a.<\/p><p>Gu\u00f0an\u00edumendi Heliopolis (n\u00edu-gu\u00f0a-h\u00f3purinn) samanstendur af Atum, Shu, Tefnut, Geb, Nut, Osiris, Isis, Seth og Nephthys; hann myndar gu\u00f0fr\u00e6\u00f0ilegan grunn heliopol\u00edt\u00edsku <span class=\"iwg-fachbegriff\" data-tooltip=\"Fr\u00e6\u00f0ilega kenning um gu\u00f0 og tr\u00fa innan tr\u00faarbrag\u00f0a.\" tabindex=\"0\">gu\u00f0fr\u00e6\u00f0innar<\/span>.<\/p><p>Gu\u00f0aruna \u00feessa m\u00e1 ekki a\u00f0eins lesa \u00e6ttfr\u00e6\u00f0ilega heldur einnig kosm\u00edska: H\u00fan \u00fer\u00f3ar sk\u00f6punina fr\u00e1 hreinni sj\u00e1lfsverund Atums, \u00ed gegnum frumkrafta n\u00e1tt\u00farunnar, allt til \u00feeirra gu\u00f0apers\u00f3na sem m\u00f3ta hinn mannlega heim.<\/p>\n<p>Athyglisvert er sj\u00e1lfbirgi Atums \u00ed elstu hef\u00f0inni. \u00d3l\u00edkt \u00f6\u00f0rum sk\u00f6punargu\u00f0um \u00fearf Atum engan f\u00e9laga og enga fyrirliggjandi efni; hann skapar heiminn af sj\u00e1lfum s\u00e9r.<\/p><p>\u00deessi hugmynd er s\u00ed\u00f0ar \u00fer\u00f3u\u00f0 frekar \u00e1 heimspekilegan h\u00e1tt \u00ed s\u00ed\u00f0ari <span class=\"iwg-fachbegriff\" data-tooltip=\"Fr\u00e6\u00f0ilega kenning um gu\u00f0 og tr\u00fa innan tr\u00faarbrag\u00f0a.\" tabindex=\"0\">gu\u00f0fr\u00e6\u00f0i<\/span>: Atum-lofs\u00f6ngvar N\u00fdr\u00edkist\u00edmans kalla hann \u00feann sem \u201eger\u00f0i sig sj\u00e1lfur&#8220;, sem \u201evar\u00f0 til af sj\u00e1lfum s\u00e9r&#8220; (kheper-djesef). \u00deessi t\u00falkun m\u00f3tar gu\u00f0fr\u00e6\u00f0ilegar huglei\u00f0ingar s\u00ed\u00f0t\u00edmans og hefur einnig \u00e1hrif \u00e1 kristin-gnost\u00edskar hugmyndir um sj\u00e1lfsskapandann.<\/p>\n<p>\u00cd hinni sameinu\u00f0u gu\u00f0amynd Atum-Re birtist Atum sem hli\u00f0 s\u00f3lgu\u00f0sins, n\u00e1nar tilteki\u00f0 sem s\u00f3lin sem sest a\u00f0 kv\u00f6ldi (\u00e1 m\u00f3ti Khepri sem hinni upprennandi og Re sem h\u00e1degiss\u00f3linni).<\/p><p>\u00deessi \u00fer\u00edskipting s\u00f3larhringsins, sem er \u00edtarlega \u00fatlistu\u00f0 \u00ed s\u00f3larlitan\u00edum N\u00fdr\u00edkist\u00edmans, gerir Atum a\u00f0 gu\u00f0i endalok kosm\u00edska hringsins, sem ber \u00ed s\u00e9r n\u00fdja upphafi\u00f0. Fara\u00f3arnir sams\u00f6mu\u00f0u sig s\u00e9rstaklega \u00ed dau\u00f0anum vi\u00f0 Atum, \u00fev\u00ed hann t\u00e1kna\u00f0i umskiptin fr\u00e1 s\u00f3lsetri \u00feessa heims til endurf\u00e6\u00f0ingar \u00ed hinum heiminum.<\/p>\t\t\t\t\t\t\t\t<\/div>\n\t\t\t\t<\/div>\n\t\t<div class=\"elementor-element elementor-element-f33afe9 e-con-full e-flex e-con e-child\" data-id=\"f33afe9\" data-element_type=\"container\" data-e-type=\"container\">\n\t\t\t\t<div class=\"elementor-element elementor-element-fd5bf22 elementor-widget elementor-widget-heading\" data-id=\"fd5bf22\" data-element_type=\"widget\" data-e-type=\"widget\" data-widget_type=\"heading.default\">\n\t\t\t\t\t<h2 class=\"elementor-heading-title elementor-size-default\">T\u00e1kn, myndlist og einkenni<\/h2>\t\t\t\t<\/div>\n\t\t\t\t<div class=\"elementor-element elementor-element-a29c4e2 elementor-widget elementor-widget-text-editor\" data-id=\"a29c4e2\" data-element_type=\"widget\" data-e-type=\"widget\" data-widget_type=\"text-editor.default\">\n\t\t\t\t\t\t\t\t\t<p>Atum er venjulega s\u00fdndur sem karlma\u00f0ur me\u00f0 tv\u00f6faldri k\u00f3r\u00f3nu (pschent), sem t\u00e1knar sameiningu Efra- og Ne\u00f0ra-Egyptalands. \u00deessi k\u00f3r\u00f3na er konungleg t\u00e1kngerving og undirstrikar hlutverk Atums sem frumkonungs og forf\u00f6\u00f0ur hinnar fara\u00f3nsku tignar.<\/p><p>Hann getur einnig birst me\u00f0 <span class=\"iwg-fachbegriff\" data-tooltip=\"Sk\u00edtubjallan sem fornegypskt t\u00e1kn fyrir a\u00f0 ver\u00f0a til og endurn\u00fdjun.\" tabindex=\"0\">skarabeus<\/span> \u00e1 h\u00f6f\u00f0inu, me\u00f0 s\u00f3lsk\u00edfu e\u00f0a me\u00f0 Atef-k\u00f3r\u00f3nu. \u00cd mannlegri mynd er andlit hans venjulega skegglaust og ungt \u00e1 a\u00f0 l\u00edta, sem stangast \u00e1 vi\u00f0 hugmyndina um \u201egamla&#8220; Atum, sem birtist \u00ed kv\u00f6lds\u00f3linni.<\/p>\n<p>Heilagt d\u00fdr hans er h\u00f6ggormurinn. \u00cd D\u00e1narb\u00f3kinni (kafla 175) \u00fatsk\u00fdrir Atum: \u201e\u00c9g mun senda heiminn aftur \u00ed frumvatni\u00f0, og a\u00f0eins \u00e9g og \u00d3s\u00edris munum eftir ver\u00f0a, \u00ed mynd tveggja h\u00f6ggorma sem hvorki ma\u00f0ur n\u00e9 gu\u00f0 \u00feekkir.&#8220;<\/p><p>\u00deessi eskat\u00f3l\u00f3g\u00edska s\u00fdn gerir h\u00f6ggorminn a\u00f0 <span class=\"iwg-fachbegriff\" data-tooltip=\"T\u00e1kn sem stendur fyrir \u00e1kve\u00f0na hugmynd e\u00f0a merkingu.\" tabindex=\"0\">t\u00e1kni<\/span> hins \u00f3greinda frum\u00e1stands. Auk \u00feess er \u00edkneumon (fara\u00f3rotta) heilagt d\u00fdr Atums, \u00fev\u00ed hann drepur h\u00f6ggorma sem t\u00e1kna h\u00e6ttur \u00e1 bor\u00f0 vi\u00f0 Ap\u00f3fis.<\/p>\n<p>Helsta kultt\u00e1kn Atums er Benben-steinninn \u00ed Heliopolis, p\u00fdram\u00edda- e\u00f0a keilulaga steinn sem t\u00e1kna\u00f0i frumh\u00f3linn.<\/p><p>Fr\u00e1 Benben-steininum eru komin b\u00e6\u00f0i p\u00fdram\u00eddaform konungsgrafanna og obeliskarnar; hver p\u00fdram\u00eddatoppur (pyramidion) er t\u00e1knr\u00e6nt Benben-steinn sem birtir uppg\u00f6nguna til himins og fund me\u00f0 Atum-Re. Heliopolis var sj\u00e1lf t\u00e1knger\u00f0 \u00ed h\u00eder\u00f3gl\u00fdfaletri me\u00f0 merki Benben-steinsins.<\/p>\n<p>H\u00f6ggmyndir af Atum eru var\u00f0veittar fr\u00e1 \u00f6llum t\u00edmabilum egypskrar tr\u00faarbrag\u00f0as\u00f6gu. Fr\u00e1 N\u00fdja r\u00edkinu er var\u00f0veitt fr\u00e6g kvars\u00edtstytta af T\u00fattankamon, \u00fear sem hinn unga konungur er s\u00fdndur me\u00f0 Atum-k\u00f3r\u00f3nu; fr\u00e1 s\u00ed\u00f0t\u00edmabilinu eru var\u00f0veittar fj\u00f6lmargar sm\u00e6rri bronsstyttur af Atum.<\/p><p>\u00c1 musterisveggjum ramess\u00edda-t\u00edmans, s\u00e9rstaklega \u00ed Karnak og Abydos, er Atum reglulega s\u00fdndur \u00ed r\u00f6\u00f0 gu\u00f0anna sem kr\u00fdna konunginn e\u00f0a r\u00e9tta honum l\u00edfst\u00e1kni\u00f0 \u201eankh&#8220;. \u00cd Deir el-Bahari \u00fatf\u00e6r\u00f0i Hatscheps\u00fat <span class=\"iwg-fachbegriff\" data-tooltip=\"Heild tr\u00faarlegra tilbei\u00f0sluathafna fyrir gu\u00f0 e\u00f0a heilaga v\u00e6ttu.\" tabindex=\"0\">tilbei\u00f0slu<\/span> Atum-Re me\u00f0 \u00e1hrifamiklum myndar\u00f6\u00f0um sem l\u00f6gfestu eigin sk\u00f6pun hennar me\u00f0 Amun-Atum.<\/p>\t\t\t\t\t\t\t\t<\/div>\n\t\t\t\t<\/div>\n\t\t<div class=\"elementor-element elementor-element-f518c57 e-con-full e-flex e-con e-child\" data-id=\"f518c57\" data-element_type=\"container\" data-e-type=\"container\">\n\t\t\t\t<div class=\"elementor-element elementor-element-93f90a1 elementor-widget elementor-widget-heading\" data-id=\"93f90a1\" data-element_type=\"widget\" data-e-type=\"widget\" data-widget_type=\"heading.default\">\n\t\t\t\t\t<h2 class=\"elementor-heading-title elementor-size-default\">D\u00fdrkun og tilbei\u00f0sla<\/h2>\t\t\t\t<\/div>\n\t\t\t\t<div class=\"elementor-element elementor-element-386b226 elementor-widget elementor-widget-text-editor\" data-id=\"386b226\" data-element_type=\"widget\" data-e-type=\"widget\" data-widget_type=\"text-editor.default\">\n\t\t\t\t\t\t\t\t\t<p>Heliopolis (egypska Iunu, sem \u00fe\u00fd\u00f0ir \u201eS\u00falnaborgin&#8220; e\u00f0a \u201eSto\u00f0aborgin&#8220;) var a\u00f0almi\u00f0st\u00f6\u00f0 tilbei\u00f0slu Atums. Borgin l\u00e1 um t\u00edu k\u00edl\u00f3metra nor\u00f0austur af n\u00faverandi Ka\u00edr\u00f3 og var me\u00f0al mikilv\u00e6gustu gu\u00f0fr\u00e6\u00f0ilegra borga landsins allt fr\u00e1 sameiningu Egyptalands.<\/p><p>\u00dear st\u00f3\u00f0 hi\u00f0 mikla Atum-Re-<span class=\"iwg-fachbegriff\" data-tooltip=\"Bygging sem er notu\u00f0 til tilbei\u00f0slu einum e\u00f0a fleiri gu\u00f0um.\" tabindex=\"0\">musteri<\/span> me\u00f0 Benben-steininum, hinu heilaga persea-tr\u00e9 og s\u00f3larb\u00e1tnum sem endurspegla\u00f0i daglega uppr\u00e1s og hnig s\u00f3larinnar. Prestast\u00e9tt Heliopolis, undir forystu \u00e6\u00f0sta prestsins (kalla\u00f0ur \u201eHinn mikli sj\u00e1andi&#8220;), var hin l\u00e6r\u00f0asta \u00ed egypskri tr\u00faarbrag\u00f0as\u00f6gu; gu\u00f0fr\u00e6\u00f0ilegar huglei\u00f0ingar hennar h\u00f6f\u00f0u \u00e1hrif \u00e1 landi\u00f0 allt.<\/p>\n<p>\u00cd daglegri ath\u00f6fn Atum-musterisins f\u00f3r fram \u00e1 morgnana \u201evakning&#8220; gu\u00f0amyndarinnar me\u00f0 reykelsisbrennslu, <span class=\"iwg-fachbegriff\" data-tooltip=\"A\u00f0 hella \u00fat v\u00f6kva sem drykkjaroffur til gu\u00f0s.\" tabindex=\"0\">dreypif\u00f3rn<\/span> og upplestri s\u00e1lma. Yfir daginn voru f\u00e6r\u00f0ar daglegar matarf\u00f3rnir; a\u00f0 kv\u00f6ldi var gu\u00f0amyndin l\u00f6g\u00f0 til hv\u00edldar me\u00f0 <span class=\"iwg-fachbegriff\" data-tooltip=\"Sem tilheyrir f\u00f6stu tr\u00faarlegu athafnamynstri.\" tabindex=\"0\">helgisi\u00f0abundnum<\/span> h\u00e6tti og helgid\u00f3murinn innsigla\u00f0ur.<\/p><p>\u00c1 s\u00e9rst\u00f6kum h\u00e1t\u00ed\u00f0um, eins og konungsafm\u00e6li (Sed-h\u00e1t\u00ed\u00f0) og n\u00fd\u00e1rsdegi, var Atum-myndin tekin \u00far helgid\u00f3minum og borin \u00ed <span class=\"iwg-fachbegriff\" data-tooltip=\"H\u00e1t\u00ed\u00f0leg tr\u00faarleg skr\u00fa\u00f0ganga.\" tabindex=\"0\">skr\u00fa\u00f0g\u00f6ngu<\/span> um musterisgar\u00f0ana. \u00deessar skr\u00fa\u00f0g\u00f6ngur voru opinberar og g\u00e1fu borgarb\u00faum hlutdeild \u00ed annars prestbundinni <span class=\"iwg-fachbegriff\" data-tooltip=\"Heild tr\u00faarlegra tilbei\u00f0sluathafna fyrir gu\u00f0 e\u00f0a heilaga v\u00e6ttu.\" tabindex=\"0\">tilbei\u00f0slu<\/span>.<\/p>\n<p>Mikilv\u00e6gasta h\u00e1t\u00ed\u00f0 Atums var \u201eWepet-Renpet&#8220;, n\u00fd\u00e1rsh\u00e1t\u00ed\u00f0in, sem marka\u00f0i upphaf N\u00edlarfl\u00f3\u00f0sins. Atum f\u00e9kk fyrstu \u00e1vaxtaf\u00f3rnirnar kv\u00f6ldi\u00f0 fyrir n\u00fd\u00e1rsdag, \u00fev\u00ed sem skapari var hann einnig s\u00e1 sem endurn\u00fdja\u00f0i hina \u00e1rlegu hringr\u00e1s.<\/p><p>\u00c1letranir \u00ed <span class=\"iwg-fachbegriff\" data-tooltip=\"Bygging sem er notu\u00f0 til tilbei\u00f0slu einum e\u00f0a fleiri gu\u00f0um.\" tabindex=\"0\">musterinu<\/span> \u00ed Karnak og \u00ed grafh\u00fdsum ramess\u00edda-t\u00edmans l\u00fdsa \u00feessum si\u00f0um \u00ed sm\u00e1atri\u00f0um. \u00cd \u201e<span class=\"iwg-fachbegriff\" data-tooltip=\"Fastm\u00f3tu\u00f0 atbur\u00f0ar\u00e1s t\u00e1knr\u00e6nna athafna me\u00f0 tr\u00faarlega e\u00f0a menningarlega merkingu.\" tabindex=\"0\">helgisi\u00f0num<\/span> um konunginn \u00far hendi Atums&#8220; (Pap\u00fdrus Berlin 3055) er helgisi\u00f0ar\u00f6\u00f0in var\u00f0veitt \u00ed heild sinni; h\u00fan var fara\u00f3inum fyrirmynd a\u00f0 hans eigin daglegu musterisath\u00f6fn.<\/p>\n<p>Utan Heliopolis var <span class=\"iwg-fachbegriff\" data-tooltip=\"Heild tr\u00faarlegra tilbei\u00f0sluathafna fyrir gu\u00f0 e\u00f0a heilaga v\u00e6ttu.\" tabindex=\"0\">tilbei\u00f0sla<\/span> Atums til sta\u00f0ar \u00e1 m\u00f6rgum st\u00f6\u00f0um, en n\u00e6r alltaf sem hli\u00f0 \u00e1 \u00f6\u00f0rum a\u00f0algu\u00f0um. \u00cd \u00deebu var Amun-Atum tilbe\u00f0inn, \u00ed Karnak var \u00f6ll Ennead-go\u00f0afj\u00f6lskyldan, \u00fear \u00e1 me\u00f0al Atum, tekin inn \u00ed h\u00e1t\u00ed\u00f0ardagatali\u00f0. \u00cd Memfis var Ptah-Atum mikilv\u00e6g gu\u00f0fr\u00e6\u00f0ileg tenging sem sameina\u00f0i hugmyndina um Ptah-sem-vitsmuni vi\u00f0 hugmyndina um Atum-sem-sj\u00e1lfbirgingsh\u00e1tt.<\/p><p>Hinn fr\u00e6ga texta \u201eMemfisk <span class=\"iwg-fachbegriff\" data-tooltip=\"V\u00edsindaleg fr\u00e6\u00f0igrein um gu\u00f0 og tr\u00fa innan tr\u00faarbrag\u00f0a.\" tabindex=\"0\">gu\u00f0fr\u00e6\u00f0i<\/span>&#8220; (\u00e1 Shabaka-steininum, n\u00fa \u00ed London) setur fram \u00fe\u00e1 gu\u00f0fr\u00e6\u00f0ilegu hugmynd a\u00f0 Ptah hafi framkv\u00e6mt me\u00f0 hugsun og or\u00f0i allt \u00fea\u00f0 sem Atum haf\u00f0i framkv\u00e6mt me\u00f0 s\u00e6\u00f0i s\u00ednu; h\u00e1leit heimspekileg \u00fatg\u00e1fa af sk\u00f6punargu\u00f0fr\u00e6\u00f0inni.<\/p>\t\t\t\t\t\t\t\t<\/div>\n\t\t\t\t<\/div>\n\t\t<div class=\"elementor-element elementor-element-049a490 e-con-full e-flex e-con e-child\" data-id=\"049a490\" data-element_type=\"container\" data-e-type=\"container\">\n\t\t\t\t<div class=\"elementor-element elementor-element-57bb878 elementor-widget elementor-widget-heading\" data-id=\"57bb878\" data-element_type=\"widget\" data-e-type=\"widget\" data-widget_type=\"heading.default\">\n\t\t\t\t\t<h2 class=\"elementor-heading-title elementor-size-default\">Mikilv\u00e6g helgista\u00f0ir og musteri<\/h2>\t\t\t\t<\/div>\n\t\t\t\t<div class=\"elementor-element elementor-element-76f48b4 elementor-widget elementor-widget-text-editor\" data-id=\"76f48b4\" data-element_type=\"widget\" data-e-type=\"widget\" data-widget_type=\"text-editor.default\">\n\t\t\t\t\t\t\t\t\t<p>Atum-Re-<span class=\"iwg-fachbegriff\" data-tooltip=\"Bygging sem er tileinku\u00f0 tilbei\u00f0slu einnar e\u00f0a fleiri gu\u00f0vera.\" tabindex=\"0\">hofi\u00f0<\/span> \u00ed Heliopolis var eitt af st\u00e6rstu helgibyggingum Egyptalands, en n\u00e6r engar minjar eftir \u00fea\u00f0 hafa var\u00f0veist. Borgin var yfirgefin \u00e1 r\u00f3mverska t\u00edmanum og notu\u00f0 \u00e1 mi\u00f0\u00f6ldum sem grj\u00f3tn\u00e1m fyrir byggingu n\u00e1l\u00e6grar Ka\u00edr\u00f3; a\u00f0eins nokkrir \u00f3beliskar (Senusret I. \u00ed Mataria) og leifar af hoftm\u00farum hafa var\u00f0veist.<\/p><p>Strabon (XVII, 1, 27\u201330) l\u00fdsir heims\u00f3kn sinni til Heliopolis \u00e1 fyrstu \u00f6ld fyrir Krist og gefur stutta l\u00fdsingu \u00e1 <span class=\"iwg-fachbegriff\" data-tooltip=\"Bygging sem er tileinku\u00f0 tilbei\u00f0slu einnar e\u00f0a fleiri gu\u00f0vera.\" tabindex=\"0\">hofinu<\/span>; \u00e1 \u00feeim t\u00edma var <span class=\"iwg-fachbegriff\" data-tooltip=\"Helgur sta\u00f0ur tileinka\u00f0ur tilbei\u00f0slu einnar gu\u00f0veru.\" tabindex=\"0\">helgista\u00f0urinn<\/span> \u00feegar or\u00f0inn vanr\u00e6ktur en enn s\u00fdnilegur.<\/p>\n<p>Mikilv\u00e6g Atum-kapella er a\u00f0 finna \u00ed Karnak (\u00ed gar\u00f0i hofsins helga\u00f0s Amun), \u00ed grafhofi Hatshepsut \u00ed Deir el-Bahari, \u00ed <span class=\"iwg-fachbegriff\" data-tooltip=\"Bygging sem er tileinku\u00f0 tilbei\u00f0slu einnar e\u00f0a fleiri gu\u00f0vera.\" tabindex=\"0\">hofi<\/span> Ramses II. \u00ed Abydos og \u00ed Sed-h\u00e1t\u00ed\u00f0ar-<span class=\"iwg-fachbegriff\" data-tooltip=\"Bygging sem er tileinku\u00f0 tilbei\u00f0slu einnar e\u00f0a fleiri gu\u00f0vera.\" tabindex=\"0\">hofinu<\/span> Amenhoteps III. \u00ed Malkata.<\/p><p>Flest hinna ramess\u00edd\u00edsku grafhofa \u00e1 vesturbakka \u00deebu (Ramesseum, Medinet Habu, Sety I-<span class=\"iwg-fachbegriff\" data-tooltip=\"Bygging sem er tileinku\u00f0 tilbei\u00f0slu einnar e\u00f0a fleiri gu\u00f0vera.\" tabindex=\"0\">hofi\u00f0<\/span>) hafa Atum-kapellur \u00fear sem hinn l\u00e1tni konungur var sameina\u00f0ur Atum-Re.<\/p>\n<p>\u00cd Abu Simbel er Atum me\u00f0al fj\u00f6gurra h\u00f6fu\u00f0gu\u00f0a st\u00f3rhofsins (Amun-Re, Re-Harakhte, Ptah og Ramses II. sj\u00e1lfur); Atum kemur h\u00e9r fram sem hluti af gu\u00f0gervingu konungsins. \u00cd Deir el-Medina, \u00feorpi verkamanna konungsgrafanna, eru l\u00edtil einkahelgirit \u00fear sem Atum-Re f\u00e9kk \u00e1kall \u00e1samt Amun og Ptah.<\/p><p>Atum-helgista\u00f0ir \u00ed L\u00edb\u00fduau\u00f0ninni (Bahariya, Kharga, Dakhla) eru skjalfestir \u00e1 s\u00ed\u00f0t\u00edmabilinu. \u00cd Hibis-<span class=\"iwg-fachbegriff\" data-tooltip=\"Bygging sem er tileinku\u00f0 tilbei\u00f0slu einnar e\u00f0a fleiri gu\u00f0vera.\" tabindex=\"0\">hofinu<\/span> \u00ed Kharga-vininni er Atum \u00e1berandi hluti af hinum gu\u00f0fr\u00e6\u00f0ilegu myndakerfum.<\/p>\t\t\t\t\t\t\t\t<\/div>\n\t\t\t\t<\/div>\n\t\t<div class=\"elementor-element elementor-element-f4a3fcf e-con-full e-flex e-con e-child\" data-id=\"f4a3fcf\" data-element_type=\"container\" data-e-type=\"container\">\n\t\t\t\t<div class=\"elementor-element elementor-element-bf69d58 elementor-widget elementor-widget-heading\" data-id=\"bf69d58\" data-element_type=\"widget\" data-e-type=\"widget\" data-widget_type=\"heading.default\">\n\t\t\t\t\t<h2 class=\"elementor-heading-title elementor-size-default\">Go\u00f0sagnafr\u00e1sagnir<\/h2>\t\t\t\t<\/div>\n\t\t\t\t<div class=\"elementor-element elementor-element-8cfda27 elementor-widget elementor-widget-text-editor\" data-id=\"8cfda27\" data-element_type=\"widget\" data-e-type=\"widget\" data-widget_type=\"text-editor.default\">\n\t\t\t\t\t\t\t\t\t<p>Mi\u00f0l\u00e6gur <span class=\"iwg-fachbegriff\" data-tooltip=\"Hef\u00f0bundin fr\u00e1s\u00f6gn um gu\u00f0i, uppruna og heimsskipulagi\u00f0.\" tabindex=\"0\">go\u00f0saga<\/span> Atums er sj\u00e1lfssk\u00f6pun hans. \u00cd P\u00edram\u00eddatextunum (161. og 600. form\u00e1la) er sagan s\u00f6g\u00f0 \u00ed tveimur \u00fatg\u00e1fum. \u00cd fyrri \u00fatg\u00e1funni sleppir Atum, einn \u00e1 Frumh\u00f3lnum, s\u00e6\u00f0i s\u00ednu \u00ed h\u00f6nd s\u00edna, sem pers\u00f3nugerist sem gy\u00f0jan Hetemut e\u00f0a Iusaas; \u00far \u00feessum s\u00e6\u00f0isblett ver\u00f0a til Shu og Tefnut.<\/p><p>\u00cd seinni \u00fatg\u00e1funni sp\u00fdtir Atum gu\u00f0unum tveimur \u00fat, \u00fear sem heyra m\u00e1 hinn egypska or\u00f0aleik milli \u201ea\u00f0 sp\u00fdta&#8220; (techech) og Tefnut, og \u201ea\u00f0 hnerra&#8220; (ischesch) og Shu; gu\u00f0irnir ver\u00f0a \u00feannig til \u00far sagnor\u00f0unum me\u00f0 hlj\u00f3\u00f0gervingu. B\u00e1\u00f0ar \u00fatg\u00e1fur endurspegla hina egypsku hugmynd um a\u00f0 sk\u00f6punin s\u00e9 l\u00edkamlegur gj\u00f6rningur, ekki afstrakt, andlegt ferli.<\/p>\n<p>\u00d6nnur fr\u00e1s\u00f6gn l\u00fdsir leit Atums a\u00f0 b\u00f6rnum s\u00ednum, Shu og Tefnut, sem hann haf\u00f0i sakna\u00f0. \u00cd go\u00f0s\u00f6gulegri fort\u00ed\u00f0 hurfu gu\u00f0irnir tveir \u00ed frumhafinu Nun; Atum sendi auga sitt (Auga-auga\u00f0 e\u00f0a Wereh-auga\u00f0) til a\u00f0 leita \u00feeirra. Me\u00f0an auga\u00f0 var \u00e1 fer\u00f0 skapa\u00f0i Atum s\u00e9r n\u00fdtt auga.<\/p><p>\u00deegar gamla auga\u00f0 sneri aftur me\u00f0 b\u00f6rnin sem \u00fea\u00f0 haf\u00f0i fundi\u00f0, s\u00e1 \u00fea\u00f0 n\u00fdja auga\u00f0 \u00e1 s\u00ednum sta\u00f0 og var\u00f0 ofsareitt. Atum s\u00e6tti auga\u00f0 me\u00f0 \u00fev\u00ed a\u00f0 setja \u00fea\u00f0 \u00e1 enni sitt sem \u00farussl\u00f6ngu; \u00far t\u00e1rum augans ur\u00f0u fyrstu mennirnir til.<\/p><p>\u00deessi go\u00f0s\u00f6gulega fr\u00e1s\u00f6gn, var\u00f0veitt \u00ed nokkrum s\u00ed\u00f0t\u00edmatextum, sta\u00f0festir tengsl milli gu\u00f0augans og \u00farussl\u00f6ngunnar og \u00fatsk\u00fdrir samt\u00edmis uppruna mannkyns.<\/p>\n<p>\u00cd Dau\u00f0ab\u00f3kinni (175. form\u00e1la) birtist eskat\u00f3l\u00f3g\u00edsk s\u00fdn: Atum tilkynnir a\u00f0 eftir l\u00f6ng t\u00edmaskei\u00f0 muni hin skapa\u00f0a ver\u00f6ld sn\u00faa aftur \u00ed frumhafi\u00f0 Nun; a\u00f0eins Atum sj\u00e1lfur og Osiris muni ver\u00f0a eftir \u00ed h\u00f6ggormsmynd.<\/p><p>\u00deessi hugmynd um hringr\u00e1sarlega, eskat\u00f3l\u00f3g\u00edska heimkomu heimsins \u00ed ringulrei\u00f0 er tr\u00faars\u00f6gulega mikilv\u00e6g og tengist byggingarlega hind\u00fa\u00edska pralaya-hugtakinu og yngri heimsslitahugmyndum.<\/p>\n<p>\u00cd hinum daglega s\u00f3larhring gegnir Atum hlutverki kv\u00f6lds\u00f3larins. Me\u00f0 innkomu hans \u00ed undirheimana hefst n\u00e6turfer\u00f0 s\u00f3larb\u00e1tsins, sem fer gegnum r\u00edki hinna dau\u00f0u \u00ed t\u00f3lf klukkustundabilum.<\/p><p>\u00deessi fer\u00f0 er l\u00fdst n\u00e1kv\u00e6mlega \u00ed \u201eHli\u00f0ab\u00f3kunum&#8220; og \u00ed \u201eAmduat&#8220; (b\u00f3kinni \u201eum \u00fea\u00f0 sem er \u00ed undirheimunum&#8220;). Atum, sem gamall ma\u00f0ur me\u00f0 staf og bogi\u00f0 bak, st\u00edgur upp \u00ed b\u00e1tinn og er leiddur \u00ed gegnum n\u00f3ttina til morgunupprisu sinnar sem Khepri.<\/p>\t\t\t\t\t\t\t\t<\/div>\n\t\t\t\t<\/div>\n\t\t<div class=\"elementor-element elementor-element-f432fbe e-con-full e-flex e-con e-child\" data-id=\"f432fbe\" data-element_type=\"container\" data-e-type=\"container\">\n\t\t\t\t<div class=\"elementor-element elementor-element-4c63116 elementor-widget elementor-widget-heading\" data-id=\"4c63116\" data-element_type=\"widget\" data-e-type=\"widget\" data-widget_type=\"heading.default\">\n\t\t\t\t\t<h2 class=\"elementor-heading-title elementor-size-default\">Tengsl innan go\u00f0aheimsins<\/h2>\t\t\t\t<\/div>\n\t\t\t\t<div class=\"elementor-element elementor-element-4c52982 elementor-widget elementor-widget-text-editor\" data-id=\"4c52982\" data-element_type=\"widget\" data-e-type=\"widget\" data-widget_type=\"text-editor.default\">\n\t\t\t\t\t\t\t\t\t<p>Atum er \u00e6ttfr\u00e6\u00f0ilega og gu\u00f0fr\u00e6\u00f0ilega forfa\u00f0ir hinnar heli\u00f3p\u00f3litisku gu\u00f0afj\u00f6lskyldu. Me\u00f0 Shu og Tefnut \u00e1 hann f\u00f6\u00f0ur-barns tengsl; \u00ed einni \u00fatg\u00e1fu koma \u00feau fram sem hendur hans, sem n\u00e1 eigin tilvist.<\/p><p>Me\u00f0 Re myndar hann tv\u00f6falda mynd Atum-Re, \u00fear sem kv\u00f6lds\u00f3lin og dags\u00f3lin eru gu\u00f0fr\u00e6\u00f0ilega sameina\u00f0ar. Me\u00f0 Khepri og Re myndast \u00ferenning s\u00f3larhringsins: Khepri (morguns\u00f3lin), Re (mi\u00f0dagss\u00f3lin), Atum (kv\u00f6lds\u00f3lin).<\/p>\n<p>Me\u00f0 Amun \u00ed \u00deebu sameinast Atum \u00ed Amun-Atum, mynd sem var\u00f0 gu\u00f0fr\u00e6\u00f0ilega virk \u00e1 ramess\u00edd\u00edska t\u00edmabilinu.<\/p><p>Me\u00f0 Ptah \u00ed Memfis er \u00ed \u00abMemf\u00edsku <span class=\"iwg-fachbegriff\" data-tooltip=\"Fr\u00e6\u00f0ileg kenning um Gu\u00f0 og tr\u00fa innan tr\u00faarbrag\u00f0a.\" tabindex=\"0\">gu\u00f0fr\u00e6\u00f0inni<\/span>\u00bb heimspekilegt samband: Ptah hugsar og talar \u00fea\u00f0 sem Atum framkv\u00e6mir s\u00ed\u00f0an \u00e1 skapandi h\u00e1tt; \u00feessi t\u00falkun gerir Atum a\u00f0 framkv\u00e6mdar\u00fe\u00e6tti sk\u00f6punar sem Ptah hefur hugsa\u00f0. Me\u00f0 Khnum \u00ed Esna er svipu\u00f0 samfylling; Khnum formar l\u00edfverurnar, Atum veitir \u00feeim tilvist.<\/p>\n<p>Me\u00f0 Osiris hefur Atum eskat\u00f3l\u00f3g\u00edsk tengsl sem koma fram \u00ed Dau\u00f0ab\u00f3kinni: b\u00e6\u00f0i eru s\u00fdnd sem einu gu\u00f0irnir sem eftir ver\u00f0a vi\u00f0 endi heimsins, \u00ed h\u00f6ggormsmynd. \u00deessi samsetning gerir Atum a\u00f0 gu\u00f0i hins kosm\u00edska upphafs og endis, en Osiris a\u00f0 gu\u00f0i undirheimastj\u00f3rnarins.<\/p><p>Me\u00f0 konunginum (fara\u00f3anum) er s\u00e9rstakt samband: vi\u00f0 kr\u00fdningu hans er fara\u00f3inn samsama\u00f0ur Atum, vi\u00f0 dau\u00f0a hans er hann tekinn inn \u00ed s\u00f3larhringinn sem Atum-Re. \u00deessi tr\u00faarlega sams\u00f6mun er kjarni egypskrar konungsgu\u00f0fr\u00e6\u00f0i.<\/p>\t\t\t\t\t\t\t\t<\/div>\n\t\t\t\t<\/div>\n\t\t<div class=\"elementor-element elementor-element-aa28b21 e-con-full e-flex e-con e-child\" data-id=\"aa28b21\" data-element_type=\"container\" data-e-type=\"container\">\n\t\t\t\t<div class=\"elementor-element elementor-element-5a347e0 elementor-widget elementor-widget-heading\" data-id=\"5a347e0\" data-element_type=\"widget\" data-e-type=\"widget\" data-widget_type=\"heading.default\">\n\t\t\t\t\t<h2 class=\"elementor-heading-title elementor-size-default\">M\u00f3ttaka<\/h2>\t\t\t\t<\/div>\n\t\t\t\t<div class=\"elementor-element elementor-element-a562a54 elementor-widget elementor-widget-text-editor\" data-id=\"a562a54\" data-element_type=\"widget\" data-e-type=\"widget\" data-widget_type=\"text-editor.default\">\n\t\t\t\t\t\t\t\t\t<p>\u00cd gr\u00edsk-r\u00f3mverskri <span class=\"iwg-fachbegriff\" data-tooltip=\"T\u00edmabil gr\u00edskrar og r\u00f3mverskrar menningar, u.\u00fe.b. 800 f.Kr. til 600 e.Kr.\" tabindex=\"0\">forn\u00f6ld<\/span> var Atum venjulega samsama\u00f0ur Helios e\u00f0a Apollon, og st\u00f6ku sinnum Sat\u00farnusi, \u00fev\u00ed Atum er \u00abhinn aldni\u00bb. Pl\u00fatarkos (\u00abDe Iside et Osiride\u00bb 12 og 73) fjallar um heliop\u00f3l\u00edska <span class=\"iwg-fachbegriff\" data-tooltip=\"Fr\u00e6\u00f0ileg kenning um gu\u00f0 og tr\u00fa tiltekinna tr\u00faarbrag\u00f0a.\" tabindex=\"0\">gu\u00f0fr\u00e6\u00f0i<\/span> og samsamar Atum vi\u00f0 gr\u00edska hugtaki\u00f0 \u00abGeron\u00bb, hinn aldna.<\/p><p>Hellen\u00edsk hermet\u00edk nota\u00f0i Atum-hugmyndir \u00ed heimspekingum s\u00ednum um \u00abautogenes Theos\u00bb, \u00abhinn sj\u00e1lfsprottna gu\u00f0\u00bb. \u00deessi t\u00falkun m\u00f3tar \u00abCorpus Hermeticum\u00bb og \u00ed gegnum \u00fea\u00f0 kristilega-gnost\u00edska <span class=\"iwg-fachbegriff\" data-tooltip=\"Fr\u00e6\u00f0ileg kenning um gu\u00f0 og tr\u00fa tiltekinna tr\u00faarbrag\u00f0a.\" tabindex=\"0\">gu\u00f0fr\u00e6\u00f0i<\/span> <span class=\"iwg-fachbegriff\" data-tooltip=\"Umskiptat\u00edmabil milli fornaldar og mi\u00f0alda, u.\u00fe.b. 3. til 7. \u00f6ld.\" tabindex=\"0\">s\u00ed\u00f0fornaldar<\/span>.<\/p>\n<p>Me\u00f0 endalokum hei\u00f0ins hofd\u00fdrkunar \u00e1 fimmtu og sj\u00f6ttu \u00f6ld eftir Krist hvarf hinn hagn\u00fdti Atum-<span class=\"iwg-fachbegriff\" data-tooltip=\"Heild tr\u00faarlegra tilbei\u00f0sluathafna fyrir gu\u00f0 e\u00f0a heilaga v\u00e6ttu.\" tabindex=\"0\">d\u00fdrkun<\/span>. Kopt\u00edsk hef\u00f0 var\u00f0veitti \u00fe\u00f3 nokkrar gu\u00f0fr\u00e6\u00f0ilegar hugmyndir, me\u00f0al annars hugmyndina um hinn sj\u00e1lfsprottna gu\u00f0, sem s\u00e9st \u00ed kopt\u00edsk-kristnum kristsfr\u00e6\u00f0um.<\/p><p>\u00c1 mi\u00f0\u00f6ldum greindu arab\u00edskir fer\u00f0alangar fr\u00e1 yfirgefnum hofr\u00fastum Heliopolis; flestir obeliskarnir voru me\u00f0 t\u00edmanum flutir til R\u00f3mar (n\u00fa Lateran, Piazza del Popolo) e\u00f0a til Konstant\u00edn\u00f3pel.<\/p>\n<p>Endurvakning n\u00fat\u00edmaranns\u00f3kna \u00e1 Atum-d\u00fdrkuninni hefst me\u00f0 v\u00edsindam\u00f6nnum Nap\u00f3leons og me\u00f0 r\u00e1\u00f0ningu Champollions \u00e1 h\u00eder\u00f3gl\u00fdfum. \u00c1 n\u00edtj\u00e1ndu \u00f6ld skr\u00e1\u00f0i Lepsius myndaefni Atum; \u00e1 tuttugustu \u00f6ld hafa James Henry Breasted, Henri Frankfort og Erik Hornung sett fram \u00e1 kerfisbundinn h\u00e1tt gu\u00f0fr\u00e6\u00f0ilegt d\u00fdpi heliop\u00f3l\u00edsku heimsmyndarins.<\/p><p>\u00cd n\u00fdrri ranns\u00f3knum Jans Assmann (\u00ab<span class=\"iwg-fachbegriff\" data-tooltip=\"Fr\u00e6\u00f0ileg kenning um gu\u00f0 og tr\u00fa tiltekinna tr\u00faarbrag\u00f0a.\" tabindex=\"0\">Theologie<\/span> und <span class=\"iwg-fachbegriff\" data-tooltip=\"Hin lifa\u00f0a tr\u00faarlega afsta\u00f0a og i\u00f0kun einstaklings.\" tabindex=\"0\">Fr\u00f6mmigkeit<\/span>\u00bb, 1984) og James P. Allen (\u00abGenesis in Egypt\u00bb, 1988) hefur Atum veri\u00f0 fjalla\u00f0 um sem mi\u00f0l\u00e6gri pers\u00f3nu \u00ed egypskri \u00abf\u00e6\u00f0ingargu\u00f0fr\u00e6\u00f0i\u00bb. \u00cd n\u00fat\u00edma <span class=\"iwg-fachbegriff\" data-tooltip=\"Samheiti fyrir kenningar sem gera kr\u00f6fu um leynda \u00feekkingu, a\u00f0eins a\u00f0gengilega innv\u00edg\u00f0um.\" tabindex=\"0\">dulspeki<\/span> og \u00ed New Age-b\u00f3kmenntum kemur Atum fram sem frummynd hinnar \u00absj\u00e1lff\u00e6ddu vitundar\u00bb, t\u00falkun sem byggir \u00e1 hermet\u00edsk-gnost\u00edskri hef\u00f0.<\/p>\t\t\t\t\t\t\t\t<\/div>\n\t\t\t\t<\/div>\n\t\t<div class=\"elementor-element elementor-element-0ac60ea e-con-full e-flex e-con e-child\" data-id=\"0ac60ea\" data-element_type=\"container\" data-e-type=\"container\">\n\t\t\t\t<div class=\"elementor-element elementor-element-ee7888d elementor-widget elementor-widget-heading\" data-id=\"ee7888d\" data-element_type=\"widget\" data-e-type=\"widget\" data-widget_type=\"heading.default\">\n\t\t\t\t\t<h2 class=\"elementor-heading-title elementor-size-default\">Tr\u00faarfr\u00e6\u00f0ileg sta\u00f0setning<\/h2>\t\t\t\t<\/div>\n\t\t\t\t<div class=\"elementor-element elementor-element-a7006bf elementor-widget elementor-widget-text-editor\" data-id=\"a7006bf\" data-element_type=\"widget\" data-e-type=\"widget\" data-widget_type=\"text-editor.default\">\n\t\t\t\t\t\t\t\t\t<p>Atum tilheyrir flokki skaparagu\u00f0a sem skapa me\u00f0 sj\u00e1lfsfrumbur\u00f0i. \u00deessi hugmynd er tr\u00faars\u00f6gulega athyglisver\u00f0: \u00c1 me\u00f0an flest fj\u00f6lgy\u00f0istr\u00faarbr\u00f6g\u00f0 l\u00fdsa sk\u00f6puninni sem bar\u00e1ttu, sameiningu e\u00f0a handverki, \u00feekkir egypska heliopol\u00edska <span class=\"iwg-fachbegriff\" data-tooltip=\"Hin fr\u00e6\u00f0ilega kenning um Gu\u00f0 og tr\u00fa tiltekinnar tr\u00faarbrag\u00f0a.\" tabindex=\"0\">gu\u00f0fr\u00e6\u00f0in<\/span> skapara sem ver\u00f0ur til af sj\u00e1lfum s\u00e9r.<\/p><p>A\u00f0eins f\u00e1ar a\u00f0rar hugmyndir eru samb\u00e6rilegar: Hind\u00faagu\u00f0inn Praj\u0101pati, hinn ved\u00edski Hira\u1e47yagarbha (hi\u00f0 \u00abgullna egg\u00bb) og, a\u00f0 takm\u00f6rku\u00f0u leyti, hinn gnost\u00edski Autogenes.<\/p>\n<p>Gu\u00f0fr\u00e6\u00f0ileg \u00edgrundun um Atum n\u00e1\u00f0i h\u00e1marki einkum \u00e1 s\u00ed\u00f0t\u00edmanum. Esna-s\u00e1lmarnir, Memphis-<span class=\"iwg-fachbegriff\" data-tooltip=\"Hin fr\u00e6\u00f0ilega kenning um Gu\u00f0 og tr\u00fa tiltekinnar tr\u00faarbrag\u00f0a.\" tabindex=\"0\">gu\u00f0fr\u00e6\u00f0in<\/span> og s\u00e1lmarnir \u00far musterunum \u00ed Edfu og Dendara fjalla um \u00feversagnarkennda \u00fe\u00e6tti skaparans: Hann er \u00ed frumhafinu og \u00fe\u00f3 fr\u00e1brug\u00f0inn \u00fev\u00ed, hann er einn og \u00fe\u00f3 fa\u00f0ir n\u00edu gu\u00f0a, hann er gamall og eil\u00edfur \u00ed senn.<\/p><p>\u00deessi heimspekilega d\u00fdpt gerir egypska sk\u00f6punarumr\u00e6\u00f0u a\u00f0 einni \u00feeirri margslungnustu \u00ed fornri tr\u00faars\u00f6gu og setur egypska hugsun \u00e1 stall me\u00f0 gr\u00edskri og indverskri heimspeki.<\/p>\n<p>Henri Frankfort leit \u00e1 Atum sem \u00abh\u00e1gu\u00f0\u00bb egypskrar tr\u00faar, lestur sem s\u00ed\u00f0ar var settur \u00ed samhengi af Hornung: Atum er ekki eini e\u00f0a \u00e6\u00f0sti gu\u00f0inn, heldur birtingarmynd hins gu\u00f0lega frumkrafts sem birtist undir m\u00f6rgum n\u00f6fnum og myndum. Jan Assmann hefur \u00ed \u00ab\u00c4gypten.<\/p><p><span class=\"iwg-fachbegriff\" data-tooltip=\"Hin fr\u00e6\u00f0ilega kenning um Gu\u00f0 og tr\u00fa tiltekinnar tr\u00faarbrag\u00f0a.\" tabindex=\"0\">Theologie<\/span> und <span class=\"iwg-fachbegriff\" data-tooltip=\"Hin lifa\u00f0a tr\u00faarlega afsta\u00f0a og i\u00f0kun einstaklings.\" tabindex=\"0\">Fr\u00f6mmigkeit<\/span>\u00bb (1984) greint \u00abhina n\u00fdju s\u00f3lgu\u00f0fr\u00e6\u00f0i\u00bb N\u00fdja r\u00edkisins, \u00fear sem Atum, Re og Khepri sameinast \u00ed \u00ferj\u00e1r hli\u00f0ar eins og sama s\u00f3larverunnar; \u00feessi t\u00falkun undirb\u00fdr hina eingu\u00f0slegu <span class=\"iwg-fachbegriff\" data-tooltip=\"Hin lifa\u00f0a tr\u00faarlega afsta\u00f0a og i\u00f0kun einstaklings.\" tabindex=\"0\">gu\u00f0r\u00e6kni<\/span> Amarna-t\u00edmans undir Akhenaten og stendur \u00ed byggingarlegum skyldleika vi\u00f0 hinn s\u00ed\u00f0ari bibl\u00edulega <span class=\"iwg-fachbegriff\" data-tooltip=\"Tr\u00fain \u00e1 einn einasta Gu\u00f0.\" tabindex=\"0\">eingy\u00f0istr\u00fa<\/span>.<\/p>\t\t\t\t\t\t\t\t<\/div>\n\t\t\t\t<\/div>\n\t\t<div class=\"elementor-element elementor-element-c841e62 e-con-full e-flex e-con e-child\" data-id=\"c841e62\" data-element_type=\"container\" data-e-type=\"container\">\n\t\t\t\t<div class=\"elementor-element elementor-element-049c634 elementor-widget elementor-widget-heading\" data-id=\"049c634\" data-element_type=\"widget\" data-e-type=\"widget\" data-widget_type=\"heading.default\">\n\t\t\t\t\t<h2 class=\"elementor-heading-title elementor-size-default\">Heimildir<\/h2>\t\t\t\t<\/div>\n\t\t\t\t<div class=\"elementor-element elementor-element-8498c51 elementor-widget elementor-widget-text-editor\" data-id=\"8498c51\" data-element_type=\"widget\" data-e-type=\"widget\" data-widget_type=\"text-editor.default\">\n\t\t\t\t\t\t\t\t\t<div data-nosnippet=\"true\"><p>P\u00fdram\u00eddatextar, kafli 527 (sj\u00e1lfssk\u00f6pun), kafli 600 (Shu og Tefnut), kafli 587. Kistutextar og Dau\u00f0ab\u00f3kin, s\u00e9rstaklega kaflar 17, 78 og 175. Memfis-<span class=\"iwg-fachbegriff\" data-tooltip=\"Fr\u00e6\u00f0ileg kenning um gu\u00f0 og tr\u00fa tiltekinna tr\u00faarbrag\u00f0a.\" tabindex=\"0\">gu\u00f0fr\u00e6\u00f0in<\/span> (Shabaka-steinninn, British Museum EA 498), \u00fatg\u00e1fa James H. Breasted. Esna-hof\u00e1letranir, \u00fatg\u00e1fa Sauneron. \u00abB\u00f3k hli\u00f0anna\u00bb og \u00abAmduat\u00bb \u00far konungsgr\u00f6fum \u00ed Konungadalnum, \u00fatg\u00e1fa Hornung.<\/p><p>Strabon, \u00abGeographika\u00bb XVII, 1, 27 til 30; Pl\u00fatarkos, \u00abDe Iside et Osiride\u00bb 12, 73. Henri Frankfort, \u00abKingship and the Gods\u00bb, Chicago 1948. Erik Hornung, \u00abDer Eine und die Vielen\u00bb, Darmstadt 1971. James P. Allen, \u00abGenesis in Egypt.<\/p><p>The Philosophy of Ancient Egyptian Creation Accounts\u00bb, New Haven 1988. Jan Assmann, \u00ab\u00c4gypten. <span class=\"iwg-fachbegriff\" data-tooltip=\"Fr\u00e6\u00f0ileg kenning um gu\u00f0 og tr\u00fa tiltekinna tr\u00faarbrag\u00f0a.\" tabindex=\"0\">Theologie<\/span> und <span class=\"iwg-fachbegriff\" data-tooltip=\"Hin lifa\u00f0a tr\u00faarlega afsta\u00f0a og i\u00f0kun einstaklings.\" tabindex=\"0\">Fr\u00f6mmigkeit<\/span> einer fr\u00fchen Hochkultur\u00bb, Stuttgart 1984.<\/p><\/div>\t\t\t\t\t\t\t\t<\/div>\n\t\t\t\t<\/div>\n\t\t\t\t\t<\/div>\n\t\t\t\t<\/div>\n\t\t\t\t<\/div>\n\t\t","protected":false},"excerpt":{"rendered":"","protected":false},"author":3,"featured_media":3203,"parent":0,"menu_order":0,"comment_status":"closed","ping_status":"closed","template":"elementor_header_footer","meta":{"_yoast_wpseo_focuskw":"Atum","_yoast_wpseo_title":"Atum \u2013 Egypskur sk\u00f6punargu\u00f0 Heliopolis | iWell Guard","_yoast_wpseo_metadesc":"Atum er egypskur sk\u00f6punargu\u00f0 fr\u00e1 Heliopolis, fa\u00f0ir Gu\u00f0an\u00edumenndarins og frumfa\u00f0ir go\u00f0aheimsins.","_yoast_wpseo_meta-robots-noindex":"","_yoast_wpseo_canonical":"","_angie_page":false,"gefaehrdungsstufe":"","wesen_kultur":"","wesen_klasse":"","footnotes":""},"categories":[],"class_list":["post-169053","page","type-page","status-publish","has-post-thumbnail","hentry"],"yoast_head":"<!-- This site is optimized with the Yoast SEO Premium plugin v27.7 (Yoast SEO v28.3) - https:\/\/yoast.com\/product\/yoast-seo-premium-wordpress\/ -->\n<title>Atum \u2013 Egypskur sk\u00f6punargu\u00f0 Heliopolis | iWell Guard<\/title>\n<meta name=\"description\" content=\"Atum er egypskur sk\u00f6punargu\u00f0 fr\u00e1 Heliopolis, fa\u00f0ir Gu\u00f0an\u00edumenndarins og frumfa\u00f0ir go\u00f0aheimsins.\" \/>\n<meta name=\"robots\" content=\"index, follow, max-snippet:-1, max-image-preview:large, max-video-preview:-1\" \/>\n<link rel=\"canonical\" href=\"https:\/\/iwell-guard.com\/is\/atum\/\" \/>\n<meta property=\"og:locale\" content=\"is_IS\" \/>\n<meta property=\"og:type\" content=\"article\" \/>\n<meta property=\"og:title\" content=\"Atum\" \/>\n<meta property=\"og:description\" content=\"Atum er egypskur sk\u00f6punargu\u00f0 fr\u00e1 Heliopolis, fa\u00f0ir Gu\u00f0an\u00edumenndarins og frumfa\u00f0ir go\u00f0aheimsins.\" \/>\n<meta property=\"og:url\" content=\"https:\/\/iwell-guard.com\/is\/atum\/\" \/>\n<meta property=\"og:site_name\" content=\"iWell Guard\" \/>\n<meta property=\"article:modified_time\" content=\"2026-09-05T14:31:05+00:00\" \/>\n<meta property=\"og:image\" content=\"https:\/\/iwell-guard.com\/wp-content\/uploads\/2026\/05\/goetter_aegypten_atum.webp\" \/>\n\t<meta property=\"og:image:width\" content=\"1024\" \/>\n\t<meta property=\"og:image:height\" content=\"1536\" \/>\n\t<meta property=\"og:image:type\" content=\"image\/webp\" \/>\n<meta name=\"twitter:card\" content=\"summary_large_image\" \/>\n<script type=\"application\/ld+json\" class=\"yoast-schema-graph\">{\"@context\":\"https:\\\/\\\/schema.org\",\"@graph\":[{\"@type\":\"WebPage\",\"@id\":\"https:\\\/\\\/iwell-guard.com\\\/is\\\/atum\\\/\",\"url\":\"https:\\\/\\\/iwell-guard.com\\\/is\\\/atum\\\/\",\"name\":\"Atum \u2013 Egypskur sk\u00f6punargu\u00f0 Heliopolis | iWell Guard\",\"isPartOf\":{\"@id\":\"https:\\\/\\\/iwell-guard.com\\\/is\\\/#website\"},\"primaryImageOfPage\":{\"@id\":\"https:\\\/\\\/iwell-guard.com\\\/is\\\/atum\\\/#primaryimage\"},\"image\":{\"@id\":\"https:\\\/\\\/iwell-guard.com\\\/is\\\/atum\\\/#primaryimage\"},\"thumbnailUrl\":\"https:\\\/\\\/iwell-guard.com\\\/wp-content\\\/uploads\\\/2026\\\/05\\\/goetter_aegypten_atum.webp\",\"datePublished\":\"2026-09-05T14:05:10+00:00\",\"dateModified\":\"2026-09-05T14:31:05+00:00\",\"description\":\"Atum er egypskur sk\u00f6punargu\u00f0 fr\u00e1 Heliopolis, fa\u00f0ir Gu\u00f0an\u00edumenndarins og frumfa\u00f0ir go\u00f0aheimsins.\",\"breadcrumb\":{\"@id\":\"https:\\\/\\\/iwell-guard.com\\\/is\\\/atum\\\/#breadcrumb\"},\"inLanguage\":\"is\",\"potentialAction\":[{\"@type\":\"ReadAction\",\"target\":[\"https:\\\/\\\/iwell-guard.com\\\/is\\\/atum\\\/\"]}]},{\"@type\":\"ImageObject\",\"inLanguage\":\"is\",\"@id\":\"https:\\\/\\\/iwell-guard.com\\\/is\\\/atum\\\/#primaryimage\",\"url\":\"https:\\\/\\\/iwell-guard.com\\\/wp-content\\\/uploads\\\/2026\\\/05\\\/goetter_aegypten_atum.webp\",\"contentUrl\":\"https:\\\/\\\/iwell-guard.com\\\/wp-content\\\/uploads\\\/2026\\\/05\\\/goetter_aegypten_atum.webp\",\"width\":1024,\"height\":1536,\"caption\":\"Gu\u00f0ir \u00far egypskri hef\u00f0.\"},{\"@type\":\"BreadcrumbList\",\"@id\":\"https:\\\/\\\/iwell-guard.com\\\/is\\\/atum\\\/#breadcrumb\",\"itemListElement\":[{\"@type\":\"ListItem\",\"position\":1,\"name\":\"Start\",\"item\":\"https:\\\/\\\/iwell-guard.com\\\/is\\\/?page_id=168580\"},{\"@type\":\"ListItem\",\"position\":2,\"name\":\"Atum\"}]},{\"@type\":\"WebSite\",\"@id\":\"https:\\\/\\\/iwell-guard.com\\\/is\\\/#website\",\"url\":\"https:\\\/\\\/iwell-guard.com\\\/is\\\/\",\"name\":\"iWell Guard\",\"description\":\"Schutz vor dunklen Einfl\u00fcssen\",\"publisher\":{\"@id\":\"https:\\\/\\\/iwell-guard.com\\\/is\\\/#organization\"},\"potentialAction\":[{\"@type\":\"SearchAction\",\"target\":{\"@type\":\"EntryPoint\",\"urlTemplate\":\"https:\\\/\\\/iwell-guard.com\\\/is\\\/?s={search_term_string}\"},\"query-input\":{\"@type\":\"PropertyValueSpecification\",\"valueRequired\":true,\"valueName\":\"search_term_string\"}}],\"inLanguage\":\"is\"},{\"@type\":\"Organization\",\"@id\":\"https:\\\/\\\/iwell-guard.com\\\/is\\\/#organization\",\"name\":\"Ittermann electronic GmbH\",\"url\":\"https:\\\/\\\/iwell-guard.com\\\/is\\\/\",\"logo\":{\"@type\":\"ImageObject\",\"inLanguage\":\"is\",\"@id\":\"https:\\\/\\\/iwell-guard.com\\\/is\\\/#\\\/schema\\\/logo\\\/image\\\/\",\"url\":\"https:\\\/\\\/iwell-guard.com\\\/wp-content\\\/uploads\\\/2026\\\/05\\\/Ittermann-Logo-1182x237-1.png\",\"contentUrl\":\"https:\\\/\\\/iwell-guard.com\\\/wp-content\\\/uploads\\\/2026\\\/05\\\/Ittermann-Logo-1182x237-1.png\",\"width\":1182,\"height\":237,\"caption\":\"Ittermann electronic GmbH\"},\"image\":{\"@id\":\"https:\\\/\\\/iwell-guard.com\\\/is\\\/#\\\/schema\\\/logo\\\/image\\\/\"},\"sameAs\":[\"https:\\\/\\\/pantip.com\\\/profile\\\/9367242\",\"https:\\\/\\\/micro.blog\\\/iwellguard\",\"https:\\\/\\\/www.diggerslist.com\\\/iwellguard\\\/about\",\"https:\\\/\\\/skitterphoto.com\\\/photographers\\\/2870314\\\/iwell-guard\",\"https:\\\/\\\/iwellguard.wordpress.com\\\/2026\\\/06\\\/06\\\/iwell-guard\\\/\",\"https:\\\/\\\/hub.docker.com\\\/u\\\/iwellguard\",\"https:\\\/\\\/www.pinterest.com\\\/iwellguard\\\/\",\"https:\\\/\\\/bit.ly\\\/m\\\/iwellguard\",\"https:\\\/\\\/entre-vos-mains.alsace.eu\\\/profiles\\\/iwellguard\\\/activity\",\"https:\\\/\\\/gravatar.com\\\/reallybeded8fd34\",\"https:\\\/\\\/naijamatta.com\\\/iwellguard\",\"https:\\\/\\\/www.goodreads.com\\\/iwellguard\",\"https:\\\/\\\/profile.hatena.ne.jp\\\/iwellguard\\\/\",\"https:\\\/\\\/experiment.com\\\/users\\\/iwellguard\",\"https:\\\/\\\/wakelet.com\\\/@iWellGuard82270\",\"https:\\\/\\\/www.chordie.com\\\/forum\\\/profile.php?id=2555664\",\"https:\\\/\\\/www.instapaper.com\\\/p\\\/17757966\",\"https:\\\/\\\/www.mapleprimes.com\\\/users\\\/iwellguard\",\"https:\\\/\\\/businesslistingplus.com\\\/profile\\\/iwell-guard\\\/\",\"https:\\\/\\\/telegra.ph\\\/iWell-Guard-06-06\",\"https:\\\/\\\/pbase.com\\\/iwellguard\\\/iwellguard\",\"https:\\\/\\\/b.hatena.ne.jp\\\/iwellguard\\\/20260607#bookmark-4788405196491818882\",\"https:\\\/\\\/fliphtml5.com\\\/home\\\/iwellguard\",\"https:\\\/\\\/anyflip.com\\\/homepage\\\/cmiwl#About\",\"https:\\\/\\\/transfur.com\\\/Users\\\/iwellguard\",\"http:\\\/\\\/delphi.larsbo.org\\\/user\\\/iwellguard\",\"https:\\\/\\\/jobs.lajobsportal.org\\\/profiles\\\/8380803-iwell-guard\",\"https:\\\/\\\/md.chaosdorf.de\\\/s\\\/jfbe5SBdJD\",\"https:\\\/\\\/www.lingvolive.com\\\/en-us\\\/profile\\\/9ecaeaca-ce11-4e51-9e71-01d55e2bff36\\\/translations\",\"https:\\\/\\\/www.fitday.com\\\/fitness\\\/forums\\\/members\\\/iwellguard.html\",\"https:\\\/\\\/www.mymeetbook.com\\\/iwellguard\",\"https:\\\/\\\/pxhere.com\\\/en\\\/photographer-me\\\/5040798\",\"https:\\\/\\\/disqus.com\\\/by\\\/iwellguard\\\/about\\\/\",\"https:\\\/\\\/pastelink.net\\\/hjwciqwq\",\"https:\\\/\\\/pubhtml5.com\\\/homepage\\\/scjhn\\\/\",\"https:\\\/\\\/www.bitchute.com\\\/channel\\\/2O2eOKzNqujT\",\"https:\\\/\\\/audiomack.com\\\/iwellguard\"]}]}<\/script>\n<!-- \/ Yoast SEO Premium plugin. -->","yoast_head_json":{"title":"Atum \u2013 Egypskur sk\u00f6punargu\u00f0 Heliopolis | iWell Guard","description":"Atum er egypskur sk\u00f6punargu\u00f0 fr\u00e1 Heliopolis, fa\u00f0ir Gu\u00f0an\u00edumenndarins og frumfa\u00f0ir go\u00f0aheimsins.","robots":{"index":"index","follow":"follow","max-snippet":"max-snippet:-1","max-image-preview":"max-image-preview:large","max-video-preview":"max-video-preview:-1"},"canonical":"https:\/\/iwell-guard.com\/is\/atum\/","og_locale":"is_IS","og_type":"article","og_title":"Atum","og_description":"Atum er egypskur sk\u00f6punargu\u00f0 fr\u00e1 Heliopolis, fa\u00f0ir Gu\u00f0an\u00edumenndarins og frumfa\u00f0ir go\u00f0aheimsins.","og_url":"https:\/\/iwell-guard.com\/is\/atum\/","og_site_name":"iWell Guard","article_modified_time":"2026-09-05T14:31:05+00:00","og_image":[{"width":1024,"height":1536,"url":"https:\/\/iwell-guard.com\/wp-content\/uploads\/2026\/05\/goetter_aegypten_atum.webp","type":"image\/webp"}],"twitter_card":"summary_large_image","schema":{"@context":"https:\/\/schema.org","@graph":[{"@type":"WebPage","@id":"https:\/\/iwell-guard.com\/is\/atum\/","url":"https:\/\/iwell-guard.com\/is\/atum\/","name":"Atum \u2013 Egypskur sk\u00f6punargu\u00f0 Heliopolis | iWell Guard","isPartOf":{"@id":"https:\/\/iwell-guard.com\/is\/#website"},"primaryImageOfPage":{"@id":"https:\/\/iwell-guard.com\/is\/atum\/#primaryimage"},"image":{"@id":"https:\/\/iwell-guard.com\/is\/atum\/#primaryimage"},"thumbnailUrl":"https:\/\/iwell-guard.com\/wp-content\/uploads\/2026\/05\/goetter_aegypten_atum.webp","datePublished":"2026-09-05T14:05:10+00:00","dateModified":"2026-09-05T14:31:05+00:00","description":"Atum er egypskur sk\u00f6punargu\u00f0 fr\u00e1 Heliopolis, fa\u00f0ir Gu\u00f0an\u00edumenndarins og frumfa\u00f0ir go\u00f0aheimsins.","breadcrumb":{"@id":"https:\/\/iwell-guard.com\/is\/atum\/#breadcrumb"},"inLanguage":"is","potentialAction":[{"@type":"ReadAction","target":["https:\/\/iwell-guard.com\/is\/atum\/"]}]},{"@type":"ImageObject","inLanguage":"is","@id":"https:\/\/iwell-guard.com\/is\/atum\/#primaryimage","url":"https:\/\/iwell-guard.com\/wp-content\/uploads\/2026\/05\/goetter_aegypten_atum.webp","contentUrl":"https:\/\/iwell-guard.com\/wp-content\/uploads\/2026\/05\/goetter_aegypten_atum.webp","width":1024,"height":1536,"caption":"Gu\u00f0ir \u00far egypskri hef\u00f0."},{"@type":"BreadcrumbList","@id":"https:\/\/iwell-guard.com\/is\/atum\/#breadcrumb","itemListElement":[{"@type":"ListItem","position":1,"name":"Start","item":"https:\/\/iwell-guard.com\/is\/?page_id=168580"},{"@type":"ListItem","position":2,"name":"Atum"}]},{"@type":"WebSite","@id":"https:\/\/iwell-guard.com\/is\/#website","url":"https:\/\/iwell-guard.com\/is\/","name":"iWell Guard","description":"Schutz vor dunklen Einfl\u00fcssen","publisher":{"@id":"https:\/\/iwell-guard.com\/is\/#organization"},"potentialAction":[{"@type":"SearchAction","target":{"@type":"EntryPoint","urlTemplate":"https:\/\/iwell-guard.com\/is\/?s={search_term_string}"},"query-input":{"@type":"PropertyValueSpecification","valueRequired":true,"valueName":"search_term_string"}}],"inLanguage":"is"},{"@type":"Organization","@id":"https:\/\/iwell-guard.com\/is\/#organization","name":"Ittermann electronic GmbH","url":"https:\/\/iwell-guard.com\/is\/","logo":{"@type":"ImageObject","inLanguage":"is","@id":"https:\/\/iwell-guard.com\/is\/#\/schema\/logo\/image\/","url":"https:\/\/iwell-guard.com\/wp-content\/uploads\/2026\/05\/Ittermann-Logo-1182x237-1.png","contentUrl":"https:\/\/iwell-guard.com\/wp-content\/uploads\/2026\/05\/Ittermann-Logo-1182x237-1.png","width":1182,"height":237,"caption":"Ittermann electronic GmbH"},"image":{"@id":"https:\/\/iwell-guard.com\/is\/#\/schema\/logo\/image\/"},"sameAs":["https:\/\/pantip.com\/profile\/9367242","https:\/\/micro.blog\/iwellguard","https:\/\/www.diggerslist.com\/iwellguard\/about","https:\/\/skitterphoto.com\/photographers\/2870314\/iwell-guard","https:\/\/iwellguard.wordpress.com\/2026\/06\/06\/iwell-guard\/","https:\/\/hub.docker.com\/u\/iwellguard","https:\/\/www.pinterest.com\/iwellguard\/","https:\/\/bit.ly\/m\/iwellguard","https:\/\/entre-vos-mains.alsace.eu\/profiles\/iwellguard\/activity","https:\/\/gravatar.com\/reallybeded8fd34","https:\/\/naijamatta.com\/iwellguard","https:\/\/www.goodreads.com\/iwellguard","https:\/\/profile.hatena.ne.jp\/iwellguard\/","https:\/\/experiment.com\/users\/iwellguard","https:\/\/wakelet.com\/@iWellGuard82270","https:\/\/www.chordie.com\/forum\/profile.php?id=2555664","https:\/\/www.instapaper.com\/p\/17757966","https:\/\/www.mapleprimes.com\/users\/iwellguard","https:\/\/businesslistingplus.com\/profile\/iwell-guard\/","https:\/\/telegra.ph\/iWell-Guard-06-06","https:\/\/pbase.com\/iwellguard\/iwellguard","https:\/\/b.hatena.ne.jp\/iwellguard\/20260607#bookmark-4788405196491818882","https:\/\/fliphtml5.com\/home\/iwellguard","https:\/\/anyflip.com\/homepage\/cmiwl#About","https:\/\/transfur.com\/Users\/iwellguard","http:\/\/delphi.larsbo.org\/user\/iwellguard","https:\/\/jobs.lajobsportal.org\/profiles\/8380803-iwell-guard","https:\/\/md.chaosdorf.de\/s\/jfbe5SBdJD","https:\/\/www.lingvolive.com\/en-us\/profile\/9ecaeaca-ce11-4e51-9e71-01d55e2bff36\/translations","https:\/\/www.fitday.com\/fitness\/forums\/members\/iwellguard.html","https:\/\/www.mymeetbook.com\/iwellguard","https:\/\/pxhere.com\/en\/photographer-me\/5040798","https:\/\/disqus.com\/by\/iwellguard\/about\/","https:\/\/pastelink.net\/hjwciqwq","https:\/\/pubhtml5.com\/homepage\/scjhn\/","https:\/\/www.bitchute.com\/channel\/2O2eOKzNqujT","https:\/\/audiomack.com\/iwellguard"]}]}},"_links":{"self":[{"href":"https:\/\/iwell-guard.com\/is\/wp-json\/wp\/v2\/pages\/169053","targetHints":{"allow":["GET"]}}],"collection":[{"href":"https:\/\/iwell-guard.com\/is\/wp-json\/wp\/v2\/pages"}],"about":[{"href":"https:\/\/iwell-guard.com\/is\/wp-json\/wp\/v2\/types\/page"}],"author":[{"embeddable":true,"href":"https:\/\/iwell-guard.com\/is\/wp-json\/wp\/v2\/users\/3"}],"replies":[{"embeddable":true,"href":"https:\/\/iwell-guard.com\/is\/wp-json\/wp\/v2\/comments?post=169053"}],"version-history":[{"count":0,"href":"https:\/\/iwell-guard.com\/is\/wp-json\/wp\/v2\/pages\/169053\/revisions"}],"wp:featuredmedia":[{"embeddable":true,"href":"https:\/\/iwell-guard.com\/is\/wp-json\/wp\/v2\/media\/3203"}],"wp:attachment":[{"href":"https:\/\/iwell-guard.com\/is\/wp-json\/wp\/v2\/media?parent=169053"}],"wp:term":[{"taxonomy":"category","embeddable":true,"href":"https:\/\/iwell-guard.com\/is\/wp-json\/wp\/v2\/categories?post=169053"}],"curies":[{"name":"wp","href":"https:\/\/api.w.org\/{rel}","templated":true}]}}