{"id":169052,"date":"2026-09-05T14:05:10","date_gmt":"2026-09-05T14:05:10","guid":{"rendered":"https:\/\/iwell-guard.com\/?page_id=169052"},"modified":"2026-09-05T14:31:02","modified_gmt":"2026-09-05T14:31:02","slug":"sobek","status":"publish","type":"page","link":"https:\/\/iwell-guard.com\/is\/sobek\/","title":{"rendered":"Sobek"},"content":{"rendered":"\t\t<div data-elementor-type=\"wp-page\" data-elementor-id=\"169052\" class=\"elementor elementor-169052 elementor-2993 elementor-bc-flex-widget\" data-elementor-post-type=\"page\">\n\t\t\t\t<div class=\"elementor-element elementor-element-b8d2c94 e-flex e-con-boxed e-con e-parent\" data-id=\"b8d2c94\" data-element_type=\"container\" data-e-type=\"container\" data-settings=\"{&quot;background_background&quot;:&quot;classic&quot;}\">\n\t\t\t\t\t<div class=\"e-con-inner\">\n\t\t<div class=\"elementor-element elementor-element-ca8da53 e-flex e-con-boxed e-con e-child\" data-id=\"ca8da53\" data-element_type=\"container\" data-e-type=\"container\">\n\t\t\t\t\t<div class=\"e-con-inner\">\n\t\t<div class=\"elementor-element elementor-element-a9fe54c e-con-full e-flex e-con e-child\" data-id=\"a9fe54c\" data-element_type=\"container\" data-e-type=\"container\">\n\t\t\t\t<div class=\"elementor-element elementor-element-115d081 elementor-widget elementor-widget-heading\" data-id=\"115d081\" data-element_type=\"widget\" data-e-type=\"widget\" data-widget_type=\"heading.default\">\n\t\t\t\t\t<h1 class=\"elementor-heading-title elementor-size-default\">Sobek, egypski kr\u00f3k\u00f3d\u00edlagu\u00f0inn<\/h1>\t\t\t\t<\/div>\n\t\t\t\t<div class=\"elementor-element elementor-element-91618cc elementor-widget elementor-widget-text-editor\" data-id=\"91618cc\" data-element_type=\"widget\" data-e-type=\"widget\" data-widget_type=\"text-editor.default\">\n\t\t\t\t\t\t\t\t\t<p>Sobek er egypskur kr\u00f3k\u00f3d\u00edlagu\u00f0, en m\u00e1ttur hans er n\u00e1tengdur hinum frj\u00f3s\u00f6mu v\u00f6tnum N\u00edlar. Sobek er kr\u00f3k\u00f3d\u00edlagu\u00f0inn \u00ed hinum fornegypska <span class=\"iwg-fachbegriff\" data-tooltip=\"Heild gu\u00f0anna \u00ed tr\u00faarbr\u00f6g\u00f0um e\u00f0a menningu.\" tabindex=\"0\">Pantheon<\/span>. Hann t\u00e1knar hi\u00f0 \u00f3vi\u00f0r\u00e1\u00f0anlega l\u00edfsafl N\u00edlar, frj\u00f3semi \u00e1rbakkanna og hina h\u00f6r\u00f0u \u00e1r\u00e1sargirni r\u00e1nd\u00fdrsins.<\/p><p>\u00d3l\u00edkt flestum egypskum gu\u00f0um, sem voru minnka\u00f0ir ni\u00f0ur \u00ed f\u00e1 a\u00f0aleinkenni \u00e1 s\u00ed\u00f0t\u00edmanum, heldur Sobek sterkri l\u00edkamlegri s\u00e9rst\u00f6\u00f0u \u00ed gegnum alla s\u00f6gu fara\u00f3anna: hann er \u00e1vallt kr\u00f3k\u00f3d\u00edllinn, \u00fdmist sem hreint d\u00fdr e\u00f0a sem mennsk vera me\u00f0 kr\u00f3k\u00f3d\u00edlsh\u00f6fu\u00f0.<\/p><p>\u00cd p\u00fdram\u00eddatextunum kemur hann fram allt fr\u00e1 gamla r\u00edkinu (kafla 317, 510), og \u00e1 s\u00ed\u00f0t\u00edmanum f\u00e6r hann <span class=\"iwg-fachbegriff\" data-tooltip=\"Bygging sem er tileinku\u00f0 tilbei\u00f0slu einum e\u00f0a fleiri gu\u00f0um.\" tabindex=\"0\">hof<\/span> \u00ed Kr\u00f3k\u00f3d\u00edl\u00f3p\u00f3lis (Schedet, s\u00ed\u00f0ar Arsinoe), \u00ed Ombos (Kom Ombo) og \u00ed fj\u00f6lm\u00f6rgum borgum \u00ed Mi\u00f0-Egyptalandi.<\/p><p><span class=\"iwg-fachbegriff\" data-tooltip=\"Heild tr\u00faarlegra tilbei\u00f0sluathafna fyrir gu\u00f0 e\u00f0a heilaga veru.\" tabindex=\"0\">D\u00fdrkun<\/span> hans er n\u00e1tengd hugmyndinni um konungsvald: Fara\u00f3ar \u00ferett\u00e1ndu konungs\u00e6ttarinnar t\u00f3ku s\u00e9r nafn eftir honum, \u00feekktastir eru Sebek-hotep-konungarnir, og me\u00f0 honum tengjast heimsfr\u00e6\u00f0ilegar hugmyndir um frumh\u00f3linn sem reis upp \u00far frumvatninu Nun.<\/p>\t\t\t\t\t\t\t\t<\/div>\n\t\t\t\t<\/div>\n\t\t<div class=\"elementor-element elementor-element-582eb55 e-con-full e-flex e-con e-parent\" data-id=\"582eb55\" data-element_type=\"container\" data-e-type=\"container\">\n\t\t\t\t<div class=\"elementor-element elementor-element-a72163e elementor-widget elementor-widget-html\" data-id=\"a72163e\" data-element_type=\"widget\" data-e-type=\"widget\" data-widget_type=\"html.default\">\n\t\t\t\t\t<div class=\"iwg-pill-row\"><span class=\"iwg-klasse-badge\" tabindex=\"0\" data-tooltip=\"Gu\u00f0 \/ Gy\u00f0ja: Pers\u00f3nuger\u00f0ur h\u00e6sti m\u00e1ttur \u00ed pantheon menningar, me\u00f0 sk\u00fdr hlutverk \u2014 n\u00e1tt\u00faru\u00f6fl, \u00f6rl\u00f6g, str\u00ed\u00f0, frj\u00f3semi. Tilbe\u00f0inn me\u00f0 d\u00fdrkun, f\u00f3rnum og hofstofnunum.\">Gu\u00f0<\/span><a href=\"https:\/\/iwell-guard.com\/is\/egyptaland\/\" class=\"iwg-kultur-badge\" tabindex=\"0\" data-tooltip=\"Go\u00f0afr\u00e6\u00f0i hins forna N\u00edlardals, u.\u00fe.b. 3000 f.Kr. til 30 f.Kr.\">Egyptaland<\/a><\/div>\t\t\t\t<\/div>\n\t\t\t\t<\/div>\n\t\t<div class=\"elementor-element elementor-element-e3a09f9 e-con-full e-flex e-con e-child\" data-id=\"e3a09f9\" data-element_type=\"container\" data-e-type=\"container\">\n\t\t\t\t<div class=\"elementor-element elementor-element-807ac44 elementor-toc--minimized-on-tablet elementor-widget elementor-widget-table-of-contents\" data-id=\"807ac44\" data-element_type=\"widget\" data-e-type=\"widget\" data-settings=\"{&quot;exclude_headings_by_selector&quot;:[],&quot;no_headings_message&quot;:&quot;Engar undirfyrirsagnir fundust \\u00e1 \\u00feessari s\\u00ed\\u00f0u.&quot;,&quot;headings_by_tags&quot;:[&quot;h2&quot;,&quot;h3&quot;],&quot;marker_view&quot;:&quot;bullets&quot;,&quot;icon&quot;:{&quot;value&quot;:&quot;fas fa-circle&quot;,&quot;library&quot;:&quot;fa-solid&quot;,&quot;rendered_tag&quot;:&quot;&lt;svg class=\\&quot;e-font-icon-svg e-fas-circle\\&quot; viewBox=\\&quot;0 0 512 512\\&quot; xmlns=\\&quot;http:\\\/\\\/www.w3.org\\\/2000\\\/svg\\&quot;&gt;&lt;path d=\\&quot;M256 8C119 8 8 119 8 256s111 248 248 248 248-111 248-248S393 8 256 8z\\&quot;&gt;&lt;\\\/path&gt;&lt;\\\/svg&gt;&quot;},&quot;minimize_box&quot;:&quot;yes&quot;,&quot;minimized_on&quot;:&quot;tablet&quot;,&quot;hierarchical_view&quot;:&quot;yes&quot;,&quot;min_height&quot;:{&quot;unit&quot;:&quot;px&quot;,&quot;size&quot;:&quot;&quot;,&quot;sizes&quot;:[]},&quot;min_height_tablet&quot;:{&quot;unit&quot;:&quot;px&quot;,&quot;size&quot;:&quot;&quot;,&quot;sizes&quot;:[]},&quot;min_height_mobile&quot;:{&quot;unit&quot;:&quot;px&quot;,&quot;size&quot;:&quot;&quot;,&quot;sizes&quot;:[]}}\" data-widget_type=\"table-of-contents.default\">\n\t\t\t\t\t\t\t\t\t<div class=\"elementor-toc__header\">\n\t\t\t\t\t\t<h2 class=\"elementor-toc__header-title\">\n\t\t\t\tEfnisyfirlit\t\t\t<\/h2>\n\t\t\t\t\t\t\t\t\t\t<div class=\"elementor-toc__toggle-button elementor-toc__toggle-button--expand\" role=\"button\" tabindex=\"0\" aria-controls=\"elementor-toc__807ac44\" aria-expanded=\"true\" aria-label=\"Open table of contents\"><svg aria-hidden=\"true\" class=\"e-font-icon-svg e-fas-chevron-down\" viewBox=\"0 0 448 512\" xmlns=\"http:\/\/www.w3.org\/2000\/svg\"><path d=\"M207.029 381.476L12.686 187.132c-9.373-9.373-9.373-24.569 0-33.941l22.667-22.667c9.357-9.357 24.522-9.375 33.901-.04L224 284.505l154.745-154.021c9.379-9.335 24.544-9.317 33.901.04l22.667 22.667c9.373 9.373 9.373 24.569 0 33.941L240.971 381.476c-9.373 9.372-24.569 9.372-33.942 0z\"><\/path><\/svg><\/div>\n\t\t\t\t<div class=\"elementor-toc__toggle-button elementor-toc__toggle-button--collapse\" role=\"button\" tabindex=\"0\" aria-controls=\"elementor-toc__807ac44\" aria-expanded=\"true\" aria-label=\"Close table of contents\"><svg aria-hidden=\"true\" class=\"e-font-icon-svg e-fas-chevron-up\" viewBox=\"0 0 448 512\" xmlns=\"http:\/\/www.w3.org\/2000\/svg\"><path d=\"M240.971 130.524l194.343 194.343c9.373 9.373 9.373 24.569 0 33.941l-22.667 22.667c-9.357 9.357-24.522 9.375-33.901.04L224 227.495 69.255 381.516c-9.379 9.335-24.544 9.317-33.901-.04l-22.667-22.667c-9.373-9.373-9.373-24.569 0-33.941L207.03 130.525c9.372-9.373 24.568-9.373 33.941-.001z\"><\/path><\/svg><\/div>\n\t\t\t\t\t<\/div>\n\t\t\t\t<div id=\"elementor-toc__807ac44\" class=\"elementor-toc__body\">\n\t\t\t<div class=\"elementor-toc__spinner-container\">\n\t\t\t\t<svg class=\"elementor-toc__spinner eicon-animation-spin e-font-icon-svg e-eicon-loading\" aria-hidden=\"true\" viewBox=\"0 0 1000 1000\" xmlns=\"http:\/\/www.w3.org\/2000\/svg\"><path d=\"M500 975V858C696 858 858 696 858 500S696 142 500 142 142 304 142 500H25C25 237 238 25 500 25S975 237 975 500 763 975 500 975Z\"><\/path><\/svg>\t\t\t<\/div>\n\t\t<\/div>\n\t\t\t\t\t\t<\/div>\n\t\t\t\t<\/div>\n\t\t\t\t\t<\/div>\n\t\t\t\t<\/div>\n\t\t<div class=\"elementor-element elementor-element-f8ec57c e-con-full e-flex e-con e-child\" data-id=\"f8ec57c\" data-element_type=\"container\" data-e-type=\"container\">\n\t\t\t\t<div class=\"elementor-element elementor-element-fc98d39 iwg-hero-image elementor-widget elementor-widget-image\" data-id=\"fc98d39\" data-element_type=\"widget\" data-e-type=\"widget\" data-widget_type=\"image.default\">\n\t\t\t\t\t\t\t\t\t\t\t\t\t\t\t<img fetchpriority=\"high\" decoding=\"async\" width=\"683\" height=\"1024\" src=\"https:\/\/iwell-guard.com\/wp-content\/uploads\/2026\/05\/goetter_aegypten_sobek-683x1024.webp\" class=\"attachment-large size-large wp-image-170746\" alt=\"Sobek - Gu\u00f0ir \u00far egypskri hef\u00f0, s\u00f6guleg-myndr\u00e6n framsetning\" srcset=\"https:\/\/iwell-guard.com\/wp-content\/uploads\/2026\/05\/goetter_aegypten_sobek-683x1024.webp 683w, https:\/\/iwell-guard.com\/wp-content\/uploads\/2026\/05\/goetter_aegypten_sobek-200x300.webp 200w, https:\/\/iwell-guard.com\/wp-content\/uploads\/2026\/05\/goetter_aegypten_sobek-768x1152.webp 768w, https:\/\/iwell-guard.com\/wp-content\/uploads\/2026\/05\/goetter_aegypten_sobek.webp 1024w\" sizes=\"(max-width: 683px) 100vw, 683px\" \/>\t\t\t\t\t\t\t\t\t\t\t\t\t\t\t<\/div>\n\t\t\t\t<\/div>\n\t\t\t\t\t<\/div>\n\t\t\t\t<\/div>\n\t\t<div class=\"elementor-element elementor-element-4a25753 e-con-boxed e-flex e-con e-parent\" data-id=\"4a25753\" data-element_type=\"container\" data-e-type=\"container\">\n\t\t\t\t\t<div class=\"e-con-inner\">\n\t\t<div class=\"elementor-element elementor-element-8f26efb e-con-full e-flex e-con e-child\" data-id=\"8f26efb\" data-element_type=\"container\" data-e-type=\"container\">\n\t\t\t\t<div class=\"elementor-element elementor-element-9d8080a elementor-widget elementor-widget-heading\" data-id=\"9d8080a\" data-element_type=\"widget\" data-e-type=\"widget\" data-widget_type=\"heading.default\">\n\t\t\t\t\t<h2 class=\"elementor-heading-title elementor-size-default\">Go\u00f0s\u00f6gn og \u00e6ttartr\u00e9<\/h2>\t\t\t\t<\/div>\n\t\t\t\t<div class=\"elementor-element elementor-element-c574a86 elementor-widget elementor-widget-text-editor\" data-id=\"c574a86\" data-element_type=\"widget\" data-e-type=\"widget\" data-widget_type=\"text-editor.default\">\n\t\t\t\t\t\t\t\t\t<p>\u00c6ttfr\u00e6\u00f0i Sobeks er var\u00f0veitt me\u00f0 mismunandi h\u00e6tti eftir sv\u00e6\u00f0um. \u00cd mikilv\u00e6gustu hef\u00f0inni er hann sonur Neith, hinnar fornu gy\u00f0ju \u00ed Sais, sem var \u00ed senn skapari og str\u00ed\u00f0sgy\u00f0ja.<\/p><p>\u00deessi \u00e6tterni er sta\u00f0fest me\u00f0 sk\u00fdrum h\u00e6tti \u00ed Hibis-<span class=\"iwg-fachbegriff\" data-tooltip=\"Bygging sem er tileinku\u00f0 tilbei\u00f0slu einum e\u00f0a fleiri gu\u00f0um.\" tabindex=\"0\">hofinu<\/span> \u00ed Charga-vininni og \u00ed textunum fr\u00e1 Esna. \u00dear er Sobek kalla\u00f0ur \u00absonur Neith\u00bb, f\u00e6ddur \u00e1 fyrsta degi sk\u00f6punarins, \u00feegar Neith reis upp \u00far frumvatninu og f\u00e6ddi son sinn.<\/p><p>Elstu heimildirnir kalla Sobek \u00feegar \u00abherra Schedet\u00bb og setja hann vi\u00f0 hli\u00f0 sk\u00f6punargu\u00f0anna.<\/p>\n<p>\u00cd annarri hef\u00f0, fr\u00e1 Faiyum, er Sobek talinn frumbur\u00f0ur \u00ed frumvatninu, sem reis upp \u00far Nun og me\u00f0 einni komu sinni skapa\u00f0i landi\u00f0 og gr\u00f3\u00f0urinn. \u00deessi heimsfr\u00e6\u00f0ilega t\u00falkun gerir Sobek a\u00f0 sj\u00e1lfum skaparagu\u00f0inum, samb\u00e6rilegan vi\u00f0 Atum \u00ed Heliopolis e\u00f0a Khnum \u00ed Esna.<\/p><p>\u00cd Kom Ombo er Sobek tilbe\u00f0inn \u00e1samt H\u00f3rusi hinum eldri sem tv\u00edburagu\u00f0, sem s\u00fdnir tv\u00e6r hli\u00f0ar kr\u00f3k\u00f3d\u00edlse\u00f0lisins, h\u00e6ttulega og verndandi. \u00cd s\u00ed\u00f0t\u00edma <span class=\"iwg-fachbegriff\" data-tooltip=\"Fr\u00e6\u00f0ileg kenning um Gu\u00f0 og tr\u00fa \u00ed tr\u00faarbr\u00f6g\u00f0um.\" tabindex=\"0\">gu\u00f0fr\u00e6\u00f0i<\/span> kemur Sobek einnig fram sem birtingarmynd Re, sem fer s\u00f3larfer\u00f0 s\u00edna um frumvatni\u00f0 a\u00f0 n\u00f3ttu til \u00ed kr\u00f3k\u00f3d\u00edlsmynd.<\/p>\n<p>Eiginkona Sobeks er Hathor \u00ed nokkrum textum, \u00ed \u00f6\u00f0rum sta\u00f0argy\u00f0jan Renenutet (h\u00f6ggormsgy\u00f0ja uppskerunnar) e\u00f0a Tasenetnofret (hin \u00abfullkomna systir\u00bb, ein birtingarmynd Hathors fr\u00e1 Ombos).<\/p><p>Sonur hans er Khonsu e\u00f0a sta\u00f0bundinn Khonsu-Sobek, sem t\u00e1knar hina ungu tunglgu\u00f0veru. \u00deessi breytileiki fj\u00f6lskyldutengsla er ekki \u00f3venjulegur \u00ed egypskum tr\u00faarbr\u00f6g\u00f0um og endurspeglar samruna \u00fdmissa sta\u00f0bundinna d\u00fdrkunarhef\u00f0a.<\/p>\n<p>Sobek hefur s\u00e9rstaka st\u00f6\u00f0u \u00ed s\u00ed\u00f0t\u00edma <span class=\"iwg-fachbegriff\" data-tooltip=\"Fr\u00e6\u00f0ileg kenning um Gu\u00f0 og tr\u00fa \u00ed tr\u00faarbr\u00f6g\u00f0um.\" tabindex=\"0\">gu\u00f0fr\u00e6\u00f0i<\/span> Esna, \u00fear sem hann myndar fj\u00f3rt\u00f6lu frumgu\u00f0anna \u00e1samt Khnum, Neith og Heka.<\/p><p>L\u00f6ngu s\u00e1lmarnir sem eru h\u00f6ggnir \u00ed veggi Esna-<span class=\"iwg-fachbegriff\" data-tooltip=\"Bygging sem er tileinku\u00f0 tilbei\u00f0slu einum e\u00f0a fleiri gu\u00f0um.\" tabindex=\"0\">hofsins<\/span> l\u00fdsa Sobek sem \u00feeirri hli\u00f0 skaparans er framkallar hi\u00f0 hr\u00e1a, \u00f3tamda l\u00edfsafl, me\u00f0an Khnum t\u00e1knar hina formandi verksmi\u00f0juvinnu. \u00deessi gu\u00f0fr\u00e6\u00f0ilega a\u00f0greining s\u00fdnir hinn h\u00e1a vitsmunalega metna\u00f0 s\u00ed\u00f0t\u00edma prestast\u00e9ttarinnar.<\/p>\t\t\t\t\t\t\t\t<\/div>\n\t\t\t\t<\/div>\n\t\t<div class=\"elementor-element elementor-element-3290abf e-con-full e-flex e-con e-child\" data-id=\"3290abf\" data-element_type=\"container\" data-e-type=\"container\">\n\t\t\t\t<div class=\"elementor-element elementor-element-9b99c05 elementor-widget elementor-widget-heading\" data-id=\"9b99c05\" data-element_type=\"widget\" data-e-type=\"widget\" data-widget_type=\"heading.default\">\n\t\t\t\t\t<h2 class=\"elementor-heading-title elementor-size-default\">T\u00e1kn, myndlist og einkenni<\/h2>\t\t\t\t<\/div>\n\t\t\t\t<div class=\"elementor-element elementor-element-f15349a elementor-widget elementor-widget-text-editor\" data-id=\"f15349a\" data-element_type=\"widget\" data-e-type=\"widget\" data-widget_type=\"text-editor.default\">\n\t\t\t\t\t\t\t\t\t<p>Sobek er s\u00fdndur \u00ed tveimur megin myndum: sem heilt kr\u00f3k\u00f3d\u00edl og sem ma\u00f0ur me\u00f0 kr\u00f3k\u00f3d\u00edlshaus. \u00c1 h\u00f6f\u00f0inu ber hann atef-k\u00f3r\u00f3nuna e\u00f0a s\u00f3lsk\u00edfukrans me\u00f0 atef-k\u00f3r\u00f3nu, hyrndu s\u00f3lsk\u00edfuna e\u00f0a samsetningu fja\u00f0ra og horna, sem t\u00e1kna hina kosm\u00edsku v\u00eddd hans.<\/p><p>D\u00e6migert t\u00e1kn hans er vatnaskipi\u00f0 sem kr\u00f3k\u00f3d\u00edllinn liggur \u00e1, sem v\u00edsar til uppkomu \u00far frumhafinu upp \u00e1 frumh\u00f3linn.<\/p>\n<p>Lifandi kr\u00f3k\u00f3d\u00edlar voru haldnir \u00ed musterum hans, hl\u00fa\u00f0 a\u00f0 \u00feeim og \u00feeir m\u00famger\u00f0ir eftir dau\u00f0ann. Strabon (XVII, 1, 38) l\u00fdsir \u00ed sm\u00e1atri\u00f0um \u00abhinu heilaga kr\u00f3k\u00f3d\u00edli\u00bb Petes\u00fakos \u00ed Kr\u00f3k\u00f3d\u00edl\u00f3p\u00f3lis \u00ed Faiyum: \u00dea\u00f0 var f\u00f3\u00f0ra\u00f0 me\u00f0 brau\u00f0i, kj\u00f6ti og v\u00edni, bar h\u00e1lsskart og gullhringi \u00e1 framf\u00f3tum, og dau\u00f0a \u00feess var syrgt af allri borginni.<\/p><p>\u00de\u00fasundir m\u00famger\u00f0ra kr\u00f3k\u00f3d\u00edla fundust \u00ed grafreitum Kr\u00f3k\u00f3d\u00edl\u00f3p\u00f3lis, Tebt\u00fdnis og Kom Omb\u00f3, fr\u00e1 litlum f\u00f3sturv\u00edsum til fullvaxinna d\u00fdra sem voru allt a\u00f0 fimm metra l\u00f6ng. Grafreitirnir s\u00fdna a\u00f0 Sobek-<span class=\"iwg-fachbegriff\" data-tooltip=\"\u00d6ll tr\u00faarlegu d\u00fdrkunarath\u00f6fnin sem tengjast gu\u00f0i e\u00f0a heilagri v\u00e6ttu.\" tabindex=\"0\">d\u00fdrkunin<\/span> n\u00e1\u00f0i til brei\u00f0s almennings allt fram \u00e1 r\u00f3mverska t\u00edmann.<\/p>\n<p>H\u00f6ggmyndir af Sobek finnast um allan N\u00edlardalinn. Fr\u00e1 Mi\u00f0r\u00edkinu er var\u00f0veitt merkileg stytta af Amenemhet III me\u00f0 kr\u00f3k\u00f3d\u00edlsh\u00f6fu\u00f0 Sobeks, sem er n\u00fa \u00ed Ka\u00edr\u00f3-safninu.<\/p><p>Fr\u00e1 Kom Omb\u00f3 eru var\u00f0veitt afbur\u00f0ag\u00f3\u00f0 \u00fatskur\u00f0arverk sem s\u00fdna Sobek \u00ed fullri mannger\u00f0ri mynd me\u00f0 kr\u00f3k\u00f3d\u00edlshaus. \u00c1 musterisveggjunum stendur gu\u00f0inn reglulega \u00ed r\u00f6\u00f0 me\u00f0 \u00f6\u00f0rum a\u00f0algo\u00f0um Egyptalands og f\u00e6r fr\u00e1 fara\u00f3unum hef\u00f0bundnar f\u00f3rnargjafir.<\/p>\n<p>S\u00e9rstakt <span class=\"iwg-fachbegriff\" data-tooltip=\"Merki sem t\u00e1knar hugmynd e\u00f0a merkingu.\" tabindex=\"0\">t\u00e1kn<\/span> er vatnsfyllt laug fyrir framan a\u00f0araltari Sobek-musterisins. \u00cd Kom Omb\u00f3 eru enn \u00ed dag g\u00f6mlu laugarnar \u00e1 musterissv\u00e6\u00f0inu, \u00fear sem musteriskr\u00f3k\u00f3d\u00edlarnir voru haldnir.<\/p><p>Musterisumhverfi\u00f0 f\u00e9kk vatn \u00far eigin skur\u00f0akerfi fr\u00e1 N\u00edl; daglegur \u00ferifna\u00f0ur og v\u00f6kvun hinna heil\u00f6gu d\u00fdra var me\u00f0al skyldna prestanna og var svo umfangsmikil a\u00f0 s\u00e9rstakar stj\u00f3rnunardeildir s\u00e1u um \u00fea\u00f0.<\/p>\t\t\t\t\t\t\t\t<\/div>\n\t\t\t\t<\/div>\n\t\t<div class=\"elementor-element elementor-element-47fd627 e-con-full e-flex e-con e-child\" data-id=\"47fd627\" data-element_type=\"container\" data-e-type=\"container\">\n\t\t\t\t<div class=\"elementor-element elementor-element-4a0ffd6 elementor-widget elementor-widget-heading\" data-id=\"4a0ffd6\" data-element_type=\"widget\" data-e-type=\"widget\" data-widget_type=\"heading.default\">\n\t\t\t\t\t<h2 class=\"elementor-heading-title elementor-size-default\">D\u00fdrkun og tilbei\u00f0sla<\/h2>\t\t\t\t<\/div>\n\t\t\t\t<div class=\"elementor-element elementor-element-2fbba65 elementor-widget elementor-widget-text-editor\" data-id=\"2fbba65\" data-element_type=\"widget\" data-e-type=\"widget\" data-widget_type=\"text-editor.default\">\n\t\t\t\t\t\t\t\t\t<p>Sobek-<span class=\"iwg-fachbegriff\" data-tooltip=\"\u00d6ll tr\u00faarlegu d\u00fdrkunarath\u00f6fnin sem tengjast gu\u00f0i e\u00f0a heilagri v\u00e6ttu.\" tabindex=\"0\">d\u00fdrkunin<\/span> haf\u00f0i mi\u00f0st\u00f6\u00f0 s\u00edna \u00ed Faiyum, hinni miklu l\u00e6g\u00f0 vestan vi\u00f0 N\u00edl, sem var s\u00e9rstaklega kr\u00f3k\u00f3d\u00edlar\u00edk vegna vatnsins sem st\u00f6\u00f0ugt fl\u00e6ddi \u00ed M\u00f3ris-vatni\u00f0. Kr\u00f3k\u00f3d\u00edl\u00f3p\u00f3lis (Schedet), endurnefnt Arsinoe \u00e1 t\u00edmum Pt\u00f3lem\u00e6a, var a\u00f0almusterissta\u00f0ur fr\u00e1 Mi\u00f0r\u00edkinu.<\/p><p>Amenemhet III (1853 til 1806 fyrir okkar t\u00edmatal) l\u00e9t reisa h\u00e9r hi\u00f0 fr\u00e6ga \u00abv\u00f6lundarh\u00fas\u00bb, risavaxna stj\u00f3rns\u00fdslu- og d\u00fdrkunarmi\u00f0st\u00f6\u00f0, sem Her\u00f3d\u00f3tos (II, 148) l\u00fdsir sem gl\u00e6silegasta byggingarverki Egyptalands, meira en p\u00fdram\u00eddunum.<\/p>\n<p>\u00cd daglegri musterisath\u00f6fninni voru mat og vatni bo\u00f0i\u00f0 Sobek-kr\u00f3k\u00f3d\u00edlnum; prestarnir gengu inn \u00ed n\u00e1kv\u00e6mri helgisi\u00f0abundinni r\u00f6\u00f0, framkv\u00e6mdu munnop-<span class=\"iwg-fachbegriff\" data-tooltip=\"H\u00e1t\u00ed\u00f0leg ath\u00f6fn sem fer fram eftir f\u00f6stum reglum.\" tabindex=\"0\">ath\u00f6fnina<\/span>, sem l\u00edfga\u00f0i go\u00f0amyndina, og f\u00f3ru me\u00f0 s\u00e1lmana sem eru var\u00f0veittir \u00ed st\u00f3rum st\u00edl \u00ed Esna-<span class=\"iwg-fachbegriff\" data-tooltip=\"Bygging sem er tileinku\u00f0 d\u00fdrkun einnar e\u00f0a fleiri gu\u00f0v\u00e6tta.\" tabindex=\"0\">musterinu<\/span>.<\/p><p>\u00c1 \u00e1rinu voru haldnar h\u00e1t\u00ed\u00f0ir til minningar um go\u00f0sagnakennda uppkomu Sobeks \u00far frumhafinu, auk vaxmyndar-<span class=\"iwg-fachbegriff\" data-tooltip=\"H\u00e1t\u00ed\u00f0leg ath\u00f6fn sem fer fram eftir f\u00f6stum reglum.\" tabindex=\"0\">ath\u00f6fnar<\/span>, \u00fear sem vaxkr\u00f3k\u00f3d\u00edll var brenndur til a\u00f0 verjast Apophis, hinum kosm\u00edska andst\u00e6\u00f0ingi.<\/p>\n<p>S\u00e9rst\u00f6k \u00fatg\u00e1fa af d\u00fdrkuninni finnst \u00ed Kom Omb\u00f3, efri-egypska Sobek-<span class=\"iwg-fachbegriff\" data-tooltip=\"Heilagur sta\u00f0ur tileinka\u00f0ur d\u00fdrkun gu\u00f0v\u00e6ttar.\" tabindex=\"0\">helgista\u00f0num<\/span>. H\u00e9r var reist tv\u00f6falt musteri, \u00fear sem vinstri hluti var <span class=\"iwg-fachbegriff\" data-tooltip=\"Me\u00f0 tr\u00faarlegri ath\u00f6fn afhent hinu heilaga og \u00feannig teki\u00f0 \u00far hinu hversdagslega.\" tabindex=\"0\">helga\u00f0ur<\/span> Sobek, en h\u00e6gri hluti Horusi hinum eldri (Haroeris).<\/p><p>B\u00e1\u00f0ir gu\u00f0irnir deildu <span class=\"iwg-fachbegriff\" data-tooltip=\"Bygging sem er tileinku\u00f0 d\u00fdrkun einnar e\u00f0a fleiri gu\u00f0v\u00e6tta.\" tabindex=\"0\">musterinu<\/span> me\u00f0 a\u00f0skildum innganga, hofg\u00f6r\u00f0um, s\u00falnah\u00f6llum og helgireitum; \u00fatskur\u00f0ar\u00e1\u00e6tlunin var\u00f0veitti sj\u00e1lfst\u00e6\u00f0i b\u00e1\u00f0ra d\u00fdrkananna. \u00deessi byggingarlega lausn er einst\u00f6k \u00ed egypskri musterisbyggingarlist.<\/p>\n<p>Athyglisver\u00f0 er einnig spennan vi\u00f0 a\u00f0rar sta\u00f0bundnar hef\u00f0ir: \u00cd Dendara og Edfu, a\u00f0almusterisst\u00f6\u00f0um Hathoru og Horusar, var kr\u00f3k\u00f3d\u00edllinn \u00e1litinn fjandma\u00f0ur gu\u00f0askipulagsins og birtingarmynd hins illa Seth, var <span class=\"iwg-fachbegriff\" data-tooltip=\"Sem tilheyrir f\u00f6stu tr\u00faarlegu athafnaferli.\" tabindex=\"0\">helgisi\u00f0abundi\u00f0<\/span> eytt og dj\u00f6fulger\u00f0ur \u00ed \u00e1lagaform\u00falum.<\/p><p>\u00deessi tv\u00f6falda mat \u00e1 kr\u00f3k\u00f3d\u00edlinum, annars vegar sem sk\u00f6punargu\u00f0inn Sobek, hins vegar sem fjandsamleg vera, hefur fengi\u00f0 kerfisbundna athygli \u00ed n\u00fdlegum ranns\u00f3knum (Frankfort 1948, Hornung 1971) og er talin fyrirmynd egypskrar tr\u00faarbrag\u00f0a, \u00fear sem eitt og sama d\u00fdr getur bori\u00f0 gagnst\u00e6\u00f0a merkingu \u00ed mismunandi sta\u00f0bundnum d\u00fdrkunum.<\/p>\t\t\t\t\t\t\t\t<\/div>\n\t\t\t\t<\/div>\n\t\t<div class=\"elementor-element elementor-element-485f710 e-con-full e-flex e-con e-child\" data-id=\"485f710\" data-element_type=\"container\" data-e-type=\"container\">\n\t\t\t\t<div class=\"elementor-element elementor-element-79f8e76 elementor-widget elementor-widget-heading\" data-id=\"79f8e76\" data-element_type=\"widget\" data-e-type=\"widget\" data-widget_type=\"heading.default\">\n\t\t\t\t\t<h2 class=\"elementor-heading-title elementor-size-default\">Mikilv\u00e6g helgista\u00f0ir og musteri<\/h2>\t\t\t\t<\/div>\n\t\t\t\t<div class=\"elementor-element elementor-element-8ee2b23 elementor-widget elementor-widget-text-editor\" data-id=\"8ee2b23\" data-element_type=\"widget\" data-e-type=\"widget\" data-widget_type=\"text-editor.default\">\n\t\t\t\t\t\t\t\t\t<p>A\u00f0alhofur Krokodilopolis-Arsinoe \u00ed Faiyum er \u00ed dag a\u00f0 mestu leyti \u00ed r\u00fast, en leifarnar gefa hugmynd um umfangi\u00f0: St\u00f3rt hofsv\u00e6\u00f0i um tv\u00f6 hundru\u00f0 metra langt, me\u00f0 sex- og fj\u00f6ls\u00falnah\u00f6llum, helgu vatni fyrir kr\u00f3k\u00f3d\u00edlana og grafreit fyrir m\u00famger\u00f0 d\u00fdrin.<\/p><p>\u00cdtalskir og franskir uppgreftrar fr\u00e1 n\u00edtj\u00e1ndu \u00f6ld hafa fundi\u00f0 \u00fe\u00fasundir pap\u00fdra og ostraka sem skjalfesta daglegt l\u00edf hofsins.<\/p>\n<p>Tv\u00edhofi\u00f0 \u00ed Kom Ombo, um fj\u00f6rut\u00edu og fimm k\u00edl\u00f3metra nor\u00f0ur af Aswan, er tilkomumesta var\u00f0veitta Sobek-<span class=\"iwg-fachbegriff\" data-tooltip=\"Helgur sta\u00f0ur tileinka\u00f0ur tilbei\u00f0slu \u00e1 gu\u00f0i.\" tabindex=\"0\">helgista\u00f0urinn<\/span>. Byggt undir Pt\u00f3lem\u00e6um (a\u00f0allega Pt\u00f3lem\u00e6os VI. Philometor, 180 til 145 fyrir okkar t\u00edmatal) og loki\u00f0 \u00e1 t\u00edmum fyrstu r\u00f3mverskra keisara, s\u00fdnir <span class=\"iwg-fachbegriff\" data-tooltip=\"Bygging sem er tileinku\u00f0 tilbei\u00f0slu \u00e1 einum e\u00f0a fleiri gu\u00f0um.\" tabindex=\"0\">hofi\u00f0<\/span> hellen\u00edsk-egypsku samruna s\u00edns t\u00edma.<\/p><p>\u00c1 veggjunum finnast l\u00e6knisfr\u00e6\u00f0ileg l\u00e1gmyndir sem s\u00fdna skur\u00f0a\u00f0ger\u00f0ar\u00e1h\u00f6ld og f\u00e6\u00f0ingarst\u00f3lssenur, sem g\u00e6tu bent til l\u00e6kningalegs hlutverks Sobek-d\u00fdrkunarins. Kr\u00f3k\u00f3d\u00edlasafni\u00f0 \u00ed n\u00e1grenninu var\u00f0veitir \u00ed dag yfir fj\u00f6rut\u00edu m\u00fam\u00edur sem fundust \u00ed n\u00e1grenni hofsins.<\/p>\n<p>\u00cd Mi\u00f0-Egyptalandi l\u00e1 Sumenu-<span class=\"iwg-fachbegriff\" data-tooltip=\"Bygging sem er tileinku\u00f0 tilbei\u00f0slu \u00e1 einum e\u00f0a fleiri gu\u00f0um.\" tabindex=\"0\">hofi\u00f0<\/span> (\u00ed dag Mahamid Qibly vi\u00f0 Armant), \u00fear sem Sobek var s\u00e9rstaklega tilbe\u00f0inn af Amen\u00f3fis III. Helgista\u00f0irnir \u00ed Gebelein, Esna og Tod, sem ur\u00f0u til \u00e1 mi\u00f0r\u00edkis- og n\u00fdr\u00edkist\u00edmanum, h\u00f6f\u00f0u einnig Sobek-kapellur.<\/p><p>\u00cd Esna er Sobek-Re einn af h\u00f6fu\u00f0gu\u00f0unum \u00ed hinu var\u00f0veitta <span class=\"iwg-fachbegriff\" data-tooltip=\"Bygging sem er tileinku\u00f0 tilbei\u00f0slu \u00e1 einum e\u00f0a fleiri gu\u00f0um.\" tabindex=\"0\">hofi<\/span> fr\u00e1 r\u00f3mverskum keisarat\u00edma; veggirnir s\u00fdna \u00f3venju \u00fatf\u00e6r\u00f0a s\u00e1lma \u00fear sem sk\u00f6punarhlutverk Sobeks er gu\u00f0fr\u00e6\u00f0ilega \u00fatlista\u00f0.<\/p>\n<p>\u00cd vesturey\u00f0im\u00f6rkinni, \u00ed Charga-vininni, er Hibis-<span class=\"iwg-fachbegriff\" data-tooltip=\"Bygging sem er tileinku\u00f0 tilbei\u00f0slu \u00e1 einum e\u00f0a fleiri gu\u00f0um.\" tabindex=\"0\">hofi\u00f0<\/span>, sem hefur Sobek-kapellu \u00fear sem mikilv\u00e6gasta gu\u00f0fr\u00e6\u00f0ilega framsetning Sobeks sem sonar Neith er var\u00f0veitt.<\/p><p>\u00cd Tebtynis \u00ed su\u00f0urhluta Faiyum hefur \u00edtalskur lei\u00f0angur fr\u00e1 1929 grafi\u00f0 upp b\u00e6\u00f0i hofsamst\u00e6\u00f0una og \u00fe\u00fasundir pap\u00fdra, \u00fear \u00e1 me\u00f0al v\u00ed\u00f0t\u00e6ka Sobek-s\u00e1lma og prestlega stj\u00f3rns\u00fdsluskj\u00f6l. \u00deessar fundir eru mikilv\u00e6gasta uppspretta \u00feekkingar um hi\u00f0 hagn\u00fdta hofl\u00edf og stj\u00f3rns\u00fdslu Sobek-d\u00fdrkunarins \u00e1 gr\u00edsk-r\u00f3mverskum t\u00edma.<\/p>\t\t\t\t\t\t\t\t<\/div>\n\t\t\t\t<\/div>\n\t\t<div class=\"elementor-element elementor-element-2f0ef82 e-con-full e-flex e-con e-child\" data-id=\"2f0ef82\" data-element_type=\"container\" data-e-type=\"container\">\n\t\t\t\t<div class=\"elementor-element elementor-element-66a3052 elementor-widget elementor-widget-heading\" data-id=\"66a3052\" data-element_type=\"widget\" data-e-type=\"widget\" data-widget_type=\"heading.default\">\n\t\t\t\t\t<h2 class=\"elementor-heading-title elementor-size-default\">Go\u00f0sagnafr\u00e1sagnir<\/h2>\t\t\t\t<\/div>\n\t\t\t\t<div class=\"elementor-element elementor-element-8952ec7 elementor-widget elementor-widget-text-editor\" data-id=\"8952ec7\" data-element_type=\"widget\" data-e-type=\"widget\" data-widget_type=\"text-editor.default\">\n\t\t\t\t\t\t\t\t\t<p>Mikilv\u00e6gasta go\u00f0sagnakennda fr\u00e1s\u00f6gnin um Sobek er hlutverk hans vi\u00f0 bj\u00f6rgun barnsins H\u00f3rusar. \u00cd <span class=\"iwg-fachbegriff\" data-tooltip=\"Hef\u00f0bundin fr\u00e1s\u00f6gn um gu\u00f0i, uppruna og skipan heimsins.\" tabindex=\"0\">go\u00f0s\u00f6gninni<\/span> um dau\u00f0a \u00d3s\u00edris fann \u00cdsis \u00fatlimi hins myrta eiginmanns s\u00edns dreif\u00f0a um N\u00edl; suma \u00feeirra, s\u00e9rstaklega liminn (fallusinn), gleyptu kr\u00f3k\u00f3d\u00edlarnir.<\/p><p>Sobek, sem er metinn j\u00e1kv\u00e6tt \u00ed \u00feessum \u00fe\u00e6tti, leita\u00f0i limanna og hj\u00e1lpa\u00f0i \u00cdsis a\u00f0 setja \u00fe\u00e1 saman.<\/p><p>Tilbrig\u00f0i vi\u00f0 <span class=\"iwg-fachbegriff\" data-tooltip=\"Hef\u00f0bundin fr\u00e1s\u00f6gn um gu\u00f0i, uppruna og skipan heimsins.\" tabindex=\"0\">go\u00f0s\u00f6gnina<\/span>, var\u00f0veitt \u00ed p\u00fdram\u00eddatextunum (form\u00fala 317), l\u00e6tur Sobek draga H\u00f3rus upp \u00far fenjunum \u00ed Chemmis, \u00fear sem \u00cdsis haf\u00f0i fali\u00f0 hann; Sobek verndar unga gu\u00f0inn fr\u00e1 \u00e1r\u00e1sum Seths me\u00f0 \u00fev\u00ed a\u00f0 bera hann \u00e1 bakinu a\u00f0 str\u00f6ndinni.<\/p>\n<p>\u00cd sk\u00f6punarfr\u00e1s\u00f6gn kemur Sobek fram sem fyrsta veran sem st\u00edgur upp \u00far frumhafinu. Hann rekur \u00e1 Nun, hinu endalausa frumhafi, og me\u00f0 anda s\u00ednum myndast fyrsta frumh\u00e6\u00f0in, \u201eTatenen&#8220;.<\/p><p>\u00dar \u00feessari frumh\u00e6\u00f0 vaxa allir a\u00f0rir gu\u00f0ir og verur. \u00deessi t\u00falkun er \u00edtarlega tekin fyrir \u00ed Esna-s\u00e1lmunum og setur Sobek \u00ed sk\u00f6punarst\u00f6\u00f0u samb\u00e6rilega vi\u00f0 Atum e\u00f0a Amun-Re.<\/p>\n<p>\u00deri\u00f0ja <span class=\"iwg-fachbegriff\" data-tooltip=\"Hef\u00f0bundin fr\u00e1s\u00f6gn um gu\u00f0i, uppruna og skipan heimsins.\" tabindex=\"0\">go\u00f0s\u00f6gnin<\/span>, nefnd \u00ed s\u00ed\u00f0ari hofstextum Edfu, l\u00fdsir Sobek sem fjandmanni H\u00f3rusar fr\u00e1 Edfu, \u00fea\u00f0 er sem birtingarmynd hins illa Seths \u00ed kr\u00f3k\u00f3d\u00edlsmynd.<\/p><p>\u00deessi t\u00falkun er \u00fatf\u00e6r\u00f0 \u00ed Edfu-<span class=\"iwg-fachbegriff\" data-tooltip=\"Hef\u00f0bundin fr\u00e1s\u00f6gn um gu\u00f0i, uppruna og skipan heimsins.\" tabindex=\"0\">go\u00f0s\u00f6gninni<\/span> um \u201esigur H\u00f3rusar yfir fjandm\u00f6nnunum&#8220; (Edfu VI, 60 o.\u00e1fr.); kr\u00f3k\u00f3d\u00edllinn er h\u00e9r ein af fjandveranna sem H\u00f3rus stingur ni\u00f0ur me\u00f0 skutlinum.<\/p><p>A\u00f0 sami Sobek s\u00e9 tilbe\u00f0inn \u00ed s\u00ednum eigin <span class=\"iwg-fachbegriff\" data-tooltip=\"Helgur sta\u00f0ur tileinka\u00f0ur tilbei\u00f0slu \u00e1 gu\u00f0i.\" tabindex=\"0\">helgista\u00f0<\/span> og b\u00f6lva\u00f0ur \u00ed \u00f6\u00f0rum <span class=\"iwg-fachbegriff\" data-tooltip=\"Helgur sta\u00f0ur tileinka\u00f0ur tilbei\u00f0slu \u00e1 gu\u00f0i.\" tabindex=\"0\">helgista\u00f0<\/span> er tj\u00e1ning \u00e1 sta\u00f0bundnu r\u00f6kfr\u00e6\u00f0i egypskrar tr\u00faarbrag\u00f0a og ekki m\u00f3ts\u00f6gn \u00ed n\u00fat\u00edmalegum skilningi.<\/p>\n<p>\u00cd l\u00e6knisfr\u00e6\u00f0ilegum pap\u00fdrum mi\u00f0r\u00edkisins, svo sem Ebers-pap\u00fdrusnum og Berl\u00ednarpap\u00fdrusnum, er geti\u00f0 um Sobek-munnvatn e\u00f0a Sobek-fitu sem l\u00e6kningu vi\u00f0 \u00e1kve\u00f0num augn- og h\u00fa\u00f0sj\u00fakd\u00f3mum.<\/p><p>Gu\u00f0fr\u00e6\u00f0ileg \u00fatsk\u00fdring er s\u00fa a\u00f0 Sobek hafi l\u00e6kna\u00f0 auga H\u00f3rusar, \u00feess vegna s\u00e9u efni hans l\u00e6knandi. \u00deetta l\u00e6knisfr\u00e6\u00f0ilega hlutverk bendir einnig til \u00feess a\u00f0 l\u00e1gmyndirnar \u00ed Kom Ombo me\u00f0 l\u00e6knisfr\u00e6\u00f0ilegu \u00e1h\u00f6ldunum eigi a\u00f0 skiljast \u00ed <span class=\"iwg-fachbegriff\" data-tooltip=\"Tilheyrandi fastm\u00f3tu\u00f0u tr\u00faarlegu athafnaferli.\" tabindex=\"0\">ritu\u00e1l\u00edsku<\/span>-l\u00e6kningalegu samhengi.<\/p>\t\t\t\t\t\t\t\t<\/div>\n\t\t\t\t<\/div>\n\t\t<div class=\"elementor-element elementor-element-794939a e-con-full e-flex e-con e-child\" data-id=\"794939a\" data-element_type=\"container\" data-e-type=\"container\">\n\t\t\t\t<div class=\"elementor-element elementor-element-85ca2a9 elementor-widget elementor-widget-heading\" data-id=\"85ca2a9\" data-element_type=\"widget\" data-e-type=\"widget\" data-widget_type=\"heading.default\">\n\t\t\t\t\t<h2 class=\"elementor-heading-title elementor-size-default\">Tengsl innan go\u00f0aheimsins<\/h2>\t\t\t\t<\/div>\n\t\t\t\t<div class=\"elementor-element elementor-element-58b7e99 elementor-widget elementor-widget-text-editor\" data-id=\"58b7e99\" data-element_type=\"widget\" data-e-type=\"widget\" data-widget_type=\"text-editor.default\">\n\t\t\t\t\t\t\t\t\t<p>Sobek er hluti af \u00fdmsum gu\u00f0legum tengslum. M\u00f3\u00f0ur-sonar samband tengir hann Neith; \u00ed sa\u00edt\u00edskri hef\u00f0 er Sobek beinl\u00ednis nefndur frumbur\u00f0ur hennar.<\/p><p>Me\u00f0 Re rennur Sobek saman \u00e1 s\u00ed\u00f0t\u00edmanum \u00ed <span class=\"iwg-fachbegriff\" data-tooltip=\"V\u00edsindalegar kenningar um gu\u00f0 og tr\u00fa innan tr\u00faarbrag\u00f0a.\" tabindex=\"0\">gu\u00f0fr\u00e6\u00f0i<\/span> og myndar Sobek-Re, mynd s\u00f3lgu\u00f0sins sem tekur upp kr\u00f3k\u00f3d\u00edls\u00fe\u00e1ttinn \u00far n\u00e6turfer\u00f0inni um undirheimana. Vi\u00f0 H\u00f3rus r\u00edkir tv\u00edbent tv\u00f6falt samband: \u00ed Kom Ombo eru \u00feeir jafnsettir hli\u00f0 vi\u00f0 hli\u00f0, \u00ed Edfu eru \u00feeir fjendur.<\/p>\n<p>Me\u00f0 Hathor er hj\u00f3nabandsl\u00edkt samband \u00ed m\u00f6rgum sta\u00f0bundnum s\u00e9rtr\u00faars\u00f6fnu\u00f0um; \u00ed Kom Ombo er Tasenetnofret (\u00abhin fullkomna systir\u00bb) tignu\u00f0 sem Hathor-mynd vi\u00f0 hli\u00f0 Sobeks. Me\u00f0 Khonsu sem son hefur Sobek eigin fj\u00f6lskyldu\u00ferenningu (Sobek, Hathor, Khonsu), sem er s\u00fdnd \u00e1 \u00e1berandi h\u00e1tt \u00ed Kom Ombo.<\/p><p>Me\u00f0 Khnum, skaparagu\u00f0i Esna, deilir Sobek einkennum frumhafsverunnar; \u00ed Esna-textunum eru \u00feeir beggja teknir sem vi\u00f0b\u00f3tarhli\u00f0ar sama kosm\u00edska sk\u00f6punarm\u00e1ttar.<\/p>\n<p>S\u00e9rstakt samband er \u00e1 milli Sobeks og Seth: kr\u00f3k\u00f3d\u00edllinn er eitt af \u00feeim d\u00fdrum sem Seth breytir s\u00e9r \u00ed til a\u00f0 \u00f3gna H\u00f3rusi. En \u00ed j\u00e1kv\u00e6\u00f0um hli\u00f0um er Sobek hugsa\u00f0ur sem andst\u00e6\u00f0ingur Seths, sem sn\u00fdr verkf\u00e6rum hins illa vi\u00f0 me\u00f0 \u00fev\u00ed a\u00f0 nota kr\u00f3k\u00f3d\u00edlsm\u00e1tt sinn til varnar.<\/p><p>\u00deessi gu\u00f0fr\u00e6\u00f0ilega tv\u00edbendni er ekki skilin sem m\u00f3ts\u00f6gn \u00ed egypskum tr\u00faarbr\u00f6g\u00f0um, heldur sem tj\u00e1ning \u00feeirrar raunverulegu margbreytni sem einkennir gu\u00f0lega verund: sama m\u00e1ttur getur, eftir hli\u00f0 sinni, veri\u00f0 skapandi e\u00f0a ey\u00f0andi.<\/p>\t\t\t\t\t\t\t\t<\/div>\n\t\t\t\t<\/div>\n\t\t<div class=\"elementor-element elementor-element-e28c992 e-con-full e-flex e-con e-child\" data-id=\"e28c992\" data-element_type=\"container\" data-e-type=\"container\">\n\t\t\t\t<div class=\"elementor-element elementor-element-13140c5 elementor-widget elementor-widget-heading\" data-id=\"13140c5\" data-element_type=\"widget\" data-e-type=\"widget\" data-widget_type=\"heading.default\">\n\t\t\t\t\t<h2 class=\"elementor-heading-title elementor-size-default\">M\u00f3ttaka<\/h2>\t\t\t\t<\/div>\n\t\t\t\t<div class=\"elementor-element elementor-element-f0c0431 elementor-widget elementor-widget-text-editor\" data-id=\"f0c0431\" data-element_type=\"widget\" data-e-type=\"widget\" data-widget_type=\"text-editor.default\">\n\t\t\t\t\t\t\t\t\t<p>\u00c1 gr\u00edsk-r\u00f3mverskri <span class=\"iwg-fachbegriff\" data-tooltip=\"T\u00edmabil gr\u00edskrar og r\u00f3mverskrar menningar, um 800 f.Kr. til 600 e.Kr.\" tabindex=\"0\">forn\u00f6ld<\/span> hlaut Sobek-<span class=\"iwg-fachbegriff\" data-tooltip=\"\u00d6ll tr\u00faarleg tilbei\u00f0sluath\u00f6fn fyrir gu\u00f0 e\u00f0a heilaga veru.\" tabindex=\"0\">s\u00e9rtr\u00faars\u00f6fnu\u00f0urinn<\/span> s\u00e9rstaka athygli. Her\u00f3d\u00f3tos, Strabon, Diod\u00f3ros og Aelianus l\u00fdsa \u00ed sm\u00e1atri\u00f0um kr\u00f3k\u00f3d\u00edlahaldi \u00ed egypskum hofum; fr\u00e1s\u00f6gn Strabons af Petesuchos-kr\u00f3k\u00f3d\u00edlnum \u00ed Kr\u00f3k\u00f3d\u00edl\u00f3p\u00f3lis er \u00edtarlegasta <span class=\"iwg-fachbegriff\" data-tooltip=\"T\u00edmabil gr\u00edskrar og r\u00f3mverskrar menningar, um 800 f.Kr. til 600 e.Kr.\" tabindex=\"0\">forna<\/span> l\u00fdsing \u00e1 lifandi hofd\u00fdri sem til er.<\/p><p>Sams\u00f6munin vi\u00f0 gr\u00edska gu\u00f0inn Suchos e\u00f0a Sobek-Selkis breiddi <span class=\"iwg-fachbegriff\" data-tooltip=\"\u00d6ll tr\u00faarleg tilbei\u00f0sluath\u00f6fn fyrir gu\u00f0 e\u00f0a heilaga veru.\" tabindex=\"0\">s\u00e9rtr\u00faars\u00f6fnu\u00f0inn<\/span> \u00fat utan Egyptalands, me\u00f0al annars \u00ed K\u00fdreneiku, \u00e1 r\u00f3mverskum keisarat\u00edma \u00ed Pompeii (hi\u00f0 fr\u00e6ga Iseum me\u00f0 kr\u00f3k\u00f3d\u00edlam\u00f3sa\u00edk) og \u00ed \u00edtalska b\u00e6num Italica.<\/p>\n<p>Me\u00f0 endalokum hei\u00f0inna hofs\u00e9rtr\u00faarathafna \u00e1 fimmtu og sj\u00f6ttu \u00f6ld eftir t\u00edmatal kristinna manna hvarf hinn lifandi Sobek-<span class=\"iwg-fachbegriff\" data-tooltip=\"\u00d6ll tr\u00faarleg tilbei\u00f0sluath\u00f6fn fyrir gu\u00f0 e\u00f0a heilaga veru.\" tabindex=\"0\">s\u00e9rtr\u00faars\u00f6fnu\u00f0ur<\/span>. Kopt\u00edsk hef\u00f0 h\u00e9lt kr\u00f3k\u00f3d\u00edlnum sem <span class=\"iwg-fachbegriff\" data-tooltip=\"T\u00e1kn sem stendur fyrir hugmynd e\u00f0a merkingu.\" tabindex=\"0\">t\u00e1kni<\/span> hins illa, samb\u00e6rilegu Lev\u00edatan \u00ed hef\u00f0 Gy\u00f0inga.<\/p><p>\u00c1 mi\u00f0\u00f6ldum greindu arab\u00edskir fer\u00f0alangar \u00e1 bor\u00f0 vi\u00f0 Y\u0101q\u016bt og Ibn al-Faq\u012bh fr\u00e1 yfirgefnum kr\u00f3k\u00f3d\u00edlahofum og enn lifandi, risav\u00f6xnum kr\u00f3k\u00f3d\u00edlum \u00ed Faiyum-vatninu.<\/p>\n<p>V\u00edsindaleg endurupptaka \u00e1 Sobek-s\u00e9rtr\u00faars\u00f6fnu\u00f0inum h\u00f3fst me\u00f0 l\u00fdsingu Champollions \u00e1 Kom Ombo og me\u00f0 uppgr\u00f6ftum Lepsius \u00ed Faiyum.<\/p><p>\u00c1 tuttugustu \u00f6ldinni hefur s\u00e9rstaklega Henri Frankfort (\u00abKingship and the Gods\u00bb, 1948) unni\u00f0 \u00far gu\u00f0fr\u00e6\u00f0ilegri d\u00fdpt Sobek-s\u00e9rtr\u00faars\u00f6fnu\u00f0arins; Erik Hornung (\u00abConceptions of God in Ancient Egypt\u00bb, 1971, \u00fe\u00fdtt \u00e1 \u00fe\u00fdsku 1971) hefur \u00e1 kerfisbundinn h\u00e1tt l\u00fdst hinu \u00feverst\u00e6\u00f0ukennda tv\u00f6falda mati \u00e1 kr\u00f3k\u00f3d\u00edlnum \u00ed egypskum tr\u00faarbr\u00f6g\u00f0um.<\/p><p>N\u00fdjustu ranns\u00f3knir Marco Zecchi (\u00abSobek of Shedet\u00bb, 2010) hafa l\u00fdst gu\u00f0fr\u00e6\u00f0ilegu s\u00e9reinkenni faiyumska Sobek-s\u00e9rtr\u00faars\u00f6fnu\u00f0arins \u00ed einni b\u00f3k. \u00cd d\u00e6gurmenningu hefur Sobek or\u00f0i\u00f0 kunnur brei\u00f0ari almenningi s\u00e9rstaklega \u00ed gegnum sk\u00e1lds\u00f6gur Christian Jacq og t\u00f6lvuleikina \u00ed \u00abSmite\u00bb-flokknum.<\/p>\t\t\t\t\t\t\t\t<\/div>\n\t\t\t\t<\/div>\n\t\t<div class=\"elementor-element elementor-element-623fd37 e-con-full e-flex e-con e-child\" data-id=\"623fd37\" data-element_type=\"container\" data-e-type=\"container\">\n\t\t\t\t<div class=\"elementor-element elementor-element-9fb646c elementor-widget elementor-widget-heading\" data-id=\"9fb646c\" data-element_type=\"widget\" data-e-type=\"widget\" data-widget_type=\"heading.default\">\n\t\t\t\t\t<h2 class=\"elementor-heading-title elementor-size-default\">Tr\u00faarfr\u00e6\u00f0ileg sta\u00f0setning<\/h2>\t\t\t\t<\/div>\n\t\t\t\t<div class=\"elementor-element elementor-element-c8e2bd5 elementor-widget elementor-widget-text-editor\" data-id=\"c8e2bd5\" data-element_type=\"widget\" data-e-type=\"widget\" data-widget_type=\"text-editor.default\">\n\t\t\t\t\t\t\t\t\t<p>Sobek heyrir til flokks d\u00fdragu\u00f0a, sem hafa d\u00e6miger\u00f0a merkingu \u00ed egypskum tr\u00faarbr\u00f6g\u00f0um. Spurningin um hvort \u00feessir gu\u00f0ir s\u00e9u \u00ab\u00feer\u00ed\u00f3morfismar\u00bb (d\u00fdraform) e\u00f0a \u00abd\u00fdragu\u00f0askin\u00bb hefur haldi\u00f0 ranns\u00f3knum \u00e1fram allt fr\u00e1 t\u00edmum Hermanns Junker og Eriks Hornung.<\/p><p>Hornung fullyr\u00f0ir \u00ed \u00abConceptions\u00bb a\u00f0 egypskur <span class=\"iwg-fachbegriff\" data-tooltip=\"Tr\u00fain \u00e1 marga gu\u00f0i.\" tabindex=\"0\">marggu\u00f0atr\u00fa<\/span> greini ekki me\u00f0 str\u00f6ngum h\u00e6tti \u00e1 milli \u00abgu\u00f0s \u00ed d\u00fdri\u00bb og \u00abd\u00fdrs sem gu\u00f0s\u00bb; d\u00fdri\u00f0 er s\u00fdnileg birting gu\u00f0sins, \u00e1n \u00feess a\u00f0 gu\u00f0inn s\u00e9 algj\u00f6rlega bundinn vi\u00f0 \u00fea\u00f0. Sobek er gott d\u00e6mi um \u00feetta: hann er meira en kr\u00f3k\u00f3d\u00edllinn, en er \u00fe\u00f3 \u00f3hugsandi \u00e1n kr\u00f3k\u00f3d\u00edlsins.<\/p>\n<p>\u00cd samanbur\u00f0arranns\u00f3knum tr\u00faarbrag\u00f0a standa kr\u00f3k\u00f3d\u00edlas\u00e9rtr\u00faars\u00f6fnu\u00f0ir \u00ed Afr\u00edku sunnan Sahara (til d\u00e6mis \u00ed N\u00edger\u00edu og Kamer\u00fan) og \u00ed Mi\u00f0-Amer\u00edku (Maya-kr\u00f3k\u00f3d\u00edlsgu\u00f0inn Cipactli) \u00ed byggingarlegu samhengi: alls sta\u00f0ar tengir kr\u00f3k\u00f3d\u00edllinn saman hugmyndina um frumhaf, sk\u00f6pun og n\u00e1l\u00e6g\u00f0 dau\u00f0ans. En egypski Sobek er s\u00e1 best skjalfesti og, vegna samfelldrar rita\u00f0rar arfleif\u00f0ar, gu\u00f0fr\u00e6\u00f0ilega fl\u00f3knasti kr\u00f3k\u00f3d\u00edlagu\u00f0 \u00ed tr\u00faarbrag\u00f0as\u00f6gunni.<\/p>\n<p>Walter Burkert og Jan Assmann hafa skipa\u00f0 Sobek sem d\u00e6mi um egypska \u00abmargnafnahyggju\u00bb (fj\u00f6lnefni) gu\u00f0anna: einn gu\u00f0 ber m\u00f6rg n\u00f6fn og birtingarform, sem eru virkju\u00f0 eftir s\u00e9rtr\u00faarlegu samhengi, \u00e1n \u00feess a\u00f0 einingu gu\u00f0legu verunnar s\u00e9 \u00fear me\u00f0 splundra\u00f0.<\/p><p>Assmann (\u00ab\u00c4gyptische Geheimnisse\u00bb, 2004) hefur t\u00falka\u00f0 \u00feessa <span class=\"iwg-fachbegriff\" data-tooltip=\"V\u00edsindalegar kenningar um gu\u00f0 og tr\u00fa innan tr\u00faarbrag\u00f0a.\" tabindex=\"0\">gu\u00f0fr\u00e6\u00f0i<\/span> sem fyrirmynd fyrir \u00abheimsgu\u00f0lega\u00bb tr\u00faarbr\u00f6g\u00f0, sem sj\u00e1 hi\u00f0 gu\u00f0lega \u00fatbreitt um allan kosm\u00edskan raunveruleika. N\u00fdrri egyptafr\u00e6\u00f0ilegar ranns\u00f3knir s\u00ed\u00f0ustu tveggja \u00e1ratuga hafa s\u00e9rstaklega unni\u00f0 \u00far sv\u00e6\u00f0isbundinni greinarmun Sobek-s\u00e9rtr\u00faars\u00f6fnu\u00f0arins \u00ed sm\u00e1atri\u00f0um og endurmeti\u00f0 mikilv\u00e6gi hans fyrir hoffr\u00e6\u00f0i pt\u00f3lema\u00edsk-r\u00f3mverska t\u00edmans.<\/p>\t\t\t\t\t\t\t\t<\/div>\n\t\t\t\t<\/div>\n\t\t<div class=\"elementor-element elementor-element-08305c8 e-con-full e-flex e-con e-child\" data-id=\"08305c8\" data-element_type=\"container\" data-e-type=\"container\">\n\t\t\t\t<div class=\"elementor-element elementor-element-6bd51d5 elementor-widget elementor-widget-heading\" data-id=\"6bd51d5\" data-element_type=\"widget\" data-e-type=\"widget\" data-widget_type=\"heading.default\">\n\t\t\t\t\t<h2 class=\"elementor-heading-title elementor-size-default\">Or\u00f0sifjar og fyrstu heimildir<\/h2>\t\t\t\t<\/div>\n\t\t\t\t<div class=\"elementor-element elementor-element-52a724d elementor-widget elementor-widget-text-editor\" data-id=\"52a724d\" data-element_type=\"widget\" data-e-type=\"widget\" data-widget_type=\"text-editor.default\">\n\t\t\t\t\t\t\t\t\t<p>Nafni\u00f0 \u201eSobek\u201c (egypska \u201eSbk\u201c, kopt\u00edska \u201eSouchos\u201c, gr\u00edska \u201e\u03a3\u03bf\u1fe6\u03c7\u03bf\u03c2\u201c) er skjalfest allt fr\u00e1 Gamla r\u00edkinu. Ekki er til \u00f3yggjandi or\u00f0sifjask\u00fdring; sett hefur veri\u00f0 fram tenging vi\u00f0 s\u00f6gnina \u201esbk\u201c (\u201ea\u00f0 tengja saman, sameina\u201c), sem myndi t\u00falka Sobek sem skapara- og myndunargo\u00f0 heimsins.<\/p><p>A\u00f0rar till\u00f6gur tengja nafni\u00f0 vi\u00f0 \u201esbq\u201c (f\u00f3tur, \u00fatlimur), \u00fev\u00ed Sobek reis \u00far frumhafinu og \u201est\u00f3\u00f0\u201c \u00e1 frumh\u00f3lnum. Or\u00f0sifjafr\u00e6\u00f0ilegri umr\u00e6\u00f0u er ekki loki\u00f0, sem er ekki \u00f3venjulegt fyrir svo forn gu\u00f0sn\u00f6fn.<\/p>\n<p>Gr\u00edska formi\u00f0 \u201eSouchos\u201c er dregi\u00f0 af s\u00ed\u00f0ari egypskri skrifun \u201eSwk\u201c me\u00f0 forskeytis-\u201es-\u201c, sem var algeng \u00e1 s\u00ed\u00f0t\u00edmabilinu. Strabon, Diod\u00f3ros og \u00c6l\u00edanos nota \u00feetta form jafnt og \u00fe\u00e9tt. Au\u00f0kenning einstaks heilags kr\u00f3k\u00f3d\u00edls sem \u201ePetesouchos\u201c (\u201es\u00e1 sem Souchos gaf\u201c) s\u00fdnir hvernig gr\u00edska tungan felldi egypska gu\u00f0snafni\u00f0 inn \u00ed eigin nafnamyndunarhef\u00f0.<\/p>\n<p>Elstu heimildir um Sobek finnast \u00ed p\u00fdram\u00eddatextunum fr\u00e1 fimmtu og sj\u00f6ttu konungs\u00e6tt. \u00c1kall 317 er me\u00f0al elstu tilv\u00edsananna og s\u00fdnir Sobek \u00feegar sem hj\u00e1lparhellu konungsins vi\u00f0 uppstigning hans til stjarnanna.<\/p><p>\u00cd kistutextum fyrsta millit\u00edmabilsins og Mi\u00f0r\u00edkisins vex tr\u00fafr\u00e6\u00f0ilegt v\u00e6gi Sobeks, sem tengist uppgangi Faiyum-h\u00e9ra\u00f0s sem landb\u00fana\u00f0arsv\u00e6\u00f0is. Fara\u00f3ar \u00ferett\u00e1ndu konungs\u00e6ttar (s\u00e9rstaklega Sobek-hotep-r\u00f6\u00f0in og Sobek-em-saf) bera n\u00f6fn sem l\u00fdsa tr\u00faarlegri og p\u00f3lit\u00edskri tengingu \u00feeirra vi\u00f0 gu\u00f0inn.<\/p>\t\t\t\t\t\t\t\t<\/div>\n\t\t\t\t<\/div>\n\t\t<div class=\"elementor-element elementor-element-58124b8 e-con-full e-flex e-con e-child\" data-id=\"58124b8\" data-element_type=\"container\" data-e-type=\"container\">\n\t\t\t\t<div class=\"elementor-element elementor-element-1a22807 elementor-widget elementor-widget-heading\" data-id=\"1a22807\" data-element_type=\"widget\" data-e-type=\"widget\" data-widget_type=\"heading.default\">\n\t\t\t\t\t<h2 class=\"elementor-heading-title elementor-size-default\">Heimildir<\/h2>\t\t\t\t<\/div>\n\t\t\t\t<div class=\"elementor-element elementor-element-780c08a elementor-widget elementor-widget-text-editor\" data-id=\"780c08a\" data-element_type=\"widget\" data-e-type=\"widget\" data-widget_type=\"text-editor.default\">\n\t\t\t\t\t\t\t\t\t<div data-nosnippet=\"true\"><p>P\u00fdram\u00eddatextar, \u00e1kall 317 og 510 (Sobek sem hj\u00e1lparhella H\u00f3rusar). Kistutextar og D\u00e1narb\u00f3kin, \u00fdmsir sta\u00f0ir. \u00c1letranir Esna-hofsins (fr\u00f6nsk \u00fatg\u00e1fa Saunerons, 1962 til 1975). L\u00e1gmyndir Kom Ombo-hofsins (\u00fatg\u00e1fa Adolphe Gutbub). \u00c1letranir Hibis-hofsins (\u00fatg\u00e1fa Norman de Garis Davies og Mark Smith).<\/p><p>Her\u00f3d\u00f3tos, \u201eHistor\u00edur\u201c II, 69 (kr\u00f3k\u00f3d\u00edlad\u00fdrkun \u00ed Egyptalandi); Strabon, \u201eGeographika\u201c XVII, 1, 38 (Petesuchos \u00ed Kr\u00f3k\u00f3d\u00edlaborg); Diod\u00f3ros, \u201eBibliotheke historica\u201c I, 89; \u00c6l\u00edanos, \u201eDe natura animalium\u201c X, 21 og 24. Henri Frankfort, \u201eKingship and the Gods\u201c, Chicago 1948. Erik Hornung, \u201eDer Eine und die Vielen\u201c, Darmstadt 1971. Jan Assmann, \u201e\u00c4gypten.<\/p><p><span class=\"iwg-fachbegriff\" data-tooltip=\"Hin fr\u00e6\u00f0ilega kenning um gu\u00f0 og tr\u00fa innan tr\u00faarbrag\u00f0a.\" tabindex=\"0\">Gu\u00f0fr\u00e6\u00f0i<\/span> og <span class=\"iwg-fachbegriff\" data-tooltip=\"Hin lifa\u00f0a tr\u00faarlega afsta\u00f0a og i\u00f0kun einstaklings.\" tabindex=\"0\">Tr\u00far\u00e6kni<\/span> einer fr\u00fchen Hochkultur\u201c, Stuttgart 1984. Marco Zecchi, \u201eSobek of Shedet\u201c, Todi 2010.<\/p><\/div>\t\t\t\t\t\t\t\t<\/div>\n\t\t\t\t<\/div>\n\t\t\t\t\t<\/div>\n\t\t\t\t<\/div>\n\t\t\t\t<\/div>\n\t\t","protected":false},"excerpt":{"rendered":"","protected":false},"author":3,"featured_media":3208,"parent":0,"menu_order":0,"comment_status":"closed","ping_status":"closed","template":"elementor_header_footer","meta":{"_yoast_wpseo_focuskw":"Sobek","_yoast_wpseo_title":"Sobek \u2013 Egypski kr\u00f3k\u00f3d\u00edlagu\u00f0inn \u00ed N\u00edl | iWell Guard","_yoast_wpseo_metadesc":"Sobek er egypski kr\u00f3k\u00f3d\u00edlagu\u00f0inn, verndargu\u00f0 N\u00edlar, frj\u00f3semi og hermanna. Hof \u00ed Kom Ombo, sta\u00f0fest allt fr\u00e1 p\u00fdram\u00eddatextunum.","_yoast_wpseo_meta-robots-noindex":"","_yoast_wpseo_canonical":"","_angie_page":false,"gefaehrdungsstufe":"2","wesen_kultur":"aegypten","wesen_klasse":"goetter","footnotes":""},"categories":[],"class_list":["post-169052","page","type-page","status-publish","has-post-thumbnail","hentry"],"yoast_head":"<!-- This site is optimized with the Yoast SEO Premium plugin v27.7 (Yoast SEO v28.3) - https:\/\/yoast.com\/product\/yoast-seo-premium-wordpress\/ -->\n<title>Sobek \u2013 Egypski kr\u00f3k\u00f3d\u00edlagu\u00f0inn \u00ed N\u00edl | iWell Guard<\/title>\n<meta name=\"description\" content=\"Sobek er egypski kr\u00f3k\u00f3d\u00edlagu\u00f0inn, verndargu\u00f0 N\u00edlar, frj\u00f3semi og hermanna. Hof \u00ed Kom Ombo, sta\u00f0fest allt fr\u00e1 p\u00fdram\u00eddatextunum.\" \/>\n<meta name=\"robots\" content=\"index, follow, max-snippet:-1, max-image-preview:large, max-video-preview:-1\" \/>\n<link rel=\"canonical\" href=\"https:\/\/iwell-guard.com\/is\/sobek\/\" \/>\n<meta property=\"og:locale\" content=\"is_IS\" \/>\n<meta property=\"og:type\" content=\"article\" \/>\n<meta property=\"og:title\" content=\"Sobek\" \/>\n<meta property=\"og:description\" content=\"Sobek er egypski kr\u00f3k\u00f3d\u00edlagu\u00f0inn, verndargu\u00f0 N\u00edlar, frj\u00f3semi og hermanna. Hof \u00ed Kom Ombo, sta\u00f0fest allt fr\u00e1 p\u00fdram\u00eddatextunum.\" \/>\n<meta property=\"og:url\" content=\"https:\/\/iwell-guard.com\/is\/sobek\/\" \/>\n<meta property=\"og:site_name\" content=\"iWell Guard\" \/>\n<meta property=\"article:modified_time\" content=\"2026-09-05T14:31:02+00:00\" \/>\n<meta property=\"og:image\" content=\"https:\/\/iwell-guard.com\/wp-content\/uploads\/2026\/05\/goetter_aegypten_sobek.webp\" \/>\n\t<meta property=\"og:image:width\" content=\"1024\" \/>\n\t<meta property=\"og:image:height\" content=\"1536\" \/>\n\t<meta property=\"og:image:type\" content=\"image\/webp\" \/>\n<meta name=\"twitter:card\" content=\"summary_large_image\" \/>\n<script type=\"application\/ld+json\" class=\"yoast-schema-graph\">{\"@context\":\"https:\\\/\\\/schema.org\",\"@graph\":[{\"@type\":\"WebPage\",\"@id\":\"https:\\\/\\\/iwell-guard.com\\\/is\\\/sobek\\\/\",\"url\":\"https:\\\/\\\/iwell-guard.com\\\/is\\\/sobek\\\/\",\"name\":\"Sobek \u2013 Egypski kr\u00f3k\u00f3d\u00edlagu\u00f0inn \u00ed N\u00edl | iWell Guard\",\"isPartOf\":{\"@id\":\"https:\\\/\\\/iwell-guard.com\\\/is\\\/#website\"},\"primaryImageOfPage\":{\"@id\":\"https:\\\/\\\/iwell-guard.com\\\/is\\\/sobek\\\/#primaryimage\"},\"image\":{\"@id\":\"https:\\\/\\\/iwell-guard.com\\\/is\\\/sobek\\\/#primaryimage\"},\"thumbnailUrl\":\"https:\\\/\\\/iwell-guard.com\\\/wp-content\\\/uploads\\\/2026\\\/05\\\/goetter_aegypten_sobek.webp\",\"datePublished\":\"2026-09-05T14:05:10+00:00\",\"dateModified\":\"2026-09-05T14:31:02+00:00\",\"description\":\"Sobek er egypski kr\u00f3k\u00f3d\u00edlagu\u00f0inn, verndargu\u00f0 N\u00edlar, frj\u00f3semi og hermanna. Hof \u00ed Kom Ombo, sta\u00f0fest allt fr\u00e1 p\u00fdram\u00eddatextunum.\",\"breadcrumb\":{\"@id\":\"https:\\\/\\\/iwell-guard.com\\\/is\\\/sobek\\\/#breadcrumb\"},\"inLanguage\":\"is\",\"potentialAction\":[{\"@type\":\"ReadAction\",\"target\":[\"https:\\\/\\\/iwell-guard.com\\\/is\\\/sobek\\\/\"]}]},{\"@type\":\"ImageObject\",\"inLanguage\":\"is\",\"@id\":\"https:\\\/\\\/iwell-guard.com\\\/is\\\/sobek\\\/#primaryimage\",\"url\":\"https:\\\/\\\/iwell-guard.com\\\/wp-content\\\/uploads\\\/2026\\\/05\\\/goetter_aegypten_sobek.webp\",\"contentUrl\":\"https:\\\/\\\/iwell-guard.com\\\/wp-content\\\/uploads\\\/2026\\\/05\\\/goetter_aegypten_sobek.webp\",\"width\":1024,\"height\":1536,\"caption\":\"Gu\u00f0ir \u00far egypskri hef\u00f0.\"},{\"@type\":\"BreadcrumbList\",\"@id\":\"https:\\\/\\\/iwell-guard.com\\\/is\\\/sobek\\\/#breadcrumb\",\"itemListElement\":[{\"@type\":\"ListItem\",\"position\":1,\"name\":\"Start\",\"item\":\"https:\\\/\\\/iwell-guard.com\\\/is\\\/?page_id=168580\"},{\"@type\":\"ListItem\",\"position\":2,\"name\":\"Sobek\"}]},{\"@type\":\"WebSite\",\"@id\":\"https:\\\/\\\/iwell-guard.com\\\/is\\\/#website\",\"url\":\"https:\\\/\\\/iwell-guard.com\\\/is\\\/\",\"name\":\"iWell Guard\",\"description\":\"Schutz vor dunklen Einfl\u00fcssen\",\"publisher\":{\"@id\":\"https:\\\/\\\/iwell-guard.com\\\/is\\\/#organization\"},\"potentialAction\":[{\"@type\":\"SearchAction\",\"target\":{\"@type\":\"EntryPoint\",\"urlTemplate\":\"https:\\\/\\\/iwell-guard.com\\\/is\\\/?s={search_term_string}\"},\"query-input\":{\"@type\":\"PropertyValueSpecification\",\"valueRequired\":true,\"valueName\":\"search_term_string\"}}],\"inLanguage\":\"is\"},{\"@type\":\"Organization\",\"@id\":\"https:\\\/\\\/iwell-guard.com\\\/is\\\/#organization\",\"name\":\"Ittermann electronic GmbH\",\"url\":\"https:\\\/\\\/iwell-guard.com\\\/is\\\/\",\"logo\":{\"@type\":\"ImageObject\",\"inLanguage\":\"is\",\"@id\":\"https:\\\/\\\/iwell-guard.com\\\/is\\\/#\\\/schema\\\/logo\\\/image\\\/\",\"url\":\"https:\\\/\\\/iwell-guard.com\\\/wp-content\\\/uploads\\\/2026\\\/05\\\/Ittermann-Logo-1182x237-1.png\",\"contentUrl\":\"https:\\\/\\\/iwell-guard.com\\\/wp-content\\\/uploads\\\/2026\\\/05\\\/Ittermann-Logo-1182x237-1.png\",\"width\":1182,\"height\":237,\"caption\":\"Ittermann electronic GmbH\"},\"image\":{\"@id\":\"https:\\\/\\\/iwell-guard.com\\\/is\\\/#\\\/schema\\\/logo\\\/image\\\/\"},\"sameAs\":[\"https:\\\/\\\/pantip.com\\\/profile\\\/9367242\",\"https:\\\/\\\/micro.blog\\\/iwellguard\",\"https:\\\/\\\/www.diggerslist.com\\\/iwellguard\\\/about\",\"https:\\\/\\\/skitterphoto.com\\\/photographers\\\/2870314\\\/iwell-guard\",\"https:\\\/\\\/iwellguard.wordpress.com\\\/2026\\\/06\\\/06\\\/iwell-guard\\\/\",\"https:\\\/\\\/hub.docker.com\\\/u\\\/iwellguard\",\"https:\\\/\\\/www.pinterest.com\\\/iwellguard\\\/\",\"https:\\\/\\\/bit.ly\\\/m\\\/iwellguard\",\"https:\\\/\\\/entre-vos-mains.alsace.eu\\\/profiles\\\/iwellguard\\\/activity\",\"https:\\\/\\\/gravatar.com\\\/reallybeded8fd34\",\"https:\\\/\\\/naijamatta.com\\\/iwellguard\",\"https:\\\/\\\/www.goodreads.com\\\/iwellguard\",\"https:\\\/\\\/profile.hatena.ne.jp\\\/iwellguard\\\/\",\"https:\\\/\\\/experiment.com\\\/users\\\/iwellguard\",\"https:\\\/\\\/wakelet.com\\\/@iWellGuard82270\",\"https:\\\/\\\/www.chordie.com\\\/forum\\\/profile.php?id=2555664\",\"https:\\\/\\\/www.instapaper.com\\\/p\\\/17757966\",\"https:\\\/\\\/www.mapleprimes.com\\\/users\\\/iwellguard\",\"https:\\\/\\\/businesslistingplus.com\\\/profile\\\/iwell-guard\\\/\",\"https:\\\/\\\/telegra.ph\\\/iWell-Guard-06-06\",\"https:\\\/\\\/pbase.com\\\/iwellguard\\\/iwellguard\",\"https:\\\/\\\/b.hatena.ne.jp\\\/iwellguard\\\/20260607#bookmark-4788405196491818882\",\"https:\\\/\\\/fliphtml5.com\\\/home\\\/iwellguard\",\"https:\\\/\\\/anyflip.com\\\/homepage\\\/cmiwl#About\",\"https:\\\/\\\/transfur.com\\\/Users\\\/iwellguard\",\"http:\\\/\\\/delphi.larsbo.org\\\/user\\\/iwellguard\",\"https:\\\/\\\/jobs.lajobsportal.org\\\/profiles\\\/8380803-iwell-guard\",\"https:\\\/\\\/md.chaosdorf.de\\\/s\\\/jfbe5SBdJD\",\"https:\\\/\\\/www.lingvolive.com\\\/en-us\\\/profile\\\/9ecaeaca-ce11-4e51-9e71-01d55e2bff36\\\/translations\",\"https:\\\/\\\/www.fitday.com\\\/fitness\\\/forums\\\/members\\\/iwellguard.html\",\"https:\\\/\\\/www.mymeetbook.com\\\/iwellguard\",\"https:\\\/\\\/pxhere.com\\\/en\\\/photographer-me\\\/5040798\",\"https:\\\/\\\/disqus.com\\\/by\\\/iwellguard\\\/about\\\/\",\"https:\\\/\\\/pastelink.net\\\/hjwciqwq\",\"https:\\\/\\\/pubhtml5.com\\\/homepage\\\/scjhn\\\/\",\"https:\\\/\\\/www.bitchute.com\\\/channel\\\/2O2eOKzNqujT\",\"https:\\\/\\\/audiomack.com\\\/iwellguard\"]},{\"@type\":\"Article\",\"@id\":\"https:\\\/\\\/iwell-guard.com\\\/is\\\/sobek\\\/#article\",\"isPartOf\":{\"@id\":\"https:\\\/\\\/iwell-guard.com\\\/is\\\/sobek\\\/\"},\"author\":{\"name\":\"Ralf Ittermann\",\"@id\":\"https:\\\/\\\/iwell-guard.com\\\/is\\\/#\\\/schema\\\/person\\\/ee2a27f1cac3406c7c6fb5820cb7349f\"},\"headline\":\"Sobek\",\"datePublished\":\"2026-09-05T14:05:10+00:00\",\"dateModified\":\"2026-09-05T14:31:02+00:00\",\"mainEntityOfPage\":{\"@id\":\"https:\\\/\\\/iwell-guard.com\\\/is\\\/sobek\\\/\"},\"publisher\":{\"@id\":\"https:\\\/\\\/iwell-guard.com\\\/is\\\/#organization\"},\"image\":{\"@id\":\"https:\\\/\\\/iwell-guard.com\\\/is\\\/sobek\\\/#primaryimage\"},\"thumbnailUrl\":\"https:\\\/\\\/iwell-guard.com\\\/wp-content\\\/uploads\\\/2026\\\/05\\\/goetter_aegypten_sobek.webp\",\"inLanguage\":\"is\",\"description\":\"Sobek er egypski kr\u00f3k\u00f3d\u00edlagu\u00f0inn, verndargu\u00f0 N\u00edlar, frj\u00f3semi og hermanna. Hof \u00ed Kom Ombo, sta\u00f0fest allt fr\u00e1 p\u00fdram\u00eddatextunum.\"}]}<\/script>\n<!-- \/ Yoast SEO Premium plugin. -->","yoast_head_json":{"title":"Sobek \u2013 Egypski kr\u00f3k\u00f3d\u00edlagu\u00f0inn \u00ed N\u00edl | iWell Guard","description":"Sobek er egypski kr\u00f3k\u00f3d\u00edlagu\u00f0inn, verndargu\u00f0 N\u00edlar, frj\u00f3semi og hermanna. Hof \u00ed Kom Ombo, sta\u00f0fest allt fr\u00e1 p\u00fdram\u00eddatextunum.","robots":{"index":"index","follow":"follow","max-snippet":"max-snippet:-1","max-image-preview":"max-image-preview:large","max-video-preview":"max-video-preview:-1"},"canonical":"https:\/\/iwell-guard.com\/is\/sobek\/","og_locale":"is_IS","og_type":"article","og_title":"Sobek","og_description":"Sobek er egypski kr\u00f3k\u00f3d\u00edlagu\u00f0inn, verndargu\u00f0 N\u00edlar, frj\u00f3semi og hermanna. Hof \u00ed Kom Ombo, sta\u00f0fest allt fr\u00e1 p\u00fdram\u00eddatextunum.","og_url":"https:\/\/iwell-guard.com\/is\/sobek\/","og_site_name":"iWell Guard","article_modified_time":"2026-09-05T14:31:02+00:00","og_image":[{"width":1024,"height":1536,"url":"https:\/\/iwell-guard.com\/wp-content\/uploads\/2026\/05\/goetter_aegypten_sobek.webp","type":"image\/webp"}],"twitter_card":"summary_large_image","schema":{"@context":"https:\/\/schema.org","@graph":[{"@type":"Article","@id":"https:\/\/iwell-guard.com\/is\/sobek\/#article","isPartOf":{"@id":"https:\/\/iwell-guard.com\/is\/sobek\/"},"author":{"name":"Ralf Ittermann","@id":"https:\/\/iwell-guard.com\/is\/#\/schema\/person\/ee2a27f1cac3406c7c6fb5820cb7349f"},"headline":"Sobek","datePublished":"2026-09-05T14:05:10+00:00","dateModified":"2026-09-05T14:31:02+00:00","mainEntityOfPage":{"@id":"https:\/\/iwell-guard.com\/is\/sobek\/"},"publisher":{"@id":"https:\/\/iwell-guard.com\/is\/#organization"},"image":{"@id":"https:\/\/iwell-guard.com\/is\/sobek\/#primaryimage"},"thumbnailUrl":"https:\/\/iwell-guard.com\/wp-content\/uploads\/2026\/05\/goetter_aegypten_sobek.webp","inLanguage":"is","description":"Sobek er egypski kr\u00f3k\u00f3d\u00edlagu\u00f0inn, verndargu\u00f0 N\u00edlar, frj\u00f3semi og hermanna. Hof \u00ed Kom Ombo, sta\u00f0fest allt fr\u00e1 p\u00fdram\u00eddatextunum."},{"@type":"WebPage","@id":"https:\/\/iwell-guard.com\/is\/sobek\/","url":"https:\/\/iwell-guard.com\/is\/sobek\/","name":"Sobek \u2013 Egypski kr\u00f3k\u00f3d\u00edlagu\u00f0inn \u00ed N\u00edl | iWell Guard","isPartOf":{"@id":"https:\/\/iwell-guard.com\/is\/#website"},"primaryImageOfPage":{"@id":"https:\/\/iwell-guard.com\/is\/sobek\/#primaryimage"},"image":{"@id":"https:\/\/iwell-guard.com\/is\/sobek\/#primaryimage"},"thumbnailUrl":"https:\/\/iwell-guard.com\/wp-content\/uploads\/2026\/05\/goetter_aegypten_sobek.webp","datePublished":"2026-09-05T14:05:10+00:00","dateModified":"2026-09-05T14:31:02+00:00","description":"Sobek er egypski kr\u00f3k\u00f3d\u00edlagu\u00f0inn, verndargu\u00f0 N\u00edlar, frj\u00f3semi og hermanna. Hof \u00ed Kom Ombo, sta\u00f0fest allt fr\u00e1 p\u00fdram\u00eddatextunum.","breadcrumb":{"@id":"https:\/\/iwell-guard.com\/is\/sobek\/#breadcrumb"},"inLanguage":"is","potentialAction":[{"@type":"ReadAction","target":["https:\/\/iwell-guard.com\/is\/sobek\/"]}]},{"@type":"ImageObject","inLanguage":"is","@id":"https:\/\/iwell-guard.com\/is\/sobek\/#primaryimage","url":"https:\/\/iwell-guard.com\/wp-content\/uploads\/2026\/05\/goetter_aegypten_sobek.webp","contentUrl":"https:\/\/iwell-guard.com\/wp-content\/uploads\/2026\/05\/goetter_aegypten_sobek.webp","width":1024,"height":1536,"caption":"Gu\u00f0ir \u00far egypskri hef\u00f0."},{"@type":"BreadcrumbList","@id":"https:\/\/iwell-guard.com\/is\/sobek\/#breadcrumb","itemListElement":[{"@type":"ListItem","position":1,"name":"Start","item":"https:\/\/iwell-guard.com\/is\/?page_id=168580"},{"@type":"ListItem","position":2,"name":"Sobek"}]},{"@type":"WebSite","@id":"https:\/\/iwell-guard.com\/is\/#website","url":"https:\/\/iwell-guard.com\/is\/","name":"iWell Guard","description":"Schutz vor dunklen Einfl\u00fcssen","publisher":{"@id":"https:\/\/iwell-guard.com\/is\/#organization"},"potentialAction":[{"@type":"SearchAction","target":{"@type":"EntryPoint","urlTemplate":"https:\/\/iwell-guard.com\/is\/?s={search_term_string}"},"query-input":{"@type":"PropertyValueSpecification","valueRequired":true,"valueName":"search_term_string"}}],"inLanguage":"is"},{"@type":"Organization","@id":"https:\/\/iwell-guard.com\/is\/#organization","name":"Ittermann electronic GmbH","url":"https:\/\/iwell-guard.com\/is\/","logo":{"@type":"ImageObject","inLanguage":"is","@id":"https:\/\/iwell-guard.com\/is\/#\/schema\/logo\/image\/","url":"https:\/\/iwell-guard.com\/wp-content\/uploads\/2026\/05\/Ittermann-Logo-1182x237-1.png","contentUrl":"https:\/\/iwell-guard.com\/wp-content\/uploads\/2026\/05\/Ittermann-Logo-1182x237-1.png","width":1182,"height":237,"caption":"Ittermann electronic GmbH"},"image":{"@id":"https:\/\/iwell-guard.com\/is\/#\/schema\/logo\/image\/"},"sameAs":["https:\/\/pantip.com\/profile\/9367242","https:\/\/micro.blog\/iwellguard","https:\/\/www.diggerslist.com\/iwellguard\/about","https:\/\/skitterphoto.com\/photographers\/2870314\/iwell-guard","https:\/\/iwellguard.wordpress.com\/2026\/06\/06\/iwell-guard\/","https:\/\/hub.docker.com\/u\/iwellguard","https:\/\/www.pinterest.com\/iwellguard\/","https:\/\/bit.ly\/m\/iwellguard","https:\/\/entre-vos-mains.alsace.eu\/profiles\/iwellguard\/activity","https:\/\/gravatar.com\/reallybeded8fd34","https:\/\/naijamatta.com\/iwellguard","https:\/\/www.goodreads.com\/iwellguard","https:\/\/profile.hatena.ne.jp\/iwellguard\/","https:\/\/experiment.com\/users\/iwellguard","https:\/\/wakelet.com\/@iWellGuard82270","https:\/\/www.chordie.com\/forum\/profile.php?id=2555664","https:\/\/www.instapaper.com\/p\/17757966","https:\/\/www.mapleprimes.com\/users\/iwellguard","https:\/\/businesslistingplus.com\/profile\/iwell-guard\/","https:\/\/telegra.ph\/iWell-Guard-06-06","https:\/\/pbase.com\/iwellguard\/iwellguard","https:\/\/b.hatena.ne.jp\/iwellguard\/20260607#bookmark-4788405196491818882","https:\/\/fliphtml5.com\/home\/iwellguard","https:\/\/anyflip.com\/homepage\/cmiwl#About","https:\/\/transfur.com\/Users\/iwellguard","http:\/\/delphi.larsbo.org\/user\/iwellguard","https:\/\/jobs.lajobsportal.org\/profiles\/8380803-iwell-guard","https:\/\/md.chaosdorf.de\/s\/jfbe5SBdJD","https:\/\/www.lingvolive.com\/en-us\/profile\/9ecaeaca-ce11-4e51-9e71-01d55e2bff36\/translations","https:\/\/www.fitday.com\/fitness\/forums\/members\/iwellguard.html","https:\/\/www.mymeetbook.com\/iwellguard","https:\/\/pxhere.com\/en\/photographer-me\/5040798","https:\/\/disqus.com\/by\/iwellguard\/about\/","https:\/\/pastelink.net\/hjwciqwq","https:\/\/pubhtml5.com\/homepage\/scjhn\/","https:\/\/www.bitchute.com\/channel\/2O2eOKzNqujT","https:\/\/audiomack.com\/iwellguard"]},{"@type":"Person","@id":"https:\/\/iwell-guard.com\/is\/#\/schema\/person\/ee2a27f1cac3406c7c6fb5820cb7349f","name":"Ralf Ittermann","image":{"@type":"ImageObject","inLanguage":"is","@id":"https:\/\/secure.gravatar.com\/avatar\/073c0153e350a5005b68eb752b445fea71f6b24a26da9449ad7e155e6b446c9d?s=96&d=mm&r=g","url":"https:\/\/secure.gravatar.com\/avatar\/073c0153e350a5005b68eb752b445fea71f6b24a26da9449ad7e155e6b446c9d?s=96&d=mm&r=g","contentUrl":"https:\/\/secure.gravatar.com\/avatar\/073c0153e350a5005b68eb752b445fea71f6b24a26da9449ad7e155e6b446c9d?s=96&d=mm&r=g","caption":"Ralf Ittermann"},"givenName":"Ralf","familyName":"Ittermann","jobTitle":"Gesch\u00e4ftsf\u00fchrer und redaktioneller Verantwortlicher","url":"https:\/\/iwell-guard.com\/is\/author\/claude\/","description":"Ralf Ittermann ist Gesch\u00e4ftsf\u00fchrer der Ittermann electronic GmbH und redaktioneller Verantwortlicher des iWell-Guard-Lexikons. Er verbindet langj\u00e4hrige Erfahrung in der Pr\u00e4zisionsfertigung mit medialer Praxis und religionsgeschichtlicher Quellenarbeit.","worksFor":{"@type":"Organization","name":"Ittermann electronic GmbH","url":"https:\/\/ittermann.de\/","address":{"@type":"PostalAddress","streetAddress":"K\u00f6hlergasse 16-18","postalCode":"99842","addressLocality":"Ruhla","addressCountry":"DE"}},"knowsAbout":["Religionsgeschichte","Mythologie","Mediale Praxis","Energetische Diagnostik","Schutzpraxis","Volksglauben","Westliche Esoterik"]},{"@type":"Article","@id":"https:\/\/iwell-guard.com\/is\/sobek\/#article","isPartOf":{"@id":"https:\/\/iwell-guard.com\/is\/sobek\/"},"author":{"name":"Ralf Ittermann","@id":"https:\/\/iwell-guard.com\/is\/#\/schema\/person\/ee2a27f1cac3406c7c6fb5820cb7349f"},"headline":"Sobek","datePublished":"2026-09-05T14:05:10+00:00","dateModified":"2026-09-05T14:31:02+00:00","mainEntityOfPage":{"@id":"https:\/\/iwell-guard.com\/is\/sobek\/"},"publisher":{"@id":"https:\/\/iwell-guard.com\/is\/#organization"},"image":{"@id":"https:\/\/iwell-guard.com\/is\/sobek\/#primaryimage"},"thumbnailUrl":"https:\/\/iwell-guard.com\/wp-content\/uploads\/2026\/05\/goetter_aegypten_sobek.webp","inLanguage":"is","description":"Sobek er egypski kr\u00f3k\u00f3d\u00edlagu\u00f0inn, verndargu\u00f0 N\u00edlar, frj\u00f3semi og hermanna. Hof \u00ed Kom Ombo, sta\u00f0fest allt fr\u00e1 p\u00fdram\u00eddatextunum."}]}},"_links":{"self":[{"href":"https:\/\/iwell-guard.com\/is\/wp-json\/wp\/v2\/pages\/169052","targetHints":{"allow":["GET"]}}],"collection":[{"href":"https:\/\/iwell-guard.com\/is\/wp-json\/wp\/v2\/pages"}],"about":[{"href":"https:\/\/iwell-guard.com\/is\/wp-json\/wp\/v2\/types\/page"}],"author":[{"embeddable":true,"href":"https:\/\/iwell-guard.com\/is\/wp-json\/wp\/v2\/users\/3"}],"replies":[{"embeddable":true,"href":"https:\/\/iwell-guard.com\/is\/wp-json\/wp\/v2\/comments?post=169052"}],"version-history":[{"count":0,"href":"https:\/\/iwell-guard.com\/is\/wp-json\/wp\/v2\/pages\/169052\/revisions"}],"wp:featuredmedia":[{"embeddable":true,"href":"https:\/\/iwell-guard.com\/is\/wp-json\/wp\/v2\/media\/3208"}],"wp:attachment":[{"href":"https:\/\/iwell-guard.com\/is\/wp-json\/wp\/v2\/media?parent=169052"}],"wp:term":[{"taxonomy":"category","embeddable":true,"href":"https:\/\/iwell-guard.com\/is\/wp-json\/wp\/v2\/categories?post=169052"}],"curies":[{"name":"wp","href":"https:\/\/api.w.org\/{rel}","templated":true}]}}