{"id":169051,"date":"2026-09-05T14:05:09","date_gmt":"2026-09-05T14:05:09","guid":{"rendered":"https:\/\/iwell-guard.com\/?page_id=169051"},"modified":"2026-09-05T14:31:02","modified_gmt":"2026-09-05T14:31:02","slug":"hestia","status":"publish","type":"page","link":"https:\/\/iwell-guard.com\/is\/hestia\/","title":{"rendered":"Hest\u00eda"},"content":{"rendered":"\t\t<div data-elementor-type=\"wp-page\" data-elementor-id=\"169051\" class=\"elementor elementor-169051 elementor-2980 elementor-bc-flex-widget\" data-elementor-post-type=\"page\">\n\t\t\t\t<div class=\"elementor-element elementor-element-0a4bd11 e-flex e-con-boxed e-con e-parent\" data-id=\"0a4bd11\" data-element_type=\"container\" data-e-type=\"container\" data-settings=\"{&quot;background_background&quot;:&quot;classic&quot;}\">\n\t\t\t\t\t<div class=\"e-con-inner\">\n\t\t<div class=\"elementor-element elementor-element-7ad6f87 e-flex e-con-boxed e-con e-child\" data-id=\"7ad6f87\" data-element_type=\"container\" data-e-type=\"container\">\n\t\t\t\t\t<div class=\"e-con-inner\">\n\t\t<div class=\"elementor-element elementor-element-7cce309 e-con-full e-flex e-con e-child\" data-id=\"7cce309\" data-element_type=\"container\" data-e-type=\"container\">\n\t\t\t\t<div class=\"elementor-element elementor-element-3be0262 elementor-widget elementor-widget-heading\" data-id=\"3be0262\" data-element_type=\"widget\" data-e-type=\"widget\" data-widget_type=\"heading.default\">\n\t\t\t\t\t<h1 class=\"elementor-heading-title elementor-size-default\">Hest\u00eda, gy\u00f0ja arineldsins<\/h1>\t\t\t\t<\/div>\n\t\t\t\t<div class=\"elementor-element elementor-element-7ef72d3 elementor-widget elementor-widget-text-editor\" data-id=\"7ef72d3\" data-element_type=\"widget\" data-e-type=\"widget\" data-widget_type=\"text-editor.default\">\n\t\t\t\t\t\t\t\t\t<p>Hest\u00eda er gy\u00f0ja arineldsins og verndari heimilisins, en r\u00f3legur logi hennar mynda\u00f0i mi\u00f0punkt h\u00fass og borgar. \u00cd gr\u00edska <span class=\"iwg-fachbegriff\" data-tooltip=\"Heild gu\u00f0anna \u00ed tr\u00faarbr\u00f6g\u00f0um e\u00f0a menningu.\" tabindex=\"0\">go\u00f0aveldinu<\/span> (pantheon) er Hest\u00eda gy\u00f0ja arineldsins og hins heimilislega skipulags.<\/p><p>H\u00fan er elst systkina Seifs og telst, eins og hann, Hera, Demeter, Hades og P\u00f3seidon, me\u00f0al barna Kr\u00f3nosar sem hann gleypti og Rhea s\u00ed\u00f0ar bjarga\u00f0i. Hes\u00edodos nefnir hana \u00ed \u00abGu\u00f0fr\u00e6\u00f0inni\u00bb (Theogon\u00eda, l\u00ednur 453 til 458) sem fyrsta hinna n\u00fdf\u00e6ddu systra, og \u00fea\u00f0 sta\u00f0festir st\u00f6\u00f0u hennar sem elstu.<\/p><p>\u00d3l\u00edkt systkinum s\u00ednum kemur h\u00fan varla fram sem virk pers\u00f3na \u00ed <span class=\"iwg-fachbegriff\" data-tooltip=\"S\u00f6gn sem var\u00f0veist hefur um gu\u00f0i, uppruna og skipulag heimsins.\" tabindex=\"0\">go\u00f0s\u00f6gninni<\/span>: H\u00fan \u00e1 s\u00e9r engar \u00e1stars\u00f6gur, engar deilur, enga \u00f6fund, engin fer\u00f0al\u00f6g.<\/p><p>\u00deessi go\u00f0s\u00f6gulega fjarvera er \u00fe\u00f3 ekki skortur, heldur einkennir hana raunverulega: Hest\u00eda er hi\u00f0 varanlega, mi\u00f0punkturinn, hin kyrra \u00e1s sem hreyfing annarra \u00d3lymp\u00edugu\u00f0a sn\u00fdst um. Vi\u00f0urnefni hennar \u00abPrytanis\u00bb, \u00abforst\u00f6\u00f0ukonan\u00bb, markar stj\u00f3rnskipulegan sess hennar sem g\u00e6slukonu Prytaneion-eldsins, sem t\u00e1kna\u00f0i samfellda tilvist borgr\u00edkisins.<\/p>\t\t\t\t\t\t\t\t<\/div>\n\t\t\t\t<\/div>\n\t\t<div class=\"elementor-element elementor-element-8e610fe e-con-full e-flex e-con e-parent\" data-id=\"8e610fe\" data-element_type=\"container\" data-e-type=\"container\">\n\t\t\t\t<div class=\"elementor-element elementor-element-ea1c65c elementor-widget elementor-widget-html\" data-id=\"ea1c65c\" data-element_type=\"widget\" data-e-type=\"widget\" data-widget_type=\"html.default\">\n\t\t\t\t\t<div class=\"iwg-pill-row\"><span class=\"iwg-klasse-badge\" tabindex=\"0\" data-tooltip=\"Gu\u00f0 \/ gy\u00f0ja: Pers\u00f3nuger\u00f0 \u00e6\u00f0sta vald \u00ed go\u00f0aheimi menningar, me\u00f0 sk\u00fdrum verksvi\u00f0um \u2014 n\u00e1tt\u00faru\u00f6fl, \u00f6rl\u00f6g, str\u00ed\u00f0, frj\u00f3semi. D\u00fdrku\u00f0 me\u00f0 helgisi\u00f0um, f\u00f3rnum og hofsstofnunum.\">Gu\u00f0<\/span><a href=\"https:\/\/iwell-guard.com\/is\/grikkland\/\" class=\"iwg-kultur-badge\" tabindex=\"0\" data-tooltip=\"Tr\u00faarbr\u00f6g\u00f0 og go\u00f0afr\u00e6\u00f0i Grikklands til forna, fr\u00e1 m\u00fdkenskum t\u00edma til s\u00ed\u00f0fornaldar.\">Grikkland<\/a><\/div>\t\t\t\t<\/div>\n\t\t\t\t<\/div>\n\t\t<div class=\"elementor-element elementor-element-61b0444 e-con-full e-flex e-con e-child\" data-id=\"61b0444\" data-element_type=\"container\" data-e-type=\"container\">\n\t\t\t\t<div class=\"elementor-element elementor-element-788e545 elementor-toc--minimized-on-tablet elementor-widget elementor-widget-table-of-contents\" data-id=\"788e545\" data-element_type=\"widget\" data-e-type=\"widget\" data-settings=\"{&quot;exclude_headings_by_selector&quot;:[],&quot;no_headings_message&quot;:&quot;Engar undirfyrirsagnir fundust \\u00e1 \\u00feessari s\\u00ed\\u00f0u.&quot;,&quot;headings_by_tags&quot;:[&quot;h2&quot;,&quot;h3&quot;],&quot;marker_view&quot;:&quot;bullets&quot;,&quot;icon&quot;:{&quot;value&quot;:&quot;fas fa-circle&quot;,&quot;library&quot;:&quot;fa-solid&quot;,&quot;rendered_tag&quot;:&quot;&lt;svg class=\\&quot;e-font-icon-svg e-fas-circle\\&quot; viewBox=\\&quot;0 0 512 512\\&quot; xmlns=\\&quot;http:\\\/\\\/www.w3.org\\\/2000\\\/svg\\&quot;&gt;&lt;path d=\\&quot;M256 8C119 8 8 119 8 256s111 248 248 248 248-111 248-248S393 8 256 8z\\&quot;&gt;&lt;\\\/path&gt;&lt;\\\/svg&gt;&quot;},&quot;minimize_box&quot;:&quot;yes&quot;,&quot;minimized_on&quot;:&quot;tablet&quot;,&quot;hierarchical_view&quot;:&quot;yes&quot;,&quot;min_height&quot;:{&quot;unit&quot;:&quot;px&quot;,&quot;size&quot;:&quot;&quot;,&quot;sizes&quot;:[]},&quot;min_height_tablet&quot;:{&quot;unit&quot;:&quot;px&quot;,&quot;size&quot;:&quot;&quot;,&quot;sizes&quot;:[]},&quot;min_height_mobile&quot;:{&quot;unit&quot;:&quot;px&quot;,&quot;size&quot;:&quot;&quot;,&quot;sizes&quot;:[]}}\" data-widget_type=\"table-of-contents.default\">\n\t\t\t\t\t\t\t\t\t<div class=\"elementor-toc__header\">\n\t\t\t\t\t\t<h2 class=\"elementor-toc__header-title\">\n\t\t\t\tEfnisyfirlit\t\t\t<\/h2>\n\t\t\t\t\t\t\t\t\t\t<div class=\"elementor-toc__toggle-button elementor-toc__toggle-button--expand\" role=\"button\" tabindex=\"0\" aria-controls=\"elementor-toc__788e545\" aria-expanded=\"true\" aria-label=\"Open table of contents\"><svg aria-hidden=\"true\" class=\"e-font-icon-svg e-fas-chevron-down\" viewBox=\"0 0 448 512\" xmlns=\"http:\/\/www.w3.org\/2000\/svg\"><path d=\"M207.029 381.476L12.686 187.132c-9.373-9.373-9.373-24.569 0-33.941l22.667-22.667c9.357-9.357 24.522-9.375 33.901-.04L224 284.505l154.745-154.021c9.379-9.335 24.544-9.317 33.901.04l22.667 22.667c9.373 9.373 9.373 24.569 0 33.941L240.971 381.476c-9.373 9.372-24.569 9.372-33.942 0z\"><\/path><\/svg><\/div>\n\t\t\t\t<div class=\"elementor-toc__toggle-button elementor-toc__toggle-button--collapse\" role=\"button\" tabindex=\"0\" aria-controls=\"elementor-toc__788e545\" aria-expanded=\"true\" aria-label=\"Close table of contents\"><svg aria-hidden=\"true\" class=\"e-font-icon-svg e-fas-chevron-up\" viewBox=\"0 0 448 512\" xmlns=\"http:\/\/www.w3.org\/2000\/svg\"><path d=\"M240.971 130.524l194.343 194.343c9.373 9.373 9.373 24.569 0 33.941l-22.667 22.667c-9.357 9.357-24.522 9.375-33.901.04L224 227.495 69.255 381.516c-9.379 9.335-24.544 9.317-33.901-.04l-22.667-22.667c-9.373-9.373-9.373-24.569 0-33.941L207.03 130.525c9.372-9.373 24.568-9.373 33.941-.001z\"><\/path><\/svg><\/div>\n\t\t\t\t\t<\/div>\n\t\t\t\t<div id=\"elementor-toc__788e545\" class=\"elementor-toc__body\">\n\t\t\t<div class=\"elementor-toc__spinner-container\">\n\t\t\t\t<svg class=\"elementor-toc__spinner eicon-animation-spin e-font-icon-svg e-eicon-loading\" aria-hidden=\"true\" viewBox=\"0 0 1000 1000\" xmlns=\"http:\/\/www.w3.org\/2000\/svg\"><path d=\"M500 975V858C696 858 858 696 858 500S696 142 500 142 142 304 142 500H25C25 237 238 25 500 25S975 237 975 500 763 975 500 975Z\"><\/path><\/svg>\t\t\t<\/div>\n\t\t<\/div>\n\t\t\t\t\t\t<\/div>\n\t\t\t\t<\/div>\n\t\t\t\t\t<\/div>\n\t\t\t\t<\/div>\n\t\t<div class=\"elementor-element elementor-element-c069caa e-con-full e-flex e-con e-child\" data-id=\"c069caa\" data-element_type=\"container\" data-e-type=\"container\">\n\t\t\t\t<div class=\"elementor-element elementor-element-c4a0ed6 iwg-hero-image elementor-widget elementor-widget-image\" data-id=\"c4a0ed6\" data-element_type=\"widget\" data-e-type=\"widget\" data-widget_type=\"image.default\">\n\t\t\t\t\t\t\t\t\t\t\t\t\t\t\t<img fetchpriority=\"high\" decoding=\"async\" width=\"683\" height=\"1024\" src=\"https:\/\/iwell-guard.com\/wp-content\/uploads\/2026\/05\/goetter_griechenland_hestia-683x1024.webp\" class=\"attachment-large size-large wp-image-170753\" alt=\"Hest\u00eda - gu\u00f0ir \u00far gr\u00edskri hef\u00f0, s\u00f6gulega myndskreytt\" srcset=\"https:\/\/iwell-guard.com\/wp-content\/uploads\/2026\/05\/goetter_griechenland_hestia-683x1024.webp 683w, https:\/\/iwell-guard.com\/wp-content\/uploads\/2026\/05\/goetter_griechenland_hestia-200x300.webp 200w, https:\/\/iwell-guard.com\/wp-content\/uploads\/2026\/05\/goetter_griechenland_hestia-768x1152.webp 768w, https:\/\/iwell-guard.com\/wp-content\/uploads\/2026\/05\/goetter_griechenland_hestia.webp 1024w\" sizes=\"(max-width: 683px) 100vw, 683px\" \/>\t\t\t\t\t\t\t\t\t\t\t\t\t\t\t<\/div>\n\t\t\t\t<\/div>\n\t\t\t\t\t<\/div>\n\t\t\t\t<\/div>\n\t\t<div class=\"elementor-element elementor-element-094097e e-con-boxed e-flex e-con e-parent\" data-id=\"094097e\" data-element_type=\"container\" data-e-type=\"container\">\n\t\t\t\t\t<div class=\"e-con-inner\">\n\t\t<div class=\"elementor-element elementor-element-bb67947 e-con-full e-flex e-con e-child\" data-id=\"bb67947\" data-element_type=\"container\" data-e-type=\"container\">\n\t\t\t\t<div class=\"elementor-element elementor-element-59bc268 elementor-widget elementor-widget-heading\" data-id=\"59bc268\" data-element_type=\"widget\" data-e-type=\"widget\" data-widget_type=\"heading.default\">\n\t\t\t\t\t<h2 class=\"elementor-heading-title elementor-size-default\">Go\u00f0s\u00f6gn og \u00e6ttartr\u00e9<\/h2>\t\t\t\t<\/div>\n\t\t\t\t<div class=\"elementor-element elementor-element-e2215a2 elementor-widget elementor-widget-text-editor\" data-id=\"e2215a2\" data-element_type=\"widget\" data-e-type=\"widget\" data-widget_type=\"text-editor.default\">\n\t\t\t\t\t\t\t\t\t<p>Sem elstf\u00e6dda d\u00f3ttir Kr\u00f3nosar og Rheu er Hest\u00eda s\u00fa fyrsta sem fa\u00f0ir hennar gleypir, \u00fev\u00ed sp\u00e1d\u00f3mur haf\u00f0i bo\u00f0a\u00f0 honum fall af hendi eigin barns.<\/p><p>\u00deegar Seifur vex upp og gefur Kr\u00f3nosi \u00e6lulyfi\u00f0, er Hest\u00edu fyrst skila\u00f0 inn en henni er s\u00ed\u00f0ust sp\u00fai\u00f0 \u00fat aftur; \u00ed \u00feessari vi\u00f0sn\u00fanu r\u00f6\u00f0 er h\u00fan jafnt fyrst- og s\u00ed\u00f0astf\u00e6dd, sem sta\u00f0festir s\u00e9rst\u00f6\u00f0u hennar sem \u00abalfa og \u00f3mega\u00bb \u00d3lympsins. \u00deessi tv\u00f6falda go\u00f0s\u00f6gulega sta\u00f0a er r\u00e6dd \u00ed delf\u00edska s\u00e1lmi H\u00f3mers og \u00ed orf\u00edsku hef\u00f0inni.<\/p>\n<p>B\u00e6\u00f0i P\u00f3seidon og Apollon b\u00e1\u00f0u um h\u00f6nd Hest\u00edu, en h\u00fan s\u00f3r ei\u00f0 vi\u00f0 Seif um \u00e6varandi meyd\u00f3m, og fyrir \u00fea\u00f0 veitti fa\u00f0ir gu\u00f0anna henni vir\u00f0ingarsess \u00ed mi\u00f0ju hvers gr\u00edsks heimilis og \u00ed mi\u00f0ju hvers samkomuh\u00fass borgr\u00edkis (H\u00f3merski s\u00e1lmurinn til Afr\u00f3d\u00edtu, l\u00ednur 21 til 32).<\/p><p>Vi\u00f0 s\u00e9rhverja <span class=\"iwg-fachbegriff\" data-tooltip=\"Gj\u00f6f til gu\u00f0s til a\u00f0 tj\u00e1 \u00feakkl\u00e6ti, b\u00f3n e\u00f0a lotningu.\" tabindex=\"0\">f\u00f3rn<\/span> og h\u00e1t\u00ed\u00f0arm\u00e1lt\u00ed\u00f0, hvort sem var einkarekin e\u00f0a opinber, hlaut Hest\u00eda fyrsta og s\u00ed\u00f0asta hlutann. \u00deessi tr\u00faarlega venja er meginkennimark gr\u00edsku gu\u00f0ad\u00fdrkunarinnar og veitir Hest\u00edu alssta\u00f0arveru \u00ed helgisi\u00f0um sem stendur \u00ed m\u00f3ts\u00f6gn vi\u00f0 fjarveru hennar \u00ed go\u00f0s\u00f6gnum.<\/p>\n<p>\u00d3l\u00edkt systrum s\u00ednum, Demeter og Heru, eignast Hest\u00eda engin b\u00f6rn, \u00e1 s\u00e9r engar samkeppniskonur og hefur enga hj\u00faskapars\u00f6gu. \u00c1 listanum yfir t\u00f3lf \u00d3lymp\u00edugu\u00f0ina er s\u00e6ti hennar \u00ed sumum heimildum teki\u00f0 af D\u00ed\u00f3n\u00fdsosi, sem t\u00e1knar yngri kynsl\u00f3\u00f0ina; \u00fe\u00e1 kemur Hest\u00eda fram sem \u00ferett\u00e1nda gy\u00f0jan e\u00f0a sem st\u00f6\u00f0ugt vi\u00f0staddur bakgrunnsgu\u00f0.<\/p><p>\u00deessi tilf\u00e6rsla er \u00ed fornri <span class=\"iwg-fachbegriff\" data-tooltip=\"Fr\u00e6\u00f0ileg kenning um gu\u00f0 og tr\u00fa \u00ed tr\u00faarbr\u00f6g\u00f0um.\" tabindex=\"0\">gu\u00f0fr\u00e6\u00f0i<\/span> ekki skilin sem l\u00e6kkun \u00ed tign, heldur sem upphef\u00f0: Hest\u00eda er ekki ein af t\u00f3lf, heldur hinn kyrra mi\u00f0punktur sem hinar t\u00f3lf eru taldar \u00fat fr\u00e1. D\u00ed\u00f3d\u00f3ros (V, 68, 1) sta\u00f0festir \u00feennan skilning berum or\u00f0um.<\/p>\n<p>Sjaldg\u00e6fan s\u00f6gulegan atbur\u00f0 var\u00f0veita H\u00f3merski s\u00e1lmurinn til Afr\u00f3d\u00edtu og orf\u00edskt brot: Priapos, frj\u00f3semisgu\u00f0inn, s\u00e6kir eina n\u00f3tt heim sofandi Hest\u00edu, en asni vekur hana me\u00f0 h\u00e1um hlj\u00f3\u00f0um; Hest\u00eda hrekkur upp, Priapos fl\u00fdr \u00ed sk\u00f6mm, og asninn er \u00ed kj\u00f6lfari\u00f0 hei\u00f0ra\u00f0ur af Hest\u00edu.<\/p><p>\u00deessi go\u00f0s\u00f6gulega \u00fatlistun \u00fatsk\u00fdrir asnaf\u00f3rnina \u00e1 Priapos-h\u00e1t\u00ed\u00f0um og undirstrikar hinn \u00f3skerta meyd\u00f3m Hest\u00edu.<\/p>\t\t\t\t\t\t\t\t<\/div>\n\t\t\t\t<\/div>\n\t\t<div class=\"elementor-element elementor-element-a4b0068 e-con-full e-flex e-con e-child\" data-id=\"a4b0068\" data-element_type=\"container\" data-e-type=\"container\">\n\t\t\t\t<div class=\"elementor-element elementor-element-e6eaa71 elementor-widget elementor-widget-heading\" data-id=\"e6eaa71\" data-element_type=\"widget\" data-e-type=\"widget\" data-widget_type=\"heading.default\">\n\t\t\t\t\t<h2 class=\"elementor-heading-title elementor-size-default\">T\u00e1kn, myndlist og einkenni<\/h2>\t\t\t\t<\/div>\n\t\t\t\t<div class=\"elementor-element elementor-element-b19b21c elementor-widget elementor-widget-text-editor\" data-id=\"b19b21c\" data-element_type=\"widget\" data-e-type=\"widget\" data-widget_type=\"text-editor.default\">\n\t\t\t\t\t\t\t\t\t<p>Hest\u00eda er s\u00fdnd f\u00e1gu\u00f0 \u00ed gr\u00edskri myndlist, \u00ed samr\u00e6mi vi\u00f0 go\u00f0s\u00f6gulega hlj\u00f3\u00f0l\u00e1ta st\u00f6\u00f0u hennar. H\u00fan kemur fram sem s\u00e6md, hulin mi\u00f0aldra kona, me\u00f0 h\u00f6fu\u00f0kl\u00fat e\u00f0a l\u00e1tlausa kr\u00fanu, oft me\u00f0 kyndil \u00ed hendi.<\/p><p>A\u00f0alst\u00e1knmerki hennar er brennandi eldurinn sj\u00e1lfur, sem h\u00fan \u00fearf ekki a\u00f0 halda \u00e1, \u00fev\u00ed h\u00fan er hann. \u00cd hinum f\u00e1u myndum af samkomum gu\u00f0anna sest h\u00fan kyrr \u00ed bakgrunni, \u00e1n \u00feess a\u00f0 vera s\u00e9rstaklega \u00e1berandi.<\/p>\n<p>Arineldurinn (eschara, hestia sem tegundarheiti) er <span class=\"iwg-fachbegriff\" data-tooltip=\"Heilagur sta\u00f0ur v\u00edg\u00f0ur d\u00fdrkun gu\u00f0s.\" tabindex=\"0\">helgista\u00f0ur<\/span> hennar \u00ed h\u00fasinu og \u00ed borgr\u00edkinu. \u00cd hverri gr\u00edskri borg brann \u00e6varandi eldur \u00ed Prytaneion, sem s\u00e9rstakar prestskonur (e\u00f0a, \u00ed tengslum vi\u00f0 Hekate, ekkjur) hl\u00fa\u00f0u a\u00f0.<\/p><p>\u00deegar n\u00fd borg var stofnu\u00f0 t\u00f3ku landnemarnir gl\u00f3\u00f0 fr\u00e1 \u00feessum eldi m\u00f3\u00f0urborgarinnar me\u00f0 s\u00e9r; a\u00f0 tendra m\u00f3\u00f0urarineldinn \u00ed d\u00f3tturborginni var formlegur stofnunargj\u00f6rningur borgarins. S\u00e1 sem l\u00e9t gl\u00f3\u00f0ina slokkna h\u00e6tti tilvist borgr\u00edkisins sj\u00e1lfs, og \u00fev\u00ed var \u00e1byrg\u00f0in \u00e1 eldinum falin h\u00e1ttsettum emb\u00e6ttismanni.<\/p>\n<p>\u00cd h\u00f6ggmyndalist er Hest\u00eda t\u00e1knu\u00f0 af \u00abHest\u00eda Giustiniani\u00bb (n\u00fa \u00ed Museo Torlonia, R\u00f3m), r\u00f3mverskri eftirmynd af gr\u00edskri fyrirmynd fr\u00e1 um 470 fyrir okkar t\u00edmatal.<\/p><p>Styttan s\u00fdnir s\u00e6mda, standandi gy\u00f0ju \u00ed \u00feungum peplos-kl\u00e6\u00f0na\u00f0i, me\u00f0 h\u00f6fu\u00f0kl\u00fat, \u00e1n bardaga- e\u00f0a er\u00f3t\u00edskra t\u00e1kna. Str\u00f6ng frammista\u00f0an og hi\u00f0 helgisi\u00f0alega hulda gera f\u00edg\u00faruna a\u00f0 \u00edmynd vir\u00f0ingar hins einkalega og heimilislegra vi\u00f0mi\u00f0a.<\/p>\n<p>\u00cd vasamyndlist fornaldar- og klass\u00edska t\u00edmans kemur Hest\u00eda fram \u00e1 samkomum gu\u00f0anna, til d\u00e6mis \u00ed br\u00fa\u00f0kaupsveislu Pelevs og \u00deetisar (Fran\u00e7ois-vasinn fr\u00e1 um 570 fyrir okkar t\u00edmatal) sem s\u00e6md, sitjandi e\u00f0a standandi pers\u00f3na.<\/p><p>H\u00fan er sjaldan s\u00fdnd eins\u00f6mul, sem endurspeglar erfi\u00f0leika myndlistamanna vi\u00f0 a\u00f0 t\u00e1kna gu\u00f0 \u00e1n \u00e1berandi athafnar. \u00c1 s\u00ed\u00f0ari r\u00f3mverska keisarat\u00edmanum ver\u00f0ur sams\u00f6munin vi\u00f0 Vestu algengari \u00ed h\u00f6ggmyndalist: Vestu-l\u00edkneski og styttur me\u00f0 kyndli e\u00f0a f\u00f3rnarsk\u00e1l voru ger\u00f0ar allt fram \u00e1 <span class=\"iwg-fachbegriff\" data-tooltip=\"Umbreytingart\u00edmabil milli fornaldar og mi\u00f0alda, um 3. til 7. \u00f6ld.\" tabindex=\"0\">s\u00ed\u00f0forn\u00f6ld<\/span>.<\/p>\t\t\t\t\t\t\t\t<\/div>\n\t\t\t\t<\/div>\n\t\t<div class=\"elementor-element elementor-element-fc6a5f0 e-con-full e-flex e-con e-child\" data-id=\"fc6a5f0\" data-element_type=\"container\" data-e-type=\"container\">\n\t\t\t\t<div class=\"elementor-element elementor-element-bce5677 elementor-widget elementor-widget-heading\" data-id=\"bce5677\" data-element_type=\"widget\" data-e-type=\"widget\" data-widget_type=\"heading.default\">\n\t\t\t\t\t<h2 class=\"elementor-heading-title elementor-size-default\">D\u00fdrkun og tilbei\u00f0sla<\/h2>\t\t\t\t<\/div>\n\t\t\t\t<div class=\"elementor-element elementor-element-7c01ce2 elementor-widget elementor-widget-text-editor\" data-id=\"7c01ce2\" data-element_type=\"widget\" data-e-type=\"widget\" data-widget_type=\"text-editor.default\">\n\t\t\t\t\t\t\t\t\t<p>Hestia-<span class=\"iwg-fachbegriff\" data-tooltip=\"Heild tr\u00faarlegra tilbei\u00f0sluathafna helga\u00f0ra einni gu\u00f0 e\u00f0a heilagri v\u00e6ttu.\" tabindex=\"0\">d\u00fdrkunin<\/span> var alls sta\u00f0ar til \u00ed gr\u00edskum heimi, en jafnframt fremur \u00f3spektak\u00falar. S\u00e9rhvert heimili, s\u00e9rhver fj\u00f6lskylda og s\u00e9rhver borgr\u00edki \u00e1tti arinn, og vi\u00f0 s\u00e9rhvern \u00feessara arna var Hestia hei\u00f0ru\u00f0.<\/p><p>\u00deegar br\u00fa\u00f0ur kom inn \u00ed h\u00fas br\u00fa\u00f0gumans var h\u00fan leidd a\u00f0 arninum, \u00fear sem yfirf\u00e6rslan \u00far fj\u00f6lskyldu f\u00f6\u00f0urins yfir \u00ed n\u00fdju fj\u00f6lskylduna f\u00f3r fram. Um n\u00fdf\u00e6tt barn var fari\u00f0 me\u00f0 \u00fea\u00f0 \u00ferisvar sinnum \u00ed kringum arininn \u00e1 \u00abamphidromia\u00bb-deginum, fimmta e\u00f0a sj\u00f6unda degi fr\u00e1 f\u00e6\u00f0ingu, og me\u00f0 \u00fev\u00ed var barni\u00f0 teki\u00f0 inn \u00ed fj\u00f6lskylduna.<\/p>\n<p>Prytaneion var stj\u00f3rnm\u00e1lami\u00f0st\u00f6\u00f0 borgr\u00edkisins, \u00fear sem hinn eil\u00edfi Hestia-eldur brann. \u00cd A\u00feenu var \u00fea\u00f0 sta\u00f0sett austan Akr\u00f3p\u00f3lis, og \u00ed s\u00ed\u00f0ari t\u00edmum vi\u00f0 hli\u00f0 Bouleuterion. H\u00e9r voru hei\u00f0ursgestir borgr\u00edkisins (xenoi) veittir, og sigurvegarar \u00d3lymp\u00eduleikanna og fj\u00f6lskyldur hermanna sem fallnir voru fyrir borgina fengu \u00e6vilanga f\u00e6\u00f0ugj\u00f6f (sitesis).<\/p><p>\u00deessi venja tengdi hlutverk Hestiu \u00ed heimilisl\u00edfinu vi\u00f0 r\u00edkislega hei\u00f0run \u00feeirra sem ver\u00f0skulda\u00f0 h\u00f6f\u00f0u. Pausanias (I, 18, 3) greinir fr\u00e1 Hestia-myndum \u00ed prytaneioni A\u00feenu og fr\u00e1 eil\u00edfum eldi \u00ed prytaneioni Sp\u00f6rtu.<\/p>\n<p>Vi\u00f0 f\u00f3rnarathafnir f\u00e9kk Hestia \u00e1vallt fyrsta og s\u00ed\u00f0asta hlutann. H\u00f3merski s\u00e1lmurinn til Hestiu (Hymn.<\/p><p>Hom. 29) hefst me\u00f0 <span class=\"iwg-fachbegriff\" data-tooltip=\"B\u00e6narleg e\u00f0a \u00e1kallandi \u00e1varp til gu\u00f0s e\u00f0a m\u00e1ttar.\" tabindex=\"0\">\u00e1kalli<\/span>: \u00abHestia, \u00fe\u00fa sem \u00ed h\u00e1um h\u00fasum allra \u00f3dau\u00f0legra gu\u00f0a og jar\u00f0borinna manna hefur hloti\u00f0 eil\u00edfan sess, forna og vir\u00f0ulega s\u00e6md og fagra gj\u00f6f.\u00bb \u00deessi form\u00falukennda framsetning Hestiu fremst \u00ed hverri <span class=\"iwg-fachbegriff\" data-tooltip=\"Gj\u00f6f til gu\u00f0s til a\u00f0 tj\u00e1 \u00feakkl\u00e6ti, b\u00f3n e\u00f0a tilbei\u00f0slu.\" tabindex=\"0\">f\u00f3rn<\/span> var\u00f0 a\u00f0 or\u00f0atilt\u00e6ki: \u00abA\u00f0 byrja me\u00f0 Hestiu\u00bb (aph&#8217; Hestias archesthai) \u00fe\u00fdddi fram \u00e1 <span class=\"iwg-fachbegriff\" data-tooltip=\"T\u00edmabil \u00e1 milli fornaldar og mi\u00f0alda, u.\u00fe.b. 3. til 7. \u00f6ld.\" tabindex=\"0\">s\u00ed\u00f0forn\u00f6ld<\/span> \u00aba\u00f0 byrja r\u00e9tt\u00bb.<\/p>\n<p>\u00cd v\u00e9fr\u00e9ttar<span class=\"iwg-fachbegriff\" data-tooltip=\"Heild tr\u00faarlegra tilbei\u00f0sluathafna helga\u00f0ra einni gu\u00f0 e\u00f0a heilagri v\u00e6ttu.\" tabindex=\"0\">d\u00fdrkuninni<\/span> \u00ed Delf\u00ed l\u00e9k Hestia sitt eigi\u00f0 hlutverk. Omphalos, hinn go\u00f0sagnakenndi mi\u00f0justeinn heimsins, var \u00ed tengslum vi\u00f0 hinn eil\u00edfa Apollon-Hestia-eld; \u00e1\u00f0ur en hver v\u00e9fr\u00e9ttarspurning var borin fram ur\u00f0u spyrjendur a\u00f0 f\u00f3rna vi\u00f0 Hestia-<span class=\"iwg-fachbegriff\" data-tooltip=\"Upph\u00e6kka\u00f0ur sta\u00f0ur e\u00f0a bor\u00f0 til f\u00f3rnf\u00e6ringa og tr\u00faarlegra athafna.\" tabindex=\"0\">altari\u00f0<\/span>.<\/p><p>\u00cd \u00d3lymp\u00edu brann Hestia-eldurinn \u00ed prytaneioninu vi\u00f0 hli\u00f0 Hera-hofsins; fyrir s\u00e9rhverja \u00d3lymp\u00eduleika var \u00d3lymp\u00edukyndillinn tendra\u00f0ur vi\u00f0 \u00feennan eld, og \u00feessi tenging hefur haldist sem t\u00e1knr\u00e6n tilv\u00edsun allt til n\u00fat\u00edma \u00d3lymp\u00eduhef\u00f0ar.<\/p>\n<p>Utan hins gr\u00edska kjarnasv\u00e6\u00f0is var Hestia jafnframt hei\u00f0ru\u00f0 \u00ed j\u00f3n\u00edskum landnemabygg\u00f0um eins og Miletos, Efesos og Olb\u00edu; prytaneion Olb\u00edu haf\u00f0i eil\u00edfan eld sem vi\u00f0haldi\u00f0 var me\u00f0 opinberum framl\u00f6gum.<\/p><p>\u00c1 hellen\u00edskum t\u00edma t\u00f3ku konungsr\u00edki upp Hestiu \u00ed r\u00edkisd\u00fdrkun s\u00edna: Ptolemajar \u00ed Alexandr\u00edu, Seleuk\u00eddar \u00ed Ant\u00edokk\u00edu og Attal\u00eddar \u00ed Pergamon h\u00f6f\u00f0u konunglegan Hestia-eld sem s\u00fdndi samfellu \u00ed valdi \u00feeirra.<\/p>\t\t\t\t\t\t\t\t<\/div>\n\t\t\t\t<\/div>\n\t\t<div class=\"elementor-element elementor-element-59aafb2 e-con-full e-flex e-con e-child\" data-id=\"59aafb2\" data-element_type=\"container\" data-e-type=\"container\">\n\t\t\t\t<div class=\"elementor-element elementor-element-147b3c4 elementor-widget elementor-widget-heading\" data-id=\"147b3c4\" data-element_type=\"widget\" data-e-type=\"widget\" data-widget_type=\"heading.default\">\n\t\t\t\t\t<h2 class=\"elementor-heading-title elementor-size-default\">Mikilv\u00e6g helgista\u00f0ir og musteri<\/h2>\t\t\t\t<\/div>\n\t\t\t\t<div class=\"elementor-element elementor-element-7b2690e elementor-widget elementor-widget-text-editor\" data-id=\"7b2690e\" data-element_type=\"widget\" data-e-type=\"widget\" data-widget_type=\"text-editor.default\">\n\t\t\t\t\t\t\t\t\t<p>\u00d3l\u00edkt flestum \u00f6\u00f0rum \u00d3lymp\u00edugu\u00f0unum haf\u00f0i Hestia ekki sj\u00e1lfst\u00e6\u00f0 st\u00f3rfengleg <span class=\"iwg-fachbegriff\" data-tooltip=\"Bygging sem er helgu\u00f0 tilbei\u00f0slu einnar e\u00f0a fleiri gu\u00f0d\u00f3ma.\" tabindex=\"0\">hof<\/span>. Helgista\u00f0ir hennar voru felldir inn \u00ed prytaneia, samkomuhallir borgr\u00edkjanna.<\/p><p>Delf\u00edska prytaneioni\u00f0 me\u00f0 Hestia-Hekate-eldinum (Pausanias X, 24, 4) var tali\u00f0 \u00fea\u00f0 elsta og vir\u00f0ulegasta og st\u00f3\u00f0 \u00ed beinu rit\u00faal\u00edsku sambandi vi\u00f0 Apollon-<span class=\"iwg-fachbegriff\" data-tooltip=\"Bygging sem er helgu\u00f0 tilbei\u00f0slu einnar e\u00f0a fleiri gu\u00f0d\u00f3ma.\" tabindex=\"0\">hofi\u00f0<\/span>. Prytaneion A\u00feenu l\u00e1 vi\u00f0 r\u00e6tur Akr\u00f3p\u00f3lis og h\u00fdsti auk Hestia-eldsins jafnframt myndir l\u00f6glei\u00f0sluhetjanna S\u00f3lons og Drakons.<\/p>\n<p>\u00cd Heraion \u00ed \u00d3lymp\u00edu st\u00f3\u00f0 Hestia-<span class=\"iwg-fachbegriff\" data-tooltip=\"Upph\u00e6kka\u00f0ur sta\u00f0ur e\u00f0a bor\u00f0 til f\u00f3rnf\u00e6ringa og tr\u00faarlegra athafna.\" tabindex=\"0\">altari<\/span>, \u00fear sem \u00d3lymp\u00edukyndillinn fyrir leikina var tendra\u00f0ur. Pausanias (V, 15, 8 til 9) l\u00fdsir prytaneioni \u00d3lymp\u00edu og hinum st\u00f6\u00f0uga eldi sem m\u00e1tti aldrei slokkna.<\/p><p>\u00cd Naupaktos, \u00ed Olb\u00edu, \u00ed Halikarnassos og m\u00f6rgum \u00f6\u00f0rum j\u00f3n\u00edskum og d\u00f3r\u00edskum borgum m\u00e1 finna prytaneia me\u00f0 Hestia-<span class=\"iwg-fachbegriff\" data-tooltip=\"Heild tr\u00faarlegra tilbei\u00f0sluathafna helga\u00f0ra einni gu\u00f0 e\u00f0a heilagri v\u00e6ttu.\" tabindex=\"0\">d\u00fdrkun<\/span>.<\/p>\n<p>Sjaldg\u00e6fara sj\u00e1lfst\u00e6tt Hestia-<span class=\"iwg-fachbegriff\" data-tooltip=\"Heilagur sta\u00f0ur helga\u00f0ur tilbei\u00f0slu gu\u00f0s.\" tabindex=\"0\">helgista\u00f0ur<\/span> var \u00ed Ermioni \u00ed Arg\u00f3lis; Pausanias (II, 35, 1) nefnir hann stuttlega, \u00e1n n\u00e1kv\u00e6mrar l\u00fdsingar. \u00cd Hermione var Hestia-<span class=\"iwg-fachbegriff\" data-tooltip=\"Bygging sem er helgu\u00f0 tilbei\u00f0slu einnar e\u00f0a fleiri gu\u00f0d\u00f3ma.\" tabindex=\"0\">hof<\/span>, \u00fear sem <span class=\"iwg-fachbegriff\" data-tooltip=\"Myndr\u00e6n framsetning gu\u00f0s sem er tilbe\u00f0in \u00ed hofi e\u00f0a skr\u00edni.\" tabindex=\"0\">tilbei\u00f0slumyndin<\/span> var \u00far trj\u00e1bol, sem gefur til kynna s\u00e9rstaklega fornt yfirbrag\u00f0.<\/p><p>\u00c1 r\u00f3mverska keisarat\u00edmanum t\u00f3ku <span class=\"iwg-fachbegriff\" data-tooltip=\"Bygging sem er helgu\u00f0 tilbei\u00f0slu einnar e\u00f0a fleiri gu\u00f0d\u00f3ma.\" tabindex=\"0\">hof<\/span> Vestu vi\u00f0 hlutverki st\u00f3rfenglegustu a\u00f0alframsetningarinnar: Vestu-<span class=\"iwg-fachbegriff\" data-tooltip=\"Heilagur sta\u00f0ur helga\u00f0ur tilbei\u00f0slu gu\u00f0s.\" tabindex=\"0\">helgista\u00f0urinn<\/span> \u00e1 Forum Romanum me\u00f0 hinu fr\u00e6ga hringlaga <span class=\"iwg-fachbegriff\" data-tooltip=\"Bygging sem er helgu\u00f0 tilbei\u00f0slu einnar e\u00f0a fleiri gu\u00f0d\u00f3ma.\" tabindex=\"0\">hofi<\/span> og a\u00f0l\u00e6gu Atrium Vestae-mannvirkinu er talinn mikilv\u00e6gasti Hestia-sta\u00f0urinn \u00ed stofnanalegu tilliti, \u00fe\u00f3 \u00ed r\u00f3mverskri mynd.<\/p>\t\t\t\t\t\t\t\t<\/div>\n\t\t\t\t<\/div>\n\t\t<div class=\"elementor-element elementor-element-c50a200 e-con-full e-flex e-con e-child\" data-id=\"c50a200\" data-element_type=\"container\" data-e-type=\"container\">\n\t\t\t\t<div class=\"elementor-element elementor-element-cd2a878 elementor-widget elementor-widget-heading\" data-id=\"cd2a878\" data-element_type=\"widget\" data-e-type=\"widget\" data-widget_type=\"heading.default\">\n\t\t\t\t\t<h2 class=\"elementor-heading-title elementor-size-default\">Go\u00f0sagnafr\u00e1sagnir<\/h2>\t\t\t\t<\/div>\n\t\t\t\t<div class=\"elementor-element elementor-element-0c766e5 elementor-widget elementor-widget-text-editor\" data-id=\"0c766e5\" data-element_type=\"widget\" data-e-type=\"widget\" data-widget_type=\"text-editor.default\">\n\t\t\t\t\t\t\t\t\t<p>Go\u00f0sagnaseigar fr\u00e1sagnir um Hest\u00edu eru f\u00e1t\u00ed\u00f0ar. Mikilv\u00e6gust \u00feeirra er b\u00f3nor\u00f0s-<span class=\"iwg-fachbegriff\" data-tooltip=\"Yfirf\u00e6r\u00f0 fr\u00e1s\u00f6gn um gu\u00f0i, upphaf og skipulag heimsins.\" tabindex=\"0\">go\u00f0sagan<\/span>: B\u00e6\u00f0i P\u00f3seidon og Apollon, \u00fe.e. eldri br\u00f3\u00f0irinn og yngri br\u00f3\u00f0irinn e\u00f0a fr\u00e6ndinn, bi\u00f0ja um h\u00f6nd hennar. Hest\u00eda neitar og sver \u00feess vi\u00f0 Seif a\u00f0 vera \u00e6varandi mey.<\/p><p>Seifur hei\u00f0rar \u00feennan ei\u00f0 og kemur \u00e1 \u00feeirri venju a\u00f0 Hest\u00eda skuli f\u00e1 fyrsta og s\u00ed\u00f0asta <span class=\"iwg-fachbegriff\" data-tooltip=\"Gj\u00f6f til gu\u00f0s til a\u00f0 tj\u00e1 \u00feakkl\u00e6ti, b\u00e6n e\u00f0a lotning.\" tabindex=\"0\">f\u00f3rnina<\/span> \u00e1 hverju heimili og \u00ed hverju <span class=\"iwg-fachbegriff\" data-tooltip=\"Bygging sem er helgu\u00f0 tilbei\u00f0slu einnar e\u00f0a fleiri gu\u00f0a.\" tabindex=\"0\">hofi<\/span> (Hymn. Hom. Aph. 21 til 32). \u00deannig f\u00e6r Hest\u00eda \u00fe\u00e1 tign sem hinir \u00d3lympsgu\u00f0irnir geta ekki keppt vi\u00f0 me\u00f0 neinu <span class=\"iwg-fachbegriff\" data-tooltip=\"Helgista\u00f0ur sem er tileinka\u00f0ur tilbei\u00f0slu gu\u00f0s.\" tabindex=\"0\">helgista\u00f0num<\/span>: H\u00fan er alls sta\u00f0ar.<\/p>\n<p>\u00d6nnur yfirf\u00e6r\u00f0 <span class=\"iwg-fachbegriff\" data-tooltip=\"Yfirf\u00e6r\u00f0 fr\u00e1s\u00f6gn um gu\u00f0i, upphaf og skipulag heimsins.\" tabindex=\"0\">go\u00f0saga<\/span> er \u00fe\u00e1tturinn um Pr\u00edapos. Eina n\u00f3tt \u00e1 veislu gu\u00f0anna sofnar Hest\u00eda og hinn lostafulli Pr\u00edapos reynir a\u00f0 n\u00e1lgast hana. Asni S\u00edlenosar finnur lyktina af tilrauninni og hrekur svo h\u00e1tt a\u00f0 Hest\u00eda vaknar; Pr\u00edapos fl\u00fdr ni\u00f0url\u00e6g\u00f0ur undan h\u00e1\u00f0i hinna gu\u00f0anna.<\/p><p>Hest\u00eda helgar asnanum h\u00e1t\u00ed\u00f0arf\u00f3rn \u00ed \u00feakkl\u00e6tisskyni, og \u00feess vegna var asna \u00e1rlega f\u00f3rna\u00f0 e\u00f0a hei\u00f0ra\u00f0ur \u00ed Lampsakos og \u00ed r\u00f3mverskum helgist\u00f6\u00f0um Pr\u00edaposar (\u00d3v\u00ed\u00f0, Fasti VI, 319 til 348).<\/p>\n<p>Auk \u00feess er Hest\u00edu geti\u00f0 \u00ed stuttu m\u00e1li \u00ed gu\u00f0askr\u00e1m Hes\u00edodosar og \u00ed orf\u00edsku s\u00e1lmunum, en engar sj\u00e1lfst\u00e6\u00f0ar fr\u00e1sagnaeiningar er a\u00f0 finna. \u00deessi go\u00f0sagnalega kyrr\u00f0 stendur \u00ed m\u00f3ts\u00f6gn vi\u00f0 hina tr\u00faarlegu aln\u00e6rveru gy\u00f0junnar og er kjarninn \u00ed s\u00e9rst\u00e6\u00f0u e\u00f0li hennar.<\/p><p>Pl\u00fatarkos (Numa 11) greinir fr\u00e1 \u00fev\u00ed a\u00f0 sumir gu\u00f0fr\u00e6\u00f0ingar hafi l\u00fdst Hest\u00edu sem j\u00f6r\u00f0inni sj\u00e1lfri, \u00fev\u00ed h\u00fan s\u00e9 hinn kyrri mi\u00f0punktur sem himintunglin sn\u00faist um; \u00feetta er heimspekilegar huglei\u00f0ingar sem tengjast p\u00fd\u00feag\u00f3r\u00edskri kenningu um \u201emi\u00f0eldinn\u201c.<\/p>\n<p>Hin orf\u00edska hef\u00f0 gefur Hest\u00edu enn eina alheimslega v\u00eddd: H\u00fan er s\u00f6g\u00f0 vera s\u00e1l heimsins, eldurinn sem heldur efninu saman. \u00deessi t\u00falkun er sett fram me\u00f0 berum or\u00f0um \u00ed orf\u00edsku s\u00e1lmunum (nr. 84) og er bygg\u00f0 upp \u00e1 kerfisbundinn h\u00e1tt \u00ed n\u00fdplatonisma. Pr\u00f3klos samsamar Hest\u00edu vi\u00f0 s\u00e1larlegan mi\u00f0punkt heimsins, sem eykur verulega gu\u00f0fr\u00e6\u00f0ilega vir\u00f0ingu hennar \u00e1 <span class=\"iwg-fachbegriff\" data-tooltip=\"Umbreytingart\u00edmabil milli fornaldar og mi\u00f0alda, um \u00fea\u00f0 bil 3. til 7. \u00f6ld.\" tabindex=\"0\">s\u00ed\u00f0forn\u00f6ld<\/span>.<\/p>\t\t\t\t\t\t\t\t<\/div>\n\t\t\t\t<\/div>\n\t\t<div class=\"elementor-element elementor-element-7925c7c e-con-full e-flex e-con e-child\" data-id=\"7925c7c\" data-element_type=\"container\" data-e-type=\"container\">\n\t\t\t\t<div class=\"elementor-element elementor-element-b17dc0a elementor-widget elementor-widget-heading\" data-id=\"b17dc0a\" data-element_type=\"widget\" data-e-type=\"widget\" data-widget_type=\"heading.default\">\n\t\t\t\t\t<h2 class=\"elementor-heading-title elementor-size-default\">Tengsl innan go\u00f0aheimsins<\/h2>\t\t\t\t<\/div>\n\t\t\t\t<div class=\"elementor-element elementor-element-728af1c elementor-widget elementor-widget-text-editor\" data-id=\"728af1c\" data-element_type=\"widget\" data-e-type=\"widget\" data-widget_type=\"text-editor.default\">\n\t\t\t\t\t\t\t\t\t<p>Hest\u00eda stendur \u00ed <span class=\"iwg-fachbegriff\" data-tooltip=\"Heild gu\u00f0a \u00ed tr\u00faarbr\u00f6g\u00f0um e\u00f0a menningu.\" tabindex=\"0\">go\u00f0aveldi<\/span>nu \u00ed tengslum vi\u00f0 hvern annan gu\u00f0 sem einkennist af hlj\u00f3\u00f0l\u00e1tri forgangsst\u00f6\u00f0u. \u00cd hverri <span class=\"iwg-fachbegriff\" data-tooltip=\"Gj\u00f6f til gu\u00f0s til a\u00f0 tj\u00e1 \u00feakkl\u00e6ti, b\u00e6n e\u00f0a lotning.\" tabindex=\"0\">f\u00f3rn<\/span> f\u00e6r h\u00fan hlut sinn fyrst, sem \u00fe\u00fd\u00f0ir a\u00f0 h\u00fan er \u00ed e\u00f0li s\u00ednu vi\u00f0st\u00f6dd \u00ed \u00f6llum \u00f6\u00f0rum ath\u00f6fnum gu\u00f0anna.<\/p><p>Me\u00f0 Seifi, br\u00f3\u00f0ur s\u00ednum, deilir h\u00fan sameiginlegri vernd hinnar p\u00f3lit\u00edsku skipunar: \u00dear sem Seifur t\u00e1knar hina heimslegu, yfirgripsmiklu p\u00f3lit\u00edsku skipun, stendur Hest\u00eda fyrir hina sta\u00f0bundnu p\u00f3lit\u00edsku skipun borgr\u00edkisins. Saman myndu \u00feau tv\u00f6 hi\u00f0 gu\u00f0fr\u00e6\u00f0ilega bindiefni gr\u00edsku borgar\u00e1tr\u00faarins.<\/p>\n<p>Me\u00f0 Heru deilir h\u00fan hinu tignarlega e\u00f0li elstu kynsl\u00f3\u00f0ar \u00d3lympsgu\u00f0anna, en hlutverkin eru vandlega a\u00f0skilin: Hera verndar hi\u00f0 l\u00f6gm\u00e6ta hj\u00f3naband og drottningu borgr\u00edkisins, Hest\u00eda hina kyrru mi\u00f0ju hvers heimilis.<\/p><p>Me\u00f0 Demeter, systur frj\u00f3semisgy\u00f0junnar, deilir h\u00fan hinu heimilislega e\u00f0li; en me\u00f0an Demeter verndar akrana og korni\u00f0, er Hest\u00eda bundin vi\u00f0 arineldinn sj\u00e1lfan.<\/p>\n<p>Me\u00f0 P\u00f3seidon og Apollon hefur h\u00fan gengi\u00f0 \u00ed gegnum b\u00f3nor\u00f0i\u00f0 sem enda\u00f0i me\u00f0 meyd\u00f3msei\u00f0i hennar. Hin kyrra br\u00f3\u00f0urleg tengsl vi\u00f0 b\u00e1\u00f0a halda \u00e1fram spennulaus \u00ed s\u00ed\u00f0ari hef\u00f0. Me\u00f0 Hekate deilir Hest\u00eda \u00ed nokkrum sta\u00f0bundnum hef\u00f0um arineld-<span class=\"iwg-fachbegriff\" data-tooltip=\"Heild tr\u00faarlegra tilbei\u00f0sluathafna fyrir gu\u00f0 e\u00f0a heilaga v\u00e6ttu.\" tabindex=\"0\">\u00e1tr\u00fana\u00f0inum<\/span>; \u00ed Delf\u00ed var eil\u00edfi eldurinn beinl\u00ednis nefndur \u201eHest\u00eda-Hekateion\u201c, sem var\u00f0veitir hina fornu tengingu milli arineldsins, umskipta og undirheimagy\u00f0ju \u00fer\u00f6skuldarins.<\/p><p>Me\u00f0 Hermesi sem vegagu\u00f0i og verndara samgangna stendur Hest\u00eda \u00ed fallegu, gagnst\u00e6\u00f0u sambandi sem Arist\u00f3teles setti fram: Hest\u00eda er hi\u00f0 innra og varanlega, Hermes hi\u00f0 ytra og hreyfanlega.<\/p>\t\t\t\t\t\t\t\t<\/div>\n\t\t\t\t<\/div>\n\t\t<div class=\"elementor-element elementor-element-110c6cd e-con-full e-flex e-con e-child\" data-id=\"110c6cd\" data-element_type=\"container\" data-e-type=\"container\">\n\t\t\t\t<div class=\"elementor-element elementor-element-e90d186 elementor-widget elementor-widget-heading\" data-id=\"e90d186\" data-element_type=\"widget\" data-e-type=\"widget\" data-widget_type=\"heading.default\">\n\t\t\t\t\t<h2 class=\"elementor-heading-title elementor-size-default\">M\u00f3ttaka<\/h2>\t\t\t\t<\/div>\n\t\t\t\t<div class=\"elementor-element elementor-element-36666e5 elementor-widget elementor-widget-text-editor\" data-id=\"36666e5\" data-element_type=\"widget\" data-e-type=\"widget\" data-widget_type=\"text-editor.default\">\n\t\t\t\t\t\t\t\t\t<p>R\u00f3mversk sams\u00f6mun vi\u00f0 Vestu (Vesta) er lang\u00e1hrifamesta stofnanabundna form d\u00fdrkunarins yfirleitt. Vesta var \u00ed R\u00f3m sj\u00e1lfst\u00e6\u00f0 forn\u00edt\u00f6lsk gy\u00f0ja, en <span class=\"iwg-fachbegriff\" data-tooltip=\"Bygging sem er tileinku\u00f0 tilbei\u00f0slu einnar e\u00f0a fleiri gu\u00f0vera.\" tabindex=\"0\">hof<\/span> hennar \u00e1 Forum Romanum var tali\u00f0 mi\u00f0punktur r\u00f3mverskrar r\u00edkistr\u00faar.<\/p><p>Sex vestumeyjar, valdar \u00e1 aldrinum sex til t\u00edu \u00e1ra, \u00fej\u00f3nu\u00f0u Vestud\u00fdrkuninni \u00ed \u00ferj\u00e1t\u00edu \u00e1r: t\u00edu \u00e1r sem n\u00fdli\u00f0ar, t\u00edu \u00e1r sem starfandi prestynjur og t\u00edu \u00e1r sem kennarar hinna yngri.<\/p><p>\u00de\u00e6r h\u00e9ldu eil\u00edfum eldi Vestuhofsins lifandi, g\u00e6ttu Pallad\u00edumsins (styttunnar af A\u00feenu sem bjarga\u00f0 var \u00far Tr\u00f3juborg), v\u00f6ktu\u00f0u ei\u00f0a emb\u00e6ttismanna og hlutu r\u00e9ttarst\u00f6\u00f0u sem jafngilti st\u00f6\u00f0u frj\u00e1lsrar borgarasj\u00e1lfst\u00e6\u00f0rar konu, sui iuris. Ef vestumey braut sk\u00edrl\u00edfisheit sitt var h\u00fan m\u00faru\u00f0 lifandi inni \u00e1 Campus Sceleratus.<\/p>\n<p>Eil\u00edfur eldur Vestu brann allt til tilskipunar \u00dee\u00f3d\u00f3s\u00edusar I. \u00e1ri\u00f0 394 \u00ed kristnu t\u00edmatali, sem l\u00e9t loka <span class=\"iwg-fachbegriff\" data-tooltip=\"Bygging sem er tileinku\u00f0 tilbei\u00f0slu einnar e\u00f0a fleiri gu\u00f0vera.\" tabindex=\"0\">hofinu<\/span>. \u00dear me\u00f0 lauk elstu \u00f3slitnu gu\u00f0ad\u00fdrkun r\u00f3mverska heimsins.<\/p><p>\u00c1 mi\u00f0\u00f6ldum lif\u00f0i minningin um Vestu \u00e1fram \u00ed saml\u00edkingahandb\u00f3kum og \u00ed hugmyndinni um hreinleika og tr\u00fafesti. Endurreisnart\u00edmabili\u00f0 f\u00e6r\u00f0i me\u00f0 s\u00e9r, me\u00f0 styttu Camillo Marianis (fr\u00e1 lokum sext\u00e1ndu aldar) og me\u00f0 fj\u00f6lm\u00f6rgum Vestu-saml\u00edkingum \u00ed st\u00f3rum \u00edt\u00f6lskum h\u00f6llum, h\u00faman\u00edska enduruppt\u00f6ku \u00feessarar veru.<\/p>\n<p>\u00c1 n\u00edtj\u00e1ndu \u00f6ld var\u00f0 Hest\u00eda-Vesta <span class=\"iwg-fachbegriff\" data-tooltip=\"T\u00e1kn sem stendur fyrir hugmynd e\u00f0a merkingu.\" tabindex=\"0\">t\u00e1kn<\/span> borgaralegs heimilisl\u00edfs og kvenlegrar sj\u00e1lfsf\u00f3rnar \u00e1 heimilinu; \u00feessi t\u00falkun var s\u00ed\u00f0an tekin til gagnr\u00fdninnar endursko\u00f0unar af fem\u00edn\u00edskum go\u00f0afr\u00e6\u00f0iranns\u00f3knum \u00e1 s\u00ed\u00f0ari hluta tuttugustu aldar.<\/p><p>Jean Shinoda Bolen (\u00abGoddesses in Everywoman\u00bb, 1984) ger\u00f0i Hest\u00edu a\u00f0 frumger\u00f0 hinnar innhverfu, \u00edhugulu konu. \u00cd n\u00fat\u00edma \u00d3lymp\u00eduhef\u00f0inni (fr\u00e1 1936) er \u00d3lymp\u00edueldurinn t\u00e1knr\u00e6nt tendra\u00f0ur \u00e1 sk\u00e1l sem l\u00edkist Hest\u00edu-sk\u00e1l \u00ed Olymp\u00edu, sem framlengir hinn forna <span class=\"iwg-fachbegriff\" data-tooltip=\"Hef\u00f0bundin ath\u00f6fn sem samf\u00e9lag endurtekur reglulega.\" tabindex=\"0\">si\u00f0<\/span> Hest\u00edu-eldsins \u00ed Pr\u00fdtaneion.<\/p>\t\t\t\t\t\t\t\t<\/div>\n\t\t\t\t<\/div>\n\t\t<div class=\"elementor-element elementor-element-7dbe882 e-con-full e-flex e-con e-child\" data-id=\"7dbe882\" data-element_type=\"container\" data-e-type=\"container\">\n\t\t\t\t<div class=\"elementor-element elementor-element-fa10bdc elementor-widget elementor-widget-heading\" data-id=\"fa10bdc\" data-element_type=\"widget\" data-e-type=\"widget\" data-widget_type=\"heading.default\">\n\t\t\t\t\t<h2 class=\"elementor-heading-title elementor-size-default\">Tr\u00faarfr\u00e6\u00f0ileg sta\u00f0setning<\/h2>\t\t\t\t<\/div>\n\t\t\t\t<div class=\"elementor-element elementor-element-613cda1 elementor-widget elementor-widget-text-editor\" data-id=\"613cda1\" data-element_type=\"widget\" data-e-type=\"widget\" data-widget_type=\"text-editor.default\">\n\t\t\t\t\t\t\t\t\t<p>Uppruni nafnsins Hest\u00eda er sk\u00fdr: \u00dea\u00f0 samsvarar almennu gr\u00edsku or\u00f0i fyrir arinn (hestia) og er tengt latneska \u00abVesta\u00bb, fornindverska \u00abv\u0101stu\u00bb (b\u00fasta\u00f0ur) og avestneska \u00abv\u0101stry\u014d\u00bb (h\u00fasb\u00f3ndi).<\/p><p>Frumind\u00f3evr\u00f3pska r\u00f3tin \u00ab*ues-\u00bb (a\u00f0 dvelja, b\u00faa) v\u00edsar til hinnar mi\u00f0l\u00e6gu merkingar a\u00f0 sta\u00f0n\u00e6mast og b\u00faa. \u00dear me\u00f0 er Hest\u00eda ein af f\u00e1um \u00f3lymp\u00edskum gu\u00f0um \u00fear sem ind\u00f3evr\u00f3pskur uppruni er \u00f6rugglega sta\u00f0festur.<\/p>\n<p>\u00cd ind\u00f3evr\u00f3pskum samanbur\u00f0i samsvarar Hest\u00eda fornri arinsgy\u00f0ju sem einnig var\u00f0veitist \u00ed \u00edr\u00f6nskum tr\u00faarbr\u00f6g\u00f0um (jasatinn \u00ab\u0100tar\u00bb, eldur) og \u00ed indverskum tr\u00faarbr\u00f6g\u00f0um (Agni og h\u00fasfreyjan V\u0101sto\u1e63pati).<\/p><p>S\u00fa si\u00f0venja a\u00f0 tilbi\u00f0ja arininn vi\u00f0 inng\u00f6ngu \u00ed n\u00fdja fj\u00f6lskyldu er svipu\u00f0 \u00ed baltneskri, slavneskri, germanskri og gr\u00edskri hef\u00f0, sem bendir til mj\u00f6g forns sameiginlegs lags. Georges Dum\u00e9zil felldi Hest\u00edu \u00fe\u00f3 ekki sk\u00fdrt undir neina af s\u00ednum \u00feremur virknum, heldur er h\u00fan hugsu\u00f0 sem \u00abgrunnur virkninnar\u00bb, \u00fea\u00f0 er forsenda hverrar virkni.<\/p>\n<p>Walter Burkert dr\u00f3 fram gu\u00f0fr\u00e6\u00f0ilegt r\u00f6kvit Hest\u00edu \u00ed \u00abGriechische Religion\u00bb: H\u00fan er gy\u00f0ja hins varanlega, sem tryggir samfellu borgr\u00edkisins og fj\u00f6lskyldunnar me\u00f0 s\u00edfelldum eldinum. Alls sta\u00f0ar n\u00e6rvera hennar \u00ed helgisi\u00f0um er tj\u00e1ning <span class=\"iwg-fachbegriff\" data-tooltip=\"Fr\u00e6\u00f0igreinin um Gu\u00f0 og tr\u00fa innan tr\u00faarbrag\u00f0a.\" tabindex=\"0\">gu\u00f0fr\u00e6\u00f0i<\/span> sem stillir ekki hinu varanlega upp \u00e1 m\u00f3ti hinu hverfla, heldur vi\u00f0urkennir \u00fea\u00f0 sem forsendu \u00feess.<\/p><p>Robert Parker greindi kerfisbundi\u00f0 hi\u00f0 p\u00f3lit\u00edska hlutverk Hest\u00edu \u00ed Pr\u00fdtaneion-<span class=\"iwg-fachbegriff\" data-tooltip=\"Heild tr\u00faarlegra tilbei\u00f0sluathafna gagnvart gu\u00f0veru e\u00f0a heilagri v\u00e6ttu.\" tabindex=\"0\">d\u00fdrkuninni<\/span> \u00ed \u00abAthenian Religion\u00bb (1996) og s\u00fdndi hvernig vir\u00f0ingart\u00e1knfr\u00e6\u00f0i a\u00feenskrar l\u00fd\u00f0r\u00e6\u00f0is kristalla\u00f0ist \u00ed henni. \u00cd yngri fem\u00edn\u00edskum go\u00f0afr\u00e6\u00f0iranns\u00f3knum (t.d. Christine Downing) f\u00e6r Hest\u00eda n\u00fdja athygli sem fyrirmynd hinnar \u00f3virku, \u00edhugulu mi\u00f0ju.<\/p>\t\t\t\t\t\t\t\t<\/div>\n\t\t\t\t<\/div>\n\t\t<div class=\"elementor-element elementor-element-9e7eac7 e-con-full e-flex e-con e-child\" data-id=\"9e7eac7\" data-element_type=\"container\" data-e-type=\"container\">\n\t\t\t\t<div class=\"elementor-element elementor-element-fdeb848 elementor-widget elementor-widget-heading\" data-id=\"fdeb848\" data-element_type=\"widget\" data-e-type=\"widget\" data-widget_type=\"heading.default\">\n\t\t\t\t\t<h2 class=\"elementor-heading-title elementor-size-default\">Heimildir<\/h2>\t\t\t\t<\/div>\n\t\t\t\t<div class=\"elementor-element elementor-element-fa8cf0b elementor-widget elementor-widget-text-editor\" data-id=\"fa8cf0b\" data-element_type=\"widget\" data-e-type=\"widget\" data-widget_type=\"text-editor.default\">\n\t\t\t\t\t\t\t\t\t<div data-nosnippet=\"true\"><p>Hes\u00edodos, \u00abGu\u00f0akynsl\u00f3\u00f0in\u00bb (Theogon\u00eda) 453 til 458. H\u00f3merskur s\u00e1lmur til Afr\u00f3d\u00edtu, l\u00ednur 21 til 32; H\u00f3merskir s\u00e1lmar 24 og 29 (til Hest\u00edu). P\u00e1san\u00edas, \u00abL\u00fdsing Grikklands\u00bb I, 18, 3 (Pr\u00fdtaneion A\u00feenu), II, 35, 1 (Ermione), V, 15, 8 til 9 (Olymp\u00eda), X, 24, 4 (Pr\u00fdtaneion Delf\u00ed). D\u00ed\u00f3d\u00f3ros, \u00abBibliotheke historica\u00bb V, 68, 1. \u00d3vid\u00edus, \u00abFasti\u00bb VI, 249 til 460 (Vestudagurinn).<\/p><p>Pl\u00fatarkos, \u00abNuma\u00bb 9 til 11. Walter Burkert, \u00abGriechische Religion der archaischen und klassischen Epoche\u00bb, Stuttgart 1977. Karl Ker\u00e9nyi, \u00abDie <span class=\"iwg-fachbegriff\" data-tooltip=\"Heild \u00feeirra go\u00f0sagna sem var\u00f0veist hafa innan menningarsamf\u00e9lags.\" tabindex=\"0\">Mythologie<\/span> der Griechen\u00bb, Z\u00fcrich 1951. Robert Parker, \u00abAthenian Religion. A History\u00bb, Oxford 1996. Mary Beard, John North, Simon Price, \u00abReligions of Rome\u00bb, Cambridge 1998 (um Vestu-<span class=\"iwg-fachbegriff\" data-tooltip=\"Heild tr\u00faarlegra tilbei\u00f0sluathafna gagnvart gu\u00f0veru e\u00f0a heilagri v\u00e6ttu.\" tabindex=\"0\">d\u00fdrkunina<\/span>).<\/p><\/div>\t\t\t\t\t\t\t\t<\/div>\n\t\t\t\t<\/div>\n\t\t\t\t\t<\/div>\n\t\t\t\t<\/div>\n\t\t\t\t<\/div>\n\t\t","protected":false},"excerpt":{"rendered":"","protected":false},"author":3,"featured_media":2985,"parent":0,"menu_order":0,"comment_status":"closed","ping_status":"closed","template":"elementor_header_footer","meta":{"_yoast_wpseo_focuskw":"Hest\u00eda","_yoast_wpseo_title":"Hest\u00eda \u2013 Gy\u00f0ja arineldsins og heimilisins | iWell Guard","_yoast_wpseo_metadesc":"Hest\u00eda er gy\u00f0ja arineldsins, hins heimilislega og \u00fej\u00f3\u00f0f\u00e9lagslega skipulags. Elsta d\u00f3ttir Kr\u00f3nosar, meyd\u00f3mur hennar er \u00f3rofin og h\u00fan er vi\u00f0st\u00f6dd s\u00e9rhverja f\u00f3rn.","_yoast_wpseo_meta-robots-noindex":"","_yoast_wpseo_canonical":"","_angie_page":false,"gefaehrdungsstufe":"","wesen_kultur":"","wesen_klasse":"","footnotes":""},"categories":[],"class_list":["post-169051","page","type-page","status-publish","has-post-thumbnail","hentry"],"yoast_head":"<!-- This site is optimized with the Yoast SEO Premium plugin v27.7 (Yoast SEO v28.3) - https:\/\/yoast.com\/product\/yoast-seo-premium-wordpress\/ -->\n<title>Hest\u00eda \u2013 Gy\u00f0ja arineldsins og heimilisins | iWell Guard<\/title>\n<meta name=\"description\" content=\"Hest\u00eda er gy\u00f0ja arineldsins, hins heimilislega og \u00fej\u00f3\u00f0f\u00e9lagslega skipulags. Elsta d\u00f3ttir Kr\u00f3nosar, meyd\u00f3mur hennar er \u00f3rofin og h\u00fan er vi\u00f0st\u00f6dd s\u00e9rhverja f\u00f3rn.\" \/>\n<meta name=\"robots\" content=\"index, follow, max-snippet:-1, max-image-preview:large, max-video-preview:-1\" \/>\n<link rel=\"canonical\" href=\"https:\/\/iwell-guard.com\/is\/hestia\/\" \/>\n<meta property=\"og:locale\" content=\"is_IS\" \/>\n<meta property=\"og:type\" content=\"article\" \/>\n<meta property=\"og:title\" content=\"Hest\u00eda\" \/>\n<meta property=\"og:description\" content=\"Hest\u00eda er gy\u00f0ja arineldsins, hins heimilislega og \u00fej\u00f3\u00f0f\u00e9lagslega skipulags. Elsta d\u00f3ttir Kr\u00f3nosar, meyd\u00f3mur hennar er \u00f3rofin og h\u00fan er vi\u00f0st\u00f6dd s\u00e9rhverja f\u00f3rn.\" \/>\n<meta property=\"og:url\" content=\"https:\/\/iwell-guard.com\/is\/hestia\/\" \/>\n<meta property=\"og:site_name\" content=\"iWell Guard\" \/>\n<meta property=\"article:modified_time\" content=\"2026-09-05T14:31:02+00:00\" \/>\n<meta property=\"og:image\" content=\"https:\/\/iwell-guard.com\/wp-content\/uploads\/2026\/05\/goetter_griechenland_hestia.webp\" \/>\n\t<meta property=\"og:image:width\" content=\"1024\" \/>\n\t<meta property=\"og:image:height\" content=\"1536\" \/>\n\t<meta property=\"og:image:type\" content=\"image\/webp\" \/>\n<meta name=\"twitter:card\" content=\"summary_large_image\" \/>\n<script type=\"application\/ld+json\" class=\"yoast-schema-graph\">{\"@context\":\"https:\\\/\\\/schema.org\",\"@graph\":[{\"@type\":\"WebPage\",\"@id\":\"https:\\\/\\\/iwell-guard.com\\\/is\\\/hestia\\\/\",\"url\":\"https:\\\/\\\/iwell-guard.com\\\/is\\\/hestia\\\/\",\"name\":\"Hest\u00eda \u2013 Gy\u00f0ja arineldsins og heimilisins | iWell Guard\",\"isPartOf\":{\"@id\":\"https:\\\/\\\/iwell-guard.com\\\/is\\\/#website\"},\"primaryImageOfPage\":{\"@id\":\"https:\\\/\\\/iwell-guard.com\\\/is\\\/hestia\\\/#primaryimage\"},\"image\":{\"@id\":\"https:\\\/\\\/iwell-guard.com\\\/is\\\/hestia\\\/#primaryimage\"},\"thumbnailUrl\":\"https:\\\/\\\/iwell-guard.com\\\/wp-content\\\/uploads\\\/2026\\\/05\\\/goetter_griechenland_hestia.webp\",\"datePublished\":\"2026-09-05T14:05:09+00:00\",\"dateModified\":\"2026-09-05T14:31:02+00:00\",\"description\":\"Hest\u00eda er gy\u00f0ja arineldsins, hins heimilislega og \u00fej\u00f3\u00f0f\u00e9lagslega skipulags. Elsta d\u00f3ttir Kr\u00f3nosar, meyd\u00f3mur hennar er \u00f3rofin og h\u00fan er vi\u00f0st\u00f6dd s\u00e9rhverja f\u00f3rn.\",\"breadcrumb\":{\"@id\":\"https:\\\/\\\/iwell-guard.com\\\/is\\\/hestia\\\/#breadcrumb\"},\"inLanguage\":\"is\",\"potentialAction\":[{\"@type\":\"ReadAction\",\"target\":[\"https:\\\/\\\/iwell-guard.com\\\/is\\\/hestia\\\/\"]}]},{\"@type\":\"ImageObject\",\"inLanguage\":\"is\",\"@id\":\"https:\\\/\\\/iwell-guard.com\\\/is\\\/hestia\\\/#primaryimage\",\"url\":\"https:\\\/\\\/iwell-guard.com\\\/wp-content\\\/uploads\\\/2026\\\/05\\\/goetter_griechenland_hestia.webp\",\"contentUrl\":\"https:\\\/\\\/iwell-guard.com\\\/wp-content\\\/uploads\\\/2026\\\/05\\\/goetter_griechenland_hestia.webp\",\"width\":1024,\"height\":1536,\"caption\":\"Gu\u00f0ir \u00far gr\u00edskri hef\u00f0.\"},{\"@type\":\"BreadcrumbList\",\"@id\":\"https:\\\/\\\/iwell-guard.com\\\/is\\\/hestia\\\/#breadcrumb\",\"itemListElement\":[{\"@type\":\"ListItem\",\"position\":1,\"name\":\"Start\",\"item\":\"https:\\\/\\\/iwell-guard.com\\\/is\\\/?page_id=168580\"},{\"@type\":\"ListItem\",\"position\":2,\"name\":\"Hest\u00eda\"}]},{\"@type\":\"WebSite\",\"@id\":\"https:\\\/\\\/iwell-guard.com\\\/is\\\/#website\",\"url\":\"https:\\\/\\\/iwell-guard.com\\\/is\\\/\",\"name\":\"iWell Guard\",\"description\":\"Schutz vor dunklen Einfl\u00fcssen\",\"publisher\":{\"@id\":\"https:\\\/\\\/iwell-guard.com\\\/is\\\/#organization\"},\"potentialAction\":[{\"@type\":\"SearchAction\",\"target\":{\"@type\":\"EntryPoint\",\"urlTemplate\":\"https:\\\/\\\/iwell-guard.com\\\/is\\\/?s={search_term_string}\"},\"query-input\":{\"@type\":\"PropertyValueSpecification\",\"valueRequired\":true,\"valueName\":\"search_term_string\"}}],\"inLanguage\":\"is\"},{\"@type\":\"Organization\",\"@id\":\"https:\\\/\\\/iwell-guard.com\\\/is\\\/#organization\",\"name\":\"Ittermann electronic GmbH\",\"url\":\"https:\\\/\\\/iwell-guard.com\\\/is\\\/\",\"logo\":{\"@type\":\"ImageObject\",\"inLanguage\":\"is\",\"@id\":\"https:\\\/\\\/iwell-guard.com\\\/is\\\/#\\\/schema\\\/logo\\\/image\\\/\",\"url\":\"https:\\\/\\\/iwell-guard.com\\\/wp-content\\\/uploads\\\/2026\\\/05\\\/Ittermann-Logo-1182x237-1.png\",\"contentUrl\":\"https:\\\/\\\/iwell-guard.com\\\/wp-content\\\/uploads\\\/2026\\\/05\\\/Ittermann-Logo-1182x237-1.png\",\"width\":1182,\"height\":237,\"caption\":\"Ittermann electronic GmbH\"},\"image\":{\"@id\":\"https:\\\/\\\/iwell-guard.com\\\/is\\\/#\\\/schema\\\/logo\\\/image\\\/\"},\"sameAs\":[\"https:\\\/\\\/pantip.com\\\/profile\\\/9367242\",\"https:\\\/\\\/micro.blog\\\/iwellguard\",\"https:\\\/\\\/www.diggerslist.com\\\/iwellguard\\\/about\",\"https:\\\/\\\/skitterphoto.com\\\/photographers\\\/2870314\\\/iwell-guard\",\"https:\\\/\\\/iwellguard.wordpress.com\\\/2026\\\/06\\\/06\\\/iwell-guard\\\/\",\"https:\\\/\\\/hub.docker.com\\\/u\\\/iwellguard\",\"https:\\\/\\\/www.pinterest.com\\\/iwellguard\\\/\",\"https:\\\/\\\/bit.ly\\\/m\\\/iwellguard\",\"https:\\\/\\\/entre-vos-mains.alsace.eu\\\/profiles\\\/iwellguard\\\/activity\",\"https:\\\/\\\/gravatar.com\\\/reallybeded8fd34\",\"https:\\\/\\\/naijamatta.com\\\/iwellguard\",\"https:\\\/\\\/www.goodreads.com\\\/iwellguard\",\"https:\\\/\\\/profile.hatena.ne.jp\\\/iwellguard\\\/\",\"https:\\\/\\\/experiment.com\\\/users\\\/iwellguard\",\"https:\\\/\\\/wakelet.com\\\/@iWellGuard82270\",\"https:\\\/\\\/www.chordie.com\\\/forum\\\/profile.php?id=2555664\",\"https:\\\/\\\/www.instapaper.com\\\/p\\\/17757966\",\"https:\\\/\\\/www.mapleprimes.com\\\/users\\\/iwellguard\",\"https:\\\/\\\/businesslistingplus.com\\\/profile\\\/iwell-guard\\\/\",\"https:\\\/\\\/telegra.ph\\\/iWell-Guard-06-06\",\"https:\\\/\\\/pbase.com\\\/iwellguard\\\/iwellguard\",\"https:\\\/\\\/b.hatena.ne.jp\\\/iwellguard\\\/20260607#bookmark-4788405196491818882\",\"https:\\\/\\\/fliphtml5.com\\\/home\\\/iwellguard\",\"https:\\\/\\\/anyflip.com\\\/homepage\\\/cmiwl#About\",\"https:\\\/\\\/transfur.com\\\/Users\\\/iwellguard\",\"http:\\\/\\\/delphi.larsbo.org\\\/user\\\/iwellguard\",\"https:\\\/\\\/jobs.lajobsportal.org\\\/profiles\\\/8380803-iwell-guard\",\"https:\\\/\\\/md.chaosdorf.de\\\/s\\\/jfbe5SBdJD\",\"https:\\\/\\\/www.lingvolive.com\\\/en-us\\\/profile\\\/9ecaeaca-ce11-4e51-9e71-01d55e2bff36\\\/translations\",\"https:\\\/\\\/www.fitday.com\\\/fitness\\\/forums\\\/members\\\/iwellguard.html\",\"https:\\\/\\\/www.mymeetbook.com\\\/iwellguard\",\"https:\\\/\\\/pxhere.com\\\/en\\\/photographer-me\\\/5040798\",\"https:\\\/\\\/disqus.com\\\/by\\\/iwellguard\\\/about\\\/\",\"https:\\\/\\\/pastelink.net\\\/hjwciqwq\",\"https:\\\/\\\/pubhtml5.com\\\/homepage\\\/scjhn\\\/\",\"https:\\\/\\\/www.bitchute.com\\\/channel\\\/2O2eOKzNqujT\",\"https:\\\/\\\/audiomack.com\\\/iwellguard\"]}]}<\/script>\n<!-- \/ Yoast SEO Premium plugin. -->","yoast_head_json":{"title":"Hest\u00eda \u2013 Gy\u00f0ja arineldsins og heimilisins | iWell Guard","description":"Hest\u00eda er gy\u00f0ja arineldsins, hins heimilislega og \u00fej\u00f3\u00f0f\u00e9lagslega skipulags. Elsta d\u00f3ttir Kr\u00f3nosar, meyd\u00f3mur hennar er \u00f3rofin og h\u00fan er vi\u00f0st\u00f6dd s\u00e9rhverja f\u00f3rn.","robots":{"index":"index","follow":"follow","max-snippet":"max-snippet:-1","max-image-preview":"max-image-preview:large","max-video-preview":"max-video-preview:-1"},"canonical":"https:\/\/iwell-guard.com\/is\/hestia\/","og_locale":"is_IS","og_type":"article","og_title":"Hest\u00eda","og_description":"Hest\u00eda er gy\u00f0ja arineldsins, hins heimilislega og \u00fej\u00f3\u00f0f\u00e9lagslega skipulags. Elsta d\u00f3ttir Kr\u00f3nosar, meyd\u00f3mur hennar er \u00f3rofin og h\u00fan er vi\u00f0st\u00f6dd s\u00e9rhverja f\u00f3rn.","og_url":"https:\/\/iwell-guard.com\/is\/hestia\/","og_site_name":"iWell Guard","article_modified_time":"2026-09-05T14:31:02+00:00","og_image":[{"width":1024,"height":1536,"url":"https:\/\/iwell-guard.com\/wp-content\/uploads\/2026\/05\/goetter_griechenland_hestia.webp","type":"image\/webp"}],"twitter_card":"summary_large_image","schema":{"@context":"https:\/\/schema.org","@graph":[{"@type":"WebPage","@id":"https:\/\/iwell-guard.com\/is\/hestia\/","url":"https:\/\/iwell-guard.com\/is\/hestia\/","name":"Hest\u00eda \u2013 Gy\u00f0ja arineldsins og heimilisins | iWell Guard","isPartOf":{"@id":"https:\/\/iwell-guard.com\/is\/#website"},"primaryImageOfPage":{"@id":"https:\/\/iwell-guard.com\/is\/hestia\/#primaryimage"},"image":{"@id":"https:\/\/iwell-guard.com\/is\/hestia\/#primaryimage"},"thumbnailUrl":"https:\/\/iwell-guard.com\/wp-content\/uploads\/2026\/05\/goetter_griechenland_hestia.webp","datePublished":"2026-09-05T14:05:09+00:00","dateModified":"2026-09-05T14:31:02+00:00","description":"Hest\u00eda er gy\u00f0ja arineldsins, hins heimilislega og \u00fej\u00f3\u00f0f\u00e9lagslega skipulags. Elsta d\u00f3ttir Kr\u00f3nosar, meyd\u00f3mur hennar er \u00f3rofin og h\u00fan er vi\u00f0st\u00f6dd s\u00e9rhverja f\u00f3rn.","breadcrumb":{"@id":"https:\/\/iwell-guard.com\/is\/hestia\/#breadcrumb"},"inLanguage":"is","potentialAction":[{"@type":"ReadAction","target":["https:\/\/iwell-guard.com\/is\/hestia\/"]}]},{"@type":"ImageObject","inLanguage":"is","@id":"https:\/\/iwell-guard.com\/is\/hestia\/#primaryimage","url":"https:\/\/iwell-guard.com\/wp-content\/uploads\/2026\/05\/goetter_griechenland_hestia.webp","contentUrl":"https:\/\/iwell-guard.com\/wp-content\/uploads\/2026\/05\/goetter_griechenland_hestia.webp","width":1024,"height":1536,"caption":"Gu\u00f0ir \u00far gr\u00edskri hef\u00f0."},{"@type":"BreadcrumbList","@id":"https:\/\/iwell-guard.com\/is\/hestia\/#breadcrumb","itemListElement":[{"@type":"ListItem","position":1,"name":"Start","item":"https:\/\/iwell-guard.com\/is\/?page_id=168580"},{"@type":"ListItem","position":2,"name":"Hest\u00eda"}]},{"@type":"WebSite","@id":"https:\/\/iwell-guard.com\/is\/#website","url":"https:\/\/iwell-guard.com\/is\/","name":"iWell Guard","description":"Schutz vor dunklen Einfl\u00fcssen","publisher":{"@id":"https:\/\/iwell-guard.com\/is\/#organization"},"potentialAction":[{"@type":"SearchAction","target":{"@type":"EntryPoint","urlTemplate":"https:\/\/iwell-guard.com\/is\/?s={search_term_string}"},"query-input":{"@type":"PropertyValueSpecification","valueRequired":true,"valueName":"search_term_string"}}],"inLanguage":"is"},{"@type":"Organization","@id":"https:\/\/iwell-guard.com\/is\/#organization","name":"Ittermann electronic GmbH","url":"https:\/\/iwell-guard.com\/is\/","logo":{"@type":"ImageObject","inLanguage":"is","@id":"https:\/\/iwell-guard.com\/is\/#\/schema\/logo\/image\/","url":"https:\/\/iwell-guard.com\/wp-content\/uploads\/2026\/05\/Ittermann-Logo-1182x237-1.png","contentUrl":"https:\/\/iwell-guard.com\/wp-content\/uploads\/2026\/05\/Ittermann-Logo-1182x237-1.png","width":1182,"height":237,"caption":"Ittermann electronic GmbH"},"image":{"@id":"https:\/\/iwell-guard.com\/is\/#\/schema\/logo\/image\/"},"sameAs":["https:\/\/pantip.com\/profile\/9367242","https:\/\/micro.blog\/iwellguard","https:\/\/www.diggerslist.com\/iwellguard\/about","https:\/\/skitterphoto.com\/photographers\/2870314\/iwell-guard","https:\/\/iwellguard.wordpress.com\/2026\/06\/06\/iwell-guard\/","https:\/\/hub.docker.com\/u\/iwellguard","https:\/\/www.pinterest.com\/iwellguard\/","https:\/\/bit.ly\/m\/iwellguard","https:\/\/entre-vos-mains.alsace.eu\/profiles\/iwellguard\/activity","https:\/\/gravatar.com\/reallybeded8fd34","https:\/\/naijamatta.com\/iwellguard","https:\/\/www.goodreads.com\/iwellguard","https:\/\/profile.hatena.ne.jp\/iwellguard\/","https:\/\/experiment.com\/users\/iwellguard","https:\/\/wakelet.com\/@iWellGuard82270","https:\/\/www.chordie.com\/forum\/profile.php?id=2555664","https:\/\/www.instapaper.com\/p\/17757966","https:\/\/www.mapleprimes.com\/users\/iwellguard","https:\/\/businesslistingplus.com\/profile\/iwell-guard\/","https:\/\/telegra.ph\/iWell-Guard-06-06","https:\/\/pbase.com\/iwellguard\/iwellguard","https:\/\/b.hatena.ne.jp\/iwellguard\/20260607#bookmark-4788405196491818882","https:\/\/fliphtml5.com\/home\/iwellguard","https:\/\/anyflip.com\/homepage\/cmiwl#About","https:\/\/transfur.com\/Users\/iwellguard","http:\/\/delphi.larsbo.org\/user\/iwellguard","https:\/\/jobs.lajobsportal.org\/profiles\/8380803-iwell-guard","https:\/\/md.chaosdorf.de\/s\/jfbe5SBdJD","https:\/\/www.lingvolive.com\/en-us\/profile\/9ecaeaca-ce11-4e51-9e71-01d55e2bff36\/translations","https:\/\/www.fitday.com\/fitness\/forums\/members\/iwellguard.html","https:\/\/www.mymeetbook.com\/iwellguard","https:\/\/pxhere.com\/en\/photographer-me\/5040798","https:\/\/disqus.com\/by\/iwellguard\/about\/","https:\/\/pastelink.net\/hjwciqwq","https:\/\/pubhtml5.com\/homepage\/scjhn\/","https:\/\/www.bitchute.com\/channel\/2O2eOKzNqujT","https:\/\/audiomack.com\/iwellguard"]}]}},"_links":{"self":[{"href":"https:\/\/iwell-guard.com\/is\/wp-json\/wp\/v2\/pages\/169051","targetHints":{"allow":["GET"]}}],"collection":[{"href":"https:\/\/iwell-guard.com\/is\/wp-json\/wp\/v2\/pages"}],"about":[{"href":"https:\/\/iwell-guard.com\/is\/wp-json\/wp\/v2\/types\/page"}],"author":[{"embeddable":true,"href":"https:\/\/iwell-guard.com\/is\/wp-json\/wp\/v2\/users\/3"}],"replies":[{"embeddable":true,"href":"https:\/\/iwell-guard.com\/is\/wp-json\/wp\/v2\/comments?post=169051"}],"version-history":[{"count":0,"href":"https:\/\/iwell-guard.com\/is\/wp-json\/wp\/v2\/pages\/169051\/revisions"}],"wp:featuredmedia":[{"embeddable":true,"href":"https:\/\/iwell-guard.com\/is\/wp-json\/wp\/v2\/media\/2985"}],"wp:attachment":[{"href":"https:\/\/iwell-guard.com\/is\/wp-json\/wp\/v2\/media?parent=169051"}],"wp:term":[{"taxonomy":"category","embeddable":true,"href":"https:\/\/iwell-guard.com\/is\/wp-json\/wp\/v2\/categories?post=169051"}],"curies":[{"name":"wp","href":"https:\/\/api.w.org\/{rel}","templated":true}]}}