{"id":169050,"date":"2026-09-05T14:05:09","date_gmt":"2026-09-05T14:05:09","guid":{"rendered":"https:\/\/iwell-guard.com\/?page_id=169050"},"modified":"2026-09-05T14:31:01","modified_gmt":"2026-09-05T14:31:01","slug":"ares","status":"publish","type":"page","link":"https:\/\/iwell-guard.com\/is\/ares\/","title":{"rendered":"Ares"},"content":{"rendered":"\t\t<div data-elementor-type=\"wp-page\" data-elementor-id=\"169050\" class=\"elementor elementor-169050 elementor-2979 elementor-bc-flex-widget\" data-elementor-post-type=\"page\">\n\t\t\t\t<div class=\"elementor-element elementor-element-91d2c45 e-flex e-con-boxed e-con e-parent\" data-id=\"91d2c45\" data-element_type=\"container\" data-e-type=\"container\" data-settings=\"{&quot;background_background&quot;:&quot;classic&quot;}\">\n\t\t\t\t\t<div class=\"e-con-inner\">\n\t\t<div class=\"elementor-element elementor-element-ee36161 e-flex e-con-boxed e-con e-child\" data-id=\"ee36161\" data-element_type=\"container\" data-e-type=\"container\">\n\t\t\t\t\t<div class=\"e-con-inner\">\n\t\t<div class=\"elementor-element elementor-element-28ed948 e-con-full e-flex e-con e-child\" data-id=\"28ed948\" data-element_type=\"container\" data-e-type=\"container\">\n\t\t\t\t<div class=\"elementor-element elementor-element-25e1651 elementor-widget elementor-widget-heading\" data-id=\"25e1651\" data-element_type=\"widget\" data-e-type=\"widget\" data-widget_type=\"heading.default\">\n\t\t\t\t\t<h1 class=\"elementor-heading-title elementor-size-default\">Ares \u2014 gr\u00edskur gu\u00f0 str\u00ed\u00f0sins<\/h1>\t\t\t\t<\/div>\n\t\t\t\t<div class=\"elementor-element elementor-element-d3eda86 elementor-widget elementor-widget-text-editor\" data-id=\"d3eda86\" data-element_type=\"widget\" data-e-type=\"widget\" data-widget_type=\"text-editor.default\">\n\t\t\t\t\t\t\t\t\t<p>Ares er \u00ed gr\u00edska <span class=\"iwg-fachbegriff\" data-tooltip=\"Heild gu\u00f0anna \u00ed tr\u00faarbr\u00f6g\u00f0um e\u00f0a menningu.\" tabindex=\"0\">pantheoninu<\/span> gu\u00f0 str\u00ed\u00f0sins, n\u00e1kv\u00e6mar sagt: gu\u00f0 hinnar taumlausu, bl\u00f3\u00f0ugu, \u00e6\u00f0isfullu orrustugle\u00f0i. Hann er \u00ed h\u00f6r\u00f0um m\u00f3ts\u00f6gnum vi\u00f0 A\u00feenu, sem t\u00e1knar hina skipul\u00f6g\u00f0u og borgr\u00edkjum s\u00e6mandi herna\u00f0ara\u00f0fer\u00f0. H\u00f3mer gefur Ares st\u00f6\u00f0ugt neikv\u00e6\u00f0 heiti: \u201emainomenos\u201c (\u00e6\u00f0isgengin), \u201ebrotoloigos\u201c (mannaey\u00f0ir), \u201eandre\u00efphontes\u201c (mannabani).<\/p><p>En \u00feessi h\u00f3merska vanvir\u00f0ing samsvarar a\u00f0eins hluta af gr\u00edskri skynjun; \u00ed Sp\u00f6rtu, \u00deebu og \u00ed \u00derak\u00edu var Ares mi\u00f0l\u00e6gur, mj\u00f6g virtur gu\u00f0, sem h\u00e1ttsettir <span class=\"iwg-fachbegriff\" data-tooltip=\"Bygging sem er notu\u00f0 til a\u00f0 tilbi\u00f0ja eina e\u00f0a fleiri gu\u00f0ir.\" tabindex=\"0\">hof<\/span> og d\u00fdrkun var helga\u00f0.<\/p><p>\u00dea\u00f0 var fyrst a\u00feenska borgr\u00edkis-<span class=\"iwg-fachbegriff\" data-tooltip=\"Fr\u00e6\u00f0igrein um gu\u00f0 og tr\u00fa innan tr\u00faarbrag\u00f0a.\" tabindex=\"0\">gu\u00f0fr\u00e6\u00f0in<\/span> sem \u00ferengdi \u00edmynd hans ni\u00f0ur \u00ed ey\u00f0ingarhli\u00f0ina. Heiti\u00f0 hans \u201eEnyalios\u201c, n\u00e1i\u00f0 tengt str\u00ed\u00f0sgy\u00f0junni Enyo, var\u00f0veitir eldra lag af \u00f3a\u00f0skilinni orrustugu\u00f0d\u00f3mi.<\/p>\n<p class=\"iwg-kwfix\">Ares er gr\u00edskur gu\u00f0 og t\u00e1knar hina \u00f3t\u00f6mdu, bl\u00f3\u00f0ugu hli\u00f0 str\u00ed\u00f0sins.<\/p>\t\t\t\t\t\t\t\t<\/div>\n\t\t\t\t<\/div>\n\t\t<div class=\"elementor-element elementor-element-35c5ef9 e-con-full e-flex e-con e-parent\" data-id=\"35c5ef9\" data-element_type=\"container\" data-e-type=\"container\">\n\t\t\t\t<div class=\"elementor-element elementor-element-5bc4078 elementor-widget elementor-widget-html\" data-id=\"5bc4078\" data-element_type=\"widget\" data-e-type=\"widget\" data-widget_type=\"html.default\">\n\t\t\t\t\t<div class=\"iwg-pill-row\"><span class=\"iwg-klasse-badge\" tabindex=\"0\" data-tooltip=\"Gu\u00f0 \/ gy\u00f0ja: Pers\u00f3nuger\u00f0 \u00e6\u00f0sta vald \u00ed go\u00f0aheimi menningar, me\u00f0 sk\u00fdrum verksvi\u00f0um \u2014 n\u00e1tt\u00faru\u00f6fl, \u00f6rl\u00f6g, str\u00ed\u00f0, frj\u00f3semi. D\u00fdrku\u00f0 me\u00f0 helgisi\u00f0um, f\u00f3rnum og hofsstofnunum.\">Gu\u00f0<\/span><a href=\"https:\/\/iwell-guard.com\/is\/grikkland\/\" class=\"iwg-kultur-badge\" tabindex=\"0\" data-tooltip=\"Tr\u00faarbr\u00f6g\u00f0 og go\u00f0afr\u00e6\u00f0i Grikklands til forna, fr\u00e1 m\u00fdkenskum t\u00edma til s\u00ed\u00f0fornaldar.\">Grikkland<\/a><\/div>\t\t\t\t<\/div>\n\t\t\t\t<\/div>\n\t\t<div class=\"elementor-element elementor-element-553fea8 e-con-full e-flex e-con e-child\" data-id=\"553fea8\" data-element_type=\"container\" data-e-type=\"container\">\n\t\t\t\t<div class=\"elementor-element elementor-element-e7f182d elementor-toc--minimized-on-tablet elementor-widget elementor-widget-table-of-contents\" data-id=\"e7f182d\" data-element_type=\"widget\" data-e-type=\"widget\" data-settings=\"{&quot;exclude_headings_by_selector&quot;:[],&quot;no_headings_message&quot;:&quot;Engar undirfyrirsagnir fundust \\u00e1 \\u00feessari s\\u00ed\\u00f0u.&quot;,&quot;headings_by_tags&quot;:[&quot;h2&quot;,&quot;h3&quot;],&quot;marker_view&quot;:&quot;bullets&quot;,&quot;icon&quot;:{&quot;value&quot;:&quot;fas fa-circle&quot;,&quot;library&quot;:&quot;fa-solid&quot;,&quot;rendered_tag&quot;:&quot;&lt;svg class=\\&quot;e-font-icon-svg e-fas-circle\\&quot; viewBox=\\&quot;0 0 512 512\\&quot; xmlns=\\&quot;http:\\\/\\\/www.w3.org\\\/2000\\\/svg\\&quot;&gt;&lt;path d=\\&quot;M256 8C119 8 8 119 8 256s111 248 248 248 248-111 248-248S393 8 256 8z\\&quot;&gt;&lt;\\\/path&gt;&lt;\\\/svg&gt;&quot;},&quot;minimize_box&quot;:&quot;yes&quot;,&quot;minimized_on&quot;:&quot;tablet&quot;,&quot;hierarchical_view&quot;:&quot;yes&quot;,&quot;min_height&quot;:{&quot;unit&quot;:&quot;px&quot;,&quot;size&quot;:&quot;&quot;,&quot;sizes&quot;:[]},&quot;min_height_tablet&quot;:{&quot;unit&quot;:&quot;px&quot;,&quot;size&quot;:&quot;&quot;,&quot;sizes&quot;:[]},&quot;min_height_mobile&quot;:{&quot;unit&quot;:&quot;px&quot;,&quot;size&quot;:&quot;&quot;,&quot;sizes&quot;:[]}}\" data-widget_type=\"table-of-contents.default\">\n\t\t\t\t\t\t\t\t\t<div class=\"elementor-toc__header\">\n\t\t\t\t\t\t<h2 class=\"elementor-toc__header-title\">\n\t\t\t\tEfnisyfirlit\t\t\t<\/h2>\n\t\t\t\t\t\t\t\t\t\t<div class=\"elementor-toc__toggle-button elementor-toc__toggle-button--expand\" role=\"button\" tabindex=\"0\" aria-controls=\"elementor-toc__e7f182d\" aria-expanded=\"true\" aria-label=\"Open table of contents\"><svg aria-hidden=\"true\" class=\"e-font-icon-svg e-fas-chevron-down\" viewBox=\"0 0 448 512\" xmlns=\"http:\/\/www.w3.org\/2000\/svg\"><path d=\"M207.029 381.476L12.686 187.132c-9.373-9.373-9.373-24.569 0-33.941l22.667-22.667c9.357-9.357 24.522-9.375 33.901-.04L224 284.505l154.745-154.021c9.379-9.335 24.544-9.317 33.901.04l22.667 22.667c9.373 9.373 9.373 24.569 0 33.941L240.971 381.476c-9.373 9.372-24.569 9.372-33.942 0z\"><\/path><\/svg><\/div>\n\t\t\t\t<div class=\"elementor-toc__toggle-button elementor-toc__toggle-button--collapse\" role=\"button\" tabindex=\"0\" aria-controls=\"elementor-toc__e7f182d\" aria-expanded=\"true\" aria-label=\"Close table of contents\"><svg aria-hidden=\"true\" class=\"e-font-icon-svg e-fas-chevron-up\" viewBox=\"0 0 448 512\" xmlns=\"http:\/\/www.w3.org\/2000\/svg\"><path d=\"M240.971 130.524l194.343 194.343c9.373 9.373 9.373 24.569 0 33.941l-22.667 22.667c-9.357 9.357-24.522 9.375-33.901.04L224 227.495 69.255 381.516c-9.379 9.335-24.544 9.317-33.901-.04l-22.667-22.667c-9.373-9.373-9.373-24.569 0-33.941L207.03 130.525c9.372-9.373 24.568-9.373 33.941-.001z\"><\/path><\/svg><\/div>\n\t\t\t\t\t<\/div>\n\t\t\t\t<div id=\"elementor-toc__e7f182d\" class=\"elementor-toc__body\">\n\t\t\t<div class=\"elementor-toc__spinner-container\">\n\t\t\t\t<svg class=\"elementor-toc__spinner eicon-animation-spin e-font-icon-svg e-eicon-loading\" aria-hidden=\"true\" viewBox=\"0 0 1000 1000\" xmlns=\"http:\/\/www.w3.org\/2000\/svg\"><path d=\"M500 975V858C696 858 858 696 858 500S696 142 500 142 142 304 142 500H25C25 237 238 25 500 25S975 237 975 500 763 975 500 975Z\"><\/path><\/svg>\t\t\t<\/div>\n\t\t<\/div>\n\t\t\t\t\t\t<\/div>\n\t\t\t\t<\/div>\n\t\t\t\t\t<\/div>\n\t\t\t\t<\/div>\n\t\t<div class=\"elementor-element elementor-element-2e5a2b9 e-con-full e-flex e-con e-child\" data-id=\"2e5a2b9\" data-element_type=\"container\" data-e-type=\"container\">\n\t\t\t\t<div class=\"elementor-element elementor-element-0a24da2 iwg-hero-image elementor-widget elementor-widget-image\" data-id=\"0a24da2\" data-element_type=\"widget\" data-e-type=\"widget\" data-widget_type=\"image.default\">\n\t\t\t\t\t\t\t\t\t\t\t\t\t\t\t<img fetchpriority=\"high\" decoding=\"async\" width=\"683\" height=\"1024\" src=\"https:\/\/iwell-guard.com\/wp-content\/uploads\/2026\/05\/goetter_griechenland_ares-683x1024.webp\" class=\"attachment-large size-large wp-image-170757\" alt=\"Ares - Gu\u00f0ir \u00far gr\u00edskri hef\u00f0, s\u00f6guleg-myndr\u00e6n framsetning\" srcset=\"https:\/\/iwell-guard.com\/wp-content\/uploads\/2026\/05\/goetter_griechenland_ares-683x1024.webp 683w, https:\/\/iwell-guard.com\/wp-content\/uploads\/2026\/05\/goetter_griechenland_ares-200x300.webp 200w, https:\/\/iwell-guard.com\/wp-content\/uploads\/2026\/05\/goetter_griechenland_ares-768x1152.webp 768w, https:\/\/iwell-guard.com\/wp-content\/uploads\/2026\/05\/goetter_griechenland_ares.webp 1024w\" sizes=\"(max-width: 683px) 100vw, 683px\" \/>\t\t\t\t\t\t\t\t\t\t\t\t\t\t\t<\/div>\n\t\t\t\t<\/div>\n\t\t\t\t\t<\/div>\n\t\t\t\t<\/div>\n\t\t<div class=\"elementor-element elementor-element-e3a6897 e-con-boxed e-flex e-con e-parent\" data-id=\"e3a6897\" data-element_type=\"container\" data-e-type=\"container\">\n\t\t\t\t\t<div class=\"e-con-inner\">\n\t\t<div class=\"elementor-element elementor-element-72d335a e-con-full e-flex e-con e-child\" data-id=\"72d335a\" data-element_type=\"container\" data-e-type=\"container\">\n\t\t\t\t<div class=\"elementor-element elementor-element-ba398e4 elementor-widget elementor-widget-heading\" data-id=\"ba398e4\" data-element_type=\"widget\" data-e-type=\"widget\" data-widget_type=\"heading.default\">\n\t\t\t\t\t<h2 class=\"elementor-heading-title elementor-size-default\">Go\u00f0s\u00f6gn og \u00e6ttartr\u00e9<\/h2>\t\t\t\t<\/div>\n\t\t\t\t<div class=\"elementor-element elementor-element-eff75f2 elementor-widget elementor-widget-text-editor\" data-id=\"eff75f2\" data-element_type=\"widget\" data-e-type=\"widget\" data-widget_type=\"text-editor.default\">\n\t\t\t\t\t\t\t\t\t<p>Hes\u00edodos nefnir Ares \u00ed \u00abGu\u00f0afr\u00e6\u00f0inni\u00bb (l\u00ednur 921 til 923) sem son Seifs og Heru; systkinatengdur Hebe og Eileithy\u00edu. \u00deannig heyrir Ares til fyrstu kynsl\u00f3\u00f0ar hinna hj\u00f3nabandslega getnu \u00f3lympsku barna, \u00f3l\u00edkt hinum fj\u00f6lm\u00f6rgu \u00f3skilgetnum afkomendum Seifs.<\/p><p>\u00deessi \u00e6ttfr\u00e6\u00f0ilega sta\u00f0a er \u00ed fr\u00e6\u00f0unum lesin sem v\u00edsbending um eldri, forh\u00f3merska vir\u00f0ingu fyrir gu\u00f0num: Hef\u00f0i Ares a\u00f0eins veri\u00f0 neikv\u00e6\u00f0 \u00edmynd, hef\u00f0i hef\u00f0in ekki gert hann a\u00f0 hj\u00f3nabandslegum a\u00f0alsyni.<\/p>\n<p>Elskhugi Aresar er Afr\u00f3d\u00edta, en me\u00f0 henni eignast hann \u00f3skilgetin b\u00f6rnin Eros, Anteros, F\u00f3bos (\u00f3gn), Deimos (skelfing) og Harmon\u00edu. \u00deessi tengsl eru sett fram sem framhj\u00e1halds\u00e1starsamband \u00ed hinu fr\u00e6ga Demodokos-kv\u00e6\u00f0i \u00ed \u00ab\u00d3dysseifskvi\u00f0u\u00bb (VIII, 266 til 366); eldri og ekki-h\u00f3merskar hef\u00f0ir \u00feekkja \u00feau aftur \u00e1 m\u00f3ti sem l\u00f6gm\u00e6t tengsl.<\/p><p>Br\u00fa\u00f0kaup Kadmosar og Harmon\u00edu, sem Apoll\u00f3d\u00f3ros l\u00fdsir (III, 4, 2), ver\u00f0ur fyrirmyndar gu\u00f0abr\u00fa\u00f0kaup fyrir \u00feebverska konungs\u00e6tt og gerir Ares a\u00f0 \u00e6ttarfe\u00f0ur eins mikilv\u00e6gasta gr\u00edska a\u00f0alsh\u00fass.<\/p>\n<p>\u00dar tengslum vi\u00f0 dau\u00f0legar konur f\u00e6\u00f0ast \u00ferakverskir hetjur eins og D\u00ed\u00f3medes (konungur hinna mann\u00e6tandi hesta), K\u00fdknos (veginn af Heraklesi), Teres (konungur Daulis), Fleg\u00fdas (fa\u00f0ir Koronis og afi Asklep\u00edosar), O\u00edn\u00f3maos (fa\u00f0ir Hippodameiu) og Amas\u00f3nadrottningin Pentesileu, sem berst \u00e1 tr\u00f3versku hli\u00f0inni \u00ed Tr\u00f3justr\u00ed\u00f0inu.<\/p><p>Afkv\u00e6mi Aresar eru \u00feannig \u00f3venju grimm\u00fa\u00f0ug, sem sta\u00f0festir hina \u00e6ttfr\u00e6\u00f0ilegu virkni gu\u00f0sins sem forf\u00f6\u00f0ur har\u00f0neskjulegra hetja.<\/p>\n<p>M\u00fdkenskar L\u00ednulegg B-heimildir fr\u00e1 Knossos nefna gu\u00f0 \u00aba-re\u00bb, en sams\u00f6mun hans vi\u00f0 Ares er l\u00edkleg en ekki fullkomlega vissa. Heimildirnir benda til einfalds <span class=\"iwg-fachbegriff\" data-tooltip=\"Gj\u00f6f til gu\u00f0s til a\u00f0 tj\u00e1 \u00feakkl\u00e6ti, b\u00e6n e\u00f0a tilbei\u00f0slu.\" tabindex=\"0\">f\u00f3rnar<\/span>vi\u00f0takanda, ekki h\u00f6fu\u00f0gu\u00f0.<\/p><p>Hin sterka d\u00fdrkun Aresar \u00ed \u00derak\u00edu (Her\u00f3d\u00f3tos V, 7) og \u00ed Sk\u00fd\u00fe\u00edu hefur leitt Walter Burkert til \u00feeirrar tilg\u00e1tu a\u00f0 seinni t\u00edma h\u00f3merska neikv\u00e6\u00f0a \u00edmyndin eigi a\u00f0 hluta r\u00e6tur a\u00f0 rekja til \u00fej\u00f3\u00f0ernislegrar sm\u00e1nunar: \u201eBarbaragu\u00f0\u201c \u00derakverjanna var af j\u00f3n\u00edskum s\u00f6gusk\u00e1ldum ger\u00f0ur a\u00f0 \u00f3ver\u00f0ugum gu\u00f0i.<\/p>\t\t\t\t\t\t\t\t<\/div>\n\t\t\t\t<\/div>\n\t\t<div class=\"elementor-element elementor-element-1c132ba e-con-full e-flex e-con e-child\" data-id=\"1c132ba\" data-element_type=\"container\" data-e-type=\"container\">\n\t\t\t\t<div class=\"elementor-element elementor-element-7a90a55 elementor-widget elementor-widget-heading\" data-id=\"7a90a55\" data-element_type=\"widget\" data-e-type=\"widget\" data-widget_type=\"heading.default\">\n\t\t\t\t\t<h2 class=\"elementor-heading-title elementor-size-default\">T\u00e1kn, myndlist og einkenni<\/h2>\t\t\t\t<\/div>\n\t\t\t\t<div class=\"elementor-element elementor-element-e7fa573 elementor-widget elementor-widget-text-editor\" data-id=\"e7fa573\" data-element_type=\"widget\" data-e-type=\"widget\" data-widget_type=\"text-editor.default\">\n\t\t\t\t\t\t\t\t\t<p>Ares er venjulega s\u00fdndur sem skeggja\u00f0ur e\u00f0a skegglaus str\u00ed\u00f0sma\u00f0ur me\u00f0 hj\u00e1lm, spj\u00f3t, skj\u00f6ld og sver\u00f0. Hann kl\u00e6\u00f0ist fullum herkl\u00e6\u00f0um; a\u00f0eins \u00ed f\u00e1um tilvikum kemur hann fram \u00e1n brynju. Vagni hans draga fj\u00f3rir hestar, sem nefnast F\u00f3bos, Deimos, Aithon og Flogeos.<\/p><p>Honum til fylgdar eru synir hans F\u00f3bos og Deimos, auk systur hans Enyo. \u00cd sumum myndl\u00fdsingum koma einnig fram Kerarnir, illir andar hinnar ofbeldisfullu dau\u00f0astundar.<\/p>\n<p>Heilagt d\u00fdr hans er gribburinn, sem vegna \u00e6tis s\u00edns af hr\u00e6jum \u00e1 v\u00edgv\u00f6llum var talinn fylgifugl str\u00ed\u00f0smannsins. Auk \u00feess eru honum eigna\u00f0ir hundurinn (s\u00e9rstaklega hinn skarpeyg\u00f0a var\u00f0hund) og \u00ed \u00derak\u00edu \u00falfurinn.<\/p><p>Sp\u00e6turinn, sem h\u00f6ggur me\u00f0 gogg s\u00ednum \u00ed kletta, telst \u00ed \u00edtalskri hef\u00f0 fugl hans og skapar tengsl vi\u00f0 r\u00f3mverska Mars, en sp\u00e6tt hans (picus) leiddi fl\u00f6kku\u00fej\u00f3\u00f0flokkana vi\u00f0 valkj\u00f6r hins heilaga vors (ver sacrum).<\/p>\n<p>H\u00f6ggmyndir Aresar \u00ed klass\u00edskri gr\u00edskri list eru s\u00e9rkennilega hl\u00e9dr\u00e6gar. \u00dea\u00f0 er engin st\u00f3r d\u00fdrkunarstytta samb\u00e6rileg vi\u00f0 Seif fr\u00e1 \u00d3lymp\u00edu e\u00f0a A\u00feenu Par\u00feenos.<\/p><p>Fr\u00e6gasta <span class=\"iwg-fachbegriff\" data-tooltip=\"T\u00edmabil gr\u00edskrar og r\u00f3mverskrar menningar, um 800 f.Kr. til 600 e.Kr.\" tabindex=\"0\">forna<\/span> Aresarstyttan, \u00abAres Borghese\u00bb (n\u00fa \u00ed Louvre), s\u00fdnir gu\u00f0inn skegglausan, unglegan og \u00ed svok\u00f6llu\u00f0u kontrap\u00f3sto-stellingu, \u00e1n nokkurrar \u00e1r\u00e1sargirni; styttan telst r\u00f3mversk eftirger\u00f0 af gr\u00edskri frummynd Alkamenesar e\u00f0a Polykleitosar.<\/p><p>\u00abLudovisi Ares\u00bb (n\u00fa \u00ed Palazzo Altemps \u00ed R\u00f3m) s\u00fdnir gu\u00f0inn \u00ed hv\u00edld me\u00f0 hj\u00e1lm og skj\u00f6ld, \u00ed stellingu hugsandi \u00fereytu, sem str\u00ed\u00f0ir \u00e1berandi \u00e1 m\u00f3ti h\u00f3mersku orrustu\u00e6\u00f0inu.<\/p>\n<p>\u00cd Sp\u00f6rtu var forn tr\u00e9stytta af Ares Enyalios \u00ed fj\u00f6trum; Pausan\u00edas (III, 15, 7) \u00fatsk\u00fdrir myndina me\u00f0 \u00fev\u00ed a\u00f0 Spartverjar hafi \u00feannig vilja\u00f0 halda str\u00ed\u00f0sgu\u00f0num \u00ed borg sinni a\u00f0 eil\u00edfu.<\/p><p>Samb\u00e6rilegur er bronsblokk Aresar \u00ed <span class=\"iwg-fachbegriff\" data-tooltip=\"Bygging sem er notu\u00f0 til a\u00f0 tilbi\u00f0ja eina e\u00f0a fleiri gu\u00f0ir.\" tabindex=\"0\">hofinu<\/span> \u00ed Geronthrai, sem var einnig fj\u00f6tra\u00f0ur \u00e1 svipa\u00f0an h\u00e1tt. \u00deessi fj\u00f6trunar\u00edmyndafr\u00e6\u00f0i s\u00fdnir hina tv\u00edbentu st\u00f6\u00f0u Aresar: Hann \u00fearf a\u00f0 vera bundinn, \u00fev\u00ed annars g\u00e6ti kraftur hans ey\u00f0ilagt hans eigin borg.<\/p>\t\t\t\t\t\t\t\t<\/div>\n\t\t\t\t<\/div>\n\t\t<div class=\"elementor-element elementor-element-716c2fe e-con-full e-flex e-con e-child\" data-id=\"716c2fe\" data-element_type=\"container\" data-e-type=\"container\">\n\t\t\t\t<div class=\"elementor-element elementor-element-d138a29 elementor-widget elementor-widget-heading\" data-id=\"d138a29\" data-element_type=\"widget\" data-e-type=\"widget\" data-widget_type=\"heading.default\">\n\t\t\t\t\t<h2 class=\"elementor-heading-title elementor-size-default\">D\u00fdrkun og tilbei\u00f0sla<\/h2>\t\t\t\t<\/div>\n\t\t\t\t<div class=\"elementor-element elementor-element-3a816dd elementor-widget elementor-widget-text-editor\" data-id=\"3a816dd\" data-element_type=\"widget\" data-e-type=\"widget\" data-widget_type=\"text-editor.default\">\n\t\t\t\t\t\t\t\t\t<p>Ares-<span class=\"iwg-fachbegriff\" data-tooltip=\"Heild tr\u00faarlegra tilbei\u00f0sluathafna fyrir gu\u00f0 e\u00f0a heilaga v\u00e6ttu.\" tabindex=\"0\">d\u00fdrkunin<\/span> var \u00ed me\u00f0allagi \u00fatbreidd \u00e1 meginlandi Grikklands, en \u00ed sumum landshlutum var h\u00fan \u00fe\u00f3 mj\u00f6g mikilv\u00e6g. \u00cd Sp\u00f6rtu ur\u00f0u hermenn a\u00f0 f\u00e6ra Ares Enyalios hundaf\u00f3rn fyrir hverja orrustu, mj\u00f6g \u00f3venjulega <span class=\"iwg-fachbegriff\" data-tooltip=\"Fastm\u00f3tu\u00f0, endurtekin tr\u00faarleg ath\u00f6fn.\" tabindex=\"0\">helgisi\u00f0i<\/span> \u00e1 <span class=\"iwg-fachbegriff\" data-tooltip=\"T\u00edmabil gr\u00edskrar og r\u00f3mverskrar menningar, u.\u00fe.b. 800 f.Kr. til 600 e.Kr.\" tabindex=\"0\">forn\u00f6ld<\/span> (Pausanias III, 14, 9).<\/p><p>Hundaf\u00f3rnin var talin tengjast undirheimum og \u00e1tti vel vi\u00f0 hi\u00f0 d\u00f6kka e\u00f0li gu\u00f0sins. Ungir Spartverjar sem n\u00e1\u00f0u fullor\u00f0insaldri helgu\u00f0u honum ungan hana \u00e1\u00f0ur en \u00feeir gengu \u00ed borgarheraflann.<\/p>\n<p>\u00cd A\u00feenu l\u00e1 Areopagos, \u201eh\u00e6\u00f0 Aresar&#8220;, nor\u00f0vestur af Akr\u00f3p\u00f3lis. Samkv\u00e6mt a\u00feenskri hef\u00f0 haf\u00f0i Ares svara\u00f0 fyrir ger\u00f0ir s\u00ednar fyrir \u00d3lympsgu\u00f0unum, \u00fev\u00ed hann haf\u00f0i drepi\u00f0 Halirrhothios, son P\u00f3seidons, sem haf\u00f0i vilja\u00f0 nau\u00f0ga d\u00f3ttur hans Alkippu (Apollod\u00f3ros III, 14, 2).<\/p><p>D\u00f3mst\u00f3llinn \u00e1 Areopagos, sem fram \u00e1 fimmtu \u00f6ld fyrir okkar t\u00edmatal var \u00e6\u00f0sti a\u00f0alsd\u00f3mst\u00f3ll A\u00feenu, hlaut nafn sitt og hina kosm\u00edsku r\u00e9ttl\u00e6tingu s\u00edna af \u00feessari s\u00f6gu.<\/p>\n<p>\u00cd \u00deebu var Ares stofnfa\u00f0ir konungs\u00e6ttarins um Kadmos og Harmonia. Hinn helgi <span class=\"iwg-fachbegriff\" data-tooltip=\"Helgur trj\u00e1lundur sem \u00fej\u00f3na\u00f0i sem d\u00fdrkunarsta\u00f0ur.\" tabindex=\"0\">lundur<\/span> me\u00f0 drekanum sem honum var helga\u00f0ur, og sem Kadmos felldi, er me\u00f0al elstu stofnsagna borgarinnar.<\/p><p>\u00cd Tegea var Ares d\u00fdrka\u00f0ur sem Gynaikothoinas (\u201es\u00e1 sem g\u00e6\u00f0ir s\u00e9r me\u00f0 konum&#8220;), \u00fev\u00ed konur borgarinnar h\u00f6f\u00f0u eitt sinn hraki\u00f0 Laked\u00e6mon\u00edumenn \u00e1 fl\u00f3tta \u00ed orrustu og einar sn\u00e6ddu f\u00f3rnarm\u00e1lt\u00ed\u00f0ina (Pausanias VIII, 48, 4 til 5). \u00deessi \u00f3venjulega kvennad\u00fdrkun er athyglisver\u00f0 fr\u00e1 tr\u00faars\u00f6gulegu sj\u00f3narhorni.<\/p>\n<p>\u00cd Halikarnassos, kar\u00edskri borg, var Ares \u00e1samt Bell\u00f3nu og Enyo h\u00f6fu\u00f0gu\u00f0 samf\u00e9lagsins.<\/p><p>\u00cd \u00derak\u00edu, \u00ed n\u00faverandi B\u00falgar\u00edu og evr\u00f3pska hluta Tyrklands, var Ares samkv\u00e6mt Her\u00f3d\u00f3tosi (V, 7) \u00e6\u00f0sti gu\u00f0 heimaf\u00f3lksins. Sag\u00f0ur risavaxinn j\u00e1rnst\u00f3lpi marka\u00f0i hi\u00f0 mikilv\u00e6ga <span class=\"iwg-fachbegriff\" data-tooltip=\"Helgur sta\u00f0ur tileinka\u00f0ur tilbei\u00f0slu gu\u00f0s.\" tabindex=\"0\">helgista\u00f0i<\/span> hans.<\/p><p>Sagt er a\u00f0 Sk\u00fd\u00fear hafi samkv\u00e6mt Her\u00f3d\u00f3tosi (IV, 62) d\u00fdrka\u00f0 Ares \u00ed gervi gamals j\u00e1rnsver\u00f0s sem st\u00f3\u00f0 fast \u00ed h\u00e1um jar\u00f0vegsvegg og f\u00e9kk hestaf\u00f3rn me\u00f0 bl\u00f3\u00f0i.<\/p><p>\u00deessi d\u00fdrkun s\u00fdnir a\u00f0 Ares haf\u00f0i mun meiri st\u00f6\u00f0u \u00e1 nor\u00f0ur- og austurja\u00f0ri gr\u00edska heimsins en \u00e1 hinu klass\u00edska kjarnasv\u00e6\u00f0i.<\/p>\t\t\t\t\t\t\t\t<\/div>\n\t\t\t\t<\/div>\n\t\t<div class=\"elementor-element elementor-element-9038db1 e-con-full e-flex e-con e-child\" data-id=\"9038db1\" data-element_type=\"container\" data-e-type=\"container\">\n\t\t\t\t<div class=\"elementor-element elementor-element-0654c55 elementor-widget elementor-widget-heading\" data-id=\"0654c55\" data-element_type=\"widget\" data-e-type=\"widget\" data-widget_type=\"heading.default\">\n\t\t\t\t\t<h2 class=\"elementor-heading-title elementor-size-default\">Mikilv\u00e6g helgista\u00f0ir og musteri<\/h2>\t\t\t\t<\/div>\n\t\t\t\t<div class=\"elementor-element elementor-element-0336c5e elementor-widget elementor-widget-text-editor\" data-id=\"0336c5e\" data-element_type=\"widget\" data-e-type=\"widget\" data-widget_type=\"text-editor.default\">\n\t\t\t\t\t\t\t\t\t<p>Mikilv\u00e6gasta a\u00feenska <span class=\"iwg-fachbegriff\" data-tooltip=\"Bygging tileinku\u00f0 tilbei\u00f0slu einnar e\u00f0a fleiri gu\u00f0a.\" tabindex=\"0\">hofi\u00f0<\/span> Aresar st\u00f3\u00f0 \u00e1 klass\u00edskum t\u00edma ekki \u00ed A\u00feenu sj\u00e1lfri, heldur var \u00fea\u00f0 fyrst \u00e1 r\u00f3mverskum t\u00edma flutt fr\u00e1 Akharnai \u00e1 Ag\u00f3runa.<\/p><p>Akharnai-<span class=\"iwg-fachbegriff\" data-tooltip=\"Bygging tileinku\u00f0 tilbei\u00f0slu einnar e\u00f0a fleiri gu\u00f0a.\" tabindex=\"0\">hofi\u00f0<\/span> var d\u00f3r\u00edsk bygging fr\u00e1 fimmtu \u00f6ld. \u00c1g\u00fastus e\u00f0a eftirma\u00f0ur hans l\u00e9t flytja \u00fea\u00f0 stein fyrir stein \u00e1 Ag\u00f3runa og endurreisa \u00fea\u00f0 \u00fear, sem m\u00f3tv\u00e6gi vi\u00f0 Hephaisteion. Grunnur \u00feessa hofs er n\u00fa fornleifafr\u00e6\u00f0ilega au\u00f0kennanlegur \u00e1 nor\u00f0urhluta Ag\u00f3runnar.<\/p>\n<p>\u00cd Geron\u00ferai vi\u00f0 Evr\u00f3tas \u00ed Lak\u00f3n\u00edu st\u00f3\u00f0 <span class=\"iwg-fachbegriff\" data-tooltip=\"Helgur sta\u00f0ur tileinka\u00f0ur tilbei\u00f0slu gu\u00f0s.\" tabindex=\"0\">helgista\u00f0ur<\/span> Aresar me\u00f0 \u00e1rlegri h\u00e1t\u00ed\u00f0 sem konur m\u00e1ttu ekki taka \u00fe\u00e1tt \u00ed (Pausanias III, 22, 6 til 7).<\/p><p>\u00cd Trozen, vi\u00f0 Hel\u00edosarh\u00e6\u00f0ina, var <span class=\"iwg-fachbegriff\" data-tooltip=\"Bygging tileinku\u00f0 tilbei\u00f0slu einnar e\u00f0a fleiri gu\u00f0a.\" tabindex=\"0\">hof<\/span> Aresar Gynaikoboas (\u201es\u00e1 sem br\u00fdtur konur ni\u00f0ur&#8220;), og \u00ed Sp\u00f6rtu var hof Aresar \u00deeritas. \u00cd Tegea var <span class=\"iwg-fachbegriff\" data-tooltip=\"Bygging tileinku\u00f0 tilbei\u00f0slu einnar e\u00f0a fleiri gu\u00f0a.\" tabindex=\"0\">hofi\u00f0<\/span> Aresar Gynaikothoinas tengt kvennah\u00e1t\u00ed\u00f0inni.<\/p>\n<p>\u00cd Halikarnassos var h\u00f6fu\u00f0helgista\u00f0urinn \u00e1 Akr\u00f3p\u00f3lis, vi\u00f0 hli\u00f0 grafh\u00fdsis Maussolosar. \u00cd Sigeion \u00ed Tr\u00f3as og \u00ed Olyn\u00feos voru <span class=\"iwg-fachbegriff\" data-tooltip=\"Bygging tileinku\u00f0 tilbei\u00f0slu einnar e\u00f0a fleiri gu\u00f0a.\" tabindex=\"0\">hof<\/span> Aresar sem, vegna mikilv\u00e6gis \u00feeirra \u00ed a\u00feenska yfirr\u00e1\u00f0astr\u00ed\u00f0inu fr\u00e1 358 til 348 fyrir okkar t\u00edmatal, ur\u00f0u a\u00f0 p\u00f3lit\u00edskum \u00e1takapunktum.<\/p><p>\u00cd hellen\u00edsku Pergamon gaf Evmenes II. gu\u00f0inum sv\u00e6\u00f0i innan Asklepeionsins. \u00derak\u00edska d\u00fdrkunarmi\u00f0st\u00f6\u00f0in, sem Her\u00f3d\u00f3tos l\u00fdsti, hefur ekki veri\u00f0 sta\u00f0sett me\u00f0 \u00f3yggjandi h\u00e6tti \u00e1 fornleifafr\u00e6\u00f0ilegan h\u00e1tt; h\u00fan l\u00e1 a\u00f0 \u00f6llum l\u00edkindum \u00e1 sv\u00e6\u00f0i n\u00faverandi svartahafsstrandar B\u00falgar\u00edu.<\/p>\t\t\t\t\t\t\t\t<\/div>\n\t\t\t\t<\/div>\n\t\t<div class=\"elementor-element elementor-element-4eeaf99 e-con-full e-flex e-con e-child\" data-id=\"4eeaf99\" data-element_type=\"container\" data-e-type=\"container\">\n\t\t\t\t<div class=\"elementor-element elementor-element-55c73b3 elementor-widget elementor-widget-heading\" data-id=\"55c73b3\" data-element_type=\"widget\" data-e-type=\"widget\" data-widget_type=\"heading.default\">\n\t\t\t\t\t<h2 class=\"elementor-heading-title elementor-size-default\">Go\u00f0sagnafr\u00e1sagnir<\/h2>\t\t\t\t<\/div>\n\t\t\t\t<div class=\"elementor-element elementor-element-b02ac93 elementor-widget elementor-widget-text-editor\" data-id=\"b02ac93\" data-element_type=\"widget\" data-e-type=\"widget\" data-widget_type=\"text-editor.default\">\n\t\t\t\t\t\t\t\t\t<p>\u00cd Tr\u00f3justr\u00ed\u00f0inu er Ares (Ares) reikull \u00e1 b\u00e1\u00f0um hli\u00f0um en ver\u00f0ur alltaf undir \u00ed \u00e1t\u00f6kum vi\u00f0 A\u00feenu. Hj\u00e1 H\u00f3mer (Il\u00edonskvi\u00f0u V, 859\u2013906) er hann s\u00e6r\u00f0ur af D\u00ed\u00f3medesi, leiddur til \u00feess af A\u00feenu; Ares gefur fr\u00e1 s\u00e9r s\u00e1rsaukavein sem hlj\u00f3mar eins og h\u00e1va\u00f0i fr\u00e1 n\u00edu e\u00f0a t\u00edu \u00fe\u00fasund m\u00f6nnum, og fl\u00fdr til \u00d3lympsfjalls, \u00fear sem hann kvartar vi\u00f0 Seif um \u00f3r\u00e9ttl\u00e6ti\u00f0.<\/p><p>Seifur svarar honum harkalega: \u201e\u00de\u00fa er m\u00e9r hata\u00f0astur af \u00f6llum gu\u00f0um sem b\u00faa \u00e1 \u00d3lympi&#8220; (V, 890). \u00deessi or\u00f0 gu\u00f0afe\u00f0urins gagnvart eigin syni eru talin d\u00e6miger\u00f0 fyrir hi\u00f0 neikv\u00e6\u00f0a mynd af Ares \u00ed h\u00f3merska kvi\u00f0unni.<\/p>\n<p>\u201eGu\u00f0astr\u00ed\u00f0i\u00f0&#8220; \u00ed Il\u00edonskvi\u00f0u XX og XXI s\u00fdnir Ares aftur \u00e1 m\u00f3ti A\u00feenu; hann ver\u00f0ur undir einnig \u00fear. A\u00f0 lokum gr\u00edpur hann, \u00ed dulargervi dau\u00f0legs Tr\u00f3jumanns, inn \u00ed \u00e1t\u00f6kin en er hrakinn til baka aftur.<\/p><p>\u00cd yngri munnm\u00e6lum ver\u00f0ur Pen\u00fees\u00edlea, d\u00f3ttir Ares og drottning Amas\u00f3nanna, \u00e1stfangin af Akkillesi, sem drepur hana og finnur til sorgar vi\u00f0 sj\u00f3n hennar; \u00feetta <span class=\"iwg-fachbegriff\" data-tooltip=\"Endurteki\u00f0 innihaldslegt atri\u00f0i \u00ed list e\u00f0a fr\u00e1s\u00f6gn.\" tabindex=\"0\">minni<\/span> einkennir Kestner-vasann og \u201eAi\u00fei\u00f3pis&#8220;-efni\u00f0.<\/p>\n<p><span class=\"iwg-fachbegriff\" data-tooltip=\"Hef\u00f0bundin fr\u00e1s\u00f6gn um gu\u00f0i, uppruna og skipan heimsins.\" tabindex=\"0\">Go\u00f0sagan<\/span> um Ares og Afr\u00f3d\u00edtu, fanga\u00f0a \u00ed neti Hefaistosar, er \u00feekktasta saga gu\u00f0sins. \u00cd h\u00f3mersku fr\u00e1s\u00f6gninni (\u00d3dysseifskvi\u00f0u VIII) lei\u00f0ir h\u00fan til \u00feess a\u00f0 hann er haf\u00f0ur a\u00f0 athl\u00e6gi fyrir \u00d3lympsgu\u00f0unum.<\/p><p>\u00cd seinni t\u00edma hef\u00f0 er atbur\u00f0urinn \u00fe\u00f3 t\u00falka\u00f0ur j\u00e1kv\u00e6\u00f0ar: \u00dar sambandinu koma gu\u00f0irnir Eros og Harmon\u00eda, og sumir heimspekingar, me\u00f0al annars Pl\u00fatarkos, sj\u00e1 \u00ed sambandinu samhlj\u00f3m str\u00ed\u00f0s og \u00e1star sem alheimsl\u00f6gm\u00e1l sem elur af s\u00e9r alla andst\u00e6\u00f0ur.<\/p>\n<p>Atbur\u00f0inn me\u00f0 Al\u00f3adonum, risunum \u00d3tosi og Ef\u00edaltesi, l\u00fdsir Apoll\u00f3d\u00f3ros (I, 7, 4): \u00deessir tveir synir P\u00f3seidons og \u00cdfimedeiu binda Ares \u00ed eirkrukku og halda honum f\u00f6ngnum \u00ed \u00ferett\u00e1n m\u00e1nu\u00f0i.<\/p><p>Ekki fyrr en Hermes er uppl\u00fdstur af stj\u00fapm\u00f3\u00f0urinni Er\u00edbeu bjargar hann gu\u00f0inum, sem er h\u00e1lfdau\u00f0ur af \u00f6rm\u00f6gnun. \u00deessi saga s\u00fdnir Ares sem berskjalda\u00f0an fyrir sl\u00e6g\u00f0, sem vegur upp \u00e1 m\u00f3ti mynd hans sem \u00edmynd hreins m\u00e1ttar.<\/p>\t\t\t\t\t\t\t\t<\/div>\n\t\t\t\t<\/div>\n\t\t<div class=\"elementor-element elementor-element-9c573f7 e-con-full e-flex e-con e-child\" data-id=\"9c573f7\" data-element_type=\"container\" data-e-type=\"container\">\n\t\t\t\t<div class=\"elementor-element elementor-element-0281d79 elementor-widget elementor-widget-heading\" data-id=\"0281d79\" data-element_type=\"widget\" data-e-type=\"widget\" data-widget_type=\"heading.default\">\n\t\t\t\t\t<h2 class=\"elementor-heading-title elementor-size-default\">Tengsl innan go\u00f0aheimsins<\/h2>\t\t\t\t<\/div>\n\t\t\t\t<div class=\"elementor-element elementor-element-65b83af elementor-widget elementor-widget-text-editor\" data-id=\"65b83af\" data-element_type=\"widget\" data-e-type=\"widget\" data-widget_type=\"text-editor.default\">\n\t\t\t\t\t\t\t\t\t<p>Samband Ares vi\u00f0 Seif og Heru er tv\u00edbent. Seifur segir hj\u00e1 H\u00f3mer a\u00f0 hann s\u00e9 s\u00e1 sonur sem hann hati mest, en Hera tekur oft m\u00e1lsta\u00f0 hans, til d\u00e6mis \u00feegar D\u00ed\u00f3medes s\u00e6rir hann.<\/p><p>Vi\u00f0 A\u00feenu r\u00edkir grundvallar fjandskapur sem sprettur af dj\u00fapst\u00e6\u00f0um mun \u00e1 hugmyndum \u00feeirra um str\u00ed\u00f0: A\u00feena \u00e1\u00e6tlar og verndar borgr\u00edki\u00f0, Ares r\u00e6\u00f0st fram og ey\u00f0ir. \u00cd tveimur h\u00f3merskum atbur\u00f0um sigrar h\u00fan hann beint: \u00ed D\u00ed\u00f3medes-atbur\u00f0inum og \u00ed gu\u00f0astr\u00ed\u00f0inu.<\/p>\n<p>Vi\u00f0 Afr\u00f3d\u00edtu tengist Ares einni af mikilv\u00e6gustu \u00e1stars\u00f6gum gr\u00edskrar <span class=\"iwg-fachbegriff\" data-tooltip=\"Hef\u00f0bundin fr\u00e1s\u00f6gn um gu\u00f0i, uppruna og skipan heimsins.\" tabindex=\"0\">go\u00f0afr\u00e6\u00f0i<\/span>. S\u00ed\u00f0ari heimspekileg hef\u00f0 t\u00falkar sambandi\u00f0 sem alheimssamlyndi andst\u00e6\u00f0anna str\u00ed\u00f0s og \u00e1star; \u00far \u00fev\u00ed sprettur Harmon\u00eda.<\/p><p>Vi\u00f0 Hefaistos, r\u00e9ttm\u00e6tan eiginmann Afr\u00f3d\u00edtu, r\u00edkir opinn r\u00edgur sem n\u00e6r h\u00e1marki \u00ed fyrrnefndu netatvikinu. Eros, sameiginlegt barn \u00feeirra, er \u00ed orf\u00edsku hef\u00f0inni elsti og m\u00e1ttugasti gu\u00f0inn; \u00ed \u00f3lymp\u00edskri hef\u00f0 er hann sm\u00e6tta\u00f0ur ni\u00f0ur \u00ed barnsdem\u00f3n Afr\u00f3d\u00edtu.<\/p>\n<p>Me\u00f0 \u201estr\u00ed\u00f0ssystkinum&#8220; s\u00ednum En\u00fd\u00f3 (systur) og me\u00f0 Ker og Eris (fylgikonum v\u00edgvallarins) myndar Ares h\u00f3p d\u00f6kkra gu\u00f0a sem virka sem pers\u00f3nugervingar bardagans.<\/p><p>Spurningin um hvort En\u00fd\u00f3 s\u00e9 sj\u00e1lfst\u00e6\u00f0 gy\u00f0ja e\u00f0a a\u00f0eins hli\u00f0 \u00e1 Ares En\u00fdal\u00edosi er til umr\u00e6\u00f0u \u00ed n\u00fat\u00edma fr\u00e6\u00f0um; elstu heimildir bendi til sj\u00e1lfst\u00e6\u00f0rar gy\u00f0ju sem \u00e1 \u00f3lymp\u00edsku t\u00edmabilinu var felld inn \u00ed f\u00f6runeyti Aresar. Vi\u00f0 Hermes, br\u00f3\u00f0ur sinn, sem bjargar honum \u00far eirkrukkunni, r\u00edkir f\u00e1t\u00edtt j\u00e1kv\u00e6tt samband.<\/p>\t\t\t\t\t\t\t\t<\/div>\n\t\t\t\t<\/div>\n\t\t<div class=\"elementor-element elementor-element-dc21d1a e-con-full e-flex e-con e-child\" data-id=\"dc21d1a\" data-element_type=\"container\" data-e-type=\"container\">\n\t\t\t\t<div class=\"elementor-element elementor-element-e21b316 elementor-widget elementor-widget-heading\" data-id=\"e21b316\" data-element_type=\"widget\" data-e-type=\"widget\" data-widget_type=\"heading.default\">\n\t\t\t\t\t<h2 class=\"elementor-heading-title elementor-size-default\">M\u00f3ttaka<\/h2>\t\t\t\t<\/div>\n\t\t\t\t<div class=\"elementor-element elementor-element-6b22693 elementor-widget elementor-widget-text-editor\" data-id=\"6b22693\" data-element_type=\"widget\" data-e-type=\"widget\" data-widget_type=\"text-editor.default\">\n\t\t\t\t\t\t\t\t\t<p>R\u00f3mverska sams\u00f6munin vi\u00f0 Mars felur \u00ed s\u00e9r grundvallar\u00f3l\u00edka hugmynd. Mars var \u00e1 \u00cdtal\u00edu h\u00f6fu\u00f0gu\u00f0 me\u00f0 vir\u00f0ulega \u00edmynd, verndari \u00e6ttb\u00e1lksins, veitandi landb\u00fana\u00f0arfrj\u00f3semi og forfa\u00f0ir R\u00f3mar \u00ed gegnum R\u00f3m\u00falus og Remus.<\/p><p>\u00d3l\u00edkt hinum \u00f3vins\u00e6la gr\u00edska Ares var Mars jafnr\u00e9tth\u00e1r J\u00fap\u00edter \u00ed Kapit\u00f3l\u00ednsku \u00ferenningunni \u00e1 fyrstu t\u00edmum l\u00fd\u00f0veldisins (J\u00fap\u00edter, Mars, Kvir\u00ednus). R\u00f3mversk tr\u00fa hefur \u00feannig glata\u00f0 a\u00f0 mestu leyti hinni neikv\u00e6\u00f0u hli\u00f0 Aresar og f\u00e6rt hana yfir \u00e1 Bell\u00f3nu e\u00f0a pers\u00f3nugervinginn F\u00far\u00edus.<\/p>\n<p>\u00c1 mi\u00f0\u00f6ldum var\u00f0 Ares-Mars a\u00f0 reikistj\u00f6rnuveru og stj\u00f3rnanda dagsins \u201emarted\u00ec&#8220; (\u00feri\u00f0judags, dags Mars). Boccaccio fjallar um hann \u00ed \u201eDe genealogia deorum gentilium&#8220; sem t\u00e1knmynd rei\u00f0ar.<\/p><p>\u201eKnight&#8217;s Tale&#8220; Chaucers gerir hann a\u00f0 verndargu\u00f0i riddarans Arcite. Endurreisnin skapar m\u00e1lverk Botticellis \u201eVenus og Mars&#8220; (1483\u20131485, National Gallery \u00ed Lund\u00fanum), sem s\u00fdnir gu\u00f0inn sofandi, sefa\u00f0an af Afr\u00f3d\u00edtu, sem er t\u00e1knmynd um s\u00e1tt str\u00ed\u00f0s og \u00e1star.<\/p>\n<p>\u201eMars&#8220; Vel\u00e1zquez (1640, Prado) og \u201eAflei\u00f0ingar str\u00ed\u00f0sins&#8220; eftir Rubens (1638) t\u00falka gu\u00f0inn sem hugsandi, n\u00e6rri melank\u00f3l\u00edska pers\u00f3nu. \u00c1 n\u00edtj\u00e1ndu \u00f6ld v\u00edkur Ares fyrir pers\u00f3nugervingu n\u00fat\u00edma herna\u00f0arv\u00e9larinnar.<\/p><p>N\u00fat\u00edma d\u00e6gurmenning hefur teki\u00f0 hann upp sem d\u00e6miger\u00f0an str\u00ed\u00f0sandst\u00e6\u00f0ing \u00ed leikjum, myndum og myndas\u00f6gum, oft \u00e1n tillits til hinnar s\u00f6gulega tv\u00edbentu st\u00f6\u00f0u gu\u00f0sins. V\u00edsindaleg ranns\u00f3kn hefur fr\u00e1 t\u00ed\u00f0 Burkerts markvisst dregi\u00f0 fram sj\u00e1lfst\u00e6\u00f0i og a\u00f0 hluta til h\u00e1a st\u00f6\u00f0u Aresar-d\u00fdrkunar utan a\u00feenskrar umr\u00e6\u00f0u.<\/p>\t\t\t\t\t\t\t\t<\/div>\n\t\t\t\t<\/div>\n\t\t<div class=\"elementor-element elementor-element-8237df0 e-con-full e-flex e-con e-child\" data-id=\"8237df0\" data-element_type=\"container\" data-e-type=\"container\">\n\t\t\t\t<div class=\"elementor-element elementor-element-eec342f elementor-widget elementor-widget-heading\" data-id=\"eec342f\" data-element_type=\"widget\" data-e-type=\"widget\" data-widget_type=\"heading.default\">\n\t\t\t\t\t<h2 class=\"elementor-heading-title elementor-size-default\">Tr\u00faarfr\u00e6\u00f0ileg sta\u00f0setning<\/h2>\t\t\t\t<\/div>\n\t\t\t\t<div class=\"elementor-element elementor-element-7b4dd7d elementor-widget elementor-widget-text-editor\" data-id=\"7b4dd7d\" data-element_type=\"widget\" data-e-type=\"widget\" data-widget_type=\"text-editor.default\">\n\t\t\t\t\t\t\t\t\t<p>Uppruni nafnsins Ares er ekki fulllj\u00f3s. Ind\u00f3evr\u00f3psk r\u00f3t \u00far \u00ab*h\u2082er-\u00bb (a\u00f0 skemma, spilla) er m\u00f6guleg sk\u00fdring, en er ekki fullkomlega sta\u00f0fest; m\u00fdkenskar L\u00ednear-B \u00e1letranir (\u00aba-re\u00bb) votta nafni\u00f0 \u00feegar \u00e1 \u00f6\u00f0ru \u00e1r\u00fe\u00fasundi fyrir Krist \u00e1 Eyjahafssv\u00e6\u00f0inu.<\/p><p>Robert Beekes hafnar ind\u00f3evr\u00f3pskri or\u00f0sifjafr\u00e6\u00f0i og telur uppruna nafnsins vera fyrir-gr\u00edskan. \u00c1herslan \u00e1 d\u00fdrkun \u00feess \u00ed \u00derak\u00edu bendir til nor\u00f0l\u00e6gs, hugsanlega ekki-ind\u00f3evr\u00f3psks bakgrunns.<\/p>\n<p>\u00cd samanbur\u00f0arranns\u00f3knum \u00e1 tr\u00faarbr\u00f6g\u00f0um ber a\u00f0 nefna hli\u00f0st\u00e6\u00f0ur vi\u00f0 hinn ved\u00edska Indra, sem er einnig bardagagu\u00f0 og lei\u00f0togi Deva-gu\u00f0anna, auk hins norr\u00e6na T\u00fds og (\u00e1 \u00f6\u00f0ru menningarlagi) hins keltneska Camulusar e\u00f0a Cocidiusar.<\/p><p>Georges Dum\u00e9zil felldi Ares undir a\u00f0ra, herna\u00f0arlega virkni sinnar ind\u00f3evr\u00f3psku \u00fer\u00ed\u00fe\u00e6ttu kenningar. En sj\u00e1lfst\u00e6\u00f0i Ares innan gr\u00edska go\u00f0aheimsins gagnvart A\u00feenu, sem einnig var herna\u00f0arlega virk, gerir hreina Dum\u00e9zil-flokkun erfi\u00f0a.<\/p>\n<p>Walter Burkert dr\u00f3 \u00ed b\u00f3kinni \u00abGriechische Religion\u00bb fram hlutverk Ares sem hins \u00abannars\u00bb str\u00ed\u00f0sgu\u00f0s, \u00feess sem gerir hi\u00f0 neikv\u00e6\u00f0a \u00ed str\u00ed\u00f0i, sem engin borgarr\u00edkisleg herstj\u00f3rnarlist getur tami\u00f0, tr\u00faarlega \u00e1\u00fereifanlegt.<\/p><p>Hann telur hina helgisi\u00f0abundnu fj\u00f6trun \u00ed Sp\u00f6rtu og Geronthrai vera tj\u00e1ningu apotropa\u00edsks tr\u00faarl\u00edfs: Gu\u00f0num er fj\u00f6tra\u00f0 svo hann hl\u00edfi eigin samf\u00e9lagi. N\u00fdrri ranns\u00f3knir, me\u00f0al annars eftir Pierre Bonnechere um \u00ferak\u00edsk einkenni og Jan Bremmer um v\u00edgsluathafnir, hafa d\u00fdpka\u00f0 enn frekar mynd Ares sem fl\u00f3kins, sv\u00e6\u00f0isbundins gu\u00f0s.<\/p>\t\t\t\t\t\t\t\t<\/div>\n\t\t\t\t<\/div>\n\t\t<div class=\"elementor-element elementor-element-2fd4cb6 e-con-full e-flex e-con e-child\" data-id=\"2fd4cb6\" data-element_type=\"container\" data-e-type=\"container\">\n\t\t\t\t<div class=\"elementor-element elementor-element-698d49a elementor-widget elementor-widget-heading\" data-id=\"698d49a\" data-element_type=\"widget\" data-e-type=\"widget\" data-widget_type=\"heading.default\">\n\t\t\t\t\t<h2 class=\"elementor-heading-title elementor-size-default\">Or\u00f0sifjafr\u00e6\u00f0i og L\u00ednear-B \u00e1letranir<\/h2>\t\t\t\t<\/div>\n\t\t\t\t<div class=\"elementor-element elementor-element-6a4eedf elementor-widget elementor-widget-text-editor\" data-id=\"6a4eedf\" data-element_type=\"widget\" data-e-type=\"widget\" data-widget_type=\"text-editor.default\">\n\t\t\t\t\t\t\t\t\t<p>Nafni\u00f0 \u00abAres\u00bb (\u00ed fornri stafsetningu \u00abAra\u00bb) er votta\u00f0 allt fr\u00e1 \u00f6\u00f0ru \u00e1r\u00fe\u00fasundi fyrir Krist. M\u00fdkenskar L\u00ednear-B t\u00f6flur fr\u00e1 Knossos (tafla V 52) nefna gu\u00f0snafn \u00aba-re\u00bb, en tenging \u00feess vi\u00f0 Ares er talin l\u00edkleg, en ekki fullkomlega sta\u00f0fest.<\/p><p>\u00c1letranirnar benda til a\u00f0 \u00feessi gu\u00f0 hafi \u00feegi\u00f0 h\u00f3gv\u00e6r <span class=\"iwg-fachbegriff\" data-tooltip=\"Gj\u00f6f til gu\u00f0s til a\u00f0 tj\u00e1 \u00fe\u00f6kk, b\u00e6n e\u00f0a lotningu.\" tabindex=\"0\">f\u00f3rn<\/span>, ekki a\u00f0 hafa veri\u00f0 a\u00f0algu\u00f0. \u00deessi frumst\u00e6\u00f0a sta\u00f0a \u00ed \u00fatja\u00f0ri m\u00fdkenska go\u00f0aheimsins getur bent til \u00feess a\u00f0 Ares hafi ekki haft neitt mi\u00f0l\u00e6gt hlutverk \u00ed tr\u00faarbr\u00f6g\u00f0um bronsaldarins og hafi fyrst risi\u00f0 til vegs sem a\u00f0al-\u00f3lymp\u00edugu\u00f0 \u00e1 fornaldart\u00edmanum.<\/p>\n<p>Nokkrar or\u00f0sifjafr\u00e6\u00f0ilegar sk\u00fdringar hafa veri\u00f0 lag\u00f0ar til. Tenging vi\u00f0 ind\u00f3evr\u00f3psku r\u00f3tina \u00ab*h\u2082er-\u00bb (a\u00f0 skemma, spilla) er m\u00f6guleg, en gefur merkingarlega mynd sem samsvarar betur Erinjunum e\u00f0a Ker en hinum klass\u00edska Ares.<\/p><p>Robert Beekes hafnar ind\u00f3evr\u00f3pskri or\u00f0sifjafr\u00e6\u00f0i og telur uppruna nafnsins vera fyrir-gr\u00edskan. \u00c1herslan \u00e1 d\u00fdrkun \u00feess \u00ed \u00derak\u00edu bendir til nor\u00f0l\u00e6gs, hugsanlega ekki-ind\u00f3evr\u00f3psks bakgrunns, en hinn n\u00e1kv\u00e6mi \u00fej\u00f3\u00f0tungufr\u00e6\u00f0ilegi uppruni nafnsins er enn \u00f3lj\u00f3s.<\/p>\n<p>S\u00e9rstaka gu\u00f0fr\u00e6\u00f0ilega athygli \u00e1 vi\u00f0urnefni\u00f0 \u00abEnyalios\u00bb skili\u00f0, en undir \u00fev\u00ed var Ares s\u00e9rstaklega d\u00fdrka\u00f0ur \u00e1 fornaldart\u00edmanum. Enyalios kemur fram \u00e1 L\u00ednear-B t\u00f6flum (\u00abe-nu-wa-ri-jo\u00bb) sj\u00e1lfst\u00e6tt vi\u00f0 hli\u00f0 \u00aba-re\u00bb, sem leiddi eldri fr\u00e6\u00f0imenn til \u00feeirrar tilg\u00e1tu a\u00f0 Enyalios hafi upphaflega veri\u00f0 sj\u00e1lfst\u00e6\u00f0 str\u00ed\u00f0sgo\u00f0 sem \u00e1 fornaldart\u00edmanum runnu saman vi\u00f0 Ares.<\/p><p>Systirin Enyo, sem tilheyrir bardagago\u00f0um Il\u00edonskvi\u00f0u, v\u00e6ri \u00fe\u00e1 kvenlegt hli\u00f0st\u00e6\u00f0ut\u00e1kn sama eldra lags. Walter Burkert setti \u00feessa tilg\u00e1tu fram me\u00f0 varf\u00e6rni \u00ed b\u00f3kinni \u00abGriechische Religion\u00bb; h\u00fan er \u00ed dag einn \u00feeirra kosta sem r\u00e6tt er um var\u00f0andi fors\u00f6gu Ares-d\u00fdrkunarins.<\/p>\t\t\t\t\t\t\t\t<\/div>\n\t\t\t\t<\/div>\n\t\t<div class=\"elementor-element elementor-element-a06804d e-con-full e-flex e-con e-child\" data-id=\"a06804d\" data-element_type=\"container\" data-e-type=\"container\">\n\t\t\t\t<div class=\"elementor-element elementor-element-03d8407 elementor-widget elementor-widget-heading\" data-id=\"03d8407\" data-element_type=\"widget\" data-e-type=\"widget\" data-widget_type=\"heading.default\">\n\t\t\t\t\t<h2 class=\"elementor-heading-title elementor-size-default\">Heimildir<\/h2>\t\t\t\t<\/div>\n\t\t\t\t<div class=\"elementor-element elementor-element-bdf1ee3 elementor-widget elementor-widget-text-editor\" data-id=\"bdf1ee3\" data-element_type=\"widget\" data-e-type=\"widget\" data-widget_type=\"text-editor.default\">\n\t\t\t\t\t\t\t\t\t<p>H\u00f3mer, \u00abIl\u00edonskvi\u00f0a\u00bb V, 825 til 909 (s\u00e1r af hendi D\u00ed\u00f3medesar), XX, 51 til 53 og XXI, 391 til 414 (gu\u00f0abardagi); \u00ab\u00d3dysseifskvi\u00f0a\u00bb VIII, 266 til 366 (Afr\u00f3d\u00edta). Hes\u00ed\u00f3dos, \u00abGu\u00f0akynsl\u00f3\u00f0\u00bb 921 til 923. Apollod\u00f3ros, \u00abBibliotheke\u00bb, I, 7, 4 (Al\u00f3ar), III, 4, 2 (Harmon\u00eda), III, 14, 2 (Are\u00f3pagos). Her\u00f3d\u00f3tos, \u00abHistor\u00edur\u00bb IV, 62 (sk\u00fd\u00fe\u00edskur sver\u00f0<span class=\"iwg-fachbegriff\" data-tooltip=\"Heild tr\u00faarlegra tilbei\u00f0sluathafna til gu\u00f0s e\u00f0a heilagrar veru.\" tabindex=\"0\">-d\u00fdrkun<\/span>), V, 7 (\u00derak\u00eda).<\/p><p>P\u00e1san\u00edas, \u00abL\u00fdsing Grikklands\u00bb, III, 14, 9 (hundaf\u00f3rn \u00ed Sp\u00f6rtu), III, 15, 7 (fj\u00f6tru\u00f0 stytta), VIII, 48, 4 til 5 (Tegea). Walter Burkert, \u00abGriechische Religion der archaischen und klassischen Epoche\u00bb, Stuttgart 1977. Karl Ker\u00e9nyi, \u00abDie <span class=\"iwg-fachbegriff\" data-tooltip=\"Heild hinna var\u00f0veittu gu\u00f0sagna menningar.\" tabindex=\"0\">Mythologie<\/span> der Griechen\u00bb, Z\u00fcrich 1951. Jan N. Bremmer, \u00abGreek Religion and Culture\u00bb, Leiden 2008. Georges Dum\u00e9zil, \u00abL&#8217;id\u00e9ologie tripartite des Indo-Europ\u00e9ens\u00bb, Brussel 1958.<\/p>\t\t\t\t\t\t\t\t<\/div>\n\t\t\t\t<\/div>\n\t\t\t\t\t<\/div>\n\t\t\t\t<\/div>\n\t\t\t\t<\/div>\n\t\t","protected":false},"excerpt":{"rendered":"","protected":false},"author":3,"featured_media":2981,"parent":0,"menu_order":0,"comment_status":"closed","ping_status":"closed","template":"elementor_header_footer","meta":{"_yoast_wpseo_focuskw":"Ares","_yoast_wpseo_title":"Ares \u2013 gu\u00f0 str\u00ed\u00f0s og orrustu | iWell Guard","_yoast_wpseo_metadesc":"Ares er gr\u00edskur gu\u00f0 str\u00ed\u00f0s og \u00f3tamdrar orrustu. Sonur Seifs og Heru, elskhugi Afr\u00f3d\u00edtu. Go\u00f0s\u00f6gn og d\u00fdrkun.","_yoast_wpseo_meta-robots-noindex":"","_yoast_wpseo_canonical":"","_angie_page":false,"gefaehrdungsstufe":"3","wesen_kultur":"griechenland","wesen_klasse":"goetter","footnotes":""},"categories":[],"class_list":["post-169050","page","type-page","status-publish","has-post-thumbnail","hentry"],"yoast_head":"<!-- This site is optimized with the Yoast SEO Premium plugin v27.7 (Yoast SEO v28.3) - https:\/\/yoast.com\/product\/yoast-seo-premium-wordpress\/ -->\n<title>Ares \u2013 gu\u00f0 str\u00ed\u00f0s og orrustu | iWell Guard<\/title>\n<meta name=\"description\" content=\"Ares er gr\u00edskur gu\u00f0 str\u00ed\u00f0s og \u00f3tamdrar orrustu. Sonur Seifs og Heru, elskhugi Afr\u00f3d\u00edtu. Go\u00f0s\u00f6gn og d\u00fdrkun.\" \/>\n<meta name=\"robots\" content=\"index, follow, max-snippet:-1, max-image-preview:large, max-video-preview:-1\" \/>\n<link rel=\"canonical\" href=\"https:\/\/iwell-guard.com\/is\/ares\/\" \/>\n<meta property=\"og:locale\" content=\"is_IS\" \/>\n<meta property=\"og:type\" content=\"article\" \/>\n<meta property=\"og:title\" content=\"Ares\" \/>\n<meta property=\"og:description\" content=\"Ares er gr\u00edskur gu\u00f0 str\u00ed\u00f0s og \u00f3tamdrar orrustu. Sonur Seifs og Heru, elskhugi Afr\u00f3d\u00edtu. Go\u00f0s\u00f6gn og d\u00fdrkun.\" \/>\n<meta property=\"og:url\" content=\"https:\/\/iwell-guard.com\/is\/ares\/\" \/>\n<meta property=\"og:site_name\" content=\"iWell Guard\" \/>\n<meta property=\"article:modified_time\" content=\"2026-09-05T14:31:01+00:00\" \/>\n<meta property=\"og:image\" content=\"https:\/\/iwell-guard.com\/wp-content\/uploads\/2026\/05\/goetter_griechenland_ares.webp\" \/>\n\t<meta property=\"og:image:width\" content=\"1024\" \/>\n\t<meta property=\"og:image:height\" content=\"1536\" \/>\n\t<meta property=\"og:image:type\" content=\"image\/webp\" \/>\n<meta name=\"twitter:card\" content=\"summary_large_image\" \/>\n<script type=\"application\/ld+json\" class=\"yoast-schema-graph\">{\"@context\":\"https:\\\/\\\/schema.org\",\"@graph\":[{\"@type\":\"WebPage\",\"@id\":\"https:\\\/\\\/iwell-guard.com\\\/is\\\/ares\\\/\",\"url\":\"https:\\\/\\\/iwell-guard.com\\\/is\\\/ares\\\/\",\"name\":\"Ares \u2013 gu\u00f0 str\u00ed\u00f0s og orrustu | iWell Guard\",\"isPartOf\":{\"@id\":\"https:\\\/\\\/iwell-guard.com\\\/is\\\/#website\"},\"primaryImageOfPage\":{\"@id\":\"https:\\\/\\\/iwell-guard.com\\\/is\\\/ares\\\/#primaryimage\"},\"image\":{\"@id\":\"https:\\\/\\\/iwell-guard.com\\\/is\\\/ares\\\/#primaryimage\"},\"thumbnailUrl\":\"https:\\\/\\\/iwell-guard.com\\\/wp-content\\\/uploads\\\/2026\\\/05\\\/goetter_griechenland_ares.webp\",\"datePublished\":\"2026-09-05T14:05:09+00:00\",\"dateModified\":\"2026-09-05T14:31:01+00:00\",\"description\":\"Ares er gr\u00edskur gu\u00f0 str\u00ed\u00f0s og \u00f3tamdrar orrustu. Sonur Seifs og Heru, elskhugi Afr\u00f3d\u00edtu. Go\u00f0s\u00f6gn og d\u00fdrkun.\",\"breadcrumb\":{\"@id\":\"https:\\\/\\\/iwell-guard.com\\\/is\\\/ares\\\/#breadcrumb\"},\"inLanguage\":\"is\",\"potentialAction\":[{\"@type\":\"ReadAction\",\"target\":[\"https:\\\/\\\/iwell-guard.com\\\/is\\\/ares\\\/\"]}]},{\"@type\":\"ImageObject\",\"inLanguage\":\"is\",\"@id\":\"https:\\\/\\\/iwell-guard.com\\\/is\\\/ares\\\/#primaryimage\",\"url\":\"https:\\\/\\\/iwell-guard.com\\\/wp-content\\\/uploads\\\/2026\\\/05\\\/goetter_griechenland_ares.webp\",\"contentUrl\":\"https:\\\/\\\/iwell-guard.com\\\/wp-content\\\/uploads\\\/2026\\\/05\\\/goetter_griechenland_ares.webp\",\"width\":1024,\"height\":1536,\"caption\":\"Gu\u00f0ir \u00far gr\u00edskri hef\u00f0.\"},{\"@type\":\"BreadcrumbList\",\"@id\":\"https:\\\/\\\/iwell-guard.com\\\/is\\\/ares\\\/#breadcrumb\",\"itemListElement\":[{\"@type\":\"ListItem\",\"position\":1,\"name\":\"Start\",\"item\":\"https:\\\/\\\/iwell-guard.com\\\/is\\\/?page_id=168580\"},{\"@type\":\"ListItem\",\"position\":2,\"name\":\"Ares\"}]},{\"@type\":\"WebSite\",\"@id\":\"https:\\\/\\\/iwell-guard.com\\\/is\\\/#website\",\"url\":\"https:\\\/\\\/iwell-guard.com\\\/is\\\/\",\"name\":\"iWell Guard\",\"description\":\"Schutz vor dunklen Einfl\u00fcssen\",\"publisher\":{\"@id\":\"https:\\\/\\\/iwell-guard.com\\\/is\\\/#organization\"},\"potentialAction\":[{\"@type\":\"SearchAction\",\"target\":{\"@type\":\"EntryPoint\",\"urlTemplate\":\"https:\\\/\\\/iwell-guard.com\\\/is\\\/?s={search_term_string}\"},\"query-input\":{\"@type\":\"PropertyValueSpecification\",\"valueRequired\":true,\"valueName\":\"search_term_string\"}}],\"inLanguage\":\"is\"},{\"@type\":\"Organization\",\"@id\":\"https:\\\/\\\/iwell-guard.com\\\/is\\\/#organization\",\"name\":\"Ittermann electronic GmbH\",\"url\":\"https:\\\/\\\/iwell-guard.com\\\/is\\\/\",\"logo\":{\"@type\":\"ImageObject\",\"inLanguage\":\"is\",\"@id\":\"https:\\\/\\\/iwell-guard.com\\\/is\\\/#\\\/schema\\\/logo\\\/image\\\/\",\"url\":\"https:\\\/\\\/iwell-guard.com\\\/wp-content\\\/uploads\\\/2026\\\/05\\\/Ittermann-Logo-1182x237-1.png\",\"contentUrl\":\"https:\\\/\\\/iwell-guard.com\\\/wp-content\\\/uploads\\\/2026\\\/05\\\/Ittermann-Logo-1182x237-1.png\",\"width\":1182,\"height\":237,\"caption\":\"Ittermann electronic GmbH\"},\"image\":{\"@id\":\"https:\\\/\\\/iwell-guard.com\\\/is\\\/#\\\/schema\\\/logo\\\/image\\\/\"},\"sameAs\":[\"https:\\\/\\\/pantip.com\\\/profile\\\/9367242\",\"https:\\\/\\\/micro.blog\\\/iwellguard\",\"https:\\\/\\\/www.diggerslist.com\\\/iwellguard\\\/about\",\"https:\\\/\\\/skitterphoto.com\\\/photographers\\\/2870314\\\/iwell-guard\",\"https:\\\/\\\/iwellguard.wordpress.com\\\/2026\\\/06\\\/06\\\/iwell-guard\\\/\",\"https:\\\/\\\/hub.docker.com\\\/u\\\/iwellguard\",\"https:\\\/\\\/www.pinterest.com\\\/iwellguard\\\/\",\"https:\\\/\\\/bit.ly\\\/m\\\/iwellguard\",\"https:\\\/\\\/entre-vos-mains.alsace.eu\\\/profiles\\\/iwellguard\\\/activity\",\"https:\\\/\\\/gravatar.com\\\/reallybeded8fd34\",\"https:\\\/\\\/naijamatta.com\\\/iwellguard\",\"https:\\\/\\\/www.goodreads.com\\\/iwellguard\",\"https:\\\/\\\/profile.hatena.ne.jp\\\/iwellguard\\\/\",\"https:\\\/\\\/experiment.com\\\/users\\\/iwellguard\",\"https:\\\/\\\/wakelet.com\\\/@iWellGuard82270\",\"https:\\\/\\\/www.chordie.com\\\/forum\\\/profile.php?id=2555664\",\"https:\\\/\\\/www.instapaper.com\\\/p\\\/17757966\",\"https:\\\/\\\/www.mapleprimes.com\\\/users\\\/iwellguard\",\"https:\\\/\\\/businesslistingplus.com\\\/profile\\\/iwell-guard\\\/\",\"https:\\\/\\\/telegra.ph\\\/iWell-Guard-06-06\",\"https:\\\/\\\/pbase.com\\\/iwellguard\\\/iwellguard\",\"https:\\\/\\\/b.hatena.ne.jp\\\/iwellguard\\\/20260607#bookmark-4788405196491818882\",\"https:\\\/\\\/fliphtml5.com\\\/home\\\/iwellguard\",\"https:\\\/\\\/anyflip.com\\\/homepage\\\/cmiwl#About\",\"https:\\\/\\\/transfur.com\\\/Users\\\/iwellguard\",\"http:\\\/\\\/delphi.larsbo.org\\\/user\\\/iwellguard\",\"https:\\\/\\\/jobs.lajobsportal.org\\\/profiles\\\/8380803-iwell-guard\",\"https:\\\/\\\/md.chaosdorf.de\\\/s\\\/jfbe5SBdJD\",\"https:\\\/\\\/www.lingvolive.com\\\/en-us\\\/profile\\\/9ecaeaca-ce11-4e51-9e71-01d55e2bff36\\\/translations\",\"https:\\\/\\\/www.fitday.com\\\/fitness\\\/forums\\\/members\\\/iwellguard.html\",\"https:\\\/\\\/www.mymeetbook.com\\\/iwellguard\",\"https:\\\/\\\/pxhere.com\\\/en\\\/photographer-me\\\/5040798\",\"https:\\\/\\\/disqus.com\\\/by\\\/iwellguard\\\/about\\\/\",\"https:\\\/\\\/pastelink.net\\\/hjwciqwq\",\"https:\\\/\\\/pubhtml5.com\\\/homepage\\\/scjhn\\\/\",\"https:\\\/\\\/www.bitchute.com\\\/channel\\\/2O2eOKzNqujT\",\"https:\\\/\\\/audiomack.com\\\/iwellguard\"]},{\"@type\":\"Article\",\"@id\":\"https:\\\/\\\/iwell-guard.com\\\/is\\\/ares\\\/#article\",\"isPartOf\":{\"@id\":\"https:\\\/\\\/iwell-guard.com\\\/is\\\/ares\\\/\"},\"author\":{\"name\":\"Ralf Ittermann\",\"@id\":\"https:\\\/\\\/iwell-guard.com\\\/is\\\/#\\\/schema\\\/person\\\/ee2a27f1cac3406c7c6fb5820cb7349f\"},\"headline\":\"Ares\",\"datePublished\":\"2026-09-05T14:05:09+00:00\",\"dateModified\":\"2026-09-05T14:31:01+00:00\",\"mainEntityOfPage\":{\"@id\":\"https:\\\/\\\/iwell-guard.com\\\/is\\\/ares\\\/\"},\"publisher\":{\"@id\":\"https:\\\/\\\/iwell-guard.com\\\/is\\\/#organization\"},\"image\":{\"@id\":\"https:\\\/\\\/iwell-guard.com\\\/is\\\/ares\\\/#primaryimage\"},\"thumbnailUrl\":\"https:\\\/\\\/iwell-guard.com\\\/wp-content\\\/uploads\\\/2026\\\/05\\\/goetter_griechenland_ares.webp\",\"inLanguage\":\"is\",\"description\":\"Ares er gr\u00edskur gu\u00f0 str\u00ed\u00f0s og \u00f3tamdrar orrustu. Sonur Seifs og Heru, elskhugi Afr\u00f3d\u00edtu. Go\u00f0s\u00f6gn og d\u00fdrkun.\"}]}<\/script>\n<!-- \/ Yoast SEO Premium plugin. -->","yoast_head_json":{"title":"Ares \u2013 gu\u00f0 str\u00ed\u00f0s og orrustu | iWell Guard","description":"Ares er gr\u00edskur gu\u00f0 str\u00ed\u00f0s og \u00f3tamdrar orrustu. Sonur Seifs og Heru, elskhugi Afr\u00f3d\u00edtu. Go\u00f0s\u00f6gn og d\u00fdrkun.","robots":{"index":"index","follow":"follow","max-snippet":"max-snippet:-1","max-image-preview":"max-image-preview:large","max-video-preview":"max-video-preview:-1"},"canonical":"https:\/\/iwell-guard.com\/is\/ares\/","og_locale":"is_IS","og_type":"article","og_title":"Ares","og_description":"Ares er gr\u00edskur gu\u00f0 str\u00ed\u00f0s og \u00f3tamdrar orrustu. Sonur Seifs og Heru, elskhugi Afr\u00f3d\u00edtu. Go\u00f0s\u00f6gn og d\u00fdrkun.","og_url":"https:\/\/iwell-guard.com\/is\/ares\/","og_site_name":"iWell Guard","article_modified_time":"2026-09-05T14:31:01+00:00","og_image":[{"width":1024,"height":1536,"url":"https:\/\/iwell-guard.com\/wp-content\/uploads\/2026\/05\/goetter_griechenland_ares.webp","type":"image\/webp"}],"twitter_card":"summary_large_image","schema":{"@context":"https:\/\/schema.org","@graph":[{"@type":"Article","@id":"https:\/\/iwell-guard.com\/is\/ares\/#article","isPartOf":{"@id":"https:\/\/iwell-guard.com\/is\/ares\/"},"author":{"name":"Ralf Ittermann","@id":"https:\/\/iwell-guard.com\/is\/#\/schema\/person\/ee2a27f1cac3406c7c6fb5820cb7349f"},"headline":"Ares","datePublished":"2026-09-05T14:05:09+00:00","dateModified":"2026-09-05T14:31:01+00:00","mainEntityOfPage":{"@id":"https:\/\/iwell-guard.com\/is\/ares\/"},"publisher":{"@id":"https:\/\/iwell-guard.com\/is\/#organization"},"image":{"@id":"https:\/\/iwell-guard.com\/is\/ares\/#primaryimage"},"thumbnailUrl":"https:\/\/iwell-guard.com\/wp-content\/uploads\/2026\/05\/goetter_griechenland_ares.webp","inLanguage":"is","description":"Ares er gr\u00edskur gu\u00f0 str\u00ed\u00f0s og \u00f3tamdrar orrustu. Sonur Seifs og Heru, elskhugi Afr\u00f3d\u00edtu. Go\u00f0s\u00f6gn og d\u00fdrkun."},{"@type":"WebPage","@id":"https:\/\/iwell-guard.com\/is\/ares\/","url":"https:\/\/iwell-guard.com\/is\/ares\/","name":"Ares \u2013 gu\u00f0 str\u00ed\u00f0s og orrustu | iWell Guard","isPartOf":{"@id":"https:\/\/iwell-guard.com\/is\/#website"},"primaryImageOfPage":{"@id":"https:\/\/iwell-guard.com\/is\/ares\/#primaryimage"},"image":{"@id":"https:\/\/iwell-guard.com\/is\/ares\/#primaryimage"},"thumbnailUrl":"https:\/\/iwell-guard.com\/wp-content\/uploads\/2026\/05\/goetter_griechenland_ares.webp","datePublished":"2026-09-05T14:05:09+00:00","dateModified":"2026-09-05T14:31:01+00:00","description":"Ares er gr\u00edskur gu\u00f0 str\u00ed\u00f0s og \u00f3tamdrar orrustu. Sonur Seifs og Heru, elskhugi Afr\u00f3d\u00edtu. Go\u00f0s\u00f6gn og d\u00fdrkun.","breadcrumb":{"@id":"https:\/\/iwell-guard.com\/is\/ares\/#breadcrumb"},"inLanguage":"is","potentialAction":[{"@type":"ReadAction","target":["https:\/\/iwell-guard.com\/is\/ares\/"]}]},{"@type":"ImageObject","inLanguage":"is","@id":"https:\/\/iwell-guard.com\/is\/ares\/#primaryimage","url":"https:\/\/iwell-guard.com\/wp-content\/uploads\/2026\/05\/goetter_griechenland_ares.webp","contentUrl":"https:\/\/iwell-guard.com\/wp-content\/uploads\/2026\/05\/goetter_griechenland_ares.webp","width":1024,"height":1536,"caption":"Gu\u00f0ir \u00far gr\u00edskri hef\u00f0."},{"@type":"BreadcrumbList","@id":"https:\/\/iwell-guard.com\/is\/ares\/#breadcrumb","itemListElement":[{"@type":"ListItem","position":1,"name":"Start","item":"https:\/\/iwell-guard.com\/is\/?page_id=168580"},{"@type":"ListItem","position":2,"name":"Ares"}]},{"@type":"WebSite","@id":"https:\/\/iwell-guard.com\/is\/#website","url":"https:\/\/iwell-guard.com\/is\/","name":"iWell Guard","description":"Schutz vor dunklen Einfl\u00fcssen","publisher":{"@id":"https:\/\/iwell-guard.com\/is\/#organization"},"potentialAction":[{"@type":"SearchAction","target":{"@type":"EntryPoint","urlTemplate":"https:\/\/iwell-guard.com\/is\/?s={search_term_string}"},"query-input":{"@type":"PropertyValueSpecification","valueRequired":true,"valueName":"search_term_string"}}],"inLanguage":"is"},{"@type":"Organization","@id":"https:\/\/iwell-guard.com\/is\/#organization","name":"Ittermann electronic GmbH","url":"https:\/\/iwell-guard.com\/is\/","logo":{"@type":"ImageObject","inLanguage":"is","@id":"https:\/\/iwell-guard.com\/is\/#\/schema\/logo\/image\/","url":"https:\/\/iwell-guard.com\/wp-content\/uploads\/2026\/05\/Ittermann-Logo-1182x237-1.png","contentUrl":"https:\/\/iwell-guard.com\/wp-content\/uploads\/2026\/05\/Ittermann-Logo-1182x237-1.png","width":1182,"height":237,"caption":"Ittermann electronic GmbH"},"image":{"@id":"https:\/\/iwell-guard.com\/is\/#\/schema\/logo\/image\/"},"sameAs":["https:\/\/pantip.com\/profile\/9367242","https:\/\/micro.blog\/iwellguard","https:\/\/www.diggerslist.com\/iwellguard\/about","https:\/\/skitterphoto.com\/photographers\/2870314\/iwell-guard","https:\/\/iwellguard.wordpress.com\/2026\/06\/06\/iwell-guard\/","https:\/\/hub.docker.com\/u\/iwellguard","https:\/\/www.pinterest.com\/iwellguard\/","https:\/\/bit.ly\/m\/iwellguard","https:\/\/entre-vos-mains.alsace.eu\/profiles\/iwellguard\/activity","https:\/\/gravatar.com\/reallybeded8fd34","https:\/\/naijamatta.com\/iwellguard","https:\/\/www.goodreads.com\/iwellguard","https:\/\/profile.hatena.ne.jp\/iwellguard\/","https:\/\/experiment.com\/users\/iwellguard","https:\/\/wakelet.com\/@iWellGuard82270","https:\/\/www.chordie.com\/forum\/profile.php?id=2555664","https:\/\/www.instapaper.com\/p\/17757966","https:\/\/www.mapleprimes.com\/users\/iwellguard","https:\/\/businesslistingplus.com\/profile\/iwell-guard\/","https:\/\/telegra.ph\/iWell-Guard-06-06","https:\/\/pbase.com\/iwellguard\/iwellguard","https:\/\/b.hatena.ne.jp\/iwellguard\/20260607#bookmark-4788405196491818882","https:\/\/fliphtml5.com\/home\/iwellguard","https:\/\/anyflip.com\/homepage\/cmiwl#About","https:\/\/transfur.com\/Users\/iwellguard","http:\/\/delphi.larsbo.org\/user\/iwellguard","https:\/\/jobs.lajobsportal.org\/profiles\/8380803-iwell-guard","https:\/\/md.chaosdorf.de\/s\/jfbe5SBdJD","https:\/\/www.lingvolive.com\/en-us\/profile\/9ecaeaca-ce11-4e51-9e71-01d55e2bff36\/translations","https:\/\/www.fitday.com\/fitness\/forums\/members\/iwellguard.html","https:\/\/www.mymeetbook.com\/iwellguard","https:\/\/pxhere.com\/en\/photographer-me\/5040798","https:\/\/disqus.com\/by\/iwellguard\/about\/","https:\/\/pastelink.net\/hjwciqwq","https:\/\/pubhtml5.com\/homepage\/scjhn\/","https:\/\/www.bitchute.com\/channel\/2O2eOKzNqujT","https:\/\/audiomack.com\/iwellguard"]},{"@type":"Person","@id":"https:\/\/iwell-guard.com\/is\/#\/schema\/person\/ee2a27f1cac3406c7c6fb5820cb7349f","name":"Ralf Ittermann","image":{"@type":"ImageObject","inLanguage":"is","@id":"https:\/\/secure.gravatar.com\/avatar\/073c0153e350a5005b68eb752b445fea71f6b24a26da9449ad7e155e6b446c9d?s=96&d=mm&r=g","url":"https:\/\/secure.gravatar.com\/avatar\/073c0153e350a5005b68eb752b445fea71f6b24a26da9449ad7e155e6b446c9d?s=96&d=mm&r=g","contentUrl":"https:\/\/secure.gravatar.com\/avatar\/073c0153e350a5005b68eb752b445fea71f6b24a26da9449ad7e155e6b446c9d?s=96&d=mm&r=g","caption":"Ralf Ittermann"},"givenName":"Ralf","familyName":"Ittermann","jobTitle":"Gesch\u00e4ftsf\u00fchrer und redaktioneller Verantwortlicher","url":"https:\/\/iwell-guard.com\/is\/author\/claude\/","description":"Ralf Ittermann ist Gesch\u00e4ftsf\u00fchrer der Ittermann electronic GmbH und redaktioneller Verantwortlicher des iWell-Guard-Lexikons. Er verbindet langj\u00e4hrige Erfahrung in der Pr\u00e4zisionsfertigung mit medialer Praxis und religionsgeschichtlicher Quellenarbeit.","worksFor":{"@type":"Organization","name":"Ittermann electronic GmbH","url":"https:\/\/ittermann.de\/","address":{"@type":"PostalAddress","streetAddress":"K\u00f6hlergasse 16-18","postalCode":"99842","addressLocality":"Ruhla","addressCountry":"DE"}},"knowsAbout":["Religionsgeschichte","Mythologie","Mediale Praxis","Energetische Diagnostik","Schutzpraxis","Volksglauben","Westliche Esoterik"]},{"@type":"Article","@id":"https:\/\/iwell-guard.com\/is\/ares\/#article","isPartOf":{"@id":"https:\/\/iwell-guard.com\/is\/ares\/"},"author":{"name":"Ralf Ittermann","@id":"https:\/\/iwell-guard.com\/is\/#\/schema\/person\/ee2a27f1cac3406c7c6fb5820cb7349f"},"headline":"Ares","datePublished":"2026-09-05T14:05:09+00:00","dateModified":"2026-09-05T14:31:01+00:00","mainEntityOfPage":{"@id":"https:\/\/iwell-guard.com\/is\/ares\/"},"publisher":{"@id":"https:\/\/iwell-guard.com\/is\/#organization"},"image":{"@id":"https:\/\/iwell-guard.com\/is\/ares\/#primaryimage"},"thumbnailUrl":"https:\/\/iwell-guard.com\/wp-content\/uploads\/2026\/05\/goetter_griechenland_ares.webp","inLanguage":"is","description":"Ares er gr\u00edskur gu\u00f0 str\u00ed\u00f0s og \u00f3tamdrar orrustu. Sonur Seifs og Heru, elskhugi Afr\u00f3d\u00edtu. Go\u00f0s\u00f6gn og d\u00fdrkun."}]}},"_links":{"self":[{"href":"https:\/\/iwell-guard.com\/is\/wp-json\/wp\/v2\/pages\/169050","targetHints":{"allow":["GET"]}}],"collection":[{"href":"https:\/\/iwell-guard.com\/is\/wp-json\/wp\/v2\/pages"}],"about":[{"href":"https:\/\/iwell-guard.com\/is\/wp-json\/wp\/v2\/types\/page"}],"author":[{"embeddable":true,"href":"https:\/\/iwell-guard.com\/is\/wp-json\/wp\/v2\/users\/3"}],"replies":[{"embeddable":true,"href":"https:\/\/iwell-guard.com\/is\/wp-json\/wp\/v2\/comments?post=169050"}],"version-history":[{"count":0,"href":"https:\/\/iwell-guard.com\/is\/wp-json\/wp\/v2\/pages\/169050\/revisions"}],"wp:featuredmedia":[{"embeddable":true,"href":"https:\/\/iwell-guard.com\/is\/wp-json\/wp\/v2\/media\/2981"}],"wp:attachment":[{"href":"https:\/\/iwell-guard.com\/is\/wp-json\/wp\/v2\/media?parent=169050"}],"wp:term":[{"taxonomy":"category","embeddable":true,"href":"https:\/\/iwell-guard.com\/is\/wp-json\/wp\/v2\/categories?post=169050"}],"curies":[{"name":"wp","href":"https:\/\/api.w.org\/{rel}","templated":true}]}}