{"id":169049,"date":"2026-09-05T14:05:08","date_gmt":"2026-09-05T14:05:08","guid":{"rendered":"https:\/\/iwell-guard.com\/?page_id=169049"},"modified":"2026-09-05T14:30:58","modified_gmt":"2026-09-05T14:30:58","slug":"hefaistos","status":"publish","type":"page","link":"https:\/\/iwell-guard.com\/is\/hefaistos\/","title":{"rendered":"Hefaistos"},"content":{"rendered":"\t\t<div data-elementor-type=\"wp-page\" data-elementor-id=\"169049\" class=\"elementor elementor-169049 elementor-2978 elementor-bc-flex-widget\" data-elementor-post-type=\"page\">\n\t\t\t\t<div class=\"elementor-element elementor-element-6bd68ab e-flex e-con-boxed e-con e-parent\" data-id=\"6bd68ab\" data-element_type=\"container\" data-e-type=\"container\" data-settings=\"{&quot;background_background&quot;:&quot;classic&quot;}\">\n\t\t\t\t\t<div class=\"e-con-inner\">\n\t\t<div class=\"elementor-element elementor-element-322df7c e-flex e-con-boxed e-con e-child\" data-id=\"322df7c\" data-element_type=\"container\" data-e-type=\"container\">\n\t\t\t\t\t<div class=\"e-con-inner\">\n\t\t<div class=\"elementor-element elementor-element-5a8b23c e-con-full e-flex e-con e-child\" data-id=\"5a8b23c\" data-element_type=\"container\" data-e-type=\"container\">\n\t\t\t\t<div class=\"elementor-element elementor-element-5f442e2 elementor-widget elementor-widget-heading\" data-id=\"5f442e2\" data-element_type=\"widget\" data-e-type=\"widget\" data-widget_type=\"heading.default\">\n\t\t\t\t\t<h1 class=\"elementor-heading-title elementor-size-default\">Hefaistos, gr\u00edskur sm\u00ed\u00f0agu\u00f0<\/h1>\t\t\t\t<\/div>\n\t\t\t\t<div class=\"elementor-element elementor-element-60eebce elementor-widget elementor-widget-text-editor\" data-id=\"60eebce\" data-element_type=\"widget\" data-e-type=\"widget\" data-widget_type=\"text-editor.default\">\n\t\t\t\t\t\t\t\t\t<p>Hefaistos (Hephaistos) er gr\u00edskur sm\u00ed\u00f0agu\u00f0 og meistari hins listfenga elds, sem b\u00fain eru til fr\u00e1b\u00e6rustu verk \u00d3lympsgu\u00f0anna. Hefaistos er \u00ed gr\u00edska <span class=\"iwg-fachbegriff\" data-tooltip=\"Heild gu\u00f0anna \u00ed tr\u00faarbr\u00f6g\u00f0um e\u00f0a menningu.\" tabindex=\"0\">pantheoninu<\/span> gu\u00f0 sm\u00ed\u00f0alistar, elds og handverksuppfinninga.<\/p><p>\u00d3l\u00edkt A\u00feenu Ergane, sem verndar hina andlegu og skipulagslegu hli\u00f0 handverksins, stendur Hefaistos fyrir hina prakt\u00edsku vinnu me\u00f0 efni\u00f0: valdi\u00f0 yfir eldinum og br\u00e6\u00f0slu, sm\u00ed\u00f0i, h\u00f6mrun og steypu m\u00e1lma.<\/p><p>Hj\u00e1 H\u00f3mer ber hann <span class=\"iwg-fachbegriff\" data-tooltip=\"Fastur vi\u00f0urnefni sem einkennir gu\u00f0 e\u00f0a go\u00f0sagnaverur.\" tabindex=\"0\">vi\u00f0urnefni\u00f0<\/span> \u00abamphigyeeis\u00bb, \u201ehann me\u00f0 f\u00f3tina sem draga sig\u201c, og \u00abkyllopodion\u00bb, \u201ehaltf\u00e6ttur\u201c. F\u00f6tlun hans er hluti af elstu \u00edmynd hans og hefur engan si\u00f0fer\u00f0ilegan e\u00f0a neikv\u00e6\u00f0an bl\u00e6; \u00fevert \u00e1 m\u00f3ti gerir h\u00fan hann a\u00f0 fram\u00farskarandi listamanni, \u00fear sem verk hans jafna \u00fat \u00fea\u00f0 sem l\u00edkama hans skortir \u00ed hreyfigetu.<\/p><p><span class=\"iwg-fachbegriff\" data-tooltip=\"Heild tr\u00faarlegra d\u00fdrkunarathafna fyrir gu\u00f0 e\u00f0a heilaga veru.\" tabindex=\"0\">D\u00fdrkun<\/span> hans er sterk \u00e1 eldfjallaeyjunum Lemnos og Sikiley, \u00ed A\u00feenu og \u00ed hellen\u00edskum verkst\u00e6\u00f0aborgum.<\/p>\t\t\t\t\t\t\t\t<\/div>\n\t\t\t\t<\/div>\n\t\t<div class=\"elementor-element elementor-element-294bf3d e-con-full e-flex e-con e-parent\" data-id=\"294bf3d\" data-element_type=\"container\" data-e-type=\"container\">\n\t\t\t\t<div class=\"elementor-element elementor-element-5d04c11 elementor-widget elementor-widget-html\" data-id=\"5d04c11\" data-element_type=\"widget\" data-e-type=\"widget\" data-widget_type=\"html.default\">\n\t\t\t\t\t<div class=\"iwg-pill-row\"><span class=\"iwg-klasse-badge\" tabindex=\"0\" data-tooltip=\"Gu\u00f0 \/ gy\u00f0ja: Pers\u00f3nuger\u00f0 \u00e6\u00f0sta vald \u00ed go\u00f0aheimi menningar, me\u00f0 sk\u00fdrum verksvi\u00f0um \u2014 n\u00e1tt\u00faru\u00f6fl, \u00f6rl\u00f6g, str\u00ed\u00f0, frj\u00f3semi. D\u00fdrku\u00f0 me\u00f0 helgisi\u00f0um, f\u00f3rnum og hofsstofnunum.\">Gu\u00f0<\/span><a href=\"https:\/\/iwell-guard.com\/is\/grikkland\/\" class=\"iwg-kultur-badge\" tabindex=\"0\" data-tooltip=\"Tr\u00faarbr\u00f6g\u00f0 og go\u00f0afr\u00e6\u00f0i Grikklands til forna, fr\u00e1 m\u00fdkenskum t\u00edma til s\u00ed\u00f0fornaldar.\">Grikkland<\/a><\/div>\t\t\t\t<\/div>\n\t\t\t\t<\/div>\n\t\t<div class=\"elementor-element elementor-element-4ba00c6 e-con-full e-flex e-con e-child\" data-id=\"4ba00c6\" data-element_type=\"container\" data-e-type=\"container\">\n\t\t\t\t<div class=\"elementor-element elementor-element-32fe886 elementor-toc--minimized-on-tablet elementor-widget elementor-widget-table-of-contents\" data-id=\"32fe886\" data-element_type=\"widget\" data-e-type=\"widget\" data-settings=\"{&quot;exclude_headings_by_selector&quot;:[],&quot;no_headings_message&quot;:&quot;Engar undirfyrirsagnir fundust \\u00e1 \\u00feessari s\\u00ed\\u00f0u.&quot;,&quot;headings_by_tags&quot;:[&quot;h2&quot;,&quot;h3&quot;],&quot;marker_view&quot;:&quot;bullets&quot;,&quot;icon&quot;:{&quot;value&quot;:&quot;fas fa-circle&quot;,&quot;library&quot;:&quot;fa-solid&quot;,&quot;rendered_tag&quot;:&quot;&lt;svg class=\\&quot;e-font-icon-svg e-fas-circle\\&quot; viewBox=\\&quot;0 0 512 512\\&quot; xmlns=\\&quot;http:\\\/\\\/www.w3.org\\\/2000\\\/svg\\&quot;&gt;&lt;path d=\\&quot;M256 8C119 8 8 119 8 256s111 248 248 248 248-111 248-248S393 8 256 8z\\&quot;&gt;&lt;\\\/path&gt;&lt;\\\/svg&gt;&quot;},&quot;minimize_box&quot;:&quot;yes&quot;,&quot;minimized_on&quot;:&quot;tablet&quot;,&quot;hierarchical_view&quot;:&quot;yes&quot;,&quot;min_height&quot;:{&quot;unit&quot;:&quot;px&quot;,&quot;size&quot;:&quot;&quot;,&quot;sizes&quot;:[]},&quot;min_height_tablet&quot;:{&quot;unit&quot;:&quot;px&quot;,&quot;size&quot;:&quot;&quot;,&quot;sizes&quot;:[]},&quot;min_height_mobile&quot;:{&quot;unit&quot;:&quot;px&quot;,&quot;size&quot;:&quot;&quot;,&quot;sizes&quot;:[]}}\" data-widget_type=\"table-of-contents.default\">\n\t\t\t\t\t\t\t\t\t<div class=\"elementor-toc__header\">\n\t\t\t\t\t\t<h2 class=\"elementor-toc__header-title\">\n\t\t\t\tEfnisyfirlit\t\t\t<\/h2>\n\t\t\t\t\t\t\t\t\t\t<div class=\"elementor-toc__toggle-button elementor-toc__toggle-button--expand\" role=\"button\" tabindex=\"0\" aria-controls=\"elementor-toc__32fe886\" aria-expanded=\"true\" aria-label=\"Open table of contents\"><svg aria-hidden=\"true\" class=\"e-font-icon-svg e-fas-chevron-down\" viewBox=\"0 0 448 512\" xmlns=\"http:\/\/www.w3.org\/2000\/svg\"><path d=\"M207.029 381.476L12.686 187.132c-9.373-9.373-9.373-24.569 0-33.941l22.667-22.667c9.357-9.357 24.522-9.375 33.901-.04L224 284.505l154.745-154.021c9.379-9.335 24.544-9.317 33.901.04l22.667 22.667c9.373 9.373 9.373 24.569 0 33.941L240.971 381.476c-9.373 9.372-24.569 9.372-33.942 0z\"><\/path><\/svg><\/div>\n\t\t\t\t<div class=\"elementor-toc__toggle-button elementor-toc__toggle-button--collapse\" role=\"button\" tabindex=\"0\" aria-controls=\"elementor-toc__32fe886\" aria-expanded=\"true\" aria-label=\"Close table of contents\"><svg aria-hidden=\"true\" class=\"e-font-icon-svg e-fas-chevron-up\" viewBox=\"0 0 448 512\" xmlns=\"http:\/\/www.w3.org\/2000\/svg\"><path d=\"M240.971 130.524l194.343 194.343c9.373 9.373 9.373 24.569 0 33.941l-22.667 22.667c-9.357 9.357-24.522 9.375-33.901.04L224 227.495 69.255 381.516c-9.379 9.335-24.544 9.317-33.901-.04l-22.667-22.667c-9.373-9.373-9.373-24.569 0-33.941L207.03 130.525c9.372-9.373 24.568-9.373 33.941-.001z\"><\/path><\/svg><\/div>\n\t\t\t\t\t<\/div>\n\t\t\t\t<div id=\"elementor-toc__32fe886\" class=\"elementor-toc__body\">\n\t\t\t<div class=\"elementor-toc__spinner-container\">\n\t\t\t\t<svg class=\"elementor-toc__spinner eicon-animation-spin e-font-icon-svg e-eicon-loading\" aria-hidden=\"true\" viewBox=\"0 0 1000 1000\" xmlns=\"http:\/\/www.w3.org\/2000\/svg\"><path d=\"M500 975V858C696 858 858 696 858 500S696 142 500 142 142 304 142 500H25C25 237 238 25 500 25S975 237 975 500 763 975 500 975Z\"><\/path><\/svg>\t\t\t<\/div>\n\t\t<\/div>\n\t\t\t\t\t\t<\/div>\n\t\t\t\t<\/div>\n\t\t\t\t\t<\/div>\n\t\t\t\t<\/div>\n\t\t<div class=\"elementor-element elementor-element-a93e4c5 e-con-full e-flex e-con e-child\" data-id=\"a93e4c5\" data-element_type=\"container\" data-e-type=\"container\">\n\t\t\t\t<div class=\"elementor-element elementor-element-3035918 iwg-hero-image elementor-widget elementor-widget-image\" data-id=\"3035918\" data-element_type=\"widget\" data-e-type=\"widget\" data-widget_type=\"image.default\">\n\t\t\t\t\t\t\t\t\t\t\t\t\t\t\t<img fetchpriority=\"high\" decoding=\"async\" width=\"683\" height=\"1024\" src=\"https:\/\/iwell-guard.com\/wp-content\/uploads\/2026\/05\/goetter_griechenland_hephaistos-683x1024.webp\" class=\"attachment-large size-large wp-image-170755\" alt=\"Hefaistos - Gu\u00f0ir \u00far gr\u00edskri hef\u00f0, s\u00f6guleg myndskreyting\" srcset=\"https:\/\/iwell-guard.com\/wp-content\/uploads\/2026\/05\/goetter_griechenland_hephaistos-683x1024.webp 683w, https:\/\/iwell-guard.com\/wp-content\/uploads\/2026\/05\/goetter_griechenland_hephaistos-200x300.webp 200w, https:\/\/iwell-guard.com\/wp-content\/uploads\/2026\/05\/goetter_griechenland_hephaistos-768x1152.webp 768w, https:\/\/iwell-guard.com\/wp-content\/uploads\/2026\/05\/goetter_griechenland_hephaistos.webp 1024w\" sizes=\"(max-width: 683px) 100vw, 683px\" \/>\t\t\t\t\t\t\t\t\t\t\t\t\t\t\t<\/div>\n\t\t\t\t<\/div>\n\t\t\t\t\t<\/div>\n\t\t\t\t<\/div>\n\t\t<div class=\"elementor-element elementor-element-5a84155 e-con-boxed e-flex e-con e-parent\" data-id=\"5a84155\" data-element_type=\"container\" data-e-type=\"container\">\n\t\t\t\t\t<div class=\"e-con-inner\">\n\t\t<div class=\"elementor-element elementor-element-9b5bf46 e-con-full e-flex e-con e-child\" data-id=\"9b5bf46\" data-element_type=\"container\" data-e-type=\"container\">\n\t\t\t\t<div class=\"elementor-element elementor-element-53e34cc elementor-widget elementor-widget-heading\" data-id=\"53e34cc\" data-element_type=\"widget\" data-e-type=\"widget\" data-widget_type=\"heading.default\">\n\t\t\t\t\t<h2 class=\"elementor-heading-title elementor-size-default\">Go\u00f0s\u00f6gn og \u00e6ttartr\u00e9<\/h2>\t\t\t\t<\/div>\n\t\t\t\t<div class=\"elementor-element elementor-element-f0eeb5a elementor-widget elementor-widget-text-editor\" data-id=\"f0eeb5a\" data-element_type=\"widget\" data-e-type=\"widget\" data-widget_type=\"text-editor.default\">\n\t\t\t\t\t\t\t\t\t<p>Um uppruna Hefaistosar eru til tv\u00e6r samkeppnishef\u00f0ir. Hj\u00e1 Hes\u00ed\u00f3di (Gu\u00f0sagnafr\u00e6\u00f0um 927 til 929) f\u00e6\u00f0ist hann af Heru einni, sem \u00ferj\u00f3zk andsvar vi\u00f0 meyd\u00f3msf\u00e6\u00f0ingu A\u00feenu \u00far h\u00f6f\u00f0i Seifs. \u00deessi \u00fatg\u00e1fa gerir hann a\u00f0 hreinum syni Heru \u00e1n hlutdeildar gu\u00f0afe\u00f0urins.<\/p><p>\u00d6nnur hef\u00f0 hj\u00e1 H\u00f3mer (Il\u00edonskvi\u00f0u I, 578 og XIV, 338) kallar hann son \u00feeirra beggja, Seifs og Heru. Hes\u00ed\u00f3d\u00edska \u00fatg\u00e1fan er hin eldri og betur sta\u00f0festa tr\u00faarhistor\u00edska hef\u00f0; h\u00fan samr\u00e6mist hlutverki Hefaistosar sem sj\u00e1lfst\u00e6\u00f0rar sm\u00ed\u00f0averu, \u00fear sem tengsl hans vi\u00f0 \u00d3lympskonungana eru fjarl\u00e6g.<\/p>\n<p>F\u00f6tlunin er sk\u00fdr\u00f0 \u00ed tveimur fallss\u00f6gum. Fyrri sagan, hj\u00e1 H\u00f3mer (Il\u00edonskvi\u00f0u I, 590 til 594), segir hvernig Seifur varpa\u00f0i honum af \u00d3lympi, \u00fear sem Hefaistos ger\u00f0ist hlynntur Heru \u00ed deilu foreldranna; hann f\u00e9ll \u00ed einn dag \u00fear til hann kom ni\u00f0ur \u00e1 Lemnos, alvarlega slasa\u00f0ur, og Sint\u00edumenn t\u00f3ku hann a\u00f0 s\u00e9r.<\/p><p>S\u00ed\u00f0ari \u00fatg\u00e1fan, hj\u00e1 H\u00f3mer (Il\u00edonskvi\u00f0u XVIII, 395 til 405), sn\u00fdr r\u00f6\u00f0inni vi\u00f0: Hera sj\u00e1lf varpar n\u00fdf\u00e6ddum syni s\u00ednum af \u00d3lympi, \u00fear sem hann f\u00e6ddist haltf\u00e6ttur; \u00deetis og Evryn\u00f3me gr\u00edpa hann og fela hann \u00ed n\u00edu \u00e1r \u00ed helli vi\u00f0 \u00d3keanos, \u00fear sem hann l\u00e6rir sm\u00ed\u00f0alistina.<\/p>\n<p>Eiginkona Hefaistosar er hj\u00e1 H\u00f3mer (\u00d3dysseiu VIII, 266 til 366) Afr\u00f3d\u00edta, hj\u00e1 Hes\u00ed\u00f3di og \u00ed yngri hef\u00f0 Agl\u00e6a, yngst Kariteynanna. Me\u00f0 A\u00feenu eignast hann \u00ed a\u00feenskri sta\u00f0bundinni hef\u00f0 Erik\u00fe\u00f3n\u00edus, hinn frumbyggja konung, \u00e1n \u00feess a\u00f0 um regluleg tengsl s\u00e9 a\u00f0 r\u00e6\u00f0a.<\/p><p>Fa\u00f0erni Erik\u00fe\u00f3n\u00edusar er mikilv\u00e6gt a\u00f0 \u00fev\u00ed leyti a\u00f0 \u00fea\u00f0 skr\u00e1ir Hefaistos \u00ed stofns\u00f6gu A\u00feenu og gerir hann a\u00f0 eiginlegum forf\u00f6\u00f0ur a\u00feenska konungskynsins, vi\u00f0 hli\u00f0 A\u00feenu sem f\u00f3sturm\u00f3\u00f0ur.<\/p>\n<p>\u00cd seinni hef\u00f0 b\u00e6tast fleiri b\u00f6rn vi\u00f0: arg\u00edski Kab\u00edrinn Kabeiros, sem tengist ne\u00f0anjar\u00f0ardul\u00fa\u00f0unum \u00e1 Lemnos og Samotrake, auk hinna h\u00e1va\u00f0as\u00f6mu illvirku Kabeiroi-sona samkv\u00e6mt Strabon. \u00cd gegnum \u00feessi tengsl ver\u00f0ur Hefaistos a\u00f0 mi\u00f0l\u00e6gri veru elstu dul\u00fa\u00f0artr\u00faarlegu lagsins \u00ed gr\u00edskri tr\u00fa, langt umfram \u00d3lympshlutverk hans.<\/p>\t\t\t\t\t\t\t\t<\/div>\n\t\t\t\t<\/div>\n\t\t<div class=\"elementor-element elementor-element-6b2f2eb e-con-full e-flex e-con e-child\" data-id=\"6b2f2eb\" data-element_type=\"container\" data-e-type=\"container\">\n\t\t\t\t<div class=\"elementor-element elementor-element-fd6f7bf elementor-widget elementor-widget-heading\" data-id=\"fd6f7bf\" data-element_type=\"widget\" data-e-type=\"widget\" data-widget_type=\"heading.default\">\n\t\t\t\t\t<h2 class=\"elementor-heading-title elementor-size-default\">T\u00e1kn, myndlist og einkenni<\/h2>\t\t\t\t<\/div>\n\t\t\t\t<div class=\"elementor-element elementor-element-1812d33 elementor-widget elementor-widget-text-editor\" data-id=\"1812d33\" data-element_type=\"widget\" data-e-type=\"widget\" data-widget_type=\"text-editor.default\">\n\t\t\t\t\t\t\t\t\t<p>Hefaistos er venjulega s\u00fdndur me\u00f0 hamar, t\u00f6ng og smi\u00f0jubelg, oft sitjandi \u00e1 kolli, \u00fear sem f\u00f6tlun hans gerir langa st\u00f6\u00f0u erfi\u00f0a. Hann ber keilulaga fillthatt, \u00abpilos\u00bb, einkennandi h\u00f6fu\u00f0fat handverksmanna, sem greinir hann fr\u00e1 berh\u00f6f\u00f0u\u00f0um \u00d3lympsgu\u00f0um.<\/p><p>K\u00edt\u00f3n hans er stuttur, oft a\u00f0eins \u00feakinn \u00f6\u00f0rum \u00f6xlinum (exomis), eins og verkamenn b\u00e1ru. \u00c1 att\u00edskri vasam\u00e1lun sj\u00f6ttu og fimmtu aldar kemur hann oft fram \u00ed fylgd sat\u00fdra, m\u00e6na\u00f0a og D\u00ed\u00f3n\u00fdsosar, en me\u00f0 \u00feeim er endurkoma hans til \u00d3lymps s\u00fdnd.<\/p>\n<p>Verkst\u00e6\u00f0i hans er hef\u00f0bundi\u00f0 tali\u00f0 vera ne\u00f0anjar\u00f0ar, inni \u00ed eldfj\u00f6llunum Lemnos, Hiera (Hefaist\u00eda, n\u00fa Vulcano) og Etnu.<\/p><p>\u00cd h\u00f3merska verkst\u00e6\u00f0inu eru hj\u00e1lparmenn ekki mannlegir, heldur sj\u00e1lfvirkar v\u00e9lar: gullnar \u00feernur sem hugsa, tala og vinna eins og lifandi verur (Il\u00edonskvi\u00f0u XVIII, 417 til 420), og eldlegir \u00fer\u00edf\u00e6tur \u00e1 hj\u00f3lum sem r\u00falla af sj\u00e1lfsd\u00e1\u00f0um til samkomusalar gu\u00f0anna. \u00deessi frumlega s\u00fdn t\u00e6knilegrar sj\u00e1lfvirkni er me\u00f0al elstu v\u00edsbendinga um go\u00f0sagnalega v\u00e9lmenna\u00edmyndun \u00ed evr\u00f3pskum b\u00f3kmenntum.<\/p>\n<p>Me\u00f0al fr\u00e6gustu verka Hefaistosar er n\u00fdr skj\u00f6ldur Akkillesar (Il\u00edonskvi\u00f0u XVIII, 478 til 608), \u00fear sem Hefaistos s\u00fdnir \u00ed myndar\u00f6\u00f0inni allan heiminn, fr\u00e1 borginni \u00ed fri\u00f0i til borginnar \u00ed str\u00ed\u00f0i, fr\u00e1 kornskur\u00f0arh\u00e1t\u00ed\u00f0 til br\u00fa\u00f0kaups; hin \u00f3rj\u00fafanlegu b\u00f6nd sem Pr\u00f3me\u00feeifur er hlekkja\u00f0ur me\u00f0 vi\u00f0 K\u00e1kasus (\u00c6sk\u00fdlos, Hlekkja\u00f0ur Pr\u00f3me\u00feeifur 1 til 87); s\u00f3lvagn Hel\u00edosar; egis Seifs og A\u00feenu; brj\u00f3stn\u00e1l Harmon\u00edu, sem f\u00e6rir kyni hennar \u00f3g\u00e6fu; og bronsrisinn Talos, sem vaktar eyjuna Kr\u00edt (Apoll\u00f3n\u00edos fr\u00e1 R\u00f3dos IV, 1638 til 1693).<\/p>\n<p>H\u00f6ggmyndaleg framsetning Hefaistosar \u00e1 klass\u00edskum t\u00edma er f\u00e1t\u00ed\u00f0ari en annarra \u00d3lympsgu\u00f0a, \u00fear sem handverksleg h\u00f3gv\u00e6r\u00f0 hans virtist ganga \u00ed berh\u00f6gg vi\u00f0 hi\u00f0 st\u00f3rfenglega helgibyggingarform. Undantekning er A\u00feenu-Hefaistos-h\u00f3purinn sem Alkamenes skapa\u00f0i fyrir Hefaisteion \u00e1 a\u00feenska Agora; \u00ed dag er hann a\u00f0eins h\u00e6gt a\u00f0 endurgera \u00fat fr\u00e1 l\u00fdsingum.<\/p>\t\t\t\t\t\t\t\t<\/div>\n\t\t\t\t<\/div>\n\t\t<div class=\"elementor-element elementor-element-7db3a61 e-con-full e-flex e-con e-child\" data-id=\"7db3a61\" data-element_type=\"container\" data-e-type=\"container\">\n\t\t\t\t<div class=\"elementor-element elementor-element-1c800a5 elementor-widget elementor-widget-heading\" data-id=\"1c800a5\" data-element_type=\"widget\" data-e-type=\"widget\" data-widget_type=\"heading.default\">\n\t\t\t\t\t<h2 class=\"elementor-heading-title elementor-size-default\">D\u00fdrkun og tilbei\u00f0sla<\/h2>\t\t\t\t<\/div>\n\t\t\t\t<div class=\"elementor-element elementor-element-dafffc4 elementor-widget elementor-widget-text-editor\" data-id=\"dafffc4\" data-element_type=\"widget\" data-e-type=\"widget\" data-widget_type=\"text-editor.default\">\n\t\t\t\t\t\t\t\t\t<p>\u00cd A\u00feenu gegndi Hefaistos mikilv\u00e6gu hlutverki sem verndargu\u00f0 handverksmanna. Chalkeia-h\u00e1t\u00ed\u00f0in, haldin s\u00ed\u00f0asta dag m\u00e1na\u00f0arins Pyanopsion (okt\u00f3ber\/n\u00f3vember), var sameiginleg h\u00e1t\u00ed\u00f0 Hefaistosar og A\u00feenu Ergane. \u00c1 \u00feessum degi h\u00f3fu vefkonurnar \u00e1 Akr\u00f3p\u00f3lis vinnu vi\u00f0 n\u00fdjan peplos fyrir Pana\u00feeneuh\u00e1t\u00ed\u00f0ina.<\/p><p>H\u00e1t\u00ed\u00f0arganga handverksmanna f\u00f3r fr\u00e1 Hefaisteion-hofinu \u00e1 Agora upp til Akr\u00f3p\u00f3lis. P\u00e1san\u00edas (I, 14, 6) greinir fr\u00e1 \u00fev\u00ed a\u00f0 vi\u00f0 r\u00e6tur hofsins hafi sta\u00f0i\u00f0 heilagt ol\u00edfutr\u00e9 sem sagt var hafa vaxi\u00f0 \u00far staf Erich\u00feon\u00edosar.<\/p>\n<p>S\u00e9rst\u00f6k Hefaistos-h\u00e1t\u00ed\u00f0 voru Apaturia-h\u00e1t\u00ed\u00f0irnar fyrir fratr\u00edur A\u00feenu, \u00fear sem \u00e1 \u00feri\u00f0ja degi fj\u00f6lskylduh\u00e1t\u00ed\u00f0arinnar (Koureotis) f\u00e6r\u00f0i hver borgarasonur Hefaistosi kyndil vi\u00f0 <span class=\"iwg-fachbegriff\" data-tooltip=\"Helgiath\u00f6fn \u00fear sem einhver er tekinn inn \u00ed n\u00fdja st\u00f6\u00f0u e\u00f0a samf\u00e9lag.\" tabindex=\"0\">v\u00edgsluath\u00f6fn<\/span>.<\/p><p>Hefaisteia-kyndilhlaupi\u00f0 (hlaup me\u00f0 kyndil fr\u00e1 Akadem\u00edunni til borgarinnar) var me\u00f0al elstu \u00ed\u00fer\u00f3ttakeppna A\u00feenu og var s\u00e9rstaklega tengt Hefaistosi. Sigurvegarar fengu leirlampa me\u00f0 mynd af sm\u00ed\u00f0agu\u00f0inum.<\/p>\n<p>Lemnos var elsta og sterkasta mi\u00f0st\u00f6\u00f0 Hefaistos-<span class=\"iwg-fachbegriff\" data-tooltip=\"\u00d6ll tr\u00faarleg tilbei\u00f0sla sem beinist a\u00f0 gu\u00f0i e\u00f0a heilagri veru.\" tabindex=\"0\">helgisi\u00f0anna<\/span>. \u00c1 \u00feessari eldfjallaeyju voru gufustr\u00f3karnir \u00e1 Moschylos-fjalli taldir s\u00fdnileg merki um smi\u00f0ju hans.<\/p><p>Einu sinni \u00e1 \u00e1ri voru allir eldar \u00e1 eyjunni sl\u00f6kktir og haldi\u00f0 \u00ed n\u00edu daga helgireinsunart\u00edmabili; s\u00ed\u00f0an flutti skip fr\u00e1 <span class=\"iwg-fachbegriff\" data-tooltip=\"Heilagur sta\u00f0ur helga\u00f0ur tilbei\u00f0slu \u00e1 gu\u00f0i.\" tabindex=\"0\">helgista\u00f0num<\/span> \u00e1 Delos n\u00fdjan, hreinan eld til Lemnos, sem kveikti a\u00f0 n\u00fdju \u00ed arni- og sm\u00ed\u00f0aeldunum (F\u00edlostratos, Heroikos 28, 6).<\/p><p>\u00deetta t\u00edmabil var kalla\u00f0 \u00ablemnverska ath\u00f6fnin\u00bb, sem minnti \u00e1 hina go\u00f0sagnakenndu ath\u00f6fn kvennanna \u00e1 Lemnos, \u00feegar Lemnos-konurnar dr\u00e1pu eiginmenn s\u00edna, sem ger\u00f0i eyjuna \u00ab\u00f3hreina\u00bb \u00fear til Hefaistos kom \u00e1 s\u00e1ttum.<\/p>\n<p>\u00c1 Sikiley var <span class=\"iwg-fachbegriff\" data-tooltip=\"\u00d6ll tr\u00faarleg tilbei\u00f0sla sem beinist a\u00f0 gu\u00f0i e\u00f0a heilagri veru.\" tabindex=\"0\">helgihaldi\u00f0<\/span> tengt Etnu-fjalli. Eyjarnar nor\u00f0an Sikileyjar (Lipari, Vulcano, Stromboli) voru \u00e1 hellen\u00edskum t\u00edma taldar smi\u00f0jur Hefaistosar; Pindar (Py\u00fe\u00edu\u00f3\u00f0ar I, 17 til 28) l\u00e6tur gu\u00f0inn halda risanum Typhon f\u00f6ngnum undir Etnu.<\/p><p>\u00cd Olymp\u00edu birtist Hefaistos \u00ed r\u00f6\u00f0 t\u00f3lf altara \u00f3lympsku gu\u00f0anna, \u00ed Argos deildi hann <span class=\"iwg-fachbegriff\" data-tooltip=\"Bygging helgu\u00f0 tilbei\u00f0slu einnar e\u00f0a fleiri gu\u00f0a.\" tabindex=\"0\">musteri<\/span> me\u00f0 Erin\u00fdjunum. \u00cdt\u00f6lsk yfirf\u00e6rsla flutti <span class=\"iwg-fachbegriff\" data-tooltip=\"\u00d6ll tr\u00faarleg tilbei\u00f0sla sem beinist a\u00f0 gu\u00f0i e\u00f0a heilagri veru.\" tabindex=\"0\">helgihaldi\u00f0<\/span> undir nafninu Volcanus einnig inn \u00ed r\u00f3mverska gu\u00f0akerfi\u00f0.<\/p>\t\t\t\t\t\t\t\t<\/div>\n\t\t\t\t<\/div>\n\t\t<div class=\"elementor-element elementor-element-982fabe e-con-full e-flex e-con e-child\" data-id=\"982fabe\" data-element_type=\"container\" data-e-type=\"container\">\n\t\t\t\t<div class=\"elementor-element elementor-element-fe321dc elementor-widget elementor-widget-heading\" data-id=\"fe321dc\" data-element_type=\"widget\" data-e-type=\"widget\" data-widget_type=\"heading.default\">\n\t\t\t\t\t<h2 class=\"elementor-heading-title elementor-size-default\">Mikilv\u00e6g helgista\u00f0ir og musteri<\/h2>\t\t\t\t<\/div>\n\t\t\t\t<div class=\"elementor-element elementor-element-53f69ee elementor-widget elementor-widget-text-editor\" data-id=\"53f69ee\" data-element_type=\"widget\" data-e-type=\"widget\" data-widget_type=\"text-editor.default\">\n\t\t\t\t\t\t\t\t\t<p>Mikilv\u00e6gasti var\u00f0veitti <span class=\"iwg-fachbegriff\" data-tooltip=\"Bygging tileinku\u00f0 d\u00fdrkun einnar e\u00f0a fleiri gu\u00f0legra vera.\" tabindex=\"0\">hofi\u00f0<\/span> Hefaistosar stendur \u00e1 nor\u00f0vestanver\u00f0ri h\u00e6\u00f0 A\u00feenu Agora, Hefaisteion. Reist \u00e1 \u00e1runum 449 til 415 fyrir okkar t\u00edmatal, er \u00fea\u00f0 best var\u00f0veitta d\u00f3rneska <span class=\"iwg-fachbegriff\" data-tooltip=\"Bygging tileinku\u00f0 d\u00fdrkun einnar e\u00f0a fleiri gu\u00f0legra vera.\" tabindex=\"0\">hofi\u00f0<\/span> \u00ed Grikklandi; var\u00f0veisla \u00feess \u00e1 r\u00e6tur a\u00f0 rekja til \u00feess a\u00f0 \u00fev\u00ed var breytt \u00ed kirkju heilags Georgs \u00e1 sj\u00f6undu \u00f6ld.<\/p><p>Met\u00f3put\u00f6flurnar s\u00fdna afrek Heraklesar og \u00deeseusar; a\u00f0 innan var var\u00f0veitt bronsstyttuger\u00f0in af A\u00feenu og Hefaistosi eftir Alkamenes. <span class=\"iwg-fachbegriff\" data-tooltip=\"Bygging tileinku\u00f0 d\u00fdrkun einnar e\u00f0a fleiri gu\u00f0legra vera.\" tabindex=\"0\">Hofi\u00f0<\/span> var nota\u00f0 fram \u00e1 n\u00edtj\u00e1ndu \u00f6ld sem grafreitur breskra fer\u00f0amanna, sem margir legsteinar vitna um.<\/p>\n<p>\u00c1 Lemnos l\u00e1 <span class=\"iwg-fachbegriff\" data-tooltip=\"Heilagur sta\u00f0ur tileinka\u00f0ur d\u00fdrkun gu\u00f0s e\u00f0a gu\u00f0legrar veru.\" tabindex=\"0\">helgista\u00f0ur<\/span> Hefaistosar vi\u00f0 Hefaistia, \u00e1 nor\u00f0urstr\u00f6nd eyjarinnar. Fornleifaranns\u00f3knir \u00edtalskra sk\u00f3la fr\u00e1 1930 hafa skjalf\u00e6rt <span class=\"iwg-fachbegriff\" data-tooltip=\"Heilagur sta\u00f0ur tileinka\u00f0ur d\u00fdrkun gu\u00f0s e\u00f0a gu\u00f0legrar veru.\" tabindex=\"0\">helgista\u00f0inn<\/span>; hann var samkomusta\u00f0ur forgr\u00edsku \u201eSint\u00edanna&#8220; og s\u00ed\u00f0ar gr\u00edskra \u00edb\u00faa. \u00cd leikh\u00fasinu og <span class=\"iwg-fachbegriff\" data-tooltip=\"Heilagur sta\u00f0ur tileinka\u00f0ur d\u00fdrkun gu\u00f0s e\u00f0a gu\u00f0legrar veru.\" tabindex=\"0\">helgista\u00f0num<\/span> Kabirion m\u00e1 sj\u00e1 Hefaistos-tengsl \u00ed fj\u00f6lda \u00e1letrana.<\/p>\n<p>\u00c1 Liparieyjum var Hiera, n\u00faverandi eyjan Vulcano, \u00ed <span class=\"iwg-fachbegriff\" data-tooltip=\"T\u00edmabil gr\u00edskrar og r\u00f3mverskrar menningar, u.\u00fe.b. 800 f.Kr. til 600 e.Kr.\" tabindex=\"0\">forn\u00f6ld<\/span> Hefaistos-sta\u00f0ur; eldvirknin \u00fear var talin s\u00fdnileg sta\u00f0festing \u00e1 sm\u00ed\u00f0averkst\u00e6\u00f0inu. Strabo (VI, 2, 11) l\u00fdsir hinum reglulegu eldgosum sem taktvissum sm\u00ed\u00f0ah\u00f6ggum.<\/p><p>\u00cd Argos deildi Hefaistos <span class=\"iwg-fachbegriff\" data-tooltip=\"Heilagur sta\u00f0ur tileinka\u00f0ur d\u00fdrkun gu\u00f0s e\u00f0a gu\u00f0legrar veru.\" tabindex=\"0\">helgista\u00f0<\/span> me\u00f0 Erinjunum, sem Pausanias (II, 24, 2) l\u00fdsir sem litlu borgard\u00fdrkunarsetri. \u00c1 Kr\u00edt var <span class=\"iwg-fachbegriff\" data-tooltip=\"L\u00edtill helgur sta\u00f0ur e\u00f0a tilbei\u00f0slusta\u00f0ur.\" tabindex=\"0\">skr\u00edn<\/span> \u00ed Olus, \u00fear sem Hefaistos var d\u00fdrka\u00f0ur sem smi\u00f0ur Talosar.<\/p>\t\t\t\t\t\t\t\t<\/div>\n\t\t\t\t<\/div>\n\t\t<div class=\"elementor-element elementor-element-35949e0 e-con-full e-flex e-con e-child\" data-id=\"35949e0\" data-element_type=\"container\" data-e-type=\"container\">\n\t\t\t\t<div class=\"elementor-element elementor-element-6a8b1db elementor-widget elementor-widget-heading\" data-id=\"6a8b1db\" data-element_type=\"widget\" data-e-type=\"widget\" data-widget_type=\"heading.default\">\n\t\t\t\t\t<h2 class=\"elementor-heading-title elementor-size-default\">Go\u00f0sagnafr\u00e1sagnir<\/h2>\t\t\t\t<\/div>\n\t\t\t\t<div class=\"elementor-element elementor-element-704ab8d elementor-widget elementor-widget-text-editor\" data-id=\"704ab8d\" data-element_type=\"widget\" data-e-type=\"widget\" data-widget_type=\"text-editor.default\">\n\t\t\t\t\t\t\t\t\t<p>Br\u00fa\u00f0kaupsgo\u00f0sagan um Afr\u00f3d\u00edte og Hefaistos er \u00feekktasta saga gu\u00f0sins. \u00cd \u00d3dysseifskvi\u00f0u H\u00f3mers (VIII, 266 til 366) segir s\u00f6ngvarinn Demod\u00f3kos fr\u00e1 \u00fev\u00ed fyrir Fa\u00ed\u00f6kum: Afr\u00f3d\u00edte, \u00f3tr\u00fa halta eiginmanni s\u00ednum, hittir Ares \u00ed svefnherbergi Hefaistosar. Hel\u00edos, hinn alsj\u00e1andi, kemur upp um hj\u00faskaparbroti\u00f0.<\/p><p>Hefaistos sm\u00ed\u00f0ar \u00f3s\u00fdnilegt net \u00far \u00feynnstu brons\u00fer\u00e1\u00f0um og leggur \u00fea\u00f0 yfir hv\u00edluna. Elskendurnir eru fastir \u00ed \u00e1starleikjum s\u00ednum; Hefaistos kallar \u00e1 \u00d3lympsgu\u00f0ina, sem bresta \u00fat \u00ed h\u00f3merskan hl\u00e1tur. \u00deessi fr\u00e1s\u00f6gn er ein elstu gamanleikjaminni evr\u00f3pskra b\u00f3kmennta og fjallar um s\u00edfellda spennu milli i\u00f0na\u00f0armannsdyg\u00f0a og a\u00f0alsfegur\u00f0ar.<\/p>\n<p><span class=\"iwg-fachbegriff\" data-tooltip=\"Sagnfr\u00e1s\u00f6gn sem var\u00f0veist hefur um gu\u00f0i, uppruna og skipan heimsins.\" tabindex=\"0\">Go\u00f0sagan<\/span> um gullna h\u00e1s\u00e6ti\u00f0 segir fr\u00e1 atbur\u00f0i milli Heru og Hefaistosar. Hefaistos sendir m\u00f3\u00f0ur sinni, sem haf\u00f0i kasta\u00f0 honum af \u00d3lympsfjalli, undursamlegt h\u00e1s\u00e6ti sem virtist vera fri\u00f0argj\u00f6f. Hera sest \u00ed h\u00e1s\u00e6ti\u00f0 og festist \u00ed \u00f3s\u00fdnilegum b\u00f6ndum. \u00d3lympsgu\u00f0irnir geta ekki losa\u00f0 verki\u00f0; a\u00f0eins Hefaistos kann leyndarm\u00e1li\u00f0.<\/p><p>Ekki fyrr en D\u00ed\u00f3n\u00fdsos gerir sm\u00ed\u00f0agu\u00f0inn drukkinn og flytur hann \u00e1 m\u00falasna til \u00d3lympsfjalls sam\u00feykkir Hefaistos a\u00f0 frelsa m\u00f3\u00f0ur s\u00edna. \u00deessi \u201eheimkoma&#8220; Hefaistosar til \u00d3lympsfjalls er eitt algengasta myndefni\u00f0 \u00ed att\u00edskri vasam\u00e1lun \u00e1 milli 580 og 470 fyrir upphaf t\u00edmatals okkar.<\/p>\n<p>Vi\u00f0 f\u00e6\u00f0ingu A\u00feenu leikur Hefaistos lj\u00f3sm\u00f3\u00f0urhlutverki\u00f0: Hann kl\u00fdfur h\u00f6fu\u00f0skel Seifs me\u00f0 axarh\u00f6ggi, og \u00fat \u00far \u00fev\u00ed stekkur A\u00feena alb\u00fain \u00ed herkl\u00e6\u00f0um (Pindar, \u00d3lymp\u00edu\u00f3\u00f0ar VII, 35 til 38).<\/p><p>\u00deessi \u00feversagnarfulla sta\u00f0a, \u00fear sem halti sm\u00ed\u00f0agu\u00f0inn ver\u00f0ur lj\u00f3sm\u00f3\u00f0ir hinnar meyd\u00f3msgo\u00f0gj\u00f6rnu gy\u00f0ju, er \u00ed samanbur\u00f0ar <span class=\"iwg-fachbegriff\" data-tooltip=\"Heild \u00feeirra go\u00f0sagna sem var\u00f0veist hafa um gu\u00f0i innan tiltekinnar menningar.\" tabindex=\"0\">go\u00f0afr\u00e6\u00f0i<\/span> talin fyrirmynd um mi\u00f0lun forms og efnis me\u00f0 t\u00e6knilegri \u00feekkingu.<\/p>\n<p>Fj\u00f6trun Pr\u00f3me\u00feeifs, sem l\u00fdst er \u00ed \u00abFj\u00f6tra\u00f0ur Pr\u00f3me\u00feeifur\u00bb eftir \u00c6sk\u00fdlos, s\u00fdnir Hefaistos \u00ed annarri hlutverki s\u00ednu sem framkv\u00e6mdara\u00f0ili go\u00f0askipunar. \u00c1 fyrirm\u00e6lum Seifs sm\u00ed\u00f0ar hann T\u00edtaninn fastan vi\u00f0 hamra K\u00e1kasusfjalla. En \u00ed harmleiknum talar hann verki\u00f0 fram me\u00f0 \u00f3duldum trega og j\u00e1tar fr\u00e6ndsemi s\u00edna vi\u00f0 \u00feann sem veri\u00f0 er a\u00f0 refsa, \u00fev\u00ed b\u00e1\u00f0ir eru gu\u00f0ir eldsins. Auk \u00feess dregur hann r\u00e9ttm\u00e6ti h\u00f6rku fyrirm\u00e6lanna \u00ed efa.<\/p><p>\u00deessi sena s\u00fdnir Hefaistos sem si\u00f0fer\u00f0islega n\u00e6man gu\u00f0, sem hl\u00fd\u00f0ir fyrirm\u00e6lum en stendur si\u00f0fer\u00f0islega ofar \u00feeim.<\/p>\t\t\t\t\t\t\t\t<\/div>\n\t\t\t\t<\/div>\n\t\t<div class=\"elementor-element elementor-element-9bbbada e-con-full e-flex e-con e-child\" data-id=\"9bbbada\" data-element_type=\"container\" data-e-type=\"container\">\n\t\t\t\t<div class=\"elementor-element elementor-element-64ad772 elementor-widget elementor-widget-heading\" data-id=\"64ad772\" data-element_type=\"widget\" data-e-type=\"widget\" data-widget_type=\"heading.default\">\n\t\t\t\t\t<h2 class=\"elementor-heading-title elementor-size-default\">Tengsl innan go\u00f0aheimsins<\/h2>\t\t\t\t<\/div>\n\t\t\t\t<div class=\"elementor-element elementor-element-77508df elementor-widget elementor-widget-text-editor\" data-id=\"77508df\" data-element_type=\"widget\" data-e-type=\"widget\" data-widget_type=\"text-editor.default\">\n\t\t\t\t\t\t\t\t\t<p>Sambandi Hefaistosar vi\u00f0 Heru er tv\u00edbent. Annars vegar er h\u00fan m\u00f3\u00f0ir hans, oft \u00e1n nokkurs f\u00f6\u00f0ura\u00f0ildar, hins vegar kasta\u00f0i h\u00fan honum af \u00d3lympsfjalli. Gullna h\u00e1s\u00e6ti\u00f0 og heimkoma hans fyrir tilstu\u00f0lan D\u00ed\u00f3n\u00fdsosar s\u00fdna s\u00e1ttargj\u00f6r\u00f0 milli m\u00f3\u00f0ur og sonar, sem ver\u00f0ur m\u00f6guleg me\u00f0 a\u00f0komu \u00feri\u00f0ju pers\u00f3nu (D\u00ed\u00f3n\u00fdsosar).<\/p><p>Vi\u00f0 Seif er samband hans faglegt: Seifur felur honum erfi\u00f0ustu verkefnin (skj\u00f6ldinn Aigis, sk\u00f6pun Pand\u00f3ru, fj\u00f6trun Pr\u00f3me\u00feeifs), og Hefaistos framkv\u00e6mir \u00feau \u00e1n m\u00f6gls, \u00fe\u00f3 oft me\u00f0 innri fjarl\u00e6g\u00f0.<\/p>\n<p>Samkv\u00e6mt H\u00f3mer er hann kv\u00e6ntur Afr\u00f3d\u00edte, og tengdur A\u00feenu vegna atbur\u00f0arins me\u00f0 Er\u00edkton\u00edosi. B\u00e6\u00f0i \u00feessi samb\u00f6nd s\u00fdna spennuna milli hins halta og fegurstu gy\u00f0ja \u00d3lympsgu\u00f0anna.<\/p><p>Sambandi\u00f0 vi\u00f0 Afr\u00f3d\u00edte er tali\u00f0 kosm\u00edsk allegor\u00eda um sameiningu efnis (sm\u00ed\u00f0alist) og forms (fegur\u00f0), t\u00falkun sem Pl\u00fatarkos og n\u00fdplat\u00f3nska hef\u00f0in \u00fer\u00f3u\u00f0u frekar. Sambandi\u00f0 vi\u00f0 A\u00feenu er hagn\u00fdtt \u00ed e\u00f0li s\u00ednu: B\u00e6\u00f0i eru \u00feau verndargu\u00f0ir handverksmanna, og Hefaisteion-hofi\u00f0 var <span class=\"iwg-fachbegriff\" data-tooltip=\"V\u00edgt e\u00f0a helga\u00f0 me\u00f0 tr\u00faarlegri ath\u00f6fn og \u00feannig teki\u00f0 \u00far hinu hversdagslega.\" tabindex=\"0\">v\u00edgt<\/span> b\u00e1\u00f0um.<\/p>\n<p>Vi\u00f0 Ares r\u00edkir samkeppni vegna Afr\u00f3d\u00edte, en einnig fagleg mismunur: Hefaistos sm\u00ed\u00f0ar vopnin, Ares notar \u00feau. \u00cd att\u00edskri vasam\u00e1lun eru \u00feeir tveir oft s\u00fdndir sem andst\u00e6\u00f0ar pers\u00f3nur \u00ed myndefninu.<\/p><p>Vi\u00f0 D\u00ed\u00f3n\u00fdsos er hann tengdur \u201eheimkomunni til \u00d3lympsfjalls&#8220;, einni elstu og algengustu go\u00f0asenu forngr\u00edskrar myndlistar. K\u00fdkl\u00f3parnir deila me\u00f0 honum ne\u00f0anjar\u00f0ar sm\u00ed\u00f0averkst\u00e6\u00f0inu; \u00feeir eru taldir hj\u00e1lparmenn hans vi\u00f0 sm\u00ed\u00f0i \u00f3lympsvopnanna.<\/p>\t\t\t\t\t\t\t\t<\/div>\n\t\t\t\t<\/div>\n\t\t<div class=\"elementor-element elementor-element-6941657 e-con-full e-flex e-con e-child\" data-id=\"6941657\" data-element_type=\"container\" data-e-type=\"container\">\n\t\t\t\t<div class=\"elementor-element elementor-element-4563a45 elementor-widget elementor-widget-heading\" data-id=\"4563a45\" data-element_type=\"widget\" data-e-type=\"widget\" data-widget_type=\"heading.default\">\n\t\t\t\t\t<h2 class=\"elementor-heading-title elementor-size-default\">M\u00f3ttaka<\/h2>\t\t\t\t<\/div>\n\t\t\t\t<div class=\"elementor-element elementor-element-5810fae elementor-widget elementor-widget-text-editor\" data-id=\"5810fae\" data-element_type=\"widget\" data-e-type=\"widget\" data-widget_type=\"text-editor.default\">\n\t\t\t\t\t\t\t\t\t<p>\u00cd r\u00f3mverskri tr\u00fa svarar Hefaistos til Volcanusar, gamals \u00edtalsks eldgu\u00f0s, en <span class=\"iwg-fachbegriff\" data-tooltip=\"Heild \u00feeirra tr\u00faarlegu tilbei\u00f0sluathafna sem t\u00ed\u00f0kast um gu\u00f0 e\u00f0a heilaga v\u00e6tt.\" tabindex=\"0\">tilbei\u00f0sla<\/span> hans einbeittist fyrst og fremst um V\u00falkanali\u00f0 \u00e1 Forum Romanum. V\u00falkanal\u00eduh\u00e1t\u00ed\u00f0in 23. \u00e1g\u00fast var h\u00e1t\u00ed\u00f0 til a\u00f0 afst\u00fdra eldsvo\u00f0ah\u00e6ttu s\u00ed\u00f0sumars; h\u00e1t\u00ed\u00f0arhaldi\u00f0 innih\u00e9lt brennslu sm\u00e1fiska, a\u00f0 \u00f6llum l\u00edkindum sem fri\u00f0\u00fe\u00e6gingarf\u00f3rn fyrir heitu vikurnar.<\/p><p>Virgill (Eneasarkvi\u00f0a VIII, 416 til 453) sta\u00f0setur sm\u00ed\u00f0averkst\u00e6\u00f0i Volcanusar \u00e1 eynni Hiera (V\u00falkan\u00f3) og l\u00fdsir sm\u00ed\u00f0i vopna fyrir Eneas, bein endurvinnsla \u00e1 s\u00f6gunni um skj\u00f6ld Akkillesar \u00far Il\u00edonskvi\u00f0u.<\/p>\n<p>\u00c1 mi\u00f0\u00f6ldum var Hefaistos \u00e1fram til sta\u00f0ar sem allegor\u00eda sm\u00ed\u00f0ai\u00f0narins. Bocaccio fjallar um hann \u00ed \u00abDe genealogia deorum gentilium\u00bb me\u00f0 alleg\u00f3r\u00edskum t\u00falkunum. Endurreisnin f\u00e6r\u00f0i me\u00f0 s\u00e9r n\u00fd myndverk, svo sem \u00abSm\u00ed\u00f0averkst\u00e6\u00f0i V\u00falkans\u00bb eftir Vel\u00e1zquez (1630) og \u00abV\u00falkan kemur a\u00f0 Mars og Venus a\u00f0 \u00f3v\u00f6rum\u00bb eftir Tintoretto.<\/p><p>\u00c1 barokkt\u00edmanum t\u00falku\u00f0u Rubens og Cortona efni\u00f0 sem alleg\u00f3r\u00edu listr\u00e6nnar sk\u00f6punar; sm\u00ed\u00f0agu\u00f0inn, sem hamarinn dr\u00edfur \u00e1fram, ver\u00f0ur <span class=\"iwg-fachbegriff\" data-tooltip=\"\u00c1\u00fereifanleg mynd sem stendur fyrir \u00f3hlutbundna hugmynd.\" tabindex=\"0\">t\u00e1kn<\/span> um afkastamikinn listamann.<\/p>\n<p>\u00c1tj\u00e1nda \u00f6ldin s\u00e1 \u00ed V\u00falkani fyrst og fremst <span class=\"iwg-fachbegriff\" data-tooltip=\"\u00c1\u00fereifanleg mynd sem stendur fyrir \u00f3hlutbundna hugmynd.\" tabindex=\"0\">t\u00e1kn<\/span> uppl\u00fdsingat\u00e6kninnar, n\u00edtj\u00e1nda \u00f6ldin t\u00e1kn i\u00f0na\u00f0arsm\u00ed\u00f0unar. Friedrich H\u00f6lderlin gerir Hefaistos a\u00f0 verndargu\u00f0i j\u00e1rnsmi\u00f0sins \u00ed \u00abHyperion\u00bb. Karl Marx vitnar til <span class=\"iwg-fachbegriff\" data-tooltip=\"Sagnfr\u00e1s\u00f6gn sem var\u00f0veist hefur um gu\u00f0i, uppruna og skipan heimsins.\" tabindex=\"0\">go\u00f0sagnarins<\/span> \u00ed \u00abKenningum um umframvir\u00f0i\u00f0\u00bb til a\u00f0 sk\u00fdra sambandi\u00f0 milli vinnu og fj\u00e1rmagns.<\/p><p>N\u00fat\u00edmaranns\u00f3knir Marcel Detienne og Jean-Pierre Vernant (\u00abLes ruses de l&#8217;intelligence\u00bb, 1974) hafa sta\u00f0sett Hefaistos innan go\u00f0sagnahugtaksins um \u201emetis&#8220;, hina sl\u00e6gu uppfinningag\u00e1fu, og \u00feannig endurundirstrika\u00f0 vitsmunalega hli\u00f0 hans.<\/p>\t\t\t\t\t\t\t\t<\/div>\n\t\t\t\t<\/div>\n\t\t<div class=\"elementor-element elementor-element-6a19d5d e-con-full e-flex e-con e-child\" data-id=\"6a19d5d\" data-element_type=\"container\" data-e-type=\"container\">\n\t\t\t\t<div class=\"elementor-element elementor-element-ecf1e48 elementor-widget elementor-widget-heading\" data-id=\"ecf1e48\" data-element_type=\"widget\" data-e-type=\"widget\" data-widget_type=\"heading.default\">\n\t\t\t\t\t<h2 class=\"elementor-heading-title elementor-size-default\">Tr\u00faarfr\u00e6\u00f0ileg sta\u00f0setning<\/h2>\t\t\t\t<\/div>\n\t\t\t\t<div class=\"elementor-element elementor-element-263059a elementor-widget elementor-widget-text-editor\" data-id=\"263059a\" data-element_type=\"widget\" data-e-type=\"widget\" data-widget_type=\"text-editor.default\">\n\t\t\t\t\t\t\t\t\t<p>Uppruni nafnsins Hefaistos er \u00f3vissu h\u00e1\u00f0ur. Ind\u00f3evr\u00f3psk sk\u00fdring \u00feykir \u00f3l\u00edkleg; flestir fr\u00e6\u00f0imenn, \u00fear \u00e1 me\u00f0al Robert Beekes, telja a\u00f0 nafni\u00f0 s\u00e9 af fornhei\u00f0num uppruna, hugsanlega fr\u00e1 Lemnos. \u00c1 m\u00fdkenskum L\u00ednu B-spj\u00f6ldum kemur gu\u00f0 me\u00f0 \u00feessu nafni ekki fyrir, sem g\u00e6ti bent til \u00feess a\u00f0 hann hafi ekki veri\u00f0 tekinn inn \u00ed gr\u00edsk tr\u00faarbr\u00f6g\u00f0 fyrr en \u00e1 r\u00fanal\u00ednuskei\u00f0i (geometr\u00edsku t\u00edmabilinu).<\/p><p>Tengslin vi\u00f0 eldfjallaeyjuna Lemnos og vi\u00f0 hina \u00f3gr\u00edsku Sint\u00edumenn sty\u00f0ja \u00feessa kenningu.<\/p>\n<p>\u00cd tr\u00faarbrag\u00f0afr\u00e6\u00f0ilegum samanbur\u00f0i koma fram hli\u00f0st\u00e6\u00f0ur vi\u00f0 hinn hurr\u00ed-het\u00edska sm\u00ed\u00f0agu\u00f0 Hasamil, hinn \u00fagar\u00edt\u00edska K\u00f3\u00fear-va-Has\u00eds og hinn ved\u00edska Tva\u1e63\u1e6d\u1e5b, sem \u00f6ll falla undir mynstur hins gu\u00f0d\u00f3mlega handverksmanns sem sm\u00ed\u00f0ar vopn gu\u00f0anna og skapar me\u00f0 s\u00e9rst\u00f6kum uppfinningum hina go\u00f0s\u00f6gulegu ver\u00f6ld.<\/p><p>F\u00f6tlun sm\u00ed\u00f0agu\u00f0sins er algengt <span class=\"iwg-fachbegriff\" data-tooltip=\"Endurteki\u00f0 innihaldslegt atri\u00f0i \u00ed list e\u00f0a fr\u00e1s\u00f6gn.\" tabindex=\"0\">minni<\/span>: B\u00e6\u00f0i germanski V\u00e9lundur (Wieland), norr\u00e6ni V\u00f6lundur og \u00edrski Goibniu eru, \u00ed mismunandi myndum, l\u00edkamlega fatla\u00f0ir.<\/p><p>Marcel Detienne og Jean-Pierre Vernant hafa t\u00falka\u00f0 \u00feetta <span class=\"iwg-fachbegriff\" data-tooltip=\"Endurteki\u00f0 innihaldslegt atri\u00f0i \u00ed list e\u00f0a fr\u00e1s\u00f6gn.\" tabindex=\"0\">minni<\/span> sem t\u00e1kn fyrir s\u00e9rst\u00f6\u00f0u: smi\u00f0urinn st\u00edgur \u00fat \u00far venjulegri l\u00edfsbraut og f\u00e6r \u00feannig s\u00e9rstakan a\u00f0gang a\u00f0 frumkr\u00f6ftum eldsins og m\u00e1lmsins.<\/p>\n<p>Walter Burkert hefur \u00ed \u00abGriechische Religion\u00bb dregi\u00f0 fram tr\u00faarbrag\u00f0as\u00f6gulegt hlutverk Hefaistosar sem konungs handverksins innan pantheonsins: hann er gu\u00f0inn sem gerir vinnustofuframlei\u00f0slu heilaga og gefur handverksmanninum eigin tr\u00faarlega tign, vi\u00f0 hli\u00f0 hinnar herna\u00f0arlegu yfirst\u00e9ttar og prestast\u00e9ttarins.<\/p><p>\u00deetta hlutverk \u00fatsk\u00fdrir sterka n\u00e6rveru hans \u00ed borgarad\u00fdrkuninni \u00ed A\u00feenu, sem leit \u00e1 handverksmenn sem jafnr\u00e9tth\u00e6fa borgara. N\u00fdrri ranns\u00f3knir Roberts Parker hafa endurgert samf\u00e9lagslega skiptingu Hefaistos-d\u00fdrkenda \u00ed A\u00feenu og s\u00fdnt a\u00f0 Kalkeia-h\u00e1t\u00ed\u00f0in og blysf\u00f6rin voru fyrst og fremst bornar uppi af met\u00f6kum og innf\u00e6ddum handverksm\u00f6nnum.<\/p>\t\t\t\t\t\t\t\t<\/div>\n\t\t\t\t<\/div>\n\t\t<div class=\"elementor-element elementor-element-d645446 e-con-full e-flex e-con e-child\" data-id=\"d645446\" data-element_type=\"container\" data-e-type=\"container\">\n\t\t\t\t<div class=\"elementor-element elementor-element-31b92a7 elementor-widget elementor-widget-heading\" data-id=\"31b92a7\" data-element_type=\"widget\" data-e-type=\"widget\" data-widget_type=\"heading.default\">\n\t\t\t\t\t<h2 class=\"elementor-heading-title elementor-size-default\">Or\u00f0sifjar og fornhei\u00f0i\u00f0 lag<\/h2>\t\t\t\t<\/div>\n\t\t\t\t<div class=\"elementor-element elementor-element-032d57b elementor-widget elementor-widget-text-editor\" data-id=\"032d57b\" data-element_type=\"widget\" data-e-type=\"widget\" data-widget_type=\"text-editor.default\">\n\t\t\t\t\t\t\t\t\t<p>Nafni\u00f0 \u00abHefaistos\u00bb (ekki sta\u00f0fest \u00e1 m\u00fdkensku, d\u00f3riska formi\u00f0 \u00abAfaistos\u00bb) er ekki fullsk\u00fdrt af or\u00f0sifjafr\u00e6\u00f0i. Ind\u00f3evr\u00f3psk sk\u00fdring \u00feykir \u00f3l\u00edkleg; flestir fr\u00e6\u00f0imenn, \u00fear \u00e1 me\u00f0al Robert Beekes, telja a\u00f0 nafni\u00f0 s\u00e9 af fornhei\u00f0num uppruna. Tengslin vi\u00f0 eldfjallaeyjuna Lemnos og vi\u00f0 hina \u00f3gr\u00edsku Sint\u00edumenn sty\u00f0ja \u00feessa kenningu.<\/p><p>Sint\u00edumenn, sem samkv\u00e6mt H\u00f3mer taka \u00e1 m\u00f3ti Hefaistosi eftir fall hans, eru \u00ed fr\u00e6\u00f0unum taldir vera fornhei\u00f0in \u00fej\u00f3\u00f0 \u00ed nor\u00f0anver\u00f0u Eyjahafi, hugsanlega me\u00f0 tengsl vi\u00f0 Anat\u00f3l\u00edu e\u00f0a \u00derak\u00edu.<\/p>\n<p>Athyglisvert er a\u00f0 hann kemur ekki fyrir \u00ed m\u00fdkenskum textum. Me\u00f0an flestir \u00d3lympsgu\u00f0ir m\u00e1 finna \u00e1 L\u00ednu B-spj\u00f6ldunum, skortir Hefaistos algerlega \u00ed \u00feeim m\u00fdkensku textum sem fundist hafa til \u00feessa.<\/p><p>\u00deetta g\u00e6ti bent til \u00feess a\u00f0 gu\u00f0inn hafi veri\u00f0 felldur inn \u00ed gr\u00edska <span class=\"iwg-fachbegriff\" data-tooltip=\"Heild gu\u00f0a \u00ed tr\u00faarbr\u00f6g\u00f0um e\u00f0a menningu.\" tabindex=\"0\">pantheoni\u00f0<\/span> fyrst eftir hrun m\u00fdkenskrar hallamenningar, m\u00f6gulega \u00ed tengslum vi\u00f0 samskipti vi\u00f0 eldfjallaeyjur nor\u00f0anver\u00f0s Eyjahafs og anat\u00f3l\u00edskar sm\u00ed\u00f0ago\u00f0averur \u00e1 umbreytingarskei\u00f0i j\u00e1rnaldar.<\/p>\n<p>Tr\u00faarleg skyldleiki Hefaistosar vi\u00f0 hurr\u00ed-het\u00edska sm\u00ed\u00f0agu\u00f0i hefur veri\u00f0 kerfisbundi\u00f0 rannsaka\u00f0ur af Sandra Blakely (\u00abMyth, <span class=\"iwg-fachbegriff\" data-tooltip=\"Skipul\u00f6g\u00f0 r\u00f6\u00f0 t\u00e1knger\u00f0ra athafna me\u00f0 tr\u00faarlega e\u00f0a menningarlega merkingu.\" tabindex=\"0\">rit\u00faal<\/span> and Metallurgy in Ancient Greece and Recent Africa\u00bb, 2006) og Walter Burkert.<\/p><p>S\u00e9rstaklega s\u00fdna het\u00edski \u00abHasamil\u00bb og hurr\u00edski \u00abK\u00f3\u00fear-va-Has\u00eds\u00bb (\u00ed \u00dagar\u00edt nefndur K\u00f3\u00fear) formleg l\u00edkindi vi\u00f0 gr\u00edska Hefaistos: allir \u00fer\u00edr eru skaparar vopna gu\u00f0anna, allir \u00fer\u00edr hafa \u00f3venjulega l\u00edkamlega st\u00f6\u00f0u, allir \u00fer\u00edr eru sta\u00f0settir \u00ed vinnustofum \u00e1 s\u00e9rst\u00f6kum st\u00f6\u00f0um.<\/p><p>\u00deessi skyldleiki gefur til kynna forna hef\u00f0 austanver\u00f0s Mi\u00f0jar\u00f0arhafssv\u00e6\u00f0is um hinn gu\u00f0d\u00f3mlega sm\u00ed\u00f0agu\u00f0, sem gr\u00edski Hefaistos tilheyrir.<\/p>\t\t\t\t\t\t\t\t<\/div>\n\t\t\t\t<\/div>\n\t\t<div class=\"elementor-element elementor-element-11c86b5 e-con-full e-flex e-con e-child\" data-id=\"11c86b5\" data-element_type=\"container\" data-e-type=\"container\">\n\t\t\t\t<div class=\"elementor-element elementor-element-cce63ef elementor-widget elementor-widget-heading\" data-id=\"cce63ef\" data-element_type=\"widget\" data-e-type=\"widget\" data-widget_type=\"heading.default\">\n\t\t\t\t\t<h2 class=\"elementor-heading-title elementor-size-default\">Heimildir<\/h2>\t\t\t\t<\/div>\n\t\t\t\t<div class=\"elementor-element elementor-element-657621d elementor-widget elementor-widget-text-editor\" data-id=\"657621d\" data-element_type=\"widget\" data-e-type=\"widget\" data-widget_type=\"text-editor.default\">\n\t\t\t\t\t\t\t\t\t<footer class=\"iwg-literatur\"><p>H\u00f3mer, \u00abIlias\u00bb I, 571 til 600 (fall fr\u00e1 \u00d3lympi), XVIII, 369 til 617 (skj\u00f6ldur Akkillesar); \u00abOdyssey\u00bb VIII, 266 til 366 (Afr\u00f3d\u00edta og Ares). Hes\u00edod, \u00ab\u00deeog\u00f3n\u00eda\u00bb 927 til 929 (f\u00e6\u00f0ing). \u00c6sk\u00fdlos, \u00abFrumh\u00f3mungur hlekkja\u00f0ur\u00bb 1 til 87. Pindar, \u00ab\u00d3lymp\u00edsk kv\u00e6\u00f0i\u00bb VII, 35 til 38. Apollonios Rhodios, \u00abArgonautika\u00bb IV, 1638 til 1693 (Talos).<\/p><p>Apollod\u00f3ros, \u00abBibliotheke\u00bb, I, 3, 5 og III, 14, 6 (Erik\u00feonios). Pausan\u00edas, \u00abL\u00fdsing Grikklands\u00bb, I, 14 (Hefaistheion), II, 24 (Argos). Virgill, \u00abEneasarkvi\u00f0a\u00bb VIII, 416 til 453. Walter Burkert, \u00abGriechische Religion\u00bb, Stuttgart 1977. Marcel Detienne, Jean-Pierre Vernant, \u00abLes ruses de l&#8217;intelligence. La m\u00e8tis des Grecs\u00bb, Paris 1974. Karl Ker\u00e9nyi, \u00abDie <span class=\"iwg-fachbegriff\" data-tooltip=\"Heild \u00feeirra go\u00f0sagna sem var\u00f0veist hafa innan menningar.\" tabindex=\"0\">Mythologie<\/span> der Griechen\u00bb, Z\u00fcrich 1951.<\/p><\/footer>\t\t\t\t\t\t\t\t<\/div>\n\t\t\t\t<\/div>\n\t\t\t\t\t<\/div>\n\t\t\t\t<\/div>\n\t\t\t\t<\/div>\n\t\t","protected":false},"excerpt":{"rendered":"","protected":false},"author":3,"featured_media":2983,"parent":0,"menu_order":0,"comment_status":"closed","ping_status":"closed","template":"elementor_header_footer","meta":{"_yoast_wpseo_focuskw":"Hefaistos","_yoast_wpseo_title":"Hefaistos \u2013 sm\u00ed\u00f0agu\u00f0 eldsins | iWell Guard","_yoast_wpseo_metadesc":"Hefaistos er gr\u00edski sm\u00ed\u00f0agu\u00f0inn, meistari eldsins og handverksins. Sonur Heru, eiginma\u00f0ur Afr\u00f3d\u00edtu. Go\u00f0s\u00f6gn og d\u00fdrkun.","_yoast_wpseo_meta-robots-noindex":"","_yoast_wpseo_canonical":"","_angie_page":false,"gefaehrdungsstufe":"1","wesen_kultur":"","wesen_klasse":"","footnotes":""},"categories":[],"class_list":["post-169049","page","type-page","status-publish","has-post-thumbnail","hentry"],"yoast_head":"<!-- This site is optimized with the Yoast SEO Premium plugin v27.7 (Yoast SEO v28.3) - https:\/\/yoast.com\/product\/yoast-seo-premium-wordpress\/ -->\n<title>Hefaistos \u2013 sm\u00ed\u00f0agu\u00f0 eldsins | iWell Guard<\/title>\n<meta name=\"description\" content=\"Hefaistos er gr\u00edski sm\u00ed\u00f0agu\u00f0inn, meistari eldsins og handverksins. Sonur Heru, eiginma\u00f0ur Afr\u00f3d\u00edtu. Go\u00f0s\u00f6gn og d\u00fdrkun.\" \/>\n<meta name=\"robots\" content=\"index, follow, max-snippet:-1, max-image-preview:large, max-video-preview:-1\" \/>\n<link rel=\"canonical\" href=\"https:\/\/iwell-guard.com\/is\/hefaistos\/\" \/>\n<meta property=\"og:locale\" content=\"is_IS\" \/>\n<meta property=\"og:type\" content=\"article\" \/>\n<meta property=\"og:title\" content=\"Hefaistos\" \/>\n<meta property=\"og:description\" content=\"Hefaistos er gr\u00edski sm\u00ed\u00f0agu\u00f0inn, meistari eldsins og handverksins. Sonur Heru, eiginma\u00f0ur Afr\u00f3d\u00edtu. Go\u00f0s\u00f6gn og d\u00fdrkun.\" \/>\n<meta property=\"og:url\" content=\"https:\/\/iwell-guard.com\/is\/hefaistos\/\" \/>\n<meta property=\"og:site_name\" content=\"iWell Guard\" \/>\n<meta property=\"article:modified_time\" content=\"2026-09-05T14:30:58+00:00\" \/>\n<meta property=\"og:image\" content=\"https:\/\/iwell-guard.com\/wp-content\/uploads\/2026\/05\/goetter_griechenland_hephaistos.webp\" \/>\n\t<meta property=\"og:image:width\" content=\"1024\" \/>\n\t<meta property=\"og:image:height\" content=\"1536\" \/>\n\t<meta property=\"og:image:type\" content=\"image\/webp\" \/>\n<meta name=\"twitter:card\" content=\"summary_large_image\" \/>\n<script type=\"application\/ld+json\" class=\"yoast-schema-graph\">{\"@context\":\"https:\\\/\\\/schema.org\",\"@graph\":[{\"@type\":\"WebPage\",\"@id\":\"https:\\\/\\\/iwell-guard.com\\\/is\\\/hefaistos\\\/\",\"url\":\"https:\\\/\\\/iwell-guard.com\\\/is\\\/hefaistos\\\/\",\"name\":\"Hefaistos \u2013 sm\u00ed\u00f0agu\u00f0 eldsins | iWell Guard\",\"isPartOf\":{\"@id\":\"https:\\\/\\\/iwell-guard.com\\\/is\\\/#website\"},\"primaryImageOfPage\":{\"@id\":\"https:\\\/\\\/iwell-guard.com\\\/is\\\/hefaistos\\\/#primaryimage\"},\"image\":{\"@id\":\"https:\\\/\\\/iwell-guard.com\\\/is\\\/hefaistos\\\/#primaryimage\"},\"thumbnailUrl\":\"https:\\\/\\\/iwell-guard.com\\\/wp-content\\\/uploads\\\/2026\\\/05\\\/goetter_griechenland_hephaistos.webp\",\"datePublished\":\"2026-09-05T14:05:08+00:00\",\"dateModified\":\"2026-09-05T14:30:58+00:00\",\"description\":\"Hefaistos er gr\u00edski sm\u00ed\u00f0agu\u00f0inn, meistari eldsins og handverksins. Sonur Heru, eiginma\u00f0ur Afr\u00f3d\u00edtu. Go\u00f0s\u00f6gn og d\u00fdrkun.\",\"breadcrumb\":{\"@id\":\"https:\\\/\\\/iwell-guard.com\\\/is\\\/hefaistos\\\/#breadcrumb\"},\"inLanguage\":\"is\",\"potentialAction\":[{\"@type\":\"ReadAction\",\"target\":[\"https:\\\/\\\/iwell-guard.com\\\/is\\\/hefaistos\\\/\"]}]},{\"@type\":\"ImageObject\",\"inLanguage\":\"is\",\"@id\":\"https:\\\/\\\/iwell-guard.com\\\/is\\\/hefaistos\\\/#primaryimage\",\"url\":\"https:\\\/\\\/iwell-guard.com\\\/wp-content\\\/uploads\\\/2026\\\/05\\\/goetter_griechenland_hephaistos.webp\",\"contentUrl\":\"https:\\\/\\\/iwell-guard.com\\\/wp-content\\\/uploads\\\/2026\\\/05\\\/goetter_griechenland_hephaistos.webp\",\"width\":1024,\"height\":1536,\"caption\":\"Gu\u00f0ir \u00far gr\u00edskri hef\u00f0.\"},{\"@type\":\"BreadcrumbList\",\"@id\":\"https:\\\/\\\/iwell-guard.com\\\/is\\\/hefaistos\\\/#breadcrumb\",\"itemListElement\":[{\"@type\":\"ListItem\",\"position\":1,\"name\":\"Start\",\"item\":\"https:\\\/\\\/iwell-guard.com\\\/is\\\/?page_id=168580\"},{\"@type\":\"ListItem\",\"position\":2,\"name\":\"Hefaistos\"}]},{\"@type\":\"WebSite\",\"@id\":\"https:\\\/\\\/iwell-guard.com\\\/is\\\/#website\",\"url\":\"https:\\\/\\\/iwell-guard.com\\\/is\\\/\",\"name\":\"iWell Guard\",\"description\":\"Schutz vor dunklen Einfl\u00fcssen\",\"publisher\":{\"@id\":\"https:\\\/\\\/iwell-guard.com\\\/is\\\/#organization\"},\"potentialAction\":[{\"@type\":\"SearchAction\",\"target\":{\"@type\":\"EntryPoint\",\"urlTemplate\":\"https:\\\/\\\/iwell-guard.com\\\/is\\\/?s={search_term_string}\"},\"query-input\":{\"@type\":\"PropertyValueSpecification\",\"valueRequired\":true,\"valueName\":\"search_term_string\"}}],\"inLanguage\":\"is\"},{\"@type\":\"Organization\",\"@id\":\"https:\\\/\\\/iwell-guard.com\\\/is\\\/#organization\",\"name\":\"Ittermann electronic GmbH\",\"url\":\"https:\\\/\\\/iwell-guard.com\\\/is\\\/\",\"logo\":{\"@type\":\"ImageObject\",\"inLanguage\":\"is\",\"@id\":\"https:\\\/\\\/iwell-guard.com\\\/is\\\/#\\\/schema\\\/logo\\\/image\\\/\",\"url\":\"https:\\\/\\\/iwell-guard.com\\\/wp-content\\\/uploads\\\/2026\\\/05\\\/Ittermann-Logo-1182x237-1.png\",\"contentUrl\":\"https:\\\/\\\/iwell-guard.com\\\/wp-content\\\/uploads\\\/2026\\\/05\\\/Ittermann-Logo-1182x237-1.png\",\"width\":1182,\"height\":237,\"caption\":\"Ittermann electronic GmbH\"},\"image\":{\"@id\":\"https:\\\/\\\/iwell-guard.com\\\/is\\\/#\\\/schema\\\/logo\\\/image\\\/\"},\"sameAs\":[\"https:\\\/\\\/pantip.com\\\/profile\\\/9367242\",\"https:\\\/\\\/micro.blog\\\/iwellguard\",\"https:\\\/\\\/www.diggerslist.com\\\/iwellguard\\\/about\",\"https:\\\/\\\/skitterphoto.com\\\/photographers\\\/2870314\\\/iwell-guard\",\"https:\\\/\\\/iwellguard.wordpress.com\\\/2026\\\/06\\\/06\\\/iwell-guard\\\/\",\"https:\\\/\\\/hub.docker.com\\\/u\\\/iwellguard\",\"https:\\\/\\\/www.pinterest.com\\\/iwellguard\\\/\",\"https:\\\/\\\/bit.ly\\\/m\\\/iwellguard\",\"https:\\\/\\\/entre-vos-mains.alsace.eu\\\/profiles\\\/iwellguard\\\/activity\",\"https:\\\/\\\/gravatar.com\\\/reallybeded8fd34\",\"https:\\\/\\\/naijamatta.com\\\/iwellguard\",\"https:\\\/\\\/www.goodreads.com\\\/iwellguard\",\"https:\\\/\\\/profile.hatena.ne.jp\\\/iwellguard\\\/\",\"https:\\\/\\\/experiment.com\\\/users\\\/iwellguard\",\"https:\\\/\\\/wakelet.com\\\/@iWellGuard82270\",\"https:\\\/\\\/www.chordie.com\\\/forum\\\/profile.php?id=2555664\",\"https:\\\/\\\/www.instapaper.com\\\/p\\\/17757966\",\"https:\\\/\\\/www.mapleprimes.com\\\/users\\\/iwellguard\",\"https:\\\/\\\/businesslistingplus.com\\\/profile\\\/iwell-guard\\\/\",\"https:\\\/\\\/telegra.ph\\\/iWell-Guard-06-06\",\"https:\\\/\\\/pbase.com\\\/iwellguard\\\/iwellguard\",\"https:\\\/\\\/b.hatena.ne.jp\\\/iwellguard\\\/20260607#bookmark-4788405196491818882\",\"https:\\\/\\\/fliphtml5.com\\\/home\\\/iwellguard\",\"https:\\\/\\\/anyflip.com\\\/homepage\\\/cmiwl#About\",\"https:\\\/\\\/transfur.com\\\/Users\\\/iwellguard\",\"http:\\\/\\\/delphi.larsbo.org\\\/user\\\/iwellguard\",\"https:\\\/\\\/jobs.lajobsportal.org\\\/profiles\\\/8380803-iwell-guard\",\"https:\\\/\\\/md.chaosdorf.de\\\/s\\\/jfbe5SBdJD\",\"https:\\\/\\\/www.lingvolive.com\\\/en-us\\\/profile\\\/9ecaeaca-ce11-4e51-9e71-01d55e2bff36\\\/translations\",\"https:\\\/\\\/www.fitday.com\\\/fitness\\\/forums\\\/members\\\/iwellguard.html\",\"https:\\\/\\\/www.mymeetbook.com\\\/iwellguard\",\"https:\\\/\\\/pxhere.com\\\/en\\\/photographer-me\\\/5040798\",\"https:\\\/\\\/disqus.com\\\/by\\\/iwellguard\\\/about\\\/\",\"https:\\\/\\\/pastelink.net\\\/hjwciqwq\",\"https:\\\/\\\/pubhtml5.com\\\/homepage\\\/scjhn\\\/\",\"https:\\\/\\\/www.bitchute.com\\\/channel\\\/2O2eOKzNqujT\",\"https:\\\/\\\/audiomack.com\\\/iwellguard\"]}]}<\/script>\n<!-- \/ Yoast SEO Premium plugin. -->","yoast_head_json":{"title":"Hefaistos \u2013 sm\u00ed\u00f0agu\u00f0 eldsins | iWell Guard","description":"Hefaistos er gr\u00edski sm\u00ed\u00f0agu\u00f0inn, meistari eldsins og handverksins. Sonur Heru, eiginma\u00f0ur Afr\u00f3d\u00edtu. Go\u00f0s\u00f6gn og d\u00fdrkun.","robots":{"index":"index","follow":"follow","max-snippet":"max-snippet:-1","max-image-preview":"max-image-preview:large","max-video-preview":"max-video-preview:-1"},"canonical":"https:\/\/iwell-guard.com\/is\/hefaistos\/","og_locale":"is_IS","og_type":"article","og_title":"Hefaistos","og_description":"Hefaistos er gr\u00edski sm\u00ed\u00f0agu\u00f0inn, meistari eldsins og handverksins. Sonur Heru, eiginma\u00f0ur Afr\u00f3d\u00edtu. Go\u00f0s\u00f6gn og d\u00fdrkun.","og_url":"https:\/\/iwell-guard.com\/is\/hefaistos\/","og_site_name":"iWell Guard","article_modified_time":"2026-09-05T14:30:58+00:00","og_image":[{"width":1024,"height":1536,"url":"https:\/\/iwell-guard.com\/wp-content\/uploads\/2026\/05\/goetter_griechenland_hephaistos.webp","type":"image\/webp"}],"twitter_card":"summary_large_image","schema":{"@context":"https:\/\/schema.org","@graph":[{"@type":"WebPage","@id":"https:\/\/iwell-guard.com\/is\/hefaistos\/","url":"https:\/\/iwell-guard.com\/is\/hefaistos\/","name":"Hefaistos \u2013 sm\u00ed\u00f0agu\u00f0 eldsins | iWell Guard","isPartOf":{"@id":"https:\/\/iwell-guard.com\/is\/#website"},"primaryImageOfPage":{"@id":"https:\/\/iwell-guard.com\/is\/hefaistos\/#primaryimage"},"image":{"@id":"https:\/\/iwell-guard.com\/is\/hefaistos\/#primaryimage"},"thumbnailUrl":"https:\/\/iwell-guard.com\/wp-content\/uploads\/2026\/05\/goetter_griechenland_hephaistos.webp","datePublished":"2026-09-05T14:05:08+00:00","dateModified":"2026-09-05T14:30:58+00:00","description":"Hefaistos er gr\u00edski sm\u00ed\u00f0agu\u00f0inn, meistari eldsins og handverksins. Sonur Heru, eiginma\u00f0ur Afr\u00f3d\u00edtu. Go\u00f0s\u00f6gn og d\u00fdrkun.","breadcrumb":{"@id":"https:\/\/iwell-guard.com\/is\/hefaistos\/#breadcrumb"},"inLanguage":"is","potentialAction":[{"@type":"ReadAction","target":["https:\/\/iwell-guard.com\/is\/hefaistos\/"]}]},{"@type":"ImageObject","inLanguage":"is","@id":"https:\/\/iwell-guard.com\/is\/hefaistos\/#primaryimage","url":"https:\/\/iwell-guard.com\/wp-content\/uploads\/2026\/05\/goetter_griechenland_hephaistos.webp","contentUrl":"https:\/\/iwell-guard.com\/wp-content\/uploads\/2026\/05\/goetter_griechenland_hephaistos.webp","width":1024,"height":1536,"caption":"Gu\u00f0ir \u00far gr\u00edskri hef\u00f0."},{"@type":"BreadcrumbList","@id":"https:\/\/iwell-guard.com\/is\/hefaistos\/#breadcrumb","itemListElement":[{"@type":"ListItem","position":1,"name":"Start","item":"https:\/\/iwell-guard.com\/is\/?page_id=168580"},{"@type":"ListItem","position":2,"name":"Hefaistos"}]},{"@type":"WebSite","@id":"https:\/\/iwell-guard.com\/is\/#website","url":"https:\/\/iwell-guard.com\/is\/","name":"iWell Guard","description":"Schutz vor dunklen Einfl\u00fcssen","publisher":{"@id":"https:\/\/iwell-guard.com\/is\/#organization"},"potentialAction":[{"@type":"SearchAction","target":{"@type":"EntryPoint","urlTemplate":"https:\/\/iwell-guard.com\/is\/?s={search_term_string}"},"query-input":{"@type":"PropertyValueSpecification","valueRequired":true,"valueName":"search_term_string"}}],"inLanguage":"is"},{"@type":"Organization","@id":"https:\/\/iwell-guard.com\/is\/#organization","name":"Ittermann electronic GmbH","url":"https:\/\/iwell-guard.com\/is\/","logo":{"@type":"ImageObject","inLanguage":"is","@id":"https:\/\/iwell-guard.com\/is\/#\/schema\/logo\/image\/","url":"https:\/\/iwell-guard.com\/wp-content\/uploads\/2026\/05\/Ittermann-Logo-1182x237-1.png","contentUrl":"https:\/\/iwell-guard.com\/wp-content\/uploads\/2026\/05\/Ittermann-Logo-1182x237-1.png","width":1182,"height":237,"caption":"Ittermann electronic GmbH"},"image":{"@id":"https:\/\/iwell-guard.com\/is\/#\/schema\/logo\/image\/"},"sameAs":["https:\/\/pantip.com\/profile\/9367242","https:\/\/micro.blog\/iwellguard","https:\/\/www.diggerslist.com\/iwellguard\/about","https:\/\/skitterphoto.com\/photographers\/2870314\/iwell-guard","https:\/\/iwellguard.wordpress.com\/2026\/06\/06\/iwell-guard\/","https:\/\/hub.docker.com\/u\/iwellguard","https:\/\/www.pinterest.com\/iwellguard\/","https:\/\/bit.ly\/m\/iwellguard","https:\/\/entre-vos-mains.alsace.eu\/profiles\/iwellguard\/activity","https:\/\/gravatar.com\/reallybeded8fd34","https:\/\/naijamatta.com\/iwellguard","https:\/\/www.goodreads.com\/iwellguard","https:\/\/profile.hatena.ne.jp\/iwellguard\/","https:\/\/experiment.com\/users\/iwellguard","https:\/\/wakelet.com\/@iWellGuard82270","https:\/\/www.chordie.com\/forum\/profile.php?id=2555664","https:\/\/www.instapaper.com\/p\/17757966","https:\/\/www.mapleprimes.com\/users\/iwellguard","https:\/\/businesslistingplus.com\/profile\/iwell-guard\/","https:\/\/telegra.ph\/iWell-Guard-06-06","https:\/\/pbase.com\/iwellguard\/iwellguard","https:\/\/b.hatena.ne.jp\/iwellguard\/20260607#bookmark-4788405196491818882","https:\/\/fliphtml5.com\/home\/iwellguard","https:\/\/anyflip.com\/homepage\/cmiwl#About","https:\/\/transfur.com\/Users\/iwellguard","http:\/\/delphi.larsbo.org\/user\/iwellguard","https:\/\/jobs.lajobsportal.org\/profiles\/8380803-iwell-guard","https:\/\/md.chaosdorf.de\/s\/jfbe5SBdJD","https:\/\/www.lingvolive.com\/en-us\/profile\/9ecaeaca-ce11-4e51-9e71-01d55e2bff36\/translations","https:\/\/www.fitday.com\/fitness\/forums\/members\/iwellguard.html","https:\/\/www.mymeetbook.com\/iwellguard","https:\/\/pxhere.com\/en\/photographer-me\/5040798","https:\/\/disqus.com\/by\/iwellguard\/about\/","https:\/\/pastelink.net\/hjwciqwq","https:\/\/pubhtml5.com\/homepage\/scjhn\/","https:\/\/www.bitchute.com\/channel\/2O2eOKzNqujT","https:\/\/audiomack.com\/iwellguard"]}]}},"_links":{"self":[{"href":"https:\/\/iwell-guard.com\/is\/wp-json\/wp\/v2\/pages\/169049","targetHints":{"allow":["GET"]}}],"collection":[{"href":"https:\/\/iwell-guard.com\/is\/wp-json\/wp\/v2\/pages"}],"about":[{"href":"https:\/\/iwell-guard.com\/is\/wp-json\/wp\/v2\/types\/page"}],"author":[{"embeddable":true,"href":"https:\/\/iwell-guard.com\/is\/wp-json\/wp\/v2\/users\/3"}],"replies":[{"embeddable":true,"href":"https:\/\/iwell-guard.com\/is\/wp-json\/wp\/v2\/comments?post=169049"}],"version-history":[{"count":0,"href":"https:\/\/iwell-guard.com\/is\/wp-json\/wp\/v2\/pages\/169049\/revisions"}],"wp:featuredmedia":[{"embeddable":true,"href":"https:\/\/iwell-guard.com\/is\/wp-json\/wp\/v2\/media\/2983"}],"wp:attachment":[{"href":"https:\/\/iwell-guard.com\/is\/wp-json\/wp\/v2\/media?parent=169049"}],"wp:term":[{"taxonomy":"category","embeddable":true,"href":"https:\/\/iwell-guard.com\/is\/wp-json\/wp\/v2\/categories?post=169049"}],"curies":[{"name":"wp","href":"https:\/\/api.w.org\/{rel}","templated":true}]}}