{"id":169048,"date":"2026-09-05T14:05:08","date_gmt":"2026-09-05T14:05:08","guid":{"rendered":"https:\/\/iwell-guard.com\/?page_id=169048"},"modified":"2026-09-05T14:30:57","modified_gmt":"2026-09-05T14:30:57","slug":"poseidon","status":"publish","type":"page","link":"https:\/\/iwell-guard.com\/is\/poseidon\/","title":{"rendered":"Poseidon"},"content":{"rendered":"\t\t<div data-elementor-type=\"wp-page\" data-elementor-id=\"169048\" class=\"elementor elementor-169048 elementor-2977 elementor-bc-flex-widget\" data-elementor-post-type=\"page\">\n\t\t\t\t<div class=\"elementor-element elementor-element-7cd648f e-flex e-con-boxed e-con e-parent\" data-id=\"7cd648f\" data-element_type=\"container\" data-e-type=\"container\" data-settings=\"{&quot;background_background&quot;:&quot;classic&quot;}\">\n\t\t\t\t\t<div class=\"e-con-inner\">\n\t\t<div class=\"elementor-element elementor-element-fdb6182 e-flex e-con-boxed e-con e-child\" data-id=\"fdb6182\" data-element_type=\"container\" data-e-type=\"container\">\n\t\t\t\t\t<div class=\"e-con-inner\">\n\t\t<div class=\"elementor-element elementor-element-571277f e-con-full e-flex e-con e-child\" data-id=\"571277f\" data-element_type=\"container\" data-e-type=\"container\">\n\t\t\t\t<div class=\"elementor-element elementor-element-78efab9 elementor-widget elementor-widget-heading\" data-id=\"78efab9\" data-element_type=\"widget\" data-e-type=\"widget\" data-widget_type=\"heading.default\">\n\t\t\t\t\t<h1 class=\"elementor-heading-title elementor-size-default\">Poseidon, gr\u00edskur gu\u00f0 hafsins<\/h1>\t\t\t\t<\/div>\n\t\t\t\t<div class=\"elementor-element elementor-element-689e441 elementor-widget elementor-widget-text-editor\" data-id=\"689e441\" data-element_type=\"widget\" data-e-type=\"widget\" data-widget_type=\"text-editor.default\">\n\t\t\t\t\t\t\t\t\t<p>Poseidon er einn af \u00feeim \u00feremur br\u00e6\u00f0rum sem skipta heiminum \u00e1 milli s\u00edn eftir a\u00f0 Kronos er hrakinn fr\u00e1 v\u00f6ldum, og hann f\u00e6r \u00ed sinn hlut r\u00edki hafsins. Hj\u00e1 H\u00f3mer er hann kalla\u00f0ur \u201ejar\u00f0skekjandinn\u201d (enosichthon, ennosigaios), enda er honum einnig eigna\u00f0 a\u00f0 valda jar\u00f0skj\u00e1lftum.<\/p><p>\u00cd hinum sta\u00f0bundnu helgisi\u00f0um Grikklands kemur hann fram \u00ed mun v\u00ed\u00f0t\u00e6kara hlutverki en einungis sem hafgu\u00f0: Hann er verndari hesta, uppspretta og siglinga, og \u00ed Argos og A\u00feenu gerir hann kr\u00f6fu til yfirr\u00e1\u00f0a yfir borginni sj\u00e1lfri.<\/p><p>Vi\u00f0urnefni\u00f0 hans \u201eHippios\u201d, hinn hestslegi, tengir hann vi\u00f0 hina m\u00fdkensku str\u00ed\u00f0sarist\u00f3krat\u00edu; \u201eAsphaleios\u201d, s\u00e1 sem veitir \u00f6ryggi, vi\u00f0 skj\u00f3l fr\u00e1 jar\u00f0skj\u00e1lftum; \u201ePhytalmios\u201d, s\u00e1 sem n\u00e6rir pl\u00f6ntur\u00e6ktun, vi\u00f0 ne\u00f0anjar\u00f0ar uppsprettur sem tryggja gr\u00f3\u00f0ur. \u00deessi fj\u00f6lbreytni gefur til kynna forn, formst\u00fdrandi gu\u00f0 me\u00f0 v\u00ed\u00f0t\u00e6k hlutverk, sem var ekki bundinn vi\u00f0 hafi\u00f0 fyrr en \u00ed hinni \u00f3lymp\u00edsku skipan.<\/p>\t\t\t\t\t\t\t\t<\/div>\n\t\t\t\t<\/div>\n\t\t<div class=\"elementor-element elementor-element-a4c3599 e-con-full e-flex e-con e-parent\" data-id=\"a4c3599\" data-element_type=\"container\" data-e-type=\"container\">\n\t\t\t\t<div class=\"elementor-element elementor-element-dbf0fa2 elementor-widget elementor-widget-html\" data-id=\"dbf0fa2\" data-element_type=\"widget\" data-e-type=\"widget\" data-widget_type=\"html.default\">\n\t\t\t\t\t<div class=\"iwg-pill-row\"><span class=\"iwg-klasse-badge\" tabindex=\"0\" data-tooltip=\"Gu\u00f0 \/ gy\u00f0ja: Pers\u00f3nuger\u00f0 \u00e6\u00f0sta vald \u00ed go\u00f0aheimi menningar, me\u00f0 sk\u00fdrum verksvi\u00f0um \u2014 n\u00e1tt\u00faru\u00f6fl, \u00f6rl\u00f6g, str\u00ed\u00f0, frj\u00f3semi. D\u00fdrku\u00f0 me\u00f0 helgisi\u00f0um, f\u00f3rnum og hofsstofnunum.\">Gu\u00f0<\/span><a href=\"https:\/\/iwell-guard.com\/is\/grikkland\/\" class=\"iwg-kultur-badge\" tabindex=\"0\" data-tooltip=\"Tr\u00faarbr\u00f6g\u00f0 og go\u00f0afr\u00e6\u00f0i Grikklands til forna, fr\u00e1 m\u00fdkenskum t\u00edma til s\u00ed\u00f0fornaldar.\">Grikkland<\/a><\/div>\t\t\t\t<\/div>\n\t\t\t\t<\/div>\n\t\t<div class=\"elementor-element elementor-element-1d59bd9 e-con-full e-flex e-con e-child\" data-id=\"1d59bd9\" data-element_type=\"container\" data-e-type=\"container\">\n\t\t\t\t<div class=\"elementor-element elementor-element-33a8c71 elementor-toc--minimized-on-tablet elementor-widget elementor-widget-table-of-contents\" data-id=\"33a8c71\" data-element_type=\"widget\" data-e-type=\"widget\" data-settings=\"{&quot;exclude_headings_by_selector&quot;:[],&quot;no_headings_message&quot;:&quot;Engar undirfyrirsagnir fundust \\u00e1 \\u00feessari s\\u00ed\\u00f0u.&quot;,&quot;headings_by_tags&quot;:[&quot;h2&quot;,&quot;h3&quot;],&quot;marker_view&quot;:&quot;bullets&quot;,&quot;icon&quot;:{&quot;value&quot;:&quot;fas fa-circle&quot;,&quot;library&quot;:&quot;fa-solid&quot;,&quot;rendered_tag&quot;:&quot;&lt;svg class=\\&quot;e-font-icon-svg e-fas-circle\\&quot; viewBox=\\&quot;0 0 512 512\\&quot; xmlns=\\&quot;http:\\\/\\\/www.w3.org\\\/2000\\\/svg\\&quot;&gt;&lt;path d=\\&quot;M256 8C119 8 8 119 8 256s111 248 248 248 248-111 248-248S393 8 256 8z\\&quot;&gt;&lt;\\\/path&gt;&lt;\\\/svg&gt;&quot;},&quot;minimize_box&quot;:&quot;yes&quot;,&quot;minimized_on&quot;:&quot;tablet&quot;,&quot;hierarchical_view&quot;:&quot;yes&quot;,&quot;min_height&quot;:{&quot;unit&quot;:&quot;px&quot;,&quot;size&quot;:&quot;&quot;,&quot;sizes&quot;:[]},&quot;min_height_tablet&quot;:{&quot;unit&quot;:&quot;px&quot;,&quot;size&quot;:&quot;&quot;,&quot;sizes&quot;:[]},&quot;min_height_mobile&quot;:{&quot;unit&quot;:&quot;px&quot;,&quot;size&quot;:&quot;&quot;,&quot;sizes&quot;:[]}}\" data-widget_type=\"table-of-contents.default\">\n\t\t\t\t\t\t\t\t\t<div class=\"elementor-toc__header\">\n\t\t\t\t\t\t<h2 class=\"elementor-toc__header-title\">\n\t\t\t\tEfnisyfirlit\t\t\t<\/h2>\n\t\t\t\t\t\t\t\t\t\t<div class=\"elementor-toc__toggle-button elementor-toc__toggle-button--expand\" role=\"button\" tabindex=\"0\" aria-controls=\"elementor-toc__33a8c71\" aria-expanded=\"true\" aria-label=\"Open table of contents\"><svg aria-hidden=\"true\" class=\"e-font-icon-svg e-fas-chevron-down\" viewBox=\"0 0 448 512\" xmlns=\"http:\/\/www.w3.org\/2000\/svg\"><path d=\"M207.029 381.476L12.686 187.132c-9.373-9.373-9.373-24.569 0-33.941l22.667-22.667c9.357-9.357 24.522-9.375 33.901-.04L224 284.505l154.745-154.021c9.379-9.335 24.544-9.317 33.901.04l22.667 22.667c9.373 9.373 9.373 24.569 0 33.941L240.971 381.476c-9.373 9.372-24.569 9.372-33.942 0z\"><\/path><\/svg><\/div>\n\t\t\t\t<div class=\"elementor-toc__toggle-button elementor-toc__toggle-button--collapse\" role=\"button\" tabindex=\"0\" aria-controls=\"elementor-toc__33a8c71\" aria-expanded=\"true\" aria-label=\"Close table of contents\"><svg aria-hidden=\"true\" class=\"e-font-icon-svg e-fas-chevron-up\" viewBox=\"0 0 448 512\" xmlns=\"http:\/\/www.w3.org\/2000\/svg\"><path d=\"M240.971 130.524l194.343 194.343c9.373 9.373 9.373 24.569 0 33.941l-22.667 22.667c-9.357 9.357-24.522 9.375-33.901.04L224 227.495 69.255 381.516c-9.379 9.335-24.544 9.317-33.901-.04l-22.667-22.667c-9.373-9.373-9.373-24.569 0-33.941L207.03 130.525c9.372-9.373 24.568-9.373 33.941-.001z\"><\/path><\/svg><\/div>\n\t\t\t\t\t<\/div>\n\t\t\t\t<div id=\"elementor-toc__33a8c71\" class=\"elementor-toc__body\">\n\t\t\t<div class=\"elementor-toc__spinner-container\">\n\t\t\t\t<svg class=\"elementor-toc__spinner eicon-animation-spin e-font-icon-svg e-eicon-loading\" aria-hidden=\"true\" viewBox=\"0 0 1000 1000\" xmlns=\"http:\/\/www.w3.org\/2000\/svg\"><path d=\"M500 975V858C696 858 858 696 858 500S696 142 500 142 142 304 142 500H25C25 237 238 25 500 25S975 237 975 500 763 975 500 975Z\"><\/path><\/svg>\t\t\t<\/div>\n\t\t<\/div>\n\t\t\t\t\t\t<\/div>\n\t\t\t\t<\/div>\n\t\t\t\t\t<\/div>\n\t\t\t\t<\/div>\n\t\t<div class=\"elementor-element elementor-element-fd377eb e-con-full e-flex e-con e-child\" data-id=\"fd377eb\" data-element_type=\"container\" data-e-type=\"container\">\n\t\t\t\t<div class=\"elementor-element elementor-element-efb275a iwg-hero-image elementor-widget elementor-widget-image\" data-id=\"efb275a\" data-element_type=\"widget\" data-e-type=\"widget\" data-widget_type=\"image.default\">\n\t\t\t\t\t\t\t\t\t\t\t\t\t\t\t<img fetchpriority=\"high\" decoding=\"async\" width=\"683\" height=\"1024\" src=\"https:\/\/iwell-guard.com\/wp-content\/uploads\/2026\/05\/goetter_griechenland_poseidon-683x1024.webp\" class=\"attachment-large size-large wp-image-170752\" alt=\"P\u00f3seidon - Gu\u00f0ir \u00far gr\u00edskri hef\u00f0, s\u00f6guleg myndskreyting\" srcset=\"https:\/\/iwell-guard.com\/wp-content\/uploads\/2026\/05\/goetter_griechenland_poseidon-683x1024.webp 683w, https:\/\/iwell-guard.com\/wp-content\/uploads\/2026\/05\/goetter_griechenland_poseidon-200x300.webp 200w, https:\/\/iwell-guard.com\/wp-content\/uploads\/2026\/05\/goetter_griechenland_poseidon-768x1152.webp 768w, https:\/\/iwell-guard.com\/wp-content\/uploads\/2026\/05\/goetter_griechenland_poseidon.webp 1024w\" sizes=\"(max-width: 683px) 100vw, 683px\" \/>\t\t\t\t\t\t\t\t\t\t\t\t\t\t\t<\/div>\n\t\t\t\t<\/div>\n\t\t\t\t\t<\/div>\n\t\t\t\t<\/div>\n\t\t<div class=\"elementor-element elementor-element-067e9c9 e-con-boxed e-flex e-con e-parent\" data-id=\"067e9c9\" data-element_type=\"container\" data-e-type=\"container\">\n\t\t\t\t\t<div class=\"e-con-inner\">\n\t\t<div class=\"elementor-element elementor-element-b0492ee e-con-full e-flex e-con e-child\" data-id=\"b0492ee\" data-element_type=\"container\" data-e-type=\"container\">\n\t\t\t\t<div class=\"elementor-element elementor-element-474b525 elementor-widget elementor-widget-heading\" data-id=\"474b525\" data-element_type=\"widget\" data-e-type=\"widget\" data-widget_type=\"heading.default\">\n\t\t\t\t\t<h2 class=\"elementor-heading-title elementor-size-default\">Go\u00f0s\u00f6gn og \u00e6ttartr\u00e9<\/h2>\t\t\t\t<\/div>\n\t\t\t\t<div class=\"elementor-element elementor-element-6894d24 elementor-widget elementor-widget-text-editor\" data-id=\"6894d24\" data-element_type=\"widget\" data-e-type=\"widget\" data-widget_type=\"text-editor.default\">\n\t\t\t\t\t\t\t\t\t<p>Hes\u00edodos nefnir Poseidon \u00ed \u00abTheogonia\u00bb (vers 453 til 458) sem son Kronosar og Rheu, f\u00e6ddan \u00e1 milli Hadesar og Seifs.<\/p><p>Eins og systkini hans er hann gleyptur af Kronosi og s\u00ed\u00f0ar sp\u00fdtt upp aftur; arkad\u00edsk hef\u00f0, var\u00f0veitt hj\u00e1 Pausan\u00edasi (VIII, 8, 2), greinir \u00fe\u00f3 fr\u00e1 \u00fev\u00ed a\u00f0 Rhea hafi fali\u00f0 Poseidon hir\u00f0ingjum \u00ed Mantineia og gefi\u00f0 Kronosi folald \u00ed sta\u00f0inn sem f\u00f3rnarlamb, sem \u00fatsk\u00fdrir vi\u00f0urnefni\u00f0 \u201eHippios\u201d.<\/p><p>Skiptingu heimsins milli br\u00e6\u00f0ranna \u00feriggja er l\u00fdst hj\u00e1 H\u00f3mer (Il\u00edonskvi\u00f0a XV, 187 til 193) sem hlutkesti: Seifur f\u00e6r himininn, Hades undirheimana, Poseidon hafi\u00f0; j\u00f6r\u00f0in og \u00d3lympsfjall haldast sameiginleg eign.<\/p>\n<p>Kona Poseidons er Amf\u00edtr\u00edta, Nereis e\u00f0a \u00d3kean\u00ed\u00f0; \u00far \u00feeirri samb\u00fa\u00f0 sprettur Tr\u00edton, h\u00e1lfur ma\u00f0ur, h\u00e1lfur fiskur.<\/p><p>Auk \u00feess \u00e1 Poseidon fj\u00f6lda afkomenda me\u00f0 dau\u00f0legum og \u00f3dau\u00f0legum konum: Pegasos og Kr\u00fdsaor f\u00e6\u00f0ast \u00far sambandi hans vi\u00f0 Med\u00fasu, P\u00f3l\u00fdfemos \u00far sambandi vi\u00f0 \u00de\u00f3su, \u00deeseifur (\u00ed einu tilbrig\u00f0i) \u00far A\u00ed\u00feru, Pel\u00edas og Neleifur \u00far T\u00fdr\u00f3, risasystkinin \u00d3tos og Ef\u00edaltes \u00far \u00cdfimede\u00edu.<\/p><p>\u00deessi v\u00ed\u00f0t\u00e6ka fa\u00f0ernislega arfleif\u00f0 gerir Poseidon a\u00f0 geneal\u00f3giskri stofnf\u00f6\u00f0ur margra gr\u00edskra a\u00f0als\u00e6tta, s\u00e9rstaklega \u00ed B\u00f3i\u00f3t\u00edu og \u00deessal\u00edu.<\/p>\n<p>M\u00fdkensku L\u00ednear B-t\u00edglurnar fr\u00e1 P\u00fdlos nefna gu\u00f0 sem kallast \u201epo-se-da-o-ne\u201d, sem gegnir \u00e6\u00f0stu st\u00f6\u00f0u \u00ed hallard\u00fdrkuninni og f\u00e6r <span class=\"iwg-fachbegriff\" data-tooltip=\"Gj\u00f6f til gu\u00f0s, til a\u00f0 tj\u00e1 \u00feakkl\u00e6ti, b\u00f3n e\u00f0a lotning.\" tabindex=\"0\">f\u00f3rnir<\/span> af \u00f3venjulegri r\u00edkid\u00e6mi.<\/p><p>\u00dat fr\u00e1 \u00feessu hefur Martin Nilsson \u00e1lykta\u00f0 a\u00f0 Poseidon hafi upphaflega veri\u00f0 \u00e6\u00f0sti gu\u00f0 m\u00fdkenska P\u00fdlos-sv\u00e6\u00f0isins og hafi ekki veri\u00f0 undirlag\u00f0ur br\u00f3\u00f0ur s\u00ednum Seifi fyrr en \u00ed hinni \u00f3lymp\u00edsku skipan. Gy\u00f0jan \u201epo-si-da-e-ja\u201d, sem nefnd er \u00ed P\u00fdlos-skjalasafninu, er talin vera fornleg kona gu\u00f0sins, en hlutverk hennar f\u00e6r\u00f0ist s\u00ed\u00f0ar yfir \u00e1 Demetru e\u00f0a Amf\u00edtr\u00edtu.<\/p>\n<p>Tengsl Poseidons vi\u00f0 Demetru eru ein af elstu go\u00f0s\u00f6gnunum. Hj\u00e1 Pausan\u00edasi (VIII, 25, 4 til 7) kemur fram \u00ed \u00deelp\u00fasu og F\u00edgal\u00edu \u201eDemetra Erinys\u201d, sem Poseidon elti \u00ed hestsl\u00edki og gat me\u00f0 henni hina dularfullu veru \u201eDespoina\u201d og hi\u00f0 gu\u00f0d\u00f3mlega hross Are\u00edon.<\/p><p>Fr\u00e1s\u00f6gnin er talin endurspegla forna tengingu jar\u00f0arm\u00f3\u00f0ur og hestagu\u00f0s \u00ed fornri, forgr\u00edskri tr\u00fa Arkad\u00edu.<\/p>\t\t\t\t\t\t\t\t<\/div>\n\t\t\t\t<\/div>\n\t\t<div class=\"elementor-element elementor-element-918fe13 e-con-full e-flex e-con e-child\" data-id=\"918fe13\" data-element_type=\"container\" data-e-type=\"container\">\n\t\t\t\t<div class=\"elementor-element elementor-element-b755942 elementor-widget elementor-widget-heading\" data-id=\"b755942\" data-element_type=\"widget\" data-e-type=\"widget\" data-widget_type=\"heading.default\">\n\t\t\t\t\t<h2 class=\"elementor-heading-title elementor-size-default\">T\u00e1kn, myndlist og einkenni<\/h2>\t\t\t\t<\/div>\n\t\t\t\t<div class=\"elementor-element elementor-element-06c20a9 elementor-widget elementor-widget-text-editor\" data-id=\"06c20a9\" data-element_type=\"widget\" data-e-type=\"widget\" data-widget_type=\"text-editor.default\">\n\t\t\t\t\t\t\t\t\t<p>Mikilv\u00e6gasta einkennist\u00e1kn Poseidons er \u00fer\u00edfork, fiskvei\u00f0igaffall, sem gu\u00f0inn breytir \u00ed kosm\u00edska vopn. Me\u00f0 \u00fer\u00edfokinum sl\u00e6r hann \u00e1 kletta, \u00feannig a\u00f0 uppsprettur e\u00f0a hestar brj\u00f3tast fram, og hann lyftir me\u00f0 honum \u00f6ldunum e\u00f0a l\u00e6tur j\u00f6r\u00f0ina skj\u00e1lfa.<\/p><p>Verkf\u00e6ri\u00f0 kemur, samkv\u00e6mt s\u00ed\u00f0ari hef\u00f0 (Apollod\u00f3ros I, 2, 1), fr\u00e1 K\u00fdkl\u00f3punum, sem b\u00fana\u00f0u Poseidon \u00ed bar\u00e1ttunni gegn Tit\u00f6nunum, samhli\u00f0a eldingu Seifs og hj\u00e1lmi Hadesar sem gerir \u00f3s\u00fdnilegan.<\/p>\n<p>Hestur og naut eru helgid\u00fdr hans. Nauti\u00f0 t\u00e1knar hina \u00ferumandi, taumlausu kraft jar\u00f0skekjandans; \u00ed Onkestos \u00ed B\u00f3i\u00f3t\u00edu var hestaf\u00f3rn l\u00e1tin \u00ed vatni\u00f0 (H\u00f3merskur hymni til Apollons 230 til 238).<\/p><p>Hesturinn er hans skapa\u00f0a vera \u00ed m\u00f6rgum \u00fatg\u00e1fum: \u00ddmist skapa\u00f0i hann hann \u00ed deilunni vi\u00f0 A\u00feenu \u00e1 Akr\u00f3p\u00f3lis (Vergil\u00edus, Georgica I, 12 til 14), \u00fdmist er hann sprottinn \u00far s\u00f6gum hans um samfarir, sem Are\u00edon og Pegasos. H\u00f6frungar fylgja honum \u00ed myndm\u00e1lshef\u00f0inni sem d\u00fdralegur fylgdarma\u00f0ur hans, oft vi\u00f0 hli\u00f0 hins gu\u00f0lega vagns.<\/p>\n<p>Hin d\u00e6miger\u00f0a framsetning Poseidons s\u00fdnir hann sem skeggja\u00f0an, kr\u00f6ftuglega bygg\u00f0an gu\u00f0 \u00e1 mi\u00f0jum aldri, oft me\u00f0 berum efri l\u00edkama, stundum me\u00f0 flj\u00f3tandi skikkju sem vindurinn \u00feyrlar aftan honum. Hann ekur vagni sem hippokampar draga, hestar me\u00f0 fiskispor\u00f0.<\/p><p>Hin fr\u00e6ga bronsstytta fr\u00e1 Artem\u00eds\u00edonh\u00f6f\u00f0a (n\u00fa \u00ed \u00dej\u00f3\u00f0minjasafni A\u00feenu) s\u00fdnir gu\u00f0 \u00ed kastst\u00f6\u00f0u me\u00f0 h\u00e6gri h\u00f6nd \u00e1 lofti; hvort \u00fear er Poseidon me\u00f0 \u00fer\u00edfork e\u00f0a Seifur me\u00f0 eldingu er enn deiluefni. Au\u00f0kenningin sem Poseidon byggist \u00e1 n\u00e1num st\u00edlfr\u00e6\u00f0ilegum tengslum vi\u00f0 myndir \u00e1 myntum.<\/p>\n<p>\u00d3venjulegri er Poseidon \u00ed sinni sv\u00f6rtu birtingarmynd sem \u201eMelas\u201d \u00ed Sik\u00edon (Pausan\u00edasi II, 12, 1) og sem \u201eKyamites\u201d, baunav\u00f6r\u00f0ur, \u00ed Eleusis. \u00deessir k\u00fe\u00f3n\u00edsku \u00fe\u00e6ttir eru arfleif\u00f0 hins forna jar\u00f0gu\u00f0s, sem haf\u00f0i v\u00ed\u00f0t\u00e6kari valdsvi\u00f0 \u00e1\u00f0ur en panthe\u00f3ni\u00f0 var skipulagt \u00ed hina \u00f3lymp\u00edsku skipan.<\/p>\t\t\t\t\t\t\t\t<\/div>\n\t\t\t\t<\/div>\n\t\t<div class=\"elementor-element elementor-element-e6ac651 e-con-full e-flex e-con e-child\" data-id=\"e6ac651\" data-element_type=\"container\" data-e-type=\"container\">\n\t\t\t\t<div class=\"elementor-element elementor-element-e71c356 elementor-widget elementor-widget-heading\" data-id=\"e71c356\" data-element_type=\"widget\" data-e-type=\"widget\" data-widget_type=\"heading.default\">\n\t\t\t\t\t<h2 class=\"elementor-heading-title elementor-size-default\">D\u00fdrkun og tilbei\u00f0sla<\/h2>\t\t\t\t<\/div>\n\t\t\t\t<div class=\"elementor-element elementor-element-a5d5d74 elementor-widget elementor-widget-text-editor\" data-id=\"a5d5d74\" data-element_type=\"widget\" data-e-type=\"widget\" data-widget_type=\"text-editor.default\">\n\t\t\t\t\t\t\t\t\t<p><span class=\"iwg-fachbegriff\" data-tooltip=\"Heild tr\u00faarlegra tilbei\u00f0sluathafna til handa gu\u00f0i e\u00f0a heilagri v\u00e6ttu.\" tabindex=\"0\">D\u00fdrkun<\/span> Poseidons var a\u00f0 mestu bundin vi\u00f0 borgir vi\u00f0 str\u00f6ndina og \u00feau innlendu sv\u00e6\u00f0i \u00fear sem fornar hrossar\u00e6ktir og lindir voru <span class=\"iwg-fachbegriff\" data-tooltip=\"\u00dea\u00f0 sem tilheyrir hinu gu\u00f0lega og er \u00fear me\u00f0 undanskili\u00f0 hversdagslegri notkun.\" tabindex=\"0\">heilagar<\/span>. Mikilv\u00e6gasta pan-hellenska h\u00e1t\u00ed\u00f0 hans voru \u00cds\u00femosleikarnir \u00e1 \u00cds\u00femos-landr\u00e6munni vi\u00f0 Korintu, haldnir \u00e1 tveggja \u00e1ra fresti fr\u00e1 \u00e1rinu 582 fyrir okkar t\u00edmatal.<\/p><p>Sigurvegarar fengu sveig \u00far furugreinum e\u00f0a seller\u00ed. Leikarnir voru n\u00e1i\u00f0 tengdir d\u00fdrkun hetjunnar Melikertes-Palaimon, hvers l\u00e1tna l\u00edkama h\u00f6frungur \u00e1 a\u00f0 hafa bori\u00f0 a\u00f0 \u00cds\u00femosinu og sem \u00fear var d\u00fdrka\u00f0ur sem \u00f3dau\u00f0leg vera.<\/p>\n<p>\u00c1 su\u00f0urodda Att\u00edku, \u00e1 kletti Sounion, st\u00f3\u00f0 hi\u00f0 fr\u00e6ga <span class=\"iwg-fachbegriff\" data-tooltip=\"Bygging sem er \u00e6tla\u00f0 a\u00f0 tilbei\u00f0slu einum e\u00f0a fleiri gu\u00f0um.\" tabindex=\"0\">hof<\/span> Poseidons, v\u00edgt um \u00e1ri\u00f0 444 fyrir okkar t\u00edmatal. A\u00feenskir s\u00e6farar f\u00e6r\u00f0u honum \u00fear <span class=\"iwg-fachbegriff\" data-tooltip=\"Gj\u00f6f til gu\u00f0s, til a\u00f0 tj\u00e1 \u00feakkl\u00e6ti, b\u00f3n e\u00f0a tilbei\u00f0slu.\" tabindex=\"0\">f\u00f3rnir<\/span> \u00e1\u00f0ur en \u00feeir legg\u00f0u upp \u00ed langar sj\u00f3fer\u00f0ir; hofsv\u00e6\u00f0i\u00f0 \u00fej\u00f3na\u00f0i einnig sem herna\u00f0arleg virki til a\u00f0 hafa stj\u00f3rn \u00e1 siglingalei\u00f0um.<\/p><p>N\u00e1l\u00e6g str\u00f6nd var vettvangur go\u00f0sagnakenndra atbur\u00f0a: Aigeus st\u00f6kk fram af \u00feessum kletti \u00feegar hann s\u00e1 svarta segli\u00f0 sem t\u00e1kna\u00f0i meintan \u00f3sigur sonar hans, \u00deeseusar.<\/p>\n<p>\u00cd Onchestos \u00ed B\u00f6\u00f3t\u00edu var \u00abHippios\u00bb-<span class=\"iwg-fachbegriff\" data-tooltip=\"Heild tr\u00faarlegra tilbei\u00f0sluathafna til handa gu\u00f0i e\u00f0a heilagri v\u00e6ttu.\" tabindex=\"0\">d\u00fdrkunin<\/span> r\u00e6ktu\u00f0 me\u00f0 s\u00e9rkennilegu vagnahlaupi \u00e1n ekils: Vagnarnir voru l\u00e1tnir lausir \u00ed heil\u00f6gum <span class=\"iwg-fachbegriff\" data-tooltip=\"Heilagur trj\u00e1lundur sem \u00fej\u00f3na\u00f0i sem d\u00fdrkunarsta\u00f0ur.\" tabindex=\"0\">lundi<\/span>, og \u00fear sem \u00feeir hvolfdu var heilagur sta\u00f0ur. \u00deessir si\u00f0ir var\u00f0veita minningu um forn ind\u00f3evr\u00f3psk hrossaath\u00f6fn.<\/p><p>\u00c1 Pel\u00f3psskaga-eyjunni Kalaureia (n\u00fa Poros) var pan-hellenskt amfikt\u00edonabandalag sj\u00f6 a\u00f0ildarr\u00edkja, sem h\u00e9lt samkomur s\u00ednar \u00ed Poseidons-<span class=\"iwg-fachbegriff\" data-tooltip=\"Bygging sem er \u00e6tla\u00f0 a\u00f0 tilbei\u00f0slu einum e\u00f0a fleiri gu\u00f0um.\" tabindex=\"0\">hofinu<\/span> (Strabon VIII, 6, 14); Demos\u00feenes enda\u00f0i l\u00edf sitt \u00fear \u00e1ri\u00f0 322 fyrir okkar t\u00edmatal.<\/p>\n<p>\u00c1 j\u00f3n\u00edsku sv\u00e6\u00f0inu var Poseidon-Helikonios-<span class=\"iwg-fachbegriff\" data-tooltip=\"Heild tr\u00faarlegra tilbei\u00f0sluathafna til handa gu\u00f0i e\u00f0a heilagri v\u00e6ttu.\" tabindex=\"0\">d\u00fdrkunin<\/span> \u00e1 M\u00fdkale hi\u00f0 tr\u00faarlega band J\u00f3nabandalagsins; Panj\u00f3n\u00edan, sem haldin var \u00fear, var mikilv\u00e6gasti stj\u00f3rnm\u00e1lafundur hinna t\u00f3lf j\u00f3n\u00edsku borga.<\/p><p>\u00cd Sp\u00f6rtu var Poseidon Hippokurios og Erechthonios d\u00fdrka\u00f0ur, og \u00ed Magna Graecia haf\u00f0i Tarentum meginmusteri \u00e1 vesturstr\u00f6nd borgarinnar. \u00c1 m\u00f6rgum st\u00f6\u00f0um birtist Poseidon samhli\u00f0a M\u00f3\u00f0ur J\u00f6r\u00f0, og \u00fev\u00ed myndar hin fornlega Demeter-Poseidon-<span class=\"iwg-fachbegriff\" data-tooltip=\"Heild tr\u00faarlegra tilbei\u00f0sluathafna til handa gu\u00f0i e\u00f0a heilagri v\u00e6ttu.\" tabindex=\"0\">d\u00fdrkun<\/span> eigi\u00f0 tr\u00faars\u00f6gulegt lag.<\/p>\t\t\t\t\t\t\t\t<\/div>\n\t\t\t\t<\/div>\n\t\t<div class=\"elementor-element elementor-element-da181c4 e-con-full e-flex e-con e-child\" data-id=\"da181c4\" data-element_type=\"container\" data-e-type=\"container\">\n\t\t\t\t<div class=\"elementor-element elementor-element-2c0f79b elementor-widget elementor-widget-heading\" data-id=\"2c0f79b\" data-element_type=\"widget\" data-e-type=\"widget\" data-widget_type=\"heading.default\">\n\t\t\t\t\t<h2 class=\"elementor-heading-title elementor-size-default\">Mikilv\u00e6g helgista\u00f0ir og musteri<\/h2>\t\t\t\t<\/div>\n\t\t\t\t<div class=\"elementor-element elementor-element-f3789b9 elementor-widget elementor-widget-text-editor\" data-id=\"f3789b9\" data-element_type=\"widget\" data-e-type=\"widget\" data-widget_type=\"text-editor.default\">\n\t\t\t\t\t\t\t\t\t<p>Dor\u00edska <span class=\"iwg-fachbegriff\" data-tooltip=\"Bygging sem er \u00e6tla\u00f0 a\u00f0 tilbei\u00f0slu einum e\u00f0a fleiri gu\u00f0um.\" tabindex=\"0\">hofi\u00f0<\/span> \u00ed Sounion, byggt \u00e1 \u00e1runum 444 til 440 fyrir okkar t\u00edmatal \u00e1 sta\u00f0 fyrri byggingar sem Persar h\u00f6f\u00f0u ey\u00f0ilagt, telst til klass\u00edsks d\u00e6mis um a\u00feenska hofbyggingarlist.<\/p><p>Af upphaflegum 34 s\u00falum standa \u00ed dag 15 eftir. Sta\u00f0setningin \u00e1 klettinum, 60 metra yfir sj\u00e1varm\u00e1li, gaf skipstj\u00f3rum lei\u00f0armerki; <span class=\"iwg-fachbegriff\" data-tooltip=\"Bygging sem er \u00e6tla\u00f0 a\u00f0 tilbei\u00f0slu einum e\u00f0a fleiri gu\u00f0um.\" tabindex=\"0\">hofi\u00f0<\/span> er s\u00fdnilegt fr\u00e1 sj\u00f3 \u00e1 l\u00f6ngu f\u00e6ri \u00e1 hei\u00f0sk\u00edrum d\u00f6gum.<\/p>\n<p><span class=\"iwg-fachbegriff\" data-tooltip=\"Bygging sem er \u00e6tla\u00f0 a\u00f0 tilbei\u00f0slu einum e\u00f0a fleiri gu\u00f0um.\" tabindex=\"0\">Hof<\/span> Poseidons \u00e1 \u00cds\u00femosi vi\u00f0 Korintu, byggt um mi\u00f0ja sj\u00f6ttu \u00f6ld og endurbyggt margsinnis eftir bruna, l\u00e1 \u00ed mi\u00f0ju \u00eds\u00fem\u00edska helgista\u00f0arins.<\/p><p>P\u00e1san\u00edas (II, 1, 7 til II, 2, 2) l\u00fdsir <span class=\"iwg-fachbegriff\" data-tooltip=\"Myndr\u00e6n framsetning gu\u00f0s sem tilbe\u00f0in er \u00ed hofi e\u00f0a skr\u00edni.\" tabindex=\"0\">helgimynd<\/span> Poseidons, sem setti einn f\u00f3t \u00e1 h\u00f6frung, og \u00ed forgar\u00f0inum styttur sigurvegara \u00cds\u00femosleikanna. <span class=\"iwg-fachbegriff\" data-tooltip=\"Heilagur sta\u00f0ur tileinka\u00f0ur tilbei\u00f0slu gu\u00f0s.\" tabindex=\"0\">Helgista\u00f0urinn<\/span> haf\u00f0i yfirr\u00e1\u00f0 yfir landr\u00e6munni og \u00fear me\u00f0 samg\u00f6ngum milli Pel\u00f3psskaga og meginlands Grikklands.<\/p>\n<p><span class=\"iwg-fachbegriff\" data-tooltip=\"Bygging sem er \u00e6tla\u00f0 a\u00f0 tilbei\u00f0slu einum e\u00f0a fleiri gu\u00f0um.\" tabindex=\"0\">Hofi\u00f0<\/span> \u00ed Kalaureiu (n\u00fa Poros) er elsta var\u00f0veitta Poseidons-<span class=\"iwg-fachbegriff\" data-tooltip=\"Bygging sem er \u00e6tla\u00f0 a\u00f0 tilbei\u00f0slu einum e\u00f0a fleiri gu\u00f0um.\" tabindex=\"0\">hofi\u00f0<\/span>, byggt um \u00e1ri\u00f0 520 fyrir okkar t\u00edmatal. \u00dea\u00f0 \u00fej\u00f3na\u00f0i Kalaureiu-amfikt\u00ed\u00f3n\u00edunni sem samkomusta\u00f0ur.<\/p><p>\u00cd Paestum (Poseidonia) \u00ed \u00edt\u00f6lsku L\u00fakan\u00edu telst anna\u00f0 st\u00f3ra <span class=\"iwg-fachbegriff\" data-tooltip=\"Bygging sem er \u00e6tla\u00f0 a\u00f0 tilbei\u00f0slu einum e\u00f0a fleiri gu\u00f0um.\" tabindex=\"0\">hofi\u00f0<\/span> (n\u00fa oftast kalla\u00f0 Heru-hofi\u00f0) besta var\u00f0veitta dor\u00edska <span class=\"iwg-fachbegriff\" data-tooltip=\"Bygging sem er \u00e6tla\u00f0 a\u00f0 tilbei\u00f0slu einum e\u00f0a fleiri gu\u00f0um.\" tabindex=\"0\">hofi\u00f0<\/span> yfirleitt; eldri ranns\u00f3knir t\u00f6ldu \u00fea\u00f0 a\u00f0alhof Poseidons, samnefnda borginni. Tarentum haf\u00f0i tvo mikilv\u00e6ga helgista\u00f0i \u00e1 borgarsv\u00e6\u00f0i s\u00ednu, sem fornleifafr\u00e6\u00f0ilega eru a\u00f0eins brotakennt skr\u00e1\u00f0ir.<\/p>\n<p>\u00cd Erechtheion \u00ed A\u00feenu var s\u00fdndur saltvatnsbrunnurinn sem Poseidon \u00e1 a\u00f0 hafa l\u00e1ti\u00f0 koma fram \u00ed deilu sinni vi\u00f0 A\u00feenu; P\u00e1san\u00edas (I, 26, 5) nefnir d\u00fdpt \u00ed berginu sem talin var far \u00fer\u00edfeykisins.<\/p><p>\u00cd Onchestos tengdist hrossad\u00fdrkunin <span class=\"iwg-fachbegriff\" data-tooltip=\"Heilagur sta\u00f0ur tileinka\u00f0ur tilbei\u00f0slu gu\u00f0s.\" tabindex=\"0\">helgista\u00f0num<\/span>, en n\u00e1kv\u00e6ma sta\u00f0setningu hans sta\u00f0setti Pierre Roesch \u00e1 1970. \u00e1ratugnum su\u00f0vestur af n\u00faverandi Akraiphn\u00edon. \u00c1 Tenos st\u00f3\u00f0 merkilegt Poseidon-Amf\u00edtr\u00edte-<span class=\"iwg-fachbegriff\" data-tooltip=\"Bygging sem er \u00e6tla\u00f0 a\u00f0 tilbei\u00f0slu einum e\u00f0a fleiri gu\u00f0um.\" tabindex=\"0\">hof<\/span>, sem var\u00f0 s\u00e9rstaklega \u00e1 hellen\u00edska t\u00edmanum pan-j\u00f3n\u00edskur p\u00edlagr\u00edmasta\u00f0ur.<\/p>\t\t\t\t\t\t\t\t<\/div>\n\t\t\t\t<\/div>\n\t\t<div class=\"elementor-element elementor-element-e9f09ab e-con-full e-flex e-con e-child\" data-id=\"e9f09ab\" data-element_type=\"container\" data-e-type=\"container\">\n\t\t\t\t<div class=\"elementor-element elementor-element-4024531 elementor-widget elementor-widget-heading\" data-id=\"4024531\" data-element_type=\"widget\" data-e-type=\"widget\" data-widget_type=\"heading.default\">\n\t\t\t\t\t<h2 class=\"elementor-heading-title elementor-size-default\">Go\u00f0sagnafr\u00e1sagnir<\/h2>\t\t\t\t<\/div>\n\t\t\t\t<div class=\"elementor-element elementor-element-8afe48d elementor-widget elementor-widget-text-editor\" data-id=\"8afe48d\" data-element_type=\"widget\" data-e-type=\"widget\" data-widget_type=\"text-editor.default\">\n\t\t\t\t\t\t\t\t\t<p>A\u00f0al<span class=\"iwg-fachbegriff\" data-tooltip=\"Munnm\u00e6lasaga um gu\u00f0i, uppruna og skipan heimsins.\" tabindex=\"0\">go\u00f0s\u00f6gnin<\/span> um Poseidon gegn dau\u00f0legri hetju er eftirfylgni hans vi\u00f0 \u00d3dysseif \u00ed \u00ab\u00d3dysseifskvi\u00f0u\u00bb. P\u00f3l\u00fdfemos, eineyg\u00f0i k\u00fdkl\u00f3pinn, er blinda\u00f0ur af \u00d3dysseifi. \u00dear sem P\u00f3l\u00fdfemos er sonur Poseidons, sver gu\u00f0inn hefndum og s\u00e9r til \u00feess a\u00f0 \u00d3dysseifur sn\u00fdr ekki heim fyrr en eftir t\u00edu \u00e1r og eftir a\u00f0 hafa misst alla f\u00e9laga s\u00edna.<\/p><p>\u00deessi atbur\u00f0ar\u00e1s myndar drifkraft alls verksins og l\u00fdkur ekki fyrr en \u00d3dysseifur, eftir fyrirm\u00e6lum Teires\u00edasar, f\u00e6rir fri\u00f0\u00fe\u00e6gingaroffur inni \u00ed Grikklandi sem s\u00e6ttir Poseidon.<\/p>\n<p>\u00cd Tr\u00f3justr\u00ed\u00f0inu er Poseidon \u00e1 gr\u00edsku hli\u00f0inni, \u00fev\u00ed Laomedon konungur haf\u00f0i neita\u00f0 a\u00f0 grei\u00f0a honum umsamin laun fyrir a\u00f0 reisa m\u00fara Tr\u00f3ju. Hj\u00e1 H\u00f3mer (Il\u00edonskvi\u00f0u VII, 452 til 463) minnir Poseidon Seif \u00e1 a\u00f0 hann og Apollon hafi \u00fej\u00f3na\u00f0 Tr\u00f3jukonungi \u00ed eitt \u00e1r.<\/p><p>Hin neitu\u00f0u laun hefnir gu\u00f0inn me\u00f0 sj\u00e1varmonstri sem Herakles a\u00f0 lokum r\u00e6\u00f0ur ni\u00f0url\u00f6gum \u00e1. \u00cd sj\u00e1lfum bard\u00f6gunum gr\u00edpur Poseidon opinsk\u00e1tt inn \u00ed og \u00fer\u00fdstir Grikkjum \u00e1fram me\u00f0 krafti s\u00ednum gegn m\u00farum Tr\u00f3ju.<\/p>\n<p>Ein af elstu samkeppniss\u00f6gum gu\u00f0anna er einnig tengd Poseidon: deilan um yfirr\u00e1\u00f0 yfir A\u00feenu gegn A\u00feenu (gy\u00f0junni). \u00cd Argos l\u00fdtur hann l\u00e6gra haldi fyrir Heru, \u00ed Korintu deilir hann borginni me\u00f0 Hel\u00edosi, \u00ed Tr\u00f3jasenu me\u00f0 A\u00feenu.<\/p><p>\u00deessi upps\u00f6fnun \u00f3sigra \u00ed kosningum um borgargu\u00f0i er \u00ed n\u00fat\u00edmaranns\u00f3knum lesin sem v\u00edsbending um a\u00f0 Poseidon hafi veri\u00f0 eldri gestalt sem eitt sinn r\u00edkti v\u00ed\u00f0a um h\u00e9ru\u00f0, en sem hi\u00f0 n\u00fdja polis-tr\u00faarkerfi l\u00e9t v\u00edkja fyrir yngri gu\u00f0um.<\/p>\n<p>Go\u00f0s\u00f6gurnar um Poseidon og Demeter eru \u00fe\u00e6r r\u00e1\u00f0g\u00e1tufyllstu. Pausan\u00edas greinir fr\u00e1 <span class=\"iwg-fachbegriff\" data-tooltip=\"Helgur sta\u00f0ur tileinka\u00f0ur d\u00fdrkun gu\u00f0s.\" tabindex=\"0\">helgista\u00f0<\/span> \u00ed Arkad\u00edu, \u00ed Phigalia og Thelpusa, s\u00f6gu \u00fear sem Poseidon nau\u00f0gar hinni syrgjandi Demeter \u00ed hestsl\u00edki og getur me\u00f0 henni barni\u00f0 \u00abDespoina\u00bb (\u00abh\u00fasfreyjan\u00bb), sem og hi\u00f0 gu\u00f0lega hross Are\u00edon.<\/p><p>Demeter \u00abErinys\u00bb dr\u00f3 sig \u00ed hl\u00e9 \u00ed helli, kosm\u00edsk hungursney\u00f0 fylgdi \u00ed kj\u00f6lfari\u00f0, \u00fear til Pan fann hana og Seifur s\u00e6tti hana. \u00deessi saga var\u00f0veitir, a\u00f0 s\u00f6gn Burkerts, forgr\u00edskt lag gu\u00f0asambanda me\u00f0 tengingu vi\u00f0 gr\u00f3\u00f0ur- og hestat\u00e1knfr\u00e6\u00f0i.<\/p>\t\t\t\t\t\t\t\t<\/div>\n\t\t\t\t<\/div>\n\t\t<div class=\"elementor-element elementor-element-cad06f4 e-con-full e-flex e-con e-child\" data-id=\"cad06f4\" data-element_type=\"container\" data-e-type=\"container\">\n\t\t\t\t<div class=\"elementor-element elementor-element-78ecd66 elementor-widget elementor-widget-heading\" data-id=\"78ecd66\" data-element_type=\"widget\" data-e-type=\"widget\" data-widget_type=\"heading.default\">\n\t\t\t\t\t<h2 class=\"elementor-heading-title elementor-size-default\">Tengsl innan go\u00f0aheimsins<\/h2>\t\t\t\t<\/div>\n\t\t\t\t<div class=\"elementor-element elementor-element-fa5b75e elementor-widget elementor-widget-text-editor\" data-id=\"fa5b75e\" data-element_type=\"widget\" data-e-type=\"widget\" data-widget_type=\"text-editor.default\">\n\t\t\t\t\t\t\t\t\t<p>Samband Poseidons og Seifs einkennist af breytilegri samkeppni. \u00cd \u00abIl\u00edonskvi\u00f0u\u00bb krefst Poseidon jafnr\u00e6\u00f0is vi\u00f0 br\u00f3\u00f0ur sinn, \u00fev\u00ed skipting heimsins hafi fari\u00f0 fram me\u00f0 hlutkesti (XV, 185 til 199); Seifur f\u00e6r yfirr\u00e1\u00f0 s\u00edn a\u00f0eins sta\u00f0fest me\u00f0 r\u00e9tti hins elsta og h\u00f3tun sendibo\u00f0ans \u00cdrisar.<\/p><p>Milli hans og Hadesar r\u00edkir r\u00f3legt br\u00e6\u00f0rasamband; hinir \u00fer\u00edr herrar hinna \u00feriggja r\u00edkja hittast sjaldan.<\/p>\n<p>Mesta samkeppnin r\u00edkir milli hans og A\u00feenu, sem s\u00e9st \u00ed m\u00f6rgum sta\u00f0bundnum deilus\u00f6gum. Deilan um A\u00feenu endar me\u00f0 \u00f3sigri Poseidons og \u00fev\u00ed a\u00f0 borgin er nefnd eftir A\u00feenu; \u00ed Tr\u00f3jasenu ver\u00f0ur hann a\u00f0 deila borginni me\u00f0 gy\u00f0junni.<\/p><p>\u00c1samt Apollon reisir hann m\u00fara Tr\u00f3ju og deilir me\u00f0 honum \u00feeim \u00f6rl\u00f6gum a\u00f0 vera svikinn um laun af Laomedon. Me\u00f0 Ares tengist hann sameiginlegri v\u00f6rslu grafh\u00fdsis Halikarnassosar; me\u00f0 Hermes deilir hann stofnun hestave\u00f0rei\u00f0a.<\/p>\n<p>Eiginkona hans Amf\u00edtr\u00edta kemur sjaldan fram sem virkur gerandi \u00ed <span class=\"iwg-fachbegriff\" data-tooltip=\"Munnm\u00e6lasaga um gu\u00f0i, uppruna og skipan heimsins.\" tabindex=\"0\">go\u00f0s\u00f6gninni<\/span>. Bakk\u00fdl\u00eddes (d\u00ed\u00fe\u00fdramba 17) l\u00e6tur hana taka \u00e1 m\u00f3ti \u00deeseifi \u00ed hafinu og gefa honum k\u00f3r\u00f3nu og skikkju. Tr\u00edt\u00f3n, sonur \u00feeirra, gegnir hlutverki sendibo\u00f0a sem getur vaki\u00f0 storm og logn me\u00f0 Tr\u00edt\u00f3ns-skelinni.<\/p><p>Samb\u00f6nd Poseidons vi\u00f0 dau\u00f0legar \u00e1stkonur s\u00ednar s\u00fdna hina tv\u00edr\u00e6\u00f0u st\u00f6\u00f0u hans milli <span class=\"iwg-fachbegriff\" data-tooltip=\"Heild allra gu\u00f0a \u00ed tr\u00faarbr\u00f6g\u00f0um e\u00f0a menningu.\" tabindex=\"0\">go\u00f0aheimsins<\/span> og yfirbor\u00f0s jar\u00f0ar. Margar gr\u00edskar a\u00f0alsfj\u00f6lskyldur rekja \u00e6tt s\u00edna til hans sem stofnf\u00f6\u00f0ur, og \u00fev\u00ed er fa\u00f0erni hans geneal\u00f3g\u00edskt \u00fe\u00e9ttara en flestra annarra \u00d3lympsgu\u00f0a.<\/p>\t\t\t\t\t\t\t\t<\/div>\n\t\t\t\t<\/div>\n\t\t<div class=\"elementor-element elementor-element-1a43226 e-con-full e-flex e-con e-child\" data-id=\"1a43226\" data-element_type=\"container\" data-e-type=\"container\">\n\t\t\t\t<div class=\"elementor-element elementor-element-d30b858 elementor-widget elementor-widget-heading\" data-id=\"d30b858\" data-element_type=\"widget\" data-e-type=\"widget\" data-widget_type=\"heading.default\">\n\t\t\t\t\t<h2 class=\"elementor-heading-title elementor-size-default\">M\u00f3ttaka<\/h2>\t\t\t\t<\/div>\n\t\t\t\t<div class=\"elementor-element elementor-element-236ef92 elementor-widget elementor-widget-text-editor\" data-id=\"236ef92\" data-element_type=\"widget\" data-e-type=\"widget\" data-widget_type=\"text-editor.default\">\n\t\t\t\t\t\t\t\t\t<p>\u00cd R\u00f3m var Poseidon samsama\u00f0ur Nept\u00fanusi, upphaflega \u00edt\u00f6lskum gu\u00f0i lindar- og ferskvatns, en yfirr\u00e1\u00f0asv\u00e6\u00f0i hans var v\u00edkka\u00f0 \u00fat til sj\u00e1varins me\u00f0 \u00feessari sams\u00f6mun.<\/p><p>Nept\u00fanal\u00edurnar voru haldnar 23. j\u00fal\u00ed. Pl\u00ednius eldri og Festus veita frekari uppl\u00fdsingar. Myntlist keisarat\u00edmans s\u00fdnir Nept\u00fanus me\u00f0 \u00fer\u00edforki og h\u00f6frungi \u00ed fj\u00f6lda tilbrig\u00f0a, oft \u00ed tengslum vi\u00f0 landam\u00e6ri r\u00edkisins e\u00f0a sigra \u00ed sj\u00f3str\u00ed\u00f0um.<\/p>\n<p>\u00c1 mi\u00f0\u00f6ldum hvarf Poseidon a\u00f0 mestu bak vi\u00f0 kristnar pers\u00f3nugervingar hafsins. \u00cd \u00abEtymologiae\u00bb Isidors fr\u00e1 Sevilla kemur hann a\u00f0eins fram sem t\u00e1knmynd vatnsfrumefnisins.<\/p><p>Endurreisnin bar me\u00f0 s\u00e9r r\u00edka myndlistarhef\u00f0, me\u00f0al annars gosbrunn Berninis \u00abTrevi\u00bb (fullger\u00f0ur 1762, me\u00f0 \u00d3keanos-Nept\u00fanus \u00ed mi\u00f0ju), \u00abGalateu\u00bb Raffaels og \u00abSigurg\u00f6ngu Nept\u00fanusar og Amf\u00edtr\u00edtu\u00bb Annibale Carracci. \u00cd barokkgar\u00f0inum \u00ed Vers\u00f6lum stendur hi\u00f0 fr\u00e6ga \u00abBassin de Neptune\u00bb me\u00f0 gu\u00f0avagninum \u00ed fylgd tr\u00edt\u00f3na.<\/p>\n<p>R\u00f3mant\u00edkin og n\u00edtj\u00e1nda \u00f6ldin s\u00e1u \u00ed Poseidon <span class=\"iwg-fachbegriff\" data-tooltip=\"\u00c1\u00fereifanleg mynd sem t\u00e1knar hugmyndafr\u00e6\u00f0ilegt hugtak.\" tabindex=\"0\">t\u00e1knmynd<\/span> \u00f3tamins n\u00e1tt\u00faruaflsins. \u00cd \u00abF\u00e1st\u00bb Goethes (Klass\u00edsku Valp\u00fargisn\u00f3tt) kemur hann fram \u00ed gervi Seismos, sem l\u00e6tur j\u00f6r\u00f0ina r\u00edsa upp.<\/p><p>Fr\u00e6\u00f0ileg \u00farvinnsla Erwins Rohde, Walters Otto og Walters Burkert hefur dregi\u00f0 fram forklass\u00edska mynd gu\u00f0sins og fjalla\u00f0 kerfisbundi\u00f0 um go\u00f0sagnirnar sem tengjast Demeter, Pegasosi og m\u00fdkenskri hallard\u00fdrkun. Vins\u00e6l menningarafur\u00f0 n\u00fat\u00edmans (myndas\u00f6gur, kvikmyndir, t\u00f6lvuleikir) notar hann sem sta\u00f0al\u00edmynd hafgu\u00f0s, oft \u00e1n tillits til upprunalegrar margbrotinnar merkingar.<\/p>\t\t\t\t\t\t\t\t<\/div>\n\t\t\t\t<\/div>\n\t\t<div class=\"elementor-element elementor-element-26d5415 e-con-full e-flex e-con e-child\" data-id=\"26d5415\" data-element_type=\"container\" data-e-type=\"container\">\n\t\t\t\t<div class=\"elementor-element elementor-element-c0b0e92 elementor-widget elementor-widget-heading\" data-id=\"c0b0e92\" data-element_type=\"widget\" data-e-type=\"widget\" data-widget_type=\"heading.default\">\n\t\t\t\t\t<h2 class=\"elementor-heading-title elementor-size-default\">Tr\u00faarfr\u00e6\u00f0ileg sta\u00f0setning<\/h2>\t\t\t\t<\/div>\n\t\t\t\t<div class=\"elementor-element elementor-element-e376790 elementor-widget elementor-widget-text-editor\" data-id=\"e376790\" data-element_type=\"widget\" data-e-type=\"widget\" data-widget_type=\"text-editor.default\">\n\t\t\t\t\t\t\t\t\t<p>Uppruni nafnsins Poseidon (Poseidon) er umdeildur. M\u00fdkenska formi\u00f0 \u00abpo-se-da-o-ne\u00bb og d\u00f3r\u00edskan \u00abPoteidan\u00bb gefa til kynna upprunalega mynd sem \u00fe\u00fd\u00f0ir \u00abeiginma\u00f0ur jar\u00f0arinnar\u00bb (potis + das, samb\u00e6rilegt vi\u00f0 \u00abDemeter\u00bb), sem sty\u00f0ur tengslin vi\u00f0 Demeter \u00ed arkad\u00edskum go\u00f0s\u00f6gnum.<\/p><p>\u00d6nnur sk\u00fdring rekur nafni\u00f0 til \u00abs\u00e1 sem r\u00e6\u00f0ur yfir v\u00f6tnum\u00bb. M\u00fdkenskar heimildir gera \u00fea\u00f0 l\u00edklegt a\u00f0 Poseidon hafi veri\u00f0 h\u00f6fu\u00f0gu\u00f0 \u00e1 \u00f6\u00f0ru \u00e1r\u00fe\u00fasundi fyrir Krist, m\u00f6gulega \u00e6\u00f0sti gu\u00f0 Pylos, og a\u00f0 hann hafi fyrst veri\u00f0 afmarka\u00f0ur vi\u00f0 hafi\u00f0 \u00ed mynd \u00f3lymp\u00edsku tr\u00faarbrag\u00f0anna.<\/p>\n<p>Fr\u00e1 ind\u00f3evr\u00f3psku sj\u00f3narhorni s\u00fdnir Poseidon einkennandi dr\u00e6tti ind\u00f3evr\u00f3psks hestagu\u00f0s, sem finnast me\u00f0 hli\u00f0st\u00e6\u00f0um h\u00e6tti \u00ed ved\u00edsku A\u015bvin-verunum, \u00ed keltneska Epona-flokknum og \u00ed germanska Sleipnir-<span class=\"iwg-fachbegriff\" data-tooltip=\"Var\u00f0veitt fr\u00e1s\u00f6gn um gu\u00f0i, uppruna og reglu heimsins.\" tabindex=\"0\">go\u00f0s\u00f6gninni<\/span>.<\/p><p>Georges Dum\u00e9zil taldi hann til \u00feri\u00f0ju virknisins (frj\u00f3semi, n\u00e6ring), sem \u00fatsk\u00fdrir tengslin vi\u00f0 Demeter og verndun lindanna. Walter Burkert s\u00e9r \u00ed Poseidon lag af fornri ind\u00f3evr\u00f3pskri hestago\u00f0veru sem rann saman vi\u00f0 eldri undirlagshugmyndir um jar\u00f0m\u00f3\u00f0ur \u00e1 Eyjahafssv\u00e6\u00f0inu og mynda\u00f0i \u00feannig hina s\u00e9rst\u00e6\u00f0u \u00e1sj\u00f3nu hans.<\/p>\n<p>\u00cd tr\u00faarbrag\u00f0afr\u00e6\u00f0ilegum samanbur\u00f0i koma fram byggingarl\u00edk einkenni vi\u00f0 hind\u00faagu\u00f0inn Var\u00fana, vatnsgu\u00f0 og verndara hinnar kosm\u00edsku reglu, og vi\u00f0 \u00fagar\u00edt\u00edska Yam, sem \u00ed vestursem\u00edt\u00edskum go\u00f0s\u00f6gnum t\u00e1knar h\u00f6fin og er sigra\u00f0ur af ve\u00f0urgu\u00f0inum Baal.<\/p><p>\u00d3l\u00edkt Yam er Poseidon \u00fe\u00f3 ekki hrakinn fr\u00e1 v\u00f6ldum heldur felldur inn \u00ed hi\u00f0 \u00f3lymp\u00edska kerfi, sem s\u00fdnir gr\u00edska tilhneigingu til a\u00f0 skipta gu\u00f0ad\u00f3mum ni\u00f0ur \u00ed sta\u00f0 \u00feess a\u00f0 l\u00e1ta gu\u00f0ina berjast.<\/p><p>N\u00fdrri ranns\u00f3knir Madeleine Jost (um arkad\u00edska <span class=\"iwg-fachbegriff\" data-tooltip=\"Heild tr\u00faarlegra d\u00fdrkunarathafna \u00ed gar\u00f0 gu\u00f0s e\u00f0a heilagrar veru.\" tabindex=\"0\">d\u00fdrkun<\/span>) og Robert Parker (um a\u00feensku <span class=\"iwg-fachbegriff\" data-tooltip=\"Heild tr\u00faarlegra d\u00fdrkunarathafna \u00ed gar\u00f0 gu\u00f0s e\u00f0a heilagrar veru.\" tabindex=\"0\">d\u00fdrkunina<\/span>) hafa d\u00fdpka\u00f0 myndina af fl\u00f3knum gu\u00f0i enn frekar, en meint einingu hans var fyrst komi\u00f0 \u00e1 \u00ed h\u00f3mersku hef\u00f0inni.<\/p>\t\t\t\t\t\t\t\t<\/div>\n\t\t\t\t<\/div>\n\t\t<div class=\"elementor-element elementor-element-abf61ad e-con-full e-flex e-con e-child\" data-id=\"abf61ad\" data-element_type=\"container\" data-e-type=\"container\">\n\t\t\t\t<div class=\"elementor-element elementor-element-140a688 elementor-widget elementor-widget-heading\" data-id=\"140a688\" data-element_type=\"widget\" data-e-type=\"widget\" data-widget_type=\"heading.default\">\n\t\t\t\t\t<h2 class=\"elementor-heading-title elementor-size-default\">Uppruni or\u00f0sins og m\u00fdkenskar r\u00e6tur<\/h2>\t\t\t\t<\/div>\n\t\t\t\t<div class=\"elementor-element elementor-element-90d82f6 elementor-widget elementor-widget-text-editor\" data-id=\"90d82f6\" data-element_type=\"widget\" data-e-type=\"widget\" data-widget_type=\"text-editor.default\">\n\t\t\t\t\t\t\t\t\t<p>Nafni\u00f0 \u00abPoseidon\u00bb (m\u00fdkenska \u00abpo-se-da-o-ne\u00bb, d\u00f3r\u00edska \u00abPoteidan\u00bb, j\u00f3n\u00edska \u00abPoseidaon\u00bb) er \u00feekkt fr\u00e1 \u00f6\u00f0ru \u00e1r\u00fe\u00fasundi fyrir Krist. L\u00ednu-B spj\u00f6ld fr\u00e1 Pylos, Knossos og \u00deebu nefna m\u00f3ttakanda \u00f3venju mikilla <span class=\"iwg-fachbegriff\" data-tooltip=\"Gj\u00f6f til gu\u00f0s til a\u00f0 tj\u00e1 \u00feakkl\u00e6ti, b\u00e6n e\u00f0a d\u00fdrkun.\" tabindex=\"0\">f\u00f3rna<\/span>; \u00ed Pylos f\u00e6r hann st\u00e6rri hluta af nautum, sau\u00f0f\u00e9 og v\u00edni en nokkur annar nefndur gu\u00f0.<\/p><p>\u00deessar heimildir eru me\u00f0al mikilv\u00e6gustu v\u00edsbendinga \u00feess a\u00f0 Poseidon hafi veri\u00f0 \u00e6\u00f0sti gu\u00f0 einnar e\u00f0a fleiri hallami\u00f0a\u00f0ra sv\u00e6\u00f0a \u00e1 m\u00fdkenskum t\u00edma.<\/p>\n<p>Umr\u00e6\u00f0an um uppruna or\u00f0sins sn\u00fdst um tv\u00e6r megintill\u00f6gur. Eldri ranns\u00f3knir (Heinrich Schliemann, Friedrich Solmsen) leiddu nafni\u00f0 af \u00abpotis\u00bb (herra) og \u00abda\u00bb (j\u00f6r\u00f0), sem \u00fe\u00fd\u00f0ir \u00abeiginma\u00f0ur jar\u00f0arinnar\u00bb og sty\u00f0ur tengslin vi\u00f0 Demeter \u00ed arkad\u00edskum go\u00f0s\u00f6gnum.<\/p><p>Robert Beekes hefur veri\u00f0 gagnr\u00fdninn \u00e1 \u00feessa ind\u00f3evr\u00f3psku or\u00f0sifjafr\u00e6\u00f0i og lagt til griska uppruna sem er eldri en gr\u00edsk tunga. N\u00fdrri m\u00fdkenafr\u00e6\u00f0ilegar ranns\u00f3knir Stefan Hiller og Jos\u00e9 Luis Garc\u00eda Ram\u00f3n hafa sn\u00fai\u00f0 aftur til fyrri sk\u00fdringarinnar og samr\u00e6mt hana vi\u00f0 arkad\u00edsku Demeter-Poseidon-d\u00fdrkunina.<\/p>\n<p>Tilf\u00e6rslan fr\u00e1 m\u00fdkenskum til fornaldart\u00edma \u00ed gu\u00f0fr\u00e6\u00f0ilegu stigveldi fr\u00e1 Poseidon til Seifs er eitt af meginvi\u00f0bur\u00f0um gr\u00edskrar tr\u00faarbrag\u00f0as\u00f6gu. Walter Burkert hefur t\u00falka\u00f0 \u00feessa tilf\u00e6rslu sem vi\u00f0br\u00f6g\u00f0 vi\u00f0 d\u00f3r\u00edsku f\u00f3lksflutningunum og hinni p\u00f3lit\u00edsku endurskipulagningu Grikklands eftir hrun m\u00fdkenskrar hallamenningar.<\/p><p>Fornaldar borgr\u00edkjatr\u00faarbr\u00f6g\u00f0in ur\u00f0u a\u00f0 laga sig a\u00f0 n\u00fdjum f\u00e9lagslegum a\u00f0st\u00e6\u00f0um; hi\u00f0 fe\u00f0urveldislega yfirvald Seifs samr\u00e6mdist betur hinu a\u00f0alsbundna borgr\u00edki en hin eldri konungssta\u00f0a Poseidons.<\/p>\t\t\t\t\t\t\t\t<\/div>\n\t\t\t\t<\/div>\n\t\t<div class=\"elementor-element elementor-element-09db991 e-con-full e-flex e-con e-child\" data-id=\"09db991\" data-element_type=\"container\" data-e-type=\"container\">\n\t\t\t\t<div class=\"elementor-element elementor-element-a7b7e5f elementor-widget elementor-widget-heading\" data-id=\"a7b7e5f\" data-element_type=\"widget\" data-e-type=\"widget\" data-widget_type=\"heading.default\">\n\t\t\t\t\t<h2 class=\"elementor-heading-title elementor-size-default\">Heimildir<\/h2>\t\t\t\t<\/div>\n\t\t\t\t<div class=\"elementor-element elementor-element-5efd940 elementor-widget elementor-widget-text-editor\" data-id=\"5efd940\" data-element_type=\"widget\" data-e-type=\"widget\" data-widget_type=\"text-editor.default\">\n\t\t\t\t\t\t\t\t\t<div data-nosnippet=\"true\"><p>H\u00f3mer, \u00abIl\u00edonskvi\u00f0a\u00bb, s\u00e9rstaklega XIII, XV og XX, og \u00ab\u00d3dysseifskvi\u00f0a\u00bb, s\u00e9rstaklega I, V, IX og XIII. Hes\u00edodos, \u00abGu\u00f0a\u00e6ttartal\u00bb 453 til 458 og 930 til 933. Apollod\u00f3ros, \u00abBibliotheke\u00bb, I, 2, 1 og I, 4, 6. P\u00e1san\u00edas, \u00abL\u00fdsing Grikklands\u00bb, II, 1 (\u00cds\u00femos), VIII, 8 og 25 (Arkad\u00eda). Pindar, \u00eds\u00fem\u00edsku \u00f3\u00f0urnir, s\u00e9rstaklega upphafskaflarnir.<\/p><p>Strabon, \u00abGeographika\u00bb VIII, 6, 14 (Kala\u00far\u00eda). Virgill, \u00abEneasarkvi\u00f0a\u00bb I, 124 til 156, og \u00abGeorgica\u00bb I, 12 til 14. Walter Burkert, \u00abGriechische Religion der archaischen und klassischen Epoche\u00bb, Stuttgart 1977. Madeleine Jost, \u00abSanctuaires et cultes d&#8217;Arcadie\u00bb, Par\u00eds 1985. Robert Parker, \u00abPolytheism and Society at Athens\u00bb, Oxford 2005.<\/p>\n\n<\/div>\t\t\t\t\t\t\t\t<\/div>\n\t\t\t\t<\/div>\n\t\t<div class=\"elementor-element elementor-element-247fb39 e-con-full e-flex e-con e-child\" data-id=\"247fb39\" data-element_type=\"container\" data-e-type=\"container\">\n\t\t\t\t<div class=\"elementor-element elementor-element-d469982 elementor-widget elementor-widget-heading\" data-id=\"d469982\" data-element_type=\"widget\" data-e-type=\"widget\" data-widget_type=\"heading.default\">\n\t\t\t\t\t<h2 class=\"elementor-heading-title elementor-size-default\">Algengar spurningar um Poseidon<\/h2>\t\t\t\t<\/div>\n\t\t\t\t<div class=\"elementor-element elementor-element-5caf786 elementor-widget elementor-widget-text-editor\" data-id=\"5caf786\" data-element_type=\"widget\" data-e-type=\"widget\" data-widget_type=\"text-editor.default\">\n\t\t\t\t\t\t\t\t\t<h3 class=\"wp-block-heading\">Hver er P\u00f3seidon \u00ed gr\u00edskri <span class=\"iwg-fachbegriff\" data-tooltip=\"Heildarsafn hinna var\u00f0veittu go\u00f0sagna um gu\u00f0i \u00ed tiltekinni menningu.\" tabindex=\"0\">go\u00f0afr\u00e6\u00f0i<\/span>?<\/h3>\n\n\n\n<p>P\u00f3seidon er \u00ed gr\u00edskri <span class=\"iwg-fachbegriff\" data-tooltip=\"Heildarsafn hinna var\u00f0veittu go\u00f0sagna um gu\u00f0i \u00ed tiltekinni menningu.\" tabindex=\"0\">go\u00f0afr\u00e6\u00f0i<\/span> gu\u00f0 hafsins, jar\u00f0skj\u00e1lfta og hesta, einn af t\u00f3lf \u00f3lympsgu\u00f0unum. Hann er br\u00f3\u00f0ir Seifs og Hadesar; vi\u00f0 skiptingu heimsins eftir a\u00f0 T\u00edtanarnir voru sigra\u00f0ir f\u00e9ll hafi\u00f0 \u00ed hans hlut, \u00e1 me\u00f0an Seifur f\u00e9kk himininn og Hades undirheimana.<\/p><p>Helsta einkennist\u00e1kn hans er \u00fer\u00edforkurinn, sem hann notar til a\u00f0 \u00e6sa upp hafi\u00f0 og l\u00e1ta j\u00f6r\u00f0ina skj\u00e1lfa. R\u00f3mverska hli\u00f0st\u00e6\u00f0a hans er Nept\u00fanus.<\/p>\n\n\n\n<h3 class=\"wp-block-heading\">Hvers vegna var A\u00feena nefnd eftir A\u00feenu og ekki eftir P\u00f3seidon?<\/h3>\n\n\n\n<p>Fr\u00e6g <span class=\"iwg-fachbegriff\" data-tooltip=\"Var\u00f0veitt fr\u00e1s\u00f6gn um gu\u00f0i, uppruna og skipulag heimsins.\" tabindex=\"0\">go\u00f0s\u00f6gn<\/span> segir fr\u00e1 kappi milli P\u00f3seidons og A\u00feenu um yfirr\u00e1\u00f0 og verndarhlutverk yfir borginni Att\u00edku. B\u00e1\u00f0ir \u00e1tti a\u00f0 gefa borgarb\u00faum gj\u00f6f. P\u00f3seidon sl\u00f3 \u00fer\u00edforki s\u00ednum \u00ed berg Akr\u00f3p\u00f3lis og l\u00e9t saltvatnslind spretta fram, \u00ed sumum heimildum er einnig nefndur fyrsti hesturinn.<\/p><p>A\u00feena l\u00e9t fyrsta ol\u00edfutr\u00e9\u00f0 spretta upp. Borgarb\u00faar e\u00f0a gu\u00f0irnir \u00e1kv\u00e1\u00f0u a\u00f0 ol\u00edfutr\u00e9\u00f0, sem g\u00e6fi mat, ol\u00edu og vi\u00f0, v\u00e6ri ver\u00f0m\u00e6tari gj\u00f6fin, og borgin var nefnd eftir A\u00feenu.<\/p>\n\n\n\n<script type=\"application\/ld+json\">{\"@context\":\"https:\/\/schema.org\",\"@type\":\"FAQPage\",\"mainEntity\":[{\"@type\":\"Question\",\"name\":\"Hver er P\u00f3seidon \u00ed gr\u00edskri go\u00f0afr\u00e6\u00f0i?\",\"acceptedAnswer\":{\"@type\":\"Answer\",\"text\":\"P\u00f3seidon er \u00ed gr\u00edskri go\u00f0afr\u00e6\u00f0i gu\u00f0 hafsins, jar\u00f0skj\u00e1lfta og hesta, einn af t\u00f3lf \u00f3lympsgu\u00f0unum. Hann er br\u00f3\u00f0ir Seifs og Hadesar; vi\u00f0 skiptingu heimsins eftir a\u00f0 T\u00edtanarnir voru sigra\u00f0ir f\u00e9ll hafi\u00f0 \u00ed hans hlut, \u00e1 me\u00f0an Seifur f\u00e9kk himininn og Hades undirheimana. Helsta einkennist\u00e1kn hans er \u00fer\u00edforkurinn, sem hann notar til a\u00f0 \u00e6sa upp hafi\u00f0 og l\u00e1ta j\u00f6r\u00f0ina skj\u00e1lfa. R\u00f3mverska hli\u00f0st\u00e6\u00f0a hans er Nept\u00fanus.\"}},{\"@type\":\"Question\",\"name\":\"Hvers vegna var A\u00feena nefnd eftir A\u00feenu og ekki eftir P\u00f3seidon?\",\"acceptedAnswer\":{\"@type\":\"Answer\",\"text\":\"Fr\u00e6g go\u00f0s\u00f6gn segir fr\u00e1 kappi milli P\u00f3seidons og A\u00feenu um yfirr\u00e1\u00f0 og verndarhlutverk yfir borginni Att\u00edku. B\u00e1\u00f0ir \u00e1tti a\u00f0 gefa borgarb\u00faum gj\u00f6f. P\u00f3seidon sl\u00f3 \u00fer\u00edforki s\u00ednum \u00ed berg Akr\u00f3p\u00f3lis og l\u00e9t saltvatnslind spretta fram, \u00ed sumum heimildum er einnig nefndur fyrsti hesturinn. A\u00feena l\u00e9t fyrsta ol\u00edfutr\u00e9\u00f0 spretta upp. Borgarb\u00faar e\u00f0a gu\u00f0irnir \u00e1kv\u00e1\u00f0u a\u00f0 ol\u00edfutr\u00e9\u00f0, sem g\u00e6fi mat, ol\u00edu og vi\u00f0, v\u00e6ri ver\u00f0m\u00e6tari gj\u00f6fin, og borgin var nefnd eftir A\u00feenu.\"}}]}<\/script>\t\t\t\t\t\t\t\t<\/div>\n\t\t\t\t<\/div>\n\t\t\t\t\t<\/div>\n\t\t\t\t<\/div>\n\t\t\t\t<\/div>\n\t\t","protected":false},"excerpt":{"rendered":"","protected":false},"author":3,"featured_media":2986,"parent":0,"menu_order":0,"comment_status":"closed","ping_status":"closed","template":"elementor_header_footer","meta":{"_yoast_wpseo_focuskw":"Poseidon","_yoast_wpseo_title":"Poseidon \u2013 gu\u00f0 hafsins og br\u00f3\u00f0ir Seifs | iWell Guard","_yoast_wpseo_metadesc":"Poseidon er gu\u00f0 hafsins, jar\u00f0skj\u00e1lfta og hesta. Br\u00f3\u00f0ir Seifs og Hadesar, ber \u00fer\u00edfork","_yoast_wpseo_meta-robots-noindex":"","_yoast_wpseo_canonical":"","_angie_page":false,"gefaehrdungsstufe":"3","wesen_kultur":"griechenland","wesen_klasse":"goetter","footnotes":""},"categories":[],"class_list":["post-169048","page","type-page","status-publish","has-post-thumbnail","hentry"],"yoast_head":"<!-- This site is optimized with the Yoast SEO Premium plugin v27.7 (Yoast SEO v28.3) - https:\/\/yoast.com\/product\/yoast-seo-premium-wordpress\/ -->\n<title>Poseidon \u2013 gu\u00f0 hafsins og br\u00f3\u00f0ir Seifs | iWell Guard<\/title>\n<meta name=\"description\" content=\"Poseidon er gu\u00f0 hafsins, jar\u00f0skj\u00e1lfta og hesta. Br\u00f3\u00f0ir Seifs og Hadesar, ber \u00fer\u00edfork\" \/>\n<meta name=\"robots\" content=\"index, follow, max-snippet:-1, max-image-preview:large, max-video-preview:-1\" \/>\n<link rel=\"canonical\" href=\"https:\/\/iwell-guard.com\/is\/poseidon\/\" \/>\n<meta property=\"og:locale\" content=\"is_IS\" \/>\n<meta property=\"og:type\" content=\"article\" \/>\n<meta property=\"og:title\" content=\"Poseidon\" \/>\n<meta property=\"og:description\" content=\"Poseidon er gu\u00f0 hafsins, jar\u00f0skj\u00e1lfta og hesta. Br\u00f3\u00f0ir Seifs og Hadesar, ber \u00fer\u00edfork\" \/>\n<meta property=\"og:url\" content=\"https:\/\/iwell-guard.com\/is\/poseidon\/\" \/>\n<meta property=\"og:site_name\" content=\"iWell Guard\" \/>\n<meta property=\"article:modified_time\" content=\"2026-09-05T14:30:57+00:00\" \/>\n<meta property=\"og:image\" content=\"https:\/\/iwell-guard.com\/wp-content\/uploads\/2026\/05\/goetter_griechenland_poseidon.webp\" \/>\n\t<meta property=\"og:image:width\" content=\"1024\" \/>\n\t<meta property=\"og:image:height\" content=\"1536\" \/>\n\t<meta property=\"og:image:type\" content=\"image\/webp\" \/>\n<meta name=\"twitter:card\" content=\"summary_large_image\" \/>\n<script type=\"application\/ld+json\" class=\"yoast-schema-graph\">{\"@context\":\"https:\\\/\\\/schema.org\",\"@graph\":[{\"@type\":\"WebPage\",\"@id\":\"https:\\\/\\\/iwell-guard.com\\\/is\\\/poseidon\\\/\",\"url\":\"https:\\\/\\\/iwell-guard.com\\\/is\\\/poseidon\\\/\",\"name\":\"Poseidon \u2013 gu\u00f0 hafsins og br\u00f3\u00f0ir Seifs | iWell Guard\",\"isPartOf\":{\"@id\":\"https:\\\/\\\/iwell-guard.com\\\/is\\\/#website\"},\"primaryImageOfPage\":{\"@id\":\"https:\\\/\\\/iwell-guard.com\\\/is\\\/poseidon\\\/#primaryimage\"},\"image\":{\"@id\":\"https:\\\/\\\/iwell-guard.com\\\/is\\\/poseidon\\\/#primaryimage\"},\"thumbnailUrl\":\"https:\\\/\\\/iwell-guard.com\\\/wp-content\\\/uploads\\\/2026\\\/05\\\/goetter_griechenland_poseidon.webp\",\"datePublished\":\"2026-09-05T14:05:08+00:00\",\"dateModified\":\"2026-09-05T14:30:57+00:00\",\"description\":\"Poseidon er gu\u00f0 hafsins, jar\u00f0skj\u00e1lfta og hesta. Br\u00f3\u00f0ir Seifs og Hadesar, ber \u00fer\u00edfork\",\"breadcrumb\":{\"@id\":\"https:\\\/\\\/iwell-guard.com\\\/is\\\/poseidon\\\/#breadcrumb\"},\"inLanguage\":\"is\",\"potentialAction\":[{\"@type\":\"ReadAction\",\"target\":[\"https:\\\/\\\/iwell-guard.com\\\/is\\\/poseidon\\\/\"]}]},{\"@type\":\"ImageObject\",\"inLanguage\":\"is\",\"@id\":\"https:\\\/\\\/iwell-guard.com\\\/is\\\/poseidon\\\/#primaryimage\",\"url\":\"https:\\\/\\\/iwell-guard.com\\\/wp-content\\\/uploads\\\/2026\\\/05\\\/goetter_griechenland_poseidon.webp\",\"contentUrl\":\"https:\\\/\\\/iwell-guard.com\\\/wp-content\\\/uploads\\\/2026\\\/05\\\/goetter_griechenland_poseidon.webp\",\"width\":1024,\"height\":1536,\"caption\":\"Gu\u00f0ir \u00far gr\u00edskri hef\u00f0.\"},{\"@type\":\"BreadcrumbList\",\"@id\":\"https:\\\/\\\/iwell-guard.com\\\/is\\\/poseidon\\\/#breadcrumb\",\"itemListElement\":[{\"@type\":\"ListItem\",\"position\":1,\"name\":\"Start\",\"item\":\"https:\\\/\\\/iwell-guard.com\\\/is\\\/?page_id=168580\"},{\"@type\":\"ListItem\",\"position\":2,\"name\":\"Poseidon\"}]},{\"@type\":\"WebSite\",\"@id\":\"https:\\\/\\\/iwell-guard.com\\\/is\\\/#website\",\"url\":\"https:\\\/\\\/iwell-guard.com\\\/is\\\/\",\"name\":\"iWell Guard\",\"description\":\"Schutz vor dunklen Einfl\u00fcssen\",\"publisher\":{\"@id\":\"https:\\\/\\\/iwell-guard.com\\\/is\\\/#organization\"},\"potentialAction\":[{\"@type\":\"SearchAction\",\"target\":{\"@type\":\"EntryPoint\",\"urlTemplate\":\"https:\\\/\\\/iwell-guard.com\\\/is\\\/?s={search_term_string}\"},\"query-input\":{\"@type\":\"PropertyValueSpecification\",\"valueRequired\":true,\"valueName\":\"search_term_string\"}}],\"inLanguage\":\"is\"},{\"@type\":\"Organization\",\"@id\":\"https:\\\/\\\/iwell-guard.com\\\/is\\\/#organization\",\"name\":\"Ittermann electronic GmbH\",\"url\":\"https:\\\/\\\/iwell-guard.com\\\/is\\\/\",\"logo\":{\"@type\":\"ImageObject\",\"inLanguage\":\"is\",\"@id\":\"https:\\\/\\\/iwell-guard.com\\\/is\\\/#\\\/schema\\\/logo\\\/image\\\/\",\"url\":\"https:\\\/\\\/iwell-guard.com\\\/wp-content\\\/uploads\\\/2026\\\/05\\\/Ittermann-Logo-1182x237-1.png\",\"contentUrl\":\"https:\\\/\\\/iwell-guard.com\\\/wp-content\\\/uploads\\\/2026\\\/05\\\/Ittermann-Logo-1182x237-1.png\",\"width\":1182,\"height\":237,\"caption\":\"Ittermann electronic GmbH\"},\"image\":{\"@id\":\"https:\\\/\\\/iwell-guard.com\\\/is\\\/#\\\/schema\\\/logo\\\/image\\\/\"},\"sameAs\":[\"https:\\\/\\\/pantip.com\\\/profile\\\/9367242\",\"https:\\\/\\\/micro.blog\\\/iwellguard\",\"https:\\\/\\\/www.diggerslist.com\\\/iwellguard\\\/about\",\"https:\\\/\\\/skitterphoto.com\\\/photographers\\\/2870314\\\/iwell-guard\",\"https:\\\/\\\/iwellguard.wordpress.com\\\/2026\\\/06\\\/06\\\/iwell-guard\\\/\",\"https:\\\/\\\/hub.docker.com\\\/u\\\/iwellguard\",\"https:\\\/\\\/www.pinterest.com\\\/iwellguard\\\/\",\"https:\\\/\\\/bit.ly\\\/m\\\/iwellguard\",\"https:\\\/\\\/entre-vos-mains.alsace.eu\\\/profiles\\\/iwellguard\\\/activity\",\"https:\\\/\\\/gravatar.com\\\/reallybeded8fd34\",\"https:\\\/\\\/naijamatta.com\\\/iwellguard\",\"https:\\\/\\\/www.goodreads.com\\\/iwellguard\",\"https:\\\/\\\/profile.hatena.ne.jp\\\/iwellguard\\\/\",\"https:\\\/\\\/experiment.com\\\/users\\\/iwellguard\",\"https:\\\/\\\/wakelet.com\\\/@iWellGuard82270\",\"https:\\\/\\\/www.chordie.com\\\/forum\\\/profile.php?id=2555664\",\"https:\\\/\\\/www.instapaper.com\\\/p\\\/17757966\",\"https:\\\/\\\/www.mapleprimes.com\\\/users\\\/iwellguard\",\"https:\\\/\\\/businesslistingplus.com\\\/profile\\\/iwell-guard\\\/\",\"https:\\\/\\\/telegra.ph\\\/iWell-Guard-06-06\",\"https:\\\/\\\/pbase.com\\\/iwellguard\\\/iwellguard\",\"https:\\\/\\\/b.hatena.ne.jp\\\/iwellguard\\\/20260607#bookmark-4788405196491818882\",\"https:\\\/\\\/fliphtml5.com\\\/home\\\/iwellguard\",\"https:\\\/\\\/anyflip.com\\\/homepage\\\/cmiwl#About\",\"https:\\\/\\\/transfur.com\\\/Users\\\/iwellguard\",\"http:\\\/\\\/delphi.larsbo.org\\\/user\\\/iwellguard\",\"https:\\\/\\\/jobs.lajobsportal.org\\\/profiles\\\/8380803-iwell-guard\",\"https:\\\/\\\/md.chaosdorf.de\\\/s\\\/jfbe5SBdJD\",\"https:\\\/\\\/www.lingvolive.com\\\/en-us\\\/profile\\\/9ecaeaca-ce11-4e51-9e71-01d55e2bff36\\\/translations\",\"https:\\\/\\\/www.fitday.com\\\/fitness\\\/forums\\\/members\\\/iwellguard.html\",\"https:\\\/\\\/www.mymeetbook.com\\\/iwellguard\",\"https:\\\/\\\/pxhere.com\\\/en\\\/photographer-me\\\/5040798\",\"https:\\\/\\\/disqus.com\\\/by\\\/iwellguard\\\/about\\\/\",\"https:\\\/\\\/pastelink.net\\\/hjwciqwq\",\"https:\\\/\\\/pubhtml5.com\\\/homepage\\\/scjhn\\\/\",\"https:\\\/\\\/www.bitchute.com\\\/channel\\\/2O2eOKzNqujT\",\"https:\\\/\\\/audiomack.com\\\/iwellguard\"]},{\"@type\":\"Article\",\"@id\":\"https:\\\/\\\/iwell-guard.com\\\/is\\\/poseidon\\\/#article\",\"isPartOf\":{\"@id\":\"https:\\\/\\\/iwell-guard.com\\\/is\\\/poseidon\\\/\"},\"author\":{\"name\":\"Ralf Ittermann\",\"@id\":\"https:\\\/\\\/iwell-guard.com\\\/is\\\/#\\\/schema\\\/person\\\/ee2a27f1cac3406c7c6fb5820cb7349f\"},\"headline\":\"Poseidon\",\"datePublished\":\"2026-09-05T14:05:08+00:00\",\"dateModified\":\"2026-09-05T14:30:57+00:00\",\"mainEntityOfPage\":{\"@id\":\"https:\\\/\\\/iwell-guard.com\\\/is\\\/poseidon\\\/\"},\"publisher\":{\"@id\":\"https:\\\/\\\/iwell-guard.com\\\/is\\\/#organization\"},\"image\":{\"@id\":\"https:\\\/\\\/iwell-guard.com\\\/is\\\/poseidon\\\/#primaryimage\"},\"thumbnailUrl\":\"https:\\\/\\\/iwell-guard.com\\\/wp-content\\\/uploads\\\/2026\\\/05\\\/goetter_griechenland_poseidon.webp\",\"inLanguage\":\"is\",\"description\":\"Poseidon er gu\u00f0 hafsins, jar\u00f0skj\u00e1lfta og hesta. Br\u00f3\u00f0ir Seifs og Hadesar, ber \u00fer\u00edfork\"}]}<\/script>\n<!-- \/ Yoast SEO Premium plugin. -->","yoast_head_json":{"title":"Poseidon \u2013 gu\u00f0 hafsins og br\u00f3\u00f0ir Seifs | iWell Guard","description":"Poseidon er gu\u00f0 hafsins, jar\u00f0skj\u00e1lfta og hesta. Br\u00f3\u00f0ir Seifs og Hadesar, ber \u00fer\u00edfork","robots":{"index":"index","follow":"follow","max-snippet":"max-snippet:-1","max-image-preview":"max-image-preview:large","max-video-preview":"max-video-preview:-1"},"canonical":"https:\/\/iwell-guard.com\/is\/poseidon\/","og_locale":"is_IS","og_type":"article","og_title":"Poseidon","og_description":"Poseidon er gu\u00f0 hafsins, jar\u00f0skj\u00e1lfta og hesta. Br\u00f3\u00f0ir Seifs og Hadesar, ber \u00fer\u00edfork","og_url":"https:\/\/iwell-guard.com\/is\/poseidon\/","og_site_name":"iWell Guard","article_modified_time":"2026-09-05T14:30:57+00:00","og_image":[{"width":1024,"height":1536,"url":"https:\/\/iwell-guard.com\/wp-content\/uploads\/2026\/05\/goetter_griechenland_poseidon.webp","type":"image\/webp"}],"twitter_card":"summary_large_image","schema":{"@context":"https:\/\/schema.org","@graph":[{"@type":"Article","@id":"https:\/\/iwell-guard.com\/is\/poseidon\/#article","isPartOf":{"@id":"https:\/\/iwell-guard.com\/is\/poseidon\/"},"author":{"name":"Ralf Ittermann","@id":"https:\/\/iwell-guard.com\/is\/#\/schema\/person\/ee2a27f1cac3406c7c6fb5820cb7349f"},"headline":"Poseidon","datePublished":"2026-09-05T14:05:08+00:00","dateModified":"2026-09-05T14:30:57+00:00","mainEntityOfPage":{"@id":"https:\/\/iwell-guard.com\/is\/poseidon\/"},"publisher":{"@id":"https:\/\/iwell-guard.com\/is\/#organization"},"image":{"@id":"https:\/\/iwell-guard.com\/is\/poseidon\/#primaryimage"},"thumbnailUrl":"https:\/\/iwell-guard.com\/wp-content\/uploads\/2026\/05\/goetter_griechenland_poseidon.webp","inLanguage":"is","description":"Poseidon er gu\u00f0 hafsins, jar\u00f0skj\u00e1lfta og hesta. Br\u00f3\u00f0ir Seifs og Hadesar, ber \u00fer\u00edfork"},{"@type":"WebPage","@id":"https:\/\/iwell-guard.com\/is\/poseidon\/","url":"https:\/\/iwell-guard.com\/is\/poseidon\/","name":"Poseidon \u2013 gu\u00f0 hafsins og br\u00f3\u00f0ir Seifs | iWell Guard","isPartOf":{"@id":"https:\/\/iwell-guard.com\/is\/#website"},"primaryImageOfPage":{"@id":"https:\/\/iwell-guard.com\/is\/poseidon\/#primaryimage"},"image":{"@id":"https:\/\/iwell-guard.com\/is\/poseidon\/#primaryimage"},"thumbnailUrl":"https:\/\/iwell-guard.com\/wp-content\/uploads\/2026\/05\/goetter_griechenland_poseidon.webp","datePublished":"2026-09-05T14:05:08+00:00","dateModified":"2026-09-05T14:30:57+00:00","description":"Poseidon er gu\u00f0 hafsins, jar\u00f0skj\u00e1lfta og hesta. Br\u00f3\u00f0ir Seifs og Hadesar, ber \u00fer\u00edfork","breadcrumb":{"@id":"https:\/\/iwell-guard.com\/is\/poseidon\/#breadcrumb"},"inLanguage":"is","potentialAction":[{"@type":"ReadAction","target":["https:\/\/iwell-guard.com\/is\/poseidon\/"]}]},{"@type":"ImageObject","inLanguage":"is","@id":"https:\/\/iwell-guard.com\/is\/poseidon\/#primaryimage","url":"https:\/\/iwell-guard.com\/wp-content\/uploads\/2026\/05\/goetter_griechenland_poseidon.webp","contentUrl":"https:\/\/iwell-guard.com\/wp-content\/uploads\/2026\/05\/goetter_griechenland_poseidon.webp","width":1024,"height":1536,"caption":"Gu\u00f0ir \u00far gr\u00edskri hef\u00f0."},{"@type":"BreadcrumbList","@id":"https:\/\/iwell-guard.com\/is\/poseidon\/#breadcrumb","itemListElement":[{"@type":"ListItem","position":1,"name":"Start","item":"https:\/\/iwell-guard.com\/is\/?page_id=168580"},{"@type":"ListItem","position":2,"name":"Poseidon"}]},{"@type":"WebSite","@id":"https:\/\/iwell-guard.com\/is\/#website","url":"https:\/\/iwell-guard.com\/is\/","name":"iWell Guard","description":"Schutz vor dunklen Einfl\u00fcssen","publisher":{"@id":"https:\/\/iwell-guard.com\/is\/#organization"},"potentialAction":[{"@type":"SearchAction","target":{"@type":"EntryPoint","urlTemplate":"https:\/\/iwell-guard.com\/is\/?s={search_term_string}"},"query-input":{"@type":"PropertyValueSpecification","valueRequired":true,"valueName":"search_term_string"}}],"inLanguage":"is"},{"@type":"Organization","@id":"https:\/\/iwell-guard.com\/is\/#organization","name":"Ittermann electronic GmbH","url":"https:\/\/iwell-guard.com\/is\/","logo":{"@type":"ImageObject","inLanguage":"is","@id":"https:\/\/iwell-guard.com\/is\/#\/schema\/logo\/image\/","url":"https:\/\/iwell-guard.com\/wp-content\/uploads\/2026\/05\/Ittermann-Logo-1182x237-1.png","contentUrl":"https:\/\/iwell-guard.com\/wp-content\/uploads\/2026\/05\/Ittermann-Logo-1182x237-1.png","width":1182,"height":237,"caption":"Ittermann electronic GmbH"},"image":{"@id":"https:\/\/iwell-guard.com\/is\/#\/schema\/logo\/image\/"},"sameAs":["https:\/\/pantip.com\/profile\/9367242","https:\/\/micro.blog\/iwellguard","https:\/\/www.diggerslist.com\/iwellguard\/about","https:\/\/skitterphoto.com\/photographers\/2870314\/iwell-guard","https:\/\/iwellguard.wordpress.com\/2026\/06\/06\/iwell-guard\/","https:\/\/hub.docker.com\/u\/iwellguard","https:\/\/www.pinterest.com\/iwellguard\/","https:\/\/bit.ly\/m\/iwellguard","https:\/\/entre-vos-mains.alsace.eu\/profiles\/iwellguard\/activity","https:\/\/gravatar.com\/reallybeded8fd34","https:\/\/naijamatta.com\/iwellguard","https:\/\/www.goodreads.com\/iwellguard","https:\/\/profile.hatena.ne.jp\/iwellguard\/","https:\/\/experiment.com\/users\/iwellguard","https:\/\/wakelet.com\/@iWellGuard82270","https:\/\/www.chordie.com\/forum\/profile.php?id=2555664","https:\/\/www.instapaper.com\/p\/17757966","https:\/\/www.mapleprimes.com\/users\/iwellguard","https:\/\/businesslistingplus.com\/profile\/iwell-guard\/","https:\/\/telegra.ph\/iWell-Guard-06-06","https:\/\/pbase.com\/iwellguard\/iwellguard","https:\/\/b.hatena.ne.jp\/iwellguard\/20260607#bookmark-4788405196491818882","https:\/\/fliphtml5.com\/home\/iwellguard","https:\/\/anyflip.com\/homepage\/cmiwl#About","https:\/\/transfur.com\/Users\/iwellguard","http:\/\/delphi.larsbo.org\/user\/iwellguard","https:\/\/jobs.lajobsportal.org\/profiles\/8380803-iwell-guard","https:\/\/md.chaosdorf.de\/s\/jfbe5SBdJD","https:\/\/www.lingvolive.com\/en-us\/profile\/9ecaeaca-ce11-4e51-9e71-01d55e2bff36\/translations","https:\/\/www.fitday.com\/fitness\/forums\/members\/iwellguard.html","https:\/\/www.mymeetbook.com\/iwellguard","https:\/\/pxhere.com\/en\/photographer-me\/5040798","https:\/\/disqus.com\/by\/iwellguard\/about\/","https:\/\/pastelink.net\/hjwciqwq","https:\/\/pubhtml5.com\/homepage\/scjhn\/","https:\/\/www.bitchute.com\/channel\/2O2eOKzNqujT","https:\/\/audiomack.com\/iwellguard"]},{"@type":"Person","@id":"https:\/\/iwell-guard.com\/is\/#\/schema\/person\/ee2a27f1cac3406c7c6fb5820cb7349f","name":"Ralf Ittermann","image":{"@type":"ImageObject","inLanguage":"is","@id":"https:\/\/secure.gravatar.com\/avatar\/073c0153e350a5005b68eb752b445fea71f6b24a26da9449ad7e155e6b446c9d?s=96&d=mm&r=g","url":"https:\/\/secure.gravatar.com\/avatar\/073c0153e350a5005b68eb752b445fea71f6b24a26da9449ad7e155e6b446c9d?s=96&d=mm&r=g","contentUrl":"https:\/\/secure.gravatar.com\/avatar\/073c0153e350a5005b68eb752b445fea71f6b24a26da9449ad7e155e6b446c9d?s=96&d=mm&r=g","caption":"Ralf Ittermann"},"givenName":"Ralf","familyName":"Ittermann","jobTitle":"Gesch\u00e4ftsf\u00fchrer und redaktioneller Verantwortlicher","url":"https:\/\/iwell-guard.com\/is\/author\/claude\/","description":"Ralf Ittermann ist Gesch\u00e4ftsf\u00fchrer der Ittermann electronic GmbH und redaktioneller Verantwortlicher des iWell-Guard-Lexikons. Er verbindet langj\u00e4hrige Erfahrung in der Pr\u00e4zisionsfertigung mit medialer Praxis und religionsgeschichtlicher Quellenarbeit.","worksFor":{"@type":"Organization","name":"Ittermann electronic GmbH","url":"https:\/\/ittermann.de\/","address":{"@type":"PostalAddress","streetAddress":"K\u00f6hlergasse 16-18","postalCode":"99842","addressLocality":"Ruhla","addressCountry":"DE"}},"knowsAbout":["Religionsgeschichte","Mythologie","Mediale Praxis","Energetische Diagnostik","Schutzpraxis","Volksglauben","Westliche Esoterik"]},{"@type":"Article","@id":"https:\/\/iwell-guard.com\/is\/poseidon\/#article","isPartOf":{"@id":"https:\/\/iwell-guard.com\/is\/poseidon\/"},"author":{"name":"Ralf Ittermann","@id":"https:\/\/iwell-guard.com\/is\/#\/schema\/person\/ee2a27f1cac3406c7c6fb5820cb7349f"},"headline":"Poseidon","datePublished":"2026-09-05T14:05:08+00:00","dateModified":"2026-09-05T14:30:57+00:00","mainEntityOfPage":{"@id":"https:\/\/iwell-guard.com\/is\/poseidon\/"},"publisher":{"@id":"https:\/\/iwell-guard.com\/is\/#organization"},"image":{"@id":"https:\/\/iwell-guard.com\/is\/poseidon\/#primaryimage"},"thumbnailUrl":"https:\/\/iwell-guard.com\/wp-content\/uploads\/2026\/05\/goetter_griechenland_poseidon.webp","inLanguage":"is","description":"Poseidon er gu\u00f0 hafsins, jar\u00f0skj\u00e1lfta og hesta. Br\u00f3\u00f0ir Seifs og Hadesar, ber \u00fer\u00edfork"}]}},"_links":{"self":[{"href":"https:\/\/iwell-guard.com\/is\/wp-json\/wp\/v2\/pages\/169048","targetHints":{"allow":["GET"]}}],"collection":[{"href":"https:\/\/iwell-guard.com\/is\/wp-json\/wp\/v2\/pages"}],"about":[{"href":"https:\/\/iwell-guard.com\/is\/wp-json\/wp\/v2\/types\/page"}],"author":[{"embeddable":true,"href":"https:\/\/iwell-guard.com\/is\/wp-json\/wp\/v2\/users\/3"}],"replies":[{"embeddable":true,"href":"https:\/\/iwell-guard.com\/is\/wp-json\/wp\/v2\/comments?post=169048"}],"version-history":[{"count":0,"href":"https:\/\/iwell-guard.com\/is\/wp-json\/wp\/v2\/pages\/169048\/revisions"}],"wp:featuredmedia":[{"embeddable":true,"href":"https:\/\/iwell-guard.com\/is\/wp-json\/wp\/v2\/media\/2986"}],"wp:attachment":[{"href":"https:\/\/iwell-guard.com\/is\/wp-json\/wp\/v2\/media?parent=169048"}],"wp:term":[{"taxonomy":"category","embeddable":true,"href":"https:\/\/iwell-guard.com\/is\/wp-json\/wp\/v2\/categories?post=169048"}],"curies":[{"name":"wp","href":"https:\/\/api.w.org\/{rel}","templated":true}]}}