{"id":169047,"date":"2026-09-05T14:05:07","date_gmt":"2026-09-05T14:05:07","guid":{"rendered":"https:\/\/iwell-guard.com\/?page_id=169047"},"modified":"2026-09-05T14:30:56","modified_gmt":"2026-09-05T14:30:56","slug":"athena","status":"publish","type":"page","link":"https:\/\/iwell-guard.com\/is\/athena\/","title":{"rendered":"A\u00feena"},"content":{"rendered":"\t\t<div data-elementor-type=\"wp-page\" data-elementor-id=\"169047\" class=\"elementor elementor-169047 elementor-2976 elementor-bc-flex-widget\" data-elementor-post-type=\"page\">\n\t\t\t\t<div class=\"elementor-element elementor-element-5267971 e-flex e-con-boxed e-con e-parent\" data-id=\"5267971\" data-element_type=\"container\" data-e-type=\"container\" data-settings=\"{&quot;background_background&quot;:&quot;classic&quot;}\">\n\t\t\t\t\t<div class=\"e-con-inner\">\n\t\t<div class=\"elementor-element elementor-element-8380ddd e-flex e-con-boxed e-con e-child\" data-id=\"8380ddd\" data-element_type=\"container\" data-e-type=\"container\">\n\t\t\t\t\t<div class=\"e-con-inner\">\n\t\t<div class=\"elementor-element elementor-element-fc8e551 e-con-full e-flex e-con e-child\" data-id=\"fc8e551\" data-element_type=\"container\" data-e-type=\"container\">\n\t\t\t\t<div class=\"elementor-element elementor-element-37bad8f elementor-widget elementor-widget-heading\" data-id=\"37bad8f\" data-element_type=\"widget\" data-e-type=\"widget\" data-widget_type=\"heading.default\">\n\t\t\t\t\t<h1 class=\"elementor-heading-title elementor-size-default\">A\u00feena, gy\u00f0ja viskunnar og verndargy\u00f0ja A\u00feenu<\/h1>\t\t\t\t<\/div>\n\t\t\t\t<div class=\"elementor-element elementor-element-66c7ec4 elementor-widget elementor-widget-text-editor\" data-id=\"66c7ec4\" data-element_type=\"widget\" data-e-type=\"widget\" data-widget_type=\"text-editor.default\">\n\t\t\t\t\t\t\t\t\t<p>Sem viskugy\u00f0ja og verndargy\u00f0ja A\u00feenu sameinar A\u00feena yfirvega\u00f0a d\u00f3mgreind og \u00f6flugan stu\u00f0ning vi\u00f0 samf\u00e9lag borgarinnar. A\u00feena, \u00e1 att\u00edsku m\u00e1li Athena, er me\u00f0al helstu vera gr\u00edskrar go\u00f0afr\u00e6\u00f0i og er talin d\u00f3ttir Seifs, f\u00e6dd \u00far h\u00f6f\u00f0i hans.<\/p><p>H\u00fan er verndargy\u00f0ja borgarinnar A\u00feenu, verndari handverkskunn\u00e1ttu, herk\u00e6nsku og r\u00e9ttv\u00edss skipulags. \u00d3l\u00edkt Aresi t\u00falkar h\u00fan ekki bl\u00f3\u00f0ugan bardaga heldur strateg\u00edska forystu og vernd borgr\u00edkisins.<\/p><p>Auknefni hennar \u00abPolias\u00bb (verndari borgarinnar), \u00abPromachos\u00bb (forv\u00edgisma\u00f0ur) og \u00abParthenos\u00bb (mey) marka \u00ferj\u00e1r megin\u00e1sir \u00ed d\u00fdrkun hennar. Hj\u00e1 H\u00f3mer ber h\u00fan <span class=\"iwg-fachbegriff\" data-tooltip=\"Fast auknefni sem einkennir gu\u00f0 e\u00f0a veru.\" tabindex=\"0\">auknefni\u00f0<\/span> \u00abglaukopis\u00bb, sem er \u00fdmist \u00fe\u00fdtt sem \u00abuglueyg\u00f0\u00bb e\u00f0a \u00abskarpeyg\u00f0\u00bb og v\u00edsar til hvassrar, gagnr\u00fdnandi sj\u00f3nar hennar.<\/p><p>L\u00ednuletur B-\u00e1letranir fr\u00e1 m\u00fdkenskum t\u00edma s\u00fdna \u00abHerrann Athana\u00bb, sem sty\u00f0ur \u00fe\u00e1 kenningu a\u00f0 um hafi veri\u00f0 a\u00f0 r\u00e6\u00f0a for-gr\u00edska borgarveru sem \u00e1 t\u00edmum fornaldar borgr\u00edkisd\u00fdrkunar t\u00f3k \u00e1 sig hlutverk pan-hellenskrar verndargy\u00f0ju.<\/p>\t\t\t\t\t\t\t\t<\/div>\n\t\t\t\t<\/div>\n\t\t<div class=\"elementor-element elementor-element-e520f96 e-con-full e-flex e-con e-parent\" data-id=\"e520f96\" data-element_type=\"container\" data-e-type=\"container\">\n\t\t\t\t<div class=\"elementor-element elementor-element-171ee25 elementor-widget elementor-widget-html\" data-id=\"171ee25\" data-element_type=\"widget\" data-e-type=\"widget\" data-widget_type=\"html.default\">\n\t\t\t\t\t<div class=\"iwg-pill-row\"><span class=\"iwg-klasse-badge\" tabindex=\"0\" data-tooltip=\"Gu\u00f0 \/ gy\u00f0ja: Pers\u00f3nuger\u00f0 \u00e6\u00f0sta vald \u00ed go\u00f0aheimi menningar, me\u00f0 sk\u00fdrum verksvi\u00f0um \u2014 n\u00e1tt\u00faru\u00f6fl, \u00f6rl\u00f6g, str\u00ed\u00f0, frj\u00f3semi. D\u00fdrku\u00f0 me\u00f0 helgisi\u00f0um, f\u00f3rnum og hofsstofnunum.\">Gu\u00f0<\/span><a href=\"https:\/\/iwell-guard.com\/is\/grikkland\/\" class=\"iwg-kultur-badge\" tabindex=\"0\" data-tooltip=\"Tr\u00faarbr\u00f6g\u00f0 og go\u00f0afr\u00e6\u00f0i Grikklands til forna, fr\u00e1 m\u00fdkenskum t\u00edma til s\u00ed\u00f0fornaldar.\">Grikkland<\/a><\/div>\t\t\t\t<\/div>\n\t\t\t\t<\/div>\n\t\t<div class=\"elementor-element elementor-element-2b8c7f2 e-con-full e-flex e-con e-child\" data-id=\"2b8c7f2\" data-element_type=\"container\" data-e-type=\"container\">\n\t\t\t\t<div class=\"elementor-element elementor-element-f49cf33 elementor-toc--minimized-on-tablet elementor-widget elementor-widget-table-of-contents\" data-id=\"f49cf33\" data-element_type=\"widget\" data-e-type=\"widget\" data-settings=\"{&quot;exclude_headings_by_selector&quot;:[],&quot;no_headings_message&quot;:&quot;Engar undirfyrirsagnir fundust \\u00e1 \\u00feessari s\\u00ed\\u00f0u.&quot;,&quot;headings_by_tags&quot;:[&quot;h2&quot;,&quot;h3&quot;],&quot;marker_view&quot;:&quot;bullets&quot;,&quot;icon&quot;:{&quot;value&quot;:&quot;fas fa-circle&quot;,&quot;library&quot;:&quot;fa-solid&quot;,&quot;rendered_tag&quot;:&quot;&lt;svg class=\\&quot;e-font-icon-svg e-fas-circle\\&quot; viewBox=\\&quot;0 0 512 512\\&quot; xmlns=\\&quot;http:\\\/\\\/www.w3.org\\\/2000\\\/svg\\&quot;&gt;&lt;path d=\\&quot;M256 8C119 8 8 119 8 256s111 248 248 248 248-111 248-248S393 8 256 8z\\&quot;&gt;&lt;\\\/path&gt;&lt;\\\/svg&gt;&quot;},&quot;minimize_box&quot;:&quot;yes&quot;,&quot;minimized_on&quot;:&quot;tablet&quot;,&quot;hierarchical_view&quot;:&quot;yes&quot;,&quot;min_height&quot;:{&quot;unit&quot;:&quot;px&quot;,&quot;size&quot;:&quot;&quot;,&quot;sizes&quot;:[]},&quot;min_height_tablet&quot;:{&quot;unit&quot;:&quot;px&quot;,&quot;size&quot;:&quot;&quot;,&quot;sizes&quot;:[]},&quot;min_height_mobile&quot;:{&quot;unit&quot;:&quot;px&quot;,&quot;size&quot;:&quot;&quot;,&quot;sizes&quot;:[]}}\" data-widget_type=\"table-of-contents.default\">\n\t\t\t\t\t\t\t\t\t<div class=\"elementor-toc__header\">\n\t\t\t\t\t\t<h2 class=\"elementor-toc__header-title\">\n\t\t\t\tEfnisyfirlit\t\t\t<\/h2>\n\t\t\t\t\t\t\t\t\t\t<div class=\"elementor-toc__toggle-button elementor-toc__toggle-button--expand\" role=\"button\" tabindex=\"0\" aria-controls=\"elementor-toc__f49cf33\" aria-expanded=\"true\" aria-label=\"Open table of contents\"><svg aria-hidden=\"true\" class=\"e-font-icon-svg e-fas-chevron-down\" viewBox=\"0 0 448 512\" xmlns=\"http:\/\/www.w3.org\/2000\/svg\"><path d=\"M207.029 381.476L12.686 187.132c-9.373-9.373-9.373-24.569 0-33.941l22.667-22.667c9.357-9.357 24.522-9.375 33.901-.04L224 284.505l154.745-154.021c9.379-9.335 24.544-9.317 33.901.04l22.667 22.667c9.373 9.373 9.373 24.569 0 33.941L240.971 381.476c-9.373 9.372-24.569 9.372-33.942 0z\"><\/path><\/svg><\/div>\n\t\t\t\t<div class=\"elementor-toc__toggle-button elementor-toc__toggle-button--collapse\" role=\"button\" tabindex=\"0\" aria-controls=\"elementor-toc__f49cf33\" aria-expanded=\"true\" aria-label=\"Close table of contents\"><svg aria-hidden=\"true\" class=\"e-font-icon-svg e-fas-chevron-up\" viewBox=\"0 0 448 512\" xmlns=\"http:\/\/www.w3.org\/2000\/svg\"><path d=\"M240.971 130.524l194.343 194.343c9.373 9.373 9.373 24.569 0 33.941l-22.667 22.667c-9.357 9.357-24.522 9.375-33.901.04L224 227.495 69.255 381.516c-9.379 9.335-24.544 9.317-33.901-.04l-22.667-22.667c-9.373-9.373-9.373-24.569 0-33.941L207.03 130.525c9.372-9.373 24.568-9.373 33.941-.001z\"><\/path><\/svg><\/div>\n\t\t\t\t\t<\/div>\n\t\t\t\t<div id=\"elementor-toc__f49cf33\" class=\"elementor-toc__body\">\n\t\t\t<div class=\"elementor-toc__spinner-container\">\n\t\t\t\t<svg class=\"elementor-toc__spinner eicon-animation-spin e-font-icon-svg e-eicon-loading\" aria-hidden=\"true\" viewBox=\"0 0 1000 1000\" xmlns=\"http:\/\/www.w3.org\/2000\/svg\"><path d=\"M500 975V858C696 858 858 696 858 500S696 142 500 142 142 304 142 500H25C25 237 238 25 500 25S975 237 975 500 763 975 500 975Z\"><\/path><\/svg>\t\t\t<\/div>\n\t\t<\/div>\n\t\t\t\t\t\t<\/div>\n\t\t\t\t<\/div>\n\t\t\t\t\t<\/div>\n\t\t\t\t<\/div>\n\t\t<div class=\"elementor-element elementor-element-8aea15e e-con-full e-flex e-con e-child\" data-id=\"8aea15e\" data-element_type=\"container\" data-e-type=\"container\">\n\t\t\t\t<div class=\"elementor-element elementor-element-f4dc559 iwg-hero-image elementor-widget elementor-widget-image\" data-id=\"f4dc559\" data-element_type=\"widget\" data-e-type=\"widget\" data-widget_type=\"image.default\">\n\t\t\t\t\t\t\t\t\t\t\t\t\t\t\t<img fetchpriority=\"high\" decoding=\"async\" width=\"683\" height=\"1024\" src=\"https:\/\/iwell-guard.com\/wp-content\/uploads\/2026\/05\/goetter_griechenland_athene-683x1024.webp\" class=\"attachment-large size-large wp-image-170756\" alt=\"A\u00feena - gu\u00f0ir \u00far gr\u00edskri hef\u00f0, s\u00f6gulega myndskreytt\" srcset=\"https:\/\/iwell-guard.com\/wp-content\/uploads\/2026\/05\/goetter_griechenland_athene-683x1024.webp 683w, https:\/\/iwell-guard.com\/wp-content\/uploads\/2026\/05\/goetter_griechenland_athene-200x300.webp 200w, https:\/\/iwell-guard.com\/wp-content\/uploads\/2026\/05\/goetter_griechenland_athene-768x1152.webp 768w, https:\/\/iwell-guard.com\/wp-content\/uploads\/2026\/05\/goetter_griechenland_athene.webp 1024w\" sizes=\"(max-width: 683px) 100vw, 683px\" \/>\t\t\t\t\t\t\t\t\t\t\t\t\t\t\t<\/div>\n\t\t\t\t<\/div>\n\t\t\t\t\t<\/div>\n\t\t\t\t<\/div>\n\t\t<div class=\"elementor-element elementor-element-9a56661 e-con-boxed e-flex e-con e-parent\" data-id=\"9a56661\" data-element_type=\"container\" data-e-type=\"container\">\n\t\t\t\t\t<div class=\"e-con-inner\">\n\t\t<div class=\"elementor-element elementor-element-099658b e-con-full e-flex e-con e-child\" data-id=\"099658b\" data-element_type=\"container\" data-e-type=\"container\">\n\t\t\t\t<div class=\"elementor-element elementor-element-74a9afa elementor-widget elementor-widget-heading\" data-id=\"74a9afa\" data-element_type=\"widget\" data-e-type=\"widget\" data-widget_type=\"heading.default\">\n\t\t\t\t\t<h2 class=\"elementor-heading-title elementor-size-default\">Go\u00f0s\u00f6gn og \u00e6ttartr\u00e9<\/h2>\t\t\t\t<\/div>\n\t\t\t\t<div class=\"elementor-element elementor-element-fec0d72 elementor-widget elementor-widget-text-editor\" data-id=\"fec0d72\" data-element_type=\"widget\" data-e-type=\"widget\" data-widget_type=\"text-editor.default\">\n\t\t\t\t\t\t\t\t\t<p>F\u00e6\u00f0ing A\u00feenu \u00far h\u00f6f\u00f0i Seifs er me\u00f0al fr\u00e6gustu sk\u00f6punargo\u00f0sagna gr\u00edskrar <span class=\"iwg-fachbegriff\" data-tooltip=\"Hin munnlega og skrifa\u00f0a arfleif\u00f0 sagna og \u00feekkingar \u00e1 milli kynsl\u00f3\u00f0a.\" tabindex=\"0\">munnm\u00e6lahef\u00f0ar<\/span>. Hes\u00ed\u00f3dos l\u00fdsir \u00ed \u00abGu\u00f0a\u00e6ttart\u00f6lu\u00bb (l\u00ednur 886 til 900 og 924 til 926) hvernig Seifur svelgir hina \u00feungu\u00f0u Metis til a\u00f0 afst\u00fdra sp\u00e1d\u00f3mi um a\u00f0 sonur af \u00feessu sambandi myndi hrifsa v\u00f6ldin af honum.<\/p><p>\u00dar klofnum h\u00f6fu\u00f0k\u00fapu Seifs, sem Hefaistos e\u00f0a Pr\u00f3me\u00feeifur opna\u00f0i me\u00f0 \u00f6xi, stekkur A\u00feena fram fullvopnu\u00f0. \u00deessi fr\u00e1s\u00f6gn sta\u00f0festir s\u00e9rst\u00f6\u00f0u hennar sem hreina andlega afkv\u00e6mi gu\u00f0afe\u00f0urins, \u00e1n m\u00f3\u00f0urlegrar millig\u00f6ngu \u00ed venjulegum skilningi.<\/p><p>Metis er \u00e1fram innbygg\u00f0 \u00ed Seifi og ver\u00f0ur a\u00f0 \u00edmynd hinnar sl\u00e6gu visku sem gu\u00f0afa\u00f0irinn ber innra me\u00f0 s\u00e9r framvegis; A\u00feena erfir \u00feennan eiginleika og birtir hann \u00fat \u00e1 vi\u00f0.<\/p>\n<p>Sj\u00f6unda \u00d3lymp\u00edu\u00f3\u00f0an Pindars (l\u00ednur 35 til 38) greinir fr\u00e1 r\u00f3dverskri \u00fatg\u00e1fu, \u00fear sem gullregn f\u00e9ll \u00e1 eyjuna vi\u00f0 f\u00e6\u00f0inguna og Hel\u00edadarnir gleymdu \u00ed \u00f6llum fl\u00fdtinum a\u00f0 tendra fyrsta <span class=\"iwg-fachbegriff\" data-tooltip=\"Gj\u00f6f til gu\u00f0s til a\u00f0 tj\u00e1 \u00feakkl\u00e6ti, b\u00f3n e\u00f0a lotningu.\" tabindex=\"0\">f\u00f3rnina<\/span>, og komu \u00fev\u00ed me\u00f0 eldinn til R\u00f3dosb\u00faa.<\/p><p>\u00c1 Kr\u00edt setti \u00f6nnur hef\u00f0 f\u00e6\u00f0inguna vi\u00f0 Tr\u00edtonsvatni\u00f0 \u00ed L\u00edb\u00fdu, \u00feess vegna ber A\u00feena auknefni\u00f0 \u00abTritogeneia\u00bb; Her\u00f3d\u00f3tos (IV, 180) greinir fr\u00e1 l\u00edb\u00fdskum A\u00feenu-<span class=\"iwg-fachbegriff\" data-tooltip=\"Heild tr\u00faarlegra d\u00fdrkunarathafna gagnvart gu\u00f0i e\u00f0a heilagri veru.\" tabindex=\"0\">d\u00fdrkun<\/span> hj\u00e1 Auseum\u00f6nnum, sem fylgdi \u00e1rlegur meyjabardagi um <span class=\"iwg-fachbegriff\" data-tooltip=\"Bygging sem er helgu\u00f0 d\u00fdrkun einnar e\u00f0a fleiri gu\u00f0a.\" tabindex=\"0\">hofi\u00f0<\/span>.<\/p><p>Or\u00f0sifjafr\u00e6\u00f0ileg t\u00falkun auknefnisins er enn deiluefni, milli tilv\u00edsunar \u00ed Tr\u00edtonsvatni\u00f0 og hins forngr\u00edska \u00abtrito\u00bb fyrir \u00ab\u00feri\u00f0jaf\u00e6ddur\u00bb e\u00f0a \u00absannur\u00bb.<\/p>\n<p>\u00dar atviki me\u00f0 Hefaistosi ver\u00f0ur \u00ed att\u00edskri sta\u00f0bundinni hef\u00f0 til Erik\u00fe\u00f3nios: Hefaistos reynir a\u00f0 nau\u00f0ga A\u00feenu; s\u00e6\u00f0i hans lendir \u00e1 f\u00f3tlegg hennar, h\u00fan \u00feurrkar \u00fea\u00f0 af me\u00f0 ull og kastar kl\u00fatnum til jar\u00f0ar, en \u00far honum ver\u00f0ur Erik\u00fe\u00f3nios (Apoll\u00f3d\u00f3ros III, 14, 6).<\/p><p>A\u00feena elur upp barni\u00f0 heima og felur \u00fea\u00f0 d\u00e6trum Kekrops, Aglauros, Herse og Pandrosos, \u00ed loka\u00f0ri kistu, me\u00f0 banni um a\u00f0 opna hana.<\/p><p>Aglauros og Herse opna kistuna, sj\u00e1 barni\u00f0 umkringt sn\u00e1ki og hrapa \u00ed \u00f6rv\u00e6ntingu og ge\u00f0veiki af Akr\u00f3p\u00f3lis. Fr\u00e1 \u00feessari s\u00f6gu er runnin hugmyndin um sj\u00e1lfsprottinn uppruna A\u00feenub\u00faa: Fyrstu konungar \u00feeirra eru \u00abjar\u00f0f\u00e6ddir\u00bb, ekki innflytjendur. Erik\u00fe\u00f3nios stofnar Pana\u00feeneuh\u00e1t\u00ed\u00f0ina og er talinn hafa fundi\u00f0 upp fj\u00f3rhestavagninn.<\/p>\n<p>A\u00feena er systkinabundin Apoll\u00f3ni, Artemis, Hermesi og Aresi; n\u00e1nasta tengsl hennar innan <span class=\"iwg-fachbegriff\" data-tooltip=\"Heild gu\u00f0a \u00ed tr\u00faarbr\u00f6g\u00f0um e\u00f0a menningu.\" tabindex=\"0\">go\u00f0aveldisins<\/span> eru vi\u00f0 Seif sj\u00e1lfan, sem h\u00fan framkv\u00e6mir oft \u00e1form hans fyrir. H\u00fan eignast engin b\u00f6rn; m\u00e6yd\u00f3mur hennar er grundvallareinkenni og gerir hana sk\u00fdrt \u00f3l\u00edka Heru og Demeter.<\/p><p><span class=\"iwg-fachbegriff\" data-tooltip=\"Umbreytingart\u00edmabil milli fornaldar og mi\u00f0alda, um 3. til 7. \u00f6ld.\" tabindex=\"0\">S\u00ed\u00f0forn\u00f6ld<\/span> t\u00falka\u00f0i A\u00feenu alleg\u00f3r\u00edskt sem \u00abhugsun\u00bb gu\u00f0afe\u00f0urins, \u00feannig pers\u00f3nuger\u00f0an Logos sem verkar \u00e1\u00f0ur en \u00f6ll sk\u00f6pun byrjar; \u00feessi t\u00falkun var \u00fer\u00f3u\u00f0 \u00e1fram af F\u00edl\u00f3ni af Alexandr\u00edu og n\u00fdplat\u00f3nskum h\u00f6fundum eins og Pr\u00f3klosi.<\/p>\t\t\t\t\t\t\t\t<\/div>\n\t\t\t\t<\/div>\n\t\t<div class=\"elementor-element elementor-element-2c2320c e-con-full e-flex e-con e-child\" data-id=\"2c2320c\" data-element_type=\"container\" data-e-type=\"container\">\n\t\t\t\t<div class=\"elementor-element elementor-element-0a0957b elementor-widget elementor-widget-heading\" data-id=\"0a0957b\" data-element_type=\"widget\" data-e-type=\"widget\" data-widget_type=\"heading.default\">\n\t\t\t\t\t<h2 class=\"elementor-heading-title elementor-size-default\">T\u00e1kn, myndlist og einkenni<\/h2>\t\t\t\t<\/div>\n\t\t\t\t<div class=\"elementor-element elementor-element-9d26a0a elementor-widget elementor-widget-text-editor\" data-id=\"9d26a0a\" data-element_type=\"widget\" data-e-type=\"widget\" data-widget_type=\"text-editor.default\">\n\t\t\t\t\t\t\t\t\t<p>Helstu einkennismerki Athenu eru hj\u00e1lmur, spj\u00f3t, skj\u00f6ldur og egis. Egisin, brynv\u00f6rn \u00far geitarskinni ja\u00f0ru\u00f0 h\u00f6ggormum me\u00f0 Gorgo-h\u00f6fu\u00f0i\u00f0 \u00ed mi\u00f0ju, er talin verndart\u00e1kn teki\u00f0 yfir fr\u00e1 Seifi (Zeus). Hj\u00e1 H\u00f3mer ber h\u00fan egisina \u00ed orrustu \u00ed sta\u00f0 f\u00f6\u00f0urins.<\/p><p>Hj\u00e1lmurinn, oft skreyttur me\u00f0 sfinx- e\u00f0a Pegasos-kambi, einkennir hina herna\u00f0arlegu virkni, me\u00f0an spj\u00f3tinu er reglulega haldi\u00f0 uppi, ekki \u00ed \u00e1r\u00e1sarst\u00f6\u00f0u. \u00deessi me\u00f0vita\u00f0a tilbaka-hald hins upphafna vopns s\u00fdnir hana sem herk\u00e6nskumann, ekki sem orrustufurie.<\/p>\n<p>Ugla, s\u00e9rstaklega jar\u00f0ugla (Athene noctua, sem ber nafn hennar allt til n\u00fat\u00edma d\u00fdrafr\u00e6\u00f0i), hefur veri\u00f0 fugl hennar fr\u00e1 forn\u00f6ld. \u00c1 att\u00edsku tetradr\u00f6kmunum kemur h\u00fan fram sem skjaldarmerki vi\u00f0 hli\u00f0 gu\u00f0ah\u00f6fu\u00f0sins; myntirnar voru versla\u00f0ar um allt Mi\u00f0jar\u00f0arhafssv\u00e6\u00f0i\u00f0 sem \u00abglaukes\u00bb (uglur) og myndu\u00f0u m\u00e1lsh\u00e1tt: \u00aba\u00f0 bera uglur til A\u00feenu\u00bb.<\/p><p>\u00d3l\u00edvutr\u00e9\u00f0 rekur uppruna sinn til deilunnar vi\u00f0 P\u00f3seidon: Athena planta\u00f0i fyrsta ol\u00edutr\u00e9\u00f0 \u00e1 Akr\u00f3p\u00f3lis og gaf A\u00feeningum \u00fear me\u00f0 gr\u00f3\u00f0urinn sem veitti f\u00e6\u00f0u, lj\u00f3s og s\u00e1ragr\u00e6\u00f0slu.<\/p><p>Hi\u00f0 heilaga ol\u00edutr\u00e9 \u00ed Pandroseion var tali\u00f0 \u00f3sl\u00edtandi allt fram \u00e1 s\u00ed\u00f0r\u00f3mverskan t\u00edma; Pausan\u00edas (I, 27, 2) greinir fr\u00e1 \u00fev\u00ed a\u00f0 \u00fea\u00f0 hafi sprotti\u00f0 \u00e1 n\u00fd yfir n\u00f3tt eftir persneska brennuna \u00e1ri\u00f0 480 fyrir okkar t\u00edmatal.<\/p>\n<p>H\u00f6ggormurinn er anna\u00f0 fast einkennismerki, \u00ed tveimur hlutverkum: annars vegar sem Er\u00edk\u00feon\u00edos, sem Athena verndar \u00ed ormsmynd, hins vegar sem <span class=\"iwg-fachbegriff\" data-tooltip=\"Merki sem stendur fyrir hugmynd e\u00f0a merkingu.\" tabindex=\"0\">t\u00e1kn<\/span> jar\u00f0tengsla og gr\u00e6\u00f0andi visku.<\/p><p>Kr\u00fds\u00f3elefant\u00edn Athena Par\u00feenos eftir Fid\u00edas, sem Pausan\u00edas l\u00fdsir (I, 24, 5 til 7), s\u00fdnir gy\u00f0juna \u00ed k\u00edt\u00f3n, me\u00f0 N\u00edke \u00e1 \u00fatr\u00e9ttri hendi, vi\u00f0 hli\u00f0 spj\u00f3tsins sem hv\u00edlir \u00e1 skildinum; \u00ed fellingu kl\u00e6\u00f0isins hringar sig st\u00f3r h\u00f6ggormur, samsvarandi Er\u00edk\u00feon\u00edosi.<\/p><p>Skj\u00f6ldurinn bar orrustu Amas\u00f3nanna, innra byr\u00f0i\u00f0 Risaslaginn (Gigantomak\u00edu), sandalarnir Kent\u00e1rslaginn. Verki\u00f0 var t\u00f3lf metrar \u00e1 h\u00e6\u00f0, gert \u00far 1140 k\u00edl\u00f3um af gulli, en gullpl\u00f6turnar voru lausar og \u00fatskiptanlegar \u00feannig a\u00f0 Per\u00edkles gat \u00ed kreppu gengi\u00f0 \u00ed r\u00edkiseign af gulli.<\/p>\n<p>Auk \u00feess er vef- og spunat\u00f3li\u00f0 tali\u00f0 einkennismerki hennar. Athena \u00abErgane\u00bb, \u00abvinnukonan\u00bb, vernda\u00f0i allt handverk, en fyrst og fremst text\u00edlkunn\u00e1ttu kvenna. \u00cd <span class=\"iwg-fachbegriff\" data-tooltip=\"Munnm\u00e6las\u00f6gn um gu\u00f0i, uppruna og skipan heimsins.\" tabindex=\"0\">go\u00f0s\u00f6gninni<\/span> um vefkeppnina vi\u00f0 Arakne (\u00d3vid\u00edus, Ummyndanir VI, 5 til 145) kemur h\u00fan fram sem strangur g\u00e6tir hins vi\u00f0tekna, sem r\u00edfur \u00ed t\u00e6tlur hi\u00f0 yfirbur\u00f0arg\u00f3\u00f0a en gu\u00f0sgagnr\u00fdna verk L\u00fdd\u00edukonunnar.<\/p><p>Fid\u00edas ger\u00f0i fyrir Par\u00feenon \u00e1rlega ofna peplos Athenu sem myndr\u00e6nt dagskr\u00e1rverk: \u00c1 saffranlita\u00f0a kl\u00e6\u00f0inu voru alltaf ofin atri\u00f0i \u00far Risaslagnum, \u00fear sem Athena bannf\u00e6r\u00f0i risann Enkelados undir eyjuna Sikiley.<\/p>\t\t\t\t\t\t\t\t<\/div>\n\t\t\t\t<\/div>\n\t\t<div class=\"elementor-element elementor-element-98b4b8a e-con-full e-flex e-con e-child\" data-id=\"98b4b8a\" data-element_type=\"container\" data-e-type=\"container\">\n\t\t\t\t<div class=\"elementor-element elementor-element-f302c73 elementor-widget elementor-widget-heading\" data-id=\"f302c73\" data-element_type=\"widget\" data-e-type=\"widget\" data-widget_type=\"heading.default\">\n\t\t\t\t\t<h2 class=\"elementor-heading-title elementor-size-default\">D\u00fdrkun og tilbei\u00f0sla<\/h2>\t\t\t\t<\/div>\n\t\t\t\t<div class=\"elementor-element elementor-element-1c84aca elementor-widget elementor-widget-text-editor\" data-id=\"1c84aca\" data-element_type=\"widget\" data-e-type=\"widget\" data-widget_type=\"text-editor.default\">\n\t\t\t\t\t\t\t\t\t<p>A\u00f0alh\u00e1t\u00ed\u00f0 Athenu var Pana\u00feenajah\u00e1t\u00ed\u00f0in, haldin \u00e1rlega 28. dag hekatombaj\u00f3nm\u00e1na\u00f0ar (j\u00fal\u00ed\/\u00e1g\u00fast), og \u00e1 fj\u00f6gurra \u00e1ra fresti sem \u00abSt\u00f3ra Pana\u00feenajah\u00e1t\u00ed\u00f0in\u00bb me\u00f0 auknum umsvifum. H\u00fan h\u00f3fst me\u00f0 n\u00e6turg\u00f6ngu me\u00f0 blysum fr\u00e1 <span class=\"iwg-fachbegriff\" data-tooltip=\"Heilagur trj\u00e1lundur sem \u00fej\u00f3na\u00f0i sem helgista\u00f0ur.\" tabindex=\"0\">lundinum<\/span> vi\u00f0 akadem\u00eduna til Akr\u00f3p\u00f3lis.<\/p><p>H\u00e1punktur var h\u00e1t\u00ed\u00f0arganga \u00fear sem borgarar, a\u00f0flutt f\u00f3lk og \u00fatvaldar meyjar t\u00f3ku \u00fe\u00e1tt; \u00feau b\u00e1ru hi\u00f0 n\u00fdofna peplos fyrir gamla tr\u00e9skur\u00f0arl\u00edkneski Athenu Poliasar \u00e1 vagni \u00ed skipsmynd. Fr\u00edsinn \u00e1 Par\u00feenon s\u00fdnir \u00feessa g\u00f6ngu \u00ed 160 metra l\u00f6ngum fleti me\u00f0 um 380 mannlegum og d\u00fdrslegum myndum.<\/p>\n<p>\u00c1 St\u00f3ru Pana\u00feenajah\u00e1t\u00ed\u00f0inni kepptu \u00ed\u00fer\u00f3ttamenn, sagnask\u00e1ld og hlj\u00f3\u00f0f\u00e6raleikarar; sigurvegararnir fengu a\u00f0 launum amf\u00f3rur me\u00f0 pressa\u00f0ri \u00f3l\u00edfuol\u00edu \u00far hinum heilaga <span class=\"iwg-fachbegriff\" data-tooltip=\"Heilagur trj\u00e1lundur sem \u00fej\u00f3na\u00f0i sem helgista\u00f0ur.\" tabindex=\"0\">lundinum<\/span>.<\/p><p>\u00deessar pana\u00feenaj\u00edsku ver\u00f0launaamf\u00f3rur, me\u00f0 Athenu Promakos \u00e1 einni hli\u00f0 og vi\u00f0komandi \u00ed\u00fer\u00f3ttagrein \u00e1 hinni, eru \u00ed dag ein af r\u00edkustu heimildum um att\u00edska vasam\u00e1lun sj\u00f6ttu og fimmtu aldar.<\/p><p>A\u00fel\u00f3\u00feetinn, sem s\u00e1 um framkv\u00e6md leikanna, gegndi einu \u00e6\u00f0sta emb\u00e6tti \u00ed att\u00edska l\u00fd\u00f0r\u00e6\u00f0inu. Verk H\u00f3mers voru einnig, fr\u00e1 t\u00edmum Peisistratosar, flutt sem kve\u00f0skapur \u00e1 Pana\u00feenajah\u00e1t\u00ed\u00f0unum, sem stu\u00f0la\u00f0i a\u00f0 vi\u00f0urkenningu h\u00f3mer\u00edsku kvi\u00f0anna sem helgirits.<\/p>\n<p>Auk Pana\u00feenajah\u00e1t\u00ed\u00f0arins voru fleiri h\u00e1t\u00ed\u00f0ir tileinka\u00f0ar Athenu. \u00c1 Arrhef\u00f3r\u00eduh\u00e1t\u00ed\u00f0inni \u00ed skirofor\u00ed\u00f3nm\u00e1nu\u00f0i b\u00e1ru fj\u00f3rar meyjar af h\u00e1st\u00e9ttarfj\u00f6lskyldum hulinn k\u00f6rf ni\u00f0ur \u00ed j\u00f6r\u00f0ina. Kalkejah\u00e1t\u00ed\u00f0in \u00ed p\u00fdanops\u00ed\u00f3nm\u00e1nu\u00f0i var sm\u00ed\u00f0ah\u00e1t\u00ed\u00f0 fyrir Athenu Erganeu og Hefaistos. Sk\u00edrah\u00e1t\u00ed\u00f0in \u00ed skirofor\u00ed\u00f3nm\u00e1nu\u00f0i marka\u00f0i afturhvarf kvenna og upphaf n\u00fdrrar peplos-vefingar. \u00c1 Pl\u00fdnter\u00eduh\u00e1t\u00ed\u00f0inni var gamla l\u00edkneski\u00f0 afkl\u00e6tt og \u00fevegi\u00f0 \u00ed hafinu.<\/p><p>\u00deennan dag var borgin talin \u00f3svikin \u00ed helgunarlegum skilningi, <span class=\"iwg-fachbegriff\" data-tooltip=\"Bygging sem tileinku\u00f0 er tilbei\u00f0slu einnar e\u00f0a fleiri gu\u00f0vera.\" tabindex=\"0\">hofin<\/span> voru bundin me\u00f0 b\u00f6ndum og stj\u00f3rnm\u00e1lavi\u00f0r\u00e6\u00f0ur l\u00e1gu \u00ed dvala. \u00deessir si\u00f0ir s\u00fdna Athenu ekki fyrst og fremst sem herna\u00f0argy\u00f0ju heldur sem menningarstofnandi gy\u00f0ju, sem verndar handverk, <span class=\"iwg-fachbegriff\" data-tooltip=\"Helgiath\u00f6fn \u00fear sem einhver er tekinn inn \u00ed n\u00fdja st\u00f6\u00f0u e\u00f0a samf\u00e9lag.\" tabindex=\"0\">v\u00edgslu<\/span> og borgarsamf\u00e9lagi\u00f0.<\/p>\n<p>Utan A\u00feenu var <span class=\"iwg-fachbegriff\" data-tooltip=\"\u00d6ll tr\u00faarlegu tilbei\u00f0sluathafnirnar fyrir gu\u00f0veru e\u00f0a heilaga gestalt.\" tabindex=\"0\">d\u00fdrkun<\/span> hennar \u00fatbreidd um allan gr\u00edska heiminn. \u00cd Sp\u00f6rtu var h\u00fan k\u00f6llu\u00f0 Athena Kalk\u00edoikos, \u00ab\u00ed eirh\u00fasinu\u00bb, eftir <span class=\"iwg-fachbegriff\" data-tooltip=\"Bygging sem tileinku\u00f0 er tilbei\u00f0slu einnar e\u00f0a fleiri gu\u00f0vera.\" tabindex=\"0\">hofi<\/span> me\u00f0 bronspl\u00f6tum; \u00ed Tegeu var <span class=\"iwg-fachbegriff\" data-tooltip=\"Bygging sem tileinku\u00f0 er tilbei\u00f0slu einnar e\u00f0a fleiri gu\u00f0vera.\" tabindex=\"0\">hofi\u00f0<\/span> Athenu Aleu tali\u00f0 eitt af st\u00e6rstu helgist\u00f6\u00f0um Pel\u00f3psskaga, reist af Sk\u00f3pas.<\/p><p>\u00cd Pergamon st\u00f3\u00f0 <span class=\"iwg-fachbegriff\" data-tooltip=\"Heilagur sta\u00f0ur tileinka\u00f0ur tilbei\u00f0slu gu\u00f0veru.\" tabindex=\"0\">helgista\u00f0ur<\/span> Athenu Poliasar \u00e1 Akr\u00f3p\u00f3lis, vi\u00f0 hli\u00f0 hins fr\u00e6ga b\u00f3kasafns Attal\u00eddanna. Hin hellenska Athena Nikeforos fr\u00e1 Pergamon var\u00f0 vi\u00f0mi\u00f0unarpunktur panhellenskrar menningar\u00e1\u00e6tlunar Attal\u00eddanna, sem v\u00edsa\u00f0i til A\u00feenu sem andlegs heimalands.<\/p>\t\t\t\t\t\t\t\t<\/div>\n\t\t\t\t<\/div>\n\t\t<div class=\"elementor-element elementor-element-f2f5de9 e-con-full e-flex e-con e-child\" data-id=\"f2f5de9\" data-element_type=\"container\" data-e-type=\"container\">\n\t\t\t\t<div class=\"elementor-element elementor-element-4126cda elementor-widget elementor-widget-heading\" data-id=\"4126cda\" data-element_type=\"widget\" data-e-type=\"widget\" data-widget_type=\"heading.default\">\n\t\t\t\t\t<h2 class=\"elementor-heading-title elementor-size-default\">Mikilv\u00e6g helgista\u00f0ir og musteri<\/h2>\t\t\t\t<\/div>\n\t\t\t\t<div class=\"elementor-element elementor-element-faa4da8 elementor-widget elementor-widget-text-editor\" data-id=\"faa4da8\" data-element_type=\"widget\" data-e-type=\"widget\" data-widget_type=\"text-editor.default\">\n\t\t\t\t\t\t\t\t\t<p>Par\u00feen\u00f3ni\u00f0 \u00e1 akr\u00f3p\u00f3lis A\u00feenu, reist \u00e1 \u00e1runum 447 til 432 fyrir okkar t\u00edmatal undir stj\u00f3rn Per\u00edklesar, er fr\u00e6gasta <span class=\"iwg-fachbegriff\" data-tooltip=\"Helgur sta\u00f0ur sem tileinka\u00f0ur er d\u00fdrkun tiltekinnar gu\u00f0veru.\" tabindex=\"0\">helgista\u00f0ur<\/span> gy\u00f0junnar.<\/p><p>\u00cdkt\u00ednos og Kall\u00edkrates h\u00f6nnu\u00f0u hi\u00f0 d\u00f3r\u00edska <span class=\"iwg-fachbegriff\" data-tooltip=\"Bygging sem \u00fej\u00f3nar d\u00fdrkun einnar e\u00f0a fleiri gu\u00f0vera.\" tabindex=\"0\">hof<\/span>, og F\u00edd\u00edas skapa\u00f0i t\u00f3lf metra h\u00e1a gull- og f\u00edlabeinsstyttuna af A\u00feenu Par\u00feenos. Byggingin \u00fej\u00f3na\u00f0i ekki sem megin d\u00fdrkunarsta\u00f0ur heldur sem fj\u00e1rhirsla og hei\u00f0urshof; hi\u00f0 raunverulega <span class=\"iwg-fachbegriff\" data-tooltip=\"Myndr\u00e6n framsetning gu\u00f0veru sem er d\u00fdrku\u00f0 \u00ed hofi e\u00f0a helgiskr\u00edni.\" tabindex=\"0\">d\u00fdrkunarl\u00edkneski<\/span> A\u00feenu Poliasar st\u00f3\u00f0 \u00ed n\u00e1l\u00e6gu Erek\u00fee\u00edon-hofi.<\/p><p>\u00dear var einnig s\u00fdnt saltvatnshafi\u00f0 sem tengdist deilu A\u00feenu og P\u00f3seidons, \u00e1samt hinu heilaga ol\u00edvutr\u00e9. Par\u00feen\u00f3ni\u00f0 bar \u00e1 gaflveggjum s\u00ednum f\u00e6\u00f0ingu A\u00feenu (austurgaflinn) og deiluna vi\u00f0 P\u00f3seidon (vesturgaflinn); met\u00f3put\u00f6flurnar s\u00fdndu G\u00edgantomak\u00edu, Amas\u00f3nomak\u00edu, Kent\u00e1romak\u00edu og fall Tr\u00f3juborgar.<\/p>\n<p>Erek\u00fee\u00edon-hofi\u00f0 me\u00f0 K\u00f3renh\u00f6llinni, reist \u00e1 \u00e1runum 421 til 406, var hinn eiginlegi mi\u00f0punktur d\u00fdrkunarins. Innan \u00feess var var\u00f0veitt hi\u00f0 forna tr\u00e9l\u00edkneski A\u00feenu, \u201ex\u00f3anon\u201c, sem samkv\u00e6mt <span class=\"iwg-fachbegriff\" data-tooltip=\"Uppbyggileg saga, oftast um l\u00edf heilagra.\" tabindex=\"0\">helgis\u00f6gu<\/span> haf\u00f0i falli\u00f0 af himni.<\/p><p>\u00c1 Plynter\u00eduh\u00e1t\u00ed\u00f0inni var \u00feetta l\u00edkneski afkl\u00e6dd \u00e1rlega og \u00fevegi\u00f0 \u00ed sj\u00f3num, l\u00edkt og gert var vi\u00f0 Tonaia-h\u00e1t\u00ed\u00f0 Heru \u00e1 Samos. <span class=\"iwg-fachbegriff\" data-tooltip=\"Bygging sem \u00fej\u00f3nar d\u00fdrkun einnar e\u00f0a fleiri gu\u00f0vera.\" tabindex=\"0\">Hofi\u00f0<\/span> sameinar undir einu \u00feaki <span class=\"iwg-fachbegriff\" data-tooltip=\"Heild \u00feeirra tr\u00faarlegu d\u00fdrkunarathafna sem tileinka\u00f0ar eru gu\u00f0veru e\u00f0a helgri v\u00e6tti.\" tabindex=\"0\">d\u00fdrkun<\/span> A\u00feenu, P\u00f3seidons-Erek\u00feeifs og konungsins Kekrops, og telst \u00fear me\u00f0 fl\u00f3knasta helgibygging klass\u00edska t\u00edmans.<\/p>\n<p>Utan A\u00feenu standa <span class=\"iwg-fachbegriff\" data-tooltip=\"Bygging sem \u00fej\u00f3nar d\u00fdrkun einnar e\u00f0a fleiri gu\u00f0vera.\" tabindex=\"0\">hof<\/span> A\u00feenu \u00ed S\u00fan\u00edon, vi\u00f0 su\u00f0austurhorn Att\u00edku, <span class=\"iwg-fachbegriff\" data-tooltip=\"Bygging sem \u00fej\u00f3nar d\u00fdrkun einnar e\u00f0a fleiri gu\u00f0vera.\" tabindex=\"0\">hof<\/span> A\u00feenu Afaiu \u00e1 Eg\u00ednu (formlega <span class=\"iwg-fachbegriff\" data-tooltip=\"\u00cd gegnum tr\u00faarlega ath\u00f6fn helga\u00f0 hinu heilaga og \u00fear me\u00f0 teki\u00f0 \u00far hinu hversdagslega.\" tabindex=\"0\">v\u00edgt<\/span> Afaiu, en n\u00e1i\u00f0 tengt myndm\u00e1li A\u00feenu), <span class=\"iwg-fachbegriff\" data-tooltip=\"Helgur sta\u00f0ur sem tileinka\u00f0ur er d\u00fdrkun tiltekinnar gu\u00f0veru.\" tabindex=\"0\">helgista\u00f0ur<\/span> A\u00feenu Pronaiu \u00ed Delf\u00ed og A\u00feenu It\u00f3n\u00edu \u00ed \u00deessal\u00edu.<\/p><p>\u00cd Litlu-As\u00edu t\u00f6ldust <span class=\"iwg-fachbegriff\" data-tooltip=\"Bygging sem \u00fej\u00f3nar d\u00fdrkun einnar e\u00f0a fleiri gu\u00f0vera.\" tabindex=\"0\">hof<\/span> A\u00feenu \u00ed Pr\u00edene, reist af P\u00fd\u00feeosi \u00e1 fj\u00f3r\u00f0u \u00f6ld fyrir okkar t\u00edmatal, og <span class=\"iwg-fachbegriff\" data-tooltip=\"Bygging sem \u00fej\u00f3nar d\u00fdrkun einnar e\u00f0a fleiri gu\u00f0vera.\" tabindex=\"0\">hof<\/span> A\u00feenu Lindiu \u00e1 Rhodos til hinna miklu p\u00edlagr\u00edmasta\u00f0a hellenska t\u00edmabilsins. Lind\u00edska A\u00feenuhofi\u00f0 h\u00fdsti Lind\u00edska Kr\u00f3nikoni\u00f0, <span class=\"iwg-fachbegriff\" data-tooltip=\"Texti sem er skorinn e\u00f0a h\u00f6ggvinn \u00ed fastan efnivi\u00f0.\" tabindex=\"0\">\u00e1letrun<\/span> sem taldi upp ver\u00f0m\u00e6tustu v\u00edgslugjafir helgista\u00f0arins fr\u00e1 fyrstu t\u00ed\u00f0 til \u00e1rs 99 fyrir okkar t\u00edmatal.<\/p>\t\t\t\t\t\t\t\t<\/div>\n\t\t\t\t<\/div>\n\t\t<div class=\"elementor-element elementor-element-fcb85f0 e-con-full e-flex e-con e-child\" data-id=\"fcb85f0\" data-element_type=\"container\" data-e-type=\"container\">\n\t\t\t\t<div class=\"elementor-element elementor-element-146581b elementor-widget elementor-widget-heading\" data-id=\"146581b\" data-element_type=\"widget\" data-e-type=\"widget\" data-widget_type=\"heading.default\">\n\t\t\t\t\t<h2 class=\"elementor-heading-title elementor-size-default\">Go\u00f0sagnafr\u00e1sagnir<\/h2>\t\t\t\t<\/div>\n\t\t\t\t<div class=\"elementor-element elementor-element-d591b2a elementor-widget elementor-widget-text-editor\" data-id=\"d591b2a\" data-element_type=\"widget\" data-e-type=\"widget\" data-widget_type=\"text-editor.default\">\n\t\t\t\t\t\t\t\t\t<p>Deilan vi\u00f0 P\u00f3seidon um Att\u00edku er ein af stofns\u00f6gum A\u00feenu. Apoll\u00f3d\u00f3ros (III, 14, 1) segir a\u00f0 b\u00e1\u00f0ir gu\u00f0irnir hafi gert kr\u00f6fu til landsins og lagt fram gjafir s\u00ednar fyrir gu\u00f0ar\u00e1\u00f0i\u00f0. P\u00f3seidon rak \u00fer\u00edforkinn \u00ed j\u00f6r\u00f0ina \u00e1 Akr\u00f3p\u00f3lis og l\u00e9t saltvatn spretta fram (e\u00f0a hest birtast, eftir \u00fatg\u00e1fum); A\u00feena gr\u00f3\u00f0ursetti \u00f3l\u00edfutr\u00e9\u00f0.<\/p><p>Gu\u00f0ar\u00e1\u00f0i\u00f0, e\u00f0a konungurinn Kekrops, \u00farskur\u00f0a\u00f0i A\u00feenu \u00ed hag, og \u00ed hefndarskyni sendi P\u00f3seidon fl\u00f3\u00f0 yfir landi\u00f0. F\u00edd\u00edas myndger\u00f0i \u00feessa deilu \u00e1 vesturgafli Par\u00feenon-hofsins. P\u00e1san\u00edas (I, 26, 5) vitnar um sprungu \u00ed kletti \u00ed Erek\u00feeion-hofinu sem s\u00f6g\u00f0 er hafa myndast vi\u00f0 \u00fer\u00edforksstungu gu\u00f0sins, auk saltbrunnsins sem lyktar af hafi \u00feegar su\u00f0anvindur bl\u00e6s.<\/p>\n<p>\u00cd Tr\u00f3justr\u00ed\u00f0inu stendur A\u00feena sta\u00f0fastlega me\u00f0 Grikkjum. H\u00fan lei\u00f0ir \u00d3dysseif gegnum \u00ab\u00d3dysseifskvi\u00f0u\u00bb, sty\u00f0ur D\u00ed\u00f3medes \u00ed bardaga gegn Aresi og Afr\u00f3d\u00edtu (Il\u00edonskvi\u00f0a V), og hannar \u00e1samt Epe\u00edosi tr\u00e9hestinn sem Tr\u00f3jumenn opna sj\u00e1lfir borgarhli\u00f0in fyrir.<\/p><p>Rei\u00f0i hennar beinist gegn Grikkjum eftir sigurinn, \u00fev\u00ed Ajax hinn lokr\u00edski haf\u00f0i saurga\u00f0 Kass\u00f6ndru \u00ed <span class=\"iwg-fachbegriff\" data-tooltip=\"Bygging sem er helgu\u00f0 d\u00fdrkun einnar e\u00f0a fleiri gu\u00f0vera.\" tabindex=\"0\">hofi<\/span> gy\u00f0junnar (Evrip\u00eddes, Tr\u00f3jukonurnar 48 til 97); stormur og heimfer\u00f0ar\u00f3h\u00f6pp ver\u00f0a aflei\u00f0ingin.<\/p><p>Deilan um Pallad\u00edoni\u00f0, tr\u00e9styttuna af A\u00feenu sem bjarga\u00f0 var \u00far Tr\u00f3ju, er \u00e1fram p\u00f3lit\u00edskt r\u00f6ksemdat\u00e6ki \u00ed <span class=\"iwg-fachbegriff\" data-tooltip=\"Hef\u00f0bundin fr\u00e1s\u00f6gn um gu\u00f0i, uppruna og skipan heimsins.\" tabindex=\"0\">go\u00f0s\u00f6gninni<\/span> milli borga sem gera tilkall til var\u00f0veislu hennar; Argos, A\u00feena og a\u00f0 lokum R\u00f3m (fyrir tilstilli Eneasar) krefjast styttunnar sem gu\u00f0legrar r\u00e9ttl\u00e6tingar \u00e1 tilveru r\u00edkis s\u00edns.<\/p>\n<p>\u00cd <span class=\"iwg-fachbegriff\" data-tooltip=\"Hef\u00f0bundin fr\u00e1s\u00f6gn um gu\u00f0i, uppruna og skipan heimsins.\" tabindex=\"0\">go\u00f0s\u00f6gninni<\/span> um Med\u00fasu hj\u00e1lpar A\u00feena Perseifi a\u00f0 h\u00f6ggva h\u00f6fu\u00f0 Gorg\u00f3nunnar af me\u00f0 \u00fev\u00ed a\u00f0 r\u00e9tta honum f\u00e1ga\u00f0an skj\u00f6ldinn sem spegil. Gorg\u00f3h\u00f6fu\u00f0i\u00f0 f\u00e6r h\u00fan s\u00ed\u00f0an sem mi\u00f0juskraut \u00e1 egisskj\u00f6ld sinn.<\/p><p>Hj\u00e1 Apoll\u00f3d\u00f3rosi (II, 4, 3) og \u00d3vid\u00edusi (Myndbreytingar IV, 798 til 803) er a\u00f0 finna tv\u00e6r \u00f3l\u00edkar fors\u00f6gur Gorg\u00f3nunnar; \u00ed \u00fatg\u00e1fu \u00d3vid\u00edusar var Med\u00fasa upphaflega falleg dau\u00f0leg kona sem, eftir a\u00f0 hafa veri\u00f0 nau\u00f0ga\u00f0 af P\u00f3seidon \u00ed hofi A\u00feenu, var breytt af gy\u00f0junni sj\u00e1lfri \u00ed skelfingarveru.<\/p><p>Eldri gr\u00edsk hef\u00f0 \u00feekkir Med\u00fasu hins vegar sem upprunalega skelfingarveru \u00e1n nokkurrar mannlegrar fors\u00f6gu.<\/p>\n<p><span class=\"iwg-fachbegriff\" data-tooltip=\"Hef\u00f0bundin fr\u00e1s\u00f6gn um gu\u00f0i, uppruna og skipan heimsins.\" tabindex=\"0\">Go\u00f0s\u00f6gnin<\/span> um Arakne (\u00d3vid\u00edus, Myndbreytingar VI) s\u00fdnir A\u00feenu sem \u00f3bilgjarnan verndara gu\u00f0legrar skipanar: Vefkonan Arakne fr\u00e1 L\u00fdd\u00edu skorar \u00e1 gy\u00f0juna \u00ed keppni og vefur \u00ed d\u00fak sinn myndir af misgj\u00f6r\u00f0um gu\u00f0anna.<\/p><p>A\u00feena r\u00edfur verki\u00f0 \u00ed sundur, sl\u00e6r Arakne me\u00f0 skyttunni og breytir henni a\u00f0 lokum \u00ed k\u00f6ngul\u00f3. \u00deessi \u00fe\u00e1ttur var\u00f0 \u00ed s\u00ed\u00f0ari hef\u00f0 a\u00f0 d\u00e6miger\u00f0ri v\u00edti til varna\u00f0ar gegn hroka. Um lei\u00f0 hafa fem\u00edn\u00edskar go\u00f0sagnaranns\u00f3knir lesi\u00f0 s\u00f6guna sem \u00edhugun um m\u00f6rk l\u00f6gm\u00e6trar listr\u00e6nnar gagnr\u00fdni gagnvart valdi.<\/p>\t\t\t\t\t\t\t\t<\/div>\n\t\t\t\t<\/div>\n\t\t<div class=\"elementor-element elementor-element-07f94f4 e-con-full e-flex e-con e-child\" data-id=\"07f94f4\" data-element_type=\"container\" data-e-type=\"container\">\n\t\t\t\t<div class=\"elementor-element elementor-element-b6b8164 elementor-widget elementor-widget-heading\" data-id=\"b6b8164\" data-element_type=\"widget\" data-e-type=\"widget\" data-widget_type=\"heading.default\">\n\t\t\t\t\t<h2 class=\"elementor-heading-title elementor-size-default\">Tengsl innan go\u00f0aheimsins<\/h2>\t\t\t\t<\/div>\n\t\t\t\t<div class=\"elementor-element elementor-element-43c6d57 elementor-widget elementor-widget-text-editor\" data-id=\"43c6d57\" data-element_type=\"widget\" data-e-type=\"widget\" data-widget_type=\"text-editor.default\">\n\t\t\t\t\t\t\t\t\t<p>A\u00feena telst vera upp\u00e1haldsd\u00f3ttir Seifs; \u00ed \u00abIl\u00edonskvi\u00f0u\u00bb ber h\u00fan ein af \u00f6llum egishj\u00e1lm hans \u00ed hans sta\u00f0. Trygg\u00f0 hennar vi\u00f0 f\u00f6\u00f0urinn er algj\u00f6r, og a\u00f0eins \u00ed einni fr\u00e1s\u00f6gn (Il\u00edonskvi\u00f0a I, 396 til 406) er h\u00fan nefnd sem \u00fe\u00e1tttakandi \u00ed sams\u00e6ri \u00d3lympsgu\u00f0anna gegn honum.<\/p><p>Me\u00f0 systkinum s\u00ednum Apollon og Artemis er r\u00f3legt og jafnr\u00e9tt samband; \u00f6ll \u00ferj\u00fa t\u00e1kna yngri, listfengari kynsl\u00f3\u00f0ina andsp\u00e6nis gamla <span class=\"iwg-fachbegriff\" data-tooltip=\"Heild gu\u00f0a \u00ed tr\u00faarbr\u00f6g\u00f0um e\u00f0a menningu.\" tabindex=\"0\">go\u00f0aveldinu<\/span>. Me\u00f0 Hermesi deilir h\u00fan hlutverki hins vitra verndara, og \u00fev\u00ed standa \u00feau b\u00e6\u00f0i vi\u00f0 hli\u00f0 Perseifs, Heraklesar og \u00d3dysseifs.<\/p>\n<p>Samkeppnin vi\u00f0 Poseidon m\u00f3tar nokkrar sta\u00f0bundnar go\u00f0sagnir, auk A\u00feenu einnig \u00ed Tr\u00edsen og Argos. Vi\u00f0 Ares r\u00edkir opin fjandskapur: A\u00feena stendur fyrir herna\u00f0arlega herk\u00e6nsku, Ares fyrir \u00e6\u00f0isgengna bardagagle\u00f0i.<\/p><p>Hj\u00e1 H\u00f3mer s\u00e6rir A\u00feena Ares me\u00f0 hendi D\u00ed\u00f3medesar (Il\u00edonskvi\u00f0a V, 855 til 859), og b\u00e6\u00f0i m\u00e6tast \u00feau aftur \u00ed gu\u00f0abar\u00e1ttunni \u00ed Il\u00edonskvi\u00f0u XX og XXI. Vi\u00f0 Afr\u00f3d\u00edtu birtist varf\u00e6rnislega fjandsamlegt samband, sem \u00e1 r\u00e6tur a\u00f0 rekja til Par\u00edsard\u00f3msins; A\u00feena haf\u00f0i heiti\u00f0 Par\u00edsi visku og sigri \u00ed str\u00ed\u00f0i, Afr\u00f3d\u00edta Helenu.<\/p>\n<p>Hefaistos er handverksf\u00e9lagi hennar; saman voru \u00feau talin verndargu\u00f0ir handverksmanna \u00ed A\u00feenu. Hefaistoshofi\u00f0 \u00e1 Ag\u00f3ru, oft ranglega kalla\u00f0 \u00ab\u00deeseion\u00bb, var <span class=\"iwg-fachbegriff\" data-tooltip=\"V\u00edgt me\u00f0 tr\u00faarlegri ath\u00f6fn hinu helga og \u00fear me\u00f0 hafi\u00f0 yfir hi\u00f0 hversdagslega.\" tabindex=\"0\">helga\u00f0<\/span> \u00feeim b\u00e1\u00f0um og er best var\u00f0veitta d\u00f3r\u00edska <span class=\"iwg-fachbegriff\" data-tooltip=\"Bygging sem helgu\u00f0 er d\u00fdrkun einnar e\u00f0a fleiri gu\u00f0d\u00f3ma.\" tabindex=\"0\">musteri<\/span> Grikklands.<\/p><p>S\u00e9rstakt samband tengir A\u00feenu vi\u00f0 hetjurnar: \u00d3dysseif, Perseif, Beller\u00f3fon (h\u00fan gefur honum gullna beisli\u00f0 fyrir Pegasos), D\u00ed\u00f3medes, \u00cdason og einkum Herakles f\u00e1 stu\u00f0ning hennar me\u00f0 \u00feeim h\u00e6tti sem samkv\u00e6mt h\u00f3mersku si\u00f0fer\u00f0i telst \u00e6\u00f0sta gu\u00f0lega vi\u00f0urkenningarsamband.<\/p><p>\u00cd Skildi Heraklesar eftir Hes\u00edodos kemur A\u00feena fram sem herkl\u00e6dd verndard\u00eds, sem b\u00fanar hetjuna gu\u00f0legri visku.<\/p>\t\t\t\t\t\t\t\t<\/div>\n\t\t\t\t<\/div>\n\t\t<div class=\"elementor-element elementor-element-e4341ec e-con-full e-flex e-con e-child\" data-id=\"e4341ec\" data-element_type=\"container\" data-e-type=\"container\">\n\t\t\t\t<div class=\"elementor-element elementor-element-60a0e01 elementor-widget elementor-widget-heading\" data-id=\"60a0e01\" data-element_type=\"widget\" data-e-type=\"widget\" data-widget_type=\"heading.default\">\n\t\t\t\t\t<h2 class=\"elementor-heading-title elementor-size-default\">M\u00f3ttaka<\/h2>\t\t\t\t<\/div>\n\t\t\t\t<div class=\"elementor-element elementor-element-e94523b elementor-widget elementor-widget-text-editor\" data-id=\"e94523b\" data-element_type=\"widget\" data-e-type=\"widget\" data-widget_type=\"text-editor.default\">\n\t\t\t\t\t\t\t\t\t<p>R\u00f3mverska sams\u00f6munin vi\u00f0 Minervu felur \u00ed s\u00e9r breytta \u00e1herslu: Minerva var upphaflega etr\u00faskur gy\u00f0ja a\u00f0 nafni Menrva, \u00fear sem hlutverk hennar sem verndargy\u00f0ju handverks og sk\u00f3la var \u00ed fyrirr\u00fami; hin herna\u00f0arlega v\u00eddd gr\u00edsku A\u00feenu var \u00ed R\u00f3m sinnt af Mars og Bellonu.<\/p><p>\u00cd kap\u00edt\u00f3l\u00ednsku \u00ferenningunni me\u00f0 J\u00fap\u00edter og J\u00fan\u00f3 h\u00e9lt Minerva \u00fe\u00f3 st\u00f6\u00f0u sinni sem mi\u00f0l\u00e6g r\u00edkis<span class=\"iwg-fachbegriff\" data-tooltip=\"Vera sem er d\u00fdrku\u00f0 sem gu\u00f0leg innan tr\u00faarbrag\u00f0a.\" tabindex=\"0\">gu\u00f0<\/span>, og Domitianus l\u00e9t reisa henni mikilfenglegt <span class=\"iwg-fachbegriff\" data-tooltip=\"Heilagur sta\u00f0ur tileinka\u00f0ur tilbei\u00f0slu gu\u00f0legrar veru.\" tabindex=\"0\">helgista\u00f0<\/span> \u00e1 Marsvellinum. Quinquatrus, fimm daga h\u00e1t\u00ed\u00f0 \u00ed mars, hei\u00f0ra\u00f0i Minervu s\u00e9rstaklega sem verndargy\u00f0ju kennara og nemenda; \u00d3vid\u00edus fjallar \u00edtarlega um hana \u00ed \u00abFasti\u00bb (III, 809 til 848).<\/p>\n<p>\u00c1 <span class=\"iwg-fachbegriff\" data-tooltip=\"Umbreytingart\u00edmabil milli fornaldar og mi\u00f0alda, um 3. til 7. \u00f6ld.\" tabindex=\"0\">s\u00ed\u00f0forn\u00f6ld<\/span> \u00fer\u00f3a\u00f0ist A\u00feena Par\u00feenos \u00ed menningarlegt t\u00e1kn: Prokop\u00edos greinir fr\u00e1 \u00fev\u00ed a\u00f0 l\u00edkneski A\u00feenu Promakhos hafi enn sta\u00f0i\u00f0 \u00ed Konstant\u00edn\u00f3pel \u00e1 sj\u00f6ttu \u00f6ld, \u00e1\u00f0ur en \u00fea\u00f0 var ey\u00f0ilagt \u00ed uppreisninni 1203.<\/p><p>\u00c1 mi\u00f0\u00f6ldum var Pallas fyrst og fremst \u00feekkt sem t\u00e1knmynd viskunnar; \u00ed \u00abRoman de la Rose\u00bb og \u00ed \u00abCit\u00e9 des Dames\u00bb eftir Christine de Pizan var\u00f0 h\u00fan verndargy\u00f0ja mennta\u00f0ra kvenna. Boccaccio setur hana \u00ed \u00abDe claris mulieribus\u00bb \u00ed flokk fyrirmyndarkvenna fornaldar, og Petrarca fjallar um hana \u00ed \u00abAfrica\u00bb.<\/p>\n<p>Endurreisnin bar me\u00f0 s\u00e9r h\u00faman\u00edska endurheimt myndefnisins, me\u00f0al annars \u00ed \u00abPallas og kentaurinn\u00bb eftir Sandro Botticelli og \u00abPallas rekur burt l\u00f6stina\u00bb eftir Andrea Mantegna. \u00c1tj\u00e1nda \u00f6ldin s\u00e1 \u00ed Pallas A\u00feenu \u00edmynd uppl\u00fdsingarins, sem Schiller fagna\u00f0i \u00ed hinu fr\u00e6ga tv\u00edlj\u00f3\u00f0i s\u00ednu \u00abDie sch\u00f6nste Wissenschaft\u00bb.<\/p><p>N\u00edtj\u00e1nda \u00f6ldin ger\u00f0i hana a\u00f0 skjaldarmerki akadem\u00eda og h\u00e1sk\u00f3la, svo sem V\u00edsindaakadem\u00edunnar \u00ed Berl\u00edn og H\u00e1sk\u00f3lans \u00ed A\u00feenu, \u00fear sem stytta gy\u00f0junnar eftir fyrirmynd Fid\u00edasar stendur \u00ed anddyri hans.<\/p><p>Grundvallarranns\u00f3knir Klaus Vierneisels og Peters Zanker \u00e1 myndhef\u00f0 A\u00feenu hafa me\u00f0 kerfisbundnum h\u00e6tti varpa\u00f0 lj\u00f3si \u00e1 menningarp\u00f3lit\u00edska \u00fe\u00fd\u00f0ingu myndarins \u00ed klassisisma og \u00e1 n\u00edtj\u00e1ndu \u00f6ld.<\/p>\t\t\t\t\t\t\t\t<\/div>\n\t\t\t\t<\/div>\n\t\t<div class=\"elementor-element elementor-element-64df9ac e-con-full e-flex e-con e-child\" data-id=\"64df9ac\" data-element_type=\"container\" data-e-type=\"container\">\n\t\t\t\t<div class=\"elementor-element elementor-element-4eb67d5 elementor-widget elementor-widget-heading\" data-id=\"4eb67d5\" data-element_type=\"widget\" data-e-type=\"widget\" data-widget_type=\"heading.default\">\n\t\t\t\t\t<h2 class=\"elementor-heading-title elementor-size-default\">Tr\u00faarfr\u00e6\u00f0ileg sta\u00f0setning<\/h2>\t\t\t\t<\/div>\n\t\t\t\t<div class=\"elementor-element elementor-element-17c1d6f elementor-widget elementor-widget-text-editor\" data-id=\"17c1d6f\" data-element_type=\"widget\" data-e-type=\"widget\" data-widget_type=\"text-editor.default\">\n\t\t\t\t\t\t\t\t\t<p>Uppruni nafnsins A\u00feena er enn \u00f3lj\u00f3s. Ind\u00f3evr\u00f3psk sk\u00fdring \u00feykir \u00f3l\u00edkleg; flestir fr\u00e6\u00f0imenn, \u00fear \u00e1 me\u00f0al Robert Beekes, telja a\u00f0 um s\u00e9 a\u00f0 r\u00e6\u00f0a formgr\u00edskan, egeiskan uppruna. L\u00ednuletur B var\u00f0veitir heiti\u00f0 \u00aba-ta-na-po-ti-ni-ja\u00bb (\u00abh\u00fasfreyja Athana\u00bb) \u00ed <span class=\"iwg-fachbegriff\" data-tooltip=\"Texti sem er ristur e\u00f0a h\u00f6ggvinn \u00ed varanlegt yfirbor\u00f0.\" tabindex=\"0\">\u00e1letrun<\/span> fr\u00e1 Knossos, sem gefur til kynna verndargy\u00f0ju \u00e1 brons\u00f6ld sem tengdist virki e\u00f0a hallarborg.<\/p><p>Martin P. Nilsson s\u00e1 \u00ed A\u00feenu pers\u00f3nugervingu myken\u00adskrar hallardrottningar, sem h\u00e9lt herna\u00f0arlegu og handverkslegu hlutverki s\u00ednu \u00ed umskiptunum fr\u00e1 hallart\u00edmabilskonungd\u00f3mi til borgr\u00edkistr\u00faar (polis-tr\u00faar).<\/p>\n<p>Fr\u00e1 ind\u00f3evr\u00f3psku samanbur\u00f0arsj\u00f3narhorni s\u00fdnir A\u00feena skipulagslegar hli\u00f0st\u00e6\u00f0ur vi\u00f0 r\u00f3mversku Minervu (\u00ed gegnum etr\u00faska mi\u00f0lun) og ind\u00f3ar\u00edsku Sarasvat\u00ed, sem einnig verndar visku, tungum\u00e1l og listir. En hin s\u00e9rt\u00e6ka samsetning str\u00ed\u00f0skonu, verndargy\u00f0ju handverks og borgarverndara er sjaldg\u00e6f \u00ed ind\u00f3evr\u00f3psku samanbur\u00f0arefni og sty\u00f0ur tilg\u00e1tuna um egeiskan undirlagsgu\u00f0.<\/p><p>Georges Dum\u00e9zil f\u00e9ll ekki alveg a\u00f0 sk\u00fdrri flokkun A\u00feenu innan \u00feriggja-hlutverka kenningar sinnar: h\u00fan ber merki allra \u00feriggja hlutverkanna, sem v\u00e6ri \u00f3venjulegt fyrir ind\u00f3evr\u00f3pska <span class=\"iwg-fachbegriff\" data-tooltip=\"Vera sem er d\u00fdrku\u00f0 sem gu\u00f0leg innan tr\u00faarbrag\u00f0a.\" tabindex=\"0\">gu\u00f0<\/span>, en m\u00e1 v\u00e6nta af undirlagsgu\u00f0i.<\/p>\n<p>Walter Burkert og Jean-Pierre Vernant hafa greint hina skipulagslegu andst\u00e6\u00f0u milli A\u00feenu og Aresar sem l\u00edkan af gr\u00edskri flokkun str\u00ed\u00f0s: A\u00feena stendur fyrir hi\u00f0 st\u00fdr\u00f0a, borgr\u00edkisbundna og a\u00f0 lokum s\u00e1ttf\u00fasa herna\u00f0arofbeldi, Ares fyrir hi\u00f0 v\u00edmukennda, samf\u00e9lagssl\u00edtandi bardaga\u00e6\u00f0i. \u00deessi tv\u00edhyggja er lykill a\u00f0 skilningi \u00e1 gr\u00edsku herna\u00f0arsi\u00f0fer\u00f0i.<\/p><p>Kenning Joan Connelly (2014) um a\u00f0 Par\u00feenon-fr\u00edsan s\u00fdni ekki Pana\u00feeneu-<span class=\"iwg-fachbegriff\" data-tooltip=\"H\u00e1t\u00ed\u00f0leg tr\u00faarleg skr\u00fa\u00f0ganga.\" tabindex=\"0\">skr\u00fa\u00f0g\u00f6ngu<\/span> heldur hina go\u00f0sagnakenndu f\u00f3rn d\u00e6tra Erek\u00feeusar hefur hleypt af stokkunum n\u00fdrri deilu um tr\u00faarlega \u00e1\u00e6tlun r\u00edkisd\u00fdrkunar A\u00feenu. N\u00fdrri ranns\u00f3knir s\u00ed\u00f0ustu \u00e1ratuga leggja \u00ed heild \u00e1herslu \u00e1 stj\u00f3rnm\u00e1lalegt hlutverk A\u00feenu sem <span class=\"iwg-fachbegriff\" data-tooltip=\"Sk\u00fdr mynd sem t\u00e1knar hugtak.\" tabindex=\"0\">t\u00e1kn<\/span> l\u00fd\u00f0r\u00e6\u00f0islegrar sj\u00e1lfssta\u00f0festingar A\u00feenuborgar.<\/p>\t\t\t\t\t\t\t\t<\/div>\n\t\t\t\t<\/div>\n\t\t<div class=\"elementor-element elementor-element-3162f43 e-con-full e-flex e-con e-child\" data-id=\"3162f43\" data-element_type=\"container\" data-e-type=\"container\">\n\t\t\t\t<div class=\"elementor-element elementor-element-bb06698 elementor-widget elementor-widget-heading\" data-id=\"bb06698\" data-element_type=\"widget\" data-e-type=\"widget\" data-widget_type=\"heading.default\">\n\t\t\t\t\t<h2 class=\"elementor-heading-title elementor-size-default\">Heimildir<\/h2>\t\t\t\t<\/div>\n\t\t\t\t<div class=\"elementor-element elementor-element-1c02019 elementor-widget elementor-widget-text-editor\" data-id=\"1c02019\" data-element_type=\"widget\" data-e-type=\"widget\" data-widget_type=\"text-editor.default\">\n\t\t\t\t\t\t\t\t\t<div data-nosnippet=\"true\"><p>H\u00f3mer, \u00abIl\u00edonskvi\u00f0a\u00bb (einkum V, XV, XX til XXII) og \u00ab\u00d3dysseifskvi\u00f0a\u00bb (einkum I, V, XIII). Hes\u00ed\u00f3dos, \u00abGu\u00f0akyn\u00bb 886 til 900 og 924 til 926. Apoll\u00f3d\u00f3ros, \u00abBibliotheke\u00bb, III, 14 (deilan um Att\u00edku, Erik\u00fe\u00f3n\u00edos).<\/p><p>P\u00e1san\u00edas, \u00abL\u00fdsing Grikklands\u00bb, I, 24 til 28 (Akr\u00f3p\u00f3lis); Her\u00f3d\u00f3tos, \u00abSagnfr\u00e6\u00f0i\u00bb, IV, 180 (l\u00edb\u00fdskur A\u00feenu-<span class=\"iwg-fachbegriff\" data-tooltip=\"Heildarsvi\u00f0 tr\u00faarlegra d\u00fdrkunarathafna gagnvart gu\u00f0veru e\u00f0a heilagri veru.\" tabindex=\"0\">\u00e1tr\u00fana\u00f0ur<\/span>). \u00d3vid\u00edus, \u00abMyndbreytingar\u00bb, VI, 5 til 145 (Arakne) og IV, 798 til 803 (Med\u00fasa).<\/p><p>\u00d3vid\u00edus, \u00abFasti\u00bb III, 809 til 848 (Quinquatrus). Pindar, \u00d3lymp\u00edu\u00f3\u00f0ar VII. Evrip\u00eddes, \u00ab\u00cdon\u00bb og \u00abTr\u00f3jukonurnar\u00bb.<\/p><p>Walter Burkert, \u00abGriechische Religion der archaischen und klassischen Epoche\u00bb, Stuttgart 1977. Karl Ker\u00e9nyi, \u00abDie <span class=\"iwg-fachbegriff\" data-tooltip=\"Heildarsafn hef\u00f0bundinna gu\u00f0asagna innan menningar.\" tabindex=\"0\">Mythologie<\/span> der Griechen\u00bb, Z\u00fcrich 1951. Jean-Pierre Vernant, \u00ab<span class=\"iwg-fachbegriff\" data-tooltip=\"Hef\u00f0bundin fr\u00e1s\u00f6gn um gu\u00f0i, uppruna og skipan heimsins.\" tabindex=\"0\">Mythos<\/span> und Gesellschaft im alten Griechenland\u00bb, Frankfurt am Main 1987. Joan Breton Connelly, \u00abThe Parthenon Enigma\u00bb, New York 2014.<\/p><\/div>\t\t\t\t\t\t\t\t<\/div>\n\t\t\t\t<\/div>\n\t\t\t\t\t<\/div>\n\t\t\t\t<\/div>\n\t\t\t\t<\/div>\n\t\t","protected":false},"excerpt":{"rendered":"","protected":false},"author":3,"featured_media":2982,"parent":0,"menu_order":0,"comment_status":"closed","ping_status":"closed","template":"elementor_header_footer","meta":{"_yoast_wpseo_focuskw":"A\u00feena","_yoast_wpseo_title":"A\u00feena \u2013 Viskugy\u00f0ja, verndargy\u00f0ja A\u00feenu | iWell Guard","_yoast_wpseo_metadesc":"A\u00feena er gy\u00f0ja viskunnar, herk\u00e6nskunnar og handverksins, f\u00e6dd \u00far h\u00f6f\u00f0i Seifs. Verndargy\u00f0ja A\u00feenu, me\u00f0 uglu og egishj\u00e1lm.","_yoast_wpseo_meta-robots-noindex":"","_yoast_wpseo_canonical":"","_angie_page":false,"gefaehrdungsstufe":"1","wesen_kultur":"griechenland","wesen_klasse":"goetter","footnotes":""},"categories":[],"class_list":["post-169047","page","type-page","status-publish","has-post-thumbnail","hentry"],"yoast_head":"<!-- This site is optimized with the Yoast SEO Premium plugin v27.7 (Yoast SEO v28.3) - https:\/\/yoast.com\/product\/yoast-seo-premium-wordpress\/ -->\n<title>A\u00feena \u2013 Viskugy\u00f0ja, verndargy\u00f0ja A\u00feenu | iWell Guard<\/title>\n<meta name=\"description\" content=\"A\u00feena er gy\u00f0ja viskunnar, herk\u00e6nskunnar og handverksins, f\u00e6dd \u00far h\u00f6f\u00f0i Seifs. Verndargy\u00f0ja A\u00feenu, me\u00f0 uglu og egishj\u00e1lm.\" \/>\n<meta name=\"robots\" content=\"index, follow, max-snippet:-1, max-image-preview:large, max-video-preview:-1\" \/>\n<link rel=\"canonical\" href=\"https:\/\/iwell-guard.com\/is\/athena\/\" \/>\n<meta property=\"og:locale\" content=\"is_IS\" \/>\n<meta property=\"og:type\" content=\"article\" \/>\n<meta property=\"og:title\" content=\"A\u00feena\" \/>\n<meta property=\"og:description\" content=\"A\u00feena er gy\u00f0ja viskunnar, herk\u00e6nskunnar og handverksins, f\u00e6dd \u00far h\u00f6f\u00f0i Seifs. Verndargy\u00f0ja A\u00feenu, me\u00f0 uglu og egishj\u00e1lm.\" \/>\n<meta property=\"og:url\" content=\"https:\/\/iwell-guard.com\/is\/athena\/\" \/>\n<meta property=\"og:site_name\" content=\"iWell Guard\" \/>\n<meta property=\"article:modified_time\" content=\"2026-09-05T14:30:56+00:00\" \/>\n<meta property=\"og:image\" content=\"https:\/\/iwell-guard.com\/wp-content\/uploads\/2026\/05\/goetter_griechenland_athene.webp\" \/>\n\t<meta property=\"og:image:width\" content=\"1024\" \/>\n\t<meta property=\"og:image:height\" content=\"1536\" \/>\n\t<meta property=\"og:image:type\" content=\"image\/webp\" \/>\n<meta name=\"twitter:card\" content=\"summary_large_image\" \/>\n<script type=\"application\/ld+json\" class=\"yoast-schema-graph\">{\"@context\":\"https:\\\/\\\/schema.org\",\"@graph\":[{\"@type\":\"WebPage\",\"@id\":\"https:\\\/\\\/iwell-guard.com\\\/is\\\/athena\\\/\",\"url\":\"https:\\\/\\\/iwell-guard.com\\\/is\\\/athena\\\/\",\"name\":\"A\u00feena \u2013 Viskugy\u00f0ja, verndargy\u00f0ja A\u00feenu | iWell Guard\",\"isPartOf\":{\"@id\":\"https:\\\/\\\/iwell-guard.com\\\/is\\\/#website\"},\"primaryImageOfPage\":{\"@id\":\"https:\\\/\\\/iwell-guard.com\\\/is\\\/athena\\\/#primaryimage\"},\"image\":{\"@id\":\"https:\\\/\\\/iwell-guard.com\\\/is\\\/athena\\\/#primaryimage\"},\"thumbnailUrl\":\"https:\\\/\\\/iwell-guard.com\\\/wp-content\\\/uploads\\\/2026\\\/05\\\/goetter_griechenland_athene.webp\",\"datePublished\":\"2026-09-05T14:05:07+00:00\",\"dateModified\":\"2026-09-05T14:30:56+00:00\",\"description\":\"A\u00feena er gy\u00f0ja viskunnar, herk\u00e6nskunnar og handverksins, f\u00e6dd \u00far h\u00f6f\u00f0i Seifs. Verndargy\u00f0ja A\u00feenu, me\u00f0 uglu og egishj\u00e1lm.\",\"breadcrumb\":{\"@id\":\"https:\\\/\\\/iwell-guard.com\\\/is\\\/athena\\\/#breadcrumb\"},\"inLanguage\":\"is\",\"potentialAction\":[{\"@type\":\"ReadAction\",\"target\":[\"https:\\\/\\\/iwell-guard.com\\\/is\\\/athena\\\/\"]}]},{\"@type\":\"ImageObject\",\"inLanguage\":\"is\",\"@id\":\"https:\\\/\\\/iwell-guard.com\\\/is\\\/athena\\\/#primaryimage\",\"url\":\"https:\\\/\\\/iwell-guard.com\\\/wp-content\\\/uploads\\\/2026\\\/05\\\/goetter_griechenland_athene.webp\",\"contentUrl\":\"https:\\\/\\\/iwell-guard.com\\\/wp-content\\\/uploads\\\/2026\\\/05\\\/goetter_griechenland_athene.webp\",\"width\":1024,\"height\":1536,\"caption\":\"Gu\u00f0ir \u00far gr\u00edskri hef\u00f0.\"},{\"@type\":\"BreadcrumbList\",\"@id\":\"https:\\\/\\\/iwell-guard.com\\\/is\\\/athena\\\/#breadcrumb\",\"itemListElement\":[{\"@type\":\"ListItem\",\"position\":1,\"name\":\"Start\",\"item\":\"https:\\\/\\\/iwell-guard.com\\\/is\\\/?page_id=168580\"},{\"@type\":\"ListItem\",\"position\":2,\"name\":\"A\u00feena\"}]},{\"@type\":\"WebSite\",\"@id\":\"https:\\\/\\\/iwell-guard.com\\\/is\\\/#website\",\"url\":\"https:\\\/\\\/iwell-guard.com\\\/is\\\/\",\"name\":\"iWell Guard\",\"description\":\"Schutz vor dunklen Einfl\u00fcssen\",\"publisher\":{\"@id\":\"https:\\\/\\\/iwell-guard.com\\\/is\\\/#organization\"},\"potentialAction\":[{\"@type\":\"SearchAction\",\"target\":{\"@type\":\"EntryPoint\",\"urlTemplate\":\"https:\\\/\\\/iwell-guard.com\\\/is\\\/?s={search_term_string}\"},\"query-input\":{\"@type\":\"PropertyValueSpecification\",\"valueRequired\":true,\"valueName\":\"search_term_string\"}}],\"inLanguage\":\"is\"},{\"@type\":\"Organization\",\"@id\":\"https:\\\/\\\/iwell-guard.com\\\/is\\\/#organization\",\"name\":\"Ittermann electronic GmbH\",\"url\":\"https:\\\/\\\/iwell-guard.com\\\/is\\\/\",\"logo\":{\"@type\":\"ImageObject\",\"inLanguage\":\"is\",\"@id\":\"https:\\\/\\\/iwell-guard.com\\\/is\\\/#\\\/schema\\\/logo\\\/image\\\/\",\"url\":\"https:\\\/\\\/iwell-guard.com\\\/wp-content\\\/uploads\\\/2026\\\/05\\\/Ittermann-Logo-1182x237-1.png\",\"contentUrl\":\"https:\\\/\\\/iwell-guard.com\\\/wp-content\\\/uploads\\\/2026\\\/05\\\/Ittermann-Logo-1182x237-1.png\",\"width\":1182,\"height\":237,\"caption\":\"Ittermann electronic GmbH\"},\"image\":{\"@id\":\"https:\\\/\\\/iwell-guard.com\\\/is\\\/#\\\/schema\\\/logo\\\/image\\\/\"},\"sameAs\":[\"https:\\\/\\\/pantip.com\\\/profile\\\/9367242\",\"https:\\\/\\\/micro.blog\\\/iwellguard\",\"https:\\\/\\\/www.diggerslist.com\\\/iwellguard\\\/about\",\"https:\\\/\\\/skitterphoto.com\\\/photographers\\\/2870314\\\/iwell-guard\",\"https:\\\/\\\/iwellguard.wordpress.com\\\/2026\\\/06\\\/06\\\/iwell-guard\\\/\",\"https:\\\/\\\/hub.docker.com\\\/u\\\/iwellguard\",\"https:\\\/\\\/www.pinterest.com\\\/iwellguard\\\/\",\"https:\\\/\\\/bit.ly\\\/m\\\/iwellguard\",\"https:\\\/\\\/entre-vos-mains.alsace.eu\\\/profiles\\\/iwellguard\\\/activity\",\"https:\\\/\\\/gravatar.com\\\/reallybeded8fd34\",\"https:\\\/\\\/naijamatta.com\\\/iwellguard\",\"https:\\\/\\\/www.goodreads.com\\\/iwellguard\",\"https:\\\/\\\/profile.hatena.ne.jp\\\/iwellguard\\\/\",\"https:\\\/\\\/experiment.com\\\/users\\\/iwellguard\",\"https:\\\/\\\/wakelet.com\\\/@iWellGuard82270\",\"https:\\\/\\\/www.chordie.com\\\/forum\\\/profile.php?id=2555664\",\"https:\\\/\\\/www.instapaper.com\\\/p\\\/17757966\",\"https:\\\/\\\/www.mapleprimes.com\\\/users\\\/iwellguard\",\"https:\\\/\\\/businesslistingplus.com\\\/profile\\\/iwell-guard\\\/\",\"https:\\\/\\\/telegra.ph\\\/iWell-Guard-06-06\",\"https:\\\/\\\/pbase.com\\\/iwellguard\\\/iwellguard\",\"https:\\\/\\\/b.hatena.ne.jp\\\/iwellguard\\\/20260607#bookmark-4788405196491818882\",\"https:\\\/\\\/fliphtml5.com\\\/home\\\/iwellguard\",\"https:\\\/\\\/anyflip.com\\\/homepage\\\/cmiwl#About\",\"https:\\\/\\\/transfur.com\\\/Users\\\/iwellguard\",\"http:\\\/\\\/delphi.larsbo.org\\\/user\\\/iwellguard\",\"https:\\\/\\\/jobs.lajobsportal.org\\\/profiles\\\/8380803-iwell-guard\",\"https:\\\/\\\/md.chaosdorf.de\\\/s\\\/jfbe5SBdJD\",\"https:\\\/\\\/www.lingvolive.com\\\/en-us\\\/profile\\\/9ecaeaca-ce11-4e51-9e71-01d55e2bff36\\\/translations\",\"https:\\\/\\\/www.fitday.com\\\/fitness\\\/forums\\\/members\\\/iwellguard.html\",\"https:\\\/\\\/www.mymeetbook.com\\\/iwellguard\",\"https:\\\/\\\/pxhere.com\\\/en\\\/photographer-me\\\/5040798\",\"https:\\\/\\\/disqus.com\\\/by\\\/iwellguard\\\/about\\\/\",\"https:\\\/\\\/pastelink.net\\\/hjwciqwq\",\"https:\\\/\\\/pubhtml5.com\\\/homepage\\\/scjhn\\\/\",\"https:\\\/\\\/www.bitchute.com\\\/channel\\\/2O2eOKzNqujT\",\"https:\\\/\\\/audiomack.com\\\/iwellguard\"]},{\"@type\":\"Article\",\"@id\":\"https:\\\/\\\/iwell-guard.com\\\/is\\\/athena\\\/#article\",\"isPartOf\":{\"@id\":\"https:\\\/\\\/iwell-guard.com\\\/is\\\/athena\\\/\"},\"author\":{\"name\":\"Ralf Ittermann\",\"@id\":\"https:\\\/\\\/iwell-guard.com\\\/is\\\/#\\\/schema\\\/person\\\/ee2a27f1cac3406c7c6fb5820cb7349f\"},\"headline\":\"A\u00feena\",\"datePublished\":\"2026-09-05T14:05:07+00:00\",\"dateModified\":\"2026-09-05T14:30:56+00:00\",\"mainEntityOfPage\":{\"@id\":\"https:\\\/\\\/iwell-guard.com\\\/is\\\/athena\\\/\"},\"publisher\":{\"@id\":\"https:\\\/\\\/iwell-guard.com\\\/is\\\/#organization\"},\"image\":{\"@id\":\"https:\\\/\\\/iwell-guard.com\\\/is\\\/athena\\\/#primaryimage\"},\"thumbnailUrl\":\"https:\\\/\\\/iwell-guard.com\\\/wp-content\\\/uploads\\\/2026\\\/05\\\/goetter_griechenland_athene.webp\",\"inLanguage\":\"is\",\"description\":\"A\u00feena er gy\u00f0ja viskunnar, herk\u00e6nskunnar og handverksins, f\u00e6dd \u00far h\u00f6f\u00f0i Seifs. Verndargy\u00f0ja A\u00feenu, me\u00f0 uglu og egishj\u00e1lm.\"}]}<\/script>\n<!-- \/ Yoast SEO Premium plugin. -->","yoast_head_json":{"title":"A\u00feena \u2013 Viskugy\u00f0ja, verndargy\u00f0ja A\u00feenu | iWell Guard","description":"A\u00feena er gy\u00f0ja viskunnar, herk\u00e6nskunnar og handverksins, f\u00e6dd \u00far h\u00f6f\u00f0i Seifs. Verndargy\u00f0ja A\u00feenu, me\u00f0 uglu og egishj\u00e1lm.","robots":{"index":"index","follow":"follow","max-snippet":"max-snippet:-1","max-image-preview":"max-image-preview:large","max-video-preview":"max-video-preview:-1"},"canonical":"https:\/\/iwell-guard.com\/is\/athena\/","og_locale":"is_IS","og_type":"article","og_title":"A\u00feena","og_description":"A\u00feena er gy\u00f0ja viskunnar, herk\u00e6nskunnar og handverksins, f\u00e6dd \u00far h\u00f6f\u00f0i Seifs. Verndargy\u00f0ja A\u00feenu, me\u00f0 uglu og egishj\u00e1lm.","og_url":"https:\/\/iwell-guard.com\/is\/athena\/","og_site_name":"iWell Guard","article_modified_time":"2026-09-05T14:30:56+00:00","og_image":[{"width":1024,"height":1536,"url":"https:\/\/iwell-guard.com\/wp-content\/uploads\/2026\/05\/goetter_griechenland_athene.webp","type":"image\/webp"}],"twitter_card":"summary_large_image","schema":{"@context":"https:\/\/schema.org","@graph":[{"@type":"Article","@id":"https:\/\/iwell-guard.com\/is\/athena\/#article","isPartOf":{"@id":"https:\/\/iwell-guard.com\/is\/athena\/"},"author":{"name":"Ralf Ittermann","@id":"https:\/\/iwell-guard.com\/is\/#\/schema\/person\/ee2a27f1cac3406c7c6fb5820cb7349f"},"headline":"A\u00feena","datePublished":"2026-09-05T14:05:07+00:00","dateModified":"2026-09-05T14:30:56+00:00","mainEntityOfPage":{"@id":"https:\/\/iwell-guard.com\/is\/athena\/"},"publisher":{"@id":"https:\/\/iwell-guard.com\/is\/#organization"},"image":{"@id":"https:\/\/iwell-guard.com\/is\/athena\/#primaryimage"},"thumbnailUrl":"https:\/\/iwell-guard.com\/wp-content\/uploads\/2026\/05\/goetter_griechenland_athene.webp","inLanguage":"is","description":"A\u00feena er gy\u00f0ja viskunnar, herk\u00e6nskunnar og handverksins, f\u00e6dd \u00far h\u00f6f\u00f0i Seifs. Verndargy\u00f0ja A\u00feenu, me\u00f0 uglu og egishj\u00e1lm."},{"@type":"WebPage","@id":"https:\/\/iwell-guard.com\/is\/athena\/","url":"https:\/\/iwell-guard.com\/is\/athena\/","name":"A\u00feena \u2013 Viskugy\u00f0ja, verndargy\u00f0ja A\u00feenu | iWell Guard","isPartOf":{"@id":"https:\/\/iwell-guard.com\/is\/#website"},"primaryImageOfPage":{"@id":"https:\/\/iwell-guard.com\/is\/athena\/#primaryimage"},"image":{"@id":"https:\/\/iwell-guard.com\/is\/athena\/#primaryimage"},"thumbnailUrl":"https:\/\/iwell-guard.com\/wp-content\/uploads\/2026\/05\/goetter_griechenland_athene.webp","datePublished":"2026-09-05T14:05:07+00:00","dateModified":"2026-09-05T14:30:56+00:00","description":"A\u00feena er gy\u00f0ja viskunnar, herk\u00e6nskunnar og handverksins, f\u00e6dd \u00far h\u00f6f\u00f0i Seifs. Verndargy\u00f0ja A\u00feenu, me\u00f0 uglu og egishj\u00e1lm.","breadcrumb":{"@id":"https:\/\/iwell-guard.com\/is\/athena\/#breadcrumb"},"inLanguage":"is","potentialAction":[{"@type":"ReadAction","target":["https:\/\/iwell-guard.com\/is\/athena\/"]}]},{"@type":"ImageObject","inLanguage":"is","@id":"https:\/\/iwell-guard.com\/is\/athena\/#primaryimage","url":"https:\/\/iwell-guard.com\/wp-content\/uploads\/2026\/05\/goetter_griechenland_athene.webp","contentUrl":"https:\/\/iwell-guard.com\/wp-content\/uploads\/2026\/05\/goetter_griechenland_athene.webp","width":1024,"height":1536,"caption":"Gu\u00f0ir \u00far gr\u00edskri hef\u00f0."},{"@type":"BreadcrumbList","@id":"https:\/\/iwell-guard.com\/is\/athena\/#breadcrumb","itemListElement":[{"@type":"ListItem","position":1,"name":"Start","item":"https:\/\/iwell-guard.com\/is\/?page_id=168580"},{"@type":"ListItem","position":2,"name":"A\u00feena"}]},{"@type":"WebSite","@id":"https:\/\/iwell-guard.com\/is\/#website","url":"https:\/\/iwell-guard.com\/is\/","name":"iWell Guard","description":"Schutz vor dunklen Einfl\u00fcssen","publisher":{"@id":"https:\/\/iwell-guard.com\/is\/#organization"},"potentialAction":[{"@type":"SearchAction","target":{"@type":"EntryPoint","urlTemplate":"https:\/\/iwell-guard.com\/is\/?s={search_term_string}"},"query-input":{"@type":"PropertyValueSpecification","valueRequired":true,"valueName":"search_term_string"}}],"inLanguage":"is"},{"@type":"Organization","@id":"https:\/\/iwell-guard.com\/is\/#organization","name":"Ittermann electronic GmbH","url":"https:\/\/iwell-guard.com\/is\/","logo":{"@type":"ImageObject","inLanguage":"is","@id":"https:\/\/iwell-guard.com\/is\/#\/schema\/logo\/image\/","url":"https:\/\/iwell-guard.com\/wp-content\/uploads\/2026\/05\/Ittermann-Logo-1182x237-1.png","contentUrl":"https:\/\/iwell-guard.com\/wp-content\/uploads\/2026\/05\/Ittermann-Logo-1182x237-1.png","width":1182,"height":237,"caption":"Ittermann electronic GmbH"},"image":{"@id":"https:\/\/iwell-guard.com\/is\/#\/schema\/logo\/image\/"},"sameAs":["https:\/\/pantip.com\/profile\/9367242","https:\/\/micro.blog\/iwellguard","https:\/\/www.diggerslist.com\/iwellguard\/about","https:\/\/skitterphoto.com\/photographers\/2870314\/iwell-guard","https:\/\/iwellguard.wordpress.com\/2026\/06\/06\/iwell-guard\/","https:\/\/hub.docker.com\/u\/iwellguard","https:\/\/www.pinterest.com\/iwellguard\/","https:\/\/bit.ly\/m\/iwellguard","https:\/\/entre-vos-mains.alsace.eu\/profiles\/iwellguard\/activity","https:\/\/gravatar.com\/reallybeded8fd34","https:\/\/naijamatta.com\/iwellguard","https:\/\/www.goodreads.com\/iwellguard","https:\/\/profile.hatena.ne.jp\/iwellguard\/","https:\/\/experiment.com\/users\/iwellguard","https:\/\/wakelet.com\/@iWellGuard82270","https:\/\/www.chordie.com\/forum\/profile.php?id=2555664","https:\/\/www.instapaper.com\/p\/17757966","https:\/\/www.mapleprimes.com\/users\/iwellguard","https:\/\/businesslistingplus.com\/profile\/iwell-guard\/","https:\/\/telegra.ph\/iWell-Guard-06-06","https:\/\/pbase.com\/iwellguard\/iwellguard","https:\/\/b.hatena.ne.jp\/iwellguard\/20260607#bookmark-4788405196491818882","https:\/\/fliphtml5.com\/home\/iwellguard","https:\/\/anyflip.com\/homepage\/cmiwl#About","https:\/\/transfur.com\/Users\/iwellguard","http:\/\/delphi.larsbo.org\/user\/iwellguard","https:\/\/jobs.lajobsportal.org\/profiles\/8380803-iwell-guard","https:\/\/md.chaosdorf.de\/s\/jfbe5SBdJD","https:\/\/www.lingvolive.com\/en-us\/profile\/9ecaeaca-ce11-4e51-9e71-01d55e2bff36\/translations","https:\/\/www.fitday.com\/fitness\/forums\/members\/iwellguard.html","https:\/\/www.mymeetbook.com\/iwellguard","https:\/\/pxhere.com\/en\/photographer-me\/5040798","https:\/\/disqus.com\/by\/iwellguard\/about\/","https:\/\/pastelink.net\/hjwciqwq","https:\/\/pubhtml5.com\/homepage\/scjhn\/","https:\/\/www.bitchute.com\/channel\/2O2eOKzNqujT","https:\/\/audiomack.com\/iwellguard"]},{"@type":"Person","@id":"https:\/\/iwell-guard.com\/is\/#\/schema\/person\/ee2a27f1cac3406c7c6fb5820cb7349f","name":"Ralf Ittermann","image":{"@type":"ImageObject","inLanguage":"is","@id":"https:\/\/secure.gravatar.com\/avatar\/073c0153e350a5005b68eb752b445fea71f6b24a26da9449ad7e155e6b446c9d?s=96&d=mm&r=g","url":"https:\/\/secure.gravatar.com\/avatar\/073c0153e350a5005b68eb752b445fea71f6b24a26da9449ad7e155e6b446c9d?s=96&d=mm&r=g","contentUrl":"https:\/\/secure.gravatar.com\/avatar\/073c0153e350a5005b68eb752b445fea71f6b24a26da9449ad7e155e6b446c9d?s=96&d=mm&r=g","caption":"Ralf Ittermann"},"givenName":"Ralf","familyName":"Ittermann","jobTitle":"Gesch\u00e4ftsf\u00fchrer und redaktioneller Verantwortlicher","url":"https:\/\/iwell-guard.com\/is\/author\/claude\/","description":"Ralf Ittermann ist Gesch\u00e4ftsf\u00fchrer der Ittermann electronic GmbH und redaktioneller Verantwortlicher des iWell-Guard-Lexikons. Er verbindet langj\u00e4hrige Erfahrung in der Pr\u00e4zisionsfertigung mit medialer Praxis und religionsgeschichtlicher Quellenarbeit.","worksFor":{"@type":"Organization","name":"Ittermann electronic GmbH","url":"https:\/\/ittermann.de\/","address":{"@type":"PostalAddress","streetAddress":"K\u00f6hlergasse 16-18","postalCode":"99842","addressLocality":"Ruhla","addressCountry":"DE"}},"knowsAbout":["Religionsgeschichte","Mythologie","Mediale Praxis","Energetische Diagnostik","Schutzpraxis","Volksglauben","Westliche Esoterik"]},{"@type":"Article","@id":"https:\/\/iwell-guard.com\/is\/athena\/#article","isPartOf":{"@id":"https:\/\/iwell-guard.com\/is\/athena\/"},"author":{"name":"Ralf Ittermann","@id":"https:\/\/iwell-guard.com\/is\/#\/schema\/person\/ee2a27f1cac3406c7c6fb5820cb7349f"},"headline":"A\u00feena","datePublished":"2026-09-05T14:05:07+00:00","dateModified":"2026-09-05T14:30:56+00:00","mainEntityOfPage":{"@id":"https:\/\/iwell-guard.com\/is\/athena\/"},"publisher":{"@id":"https:\/\/iwell-guard.com\/is\/#organization"},"image":{"@id":"https:\/\/iwell-guard.com\/is\/athena\/#primaryimage"},"thumbnailUrl":"https:\/\/iwell-guard.com\/wp-content\/uploads\/2026\/05\/goetter_griechenland_athene.webp","inLanguage":"is","description":"A\u00feena er gy\u00f0ja viskunnar, herk\u00e6nskunnar og handverksins, f\u00e6dd \u00far h\u00f6f\u00f0i Seifs. Verndargy\u00f0ja A\u00feenu, me\u00f0 uglu og egishj\u00e1lm."}]}},"_links":{"self":[{"href":"https:\/\/iwell-guard.com\/is\/wp-json\/wp\/v2\/pages\/169047","targetHints":{"allow":["GET"]}}],"collection":[{"href":"https:\/\/iwell-guard.com\/is\/wp-json\/wp\/v2\/pages"}],"about":[{"href":"https:\/\/iwell-guard.com\/is\/wp-json\/wp\/v2\/types\/page"}],"author":[{"embeddable":true,"href":"https:\/\/iwell-guard.com\/is\/wp-json\/wp\/v2\/users\/3"}],"replies":[{"embeddable":true,"href":"https:\/\/iwell-guard.com\/is\/wp-json\/wp\/v2\/comments?post=169047"}],"version-history":[{"count":0,"href":"https:\/\/iwell-guard.com\/is\/wp-json\/wp\/v2\/pages\/169047\/revisions"}],"wp:featuredmedia":[{"embeddable":true,"href":"https:\/\/iwell-guard.com\/is\/wp-json\/wp\/v2\/media\/2982"}],"wp:attachment":[{"href":"https:\/\/iwell-guard.com\/is\/wp-json\/wp\/v2\/media?parent=169047"}],"wp:term":[{"taxonomy":"category","embeddable":true,"href":"https:\/\/iwell-guard.com\/is\/wp-json\/wp\/v2\/categories?post=169047"}],"curies":[{"name":"wp","href":"https:\/\/api.w.org\/{rel}","templated":true}]}}