{"id":169046,"date":"2026-09-05T14:05:07","date_gmt":"2026-09-05T14:05:07","guid":{"rendered":"https:\/\/iwell-guard.com\/?page_id=169046"},"modified":"2026-09-05T14:30:53","modified_gmt":"2026-09-05T14:30:53","slug":"hera","status":"publish","type":"page","link":"https:\/\/iwell-guard.com\/is\/hera\/","title":{"rendered":"Hera"},"content":{"rendered":"\t\t<div data-elementor-type=\"wp-page\" data-elementor-id=\"169046\" class=\"elementor elementor-169046 elementor-2975 elementor-bc-flex-widget\" data-elementor-post-type=\"page\">\n\t\t\t\t<div class=\"elementor-element elementor-element-02c38e4 e-flex e-con-boxed e-con e-parent\" data-id=\"02c38e4\" data-element_type=\"container\" data-e-type=\"container\" data-settings=\"{&quot;background_background&quot;:&quot;classic&quot;}\">\n\t\t\t\t\t<div class=\"e-con-inner\">\n\t\t<div class=\"elementor-element elementor-element-bd34ca0 e-flex e-con-boxed e-con e-child\" data-id=\"bd34ca0\" data-element_type=\"container\" data-e-type=\"container\">\n\t\t\t\t\t<div class=\"e-con-inner\">\n\t\t<div class=\"elementor-element elementor-element-95d8c55 e-con-full e-flex e-con e-child\" data-id=\"95d8c55\" data-element_type=\"container\" data-e-type=\"container\">\n\t\t\t\t<div class=\"elementor-element elementor-element-fc0d859 elementor-widget elementor-widget-heading\" data-id=\"fc0d859\" data-element_type=\"widget\" data-e-type=\"widget\" data-widget_type=\"heading.default\">\n\t\t\t\t\t<h1 class=\"elementor-heading-title elementor-size-default\">Hera, gy\u00f0ja hj\u00f3nabandsins og drottning \u00d3lympsfjalls<\/h1>\t\t\t\t<\/div>\n\t\t\t\t<div class=\"elementor-element elementor-element-233b87c elementor-widget elementor-widget-text-editor\" data-id=\"233b87c\" data-element_type=\"widget\" data-e-type=\"widget\" data-widget_type=\"text-editor.default\">\n\t\t\t\t\t\t\t\t\t<p>Hera telst \u00ed gr\u00edska <span class=\"iwg-fachbegriff\" data-tooltip=\"Heild gu\u00f0anna \u00ed einni tr\u00faarbr\u00f6g\u00f0 e\u00f0a menningu.\" tabindex=\"0\">go\u00f0aveldinu<\/span> (pantheon) til t\u00f3lf helstu \u00f3lympskra gu\u00f0a og er talin systir og eiginkona Seifs. H\u00fan er \u00edmynd hins l\u00f6gm\u00e6ta hj\u00f3nabands, hj\u00f3nabandsbandsins og drottningarvalds. \u00cd \u00abGu\u00f0a\u00e6ttart\u00f6lunni\u00bb (Theogonia) Hes\u00edodosar er h\u00fan nefnd d\u00f3ttir Kr\u00f3nosar og Reu og telst \u00feannig til elstu kynsl\u00f3\u00f0ar \u00d3lympsgu\u00f0anna.<\/p><p>Auknefni hennar \u00abteleia\u00bb, hin \u00abfullkomna\u00f0a\u00bb, gefur til kynna a\u00f0 h\u00fan s\u00e9 verndargy\u00f0ja fullgildra hj\u00f3nabanda; \u00ed argverskri <span class=\"iwg-fachbegriff\" data-tooltip=\"Heild tr\u00faarlegra tilbei\u00f0sluathafna fyrir gu\u00f0 e\u00f0a heilaga veru.\" tabindex=\"0\">d\u00fdrkun<\/span> (kult) kemur h\u00fan fram sem \u00abArgeia\u00bb, hin argverska.<\/p><p>Auk h\u00f3mersku kvi\u00f0unnar m\u00e1 finna Hera \u00ed fj\u00f6lm\u00f6rgum sta\u00f0bundnum d\u00fdrkunum, fr\u00e1 Argos og Samos til Olymp\u00edu og St\u00f3r-Grikklands. D\u00fdrkunarhef\u00f0in \u00fear bendir til sj\u00e1lfst\u00e6\u00f0rar borgarverndargy\u00f0ju sem a\u00f0eins \u00ed s\u00ed\u00f0ara lagi var\u00f0 eiginkona Seifs \u00e1 \u00d3lympsfjalli.<\/p>\t\t\t\t\t\t\t\t<\/div>\n\t\t\t\t<\/div>\n\t\t<div class=\"elementor-element elementor-element-d4b5642 e-con-full e-flex e-con e-parent\" data-id=\"d4b5642\" data-element_type=\"container\" data-e-type=\"container\">\n\t\t\t\t<div class=\"elementor-element elementor-element-f5fd9db elementor-widget elementor-widget-html\" data-id=\"f5fd9db\" data-element_type=\"widget\" data-e-type=\"widget\" data-widget_type=\"html.default\">\n\t\t\t\t\t<div class=\"iwg-pill-row\"><span class=\"iwg-klasse-badge\" tabindex=\"0\" data-tooltip=\"Gu\u00f0 \/ gy\u00f0ja: Pers\u00f3nuger\u00f0 \u00e6\u00f0sta vald \u00ed go\u00f0aheimi menningar, me\u00f0 sk\u00fdrum verksvi\u00f0um \u2014 n\u00e1tt\u00faru\u00f6fl, \u00f6rl\u00f6g, str\u00ed\u00f0, frj\u00f3semi. D\u00fdrku\u00f0 me\u00f0 helgisi\u00f0um, f\u00f3rnum og hofsstofnunum.\">Gu\u00f0<\/span><a href=\"https:\/\/iwell-guard.com\/is\/grikkland\/\" class=\"iwg-kultur-badge\" tabindex=\"0\" data-tooltip=\"Tr\u00faarbr\u00f6g\u00f0 og go\u00f0afr\u00e6\u00f0i Grikklands til forna, fr\u00e1 m\u00fdkenskum t\u00edma til s\u00ed\u00f0fornaldar.\">Grikkland<\/a><\/div>\t\t\t\t<\/div>\n\t\t\t\t<\/div>\n\t\t<div class=\"elementor-element elementor-element-283b43a e-con-full e-flex e-con e-child\" data-id=\"283b43a\" data-element_type=\"container\" data-e-type=\"container\">\n\t\t\t\t<div class=\"elementor-element elementor-element-0d4e971 elementor-toc--minimized-on-tablet elementor-widget elementor-widget-table-of-contents\" data-id=\"0d4e971\" data-element_type=\"widget\" data-e-type=\"widget\" data-settings=\"{&quot;exclude_headings_by_selector&quot;:[],&quot;no_headings_message&quot;:&quot;Engar undirfyrirsagnir fundust \\u00e1 \\u00feessari s\\u00ed\\u00f0u.&quot;,&quot;headings_by_tags&quot;:[&quot;h2&quot;,&quot;h3&quot;],&quot;marker_view&quot;:&quot;bullets&quot;,&quot;icon&quot;:{&quot;value&quot;:&quot;fas fa-circle&quot;,&quot;library&quot;:&quot;fa-solid&quot;,&quot;rendered_tag&quot;:&quot;&lt;svg class=\\&quot;e-font-icon-svg e-fas-circle\\&quot; viewBox=\\&quot;0 0 512 512\\&quot; xmlns=\\&quot;http:\\\/\\\/www.w3.org\\\/2000\\\/svg\\&quot;&gt;&lt;path d=\\&quot;M256 8C119 8 8 119 8 256s111 248 248 248 248-111 248-248S393 8 256 8z\\&quot;&gt;&lt;\\\/path&gt;&lt;\\\/svg&gt;&quot;},&quot;minimize_box&quot;:&quot;yes&quot;,&quot;minimized_on&quot;:&quot;tablet&quot;,&quot;hierarchical_view&quot;:&quot;yes&quot;,&quot;min_height&quot;:{&quot;unit&quot;:&quot;px&quot;,&quot;size&quot;:&quot;&quot;,&quot;sizes&quot;:[]},&quot;min_height_tablet&quot;:{&quot;unit&quot;:&quot;px&quot;,&quot;size&quot;:&quot;&quot;,&quot;sizes&quot;:[]},&quot;min_height_mobile&quot;:{&quot;unit&quot;:&quot;px&quot;,&quot;size&quot;:&quot;&quot;,&quot;sizes&quot;:[]}}\" data-widget_type=\"table-of-contents.default\">\n\t\t\t\t\t\t\t\t\t<div class=\"elementor-toc__header\">\n\t\t\t\t\t\t<h2 class=\"elementor-toc__header-title\">\n\t\t\t\tEfnisyfirlit\t\t\t<\/h2>\n\t\t\t\t\t\t\t\t\t\t<div class=\"elementor-toc__toggle-button elementor-toc__toggle-button--expand\" role=\"button\" tabindex=\"0\" aria-controls=\"elementor-toc__0d4e971\" aria-expanded=\"true\" aria-label=\"Open table of contents\"><svg aria-hidden=\"true\" class=\"e-font-icon-svg e-fas-chevron-down\" viewBox=\"0 0 448 512\" xmlns=\"http:\/\/www.w3.org\/2000\/svg\"><path d=\"M207.029 381.476L12.686 187.132c-9.373-9.373-9.373-24.569 0-33.941l22.667-22.667c9.357-9.357 24.522-9.375 33.901-.04L224 284.505l154.745-154.021c9.379-9.335 24.544-9.317 33.901.04l22.667 22.667c9.373 9.373 9.373 24.569 0 33.941L240.971 381.476c-9.373 9.372-24.569 9.372-33.942 0z\"><\/path><\/svg><\/div>\n\t\t\t\t<div class=\"elementor-toc__toggle-button elementor-toc__toggle-button--collapse\" role=\"button\" tabindex=\"0\" aria-controls=\"elementor-toc__0d4e971\" aria-expanded=\"true\" aria-label=\"Close table of contents\"><svg aria-hidden=\"true\" class=\"e-font-icon-svg e-fas-chevron-up\" viewBox=\"0 0 448 512\" xmlns=\"http:\/\/www.w3.org\/2000\/svg\"><path d=\"M240.971 130.524l194.343 194.343c9.373 9.373 9.373 24.569 0 33.941l-22.667 22.667c-9.357 9.357-24.522 9.375-33.901.04L224 227.495 69.255 381.516c-9.379 9.335-24.544 9.317-33.901-.04l-22.667-22.667c-9.373-9.373-9.373-24.569 0-33.941L207.03 130.525c9.372-9.373 24.568-9.373 33.941-.001z\"><\/path><\/svg><\/div>\n\t\t\t\t\t<\/div>\n\t\t\t\t<div id=\"elementor-toc__0d4e971\" class=\"elementor-toc__body\">\n\t\t\t<div class=\"elementor-toc__spinner-container\">\n\t\t\t\t<svg class=\"elementor-toc__spinner eicon-animation-spin e-font-icon-svg e-eicon-loading\" aria-hidden=\"true\" viewBox=\"0 0 1000 1000\" xmlns=\"http:\/\/www.w3.org\/2000\/svg\"><path d=\"M500 975V858C696 858 858 696 858 500S696 142 500 142 142 304 142 500H25C25 237 238 25 500 25S975 237 975 500 763 975 500 975Z\"><\/path><\/svg>\t\t\t<\/div>\n\t\t<\/div>\n\t\t\t\t\t\t<\/div>\n\t\t\t\t<\/div>\n\t\t\t\t\t<\/div>\n\t\t\t\t<\/div>\n\t\t<div class=\"elementor-element elementor-element-03277b6 e-con-full e-flex e-con e-child\" data-id=\"03277b6\" data-element_type=\"container\" data-e-type=\"container\">\n\t\t\t\t<div class=\"elementor-element elementor-element-dcfe2b5 iwg-hero-image elementor-widget elementor-widget-image\" data-id=\"dcfe2b5\" data-element_type=\"widget\" data-e-type=\"widget\" data-widget_type=\"image.default\">\n\t\t\t\t\t\t\t\t\t\t\t\t\t\t\t<img fetchpriority=\"high\" decoding=\"async\" width=\"683\" height=\"1024\" src=\"https:\/\/iwell-guard.com\/wp-content\/uploads\/2026\/05\/goetter_griechenland_hera-683x1024.webp\" class=\"attachment-large size-large wp-image-170754\" alt=\"Hera - Gu\u00f0ir \u00far gr\u00edskri hef\u00f0, s\u00f6gulega myndskreytt\" srcset=\"https:\/\/iwell-guard.com\/wp-content\/uploads\/2026\/05\/goetter_griechenland_hera-683x1024.webp 683w, https:\/\/iwell-guard.com\/wp-content\/uploads\/2026\/05\/goetter_griechenland_hera-200x300.webp 200w, https:\/\/iwell-guard.com\/wp-content\/uploads\/2026\/05\/goetter_griechenland_hera-768x1152.webp 768w, https:\/\/iwell-guard.com\/wp-content\/uploads\/2026\/05\/goetter_griechenland_hera.webp 1024w\" sizes=\"(max-width: 683px) 100vw, 683px\" \/>\t\t\t\t\t\t\t\t\t\t\t\t\t\t\t<\/div>\n\t\t\t\t<\/div>\n\t\t\t\t\t<\/div>\n\t\t\t\t<\/div>\n\t\t<div class=\"elementor-element elementor-element-2f53819 e-con-boxed e-flex e-con e-parent\" data-id=\"2f53819\" data-element_type=\"container\" data-e-type=\"container\">\n\t\t\t\t\t<div class=\"e-con-inner\">\n\t\t<div class=\"elementor-element elementor-element-dc837e9 e-con-full e-flex e-con e-child\" data-id=\"dc837e9\" data-element_type=\"container\" data-e-type=\"container\">\n\t\t\t\t<div class=\"elementor-element elementor-element-8136194 elementor-widget elementor-widget-heading\" data-id=\"8136194\" data-element_type=\"widget\" data-e-type=\"widget\" data-widget_type=\"heading.default\">\n\t\t\t\t\t<h2 class=\"elementor-heading-title elementor-size-default\">Go\u00f0s\u00f6gn og \u00e6ttartr\u00e9<\/h2>\t\t\t\t<\/div>\n\t\t\t\t<div class=\"elementor-element elementor-element-1babf69 elementor-widget elementor-widget-text-editor\" data-id=\"1babf69\" data-element_type=\"widget\" data-e-type=\"widget\" data-widget_type=\"text-editor.default\">\n\t\t\t\t\t\t\t\t\t<p>Hes\u00edodos setur Heru \u00ed \u00abGu\u00f0a\u00e6ttart\u00f6lunni\u00bb (l\u00ednur 453 til 458) \u00ed a\u00f0ra kynsl\u00f3\u00f0 gu\u00f0legra vera: h\u00fan er d\u00f3ttir T\u00edtananna Kr\u00f3nosar og Reu, systkini Hest\u00edu, Demetru, Hadesar, P\u00f3seidons og Seifs.<\/p><p>Samkv\u00e6mt hrunss\u00f6gninni er henni gleypt af Kr\u00f3nosi eins og systkinum s\u00ednum og s\u00ed\u00f0ar sleppt aftur me\u00f0 upps\u00f6lulyfinu sem Rea gaf honum. Pausan\u00edas skr\u00e1ir arkad\u00edska hef\u00f0 \u00fear sem h\u00fan \u00f3lst upp sem st\u00falka vi\u00f0 \u00e1na Asterion n\u00e1l\u00e6gt Argos, hj\u00fakru\u00f0 af \u00feremur d\u00e6trum hennar, Euboiu, Prosymnu og Akraiu, sem s\u00ed\u00f0ar voru d\u00fdrka\u00f0ar sem uppsprettu-nymfur helgista\u00f0arins.<\/p>\n<p>Gu\u00f0a\u00e6ttartalan t\u00falkar sambandi\u00f0 vi\u00f0 Seif sem hieros gamos, heilagt br\u00fa\u00f0kaup, sem er kosm\u00f3l\u00f3g\u00edskt grundv\u00f6llur konungd\u00f3msins \u00e1 \u00d3lympsfjalli. \u00dar \u00feessu hj\u00f3nabandi eiga Ares, Heba og Eileithyia r\u00e6tur a\u00f0 rekja a\u00f0 s\u00f6gn Hes\u00edodosar; Hefaistos er, samkv\u00e6mt \u00f6\u00f0rum heimildum, alinn af Heru einni, sem \u00ferj\u00f3zkufull sv\u00f6r vi\u00f0 j\u00f3mfr\u00faarf\u00e6\u00f0ingu A\u00feenu \u00far h\u00f6f\u00f0i Seifs.<\/p><p>\u00cd H\u00f3merskvi\u00f0um eru \u00e6ttart\u00f6lurnar st\u00f6\u00f0ugri, en <span class=\"iwg-fachbegriff\" data-tooltip=\"Endurteki\u00f0 innihaldsatri\u00f0i \u00ed list e\u00f0a fr\u00e1s\u00f6gn.\" tabindex=\"0\">\u00feema\u00f0<\/span> (motif) um sj\u00e1lfst\u00e6\u00f0a m\u00f3\u00f0urhlutverk Heru er endurteki\u00f0 stef \u00ed go\u00f0s\u00f6gnum um hana. Sein hellen\u00edsk hef\u00f0, var\u00f0veitt hj\u00e1 Diod\u00f3rosi (V, 72), nefnir Argos sj\u00e1lft sem f\u00e6\u00f0ingarsta\u00f0 og gerir Temenos, son Pelasgosar, a\u00f0 fyrsta skipuleggjanda helgisi\u00f0a hennar.<\/p>\n<p>Athygli ver\u00f0ar v\u00edsbendingar um forgr\u00edska sj\u00e1lfst\u00e6\u00f0u tilvist hennar: Walter Burkert hefur \u00ed \u00abGriechische Religion der archaischen und klassischen Epoche\u00bb bent \u00e1 a\u00f0 d\u00fdrkunarmi\u00f0st\u00f6\u00f0var Heru \u00ed Argos, \u00e1 Samos og \u00ed Perakoru vir\u00f0ast eldri en full\u00fer\u00f3u\u00f0 \u00f3lympsk skipan.<\/p><p>Fundir mykenskra L\u00ednu-B-taflna fr\u00e1 P\u00fdlos og \u00deebu vitna undir nafninu \u00abe-ra\u00bb um vi\u00f0takanda f\u00f3rnargjafa allt fr\u00e1 \u00ferett\u00e1ndu \u00f6ld fyrir okkar t\u00edmatal. Gy\u00f0jan bar \u00feannig einkenni sj\u00e1lfst\u00e6\u00f0rar borgarverndargy\u00f0ju sem a\u00f0eins s\u00ed\u00f0ar var felld inn \u00ed h\u00f3mersku kerfi eiginkonu Seifs.<\/p>\n<p>\u00c6ttart\u00f6luv\u00edst hefur Hera \u00e1hrif langt inn \u00ed <span class=\"iwg-fachbegriff\" data-tooltip=\"Hef\u00f0bundin fr\u00e1s\u00f6gn um gu\u00f0i, uppruna og skipan heimsins.\" tabindex=\"0\">go\u00f0s\u00f6gnina<\/span> (m\u00fdtos) \u00ed gegnum b\u00f6rn s\u00edn. Ares var\u00f0 fa\u00f0ir Erosar (\u00ed einni af samkeppnishef\u00f0unum), F\u00f3bosar og Deimosar; Heba giftist eftir upphafningu Heraklesar til gu\u00f0atignar hinum gu\u00f0ger\u00f0a hetju; Eileithyia var\u00f0 \u00f3missandi fylgikona vi\u00f0 hverja f\u00e6\u00f0ingu.<\/p><p>\u00deessi r\u00e1s s\u00fdnir Heru minna sem kosm\u00f3l\u00f3g\u00edska frumm\u00f3\u00f0ur en sem stofnanda f\u00e9lagslegra stofnana: hj\u00f3nabands, f\u00e6\u00f0ingar, \u00e6sku.<\/p>\t\t\t\t\t\t\t\t<\/div>\n\t\t\t\t<\/div>\n\t\t<div class=\"elementor-element elementor-element-3f74f07 e-con-full e-flex e-con e-child\" data-id=\"3f74f07\" data-element_type=\"container\" data-e-type=\"container\">\n\t\t\t\t<div class=\"elementor-element elementor-element-768fc0b elementor-widget elementor-widget-heading\" data-id=\"768fc0b\" data-element_type=\"widget\" data-e-type=\"widget\" data-widget_type=\"heading.default\">\n\t\t\t\t\t<h2 class=\"elementor-heading-title elementor-size-default\">T\u00e1kn, myndlist og einkenni<\/h2>\t\t\t\t<\/div>\n\t\t\t\t<div class=\"elementor-element elementor-element-465c0ec elementor-widget elementor-widget-text-editor\" data-id=\"465c0ec\" data-element_type=\"widget\" data-e-type=\"widget\" data-widget_type=\"text-editor.default\">\n\t\t\t\t\t\t\t\t\t<p>S\u00edgilt einkenni Heru er h\u00f6fu\u00f0dj\u00e1sni\u00f0 e\u00f0a stefanan, h\u00e1r, oft turnl\u00edk k\u00f3r\u00f3na sem s\u00fdnir konungslega st\u00f6\u00f0u hennar. Oft heldur h\u00fan \u00e1 veldissprota, \u00e1 stundum sk\u00e1linni (f\u00ed\u00f6lu) fyrir f\u00f3rnargj\u00f6fina.<\/p><p>P\u00e1fuglinn, sem \u00e1 r\u00f3mverskum t\u00edma var fastur fylgifiskur hennar, kemur ekki fram \u00ed gr\u00edskri myndlistarhef\u00f0 fyrr en \u00e1 s\u00ed\u00f0ari t\u00edmum; \u00e1 fornaldarskei\u00f0i r\u00edktu gaukurinn og k\u00fdrin. Tengingin vi\u00f0 p\u00e1fuglinn er rakin til \u00d3v\u00edds (Ummyndanir I, 722 til 723), sem l\u00e6tur hin hundra\u00f0 augu hins drepna Argosar birtast a\u00f0 n\u00fdju \u00e1 fj\u00f6\u00f0rum fuglsins.<\/p>\n<p>Auknefni\u00f0 \u00abboopis\u00bb, \u00abk\u00faaeyg\u00bb, er sta\u00f0la\u00f0 h\u00f3mersk l\u00fdsingaror\u00f0 og v\u00edsar til fornrar tengingar vi\u00f0 nautgripi. Heinrich Schliemann og s\u00ed\u00f0ari kynsl\u00f3\u00f0ir fornleifafr\u00e6\u00f0inga fundu \u00ed argverskum fundum l\u00edkneski sem talin voru b\u00fakran\u00eda (nautsh\u00f6fu\u00f0) og sta\u00f0festa n\u00e1nd Heru vi\u00f0 horna\u00f0a gripi.<\/p><p>Gaukurinn kemur vi\u00f0 s\u00f6gu \u00ed br\u00fa\u00f0kaupsgo\u00f0s\u00f6gninni: Seifur er sag\u00f0ur hafa breytt s\u00e9r \u00ed frostbitinn gauk sem Hera bjarga\u00f0i, en \u00fe\u00e1 afhj\u00fapa\u00f0i gu\u00f0inn sig og ba\u00f0 um h\u00f6nd hennar. Pausan\u00edas (II, 17, 4) sta\u00f0festir \u00feessa \u00fatg\u00e1fu sem argverska sta\u00f0bundna hef\u00f0.<\/p>\n<p>\u00c1 klass\u00edskum vasam\u00e1lverkum ber Hera langan, belta\u00f0an peplos, auk bl\u00e6ju og af og til granatepli sem \u00e1v\u00f6xt hj\u00f3nabands og frj\u00f3semi.<\/p><p>Polykleitos ger\u00f0i fyrir Heraion \u00ed Argos gullh\u00fa\u00f0a\u00f0a f\u00edlabeinsl\u00edkneski, sem Pausan\u00edas segir hafa bori\u00f0 k\u00f3r\u00f3nu me\u00f0 Kalad\u00edsum og \u00e1rst\u00ed\u00f0argy\u00f0jum, granatepli \u00ed einni hendi, veldissprota me\u00f0 gauk \u00e1 toppnum \u00ed hinni.<\/p><p>L\u00edkneski\u00f0 var tali\u00f0 eitt af h\u00f6fu\u00f0verkum Polykleitosar, samb\u00e6rilegt vi\u00f0 Doryphoros hans, og m\u00f3ta\u00f0i mynd hinnar full\u00ferosku\u00f0u, h\u00e1s\u00e6tandi gy\u00f0ju um aldir.<\/p>\n<p>Minna kunnar gjafir eru lygos-runninn (munkapipar), sem vafinn var um <span class=\"iwg-fachbegriff\" data-tooltip=\"Myndarleg framsetning gu\u00f0s sem d\u00fdrku\u00f0 er \u00ed hofi e\u00f0a helgista\u00f0.\" tabindex=\"0\">skur\u00f0go\u00f0amynd<\/span> hennar vi\u00f0 sam\u00edsku Tonaia-h\u00e1t\u00ed\u00f0ina, auk granatepils. \u00dea\u00f0 s\u00ed\u00f0arnefnda tengir Heru vi\u00f0 Persef\u00f3nu og v\u00edsar til tv\u00f6faldra hlutverka \u00e1vaxtarins sem <span class=\"iwg-fachbegriff\" data-tooltip=\"Merki sem stendur \u00ed sta\u00f0 fyrir hugmynd e\u00f0a merkingu.\" tabindex=\"0\">t\u00e1kn<\/span> hj\u00f3nabandslegrar frj\u00f3semi og undirheimatengingar.<\/p><p>Myndfr\u00e6\u00f0ilegur munur \u00e1 Heru og Demetru er \u00f3sk\u00fdr \u00ed fornum myndverkum, sem sty\u00f0ur tilg\u00e1tuna um upphaflega tengda gr\u00f3\u00f0ur- og borgargy\u00f0ju.<\/p>\t\t\t\t\t\t\t\t<\/div>\n\t\t\t\t<\/div>\n\t\t<div class=\"elementor-element elementor-element-f74891a e-con-full e-flex e-con e-child\" data-id=\"f74891a\" data-element_type=\"container\" data-e-type=\"container\">\n\t\t\t\t<div class=\"elementor-element elementor-element-2223a90 elementor-widget elementor-widget-heading\" data-id=\"2223a90\" data-element_type=\"widget\" data-e-type=\"widget\" data-widget_type=\"heading.default\">\n\t\t\t\t\t<h2 class=\"elementor-heading-title elementor-size-default\">D\u00fdrkun og tilbei\u00f0sla<\/h2>\t\t\t\t<\/div>\n\t\t\t\t<div class=\"elementor-element elementor-element-830b952 elementor-widget elementor-widget-text-editor\" data-id=\"830b952\" data-element_type=\"widget\" data-e-type=\"widget\" data-widget_type=\"text-editor.default\">\n\t\t\t\t\t\t\t\t\t<p>Heraion-<span class=\"iwg-fachbegriff\" data-tooltip=\"\u00d6ll tr\u00faarleg tilbei\u00f0sla sem beinist a\u00f0 einum gu\u00f0i e\u00f0a heilagri veru.\" tabindex=\"0\">d\u00fdrkunin<\/span> skiptist \u00ed nokkrar meginl\u00ednur. \u00cd Argos var Hera d\u00fdrku\u00f0 sem borgargy\u00f0ja: Heraion-hofi\u00f0 milli M\u00fdkenu og Argos var mi\u00f0l\u00e6gt <span class=\"iwg-fachbegriff\" data-tooltip=\"Heilagur sta\u00f0ur helga\u00f0ur tilbei\u00f0slu tiltekins gu\u00f0s.\" tabindex=\"0\">helgista\u00f0ur<\/span> Arg\u00f3l\u00edslands, me\u00f0 eigin prestsemb\u00e6tti og margra daga h\u00e1t\u00ed\u00f0, Heraia. \u00cd \u00feessum leikum voru f\u00e6r\u00f0ar hekatombur, \u00feess vegna h\u00e9t Heraia einnig \u201eHekatombaia\u201c.<\/p><p>Til d\u00fdrkunarskipulagsins heyr\u00f0i kappakstur vagna, \u00fear sem sigurvegarinn hlaut bronsskj\u00f6ld sem hei\u00f0ursgj\u00f6f, auk h\u00e1t\u00ed\u00f0legrar g\u00f6ngu prestynjunnar \u00e1 vagni sem hv\u00edtir uxar dr\u00f3gu, l\u00fdst \u00ed fr\u00e1s\u00f6gninni um Kleobis og B\u00edton hj\u00e1 Her\u00f3d\u00f3tosi (I, 31).<\/p>\n<p>\u00c1 Samos st\u00f3\u00f0 j\u00f3n\u00edska Heraion-hofi\u00f0, sem \u00e1 sj\u00f6ttu \u00f6ld fyrir upphaf t\u00edmatals okkar n\u00e1\u00f0i g\u00edfurlegri st\u00e6r\u00f0. Her\u00f3d\u00f3tos l\u00fdsir <span class=\"iwg-fachbegriff\" data-tooltip=\"Heilagur sta\u00f0ur helga\u00f0ur tilbei\u00f0slu tiltekins gu\u00f0s.\" tabindex=\"0\">helgista\u00f0num<\/span> sem einum \u00feeim st\u00e6rsta \u00ed Grikklandi (Her\u00f3d\u00f3tos III, 60).<\/p><p>Mi\u00f0l\u00e6gt <span class=\"iwg-fachbegriff\" data-tooltip=\"Fastm\u00f3tu\u00f0 r\u00f6\u00f0 t\u00e1knr\u00e6nna athafna me\u00f0 tr\u00faarlega e\u00f0a menningarlega merkingu.\" tabindex=\"0\">helgisi\u00f0ur<\/span> var Tonaia: <span class=\"iwg-fachbegriff\" data-tooltip=\"Myndr\u00e6n framsetning gu\u00f0s sem d\u00fdrku\u00f0 er \u00ed hofi e\u00f0a helgid\u00f3mi.\" tabindex=\"0\">Gu\u00f0smyndin<\/span> var a\u00f0 n\u00f3ttu borin ni\u00f0ur a\u00f0 str\u00f6ndinni, vafin \u00ed lygos-greinar og \u00fevegin, sem t\u00falka\u00f0 hefur veri\u00f0 sem endurn\u00fdjun Heru sem meyjar og t\u00e1knr\u00e6n afturhvarf til \u00e1stands hennar fyrir hj\u00f3naband. <span class=\"iwg-fachbegriff\" data-tooltip=\"Hef\u00f0bundin fr\u00e1s\u00f6gn um gu\u00f0i, uppruna og skipan heimsins.\" tabindex=\"0\">Go\u00f0sagan<\/span> \u00fatsk\u00fdr\u00f0i <span class=\"iwg-fachbegriff\" data-tooltip=\"Fastm\u00f3tu\u00f0, endurtekin tr\u00faarleg ath\u00f6fn.\" tabindex=\"0\">si\u00f0inn<\/span> sem minningu um tilraun kar\u00edskra sj\u00f3r\u00e6ningja til a\u00f0 stela <span class=\"iwg-fachbegriff\" data-tooltip=\"Myndr\u00e6n framsetning gu\u00f0s sem d\u00fdrku\u00f0 er \u00ed hofi e\u00f0a helgid\u00f3mi.\" tabindex=\"0\">gu\u00f0smyndinni<\/span>.<\/p>\n<p>\u00cd Olymp\u00edu st\u00f3\u00f0 Heru-hofi\u00f0 eldra en Seifs-hofi\u00f0; h\u00e9r voru Heraia haldin, hlaup \u00f3giftra st\u00falkna \u00ed \u00feremur aldursflokkum yfir fimm sj\u00f6ttu hluta af lengd \u00ed\u00fer\u00f3ttavallarins, l\u00fdst af P\u00e1san\u00edasi (V, 16). Sext\u00e1n matronae, valdar \u00far \u00e6ttb\u00e1lkum Elis, \u00f3fu peplos-kl\u00e6\u00f0i\u00f0 fyrir gy\u00f0juna.<\/p><p>\u00cd Perakhora vi\u00f0 Korintu vitnar <span class=\"iwg-fachbegriff\" data-tooltip=\"Heilagur sta\u00f0ur helga\u00f0ur tilbei\u00f0slu tiltekins gu\u00f0s.\" tabindex=\"0\">helgista\u00f0ur<\/span> Heru Akraia og Limenia, hinnar \u201eklett\u00f3ttu\u201c og \u201ehafnartengdu\u201c Heru, um snemmb\u00e6ra sj\u00e1vard\u00fdrkun tengda siglingum; \u00fe\u00fasundir v\u00edgslugripa, \u00fear \u00e1 me\u00f0al f\u00f6nik\u00edskir skarabeusar, s\u00fdna mikilv\u00e6gi hafnard\u00fdrkunarinnar \u00e1 sj\u00f6undu og sj\u00f6ttu \u00f6ld fyrir Krist.<\/p>\n<p>S\u00e9rst\u00f6k l\u00edna er br\u00fa\u00f0kaupsd\u00fdrkunin. \u00cd Plataiai h\u00e9ldu B\u00f3\u00f3t\u00edumenn \u201eDaidala\u201c-h\u00e1t\u00ed\u00f0ina, \u00fear sem tr\u00e9\u00f0 <span class=\"iwg-fachbegriff\" data-tooltip=\"Myndr\u00e6n framsetning gu\u00f0s sem d\u00fdrku\u00f0 er \u00ed hofi e\u00f0a helgid\u00f3mi.\" tabindex=\"0\">gu\u00f0smynd<\/span> var skreytt sem br\u00fa\u00f0ur, borin \u00ed sigurg\u00f6ngu upp \u00e1 K\u00ed\u00fea\u00edron-fjall og a\u00f0 lokum brennd.<\/p><p>P\u00e1san\u00edas (IX, 3) \u00fatsk\u00fdrir h\u00e1t\u00ed\u00f0ina sem s\u00e1ttah\u00e1t\u00ed\u00f0 milli Seifs og Heru, sem haf\u00f0i dregi\u00f0 sig \u00ed hl\u00e9 eftir deilu. Sl\u00edkir si\u00f0ir s\u00fdna Heru sem pers\u00f3nugervingu endurtekins \u00e1rlegs hj\u00f3nabands, \u00fear sem a\u00f0skilna\u00f0ur og endursameining bera kosm\u00edska merkingu.<\/p>\t\t\t\t\t\t\t\t<\/div>\n\t\t\t\t<\/div>\n\t\t<div class=\"elementor-element elementor-element-34db45c e-con-full e-flex e-con e-child\" data-id=\"34db45c\" data-element_type=\"container\" data-e-type=\"container\">\n\t\t\t\t<div class=\"elementor-element elementor-element-56068f1 elementor-widget elementor-widget-heading\" data-id=\"56068f1\" data-element_type=\"widget\" data-e-type=\"widget\" data-widget_type=\"heading.default\">\n\t\t\t\t\t<h2 class=\"elementor-heading-title elementor-size-default\">Mikilv\u00e6g helgista\u00f0ir og musteri<\/h2>\t\t\t\t<\/div>\n\t\t\t\t<div class=\"elementor-element elementor-element-896894f elementor-widget elementor-widget-text-editor\" data-id=\"896894f\" data-element_type=\"widget\" data-e-type=\"widget\" data-widget_type=\"text-editor.default\">\n\t\t\t\t\t\t\t\t\t<p>Argverska Heraion-hofi\u00f0 er sta\u00f0sett um \u00e1tta k\u00edl\u00f3metra nor\u00f0austur af Argos, \u00e1 hjalla vi\u00f0 Evbeu-fjall. Fornaldarlega <span class=\"iwg-fachbegriff\" data-tooltip=\"Bygging sem tileinku\u00f0 er tilbei\u00f0slu einum e\u00f0a fleiri gu\u00f0um.\" tabindex=\"0\">musteri\u00f0<\/span> fr\u00e1 sj\u00f6undu \u00f6ld brann til grunna \u00e1ri\u00f0 423 fyrir upphaf t\u00edmatals okkar, eins og \u00de\u00fak\u00fdd\u00eddes (IV, 133) greinir fr\u00e1; klass\u00edska eftirbyggingin var reist undir stj\u00f3rn arkitektsins Eup\u00f3lemos.<\/p><p>Samkv\u00e6mt s\u00ed\u00f0ari hef\u00f0 var argverska \u00e1rtali\u00f0 tali\u00f0 eftir prestynjum Heru; \u00de\u00fak\u00fdd\u00eddes t\u00edmasetur atbur\u00f0 Pel\u00f3psskagastr\u00ed\u00f0sins me\u00f0 prestynjunni Kr\u00fdsis.<\/p>\n<p>Sam\u00edska Heraion-hofi\u00f0 vi\u00f0 \u00cdreon \u00fer\u00f3a\u00f0ist fr\u00e1 \u00e1ttundu \u00f6ld og var\u00f0 a\u00f0dr\u00e1ttarafl fyrir alla Grikki. \u00deri\u00f0ja <span class=\"iwg-fachbegriff\" data-tooltip=\"Bygging sem tileinku\u00f0 er tilbei\u00f0slu einum e\u00f0a fleiri gu\u00f0um.\" tabindex=\"0\">musteri\u00f0<\/span>, teikna\u00f0 af Rhoikos og \u00deeod\u00f3ros, var d\u00edptera-bygging me\u00f0 yfir hundra\u00f0 s\u00falum.<\/p><p>Fundargripir n\u00e1 fr\u00e1 egypskum bronsgripum til nor\u00f0urs\u00fdrlenskra f\u00edlabeinsmuna og s\u00fdna v\u00ed\u00f0t\u00e6kt tengslanet helgista\u00f0arins. P\u00f3l\u00fdkrates l\u00e9t reisa eftirbyggingu sem, samkv\u00e6mt Her\u00f3d\u00f3tosi, \u00e1 a\u00f0 hafa veri\u00f0 st\u00e6rsta gr\u00edska <span class=\"iwg-fachbegriff\" data-tooltip=\"Bygging sem tileinku\u00f0 er tilbei\u00f0slu einum e\u00f0a fleiri gu\u00f0um.\" tabindex=\"0\">musteri<\/span> sinnar t\u00ed\u00f0ar, en var \u00fe\u00f3 aldrei fullgert.<\/p>\n<p>A\u00f0rir mikilv\u00e6gir sta\u00f0ir eru Heraion-hofi\u00f0 \u00ed Foce del Sele vi\u00f0 Paestum \u00ed L\u00fakan\u00edu, musterisgrunnur Heru Lakinia vi\u00f0 Kr\u00f3t\u00f3n \u00ed Kalabr\u00edu (Strabon VI, 1, 11) og Heru-musteri\u00f0 \u00ed \u00f3lymp\u00edska <span class=\"iwg-fachbegriff\" data-tooltip=\"Heilagur trj\u00e1lundur sem \u00fej\u00f3na\u00f0i sem d\u00fdrkunarsta\u00f0ur.\" tabindex=\"0\">lundinum<\/span> (Heraion \u00ed Olymp\u00edu), \u00fear sem Hermes-styttan eftir Prax\u00edteles st\u00f3\u00f0, samkv\u00e6mt P\u00e1san\u00edasi.<\/p><p>Anna\u00f0 <span class=\"iwg-fachbegriff\" data-tooltip=\"Bygging sem tileinku\u00f0 er tilbei\u00f0slu einum e\u00f0a fleiri gu\u00f0um.\" tabindex=\"0\">musteri\u00f0<\/span> \u00ed Paestum, sem \u00e1 n\u00edtj\u00e1ndu \u00f6ld var nefnt \u201ePoseidon-musteri\u00f0\u201c, er \u00ed dag a\u00f0 mestu tali\u00f0 hafa veri\u00f0 Heru-musteri. Heraion Lakinion var samkomusta\u00f0ur \u00edtal\u00ed\u00f3ta-Grikkja og mi\u00f0st\u00f6\u00f0 bandalags sem h\u00e9lst allt fram \u00e1 r\u00f3mverska t\u00edma.<\/p>\n<p>Me\u00f0al minna \u00feekktra helgista\u00f0a eru Heraion-hofi\u00f0 \u00ed T\u00edryns, sem var reist \u00e1 r\u00fastum fyrrum megarons eftir a\u00f0 m\u00fdkenska borgin var ey\u00f0il\u00f6g\u00f0, Heraion-hofi\u00f0 \u00ed Korintu og Heraion-hofi\u00f0 \u00ed Mant\u00edneiu. Samfelldni \u00feessara sta\u00f0a milli m\u00fdkenska og fornaldart\u00edmans er eitt af mikilv\u00e6gustu r\u00f6kunum fyrir forgr\u00edskum l\u00f6gum Heru-d\u00fdrkunar.<\/p>\t\t\t\t\t\t\t\t<\/div>\n\t\t\t\t<\/div>\n\t\t<div class=\"elementor-element elementor-element-6cfea5c e-con-full e-flex e-con e-child\" data-id=\"6cfea5c\" data-element_type=\"container\" data-e-type=\"container\">\n\t\t\t\t<div class=\"elementor-element elementor-element-397f5f0 elementor-widget elementor-widget-heading\" data-id=\"397f5f0\" data-element_type=\"widget\" data-e-type=\"widget\" data-widget_type=\"heading.default\">\n\t\t\t\t\t<h2 class=\"elementor-heading-title elementor-size-default\">Go\u00f0sagnafr\u00e1sagnir<\/h2>\t\t\t\t<\/div>\n\t\t\t\t<div class=\"elementor-element elementor-element-7eb4199 elementor-widget elementor-widget-text-editor\" data-id=\"7eb4199\" data-element_type=\"widget\" data-e-type=\"widget\" data-widget_type=\"text-editor.default\">\n\t\t\t\t\t\t\t\t\t<p>\u00der\u00edr fr\u00e1sagnarhringir m\u00f3ta go\u00f0sagnakennda mynd Heru. Fyrsti hringurinn sn\u00fdst um eftirs\u00f3kn hennar vi\u00f0 hj\u00e1konur og laungetin b\u00f6rn Seifs. \u00cd riti Apollod\u00f3rosar (Bibliotheke II, 4, 8) sendir Hera tvo sn\u00e1ka til a\u00f0 drepa ungbarni\u00f0 Herakles \u00ed v\u00f6ggunni; barni\u00f0 kyrkir \u00fe\u00e1.<\/p><p>S\u00ed\u00f0ar sl\u00e6r h\u00fan hann me\u00f0 \u00e6\u00f0i svo hann myr\u00f0ir b\u00f6rn s\u00edn, sem ver\u00f0ur tilefni t\u00f3lf \u00ferautanna.<\/p><p>\u00cd tilviki \u00cd\u00f3 breytir Seifur \u00e1stkonu sinni \u00ed k\u00fa, sem Hera f\u00e6r afhenta og l\u00e6tur Argos Panoptes g\u00e6ta.<\/p><p>Eftir a\u00f0 Hermes vegur Argos elta hana geitungar sendir af Heru um heimsbygg\u00f0ina allt til Egyptalands, \u00fear sem h\u00fan f\u00e6r aftur mannlega mynd; \u00c6sk\u00fdlos gerir \u00feessa vegfer\u00f0 \u00ed \u00abFj\u00f6tra\u00f0ur Pr\u00f3me\u00feeifur\u00bb a\u00f0 tilv\u00edsun fram \u00e1 \u00e6ttars\u00f6gu Heraklesar.<\/p>\n<p>Annar hringurinn fjallar um f\u00e6\u00f0ingardramat\u00edk. Samkv\u00e6mt H\u00f3mer (Il\u00edonskvi\u00f0a XIX, 95 til 133) seinkar Hera f\u00e6\u00f0ingu Heraklesar me\u00f0 \u00fev\u00ed a\u00f0 halda Eileithy\u00edu aftur, svo a\u00f0 Evr\u00fds\u00feeifur f\u00e6\u00f0ist \u00e1 undan og hl\u00fdtur \u00feannig frumbur\u00f0arr\u00e9tt.<\/p><p>\u00cd deilunni um Let\u00f3 lokar Hera \u00e1stkonu Seifs \u00fati fr\u00e1 \u00f6llu f\u00f6stu landi; Delos, flj\u00f3tandi eyja, ver\u00f0ur f\u00e6\u00f0ingarsta\u00f0ur Apollons og Artemis. Umbreyting Kallisto \u00ed birnu, sem \u00d3v\u00ed\u00f0 greinir fr\u00e1 (Myndbreytingar II, 466 til 495), er \u00ed sumum \u00fatg\u00e1fum einnig eignu\u00f0 Heru.<\/p>\n<p>\u00deri\u00f0ji hringurinn s\u00fdnir Heru sem virka drottningu \u00ed Tr\u00f3justr\u00ed\u00f0inu. \u00cd \u00abBlekking Seifs\u00bb (Il\u00edonskvi\u00f0a XIV, 153 til 360) t\u00e6lir h\u00fan eiginmann sinn \u00e1 tindi \u00cdda-fjalls me\u00f0 belti Afrod\u00edtu til a\u00f0 tryggja Akkeum forskot.<\/p><p>\u00deetta atri\u00f0i telst eitt elstu d\u00e6mi um kvenlegt hyggindavald \u00ed evr\u00f3pskum b\u00f3kmenntum. \u00cd a\u00f0draganda str\u00ed\u00f0sins er h\u00fan, eftir Par\u00edsard\u00f3minn, \u00e1kafasti fjandma\u00f0ur Tr\u00f3ju: Par\u00eds haf\u00f0i \u00fathluta\u00f0 gullnu epli Eris til Afrod\u00edtu, ekki til Heru, sem haf\u00f0i heiti\u00f0 honum konungd\u00f3mi og herna\u00f0arlegri fr\u00e6g\u00f0.<\/p>\n<p>Fj\u00f3r\u00f0a, minna kunn atbur\u00f0ar\u00e1s er uppreisnin \u00e1 \u00d3lympsfjalli: Hj\u00e1 H\u00f3mer (Il\u00edonskvi\u00f0a I, 396 til 406) segir Akkilles fr\u00e1 \u00fev\u00ed a\u00f0 Hera, P\u00f3seidon og A\u00feena hafi eitt sinn fj\u00f6tra\u00f0 Seif, \u00fear til \u00deetis kalla\u00f0i \u00e1 hundra\u00f0hentan Brjareos til hj\u00e1lpar, sem frelsa\u00f0i go\u00f0af\u00f6\u00f0urinn.<\/p><p>\u00deessi atbur\u00f0ar\u00e1s s\u00fdnir Heru sem lei\u00f0toga a\u00f0alsflokks gegn konungslegri kr\u00f6fu eiginmannsins og styrkir st\u00f6\u00f0u hennar sem sj\u00e1lfst\u00e6tt starfandi drottning.<\/p>\t\t\t\t\t\t\t\t<\/div>\n\t\t\t\t<\/div>\n\t\t<div class=\"elementor-element elementor-element-c041306 e-con-full e-flex e-con e-child\" data-id=\"c041306\" data-element_type=\"container\" data-e-type=\"container\">\n\t\t\t\t<div class=\"elementor-element elementor-element-93398f8 elementor-widget elementor-widget-heading\" data-id=\"93398f8\" data-element_type=\"widget\" data-e-type=\"widget\" data-widget_type=\"heading.default\">\n\t\t\t\t\t<h2 class=\"elementor-heading-title elementor-size-default\">Tengsl innan go\u00f0aheimsins<\/h2>\t\t\t\t<\/div>\n\t\t\t\t<div class=\"elementor-element elementor-element-e2a0c61 elementor-widget elementor-widget-text-editor\" data-id=\"e2a0c61\" data-element_type=\"widget\" data-e-type=\"widget\" data-widget_type=\"text-editor.default\">\n\t\t\t\t\t\t\t\t\t<p>Spennan milli Heru og Seifs gengur eins og rau\u00f0ur \u00fer\u00e1\u00f0ur gegnum allt H\u00f3merskvi\u00f0urnar. H\u00fan er ekki einf\u00f6ld afbr\u00fd\u00f0isemi heldur birting tveggja samkeppnish\u00e6fra fullveldiskrafna: Seifur sem \u00e6\u00f0sti h\u00f6f\u00f0ingi \u00d3lympsfjalls, Hera sem l\u00f6gm\u00e6t drottning.<\/p><p>Hj\u00e1 Pindari og \u00ed harmleikjunum kemur h\u00fan fram sem \u00f3spillanlegur verndari hj\u00f3nabandslaganna. Hin t\u00ed\u00f0a s\u00e1ttargj\u00f6r\u00f0 go\u00f0anna, me\u00f0al annars \u00ed \u00abDaidala\u00bb-<span class=\"iwg-fachbegriff\" data-tooltip=\"Hef\u00f0bundin fr\u00e1s\u00f6gn um gu\u00f0i, upphaf og skipan heimsins.\" tabindex=\"0\">go\u00f0s\u00f6gninni<\/span> fr\u00e1 Plataiai, m\u00e1 lesa sem helgisi\u00f0abundna endurupplifun kosm\u00edsks hj\u00f3nabands sem \u00fearf a\u00f0 endurn\u00fdja \u00e1rlega.<\/p>\n<p>Me\u00f0 A\u00feenu og P\u00f3seidoni tengist h\u00fan \u00f3sigrinum \u00ed deilunni um Argos: P\u00e1san\u00edas greinir fr\u00e1 \u00fev\u00ed a\u00f0 flj\u00f3tsgu\u00f0irnir Inakos, Kef\u00edsos og Asterion hafi d\u00e6mt Heru \u00ed hag, en \u00fe\u00e1 l\u00e9t P\u00f3seidon flj\u00f3tin \u00feorna upp.<\/p><p>Vi\u00f0 Afrod\u00edtu er sambandi\u00f0 margslungi\u00f0: Hera f\u00e6r l\u00e1na\u00f0 belti hennar, en hafnar e\u00f0li er\u00f3t\u00edskrar t\u00e6lingar sem meginreglu. Hin sk\u00f6rpu skil milli hj\u00f3nabandslegrar tengingar (Hera) og frj\u00e1lsrar er\u00f3t\u00edkur (Afrod\u00edta) eru me\u00f0al grundvallarp\u00f3la gr\u00edska go\u00f0heimsins.<\/p>\n<p>Hefaistos, sonur hennar samkv\u00e6mt einni hef\u00f0, sm\u00ed\u00f0ar henni \u00ed einni \u00fatg\u00e1fu gullst\u00f3l sem fangar m\u00f3\u00f0ur hans, \u00fear til D\u00ed\u00f3n\u00fdsos gerir sm\u00ed\u00f0agu\u00f0inn drukkinn og f\u00e6r hann til a\u00f0 frelsa hana.<\/p><p>Samband hennar vi\u00f0 Herakles, son Alkmenu, er \u00e1kafasta fjandskapur go\u00f0heimsins; ekki fyrr en eftir upphafningu hans til go\u00f0atignar s\u00e6ttast \u00feau, og Hebe, d\u00f3ttir Heru, ver\u00f0ur himnesk eiginkona hans. Vi\u00f0 \u00cdris, sendibo\u00f0a go\u00f0anna, r\u00edkir s\u00e9rstaklega n\u00e1i\u00f0 \u00fej\u00f3nustusamband: \u00cdris framkv\u00e6mir erindi Heru a\u00f0 mestu \u00e1n millig\u00f6ngu Seifs.<\/p>\t\t\t\t\t\t\t\t<\/div>\n\t\t\t\t<\/div>\n\t\t<div class=\"elementor-element elementor-element-0bc498a e-con-full e-flex e-con e-child\" data-id=\"0bc498a\" data-element_type=\"container\" data-e-type=\"container\">\n\t\t\t\t<div class=\"elementor-element elementor-element-db984cd elementor-widget elementor-widget-heading\" data-id=\"db984cd\" data-element_type=\"widget\" data-e-type=\"widget\" data-widget_type=\"heading.default\">\n\t\t\t\t\t<h2 class=\"elementor-heading-title elementor-size-default\">M\u00f3ttaka<\/h2>\t\t\t\t<\/div>\n\t\t\t\t<div class=\"elementor-element elementor-element-d85d2c9 elementor-widget elementor-widget-text-editor\" data-id=\"d85d2c9\" data-element_type=\"widget\" data-e-type=\"widget\" data-widget_type=\"text-editor.default\">\n\t\t\t\t\t\t\t\t\t<p>\u00cd r\u00f3mverskum tr\u00faarbr\u00f6g\u00f0um er Hera sams\u00f6mu\u00f0 J\u00fan\u00f3, sem var tignu\u00f0 \u00ed R\u00f3m sem hluti af kap\u00edt\u00f3l\u00ednsku \u00ferenningunni \u00e1samt J\u00fap\u00edter og M\u00ednervu. Kenningarn\u00f6fn J\u00fan\u00f3ar eins og Lucina (f\u00e6\u00f0ingarhj\u00e1lp), Moneta (\u00e1minnandi) og Regina flytja hlutverk gr\u00edsku Heru yfir \u00ed latneskt samhengi, en b\u00e6ta vi\u00f0 n\u00fdjum \u00fe\u00e1ttum \u00far r\u00edkistr\u00fa.<\/p><p>\u00cd \u00abEneasarkvi\u00f0u\u00bb Virgils er J\u00fan\u00f3 ger\u00f0 a\u00f0 a\u00f0alandst\u00e6\u00f0ingi tr\u00f3janska landfl\u00f3ttans til \u00cdtal\u00edu og \u00fev\u00ed andst\u00e6\u00f0ingur r\u00f3mverskrar r\u00edkismyndunar, \u00fear til h\u00fan s\u00e6ttist a\u00f0 lokum (Eneasarkvi\u00f0a XII, 791 til 842).<\/p>\n<p>\u00c1 mi\u00f0\u00f6ldum var Hera a\u00f0allega kunn \u00ed gegnum \u00d3v\u00ed\u00f0shef\u00f0. \u00cd \u00abOvide moralis\u00e9\u00bb og go\u00f0afr\u00e6\u00f0ilegum handb\u00f3kum Boccaccios kemur h\u00fan fram sem l\u00edkingamynd, oft einskor\u00f0u\u00f0 vi\u00f0 afbr\u00fd\u00f0isemi.<\/p><p>Endurreisnin f\u00e6r\u00f0i me\u00f0 verkum Botticellis og Rafaels endurfundinn \u00e1huga \u00e1 fornri <span class=\"iwg-fachbegriff\" data-tooltip=\"Fr\u00e6\u00f0igrein um myndefni og merkingu \u00feeirra.\" tabindex=\"0\">helgimyndafr\u00e6\u00f0i<\/span>; galler\u00edi Annibale Carracci \u00ed Palazzo Farnese s\u00fdnir sigurvagn J\u00fan\u00f3ar dregin af p\u00e1fuglum. Rubens m\u00e1la\u00f0i nokkrar \u00fatg\u00e1fur af \u00abEi\u00f0i J\u00fan\u00f3ar\u00bb og deilunni um gulleplin.<\/p>\n<p>\u00c1 n\u00edtj\u00e1ndu og tuttugustu \u00f6ld einbeitir fr\u00e6\u00f0ileg m\u00f3ttaka s\u00e9r a\u00f0 spurningunni um ege\u00edska forgengla Heru. Martin Persson Nilsson s\u00e1 \u00ed henni endurspeglun m\u00edn\u00f3skra borgargy\u00f0ja; Karl Ker\u00e9nyi t\u00falka\u00f0i Heru sem pers\u00f3nuger\u00f0a fullkomnun kvenlegs l\u00edfshrings, fr\u00e1 mey til eiginkonu og ekkju, sem s\u00e9st af kenningarn\u00f6fnunum Pais, Teleia og Chera.<\/p><p>\u00cd n\u00fat\u00edma tr\u00faarbrag\u00f0afr\u00e6\u00f0i er Hera fyrirmynd sj\u00e1lfst\u00e6\u00f0rar hj\u00f3nabandsdrottningar andsp\u00e6nis er\u00f3t\u00edskri \u00e1stargy\u00f0ju. Fem\u00edn\u00edsk go\u00f0sagnafr\u00e6\u00f0i hefur fr\u00e1 1980 endurt\u00falka\u00f0 Heru sem margslungna kvenlega valdaf\u00edg\u00faru, sem \u00ed b\u00f3kmenntaheimildum var oft einskor\u00f0u\u00f0 vi\u00f0 aukahlutverk.<\/p>\t\t\t\t\t\t\t\t<\/div>\n\t\t\t\t<\/div>\n\t\t<div class=\"elementor-element elementor-element-930558b e-con-full e-flex e-con e-child\" data-id=\"930558b\" data-element_type=\"container\" data-e-type=\"container\">\n\t\t\t\t<div class=\"elementor-element elementor-element-58bd161 elementor-widget elementor-widget-heading\" data-id=\"58bd161\" data-element_type=\"widget\" data-e-type=\"widget\" data-widget_type=\"heading.default\">\n\t\t\t\t\t<h2 class=\"elementor-heading-title elementor-size-default\">Tr\u00faarfr\u00e6\u00f0ileg sta\u00f0setning<\/h2>\t\t\t\t<\/div>\n\t\t\t\t<div class=\"elementor-element elementor-element-cc260ed elementor-widget elementor-widget-text-editor\" data-id=\"cc260ed\" data-element_type=\"widget\" data-e-type=\"widget\" data-widget_type=\"text-editor.default\">\n\t\t\t\t\t\t\t\t\t<p>Fr\u00e1 ind\u00f3evr\u00f3psku sj\u00f3narhorni er tengsl Heru vi\u00f0 Seif a\u00f0 \u00f6llum l\u00edkindum yngra lag; ind\u00f3evr\u00f3psk or\u00f0sifjafr\u00e6\u00f0i nafns hennar er umdeild. Lag\u00f0ar hafa veri\u00f0 til lei\u00f0ir af \u00abhora\u00bb (\u00e1rst\u00ed\u00f0, tilhl\u00fd\u00f0ilegur t\u00edmi), \u00fear sem Hera yr\u00f0i skilin sem pers\u00f3nugerving hins full\u00feroska\u00f0a, hj\u00f3nabandsf\u00e6rs t\u00edma.<\/p><p>A\u00f0rir fr\u00e6\u00f0imenn, \u00fear \u00e1 me\u00f0al Robert Beekes, telja upprunann fr\u00e1 t\u00edmanum fyrir Grikki, m\u00f6gulega af Eyjahafssv\u00e6\u00f0inu, l\u00edklegri. M\u00edkenska heimildin \u00abe-ra\u00bb sta\u00f0festir tilvist nafnsins, en gefur ekki \u00f6ruggan grundv\u00f6ll til a\u00f0 draga \u00e1lyktun um upprunalegt hlutverk \u00feess.<\/p>\n<p>\u00cd samanbur\u00f0i vi\u00f0 forn-austurlenskar hli\u00f0st\u00e6\u00f0ur eru \u00e1berandi l\u00edkindi vi\u00f0 s\u00famersku In\u00f6nnu e\u00f0a het\u00edt\u00edsku Hebat, sem koma einnig fram sem borgardrottningar og drottningar ve\u00f0urgu\u00f0sins.<\/p>\n<p>Hera skilur sig \u00fe\u00f3 fr\u00e1 \u00feeim me\u00f0 sterkri tengingu sinni vi\u00f0 l\u00f6gbundinn hj\u00faskap; h\u00fan er ekki \u00e1stargy\u00f0ja, heldur bandalagsgy\u00f0ja. Fornsagan Eyjahafssv\u00e6\u00f0isins hefur m\u00f6gulega \u00feekkt sj\u00e1lfst\u00e6\u00f0a borgargy\u00f0ju sem, \u00ed kj\u00f6lfar innflutnings Grikkja, var saml\u00f6gu\u00f0 inn \u00ed \u00f3lympska kerfi\u00f0.<\/p>\n<p>Burkert setur Heru \u00ed samhengi \u00abpolis-tr\u00faarbrag\u00f0a\u00bb: h\u00fan er fyrst og fremst verndargy\u00f0ja p\u00f3lit\u00edsks samf\u00e9lags, og a\u00f0eins \u00ed \u00f6\u00f0ru lagi hin kosm\u00edska eiginkona. Eldri ranns\u00f3knir Wilamowitz-Moellendorffs s\u00e1u \u00ed Heru vitnisbur\u00f0 um samruna sta\u00f0bundinna d\u00fdrkunarhef\u00f0a \u00ed eina pangr\u00edska mynd, sem er enn \u00ed dag tali\u00f0 grunnl\u00edkani\u00f0.<\/p><p>N\u00fdrri rit Joan Breton Connelly um hlutverk prestynja draga fram hina stofnanalegu st\u00f6\u00f0u Heru-prestsemb\u00e6ttisins, sem \u00ed Argos gegndi hlutverki t\u00edmatalsvi\u00f0mi\u00f0s og haf\u00f0i \u00feannig p\u00f3lit\u00edska v\u00eddd sem skortir \u00ed samb\u00e6rilegum karlkyns gu\u00f0ad\u00fdrkunum.<\/p>\t\t\t\t\t\t\t\t<\/div>\n\t\t\t\t<\/div>\n\t\t<div class=\"elementor-element elementor-element-f79547f e-con-full e-flex e-con e-child\" data-id=\"f79547f\" data-element_type=\"container\" data-e-type=\"container\">\n\t\t\t\t<div class=\"elementor-element elementor-element-991ff3e elementor-widget elementor-widget-heading\" data-id=\"991ff3e\" data-element_type=\"widget\" data-e-type=\"widget\" data-widget_type=\"heading.default\">\n\t\t\t\t\t<h2 class=\"elementor-heading-title elementor-size-default\">Heimildir<\/h2>\t\t\t\t<\/div>\n\t\t\t\t<div class=\"elementor-element elementor-element-4929a8b elementor-widget elementor-widget-text-editor\" data-id=\"4929a8b\" data-element_type=\"widget\" data-e-type=\"widget\" data-widget_type=\"text-editor.default\">\n\t\t\t\t\t\t\t\t\t<div data-nosnippet=\"true\"><p>Hes\u00edodos, \u00ab\u00deeog\u00f3n\u00eda\u00bb, l\u00ednur 453 til 506 og 921 til 929. H\u00f3mer, \u00abIl\u00edonskvi\u00f0a\u00bb, s\u00e9rstaklega b\u00e6kur I, IV, XIV og XIX. Apollod\u00f3ros, \u00abBibliotheke\u00bb, I, 1 til 4 og II, 4, 8. Pausan\u00edas, \u00abL\u00fdsing \u00e1 Grikklandi\u00bb, II, 17 (Heraion \u00ed Argos), V, 16 (\u00d3lymp\u00edu) og IX, 3 (Plataiai-Daidala).<\/p><p>Her\u00f3d\u00f3tos, \u00abSagnfr\u00e6\u00f0i\u00bb, I, 31 og III, 60. \u00de\u00fak\u00fdd\u00eddes, \u00abSaga Pel\u00f3psskagastr\u00ed\u00f0sins\u00bb, IV, 133. \u00d3vid\u00edus, \u00abUmmyndanir\u00bb, s\u00e9rstaklega b\u00f3k I (\u00cd\u00f3) og II (Kallist\u00f3).<\/p><p>Virgill, \u00abEneasarkvi\u00f0a\u00bb, s\u00e9rstaklega b\u00f3k I og XII. Walter Burkert, \u00abGriechische Religion der archaischen und klassischen Epoche\u00bb, Stuttgart 1977. Karl Ker\u00e9nyi, \u00abZeus und Hera. Urbild des Vaters, des Gatten und der Frau\u00bb, Leiden 1972. Martin P. Nilsson, \u00abGeschichte der griechischen Religion\u00bb, M\u00fcnchen 1955.<\/p>\n\n<\/div>\t\t\t\t\t\t\t\t<\/div>\n\t\t\t\t<\/div>\n\t\t<div class=\"elementor-element elementor-element-b31c44f e-con-full e-flex e-con e-child\" data-id=\"b31c44f\" data-element_type=\"container\" data-e-type=\"container\">\n\t\t\t\t<div class=\"elementor-element elementor-element-889c41b elementor-widget elementor-widget-heading\" data-id=\"889c41b\" data-element_type=\"widget\" data-e-type=\"widget\" data-widget_type=\"heading.default\">\n\t\t\t\t\t<h2 class=\"elementor-heading-title elementor-size-default\">Algengar spurningar um Heru<\/h2>\t\t\t\t<\/div>\n\t\t\t\t<div class=\"elementor-element elementor-element-d3a2d8b elementor-widget elementor-widget-text-editor\" data-id=\"d3a2d8b\" data-element_type=\"widget\" data-e-type=\"widget\" data-widget_type=\"text-editor.default\">\n\t\t\t\t\t\t\t\t\t<h3 class=\"wp-block-heading\">Hver er Hera \u00ed gr\u00edskri <span class=\"iwg-fachbegriff\" data-tooltip=\"Heildarsafn var\u00f0veittra gu\u00f0asagna \u00ed \u00e1kve\u00f0inni menningu.\" tabindex=\"0\">go\u00f0afr\u00e6\u00f0i<\/span>?<\/h3>\n\n\n\n<p>Hera er \u00ed gr\u00edskri <span class=\"iwg-fachbegriff\" data-tooltip=\"Heildarsafn var\u00f0veittra gu\u00f0asagna \u00ed \u00e1kve\u00f0inni menningu.\" tabindex=\"0\">go\u00f0afr\u00e6\u00f0i<\/span> drottning gu\u00f0anna, systir og eiginkona Seifs, ein af t\u00f3lf \u00f3lympsgu\u00f0unum. H\u00fan er gy\u00f0ja hj\u00f3nabands, fj\u00f6lskyldu og f\u00e6\u00f0ingar og er talin verndari giftra kvenna.<\/p><p>Hera er s\u00fdnd sem tignarleg, konungleg vera, oft me\u00f0 k\u00f3r\u00f3nu og veldissprota, og heilagt d\u00fdr hennar er p\u00e1fuglinn. R\u00f3mverska hli\u00f0st\u00e6\u00f0a hennar er J\u00fan\u00f3, sem j\u00fan\u00edm\u00e1nu\u00f0ur er nefndur eftir.<\/p>\n\n\n\n<h3 class=\"wp-block-heading\">Hvers vegna er Hera talin afbr\u00fd\u00f0is\u00f6m \u00ed go\u00f0s\u00f6gunum?<\/h3>\n\n\n\n<p>Hera kemur fram \u00ed fj\u00f6lm\u00f6rgum go\u00f0s\u00f6gum sem afbr\u00fd\u00f0is\u00f6m og langr\u00e6kin eiginkona, sem tengist beint framhj\u00e1haldi Seifs: Seifur \u00e1tti \u00f3teljandi b\u00f6rn me\u00f0 gy\u00f0jum og dau\u00f0legum konum, og rei\u00f0i Heru beindist oft a\u00f0 \u00feessum \u00e1stkonum og afkomendum \u00feeirra.<\/p><p>Vel \u00feekkt er \u00e6vil\u00f6ng eftirs\u00f3kn hennar vi\u00f0 Heraklesi, son Seifs, en nafn hans \u00fe\u00fd\u00f0ir, \u00fer\u00e1tt fyrir m\u00f3ts\u00f6gnina, d\u00fdr\u00f0 Heru. \u00dat fr\u00e1 tr\u00faarbrag\u00f0as\u00f6gulegu sj\u00f3narhorni endurspegla \u00feessi \u00e1t\u00f6k sennilega samruna fornrar, sj\u00e1lfst\u00e6\u00f0rar m\u00f3\u00f0urgy\u00f0ju og <span class=\"iwg-fachbegriff\" data-tooltip=\"Heildarsafn tr\u00faarlegra tilbei\u00f0sluathafna fyrir gu\u00f0 e\u00f0a heilaga veru.\" tabindex=\"0\">d\u00fdrkun<\/span> Seifs.<\/p>\n\n\n\n<script type=\"application\/ld+json\">{\"@context\":\"https:\/\/schema.org\",\"@type\":\"FAQPage\",\"mainEntity\":[{\"@type\":\"Question\",\"name\":\"Wer ist Hera in der griechischen Mythologie?\",\"acceptedAnswer\":{\"@type\":\"Answer\",\"text\":\"Hera ist in der griechischen Mythologie die K\\\\u00f6nigin der G\\\\u00f6tter, Schwester und Gemahlin des Zeus, eine der zw\\\\u00f6lf olympischen G\\\\u00f6tter. Sie ist die G\\\\u00f6ttin der Ehe, der Familie und der Geburt und gilt als Besch\\\\u00fctzerin der verheirateten Frauen. Hera wird als w\\\\u00fcrdevolle, majest\\\\u00e4tische Gestalt dargestellt, oft mit Diadem und Zepter, ihr heiliges Tier ist der Pfau. Ihr r\\\\u00f6misches Gegenst\\\\u00fcck ist Juno, nach der der Monat Juni benannt ist.\"}},{\"@type\":\"Question\",\"name\":\"Warum gilt Hera in den Mythen als eifers\\\\u00fcchtig?\",\"acceptedAnswer\":{\"@type\":\"Answer\",\"text\":\"Hera erscheint in zahlreichen Mythen als eifers\\\\u00fcchtige und nachtragende Gemahlin, was unmittelbar mit der Untreue des Zeus zusammenh\\\\u00e4ngt: Zeus zeugte zahllose Kinder mit G\\\\u00f6ttinnen und sterblichen Frauen, und Heras Zorn richtete sich oft gegen diese Geliebten und ihre Nachkommen. Bekannt ist ihre lebenslange Verfolgung des Herakles, eines Sohnes des Zeus, dessen Name paradoxerweise Ruhm der Hera bedeutet. Aus religionsgeschichtlicher Sicht spiegeln diese Konflikte vermutlich die Verschmelzung einer alten, eigenst\\\\u00e4ndigen Mutterg\\\\u00f6ttin mit dem Kult des Zeus.\"}}]}<\/script>\t\t\t\t\t\t\t\t<\/div>\n\t\t\t\t<\/div>\n\t\t\t\t\t<\/div>\n\t\t\t\t<\/div>\n\t\t\t\t<\/div>\n\t\t","protected":false},"excerpt":{"rendered":"","protected":false},"author":3,"featured_media":2984,"parent":0,"menu_order":0,"comment_status":"closed","ping_status":"closed","template":"elementor_header_footer","meta":{"_yoast_wpseo_focuskw":"Hera","_yoast_wpseo_title":"Hera \u2013 gy\u00f0ja hj\u00f3nabandsins og drottning \u00d3lympsfjalls | iWell Guard","_yoast_wpseo_metadesc":"Hera er gy\u00f0ja hj\u00f3nabands og fj\u00f6lskyldu og drottning \u00d3lympsfjalls. Systir og eiginkona Seifs, m\u00f3\u00f0ir Aresar, Hebu og Hefaistosar. Go\u00f0s\u00f6gn, d\u00fdrkun, tilbei\u00f0sla.","_yoast_wpseo_meta-robots-noindex":"","_yoast_wpseo_canonical":"","_angie_page":false,"gefaehrdungsstufe":"3","wesen_kultur":"griechenland","wesen_klasse":"goetter","footnotes":""},"categories":[],"class_list":["post-169046","page","type-page","status-publish","has-post-thumbnail","hentry"],"yoast_head":"<!-- This site is optimized with the Yoast SEO Premium plugin v27.7 (Yoast SEO v28.3) - https:\/\/yoast.com\/product\/yoast-seo-premium-wordpress\/ -->\n<title>Hera \u2013 gy\u00f0ja hj\u00f3nabandsins og drottning \u00d3lympsfjalls | iWell Guard<\/title>\n<meta name=\"description\" content=\"Hera er gy\u00f0ja hj\u00f3nabands og fj\u00f6lskyldu og drottning \u00d3lympsfjalls. Systir og eiginkona Seifs, m\u00f3\u00f0ir Aresar, Hebu og Hefaistosar. Go\u00f0s\u00f6gn, d\u00fdrkun, tilbei\u00f0sla.\" \/>\n<meta name=\"robots\" content=\"index, follow, max-snippet:-1, max-image-preview:large, max-video-preview:-1\" \/>\n<link rel=\"canonical\" href=\"https:\/\/iwell-guard.com\/is\/hera\/\" \/>\n<meta property=\"og:locale\" content=\"is_IS\" \/>\n<meta property=\"og:type\" content=\"article\" \/>\n<meta property=\"og:title\" content=\"Hera\" \/>\n<meta property=\"og:description\" content=\"Hera er gy\u00f0ja hj\u00f3nabands og fj\u00f6lskyldu og drottning \u00d3lympsfjalls. Systir og eiginkona Seifs, m\u00f3\u00f0ir Aresar, Hebu og Hefaistosar. Go\u00f0s\u00f6gn, d\u00fdrkun, tilbei\u00f0sla.\" \/>\n<meta property=\"og:url\" content=\"https:\/\/iwell-guard.com\/is\/hera\/\" \/>\n<meta property=\"og:site_name\" content=\"iWell Guard\" \/>\n<meta property=\"article:modified_time\" content=\"2026-09-05T14:30:53+00:00\" \/>\n<meta property=\"og:image\" content=\"https:\/\/iwell-guard.com\/wp-content\/uploads\/2026\/05\/goetter_griechenland_hera.webp\" \/>\n\t<meta property=\"og:image:width\" content=\"1024\" \/>\n\t<meta property=\"og:image:height\" content=\"1536\" \/>\n\t<meta property=\"og:image:type\" content=\"image\/webp\" \/>\n<meta name=\"twitter:card\" content=\"summary_large_image\" \/>\n<script type=\"application\/ld+json\" class=\"yoast-schema-graph\">{\"@context\":\"https:\\\/\\\/schema.org\",\"@graph\":[{\"@type\":\"WebPage\",\"@id\":\"https:\\\/\\\/iwell-guard.com\\\/is\\\/hera\\\/\",\"url\":\"https:\\\/\\\/iwell-guard.com\\\/is\\\/hera\\\/\",\"name\":\"Hera \u2013 gy\u00f0ja hj\u00f3nabandsins og drottning \u00d3lympsfjalls | iWell Guard\",\"isPartOf\":{\"@id\":\"https:\\\/\\\/iwell-guard.com\\\/is\\\/#website\"},\"primaryImageOfPage\":{\"@id\":\"https:\\\/\\\/iwell-guard.com\\\/is\\\/hera\\\/#primaryimage\"},\"image\":{\"@id\":\"https:\\\/\\\/iwell-guard.com\\\/is\\\/hera\\\/#primaryimage\"},\"thumbnailUrl\":\"https:\\\/\\\/iwell-guard.com\\\/wp-content\\\/uploads\\\/2026\\\/05\\\/goetter_griechenland_hera.webp\",\"datePublished\":\"2026-09-05T14:05:07+00:00\",\"dateModified\":\"2026-09-05T14:30:53+00:00\",\"description\":\"Hera er gy\u00f0ja hj\u00f3nabands og fj\u00f6lskyldu og drottning \u00d3lympsfjalls. Systir og eiginkona Seifs, m\u00f3\u00f0ir Aresar, Hebu og Hefaistosar. Go\u00f0s\u00f6gn, d\u00fdrkun, tilbei\u00f0sla.\",\"breadcrumb\":{\"@id\":\"https:\\\/\\\/iwell-guard.com\\\/is\\\/hera\\\/#breadcrumb\"},\"inLanguage\":\"is\",\"potentialAction\":[{\"@type\":\"ReadAction\",\"target\":[\"https:\\\/\\\/iwell-guard.com\\\/is\\\/hera\\\/\"]}]},{\"@type\":\"ImageObject\",\"inLanguage\":\"is\",\"@id\":\"https:\\\/\\\/iwell-guard.com\\\/is\\\/hera\\\/#primaryimage\",\"url\":\"https:\\\/\\\/iwell-guard.com\\\/wp-content\\\/uploads\\\/2026\\\/05\\\/goetter_griechenland_hera.webp\",\"contentUrl\":\"https:\\\/\\\/iwell-guard.com\\\/wp-content\\\/uploads\\\/2026\\\/05\\\/goetter_griechenland_hera.webp\",\"width\":1024,\"height\":1536,\"caption\":\"Gu\u00f0ir \u00far gr\u00edskri hef\u00f0.\"},{\"@type\":\"BreadcrumbList\",\"@id\":\"https:\\\/\\\/iwell-guard.com\\\/is\\\/hera\\\/#breadcrumb\",\"itemListElement\":[{\"@type\":\"ListItem\",\"position\":1,\"name\":\"Start\",\"item\":\"https:\\\/\\\/iwell-guard.com\\\/is\\\/?page_id=168580\"},{\"@type\":\"ListItem\",\"position\":2,\"name\":\"Hera\"}]},{\"@type\":\"WebSite\",\"@id\":\"https:\\\/\\\/iwell-guard.com\\\/is\\\/#website\",\"url\":\"https:\\\/\\\/iwell-guard.com\\\/is\\\/\",\"name\":\"iWell Guard\",\"description\":\"Schutz vor dunklen Einfl\u00fcssen\",\"publisher\":{\"@id\":\"https:\\\/\\\/iwell-guard.com\\\/is\\\/#organization\"},\"potentialAction\":[{\"@type\":\"SearchAction\",\"target\":{\"@type\":\"EntryPoint\",\"urlTemplate\":\"https:\\\/\\\/iwell-guard.com\\\/is\\\/?s={search_term_string}\"},\"query-input\":{\"@type\":\"PropertyValueSpecification\",\"valueRequired\":true,\"valueName\":\"search_term_string\"}}],\"inLanguage\":\"is\"},{\"@type\":\"Organization\",\"@id\":\"https:\\\/\\\/iwell-guard.com\\\/is\\\/#organization\",\"name\":\"Ittermann electronic GmbH\",\"url\":\"https:\\\/\\\/iwell-guard.com\\\/is\\\/\",\"logo\":{\"@type\":\"ImageObject\",\"inLanguage\":\"is\",\"@id\":\"https:\\\/\\\/iwell-guard.com\\\/is\\\/#\\\/schema\\\/logo\\\/image\\\/\",\"url\":\"https:\\\/\\\/iwell-guard.com\\\/wp-content\\\/uploads\\\/2026\\\/05\\\/Ittermann-Logo-1182x237-1.png\",\"contentUrl\":\"https:\\\/\\\/iwell-guard.com\\\/wp-content\\\/uploads\\\/2026\\\/05\\\/Ittermann-Logo-1182x237-1.png\",\"width\":1182,\"height\":237,\"caption\":\"Ittermann electronic GmbH\"},\"image\":{\"@id\":\"https:\\\/\\\/iwell-guard.com\\\/is\\\/#\\\/schema\\\/logo\\\/image\\\/\"},\"sameAs\":[\"https:\\\/\\\/pantip.com\\\/profile\\\/9367242\",\"https:\\\/\\\/micro.blog\\\/iwellguard\",\"https:\\\/\\\/www.diggerslist.com\\\/iwellguard\\\/about\",\"https:\\\/\\\/skitterphoto.com\\\/photographers\\\/2870314\\\/iwell-guard\",\"https:\\\/\\\/iwellguard.wordpress.com\\\/2026\\\/06\\\/06\\\/iwell-guard\\\/\",\"https:\\\/\\\/hub.docker.com\\\/u\\\/iwellguard\",\"https:\\\/\\\/www.pinterest.com\\\/iwellguard\\\/\",\"https:\\\/\\\/bit.ly\\\/m\\\/iwellguard\",\"https:\\\/\\\/entre-vos-mains.alsace.eu\\\/profiles\\\/iwellguard\\\/activity\",\"https:\\\/\\\/gravatar.com\\\/reallybeded8fd34\",\"https:\\\/\\\/naijamatta.com\\\/iwellguard\",\"https:\\\/\\\/www.goodreads.com\\\/iwellguard\",\"https:\\\/\\\/profile.hatena.ne.jp\\\/iwellguard\\\/\",\"https:\\\/\\\/experiment.com\\\/users\\\/iwellguard\",\"https:\\\/\\\/wakelet.com\\\/@iWellGuard82270\",\"https:\\\/\\\/www.chordie.com\\\/forum\\\/profile.php?id=2555664\",\"https:\\\/\\\/www.instapaper.com\\\/p\\\/17757966\",\"https:\\\/\\\/www.mapleprimes.com\\\/users\\\/iwellguard\",\"https:\\\/\\\/businesslistingplus.com\\\/profile\\\/iwell-guard\\\/\",\"https:\\\/\\\/telegra.ph\\\/iWell-Guard-06-06\",\"https:\\\/\\\/pbase.com\\\/iwellguard\\\/iwellguard\",\"https:\\\/\\\/b.hatena.ne.jp\\\/iwellguard\\\/20260607#bookmark-4788405196491818882\",\"https:\\\/\\\/fliphtml5.com\\\/home\\\/iwellguard\",\"https:\\\/\\\/anyflip.com\\\/homepage\\\/cmiwl#About\",\"https:\\\/\\\/transfur.com\\\/Users\\\/iwellguard\",\"http:\\\/\\\/delphi.larsbo.org\\\/user\\\/iwellguard\",\"https:\\\/\\\/jobs.lajobsportal.org\\\/profiles\\\/8380803-iwell-guard\",\"https:\\\/\\\/md.chaosdorf.de\\\/s\\\/jfbe5SBdJD\",\"https:\\\/\\\/www.lingvolive.com\\\/en-us\\\/profile\\\/9ecaeaca-ce11-4e51-9e71-01d55e2bff36\\\/translations\",\"https:\\\/\\\/www.fitday.com\\\/fitness\\\/forums\\\/members\\\/iwellguard.html\",\"https:\\\/\\\/www.mymeetbook.com\\\/iwellguard\",\"https:\\\/\\\/pxhere.com\\\/en\\\/photographer-me\\\/5040798\",\"https:\\\/\\\/disqus.com\\\/by\\\/iwellguard\\\/about\\\/\",\"https:\\\/\\\/pastelink.net\\\/hjwciqwq\",\"https:\\\/\\\/pubhtml5.com\\\/homepage\\\/scjhn\\\/\",\"https:\\\/\\\/www.bitchute.com\\\/channel\\\/2O2eOKzNqujT\",\"https:\\\/\\\/audiomack.com\\\/iwellguard\"]},{\"@type\":\"Article\",\"@id\":\"https:\\\/\\\/iwell-guard.com\\\/is\\\/hera\\\/#article\",\"isPartOf\":{\"@id\":\"https:\\\/\\\/iwell-guard.com\\\/is\\\/hera\\\/\"},\"author\":{\"name\":\"Ralf Ittermann\",\"@id\":\"https:\\\/\\\/iwell-guard.com\\\/is\\\/#\\\/schema\\\/person\\\/ee2a27f1cac3406c7c6fb5820cb7349f\"},\"headline\":\"Hera\",\"datePublished\":\"2026-09-05T14:05:07+00:00\",\"dateModified\":\"2026-09-05T14:30:53+00:00\",\"mainEntityOfPage\":{\"@id\":\"https:\\\/\\\/iwell-guard.com\\\/is\\\/hera\\\/\"},\"publisher\":{\"@id\":\"https:\\\/\\\/iwell-guard.com\\\/is\\\/#organization\"},\"image\":{\"@id\":\"https:\\\/\\\/iwell-guard.com\\\/is\\\/hera\\\/#primaryimage\"},\"thumbnailUrl\":\"https:\\\/\\\/iwell-guard.com\\\/wp-content\\\/uploads\\\/2026\\\/05\\\/goetter_griechenland_hera.webp\",\"inLanguage\":\"is\",\"description\":\"Hera er gy\u00f0ja hj\u00f3nabands og fj\u00f6lskyldu og drottning \u00d3lympsfjalls. Systir og eiginkona Seifs, m\u00f3\u00f0ir Aresar, Hebu og Hefaistosar. Go\u00f0s\u00f6gn, d\u00fdrkun, tilbei\u00f0sla.\"}]}<\/script>\n<!-- \/ Yoast SEO Premium plugin. -->","yoast_head_json":{"title":"Hera \u2013 gy\u00f0ja hj\u00f3nabandsins og drottning \u00d3lympsfjalls | iWell Guard","description":"Hera er gy\u00f0ja hj\u00f3nabands og fj\u00f6lskyldu og drottning \u00d3lympsfjalls. Systir og eiginkona Seifs, m\u00f3\u00f0ir Aresar, Hebu og Hefaistosar. Go\u00f0s\u00f6gn, d\u00fdrkun, tilbei\u00f0sla.","robots":{"index":"index","follow":"follow","max-snippet":"max-snippet:-1","max-image-preview":"max-image-preview:large","max-video-preview":"max-video-preview:-1"},"canonical":"https:\/\/iwell-guard.com\/is\/hera\/","og_locale":"is_IS","og_type":"article","og_title":"Hera","og_description":"Hera er gy\u00f0ja hj\u00f3nabands og fj\u00f6lskyldu og drottning \u00d3lympsfjalls. Systir og eiginkona Seifs, m\u00f3\u00f0ir Aresar, Hebu og Hefaistosar. Go\u00f0s\u00f6gn, d\u00fdrkun, tilbei\u00f0sla.","og_url":"https:\/\/iwell-guard.com\/is\/hera\/","og_site_name":"iWell Guard","article_modified_time":"2026-09-05T14:30:53+00:00","og_image":[{"width":1024,"height":1536,"url":"https:\/\/iwell-guard.com\/wp-content\/uploads\/2026\/05\/goetter_griechenland_hera.webp","type":"image\/webp"}],"twitter_card":"summary_large_image","schema":{"@context":"https:\/\/schema.org","@graph":[{"@type":"Article","@id":"https:\/\/iwell-guard.com\/is\/hera\/#article","isPartOf":{"@id":"https:\/\/iwell-guard.com\/is\/hera\/"},"author":{"name":"Ralf Ittermann","@id":"https:\/\/iwell-guard.com\/is\/#\/schema\/person\/ee2a27f1cac3406c7c6fb5820cb7349f"},"headline":"Hera","datePublished":"2026-09-05T14:05:07+00:00","dateModified":"2026-09-05T14:30:53+00:00","mainEntityOfPage":{"@id":"https:\/\/iwell-guard.com\/is\/hera\/"},"publisher":{"@id":"https:\/\/iwell-guard.com\/is\/#organization"},"image":{"@id":"https:\/\/iwell-guard.com\/is\/hera\/#primaryimage"},"thumbnailUrl":"https:\/\/iwell-guard.com\/wp-content\/uploads\/2026\/05\/goetter_griechenland_hera.webp","inLanguage":"is","description":"Hera er gy\u00f0ja hj\u00f3nabands og fj\u00f6lskyldu og drottning \u00d3lympsfjalls. Systir og eiginkona Seifs, m\u00f3\u00f0ir Aresar, Hebu og Hefaistosar. Go\u00f0s\u00f6gn, d\u00fdrkun, tilbei\u00f0sla."},{"@type":"WebPage","@id":"https:\/\/iwell-guard.com\/is\/hera\/","url":"https:\/\/iwell-guard.com\/is\/hera\/","name":"Hera \u2013 gy\u00f0ja hj\u00f3nabandsins og drottning \u00d3lympsfjalls | iWell Guard","isPartOf":{"@id":"https:\/\/iwell-guard.com\/is\/#website"},"primaryImageOfPage":{"@id":"https:\/\/iwell-guard.com\/is\/hera\/#primaryimage"},"image":{"@id":"https:\/\/iwell-guard.com\/is\/hera\/#primaryimage"},"thumbnailUrl":"https:\/\/iwell-guard.com\/wp-content\/uploads\/2026\/05\/goetter_griechenland_hera.webp","datePublished":"2026-09-05T14:05:07+00:00","dateModified":"2026-09-05T14:30:53+00:00","description":"Hera er gy\u00f0ja hj\u00f3nabands og fj\u00f6lskyldu og drottning \u00d3lympsfjalls. Systir og eiginkona Seifs, m\u00f3\u00f0ir Aresar, Hebu og Hefaistosar. Go\u00f0s\u00f6gn, d\u00fdrkun, tilbei\u00f0sla.","breadcrumb":{"@id":"https:\/\/iwell-guard.com\/is\/hera\/#breadcrumb"},"inLanguage":"is","potentialAction":[{"@type":"ReadAction","target":["https:\/\/iwell-guard.com\/is\/hera\/"]}]},{"@type":"ImageObject","inLanguage":"is","@id":"https:\/\/iwell-guard.com\/is\/hera\/#primaryimage","url":"https:\/\/iwell-guard.com\/wp-content\/uploads\/2026\/05\/goetter_griechenland_hera.webp","contentUrl":"https:\/\/iwell-guard.com\/wp-content\/uploads\/2026\/05\/goetter_griechenland_hera.webp","width":1024,"height":1536,"caption":"Gu\u00f0ir \u00far gr\u00edskri hef\u00f0."},{"@type":"BreadcrumbList","@id":"https:\/\/iwell-guard.com\/is\/hera\/#breadcrumb","itemListElement":[{"@type":"ListItem","position":1,"name":"Start","item":"https:\/\/iwell-guard.com\/is\/?page_id=168580"},{"@type":"ListItem","position":2,"name":"Hera"}]},{"@type":"WebSite","@id":"https:\/\/iwell-guard.com\/is\/#website","url":"https:\/\/iwell-guard.com\/is\/","name":"iWell Guard","description":"Schutz vor dunklen Einfl\u00fcssen","publisher":{"@id":"https:\/\/iwell-guard.com\/is\/#organization"},"potentialAction":[{"@type":"SearchAction","target":{"@type":"EntryPoint","urlTemplate":"https:\/\/iwell-guard.com\/is\/?s={search_term_string}"},"query-input":{"@type":"PropertyValueSpecification","valueRequired":true,"valueName":"search_term_string"}}],"inLanguage":"is"},{"@type":"Organization","@id":"https:\/\/iwell-guard.com\/is\/#organization","name":"Ittermann electronic GmbH","url":"https:\/\/iwell-guard.com\/is\/","logo":{"@type":"ImageObject","inLanguage":"is","@id":"https:\/\/iwell-guard.com\/is\/#\/schema\/logo\/image\/","url":"https:\/\/iwell-guard.com\/wp-content\/uploads\/2026\/05\/Ittermann-Logo-1182x237-1.png","contentUrl":"https:\/\/iwell-guard.com\/wp-content\/uploads\/2026\/05\/Ittermann-Logo-1182x237-1.png","width":1182,"height":237,"caption":"Ittermann electronic GmbH"},"image":{"@id":"https:\/\/iwell-guard.com\/is\/#\/schema\/logo\/image\/"},"sameAs":["https:\/\/pantip.com\/profile\/9367242","https:\/\/micro.blog\/iwellguard","https:\/\/www.diggerslist.com\/iwellguard\/about","https:\/\/skitterphoto.com\/photographers\/2870314\/iwell-guard","https:\/\/iwellguard.wordpress.com\/2026\/06\/06\/iwell-guard\/","https:\/\/hub.docker.com\/u\/iwellguard","https:\/\/www.pinterest.com\/iwellguard\/","https:\/\/bit.ly\/m\/iwellguard","https:\/\/entre-vos-mains.alsace.eu\/profiles\/iwellguard\/activity","https:\/\/gravatar.com\/reallybeded8fd34","https:\/\/naijamatta.com\/iwellguard","https:\/\/www.goodreads.com\/iwellguard","https:\/\/profile.hatena.ne.jp\/iwellguard\/","https:\/\/experiment.com\/users\/iwellguard","https:\/\/wakelet.com\/@iWellGuard82270","https:\/\/www.chordie.com\/forum\/profile.php?id=2555664","https:\/\/www.instapaper.com\/p\/17757966","https:\/\/www.mapleprimes.com\/users\/iwellguard","https:\/\/businesslistingplus.com\/profile\/iwell-guard\/","https:\/\/telegra.ph\/iWell-Guard-06-06","https:\/\/pbase.com\/iwellguard\/iwellguard","https:\/\/b.hatena.ne.jp\/iwellguard\/20260607#bookmark-4788405196491818882","https:\/\/fliphtml5.com\/home\/iwellguard","https:\/\/anyflip.com\/homepage\/cmiwl#About","https:\/\/transfur.com\/Users\/iwellguard","http:\/\/delphi.larsbo.org\/user\/iwellguard","https:\/\/jobs.lajobsportal.org\/profiles\/8380803-iwell-guard","https:\/\/md.chaosdorf.de\/s\/jfbe5SBdJD","https:\/\/www.lingvolive.com\/en-us\/profile\/9ecaeaca-ce11-4e51-9e71-01d55e2bff36\/translations","https:\/\/www.fitday.com\/fitness\/forums\/members\/iwellguard.html","https:\/\/www.mymeetbook.com\/iwellguard","https:\/\/pxhere.com\/en\/photographer-me\/5040798","https:\/\/disqus.com\/by\/iwellguard\/about\/","https:\/\/pastelink.net\/hjwciqwq","https:\/\/pubhtml5.com\/homepage\/scjhn\/","https:\/\/www.bitchute.com\/channel\/2O2eOKzNqujT","https:\/\/audiomack.com\/iwellguard"]},{"@type":"Person","@id":"https:\/\/iwell-guard.com\/is\/#\/schema\/person\/ee2a27f1cac3406c7c6fb5820cb7349f","name":"Ralf Ittermann","image":{"@type":"ImageObject","inLanguage":"is","@id":"https:\/\/secure.gravatar.com\/avatar\/073c0153e350a5005b68eb752b445fea71f6b24a26da9449ad7e155e6b446c9d?s=96&d=mm&r=g","url":"https:\/\/secure.gravatar.com\/avatar\/073c0153e350a5005b68eb752b445fea71f6b24a26da9449ad7e155e6b446c9d?s=96&d=mm&r=g","contentUrl":"https:\/\/secure.gravatar.com\/avatar\/073c0153e350a5005b68eb752b445fea71f6b24a26da9449ad7e155e6b446c9d?s=96&d=mm&r=g","caption":"Ralf Ittermann"},"givenName":"Ralf","familyName":"Ittermann","jobTitle":"Gesch\u00e4ftsf\u00fchrer und redaktioneller Verantwortlicher","url":"https:\/\/iwell-guard.com\/is\/author\/claude\/","description":"Ralf Ittermann ist Gesch\u00e4ftsf\u00fchrer der Ittermann electronic GmbH und redaktioneller Verantwortlicher des iWell-Guard-Lexikons. Er verbindet langj\u00e4hrige Erfahrung in der Pr\u00e4zisionsfertigung mit medialer Praxis und religionsgeschichtlicher Quellenarbeit.","worksFor":{"@type":"Organization","name":"Ittermann electronic GmbH","url":"https:\/\/ittermann.de\/","address":{"@type":"PostalAddress","streetAddress":"K\u00f6hlergasse 16-18","postalCode":"99842","addressLocality":"Ruhla","addressCountry":"DE"}},"knowsAbout":["Religionsgeschichte","Mythologie","Mediale Praxis","Energetische Diagnostik","Schutzpraxis","Volksglauben","Westliche Esoterik"]},{"@type":"Article","@id":"https:\/\/iwell-guard.com\/is\/hera\/#article","isPartOf":{"@id":"https:\/\/iwell-guard.com\/is\/hera\/"},"author":{"name":"Ralf Ittermann","@id":"https:\/\/iwell-guard.com\/is\/#\/schema\/person\/ee2a27f1cac3406c7c6fb5820cb7349f"},"headline":"Hera","datePublished":"2026-09-05T14:05:07+00:00","dateModified":"2026-09-05T14:30:53+00:00","mainEntityOfPage":{"@id":"https:\/\/iwell-guard.com\/is\/hera\/"},"publisher":{"@id":"https:\/\/iwell-guard.com\/is\/#organization"},"image":{"@id":"https:\/\/iwell-guard.com\/is\/hera\/#primaryimage"},"thumbnailUrl":"https:\/\/iwell-guard.com\/wp-content\/uploads\/2026\/05\/goetter_griechenland_hera.webp","inLanguage":"is","description":"Hera er gy\u00f0ja hj\u00f3nabands og fj\u00f6lskyldu og drottning \u00d3lympsfjalls. Systir og eiginkona Seifs, m\u00f3\u00f0ir Aresar, Hebu og Hefaistosar. Go\u00f0s\u00f6gn, d\u00fdrkun, tilbei\u00f0sla."}]}},"_links":{"self":[{"href":"https:\/\/iwell-guard.com\/is\/wp-json\/wp\/v2\/pages\/169046","targetHints":{"allow":["GET"]}}],"collection":[{"href":"https:\/\/iwell-guard.com\/is\/wp-json\/wp\/v2\/pages"}],"about":[{"href":"https:\/\/iwell-guard.com\/is\/wp-json\/wp\/v2\/types\/page"}],"author":[{"embeddable":true,"href":"https:\/\/iwell-guard.com\/is\/wp-json\/wp\/v2\/users\/3"}],"replies":[{"embeddable":true,"href":"https:\/\/iwell-guard.com\/is\/wp-json\/wp\/v2\/comments?post=169046"}],"version-history":[{"count":0,"href":"https:\/\/iwell-guard.com\/is\/wp-json\/wp\/v2\/pages\/169046\/revisions"}],"wp:featuredmedia":[{"embeddable":true,"href":"https:\/\/iwell-guard.com\/is\/wp-json\/wp\/v2\/media\/2984"}],"wp:attachment":[{"href":"https:\/\/iwell-guard.com\/is\/wp-json\/wp\/v2\/media?parent=169046"}],"wp:term":[{"taxonomy":"category","embeddable":true,"href":"https:\/\/iwell-guard.com\/is\/wp-json\/wp\/v2\/categories?post=169046"}],"curies":[{"name":"wp","href":"https:\/\/api.w.org\/{rel}","templated":true}]}}