{"id":169045,"date":"2026-09-05T14:05:06","date_gmt":"2026-09-05T14:05:06","guid":{"rendered":"https:\/\/iwell-guard.com\/?page_id=169045"},"modified":"2026-09-05T14:30:53","modified_gmt":"2026-09-05T14:30:53","slug":"lwa-millimannaandar-vodu","status":"publish","type":"page","link":"https:\/\/iwell-guard.com\/is\/lwa-millimannaandar-vodu\/","title":{"rendered":"Lwa \u2013 millimannaandar ha\u00edt\u00edska vod\u00fa-tr\u00faarins"},"content":{"rendered":"\t\t<div data-elementor-type=\"wp-page\" data-elementor-id=\"169045\" class=\"elementor elementor-169045 elementor-2931 elementor-bc-flex-widget\" data-elementor-post-type=\"page\">\n\t\t\t\t<div class=\"elementor-element elementor-element-heroa065a4b e-flex e-con-boxed e-con e-parent\" data-id=\"heroa065a4b\" data-element_type=\"container\" data-e-type=\"container\">\n\t\t\t\t\t<div class=\"e-con-inner\">\n\t\t\t\t<div class=\"elementor-element elementor-element-heroimgac7b6dc iwg-hero-image elementor-widget elementor-widget-image\" data-id=\"heroimgac7b6dc\" data-element_type=\"widget\" data-e-type=\"widget\" data-widget_type=\"image.default\">\n\t\t\t\t\t\t\t\t\t\t\t\t\t\t\t<img fetchpriority=\"high\" decoding=\"async\" width=\"683\" height=\"1024\" src=\"https:\/\/iwell-guard.com\/wp-content\/uploads\/2026\/05\/geister_vodou_lwa-683x1024.webp\" class=\"attachment-large size-large wp-image-170644\" alt=\"Lwa - andar \u00far vod\u00fa-hef\u00f0inni, s\u00f6guleg og myndskreytandi framsetning\" srcset=\"https:\/\/iwell-guard.com\/wp-content\/uploads\/2026\/05\/geister_vodou_lwa-683x1024.webp 683w, https:\/\/iwell-guard.com\/wp-content\/uploads\/2026\/05\/geister_vodou_lwa-200x300.webp 200w, https:\/\/iwell-guard.com\/wp-content\/uploads\/2026\/05\/geister_vodou_lwa-768x1152.webp 768w, https:\/\/iwell-guard.com\/wp-content\/uploads\/2026\/05\/geister_vodou_lwa.webp 1024w\" sizes=\"(max-width: 683px) 100vw, 683px\" \/>\t\t\t\t\t\t\t\t\t\t\t\t\t\t\t<\/div>\n\t\t\t\t\t<\/div>\n\t\t\t\t<\/div>\n\t\t<div class=\"elementor-element elementor-element-iwgw-lwa-hero e-flex e-con-boxed e-con e-parent\" data-id=\"iwgw-lwa-hero\" data-element_type=\"container\" data-e-type=\"container\">\n\t\t\t\t\t<div class=\"e-con-inner\">\n\t\t\t\t<div class=\"elementor-element elementor-element-iwgw-lwa-h1 elementor-widget elementor-widget-heading\" data-id=\"iwgw-lwa-h1\" data-element_type=\"widget\" data-e-type=\"widget\" data-widget_type=\"heading.default\">\n\t\t\t\t\t<h1 class=\"elementor-heading-title elementor-size-default\">Lwa \u2013 millimannaandar milli Bondye og mannanna<\/h1>\t\t\t\t<\/div>\n\t\t\t\t<div class=\"elementor-element elementor-element-iwgw-lwa-pills elementor-widget elementor-widget-html\" data-id=\"iwgw-lwa-pills\" data-element_type=\"widget\" data-e-type=\"widget\" data-widget_type=\"html.default\">\n\t\t\t\t\t<div class=\"iwg-pill-row\"><span class=\"iwg-klasse-badge\" tabindex=\"0\" data-tooltip=\"Andar hef\u00f0arins vod\u00fa.\">Andar<\/span><a href=\"https:\/\/iwell-guard.com\/is\/vodou\/\" class=\"iwg-kultur-badge\" tabindex=\"0\" data-tooltip=\"Go\u00f0afr\u00e6\u00f0i hef\u00f0arins vod\u00fa.\">vod\u00fa<\/a><span class=\"iwg-tradition-badge\" tabindex=\"0\" data-tooltip=\"Millimannaandar.\">Millimannaandar<\/span><\/div>\t\t\t\t<\/div>\n\t\t\t\t<div class=\"elementor-element elementor-element-iwgw-lwa-lead elementor-widget elementor-widget-text-editor\" data-id=\"iwgw-lwa-lead\" data-element_type=\"widget\" data-e-type=\"widget\" data-widget_type=\"text-editor.default\">\n\t\t\t\t\t\t\t\t\t<p>Lwa eru hin mi\u00f0l\u00e6gu andaverur ha\u00edt\u00edska vod\u00fa-tr\u00faarins. \u00deeir mi\u00f0la milli hins fjarl\u00e6ga skaparagu\u00f0s Bondye og hinna lifandi og koma fram \u00ed fj\u00f6lskyldum Nanchon, fyrst og fremst Rada og Petwo, \u00e1 kerfisbundinn h\u00e1tt. \u00cd gegnum andsetningu, <span class=\"iwg-fachbegriff\" data-tooltip=\"Gj\u00f6f til go\u00f0veru til a\u00f0 tj\u00e1 \u00feakkl\u00e6ti, b\u00f3n e\u00f0a tilbei\u00f0slu.\" tabindex=\"0\">f\u00f3rnir<\/span> og \u00fej\u00f3nustu eru \u00feeir \u00ed st\u00f6\u00f0ugum samskiptum vi\u00f0 tr\u00faa\u00f0a.<\/p>\t\t\t\t\t\t\t\t<\/div>\n\t\t\t\t\t<\/div>\n\t\t\t\t<\/div>\n\t\t<div class=\"elementor-element elementor-element-iwgw-lwa-s0 e-flex e-con-boxed e-con e-parent\" data-id=\"iwgw-lwa-s0\" data-element_type=\"container\" data-e-type=\"container\">\n\t\t\t\t\t<div class=\"e-con-inner\">\n\t\t\t\t<div class=\"elementor-element elementor-element-iwgw-lwa-s0h elementor-widget elementor-widget-heading\" data-id=\"iwgw-lwa-s0h\" data-element_type=\"widget\" data-e-type=\"widget\" data-widget_type=\"heading.default\">\n\t\t\t\t\t<h2 class=\"elementor-heading-title elementor-size-default\">Yfirlit<\/h2>\t\t\t\t<\/div>\n\t\t\t\t<div class=\"elementor-element elementor-element-iwgw-lwa-s0t elementor-widget elementor-widget-text-editor\" data-id=\"iwgw-lwa-s0t\" data-element_type=\"widget\" data-e-type=\"widget\" data-widget_type=\"text-editor.default\">\n\t\t\t\t\t\t\t\t\t<p>Lwa, \u00ed eldri stafsetningu einnig Loa, myndar tr\u00faarlegan kjarna ha\u00edt\u00edska vod\u00fa-tr\u00faarins. \u00deeir eru ekki gu\u00f0ir \u00ed skilningi loka\u00f0rar go\u00f0averaldar, heldur millimannaandar sem mi\u00f0la milli skaparagu\u00f0sins Bondye og heims mannanna.<\/p><p>Bondye er talinn alm\u00e1ttugur en jafnframt fjarl\u00e6gur og a\u00f0ger\u00f0alaus: hann skapa\u00f0i heiminn en gr\u00edpur ekki beint inn \u00ed daglegt l\u00edf.<\/p><p>Tr\u00faarleg i\u00f0kun sn\u00fdr \u00fev\u00ed n\u00e6r algj\u00f6rlega a\u00f0 Lwa, sem er upplifa\u00f0 sem a\u00f0gengilegt, \u00e1varpanlegt og virkt. \u00cd tr\u00faarbrag\u00f0afr\u00e6\u00f0um er \u00feetta samband oft l\u00fdst me\u00f0 hugtakinu <em>deus otiosus<\/em>, hinum a\u00f0ger\u00f0alausa gu\u00f0i, sem l\u00e6tur virk milliv\u00f6ld taka vi\u00f0 hlutverkum s\u00ednum.<\/p><p>Vod\u00fa-tr\u00fain var\u00f0 til \u00ed hinu k\u00f3l\u00f3n\u00edska Saint-Domingue \u00far samruna vestur-afr\u00edskra tr\u00faarbrag\u00f0a, s\u00e9rstaklega fr\u00e1 sv\u00e6\u00f0um sem \u00ed dag eru Ben\u00edn, T\u00f3g\u00f3 og N\u00edger\u00eda, auk Kong\u00f3-sv\u00e6\u00f0isins, og ka\u00fe\u00f3lskrar tr\u00faar franskra \u00fer\u00e6lahaldara.<\/p><p>Lwa bera n\u00f6fn og einkenni afr\u00edskra gu\u00f0a en hafa me\u00f0 t\u00edmanum runni\u00f0 saman vi\u00f0 ka\u00fe\u00f3lska d\u00fdrlinga. \u00deessi samruni er ekki einf\u00f6ld dulb\u00faningsa\u00f0fer\u00f0, heldur sj\u00e1lfst\u00e6\u00f0 tr\u00faarleg sam\u00fe\u00e6tting sem lifir \u00e1fram til dagsins \u00ed dag.<\/p><p>Innan <a href=\"https:\/\/iwell-guard.com\/is\/vodou\/\">vod\u00fa-tr\u00faarins<\/a> eru Lwa hvorki hreint g\u00f3\u00f0ir n\u00e9 illir. \u00deeir hafa pers\u00f3nuleika, \u00f3skir, veikleika og kr\u00f6fur.<\/p><p>Ma\u00f0urinn stendur \u00ed gagnkv\u00e6mu skuldbindingasambandi vi\u00f0 \u00fe\u00e1: s\u00e1 sem erfir e\u00f0a tekur vi\u00f0 Lwa skuldar honum \u00fej\u00f3nustu, og Lwa skuldar \u00e1 m\u00f3ti stu\u00f0ning. \u00deessi gagnkv\u00e6mni a\u00f0greinir vod\u00fa-tr\u00fana verulega fr\u00e1 tr\u00faarbr\u00f6g\u00f0um \u00fear sem tilbei\u00f0sla er einhli\u00f0a upp \u00e1 vi\u00f0.<\/p>\t\t\t\t\t\t\t\t<\/div>\n\t\t\t\t\t<\/div>\n\t\t\t\t<\/div>\n\t\t<div class=\"elementor-element elementor-element-iwgw-lwa-s1 e-flex e-con-boxed e-con e-parent\" data-id=\"iwgw-lwa-s1\" data-element_type=\"container\" data-e-type=\"container\">\n\t\t\t\t\t<div class=\"e-con-inner\">\n\t\t\t\t<div class=\"elementor-element elementor-element-iwgw-lwa-s1h elementor-widget elementor-widget-heading\" data-id=\"iwgw-lwa-s1h\" data-element_type=\"widget\" data-e-type=\"widget\" data-widget_type=\"heading.default\">\n\t\t\t\t\t<h2 class=\"elementor-heading-title elementor-size-default\">Nafn og or\u00f0sifjar<\/h2>\t\t\t\t<\/div>\n\t\t\t\t<div class=\"elementor-element elementor-element-iwgw-lwa-s1t elementor-widget elementor-widget-text-editor\" data-id=\"iwgw-lwa-s1t\" data-element_type=\"widget\" data-e-type=\"widget\" data-widget_type=\"text-editor.default\">\n\t\t\t\t\t\t\t\t\t<p>Or\u00f0i\u00f0 <em>Lwa<\/em> er tali\u00f0, samkv\u00e6mt algengri kenningu, dregi\u00f0 af hugtaki \u00far Kwa-m\u00e1lum Vestur-Afr\u00edku, \u00fear sem tengd or\u00f0 \u00fe\u00fd\u00f0a <span class=\"iwg-fachbegriff\" data-tooltip=\"L\u00edkamslaus vera sem talin er hafa \u00e1hrif \u00ed heiminum.\" tabindex=\"0\">andi<\/span> e\u00f0a <span class=\"iwg-fachbegriff\" data-tooltip=\"Vera sem er tilbe\u00f0in sem gu\u00f0leg innan tr\u00faarbrag\u00f0a.\" tabindex=\"0\">go\u00f0vera<\/span>.<\/p><p>Eldri ranns\u00f3knir tengdu hugtaki\u00f0 einnig vi\u00f0 franska or\u00f0i\u00f0 <em>loi<\/em>, l\u00f6g, sem \u00ed dag er tali\u00f0 al\u00fe\u00fd\u00f0usk\u00fdring. Ha\u00edt\u00ed-kre\u00f3lska stafsetningin <em>Lwa<\/em> hefur a\u00f0 mestu leyti teki\u00f0 vi\u00f0 af eldri, fr\u00f6nskuskotinni mynd <em>Loa<\/em> \u00ed fr\u00e6\u00f0ilegum ritum.<\/p><p>Auk samheitisins Lwa eru til fj\u00f6lm\u00f6rg \u00f6nnur heiti sem gefa til kynna hlutverk og uppruna anda. <em>Nanchon<\/em>, af franska or\u00f0inu <em>nation<\/em>, v\u00edsar til fj\u00f6lskyldna e\u00f0a \u00fej\u00f3\u00f0a Lwa og bendir \u00e1 mismunandi afr\u00edskan uppruna. \u00de\u00e6r helstu eru Rada og Petwo.<\/p><p>Rada-Lwa eru taldir kaldir, \u00edhugunarsamir og tengdir dahomeyskum og yoruba-tengdum hef\u00f0um. Petwo-Lwa eru taldir heitir, hra\u00f0ir og \u00e1kve\u00f0nir; nafn \u00feeirra er oft tengt s\u00f6gulegri pers\u00f3nu a\u00f0 nafni Don Pedro og er tengt k\u00f3l\u00f3n\u00edskri reynslu af h\u00f6rku og andst\u00f6\u00f0u.<\/p><p>Einstaka Lwa bera s\u00e9rn\u00f6fn sem gefa til kynna \u00e1hrifasvi\u00f0 \u00feeirra. Titlarnir <em>Papa<\/em> e\u00f0a <em>Manman<\/em> koma oft fyrir og undirstrika fj\u00f6lskyldun\u00e1nd, auk vir\u00f0ingarheita eins og <em>Met<\/em>, meistari. Fj\u00f6lbreytni nafnanna endurspeglar \u00fe\u00e1 sta\u00f0reynd a\u00f0 vod\u00fa-tr\u00fain hefur ekkert mi\u00f0l\u00e6gt kennivald og hefur \u00fer\u00f3ast me\u00f0 mismunandi h\u00e6tti eftir sv\u00e6\u00f0um, fj\u00f6lskyldum og einst\u00f6kum <span class=\"iwg-fachbegriff\" data-tooltip=\"Bygging sem er notu\u00f0 til tilbei\u00f0slu \u00e1 einni e\u00f0a fleiri go\u00f0verum.\" tabindex=\"0\">hofum<\/span>.<\/p>\t\t\t\t\t\t\t\t<\/div>\n\t\t\t\t\t<\/div>\n\t\t\t\t<\/div>\n\t\t<div class=\"elementor-element elementor-element-iwgw-lwa-s2 e-flex e-con-boxed e-con e-parent\" data-id=\"iwgw-lwa-s2\" data-element_type=\"container\" data-e-type=\"container\">\n\t\t\t\t\t<div class=\"e-con-inner\">\n\t\t\t\t<div class=\"elementor-element elementor-element-iwgw-lwa-s2h elementor-widget elementor-widget-heading\" data-id=\"iwgw-lwa-s2h\" data-element_type=\"widget\" data-e-type=\"widget\" data-widget_type=\"heading.default\">\n\t\t\t\t\t<h2 class=\"elementor-heading-title elementor-size-default\">L\u00fdsing og birtingarmyndir<\/h2>\t\t\t\t<\/div>\n\t\t\t\t<div class=\"elementor-element elementor-element-iwgw-lwa-s2t elementor-widget elementor-widget-text-editor\" data-id=\"iwgw-lwa-s2t\" data-element_type=\"widget\" data-e-type=\"widget\" data-widget_type=\"text-editor.default\">\n\t\t\t\t\t\t\t\t\t<p>Lwa hafa ekki eina samr\u00e6mda mynd. \u00deeir birtast fyrst og fremst \u00ed tveimur formum: \u00ed t\u00e1knr\u00e6num merkjum sem eru notu\u00f0 til a\u00f0 kalla \u00fe\u00e1 fram, og \u00ed l\u00edkamlegri n\u00e1vist me\u00f0an \u00e1 andsetningu stendur.<\/p><p>S\u00e9rhver Lwa hefur s\u00edna <em>Veve<\/em>, fl\u00f3ki\u00f0 jar\u00f0art\u00e1kn sem er dreift \u00e1 j\u00f6r\u00f0ina me\u00f0 hveiti, \u00f6sku e\u00f0a kaffidufti me\u00f0an \u00e1 <span class=\"iwg-fachbegriff\" data-tooltip=\"H\u00e1t\u00ed\u00f0leg ath\u00f6fn sem fer fram eftir f\u00f6stum reglum.\" tabindex=\"0\">ath\u00f6fninni<\/span> stendur og kallar \u00fear me\u00f0 fram <span class=\"iwg-fachbegriff\" data-tooltip=\"L\u00edkamslaus vera sem talin er hafa \u00e1hrif \u00ed heiminum.\" tabindex=\"0\">andann<\/span>. Veve-t\u00e1knin eru ekki einf\u00f6ld t\u00e1kn heldur eru talin virk tengsl milli heima.<\/p><p>Hverjum Lwa eru \u00e1kve\u00f0in einkenni eignu\u00f0: litir, matur, drykkir, dansar, hrynjandi, vikudagar og hlutir. \u00deessi tengsl gera tr\u00fau\u00f0um kleift a\u00f0 \u00feekkja <span class=\"iwg-fachbegriff\" data-tooltip=\"L\u00edkamslaus vera sem talin er hafa \u00e1hrif \u00ed heiminum.\" tabindex=\"0\">anda<\/span> og \u00fej\u00f3na honum r\u00e9ttilega. Lwa sem krefst reykjar\u00e1halds, k\u00fds s\u00e9r \u00e1kve\u00f0inn drykk e\u00f0a dansar tilteki\u00f0 dansspor gefur sig \u00feannig til kynna.<\/p><p>\u00cd andsetningu r\u00ed\u00f0ur Lwa hinum tr\u00faa\u00f0a, \u00feess vegna er ma\u00f0urinn kalla\u00f0ur <em>chwal<\/em>, hestur. <span class=\"iwg-fachbegriff\" data-tooltip=\"L\u00edkamslaus vera sem talin er hafa \u00e1hrif \u00ed heiminum.\" tabindex=\"0\">Andinn<\/span> talar, bor\u00f0ar, dansar og athafnar sig \u00ed gegnum l\u00edkama hins andsetna, sem s\u00ed\u00f0an hefur venjulega enga minningu um \u00fea\u00f0 sem ger\u00f0ist.<\/p><p>Ka\u00fe\u00f3lska myndheimurinn veitir enn eina birtingarmynd: \u00e1 alt\u00f6rum vod\u00fa-tr\u00faarins stendur litprenta\u00f0ar myndir d\u00fdrlinga sem eru samt\u00edmis taldar mynd hins tiltekna Lwa. \u00deessi tv\u00f6falda merking einnar myndar er einkennandi fyrir tr\u00faarlega reynslu \u00ed vod\u00fa-tr\u00fanni og er ekki upplifu\u00f0 sem m\u00f3ts\u00f6gn af tr\u00fau\u00f0um.<\/p>\t\t\t\t\t\t\t\t<\/div>\n\t\t\t\t\t<\/div>\n\t\t\t\t<\/div>\n\t\t<div class=\"elementor-element elementor-element-iwgw-lwa-s3 e-flex e-con-boxed e-con e-parent\" data-id=\"iwgw-lwa-s3\" data-element_type=\"container\" data-e-type=\"container\">\n\t\t\t\t\t<div class=\"e-con-inner\">\n\t\t\t\t<div class=\"elementor-element elementor-element-iwgw-lwa-s3h elementor-widget elementor-widget-heading\" data-id=\"iwgw-lwa-s3h\" data-element_type=\"widget\" data-e-type=\"widget\" data-widget_type=\"heading.default\">\n\t\t\t\t\t<h2 class=\"elementor-heading-title elementor-size-default\">Go\u00f0s\u00f6gn og arfleif\u00f0<\/h2>\t\t\t\t<\/div>\n\t\t\t\t<div class=\"elementor-element elementor-element-iwgw-lwa-s3t elementor-widget elementor-widget-text-editor\" data-id=\"iwgw-lwa-s3t\" data-element_type=\"widget\" data-e-type=\"widget\" data-widget_type=\"text-editor.default\">\n\t\t\t\t\t\t\t\t\t<p>Vodou hefur enga helgirit og enga kerfisbundi\u00f0 ra\u00f0a\u00f0a <span class=\"iwg-fachbegriff\" data-tooltip=\"Heildarsafn \u00feeirra gu\u00f0asagna sem var\u00f0veist hafa innan menningar.\" tabindex=\"0\">go\u00f0afr\u00e6\u00f0i<\/span>. <span class=\"iwg-fachbegriff\" data-tooltip=\"Mi\u00f0lun \u00feekkingar og sagna fr\u00e1 einni kynsl\u00f3\u00f0 til annarrar.\" tabindex=\"0\">Munnleg arfleif\u00f0<\/span> lifir \u00ed s\u00f6ngvum, b\u00e6num, dansi, s\u00f6gum og \u00ed starfsemi <span class=\"iwg-fachbegriff\" data-tooltip=\"Bygging sem er n\u00fdtt til tilbei\u00f0slu einnar e\u00f0a fleiri gu\u00f0vera.\" tabindex=\"0\">hofa<\/span>. Lwa birtast \u00fear minna \u00ed samfelldri sk\u00f6punars\u00f6gu en \u00ed fj\u00f6lda einstakra fr\u00e1sagna sem \u00fatsk\u00fdra e\u00f0li og starfssvi\u00f0 hvers anda.<\/p><p>Um Bondye, skapara gu\u00f0inn, eru varla til nokkrar s\u00f6gur; fjarl\u00e6g\u00f0 hans gerir hann s\u00f6gulega litlausan. Go\u00f0sagnaorkan safnast um Lwa. \u00deannig er Danbala, sn\u00e1ksvera, talinn elstur <span class=\"iwg-fachbegriff\" data-tooltip=\"L\u00edkamslaus vera sem talin er hafa \u00e1hrif \u00ed heiminum.\" tabindex=\"0\">anda<\/span> og var\u00f0veitandi hinnar alheimslegu \u00feekkingar, en regnbogaveran Ayida Wedo er f\u00f6runautur hans.<\/p><p>Papa Legba stendur v\u00f6r\u00f0 vi\u00f0 vegam\u00f3t og hli\u00f0 milli heima; \u00e1n leyfis hans getur enginn annar Lwa n\u00e1lgast, og \u00feess vegna er hann heilsa\u00f0ur fyrstur \u00ed upphafi hverrar <span class=\"iwg-fachbegriff\" data-tooltip=\"H\u00e1t\u00ed\u00f0leg ath\u00f6fn sem fer fram eftir f\u00f6stum reglum.\" tabindex=\"0\">athafnar<\/span>.<\/p><p>Kouzen Zaka, Lwa akuryrkjunnar, birtist sem hrj\u00fafur b\u00f3ndi me\u00f0 str\u00e1t\u00f6sku og p\u00edpu; Agwe er talinn herra hafsins, skipa og au\u00f0leg\u00f0ar; Ezili Freda birtist sem gl\u00e6silega kl\u00e6dd kona og er \u00edmynd \u00e1star, fegur\u00f0ar og l\u00faxus, me\u00f0an hin bardagaf\u00fasa Ezili Dantor tilheyrir Petwo-fj\u00f6lskyldunni og stendur fyrir m\u00f3\u00f0urlega h\u00f6rku og verndun.<\/p><p>Ogou, <span class=\"iwg-fachbegriff\" data-tooltip=\"L\u00edkamslaus vera sem talin er hafa \u00e1hrif \u00ed heiminum.\" tabindex=\"0\">andi<\/span> j\u00e1rns, herna\u00f0ar og valds, er oft tengdur heil\u00f6gum Jakobi.<\/p><p>Fj\u00f6lskylda Gede, andar hinna d\u00e1nu, standa fyrir dau\u00f0ann en einnig fyrir gr\u00f3flega l\u00edfsgle\u00f0i og or\u00f0heppni; h\u00f6fu\u00f0 \u00feeirra, Bawon Samdi, vakir \u00ed kj\u00f3lfrakka og p\u00edpuhatt yfir kirkjugar\u00f0i og gr\u00f6f og er einnig talinn hj\u00e1lpari \u00ed \u00feungum sj\u00fakd\u00f3mum, \u00fev\u00ed engin manneskja deyr \u00e1n leyfis hans.<\/p><p>\u00deessar s\u00f6gur eru ekki fullkomna\u00f0ar, heldur eru \u00fe\u00e6r s\u00edfellt endurvaktar \u00ed <span class=\"iwg-fachbegriff\" data-tooltip=\"H\u00e1t\u00ed\u00f0leg ath\u00f6fn sem fer fram eftir f\u00f6stum reglum.\" tabindex=\"0\">ath\u00f6fninni<\/span>. <span class=\"iwg-fachbegriff\" data-tooltip=\"Mi\u00f0lun \u00feekkingar og sagna fr\u00e1 einni kynsl\u00f3\u00f0 til annarrar.\" tabindex=\"0\">Munnleg arfleif\u00f0<\/span> er \u00feannig s\u00ed\u00f0ur fastur textasafn en lifandi ferli, \u00fear sem Lwa taka sj\u00e1lfir til m\u00e1ls \u00ed gegnum andsetningu og halda \u00e1fram a\u00f0 skrifa eigin s\u00f6gu.<\/p>\t\t\t\t\t\t\t\t<\/div>\n\t\t\t\t\t<\/div>\n\t\t\t\t<\/div>\n\t\t<div class=\"elementor-element elementor-element-iwgw-lwa-s4 e-flex e-con-boxed e-con e-parent\" data-id=\"iwgw-lwa-s4\" data-element_type=\"container\" data-e-type=\"container\">\n\t\t\t\t\t<div class=\"e-con-inner\">\n\t\t\t\t<div class=\"elementor-element elementor-element-iwgw-lwa-s4h elementor-widget elementor-widget-heading\" data-id=\"iwgw-lwa-s4h\" data-element_type=\"widget\" data-e-type=\"widget\" data-widget_type=\"heading.default\">\n\t\t\t\t\t<h2 class=\"elementor-heading-title elementor-size-default\">D\u00fdrkun og tilbei\u00f0sla<\/h2>\t\t\t\t<\/div>\n\t\t\t\t<div class=\"elementor-element elementor-element-iwgw-lwa-s4t elementor-widget elementor-widget-text-editor\" data-id=\"iwgw-lwa-s4t\" data-element_type=\"widget\" data-e-type=\"widget\" data-widget_type=\"text-editor.default\">\n\t\t\t\t\t\t\t\t\t<p><span class=\"iwg-fachbegriff\" data-tooltip=\"Heildarsafn tilbei\u00f0sluathafna fyrir gu\u00f0veru e\u00f0a heilaga f\u00edg\u00faru.\" tabindex=\"0\">D\u00fdrkun<\/span> Lwa fer fram \u00ed <em>Ounfo<\/em>, Vodou-<span class=\"iwg-fachbegriff\" data-tooltip=\"Bygging sem er n\u00fdtt til tilbei\u00f0slu einnar e\u00f0a fleiri gu\u00f0vera.\" tabindex=\"0\">hofinu<\/span>, sem er stj\u00f3rna\u00f0 af <em>Oungan<\/em> e\u00f0a <em>Manbo<\/em>, prestinum e\u00f0a prestskonunni.<\/p><p>\u00cd mi\u00f0junni stendur <em>poto-mitan<\/em>, a\u00f0alst\u00f6ngin, sem talin er vera \u00e1sinn sem Lwa fara upp og ni\u00f0ur eftir milli heims s\u00edns og heims mannanna. Um hana sn\u00fdst trommusl\u00e1tta, dans og s\u00f6ngur.<\/p><p><span class=\"iwg-fachbegriff\" data-tooltip=\"H\u00e1t\u00ed\u00f0leg ath\u00f6fn sem fer fram eftir f\u00f6stum reglum.\" tabindex=\"0\">Ath\u00f6fnin<\/span> fylgir fastri r\u00f6\u00f0. H\u00fan hefst me\u00f0 ka\u00fe\u00f3lskum b\u00e6num og <em>Priye Ginen<\/em>, langri <span class=\"iwg-fachbegriff\" data-tooltip=\"\u00dea\u00f0 a\u00f0 \u00e1kalla e\u00f0a bi\u00f0ja til gu\u00f0veru e\u00f0a m\u00e1ttar me\u00f0 b\u00e6n e\u00f0a form\u00falu.\" tabindex=\"0\">\u00e1k\u00f6lluninni<\/span>, sem heilsar fyrst Rada-Lwa og s\u00ed\u00f0an \u00f6\u00f0rum fj\u00f6lskyldum. Trommur kalla andana fram me\u00f0 vi\u00f0eigandi hlj\u00f3\u00f0falli, Veve eru teiknu\u00f0, f\u00e6\u00f0u- og d\u00fdraf\u00f3rnir eru fram bornar.<\/p><p>H\u00e1punkturinn er andsetning: \u00deegar Lwa n\u00e6r t\u00f6kum \u00e1 vi\u00f0st\u00f6ddum er hann kl\u00e6ddur og \u00fatb\u00fainn me\u00f0 eiginleikum andans, \u00feannig a\u00f0 samf\u00e9lagi\u00f0 getur tala\u00f0 beint vi\u00f0 Lwa, spurt hann spurninga og be\u00f0i\u00f0 hann um b\u00e6nir.<\/p><p>Tilbei\u00f0slan er einnig heimilisleg. Margar fj\u00f6lskyldur halda heimilisaltar og r\u00e6kta Lwa sem gengur \u00ed arf milli kynsl\u00f3\u00f0a.<\/p><p>Mikilv\u00e6gir \u00e1fangar eru <span class=\"iwg-fachbegriff\" data-tooltip=\"Tr\u00faarleg umbreyting \u00fear sem einstaklingur er tekinn inn \u00ed n\u00fdja st\u00f6\u00f0u e\u00f0a samf\u00e9lag.\" tabindex=\"0\">v\u00edgslan<\/span>, <em>kanzo<\/em>, sem bindur mann fastar vi\u00f0 Lwa og tekur hann inn \u00ed hofs\u00fej\u00f3nustu, sem og dau\u00f0aathafnir \u00fear sem l\u00edfsorka hins l\u00e1tna er s\u00f3tt \u00far vatninu og var\u00f0veitt innan fj\u00f6lskyldunnar.<\/p><p>Almanaki\u00f0 tengir Lwa vi\u00f0 ka\u00fe\u00f3lskar h\u00e1t\u00ed\u00f0ir, \u00feannig a\u00f0 tilbei\u00f0slan er innfelld \u00ed \u00e1rshringinn.<\/p>\t\t\t\t\t\t\t\t<\/div>\n\t\t\t\t\t<\/div>\n\t\t\t\t<\/div>\n\t\t<div class=\"elementor-element elementor-element-iwgw-lwa-s5 e-flex e-con-boxed e-con e-parent\" data-id=\"iwgw-lwa-s5\" data-element_type=\"container\" data-e-type=\"container\">\n\t\t\t\t\t<div class=\"e-con-inner\">\n\t\t\t\t<div class=\"elementor-element elementor-element-iwgw-lwa-s5h elementor-widget elementor-widget-heading\" data-id=\"iwgw-lwa-s5h\" data-element_type=\"widget\" data-e-type=\"widget\" data-widget_type=\"heading.default\">\n\t\t\t\t\t<h2 class=\"elementor-heading-title elementor-size-default\">Verndara\u00f0ger\u00f0ir og fr\u00e1hrindandi t\u00e1kn<\/h2>\t\t\t\t<\/div>\n\t\t\t\t<div class=\"elementor-element elementor-element-iwgw-lwa-s5t elementor-widget elementor-widget-text-editor\" data-id=\"iwgw-lwa-s5t\" data-element_type=\"widget\" data-e-type=\"widget\" data-widget_type=\"text-editor.default\">\n\t\t\t\t\t\t\t\t\t<p>\u00cd Vodou er v\u00f6rn ekki hli\u00f0aratri\u00f0i, heldur eitt af meginverkefnum Lwa. S\u00e1 sem \u00fej\u00f3nar <span class=\"iwg-fachbegriff\" data-tooltip=\"L\u00edkamslaus vera sem talin er hafa \u00e1hrif \u00ed heiminum.\" tabindex=\"0\">anda<\/span> af tr\u00fafestu v\u00e6ntir hj\u00e1lpar hans gegn \u00f3heill, sj\u00fakd\u00f3mum, f\u00e9lagslegri h\u00e6ttu og gegn afskiptum illgjarnra m\u00e1ttarvalda. V\u00f6rnin er ekki hugsu\u00f0 sem \u00f3hlutbundin, heldur \u00e1\u00fereifanleg: \u00ed gegnum hluti, athafnir og bindingar.<\/p><p>Me\u00f0al algengra venja er <em>pwen<\/em>, sam\u00fejappa\u00f0ur kraftpunktur sem \u00e1 a\u00f0 veita v\u00f6rn e\u00f0a styrk, auk l\u00edtilla verndarp\u00fa\u00f0a og verndargripa sem eru blessa\u00f0ir og tengdir Lwa.<\/p><p>\u00c1kve\u00f0nir Lwa eru taldir s\u00e9rstaklega \u00e1byrgir: <span class=\"iwg-fachbegriff\" data-tooltip=\"L\u00edkamslaus vera sem talin er hafa \u00e1hrif \u00ed heiminum.\" tabindex=\"0\">Andi<\/span> sem vaktir vegam\u00f3t opnar og \u00f6ryggir tengingu milli heima; str\u00ed\u00f0sandar Petwo-fj\u00f6lskyldunnar eru be\u00f0nir um v\u00f6rn \u00ed ney\u00f0. Veve hafa sj\u00e1lf verndandi hlutverk, \u00fear sem \u00feau tryggja skipulagt og stj\u00f3rna\u00f0 a\u00f0gengi andanna.<\/p><p>Tr\u00fafr\u00e6\u00f0ilega er mikilv\u00e6gt a\u00f0 benda \u00e1 a\u00f0 Vodou dregur enga skarpa l\u00ednu milli verndargaldurs og ska\u00f0legs galdurs. S\u00f6mu mi\u00f0larnir geta veri\u00f0 nota\u00f0ir eftir \u00e1setningi, sem gerir \u00fea\u00f0 a\u00f0 verkum a\u00f0 tengsl vi\u00f0 Lwa og si\u00f0fer\u00f0ileg \u00e1byrg\u00f0 \u00feess sem framkv\u00e6mir ath\u00f6fnina eru \u00ed brennidepli \u00fat fr\u00e1 sj\u00f3narhorni \u00feeirra sem taka \u00fe\u00e1tt.<\/p><p>Myndin af t\u00edtuprj\u00f3nad\u00fakkunni sem er algeng \u00ed kvikmyndum er ekki hluti af ha\u00edt\u00edsku Vodou, heldur er h\u00fan d\u00e6miger\u00f0 d\u00e6mi um vins\u00e6la menningarsk\u00f6pun. Fr\u00e1hrekjandi ath\u00e6fi \u00ed Vodou sn\u00fdst um bindingu og tengsl, ekki einangra\u00f0a galdragripi.<\/p>\t\t\t\t\t\t\t\t<\/div>\n\t\t\t\t\t<\/div>\n\t\t\t\t<\/div>\n\t\t<div class=\"elementor-element elementor-element-iwgw-lwa-s6 e-flex e-con-boxed e-con e-parent\" data-id=\"iwgw-lwa-s6\" data-element_type=\"container\" data-e-type=\"container\">\n\t\t\t\t\t<div class=\"e-con-inner\">\n\t\t\t\t<div class=\"elementor-element elementor-element-iwgw-lwa-s6h elementor-widget elementor-widget-heading\" data-id=\"iwgw-lwa-s6h\" data-element_type=\"widget\" data-e-type=\"widget\" data-widget_type=\"heading.default\">\n\t\t\t\t\t<h2 class=\"elementor-heading-title elementor-size-default\">Saga og lei\u00f0ir arfleif\u00f0ar<\/h2>\t\t\t\t<\/div>\n\t\t\t\t<div class=\"elementor-element elementor-element-iwgw-lwa-s6t elementor-widget elementor-widget-text-editor\" data-id=\"iwgw-lwa-s6t\" data-element_type=\"widget\" data-e-type=\"widget\" data-widget_type=\"text-editor.default\">\n\t\t\t\t\t\t\t\t\t<p>Lwa eru afrakstur langs s\u00f6gu\u00fer\u00f3unar. \u00cd n\u00fdlendunni Saint-Domingue m\u00e6ttust einstaklingar fr\u00e1 mj\u00f6g mismunandi sv\u00e6\u00f0um Afr\u00edku og myndu\u00f0u, undir skilyr\u00f0um \u00fer\u00e6lahalds, n\u00fdtt tr\u00faarlegt ath\u00e6fi.<\/p><p>Nanchon Rada var\u00f0veitir fyrst og fremst arfleif\u00f0 Dahomey-konungd\u00f3msins og hef\u00f0a n\u00e1skyldra J\u00f3r\u00fabam\u00f6nnum, en Nanchon Petwo ber sterkari einkenni fr\u00e1 Kong\u00f3sv\u00e6\u00f0inu og er talin m\u00f3tu\u00f0 \u00e1 ha\u00edt\u00edskri grundu. Ka\u00fe\u00f3lsk tr\u00fabo\u00f0sstarfsemi \u00fer\u00e6lahaldara lag\u00f0i til d\u00fdrlingamyndir, h\u00e1t\u00ed\u00f0isdaga og b\u00e6nir sem felldar voru inn \u00ed vodou.<\/p><p>Ha\u00edt\u00edska byltingin, sem leiddi til sj\u00e1lfst\u00e6\u00f0is \u00e1ri\u00f0 1804, er n\u00e1tengd vodou. <span class=\"iwg-fachbegriff\" data-tooltip=\"Mi\u00f0lun \u00feekkingar og fr\u00e1sagna milli kynsl\u00f3\u00f0a.\" tabindex=\"0\">Munnm\u00e6lahef\u00f0in<\/span> l\u00edtur \u00e1 <span class=\"iwg-fachbegriff\" data-tooltip=\"H\u00e1t\u00ed\u00f0leg ath\u00f6fn sem fylgir f\u00f6stum reglum.\" tabindex=\"0\">ath\u00f6fnina<\/span> \u00ed Bois Ca\u00efman \u00e1ri\u00f0 1791 sem upphaf uppreisnarinnar, en um \u00fea\u00f0 er fjalla\u00f0 \u00ed ranns\u00f3knum sem s\u00f6guleg minning hla\u00f0in t\u00e1knr\u00e6nni merkingu.<\/p><p>Eftir sj\u00e1lfst\u00e6\u00f0i\u00f0 var vodou langt\u00edmum saman ofs\u00f3tt e\u00f0a ford\u00e6mt, b\u00e6\u00f0i af ka\u00fe\u00f3lsku kirkjunni og um t\u00edma af r\u00edkinu. Herfer\u00f0ir gegn hj\u00e1tr\u00fa \u00e1 20. \u00f6ld ey\u00f0il\u00f6g\u00f0u <span class=\"iwg-fachbegriff\" data-tooltip=\"Bygging sem er tileinku\u00f0 d\u00fdrkun einnar e\u00f0a fleiri gu\u00f0a.\" tabindex=\"0\">hof<\/span> og helgigripi.<\/p><p>Tr\u00fain var\u00f0veittist \u00fe\u00f3 \u00e1n rofs, \u00fev\u00ed h\u00fan er ekki bundin textum heldur fj\u00f6lskyldum, <span class=\"iwg-fachbegriff\" data-tooltip=\"Bygging sem er tileinku\u00f0 d\u00fdrkun einnar e\u00f0a fleiri gu\u00f0a.\" tabindex=\"0\">hofum<\/span> og ke\u00f0ju innv\u00edgslna.<\/p><p>\u00deekkingin \u00e1 einst\u00f6kum Lwa, s\u00f6ngvum \u00feeirra, hlj\u00f3\u00f0falli og veve er mi\u00f0la\u00f0 munnlega og verklega, fr\u00e1 Oungan e\u00f0a Manbo til hinna innv\u00edg\u00f0u. \u00deessi tegund <span class=\"iwg-fachbegriff\" data-tooltip=\"Mi\u00f0lun \u00feekkingar og fr\u00e1sagna milli kynsl\u00f3\u00f0a.\" tabindex=\"0\">munnm\u00e6lahef\u00f0ar<\/span> \u00fatsk\u00fdrir jafnframt hina miklu sv\u00e6\u00f0isbundnu og fj\u00f6lskyldutengdu fj\u00f6lbreytni vodou.<\/p>\t\t\t\t\t\t\t\t<\/div>\n\t\t\t\t\t<\/div>\n\t\t\t\t<\/div>\n\t\t<div class=\"elementor-element elementor-element-iwgw-lwa-s7 e-flex e-con-boxed e-con e-parent\" data-id=\"iwgw-lwa-s7\" data-element_type=\"container\" data-e-type=\"container\">\n\t\t\t\t\t<div class=\"e-con-inner\">\n\t\t\t\t<div class=\"elementor-element elementor-element-iwgw-lwa-s7h elementor-widget elementor-widget-heading\" data-id=\"iwgw-lwa-s7h\" data-element_type=\"widget\" data-e-type=\"widget\" data-widget_type=\"heading.default\">\n\t\t\t\t\t<h2 class=\"elementor-heading-title elementor-size-default\">Hli\u00f0st\u00e6\u00f0ur \u00ed \u00f6\u00f0rum menningarheimum<\/h2>\t\t\t\t<\/div>\n\t\t\t\t<div class=\"elementor-element elementor-element-iwgw-lwa-s7t elementor-widget elementor-widget-text-editor\" data-id=\"iwgw-lwa-s7t\" data-element_type=\"widget\" data-e-type=\"widget\" data-widget_type=\"text-editor.default\">\n\t\t\t\t\t\t\t\t\t<p>Lwa eru hluti af v\u00ed\u00f0fe\u00f0mu neti tengdra afr\u00edku-amer\u00edskra tr\u00faarbrag\u00f0a. \u00cd k\u00fabverskri Santer\u00eda e\u00f0a Regla de Ocha eru \u00feeim samsvarandi Orisha, \u00ed brasil\u00edsku Candombl\u00e9 einnig Orix\u00e1s. \u00dear m\u00e1 einnig finna samruna afr\u00edskra gu\u00f0a og ka\u00fe\u00f3lskra d\u00fdrlinga, andsetningu sem mi\u00f0l\u00e6ga reynslu og skipulag andanna \u00ed fj\u00f6lskyldur e\u00f0a \u00fej\u00f3\u00f0ir.<\/p><p>\u00deessi tr\u00faarbr\u00f6g\u00f0 deila sameiginlegri vestur-afr\u00edskri r\u00f3t og samb\u00e6rilegri s\u00f6gu n\u00fdlendut\u00edma uppruna s\u00edns.<\/p><p>Skipulagslega samb\u00e6rileg er hugmyndin um fjarl\u00e6gan skapara gu\u00f0, en verkefni hans eru tekin yfir af virkum millim\u00e1ttum. Sl\u00edkt mynstur birtist \u00ed m\u00f6rgum vestur-afr\u00edskum tr\u00faarbr\u00f6g\u00f0um, me\u00f0al annars hj\u00e1 J\u00f3r\u00fabam\u00f6nnum me\u00f0 Olodumare og Orisha. Utan Afr\u00edku \u00feekkir tr\u00faarbrag\u00f0asagan einnig fyrirmyndina um andaveru sem mi\u00f0lar milli \u00e6\u00f0sta gu\u00f0s og manna.<\/p><p>Andsetning sem skipulagt, <span class=\"iwg-fachbegriff\" data-tooltip=\"Bundi\u00f0 f\u00f6stu tr\u00faarlegu athafnaferli.\" tabindex=\"0\">helgisi\u00f0abundi\u00f0<\/span> og f\u00e9lagslega vi\u00f0urkennt form tr\u00faarlegrar reynslu tengir vodou vi\u00f0 transtr\u00faarbr\u00f6g\u00f0 um allan heim.<\/p><p>\u00cd samanbur\u00f0i vi\u00f0 d\u00fdrlinga ka\u00fe\u00f3lskrar tr\u00faar m\u00e1 sj\u00e1 l\u00edkindi \u00ed hlutverki, \u00fear sem s\u00e9rh\u00e6f\u00f0ur millima\u00f0ur sinnir afm\u00f6rku\u00f0um svi\u00f0um l\u00edfsins, en munurinn er \u00e1fram s\u00e1 a\u00f0 Lwa koma fram sem sj\u00e1lfst\u00e6\u00f0ir, kr\u00f6fuhar\u00f0ir andar og ekki sem framli\u00f0nir fyrirmyndarmenn.<\/p>\t\t\t\t\t\t\t\t<\/div>\n\t\t\t\t\t<\/div>\n\t\t\t\t<\/div>\n\t\t<div class=\"elementor-element elementor-element-iwgw-lwa-s8 e-flex e-con-boxed e-con e-parent\" data-id=\"iwgw-lwa-s8\" data-element_type=\"container\" data-e-type=\"container\">\n\t\t\t\t\t<div class=\"e-con-inner\">\n\t\t\t\t<div class=\"elementor-element elementor-element-iwgw-lwa-s8h elementor-widget elementor-widget-heading\" data-id=\"iwgw-lwa-s8h\" data-element_type=\"widget\" data-e-type=\"widget\" data-widget_type=\"heading.default\">\n\t\t\t\t\t<h2 class=\"elementor-heading-title elementor-size-default\">N\u00fat\u00edmavi\u00f0t\u00f6kur og ranns\u00f3knir<\/h2>\t\t\t\t<\/div>\n\t\t\t\t<div class=\"elementor-element elementor-element-iwgw-lwa-s8t elementor-widget elementor-widget-text-editor\" data-id=\"iwgw-lwa-s8t\" data-element_type=\"widget\" data-e-type=\"widget\" data-widget_type=\"text-editor.default\">\n\t\t\t\t\t\t\t\t\t<p>Vodou er enn \u00ed dag lifandi tr\u00fa sem st\u00f3r hluti \u00edb\u00faa Ha\u00edt\u00ed i\u00f0kar, oft samhli\u00f0a ka\u00fe\u00f3lskri tr\u00fa. \u00c1ri\u00f0 2003 var h\u00fan vi\u00f0urkennd sem tr\u00faarbr\u00f6g\u00f0 af ha\u00edt\u00edska r\u00edkinu.<\/p><p>Me\u00f0 ha\u00edt\u00edsku dreifingunni hefur vodou, og me\u00f0 honum <span class=\"iwg-fachbegriff\" data-tooltip=\"Heild tr\u00faarlegra d\u00fdrkunarathafna fyrir gu\u00f0 e\u00f0a heilaga veru.\" tabindex=\"0\">d\u00fdrkun<\/span> Lwa, brei\u00f0st \u00fat til Nor\u00f0ur-Amer\u00edku og Evr\u00f3pu, \u00fear sem hann a\u00f0lagast n\u00fdjum a\u00f0st\u00e6\u00f0um.<\/p><p>V\u00edsindalegar ranns\u00f3knir h\u00f3fust \u00e1 20. \u00f6ld me\u00f0 \u00fej\u00f3\u00f0fr\u00e6\u00f0ilegum verkum. Alfred M\u00e9traux lag\u00f0i fram me\u00f0 ranns\u00f3kn sinni heildaryfirlit sem enn \u00ed dag er tali\u00f0 grundvallarrit. Maya Deren tengdi saman \u00fe\u00e1ttt\u00f6kuathugun og b\u00f3kmenntalega \u00fe\u00e9tta t\u00falkun \u00e1 andsetningu.<\/p><p>Karen McCarthy Brown setti me\u00f0 ranns\u00f3kn sinni \u00e1 prestskonu \u00ed dreifingunni einstaka tr\u00faarlega l\u00edfss\u00f6gu \u00ed brennidepil. La\u00ebnnec Hurbon greindi vodou \u00ed tengslum vi\u00f0 s\u00f6gu, valdatengsl og skynjun n\u00fdlendut\u00edmans.<\/p><p>Endurteki\u00f0 \u00feema \u00ed ranns\u00f3knum er lei\u00f0r\u00e9tting \u00feeirrar skekktu myndar sem n\u00fdlendub\u00f3kmenntir, fer\u00f0afr\u00e1sagnir og Hollywood-myndir hafa dregi\u00f0 upp af vodou.<\/p><p>Vins\u00e6l einf\u00f6ldun ni\u00f0ur \u00ed ska\u00f0agaldur og hryllingsmyndir gerir ekki tr\u00faarbr\u00f6g\u00f0um r\u00e9ttl\u00e6ti, en kjarni \u00feeirra felst \u00ed tengslum manna og Lwa, skyldunni til \u00fej\u00f3nustu og upplifun af samf\u00e9lagslegri n\u00e6rveru andanna. N\u00fdleg verk leggja \u00e1herslu \u00e1 sj\u00e1lfst\u00e6\u00f0i, a\u00f0l\u00f6gunarh\u00e6fni og innri fj\u00f6lbreytni vodou og taka raddir i\u00f0kendanna sj\u00e1lfra alvarlega.<\/p>\t\t\t\t\t\t\t\t<\/div>\n\t\t\t\t\t<\/div>\n\t\t\t\t<\/div>\n\t\t<div class=\"elementor-element elementor-element-iwgw-lwa-lit e-flex e-con-boxed e-con e-parent\" data-id=\"iwgw-lwa-lit\" data-element_type=\"container\" data-e-type=\"container\">\n\t\t\t\t\t<div class=\"e-con-inner\">\n\t\t\t\t<div class=\"elementor-element elementor-element-iwgw-lwa-lith elementor-widget elementor-widget-heading\" data-id=\"iwgw-lwa-lith\" data-element_type=\"widget\" data-e-type=\"widget\" data-widget_type=\"heading.default\">\n\t\t\t\t\t<h2 class=\"elementor-heading-title elementor-size-default\">Heimildir (\u00farval)<\/h2>\t\t\t\t<\/div>\n\t\t\t\t<div class=\"elementor-element elementor-element-iwgw-lwa-litt elementor-widget elementor-widget-text-editor\" data-id=\"iwgw-lwa-litt\" data-element_type=\"widget\" data-e-type=\"widget\" data-widget_type=\"text-editor.default\">\n\t\t\t\t\t\t\t\t\t<ul><li>Alfred M\u00e9traux: <em>Le Vaudou ha\u00eftien<\/em> (1958)<\/li><li>Maya Deren: <em>Divine Horsemen. The Living Gods of Haiti<\/em> (1953)<\/li><li>Karen McCarthy Brown: <em>Mama Lola. A Vodou Priestess in Brooklyn<\/em> (1991)<\/li><li>La\u00ebnnec Hurbon: <em>Le barbare imaginaire<\/em> (1988)<\/li><li>Leslie G. Desmangles: <em>The Faces of the Gods. Vodou and Roman Catholicism in Haiti<\/em> (1992)<\/li><\/ul>\t\t\t\t\t\t\t\t<\/div>\n\t\t\t\t\t<\/div>\n\t\t\t\t<\/div>\n\t\t<div class=\"elementor-element elementor-element-iwgw-lwa-kwd e-flex e-con-boxed e-con e-parent\" data-id=\"iwgw-lwa-kwd\" data-element_type=\"container\" data-e-type=\"container\">\n\t\t\t\t\t<div class=\"e-con-inner\">\n\t\t\t\t<div class=\"elementor-element elementor-element-iwgw-lwa-kwdt elementor-widget elementor-widget-text-editor\" data-id=\"iwgw-lwa-kwdt\" data-element_type=\"widget\" data-e-type=\"widget\" data-widget_type=\"text-editor.default\">\n\t\t\t\t\t\t\t\t\t<p><em>Tengd leitaror\u00f0: Lwa Loa Vodou Bondye Rada Petwo Nanchon Veve Ounfo Gede.<\/em><\/p>\t\t\t\t\t\t\t\t<\/div>\n\t\t\t\t\t<\/div>\n\t\t\t\t<\/div>\n\t\t<div class=\"elementor-element elementor-element-iwgw-lwa-cc e-flex e-con-boxed e-con e-parent\" data-id=\"iwgw-lwa-cc\" data-element_type=\"container\" data-e-type=\"container\" id=\"iwg-cc-lwa\">\n\t\t\t\t\t<div class=\"e-con-inner\">\n\t\t<div class=\"elementor-element elementor-element-iwgw-lwa-ccinner e-flex e-con-boxed e-con e-parent\" data-id=\"iwgw-lwa-ccinner\" data-element_type=\"container\" data-e-type=\"container\" data-settings=\"{&quot;background_background&quot;:&quot;classic&quot;}\">\n\t\t\t\t\t<div class=\"e-con-inner\">\n\t\t\t\t<div class=\"elementor-element elementor-element-iwgw-lwa-cch elementor-widget elementor-widget-heading\" data-id=\"iwgw-lwa-cch\" data-element_type=\"widget\" data-e-type=\"widget\" data-widget_type=\"heading.default\">\n\t\t\t\t\t<h2 class=\"elementor-heading-title elementor-size-default\">iWell Guard og verndarhef\u00f0ir<\/h2>\t\t\t\t<\/div>\n\t\t\t\t<div class=\"elementor-element elementor-element-iwgw-lwa-cct elementor-widget elementor-widget-text-editor\" data-id=\"iwgw-lwa-cct\" data-element_type=\"widget\" data-e-type=\"widget\" data-widget_type=\"text-editor.default\">\n\t\t\t\t\t\t\t\t\t<div data-nosnippet=\"true\"><p>iWell Guard s\u00e6kir \u00ed menningars\u00f6gulega hef\u00f0 berandi verndargripa, \u00ed hef\u00f0 <a href=\"https:\/\/iwell-guard.com\/is\/vodou\/\">vodou<\/a> og margra annarra menningarheima um allan heim. 41 lag, alv\u00f6ru gull, plat\u00edna, silfur, framleitt \u00ed \u00de\u00fdskalandi. 30 daga skilar\u00e9ttur.<\/p><\/div>\t\t\t\t\t\t\t\t<\/div>\n\t\t\t\t<div class=\"elementor-element elementor-element-iwgw-lwa-ccb iwg-cc-button iwg-cc-cta-2026-05-13 elementor-widget elementor-widget-jet-button\" data-id=\"iwgw-lwa-ccb\" data-element_type=\"widget\" data-e-type=\"widget\" data-widget_type=\"jet-button.default\">\n\t\t\t\t<div class=\"elementor-widget-container\">\n\t\t\t\t\t<div class=\"elementor-jet-button jet-elements\"><div class=\"jet-button__container\"><a class=\"jet-button__instance jet-button__instance--icon-left hover-effect-1\" href=\"\/ueber-iwell-guard\/?utm_source=iwell-guard.com&amp;utm_medium=info-box&amp;utm_campaign=wesen-tradition\"><div class=\"jet-button__plane jet-button__plane-normal\"><\/div><div class=\"jet-button__plane jet-button__plane-hover\"><\/div><div class=\"jet-button__state jet-button__state-normal\"><span class=\"jet-button__label\">Meira um iWell Guard<\/span><\/div><div class=\"jet-button__state jet-button__state-hover\"><span class=\"jet-button__label\">Meira um iWell Guard<\/span><\/div><\/a><\/div><\/div><style>.elementor-element.elementor-element-iwgw-lwa-ccb .jet-button__instance{width:320px;height:56px;}.elementor-element.elementor-element-iwgw-lwa-ccb .jet-button__state-normal .jet-button__label{text-align:center;margin:0px 0px 0px 0px;color:#1a1b20;font-family:Montserrat,sans-serif;font-size:13px;font-weight:400;letter-spacing:4px;line-height:1.714em;text-transform:uppercase;}.elementor-element.elementor-element-iwgw-lwa-ccb .jet-button__state-hover .jet-button__label{text-align:center;margin:0px 0px 0px 0px;color:#FECC76;font-family:Montserrat,sans-serif;font-size:13px;font-weight:400;letter-spacing:4px;line-height:1.714em;text-transform:uppercase;}.elementor-element.elementor-element-iwgw-lwa-ccb .jet-button__plane-normal{background-color:#FECC76;border-style:solid;border-color:#C99540;border-width:2px 2px 2px 2px;}.elementor-element.elementor-element-iwgw-lwa-ccb .jet-button__plane-hover{background-color:rgba(0,0,0,0.55);border-style:solid;border-color:#FECC76;border-width:2px 2px 2px 2px;}<\/style>\t\t\t\t<\/div>\n\t\t\t\t<\/div>\n\t\t\t\t<div class=\"elementor-element elementor-element-iwgw-lwa-ccd elementor-widget elementor-widget-text-editor\" data-id=\"iwgw-lwa-ccd\" data-element_type=\"widget\" data-e-type=\"widget\" data-widget_type=\"text-editor.default\">\n\t\t\t\t\t\t\t\t\t<div data-nosnippet=\"true\"><p style=\"text-align:center;font-size:13px;opacity:0.7;margin-top:14px\" data-nosnippet=\"true\">Pers\u00f3nuleg reynsla getur veri\u00f0 mismunandi. Ekki l\u00e6kningat\u00e6ki. Engin lofor\u00f0 um l\u00e6kningu.<\/p><\/div>\t\t\t\t\t\t\t\t<\/div>\n\t\t\t\t\t<\/div>\n\t\t\t\t<\/div>\n\t\t\t\t\t<\/div>\n\t\t\t\t<\/div>\n\t\t<div class=\"elementor-element elementor-element-iwgw-lwa-disc e-flex e-con-boxed e-con e-parent\" data-id=\"iwgw-lwa-disc\" data-element_type=\"container\" data-e-type=\"container\">\n\t\t\t\t\t<div class=\"e-con-inner\">\n\t\t\t\t<div class=\"elementor-element elementor-element-iwgw-lwa-discw elementor-widget elementor-widget-html\" data-id=\"iwgw-lwa-discw\" data-element_type=\"widget\" data-e-type=\"widget\" data-widget_type=\"html.default\">\n\t\t\t\t\t<footer data-nosnippet=\"true\" class=\"iwg-disclaimer-block\"><p data-nosnippet=\"true\">iWell Guard er <strong>ekki l\u00e6kningat\u00e6ki<\/strong> og kemur ekki \u00ed sta\u00f0inn fyrir l\u00e6knis- e\u00f0a s\u00e1lfr\u00e6\u00f0ime\u00f0fer\u00f0. Tr\u00faarfr\u00e6\u00f0ilegt efni er menningars\u00f6gulegt samhengi, ekki r\u00e1\u00f0legging um andlega i\u00f0kun.<\/p><\/footer>\t\t\t\t<\/div>\n\t\t\t\t\t<\/div>\n\t\t\t\t<\/div>\n\t\t\t\t<\/div>\n\t\t","protected":false},"excerpt":{"rendered":"","protected":false},"author":3,"featured_media":3394,"parent":0,"menu_order":0,"comment_status":"closed","ping_status":"closed","template":"elementor_header_footer","meta":{"_yoast_wpseo_focuskw":"Lwa vod\u00fa andar","_yoast_wpseo_title":"Lwa \u2013 millimannaandar ha\u00edt\u00edska vod\u00fa-tr\u00faarins","_yoast_wpseo_metadesc":"Lwa eru millimannaandar ha\u00edt\u00edska vod\u00fa-tr\u00faarins milli skapara gu\u00f0sins og mannsins. Tr\u00faarbrag\u00f0afr\u00e6\u00f0ileg greining me\u00f0 go\u00f0s\u00f6gum","_yoast_wpseo_meta-robots-noindex":"","_yoast_wpseo_canonical":"","_angie_page":false,"gefaehrdungsstufe":"","wesen_kultur":"","wesen_klasse":"","footnotes":""},"categories":[],"class_list":["post-169045","page","type-page","status-publish","has-post-thumbnail","hentry"],"yoast_head":"<!-- This site is optimized with the Yoast SEO Premium plugin v27.7 (Yoast SEO v28.3) - https:\/\/yoast.com\/product\/yoast-seo-premium-wordpress\/ -->\n<title>Lwa \u2013 millimannaandar ha\u00edt\u00edska vod\u00fa-tr\u00faarins<\/title>\n<meta name=\"description\" content=\"Lwa eru millimannaandar ha\u00edt\u00edska vod\u00fa-tr\u00faarins milli skapara gu\u00f0sins og mannsins. Tr\u00faarbrag\u00f0afr\u00e6\u00f0ileg greining me\u00f0 go\u00f0s\u00f6gum\" \/>\n<meta name=\"robots\" content=\"index, follow, max-snippet:-1, max-image-preview:large, max-video-preview:-1\" \/>\n<link rel=\"canonical\" href=\"https:\/\/iwell-guard.com\/is\/lwa-millimannaandar-vodu\/\" \/>\n<meta property=\"og:locale\" content=\"is_IS\" \/>\n<meta property=\"og:type\" content=\"article\" \/>\n<meta property=\"og:title\" content=\"Lwa \u2013 millimannaandar ha\u00edt\u00edska vod\u00fa-tr\u00faarins\" \/>\n<meta property=\"og:description\" content=\"Lwa eru millimannaandar ha\u00edt\u00edska vod\u00fa-tr\u00faarins milli skapara gu\u00f0sins og mannsins. Tr\u00faarbrag\u00f0afr\u00e6\u00f0ileg greining me\u00f0 go\u00f0s\u00f6gum\" \/>\n<meta property=\"og:url\" content=\"https:\/\/iwell-guard.com\/is\/lwa-millimannaandar-vodu\/\" \/>\n<meta property=\"og:site_name\" content=\"iWell Guard\" \/>\n<meta property=\"article:modified_time\" content=\"2026-09-05T14:30:53+00:00\" \/>\n<meta property=\"og:image\" content=\"https:\/\/iwell-guard.com\/wp-content\/uploads\/2026\/05\/geister_vodou_lwa.webp\" \/>\n\t<meta property=\"og:image:width\" content=\"1024\" \/>\n\t<meta property=\"og:image:height\" content=\"1536\" \/>\n\t<meta property=\"og:image:type\" content=\"image\/webp\" \/>\n<meta name=\"twitter:card\" content=\"summary_large_image\" \/>\n<script type=\"application\/ld+json\" class=\"yoast-schema-graph\">{\"@context\":\"https:\\\/\\\/schema.org\",\"@graph\":[{\"@type\":\"WebPage\",\"@id\":\"https:\\\/\\\/iwell-guard.com\\\/is\\\/lwa-millimannaandar-vodu\\\/\",\"url\":\"https:\\\/\\\/iwell-guard.com\\\/is\\\/lwa-millimannaandar-vodu\\\/\",\"name\":\"Lwa \u2013 millimannaandar ha\u00edt\u00edska vod\u00fa-tr\u00faarins\",\"isPartOf\":{\"@id\":\"https:\\\/\\\/iwell-guard.com\\\/is\\\/#website\"},\"primaryImageOfPage\":{\"@id\":\"https:\\\/\\\/iwell-guard.com\\\/is\\\/lwa-millimannaandar-vodu\\\/#primaryimage\"},\"image\":{\"@id\":\"https:\\\/\\\/iwell-guard.com\\\/is\\\/lwa-millimannaandar-vodu\\\/#primaryimage\"},\"thumbnailUrl\":\"https:\\\/\\\/iwell-guard.com\\\/wp-content\\\/uploads\\\/2026\\\/05\\\/geister_vodou_lwa.webp\",\"datePublished\":\"2026-09-05T14:05:06+00:00\",\"dateModified\":\"2026-09-05T14:30:53+00:00\",\"description\":\"Lwa eru millimannaandar ha\u00edt\u00edska vod\u00fa-tr\u00faarins milli skapara gu\u00f0sins og mannsins. Tr\u00faarbrag\u00f0afr\u00e6\u00f0ileg greining me\u00f0 go\u00f0s\u00f6gum\",\"breadcrumb\":{\"@id\":\"https:\\\/\\\/iwell-guard.com\\\/is\\\/lwa-millimannaandar-vodu\\\/#breadcrumb\"},\"inLanguage\":\"is\",\"potentialAction\":[{\"@type\":\"ReadAction\",\"target\":[\"https:\\\/\\\/iwell-guard.com\\\/is\\\/lwa-millimannaandar-vodu\\\/\"]}]},{\"@type\":\"ImageObject\",\"inLanguage\":\"is\",\"@id\":\"https:\\\/\\\/iwell-guard.com\\\/is\\\/lwa-millimannaandar-vodu\\\/#primaryimage\",\"url\":\"https:\\\/\\\/iwell-guard.com\\\/wp-content\\\/uploads\\\/2026\\\/05\\\/geister_vodou_lwa.webp\",\"contentUrl\":\"https:\\\/\\\/iwell-guard.com\\\/wp-content\\\/uploads\\\/2026\\\/05\\\/geister_vodou_lwa.webp\",\"width\":1024,\"height\":1536,\"caption\":\"Andar \u00far vod\u00fa-hef\u00f0inni.\"},{\"@type\":\"BreadcrumbList\",\"@id\":\"https:\\\/\\\/iwell-guard.com\\\/is\\\/lwa-millimannaandar-vodu\\\/#breadcrumb\",\"itemListElement\":[{\"@type\":\"ListItem\",\"position\":1,\"name\":\"Start\",\"item\":\"https:\\\/\\\/iwell-guard.com\\\/is\\\/?page_id=168580\"},{\"@type\":\"ListItem\",\"position\":2,\"name\":\"Lwa \u2013 millimannaandar ha\u00edt\u00edska vod\u00fa-tr\u00faarins\"}]},{\"@type\":\"WebSite\",\"@id\":\"https:\\\/\\\/iwell-guard.com\\\/is\\\/#website\",\"url\":\"https:\\\/\\\/iwell-guard.com\\\/is\\\/\",\"name\":\"iWell Guard\",\"description\":\"Schutz vor dunklen Einfl\u00fcssen\",\"publisher\":{\"@id\":\"https:\\\/\\\/iwell-guard.com\\\/is\\\/#organization\"},\"potentialAction\":[{\"@type\":\"SearchAction\",\"target\":{\"@type\":\"EntryPoint\",\"urlTemplate\":\"https:\\\/\\\/iwell-guard.com\\\/is\\\/?s={search_term_string}\"},\"query-input\":{\"@type\":\"PropertyValueSpecification\",\"valueRequired\":true,\"valueName\":\"search_term_string\"}}],\"inLanguage\":\"is\"},{\"@type\":\"Organization\",\"@id\":\"https:\\\/\\\/iwell-guard.com\\\/is\\\/#organization\",\"name\":\"Ittermann electronic GmbH\",\"url\":\"https:\\\/\\\/iwell-guard.com\\\/is\\\/\",\"logo\":{\"@type\":\"ImageObject\",\"inLanguage\":\"is\",\"@id\":\"https:\\\/\\\/iwell-guard.com\\\/is\\\/#\\\/schema\\\/logo\\\/image\\\/\",\"url\":\"https:\\\/\\\/iwell-guard.com\\\/wp-content\\\/uploads\\\/2026\\\/05\\\/Ittermann-Logo-1182x237-1.png\",\"contentUrl\":\"https:\\\/\\\/iwell-guard.com\\\/wp-content\\\/uploads\\\/2026\\\/05\\\/Ittermann-Logo-1182x237-1.png\",\"width\":1182,\"height\":237,\"caption\":\"Ittermann electronic GmbH\"},\"image\":{\"@id\":\"https:\\\/\\\/iwell-guard.com\\\/is\\\/#\\\/schema\\\/logo\\\/image\\\/\"},\"sameAs\":[\"https:\\\/\\\/pantip.com\\\/profile\\\/9367242\",\"https:\\\/\\\/micro.blog\\\/iwellguard\",\"https:\\\/\\\/www.diggerslist.com\\\/iwellguard\\\/about\",\"https:\\\/\\\/skitterphoto.com\\\/photographers\\\/2870314\\\/iwell-guard\",\"https:\\\/\\\/iwellguard.wordpress.com\\\/2026\\\/06\\\/06\\\/iwell-guard\\\/\",\"https:\\\/\\\/hub.docker.com\\\/u\\\/iwellguard\",\"https:\\\/\\\/www.pinterest.com\\\/iwellguard\\\/\",\"https:\\\/\\\/bit.ly\\\/m\\\/iwellguard\",\"https:\\\/\\\/entre-vos-mains.alsace.eu\\\/profiles\\\/iwellguard\\\/activity\",\"https:\\\/\\\/gravatar.com\\\/reallybeded8fd34\",\"https:\\\/\\\/naijamatta.com\\\/iwellguard\",\"https:\\\/\\\/www.goodreads.com\\\/iwellguard\",\"https:\\\/\\\/profile.hatena.ne.jp\\\/iwellguard\\\/\",\"https:\\\/\\\/experiment.com\\\/users\\\/iwellguard\",\"https:\\\/\\\/wakelet.com\\\/@iWellGuard82270\",\"https:\\\/\\\/www.chordie.com\\\/forum\\\/profile.php?id=2555664\",\"https:\\\/\\\/www.instapaper.com\\\/p\\\/17757966\",\"https:\\\/\\\/www.mapleprimes.com\\\/users\\\/iwellguard\",\"https:\\\/\\\/businesslistingplus.com\\\/profile\\\/iwell-guard\\\/\",\"https:\\\/\\\/telegra.ph\\\/iWell-Guard-06-06\",\"https:\\\/\\\/pbase.com\\\/iwellguard\\\/iwellguard\",\"https:\\\/\\\/b.hatena.ne.jp\\\/iwellguard\\\/20260607#bookmark-4788405196491818882\",\"https:\\\/\\\/fliphtml5.com\\\/home\\\/iwellguard\",\"https:\\\/\\\/anyflip.com\\\/homepage\\\/cmiwl#About\",\"https:\\\/\\\/transfur.com\\\/Users\\\/iwellguard\",\"http:\\\/\\\/delphi.larsbo.org\\\/user\\\/iwellguard\",\"https:\\\/\\\/jobs.lajobsportal.org\\\/profiles\\\/8380803-iwell-guard\",\"https:\\\/\\\/md.chaosdorf.de\\\/s\\\/jfbe5SBdJD\",\"https:\\\/\\\/www.lingvolive.com\\\/en-us\\\/profile\\\/9ecaeaca-ce11-4e51-9e71-01d55e2bff36\\\/translations\",\"https:\\\/\\\/www.fitday.com\\\/fitness\\\/forums\\\/members\\\/iwellguard.html\",\"https:\\\/\\\/www.mymeetbook.com\\\/iwellguard\",\"https:\\\/\\\/pxhere.com\\\/en\\\/photographer-me\\\/5040798\",\"https:\\\/\\\/disqus.com\\\/by\\\/iwellguard\\\/about\\\/\",\"https:\\\/\\\/pastelink.net\\\/hjwciqwq\",\"https:\\\/\\\/pubhtml5.com\\\/homepage\\\/scjhn\\\/\",\"https:\\\/\\\/www.bitchute.com\\\/channel\\\/2O2eOKzNqujT\",\"https:\\\/\\\/audiomack.com\\\/iwellguard\"]}]}<\/script>\n<!-- \/ Yoast SEO Premium plugin. -->","yoast_head_json":{"title":"Lwa \u2013 millimannaandar ha\u00edt\u00edska vod\u00fa-tr\u00faarins","description":"Lwa eru millimannaandar ha\u00edt\u00edska vod\u00fa-tr\u00faarins milli skapara gu\u00f0sins og mannsins. Tr\u00faarbrag\u00f0afr\u00e6\u00f0ileg greining me\u00f0 go\u00f0s\u00f6gum","robots":{"index":"index","follow":"follow","max-snippet":"max-snippet:-1","max-image-preview":"max-image-preview:large","max-video-preview":"max-video-preview:-1"},"canonical":"https:\/\/iwell-guard.com\/is\/lwa-millimannaandar-vodu\/","og_locale":"is_IS","og_type":"article","og_title":"Lwa \u2013 millimannaandar ha\u00edt\u00edska vod\u00fa-tr\u00faarins","og_description":"Lwa eru millimannaandar ha\u00edt\u00edska vod\u00fa-tr\u00faarins milli skapara gu\u00f0sins og mannsins. Tr\u00faarbrag\u00f0afr\u00e6\u00f0ileg greining me\u00f0 go\u00f0s\u00f6gum","og_url":"https:\/\/iwell-guard.com\/is\/lwa-millimannaandar-vodu\/","og_site_name":"iWell Guard","article_modified_time":"2026-09-05T14:30:53+00:00","og_image":[{"width":1024,"height":1536,"url":"https:\/\/iwell-guard.com\/wp-content\/uploads\/2026\/05\/geister_vodou_lwa.webp","type":"image\/webp"}],"twitter_card":"summary_large_image","schema":{"@context":"https:\/\/schema.org","@graph":[{"@type":"WebPage","@id":"https:\/\/iwell-guard.com\/is\/lwa-millimannaandar-vodu\/","url":"https:\/\/iwell-guard.com\/is\/lwa-millimannaandar-vodu\/","name":"Lwa \u2013 millimannaandar ha\u00edt\u00edska vod\u00fa-tr\u00faarins","isPartOf":{"@id":"https:\/\/iwell-guard.com\/is\/#website"},"primaryImageOfPage":{"@id":"https:\/\/iwell-guard.com\/is\/lwa-millimannaandar-vodu\/#primaryimage"},"image":{"@id":"https:\/\/iwell-guard.com\/is\/lwa-millimannaandar-vodu\/#primaryimage"},"thumbnailUrl":"https:\/\/iwell-guard.com\/wp-content\/uploads\/2026\/05\/geister_vodou_lwa.webp","datePublished":"2026-09-05T14:05:06+00:00","dateModified":"2026-09-05T14:30:53+00:00","description":"Lwa eru millimannaandar ha\u00edt\u00edska vod\u00fa-tr\u00faarins milli skapara gu\u00f0sins og mannsins. Tr\u00faarbrag\u00f0afr\u00e6\u00f0ileg greining me\u00f0 go\u00f0s\u00f6gum","breadcrumb":{"@id":"https:\/\/iwell-guard.com\/is\/lwa-millimannaandar-vodu\/#breadcrumb"},"inLanguage":"is","potentialAction":[{"@type":"ReadAction","target":["https:\/\/iwell-guard.com\/is\/lwa-millimannaandar-vodu\/"]}]},{"@type":"ImageObject","inLanguage":"is","@id":"https:\/\/iwell-guard.com\/is\/lwa-millimannaandar-vodu\/#primaryimage","url":"https:\/\/iwell-guard.com\/wp-content\/uploads\/2026\/05\/geister_vodou_lwa.webp","contentUrl":"https:\/\/iwell-guard.com\/wp-content\/uploads\/2026\/05\/geister_vodou_lwa.webp","width":1024,"height":1536,"caption":"Andar \u00far vod\u00fa-hef\u00f0inni."},{"@type":"BreadcrumbList","@id":"https:\/\/iwell-guard.com\/is\/lwa-millimannaandar-vodu\/#breadcrumb","itemListElement":[{"@type":"ListItem","position":1,"name":"Start","item":"https:\/\/iwell-guard.com\/is\/?page_id=168580"},{"@type":"ListItem","position":2,"name":"Lwa \u2013 millimannaandar ha\u00edt\u00edska vod\u00fa-tr\u00faarins"}]},{"@type":"WebSite","@id":"https:\/\/iwell-guard.com\/is\/#website","url":"https:\/\/iwell-guard.com\/is\/","name":"iWell Guard","description":"Schutz vor dunklen Einfl\u00fcssen","publisher":{"@id":"https:\/\/iwell-guard.com\/is\/#organization"},"potentialAction":[{"@type":"SearchAction","target":{"@type":"EntryPoint","urlTemplate":"https:\/\/iwell-guard.com\/is\/?s={search_term_string}"},"query-input":{"@type":"PropertyValueSpecification","valueRequired":true,"valueName":"search_term_string"}}],"inLanguage":"is"},{"@type":"Organization","@id":"https:\/\/iwell-guard.com\/is\/#organization","name":"Ittermann electronic GmbH","url":"https:\/\/iwell-guard.com\/is\/","logo":{"@type":"ImageObject","inLanguage":"is","@id":"https:\/\/iwell-guard.com\/is\/#\/schema\/logo\/image\/","url":"https:\/\/iwell-guard.com\/wp-content\/uploads\/2026\/05\/Ittermann-Logo-1182x237-1.png","contentUrl":"https:\/\/iwell-guard.com\/wp-content\/uploads\/2026\/05\/Ittermann-Logo-1182x237-1.png","width":1182,"height":237,"caption":"Ittermann electronic GmbH"},"image":{"@id":"https:\/\/iwell-guard.com\/is\/#\/schema\/logo\/image\/"},"sameAs":["https:\/\/pantip.com\/profile\/9367242","https:\/\/micro.blog\/iwellguard","https:\/\/www.diggerslist.com\/iwellguard\/about","https:\/\/skitterphoto.com\/photographers\/2870314\/iwell-guard","https:\/\/iwellguard.wordpress.com\/2026\/06\/06\/iwell-guard\/","https:\/\/hub.docker.com\/u\/iwellguard","https:\/\/www.pinterest.com\/iwellguard\/","https:\/\/bit.ly\/m\/iwellguard","https:\/\/entre-vos-mains.alsace.eu\/profiles\/iwellguard\/activity","https:\/\/gravatar.com\/reallybeded8fd34","https:\/\/naijamatta.com\/iwellguard","https:\/\/www.goodreads.com\/iwellguard","https:\/\/profile.hatena.ne.jp\/iwellguard\/","https:\/\/experiment.com\/users\/iwellguard","https:\/\/wakelet.com\/@iWellGuard82270","https:\/\/www.chordie.com\/forum\/profile.php?id=2555664","https:\/\/www.instapaper.com\/p\/17757966","https:\/\/www.mapleprimes.com\/users\/iwellguard","https:\/\/businesslistingplus.com\/profile\/iwell-guard\/","https:\/\/telegra.ph\/iWell-Guard-06-06","https:\/\/pbase.com\/iwellguard\/iwellguard","https:\/\/b.hatena.ne.jp\/iwellguard\/20260607#bookmark-4788405196491818882","https:\/\/fliphtml5.com\/home\/iwellguard","https:\/\/anyflip.com\/homepage\/cmiwl#About","https:\/\/transfur.com\/Users\/iwellguard","http:\/\/delphi.larsbo.org\/user\/iwellguard","https:\/\/jobs.lajobsportal.org\/profiles\/8380803-iwell-guard","https:\/\/md.chaosdorf.de\/s\/jfbe5SBdJD","https:\/\/www.lingvolive.com\/en-us\/profile\/9ecaeaca-ce11-4e51-9e71-01d55e2bff36\/translations","https:\/\/www.fitday.com\/fitness\/forums\/members\/iwellguard.html","https:\/\/www.mymeetbook.com\/iwellguard","https:\/\/pxhere.com\/en\/photographer-me\/5040798","https:\/\/disqus.com\/by\/iwellguard\/about\/","https:\/\/pastelink.net\/hjwciqwq","https:\/\/pubhtml5.com\/homepage\/scjhn\/","https:\/\/www.bitchute.com\/channel\/2O2eOKzNqujT","https:\/\/audiomack.com\/iwellguard"]}]}},"_links":{"self":[{"href":"https:\/\/iwell-guard.com\/is\/wp-json\/wp\/v2\/pages\/169045","targetHints":{"allow":["GET"]}}],"collection":[{"href":"https:\/\/iwell-guard.com\/is\/wp-json\/wp\/v2\/pages"}],"about":[{"href":"https:\/\/iwell-guard.com\/is\/wp-json\/wp\/v2\/types\/page"}],"author":[{"embeddable":true,"href":"https:\/\/iwell-guard.com\/is\/wp-json\/wp\/v2\/users\/3"}],"replies":[{"embeddable":true,"href":"https:\/\/iwell-guard.com\/is\/wp-json\/wp\/v2\/comments?post=169045"}],"version-history":[{"count":0,"href":"https:\/\/iwell-guard.com\/is\/wp-json\/wp\/v2\/pages\/169045\/revisions"}],"wp:featuredmedia":[{"embeddable":true,"href":"https:\/\/iwell-guard.com\/is\/wp-json\/wp\/v2\/media\/3394"}],"wp:attachment":[{"href":"https:\/\/iwell-guard.com\/is\/wp-json\/wp\/v2\/media?parent=169045"}],"wp:term":[{"taxonomy":"category","embeddable":true,"href":"https:\/\/iwell-guard.com\/is\/wp-json\/wp\/v2\/categories?post=169045"}],"curies":[{"name":"wp","href":"https:\/\/api.w.org\/{rel}","templated":true}]}}