{"id":169042,"date":"2026-09-05T14:05:05","date_gmt":"2026-09-05T14:05:05","guid":{"rendered":"https:\/\/iwell-guard.com\/?page_id=169042"},"modified":"2026-09-05T14:30:48","modified_gmt":"2026-09-05T14:30:48","slug":"ragnarok-heimsendir-norraen-godafraedi","status":"publish","type":"page","link":"https:\/\/iwell-guard.com\/is\/ragnarok-heimsendir-norraen-godafraedi\/","title":{"rendered":"Ragnar\u00f6k \u2013 heimsendir \u00ed norr\u00e6nni go\u00f0afr\u00e6\u00f0i"},"content":{"rendered":"\t\t<div data-elementor-type=\"wp-page\" data-elementor-id=\"169042\" class=\"elementor elementor-169042 elementor-2928 elementor-bc-flex-widget\" data-elementor-post-type=\"page\">\n\t\t\t\t<div class=\"elementor-element elementor-element-hero4f726b9 e-flex e-con-boxed e-con e-parent\" data-id=\"hero4f726b9\" data-element_type=\"container\" data-e-type=\"container\">\n\t\t\t\t\t<div class=\"e-con-inner\">\n\t\t\t\t<div class=\"elementor-element elementor-element-heroimg268171a iwg-hero-image elementor-widget elementor-widget-image\" data-id=\"heroimg268171a\" data-element_type=\"widget\" data-e-type=\"widget\" data-widget_type=\"image.default\">\n\t\t\t\t\t\t\t\t\t\t\t\t\t\t\t<img fetchpriority=\"high\" decoding=\"async\" width=\"683\" height=\"1024\" src=\"https:\/\/iwell-guard.com\/wp-content\/uploads\/2026\/05\/phaenomene_germanisch_ragnaroek-683x1024.webp\" class=\"attachment-large size-large wp-image-170665\" alt=\"Ragnar\u00f6k - fyrirb\u00e6ri \u00far germanskri hef\u00f0, s\u00f6guleg og myndr\u00e6n framsetning\" srcset=\"https:\/\/iwell-guard.com\/wp-content\/uploads\/2026\/05\/phaenomene_germanisch_ragnaroek-683x1024.webp 683w, https:\/\/iwell-guard.com\/wp-content\/uploads\/2026\/05\/phaenomene_germanisch_ragnaroek-200x300.webp 200w, https:\/\/iwell-guard.com\/wp-content\/uploads\/2026\/05\/phaenomene_germanisch_ragnaroek-768x1152.webp 768w, https:\/\/iwell-guard.com\/wp-content\/uploads\/2026\/05\/phaenomene_germanisch_ragnaroek.webp 1024w\" sizes=\"(max-width: 683px) 100vw, 683px\" \/>\t\t\t\t\t\t\t\t\t\t\t\t\t\t\t<\/div>\n\t\t\t\t\t<\/div>\n\t\t\t\t<\/div>\n\t\t<div class=\"elementor-element elementor-element-iwgw-ragnaroek-hero e-flex e-con-boxed e-con e-parent\" data-id=\"iwgw-ragnaroek-hero\" data-element_type=\"container\" data-e-type=\"container\">\n\t\t\t\t\t<div class=\"e-con-inner\">\n\t\t\t\t<div class=\"elementor-element elementor-element-iwgw-ragnaroek-h1 elementor-widget elementor-widget-heading\" data-id=\"iwgw-ragnaroek-h1\" data-element_type=\"widget\" data-e-type=\"widget\" data-widget_type=\"heading.default\">\n\t\t\t\t\t<h1 class=\"elementor-heading-title elementor-size-default\">Ragnar\u00f6k \u2013 ey\u00f0ing og endurn\u00fdjun heimsins \u00ed norr\u00e6nni go\u00f0s\u00f6gn<\/h1>\t\t\t\t<\/div>\n\t\t\t\t<div class=\"elementor-element elementor-element-iwgw-ragnaroek-pills elementor-widget elementor-widget-html\" data-id=\"iwgw-ragnaroek-pills\" data-element_type=\"widget\" data-e-type=\"widget\" data-widget_type=\"html.default\">\n\t\t\t\t\t<div class=\"iwg-pill-row\"><span class=\"iwg-klasse-badge\" tabindex=\"0\" data-tooltip=\"Go\u00f0s\u00f6gn af hef\u00f0inni germanskt.\">Go\u00f0s\u00f6gn<\/span><a href=\"https:\/\/iwell-guard.com\/is\/germonsk\/\" class=\"iwg-kultur-badge\" tabindex=\"0\" data-tooltip=\"Go\u00f0afr\u00e6\u00f0i hef\u00f0arinnar germanskt.\">Germanskt<\/a><span class=\"iwg-tradition-badge\" tabindex=\"0\" data-tooltip=\"Go\u00f0s\u00f6gn um endalok t\u00edmans.\">Go\u00f0s\u00f6gn um endalok t\u00edmans<\/span><\/div>\t\t\t\t<\/div>\n\t\t\t\t<div class=\"elementor-element elementor-element-iwgw-ragnaroek-lead elementor-widget elementor-widget-text-editor\" data-id=\"iwgw-ragnaroek-lead\" data-element_type=\"widget\" data-e-type=\"widget\" data-widget_type=\"text-editor.default\">\n\t\t\t\t\t\t\t\t\t<p>Ragnar\u00f6k er hin eskat\u00f3l\u00f3g\u00edska <span class=\"iwg-fachbegriff\" data-tooltip=\"S\u00f6g\u00f0 fr\u00e1s\u00f6gn um gu\u00f0i, uppruna og skipan heimsins.\" tabindex=\"0\">go\u00f0s\u00f6gn<\/span> norr\u00e6nnar <span class=\"iwg-fachbegriff\" data-tooltip=\"Mi\u00f0lun \u00feekkingar og fr\u00e1sagna milli kynsl\u00f3\u00f0a.\" tabindex=\"0\">arfleif\u00f0ar<\/span>. H\u00fan segir fr\u00e1 falli gu\u00f0anna og heimsins \u00ed bar\u00e1ttunni vi\u00f0 hinar fjandsamlegu \u00f6fl og fr\u00e1 \u00fev\u00ed hvernig n\u00fd, endurn\u00fdju\u00f0 j\u00f6r\u00f0 r\u00eds \u00far hafinu. \u00deannig tengir h\u00fan saman endalok og n\u00fdtt upphaf \u00ed einn samfelldan fr\u00e1sagnar\u00fer\u00e1\u00f0.<\/p>\t\t\t\t\t\t\t\t<\/div>\n\t\t\t\t\t<\/div>\n\t\t\t\t<\/div>\n\t\t<div class=\"elementor-element elementor-element-iwgw-ragnaroek-s0 e-flex e-con-boxed e-con e-parent\" data-id=\"iwgw-ragnaroek-s0\" data-element_type=\"container\" data-e-type=\"container\">\n\t\t\t\t\t<div class=\"e-con-inner\">\n\t\t\t\t<div class=\"elementor-element elementor-element-iwgw-ragnaroek-s0h elementor-widget elementor-widget-heading\" data-id=\"iwgw-ragnaroek-s0h\" data-element_type=\"widget\" data-e-type=\"widget\" data-widget_type=\"heading.default\">\n\t\t\t\t\t<h2 class=\"elementor-heading-title elementor-size-default\">Yfirlit<\/h2>\t\t\t\t<\/div>\n\t\t\t\t<div class=\"elementor-element elementor-element-iwgw-ragnaroek-s0t elementor-widget elementor-widget-text-editor\" data-id=\"iwgw-ragnaroek-s0t\" data-element_type=\"widget\" data-e-type=\"widget\" data-widget_type=\"text-editor.default\">\n\t\t\t\t\t\t\t\t\t<p>Ragnar\u00f6k t\u00e1knar \u00ed norr\u00e6nni <span class=\"iwg-fachbegriff\" data-tooltip=\"Heild \u00feeirra go\u00f0sagna sem var\u00f0veittar eru innan tiltekinnar menningar.\" tabindex=\"0\">go\u00f0afr\u00e6\u00f0i<\/span> atbur\u00f0ina vi\u00f0 endalok heimsins: fall gu\u00f0anna, hrun heimskerfisins og \u00fe\u00e1 endurn\u00fdjun jar\u00f0arinnar sem \u00e1 eftir fylgir. H\u00e9r er ekki um pers\u00f3nu e\u00f0a veru a\u00f0 r\u00e6\u00f0a, heldur <span class=\"iwg-fachbegriff\" data-tooltip=\"S\u00f6g\u00f0 fr\u00e1s\u00f6gn um gu\u00f0i, uppruna og skipan heimsins.\" tabindex=\"0\">go\u00f0s\u00f6gn<\/span>, samfellda atbur\u00f0ar\u00e1s sem <span class=\"iwg-fachbegriff\" data-tooltip=\"Mi\u00f0lun \u00feekkingar og fr\u00e1sagna milli kynsl\u00f3\u00f0a.\" tabindex=\"0\">arfleif\u00f0in<\/span> l\u00fdsir sem fyrirfram \u00e1kve\u00f0num \u00f6rl\u00f6gum allra m\u00e1ttarvalda.<\/p><p>Innan tr\u00faarbrag\u00f0a hins <a href=\"https:\/\/iwell-guard.com\/is\/germonsk\/\">germanska<\/a> heims, n\u00e1nar tilteki\u00f0 innan hinnar fornnorr\u00e6nu <span class=\"iwg-fachbegriff\" data-tooltip=\"Mi\u00f0lun \u00feekkingar og fr\u00e1sagna milli kynsl\u00f3\u00f0a.\" tabindex=\"0\">arfleif\u00f0ar<\/span> Skandinav\u00edu og \u00cdslands, gegnir Ragnar\u00f6k s\u00e9rst\u00f6ku hlutverki.<\/p><p>\u00dea\u00f0 er eina go\u00f0s\u00f6gnin um endalok t\u00edmans sem er sett fram \u00ed fullri lengd, og h\u00fan er n\u00e1tengd \u00feeirri hugmynd a\u00f0 jafnvel gu\u00f0irnir s\u00e9u undirseldir \u00f6rl\u00f6gunum. \u00d3l\u00edkt \u00f3dau\u00f0legum gu\u00f0um annarra tr\u00faarbrag\u00f0a vita norr\u00e6nu gu\u00f0irnir um eigin endalok en ganga \u00feeim m\u00f3t \u00fer\u00e1tt fyrir \u00fea\u00f0.<\/p><p>Fr\u00e1 sj\u00f3narh\u00f3li tr\u00faarbrag\u00f0afr\u00e6\u00f0anna telst Ragnar\u00f6k til eskat\u00f3l\u00f3g\u00eda, kenninga um hina hinstu hluti. Einkennandi er tengingin milli falls og endurn\u00fdjunar: <span class=\"iwg-fachbegriff\" data-tooltip=\"S\u00f6g\u00f0 fr\u00e1s\u00f6gn um gu\u00f0i, uppruna og skipan heimsins.\" tabindex=\"0\">Go\u00f0s\u00f6gnin<\/span> endar ekki me\u00f0 ey\u00f0ingu, heldur me\u00f0 uppkomu n\u00fds, hreinsa\u00f0s heims.<\/p><p>\u00dear me\u00f0 er h\u00fan fr\u00e1brug\u00f0in hreinni tort\u00edmingarhugmynd og n\u00e1lgast fremur hringr\u00e1sarlegt m\u00f3del \u00fear sem endalok og upphaf tvinnast saman.<\/p>\t\t\t\t\t\t\t\t<\/div>\n\t\t\t\t\t<\/div>\n\t\t\t\t<\/div>\n\t\t<div class=\"elementor-element elementor-element-iwgw-ragnaroek-s1 e-flex e-con-boxed e-con e-parent\" data-id=\"iwgw-ragnaroek-s1\" data-element_type=\"container\" data-e-type=\"container\">\n\t\t\t\t\t<div class=\"e-con-inner\">\n\t\t\t\t<div class=\"elementor-element elementor-element-iwgw-ragnaroek-s1h elementor-widget elementor-widget-heading\" data-id=\"iwgw-ragnaroek-s1h\" data-element_type=\"widget\" data-e-type=\"widget\" data-widget_type=\"heading.default\">\n\t\t\t\t\t<h2 class=\"elementor-heading-title elementor-size-default\">Nafn og or\u00f0sifjar<\/h2>\t\t\t\t<\/div>\n\t\t\t\t<div class=\"elementor-element elementor-element-iwgw-ragnaroek-s1t elementor-widget elementor-widget-text-editor\" data-id=\"iwgw-ragnaroek-s1t\" data-element_type=\"widget\" data-e-type=\"widget\" data-widget_type=\"text-editor.default\">\n\t\t\t\t\t\t\t\t\t<p>Fornnorr\u00e6na or\u00f0i\u00f0 <em>ragnar\u00f6k<\/em> er samsett \u00far <em>ragna<\/em>, eignarfalli fleirt\u00f6lu af <em>regin<\/em>, hin r\u00e1\u00f0andi m\u00e1ttarv\u00f6ld e\u00f0a gu\u00f0ir, og <em>r\u00f6k<\/em>, \u00f6rl\u00f6g, forl\u00f6g e\u00f0a uppruni. B\u00f3kstaflega merkingin er \u00fev\u00ed \u00f6rl\u00f6g gu\u00f0anna e\u00f0a forl\u00f6g m\u00e1ttarvaldanna.<\/p><p>\u00cd heimildunum kemur einnig fyrir myndin <em>ragnar\u00f8kkr<\/em>, sem er leidd af <em>r\u00f8kkr<\/em>, r\u00f6kkur e\u00f0a h\u00fam, og t\u00falkar atbur\u00f0inn sem ragnar\u00f6kkur gu\u00f0anna.<\/p><p>\u00deessi s\u00ed\u00f0ari lestur er tungum\u00e1lalega tali\u00f0 s\u00ed\u00f0ar til kominn, en hefur haft mikil \u00e1hrif \u00ed menningars\u00f6gunni. \u00cd gegnum \u00fe\u00fdsku \u00fe\u00fd\u00f0inguna G\u00f6tterd\u00e4mmerung (gu\u00f0alj\u00f3ma) var\u00f0 hugtaki\u00f0 kunnugt langt \u00fat fyrir fr\u00e6\u00f0aheiminn, ekki s\u00edst gegnum t\u00f3nlist 19. aldarins.<\/p><p>Fr\u00e6\u00f0imenn kj\u00f3sa n\u00fa oftast myndina Ragnar\u00f6k me\u00f0 merkingunni \u00f6rl\u00f6g gu\u00f0anna, \u00fev\u00ed h\u00fan er n\u00e6r hinni eldri <span class=\"iwg-fachbegriff\" data-tooltip=\"Mi\u00f0lun \u00feekkingar og fr\u00e1sagna milli kynsl\u00f3\u00f0a.\" tabindex=\"0\">arfleif\u00f0<\/span>. B\u00e1\u00f0ir lestrarnir eru \u00fe\u00f3 fornir og standa fyrir tv\u00e6r hli\u00f0ar sama <span class=\"iwg-fachbegriff\" data-tooltip=\"S\u00f6g\u00f0 fr\u00e1s\u00f6gn um gu\u00f0i, uppruna og skipan heimsins.\" tabindex=\"0\">go\u00f0sagnarins<\/span>: hin fyrirfram \u00e1kve\u00f0nu forl\u00f6g annars vegar og slokknun hinna gu\u00f0d\u00f3mlegu lj\u00f3sm\u00e1ttarvalda hins vegar.<\/p>\t\t\t\t\t\t\t\t<\/div>\n\t\t\t\t\t<\/div>\n\t\t\t\t<\/div>\n\t\t<div class=\"elementor-element elementor-element-iwgw-ragnaroek-s2 e-flex e-con-boxed e-con e-parent\" data-id=\"iwgw-ragnaroek-s2\" data-element_type=\"container\" data-e-type=\"container\">\n\t\t\t\t\t<div class=\"e-con-inner\">\n\t\t\t\t<div class=\"elementor-element elementor-element-iwgw-ragnaroek-s2h elementor-widget elementor-widget-heading\" data-id=\"iwgw-ragnaroek-s2h\" data-element_type=\"widget\" data-e-type=\"widget\" data-widget_type=\"heading.default\">\n\t\t\t\t\t<h2 class=\"elementor-heading-title elementor-size-default\">Fyrirbo\u00f0ar og fr\u00e1sagnarr\u00e1s<\/h2>\t\t\t\t<\/div>\n\t\t\t\t<div class=\"elementor-element elementor-element-iwgw-ragnaroek-s2t elementor-widget elementor-widget-text-editor\" data-id=\"iwgw-ragnaroek-s2t\" data-element_type=\"widget\" data-e-type=\"widget\" data-widget_type=\"text-editor.default\">\n\t\t\t\t\t\t\t\t\t<p><span class=\"iwg-fachbegriff\" data-tooltip=\"Eine \u00fcberliefer\u00f0 erz\u00e4hlun um gu\u00f0i, uppruna og heimskipulag.\" tabindex=\"0\">Go\u00f0sagan<\/span> l\u00fdsir Ragnar\u00f6kum sem atbur\u00f0i sem tilkynntur er me\u00f0 fj\u00f6lda fyrirbo\u00f0a. \u00c1 undan fer <em>Fimbulvetur<\/em>, \u00ferefaldur, \u00f3slitinn vetur \u00e1n sumars \u00e1 milli, \u00e1samt str\u00ed\u00f0i, si\u00f0fer\u00f0ishnignun og upplausn mannlegs skipulags.<\/p><p>Br\u00e6\u00f0ur fella hver annan, \u00f6ll b\u00f6nd rofna. <em>V\u00f6lusp\u00e1<\/em> dregur saman \u00feessa hnignun \u00ed \u00e1hrifamiklum v\u00edsum sem tala um \u00f6xart\u00ed\u00f0, sver\u00f0at\u00ed\u00f0, vindat\u00ed\u00f0 og varg\u00f6ld, og skilja f\u00e9lagslegt \u00f6ng\u00feveiti sem fyrirbo\u00f0a hins kosm\u00edska.<\/p><p>Kosm\u00edsk t\u00e1kn koma \u00ed kj\u00f6lfari\u00f0: \u00falfar gleypa s\u00f3lina og tungli\u00f0, stj\u00f6rnurnar hrapa, j\u00f6r\u00f0in skelfur og allar fj\u00f6trar slitna. \u00d3vina\u00f6flin ver\u00f0a frj\u00e1ls.<\/p><p>Fj\u00f6tra\u00f0ur \u00falfurinn Fenrir br\u00fdst laus, heimsslangan J\u00f6rmungandur st\u00edgur upp \u00far hafinu, dau\u00f0askipi\u00f0 Naglfar n\u00e1lgast me\u00f0 \u00f6flum dj\u00fapsins, og eldj\u00f6tnarnir leggja af sta\u00f0 undir forystu Surts fr\u00e1 Muspellsheimi og brenna heiminn til grunna.<\/p><p>Fj\u00f6tra\u00f0ur Loki losast einnig og gengur til li\u00f0s vi\u00f0 \u00f3vinina. Heimdallur, v\u00f6r\u00f0ur gu\u00f0anna, bl\u00e6s \u00ed horni\u00f0 Gjallarhorn og kallar gu\u00f0ina og hina fallnu str\u00ed\u00f0smenn samankomna \u00ed Valh\u00f6ll til s\u00ed\u00f0ustu orrustunnar \u00e1 vellinum V\u00edgr\u00ed\u00f0i.<\/p><p>\u00c1 hinu mikla v\u00edgvelli m\u00e6tast gu\u00f0ir og \u00f3vinir. <a href=\"https:\/\/iwell-guard.com\/is\/odin\/\">\u00d3\u00f0inn<\/a> fellur \u00ed bardaga gegn \u00falfinum Fenrir, sem sonur hans V\u00ed\u00f0ar hefnir.<\/p><p><a href=\"https:\/\/iwell-guard.com\/is\/thor\/\">\u00de\u00f3r<\/a> vegur heimssl\u00f6nguna, en deyr sj\u00e1lfur af eitri hennar n\u00edu skrefum s\u00ed\u00f0ar. Freyr fellur fyrir Surti, v\u00f6r\u00f0urinn Heimdallur og Loki drepa hvor annan, og hundurinn Garmur og str\u00ed\u00f0sgu\u00f0inn T\u00fdr s\u00f6mulei\u00f0is.<\/p><p>A\u00f0 lokum umlykur eldur Surts allan heiminn, og j\u00f6r\u00f0in, sem eldurinn hefur eytt, sekkur \u00ed hafi\u00f0. Fr\u00e1sagnarboginn endar \u00fe\u00f3 ekki h\u00e9r: \u00far vatninu r\u00eds n\u00fd, gr\u00e6nn j\u00f6r\u00f0.<\/p><p>Gu\u00f0ir eins og V\u00ed\u00f0ar, V\u00e1li og synir \u00de\u00f3rs lifa af, Baldur sn\u00fdr aftur \u00far heimi hinna dau\u00f0u, mannpari\u00f0 L\u00edf og L\u00edf\u00ferasir hafa leita\u00f0 skj\u00f3ls \u00ed <span class=\"iwg-fachbegriff\" data-tooltip=\"Heilagur sk\u00f3garlundur sem nota\u00f0ur var til d\u00fdrkunar.\" tabindex=\"0\">lundi<\/span>, og n\u00fdtt heimsskei\u00f0 hefst.<\/p>\t\t\t\t\t\t\t\t<\/div>\n\t\t\t\t\t<\/div>\n\t\t\t\t<\/div>\n\t\t<div class=\"elementor-element elementor-element-iwgw-ragnaroek-s3 e-flex e-con-boxed e-con e-parent\" data-id=\"iwgw-ragnaroek-s3\" data-element_type=\"container\" data-e-type=\"container\">\n\t\t\t\t\t<div class=\"e-con-inner\">\n\t\t\t\t<div class=\"elementor-element elementor-element-iwgw-ragnaroek-s3h elementor-widget elementor-widget-heading\" data-id=\"iwgw-ragnaroek-s3h\" data-element_type=\"widget\" data-e-type=\"widget\" data-widget_type=\"heading.default\">\n\t\t\t\t\t<h2 class=\"elementor-heading-title elementor-size-default\">Go\u00f0s\u00f6gn og arfleif\u00f0<\/h2>\t\t\t\t<\/div>\n\t\t\t\t<div class=\"elementor-element elementor-element-iwgw-ragnaroek-s3t elementor-widget elementor-widget-text-editor\" data-id=\"iwgw-ragnaroek-s3t\" data-element_type=\"widget\" data-e-type=\"widget\" data-widget_type=\"text-editor.default\">\n\t\t\t\t\t\t\t\t\t<p>Mikilv\u00e6gustu heimildirnar um Ragnar\u00f6k eru tveir textar fr\u00e1 13. \u00f6ld \u00e1 \u00cdslandi. Eddukv\u00e6\u00f0i\u00f0 <em>V\u00f6lusp\u00e1<\/em>, kv\u00e6\u00f0i v\u00f6lvunnar, l\u00fdsir \u00ed \u00fe\u00e9ttu og margr\u00e6\u00f0u m\u00e1li \u00f6llu heimsskei\u00f0inu, fr\u00e1 sk\u00f6pun til tort\u00edmingar og endurn\u00fdjunar.<\/p><p>Snorri Sturluson dregur saman <span class=\"iwg-fachbegriff\" data-tooltip=\"Eine \u00fcberliefer\u00f0 erz\u00e4hlun um gu\u00f0i, uppruna og heimskipulag.\" tabindex=\"0\">go\u00f0s\u00f6guna<\/span> \u00e1 kerfisbundinn h\u00e1tt \u00ed <em>Snorra-Eddu<\/em> og vitnar \u00fear \u00ed eldri kv\u00e6\u00f0i, en skipar \u00feeim eftir s\u00ednum eigin skilningi.<\/p><p>\u00d6nnur eddukv\u00e6\u00f0i, eins og <em>Vaf\u00fer\u00fa\u00f0nism\u00e1l<\/em>, veita einstaka byggingarsteina, me\u00f0al annars um \u00fe\u00e1 sem lifa af og um Fimbulveturinn. <span class=\"iwg-fachbegriff\" data-tooltip=\"Mi\u00f0lun \u00feekkingar og fr\u00e1sagna milli kynsl\u00f3\u00f0a.\" tabindex=\"0\">Arfleif\u00f0in<\/span> er \u00fev\u00ed hvorki einsleit n\u00e9 \u00e1n m\u00f3tsagna: r\u00f6\u00f0 atbur\u00f0a, \u00fe\u00e1tttakandi verur og sm\u00e1atri\u00f0i eru breytileg milli heimilda. Margt af \u00fev\u00ed sem tali\u00f0 er fastm\u00f3tu\u00f0 mynd m\u00e1 rekja til skipulagshendur Snorra.<\/p><p>\u00dear vi\u00f0 b\u00e6tist vandi t\u00edmasetningar. Rita\u00f0ar heimildir ur\u00f0u til \u00e1 kristnu \u00cdslandi, meira en tveimur \u00f6ldum eftir formlega kristnit\u00f6ku. Eldri fr\u00e6\u00f0imenn s\u00e1u \u00ed tengingu tort\u00edmingar og endurn\u00fdja\u00f0s heims, \u00fear sem h\u00e6rri, \u00f3nefndur m\u00e1ttarvaldur kemur fram, kristin \u00e1hrif.<\/p><p>N\u00fdrri ranns\u00f3knir d\u00e6ma varlegar: kjarni <span class=\"iwg-fachbegriff\" data-tooltip=\"Eine \u00fcberliefer\u00f0 erz\u00e4hlun um gu\u00f0i, uppruna og heimskipulag.\" tabindex=\"0\">go\u00f0s\u00f6gunnar<\/span>, bar\u00e1ttan gu\u00f0anna gegn \u00f6flum \u00f3rei\u00f0unnar og fyrirfram\u00e1kve\u00f0in tort\u00edming \u00feeirra, er talinn <span class=\"iwg-fachbegriff\" data-tooltip=\"Fr\u00e1 t\u00edmanum \u00e1\u00f0ur en kristni breiddist \u00fat.\" tabindex=\"0\">hei\u00f0inn a\u00f0 uppruna<\/span>, en var\u00f0veitt mynd hennar er einnig m\u00f3tu\u00f0 af hinum kristna ritunart\u00edma.<\/p>\t\t\t\t\t\t\t\t<\/div>\n\t\t\t\t\t<\/div>\n\t\t\t\t<\/div>\n\t\t<div class=\"elementor-element elementor-element-iwgw-ragnaroek-s4 e-flex e-con-boxed e-con e-parent\" data-id=\"iwgw-ragnaroek-s4\" data-element_type=\"container\" data-e-type=\"container\">\n\t\t\t\t\t<div class=\"e-con-inner\">\n\t\t\t\t<div class=\"elementor-element elementor-element-iwgw-ragnaroek-s4h elementor-widget elementor-widget-heading\" data-id=\"iwgw-ragnaroek-s4h\" data-element_type=\"widget\" data-e-type=\"widget\" data-widget_type=\"heading.default\">\n\t\t\t\t\t<h2 class=\"elementor-heading-title elementor-size-default\">Sta\u00f0a \u00ed helgisi\u00f0um og tr\u00faarheiminum<\/h2>\t\t\t\t<\/div>\n\t\t\t\t<div class=\"elementor-element elementor-element-iwgw-ragnaroek-s4t elementor-widget elementor-widget-text-editor\" data-id=\"iwgw-ragnaroek-s4t\" data-element_type=\"widget\" data-e-type=\"widget\" data-widget_type=\"text-editor.default\">\n\t\t\t\t\t\t\t\t\t<p>\u00d3l\u00edkt tigna\u00f0ri veru var Ragnar\u00f6k ekki vi\u00f0fangsefni eigin helgisi\u00f0a. Engin si\u00f0fer\u00f0i voru bein tengd endat\u00edmago\u00f0s\u00f6gninni. Merking hennar l\u00e1 \u00ed tr\u00faarheiminum og \u00ed t\u00falkun mannlegrar tilveru, ekki \u00ed helgisi\u00f0avenju.<\/p><p>\u00der\u00e1tt fyrir \u00fea\u00f0 gegns\u00fdr\u00f0i hugmyndin um fyrirfram\u00e1kve\u00f0inn endalok tr\u00faarlegan hugmyndaheim. S\u00f6fnun fallinna str\u00ed\u00f0smanna \u00ed h\u00f6ll \u00e6\u00f0sta gu\u00f0sins, undirb\u00faningurinn fyrir s\u00ed\u00f0ustu orrustuna sem l\u00fdst er \u00ed heimildunum, tengdi \u00f6rl\u00f6g hinna einst\u00f6ku l\u00e1tnu vi\u00f0 hi\u00f0 kosm\u00edska ferli.<\/p><p>\u00deeir sem f\u00e9llu me\u00f0 s\u00e6md \u00ed bardaga skyldu a\u00f0 lokum standa vi\u00f0 hli\u00f0 gu\u00f0anna. \u00deannig f\u00e9kk hugsj\u00f3nin um hreysti eskat\u00f3l\u00f3g\u00edska r\u00e9ttl\u00e6tingu.<\/p><p>\u00cd tr\u00faarbrag\u00f0afr\u00e6\u00f0um er Ragnar\u00f6k oft t\u00falka\u00f0 sem tj\u00e1ning vi\u00f0horfs \u00fear sem gu\u00f0irnir sj\u00e1lfir eru undirseldir \u00f6rl\u00f6gunum en m\u00e6ta \u00feeim \u00fer\u00e1tt fyrir \u00fea\u00f0 uppr\u00e9ttir. \u00deessi hugmynd m\u00f3ta\u00f0i skilninginn \u00e1 hei\u00f0ri, hugrekki og sta\u00f0festu.<\/p><p>Hvort f\u00f3lk \u00e1 v\u00edkinga\u00f6ld skildi <span class=\"iwg-fachbegriff\" data-tooltip=\"Eine \u00fcberliefer\u00f0 erz\u00e4hlun um gu\u00f0i, uppruna og heimskipulag.\" tabindex=\"0\">go\u00f0s\u00f6guna<\/span> sem yfirvofandi, fjarl\u00e6g \u00f6rl\u00f6g e\u00f0a myndr\u00e6nan skilning \u00e1 heimsskipulaginu, er ekki unnt a\u00f0 fullyr\u00f0a me\u00f0 vissu \u00fat fr\u00e1 heimildunum.<\/p>\t\t\t\t\t\t\t\t<\/div>\n\t\t\t\t\t<\/div>\n\t\t\t\t<\/div>\n\t\t<div class=\"elementor-element elementor-element-iwgw-ragnaroek-s5 e-flex e-con-boxed e-con e-parent\" data-id=\"iwgw-ragnaroek-s5\" data-element_type=\"container\" data-e-type=\"container\">\n\t\t\t\t\t<div class=\"e-con-inner\">\n\t\t\t\t<div class=\"elementor-element elementor-element-iwgw-ragnaroek-s5h elementor-widget elementor-widget-heading\" data-id=\"iwgw-ragnaroek-s5h\" data-element_type=\"widget\" data-e-type=\"widget\" data-widget_type=\"heading.default\">\n\t\t\t\t\t<h2 class=\"elementor-heading-title elementor-size-default\">Verndart\u00falkun og vi\u00f0horf til \u00f6rlaganna<\/h2>\t\t\t\t<\/div>\n\t\t\t\t<div class=\"elementor-element elementor-element-iwgw-ragnaroek-s5t elementor-widget elementor-widget-text-editor\" data-id=\"iwgw-ragnaroek-s5t\" data-element_type=\"widget\" data-e-type=\"widget\" data-widget_type=\"text-editor.default\">\n\t\t\t\t\t\t\t\t\t<p>\u00dear sem Ragnar\u00f6k var tali\u00f0 \u00f3umfl\u00fdjanlegur, af \u00f6rl\u00f6gunum \u00e1kve\u00f0inn atbur\u00f0ur, \u00feekkti <span class=\"iwg-fachbegriff\" data-tooltip=\"Mi\u00f0lun \u00feekkingar og sagna milli kynsl\u00f3\u00f0a.\" tabindex=\"0\">munnm\u00e6lasagan<\/span> ekki til neinnar verndarathafnar sem hef\u00f0i geta\u00f0 afst\u00fdrt \u00fev\u00ed. \u00d6rl\u00f6gum gu\u00f0anna var\u00f0 ekki afst\u00fdrt me\u00f0 g\u00f6ldrum, <span class=\"iwg-fachbegriff\" data-tooltip=\"Gj\u00f6f til go\u00f0magns til a\u00f0 tj\u00e1 \u00feakkl\u00e6ti, b\u00e6n e\u00f0a lotningu.\" tabindex=\"0\">f\u00f3rnum<\/span> e\u00f0a <span class=\"iwg-fachbegriff\" data-tooltip=\"Hlutur sem borinn er \u00e1 s\u00e9r og talinn hafa verndandi, \u00f3g\u00e6fuafst\u00fdrandi m\u00e1tt.\" tabindex=\"0\">verndargripum<\/span>. Vernd \u00ed strangri merkingu er \u00fev\u00ed ekki umfj\u00f6llunarefni <span class=\"iwg-fachbegriff\" data-tooltip=\"Hef\u00f0bundin fr\u00e1s\u00f6gn um gu\u00f0i, uppruna og skipulag heimsins.\" tabindex=\"0\">go\u00f0s\u00f6gunnar<\/span>.<\/p><p>Vi\u00f0br\u00f6g\u00f0in vi\u00f0 \u00f6rl\u00f6gunum l\u00e1gu \u00feess \u00ed sta\u00f0 \u00e1 \u00f6\u00f0ru svi\u00f0i. Gu\u00f0irnir sj\u00e1lfir breg\u00f0ast fyrirbyggjandi vi\u00f0: \u00deeir binda \u00falfinn og \u00f6nnur \u00f3gnar\u00f6fl, \u00feeir reyna a\u00f0 fresta \u00f3g\u00e6funni, jafnvel \u00fe\u00f3tt \u00feeir viti a\u00f0 h\u00fan muni koma.<\/p><p>\u00deessi binding hinna ey\u00f0andi m\u00e1tta heldur heiminum saman \u00feann t\u00edma sem honum er \u00fathluta\u00f0ur. \u00cd <span class=\"iwg-fachbegriff\" data-tooltip=\"Hef\u00f0bundin fr\u00e1s\u00f6gn um gu\u00f0i, uppruna og skipulag heimsins.\" tabindex=\"0\">go\u00f0s\u00f6gunni<\/span> er \u00feetta fyrirmynd athafna sem var\u00f0veita skipulagi\u00f0 \u00e1n \u00feess a\u00f0 geta afneita\u00f0 endalokunum.<\/p><p>Fyrir mennina felst r\u00e9tt vi\u00f0horf \u00ed \u00fev\u00ed a\u00f0 s\u00e6tta sig vi\u00f0 \u00f6rl\u00f6gin og haga s\u00e9r me\u00f0 s\u00e6md innan \u00feeirra takmarka sem sett eru. Fr\u00e6\u00f0ilega m\u00e1 lesa Ragnar\u00f6k \u00feannig sem <span class=\"iwg-fachbegriff\" data-tooltip=\"Hef\u00f0bundin fr\u00e1s\u00f6gn um gu\u00f0i, uppruna og skipulag heimsins.\" tabindex=\"0\">go\u00f0s\u00f6gu<\/span> sem lofar ekki vernd gegn endalokunum, heldur bo\u00f0ar t\u00falkun \u00e1 \u00fev\u00ed hvernig lifa skal me\u00f0 vissunni um endalokin.<\/p><p>Huggunin liggur ekki \u00ed v\u00f6rn, heldur \u00ed vissunni um hinn endurn\u00fdja\u00f0a heim sem r\u00eds \u00far hafinu eftir tort\u00edmingin.<\/p>\t\t\t\t\t\t\t\t<\/div>\n\t\t\t\t\t<\/div>\n\t\t\t\t<\/div>\n\t\t<div class=\"elementor-element elementor-element-iwgw-ragnaroek-s6 e-flex e-con-boxed e-con e-parent\" data-id=\"iwgw-ragnaroek-s6\" data-element_type=\"container\" data-e-type=\"container\">\n\t\t\t\t\t<div class=\"e-con-inner\">\n\t\t\t\t<div class=\"elementor-element elementor-element-iwgw-ragnaroek-s6h elementor-widget elementor-widget-heading\" data-id=\"iwgw-ragnaroek-s6h\" data-element_type=\"widget\" data-e-type=\"widget\" data-widget_type=\"heading.default\">\n\t\t\t\t\t<h2 class=\"elementor-heading-title elementor-size-default\">Myndr\u00e6nar og \u00e1\u00fereifanlegar vitnisbur\u00f0ir<\/h2>\t\t\t\t<\/div>\n\t\t\t\t<div class=\"elementor-element elementor-element-iwgw-ragnaroek-s6t elementor-widget elementor-widget-text-editor\" data-id=\"iwgw-ragnaroek-s6t\" data-element_type=\"widget\" data-e-type=\"widget\" data-widget_type=\"text-editor.default\">\n\t\t\t\t\t\t\t\t\t<p>Auk rita\u00f0ra heimilda eru til nokkrar myndr\u00e6nar vitnisbur\u00f0ir sem tengdar hafa veri\u00f0 Ragnar\u00f6k-efninu. R\u00fanasteinninn fr\u00e1 Ledberg \u00ed Sv\u00ed\u00fej\u00f3\u00f0, fr\u00e1 v\u00edkinga\u00f6ld, s\u00fdnir pers\u00f3nu sem ver\u00f0ur fyrir \u00e1r\u00e1s d\u00fdrs \u00e1 f\u00e6ti og f\u00f3tlegg, sem oft hefur veri\u00f0 t\u00falka\u00f0 sem \u00d3\u00f0inn og \u00falfurinn Fenrir.<\/p><p>\u00c1 Gosforth-krossinum \u00ed Cumbria \u00e1 Englandi, kristnu minnismerki fr\u00e1 10. \u00f6ld, m\u00e1 finna atri\u00f0i sem lesin hafa veri\u00f0 sem hinn bundni Loki, Heimdallur me\u00f0 horni\u00f0 og bardagi V\u00ed\u00f0ars vi\u00f0 \u00falfinn.<\/p><p>\u00deessar t\u00falkanir eru ekki \u00f3umdeildar, enda bera myndirnar engar \u00e1letranir og leyfa margar leslei\u00f0ir. \u00de\u00e6r s\u00fdna \u00fe\u00f3 a\u00f0 minni endalokago\u00f0s\u00f6gunnar voru sett \u00ed myndform \u00feegar \u00e1 v\u00edkinga\u00f6ld, \u00fea\u00f0 er \u00e1 undan hinni ritu\u00f0u skr\u00e1ningu \u00ed <em>V\u00f6lusp\u00e1<\/em> og <em>Prosa-Eddu<\/em>.<\/p><p>S\u00e9rstaklega er Gosforth-krossinn uppl\u00fdsandi: Hann sameinar kristinn og hei\u00f0inn myndheim \u00e1 einu og sama minnismerki og s\u00fdnir a\u00f0 <span class=\"iwg-fachbegriff\" data-tooltip=\"Hef\u00f0bundin fr\u00e1s\u00f6gn um gu\u00f0i, uppruna og skipulag heimsins.\" tabindex=\"0\">go\u00f0sagan<\/span> h\u00e9lst lifandi og var endurt\u00falku\u00f0 \u00e1 umbrotat\u00edmum.<\/p><p>Fr\u00e6\u00f0ilega s\u00e9\u00f0 eru sl\u00edkar vitnisbur\u00f0ir mikilv\u00e6gar, \u00fev\u00ed \u00fe\u00e6r opna sj\u00e1lfst\u00e6\u00f0a lei\u00f0 a\u00f0 <span class=\"iwg-fachbegriff\" data-tooltip=\"Mi\u00f0lun \u00feekkingar og sagna milli kynsl\u00f3\u00f0a.\" tabindex=\"0\">munnm\u00e6las\u00f6gunni<\/span>. \u00de\u00e6r sty\u00f0ja tilg\u00e1tuna um a\u00f0 forkristinn kjarni hafi veri\u00f0 til, en hvetja jafnframt til vark\u00e1rni: Mynd og texti \u00feurfa ekki a\u00f0 byggja \u00e1 s\u00f6mu ger\u00f0 <span class=\"iwg-fachbegriff\" data-tooltip=\"Hef\u00f0bundin fr\u00e1s\u00f6gn um gu\u00f0i, uppruna og skipulag heimsins.\" tabindex=\"0\">go\u00f0s\u00f6gunnar<\/span>, og sumar greiningar byggjast fremur \u00e1 v\u00e6ntingum fr\u00e6\u00f0imanna en \u00e1 \u00f3yggjandi einkennum.<\/p>\t\t\t\t\t\t\t\t<\/div>\n\t\t\t\t\t<\/div>\n\t\t\t\t<\/div>\n\t\t<div class=\"elementor-element elementor-element-iwgw-ragnaroek-s7 e-flex e-con-boxed e-con e-parent\" data-id=\"iwgw-ragnaroek-s7\" data-element_type=\"container\" data-e-type=\"container\">\n\t\t\t\t\t<div class=\"e-con-inner\">\n\t\t\t\t<div class=\"elementor-element elementor-element-iwgw-ragnaroek-s7h elementor-widget elementor-widget-heading\" data-id=\"iwgw-ragnaroek-s7h\" data-element_type=\"widget\" data-e-type=\"widget\" data-widget_type=\"heading.default\">\n\t\t\t\t\t<h2 class=\"elementor-heading-title elementor-size-default\">Hli\u00f0st\u00e6\u00f0ur \u00ed \u00f6\u00f0rum menningarheimum<\/h2>\t\t\t\t<\/div>\n\t\t\t\t<div class=\"elementor-element elementor-element-iwgw-ragnaroek-s7t elementor-widget elementor-widget-text-editor\" data-id=\"iwgw-ragnaroek-s7t\" data-element_type=\"widget\" data-e-type=\"widget\" data-widget_type=\"text-editor.default\">\n\t\t\t\t\t\t\t\t\t<p>Endalokago\u00f0sagnir eru \u00fatbreiddar \u00ed tr\u00faarbrag\u00f0as\u00f6gunni, og Ragnar\u00f6k m\u00e1 bera saman vi\u00f0 nokkrar \u00feeirra. \u00cd \u00edr\u00f6nsku <span class=\"iwg-fachbegriff\" data-tooltip=\"Mi\u00f0lun \u00feekkingar og sagna milli kynsl\u00f3\u00f0a.\" tabindex=\"0\">munnm\u00e6las\u00f6gunni<\/span> er hugmyndin um mikinn \u00e1t\u00f6kum milli krafta hins g\u00f3\u00f0a og hins illa, sem \u00e1 endanum lei\u00f0ir til hreinsa\u00f0s, endurn\u00fdja\u00f0s heims.<\/p><p>\u00cd gy\u00f0ing-kristinni heimsslitatr\u00fa er einnig a\u00f0 finna s\u00ed\u00f0asta bardagann, d\u00f3m og n\u00fdjan himin og n\u00fdja j\u00f6r\u00f0.<\/p><p>Athyglisvert er hj\u00e1 Ragnar\u00f6k samband tort\u00edmingar og endurkomu, sem n\u00e1lgast hringlaga heimsmynd, eins og s\u00e9st \u00ed indverskum hugmyndum um hverfandi heimsaldur. \u00c1 sama t\u00edma er atbur\u00f0urinn einstakur og marka\u00f0ur \u00e1fangasta\u00f0, sem n\u00e1lgast hann l\u00ednulegri heimsslitatr\u00fa. Ragnar\u00f6k stendur \u00feannig milli hringlaga og l\u00ednulegs l\u00edkans.<\/p><p>Innan hins germanska heims sj\u00e1lfs er bar\u00e1ttan gu\u00f0anna vi\u00f0 j\u00f6tna og \u00f3gnar\u00f6fl vi\u00f0varandi <span class=\"iwg-fachbegriff\" data-tooltip=\"Endurteki\u00f0 efnislegt atri\u00f0i \u00ed list e\u00f0a fr\u00e1s\u00f6gn.\" tabindex=\"0\">minni<\/span>, sem n\u00e6r h\u00e1marki s\u00ednu og endalokum \u00ed Ragnar\u00f6k.<\/p><p>Fr\u00e6\u00f0ilega er vark\u00e1rni nau\u00f0synleg vi\u00f0 allan sl\u00edkan samanbur\u00f0: L\u00edkindin s\u00fdna \u00fatbreidd t\u00falkunarmynstur en sanna ekki bein tengsl. Spurningin um hversu miki\u00f0 hin var\u00f0veitta ger\u00f0 eigi kristinni skr\u00e1ningu a\u00f0 \u00feakka er \u00fear mikilv\u00e6gur hluti umr\u00e6\u00f0unnar.<\/p>\t\t\t\t\t\t\t\t<\/div>\n\t\t\t\t\t<\/div>\n\t\t\t\t<\/div>\n\t\t<div class=\"elementor-element elementor-element-iwgw-ragnaroek-s8 e-flex e-con-boxed e-con e-parent\" data-id=\"iwgw-ragnaroek-s8\" data-element_type=\"container\" data-e-type=\"container\">\n\t\t\t\t\t<div class=\"e-con-inner\">\n\t\t\t\t<div class=\"elementor-element elementor-element-iwgw-ragnaroek-s8h elementor-widget elementor-widget-heading\" data-id=\"iwgw-ragnaroek-s8h\" data-element_type=\"widget\" data-e-type=\"widget\" data-widget_type=\"heading.default\">\n\t\t\t\t\t<h2 class=\"elementor-heading-title elementor-size-default\">N\u00fat\u00edmavi\u00f0t\u00f6kur og ranns\u00f3knir<\/h2>\t\t\t\t<\/div>\n\t\t\t\t<div class=\"elementor-element elementor-element-iwgw-ragnaroek-s8t elementor-widget elementor-widget-text-editor\" data-id=\"iwgw-ragnaroek-s8t\" data-element_type=\"widget\" data-e-type=\"widget\" data-widget_type=\"text-editor.default\">\n\t\t\t\t\t\t\t\t\t<p>Ragnar\u00f6k er einn \u00e1hrifamesti go\u00f0sagnaminni germanskrar <span class=\"iwg-fachbegriff\" data-tooltip=\"Mi\u00f0lun \u00feekkingar og fr\u00e1sagna milli kynsl\u00f3\u00f0a.\" tabindex=\"0\">munnm\u00e6lahef\u00f0ar<\/span>. \u00cd gegnum r\u00f3mant\u00edska mi\u00f0aldad\u00fdrkun 19. aldar og s\u00e9rstaklega \u00ed gegnum svi\u00f0sverk Richards Wagners, \u00fear sem lokahluti \u00feess bar nafni\u00f0 G\u00f6tterd\u00e4mmerung (Ragnar\u00f6k gu\u00f0anna), var\u00f0 <span class=\"iwg-fachbegriff\" data-tooltip=\"Fr\u00e1s\u00f6gn sem geymst hefur um gu\u00f0i, uppruna og skipan heimsins.\" tabindex=\"0\">go\u00f0s\u00f6gnin<\/span> kunn brei\u00f0um almenningi.<\/p><p>Fr\u00e1 \u00feeim t\u00edma hefur h\u00fan veri\u00f0 tekin upp margsinnis \u00ed b\u00f3kmenntum, myndlist, kvikmyndum, t\u00f6lvuleikjum og d\u00e6gurmenningu, oft \u00ed mj\u00f6g breyttri mynd og fjarri upprunalegum heimildum.<\/p><p>Fr\u00e6\u00f0ilegar ranns\u00f3knir hafa fyrst og fremst fjalla\u00f0 um tv\u00e6r spurningar.<\/p><p>S\u00fa fyrri sn\u00fdst um aldur og \u00e1rei\u00f0anleika hef\u00f0arinnar. Hversu miki\u00f0 af \u00fev\u00ed sem var\u00f0veitt er \u00ed V\u00f6lusp\u00e1 og Snorra-Eddu er hei\u00f0i\u00f0 a\u00f0 uppruna, og hversu mikil \u00e1hrif haf\u00f0i kristi\u00f0 samhengi ritunar \u00e1 go\u00f0s\u00f6gnina? Rudolf Simek, Jan de Vries, Gro Steinsland og John Lindow hafa lagt mismunandi \u00e1herslur \u00ed \u00feessum efnum. N\u00fdrri ranns\u00f3knir hallast a\u00f0 \u00fev\u00ed a\u00f0 gera r\u00e1\u00f0 fyrir hei\u00f0num kjarna, en telja a\u00f0 var\u00f0veitt ger\u00f0 s\u00f6gunnar bera einnig merki kristins t\u00edma.<\/p><p>Seinni spurningin sn\u00fdst um t\u00falkun: Er Ragnar\u00f6k svarts\u00fdnn go\u00f0sagnaheimur um endalok, e\u00f0a vong\u00f3\u00f0 fr\u00e1s\u00f6gn um endurn\u00fdjun? Ranns\u00f3knir leggja yfirleitt \u00e1herslu \u00e1 a\u00f0 \u00feetta tvennt fylgist a\u00f0 og a\u00f0 <span class=\"iwg-fachbegriff\" data-tooltip=\"Fr\u00e1s\u00f6gn sem geymst hefur um gu\u00f0i, uppruna og skipan heimsins.\" tabindex=\"0\">go\u00f0s\u00f6gnin<\/span> f\u00e1i s\u00e9rkenni s\u00edn einmitt \u00ed \u00feessari spennu.<\/p><p>Gagnr\u00fdnin umfj\u00f6llun er einnig l\u00f6g\u00f0 \u00e1 n\u00fat\u00edmalega misnotkun, til d\u00e6mis \u00feegar <span class=\"iwg-fachbegriff\" data-tooltip=\"Fr\u00e1s\u00f6gn sem geymst hefur um gu\u00f0i, uppruna og skipan heimsins.\" tabindex=\"0\">go\u00f0s\u00f6gnin<\/span> er hla\u00f0in hugmyndafr\u00e6\u00f0ilegri merkingu e\u00f0a misskilin sem einber tort\u00edmingarfantas\u00eda. N\u00e1lgun sem fylgir heimildum n\u00e1i\u00f0 leggur \u00e1 hinn b\u00f3ginn \u00e1herslu \u00e1 a\u00f0 Ragnar\u00f6k tengi endalok og upphaf saman \u00ed einni og s\u00f6mu fr\u00e1sagnarr\u00e1s.<\/p>\t\t\t\t\t\t\t\t<\/div>\n\t\t\t\t\t<\/div>\n\t\t\t\t<\/div>\n\t\t<div class=\"elementor-element elementor-element-iwgw-ragnaroek-lit e-flex e-con-boxed e-con e-parent\" data-id=\"iwgw-ragnaroek-lit\" data-element_type=\"container\" data-e-type=\"container\">\n\t\t\t\t\t<div class=\"e-con-inner\">\n\t\t\t\t<div class=\"elementor-element elementor-element-iwgw-ragnaroek-lith elementor-widget elementor-widget-heading\" data-id=\"iwgw-ragnaroek-lith\" data-element_type=\"widget\" data-e-type=\"widget\" data-widget_type=\"heading.default\">\n\t\t\t\t\t<h2 class=\"elementor-heading-title elementor-size-default\">Heimildir (\u00farval)<\/h2>\t\t\t\t<\/div>\n\t\t\t\t<div class=\"elementor-element elementor-element-iwgw-ragnaroek-litt elementor-widget elementor-widget-text-editor\" data-id=\"iwgw-ragnaroek-litt\" data-element_type=\"widget\" data-e-type=\"widget\" data-widget_type=\"text-editor.default\">\n\t\t\t\t\t\t\t\t\t<ul><li>Rudolf Simek: <em>Lexikon der germanischen <span class=\"iwg-fachbegriff\" data-tooltip=\"Heildarsafn go\u00f0sagna um gu\u00f0i innan menningarheims.\" tabindex=\"0\">Mythologie<\/span><\/em> (1984)<\/li><li>Jan de Vries: <em>Altgermanische Religionsgeschichte<\/em> (1956\u20131957)<\/li><li><span data-nosnippet>Gro Steinsland: <em>Norr\u00f8n religion. Myter, riter, samfunn<\/em> (2005)<\/span><\/li><li><span data-nosnippet>John Lindow: <em>Norse Mythology. A Guide to the Gods, Heroes, Rituals, and Beliefs<\/em> (2001)<\/span><\/li><li>Andreas Nordberg: <em>Krigarna i Odins sal<\/em> (2003)<\/li><\/ul>\t\t\t\t\t\t\t\t<\/div>\n\t\t\t\t\t<\/div>\n\t\t\t\t<\/div>\n\t\t<div class=\"elementor-element elementor-element-iwgkw2-add-ragnaroek e-flex e-con-boxed e-con e-parent\" data-id=\"iwgkw2-add-ragnaroek\" data-element_type=\"container\" data-e-type=\"container\">\n\t\t\t\t\t<div class=\"e-con-inner\">\n\t\t\t\t<div class=\"elementor-element elementor-element-iwgkw2-add-ragnaroek-t elementor-widget elementor-widget-text-editor\" data-id=\"iwgkw2-add-ragnaroek-t\" data-element_type=\"widget\" data-e-type=\"widget\" data-widget_type=\"text-editor.default\">\n\t\t\t\t\t\t\t\t\t<p>Sem <em>heimsendir<\/em> norr\u00e6nnar <span class=\"iwg-fachbegriff\" data-tooltip=\"Mi\u00f0lun \u00feekkingar og fr\u00e1sagna milli kynsl\u00f3\u00f0a.\" tabindex=\"0\">munnm\u00e6lahef\u00f0ar<\/span> l\u00fdsir Ragnar\u00f6k falli \u00e1sanna \u00ed bardaga gegn j\u00f6tnum, Fenrir og Surti, og endurkomu hreinsa\u00f0s heims \u00far v\u00f6tnunum.<\/p>\t\t\t\t\t\t\t\t<\/div>\n\t\t\t\t\t<\/div>\n\t\t\t\t<\/div>\n\t\t<div class=\"elementor-element elementor-element-iwgw-ragnaroek-kwd e-flex e-con-boxed e-con e-parent\" data-id=\"iwgw-ragnaroek-kwd\" data-element_type=\"container\" data-e-type=\"container\">\n\t\t\t\t\t<div class=\"e-con-inner\">\n\t\t\t\t<div class=\"elementor-element elementor-element-iwgw-ragnaroek-kwdt elementor-widget elementor-widget-text-editor\" data-id=\"iwgw-ragnaroek-kwdt\" data-element_type=\"widget\" data-e-type=\"widget\" data-widget_type=\"text-editor.default\">\n\t\t\t\t\t\t\t\t\t<p><em>Tengd lykilhugt\u00f6k: Ragnar\u00f6k G\u00f6tterd\u00e4mmerung Fimbulvetur V\u00f6lusp\u00e1 Edda endat\u00edmago\u00f0s\u00f6gn eskat\u00f3l\u00f3g\u00eda regin.<\/em><\/p>\t\t\t\t\t\t\t\t<\/div>\n\t\t\t\t\t<\/div>\n\t\t\t\t<\/div>\n\t\t<div class=\"elementor-element elementor-element-iwgw-ragnaroek-cc e-flex e-con-boxed e-con e-parent\" data-id=\"iwgw-ragnaroek-cc\" data-element_type=\"container\" data-e-type=\"container\" id=\"iwg-cc-ragnaroek\">\n\t\t\t\t\t<div class=\"e-con-inner\">\n\t\t<div class=\"elementor-element elementor-element-iwgw-ragnaroek-ccinner e-flex e-con-boxed e-con e-parent\" data-id=\"iwgw-ragnaroek-ccinner\" data-element_type=\"container\" data-e-type=\"container\" data-settings=\"{&quot;background_background&quot;:&quot;classic&quot;}\">\n\t\t\t\t\t<div class=\"e-con-inner\">\n\t\t\t\t<div class=\"elementor-element elementor-element-iwgw-ragnaroek-cch elementor-widget elementor-widget-heading\" data-id=\"iwgw-ragnaroek-cch\" data-element_type=\"widget\" data-e-type=\"widget\" data-widget_type=\"heading.default\">\n\t\t\t\t\t<h2 class=\"elementor-heading-title elementor-size-default\">iWell Guard og verndarhef\u00f0ir<\/h2>\t\t\t\t<\/div>\n\t\t\t\t<div class=\"elementor-element elementor-element-iwgw-ragnaroek-cct elementor-widget elementor-widget-text-editor\" data-id=\"iwgw-ragnaroek-cct\" data-element_type=\"widget\" data-e-type=\"widget\" data-widget_type=\"text-editor.default\">\n\t\t\t\t\t\t\t\t\t<div data-nosnippet=\"true\"><p>iWell Guard byggir \u00e1 menningars\u00f6gulegri hef\u00f0 bornra verndargripa, \u00ed hef\u00f0 <a href=\"https:\/\/iwell-guard.com\/is\/germonsk\/\">germanskra<\/a> \u00fej\u00f3\u00f0a og margra annarra menningarheima um allan heim. 41 l\u00f6g, alv\u00f6ru gull, plat\u00edna, silfur, framleitt \u00ed \u00de\u00fdskalandi. 30 daga skilar\u00e9ttur.<\/p><\/div>\t\t\t\t\t\t\t\t<\/div>\n\t\t\t\t<div class=\"elementor-element elementor-element-iwgw-ragnaroek-ccb iwg-cc-button iwg-cc-cta-2026-05-13 elementor-widget elementor-widget-jet-button\" data-id=\"iwgw-ragnaroek-ccb\" data-element_type=\"widget\" data-e-type=\"widget\" data-widget_type=\"jet-button.default\">\n\t\t\t\t<div class=\"elementor-widget-container\">\n\t\t\t\t\t<div class=\"elementor-jet-button jet-elements\"><div class=\"jet-button__container\"><a class=\"jet-button__instance jet-button__instance--icon-left hover-effect-1\" href=\"\/ueber-iwell-guard\/?utm_source=iwell-guard.com&amp;utm_medium=info-box&amp;utm_campaign=wesen-tradition\"><div class=\"jet-button__plane jet-button__plane-normal\"><\/div><div class=\"jet-button__plane jet-button__plane-hover\"><\/div><div class=\"jet-button__state jet-button__state-normal\"><span class=\"jet-button__label\">Meira um iWell Guard<\/span><\/div><div class=\"jet-button__state jet-button__state-hover\"><span class=\"jet-button__label\">Meira um iWell Guard<\/span><\/div><\/a><\/div><\/div><style>.elementor-element.elementor-element-iwgw-ragnaroek-ccb .jet-button__instance{width:320px;height:56px;}.elementor-element.elementor-element-iwgw-ragnaroek-ccb .jet-button__state-normal .jet-button__label{text-align:center;margin:0px 0px 0px 0px;color:#1a1b20;font-family:Montserrat,sans-serif;font-size:13px;font-weight:400;letter-spacing:4px;line-height:1.714em;text-transform:uppercase;}.elementor-element.elementor-element-iwgw-ragnaroek-ccb .jet-button__state-hover .jet-button__label{text-align:center;margin:0px 0px 0px 0px;color:#FECC76;font-family:Montserrat,sans-serif;font-size:13px;font-weight:400;letter-spacing:4px;line-height:1.714em;text-transform:uppercase;}.elementor-element.elementor-element-iwgw-ragnaroek-ccb .jet-button__plane-normal{background-color:#FECC76;border-style:solid;border-color:#C99540;border-width:2px 2px 2px 2px;}.elementor-element.elementor-element-iwgw-ragnaroek-ccb .jet-button__plane-hover{background-color:rgba(0,0,0,0.55);border-style:solid;border-color:#FECC76;border-width:2px 2px 2px 2px;}<\/style>\t\t\t\t<\/div>\n\t\t\t\t<\/div>\n\t\t\t\t<div class=\"elementor-element elementor-element-iwgw-ragnaroek-ccd elementor-widget elementor-widget-text-editor\" data-id=\"iwgw-ragnaroek-ccd\" data-element_type=\"widget\" data-e-type=\"widget\" data-widget_type=\"text-editor.default\">\n\t\t\t\t\t\t\t\t\t<div data-nosnippet=\"true\"><p style=\"text-align:center;font-size:13px;opacity:0.7;margin-top:14px\" data-nosnippet=\"true\">Pers\u00f3nuleg reynsla getur veri\u00f0 mismunandi. Ekki l\u00e6kningat\u00e6ki. Engin lofor\u00f0 um l\u00e6kningu.<\/p><\/div>\t\t\t\t\t\t\t\t<\/div>\n\t\t\t\t\t<\/div>\n\t\t\t\t<\/div>\n\t\t\t\t\t<\/div>\n\t\t\t\t<\/div>\n\t\t<div class=\"elementor-element elementor-element-iwgw-ragnaroek-disc e-flex e-con-boxed e-con e-parent\" data-id=\"iwgw-ragnaroek-disc\" data-element_type=\"container\" data-e-type=\"container\">\n\t\t\t\t\t<div class=\"e-con-inner\">\n\t\t\t\t<div class=\"elementor-element elementor-element-iwgw-ragnaroek-discw elementor-widget elementor-widget-html\" data-id=\"iwgw-ragnaroek-discw\" data-element_type=\"widget\" data-e-type=\"widget\" data-widget_type=\"html.default\">\n\t\t\t\t\t<footer data-nosnippet=\"true\" class=\"iwg-disclaimer-block\"><p data-nosnippet=\"true\">iWell Guard er <strong>ekki l\u00e6kningat\u00e6ki<\/strong> og kemur ekki \u00ed sta\u00f0inn fyrir l\u00e6knis- e\u00f0a s\u00e1lfr\u00e6\u00f0ime\u00f0fer\u00f0. Tr\u00faarfr\u00e6\u00f0ilegt efni er menningars\u00f6gulegt samhengi, ekki r\u00e1\u00f0legging um andlega i\u00f0kun.<\/p><\/footer>\t\t\t\t<\/div>\n\t\t\t\t\t<\/div>\n\t\t\t\t<\/div>\n\t\t\t\t<\/div>\n\t\t","protected":false},"excerpt":{"rendered":"","protected":false},"author":3,"featured_media":3372,"parent":0,"menu_order":0,"comment_status":"closed","ping_status":"closed","template":"elementor_header_footer","meta":{"_yoast_wpseo_focuskw":"Ragnar\u00f6k norr\u00e6n go\u00f0afr\u00e6\u00f0i heimsendir","_yoast_wpseo_title":"Ragnar\u00f6k - ey\u00f0ing og endurn\u00fdjun heimsins","_yoast_wpseo_metadesc":"Ragnar\u00f6k er go\u00f0s\u00f6gn norr\u00e6nnar arfleif\u00f0ar um endalok t\u00edmans: ey\u00f0ing og endurn\u00fdjun heimsins. Tr\u00faarbrag\u00f0afr\u00e6\u00f0ileg greining me\u00f0 heimildum.","_yoast_wpseo_meta-robots-noindex":"","_yoast_wpseo_canonical":"","_angie_page":false,"gefaehrdungsstufe":"","wesen_kultur":"","wesen_klasse":"","footnotes":""},"categories":[],"class_list":["post-169042","page","type-page","status-publish","has-post-thumbnail","hentry"],"yoast_head":"<!-- This site is optimized with the Yoast SEO Premium plugin v27.7 (Yoast SEO v28.3) - https:\/\/yoast.com\/product\/yoast-seo-premium-wordpress\/ -->\n<title>Ragnar\u00f6k - ey\u00f0ing og endurn\u00fdjun heimsins<\/title>\n<meta name=\"description\" content=\"Ragnar\u00f6k er go\u00f0s\u00f6gn norr\u00e6nnar arfleif\u00f0ar um endalok t\u00edmans: ey\u00f0ing og endurn\u00fdjun heimsins. Tr\u00faarbrag\u00f0afr\u00e6\u00f0ileg greining me\u00f0 heimildum.\" \/>\n<meta name=\"robots\" content=\"index, follow, max-snippet:-1, max-image-preview:large, max-video-preview:-1\" \/>\n<link rel=\"canonical\" href=\"https:\/\/iwell-guard.com\/is\/ragnarok-heimsendir-norraen-godafraedi\/\" \/>\n<meta property=\"og:locale\" content=\"is_IS\" \/>\n<meta property=\"og:type\" content=\"article\" \/>\n<meta property=\"og:title\" content=\"Ragnar\u00f6k \u2013 heimsendir \u00ed norr\u00e6nni go\u00f0afr\u00e6\u00f0i\" \/>\n<meta property=\"og:description\" content=\"Ragnar\u00f6k er go\u00f0s\u00f6gn norr\u00e6nnar arfleif\u00f0ar um endalok t\u00edmans: ey\u00f0ing og endurn\u00fdjun heimsins. Tr\u00faarbrag\u00f0afr\u00e6\u00f0ileg greining me\u00f0 heimildum.\" \/>\n<meta property=\"og:url\" content=\"https:\/\/iwell-guard.com\/is\/ragnarok-heimsendir-norraen-godafraedi\/\" \/>\n<meta property=\"og:site_name\" content=\"iWell Guard\" \/>\n<meta property=\"article:modified_time\" content=\"2026-09-05T14:30:48+00:00\" \/>\n<meta property=\"og:image\" content=\"https:\/\/iwell-guard.com\/wp-content\/uploads\/2026\/05\/phaenomene_germanisch_ragnaroek.webp\" \/>\n\t<meta property=\"og:image:width\" content=\"1024\" \/>\n\t<meta property=\"og:image:height\" content=\"1536\" \/>\n\t<meta property=\"og:image:type\" content=\"image\/webp\" \/>\n<meta name=\"twitter:card\" content=\"summary_large_image\" \/>\n<script type=\"application\/ld+json\" class=\"yoast-schema-graph\">{\"@context\":\"https:\\\/\\\/schema.org\",\"@graph\":[{\"@type\":\"WebPage\",\"@id\":\"https:\\\/\\\/iwell-guard.com\\\/is\\\/ragnarok-heimsendir-norraen-godafraedi\\\/\",\"url\":\"https:\\\/\\\/iwell-guard.com\\\/is\\\/ragnarok-heimsendir-norraen-godafraedi\\\/\",\"name\":\"Ragnar\u00f6k - ey\u00f0ing og endurn\u00fdjun heimsins\",\"isPartOf\":{\"@id\":\"https:\\\/\\\/iwell-guard.com\\\/is\\\/#website\"},\"primaryImageOfPage\":{\"@id\":\"https:\\\/\\\/iwell-guard.com\\\/is\\\/ragnarok-heimsendir-norraen-godafraedi\\\/#primaryimage\"},\"image\":{\"@id\":\"https:\\\/\\\/iwell-guard.com\\\/is\\\/ragnarok-heimsendir-norraen-godafraedi\\\/#primaryimage\"},\"thumbnailUrl\":\"https:\\\/\\\/iwell-guard.com\\\/wp-content\\\/uploads\\\/2026\\\/05\\\/phaenomene_germanisch_ragnaroek.webp\",\"datePublished\":\"2026-09-05T14:05:05+00:00\",\"dateModified\":\"2026-09-05T14:30:48+00:00\",\"description\":\"Ragnar\u00f6k er go\u00f0s\u00f6gn norr\u00e6nnar arfleif\u00f0ar um endalok t\u00edmans: ey\u00f0ing og endurn\u00fdjun heimsins. Tr\u00faarbrag\u00f0afr\u00e6\u00f0ileg greining me\u00f0 heimildum.\",\"breadcrumb\":{\"@id\":\"https:\\\/\\\/iwell-guard.com\\\/is\\\/ragnarok-heimsendir-norraen-godafraedi\\\/#breadcrumb\"},\"inLanguage\":\"is\",\"potentialAction\":[{\"@type\":\"ReadAction\",\"target\":[\"https:\\\/\\\/iwell-guard.com\\\/is\\\/ragnarok-heimsendir-norraen-godafraedi\\\/\"]}]},{\"@type\":\"ImageObject\",\"inLanguage\":\"is\",\"@id\":\"https:\\\/\\\/iwell-guard.com\\\/is\\\/ragnarok-heimsendir-norraen-godafraedi\\\/#primaryimage\",\"url\":\"https:\\\/\\\/iwell-guard.com\\\/wp-content\\\/uploads\\\/2026\\\/05\\\/phaenomene_germanisch_ragnaroek.webp\",\"contentUrl\":\"https:\\\/\\\/iwell-guard.com\\\/wp-content\\\/uploads\\\/2026\\\/05\\\/phaenomene_germanisch_ragnaroek.webp\",\"width\":1024,\"height\":1536,\"caption\":\"fyrirb\u00e6ri \u00far germanskri hef\u00f0.\"},{\"@type\":\"BreadcrumbList\",\"@id\":\"https:\\\/\\\/iwell-guard.com\\\/is\\\/ragnarok-heimsendir-norraen-godafraedi\\\/#breadcrumb\",\"itemListElement\":[{\"@type\":\"ListItem\",\"position\":1,\"name\":\"Start\",\"item\":\"https:\\\/\\\/iwell-guard.com\\\/is\\\/?page_id=168580\"},{\"@type\":\"ListItem\",\"position\":2,\"name\":\"Ragnar\u00f6k \u2013 heimsendir \u00ed norr\u00e6nni go\u00f0afr\u00e6\u00f0i\"}]},{\"@type\":\"WebSite\",\"@id\":\"https:\\\/\\\/iwell-guard.com\\\/is\\\/#website\",\"url\":\"https:\\\/\\\/iwell-guard.com\\\/is\\\/\",\"name\":\"iWell Guard\",\"description\":\"Schutz vor dunklen Einfl\u00fcssen\",\"publisher\":{\"@id\":\"https:\\\/\\\/iwell-guard.com\\\/is\\\/#organization\"},\"potentialAction\":[{\"@type\":\"SearchAction\",\"target\":{\"@type\":\"EntryPoint\",\"urlTemplate\":\"https:\\\/\\\/iwell-guard.com\\\/is\\\/?s={search_term_string}\"},\"query-input\":{\"@type\":\"PropertyValueSpecification\",\"valueRequired\":true,\"valueName\":\"search_term_string\"}}],\"inLanguage\":\"is\"},{\"@type\":\"Organization\",\"@id\":\"https:\\\/\\\/iwell-guard.com\\\/is\\\/#organization\",\"name\":\"Ittermann electronic GmbH\",\"url\":\"https:\\\/\\\/iwell-guard.com\\\/is\\\/\",\"logo\":{\"@type\":\"ImageObject\",\"inLanguage\":\"is\",\"@id\":\"https:\\\/\\\/iwell-guard.com\\\/is\\\/#\\\/schema\\\/logo\\\/image\\\/\",\"url\":\"https:\\\/\\\/iwell-guard.com\\\/wp-content\\\/uploads\\\/2026\\\/05\\\/Ittermann-Logo-1182x237-1.png\",\"contentUrl\":\"https:\\\/\\\/iwell-guard.com\\\/wp-content\\\/uploads\\\/2026\\\/05\\\/Ittermann-Logo-1182x237-1.png\",\"width\":1182,\"height\":237,\"caption\":\"Ittermann electronic GmbH\"},\"image\":{\"@id\":\"https:\\\/\\\/iwell-guard.com\\\/is\\\/#\\\/schema\\\/logo\\\/image\\\/\"},\"sameAs\":[\"https:\\\/\\\/pantip.com\\\/profile\\\/9367242\",\"https:\\\/\\\/micro.blog\\\/iwellguard\",\"https:\\\/\\\/www.diggerslist.com\\\/iwellguard\\\/about\",\"https:\\\/\\\/skitterphoto.com\\\/photographers\\\/2870314\\\/iwell-guard\",\"https:\\\/\\\/iwellguard.wordpress.com\\\/2026\\\/06\\\/06\\\/iwell-guard\\\/\",\"https:\\\/\\\/hub.docker.com\\\/u\\\/iwellguard\",\"https:\\\/\\\/www.pinterest.com\\\/iwellguard\\\/\",\"https:\\\/\\\/bit.ly\\\/m\\\/iwellguard\",\"https:\\\/\\\/entre-vos-mains.alsace.eu\\\/profiles\\\/iwellguard\\\/activity\",\"https:\\\/\\\/gravatar.com\\\/reallybeded8fd34\",\"https:\\\/\\\/naijamatta.com\\\/iwellguard\",\"https:\\\/\\\/www.goodreads.com\\\/iwellguard\",\"https:\\\/\\\/profile.hatena.ne.jp\\\/iwellguard\\\/\",\"https:\\\/\\\/experiment.com\\\/users\\\/iwellguard\",\"https:\\\/\\\/wakelet.com\\\/@iWellGuard82270\",\"https:\\\/\\\/www.chordie.com\\\/forum\\\/profile.php?id=2555664\",\"https:\\\/\\\/www.instapaper.com\\\/p\\\/17757966\",\"https:\\\/\\\/www.mapleprimes.com\\\/users\\\/iwellguard\",\"https:\\\/\\\/businesslistingplus.com\\\/profile\\\/iwell-guard\\\/\",\"https:\\\/\\\/telegra.ph\\\/iWell-Guard-06-06\",\"https:\\\/\\\/pbase.com\\\/iwellguard\\\/iwellguard\",\"https:\\\/\\\/b.hatena.ne.jp\\\/iwellguard\\\/20260607#bookmark-4788405196491818882\",\"https:\\\/\\\/fliphtml5.com\\\/home\\\/iwellguard\",\"https:\\\/\\\/anyflip.com\\\/homepage\\\/cmiwl#About\",\"https:\\\/\\\/transfur.com\\\/Users\\\/iwellguard\",\"http:\\\/\\\/delphi.larsbo.org\\\/user\\\/iwellguard\",\"https:\\\/\\\/jobs.lajobsportal.org\\\/profiles\\\/8380803-iwell-guard\",\"https:\\\/\\\/md.chaosdorf.de\\\/s\\\/jfbe5SBdJD\",\"https:\\\/\\\/www.lingvolive.com\\\/en-us\\\/profile\\\/9ecaeaca-ce11-4e51-9e71-01d55e2bff36\\\/translations\",\"https:\\\/\\\/www.fitday.com\\\/fitness\\\/forums\\\/members\\\/iwellguard.html\",\"https:\\\/\\\/www.mymeetbook.com\\\/iwellguard\",\"https:\\\/\\\/pxhere.com\\\/en\\\/photographer-me\\\/5040798\",\"https:\\\/\\\/disqus.com\\\/by\\\/iwellguard\\\/about\\\/\",\"https:\\\/\\\/pastelink.net\\\/hjwciqwq\",\"https:\\\/\\\/pubhtml5.com\\\/homepage\\\/scjhn\\\/\",\"https:\\\/\\\/www.bitchute.com\\\/channel\\\/2O2eOKzNqujT\",\"https:\\\/\\\/audiomack.com\\\/iwellguard\"]}]}<\/script>\n<!-- \/ Yoast SEO Premium plugin. -->","yoast_head_json":{"title":"Ragnar\u00f6k - ey\u00f0ing og endurn\u00fdjun heimsins","description":"Ragnar\u00f6k er go\u00f0s\u00f6gn norr\u00e6nnar arfleif\u00f0ar um endalok t\u00edmans: ey\u00f0ing og endurn\u00fdjun heimsins. Tr\u00faarbrag\u00f0afr\u00e6\u00f0ileg greining me\u00f0 heimildum.","robots":{"index":"index","follow":"follow","max-snippet":"max-snippet:-1","max-image-preview":"max-image-preview:large","max-video-preview":"max-video-preview:-1"},"canonical":"https:\/\/iwell-guard.com\/is\/ragnarok-heimsendir-norraen-godafraedi\/","og_locale":"is_IS","og_type":"article","og_title":"Ragnar\u00f6k \u2013 heimsendir \u00ed norr\u00e6nni go\u00f0afr\u00e6\u00f0i","og_description":"Ragnar\u00f6k er go\u00f0s\u00f6gn norr\u00e6nnar arfleif\u00f0ar um endalok t\u00edmans: ey\u00f0ing og endurn\u00fdjun heimsins. Tr\u00faarbrag\u00f0afr\u00e6\u00f0ileg greining me\u00f0 heimildum.","og_url":"https:\/\/iwell-guard.com\/is\/ragnarok-heimsendir-norraen-godafraedi\/","og_site_name":"iWell Guard","article_modified_time":"2026-09-05T14:30:48+00:00","og_image":[{"width":1024,"height":1536,"url":"https:\/\/iwell-guard.com\/wp-content\/uploads\/2026\/05\/phaenomene_germanisch_ragnaroek.webp","type":"image\/webp"}],"twitter_card":"summary_large_image","schema":{"@context":"https:\/\/schema.org","@graph":[{"@type":"WebPage","@id":"https:\/\/iwell-guard.com\/is\/ragnarok-heimsendir-norraen-godafraedi\/","url":"https:\/\/iwell-guard.com\/is\/ragnarok-heimsendir-norraen-godafraedi\/","name":"Ragnar\u00f6k - ey\u00f0ing og endurn\u00fdjun heimsins","isPartOf":{"@id":"https:\/\/iwell-guard.com\/is\/#website"},"primaryImageOfPage":{"@id":"https:\/\/iwell-guard.com\/is\/ragnarok-heimsendir-norraen-godafraedi\/#primaryimage"},"image":{"@id":"https:\/\/iwell-guard.com\/is\/ragnarok-heimsendir-norraen-godafraedi\/#primaryimage"},"thumbnailUrl":"https:\/\/iwell-guard.com\/wp-content\/uploads\/2026\/05\/phaenomene_germanisch_ragnaroek.webp","datePublished":"2026-09-05T14:05:05+00:00","dateModified":"2026-09-05T14:30:48+00:00","description":"Ragnar\u00f6k er go\u00f0s\u00f6gn norr\u00e6nnar arfleif\u00f0ar um endalok t\u00edmans: ey\u00f0ing og endurn\u00fdjun heimsins. Tr\u00faarbrag\u00f0afr\u00e6\u00f0ileg greining me\u00f0 heimildum.","breadcrumb":{"@id":"https:\/\/iwell-guard.com\/is\/ragnarok-heimsendir-norraen-godafraedi\/#breadcrumb"},"inLanguage":"is","potentialAction":[{"@type":"ReadAction","target":["https:\/\/iwell-guard.com\/is\/ragnarok-heimsendir-norraen-godafraedi\/"]}]},{"@type":"ImageObject","inLanguage":"is","@id":"https:\/\/iwell-guard.com\/is\/ragnarok-heimsendir-norraen-godafraedi\/#primaryimage","url":"https:\/\/iwell-guard.com\/wp-content\/uploads\/2026\/05\/phaenomene_germanisch_ragnaroek.webp","contentUrl":"https:\/\/iwell-guard.com\/wp-content\/uploads\/2026\/05\/phaenomene_germanisch_ragnaroek.webp","width":1024,"height":1536,"caption":"fyrirb\u00e6ri \u00far germanskri hef\u00f0."},{"@type":"BreadcrumbList","@id":"https:\/\/iwell-guard.com\/is\/ragnarok-heimsendir-norraen-godafraedi\/#breadcrumb","itemListElement":[{"@type":"ListItem","position":1,"name":"Start","item":"https:\/\/iwell-guard.com\/is\/?page_id=168580"},{"@type":"ListItem","position":2,"name":"Ragnar\u00f6k \u2013 heimsendir \u00ed norr\u00e6nni go\u00f0afr\u00e6\u00f0i"}]},{"@type":"WebSite","@id":"https:\/\/iwell-guard.com\/is\/#website","url":"https:\/\/iwell-guard.com\/is\/","name":"iWell Guard","description":"Schutz vor dunklen Einfl\u00fcssen","publisher":{"@id":"https:\/\/iwell-guard.com\/is\/#organization"},"potentialAction":[{"@type":"SearchAction","target":{"@type":"EntryPoint","urlTemplate":"https:\/\/iwell-guard.com\/is\/?s={search_term_string}"},"query-input":{"@type":"PropertyValueSpecification","valueRequired":true,"valueName":"search_term_string"}}],"inLanguage":"is"},{"@type":"Organization","@id":"https:\/\/iwell-guard.com\/is\/#organization","name":"Ittermann electronic GmbH","url":"https:\/\/iwell-guard.com\/is\/","logo":{"@type":"ImageObject","inLanguage":"is","@id":"https:\/\/iwell-guard.com\/is\/#\/schema\/logo\/image\/","url":"https:\/\/iwell-guard.com\/wp-content\/uploads\/2026\/05\/Ittermann-Logo-1182x237-1.png","contentUrl":"https:\/\/iwell-guard.com\/wp-content\/uploads\/2026\/05\/Ittermann-Logo-1182x237-1.png","width":1182,"height":237,"caption":"Ittermann electronic GmbH"},"image":{"@id":"https:\/\/iwell-guard.com\/is\/#\/schema\/logo\/image\/"},"sameAs":["https:\/\/pantip.com\/profile\/9367242","https:\/\/micro.blog\/iwellguard","https:\/\/www.diggerslist.com\/iwellguard\/about","https:\/\/skitterphoto.com\/photographers\/2870314\/iwell-guard","https:\/\/iwellguard.wordpress.com\/2026\/06\/06\/iwell-guard\/","https:\/\/hub.docker.com\/u\/iwellguard","https:\/\/www.pinterest.com\/iwellguard\/","https:\/\/bit.ly\/m\/iwellguard","https:\/\/entre-vos-mains.alsace.eu\/profiles\/iwellguard\/activity","https:\/\/gravatar.com\/reallybeded8fd34","https:\/\/naijamatta.com\/iwellguard","https:\/\/www.goodreads.com\/iwellguard","https:\/\/profile.hatena.ne.jp\/iwellguard\/","https:\/\/experiment.com\/users\/iwellguard","https:\/\/wakelet.com\/@iWellGuard82270","https:\/\/www.chordie.com\/forum\/profile.php?id=2555664","https:\/\/www.instapaper.com\/p\/17757966","https:\/\/www.mapleprimes.com\/users\/iwellguard","https:\/\/businesslistingplus.com\/profile\/iwell-guard\/","https:\/\/telegra.ph\/iWell-Guard-06-06","https:\/\/pbase.com\/iwellguard\/iwellguard","https:\/\/b.hatena.ne.jp\/iwellguard\/20260607#bookmark-4788405196491818882","https:\/\/fliphtml5.com\/home\/iwellguard","https:\/\/anyflip.com\/homepage\/cmiwl#About","https:\/\/transfur.com\/Users\/iwellguard","http:\/\/delphi.larsbo.org\/user\/iwellguard","https:\/\/jobs.lajobsportal.org\/profiles\/8380803-iwell-guard","https:\/\/md.chaosdorf.de\/s\/jfbe5SBdJD","https:\/\/www.lingvolive.com\/en-us\/profile\/9ecaeaca-ce11-4e51-9e71-01d55e2bff36\/translations","https:\/\/www.fitday.com\/fitness\/forums\/members\/iwellguard.html","https:\/\/www.mymeetbook.com\/iwellguard","https:\/\/pxhere.com\/en\/photographer-me\/5040798","https:\/\/disqus.com\/by\/iwellguard\/about\/","https:\/\/pastelink.net\/hjwciqwq","https:\/\/pubhtml5.com\/homepage\/scjhn\/","https:\/\/www.bitchute.com\/channel\/2O2eOKzNqujT","https:\/\/audiomack.com\/iwellguard"]}]}},"_links":{"self":[{"href":"https:\/\/iwell-guard.com\/is\/wp-json\/wp\/v2\/pages\/169042","targetHints":{"allow":["GET"]}}],"collection":[{"href":"https:\/\/iwell-guard.com\/is\/wp-json\/wp\/v2\/pages"}],"about":[{"href":"https:\/\/iwell-guard.com\/is\/wp-json\/wp\/v2\/types\/page"}],"author":[{"embeddable":true,"href":"https:\/\/iwell-guard.com\/is\/wp-json\/wp\/v2\/users\/3"}],"replies":[{"embeddable":true,"href":"https:\/\/iwell-guard.com\/is\/wp-json\/wp\/v2\/comments?post=169042"}],"version-history":[{"count":0,"href":"https:\/\/iwell-guard.com\/is\/wp-json\/wp\/v2\/pages\/169042\/revisions"}],"wp:featuredmedia":[{"embeddable":true,"href":"https:\/\/iwell-guard.com\/is\/wp-json\/wp\/v2\/media\/3372"}],"wp:attachment":[{"href":"https:\/\/iwell-guard.com\/is\/wp-json\/wp\/v2\/media?parent=169042"}],"wp:term":[{"taxonomy":"category","embeddable":true,"href":"https:\/\/iwell-guard.com\/is\/wp-json\/wp\/v2\/categories?post=169042"}],"curies":[{"name":"wp","href":"https:\/\/api.w.org\/{rel}","templated":true}]}}