{"id":169036,"date":"2026-09-05T14:05:01","date_gmt":"2026-09-05T14:05:01","guid":{"rendered":"https:\/\/iwell-guard.com\/?page_id=169036"},"modified":"2026-09-05T14:30:39","modified_gmt":"2026-09-05T14:30:39","slug":"utukku-draugar-undirheimar","status":"publish","type":"page","link":"https:\/\/iwell-guard.com\/is\/utukku-draugar-undirheimar\/","title":{"rendered":"Utukku \u2013 Draugar og undirheimadj\u00f6flar"},"content":{"rendered":"\t\t<div data-elementor-type=\"wp-page\" data-elementor-id=\"169036\" class=\"elementor elementor-169036 elementor-2922 elementor-bc-flex-widget\" data-elementor-post-type=\"page\">\n\t\t\t\t<div class=\"elementor-element elementor-element-heroae1e90b e-flex e-con-boxed e-con e-parent\" data-id=\"heroae1e90b\" data-element_type=\"container\" data-e-type=\"container\">\n\t\t\t\t\t<div class=\"e-con-inner\">\n\t\t\t\t<div class=\"elementor-element elementor-element-heroimg37adfaf iwg-hero-image elementor-widget elementor-widget-image\" data-id=\"heroimg37adfaf\" data-element_type=\"widget\" data-e-type=\"widget\" data-widget_type=\"image.default\">\n\t\t\t\t\t\t\t\t\t\t\t\t\t\t\t<img fetchpriority=\"high\" decoding=\"async\" width=\"683\" height=\"1024\" src=\"https:\/\/iwell-guard.com\/wp-content\/uploads\/2026\/05\/daemonen_mesopotamien_utukku-683x1024.webp\" class=\"attachment-large size-large wp-image-170657\" alt=\"Utukku - Dj\u00f6flar \u00far Mes\u00f3p\u00f3tam\u00edu-hef\u00f0inni, s\u00f6gulega myndskreytt\" srcset=\"https:\/\/iwell-guard.com\/wp-content\/uploads\/2026\/05\/daemonen_mesopotamien_utukku-683x1024.webp 683w, https:\/\/iwell-guard.com\/wp-content\/uploads\/2026\/05\/daemonen_mesopotamien_utukku-200x300.webp 200w, https:\/\/iwell-guard.com\/wp-content\/uploads\/2026\/05\/daemonen_mesopotamien_utukku-768x1152.webp 768w, https:\/\/iwell-guard.com\/wp-content\/uploads\/2026\/05\/daemonen_mesopotamien_utukku.webp 1024w\" sizes=\"(max-width: 683px) 100vw, 683px\" \/>\t\t\t\t\t\t\t\t\t\t\t\t\t\t\t<\/div>\n\t\t\t\t\t<\/div>\n\t\t\t\t<\/div>\n\t\t<div class=\"elementor-element elementor-element-iwgw-utukku-hero e-flex e-con-boxed e-con e-parent\" data-id=\"iwgw-utukku-hero\" data-element_type=\"container\" data-e-type=\"container\">\n\t\t\t\t\t<div class=\"e-con-inner\">\n\t\t\t\t<div class=\"elementor-element elementor-element-iwgw-utukku-h1 elementor-widget elementor-widget-heading\" data-id=\"iwgw-utukku-h1\" data-element_type=\"widget\" data-e-type=\"widget\" data-widget_type=\"heading.default\">\n\t\t\t\t\t<h1 class=\"elementor-heading-title elementor-size-default\">Utukku \u2013 mes\u00f3p\u00f3tam\u00edskir draugar og undirheimadj\u00f6flar<\/h1>\t\t\t\t<\/div>\n\t\t\t\t<div class=\"elementor-element elementor-element-iwgw-utukku-pills elementor-widget elementor-widget-html\" data-id=\"iwgw-utukku-pills\" data-element_type=\"widget\" data-e-type=\"widget\" data-widget_type=\"html.default\">\n\t\t\t\t\t<div class=\"iwg-pill-row\"><span class=\"iwg-klasse-badge\" tabindex=\"0\" data-tooltip=\"Dj\u00f6full \u00far hef\u00f0 Mes\u00f3p\u00f3tam\u00edu.\">Dj\u00f6full<\/span><a href=\"https:\/\/iwell-guard.com\/is\/mesopotamia\/\" class=\"iwg-kultur-badge\" tabindex=\"0\" data-tooltip=\"Go\u00f0afr\u00e6\u00f0i hef\u00f0ar Mes\u00f3p\u00f3tam\u00edu.\">Mes\u00f3p\u00f3tam\u00eda<\/a><span class=\"iwg-tradition-badge\" tabindex=\"0\" data-tooltip=\"Draugur.\">Draugur<\/span><\/div>\t\t\t\t<\/div>\n\t\t\t\t<div class=\"elementor-element elementor-element-iwgw-utukku-lead elementor-widget elementor-widget-text-editor\" data-id=\"iwgw-utukku-lead\" data-element_type=\"widget\" data-e-type=\"widget\" data-widget_type=\"text-editor.default\">\n\t\t\t\t\t\t\t\t\t<p>Utukku er ekki eitt tilteki\u00f0 vera, heldur samheiti yfir flokk mes\u00f3p\u00f3tam\u00edskra andav\u00e6tta. \u00de\u00e6r hreyf\u00f0u sig milli undirheima og heims lifandi, voru taldar valda sj\u00fakd\u00f3mum og \u00f3heillum og voru mi\u00f0l\u00e6gar \u00ed umfangsmiklum sei\u00f0ab\u00f3kmenntum.<\/p>\t\t\t\t\t\t\t\t<\/div>\n\t\t\t\t\t<\/div>\n\t\t\t\t<\/div>\n\t\t<div class=\"elementor-element elementor-element-iwgw-utukku-s0 e-flex e-con-boxed e-con e-parent\" data-id=\"iwgw-utukku-s0\" data-element_type=\"container\" data-e-type=\"container\">\n\t\t\t\t\t<div class=\"e-con-inner\">\n\t\t\t\t<div class=\"elementor-element elementor-element-iwgw-utukku-s0h elementor-widget elementor-widget-heading\" data-id=\"iwgw-utukku-s0h\" data-element_type=\"widget\" data-e-type=\"widget\" data-widget_type=\"heading.default\">\n\t\t\t\t\t<h2 class=\"elementor-heading-title elementor-size-default\">Yfirlit<\/h2>\t\t\t\t<\/div>\n\t\t\t\t<div class=\"elementor-element elementor-element-iwgw-utukku-s0t elementor-widget elementor-widget-text-editor\" data-id=\"iwgw-utukku-s0t\" data-element_type=\"widget\" data-e-type=\"widget\" data-widget_type=\"text-editor.default\">\n\t\t\t\t\t\t\t\t\t<p>Hugtaki\u00f0 Utukku heyrir til or\u00f0afor\u00f0a mes\u00f3p\u00f3tam\u00edskrar dj\u00f6flafr\u00e6\u00f0i. \u00dea\u00f0 v\u00edsar ekki til einnar, sk\u00fdrt afmarka\u00f0ar veru, heldur heils flokks andav\u00e6tta sem gegndu mikilv\u00e6gu hlutverki \u00ed textum <a href=\"https:\/\/iwell-guard.com\/is\/mesopotamia\/\">Mes\u00f3p\u00f3tam\u00edu<\/a> um margar aldir.<\/p><p>Utukku g\u00e1tu b\u00e6\u00f0i veri\u00f0 illv\u00edgar og, \u00ed \u00e1kve\u00f0nu samhengi, hlutlausar e\u00f0a verndandi v\u00e6ttir, en \u00ed tr\u00faarlegu daglegu l\u00edfi voru hinar h\u00e6ttulegu, ska\u00f0legu Utukku \u00ed forgrunni.<\/p><p>Mes\u00f3p\u00f3tam\u00edsk hugmyndaheimur \u00feekkti fj\u00f6lmarga flokka dj\u00f6fla og anda. Auk Utukku komu fram v\u00e6ttir eins og Etemmu, draugar \u00ed \u00ferengri merkingu, og a\u00f0rir dj\u00f6flaflokkar.<\/p><p>M\u00f6rkin milli \u00feessara flokka voru \u00f3lj\u00f3s og textarnir nota hugt\u00f6kin ekki alltaf \u00ed strangri a\u00f0greiningu. Utukku g\u00e1tu veri\u00f0 skilin sem andar hinna l\u00e1tnu sem fundu ekki fri\u00f0, en einnig sem sj\u00e1lfst\u00e6\u00f0 dj\u00f6fulleg \u00f6fl \u00e1n mannlegs uppruna.<\/p><p>Tr\u00faarbrag\u00f0as\u00f6gulega eru Utukku mikilv\u00e6gar \u00fev\u00ed \u00ed \u00feeim m\u00e1 greina mes\u00f3p\u00f3tam\u00edskan skilning \u00e1 sj\u00fakd\u00f3mum, \u00f3heillum og dau\u00f0a. \u00dej\u00e1ning var oft ekki t\u00falku\u00f0 sem hreint l\u00edkamlegt fyrirb\u00e6ri, heldur sem verk yfirn\u00e1tt\u00farulegra afla. Utukku voru me\u00f0al \u00feeirra v\u00e6tta sem sl\u00edkt verk var eigna\u00f0.<\/p>\t\t\t\t\t\t\t\t<\/div>\n\t\t\t\t\t<\/div>\n\t\t\t\t<\/div>\n\t\t<div class=\"elementor-element elementor-element-iwgw-utukku-s1 e-flex e-con-boxed e-con e-parent\" data-id=\"iwgw-utukku-s1\" data-element_type=\"container\" data-e-type=\"container\">\n\t\t\t\t\t<div class=\"e-con-inner\">\n\t\t\t\t<div class=\"elementor-element elementor-element-iwgw-utukku-s1h elementor-widget elementor-widget-heading\" data-id=\"iwgw-utukku-s1h\" data-element_type=\"widget\" data-e-type=\"widget\" data-widget_type=\"heading.default\">\n\t\t\t\t\t<h2 class=\"elementor-heading-title elementor-size-default\">Nafn og or\u00f0sifjar<\/h2>\t\t\t\t<\/div>\n\t\t\t\t<div class=\"elementor-element elementor-element-iwgw-utukku-s1t elementor-widget elementor-widget-text-editor\" data-id=\"iwgw-utukku-s1t\" data-element_type=\"widget\" data-e-type=\"widget\" data-widget_type=\"text-editor.default\">\n\t\t\t\t\t\t\t\t\t<p>Hugtaki\u00f0 er sta\u00f0fest \u00e1 s\u00famersku sem <em>udug<\/em> og var teki\u00f0 upp \u00e1 akkad\u00edsku sem Utukku. Hin n\u00e1kv\u00e6ma grunnmerking s\u00famerska or\u00f0sins er ekki fulllj\u00f3s. \u00dea\u00f0 v\u00edsar almennt til andaveru e\u00f0a <span class=\"iwg-fachbegriff\" data-tooltip=\"Andleg vera sem eignu\u00f0 er ska\u00f0leg e\u00f0a tv\u00edr\u00e6\u00f0 \u00e1hrif.\" tabindex=\"0\">dj\u00f6fuls<\/span> og getur, eftir samhengi, \u00e1tt vi\u00f0 mj\u00f6g \u00f3l\u00edkar v\u00e6ttir.<\/p><p>Einkennandi er a\u00f0 or\u00f0i\u00f0 stendur sjaldan eitt s\u00e9r. \u00cd textunum kemur \u00fea\u00f0 oftast fram me\u00f0 n\u00e1nar tilgreinandi vi\u00f0b\u00f3t. Illa \u00fatg\u00e1fan heitir \u00e1 akkad\u00edsku Utukku Lemnu, \u00fe.e. illur Utukku.<\/p><p>\u00c1 m\u00f3ti \u00fev\u00ed gat Utukku einnig veri\u00f0 k\u00f6llu\u00f0 hagst\u00e6\u00f0 e\u00f0a verndandi. \u00deessi tv\u00edskipting s\u00fdnir a\u00f0 hugtaki\u00f0 tilgreinir fyrst og fremst tegund veru, \u00fear sem si\u00f0fer\u00f0ileg stefna hennar er \u00e1kv\u00f6r\u00f0u\u00f0 fyrst me\u00f0 vi\u00f0b\u00f3taror\u00f0inu.<\/p><p>\u00cd fr\u00e6\u00f0iritum er Utukku \u00e1 stundum \u00fe\u00fdtt almennt sem <span class=\"iwg-fachbegriff\" data-tooltip=\"Andleg vera sem eignu\u00f0 er ska\u00f0leg e\u00f0a tv\u00edr\u00e6\u00f0 \u00e1hrif.\" tabindex=\"0\">dj\u00f6full<\/span> e\u00f0a <span class=\"iwg-fachbegriff\" data-tooltip=\"L\u00edkamslaus vera sem eignu\u00f0 er \u00e1hrif \u00ed heiminum.\" tabindex=\"0\">andi<\/span>. \u00deessar \u00fe\u00fd\u00f0ingar eru n\u00e1lgun, \u00fear sem mes\u00f3p\u00f3tam\u00edska hugtaki\u00f0 samsvarar ekki n\u00e1kv\u00e6mlega n\u00fat\u00edmahugmyndum um dj\u00f6fla. Fleirtalan, sem v\u00edsar til heils h\u00f3ps sl\u00edkra v\u00e6tta, gegnir s\u00e9rst\u00f6ku hlutverki \u00ed sei\u00f0atextunum.<\/p>\t\t\t\t\t\t\t\t<\/div>\n\t\t\t\t\t<\/div>\n\t\t\t\t<\/div>\n\t\t<div class=\"elementor-element elementor-element-iwgw-utukku-s2 e-flex e-con-boxed e-con e-parent\" data-id=\"iwgw-utukku-s2\" data-element_type=\"container\" data-e-type=\"container\">\n\t\t\t\t\t<div class=\"e-con-inner\">\n\t\t\t\t<div class=\"elementor-element elementor-element-iwgw-utukku-s2h elementor-widget elementor-widget-heading\" data-id=\"iwgw-utukku-s2h\" data-element_type=\"widget\" data-e-type=\"widget\" data-widget_type=\"heading.default\">\n\t\t\t\t\t<h2 class=\"elementor-heading-title elementor-size-default\">L\u00fdsing og myndm\u00e1l<\/h2>\t\t\t\t<\/div>\n\t\t\t\t<div class=\"elementor-element elementor-element-iwgw-utukku-s2t elementor-widget elementor-widget-text-editor\" data-id=\"iwgw-utukku-s2t\" data-element_type=\"widget\" data-e-type=\"widget\" data-widget_type=\"text-editor.default\">\n\t\t\t\t\t\t\t\t\t<p>Utukku sleppa undan fastri myndr\u00e6nni framsetningu, einmitt vegna \u00feess a\u00f0 um er a\u00f0 r\u00e6\u00f0a samheitisflokk. \u00d3l\u00edkt dj\u00f6flynjunni <a href=\"https:\/\/iwell-guard.com\/is\/lamashtu\/\">Lamashtu<\/a> e\u00f0a <span class=\"iwg-fachbegriff\" data-tooltip=\"Andleg vera sem eignu\u00f0 er ska\u00f0leg e\u00f0a tv\u00edr\u00e6\u00f0 \u00e1hrif.\" tabindex=\"0\">dj\u00f6flinum<\/span> <a href=\"https:\/\/iwell-guard.com\/is\/pazuzu\/\">Pazuzu<\/a>, sem eru sk\u00fdrt greinanleg \u00ed list me\u00f0 ger\u00f0 blendingsv\u00e6tta, h\u00e9ldu Utukku almennt engu sk\u00fdrt fastm\u00f3tu\u00f0u \u00fatliti.<\/p><p>Textarnir l\u00fdsa \u00feeim oft sem \u00f3hugnanlegum, formlausum e\u00f0a skuggakenndum. \u00de\u00e6r g\u00e1tu haldi\u00f0 til \u00ed ey\u00f0im\u00f6rkinni, \u00e1 yfirgefnum st\u00f6\u00f0um, \u00ed r\u00fastum e\u00f0a \u00ed n\u00e1grenni grafa.<\/p><p>Sumar heimildir l\u00fdsa \u00feeim sem v\u00e6ttum er birtast \u00ed h\u00e1lfr\u00f6kkri, renna s\u00e9r me\u00f0 veggjum e\u00f0a halda sig vi\u00f0 dyr og \u00fer\u00f6skulda. H\u00e6ttan sem af \u00feeim stafar felst einmitt \u00ed \u00f3skiljanleika \u00feeirra. \u00de\u00e6r eru alls sta\u00f0ar og hvergi, \u00fe\u00e6r komast \u00f3s\u00e9\u00f0ar inn \u00ed h\u00fas og l\u00edkama.<\/p><p>\u00dear sem textarnir l\u00fdsa einst\u00f6kum illum Utukku n\u00e1nar, er l\u00f6g\u00f0 \u00e1hersla \u00e1 grimmt, v\u00e6g\u00f0arlaust e\u00f0li \u00feeirra. \u00deeim er l\u00edkt vi\u00f0 stormvinda, \u00e6\u00f0andi d\u00fdr e\u00f0a kulda dau\u00f0ans.<\/p><p>\u00deessar myndl\u00edkingar gefa til kynna m\u00e1tt sem br\u00fdst inn, gr\u00edpur og l\u00e6tur ekki lausan t\u00f6kin. Skortur \u00e1 fastri myndlist undirstrikar tr\u00faarbrag\u00f0as\u00f6gulega a\u00f0 Utukku voru skildar minna sem myndger\u00f0ar v\u00e6ttir en sem raunveruleg upplifu\u00f0 h\u00e6tta.<\/p>\t\t\t\t\t\t\t\t<\/div>\n\t\t\t\t\t<\/div>\n\t\t\t\t<\/div>\n\t\t<div class=\"elementor-element elementor-element-iwgw-utukku-s3 e-flex e-con-boxed e-con e-parent\" data-id=\"iwgw-utukku-s3\" data-element_type=\"container\" data-e-type=\"container\">\n\t\t\t\t\t<div class=\"e-con-inner\">\n\t\t\t\t<div class=\"elementor-element elementor-element-iwgw-utukku-s3h elementor-widget elementor-widget-heading\" data-id=\"iwgw-utukku-s3h\" data-element_type=\"widget\" data-e-type=\"widget\" data-widget_type=\"heading.default\">\n\t\t\t\t\t<h2 class=\"elementor-heading-title elementor-size-default\">Go\u00f0sagnakenndar fr\u00e1sagnir<\/h2>\t\t\t\t<\/div>\n\t\t\t\t<div class=\"elementor-element elementor-element-iwgw-utukku-s3t elementor-widget elementor-widget-text-editor\" data-id=\"iwgw-utukku-s3t\" data-element_type=\"widget\" data-e-type=\"widget\" data-widget_type=\"text-editor.default\">\n\t\t\t\t\t\t\t\t\t<p>\u00d3l\u00edkt hinum st\u00f3ru gu\u00f0um standa Utukku ekki \u00ed mi\u00f0ju eigin go\u00f0sagna me\u00f0 atbur\u00f0ar\u00e1s og fr\u00e1sagnarboga. \u00deeir birtast fremur \u00ed s\u00e6ringar- og helgisi\u00f0atextum sem sj\u00e1lfir innihalda s\u00e9rstakt form go\u00f0s\u00f6gulegrar fr\u00e1sagnar. \u00deessir textar l\u00fdsa oft uppruna dj\u00f6flanna, eiginleikum \u00feeirra og ska\u00f0legu ath\u00e6fi, \u00ed \u00feeim tilgangi a\u00f0 leggja \u00fe\u00e1 undir helgisi\u00f0abundna stj\u00f3rn.<\/p><p>Mikilv\u00e6gasta heimildin er hin mikla s\u00e6ringar\u00f6\u00f0 sem \u00ed fr\u00e6\u00f0unum er \u00feekkt sem Utukku Lemnutu, \u00fea\u00f0 er hinir illu Utukku. Um er a\u00f0 r\u00e6\u00f0a umfangmiki\u00f0 safn s\u00e6ringa sem n\u00e6r yfir margar t\u00f6flur.<\/p><p>\u00deessi r\u00f6\u00f0 var var\u00f0veitt, afritu\u00f0 og sk\u00fdr\u00f0 um langt skei\u00f0. H\u00fan inniheldur l\u00fdsingar \u00e1 \u00fev\u00ed hvernig dj\u00f6flarnir st\u00edga upp \u00far undirheimum, fara um landi\u00f0 og herja \u00e1 f\u00f3lk.<\/p><p>Endurtekin mynd er mynd hinna sj\u00f6, h\u00f3ps s\u00e9rlega \u00f3tta\u00f0ra dj\u00f6fullegra vera sem \u00feekkja hvorki sk\u00f6mm n\u00e9 miskunn, eru hvorki karlkyns n\u00e9 kvenkyns og fara yfir j\u00f6r\u00f0ina eins og stormur. \u00deessir sj\u00f6 eru stundum tengdir Utukku og taldir vera sendibo\u00f0ar sem framkv\u00e6ma \u00f3g\u00e6fu.<\/p><p>Einkennandi fyrir \u00feessa texta er samspili\u00f0 milli manns, <span class=\"iwg-fachbegriff\" data-tooltip=\"Andleg vera sem eignu\u00f0 er ska\u00f0leg e\u00f0a tv\u00edr\u00e6\u00f0 \u00e1hrif.\" tabindex=\"0\">dj\u00f6fuls<\/span> og gu\u00f0s. S\u00e1 ma\u00f0ur sem Utukku hefur helteki\u00f0 er hj\u00e1lparvana. S\u00e6ringarpresturinn kemur fram sem millig\u00f6nguma\u00f0ur og \u00e1kallar gu\u00f0ina, fremst \u00feeirra visku\u00adgu\u00f0inn Enki og son hans, gu\u00f0 s\u00e6ringanna.<\/p><p>\u00cd algengu fr\u00e1sagnarmynstri leitar sonurinn r\u00e1\u00f0\u00ferota til f\u00f6\u00f0ur s\u00edns Enki, og hann mi\u00f0lar honum hinni \u00e1hrifar\u00edku \u00feekkingu, \u00feannig a\u00f0 l\u00e6kningin birtist sem mi\u00f0lun gu\u00f0legrar visku.<\/p><p><span class=\"iwg-fachbegriff\" data-tooltip=\"Andleg vera sem eignu\u00f0 er ska\u00f0leg e\u00f0a tv\u00edr\u00e6\u00f0 \u00e1hrif.\" tabindex=\"0\">Dj\u00f6flinum<\/span> er, me\u00f0 valdi gu\u00f0anna, skipa\u00f0 a\u00f0 yfirgefa manninn og sn\u00faa aftur til undirheima. \u00deessi helgisi\u00f0afr\u00e1s\u00f6gn endurtekur sig \u00ed \u00fdmsum tilbrig\u00f0um og myndar kjarnann \u00ed vi\u00f0ureign Mes\u00f3p\u00f3tam\u00edumanna vi\u00f0 Utukku.<\/p><p>Sumir textar tengja Utukku einnig vi\u00f0 hina \u00f3gr\u00f6fnu e\u00f0a vanr\u00e6ktu d\u00e1nu. S\u00e1 sem ekki hlaut s\u00f3masamlega greftrun e\u00f0a en hvers d\u00e1nard\u00fdrkun var vanr\u00e6kt gat sn\u00fai\u00f0 aftur sem fri\u00f0laus <span class=\"iwg-fachbegriff\" data-tooltip=\"L\u00edkamslaus vera sem eignu\u00f0 er \u00e1hrif \u00ed heiminum.\" tabindex=\"0\">andi<\/span> og \u00e1s\u00f3tt hina lifandi.<\/p><p>Einnig ofbeldisfullur dau\u00f0dagi, a\u00f0 deyja fjarri heimah\u00f6gum e\u00f0a skortur \u00e1 afkomendum til a\u00f0 annast d\u00e1nard\u00fdrkunina t\u00f6ldust \u00e1st\u00e6\u00f0ur fyrir fri\u00f0leysi anda. \u00cd \u00feessari t\u00falkun eru Utukku n\u00e1tengdir hugmyndum Mes\u00f3p\u00f3tam\u00edumanna um samband hinna lifandi vi\u00f0 hina d\u00e1nu.<\/p>\t\t\t\t\t\t\t\t<\/div>\n\t\t\t\t\t<\/div>\n\t\t\t\t<\/div>\n\t\t<div class=\"elementor-element elementor-element-iwgw-utukku-s4 e-flex e-con-boxed e-con e-parent\" data-id=\"iwgw-utukku-s4\" data-element_type=\"container\" data-e-type=\"container\">\n\t\t\t\t\t<div class=\"e-con-inner\">\n\t\t\t\t<div class=\"elementor-element elementor-element-iwgw-utukku-s4h elementor-widget elementor-widget-heading\" data-id=\"iwgw-utukku-s4h\" data-element_type=\"widget\" data-e-type=\"widget\" data-widget_type=\"heading.default\">\n\t\t\t\t\t<h2 class=\"elementor-heading-title elementor-size-default\">D\u00fdrkun og tilbei\u00f0sla<\/h2>\t\t\t\t<\/div>\n\t\t\t\t<div class=\"elementor-element elementor-element-iwgw-utukku-s4t elementor-widget elementor-widget-text-editor\" data-id=\"iwgw-utukku-s4t\" data-element_type=\"widget\" data-e-type=\"widget\" data-widget_type=\"text-editor.default\">\n\t\t\t\t\t\t\t\t\t<p>\u00dear sem hinar illu Utukku-verur voru taldar ska\u00f0legt vald, var ekki um neinn <span class=\"iwg-fachbegriff\" data-tooltip=\"Heild tr\u00faarlegra tilbei\u00f0sluathafna fyrir gu\u00f0 e\u00f0a heilaga veru.\" tabindex=\"0\">d\u00fdrkun<\/span> a\u00f0 r\u00e6\u00f0a \u00ed skilningi tilbei\u00f0slu. \u00deeim voru ekki reist neitt <span class=\"iwg-fachbegriff\" data-tooltip=\"Bygging sem \u00fej\u00f3nar tilbei\u00f0slu einnar e\u00f0a fleiri gu\u00f0a.\" tabindex=\"0\">hof<\/span> og \u00feeim voru ekki f\u00e6r\u00f0ar reglulegar <span class=\"iwg-fachbegriff\" data-tooltip=\"Gj\u00f6f til gu\u00f0s til a\u00f0 tj\u00e1 \u00feakkl\u00e6ti, b\u00f3n e\u00f0a tilbei\u00f0slu.\" tabindex=\"0\">f\u00f3rnir<\/span>, eins og venja var me\u00f0 gu\u00f0i. Tr\u00faarleg umgengni vi\u00f0 Utukku-verurnar f\u00f3lst \u00feess \u00ed sta\u00f0 \u00ed v\u00f6rn, bindingu og brottrekstri.<\/p><p>Mi\u00f0l\u00e6gur gerandi var s\u00e6ringarpresturinn, kalla\u00f0ur Ashipu \u00e1 akkad\u00edsku. Hann haf\u00f0i nau\u00f0synlega \u00feekkingu og hina helgisi\u00f0abundnu texta. \u00deessi s\u00e9rfr\u00e6\u00f0ingur framkv\u00e6mdi hreinsunar- og varnarath\u00f6fnina, f\u00f3r me\u00f0 s\u00e6ringarnar, framkv\u00e6mdi t\u00e1knr\u00e6nar athafnir og ger\u00f0i eftir atvikum sm\u00e1ar f\u00edg\u00farur \u00far leir, vaxi e\u00f0a deigi sem t\u00e1knu\u00f0u <span class=\"iwg-fachbegriff\" data-tooltip=\"Andleg vera sem talin er hafa ska\u00f0lega e\u00f0a tv\u00edbenta \u00e1hrif.\" tabindex=\"0\">dj\u00f6fulinn<\/span> og voru ger\u00f0ar \u00f3ska\u00f0legar.<\/p><p>Auk Ashipu var einnig h\u00e6gt a\u00f0 kalla til Ashu, eina tegund af heilara, sem vann fremur me\u00f0 jurtir og efni. Oft unnu b\u00e1\u00f0ir s\u00e9rfr\u00e6\u00f0ingarnir saman, svo a\u00f0 me\u00f0fer\u00f0 einstaklings sem Utukku-vera haf\u00f0i helteki\u00f0 sameina\u00f0i hi\u00f0 tala\u00f0a or\u00f0, t\u00e1knr\u00e6na ath\u00f6fn og efnisleg me\u00f0ul.<\/p><p>Innan \u00feessa kerfis l\u00e9ku hinir st\u00f3ru gu\u00f0ir mikilv\u00e6gt hlutverk, ekki sem vi\u00f0takendur Utukku-d\u00fdrkunar, heldur sem vald sem var kalla\u00f0 fram gegn dj\u00f6flunum.<\/p><p>Shamash sem gu\u00f0 r\u00e9ttl\u00e6tisins, Enki sem gu\u00f0 viskunnar og sonur hans, gu\u00f0 s\u00e6ringanna, voru s\u00e9rstaklega oft \u00e1kalla\u00f0ir. \u00cd s\u00e6ringunum kemur presturinn fram beinl\u00ednis sem sendibo\u00f0i e\u00f0a umbo\u00f0sma\u00f0ur \u00feessara gu\u00f0a, svo a\u00f0 ekki hann sj\u00e1lfur, heldur gu\u00f0legt vald, rekur <span class=\"iwg-fachbegriff\" data-tooltip=\"Andleg vera sem talin er hafa ska\u00f0lega e\u00f0a tv\u00edbenta \u00e1hrif.\" tabindex=\"0\">dj\u00f6fulinn<\/span> \u00e1 brott.<\/p><p>Dau\u00f0ad\u00fdrkun fyrir eigin l\u00e1tna m\u00e1 \u00ed \u00feessu samhengi einnig skilja sem fyrirbyggjandi r\u00e1\u00f0st\u00f6fun, \u00fev\u00ed vel r\u00e6ktu\u00f0 dau\u00f0ad\u00fdrkun me\u00f0 reglulegum vatns- og f\u00e6\u00f0uf\u00f3rnum kom \u00ed veg fyrir a\u00f0 hinn l\u00e1tni yr\u00f0i r\u00f3tlaus, ska\u00f0legur <span class=\"iwg-fachbegriff\" data-tooltip=\"L\u00edkamslaus vera sem talin er hafa \u00e1hrif \u00ed heiminum.\" tabindex=\"0\">andi<\/span>. Vanr\u00e6ksla \u00feessara skyldna var talin veigamikil \u00e1st\u00e6\u00f0a \u00feess a\u00f0 andar yfirleitt ur\u00f0u hrj\u00e1endur hinna lifandi.<\/p>\t\t\t\t\t\t\t\t<\/div>\n\t\t\t\t\t<\/div>\n\t\t\t\t<\/div>\n\t\t<div class=\"elementor-element elementor-element-iwgw-utukku-s5 e-flex e-con-boxed e-con e-parent\" data-id=\"iwgw-utukku-s5\" data-element_type=\"container\" data-e-type=\"container\">\n\t\t\t\t\t<div class=\"e-con-inner\">\n\t\t\t\t<div class=\"elementor-element elementor-element-iwgw-utukku-s5h elementor-widget elementor-widget-heading\" data-id=\"iwgw-utukku-s5h\" data-element_type=\"widget\" data-e-type=\"widget\" data-widget_type=\"heading.default\">\n\t\t\t\t\t<h2 class=\"elementor-heading-title elementor-size-default\">Verndara\u00f0ger\u00f0ir og fr\u00e1hrindandi t\u00e1kn<\/h2>\t\t\t\t<\/div>\n\t\t\t\t<div class=\"elementor-element elementor-element-iwgw-utukku-s5t elementor-widget elementor-widget-text-editor\" data-id=\"iwgw-utukku-s5t\" data-element_type=\"widget\" data-e-type=\"widget\" data-widget_type=\"text-editor.default\">\n\t\t\t\t\t\t\t\t\t<p>V\u00f6rn gegn Utukku var eitt af mikilv\u00e6gustu verkefnum mes\u00f3p\u00f3tam\u00edskrar galdrai\u00f0kunar. S\u00e6ringa\u00feulusafni\u00f0 Utukku Lemnutu var umfangsmesta verkf\u00e6ri\u00f0 \u00ed \u00feessari v\u00f6rn. S\u00e6ringar \u00feess fylgja oft fastm\u00f3ta\u00f0ri uppbyggingu.<\/p><p>Fyrst eru dj\u00f6flarnir nefndir og h\u00e6ttueiginleikar \u00feeirra l\u00fdstir, s\u00ed\u00f0an eru gu\u00f0irnir \u00e1kalla\u00f0ir og a\u00f0 lokum er <span class=\"iwg-fachbegriff\" data-tooltip=\"Andlegt vera sem talin er hafa ska\u00f0lega e\u00f0a tv\u00edr\u00e6\u00f0a \u00e1hrif.\" tabindex=\"0\">dj\u00f6flinum<\/span> skipa\u00f0 a\u00f0 hverfa \u00e1 braut og sn\u00faa aftur til undirheima.<\/p><p>Me\u00f0al fr\u00e1hrindandi (apotropaic) a\u00f0ger\u00f0a voru hreinsunarathafnir me\u00f0 vatni, eldi og \u00fdmsum efnum. Oft voru ger\u00f0ar sta\u00f0gengilsmyndir sem t\u00e1knu\u00f0u <span class=\"iwg-fachbegriff\" data-tooltip=\"Andlegt vera sem talin er hafa ska\u00f0lega e\u00f0a tv\u00edr\u00e6\u00f0a \u00e1hrif.\" tabindex=\"0\">dj\u00f6fulinn<\/span> e\u00f0a sj\u00faklinginn. Me\u00f0 ath\u00f6fnum sem framkv\u00e6mdar voru \u00e1 \u00feessum myndum \u00e1tti a\u00f0 b\u00e6gja illu fr\u00e1, brenna \u00fea\u00f0 e\u00f0a senda \u00fea\u00f0 burt. Verndargripir og \u00e1letru\u00f0 hlutir g\u00e1tu einnig veitt vernd.<\/p><p>Ekki s\u00ed\u00f0ur mikilv\u00e6gt var a\u00f0 vi\u00f0halda reglu \u00ed h\u00fasinu og \u00ed tengslum vi\u00f0 hina l\u00e1tnu. Vanr\u00e6kt gr\u00f6f, trufla\u00f0ar dyra\u00fer\u00f6skuldar og \u00f3hrein sv\u00e6\u00f0i voru talin vera inng\u00f6ngulei\u00f0ir fyrir Utukku. S\u00e1 sem fylgdi hinum tr\u00faarlegu reglum, h\u00e9lt vi\u00f0 si\u00f0 hinna dau\u00f0u og kalla\u00f0i til s\u00e6ringaprest \u00ed sj\u00fakd\u00f3mstilfellum, leita\u00f0ist \u00feannig vi\u00f0 a\u00f0 verja sig gegn dj\u00f6flunum.<\/p><p>Fr\u00e6\u00f0ilegt sj\u00f3narhorn skilur \u00feessar venjur sem hluta af samfelldri heimsmynd, \u00fear sem sj\u00fakd\u00f3mar og \u00f3l\u00e1n ur\u00f0u skiljanleg og \u00fear me\u00f0 einnig me\u00f0h\u00f6ndlanleg. Ekki er \u00fear me\u00f0 haldi\u00f0 fram a\u00f0 \u00fe\u00e6r hafi virkni \u00ed n\u00fat\u00edma l\u00e6knisfr\u00e6\u00f0ilegum skilningi.<\/p>\t\t\t\t\t\t\t\t<\/div>\n\t\t\t\t\t<\/div>\n\t\t\t\t<\/div>\n\t\t<div class=\"elementor-element elementor-element-iwgw-utukku-s6 e-flex e-con-boxed e-con e-parent\" data-id=\"iwgw-utukku-s6\" data-element_type=\"container\" data-e-type=\"container\">\n\t\t\t\t\t<div class=\"e-con-inner\">\n\t\t\t\t<div class=\"elementor-element elementor-element-iwgw-utukku-s6h elementor-widget elementor-widget-heading\" data-id=\"iwgw-utukku-s6h\" data-element_type=\"widget\" data-e-type=\"widget\" data-widget_type=\"heading.default\">\n\t\t\t\t\t<h2 class=\"elementor-heading-title elementor-size-default\">Hli\u00f0st\u00e6\u00f0ur \u00ed \u00f6\u00f0rum menningarheimum<\/h2>\t\t\t\t<\/div>\n\t\t\t\t<div class=\"elementor-element elementor-element-iwgw-utukku-s6t elementor-widget elementor-widget-text-editor\" data-id=\"iwgw-utukku-s6t\" data-element_type=\"widget\" data-e-type=\"widget\" data-widget_type=\"text-editor.default\">\n\t\t\t\t\t\t\t\t\t<p>Hugmyndir um \u00f3r\u00f3leg framli\u00f0nna anda og sj\u00fakd\u00f3msvaldandi dj\u00f6fla eru \u00fatbreiddar \u00ed m\u00f6rgum menningarheimum. Innan hins forna Austurlands m\u00e1 sj\u00e1 tengsl vi\u00f0 vestursem\u00edt\u00edska og s\u00ed\u00f0ar j\u00fa\u00f0\u00edska dj\u00f6flafr\u00e6\u00f0i, \u00fear sem svipu\u00f0 hugt\u00f6k um anda og \u00f3hreina krafta koma fram.<\/p><p>Mes\u00f3p\u00f3tam\u00edskar s\u00e6ringab\u00f3kmenntir hafa fengi\u00f0 athygli \u00ed fr\u00e6\u00f0unum sem bakgrunnur s\u00ed\u00f0ari s\u00e6ringahef\u00f0a, me\u00f0al annars \u00ed arama\u00edsku galdrask\u00e1larhef\u00f0inni fr\u00e1 <span class=\"iwg-fachbegriff\" data-tooltip=\"Umbreytingart\u00edmabil milli forneskju og mi\u00f0alda, um \u00fea\u00f0 bil 3. til 7. \u00f6ld.\" tabindex=\"0\">s\u00ed\u00f0forn\u00f6ld<\/span>, \u00fear sem dj\u00f6flar eru einnig nefndir me\u00f0 nafni og bundnir.<\/p><p>Byggingarlega samb\u00e6rileg er hugmyndin um a\u00f0 sj\u00fakd\u00f3mur ver\u00f0i til vegna innkomu framandi, andlegrar veru og a\u00f0 unnt s\u00e9 a\u00f0 l\u00e6kna hann me\u00f0 tr\u00faarlegri \u00fatrekstri. Sl\u00edkar hugmyndir koma fram \u00ed m\u00f6rgum forn-n\u00fdt\u00edmalegum heilunarkerfum.<\/p><p><span class=\"iwg-fachbegriff\" data-tooltip=\"Endurteki\u00f0 innihaldslegt stef \u00ed list e\u00f0a fr\u00e1s\u00f6gn.\" tabindex=\"0\">Stefi\u00f0<\/span> um hinn \u00f3bjarga\u00f0a l\u00e1tna, sem sn\u00fdr aftur sem <span class=\"iwg-fachbegriff\" data-tooltip=\"L\u00edkamslaus vera sem talin er hafa \u00e1hrif \u00ed heiminum.\" tabindex=\"0\">andi<\/span>, er einnig mj\u00f6g \u00fatbreitt og kemur me\u00f0al annars fram \u00ed gr\u00edskum og r\u00f3mverskum hugmyndaheimi, \u00fear sem framli\u00f0nir andar vanr\u00e6ktra greftrana voru taldir \u00f3r\u00f3ir og \u00feurftu a\u00f0 vera fri\u00f0a\u00f0ir me\u00f0 eigin si\u00f0um.<\/p><p>\u00der\u00e1tt fyrir \u00f6ll l\u00edkindi er var\u00fa\u00f0 nau\u00f0synleg. Utukku eru felld inn \u00ed s\u00e9rstakt mes\u00f3p\u00f3tam\u00edskt kerfi me\u00f0 eigin gu\u00f0um, eigin hugmyndum um undirheima og eigin si\u00f0ahef\u00f0.<\/p><p>Hli\u00f0st\u00e6\u00f0ur eru \u00fev\u00ed best skildar sem d\u00e6miger\u00f0 fr\u00e6ndsemi, ekki einf\u00f6ld samsv\u00f6run. Samanbur\u00f0arranns\u00f3knir \u00ed tr\u00faarbrag\u00f0afr\u00e6\u00f0um nota \u00fe\u00e6r til a\u00f0 l\u00fdsa almennum mynstrum \u00ed umgengni vi\u00f0 sj\u00fakd\u00f3ma, dau\u00f0a og \u00f3s\u00fdnilegt vald.<\/p>\t\t\t\t\t\t\t\t<\/div>\n\t\t\t\t\t<\/div>\n\t\t\t\t<\/div>\n\t\t<div class=\"elementor-element elementor-element-iwgw-utukku-s7 e-flex e-con-boxed e-con e-parent\" data-id=\"iwgw-utukku-s7\" data-element_type=\"container\" data-e-type=\"container\">\n\t\t\t\t\t<div class=\"e-con-inner\">\n\t\t\t\t<div class=\"elementor-element elementor-element-iwgw-utukku-s7h elementor-widget elementor-widget-heading\" data-id=\"iwgw-utukku-s7h\" data-element_type=\"widget\" data-e-type=\"widget\" data-widget_type=\"heading.default\">\n\t\t\t\t\t<h2 class=\"elementor-heading-title elementor-size-default\">N\u00fat\u00edmavi\u00f0t\u00f6kur og ranns\u00f3knir<\/h2>\t\t\t\t<\/div>\n\t\t\t\t<div class=\"elementor-element elementor-element-iwgw-utukku-s7t elementor-widget elementor-widget-text-editor\" data-id=\"iwgw-utukku-s7t\" data-element_type=\"widget\" data-e-type=\"widget\" data-widget_type=\"text-editor.default\">\n\t\t\t\t\t\t\t\t\t<p>Utukku eru fyrst og fremst kunnir vegna v\u00edsindalegrar ranns\u00f3knar \u00e1 s\u00e6ringa\u00feulusafninu Utukku Lemnutu. \u00deetta safn var endurgert, gefi\u00f0 \u00fat og \u00fe\u00fdtt \u00e1 grundvelli fj\u00f6lda fleygr\u00fanaspjalda. M\u00f6rg \u00feessara spjalda koma \u00far b\u00f3kasafni ass\u00fdr\u00edska konungsins Assurban\u00edpals \u00ed Nineve, en einnig \u00far eldri textafundum sem n\u00e1 allt aftur til annars \u00e1r\u00fe\u00fasundsins fyrir Krist.<\/p><p>Vinnan vi\u00f0 \u00feessa texta er krefjandi, \u00fev\u00ed safni\u00f0 hefur var\u00f0veist yfir langan t\u00edma og er til \u00ed mismunandi \u00fatg\u00e1fum, \u00fear \u00e1 me\u00f0al tv\u00edtyngdum s\u00famersk-akkad\u00edskum k\u00f6flum, \u00fear sem s\u00famerska <span class=\"iwg-fachbegriff\" data-tooltip=\"Tr\u00faarleg ath\u00f6fn \u00ed m\u00e1li sem \u00e6tla\u00f0 er a\u00f0 kalla fram e\u00f0a binda vald.\" tabindex=\"0\">s\u00e6ringin<\/span> er l\u00edna fyrir l\u00ednu fylgt af akkad\u00edskri \u00fe\u00fd\u00f0ingu.<\/p><p>Mikilv\u00e6g ni\u00f0ursta\u00f0a ranns\u00f3kna er s\u00fa inns\u00fdn a\u00f0 mes\u00f3p\u00f3tam\u00edsk dj\u00f6flafr\u00e6\u00f0i var ekki \u00f3skipulag\u00f0ur <span class=\"iwg-fachbegriff\" data-tooltip=\"Tr\u00faarlegar hugmyndir og si\u00f0ir sem eru \u00fatbreiddir \u00ed daglegu l\u00edfi.\" tabindex=\"0\">\u00fej\u00f3\u00f0tr\u00fa<\/span>, heldur l\u00e6rd\u00f3msfullt, skriflega var\u00f0veitt kerfi. Hugt\u00f6k eins og Utukku, Etemmu e\u00f0a Alu voru hluti af fagm\u00e1li sem kennt var \u00ed skrifarask\u00f3lum. Fr\u00e6\u00f0imenn r\u00e6\u00f0a hversu skarpt \u00feessi hugt\u00f6k voru a\u00f0greind fr\u00e1 hvort \u00f6\u00f0ru og hversu miki\u00f0 \u00feau sk\u00f6r\u00f0u\u00f0ust.<\/p><p>Ranns\u00f3knir hafa s\u00e9rstakan \u00e1huga \u00e1 mes\u00f3p\u00f3tam\u00edskum hugmyndum um sj\u00fakd\u00f3m, l\u00e6kningu og hlutverk s\u00e6ringaprestsins.<\/p><p>\u00c1 Utukku-textunum m\u00e1 rannsaka hversu samtvinnu\u00f0 tr\u00faarleg t\u00falkun, si\u00f0aframkv\u00e6md og \u00fea\u00f0 sem kalla m\u00e6tti frumst\u00e6\u00f0a l\u00e6knisfr\u00e6\u00f0i voru. S\u00e6ringaprestar h\u00f6f\u00f0u yfir a\u00f0 r\u00e1\u00f0a v\u00ed\u00f0t\u00e6kri texta\u00feekkingu, sem safna\u00f0 var \u00ed l\u00e6rd\u00f3msb\u00f3kas\u00f6fnum fyrsta \u00e1r\u00fe\u00fasundsins fyrir Krist.<\/p><p>\u00cd almennri umfj\u00f6llun hefur nafni\u00f0 Utukku \u00f6\u00f0ru hverju veri\u00f0 nota\u00f0 sem heiti \u00e1 mes\u00f3p\u00f3tam\u00edskum dj\u00f6flum almennt, oft \u00e1n n\u00e1kv\u00e6mrar tilv\u00edsunar \u00ed heimildir.<\/p><p>Vanda\u00f0ur fr\u00e6\u00f0ilegur a\u00f0gangur a\u00f0 Utukku byggir \u00e1 gagnr\u00fdnum \u00fatg\u00e1fum s\u00e6ringatextanna og \u00e1 ass\u00fdr\u00edufr\u00e6\u00f0ilegum fr\u00e6\u00f0iritum, sem setja \u00feessar verur \u00ed s\u00f6gulegt og tr\u00faarlegt samhengi. \u00de\u00e6r s\u00fdna Utukku sem fastan hluta af margbrotinni dj\u00f6flafr\u00e6\u00f0i sem m\u00f3ta\u00f0i mes\u00f3p\u00f3tam\u00edskan skilning \u00e1 heiminum og \u00fej\u00e1ningunni.<\/p>\t\t\t\t\t\t\t\t<\/div>\n\t\t\t\t\t<\/div>\n\t\t\t\t<\/div>\n\t\t<div class=\"elementor-element elementor-element-iwgw-utukku-lit e-flex e-con-boxed e-con e-parent\" data-id=\"iwgw-utukku-lit\" data-element_type=\"container\" data-e-type=\"container\">\n\t\t\t\t\t<div class=\"e-con-inner\">\n\t\t\t\t<div class=\"elementor-element elementor-element-iwgw-utukku-lith elementor-widget elementor-widget-heading\" data-id=\"iwgw-utukku-lith\" data-element_type=\"widget\" data-e-type=\"widget\" data-widget_type=\"heading.default\">\n\t\t\t\t\t<h2 class=\"elementor-heading-title elementor-size-default\">Heimildir (\u00farval)<\/h2>\t\t\t\t<\/div>\n\t\t\t\t<div class=\"elementor-element elementor-element-iwgw-utukku-litt elementor-widget elementor-widget-text-editor\" data-id=\"iwgw-utukku-litt\" data-element_type=\"widget\" data-e-type=\"widget\" data-widget_type=\"text-editor.default\">\n\t\t\t\t\t\t\t\t\t<ul><li>Markham J. Geller: <em>Evil Demons. Canonical Utukk\u016b Lemn\u016btu Incantations<\/em> (2007)<\/li><li><span data-nosnippet>Jeremy Black, Anthony Green: <em>Gods, Demons and Symbols of Ancient Mesopotamia<\/em> (1992)<\/span><\/li><li>Walter Farber: <em>Lama\u0161tu. An Edition of the Canonical Series of Lama\u0161tu Incantations<\/em> (2014)<\/li><li>Jean Bott\u00e9ro: <em>Die \u00e4lteste Religion. Mesopotamien<\/em> (2001)<\/li><li>Frans A. M. Wiggermann: <em>Mesopotamian Protective Spirits<\/em> (1992)<\/li><\/ul>\t\t\t\t\t\t\t\t<\/div>\n\t\t\t\t\t<\/div>\n\t\t\t\t<\/div>\n\t\t<div class=\"elementor-element elementor-element-iwgkw2-add-utukku e-flex e-con-boxed e-con e-parent\" data-id=\"iwgkw2-add-utukku\" data-element_type=\"container\" data-e-type=\"container\">\n\t\t\t\t\t<div class=\"e-con-inner\">\n\t\t\t\t<div class=\"elementor-element elementor-element-iwgkw2-add-utukku-t elementor-widget elementor-widget-text-editor\" data-id=\"iwgkw2-add-utukku-t\" data-element_type=\"widget\" data-e-type=\"widget\" data-widget_type=\"text-editor.default\">\n\t\t\t\t\t\t\t\t\t<p>Utukku eru \u00ed akkad\u00edskum s\u00e6ringab\u00f3kmenntum taldir me\u00f0al \u00f3gnvekjandi <em>undirheimadj\u00f6fla<\/em>, sem sem \u00f3r\u00f3ir framli\u00f0nir andar g\u00e1tu leitt sj\u00fakd\u00f3ma og \u00f3l\u00e1n yfir hina lifandi; meginheimild er safni\u00f0 Utukku Lemnutu.<\/p>\t\t\t\t\t\t\t\t<\/div>\n\t\t\t\t\t<\/div>\n\t\t\t\t<\/div>\n\t\t<div class=\"elementor-element elementor-element-iwgw-utukku-kwd e-flex e-con-boxed e-con e-parent\" data-id=\"iwgw-utukku-kwd\" data-element_type=\"container\" data-e-type=\"container\">\n\t\t\t\t\t<div class=\"e-con-inner\">\n\t\t\t\t<div class=\"elementor-element elementor-element-iwgw-utukku-kwdt elementor-widget elementor-widget-text-editor\" data-id=\"iwgw-utukku-kwdt\" data-element_type=\"widget\" data-e-type=\"widget\" data-widget_type=\"text-editor.default\">\n\t\t\t\t\t\t\t\t\t<p><em>Tengd kjarnahugt\u00f6k: Utukku Lemnutu udug s\u00e6ringa\u00feulusafn framli\u00f0inn andi Etemmu s\u00e6ringaprestur undirheimar.<\/em><\/p>\t\t\t\t\t\t\t\t<\/div>\n\t\t\t\t\t<\/div>\n\t\t\t\t<\/div>\n\t\t<div class=\"elementor-element elementor-element-iwgw-utukku-cc e-flex e-con-boxed e-con e-parent\" data-id=\"iwgw-utukku-cc\" data-element_type=\"container\" data-e-type=\"container\" id=\"iwg-cc-utukku\">\n\t\t\t\t\t<div class=\"e-con-inner\">\n\t\t<div class=\"elementor-element elementor-element-iwgw-utukku-ccinner e-flex e-con-boxed e-con e-parent\" data-id=\"iwgw-utukku-ccinner\" data-element_type=\"container\" data-e-type=\"container\" data-settings=\"{&quot;background_background&quot;:&quot;classic&quot;}\">\n\t\t\t\t\t<div class=\"e-con-inner\">\n\t\t\t\t<div class=\"elementor-element elementor-element-iwgw-utukku-cch elementor-widget elementor-widget-heading\" data-id=\"iwgw-utukku-cch\" data-element_type=\"widget\" data-e-type=\"widget\" data-widget_type=\"heading.default\">\n\t\t\t\t\t<h2 class=\"elementor-heading-title elementor-size-default\">iWell Guard og verndarhef\u00f0ir<\/h2>\t\t\t\t<\/div>\n\t\t\t\t<div class=\"elementor-element elementor-element-iwgw-utukku-cct elementor-widget elementor-widget-text-editor\" data-id=\"iwgw-utukku-cct\" data-element_type=\"widget\" data-e-type=\"widget\" data-widget_type=\"text-editor.default\">\n\t\t\t\t\t\t\t\t\t<div data-nosnippet=\"true\"><p>iWell Guard tengist menningars\u00f6gulegri hef\u00f0 bur\u00f0arh\u00e6fra verndargripa, \u00ed hef\u00f0 <a href=\"https:\/\/iwell-guard.com\/is\/mesopotamia\/\">Mes\u00f3p\u00f3tam\u00edu<\/a> og margra annarra menningarheima v\u00ed\u00f0a um heim. 41 lag, alv\u00f6ru gull, plat\u00edna, silfur, framleitt \u00ed \u00de\u00fdskalandi. 30 daga skilar\u00e9ttur.<\/p><\/div>\t\t\t\t\t\t\t\t<\/div>\n\t\t\t\t<div class=\"elementor-element elementor-element-iwgw-utukku-ccb iwg-cc-button iwg-cc-cta-2026-05-13 elementor-widget elementor-widget-jet-button\" data-id=\"iwgw-utukku-ccb\" data-element_type=\"widget\" data-e-type=\"widget\" data-widget_type=\"jet-button.default\">\n\t\t\t\t<div class=\"elementor-widget-container\">\n\t\t\t\t\t<div class=\"elementor-jet-button jet-elements\"><div class=\"jet-button__container\"><a class=\"jet-button__instance jet-button__instance--icon-left hover-effect-1\" href=\"\/ueber-iwell-guard\/?utm_source=iwell-guard.com&amp;utm_medium=info-box&amp;utm_campaign=wesen-tradition\"><div class=\"jet-button__plane jet-button__plane-normal\"><\/div><div class=\"jet-button__plane jet-button__plane-hover\"><\/div><div class=\"jet-button__state jet-button__state-normal\"><span class=\"jet-button__label\">Meira um iWell Guard<\/span><\/div><div class=\"jet-button__state jet-button__state-hover\"><span class=\"jet-button__label\">Meira um iWell Guard<\/span><\/div><\/a><\/div><\/div><style>.elementor-element.elementor-element-iwgw-utukku-ccb .jet-button__instance{width:320px;height:56px;}.elementor-element.elementor-element-iwgw-utukku-ccb .jet-button__state-normal .jet-button__label{text-align:center;margin:0px 0px 0px 0px;color:#1a1b20;font-family:Montserrat,sans-serif;font-size:13px;font-weight:400;letter-spacing:4px;line-height:1.714em;text-transform:uppercase;}.elementor-element.elementor-element-iwgw-utukku-ccb .jet-button__state-hover .jet-button__label{text-align:center;margin:0px 0px 0px 0px;color:#FECC76;font-family:Montserrat,sans-serif;font-size:13px;font-weight:400;letter-spacing:4px;line-height:1.714em;text-transform:uppercase;}.elementor-element.elementor-element-iwgw-utukku-ccb .jet-button__plane-normal{background-color:#FECC76;border-style:solid;border-color:#C99540;border-width:2px 2px 2px 2px;}.elementor-element.elementor-element-iwgw-utukku-ccb .jet-button__plane-hover{background-color:rgba(0,0,0,0.55);border-style:solid;border-color:#FECC76;border-width:2px 2px 2px 2px;}<\/style>\t\t\t\t<\/div>\n\t\t\t\t<\/div>\n\t\t\t\t<div class=\"elementor-element elementor-element-iwgw-utukku-ccd elementor-widget elementor-widget-text-editor\" data-id=\"iwgw-utukku-ccd\" data-element_type=\"widget\" data-e-type=\"widget\" data-widget_type=\"text-editor.default\">\n\t\t\t\t\t\t\t\t\t<div data-nosnippet=\"true\"><p style=\"text-align:center;font-size:13px;opacity:0.7;margin-top:14px\" data-nosnippet=\"true\">Pers\u00f3nuleg reynsla getur veri\u00f0 mismunandi. Ekki l\u00e6kningat\u00e6ki. Engin lofor\u00f0 um l\u00e6kningu.<\/p><\/div>\t\t\t\t\t\t\t\t<\/div>\n\t\t\t\t\t<\/div>\n\t\t\t\t<\/div>\n\t\t\t\t\t<\/div>\n\t\t\t\t<\/div>\n\t\t<div class=\"elementor-element elementor-element-iwgw-utukku-disc e-flex e-con-boxed e-con e-parent\" data-id=\"iwgw-utukku-disc\" data-element_type=\"container\" data-e-type=\"container\">\n\t\t\t\t\t<div class=\"e-con-inner\">\n\t\t\t\t<div class=\"elementor-element elementor-element-iwgw-utukku-discw elementor-widget elementor-widget-html\" data-id=\"iwgw-utukku-discw\" data-element_type=\"widget\" data-e-type=\"widget\" data-widget_type=\"html.default\">\n\t\t\t\t\t<footer data-nosnippet=\"true\" class=\"iwg-disclaimer-block\"><p data-nosnippet=\"true\">iWell Guard er <strong>ekki l\u00e6kningat\u00e6ki<\/strong> og kemur ekki \u00ed sta\u00f0inn fyrir l\u00e6knis- e\u00f0a s\u00e1lfr\u00e6\u00f0ime\u00f0fer\u00f0. Tr\u00faarfr\u00e6\u00f0ilegt efni er menningars\u00f6gulegt samhengi, ekki r\u00e1\u00f0legging um andlega i\u00f0kun.<\/p><\/footer>\t\t\t\t<\/div>\n\t\t\t\t\t<\/div>\n\t\t\t\t<\/div>\n\t\t\t\t<\/div>\n\t\t","protected":false},"excerpt":{"rendered":"","protected":false},"author":3,"featured_media":3380,"parent":0,"menu_order":0,"comment_status":"closed","ping_status":"closed","template":"elementor_header_footer","meta":{"_yoast_wpseo_focuskw":"Utukku mes\u00f3p\u00f3tam\u00edskir dj\u00f6flar","_yoast_wpseo_title":"Utukku \u2013 mes\u00f3p\u00f3tam\u00edskir draugar og dj\u00f6flar","_yoast_wpseo_metadesc":"Utukku v\u00edsar til flokks mes\u00f3p\u00f3tam\u00edskra dj\u00f6fla og draugav\u00e6tta. Tr\u00faarbrag\u00f0afr\u00e6\u00f0ileg greining me\u00f0 sei\u00f0aromsu, d\u00fdrkun og heimildum.","_yoast_wpseo_meta-robots-noindex":"","_yoast_wpseo_canonical":"","_angie_page":false,"gefaehrdungsstufe":"3","wesen_kultur":"mesopotamien","wesen_klasse":"daemonen","footnotes":""},"categories":[],"class_list":["post-169036","page","type-page","status-publish","has-post-thumbnail","hentry"],"yoast_head":"<!-- This site is optimized with the Yoast SEO Premium plugin v27.7 (Yoast SEO v28.3) - https:\/\/yoast.com\/product\/yoast-seo-premium-wordpress\/ -->\n<title>Utukku \u2013 mes\u00f3p\u00f3tam\u00edskir draugar og dj\u00f6flar<\/title>\n<meta name=\"description\" content=\"Utukku v\u00edsar til flokks mes\u00f3p\u00f3tam\u00edskra dj\u00f6fla og draugav\u00e6tta. Tr\u00faarbrag\u00f0afr\u00e6\u00f0ileg greining me\u00f0 sei\u00f0aromsu, d\u00fdrkun og heimildum.\" \/>\n<meta name=\"robots\" content=\"index, follow, max-snippet:-1, max-image-preview:large, max-video-preview:-1\" \/>\n<link rel=\"canonical\" href=\"https:\/\/iwell-guard.com\/is\/utukku-draugar-undirheimar\/\" \/>\n<meta property=\"og:locale\" content=\"is_IS\" \/>\n<meta property=\"og:type\" content=\"article\" \/>\n<meta property=\"og:title\" content=\"Utukku \u2013 Draugar og undirheimadj\u00f6flar\" \/>\n<meta property=\"og:description\" content=\"Utukku v\u00edsar til flokks mes\u00f3p\u00f3tam\u00edskra dj\u00f6fla og draugav\u00e6tta. Tr\u00faarbrag\u00f0afr\u00e6\u00f0ileg greining me\u00f0 sei\u00f0aromsu, d\u00fdrkun og heimildum.\" \/>\n<meta property=\"og:url\" content=\"https:\/\/iwell-guard.com\/is\/utukku-draugar-undirheimar\/\" \/>\n<meta property=\"og:site_name\" content=\"iWell Guard\" \/>\n<meta property=\"article:modified_time\" content=\"2026-09-05T14:30:39+00:00\" \/>\n<meta property=\"og:image\" content=\"https:\/\/iwell-guard.com\/wp-content\/uploads\/2026\/05\/daemonen_mesopotamien_utukku.webp\" \/>\n\t<meta property=\"og:image:width\" content=\"1024\" \/>\n\t<meta property=\"og:image:height\" content=\"1536\" \/>\n\t<meta property=\"og:image:type\" content=\"image\/webp\" \/>\n<meta name=\"twitter:card\" content=\"summary_large_image\" \/>\n<script type=\"application\/ld+json\" class=\"yoast-schema-graph\">{\"@context\":\"https:\\\/\\\/schema.org\",\"@graph\":[{\"@type\":\"WebPage\",\"@id\":\"https:\\\/\\\/iwell-guard.com\\\/is\\\/utukku-draugar-undirheimar\\\/\",\"url\":\"https:\\\/\\\/iwell-guard.com\\\/is\\\/utukku-draugar-undirheimar\\\/\",\"name\":\"Utukku \u2013 mes\u00f3p\u00f3tam\u00edskir draugar og dj\u00f6flar\",\"isPartOf\":{\"@id\":\"https:\\\/\\\/iwell-guard.com\\\/is\\\/#website\"},\"primaryImageOfPage\":{\"@id\":\"https:\\\/\\\/iwell-guard.com\\\/is\\\/utukku-draugar-undirheimar\\\/#primaryimage\"},\"image\":{\"@id\":\"https:\\\/\\\/iwell-guard.com\\\/is\\\/utukku-draugar-undirheimar\\\/#primaryimage\"},\"thumbnailUrl\":\"https:\\\/\\\/iwell-guard.com\\\/wp-content\\\/uploads\\\/2026\\\/05\\\/daemonen_mesopotamien_utukku.webp\",\"datePublished\":\"2026-09-05T14:05:01+00:00\",\"dateModified\":\"2026-09-05T14:30:39+00:00\",\"description\":\"Utukku v\u00edsar til flokks mes\u00f3p\u00f3tam\u00edskra dj\u00f6fla og draugav\u00e6tta. Tr\u00faarbrag\u00f0afr\u00e6\u00f0ileg greining me\u00f0 sei\u00f0aromsu, d\u00fdrkun og heimildum.\",\"breadcrumb\":{\"@id\":\"https:\\\/\\\/iwell-guard.com\\\/is\\\/utukku-draugar-undirheimar\\\/#breadcrumb\"},\"inLanguage\":\"is\",\"potentialAction\":[{\"@type\":\"ReadAction\",\"target\":[\"https:\\\/\\\/iwell-guard.com\\\/is\\\/utukku-draugar-undirheimar\\\/\"]}]},{\"@type\":\"ImageObject\",\"inLanguage\":\"is\",\"@id\":\"https:\\\/\\\/iwell-guard.com\\\/is\\\/utukku-draugar-undirheimar\\\/#primaryimage\",\"url\":\"https:\\\/\\\/iwell-guard.com\\\/wp-content\\\/uploads\\\/2026\\\/05\\\/daemonen_mesopotamien_utukku.webp\",\"contentUrl\":\"https:\\\/\\\/iwell-guard.com\\\/wp-content\\\/uploads\\\/2026\\\/05\\\/daemonen_mesopotamien_utukku.webp\",\"width\":1024,\"height\":1536,\"caption\":\"Dj\u00f6flar \u00far Mes\u00f3p\u00f3tam\u00edu-hef\u00f0inni.\"},{\"@type\":\"BreadcrumbList\",\"@id\":\"https:\\\/\\\/iwell-guard.com\\\/is\\\/utukku-draugar-undirheimar\\\/#breadcrumb\",\"itemListElement\":[{\"@type\":\"ListItem\",\"position\":1,\"name\":\"Start\",\"item\":\"https:\\\/\\\/iwell-guard.com\\\/is\\\/?page_id=168580\"},{\"@type\":\"ListItem\",\"position\":2,\"name\":\"Utukku \u2013 Draugar og undirheimadj\u00f6flar\"}]},{\"@type\":\"WebSite\",\"@id\":\"https:\\\/\\\/iwell-guard.com\\\/is\\\/#website\",\"url\":\"https:\\\/\\\/iwell-guard.com\\\/is\\\/\",\"name\":\"iWell Guard\",\"description\":\"Schutz vor dunklen Einfl\u00fcssen\",\"publisher\":{\"@id\":\"https:\\\/\\\/iwell-guard.com\\\/is\\\/#organization\"},\"potentialAction\":[{\"@type\":\"SearchAction\",\"target\":{\"@type\":\"EntryPoint\",\"urlTemplate\":\"https:\\\/\\\/iwell-guard.com\\\/is\\\/?s={search_term_string}\"},\"query-input\":{\"@type\":\"PropertyValueSpecification\",\"valueRequired\":true,\"valueName\":\"search_term_string\"}}],\"inLanguage\":\"is\"},{\"@type\":\"Organization\",\"@id\":\"https:\\\/\\\/iwell-guard.com\\\/is\\\/#organization\",\"name\":\"Ittermann electronic GmbH\",\"url\":\"https:\\\/\\\/iwell-guard.com\\\/is\\\/\",\"logo\":{\"@type\":\"ImageObject\",\"inLanguage\":\"is\",\"@id\":\"https:\\\/\\\/iwell-guard.com\\\/is\\\/#\\\/schema\\\/logo\\\/image\\\/\",\"url\":\"https:\\\/\\\/iwell-guard.com\\\/wp-content\\\/uploads\\\/2026\\\/05\\\/Ittermann-Logo-1182x237-1.png\",\"contentUrl\":\"https:\\\/\\\/iwell-guard.com\\\/wp-content\\\/uploads\\\/2026\\\/05\\\/Ittermann-Logo-1182x237-1.png\",\"width\":1182,\"height\":237,\"caption\":\"Ittermann electronic GmbH\"},\"image\":{\"@id\":\"https:\\\/\\\/iwell-guard.com\\\/is\\\/#\\\/schema\\\/logo\\\/image\\\/\"},\"sameAs\":[\"https:\\\/\\\/pantip.com\\\/profile\\\/9367242\",\"https:\\\/\\\/micro.blog\\\/iwellguard\",\"https:\\\/\\\/www.diggerslist.com\\\/iwellguard\\\/about\",\"https:\\\/\\\/skitterphoto.com\\\/photographers\\\/2870314\\\/iwell-guard\",\"https:\\\/\\\/iwellguard.wordpress.com\\\/2026\\\/06\\\/06\\\/iwell-guard\\\/\",\"https:\\\/\\\/hub.docker.com\\\/u\\\/iwellguard\",\"https:\\\/\\\/www.pinterest.com\\\/iwellguard\\\/\",\"https:\\\/\\\/bit.ly\\\/m\\\/iwellguard\",\"https:\\\/\\\/entre-vos-mains.alsace.eu\\\/profiles\\\/iwellguard\\\/activity\",\"https:\\\/\\\/gravatar.com\\\/reallybeded8fd34\",\"https:\\\/\\\/naijamatta.com\\\/iwellguard\",\"https:\\\/\\\/www.goodreads.com\\\/iwellguard\",\"https:\\\/\\\/profile.hatena.ne.jp\\\/iwellguard\\\/\",\"https:\\\/\\\/experiment.com\\\/users\\\/iwellguard\",\"https:\\\/\\\/wakelet.com\\\/@iWellGuard82270\",\"https:\\\/\\\/www.chordie.com\\\/forum\\\/profile.php?id=2555664\",\"https:\\\/\\\/www.instapaper.com\\\/p\\\/17757966\",\"https:\\\/\\\/www.mapleprimes.com\\\/users\\\/iwellguard\",\"https:\\\/\\\/businesslistingplus.com\\\/profile\\\/iwell-guard\\\/\",\"https:\\\/\\\/telegra.ph\\\/iWell-Guard-06-06\",\"https:\\\/\\\/pbase.com\\\/iwellguard\\\/iwellguard\",\"https:\\\/\\\/b.hatena.ne.jp\\\/iwellguard\\\/20260607#bookmark-4788405196491818882\",\"https:\\\/\\\/fliphtml5.com\\\/home\\\/iwellguard\",\"https:\\\/\\\/anyflip.com\\\/homepage\\\/cmiwl#About\",\"https:\\\/\\\/transfur.com\\\/Users\\\/iwellguard\",\"http:\\\/\\\/delphi.larsbo.org\\\/user\\\/iwellguard\",\"https:\\\/\\\/jobs.lajobsportal.org\\\/profiles\\\/8380803-iwell-guard\",\"https:\\\/\\\/md.chaosdorf.de\\\/s\\\/jfbe5SBdJD\",\"https:\\\/\\\/www.lingvolive.com\\\/en-us\\\/profile\\\/9ecaeaca-ce11-4e51-9e71-01d55e2bff36\\\/translations\",\"https:\\\/\\\/www.fitday.com\\\/fitness\\\/forums\\\/members\\\/iwellguard.html\",\"https:\\\/\\\/www.mymeetbook.com\\\/iwellguard\",\"https:\\\/\\\/pxhere.com\\\/en\\\/photographer-me\\\/5040798\",\"https:\\\/\\\/disqus.com\\\/by\\\/iwellguard\\\/about\\\/\",\"https:\\\/\\\/pastelink.net\\\/hjwciqwq\",\"https:\\\/\\\/pubhtml5.com\\\/homepage\\\/scjhn\\\/\",\"https:\\\/\\\/www.bitchute.com\\\/channel\\\/2O2eOKzNqujT\",\"https:\\\/\\\/audiomack.com\\\/iwellguard\"]},{\"@type\":\"Article\",\"@id\":\"https:\\\/\\\/iwell-guard.com\\\/is\\\/utukku-draugar-undirheimar\\\/#article\",\"isPartOf\":{\"@id\":\"https:\\\/\\\/iwell-guard.com\\\/is\\\/utukku-draugar-undirheimar\\\/\"},\"author\":{\"name\":\"Ralf Ittermann\",\"@id\":\"https:\\\/\\\/iwell-guard.com\\\/is\\\/#\\\/schema\\\/person\\\/ee2a27f1cac3406c7c6fb5820cb7349f\"},\"headline\":\"Utukku \u2013 Draugar og undirheimadj\u00f6flar\",\"datePublished\":\"2026-09-05T14:05:01+00:00\",\"dateModified\":\"2026-09-05T14:30:39+00:00\",\"mainEntityOfPage\":{\"@id\":\"https:\\\/\\\/iwell-guard.com\\\/is\\\/utukku-draugar-undirheimar\\\/\"},\"publisher\":{\"@id\":\"https:\\\/\\\/iwell-guard.com\\\/is\\\/#organization\"},\"image\":{\"@id\":\"https:\\\/\\\/iwell-guard.com\\\/is\\\/utukku-draugar-undirheimar\\\/#primaryimage\"},\"thumbnailUrl\":\"https:\\\/\\\/iwell-guard.com\\\/wp-content\\\/uploads\\\/2026\\\/05\\\/daemonen_mesopotamien_utukku.webp\",\"inLanguage\":\"is\",\"description\":\"Utukku v\u00edsar til flokks mes\u00f3p\u00f3tam\u00edskra dj\u00f6fla og draugav\u00e6tta. Tr\u00faarbrag\u00f0afr\u00e6\u00f0ileg greining me\u00f0 sei\u00f0aromsu, d\u00fdrkun og heimildum.\"}]}<\/script>\n<!-- \/ Yoast SEO Premium plugin. -->","yoast_head_json":{"title":"Utukku \u2013 mes\u00f3p\u00f3tam\u00edskir draugar og dj\u00f6flar","description":"Utukku v\u00edsar til flokks mes\u00f3p\u00f3tam\u00edskra dj\u00f6fla og draugav\u00e6tta. Tr\u00faarbrag\u00f0afr\u00e6\u00f0ileg greining me\u00f0 sei\u00f0aromsu, d\u00fdrkun og heimildum.","robots":{"index":"index","follow":"follow","max-snippet":"max-snippet:-1","max-image-preview":"max-image-preview:large","max-video-preview":"max-video-preview:-1"},"canonical":"https:\/\/iwell-guard.com\/is\/utukku-draugar-undirheimar\/","og_locale":"is_IS","og_type":"article","og_title":"Utukku \u2013 Draugar og undirheimadj\u00f6flar","og_description":"Utukku v\u00edsar til flokks mes\u00f3p\u00f3tam\u00edskra dj\u00f6fla og draugav\u00e6tta. Tr\u00faarbrag\u00f0afr\u00e6\u00f0ileg greining me\u00f0 sei\u00f0aromsu, d\u00fdrkun og heimildum.","og_url":"https:\/\/iwell-guard.com\/is\/utukku-draugar-undirheimar\/","og_site_name":"iWell Guard","article_modified_time":"2026-09-05T14:30:39+00:00","og_image":[{"width":1024,"height":1536,"url":"https:\/\/iwell-guard.com\/wp-content\/uploads\/2026\/05\/daemonen_mesopotamien_utukku.webp","type":"image\/webp"}],"twitter_card":"summary_large_image","schema":{"@context":"https:\/\/schema.org","@graph":[{"@type":"Article","@id":"https:\/\/iwell-guard.com\/is\/utukku-draugar-undirheimar\/#article","isPartOf":{"@id":"https:\/\/iwell-guard.com\/is\/utukku-draugar-undirheimar\/"},"author":{"name":"Ralf Ittermann","@id":"https:\/\/iwell-guard.com\/is\/#\/schema\/person\/ee2a27f1cac3406c7c6fb5820cb7349f"},"headline":"Utukku \u2013 Draugar og undirheimadj\u00f6flar","datePublished":"2026-09-05T14:05:01+00:00","dateModified":"2026-09-05T14:30:39+00:00","mainEntityOfPage":{"@id":"https:\/\/iwell-guard.com\/is\/utukku-draugar-undirheimar\/"},"publisher":{"@id":"https:\/\/iwell-guard.com\/is\/#organization"},"image":{"@id":"https:\/\/iwell-guard.com\/is\/utukku-draugar-undirheimar\/#primaryimage"},"thumbnailUrl":"https:\/\/iwell-guard.com\/wp-content\/uploads\/2026\/05\/daemonen_mesopotamien_utukku.webp","inLanguage":"is","description":"Utukku v\u00edsar til flokks mes\u00f3p\u00f3tam\u00edskra dj\u00f6fla og draugav\u00e6tta. Tr\u00faarbrag\u00f0afr\u00e6\u00f0ileg greining me\u00f0 sei\u00f0aromsu, d\u00fdrkun og heimildum."},{"@type":"WebPage","@id":"https:\/\/iwell-guard.com\/is\/utukku-draugar-undirheimar\/","url":"https:\/\/iwell-guard.com\/is\/utukku-draugar-undirheimar\/","name":"Utukku \u2013 mes\u00f3p\u00f3tam\u00edskir draugar og dj\u00f6flar","isPartOf":{"@id":"https:\/\/iwell-guard.com\/is\/#website"},"primaryImageOfPage":{"@id":"https:\/\/iwell-guard.com\/is\/utukku-draugar-undirheimar\/#primaryimage"},"image":{"@id":"https:\/\/iwell-guard.com\/is\/utukku-draugar-undirheimar\/#primaryimage"},"thumbnailUrl":"https:\/\/iwell-guard.com\/wp-content\/uploads\/2026\/05\/daemonen_mesopotamien_utukku.webp","datePublished":"2026-09-05T14:05:01+00:00","dateModified":"2026-09-05T14:30:39+00:00","description":"Utukku v\u00edsar til flokks mes\u00f3p\u00f3tam\u00edskra dj\u00f6fla og draugav\u00e6tta. Tr\u00faarbrag\u00f0afr\u00e6\u00f0ileg greining me\u00f0 sei\u00f0aromsu, d\u00fdrkun og heimildum.","breadcrumb":{"@id":"https:\/\/iwell-guard.com\/is\/utukku-draugar-undirheimar\/#breadcrumb"},"inLanguage":"is","potentialAction":[{"@type":"ReadAction","target":["https:\/\/iwell-guard.com\/is\/utukku-draugar-undirheimar\/"]}]},{"@type":"ImageObject","inLanguage":"is","@id":"https:\/\/iwell-guard.com\/is\/utukku-draugar-undirheimar\/#primaryimage","url":"https:\/\/iwell-guard.com\/wp-content\/uploads\/2026\/05\/daemonen_mesopotamien_utukku.webp","contentUrl":"https:\/\/iwell-guard.com\/wp-content\/uploads\/2026\/05\/daemonen_mesopotamien_utukku.webp","width":1024,"height":1536,"caption":"Dj\u00f6flar \u00far Mes\u00f3p\u00f3tam\u00edu-hef\u00f0inni."},{"@type":"BreadcrumbList","@id":"https:\/\/iwell-guard.com\/is\/utukku-draugar-undirheimar\/#breadcrumb","itemListElement":[{"@type":"ListItem","position":1,"name":"Start","item":"https:\/\/iwell-guard.com\/is\/?page_id=168580"},{"@type":"ListItem","position":2,"name":"Utukku \u2013 Draugar og undirheimadj\u00f6flar"}]},{"@type":"WebSite","@id":"https:\/\/iwell-guard.com\/is\/#website","url":"https:\/\/iwell-guard.com\/is\/","name":"iWell Guard","description":"Schutz vor dunklen Einfl\u00fcssen","publisher":{"@id":"https:\/\/iwell-guard.com\/is\/#organization"},"potentialAction":[{"@type":"SearchAction","target":{"@type":"EntryPoint","urlTemplate":"https:\/\/iwell-guard.com\/is\/?s={search_term_string}"},"query-input":{"@type":"PropertyValueSpecification","valueRequired":true,"valueName":"search_term_string"}}],"inLanguage":"is"},{"@type":"Organization","@id":"https:\/\/iwell-guard.com\/is\/#organization","name":"Ittermann electronic GmbH","url":"https:\/\/iwell-guard.com\/is\/","logo":{"@type":"ImageObject","inLanguage":"is","@id":"https:\/\/iwell-guard.com\/is\/#\/schema\/logo\/image\/","url":"https:\/\/iwell-guard.com\/wp-content\/uploads\/2026\/05\/Ittermann-Logo-1182x237-1.png","contentUrl":"https:\/\/iwell-guard.com\/wp-content\/uploads\/2026\/05\/Ittermann-Logo-1182x237-1.png","width":1182,"height":237,"caption":"Ittermann electronic GmbH"},"image":{"@id":"https:\/\/iwell-guard.com\/is\/#\/schema\/logo\/image\/"},"sameAs":["https:\/\/pantip.com\/profile\/9367242","https:\/\/micro.blog\/iwellguard","https:\/\/www.diggerslist.com\/iwellguard\/about","https:\/\/skitterphoto.com\/photographers\/2870314\/iwell-guard","https:\/\/iwellguard.wordpress.com\/2026\/06\/06\/iwell-guard\/","https:\/\/hub.docker.com\/u\/iwellguard","https:\/\/www.pinterest.com\/iwellguard\/","https:\/\/bit.ly\/m\/iwellguard","https:\/\/entre-vos-mains.alsace.eu\/profiles\/iwellguard\/activity","https:\/\/gravatar.com\/reallybeded8fd34","https:\/\/naijamatta.com\/iwellguard","https:\/\/www.goodreads.com\/iwellguard","https:\/\/profile.hatena.ne.jp\/iwellguard\/","https:\/\/experiment.com\/users\/iwellguard","https:\/\/wakelet.com\/@iWellGuard82270","https:\/\/www.chordie.com\/forum\/profile.php?id=2555664","https:\/\/www.instapaper.com\/p\/17757966","https:\/\/www.mapleprimes.com\/users\/iwellguard","https:\/\/businesslistingplus.com\/profile\/iwell-guard\/","https:\/\/telegra.ph\/iWell-Guard-06-06","https:\/\/pbase.com\/iwellguard\/iwellguard","https:\/\/b.hatena.ne.jp\/iwellguard\/20260607#bookmark-4788405196491818882","https:\/\/fliphtml5.com\/home\/iwellguard","https:\/\/anyflip.com\/homepage\/cmiwl#About","https:\/\/transfur.com\/Users\/iwellguard","http:\/\/delphi.larsbo.org\/user\/iwellguard","https:\/\/jobs.lajobsportal.org\/profiles\/8380803-iwell-guard","https:\/\/md.chaosdorf.de\/s\/jfbe5SBdJD","https:\/\/www.lingvolive.com\/en-us\/profile\/9ecaeaca-ce11-4e51-9e71-01d55e2bff36\/translations","https:\/\/www.fitday.com\/fitness\/forums\/members\/iwellguard.html","https:\/\/www.mymeetbook.com\/iwellguard","https:\/\/pxhere.com\/en\/photographer-me\/5040798","https:\/\/disqus.com\/by\/iwellguard\/about\/","https:\/\/pastelink.net\/hjwciqwq","https:\/\/pubhtml5.com\/homepage\/scjhn\/","https:\/\/www.bitchute.com\/channel\/2O2eOKzNqujT","https:\/\/audiomack.com\/iwellguard"]},{"@type":"Person","@id":"https:\/\/iwell-guard.com\/is\/#\/schema\/person\/ee2a27f1cac3406c7c6fb5820cb7349f","name":"Ralf Ittermann","image":{"@type":"ImageObject","inLanguage":"is","@id":"https:\/\/secure.gravatar.com\/avatar\/073c0153e350a5005b68eb752b445fea71f6b24a26da9449ad7e155e6b446c9d?s=96&d=mm&r=g","url":"https:\/\/secure.gravatar.com\/avatar\/073c0153e350a5005b68eb752b445fea71f6b24a26da9449ad7e155e6b446c9d?s=96&d=mm&r=g","contentUrl":"https:\/\/secure.gravatar.com\/avatar\/073c0153e350a5005b68eb752b445fea71f6b24a26da9449ad7e155e6b446c9d?s=96&d=mm&r=g","caption":"Ralf Ittermann"},"givenName":"Ralf","familyName":"Ittermann","jobTitle":"Gesch\u00e4ftsf\u00fchrer und redaktioneller Verantwortlicher","url":"https:\/\/iwell-guard.com\/is\/author\/claude\/","description":"Ralf Ittermann ist Gesch\u00e4ftsf\u00fchrer der Ittermann electronic GmbH und redaktioneller Verantwortlicher des iWell-Guard-Lexikons. Er verbindet langj\u00e4hrige Erfahrung in der Pr\u00e4zisionsfertigung mit medialer Praxis und religionsgeschichtlicher Quellenarbeit.","worksFor":{"@type":"Organization","name":"Ittermann electronic GmbH","url":"https:\/\/ittermann.de\/","address":{"@type":"PostalAddress","streetAddress":"K\u00f6hlergasse 16-18","postalCode":"99842","addressLocality":"Ruhla","addressCountry":"DE"}},"knowsAbout":["Religionsgeschichte","Mythologie","Mediale Praxis","Energetische Diagnostik","Schutzpraxis","Volksglauben","Westliche Esoterik"]},{"@type":"Article","@id":"https:\/\/iwell-guard.com\/is\/utukku-draugar-undirheimar\/#article","isPartOf":{"@id":"https:\/\/iwell-guard.com\/is\/utukku-draugar-undirheimar\/"},"author":{"name":"Ralf Ittermann","@id":"https:\/\/iwell-guard.com\/is\/#\/schema\/person\/ee2a27f1cac3406c7c6fb5820cb7349f"},"headline":"Utukku \u2013 Draugar og undirheimadj\u00f6flar","datePublished":"2026-09-05T14:05:01+00:00","dateModified":"2026-09-05T14:30:39+00:00","mainEntityOfPage":{"@id":"https:\/\/iwell-guard.com\/is\/utukku-draugar-undirheimar\/"},"publisher":{"@id":"https:\/\/iwell-guard.com\/is\/#organization"},"image":{"@id":"https:\/\/iwell-guard.com\/is\/utukku-draugar-undirheimar\/#primaryimage"},"thumbnailUrl":"https:\/\/iwell-guard.com\/wp-content\/uploads\/2026\/05\/daemonen_mesopotamien_utukku.webp","inLanguage":"is","description":"Utukku v\u00edsar til flokks mes\u00f3p\u00f3tam\u00edskra dj\u00f6fla og draugav\u00e6tta. Tr\u00faarbrag\u00f0afr\u00e6\u00f0ileg greining me\u00f0 sei\u00f0aromsu, d\u00fdrkun og heimildum."}]}},"_links":{"self":[{"href":"https:\/\/iwell-guard.com\/is\/wp-json\/wp\/v2\/pages\/169036","targetHints":{"allow":["GET"]}}],"collection":[{"href":"https:\/\/iwell-guard.com\/is\/wp-json\/wp\/v2\/pages"}],"about":[{"href":"https:\/\/iwell-guard.com\/is\/wp-json\/wp\/v2\/types\/page"}],"author":[{"embeddable":true,"href":"https:\/\/iwell-guard.com\/is\/wp-json\/wp\/v2\/users\/3"}],"replies":[{"embeddable":true,"href":"https:\/\/iwell-guard.com\/is\/wp-json\/wp\/v2\/comments?post=169036"}],"version-history":[{"count":0,"href":"https:\/\/iwell-guard.com\/is\/wp-json\/wp\/v2\/pages\/169036\/revisions"}],"wp:featuredmedia":[{"embeddable":true,"href":"https:\/\/iwell-guard.com\/is\/wp-json\/wp\/v2\/media\/3380"}],"wp:attachment":[{"href":"https:\/\/iwell-guard.com\/is\/wp-json\/wp\/v2\/media?parent=169036"}],"wp:term":[{"taxonomy":"category","embeddable":true,"href":"https:\/\/iwell-guard.com\/is\/wp-json\/wp\/v2\/categories?post=169036"}],"curies":[{"name":"wp","href":"https:\/\/api.w.org\/{rel}","templated":true}]}}