{"id":169035,"date":"2026-09-05T14:05:00","date_gmt":"2026-09-05T14:05:00","guid":{"rendered":"https:\/\/iwell-guard.com\/?page_id=169035"},"modified":"2026-09-05T14:30:38","modified_gmt":"2026-09-05T14:30:38","slug":"sin-tunggud-ur-harran","status":"publish","type":"page","link":"https:\/\/iwell-guard.com\/is\/sin-tunggud-ur-harran\/","title":{"rendered":"Sin \u2013 tungu\u00f0 Ur og Harran"},"content":{"rendered":"\t\t<div data-elementor-type=\"wp-page\" data-elementor-id=\"169035\" class=\"elementor elementor-169035 elementor-2921 elementor-bc-flex-widget\" data-elementor-post-type=\"page\">\n\t\t\t\t<div class=\"elementor-element elementor-element-hero2b91e78 e-flex e-con-boxed e-con e-parent\" data-id=\"hero2b91e78\" data-element_type=\"container\" data-e-type=\"container\">\n\t\t\t\t\t<div class=\"e-con-inner\">\n\t\t\t\t<div class=\"elementor-element elementor-element-heroimg44d3a7a iwg-hero-image elementor-widget elementor-widget-image\" data-id=\"heroimg44d3a7a\" data-element_type=\"widget\" data-e-type=\"widget\" data-widget_type=\"image.default\">\n\t\t\t\t\t\t\t\t\t\t\t\t\t\t\t<img fetchpriority=\"high\" decoding=\"async\" width=\"683\" height=\"1024\" src=\"https:\/\/iwell-guard.com\/wp-content\/uploads\/2026\/05\/goetter_mesopotamien_sin-683x1024.webp\" class=\"attachment-large size-large wp-image-170655\" alt=\"Sin - gu\u00f0ir \u00far mes\u00f3p\u00f3tam\u00edskri hef\u00f0, s\u00f6guleg sk\u00fdringarmynd\" srcset=\"https:\/\/iwell-guard.com\/wp-content\/uploads\/2026\/05\/goetter_mesopotamien_sin-683x1024.webp 683w, https:\/\/iwell-guard.com\/wp-content\/uploads\/2026\/05\/goetter_mesopotamien_sin-200x300.webp 200w, https:\/\/iwell-guard.com\/wp-content\/uploads\/2026\/05\/goetter_mesopotamien_sin-768x1152.webp 768w, https:\/\/iwell-guard.com\/wp-content\/uploads\/2026\/05\/goetter_mesopotamien_sin.webp 1024w\" sizes=\"(max-width: 683px) 100vw, 683px\" \/>\t\t\t\t\t\t\t\t\t\t\t\t\t\t\t<\/div>\n\t\t\t\t\t<\/div>\n\t\t\t\t<\/div>\n\t\t<div class=\"elementor-element elementor-element-iwgw-sin-hero e-flex e-con-boxed e-con e-parent\" data-id=\"iwgw-sin-hero\" data-element_type=\"container\" data-e-type=\"container\">\n\t\t\t\t\t<div class=\"e-con-inner\">\n\t\t\t\t<div class=\"elementor-element elementor-element-iwgw-sin-h1 elementor-widget elementor-widget-heading\" data-id=\"iwgw-sin-h1\" data-element_type=\"widget\" data-e-type=\"widget\" data-widget_type=\"heading.default\">\n\t\t\t\t\t<h1 class=\"elementor-heading-title elementor-size-default\">Sin \u2013 mes\u00f3p\u00f3tam\u00edskur tungu\u00f0 og herra n\u00e6turins<\/h1>\t\t\t\t<\/div>\n\t\t\t\t<div class=\"elementor-element elementor-element-iwgw-sin-pills elementor-widget elementor-widget-html\" data-id=\"iwgw-sin-pills\" data-element_type=\"widget\" data-e-type=\"widget\" data-widget_type=\"html.default\">\n\t\t\t\t\t<div class=\"iwg-pill-row\"><span class=\"iwg-klasse-badge\" tabindex=\"0\" data-tooltip=\"Gu\u00f0 \u00ed hef\u00f0 Mes\u00f3p\u00f3tam\u00edu.\">Gu\u00f0<\/span><a href=\"https:\/\/iwell-guard.com\/is\/mesopotamia\/\" class=\"iwg-kultur-badge\" tabindex=\"0\" data-tooltip=\"Go\u00f0afr\u00e6\u00f0i hef\u00f0ar Mes\u00f3p\u00f3tam\u00edu.\">Mes\u00f3p\u00f3tam\u00eda<\/a><span class=\"iwg-tradition-badge\" tabindex=\"0\" data-tooltip=\"Tunggy\u00f0ja\/tungu\u00f0.\">Tunggy\u00f0ja<\/span><\/div>\t\t\t\t<\/div>\n\t\t\t\t<div class=\"elementor-element elementor-element-iwgw-sin-lead elementor-widget elementor-widget-text-editor\" data-id=\"iwgw-sin-lead\" data-element_type=\"widget\" data-e-type=\"widget\" data-widget_type=\"text-editor.default\">\n\t\t\t\t\t\t\t\t\t\nSin (einnig tungu\u00f0inn Nanna \u00ed s\u00famerska <span class=\"iwg-fachbegriff\" data-tooltip=\"Heild gu\u00f0a \u00ed tr\u00faarbr\u00f6g\u00f0um e\u00f0a menningu.\" tabindex=\"0\">go\u00f0aheiminum<\/span>) var pers\u00f3nugervingur m\u00e1nans og \u00fear me\u00f0 reglu t\u00edmans. Sem herra n\u00e6turhimins stj\u00f3rna\u00f0i hann m\u00e1nu\u00f0um og h\u00e1t\u00ed\u00f0um, var talinn vitur teljari daganna og fa\u00f0ir mikilv\u00e6gra gu\u00f0a \u00ed bab\u00fdlonska go\u00f0aheiminum. \u00cd Ur og Harran h\u00e9ldust helgihald hans allt fram \u00e1 langt inn \u00ed \u00edslamska <span class=\"iwg-fachbegriff\" data-tooltip=\"Umbreytingart\u00edmabil milli fornaldar og mi\u00f0alda, um 3. til 7. \u00f6ld.\" tabindex=\"0\">s\u00ed\u00f0forn\u00f6ld<\/span>.\t\t\t\t\t\t\t\t<\/div>\n\t\t\t\t\t<\/div>\n\t\t\t\t<\/div>\n\t\t<div class=\"elementor-element elementor-element-iwgw-sin-s0 e-flex e-con-boxed e-con e-parent\" data-id=\"iwgw-sin-s0\" data-element_type=\"container\" data-e-type=\"container\">\n\t\t\t\t\t<div class=\"e-con-inner\">\n\t\t\t\t<div class=\"elementor-element elementor-element-iwgw-sin-s0h elementor-widget elementor-widget-heading\" data-id=\"iwgw-sin-s0h\" data-element_type=\"widget\" data-e-type=\"widget\" data-widget_type=\"heading.default\">\n\t\t\t\t\t<h2 class=\"elementor-heading-title elementor-size-default\">Yfirlit<\/h2>\t\t\t\t<\/div>\n\t\t\t\t<div class=\"elementor-element elementor-element-iwgw-sin-s0t elementor-widget elementor-widget-text-editor\" data-id=\"iwgw-sin-s0t\" data-element_type=\"widget\" data-e-type=\"widget\" data-widget_type=\"text-editor.default\">\n\t\t\t\t\t\t\t\t\t<p>Sin, \u00e1 s\u00famersku kalla\u00f0ur Nanna e\u00f0a Suen, er ein af elstu og varanlegustu go\u00f0um <a href=\"https:\/\/iwell-guard.com\/is\/mesopotamia\/\">Mes\u00f3p\u00f3tam\u00edu<\/a>. Sem gu\u00f0 m\u00e1nans haf\u00f0i hann s\u00e9rstaka st\u00f6\u00f0u innan go\u00f0aheimsins, \u00fev\u00ed m\u00e1ninn skipulag\u00f0i t\u00edmatali\u00f0 og \u00fear me\u00f0 allt tr\u00faarlegt og efnahagslegt l\u00edf.<\/p><p>\u00cd gu\u00f0fr\u00e6\u00f0ilegri kerfisbindingu var Sin talinn sonur Enlils og Ninlils, og var hann \u00feannig fastur hluti af \u00e6\u00f0stu gu\u00f0afj\u00f6lskyldunni.<\/p><p>Fr\u00e1 Sin komu fleiri mikilv\u00e6gir gu\u00f0ir. Barn hans var s\u00f3lgu\u00f0inn Shamash, og einnig gy\u00f0jan Ishtar \u00ed mynd sinni sem Venusstjarna.<\/p><p>\u00deannig st\u00f3\u00f0 Sin vi\u00f0 upphaf \u00feeirra himnagu\u00f0a sem voru mi\u00f0l\u00e6gir \u00ed mes\u00f3p\u00f3tam\u00edskri stj\u00f6rnutr\u00fa. M\u00e1ninn sem fa\u00f0ir s\u00f3lar og Venusar s\u00fdnir hversu mikils virt n\u00e6turhimininn var \u00ed \u00feessari menningu.<\/p><p>Tr\u00faars\u00f6gulega er endurkoma Sin-d\u00fdrkunarins athyglisver\u00f0. Me\u00f0an a\u00f0rir gu\u00f0ir minnku\u00f0u \u00ed mikilv\u00e6gi, h\u00e9lt Sin traustum fylgjendum \u00ed \u00fe\u00fasundir \u00e1ra. S\u00e9rstaklega <span class=\"iwg-fachbegriff\" data-tooltip=\"Helgur sta\u00f0ur tileinka\u00f0ur tilbei\u00f0slu gu\u00f0s.\" tabindex=\"0\">helgista\u00f0urinn<\/span> \u00ed Harran \u00ed nor\u00f0urhluta Mes\u00f3p\u00f3tam\u00edu var lifandi mi\u00f0st\u00f6\u00f0 tunglstilbei\u00f0slu allt fram \u00e1 <span class=\"iwg-fachbegriff\" data-tooltip=\"Umbreytingart\u00edmabil milli fornaldar og mi\u00f0alda, um 3. til 7. \u00f6ld.\" tabindex=\"0\">s\u00ed\u00f0forn\u00f6ld<\/span>.<\/p>\t\t\t\t\t\t\t\t<\/div>\n\t\t\t\t\t<\/div>\n\t\t\t\t<\/div>\n\t\t<div class=\"elementor-element elementor-element-iwgw-sin-s1 e-flex e-con-boxed e-con e-parent\" data-id=\"iwgw-sin-s1\" data-element_type=\"container\" data-e-type=\"container\">\n\t\t\t\t\t<div class=\"e-con-inner\">\n\t\t\t\t<div class=\"elementor-element elementor-element-iwgw-sin-s1h elementor-widget elementor-widget-heading\" data-id=\"iwgw-sin-s1h\" data-element_type=\"widget\" data-e-type=\"widget\" data-widget_type=\"heading.default\">\n\t\t\t\t\t<h2 class=\"elementor-heading-title elementor-size-default\">Nafn og or\u00f0sifjar<\/h2>\t\t\t\t<\/div>\n\t\t\t\t<div class=\"elementor-element elementor-element-iwgw-sin-s1t elementor-widget elementor-widget-text-editor\" data-id=\"iwgw-sin-s1t\" data-element_type=\"widget\" data-e-type=\"widget\" data-widget_type=\"text-editor.default\">\n\t\t\t\t\t\t\t\t\t<p>Gu\u00f0inn bar tv\u00f6 megin n\u00f6fn, en hlutfall \u00feeirra hefur lengi veri\u00f0 ranns\u00f3knarefni. S\u00famerska nafni\u00f0 Nanna er hi\u00f0 eldra; vi\u00f0 hli\u00f0 \u00feess stendur formi\u00f0 Suen, sem me\u00f0 hlj\u00f3\u00f0breytingum \u00ed akkad\u00edsku var\u00f0 nafni\u00f0 Sin. \u00cd m\u00f6rgum textum kemur rith\u00e1ttur fram sem sameinar t\u00e1knin fyrir Nanna og Suen.<\/p><p>N\u00e1kv\u00e6m merking nafnsins Nanna er ekki fullkomlega sk\u00fdr. Lag\u00f0ar hafa veri\u00f0 til t\u00falkanir sem tengja \u00fea\u00f0 vi\u00f0 sk\u00ednandi himintungli\u00f0 e\u00f0a vi\u00f0 or\u00f0 fyrir lj\u00f3ma og tign. Fyrir Suen er or\u00f0sifjafr\u00e6\u00f0in l\u00edka \u00f3vissa. Mikilv\u00e6gara en m\u00e1lfr\u00e6\u00f0ilega aflei\u00f0slan er s\u00fa athugun a\u00f0 b\u00e1\u00f0ir n\u00f6fnin voru notu\u00f0 \u00ed gegnum alla mes\u00f3p\u00f3tam\u00edska s\u00f6gu, oft samhli\u00f0a.<\/p><p>Sin bar m\u00f6rg vi\u00f0urnefni sem l\u00fdsa hlutverkum hans. Hann var kalla\u00f0ur hinn sk\u00ednandi tarfur, herra k\u00f3r\u00f3nunnar, hinn vitri herra e\u00f0a teljari daganna. Tengslin vi\u00f0 tarfinn koma fr\u00e1 m\u00e1nasig\u00f0inni, sem a\u00f0 l\u00f6gun minnti \u00e1 tarfshorn. \u00deessar myndir gegns\u00fdra s\u00e1lma og b\u00e6nir og m\u00f3ta tr\u00faarlegan skilning \u00e1 gu\u00f0inum.<\/p>\t\t\t\t\t\t\t\t<\/div>\n\t\t\t\t\t<\/div>\n\t\t\t\t<\/div>\n\t\t<div class=\"elementor-element elementor-element-iwgw-sin-s2 e-flex e-con-boxed e-con e-parent\" data-id=\"iwgw-sin-s2\" data-element_type=\"container\" data-e-type=\"container\">\n\t\t\t\t\t<div class=\"e-con-inner\">\n\t\t\t\t<div class=\"elementor-element elementor-element-iwgw-sin-s2h elementor-widget elementor-widget-heading\" data-id=\"iwgw-sin-s2h\" data-element_type=\"widget\" data-e-type=\"widget\" data-widget_type=\"heading.default\">\n\t\t\t\t\t<h2 class=\"elementor-heading-title elementor-size-default\">L\u00fdsing og myndm\u00e1l<\/h2>\t\t\t\t<\/div>\n\t\t\t\t<div class=\"elementor-element elementor-element-iwgw-sin-s2t elementor-widget elementor-widget-text-editor\" data-id=\"iwgw-sin-s2t\" data-element_type=\"widget\" data-e-type=\"widget\" data-widget_type=\"text-editor.default\">\n\t\t\t\t\t\t\t\t\t<p>Hi\u00f0 sk\u00fdra og \u00ed gegnum aldirnar st\u00f6\u00f0uga <span class=\"iwg-fachbegriff\" data-tooltip=\"T\u00e1kn sem t\u00e1knar hugmynd e\u00f0a merkingu.\" tabindex=\"0\">t\u00e1kn<\/span> Sins er liggjandi m\u00e1nasig\u00f0in. H\u00fan kemur fyrir \u00e1 s\u00edvalningsseglum, landamerkjasteinum, st\u00f3lpum og \u00ed helgid\u00f3mslist. Oft er sig\u00f0in s\u00fdnd \u00e1 \u00feann h\u00e1tt a\u00f0 h\u00fan minnir \u00e1 b\u00e1t, sem samr\u00e6mist \u00feeirri hugmynd a\u00f0 tungu\u00f0inn fer\u00f0ist um n\u00e6turhimininn eins og \u00e1 vatnsfari.<\/p><p>\u00cd mannlegum myndum kemur Sin fram sem skeggja\u00f0ur gu\u00f0 \u00ed h\u00e1s\u00e6ti me\u00f0 horna\u00f0ri k\u00f3r\u00f3nu. Sumar myndir s\u00fdna hann me\u00f0 h\u00e1lfm\u00e1na yfir h\u00f6f\u00f0inu e\u00f0a \u00ed hendi.<\/p><p>\u00c1 bab\u00fdlonskum landamerkjasteinum, hinum svok\u00f6llu\u00f0u k\u00fad\u00farrum, er m\u00e1nasig\u00f0in me\u00f0al algengustu gu\u00f0legra t\u00e1kna sem s\u00fdnd eru, og stendur \u00fear oftast vi\u00f0 hli\u00f0 s\u00f3lstj\u00f6rnu Shamash og Venusstj\u00f6rnu Ishtar.<\/p><p>B\u00f3kmenntaleg l\u00fdsing leggur \u00e1herslu \u00e1 lj\u00f3s Sins. Skini hans er l\u00fdst sem mildu, en einnig gagntrengjandi. Hann l\u00fdsir upp n\u00f3ttina \u00e1n \u00feess a\u00f0 reka hana burt, og gerir ratlei\u00f0s\u00f6gn \u00ed myrkri m\u00f6gulega.<\/p><p>V\u00f6xtur og minnkun m\u00e1nans var t\u00falka\u00f0ur go\u00f0s\u00f6gulega og tengdur reglulegri birtingu og hvarfi gu\u00f0sins. \u00deessi hringr\u00e1s ger\u00f0i Sin a\u00f0 mynd hinnar traustu, sj\u00e1lfendurn\u00fdjandi reglu.<\/p>\t\t\t\t\t\t\t\t<\/div>\n\t\t\t\t\t<\/div>\n\t\t\t\t<\/div>\n\t\t<div class=\"elementor-element elementor-element-iwgw-sin-s3 e-flex e-con-boxed e-con e-parent\" data-id=\"iwgw-sin-s3\" data-element_type=\"container\" data-e-type=\"container\">\n\t\t\t\t\t<div class=\"e-con-inner\">\n\t\t\t\t<div class=\"elementor-element elementor-element-iwgw-sin-s3h elementor-widget elementor-widget-heading\" data-id=\"iwgw-sin-s3h\" data-element_type=\"widget\" data-e-type=\"widget\" data-widget_type=\"heading.default\">\n\t\t\t\t\t<h2 class=\"elementor-heading-title elementor-size-default\">Go\u00f0sagnakenndar fr\u00e1sagnir<\/h2>\t\t\t\t<\/div>\n\t\t\t\t<div class=\"elementor-element elementor-element-iwgw-sin-s3t elementor-widget elementor-widget-text-editor\" data-id=\"iwgw-sin-s3t\" data-element_type=\"widget\" data-e-type=\"widget\" data-widget_type=\"text-editor.default\">\n\t\t\t\t\t\t\t\t\t<p>F\u00e6\u00f0ing Sins er l\u00fdst \u00ed fr\u00e1s\u00f6gninni um Enlil og Ninlil. Eftir a\u00f0 Enlil hefur \u00e1reitt gy\u00f0juna Ninlil er hann rekinn \u00ed undirheimana af go\u00f0a\u00feinginu. Ninlil, sem hefur geti\u00f0 tunglgu\u00f0inn me\u00f0 honum, fylgir honum.<\/p><p>Til \u00feess a\u00f0 barni\u00f0, sem \u00e1 a\u00f0 tilheyra hinum bjarta himni, ver\u00f0i ekki eftir \u00ed undirheimunum, gefa Enlil og Ninlil undirheimunum sta\u00f0g\u00f6ngugu\u00f0i me\u00f0 frekari fundum. \u00deannig kemst Sin til himins, me\u00f0an hinar ne\u00f0anjar\u00f0ar gu\u00f0irnar byggja dj\u00fapi\u00f0.<\/p><p>Sin kemur einnig fram \u00ed go\u00f0s\u00f6gnum \u00fear sem dj\u00f6flar \u00e1s\u00e6kja hann. Ein s\u00e6ringafr\u00e1s\u00f6gn l\u00fdsir \u00fev\u00ed hvernig illar m\u00e1ttarveldi myrkva tungli\u00f0. \u00cd var\u00f0veittri fr\u00e1s\u00f6gn taka sig saman sj\u00f6 illir dj\u00f6flar til a\u00f0 umkringja Sin \u00e1 himninum og sl\u00f6kkva lj\u00f3s hans.<\/p><p>Tunglmyrkvi var talinn illvi\u00f0randi t\u00e1kn, \u00e1r\u00e1s fjandsamlegra vera \u00e1 gu\u00f0inn. \u00cd sl\u00edkum tilvikum k\u00f6llu\u00f0u s\u00e6ringaprestar \u00e1 a\u00f0ra gu\u00f0i til hj\u00e1lpar, svo Sin fengi lj\u00f3s sitt aftur. \u00deetta fr\u00e1sagnarminni tengir <span class=\"iwg-fachbegriff\" data-tooltip=\"Var\u00f0veitt fr\u00e1s\u00f6gn um gu\u00f0i, uppruna og skipulag heimsins.\" tabindex=\"0\">go\u00f0s\u00f6gn<\/span> og <span class=\"iwg-fachbegriff\" data-tooltip=\"Fastm\u00f3tu\u00f0 r\u00f6\u00f0 t\u00e1knger\u00f0ra athafna me\u00f0 tr\u00faarlega e\u00f0a menningarlega merkingu.\" tabindex=\"0\">helgisi\u00f0i<\/span> beint saman.<\/p><p>\u00cd s\u00e1lmum er Sin l\u00fdst sem vitrum r\u00e1\u00f0gjafa sem vakir yfir r\u00e9tti og sannleika \u00e1samt syni s\u00ednum Shamash. Me\u00f0an Shamash sem s\u00f3lgu\u00f0 s\u00e9r allt \u00e1 daginn, s\u00e9r Sin gegnum n\u00e1ttina.<\/p><p>Af \u00feessu samspili sprettur hugmyndin um \u00f3sliti\u00f0 gu\u00f0legt augnar\u00e1\u00f0 sem l\u00e6tur ekkert leynast. Sagt er a\u00f0 \u00f6rl\u00f6g m\u00e1na\u00f0arins r\u00e1\u00f0ist af Sin, og \u00fev\u00ed var m\u00e1na\u00f0arlegri komu hans fylgt me\u00f0 s\u00e9rstakri athygli.<\/p><p>S\u00e9rstakt fr\u00e1sagnarminni sn\u00fdst um drauminn, \u00fear sem Sin birtist m\u00f6nnum. S\u00ed\u00f0asti bab\u00fdlonski konungurinn Nabonid segir \u00ed \u00e1letrunum s\u00ednum a\u00f0 tunglgu\u00f0inn hafi birst honum \u00ed draumi og fali\u00f0 honum a\u00f0 endurbyggja hr\u00f6rna\u00f0an <span class=\"iwg-fachbegriff\" data-tooltip=\"Bygging sem er tileinku\u00f0 tilbei\u00f0slu einnar e\u00f0a fleiri gu\u00f0a.\" tabindex=\"0\">hofi\u00f0<\/span> sitt \u00ed Harran.<\/p><p>Sl\u00edkir textar eru ekki go\u00f0s\u00f6gur \u00ed str\u00f6ngum skilningi, en \u00feeir s\u00fdna hvernig go\u00f0s\u00f6gulegar hugmyndir um talandi, v\u00edsandi gu\u00f0 n\u00e1\u00f0u allt inn \u00ed konunglega sj\u00e1lfsmynd.<\/p><p>Einnig \u00ed s\u00e1lmum sem eigna\u00f0ir eru Enheduanna, og \u00ed b\u00e6num \u00e6\u00f0stuprestynja, kemur Sin fram sem gu\u00f0 er heyrir b\u00e6nir og sendir t\u00e1kn. T\u00falkun \u00feessara t\u00e1kna, s\u00e9rstaklega tunglstiganda og st\u00f6\u00f0u tunglsig\u00f0arins, var efni vanda\u00f0rar athugunar- og t\u00falkunarhef\u00f0ar.<\/p>\t\t\t\t\t\t\t\t<\/div>\n\t\t\t\t\t<\/div>\n\t\t\t\t<\/div>\n\t\t<div class=\"elementor-element elementor-element-iwgw-sin-s4 e-flex e-con-boxed e-con e-parent\" data-id=\"iwgw-sin-s4\" data-element_type=\"container\" data-e-type=\"container\">\n\t\t\t\t\t<div class=\"e-con-inner\">\n\t\t\t\t<div class=\"elementor-element elementor-element-iwgw-sin-s4h elementor-widget elementor-widget-heading\" data-id=\"iwgw-sin-s4h\" data-element_type=\"widget\" data-e-type=\"widget\" data-widget_type=\"heading.default\">\n\t\t\t\t\t<h2 class=\"elementor-heading-title elementor-size-default\">D\u00fdrkun og tilbei\u00f0sla<\/h2>\t\t\t\t<\/div>\n\t\t\t\t<div class=\"elementor-element elementor-element-iwgw-sin-s4t elementor-widget elementor-widget-text-editor\" data-id=\"iwgw-sin-s4t\" data-element_type=\"widget\" data-e-type=\"widget\" data-widget_type=\"text-editor.default\">\n\t\t\t\t\t\t\t\t\t<p>Mikilv\u00e6gasta helgista\u00f0ur Sins \u00ed su\u00f0urhluta Mes\u00f3p\u00f3tam\u00edu var borgin Ur. \u00dear st\u00f3\u00f0 <span class=\"iwg-fachbegriff\" data-tooltip=\"Bygging sem er tileinku\u00f0 tilbei\u00f0slu einnar e\u00f0a fleiri gu\u00f0a.\" tabindex=\"0\">hofi\u00f0<\/span> Ekishnugal, og hin fr\u00e6ga s\u00falupallur Ur, \u00ferepaskipt hofpallpallur, var <span class=\"iwg-fachbegriff\" data-tooltip=\"\u00cd gegnum tr\u00faarlega ath\u00f6fn afhent hinu heilaga og \u00fear me\u00f0 hafi\u00f0 yfir hi\u00f0 hversdagslega.\" tabindex=\"0\">v\u00edgt<\/span> tunglgu\u00f0inum. Konungur Ur-Nammu og sonur hans Shulgi reistu hina risav\u00f6xnu s\u00falupallbyggingu \u00ed \u00feeirri mynd sem r\u00fastir hennar s\u00fdna enn \u00ed dag.<\/p><p>Undir \u00feri\u00f0ju konungs\u00e6tt Ur upplif\u00f0i <span class=\"iwg-fachbegriff\" data-tooltip=\"\u00d6ll tr\u00faarleg d\u00fdrkunarathafnir tileinka\u00f0ar gu\u00f0i e\u00f0a heilagri veru.\" tabindex=\"0\">d\u00fdrkunin<\/span> s\u00e9rstakt bl\u00f3maskei\u00f0.<\/p><p>Emb\u00e6tti \u00e6\u00f0stuprestynju tunglgu\u00f0sins, sem oft var skipa\u00f0 konungsd\u00e6trum, gegndi mikilv\u00e6gu hlutverki. \u00deekktasta konan \u00ed \u00feessu emb\u00e6tti var Enheduanna, d\u00f3ttir konungsins Sargons af Akkad, sem eigna\u00f0ir eru b\u00f3kmenntalegir s\u00e1lmar.<\/p><p>Emb\u00e6tti\u00f0 st\u00f3\u00f0 um aldir, og enn konungurinn Nabonid skipa\u00f0i d\u00f3ttur s\u00edna prestynju \u00ed Ur, en hann v\u00edsa\u00f0i til gu\u00f0legs vals sem tunglfyrirbo\u00f0i haf\u00f0i gefi\u00f0 til kynna.<\/p><p>\u00cd nor\u00f0urhluta Mes\u00f3p\u00f3tam\u00edu var Harran annar meginsta\u00f0ur tunglstilbei\u00f0slunnar. <span class=\"iwg-fachbegriff\" data-tooltip=\"Bygging sem er tileinku\u00f0 tilbei\u00f0slu einnar e\u00f0a fleiri gu\u00f0a.\" tabindex=\"0\">Hofi\u00f0<\/span> Sins \u00fear, kalla\u00f0 Echulchul, naut vir\u00f0ingar \u00ed \u00f3tr\u00falega langan t\u00edma.<\/p><p>Enn \u00e1 fyrsta \u00e1r\u00fe\u00fasundi fyrir okkar t\u00edmatal s\u00fdndu n\u00fdass\u00fdr\u00edskir og n\u00fdbab\u00fdlonskir stj\u00f3rnendur mikinn \u00e1huga \u00e1 \u00feessum <span class=\"iwg-fachbegriff\" data-tooltip=\"Heilagur sta\u00f0ur tileinka\u00f0ur tilbei\u00f0slu gu\u00f0s.\" tabindex=\"0\">helgista\u00f0<\/span>. S\u00ed\u00f0asti bab\u00fdlonski konungurinn Nabonid veitti Sin \u00ed Harran s\u00e9rstaka athygli, l\u00e9t endurbyggja <span class=\"iwg-fachbegriff\" data-tooltip=\"Bygging sem er tileinku\u00f0 tilbei\u00f0slu einnar e\u00f0a fleiri gu\u00f0a.\" tabindex=\"0\">hofi\u00f0<\/span> og dvaldi m\u00f6rg \u00e1r fjarri Bab\u00fdlon, sem m\u00e6tti andst\u00f6\u00f0u me\u00f0al prestast\u00e9ttar annarra gu\u00f0a, s\u00e9rstaklega Marduks.<\/p><p>M\u00f3\u00f0ir Nabonids, sem hin langa \u00e6vi hennar er skr\u00e1\u00f0 \u00ed eigin <span class=\"iwg-fachbegriff\" data-tooltip=\"Texti sem er skorinn e\u00f0a h\u00f6ggvinn \u00ed fastan grunn.\" tabindex=\"0\">\u00e1letrun<\/span>, var einnig n\u00e1num b\u00f6ndum tengd Sin-<span class=\"iwg-fachbegriff\" data-tooltip=\"\u00d6ll tr\u00faarleg d\u00fdrkunarathafnir tileinka\u00f0ar gu\u00f0i e\u00f0a heilagri veru.\" tabindex=\"0\">d\u00fdrkuninni<\/span> \u00ed Harran.<\/p><p><span class=\"iwg-fachbegriff\" data-tooltip=\"\u00d6ll tr\u00faarleg d\u00fdrkunarathafnir tileinka\u00f0ar gu\u00f0i e\u00f0a heilagri veru.\" tabindex=\"0\">D\u00fdrkunin<\/span> n\u00e1\u00f0i yfir dagleg <span class=\"iwg-fachbegriff\" data-tooltip=\"Gj\u00f6f til gu\u00f0s til a\u00f0 tj\u00e1 \u00feakkl\u00e6ti, b\u00f3n e\u00f0a tilbei\u00f0slu.\" tabindex=\"0\">f\u00f3rnir<\/span>, m\u00e1na\u00f0arlegar h\u00e1t\u00ed\u00f0ir tengdar tunglstigum og b\u00e6nir. N\u00fdtt tungl, fullt tungl og hvarf tunglsins voru <span class=\"iwg-fachbegriff\" data-tooltip=\"Tilheyrandi f\u00f6stum tr\u00faarlegum athafnaferli.\" tabindex=\"0\">helgisi\u00f0alega<\/span> mikilv\u00e6gir t\u00edmapunktar \u00fear sem s\u00e9rstakar athafnir voru framkv\u00e6mdar. Dagurinn \u00feegar tungli\u00f0 hvarf var talinn vi\u00f0kv\u00e6mur og tengdist harma- og b\u00f3tasi\u00f0um.<\/p><p><span class=\"iwg-fachbegriff\" data-tooltip=\"Bygging sem er tileinku\u00f0 tilbei\u00f0slu einnar e\u00f0a fleiri gu\u00f0a.\" tabindex=\"0\">Hofin<\/span> r\u00e1\u00f0u yfir umtalsver\u00f0um landeignum og fj\u00f6l\u00ferepa prestast\u00e9tt me\u00f0 s\u00f6ngvurum, harmaprestum og starfsf\u00f3lki \u00ed stj\u00f3rns\u00fdslu. Fr\u00e1 Ur eru var\u00f0veittir r\u00edkulegir fornleifafundir, me\u00f0al annars <span class=\"iwg-fachbegriff\" data-tooltip=\"Heilagur sta\u00f0ur tileinka\u00f0ur tilbei\u00f0slu gu\u00f0s.\" tabindex=\"0\">helgista\u00f0ur<\/span> \u00e6\u00f0stuprestynjuemb\u00e6ttisins, Gipar, sem veitir inns\u00fdn \u00ed efnislega menningu Sin-d\u00fdrkunarinnar.<\/p>\t\t\t\t\t\t\t\t<\/div>\n\t\t\t\t\t<\/div>\n\t\t\t\t<\/div>\n\t\t<div class=\"elementor-element elementor-element-iwgw-sin-s5 e-flex e-con-boxed e-con e-parent\" data-id=\"iwgw-sin-s5\" data-element_type=\"container\" data-e-type=\"container\">\n\t\t\t\t\t<div class=\"e-con-inner\">\n\t\t\t\t<div class=\"elementor-element elementor-element-iwgw-sin-s5h elementor-widget elementor-widget-heading\" data-id=\"iwgw-sin-s5h\" data-element_type=\"widget\" data-e-type=\"widget\" data-widget_type=\"heading.default\">\n\t\t\t\t\t<h2 class=\"elementor-heading-title elementor-size-default\">Verndara\u00f0ger\u00f0ir og fr\u00e1hrindandi t\u00e1kn<\/h2>\t\t\t\t<\/div>\n\t\t\t\t<div class=\"elementor-element elementor-element-iwgw-sin-s5t elementor-widget elementor-widget-text-editor\" data-id=\"iwgw-sin-s5t\" data-element_type=\"widget\" data-e-type=\"widget\" data-widget_type=\"text-editor.default\">\n\t\t\t\t\t\t\t\t\t<p>Sin var n\u00e1i\u00f0 tengdur verndun og fr\u00e1hrindingu \u00f3l\u00e1ns, \u00fev\u00ed lj\u00f3s hans l\u00fdsti upp n\u00e6turmyrkri\u00f0, sem tali\u00f0 var a\u00f0 illar \u00f6fl v\u00e6ru s\u00e9rstaklega virkar \u00ed.<\/p><p>B\u00e6nir til Sin f\u00f3ru fram \u00e1 lj\u00f3s hans sem hj\u00e1lp og lei\u00f0s\u00f6gn. \u00dear sem tungli\u00f0 stj\u00f3rna\u00f0i t\u00edmatalinu var st\u00f6\u00f0ugleiki \u00feess einnig v\u00f6rn gegn ringulrei\u00f0 hins \u00f3talda t\u00edma.<\/p><p>Sin gegndi s\u00e9rst\u00f6ku hlutverki \u00ed tengslum vi\u00f0 tunglmyrkva. Myrkvi var talinn \u00e1r\u00e1s fjandsamlegra v\u00e6tta \u00e1 gu\u00f0inn og illur fyrirbo\u00f0i, s\u00e9rstaklega fyrir konunginn.<\/p><p>Til voru s\u00e9rstakir helgisi\u00f0atextar sem \u00e6tla\u00f0 var a\u00f0 afst\u00fdra ska\u00f0legum aflei\u00f0ingum myrkva. Ein kunn a\u00f0fer\u00f0 var sta\u00f0gengilskonungssi\u00f0urinn, \u00fear sem sta\u00f0gengill t\u00f3k \u00e1 sig me\u00f0 t\u00e1knr\u00e6num h\u00e6tti \u00fe\u00e1 \u00f3g\u00e6fu sem fyrirbo\u00f0inn h\u00f3ta\u00f0i, me\u00f0an konungurinn sj\u00e1lfur var varinn.<\/p><p>\u00cd s\u00e6ringum var Sin \u00e1kalla\u00f0ur \u00e1samt \u00f6\u00f0rum gu\u00f0um til a\u00f0 heila sj\u00faka og reka burt illa anda. Tunglgu\u00f0inn kemur h\u00e9r ekki fram sem einangra\u00f0 verndarafl heldur sem hluti af v\u00ed\u00f0t\u00e6kari gu\u00f0legri a\u00f0sto\u00f0.<\/p><p>\u00dear sem Sin var talinn vitur og r\u00e9ttl\u00e1tur gu\u00f0, treystu menn \u00fev\u00ed a\u00f0 hann styddi \u00fe\u00e1 sem voru ranglega \u00fejaka\u00f0ir. Milt en st\u00f6\u00f0ugt lj\u00f3s hans var <span class=\"iwg-fachbegriff\" data-tooltip=\"Sk\u00fdr mynd sem stendur fyrir hugmynd e\u00f0a hugtak.\" tabindex=\"0\">sinnmynd<\/span> \u00feeirrar vonar a\u00f0 jafnvel dimmasta n\u00f3ttin taki enda.<\/p>\t\t\t\t\t\t\t\t<\/div>\n\t\t\t\t\t<\/div>\n\t\t\t\t<\/div>\n\t\t<div class=\"elementor-element elementor-element-iwgw-sin-s6 e-flex e-con-boxed e-con e-parent\" data-id=\"iwgw-sin-s6\" data-element_type=\"container\" data-e-type=\"container\">\n\t\t\t\t\t<div class=\"e-con-inner\">\n\t\t\t\t<div class=\"elementor-element elementor-element-iwgw-sin-s6h elementor-widget elementor-widget-heading\" data-id=\"iwgw-sin-s6h\" data-element_type=\"widget\" data-e-type=\"widget\" data-widget_type=\"heading.default\">\n\t\t\t\t\t<h2 class=\"elementor-heading-title elementor-size-default\">Hli\u00f0st\u00e6\u00f0ur \u00ed \u00f6\u00f0rum menningarheimum<\/h2>\t\t\t\t<\/div>\n\t\t\t\t<div class=\"elementor-element elementor-element-iwgw-sin-s6t elementor-widget elementor-widget-text-editor\" data-id=\"iwgw-sin-s6t\" data-element_type=\"widget\" data-e-type=\"widget\" data-widget_type=\"text-editor.default\">\n\t\t\t\t\t\t\t\t\t<p>Tunglgu\u00f0ir eru sta\u00f0festir \u00ed m\u00f6rgum menningarheimum Austurlanda n\u00e6r til forna og v\u00ed\u00f0ar. \u00c1 vestursem\u00edt\u00edsku sv\u00e6\u00f0i voru eigin tunglgu\u00f0ir, og einnig \u00ed Su\u00f0ur-Arab\u00edu var tungli\u00f0 \u00ed mi\u00f0ju mikilv\u00e6gra d\u00fdrkunarh\u00e1tta. Tengsl tungls, t\u00edmatals og t\u00edmaskipulags eru endurteki\u00f0 mynstur, \u00fev\u00ed tunglhringurinn var e\u00f0lilegasti grunnur t\u00edmatals fyrir samf\u00e9l\u00f6g fyrri t\u00edma.<\/p><p>Athyglisvert er a\u00f0 \u00ed mes\u00f3p\u00f3tam\u00edsku kerfinu er tunglgu\u00f0inn Sin talinn fa\u00f0ir s\u00f3lgu\u00f0sins. \u00cd m\u00f6rgum \u00f6\u00f0rum go\u00f0afr\u00e6\u00f0ilegum kerfum, til d\u00e6mis \u00fev\u00ed gr\u00edska, er sambandi\u00f0 \u00f6fugt e\u00f0a vegi\u00f0 \u00f6\u00f0ruv\u00edsi, og s\u00f3lin gegnir forgangshlutverki. H\u00e6rra mikilv\u00e6gi tunglsins \u00ed Mes\u00f3p\u00f3tam\u00edu endurspeglar v\u00e6gi n\u00e6turhimnaathugana og tungl\u00e1rst\u00edmatalsins.<\/p><p>Sin-<span class=\"iwg-fachbegriff\" data-tooltip=\"Heild \u00feeirra tr\u00faarlegu d\u00fdrkunarathafna sem tengjast gu\u00f0i e\u00f0a heilagri v\u00e6tt.\" tabindex=\"0\">d\u00fdrkunin<\/span> \u00ed Harran er s\u00e9rstakt d\u00e6mi um tr\u00faarlega samfellu. Me\u00f0an fornmes\u00f3p\u00f3tam\u00edsk tr\u00fa var l\u00f6ngu horfin annars sta\u00f0ar, h\u00e9lst stj\u00f6rnud\u00fdrkun \u00ed Harran fram \u00e1 <span class=\"iwg-fachbegriff\" data-tooltip=\"Umskiptat\u00edmabil milli fornaldar og mi\u00f0aldar, um 3. til 7. \u00f6ld.\" tabindex=\"0\">s\u00ed\u00f0forn\u00f6ld<\/span>. S\u00ed\u00f0ari heimildir greina fr\u00e1 samf\u00e9lagi \u00ed Harran sem stunda\u00f0i stjarnad\u00fdrkun.<\/p><p>Mat \u00feessara fr\u00e1sagna er umdeilt \u00ed fr\u00e6\u00f0unum, en \u00fe\u00e6r s\u00fdna hversu langl\u00edf tungld\u00fdrkunin var \u00e1 \u00feessum sta\u00f0.<\/p>\t\t\t\t\t\t\t\t<\/div>\n\t\t\t\t\t<\/div>\n\t\t\t\t<\/div>\n\t\t<div class=\"elementor-element elementor-element-iwgw-sin-s7 e-flex e-con-boxed e-con e-parent\" data-id=\"iwgw-sin-s7\" data-element_type=\"container\" data-e-type=\"container\">\n\t\t\t\t\t<div class=\"e-con-inner\">\n\t\t\t\t<div class=\"elementor-element elementor-element-iwgw-sin-s7h elementor-widget elementor-widget-heading\" data-id=\"iwgw-sin-s7h\" data-element_type=\"widget\" data-e-type=\"widget\" data-widget_type=\"heading.default\">\n\t\t\t\t\t<h2 class=\"elementor-heading-title elementor-size-default\">N\u00fat\u00edmavi\u00f0t\u00f6kur og ranns\u00f3knir<\/h2>\t\t\t\t<\/div>\n\t\t\t\t<div class=\"elementor-element elementor-element-iwgw-sin-s7t elementor-widget elementor-widget-text-editor\" data-id=\"iwgw-sin-s7t\" data-element_type=\"widget\" data-e-type=\"widget\" data-widget_type=\"text-editor.default\">\n\t\t\t\t\t\t\t\t\t<p>Ranns\u00f3knir \u00e1 Sin-d\u00fdrkuninni byggja \u00e1 brei\u00f0um heimildagrundvelli. Uppgreftir \u00ed Ur, s\u00e9rstaklega verk Leonard Woolley \u00e1 fyrri hluta tuttugustu aldar, leiddu \u00ed lj\u00f3s <span class=\"iwg-fachbegriff\" data-tooltip=\"Bygging sem er helgu\u00f0 d\u00fdrkun einnar e\u00f0a fleiri gu\u00f0a.\" tabindex=\"0\">hof<\/span>, s\u00edkk\u00faratuna, Gipar og fj\u00f6lda gripa.<\/p><p>Vi\u00f0 \u00feetta b\u00e6tast fleygr\u00fanatextar, \u00fear \u00e1 me\u00f0al s\u00e1lmar, b\u00e6nir, helgisi\u00f0atextar og stj\u00f3rns\u00fdsluskj\u00f6l, sem skjalfesta <span class=\"iwg-fachbegriff\" data-tooltip=\"Heild \u00feeirra tr\u00faarlegu d\u00fdrkunarathafna sem tengjast gu\u00f0i e\u00f0a heilagri v\u00e6tt.\" tabindex=\"0\">d\u00fdrkunina<\/span> \u00e1 \u00fdmsum t\u00edmabilum. \u00c1letranir Nab\u00f3n\u00eddusar myndar s\u00e9rstakan, mj\u00f6g rannsaka\u00f0an heimildaflokk um s\u00ed\u00f0skei\u00f0 tungld\u00fdrkunar.<\/p><p>Tr\u00faarstefna Nab\u00f3n\u00eddusar er vi\u00f0varandi umr\u00e6\u00f0uefni. \u00dea\u00f0 a\u00f0 hann hafi hyllt Sin frekar en Marduk var \u00ed s\u00ed\u00f0ari, honum fjandsamlegum textum sett fram sem yfirsj\u00f3n. Fr\u00e6\u00f0imenn leitast vi\u00f0 a\u00f0 skilja \u00feessar hlutdr\u00e6gu heimildir fr\u00e1 eigin yfirl\u00fdsingum konungsins og endurgera bakgrunn \u00e1takanna milli prestast\u00e9ttanna.<\/p><p>Mikilv\u00e6gt ranns\u00f3knarefni er stjarnfr\u00e6\u00f0ileg v\u00eddd mes\u00f3p\u00f3tam\u00edskrar tr\u00faar. Sin er \u00ed brennidepli spurningarins um hvernig himinathuganir, t\u00edmatal og tr\u00faarleg t\u00falkun tvinnu\u00f0ust saman.<\/p><p>Mes\u00f3p\u00f3tam\u00edskir fr\u00e6\u00f0imenn \u00fer\u00f3u\u00f0u vanda\u00f0a fyrirbo\u00f0afr\u00e6\u00f0i \u00fear sem tungltengd fyrirb\u00e6ri gegndu mi\u00f0l\u00e6gu hlutverki. \u00deessir textar eru ekki a\u00f0eins mikilv\u00e6gir fyrir tr\u00faars\u00f6gu heldur einnig v\u00edsindas\u00f6gu, \u00fear sem \u00feeir teljast til r\u00f3tar s\u00ed\u00f0ari stj\u00f6rnufr\u00e6\u00f0i.<\/p><p>Pers\u00f3na Enhedu\u00f6nnu hefur einnig fengi\u00f0 mikla athygli s\u00ed\u00f0ustu \u00e1ratugi. Sem \u00e6\u00f0staprestynja tunglgu\u00f0sins og talinn h\u00f6fundur s\u00e1lma er h\u00fan talin einn af elstu nafngreindu h\u00f6fundum b\u00f3kmenntas\u00f6gunnar.<\/p><p>H\u00f6fundar\u00e1ting textanna er r\u00e6dd \u00e1 bl\u00e6brig\u00f0ar\u00edkan h\u00e1tt \u00ed fr\u00e6\u00f0aheiminum. \u00cd heild er Sin pers\u00f3na sem gerir kleift a\u00f0 rannsaka lykil\u00fe\u00e6tti mes\u00f3p\u00f3tam\u00edskrar tr\u00faars\u00f6gu me\u00f0 \u00e1\u00fereifanlegum h\u00e6tti.<\/p>\t\t\t\t\t\t\t\t<\/div>\n\t\t\t\t\t<\/div>\n\t\t\t\t<\/div>\n\t\t<div class=\"elementor-element elementor-element-iwgw-sin-lit e-flex e-con-boxed e-con e-parent\" data-id=\"iwgw-sin-lit\" data-element_type=\"container\" data-e-type=\"container\">\n\t\t\t\t\t<div class=\"e-con-inner\">\n\t\t\t\t<div class=\"elementor-element elementor-element-iwgw-sin-lith elementor-widget elementor-widget-heading\" data-id=\"iwgw-sin-lith\" data-element_type=\"widget\" data-e-type=\"widget\" data-widget_type=\"heading.default\">\n\t\t\t\t\t<h2 class=\"elementor-heading-title elementor-size-default\">Heimildir (\u00farval)<\/h2>\t\t\t\t<\/div>\n\t\t\t\t<div class=\"elementor-element elementor-element-iwgw-sin-litt elementor-widget elementor-widget-text-editor\" data-id=\"iwgw-sin-litt\" data-element_type=\"widget\" data-e-type=\"widget\" data-widget_type=\"text-editor.default\">\n\t\t\t\t\t\t\t\t\t<ul><li><span data-nosnippet>Jeremy Black, Anthony Green: <em>Gods, Demons and Symbols of Ancient Mesopotamia<\/em> (1992)<\/span><\/li><li>Jean Bott\u00e9ro: <em>Die \u00e4lteste Religion. Mesopotamien<\/em> (2001)<\/li><li>Thorkild Jacobsen: <em>The Treasures of Darkness. A History of Mesopotamian Religion<\/em> (1976)<\/li><li>Mark E. Cohen: <em>The Cultic Calendars of the Ancient Near East<\/em> (1993)<\/li><li>Wilfred G. Lambert: <em>Babylonian Oracle Questions<\/em> (2007)<\/li><\/ul>\t\t\t\t\t\t\t\t<\/div>\n\t\t\t\t\t<\/div>\n\t\t\t\t<\/div>\n\t\t<div class=\"elementor-element elementor-element-iwgkw2-add-sin e-flex e-con-boxed e-con e-parent\" data-id=\"iwgkw2-add-sin\" data-element_type=\"container\" data-e-type=\"container\">\n\t\t\t\t\t<div class=\"e-con-inner\">\n\t\t\t\t<div class=\"elementor-element elementor-element-iwgkw2-add-sin-t elementor-widget elementor-widget-text-editor\" data-id=\"iwgkw2-add-sin-t\" data-element_type=\"widget\" data-e-type=\"widget\" data-widget_type=\"text-editor.default\">\n\t\t\t\t\t\t\t\t\t<p>Sin er talinn <em>mes\u00f3p\u00f3tam\u00edskur<\/em> tunglgu\u00f0 Ur og Harran, en hyrnuk\u00f3r\u00f3na hans og t\u00e1knm\u00e1l tunglsig\u00f0ar rekja r\u00e6tur til hins forna s\u00famerska Nanna og var haldi\u00f0 \u00e1fram allt til hugmyndafr\u00e6\u00f0i s\u00ed\u00f0bab\u00fdlonskra konunga.<\/p>\t\t\t\t\t\t\t\t<\/div>\n\t\t\t\t\t<\/div>\n\t\t\t\t<\/div>\n\t\t<div class=\"elementor-element elementor-element-iwgw-sin-kwd e-flex e-con-boxed e-con e-parent\" data-id=\"iwgw-sin-kwd\" data-element_type=\"container\" data-e-type=\"container\">\n\t\t\t\t\t<div class=\"e-con-inner\">\n\t\t\t\t<div class=\"elementor-element elementor-element-iwgw-sin-kwdt elementor-widget elementor-widget-text-editor\" data-id=\"iwgw-sin-kwdt\" data-element_type=\"widget\" data-e-type=\"widget\" data-widget_type=\"text-editor.default\">\n\t\t\t\t\t\t\t\t\t<p><em>Tengd lykilhugt\u00f6k: Sin Nanna Suen Ur Harran tunglgu\u00f0 s\u00edkk\u00faratur Enheduanna Shamash.<\/em><\/p>\t\t\t\t\t\t\t\t<\/div>\n\t\t\t\t\t<\/div>\n\t\t\t\t<\/div>\n\t\t<div class=\"elementor-element elementor-element-iwgw-sin-cc e-flex e-con-boxed e-con e-parent\" data-id=\"iwgw-sin-cc\" data-element_type=\"container\" data-e-type=\"container\" id=\"iwg-cc-sin\">\n\t\t\t\t\t<div class=\"e-con-inner\">\n\t\t<div class=\"elementor-element elementor-element-iwgw-sin-ccinner e-flex e-con-boxed e-con e-parent\" data-id=\"iwgw-sin-ccinner\" data-element_type=\"container\" data-e-type=\"container\" data-settings=\"{&quot;background_background&quot;:&quot;classic&quot;}\">\n\t\t\t\t\t<div class=\"e-con-inner\">\n\t\t\t\t<div class=\"elementor-element elementor-element-iwgw-sin-cch elementor-widget elementor-widget-heading\" data-id=\"iwgw-sin-cch\" data-element_type=\"widget\" data-e-type=\"widget\" data-widget_type=\"heading.default\">\n\t\t\t\t\t<h2 class=\"elementor-heading-title elementor-size-default\">iWell Guard og verndarhef\u00f0ir<\/h2>\t\t\t\t<\/div>\n\t\t\t\t<div class=\"elementor-element elementor-element-iwgw-sin-cct elementor-widget elementor-widget-text-editor\" data-id=\"iwgw-sin-cct\" data-element_type=\"widget\" data-e-type=\"widget\" data-widget_type=\"text-editor.default\">\n\t\t\t\t\t\t\t\t\t<div data-nosnippet=\"true\"><p>iWell Guard tengist menningars\u00f6gulegri hef\u00f0 bur\u00f0arh\u00e6fra verndargripa, \u00ed hef\u00f0 <a href=\"https:\/\/iwell-guard.com\/is\/mesopotamia\/\">Mes\u00f3p\u00f3tam\u00edu<\/a> og margra annarra menningarheima v\u00ed\u00f0a um heim. 41 lag, alv\u00f6ru gull, plat\u00edna, silfur, framleitt \u00ed \u00de\u00fdskalandi. 30 daga skilar\u00e9ttur.<\/p><\/div>\t\t\t\t\t\t\t\t<\/div>\n\t\t\t\t<div class=\"elementor-element elementor-element-iwgw-sin-ccb iwg-cc-button iwg-cc-cta-2026-05-13 elementor-widget elementor-widget-jet-button\" data-id=\"iwgw-sin-ccb\" data-element_type=\"widget\" data-e-type=\"widget\" data-widget_type=\"jet-button.default\">\n\t\t\t\t<div class=\"elementor-widget-container\">\n\t\t\t\t\t<div class=\"elementor-jet-button jet-elements\"><div class=\"jet-button__container\"><a class=\"jet-button__instance jet-button__instance--icon-left hover-effect-1\" href=\"\/ueber-iwell-guard\/?utm_source=iwell-guard.com&amp;utm_medium=info-box&amp;utm_campaign=wesen-tradition\"><div class=\"jet-button__plane jet-button__plane-normal\"><\/div><div class=\"jet-button__plane jet-button__plane-hover\"><\/div><div class=\"jet-button__state jet-button__state-normal\"><span class=\"jet-button__label\">Meira um iWell Guard<\/span><\/div><div class=\"jet-button__state jet-button__state-hover\"><span class=\"jet-button__label\">Meira um iWell Guard<\/span><\/div><\/a><\/div><\/div><style>.elementor-element.elementor-element-iwgw-sin-ccb .jet-button__instance{width:320px;height:56px;}.elementor-element.elementor-element-iwgw-sin-ccb .jet-button__state-normal .jet-button__label{text-align:center;margin:0px 0px 0px 0px;color:#1a1b20;font-family:Montserrat,sans-serif;font-size:13px;font-weight:400;letter-spacing:4px;line-height:1.714em;text-transform:uppercase;}.elementor-element.elementor-element-iwgw-sin-ccb .jet-button__state-hover .jet-button__label{text-align:center;margin:0px 0px 0px 0px;color:#FECC76;font-family:Montserrat,sans-serif;font-size:13px;font-weight:400;letter-spacing:4px;line-height:1.714em;text-transform:uppercase;}.elementor-element.elementor-element-iwgw-sin-ccb .jet-button__plane-normal{background-color:#FECC76;border-style:solid;border-color:#C99540;border-width:2px 2px 2px 2px;}.elementor-element.elementor-element-iwgw-sin-ccb .jet-button__plane-hover{background-color:rgba(0,0,0,0.55);border-style:solid;border-color:#FECC76;border-width:2px 2px 2px 2px;}<\/style>\t\t\t\t<\/div>\n\t\t\t\t<\/div>\n\t\t\t\t<div class=\"elementor-element elementor-element-iwgw-sin-ccd elementor-widget elementor-widget-text-editor\" data-id=\"iwgw-sin-ccd\" data-element_type=\"widget\" data-e-type=\"widget\" data-widget_type=\"text-editor.default\">\n\t\t\t\t\t\t\t\t\t<div data-nosnippet=\"true\"><p style=\"text-align:center;font-size:13px;opacity:0.7;margin-top:14px\" data-nosnippet=\"true\">Pers\u00f3nuleg reynsla getur veri\u00f0 mismunandi. Ekki l\u00e6kningat\u00e6ki. Engin lofor\u00f0 um l\u00e6kningu.<\/p><\/div>\t\t\t\t\t\t\t\t<\/div>\n\t\t\t\t\t<\/div>\n\t\t\t\t<\/div>\n\t\t\t\t\t<\/div>\n\t\t\t\t<\/div>\n\t\t<div class=\"elementor-element elementor-element-iwgw-sin-disc e-flex e-con-boxed e-con e-parent\" data-id=\"iwgw-sin-disc\" data-element_type=\"container\" data-e-type=\"container\">\n\t\t\t\t\t<div class=\"e-con-inner\">\n\t\t\t\t<div class=\"elementor-element elementor-element-iwgw-sin-discw elementor-widget elementor-widget-html\" data-id=\"iwgw-sin-discw\" data-element_type=\"widget\" data-e-type=\"widget\" data-widget_type=\"html.default\">\n\t\t\t\t\t<footer data-nosnippet=\"true\" class=\"iwg-disclaimer-block\"><p data-nosnippet=\"true\">iWell Guard er <strong>ekki l\u00e6kningat\u00e6ki<\/strong> og kemur ekki \u00ed sta\u00f0inn fyrir l\u00e6knis- e\u00f0a s\u00e1lfr\u00e6\u00f0ime\u00f0fer\u00f0. Tr\u00faarfr\u00e6\u00f0ilegt efni er menningars\u00f6gulegt samhengi, ekki r\u00e1\u00f0legging um andlega i\u00f0kun.<\/p><\/footer>\t\t\t\t<\/div>\n\t\t\t\t\t<\/div>\n\t\t\t\t<\/div>\n\t\t\t\t<\/div>\n\t\t","protected":false},"excerpt":{"rendered":"","protected":false},"author":3,"featured_media":3382,"parent":0,"menu_order":0,"comment_status":"closed","ping_status":"closed","template":"elementor_header_footer","meta":{"_yoast_wpseo_focuskw":"Sin mes\u00f3p\u00f3tam\u00edskur tungu\u00f0","_yoast_wpseo_title":"Sin \u2013 mes\u00f3p\u00f3tam\u00edskur tungu\u00f0 Ur og Harran","_yoast_wpseo_metadesc":"Sin, \u00e1 s\u00famersku Nanna, var mes\u00f3p\u00f3tam\u00edskur tungu\u00f0 me\u00f0 helgista\u00f0i \u00ed Ur og Harran, verndari t\u00edma og t\u00edmatals.","_yoast_wpseo_meta-robots-noindex":"","_yoast_wpseo_canonical":"","_angie_page":false,"gefaehrdungsstufe":"2","wesen_kultur":"mesopotamien","wesen_klasse":"goetter","footnotes":""},"categories":[],"class_list":["post-169035","page","type-page","status-publish","has-post-thumbnail","hentry"],"yoast_head":"<!-- This site is optimized with the Yoast SEO Premium plugin v27.7 (Yoast SEO v28.3) - https:\/\/yoast.com\/product\/yoast-seo-premium-wordpress\/ -->\n<title>Sin \u2013 mes\u00f3p\u00f3tam\u00edskur tungu\u00f0 Ur og Harran<\/title>\n<meta name=\"description\" content=\"Sin, \u00e1 s\u00famersku Nanna, var mes\u00f3p\u00f3tam\u00edskur tungu\u00f0 me\u00f0 helgista\u00f0i \u00ed Ur og Harran, verndari t\u00edma og t\u00edmatals.\" \/>\n<meta name=\"robots\" content=\"index, follow, max-snippet:-1, max-image-preview:large, max-video-preview:-1\" \/>\n<link rel=\"canonical\" href=\"https:\/\/iwell-guard.com\/is\/sin-tunggud-ur-harran\/\" \/>\n<meta property=\"og:locale\" content=\"is_IS\" \/>\n<meta property=\"og:type\" content=\"article\" \/>\n<meta property=\"og:title\" content=\"Sin \u2013 tungu\u00f0 Ur og Harran\" \/>\n<meta property=\"og:description\" content=\"Sin, \u00e1 s\u00famersku Nanna, var mes\u00f3p\u00f3tam\u00edskur tungu\u00f0 me\u00f0 helgista\u00f0i \u00ed Ur og Harran, verndari t\u00edma og t\u00edmatals.\" \/>\n<meta property=\"og:url\" content=\"https:\/\/iwell-guard.com\/is\/sin-tunggud-ur-harran\/\" \/>\n<meta property=\"og:site_name\" content=\"iWell Guard\" \/>\n<meta property=\"article:modified_time\" content=\"2026-09-05T14:30:38+00:00\" \/>\n<meta property=\"og:image\" content=\"https:\/\/iwell-guard.com\/wp-content\/uploads\/2026\/05\/goetter_mesopotamien_sin.webp\" \/>\n\t<meta property=\"og:image:width\" content=\"1024\" \/>\n\t<meta property=\"og:image:height\" content=\"1536\" \/>\n\t<meta property=\"og:image:type\" content=\"image\/webp\" \/>\n<meta name=\"twitter:card\" content=\"summary_large_image\" \/>\n<script type=\"application\/ld+json\" class=\"yoast-schema-graph\">{\"@context\":\"https:\\\/\\\/schema.org\",\"@graph\":[{\"@type\":\"WebPage\",\"@id\":\"https:\\\/\\\/iwell-guard.com\\\/is\\\/sin-tunggud-ur-harran\\\/\",\"url\":\"https:\\\/\\\/iwell-guard.com\\\/is\\\/sin-tunggud-ur-harran\\\/\",\"name\":\"Sin \u2013 mes\u00f3p\u00f3tam\u00edskur tungu\u00f0 Ur og Harran\",\"isPartOf\":{\"@id\":\"https:\\\/\\\/iwell-guard.com\\\/is\\\/#website\"},\"primaryImageOfPage\":{\"@id\":\"https:\\\/\\\/iwell-guard.com\\\/is\\\/sin-tunggud-ur-harran\\\/#primaryimage\"},\"image\":{\"@id\":\"https:\\\/\\\/iwell-guard.com\\\/is\\\/sin-tunggud-ur-harran\\\/#primaryimage\"},\"thumbnailUrl\":\"https:\\\/\\\/iwell-guard.com\\\/wp-content\\\/uploads\\\/2026\\\/05\\\/goetter_mesopotamien_sin.webp\",\"datePublished\":\"2026-09-05T14:05:00+00:00\",\"dateModified\":\"2026-09-05T14:30:38+00:00\",\"description\":\"Sin, \u00e1 s\u00famersku Nanna, var mes\u00f3p\u00f3tam\u00edskur tungu\u00f0 me\u00f0 helgista\u00f0i \u00ed Ur og Harran, verndari t\u00edma og t\u00edmatals.\",\"breadcrumb\":{\"@id\":\"https:\\\/\\\/iwell-guard.com\\\/is\\\/sin-tunggud-ur-harran\\\/#breadcrumb\"},\"inLanguage\":\"is\",\"potentialAction\":[{\"@type\":\"ReadAction\",\"target\":[\"https:\\\/\\\/iwell-guard.com\\\/is\\\/sin-tunggud-ur-harran\\\/\"]}]},{\"@type\":\"ImageObject\",\"inLanguage\":\"is\",\"@id\":\"https:\\\/\\\/iwell-guard.com\\\/is\\\/sin-tunggud-ur-harran\\\/#primaryimage\",\"url\":\"https:\\\/\\\/iwell-guard.com\\\/wp-content\\\/uploads\\\/2026\\\/05\\\/goetter_mesopotamien_sin.webp\",\"contentUrl\":\"https:\\\/\\\/iwell-guard.com\\\/wp-content\\\/uploads\\\/2026\\\/05\\\/goetter_mesopotamien_sin.webp\",\"width\":1024,\"height\":1536,\"caption\":\"Gu\u00f0ir \u00far mes\u00f3p\u00f3tam\u00edskri hef\u00f0.\"},{\"@type\":\"BreadcrumbList\",\"@id\":\"https:\\\/\\\/iwell-guard.com\\\/is\\\/sin-tunggud-ur-harran\\\/#breadcrumb\",\"itemListElement\":[{\"@type\":\"ListItem\",\"position\":1,\"name\":\"Start\",\"item\":\"https:\\\/\\\/iwell-guard.com\\\/is\\\/?page_id=168580\"},{\"@type\":\"ListItem\",\"position\":2,\"name\":\"Sin \u2013 tungu\u00f0 Ur og Harran\"}]},{\"@type\":\"WebSite\",\"@id\":\"https:\\\/\\\/iwell-guard.com\\\/is\\\/#website\",\"url\":\"https:\\\/\\\/iwell-guard.com\\\/is\\\/\",\"name\":\"iWell Guard\",\"description\":\"Schutz vor dunklen Einfl\u00fcssen\",\"publisher\":{\"@id\":\"https:\\\/\\\/iwell-guard.com\\\/is\\\/#organization\"},\"potentialAction\":[{\"@type\":\"SearchAction\",\"target\":{\"@type\":\"EntryPoint\",\"urlTemplate\":\"https:\\\/\\\/iwell-guard.com\\\/is\\\/?s={search_term_string}\"},\"query-input\":{\"@type\":\"PropertyValueSpecification\",\"valueRequired\":true,\"valueName\":\"search_term_string\"}}],\"inLanguage\":\"is\"},{\"@type\":\"Organization\",\"@id\":\"https:\\\/\\\/iwell-guard.com\\\/is\\\/#organization\",\"name\":\"Ittermann electronic GmbH\",\"url\":\"https:\\\/\\\/iwell-guard.com\\\/is\\\/\",\"logo\":{\"@type\":\"ImageObject\",\"inLanguage\":\"is\",\"@id\":\"https:\\\/\\\/iwell-guard.com\\\/is\\\/#\\\/schema\\\/logo\\\/image\\\/\",\"url\":\"https:\\\/\\\/iwell-guard.com\\\/wp-content\\\/uploads\\\/2026\\\/05\\\/Ittermann-Logo-1182x237-1.png\",\"contentUrl\":\"https:\\\/\\\/iwell-guard.com\\\/wp-content\\\/uploads\\\/2026\\\/05\\\/Ittermann-Logo-1182x237-1.png\",\"width\":1182,\"height\":237,\"caption\":\"Ittermann electronic GmbH\"},\"image\":{\"@id\":\"https:\\\/\\\/iwell-guard.com\\\/is\\\/#\\\/schema\\\/logo\\\/image\\\/\"},\"sameAs\":[\"https:\\\/\\\/pantip.com\\\/profile\\\/9367242\",\"https:\\\/\\\/micro.blog\\\/iwellguard\",\"https:\\\/\\\/www.diggerslist.com\\\/iwellguard\\\/about\",\"https:\\\/\\\/skitterphoto.com\\\/photographers\\\/2870314\\\/iwell-guard\",\"https:\\\/\\\/iwellguard.wordpress.com\\\/2026\\\/06\\\/06\\\/iwell-guard\\\/\",\"https:\\\/\\\/hub.docker.com\\\/u\\\/iwellguard\",\"https:\\\/\\\/www.pinterest.com\\\/iwellguard\\\/\",\"https:\\\/\\\/bit.ly\\\/m\\\/iwellguard\",\"https:\\\/\\\/entre-vos-mains.alsace.eu\\\/profiles\\\/iwellguard\\\/activity\",\"https:\\\/\\\/gravatar.com\\\/reallybeded8fd34\",\"https:\\\/\\\/naijamatta.com\\\/iwellguard\",\"https:\\\/\\\/www.goodreads.com\\\/iwellguard\",\"https:\\\/\\\/profile.hatena.ne.jp\\\/iwellguard\\\/\",\"https:\\\/\\\/experiment.com\\\/users\\\/iwellguard\",\"https:\\\/\\\/wakelet.com\\\/@iWellGuard82270\",\"https:\\\/\\\/www.chordie.com\\\/forum\\\/profile.php?id=2555664\",\"https:\\\/\\\/www.instapaper.com\\\/p\\\/17757966\",\"https:\\\/\\\/www.mapleprimes.com\\\/users\\\/iwellguard\",\"https:\\\/\\\/businesslistingplus.com\\\/profile\\\/iwell-guard\\\/\",\"https:\\\/\\\/telegra.ph\\\/iWell-Guard-06-06\",\"https:\\\/\\\/pbase.com\\\/iwellguard\\\/iwellguard\",\"https:\\\/\\\/b.hatena.ne.jp\\\/iwellguard\\\/20260607#bookmark-4788405196491818882\",\"https:\\\/\\\/fliphtml5.com\\\/home\\\/iwellguard\",\"https:\\\/\\\/anyflip.com\\\/homepage\\\/cmiwl#About\",\"https:\\\/\\\/transfur.com\\\/Users\\\/iwellguard\",\"http:\\\/\\\/delphi.larsbo.org\\\/user\\\/iwellguard\",\"https:\\\/\\\/jobs.lajobsportal.org\\\/profiles\\\/8380803-iwell-guard\",\"https:\\\/\\\/md.chaosdorf.de\\\/s\\\/jfbe5SBdJD\",\"https:\\\/\\\/www.lingvolive.com\\\/en-us\\\/profile\\\/9ecaeaca-ce11-4e51-9e71-01d55e2bff36\\\/translations\",\"https:\\\/\\\/www.fitday.com\\\/fitness\\\/forums\\\/members\\\/iwellguard.html\",\"https:\\\/\\\/www.mymeetbook.com\\\/iwellguard\",\"https:\\\/\\\/pxhere.com\\\/en\\\/photographer-me\\\/5040798\",\"https:\\\/\\\/disqus.com\\\/by\\\/iwellguard\\\/about\\\/\",\"https:\\\/\\\/pastelink.net\\\/hjwciqwq\",\"https:\\\/\\\/pubhtml5.com\\\/homepage\\\/scjhn\\\/\",\"https:\\\/\\\/www.bitchute.com\\\/channel\\\/2O2eOKzNqujT\",\"https:\\\/\\\/audiomack.com\\\/iwellguard\"]},{\"@type\":\"Article\",\"@id\":\"https:\\\/\\\/iwell-guard.com\\\/is\\\/sin-tunggud-ur-harran\\\/#article\",\"isPartOf\":{\"@id\":\"https:\\\/\\\/iwell-guard.com\\\/is\\\/sin-tunggud-ur-harran\\\/\"},\"author\":{\"name\":\"Ralf Ittermann\",\"@id\":\"https:\\\/\\\/iwell-guard.com\\\/is\\\/#\\\/schema\\\/person\\\/ee2a27f1cac3406c7c6fb5820cb7349f\"},\"headline\":\"Sin \u2013 tungu\u00f0 Ur og Harran\",\"datePublished\":\"2026-09-05T14:05:00+00:00\",\"dateModified\":\"2026-09-05T14:30:38+00:00\",\"mainEntityOfPage\":{\"@id\":\"https:\\\/\\\/iwell-guard.com\\\/is\\\/sin-tunggud-ur-harran\\\/\"},\"publisher\":{\"@id\":\"https:\\\/\\\/iwell-guard.com\\\/is\\\/#organization\"},\"image\":{\"@id\":\"https:\\\/\\\/iwell-guard.com\\\/is\\\/sin-tunggud-ur-harran\\\/#primaryimage\"},\"thumbnailUrl\":\"https:\\\/\\\/iwell-guard.com\\\/wp-content\\\/uploads\\\/2026\\\/05\\\/goetter_mesopotamien_sin.webp\",\"inLanguage\":\"is\",\"description\":\"Sin, \u00e1 s\u00famersku Nanna, var mes\u00f3p\u00f3tam\u00edskur tungu\u00f0 me\u00f0 helgista\u00f0i \u00ed Ur og Harran, verndari t\u00edma og t\u00edmatals.\"}]}<\/script>\n<!-- \/ Yoast SEO Premium plugin. -->","yoast_head_json":{"title":"Sin \u2013 mes\u00f3p\u00f3tam\u00edskur tungu\u00f0 Ur og Harran","description":"Sin, \u00e1 s\u00famersku Nanna, var mes\u00f3p\u00f3tam\u00edskur tungu\u00f0 me\u00f0 helgista\u00f0i \u00ed Ur og Harran, verndari t\u00edma og t\u00edmatals.","robots":{"index":"index","follow":"follow","max-snippet":"max-snippet:-1","max-image-preview":"max-image-preview:large","max-video-preview":"max-video-preview:-1"},"canonical":"https:\/\/iwell-guard.com\/is\/sin-tunggud-ur-harran\/","og_locale":"is_IS","og_type":"article","og_title":"Sin \u2013 tungu\u00f0 Ur og Harran","og_description":"Sin, \u00e1 s\u00famersku Nanna, var mes\u00f3p\u00f3tam\u00edskur tungu\u00f0 me\u00f0 helgista\u00f0i \u00ed Ur og Harran, verndari t\u00edma og t\u00edmatals.","og_url":"https:\/\/iwell-guard.com\/is\/sin-tunggud-ur-harran\/","og_site_name":"iWell Guard","article_modified_time":"2026-09-05T14:30:38+00:00","og_image":[{"width":1024,"height":1536,"url":"https:\/\/iwell-guard.com\/wp-content\/uploads\/2026\/05\/goetter_mesopotamien_sin.webp","type":"image\/webp"}],"twitter_card":"summary_large_image","schema":{"@context":"https:\/\/schema.org","@graph":[{"@type":"Article","@id":"https:\/\/iwell-guard.com\/is\/sin-tunggud-ur-harran\/#article","isPartOf":{"@id":"https:\/\/iwell-guard.com\/is\/sin-tunggud-ur-harran\/"},"author":{"name":"Ralf Ittermann","@id":"https:\/\/iwell-guard.com\/is\/#\/schema\/person\/ee2a27f1cac3406c7c6fb5820cb7349f"},"headline":"Sin \u2013 tungu\u00f0 Ur og Harran","datePublished":"2026-09-05T14:05:00+00:00","dateModified":"2026-09-05T14:30:38+00:00","mainEntityOfPage":{"@id":"https:\/\/iwell-guard.com\/is\/sin-tunggud-ur-harran\/"},"publisher":{"@id":"https:\/\/iwell-guard.com\/is\/#organization"},"image":{"@id":"https:\/\/iwell-guard.com\/is\/sin-tunggud-ur-harran\/#primaryimage"},"thumbnailUrl":"https:\/\/iwell-guard.com\/wp-content\/uploads\/2026\/05\/goetter_mesopotamien_sin.webp","inLanguage":"is","description":"Sin, \u00e1 s\u00famersku Nanna, var mes\u00f3p\u00f3tam\u00edskur tungu\u00f0 me\u00f0 helgista\u00f0i \u00ed Ur og Harran, verndari t\u00edma og t\u00edmatals."},{"@type":"WebPage","@id":"https:\/\/iwell-guard.com\/is\/sin-tunggud-ur-harran\/","url":"https:\/\/iwell-guard.com\/is\/sin-tunggud-ur-harran\/","name":"Sin \u2013 mes\u00f3p\u00f3tam\u00edskur tungu\u00f0 Ur og Harran","isPartOf":{"@id":"https:\/\/iwell-guard.com\/is\/#website"},"primaryImageOfPage":{"@id":"https:\/\/iwell-guard.com\/is\/sin-tunggud-ur-harran\/#primaryimage"},"image":{"@id":"https:\/\/iwell-guard.com\/is\/sin-tunggud-ur-harran\/#primaryimage"},"thumbnailUrl":"https:\/\/iwell-guard.com\/wp-content\/uploads\/2026\/05\/goetter_mesopotamien_sin.webp","datePublished":"2026-09-05T14:05:00+00:00","dateModified":"2026-09-05T14:30:38+00:00","description":"Sin, \u00e1 s\u00famersku Nanna, var mes\u00f3p\u00f3tam\u00edskur tungu\u00f0 me\u00f0 helgista\u00f0i \u00ed Ur og Harran, verndari t\u00edma og t\u00edmatals.","breadcrumb":{"@id":"https:\/\/iwell-guard.com\/is\/sin-tunggud-ur-harran\/#breadcrumb"},"inLanguage":"is","potentialAction":[{"@type":"ReadAction","target":["https:\/\/iwell-guard.com\/is\/sin-tunggud-ur-harran\/"]}]},{"@type":"ImageObject","inLanguage":"is","@id":"https:\/\/iwell-guard.com\/is\/sin-tunggud-ur-harran\/#primaryimage","url":"https:\/\/iwell-guard.com\/wp-content\/uploads\/2026\/05\/goetter_mesopotamien_sin.webp","contentUrl":"https:\/\/iwell-guard.com\/wp-content\/uploads\/2026\/05\/goetter_mesopotamien_sin.webp","width":1024,"height":1536,"caption":"Gu\u00f0ir \u00far mes\u00f3p\u00f3tam\u00edskri hef\u00f0."},{"@type":"BreadcrumbList","@id":"https:\/\/iwell-guard.com\/is\/sin-tunggud-ur-harran\/#breadcrumb","itemListElement":[{"@type":"ListItem","position":1,"name":"Start","item":"https:\/\/iwell-guard.com\/is\/?page_id=168580"},{"@type":"ListItem","position":2,"name":"Sin \u2013 tungu\u00f0 Ur og Harran"}]},{"@type":"WebSite","@id":"https:\/\/iwell-guard.com\/is\/#website","url":"https:\/\/iwell-guard.com\/is\/","name":"iWell Guard","description":"Schutz vor dunklen Einfl\u00fcssen","publisher":{"@id":"https:\/\/iwell-guard.com\/is\/#organization"},"potentialAction":[{"@type":"SearchAction","target":{"@type":"EntryPoint","urlTemplate":"https:\/\/iwell-guard.com\/is\/?s={search_term_string}"},"query-input":{"@type":"PropertyValueSpecification","valueRequired":true,"valueName":"search_term_string"}}],"inLanguage":"is"},{"@type":"Organization","@id":"https:\/\/iwell-guard.com\/is\/#organization","name":"Ittermann electronic GmbH","url":"https:\/\/iwell-guard.com\/is\/","logo":{"@type":"ImageObject","inLanguage":"is","@id":"https:\/\/iwell-guard.com\/is\/#\/schema\/logo\/image\/","url":"https:\/\/iwell-guard.com\/wp-content\/uploads\/2026\/05\/Ittermann-Logo-1182x237-1.png","contentUrl":"https:\/\/iwell-guard.com\/wp-content\/uploads\/2026\/05\/Ittermann-Logo-1182x237-1.png","width":1182,"height":237,"caption":"Ittermann electronic GmbH"},"image":{"@id":"https:\/\/iwell-guard.com\/is\/#\/schema\/logo\/image\/"},"sameAs":["https:\/\/pantip.com\/profile\/9367242","https:\/\/micro.blog\/iwellguard","https:\/\/www.diggerslist.com\/iwellguard\/about","https:\/\/skitterphoto.com\/photographers\/2870314\/iwell-guard","https:\/\/iwellguard.wordpress.com\/2026\/06\/06\/iwell-guard\/","https:\/\/hub.docker.com\/u\/iwellguard","https:\/\/www.pinterest.com\/iwellguard\/","https:\/\/bit.ly\/m\/iwellguard","https:\/\/entre-vos-mains.alsace.eu\/profiles\/iwellguard\/activity","https:\/\/gravatar.com\/reallybeded8fd34","https:\/\/naijamatta.com\/iwellguard","https:\/\/www.goodreads.com\/iwellguard","https:\/\/profile.hatena.ne.jp\/iwellguard\/","https:\/\/experiment.com\/users\/iwellguard","https:\/\/wakelet.com\/@iWellGuard82270","https:\/\/www.chordie.com\/forum\/profile.php?id=2555664","https:\/\/www.instapaper.com\/p\/17757966","https:\/\/www.mapleprimes.com\/users\/iwellguard","https:\/\/businesslistingplus.com\/profile\/iwell-guard\/","https:\/\/telegra.ph\/iWell-Guard-06-06","https:\/\/pbase.com\/iwellguard\/iwellguard","https:\/\/b.hatena.ne.jp\/iwellguard\/20260607#bookmark-4788405196491818882","https:\/\/fliphtml5.com\/home\/iwellguard","https:\/\/anyflip.com\/homepage\/cmiwl#About","https:\/\/transfur.com\/Users\/iwellguard","http:\/\/delphi.larsbo.org\/user\/iwellguard","https:\/\/jobs.lajobsportal.org\/profiles\/8380803-iwell-guard","https:\/\/md.chaosdorf.de\/s\/jfbe5SBdJD","https:\/\/www.lingvolive.com\/en-us\/profile\/9ecaeaca-ce11-4e51-9e71-01d55e2bff36\/translations","https:\/\/www.fitday.com\/fitness\/forums\/members\/iwellguard.html","https:\/\/www.mymeetbook.com\/iwellguard","https:\/\/pxhere.com\/en\/photographer-me\/5040798","https:\/\/disqus.com\/by\/iwellguard\/about\/","https:\/\/pastelink.net\/hjwciqwq","https:\/\/pubhtml5.com\/homepage\/scjhn\/","https:\/\/www.bitchute.com\/channel\/2O2eOKzNqujT","https:\/\/audiomack.com\/iwellguard"]},{"@type":"Person","@id":"https:\/\/iwell-guard.com\/is\/#\/schema\/person\/ee2a27f1cac3406c7c6fb5820cb7349f","name":"Ralf Ittermann","image":{"@type":"ImageObject","inLanguage":"is","@id":"https:\/\/secure.gravatar.com\/avatar\/073c0153e350a5005b68eb752b445fea71f6b24a26da9449ad7e155e6b446c9d?s=96&d=mm&r=g","url":"https:\/\/secure.gravatar.com\/avatar\/073c0153e350a5005b68eb752b445fea71f6b24a26da9449ad7e155e6b446c9d?s=96&d=mm&r=g","contentUrl":"https:\/\/secure.gravatar.com\/avatar\/073c0153e350a5005b68eb752b445fea71f6b24a26da9449ad7e155e6b446c9d?s=96&d=mm&r=g","caption":"Ralf Ittermann"},"givenName":"Ralf","familyName":"Ittermann","jobTitle":"Gesch\u00e4ftsf\u00fchrer und redaktioneller Verantwortlicher","url":"https:\/\/iwell-guard.com\/is\/author\/claude\/","description":"Ralf Ittermann ist Gesch\u00e4ftsf\u00fchrer der Ittermann electronic GmbH und redaktioneller Verantwortlicher des iWell-Guard-Lexikons. Er verbindet langj\u00e4hrige Erfahrung in der Pr\u00e4zisionsfertigung mit medialer Praxis und religionsgeschichtlicher Quellenarbeit.","worksFor":{"@type":"Organization","name":"Ittermann electronic GmbH","url":"https:\/\/ittermann.de\/","address":{"@type":"PostalAddress","streetAddress":"K\u00f6hlergasse 16-18","postalCode":"99842","addressLocality":"Ruhla","addressCountry":"DE"}},"knowsAbout":["Religionsgeschichte","Mythologie","Mediale Praxis","Energetische Diagnostik","Schutzpraxis","Volksglauben","Westliche Esoterik"]},{"@type":"Article","@id":"https:\/\/iwell-guard.com\/is\/sin-tunggud-ur-harran\/#article","isPartOf":{"@id":"https:\/\/iwell-guard.com\/is\/sin-tunggud-ur-harran\/"},"author":{"name":"Ralf Ittermann","@id":"https:\/\/iwell-guard.com\/is\/#\/schema\/person\/ee2a27f1cac3406c7c6fb5820cb7349f"},"headline":"Sin \u2013 tungu\u00f0 Ur og Harran","datePublished":"2026-09-05T14:05:00+00:00","dateModified":"2026-09-05T14:30:38+00:00","mainEntityOfPage":{"@id":"https:\/\/iwell-guard.com\/is\/sin-tunggud-ur-harran\/"},"publisher":{"@id":"https:\/\/iwell-guard.com\/is\/#organization"},"image":{"@id":"https:\/\/iwell-guard.com\/is\/sin-tunggud-ur-harran\/#primaryimage"},"thumbnailUrl":"https:\/\/iwell-guard.com\/wp-content\/uploads\/2026\/05\/goetter_mesopotamien_sin.webp","inLanguage":"is","description":"Sin, \u00e1 s\u00famersku Nanna, var mes\u00f3p\u00f3tam\u00edskur tungu\u00f0 me\u00f0 helgista\u00f0i \u00ed Ur og Harran, verndari t\u00edma og t\u00edmatals."}]}},"_links":{"self":[{"href":"https:\/\/iwell-guard.com\/is\/wp-json\/wp\/v2\/pages\/169035","targetHints":{"allow":["GET"]}}],"collection":[{"href":"https:\/\/iwell-guard.com\/is\/wp-json\/wp\/v2\/pages"}],"about":[{"href":"https:\/\/iwell-guard.com\/is\/wp-json\/wp\/v2\/types\/page"}],"author":[{"embeddable":true,"href":"https:\/\/iwell-guard.com\/is\/wp-json\/wp\/v2\/users\/3"}],"replies":[{"embeddable":true,"href":"https:\/\/iwell-guard.com\/is\/wp-json\/wp\/v2\/comments?post=169035"}],"version-history":[{"count":0,"href":"https:\/\/iwell-guard.com\/is\/wp-json\/wp\/v2\/pages\/169035\/revisions"}],"wp:featuredmedia":[{"embeddable":true,"href":"https:\/\/iwell-guard.com\/is\/wp-json\/wp\/v2\/media\/3382"}],"wp:attachment":[{"href":"https:\/\/iwell-guard.com\/is\/wp-json\/wp\/v2\/media?parent=169035"}],"wp:term":[{"taxonomy":"category","embeddable":true,"href":"https:\/\/iwell-guard.com\/is\/wp-json\/wp\/v2\/categories?post=169035"}],"curies":[{"name":"wp","href":"https:\/\/api.w.org\/{rel}","templated":true}]}}