{"id":169034,"date":"2026-09-05T14:05:00","date_gmt":"2026-09-05T14:05:00","guid":{"rendered":"https:\/\/iwell-guard.com\/?page_id=169034"},"modified":"2026-09-05T14:30:35","modified_gmt":"2026-09-05T14:30:35","slug":"enlil-stormgud-herra-pantheonsins","status":"publish","type":"page","link":"https:\/\/iwell-guard.com\/is\/enlil-stormgud-herra-pantheonsins\/","title":{"rendered":"Enlil \u2013 stormgu\u00f0 og herra pantheonsins"},"content":{"rendered":"\t\t<div data-elementor-type=\"wp-page\" data-elementor-id=\"169034\" class=\"elementor elementor-169034 elementor-2920 elementor-bc-flex-widget\" data-elementor-post-type=\"page\">\n\t\t\t\t<div class=\"elementor-element elementor-element-heroaad0d85 e-flex e-con-boxed e-con e-parent\" data-id=\"heroaad0d85\" data-element_type=\"container\" data-e-type=\"container\">\n\t\t\t\t\t<div class=\"e-con-inner\">\n\t\t\t\t<div class=\"elementor-element elementor-element-heroimgba7b3ad iwg-hero-image elementor-widget elementor-widget-image\" data-id=\"heroimgba7b3ad\" data-element_type=\"widget\" data-e-type=\"widget\" data-widget_type=\"image.default\">\n\t\t\t\t\t\t\t\t\t\t\t\t\t\t\t<img fetchpriority=\"high\" decoding=\"async\" width=\"683\" height=\"1024\" src=\"https:\/\/iwell-guard.com\/wp-content\/uploads\/2026\/05\/goetter_mesopotamien_enlil-683x1024.webp\" class=\"attachment-large size-large wp-image-170656\" alt=\"Enlil - Gu\u00f0ir \u00far mes\u00f3p\u00f3tam\u00edskri hef\u00f0, s\u00f6guleg-myndr\u00e6n framsetning\" srcset=\"https:\/\/iwell-guard.com\/wp-content\/uploads\/2026\/05\/goetter_mesopotamien_enlil-683x1024.webp 683w, https:\/\/iwell-guard.com\/wp-content\/uploads\/2026\/05\/goetter_mesopotamien_enlil-200x300.webp 200w, https:\/\/iwell-guard.com\/wp-content\/uploads\/2026\/05\/goetter_mesopotamien_enlil-768x1152.webp 768w, https:\/\/iwell-guard.com\/wp-content\/uploads\/2026\/05\/goetter_mesopotamien_enlil.webp 1024w\" sizes=\"(max-width: 683px) 100vw, 683px\" \/>\t\t\t\t\t\t\t\t\t\t\t\t\t\t\t<\/div>\n\t\t\t\t\t<\/div>\n\t\t\t\t<\/div>\n\t\t<div class=\"elementor-element elementor-element-iwgw-enlil-hero e-flex e-con-boxed e-con e-parent\" data-id=\"iwgw-enlil-hero\" data-element_type=\"container\" data-e-type=\"container\">\n\t\t\t\t\t<div class=\"e-con-inner\">\n\t\t\t\t<div class=\"elementor-element elementor-element-iwgw-enlil-h1 elementor-widget elementor-widget-heading\" data-id=\"iwgw-enlil-h1\" data-element_type=\"widget\" data-e-type=\"widget\" data-widget_type=\"heading.default\">\n\t\t\t\t\t<h1 class=\"elementor-heading-title elementor-size-default\">Enlil \u2013 mes\u00f3p\u00f3tam\u00edskur stormgu\u00f0 og herra gu\u00f0ar\u00e1\u00f0sins<\/h1>\t\t\t\t<\/div>\n\t\t\t\t<div class=\"elementor-element elementor-element-iwgw-enlil-pills elementor-widget elementor-widget-html\" data-id=\"iwgw-enlil-pills\" data-element_type=\"widget\" data-e-type=\"widget\" data-widget_type=\"html.default\">\n\t\t\t\t\t<div class=\"iwg-pill-row\"><span class=\"iwg-klasse-badge\" tabindex=\"0\" data-tooltip=\"Gu\u00f0 \u00far hef\u00f0 Mes\u00f3p\u00f3tam\u00edu.\">Gu\u00f0<\/span><a href=\"https:\/\/iwell-guard.com\/is\/mesopotamia\/\" class=\"iwg-kultur-badge\" tabindex=\"0\" data-tooltip=\"Go\u00f0afr\u00e6\u00f0i hef\u00f0ar Mes\u00f3p\u00f3tam\u00edu.\">Mes\u00f3p\u00f3tam\u00eda<\/a><span class=\"iwg-tradition-badge\" tabindex=\"0\" data-tooltip=\"Yfirgu\u00f0.\">Yfirgu\u00f0<\/span><\/div>\t\t\t\t<\/div>\n\t\t\t\t<div class=\"elementor-element elementor-element-iwgw-enlil-lead elementor-widget elementor-widget-text-editor\" data-id=\"iwgw-enlil-lead\" data-element_type=\"widget\" data-e-type=\"widget\" data-widget_type=\"text-editor.default\">\n\t\t\t\t\t\t\t\t\t\nEnlil, gu\u00f0 stormsins, vindsins og pantheonsins, var \u00ed sumersku og akkad\u00edsku menningarsv\u00e6\u00f0i um aldir talinn hinn eiginlegi stj\u00f3rnandi heimsins. Sem \u00e6\u00f0sta framkv\u00e6mdarvald gu\u00f0ar\u00e1\u00f0sins \u00e1kvar\u00f0a\u00f0i hann \u00f6rl\u00f6g, st\u00fdr\u00f0i konungd\u00f3mi og n\u00e1tt\u00faru\u00f6flum og var talinn m\u00e1ttur sem h\u00e9ldi heiminum saman.\t\t\t\t\t\t\t\t<\/div>\n\t\t\t\t\t<\/div>\n\t\t\t\t<\/div>\n\t\t\t\t<section class=\"elementor-section elementor-top-section elementor-element elementor-element-sec-iwgcomp-enlil elementor-section-boxed elementor-section-height-default elementor-section-height-default\" data-id=\"sec-iwgcomp-enlil\" data-element_type=\"section\" data-e-type=\"section\">\n\t\t\t\t\t\t<div class=\"elementor-container elementor-column-gap-default\">\n\t\t\t\t\t<div class=\"elementor-column elementor-col-100 elementor-top-column elementor-element elementor-element-col-iwgcomp-enlil\" data-id=\"col-iwgcomp-enlil\" data-element_type=\"column\" data-e-type=\"column\">\n\t\t\t<div class=\"elementor-widget-wrap elementor-element-populated\">\n\t\t\t\t\t\t<div class=\"elementor-element elementor-element-iwgcomp-enlil elementor-widget elementor-widget-text-editor\" data-id=\"iwgcomp-enlil\" data-element_type=\"widget\" data-e-type=\"widget\" data-widget_type=\"text-editor.default\">\n\t\t\t\t\t\t\t\t\t<p>Enlil er \u00ed mes\u00f3p\u00f3tam\u00edsku <span class=\"iwg-fachbegriff\" data-tooltip=\"Heild gu\u00f0a innan tr\u00faarbrag\u00f0a e\u00f0a menningar.\" tabindex=\"0\">pantheoninu<\/span> talinn <strong><span class=\"iwg-fachbegriff\" data-tooltip=\"Heild gu\u00f0a innan tr\u00faarbrag\u00f0a e\u00f0a menningar.\" tabindex=\"0\">pantheons<\/span>-herra<\/strong> sem var\u00f0veitir \u00f6rlagat\u00f6flurnar og r\u00e6\u00f0ur yfir b\u00e6\u00f0i gu\u00f0um og m\u00f6nnum.<\/p>\t\t\t\t\t\t\t\t<\/div>\n\t\t\t\t\t<\/div>\n\t\t<\/div>\n\t\t\t\t\t<\/div>\n\t\t<\/section>\n\t\t<div class=\"elementor-element elementor-element-iwgw-enlil-s0 e-flex e-con-boxed e-con e-parent\" data-id=\"iwgw-enlil-s0\" data-element_type=\"container\" data-e-type=\"container\">\n\t\t\t\t\t<div class=\"e-con-inner\">\n\t\t\t\t<div class=\"elementor-element elementor-element-iwgw-enlil-s0h elementor-widget elementor-widget-heading\" data-id=\"iwgw-enlil-s0h\" data-element_type=\"widget\" data-e-type=\"widget\" data-widget_type=\"heading.default\">\n\t\t\t\t\t<h2 class=\"elementor-heading-title elementor-size-default\">Yfirlit<\/h2>\t\t\t\t<\/div>\n\t\t\t\t<div class=\"elementor-element elementor-element-iwgw-enlil-s0t elementor-widget elementor-widget-text-editor\" data-id=\"iwgw-enlil-s0t\" data-element_type=\"widget\" data-e-type=\"widget\" data-widget_type=\"text-editor.default\">\n\t\t\t\t\t\t\t\t\t<p>Enlil telst til mikilv\u00e6gustu gu\u00f0a \u00ed hinu forna <a href=\"https:\/\/iwell-guard.com\/is\/mesopotamia\/\">Mes\u00f3p\u00f3tam\u00edu<\/a>. \u00cd tr\u00faarhugmyndum S\u00famera, og s\u00ed\u00f0ar Akkada, Bab\u00fdlon\u00edumanna og Ass\u00fdr\u00edumanna, mynda\u00f0i hann \u00e1samt himnagu\u00f0inum An og vatns- og viskugu\u00f0inum Enki \u00e6\u00f0sta gu\u00f0a\u00ferenninguna.<\/p><p>Me\u00f0an An var eins konar fjarl\u00e6gt, \u00f3hlutbundi\u00f0 vald, var Enlil s\u00e1 gu\u00f0 sem framkv\u00e6mdi og l\u00e9t \u00ed raun r\u00e6tast \u00e1kvar\u00f0anir gu\u00f0ar\u00e1\u00f0sins. Af \u00feeirri \u00e1st\u00e6\u00f0u var hann \u00ed textum oft nefndur herra landanna og s\u00e1 sem h\u00e9lt \u00f6rl\u00f6gunum \u00ed hendi s\u00e9r.<\/p><p>Tr\u00faars\u00f6gulegt v\u00e6gi Enlils er varla ofmeti\u00f0. Fr\u00e1 \u00feri\u00f0ju \u00e1r\u00fe\u00fasund fyrir okkar t\u00edmatal og langt fram \u00e1 a\u00f0ra \u00e1r\u00fe\u00fasund var <span class=\"iwg-fachbegriff\" data-tooltip=\"Bygging sem er tileinku\u00f0 tilbei\u00f0slu einnar e\u00f0a fleiri go\u00f0magna.\" tabindex=\"0\">hof<\/span> hans \u00ed Nippur hi\u00f0 huglega mi\u00f0st\u00f6\u00f0 mes\u00f3p\u00f3tam\u00edska heimsins.<\/p><p>H\u00f6f\u00f0ingjar \u00fdmissa borgr\u00edkja og konungs\u00e6tta s\u00f3ttust eftir vi\u00f0urkenningu Enlils til a\u00f0 r\u00e9ttl\u00e6ta v\u00f6ld s\u00edn. \u00dea\u00f0 var fyrst me\u00f0 uppgangi Bab\u00fdlonar og vaxandi yfirbur\u00f0um borgargu\u00f0sins Marduk a\u00f0 Enlil t\u00f3k sm\u00e1m saman a\u00f0 l\u00e1ta undan, \u00e1n \u00feess \u00fe\u00f3 a\u00f0 hverfa alveg.<\/p><p>Enlil er ekki eint\u00f3m velvildarvera. Heimildirnar s\u00fdna hann sem tv\u00edbenta veru, sem skapar reglu og veitir vels\u00e6ld, en jafnframt setur af sta\u00f0 h\u00f6rmungar \u00feegar mannkyni\u00f0 raskar hinu kosm\u00edska jafnv\u00e6gi. \u00deessi tv\u00ede\u00f0li samsvarar sj\u00e1lfu e\u00f0li stormsins, sem f\u00e6rir regn til akranna en getur jafnframt valdi\u00f0 ey\u00f0ileggingu.<\/p>\t\t\t\t\t\t\t\t<\/div>\n\t\t\t\t\t<\/div>\n\t\t\t\t<\/div>\n\t\t<div class=\"elementor-element elementor-element-iwgw-enlil-s1 e-flex e-con-boxed e-con e-parent\" data-id=\"iwgw-enlil-s1\" data-element_type=\"container\" data-e-type=\"container\">\n\t\t\t\t\t<div class=\"e-con-inner\">\n\t\t\t\t<div class=\"elementor-element elementor-element-iwgw-enlil-s1h elementor-widget elementor-widget-heading\" data-id=\"iwgw-enlil-s1h\" data-element_type=\"widget\" data-e-type=\"widget\" data-widget_type=\"heading.default\">\n\t\t\t\t\t<h2 class=\"elementor-heading-title elementor-size-default\">Nafn og or\u00f0sifjar<\/h2>\t\t\t\t<\/div>\n\t\t\t\t<div class=\"elementor-element elementor-element-iwgw-enlil-s1t elementor-widget elementor-widget-text-editor\" data-id=\"iwgw-enlil-s1t\" data-element_type=\"widget\" data-e-type=\"widget\" data-widget_type=\"text-editor.default\">\n\t\t\t\t\t\t\t\t\t<p>Nafni\u00f0 Enlil er af s\u00famerskum uppruna. Hin hef\u00f0bundna sk\u00fdring skilur \u00fea\u00f0 sem samsetningu or\u00f0anna <em>en<\/em>, sem \u00fe\u00fd\u00f0ir herra, og <em>l\u00edl<\/em>, or\u00f0 sem tengt er vindi, lofti e\u00f0a andr\u00famslofti.<\/p><p>\u00cd \u00feessum skilningi f\u00e6st \u00fe\u00fd\u00f0ingin herra vindsins e\u00f0a herra loftsins, sem samr\u00fdmist vel e\u00f0li Enlils sem gu\u00f0s hins hreyfanlega loftr\u00fams milli himins og jar\u00f0ar.<\/p><p>Ranns\u00f3knir hafa bent \u00e1 a\u00f0 s\u00famerska or\u00f0i\u00f0 <em>l\u00edl<\/em> s\u00e9 margslungi\u00f0 hugtak. \u00dea\u00f0 v\u00edsar ekki a\u00f0eins til hreyfanlegs lofts, heldur getur einnig \u00e1tt vi\u00f0 dul\u00fa\u00f0legt, \u00f3\u00e1rennilegt svi\u00f0.<\/p><p>Sumir ass\u00fdr\u00edufr\u00e6\u00f0ingar telja \u00feetta v\u00edsbendingu um a\u00f0 Enlil hafi upphaflega haft \u00ed s\u00e9r einnig yfirn\u00e1tt\u00farulega, torr\u00e6\u00f0a \u00fe\u00e6tti. \u00cd \u00f6llu falli t\u00e1knar nafni\u00f0 m\u00e1tt sem virkar \u00f3s\u00fdnilega en er \u00fe\u00f3 \u00e1\u00fereifanlegur alls sta\u00f0ar.<\/p><p>\u00cd akkad\u00edskum textum kemur gu\u00f0inn fram undir sama nafni, st\u00f6ku sinnum \u00ed myndinni Ellil. Auk \u00feess bar hann fj\u00f6lda vi\u00f0urnefna og titla, svo sem Nunamnir, og heiti eins og Hinn mikli fjallstindur e\u00f0a Fa\u00f0ir gu\u00f0anna. Tengingin vi\u00f0 fjalli\u00f0 er \u00fe\u00fd\u00f0ingarmikil, \u00fev\u00ed <span class=\"iwg-fachbegriff\" data-tooltip=\"Bygging sem er tileinku\u00f0 tilbei\u00f0slu einnar e\u00f0a fleiri go\u00f0magna.\" tabindex=\"0\">hof<\/span> hans \u00ed Nippur h\u00e9t Ekur, sem \u00fe\u00fd\u00f0ir fjallaheimili e\u00f0a fjallahof.<\/p>\t\t\t\t\t\t\t\t<\/div>\n\t\t\t\t\t<\/div>\n\t\t\t\t<\/div>\n\t\t<div class=\"elementor-element elementor-element-iwgw-enlil-s2 e-flex e-con-boxed e-con e-parent\" data-id=\"iwgw-enlil-s2\" data-element_type=\"container\" data-e-type=\"container\">\n\t\t\t\t\t<div class=\"e-con-inner\">\n\t\t\t\t<div class=\"elementor-element elementor-element-iwgw-enlil-s2h elementor-widget elementor-widget-heading\" data-id=\"iwgw-enlil-s2h\" data-element_type=\"widget\" data-e-type=\"widget\" data-widget_type=\"heading.default\">\n\t\t\t\t\t<h2 class=\"elementor-heading-title elementor-size-default\">L\u00fdsing og myndm\u00e1l<\/h2>\t\t\t\t<\/div>\n\t\t\t\t<div class=\"elementor-element elementor-element-iwgw-enlil-s2t elementor-widget elementor-widget-text-editor\" data-id=\"iwgw-enlil-s2t\" data-element_type=\"widget\" data-e-type=\"widget\" data-widget_type=\"text-editor.default\">\n\t\t\t\t\t\t\t\t\t<p>\u00d3l\u00edkt \u00f6\u00f0rum mes\u00f3p\u00f3tam\u00edskum go\u00f0m\u00f6gnum einkennist myndr\u00e6n framsetning Enlils ekki af neinu einu, s\u00edfellt endurteknu einkenni. \u00cd gl\u00fdpt\u00edk, \u00fe.e. \u00e1 s\u00edvalningsseglum, og \u00ed l\u00e1gmyndalist koma go\u00f0 oft fram \u00ed mannlegri mynd, sitjandi \u00ed h\u00e1s\u00e6ti, me\u00f0 hornakr\u00f3nu sem t\u00e1kn gu\u00f0legrar tignar.<\/p><p>Hornakr\u00f3nan er almennt einkenni gu\u00f0legs valds og er einnig eignu\u00f0 Enlil, en ekkert s\u00e9rstakt <span class=\"iwg-fachbegriff\" data-tooltip=\"T\u00e1kn sem stendur fyrir hugmynd e\u00f0a merkingu.\" tabindex=\"0\">t\u00e1kn<\/span> sem einungis heyrir honum til er unnt a\u00f0 sta\u00f0festa me\u00f0 s\u00f6mu vissu og til d\u00e6mis rekuna Marduks e\u00f0a m\u00e1nasig\u00f0 tungugu\u00f0sins.<\/p><p>\u00cd textunum er Enlil l\u00fdst sem tignarlegri, h\u00e1s\u00e6tisbundinni veru, sem jafnvel a\u00f0rir gu\u00f0ir bera lotningu fyrir. S\u00e1lmar l\u00fdsa augnar\u00e1\u00f0i hans sem svo voldugu a\u00f0 engin gu\u00f0 getur skora\u00f0 \u00e1 hann \u00e1n aflei\u00f0inga. Or\u00f0 hans er tali\u00f0 \u00f3afturkallanlegt. \u00deessi t\u00e1knr\u00e6na framsetning \u00ed m\u00e1li er oft uppl\u00fdsandi fyrir skilning \u00e1 Enlil, meira en var\u00f0veittar myndir.<\/p><p>Me\u00f0 Enlil er tengd mynd stormsins og \u00f3ve\u00f0ursins. B\u00f3kmenntatextar l\u00edkja r\u00f6dd hans vi\u00f0 \u00ferumur og rei\u00f0i hans vi\u00f0 stormfl\u00f3\u00f0. T\u00e1knad\u00fdr hans er \u00ed nokkrum heimildum tengt svi\u00f0i jar\u00f0ar og fjalla.<\/p><p>Hugmyndin um a\u00f0 Enlil b\u00fai \u00ed fjallahofi m\u00f3tar allan t\u00e1knheiminn \u00ed kringum hann og gerir <span class=\"iwg-fachbegriff\" data-tooltip=\"Bygging sem er tileinku\u00f0 tilbei\u00f0slu einnar e\u00f0a fleiri go\u00f0magna.\" tabindex=\"0\">hofi\u00f0<\/span> Ekur sj\u00e1lft a\u00f0 mi\u00f0l\u00e6gum myndbera d\u00fdrkunar hans.<\/p>\t\t\t\t\t\t\t\t<\/div>\n\t\t\t\t\t<\/div>\n\t\t\t\t<\/div>\n\t\t<div class=\"elementor-element elementor-element-iwgw-enlil-s3 e-flex e-con-boxed e-con e-parent\" data-id=\"iwgw-enlil-s3\" data-element_type=\"container\" data-e-type=\"container\">\n\t\t\t\t\t<div class=\"e-con-inner\">\n\t\t\t\t<div class=\"elementor-element elementor-element-iwgw-enlil-s3h elementor-widget elementor-widget-heading\" data-id=\"iwgw-enlil-s3h\" data-element_type=\"widget\" data-e-type=\"widget\" data-widget_type=\"heading.default\">\n\t\t\t\t\t<h2 class=\"elementor-heading-title elementor-size-default\">Go\u00f0sagnakenndar fr\u00e1sagnir<\/h2>\t\t\t\t<\/div>\n\t\t\t\t<div class=\"elementor-element elementor-element-iwgw-enlil-s3t elementor-widget elementor-widget-text-editor\" data-id=\"iwgw-enlil-s3t\" data-element_type=\"widget\" data-e-type=\"widget\" data-widget_type=\"text-editor.default\">\n\t\t\t\t\t\t\t\t\t<p>Enlil kemur fram sem mi\u00f0l\u00e6gur gerandi \u00ed m\u00f6rgum s\u00famerskum og akkad\u00edskum go\u00f0s\u00f6gum. \u00cd sk\u00f6punargo\u00f0s\u00f6gum er honum eigna\u00f0 a\u00f0 hafa skili\u00f0 himin og j\u00f6r\u00f0 a\u00f0 og \u00feannig skapa\u00f0 r\u00fami\u00f0 sem l\u00edf g\u00e6ti \u00ferifist \u00ed. Sumir textar l\u00fdsa honum sem \u00feeim er fann upp h\u00f6kuna og ger\u00f0i mannkyninu \u00feannig kleift a\u00f0 stunda landb\u00fana\u00f0 og byggja upp menningu.<\/p><p>\u00deekkt fr\u00e1s\u00f6gn l\u00fdsir sambandi Enlils og korngu\u00f0sins Ninlil. \u00cd \u00feeirri s\u00f6gu hittir hinn ungi Enlil gy\u00f0juna vi\u00f0 vatni\u00f0, og sameining \u00feeirra lei\u00f0ir til f\u00e6\u00f0ingar nokkurra gu\u00f0a, \u00fear \u00e1 me\u00f0al tunglgu\u00f0sins.<\/p><p>Vegna yfirgangs s\u00edns er Enlil rekinn \u00ed undirheima af go\u00f0a\u00feinginu. Ninlil fylgir honum, og me\u00f0 r\u00f6\u00f0 frekari samfunda ver\u00f0a gu\u00f0ir undirheimanna til. Fr\u00e1s\u00f6gnin tengir \u00e1 eftirtektarver\u00f0an h\u00e1tt sekt, refsingu og tilur\u00f0 mikilv\u00e6gra gu\u00f0legra vera.<\/p><p>S\u00e9rstaklega \u00e1hrifamiki\u00f0 er hlutverk Enlils \u00ed fl\u00f3\u00f0s\u00f6gunum. \u00cd fr\u00e1s\u00f6gninni um Atrahasis og tengdum heimildum er \u00fea\u00f0 Enlil sem finnst vaxandi mannkyn valda truflun. Fyrst sendir hann s\u00f3ttir og \u00feurrka, og a\u00f0 lokum \u00e1kve\u00f0ur hann a\u00f0 senda hi\u00f0 mikla fl\u00f3\u00f0 til a\u00f0 tort\u00edma mannkyninu.<\/p><p>Hinn vitri gu\u00f0 Enki kemur \u00ed veg fyrir \u00feessa fyrir\u00e6tlun me\u00f0 \u00fev\u00ed a\u00f0 vara vi\u00f0 mann sem byggir b\u00e1t og lifir af. \u00deessi go\u00f0sagnalega mynd, \u00fear sem Enlil kemur fram sem hin rei\u00f0a og Enki sem hin bjargandi m\u00e1ttarv\u00f6ld, hefur m\u00f3ta\u00f0 mes\u00f3p\u00f3tam\u00edska hugmynd um \u00feessa tvo gu\u00f0i varanlega.<\/p><p>\u00cd fr\u00e1s\u00f6gninni um fuglinn Anzu leikur Enlil einnig lykilhlutverk. Fuglinn Anzu r\u00e6nir hinum svok\u00f6llu\u00f0u \u00f6rlagat\u00f6flum, hlut sem t\u00e1knar valdi\u00f0 yfir hinum kosm\u00edsku \u00e1kv\u00f6r\u00f0unum.<\/p><p>A\u00f0eins eftir bardaga eru t\u00f6flurnar endurheimtar. \u00deessi \u00fe\u00e1ttur undirstrikar a\u00f0 valdi\u00f0 yfir \u00f6rl\u00f6gunum er n\u00e1tengt Enlil og a\u00f0 tap \u00feess h\u00f3tar heimsskipulaginu sj\u00e1lfu.<\/p>\t\t\t\t\t\t\t\t<\/div>\n\t\t\t\t\t<\/div>\n\t\t\t\t<\/div>\n\t\t<div class=\"elementor-element elementor-element-iwgw-enlil-s4 e-flex e-con-boxed e-con e-parent\" data-id=\"iwgw-enlil-s4\" data-element_type=\"container\" data-e-type=\"container\">\n\t\t\t\t\t<div class=\"e-con-inner\">\n\t\t\t\t<div class=\"elementor-element elementor-element-iwgw-enlil-s4h elementor-widget elementor-widget-heading\" data-id=\"iwgw-enlil-s4h\" data-element_type=\"widget\" data-e-type=\"widget\" data-widget_type=\"heading.default\">\n\t\t\t\t\t<h2 class=\"elementor-heading-title elementor-size-default\">D\u00fdrkun og tilbei\u00f0sla<\/h2>\t\t\t\t<\/div>\n\t\t\t\t<div class=\"elementor-element elementor-element-iwgw-enlil-s4t elementor-widget elementor-widget-text-editor\" data-id=\"iwgw-enlil-s4t\" data-element_type=\"widget\" data-e-type=\"widget\" data-widget_type=\"text-editor.default\">\n\t\t\t\t\t\t\t\t\t<p>Mi\u00f0st\u00f6\u00f0 tilbei\u00f0slu Enlils var borgin Nippur \u00ed su\u00f0urhluta Mes\u00f3p\u00f3tam\u00edu. Nippur var ekki mikilv\u00e6gur p\u00f3lit\u00edskur valdasetur, heldur borg sem skilgreindist fyrst og fremst af tr\u00faarlegu hlutverki s\u00ednu. \u00deetta afst\u00e6\u00f0a p\u00f3lit\u00edska hlutleysi ger\u00f0i hana a\u00f0 sameiginlegu <span class=\"iwg-fachbegriff\" data-tooltip=\"Heilagur sta\u00f0ur tileinka\u00f0ur tilbei\u00f0slu \u00e1 gu\u00f0i.\" tabindex=\"0\">helgista\u00f0<\/span> keppandi borgr\u00edkja.<\/p><p><span class=\"iwg-fachbegriff\" data-tooltip=\"Bygging sem er tileinku\u00f0 tilbei\u00f0slu einnar e\u00f0a fleiri gu\u00f0a.\" tabindex=\"0\">Hofi\u00f0<\/span> Ekur var tali\u00f0 vera sta\u00f0urinn \u00fear sem konungd\u00f3mur var veittur og sta\u00f0festur. Til <span class=\"iwg-fachbegriff\" data-tooltip=\"Heilagur sta\u00f0ur tileinka\u00f0ur tilbei\u00f0slu \u00e1 gu\u00f0i.\" tabindex=\"0\">helgista\u00f0arins<\/span> heyr\u00f0i s\u00edkk\u00faratan, sem kemur fram \u00ed heimildum undir nafninu Eduranki, nafn sem v\u00edsar til tengingar himins og jar\u00f0ar og einkenndi Nippur sem \u00e1saxpunkt heimsins.<\/p><p>H\u00f6f\u00f0ingjar s\u00famersku borgr\u00edkjanna, Akkad-veldisins og \u00feri\u00f0ju konungs\u00e6ttar \u00dar l\u00e9tu byggja \u00ed Nippur, g\u00e1fu heitgjafir og l\u00f6g\u00f0u \u00e1herslu \u00e1 velvild Enlils \u00ed \u00e1letrunum s\u00ednum.<\/p><p>\u00deegar hinn fornh\u00e1skonungur Ur-Nan\u0161e fr\u00e1 Lagash, og s\u00ed\u00f0ar Eannatum, v\u00edsu\u00f0u til Enlils, ger\u00f0u Sargon fr\u00e1 Akkad og sonarsonur hans Naram-Sin \u00fea\u00f0 s\u00f6mulei\u00f0is. Undir \u00feri\u00f0ju konungs\u00e6tt \u00dar l\u00e9tu Ur-Nammu og Shulgi endurbyggja Ekur \u00ed miklum m\u00e6li.<\/p><p>S\u00e1 sem Enlil vi\u00f0urkenndi sem r\u00e9ttm\u00e6tan h\u00f6f\u00f0ingja gat gert v\u00ed\u00f0t\u00e6ka valdakr\u00f6fu. \u00deessi hugmyndafr\u00e6\u00f0ilega virkni Enlil-\u00e1tr\u00fana\u00f0arins var st\u00f6\u00f0ug um margar aldir.<\/p><p>Til <span class=\"iwg-fachbegriff\" data-tooltip=\"Heild tr\u00faarlegra tilbei\u00f0sluathafna fyrir gu\u00f0 e\u00f0a heilaga veru.\" tabindex=\"0\">\u00e1tr\u00fana\u00f0arins<\/span> heyr\u00f0u regluleg <span class=\"iwg-fachbegriff\" data-tooltip=\"Gj\u00f6f til gu\u00f0s til a\u00f0 tj\u00e1 \u00feakkl\u00e6ti, b\u00f3n e\u00f0a tilbei\u00f0slu.\" tabindex=\"0\">f\u00f3rn<\/span>, s\u00e1lmar og h\u00e1t\u00ed\u00f0arathafnir. Hofdagatal Nippur haf\u00f0i fastar h\u00e1t\u00ed\u00f0ir, \u00fear \u00e1 me\u00f0al athafnir \u00ed tengslum vi\u00f0 s\u00e1ningu og uppskeru og n\u00fd\u00e1rsfagna\u00f0inn.<\/p><p>Fj\u00f6lmennur prestaskari s\u00e1 um <span class=\"iwg-fachbegriff\" data-tooltip=\"Heilagur sta\u00f0ur tileinka\u00f0ur tilbei\u00f0slu \u00e1 gu\u00f0i.\" tabindex=\"0\">helgista\u00f0inn<\/span>, haf\u00f0i umsj\u00f3n me\u00f0 l\u00f6ndum hans og framkv\u00e6mdi hina daglegu <span class=\"iwg-fachbegriff\" data-tooltip=\"Heild tr\u00faarlegra tilbei\u00f0sluathafna fyrir gu\u00f0 e\u00f0a heilaga veru.\" tabindex=\"0\">tilbei\u00f0slu<\/span>, sem f\u00f3l \u00ed s\u00e9r f\u00e6\u00f0ugj\u00f6f til gu\u00f0amyndarins, hreinsunarathafnir og upplestur s\u00e1lma.<\/p><p>Efnahagslegt v\u00e6gi Ekur var talsvert, enda haf\u00f0i <span class=\"iwg-fachbegriff\" data-tooltip=\"Bygging sem er tileinku\u00f0 tilbei\u00f0slu einnar e\u00f0a fleiri gu\u00f0a.\" tabindex=\"0\">hofi\u00f0<\/span> yfir a\u00f0 r\u00e1\u00f0a akra, hjar\u00f0ir og vinnuafl. Hofskjalas\u00f6fn fr\u00e1 Nippur eru me\u00f0al mikilv\u00e6gustu heimilda um f\u00e9lagslega og efnahagslega s\u00f6gu sv\u00e6\u00f0isins.<\/p><p>Vi\u00f0 hli\u00f0 Enlils st\u00f3\u00f0 eiginkona hans, Ninlil, sem \u00e1tti sinn eigin <span class=\"iwg-fachbegriff\" data-tooltip=\"Heilagur sta\u00f0ur tileinka\u00f0ur tilbei\u00f0slu \u00e1 gu\u00f0i.\" tabindex=\"0\">helgista\u00f0<\/span> \u00ed Nippur. A\u00f0rir gu\u00f0ir voru einnig tengdir Ekur og umhverfi \u00feess, \u00fear \u00e1 me\u00f0al \u00fej\u00f3nn Enlils og r\u00e1\u00f0gjafi hans, Nuska, \u00feannig a\u00f0 hofsv\u00e6\u00f0i\u00f0 tengdi saman heilt net tr\u00faarlegra sambanda.<\/p><p>H\u00f3pur b\u00f3kmenntatexta, hinar svok\u00f6llu\u00f0u hoftalss\u00e1lmar, og harmakv\u00e6\u00f0i um ey\u00f0ingu Nippur s\u00fdna hversu sterkt borgin var upplifu\u00f0 sem tr\u00faarlegt <span class=\"iwg-fachbegriff\" data-tooltip=\"Sk\u00fdr mynd sem t\u00e1knar hugmyndalegt hugtak.\" tabindex=\"0\">sinnismerki<\/span>, \u00fear sem ey\u00f0ing hennar var talin heimsslys.<\/p>\t\t\t\t\t\t\t\t<\/div>\n\t\t\t\t\t<\/div>\n\t\t\t\t<\/div>\n\t\t<div class=\"elementor-element elementor-element-iwgw-enlil-s5 e-flex e-con-boxed e-con e-parent\" data-id=\"iwgw-enlil-s5\" data-element_type=\"container\" data-e-type=\"container\">\n\t\t\t\t\t<div class=\"e-con-inner\">\n\t\t\t\t<div class=\"elementor-element elementor-element-iwgw-enlil-s5h elementor-widget elementor-widget-heading\" data-id=\"iwgw-enlil-s5h\" data-element_type=\"widget\" data-e-type=\"widget\" data-widget_type=\"heading.default\">\n\t\t\t\t\t<h2 class=\"elementor-heading-title elementor-size-default\">Verndara\u00f0ger\u00f0ir og fr\u00e1hrindandi t\u00e1kn<\/h2>\t\t\t\t<\/div>\n\t\t\t\t<div class=\"elementor-element elementor-element-iwgw-enlil-s5t elementor-widget elementor-widget-text-editor\" data-id=\"iwgw-enlil-s5t\" data-element_type=\"widget\" data-e-type=\"widget\" data-widget_type=\"text-editor.default\">\n\t\t\t\t\t\t\t\t\t<p>\u00cd daglegu tr\u00faarl\u00edfi Mes\u00f3p\u00f3tam\u00edu var leita\u00f0 til Enlils fyrst og fremst me\u00f0 b\u00e6num og lofs\u00f6ngvum sem vi\u00f0urkenndu m\u00e1tt hans og b\u00e1\u00f0u um velvild hans. \u00dear sem Enlil var talinn r\u00e1\u00f0a \u00f6rl\u00f6gum var afar mikilv\u00e6gt a\u00f0 var\u00f0veita velvild hans og reita ekki rei\u00f0i hans.<\/p><p>I\u00f0runarb\u00e6nir og harmlj\u00f3\u00f0, \u00fear sem f\u00f3lk t\u00falka\u00f0i \u00f3g\u00e6fu s\u00edna sem aflei\u00f0ingu gu\u00f0legrar rei\u00f0i, voru a\u00f0 hluta til einnig \u00e6tla\u00f0ar honum e\u00f0a \u00feeim gu\u00f0um sem honum voru tengdir.<\/p><p>\u00cd hugmyndaheimi Mes\u00f3p\u00f3tam\u00edu var \u00fe\u00e9ttri\u00f0i\u00f0 kerfi galdra\u00feula og fr\u00e1hrindandi (apotropa\u00edskra) athafna sem f\u00f3lk beitti til a\u00f0 verjast sj\u00fakd\u00f3mum, \u00f3g\u00e6fu og illum \u00f6flum. Enlil sj\u00e1lfur var \u00fe\u00f3 ekki verndargu\u00f0 \u00ed eiginlegri merkingu sem leita\u00f0 var til \u00ed beinum v\u00f6rnum gegn illum \u00f6ndum.<\/p><p>\u00dev\u00ed hlutverki sinntu fremur galdramenn og \u00e1kve\u00f0nir gu\u00f0ir og verndandi <span class=\"iwg-fachbegriff\" data-tooltip=\"Vera sem sameinar einkenni \u00fdmissa lifandi vera.\" tabindex=\"0\">samsettar verur<\/span>. Gegn hinni \u00f3gnv\u00e6nlegu skass <a href=\"https:\/\/iwell-guard.com\/is\/lamashtu\/\">Lamashtu<\/a> var til a\u00f0 mynda k\u00f6llu\u00f0 fram hj\u00e1lp illa andans <a href=\"https:\/\/iwell-guard.com\/is\/pazuzu\/\">Pazuzu<\/a>, ekki Enlils.<\/p><p>\u00der\u00e1tt fyrir \u00feetta snerti Enlil svi\u00f0 verndar \u00e1 \u00f6\u00f0ru og h\u00e6rra plani. \u00dear sem hann var talinn \u00e1byrgjast heimsskipan og stj\u00f3rnm\u00e1lalega reglu trygg\u00f0i velvild hans \u00feann st\u00f6\u00f0ugleika sem ger\u00f0i mannlegt l\u00edf yfirleitt m\u00f6gulegt.<\/p><p>Konungur sem haf\u00f0i sta\u00f0festingu Enlils leit \u00e1 r\u00edki sitt sem varnarm\u00far gegn glundro\u00f0a og fjendum. \u00cd \u00feessum v\u00ed\u00f0ari skilningi var Enlil skipulagsvald sem \u00fear me\u00f0 veitti \u00f3beina vernd.<\/p>\t\t\t\t\t\t\t\t<\/div>\n\t\t\t\t\t<\/div>\n\t\t\t\t<\/div>\n\t\t<div class=\"elementor-element elementor-element-iwgw-enlil-s6 e-flex e-con-boxed e-con e-parent\" data-id=\"iwgw-enlil-s6\" data-element_type=\"container\" data-e-type=\"container\">\n\t\t\t\t\t<div class=\"e-con-inner\">\n\t\t\t\t<div class=\"elementor-element elementor-element-iwgw-enlil-s6h elementor-widget elementor-widget-heading\" data-id=\"iwgw-enlil-s6h\" data-element_type=\"widget\" data-e-type=\"widget\" data-widget_type=\"heading.default\">\n\t\t\t\t\t<h2 class=\"elementor-heading-title elementor-size-default\">Hli\u00f0st\u00e6\u00f0ur \u00ed \u00f6\u00f0rum menningarheimum<\/h2>\t\t\t\t<\/div>\n\t\t\t\t<div class=\"elementor-element elementor-element-iwgw-enlil-s6t elementor-widget elementor-widget-text-editor\" data-id=\"iwgw-enlil-s6t\" data-element_type=\"widget\" data-e-type=\"widget\" data-widget_type=\"text-editor.default\">\n\t\t\t\t\t\t\t\t\t<p>Ger\u00f0 storm- og ve\u00f0urgu\u00f0s \u00ed broddi e\u00f0a mi\u00f0ju go\u00f0afylkis kemur fyrir \u00ed fj\u00f6lm\u00f6rgum menningarheimum Austurlanda n\u00e6r hins forna og Mi\u00f0jar\u00f0arhafssv\u00e6\u00f0isins. \u00c1 hurr\u00edska og het\u00edska sv\u00e6\u00f0inu gegnir ve\u00f0urgu\u00f0inn Teshub samb\u00e6rilegu mi\u00f0l\u00e6gu hlutverki.<\/p><p>\u00cd S\u00fdrlandi og Levant\u00ednuh\u00e9ru\u00f0um er ve\u00f0urgu\u00f0inn Hadad e\u00f0a Baal \u00e1hrifamikil vera sem birtir rigningu og frj\u00f3semi, en einnig ey\u00f0ileggjandi \u00f3ve\u00f0ur.<\/p><p>Innan Mes\u00f3p\u00f3tam\u00edu sj\u00e1lfrar m\u00e1 sj\u00e1 athyglisver\u00f0a breytingu. Me\u00f0 stj\u00f3rnm\u00e1lalegri uppgangi Bab\u00fdlonar t\u00f3k borgargu\u00f0inn Marduk yfir m\u00f6rg hlutverk sem \u00e1\u00f0ur tilheyr\u00f0u Enlil.<\/p><p>\u00cd bab\u00fdlonska sk\u00f6punarkv\u00e6\u00f0inu Enuma Elish er Marduk hylltur konungur gu\u00f0anna og f\u00e6r titla sem minna \u00e1 fornan tignarheiti Enlils. \u00cd sumum textum er hann jafnvel kalla\u00f0ur Enlil gu\u00f0anna, sem hei\u00f0urstitill fyrir Marduk. \u00cd Ass\u00fdr\u00edu t\u00f3k r\u00edkisgu\u00f0inn Assur a\u00f0 s\u00e9r svipu\u00f0 hlutverk.<\/p><p>Beinn samanbur\u00f0ur vi\u00f0 gr\u00edska Seif e\u00f0a r\u00f3mverska J\u00fap\u00edter er a\u00f0eins m\u00f6gulegur me\u00f0 fyrirvara. \u00de\u00f3tt \u00feeir deili <span class=\"iwg-fachbegriff\" data-tooltip=\"Endurteki\u00f0 innihaldsatri\u00f0i \u00ed list e\u00f0a fr\u00e1s\u00f6gn.\" tabindex=\"0\">minni<\/span> hins \u00e6\u00f0sta gu\u00f0s me\u00f0 tengsl vi\u00f0 himin og ve\u00f0ur, eru tr\u00faarkerfin sem \u00feeir tilheyra grundvallar\u00f3l\u00edk. Sl\u00edkar hli\u00f0st\u00e6\u00f0ur ber fremur a\u00f0 skilja sem ger\u00f0fr\u00e6\u00f0ilega l\u00edkingu en s\u00f6guleg tengsl.<\/p>\t\t\t\t\t\t\t\t<\/div>\n\t\t\t\t\t<\/div>\n\t\t\t\t<\/div>\n\t\t<div class=\"elementor-element elementor-element-iwgw-enlil-s7 e-flex e-con-boxed e-con e-parent\" data-id=\"iwgw-enlil-s7\" data-element_type=\"container\" data-e-type=\"container\">\n\t\t\t\t\t<div class=\"e-con-inner\">\n\t\t\t\t<div class=\"elementor-element elementor-element-iwgw-enlil-s7h elementor-widget elementor-widget-heading\" data-id=\"iwgw-enlil-s7h\" data-element_type=\"widget\" data-e-type=\"widget\" data-widget_type=\"heading.default\">\n\t\t\t\t\t<h2 class=\"elementor-heading-title elementor-size-default\">N\u00fat\u00edmavi\u00f0t\u00f6kur og ranns\u00f3knir<\/h2>\t\t\t\t<\/div>\n\t\t\t\t<div class=\"elementor-element elementor-element-iwgw-enlil-s7t elementor-widget elementor-widget-text-editor\" data-id=\"iwgw-enlil-s7t\" data-element_type=\"widget\" data-e-type=\"widget\" data-widget_type=\"text-editor.default\">\n\t\t\t\t\t\t\t\t\t<p>Enlil er \u00ed n\u00fat\u00edma ass\u00fdr\u00edufr\u00e6\u00f0um \u00edtarlega ranns\u00f6ku\u00f0 vera. Uppgreftrir \u00ed Nippur, sem ger\u00f0ir voru af bandar\u00edskum lei\u00f0angrum fr\u00e1 lokum n\u00edtj\u00e1ndu aldar og s\u00ed\u00f0ar \u00ed samvinnu vi\u00f0 \u00edraskar stofnanir me\u00f0 hl\u00e9um, hafa skila\u00f0 einstaklega r\u00edkri <span class=\"iwg-fachbegriff\" data-tooltip=\"A\u00f0 skila \u00e1fram \u00feekkingu og fr\u00e1s\u00f6gnum milli kynsl\u00f3\u00f0a.\" tabindex=\"0\">munnm\u00e6lahef\u00f0<\/span>.<\/p><p>\u00de\u00fasundir fleygr\u00fanatafla, \u00fear \u00e1 me\u00f0al b\u00f3kmenntatextar, lofs\u00f6ngvar og skjalfestar heimildir, veita \u00edtarlegt innlit \u00ed <span class=\"iwg-fachbegriff\" data-tooltip=\"Heild tr\u00faarlegra tilbei\u00f0sluathafna fyrir gu\u00f0 e\u00f0a heilaga veru.\" tabindex=\"0\">helgisi\u00f0i<\/span> Enlils og s\u00f6gu hans. Verulegur hluti hinnar kunnu s\u00famersku sk\u00f3lab\u00f3kmenntar kemur fr\u00e1 Nippur, enda var borgin mi\u00f0st\u00f6\u00f0 fr\u00e6\u00f0imenntunar skrifara.<\/p><p>Ranns\u00f3knir hafa s\u00e9rstakan \u00e1huga \u00e1 \u00fev\u00ed hvernig tr\u00faarlegt vald og stj\u00f3rnm\u00e1lalegur m\u00e1ttur tengdust \u00ed hinni fornu Mes\u00f3p\u00f3tam\u00edu. D\u00e6mi Enlils er h\u00e9r lykilatri\u00f0i, \u00fev\u00ed borgin, sem skilgreind var tr\u00faarlega, veitti \u00fear \u00f6ldum saman l\u00f6gm\u00e6ti misjafnra r\u00edkjenda.<\/p><p>\u00c1 sama h\u00e1tt er hin sm\u00e1m saman f\u00e6rsla hinnar \u00e6\u00f0stu go\u00f0atignar fr\u00e1 Enlil til Marduk ranns\u00f6ku\u00f0 sem d\u00e6mi um tr\u00faarlegar breytingar \u00ed kj\u00f6lfar stj\u00f3rnm\u00e1lalegra umbrota. Einnig er r\u00e6tt hversu miki\u00f0 Enlil h\u00e9lt sj\u00e1lfst\u00e6\u00f0ri pers\u00f3nu og hversu miki\u00f0 hann var\u00f0 a\u00f0 einskonar titli og hlutverki sem yfirf\u00e6r\u00f0ur var \u00e1 a\u00f0ra gu\u00f0i.<\/p><p>Anna\u00f0 \u00e1herslusvi\u00f0 er tv\u00edr\u00e6\u00f0ni Enlils. Textarnir s\u00fdna hann ekki sem \u00f3sliti\u00f0 g\u00f3\u00f0vilja\u00f0an gu\u00f0, heldur sem m\u00e1tt sem r\u00e6\u00f0ur jafnt <span class=\"iwg-fachbegriff\" data-tooltip=\"Blessun og verndarheit, oft \u00ed f\u00f6stu m\u00e1lfarslegu formi.\" tabindex=\"0\">blessun<\/span> og ey\u00f0ingu. Tr\u00faarfr\u00e6\u00f0ilega er \u00feessi spenna s\u00e9rlega uppl\u00fdsandi, \u00fev\u00ed h\u00fan s\u00fdnir a\u00f0 <span class=\"iwg-fachbegriff\" data-tooltip=\"V\u00edsindaleg umfj\u00f6llun um gu\u00f0 og tr\u00fa tiltekinnar tr\u00faarbrag\u00f0a.\" tabindex=\"0\">gu\u00f0fr\u00e6\u00f0i<\/span> Mes\u00f3p\u00f3tam\u00edu h\u00e9lt hinu illa ekki fjarri hinni \u00e6\u00f0stu <span class=\"iwg-fachbegriff\" data-tooltip=\"Vera sem er tilbe\u00f0in sem gu\u00f0leg innan tr\u00faarbrag\u00f0a.\" tabindex=\"0\">go\u00f0veru<\/span>, heldur felldi \u00fea\u00f0 inn \u00ed e\u00f0li hennar.<\/p><p>\u00cd almennri umr\u00e6\u00f0u er Enlil fyrst og fremst kunnur af fl\u00f3\u00f0s\u00f6gunum, enda hafa \u00fe\u00e6r veri\u00f0 miki\u00f0 til umr\u00e6\u00f0u \u00ed tengslum vi\u00f0 hina bibl\u00edulegu syndafl\u00f3\u00f0s\u00f6gn.<\/p><p>\u00dear er varf\u00e6rni nau\u00f0synleg, \u00fev\u00ed vins\u00e6lar framsetningar einfalda oft fl\u00f3kna heimildast\u00f6\u00f0u til muna. Alvarlegri umfj\u00f6llun um Enlil byggir \u00e1 \u00fatgefnum fleygr\u00fanatextum og fr\u00e6\u00f0ilegum ritum sem setja hlutverk hans \u00ed s\u00f6gulegt og menningarlegt samhengi.<\/p>\t\t\t\t\t\t\t\t<\/div>\n\t\t\t\t\t<\/div>\n\t\t\t\t<\/div>\n\t\t<div class=\"elementor-element elementor-element-iwgw-enlil-lit e-flex e-con-boxed e-con e-parent\" data-id=\"iwgw-enlil-lit\" data-element_type=\"container\" data-e-type=\"container\">\n\t\t\t\t\t<div class=\"e-con-inner\">\n\t\t\t\t<div class=\"elementor-element elementor-element-iwgw-enlil-lith elementor-widget elementor-widget-heading\" data-id=\"iwgw-enlil-lith\" data-element_type=\"widget\" data-e-type=\"widget\" data-widget_type=\"heading.default\">\n\t\t\t\t\t<h2 class=\"elementor-heading-title elementor-size-default\">Heimildir (\u00farval)<\/h2>\t\t\t\t<\/div>\n\t\t\t\t<div class=\"elementor-element elementor-element-iwgw-enlil-litt elementor-widget elementor-widget-text-editor\" data-id=\"iwgw-enlil-litt\" data-element_type=\"widget\" data-e-type=\"widget\" data-widget_type=\"text-editor.default\">\n\t\t\t\t\t\t\t\t\t<ul><li>Jean Bott\u00e9ro: <em>Die \u00e4lteste Religion. Mesopotamien<\/em> (2001)<\/li><li><span data-nosnippet>Jeremy Black, Anthony Green: <em>Gods, Demons and Symbols of Ancient Mesopotamia<\/em> (1992)<\/span><\/li><li>Thorkild Jacobsen: <em>The Treasures of Darkness. A History of Mesopotamian Religion<\/em> (1976)<\/li><li>Wilfred G. Lambert: <em>Babylonian Creation Myths<\/em> (2013)<\/li><li>Stefan M. Maul: <em>Das Gilgamesch-Epos<\/em> (2005)<\/li><\/ul>\t\t\t\t\t\t\t\t<\/div>\n\t\t\t\t\t<\/div>\n\t\t\t\t<\/div>\n\t\t<div class=\"elementor-element elementor-element-iwgkw2-add-enlil e-flex e-con-boxed e-con e-parent\" data-id=\"iwgkw2-add-enlil\" data-element_type=\"container\" data-e-type=\"container\">\n\t\t\t\t\t<div class=\"e-con-inner\">\n\t\t\t\t<div class=\"elementor-element elementor-element-iwgkw2-add-enlil-t elementor-widget elementor-widget-text-editor\" data-id=\"iwgkw2-add-enlil-t\" data-element_type=\"widget\" data-e-type=\"widget\" data-widget_type=\"text-editor.default\">\n\t\t\t\t\t\t\t\t\t<p>Enlil er talinn helsti gu\u00f0 <em>Mes\u00f3p\u00f3tam\u00edu<\/em>, sem stj\u00f3rna\u00f0i fr\u00e1 Nippur vindi, stormi og konungd\u00f3mi, og kemur fram \u00ed s\u00famerskum og akkad\u00edskum lofs\u00f6ngvum sem \u00e6\u00f0sti forsvarsma\u00f0ur hins mikla go\u00f0a\u00feings.<\/p>\t\t\t\t\t\t\t\t<\/div>\n\t\t\t\t\t<\/div>\n\t\t\t\t<\/div>\n\t\t<div class=\"elementor-element elementor-element-iwgw-enlil-kwd e-flex e-con-boxed e-con e-parent\" data-id=\"iwgw-enlil-kwd\" data-element_type=\"container\" data-e-type=\"container\">\n\t\t\t\t\t<div class=\"e-con-inner\">\n\t\t\t\t<div class=\"elementor-element elementor-element-iwgw-enlil-kwdt elementor-widget elementor-widget-text-editor\" data-id=\"iwgw-enlil-kwdt\" data-element_type=\"widget\" data-e-type=\"widget\" data-widget_type=\"text-editor.default\">\n\t\t\t\t\t\t\t\t\t<p><em>Tengd leitaror\u00f0: Enlil Nippur Ekur S\u00famer Akkad stormgu\u00f0 go\u00f0ar\u00e1\u00f0 \u00f6rlagat\u00f6flur Ninlil.<\/em><\/p>\t\t\t\t\t\t\t\t<\/div>\n\t\t\t\t\t<\/div>\n\t\t\t\t<\/div>\n\t\t<div class=\"elementor-element elementor-element-iwgw-enlil-cc e-flex e-con-boxed e-con e-parent\" data-id=\"iwgw-enlil-cc\" data-element_type=\"container\" data-e-type=\"container\" id=\"iwg-cc-enlil\">\n\t\t\t\t\t<div class=\"e-con-inner\">\n\t\t<div class=\"elementor-element elementor-element-iwgw-enlil-ccinner e-flex e-con-boxed e-con e-parent\" data-id=\"iwgw-enlil-ccinner\" data-element_type=\"container\" data-e-type=\"container\" data-settings=\"{&quot;background_background&quot;:&quot;classic&quot;}\">\n\t\t\t\t\t<div class=\"e-con-inner\">\n\t\t\t\t<div class=\"elementor-element elementor-element-iwgw-enlil-cch elementor-widget elementor-widget-heading\" data-id=\"iwgw-enlil-cch\" data-element_type=\"widget\" data-e-type=\"widget\" data-widget_type=\"heading.default\">\n\t\t\t\t\t<h2 class=\"elementor-heading-title elementor-size-default\">iWell Guard og verndarhef\u00f0ir<\/h2>\t\t\t\t<\/div>\n\t\t\t\t<div class=\"elementor-element elementor-element-iwgw-enlil-cct elementor-widget elementor-widget-text-editor\" data-id=\"iwgw-enlil-cct\" data-element_type=\"widget\" data-e-type=\"widget\" data-widget_type=\"text-editor.default\">\n\t\t\t\t\t\t\t\t\t<div data-nosnippet=\"true\"><p>iWell Guard tengist menningars\u00f6gulegri hef\u00f0 bur\u00f0arh\u00e6fra verndargripa, \u00ed hef\u00f0 <a href=\"https:\/\/iwell-guard.com\/is\/mesopotamia\/\">Mes\u00f3p\u00f3tam\u00edu<\/a> og margra annarra menningarheima v\u00ed\u00f0a um heim. 41 lag, alv\u00f6ru gull, plat\u00edna, silfur, framleitt \u00ed \u00de\u00fdskalandi. 30 daga skilar\u00e9ttur.<\/p><\/div>\t\t\t\t\t\t\t\t<\/div>\n\t\t\t\t<div class=\"elementor-element elementor-element-iwgw-enlil-ccb iwg-cc-button iwg-cc-cta-2026-05-13 elementor-widget elementor-widget-jet-button\" data-id=\"iwgw-enlil-ccb\" data-element_type=\"widget\" data-e-type=\"widget\" data-widget_type=\"jet-button.default\">\n\t\t\t\t<div class=\"elementor-widget-container\">\n\t\t\t\t\t<div class=\"elementor-jet-button jet-elements\"><div class=\"jet-button__container\"><a class=\"jet-button__instance jet-button__instance--icon-left hover-effect-1\" href=\"\/ueber-iwell-guard\/?utm_source=iwell-guard.com&amp;utm_medium=info-box&amp;utm_campaign=wesen-tradition\"><div class=\"jet-button__plane jet-button__plane-normal\"><\/div><div class=\"jet-button__plane jet-button__plane-hover\"><\/div><div class=\"jet-button__state jet-button__state-normal\"><span class=\"jet-button__label\">Meira um iWell Guard<\/span><\/div><div class=\"jet-button__state jet-button__state-hover\"><span class=\"jet-button__label\">Meira um iWell Guard<\/span><\/div><\/a><\/div><\/div><style>.elementor-element.elementor-element-iwgw-enlil-ccb .jet-button__instance{width:320px;height:56px;}.elementor-element.elementor-element-iwgw-enlil-ccb .jet-button__state-normal .jet-button__label{text-align:center;margin:0px 0px 0px 0px;color:#1a1b20;font-family:Montserrat,sans-serif;font-size:13px;font-weight:400;letter-spacing:4px;line-height:1.714em;text-transform:uppercase;}.elementor-element.elementor-element-iwgw-enlil-ccb .jet-button__state-hover .jet-button__label{text-align:center;margin:0px 0px 0px 0px;color:#FECC76;font-family:Montserrat,sans-serif;font-size:13px;font-weight:400;letter-spacing:4px;line-height:1.714em;text-transform:uppercase;}.elementor-element.elementor-element-iwgw-enlil-ccb .jet-button__plane-normal{background-color:#FECC76;border-style:solid;border-color:#C99540;border-width:2px 2px 2px 2px;}.elementor-element.elementor-element-iwgw-enlil-ccb .jet-button__plane-hover{background-color:rgba(0,0,0,0.55);border-style:solid;border-color:#FECC76;border-width:2px 2px 2px 2px;}<\/style>\t\t\t\t<\/div>\n\t\t\t\t<\/div>\n\t\t\t\t<div class=\"elementor-element elementor-element-iwgw-enlil-ccd elementor-widget elementor-widget-text-editor\" data-id=\"iwgw-enlil-ccd\" data-element_type=\"widget\" data-e-type=\"widget\" data-widget_type=\"text-editor.default\">\n\t\t\t\t\t\t\t\t\t<div data-nosnippet=\"true\"><p style=\"text-align:center;font-size:13px;opacity:0.7;margin-top:14px\" data-nosnippet=\"true\">Pers\u00f3nuleg reynsla getur veri\u00f0 mismunandi. Ekki l\u00e6kningat\u00e6ki. Engin lofor\u00f0 um l\u00e6kningu.<\/p><\/div>\t\t\t\t\t\t\t\t<\/div>\n\t\t\t\t\t<\/div>\n\t\t\t\t<\/div>\n\t\t\t\t\t<\/div>\n\t\t\t\t<\/div>\n\t\t<div class=\"elementor-element elementor-element-iwgw-enlil-disc e-flex e-con-boxed e-con e-parent\" data-id=\"iwgw-enlil-disc\" data-element_type=\"container\" data-e-type=\"container\">\n\t\t\t\t\t<div class=\"e-con-inner\">\n\t\t\t\t<div class=\"elementor-element elementor-element-iwgw-enlil-discw elementor-widget elementor-widget-html\" data-id=\"iwgw-enlil-discw\" data-element_type=\"widget\" data-e-type=\"widget\" data-widget_type=\"html.default\">\n\t\t\t\t\t<footer data-nosnippet=\"true\" class=\"iwg-disclaimer-block\"><p data-nosnippet=\"true\">iWell Guard er <strong>ekki l\u00e6kningat\u00e6ki<\/strong> og kemur ekki \u00ed sta\u00f0inn fyrir l\u00e6knis- e\u00f0a s\u00e1lfr\u00e6\u00f0ime\u00f0fer\u00f0. Tr\u00faarfr\u00e6\u00f0ilegt efni er menningars\u00f6gulegt samhengi, ekki r\u00e1\u00f0legging um andlega i\u00f0kun.<\/p><\/footer>\t\t\t\t<\/div>\n\t\t\t\t\t<\/div>\n\t\t\t\t<\/div>\n\t\t\t\t<\/div>\n\t\t","protected":false},"excerpt":{"rendered":"","protected":false},"author":3,"featured_media":3381,"parent":0,"menu_order":0,"comment_status":"closed","ping_status":"closed","template":"elementor_header_footer","meta":{"_yoast_wpseo_focuskw":"Enlil mes\u00f3p\u00f3tam\u00edskur gu\u00f0","_yoast_wpseo_title":"Enlil \u2013 mes\u00f3p\u00f3tam\u00edskur stormgu\u00f0 og herra pantheonsins","_yoast_wpseo_metadesc":"Enlil, vind- og stormgu\u00f0 Mes\u00f3p\u00f3tam\u00edu, st\u00f3\u00f0 \u00ed fararbroddi pantheonsins \u00ed Nippur og var talinn herra gu\u00f0ar\u00e1\u00f0sins.","_yoast_wpseo_meta-robots-noindex":"","_yoast_wpseo_canonical":"","_angie_page":false,"gefaehrdungsstufe":"3","wesen_kultur":"mesopotamien","wesen_klasse":"goetter","footnotes":""},"categories":[],"class_list":["post-169034","page","type-page","status-publish","has-post-thumbnail","hentry"],"yoast_head":"<!-- This site is optimized with the Yoast SEO Premium plugin v27.7 (Yoast SEO v28.3) - https:\/\/yoast.com\/product\/yoast-seo-premium-wordpress\/ -->\n<title>Enlil \u2013 mes\u00f3p\u00f3tam\u00edskur stormgu\u00f0 og herra pantheonsins<\/title>\n<meta name=\"description\" content=\"Enlil, vind- og stormgu\u00f0 Mes\u00f3p\u00f3tam\u00edu, st\u00f3\u00f0 \u00ed fararbroddi pantheonsins \u00ed Nippur og var talinn herra gu\u00f0ar\u00e1\u00f0sins.\" \/>\n<meta name=\"robots\" content=\"index, follow, max-snippet:-1, max-image-preview:large, max-video-preview:-1\" \/>\n<link rel=\"canonical\" href=\"https:\/\/iwell-guard.com\/is\/enlil-stormgud-herra-pantheonsins\/\" \/>\n<meta property=\"og:locale\" content=\"is_IS\" \/>\n<meta property=\"og:type\" content=\"article\" \/>\n<meta property=\"og:title\" content=\"Enlil \u2013 stormgu\u00f0 og herra pantheonsins\" \/>\n<meta property=\"og:description\" content=\"Enlil, vind- og stormgu\u00f0 Mes\u00f3p\u00f3tam\u00edu, st\u00f3\u00f0 \u00ed fararbroddi pantheonsins \u00ed Nippur og var talinn herra gu\u00f0ar\u00e1\u00f0sins.\" \/>\n<meta property=\"og:url\" content=\"https:\/\/iwell-guard.com\/is\/enlil-stormgud-herra-pantheonsins\/\" \/>\n<meta property=\"og:site_name\" content=\"iWell Guard\" \/>\n<meta property=\"article:modified_time\" content=\"2026-09-05T14:30:35+00:00\" \/>\n<meta property=\"og:image\" content=\"https:\/\/iwell-guard.com\/wp-content\/uploads\/2026\/05\/goetter_mesopotamien_enlil.webp\" \/>\n\t<meta property=\"og:image:width\" content=\"1024\" \/>\n\t<meta property=\"og:image:height\" content=\"1536\" \/>\n\t<meta property=\"og:image:type\" content=\"image\/webp\" \/>\n<meta name=\"twitter:card\" content=\"summary_large_image\" \/>\n<script type=\"application\/ld+json\" class=\"yoast-schema-graph\">{\"@context\":\"https:\\\/\\\/schema.org\",\"@graph\":[{\"@type\":\"WebPage\",\"@id\":\"https:\\\/\\\/iwell-guard.com\\\/is\\\/enlil-stormgud-herra-pantheonsins\\\/\",\"url\":\"https:\\\/\\\/iwell-guard.com\\\/is\\\/enlil-stormgud-herra-pantheonsins\\\/\",\"name\":\"Enlil \u2013 mes\u00f3p\u00f3tam\u00edskur stormgu\u00f0 og herra pantheonsins\",\"isPartOf\":{\"@id\":\"https:\\\/\\\/iwell-guard.com\\\/is\\\/#website\"},\"primaryImageOfPage\":{\"@id\":\"https:\\\/\\\/iwell-guard.com\\\/is\\\/enlil-stormgud-herra-pantheonsins\\\/#primaryimage\"},\"image\":{\"@id\":\"https:\\\/\\\/iwell-guard.com\\\/is\\\/enlil-stormgud-herra-pantheonsins\\\/#primaryimage\"},\"thumbnailUrl\":\"https:\\\/\\\/iwell-guard.com\\\/wp-content\\\/uploads\\\/2026\\\/05\\\/goetter_mesopotamien_enlil.webp\",\"datePublished\":\"2026-09-05T14:05:00+00:00\",\"dateModified\":\"2026-09-05T14:30:35+00:00\",\"description\":\"Enlil, vind- og stormgu\u00f0 Mes\u00f3p\u00f3tam\u00edu, st\u00f3\u00f0 \u00ed fararbroddi pantheonsins \u00ed Nippur og var talinn herra gu\u00f0ar\u00e1\u00f0sins.\",\"breadcrumb\":{\"@id\":\"https:\\\/\\\/iwell-guard.com\\\/is\\\/enlil-stormgud-herra-pantheonsins\\\/#breadcrumb\"},\"inLanguage\":\"is\",\"potentialAction\":[{\"@type\":\"ReadAction\",\"target\":[\"https:\\\/\\\/iwell-guard.com\\\/is\\\/enlil-stormgud-herra-pantheonsins\\\/\"]}]},{\"@type\":\"ImageObject\",\"inLanguage\":\"is\",\"@id\":\"https:\\\/\\\/iwell-guard.com\\\/is\\\/enlil-stormgud-herra-pantheonsins\\\/#primaryimage\",\"url\":\"https:\\\/\\\/iwell-guard.com\\\/wp-content\\\/uploads\\\/2026\\\/05\\\/goetter_mesopotamien_enlil.webp\",\"contentUrl\":\"https:\\\/\\\/iwell-guard.com\\\/wp-content\\\/uploads\\\/2026\\\/05\\\/goetter_mesopotamien_enlil.webp\",\"width\":1024,\"height\":1536,\"caption\":\"Gu\u00f0ir \u00far mes\u00f3p\u00f3tam\u00edskri hef\u00f0.\"},{\"@type\":\"BreadcrumbList\",\"@id\":\"https:\\\/\\\/iwell-guard.com\\\/is\\\/enlil-stormgud-herra-pantheonsins\\\/#breadcrumb\",\"itemListElement\":[{\"@type\":\"ListItem\",\"position\":1,\"name\":\"Start\",\"item\":\"https:\\\/\\\/iwell-guard.com\\\/is\\\/?page_id=168580\"},{\"@type\":\"ListItem\",\"position\":2,\"name\":\"Enlil \u2013 stormgu\u00f0 og herra pantheonsins\"}]},{\"@type\":\"WebSite\",\"@id\":\"https:\\\/\\\/iwell-guard.com\\\/is\\\/#website\",\"url\":\"https:\\\/\\\/iwell-guard.com\\\/is\\\/\",\"name\":\"iWell Guard\",\"description\":\"Schutz vor dunklen Einfl\u00fcssen\",\"publisher\":{\"@id\":\"https:\\\/\\\/iwell-guard.com\\\/is\\\/#organization\"},\"potentialAction\":[{\"@type\":\"SearchAction\",\"target\":{\"@type\":\"EntryPoint\",\"urlTemplate\":\"https:\\\/\\\/iwell-guard.com\\\/is\\\/?s={search_term_string}\"},\"query-input\":{\"@type\":\"PropertyValueSpecification\",\"valueRequired\":true,\"valueName\":\"search_term_string\"}}],\"inLanguage\":\"is\"},{\"@type\":\"Organization\",\"@id\":\"https:\\\/\\\/iwell-guard.com\\\/is\\\/#organization\",\"name\":\"Ittermann electronic GmbH\",\"url\":\"https:\\\/\\\/iwell-guard.com\\\/is\\\/\",\"logo\":{\"@type\":\"ImageObject\",\"inLanguage\":\"is\",\"@id\":\"https:\\\/\\\/iwell-guard.com\\\/is\\\/#\\\/schema\\\/logo\\\/image\\\/\",\"url\":\"https:\\\/\\\/iwell-guard.com\\\/wp-content\\\/uploads\\\/2026\\\/05\\\/Ittermann-Logo-1182x237-1.png\",\"contentUrl\":\"https:\\\/\\\/iwell-guard.com\\\/wp-content\\\/uploads\\\/2026\\\/05\\\/Ittermann-Logo-1182x237-1.png\",\"width\":1182,\"height\":237,\"caption\":\"Ittermann electronic GmbH\"},\"image\":{\"@id\":\"https:\\\/\\\/iwell-guard.com\\\/is\\\/#\\\/schema\\\/logo\\\/image\\\/\"},\"sameAs\":[\"https:\\\/\\\/pantip.com\\\/profile\\\/9367242\",\"https:\\\/\\\/micro.blog\\\/iwellguard\",\"https:\\\/\\\/www.diggerslist.com\\\/iwellguard\\\/about\",\"https:\\\/\\\/skitterphoto.com\\\/photographers\\\/2870314\\\/iwell-guard\",\"https:\\\/\\\/iwellguard.wordpress.com\\\/2026\\\/06\\\/06\\\/iwell-guard\\\/\",\"https:\\\/\\\/hub.docker.com\\\/u\\\/iwellguard\",\"https:\\\/\\\/www.pinterest.com\\\/iwellguard\\\/\",\"https:\\\/\\\/bit.ly\\\/m\\\/iwellguard\",\"https:\\\/\\\/entre-vos-mains.alsace.eu\\\/profiles\\\/iwellguard\\\/activity\",\"https:\\\/\\\/gravatar.com\\\/reallybeded8fd34\",\"https:\\\/\\\/naijamatta.com\\\/iwellguard\",\"https:\\\/\\\/www.goodreads.com\\\/iwellguard\",\"https:\\\/\\\/profile.hatena.ne.jp\\\/iwellguard\\\/\",\"https:\\\/\\\/experiment.com\\\/users\\\/iwellguard\",\"https:\\\/\\\/wakelet.com\\\/@iWellGuard82270\",\"https:\\\/\\\/www.chordie.com\\\/forum\\\/profile.php?id=2555664\",\"https:\\\/\\\/www.instapaper.com\\\/p\\\/17757966\",\"https:\\\/\\\/www.mapleprimes.com\\\/users\\\/iwellguard\",\"https:\\\/\\\/businesslistingplus.com\\\/profile\\\/iwell-guard\\\/\",\"https:\\\/\\\/telegra.ph\\\/iWell-Guard-06-06\",\"https:\\\/\\\/pbase.com\\\/iwellguard\\\/iwellguard\",\"https:\\\/\\\/b.hatena.ne.jp\\\/iwellguard\\\/20260607#bookmark-4788405196491818882\",\"https:\\\/\\\/fliphtml5.com\\\/home\\\/iwellguard\",\"https:\\\/\\\/anyflip.com\\\/homepage\\\/cmiwl#About\",\"https:\\\/\\\/transfur.com\\\/Users\\\/iwellguard\",\"http:\\\/\\\/delphi.larsbo.org\\\/user\\\/iwellguard\",\"https:\\\/\\\/jobs.lajobsportal.org\\\/profiles\\\/8380803-iwell-guard\",\"https:\\\/\\\/md.chaosdorf.de\\\/s\\\/jfbe5SBdJD\",\"https:\\\/\\\/www.lingvolive.com\\\/en-us\\\/profile\\\/9ecaeaca-ce11-4e51-9e71-01d55e2bff36\\\/translations\",\"https:\\\/\\\/www.fitday.com\\\/fitness\\\/forums\\\/members\\\/iwellguard.html\",\"https:\\\/\\\/www.mymeetbook.com\\\/iwellguard\",\"https:\\\/\\\/pxhere.com\\\/en\\\/photographer-me\\\/5040798\",\"https:\\\/\\\/disqus.com\\\/by\\\/iwellguard\\\/about\\\/\",\"https:\\\/\\\/pastelink.net\\\/hjwciqwq\",\"https:\\\/\\\/pubhtml5.com\\\/homepage\\\/scjhn\\\/\",\"https:\\\/\\\/www.bitchute.com\\\/channel\\\/2O2eOKzNqujT\",\"https:\\\/\\\/audiomack.com\\\/iwellguard\"]},{\"@type\":\"Article\",\"@id\":\"https:\\\/\\\/iwell-guard.com\\\/is\\\/enlil-stormgud-herra-pantheonsins\\\/#article\",\"isPartOf\":{\"@id\":\"https:\\\/\\\/iwell-guard.com\\\/is\\\/enlil-stormgud-herra-pantheonsins\\\/\"},\"author\":{\"name\":\"Ralf Ittermann\",\"@id\":\"https:\\\/\\\/iwell-guard.com\\\/is\\\/#\\\/schema\\\/person\\\/ee2a27f1cac3406c7c6fb5820cb7349f\"},\"headline\":\"Enlil \u2013 stormgu\u00f0 og herra pantheonsins\",\"datePublished\":\"2026-09-05T14:05:00+00:00\",\"dateModified\":\"2026-09-05T14:30:35+00:00\",\"mainEntityOfPage\":{\"@id\":\"https:\\\/\\\/iwell-guard.com\\\/is\\\/enlil-stormgud-herra-pantheonsins\\\/\"},\"publisher\":{\"@id\":\"https:\\\/\\\/iwell-guard.com\\\/is\\\/#organization\"},\"image\":{\"@id\":\"https:\\\/\\\/iwell-guard.com\\\/is\\\/enlil-stormgud-herra-pantheonsins\\\/#primaryimage\"},\"thumbnailUrl\":\"https:\\\/\\\/iwell-guard.com\\\/wp-content\\\/uploads\\\/2026\\\/05\\\/goetter_mesopotamien_enlil.webp\",\"inLanguage\":\"is\",\"description\":\"Enlil, vind- og stormgu\u00f0 Mes\u00f3p\u00f3tam\u00edu, st\u00f3\u00f0 \u00ed fararbroddi pantheonsins \u00ed Nippur og var talinn herra gu\u00f0ar\u00e1\u00f0sins.\"}]}<\/script>\n<!-- \/ Yoast SEO Premium plugin. -->","yoast_head_json":{"title":"Enlil \u2013 mes\u00f3p\u00f3tam\u00edskur stormgu\u00f0 og herra pantheonsins","description":"Enlil, vind- og stormgu\u00f0 Mes\u00f3p\u00f3tam\u00edu, st\u00f3\u00f0 \u00ed fararbroddi pantheonsins \u00ed Nippur og var talinn herra gu\u00f0ar\u00e1\u00f0sins.","robots":{"index":"index","follow":"follow","max-snippet":"max-snippet:-1","max-image-preview":"max-image-preview:large","max-video-preview":"max-video-preview:-1"},"canonical":"https:\/\/iwell-guard.com\/is\/enlil-stormgud-herra-pantheonsins\/","og_locale":"is_IS","og_type":"article","og_title":"Enlil \u2013 stormgu\u00f0 og herra pantheonsins","og_description":"Enlil, vind- og stormgu\u00f0 Mes\u00f3p\u00f3tam\u00edu, st\u00f3\u00f0 \u00ed fararbroddi pantheonsins \u00ed Nippur og var talinn herra gu\u00f0ar\u00e1\u00f0sins.","og_url":"https:\/\/iwell-guard.com\/is\/enlil-stormgud-herra-pantheonsins\/","og_site_name":"iWell Guard","article_modified_time":"2026-09-05T14:30:35+00:00","og_image":[{"width":1024,"height":1536,"url":"https:\/\/iwell-guard.com\/wp-content\/uploads\/2026\/05\/goetter_mesopotamien_enlil.webp","type":"image\/webp"}],"twitter_card":"summary_large_image","schema":{"@context":"https:\/\/schema.org","@graph":[{"@type":"Article","@id":"https:\/\/iwell-guard.com\/is\/enlil-stormgud-herra-pantheonsins\/#article","isPartOf":{"@id":"https:\/\/iwell-guard.com\/is\/enlil-stormgud-herra-pantheonsins\/"},"author":{"name":"Ralf Ittermann","@id":"https:\/\/iwell-guard.com\/is\/#\/schema\/person\/ee2a27f1cac3406c7c6fb5820cb7349f"},"headline":"Enlil \u2013 stormgu\u00f0 og herra pantheonsins","datePublished":"2026-09-05T14:05:00+00:00","dateModified":"2026-09-05T14:30:35+00:00","mainEntityOfPage":{"@id":"https:\/\/iwell-guard.com\/is\/enlil-stormgud-herra-pantheonsins\/"},"publisher":{"@id":"https:\/\/iwell-guard.com\/is\/#organization"},"image":{"@id":"https:\/\/iwell-guard.com\/is\/enlil-stormgud-herra-pantheonsins\/#primaryimage"},"thumbnailUrl":"https:\/\/iwell-guard.com\/wp-content\/uploads\/2026\/05\/goetter_mesopotamien_enlil.webp","inLanguage":"is","description":"Enlil, vind- og stormgu\u00f0 Mes\u00f3p\u00f3tam\u00edu, st\u00f3\u00f0 \u00ed fararbroddi pantheonsins \u00ed Nippur og var talinn herra gu\u00f0ar\u00e1\u00f0sins."},{"@type":"WebPage","@id":"https:\/\/iwell-guard.com\/is\/enlil-stormgud-herra-pantheonsins\/","url":"https:\/\/iwell-guard.com\/is\/enlil-stormgud-herra-pantheonsins\/","name":"Enlil \u2013 mes\u00f3p\u00f3tam\u00edskur stormgu\u00f0 og herra pantheonsins","isPartOf":{"@id":"https:\/\/iwell-guard.com\/is\/#website"},"primaryImageOfPage":{"@id":"https:\/\/iwell-guard.com\/is\/enlil-stormgud-herra-pantheonsins\/#primaryimage"},"image":{"@id":"https:\/\/iwell-guard.com\/is\/enlil-stormgud-herra-pantheonsins\/#primaryimage"},"thumbnailUrl":"https:\/\/iwell-guard.com\/wp-content\/uploads\/2026\/05\/goetter_mesopotamien_enlil.webp","datePublished":"2026-09-05T14:05:00+00:00","dateModified":"2026-09-05T14:30:35+00:00","description":"Enlil, vind- og stormgu\u00f0 Mes\u00f3p\u00f3tam\u00edu, st\u00f3\u00f0 \u00ed fararbroddi pantheonsins \u00ed Nippur og var talinn herra gu\u00f0ar\u00e1\u00f0sins.","breadcrumb":{"@id":"https:\/\/iwell-guard.com\/is\/enlil-stormgud-herra-pantheonsins\/#breadcrumb"},"inLanguage":"is","potentialAction":[{"@type":"ReadAction","target":["https:\/\/iwell-guard.com\/is\/enlil-stormgud-herra-pantheonsins\/"]}]},{"@type":"ImageObject","inLanguage":"is","@id":"https:\/\/iwell-guard.com\/is\/enlil-stormgud-herra-pantheonsins\/#primaryimage","url":"https:\/\/iwell-guard.com\/wp-content\/uploads\/2026\/05\/goetter_mesopotamien_enlil.webp","contentUrl":"https:\/\/iwell-guard.com\/wp-content\/uploads\/2026\/05\/goetter_mesopotamien_enlil.webp","width":1024,"height":1536,"caption":"Gu\u00f0ir \u00far mes\u00f3p\u00f3tam\u00edskri hef\u00f0."},{"@type":"BreadcrumbList","@id":"https:\/\/iwell-guard.com\/is\/enlil-stormgud-herra-pantheonsins\/#breadcrumb","itemListElement":[{"@type":"ListItem","position":1,"name":"Start","item":"https:\/\/iwell-guard.com\/is\/?page_id=168580"},{"@type":"ListItem","position":2,"name":"Enlil \u2013 stormgu\u00f0 og herra pantheonsins"}]},{"@type":"WebSite","@id":"https:\/\/iwell-guard.com\/is\/#website","url":"https:\/\/iwell-guard.com\/is\/","name":"iWell Guard","description":"Schutz vor dunklen Einfl\u00fcssen","publisher":{"@id":"https:\/\/iwell-guard.com\/is\/#organization"},"potentialAction":[{"@type":"SearchAction","target":{"@type":"EntryPoint","urlTemplate":"https:\/\/iwell-guard.com\/is\/?s={search_term_string}"},"query-input":{"@type":"PropertyValueSpecification","valueRequired":true,"valueName":"search_term_string"}}],"inLanguage":"is"},{"@type":"Organization","@id":"https:\/\/iwell-guard.com\/is\/#organization","name":"Ittermann electronic GmbH","url":"https:\/\/iwell-guard.com\/is\/","logo":{"@type":"ImageObject","inLanguage":"is","@id":"https:\/\/iwell-guard.com\/is\/#\/schema\/logo\/image\/","url":"https:\/\/iwell-guard.com\/wp-content\/uploads\/2026\/05\/Ittermann-Logo-1182x237-1.png","contentUrl":"https:\/\/iwell-guard.com\/wp-content\/uploads\/2026\/05\/Ittermann-Logo-1182x237-1.png","width":1182,"height":237,"caption":"Ittermann electronic GmbH"},"image":{"@id":"https:\/\/iwell-guard.com\/is\/#\/schema\/logo\/image\/"},"sameAs":["https:\/\/pantip.com\/profile\/9367242","https:\/\/micro.blog\/iwellguard","https:\/\/www.diggerslist.com\/iwellguard\/about","https:\/\/skitterphoto.com\/photographers\/2870314\/iwell-guard","https:\/\/iwellguard.wordpress.com\/2026\/06\/06\/iwell-guard\/","https:\/\/hub.docker.com\/u\/iwellguard","https:\/\/www.pinterest.com\/iwellguard\/","https:\/\/bit.ly\/m\/iwellguard","https:\/\/entre-vos-mains.alsace.eu\/profiles\/iwellguard\/activity","https:\/\/gravatar.com\/reallybeded8fd34","https:\/\/naijamatta.com\/iwellguard","https:\/\/www.goodreads.com\/iwellguard","https:\/\/profile.hatena.ne.jp\/iwellguard\/","https:\/\/experiment.com\/users\/iwellguard","https:\/\/wakelet.com\/@iWellGuard82270","https:\/\/www.chordie.com\/forum\/profile.php?id=2555664","https:\/\/www.instapaper.com\/p\/17757966","https:\/\/www.mapleprimes.com\/users\/iwellguard","https:\/\/businesslistingplus.com\/profile\/iwell-guard\/","https:\/\/telegra.ph\/iWell-Guard-06-06","https:\/\/pbase.com\/iwellguard\/iwellguard","https:\/\/b.hatena.ne.jp\/iwellguard\/20260607#bookmark-4788405196491818882","https:\/\/fliphtml5.com\/home\/iwellguard","https:\/\/anyflip.com\/homepage\/cmiwl#About","https:\/\/transfur.com\/Users\/iwellguard","http:\/\/delphi.larsbo.org\/user\/iwellguard","https:\/\/jobs.lajobsportal.org\/profiles\/8380803-iwell-guard","https:\/\/md.chaosdorf.de\/s\/jfbe5SBdJD","https:\/\/www.lingvolive.com\/en-us\/profile\/9ecaeaca-ce11-4e51-9e71-01d55e2bff36\/translations","https:\/\/www.fitday.com\/fitness\/forums\/members\/iwellguard.html","https:\/\/www.mymeetbook.com\/iwellguard","https:\/\/pxhere.com\/en\/photographer-me\/5040798","https:\/\/disqus.com\/by\/iwellguard\/about\/","https:\/\/pastelink.net\/hjwciqwq","https:\/\/pubhtml5.com\/homepage\/scjhn\/","https:\/\/www.bitchute.com\/channel\/2O2eOKzNqujT","https:\/\/audiomack.com\/iwellguard"]},{"@type":"Person","@id":"https:\/\/iwell-guard.com\/is\/#\/schema\/person\/ee2a27f1cac3406c7c6fb5820cb7349f","name":"Ralf Ittermann","image":{"@type":"ImageObject","inLanguage":"is","@id":"https:\/\/secure.gravatar.com\/avatar\/073c0153e350a5005b68eb752b445fea71f6b24a26da9449ad7e155e6b446c9d?s=96&d=mm&r=g","url":"https:\/\/secure.gravatar.com\/avatar\/073c0153e350a5005b68eb752b445fea71f6b24a26da9449ad7e155e6b446c9d?s=96&d=mm&r=g","contentUrl":"https:\/\/secure.gravatar.com\/avatar\/073c0153e350a5005b68eb752b445fea71f6b24a26da9449ad7e155e6b446c9d?s=96&d=mm&r=g","caption":"Ralf Ittermann"},"givenName":"Ralf","familyName":"Ittermann","jobTitle":"Gesch\u00e4ftsf\u00fchrer und redaktioneller Verantwortlicher","url":"https:\/\/iwell-guard.com\/is\/author\/claude\/","description":"Ralf Ittermann ist Gesch\u00e4ftsf\u00fchrer der Ittermann electronic GmbH und redaktioneller Verantwortlicher des iWell-Guard-Lexikons. Er verbindet langj\u00e4hrige Erfahrung in der Pr\u00e4zisionsfertigung mit medialer Praxis und religionsgeschichtlicher Quellenarbeit.","worksFor":{"@type":"Organization","name":"Ittermann electronic GmbH","url":"https:\/\/ittermann.de\/","address":{"@type":"PostalAddress","streetAddress":"K\u00f6hlergasse 16-18","postalCode":"99842","addressLocality":"Ruhla","addressCountry":"DE"}},"knowsAbout":["Religionsgeschichte","Mythologie","Mediale Praxis","Energetische Diagnostik","Schutzpraxis","Volksglauben","Westliche Esoterik"]},{"@type":"Article","@id":"https:\/\/iwell-guard.com\/is\/enlil-stormgud-herra-pantheonsins\/#article","isPartOf":{"@id":"https:\/\/iwell-guard.com\/is\/enlil-stormgud-herra-pantheonsins\/"},"author":{"name":"Ralf Ittermann","@id":"https:\/\/iwell-guard.com\/is\/#\/schema\/person\/ee2a27f1cac3406c7c6fb5820cb7349f"},"headline":"Enlil \u2013 stormgu\u00f0 og herra pantheonsins","datePublished":"2026-09-05T14:05:00+00:00","dateModified":"2026-09-05T14:30:35+00:00","mainEntityOfPage":{"@id":"https:\/\/iwell-guard.com\/is\/enlil-stormgud-herra-pantheonsins\/"},"publisher":{"@id":"https:\/\/iwell-guard.com\/is\/#organization"},"image":{"@id":"https:\/\/iwell-guard.com\/is\/enlil-stormgud-herra-pantheonsins\/#primaryimage"},"thumbnailUrl":"https:\/\/iwell-guard.com\/wp-content\/uploads\/2026\/05\/goetter_mesopotamien_enlil.webp","inLanguage":"is","description":"Enlil, vind- og stormgu\u00f0 Mes\u00f3p\u00f3tam\u00edu, st\u00f3\u00f0 \u00ed fararbroddi pantheonsins \u00ed Nippur og var talinn herra gu\u00f0ar\u00e1\u00f0sins."}]}},"_links":{"self":[{"href":"https:\/\/iwell-guard.com\/is\/wp-json\/wp\/v2\/pages\/169034","targetHints":{"allow":["GET"]}}],"collection":[{"href":"https:\/\/iwell-guard.com\/is\/wp-json\/wp\/v2\/pages"}],"about":[{"href":"https:\/\/iwell-guard.com\/is\/wp-json\/wp\/v2\/types\/page"}],"author":[{"embeddable":true,"href":"https:\/\/iwell-guard.com\/is\/wp-json\/wp\/v2\/users\/3"}],"replies":[{"embeddable":true,"href":"https:\/\/iwell-guard.com\/is\/wp-json\/wp\/v2\/comments?post=169034"}],"version-history":[{"count":0,"href":"https:\/\/iwell-guard.com\/is\/wp-json\/wp\/v2\/pages\/169034\/revisions"}],"wp:featuredmedia":[{"embeddable":true,"href":"https:\/\/iwell-guard.com\/is\/wp-json\/wp\/v2\/media\/3381"}],"wp:attachment":[{"href":"https:\/\/iwell-guard.com\/is\/wp-json\/wp\/v2\/media?parent=169034"}],"wp:term":[{"taxonomy":"category","embeddable":true,"href":"https:\/\/iwell-guard.com\/is\/wp-json\/wp\/v2\/categories?post=169034"}],"curies":[{"name":"wp","href":"https:\/\/api.w.org\/{rel}","templated":true}]}}