{"id":169033,"date":"2026-09-05T14:05:00","date_gmt":"2026-09-05T14:05:00","guid":{"rendered":"https:\/\/iwell-guard.com\/?page_id=169033"},"modified":"2026-09-05T14:30:35","modified_gmt":"2026-09-05T14:30:35","slug":"moirurnar-orlaganornir-lifsthradur","status":"publish","type":"page","link":"https:\/\/iwell-guard.com\/is\/moirurnar-orlaganornir-lifsthradur\/","title":{"rendered":"Moirurnar \u2013 \u00f6rlaganornir og verndarar l\u00edfs\u00fer\u00e1\u00f0arins"},"content":{"rendered":"\t\t<div data-elementor-type=\"wp-page\" data-elementor-id=\"169033\" class=\"elementor elementor-169033 elementor-2919 elementor-bc-flex-widget\" data-elementor-post-type=\"page\">\n\t\t\t\t<div class=\"elementor-element elementor-element-heroaac6eee e-flex e-con-boxed e-con e-parent\" data-id=\"heroaac6eee\" data-element_type=\"container\" data-e-type=\"container\">\n\t\t\t\t\t<div class=\"e-con-inner\">\n\t\t\t\t<div class=\"elementor-element elementor-element-heroimg5243f35 iwg-hero-image elementor-widget elementor-widget-image\" data-id=\"heroimg5243f35\" data-element_type=\"widget\" data-e-type=\"widget\" data-widget_type=\"image.default\">\n\t\t\t\t\t\t\t\t\t\t\t\t\t\t\t<img fetchpriority=\"high\" decoding=\"async\" width=\"683\" height=\"1024\" src=\"https:\/\/iwell-guard.com\/wp-content\/uploads\/2026\/05\/goetter_griechenland_moiren-683x1024.webp\" class=\"attachment-large size-large wp-image-170662\" alt=\"Moirurnar - gu\u00f0ir \u00far gr\u00edskri hef\u00f0, s\u00f6guleg myndskreyting\" srcset=\"https:\/\/iwell-guard.com\/wp-content\/uploads\/2026\/05\/goetter_griechenland_moiren-683x1024.webp 683w, https:\/\/iwell-guard.com\/wp-content\/uploads\/2026\/05\/goetter_griechenland_moiren-200x300.webp 200w, https:\/\/iwell-guard.com\/wp-content\/uploads\/2026\/05\/goetter_griechenland_moiren-768x1152.webp 768w, https:\/\/iwell-guard.com\/wp-content\/uploads\/2026\/05\/goetter_griechenland_moiren.webp 1024w\" sizes=\"(max-width: 683px) 100vw, 683px\" \/>\t\t\t\t\t\t\t\t\t\t\t\t\t\t\t<\/div>\n\t\t\t\t\t<\/div>\n\t\t\t\t<\/div>\n\t\t<div class=\"elementor-element elementor-element-iwgw-moiren-hero e-flex e-con-boxed e-con e-parent\" data-id=\"iwgw-moiren-hero\" data-element_type=\"container\" data-e-type=\"container\">\n\t\t\t\t\t<div class=\"e-con-inner\">\n\t\t\t\t<div class=\"elementor-element elementor-element-iwgw-moiren-h1 elementor-widget elementor-widget-heading\" data-id=\"iwgw-moiren-h1\" data-element_type=\"widget\" data-e-type=\"widget\" data-widget_type=\"heading.default\">\n\t\t\t\t\t<h1 class=\"elementor-heading-title elementor-size-default\">Moirurnar \u2013 Kl\u00f3\u00fe\u00f3, Lakesis og Atr\u00f3pos<\/h1>\t\t\t\t<\/div>\n\t\t\t\t<div class=\"elementor-element elementor-element-iwgw-moiren-pills elementor-widget elementor-widget-html\" data-id=\"iwgw-moiren-pills\" data-element_type=\"widget\" data-e-type=\"widget\" data-widget_type=\"html.default\">\n\t\t\t\t\t<div class=\"iwg-pill-row\"><span class=\"iwg-klasse-badge\" tabindex=\"0\" data-tooltip=\"\u00d6rlaganornir hef\u00f0arinnar Grikkland.\">\u00d6rlaganornir<\/span><a href=\"https:\/\/iwell-guard.com\/is\/grikkland\/\" class=\"iwg-kultur-badge\" tabindex=\"0\" data-tooltip=\"Go\u00f0afr\u00e6\u00f0i hef\u00f0arinnar Grikkland.\">Grikkland<\/a><span class=\"iwg-tradition-badge\" tabindex=\"0\" data-tooltip=\"\u00d6rlagam\u00e1ttarv\u00f6ld.\">\u00d6rlagam\u00e1ttarv\u00f6ld<\/span><\/div>\t\t\t\t<\/div>\n\t\t\t\t<div class=\"elementor-element elementor-element-iwgw-moiren-lead elementor-widget elementor-widget-text-editor\" data-id=\"iwgw-moiren-lead\" data-element_type=\"widget\" data-e-type=\"widget\" data-widget_type=\"text-editor.default\">\n\t\t\t\t\t\t\t\t\t<p>Moirurnar eru \u00ferj\u00e1r \u00f6rlaganornir gr\u00edskrar <span class=\"iwg-fachbegriff\" data-tooltip=\"Heildarsafn hinna var\u00f0veittu go\u00f0sagna einnar menningar.\" tabindex=\"0\">go\u00f0afr\u00e6\u00f0i<\/span>: Kl\u00f3\u00fe\u00f3 spinnur l\u00edfs\u00fer\u00e1\u00f0inn, Lakesis m\u00e6lir hann og Atr\u00f3pos sker hann af. \u00de\u00e6r eru \u00edmynd hinnar \u00f3hj\u00e1kv\u00e6milegu takm\u00f6rkunar \u00e1 s\u00e9rhverju mannl\u00edfi.<\/p>\t\t\t\t\t\t\t\t<\/div>\n\t\t\t\t\t<\/div>\n\t\t\t\t<\/div>\n\t\t<div class=\"elementor-element elementor-element-iwgw-moiren-s0 e-flex e-con-boxed e-con e-parent\" data-id=\"iwgw-moiren-s0\" data-element_type=\"container\" data-e-type=\"container\">\n\t\t\t\t\t<div class=\"e-con-inner\">\n\t\t\t\t<div class=\"elementor-element elementor-element-iwgw-moiren-s0h elementor-widget elementor-widget-heading\" data-id=\"iwgw-moiren-s0h\" data-element_type=\"widget\" data-e-type=\"widget\" data-widget_type=\"heading.default\">\n\t\t\t\t\t<h2 class=\"elementor-heading-title elementor-size-default\">Yfirlit<\/h2>\t\t\t\t<\/div>\n\t\t\t\t<div class=\"elementor-element elementor-element-iwgw-moiren-s0t elementor-widget elementor-widget-text-editor\" data-id=\"iwgw-moiren-s0t\" data-element_type=\"widget\" data-e-type=\"widget\" data-widget_type=\"text-editor.default\">\n\t\t\t\t\t\t\t\t\t<p>Moirurnar teljast til elstu og jafnframt \u00f3hlutbundnustu gu\u00f0d\u00f3ma <a href=\"https:\/\/iwell-guard.com\/is\/grikkland\/\">gr\u00edskrar<\/a> tr\u00faar. \u00de\u00e6r eru pers\u00f3nugervingar \u00f6rlaganna, \u00feess m\u00e1ttar sem \u00e1kvar\u00f0ar m\u00e1l s\u00e9rhvers mannl\u00edfs og sem jafnvel \u00f3lympsgu\u00f0irnir geta einungis a\u00f0 takm\u00f6rku\u00f0u leyti stigi\u00f0 \u00e1 m\u00f3ti. \u00cd hinni klass\u00edsku <span class=\"iwg-fachbegriff\" data-tooltip=\"Mi\u00f0lun \u00feekkingar og sagna milli kynsl\u00f3\u00f0a.\" tabindex=\"0\">munnm\u00e6lahef\u00f0<\/span> koma \u00fe\u00e6r fram sem \u00ferenning, me\u00f0 n\u00f6fnunum Kl\u00f3\u00fe\u00f3, Lakesis og Atr\u00f3pos.<\/p><p>Tr\u00faarfr\u00e6\u00f0ilega s\u00e9\u00f0 eru moirurnar s\u00e9rstaklega \u00e1hugavert d\u00e6mi um pers\u00f3nugervingu hugtaks. Gr\u00edska or\u00f0i\u00f0 moira \u00fe\u00fd\u00f0ir upphaflega hlutdeild, hluti, hi\u00f0 \u00fatm\u00e6lda.<\/p><p>\u00dat fr\u00e1 \u00feessu hugtaki um \u00fea\u00f0 sem hverjum og einum er \u00fathluta\u00f0 m\u00f3ta\u00f0ist s\u00fa hugmynd um gu\u00f0legar verur sem framkv\u00e6ma \u00feessa \u00fathlutun. Moirurnar standa \u00feannig \u00e1 m\u00f6rkum milli \u00f3hlutbundinnar hugmyndar og gu\u00f0d\u00f3ms sem d\u00fdrka\u00f0ur er \u00ed <span class=\"iwg-fachbegriff\" data-tooltip=\"Vera sem d\u00fdrku\u00f0 er sem gu\u00f0leg innan tr\u00faarbrag\u00f0a.\" tabindex=\"0\">helgisi\u00f0um<\/span>.<\/p><p>Mikilv\u00e6gasta fornheimildin er \u00e1 n\u00fd <em>Theogonia<\/em> Hes\u00edodosar, sem \u00e1kvar\u00f0ar uppruna \u00feeirra. H\u00f3mer \u00feekkir hugmyndina um hi\u00f0 \u00fatm\u00e6lda \u00f6rlag \u00feegar, en fjallar um moiruna oft frekar sem \u00f3pers\u00f3nulegan m\u00e1tt en sk\u00fdrt afmarka\u00f0an h\u00f3p gy\u00f0ja.<\/p><p>Hj\u00e1 Plat\u00f3ni, \u00ed lokago\u00f0s\u00f6gu <em>R\u00edkisins<\/em>, koma \u00ferj\u00e1r moirur fram \u00ed \u00fatf\u00e6r\u00f0u atri\u00f0i sem d\u00e6tur nau\u00f0synjarins. \u00cd harmleikjum, hj\u00e1 st\u00f3rsk\u00e1ldum A\u00feenu, eru \u00fe\u00e6r oft nefndar m\u00e1ttarv\u00f6ld. Myndlistin s\u00fdndi \u00fe\u00e6r allt fr\u00e1 forn\u00f6ld.<\/p>\t\t\t\t\t\t\t\t<\/div>\n\t\t\t\t\t<\/div>\n\t\t\t\t<\/div>\n\t\t<div class=\"elementor-element elementor-element-iwgw-moiren-s1 e-flex e-con-boxed e-con e-parent\" data-id=\"iwgw-moiren-s1\" data-element_type=\"container\" data-e-type=\"container\">\n\t\t\t\t\t<div class=\"e-con-inner\">\n\t\t\t\t<div class=\"elementor-element elementor-element-iwgw-moiren-s1h elementor-widget elementor-widget-heading\" data-id=\"iwgw-moiren-s1h\" data-element_type=\"widget\" data-e-type=\"widget\" data-widget_type=\"heading.default\">\n\t\t\t\t\t<h2 class=\"elementor-heading-title elementor-size-default\">Nafn og or\u00f0sifjar<\/h2>\t\t\t\t<\/div>\n\t\t\t\t<div class=\"elementor-element elementor-element-iwgw-moiren-s1t elementor-widget elementor-widget-text-editor\" data-id=\"iwgw-moiren-s1t\" data-element_type=\"widget\" data-e-type=\"widget\" data-widget_type=\"text-editor.default\">\n\t\t\t\t\t\t\t\t\t<p>Nafni\u00f0 moirur er dregi\u00f0 af gr\u00edska or\u00f0inu moira, sem \u00fe\u00fd\u00f0ir hlutdeild, \u00fathluta\u00f0ur hlutur, \u00f6rl\u00f6g. \u00dea\u00f0 heyrir til or\u00f0afj\u00f6lskyldu sem l\u00fdsir \u00fathlutun og m\u00e6lingu.<\/p><p>Moiran er \u00fev\u00ed upphaflega ekki gy\u00f0jan, heldur s\u00e1 l\u00edfshlutur sem manni er \u00fathluta\u00f0. Fyrst me\u00f0 pers\u00f3nugervingunni var\u00f0 h\u00fan \u00f6rlaganornin, og fj\u00f6ltalan, moirurnar, mynda\u00f0i gy\u00f0juh\u00f3pinn.<\/p><p>\u00derj\u00fa einst\u00f6k n\u00f6fn eru talandi n\u00f6fn sem hvert l\u00fdsir ath\u00f6fn vi\u00f0 l\u00edfs\u00fer\u00e1\u00f0inn. Kl\u00f3\u00fe\u00f3 \u00fe\u00fd\u00f0ir spinnaran, af or\u00f0i fyrir a\u00f0 spinna \u00fer\u00e1\u00f0. Lakesis \u00fe\u00fd\u00f0ir \u00fathlutarinn e\u00f0a \u00fe\u00e1 sem gefur hlutskipti\u00f0, af or\u00f0i fyrir a\u00f0 \u00fathluta og m\u00e6la.<\/p><p>Atr\u00f3pos \u00fe\u00fd\u00f0ir hin \u00f3vi\u00f0r\u00e1\u00f0anlega e\u00f0a hin \u00f3sveigjanlega, or\u00f0r\u00e9tt s\u00fa sem ekki l\u00e6tur af sannf\u00e6ringu sinni. \u00cd s\u00ed\u00f0ari, kerfisbundnari <span class=\"iwg-fachbegriff\" data-tooltip=\"Mi\u00f0lun \u00feekkingar og sagna milli kynsl\u00f3\u00f0a.\" tabindex=\"0\">munnm\u00e6lahef\u00f0<\/span> var \u00feessum n\u00f6fnum \u00fathluta\u00f0 fastri verkaskiptingu: Kl\u00f3\u00fe\u00f3 spinnur, Lakesis m\u00e6lir, Atr\u00f3pos sker af.<\/p><p>\u00deessi sk\u00fdra verkaskipting er \u00fe\u00f3 skipulagsleg \u00e1kv\u00f6r\u00f0un fr\u00e1 t\u00edmum eftir H\u00f3mer. \u00cd elstu heimildunum eru hlutverkin ekki jafn strengilega a\u00f0greind.<\/p><p>\u00c1 lat\u00ednu svara parkarnir til moiranna, en n\u00f6fn \u00feeirra, Nona, Decuma og Morta, tengdust upphaflega f\u00e6\u00f0ingu \u00e1 n\u00edunda e\u00f0a t\u00edunda m\u00e1nu\u00f0i og dau\u00f0a, en voru s\u00ed\u00f0ar sams\u00f6mu\u00f0 gr\u00edsku moirunum. \u00deessi sams\u00f6mun moiranna og parkanna m\u00f3ta\u00f0i afgerandi \u00fe\u00e1 mynd sem s\u00ed\u00f0ari aldir h\u00f6f\u00f0u af \u00feremur \u00f6rlagasystrum.<\/p>\t\t\t\t\t\t\t\t<\/div>\n\t\t\t\t\t<\/div>\n\t\t\t\t<\/div>\n\t\t<div class=\"elementor-element elementor-element-iwgw-moiren-s2 e-flex e-con-boxed e-con e-parent\" data-id=\"iwgw-moiren-s2\" data-element_type=\"container\" data-e-type=\"container\">\n\t\t\t\t\t<div class=\"e-con-inner\">\n\t\t\t\t<div class=\"elementor-element elementor-element-iwgw-moiren-s2h elementor-widget elementor-widget-heading\" data-id=\"iwgw-moiren-s2h\" data-element_type=\"widget\" data-e-type=\"widget\" data-widget_type=\"heading.default\">\n\t\t\t\t\t<h2 class=\"elementor-heading-title elementor-size-default\">L\u00fdsing og myndm\u00e1l<\/h2>\t\t\t\t<\/div>\n\t\t\t\t<div class=\"elementor-element elementor-element-iwgw-moiren-s2t elementor-widget elementor-widget-text-editor\" data-id=\"iwgw-moiren-s2t\" data-element_type=\"widget\" data-e-type=\"widget\" data-widget_type=\"text-editor.default\">\n\t\t\t\t\t\t\t\t\t<p>Moirurnar eru \u00ed fornlist yfirleitt s\u00fdndar sem \u00ferj\u00e1r konur, oft \u00ed alvarlegri, vir\u00f0ulegri stellingu. Aldur \u00feeirra er tilgreindur \u00e1 mismunandi h\u00e1tt; \u00ed nokkrum myndum birtast \u00fe\u00e6r sem fullvaxnar e\u00f0a \u00f6ldru\u00f0ar konur, \u00ed \u00f6\u00f0rum \u00e1n greinilegra aldurseinkenna.<\/p><p>Au\u00f0kenni \u00feeirra eru verkf\u00e6ri \u00fer\u00e1\u00f0arvinnunnar: sn\u00e6lda, \u00fer\u00e1\u00f0ur, kambgarnsrokkur, og \u00ed s\u00ed\u00f0ari hef\u00f0 einnig sk\u00e6ri e\u00f0a skur\u00f0arverkf\u00e6ri fyrir Atr\u00f3pos.<\/p><p>R\u00e1\u00f0andi myndin er s\u00fa af spuna. Mannl\u00edfi\u00f0 er hugsa\u00f0 sem \u00fer\u00e1\u00f0ur sem moirurnar framlei\u00f0a, m\u00e6la og a\u00f0 lokum skera \u00ed sundur.<\/p><p>Lengd \u00fer\u00e1\u00f0arins svarar til l\u00edfslengdar, og a\u00f0 skera hann af merkir dau\u00f0ann. \u00deessi mynd er mj\u00f6g myndr\u00e6n og hefur m\u00f3ta\u00f0 alla s\u00ed\u00f0ari hugmyndina um l\u00edfs\u00fer\u00e1\u00f0inn. \u00cd fr\u00e1s\u00f6gn Plat\u00f3ns sitja \u00ferj\u00e1r moirurnar \u00ed h\u00e1s\u00e6tum, kl\u00e6ddar hv\u00edtum kl\u00e6\u00f0um, kr\u00fdndar, og sn\u00faa saman hinni miklu heimssn\u00e6ldu.<\/p><p>\u00c1 vasam\u00e1lverkum og \u00ed l\u00e1gmyndum koma moirurnar oft fram vi\u00f0 mikilv\u00e6ga \u00f6rlagavi\u00f0bur\u00f0i, svo sem f\u00e6\u00f0ingar e\u00f0a br\u00fa\u00f0kaup, en fyrst og fremst vi\u00f0 f\u00e6\u00f0ingu merkra pers\u00f3na. \u00de\u00e6r eru \u00fe\u00e1 m\u00e1ttarv\u00f6ldin sem \u00e1kvar\u00f0a hlutskipti hins n\u00fdf\u00e6dda.<\/p><p>\u00c1 r\u00f3mverskum t\u00edma, sem parkar, voru \u00fe\u00e6r me\u00f0al algengra myndefna \u00e1 sark\u00f3f\u00f6gum, \u00fear sem \u00fe\u00e6r t\u00e1knger\u00f0u takm\u00f6rkun l\u00edfsins. Str\u00f6ng verkaskipting hinna \u00feriggja, ein spinnur, ein m\u00e6lir, ein sker af, er fyrst og fremst myndkerfi eftirklass\u00edskrar og s\u00ed\u00f0fornrar listar.<\/p>\t\t\t\t\t\t\t\t<\/div>\n\t\t\t\t\t<\/div>\n\t\t\t\t<\/div>\n\t\t<div class=\"elementor-element elementor-element-iwgw-moiren-s3 e-flex e-con-boxed e-con e-parent\" data-id=\"iwgw-moiren-s3\" data-element_type=\"container\" data-e-type=\"container\">\n\t\t\t\t\t<div class=\"e-con-inner\">\n\t\t\t\t<div class=\"elementor-element elementor-element-iwgw-moiren-s3h elementor-widget elementor-widget-heading\" data-id=\"iwgw-moiren-s3h\" data-element_type=\"widget\" data-e-type=\"widget\" data-widget_type=\"heading.default\">\n\t\t\t\t\t<h2 class=\"elementor-heading-title elementor-size-default\">Go\u00f0sagnakenndar fr\u00e1sagnir<\/h2>\t\t\t\t<\/div>\n\t\t\t\t<div class=\"elementor-element elementor-element-iwgw-moiren-s3t elementor-widget elementor-widget-text-editor\" data-id=\"iwgw-moiren-s3t\" data-element_type=\"widget\" data-e-type=\"widget\" data-widget_type=\"text-editor.default\">\n\t\t\t\t\t\t\t\t\t<p>Um uppruna M\u00f6renna (Moiren) eru til tv\u00e6r samhli\u00f0a sagnir sem koma \u00feegar fram \u00ed <em>Theog\u00f3n\u00edu<\/em> Hes\u00edodosar. Samkv\u00e6mt einni \u00feeirra eru \u00fe\u00e6r d\u00e6tur Nyx, n\u00f3ttarinnar, og teljast \u00feannig til hinna d\u00f6kku, frumst\u00e6\u00f0u m\u00e1ttarvalda sem koma fa\u00f0erislausar \u00far n\u00f3ttinni, samhli\u00f0a dau\u00f0anum og \u00f6\u00f0rum drungalegum verum.<\/p><p>Samkv\u00e6mt hinni \u00fatg\u00e1funni, sem einnig er var\u00f0veitt hj\u00e1 Hes\u00edodosi, eru \u00fe\u00e6r d\u00e6tur <a href=\"https:\/\/iwell-guard.com\/is\/zeus\/\">Seifs (Zeus)<\/a> og \u00deemis, gy\u00f0ju r\u00e9ttrar skipanar. \u00cd \u00feeirri \u00e6ttf\u00e6rslu eru \u00fe\u00e6r systur H\u00f3ranna og standa fyrir hina skipulegu, r\u00e9ttm\u00e6tu \u00fathlutun \u00f6rlaganna.<\/p><p>\u00deessar tv\u00e6r \u00e6ttf\u00e6rslur endurspegla tv\u00e6r hugmyndir um \u00f6rl\u00f6gin: hi\u00f0 \u00f3heillv\u00e6nlega vald sem sprettur \u00far n\u00f3ttinni og r\u00e9ttl\u00e6ti\u00f0 sem er fellt inn \u00ed hina gu\u00f0legu skipan.<\/p><p>M\u00f6rnirnar (Moiren) koma fram \u00ed m\u00f6rgum go\u00f0s\u00f6gnum sem m\u00e1ttarv\u00f6ld sem \u00e1kve\u00f0a l\u00edfshlaup manna. Ein af \u00feekktustu s\u00f6gunum fjallar um Meleagros. Vi\u00f0 f\u00e6\u00f0ingu hans komu M\u00f6rnirnar fram og s\u00f6g\u00f0u fyrir a\u00f0 drengurinn myndi lifa svo lengi sem tilteki\u00f0 eldivi\u00f0arbrot brynni ekki upp \u00ed arineldinum.<\/p><p>M\u00f3\u00f0ir hans, Al\u00fea\u00eda, hreif broti\u00f0 \u00far eldinum og var\u00f0veitti \u00fea\u00f0. \u00c1rum s\u00ed\u00f0ar, \u00ed heift vegna dau\u00f0a br\u00e6\u00f0ra sinna af hendi Meleagrosar, kasta\u00f0i h\u00fan brotinu \u00ed eldinn, og sonur hennar d\u00f3 \u00e1 \u00fev\u00ed andartaki sem \u00fea\u00f0 brann upp.<\/p><p>\u00d6nnur kunn fr\u00e1s\u00f6gn fjallar um Admetos. Apollon f\u00e9kk M\u00f6rnirnar til a\u00f0 leyfa Admetosi a\u00f0 komast undan dau\u00f0anum, gegn \u00fev\u00ed a\u00f0 annar gengi \u00ed dau\u00f0ann \u00ed hans sta\u00f0. A\u00f0 Apollon t\u00f3kst yfirleitt a\u00f0 f\u00e1 M\u00f6rnirnar til a\u00f0 breyta \u00e1kv\u00f6r\u00f0un sinni, ger\u00f0ist samkv\u00e6mt <span class=\"iwg-fachbegriff\" data-tooltip=\"Mi\u00f0lun \u00feekkingar og fr\u00e1sagna milli kynsl\u00f3\u00f0a.\" tabindex=\"0\">munnm\u00e6lum<\/span> me\u00f0 hj\u00e1lp v\u00edns, sem hann t\u00f6fra\u00f0i \u00fe\u00e6r me\u00f0.<\/p><p>\u00deessi fr\u00e1s\u00f6gn s\u00fdnir a\u00f0 \u00f6rl\u00f6gin, sem M\u00f6rnirnar h\u00f6f\u00f0u \u00e1kve\u00f0i\u00f0, m\u00e1tti \u00ed sjaldg\u00e6fum tilvikum fresta, en ekki \u00ed raun afm\u00e1: einhver var\u00f0 \u00e1 endanum a\u00f0 deyja dau\u00f0anum.<\/p><p>Samband \u00feeirra vi\u00f0 Seif var umr\u00e6\u00f0uefni \u00ed forn\u00f6ld. \u00cd sumum fr\u00e1s\u00f6gnum \u00e1kve\u00f0ur Seifur \u00f6rl\u00f6gin og M\u00f6rnirnar framkv\u00e6ma \u00feau; hann bar \u00fe\u00e1 vi\u00f0urnefni\u00f0 Moiragetes, lei\u00f0togi M\u00f6rnanna.<\/p><p>\u00cd \u00f6\u00f0rum fr\u00e1s\u00f6gnum standa \u00f6rl\u00f6gin einnig ofar Seifi. \u00deessi spenna var ekki leyst \u00ed <span class=\"iwg-fachbegriff\" data-tooltip=\"T\u00edmabil gr\u00edsks og r\u00f3mversks menningarheims, um 800 f.Kr. til 600 e.Kr.\" tabindex=\"0\">forn\u00f6ldinni<\/span>, heldur er h\u00fan hluti af e\u00f0li m\u00e1lsins: \u00f6rl\u00f6gin eru m\u00e1ttarvald \u00fear sem samband \u00feess vi\u00f0 hina \u00e6\u00f0stu <span class=\"iwg-fachbegriff\" data-tooltip=\"Vera sem er d\u00fdrku\u00f0 sem gu\u00f0leg innan tr\u00faarbrag\u00f0a.\" tabindex=\"0\">gu\u00f0veru<\/span> var \u00ed grunninn \u00f3r\u00e1\u00f0i\u00f0.<\/p>\t\t\t\t\t\t\t\t<\/div>\n\t\t\t\t\t<\/div>\n\t\t\t\t<\/div>\n\t\t<div class=\"elementor-element elementor-element-iwgw-moiren-s4 e-flex e-con-boxed e-con e-parent\" data-id=\"iwgw-moiren-s4\" data-element_type=\"container\" data-e-type=\"container\">\n\t\t\t\t\t<div class=\"e-con-inner\">\n\t\t\t\t<div class=\"elementor-element elementor-element-iwgw-moiren-s4h elementor-widget elementor-widget-heading\" data-id=\"iwgw-moiren-s4h\" data-element_type=\"widget\" data-e-type=\"widget\" data-widget_type=\"heading.default\">\n\t\t\t\t\t<h2 class=\"elementor-heading-title elementor-size-default\">D\u00fdrkun og tilbei\u00f0sla<\/h2>\t\t\t\t<\/div>\n\t\t\t\t<div class=\"elementor-element elementor-element-iwgw-moiren-s4t elementor-widget elementor-widget-text-editor\" data-id=\"iwgw-moiren-s4t\" data-element_type=\"widget\" data-e-type=\"widget\" data-widget_type=\"text-editor.default\">\n\t\t\t\t\t\t\t\t\t<p>M\u00f6rnirnar (Moiren) voru d\u00fdrka\u00f0ar \u00e1 \u00fdmsum st\u00f6\u00f0um \u00ed Grikklandi, \u00fe\u00f3tt oftast ekki \u00ed eigin st\u00f3rum hofum heldur \u00ed tengslum vi\u00f0 a\u00f0rar gu\u00f0veur e\u00f0a \u00e1 s\u00e9rst\u00f6kum helgist\u00f6\u00f0um. Vitnisbur\u00f0ur er um altari og helgid\u00f3ma me\u00f0al annars \u00ed Korintu, Sp\u00f6rtu, \u00deebu og \u00d3lymp\u00edu. \u00cd Delf\u00ed voru \u00fe\u00e6r \u00ed n\u00e1num tengslum vi\u00f0 <span class=\"iwg-fachbegriff\" data-tooltip=\"Heilagur sta\u00f0ur tileinka\u00f0ur d\u00fdrkun gu\u00f0veru.\" tabindex=\"0\">helgid\u00f3m<\/span> Apollons.<\/p><p><span class=\"iwg-fachbegriff\" data-tooltip=\"Heild tr\u00faarlegra d\u00fdrkunarathafna fyrir gu\u00f0veru e\u00f0a heilaga pers\u00f3nu.\" tabindex=\"0\">D\u00fdrkun<\/span> M\u00f6rnanna var n\u00e1tengd hvarfapunktum mannl\u00edfsins, s\u00e9rstaklega f\u00e6\u00f0ingu og giftingu. Vi\u00f0 f\u00e6\u00f0ingu barns var tali\u00f0 a\u00f0 M\u00f6rnirnar v\u00e6ru vi\u00f0staddar, \u00fev\u00ed \u00e1 \u00fev\u00ed andartaki var l\u00edfslot \u00feess \u00e1kve\u00f0i\u00f0.<\/p><p>\u00cd br\u00fa\u00f0kaupum voru b\u00e6nir og <span class=\"iwg-fachbegriff\" data-tooltip=\"Gj\u00f6f til gu\u00f0veru til a\u00f0 tj\u00e1 \u00fe\u00f6kk, b\u00f3n e\u00f0a d\u00fdrkun.\" tabindex=\"0\">f\u00f3rnir<\/span> f\u00e6r\u00f0ar \u00feeim, svo a\u00f0 \u00fe\u00e6r \u00fathlutu\u00f0u br\u00fa\u00f0hj\u00f3nunum g\u00f3\u00f0um \u00f6rl\u00f6gum. \u00cd greftrun og sorg gegndu \u00fe\u00e6r einnig hlutverki sem m\u00e1ttarv\u00f6ldin sem h\u00f6f\u00f0u klippt l\u00edfs\u00fer\u00e1\u00f0inn.<\/p><p><span class=\"iwg-fachbegriff\" data-tooltip=\"Gj\u00f6f til gu\u00f0veru til a\u00f0 tj\u00e1 \u00fe\u00f6kk, b\u00f3n e\u00f0a d\u00fdrkun.\" tabindex=\"0\">F\u00f3rnirnar<\/span> til M\u00f6rnanna voru, eftir \u00fev\u00ed sem var\u00f0veist hefur, oft bl\u00f3\u00f0lausar gjafir, bl\u00f3m, hunang og svipa\u00f0ar gjafir, sem tengir \u00fe\u00e6r \u00f6\u00f0rum jar\u00f0bundnum (k\u00fe\u00f3n\u00edskum) gu\u00f0veur. \u00c1 sumum st\u00f6\u00f0um voru \u00fe\u00e6r d\u00fdrka\u00f0ar saman me\u00f0 Seifi, Eumenidunum e\u00f0a f\u00e6\u00f0ingargy\u00f0jum.<\/p><p>\u00cd heild var <span class=\"iwg-fachbegriff\" data-tooltip=\"Heild tr\u00faarlegra d\u00fdrkunarathafna fyrir gu\u00f0veru e\u00f0a heilaga pers\u00f3nu.\" tabindex=\"0\">d\u00fdrkun<\/span> \u00feeirra v\u00ed\u00f0t\u00e6k en l\u00e1gstemmd: h\u00fan fylgdi afgerandi vendipunktum l\u00edfsins \u00e1n \u00feess a\u00f0 krefjast mikilla opinberra h\u00e1t\u00ed\u00f0ahalda. \u00deessi \u00fatbrei\u00f0sla yfir allt l\u00edfi\u00f0 samsvarar e\u00f0li \u00feeirra sem m\u00e1ttarv\u00f6ld sem verka ekki \u00e1 einum sta\u00f0, heldur \u00ed hverjum \u00f6rlaga\u00fer\u00e6\u00f0i.<\/p>\t\t\t\t\t\t\t\t<\/div>\n\t\t\t\t\t<\/div>\n\t\t\t\t<\/div>\n\t\t<div class=\"elementor-element elementor-element-iwgw-moiren-s5 e-flex e-con-boxed e-con e-parent\" data-id=\"iwgw-moiren-s5\" data-element_type=\"container\" data-e-type=\"container\">\n\t\t\t\t\t<div class=\"e-con-inner\">\n\t\t\t\t<div class=\"elementor-element elementor-element-iwgw-moiren-s5h elementor-widget elementor-widget-heading\" data-id=\"iwgw-moiren-s5h\" data-element_type=\"widget\" data-e-type=\"widget\" data-widget_type=\"heading.default\">\n\t\t\t\t\t<h2 class=\"elementor-heading-title elementor-size-default\">Verndara\u00f0ger\u00f0ir og fr\u00e1hrindandi t\u00e1kn<\/h2>\t\t\t\t<\/div>\n\t\t\t\t<div class=\"elementor-element elementor-element-iwgw-moiren-s5t elementor-widget elementor-widget-text-editor\" data-id=\"iwgw-moiren-s5t\" data-element_type=\"widget\" data-e-type=\"widget\" data-widget_type=\"text-editor.default\">\n\t\t\t\t\t\t\t\t\t<p>Samband manna vi\u00f0 M\u00f6rnirnar (Moiren) einkenndist af skilningi \u00e1 \u00f3umfl\u00fdjanleika verka \u00feeirra. \u00d3l\u00edkt \u00fev\u00ed sem gilti gegn ska\u00f0legum \u00f6ndum, var ekki unnt a\u00f0 verjast \u00f6rl\u00f6gunum sem M\u00f6rnirnar h\u00f6f\u00f0u \u00e1kve\u00f0i\u00f0.<\/p><p>Gr\u00edska tr\u00fain bau\u00f0 \u00fev\u00ed ekki upp \u00e1 v\u00f6rnara\u00f0fer\u00f0ir \u00ed venjulegum skilningi, heldur fremur lei\u00f0ir til n\u00e1lgunar, b\u00e6nar og tr\u00faarlegrar vi\u00f0urkenningar.<\/p><p>Vi\u00f0 f\u00e6\u00f0ingu og giftingu, \u00feessi tv\u00f6 hvarfaskei\u00f0 l\u00edfsins \u00fear sem M\u00f6rnirnar voru taldar s\u00e9rstaklega n\u00e1l\u00e6gar, voru b\u00e6nir og <span class=\"iwg-fachbegriff\" data-tooltip=\"Gj\u00f6f til gu\u00f0veru til a\u00f0 tj\u00e1 \u00fe\u00f6kk, b\u00f3n e\u00f0a d\u00fdrkun.\" tabindex=\"0\">f\u00f3rnir<\/span> f\u00e6r\u00f0ar \u00feeim, svo a\u00f0 \u00fe\u00e6r \u00fathlutu\u00f0u hagst\u00e6\u00f0u hlutskipti.<\/p><p>\u00deessar athafnir voru ekki varnir, heldur tilraun til a\u00f0 tryggja s\u00e9r velvild \u00f6rlagam\u00e1ttarvaldanna \u00e1\u00f0ur en hlutskipti\u00f0 var \u00e1kve\u00f0i\u00f0. \u00cd \u00fej\u00f3\u00f0tr\u00fa lif\u00f0i \u00e1fram s\u00fa hugmynd a\u00f0 fyrstu dagarnir eftir f\u00e6\u00f0ingu v\u00e6ru s\u00e9rstaklega vi\u00f0kv\u00e6mir, \u00fev\u00ed \u00f6rl\u00f6g barnsins v\u00e6ru enn \u00f3r\u00e1\u00f0in.<\/p><p>A\u00f0 \u00e1varpa M\u00f6rnirnar me\u00f0 fegrandi vi\u00f0urnefnum eins og hinar velvilju\u00f0u e\u00f0a hinar mildu, var hluti af \u00fatbreiddri tr\u00faarlegri m\u00e1lvenju sem \u00e6tla\u00f0 var a\u00f0 milda \u00f3gnvekjandi m\u00e1ttarv\u00f6ld me\u00f0 sefandi nafngift. Sama venja finnst hj\u00e1 Erin\u00fdjunum, sem voru \u00e1kalla\u00f0ar sem Eumen\u00eddes, hinar velvilju\u00f0u.<\/p><p>A\u00f0 \u00f6\u00f0ru leyti kenndi gr\u00edska viskuhef\u00f0in, ekki s\u00edst harmleikurinn, m\u00f6nnum a\u00f0 skilja takm\u00f6rk s\u00edn: a\u00f0 taka vi\u00f0 \u00fev\u00ed sem M\u00f6rnirnar \u00fathlutu\u00f0u var tali\u00f0 merki um \u00feroska.<\/p><p>Tilraunir til a\u00f0 ganga me\u00f0 valdi yfir eigin hlutskipti leiddu \u00ed go\u00f0s\u00f6gulegum fr\u00e1s\u00f6gnum jafnan til \u00f3g\u00e6fu. V\u00f6rn gegn M\u00f6rnunum l\u00e1 \u00fev\u00ed ekki \u00ed neinu <span class=\"iwg-fachbegriff\" data-tooltip=\"Skipul\u00f6g\u00f0 runa t\u00e1knr\u00e6nna athafna me\u00f0 tr\u00faarlega e\u00f0a menningarlega merkingu.\" tabindex=\"0\">helgiath\u00f6fn<\/span>, heldur \u00ed h\u00f3fsamri l\u00edfsstefnu.<\/p>\t\t\t\t\t\t\t\t<\/div>\n\t\t\t\t\t<\/div>\n\t\t\t\t<\/div>\n\t\t<div class=\"elementor-element elementor-element-iwgw-moiren-s6 e-flex e-con-boxed e-con e-parent\" data-id=\"iwgw-moiren-s6\" data-element_type=\"container\" data-e-type=\"container\">\n\t\t\t\t\t<div class=\"e-con-inner\">\n\t\t\t\t<div class=\"elementor-element elementor-element-iwgw-moiren-s6h elementor-widget elementor-widget-heading\" data-id=\"iwgw-moiren-s6h\" data-element_type=\"widget\" data-e-type=\"widget\" data-widget_type=\"heading.default\">\n\t\t\t\t\t<h2 class=\"elementor-heading-title elementor-size-default\">Hli\u00f0st\u00e6\u00f0ur \u00ed \u00f6\u00f0rum menningarheimum<\/h2>\t\t\t\t<\/div>\n\t\t\t\t<div class=\"elementor-element elementor-element-iwgw-moiren-s6t elementor-widget elementor-widget-text-editor\" data-id=\"iwgw-moiren-s6t\" data-element_type=\"widget\" data-e-type=\"widget\" data-widget_type=\"text-editor.default\">\n\t\t\t\t\t\t\t\t\t<p>Hugmyndin um \u00f6rlagar\u00e1\u00f0andi m\u00e1ttarv\u00f6ld, oft \u00ed kvenlegri \u00ferenningu og oft tengd myndinni af \u00fev\u00ed a\u00f0 spinna, er \u00fatbreidd \u00ed ind\u00f3evr\u00f3pskum menningarheimum. Samanbur\u00f0arranns\u00f3knir l\u00edta \u00e1 \u00feetta sem sameiginlega arfleif\u00f0.<\/p><p>N\u00e6sta hli\u00f0st\u00e6\u00f0a eru r\u00f3mversku parkurnar (Parcae), sem voru svo algj\u00f6rlega samsama\u00f0ar Mo\u00edrunum a\u00f0 h\u00f3parnir tveir ver\u00f0a vart a\u00f0greindir \u00ed <span class=\"iwg-fachbegriff\" data-tooltip=\"Mi\u00f0lun \u00feekkingar og fr\u00e1sagna kynsl\u00f3\u00f0 fram af kynsl\u00f3\u00f0.\" tabindex=\"0\">munnm\u00e6lunum<\/span>.<\/p><p>\u00cd norr\u00e6nni <span class=\"iwg-fachbegriff\" data-tooltip=\"Heildarsafn go\u00f0sagna og gu\u00f0afr\u00e1sagna tiltekinnar menningar.\" tabindex=\"0\">go\u00f0afr\u00e6\u00f0i<\/span> standa nornirnar, sem r\u00e1\u00f0a \u00f6rl\u00f6gum manna vi\u00f0 r\u00e6tur heimstr\u00e9sins; einnig \u00fe\u00e6r eru \u00ed \u00feekktustu <span class=\"iwg-fachbegriff\" data-tooltip=\"Mi\u00f0lun \u00feekkingar og fr\u00e1sagna kynsl\u00f3\u00f0 fram af kynsl\u00f3\u00f0.\" tabindex=\"0\">munnm\u00e6lunum<\/span> \u00ferj\u00e1r a\u00f0 t\u00f6lu og tengdar spuna og vefna\u00f0i.<\/p><p>\u00c1 baltnesku og slavnesku m\u00e1lsv\u00e6\u00f0unum eru samb\u00e6rilegar \u00f6rlagakonur sem birtast vi\u00f0 f\u00e6\u00f0ingu barns og \u00e1kvar\u00f0a hlutskipti \u00feess.<\/p><p>Myndin af l\u00edfs\u00fer\u00e6\u00f0inum, sem er spunninn, m\u00e6ldur og skorinn af, er hi\u00f0 sameinandi einkenni. H\u00fan tengir hina hversdagslegu i\u00f0ju a\u00f0 spinna, sem \u00e1 <span class=\"iwg-fachbegriff\" data-tooltip=\"T\u00edmabil gr\u00edsku og r\u00f3mversku menningarinnar, u.\u00fe.b. 800 f.Kr. til 600 e.Kr.\" tabindex=\"0\">forn\u00f6ld<\/span> var talin kvenleg ath\u00f6fn, vi\u00f0 hugmyndina um endanleika l\u00edfsins. Fr\u00e6\u00f0imenn hafa greint \u00ed \u00feessu forna ind\u00f3evr\u00f3pska <span class=\"iwg-fachbegriff\" data-tooltip=\"Endurteki\u00f0 innihaldslegt stef \u00ed list e\u00f0a fr\u00e1s\u00f6gn.\" tabindex=\"0\">minni<\/span> sem t\u00f3k \u00e1 sig \u00f3l\u00edkar myndir \u00ed hinum \u00fdmsu tungum\u00e1la- og menningarsv\u00e6\u00f0um.<\/p><p>Utan hins ind\u00f3evr\u00f3pska sv\u00e6\u00f0is \u00feekkja a\u00f0rar menningarheimar einnig \u00f6rlagagu\u00f0i sem \u00e1kvar\u00f0a m\u00e6lieiningu l\u00edfsins, \u00fe\u00f3tt spunastefi\u00f0 s\u00e9 ekki alls sta\u00f0ar \u00ed brennidepli. Mo\u00edrurnar eru innan \u00feessarar brei\u00f0u stefjafj\u00f6lskyldu hin gr\u00edska \u00fatg\u00e1fa, einkennd af fastri \u00ferenningu, talandi einstaklingsn\u00f6fnum og n\u00e1num tengslum vi\u00f0 heimspekilega \u00edhugun um nau\u00f0syn og frelsi.<\/p>\t\t\t\t\t\t\t\t<\/div>\n\t\t\t\t\t<\/div>\n\t\t\t\t<\/div>\n\t\t<div class=\"elementor-element elementor-element-iwgw-moiren-s7 e-flex e-con-boxed e-con e-parent\" data-id=\"iwgw-moiren-s7\" data-element_type=\"container\" data-e-type=\"container\">\n\t\t\t\t\t<div class=\"e-con-inner\">\n\t\t\t\t<div class=\"elementor-element elementor-element-iwgw-moiren-s7h elementor-widget elementor-widget-heading\" data-id=\"iwgw-moiren-s7h\" data-element_type=\"widget\" data-e-type=\"widget\" data-widget_type=\"heading.default\">\n\t\t\t\t\t<h2 class=\"elementor-heading-title elementor-size-default\">N\u00fat\u00edmavi\u00f0t\u00f6kur og ranns\u00f3knir<\/h2>\t\t\t\t<\/div>\n\t\t\t\t<div class=\"elementor-element elementor-element-iwgw-moiren-s7t elementor-widget elementor-widget-text-editor\" data-id=\"iwgw-moiren-s7t\" data-element_type=\"widget\" data-e-type=\"widget\" data-widget_type=\"text-editor.default\">\n\t\t\t\t\t\t\t\t\t<p>Mo\u00edrurnar eru me\u00f0al \u00feeirra go\u00f0sagnapers\u00f3na sem hafa haldist lifandi \u00ed hugmyndaheimi manna allt til n\u00fat\u00edmans. <span class=\"iwg-fachbegriff\" data-tooltip=\"Endurteki\u00f0 innihaldsatri\u00f0i \u00ed list e\u00f0a fr\u00e1s\u00f6gn.\" tabindex=\"0\">Minni\u00f0<\/span> um \u00ferj\u00e1r \u00f6rlagasystur, sem spinna og klippa \u00e1 l\u00edfs\u00fer\u00e1\u00f0inn, hefur, gegnum r\u00f3mversku Parcae og gegnum b\u00f3kmenntir og myndlist mi\u00f0alda og n\u00fdaldar, or\u00f0i\u00f0 fastur hluti af evr\u00f3psku myndm\u00e1li.<\/p><p>\u00cd sk\u00e1ldskap n\u00fdaldar, \u00ed leikritum og \u00ed myndlist koma \u00fe\u00e6r aftur og aftur fram sem <span class=\"iwg-fachbegriff\" data-tooltip=\"\u00c1\u00fereifanleg mynd sem t\u00e1knar \u00f3hlutbundna hugsun.\" tabindex=\"0\">t\u00e1knmynd<\/span> forgengileikans og hins \u00f3umfl\u00fdjanlega.<\/p><p>\u00cd d\u00e6gurmenningu eru \u00feessar \u00ferj\u00e1r \u00f6rlagakonur endurteki\u00f0 <span class=\"iwg-fachbegriff\" data-tooltip=\"Endurteki\u00f0 innihaldsatri\u00f0i \u00ed list e\u00f0a fr\u00e1s\u00f6gn.\" tabindex=\"0\">minni<\/span>, \u00ed b\u00f3kmenntum, kvikmyndum og leikjum, oft blanda\u00f0 saman vi\u00f0 nornirnar e\u00f0a nornir annarra hef\u00f0a. Or\u00f0atilt\u00e6ki eins og myndin af l\u00edfs\u00fer\u00e6\u00f0inum e\u00f0a \u00fer\u00e6\u00f0inum sem er skorinn af, eiga r\u00e6tur beint \u00ed hugmyndinni um Mo\u00edrurnar.<\/p><p>Tr\u00faarbrag\u00f0afr\u00e6\u00f0ilegar ranns\u00f3knir hafa kanna\u00f0 Mo\u00edrurnar fr\u00e1 m\u00f6rgum sj\u00f3narhornum. \u00cd forgrunni er spurningin um gr\u00edska \u00f6rlagahugtaki\u00f0 og tengsl \u00feess vi\u00f0 go\u00f0heiminn, s\u00e9rstaklega vi\u00f0 Seif, spurning sem \u00feegar haf\u00f0i \u00e1hyggjur af Erwin Rohde og fj\u00f6lda fr\u00e6\u00f0imanna eftir hann.<\/p><p>\u00dear vi\u00f0 hli\u00f0ina er ranns\u00f3knin \u00e1 pers\u00f3nugervingunni: Hvernig ver\u00f0ur hugtaki\u00f0 um \u00fea\u00f0 sem \u00fathluta\u00f0 er a\u00f0 gy\u00f0ju? Walter Burkert og Martin Persson Nilsson hafa fellt Mo\u00edrurnar inn \u00ed heildarumfj\u00f6llun um gr\u00edska tr\u00faarbr\u00f6g\u00f0, Timothy Gantz hefur fari\u00f0 yfir heimildirnar, Fritz Graf hefur fjalla\u00f0 um st\u00f6\u00f0u \u00feeirra \u00ed <span class=\"iwg-fachbegriff\" data-tooltip=\"Heildarsafn go\u00f0sagna sem var\u00f0veist hafa innan menningar.\" tabindex=\"0\">go\u00f0afr\u00e6\u00f0inni<\/span>.<\/p><p>Mo\u00edrurnar eru \u00e1fram lykild\u00e6mi um \u00fea\u00f0 hvernig Grikkir hugsu\u00f0u um nau\u00f0syn, dau\u00f0a og takm\u00f6rk mannlegrar athafnar.<\/p>\t\t\t\t\t\t\t\t<\/div>\n\t\t\t\t\t<\/div>\n\t\t\t\t<\/div>\n\t\t<div class=\"elementor-element elementor-element-iwgw-moiren-lit e-flex e-con-boxed e-con e-parent\" data-id=\"iwgw-moiren-lit\" data-element_type=\"container\" data-e-type=\"container\">\n\t\t\t\t\t<div class=\"e-con-inner\">\n\t\t\t\t<div class=\"elementor-element elementor-element-iwgw-moiren-lith elementor-widget elementor-widget-heading\" data-id=\"iwgw-moiren-lith\" data-element_type=\"widget\" data-e-type=\"widget\" data-widget_type=\"heading.default\">\n\t\t\t\t\t<h2 class=\"elementor-heading-title elementor-size-default\">Heimildir (\u00farval)<\/h2>\t\t\t\t<\/div>\n\t\t\t\t<div class=\"elementor-element elementor-element-iwgw-moiren-litt elementor-widget elementor-widget-text-editor\" data-id=\"iwgw-moiren-litt\" data-element_type=\"widget\" data-e-type=\"widget\" data-widget_type=\"text-editor.default\">\n\t\t\t\t\t\t\t\t\t<ul><li>Erwin Rohde: <em>Psyche. Seelencult und Unsterblichkeitsglaube der Griechen<\/em> (1894)<\/li><li>Walter Burkert: <em>Griechische Religion der archaischen und klassischen Epoche<\/em> (1977)<\/li><li>Martin Persson Nilsson: <em>Geschichte der griechischen Religion<\/em> (1941\u20131950)<\/li><li>Timothy Gantz: <em>Early Greek Myth. A Guide to Literary and Artistic Sources<\/em> (1993)<\/li><li>Fritz Graf: <em>Griechische <span class=\"iwg-fachbegriff\" data-tooltip=\"Heildarsafn go\u00f0sagna sem var\u00f0veist hafa innan menningar.\" tabindex=\"0\">go\u00f0afr\u00e6\u00f0i<\/span>. Eine Einf\u00fchrung<\/em> (1985)<\/li><li>Martin Litchfield West: <em>Hesiod. Theogony. Edited with Prolegomena and Commentary<\/em> (1966)<\/li><\/ul>\t\t\t\t\t\t\t\t<\/div>\n\t\t\t\t\t<\/div>\n\t\t\t\t<\/div>\n\t\t<div class=\"elementor-element elementor-element-iwgw-moiren-kwd e-flex e-con-boxed e-con e-parent\" data-id=\"iwgw-moiren-kwd\" data-element_type=\"container\" data-e-type=\"container\">\n\t\t\t\t\t<div class=\"e-con-inner\">\n\t\t\t\t<div class=\"elementor-element elementor-element-iwgw-moiren-kwdt elementor-widget elementor-widget-text-editor\" data-id=\"iwgw-moiren-kwdt\" data-element_type=\"widget\" data-e-type=\"widget\" data-widget_type=\"text-editor.default\">\n\t\t\t\t\t\t\t\t\t<p><em>Tengd leitaror\u00f0: Mo\u00edrur Kl\u00f3\u00fe\u00f3 Lakesis Atr\u00f3pos \u00f6rl\u00f6g l\u00edfs\u00fer\u00e1\u00f0ur Parcae sn\u00e6lda.<\/em><\/p>\t\t\t\t\t\t\t\t<\/div>\n\t\t\t\t\t<\/div>\n\t\t\t\t<\/div>\n\t\t<div class=\"elementor-element elementor-element-iwgw-moiren-cc e-flex e-con-boxed e-con e-parent\" data-id=\"iwgw-moiren-cc\" data-element_type=\"container\" data-e-type=\"container\" id=\"iwg-cc-moiren\">\n\t\t\t\t\t<div class=\"e-con-inner\">\n\t\t<div class=\"elementor-element elementor-element-iwgw-moiren-ccinner e-flex e-con-boxed e-con e-parent\" data-id=\"iwgw-moiren-ccinner\" data-element_type=\"container\" data-e-type=\"container\" data-settings=\"{&quot;background_background&quot;:&quot;classic&quot;}\">\n\t\t\t\t\t<div class=\"e-con-inner\">\n\t\t\t\t<div class=\"elementor-element elementor-element-iwgw-moiren-cch elementor-widget elementor-widget-heading\" data-id=\"iwgw-moiren-cch\" data-element_type=\"widget\" data-e-type=\"widget\" data-widget_type=\"heading.default\">\n\t\t\t\t\t<h2 class=\"elementor-heading-title elementor-size-default\">iWell Guard og verndarhef\u00f0ir<\/h2>\t\t\t\t<\/div>\n\t\t\t\t<div class=\"elementor-element elementor-element-iwgw-moiren-cct elementor-widget elementor-widget-text-editor\" data-id=\"iwgw-moiren-cct\" data-element_type=\"widget\" data-e-type=\"widget\" data-widget_type=\"text-editor.default\">\n\t\t\t\t\t\t\t\t\t<div data-nosnippet=\"true\"><p>iWell Guard tengist menningars\u00f6gulegri hef\u00f0 fars\u00edma verndargripa, \u00ed hef\u00f0 <a href=\"https:\/\/iwell-guard.com\/is\/grikkland\/\">Grikklands<\/a> og margra annarra menningarheima um allan heim. 41 lag, ekta gull, plat\u00edna, silfur, framleitt \u00ed \u00de\u00fdskalandi. 30 daga skilar\u00e9ttur.<\/p><\/div>\t\t\t\t\t\t\t\t<\/div>\n\t\t\t\t<div class=\"elementor-element elementor-element-iwgw-moiren-ccb iwg-cc-button iwg-cc-cta-2026-05-13 elementor-widget elementor-widget-jet-button\" data-id=\"iwgw-moiren-ccb\" data-element_type=\"widget\" data-e-type=\"widget\" data-widget_type=\"jet-button.default\">\n\t\t\t\t<div class=\"elementor-widget-container\">\n\t\t\t\t\t<div class=\"elementor-jet-button jet-elements\"><div class=\"jet-button__container\"><a class=\"jet-button__instance jet-button__instance--icon-left hover-effect-1\" href=\"\/ueber-iwell-guard\/?utm_source=iwell-guard.com&amp;utm_medium=info-box&amp;utm_campaign=wesen-tradition\"><div class=\"jet-button__plane jet-button__plane-normal\"><\/div><div class=\"jet-button__plane jet-button__plane-hover\"><\/div><div class=\"jet-button__state jet-button__state-normal\"><span class=\"jet-button__label\">Meira um iWell Guard<\/span><\/div><div class=\"jet-button__state jet-button__state-hover\"><span class=\"jet-button__label\">Meira um iWell Guard<\/span><\/div><\/a><\/div><\/div><style>.elementor-element.elementor-element-iwgw-moiren-ccb .jet-button__instance{width:320px;height:56px;}.elementor-element.elementor-element-iwgw-moiren-ccb .jet-button__state-normal .jet-button__label{text-align:center;margin:0px 0px 0px 0px;color:#1a1b20;font-family:Montserrat,sans-serif;font-size:13px;font-weight:400;letter-spacing:4px;line-height:1.714em;text-transform:uppercase;}.elementor-element.elementor-element-iwgw-moiren-ccb .jet-button__state-hover .jet-button__label{text-align:center;margin:0px 0px 0px 0px;color:#FECC76;font-family:Montserrat,sans-serif;font-size:13px;font-weight:400;letter-spacing:4px;line-height:1.714em;text-transform:uppercase;}.elementor-element.elementor-element-iwgw-moiren-ccb .jet-button__plane-normal{background-color:#FECC76;border-style:solid;border-color:#C99540;border-width:2px 2px 2px 2px;}.elementor-element.elementor-element-iwgw-moiren-ccb .jet-button__plane-hover{background-color:rgba(0,0,0,0.55);border-style:solid;border-color:#FECC76;border-width:2px 2px 2px 2px;}<\/style>\t\t\t\t<\/div>\n\t\t\t\t<\/div>\n\t\t\t\t<div class=\"elementor-element elementor-element-iwgw-moiren-ccd elementor-widget elementor-widget-text-editor\" data-id=\"iwgw-moiren-ccd\" data-element_type=\"widget\" data-e-type=\"widget\" data-widget_type=\"text-editor.default\">\n\t\t\t\t\t\t\t\t\t<div data-nosnippet=\"true\"><p style=\"text-align:center;font-size:13px;opacity:0.7;margin-top:14px\" data-nosnippet=\"true\">Pers\u00f3nuleg reynsla getur veri\u00f0 mismunandi. Ekki l\u00e6kningat\u00e6ki. Engin lofor\u00f0 um l\u00e6kningu.<\/p><\/div>\t\t\t\t\t\t\t\t<\/div>\n\t\t\t\t\t<\/div>\n\t\t\t\t<\/div>\n\t\t\t\t\t<\/div>\n\t\t\t\t<\/div>\n\t\t<div class=\"elementor-element elementor-element-iwgw-moiren-disc e-flex e-con-boxed e-con e-parent\" data-id=\"iwgw-moiren-disc\" data-element_type=\"container\" data-e-type=\"container\">\n\t\t\t\t\t<div class=\"e-con-inner\">\n\t\t\t\t<div class=\"elementor-element elementor-element-iwgw-moiren-discw elementor-widget elementor-widget-html\" data-id=\"iwgw-moiren-discw\" data-element_type=\"widget\" data-e-type=\"widget\" data-widget_type=\"html.default\">\n\t\t\t\t\t<footer data-nosnippet=\"true\" class=\"iwg-disclaimer-block\"><p data-nosnippet=\"true\">iWell Guard er <strong>ekki l\u00e6kningat\u00e6ki<\/strong> og kemur ekki \u00ed sta\u00f0inn fyrir l\u00e6knis- e\u00f0a s\u00e1lfr\u00e6\u00f0ime\u00f0fer\u00f0. Tr\u00faarfr\u00e6\u00f0ilegt efni er menningars\u00f6gulegt samhengi, ekki r\u00e1\u00f0legging um andlega i\u00f0kun.<\/p><\/footer>\t\t\t\t<\/div>\n\t\t\t\t\t<\/div>\n\t\t\t\t<\/div>\n\t\t\t\t<\/div>\n\t\t","protected":false},"excerpt":{"rendered":"","protected":false},"author":3,"featured_media":3375,"parent":0,"menu_order":0,"comment_status":"closed","ping_status":"closed","template":"elementor_header_footer","meta":{"_yoast_wpseo_focuskw":"Moirurnar \u00f6rlaganornir","_yoast_wpseo_title":"Moirurnar \u2013 \u00f6rlaganornir Grikkja","_yoast_wpseo_metadesc":"Moirurnar, \u00ferj\u00e1r \u00f6rlaganornir gr\u00edskrar go\u00f0afr\u00e6\u00f0i, spinna l\u00edfs\u00fer\u00e1\u00f0inn: Kl\u00f3\u00fe\u00f3 spinnur, Lakesis m\u00e6lir hann og Atr\u00f3pos sker hann af.","_yoast_wpseo_meta-robots-noindex":"","_yoast_wpseo_canonical":"","_angie_page":false,"gefaehrdungsstufe":"","wesen_kultur":"","wesen_klasse":"","footnotes":""},"categories":[],"class_list":["post-169033","page","type-page","status-publish","has-post-thumbnail","hentry"],"yoast_head":"<!-- This site is optimized with the Yoast SEO Premium plugin v27.7 (Yoast SEO v28.3) - https:\/\/yoast.com\/product\/yoast-seo-premium-wordpress\/ -->\n<title>Moirurnar \u2013 \u00f6rlaganornir Grikkja<\/title>\n<meta name=\"description\" content=\"Moirurnar, \u00ferj\u00e1r \u00f6rlaganornir gr\u00edskrar go\u00f0afr\u00e6\u00f0i, spinna l\u00edfs\u00fer\u00e1\u00f0inn: Kl\u00f3\u00fe\u00f3 spinnur, Lakesis m\u00e6lir hann og Atr\u00f3pos sker hann af.\" \/>\n<meta name=\"robots\" content=\"index, follow, max-snippet:-1, max-image-preview:large, max-video-preview:-1\" \/>\n<link rel=\"canonical\" href=\"https:\/\/iwell-guard.com\/is\/moirurnar-orlaganornir-lifsthradur\/\" \/>\n<meta property=\"og:locale\" content=\"is_IS\" \/>\n<meta property=\"og:type\" content=\"article\" \/>\n<meta property=\"og:title\" content=\"Moirurnar \u2013 \u00f6rlaganornir og verndarar l\u00edfs\u00fer\u00e1\u00f0arins\" \/>\n<meta property=\"og:description\" content=\"Moirurnar, \u00ferj\u00e1r \u00f6rlaganornir gr\u00edskrar go\u00f0afr\u00e6\u00f0i, spinna l\u00edfs\u00fer\u00e1\u00f0inn: Kl\u00f3\u00fe\u00f3 spinnur, Lakesis m\u00e6lir hann og Atr\u00f3pos sker hann af.\" \/>\n<meta property=\"og:url\" content=\"https:\/\/iwell-guard.com\/is\/moirurnar-orlaganornir-lifsthradur\/\" \/>\n<meta property=\"og:site_name\" content=\"iWell Guard\" \/>\n<meta property=\"article:modified_time\" content=\"2026-09-05T14:30:35+00:00\" \/>\n<meta property=\"og:image\" content=\"https:\/\/iwell-guard.com\/wp-content\/uploads\/2026\/05\/goetter_griechenland_moiren.webp\" \/>\n\t<meta property=\"og:image:width\" content=\"1024\" \/>\n\t<meta property=\"og:image:height\" content=\"1536\" \/>\n\t<meta property=\"og:image:type\" content=\"image\/webp\" \/>\n<meta name=\"twitter:card\" content=\"summary_large_image\" \/>\n<script type=\"application\/ld+json\" class=\"yoast-schema-graph\">{\"@context\":\"https:\\\/\\\/schema.org\",\"@graph\":[{\"@type\":\"WebPage\",\"@id\":\"https:\\\/\\\/iwell-guard.com\\\/is\\\/moirurnar-orlaganornir-lifsthradur\\\/\",\"url\":\"https:\\\/\\\/iwell-guard.com\\\/is\\\/moirurnar-orlaganornir-lifsthradur\\\/\",\"name\":\"Moirurnar \u2013 \u00f6rlaganornir Grikkja\",\"isPartOf\":{\"@id\":\"https:\\\/\\\/iwell-guard.com\\\/is\\\/#website\"},\"primaryImageOfPage\":{\"@id\":\"https:\\\/\\\/iwell-guard.com\\\/is\\\/moirurnar-orlaganornir-lifsthradur\\\/#primaryimage\"},\"image\":{\"@id\":\"https:\\\/\\\/iwell-guard.com\\\/is\\\/moirurnar-orlaganornir-lifsthradur\\\/#primaryimage\"},\"thumbnailUrl\":\"https:\\\/\\\/iwell-guard.com\\\/wp-content\\\/uploads\\\/2026\\\/05\\\/goetter_griechenland_moiren.webp\",\"datePublished\":\"2026-09-05T14:05:00+00:00\",\"dateModified\":\"2026-09-05T14:30:35+00:00\",\"description\":\"Moirurnar, \u00ferj\u00e1r \u00f6rlaganornir gr\u00edskrar go\u00f0afr\u00e6\u00f0i, spinna l\u00edfs\u00fer\u00e1\u00f0inn: Kl\u00f3\u00fe\u00f3 spinnur, Lakesis m\u00e6lir hann og Atr\u00f3pos sker hann af.\",\"breadcrumb\":{\"@id\":\"https:\\\/\\\/iwell-guard.com\\\/is\\\/moirurnar-orlaganornir-lifsthradur\\\/#breadcrumb\"},\"inLanguage\":\"is\",\"potentialAction\":[{\"@type\":\"ReadAction\",\"target\":[\"https:\\\/\\\/iwell-guard.com\\\/is\\\/moirurnar-orlaganornir-lifsthradur\\\/\"]}]},{\"@type\":\"ImageObject\",\"inLanguage\":\"is\",\"@id\":\"https:\\\/\\\/iwell-guard.com\\\/is\\\/moirurnar-orlaganornir-lifsthradur\\\/#primaryimage\",\"url\":\"https:\\\/\\\/iwell-guard.com\\\/wp-content\\\/uploads\\\/2026\\\/05\\\/goetter_griechenland_moiren.webp\",\"contentUrl\":\"https:\\\/\\\/iwell-guard.com\\\/wp-content\\\/uploads\\\/2026\\\/05\\\/goetter_griechenland_moiren.webp\",\"width\":1024,\"height\":1536,\"caption\":\"Gu\u00f0ir \u00far gr\u00edskri hef\u00f0.\"},{\"@type\":\"BreadcrumbList\",\"@id\":\"https:\\\/\\\/iwell-guard.com\\\/is\\\/moirurnar-orlaganornir-lifsthradur\\\/#breadcrumb\",\"itemListElement\":[{\"@type\":\"ListItem\",\"position\":1,\"name\":\"Start\",\"item\":\"https:\\\/\\\/iwell-guard.com\\\/is\\\/?page_id=168580\"},{\"@type\":\"ListItem\",\"position\":2,\"name\":\"Moirurnar \u2013 \u00f6rlaganornir og verndarar l\u00edfs\u00fer\u00e1\u00f0arins\"}]},{\"@type\":\"WebSite\",\"@id\":\"https:\\\/\\\/iwell-guard.com\\\/is\\\/#website\",\"url\":\"https:\\\/\\\/iwell-guard.com\\\/is\\\/\",\"name\":\"iWell Guard\",\"description\":\"Schutz vor dunklen Einfl\u00fcssen\",\"publisher\":{\"@id\":\"https:\\\/\\\/iwell-guard.com\\\/is\\\/#organization\"},\"potentialAction\":[{\"@type\":\"SearchAction\",\"target\":{\"@type\":\"EntryPoint\",\"urlTemplate\":\"https:\\\/\\\/iwell-guard.com\\\/is\\\/?s={search_term_string}\"},\"query-input\":{\"@type\":\"PropertyValueSpecification\",\"valueRequired\":true,\"valueName\":\"search_term_string\"}}],\"inLanguage\":\"is\"},{\"@type\":\"Organization\",\"@id\":\"https:\\\/\\\/iwell-guard.com\\\/is\\\/#organization\",\"name\":\"Ittermann electronic GmbH\",\"url\":\"https:\\\/\\\/iwell-guard.com\\\/is\\\/\",\"logo\":{\"@type\":\"ImageObject\",\"inLanguage\":\"is\",\"@id\":\"https:\\\/\\\/iwell-guard.com\\\/is\\\/#\\\/schema\\\/logo\\\/image\\\/\",\"url\":\"https:\\\/\\\/iwell-guard.com\\\/wp-content\\\/uploads\\\/2026\\\/05\\\/Ittermann-Logo-1182x237-1.png\",\"contentUrl\":\"https:\\\/\\\/iwell-guard.com\\\/wp-content\\\/uploads\\\/2026\\\/05\\\/Ittermann-Logo-1182x237-1.png\",\"width\":1182,\"height\":237,\"caption\":\"Ittermann electronic GmbH\"},\"image\":{\"@id\":\"https:\\\/\\\/iwell-guard.com\\\/is\\\/#\\\/schema\\\/logo\\\/image\\\/\"},\"sameAs\":[\"https:\\\/\\\/pantip.com\\\/profile\\\/9367242\",\"https:\\\/\\\/micro.blog\\\/iwellguard\",\"https:\\\/\\\/www.diggerslist.com\\\/iwellguard\\\/about\",\"https:\\\/\\\/skitterphoto.com\\\/photographers\\\/2870314\\\/iwell-guard\",\"https:\\\/\\\/iwellguard.wordpress.com\\\/2026\\\/06\\\/06\\\/iwell-guard\\\/\",\"https:\\\/\\\/hub.docker.com\\\/u\\\/iwellguard\",\"https:\\\/\\\/www.pinterest.com\\\/iwellguard\\\/\",\"https:\\\/\\\/bit.ly\\\/m\\\/iwellguard\",\"https:\\\/\\\/entre-vos-mains.alsace.eu\\\/profiles\\\/iwellguard\\\/activity\",\"https:\\\/\\\/gravatar.com\\\/reallybeded8fd34\",\"https:\\\/\\\/naijamatta.com\\\/iwellguard\",\"https:\\\/\\\/www.goodreads.com\\\/iwellguard\",\"https:\\\/\\\/profile.hatena.ne.jp\\\/iwellguard\\\/\",\"https:\\\/\\\/experiment.com\\\/users\\\/iwellguard\",\"https:\\\/\\\/wakelet.com\\\/@iWellGuard82270\",\"https:\\\/\\\/www.chordie.com\\\/forum\\\/profile.php?id=2555664\",\"https:\\\/\\\/www.instapaper.com\\\/p\\\/17757966\",\"https:\\\/\\\/www.mapleprimes.com\\\/users\\\/iwellguard\",\"https:\\\/\\\/businesslistingplus.com\\\/profile\\\/iwell-guard\\\/\",\"https:\\\/\\\/telegra.ph\\\/iWell-Guard-06-06\",\"https:\\\/\\\/pbase.com\\\/iwellguard\\\/iwellguard\",\"https:\\\/\\\/b.hatena.ne.jp\\\/iwellguard\\\/20260607#bookmark-4788405196491818882\",\"https:\\\/\\\/fliphtml5.com\\\/home\\\/iwellguard\",\"https:\\\/\\\/anyflip.com\\\/homepage\\\/cmiwl#About\",\"https:\\\/\\\/transfur.com\\\/Users\\\/iwellguard\",\"http:\\\/\\\/delphi.larsbo.org\\\/user\\\/iwellguard\",\"https:\\\/\\\/jobs.lajobsportal.org\\\/profiles\\\/8380803-iwell-guard\",\"https:\\\/\\\/md.chaosdorf.de\\\/s\\\/jfbe5SBdJD\",\"https:\\\/\\\/www.lingvolive.com\\\/en-us\\\/profile\\\/9ecaeaca-ce11-4e51-9e71-01d55e2bff36\\\/translations\",\"https:\\\/\\\/www.fitday.com\\\/fitness\\\/forums\\\/members\\\/iwellguard.html\",\"https:\\\/\\\/www.mymeetbook.com\\\/iwellguard\",\"https:\\\/\\\/pxhere.com\\\/en\\\/photographer-me\\\/5040798\",\"https:\\\/\\\/disqus.com\\\/by\\\/iwellguard\\\/about\\\/\",\"https:\\\/\\\/pastelink.net\\\/hjwciqwq\",\"https:\\\/\\\/pubhtml5.com\\\/homepage\\\/scjhn\\\/\",\"https:\\\/\\\/www.bitchute.com\\\/channel\\\/2O2eOKzNqujT\",\"https:\\\/\\\/audiomack.com\\\/iwellguard\"]}]}<\/script>\n<!-- \/ Yoast SEO Premium plugin. -->","yoast_head_json":{"title":"Moirurnar \u2013 \u00f6rlaganornir Grikkja","description":"Moirurnar, \u00ferj\u00e1r \u00f6rlaganornir gr\u00edskrar go\u00f0afr\u00e6\u00f0i, spinna l\u00edfs\u00fer\u00e1\u00f0inn: Kl\u00f3\u00fe\u00f3 spinnur, Lakesis m\u00e6lir hann og Atr\u00f3pos sker hann af.","robots":{"index":"index","follow":"follow","max-snippet":"max-snippet:-1","max-image-preview":"max-image-preview:large","max-video-preview":"max-video-preview:-1"},"canonical":"https:\/\/iwell-guard.com\/is\/moirurnar-orlaganornir-lifsthradur\/","og_locale":"is_IS","og_type":"article","og_title":"Moirurnar \u2013 \u00f6rlaganornir og verndarar l\u00edfs\u00fer\u00e1\u00f0arins","og_description":"Moirurnar, \u00ferj\u00e1r \u00f6rlaganornir gr\u00edskrar go\u00f0afr\u00e6\u00f0i, spinna l\u00edfs\u00fer\u00e1\u00f0inn: Kl\u00f3\u00fe\u00f3 spinnur, Lakesis m\u00e6lir hann og Atr\u00f3pos sker hann af.","og_url":"https:\/\/iwell-guard.com\/is\/moirurnar-orlaganornir-lifsthradur\/","og_site_name":"iWell Guard","article_modified_time":"2026-09-05T14:30:35+00:00","og_image":[{"width":1024,"height":1536,"url":"https:\/\/iwell-guard.com\/wp-content\/uploads\/2026\/05\/goetter_griechenland_moiren.webp","type":"image\/webp"}],"twitter_card":"summary_large_image","schema":{"@context":"https:\/\/schema.org","@graph":[{"@type":"WebPage","@id":"https:\/\/iwell-guard.com\/is\/moirurnar-orlaganornir-lifsthradur\/","url":"https:\/\/iwell-guard.com\/is\/moirurnar-orlaganornir-lifsthradur\/","name":"Moirurnar \u2013 \u00f6rlaganornir Grikkja","isPartOf":{"@id":"https:\/\/iwell-guard.com\/is\/#website"},"primaryImageOfPage":{"@id":"https:\/\/iwell-guard.com\/is\/moirurnar-orlaganornir-lifsthradur\/#primaryimage"},"image":{"@id":"https:\/\/iwell-guard.com\/is\/moirurnar-orlaganornir-lifsthradur\/#primaryimage"},"thumbnailUrl":"https:\/\/iwell-guard.com\/wp-content\/uploads\/2026\/05\/goetter_griechenland_moiren.webp","datePublished":"2026-09-05T14:05:00+00:00","dateModified":"2026-09-05T14:30:35+00:00","description":"Moirurnar, \u00ferj\u00e1r \u00f6rlaganornir gr\u00edskrar go\u00f0afr\u00e6\u00f0i, spinna l\u00edfs\u00fer\u00e1\u00f0inn: Kl\u00f3\u00fe\u00f3 spinnur, Lakesis m\u00e6lir hann og Atr\u00f3pos sker hann af.","breadcrumb":{"@id":"https:\/\/iwell-guard.com\/is\/moirurnar-orlaganornir-lifsthradur\/#breadcrumb"},"inLanguage":"is","potentialAction":[{"@type":"ReadAction","target":["https:\/\/iwell-guard.com\/is\/moirurnar-orlaganornir-lifsthradur\/"]}]},{"@type":"ImageObject","inLanguage":"is","@id":"https:\/\/iwell-guard.com\/is\/moirurnar-orlaganornir-lifsthradur\/#primaryimage","url":"https:\/\/iwell-guard.com\/wp-content\/uploads\/2026\/05\/goetter_griechenland_moiren.webp","contentUrl":"https:\/\/iwell-guard.com\/wp-content\/uploads\/2026\/05\/goetter_griechenland_moiren.webp","width":1024,"height":1536,"caption":"Gu\u00f0ir \u00far gr\u00edskri hef\u00f0."},{"@type":"BreadcrumbList","@id":"https:\/\/iwell-guard.com\/is\/moirurnar-orlaganornir-lifsthradur\/#breadcrumb","itemListElement":[{"@type":"ListItem","position":1,"name":"Start","item":"https:\/\/iwell-guard.com\/is\/?page_id=168580"},{"@type":"ListItem","position":2,"name":"Moirurnar \u2013 \u00f6rlaganornir og verndarar l\u00edfs\u00fer\u00e1\u00f0arins"}]},{"@type":"WebSite","@id":"https:\/\/iwell-guard.com\/is\/#website","url":"https:\/\/iwell-guard.com\/is\/","name":"iWell Guard","description":"Schutz vor dunklen Einfl\u00fcssen","publisher":{"@id":"https:\/\/iwell-guard.com\/is\/#organization"},"potentialAction":[{"@type":"SearchAction","target":{"@type":"EntryPoint","urlTemplate":"https:\/\/iwell-guard.com\/is\/?s={search_term_string}"},"query-input":{"@type":"PropertyValueSpecification","valueRequired":true,"valueName":"search_term_string"}}],"inLanguage":"is"},{"@type":"Organization","@id":"https:\/\/iwell-guard.com\/is\/#organization","name":"Ittermann electronic GmbH","url":"https:\/\/iwell-guard.com\/is\/","logo":{"@type":"ImageObject","inLanguage":"is","@id":"https:\/\/iwell-guard.com\/is\/#\/schema\/logo\/image\/","url":"https:\/\/iwell-guard.com\/wp-content\/uploads\/2026\/05\/Ittermann-Logo-1182x237-1.png","contentUrl":"https:\/\/iwell-guard.com\/wp-content\/uploads\/2026\/05\/Ittermann-Logo-1182x237-1.png","width":1182,"height":237,"caption":"Ittermann electronic GmbH"},"image":{"@id":"https:\/\/iwell-guard.com\/is\/#\/schema\/logo\/image\/"},"sameAs":["https:\/\/pantip.com\/profile\/9367242","https:\/\/micro.blog\/iwellguard","https:\/\/www.diggerslist.com\/iwellguard\/about","https:\/\/skitterphoto.com\/photographers\/2870314\/iwell-guard","https:\/\/iwellguard.wordpress.com\/2026\/06\/06\/iwell-guard\/","https:\/\/hub.docker.com\/u\/iwellguard","https:\/\/www.pinterest.com\/iwellguard\/","https:\/\/bit.ly\/m\/iwellguard","https:\/\/entre-vos-mains.alsace.eu\/profiles\/iwellguard\/activity","https:\/\/gravatar.com\/reallybeded8fd34","https:\/\/naijamatta.com\/iwellguard","https:\/\/www.goodreads.com\/iwellguard","https:\/\/profile.hatena.ne.jp\/iwellguard\/","https:\/\/experiment.com\/users\/iwellguard","https:\/\/wakelet.com\/@iWellGuard82270","https:\/\/www.chordie.com\/forum\/profile.php?id=2555664","https:\/\/www.instapaper.com\/p\/17757966","https:\/\/www.mapleprimes.com\/users\/iwellguard","https:\/\/businesslistingplus.com\/profile\/iwell-guard\/","https:\/\/telegra.ph\/iWell-Guard-06-06","https:\/\/pbase.com\/iwellguard\/iwellguard","https:\/\/b.hatena.ne.jp\/iwellguard\/20260607#bookmark-4788405196491818882","https:\/\/fliphtml5.com\/home\/iwellguard","https:\/\/anyflip.com\/homepage\/cmiwl#About","https:\/\/transfur.com\/Users\/iwellguard","http:\/\/delphi.larsbo.org\/user\/iwellguard","https:\/\/jobs.lajobsportal.org\/profiles\/8380803-iwell-guard","https:\/\/md.chaosdorf.de\/s\/jfbe5SBdJD","https:\/\/www.lingvolive.com\/en-us\/profile\/9ecaeaca-ce11-4e51-9e71-01d55e2bff36\/translations","https:\/\/www.fitday.com\/fitness\/forums\/members\/iwellguard.html","https:\/\/www.mymeetbook.com\/iwellguard","https:\/\/pxhere.com\/en\/photographer-me\/5040798","https:\/\/disqus.com\/by\/iwellguard\/about\/","https:\/\/pastelink.net\/hjwciqwq","https:\/\/pubhtml5.com\/homepage\/scjhn\/","https:\/\/www.bitchute.com\/channel\/2O2eOKzNqujT","https:\/\/audiomack.com\/iwellguard"]}]}},"_links":{"self":[{"href":"https:\/\/iwell-guard.com\/is\/wp-json\/wp\/v2\/pages\/169033","targetHints":{"allow":["GET"]}}],"collection":[{"href":"https:\/\/iwell-guard.com\/is\/wp-json\/wp\/v2\/pages"}],"about":[{"href":"https:\/\/iwell-guard.com\/is\/wp-json\/wp\/v2\/types\/page"}],"author":[{"embeddable":true,"href":"https:\/\/iwell-guard.com\/is\/wp-json\/wp\/v2\/users\/3"}],"replies":[{"embeddable":true,"href":"https:\/\/iwell-guard.com\/is\/wp-json\/wp\/v2\/comments?post=169033"}],"version-history":[{"count":0,"href":"https:\/\/iwell-guard.com\/is\/wp-json\/wp\/v2\/pages\/169033\/revisions"}],"wp:featuredmedia":[{"embeddable":true,"href":"https:\/\/iwell-guard.com\/is\/wp-json\/wp\/v2\/media\/3375"}],"wp:attachment":[{"href":"https:\/\/iwell-guard.com\/is\/wp-json\/wp\/v2\/media?parent=169033"}],"wp:term":[{"taxonomy":"category","embeddable":true,"href":"https:\/\/iwell-guard.com\/is\/wp-json\/wp\/v2\/categories?post=169033"}],"curies":[{"name":"wp","href":"https:\/\/api.w.org\/{rel}","templated":true}]}}