{"id":169030,"date":"2026-09-05T14:04:58","date_gmt":"2026-09-05T14:04:58","guid":{"rendered":"https:\/\/iwell-guard.com\/?page_id=169030"},"modified":"2026-09-05T14:30:30","modified_gmt":"2026-09-05T14:30:30","slug":"venus-romversk-astargy-ja","status":"publish","type":"page","link":"https:\/\/iwell-guard.com\/is\/venus-romversk-astargy-ja\/","title":{"rendered":"Venus \u2013 r\u00f3mverska \u00e1star- og fegur\u00f0argy\u00f0jan"},"content":{"rendered":"\t\t<div data-elementor-type=\"wp-page\" data-elementor-id=\"169030\" class=\"elementor elementor-169030 elementor-2916 elementor-bc-flex-widget\" data-elementor-post-type=\"page\">\n\t\t\t\t<div class=\"elementor-element elementor-element-hero346f610 e-flex e-con-boxed e-con e-parent\" data-id=\"hero346f610\" data-element_type=\"container\" data-e-type=\"container\">\n\t\t\t\t\t<div class=\"e-con-inner\">\n\t\t\t\t<div class=\"elementor-element elementor-element-heroimgb09916c iwg-hero-image elementor-widget elementor-widget-image\" data-id=\"heroimgb09916c\" data-element_type=\"widget\" data-e-type=\"widget\" data-widget_type=\"image.default\">\n\t\t\t\t\t\t\t\t\t\t\t\t\t\t\t<img fetchpriority=\"high\" decoding=\"async\" width=\"683\" height=\"1024\" src=\"https:\/\/iwell-guard.com\/wp-content\/uploads\/2026\/05\/goetter_rom_venus-683x1024.webp\" class=\"attachment-large size-large wp-image-170647\" alt=\"Venus - Gu\u00f0ir \u00far r\u00f3mverskri hef\u00f0, s\u00f6guleg myndskreyting\" srcset=\"https:\/\/iwell-guard.com\/wp-content\/uploads\/2026\/05\/goetter_rom_venus-683x1024.webp 683w, https:\/\/iwell-guard.com\/wp-content\/uploads\/2026\/05\/goetter_rom_venus-200x300.webp 200w, https:\/\/iwell-guard.com\/wp-content\/uploads\/2026\/05\/goetter_rom_venus-768x1152.webp 768w, https:\/\/iwell-guard.com\/wp-content\/uploads\/2026\/05\/goetter_rom_venus.webp 1024w\" sizes=\"(max-width: 683px) 100vw, 683px\" \/>\t\t\t\t\t\t\t\t\t\t\t\t\t\t\t<\/div>\n\t\t\t\t\t<\/div>\n\t\t\t\t<\/div>\n\t\t<div class=\"elementor-element elementor-element-iwgw-venus-hero e-flex e-con-boxed e-con e-parent\" data-id=\"iwgw-venus-hero\" data-element_type=\"container\" data-e-type=\"container\">\n\t\t\t\t\t<div class=\"e-con-inner\">\n\t\t\t\t<div class=\"elementor-element elementor-element-iwgw-venus-h1 elementor-widget elementor-widget-heading\" data-id=\"iwgw-venus-h1\" data-element_type=\"widget\" data-e-type=\"widget\" data-widget_type=\"heading.default\">\n\t\t\t\t\t<h1 class=\"elementor-heading-title elementor-size-default\">Venus \u2013 gy\u00f0ja \u00e1star, fegur\u00f0ar og form\u00f3\u00f0ir R\u00f3mar<\/h1>\t\t\t\t<\/div>\n\t\t\t\t<div class=\"elementor-element elementor-element-iwgw-venus-pills elementor-widget elementor-widget-html\" data-id=\"iwgw-venus-pills\" data-element_type=\"widget\" data-e-type=\"widget\" data-widget_type=\"html.default\">\n\t\t\t\t\t<div class=\"iwg-pill-row\"><span class=\"iwg-klasse-badge\" tabindex=\"0\" data-tooltip=\"Gy\u00f0ja \u00ed hef\u00f0 R\u00f3mar.\">Gy\u00f0ja<\/span><a href=\"https:\/\/iwell-guard.com\/is\/rom\/\" class=\"iwg-kultur-badge\" tabindex=\"0\" data-tooltip=\"Go\u00f0afr\u00e6\u00f0i hef\u00f0ar R\u00f3mar.\">R\u00f3m<\/a><span class=\"iwg-tradition-badge\" tabindex=\"0\" data-tooltip=\"\u00c1stargo\u00f0vera.\">\u00c1stargo\u00f0vera<\/span><\/div>\t\t\t\t<\/div>\n\t\t\t\t<div class=\"elementor-element elementor-element-iwgw-venus-lead elementor-widget elementor-widget-text-editor\" data-id=\"iwgw-venus-lead\" data-element_type=\"widget\" data-e-type=\"widget\" data-widget_type=\"text-editor.default\">\n\t\t\t\t\t\t\t\t\t<p>Venus var fyrir R\u00f3mverjum gy\u00f0ja \u00e1star og fegur\u00f0ar, en var samt\u00edmis stofnm\u00f3\u00f0ir r\u00f3mverska \u00fej\u00f3\u00f0flokksins og form\u00f3\u00f0ir gens Iulia. <span class=\"iwg-fachbegriff\" data-tooltip=\"Heild tr\u00faarlegra d\u00fdrkunarathafna sem tileinka\u00f0ar eru gu\u00f0i e\u00f0a heilagri veru.\" tabindex=\"0\">D\u00fdrkun<\/span> hennar tengdi saman pers\u00f3nulega og p\u00f3lit\u00edska merkingu.<\/p>\t\t\t\t\t\t\t\t<\/div>\n\t\t\t\t\t<\/div>\n\t\t\t\t<\/div>\n\t\t<div class=\"elementor-element elementor-element-iwgw-venus-s0 e-flex e-con-boxed e-con e-parent\" data-id=\"iwgw-venus-s0\" data-element_type=\"container\" data-e-type=\"container\">\n\t\t\t\t\t<div class=\"e-con-inner\">\n\t\t\t\t<div class=\"elementor-element elementor-element-iwgw-venus-s0h elementor-widget elementor-widget-heading\" data-id=\"iwgw-venus-s0h\" data-element_type=\"widget\" data-e-type=\"widget\" data-widget_type=\"heading.default\">\n\t\t\t\t\t<h2 class=\"elementor-heading-title elementor-size-default\">Yfirlit<\/h2>\t\t\t\t<\/div>\n\t\t\t\t<div class=\"elementor-element elementor-element-iwgw-venus-s0t elementor-widget elementor-widget-text-editor\" data-id=\"iwgw-venus-s0t\" data-element_type=\"widget\" data-e-type=\"widget\" data-widget_type=\"text-editor.default\">\n\t\t\t\t\t\t\t\t\t<p>Venus er ein af mikilv\u00e6gustu go\u00f0verum r\u00f3mverskrar tr\u00faarbrag\u00f0a. H\u00fan var gy\u00f0ja \u00e1star, a\u00f0dr\u00e1ttarafls og fegur\u00f0ar, en var auk \u00feess p\u00f3lit\u00edskt mj\u00f6g hla\u00f0in pers\u00f3na.<\/p><p>\u00dev\u00ed R\u00f3mverjar litu \u00e1 Venus sem stofnm\u00f3\u00f0ur \u00fej\u00f3\u00f0ar sinnar, \u00ed gegnum Tr\u00f3jumanninn Eneas, sem talinn var sonur hennar, og h\u00fan var samt\u00edmis s\u00e9rst\u00f6k form\u00f3\u00f0ir <em>gens Iulia<\/em>, \u00e6ttarins sem Caesar og \u00c1g\u00fastus tilheyr\u00f0u.<\/p><p>Tr\u00faars\u00f6gulega s\u00e9\u00f0 er Venus margslungin pers\u00f3na. Uppruni hennar er umdeildur \u00ed fr\u00e6\u00f0unum. Tali\u00f0 er a\u00f0 um hafi veri\u00f0 a\u00f0 r\u00e6\u00f0a forn\u00edtalska <span class=\"iwg-fachbegriff\" data-tooltip=\"Vera sem er d\u00fdrku\u00f0 sem gu\u00f0leg innan tr\u00faarbrag\u00f0a.\" tabindex=\"0\">go\u00f0veru<\/span> tengda g\u00f6r\u00f0um, gr\u00f3\u00f0ri og \u00feokka.<\/p><p>Venus var snemma sams\u00f6mu\u00f0 gr\u00edsku gy\u00f0junni Afr\u00f3d\u00edtu og t\u00f3k yfir go\u00f0sagnir hennar og myndheim. \u00cd gegnum Eneasar<span class=\"iwg-fachbegriff\" data-tooltip=\"Munnleg saga me\u00f0 oft s\u00f6gulegum kjarna og undraver\u00f0um \u00fe\u00e1ttum.\" tabindex=\"0\">s\u00f6gnina<\/span> f\u00e9kk h\u00fan auk \u00feess mi\u00f0l\u00e6ga st\u00f6\u00f0u \u00ed sj\u00e1lfsskilningi R\u00f3mverja.<\/p><p>\u00deannig sameinar Venus nokkur l\u00f6g, hugsanlega forn tengsl vi\u00f0 gr\u00f3\u00f0ur og \u00feokka, hina gr\u00edskm\u00f3tu\u00f0u \u00e1stargy\u00f0ju og hina r\u00edkisb\u00e6randi form\u00f3\u00f0ur <a href=\"https:\/\/iwell-guard.com\/is\/rom\/\">R\u00f3mar<\/a>. S\u00e9rstaklega \u00e1 s\u00ed\u00f0l\u00fd\u00f0veldist\u00edmanum og \u00ed upphafi keisarat\u00edmans var <span class=\"iwg-fachbegriff\" data-tooltip=\"Heild tr\u00faarlegra d\u00fdrkunarathafna sem tileinka\u00f0ar eru gu\u00f0i e\u00f0a heilagri veru.\" tabindex=\"0\">d\u00fdrkun<\/span> hennar n\u00fdtt p\u00f3lit\u00edskt af lei\u00f0togum.<\/p><p>Venus er \u00feannig fr\u00e1b\u00e6rt d\u00e6mi um hvernig tr\u00faarbr\u00f6g\u00f0, \u00e6ttarsaga og p\u00f3lit\u00edk voru samtvinnu\u00f0 \u00ed R\u00f3m.<\/p><p>P\u00f3lit\u00edsk hle\u00f0sla Venusar \u00e1tti s\u00e9r sta\u00f0 \u00ed m\u00f6rgum \u00ferepum yfir s\u00ed\u00f0ustu \u00f6ldina fyrir Krist. \u00deegar S\u00falla ger\u00f0i kr\u00f6fu um s\u00e9rstaka velvild gy\u00f0junnar s\u00e9r til handa, v\u00edg\u00f0i Pompeius henni <span class=\"iwg-fachbegriff\" data-tooltip=\"Helgur sta\u00f0ur tileinka\u00f0ur d\u00fdrkun gu\u00f0veru.\" tabindex=\"0\">helgista\u00f0<\/span>, og Caesar ger\u00f0i \u00e6tterni sinnar \u00e6ttar fr\u00e1 Venusi a\u00f0 mi\u00f0punkti sj\u00e1lfsmyndar sinnar.<\/p><p>\u00c1g\u00fastus h\u00e9lt \u00feessari l\u00ednu \u00e1fram og felldi Venus inn \u00ed tr\u00faarlega \u00e1\u00e6tlun n\u00fdja stj\u00f3rnarfyrirkomulagsins.<\/p>\t\t\t\t\t\t\t\t<\/div>\n\t\t\t\t\t<\/div>\n\t\t\t\t<\/div>\n\t\t<div class=\"elementor-element elementor-element-iwgw-venus-s1 e-flex e-con-boxed e-con e-parent\" data-id=\"iwgw-venus-s1\" data-element_type=\"container\" data-e-type=\"container\">\n\t\t\t\t\t<div class=\"e-con-inner\">\n\t\t\t\t<div class=\"elementor-element elementor-element-iwgw-venus-s1h elementor-widget elementor-widget-heading\" data-id=\"iwgw-venus-s1h\" data-element_type=\"widget\" data-e-type=\"widget\" data-widget_type=\"heading.default\">\n\t\t\t\t\t<h2 class=\"elementor-heading-title elementor-size-default\">Nafn og or\u00f0sifjar<\/h2>\t\t\t\t<\/div>\n\t\t\t\t<div class=\"elementor-element elementor-element-iwgw-venus-s1t elementor-widget elementor-widget-text-editor\" data-id=\"iwgw-venus-s1t\" data-element_type=\"widget\" data-e-type=\"widget\" data-widget_type=\"text-editor.default\">\n\t\t\t\t\t\t\t\t\t<p>Nafni\u00f0 <em>Venus<\/em> er \u00ed fr\u00e6\u00f0unum tengt latnesku or\u00f0asvi\u00f0i sem n\u00e6r yfir hugt\u00f6k \u00e1 bor\u00f0 vi\u00f0 <em>venustas<\/em>, \u00feokka e\u00f0a yndis\u00feokka, og <em>venia<\/em>, velvild e\u00f0a n\u00e1\u00f0. A\u00f0 baki liggur tali\u00f0 vera r\u00f3t sem t\u00e1knar l\u00f6ngun, girnd e\u00f0a vel\u00fe\u00f3knun. Nafni\u00f0 einkennir gy\u00f0juna \u00feannig sem m\u00e1tt a\u00f0dr\u00e1ttarafls og vel\u00fe\u00f3knunar.<\/p><p>Athyglisvert er a\u00f0 or\u00f0i\u00f0 <em>venus<\/em> gat \u00ed eldri lat\u00ednu upphaflega einnig veri\u00f0 nota\u00f0 sem venjulegt nafnor\u00f0 \u00ed merkingunni \u00feokki e\u00f0a yndis\u00feokki. \u00dar \u00fev\u00ed \u00fer\u00f3a\u00f0ist eiginnafn gy\u00f0junnar.<\/p><p>\u00deessi \u00fer\u00f3un fr\u00e1 almennu hugtaki til pers\u00f3nulegrar <span class=\"iwg-fachbegriff\" data-tooltip=\"Vera sem er d\u00fdrku\u00f0 sem gu\u00f0leg innan tr\u00faarbrag\u00f0a.\" tabindex=\"0\">go\u00f0veru<\/span> er endurteki\u00f0 mynstur \u00ed r\u00f3mverskum tr\u00faarbr\u00f6g\u00f0um og \u00e1 einnig vi\u00f0 um a\u00f0rar verur sem upphaflega t\u00e1knu\u00f0u \u00f3hlutbundna eiginleika.<\/p><p>Tr\u00faars\u00f6gulega er \u00feessi or\u00f0sifjafr\u00e6\u00f0i mikilv\u00e6g \u00fev\u00ed h\u00fan v\u00edsar til hugsanlegs innlends uppruna Venusar, \u00f3h\u00e1\u00f0s gr\u00edsku Afr\u00f3d\u00edtu.<\/p><p>\u00c1\u00f0ur en Venus var\u00f0 hin r\u00f3mverska Afr\u00f3d\u00edta g\u00e6ti h\u00fan hafa veri\u00f0 tilt\u00f6lulega \u00f3\u00e1berandi <span class=\"iwg-fachbegriff\" data-tooltip=\"Vera sem er d\u00fdrku\u00f0 sem gu\u00f0leg innan tr\u00faarbrag\u00f0a.\" tabindex=\"0\">go\u00f0vera<\/span> \u00feokka og velvildar. Fyrst sams\u00f6munin vi\u00f0 Afr\u00f3d\u00edtu og tengingin vi\u00f0 Eneasar<span class=\"iwg-fachbegriff\" data-tooltip=\"Munnleg saga me\u00f0 oft s\u00f6gulegum kjarna og undraver\u00f0um \u00fe\u00e1ttum.\" tabindex=\"0\">s\u00f6gnina<\/span> ger\u00f0u hana a\u00f0 einni af hinum st\u00f3ru go\u00f0verum R\u00f3mar.<\/p>\t\t\t\t\t\t\t\t<\/div>\n\t\t\t\t\t<\/div>\n\t\t\t\t<\/div>\n\t\t<div class=\"elementor-element elementor-element-iwgw-venus-s2 e-flex e-con-boxed e-con e-parent\" data-id=\"iwgw-venus-s2\" data-element_type=\"container\" data-e-type=\"container\">\n\t\t\t\t\t<div class=\"e-con-inner\">\n\t\t\t\t<div class=\"elementor-element elementor-element-iwgw-venus-s2h elementor-widget elementor-widget-heading\" data-id=\"iwgw-venus-s2h\" data-element_type=\"widget\" data-e-type=\"widget\" data-widget_type=\"heading.default\">\n\t\t\t\t\t<h2 class=\"elementor-heading-title elementor-size-default\">L\u00fdsing og myndm\u00e1l<\/h2>\t\t\t\t<\/div>\n\t\t\t\t<div class=\"elementor-element elementor-element-iwgw-venus-s2t elementor-widget elementor-widget-text-editor\" data-id=\"iwgw-venus-s2t\" data-element_type=\"widget\" data-e-type=\"widget\" data-widget_type=\"text-editor.default\">\n\t\t\t\t\t\t\t\t\t<p>\u00cd myndlegri <span class=\"iwg-fachbegriff\" data-tooltip=\"Mi\u00f0lun \u00feekkingar og sagna kynsl\u00f3\u00f0 eftir kynsl\u00f3\u00f0.\" tabindex=\"0\">arfleif\u00f0<\/span> birtist Venus sem f\u00f6gur, ungleg kona, oft algj\u00f6rlega e\u00f0a a\u00f0 hluta \u00f3fatakl\u00e6dd, \u00ed \u00feokkafullri stellingu. \u00deessi framsetning fylgir a\u00f0 miklu leyti fyrirmynd gr\u00edsku Afr\u00f3d\u00edtu, en myndger\u00f0ir hennar voru miki\u00f0 teknar upp \u00ed r\u00f3mverskri list.<\/p><p>Me\u00f0al einkenna hennar eru d\u00fafan, skelin, bl\u00f3m, s\u00e9rstaklega r\u00f3sin, og litli v\u00e6ngja\u00f0i \u00e1stargu\u00f0inn sem oft fylgir henni.<\/p><p>Skelin v\u00edsar til <span class=\"iwg-fachbegriff\" data-tooltip=\"Munnleg saga um gu\u00f0i, uppruna og skipulag heimsins.\" tabindex=\"0\">go\u00f0s\u00f6gunnar<\/span> um f\u00e6\u00f0ingu gy\u00f0junnar \u00far hafinu, d\u00fafan og r\u00f3sin til svi\u00f0s \u00e1star og \u00feokka. \u00cd r\u00f3mverskri list eru \u00fe\u00f3 einnig s\u00e9rst\u00f6k afbrig\u00f0i sem leggja \u00e1herslu \u00e1 r\u00edkislega og herna\u00f0arlega \u00fe\u00e6tti hennar.<\/p><p>\u00deannig var Venus s\u00fdnd sem <em>Venus Victrix<\/em>, hin sigurbringandi Venus, \u00e1 stundum me\u00f0 vopn e\u00f0a sigurt\u00e1kn, og sem <em>Venus Genetrix<\/em>, hin f\u00e6\u00f0andi stofnm\u00f3\u00f0ir, \u00ed tignarlegri, meira kl\u00e6ddri mynd.<\/p><p>Venus birtist \u00e1 styttum, veggm\u00e1lverkum, l\u00e1gmyndum, gimsteinum og mj\u00f6g oft \u00e1 peningum. S\u00e9rstaklega \u00e1 t\u00edma Caesars og fyrstu keisaranna var mynd hennar notu\u00f0 \u00e1 peningum til a\u00f0 undirstrika \u00e6tterni valdhafah\u00fassins fr\u00e1 gy\u00f0junni. T\u00e1knmyndafr\u00e6\u00f0i Venusar er \u00feannig ekki a\u00f0eins t\u00e1knmyndafr\u00e6\u00f0i fegur\u00f0ar, heldur einnig verkf\u00e6ri p\u00f3lit\u00edskrar sj\u00e1lfsmyndar.<\/p>\t\t\t\t\t\t\t\t<\/div>\n\t\t\t\t\t<\/div>\n\t\t\t\t<\/div>\n\t\t<div class=\"elementor-element elementor-element-iwgw-venus-s3 e-flex e-con-boxed e-con e-parent\" data-id=\"iwgw-venus-s3\" data-element_type=\"container\" data-e-type=\"container\">\n\t\t\t\t\t<div class=\"e-con-inner\">\n\t\t\t\t<div class=\"elementor-element elementor-element-iwgw-venus-s3h elementor-widget elementor-widget-heading\" data-id=\"iwgw-venus-s3h\" data-element_type=\"widget\" data-e-type=\"widget\" data-widget_type=\"heading.default\">\n\t\t\t\t\t<h2 class=\"elementor-heading-title elementor-size-default\">Go\u00f0s\u00f6gulegar fr\u00e1sagnir og munnm\u00e6li<\/h2>\t\t\t\t<\/div>\n\t\t\t\t<div class=\"elementor-element elementor-element-iwgw-venus-s3t elementor-widget elementor-widget-text-editor\" data-id=\"iwgw-venus-s3t\" data-element_type=\"widget\" data-e-type=\"widget\" data-widget_type=\"text-editor.default\">\n\t\t\t\t\t\t\t\t\t<p>Go\u00f0sagnahringur Venusar er n\u00e1tengdur go\u00f0sagnahring gr\u00edsku gy\u00f0junnar Afr\u00f3d\u00edtu. Sagnir um f\u00e6\u00f0ingu gy\u00f0junnar \u00far sj\u00e1varfro\u00f0u, um tengsl hennar vi\u00f0 \u00fdmsa gu\u00f0i og dau\u00f0lega menn og um hlutverk hennar \u00ed sagnahringnum um Tr\u00f3ju voru teknar \u00far gr\u00edskum arfi og felldar inn \u00ed r\u00f3mverskar b\u00f3kmenntir.<\/p><p>Fyrir r\u00f3mverska sj\u00e1lfsskilgreiningu er Eneasar-<span class=\"iwg-fachbegriff\" data-tooltip=\"Munnm\u00e6lasaga sem oft hefur s\u00f6gulegan kjarna og undursamlega \u00fe\u00e6tti.\" tabindex=\"0\">sagan<\/span> mikilv\u00e6gust. Samkv\u00e6mt henni er Eneas sonur Venusar og Tr\u00f3jumannsins Ank\u00edsesar. Eneas fl\u00fdr \u00far brennandi Tr\u00f3ju, kemst eftir langt hrakningaflakk til \u00cdtal\u00edu og ver\u00f0ur forfa\u00f0ir R\u00f3mverja.<\/p><p>\u00deessi fr\u00e1s\u00f6gn er einkum \u00fatf\u00e6r\u00f0 \u00ed <em>Eneasarkvi\u00f0u<\/em> Vergils, \u00fear sem Venus kemur fram sem umhyggjus\u00f6m m\u00f3\u00f0ir hetjunnar, verndar hann og stu\u00f0lar a\u00f0 \u00f6rl\u00f6gum hans. \u00cd gegnum Eneas og son hans Iulus rakti <em>gens Iulia<\/em> \u00e6tterni sitt til gy\u00f0junnar.<\/p><p>Ovid\u00edus tekur einnig \u00ed <em>Ummyndunum<\/em> s\u00ednum og \u00f6\u00f0rum verkum fj\u00f6lmargar Venusar-go\u00f0sagnir fyrir, me\u00f0al annars s\u00f6gu Venusar og Adonis og s\u00f6gu Pygmalions. Vi\u00f0 hli\u00f0 \u00feessa stendur hinn p\u00f3lit\u00edski <span class=\"iwg-fachbegriff\" data-tooltip=\"Munnm\u00e6lasaga um gu\u00f0i, uppruna og skipulag heimsins.\" tabindex=\"0\">go\u00f0s\u00f6gn<\/span> s\u00ed\u00f0r\u00e6\u00f0isveldisins. Herforinginn S\u00falla, s\u00ed\u00f0an Pompeius og a\u00f0 lokum Sesar, v\u00edsu\u00f0u hver \u00e1 sinn h\u00e1tt til Venusar.<\/p><p>Sesar rakti \u00e6tterni fj\u00f6lskyldu sinnar me\u00f0 berum or\u00f0um til gy\u00f0junnar og h\u00e9t henni <span class=\"iwg-fachbegriff\" data-tooltip=\"Byggingarverk sem tileinka\u00f0 er tilbei\u00f0slu einnar e\u00f0a fleiri gu\u00f0vera.\" tabindex=\"0\">hofi<\/span> \u00ed borgarastyrj\u00f6ldinni. Go\u00f0sagnaleg <span class=\"iwg-fachbegriff\" data-tooltip=\"Munnleg og skrifleg var\u00f0veisla \u00feekkingar og sagna milli kynsl\u00f3\u00f0a.\" tabindex=\"0\">arfleif\u00f0<\/span> Venusar er \u00feannig tv\u00ed\u00fe\u00e6tt, m\u00f3tu\u00f0 af gr\u00edska Afr\u00f3d\u00edtu-efninu og af s\u00e9rr\u00f3mverskum tengslum vi\u00f0 stofnunars\u00f6guna og valdafj\u00f6lskylduna.<\/p><p>Sk\u00e1ldi\u00f0 L\u00fakret\u00edus setur kennslulj\u00f3\u00f0 sitt um e\u00f0li hlutanna undir <span class=\"iwg-fachbegriff\" data-tooltip=\"B\u00e6narleg e\u00f0a \u00e1kallandi \u00e1varp til gu\u00f0veru e\u00f0a m\u00e1ttar.\" tabindex=\"0\">\u00e1kall<\/span> Venusar, sem hann \u00e1varpar sem getandi m\u00e1tt sem framkallar l\u00edfi\u00f0.<\/p><p>\u00deessi heimspekilega lita t\u00falkun s\u00fdnir a\u00f0 Venus var, umfram hlutverk sitt sem \u00e1stargy\u00f0ja, skilin sem alsj\u00e1andi frumregla sk\u00f6punar. \u00cd \u00e1g\u00fasteiskri sk\u00e1ldskaparhef\u00f0 kemur h\u00fan hins vegar fyrst og fremst fram sem \u00e6ttm\u00f3\u00f0ir og verndari Eneasar og afkomenda hans.<\/p>\t\t\t\t\t\t\t\t<\/div>\n\t\t\t\t\t<\/div>\n\t\t\t\t<\/div>\n\t\t<div class=\"elementor-element elementor-element-iwgw-venus-s4 e-flex e-con-boxed e-con e-parent\" data-id=\"iwgw-venus-s4\" data-element_type=\"container\" data-e-type=\"container\">\n\t\t\t\t\t<div class=\"e-con-inner\">\n\t\t\t\t<div class=\"elementor-element elementor-element-iwgw-venus-s4h elementor-widget elementor-widget-heading\" data-id=\"iwgw-venus-s4h\" data-element_type=\"widget\" data-e-type=\"widget\" data-widget_type=\"heading.default\">\n\t\t\t\t\t<h2 class=\"elementor-heading-title elementor-size-default\">D\u00fdrkun og tilbei\u00f0sla<\/h2>\t\t\t\t<\/div>\n\t\t\t\t<div class=\"elementor-element elementor-element-iwgw-venus-s4t elementor-widget elementor-widget-text-editor\" data-id=\"iwgw-venus-s4t\" data-element_type=\"widget\" data-e-type=\"widget\" data-widget_type=\"text-editor.default\">\n\t\t\t\t\t\t\t\t\t<p><span class=\"iwg-fachbegriff\" data-tooltip=\"Heild tr\u00faarlegra tilbei\u00f0sluathafna fyrir gu\u00f0veru e\u00f0a heilaga pers\u00f3nu.\" tabindex=\"0\">D\u00fdrkun<\/span> Venusar \u00ed R\u00f3m haf\u00f0i margar birtingarmyndir sem einkenndust af mismunandi vi\u00f0urnefnum. Til voru eldri helgista\u00f0ir sem tilb\u00e1\u00f0u Venus \u00ed tengslum vi\u00f0 gar\u00f0a og kvenleg l\u00edfssvi\u00f0. Vi\u00f0 hli\u00f0 \u00feeirra st\u00f3\u00f0u <span class=\"iwg-fachbegriff\" data-tooltip=\"Byggingarverk sem tileinka\u00f0 er tilbei\u00f0slu einnar e\u00f0a fleiri gu\u00f0vera.\" tabindex=\"0\">hof<\/span> sem l\u00f6g\u00f0u \u00e1herslu \u00e1 s\u00e9rst\u00f6k hlutverk hennar, svo sem Venus sem verndara hj\u00f3nabandssamlyndis e\u00f0a Venus \u00ed sigurs\u00e6lu hlutverki s\u00ednu.<\/p><p>Afdrifar\u00edkt skref var v\u00edgsla hofs <em>Venus Genetrix<\/em> af Sesari \u00e1 n\u00fdju torgi hans. \u00dear me\u00f0 var gy\u00f0jan opinberlega tilbe\u00f0in sem \u00e6ttm\u00f3\u00f0ir fj\u00f6lskyldu hans og \u00ed v\u00ed\u00f0ari skilningi r\u00f3mversku \u00fej\u00f3\u00f0arinnar.<\/p><p>\u00c1g\u00fastus t\u00f3k upp \u00feennan \u00fer\u00e1\u00f0 og fl\u00e9tta\u00f0i Venus, \u00e1samt hinum gu\u00f0d\u00f3mlega Sesari og Mars, inn \u00ed tr\u00faarlega sj\u00e1lfsmynd hins n\u00fdja valdakerfis. Venus var\u00f0 \u00feannig \u00far \u00e1stargy\u00f0ju a\u00f0 <span class=\"iwg-fachbegriff\" data-tooltip=\"Vera sem er tilbe\u00f0in sem gu\u00f0leg innan tr\u00faarbrag\u00f0a.\" tabindex=\"0\">gu\u00f0veru<\/span> af r\u00edkismikilv\u00e6gi.<\/p><p>H\u00e1t\u00ed\u00f0ir \u00ed hei\u00f0ursskyni Venusar voru haldnar \u00ed apr\u00edl, m\u00e1nu\u00f0i sem almennt var tengdur vexti og hennar svi\u00f0i. \u00cd einu sl\u00edku tilefni var Venus tilbe\u00f0in \u00e1samt <span class=\"iwg-fachbegriff\" data-tooltip=\"Vera sem er tilbe\u00f0in sem gu\u00f0leg innan tr\u00faarbrag\u00f0a.\" tabindex=\"0\">gu\u00f0veru<\/span> kvenlegrar umbreytingar.<\/p><p>Auk \u00feess var haldin h\u00e1t\u00ed\u00f0in <em>Vinalia<\/em>, \u00fear sem Venus l\u00e9k einnig hlutverk og sem tengdist v\u00edni. Venusar-d\u00fdrkunin sameina\u00f0i \u00feannig einkaleg m\u00e1lefni, svo sem \u00e1st og hj\u00f3naband, vi\u00f0 mikilv\u00e6g p\u00f3lit\u00edsk tengsl vi\u00f0 uppruna R\u00f3mar og valdafj\u00f6lskyldu hennar.<\/p><p>Elsta \u00f6ruggt votta\u00f0a borgard\u00fdrkun Venusar var tengd <span class=\"iwg-fachbegriff\" data-tooltip=\"Heilagur sta\u00f0ur tileinka\u00f0ur tilbei\u00f0slu gu\u00f0veru.\" tabindex=\"0\">helgista\u00f0<\/span> Venus Erycina, sem var komi\u00f0 \u00e1 f\u00f3t \u00e1 Kap\u00edt\u00f3lh\u00e6\u00f0 \u00ed kj\u00f6lfar seinna p\u00fanverska str\u00ed\u00f0sins samkv\u00e6mt sp\u00e1d\u00f3mi Sibyllub\u00f3kanna, v\u00edsbending um hvernig gy\u00f0jan var \u00e1k\u00f6llu\u00f0 sem hj\u00e1lpandi m\u00e1ttur \u00e1 krepput\u00edmum.<\/p><p>Anna\u00f0 <span class=\"iwg-fachbegriff\" data-tooltip=\"Byggingarverk sem tileinka\u00f0 er tilbei\u00f0slu einnar e\u00f0a fleiri gu\u00f0vera.\" tabindex=\"0\">hof<\/span> Venus Erycina var s\u00ed\u00f0ar reist fyrir framan Porta Collina. Auk \u00feess var Venus Verticordia tilbe\u00f0in, sem var talin verndari hj\u00f3nabandssi\u00f0pr\u00fd\u00f0is.<\/p><p>Afgerandi t\u00edmam\u00f3t marka\u00f0i Sesar me\u00f0 v\u00edgslu hofs Venus Genetrix \u00e1 n\u00fdju torgi s\u00ednu \u00e1ri\u00f0 46 fyrir okkar t\u00edmatal. \u00dear me\u00f0 var Venus opinberlega tilbe\u00f0in sem \u00e6ttm\u00f3\u00f0ir gens Iulia og \u00ed v\u00ed\u00f0ari skilningi r\u00f3mversku \u00fej\u00f3\u00f0arinnar.<\/p><p>H\u00e1t\u00ed\u00f0ir Venusar voru \u00ed apr\u00edl. \u00c1 Veneralia, fyrsta apr\u00edl, var Venus tilbe\u00f0in af konum \u00e1samt Fortuna Virilis, og \u00e1 Vinalia, sem tengdust v\u00edni, haf\u00f0i gy\u00f0jan einnig sinn hlut.<\/p>\t\t\t\t\t\t\t\t<\/div>\n\t\t\t\t\t<\/div>\n\t\t\t\t<\/div>\n\t\t<div class=\"elementor-element elementor-element-iwgw-venus-s5 e-flex e-con-boxed e-con e-parent\" data-id=\"iwgw-venus-s5\" data-element_type=\"container\" data-e-type=\"container\">\n\t\t\t\t\t<div class=\"e-con-inner\">\n\t\t\t\t<div class=\"elementor-element elementor-element-iwgw-venus-s5h elementor-widget elementor-widget-heading\" data-id=\"iwgw-venus-s5h\" data-element_type=\"widget\" data-e-type=\"widget\" data-widget_type=\"heading.default\">\n\t\t\t\t\t<h2 class=\"elementor-heading-title elementor-size-default\">Verndara\u00f0ger\u00f0ir og fr\u00e1hrindandi t\u00e1kn<\/h2>\t\t\t\t<\/div>\n\t\t\t\t<div class=\"elementor-element elementor-element-iwgw-venus-s5t elementor-widget elementor-widget-text-editor\" data-id=\"iwgw-venus-s5t\" data-element_type=\"widget\" data-e-type=\"widget\" data-widget_type=\"text-editor.default\">\n\t\t\t\t\t\t\t\t\t<p>Venus var ekki eiginleg verndarvera til varnar illum \u00f6flum, en tengdar henni voru \u00fe\u00f3 hugmyndir um verndun og velvild. \u00c1 pers\u00f3nulegu svi\u00f0i leitu\u00f0u menn til Venusar \u00ed m\u00e1lum \u00e1star, a\u00f0dr\u00e1ttarafls og hj\u00faskaparsamlyndis. Tilbei\u00f0slan \u00e1 henni sem verndara hj\u00f3nabandsins s\u00fdnir a\u00f0 <span class=\"iwg-fachbegriff\" data-tooltip=\"Heildarsafn tr\u00faarlegra tilbei\u00f0sluathafna fyrir gu\u00f0 e\u00f0a heilaga veru.\" tabindex=\"0\">d\u00fdrkun<\/span> hennar \u00e1tti einnig a\u00f0 styrkja fj\u00f6lskyldub\u00f6ndin.<\/p><p>S\u00e9rstakt verndarhlutverk haf\u00f0i Venus \u00ed hlutverki s\u00ednu sem \u00e6ttm\u00f3\u00f0ir og sem <em>Venus Victrix<\/em>. Herforingjar s\u00ed\u00f0l\u00fd\u00f0veldist\u00edmans settu sig undir vernd hennar og vonu\u00f0ust eftir velvild hennar \u00ed str\u00ed\u00f0i og \u00ed stj\u00f3rnm\u00e1labar\u00e1ttu.<\/p><p>Pompeius helga\u00f0i henni <span class=\"iwg-fachbegriff\" data-tooltip=\"Bygging sem er notu\u00f0 til tilbei\u00f0slu \u00e1 einum e\u00f0a fleiri gu\u00f0um.\" tabindex=\"0\">musteri<\/span> \u00ed tengslum vi\u00f0 leikh\u00fas sitt, og Caesar \u00e1kalla\u00f0i hana sem \u00e6ttm\u00f3\u00f0ur og nota\u00f0i nafn hennar sem einkunnaror\u00f0 \u00ed orrustu. H\u00e9r birtist Venus sem m\u00e1ttarvald sem veitir \u00e1rangur, sigur og hamingju.<\/p><p>\u00cd gegnum Eneasar-<span class=\"iwg-fachbegriff\" data-tooltip=\"Munnm\u00e6las\u00f6gn, oft me\u00f0 s\u00f6gulegum kjarna og yfirn\u00e1tt\u00farulegum einkennum.\" tabindex=\"0\">s\u00f6gnina<\/span> var\u00f0 Venus auk \u00feess verndari R\u00f3mar sj\u00e1lfrar. Sem m\u00f3\u00f0ir \u00e6ttf\u00f6\u00f0urins og \u00e6ttm\u00f3\u00f0ir keisara\u00e6ttarins \u00e1tti h\u00fan a\u00f0 vaka yfir velfer\u00f0 samf\u00e9lagsins. \u00deessi hugmynd gaf Venusard\u00fdrkuninni verndandi v\u00eddd sem trygg\u00f0i \u00f6ryggi samf\u00e9lagsins.<\/p><p>\u00c1 heildina liti\u00f0 snerist vernd Venusar minna um a\u00f0 verjast illum \u00f6flum og meira um a\u00f0 veita velvild, hamingju og \u00e1rangur, hvort sem \u00fea\u00f0 var \u00ed \u00e1stum, \u00ed str\u00ed\u00f0i e\u00f0a \u00ed \u00f6rl\u00f6gum borgarinnar.<\/p><p><span class=\"iwg-fachbegriff\" data-tooltip=\"A\u00f0 \u00e1kalla e\u00f0a bei\u00f0ast li\u00f0sinnis gu\u00f0s e\u00f0a m\u00e1ttarvalds me\u00f0 b\u00e6n e\u00f0a form\u00falu.\" tabindex=\"0\">\u00c1kalli\u00f0<\/span> \u00e1 Venus sem sigurgjafa var ekki einber form\u00fala. Caesar nota\u00f0i nafn gy\u00f0junnar samkv\u00e6mt <span class=\"iwg-fachbegriff\" data-tooltip=\"Mi\u00f0lun \u00feekkingar og sagna milli kynsl\u00f3\u00f0a.\" tabindex=\"0\">munnm\u00e6lum<\/span> sem einkunnaror\u00f0 \u00ed orrustunni vi\u00f0 Pharsalos, og eftir sigurinn efndi hann <span class=\"iwg-fachbegriff\" data-tooltip=\"H\u00e1t\u00ed\u00f0legt tr\u00faarlegt heit gagnvart gu\u00f0i.\" tabindex=\"0\">heit<\/span> sitt me\u00f0 byggingu musteris Venus Genetrix.<\/p><p>\u00deannig var velvild gy\u00f0junnar bundin me\u00f0 beinum h\u00e6tti vi\u00f0 herna\u00f0arlegan og stj\u00f3rnm\u00e1lalegan \u00e1rangur herforingjans.<\/p>\t\t\t\t\t\t\t\t<\/div>\n\t\t\t\t\t<\/div>\n\t\t\t\t<\/div>\n\t\t<div class=\"elementor-element elementor-element-iwgw-venus-s6 e-flex e-con-boxed e-con e-parent\" data-id=\"iwgw-venus-s6\" data-element_type=\"container\" data-e-type=\"container\">\n\t\t\t\t\t<div class=\"e-con-inner\">\n\t\t\t\t<div class=\"elementor-element elementor-element-iwgw-venus-s6h elementor-widget elementor-widget-heading\" data-id=\"iwgw-venus-s6h\" data-element_type=\"widget\" data-e-type=\"widget\" data-widget_type=\"heading.default\">\n\t\t\t\t\t<h2 class=\"elementor-heading-title elementor-size-default\">Hli\u00f0st\u00e6\u00f0ur \u00ed \u00f6\u00f0rum menningarheimum<\/h2>\t\t\t\t<\/div>\n\t\t\t\t<div class=\"elementor-element elementor-element-iwgw-venus-s6t elementor-widget elementor-widget-text-editor\" data-id=\"iwgw-venus-s6t\" data-element_type=\"widget\" data-e-type=\"widget\" data-widget_type=\"text-editor.default\">\n\t\t\t\t\t\t\t\t\t<p>N\u00e1nasta samsv\u00f6run vi\u00f0 Venus er gr\u00edska Afr\u00f3d\u00edta, sem h\u00fan var j\u00f6fnu\u00f0 vi\u00f0 \u00e1 fyrri t\u00ed\u00f0. Fr\u00e1 henni t\u00f3k Venus yfir go\u00f0sagnahringinn um f\u00e6\u00f0ingu \u00far hafinu, \u00e1starsamb\u00f6nd og hlutverki\u00f0 \u00ed tr\u00f3jus\u00f6gninni auk mikilv\u00e6gra myndger\u00f0a.<\/p><p>\u00der\u00e1tt fyrir \u00feetta er Venus sj\u00e1lfst\u00e6\u00f0 r\u00f3mversk <span class=\"iwg-fachbegriff\" data-tooltip=\"Vera sem er tilbe\u00f0in sem gu\u00f0leg innan tr\u00faarbrag\u00f0a.\" tabindex=\"0\">gu\u00f0vera<\/span>. M\u00f6gulegur innlendur uppruni hennar sem <span class=\"iwg-fachbegriff\" data-tooltip=\"Vera sem er tilbe\u00f0in sem gu\u00f0leg innan tr\u00faarbrag\u00f0a.\" tabindex=\"0\">gu\u00f0vera<\/span> \u00feokkans, en fyrst og fremst tengsl hennar vi\u00f0 Eneasar-<span class=\"iwg-fachbegriff\" data-tooltip=\"Munnm\u00e6las\u00f6gn, oft me\u00f0 s\u00f6gulegum kjarna og yfirn\u00e1tt\u00farulegum einkennum.\" tabindex=\"0\">s\u00f6gnina<\/span> og gens Iulia, eru s\u00e9rr\u00f3mversk og hafa ekki samsv\u00f6run \u00ed gr\u00edsku Afr\u00f3d\u00edtu.<\/p><p>Utan gr\u00edska svi\u00f0sins tilheyrir Venus v\u00ed\u00f0\u00fatbreiddri tegund \u00e1star- og fegur\u00f0argy\u00f0ja sem finnast \u00ed m\u00f6rgum tr\u00faarbr\u00f6g\u00f0um Mi\u00f0jar\u00f0arhafssv\u00e6\u00f0isins og Austurlanda n\u00e6r.<\/p><p>Sl\u00edkar gu\u00f0verur t\u00e1kna a\u00f0dr\u00e1ttarafl, frj\u00f3semi og oft einnig hersk\u00e1an \u00fe\u00e1tt. \u00deegar \u00ed <span class=\"iwg-fachbegriff\" data-tooltip=\"T\u00edmabil gr\u00edskrar og r\u00f3mverskrar menningar, um 800 f.Kr. til 600 e.Kr.\" tabindex=\"0\">forn\u00f6ld<\/span> voru greind tengsl milli Afr\u00f3d\u00edtu og eldri austurlenskra gy\u00f0ja, sem bendir til v\u00ed\u00f0\u00fatbreidds hugmyndasvi\u00f0s.<\/p><p>Fr\u00e6\u00f0ilega s\u00e9\u00f0 er Venus s\u00e9rstaklega sk\u00fdrt d\u00e6mi um hvernig <span class=\"iwg-fachbegriff\" data-tooltip=\"Vera sem er tilbe\u00f0in sem gu\u00f0leg innan tr\u00faarbrag\u00f0a.\" tabindex=\"0\">gu\u00f0vera<\/span> getur, me\u00f0 stofns\u00f6gn, or\u00f0i\u00f0 hluti af stj\u00f3rnm\u00e1lalegri sj\u00e1lfsmynd samf\u00e9lags. Me\u00f0an a\u00f0rar \u00e1stargy\u00f0jur h\u00f6f\u00f0u \u00e1hrif fyrst og fremst \u00e1 pers\u00f3nulegu svi\u00f0i, var\u00f0 Venus, \u00ed gegnum Eneasar-<span class=\"iwg-fachbegriff\" data-tooltip=\"Munnm\u00e6las\u00f6gn, oft me\u00f0 s\u00f6gulegum kjarna og yfirn\u00e1tt\u00farulegum einkennum.\" tabindex=\"0\">s\u00f6gnina<\/span> og keisara\u00e6ttina, <span class=\"iwg-fachbegriff\" data-tooltip=\"Vera sem er tilbe\u00f0in sem gu\u00f0leg innan tr\u00faarbrag\u00f0a.\" tabindex=\"0\">gu\u00f0vera<\/span> af r\u00edkis\u00fe\u00fd\u00f0ingu.<\/p>\t\t\t\t\t\t\t\t<\/div>\n\t\t\t\t\t<\/div>\n\t\t\t\t<\/div>\n\t\t<div class=\"elementor-element elementor-element-iwgw-venus-s7 e-flex e-con-boxed e-con e-parent\" data-id=\"iwgw-venus-s7\" data-element_type=\"container\" data-e-type=\"container\">\n\t\t\t\t\t<div class=\"e-con-inner\">\n\t\t\t\t<div class=\"elementor-element elementor-element-iwgw-venus-s7h elementor-widget elementor-widget-heading\" data-id=\"iwgw-venus-s7h\" data-element_type=\"widget\" data-e-type=\"widget\" data-widget_type=\"heading.default\">\n\t\t\t\t\t<h2 class=\"elementor-heading-title elementor-size-default\">N\u00fat\u00edmavi\u00f0t\u00f6kur og ranns\u00f3knir<\/h2>\t\t\t\t<\/div>\n\t\t\t\t<div class=\"elementor-element elementor-element-iwgw-venus-s7t elementor-widget elementor-widget-text-editor\" data-id=\"iwgw-venus-s7t\" data-element_type=\"widget\" data-e-type=\"widget\" data-widget_type=\"text-editor.default\">\n\t\t\t\t\t\t\t\t\t<p>\u00cd ranns\u00f3knum \u00e1 r\u00f3mverskri tr\u00faarbrag\u00f0ahef\u00f0 er Venus sko\u00f0u\u00f0 \u00fat fr\u00e1 m\u00f6rgum sj\u00f3narhornum. Fjalla\u00f0 er um upprunalegt e\u00f0li hennar, t\u00edmasetningu og framvindu sams\u00f6munar hennar vi\u00f0 Afr\u00f3d\u00edtu, og ekki s\u00edst hvernig d\u00fdrkun hennar var beitt \u00ed p\u00f3lit\u00edskum tilgangi \u00e1 s\u00ed\u00f0g\u00fd\u00f0ingveldist\u00edmanum og \u00ed upphafi keisarat\u00edmans.<\/p><p>Georg Wissowa og Kurt Latte fj\u00f6llu\u00f0u um st\u00f6\u00f0u Venusar \u00ed r\u00f3mverskri go\u00f0aver\u00f6ld, og n\u00fdrri ranns\u00f3knir, me\u00f0al annars eftir Mary Beard, John North og Simon Price, og eftir J\u00f6rg R\u00fcpke, leggja \u00e1herslu \u00e1 n\u00e1in tengsl Venusard\u00fdrkunar og stj\u00f3rnm\u00e1la.<\/p><p>S\u00e9rst\u00f6k athygli er veitt hlutverki Venusar hj\u00e1 Caesar og \u00c1g\u00fastusi. <span class=\"iwg-fachbegriff\" data-tooltip=\"Bygging sem er helgu\u00f0 tilbei\u00f0slu einnar e\u00f0a fleiri gu\u00f0vera.\" tabindex=\"0\">Hofi\u00f0<\/span> Venus Genetrix, myntsl\u00e1ttur me\u00f0 mynd gy\u00f0junnar og innlei\u00f0ing hennar \u00ed tr\u00faarstefnu \u00c1g\u00fastusar eru talin sk\u00f3lab\u00f3kard\u00e6mi um hvernig valda\u00e6tt n\u00fdtti tr\u00faarlega hef\u00f0 \u00ed eigin \u00fe\u00e1gu til sj\u00e1lfsmyndunar. Einnig <em>Eneasarkvi\u00f0a<\/em> Virgils er lesin \u00ed \u00feessu samhengi sem tr\u00faars\u00f6gulegt vitni.<\/p><p>\u00cd almennri menningu n\u00fat\u00edmans er Venus me\u00f0al kunnustu gu\u00f0vera fornaldar. Nafn hennar er nota\u00f0 yfir reikistj\u00f6rnu, og mynd hennar hefur m\u00f3ta\u00f0 evr\u00f3pska myndlist um aldir, fr\u00e1 <span class=\"iwg-fachbegriff\" data-tooltip=\"T\u00edmabil gr\u00edskrar og r\u00f3mverskrar menningar, um 800 f.Kr. til 600 e.Kr.\" tabindex=\"0\">forn\u00f6ld<\/span> yfir endurreisnart\u00edmann og fram \u00e1 okkar daga.<\/p><p>\u00cd listas\u00f6gunni er Venus mi\u00f0l\u00e6gt <span class=\"iwg-fachbegriff\" data-tooltip=\"Endurteki\u00f0 innihaldsstef \u00ed list e\u00f0a fr\u00e1s\u00f6gn.\" tabindex=\"0\">myndefni<\/span>. Fyrir <span class=\"iwg-fachbegriff\" data-tooltip=\"V\u00edsindagrein sem rannsakar tr\u00faarbr\u00f6g\u00f0 samanbur\u00f0arlega og \u00e1n tr\u00faarlegrar skuldbindingar.\" tabindex=\"0\">tr\u00faarbrag\u00f0afr\u00e6\u00f0i<\/span> er Venus \u00e1fram l\u00e6rd\u00f3msr\u00edkt d\u00e6mi um lagskiptingu r\u00f3mverskrar tr\u00faarbrag\u00f0ahef\u00f0ar og um tengsl <span class=\"iwg-fachbegriff\" data-tooltip=\"Hef\u00f0bundin fr\u00e1s\u00f6gn um gu\u00f0vera, uppruna og skipulag heimsins.\" tabindex=\"0\">go\u00f0s\u00f6gu<\/span>, listar og stj\u00f3rnm\u00e1lalegs valds.<\/p><p>Ranns\u00f3knir leggja auk \u00feess \u00e1herslu \u00e1 hvernig myndlistin m\u00f3ta\u00f0i tr\u00faarlega skynjun Venusar. Styttuger\u00f0ir sem breiddust \u00fat \u00e1 r\u00f3mverska keisarat\u00edmanum, og sem s\u00f3ttu fyrirmyndir s\u00ednar til gr\u00edskra forvera, ger\u00f0u gy\u00f0juna alls sta\u00f0ar s\u00fdnilega, b\u00e6\u00f0i \u00e1 opinberum vettvangi og \u00e1 heimilum.<\/p><p>\u00deannig tvinna\u00f0ist <span class=\"iwg-fachbegriff\" data-tooltip=\"\u00d6ll tr\u00faarleg tilbei\u00f0sluath\u00f6fn fyrir gu\u00f0veru e\u00f0a heilaga v\u00e6tt.\" tabindex=\"0\">d\u00fdrkunin<\/span> saman vi\u00f0 \u00fe\u00e9ttan myndarf sem m\u00f3ta\u00f0i skilning \u00e1 gy\u00f0junni allt fram \u00ed evr\u00f3pska myndlist n\u00fdaldar.<\/p>\t\t\t\t\t\t\t\t<\/div>\n\t\t\t\t\t<\/div>\n\t\t\t\t<\/div>\n\t\t<div class=\"elementor-element elementor-element-iwgw-venus-lit e-flex e-con-boxed e-con e-parent\" data-id=\"iwgw-venus-lit\" data-element_type=\"container\" data-e-type=\"container\">\n\t\t\t\t\t<div class=\"e-con-inner\">\n\t\t\t\t<div class=\"elementor-element elementor-element-iwgw-venus-lith elementor-widget elementor-widget-heading\" data-id=\"iwgw-venus-lith\" data-element_type=\"widget\" data-e-type=\"widget\" data-widget_type=\"heading.default\">\n\t\t\t\t\t<h2 class=\"elementor-heading-title elementor-size-default\">Heimildir (\u00farval)<\/h2>\t\t\t\t<\/div>\n\t\t\t\t<div class=\"elementor-element elementor-element-iwgw-venus-litt elementor-widget elementor-widget-text-editor\" data-id=\"iwgw-venus-litt\" data-element_type=\"widget\" data-e-type=\"widget\" data-widget_type=\"text-editor.default\">\n\t\t\t\t\t\t\t\t\t<div data-nosnippet=\"true\"><ul><li>Georg Wissowa: <em>Religion und Kultus der R\u00f6mer<\/em> (1912)<\/li><li>Kurt Latte: <em>R\u00f6mische Religionsgeschichte<\/em> (1960)<\/li><li>Georges Dum\u00e9zil: <em>La religion romaine archa\u00efque<\/em> (1966)<\/li><li><span data-nosnippet>Mary Beard, John North, Simon Price: <em>Religions of Rome<\/em> (1998)<\/span><\/li><li>J\u00f6rg R\u00fcpke: <em>Die Religion der R\u00f6mer<\/em> (2001)<\/li><\/ul><\/div>\t\t\t\t\t\t\t\t<\/div>\n\t\t\t\t\t<\/div>\n\t\t\t\t<\/div>\n\t\t<div class=\"elementor-element elementor-element-iwgw-venus-kwd e-flex e-con-boxed e-con e-parent\" data-id=\"iwgw-venus-kwd\" data-element_type=\"container\" data-e-type=\"container\">\n\t\t\t\t\t<div class=\"e-con-inner\">\n\t\t\t\t<div class=\"elementor-element elementor-element-iwgw-venus-kwdt elementor-widget elementor-widget-text-editor\" data-id=\"iwgw-venus-kwdt\" data-element_type=\"widget\" data-e-type=\"widget\" data-widget_type=\"text-editor.default\">\n\t\t\t\t\t\t\t\t\t<p><em>Tengd kjarnahugt\u00f6k: Venus Venus Genetrix Venus Victrix gens Iulia Aeneas Aphrodite Vinalia \u00e1stin.<\/em><\/p>\t\t\t\t\t\t\t\t<\/div>\n\t\t\t\t\t<\/div>\n\t\t\t\t<\/div>\n\t\t<div class=\"elementor-element elementor-element-iwgw-venus-cc e-flex e-con-boxed e-con e-parent\" data-id=\"iwgw-venus-cc\" data-element_type=\"container\" data-e-type=\"container\" id=\"iwg-cc-venus\">\n\t\t\t\t\t<div class=\"e-con-inner\">\n\t\t<div class=\"elementor-element elementor-element-iwgw-venus-ccinner e-flex e-con-boxed e-con e-parent\" data-id=\"iwgw-venus-ccinner\" data-element_type=\"container\" data-e-type=\"container\" data-settings=\"{&quot;background_background&quot;:&quot;classic&quot;}\">\n\t\t\t\t\t<div class=\"e-con-inner\">\n\t\t\t\t<div class=\"elementor-element elementor-element-iwgw-venus-cch elementor-widget elementor-widget-heading\" data-id=\"iwgw-venus-cch\" data-element_type=\"widget\" data-e-type=\"widget\" data-widget_type=\"heading.default\">\n\t\t\t\t\t<h2 class=\"elementor-heading-title elementor-size-default\">iWell Guard og verndarhef\u00f0ir<\/h2>\t\t\t\t<\/div>\n\t\t\t\t<div class=\"elementor-element elementor-element-iwgw-venus-cct elementor-widget elementor-widget-text-editor\" data-id=\"iwgw-venus-cct\" data-element_type=\"widget\" data-e-type=\"widget\" data-widget_type=\"text-editor.default\">\n\t\t\t\t\t\t\t\t\t<div data-nosnippet=\"true\"><p>iWell Guard tengist menningars\u00f6gulegri hef\u00f0 verndargripa sem bornir eru \u00e1 l\u00edkamanum, \u00ed hef\u00f0 <a href=\"https:\/\/iwell-guard.com\/is\/rom\/\">R\u00f3mar<\/a> og margra annarra menningarheima um allan heim. 41 lag, alv\u00f6ru gull, plat\u00edna, silfur, framleitt \u00ed \u00de\u00fdskalandi. 30 daga skilar\u00e9ttur.<\/p><\/div>\t\t\t\t\t\t\t\t<\/div>\n\t\t\t\t<div class=\"elementor-element elementor-element-iwgw-venus-ccb iwg-cc-button iwg-cc-cta-2026-05-13 elementor-widget elementor-widget-jet-button\" data-id=\"iwgw-venus-ccb\" data-element_type=\"widget\" data-e-type=\"widget\" data-widget_type=\"jet-button.default\">\n\t\t\t\t<div class=\"elementor-widget-container\">\n\t\t\t\t\t<div class=\"elementor-jet-button jet-elements\"><div class=\"jet-button__container\"><a class=\"jet-button__instance jet-button__instance--icon-left hover-effect-1\" href=\"\/ueber-iwell-guard\/?utm_source=iwell-guard.com&amp;utm_medium=info-box&amp;utm_campaign=wesen-tradition\"><div class=\"jet-button__plane jet-button__plane-normal\"><\/div><div class=\"jet-button__plane jet-button__plane-hover\"><\/div><div class=\"jet-button__state jet-button__state-normal\"><span class=\"jet-button__label\">Meira um iWell Guard<\/span><\/div><div class=\"jet-button__state jet-button__state-hover\"><span class=\"jet-button__label\">Meira um iWell Guard<\/span><\/div><\/a><\/div><\/div><style>.elementor-element.elementor-element-iwgw-venus-ccb .jet-button__instance{width:320px;height:56px;}.elementor-element.elementor-element-iwgw-venus-ccb .jet-button__state-normal .jet-button__label{text-align:center;margin:0px 0px 0px 0px;color:#1a1b20;font-family:Montserrat,sans-serif;font-size:13px;font-weight:400;letter-spacing:4px;line-height:1.714em;text-transform:uppercase;}.elementor-element.elementor-element-iwgw-venus-ccb .jet-button__state-hover .jet-button__label{text-align:center;margin:0px 0px 0px 0px;color:#FECC76;font-family:Montserrat,sans-serif;font-size:13px;font-weight:400;letter-spacing:4px;line-height:1.714em;text-transform:uppercase;}.elementor-element.elementor-element-iwgw-venus-ccb .jet-button__plane-normal{background-color:#FECC76;border-style:solid;border-color:#C99540;border-width:2px 2px 2px 2px;}.elementor-element.elementor-element-iwgw-venus-ccb .jet-button__plane-hover{background-color:rgba(0,0,0,0.55);border-style:solid;border-color:#FECC76;border-width:2px 2px 2px 2px;}<\/style>\t\t\t\t<\/div>\n\t\t\t\t<\/div>\n\t\t\t\t<div class=\"elementor-element elementor-element-iwgw-venus-ccd elementor-widget elementor-widget-text-editor\" data-id=\"iwgw-venus-ccd\" data-element_type=\"widget\" data-e-type=\"widget\" data-widget_type=\"text-editor.default\">\n\t\t\t\t\t\t\t\t\t<div data-nosnippet=\"true\"><p style=\"text-align:center;font-size:13px;opacity:0.7;margin-top:14px\" data-nosnippet=\"true\">Pers\u00f3nuleg reynsla getur veri\u00f0 mismunandi. Ekki l\u00e6kningat\u00e6ki. Engin lofor\u00f0 um l\u00e6kningu.<\/p><\/div>\t\t\t\t\t\t\t\t<\/div>\n\t\t\t\t\t<\/div>\n\t\t\t\t<\/div>\n\t\t\t\t\t<\/div>\n\t\t\t\t<\/div>\n\t\t<div class=\"elementor-element elementor-element-iwgw-venus-disc e-flex e-con-boxed e-con e-parent\" data-id=\"iwgw-venus-disc\" data-element_type=\"container\" data-e-type=\"container\">\n\t\t\t\t\t<div class=\"e-con-inner\">\n\t\t\t\t<div class=\"elementor-element elementor-element-iwgw-venus-discw elementor-widget elementor-widget-html\" data-id=\"iwgw-venus-discw\" data-element_type=\"widget\" data-e-type=\"widget\" data-widget_type=\"html.default\">\n\t\t\t\t\t<footer data-nosnippet=\"true\" class=\"iwg-disclaimer-block\"><p data-nosnippet=\"true\">iWell Guard er <strong>ekki l\u00e6kningat\u00e6ki<\/strong> og kemur ekki \u00ed sta\u00f0inn fyrir l\u00e6knis- e\u00f0a s\u00e1lfr\u00e6\u00f0ime\u00f0fer\u00f0. Tr\u00faarfr\u00e6\u00f0ilegt efni er menningars\u00f6gulegt samhengi, ekki r\u00e1\u00f0legging um andlega i\u00f0kun.<\/p><\/footer>\t\t\t\t<\/div>\n\t\t\t\t\t<\/div>\n\t\t\t\t<\/div>\n\t\t\t\t<\/div>\n\t\t","protected":false},"excerpt":{"rendered":"","protected":false},"author":3,"featured_media":3391,"parent":0,"menu_order":0,"comment_status":"closed","ping_status":"closed","template":"elementor_header_footer","meta":{"_yoast_wpseo_focuskw":"Venus r\u00f3mversk gy\u00f0ja","_yoast_wpseo_title":"Venus \u2013 r\u00f3mverska \u00e1stargy\u00f0jan","_yoast_wpseo_metadesc":"Venus er r\u00f3mverska gy\u00f0ja \u00e1star og fegur\u00f0ar og form\u00f3\u00f0ir gens Iulia. Tr\u00faars\u00f6gulegt yfirlit me\u00f0 d\u00fdrkun og heimildum.","_yoast_wpseo_meta-robots-noindex":"","_yoast_wpseo_canonical":"","_angie_page":false,"gefaehrdungsstufe":"","wesen_kultur":"","wesen_klasse":"","footnotes":""},"categories":[],"class_list":["post-169030","page","type-page","status-publish","has-post-thumbnail","hentry"],"yoast_head":"<!-- This site is optimized with the Yoast SEO Premium plugin v27.7 (Yoast SEO v28.3) - https:\/\/yoast.com\/product\/yoast-seo-premium-wordpress\/ -->\n<title>Venus \u2013 r\u00f3mverska \u00e1stargy\u00f0jan<\/title>\n<meta name=\"description\" content=\"Venus er r\u00f3mverska gy\u00f0ja \u00e1star og fegur\u00f0ar og form\u00f3\u00f0ir gens Iulia. Tr\u00faars\u00f6gulegt yfirlit me\u00f0 d\u00fdrkun og heimildum.\" \/>\n<meta name=\"robots\" content=\"index, follow, max-snippet:-1, max-image-preview:large, max-video-preview:-1\" \/>\n<link rel=\"canonical\" href=\"https:\/\/iwell-guard.com\/is\/venus-romversk-astargy-ja\/\" \/>\n<meta property=\"og:locale\" content=\"is_IS\" \/>\n<meta property=\"og:type\" content=\"article\" \/>\n<meta property=\"og:title\" content=\"Venus \u2013 r\u00f3mverska \u00e1star- og fegur\u00f0argy\u00f0jan\" \/>\n<meta property=\"og:description\" content=\"Venus er r\u00f3mverska gy\u00f0ja \u00e1star og fegur\u00f0ar og form\u00f3\u00f0ir gens Iulia. Tr\u00faars\u00f6gulegt yfirlit me\u00f0 d\u00fdrkun og heimildum.\" \/>\n<meta property=\"og:url\" content=\"https:\/\/iwell-guard.com\/is\/venus-romversk-astargy-ja\/\" \/>\n<meta property=\"og:site_name\" content=\"iWell Guard\" \/>\n<meta property=\"article:modified_time\" content=\"2026-09-05T14:30:30+00:00\" \/>\n<meta property=\"og:image\" content=\"https:\/\/iwell-guard.com\/wp-content\/uploads\/2026\/05\/goetter_rom_venus.webp\" \/>\n\t<meta property=\"og:image:width\" content=\"1024\" \/>\n\t<meta property=\"og:image:height\" content=\"1536\" \/>\n\t<meta property=\"og:image:type\" content=\"image\/webp\" \/>\n<meta name=\"twitter:card\" content=\"summary_large_image\" \/>\n<script type=\"application\/ld+json\" class=\"yoast-schema-graph\">{\"@context\":\"https:\\\/\\\/schema.org\",\"@graph\":[{\"@type\":\"WebPage\",\"@id\":\"https:\\\/\\\/iwell-guard.com\\\/is\\\/venus-romversk-astargy-ja\\\/\",\"url\":\"https:\\\/\\\/iwell-guard.com\\\/is\\\/venus-romversk-astargy-ja\\\/\",\"name\":\"Venus \u2013 r\u00f3mverska \u00e1stargy\u00f0jan\",\"isPartOf\":{\"@id\":\"https:\\\/\\\/iwell-guard.com\\\/is\\\/#website\"},\"primaryImageOfPage\":{\"@id\":\"https:\\\/\\\/iwell-guard.com\\\/is\\\/venus-romversk-astargy-ja\\\/#primaryimage\"},\"image\":{\"@id\":\"https:\\\/\\\/iwell-guard.com\\\/is\\\/venus-romversk-astargy-ja\\\/#primaryimage\"},\"thumbnailUrl\":\"https:\\\/\\\/iwell-guard.com\\\/wp-content\\\/uploads\\\/2026\\\/05\\\/goetter_rom_venus.webp\",\"datePublished\":\"2026-09-05T14:04:58+00:00\",\"dateModified\":\"2026-09-05T14:30:30+00:00\",\"description\":\"Venus er r\u00f3mverska gy\u00f0ja \u00e1star og fegur\u00f0ar og form\u00f3\u00f0ir gens Iulia. Tr\u00faars\u00f6gulegt yfirlit me\u00f0 d\u00fdrkun og heimildum.\",\"breadcrumb\":{\"@id\":\"https:\\\/\\\/iwell-guard.com\\\/is\\\/venus-romversk-astargy-ja\\\/#breadcrumb\"},\"inLanguage\":\"is\",\"potentialAction\":[{\"@type\":\"ReadAction\",\"target\":[\"https:\\\/\\\/iwell-guard.com\\\/is\\\/venus-romversk-astargy-ja\\\/\"]}]},{\"@type\":\"ImageObject\",\"inLanguage\":\"is\",\"@id\":\"https:\\\/\\\/iwell-guard.com\\\/is\\\/venus-romversk-astargy-ja\\\/#primaryimage\",\"url\":\"https:\\\/\\\/iwell-guard.com\\\/wp-content\\\/uploads\\\/2026\\\/05\\\/goetter_rom_venus.webp\",\"contentUrl\":\"https:\\\/\\\/iwell-guard.com\\\/wp-content\\\/uploads\\\/2026\\\/05\\\/goetter_rom_venus.webp\",\"width\":1024,\"height\":1536,\"caption\":\"Gu\u00f0ir \u00far r\u00f3mverskri hef\u00f0.\"},{\"@type\":\"BreadcrumbList\",\"@id\":\"https:\\\/\\\/iwell-guard.com\\\/is\\\/venus-romversk-astargy-ja\\\/#breadcrumb\",\"itemListElement\":[{\"@type\":\"ListItem\",\"position\":1,\"name\":\"Start\",\"item\":\"https:\\\/\\\/iwell-guard.com\\\/is\\\/?page_id=168580\"},{\"@type\":\"ListItem\",\"position\":2,\"name\":\"Venus \u2013 r\u00f3mverska \u00e1star- og fegur\u00f0argy\u00f0jan\"}]},{\"@type\":\"WebSite\",\"@id\":\"https:\\\/\\\/iwell-guard.com\\\/is\\\/#website\",\"url\":\"https:\\\/\\\/iwell-guard.com\\\/is\\\/\",\"name\":\"iWell Guard\",\"description\":\"Schutz vor dunklen Einfl\u00fcssen\",\"publisher\":{\"@id\":\"https:\\\/\\\/iwell-guard.com\\\/is\\\/#organization\"},\"potentialAction\":[{\"@type\":\"SearchAction\",\"target\":{\"@type\":\"EntryPoint\",\"urlTemplate\":\"https:\\\/\\\/iwell-guard.com\\\/is\\\/?s={search_term_string}\"},\"query-input\":{\"@type\":\"PropertyValueSpecification\",\"valueRequired\":true,\"valueName\":\"search_term_string\"}}],\"inLanguage\":\"is\"},{\"@type\":\"Organization\",\"@id\":\"https:\\\/\\\/iwell-guard.com\\\/is\\\/#organization\",\"name\":\"Ittermann electronic GmbH\",\"url\":\"https:\\\/\\\/iwell-guard.com\\\/is\\\/\",\"logo\":{\"@type\":\"ImageObject\",\"inLanguage\":\"is\",\"@id\":\"https:\\\/\\\/iwell-guard.com\\\/is\\\/#\\\/schema\\\/logo\\\/image\\\/\",\"url\":\"https:\\\/\\\/iwell-guard.com\\\/wp-content\\\/uploads\\\/2026\\\/05\\\/Ittermann-Logo-1182x237-1.png\",\"contentUrl\":\"https:\\\/\\\/iwell-guard.com\\\/wp-content\\\/uploads\\\/2026\\\/05\\\/Ittermann-Logo-1182x237-1.png\",\"width\":1182,\"height\":237,\"caption\":\"Ittermann electronic GmbH\"},\"image\":{\"@id\":\"https:\\\/\\\/iwell-guard.com\\\/is\\\/#\\\/schema\\\/logo\\\/image\\\/\"},\"sameAs\":[\"https:\\\/\\\/pantip.com\\\/profile\\\/9367242\",\"https:\\\/\\\/micro.blog\\\/iwellguard\",\"https:\\\/\\\/www.diggerslist.com\\\/iwellguard\\\/about\",\"https:\\\/\\\/skitterphoto.com\\\/photographers\\\/2870314\\\/iwell-guard\",\"https:\\\/\\\/iwellguard.wordpress.com\\\/2026\\\/06\\\/06\\\/iwell-guard\\\/\",\"https:\\\/\\\/hub.docker.com\\\/u\\\/iwellguard\",\"https:\\\/\\\/www.pinterest.com\\\/iwellguard\\\/\",\"https:\\\/\\\/bit.ly\\\/m\\\/iwellguard\",\"https:\\\/\\\/entre-vos-mains.alsace.eu\\\/profiles\\\/iwellguard\\\/activity\",\"https:\\\/\\\/gravatar.com\\\/reallybeded8fd34\",\"https:\\\/\\\/naijamatta.com\\\/iwellguard\",\"https:\\\/\\\/www.goodreads.com\\\/iwellguard\",\"https:\\\/\\\/profile.hatena.ne.jp\\\/iwellguard\\\/\",\"https:\\\/\\\/experiment.com\\\/users\\\/iwellguard\",\"https:\\\/\\\/wakelet.com\\\/@iWellGuard82270\",\"https:\\\/\\\/www.chordie.com\\\/forum\\\/profile.php?id=2555664\",\"https:\\\/\\\/www.instapaper.com\\\/p\\\/17757966\",\"https:\\\/\\\/www.mapleprimes.com\\\/users\\\/iwellguard\",\"https:\\\/\\\/businesslistingplus.com\\\/profile\\\/iwell-guard\\\/\",\"https:\\\/\\\/telegra.ph\\\/iWell-Guard-06-06\",\"https:\\\/\\\/pbase.com\\\/iwellguard\\\/iwellguard\",\"https:\\\/\\\/b.hatena.ne.jp\\\/iwellguard\\\/20260607#bookmark-4788405196491818882\",\"https:\\\/\\\/fliphtml5.com\\\/home\\\/iwellguard\",\"https:\\\/\\\/anyflip.com\\\/homepage\\\/cmiwl#About\",\"https:\\\/\\\/transfur.com\\\/Users\\\/iwellguard\",\"http:\\\/\\\/delphi.larsbo.org\\\/user\\\/iwellguard\",\"https:\\\/\\\/jobs.lajobsportal.org\\\/profiles\\\/8380803-iwell-guard\",\"https:\\\/\\\/md.chaosdorf.de\\\/s\\\/jfbe5SBdJD\",\"https:\\\/\\\/www.lingvolive.com\\\/en-us\\\/profile\\\/9ecaeaca-ce11-4e51-9e71-01d55e2bff36\\\/translations\",\"https:\\\/\\\/www.fitday.com\\\/fitness\\\/forums\\\/members\\\/iwellguard.html\",\"https:\\\/\\\/www.mymeetbook.com\\\/iwellguard\",\"https:\\\/\\\/pxhere.com\\\/en\\\/photographer-me\\\/5040798\",\"https:\\\/\\\/disqus.com\\\/by\\\/iwellguard\\\/about\\\/\",\"https:\\\/\\\/pastelink.net\\\/hjwciqwq\",\"https:\\\/\\\/pubhtml5.com\\\/homepage\\\/scjhn\\\/\",\"https:\\\/\\\/www.bitchute.com\\\/channel\\\/2O2eOKzNqujT\",\"https:\\\/\\\/audiomack.com\\\/iwellguard\"]}]}<\/script>\n<!-- \/ Yoast SEO Premium plugin. -->","yoast_head_json":{"title":"Venus \u2013 r\u00f3mverska \u00e1stargy\u00f0jan","description":"Venus er r\u00f3mverska gy\u00f0ja \u00e1star og fegur\u00f0ar og form\u00f3\u00f0ir gens Iulia. Tr\u00faars\u00f6gulegt yfirlit me\u00f0 d\u00fdrkun og heimildum.","robots":{"index":"index","follow":"follow","max-snippet":"max-snippet:-1","max-image-preview":"max-image-preview:large","max-video-preview":"max-video-preview:-1"},"canonical":"https:\/\/iwell-guard.com\/is\/venus-romversk-astargy-ja\/","og_locale":"is_IS","og_type":"article","og_title":"Venus \u2013 r\u00f3mverska \u00e1star- og fegur\u00f0argy\u00f0jan","og_description":"Venus er r\u00f3mverska gy\u00f0ja \u00e1star og fegur\u00f0ar og form\u00f3\u00f0ir gens Iulia. Tr\u00faars\u00f6gulegt yfirlit me\u00f0 d\u00fdrkun og heimildum.","og_url":"https:\/\/iwell-guard.com\/is\/venus-romversk-astargy-ja\/","og_site_name":"iWell Guard","article_modified_time":"2026-09-05T14:30:30+00:00","og_image":[{"width":1024,"height":1536,"url":"https:\/\/iwell-guard.com\/wp-content\/uploads\/2026\/05\/goetter_rom_venus.webp","type":"image\/webp"}],"twitter_card":"summary_large_image","schema":{"@context":"https:\/\/schema.org","@graph":[{"@type":"WebPage","@id":"https:\/\/iwell-guard.com\/is\/venus-romversk-astargy-ja\/","url":"https:\/\/iwell-guard.com\/is\/venus-romversk-astargy-ja\/","name":"Venus \u2013 r\u00f3mverska \u00e1stargy\u00f0jan","isPartOf":{"@id":"https:\/\/iwell-guard.com\/is\/#website"},"primaryImageOfPage":{"@id":"https:\/\/iwell-guard.com\/is\/venus-romversk-astargy-ja\/#primaryimage"},"image":{"@id":"https:\/\/iwell-guard.com\/is\/venus-romversk-astargy-ja\/#primaryimage"},"thumbnailUrl":"https:\/\/iwell-guard.com\/wp-content\/uploads\/2026\/05\/goetter_rom_venus.webp","datePublished":"2026-09-05T14:04:58+00:00","dateModified":"2026-09-05T14:30:30+00:00","description":"Venus er r\u00f3mverska gy\u00f0ja \u00e1star og fegur\u00f0ar og form\u00f3\u00f0ir gens Iulia. Tr\u00faars\u00f6gulegt yfirlit me\u00f0 d\u00fdrkun og heimildum.","breadcrumb":{"@id":"https:\/\/iwell-guard.com\/is\/venus-romversk-astargy-ja\/#breadcrumb"},"inLanguage":"is","potentialAction":[{"@type":"ReadAction","target":["https:\/\/iwell-guard.com\/is\/venus-romversk-astargy-ja\/"]}]},{"@type":"ImageObject","inLanguage":"is","@id":"https:\/\/iwell-guard.com\/is\/venus-romversk-astargy-ja\/#primaryimage","url":"https:\/\/iwell-guard.com\/wp-content\/uploads\/2026\/05\/goetter_rom_venus.webp","contentUrl":"https:\/\/iwell-guard.com\/wp-content\/uploads\/2026\/05\/goetter_rom_venus.webp","width":1024,"height":1536,"caption":"Gu\u00f0ir \u00far r\u00f3mverskri hef\u00f0."},{"@type":"BreadcrumbList","@id":"https:\/\/iwell-guard.com\/is\/venus-romversk-astargy-ja\/#breadcrumb","itemListElement":[{"@type":"ListItem","position":1,"name":"Start","item":"https:\/\/iwell-guard.com\/is\/?page_id=168580"},{"@type":"ListItem","position":2,"name":"Venus \u2013 r\u00f3mverska \u00e1star- og fegur\u00f0argy\u00f0jan"}]},{"@type":"WebSite","@id":"https:\/\/iwell-guard.com\/is\/#website","url":"https:\/\/iwell-guard.com\/is\/","name":"iWell Guard","description":"Schutz vor dunklen Einfl\u00fcssen","publisher":{"@id":"https:\/\/iwell-guard.com\/is\/#organization"},"potentialAction":[{"@type":"SearchAction","target":{"@type":"EntryPoint","urlTemplate":"https:\/\/iwell-guard.com\/is\/?s={search_term_string}"},"query-input":{"@type":"PropertyValueSpecification","valueRequired":true,"valueName":"search_term_string"}}],"inLanguage":"is"},{"@type":"Organization","@id":"https:\/\/iwell-guard.com\/is\/#organization","name":"Ittermann electronic GmbH","url":"https:\/\/iwell-guard.com\/is\/","logo":{"@type":"ImageObject","inLanguage":"is","@id":"https:\/\/iwell-guard.com\/is\/#\/schema\/logo\/image\/","url":"https:\/\/iwell-guard.com\/wp-content\/uploads\/2026\/05\/Ittermann-Logo-1182x237-1.png","contentUrl":"https:\/\/iwell-guard.com\/wp-content\/uploads\/2026\/05\/Ittermann-Logo-1182x237-1.png","width":1182,"height":237,"caption":"Ittermann electronic GmbH"},"image":{"@id":"https:\/\/iwell-guard.com\/is\/#\/schema\/logo\/image\/"},"sameAs":["https:\/\/pantip.com\/profile\/9367242","https:\/\/micro.blog\/iwellguard","https:\/\/www.diggerslist.com\/iwellguard\/about","https:\/\/skitterphoto.com\/photographers\/2870314\/iwell-guard","https:\/\/iwellguard.wordpress.com\/2026\/06\/06\/iwell-guard\/","https:\/\/hub.docker.com\/u\/iwellguard","https:\/\/www.pinterest.com\/iwellguard\/","https:\/\/bit.ly\/m\/iwellguard","https:\/\/entre-vos-mains.alsace.eu\/profiles\/iwellguard\/activity","https:\/\/gravatar.com\/reallybeded8fd34","https:\/\/naijamatta.com\/iwellguard","https:\/\/www.goodreads.com\/iwellguard","https:\/\/profile.hatena.ne.jp\/iwellguard\/","https:\/\/experiment.com\/users\/iwellguard","https:\/\/wakelet.com\/@iWellGuard82270","https:\/\/www.chordie.com\/forum\/profile.php?id=2555664","https:\/\/www.instapaper.com\/p\/17757966","https:\/\/www.mapleprimes.com\/users\/iwellguard","https:\/\/businesslistingplus.com\/profile\/iwell-guard\/","https:\/\/telegra.ph\/iWell-Guard-06-06","https:\/\/pbase.com\/iwellguard\/iwellguard","https:\/\/b.hatena.ne.jp\/iwellguard\/20260607#bookmark-4788405196491818882","https:\/\/fliphtml5.com\/home\/iwellguard","https:\/\/anyflip.com\/homepage\/cmiwl#About","https:\/\/transfur.com\/Users\/iwellguard","http:\/\/delphi.larsbo.org\/user\/iwellguard","https:\/\/jobs.lajobsportal.org\/profiles\/8380803-iwell-guard","https:\/\/md.chaosdorf.de\/s\/jfbe5SBdJD","https:\/\/www.lingvolive.com\/en-us\/profile\/9ecaeaca-ce11-4e51-9e71-01d55e2bff36\/translations","https:\/\/www.fitday.com\/fitness\/forums\/members\/iwellguard.html","https:\/\/www.mymeetbook.com\/iwellguard","https:\/\/pxhere.com\/en\/photographer-me\/5040798","https:\/\/disqus.com\/by\/iwellguard\/about\/","https:\/\/pastelink.net\/hjwciqwq","https:\/\/pubhtml5.com\/homepage\/scjhn\/","https:\/\/www.bitchute.com\/channel\/2O2eOKzNqujT","https:\/\/audiomack.com\/iwellguard"]}]}},"_links":{"self":[{"href":"https:\/\/iwell-guard.com\/is\/wp-json\/wp\/v2\/pages\/169030","targetHints":{"allow":["GET"]}}],"collection":[{"href":"https:\/\/iwell-guard.com\/is\/wp-json\/wp\/v2\/pages"}],"about":[{"href":"https:\/\/iwell-guard.com\/is\/wp-json\/wp\/v2\/types\/page"}],"author":[{"embeddable":true,"href":"https:\/\/iwell-guard.com\/is\/wp-json\/wp\/v2\/users\/3"}],"replies":[{"embeddable":true,"href":"https:\/\/iwell-guard.com\/is\/wp-json\/wp\/v2\/comments?post=169030"}],"version-history":[{"count":0,"href":"https:\/\/iwell-guard.com\/is\/wp-json\/wp\/v2\/pages\/169030\/revisions"}],"wp:featuredmedia":[{"embeddable":true,"href":"https:\/\/iwell-guard.com\/is\/wp-json\/wp\/v2\/media\/3391"}],"wp:attachment":[{"href":"https:\/\/iwell-guard.com\/is\/wp-json\/wp\/v2\/media?parent=169030"}],"wp:term":[{"taxonomy":"category","embeddable":true,"href":"https:\/\/iwell-guard.com\/is\/wp-json\/wp\/v2\/categories?post=169030"}],"curies":[{"name":"wp","href":"https:\/\/api.w.org\/{rel}","templated":true}]}}