{"id":169028,"date":"2026-09-05T14:04:57","date_gmt":"2026-09-05T14:04:57","guid":{"rendered":"https:\/\/iwell-guard.com\/?page_id=169028"},"modified":"2026-09-05T14:30:26","modified_gmt":"2026-09-05T14:30:26","slug":"ceres-romversk-gydja-kornsins-og-akuryrkju","status":"publish","type":"page","link":"https:\/\/iwell-guard.com\/is\/ceres-romversk-gydja-kornsins-og-akuryrkju\/","title":{"rendered":"Ceres \u2013 r\u00f3mversk gy\u00f0ja kornsins og akuryrkju"},"content":{"rendered":"\t\t<div data-elementor-type=\"wp-page\" data-elementor-id=\"169028\" class=\"elementor elementor-169028 elementor-2914 elementor-bc-flex-widget\" data-elementor-post-type=\"page\">\n\t\t\t\t<div class=\"elementor-element elementor-element-hero4a1e70c e-flex e-con-boxed e-con e-parent\" data-id=\"hero4a1e70c\" data-element_type=\"container\" data-e-type=\"container\">\n\t\t\t\t\t<div class=\"e-con-inner\">\n\t\t\t\t<div class=\"elementor-element elementor-element-heroimg61869a4 iwg-hero-image elementor-widget elementor-widget-image\" data-id=\"heroimg61869a4\" data-element_type=\"widget\" data-e-type=\"widget\" data-widget_type=\"image.default\">\n\t\t\t\t\t\t\t\t\t\t\t\t\t\t\t<img fetchpriority=\"high\" decoding=\"async\" width=\"683\" height=\"1024\" src=\"https:\/\/iwell-guard.com\/wp-content\/uploads\/2026\/05\/goetter_rom_ceres-683x1024.webp\" class=\"attachment-large size-large wp-image-3389\" alt=\"Ceres \u2013 r\u00f3mversk gy\u00f0ja kornsins og akuryrkju\" srcset=\"https:\/\/iwell-guard.com\/wp-content\/uploads\/2026\/05\/goetter_rom_ceres-683x1024.webp 683w, https:\/\/iwell-guard.com\/wp-content\/uploads\/2026\/05\/goetter_rom_ceres-200x300.webp 200w, https:\/\/iwell-guard.com\/wp-content\/uploads\/2026\/05\/goetter_rom_ceres-768x1152.webp 768w, https:\/\/iwell-guard.com\/wp-content\/uploads\/2026\/05\/goetter_rom_ceres.webp 1024w\" sizes=\"(max-width: 683px) 100vw, 683px\" \/>\t\t\t\t\t\t\t\t\t\t\t\t\t\t\t<\/div>\n\t\t\t\t\t<\/div>\n\t\t\t\t<\/div>\n\t\t<div class=\"elementor-element elementor-element-iwgw-ceres-hero e-flex e-con-boxed e-con e-parent\" data-id=\"iwgw-ceres-hero\" data-element_type=\"container\" data-e-type=\"container\">\n\t\t\t\t\t<div class=\"e-con-inner\">\n\t\t\t\t<div class=\"elementor-element elementor-element-iwgw-ceres-h1 elementor-widget elementor-widget-heading\" data-id=\"iwgw-ceres-h1\" data-element_type=\"widget\" data-e-type=\"widget\" data-widget_type=\"heading.default\">\n\t\t\t\t\t<h1 class=\"elementor-heading-title elementor-size-default\">Ceres \u2013 gy\u00f0ja kornsins, akuryrkju og al\u00fe\u00fd\u00f0unnar<\/h1>\t\t\t\t<\/div>\n\t\t\t\t<div class=\"elementor-element elementor-element-iwgw-ceres-pills elementor-widget elementor-widget-html\" data-id=\"iwgw-ceres-pills\" data-element_type=\"widget\" data-e-type=\"widget\" data-widget_type=\"html.default\">\n\t\t\t\t\t<div class=\"iwg-pill-row\"><span class=\"iwg-klasse-badge\" tabindex=\"0\" data-tooltip=\"Gy\u00f0ja hef\u00f0arins \u00ed R\u00f3m.\">Gy\u00f0ja<\/span><a href=\"https:\/\/iwell-guard.com\/is\/rom\/\" class=\"iwg-kultur-badge\" tabindex=\"0\" data-tooltip=\"Go\u00f0afr\u00e6\u00f0i hef\u00f0arins \u00ed R\u00f3m.\">R\u00f3m<\/a><span class=\"iwg-tradition-badge\" tabindex=\"0\" data-tooltip=\"Fj\u00f6lgunargy\u00f0ja.\">Fj\u00f6lgunargy\u00f0ja<\/span><\/div>\t\t\t\t<\/div>\n\t\t\t\t<div class=\"elementor-element elementor-element-iwgw-ceres-lead elementor-widget elementor-widget-text-editor\" data-id=\"iwgw-ceres-lead\" data-element_type=\"widget\" data-e-type=\"widget\" data-widget_type=\"text-editor.default\">\n\t\t\t\t\t\t\t\t\t<p>Ceres var fyrir R\u00f3mverja gy\u00f0ja kornsins, akuryrkju og gr\u00f3anda. <span class=\"iwg-fachbegriff\" data-tooltip=\"\u00d6ll tr\u00faarleg tilbei\u00f0sluath\u00f6fn fyrir gu\u00f0 e\u00f0a heilaga v\u00e6tti.\" tabindex=\"0\">D\u00fdrkun<\/span> hennar var n\u00e1tengd f\u00e6\u00f0u\u00f6flun borgarinnar og hinu stj\u00f3rnm\u00e1lalega hlutverki al\u00fe\u00fd\u00f0unnar.<\/p>\t\t\t\t\t\t\t\t<\/div>\n\t\t\t\t\t<\/div>\n\t\t\t\t<\/div>\n\t\t<div class=\"elementor-element elementor-element-iwgw-ceres-s0 e-flex e-con-boxed e-con e-parent\" data-id=\"iwgw-ceres-s0\" data-element_type=\"container\" data-e-type=\"container\">\n\t\t\t\t\t<div class=\"e-con-inner\">\n\t\t\t\t<div class=\"elementor-element elementor-element-iwgw-ceres-s0h elementor-widget elementor-widget-heading\" data-id=\"iwgw-ceres-s0h\" data-element_type=\"widget\" data-e-type=\"widget\" data-widget_type=\"heading.default\">\n\t\t\t\t\t<h2 class=\"elementor-heading-title elementor-size-default\">Yfirlit<\/h2>\t\t\t\t<\/div>\n\t\t\t\t<div class=\"elementor-element elementor-element-iwgw-ceres-s0t elementor-widget elementor-widget-text-editor\" data-id=\"iwgw-ceres-s0t\" data-element_type=\"widget\" data-e-type=\"widget\" data-widget_type=\"text-editor.default\">\n\t\t\t\t\t\t\t\t\t<p>Ceres er ein af elstu og mikilv\u00e6gustu gu\u00f0d\u00f3mum r\u00f3mverskrar tr\u00faarbrag\u00f0a. H\u00fan var gy\u00f0ja kornsins, akuryrkjunnar og almennt vaxtar akuravaxta. \u00deannig snerti verksvi\u00f0 hennar sj\u00e1lfan grundv\u00f6ll r\u00f3mversks l\u00edfs, \u00fev\u00ed a\u00f0 tryggja borginni kornbirg\u00f0ir var st\u00f6\u00f0ugt \u00e1hyggjuefni r\u00edkis og samf\u00e9lags.<\/p><p>Fr\u00e1 tr\u00faars\u00f6gulegu sj\u00f3narhorni er Ceres mikilv\u00e6g af \u00fdmsum \u00e1st\u00e6\u00f0um. H\u00fan var forn-r\u00f3mversk <span class=\"iwg-fachbegriff\" data-tooltip=\"Vera sem er d\u00fdrku\u00f0 sem gu\u00f0leg innan tr\u00faarbrag\u00f0a.\" tabindex=\"0\">gu\u00f0d\u00f3mur<\/span>, sennilega d\u00fdrku\u00f0 \u00feegar \u00e1 fyrstu t\u00edmum \u00cdtal\u00edu, en nafn hennar \u00e1 r\u00e6tur a\u00f0 rekja til or\u00f0s sem merkir v\u00f6xtur.<\/p><p>Um lei\u00f0 m\u00f3ta\u00f0ist h\u00fan snemma af gr\u00edskum \u00e1hrifum og var a\u00f0 miklu leyti sams\u00f6mu\u00f0 gr\u00edsku gy\u00f0junni Demeter. <span class=\"iwg-fachbegriff\" data-tooltip=\"\u00d6ll tr\u00faarleg d\u00fdrkunarath\u00f6fn tileinku\u00f0 gu\u00f0d\u00f3mi e\u00f0a heilagri veru.\" tabindex=\"0\">D\u00fdrkun<\/span> hennar \u00e1 Avent\u00ednh\u00e6\u00f0 tengdi hana einnig n\u00e1i\u00f0 vi\u00f0 plebeja, hinn \u00f3a\u00f0alborna hluta r\u00f3mverska borgarasamf\u00e9lagsins, og gaf henni afar p\u00f3lit\u00edska v\u00eddd.<\/p><p>Ceres er \u00feannig gott d\u00e6mi um margbreytileika <a href=\"https:\/\/iwell-guard.com\/is\/rom\/\">r\u00f3mverskra<\/a> tr\u00faarbrag\u00f0a. \u00cd henni sameinast fornaldarleg akurd\u00fdrkun, upptaka gr\u00edskra hugmynda og go\u00f0sagna, og \u00e1\u00fereifanlegt f\u00e9lagslegt og p\u00f3lit\u00edskt hlutverk innan borgarinnar. H\u00fan var \u00ed senn gy\u00f0ja akursins og gy\u00f0ja me\u00f0 fast hlutverk \u00ed r\u00f3mversku samf\u00e9lagsskipulagi.<\/p><p>R\u00edkisleg \u00fe\u00fd\u00f0ing Ceresar s\u00e9st gl\u00f6ggt \u00ed kornbirg\u00f0um h\u00f6fu\u00f0borgarinnar, sem ur\u00f0u a\u00f0 st\u00f6\u00f0ugu p\u00f3lit\u00edsku vi\u00f0fangsefni me\u00f0 vaxandi \u00edb\u00faafj\u00f6lda.<\/p><p>Aed\u00edlarnir \u00far r\u00f6\u00f0um plebeja, sem tengdust <span class=\"iwg-fachbegriff\" data-tooltip=\"Heilagur sta\u00f0ur tileinka\u00f0ur d\u00fdrkun gu\u00f0d\u00f3ms.\" tabindex=\"0\">helgista\u00f0num<\/span> \u00e1 Avent\u00ednh\u00e6\u00f0, h\u00f6f\u00f0u me\u00f0al annars eftirlit me\u00f0 kornmarka\u00f0inum. \u00deannig st\u00f3\u00f0 Ceres ekki a\u00f0eins fyrir v\u00f6xt kornsins \u00e1 akrinum, heldur einnig fyrir skipulega dreifingu \u00feess \u00ed borginni.<\/p>\t\t\t\t\t\t\t\t<\/div>\n\t\t\t\t\t<\/div>\n\t\t\t\t<\/div>\n\t\t<div class=\"elementor-element elementor-element-iwgw-ceres-s1 e-flex e-con-boxed e-con e-parent\" data-id=\"iwgw-ceres-s1\" data-element_type=\"container\" data-e-type=\"container\">\n\t\t\t\t\t<div class=\"e-con-inner\">\n\t\t\t\t<div class=\"elementor-element elementor-element-iwgw-ceres-s1h elementor-widget elementor-widget-heading\" data-id=\"iwgw-ceres-s1h\" data-element_type=\"widget\" data-e-type=\"widget\" data-widget_type=\"heading.default\">\n\t\t\t\t\t<h2 class=\"elementor-heading-title elementor-size-default\">Nafn og or\u00f0sifjar<\/h2>\t\t\t\t<\/div>\n\t\t\t\t<div class=\"elementor-element elementor-element-iwgw-ceres-s1t elementor-widget elementor-widget-text-editor\" data-id=\"iwgw-ceres-s1t\" data-element_type=\"widget\" data-e-type=\"widget\" data-widget_type=\"text-editor.default\">\n\t\t\t\t\t\t\t\t\t<p>Nafni\u00f0 <em>Ceres<\/em> er tungum\u00e1lalega raki\u00f0 til ind\u00f3evr\u00f3pskrar r\u00f3tar sem v\u00edsar til vaxtar, sk\u00f6punar og n\u00e6ringar. Sama r\u00f3t birtist \u00ed latneskum or\u00f0um eins og <em>crescere<\/em>, vaxa, og <em>creare<\/em>, skapa e\u00f0a framkalla. Nafni\u00f0 einkennir Ceres \u00feannig beint sem m\u00e1ttinn sem l\u00e6tur pl\u00f6ntur, og s\u00e9rstaklega korn, vaxa.<\/p><p>\u00deessi gagns\u00e6ja or\u00f0sifjafr\u00e6\u00f0i er uppl\u00fdsandi fr\u00e1 tr\u00faarbrag\u00f0afr\u00e6\u00f0ilegu sj\u00f3narhorni. H\u00fan s\u00fdnir a\u00f0 Ceres var \u00ed e\u00f0li s\u00ednu hlutverksgy\u00f0ja, en nafn hennar tilgreindi verkefni hennar. Sl\u00edk l\u00fdsandi gu\u00f0an\u00f6fn eru algeng \u00ed fornri r\u00f3mverskri tr\u00fa og benda til \u00feess a\u00f0 margar gy\u00f0jur hafi upphaflega veri\u00f0 n\u00e1tengdar \u00e1kve\u00f0nu valdsvi\u00f0i.<\/p><p>Af nafninu <em>Ceres<\/em> er dregi\u00f0 l\u00fdsingaror\u00f0i\u00f0 sem birtist \u00ed h\u00e1t\u00ed\u00f0arnafninu <em>Cerialia<\/em>, s\u00f6mulei\u00f0is or\u00f0i\u00f0 <em>cerealis<\/em>, sem enn \u00ed dag er grunnur a\u00f0 heitum kornafur\u00f0a.<\/p><p>\u00deessi tungum\u00e1lalega arfleif\u00f0 s\u00fdnir hve fast Ceres var tengd hugtakinu um korn. Jafnvel \u00fe\u00f3tt gy\u00f0jan hafi me\u00f0 t\u00edmanum veri\u00f0 au\u00f0gum gr\u00edskum s\u00f6gum, var kjarni hennar \u00e1fram \u00e1 svi\u00f0i kornsins og akuravaxtarins.<\/p>\t\t\t\t\t\t\t\t<\/div>\n\t\t\t\t\t<\/div>\n\t\t\t\t<\/div>\n\t\t<div class=\"elementor-element elementor-element-iwgw-ceres-s2 e-flex e-con-boxed e-con e-parent\" data-id=\"iwgw-ceres-s2\" data-element_type=\"container\" data-e-type=\"container\">\n\t\t\t\t\t<div class=\"e-con-inner\">\n\t\t\t\t<div class=\"elementor-element elementor-element-iwgw-ceres-s2h elementor-widget elementor-widget-heading\" data-id=\"iwgw-ceres-s2h\" data-element_type=\"widget\" data-e-type=\"widget\" data-widget_type=\"heading.default\">\n\t\t\t\t\t<h2 class=\"elementor-heading-title elementor-size-default\">L\u00fdsing og myndm\u00e1l<\/h2>\t\t\t\t<\/div>\n\t\t\t\t<div class=\"elementor-element elementor-element-iwgw-ceres-s2t elementor-widget elementor-widget-text-editor\" data-id=\"iwgw-ceres-s2t\" data-element_type=\"widget\" data-e-type=\"widget\" data-widget_type=\"text-editor.default\">\n\t\t\t\t\t\t\t\t\t<p>\u00cd myndr\u00e6nni <span class=\"iwg-fachbegriff\" data-tooltip=\"Mi\u00f0lun \u00feekkingar og fr\u00e1sagna milli kynsl\u00f3\u00f0a.\" tabindex=\"0\">arfleif\u00f0<\/span> birtist Ceres sem vir\u00f0uleg, \u00ferosku\u00f0 kona, oft sitjandi e\u00f0a standandi, kl\u00e6dd s\u00ed\u00f0um kyrtli. Mikilv\u00e6gasta einkenni hennar eru korn\u00f6x, sem h\u00fan heldur \u00e1 \u00ed hendi e\u00f0a sem pr\u00fd\u00f0a h\u00f6fu\u00f0 hennar sem k\u00f3r\u00f3na. Auk \u00feess koma fyrir valm\u00faahnappar, gn\u00e6gtarhorn, karfa me\u00f0 \u00e1v\u00f6xtum og stundum kyndill.<\/p><p>Kyndillinn v\u00edsar til go\u00f0sagnahringsins sem tekinn var yfir fr\u00e1 gr\u00edsku gy\u00f0junni Demeter, \u00fear sem gy\u00f0jan leitar me\u00f0 kyndlum a\u00f0 d\u00f3ttur sinni sem r\u00e6nt haf\u00f0i veri\u00f0.<\/p><p>Gn\u00e6gtarhorni\u00f0 og \u00e1vaxtakarfan standa fyrir gn\u00f3tt og uppskeru, valm\u00fainn fyrir akrana \u00fear sem korn og valm\u00fai uxu hli\u00f0 vi\u00f0 hli\u00f0. Stundum er Ceres \u00ed fylgd vagns sem dreginn er af h\u00f6ggormum, einnig <span class=\"iwg-fachbegriff\" data-tooltip=\"Endurteki\u00f0 efnislegt stef \u00ed list e\u00f0a fr\u00e1s\u00f6gn.\" tabindex=\"0\">stef<\/span> teki\u00f0 yfir \u00far gr\u00edskum menningarheimi.<\/p><p>Myndl\u00fdsingin leggur alls sta\u00f0ar \u00e1herslu \u00e1 \u00feroska, gn\u00f3tt og m\u00f3\u00f0urlega tign. Ceres er ekki ungleg heldur fullor\u00f0in, gefandi vera. \u00deessi myndm\u00e1l samsvara\u00f0i hlutverki hennar sem gy\u00f0ju f\u00e6\u00f0ugrundvallar.<\/p><p>\u00c1 myntum l\u00fd\u00f0veldist\u00edmans og keisarat\u00edmans birtist h\u00fan oft, gjarnan \u00ed tengslum vi\u00f0 kornbirg\u00f0ir r\u00edkisins, sem s\u00fdnir hve n\u00e1tengd mynd hennar var hugmyndinni um birg\u00f0ir og velmegun.<\/p>\t\t\t\t\t\t\t\t<\/div>\n\t\t\t\t\t<\/div>\n\t\t\t\t<\/div>\n\t\t<div class=\"elementor-element elementor-element-iwgw-ceres-s3 e-flex e-con-boxed e-con e-parent\" data-id=\"iwgw-ceres-s3\" data-element_type=\"container\" data-e-type=\"container\">\n\t\t\t\t\t<div class=\"e-con-inner\">\n\t\t\t\t<div class=\"elementor-element elementor-element-iwgw-ceres-s3h elementor-widget elementor-widget-heading\" data-id=\"iwgw-ceres-s3h\" data-element_type=\"widget\" data-e-type=\"widget\" data-widget_type=\"heading.default\">\n\t\t\t\t\t<h2 class=\"elementor-heading-title elementor-size-default\">Go\u00f0s\u00f6gulegar fr\u00e1sagnir og munnm\u00e6li<\/h2>\t\t\t\t<\/div>\n\t\t\t\t<div class=\"elementor-element elementor-element-iwgw-ceres-s3t elementor-widget elementor-widget-text-editor\" data-id=\"iwgw-ceres-s3t\" data-element_type=\"widget\" data-e-type=\"widget\" data-widget_type=\"text-editor.default\">\n\t\t\t\t\t\t\t\t\t<p>\u00deekktasti <span class=\"iwg-fachbegriff\" data-tooltip=\"Sagnfr\u00e6\u00f0ileg fr\u00e1s\u00f6gn um gu\u00f0i, uppruna og skipulag heimsins.\" tabindex=\"0\">go\u00f0s\u00f6gn<\/span> Ceres er sagan af r\u00e1ninu \u00e1 d\u00f3ttur hennar Proserpina. H\u00fan er var\u00f0veitt \u00ed r\u00f3mverskum b\u00f3kmenntum fyrst og fremst hj\u00e1 \u00d3vid\u00edusi, sem segir hana b\u00e6\u00f0i \u00ed <em>Metamorphoses<\/em> og \u00ed <em>Fasti<\/em>, auk \u00feess \u00ed hinu s\u00ed\u00f0ari kvi\u00f0unni eftir Claudianus.<\/p><p><span class=\"iwg-fachbegriff\" data-tooltip=\"Sagnfr\u00e6\u00f0ileg fr\u00e1s\u00f6gn um gu\u00f0i, uppruna og skipulag heimsins.\" tabindex=\"0\">Go\u00f0s\u00f6gnin<\/span> er a\u00f0 miklu leyti s\u00f3tt \u00far gr\u00edskri s\u00f6gu um Demeter og Persef\u00f3nu, en h\u00fan var felld inn \u00ed r\u00f3mverskt m\u00e1l og r\u00f3mverskt samhengi.<\/p><p>Samkv\u00e6mt s\u00f6gunni er Proserpinu r\u00e6nt af gu\u00f0i undirheimanna. Ceres leitar \u00f6rv\u00e6ntingarfull a\u00f0 henni me\u00f0 blysum og vanr\u00e6kir \u00fear me\u00f0 skyldur s\u00ednar, \u00feannig a\u00f0 j\u00f6r\u00f0in ver\u00f0ur \u00f3frj\u00f3 og hungursney\u00f0 vofir yfir.<\/p><p>A\u00f0 lokum er gert samkomulag um a\u00f0 Proserpina dvelji hluta \u00e1rsins \u00ed undirheimum og hluta hj\u00e1 m\u00f3\u00f0ur sinni. \u00deannig er skipting \u00e1rst\u00ed\u00f0anna, s\u00e9rstaklega skiptin milli vaxtar og hv\u00edldar gr\u00f3\u00f0urs, \u00fatsk\u00fdr\u00f0 me\u00f0 go\u00f0s\u00f6gulegum h\u00e6tti.<\/p><p>Auk \u00feess var\u00f0veitir r\u00f3mversk hef\u00f0 s\u00f6gur sem tengja Ceres beint vi\u00f0 R\u00f3marborg sj\u00e1lfa. <span class=\"iwg-fachbegriff\" data-tooltip=\"Bygging sem er tileinku\u00f0 d\u00fdrkun einnar e\u00f0a fleiri gu\u00f0vera.\" tabindex=\"0\">Musteri<\/span> hennar \u00e1 Avent\u00ednh\u00e6\u00f0 er sagt hafa veri\u00f0 stofna\u00f0 \u00e1 fyrstu \u00e1rum l\u00fd\u00f0veldisins, og me\u00f0 \u00fev\u00ed var minningin um f\u00e9lagslegt hlutverk \u00e1tr\u00fana\u00f0arins tengd.<\/p><p>Go\u00f0s\u00f6gulega <span class=\"iwg-fachbegriff\" data-tooltip=\"Mi\u00f0lun \u00feekkingar og fr\u00e1sagna milli kynsl\u00f3\u00f0a.\" tabindex=\"0\">arfleif\u00f0<\/span> Ceres er \u00feannig tv\u00ed\u00fe\u00e6tt, m\u00f3tu\u00f0 annars vegar af hinum st\u00f3ra, gr\u00edsk-\u00e1hrifa\u00f0a sagnaflokki um m\u00f3\u00f0ur og d\u00f3ttur og hins vegar af s\u00e9rr\u00f3mverskri tengingu gy\u00f0junnar vi\u00f0 s\u00f6gu alm\u00fagans (plebs) og kornbirg\u00f0ir.<\/p><p>R\u00f3mversk hef\u00f0 var\u00f0veitti auk \u00feess eigin s\u00f6gu um upphaf Ceres-d\u00fdrkunarins \u00ed tengslum vi\u00f0 mikla hungursney\u00f0 \u00e1 fyrstu \u00e1rum l\u00fd\u00f0veldisins.<\/p><p>Samkv\u00e6mt sp\u00e1d\u00f3mi \u00far Sibyllub\u00f3kunum var <span class=\"iwg-fachbegriff\" data-tooltip=\"Bygging sem er tileinku\u00f0 d\u00fdrkun einnar e\u00f0a fleiri gu\u00f0vera.\" tabindex=\"0\">musteri\u00f0<\/span> \u00e1 Avent\u00ednh\u00e6\u00f0 stofna\u00f0 til a\u00f0 fri\u00f0\u00fe\u00e6gja gy\u00f0juna og tryggja f\u00e6\u00f0u\u00f6flun. \u00deessi <span class=\"iwg-fachbegriff\" data-tooltip=\"Mi\u00f0lun \u00feekkingar og fr\u00e1sagna milli kynsl\u00f3\u00f0a.\" tabindex=\"0\">arfleif\u00f0<\/span> tengdi Ceres beint vi\u00f0 umhyggjuna fyrir daglegu brau\u00f0i og vi\u00f0 lausn kreppu\u00e1stands.<\/p>\t\t\t\t\t\t\t\t<\/div>\n\t\t\t\t\t<\/div>\n\t\t\t\t<\/div>\n\t\t<div class=\"elementor-element elementor-element-iwgw-ceres-s4 e-flex e-con-boxed e-con e-parent\" data-id=\"iwgw-ceres-s4\" data-element_type=\"container\" data-e-type=\"container\">\n\t\t\t\t\t<div class=\"e-con-inner\">\n\t\t\t\t<div class=\"elementor-element elementor-element-iwgw-ceres-s4h elementor-widget elementor-widget-heading\" data-id=\"iwgw-ceres-s4h\" data-element_type=\"widget\" data-e-type=\"widget\" data-widget_type=\"heading.default\">\n\t\t\t\t\t<h2 class=\"elementor-heading-title elementor-size-default\">D\u00fdrkun og tilbei\u00f0sla<\/h2>\t\t\t\t<\/div>\n\t\t\t\t<div class=\"elementor-element elementor-element-iwgw-ceres-s4t elementor-widget elementor-widget-text-editor\" data-id=\"iwgw-ceres-s4t\" data-element_type=\"widget\" data-e-type=\"widget\" data-widget_type=\"text-editor.default\">\n\t\t\t\t\t\t\t\t\t<p><span class=\"iwg-fachbegriff\" data-tooltip=\"Heild tr\u00faarlegra tilbei\u00f0sluathafna sem tileinka\u00f0ar eru gu\u00f0i e\u00f0a heilagri v\u00e6ttu.\" tabindex=\"0\">D\u00fdrkun<\/span> Ceresar haf\u00f0i \u00ed R\u00f3m nokkur l\u00f6g. Forn, sveitabundin tilbei\u00f0sla \u00e1tti hana sem verndara s\u00e1\u00f0s og uppskeru.<\/p><p>Vi\u00f0 jar\u00f0yrkju, s\u00e1ningu og uppskeru kornsins voru <span class=\"iwg-fachbegriff\" data-tooltip=\"Gj\u00f6f til gu\u00f0s til a\u00f0 tj\u00e1 \u00feakkl\u00e6ti, b\u00f3n e\u00f0a tilbei\u00f0slu.\" tabindex=\"0\">f\u00f3rnir<\/span> til Ceresar sj\u00e1lfsag\u00f0ur hluti athafna. H\u00fan kom einnig vi\u00f0 s\u00f6gu \u00ed tengslum vi\u00f0 heimili og fj\u00f6lskyldu, me\u00f0al annars \u00ed tilteknum si\u00f0um sem snerust um dau\u00f0a og hreinleika.<\/p><p>Mikilv\u00e6gasta <span class=\"iwg-fachbegriff\" data-tooltip=\"Heilagur sta\u00f0ur tileinka\u00f0ur tilbei\u00f0slu gu\u00f0s.\" tabindex=\"0\">helgista\u00f0urinn<\/span> \u00ed borginni var <span class=\"iwg-fachbegriff\" data-tooltip=\"Byggingu tileinku\u00f0 tilbei\u00f0slu einnar e\u00f0a fleiri gu\u00f0a.\" tabindex=\"0\">hofi\u00f0<\/span> Ceresar, Liber og Liberu \u00e1 Avent\u00edn-h\u00e6\u00f0. \u00deessi \u00ferenning var l\u00e1tin l\u00edkjast gr\u00edsku \u00ferenningunni Demeter, D\u00ed\u00f3n\u00fdsos og Persef\u00f3nu. Avent\u00edn-<span class=\"iwg-fachbegriff\" data-tooltip=\"Byggingu tileinku\u00f0 tilbei\u00f0slu einnar e\u00f0a fleiri gu\u00f0a.\" tabindex=\"0\">hofi\u00f0<\/span> var n\u00e1i\u00f0 tengt al\u00fe\u00fd\u00f0unni (plebs).<\/p><p>H\u00e9r voru sam\u00feykktir al\u00fe\u00fd\u00f0unnar var\u00f0veittar og al\u00fe\u00fd\u00f0uemb\u00e6ttismennirnir, \u00e6d\u00edlarnir, h\u00f6f\u00f0u s\u00e9rstakt samband vi\u00f0 \u00feessa <span class=\"iwg-fachbegriff\" data-tooltip=\"Heild tr\u00faarlegra tilbei\u00f0sluathafna sem tileinka\u00f0ar eru gu\u00f0i e\u00f0a heilagri v\u00e6ttu.\" tabindex=\"0\">d\u00fdrkun<\/span>. Ceresard\u00fdrkunin var \u00feannig tr\u00faarlegur vi\u00f0mi\u00f0unarpunktur borgaranna sem ekki t\u00f6ldust til yfirst\u00e9ttarins.<\/p><p>A\u00f0alh\u00e1t\u00ed\u00f0in voru <em>Cerialia<\/em> \u00ed apr\u00edl, sem tengdust leikjum \u00ed sirkusnum. Var\u00f0veittur er s\u00e9rkennilegur <span class=\"iwg-fachbegriff\" data-tooltip=\"Ath\u00f6fn sem hefur var\u00f0veist og er endurtekin reglulega \u00ed samf\u00e9lagi.\" tabindex=\"0\">si\u00f0ur<\/span>, \u00fear sem refir voru reknir um sirkusinn me\u00f0 brennandi blysum, en n\u00e1kv\u00e6m merking hans var \u00feegar \u00e1 <span class=\"iwg-fachbegriff\" data-tooltip=\"T\u00edmabil gr\u00edskrar og r\u00f3mverskrar menningar, um 800 f.Kr. til 600 e.Kr.\" tabindex=\"0\">forn\u00f6ld<\/span> ekki lengur lj\u00f3s.<\/p><p>Auk \u00feess var haldin gr\u00edskt m\u00f3tu\u00f0 kvennah\u00e1t\u00ed\u00f0 til hei\u00f0urs Ceres, sem konur h\u00e9ldu me\u00f0 margra daga bindindi. Ceresard\u00fdrkunin sameina\u00f0i \u00feannig sveitabundna akuryrkjutr\u00fa, borgarp\u00f3lit\u00edk og tekin gr\u00edsk h\u00e1t\u00ed\u00f0arform.<\/p><p><span class=\"iwg-fachbegriff\" data-tooltip=\"Byggingu tileinku\u00f0 tilbei\u00f0slu einnar e\u00f0a fleiri gu\u00f0a.\" tabindex=\"0\">Hofi\u00f0<\/span> Ceresar, Liber og Liberu \u00e1 Avent\u00edn-h\u00e6\u00f0 var, samkv\u00e6mt <span class=\"iwg-fachbegriff\" data-tooltip=\"Yfirf\u00e6rsla \u00feekkingar og sagna milli kynsl\u00f3\u00f0a.\" tabindex=\"0\">arfs\u00f6gninni<\/span>, <span class=\"iwg-fachbegriff\" data-tooltip=\"Afhent hinu heilaga me\u00f0 tr\u00faarlegri ath\u00f6fn og \u00fear me\u00f0 teki\u00f0 \u00far hinu hversdagslega.\" tabindex=\"0\">helga\u00f0<\/span> \u00e1ri\u00f0 493 fyrir okkar t\u00edmatal og telst eitt af elstu <span class=\"iwg-fachbegriff\" data-tooltip=\"Byggingu tileinku\u00f0 tilbei\u00f0slu einnar e\u00f0a fleiri gu\u00f0a.\" tabindex=\"0\">hofunum<\/span> me\u00f0 sterkum gr\u00edskum einkennum \u00ed R\u00f3m.<\/p><p>\u00dea\u00f0 var r\u00edkulega b\u00fai\u00f0 verkum gr\u00edskra listamanna og sta\u00f0setning \u00feess utan gamla borgarkjarnans, \u00e1 sv\u00e6\u00f0i al\u00fe\u00fd\u00f0unnar, styrkti f\u00e9lagslega st\u00f6\u00f0u \u00feess.<\/p><p>H\u00e9r voru sam\u00feykktir al\u00fe\u00fd\u00f0unnar afhentar til var\u00f0veislu og <span class=\"iwg-fachbegriff\" data-tooltip=\"Heilagur sta\u00f0ur tileinka\u00f0ur tilbei\u00f0slu gu\u00f0s.\" tabindex=\"0\">helgista\u00f0urinn<\/span> \u00fej\u00f3na\u00f0i sem skjalasafn \u00e6d\u00edlanna.<\/p><p>Cerialia st\u00f3\u00f0u yfir nokkra daga \u00ed apr\u00edl og lykta\u00f0i me\u00f0 leikjum \u00ed sirkusnum. \u00d3vid l\u00fdsir \u00ed Fasti \u00feeim s\u00e9rkennilega <span class=\"iwg-fachbegriff\" data-tooltip=\"Ath\u00f6fn sem hefur var\u00f0veist og er endurtekin reglulega \u00ed samf\u00e9lagi.\" tabindex=\"0\">si\u00f0<\/span> a\u00f0 binda brennandi blys vi\u00f0 skotta refa og reka d\u00fdrin um kappakstursbrautina, og j\u00e1tar samt\u00edmis a\u00f0 \u00feegar \u00e1 hans t\u00ed\u00f0 vissi engin me\u00f0 vissu upprunalega merkingu hans.<\/p><p>Auk Cerialia var haldin kvennah\u00e1t\u00ed\u00f0, sprottin af gr\u00edsku Demeter-h\u00e1t\u00ed\u00f0inni, sem giftar konur h\u00e9ldu um h\u00e1sumar me\u00f0 margra daga bindindi og karlar t\u00f3ku engan \u00fe\u00e1tt \u00ed.<\/p>\t\t\t\t\t\t\t\t<\/div>\n\t\t\t\t\t<\/div>\n\t\t\t\t<\/div>\n\t\t<div class=\"elementor-element elementor-element-iwgw-ceres-s5 e-flex e-con-boxed e-con e-parent\" data-id=\"iwgw-ceres-s5\" data-element_type=\"container\" data-e-type=\"container\">\n\t\t\t\t\t<div class=\"e-con-inner\">\n\t\t\t\t<div class=\"elementor-element elementor-element-iwgw-ceres-s5h elementor-widget elementor-widget-heading\" data-id=\"iwgw-ceres-s5h\" data-element_type=\"widget\" data-e-type=\"widget\" data-widget_type=\"heading.default\">\n\t\t\t\t\t<h2 class=\"elementor-heading-title elementor-size-default\">Verndara\u00f0ger\u00f0ir og fr\u00e1hrindandi t\u00e1kn<\/h2>\t\t\t\t<\/div>\n\t\t\t\t<div class=\"elementor-element elementor-element-iwgw-ceres-s5t elementor-widget elementor-widget-text-editor\" data-id=\"iwgw-ceres-s5t\" data-element_type=\"widget\" data-e-type=\"widget\" data-widget_type=\"text-editor.default\">\n\t\t\t\t\t\t\t\t\t<p>Ceres var fyrst og fremst frj\u00f3semis- og n\u00e6randi <span class=\"iwg-fachbegriff\" data-tooltip=\"Vera sem er tilbe\u00f0in sem gu\u00f0leg innan tr\u00faarbrag\u00f0a.\" tabindex=\"0\">gy\u00f0ja<\/span>, ekki verndar- e\u00f0a fr\u00e1hrindandi vera. S\u00fa i\u00f0kun sem henni var beint a\u00f0 mi\u00f0a\u00f0i fyrst og fremst a\u00f0 \u00fev\u00ed a\u00f0 tryggja v\u00f6xt og vi\u00f0gang uppskerunnar og \u00fear me\u00f0 f\u00e6\u00f0u\u00f6flun samf\u00e9lagsins. <span class=\"iwg-fachbegriff\" data-tooltip=\"Gj\u00f6f til gu\u00f0s e\u00f0a gy\u00f0ju til a\u00f0 tj\u00e1 \u00feakkl\u00e6ti, b\u00e6n e\u00f0a tilbei\u00f0slu.\" tabindex=\"0\">F\u00f3rnir<\/span> og b\u00e6nir til Ceres fylgdu gangi landb\u00fana\u00f0ar\u00e1rsins.<\/p><p>\u00der\u00e1tt fyrir \u00feetta voru til svi\u00f0 \u00fear sem <span class=\"iwg-fachbegriff\" data-tooltip=\"Heildarsafn tr\u00faarlegra tilbei\u00f0sluathafna fyrir gu\u00f0 e\u00f0a heilaga veru.\" tabindex=\"0\">d\u00fdrkun<\/span> hennar haf\u00f0i skipulegt og verndandi hlutverk. \u00deannig var Ceres tengd hugmyndum um r\u00e9tt og f\u00e9lagslega skipan.<\/p><p>S\u00e1 sem framdi \u00e1kve\u00f0in alvarleg brot, til d\u00e6mis gegn skipan alm\u00fagans (plebs), gat or\u00f0i\u00f0 gy\u00f0junni h\u00e1\u00f0ur, \u00fea\u00f0 er a\u00f0 segja pers\u00f3na hans og eignir teldust <span class=\"iwg-fachbegriff\" data-tooltip=\"Afhent hinu heilaga me\u00f0 tr\u00faarlegri ath\u00f6fn og \u00fear me\u00f0 teki\u00f0 \u00far hinu hversdagslega.\" tabindex=\"0\">helga\u00f0ar<\/span> henni. \u00deessi tenging s\u00fdnir a\u00f0 Ceres-d\u00fdrkunin \u00fej\u00f3na\u00f0i einnig \u00fev\u00ed a\u00f0 styrkja f\u00e9lagslega skipan.<\/p><p>\u00c1 heimilinu og innan fj\u00f6lskyldunnar birtist Ceres \u00ed ath\u00f6fnum tengdum dau\u00f0a og hreinsun. \u00deegar dau\u00f0sfall var\u00f0 \u00ed fj\u00f6lskyldu voru til \u00e1kve\u00f0nar reglur um a\u00f0 <span class=\"iwg-fachbegriff\" data-tooltip=\"Gj\u00f6f til gu\u00f0s e\u00f0a gy\u00f0ju til a\u00f0 tj\u00e1 \u00feakkl\u00e6ti, b\u00e6n e\u00f0a tilbei\u00f0slu.\" tabindex=\"0\">f\u00f3rn<\/span> til Ceres leiddi fj\u00f6lskylduna aftur \u00ed skipulegt tr\u00faarlegt \u00e1stand.<\/p><p>H\u00e9r er hlutverki\u00f0 einnig fremur endurreisn skipulags en fr\u00e1hrinding. \u00cd heild var verndin sem Ceres veitti verndun l\u00edfsgrundvallar og f\u00e9lagslegrar og tr\u00faarlegrar skipunar, ekki fr\u00e1hrinding einstakra illra m\u00e1ttarvalda. \u00dear me\u00f0 er h\u00fan greinilega fr\u00e1brug\u00f0in eiginlegum verndar- e\u00f0a fr\u00e1hrindandi gu\u00f0um.<\/p><p>Ceres haf\u00f0i einnig skipulegt hlutverk \u00ed hj\u00faskaparl\u00f6gum og \u00e1 svi\u00f0i hreinleika. Vi\u00f0 \u00e1kve\u00f0in brot \u00e1 hj\u00faskaparskipan var kve\u00f0i\u00f0 \u00e1 um <span class=\"iwg-fachbegriff\" data-tooltip=\"Gj\u00f6f til gu\u00f0s e\u00f0a gy\u00f0ju til a\u00f0 tj\u00e1 \u00feakkl\u00e6ti, b\u00e6n e\u00f0a tilbei\u00f0slu.\" tabindex=\"0\">f\u00f3rnir<\/span> til Ceres, og <span class=\"iwg-fachbegriff\" data-tooltip=\"Heildarsafn tr\u00faarlegra tilbei\u00f0sluathafna fyrir gu\u00f0 e\u00f0a heilaga veru.\" tabindex=\"0\">d\u00fdrkun<\/span> hennar var tengd hugmyndum um hj\u00faskapartrygg\u00f0 og si\u00f0fer\u00f0islega skipan. \u00deannig n\u00e1\u00f0i verksvi\u00f0 hennar fr\u00e1 s\u00e1ningu \u00e1 akrinum til skipunar fj\u00f6lskyldunnar.<\/p>\t\t\t\t\t\t\t\t<\/div>\n\t\t\t\t\t<\/div>\n\t\t\t\t<\/div>\n\t\t<div class=\"elementor-element elementor-element-iwgw-ceres-s6 e-flex e-con-boxed e-con e-parent\" data-id=\"iwgw-ceres-s6\" data-element_type=\"container\" data-e-type=\"container\">\n\t\t\t\t\t<div class=\"e-con-inner\">\n\t\t\t\t<div class=\"elementor-element elementor-element-iwgw-ceres-s6h elementor-widget elementor-widget-heading\" data-id=\"iwgw-ceres-s6h\" data-element_type=\"widget\" data-e-type=\"widget\" data-widget_type=\"heading.default\">\n\t\t\t\t\t<h2 class=\"elementor-heading-title elementor-size-default\">Hli\u00f0st\u00e6\u00f0ur \u00ed \u00f6\u00f0rum menningarheimum<\/h2>\t\t\t\t<\/div>\n\t\t\t\t<div class=\"elementor-element elementor-element-iwgw-ceres-s6t elementor-widget elementor-widget-text-editor\" data-id=\"iwgw-ceres-s6t\" data-element_type=\"widget\" data-e-type=\"widget\" data-widget_type=\"text-editor.default\">\n\t\t\t\t\t\t\t\t\t<p>Auglj\u00f3sasta hli\u00f0st\u00e6\u00f0an vi\u00f0 Ceres er gr\u00edska gy\u00f0jan Demeter (Demeter). \u00deegar \u00e1 fyrri t\u00edmum var Ceres sams\u00f6mu\u00f0 henni, og allur go\u00f0sagnaheimurinn um m\u00f3\u00f0urina og hina bort\u00e6ku d\u00f3ttur var tekinn upp \u00far gr\u00edska menningarsv\u00e6\u00f0inu.<\/p><p>Einnig <span class=\"iwg-fachbegriff\" data-tooltip=\"Bygging sem er notu\u00f0 til tilbei\u00f0slu einnar e\u00f0a fleiri gu\u00f0a.\" tabindex=\"0\">hofi\u00f0<\/span> \u00e1 Avent\u00ednush\u00e6\u00f0 me\u00f0 \u00ferenningu sinni s\u00f3tti fyrirmyndir s\u00ednar til Grikkja. \u00der\u00e1tt fyrir \u00feetta h\u00e9lt Ceres sj\u00e1lfst\u00e6\u00f0ri st\u00f6\u00f0u sinni sem r\u00f3mversk <span class=\"iwg-fachbegriff\" data-tooltip=\"Vera sem er tilbe\u00f0in sem gu\u00f0leg innan tr\u00faarbrag\u00f0a.\" tabindex=\"0\">gy\u00f0ja<\/span>, en nafn hennar, elsta <span class=\"iwg-fachbegriff\" data-tooltip=\"Heildarsafn tr\u00faarlegra tilbei\u00f0sluathafna fyrir gu\u00f0 e\u00f0a heilaga veru.\" tabindex=\"0\">d\u00fdrkun<\/span> hennar og tengsl hennar vi\u00f0 alm\u00fagann (plebs) eru s\u00e9rstaklega r\u00f3mversk.<\/p><p>Utan gr\u00edska menningarsv\u00e6\u00f0isins telst Ceres til hins \u00fatbreidda flokks korn- og jar\u00f0argy\u00f0ja sem finnast \u00ed m\u00f6rgum akuryrkjumenningum.<\/p><p>Sl\u00edkar gy\u00f0jur t\u00e1kna frj\u00f3semi r\u00e6kta\u00f0rar jar\u00f0ar og eru oft tengdar go\u00f0s\u00f6gnum um skipti \u00e1rst\u00ed\u00f0anna og um dau\u00f0a og endurkomu gr\u00f3\u00f0ursins. <span class=\"iwg-fachbegriff\" data-tooltip=\"Hef\u00f0bundin fr\u00e1s\u00f6gn um gu\u00f0i, uppruna og skipan heimsins.\" tabindex=\"0\">Go\u00f0s\u00f6gnin<\/span> um t\u00edmabundna hvarf d\u00f3tturinnar til undirheima er \u00feekkt d\u00e6mi um \u00feetta \u00fatbreidda fr\u00e1sagnarmynstur.<\/p><p>Fr\u00e6\u00f0ilega s\u00e9\u00f0 er Ceres gott d\u00e6mi um hvernig tr\u00faarbr\u00f6g\u00f0 tengja saman fornt innlent hlutverksgu\u00f0 vi\u00f0 erlendar go\u00f0sagnir og h\u00e1t\u00ed\u00f0aform \u00e1n \u00feess a\u00f0 gefa upp upphaflegan kjarna sinn. R\u00f3mverska Ceres er hvorki hrein Demeter (Demeter) n\u00e9 hrein forn-\u00edt\u00f6lsk s\u00e1\u00f0gy\u00f0ja, heldur er h\u00fan gestalt \u00fear sem b\u00e1\u00f0ar \u00feessar arfleif\u00f0ir vinna saman.<\/p>\t\t\t\t\t\t\t\t<\/div>\n\t\t\t\t\t<\/div>\n\t\t\t\t<\/div>\n\t\t<div class=\"elementor-element elementor-element-iwgw-ceres-s7 e-flex e-con-boxed e-con e-parent\" data-id=\"iwgw-ceres-s7\" data-element_type=\"container\" data-e-type=\"container\">\n\t\t\t\t\t<div class=\"e-con-inner\">\n\t\t\t\t<div class=\"elementor-element elementor-element-iwgw-ceres-s7h elementor-widget elementor-widget-heading\" data-id=\"iwgw-ceres-s7h\" data-element_type=\"widget\" data-e-type=\"widget\" data-widget_type=\"heading.default\">\n\t\t\t\t\t<h2 class=\"elementor-heading-title elementor-size-default\">N\u00fat\u00edmavi\u00f0t\u00f6kur og ranns\u00f3knir<\/h2>\t\t\t\t<\/div>\n\t\t\t\t<div class=\"elementor-element elementor-element-iwgw-ceres-s7t elementor-widget elementor-widget-text-editor\" data-id=\"iwgw-ceres-s7t\" data-element_type=\"widget\" data-e-type=\"widget\" data-widget_type=\"text-editor.default\">\n\t\t\t\t\t\t\t\t\t<p>\u00cd ranns\u00f3knum \u00e1 r\u00f3mverskri tr\u00fa er Ceres miki\u00f0 til umr\u00e6\u00f0u, \u00fev\u00ed \u00ed henni koma saman nokkur st\u00f3r vi\u00f0fangsefni, sambandi\u00f0 milli innlendrar og gr\u00edskrar tr\u00faar, tengsl <span class=\"iwg-fachbegriff\" data-tooltip=\"Heildarsafn tr\u00faarlegra tilbei\u00f0sluathafna fyrir go\u00f0 e\u00f0a heilaga v\u00e6ttar.\" tabindex=\"0\">helgisi\u00f0a<\/span> og stj\u00f3rnm\u00e1la, og hlutverk akurr\u00e6ktard\u00fdrkunar.<\/p><p>Georg Wissowa og Kurt Latte felldu Ceres inn \u00ed fornr\u00f3mverska go\u00f0aheiminn, Georges Dum\u00e9zil og a\u00f0rir hafa fjalla\u00f0 um st\u00f6\u00f0u hennar innan kerfis hlutverkanna, og n\u00fdrri ranns\u00f3knir leggja s\u00e9rstaka \u00e1herslu \u00e1 f\u00e9lagslega v\u00eddd Avent\u00edn-d\u00fdrkunarins.<\/p><p>S\u00e9rstaklega hefur veri\u00f0 kanna\u00f0 n\u00e1i\u00f0 sambandi\u00f0 milli Ceres og al\u00fe\u00fd\u00f0unnar (plebs). Avent\u00edn-<span class=\"iwg-fachbegriff\" data-tooltip=\"Bygging sem er tileinku\u00f0 tilbei\u00f0slu \u00e1 einu e\u00f0a fleiri go\u00f0um.\" tabindex=\"0\">hofi\u00f0<\/span> sem sta\u00f0ur \u00e1kvar\u00f0ana al\u00fe\u00fd\u00f0unnar og hlutverk sko\u00f0unarmannanna (\u00e6d\u00edla) gera Ceresd\u00fdrkunina a\u00f0 lykli a\u00f0 skilningi \u00e1 f\u00e9lagslegri s\u00f6gu R\u00f3mar \u00e1 fyrri t\u00edmum. Cerialia-h\u00e1t\u00ed\u00f0in og hi\u00f0 gr\u00edska m\u00f3ta\u00f0a kvennah\u00e1t\u00ed\u00f0 eru einnig efni tr\u00faars\u00f6gulegra ranns\u00f3kna.<\/p><p>\u00cd almennri menningu n\u00fat\u00edmans birtist Ceres fyrst og fremst \u00ed tungum\u00e1linu. Or\u00f0 fyrir kornafur\u00f0ir eru dregin af nafni hennar, og gy\u00f0jan kemur reglulega fram \u00ed myndlist, b\u00f3kmenntum og t\u00e1knmyndum sem \u00edmynd uppskeru og gr\u00f3anda.<\/p><p>Fyrir <span class=\"iwg-fachbegriff\" data-tooltip=\"V\u00edsindin sem rannsaka tr\u00faarbr\u00f6g\u00f0 samanbur\u00f0arlega og \u00e1n tr\u00faarlegrar bindingar.\" tabindex=\"0\">tr\u00faarbrag\u00f0afr\u00e6\u00f0i<\/span> er Ceres \u00e1fram mikilv\u00e6gt d\u00e6mi um lagskiptingu r\u00f3mverskrar tr\u00faar og um n\u00e1in tengsl <span class=\"iwg-fachbegriff\" data-tooltip=\"Heildarsafn tr\u00faarlegra tilbei\u00f0sluathafna fyrir go\u00f0 e\u00f0a heilaga v\u00e6ttar.\" tabindex=\"0\">helgisi\u00f0a<\/span>, efnahags og samf\u00e9lags.<\/p><p>\u00cd ranns\u00f3knum er einnig l\u00f6g\u00f0 \u00e1herslu \u00e1 tengsl Ceres vi\u00f0 lausn kreppna. \u00dea\u00f0 a\u00f0 leita \u00ed Sibyllub\u00e6kurnar og stofnun Avent\u00edn-hofsins eru talin fyrsta d\u00e6mi um hvernig R\u00f3m br\u00e1st vi\u00f0 efnahagslegri ney\u00f0 me\u00f0 \u00fev\u00ed a\u00f0 taka upp n\u00fdja d\u00fdrkun.<\/p><p>Lagskiptingin \u00e1 milli forn\u00edtalskrar s\u00e1ningard\u00fdrkunar, gr\u00edskrar yfirm\u00f3tunar og stj\u00f3rnm\u00e1lalegs hlutverks gerir Ceres a\u00f0 fyrirmyndard\u00e6mi \u00ed tr\u00faars\u00f6gu.<\/p><p>\u00deannig er h\u00fan enn \u00ed dag miki\u00f0 rannsaka\u00f0 d\u00e6mi \u00ed fr\u00e6\u00f0unum.<\/p>\t\t\t\t\t\t\t\t<\/div>\n\t\t\t\t\t<\/div>\n\t\t\t\t<\/div>\n\t\t<div class=\"elementor-element elementor-element-iwgw-ceres-lit e-flex e-con-boxed e-con e-parent\" data-id=\"iwgw-ceres-lit\" data-element_type=\"container\" data-e-type=\"container\">\n\t\t\t\t\t<div class=\"e-con-inner\">\n\t\t\t\t<div class=\"elementor-element elementor-element-iwgw-ceres-lith elementor-widget elementor-widget-heading\" data-id=\"iwgw-ceres-lith\" data-element_type=\"widget\" data-e-type=\"widget\" data-widget_type=\"heading.default\">\n\t\t\t\t\t<h2 class=\"elementor-heading-title elementor-size-default\">Heimildir (\u00farval)<\/h2>\t\t\t\t<\/div>\n\t\t\t\t<div class=\"elementor-element elementor-element-iwgw-ceres-litt elementor-widget elementor-widget-text-editor\" data-id=\"iwgw-ceres-litt\" data-element_type=\"widget\" data-e-type=\"widget\" data-widget_type=\"text-editor.default\">\n\t\t\t\t\t\t\t\t\t<div data-nosnippet=\"true\"><ul><li>Georg Wissowa: <em>Religion und Kultus der R\u00f6mer<\/em> (1912)<\/li><li>Kurt Latte: <em>R\u00f6mische Religionsgeschichte<\/em> (1960)<\/li><li>Georges Dum\u00e9zil: <em>La religion romaine archa\u00efque<\/em> (1966)<\/li><li><span data-nosnippet>Mary Beard, John North, Simon Price: <em>Religions of Rome<\/em> (1998)<\/span><\/li><li>J\u00f6rg R\u00fcpke: <em>Die Religion der R\u00f6mer<\/em> (2001)<\/li><\/ul><\/div>\t\t\t\t\t\t\t\t<\/div>\n\t\t\t\t\t<\/div>\n\t\t\t\t<\/div>\n\t\t<div class=\"elementor-element elementor-element-iwgw-ceres-kwd e-flex e-con-boxed e-con e-parent\" data-id=\"iwgw-ceres-kwd\" data-element_type=\"container\" data-e-type=\"container\">\n\t\t\t\t\t<div class=\"e-con-inner\">\n\t\t\t\t<div class=\"elementor-element elementor-element-iwgw-ceres-kwdt elementor-widget elementor-widget-text-editor\" data-id=\"iwgw-ceres-kwdt\" data-element_type=\"widget\" data-e-type=\"widget\" data-widget_type=\"text-editor.default\">\n\t\t\t\t\t\t\t\t\t<p><em>Tengd lykilor\u00f0: Ceres Cerialia Liber Libera Aventin Plebs Korn Demeter Akuryrkja.<\/em><\/p>\t\t\t\t\t\t\t\t<\/div>\n\t\t\t\t\t<\/div>\n\t\t\t\t<\/div>\n\t\t<div class=\"elementor-element elementor-element-iwgw-ceres-cc e-flex e-con-boxed e-con e-parent\" data-id=\"iwgw-ceres-cc\" data-element_type=\"container\" data-e-type=\"container\" id=\"iwg-cc-ceres\">\n\t\t\t\t\t<div class=\"e-con-inner\">\n\t\t<div class=\"elementor-element elementor-element-iwgw-ceres-ccinner e-flex e-con-boxed e-con e-parent\" data-id=\"iwgw-ceres-ccinner\" data-element_type=\"container\" data-e-type=\"container\" data-settings=\"{&quot;background_background&quot;:&quot;classic&quot;}\">\n\t\t\t\t\t<div class=\"e-con-inner\">\n\t\t\t\t<div class=\"elementor-element elementor-element-iwgw-ceres-cch elementor-widget elementor-widget-heading\" data-id=\"iwgw-ceres-cch\" data-element_type=\"widget\" data-e-type=\"widget\" data-widget_type=\"heading.default\">\n\t\t\t\t\t<h2 class=\"elementor-heading-title elementor-size-default\">iWell Guard og verndarhef\u00f0ir<\/h2>\t\t\t\t<\/div>\n\t\t\t\t<div class=\"elementor-element elementor-element-iwgw-ceres-cct elementor-widget elementor-widget-text-editor\" data-id=\"iwgw-ceres-cct\" data-element_type=\"widget\" data-e-type=\"widget\" data-widget_type=\"text-editor.default\">\n\t\t\t\t\t\t\t\t\t<div data-nosnippet=\"true\"><p>iWell Guard tengist menningars\u00f6gulegri hef\u00f0 verndargripa sem bornir eru \u00e1 l\u00edkamanum, \u00ed hef\u00f0 <a href=\"https:\/\/iwell-guard.com\/is\/rom\/\">R\u00f3mar<\/a> og margra annarra menningarheima um allan heim. 41 lag, alv\u00f6ru gull, plat\u00edna, silfur, framleitt \u00ed \u00de\u00fdskalandi. 30 daga skilar\u00e9ttur.<\/p><\/div>\t\t\t\t\t\t\t\t<\/div>\n\t\t\t\t<div class=\"elementor-element elementor-element-iwgw-ceres-ccb iwg-cc-button iwg-cc-cta-2026-05-13 elementor-widget elementor-widget-jet-button\" data-id=\"iwgw-ceres-ccb\" data-element_type=\"widget\" data-e-type=\"widget\" data-widget_type=\"jet-button.default\">\n\t\t\t\t<div class=\"elementor-widget-container\">\n\t\t\t\t\t<div class=\"elementor-jet-button jet-elements\"><div class=\"jet-button__container\"><a class=\"jet-button__instance jet-button__instance--icon-left hover-effect-1\" href=\"\/ueber-iwell-guard\/?utm_source=iwell-guard.com&amp;utm_medium=info-box&amp;utm_campaign=wesen-tradition\"><div class=\"jet-button__plane jet-button__plane-normal\"><\/div><div class=\"jet-button__plane jet-button__plane-hover\"><\/div><div class=\"jet-button__state jet-button__state-normal\"><span class=\"jet-button__label\">Meira um iWell Guard<\/span><\/div><div class=\"jet-button__state jet-button__state-hover\"><span class=\"jet-button__label\">Meira um iWell Guard<\/span><\/div><\/a><\/div><\/div><style>.elementor-element.elementor-element-iwgw-ceres-ccb .jet-button__instance{width:320px;height:56px;}.elementor-element.elementor-element-iwgw-ceres-ccb .jet-button__state-normal .jet-button__label{text-align:center;margin:0px 0px 0px 0px;color:#1a1b20;font-family:Montserrat,sans-serif;font-size:13px;font-weight:400;letter-spacing:4px;line-height:1.714em;text-transform:uppercase;}.elementor-element.elementor-element-iwgw-ceres-ccb .jet-button__state-hover .jet-button__label{text-align:center;margin:0px 0px 0px 0px;color:#FECC76;font-family:Montserrat,sans-serif;font-size:13px;font-weight:400;letter-spacing:4px;line-height:1.714em;text-transform:uppercase;}.elementor-element.elementor-element-iwgw-ceres-ccb .jet-button__plane-normal{background-color:#FECC76;border-style:solid;border-color:#C99540;border-width:2px 2px 2px 2px;}.elementor-element.elementor-element-iwgw-ceres-ccb .jet-button__plane-hover{background-color:rgba(0,0,0,0.55);border-style:solid;border-color:#FECC76;border-width:2px 2px 2px 2px;}<\/style>\t\t\t\t<\/div>\n\t\t\t\t<\/div>\n\t\t\t\t<div class=\"elementor-element elementor-element-iwgw-ceres-ccd elementor-widget elementor-widget-text-editor\" data-id=\"iwgw-ceres-ccd\" data-element_type=\"widget\" data-e-type=\"widget\" data-widget_type=\"text-editor.default\">\n\t\t\t\t\t\t\t\t\t<div data-nosnippet=\"true\"><p style=\"text-align:center;font-size:13px;opacity:0.7;margin-top:14px\" data-nosnippet=\"true\">Pers\u00f3nuleg reynsla getur veri\u00f0 mismunandi. Ekki l\u00e6kningat\u00e6ki. Engin lofor\u00f0 um l\u00e6kningu.<\/p><\/div>\t\t\t\t\t\t\t\t<\/div>\n\t\t\t\t\t<\/div>\n\t\t\t\t<\/div>\n\t\t\t\t\t<\/div>\n\t\t\t\t<\/div>\n\t\t<div class=\"elementor-element elementor-element-iwgw-ceres-disc e-flex e-con-boxed e-con e-parent\" data-id=\"iwgw-ceres-disc\" data-element_type=\"container\" data-e-type=\"container\">\n\t\t\t\t\t<div class=\"e-con-inner\">\n\t\t\t\t<div class=\"elementor-element elementor-element-iwgw-ceres-discw elementor-widget elementor-widget-html\" data-id=\"iwgw-ceres-discw\" data-element_type=\"widget\" data-e-type=\"widget\" data-widget_type=\"html.default\">\n\t\t\t\t\t<footer data-nosnippet=\"true\" class=\"iwg-disclaimer-block\"><p data-nosnippet=\"true\">iWell Guard er <strong>ekki l\u00e6kningat\u00e6ki<\/strong> og kemur ekki \u00ed sta\u00f0inn fyrir l\u00e6knis- e\u00f0a s\u00e1lfr\u00e6\u00f0ime\u00f0fer\u00f0. Tr\u00faarfr\u00e6\u00f0ilegt efni er menningars\u00f6gulegt samhengi, ekki r\u00e1\u00f0legging um andlega i\u00f0kun.<\/p><\/footer>\t\t\t\t<\/div>\n\t\t\t\t\t<\/div>\n\t\t\t\t<\/div>\n\t\t\t\t<\/div>\n\t\t","protected":false},"excerpt":{"rendered":"","protected":false},"author":3,"featured_media":3389,"parent":0,"menu_order":0,"comment_status":"closed","ping_status":"closed","template":"elementor_header_footer","meta":{"_yoast_wpseo_focuskw":"Ceres r\u00f3mversk gy\u00f0ja","_yoast_wpseo_title":"Ceres \u2013 r\u00f3mversk gy\u00f0ja kornsins","_yoast_wpseo_metadesc":"Ceres er r\u00f3mversk gy\u00f0ja kornsins og akuryrkju. Tr\u00faarbrag\u00f0afr\u00e6\u00f0ileg umfj\u00f6llun um Cerialia, \u00fej\u00f3\u00f0ar\u00e9ttarh\u00e1t\u00ed\u00f0ina og heimildir.","_yoast_wpseo_meta-robots-noindex":"","_yoast_wpseo_canonical":"","_angie_page":false,"gefaehrdungsstufe":"","wesen_kultur":"","wesen_klasse":"","footnotes":""},"categories":[],"class_list":["post-169028","page","type-page","status-publish","has-post-thumbnail","hentry"],"yoast_head":"<!-- This site is optimized with the Yoast SEO Premium plugin v27.7 (Yoast SEO v28.3) - https:\/\/yoast.com\/product\/yoast-seo-premium-wordpress\/ -->\n<title>Ceres \u2013 r\u00f3mversk gy\u00f0ja kornsins<\/title>\n<meta name=\"description\" content=\"Ceres er r\u00f3mversk gy\u00f0ja kornsins og akuryrkju. Tr\u00faarbrag\u00f0afr\u00e6\u00f0ileg umfj\u00f6llun um Cerialia, \u00fej\u00f3\u00f0ar\u00e9ttarh\u00e1t\u00ed\u00f0ina og heimildir.\" \/>\n<meta name=\"robots\" content=\"index, follow, max-snippet:-1, max-image-preview:large, max-video-preview:-1\" \/>\n<link rel=\"canonical\" href=\"https:\/\/iwell-guard.com\/is\/ceres-romversk-gydja-kornsins-og-akuryrkju\/\" \/>\n<meta property=\"og:locale\" content=\"is_IS\" \/>\n<meta property=\"og:type\" content=\"article\" \/>\n<meta property=\"og:title\" content=\"Ceres \u2013 r\u00f3mversk gy\u00f0ja kornsins og akuryrkju\" \/>\n<meta property=\"og:description\" content=\"Ceres er r\u00f3mversk gy\u00f0ja kornsins og akuryrkju. Tr\u00faarbrag\u00f0afr\u00e6\u00f0ileg umfj\u00f6llun um Cerialia, \u00fej\u00f3\u00f0ar\u00e9ttarh\u00e1t\u00ed\u00f0ina og heimildir.\" \/>\n<meta property=\"og:url\" content=\"https:\/\/iwell-guard.com\/is\/ceres-romversk-gydja-kornsins-og-akuryrkju\/\" \/>\n<meta property=\"og:site_name\" content=\"iWell Guard\" \/>\n<meta property=\"article:modified_time\" content=\"2026-09-05T14:30:26+00:00\" \/>\n<meta property=\"og:image\" content=\"https:\/\/iwell-guard.com\/wp-content\/uploads\/2026\/05\/goetter_rom_ceres.webp\" \/>\n\t<meta property=\"og:image:width\" content=\"1024\" \/>\n\t<meta property=\"og:image:height\" content=\"1536\" \/>\n\t<meta property=\"og:image:type\" content=\"image\/webp\" \/>\n<meta name=\"twitter:card\" content=\"summary_large_image\" \/>\n<script type=\"application\/ld+json\" class=\"yoast-schema-graph\">{\"@context\":\"https:\\\/\\\/schema.org\",\"@graph\":[{\"@type\":\"WebPage\",\"@id\":\"https:\\\/\\\/iwell-guard.com\\\/is\\\/ceres-romversk-gydja-kornsins-og-akuryrkju\\\/\",\"url\":\"https:\\\/\\\/iwell-guard.com\\\/is\\\/ceres-romversk-gydja-kornsins-og-akuryrkju\\\/\",\"name\":\"Ceres \u2013 r\u00f3mversk gy\u00f0ja kornsins\",\"isPartOf\":{\"@id\":\"https:\\\/\\\/iwell-guard.com\\\/is\\\/#website\"},\"primaryImageOfPage\":{\"@id\":\"https:\\\/\\\/iwell-guard.com\\\/is\\\/ceres-romversk-gydja-kornsins-og-akuryrkju\\\/#primaryimage\"},\"image\":{\"@id\":\"https:\\\/\\\/iwell-guard.com\\\/is\\\/ceres-romversk-gydja-kornsins-og-akuryrkju\\\/#primaryimage\"},\"thumbnailUrl\":\"https:\\\/\\\/iwell-guard.com\\\/wp-content\\\/uploads\\\/2026\\\/05\\\/goetter_rom_ceres.webp\",\"datePublished\":\"2026-09-05T14:04:57+00:00\",\"dateModified\":\"2026-09-05T14:30:26+00:00\",\"description\":\"Ceres er r\u00f3mversk gy\u00f0ja kornsins og akuryrkju. Tr\u00faarbrag\u00f0afr\u00e6\u00f0ileg umfj\u00f6llun um Cerialia, \u00fej\u00f3\u00f0ar\u00e9ttarh\u00e1t\u00ed\u00f0ina og heimildir.\",\"breadcrumb\":{\"@id\":\"https:\\\/\\\/iwell-guard.com\\\/is\\\/ceres-romversk-gydja-kornsins-og-akuryrkju\\\/#breadcrumb\"},\"inLanguage\":\"is\",\"potentialAction\":[{\"@type\":\"ReadAction\",\"target\":[\"https:\\\/\\\/iwell-guard.com\\\/is\\\/ceres-romversk-gydja-kornsins-og-akuryrkju\\\/\"]}]},{\"@type\":\"ImageObject\",\"inLanguage\":\"is\",\"@id\":\"https:\\\/\\\/iwell-guard.com\\\/is\\\/ceres-romversk-gydja-kornsins-og-akuryrkju\\\/#primaryimage\",\"url\":\"https:\\\/\\\/iwell-guard.com\\\/wp-content\\\/uploads\\\/2026\\\/05\\\/goetter_rom_ceres.webp\",\"contentUrl\":\"https:\\\/\\\/iwell-guard.com\\\/wp-content\\\/uploads\\\/2026\\\/05\\\/goetter_rom_ceres.webp\",\"width\":1024,\"height\":1536,\"caption\":\"Gu\u00f0ir \u00far r\u00f3mverskri hef\u00f0.\"},{\"@type\":\"BreadcrumbList\",\"@id\":\"https:\\\/\\\/iwell-guard.com\\\/is\\\/ceres-romversk-gydja-kornsins-og-akuryrkju\\\/#breadcrumb\",\"itemListElement\":[{\"@type\":\"ListItem\",\"position\":1,\"name\":\"Start\",\"item\":\"https:\\\/\\\/iwell-guard.com\\\/is\\\/?page_id=168580\"},{\"@type\":\"ListItem\",\"position\":2,\"name\":\"Ceres \u2013 r\u00f3mversk gy\u00f0ja kornsins og akuryrkju\"}]},{\"@type\":\"WebSite\",\"@id\":\"https:\\\/\\\/iwell-guard.com\\\/is\\\/#website\",\"url\":\"https:\\\/\\\/iwell-guard.com\\\/is\\\/\",\"name\":\"iWell Guard\",\"description\":\"Schutz vor dunklen Einfl\u00fcssen\",\"publisher\":{\"@id\":\"https:\\\/\\\/iwell-guard.com\\\/is\\\/#organization\"},\"potentialAction\":[{\"@type\":\"SearchAction\",\"target\":{\"@type\":\"EntryPoint\",\"urlTemplate\":\"https:\\\/\\\/iwell-guard.com\\\/is\\\/?s={search_term_string}\"},\"query-input\":{\"@type\":\"PropertyValueSpecification\",\"valueRequired\":true,\"valueName\":\"search_term_string\"}}],\"inLanguage\":\"is\"},{\"@type\":\"Organization\",\"@id\":\"https:\\\/\\\/iwell-guard.com\\\/is\\\/#organization\",\"name\":\"Ittermann electronic GmbH\",\"url\":\"https:\\\/\\\/iwell-guard.com\\\/is\\\/\",\"logo\":{\"@type\":\"ImageObject\",\"inLanguage\":\"is\",\"@id\":\"https:\\\/\\\/iwell-guard.com\\\/is\\\/#\\\/schema\\\/logo\\\/image\\\/\",\"url\":\"https:\\\/\\\/iwell-guard.com\\\/wp-content\\\/uploads\\\/2026\\\/05\\\/Ittermann-Logo-1182x237-1.png\",\"contentUrl\":\"https:\\\/\\\/iwell-guard.com\\\/wp-content\\\/uploads\\\/2026\\\/05\\\/Ittermann-Logo-1182x237-1.png\",\"width\":1182,\"height\":237,\"caption\":\"Ittermann electronic GmbH\"},\"image\":{\"@id\":\"https:\\\/\\\/iwell-guard.com\\\/is\\\/#\\\/schema\\\/logo\\\/image\\\/\"},\"sameAs\":[\"https:\\\/\\\/pantip.com\\\/profile\\\/9367242\",\"https:\\\/\\\/micro.blog\\\/iwellguard\",\"https:\\\/\\\/www.diggerslist.com\\\/iwellguard\\\/about\",\"https:\\\/\\\/skitterphoto.com\\\/photographers\\\/2870314\\\/iwell-guard\",\"https:\\\/\\\/iwellguard.wordpress.com\\\/2026\\\/06\\\/06\\\/iwell-guard\\\/\",\"https:\\\/\\\/hub.docker.com\\\/u\\\/iwellguard\",\"https:\\\/\\\/www.pinterest.com\\\/iwellguard\\\/\",\"https:\\\/\\\/bit.ly\\\/m\\\/iwellguard\",\"https:\\\/\\\/entre-vos-mains.alsace.eu\\\/profiles\\\/iwellguard\\\/activity\",\"https:\\\/\\\/gravatar.com\\\/reallybeded8fd34\",\"https:\\\/\\\/naijamatta.com\\\/iwellguard\",\"https:\\\/\\\/www.goodreads.com\\\/iwellguard\",\"https:\\\/\\\/profile.hatena.ne.jp\\\/iwellguard\\\/\",\"https:\\\/\\\/experiment.com\\\/users\\\/iwellguard\",\"https:\\\/\\\/wakelet.com\\\/@iWellGuard82270\",\"https:\\\/\\\/www.chordie.com\\\/forum\\\/profile.php?id=2555664\",\"https:\\\/\\\/www.instapaper.com\\\/p\\\/17757966\",\"https:\\\/\\\/www.mapleprimes.com\\\/users\\\/iwellguard\",\"https:\\\/\\\/businesslistingplus.com\\\/profile\\\/iwell-guard\\\/\",\"https:\\\/\\\/telegra.ph\\\/iWell-Guard-06-06\",\"https:\\\/\\\/pbase.com\\\/iwellguard\\\/iwellguard\",\"https:\\\/\\\/b.hatena.ne.jp\\\/iwellguard\\\/20260607#bookmark-4788405196491818882\",\"https:\\\/\\\/fliphtml5.com\\\/home\\\/iwellguard\",\"https:\\\/\\\/anyflip.com\\\/homepage\\\/cmiwl#About\",\"https:\\\/\\\/transfur.com\\\/Users\\\/iwellguard\",\"http:\\\/\\\/delphi.larsbo.org\\\/user\\\/iwellguard\",\"https:\\\/\\\/jobs.lajobsportal.org\\\/profiles\\\/8380803-iwell-guard\",\"https:\\\/\\\/md.chaosdorf.de\\\/s\\\/jfbe5SBdJD\",\"https:\\\/\\\/www.lingvolive.com\\\/en-us\\\/profile\\\/9ecaeaca-ce11-4e51-9e71-01d55e2bff36\\\/translations\",\"https:\\\/\\\/www.fitday.com\\\/fitness\\\/forums\\\/members\\\/iwellguard.html\",\"https:\\\/\\\/www.mymeetbook.com\\\/iwellguard\",\"https:\\\/\\\/pxhere.com\\\/en\\\/photographer-me\\\/5040798\",\"https:\\\/\\\/disqus.com\\\/by\\\/iwellguard\\\/about\\\/\",\"https:\\\/\\\/pastelink.net\\\/hjwciqwq\",\"https:\\\/\\\/pubhtml5.com\\\/homepage\\\/scjhn\\\/\",\"https:\\\/\\\/www.bitchute.com\\\/channel\\\/2O2eOKzNqujT\",\"https:\\\/\\\/audiomack.com\\\/iwellguard\"]}]}<\/script>\n<!-- \/ Yoast SEO Premium plugin. -->","yoast_head_json":{"title":"Ceres \u2013 r\u00f3mversk gy\u00f0ja kornsins","description":"Ceres er r\u00f3mversk gy\u00f0ja kornsins og akuryrkju. Tr\u00faarbrag\u00f0afr\u00e6\u00f0ileg umfj\u00f6llun um Cerialia, \u00fej\u00f3\u00f0ar\u00e9ttarh\u00e1t\u00ed\u00f0ina og heimildir.","robots":{"index":"index","follow":"follow","max-snippet":"max-snippet:-1","max-image-preview":"max-image-preview:large","max-video-preview":"max-video-preview:-1"},"canonical":"https:\/\/iwell-guard.com\/is\/ceres-romversk-gydja-kornsins-og-akuryrkju\/","og_locale":"is_IS","og_type":"article","og_title":"Ceres \u2013 r\u00f3mversk gy\u00f0ja kornsins og akuryrkju","og_description":"Ceres er r\u00f3mversk gy\u00f0ja kornsins og akuryrkju. Tr\u00faarbrag\u00f0afr\u00e6\u00f0ileg umfj\u00f6llun um Cerialia, \u00fej\u00f3\u00f0ar\u00e9ttarh\u00e1t\u00ed\u00f0ina og heimildir.","og_url":"https:\/\/iwell-guard.com\/is\/ceres-romversk-gydja-kornsins-og-akuryrkju\/","og_site_name":"iWell Guard","article_modified_time":"2026-09-05T14:30:26+00:00","og_image":[{"width":1024,"height":1536,"url":"https:\/\/iwell-guard.com\/wp-content\/uploads\/2026\/05\/goetter_rom_ceres.webp","type":"image\/webp"}],"twitter_card":"summary_large_image","schema":{"@context":"https:\/\/schema.org","@graph":[{"@type":"WebPage","@id":"https:\/\/iwell-guard.com\/is\/ceres-romversk-gydja-kornsins-og-akuryrkju\/","url":"https:\/\/iwell-guard.com\/is\/ceres-romversk-gydja-kornsins-og-akuryrkju\/","name":"Ceres \u2013 r\u00f3mversk gy\u00f0ja kornsins","isPartOf":{"@id":"https:\/\/iwell-guard.com\/is\/#website"},"primaryImageOfPage":{"@id":"https:\/\/iwell-guard.com\/is\/ceres-romversk-gydja-kornsins-og-akuryrkju\/#primaryimage"},"image":{"@id":"https:\/\/iwell-guard.com\/is\/ceres-romversk-gydja-kornsins-og-akuryrkju\/#primaryimage"},"thumbnailUrl":"https:\/\/iwell-guard.com\/wp-content\/uploads\/2026\/05\/goetter_rom_ceres.webp","datePublished":"2026-09-05T14:04:57+00:00","dateModified":"2026-09-05T14:30:26+00:00","description":"Ceres er r\u00f3mversk gy\u00f0ja kornsins og akuryrkju. Tr\u00faarbrag\u00f0afr\u00e6\u00f0ileg umfj\u00f6llun um Cerialia, \u00fej\u00f3\u00f0ar\u00e9ttarh\u00e1t\u00ed\u00f0ina og heimildir.","breadcrumb":{"@id":"https:\/\/iwell-guard.com\/is\/ceres-romversk-gydja-kornsins-og-akuryrkju\/#breadcrumb"},"inLanguage":"is","potentialAction":[{"@type":"ReadAction","target":["https:\/\/iwell-guard.com\/is\/ceres-romversk-gydja-kornsins-og-akuryrkju\/"]}]},{"@type":"ImageObject","inLanguage":"is","@id":"https:\/\/iwell-guard.com\/is\/ceres-romversk-gydja-kornsins-og-akuryrkju\/#primaryimage","url":"https:\/\/iwell-guard.com\/wp-content\/uploads\/2026\/05\/goetter_rom_ceres.webp","contentUrl":"https:\/\/iwell-guard.com\/wp-content\/uploads\/2026\/05\/goetter_rom_ceres.webp","width":1024,"height":1536,"caption":"Gu\u00f0ir \u00far r\u00f3mverskri hef\u00f0."},{"@type":"BreadcrumbList","@id":"https:\/\/iwell-guard.com\/is\/ceres-romversk-gydja-kornsins-og-akuryrkju\/#breadcrumb","itemListElement":[{"@type":"ListItem","position":1,"name":"Start","item":"https:\/\/iwell-guard.com\/is\/?page_id=168580"},{"@type":"ListItem","position":2,"name":"Ceres \u2013 r\u00f3mversk gy\u00f0ja kornsins og akuryrkju"}]},{"@type":"WebSite","@id":"https:\/\/iwell-guard.com\/is\/#website","url":"https:\/\/iwell-guard.com\/is\/","name":"iWell Guard","description":"Schutz vor dunklen Einfl\u00fcssen","publisher":{"@id":"https:\/\/iwell-guard.com\/is\/#organization"},"potentialAction":[{"@type":"SearchAction","target":{"@type":"EntryPoint","urlTemplate":"https:\/\/iwell-guard.com\/is\/?s={search_term_string}"},"query-input":{"@type":"PropertyValueSpecification","valueRequired":true,"valueName":"search_term_string"}}],"inLanguage":"is"},{"@type":"Organization","@id":"https:\/\/iwell-guard.com\/is\/#organization","name":"Ittermann electronic GmbH","url":"https:\/\/iwell-guard.com\/is\/","logo":{"@type":"ImageObject","inLanguage":"is","@id":"https:\/\/iwell-guard.com\/is\/#\/schema\/logo\/image\/","url":"https:\/\/iwell-guard.com\/wp-content\/uploads\/2026\/05\/Ittermann-Logo-1182x237-1.png","contentUrl":"https:\/\/iwell-guard.com\/wp-content\/uploads\/2026\/05\/Ittermann-Logo-1182x237-1.png","width":1182,"height":237,"caption":"Ittermann electronic GmbH"},"image":{"@id":"https:\/\/iwell-guard.com\/is\/#\/schema\/logo\/image\/"},"sameAs":["https:\/\/pantip.com\/profile\/9367242","https:\/\/micro.blog\/iwellguard","https:\/\/www.diggerslist.com\/iwellguard\/about","https:\/\/skitterphoto.com\/photographers\/2870314\/iwell-guard","https:\/\/iwellguard.wordpress.com\/2026\/06\/06\/iwell-guard\/","https:\/\/hub.docker.com\/u\/iwellguard","https:\/\/www.pinterest.com\/iwellguard\/","https:\/\/bit.ly\/m\/iwellguard","https:\/\/entre-vos-mains.alsace.eu\/profiles\/iwellguard\/activity","https:\/\/gravatar.com\/reallybeded8fd34","https:\/\/naijamatta.com\/iwellguard","https:\/\/www.goodreads.com\/iwellguard","https:\/\/profile.hatena.ne.jp\/iwellguard\/","https:\/\/experiment.com\/users\/iwellguard","https:\/\/wakelet.com\/@iWellGuard82270","https:\/\/www.chordie.com\/forum\/profile.php?id=2555664","https:\/\/www.instapaper.com\/p\/17757966","https:\/\/www.mapleprimes.com\/users\/iwellguard","https:\/\/businesslistingplus.com\/profile\/iwell-guard\/","https:\/\/telegra.ph\/iWell-Guard-06-06","https:\/\/pbase.com\/iwellguard\/iwellguard","https:\/\/b.hatena.ne.jp\/iwellguard\/20260607#bookmark-4788405196491818882","https:\/\/fliphtml5.com\/home\/iwellguard","https:\/\/anyflip.com\/homepage\/cmiwl#About","https:\/\/transfur.com\/Users\/iwellguard","http:\/\/delphi.larsbo.org\/user\/iwellguard","https:\/\/jobs.lajobsportal.org\/profiles\/8380803-iwell-guard","https:\/\/md.chaosdorf.de\/s\/jfbe5SBdJD","https:\/\/www.lingvolive.com\/en-us\/profile\/9ecaeaca-ce11-4e51-9e71-01d55e2bff36\/translations","https:\/\/www.fitday.com\/fitness\/forums\/members\/iwellguard.html","https:\/\/www.mymeetbook.com\/iwellguard","https:\/\/pxhere.com\/en\/photographer-me\/5040798","https:\/\/disqus.com\/by\/iwellguard\/about\/","https:\/\/pastelink.net\/hjwciqwq","https:\/\/pubhtml5.com\/homepage\/scjhn\/","https:\/\/www.bitchute.com\/channel\/2O2eOKzNqujT","https:\/\/audiomack.com\/iwellguard"]}]}},"_links":{"self":[{"href":"https:\/\/iwell-guard.com\/is\/wp-json\/wp\/v2\/pages\/169028","targetHints":{"allow":["GET"]}}],"collection":[{"href":"https:\/\/iwell-guard.com\/is\/wp-json\/wp\/v2\/pages"}],"about":[{"href":"https:\/\/iwell-guard.com\/is\/wp-json\/wp\/v2\/types\/page"}],"author":[{"embeddable":true,"href":"https:\/\/iwell-guard.com\/is\/wp-json\/wp\/v2\/users\/3"}],"replies":[{"embeddable":true,"href":"https:\/\/iwell-guard.com\/is\/wp-json\/wp\/v2\/comments?post=169028"}],"version-history":[{"count":0,"href":"https:\/\/iwell-guard.com\/is\/wp-json\/wp\/v2\/pages\/169028\/revisions"}],"wp:featuredmedia":[{"embeddable":true,"href":"https:\/\/iwell-guard.com\/is\/wp-json\/wp\/v2\/media\/3389"}],"wp:attachment":[{"href":"https:\/\/iwell-guard.com\/is\/wp-json\/wp\/v2\/media?parent=169028"}],"wp:term":[{"taxonomy":"category","embeddable":true,"href":"https:\/\/iwell-guard.com\/is\/wp-json\/wp\/v2\/categories?post=169028"}],"curies":[{"name":"wp","href":"https:\/\/api.w.org\/{rel}","templated":true}]}}