{"id":169021,"date":"2026-09-05T14:04:53","date_gmt":"2026-09-05T14:04:53","guid":{"rendered":"https:\/\/iwell-guard.com\/?page_id=169021"},"modified":"2026-09-05T14:30:13","modified_gmt":"2026-09-05T14:30:13","slug":"wila-natturuvaettur-sudurslavneskrar-hefdar","status":"publish","type":"page","link":"https:\/\/iwell-guard.com\/is\/wila-natturuvaettur-sudurslavneskrar-hefdar\/","title":{"rendered":"Wila \u2013 n\u00e1tt\u00faruv\u00e6ttur su\u00f0urslavneskrar hef\u00f0ar"},"content":{"rendered":"\t\t<div data-elementor-type=\"wp-page\" data-elementor-id=\"169021\" class=\"elementor elementor-169021 elementor-2900 elementor-bc-flex-widget\" data-elementor-post-type=\"page\">\n\t\t\t\t<div class=\"elementor-element elementor-element-10fdade e-flex e-con-boxed e-con e-parent\" data-id=\"10fdade\" data-element_type=\"container\" data-e-type=\"container\" data-settings=\"{&quot;background_background&quot;:&quot;classic&quot;}\">\n\t\t\t\t\t<div class=\"e-con-inner\">\n\t\t<div class=\"elementor-element elementor-element-herohlft0 e-flex e-con-boxed e-con e-child\" data-id=\"herohlft0\" data-element_type=\"container\" data-e-type=\"container\">\n\t\t\t\t\t<div class=\"e-con-inner\">\n\t\t<div class=\"elementor-element elementor-element-c3ceb64 e-con-full e-flex e-con e-child\" data-id=\"c3ceb64\" data-element_type=\"container\" data-e-type=\"container\">\n\t\t\t\t<div class=\"elementor-element elementor-element-96ae5e1 elementor-widget elementor-widget-heading\" data-id=\"96ae5e1\" data-element_type=\"widget\" data-e-type=\"widget\" data-widget_type=\"heading.default\">\n\t\t\t\t\t<h1 class=\"elementor-heading-title elementor-size-default\">Wila, v\u00e6ttur \u00far slavneskri hef\u00f0<\/h1>\t\t\t\t<\/div>\n\t\t\t\t<div class=\"elementor-element elementor-element-e45238a elementor-widget elementor-widget-text-editor\" data-id=\"e45238a\" data-element_type=\"widget\" data-e-type=\"widget\" data-widget_type=\"text-editor.default\">\n\t\t\t\t\t\t\t\t\t<p><strong>Kvenkyns n\u00e1tt\u00faruv\u00e6ttur fjalla, sk\u00f3ga og linda.<\/strong> Wila er talin kvenkyns v\u00e6ttur \u00far slavneskri hef\u00f0 og b\u00fdr \u00ed fj\u00f6llum, sk\u00f3gum og lindum.<\/p>\t\t\t\t\t\t\t\t<\/div>\n\t\t\t\t<\/div>\n\t\t<div class=\"elementor-element elementor-element-klsbdg01 e-con-full e-flex e-con e-parent\" data-id=\"klsbdg01\" data-element_type=\"container\" data-e-type=\"container\">\n\t\t\t\t<div class=\"elementor-element elementor-element-klshtm01 elementor-widget elementor-widget-html\" data-id=\"klshtm01\" data-element_type=\"widget\" data-e-type=\"widget\" data-widget_type=\"html.default\">\n\t\t\t\t\t<div class=\"iwg-pill-row\"><span class=\"iwg-klasse-badge\" tabindex=\"0\" data-tooltip=\"Andi: \u00d3l\u00edkamleg e\u00f0a h\u00e1lfl\u00edkamleg vera, framli\u00f0nir, n\u00e1tt\u00faruv\u00e6ttir, heimilisandar e\u00f0a var\u00f0ar \u00e1 \u00fer\u00f6skuldum. Verkar \u00ed daglegu l\u00edfi, oft bundinn st\u00f6\u00f0um e\u00f0a fj\u00f6lskyldum.\">Andi<\/span><a href=\"https:\/\/iwell-guard.com\/is\/slavnesk\/\" class=\"iwg-kultur-badge\" tabindex=\"0\" data-tooltip=\"Slavnesk go\u00f0afr\u00e6\u00f0i og \u00fej\u00f3\u00f0tr\u00fa, kristnu\u00f0 fr\u00e1 10. \u00f6ld.\">Slavneskt<\/a><a href=\"https:\/\/iwell-guard.com\/is\/vatnaandar\/\" class=\"iwg-tradition-badge\" tabindex=\"0\" data-tooltip=\"Andar flj\u00f3ta, vatna, hafa, fjalla og sk\u00f3ga, t\u00e6landi, verndandi e\u00f0a h\u00e6ttulegir.\">N\u00e1tt\u00faruandi<\/a><\/div>\t\t\t\t<\/div>\n\t\t\t\t<\/div>\n\t\t<div class=\"elementor-element elementor-element-3f74855 e-con-full e-flex e-con e-child\" data-id=\"3f74855\" data-element_type=\"container\" data-e-type=\"container\">\n\t\t\t\t<div class=\"elementor-element elementor-element-1c30362 elementor-toc--minimized-on-tablet elementor-widget elementor-widget-table-of-contents\" data-id=\"1c30362\" data-element_type=\"widget\" data-e-type=\"widget\" data-settings=\"{&quot;exclude_headings_by_selector&quot;:[],&quot;no_headings_message&quot;:&quot;Engar undirfyrirsagnir fundust \\u00e1 \\u00feessari s\\u00ed\\u00f0u.&quot;,&quot;headings_by_tags&quot;:[&quot;h2&quot;,&quot;h3&quot;],&quot;marker_view&quot;:&quot;bullets&quot;,&quot;icon&quot;:{&quot;value&quot;:&quot;fas fa-circle&quot;,&quot;library&quot;:&quot;fa-solid&quot;,&quot;rendered_tag&quot;:&quot;&lt;svg class=\\&quot;e-font-icon-svg e-fas-circle\\&quot; viewBox=\\&quot;0 0 512 512\\&quot; xmlns=\\&quot;http:\\\/\\\/www.w3.org\\\/2000\\\/svg\\&quot;&gt;&lt;path d=\\&quot;M256 8C119 8 8 119 8 256s111 248 248 248 248-111 248-248S393 8 256 8z\\&quot;&gt;&lt;\\\/path&gt;&lt;\\\/svg&gt;&quot;},&quot;minimize_box&quot;:&quot;yes&quot;,&quot;minimized_on&quot;:&quot;tablet&quot;,&quot;hierarchical_view&quot;:&quot;yes&quot;,&quot;min_height&quot;:{&quot;unit&quot;:&quot;px&quot;,&quot;size&quot;:&quot;&quot;,&quot;sizes&quot;:[]},&quot;min_height_tablet&quot;:{&quot;unit&quot;:&quot;px&quot;,&quot;size&quot;:&quot;&quot;,&quot;sizes&quot;:[]},&quot;min_height_mobile&quot;:{&quot;unit&quot;:&quot;px&quot;,&quot;size&quot;:&quot;&quot;,&quot;sizes&quot;:[]}}\" data-widget_type=\"table-of-contents.default\">\n\t\t\t\t\t\t\t\t\t<div class=\"elementor-toc__header\">\n\t\t\t\t\t\t<h2 class=\"elementor-toc__header-title\">\n\t\t\t\tEfnisyfirlit\t\t\t<\/h2>\n\t\t\t\t\t\t\t\t\t\t<div class=\"elementor-toc__toggle-button elementor-toc__toggle-button--expand\" role=\"button\" tabindex=\"0\" aria-controls=\"elementor-toc__1c30362\" aria-expanded=\"true\" aria-label=\"Open table of contents\"><svg aria-hidden=\"true\" class=\"e-font-icon-svg e-fas-chevron-down\" viewBox=\"0 0 448 512\" xmlns=\"http:\/\/www.w3.org\/2000\/svg\"><path d=\"M207.029 381.476L12.686 187.132c-9.373-9.373-9.373-24.569 0-33.941l22.667-22.667c9.357-9.357 24.522-9.375 33.901-.04L224 284.505l154.745-154.021c9.379-9.335 24.544-9.317 33.901.04l22.667 22.667c9.373 9.373 9.373 24.569 0 33.941L240.971 381.476c-9.373 9.372-24.569 9.372-33.942 0z\"><\/path><\/svg><\/div>\n\t\t\t\t<div class=\"elementor-toc__toggle-button elementor-toc__toggle-button--collapse\" role=\"button\" tabindex=\"0\" aria-controls=\"elementor-toc__1c30362\" aria-expanded=\"true\" aria-label=\"Close table of contents\"><svg aria-hidden=\"true\" class=\"e-font-icon-svg e-fas-chevron-up\" viewBox=\"0 0 448 512\" xmlns=\"http:\/\/www.w3.org\/2000\/svg\"><path d=\"M240.971 130.524l194.343 194.343c9.373 9.373 9.373 24.569 0 33.941l-22.667 22.667c-9.357 9.357-24.522 9.375-33.901.04L224 227.495 69.255 381.516c-9.379 9.335-24.544 9.317-33.901-.04l-22.667-22.667c-9.373-9.373-9.373-24.569 0-33.941L207.03 130.525c9.372-9.373 24.568-9.373 33.941-.001z\"><\/path><\/svg><\/div>\n\t\t\t\t\t<\/div>\n\t\t\t\t<div id=\"elementor-toc__1c30362\" class=\"elementor-toc__body\">\n\t\t\t<div class=\"elementor-toc__spinner-container\">\n\t\t\t\t<svg class=\"elementor-toc__spinner eicon-animation-spin e-font-icon-svg e-eicon-loading\" aria-hidden=\"true\" viewBox=\"0 0 1000 1000\" xmlns=\"http:\/\/www.w3.org\/2000\/svg\"><path d=\"M500 975V858C696 858 858 696 858 500S696 142 500 142 142 304 142 500H25C25 237 238 25 500 25S975 237 975 500 763 975 500 975Z\"><\/path><\/svg>\t\t\t<\/div>\n\t\t<\/div>\n\t\t\t\t\t\t<\/div>\n\t\t\t\t<\/div>\n\t\t\t\t\t<\/div>\n\t\t\t\t<\/div>\n\t\t<div class=\"elementor-element elementor-element-herorght0 e-con-full e-flex e-con e-child\" data-id=\"herorght0\" data-element_type=\"container\" data-e-type=\"container\">\n\t\t\t\t<\/div>\n\t\t\t\t\t<\/div>\n\t\t\t\t<\/div>\n\t\t<div class=\"elementor-element elementor-element-32917199 e-flex e-con-boxed e-con e-parent\" data-id=\"32917199\" data-element_type=\"container\" data-e-type=\"container\">\n\t\t\t\t\t<div class=\"e-con-inner\">\n\t\t<div class=\"elementor-element elementor-element-26e916cb e-flex e-con-boxed e-con e-child\" data-id=\"26e916cb\" data-element_type=\"container\" data-e-type=\"container\">\n\t\t\t\t\t<div class=\"e-con-inner\">\n\t\t<div class=\"elementor-element elementor-element-253a40d4 e-flex e-con-boxed e-con e-child\" data-id=\"253a40d4\" data-element_type=\"container\" data-e-type=\"container\">\n\t\t\t\t\t<div class=\"e-con-inner\">\n\t\t\t\t<div class=\"elementor-element elementor-element-1200c304 elementor-widget elementor-widget-heading\" data-id=\"1200c304\" data-element_type=\"widget\" data-e-type=\"widget\" data-widget_type=\"heading.default\">\n\t\t\t\t\t<div class=\"elementor-heading-title elementor-size-default\">Wila<\/div>\t\t\t\t<\/div>\n\t\t\t\t<div class=\"elementor-element elementor-element-11758e7f elementor-widget elementor-widget-text-editor\" data-id=\"11758e7f\" data-element_type=\"widget\" data-e-type=\"widget\" data-widget_type=\"text-editor.default\">\n\t\t\t\t\t\t\t\t\t<p>Wila (\u00e1 su\u00f0urslavnesku <em>Vila<\/em>, \u00e1 b\u00falg\u00f6rsku <em>Samodiwa<\/em> e\u00f0a <em>Samowila<\/em>) er kvenkyns n\u00e1tt\u00faruv\u00e6ttur sem er heima \u00ed serbneskri, kr\u00f3at\u00edskri, b\u00falgarskri og sl\u00f3venskri arfs\u00f6gn.<\/p><p>Wilur birtast sem fagrar unglegar konur me\u00f0 langt, laust h\u00e1r, oft v\u00e6ngja\u00f0ar e\u00f0a \u00ed hv\u00edtum kl\u00e6\u00f0um, og b\u00faa \u00ed fj\u00f6llum, sk\u00f3gum, sk\u00fdjum, lindum og v\u00f6tnum. \u00de\u00e6r eru hvorki einhl\u00edtt g\u00f3\u00f0ar n\u00e9 einhl\u00edtt illar og eru \u00edmynd hins \u00f3fyrirsj\u00e1anlega m\u00e1ttar hinnar villtu n\u00e1tt\u00faru.<\/p><p>Wilur geta l\u00e6kna\u00f0, sp\u00e1\u00f0 fyrir og sta\u00f0i\u00f0 me\u00f0 hetjum; \u00ed serbneskri hetjukve\u00f0skaparhef\u00f0 er Wila kj\u00f6rsystir og hj\u00e1lparhella Marko Kraljevi\u0107. \u00c1 sama t\u00edma eru \u00fe\u00e6r h\u00e6ttulegar: s\u00e1 sem truflar hringdans \u00feeirra (<em>Kolo<\/em>), saurgar lind \u00feeirra e\u00f0a hlustar \u00e1 \u00fe\u00e6r \u00ed leyni, er straffa\u00f0ur me\u00f0 sj\u00fakd\u00f3mi, l\u00f6mun e\u00f0a dansi allt til dau\u00f0a.<\/p><p>\u00cd sumum arfs\u00f6gnum er Wila talin vera s\u00e1l st\u00falku sem d\u00f3 \u00f3sk\u00edr\u00f0 e\u00f0a \u00e1 t\u00edmabilinu milli tr\u00falofunar og br\u00fa\u00f0kaups.<\/p>\t\t\t\t\t\t\t\t<\/div>\n\t\t\t\t\t<\/div>\n\t\t\t\t<\/div>\n\t\t<div class=\"elementor-element elementor-element-159dcf9a e-flex e-con-boxed e-con e-child\" data-id=\"159dcf9a\" data-element_type=\"container\" data-e-type=\"container\">\n\t\t\t\t\t<div class=\"e-con-inner\">\n\t\t\t\t<div class=\"elementor-element elementor-element-48cee66f elementor-widget elementor-widget-heading\" data-id=\"48cee66f\" data-element_type=\"widget\" data-e-type=\"widget\" data-widget_type=\"heading.default\">\n\t\t\t\t\t<h2 class=\"elementor-heading-title elementor-size-default\">\u00cd hnotskurn: Wila<\/h2>\t\t\t\t<\/div>\n\t\t\t\t<div class=\"elementor-element elementor-element-3f50d82c elementor-widget elementor-widget-text-editor\" data-id=\"3f50d82c\" data-element_type=\"widget\" data-e-type=\"widget\" data-widget_type=\"text-editor.default\">\n\t\t\t\t\t\t\t\t\t<p><strong>Tegund:<\/strong> kvenkyns n\u00e1tt\u00faruv\u00e6ttur, tv\u00edbent (l\u00e6knandi og h\u00e6ttuleg)<br>Uppruni: su\u00f0urslavnesk n\u00e1tt\u00farutr\u00fa, a\u00f0 hluta s\u00e1lir \u00f3sk\u00edr\u00f0ra l\u00e1tinna<br>Textar: su\u00f0urslavnesk hetjukve\u00f0skaparhef\u00f0, \u00fej\u00f3\u00f0l\u00f6g, \u00fej\u00f3\u00f0h\u00e1ttafr\u00e6\u00f0i 19. aldar<br>T\u00edmabil: <span class=\"iwg-fachbegriff\" data-tooltip=\"Fr\u00e1 t\u00edma fyrir \u00fatbrei\u00f0slu kristni.\" tabindex=\"0\">forkristi\u00f0<\/span> til n\u00fat\u00edma<br>B\u00fasv\u00e6\u00f0i: fj\u00f6ll, sk\u00f3gar, sk\u00fd, lindir, v\u00f6tn<\/p>\t\t\t\t\t\t\t\t<\/div>\n\t\t\t\t\t<\/div>\n\t\t\t\t<\/div>\n\t\t\t\t\t<\/div>\n\t\t\t\t<\/div>\n\t\t\t\t\t<\/div>\n\t\t\t\t<\/div>\n\t\t<div class=\"elementor-element elementor-element-18613602 e-flex e-con-boxed e-con e-parent\" data-id=\"18613602\" data-element_type=\"container\" data-e-type=\"container\">\n\t\t\t\t\t<div class=\"e-con-inner\">\n\t\t\t\t<div class=\"elementor-element elementor-element-262b8a9f elementor-widget elementor-widget-heading\" data-id=\"262b8a9f\" data-element_type=\"widget\" data-e-type=\"widget\" data-widget_type=\"heading.default\">\n\t\t\t\t\t<h2 class=\"elementor-heading-title elementor-size-default\">S\u00f6guleg sta\u00f0setning<\/h2>\t\t\t\t<\/div>\n\t\t<div class=\"elementor-element elementor-element-46dcb7d e-con-full e-flex e-con e-child\" data-id=\"46dcb7d\" data-element_type=\"container\" data-e-type=\"container\">\n\t\t<div class=\"elementor-element elementor-element-61d3ab3 e-flex e-con-boxed e-con e-child\" data-id=\"61d3ab3\" data-element_type=\"container\" data-e-type=\"container\">\n\t\t\t\t\t<div class=\"e-con-inner\">\n\t\t\t\t<div class=\"elementor-element elementor-element-117c166 elementor-widget elementor-widget-heading\" data-id=\"117c166\" data-element_type=\"widget\" data-e-type=\"widget\" data-widget_type=\"heading.default\">\n\t\t\t\t\t<h3 class=\"elementor-heading-title elementor-size-default\">T\u00edmabil textanna<\/h3>\t\t\t\t<\/div>\n\t\t\t\t<div class=\"elementor-element elementor-element-73997a0 elementor-widget elementor-widget-text-editor\" data-id=\"73997a0\" data-element_type=\"widget\" data-e-type=\"widget\" data-widget_type=\"text-editor.default\">\n\t\t\t\t\t\t\t\t\t<p>Forkristin su\u00f0urslavnesk hef\u00f0, r\u00edkulega var\u00f0veitt \u00ed munnlegri hetjukve\u00f0skaparhef\u00f0 og \u00ed \u00fej\u00f3\u00f0l\u00f6gum. Megins\u00f6fnunarskei\u00f0 \u00e1 19. \u00f6ld undir forystu Vuk Stefanovi\u0107 Karad\u017ei\u0107; enn \u00ed dag skjalfest \u00ed \u00fej\u00f3\u00f0h\u00e1ttafr\u00e6\u00f0i Balkanskaga.<\/p>\t\t\t\t\t\t\t\t<\/div>\n\t\t\t\t\t<\/div>\n\t\t\t\t<\/div>\n\t\t<div class=\"elementor-element elementor-element-d47b156 e-flex e-con-boxed e-con e-child\" data-id=\"d47b156\" data-element_type=\"container\" data-e-type=\"container\">\n\t\t\t\t\t<div class=\"e-con-inner\">\n\t\t\t\t<div class=\"elementor-element elementor-element-ff38c2b elementor-widget elementor-widget-heading\" data-id=\"ff38c2b\" data-element_type=\"widget\" data-e-type=\"widget\" data-widget_type=\"heading.default\">\n\t\t\t\t\t<h3 class=\"elementor-heading-title elementor-size-default\">\u00datbrei\u00f0slusv\u00e6\u00f0i<\/h3>\t\t\t\t<\/div>\n\t\t\t\t<div class=\"elementor-element elementor-element-4e49fcc elementor-widget elementor-widget-text-editor\" data-id=\"4e49fcc\" data-element_type=\"widget\" data-e-type=\"widget\" data-widget_type=\"text-editor.default\">\n\t\t\t\t\t\t\t\t\t<p>Su\u00f0urslavneskt kjarnasv\u00e6\u00f0i: Serb\u00eda, Kr\u00f3at\u00eda, Bosn\u00eda, B\u00falgar\u00eda (\u00fear <em>Samodiwa<\/em>), Sl\u00f3ven\u00eda, Nor\u00f0ur-Maked\u00f3n\u00eda. \u00c6ttartengdar ger\u00f0ir n\u00e1 allt til vestur- og austurslavnesks heims, en v\u00e6ngja\u00f0a, dansandi fjallkonan er \u00fe\u00e9ttust \u00ed su\u00f0urslavneskri hef\u00f0.<\/p>\t\t\t\t\t\t\t\t<\/div>\n\t\t\t\t\t<\/div>\n\t\t\t\t<\/div>\n\t\t\t\t<\/div>\n\t\t<div class=\"elementor-element elementor-element-db03c39 e-con-full e-flex e-con e-child\" data-id=\"db03c39\" data-element_type=\"container\" data-e-type=\"container\">\n\t\t<div class=\"elementor-element elementor-element-229a87b e-flex e-con-boxed e-con e-child\" data-id=\"229a87b\" data-element_type=\"container\" data-e-type=\"container\">\n\t\t\t\t\t<div class=\"e-con-inner\">\n\t\t\t\t<div class=\"elementor-element elementor-element-1f471fc elementor-widget elementor-widget-heading\" data-id=\"1f471fc\" data-element_type=\"widget\" data-e-type=\"widget\" data-widget_type=\"heading.default\">\n\t\t\t\t\t<h3 class=\"elementor-heading-title elementor-size-default\">Heimildasta\u00f0a<\/h3>\t\t\t\t<\/div>\n\t\t\t\t<div class=\"elementor-element elementor-element-36b1201 elementor-widget elementor-widget-text-editor\" data-id=\"36b1201\" data-element_type=\"widget\" data-e-type=\"widget\" data-widget_type=\"text-editor.default\">\n\t\t\t\t\t\t\t\t\t<p>Serbnesk hetjukv\u00e6\u00f0i (Karad\u017ei\u0107), b\u00falgarskar og maked\u00f3nskar \u00fej\u00f3\u00f0lagas\u00f6fnun, kr\u00f3at\u00edsk og sl\u00f3vensk \u00fej\u00f3\u00f0h\u00e1ttafr\u00e6\u00f0i, n\u00fat\u00edma \u00fej\u00f3\u00f0h\u00e1ttafr\u00e6\u00f0i Balkanskaga.<\/p>\t\t\t\t\t\t\t\t<\/div>\n\t\t\t\t\t<\/div>\n\t\t\t\t<\/div>\n\t\t\t\t<\/div>\n\t\t\t\t\t<\/div>\n\t\t\t\t<\/div>\n\t\t<div class=\"elementor-element elementor-element-3ae0637c e-flex e-con-boxed e-con e-parent\" data-id=\"3ae0637c\" data-element_type=\"container\" data-e-type=\"container\">\n\t\t\t\t\t<div class=\"e-con-inner\">\n\t\t\t\t<div class=\"elementor-element elementor-element-31d07739 elementor-widget elementor-widget-heading\" data-id=\"31d07739\" data-element_type=\"widget\" data-e-type=\"widget\" data-widget_type=\"heading.default\">\n\t\t\t\t\t<h2 class=\"elementor-heading-title elementor-size-default\">Nafn og heiti<\/h2>\t\t\t\t<\/div>\n\t\t<div class=\"elementor-element elementor-element-b7642947 e-con-full e-flex e-con e-child\" data-id=\"b7642947\" data-element_type=\"container\" data-e-type=\"container\">\n\t\t\t\t<div class=\"elementor-element elementor-element-a086266 elementor-widget elementor-widget-text-editor\" data-id=\"a086266\" data-element_type=\"widget\" data-e-type=\"widget\" data-widget_type=\"text-editor.default\">\n\t\t\t\t\t\t\t\t\t<p><strong>Serbneska\/kr\u00f3at\u00edska:<\/strong> <em>Vila<\/em>, fleirtala <em>Vile<\/em>.<br>B\u00falgarska\/maked\u00f3nska: <em>Samodiwa<\/em>, <em>Samowila<\/em>.<br>Sl\u00f3venska: <em>Vila<\/em>. \u00c1 \u00fe\u00fdskum\u00e6landi sv\u00e6\u00f0i hefur nafni\u00f0 <em>Wila<\/em> fest sig \u00ed sessi.<br>Or\u00f0sifjafr\u00e6\u00f0i: umdeild; r\u00e6tt hefur veri\u00f0 um tengsl vi\u00f0 frumslavnesku <em>viti<\/em> (\u201ea\u00f0 vinda, sn\u00faast&#8220;), me\u00f0 tilv\u00edsun til hvirfilvinds og hringdans.<\/p><p>B\u00falgarska nafni\u00f0 <em>Samodiwa<\/em> er \u00ed \u00fej\u00f3\u00f0sk\u00fdringu tali\u00f0 merkja \u201ehin sj\u00e1lfst\u00e6tt villta\/go\u00f0uml\u00edka&#8220; og undirstrikar sj\u00e1lfst\u00e6\u00f0i og \u00f3tamdleika pers\u00f3nunnar gagnvart mannlegri skipan.<\/p>\t\t\t\t\t\t\t\t<\/div>\n\t\t\t\t<\/div>\n\t\t\t\t\t<\/div>\n\t\t\t\t<\/div>\n\t\t<div class=\"elementor-element elementor-element-709a44a8 e-flex e-con-boxed e-con e-parent\" data-id=\"709a44a8\" data-element_type=\"container\" data-e-type=\"container\">\n\t\t\t\t\t<div class=\"e-con-inner\">\n\t\t\t\t<div class=\"elementor-element elementor-element-2f585873 elementor-widget elementor-widget-heading\" data-id=\"2f585873\" data-element_type=\"widget\" data-e-type=\"widget\" data-widget_type=\"heading.default\">\n\t\t\t\t\t<h2 class=\"elementor-heading-title elementor-size-default\">Einkenni<\/h2>\t\t\t\t<\/div>\n\t\t<div class=\"elementor-element elementor-element-70621c12 e-con-full e-flex e-con e-child\" data-id=\"70621c12\" data-element_type=\"container\" data-e-type=\"container\">\n\t\t\t\t<div class=\"elementor-element elementor-element-4296eb49 elementor-widget elementor-widget-text-editor\" data-id=\"4296eb49\" data-element_type=\"widget\" data-e-type=\"widget\" data-widget_type=\"text-editor.default\">\n\t\t\t\t\t\t\t\t\t<h3>\u00c1s\u00fdnd<\/h3><p>Fagrar unglegar konur me\u00f0 langt, laust h\u00e1r, oftast \u00ed hv\u00edtum kl\u00e6\u00f0um, oft v\u00e6ngja\u00f0ar e\u00f0a me\u00f0 h\u00e6fileika til a\u00f0 flj\u00faga. \u00cd sumum arfs\u00f6gnum hafa \u00fe\u00e6r geita- e\u00f0a hestaf\u00e6tur sem \u00fe\u00e6r fela undir kl\u00e6\u00f0unum.<\/p><h3>Heg\u00f0un<\/h3><p>\u00de\u00e6r dansa hringdans (<em>Kolo<\/em>) \u00e1 fjallav\u00f6llum, syngja, l\u00e6kna me\u00f0 jurtum og sp\u00e1 fyrir. Ef trufla\u00f0ar, hlusta\u00f0ar \u00e1 \u00ed leyni e\u00f0a m\u00f3\u00f0ga\u00f0ar, straffa \u00fe\u00e6r me\u00f0 sj\u00fakd\u00f3mi, l\u00f6mun, raddleysi e\u00f0a dansi til \u00f6rm\u00f6gnunar.<\/p><h3>Verksvi\u00f0<\/h3><p>Fjallstindar, sk\u00f3garrj\u00f3\u00f0ur, sk\u00fd, lindir og v\u00f6tn. \u00c1kve\u00f0nir sta\u00f0ir, hringdansar \u00ed grasi, st\u00f6k tr\u00e9, lindir, teljast vera sta\u00f0ir Wilu sem menn eiga a\u00f0 for\u00f0ast e\u00f0a ganga um me\u00f0 vir\u00f0ingu.<\/p><h3>Go\u00f0fr\u00e6\u00f0ileg sta\u00f0setning<\/h3><p>Wila telst til hinna tv\u00edbentu kvenkyns n\u00e1tt\u00faruv\u00e6tta slavneska heimsins, \u00e6ttartengd austurslavnesku <a href=\"https:\/\/iwell-guard.com\/is\/rusalka\/\">Rusalka<\/a>. H\u00fan sameinar tv\u00f6 l\u00f6g: s\u00e1l \u00f3endurleystrar l\u00e1tinnar og pers\u00f3nuger\u00f0an m\u00e1tt hinnar villtu n\u00e1tt\u00faru.<\/p>\t\t\t\t\t\t\t\t<\/div>\n\t\t\t\t<\/div>\n\t\t\t\t\t<\/div>\n\t\t\t\t<\/div>\n\t\t<div class=\"elementor-element elementor-element-44e71476 e-flex e-con-boxed e-con e-parent\" data-id=\"44e71476\" data-element_type=\"container\" data-e-type=\"container\">\n\t\t\t\t\t<div class=\"e-con-inner\">\n\t\t\t\t<div class=\"elementor-element elementor-element-3c1fc3f0 elementor-widget elementor-widget-heading\" data-id=\"3c1fc3f0\" data-element_type=\"widget\" data-e-type=\"widget\" data-widget_type=\"heading.default\">\n\t\t\t\t\t<h2 class=\"elementor-heading-title elementor-size-default\">Kynningarbla\u00f0: Wila<\/h2>\t\t\t\t<\/div>\n\t\t<div class=\"elementor-element elementor-element-84f33b8e e-con-full e-flex e-con e-child\" data-id=\"84f33b8e\" data-element_type=\"container\" data-e-type=\"container\">\n\t\t\t\t<div class=\"elementor-element elementor-element-hqkdc67p elementor-widget elementor-widget-text-editor\" data-id=\"hqkdc67p\" data-element_type=\"widget\" data-e-type=\"widget\" data-widget_type=\"text-editor.default\">\n\t\t\t\t\t\t\t\t\t<p>Mikilv\u00e6gustu \u00fe\u00e6ttir Wilu \u00ed hnotskurn.<\/p>\t\t\t\t\t\t\t\t<\/div>\n\t\t\t\t<\/div>\n\t\t<div class=\"elementor-element elementor-element-pemmx7c5 e-con-full e-flex e-con e-child\" data-id=\"pemmx7c5\" data-element_type=\"container\" data-e-type=\"container\">\n\t\t<div class=\"elementor-element elementor-element-pemmx7c1 e-con-full e-flex e-con e-child\" data-id=\"pemmx7c1\" data-element_type=\"container\" data-e-type=\"container\">\n\t\t<div class=\"elementor-element elementor-element-qh9oavvu iwg-steckbrief-card e-flex e-con-boxed e-con e-child\" data-id=\"qh9oavvu\" data-element_type=\"container\" data-e-type=\"container\">\n\t\t\t\t\t<div class=\"e-con-inner\">\n\t\t\t\t<div class=\"elementor-element elementor-element-awzx8k2k elementor-widget elementor-widget-heading\" data-id=\"awzx8k2k\" data-element_type=\"widget\" data-e-type=\"widget\" data-widget_type=\"heading.default\">\n\t\t\t\t\t<div class=\"elementor-heading-title elementor-size-default\">Menningarsamhengi<\/div>\t\t\t\t<\/div>\n\t\t\t\t<div class=\"elementor-element elementor-element-x6rowhv0 elementor-widget elementor-widget-text-editor\" data-id=\"x6rowhv0\" data-element_type=\"widget\" data-e-type=\"widget\" data-widget_type=\"text-editor.default\">\n\t\t\t\t\t\t\t\t\t<p>Kvenkyns n\u00e1tt\u00faruv\u00e6ttur su\u00f0urslavneskrar \u00fej\u00f3\u00f0tr\u00faar, tv\u00edbent milli l\u00e6kningar og straffs. \u00c6ttartengd austurslavnesku Rusalka.<\/p>\t\t\t\t\t\t\t\t<\/div>\n\t\t\t\t\t<\/div>\n\t\t\t\t<\/div>\n\t\t<div class=\"elementor-element elementor-element-8e3o4kxs iwg-steckbrief-card e-flex e-con-boxed e-con e-child\" data-id=\"8e3o4kxs\" data-element_type=\"container\" data-e-type=\"container\">\n\t\t\t\t\t<div class=\"e-con-inner\">\n\t\t\t\t<div class=\"elementor-element elementor-element-08rkdgov elementor-widget elementor-widget-heading\" data-id=\"08rkdgov\" data-element_type=\"widget\" data-e-type=\"widget\" data-widget_type=\"heading.default\">\n\t\t\t\t\t<div class=\"elementor-heading-title elementor-size-default\">Tengt vi\u00f0<\/div>\t\t\t\t<\/div>\n\t\t\t\t<div class=\"elementor-element elementor-element-uwjelx8s elementor-widget elementor-widget-text-editor\" data-id=\"uwjelx8s\" data-element_type=\"widget\" data-e-type=\"widget\" data-widget_type=\"text-editor.default\">\n\t\t\t\t\t\t\t\t\t<p>Vegfarendur, smalar og hetjur \u00ed fj\u00f6llunum, s\u00e9rstaklega \u00feeir sem trufla hringdans \u00feeirra, saurga lind \u00feeirra e\u00f0a hlusta \u00e1 \u00fe\u00e6r \u00ed leyni.<\/p>\t\t\t\t\t\t\t\t<\/div>\n\t\t\t\t\t<\/div>\n\t\t\t\t<\/div>\n\t\t<div class=\"elementor-element elementor-element-jm2n74ec iwg-steckbrief-card e-flex e-con-boxed e-con e-child\" data-id=\"jm2n74ec\" data-element_type=\"container\" data-e-type=\"container\">\n\t\t\t\t\t<div class=\"e-con-inner\">\n\t\t\t\t<div class=\"elementor-element elementor-element-8vufse4c elementor-widget elementor-widget-heading\" data-id=\"8vufse4c\" data-element_type=\"widget\" data-e-type=\"widget\" data-widget_type=\"heading.default\">\n\t\t\t\t\t<div class=\"elementor-heading-title elementor-size-default\">\u00c1s\u00fdnd Wilu<\/div>\t\t\t\t<\/div>\n\t\t\t\t<div class=\"elementor-element elementor-element-mwb9u015 elementor-widget elementor-widget-text-editor\" data-id=\"mwb9u015\" data-element_type=\"widget\" data-e-type=\"widget\" data-widget_type=\"text-editor.default\">\n\t\t\t\t\t\t\t\t\t<p>F\u00f6gur ung kona me\u00f0 langt laust h\u00e1r, hv\u00edt kl\u00e6\u00f0i, v\u00e6ngju\u00f0 e\u00f0a flj\u00fagandi; sums sta\u00f0ar me\u00f0 falda d\u00fdraf\u00e6tur.<\/p>\t\t\t\t\t\t\t\t<\/div>\n\t\t\t\t\t<\/div>\n\t\t\t\t<\/div>\n\t\t\t\t<\/div>\n\t\t<div class=\"elementor-element elementor-element-pemmx7c2 e-con-full e-flex e-con e-child\" data-id=\"pemmx7c2\" data-element_type=\"container\" data-e-type=\"container\">\n\t\t<div class=\"elementor-element elementor-element-37ss2yr6 iwg-steckbrief-card e-flex e-con-boxed e-con e-child\" data-id=\"37ss2yr6\" data-element_type=\"container\" data-e-type=\"container\">\n\t\t\t\t\t<div class=\"e-con-inner\">\n\t\t\t\t<div class=\"elementor-element elementor-element-3v0wp3wx elementor-widget elementor-widget-heading\" data-id=\"3v0wp3wx\" data-element_type=\"widget\" data-e-type=\"widget\" data-widget_type=\"heading.default\">\n\t\t\t\t\t<div class=\"elementor-heading-title elementor-size-default\">\u00c1hrif Wilu<\/div>\t\t\t\t<\/div>\n\t\t\t\t<div class=\"elementor-element elementor-element-w3247g2m elementor-widget elementor-widget-text-editor\" data-id=\"w3247g2m\" data-element_type=\"widget\" data-e-type=\"widget\" data-widget_type=\"text-editor.default\">\n\t\t\t\t\t\t\t\t\t<p>L\u00e6knar, sp\u00e1ir fyrir og hj\u00e1lpar hetjum; ef trufla\u00f0 straffar h\u00fan me\u00f0 sj\u00fakd\u00f3mi, l\u00f6mun e\u00f0a dansi til \u00f6rm\u00f6gnunar.<\/p>\t\t\t\t\t\t\t\t<\/div>\n\t\t\t\t\t<\/div>\n\t\t\t\t<\/div>\n\t\t<div class=\"elementor-element elementor-element-0qpjal9w iwg-steckbrief-card e-flex e-con-boxed e-con e-child\" data-id=\"0qpjal9w\" data-element_type=\"container\" data-e-type=\"container\">\n\t\t\t\t\t<div class=\"e-con-inner\">\n\t\t\t\t<div class=\"elementor-element elementor-element-6ndoih0o elementor-widget elementor-widget-heading\" data-id=\"6ndoih0o\" data-element_type=\"widget\" data-e-type=\"widget\" data-widget_type=\"heading.default\">\n\t\t\t\t\t<div class=\"elementor-heading-title elementor-size-default\">V\u00f6rn gegn Wilu<\/div>\t\t\t\t<\/div>\n\t\t\t\t<div class=\"elementor-element elementor-element-6684tyh9 elementor-widget elementor-widget-text-editor\" data-id=\"6684tyh9\" data-element_type=\"widget\" data-e-type=\"widget\" data-widget_type=\"text-editor.default\">\n\t\t\t\t\t\t\t\t\t<p>For\u00f0ast sta\u00f0i Wilu, trufla ekki hringdans hennar, halda lindum hreinum. Gjafir af bl\u00f3mum, k\u00f6kum og b\u00f6ndum vi\u00f0 tr\u00e9 Wilu voru taldar til s\u00e1ttar.<\/p>\t\t\t\t\t\t\t\t<\/div>\n\t\t\t\t\t<\/div>\n\t\t\t\t<\/div>\n\t\t<div class=\"elementor-element elementor-element-3lfi7x32 iwg-steckbrief-card e-flex e-con-boxed e-con e-child\" data-id=\"3lfi7x32\" data-element_type=\"container\" data-e-type=\"container\">\n\t\t\t\t\t<div class=\"e-con-inner\">\n\t\t\t\t<div class=\"elementor-element elementor-element-0kg99ga1 elementor-widget elementor-widget-heading\" data-id=\"0kg99ga1\" data-element_type=\"widget\" data-e-type=\"widget\" data-widget_type=\"heading.default\">\n\t\t\t\t\t<div class=\"elementor-heading-title elementor-size-default\">Tengdar verur<\/div>\t\t\t\t<\/div>\n\t\t\t\t<div class=\"elementor-element elementor-element-n0fum6kp elementor-widget elementor-widget-text-editor\" data-id=\"n0fum6kp\" data-element_type=\"widget\" data-e-type=\"widget\" data-widget_type=\"text-editor.default\">\n\t\t\t\t\t\t\t\t\t<p><a href=\"https:\/\/iwell-guard.com\/is\/rusalka\/\">Rusalka<\/a>, b\u00falgarska Samodiwa, n\u00fdmfur fornaldarhef\u00f0ar, \u00e1lfa- og d\u00edsal\u00edkar n\u00e1tt\u00faruv\u00e6ttur Evr\u00f3pu.<\/p>\t\t\t\t\t\t\t\t<\/div>\n\t\t\t\t\t<\/div>\n\t\t\t\t<\/div>\n\t\t\t\t<\/div>\n\t\t\t\t<\/div>\n\t\t\t\t\t<\/div>\n\t\t\t\t<\/div>\n\t\t<div class=\"elementor-element elementor-element-7533bc7a e-flex e-con-boxed e-con e-parent\" data-id=\"7533bc7a\" data-element_type=\"container\" data-e-type=\"container\">\n\t\t\t\t\t<div class=\"e-con-inner\">\n\t\t\t\t<div class=\"elementor-element elementor-element-2447d18d elementor-widget elementor-widget-heading\" data-id=\"2447d18d\" data-element_type=\"widget\" data-e-type=\"widget\" data-widget_type=\"heading.default\">\n\t\t\t\t\t<h2 class=\"elementor-heading-title elementor-size-default\">\u00c1rshringur og v\u00f6rn<\/h2>\t\t\t\t<\/div>\n\t\t<div class=\"elementor-element elementor-element-d5d0260c e-con-full e-flex e-con e-child\" data-id=\"d5d0260c\" data-element_type=\"container\" data-e-type=\"container\">\n\t\t\t\t<div class=\"elementor-element elementor-element-341be2ac elementor-widget elementor-widget-text-editor\" data-id=\"341be2ac\" data-element_type=\"widget\" data-e-type=\"widget\" data-widget_type=\"text-editor.default\">\n\t\t\t\t\t\t\t\t\t<h3>T\u00edmar Wilu<\/h3><p>H\u00e6ttulegustu t\u00edmarnir voru taldir h\u00e1degi og mi\u00f0n\u00e6tti auk vikanna \u00ed kringum hv\u00edtasunnu og J\u00f3nsmessu, \u00feegar Wilur dansa s\u00e9rstaklega \u00f6tullega. Smalar og vegfarendur for\u00f0u\u00f0ust \u00fe\u00e1 h\u00e1tt uppi liggjandi v\u00f6ll og st\u00f6k tr\u00e9.<\/p><h3>Varnar- og s\u00e1ttari\u00f0ja<\/h3><p>Menn sneiddu hj\u00e1 st\u00f6\u00f0um Wilu, truflu\u00f0u ekki hringdans \u00ed grasi og h\u00e9ldu lindum hreinum. Til s\u00e1tta lag\u00f0i f\u00f3lk bl\u00f3m, k\u00f6kur, hunang e\u00f0a litr\u00edk b\u00f6nd vi\u00f0 tr\u00e9 Wilu. Jurtakunnandi konur voru taldar f\u00e6rar um a\u00f0 leysa sj\u00fakd\u00f3ma sem Wilur h\u00f6f\u00f0u valdi\u00f0.<\/p><h3>Wila sem hj\u00e1lparhella<\/h3><p>Ekki voru \u00f6ll kynni \u00f3gnvekjandi: \u00cd hetjukve\u00f0skaparhef\u00f0inni ver\u00f0ur Wila kj\u00f6rsystir (<em>posestrima<\/em>) hetjunnar, varar hana vi\u00f0, l\u00e6knar s\u00e1r hennar og l\u00e1nar henni visku s\u00edna. Vir\u00f0uleg umgengni gat gert hi\u00f0 h\u00e6ttulega vald a\u00f0 bandamanni.<\/p>\t\t\t\t\t\t\t\t<\/div>\n\t\t\t\t<\/div>\n\t\t\t\t\t<\/div>\n\t\t\t\t<\/div>\n\t\t<div class=\"elementor-element elementor-element-5a584676 e-flex e-con-boxed e-con e-parent\" data-id=\"5a584676\" data-element_type=\"container\" data-e-type=\"container\">\n\t\t\t\t\t<div class=\"e-con-inner\">\n\t\t\t\t<div class=\"elementor-element elementor-element-6d0757bf elementor-widget elementor-widget-heading\" data-id=\"6d0757bf\" data-element_type=\"widget\" data-e-type=\"widget\" data-widget_type=\"heading.default\">\n\t\t\t\t\t<h2 class=\"elementor-heading-title elementor-size-default\">B\u00f3kmenntir og m\u00f3tt\u00f6kur<\/h2>\t\t\t\t<\/div>\n\t\t<div class=\"elementor-element elementor-element-60563f68 e-con-full e-flex e-con e-child\" data-id=\"60563f68\" data-element_type=\"container\" data-e-type=\"container\">\n\t\t\t\t<div class=\"elementor-element elementor-element-5a93fdd6 elementor-widget elementor-widget-text-editor\" data-id=\"5a93fdd6\" data-element_type=\"widget\" data-e-type=\"widget\" data-widget_type=\"text-editor.default\">\n\t\t\t\t\t\t\t\t\t<p><strong>Su\u00f0urslavnesk hetjulj\u00f3\u00f0ager\u00f0:<\/strong> \u00cd serbnesku hetjukv\u00e6\u00f0unum sem Vuk Karad\u017ei\u0107 safna\u00f0i er Wila hinn st\u00f6\u00f0ugi f\u00f6runautur Marko Kraljevi\u0107, hj\u00e1lparhella, vi\u00f0v\u00f6runarr\u00f6dd og f\u00f3sturystir. \u00deannig er h\u00fan ein af m\u00f3tandi pers\u00f3num balkneskrar hetjulj\u00f3\u00f0ager\u00f0ar.<\/p><p><strong>\u00dej\u00f3\u00f0kv\u00e6\u00f0i og <span class=\"iwg-fachbegriff\" data-tooltip=\"Hef\u00f0bundin ath\u00f6fn sem endurtekin er reglulega innan samf\u00e9lags.\" tabindex=\"0\">si\u00f0ur<\/span>:<\/strong> B\u00falg\u00f6rsk og maked\u00f3nsk Samodiwa-kv\u00e6\u00f0i halda pers\u00f3nunni lifandi fram \u00e1 20. \u00f6ld; \u00fej\u00f3\u00f0h\u00e1ttafr\u00e6\u00f0ilegar safnritanir skjalfesta fj\u00f6lmargar sta\u00f0bundnar \u00fatg\u00e1fur.<\/p><h3>N\u00fat\u00edmamenning<\/h3><p>Wila er s\u00fdnileg \u00ed b\u00f3kmenntum, dansi og d\u00e6gurmenningu Balkanskagans og er \u00ed n\u00fdhei\u00f0ni og <span class=\"iwg-fachbegriff\" data-tooltip=\"Samheiti yfir kenningar sem gera kr\u00f6fu um dulda \u00feekkingu sem a\u00f0eins innv\u00edg\u00f0ir hafa a\u00f0gang a\u00f0.\" tabindex=\"0\">es\u00f3terisma<\/span> t\u00falku\u00f0 sem <span class=\"iwg-fachbegriff\" data-tooltip=\"T\u00e1kn sem stendur fyrir hugmynd e\u00f0a merkingu.\" tabindex=\"0\">t\u00e1kn<\/span> kvenlegs n\u00e1tt\u00faruafls.<\/p>\t\t\t\t\t\t\t\t<\/div>\n\t\t\t\t<\/div>\n\t\t\t\t\t<\/div>\n\t\t\t\t<\/div>\n\t\t<div class=\"elementor-element elementor-element-36dd7469 e-flex e-con-boxed e-con e-parent\" data-id=\"36dd7469\" data-element_type=\"container\" data-e-type=\"container\">\n\t\t\t\t\t<div class=\"e-con-inner\">\n\t\t\t\t<div class=\"elementor-element elementor-element-13760ab4 elementor-widget elementor-widget-heading\" data-id=\"13760ab4\" data-element_type=\"widget\" data-e-type=\"widget\" data-widget_type=\"heading.default\">\n\t\t\t\t\t<div class=\"elementor-heading-title elementor-size-default\">\u00cdtarefni og tenglar<\/div>\t\t\t\t<\/div>\n\t\t<div class=\"elementor-element elementor-element-28c87796 e-con-full e-flex e-con e-child\" data-id=\"28c87796\" data-element_type=\"container\" data-e-type=\"container\">\n\t\t\t\t<div class=\"elementor-element elementor-element-5d6538df elementor-widget elementor-widget-text-editor\" data-id=\"5d6538df\" data-element_type=\"widget\" data-e-type=\"widget\" data-widget_type=\"text-editor.default\">\n\t\t\t\t\t\t\t\t\t<p>M\u00e6lt er me\u00f0 \u00feessum innri tenglum:<\/p><ul><li><a href=\"https:\/\/iwell-guard.com\/is\/slavnesk\/\">Slavneskt<\/a><\/li><li><a href=\"https:\/\/iwell-guard.com\/is\/rusalka\/\">Rusalka<\/a>, <a href=\"https:\/\/iwell-guard.com\/is\/baba-jaga\/\">Baba Jaga<\/a>, <a href=\"https:\/\/iwell-guard.com\/is\/?page_id=169092\">Leshy<\/a><\/li><li><a href=\"https:\/\/iwell-guard.com\/is\/skogarandar\/\">Sk\u00f3garv\u00e6ttir<\/a> (yfirlit flokks)<\/li><\/ul>\t\t\t\t\t\t\t\t<\/div>\n\t\t\t\t<\/div>\n\t\t\t\t\t<\/div>\n\t\t\t\t<\/div>\n\t\t<div class=\"elementor-element elementor-element-grl4kl40 e-flex e-con-boxed e-con e-parent\" data-id=\"grl4kl40\" data-element_type=\"container\" data-e-type=\"container\">\n\t\t\t\t\t<div class=\"e-con-inner\">\n\t\t\t\t<div class=\"elementor-element elementor-element-bzsbfrmh elementor-widget elementor-widget-heading\" data-id=\"bzsbfrmh\" data-element_type=\"widget\" data-e-type=\"widget\" data-widget_type=\"heading.default\">\n\t\t\t\t\t<h2 class=\"elementor-heading-title elementor-size-default\">Heimildir (\u00farval)<\/h2>\t\t\t\t<\/div>\n\t\t<div class=\"elementor-element elementor-element-2c13224a e-con-full e-flex e-con e-child\" data-id=\"2c13224a\" data-element_type=\"container\" data-e-type=\"container\">\n\t\t\t\t<div class=\"elementor-element elementor-element-0eymh9ub elementor-widget elementor-widget-text-editor\" data-id=\"0eymh9ub\" data-element_type=\"widget\" data-e-type=\"widget\" data-widget_type=\"text-editor.default\">\n\t\t\t\t\t\t\t\t\t<footer class=\"iwg-literatur\"><p>\u00darval helstu heimildarita um Wila:<\/p><ul><li><span data-nosnippet>Karad\u017ei\u0107, Vuk Stefanovi\u0107: <em>Srpske narodne pjesme<\/em>. V\u00edn 1841, 1862.<\/span><\/li><li><span data-nosnippet>P\u00f3cs, \u00c9va: <em>Fairies and Witches at the Boundary of South-Eastern and Central Europe<\/em>. Helsinki 1989.<\/span><\/li><li>\u0110or\u0111evi\u0107, Tihomir: <em>Ve\u0161tica i vila u na\u0161em narodnom verovanju<\/em>. Belgrad 1953.<\/li><\/ul>\n<p class=\"iwg-bib-more\"><span data-nosnippet>Fleiri grundvallarrit \u00ed <a href=\"https:\/\/iwell-guard.com\/is\/heimildaskra\/\">heimildaskr\u00e1nni<\/a>.<\/span><\/p><\/footer>\t\t\t\t\t\t\t\t<\/div>\n\t\t\t\t<\/div>\n\t\t\t\t\t<\/div>\n\t\t\t\t<\/div>\n\t\t<div class=\"elementor-element elementor-element-iwgca-rusalka-sec e-flex e-con-boxed e-con e-parent\" data-id=\"iwgca-rusalka-sec\" data-element_type=\"container\" data-e-type=\"container\" id=\"iwg-ca-rusalka\">\n\t\t\t\t\t<div class=\"e-con-inner\">\n\t\t\t\t<div class=\"elementor-element elementor-element-iwgca-rusalka-te iwg-ca-textwrap elementor-widget elementor-widget-text-editor\" data-id=\"iwgca-rusalka-te\" data-element_type=\"widget\" data-e-type=\"widget\" data-widget_type=\"text-editor.default\">\n\t\t\t\t\t\t\t\t\t<div data-nosnippet=\"true\"><p class=\"iwg-ca-bridge\">\u00de\u00e6r verndar- og v\u00f6rnarhef\u00f0ir sem l\u00fdst er h\u00e9r eru tr\u00faarfr\u00e6\u00f0ileg t\u00falkun \u00e1 r\u00f3tgr\u00f3inni \u00fej\u00f3\u00f0tr\u00fa. iWell Guard er hluti af menningars\u00f6gulegri hef\u00f0 verndargripa sem borin eru \u00e1 l\u00edkamanum og samt\u00edma\u00fatg\u00e1fa af henni. <a href=\"\/ueber-iwell-guard\/?utm_source=iwell-guard.com&#038;utm_medium=text-link&#038;utm_campaign=schadwesen-tradition\">Meira um iWell Guard \u2192<\/a><\/p><\/div>\t\t\t\t\t\t\t\t<\/div>\n\t\t\t\t\t<\/div>\n\t\t\t\t<\/div>\n\t\t\t\t<\/div>\n\t\t","protected":false},"excerpt":{"rendered":"","protected":false},"author":3,"featured_media":3392,"parent":0,"menu_order":0,"comment_status":"closed","ping_status":"closed","template":"elementor_header_footer","meta":{"_yoast_wpseo_focuskw":"Wila","_yoast_wpseo_title":"Wila - Kvenkyns n\u00e1tt\u00faruv\u00e6ttur fjalla, sk\u00f3ga og linda","_yoast_wpseo_metadesc":"Wila (Vila, Samodiva) er kvenkyns n\u00e1tt\u00faruv\u00e6ttur \u00ed su\u00f0urslavneskri \u00fej\u00f3\u00f0tr\u00fa: f\u00f6gur, forsp\u00e1 og h\u00e6ttuleg. Tr\u00faarbrag\u00f0afr\u00e6\u00f0ileg \u00fattekt.","_yoast_wpseo_meta-robots-noindex":"","_yoast_wpseo_canonical":"","_angie_page":false,"gefaehrdungsstufe":"2","wesen_kultur":"slawisch","wesen_klasse":"geister","footnotes":""},"categories":[],"class_list":["post-169021","page","type-page","status-publish","has-post-thumbnail","hentry"],"yoast_head":"<!-- This site is optimized with the Yoast SEO Premium plugin v27.7 (Yoast SEO v28.3) - https:\/\/yoast.com\/product\/yoast-seo-premium-wordpress\/ -->\n<title>Wila - Kvenkyns n\u00e1tt\u00faruv\u00e6ttur fjalla, sk\u00f3ga og linda<\/title>\n<meta name=\"description\" content=\"Wila (Vila, Samodiva) er kvenkyns n\u00e1tt\u00faruv\u00e6ttur \u00ed su\u00f0urslavneskri \u00fej\u00f3\u00f0tr\u00fa: f\u00f6gur, forsp\u00e1 og h\u00e6ttuleg. Tr\u00faarbrag\u00f0afr\u00e6\u00f0ileg \u00fattekt.\" \/>\n<meta name=\"robots\" content=\"index, follow, max-snippet:-1, max-image-preview:large, max-video-preview:-1\" \/>\n<link rel=\"canonical\" href=\"https:\/\/iwell-guard.com\/is\/wila-natturuvaettur-sudurslavneskrar-hefdar\/\" \/>\n<meta property=\"og:locale\" content=\"is_IS\" \/>\n<meta property=\"og:type\" content=\"article\" \/>\n<meta property=\"og:title\" content=\"Wila \u2013 n\u00e1tt\u00faruv\u00e6ttur su\u00f0urslavneskrar hef\u00f0ar\" \/>\n<meta property=\"og:description\" content=\"Wila (Vila, Samodiva) er kvenkyns n\u00e1tt\u00faruv\u00e6ttur \u00ed su\u00f0urslavneskri \u00fej\u00f3\u00f0tr\u00fa: f\u00f6gur, forsp\u00e1 og h\u00e6ttuleg. Tr\u00faarbrag\u00f0afr\u00e6\u00f0ileg \u00fattekt.\" \/>\n<meta property=\"og:url\" content=\"https:\/\/iwell-guard.com\/is\/wila-natturuvaettur-sudurslavneskrar-hefdar\/\" \/>\n<meta property=\"og:site_name\" content=\"iWell Guard\" \/>\n<meta property=\"article:modified_time\" content=\"2026-09-05T14:30:13+00:00\" \/>\n<meta property=\"og:image\" content=\"https:\/\/iwell-guard.com\/wp-content\/uploads\/2026\/05\/geister_slawisch_wila.webp\" \/>\n\t<meta property=\"og:image:width\" content=\"1024\" \/>\n\t<meta property=\"og:image:height\" content=\"1536\" \/>\n\t<meta property=\"og:image:type\" content=\"image\/webp\" \/>\n<meta name=\"twitter:card\" content=\"summary_large_image\" \/>\n<script type=\"application\/ld+json\" class=\"yoast-schema-graph\">{\"@context\":\"https:\\\/\\\/schema.org\",\"@graph\":[{\"@type\":\"WebPage\",\"@id\":\"https:\\\/\\\/iwell-guard.com\\\/is\\\/wila-natturuvaettur-sudurslavneskrar-hefdar\\\/\",\"url\":\"https:\\\/\\\/iwell-guard.com\\\/is\\\/wila-natturuvaettur-sudurslavneskrar-hefdar\\\/\",\"name\":\"Wila - Kvenkyns n\u00e1tt\u00faruv\u00e6ttur fjalla, sk\u00f3ga og linda\",\"isPartOf\":{\"@id\":\"https:\\\/\\\/iwell-guard.com\\\/is\\\/#website\"},\"primaryImageOfPage\":{\"@id\":\"https:\\\/\\\/iwell-guard.com\\\/is\\\/wila-natturuvaettur-sudurslavneskrar-hefdar\\\/#primaryimage\"},\"image\":{\"@id\":\"https:\\\/\\\/iwell-guard.com\\\/is\\\/wila-natturuvaettur-sudurslavneskrar-hefdar\\\/#primaryimage\"},\"thumbnailUrl\":\"https:\\\/\\\/iwell-guard.com\\\/wp-content\\\/uploads\\\/2026\\\/05\\\/geister_slawisch_wila.webp\",\"datePublished\":\"2026-09-05T14:04:53+00:00\",\"dateModified\":\"2026-09-05T14:30:13+00:00\",\"description\":\"Wila (Vila, Samodiva) er kvenkyns n\u00e1tt\u00faruv\u00e6ttur \u00ed su\u00f0urslavneskri \u00fej\u00f3\u00f0tr\u00fa: f\u00f6gur, forsp\u00e1 og h\u00e6ttuleg. Tr\u00faarbrag\u00f0afr\u00e6\u00f0ileg \u00fattekt.\",\"breadcrumb\":{\"@id\":\"https:\\\/\\\/iwell-guard.com\\\/is\\\/wila-natturuvaettur-sudurslavneskrar-hefdar\\\/#breadcrumb\"},\"inLanguage\":\"is\",\"potentialAction\":[{\"@type\":\"ReadAction\",\"target\":[\"https:\\\/\\\/iwell-guard.com\\\/is\\\/wila-natturuvaettur-sudurslavneskrar-hefdar\\\/\"]}]},{\"@type\":\"ImageObject\",\"inLanguage\":\"is\",\"@id\":\"https:\\\/\\\/iwell-guard.com\\\/is\\\/wila-natturuvaettur-sudurslavneskrar-hefdar\\\/#primaryimage\",\"url\":\"https:\\\/\\\/iwell-guard.com\\\/wp-content\\\/uploads\\\/2026\\\/05\\\/geister_slawisch_wila.webp\",\"contentUrl\":\"https:\\\/\\\/iwell-guard.com\\\/wp-content\\\/uploads\\\/2026\\\/05\\\/geister_slawisch_wila.webp\",\"width\":1024,\"height\":1536,\"caption\":\"Andar \u00far slavneskri hef\u00f0.\"},{\"@type\":\"BreadcrumbList\",\"@id\":\"https:\\\/\\\/iwell-guard.com\\\/is\\\/wila-natturuvaettur-sudurslavneskrar-hefdar\\\/#breadcrumb\",\"itemListElement\":[{\"@type\":\"ListItem\",\"position\":1,\"name\":\"Start\",\"item\":\"https:\\\/\\\/iwell-guard.com\\\/is\\\/?page_id=168580\"},{\"@type\":\"ListItem\",\"position\":2,\"name\":\"Wila \u2013 n\u00e1tt\u00faruv\u00e6ttur su\u00f0urslavneskrar hef\u00f0ar\"}]},{\"@type\":\"WebSite\",\"@id\":\"https:\\\/\\\/iwell-guard.com\\\/is\\\/#website\",\"url\":\"https:\\\/\\\/iwell-guard.com\\\/is\\\/\",\"name\":\"iWell Guard\",\"description\":\"Schutz vor dunklen Einfl\u00fcssen\",\"publisher\":{\"@id\":\"https:\\\/\\\/iwell-guard.com\\\/is\\\/#organization\"},\"potentialAction\":[{\"@type\":\"SearchAction\",\"target\":{\"@type\":\"EntryPoint\",\"urlTemplate\":\"https:\\\/\\\/iwell-guard.com\\\/is\\\/?s={search_term_string}\"},\"query-input\":{\"@type\":\"PropertyValueSpecification\",\"valueRequired\":true,\"valueName\":\"search_term_string\"}}],\"inLanguage\":\"is\"},{\"@type\":\"Organization\",\"@id\":\"https:\\\/\\\/iwell-guard.com\\\/is\\\/#organization\",\"name\":\"Ittermann electronic GmbH\",\"url\":\"https:\\\/\\\/iwell-guard.com\\\/is\\\/\",\"logo\":{\"@type\":\"ImageObject\",\"inLanguage\":\"is\",\"@id\":\"https:\\\/\\\/iwell-guard.com\\\/is\\\/#\\\/schema\\\/logo\\\/image\\\/\",\"url\":\"https:\\\/\\\/iwell-guard.com\\\/wp-content\\\/uploads\\\/2026\\\/05\\\/Ittermann-Logo-1182x237-1.png\",\"contentUrl\":\"https:\\\/\\\/iwell-guard.com\\\/wp-content\\\/uploads\\\/2026\\\/05\\\/Ittermann-Logo-1182x237-1.png\",\"width\":1182,\"height\":237,\"caption\":\"Ittermann electronic GmbH\"},\"image\":{\"@id\":\"https:\\\/\\\/iwell-guard.com\\\/is\\\/#\\\/schema\\\/logo\\\/image\\\/\"},\"sameAs\":[\"https:\\\/\\\/pantip.com\\\/profile\\\/9367242\",\"https:\\\/\\\/micro.blog\\\/iwellguard\",\"https:\\\/\\\/www.diggerslist.com\\\/iwellguard\\\/about\",\"https:\\\/\\\/skitterphoto.com\\\/photographers\\\/2870314\\\/iwell-guard\",\"https:\\\/\\\/iwellguard.wordpress.com\\\/2026\\\/06\\\/06\\\/iwell-guard\\\/\",\"https:\\\/\\\/hub.docker.com\\\/u\\\/iwellguard\",\"https:\\\/\\\/www.pinterest.com\\\/iwellguard\\\/\",\"https:\\\/\\\/bit.ly\\\/m\\\/iwellguard\",\"https:\\\/\\\/entre-vos-mains.alsace.eu\\\/profiles\\\/iwellguard\\\/activity\",\"https:\\\/\\\/gravatar.com\\\/reallybeded8fd34\",\"https:\\\/\\\/naijamatta.com\\\/iwellguard\",\"https:\\\/\\\/www.goodreads.com\\\/iwellguard\",\"https:\\\/\\\/profile.hatena.ne.jp\\\/iwellguard\\\/\",\"https:\\\/\\\/experiment.com\\\/users\\\/iwellguard\",\"https:\\\/\\\/wakelet.com\\\/@iWellGuard82270\",\"https:\\\/\\\/www.chordie.com\\\/forum\\\/profile.php?id=2555664\",\"https:\\\/\\\/www.instapaper.com\\\/p\\\/17757966\",\"https:\\\/\\\/www.mapleprimes.com\\\/users\\\/iwellguard\",\"https:\\\/\\\/businesslistingplus.com\\\/profile\\\/iwell-guard\\\/\",\"https:\\\/\\\/telegra.ph\\\/iWell-Guard-06-06\",\"https:\\\/\\\/pbase.com\\\/iwellguard\\\/iwellguard\",\"https:\\\/\\\/b.hatena.ne.jp\\\/iwellguard\\\/20260607#bookmark-4788405196491818882\",\"https:\\\/\\\/fliphtml5.com\\\/home\\\/iwellguard\",\"https:\\\/\\\/anyflip.com\\\/homepage\\\/cmiwl#About\",\"https:\\\/\\\/transfur.com\\\/Users\\\/iwellguard\",\"http:\\\/\\\/delphi.larsbo.org\\\/user\\\/iwellguard\",\"https:\\\/\\\/jobs.lajobsportal.org\\\/profiles\\\/8380803-iwell-guard\",\"https:\\\/\\\/md.chaosdorf.de\\\/s\\\/jfbe5SBdJD\",\"https:\\\/\\\/www.lingvolive.com\\\/en-us\\\/profile\\\/9ecaeaca-ce11-4e51-9e71-01d55e2bff36\\\/translations\",\"https:\\\/\\\/www.fitday.com\\\/fitness\\\/forums\\\/members\\\/iwellguard.html\",\"https:\\\/\\\/www.mymeetbook.com\\\/iwellguard\",\"https:\\\/\\\/pxhere.com\\\/en\\\/photographer-me\\\/5040798\",\"https:\\\/\\\/disqus.com\\\/by\\\/iwellguard\\\/about\\\/\",\"https:\\\/\\\/pastelink.net\\\/hjwciqwq\",\"https:\\\/\\\/pubhtml5.com\\\/homepage\\\/scjhn\\\/\",\"https:\\\/\\\/www.bitchute.com\\\/channel\\\/2O2eOKzNqujT\",\"https:\\\/\\\/audiomack.com\\\/iwellguard\"]},{\"@type\":\"Article\",\"@id\":\"https:\\\/\\\/iwell-guard.com\\\/is\\\/wila-natturuvaettur-sudurslavneskrar-hefdar\\\/#article\",\"isPartOf\":{\"@id\":\"https:\\\/\\\/iwell-guard.com\\\/is\\\/wila-natturuvaettur-sudurslavneskrar-hefdar\\\/\"},\"author\":{\"name\":\"Ralf Ittermann\",\"@id\":\"https:\\\/\\\/iwell-guard.com\\\/is\\\/#\\\/schema\\\/person\\\/ee2a27f1cac3406c7c6fb5820cb7349f\"},\"headline\":\"Wila \u2013 n\u00e1tt\u00faruv\u00e6ttur su\u00f0urslavneskrar hef\u00f0ar\",\"datePublished\":\"2026-09-05T14:04:53+00:00\",\"dateModified\":\"2026-09-05T14:30:13+00:00\",\"mainEntityOfPage\":{\"@id\":\"https:\\\/\\\/iwell-guard.com\\\/is\\\/wila-natturuvaettur-sudurslavneskrar-hefdar\\\/\"},\"publisher\":{\"@id\":\"https:\\\/\\\/iwell-guard.com\\\/is\\\/#organization\"},\"image\":{\"@id\":\"https:\\\/\\\/iwell-guard.com\\\/is\\\/wila-natturuvaettur-sudurslavneskrar-hefdar\\\/#primaryimage\"},\"thumbnailUrl\":\"https:\\\/\\\/iwell-guard.com\\\/wp-content\\\/uploads\\\/2026\\\/05\\\/geister_slawisch_wila.webp\",\"inLanguage\":\"is\",\"description\":\"Wila (Vila, Samodiva) er kvenkyns n\u00e1tt\u00faruv\u00e6ttur \u00ed su\u00f0urslavneskri \u00fej\u00f3\u00f0tr\u00fa: f\u00f6gur, forsp\u00e1 og h\u00e6ttuleg. Tr\u00faarbrag\u00f0afr\u00e6\u00f0ileg \u00fattekt.\"}]}<\/script>\n<!-- \/ Yoast SEO Premium plugin. -->","yoast_head_json":{"title":"Wila - Kvenkyns n\u00e1tt\u00faruv\u00e6ttur fjalla, sk\u00f3ga og linda","description":"Wila (Vila, Samodiva) er kvenkyns n\u00e1tt\u00faruv\u00e6ttur \u00ed su\u00f0urslavneskri \u00fej\u00f3\u00f0tr\u00fa: f\u00f6gur, forsp\u00e1 og h\u00e6ttuleg. Tr\u00faarbrag\u00f0afr\u00e6\u00f0ileg \u00fattekt.","robots":{"index":"index","follow":"follow","max-snippet":"max-snippet:-1","max-image-preview":"max-image-preview:large","max-video-preview":"max-video-preview:-1"},"canonical":"https:\/\/iwell-guard.com\/is\/wila-natturuvaettur-sudurslavneskrar-hefdar\/","og_locale":"is_IS","og_type":"article","og_title":"Wila \u2013 n\u00e1tt\u00faruv\u00e6ttur su\u00f0urslavneskrar hef\u00f0ar","og_description":"Wila (Vila, Samodiva) er kvenkyns n\u00e1tt\u00faruv\u00e6ttur \u00ed su\u00f0urslavneskri \u00fej\u00f3\u00f0tr\u00fa: f\u00f6gur, forsp\u00e1 og h\u00e6ttuleg. Tr\u00faarbrag\u00f0afr\u00e6\u00f0ileg \u00fattekt.","og_url":"https:\/\/iwell-guard.com\/is\/wila-natturuvaettur-sudurslavneskrar-hefdar\/","og_site_name":"iWell Guard","article_modified_time":"2026-09-05T14:30:13+00:00","og_image":[{"width":1024,"height":1536,"url":"https:\/\/iwell-guard.com\/wp-content\/uploads\/2026\/05\/geister_slawisch_wila.webp","type":"image\/webp"}],"twitter_card":"summary_large_image","schema":{"@context":"https:\/\/schema.org","@graph":[{"@type":"Article","@id":"https:\/\/iwell-guard.com\/is\/wila-natturuvaettur-sudurslavneskrar-hefdar\/#article","isPartOf":{"@id":"https:\/\/iwell-guard.com\/is\/wila-natturuvaettur-sudurslavneskrar-hefdar\/"},"author":{"name":"Ralf Ittermann","@id":"https:\/\/iwell-guard.com\/is\/#\/schema\/person\/ee2a27f1cac3406c7c6fb5820cb7349f"},"headline":"Wila \u2013 n\u00e1tt\u00faruv\u00e6ttur su\u00f0urslavneskrar hef\u00f0ar","datePublished":"2026-09-05T14:04:53+00:00","dateModified":"2026-09-05T14:30:13+00:00","mainEntityOfPage":{"@id":"https:\/\/iwell-guard.com\/is\/wila-natturuvaettur-sudurslavneskrar-hefdar\/"},"publisher":{"@id":"https:\/\/iwell-guard.com\/is\/#organization"},"image":{"@id":"https:\/\/iwell-guard.com\/is\/wila-natturuvaettur-sudurslavneskrar-hefdar\/#primaryimage"},"thumbnailUrl":"https:\/\/iwell-guard.com\/wp-content\/uploads\/2026\/05\/geister_slawisch_wila.webp","inLanguage":"is","description":"Wila (Vila, Samodiva) er kvenkyns n\u00e1tt\u00faruv\u00e6ttur \u00ed su\u00f0urslavneskri \u00fej\u00f3\u00f0tr\u00fa: f\u00f6gur, forsp\u00e1 og h\u00e6ttuleg. Tr\u00faarbrag\u00f0afr\u00e6\u00f0ileg \u00fattekt."},{"@type":"WebPage","@id":"https:\/\/iwell-guard.com\/is\/wila-natturuvaettur-sudurslavneskrar-hefdar\/","url":"https:\/\/iwell-guard.com\/is\/wila-natturuvaettur-sudurslavneskrar-hefdar\/","name":"Wila - Kvenkyns n\u00e1tt\u00faruv\u00e6ttur fjalla, sk\u00f3ga og linda","isPartOf":{"@id":"https:\/\/iwell-guard.com\/is\/#website"},"primaryImageOfPage":{"@id":"https:\/\/iwell-guard.com\/is\/wila-natturuvaettur-sudurslavneskrar-hefdar\/#primaryimage"},"image":{"@id":"https:\/\/iwell-guard.com\/is\/wila-natturuvaettur-sudurslavneskrar-hefdar\/#primaryimage"},"thumbnailUrl":"https:\/\/iwell-guard.com\/wp-content\/uploads\/2026\/05\/geister_slawisch_wila.webp","datePublished":"2026-09-05T14:04:53+00:00","dateModified":"2026-09-05T14:30:13+00:00","description":"Wila (Vila, Samodiva) er kvenkyns n\u00e1tt\u00faruv\u00e6ttur \u00ed su\u00f0urslavneskri \u00fej\u00f3\u00f0tr\u00fa: f\u00f6gur, forsp\u00e1 og h\u00e6ttuleg. Tr\u00faarbrag\u00f0afr\u00e6\u00f0ileg \u00fattekt.","breadcrumb":{"@id":"https:\/\/iwell-guard.com\/is\/wila-natturuvaettur-sudurslavneskrar-hefdar\/#breadcrumb"},"inLanguage":"is","potentialAction":[{"@type":"ReadAction","target":["https:\/\/iwell-guard.com\/is\/wila-natturuvaettur-sudurslavneskrar-hefdar\/"]}]},{"@type":"ImageObject","inLanguage":"is","@id":"https:\/\/iwell-guard.com\/is\/wila-natturuvaettur-sudurslavneskrar-hefdar\/#primaryimage","url":"https:\/\/iwell-guard.com\/wp-content\/uploads\/2026\/05\/geister_slawisch_wila.webp","contentUrl":"https:\/\/iwell-guard.com\/wp-content\/uploads\/2026\/05\/geister_slawisch_wila.webp","width":1024,"height":1536,"caption":"Andar \u00far slavneskri hef\u00f0."},{"@type":"BreadcrumbList","@id":"https:\/\/iwell-guard.com\/is\/wila-natturuvaettur-sudurslavneskrar-hefdar\/#breadcrumb","itemListElement":[{"@type":"ListItem","position":1,"name":"Start","item":"https:\/\/iwell-guard.com\/is\/?page_id=168580"},{"@type":"ListItem","position":2,"name":"Wila \u2013 n\u00e1tt\u00faruv\u00e6ttur su\u00f0urslavneskrar hef\u00f0ar"}]},{"@type":"WebSite","@id":"https:\/\/iwell-guard.com\/is\/#website","url":"https:\/\/iwell-guard.com\/is\/","name":"iWell Guard","description":"Schutz vor dunklen Einfl\u00fcssen","publisher":{"@id":"https:\/\/iwell-guard.com\/is\/#organization"},"potentialAction":[{"@type":"SearchAction","target":{"@type":"EntryPoint","urlTemplate":"https:\/\/iwell-guard.com\/is\/?s={search_term_string}"},"query-input":{"@type":"PropertyValueSpecification","valueRequired":true,"valueName":"search_term_string"}}],"inLanguage":"is"},{"@type":"Organization","@id":"https:\/\/iwell-guard.com\/is\/#organization","name":"Ittermann electronic GmbH","url":"https:\/\/iwell-guard.com\/is\/","logo":{"@type":"ImageObject","inLanguage":"is","@id":"https:\/\/iwell-guard.com\/is\/#\/schema\/logo\/image\/","url":"https:\/\/iwell-guard.com\/wp-content\/uploads\/2026\/05\/Ittermann-Logo-1182x237-1.png","contentUrl":"https:\/\/iwell-guard.com\/wp-content\/uploads\/2026\/05\/Ittermann-Logo-1182x237-1.png","width":1182,"height":237,"caption":"Ittermann electronic GmbH"},"image":{"@id":"https:\/\/iwell-guard.com\/is\/#\/schema\/logo\/image\/"},"sameAs":["https:\/\/pantip.com\/profile\/9367242","https:\/\/micro.blog\/iwellguard","https:\/\/www.diggerslist.com\/iwellguard\/about","https:\/\/skitterphoto.com\/photographers\/2870314\/iwell-guard","https:\/\/iwellguard.wordpress.com\/2026\/06\/06\/iwell-guard\/","https:\/\/hub.docker.com\/u\/iwellguard","https:\/\/www.pinterest.com\/iwellguard\/","https:\/\/bit.ly\/m\/iwellguard","https:\/\/entre-vos-mains.alsace.eu\/profiles\/iwellguard\/activity","https:\/\/gravatar.com\/reallybeded8fd34","https:\/\/naijamatta.com\/iwellguard","https:\/\/www.goodreads.com\/iwellguard","https:\/\/profile.hatena.ne.jp\/iwellguard\/","https:\/\/experiment.com\/users\/iwellguard","https:\/\/wakelet.com\/@iWellGuard82270","https:\/\/www.chordie.com\/forum\/profile.php?id=2555664","https:\/\/www.instapaper.com\/p\/17757966","https:\/\/www.mapleprimes.com\/users\/iwellguard","https:\/\/businesslistingplus.com\/profile\/iwell-guard\/","https:\/\/telegra.ph\/iWell-Guard-06-06","https:\/\/pbase.com\/iwellguard\/iwellguard","https:\/\/b.hatena.ne.jp\/iwellguard\/20260607#bookmark-4788405196491818882","https:\/\/fliphtml5.com\/home\/iwellguard","https:\/\/anyflip.com\/homepage\/cmiwl#About","https:\/\/transfur.com\/Users\/iwellguard","http:\/\/delphi.larsbo.org\/user\/iwellguard","https:\/\/jobs.lajobsportal.org\/profiles\/8380803-iwell-guard","https:\/\/md.chaosdorf.de\/s\/jfbe5SBdJD","https:\/\/www.lingvolive.com\/en-us\/profile\/9ecaeaca-ce11-4e51-9e71-01d55e2bff36\/translations","https:\/\/www.fitday.com\/fitness\/forums\/members\/iwellguard.html","https:\/\/www.mymeetbook.com\/iwellguard","https:\/\/pxhere.com\/en\/photographer-me\/5040798","https:\/\/disqus.com\/by\/iwellguard\/about\/","https:\/\/pastelink.net\/hjwciqwq","https:\/\/pubhtml5.com\/homepage\/scjhn\/","https:\/\/www.bitchute.com\/channel\/2O2eOKzNqujT","https:\/\/audiomack.com\/iwellguard"]},{"@type":"Person","@id":"https:\/\/iwell-guard.com\/is\/#\/schema\/person\/ee2a27f1cac3406c7c6fb5820cb7349f","name":"Ralf Ittermann","image":{"@type":"ImageObject","inLanguage":"is","@id":"https:\/\/secure.gravatar.com\/avatar\/073c0153e350a5005b68eb752b445fea71f6b24a26da9449ad7e155e6b446c9d?s=96&d=mm&r=g","url":"https:\/\/secure.gravatar.com\/avatar\/073c0153e350a5005b68eb752b445fea71f6b24a26da9449ad7e155e6b446c9d?s=96&d=mm&r=g","contentUrl":"https:\/\/secure.gravatar.com\/avatar\/073c0153e350a5005b68eb752b445fea71f6b24a26da9449ad7e155e6b446c9d?s=96&d=mm&r=g","caption":"Ralf Ittermann"},"givenName":"Ralf","familyName":"Ittermann","jobTitle":"Gesch\u00e4ftsf\u00fchrer und redaktioneller Verantwortlicher","url":"https:\/\/iwell-guard.com\/is\/author\/claude\/","description":"Ralf Ittermann ist Gesch\u00e4ftsf\u00fchrer der Ittermann electronic GmbH und redaktioneller Verantwortlicher des iWell-Guard-Lexikons. Er verbindet langj\u00e4hrige Erfahrung in der Pr\u00e4zisionsfertigung mit medialer Praxis und religionsgeschichtlicher Quellenarbeit.","worksFor":{"@type":"Organization","name":"Ittermann electronic GmbH","url":"https:\/\/ittermann.de\/","address":{"@type":"PostalAddress","streetAddress":"K\u00f6hlergasse 16-18","postalCode":"99842","addressLocality":"Ruhla","addressCountry":"DE"}},"knowsAbout":["Religionsgeschichte","Mythologie","Mediale Praxis","Energetische Diagnostik","Schutzpraxis","Volksglauben","Westliche Esoterik"]},{"@type":"Article","@id":"https:\/\/iwell-guard.com\/is\/wila-natturuvaettur-sudurslavneskrar-hefdar\/#article","isPartOf":{"@id":"https:\/\/iwell-guard.com\/is\/wila-natturuvaettur-sudurslavneskrar-hefdar\/"},"author":{"name":"Ralf Ittermann","@id":"https:\/\/iwell-guard.com\/is\/#\/schema\/person\/ee2a27f1cac3406c7c6fb5820cb7349f"},"headline":"Wila \u2013 n\u00e1tt\u00faruv\u00e6ttur su\u00f0urslavneskrar hef\u00f0ar","datePublished":"2026-09-05T14:04:53+00:00","dateModified":"2026-09-05T14:30:13+00:00","mainEntityOfPage":{"@id":"https:\/\/iwell-guard.com\/is\/wila-natturuvaettur-sudurslavneskrar-hefdar\/"},"publisher":{"@id":"https:\/\/iwell-guard.com\/is\/#organization"},"image":{"@id":"https:\/\/iwell-guard.com\/is\/wila-natturuvaettur-sudurslavneskrar-hefdar\/#primaryimage"},"thumbnailUrl":"https:\/\/iwell-guard.com\/wp-content\/uploads\/2026\/05\/geister_slawisch_wila.webp","inLanguage":"is","description":"Wila (Vila, Samodiva) er kvenkyns n\u00e1tt\u00faruv\u00e6ttur \u00ed su\u00f0urslavneskri \u00fej\u00f3\u00f0tr\u00fa: f\u00f6gur, forsp\u00e1 og h\u00e6ttuleg. Tr\u00faarbrag\u00f0afr\u00e6\u00f0ileg \u00fattekt."}]}},"_links":{"self":[{"href":"https:\/\/iwell-guard.com\/is\/wp-json\/wp\/v2\/pages\/169021","targetHints":{"allow":["GET"]}}],"collection":[{"href":"https:\/\/iwell-guard.com\/is\/wp-json\/wp\/v2\/pages"}],"about":[{"href":"https:\/\/iwell-guard.com\/is\/wp-json\/wp\/v2\/types\/page"}],"author":[{"embeddable":true,"href":"https:\/\/iwell-guard.com\/is\/wp-json\/wp\/v2\/users\/3"}],"replies":[{"embeddable":true,"href":"https:\/\/iwell-guard.com\/is\/wp-json\/wp\/v2\/comments?post=169021"}],"version-history":[{"count":0,"href":"https:\/\/iwell-guard.com\/is\/wp-json\/wp\/v2\/pages\/169021\/revisions"}],"wp:featuredmedia":[{"embeddable":true,"href":"https:\/\/iwell-guard.com\/is\/wp-json\/wp\/v2\/media\/3392"}],"wp:attachment":[{"href":"https:\/\/iwell-guard.com\/is\/wp-json\/wp\/v2\/media?parent=169021"}],"wp:term":[{"taxonomy":"category","embeddable":true,"href":"https:\/\/iwell-guard.com\/is\/wp-json\/wp\/v2\/categories?post=169021"}],"curies":[{"name":"wp","href":"https:\/\/api.w.org\/{rel}","templated":true}]}}