{"id":169020,"date":"2026-09-05T14:04:53","date_gmt":"2026-09-05T14:04:53","guid":{"rendered":"https:\/\/iwell-guard.com\/?page_id=169020"},"modified":"2026-09-05T14:30:12","modified_gmt":"2026-09-05T14:30:12","slug":"wodjanoi-vatnavaettur-slavneskrar-hefdar","status":"publish","type":"page","link":"https:\/\/iwell-guard.com\/is\/wodjanoi-vatnavaettur-slavneskrar-hefdar\/","title":{"rendered":"Wodjanoi \u2013 vatnav\u00e6ttur slavneskrar hef\u00f0ar"},"content":{"rendered":"\t\t<div data-elementor-type=\"wp-page\" data-elementor-id=\"169020\" class=\"elementor elementor-169020 elementor-2899 elementor-bc-flex-widget\" data-elementor-post-type=\"page\">\n\t\t\t\t<div class=\"elementor-element elementor-element-10fdade e-flex e-con-boxed e-con e-parent\" data-id=\"10fdade\" data-element_type=\"container\" data-e-type=\"container\" data-settings=\"{&quot;background_background&quot;:&quot;classic&quot;}\">\n\t\t\t\t\t<div class=\"e-con-inner\">\n\t\t<div class=\"elementor-element elementor-element-herohlft0 e-flex e-con-boxed e-con e-child\" data-id=\"herohlft0\" data-element_type=\"container\" data-e-type=\"container\">\n\t\t\t\t\t<div class=\"e-con-inner\">\n\t\t<div class=\"elementor-element elementor-element-c3ceb64 e-con-full e-flex e-con e-child\" data-id=\"c3ceb64\" data-element_type=\"container\" data-e-type=\"container\">\n\t\t\t\t<div class=\"elementor-element elementor-element-96ae5e1 elementor-widget elementor-widget-heading\" data-id=\"96ae5e1\" data-element_type=\"widget\" data-e-type=\"widget\" data-widget_type=\"heading.default\">\n\t\t\t\t\t<h1 class=\"elementor-heading-title elementor-size-default\">Wodjanoi, andi slavneskrar hef\u00f0ar<\/h1>\t\t\t\t<\/div>\n\t\t\t\t<div class=\"elementor-element elementor-element-e45238a elementor-widget elementor-widget-text-editor\" data-id=\"e45238a\" data-element_type=\"widget\" data-e-type=\"widget\" data-widget_type=\"text-editor.default\">\n\t\t\t\t\t\t\t\t\t<p><strong>Vatnav\u00e6tturinn, herra flj\u00f3ta, vatna og myllutjarna.<\/strong> Wodjanoi er talinn andi slavneskrar hef\u00f0ar og r\u00e6\u00f0ur yfir flj\u00f3tum, v\u00f6tnum og myllutj\u00f6rnum.<\/p>\t\t\t\t\t\t\t\t<\/div>\n\t\t\t\t<\/div>\n\t\t<div class=\"elementor-element elementor-element-klsbdg01 e-con-full e-flex e-con e-parent\" data-id=\"klsbdg01\" data-element_type=\"container\" data-e-type=\"container\">\n\t\t\t\t<div class=\"elementor-element elementor-element-klshtm01 elementor-widget elementor-widget-html\" data-id=\"klshtm01\" data-element_type=\"widget\" data-e-type=\"widget\" data-widget_type=\"html.default\">\n\t\t\t\t\t<div class=\"iwg-pill-row\"><span class=\"iwg-klasse-badge\" tabindex=\"0\" data-tooltip=\"Andi: \u00d3l\u00edkamleg e\u00f0a h\u00e1lfl\u00edkamleg vera, framli\u00f0nir, n\u00e1tt\u00faruv\u00e6ttir, heimilisandar e\u00f0a var\u00f0ar \u00e1 \u00fer\u00f6skuldum. Verkar \u00ed daglegu l\u00edfi, oft bundinn st\u00f6\u00f0um e\u00f0a fj\u00f6lskyldum.\">Andi<\/span><a href=\"https:\/\/iwell-guard.com\/is\/slavnesk\/\" class=\"iwg-kultur-badge\" tabindex=\"0\" data-tooltip=\"Slavnesk go\u00f0afr\u00e6\u00f0i og \u00fej\u00f3\u00f0tr\u00fa, kristnu\u00f0 fr\u00e1 10. \u00f6ld.\">Slavneskt<\/a><a href=\"https:\/\/iwell-guard.com\/is\/vatnaandar\/\" class=\"iwg-tradition-badge\" tabindex=\"0\" data-tooltip=\"Andar flj\u00f3ta, vatna, hafa, fjalla og sk\u00f3ga, t\u00e6landi, verndandi e\u00f0a h\u00e6ttulegir.\">N\u00e1tt\u00faruandi<\/a><\/div>\t\t\t\t<\/div>\n\t\t\t\t<\/div>\n\t\t<div class=\"elementor-element elementor-element-3f74855 e-con-full e-flex e-con e-child\" data-id=\"3f74855\" data-element_type=\"container\" data-e-type=\"container\">\n\t\t\t\t<div class=\"elementor-element elementor-element-1c30362 elementor-toc--minimized-on-tablet elementor-widget elementor-widget-table-of-contents\" data-id=\"1c30362\" data-element_type=\"widget\" data-e-type=\"widget\" data-settings=\"{&quot;exclude_headings_by_selector&quot;:[],&quot;no_headings_message&quot;:&quot;Engar undirfyrirsagnir fundust \\u00e1 \\u00feessari s\\u00ed\\u00f0u.&quot;,&quot;headings_by_tags&quot;:[&quot;h2&quot;,&quot;h3&quot;],&quot;marker_view&quot;:&quot;bullets&quot;,&quot;icon&quot;:{&quot;value&quot;:&quot;fas fa-circle&quot;,&quot;library&quot;:&quot;fa-solid&quot;,&quot;rendered_tag&quot;:&quot;&lt;svg class=\\&quot;e-font-icon-svg e-fas-circle\\&quot; viewBox=\\&quot;0 0 512 512\\&quot; xmlns=\\&quot;http:\\\/\\\/www.w3.org\\\/2000\\\/svg\\&quot;&gt;&lt;path d=\\&quot;M256 8C119 8 8 119 8 256s111 248 248 248 248-111 248-248S393 8 256 8z\\&quot;&gt;&lt;\\\/path&gt;&lt;\\\/svg&gt;&quot;},&quot;minimize_box&quot;:&quot;yes&quot;,&quot;minimized_on&quot;:&quot;tablet&quot;,&quot;hierarchical_view&quot;:&quot;yes&quot;,&quot;min_height&quot;:{&quot;unit&quot;:&quot;px&quot;,&quot;size&quot;:&quot;&quot;,&quot;sizes&quot;:[]},&quot;min_height_tablet&quot;:{&quot;unit&quot;:&quot;px&quot;,&quot;size&quot;:&quot;&quot;,&quot;sizes&quot;:[]},&quot;min_height_mobile&quot;:{&quot;unit&quot;:&quot;px&quot;,&quot;size&quot;:&quot;&quot;,&quot;sizes&quot;:[]}}\" data-widget_type=\"table-of-contents.default\">\n\t\t\t\t\t\t\t\t\t<div class=\"elementor-toc__header\">\n\t\t\t\t\t\t<h2 class=\"elementor-toc__header-title\">\n\t\t\t\tEfnisyfirlit\t\t\t<\/h2>\n\t\t\t\t\t\t\t\t\t\t<div class=\"elementor-toc__toggle-button elementor-toc__toggle-button--expand\" role=\"button\" tabindex=\"0\" aria-controls=\"elementor-toc__1c30362\" aria-expanded=\"true\" aria-label=\"Open table of contents\"><svg aria-hidden=\"true\" class=\"e-font-icon-svg e-fas-chevron-down\" viewBox=\"0 0 448 512\" xmlns=\"http:\/\/www.w3.org\/2000\/svg\"><path d=\"M207.029 381.476L12.686 187.132c-9.373-9.373-9.373-24.569 0-33.941l22.667-22.667c9.357-9.357 24.522-9.375 33.901-.04L224 284.505l154.745-154.021c9.379-9.335 24.544-9.317 33.901.04l22.667 22.667c9.373 9.373 9.373 24.569 0 33.941L240.971 381.476c-9.373 9.372-24.569 9.372-33.942 0z\"><\/path><\/svg><\/div>\n\t\t\t\t<div class=\"elementor-toc__toggle-button elementor-toc__toggle-button--collapse\" role=\"button\" tabindex=\"0\" aria-controls=\"elementor-toc__1c30362\" aria-expanded=\"true\" aria-label=\"Close table of contents\"><svg aria-hidden=\"true\" class=\"e-font-icon-svg e-fas-chevron-up\" viewBox=\"0 0 448 512\" xmlns=\"http:\/\/www.w3.org\/2000\/svg\"><path d=\"M240.971 130.524l194.343 194.343c9.373 9.373 9.373 24.569 0 33.941l-22.667 22.667c-9.357 9.357-24.522 9.375-33.901.04L224 227.495 69.255 381.516c-9.379 9.335-24.544 9.317-33.901-.04l-22.667-22.667c-9.373-9.373-9.373-24.569 0-33.941L207.03 130.525c9.372-9.373 24.568-9.373 33.941-.001z\"><\/path><\/svg><\/div>\n\t\t\t\t\t<\/div>\n\t\t\t\t<div id=\"elementor-toc__1c30362\" class=\"elementor-toc__body\">\n\t\t\t<div class=\"elementor-toc__spinner-container\">\n\t\t\t\t<svg class=\"elementor-toc__spinner eicon-animation-spin e-font-icon-svg e-eicon-loading\" aria-hidden=\"true\" viewBox=\"0 0 1000 1000\" xmlns=\"http:\/\/www.w3.org\/2000\/svg\"><path d=\"M500 975V858C696 858 858 696 858 500S696 142 500 142 142 304 142 500H25C25 237 238 25 500 25S975 237 975 500 763 975 500 975Z\"><\/path><\/svg>\t\t\t<\/div>\n\t\t<\/div>\n\t\t\t\t\t\t<\/div>\n\t\t\t\t<\/div>\n\t\t\t\t\t<\/div>\n\t\t\t\t<\/div>\n\t\t<div class=\"elementor-element elementor-element-herorght0 e-con-full e-flex e-con e-child\" data-id=\"herorght0\" data-element_type=\"container\" data-e-type=\"container\">\n\t\t\t\t<\/div>\n\t\t\t\t\t<\/div>\n\t\t\t\t<\/div>\n\t\t<div class=\"elementor-element elementor-element-32917199 e-flex e-con-boxed e-con e-parent\" data-id=\"32917199\" data-element_type=\"container\" data-e-type=\"container\">\n\t\t\t\t\t<div class=\"e-con-inner\">\n\t\t<div class=\"elementor-element elementor-element-26e916cb e-flex e-con-boxed e-con e-child\" data-id=\"26e916cb\" data-element_type=\"container\" data-e-type=\"container\">\n\t\t\t\t\t<div class=\"e-con-inner\">\n\t\t<div class=\"elementor-element elementor-element-253a40d4 e-flex e-con-boxed e-con e-child\" data-id=\"253a40d4\" data-element_type=\"container\" data-e-type=\"container\">\n\t\t\t\t\t<div class=\"e-con-inner\">\n\t\t\t\t<div class=\"elementor-element elementor-element-1200c304 elementor-widget elementor-widget-heading\" data-id=\"1200c304\" data-element_type=\"widget\" data-e-type=\"widget\" data-widget_type=\"heading.default\">\n\t\t\t\t\t<div class=\"elementor-heading-title elementor-size-default\">Wodjanoi<\/div>\t\t\t\t<\/div>\n\t\t\t\t<div class=\"elementor-element elementor-element-11758e7f elementor-widget elementor-widget-text-editor\" data-id=\"11758e7f\" data-element_type=\"widget\" data-e-type=\"widget\" data-widget_type=\"text-editor.default\">\n\t\t\t\t\t\t\t\t\t<p>Wodjanoi (r\u00fassneska \u0412\u043e\u0434\u044f\u043d\u043e\u0439, af <em>voda<\/em>, \u201evatn\u201c) er karlkyns vatnav\u00e6ttur slavneskrar <span class=\"iwg-fachbegriff\" data-tooltip=\"Hin var\u00f0veitta \u00fej\u00f3\u00f0menning me\u00f0 si\u00f0um, s\u00f6gnum og s\u00f6ngvum.\" tabindex=\"0\">\u00fej\u00f3\u00f0menningar<\/span> og hli\u00f0st\u00e6\u00f0a kvenkyns <a href=\"https:\/\/iwell-guard.com\/is\/rusalka\/\">Rus\u00f6lku<\/a>. Hann er talinn herra \u00e1kve\u00f0ins vatns, \u00e1kve\u00f0ins flj\u00f3tskafla, vatns, m\u00fdrar e\u00f0a \u00fe\u00e1 s\u00e9rstaklega myllutjarnar, og \u00feolir \u00fear enga \u00f3a\u00f0g\u00e6tni.<\/p><p>S\u00e1 sem ba\u00f0ar sig \u00e1n kross, syndir \u00e1 h\u00e1degi e\u00f0a mi\u00f0n\u00e6tti e\u00f0a saurgar vatni\u00f0 sitt, h\u00e6ttir \u00e1 a\u00f0 hann dragi hann ni\u00f0ur \u00ed dj\u00fapi\u00f0.<\/p><p>\u00cd austurslavneskri hef\u00f0 stendur Wodjanoi \u00ed s\u00e9rst\u00f6ku sambandi vi\u00f0 myllumenn: a\u00f0 \u00fej\u00f3\u00f0tr\u00fa s\u00f6g\u00f0u ger\u00f0u myllumenn s\u00e1ttm\u00e1la vi\u00f0 hann, f\u00f3rnu\u00f0u honum d\u00fdrum e\u00f0a fyrsta handfylli af mj\u00f6li og trygg\u00f0u \u00feannig a\u00f0 myllan hj\u00f3la\u00f0i \u00e1fram.<\/p><p>Wodjanoi er \u00feannig s\u00ed\u00f0ur hreinn skelfingarandi en tv\u00edr\u00e6\u00f0 sta\u00f0bundin m\u00e1ttarvera: h\u00e6ttulegur \u00feeim sem er k\u00e6rulaus, en fyrirsj\u00e1anlegur og fri\u00f0anlegur \u00feeim sem vir\u00f0ir reglur vatnsins.<\/p>\t\t\t\t\t\t\t\t<\/div>\n\t\t\t\t\t<\/div>\n\t\t\t\t<\/div>\n\t\t<div class=\"elementor-element elementor-element-159dcf9a e-flex e-con-boxed e-con e-child\" data-id=\"159dcf9a\" data-element_type=\"container\" data-e-type=\"container\">\n\t\t\t\t\t<div class=\"e-con-inner\">\n\t\t\t\t<div class=\"elementor-element elementor-element-48cee66f elementor-widget elementor-widget-heading\" data-id=\"48cee66f\" data-element_type=\"widget\" data-e-type=\"widget\" data-widget_type=\"heading.default\">\n\t\t\t\t\t<h2 class=\"elementor-heading-title elementor-size-default\">\u00cd hnotskurn: Wodjanoi<\/h2>\t\t\t\t<\/div>\n\t\t\t\t<div class=\"elementor-element elementor-element-3f50d82c elementor-widget elementor-widget-text-editor\" data-id=\"3f50d82c\" data-element_type=\"widget\" data-e-type=\"widget\" data-widget_type=\"text-editor.default\">\n\t\t\t\t\t\t\t\t\t<p><strong>Tegund:<\/strong> karlkyns vatnav\u00e6ttur, sta\u00f0arherra \u00e1kve\u00f0ins vatns<br>Uppruni: forkristin slavnesk n\u00e1tt\u00farutr\u00fa, kristnu\u00f0 s\u00ed\u00f0ar<br>Textar: austur- og vesturslavneskar \u00fej\u00f3\u00f0s\u00f6gur, \u00fej\u00f3\u00f0h\u00e1ttafr\u00e6\u00f0i 19. aldar<br>T\u00edmabil: <span class=\"iwg-fachbegriff\" data-tooltip=\"Fr\u00e1 t\u00edmanum \u00e1\u00f0ur en kristni breiddist \u00fat.\" tabindex=\"0\">forkristi\u00f0<\/span> til n\u00fat\u00edmans<br>B\u00fasv\u00e6\u00f0i: flj\u00f3t, v\u00f6tn, m\u00fdrar, s\u00e9rstaklega myllutjarnir<\/p>\t\t\t\t\t\t\t\t<\/div>\n\t\t\t\t\t<\/div>\n\t\t\t\t<\/div>\n\t\t\t\t\t<\/div>\n\t\t\t\t<\/div>\n\t\t\t\t\t<\/div>\n\t\t\t\t<\/div>\n\t\t<div class=\"elementor-element elementor-element-18613602 e-flex e-con-boxed e-con e-parent\" data-id=\"18613602\" data-element_type=\"container\" data-e-type=\"container\">\n\t\t\t\t\t<div class=\"e-con-inner\">\n\t\t\t\t<div class=\"elementor-element elementor-element-262b8a9f elementor-widget elementor-widget-heading\" data-id=\"262b8a9f\" data-element_type=\"widget\" data-e-type=\"widget\" data-widget_type=\"heading.default\">\n\t\t\t\t\t<h2 class=\"elementor-heading-title elementor-size-default\">S\u00f6guleg sta\u00f0setning<\/h2>\t\t\t\t<\/div>\n\t\t<div class=\"elementor-element elementor-element-46dcb7d e-con-full e-flex e-con e-child\" data-id=\"46dcb7d\" data-element_type=\"container\" data-e-type=\"container\">\n\t\t<div class=\"elementor-element elementor-element-61d3ab3 e-flex e-con-boxed e-con e-child\" data-id=\"61d3ab3\" data-element_type=\"container\" data-e-type=\"container\">\n\t\t\t\t\t<div class=\"e-con-inner\">\n\t\t\t\t<div class=\"elementor-element elementor-element-117c166 elementor-widget elementor-widget-heading\" data-id=\"117c166\" data-element_type=\"widget\" data-e-type=\"widget\" data-widget_type=\"heading.default\">\n\t\t\t\t\t<h3 class=\"elementor-heading-title elementor-size-default\">T\u00edmabil textanna<\/h3>\t\t\t\t<\/div>\n\t\t\t\t<div class=\"elementor-element elementor-element-73997a0 elementor-widget elementor-widget-text-editor\" data-id=\"73997a0\" data-element_type=\"widget\" data-e-type=\"widget\" data-widget_type=\"text-editor.default\">\n\t\t\t\t\t\t\t\t\t<p>Forkristin slavnesk hef\u00f0, r\u00edkulega var\u00f0veitt sem \u00fej\u00f3\u00f0tr\u00fa eftir kristnit\u00f6ku. \u00de\u00e9tt s\u00f6fnunart\u00edmabil \u00e1 19. \u00f6ld hj\u00e1 Afanasjev og \u00ed r\u00fassneskri og \u00fakra\u00ednskri \u00fej\u00f3\u00f0h\u00e1ttafr\u00e6\u00f0i; skjalfest \u00ed \u00fej\u00f3\u00f0sagnas\u00f6fnum til \u00feessa dags.<\/p>\t\t\t\t\t\t\t\t<\/div>\n\t\t\t\t\t<\/div>\n\t\t\t\t<\/div>\n\t\t<div class=\"elementor-element elementor-element-d47b156 e-flex e-con-boxed e-con e-child\" data-id=\"d47b156\" data-element_type=\"container\" data-e-type=\"container\">\n\t\t\t\t\t<div class=\"e-con-inner\">\n\t\t\t\t<div class=\"elementor-element elementor-element-ff38c2b elementor-widget elementor-widget-heading\" data-id=\"ff38c2b\" data-element_type=\"widget\" data-e-type=\"widget\" data-widget_type=\"heading.default\">\n\t\t\t\t\t<h3 class=\"elementor-heading-title elementor-size-default\">\u00datbrei\u00f0slusv\u00e6\u00f0i<\/h3>\t\t\t\t<\/div>\n\t\t\t\t<div class=\"elementor-element elementor-element-4e49fcc elementor-widget elementor-widget-text-editor\" data-id=\"4e49fcc\" data-element_type=\"widget\" data-e-type=\"widget\" data-widget_type=\"text-editor.default\">\n\t\t\t\t\t\t\t\t\t<p>Austurslavneskt (r\u00fassn. \u0412\u043e\u0434\u044f\u043d\u043e\u0439, \u00fakr. \u0412\u043e\u0434\u044f\u043d\u0438\u043a) sem kjarnasv\u00e6\u00f0i, vesturslavneskt sem Wodnik (p\u00f3lska) og Vodn\u00edk (t\u00e9kkneska). Sv\u00e6\u00f0isbundi\u00f0 er \u00e1herslan mismunandi, \u00fdmist myllutjarnarherra, \u00fdmist m\u00fdrar- og flj\u00f3tsandi, en grunnmyndin af karlkyns vatnsherra er \u00e1vallt greinanleg.<\/p>\t\t\t\t\t\t\t\t<\/div>\n\t\t\t\t\t<\/div>\n\t\t\t\t<\/div>\n\t\t\t\t<\/div>\n\t\t<div class=\"elementor-element elementor-element-db03c39 e-con-full e-flex e-con e-child\" data-id=\"db03c39\" data-element_type=\"container\" data-e-type=\"container\">\n\t\t<div class=\"elementor-element elementor-element-229a87b e-flex e-con-boxed e-con e-child\" data-id=\"229a87b\" data-element_type=\"container\" data-e-type=\"container\">\n\t\t\t\t\t<div class=\"e-con-inner\">\n\t\t\t\t<div class=\"elementor-element elementor-element-1f471fc elementor-widget elementor-widget-heading\" data-id=\"1f471fc\" data-element_type=\"widget\" data-e-type=\"widget\" data-widget_type=\"heading.default\">\n\t\t\t\t\t<h3 class=\"elementor-heading-title elementor-size-default\">Heimildasta\u00f0a<\/h3>\t\t\t\t<\/div>\n\t\t\t\t<div class=\"elementor-element elementor-element-36b1201 elementor-widget elementor-widget-text-editor\" data-id=\"36b1201\" data-element_type=\"widget\" data-e-type=\"widget\" data-widget_type=\"text-editor.default\">\n\t\t\t\t\t\t\t\t\t<p>R\u00fassneskar \u00fej\u00f3\u00f0s\u00f6gur (Afanasjev), \u00fakra\u00ednsk og hv\u00edtr\u00fassnesk \u00fej\u00f3\u00f0h\u00e1ttafr\u00e6\u00f0i, t\u00e9kknesk s\u00f6fn (K. J. Erben), n\u00fat\u00edma slavnesk \u00fej\u00f3\u00f0sagnafr\u00e6\u00f0i (Pomerantseva, Toporkov).<\/p>\t\t\t\t\t\t\t\t<\/div>\n\t\t\t\t\t<\/div>\n\t\t\t\t<\/div>\n\t\t\t\t<\/div>\n\t\t\t\t\t<\/div>\n\t\t\t\t<\/div>\n\t\t<div class=\"elementor-element elementor-element-3ae0637c e-flex e-con-boxed e-con e-parent\" data-id=\"3ae0637c\" data-element_type=\"container\" data-e-type=\"container\">\n\t\t\t\t\t<div class=\"e-con-inner\">\n\t\t\t\t<div class=\"elementor-element elementor-element-31d07739 elementor-widget elementor-widget-heading\" data-id=\"31d07739\" data-element_type=\"widget\" data-e-type=\"widget\" data-widget_type=\"heading.default\">\n\t\t\t\t\t<h2 class=\"elementor-heading-title elementor-size-default\">Nafn og heiti<\/h2>\t\t\t\t<\/div>\n\t\t<div class=\"elementor-element elementor-element-b7642947 e-con-full e-flex e-con e-child\" data-id=\"b7642947\" data-element_type=\"container\" data-e-type=\"container\">\n\t\t\t\t<div class=\"elementor-element elementor-element-a086266 elementor-widget elementor-widget-text-editor\" data-id=\"a086266\" data-element_type=\"widget\" data-e-type=\"widget\" data-widget_type=\"text-editor.default\">\n\t\t\t\t\t\t\t\t\t<p><strong>R\u00fassneska:<\/strong> <em>Wodjanoi<\/em> (\u0412\u043e\u0434\u044f\u043d\u043e\u0439), einnig <em>Wodjanik<\/em>.<br>\u00dakra\u00ednska: <em>Wodjanyk<\/em>. P\u00f3lska: <em>Wodnik<\/em>. T\u00e9kkneska\/sl\u00f3vak\u00edska: <em>Vodn\u00edk<\/em>.<br>Or\u00f0sifjar: gagns\u00e6 leidd af frumslavnesku <em>voda<\/em> (\u201evatn\u201c), b\u00f3kstaflega \u201es\u00e1 sem tilheyrir vatninu\u201c.<\/p><p><span data-nosnippet>T\u00e9kkneski Vodn\u00edk hefur fengi\u00f0 s\u00e9rstakan bl\u00e6 \u00ed b\u00f3kmenntum: K. J. Erben helgar honum lj\u00f3\u00f0i\u00f0 \u201eVodn\u00edk\u201c \u00ed lj\u00f3\u00f0asafninu <em>Kytice<\/em> (1853), og Dvo\u0159\u00e1k t\u00f3nsetur \u00fea\u00f0 1896 sem sinf\u00f3n\u00edulj\u00f3\u00f0. \u00dear birtist hann sem gr\u00e6nkl\u00e6ddur vatnav\u00e6ttur sem var\u00f0veitir s\u00e1lir drukkna\u00f0ra \u00ed bollum undir vatni.<\/span><\/p>\t\t\t\t\t\t\t\t<\/div>\n\t\t\t\t<\/div>\n\t\t\t\t\t<\/div>\n\t\t\t\t<\/div>\n\t\t<div class=\"elementor-element elementor-element-709a44a8 e-flex e-con-boxed e-con e-parent\" data-id=\"709a44a8\" data-element_type=\"container\" data-e-type=\"container\">\n\t\t\t\t\t<div class=\"e-con-inner\">\n\t\t\t\t<div class=\"elementor-element elementor-element-2f585873 elementor-widget elementor-widget-heading\" data-id=\"2f585873\" data-element_type=\"widget\" data-e-type=\"widget\" data-widget_type=\"heading.default\">\n\t\t\t\t\t<h2 class=\"elementor-heading-title elementor-size-default\">Einkenni<\/h2>\t\t\t\t<\/div>\n\t\t<div class=\"elementor-element elementor-element-70621c12 e-con-full e-flex e-con e-child\" data-id=\"70621c12\" data-element_type=\"container\" data-e-type=\"container\">\n\t\t\t\t<div class=\"elementor-element elementor-element-4296eb49 elementor-widget elementor-widget-text-editor\" data-id=\"4296eb49\" data-element_type=\"widget\" data-e-type=\"widget\" data-widget_type=\"text-editor.default\">\n\t\t\t\t\t\t\t\t\t<h3>\u00datlit<\/h3><p>Oftast gamall ma\u00f0ur me\u00f0 gr\u00e6nt skegg og gr\u00e6nt h\u00e1r, l\u00edkaminn \u00fer\u00fatinn, \u00feakinn hreistri, \u00feangi e\u00f0a le\u00f0ju, stundum me\u00f0 sundfitum e\u00f0a himnum. Hann getur breytt gervi s\u00ednu og birst sem fiskur, trj\u00e1bolur e\u00f0a d\u00fdr.<\/p><h3>H\u00e1tterni<\/h3><p>Hann dregur \u00f3vark\u00e1ra sundmenn, b\u00faf\u00e9na\u00f0 og \u00fevottakonur ni\u00f0ur \u00ed dj\u00fapi\u00f0, ey\u00f0ileggur d\u00e6mi og myllutjarnir s\u00e9 hann vanvirtur. En s\u00e9 hann fri\u00f0a\u00f0ur me\u00f0 <span class=\"iwg-fachbegriff\" data-tooltip=\"Gj\u00f6f til gu\u00f0s til a\u00f0 tj\u00e1 \u00feakkl\u00e6ti, b\u00f3n e\u00f0a lotningu.\" tabindex=\"0\">f\u00f3rnum<\/span> og vir\u00f0ingu, l\u00e6tur hann fiskvei\u00f0ar og myllu bl\u00f3mstra.<\/p><h3>Verksvi\u00f0<\/h3><p>\u00c1kve\u00f0i\u00f0, afmarka\u00f0 vatn: flj\u00f3tskafli, vatn, m\u00fdri e\u00f0a myllutj\u00f6rn. M\u00e1ttur hans er bundinn \u00feeim sta\u00f0; \u00e1 landi er hann m\u00e1ttlaus. H\u00e1degi, mi\u00f0n\u00f3tt og t\u00edminn eftir s\u00f3lsetur eru taldir h\u00e6ttulegustu stundir hans.<\/p><h3>Go\u00f0sagnafr\u00e6\u00f0ileg sta\u00f0setning<\/h3><p>Wodjanoi tilheyrir h\u00f3pi sta\u00f0bundinna n\u00e1tt\u00faruanda (\u00e1samt <a href=\"https:\/\/iwell-guard.com\/is\/?page_id=169092\">Leshy<\/a> fyrir sk\u00f3ginn og heimilisandanum <a href=\"https:\/\/iwell-guard.com\/is\/domovoi\/\">Domovoi<\/a>). Hann t\u00e1knar vatni\u00f0 sem tv\u00edr\u00e6\u00f0an m\u00e1tt, l\u00edfsnau\u00f0synlegan og banv\u00e6nan \u00ed senn, og er hluti af kerfi gagnkv\u00e6mra skyldna milli manns og sta\u00f0ar.<\/p>\t\t\t\t\t\t\t\t<\/div>\n\t\t\t\t<\/div>\n\t\t\t\t\t<\/div>\n\t\t\t\t<\/div>\n\t\t<div class=\"elementor-element elementor-element-44e71476 e-flex e-con-boxed e-con e-parent\" data-id=\"44e71476\" data-element_type=\"container\" data-e-type=\"container\">\n\t\t\t\t\t<div class=\"e-con-inner\">\n\t\t\t\t<div class=\"elementor-element elementor-element-3c1fc3f0 elementor-widget elementor-widget-heading\" data-id=\"3c1fc3f0\" data-element_type=\"widget\" data-e-type=\"widget\" data-widget_type=\"heading.default\">\n\t\t\t\t\t<h2 class=\"elementor-heading-title elementor-size-default\">Yfirlit: Wodjanoi<\/h2>\t\t\t\t<\/div>\n\t\t<div class=\"elementor-element elementor-element-84f33b8e e-con-full e-flex e-con e-child\" data-id=\"84f33b8e\" data-element_type=\"container\" data-e-type=\"container\">\n\t\t\t\t<div class=\"elementor-element elementor-element-hqkdc67p elementor-widget elementor-widget-text-editor\" data-id=\"hqkdc67p\" data-element_type=\"widget\" data-e-type=\"widget\" data-widget_type=\"text-editor.default\">\n\t\t\t\t\t\t\t\t\t<p>Mikilv\u00e6gustu \u00fe\u00e6ttir Wodjanois \u00ed hnotskurn.<\/p>\t\t\t\t\t\t\t\t<\/div>\n\t\t\t\t<\/div>\n\t\t<div class=\"elementor-element elementor-element-pemmx7c5 e-con-full e-flex e-con e-child\" data-id=\"pemmx7c5\" data-element_type=\"container\" data-e-type=\"container\">\n\t\t<div class=\"elementor-element elementor-element-pemmx7c1 e-con-full e-flex e-con e-child\" data-id=\"pemmx7c1\" data-element_type=\"container\" data-e-type=\"container\">\n\t\t<div class=\"elementor-element elementor-element-qh9oavvu iwg-steckbrief-card e-flex e-con-boxed e-con e-child\" data-id=\"qh9oavvu\" data-element_type=\"container\" data-e-type=\"container\">\n\t\t\t\t\t<div class=\"e-con-inner\">\n\t\t\t\t<div class=\"elementor-element elementor-element-awzx8k2k elementor-widget elementor-widget-heading\" data-id=\"awzx8k2k\" data-element_type=\"widget\" data-e-type=\"widget\" data-widget_type=\"heading.default\">\n\t\t\t\t\t<div class=\"elementor-heading-title elementor-size-default\">Menningarsamhengi<\/div>\t\t\t\t<\/div>\n\t\t\t\t<div class=\"elementor-element elementor-element-x6rowhv0 elementor-widget elementor-widget-text-editor\" data-id=\"x6rowhv0\" data-element_type=\"widget\" data-e-type=\"widget\" data-widget_type=\"text-editor.default\">\n\t\t\t\t\t\t\t\t\t<p>Karlkyns vatnav\u00e6ttur slavneskrar \u00fej\u00f3\u00f0tr\u00faar, sta\u00f0arherra \u00e1kve\u00f0ins vatns. Hli\u00f0st\u00e6\u00f0a kvenkyns Rus\u00f6lku, \u00e6tta\u00f0ur fr\u00e6ndi Leshys og Domovois.<\/p>\t\t\t\t\t\t\t\t<\/div>\n\t\t\t\t\t<\/div>\n\t\t\t\t<\/div>\n\t\t<div class=\"elementor-element elementor-element-8e3o4kxs iwg-steckbrief-card e-flex e-con-boxed e-con e-child\" data-id=\"8e3o4kxs\" data-element_type=\"container\" data-e-type=\"container\">\n\t\t\t\t\t<div class=\"e-con-inner\">\n\t\t\t\t<div class=\"elementor-element elementor-element-08rkdgov elementor-widget elementor-widget-heading\" data-id=\"08rkdgov\" data-element_type=\"widget\" data-e-type=\"widget\" data-widget_type=\"heading.default\">\n\t\t\t\t\t<div class=\"elementor-heading-title elementor-size-default\">Tengt vi\u00f0<\/div>\t\t\t\t<\/div>\n\t\t\t\t<div class=\"elementor-element elementor-element-uwjelx8s elementor-widget elementor-widget-text-editor\" data-id=\"uwjelx8s\" data-element_type=\"widget\" data-e-type=\"widget\" data-widget_type=\"text-editor.default\">\n\t\t\t\t\t\t\t\t\t<p>Sundmenn, myllumenn, fiskimenn og b\u00faf\u00e9na\u00f0ur vi\u00f0 vatn, s\u00e9rstaklega \u00feeir sem ba\u00f0a sig \u00e1n kross, \u00e1 h\u00e1degi e\u00f0a mi\u00f0n\u00e6tti, e\u00f0a saurga vatni\u00f0.<\/p>\t\t\t\t\t\t\t\t<\/div>\n\t\t\t\t\t<\/div>\n\t\t\t\t<\/div>\n\t\t<div class=\"elementor-element elementor-element-jm2n74ec iwg-steckbrief-card e-flex e-con-boxed e-con e-child\" data-id=\"jm2n74ec\" data-element_type=\"container\" data-e-type=\"container\">\n\t\t\t\t\t<div class=\"e-con-inner\">\n\t\t\t\t<div class=\"elementor-element elementor-element-8vufse4c elementor-widget elementor-widget-heading\" data-id=\"8vufse4c\" data-element_type=\"widget\" data-e-type=\"widget\" data-widget_type=\"heading.default\">\n\t\t\t\t\t<div class=\"elementor-heading-title elementor-size-default\">\u00datlit Wodjanois<\/div>\t\t\t\t<\/div>\n\t\t\t\t<div class=\"elementor-element elementor-element-mwb9u015 elementor-widget elementor-widget-text-editor\" data-id=\"mwb9u015\" data-element_type=\"widget\" data-e-type=\"widget\" data-widget_type=\"text-editor.default\">\n\t\t\t\t\t\t\t\t\t<p>Gamall ma\u00f0ur me\u00f0 gr\u00e6nt skegg, \u00fer\u00fatinn l\u00edkami, \u00feakinn hreistri, \u00feangi og le\u00f0ju; gervabreytandi sem fiskur e\u00f0a trj\u00e1bolur.<\/p>\t\t\t\t\t\t\t\t<\/div>\n\t\t\t\t\t<\/div>\n\t\t\t\t<\/div>\n\t\t\t\t<\/div>\n\t\t<div class=\"elementor-element elementor-element-pemmx7c2 e-con-full e-flex e-con e-child\" data-id=\"pemmx7c2\" data-element_type=\"container\" data-e-type=\"container\">\n\t\t<div class=\"elementor-element elementor-element-37ss2yr6 iwg-steckbrief-card e-flex e-con-boxed e-con e-child\" data-id=\"37ss2yr6\" data-element_type=\"container\" data-e-type=\"container\">\n\t\t\t\t\t<div class=\"e-con-inner\">\n\t\t\t\t<div class=\"elementor-element elementor-element-3v0wp3wx elementor-widget elementor-widget-heading\" data-id=\"3v0wp3wx\" data-element_type=\"widget\" data-e-type=\"widget\" data-widget_type=\"heading.default\">\n\t\t\t\t\t<div class=\"elementor-heading-title elementor-size-default\">\u00c1hrif Wodjanois<\/div>\t\t\t\t<\/div>\n\t\t\t\t<div class=\"elementor-element elementor-element-w3247g2m elementor-widget elementor-widget-text-editor\" data-id=\"w3247g2m\" data-element_type=\"widget\" data-e-type=\"widget\" data-widget_type=\"text-editor.default\">\n\t\t\t\t\t\t\t\t\t<p>Dregur \u00f3vark\u00e1ra ni\u00f0ur \u00ed dj\u00fapi\u00f0, ey\u00f0ileggur myllutjarnir og d\u00e6mi. Fri\u00f0a\u00f0ur me\u00f0 <span class=\"iwg-fachbegriff\" data-tooltip=\"Gj\u00f6f til gu\u00f0s til a\u00f0 tj\u00e1 \u00feakkl\u00e6ti, b\u00f3n e\u00f0a lotningu.\" tabindex=\"0\">f\u00f3rnum<\/span> l\u00e6tur hann fiskvei\u00f0ar og myllu bl\u00f3mstra.<\/p>\t\t\t\t\t\t\t\t<\/div>\n\t\t\t\t\t<\/div>\n\t\t\t\t<\/div>\n\t\t<div class=\"elementor-element elementor-element-0qpjal9w iwg-steckbrief-card e-flex e-con-boxed e-con e-child\" data-id=\"0qpjal9w\" data-element_type=\"container\" data-e-type=\"container\">\n\t\t\t\t\t<div class=\"e-con-inner\">\n\t\t\t\t<div class=\"elementor-element elementor-element-6ndoih0o elementor-widget elementor-widget-heading\" data-id=\"6ndoih0o\" data-element_type=\"widget\" data-e-type=\"widget\" data-widget_type=\"heading.default\">\n\t\t\t\t\t<div class=\"elementor-heading-title elementor-size-default\">V\u00f6rn gegn Wodjanoi<\/div>\t\t\t\t<\/div>\n\t\t\t\t<div class=\"elementor-element elementor-element-6684tyh9 elementor-widget elementor-widget-text-editor\" data-id=\"6684tyh9\" data-element_type=\"widget\" data-e-type=\"widget\" data-widget_type=\"text-editor.default\">\n\t\t\t\t\t\t\t\t\t<p>Bera kross vi\u00f0 ba\u00f0, for\u00f0ast h\u00e6ttulegar stundir, halda vatninu hreinu. Myllumenn f\u00f3rnu\u00f0u honum mj\u00f6li e\u00f0a d\u00fdrum. Sv\u00ednafeiti og t\u00f3bak voru taldar gjafir.<\/p>\t\t\t\t\t\t\t\t<\/div>\n\t\t\t\t\t<\/div>\n\t\t\t\t<\/div>\n\t\t<div class=\"elementor-element elementor-element-3lfi7x32 iwg-steckbrief-card e-flex e-con-boxed e-con e-child\" data-id=\"3lfi7x32\" data-element_type=\"container\" data-e-type=\"container\">\n\t\t\t\t\t<div class=\"e-con-inner\">\n\t\t\t\t<div class=\"elementor-element elementor-element-0kg99ga1 elementor-widget elementor-widget-heading\" data-id=\"0kg99ga1\" data-element_type=\"widget\" data-e-type=\"widget\" data-widget_type=\"heading.default\">\n\t\t\t\t\t<div class=\"elementor-heading-title elementor-size-default\">Tengdar verur<\/div>\t\t\t\t<\/div>\n\t\t\t\t<div class=\"elementor-element elementor-element-n0fum6kp elementor-widget elementor-widget-text-editor\" data-id=\"n0fum6kp\" data-element_type=\"widget\" data-e-type=\"widget\" data-widget_type=\"text-editor.default\">\n\t\t\t\t\t\t\t\t\t<p><a href=\"https:\/\/iwell-guard.com\/is\/rusalka\/\">Rusalka<\/a>, <a href=\"https:\/\/iwell-guard.com\/is\/nix\/\">Nix<\/a> (germ\u00f6nsk hli\u00f0st\u00e6\u00f0a), t\u00e9kkneski Vodn\u00edk, vatnav\u00e6tta-verur evr\u00f3pskrar \u00fej\u00f3\u00f0tr\u00faar.<\/p>\t\t\t\t\t\t\t\t<\/div>\n\t\t\t\t\t<\/div>\n\t\t\t\t<\/div>\n\t\t\t\t<\/div>\n\t\t\t\t<\/div>\n\t\t\t\t\t<\/div>\n\t\t\t\t<\/div>\n\t\t<div class=\"elementor-element elementor-element-7533bc7a e-flex e-con-boxed e-con e-parent\" data-id=\"7533bc7a\" data-element_type=\"container\" data-e-type=\"container\">\n\t\t\t\t\t<div class=\"e-con-inner\">\n\t\t\t\t<div class=\"elementor-element elementor-element-2447d18d elementor-widget elementor-widget-heading\" data-id=\"2447d18d\" data-element_type=\"widget\" data-e-type=\"widget\" data-widget_type=\"heading.default\">\n\t\t\t\t\t<h2 class=\"elementor-heading-title elementor-size-default\">\u00c1rshringur og v\u00f6rn<\/h2>\t\t\t\t<\/div>\n\t\t<div class=\"elementor-element elementor-element-d5d0260c e-con-full e-flex e-con e-child\" data-id=\"d5d0260c\" data-element_type=\"container\" data-e-type=\"container\">\n\t\t\t\t<div class=\"elementor-element elementor-element-341be2ac elementor-widget elementor-widget-text-editor\" data-id=\"341be2ac\" data-element_type=\"widget\" data-e-type=\"widget\" data-widget_type=\"text-editor.default\">\n\t\t\t\t\t\t\t\t\t<h3>V\u00f6knun \u00e1 vorin<\/h3><p>Eftir vorleysingar var Wodjanoi talinn hungra\u00f0ur og einkar vi\u00f0kv\u00e6mur. \u00c1 sumum sv\u00e6\u00f0um f\u00e6r\u00f0u myllumenn og fiskimenn honum <span class=\"iwg-fachbegriff\" data-tooltip=\"Gj\u00f6f til gu\u00f0s e\u00f0a v\u00e6ttar til a\u00f0 tj\u00e1 \u00feakkl\u00e6ti, b\u00e6n e\u00f0a lotningu.\" tabindex=\"0\">f\u00f3rn<\/span> vi\u00f0 upphaf vorsins, gamla hestskepnu, brau\u00f0 e\u00f0a t\u00f3bak, til a\u00f0 stilla hann til fri\u00f0ar fyrir komandi t\u00edmabil.<\/p><h3>Verndara\u00f0fer\u00f0ir<\/h3><p>Krossmarki\u00f0 og kross borinn \u00e1 l\u00edkamanum voru eftir kristnit\u00f6ku talin mikilv\u00e6gasta v\u00f6rnin. Auk \u00feess: ba\u00f0a sig ekki einn og ekki \u00e1 h\u00e6ttulegustu stundum, ekki saurga vatni\u00f0, ekki v\u00f6kva b\u00faf\u00e9 \u00f3vakta\u00f0.<\/p><h3><span class=\"iwg-fachbegriff\" data-tooltip=\"Gj\u00f6f til gu\u00f0s e\u00f0a v\u00e6ttar til a\u00f0 tj\u00e1 \u00feakkl\u00e6ti, b\u00e6n e\u00f0a lotningu.\" tabindex=\"0\">F\u00f3rn<\/span> og samningur<\/h3><p><span class=\"iwg-fachbegriff\" data-tooltip=\"Tr\u00faarhugmyndir og si\u00f0ir sem eru \u00fatbreiddir \u00ed daglegu l\u00edfi.\" tabindex=\"0\">\u00dej\u00f3\u00f0tr\u00fain<\/span> \u00feekkti skipulegt gefa og taka: s\u00e1 sem l\u00e9t Wodjanoi hafa fyrsta handfylli\u00f0 af mj\u00f6li, t\u00f3baki e\u00f0a fitu, gat v\u00e6nst kyrrs vatns og fullra neta. Vatnama\u00f0urinn var \u00feannig s\u00ed\u00f0ur andst\u00e6\u00f0ingur en einhver sem bar a\u00f0 vir\u00f0a.<\/p>\t\t\t\t\t\t\t\t<\/div>\n\t\t\t\t<\/div>\n\t\t\t\t\t<\/div>\n\t\t\t\t<\/div>\n\t\t<div class=\"elementor-element elementor-element-5a584676 e-flex e-con-boxed e-con e-parent\" data-id=\"5a584676\" data-element_type=\"container\" data-e-type=\"container\">\n\t\t\t\t\t<div class=\"e-con-inner\">\n\t\t\t\t<div class=\"elementor-element elementor-element-6d0757bf elementor-widget elementor-widget-heading\" data-id=\"6d0757bf\" data-element_type=\"widget\" data-e-type=\"widget\" data-widget_type=\"heading.default\">\n\t\t\t\t\t<h2 class=\"elementor-heading-title elementor-size-default\">B\u00f3kmenntir og m\u00f3tt\u00f6kur<\/h2>\t\t\t\t<\/div>\n\t\t<div class=\"elementor-element elementor-element-60563f68 e-con-full e-flex e-con e-child\" data-id=\"60563f68\" data-element_type=\"container\" data-e-type=\"container\">\n\t\t\t\t<div class=\"elementor-element elementor-element-5a93fdd6 elementor-widget elementor-widget-text-editor\" data-id=\"5a93fdd6\" data-element_type=\"widget\" data-e-type=\"widget\" data-widget_type=\"text-editor.default\">\n\t\t\t\t\t\t\t\t\t<p><strong>T\u00e9kkneskar b\u00f3kmenntir og t\u00f3nlist:<\/strong> K. J. Erben veitir Vodn\u00edk b\u00f3kmenntalega mynd \u00ed lj\u00f3\u00f0asafninu <em>Kytice<\/em> (1853); Anton\u00edn Dvo\u0159\u00e1k t\u00f3nsetur efni\u00f0 1896 sem sinf\u00f3n\u00edskt t\u00f3nverk <em>Vodn\u00edk<\/em>.<\/p><p><strong>Austur- og su\u00f0urslavnesk hef\u00f0:<\/strong> \u00cd r\u00fassneskri og \u00fakra\u00ednskri <span class=\"iwg-fachbegriff\" data-tooltip=\"Hin var\u00f0veitta \u00fej\u00f3\u00f0menning me\u00f0 si\u00f0um, s\u00f6gum og kv\u00e6\u00f0um.\" tabindex=\"0\">\u00fej\u00f3\u00f0menningu<\/span> lifir Wodjanoi sem virk \u00fej\u00f3\u00f0tr\u00fa fram \u00e1 20. \u00f6ld. \u00dej\u00f3\u00f0h\u00e1ttafr\u00e6\u00f0ileg s\u00f6fn skr\u00e1 fj\u00f6lda sta\u00f0bundinna afbrig\u00f0a.<\/p><h3>Samt\u00edmamenning<\/h3><p>Vatnama\u00f0urinn kemur fyrir \u00ed austur-evr\u00f3pskum barna- og fantas\u00edub\u00f3kmenntum, \u00ed kvikmyndum og leikjum. \u00cd n\u00fdhei\u00f0ni og <span class=\"iwg-fachbegriff\" data-tooltip=\"Samheiti fyrir kenningar sem gera kr\u00f6fu um dulda \u00feekkingu sem a\u00f0eins innv\u00edg\u00f0ir hafa a\u00f0gang a\u00f0.\" tabindex=\"0\">es\u00f3terisma<\/span> er hann skynja\u00f0ur sem <span class=\"iwg-fachbegriff\" data-tooltip=\"T\u00e1kn sem stendur fyrir hugmynd e\u00f0a merkingu.\" tabindex=\"0\">t\u00e1kn<\/span> vatnsins sem tv\u00edr\u00e6\u00f0s l\u00edfsafls.<\/p>\t\t\t\t\t\t\t\t<\/div>\n\t\t\t\t<\/div>\n\t\t\t\t\t<\/div>\n\t\t\t\t<\/div>\n\t\t<div class=\"elementor-element elementor-element-36dd7469 e-flex e-con-boxed e-con e-parent\" data-id=\"36dd7469\" data-element_type=\"container\" data-e-type=\"container\">\n\t\t\t\t\t<div class=\"e-con-inner\">\n\t\t\t\t<div class=\"elementor-element elementor-element-13760ab4 elementor-widget elementor-widget-heading\" data-id=\"13760ab4\" data-element_type=\"widget\" data-e-type=\"widget\" data-widget_type=\"heading.default\">\n\t\t\t\t\t<div class=\"elementor-heading-title elementor-size-default\">\u00cdtarefni og tenglar<\/div>\t\t\t\t<\/div>\n\t\t<div class=\"elementor-element elementor-element-28c87796 e-con-full e-flex e-con e-child\" data-id=\"28c87796\" data-element_type=\"container\" data-e-type=\"container\">\n\t\t\t\t<div class=\"elementor-element elementor-element-5d6538df elementor-widget elementor-widget-text-editor\" data-id=\"5d6538df\" data-element_type=\"widget\" data-e-type=\"widget\" data-widget_type=\"text-editor.default\">\n\t\t\t\t\t\t\t\t\t<p>M\u00e6lt er me\u00f0 \u00feessum innri tenglum:<\/p><ul><li><a href=\"https:\/\/iwell-guard.com\/is\/slavnesk\/\">Slavneskt<\/a><\/li><li><a href=\"https:\/\/iwell-guard.com\/is\/rusalka\/\">Rusalka<\/a>, <a href=\"https:\/\/iwell-guard.com\/is\/?page_id=169092\">Leshy<\/a>, <a href=\"https:\/\/iwell-guard.com\/is\/domovoi\/\">Domovoi<\/a>, <a href=\"https:\/\/iwell-guard.com\/is\/bannik\/\">Bannik<\/a><\/li><li><a href=\"https:\/\/iwell-guard.com\/is\/nix\/\">Nix<\/a> (germ\u00f6nsk hli\u00f0st\u00e6\u00f0a)<\/li><li><a href=\"https:\/\/iwell-guard.com\/is\/vatnaandar\/\">Vatnav\u00e6ttir<\/a> (yfirlit flokks)<\/li><\/ul>\t\t\t\t\t\t\t\t<\/div>\n\t\t\t\t<\/div>\n\t\t\t\t\t<\/div>\n\t\t\t\t<\/div>\n\t\t<div class=\"elementor-element elementor-element-grl4kl40 e-flex e-con-boxed e-con e-parent\" data-id=\"grl4kl40\" data-element_type=\"container\" data-e-type=\"container\">\n\t\t\t\t\t<div class=\"e-con-inner\">\n\t\t\t\t<div class=\"elementor-element elementor-element-bzsbfrmh elementor-widget elementor-widget-heading\" data-id=\"bzsbfrmh\" data-element_type=\"widget\" data-e-type=\"widget\" data-widget_type=\"heading.default\">\n\t\t\t\t\t<h2 class=\"elementor-heading-title elementor-size-default\">Heimildir (\u00farval)<\/h2>\t\t\t\t<\/div>\n\t\t<div class=\"elementor-element elementor-element-2c13224a e-con-full e-flex e-con e-child\" data-id=\"2c13224a\" data-element_type=\"container\" data-e-type=\"container\">\n\t\t\t\t<div class=\"elementor-element elementor-element-0eymh9ub elementor-widget elementor-widget-text-editor\" data-id=\"0eymh9ub\" data-element_type=\"widget\" data-e-type=\"widget\" data-widget_type=\"text-editor.default\">\n\t\t\t\t\t\t\t\t\t<footer class=\"iwg-literatur\"><p>\u00darval helstu verka um Wodjanoi:<\/p><ul><li><span data-nosnippet>Pomeranceva, E. V.: <em>Mifologicheskie personazhi v russkom <span class=\"iwg-fachbegriff\" data-tooltip=\"Hin var\u00f0veitta \u00fej\u00f3\u00f0menning me\u00f0 si\u00f0um, s\u00f6gum og kv\u00e6\u00f0um.\" tabindex=\"0\">folklore<\/span><\/em>. Moskva 1975.<\/span><\/li><li><span data-nosnippet>Rybakov, Boris: <em>Jazytschestwo drewnej Rusi<\/em>. Moskva 1987.<\/span><\/li><li><span data-nosnippet>Erben, Karel Jarom\u00edr: <em>Kytice<\/em>. Prag 1853.<\/span><\/li><\/ul>\n<p class=\"iwg-bib-more\"><span data-nosnippet>Fleiri grunnrit \u00ed <a href=\"https:\/\/iwell-guard.com\/is\/heimildaskra\/\">heimildaskr\u00e1nni<\/a>.<\/span><\/p><\/footer>\t\t\t\t\t\t\t\t<\/div>\n\t\t\t\t<\/div>\n\t\t\t\t\t<\/div>\n\t\t\t\t<\/div>\n\t\t<div class=\"elementor-element elementor-element-iwgca-rusalka-sec e-flex e-con-boxed e-con e-parent\" data-id=\"iwgca-rusalka-sec\" data-element_type=\"container\" data-e-type=\"container\" id=\"iwg-ca-rusalka\">\n\t\t\t\t\t<div class=\"e-con-inner\">\n\t\t\t\t<div class=\"elementor-element elementor-element-iwgca-rusalka-te iwg-ca-textwrap elementor-widget elementor-widget-text-editor\" data-id=\"iwgca-rusalka-te\" data-element_type=\"widget\" data-e-type=\"widget\" data-widget_type=\"text-editor.default\">\n\t\t\t\t\t\t\t\t\t<div data-nosnippet=\"true\"><p class=\"iwg-ca-bridge\">\u00de\u00e6r verndar- og v\u00f6rnarhef\u00f0ir sem l\u00fdst er h\u00e9r eru tr\u00faarfr\u00e6\u00f0ileg t\u00falkun \u00e1 r\u00f3tgr\u00f3inni \u00fej\u00f3\u00f0tr\u00fa. iWell Guard er hluti af menningars\u00f6gulegri hef\u00f0 verndargripa sem borin eru \u00e1 l\u00edkamanum og samt\u00edma\u00fatg\u00e1fa af henni. <a href=\"\/ueber-iwell-guard\/?utm_source=iwell-guard.com&#038;utm_medium=text-link&#038;utm_campaign=schadwesen-tradition\">Meira um iWell Guard \u2192<\/a><\/p><\/div>\t\t\t\t\t\t\t\t<\/div>\n\t\t\t\t\t<\/div>\n\t\t\t\t<\/div>\n\t\t\t\t<\/div>\n\t\t","protected":false},"excerpt":{"rendered":"","protected":false},"author":3,"featured_media":3393,"parent":0,"menu_order":0,"comment_status":"closed","ping_status":"closed","template":"elementor_header_footer","meta":{"_yoast_wpseo_focuskw":"Wodjanoi","_yoast_wpseo_title":"Wodjanoi - vatnav\u00e6tturinn, herra flj\u00f3tanna","_yoast_wpseo_metadesc":"Wodjanoi er karlkyns vatnav\u00e6ttur \u00ed slavneskri \u00fej\u00f3\u00f0tr\u00fa, herra flj\u00f3ta, vatna og myllutjarna. Tr\u00faarfr\u00e6\u00f0ileg umfj\u00f6llun.","_yoast_wpseo_meta-robots-noindex":"","_yoast_wpseo_canonical":"","_angie_page":false,"gefaehrdungsstufe":"3","wesen_kultur":"slawisch","wesen_klasse":"geister","footnotes":""},"categories":[],"class_list":["post-169020","page","type-page","status-publish","has-post-thumbnail","hentry"],"yoast_head":"<!-- This site is optimized with the Yoast SEO Premium plugin v27.7 (Yoast SEO v28.3) - https:\/\/yoast.com\/product\/yoast-seo-premium-wordpress\/ -->\n<title>Wodjanoi - vatnav\u00e6tturinn, herra flj\u00f3tanna<\/title>\n<meta name=\"description\" content=\"Wodjanoi er karlkyns vatnav\u00e6ttur \u00ed slavneskri \u00fej\u00f3\u00f0tr\u00fa, herra flj\u00f3ta, vatna og myllutjarna. Tr\u00faarfr\u00e6\u00f0ileg umfj\u00f6llun.\" \/>\n<meta name=\"robots\" content=\"index, follow, max-snippet:-1, max-image-preview:large, max-video-preview:-1\" \/>\n<link rel=\"canonical\" href=\"https:\/\/iwell-guard.com\/is\/wodjanoi-vatnavaettur-slavneskrar-hefdar\/\" \/>\n<meta property=\"og:locale\" content=\"is_IS\" \/>\n<meta property=\"og:type\" content=\"article\" \/>\n<meta property=\"og:title\" content=\"Wodjanoi \u2013 vatnav\u00e6ttur slavneskrar hef\u00f0ar\" \/>\n<meta property=\"og:description\" content=\"Wodjanoi er karlkyns vatnav\u00e6ttur \u00ed slavneskri \u00fej\u00f3\u00f0tr\u00fa, herra flj\u00f3ta, vatna og myllutjarna. Tr\u00faarfr\u00e6\u00f0ileg umfj\u00f6llun.\" \/>\n<meta property=\"og:url\" content=\"https:\/\/iwell-guard.com\/is\/wodjanoi-vatnavaettur-slavneskrar-hefdar\/\" \/>\n<meta property=\"og:site_name\" content=\"iWell Guard\" \/>\n<meta property=\"article:modified_time\" content=\"2026-09-05T14:30:12+00:00\" \/>\n<meta property=\"og:image\" content=\"https:\/\/iwell-guard.com\/wp-content\/uploads\/2026\/05\/geister_slawisch_wodjanoi.webp\" \/>\n\t<meta property=\"og:image:width\" content=\"1024\" \/>\n\t<meta property=\"og:image:height\" content=\"1536\" \/>\n\t<meta property=\"og:image:type\" content=\"image\/webp\" \/>\n<meta name=\"twitter:card\" content=\"summary_large_image\" \/>\n<script type=\"application\/ld+json\" class=\"yoast-schema-graph\">{\"@context\":\"https:\\\/\\\/schema.org\",\"@graph\":[{\"@type\":\"WebPage\",\"@id\":\"https:\\\/\\\/iwell-guard.com\\\/is\\\/wodjanoi-vatnavaettur-slavneskrar-hefdar\\\/\",\"url\":\"https:\\\/\\\/iwell-guard.com\\\/is\\\/wodjanoi-vatnavaettur-slavneskrar-hefdar\\\/\",\"name\":\"Wodjanoi - vatnav\u00e6tturinn, herra flj\u00f3tanna\",\"isPartOf\":{\"@id\":\"https:\\\/\\\/iwell-guard.com\\\/is\\\/#website\"},\"primaryImageOfPage\":{\"@id\":\"https:\\\/\\\/iwell-guard.com\\\/is\\\/wodjanoi-vatnavaettur-slavneskrar-hefdar\\\/#primaryimage\"},\"image\":{\"@id\":\"https:\\\/\\\/iwell-guard.com\\\/is\\\/wodjanoi-vatnavaettur-slavneskrar-hefdar\\\/#primaryimage\"},\"thumbnailUrl\":\"https:\\\/\\\/iwell-guard.com\\\/wp-content\\\/uploads\\\/2026\\\/05\\\/geister_slawisch_wodjanoi.webp\",\"datePublished\":\"2026-09-05T14:04:53+00:00\",\"dateModified\":\"2026-09-05T14:30:12+00:00\",\"description\":\"Wodjanoi er karlkyns vatnav\u00e6ttur \u00ed slavneskri \u00fej\u00f3\u00f0tr\u00fa, herra flj\u00f3ta, vatna og myllutjarna. Tr\u00faarfr\u00e6\u00f0ileg umfj\u00f6llun.\",\"breadcrumb\":{\"@id\":\"https:\\\/\\\/iwell-guard.com\\\/is\\\/wodjanoi-vatnavaettur-slavneskrar-hefdar\\\/#breadcrumb\"},\"inLanguage\":\"is\",\"potentialAction\":[{\"@type\":\"ReadAction\",\"target\":[\"https:\\\/\\\/iwell-guard.com\\\/is\\\/wodjanoi-vatnavaettur-slavneskrar-hefdar\\\/\"]}]},{\"@type\":\"ImageObject\",\"inLanguage\":\"is\",\"@id\":\"https:\\\/\\\/iwell-guard.com\\\/is\\\/wodjanoi-vatnavaettur-slavneskrar-hefdar\\\/#primaryimage\",\"url\":\"https:\\\/\\\/iwell-guard.com\\\/wp-content\\\/uploads\\\/2026\\\/05\\\/geister_slawisch_wodjanoi.webp\",\"contentUrl\":\"https:\\\/\\\/iwell-guard.com\\\/wp-content\\\/uploads\\\/2026\\\/05\\\/geister_slawisch_wodjanoi.webp\",\"width\":1024,\"height\":1536,\"caption\":\"Andar \u00far slavneskri hef\u00f0.\"},{\"@type\":\"BreadcrumbList\",\"@id\":\"https:\\\/\\\/iwell-guard.com\\\/is\\\/wodjanoi-vatnavaettur-slavneskrar-hefdar\\\/#breadcrumb\",\"itemListElement\":[{\"@type\":\"ListItem\",\"position\":1,\"name\":\"Start\",\"item\":\"https:\\\/\\\/iwell-guard.com\\\/is\\\/?page_id=168580\"},{\"@type\":\"ListItem\",\"position\":2,\"name\":\"Wodjanoi \u2013 vatnav\u00e6ttur slavneskrar hef\u00f0ar\"}]},{\"@type\":\"WebSite\",\"@id\":\"https:\\\/\\\/iwell-guard.com\\\/is\\\/#website\",\"url\":\"https:\\\/\\\/iwell-guard.com\\\/is\\\/\",\"name\":\"iWell Guard\",\"description\":\"Schutz vor dunklen Einfl\u00fcssen\",\"publisher\":{\"@id\":\"https:\\\/\\\/iwell-guard.com\\\/is\\\/#organization\"},\"potentialAction\":[{\"@type\":\"SearchAction\",\"target\":{\"@type\":\"EntryPoint\",\"urlTemplate\":\"https:\\\/\\\/iwell-guard.com\\\/is\\\/?s={search_term_string}\"},\"query-input\":{\"@type\":\"PropertyValueSpecification\",\"valueRequired\":true,\"valueName\":\"search_term_string\"}}],\"inLanguage\":\"is\"},{\"@type\":\"Organization\",\"@id\":\"https:\\\/\\\/iwell-guard.com\\\/is\\\/#organization\",\"name\":\"Ittermann electronic GmbH\",\"url\":\"https:\\\/\\\/iwell-guard.com\\\/is\\\/\",\"logo\":{\"@type\":\"ImageObject\",\"inLanguage\":\"is\",\"@id\":\"https:\\\/\\\/iwell-guard.com\\\/is\\\/#\\\/schema\\\/logo\\\/image\\\/\",\"url\":\"https:\\\/\\\/iwell-guard.com\\\/wp-content\\\/uploads\\\/2026\\\/05\\\/Ittermann-Logo-1182x237-1.png\",\"contentUrl\":\"https:\\\/\\\/iwell-guard.com\\\/wp-content\\\/uploads\\\/2026\\\/05\\\/Ittermann-Logo-1182x237-1.png\",\"width\":1182,\"height\":237,\"caption\":\"Ittermann electronic GmbH\"},\"image\":{\"@id\":\"https:\\\/\\\/iwell-guard.com\\\/is\\\/#\\\/schema\\\/logo\\\/image\\\/\"},\"sameAs\":[\"https:\\\/\\\/pantip.com\\\/profile\\\/9367242\",\"https:\\\/\\\/micro.blog\\\/iwellguard\",\"https:\\\/\\\/www.diggerslist.com\\\/iwellguard\\\/about\",\"https:\\\/\\\/skitterphoto.com\\\/photographers\\\/2870314\\\/iwell-guard\",\"https:\\\/\\\/iwellguard.wordpress.com\\\/2026\\\/06\\\/06\\\/iwell-guard\\\/\",\"https:\\\/\\\/hub.docker.com\\\/u\\\/iwellguard\",\"https:\\\/\\\/www.pinterest.com\\\/iwellguard\\\/\",\"https:\\\/\\\/bit.ly\\\/m\\\/iwellguard\",\"https:\\\/\\\/entre-vos-mains.alsace.eu\\\/profiles\\\/iwellguard\\\/activity\",\"https:\\\/\\\/gravatar.com\\\/reallybeded8fd34\",\"https:\\\/\\\/naijamatta.com\\\/iwellguard\",\"https:\\\/\\\/www.goodreads.com\\\/iwellguard\",\"https:\\\/\\\/profile.hatena.ne.jp\\\/iwellguard\\\/\",\"https:\\\/\\\/experiment.com\\\/users\\\/iwellguard\",\"https:\\\/\\\/wakelet.com\\\/@iWellGuard82270\",\"https:\\\/\\\/www.chordie.com\\\/forum\\\/profile.php?id=2555664\",\"https:\\\/\\\/www.instapaper.com\\\/p\\\/17757966\",\"https:\\\/\\\/www.mapleprimes.com\\\/users\\\/iwellguard\",\"https:\\\/\\\/businesslistingplus.com\\\/profile\\\/iwell-guard\\\/\",\"https:\\\/\\\/telegra.ph\\\/iWell-Guard-06-06\",\"https:\\\/\\\/pbase.com\\\/iwellguard\\\/iwellguard\",\"https:\\\/\\\/b.hatena.ne.jp\\\/iwellguard\\\/20260607#bookmark-4788405196491818882\",\"https:\\\/\\\/fliphtml5.com\\\/home\\\/iwellguard\",\"https:\\\/\\\/anyflip.com\\\/homepage\\\/cmiwl#About\",\"https:\\\/\\\/transfur.com\\\/Users\\\/iwellguard\",\"http:\\\/\\\/delphi.larsbo.org\\\/user\\\/iwellguard\",\"https:\\\/\\\/jobs.lajobsportal.org\\\/profiles\\\/8380803-iwell-guard\",\"https:\\\/\\\/md.chaosdorf.de\\\/s\\\/jfbe5SBdJD\",\"https:\\\/\\\/www.lingvolive.com\\\/en-us\\\/profile\\\/9ecaeaca-ce11-4e51-9e71-01d55e2bff36\\\/translations\",\"https:\\\/\\\/www.fitday.com\\\/fitness\\\/forums\\\/members\\\/iwellguard.html\",\"https:\\\/\\\/www.mymeetbook.com\\\/iwellguard\",\"https:\\\/\\\/pxhere.com\\\/en\\\/photographer-me\\\/5040798\",\"https:\\\/\\\/disqus.com\\\/by\\\/iwellguard\\\/about\\\/\",\"https:\\\/\\\/pastelink.net\\\/hjwciqwq\",\"https:\\\/\\\/pubhtml5.com\\\/homepage\\\/scjhn\\\/\",\"https:\\\/\\\/www.bitchute.com\\\/channel\\\/2O2eOKzNqujT\",\"https:\\\/\\\/audiomack.com\\\/iwellguard\"]},{\"@type\":\"Article\",\"@id\":\"https:\\\/\\\/iwell-guard.com\\\/is\\\/wodjanoi-vatnavaettur-slavneskrar-hefdar\\\/#article\",\"isPartOf\":{\"@id\":\"https:\\\/\\\/iwell-guard.com\\\/is\\\/wodjanoi-vatnavaettur-slavneskrar-hefdar\\\/\"},\"author\":{\"name\":\"Ralf Ittermann\",\"@id\":\"https:\\\/\\\/iwell-guard.com\\\/is\\\/#\\\/schema\\\/person\\\/ee2a27f1cac3406c7c6fb5820cb7349f\"},\"headline\":\"Wodjanoi \u2013 vatnav\u00e6ttur slavneskrar hef\u00f0ar\",\"datePublished\":\"2026-09-05T14:04:53+00:00\",\"dateModified\":\"2026-09-05T14:30:12+00:00\",\"mainEntityOfPage\":{\"@id\":\"https:\\\/\\\/iwell-guard.com\\\/is\\\/wodjanoi-vatnavaettur-slavneskrar-hefdar\\\/\"},\"publisher\":{\"@id\":\"https:\\\/\\\/iwell-guard.com\\\/is\\\/#organization\"},\"image\":{\"@id\":\"https:\\\/\\\/iwell-guard.com\\\/is\\\/wodjanoi-vatnavaettur-slavneskrar-hefdar\\\/#primaryimage\"},\"thumbnailUrl\":\"https:\\\/\\\/iwell-guard.com\\\/wp-content\\\/uploads\\\/2026\\\/05\\\/geister_slawisch_wodjanoi.webp\",\"inLanguage\":\"is\",\"description\":\"Wodjanoi er karlkyns vatnav\u00e6ttur \u00ed slavneskri \u00fej\u00f3\u00f0tr\u00fa, herra flj\u00f3ta, vatna og myllutjarna. Tr\u00faarfr\u00e6\u00f0ileg umfj\u00f6llun.\"}]}<\/script>\n<!-- \/ Yoast SEO Premium plugin. -->","yoast_head_json":{"title":"Wodjanoi - vatnav\u00e6tturinn, herra flj\u00f3tanna","description":"Wodjanoi er karlkyns vatnav\u00e6ttur \u00ed slavneskri \u00fej\u00f3\u00f0tr\u00fa, herra flj\u00f3ta, vatna og myllutjarna. Tr\u00faarfr\u00e6\u00f0ileg umfj\u00f6llun.","robots":{"index":"index","follow":"follow","max-snippet":"max-snippet:-1","max-image-preview":"max-image-preview:large","max-video-preview":"max-video-preview:-1"},"canonical":"https:\/\/iwell-guard.com\/is\/wodjanoi-vatnavaettur-slavneskrar-hefdar\/","og_locale":"is_IS","og_type":"article","og_title":"Wodjanoi \u2013 vatnav\u00e6ttur slavneskrar hef\u00f0ar","og_description":"Wodjanoi er karlkyns vatnav\u00e6ttur \u00ed slavneskri \u00fej\u00f3\u00f0tr\u00fa, herra flj\u00f3ta, vatna og myllutjarna. Tr\u00faarfr\u00e6\u00f0ileg umfj\u00f6llun.","og_url":"https:\/\/iwell-guard.com\/is\/wodjanoi-vatnavaettur-slavneskrar-hefdar\/","og_site_name":"iWell Guard","article_modified_time":"2026-09-05T14:30:12+00:00","og_image":[{"width":1024,"height":1536,"url":"https:\/\/iwell-guard.com\/wp-content\/uploads\/2026\/05\/geister_slawisch_wodjanoi.webp","type":"image\/webp"}],"twitter_card":"summary_large_image","schema":{"@context":"https:\/\/schema.org","@graph":[{"@type":"Article","@id":"https:\/\/iwell-guard.com\/is\/wodjanoi-vatnavaettur-slavneskrar-hefdar\/#article","isPartOf":{"@id":"https:\/\/iwell-guard.com\/is\/wodjanoi-vatnavaettur-slavneskrar-hefdar\/"},"author":{"name":"Ralf Ittermann","@id":"https:\/\/iwell-guard.com\/is\/#\/schema\/person\/ee2a27f1cac3406c7c6fb5820cb7349f"},"headline":"Wodjanoi \u2013 vatnav\u00e6ttur slavneskrar hef\u00f0ar","datePublished":"2026-09-05T14:04:53+00:00","dateModified":"2026-09-05T14:30:12+00:00","mainEntityOfPage":{"@id":"https:\/\/iwell-guard.com\/is\/wodjanoi-vatnavaettur-slavneskrar-hefdar\/"},"publisher":{"@id":"https:\/\/iwell-guard.com\/is\/#organization"},"image":{"@id":"https:\/\/iwell-guard.com\/is\/wodjanoi-vatnavaettur-slavneskrar-hefdar\/#primaryimage"},"thumbnailUrl":"https:\/\/iwell-guard.com\/wp-content\/uploads\/2026\/05\/geister_slawisch_wodjanoi.webp","inLanguage":"is","description":"Wodjanoi er karlkyns vatnav\u00e6ttur \u00ed slavneskri \u00fej\u00f3\u00f0tr\u00fa, herra flj\u00f3ta, vatna og myllutjarna. Tr\u00faarfr\u00e6\u00f0ileg umfj\u00f6llun."},{"@type":"WebPage","@id":"https:\/\/iwell-guard.com\/is\/wodjanoi-vatnavaettur-slavneskrar-hefdar\/","url":"https:\/\/iwell-guard.com\/is\/wodjanoi-vatnavaettur-slavneskrar-hefdar\/","name":"Wodjanoi - vatnav\u00e6tturinn, herra flj\u00f3tanna","isPartOf":{"@id":"https:\/\/iwell-guard.com\/is\/#website"},"primaryImageOfPage":{"@id":"https:\/\/iwell-guard.com\/is\/wodjanoi-vatnavaettur-slavneskrar-hefdar\/#primaryimage"},"image":{"@id":"https:\/\/iwell-guard.com\/is\/wodjanoi-vatnavaettur-slavneskrar-hefdar\/#primaryimage"},"thumbnailUrl":"https:\/\/iwell-guard.com\/wp-content\/uploads\/2026\/05\/geister_slawisch_wodjanoi.webp","datePublished":"2026-09-05T14:04:53+00:00","dateModified":"2026-09-05T14:30:12+00:00","description":"Wodjanoi er karlkyns vatnav\u00e6ttur \u00ed slavneskri \u00fej\u00f3\u00f0tr\u00fa, herra flj\u00f3ta, vatna og myllutjarna. Tr\u00faarfr\u00e6\u00f0ileg umfj\u00f6llun.","breadcrumb":{"@id":"https:\/\/iwell-guard.com\/is\/wodjanoi-vatnavaettur-slavneskrar-hefdar\/#breadcrumb"},"inLanguage":"is","potentialAction":[{"@type":"ReadAction","target":["https:\/\/iwell-guard.com\/is\/wodjanoi-vatnavaettur-slavneskrar-hefdar\/"]}]},{"@type":"ImageObject","inLanguage":"is","@id":"https:\/\/iwell-guard.com\/is\/wodjanoi-vatnavaettur-slavneskrar-hefdar\/#primaryimage","url":"https:\/\/iwell-guard.com\/wp-content\/uploads\/2026\/05\/geister_slawisch_wodjanoi.webp","contentUrl":"https:\/\/iwell-guard.com\/wp-content\/uploads\/2026\/05\/geister_slawisch_wodjanoi.webp","width":1024,"height":1536,"caption":"Andar \u00far slavneskri hef\u00f0."},{"@type":"BreadcrumbList","@id":"https:\/\/iwell-guard.com\/is\/wodjanoi-vatnavaettur-slavneskrar-hefdar\/#breadcrumb","itemListElement":[{"@type":"ListItem","position":1,"name":"Start","item":"https:\/\/iwell-guard.com\/is\/?page_id=168580"},{"@type":"ListItem","position":2,"name":"Wodjanoi \u2013 vatnav\u00e6ttur slavneskrar hef\u00f0ar"}]},{"@type":"WebSite","@id":"https:\/\/iwell-guard.com\/is\/#website","url":"https:\/\/iwell-guard.com\/is\/","name":"iWell Guard","description":"Schutz vor dunklen Einfl\u00fcssen","publisher":{"@id":"https:\/\/iwell-guard.com\/is\/#organization"},"potentialAction":[{"@type":"SearchAction","target":{"@type":"EntryPoint","urlTemplate":"https:\/\/iwell-guard.com\/is\/?s={search_term_string}"},"query-input":{"@type":"PropertyValueSpecification","valueRequired":true,"valueName":"search_term_string"}}],"inLanguage":"is"},{"@type":"Organization","@id":"https:\/\/iwell-guard.com\/is\/#organization","name":"Ittermann electronic GmbH","url":"https:\/\/iwell-guard.com\/is\/","logo":{"@type":"ImageObject","inLanguage":"is","@id":"https:\/\/iwell-guard.com\/is\/#\/schema\/logo\/image\/","url":"https:\/\/iwell-guard.com\/wp-content\/uploads\/2026\/05\/Ittermann-Logo-1182x237-1.png","contentUrl":"https:\/\/iwell-guard.com\/wp-content\/uploads\/2026\/05\/Ittermann-Logo-1182x237-1.png","width":1182,"height":237,"caption":"Ittermann electronic GmbH"},"image":{"@id":"https:\/\/iwell-guard.com\/is\/#\/schema\/logo\/image\/"},"sameAs":["https:\/\/pantip.com\/profile\/9367242","https:\/\/micro.blog\/iwellguard","https:\/\/www.diggerslist.com\/iwellguard\/about","https:\/\/skitterphoto.com\/photographers\/2870314\/iwell-guard","https:\/\/iwellguard.wordpress.com\/2026\/06\/06\/iwell-guard\/","https:\/\/hub.docker.com\/u\/iwellguard","https:\/\/www.pinterest.com\/iwellguard\/","https:\/\/bit.ly\/m\/iwellguard","https:\/\/entre-vos-mains.alsace.eu\/profiles\/iwellguard\/activity","https:\/\/gravatar.com\/reallybeded8fd34","https:\/\/naijamatta.com\/iwellguard","https:\/\/www.goodreads.com\/iwellguard","https:\/\/profile.hatena.ne.jp\/iwellguard\/","https:\/\/experiment.com\/users\/iwellguard","https:\/\/wakelet.com\/@iWellGuard82270","https:\/\/www.chordie.com\/forum\/profile.php?id=2555664","https:\/\/www.instapaper.com\/p\/17757966","https:\/\/www.mapleprimes.com\/users\/iwellguard","https:\/\/businesslistingplus.com\/profile\/iwell-guard\/","https:\/\/telegra.ph\/iWell-Guard-06-06","https:\/\/pbase.com\/iwellguard\/iwellguard","https:\/\/b.hatena.ne.jp\/iwellguard\/20260607#bookmark-4788405196491818882","https:\/\/fliphtml5.com\/home\/iwellguard","https:\/\/anyflip.com\/homepage\/cmiwl#About","https:\/\/transfur.com\/Users\/iwellguard","http:\/\/delphi.larsbo.org\/user\/iwellguard","https:\/\/jobs.lajobsportal.org\/profiles\/8380803-iwell-guard","https:\/\/md.chaosdorf.de\/s\/jfbe5SBdJD","https:\/\/www.lingvolive.com\/en-us\/profile\/9ecaeaca-ce11-4e51-9e71-01d55e2bff36\/translations","https:\/\/www.fitday.com\/fitness\/forums\/members\/iwellguard.html","https:\/\/www.mymeetbook.com\/iwellguard","https:\/\/pxhere.com\/en\/photographer-me\/5040798","https:\/\/disqus.com\/by\/iwellguard\/about\/","https:\/\/pastelink.net\/hjwciqwq","https:\/\/pubhtml5.com\/homepage\/scjhn\/","https:\/\/www.bitchute.com\/channel\/2O2eOKzNqujT","https:\/\/audiomack.com\/iwellguard"]},{"@type":"Person","@id":"https:\/\/iwell-guard.com\/is\/#\/schema\/person\/ee2a27f1cac3406c7c6fb5820cb7349f","name":"Ralf Ittermann","image":{"@type":"ImageObject","inLanguage":"is","@id":"https:\/\/secure.gravatar.com\/avatar\/073c0153e350a5005b68eb752b445fea71f6b24a26da9449ad7e155e6b446c9d?s=96&d=mm&r=g","url":"https:\/\/secure.gravatar.com\/avatar\/073c0153e350a5005b68eb752b445fea71f6b24a26da9449ad7e155e6b446c9d?s=96&d=mm&r=g","contentUrl":"https:\/\/secure.gravatar.com\/avatar\/073c0153e350a5005b68eb752b445fea71f6b24a26da9449ad7e155e6b446c9d?s=96&d=mm&r=g","caption":"Ralf Ittermann"},"givenName":"Ralf","familyName":"Ittermann","jobTitle":"Gesch\u00e4ftsf\u00fchrer und redaktioneller Verantwortlicher","url":"https:\/\/iwell-guard.com\/is\/author\/claude\/","description":"Ralf Ittermann ist Gesch\u00e4ftsf\u00fchrer der Ittermann electronic GmbH und redaktioneller Verantwortlicher des iWell-Guard-Lexikons. Er verbindet langj\u00e4hrige Erfahrung in der Pr\u00e4zisionsfertigung mit medialer Praxis und religionsgeschichtlicher Quellenarbeit.","worksFor":{"@type":"Organization","name":"Ittermann electronic GmbH","url":"https:\/\/ittermann.de\/","address":{"@type":"PostalAddress","streetAddress":"K\u00f6hlergasse 16-18","postalCode":"99842","addressLocality":"Ruhla","addressCountry":"DE"}},"knowsAbout":["Religionsgeschichte","Mythologie","Mediale Praxis","Energetische Diagnostik","Schutzpraxis","Volksglauben","Westliche Esoterik"]},{"@type":"Article","@id":"https:\/\/iwell-guard.com\/is\/wodjanoi-vatnavaettur-slavneskrar-hefdar\/#article","isPartOf":{"@id":"https:\/\/iwell-guard.com\/is\/wodjanoi-vatnavaettur-slavneskrar-hefdar\/"},"author":{"name":"Ralf Ittermann","@id":"https:\/\/iwell-guard.com\/is\/#\/schema\/person\/ee2a27f1cac3406c7c6fb5820cb7349f"},"headline":"Wodjanoi \u2013 vatnav\u00e6ttur slavneskrar hef\u00f0ar","datePublished":"2026-09-05T14:04:53+00:00","dateModified":"2026-09-05T14:30:12+00:00","mainEntityOfPage":{"@id":"https:\/\/iwell-guard.com\/is\/wodjanoi-vatnavaettur-slavneskrar-hefdar\/"},"publisher":{"@id":"https:\/\/iwell-guard.com\/is\/#organization"},"image":{"@id":"https:\/\/iwell-guard.com\/is\/wodjanoi-vatnavaettur-slavneskrar-hefdar\/#primaryimage"},"thumbnailUrl":"https:\/\/iwell-guard.com\/wp-content\/uploads\/2026\/05\/geister_slawisch_wodjanoi.webp","inLanguage":"is","description":"Wodjanoi er karlkyns vatnav\u00e6ttur \u00ed slavneskri \u00fej\u00f3\u00f0tr\u00fa, herra flj\u00f3ta, vatna og myllutjarna. Tr\u00faarfr\u00e6\u00f0ileg umfj\u00f6llun."}]}},"_links":{"self":[{"href":"https:\/\/iwell-guard.com\/is\/wp-json\/wp\/v2\/pages\/169020","targetHints":{"allow":["GET"]}}],"collection":[{"href":"https:\/\/iwell-guard.com\/is\/wp-json\/wp\/v2\/pages"}],"about":[{"href":"https:\/\/iwell-guard.com\/is\/wp-json\/wp\/v2\/types\/page"}],"author":[{"embeddable":true,"href":"https:\/\/iwell-guard.com\/is\/wp-json\/wp\/v2\/users\/3"}],"replies":[{"embeddable":true,"href":"https:\/\/iwell-guard.com\/is\/wp-json\/wp\/v2\/comments?post=169020"}],"version-history":[{"count":0,"href":"https:\/\/iwell-guard.com\/is\/wp-json\/wp\/v2\/pages\/169020\/revisions"}],"wp:featuredmedia":[{"embeddable":true,"href":"https:\/\/iwell-guard.com\/is\/wp-json\/wp\/v2\/media\/3393"}],"wp:attachment":[{"href":"https:\/\/iwell-guard.com\/is\/wp-json\/wp\/v2\/media?parent=169020"}],"wp:term":[{"taxonomy":"category","embeddable":true,"href":"https:\/\/iwell-guard.com\/is\/wp-json\/wp\/v2\/categories?post=169020"}],"curies":[{"name":"wp","href":"https:\/\/api.w.org\/{rel}","templated":true}]}}